{"id":169018,"date":"2026-09-05T14:04:52","date_gmt":"2026-09-05T14:04:52","guid":{"rendered":"https:\/\/iwell-guard.com\/?page_id=169018"},"modified":"2026-09-05T14:30:06","modified_gmt":"2026-09-05T14:30:06","slug":"saivo-heilagur-fjalla-og-vatnaheimur-sama","status":"publish","type":"page","link":"https:\/\/iwell-guard.com\/is\/saivo-heilagur-fjalla-og-vatnaheimur-sama\/","title":{"rendered":"Saivo &#8211; Heilagur fjalla- og vatnaheimur Sama"},"content":{"rendered":"\t\t<div data-elementor-type=\"wp-page\" data-elementor-id=\"169018\" class=\"elementor elementor-169018 elementor-2673 elementor-bc-flex-widget\" data-elementor-post-type=\"page\">\n\t\t\t\t<div class=\"elementor-element elementor-element-iwgw-saivo-hero e-flex e-con-boxed e-con e-parent\" data-id=\"iwgw-saivo-hero\" data-element_type=\"container\" data-e-type=\"container\" data-settings=\"{&quot;background_background&quot;:&quot;classic&quot;}\">\n\t\t\t\t\t<div class=\"e-con-inner\">\n\t\t<div class=\"elementor-element elementor-element-iwgw-saivo-hl e-flex e-con-boxed e-con e-child\" data-id=\"iwgw-saivo-hl\" data-element_type=\"container\" data-e-type=\"container\">\n\t\t\t\t\t<div class=\"e-con-inner\">\n\t\t<div class=\"elementor-element elementor-element-iwgw-saivo-htxt e-con-full e-flex e-con e-child\" data-id=\"iwgw-saivo-htxt\" data-element_type=\"container\" data-e-type=\"container\">\n\t\t\t\t<div class=\"elementor-element elementor-element-iwgw-saivo-h1 elementor-widget elementor-widget-heading\" data-id=\"iwgw-saivo-h1\" data-element_type=\"widget\" data-e-type=\"widget\" data-widget_type=\"heading.default\">\n\t\t\t\t\t<h1 class=\"elementor-heading-title elementor-size-default\">Saivo - Heilagur fjalla- og vatnaheimur Sama og heimkynni hj\u00e1lparanda sjamana<\/h1>\t\t\t\t<\/div>\n\t\t\t\t<div class=\"elementor-element elementor-element-iwgw-saivo-lead elementor-widget elementor-widget-text-editor\" data-id=\"iwgw-saivo-lead\" data-element_type=\"widget\" data-e-type=\"widget\" data-widget_type=\"text-editor.default\">\n\t\t\t\t\t\t\t\t\t<p>Saivo, einnig skrifa\u00f0 S\u00e1jvva e\u00f0a Saaivo, er \u00ed forkristnum <a href=\"https:\/\/iwell-guard.com\/is\/sami-finnsk-ugrisk-hefd-noaidi-tromma\/\">sam\u00edskum<\/a> tr\u00faarbr\u00f6g\u00f0um s\u00e9rstakur andaheimur sem er sta\u00f0settur \u00ed \u00e1kve\u00f0num fj\u00f6llum og undir v\u00f6tnum. H\u00e9r b\u00faa Saivo-andarnir, sem gegna hlutverki pers\u00f3nulegra hj\u00e1lparanda sjamana. Tr\u00faarbrag\u00f0afr\u00e6\u00f0ilega telst Saivo til einna s\u00e9rkennilegustu birtingarmynda sam\u00edskrar <span class=\"iwg-fachbegriff\" data-tooltip=\"Hin fr\u00e6\u00f0ilega kenning um gu\u00f0 og tr\u00fa innan tr\u00faarbrag\u00f0a.\" tabindex=\"0\">gu\u00f0fr\u00e6\u00f0i<\/span>.<\/p>\t\t\t\t\t\t\t\t<\/div>\n\t\t\t\t<\/div>\n\t\t<div class=\"elementor-element elementor-element-iwgw-saivo-pillc e-con-full e-flex e-con e-child\" data-id=\"iwgw-saivo-pillc\" data-element_type=\"container\" data-e-type=\"container\">\n\t\t\t\t<div class=\"elementor-element elementor-element-iwgw-saivo-pills elementor-widget elementor-widget-html\" data-id=\"iwgw-saivo-pills\" data-element_type=\"widget\" data-e-type=\"widget\" data-widget_type=\"html.default\">\n\t\t\t\t\t<div class=\"iwg-pill-row\"><span class=\"iwg-klasse-badge\" tabindex=\"0\" data-tooltip=\"Andi \u00far hef\u00f0 Sama.\">Andi<\/span><a href=\"https:\/\/iwell-guard.com\/is\/sami-finnsk-ugrisk-hefd-noaidi-tromma\/\" class=\"iwg-kultur-badge\" tabindex=\"0\" data-tooltip=\"Go\u00f0afr\u00e6\u00f0i hef\u00f0ar Sama.\">Sami<\/a><span class=\"iwg-tradition-badge\" tabindex=\"0\" data-tooltip=\"Heilagur heimur og heimkynni anda.\">Heilagur heimur og heimkynni anda<\/span><\/div>\t\t\t\t<\/div>\n\t\t\t\t<\/div>\n\t\t<div class=\"elementor-element elementor-element-iwgw-saivo-tocc e-con-full e-flex e-con e-child\" data-id=\"iwgw-saivo-tocc\" data-element_type=\"container\" data-e-type=\"container\">\n\t\t\t\t<div class=\"elementor-element elementor-element-iwgw-saivo-toc elementor-toc--minimized-on-tablet elementor-widget elementor-widget-table-of-contents\" data-id=\"iwgw-saivo-toc\" data-element_type=\"widget\" data-e-type=\"widget\" data-settings=\"{&quot;headings_by_tags&quot;:[&quot;h2&quot;,&quot;h3&quot;],&quot;minimize_box&quot;:&quot;yes&quot;,&quot;marker_view&quot;:&quot;bullets&quot;,&quot;no_headings_message&quot;:&quot;Engar undirfyrirsagnir fundust \\u00e1 \\u00feessari s\\u00ed\\u00f0u.&quot;,&quot;exclude_headings_by_selector&quot;:[],&quot;icon&quot;:{&quot;value&quot;:&quot;fas fa-circle&quot;,&quot;library&quot;:&quot;fa-solid&quot;,&quot;rendered_tag&quot;:&quot;&lt;svg class=\\&quot;e-font-icon-svg e-fas-circle\\&quot; viewBox=\\&quot;0 0 512 512\\&quot; xmlns=\\&quot;http:\\\/\\\/www.w3.org\\\/2000\\\/svg\\&quot;&gt;&lt;path d=\\&quot;M256 8C119 8 8 119 8 256s111 248 248 248 248-111 248-248S393 8 256 8z\\&quot;&gt;&lt;\\\/path&gt;&lt;\\\/svg&gt;&quot;},&quot;minimized_on&quot;:&quot;tablet&quot;,&quot;hierarchical_view&quot;:&quot;yes&quot;,&quot;min_height&quot;:{&quot;unit&quot;:&quot;px&quot;,&quot;size&quot;:&quot;&quot;,&quot;sizes&quot;:[]},&quot;min_height_tablet&quot;:{&quot;unit&quot;:&quot;px&quot;,&quot;size&quot;:&quot;&quot;,&quot;sizes&quot;:[]},&quot;min_height_mobile&quot;:{&quot;unit&quot;:&quot;px&quot;,&quot;size&quot;:&quot;&quot;,&quot;sizes&quot;:[]}}\" data-widget_type=\"table-of-contents.default\">\n\t\t\t\t\t\t\t\t\t<div class=\"elementor-toc__header\">\n\t\t\t\t\t\t<h2 class=\"elementor-toc__header-title\">\n\t\t\t\tEfnisyfirlit\t\t\t<\/h2>\n\t\t\t\t\t\t\t\t\t\t<div class=\"elementor-toc__toggle-button elementor-toc__toggle-button--expand\" role=\"button\" tabindex=\"0\" aria-controls=\"elementor-toc__iwgw-saivo-toc\" aria-expanded=\"true\" aria-label=\"Open table of contents\"><svg aria-hidden=\"true\" class=\"e-font-icon-svg e-fas-chevron-down\" viewBox=\"0 0 448 512\" xmlns=\"http:\/\/www.w3.org\/2000\/svg\"><path d=\"M207.029 381.476L12.686 187.132c-9.373-9.373-9.373-24.569 0-33.941l22.667-22.667c9.357-9.357 24.522-9.375 33.901-.04L224 284.505l154.745-154.021c9.379-9.335 24.544-9.317 33.901.04l22.667 22.667c9.373 9.373 9.373 24.569 0 33.941L240.971 381.476c-9.373 9.372-24.569 9.372-33.942 0z\"><\/path><\/svg><\/div>\n\t\t\t\t<div class=\"elementor-toc__toggle-button elementor-toc__toggle-button--collapse\" role=\"button\" tabindex=\"0\" aria-controls=\"elementor-toc__iwgw-saivo-toc\" aria-expanded=\"true\" aria-label=\"Close table of contents\"><svg aria-hidden=\"true\" class=\"e-font-icon-svg e-fas-chevron-up\" viewBox=\"0 0 448 512\" xmlns=\"http:\/\/www.w3.org\/2000\/svg\"><path d=\"M240.971 130.524l194.343 194.343c9.373 9.373 9.373 24.569 0 33.941l-22.667 22.667c-9.357 9.357-24.522 9.375-33.901.04L224 227.495 69.255 381.516c-9.379 9.335-24.544 9.317-33.901-.04l-22.667-22.667c-9.373-9.373-9.373-24.569 0-33.941L207.03 130.525c9.372-9.373 24.568-9.373 33.941-.001z\"><\/path><\/svg><\/div>\n\t\t\t\t\t<\/div>\n\t\t\t\t<div id=\"elementor-toc__iwgw-saivo-toc\" class=\"elementor-toc__body\">\n\t\t\t<div class=\"elementor-toc__spinner-container\">\n\t\t\t\t<svg class=\"elementor-toc__spinner eicon-animation-spin e-font-icon-svg e-eicon-loading\" aria-hidden=\"true\" viewBox=\"0 0 1000 1000\" xmlns=\"http:\/\/www.w3.org\/2000\/svg\"><path d=\"M500 975V858C696 858 858 696 858 500S696 142 500 142 142 304 142 500H25C25 237 238 25 500 25S975 237 975 500 763 975 500 975Z\"><\/path><\/svg>\t\t\t<\/div>\n\t\t<\/div>\n\t\t\t\t\t\t<\/div>\n\t\t\t\t<\/div>\n\t\t\t\t\t<\/div>\n\t\t\t\t<\/div>\n\t\t<div class=\"elementor-element elementor-element-iwgw-saivo-hr e-con-full e-flex e-con e-child\" data-id=\"iwgw-saivo-hr\" data-element_type=\"container\" data-e-type=\"container\">\n\t\t\t\t<div class=\"elementor-element elementor-element-iwgw-saivo-heroimg iwg-hero-image elementor-widget elementor-widget-image\" data-id=\"iwgw-saivo-heroimg\" data-element_type=\"widget\" data-e-type=\"widget\" data-widget_type=\"image.default\">\n\t\t\t\t\t\t\t\t\t\t\t\t\t\t\t<img fetchpriority=\"high\" decoding=\"async\" width=\"683\" height=\"1024\" src=\"https:\/\/iwell-guard.com\/wp-content\/uploads\/2026\/05\/geister_sami_saivo-683x1024.webp\" class=\"attachment-large size-large wp-image-170770\" alt=\"Saivo - andar \u00far sam\u00edskri hef\u00f0, s\u00f6guleg-myndr\u00e6n\" srcset=\"https:\/\/iwell-guard.com\/wp-content\/uploads\/2026\/05\/geister_sami_saivo-683x1024.webp 683w, https:\/\/iwell-guard.com\/wp-content\/uploads\/2026\/05\/geister_sami_saivo-200x300.webp 200w, https:\/\/iwell-guard.com\/wp-content\/uploads\/2026\/05\/geister_sami_saivo-768x1152.webp 768w, https:\/\/iwell-guard.com\/wp-content\/uploads\/2026\/05\/geister_sami_saivo.webp 1024w\" sizes=\"(max-width: 683px) 100vw, 683px\" \/>\t\t\t\t\t\t\t\t\t\t\t\t\t\t\t<\/div>\n\t\t\t\t<\/div>\n\t\t\t\t\t<\/div>\n\t\t\t\t<\/div>\n\t\t\t\t<section class=\"elementor-section elementor-top-section elementor-element elementor-element-sec-iwgcomp2-saivo elementor-section-boxed elementor-section-height-default elementor-section-height-default\" data-id=\"sec-iwgcomp2-saivo\" data-element_type=\"section\" data-e-type=\"section\">\n\t\t\t\t\t\t<div class=\"elementor-container elementor-column-gap-default\">\n\t\t\t\t\t<div class=\"elementor-column elementor-col-100 elementor-top-column elementor-element elementor-element-col-iwgcomp2-saivo\" data-id=\"col-iwgcomp2-saivo\" data-element_type=\"column\" data-e-type=\"column\">\n\t\t\t<div class=\"elementor-widget-wrap elementor-element-populated\">\n\t\t\t\t\t\t<div class=\"elementor-element elementor-element-iwgcomp2-saivo elementor-widget elementor-widget-text-editor\" data-id=\"iwgcomp2-saivo\" data-element_type=\"widget\" data-e-type=\"widget\" data-widget_type=\"text-editor.default\">\n\t\t\t\t\t\t\t\t\t<p>Saivo er \u00ed sam\u00edskri tr\u00fa heimkynni <strong>hj\u00e1lparanda sjamana<\/strong>, \u00ed heil\u00f6gum fj\u00f6llum og v\u00f6tnum.<\/p>\t\t\t\t\t\t\t\t<\/div>\n\t\t\t\t\t<\/div>\n\t\t<\/div>\n\t\t\t\t\t<\/div>\n\t\t<\/section>\n\t\t<div class=\"elementor-element elementor-element-iwgw-saivo-s0 e-flex e-con-boxed e-con e-parent\" data-id=\"iwgw-saivo-s0\" data-element_type=\"container\" data-e-type=\"container\">\n\t\t\t\t\t<div class=\"e-con-inner\">\n\t\t\t\t<div class=\"elementor-element elementor-element-iwgw-saivo-s0h elementor-widget elementor-widget-heading\" data-id=\"iwgw-saivo-s0h\" data-element_type=\"widget\" data-e-type=\"widget\" data-widget_type=\"heading.default\">\n\t\t\t\t\t<h2 class=\"elementor-heading-title elementor-size-default\">Greining og skammrit<\/h2>\t\t\t\t<\/div>\n\t\t<div class=\"elementor-element elementor-element-iwgw-saivo-s0c e-con-full e-flex e-con e-child\" data-id=\"iwgw-saivo-s0c\" data-element_type=\"container\" data-e-type=\"container\">\n\t\t\t\t<div class=\"elementor-element elementor-element-iwgw-saivo-s0t elementor-widget elementor-widget-text-editor\" data-id=\"iwgw-saivo-s0t\" data-element_type=\"widget\" data-e-type=\"widget\" data-widget_type=\"text-editor.default\">\n\t\t\t\t\t\t\t\t\t<p>Saivo er \u00ed senn tv\u00ed\u00fe\u00e6tt landfr\u00e6\u00f0ileg og tr\u00faarleg skilgreining: heilagur sta\u00f0ur \u00ed landslaginu (heil\u00f6g fj\u00f6ll, heil\u00f6g v\u00f6tn) og heimur anda sem b\u00faa \u00e1 \u00feessum st\u00f6\u00f0um. \u00deessi tv\u00ed\u00fe\u00e6tta skilgreining er tr\u00faarbrag\u00f0afyrirb\u00e6rafr\u00e6\u00f0ilega sj\u00e1lfst\u00e6\u00f0 og a\u00f0greinir Saivo fr\u00e1 hreinum landfr\u00e6\u00f0ilegum e\u00f0a hreinum gu\u00f0fr\u00e6\u00f0ilegum hugmyndum.<\/p><p>Saivo-andarnir eru mikilv\u00e6gustu pers\u00f3nulegu hj\u00e1lparandar sam\u00edskra sjamana (Noaidi). Hver <span class=\"iwg-fachbegriff\" data-tooltip=\"Tr\u00faarlegur s\u00e9rfr\u00e6\u00f0ingur sem talinn er mi\u00f0la milli manna og andaheims.\" tabindex=\"0\">sjaman<\/span> haf\u00f0i einn e\u00f0a fleiri Saivo-hj\u00e1lpara sem studdu hann \u00ed lei\u00f0slu. \u00deessir hj\u00e1lparandar g\u00e1tu teki\u00f0 \u00e1 sig \u00fdmis form: d\u00fdr, mann, <span class=\"iwg-fachbegriff\" data-tooltip=\"Vera sem sameinar einkenni \u00fdmissa l\u00edfvera.\" tabindex=\"0\">samsettar verur<\/span>.<\/p><p>Tr\u00faarbrag\u00f0afr\u00e6\u00f0ilega er Saivo sj\u00e1lfst\u00e6\u00f0 birtingarmynd sem l\u00edkist \u00e1 vissan h\u00e1tt <a href=\"https:\/\/iwell-guard.com\/is\/inuit-og-nordurslodir-sedna-tornit\/\">In\u00fa\u00edta<\/a>-hugmyndinni um Tornarssuk a\u00f0 byggingu, en er \u00f3l\u00edk hva\u00f0 var\u00f0ar landfr\u00e6\u00f0ilega festingu. \u00deessi festing er sj\u00e1lfst\u00e6tt fyrirb\u00e6ri \u00ed tr\u00faarbrag\u00f0afyrirb\u00e6rafr\u00e6\u00f0i og gerir Saivo a\u00f0 s\u00e9rstaklega \u00e1hugaver\u00f0u ranns\u00f3knarefni.<\/p><p>Hinn heilagi fjalla- og vatnaheimur Saivo hefur \u00ed n\u00fdrri ranns\u00f3knum veri\u00f0 tekinn fyrir me\u00f0 brei\u00f0ari a\u00f0fer\u00f0um sem sameina \u00fej\u00f3\u00f0fr\u00e6\u00f0ilega n\u00e1kv\u00e6mni, m\u00e1lfr\u00e6\u00f0ilega frumheimildagagnr\u00fdni og samanbur\u00f0arsj\u00f3narhorn. Sam\u00edskir fr\u00e6\u00f0imenn taka n\u00fa sj\u00e1lfir \u00fe\u00e1tt \u00ed \u00feessari vinnu og lei\u00f0r\u00e9tta eldri vestr\u00e6nar t\u00falkanir sem a\u00f0 hluta b\u00e1ru merki k\u00f3l\u00f3nialisma.<\/p><p>Me\u00f0 tv\u00ed\u00fe\u00e6ttu e\u00f0li s\u00ednu, heil\u00f6gum sta\u00f0 og andaheimi, fellur Saivo inn \u00ed mynstur hringskautsl\u00e6grar tr\u00faarlegrar landfr\u00e6\u00f0i sem endurtekur sig yfir v\u00ed\u00f0fe\u00f0m sv\u00e6\u00f0i. A\u00f0 \u00feetta mynstur haldist st\u00f6\u00f0ugt yfir \u00fe\u00fasundir k\u00edl\u00f3metra telst samanbur\u00f0ar-<span class=\"iwg-fachbegriff\" data-tooltip=\"Fr\u00e6\u00f0igreinin sem rannsakar tr\u00faarbr\u00f6g\u00f0 \u00e1 samanbur\u00f0arh\u00e1tt \u00e1n tr\u00faarlegrar skuldbindingar.\" tabindex=\"0\">tr\u00faarbrag\u00f0afr\u00e6\u00f0i<\/span> til einnar athyglisver\u00f0ustu ni\u00f0urst\u00f6\u00f0u sinnar og er enn til umr\u00e6\u00f0u.<\/p>\t\t\t\t\t\t\t\t<\/div>\n\t\t\t\t<\/div>\n\t\t\t\t\t<\/div>\n\t\t\t\t<\/div>\n\t\t<div class=\"elementor-element elementor-element-iwgw-saivo-s1 e-flex e-con-boxed e-con e-parent\" data-id=\"iwgw-saivo-s1\" data-element_type=\"container\" data-e-type=\"container\">\n\t\t\t\t\t<div class=\"e-con-inner\">\n\t\t\t\t<div class=\"elementor-element elementor-element-iwgw-saivo-s1h elementor-widget elementor-widget-heading\" data-id=\"iwgw-saivo-s1h\" data-element_type=\"widget\" data-e-type=\"widget\" data-widget_type=\"heading.default\">\n\t\t\t\t\t<h2 class=\"elementor-heading-title elementor-size-default\">Nafn og or\u00f0sifjar<\/h2>\t\t\t\t<\/div>\n\t\t<div class=\"elementor-element elementor-element-iwgw-saivo-s1c e-con-full e-flex e-con e-child\" data-id=\"iwgw-saivo-s1c\" data-element_type=\"container\" data-e-type=\"container\">\n\t\t\t\t<div class=\"elementor-element elementor-element-iwgw-saivo-s1t elementor-widget elementor-widget-text-editor\" data-id=\"iwgw-saivo-s1t\" data-element_type=\"widget\" data-e-type=\"widget\" data-widget_type=\"text-editor.default\">\n\t\t\t\t\t\t\t\t\t<p>Uppruni nafnsins Saivo er ekki fullkomlega lj\u00f3s m\u00e1lfr\u00e6\u00f0ilega. Ein tilg\u00e1ta tengir \u00fea\u00f0 vi\u00f0 fornnorr\u00e6nt <em>s\u00e6<\/em>, sem \u00fe\u00fd\u00f0ir haf e\u00f0a vatn, og passar \u00fea\u00f0 vi\u00f0 vatnst\u00e1knfr\u00e6\u00f0ina. \u00d6nnur tilg\u00e1ta gerir r\u00e1\u00f0 fyrir sj\u00e1lfst\u00e6\u00f0ri \u00faralskri r\u00f3t me\u00f0 merkingunni <span class=\"iwg-fachbegriff\" data-tooltip=\"\u00dea\u00f0 sem tilheyrir hinu gu\u00f0lega og er \u00fear me\u00f0 undan\u00feegi\u00f0 hversdagslegri notkun.\" tabindex=\"0\">heilagt<\/span> e\u00f0a fali\u00f0.<\/p><p>M\u00e1lfr\u00e6\u00f0ilega hefur skyldleiki vi\u00f0 finnska or\u00f0i\u00f0 <em>s\u00e4iv\u00f6<\/em>, sem t\u00e1knar svipa\u00f0a heilaga sta\u00f0i, veri\u00f0 til umr\u00e6\u00f0u. \u00deessi tengsl eru tr\u00faarbrag\u00f0afyrirb\u00e6rafr\u00e6\u00f0ilega gagnleg og v\u00edsa til fornrar finn\u00f3-\u00fagr\u00edskrar lagskiptingar.<\/p><p>M\u00e1ll\u00fdskubundnar afbrig\u00f0i eru Saivve \u00ed su\u00f0ursam\u00edsku, S\u00e1jvva \u00ed \u00famesam\u00edsku og S\u00e1ivvu \u00ed nor\u00f0ursam\u00edsku. \u00deessi fj\u00f6lbreytni samsvarar almennri m\u00e1ll\u00fdskuskiptingu sam\u00edsku tungunnar.<\/p><p>Tr\u00faarbrag\u00f0af\u00e9lagsfr\u00e6\u00f0ilega er spurt hva\u00f0a hlutverki Saivo \u00fej\u00f3na\u00f0i \u00ed f\u00e9lagslegri skipan hins hef\u00f0bundna sam\u00edska samf\u00e9lags. \u00dear sem Saivo-andarnir b\u00e1ru fram tr\u00faarlega framkv\u00e6md sem pers\u00f3nulegir hj\u00e1lparar Noaidi-sjamana, var tr\u00faarleg uppbygging samofin samf\u00e9lagsl\u00edfinu.<\/p><p>\u00deessi tengsl myndast sj\u00e1lfst\u00e6tt tr\u00faarlegt-manneskjufr\u00e6\u00f0ilegt ranns\u00f3knarsvi\u00f0 sem s\u00e9rstaklega H\u00e5kan Rydving og Konsta Kaikkonen hafa rannsaka\u00f0 kerfisbundi\u00f0.<\/p><p>Vi\u00f0 \u00feetta b\u00e6tist n\u00faverandi mikilv\u00e6gi Saivo fyrir sam\u00edska sj\u00e1lfsmyndarstj\u00f3rnm\u00e1l. \u00cd kj\u00f6lfar sj\u00e1lfstj\u00f3rnar Sama og al\u00fej\u00f3\u00f0legrar vi\u00f0urkenningar \u00e1 r\u00e9ttindum frumbyggja hafa hinir heil\u00f6gu sta\u00f0ir og andaheimur \u00feeirra fengi\u00f0 aukna s\u00fdnileika a\u00f0 n\u00fdju. Samspil tr\u00faarbrag\u00f0aranns\u00f3kna og p\u00f3lit\u00edskrar vi\u00f0urkenningar er sj\u00e1lfst\u00e6tt ranns\u00f3knarsvi\u00f0 sem hefur fengi\u00f0 aukna athygli undanfarin \u00e1r.<\/p>\t\t\t\t\t\t\t\t<\/div>\n\t\t\t\t<\/div>\n\t\t\t\t\t<\/div>\n\t\t\t\t<\/div>\n\t\t<div class=\"elementor-element elementor-element-iwgw-saivo-s2 e-flex e-con-boxed e-con e-parent\" data-id=\"iwgw-saivo-s2\" data-element_type=\"container\" data-e-type=\"container\">\n\t\t\t\t\t<div class=\"e-con-inner\">\n\t\t\t\t<div class=\"elementor-element elementor-element-iwgw-saivo-s2h elementor-widget elementor-widget-heading\" data-id=\"iwgw-saivo-s2h\" data-element_type=\"widget\" data-e-type=\"widget\" data-widget_type=\"heading.default\">\n\t\t\t\t\t<h2 class=\"elementor-heading-title elementor-size-default\">Landfr\u00e6\u00f0i Saivo-sta\u00f0anna<\/h2>\t\t\t\t<\/div>\n\t\t<div class=\"elementor-element elementor-element-iwgw-saivo-s2c e-con-full e-flex e-con e-child\" data-id=\"iwgw-saivo-s2c\" data-element_type=\"container\" data-e-type=\"container\">\n\t\t\t\t<div class=\"elementor-element elementor-element-iwgw-saivo-s2t elementor-widget elementor-widget-text-editor\" data-id=\"iwgw-saivo-s2t\" data-element_type=\"widget\" data-e-type=\"widget\" data-widget_type=\"text-editor.default\">\n\t\t\t\t\t\t\t\t\t<p>Saivo-sta\u00f0ir eru sta\u00f0settir me\u00f0 \u00e1\u00fereifanlegum h\u00e6tti \u00ed sam\u00edsku landslagi. \u00c1kve\u00f0in fj\u00f6ll, \u00e1kve\u00f0in v\u00f6tn, \u00e1kve\u00f0nar klettamyndanir eru skilgreind sem Saivo. \u00deessir sta\u00f0ir eru vi\u00f0t\u00f6kusta\u00f0ir fyrir f\u00f3rnargjafir og b\u00e6nir.<\/p><p>Einkennandi er hugmyndin um \u00f6fugsn\u00fainn heim undir Saivo-fjallinu e\u00f0a Saivo-vatninu. \u00c1 me\u00f0an Samar b\u00faa \u00e1 yfirbor\u00f0inu, b\u00faa Saivo-andarnir \u00ed speglu\u00f0um heimi undir \u00fev\u00ed. \u00deessi speglunarhugmynd er sj\u00e1lfst\u00e6tt tr\u00faarbrag\u00f0afyrirb\u00e6rafr\u00e6\u00f0ilegt fyrirb\u00e6ri.<\/p><p>\u00c1kve\u00f0nir Saivo-sta\u00f0ir eru \u00fej\u00f3\u00f0fr\u00e6\u00f0ilega skr\u00e1\u00f0ir. \u00deeir liggja \u00e1 hef\u00f0bundnum b\u00fasv\u00e6\u00f0um Sama og eru oft merktir s\u00e9rst\u00f6kum sj\u00f3nr\u00e6num einkennum, svo sem \u00e1berandi klettamyndunum, \u00f3venjulegum v\u00f6tnum e\u00f0a fj\u00f6llum me\u00f0 s\u00e9rst\u00f6ku \u00fatliti.<\/p>\t\t\t\t\t\t\t\t<\/div>\n\t\t\t\t<\/div>\n\t\t\t\t\t<\/div>\n\t\t\t\t<\/div>\n\t\t<div class=\"elementor-element elementor-element-iwgw-saivo-s3 e-flex e-con-boxed e-con e-parent\" data-id=\"iwgw-saivo-s3\" data-element_type=\"container\" data-e-type=\"container\">\n\t\t\t\t\t<div class=\"e-con-inner\">\n\t\t\t\t<div class=\"elementor-element elementor-element-iwgw-saivo-s3h elementor-widget elementor-widget-heading\" data-id=\"iwgw-saivo-s3h\" data-element_type=\"widget\" data-e-type=\"widget\" data-widget_type=\"heading.default\">\n\t\t\t\t\t<h2 class=\"elementor-heading-title elementor-size-default\">Saivo-andarnir sem hj\u00e1lparandar<\/h2>\t\t\t\t<\/div>\n\t\t<div class=\"elementor-element elementor-element-iwgw-saivo-s3c e-con-full e-flex e-con e-child\" data-id=\"iwgw-saivo-s3c\" data-element_type=\"container\" data-e-type=\"container\">\n\t\t\t\t<div class=\"elementor-element elementor-element-iwgw-saivo-s3t elementor-widget elementor-widget-text-editor\" data-id=\"iwgw-saivo-s3t\" data-element_type=\"widget\" data-e-type=\"widget\" data-widget_type=\"text-editor.default\">\n\t\t\t\t\t\t\t\t\t<p>Saivo-andarnir eru pers\u00f3nulegir hj\u00e1lparandar sjamana. \u00deeir geta birst \u00ed \u00fdmsum gervum: Saivo-Lodde sem fugla-<span class=\"iwg-fachbegriff\" data-tooltip=\"L\u00edkamslaus vera sem talin er hafa \u00e1hrif \u00ed heiminum.\" tabindex=\"0\">andi<\/span>, Saivo-Guelie sem fiska-<span class=\"iwg-fachbegriff\" data-tooltip=\"L\u00edkamslaus vera sem talin er hafa \u00e1hrif \u00ed heiminum.\" tabindex=\"0\">andi<\/span>, Saivo-Sarvva sem hreind\u00fdra-<span class=\"iwg-fachbegriff\" data-tooltip=\"L\u00edkamslaus vera sem talin er hafa \u00e1hrif \u00ed heiminum.\" tabindex=\"0\">andi<\/span>, Saivo-Olmm\u00e1i sem manns-<span class=\"iwg-fachbegriff\" data-tooltip=\"L\u00edkamslaus vera sem talin er hafa \u00e1hrif \u00ed heiminum.\" tabindex=\"0\">andi<\/span>.<\/p><p>Hver <span class=\"iwg-fachbegriff\" data-tooltip=\"Tr\u00faarlegur s\u00e9rfr\u00e6\u00f0ingur sem talinn er mi\u00f0la milli manna og andaheimsins.\" tabindex=\"0\">sjamani<\/span> haf\u00f0i einn e\u00f0a fleiri pers\u00f3nulega Saivo-anda sem f\u00e9llu honum \u00ed skaut \u00feegar hann hlaut kall sitt til sjamanisma. \u00deessir hj\u00e1lparandar tengdust sjamananum \u00e6vilangt og g\u00e1tu gengi\u00f0 \u00ed arf til n\u00e6stu kynsl\u00f3\u00f0ar.<\/p><p>V\u00edsindalega er \u00feessi hj\u00e1lparanda-uppbygging skyld <a href=\"https:\/\/iwell-guard.com\/is\/inuit-og-nordurslodir-sedna-tornit\/\">In\u00fa\u00edta<\/a>-hugmyndinni um tornait \u00e1 formfr\u00e6\u00f0ilegan h\u00e1tt (sj\u00e1 <a href=\"https:\/\/iwell-guard.com\/is\/?page_id=169001\">Tornarssuk<\/a>). \u00deessi formfr\u00e6\u00f0ilega samsv\u00f6run er sj\u00e1lfst\u00e6\u00f0 ni\u00f0ursta\u00f0a \u00ed tr\u00faarbrag\u00f0afyrirb\u00e6rafr\u00e6\u00f0i og bendir til hringskautssv\u00e6\u00f0islegra sjaman\u00edskra alheimseinkenna.<\/p>\t\t\t\t\t\t\t\t<\/div>\n\t\t\t\t<\/div>\n\t\t\t\t\t<\/div>\n\t\t\t\t<\/div>\n\t\t<div class=\"elementor-element elementor-element-iwgw-saivo-s4 e-flex e-con-boxed e-con e-parent\" data-id=\"iwgw-saivo-s4\" data-element_type=\"container\" data-e-type=\"container\">\n\t\t\t\t\t<div class=\"e-con-inner\">\n\t\t\t\t<div class=\"elementor-element elementor-element-iwgw-saivo-s4h elementor-widget elementor-widget-heading\" data-id=\"iwgw-saivo-s4h\" data-element_type=\"widget\" data-e-type=\"widget\" data-widget_type=\"heading.default\">\n\t\t\t\t\t<h2 class=\"elementor-heading-title elementor-size-default\">Sjaman\u00edsk i\u00f0kun me\u00f0 Saivo<\/h2>\t\t\t\t<\/div>\n\t\t<div class=\"elementor-element elementor-element-iwgw-saivo-s4c e-con-full e-flex e-con e-child\" data-id=\"iwgw-saivo-s4c\" data-element_type=\"container\" data-e-type=\"container\">\n\t\t\t\t<div class=\"elementor-element elementor-element-iwgw-saivo-s4t elementor-widget elementor-widget-text-editor\" data-id=\"iwgw-saivo-s4t\" data-element_type=\"widget\" data-e-type=\"widget\" data-widget_type=\"text-editor.default\">\n\t\t\t\t\t\t\t\t\t<p>Noaidi-i\u00f0kunin var n\u00e1i\u00f0 tengd Saivo. \u00cd hverri transfer\u00f0 kalla\u00f0i <span class=\"iwg-fachbegriff\" data-tooltip=\"Tr\u00faarlegur s\u00e9rfr\u00e6\u00f0ingur sem talinn er mi\u00f0la milli manna og andaheimsins.\" tabindex=\"0\">sjamaninn<\/span> \u00e1 Saivo-hj\u00e1lpara s\u00edna sem s\u00fdndu honum lei\u00f0ina inn \u00ed hina ver\u00f6ldina. Transinu var n\u00e1\u00f0 fram me\u00f0 trumbu og joik.<\/p><p>Saivo-hj\u00e1lpararnir g\u00e1tu stutt sjamanann \u00ed \u00fdmsum verkefnum: l\u00e6knun sj\u00fakd\u00f3ma, ve\u00f0ursp\u00e1, leit a\u00f0 t\u00fdndum d\u00fdrum, samband vi\u00f0 hina d\u00e1nu \u00ed <a href=\"https:\/\/iwell-guard.com\/is\/?page_id=169017\">Jabmiidaibmu<\/a>. \u00deessi fj\u00f6lbreytni hlutverka er d\u00e6miger\u00f0 fr\u00e1 sj\u00f3narh\u00f3li tr\u00faarbrag\u00f0afyrirb\u00e6rafr\u00e6\u00f0i.<\/p><p>N\u00e1kv\u00e6mar fr\u00e1sagnir af sjaman\u00edskum fer\u00f0um eru vandlega skjalfestar \u00ed heimildum Schefferus, Leems og L\u00e6stadius. \u00deessar fr\u00e1sagnir eru afar mikilv\u00e6gar fyrir tr\u00faarbrag\u00f0a\u00fej\u00f3\u00f0fr\u00e6\u00f0ilega ranns\u00f3kn \u00e1 sam\u00edskri sjaman\u00edskri i\u00f0kun.<\/p>\t\t\t\t\t\t\t\t<\/div>\n\t\t\t\t<\/div>\n\t\t\t\t\t<\/div>\n\t\t\t\t<\/div>\n\t\t<div class=\"elementor-element elementor-element-iwgw-saivo-s5 e-flex e-con-boxed e-con e-parent\" data-id=\"iwgw-saivo-s5\" data-element_type=\"container\" data-e-type=\"container\">\n\t\t\t\t\t<div class=\"e-con-inner\">\n\t\t\t\t<div class=\"elementor-element elementor-element-iwgw-saivo-s5h elementor-widget elementor-widget-heading\" data-id=\"iwgw-saivo-s5h\" data-element_type=\"widget\" data-e-type=\"widget\" data-widget_type=\"heading.default\">\n\t\t\t\t\t<h2 class=\"elementor-heading-title elementor-size-default\">Saivo og hinir d\u00e1nu<\/h2>\t\t\t\t<\/div>\n\t\t<div class=\"elementor-element elementor-element-iwgw-saivo-s5c e-con-full e-flex e-con e-child\" data-id=\"iwgw-saivo-s5c\" data-element_type=\"container\" data-e-type=\"container\">\n\t\t\t\t<div class=\"elementor-element elementor-element-iwgw-saivo-s5t elementor-widget elementor-widget-text-editor\" data-id=\"iwgw-saivo-s5t\" data-element_type=\"widget\" data-e-type=\"widget\" data-widget_type=\"text-editor.default\">\n\t\t\t\t\t\t\t\t\t<p>\u00cd nokkrum heimildum er Saivo l\u00fdst ekki bara sem andaheimi heldur einnig sem dvalarsta\u00f0 \u00e1kve\u00f0inna l\u00e1tinna. Forfe\u00f0ur sjamananna, \u00fe.e. fyrri noaidi, b\u00faa \u00ed Saivo og ver\u00f0a hj\u00e1lparandar eftirkomenda sinna.<\/p><p>\u00deessi hugmynd tengir Saivo vi\u00f0 <a href=\"https:\/\/iwell-guard.com\/is\/?page_id=169017\">Jabmiidaibmu<\/a> \u00ed tv\u00f6faldri ger\u00f0 d\u00e1narheima. Me\u00f0an Jabmiidaibmu er fyrir venjulega d\u00e1na, er Saivo s\u00e9rstakur sta\u00f0ur fyrir forfe\u00f0ur hinna tr\u00faarlega g\u00e6ddu.<\/p><p>V\u00edsindalega er \u00feessi tv\u00f6f\u00f6ldun d\u00e1narheima sj\u00e1lfst\u00e6\u00f0 uppbygging. H\u00fan greinir sam\u00edska hef\u00f0 fr\u00e1 hef\u00f0um me\u00f0 einum sameinu\u00f0um d\u00e1narheimi og er vel \u00fer\u00f3u\u00f0 fr\u00e1 sj\u00f3narh\u00f3li tr\u00faarbrag\u00f0afyrirb\u00e6rafr\u00e6\u00f0i.<\/p>\t\t\t\t\t\t\t\t<\/div>\n\t\t\t\t<\/div>\n\t\t\t\t\t<\/div>\n\t\t\t\t<\/div>\n\t\t<div class=\"elementor-element elementor-element-iwgw-saivo-s6 e-flex e-con-boxed e-con e-parent\" data-id=\"iwgw-saivo-s6\" data-element_type=\"container\" data-e-type=\"container\">\n\t\t\t\t\t<div class=\"e-con-inner\">\n\t\t\t\t<div class=\"elementor-element elementor-element-iwgw-saivo-s6h elementor-widget elementor-widget-heading\" data-id=\"iwgw-saivo-s6h\" data-element_type=\"widget\" data-e-type=\"widget\" data-widget_type=\"heading.default\">\n\t\t\t\t\t<h2 class=\"elementor-heading-title elementor-size-default\">Saivo-bannhelgi og f\u00f3rnari\u00f0kun<\/h2>\t\t\t\t<\/div>\n\t\t<div class=\"elementor-element elementor-element-iwgw-saivo-s6c e-con-full e-flex e-con e-child\" data-id=\"iwgw-saivo-s6c\" data-element_type=\"container\" data-e-type=\"container\">\n\t\t\t\t<div class=\"elementor-element elementor-element-iwgw-saivo-s6t elementor-widget elementor-widget-text-editor\" data-id=\"iwgw-saivo-s6t\" data-element_type=\"widget\" data-e-type=\"widget\" data-widget_type=\"text-editor.default\">\n\t\t\t\t\t\t\t\t\t<p>Saivo-sta\u00f0irnir voru umluktir m\u00f6rgum bannhelgum. S\u00e1 sem heims\u00f3tti Saivo-fjall \u00feurfti a\u00f0 vera <span class=\"iwg-fachbegriff\" data-tooltip=\"Sem tilheyrir fastm\u00f3ta\u00f0ri tr\u00faarlegri ath\u00f6fn.\" tabindex=\"0\">helgisi\u00f0alega<\/span> hreinn, m\u00e1tti ekki nefna \u00e1kve\u00f0in or\u00f0 og \u00feurfti a\u00f0 hafa me\u00f0 s\u00e9r f\u00f3rnargjafir. Brot \u00e1 Saivo-bannhelgi g\u00e1tu leitt til sj\u00fakd\u00f3ms, vei\u00f0i\u00f3farna\u00f0ar e\u00f0a dau\u00f0a.<\/p><p>F\u00f3rnargjafir \u00e1 Saivo-st\u00f6\u00f0um voru a\u00f0 mestu hreind\u00fdrahorn, bein, kl\u00e6\u00f0ar\u00e6mur e\u00f0a litlar \u00fatskornar f\u00edg\u00farur. \u00deessi i\u00f0kun er a\u00f0 nokkru leyti fornleifafr\u00e6\u00f0ilega sta\u00f0festanleg, \u00fev\u00ed f\u00f3rnarleifar hafa fundist \u00e1 nokkrum Saivo-st\u00f6\u00f0um.<\/p><p>Var\u00f0veisla \u00feessarar f\u00f3rnari\u00f0kunar er v\u00edsindalega mikilv\u00e6g. H\u00fan gerir kleift a\u00f0 sta\u00f0festa \u00fej\u00f3\u00f0fr\u00e6\u00f0ilegar skr\u00e1ningar fornleifafr\u00e6\u00f0ilega og gerir Saivo-tr\u00fana a\u00f0 s\u00e9rstaklega vel skjalfestu ranns\u00f3knarefni.<\/p>\t\t\t\t\t\t\t\t<\/div>\n\t\t\t\t<\/div>\n\t\t\t\t\t<\/div>\n\t\t\t\t<\/div>\n\t\t<div class=\"elementor-element elementor-element-iwgw-saivo-s7 e-flex e-con-boxed e-con e-parent\" data-id=\"iwgw-saivo-s7\" data-element_type=\"container\" data-e-type=\"container\">\n\t\t\t\t\t<div class=\"e-con-inner\">\n\t\t\t\t<div class=\"elementor-element elementor-element-iwgw-saivo-s7h elementor-widget elementor-widget-heading\" data-id=\"iwgw-saivo-s7h\" data-element_type=\"widget\" data-e-type=\"widget\" data-widget_type=\"heading.default\">\n\t\t\t\t\t<h2 class=\"elementor-heading-title elementor-size-default\">Samanbur\u00f0ur vi\u00f0 a\u00f0ra andaheima<\/h2>\t\t\t\t<\/div>\n\t\t<div class=\"elementor-element elementor-element-iwgw-saivo-s7c e-con-full e-flex e-con e-child\" data-id=\"iwgw-saivo-s7c\" data-element_type=\"container\" data-e-type=\"container\">\n\t\t\t\t<div class=\"elementor-element elementor-element-iwgw-saivo-s7t elementor-widget elementor-widget-text-editor\" data-id=\"iwgw-saivo-s7t\" data-element_type=\"widget\" data-e-type=\"widget\" data-widget_type=\"text-editor.default\">\n\t\t\t\t\t\t\t\t\t<p>Saivo tilheyrir flokki sta\u00f0bundinna andaheima sem finnast \u00ed fj\u00f6lm\u00f6rgum frumbyggjatr\u00faarbr\u00f6g\u00f0um. Formfr\u00e6\u00f0ilega samb\u00e6rileg eru finnska Tuonela me\u00f0 sta\u00f0fr\u00e6\u00f0ilega bundinni sta\u00f0setningu sinni, heilagfj\u00f6ll nenetsa og manido-heimkynni Nor\u00f0ur-Amer\u00edku.<\/p><p>S\u00e9rsta\u00f0a Saivo felst \u00ed tv\u00f6faldri skilgreiningu \u00feess sem sta\u00f0fr\u00e6\u00f0ilegs sta\u00f0ar og b\u00fasta\u00f0ar pers\u00f3nulegra hj\u00e1lparanda. \u00deessi tv\u00f6falda skilgreining er sj\u00e1lfst\u00e6\u00f0 fr\u00e1 sj\u00f3narh\u00f3li tr\u00faarbrag\u00f0afyrirb\u00e6rafr\u00e6\u00f0i og greinir Saivo fr\u00e1 hreinum sta\u00f0fr\u00e6\u00f0ilegum e\u00f0a hreinum gu\u00f0fr\u00e6\u00f0ilegum ger\u00f0um.<\/p><p>Innan finnsk-\u00fagr\u00edsku hef\u00f0arinnar er Saivo skylt finnsku <em>s\u00e4iv\u00f6<\/em>-hugmyndinni. \u00deessi formfr\u00e6\u00f0ilega skyldleiki bendir til gamals sameiginlegs lags. \u00deetta lag er vel skjalfest fr\u00e1 tr\u00faarbrag\u00f0as\u00f6gulegu sj\u00f3narhorni.<\/p>\t\t\t\t\t\t\t\t<\/div>\n\t\t\t\t<\/div>\n\t\t\t\t\t<\/div>\n\t\t\t\t<\/div>\n\t\t<div class=\"elementor-element elementor-element-iwgw-saivo-s8 e-flex e-con-boxed e-con e-parent\" data-id=\"iwgw-saivo-s8\" data-element_type=\"container\" data-e-type=\"container\">\n\t\t\t\t\t<div class=\"e-con-inner\">\n\t\t\t\t<div class=\"elementor-element elementor-element-iwgw-saivo-s8h elementor-widget elementor-widget-heading\" data-id=\"iwgw-saivo-s8h\" data-element_type=\"widget\" data-e-type=\"widget\" data-widget_type=\"heading.default\">\n\t\t\t\t\t<h2 class=\"elementor-heading-title elementor-size-default\">Ranns\u00f3knir og sta\u00f0a \u00ed dag<\/h2>\t\t\t\t<\/div>\n\t\t<div class=\"elementor-element elementor-element-iwgw-saivo-s8c e-con-full e-flex e-con e-child\" data-id=\"iwgw-saivo-s8c\" data-element_type=\"container\" data-e-type=\"container\">\n\t\t\t\t<div class=\"elementor-element elementor-element-iwgw-saivo-s8t elementor-widget elementor-widget-text-editor\" data-id=\"iwgw-saivo-s8t\" data-element_type=\"widget\" data-e-type=\"widget\" data-widget_type=\"text-editor.default\">\n\t\t\t\t\t\t\t\t\t<p>Ranns\u00f3knir \u00e1 Saivo eru v\u00ed\u00f0fe\u00f0mar. H\u00e5kan Rydving, Juha Pentik\u00e4inen, Anna Lia Berthelsen og Konsta Kaikkonen hafa rannsaka\u00f0 Saivo-<span class=\"iwg-fachbegriff\" data-tooltip=\"V\u00edsindaleg fr\u00e6\u00f0i um Gu\u00f0 og tr\u00fa innan tr\u00faarbrag\u00f0a.\" tabindex=\"0\">gu\u00f0fr\u00e6\u00f0ina<\/span> me\u00f0 kerfisbundnum h\u00e6tti. Fornleifafr\u00e6\u00f0ileg vinna \u00e1 Saivo-st\u00f6\u00f0um b\u00e6tir vi\u00f0 \u00fej\u00f3\u00f0fr\u00e6\u00f0ilegar heimildir.<\/p><p>\u00cd samt\u00edmalegri sam\u00edskri menningarendurvakningu er Saivo mikilv\u00e6g mynd. Heil\u00f6gu fj\u00f6llin og v\u00f6tnin eru n\u00fa varin sem hluti af sam\u00edskri menningararfleif\u00f0, sem er mikilv\u00e6gur \u00e1rangur tr\u00faarbrag\u00f0ap\u00f3lit\u00edskt.<\/p><p>V\u00edsindalega er \u00farvinnsla Saivo afkastamiki\u00f0 ranns\u00f3knarsvi\u00f0. \u00c1\u00fereifanleg ranns\u00f3knarverkefni felast \u00ed fornleifafr\u00e6\u00f0ilegri ranns\u00f3kn \u00e1 fleiri Saivo-st\u00f6\u00f0um og n\u00e1kv\u00e6mri tr\u00faarbrag\u00f0afyrirb\u00e6rafr\u00e6\u00f0ilegri greiningu \u00e1 Saivo-\u00f6ndunum.<\/p>\t\t\t\t\t\t\t\t<\/div>\n\t\t\t\t<\/div>\n\t\t\t\t\t<\/div>\n\t\t\t\t<\/div>\n\t\t<div class=\"elementor-element elementor-element-iwgw-saivo-s9 e-flex e-con-boxed e-con e-parent\" data-id=\"iwgw-saivo-s9\" data-element_type=\"container\" data-e-type=\"container\">\n\t\t\t\t\t<div class=\"e-con-inner\">\n\t\t\t\t<div class=\"elementor-element elementor-element-iwgw-saivo-s9h elementor-widget elementor-widget-heading\" data-id=\"iwgw-saivo-s9h\" data-element_type=\"widget\" data-e-type=\"widget\" data-widget_type=\"heading.default\">\n\t\t\t\t\t<h2 class=\"elementor-heading-title elementor-size-default\">Krossv\u00edsanir \u00ed or\u00f0asafninu<\/h2>\t\t\t\t<\/div>\n\t\t<div class=\"elementor-element elementor-element-iwgw-saivo-s9c e-con-full e-flex e-con e-child\" data-id=\"iwgw-saivo-s9c\" data-element_type=\"container\" data-e-type=\"container\">\n\t\t\t\t<div class=\"elementor-element elementor-element-iwgw-saivo-s9t elementor-widget elementor-widget-text-editor\" data-id=\"iwgw-saivo-s9t\" data-element_type=\"widget\" data-e-type=\"widget\" data-widget_type=\"text-editor.default\">\n\t\t\t\t\t\t\t\t\t<p>Saivo tengist <a href=\"https:\/\/iwell-guard.com\/is\/?page_id=169017\">Jabmiidaibmu<\/a>, <a href=\"https:\/\/iwell-guard.com\/is\/?page_id=169009\">Beaivi<\/a>, <a href=\"https:\/\/iwell-guard.com\/is\/?page_id=169010\">M\u00e1nnu<\/a>, <a href=\"https:\/\/iwell-guard.com\/is\/?page_id=169011\">R\u00e1hka<\/a>, <a href=\"https:\/\/iwell-guard.com\/is\/?page_id=169012\">Stallo<\/a>, <a href=\"https:\/\/iwell-guard.com\/is\/?page_id=169013\">Sara-Akka<\/a>, <a href=\"https:\/\/iwell-guard.com\/is\/?page_id=169014\">Uksakka<\/a>, <a href=\"https:\/\/iwell-guard.com\/is\/?page_id=169015\">Juksakka<\/a> og <a href=\"https:\/\/iwell-guard.com\/is\/?page_id=169016\">Madderakka<\/a>. Menningarhubburinn <a href=\"https:\/\/iwell-guard.com\/is\/sami-finnsk-ugrisk-hefd-noaidi-tromma\/\">Sami-hef\u00f0<\/a> rammar inn hina heil\u00f6gu fjallheima. Skyldar hj\u00e1lparanda-b\u00fasta\u00f0ir finnast \u00ed <a href=\"https:\/\/iwell-guard.com\/is\/inuit-og-nordurslodir-sedna-tornit\/\">In\u00fa\u00edta<\/a>-uppflettir\u00f6\u00f0inni hj\u00e1 <em>Tornarssuk<\/em>.<\/p>\t\t\t\t\t\t\t\t<\/div>\n\t\t\t\t<\/div>\n\t\t\t\t\t<\/div>\n\t\t\t\t<\/div>\n\t\t<div class=\"elementor-element elementor-element-cp2fc47813 e-flex e-con-boxed e-con e-parent\" data-id=\"cp2fc47813\" data-element_type=\"container\" data-e-type=\"container\">\n\t\t\t\t\t<div class=\"e-con-inner\">\n\t\t\t\t<div class=\"elementor-element elementor-element-cp2a94fa09 elementor-widget elementor-widget-heading\" data-id=\"cp2a94fa09\" data-element_type=\"widget\" data-e-type=\"widget\" data-widget_type=\"heading.default\">\n\t\t\t\t\t<h2 class=\"elementor-heading-title elementor-size-default\">Saivo sem sta\u00f0ur og sem andlegt svi\u00f0: um merkingu hugtaksins<\/h2>\t\t\t\t<\/div>\n\t\t<div class=\"elementor-element elementor-element-cp2ffcc7ba e-flex e-con-boxed e-con e-child\" data-id=\"cp2ffcc7ba\" data-element_type=\"container\" data-e-type=\"container\">\n\t\t\t\t\t<div class=\"e-con-inner\">\n\t\t\t\t<div class=\"elementor-element elementor-element-cp2493c457 elementor-widget elementor-widget-text-editor\" data-id=\"cp2493c457\" data-element_type=\"widget\" data-e-type=\"widget\" data-widget_type=\"text-editor.default\">\n\t\t\t\t\t\t\t\t\t<p>Sam\u00edska hugtaki\u00f0 <em>saivo<\/em> (\u00e1 sv\u00e6\u00f0isbundnum tilbrig\u00f0um einnig <em>saiva<\/em>, <em>s\u00e1iva<\/em>) v\u00edsar ekki til eins \u00e1kve\u00f0ins v\u00e6ttar heldur heils sv\u00e6\u00f0is handan hins veraldlega. \u00cd heimildum kemur saivo fram sem svi\u00f0 sem tengt var \u00e1kve\u00f0num heil\u00f6gum v\u00f6tnum, fj\u00f6llum og st\u00f6\u00f0um \u00ed landslaginu.<\/p><p>Einkennandi er hugmyndin um v\u00f6tn me\u00f0 tv\u00f6f\u00f6ldum botni: undir s\u00fdnilegu vatninu liggi anna\u00f0 vatn \u00fear sem eigin heimur me\u00f0 eigin fiskum og v\u00e6ttum s\u00e9 til.<\/p><p>Me\u00f0 Saivo var tengd hugmyndin um a\u00f0 \u00fear byggju <em>saivo<\/em>-v\u00e6ttir, \u00fear \u00e1 me\u00f0al hj\u00e1lparandar <em>noaidi<\/em>, sam\u00edsku tr\u00faarlegu s\u00e9rfr\u00e6\u00f0inganna. \u00deessir andar g\u00e1tu teki\u00f0 \u00e1 sig d\u00fdrsmynd, til d\u00e6mis sem <em>saivo<\/em>-fiskur, <em>saivo<\/em>-fugl e\u00f0a <em>saivo<\/em>-hreind\u00fdr, og a\u00f0sto\u00f0u\u00f0u noaidi \u00ed fer\u00f0um hans til handanheimanna.<\/p><p>\u00c1 sama t\u00edma var Saivo \u00ed sumum sagnaarfss\u00f6gnum talinn dvalarsta\u00f0ur hinna d\u00e1nu e\u00f0a \u00e1kve\u00f0inna forfe\u00f0ra, \u00feannig a\u00f0 hugtaki\u00f0 v\u00edsar til sv\u00e6\u00f0is \u00fear sem andaheimur og heimur hinna d\u00e1nu snertast.<\/p><p>N\u00e1kv\u00e6m afm\u00f6rkun Saivo gagnvart \u00f6\u00f0rum handanheimssvi\u00f0um \u00ed sam\u00edskri <span class=\"iwg-fachbegriff\" data-tooltip=\"Hugmynd um uppbyggingu og skipulag heimsins innan \u00e1kve\u00f0innar menningar.\" tabindex=\"0\">heimsfr\u00e6\u00f0i<\/span> er ekki samr\u00e6md \u00ed heimildum. Auk Saivo eru einnig nefnd undirheimar undir j\u00f6r\u00f0inni og himnesk svi\u00f0, og fr\u00e1sagnirnir stangast a\u00f0 hluta \u00e1.<\/p><p>\u00deetta m\u00e1 annars vegar rekja til sv\u00e6\u00f0isbundinnar fj\u00f6lbreytni sam\u00edskrar tr\u00faar yfir gr\u00ed\u00f0arst\u00f3rt b\u00fasv\u00e6\u00f0i, og hins vegar til brotakenndrar <span class=\"iwg-fachbegriff\" data-tooltip=\"Mi\u00f0lun \u00feekkingar og sagna kynsl\u00f3\u00f0 eftir kynsl\u00f3\u00f0.\" tabindex=\"0\">munnm\u00e6lahef\u00f0ar<\/span> sem s\u00edu\u00f0 var \u00ed gegnum kristna \u00e1horfendur. \u00dea\u00f0 sem h\u00e6gt er a\u00f0 sl\u00e1 f\u00f6stu er a\u00f0 Saivo var mikilv\u00e6gur en hugtakslega \u00f3lj\u00f3s hluti af sam\u00edskri hugmynd um marglaga heim. Svipu\u00f0 hugt\u00f6k um heilaga sta\u00f0i \u00feekkjast einnig hj\u00e1 \u00f6\u00f0rum <a href=\"https:\/\/iwell-guard.com\/is\/sami-finnsk-ugrisk-hefd-noaidi-tromma\/\">nor\u00f0urevras\u00edskum menningarheimum<\/a>.<\/p>\t\t\t\t\t\t\t\t<\/div>\n\t\t\t\t\t<\/div>\n\t\t\t\t<\/div>\n\t\t\t\t\t<\/div>\n\t\t\t\t<\/div>\n\t\t<div class=\"elementor-element elementor-element-cp2a7ae17a e-flex e-con-boxed e-con e-parent\" data-id=\"cp2a7ae17a\" data-element_type=\"container\" data-e-type=\"container\">\n\t\t\t\t\t<div class=\"e-con-inner\">\n\t\t\t\t<div class=\"elementor-element elementor-element-cp2b8c42db elementor-widget elementor-widget-heading\" data-id=\"cp2b8c42db\" data-element_type=\"widget\" data-e-type=\"widget\" data-widget_type=\"heading.default\">\n\t\t\t\t\t<h2 class=\"elementor-heading-title elementor-size-default\">Saivo-andar og sjaman\u00edsk i\u00f0kun: munnm\u00e6lahef\u00f0 sem afskr\u00e6md var af tr\u00fabo\u00f0i<\/h2>\t\t\t\t<\/div>\n\t\t<div class=\"elementor-element elementor-element-cp2ac09e8f e-flex e-con-boxed e-con e-child\" data-id=\"cp2ac09e8f\" data-element_type=\"container\" data-e-type=\"container\">\n\t\t\t\t\t<div class=\"e-con-inner\">\n\t\t\t\t<div class=\"elementor-element elementor-element-cp21d51adc elementor-widget elementor-widget-text-editor\" data-id=\"cp21d51adc\" data-element_type=\"widget\" data-e-type=\"widget\" data-widget_type=\"text-editor.default\">\n\t\t\t\t\t\t\t\t\t<p>Tengsl Saivo vi\u00f0 i\u00f0kun noaidi gera hugtaki\u00f0 mikilv\u00e6gt fyrir tr\u00faarbrag\u00f0afr\u00e6\u00f0i, en samt\u00edmis s\u00e9rstaklega vandme\u00f0fari\u00f0 \u00fat fr\u00e1 heimildagagnr\u00fdni.<\/p><p>N\u00e6r allt sem vita\u00f0 er um saivo-hj\u00e1lparanda kemur \u00far ritum kristinna tr\u00fabo\u00f0a \u00e1 17. og 18. \u00f6ld, sem litu \u00e1 noaidi og trumbu hans sem verkf\u00e6ri dj\u00f6fulsins. Fr\u00e1sagnir um saivo-anda ur\u00f0u \u00fev\u00ed til \u00ed samhengi virkrar bar\u00e1ttu gegn innf\u00e6ddri tr\u00fa.<\/p><p>\u00deessi tilur\u00f0 hefur m\u00f3ta\u00f0 <span class=\"iwg-fachbegriff\" data-tooltip=\"Mi\u00f0lun \u00feekkingar og sagna kynsl\u00f3\u00f0 eftir kynsl\u00f3\u00f0.\" tabindex=\"0\">munnm\u00e6lahef\u00f0ina<\/span> \u00e1 margan h\u00e1tt. \u00cd fyrsta lagi voru saivo-andar dj\u00f6flav\u00e6ddir af \u00e1horfendum og \u00fer\u00f6ngva\u00f0ir inn \u00ed kristi\u00f0 kerfi samnings og andsetningar.<\/p><p>\u00cd \u00f6\u00f0ru lagi h\u00f6f\u00f0u skr\u00e1setjararnir mestan \u00e1huga \u00e1 hinu s\u00e9rstaka og \u00e1berandi, svo sem transi noaidi, me\u00f0an hversdagsleg tengsl Saivo vi\u00f0 landslagi\u00f0 og vei\u00f0ar fengu minni athygli. \u00cd \u00feri\u00f0ja lagi koma margar uppl\u00fdsingar \u00far yfirheyrslum, me\u00f0al annars \u00ed tengslum vi\u00f0 r\u00e9ttarh\u00f6ld gegn sam\u00edskum tr\u00faarlegum s\u00e9rfr\u00e6\u00f0ingum, sem dregur enn frekar \u00far \u00e1rei\u00f0anleika \u00feeirra.<\/p><p>N\u00fdrri ranns\u00f3knir, me\u00f0al annars verk H\u00e5kans Rydving og annarra fr\u00e6\u00f0imanna \u00ed norr\u00e6num fr\u00e6\u00f0um og tr\u00faarbrag\u00f0afr\u00e6\u00f0i, leggja \u00fev\u00ed \u00e1herslu \u00e1 a\u00f0 arfleidda myndin af saivo-\u00f6ndunum megi ekki lesa sem beina spegilmynd sam\u00edskra hugmynda. Sum sm\u00e1atri\u00f0i eru a\u00f0 \u00f6llum l\u00edkindum sm\u00ed\u00f0 tr\u00fabo\u00f0a, \u00f6nnur n\u00e1 a\u00f0 \u00f6llum l\u00edkindum kjarna innf\u00e6ddrar hef\u00f0ar.<\/p><p>S\u00e6milega vel sta\u00f0fest er grunnhugmyndin um Saivo sem andabyggt handanheimssv\u00e6\u00f0i tengt \u00e1kve\u00f0num heil\u00f6gum st\u00f6\u00f0um \u00ed landslaginu. Sm\u00e1atri\u00f0i saivo-andanna og hlutverk \u00feeirra \u00ed i\u00f0kun noaidi eru \u00fe\u00f3 enn h\u00e1\u00f0 talsver\u00f0ri \u00f3vissu.<\/p>\t\t\t\t\t\t\t\t<\/div>\n\t\t\t\t\t<\/div>\n\t\t\t\t<\/div>\n\t\t\t\t\t<\/div>\n\t\t\t\t<\/div>\n\t\t<div class=\"elementor-element elementor-element-iwgw-saivo-lit e-flex e-con-boxed e-con e-parent\" data-id=\"iwgw-saivo-lit\" data-element_type=\"container\" data-e-type=\"container\">\n\t\t\t\t\t<div class=\"e-con-inner\">\n\t\t\t\t<div class=\"elementor-element elementor-element-iwgw-saivo-lith elementor-widget elementor-widget-heading\" data-id=\"iwgw-saivo-lith\" data-element_type=\"widget\" data-e-type=\"widget\" data-widget_type=\"heading.default\">\n\t\t\t\t\t<h2 class=\"elementor-heading-title elementor-size-default\">Heimildir (\u00farval)<\/h2>\t\t\t\t<\/div>\n\t\t<div class=\"elementor-element elementor-element-iwgw-saivo-litc e-con-full e-flex e-con e-child\" data-id=\"iwgw-saivo-litc\" data-element_type=\"container\" data-e-type=\"container\">\n\t\t\t\t<div class=\"elementor-element elementor-element-iwgw-saivo-litt elementor-widget elementor-widget-text-editor\" data-id=\"iwgw-saivo-litt\" data-element_type=\"widget\" data-e-type=\"widget\" data-widget_type=\"text-editor.default\">\n\t\t\t\t\t\t\t\t\t<div data-nosnippet=\"true\"><ul><li>Johannes Schefferus: <em>Lapponia<\/em> (Frankfurt 1673)<\/li><li>Knud Leem: <em>Beskrivelse over Finmarkens Lapper<\/em> (Kopenhagen 1767)<\/li><li>Lars Levi L\u00e6stadius: <em>Fragmenter i lappska mythologien<\/em> (handrit um 1840)<\/li><li>H\u00e5kan Rydving: <em>The End of Drum-Time<\/em> (Uppsala 1993)<\/li><li>Juha Pentik\u00e4inen: <em>Saamelaiset<\/em> (Helsinki 1995)<\/li><li>Konsta Kaikkonen: <em>Sami Pre-Christian Religion<\/em> (Helsinki 2020)<\/li><\/ul><\/div>\t\t\t\t\t\t\t\t<\/div>\n\t\t\t\t<\/div>\n\t\t\t\t\t<\/div>\n\t\t\t\t<\/div>\n\t\t<div class=\"elementor-element elementor-element-iwgkw2-add-saivo e-flex e-con-boxed e-con e-parent\" data-id=\"iwgkw2-add-saivo\" data-element_type=\"container\" data-e-type=\"container\">\n\t\t\t\t\t<div class=\"e-con-inner\">\n\t\t\t\t<div class=\"elementor-element elementor-element-iwgkw2-add-saivo-t elementor-widget elementor-widget-text-editor\" data-id=\"iwgkw2-add-saivo-t\" data-element_type=\"widget\" data-e-type=\"widget\" data-widget_type=\"text-editor.default\">\n\t\t\t\t\t\t\t\t\t<p>Saivo telst \u00ed eldri sam\u00edskri <span class=\"iwg-fachbegriff\" data-tooltip=\"Mi\u00f0lun \u00feekkingar og sagna kynsl\u00f3\u00f0 eftir kynsl\u00f3\u00f0.\" tabindex=\"0\">munnm\u00e6lahef\u00f0<\/span> vera heilagt <em>andaheimili<\/em> innan fjalla og vatna, \u00fear sem forfe\u00f0ur og sjaman\u00edsk hj\u00e1lpard\u00fdr b\u00faa og noaidi heims\u00e6kir \u00ed trumbufer\u00f0um.<\/p>\t\t\t\t\t\t\t\t<\/div>\n\t\t\t\t\t<\/div>\n\t\t\t\t<\/div>\n\t\t<div class=\"elementor-element elementor-element-iwgw-saivo-kwd e-flex e-con-boxed e-con e-parent\" data-id=\"iwgw-saivo-kwd\" data-element_type=\"container\" data-e-type=\"container\">\n\t\t\t\t\t<div class=\"e-con-inner\">\n\t\t<div class=\"elementor-element elementor-element-iwgw-saivo-kwdc e-con-full e-flex e-con e-child\" data-id=\"iwgw-saivo-kwdc\" data-element_type=\"container\" data-e-type=\"container\">\n\t\t\t\t<div class=\"elementor-element elementor-element-iwgw-saivo-kwdt elementor-widget elementor-widget-text-editor\" data-id=\"iwgw-saivo-kwdt\" data-element_type=\"widget\" data-e-type=\"widget\" data-widget_type=\"text-editor.default\">\n\t\t\t\t\t\t\t\t\t<p><em>Tengd lykilhugt\u00f6k: Saivo S\u00e1jvva Saaivo Sami heilagur heimur andab\u00fasta\u00f0ur Noaidi hj\u00e1lparandar.<\/em><\/p>\t\t\t\t\t\t\t\t<\/div>\n\t\t\t\t<\/div>\n\t\t\t\t\t<\/div>\n\t\t\t\t<\/div>\n\t\t<div class=\"elementor-element elementor-element-iwgw-saivo-cc e-flex e-con-boxed e-con e-parent\" data-id=\"iwgw-saivo-cc\" data-element_type=\"container\" data-e-type=\"container\" id=\"iwg-cc-saivo\">\n\t\t\t\t\t<div class=\"e-con-inner\">\n\t\t<div class=\"elementor-element elementor-element-iwgw-saivo-ccinner e-flex e-con-boxed e-con e-parent\" data-id=\"iwgw-saivo-ccinner\" data-element_type=\"container\" data-e-type=\"container\" data-settings=\"{&quot;background_background&quot;:&quot;classic&quot;}\">\n\t\t\t\t\t<div class=\"e-con-inner\">\n\t\t\t\t<div class=\"elementor-element elementor-element-iwgw-saivo-cch elementor-widget elementor-widget-heading\" data-id=\"iwgw-saivo-cch\" data-element_type=\"widget\" data-e-type=\"widget\" data-widget_type=\"heading.default\">\n\t\t\t\t\t<h2 class=\"elementor-heading-title elementor-size-default\">iWell Guard og verndarhef\u00f0ir<\/h2>\t\t\t\t<\/div>\n\t\t\t\t<div class=\"elementor-element elementor-element-iwgw-saivo-cct elementor-widget elementor-widget-text-editor\" data-id=\"iwgw-saivo-cct\" data-element_type=\"widget\" data-e-type=\"widget\" data-widget_type=\"text-editor.default\">\n\t\t\t\t\t\t\t\t\t<div data-nosnippet=\"true\"><p>iWell Guard byggir \u00e1 menningars\u00f6gulegri hef\u00f0 fars\u00edma verndargripa sem borna eru \u00e1 l\u00edkamanum, \u00ed hef\u00f0 <a href=\"https:\/\/iwell-guard.com\/is\/sami-finnsk-ugrisk-hefd-noaidi-tromma\/\">Sama<\/a> og margra annarra menningarheima um allan heim. 41 l\u00f6g, alv\u00f6ru gull, plat\u00edna, silfur, framleitt \u00ed \u00de\u00fdskalandi. 30 daga skilar\u00e9ttur.<\/p><\/div>\t\t\t\t\t\t\t\t<\/div>\n\t\t\t\t<div class=\"elementor-element elementor-element-iwgw-saivo-ccb iwg-cc-button iwg-cc-cta-2026-05-13 elementor-widget elementor-widget-jet-button\" data-id=\"iwgw-saivo-ccb\" data-element_type=\"widget\" data-e-type=\"widget\" data-widget_type=\"jet-button.default\">\n\t\t\t\t<div class=\"elementor-widget-container\">\n\t\t\t\t\t<div class=\"elementor-jet-button jet-elements\"><div class=\"jet-button__container\"><a class=\"jet-button__instance jet-button__instance--icon-left hover-effect-1\" href=\"\/ueber-iwell-guard\/?utm_source=iwell-guard.com&amp;utm_medium=info-box&amp;utm_campaign=wesen-tradition\"><div class=\"jet-button__plane jet-button__plane-normal\"><\/div><div class=\"jet-button__plane jet-button__plane-hover\"><\/div><div class=\"jet-button__state jet-button__state-normal\"><span class=\"jet-button__label\">Meira um iWell Guard<\/span><\/div><div class=\"jet-button__state jet-button__state-hover\"><span class=\"jet-button__label\">Meira um iWell Guard<\/span><\/div><\/a><\/div><\/div><style>.elementor-element.elementor-element-iwgw-saivo-ccb .jet-button__instance{width:320px;height:56px;}.elementor-element.elementor-element-iwgw-saivo-ccb .jet-button__state-normal .jet-button__label{text-align:center;margin:0px 0px 0px 0px;color:#1a1b20;font-family:Montserrat,sans-serif;font-size:13px;font-weight:400;letter-spacing:4px;line-height:1.714em;text-transform:uppercase;}.elementor-element.elementor-element-iwgw-saivo-ccb .jet-button__state-hover .jet-button__label{text-align:center;margin:0px 0px 0px 0px;color:#FECC76;font-family:Montserrat,sans-serif;font-size:13px;font-weight:400;letter-spacing:4px;line-height:1.714em;text-transform:uppercase;}.elementor-element.elementor-element-iwgw-saivo-ccb .jet-button__plane-normal{background-color:#FECC76;border-style:solid;border-color:#C99540;border-width:2px 2px 2px 2px;}.elementor-element.elementor-element-iwgw-saivo-ccb .jet-button__plane-hover{background-color:rgba(0,0,0,0.55);border-style:solid;border-color:#FECC76;border-width:2px 2px 2px 2px;}<\/style>\t\t\t\t<\/div>\n\t\t\t\t<\/div>\n\t\t\t\t<div class=\"elementor-element elementor-element-iwgw-saivo-ccd elementor-widget elementor-widget-text-editor\" data-id=\"iwgw-saivo-ccd\" data-element_type=\"widget\" data-e-type=\"widget\" data-widget_type=\"text-editor.default\">\n\t\t\t\t\t\t\t\t\t<div data-nosnippet=\"true\"><p style=\"text-align:center;font-size:13px;opacity:0.7;margin-top:14px\" data-nosnippet=\"true\">Pers\u00f3nuleg reynsla getur veri\u00f0 mismunandi. Ekki l\u00e6kningat\u00e6ki. Engin lofor\u00f0 um l\u00e6kningu.<\/p><\/div>\t\t\t\t\t\t\t\t<\/div>\n\t\t\t\t\t<\/div>\n\t\t\t\t<\/div>\n\t\t\t\t\t<\/div>\n\t\t\t\t<\/div>\n\t\t<div class=\"elementor-element elementor-element-iwgw-saivo-disc e-flex e-con-boxed e-con e-parent\" data-id=\"iwgw-saivo-disc\" data-element_type=\"container\" data-e-type=\"container\">\n\t\t\t\t\t<div class=\"e-con-inner\">\n\t\t\t\t<div class=\"elementor-element elementor-element-iwgw-saivo-discw elementor-widget elementor-widget-html\" data-id=\"iwgw-saivo-discw\" data-element_type=\"widget\" data-e-type=\"widget\" data-widget_type=\"html.default\">\n\t\t\t\t\t<footer data-nosnippet=\"true\" class=\"iwg-disclaimer-block\"><p data-nosnippet=\"true\">iWell Guard er <strong>ekki l\u00e6kningat\u00e6ki<\/strong> og kemur ekki \u00ed sta\u00f0inn fyrir l\u00e6knis- e\u00f0a s\u00e1lfr\u00e6\u00f0ime\u00f0fer\u00f0. Tr\u00faarfr\u00e6\u00f0ilegt efni er menningars\u00f6gulegt samhengi, ekki r\u00e1\u00f0legging um andlega i\u00f0kun.<\/p><\/footer>\t\t\t\t<\/div>\n\t\t\t\t\t<\/div>\n\t\t\t\t<\/div>\n\t\t\t\t<\/div>\n\t\t","protected":false},"excerpt":{"rendered":"","protected":false},"author":3,"featured_media":2889,"parent":0,"menu_order":0,"comment_status":"closed","ping_status":"closed","template":"elementor_header_footer","meta":{"_yoast_wpseo_focuskw":"Saivo Sami heilagur heimur","_yoast_wpseo_title":"Saivo - Heilagur heimur og andaheimkynni Sama","_yoast_wpseo_metadesc":"Saivo er heilagur fjalla- og vatnaheimur sam\u00edsku tr\u00faarbrag\u00f0anna, heimkynni hj\u00e1lparanda sjamana. Tr\u00faarbrag\u00f0afr\u00e6\u00f0ileg greining.","_yoast_wpseo_meta-robots-noindex":"","_yoast_wpseo_canonical":"","_angie_page":false,"gefaehrdungsstufe":"1","wesen_kultur":"sami","wesen_klasse":"geister","footnotes":""},"categories":[],"class_list":["post-169018","page","type-page","status-publish","has-post-thumbnail","hentry"],"yoast_head":"<!-- This site is optimized with the Yoast SEO Premium plugin v27.7 (Yoast SEO v28.3) - https:\/\/yoast.com\/product\/yoast-seo-premium-wordpress\/ -->\n<title>Saivo - Heilagur heimur og andaheimkynni Sama<\/title>\n<meta name=\"description\" content=\"Saivo er heilagur fjalla- og vatnaheimur sam\u00edsku tr\u00faarbrag\u00f0anna, heimkynni hj\u00e1lparanda sjamana. Tr\u00faarbrag\u00f0afr\u00e6\u00f0ileg greining.\" \/>\n<meta name=\"robots\" content=\"index, follow, max-snippet:-1, max-image-preview:large, max-video-preview:-1\" \/>\n<link rel=\"canonical\" href=\"https:\/\/iwell-guard.com\/is\/saivo-heilagur-fjalla-og-vatnaheimur-sama\/\" \/>\n<meta property=\"og:locale\" content=\"is_IS\" \/>\n<meta property=\"og:type\" content=\"article\" \/>\n<meta property=\"og:title\" content=\"Saivo - Heilagur fjalla- og vatnaheimur Sama\" \/>\n<meta property=\"og:description\" content=\"Saivo er heilagur fjalla- og vatnaheimur sam\u00edsku tr\u00faarbrag\u00f0anna, heimkynni hj\u00e1lparanda sjamana. Tr\u00faarbrag\u00f0afr\u00e6\u00f0ileg greining.\" \/>\n<meta property=\"og:url\" content=\"https:\/\/iwell-guard.com\/is\/saivo-heilagur-fjalla-og-vatnaheimur-sama\/\" \/>\n<meta property=\"og:site_name\" content=\"iWell Guard\" \/>\n<meta property=\"article:modified_time\" content=\"2026-09-05T14:30:06+00:00\" \/>\n<meta property=\"og:image\" content=\"https:\/\/iwell-guard.com\/wp-content\/uploads\/2026\/05\/geister_sami_saivo.webp\" \/>\n\t<meta property=\"og:image:width\" content=\"1024\" \/>\n\t<meta property=\"og:image:height\" content=\"1536\" \/>\n\t<meta property=\"og:image:type\" content=\"image\/webp\" \/>\n<meta name=\"twitter:card\" content=\"summary_large_image\" \/>\n<script type=\"application\/ld+json\" class=\"yoast-schema-graph\">{\"@context\":\"https:\\\/\\\/schema.org\",\"@graph\":[{\"@type\":\"WebPage\",\"@id\":\"https:\\\/\\\/iwell-guard.com\\\/is\\\/saivo-heilagur-fjalla-og-vatnaheimur-sama\\\/\",\"url\":\"https:\\\/\\\/iwell-guard.com\\\/is\\\/saivo-heilagur-fjalla-og-vatnaheimur-sama\\\/\",\"name\":\"Saivo - Heilagur heimur og andaheimkynni Sama\",\"isPartOf\":{\"@id\":\"https:\\\/\\\/iwell-guard.com\\\/is\\\/#website\"},\"primaryImageOfPage\":{\"@id\":\"https:\\\/\\\/iwell-guard.com\\\/is\\\/saivo-heilagur-fjalla-og-vatnaheimur-sama\\\/#primaryimage\"},\"image\":{\"@id\":\"https:\\\/\\\/iwell-guard.com\\\/is\\\/saivo-heilagur-fjalla-og-vatnaheimur-sama\\\/#primaryimage\"},\"thumbnailUrl\":\"https:\\\/\\\/iwell-guard.com\\\/wp-content\\\/uploads\\\/2026\\\/05\\\/geister_sami_saivo.webp\",\"datePublished\":\"2026-09-05T14:04:52+00:00\",\"dateModified\":\"2026-09-05T14:30:06+00:00\",\"description\":\"Saivo er heilagur fjalla- og vatnaheimur sam\u00edsku tr\u00faarbrag\u00f0anna, heimkynni hj\u00e1lparanda sjamana. Tr\u00faarbrag\u00f0afr\u00e6\u00f0ileg greining.\",\"breadcrumb\":{\"@id\":\"https:\\\/\\\/iwell-guard.com\\\/is\\\/saivo-heilagur-fjalla-og-vatnaheimur-sama\\\/#breadcrumb\"},\"inLanguage\":\"is\",\"potentialAction\":[{\"@type\":\"ReadAction\",\"target\":[\"https:\\\/\\\/iwell-guard.com\\\/is\\\/saivo-heilagur-fjalla-og-vatnaheimur-sama\\\/\"]}]},{\"@type\":\"ImageObject\",\"inLanguage\":\"is\",\"@id\":\"https:\\\/\\\/iwell-guard.com\\\/is\\\/saivo-heilagur-fjalla-og-vatnaheimur-sama\\\/#primaryimage\",\"url\":\"https:\\\/\\\/iwell-guard.com\\\/wp-content\\\/uploads\\\/2026\\\/05\\\/geister_sami_saivo.webp\",\"contentUrl\":\"https:\\\/\\\/iwell-guard.com\\\/wp-content\\\/uploads\\\/2026\\\/05\\\/geister_sami_saivo.webp\",\"width\":1024,\"height\":1536,\"caption\":\"Andar \u00far sam\u00edskri hef\u00f0.\"},{\"@type\":\"BreadcrumbList\",\"@id\":\"https:\\\/\\\/iwell-guard.com\\\/is\\\/saivo-heilagur-fjalla-og-vatnaheimur-sama\\\/#breadcrumb\",\"itemListElement\":[{\"@type\":\"ListItem\",\"position\":1,\"name\":\"Start\",\"item\":\"https:\\\/\\\/iwell-guard.com\\\/is\\\/?page_id=168580\"},{\"@type\":\"ListItem\",\"position\":2,\"name\":\"Saivo &#8211; Heilagur fjalla- og vatnaheimur Sama\"}]},{\"@type\":\"WebSite\",\"@id\":\"https:\\\/\\\/iwell-guard.com\\\/is\\\/#website\",\"url\":\"https:\\\/\\\/iwell-guard.com\\\/is\\\/\",\"name\":\"iWell Guard\",\"description\":\"Schutz vor dunklen Einfl\u00fcssen\",\"publisher\":{\"@id\":\"https:\\\/\\\/iwell-guard.com\\\/is\\\/#organization\"},\"potentialAction\":[{\"@type\":\"SearchAction\",\"target\":{\"@type\":\"EntryPoint\",\"urlTemplate\":\"https:\\\/\\\/iwell-guard.com\\\/is\\\/?s={search_term_string}\"},\"query-input\":{\"@type\":\"PropertyValueSpecification\",\"valueRequired\":true,\"valueName\":\"search_term_string\"}}],\"inLanguage\":\"is\"},{\"@type\":\"Organization\",\"@id\":\"https:\\\/\\\/iwell-guard.com\\\/is\\\/#organization\",\"name\":\"Ittermann electronic GmbH\",\"url\":\"https:\\\/\\\/iwell-guard.com\\\/is\\\/\",\"logo\":{\"@type\":\"ImageObject\",\"inLanguage\":\"is\",\"@id\":\"https:\\\/\\\/iwell-guard.com\\\/is\\\/#\\\/schema\\\/logo\\\/image\\\/\",\"url\":\"https:\\\/\\\/iwell-guard.com\\\/wp-content\\\/uploads\\\/2026\\\/05\\\/Ittermann-Logo-1182x237-1.png\",\"contentUrl\":\"https:\\\/\\\/iwell-guard.com\\\/wp-content\\\/uploads\\\/2026\\\/05\\\/Ittermann-Logo-1182x237-1.png\",\"width\":1182,\"height\":237,\"caption\":\"Ittermann electronic GmbH\"},\"image\":{\"@id\":\"https:\\\/\\\/iwell-guard.com\\\/is\\\/#\\\/schema\\\/logo\\\/image\\\/\"},\"sameAs\":[\"https:\\\/\\\/pantip.com\\\/profile\\\/9367242\",\"https:\\\/\\\/micro.blog\\\/iwellguard\",\"https:\\\/\\\/www.diggerslist.com\\\/iwellguard\\\/about\",\"https:\\\/\\\/skitterphoto.com\\\/photographers\\\/2870314\\\/iwell-guard\",\"https:\\\/\\\/iwellguard.wordpress.com\\\/2026\\\/06\\\/06\\\/iwell-guard\\\/\",\"https:\\\/\\\/hub.docker.com\\\/u\\\/iwellguard\",\"https:\\\/\\\/www.pinterest.com\\\/iwellguard\\\/\",\"https:\\\/\\\/bit.ly\\\/m\\\/iwellguard\",\"https:\\\/\\\/entre-vos-mains.alsace.eu\\\/profiles\\\/iwellguard\\\/activity\",\"https:\\\/\\\/gravatar.com\\\/reallybeded8fd34\",\"https:\\\/\\\/naijamatta.com\\\/iwellguard\",\"https:\\\/\\\/www.goodreads.com\\\/iwellguard\",\"https:\\\/\\\/profile.hatena.ne.jp\\\/iwellguard\\\/\",\"https:\\\/\\\/experiment.com\\\/users\\\/iwellguard\",\"https:\\\/\\\/wakelet.com\\\/@iWellGuard82270\",\"https:\\\/\\\/www.chordie.com\\\/forum\\\/profile.php?id=2555664\",\"https:\\\/\\\/www.instapaper.com\\\/p\\\/17757966\",\"https:\\\/\\\/www.mapleprimes.com\\\/users\\\/iwellguard\",\"https:\\\/\\\/businesslistingplus.com\\\/profile\\\/iwell-guard\\\/\",\"https:\\\/\\\/telegra.ph\\\/iWell-Guard-06-06\",\"https:\\\/\\\/pbase.com\\\/iwellguard\\\/iwellguard\",\"https:\\\/\\\/b.hatena.ne.jp\\\/iwellguard\\\/20260607#bookmark-4788405196491818882\",\"https:\\\/\\\/fliphtml5.com\\\/home\\\/iwellguard\",\"https:\\\/\\\/anyflip.com\\\/homepage\\\/cmiwl#About\",\"https:\\\/\\\/transfur.com\\\/Users\\\/iwellguard\",\"http:\\\/\\\/delphi.larsbo.org\\\/user\\\/iwellguard\",\"https:\\\/\\\/jobs.lajobsportal.org\\\/profiles\\\/8380803-iwell-guard\",\"https:\\\/\\\/md.chaosdorf.de\\\/s\\\/jfbe5SBdJD\",\"https:\\\/\\\/www.lingvolive.com\\\/en-us\\\/profile\\\/9ecaeaca-ce11-4e51-9e71-01d55e2bff36\\\/translations\",\"https:\\\/\\\/www.fitday.com\\\/fitness\\\/forums\\\/members\\\/iwellguard.html\",\"https:\\\/\\\/www.mymeetbook.com\\\/iwellguard\",\"https:\\\/\\\/pxhere.com\\\/en\\\/photographer-me\\\/5040798\",\"https:\\\/\\\/disqus.com\\\/by\\\/iwellguard\\\/about\\\/\",\"https:\\\/\\\/pastelink.net\\\/hjwciqwq\",\"https:\\\/\\\/pubhtml5.com\\\/homepage\\\/scjhn\\\/\",\"https:\\\/\\\/www.bitchute.com\\\/channel\\\/2O2eOKzNqujT\",\"https:\\\/\\\/audiomack.com\\\/iwellguard\"]},{\"@type\":\"Article\",\"@id\":\"https:\\\/\\\/iwell-guard.com\\\/is\\\/saivo-heilagur-fjalla-og-vatnaheimur-sama\\\/#article\",\"isPartOf\":{\"@id\":\"https:\\\/\\\/iwell-guard.com\\\/is\\\/saivo-heilagur-fjalla-og-vatnaheimur-sama\\\/\"},\"author\":{\"name\":\"Ralf Ittermann\",\"@id\":\"https:\\\/\\\/iwell-guard.com\\\/is\\\/#\\\/schema\\\/person\\\/ee2a27f1cac3406c7c6fb5820cb7349f\"},\"headline\":\"Saivo &#8211; Heilagur fjalla- og vatnaheimur Sama\",\"datePublished\":\"2026-09-05T14:04:52+00:00\",\"dateModified\":\"2026-09-05T14:30:06+00:00\",\"mainEntityOfPage\":{\"@id\":\"https:\\\/\\\/iwell-guard.com\\\/is\\\/saivo-heilagur-fjalla-og-vatnaheimur-sama\\\/\"},\"publisher\":{\"@id\":\"https:\\\/\\\/iwell-guard.com\\\/is\\\/#organization\"},\"image\":{\"@id\":\"https:\\\/\\\/iwell-guard.com\\\/is\\\/saivo-heilagur-fjalla-og-vatnaheimur-sama\\\/#primaryimage\"},\"thumbnailUrl\":\"https:\\\/\\\/iwell-guard.com\\\/wp-content\\\/uploads\\\/2026\\\/05\\\/geister_sami_saivo.webp\",\"inLanguage\":\"is\",\"description\":\"Saivo er heilagur fjalla- og vatnaheimur sam\u00edsku tr\u00faarbrag\u00f0anna, heimkynni hj\u00e1lparanda sjamana. Tr\u00faarbrag\u00f0afr\u00e6\u00f0ileg greining.\"}]}<\/script>\n<!-- \/ Yoast SEO Premium plugin. -->","yoast_head_json":{"title":"Saivo - Heilagur heimur og andaheimkynni Sama","description":"Saivo er heilagur fjalla- og vatnaheimur sam\u00edsku tr\u00faarbrag\u00f0anna, heimkynni hj\u00e1lparanda sjamana. Tr\u00faarbrag\u00f0afr\u00e6\u00f0ileg greining.","robots":{"index":"index","follow":"follow","max-snippet":"max-snippet:-1","max-image-preview":"max-image-preview:large","max-video-preview":"max-video-preview:-1"},"canonical":"https:\/\/iwell-guard.com\/is\/saivo-heilagur-fjalla-og-vatnaheimur-sama\/","og_locale":"is_IS","og_type":"article","og_title":"Saivo - Heilagur fjalla- og vatnaheimur Sama","og_description":"Saivo er heilagur fjalla- og vatnaheimur sam\u00edsku tr\u00faarbrag\u00f0anna, heimkynni hj\u00e1lparanda sjamana. Tr\u00faarbrag\u00f0afr\u00e6\u00f0ileg greining.","og_url":"https:\/\/iwell-guard.com\/is\/saivo-heilagur-fjalla-og-vatnaheimur-sama\/","og_site_name":"iWell Guard","article_modified_time":"2026-09-05T14:30:06+00:00","og_image":[{"width":1024,"height":1536,"url":"https:\/\/iwell-guard.com\/wp-content\/uploads\/2026\/05\/geister_sami_saivo.webp","type":"image\/webp"}],"twitter_card":"summary_large_image","schema":{"@context":"https:\/\/schema.org","@graph":[{"@type":"Article","@id":"https:\/\/iwell-guard.com\/is\/saivo-heilagur-fjalla-og-vatnaheimur-sama\/#article","isPartOf":{"@id":"https:\/\/iwell-guard.com\/is\/saivo-heilagur-fjalla-og-vatnaheimur-sama\/"},"author":{"name":"Ralf Ittermann","@id":"https:\/\/iwell-guard.com\/is\/#\/schema\/person\/ee2a27f1cac3406c7c6fb5820cb7349f"},"headline":"Saivo &#8211; Heilagur fjalla- og vatnaheimur Sama","datePublished":"2026-09-05T14:04:52+00:00","dateModified":"2026-09-05T14:30:06+00:00","mainEntityOfPage":{"@id":"https:\/\/iwell-guard.com\/is\/saivo-heilagur-fjalla-og-vatnaheimur-sama\/"},"publisher":{"@id":"https:\/\/iwell-guard.com\/is\/#organization"},"image":{"@id":"https:\/\/iwell-guard.com\/is\/saivo-heilagur-fjalla-og-vatnaheimur-sama\/#primaryimage"},"thumbnailUrl":"https:\/\/iwell-guard.com\/wp-content\/uploads\/2026\/05\/geister_sami_saivo.webp","inLanguage":"is","description":"Saivo er heilagur fjalla- og vatnaheimur sam\u00edsku tr\u00faarbrag\u00f0anna, heimkynni hj\u00e1lparanda sjamana. Tr\u00faarbrag\u00f0afr\u00e6\u00f0ileg greining."},{"@type":"WebPage","@id":"https:\/\/iwell-guard.com\/is\/saivo-heilagur-fjalla-og-vatnaheimur-sama\/","url":"https:\/\/iwell-guard.com\/is\/saivo-heilagur-fjalla-og-vatnaheimur-sama\/","name":"Saivo - Heilagur heimur og andaheimkynni Sama","isPartOf":{"@id":"https:\/\/iwell-guard.com\/is\/#website"},"primaryImageOfPage":{"@id":"https:\/\/iwell-guard.com\/is\/saivo-heilagur-fjalla-og-vatnaheimur-sama\/#primaryimage"},"image":{"@id":"https:\/\/iwell-guard.com\/is\/saivo-heilagur-fjalla-og-vatnaheimur-sama\/#primaryimage"},"thumbnailUrl":"https:\/\/iwell-guard.com\/wp-content\/uploads\/2026\/05\/geister_sami_saivo.webp","datePublished":"2026-09-05T14:04:52+00:00","dateModified":"2026-09-05T14:30:06+00:00","description":"Saivo er heilagur fjalla- og vatnaheimur sam\u00edsku tr\u00faarbrag\u00f0anna, heimkynni hj\u00e1lparanda sjamana. Tr\u00faarbrag\u00f0afr\u00e6\u00f0ileg greining.","breadcrumb":{"@id":"https:\/\/iwell-guard.com\/is\/saivo-heilagur-fjalla-og-vatnaheimur-sama\/#breadcrumb"},"inLanguage":"is","potentialAction":[{"@type":"ReadAction","target":["https:\/\/iwell-guard.com\/is\/saivo-heilagur-fjalla-og-vatnaheimur-sama\/"]}]},{"@type":"ImageObject","inLanguage":"is","@id":"https:\/\/iwell-guard.com\/is\/saivo-heilagur-fjalla-og-vatnaheimur-sama\/#primaryimage","url":"https:\/\/iwell-guard.com\/wp-content\/uploads\/2026\/05\/geister_sami_saivo.webp","contentUrl":"https:\/\/iwell-guard.com\/wp-content\/uploads\/2026\/05\/geister_sami_saivo.webp","width":1024,"height":1536,"caption":"Andar \u00far sam\u00edskri hef\u00f0."},{"@type":"BreadcrumbList","@id":"https:\/\/iwell-guard.com\/is\/saivo-heilagur-fjalla-og-vatnaheimur-sama\/#breadcrumb","itemListElement":[{"@type":"ListItem","position":1,"name":"Start","item":"https:\/\/iwell-guard.com\/is\/?page_id=168580"},{"@type":"ListItem","position":2,"name":"Saivo &#8211; Heilagur fjalla- og vatnaheimur Sama"}]},{"@type":"WebSite","@id":"https:\/\/iwell-guard.com\/is\/#website","url":"https:\/\/iwell-guard.com\/is\/","name":"iWell Guard","description":"Schutz vor dunklen Einfl\u00fcssen","publisher":{"@id":"https:\/\/iwell-guard.com\/is\/#organization"},"potentialAction":[{"@type":"SearchAction","target":{"@type":"EntryPoint","urlTemplate":"https:\/\/iwell-guard.com\/is\/?s={search_term_string}"},"query-input":{"@type":"PropertyValueSpecification","valueRequired":true,"valueName":"search_term_string"}}],"inLanguage":"is"},{"@type":"Organization","@id":"https:\/\/iwell-guard.com\/is\/#organization","name":"Ittermann electronic GmbH","url":"https:\/\/iwell-guard.com\/is\/","logo":{"@type":"ImageObject","inLanguage":"is","@id":"https:\/\/iwell-guard.com\/is\/#\/schema\/logo\/image\/","url":"https:\/\/iwell-guard.com\/wp-content\/uploads\/2026\/05\/Ittermann-Logo-1182x237-1.png","contentUrl":"https:\/\/iwell-guard.com\/wp-content\/uploads\/2026\/05\/Ittermann-Logo-1182x237-1.png","width":1182,"height":237,"caption":"Ittermann electronic GmbH"},"image":{"@id":"https:\/\/iwell-guard.com\/is\/#\/schema\/logo\/image\/"},"sameAs":["https:\/\/pantip.com\/profile\/9367242","https:\/\/micro.blog\/iwellguard","https:\/\/www.diggerslist.com\/iwellguard\/about","https:\/\/skitterphoto.com\/photographers\/2870314\/iwell-guard","https:\/\/iwellguard.wordpress.com\/2026\/06\/06\/iwell-guard\/","https:\/\/hub.docker.com\/u\/iwellguard","https:\/\/www.pinterest.com\/iwellguard\/","https:\/\/bit.ly\/m\/iwellguard","https:\/\/entre-vos-mains.alsace.eu\/profiles\/iwellguard\/activity","https:\/\/gravatar.com\/reallybeded8fd34","https:\/\/naijamatta.com\/iwellguard","https:\/\/www.goodreads.com\/iwellguard","https:\/\/profile.hatena.ne.jp\/iwellguard\/","https:\/\/experiment.com\/users\/iwellguard","https:\/\/wakelet.com\/@iWellGuard82270","https:\/\/www.chordie.com\/forum\/profile.php?id=2555664","https:\/\/www.instapaper.com\/p\/17757966","https:\/\/www.mapleprimes.com\/users\/iwellguard","https:\/\/businesslistingplus.com\/profile\/iwell-guard\/","https:\/\/telegra.ph\/iWell-Guard-06-06","https:\/\/pbase.com\/iwellguard\/iwellguard","https:\/\/b.hatena.ne.jp\/iwellguard\/20260607#bookmark-4788405196491818882","https:\/\/fliphtml5.com\/home\/iwellguard","https:\/\/anyflip.com\/homepage\/cmiwl#About","https:\/\/transfur.com\/Users\/iwellguard","http:\/\/delphi.larsbo.org\/user\/iwellguard","https:\/\/jobs.lajobsportal.org\/profiles\/8380803-iwell-guard","https:\/\/md.chaosdorf.de\/s\/jfbe5SBdJD","https:\/\/www.lingvolive.com\/en-us\/profile\/9ecaeaca-ce11-4e51-9e71-01d55e2bff36\/translations","https:\/\/www.fitday.com\/fitness\/forums\/members\/iwellguard.html","https:\/\/www.mymeetbook.com\/iwellguard","https:\/\/pxhere.com\/en\/photographer-me\/5040798","https:\/\/disqus.com\/by\/iwellguard\/about\/","https:\/\/pastelink.net\/hjwciqwq","https:\/\/pubhtml5.com\/homepage\/scjhn\/","https:\/\/www.bitchute.com\/channel\/2O2eOKzNqujT","https:\/\/audiomack.com\/iwellguard"]},{"@type":"Person","@id":"https:\/\/iwell-guard.com\/is\/#\/schema\/person\/ee2a27f1cac3406c7c6fb5820cb7349f","name":"Ralf Ittermann","image":{"@type":"ImageObject","inLanguage":"is","@id":"https:\/\/secure.gravatar.com\/avatar\/073c0153e350a5005b68eb752b445fea71f6b24a26da9449ad7e155e6b446c9d?s=96&d=mm&r=g","url":"https:\/\/secure.gravatar.com\/avatar\/073c0153e350a5005b68eb752b445fea71f6b24a26da9449ad7e155e6b446c9d?s=96&d=mm&r=g","contentUrl":"https:\/\/secure.gravatar.com\/avatar\/073c0153e350a5005b68eb752b445fea71f6b24a26da9449ad7e155e6b446c9d?s=96&d=mm&r=g","caption":"Ralf Ittermann"},"givenName":"Ralf","familyName":"Ittermann","jobTitle":"Gesch\u00e4ftsf\u00fchrer und redaktioneller Verantwortlicher","url":"https:\/\/iwell-guard.com\/is\/author\/claude\/","description":"Ralf Ittermann ist Gesch\u00e4ftsf\u00fchrer der Ittermann electronic GmbH und redaktioneller Verantwortlicher des iWell-Guard-Lexikons. Er verbindet langj\u00e4hrige Erfahrung in der Pr\u00e4zisionsfertigung mit medialer Praxis und religionsgeschichtlicher Quellenarbeit.","worksFor":{"@type":"Organization","name":"Ittermann electronic GmbH","url":"https:\/\/ittermann.de\/","address":{"@type":"PostalAddress","streetAddress":"K\u00f6hlergasse 16-18","postalCode":"99842","addressLocality":"Ruhla","addressCountry":"DE"}},"knowsAbout":["Religionsgeschichte","Mythologie","Mediale Praxis","Energetische Diagnostik","Schutzpraxis","Volksglauben","Westliche Esoterik"]},{"@type":"Article","@id":"https:\/\/iwell-guard.com\/is\/saivo-heilagur-fjalla-og-vatnaheimur-sama\/#article","isPartOf":{"@id":"https:\/\/iwell-guard.com\/is\/saivo-heilagur-fjalla-og-vatnaheimur-sama\/"},"author":{"name":"Ralf Ittermann","@id":"https:\/\/iwell-guard.com\/is\/#\/schema\/person\/ee2a27f1cac3406c7c6fb5820cb7349f"},"headline":"Saivo &#8211; Heilagur fjalla- og vatnaheimur Sama","datePublished":"2026-09-05T14:04:52+00:00","dateModified":"2026-09-05T14:30:06+00:00","mainEntityOfPage":{"@id":"https:\/\/iwell-guard.com\/is\/saivo-heilagur-fjalla-og-vatnaheimur-sama\/"},"publisher":{"@id":"https:\/\/iwell-guard.com\/is\/#organization"},"image":{"@id":"https:\/\/iwell-guard.com\/is\/saivo-heilagur-fjalla-og-vatnaheimur-sama\/#primaryimage"},"thumbnailUrl":"https:\/\/iwell-guard.com\/wp-content\/uploads\/2026\/05\/geister_sami_saivo.webp","inLanguage":"is","description":"Saivo er heilagur fjalla- og vatnaheimur sam\u00edsku tr\u00faarbrag\u00f0anna, heimkynni hj\u00e1lparanda sjamana. Tr\u00faarbrag\u00f0afr\u00e6\u00f0ileg greining."}]}},"_links":{"self":[{"href":"https:\/\/iwell-guard.com\/is\/wp-json\/wp\/v2\/pages\/169018","targetHints":{"allow":["GET"]}}],"collection":[{"href":"https:\/\/iwell-guard.com\/is\/wp-json\/wp\/v2\/pages"}],"about":[{"href":"https:\/\/iwell-guard.com\/is\/wp-json\/wp\/v2\/types\/page"}],"author":[{"embeddable":true,"href":"https:\/\/iwell-guard.com\/is\/wp-json\/wp\/v2\/users\/3"}],"replies":[{"embeddable":true,"href":"https:\/\/iwell-guard.com\/is\/wp-json\/wp\/v2\/comments?post=169018"}],"version-history":[{"count":0,"href":"https:\/\/iwell-guard.com\/is\/wp-json\/wp\/v2\/pages\/169018\/revisions"}],"wp:featuredmedia":[{"embeddable":true,"href":"https:\/\/iwell-guard.com\/is\/wp-json\/wp\/v2\/media\/2889"}],"wp:attachment":[{"href":"https:\/\/iwell-guard.com\/is\/wp-json\/wp\/v2\/media?parent=169018"}],"wp:term":[{"taxonomy":"category","embeddable":true,"href":"https:\/\/iwell-guard.com\/is\/wp-json\/wp\/v2\/categories?post=169018"}],"curies":[{"name":"wp","href":"https:\/\/api.w.org\/{rel}","templated":true}]}}