{"id":169017,"date":"2026-09-05T14:04:51","date_gmt":"2026-09-05T14:04:51","guid":{"rendered":"https:\/\/iwell-guard.com\/?page_id=169017"},"modified":"2026-09-05T14:29:59","modified_gmt":"2026-09-05T14:29:59","slug":"jabmiidaibmu-danarheimur-samar","status":"publish","type":"page","link":"https:\/\/iwell-guard.com\/is\/jabmiidaibmu-danarheimur-samar\/","title":{"rendered":"Jabmiidaibmu &#8211; d\u00e1narheimur og r\u00edki hinna framli\u00f0nu me\u00f0al Sama"},"content":{"rendered":"\t\t<div data-elementor-type=\"wp-page\" data-elementor-id=\"169017\" class=\"elementor elementor-169017 elementor-2672 elementor-bc-flex-widget\" data-elementor-post-type=\"page\">\n\t\t\t\t<div class=\"elementor-element elementor-element-iwgw-jabmiidaib-hero e-flex e-con-boxed e-con e-parent\" data-id=\"iwgw-jabmiidaib-hero\" data-element_type=\"container\" data-e-type=\"container\" data-settings=\"{&quot;background_background&quot;:&quot;classic&quot;}\">\n\t\t\t\t\t<div class=\"e-con-inner\">\n\t\t<div class=\"elementor-element elementor-element-iwgw-jabmiidaib-hl e-flex e-con-boxed e-con e-child\" data-id=\"iwgw-jabmiidaib-hl\" data-element_type=\"container\" data-e-type=\"container\">\n\t\t\t\t\t<div class=\"e-con-inner\">\n\t\t<div class=\"elementor-element elementor-element-iwgw-jabmiidaib-htxt e-con-full e-flex e-con e-child\" data-id=\"iwgw-jabmiidaib-htxt\" data-element_type=\"container\" data-e-type=\"container\">\n\t\t\t\t<div class=\"elementor-element elementor-element-iwgw-jabmiidaib-h1 elementor-widget elementor-widget-heading\" data-id=\"iwgw-jabmiidaib-h1\" data-element_type=\"widget\" data-e-type=\"widget\" data-widget_type=\"heading.default\">\n\t\t\t\t\t<h1 class=\"elementor-heading-title elementor-size-default\">Jabmiidaibmu - d\u00e1narheimur og ne\u00f0anjar\u00f0arr\u00edki hinna framli\u00f0nu \u00ed sam\u00edskri hef\u00f0<\/h1>\t\t\t\t<\/div>\n\t\t\t\t<div class=\"elementor-element elementor-element-iwgw-jabmiidaib-lead elementor-widget elementor-widget-text-editor\" data-id=\"iwgw-jabmiidaib-lead\" data-element_type=\"widget\" data-e-type=\"widget\" data-widget_type=\"text-editor.default\">\n\t\t\t\t\t\t\t\t\t<p>Jabmiidaibmu, einnig skrifa\u00f0 Jamiaibmu, J\u00e1bme-aibmu e\u00f0a Jamijmo, er d\u00e1narheimur hinnar formkristnu <a href=\"https:\/\/iwell-guard.com\/is\/sami-finnsk-ugrisk-hefd-noaidi-tromma\/\">sam\u00edsku<\/a> tr\u00faarbrag\u00f0a. Hann liggur undir j\u00f6r\u00f0inni og h\u00fdsir hina framli\u00f0nu. Tr\u00faarbrag\u00f0afr\u00e6\u00f0ilega heyrir hann til hins v\u00ed\u00f0a flokks ne\u00f0anjar\u00f0ar-d\u00e1narheima \u00ed hringheimskautlegri og nor\u00f0ur-evr\u00f3pskri go\u00f0afr\u00e6\u00f0i.<\/p>\t\t\t\t\t\t\t\t<\/div>\n\t\t\t\t<\/div>\n\t\t<div class=\"elementor-element elementor-element-iwgw-jabmiidaib-pillc e-con-full e-flex e-con e-child\" data-id=\"iwgw-jabmiidaib-pillc\" data-element_type=\"container\" data-e-type=\"container\">\n\t\t\t\t<div class=\"elementor-element elementor-element-iwgw-jabmiidaib-pills elementor-widget elementor-widget-html\" data-id=\"iwgw-jabmiidaib-pills\" data-element_type=\"widget\" data-e-type=\"widget\" data-widget_type=\"html.default\">\n\t\t\t\t\t<div class=\"iwg-pill-row\"><span class=\"iwg-klasse-badge\" tabindex=\"0\" data-tooltip=\"D\u00e1nar\u00f6ndungar sam\u00edskrar hef\u00f0ar.\">D\u00e1nar\u00f6ndungar<\/span><a href=\"https:\/\/iwell-guard.com\/is\/sami-finnsk-ugrisk-hefd-noaidi-tromma\/\" class=\"iwg-kultur-badge\" tabindex=\"0\" data-tooltip=\"Go\u00f0afr\u00e6\u00f0i sam\u00edskrar hef\u00f0ar.\">Sama<\/a><span class=\"iwg-tradition-badge\" tabindex=\"0\" data-tooltip=\"D\u00e1narheimur og undirheimar.\">D\u00e1narheimur og undirheimar<\/span><\/div>\t\t\t\t<\/div>\n\t\t\t\t<\/div>\n\t\t<div class=\"elementor-element elementor-element-iwgw-jabmiidaib-tocc e-con-full e-flex e-con e-child\" data-id=\"iwgw-jabmiidaib-tocc\" data-element_type=\"container\" data-e-type=\"container\">\n\t\t\t\t<div class=\"elementor-element elementor-element-iwgw-jabmiidaib-toc elementor-toc--minimized-on-tablet elementor-widget elementor-widget-table-of-contents\" data-id=\"iwgw-jabmiidaib-toc\" data-element_type=\"widget\" data-e-type=\"widget\" data-settings=\"{&quot;headings_by_tags&quot;:[&quot;h2&quot;,&quot;h3&quot;],&quot;minimize_box&quot;:&quot;yes&quot;,&quot;marker_view&quot;:&quot;bullets&quot;,&quot;no_headings_message&quot;:&quot;Engar undirfyrirsagnir fundust \\u00e1 \\u00feessari s\\u00ed\\u00f0u.&quot;,&quot;exclude_headings_by_selector&quot;:[],&quot;icon&quot;:{&quot;value&quot;:&quot;fas fa-circle&quot;,&quot;library&quot;:&quot;fa-solid&quot;,&quot;rendered_tag&quot;:&quot;&lt;svg class=\\&quot;e-font-icon-svg e-fas-circle\\&quot; viewBox=\\&quot;0 0 512 512\\&quot; xmlns=\\&quot;http:\\\/\\\/www.w3.org\\\/2000\\\/svg\\&quot;&gt;&lt;path d=\\&quot;M256 8C119 8 8 119 8 256s111 248 248 248 248-111 248-248S393 8 256 8z\\&quot;&gt;&lt;\\\/path&gt;&lt;\\\/svg&gt;&quot;},&quot;minimized_on&quot;:&quot;tablet&quot;,&quot;hierarchical_view&quot;:&quot;yes&quot;,&quot;min_height&quot;:{&quot;unit&quot;:&quot;px&quot;,&quot;size&quot;:&quot;&quot;,&quot;sizes&quot;:[]},&quot;min_height_tablet&quot;:{&quot;unit&quot;:&quot;px&quot;,&quot;size&quot;:&quot;&quot;,&quot;sizes&quot;:[]},&quot;min_height_mobile&quot;:{&quot;unit&quot;:&quot;px&quot;,&quot;size&quot;:&quot;&quot;,&quot;sizes&quot;:[]}}\" data-widget_type=\"table-of-contents.default\">\n\t\t\t\t\t\t\t\t\t<div class=\"elementor-toc__header\">\n\t\t\t\t\t\t<h2 class=\"elementor-toc__header-title\">\n\t\t\t\tEfnisyfirlit\t\t\t<\/h2>\n\t\t\t\t\t\t\t\t\t\t<div class=\"elementor-toc__toggle-button elementor-toc__toggle-button--expand\" role=\"button\" tabindex=\"0\" aria-controls=\"elementor-toc__iwgw-jabmiidaib-toc\" aria-expanded=\"true\" aria-label=\"Open table of contents\"><svg aria-hidden=\"true\" class=\"e-font-icon-svg e-fas-chevron-down\" viewBox=\"0 0 448 512\" xmlns=\"http:\/\/www.w3.org\/2000\/svg\"><path d=\"M207.029 381.476L12.686 187.132c-9.373-9.373-9.373-24.569 0-33.941l22.667-22.667c9.357-9.357 24.522-9.375 33.901-.04L224 284.505l154.745-154.021c9.379-9.335 24.544-9.317 33.901.04l22.667 22.667c9.373 9.373 9.373 24.569 0 33.941L240.971 381.476c-9.373 9.372-24.569 9.372-33.942 0z\"><\/path><\/svg><\/div>\n\t\t\t\t<div class=\"elementor-toc__toggle-button elementor-toc__toggle-button--collapse\" role=\"button\" tabindex=\"0\" aria-controls=\"elementor-toc__iwgw-jabmiidaib-toc\" aria-expanded=\"true\" aria-label=\"Close table of contents\"><svg aria-hidden=\"true\" class=\"e-font-icon-svg e-fas-chevron-up\" viewBox=\"0 0 448 512\" xmlns=\"http:\/\/www.w3.org\/2000\/svg\"><path d=\"M240.971 130.524l194.343 194.343c9.373 9.373 9.373 24.569 0 33.941l-22.667 22.667c-9.357 9.357-24.522 9.375-33.901.04L224 227.495 69.255 381.516c-9.379 9.335-24.544 9.317-33.901-.04l-22.667-22.667c-9.373-9.373-9.373-24.569 0-33.941L207.03 130.525c9.372-9.373 24.568-9.373 33.941-.001z\"><\/path><\/svg><\/div>\n\t\t\t\t\t<\/div>\n\t\t\t\t<div id=\"elementor-toc__iwgw-jabmiidaib-toc\" class=\"elementor-toc__body\">\n\t\t\t<div class=\"elementor-toc__spinner-container\">\n\t\t\t\t<svg class=\"elementor-toc__spinner eicon-animation-spin e-font-icon-svg e-eicon-loading\" aria-hidden=\"true\" viewBox=\"0 0 1000 1000\" xmlns=\"http:\/\/www.w3.org\/2000\/svg\"><path d=\"M500 975V858C696 858 858 696 858 500S696 142 500 142 142 304 142 500H25C25 237 238 25 500 25S975 237 975 500 763 975 500 975Z\"><\/path><\/svg>\t\t\t<\/div>\n\t\t<\/div>\n\t\t\t\t\t\t<\/div>\n\t\t\t\t<\/div>\n\t\t\t\t\t<\/div>\n\t\t\t\t<\/div>\n\t\t<div class=\"elementor-element elementor-element-iwgw-jabmiidaib-hr e-con-full e-flex e-con e-child\" data-id=\"iwgw-jabmiidaib-hr\" data-element_type=\"container\" data-e-type=\"container\">\n\t\t\t\t<div class=\"elementor-element elementor-element-iwgw-jabmiidaib-heroimg iwg-hero-image elementor-widget elementor-widget-image\" data-id=\"iwgw-jabmiidaib-heroimg\" data-element_type=\"widget\" data-e-type=\"widget\" data-widget_type=\"image.default\">\n\t\t\t\t\t\t\t\t\t\t\t\t\t\t\t<img fetchpriority=\"high\" decoding=\"async\" width=\"683\" height=\"1024\" src=\"https:\/\/iwell-guard.com\/wp-content\/uploads\/2026\/05\/geister_sami_jabmiidaibmu-683x1024.webp\" class=\"attachment-large size-large wp-image-170771\" alt=\"Jabmiidaibmu - andar \u00far hef\u00f0 Sama, s\u00f6gulega myndskreytt\" srcset=\"https:\/\/iwell-guard.com\/wp-content\/uploads\/2026\/05\/geister_sami_jabmiidaibmu-683x1024.webp 683w, https:\/\/iwell-guard.com\/wp-content\/uploads\/2026\/05\/geister_sami_jabmiidaibmu-200x300.webp 200w, https:\/\/iwell-guard.com\/wp-content\/uploads\/2026\/05\/geister_sami_jabmiidaibmu-768x1152.webp 768w, https:\/\/iwell-guard.com\/wp-content\/uploads\/2026\/05\/geister_sami_jabmiidaibmu.webp 1024w\" sizes=\"(max-width: 683px) 100vw, 683px\" \/>\t\t\t\t\t\t\t\t\t\t\t\t\t\t\t<\/div>\n\t\t\t\t<\/div>\n\t\t\t\t\t<\/div>\n\t\t\t\t<\/div>\n\t\t<div class=\"elementor-element elementor-element-iwgw-jabmiidaib-s0 e-flex e-con-boxed e-con e-parent\" data-id=\"iwgw-jabmiidaib-s0\" data-element_type=\"container\" data-e-type=\"container\">\n\t\t\t\t\t<div class=\"e-con-inner\">\n\t\t\t\t<div class=\"elementor-element elementor-element-iwgw-jabmiidaib-s0h elementor-widget elementor-widget-heading\" data-id=\"iwgw-jabmiidaib-s0h\" data-element_type=\"widget\" data-e-type=\"widget\" data-widget_type=\"heading.default\">\n\t\t\t\t\t<h2 class=\"elementor-heading-title elementor-size-default\">Greining og skammrit<\/h2>\t\t\t\t<\/div>\n\t\t<div class=\"elementor-element elementor-element-iwgw-jabmiidaib-s0c e-con-full e-flex e-con e-child\" data-id=\"iwgw-jabmiidaib-s0c\" data-element_type=\"container\" data-e-type=\"container\">\n\t\t\t\t<div class=\"elementor-element elementor-element-iwgw-jabmiidaib-s0t elementor-widget elementor-widget-text-editor\" data-id=\"iwgw-jabmiidaib-s0t\" data-element_type=\"widget\" data-e-type=\"widget\" data-widget_type=\"text-editor.default\">\n\t\t\t\t\t\t\t\t\t<p>Jabmiidaibmu er ne\u00f0anjar\u00f0ar d\u00e1narheimur sam\u00edskrar hef\u00f0ar. \u00cd heimildum er honum l\u00fdst sem k\u00f6ldum, skuggalegum sta\u00f0 \u00fear sem hinir framli\u00f0nu halda \u00e1fram a\u00f0 vera til, \u00e1n \u00feess a\u00f0 vera til \u00ed s\u00f6mu mynd og \u00e1 j\u00f6r\u00f0inni.<\/p><p>Or\u00f0i\u00f0 er samsett \u00far <em>j\u00e1bmi<\/em>, sem merkir hinn d\u00e1ni, og <em>\u00e1ibmu<\/em>, sem merkir heim e\u00f0a svi\u00f0. Jabmiidaibmu \u00fe\u00fd\u00f0ir \u00fev\u00ed or\u00f0r\u00e9tt heim hinna d\u00e1nu e\u00f0a svi\u00f0 hinna d\u00e1nu. Or\u00f0sifjafr\u00e6\u00f0in er tungum\u00e1lalega lj\u00f3s og vel sta\u00f0fest \u00ed tr\u00faarbrag\u00f0afr\u00e6\u00f0i.<\/p><p>V\u00edsindalega heyrir Jabmiidaibmu til hins v\u00ed\u00f0a flokks ne\u00f0anjar\u00f0ar-d\u00e1narheima sem finnast \u00ed m\u00f6rgum tr\u00faarbr\u00f6g\u00f0um. Byggingarlega samb\u00e6rileg eru Adlivun <a href=\"https:\/\/iwell-guard.com\/is\/inuit-og-nordurslodir-sedna-tornit\/\">In\u00fa\u00edta<\/a> (sj\u00e1 <a href=\"https:\/\/iwell-guard.com\/is\/?page_id=169003\">Anguta<\/a>), gr\u00edski undirheimurinn Hades, forn\u00edslenska Helheimur og mes\u00f3p\u00f3tam\u00edska Kurnugia.<\/p><p>D\u00e1narheimurinn Jabmiidaibmu hefur einnig veri\u00f0 rannsaka\u00f0ur \u00ed n\u00fdrri fr\u00e6\u00f0um me\u00f0 auknum a\u00f0fer\u00f0um sem sameina \u00fej\u00f3\u00f0h\u00e1ttafr\u00e6\u00f0ilega n\u00e1kv\u00e6mni, tungum\u00e1lalega heimildagagnr\u00fdni og samanbur\u00f0arsj\u00f3narhorn. Sam\u00edska \u00feekkingarsamf\u00e9lagi\u00f0 tekur n\u00fa sj\u00e1lft \u00fe\u00e1tt \u00ed \u00feessum ranns\u00f3knum og endursko\u00f0ar eldri vestr\u00e6nar t\u00falkanir \u00e1 d\u00e1narr\u00edkinu, a\u00f0 \u00fev\u00ed leyti sem \u00fe\u00e6r voru lita\u00f0ar af n\u00fdlenduhugsun.<\/p><p>Sem ne\u00f0anjar\u00f0arr\u00edki hinna framli\u00f0nu fellur Jabmiidaibmu inn \u00ed mynstur hringheimskautlegrar tr\u00faarlegrar landfr\u00e6\u00f0i sem endurtekur sig yfir v\u00ed\u00f0fe\u00f0m sv\u00e6\u00f0i. A\u00f0 \u00feessi bygging haldi grunneinkennum s\u00ednum yfir \u00fe\u00fasundir k\u00edl\u00f3metra telst til merkustu ni\u00f0ursta\u00f0na samanbur\u00f0ar-<span class=\"iwg-fachbegriff\" data-tooltip=\"V\u00edsindin sem rannsaka tr\u00faarbr\u00f6g\u00f0 \u00e1 samanbur\u00f0arh\u00e1tt og \u00e1n tr\u00faarlegrar bindingar.\" tabindex=\"0\">tr\u00faarbrag\u00f0afr\u00e6\u00f0i<\/span> og er enn til umr\u00e6\u00f0u.<\/p>\t\t\t\t\t\t\t\t<\/div>\n\t\t\t\t<\/div>\n\t\t\t\t\t<\/div>\n\t\t\t\t<\/div>\n\t\t<div class=\"elementor-element elementor-element-iwgw-jabmiidaib-s1 e-flex e-con-boxed e-con e-parent\" data-id=\"iwgw-jabmiidaib-s1\" data-element_type=\"container\" data-e-type=\"container\">\n\t\t\t\t\t<div class=\"e-con-inner\">\n\t\t\t\t<div class=\"elementor-element elementor-element-iwgw-jabmiidaib-s1h elementor-widget elementor-widget-heading\" data-id=\"iwgw-jabmiidaib-s1h\" data-element_type=\"widget\" data-e-type=\"widget\" data-widget_type=\"heading.default\">\n\t\t\t\t\t<h2 class=\"elementor-heading-title elementor-size-default\">Nafn og or\u00f0sifjar<\/h2>\t\t\t\t<\/div>\n\t\t<div class=\"elementor-element elementor-element-iwgw-jabmiidaib-s1c e-con-full e-flex e-con e-child\" data-id=\"iwgw-jabmiidaib-s1c\" data-element_type=\"container\" data-e-type=\"container\">\n\t\t\t\t<div class=\"elementor-element elementor-element-iwgw-jabmiidaib-s1t elementor-widget elementor-widget-text-editor\" data-id=\"iwgw-jabmiidaib-s1t\" data-element_type=\"widget\" data-e-type=\"widget\" data-widget_type=\"text-editor.default\">\n\t\t\t\t\t\t\t\t\t<p>Nafni\u00f0 Jabmiidaibmu er tungum\u00e1lalega gagns\u00e6 samsetning. <em>J\u00e1bmi<\/em> e\u00f0a <em>j\u00e1met<\/em> merkir \u00e1 sam\u00edsku hinn d\u00e1ni, d\u00e1inn, farinn. <em>\u00c1ibmu<\/em> e\u00f0a <em>aibmu<\/em> merkir heim, svi\u00f0, sv\u00e6\u00f0i. Samsetningin er virk \u00ed sam\u00edsku og heyrir til hinnar almennu hugtakanotkunar.<\/p><p>Or\u00f0sifjafr\u00e6\u00f0ilega er r\u00f3tin <em>j\u00e1bmi<\/em> skyld finnska or\u00f0inu <em>j\u00e4m\u00e4<\/em>, sem merkir leif e\u00f0a hi\u00f0 s\u00ed\u00f0asta, og heyrir til finnsk-\u00fagr\u00edsku grunnor\u00f0afor\u00f0anum. Tr\u00faarbrag\u00f0as\u00f6gulegt d\u00fdpi \u00feessarar r\u00f3tar er miki\u00f0 og v\u00edsar til fornra laga \u00ed hugmyndum um dau\u00f0ann.<\/p><p>M\u00e1ll\u00fdskubundin afbrig\u00f0i eru Jamijmo \u00ed su\u00f0ur-sam\u00edsku, Jamiaibmu \u00ed ume-sam\u00edsku, J\u00e1bme-aibmu \u00ed nor\u00f0ur-sam\u00edsku m\u00e1li. \u00deessi fj\u00f6lbreytni fellur a\u00f0 almennri m\u00e1ll\u00fdskuskiptingu.<\/p><p>Til vi\u00f0b\u00f3tar m\u00e1 spyrja tr\u00faf\u00e9lagsfr\u00e6\u00f0ilega hva\u00f0a hlutverki hugmyndin um Jabmiidaibmu gegndi \u00ed f\u00e9lagslegri skipan hins hef\u00f0bundna sam\u00edska samf\u00e9lags, me\u00f0al annars \u00ed umgengni vi\u00f0 dau\u00f0a, sorg og tengsl vi\u00f0 hina framli\u00f0nu.<\/p><p>Tr\u00faarleg hugmynd og f\u00e9lagsleg i\u00f0kun voru h\u00e9r, eins og v\u00ed\u00f0ar, ekki a\u00f0skilin heldur n\u00e1tengd. \u00deessi samtenging myndar s\u00e9rstakt tr\u00faarmannfr\u00e6\u00f0ilegt ranns\u00f3knarsvi\u00f0 sem H\u00e5kan Rydving og Konsta Kaikkonen hafa rannsaka\u00f0 kerfisbundi\u00f0.<\/p><p>\u00d6nnur hli\u00f0 m\u00e1lsins sn\u00fdr a\u00f0 \u00fe\u00fd\u00f0ingu d\u00e1narheimsins \u00ed dag fyrir sj\u00e1lfsmyndarp\u00f3lit\u00edk Sama. Me\u00f0 sj\u00e1lfsstj\u00f3rn Sama og \u00fej\u00f3\u00f0r\u00e9ttarlegri vi\u00f0urkenningu r\u00e9ttinda frumbyggja f\u00e1 hinar arfleiddu tr\u00faarhugmyndir aukna s\u00fdnileika a\u00f0 n\u00fdju. Hvernig tr\u00faarbrag\u00f0aranns\u00f3knir og p\u00f3lit\u00edsk vi\u00f0urkenning fl\u00e9ttast saman myndar s\u00e9rstakt svi\u00f0 sem v\u00edsindin hafa veitt aukna athygli s\u00ed\u00f0ustu \u00e1r.<\/p>\t\t\t\t\t\t\t\t<\/div>\n\t\t\t\t<\/div>\n\t\t\t\t\t<\/div>\n\t\t\t\t<\/div>\n\t\t<div class=\"elementor-element elementor-element-iwgw-jabmiidaib-s2 e-flex e-con-boxed e-con e-parent\" data-id=\"iwgw-jabmiidaib-s2\" data-element_type=\"container\" data-e-type=\"container\">\n\t\t\t\t\t<div class=\"e-con-inner\">\n\t\t\t\t<div class=\"elementor-element elementor-element-iwgw-jabmiidaib-s2h elementor-widget elementor-widget-heading\" data-id=\"iwgw-jabmiidaib-s2h\" data-element_type=\"widget\" data-e-type=\"widget\" data-widget_type=\"heading.default\">\n\t\t\t\t\t<h2 class=\"elementor-heading-title elementor-size-default\">Landfr\u00e6\u00f0i og l\u00fdsing<\/h2>\t\t\t\t<\/div>\n\t\t<div class=\"elementor-element elementor-element-iwgw-jabmiidaib-s2c e-con-full e-flex e-con e-child\" data-id=\"iwgw-jabmiidaib-s2c\" data-element_type=\"container\" data-e-type=\"container\">\n\t\t\t\t<div class=\"elementor-element elementor-element-iwgw-jabmiidaib-s2t elementor-widget elementor-widget-text-editor\" data-id=\"iwgw-jabmiidaib-s2t\" data-element_type=\"widget\" data-e-type=\"widget\" data-widget_type=\"text-editor.default\">\n\t\t\t\t\t\t\t\t\t<p>Jabmiidaibmu liggur undir j\u00f6r\u00f0inni og er ekki a\u00f0gengilegt me\u00f0 beinum h\u00e6tti. Hinir framli\u00f0nu eru leiddir \u00feanga\u00f0 eftir dau\u00f0ann, og a\u00f0eins sei\u00f0menn geta \u00ed lei\u00f0slu\u00e1standi fer\u00f0ast \u00feanga\u00f0 til a\u00f0 sj\u00e1 e\u00f0a spyrja hina d\u00e1nu.<\/p><p>\u00cd heimildunum, s\u00e9rstaklega hj\u00e1 Schefferus, Leem og L\u00e6stadius, er Jabmiidaibmu l\u00fdst sem k\u00f6ldum, dimmum, skuggalegum sta\u00f0. Hinir framli\u00f0nu halda \u00fear \u00e1fram a\u00f0 vera til \u00ed veikari mynd, oft eins og spegilmynd af jar\u00f0l\u00edfi s\u00ednu, en me\u00f0 dempa\u00f0ri l\u00edfsorku.<\/p><p>Tr\u00faarbrag\u00f0afyrirb\u00e6rafr\u00e6\u00f0ilega er \u00feessi hugmynd ekki si\u00f0fer\u00f0ilegur d\u00f3mur \u00ed kristnum skilningi. Jabmiidaibmu er ekki helv\u00edti, heldur d\u00e1narheimur sem tekur vi\u00f0 \u00f6llum framli\u00f0num, \u00f3h\u00e1\u00f0 l\u00edfshlaupi \u00feeirra. \u00deessi si\u00f0fer\u00f0islausa hugmynd er s\u00e9rstakt fyrirb\u00e6ri \u00ed tr\u00faarbrag\u00f0afyrirb\u00e6rafr\u00e6\u00f0i.<\/p>\t\t\t\t\t\t\t\t<\/div>\n\t\t\t\t<\/div>\n\t\t\t\t\t<\/div>\n\t\t\t\t<\/div>\n\t\t<div class=\"elementor-element elementor-element-iwgw-jabmiidaib-s3 e-flex e-con-boxed e-con e-parent\" data-id=\"iwgw-jabmiidaib-s3\" data-element_type=\"container\" data-e-type=\"container\">\n\t\t\t\t\t<div class=\"e-con-inner\">\n\t\t\t\t<div class=\"elementor-element elementor-element-iwgw-jabmiidaib-s3h elementor-widget elementor-widget-heading\" data-id=\"iwgw-jabmiidaib-s3h\" data-element_type=\"widget\" data-e-type=\"widget\" data-widget_type=\"heading.default\">\n\t\t\t\t\t<h2 class=\"elementor-heading-title elementor-size-default\">Lei\u00f0in til d\u00e1narheimsins<\/h2>\t\t\t\t<\/div>\n\t\t<div class=\"elementor-element elementor-element-iwgw-jabmiidaib-s3c e-con-full e-flex e-con e-child\" data-id=\"iwgw-jabmiidaib-s3c\" data-element_type=\"container\" data-e-type=\"container\">\n\t\t\t\t<div class=\"elementor-element elementor-element-iwgw-jabmiidaib-s3t elementor-widget elementor-widget-text-editor\" data-id=\"iwgw-jabmiidaib-s3t\" data-element_type=\"widget\" data-e-type=\"widget\" data-widget_type=\"text-editor.default\">\n\t\t\t\t\t\t\t\t\t<p>Lei\u00f0in til d\u00e1narheimsins er n\u00e1kv\u00e6mlega l\u00fdst \u00ed sam\u00edskum heimildum. S\u00e1l hins framli\u00f0na fer yfir \u00edsilag\u00f0a tundru, kemst yfir flj\u00f3t e\u00f0a fjall og gengur a\u00f0 lokum inn \u00ed Jabmiidaibmu um sprungu undir j\u00f6r\u00f0inni.<\/p><p>\u00c1 \u00feessum umskiptasta\u00f0 standa \u00fdmsir ver\u00f0ir e\u00f0a g\u00e6slumenn sem pr\u00f3fa s\u00e1lina. \u00cd sumum heimildum er g\u00e6slukonan af Akka-ger\u00f0, \u00ed \u00f6\u00f0rum karlkyns <span class=\"iwg-fachbegriff\" data-tooltip=\"Vera \u00e1n l\u00edkama sem talin er hafa \u00e1hrif \u00ed heiminum.\" tabindex=\"0\">andi<\/span>. \u00deessi v\u00f6r\u00f0ur-hugmynd er tr\u00faarbrag\u00f0afyrirb\u00e6rafr\u00e6\u00f0ilega d\u00e6miger\u00f0 fyrir umskipti \u00ed d\u00e1narheimum.<\/p><p>Sei\u00f0menn sem fer\u00f0u\u00f0ust \u00ed lei\u00f0slu\u00e1standi til Jabmiidaibmu ur\u00f0u einnig a\u00f0 fara \u00feessa lei\u00f0. \u00cdtarlegar l\u00fdsingar \u00e1 sei\u00f0fer\u00f0inni til Jabmiidaibmu m\u00e1 finna \u00ed heimildum, me\u00f0al annars hj\u00e1 Schefferus, sem birtir langa fr\u00e1s\u00f6gn Noaidi um lei\u00f0slureisu s\u00edna til Jabmiidaibmu.<\/p>\t\t\t\t\t\t\t\t<\/div>\n\t\t\t\t<\/div>\n\t\t\t\t\t<\/div>\n\t\t\t\t<\/div>\n\t\t<div class=\"elementor-element elementor-element-iwgw-jabmiidaib-s4 e-flex e-con-boxed e-con e-parent\" data-id=\"iwgw-jabmiidaib-s4\" data-element_type=\"container\" data-e-type=\"container\">\n\t\t\t\t\t<div class=\"e-con-inner\">\n\t\t\t\t<div class=\"elementor-element elementor-element-iwgw-jabmiidaib-s4h elementor-widget elementor-widget-heading\" data-id=\"iwgw-jabmiidaib-s4h\" data-element_type=\"widget\" data-e-type=\"widget\" data-widget_type=\"heading.default\">\n\t\t\t\t\t<h2 class=\"elementor-heading-title elementor-size-default\">Hinir d\u00e1nu \u00ed Jabmiidaibmu<\/h2>\t\t\t\t<\/div>\n\t\t<div class=\"elementor-element elementor-element-iwgw-jabmiidaib-s4c e-con-full e-flex e-con e-child\" data-id=\"iwgw-jabmiidaib-s4c\" data-element_type=\"container\" data-e-type=\"container\">\n\t\t\t\t<div class=\"elementor-element elementor-element-iwgw-jabmiidaib-s4t elementor-widget elementor-widget-text-editor\" data-id=\"iwgw-jabmiidaib-s4t\" data-element_type=\"widget\" data-e-type=\"widget\" data-widget_type=\"text-editor.default\">\n\t\t\t\t\t\t\t\t\t<p>Hinir d\u00e1nu lifa \u00ed Jabmiidaibmu \u00ed mynd sem er spegilmynd af jar\u00f0l\u00edfi \u00feeirra, en \u00ed deyf\u00f0ri \u00fatg\u00e1fu. \u00deeir hafa verkf\u00e6ri s\u00edn, fj\u00f6lskyldur s\u00ednar, hreind\u00fdrahjar\u00f0ir s\u00ednar, en allt \u00ed veikari mynd en \u00e1 j\u00f6r\u00f0inni.<\/p><p>\u00deessi hugmynd er sj\u00e1lfst\u00e6tt fyrirb\u00e6ri \u00ed tr\u00faarbrag\u00f0afr\u00e6\u00f0ilegum skilningi og a\u00f0greinir d\u00e1nargu\u00f0fr\u00e6\u00f0i Sama fr\u00e1 hef\u00f0um \u00fear sem hinir d\u00e1nu fara yfir \u00ed algerlega anna\u00f0 tilvistarform. Me\u00f0al Sama vi\u00f0helst sj\u00e1lfsmynd hins l\u00e1tna, a\u00f0eins styrkurinn minnkar.<\/p><p>V\u00edsindalega samsvarar \u00feetta spegil-<span class=\"iwg-fachbegriff\" data-tooltip=\"V\u00edsindaleg kenning um gu\u00f0 og tr\u00fa innan tr\u00faarbrag\u00f0a.\" tabindex=\"0\">gu\u00f0fr\u00e6\u00f0i<\/span> d\u00e1narheimsins, sem er sta\u00f0fest \u00ed m\u00f6rgum frumbyggjatr\u00faarbr\u00f6g\u00f0um. Formger\u00f0arsamr\u00e6mi\u00f0 vi\u00f0 a\u00f0rar hef\u00f0ir er sj\u00e1lfst\u00e6\u00f0 ni\u00f0ursta\u00f0a \u00ed tr\u00faarbrag\u00f0afr\u00e6\u00f0ilegum skilningi.<\/p>\t\t\t\t\t\t\t\t<\/div>\n\t\t\t\t<\/div>\n\t\t\t\t\t<\/div>\n\t\t\t\t<\/div>\n\t\t<div class=\"elementor-element elementor-element-iwgw-jabmiidaib-s5 e-flex e-con-boxed e-con e-parent\" data-id=\"iwgw-jabmiidaib-s5\" data-element_type=\"container\" data-e-type=\"container\">\n\t\t\t\t\t<div class=\"e-con-inner\">\n\t\t\t\t<div class=\"elementor-element elementor-element-iwgw-jabmiidaib-s5h elementor-widget elementor-widget-heading\" data-id=\"iwgw-jabmiidaib-s5h\" data-element_type=\"widget\" data-e-type=\"widget\" data-widget_type=\"heading.default\">\n\t\t\t\t\t<h2 class=\"elementor-heading-title elementor-size-default\">Greftrunarsi\u00f0ir og samband vi\u00f0 hina d\u00e1nu<\/h2>\t\t\t\t<\/div>\n\t\t<div class=\"elementor-element elementor-element-iwgw-jabmiidaib-s5c e-con-full e-flex e-con e-child\" data-id=\"iwgw-jabmiidaib-s5c\" data-element_type=\"container\" data-e-type=\"container\">\n\t\t\t\t<div class=\"elementor-element elementor-element-iwgw-jabmiidaib-s5t elementor-widget elementor-widget-text-editor\" data-id=\"iwgw-jabmiidaib-s5t\" data-element_type=\"widget\" data-e-type=\"widget\" data-widget_type=\"text-editor.default\">\n\t\t\t\t\t\t\t\t\t<p>Greftrunarsi\u00f0ir Sama voru n\u00e1i\u00f0 tengdir Jabmiidaibmu. Hinn l\u00e1tni var grafinn me\u00f0 verkf\u00e6rum, skartgripum og stundum me\u00f0 sl\u00e1tru\u00f0um hreind\u00fdrum sem hann \u00feyrfti \u00e1 a\u00f0 halda \u00ed d\u00e1narheiminum. \u00deessi grafgjafavenja er \u00edtarlega skjalfest \u00ed tr\u00faarbrag\u00f0a\u00fej\u00f3\u00f0fr\u00e6\u00f0i.<\/p><p>Samband vi\u00f0 hina d\u00e1nu var m\u00f6gulegt gegnum sjamana. \u00c1 t\u00edmum kreppu, sj\u00fakd\u00f3ma e\u00f0a fj\u00f6lskyldum\u00e1la gat noaidi fer\u00f0ast til Jabmiidaibmu og spurt hina d\u00e1nu. \u00deessi venja var lykil\u00fe\u00e1ttur \u00ed tr\u00faarbrag\u00f0a\u00fej\u00f3\u00f0fr\u00e6\u00f0ilegum skilningi \u00e1 tr\u00faarbr\u00f6g\u00f0um Sama.<\/p><p>Hinir d\u00e1nu g\u00e1tu einnig birst af sj\u00e1lfsd\u00e1\u00f0um, a\u00f0allega \u00ed draumum e\u00f0a sem andar sem ur\u00f0u s\u00fdnilegir \u00e1 s\u00e9rst\u00f6kum stundum. \u00deessi hugmynd er sj\u00e1lfst\u00e6tt fyrirb\u00e6ri \u00ed tr\u00faarbrag\u00f0afr\u00e6\u00f0ilegum skilningi og \u00fatbreidd \u00ed m\u00f6rgum frumbyggjatr\u00faarbr\u00f6g\u00f0um.<\/p>\t\t\t\t\t\t\t\t<\/div>\n\t\t\t\t<\/div>\n\t\t\t\t\t<\/div>\n\t\t\t\t<\/div>\n\t\t<div class=\"elementor-element elementor-element-iwgw-jabmiidaib-s6 e-flex e-con-boxed e-con e-parent\" data-id=\"iwgw-jabmiidaib-s6\" data-element_type=\"container\" data-e-type=\"container\">\n\t\t\t\t\t<div class=\"e-con-inner\">\n\t\t\t\t<div class=\"elementor-element elementor-element-iwgw-jabmiidaib-s6h elementor-widget elementor-widget-heading\" data-id=\"iwgw-jabmiidaib-s6h\" data-element_type=\"widget\" data-e-type=\"widget\" data-widget_type=\"heading.default\">\n\t\t\t\t\t<h2 class=\"elementor-heading-title elementor-size-default\">Jabmiidaibmu \u00ed hringnor\u00f0l\u00e6gum samanbur\u00f0i<\/h2>\t\t\t\t<\/div>\n\t\t<div class=\"elementor-element elementor-element-iwgw-jabmiidaib-s6c e-con-full e-flex e-con e-child\" data-id=\"iwgw-jabmiidaib-s6c\" data-element_type=\"container\" data-e-type=\"container\">\n\t\t\t\t<div class=\"elementor-element elementor-element-iwgw-jabmiidaib-s6t elementor-widget elementor-widget-text-editor\" data-id=\"iwgw-jabmiidaib-s6t\" data-element_type=\"widget\" data-e-type=\"widget\" data-widget_type=\"text-editor.default\">\n\t\t\t\t\t\t\t\t\t<p>Jabmiidaibmu heyrir til hins v\u00ed\u00f0a flokks ne\u00f0anjar\u00f0ar d\u00e1narheima sem eru \u00fatbreiddir \u00ed hringnor\u00f0l\u00e6gum og nor\u00f0ur-evr\u00f3pskum tr\u00faarbr\u00f6g\u00f0um. Formger\u00f0arlega samb\u00e6rileg eru Adlivun <a href=\"https:\/\/iwell-guard.com\/is\/inuit-og-nordurslodir-sedna-tornit\/\">In\u00fa\u00edta<\/a> (vari\u00f0 af <a href=\"https:\/\/iwell-guard.com\/is\/?page_id=169003\">Anguta<\/a>), fornnorr\u00e6na Helheimur (varinn af Hel), finnska Tuonela (varin af Tuoni) og nenetska Ngo&#8217;-jelba.<\/p><p>S\u00e9rkenni Jabmiidaibmu liggja \u00ed \u00edtarlegri landfr\u00e6\u00f0ilegri l\u00fdsingu og \u00ed f\u00e1ga\u00f0ri sjaman\u00edskri fer\u00f0aframkv\u00e6md. \u00deessi d\u00fdpt hef\u00f0arinnar er sj\u00e1lfst\u00e6\u00f0 \u00ed tr\u00faarbrag\u00f0afr\u00e6\u00f0ilegum skilningi og gerir d\u00e1nargu\u00f0fr\u00e6\u00f0i Sama a\u00f0 vel rannsakanlegu tilfelli.<\/p><p>Innan finnsk-\u00fagr\u00edsku hef\u00f0arinnar er Tuonela-hugmynd Finna n\u00e1nasta samsv\u00f6run. Formger\u00f0arleg tengsl eru veruleg og vel skjalfest \u00ed s\u00f6gulegu tilliti. \u00deessi tengsl v\u00edsa til gamals sameiginlegs lags.<\/p>\t\t\t\t\t\t\t\t<\/div>\n\t\t\t\t<\/div>\n\t\t\t\t\t<\/div>\n\t\t\t\t<\/div>\n\t\t<div class=\"elementor-element elementor-element-iwgw-jabmiidaib-s7 e-flex e-con-boxed e-con e-parent\" data-id=\"iwgw-jabmiidaib-s7\" data-element_type=\"container\" data-e-type=\"container\">\n\t\t\t\t\t<div class=\"e-con-inner\">\n\t\t\t\t<div class=\"elementor-element elementor-element-iwgw-jabmiidaib-s7h elementor-widget elementor-widget-heading\" data-id=\"iwgw-jabmiidaib-s7h\" data-element_type=\"widget\" data-e-type=\"widget\" data-widget_type=\"heading.default\">\n\t\t\t\t\t<h2 class=\"elementor-heading-title elementor-size-default\">Tr\u00fabo\u00f0 og b\u00e6ling<\/h2>\t\t\t\t<\/div>\n\t\t<div class=\"elementor-element elementor-element-iwgw-jabmiidaib-s7c e-con-full e-flex e-con e-child\" data-id=\"iwgw-jabmiidaib-s7c\" data-element_type=\"container\" data-e-type=\"container\">\n\t\t\t\t<div class=\"elementor-element elementor-element-iwgw-jabmiidaib-s7t elementor-widget elementor-widget-text-editor\" data-id=\"iwgw-jabmiidaib-s7t\" data-element_type=\"widget\" data-e-type=\"widget\" data-widget_type=\"text-editor.default\">\n\t\t\t\t\t\t\t\t\t<p>Kristnibo\u00f0i\u00f0 endurt\u00falka\u00f0i Jabmiidaibmu a\u00f0 hluta sem helv\u00edti, a\u00f0 hluta sem hreinsunareld, a\u00f0 hluta sem forgar\u00f0 (limbus) \u00ed kristnum skilningi. \u00deessi endurt\u00falkun leiddi til talsver\u00f0s gu\u00f0fr\u00e6\u00f0ilegs ruglings, \u00fev\u00ed si\u00f0fer\u00f0islega fjarl\u00e6g hugmynd Sama passa\u00f0i ekki au\u00f0veldlega inn \u00ed kristi\u00f0 si\u00f0fer\u00f0islegt kerfi.<\/p><p>Tr\u00faarleg greftrunarframkv\u00e6md breyttist miki\u00f0 vegna kristnibo\u00f0sins. Grafgjafir voru banna\u00f0ar, sjaman\u00edskar fer\u00f0ir til d\u00e1narheimsins ger\u00f0ar refsiver\u00f0ar. Leifar hef\u00f0arinnar hafa var\u00f0veist \u00ed fj\u00f6lskylduframkv\u00e6md og \u00ed munnlega var\u00f0veittum s\u00f6gnum.<\/p><p>V\u00edsindalega er \u00feessi kristnibo\u00f0ssaga s\u00e9rstakt ranns\u00f3knarsvi\u00f0. N\u00fdleg \u00e1ratugir hafa f\u00e6rt verulegar framfarir \u00ed eftirlendufr\u00e6\u00f0ilegri endursko\u00f0un d\u00e1nargu\u00f0fr\u00e6\u00f0i Sama og lei\u00f0r\u00e9tt eldri, kristnibo\u00f0sm\u00f3ta\u00f0a framsetningu.<\/p>\t\t\t\t\t\t\t\t<\/div>\n\t\t\t\t<\/div>\n\t\t\t\t\t<\/div>\n\t\t\t\t<\/div>\n\t\t<div class=\"elementor-element elementor-element-iwgw-jabmiidaib-s8 e-flex e-con-boxed e-con e-parent\" data-id=\"iwgw-jabmiidaib-s8\" data-element_type=\"container\" data-e-type=\"container\">\n\t\t\t\t\t<div class=\"e-con-inner\">\n\t\t\t\t<div class=\"elementor-element elementor-element-iwgw-jabmiidaib-s8h elementor-widget elementor-widget-heading\" data-id=\"iwgw-jabmiidaib-s8h\" data-element_type=\"widget\" data-e-type=\"widget\" data-widget_type=\"heading.default\">\n\t\t\t\t\t<h2 class=\"elementor-heading-title elementor-size-default\">Ranns\u00f3knir og sta\u00f0a \u00ed dag<\/h2>\t\t\t\t<\/div>\n\t\t<div class=\"elementor-element elementor-element-iwgw-jabmiidaib-s8c e-con-full e-flex e-con e-child\" data-id=\"iwgw-jabmiidaib-s8c\" data-element_type=\"container\" data-e-type=\"container\">\n\t\t\t\t<div class=\"elementor-element elementor-element-iwgw-jabmiidaib-s8t elementor-widget elementor-widget-text-editor\" data-id=\"iwgw-jabmiidaib-s8t\" data-element_type=\"widget\" data-e-type=\"widget\" data-widget_type=\"text-editor.default\">\n\t\t\t\t\t\t\t\t\t<p>Ranns\u00f3knir \u00e1 Jabmiidaibmu eru v\u00ed\u00f0t\u00e6kar. H\u00e5kan Rydving, Juha Pentik\u00e4inen, Anna Lia Berthelsen og Konsta Kaikkonen hafa rannsaka\u00f0 d\u00e1nargu\u00f0fr\u00e6\u00f0ina \u00e1 kerfisbundinn h\u00e1tt og greint hina s\u00e9rst\u00f6ku s\u00f6msku \u00fatf\u00e6rslu.<\/p><p>\u00cd samt\u00edmamenningu Sama er Jabmiidaibmu til sta\u00f0ar \u00ed joik-textum, \u00ed sam\u00edskum b\u00f3kmenntum og \u00ed myndlist. Rith\u00f6fundar eins og Nils-Aslak Valkeap\u00e4\u00e4 hafa \u00e1 skapandi h\u00e1tt fjalla\u00f0 um hugmyndina um d\u00e1narheiminn.<\/p><p>V\u00edsindaleg \u00farvinnsla Jabmiidaibmu er \u00ed vinnslu. \u00c1kve\u00f0in ranns\u00f3knarg\u00f6p eru til sta\u00f0ar var\u00f0andi n\u00e1kv\u00e6mt samband milli Jabmiidaibmu og <a href=\"https:\/\/iwell-guard.com\/is\/?page_id=169018\">Saivo<\/a> sem annars ne\u00f0anjar\u00f0arheims \u00ed hef\u00f0 Sama. \u00deessi tv\u00f6feldni undirheimsins er sj\u00e1lfst\u00e6\u00f0 \u00ed tr\u00faarbrag\u00f0afr\u00e6\u00f0ilegum skilningi.<\/p>\t\t\t\t\t\t\t\t<\/div>\n\t\t\t\t<\/div>\n\t\t\t\t\t<\/div>\n\t\t\t\t<\/div>\n\t\t<div class=\"elementor-element elementor-element-iwgw-jabmiidaib-s9 e-flex e-con-boxed e-con e-parent\" data-id=\"iwgw-jabmiidaib-s9\" data-element_type=\"container\" data-e-type=\"container\">\n\t\t\t\t\t<div class=\"e-con-inner\">\n\t\t\t\t<div class=\"elementor-element elementor-element-iwgw-jabmiidaib-s9h elementor-widget elementor-widget-heading\" data-id=\"iwgw-jabmiidaib-s9h\" data-element_type=\"widget\" data-e-type=\"widget\" data-widget_type=\"heading.default\">\n\t\t\t\t\t<h2 class=\"elementor-heading-title elementor-size-default\">Krossv\u00edsanir \u00ed or\u00f0asafninu<\/h2>\t\t\t\t<\/div>\n\t\t<div class=\"elementor-element elementor-element-iwgw-jabmiidaib-s9c e-con-full e-flex e-con e-child\" data-id=\"iwgw-jabmiidaib-s9c\" data-element_type=\"container\" data-e-type=\"container\">\n\t\t\t\t<div class=\"elementor-element elementor-element-iwgw-jabmiidaib-s9t elementor-widget elementor-widget-text-editor\" data-id=\"iwgw-jabmiidaib-s9t\" data-element_type=\"widget\" data-e-type=\"widget\" data-widget_type=\"text-editor.default\">\n\t\t\t\t\t\t\t\t\t<p>Jabmiidaibmu tengist <a href=\"https:\/\/iwell-guard.com\/is\/?page_id=169018\">Saivo<\/a>, <a href=\"https:\/\/iwell-guard.com\/is\/?page_id=169009\">Beaivi<\/a>, <a href=\"https:\/\/iwell-guard.com\/is\/?page_id=169010\">M\u00e1nnu<\/a>, <a href=\"https:\/\/iwell-guard.com\/is\/?page_id=169011\">R\u00e1hka<\/a>, <a href=\"https:\/\/iwell-guard.com\/is\/?page_id=169012\">Stallo<\/a>, <a href=\"https:\/\/iwell-guard.com\/is\/?page_id=169013\">Sara-Akka<\/a>, <a href=\"https:\/\/iwell-guard.com\/is\/?page_id=169014\">Uksakka<\/a>, <a href=\"https:\/\/iwell-guard.com\/is\/?page_id=169015\">Juksakka<\/a> og <a href=\"https:\/\/iwell-guard.com\/is\/?page_id=169016\">Madderakka<\/a>. Menningarmi\u00f0st\u00f6\u00f0in <a href=\"https:\/\/iwell-guard.com\/is\/sami-finnsk-ugrisk-hefd-noaidi-tromma\/\">Sama-hef\u00f0<\/a> rammar inn d\u00e1nargu\u00f0fr\u00e6\u00f0ina. Formger\u00f0arlega \u00e1\u00feekkir d\u00e1narheimar finnast \u00ed <a href=\"https:\/\/iwell-guard.com\/is\/inuit-og-nordurslodir-sedna-tornit\/\">In\u00fa\u00edta<\/a>-uppflettir\u00f6\u00f0inni hj\u00e1 <em>Anguta<\/em> og Adlivun.<\/p>\t\t\t\t\t\t\t\t<\/div>\n\t\t\t\t<\/div>\n\t\t\t\t\t<\/div>\n\t\t\t\t<\/div>\n\t\t<div class=\"elementor-element elementor-element-cp2483344c e-flex e-con-boxed e-con e-parent\" data-id=\"cp2483344c\" data-element_type=\"container\" data-e-type=\"container\">\n\t\t\t\t\t<div class=\"e-con-inner\">\n\t\t\t\t<div class=\"elementor-element elementor-element-cp21ce3fd3 elementor-widget elementor-widget-heading\" data-id=\"cp21ce3fd3\" data-element_type=\"widget\" data-e-type=\"widget\" data-widget_type=\"heading.default\">\n\t\t\t\t\t<h2 class=\"elementor-heading-title elementor-size-default\">Heimildarsta\u00f0a: kristnibo\u00f0s- og \u00fej\u00f3\u00f0fr\u00e6\u00f0iskr\u00e1ning<\/h2>\t\t\t\t<\/div>\n\t\t<div class=\"elementor-element elementor-element-cp208326bd e-flex e-con-boxed e-con e-child\" data-id=\"cp208326bd\" data-element_type=\"container\" data-e-type=\"container\">\n\t\t\t\t\t<div class=\"e-con-inner\">\n\t\t\t\t<div class=\"elementor-element elementor-element-cp2255c84e elementor-widget elementor-widget-text-editor\" data-id=\"cp2255c84e\" data-element_type=\"widget\" data-e-type=\"widget\" data-widget_type=\"text-editor.default\">\n\t\t\t\t\t\t\t\t\t<p>Um <em>Jabmiidaibmu<\/em>, drottningu d\u00e1narr\u00edkis Sama <em>J\u00e1bmiid\u00e1ibmu<\/em>, hefur ekkert forkristi\u00f0 rit skrifa\u00f0 af Sama sj\u00e1lfum var\u00f0veist. \u00d6ll vitneskja kemur \u00far \u00f6\u00f0rum h\u00f6ndum: \u00far skr\u00e1ningum l\u00faterskra kristnibo\u00f0a \u00e1 17. og fram \u00e1 18. \u00f6ld og \u00far s\u00ed\u00f0ari \u00fej\u00f3\u00f0fr\u00e6\u00f0ilegum s\u00f6fnum.<\/p><p>Mikilv\u00e6gustu fyrstu vitnin eru dansk-norsk kristnibo\u00f0ssk\u00fdrslur, s\u00e9rstaklega handrit \u00ed kringum kristnibo\u00f0sr\u00e1\u00f0 Thomas von Westens, auk verka Isaac Olsen og Jens Kildal.<\/p><p>\u00deessar heimildir eru tv\u00f6falt s\u00eda\u00f0ar. \u00cd fyrsta lagi koma \u00fe\u00e6r fr\u00e1 m\u00f6nnum sem b\u00e1ru fram vopn gegn tr\u00fa Sama og l\u00fdstu henni sem hj\u00e1tr\u00fa e\u00f0a dj\u00f6flad\u00fdrkun. \u00cd \u00f6\u00f0ru lagi voru m\u00f6rg n\u00f6fn og hugt\u00f6k skrifu\u00f0 ni\u00f0ur eftir eyranu, \u00e1n samr\u00e6mdrar stafsetningar, \u00feess vegna sveiflast form nafnsins miki\u00f0.<\/p><p>Tr\u00faarbrag\u00f0afr\u00e6\u00f0ingar eins og H\u00e5kan Rydving hafa bent \u00e1 a\u00f0 hinar a\u00f0 \u00fev\u00ed er vir\u00f0ist kerfisbundnu gu\u00f0alistir kristnibo\u00f0anna s\u00e9u a\u00f0 hluta sj\u00e1lfar sm\u00ed\u00f0ar sem \u00fer\u00fdstu hugmyndum Sama inn \u00ed kunnuglegt kerfi.<\/p><p>Vi\u00f0 \u00feetta b\u00e6tist sv\u00e6\u00f0isbundin fj\u00f6lbreytni. Menning Sama n\u00e6r yfir Noreg, Sv\u00ed\u00fej\u00f3\u00f0, Finnland og K\u00f3laskaga me\u00f0 m\u00f6rgum sj\u00e1lfst\u00e6\u00f0um tungum\u00e1lum.<\/p><p>Vera sem birtist \u00ed su\u00f0urs\u00f6mskum heimildum \u00fearf ekki a\u00f0 hafa haft sama hlutverk \u00ed nor\u00f0urs\u00f6mskum e\u00f0a skoltas\u00f6mskum s\u00f6gnum. Fullyr\u00f0ingar um Jabmiidaibmu \u00e6ttu \u00fev\u00ed alltaf a\u00f0 vera tengdar spurningunni um hva\u00f0a sv\u00e6\u00f0i og hva\u00f0a skr\u00e1ningarlag \u00fe\u00e6r koma fr\u00e1.<\/p>\t\t\t\t\t\t\t\t<\/div>\n\t\t\t\t\t<\/div>\n\t\t\t\t<\/div>\n\t\t\t\t\t<\/div>\n\t\t\t\t<\/div>\n\t\t<div class=\"elementor-element elementor-element-cp2fb0f9b8 e-flex e-con-boxed e-con e-parent\" data-id=\"cp2fb0f9b8\" data-element_type=\"container\" data-e-type=\"container\">\n\t\t\t\t\t<div class=\"e-con-inner\">\n\t\t\t\t<div class=\"elementor-element elementor-element-cp2ae0b2b0 elementor-widget elementor-widget-heading\" data-id=\"cp2ae0b2b0\" data-element_type=\"widget\" data-e-type=\"widget\" data-widget_type=\"heading.default\">\n\t\t\t\t\t<h2 class=\"elementor-heading-title elementor-size-default\">J\u00e1bmiid\u00e1ibmu sem sta\u00f0ur: d\u00e1narr\u00edki\u00f0 undir j\u00f6r\u00f0inni<\/h2>\t\t\t\t<\/div>\n\t\t<div class=\"elementor-element elementor-element-cp29eae327 e-flex e-con-boxed e-con e-child\" data-id=\"cp29eae327\" data-element_type=\"container\" data-e-type=\"container\">\n\t\t\t\t\t<div class=\"e-con-inner\">\n\t\t\t\t<div class=\"elementor-element elementor-element-cp2c64f801 elementor-widget elementor-widget-text-editor\" data-id=\"cp2c64f801\" data-element_type=\"widget\" data-e-type=\"widget\" data-widget_type=\"text-editor.default\">\n\t\t\t\t\t\t\t\t\t<p>\u00cd arfleiddum hugmyndum er <em>J\u00e1bmiid\u00e1ibmu<\/em> fyrst og fremst sta\u00f0ur, r\u00edki hinna dau\u00f0u sem hugsa\u00f0 var undir j\u00f6r\u00f0inni, og a\u00f0eins \u00ed \u00f6\u00f0ru lagi pers\u00f3nuger\u00f0 h\u00fasfreyja \u00feessa r\u00edkis.<\/p><p>Sam\u00edska or\u00f0i\u00f0 inniheldur stofninn fyrir \u201ehina dau\u00f0u&#8220; (<em>j\u00e1bmek<\/em>) og or\u00f0hluta fyrir \u201eheim&#8220; e\u00f0a \u201esvi\u00f0&#8220;. Samkv\u00e6mt heimildum lif\u00f0u hinir dau\u00f0u \u00fear tilvist sem l\u00edktist hinni jar\u00f0nesku, en me\u00f0 \u00f6fugum e\u00f0a spegla\u00f0ri einkennum.<\/p><p>Sambandi\u00f0 milli hinna lifandi og r\u00edkis hinna dau\u00f0u var ekki a\u00f0 fullu rofi\u00f0. Margar heimildir greina fr\u00e1 \u00fev\u00ed a\u00f0 <em>noaidi<\/em>, sam\u00edski rit\u00faals\u00e9rfr\u00e6\u00f0ingurinn, g\u00e6ti \u00ed lei\u00f0slu fari\u00f0 ni\u00f0ur til hinna dau\u00f0u til a\u00f0 semja vi\u00f0 \u00fe\u00e1, til d\u00e6mis vegna sj\u00fakd\u00f3ma.<\/p><p>Sj\u00fakd\u00f3mar voru sumpart \u00fatlag\u00f0ir \u00e1 \u00feann h\u00e1tt a\u00f0 hinir dau\u00f0u k\u00f6llu\u00f0u til s\u00edn einhvern \u00e1 l\u00edfi. Noaidinn reyndi \u00fe\u00e1 a\u00f0 bj\u00f3\u00f0a fram f\u00f3rn \u00ed sta\u00f0inn, oft d\u00fdr.<\/p><p>\u00cd \u00feessu samhengi kemur pers\u00f3nuger\u00f0a h\u00fasfreyjan fram. H\u00fan er valdi\u00f0 sem sami\u00f0 er vi\u00f0, sem tekur vi\u00f0 gj\u00f6fum e\u00f0a hafnar \u00feeim. \u00d3l\u00edkt kristnum dau\u00f0a er h\u00fan ekki sk\u00fdrt m\u00f3tu\u00f0 sem \u00f3gnvekjandi e\u00f0a hegnandi; h\u00fan st\u00fdrir sv\u00e6\u00f0i sem hver manneskja fellur a\u00f0 lokum \u00ed hlut, og h\u00fan er f\u00e1or\u00f0 \u00ed hinum f\u00e1t\u00e6klegu heimildum.<\/p><p>\u00deessi f\u00e1or\u00f0ni er ekki galli \u00e1 pers\u00f3nunni heldur aflei\u00f0ing <span class=\"iwg-fachbegriff\" data-tooltip=\"A\u00f0 mi\u00f0la \u00feekkingu og s\u00f6gum kynsl\u00f3\u00f0 fram af kynsl\u00f3\u00f0.\" tabindex=\"0\">munnlegrar geymdar<\/span>: tr\u00fabo\u00f0ar h\u00f6f\u00f0u \u00e1huga \u00e1 \u00fev\u00ed sem \u00feeir g\u00e1tu d\u00e6mt sem skur\u00f0go\u00f0ad\u00fdrkun, ekki \u00e1 f\u00ednlegum einkennum h\u00fasfreyju hins framli\u00f0na heims.<\/p>\t\t\t\t\t\t\t\t<\/div>\n\t\t\t\t\t<\/div>\n\t\t\t\t<\/div>\n\t\t\t\t\t<\/div>\n\t\t\t\t<\/div>\n\t\t<div class=\"elementor-element elementor-element-iwgw-jabmiidaib-lit e-flex e-con-boxed e-con e-parent\" data-id=\"iwgw-jabmiidaib-lit\" data-element_type=\"container\" data-e-type=\"container\">\n\t\t\t\t\t<div class=\"e-con-inner\">\n\t\t\t\t<div class=\"elementor-element elementor-element-iwgw-jabmiidaib-lith elementor-widget elementor-widget-heading\" data-id=\"iwgw-jabmiidaib-lith\" data-element_type=\"widget\" data-e-type=\"widget\" data-widget_type=\"heading.default\">\n\t\t\t\t\t<h2 class=\"elementor-heading-title elementor-size-default\">Heimildir (\u00farval)<\/h2>\t\t\t\t<\/div>\n\t\t<div class=\"elementor-element elementor-element-iwgw-jabmiidaib-litc e-con-full e-flex e-con e-child\" data-id=\"iwgw-jabmiidaib-litc\" data-element_type=\"container\" data-e-type=\"container\">\n\t\t\t\t<div class=\"elementor-element elementor-element-iwgw-jabmiidaib-litt elementor-widget elementor-widget-text-editor\" data-id=\"iwgw-jabmiidaib-litt\" data-element_type=\"widget\" data-e-type=\"widget\" data-widget_type=\"text-editor.default\">\n\t\t\t\t\t\t\t\t\t<div data-nosnippet=\"true\"><ul><li>Johannes Schefferus: <em>Lapponia<\/em> (Frankfurt 1673)<\/li><li>Knud Leem: <em>Beskrivelse over Finmarkens Lapper<\/em> (Kopenhagen 1767)<\/li><li>Lars Levi L\u00e6stadius: <em>Fragmenter i lappska mythologien<\/em> (handrit um 1840)<\/li><li>H\u00e5kan Rydving: <em>The End of Drum-Time<\/em> (Uppsala 1993)<\/li><li>Juha Pentik\u00e4inen: <em>Saamelaiset<\/em> (Helsinki 1995)<\/li><li>Konsta Kaikkonen: <em>Sami Pre-Christian Religion<\/em> (Helsinki 2020)<\/li><\/ul><\/div>\t\t\t\t\t\t\t\t<\/div>\n\t\t\t\t<\/div>\n\t\t\t\t\t<\/div>\n\t\t\t\t<\/div>\n\t\t<div class=\"elementor-element elementor-element-iwgw-jabmiidaib-kwd e-flex e-con-boxed e-con e-parent\" data-id=\"iwgw-jabmiidaib-kwd\" data-element_type=\"container\" data-e-type=\"container\">\n\t\t\t\t\t<div class=\"e-con-inner\">\n\t\t<div class=\"elementor-element elementor-element-iwgw-jabmiidaib-kwdc e-con-full e-flex e-con e-child\" data-id=\"iwgw-jabmiidaib-kwdc\" data-element_type=\"container\" data-e-type=\"container\">\n\t\t\t\t<div class=\"elementor-element elementor-element-iwgw-jabmiidaib-kwdt elementor-widget elementor-widget-text-editor\" data-id=\"iwgw-jabmiidaib-kwdt\" data-element_type=\"widget\" data-e-type=\"widget\" data-widget_type=\"text-editor.default\">\n\t\t\t\t\t\t\t\t\t<p><em>Tengd leitaror\u00f0: Jabmiidaibmu Jamiaibmu J\u00e1bme-aibmu Samar Land hinna dau\u00f0u Undirheimar Noaidi Greftrunarsi\u00f0ir.<\/em><\/p>\t\t\t\t\t\t\t\t<\/div>\n\t\t\t\t<\/div>\n\t\t\t\t\t<\/div>\n\t\t\t\t<\/div>\n\t\t<div class=\"elementor-element elementor-element-iwgw-jabmiidaib-cc e-flex e-con-boxed e-con e-parent\" data-id=\"iwgw-jabmiidaib-cc\" data-element_type=\"container\" data-e-type=\"container\" id=\"iwg-cc-jabmiidaibmu\">\n\t\t\t\t\t<div class=\"e-con-inner\">\n\t\t<div class=\"elementor-element elementor-element-iwgw-jabmiidaib-ccinner e-flex e-con-boxed e-con e-parent\" data-id=\"iwgw-jabmiidaib-ccinner\" data-element_type=\"container\" data-e-type=\"container\" data-settings=\"{&quot;background_background&quot;:&quot;classic&quot;}\">\n\t\t\t\t\t<div class=\"e-con-inner\">\n\t\t\t\t<div class=\"elementor-element elementor-element-iwgw-jabmiidaib-cch elementor-widget elementor-widget-heading\" data-id=\"iwgw-jabmiidaib-cch\" data-element_type=\"widget\" data-e-type=\"widget\" data-widget_type=\"heading.default\">\n\t\t\t\t\t<h2 class=\"elementor-heading-title elementor-size-default\">iWell Guard og verndarhef\u00f0ir<\/h2>\t\t\t\t<\/div>\n\t\t\t\t<div class=\"elementor-element elementor-element-iwgw-jabmiidaib-cct elementor-widget elementor-widget-text-editor\" data-id=\"iwgw-jabmiidaib-cct\" data-element_type=\"widget\" data-e-type=\"widget\" data-widget_type=\"text-editor.default\">\n\t\t\t\t\t\t\t\t\t<div data-nosnippet=\"true\"><p>iWell Guard byggir \u00e1 menningars\u00f6gulegri hef\u00f0 fars\u00edma verndargripa sem borna eru \u00e1 l\u00edkamanum, \u00ed hef\u00f0 <a href=\"https:\/\/iwell-guard.com\/is\/sami-finnsk-ugrisk-hefd-noaidi-tromma\/\">Sama<\/a> og margra annarra menningarheima um allan heim. 41 l\u00f6g, alv\u00f6ru gull, plat\u00edna, silfur, framleitt \u00ed \u00de\u00fdskalandi. 30 daga skilar\u00e9ttur.<\/p><\/div>\t\t\t\t\t\t\t\t<\/div>\n\t\t\t\t<div class=\"elementor-element elementor-element-iwgw-jabmiidaib-ccb iwg-cc-button iwg-cc-cta-2026-05-13 elementor-widget elementor-widget-jet-button\" data-id=\"iwgw-jabmiidaib-ccb\" data-element_type=\"widget\" data-e-type=\"widget\" data-widget_type=\"jet-button.default\">\n\t\t\t\t<div class=\"elementor-widget-container\">\n\t\t\t\t\t<div class=\"elementor-jet-button jet-elements\"><div class=\"jet-button__container\"><a class=\"jet-button__instance jet-button__instance--icon-left hover-effect-1\" href=\"\/ueber-iwell-guard\/?utm_source=iwell-guard.com&amp;utm_medium=info-box&amp;utm_campaign=wesen-tradition\"><div class=\"jet-button__plane jet-button__plane-normal\"><\/div><div class=\"jet-button__plane jet-button__plane-hover\"><\/div><div class=\"jet-button__state jet-button__state-normal\"><span class=\"jet-button__label\">Meira um iWell Guard<\/span><\/div><div class=\"jet-button__state jet-button__state-hover\"><span class=\"jet-button__label\">Meira um iWell Guard<\/span><\/div><\/a><\/div><\/div><style>.elementor-element.elementor-element-iwgw-jabmiidaib-ccb .jet-button__instance{width:320px;height:56px;}.elementor-element.elementor-element-iwgw-jabmiidaib-ccb .jet-button__state-normal .jet-button__label{text-align:center;margin:0px 0px 0px 0px;color:#1a1b20;font-family:Montserrat,sans-serif;font-size:13px;font-weight:400;letter-spacing:4px;line-height:1.714em;text-transform:uppercase;}.elementor-element.elementor-element-iwgw-jabmiidaib-ccb .jet-button__state-hover .jet-button__label{text-align:center;margin:0px 0px 0px 0px;color:#FECC76;font-family:Montserrat,sans-serif;font-size:13px;font-weight:400;letter-spacing:4px;line-height:1.714em;text-transform:uppercase;}.elementor-element.elementor-element-iwgw-jabmiidaib-ccb .jet-button__plane-normal{background-color:#FECC76;border-style:solid;border-color:#C99540;border-width:2px 2px 2px 2px;}.elementor-element.elementor-element-iwgw-jabmiidaib-ccb .jet-button__plane-hover{background-color:rgba(0,0,0,0.55);border-style:solid;border-color:#FECC76;border-width:2px 2px 2px 2px;}<\/style>\t\t\t\t<\/div>\n\t\t\t\t<\/div>\n\t\t\t\t<div class=\"elementor-element elementor-element-iwgw-jabmiidaib-ccd elementor-widget elementor-widget-text-editor\" data-id=\"iwgw-jabmiidaib-ccd\" data-element_type=\"widget\" data-e-type=\"widget\" data-widget_type=\"text-editor.default\">\n\t\t\t\t\t\t\t\t\t<div data-nosnippet=\"true\"><p style=\"text-align:center;font-size:13px;opacity:0.7;margin-top:14px\" data-nosnippet=\"true\">Pers\u00f3nuleg reynsla getur veri\u00f0 mismunandi. Ekki l\u00e6kningat\u00e6ki. Engin lofor\u00f0 um l\u00e6kningu.<\/p><\/div>\t\t\t\t\t\t\t\t<\/div>\n\t\t\t\t\t<\/div>\n\t\t\t\t<\/div>\n\t\t\t\t\t<\/div>\n\t\t\t\t<\/div>\n\t\t<div class=\"elementor-element elementor-element-iwgw-jabmiidaib-disc e-flex e-con-boxed e-con e-parent\" data-id=\"iwgw-jabmiidaib-disc\" data-element_type=\"container\" data-e-type=\"container\">\n\t\t\t\t\t<div class=\"e-con-inner\">\n\t\t\t\t<div class=\"elementor-element elementor-element-iwgw-jabmiidaib-discw elementor-widget elementor-widget-html\" data-id=\"iwgw-jabmiidaib-discw\" data-element_type=\"widget\" data-e-type=\"widget\" data-widget_type=\"html.default\">\n\t\t\t\t\t<footer data-nosnippet=\"true\" class=\"iwg-disclaimer-block\"><p data-nosnippet=\"true\">iWell Guard er <strong>ekki l\u00e6kningat\u00e6ki<\/strong> og kemur ekki \u00ed sta\u00f0inn fyrir l\u00e6knis- e\u00f0a s\u00e1lfr\u00e6\u00f0ime\u00f0fer\u00f0. Tr\u00faarfr\u00e6\u00f0ilegt efni er menningars\u00f6gulegt samhengi, ekki r\u00e1\u00f0legging um andlega i\u00f0kun.<\/p><\/footer>\t\t\t\t<\/div>\n\t\t\t\t\t<\/div>\n\t\t\t\t<\/div>\n\t\t\t\t<\/div>\n\t\t","protected":false},"excerpt":{"rendered":"","protected":false},"author":3,"featured_media":2888,"parent":0,"menu_order":0,"comment_status":"closed","ping_status":"closed","template":"elementor_header_footer","meta":{"_yoast_wpseo_focuskw":"Jabmiidaibmu d\u00e1narheimur Sama","_yoast_wpseo_title":"Jabmiidaibmu - d\u00e1narheimur sam\u00edsku tr\u00faarbrag\u00f0anna","_yoast_wpseo_metadesc":"Jabmiidaibmu er d\u00e1narheimur sam\u00edsku tr\u00faarbrag\u00f0anna, r\u00edki hinna framli\u00f0nu ne\u00f0anjar\u00f0ar. Tr\u00faarbrag\u00f0afr\u00e6\u00f0ileg \u00fattekt me\u00f0 tilv\u00edsunum \u00ed heimildir.","_yoast_wpseo_meta-robots-noindex":"","_yoast_wpseo_canonical":"","_angie_page":false,"gefaehrdungsstufe":"3","wesen_kultur":"sami","wesen_klasse":"geister","footnotes":""},"categories":[],"class_list":["post-169017","page","type-page","status-publish","has-post-thumbnail","hentry"],"yoast_head":"<!-- This site is optimized with the Yoast SEO Premium plugin v27.7 (Yoast SEO v28.3) - https:\/\/yoast.com\/product\/yoast-seo-premium-wordpress\/ -->\n<title>Jabmiidaibmu - d\u00e1narheimur sam\u00edsku tr\u00faarbrag\u00f0anna<\/title>\n<meta name=\"description\" content=\"Jabmiidaibmu er d\u00e1narheimur sam\u00edsku tr\u00faarbrag\u00f0anna, r\u00edki hinna framli\u00f0nu ne\u00f0anjar\u00f0ar. Tr\u00faarbrag\u00f0afr\u00e6\u00f0ileg \u00fattekt me\u00f0 tilv\u00edsunum \u00ed heimildir.\" \/>\n<meta name=\"robots\" content=\"index, follow, max-snippet:-1, max-image-preview:large, max-video-preview:-1\" \/>\n<link rel=\"canonical\" href=\"https:\/\/iwell-guard.com\/is\/jabmiidaibmu-danarheimur-samar\/\" \/>\n<meta property=\"og:locale\" content=\"is_IS\" \/>\n<meta property=\"og:type\" content=\"article\" \/>\n<meta property=\"og:title\" content=\"Jabmiidaibmu - d\u00e1narheimur og r\u00edki hinna framli\u00f0nu me\u00f0al Sama\" \/>\n<meta property=\"og:description\" content=\"Jabmiidaibmu er d\u00e1narheimur sam\u00edsku tr\u00faarbrag\u00f0anna, r\u00edki hinna framli\u00f0nu ne\u00f0anjar\u00f0ar. Tr\u00faarbrag\u00f0afr\u00e6\u00f0ileg \u00fattekt me\u00f0 tilv\u00edsunum \u00ed heimildir.\" \/>\n<meta property=\"og:url\" content=\"https:\/\/iwell-guard.com\/is\/jabmiidaibmu-danarheimur-samar\/\" \/>\n<meta property=\"og:site_name\" content=\"iWell Guard\" \/>\n<meta property=\"article:modified_time\" content=\"2026-09-05T14:29:59+00:00\" \/>\n<meta property=\"og:image\" content=\"https:\/\/iwell-guard.com\/wp-content\/uploads\/2026\/05\/geister_sami_jabmiidaibmu.webp\" \/>\n\t<meta property=\"og:image:width\" content=\"1024\" \/>\n\t<meta property=\"og:image:height\" content=\"1536\" \/>\n\t<meta property=\"og:image:type\" content=\"image\/webp\" \/>\n<meta name=\"twitter:card\" content=\"summary_large_image\" \/>\n<script type=\"application\/ld+json\" class=\"yoast-schema-graph\">{\"@context\":\"https:\\\/\\\/schema.org\",\"@graph\":[{\"@type\":\"WebPage\",\"@id\":\"https:\\\/\\\/iwell-guard.com\\\/is\\\/jabmiidaibmu-danarheimur-samar\\\/\",\"url\":\"https:\\\/\\\/iwell-guard.com\\\/is\\\/jabmiidaibmu-danarheimur-samar\\\/\",\"name\":\"Jabmiidaibmu - d\u00e1narheimur sam\u00edsku tr\u00faarbrag\u00f0anna\",\"isPartOf\":{\"@id\":\"https:\\\/\\\/iwell-guard.com\\\/is\\\/#website\"},\"primaryImageOfPage\":{\"@id\":\"https:\\\/\\\/iwell-guard.com\\\/is\\\/jabmiidaibmu-danarheimur-samar\\\/#primaryimage\"},\"image\":{\"@id\":\"https:\\\/\\\/iwell-guard.com\\\/is\\\/jabmiidaibmu-danarheimur-samar\\\/#primaryimage\"},\"thumbnailUrl\":\"https:\\\/\\\/iwell-guard.com\\\/wp-content\\\/uploads\\\/2026\\\/05\\\/geister_sami_jabmiidaibmu.webp\",\"datePublished\":\"2026-09-05T14:04:51+00:00\",\"dateModified\":\"2026-09-05T14:29:59+00:00\",\"description\":\"Jabmiidaibmu er d\u00e1narheimur sam\u00edsku tr\u00faarbrag\u00f0anna, r\u00edki hinna framli\u00f0nu ne\u00f0anjar\u00f0ar. Tr\u00faarbrag\u00f0afr\u00e6\u00f0ileg \u00fattekt me\u00f0 tilv\u00edsunum \u00ed heimildir.\",\"breadcrumb\":{\"@id\":\"https:\\\/\\\/iwell-guard.com\\\/is\\\/jabmiidaibmu-danarheimur-samar\\\/#breadcrumb\"},\"inLanguage\":\"is\",\"potentialAction\":[{\"@type\":\"ReadAction\",\"target\":[\"https:\\\/\\\/iwell-guard.com\\\/is\\\/jabmiidaibmu-danarheimur-samar\\\/\"]}]},{\"@type\":\"ImageObject\",\"inLanguage\":\"is\",\"@id\":\"https:\\\/\\\/iwell-guard.com\\\/is\\\/jabmiidaibmu-danarheimur-samar\\\/#primaryimage\",\"url\":\"https:\\\/\\\/iwell-guard.com\\\/wp-content\\\/uploads\\\/2026\\\/05\\\/geister_sami_jabmiidaibmu.webp\",\"contentUrl\":\"https:\\\/\\\/iwell-guard.com\\\/wp-content\\\/uploads\\\/2026\\\/05\\\/geister_sami_jabmiidaibmu.webp\",\"width\":1024,\"height\":1536,\"caption\":\"Andar \u00far sam\u00edskri hef\u00f0.\"},{\"@type\":\"BreadcrumbList\",\"@id\":\"https:\\\/\\\/iwell-guard.com\\\/is\\\/jabmiidaibmu-danarheimur-samar\\\/#breadcrumb\",\"itemListElement\":[{\"@type\":\"ListItem\",\"position\":1,\"name\":\"Start\",\"item\":\"https:\\\/\\\/iwell-guard.com\\\/is\\\/?page_id=168580\"},{\"@type\":\"ListItem\",\"position\":2,\"name\":\"Jabmiidaibmu &#8211; d\u00e1narheimur og r\u00edki hinna framli\u00f0nu me\u00f0al Sama\"}]},{\"@type\":\"WebSite\",\"@id\":\"https:\\\/\\\/iwell-guard.com\\\/is\\\/#website\",\"url\":\"https:\\\/\\\/iwell-guard.com\\\/is\\\/\",\"name\":\"iWell Guard\",\"description\":\"Schutz vor dunklen Einfl\u00fcssen\",\"publisher\":{\"@id\":\"https:\\\/\\\/iwell-guard.com\\\/is\\\/#organization\"},\"potentialAction\":[{\"@type\":\"SearchAction\",\"target\":{\"@type\":\"EntryPoint\",\"urlTemplate\":\"https:\\\/\\\/iwell-guard.com\\\/is\\\/?s={search_term_string}\"},\"query-input\":{\"@type\":\"PropertyValueSpecification\",\"valueRequired\":true,\"valueName\":\"search_term_string\"}}],\"inLanguage\":\"is\"},{\"@type\":\"Organization\",\"@id\":\"https:\\\/\\\/iwell-guard.com\\\/is\\\/#organization\",\"name\":\"Ittermann electronic GmbH\",\"url\":\"https:\\\/\\\/iwell-guard.com\\\/is\\\/\",\"logo\":{\"@type\":\"ImageObject\",\"inLanguage\":\"is\",\"@id\":\"https:\\\/\\\/iwell-guard.com\\\/is\\\/#\\\/schema\\\/logo\\\/image\\\/\",\"url\":\"https:\\\/\\\/iwell-guard.com\\\/wp-content\\\/uploads\\\/2026\\\/05\\\/Ittermann-Logo-1182x237-1.png\",\"contentUrl\":\"https:\\\/\\\/iwell-guard.com\\\/wp-content\\\/uploads\\\/2026\\\/05\\\/Ittermann-Logo-1182x237-1.png\",\"width\":1182,\"height\":237,\"caption\":\"Ittermann electronic GmbH\"},\"image\":{\"@id\":\"https:\\\/\\\/iwell-guard.com\\\/is\\\/#\\\/schema\\\/logo\\\/image\\\/\"},\"sameAs\":[\"https:\\\/\\\/pantip.com\\\/profile\\\/9367242\",\"https:\\\/\\\/micro.blog\\\/iwellguard\",\"https:\\\/\\\/www.diggerslist.com\\\/iwellguard\\\/about\",\"https:\\\/\\\/skitterphoto.com\\\/photographers\\\/2870314\\\/iwell-guard\",\"https:\\\/\\\/iwellguard.wordpress.com\\\/2026\\\/06\\\/06\\\/iwell-guard\\\/\",\"https:\\\/\\\/hub.docker.com\\\/u\\\/iwellguard\",\"https:\\\/\\\/www.pinterest.com\\\/iwellguard\\\/\",\"https:\\\/\\\/bit.ly\\\/m\\\/iwellguard\",\"https:\\\/\\\/entre-vos-mains.alsace.eu\\\/profiles\\\/iwellguard\\\/activity\",\"https:\\\/\\\/gravatar.com\\\/reallybeded8fd34\",\"https:\\\/\\\/naijamatta.com\\\/iwellguard\",\"https:\\\/\\\/www.goodreads.com\\\/iwellguard\",\"https:\\\/\\\/profile.hatena.ne.jp\\\/iwellguard\\\/\",\"https:\\\/\\\/experiment.com\\\/users\\\/iwellguard\",\"https:\\\/\\\/wakelet.com\\\/@iWellGuard82270\",\"https:\\\/\\\/www.chordie.com\\\/forum\\\/profile.php?id=2555664\",\"https:\\\/\\\/www.instapaper.com\\\/p\\\/17757966\",\"https:\\\/\\\/www.mapleprimes.com\\\/users\\\/iwellguard\",\"https:\\\/\\\/businesslistingplus.com\\\/profile\\\/iwell-guard\\\/\",\"https:\\\/\\\/telegra.ph\\\/iWell-Guard-06-06\",\"https:\\\/\\\/pbase.com\\\/iwellguard\\\/iwellguard\",\"https:\\\/\\\/b.hatena.ne.jp\\\/iwellguard\\\/20260607#bookmark-4788405196491818882\",\"https:\\\/\\\/fliphtml5.com\\\/home\\\/iwellguard\",\"https:\\\/\\\/anyflip.com\\\/homepage\\\/cmiwl#About\",\"https:\\\/\\\/transfur.com\\\/Users\\\/iwellguard\",\"http:\\\/\\\/delphi.larsbo.org\\\/user\\\/iwellguard\",\"https:\\\/\\\/jobs.lajobsportal.org\\\/profiles\\\/8380803-iwell-guard\",\"https:\\\/\\\/md.chaosdorf.de\\\/s\\\/jfbe5SBdJD\",\"https:\\\/\\\/www.lingvolive.com\\\/en-us\\\/profile\\\/9ecaeaca-ce11-4e51-9e71-01d55e2bff36\\\/translations\",\"https:\\\/\\\/www.fitday.com\\\/fitness\\\/forums\\\/members\\\/iwellguard.html\",\"https:\\\/\\\/www.mymeetbook.com\\\/iwellguard\",\"https:\\\/\\\/pxhere.com\\\/en\\\/photographer-me\\\/5040798\",\"https:\\\/\\\/disqus.com\\\/by\\\/iwellguard\\\/about\\\/\",\"https:\\\/\\\/pastelink.net\\\/hjwciqwq\",\"https:\\\/\\\/pubhtml5.com\\\/homepage\\\/scjhn\\\/\",\"https:\\\/\\\/www.bitchute.com\\\/channel\\\/2O2eOKzNqujT\",\"https:\\\/\\\/audiomack.com\\\/iwellguard\"]},{\"@type\":\"Article\",\"@id\":\"https:\\\/\\\/iwell-guard.com\\\/is\\\/jabmiidaibmu-danarheimur-samar\\\/#article\",\"isPartOf\":{\"@id\":\"https:\\\/\\\/iwell-guard.com\\\/is\\\/jabmiidaibmu-danarheimur-samar\\\/\"},\"author\":{\"name\":\"Ralf Ittermann\",\"@id\":\"https:\\\/\\\/iwell-guard.com\\\/is\\\/#\\\/schema\\\/person\\\/ee2a27f1cac3406c7c6fb5820cb7349f\"},\"headline\":\"Jabmiidaibmu &#8211; d\u00e1narheimur og r\u00edki hinna framli\u00f0nu me\u00f0al Sama\",\"datePublished\":\"2026-09-05T14:04:51+00:00\",\"dateModified\":\"2026-09-05T14:29:59+00:00\",\"mainEntityOfPage\":{\"@id\":\"https:\\\/\\\/iwell-guard.com\\\/is\\\/jabmiidaibmu-danarheimur-samar\\\/\"},\"publisher\":{\"@id\":\"https:\\\/\\\/iwell-guard.com\\\/is\\\/#organization\"},\"image\":{\"@id\":\"https:\\\/\\\/iwell-guard.com\\\/is\\\/jabmiidaibmu-danarheimur-samar\\\/#primaryimage\"},\"thumbnailUrl\":\"https:\\\/\\\/iwell-guard.com\\\/wp-content\\\/uploads\\\/2026\\\/05\\\/geister_sami_jabmiidaibmu.webp\",\"inLanguage\":\"is\",\"description\":\"Jabmiidaibmu er d\u00e1narheimur sam\u00edsku tr\u00faarbrag\u00f0anna, r\u00edki hinna framli\u00f0nu ne\u00f0anjar\u00f0ar. Tr\u00faarbrag\u00f0afr\u00e6\u00f0ileg \u00fattekt me\u00f0 tilv\u00edsunum \u00ed heimildir.\"}]}<\/script>\n<!-- \/ Yoast SEO Premium plugin. -->","yoast_head_json":{"title":"Jabmiidaibmu - d\u00e1narheimur sam\u00edsku tr\u00faarbrag\u00f0anna","description":"Jabmiidaibmu er d\u00e1narheimur sam\u00edsku tr\u00faarbrag\u00f0anna, r\u00edki hinna framli\u00f0nu ne\u00f0anjar\u00f0ar. Tr\u00faarbrag\u00f0afr\u00e6\u00f0ileg \u00fattekt me\u00f0 tilv\u00edsunum \u00ed heimildir.","robots":{"index":"index","follow":"follow","max-snippet":"max-snippet:-1","max-image-preview":"max-image-preview:large","max-video-preview":"max-video-preview:-1"},"canonical":"https:\/\/iwell-guard.com\/is\/jabmiidaibmu-danarheimur-samar\/","og_locale":"is_IS","og_type":"article","og_title":"Jabmiidaibmu - d\u00e1narheimur og r\u00edki hinna framli\u00f0nu me\u00f0al Sama","og_description":"Jabmiidaibmu er d\u00e1narheimur sam\u00edsku tr\u00faarbrag\u00f0anna, r\u00edki hinna framli\u00f0nu ne\u00f0anjar\u00f0ar. Tr\u00faarbrag\u00f0afr\u00e6\u00f0ileg \u00fattekt me\u00f0 tilv\u00edsunum \u00ed heimildir.","og_url":"https:\/\/iwell-guard.com\/is\/jabmiidaibmu-danarheimur-samar\/","og_site_name":"iWell Guard","article_modified_time":"2026-09-05T14:29:59+00:00","og_image":[{"width":1024,"height":1536,"url":"https:\/\/iwell-guard.com\/wp-content\/uploads\/2026\/05\/geister_sami_jabmiidaibmu.webp","type":"image\/webp"}],"twitter_card":"summary_large_image","schema":{"@context":"https:\/\/schema.org","@graph":[{"@type":"Article","@id":"https:\/\/iwell-guard.com\/is\/jabmiidaibmu-danarheimur-samar\/#article","isPartOf":{"@id":"https:\/\/iwell-guard.com\/is\/jabmiidaibmu-danarheimur-samar\/"},"author":{"name":"Ralf Ittermann","@id":"https:\/\/iwell-guard.com\/is\/#\/schema\/person\/ee2a27f1cac3406c7c6fb5820cb7349f"},"headline":"Jabmiidaibmu &#8211; d\u00e1narheimur og r\u00edki hinna framli\u00f0nu me\u00f0al Sama","datePublished":"2026-09-05T14:04:51+00:00","dateModified":"2026-09-05T14:29:59+00:00","mainEntityOfPage":{"@id":"https:\/\/iwell-guard.com\/is\/jabmiidaibmu-danarheimur-samar\/"},"publisher":{"@id":"https:\/\/iwell-guard.com\/is\/#organization"},"image":{"@id":"https:\/\/iwell-guard.com\/is\/jabmiidaibmu-danarheimur-samar\/#primaryimage"},"thumbnailUrl":"https:\/\/iwell-guard.com\/wp-content\/uploads\/2026\/05\/geister_sami_jabmiidaibmu.webp","inLanguage":"is","description":"Jabmiidaibmu er d\u00e1narheimur sam\u00edsku tr\u00faarbrag\u00f0anna, r\u00edki hinna framli\u00f0nu ne\u00f0anjar\u00f0ar. Tr\u00faarbrag\u00f0afr\u00e6\u00f0ileg \u00fattekt me\u00f0 tilv\u00edsunum \u00ed heimildir."},{"@type":"WebPage","@id":"https:\/\/iwell-guard.com\/is\/jabmiidaibmu-danarheimur-samar\/","url":"https:\/\/iwell-guard.com\/is\/jabmiidaibmu-danarheimur-samar\/","name":"Jabmiidaibmu - d\u00e1narheimur sam\u00edsku tr\u00faarbrag\u00f0anna","isPartOf":{"@id":"https:\/\/iwell-guard.com\/is\/#website"},"primaryImageOfPage":{"@id":"https:\/\/iwell-guard.com\/is\/jabmiidaibmu-danarheimur-samar\/#primaryimage"},"image":{"@id":"https:\/\/iwell-guard.com\/is\/jabmiidaibmu-danarheimur-samar\/#primaryimage"},"thumbnailUrl":"https:\/\/iwell-guard.com\/wp-content\/uploads\/2026\/05\/geister_sami_jabmiidaibmu.webp","datePublished":"2026-09-05T14:04:51+00:00","dateModified":"2026-09-05T14:29:59+00:00","description":"Jabmiidaibmu er d\u00e1narheimur sam\u00edsku tr\u00faarbrag\u00f0anna, r\u00edki hinna framli\u00f0nu ne\u00f0anjar\u00f0ar. Tr\u00faarbrag\u00f0afr\u00e6\u00f0ileg \u00fattekt me\u00f0 tilv\u00edsunum \u00ed heimildir.","breadcrumb":{"@id":"https:\/\/iwell-guard.com\/is\/jabmiidaibmu-danarheimur-samar\/#breadcrumb"},"inLanguage":"is","potentialAction":[{"@type":"ReadAction","target":["https:\/\/iwell-guard.com\/is\/jabmiidaibmu-danarheimur-samar\/"]}]},{"@type":"ImageObject","inLanguage":"is","@id":"https:\/\/iwell-guard.com\/is\/jabmiidaibmu-danarheimur-samar\/#primaryimage","url":"https:\/\/iwell-guard.com\/wp-content\/uploads\/2026\/05\/geister_sami_jabmiidaibmu.webp","contentUrl":"https:\/\/iwell-guard.com\/wp-content\/uploads\/2026\/05\/geister_sami_jabmiidaibmu.webp","width":1024,"height":1536,"caption":"Andar \u00far sam\u00edskri hef\u00f0."},{"@type":"BreadcrumbList","@id":"https:\/\/iwell-guard.com\/is\/jabmiidaibmu-danarheimur-samar\/#breadcrumb","itemListElement":[{"@type":"ListItem","position":1,"name":"Start","item":"https:\/\/iwell-guard.com\/is\/?page_id=168580"},{"@type":"ListItem","position":2,"name":"Jabmiidaibmu &#8211; d\u00e1narheimur og r\u00edki hinna framli\u00f0nu me\u00f0al Sama"}]},{"@type":"WebSite","@id":"https:\/\/iwell-guard.com\/is\/#website","url":"https:\/\/iwell-guard.com\/is\/","name":"iWell Guard","description":"Schutz vor dunklen Einfl\u00fcssen","publisher":{"@id":"https:\/\/iwell-guard.com\/is\/#organization"},"potentialAction":[{"@type":"SearchAction","target":{"@type":"EntryPoint","urlTemplate":"https:\/\/iwell-guard.com\/is\/?s={search_term_string}"},"query-input":{"@type":"PropertyValueSpecification","valueRequired":true,"valueName":"search_term_string"}}],"inLanguage":"is"},{"@type":"Organization","@id":"https:\/\/iwell-guard.com\/is\/#organization","name":"Ittermann electronic GmbH","url":"https:\/\/iwell-guard.com\/is\/","logo":{"@type":"ImageObject","inLanguage":"is","@id":"https:\/\/iwell-guard.com\/is\/#\/schema\/logo\/image\/","url":"https:\/\/iwell-guard.com\/wp-content\/uploads\/2026\/05\/Ittermann-Logo-1182x237-1.png","contentUrl":"https:\/\/iwell-guard.com\/wp-content\/uploads\/2026\/05\/Ittermann-Logo-1182x237-1.png","width":1182,"height":237,"caption":"Ittermann electronic GmbH"},"image":{"@id":"https:\/\/iwell-guard.com\/is\/#\/schema\/logo\/image\/"},"sameAs":["https:\/\/pantip.com\/profile\/9367242","https:\/\/micro.blog\/iwellguard","https:\/\/www.diggerslist.com\/iwellguard\/about","https:\/\/skitterphoto.com\/photographers\/2870314\/iwell-guard","https:\/\/iwellguard.wordpress.com\/2026\/06\/06\/iwell-guard\/","https:\/\/hub.docker.com\/u\/iwellguard","https:\/\/www.pinterest.com\/iwellguard\/","https:\/\/bit.ly\/m\/iwellguard","https:\/\/entre-vos-mains.alsace.eu\/profiles\/iwellguard\/activity","https:\/\/gravatar.com\/reallybeded8fd34","https:\/\/naijamatta.com\/iwellguard","https:\/\/www.goodreads.com\/iwellguard","https:\/\/profile.hatena.ne.jp\/iwellguard\/","https:\/\/experiment.com\/users\/iwellguard","https:\/\/wakelet.com\/@iWellGuard82270","https:\/\/www.chordie.com\/forum\/profile.php?id=2555664","https:\/\/www.instapaper.com\/p\/17757966","https:\/\/www.mapleprimes.com\/users\/iwellguard","https:\/\/businesslistingplus.com\/profile\/iwell-guard\/","https:\/\/telegra.ph\/iWell-Guard-06-06","https:\/\/pbase.com\/iwellguard\/iwellguard","https:\/\/b.hatena.ne.jp\/iwellguard\/20260607#bookmark-4788405196491818882","https:\/\/fliphtml5.com\/home\/iwellguard","https:\/\/anyflip.com\/homepage\/cmiwl#About","https:\/\/transfur.com\/Users\/iwellguard","http:\/\/delphi.larsbo.org\/user\/iwellguard","https:\/\/jobs.lajobsportal.org\/profiles\/8380803-iwell-guard","https:\/\/md.chaosdorf.de\/s\/jfbe5SBdJD","https:\/\/www.lingvolive.com\/en-us\/profile\/9ecaeaca-ce11-4e51-9e71-01d55e2bff36\/translations","https:\/\/www.fitday.com\/fitness\/forums\/members\/iwellguard.html","https:\/\/www.mymeetbook.com\/iwellguard","https:\/\/pxhere.com\/en\/photographer-me\/5040798","https:\/\/disqus.com\/by\/iwellguard\/about\/","https:\/\/pastelink.net\/hjwciqwq","https:\/\/pubhtml5.com\/homepage\/scjhn\/","https:\/\/www.bitchute.com\/channel\/2O2eOKzNqujT","https:\/\/audiomack.com\/iwellguard"]},{"@type":"Person","@id":"https:\/\/iwell-guard.com\/is\/#\/schema\/person\/ee2a27f1cac3406c7c6fb5820cb7349f","name":"Ralf Ittermann","image":{"@type":"ImageObject","inLanguage":"is","@id":"https:\/\/secure.gravatar.com\/avatar\/073c0153e350a5005b68eb752b445fea71f6b24a26da9449ad7e155e6b446c9d?s=96&d=mm&r=g","url":"https:\/\/secure.gravatar.com\/avatar\/073c0153e350a5005b68eb752b445fea71f6b24a26da9449ad7e155e6b446c9d?s=96&d=mm&r=g","contentUrl":"https:\/\/secure.gravatar.com\/avatar\/073c0153e350a5005b68eb752b445fea71f6b24a26da9449ad7e155e6b446c9d?s=96&d=mm&r=g","caption":"Ralf Ittermann"},"givenName":"Ralf","familyName":"Ittermann","jobTitle":"Gesch\u00e4ftsf\u00fchrer und redaktioneller Verantwortlicher","url":"https:\/\/iwell-guard.com\/is\/author\/claude\/","description":"Ralf Ittermann ist Gesch\u00e4ftsf\u00fchrer der Ittermann electronic GmbH und redaktioneller Verantwortlicher des iWell-Guard-Lexikons. Er verbindet langj\u00e4hrige Erfahrung in der Pr\u00e4zisionsfertigung mit medialer Praxis und religionsgeschichtlicher Quellenarbeit.","worksFor":{"@type":"Organization","name":"Ittermann electronic GmbH","url":"https:\/\/ittermann.de\/","address":{"@type":"PostalAddress","streetAddress":"K\u00f6hlergasse 16-18","postalCode":"99842","addressLocality":"Ruhla","addressCountry":"DE"}},"knowsAbout":["Religionsgeschichte","Mythologie","Mediale Praxis","Energetische Diagnostik","Schutzpraxis","Volksglauben","Westliche Esoterik"]},{"@type":"Article","@id":"https:\/\/iwell-guard.com\/is\/jabmiidaibmu-danarheimur-samar\/#article","isPartOf":{"@id":"https:\/\/iwell-guard.com\/is\/jabmiidaibmu-danarheimur-samar\/"},"author":{"name":"Ralf Ittermann","@id":"https:\/\/iwell-guard.com\/is\/#\/schema\/person\/ee2a27f1cac3406c7c6fb5820cb7349f"},"headline":"Jabmiidaibmu &#8211; d\u00e1narheimur og r\u00edki hinna framli\u00f0nu me\u00f0al Sama","datePublished":"2026-09-05T14:04:51+00:00","dateModified":"2026-09-05T14:29:59+00:00","mainEntityOfPage":{"@id":"https:\/\/iwell-guard.com\/is\/jabmiidaibmu-danarheimur-samar\/"},"publisher":{"@id":"https:\/\/iwell-guard.com\/is\/#organization"},"image":{"@id":"https:\/\/iwell-guard.com\/is\/jabmiidaibmu-danarheimur-samar\/#primaryimage"},"thumbnailUrl":"https:\/\/iwell-guard.com\/wp-content\/uploads\/2026\/05\/geister_sami_jabmiidaibmu.webp","inLanguage":"is","description":"Jabmiidaibmu er d\u00e1narheimur sam\u00edsku tr\u00faarbrag\u00f0anna, r\u00edki hinna framli\u00f0nu ne\u00f0anjar\u00f0ar. Tr\u00faarbrag\u00f0afr\u00e6\u00f0ileg \u00fattekt me\u00f0 tilv\u00edsunum \u00ed heimildir."}]}},"_links":{"self":[{"href":"https:\/\/iwell-guard.com\/is\/wp-json\/wp\/v2\/pages\/169017","targetHints":{"allow":["GET"]}}],"collection":[{"href":"https:\/\/iwell-guard.com\/is\/wp-json\/wp\/v2\/pages"}],"about":[{"href":"https:\/\/iwell-guard.com\/is\/wp-json\/wp\/v2\/types\/page"}],"author":[{"embeddable":true,"href":"https:\/\/iwell-guard.com\/is\/wp-json\/wp\/v2\/users\/3"}],"replies":[{"embeddable":true,"href":"https:\/\/iwell-guard.com\/is\/wp-json\/wp\/v2\/comments?post=169017"}],"version-history":[{"count":0,"href":"https:\/\/iwell-guard.com\/is\/wp-json\/wp\/v2\/pages\/169017\/revisions"}],"wp:featuredmedia":[{"embeddable":true,"href":"https:\/\/iwell-guard.com\/is\/wp-json\/wp\/v2\/media\/2888"}],"wp:attachment":[{"href":"https:\/\/iwell-guard.com\/is\/wp-json\/wp\/v2\/media?parent=169017"}],"wp:term":[{"taxonomy":"category","embeddable":true,"href":"https:\/\/iwell-guard.com\/is\/wp-json\/wp\/v2\/categories?post=169017"}],"curies":[{"name":"wp","href":"https:\/\/api.w.org\/{rel}","templated":true}]}}