{"id":169013,"date":"2026-09-05T14:04:50","date_gmt":"2026-09-05T14:04:50","guid":{"rendered":"https:\/\/iwell-guard.com\/?page_id=169013"},"modified":"2026-09-05T14:29:53","modified_gmt":"2026-09-05T14:29:53","slug":"sara-akka-faedingargydja-sama","status":"publish","type":"page","link":"https:\/\/iwell-guard.com\/is\/sara-akka-faedingargydja-sama\/","title":{"rendered":"Sara-Akka &#8211; F\u00e6\u00f0ingargy\u00f0ja Sama"},"content":{"rendered":"\t\t<div data-elementor-type=\"wp-page\" data-elementor-id=\"169013\" class=\"elementor elementor-169013 elementor-2668 elementor-bc-flex-widget\" data-elementor-post-type=\"page\">\n\t\t\t\t<div class=\"elementor-element elementor-element-iwgw-saraakka-hero e-flex e-con-boxed e-con e-parent\" data-id=\"iwgw-saraakka-hero\" data-element_type=\"container\" data-e-type=\"container\" data-settings=\"{&quot;background_background&quot;:&quot;classic&quot;}\">\n\t\t\t\t\t<div class=\"e-con-inner\">\n\t\t<div class=\"elementor-element elementor-element-iwgw-saraakka-hl e-flex e-con-boxed e-con e-child\" data-id=\"iwgw-saraakka-hl\" data-element_type=\"container\" data-e-type=\"container\">\n\t\t\t\t\t<div class=\"e-con-inner\">\n\t\t<div class=\"elementor-element elementor-element-iwgw-saraakka-htxt e-con-full e-flex e-con e-child\" data-id=\"iwgw-saraakka-htxt\" data-element_type=\"container\" data-e-type=\"container\">\n\t\t\t\t<div class=\"elementor-element elementor-element-iwgw-saraakka-h1 elementor-widget elementor-widget-heading\" data-id=\"iwgw-saraakka-h1\" data-element_type=\"widget\" data-e-type=\"widget\" data-widget_type=\"heading.default\">\n\t\t\t\t\t<h1 class=\"elementor-heading-title elementor-size-default\">Sara-Akka - F\u00e6\u00f0ingargy\u00f0ja og verndari \u00feungunar \u00ed sam\u00edskum tr\u00faarbr\u00f6g\u00f0um<\/h1>\t\t\t\t<\/div>\n\t\t\t\t<div class=\"elementor-element elementor-element-iwgw-saraakka-lead elementor-widget elementor-widget-text-editor\" data-id=\"iwgw-saraakka-lead\" data-element_type=\"widget\" data-e-type=\"widget\" data-widget_type=\"text-editor.default\">\n\t\t\t\t\t\t\t\t\t<p>Sara-Akka, einnig skrifa\u00f0 Sarakka, er f\u00e6\u00f0ingargy\u00f0ja sam\u00edskra tr\u00faarbrag\u00f0a. H\u00fan tilheyrir \u00ferenningu Akka-gy\u00f0janna <a href=\"https:\/\/iwell-guard.com\/is\/?page_id=169016\">Madderakka<\/a>, <a href=\"https:\/\/iwell-guard.com\/is\/?page_id=169015\">Juksakka<\/a> og <a href=\"https:\/\/iwell-guard.com\/is\/?page_id=169014\">Uksakka<\/a> og er ein af \u00feeim kvengy\u00f0jum forkristinnar sam\u00edskrar hef\u00f0ar sem eru best skjalfestar.<\/p>\t\t\t\t\t\t\t\t<\/div>\n\t\t\t\t<\/div>\n\t\t<div class=\"elementor-element elementor-element-iwgw-saraakka-pillc e-con-full e-flex e-con e-child\" data-id=\"iwgw-saraakka-pillc\" data-element_type=\"container\" data-e-type=\"container\">\n\t\t\t\t<div class=\"elementor-element elementor-element-iwgw-saraakka-pills elementor-widget elementor-widget-html\" data-id=\"iwgw-saraakka-pills\" data-element_type=\"widget\" data-e-type=\"widget\" data-widget_type=\"html.default\">\n\t\t\t\t\t<div class=\"iwg-pill-row\"><span class=\"iwg-klasse-badge\" tabindex=\"0\" data-tooltip=\"H\u00fasgy\u00f0ja hef\u00f0ar Sama.\">H\u00fasgy\u00f0ja<\/span><a href=\"https:\/\/iwell-guard.com\/is\/sami-finnsk-ugrisk-hefd-noaidi-tromma\/\" class=\"iwg-kultur-badge\" tabindex=\"0\" data-tooltip=\"Go\u00f0afr\u00e6\u00f0i hef\u00f0ar Sama.\">Sama<\/a><span class=\"iwg-tradition-badge\" tabindex=\"0\" data-tooltip=\"Verndari f\u00e6\u00f0ingar og \u00feungunar.\">Verndari f\u00e6\u00f0ingar og \u00feungunar<\/span><\/div>\t\t\t\t<\/div>\n\t\t\t\t<\/div>\n\t\t<div class=\"elementor-element elementor-element-iwgw-saraakka-tocc e-con-full e-flex e-con e-child\" data-id=\"iwgw-saraakka-tocc\" data-element_type=\"container\" data-e-type=\"container\">\n\t\t\t\t<div class=\"elementor-element elementor-element-iwgw-saraakka-toc elementor-toc--minimized-on-tablet elementor-widget elementor-widget-table-of-contents\" data-id=\"iwgw-saraakka-toc\" data-element_type=\"widget\" data-e-type=\"widget\" data-settings=\"{&quot;headings_by_tags&quot;:[&quot;h2&quot;,&quot;h3&quot;],&quot;minimize_box&quot;:&quot;yes&quot;,&quot;marker_view&quot;:&quot;bullets&quot;,&quot;no_headings_message&quot;:&quot;Engar undirfyrirsagnir fundust \\u00e1 \\u00feessari s\\u00ed\\u00f0u.&quot;,&quot;exclude_headings_by_selector&quot;:[],&quot;icon&quot;:{&quot;value&quot;:&quot;fas fa-circle&quot;,&quot;library&quot;:&quot;fa-solid&quot;,&quot;rendered_tag&quot;:&quot;&lt;svg class=\\&quot;e-font-icon-svg e-fas-circle\\&quot; viewBox=\\&quot;0 0 512 512\\&quot; xmlns=\\&quot;http:\\\/\\\/www.w3.org\\\/2000\\\/svg\\&quot;&gt;&lt;path d=\\&quot;M256 8C119 8 8 119 8 256s111 248 248 248 248-111 248-248S393 8 256 8z\\&quot;&gt;&lt;\\\/path&gt;&lt;\\\/svg&gt;&quot;},&quot;minimized_on&quot;:&quot;tablet&quot;,&quot;hierarchical_view&quot;:&quot;yes&quot;,&quot;min_height&quot;:{&quot;unit&quot;:&quot;px&quot;,&quot;size&quot;:&quot;&quot;,&quot;sizes&quot;:[]},&quot;min_height_tablet&quot;:{&quot;unit&quot;:&quot;px&quot;,&quot;size&quot;:&quot;&quot;,&quot;sizes&quot;:[]},&quot;min_height_mobile&quot;:{&quot;unit&quot;:&quot;px&quot;,&quot;size&quot;:&quot;&quot;,&quot;sizes&quot;:[]}}\" data-widget_type=\"table-of-contents.default\">\n\t\t\t\t\t\t\t\t\t<div class=\"elementor-toc__header\">\n\t\t\t\t\t\t<h2 class=\"elementor-toc__header-title\">\n\t\t\t\tEfnisyfirlit\t\t\t<\/h2>\n\t\t\t\t\t\t\t\t\t\t<div class=\"elementor-toc__toggle-button elementor-toc__toggle-button--expand\" role=\"button\" tabindex=\"0\" aria-controls=\"elementor-toc__iwgw-saraakka-toc\" aria-expanded=\"true\" aria-label=\"Open table of contents\"><svg aria-hidden=\"true\" class=\"e-font-icon-svg e-fas-chevron-down\" viewBox=\"0 0 448 512\" xmlns=\"http:\/\/www.w3.org\/2000\/svg\"><path d=\"M207.029 381.476L12.686 187.132c-9.373-9.373-9.373-24.569 0-33.941l22.667-22.667c9.357-9.357 24.522-9.375 33.901-.04L224 284.505l154.745-154.021c9.379-9.335 24.544-9.317 33.901.04l22.667 22.667c9.373 9.373 9.373 24.569 0 33.941L240.971 381.476c-9.373 9.372-24.569 9.372-33.942 0z\"><\/path><\/svg><\/div>\n\t\t\t\t<div class=\"elementor-toc__toggle-button elementor-toc__toggle-button--collapse\" role=\"button\" tabindex=\"0\" aria-controls=\"elementor-toc__iwgw-saraakka-toc\" aria-expanded=\"true\" aria-label=\"Close table of contents\"><svg aria-hidden=\"true\" class=\"e-font-icon-svg e-fas-chevron-up\" viewBox=\"0 0 448 512\" xmlns=\"http:\/\/www.w3.org\/2000\/svg\"><path d=\"M240.971 130.524l194.343 194.343c9.373 9.373 9.373 24.569 0 33.941l-22.667 22.667c-9.357 9.357-24.522 9.375-33.901.04L224 227.495 69.255 381.516c-9.379 9.335-24.544 9.317-33.901-.04l-22.667-22.667c-9.373-9.373-9.373-24.569 0-33.941L207.03 130.525c9.372-9.373 24.568-9.373 33.941-.001z\"><\/path><\/svg><\/div>\n\t\t\t\t\t<\/div>\n\t\t\t\t<div id=\"elementor-toc__iwgw-saraakka-toc\" class=\"elementor-toc__body\">\n\t\t\t<div class=\"elementor-toc__spinner-container\">\n\t\t\t\t<svg class=\"elementor-toc__spinner eicon-animation-spin e-font-icon-svg e-eicon-loading\" aria-hidden=\"true\" viewBox=\"0 0 1000 1000\" xmlns=\"http:\/\/www.w3.org\/2000\/svg\"><path d=\"M500 975V858C696 858 858 696 858 500S696 142 500 142 142 304 142 500H25C25 237 238 25 500 25S975 237 975 500 763 975 500 975Z\"><\/path><\/svg>\t\t\t<\/div>\n\t\t<\/div>\n\t\t\t\t\t\t<\/div>\n\t\t\t\t<\/div>\n\t\t\t\t\t<\/div>\n\t\t\t\t<\/div>\n\t\t<div class=\"elementor-element elementor-element-iwgw-saraakka-hr e-con-full e-flex e-con e-child\" data-id=\"iwgw-saraakka-hr\" data-element_type=\"container\" data-e-type=\"container\">\n\t\t\t\t<div class=\"elementor-element elementor-element-iwgw-saraakka-heroimg iwg-hero-image elementor-widget elementor-widget-image\" data-id=\"iwgw-saraakka-heroimg\" data-element_type=\"widget\" data-e-type=\"widget\" data-widget_type=\"image.default\">\n\t\t\t\t\t\t\t\t\t\t\t\t\t\t\t<img fetchpriority=\"high\" decoding=\"async\" width=\"683\" height=\"1024\" src=\"https:\/\/iwell-guard.com\/wp-content\/uploads\/2026\/05\/goetter_sami_sara-akka-683x1024.webp\" class=\"attachment-large size-large wp-image-170764\" alt=\"Sara Akka - gu\u00f0 \u00far sagnaheimi Sama, s\u00f6guleg og myndr\u00e6n framsetning\" srcset=\"https:\/\/iwell-guard.com\/wp-content\/uploads\/2026\/05\/goetter_sami_sara-akka-683x1024.webp 683w, https:\/\/iwell-guard.com\/wp-content\/uploads\/2026\/05\/goetter_sami_sara-akka-200x300.webp 200w, https:\/\/iwell-guard.com\/wp-content\/uploads\/2026\/05\/goetter_sami_sara-akka-768x1152.webp 768w, https:\/\/iwell-guard.com\/wp-content\/uploads\/2026\/05\/goetter_sami_sara-akka.webp 1024w\" sizes=\"(max-width: 683px) 100vw, 683px\" \/>\t\t\t\t\t\t\t\t\t\t\t\t\t\t\t<\/div>\n\t\t\t\t<\/div>\n\t\t\t\t\t<\/div>\n\t\t\t\t<\/div>\n\t\t<div class=\"elementor-element elementor-element-iwgw-saraakka-s0 e-flex e-con-boxed e-con e-parent\" data-id=\"iwgw-saraakka-s0\" data-element_type=\"container\" data-e-type=\"container\">\n\t\t\t\t\t<div class=\"e-con-inner\">\n\t\t\t\t<div class=\"elementor-element elementor-element-iwgw-saraakka-s0h elementor-widget elementor-widget-heading\" data-id=\"iwgw-saraakka-s0h\" data-element_type=\"widget\" data-e-type=\"widget\" data-widget_type=\"heading.default\">\n\t\t\t\t\t<h2 class=\"elementor-heading-title elementor-size-default\">Greining og skammrit<\/h2>\t\t\t\t<\/div>\n\t\t<div class=\"elementor-element elementor-element-iwgw-saraakka-s0c e-con-full e-flex e-con e-child\" data-id=\"iwgw-saraakka-s0c\" data-element_type=\"container\" data-e-type=\"container\">\n\t\t\t\t<div class=\"elementor-element elementor-element-iwgw-saraakka-s0t elementor-widget elementor-widget-text-editor\" data-id=\"iwgw-saraakka-s0t\" data-element_type=\"widget\" data-e-type=\"widget\" data-widget_type=\"text-editor.default\">\n\t\t\t\t\t\t\t\t\t<p>Sara-Akka er mikilv\u00e6gust Akka-gy\u00f0janna fyrir f\u00e6\u00f0ingarstundina sj\u00e1lfa. \u00dear sem <a href=\"https:\/\/iwell-guard.com\/is\/?page_id=169016\">Madderakka<\/a> tekur vi\u00f0 s\u00e1linni sem forfa\u00f0irsm\u00f3\u00f0ir, tekur Sara-Akka vi\u00f0 hj\u00e1lpinni vi\u00f0 f\u00e6\u00f0inguna sj\u00e1lfa. <a href=\"https:\/\/iwell-guard.com\/is\/?page_id=169015\">Juksakka<\/a> ber \u00e1byrg\u00f0 \u00e1 sveinb\u00f6rnum, <a href=\"https:\/\/iwell-guard.com\/is\/?page_id=169014\">Uksakka<\/a> er verndari \u00fer\u00f6skuldarins. \u00deessi fj\u00f3r\u00fe\u00e6tta samsetning Akkanna er \u00ed tr\u00faarbrag\u00f0afyrirb\u00e6rafr\u00e6\u00f0i eigi\u00f0 byggingarmynstur.<\/p><p>Heimildir um Sara-Akku eru r\u00edkulegar. <em>Lapponia<\/em> Johannesar Schefferusar (1673), <em>Beskrivelse over Finmarkens Lapper<\/em> Knud Leems (1767), <em>Fragmenter i lappska mythologien<\/em> Lars Levi L\u00e6stadiusar (um 1840) og trumbumyndir sjamanahef\u00f0arinnar eru meginheimildirnar.<\/p><p>Tr\u00faarfr\u00e6\u00f0ilega tilheyrir Sara-Akka flokki s\u00e9rh\u00e6f\u00f0ra f\u00e6\u00f0ingargy\u00f0ja, sem finnast \u00ed m\u00f6rgum frumbyggjatr\u00faarbr\u00f6g\u00f0um. S\u00e9rstakt hlutverk hennar er hj\u00e1lp vi\u00f0 f\u00e6\u00f0inguna sj\u00e1lfa, \u00fear \u00e1 me\u00f0al a\u00f0skilna\u00f0ur fylgjunnar og afhending n\u00fdburans til a\u00f0standenda hans.<\/p><p>F\u00e6\u00f0ingargy\u00f0jan Sara-Akka hefur veri\u00f0 ranns\u00f6ku\u00f0 me\u00f0 n\u00fdrri a\u00f0fer\u00f0um \u00ed seinni t\u00edma fr\u00e6\u00f0um, sem tengja saman \u00fej\u00f3\u00f0fr\u00e6\u00f0ilega n\u00e1kv\u00e6mni, m\u00e1lfr\u00e6\u00f0ilega heimildagagnr\u00fdni og samanbur\u00f0arsj\u00f3narhorn. Sam\u00edskir fr\u00e6\u00f0imenn og fr\u00e6\u00f0ikonur eru \u00ed dag sj\u00e1lfar hluti af \u00feessari vinnu og endursko\u00f0a gagnr\u00fdni\u00f0 eldri vestr\u00e6nar t\u00falkanir, sem b\u00e1ru a\u00f0 hluta merki n\u00fdlendustefnu.<\/p><p>Sem s\u00e9rh\u00e6f\u00f0 f\u00e6\u00f0ingargy\u00f0ja innan Akka-samsetningarins fellur Sara-Akka inn \u00ed hringskautslega tr\u00faarlega landslagsger\u00f0, \u00fear sem grunneinkenni endurtaka sig yfir v\u00ed\u00f0fe\u00f0m sv\u00e6\u00f0i. \u00deessi byggingarlegi st\u00f6\u00f0ugleiki yfir \u00fe\u00fasundir k\u00edl\u00f3metra er me\u00f0al athyglisver\u00f0ustu ni\u00f0ursta\u00f0na samanbur\u00f0ar-<span class=\"iwg-fachbegriff\" data-tooltip=\"Fr\u00e6\u00f0igreinin sem rannsakar tr\u00faarbr\u00f6g\u00f0 samanbur\u00f0arlega og \u00e1n tr\u00faarlegrar bindingar.\" tabindex=\"0\">tr\u00faarbrag\u00f0afr\u00e6\u00f0i<\/span> og er enn til umr\u00e6\u00f0u.<\/p>\t\t\t\t\t\t\t\t<\/div>\n\t\t\t\t<\/div>\n\t\t\t\t\t<\/div>\n\t\t\t\t<\/div>\n\t\t<div class=\"elementor-element elementor-element-iwgw-saraakka-s1 e-flex e-con-boxed e-con e-parent\" data-id=\"iwgw-saraakka-s1\" data-element_type=\"container\" data-e-type=\"container\">\n\t\t\t\t\t<div class=\"e-con-inner\">\n\t\t\t\t<div class=\"elementor-element elementor-element-iwgw-saraakka-s1h elementor-widget elementor-widget-heading\" data-id=\"iwgw-saraakka-s1h\" data-element_type=\"widget\" data-e-type=\"widget\" data-widget_type=\"heading.default\">\n\t\t\t\t\t<h2 class=\"elementor-heading-title elementor-size-default\">Nafn og or\u00f0sifjar<\/h2>\t\t\t\t<\/div>\n\t\t<div class=\"elementor-element elementor-element-iwgw-saraakka-s1c e-con-full e-flex e-con e-child\" data-id=\"iwgw-saraakka-s1c\" data-element_type=\"container\" data-e-type=\"container\">\n\t\t\t\t<div class=\"elementor-element elementor-element-iwgw-saraakka-s1t elementor-widget elementor-widget-text-editor\" data-id=\"iwgw-saraakka-s1t\" data-element_type=\"widget\" data-e-type=\"widget\" data-widget_type=\"text-editor.default\">\n\t\t\t\t\t\t\t\t\t<p>Nafni\u00f0 Sara-Akka er samsett \u00far <em>Sara<\/em>, hugsanlega af fornsam\u00edskri r\u00f3t me\u00f0 merkingu a\u00f0 skilja e\u00f0a skipta, og <em>Akka<\/em>, sem \u00e1 m\u00f6rgum finnsk-\u00fagr\u00edskum tungum\u00e1lum \u00fe\u00fd\u00f0ir g\u00f6mul kona, amma, verndargy\u00f0ja. Akka-r\u00f3tin er sta\u00f0fest sameiginlega \u00ed finnsku, eistnesku, ungversku og sam\u00edsku m\u00e1li.<\/p><p>Or\u00f0sifjar Sara eru umdeildar. Ein tilg\u00e1ta tengir \u00fea\u00f0 vi\u00f0 fornnorr\u00e6na or\u00f0i\u00f0 <em>sarpa<\/em>, sem \u00fe\u00fd\u00f0ir a\u00f0 skapa e\u00f0a klj\u00fafa og g\u00e6ti v\u00edsa\u00f0 til hlutverksins vi\u00f0 f\u00e6\u00f0ingarhj\u00e1lp. \u00d6nnur tilg\u00e1ta s\u00e9r \u00ed Sara \u00far\u00f6lskt lag.<\/p><p>M\u00e1ll\u00fdskubreytileiki felur \u00ed s\u00e9r Saaraahkka \u00ed su\u00f0ursam\u00edsku, Sarakka \u00ed umesam\u00edsku og S\u00e1rahkk\u00e1 \u00ed nor\u00f0ursam\u00edsku m\u00e1li. \u00deessi fj\u00f6lbreytni er einkennandi \u00ed tr\u00faarbrag\u00f0afyrirb\u00e6rafr\u00e6\u00f0i og endurspeglar m\u00e1ll\u00fdskumun sam\u00edsku.<\/p><p>Tr\u00faf\u00e9lagsfr\u00e6\u00f0ilega m\u00e1 spyrja hva\u00f0a hlutverki Sara-Akka gegndi \u00ed f\u00e9lagslegri skipan hef\u00f0bundins sam\u00edsks samf\u00e9lags. \u00dear sem hlutverk hennar vi\u00f0 f\u00e6\u00f0ingarhj\u00e1lp tengdist beint upphafi l\u00edfsins, var tr\u00faarlegt h\u00e9r ekki a\u00f0skili\u00f0 fr\u00e1 daglegri i\u00f0ju heldur samofi\u00f0 henni n\u00e1i\u00f0.<\/p><p>\u00deessi samofna sta\u00f0a myndar eigi\u00f0 ranns\u00f3knarsvi\u00f0 \u00ed tr\u00faarbrag\u00f0amannfr\u00e6\u00f0i, sem einkum H\u00e5kan Rydving og Konsta Kaikkonen hafa unni\u00f0 kerfisbundi\u00f0 \u00far.<\/p><p>Vi\u00f0 \u00feetta b\u00e6tist n\u00faverandi \u00fe\u00fd\u00f0ing Sara-Akku fyrir sam\u00edska sj\u00e1lfsmyndarstj\u00f3rnm\u00e1l. Me\u00f0 sj\u00e1lfstj\u00f3rn Sama og al\u00fej\u00f3\u00f0ar\u00e9ttarlegri vi\u00f0urkenningu \u00e1 r\u00e9ttindum frumbyggja f\u00e1 hinar arfleiddu verndargy\u00f0jur aukna s\u00fdnileika a\u00f0 n\u00fdju. Hvernig tr\u00faarbrag\u00f0aranns\u00f3knir og p\u00f3lit\u00edsk vi\u00f0urkenning fl\u00e9ttast saman \u00fear er eigi\u00f0 svi\u00f0 sem fr\u00e6\u00f0in veita n\u00fa mun meiri athygli.<\/p>\t\t\t\t\t\t\t\t<\/div>\n\t\t\t\t<\/div>\n\t\t\t\t\t<\/div>\n\t\t\t\t<\/div>\n\t\t<div class=\"elementor-element elementor-element-iwgw-saraakka-s2 e-flex e-con-boxed e-con e-parent\" data-id=\"iwgw-saraakka-s2\" data-element_type=\"container\" data-e-type=\"container\">\n\t\t\t\t\t<div class=\"e-con-inner\">\n\t\t\t\t<div class=\"elementor-element elementor-element-iwgw-saraakka-s2h elementor-widget elementor-widget-heading\" data-id=\"iwgw-saraakka-s2h\" data-element_type=\"widget\" data-e-type=\"widget\" data-widget_type=\"heading.default\">\n\t\t\t\t\t<h2 class=\"elementor-heading-title elementor-size-default\">L\u00fdsing og myndm\u00e1l<\/h2>\t\t\t\t<\/div>\n\t\t<div class=\"elementor-element elementor-element-iwgw-saraakka-s2c e-con-full e-flex e-con e-child\" data-id=\"iwgw-saraakka-s2c\" data-element_type=\"container\" data-e-type=\"container\">\n\t\t\t\t<div class=\"elementor-element elementor-element-iwgw-saraakka-s2t elementor-widget elementor-widget-text-editor\" data-id=\"iwgw-saraakka-s2t\" data-element_type=\"widget\" data-e-type=\"widget\" data-widget_type=\"text-editor.default\">\n\t\t\t\t\t\t\t\t\t<p>Sara-Akka er l\u00fdst \u00ed \u00fej\u00f3\u00f0fr\u00e6\u00f0ilegum heimildum sem g\u00f3\u00f0lynd, mi\u00f0aldra e\u00f0a \u00f6ldru\u00f0 kona, sem er n\u00e1l\u00e6g \u00ed \u00edverusta\u00f0 fj\u00f6lskyldunnar, s\u00e9rstaklega vi\u00f0 eldst\u00e6\u00f0i\u00f0. H\u00fan er ekki utanheimsgy\u00f0ja eins og <a href=\"https:\/\/iwell-guard.com\/is\/?page_id=169009\">Beaivi<\/a>, heldur h\u00fasgy\u00f0ja og eldst\u00e6\u00f0isgy\u00f0ja.<\/p><p>\u00c1 sjamanatrumbunum er Sara-Akka oftast s\u00fdnd \u00e1 mi\u00f0lagi l\u00edfsheimsins, oft sem kona me\u00f0 uppr\u00e9tta arma e\u00f0a me\u00f0 barn \u00ed fanginu. Trumbranns\u00f3knir Ernst Mankers hafa skjalfest myndfr\u00e6\u00f0ilega st\u00f6\u00f0u hennar kerfisbundi\u00f0.<\/p><p>T\u00e1knfr\u00e6\u00f0ilega er Sara-Akka tengd eldst\u00e6\u00f0inu, pottinum, s\u00fapunni og brau\u00f0inu. \u00deessi samtenging <span class=\"iwg-fachbegriff\" data-tooltip=\"Heild tr\u00faarlegra d\u00fdrkunarathafna fyrir gu\u00f0 e\u00f0a heilaga v\u00e6ttu.\" tabindex=\"0\">tilbei\u00f0slu<\/span> og hversdagsl\u00edfs er einkennandi \u00ed tr\u00faarbrag\u00f0afyrirb\u00e6rafr\u00e6\u00f0i fyrir frumbyggja h\u00fasgy\u00f0jur.<\/p>\t\t\t\t\t\t\t\t<\/div>\n\t\t\t\t<\/div>\n\t\t\t\t\t<\/div>\n\t\t\t\t<\/div>\n\t\t<div class=\"elementor-element elementor-element-iwgw-saraakka-s3 e-flex e-con-boxed e-con e-parent\" data-id=\"iwgw-saraakka-s3\" data-element_type=\"container\" data-e-type=\"container\">\n\t\t\t\t\t<div class=\"e-con-inner\">\n\t\t\t\t<div class=\"elementor-element elementor-element-iwgw-saraakka-s3h elementor-widget elementor-widget-heading\" data-id=\"iwgw-saraakka-s3h\" data-element_type=\"widget\" data-e-type=\"widget\" data-widget_type=\"heading.default\">\n\t\t\t\t\t<h2 class=\"elementor-heading-title elementor-size-default\">Tilbei\u00f0sla vi\u00f0 f\u00e6\u00f0ingu<\/h2>\t\t\t\t<\/div>\n\t\t<div class=\"elementor-element elementor-element-iwgw-saraakka-s3c e-con-full e-flex e-con e-child\" data-id=\"iwgw-saraakka-s3c\" data-element_type=\"container\" data-e-type=\"container\">\n\t\t\t\t<div class=\"elementor-element elementor-element-iwgw-saraakka-s3t elementor-widget elementor-widget-text-editor\" data-id=\"iwgw-saraakka-s3t\" data-element_type=\"widget\" data-e-type=\"widget\" data-widget_type=\"text-editor.default\">\n\t\t\t\t\t\t\t\t\t<p>Vi\u00f0 hverja f\u00e6\u00f0ingu var Sara-Akka <span class=\"iwg-fachbegriff\" data-tooltip=\"Tilheyrandi f\u00f6stu tr\u00faarlegu athafnaferli.\" tabindex=\"0\">helgisi\u00f0alega<\/span> \u00e1k\u00f6llu\u00f0. Lj\u00f3sm\u00f3\u00f0irin e\u00f0a eldri kvenkyns \u00e6ttingi m\u00e6lti tiltekin or\u00f0 sem \u00e1k\u00f6llu\u00f0u hj\u00e1lp Sara-Akku. Eftir f\u00e6\u00f0inguna var l\u00edtil <span class=\"iwg-fachbegriff\" data-tooltip=\"Gj\u00f6f til gu\u00f0s til a\u00f0 tj\u00e1 \u00feakkl\u00e6ti, b\u00f3n e\u00f0a d\u00fdrkun.\" tabindex=\"0\">f\u00f3rn<\/span>, oft matur e\u00f0a kl\u00e6\u00f0isb\u00fatur, f\u00e6r\u00f0 Sara-Akku.<\/p><p>\u00c1\u00fereifanlegar athafnir eru skjalfestar \u00ed sk\u00fdrslum Knud Leems og Schefferusar. Sara-Akka var s\u00e9rstaklega vi\u00f0kv\u00e6m fyrir bannbrotum me\u00f0an \u00e1 f\u00e6\u00f0ingu st\u00f3\u00f0. S\u00e1 sem tala\u00f0i rangt, haga\u00f0i s\u00e9r rangt e\u00f0a vanr\u00e6kti helgior\u00f0in \u00e1tti \u00e1 h\u00e6ttu erfi\u00f0leika vi\u00f0 f\u00e6\u00f0inguna e\u00f0a veikleika hj\u00e1 n\u00fdburanum.<\/p><p>Tr\u00faarfr\u00e6\u00f0ilega er \u00feessi f\u00e6\u00f0ingarsi\u00f0ur d\u00e6migert tilvik hversdagsn\u00e1l\u00e6grar tr\u00faari\u00f0kunar sem takmarka\u00f0ist ekki vi\u00f0 helgiathafnaeyjar heldur gegns\u00fdr\u00f0i l\u00edfshringinn. \u00de\u00fd\u00f0ing Sara-Akku l\u00e1 n\u00e1kv\u00e6mlega \u00ed \u00feessari hversdagsn\u00e1l\u00e6g\u00f0, sem er eigi\u00f0 fyrirb\u00e6ri \u00ed tr\u00faarbrag\u00f0afyrirb\u00e6rafr\u00e6\u00f0i.<\/p>\t\t\t\t\t\t\t\t<\/div>\n\t\t\t\t<\/div>\n\t\t\t\t\t<\/div>\n\t\t\t\t<\/div>\n\t\t<div class=\"elementor-element elementor-element-iwgw-saraakka-s4 e-flex e-con-boxed e-con e-parent\" data-id=\"iwgw-saraakka-s4\" data-element_type=\"container\" data-e-type=\"container\">\n\t\t\t\t\t<div class=\"e-con-inner\">\n\t\t\t\t<div class=\"elementor-element elementor-element-iwgw-saraakka-s4h elementor-widget elementor-widget-heading\" data-id=\"iwgw-saraakka-s4h\" data-element_type=\"widget\" data-e-type=\"widget\" data-widget_type=\"heading.default\">\n\t\t\t\t\t<h2 class=\"elementor-heading-title elementor-size-default\">Sara-Akka og Sara-Akka-drykkurinn<\/h2>\t\t\t\t<\/div>\n\t\t<div class=\"elementor-element elementor-element-iwgw-saraakka-s4c e-con-full e-flex e-con e-child\" data-id=\"iwgw-saraakka-s4c\" data-element_type=\"container\" data-e-type=\"container\">\n\t\t\t\t<div class=\"elementor-element elementor-element-iwgw-saraakka-s4t elementor-widget elementor-widget-text-editor\" data-id=\"iwgw-saraakka-s4t\" data-element_type=\"widget\" data-e-type=\"widget\" data-widget_type=\"text-editor.default\">\n\t\t\t\t\t\t\t\t\t<p>S\u00e9rst\u00f6k tr\u00faarleg ath\u00f6fn var Sara-Akka drykkurinn, brenniv\u00edn e\u00f0a anna\u00f0 \u00e1fengt f\u00f3rnargjald sem drukki\u00f0 var eftir f\u00e6\u00f0ingu til hei\u00f0urs gy\u00f0junni. \u00deessi ath\u00f6fn er sta\u00f0fest \u00f3h\u00e1\u00f0 \u00ed m\u00f6rgum heimildum og er tr\u00faarbrag\u00f0afr\u00e6\u00f0ilega \u00e1hugaver\u00f0.<\/p><p>Drykkurinn var deilt \u00e1 milli lj\u00f3sm\u00f3\u00f0urinnar og kvennanna sem vi\u00f0staddar voru. Karlmenn voru \u00fatiloka\u00f0ir fr\u00e1 \u00feessari ath\u00f6fn, sem undirstrikar kynbundna skipulagningu f\u00e6\u00f0ingartr\u00faarins. Kynjaskiptingin \u00ed tr\u00faarlegum ath\u00f6fnum var mj\u00f6g sterk \u00ed hinni fyrirkristnu s\u00f6msku hef\u00f0.<\/p><p>V\u00edsindalega s\u00e9\u00f0 er Sara-Akka drykkurinn d\u00e6mi um athafnalega styrkingu hins kvenlega tr\u00faarlega svi\u00f0s. Kristnibo\u00f0i\u00f0 r\u00e6\u00f0st s\u00e9rlega harkalega \u00e1 sl\u00edkar athafnir, \u00fear sem \u00fe\u00e6r st\u00f6ngu\u00f0ust \u00e1 vi\u00f0 hi\u00f0 l\u00fatherska kynjaskipulag.<\/p>\t\t\t\t\t\t\t\t<\/div>\n\t\t\t\t<\/div>\n\t\t\t\t\t<\/div>\n\t\t\t\t<\/div>\n\t\t<div class=\"elementor-element elementor-element-iwgw-saraakka-s5 e-flex e-con-boxed e-con e-parent\" data-id=\"iwgw-saraakka-s5\" data-element_type=\"container\" data-e-type=\"container\">\n\t\t\t\t\t<div class=\"e-con-inner\">\n\t\t\t\t<div class=\"elementor-element elementor-element-iwgw-saraakka-s5h elementor-widget elementor-widget-heading\" data-id=\"iwgw-saraakka-s5h\" data-element_type=\"widget\" data-e-type=\"widget\" data-widget_type=\"heading.default\">\n\t\t\t\t\t<h2 class=\"elementor-heading-title elementor-size-default\">Tab\u00fa \u00ed kringum \u00feungun og f\u00e6\u00f0ingu<\/h2>\t\t\t\t<\/div>\n\t\t<div class=\"elementor-element elementor-element-iwgw-saraakka-s5c e-con-full e-flex e-con e-child\" data-id=\"iwgw-saraakka-s5c\" data-element_type=\"container\" data-e-type=\"container\">\n\t\t\t\t<div class=\"elementor-element elementor-element-iwgw-saraakka-s5t elementor-widget elementor-widget-text-editor\" data-id=\"iwgw-saraakka-s5t\" data-element_type=\"widget\" data-e-type=\"widget\" data-widget_type=\"text-editor.default\">\n\t\t\t\t\t\t\t\t\t<p>Sara-Akka var vi\u00f0takandi margra tab\u00faa sem st\u00fdr\u00f0u \u00feungun, f\u00e6\u00f0ingu og fyrstu m\u00e1nu\u00f0um \u00e6vi barnsins. F\u00e6\u00f0andi konan m\u00e1tti ekki bor\u00f0a \u00e1kve\u00f0inn mat, m\u00e1tti ekki tala \u00e1kve\u00f0in or\u00f0 og var\u00f0 a\u00f0 einangra sig \u00ed nokkra daga.<\/p><p>\u00deessi tab\u00fa-uppbygging er vel skjalfest \u00ed tr\u00faar\u00fej\u00f3\u00f0fr\u00e6\u00f0i. Me\u00f0al \u00e1\u00fereifanlegra banna var a\u00f0 bor\u00f0a bjarnarkj\u00f6t \u00e1 me\u00f0g\u00f6ngu, syngja h\u00e1tt \u00e1 me\u00f0an \u00e1 f\u00e6\u00f0ingu st\u00f3\u00f0 og a\u00f0 nefna n\u00f6fn \u00e1kve\u00f0inna gu\u00f0a \u00ed s\u00e6ngurkonuherberginu.<\/p><p>V\u00edsindalega s\u00e9\u00f0 er \u00feessi tab\u00fa-uppbygging s\u00e9rst\u00f6k athafnaleg mynstur sem skipulag\u00f0i kvenlegt l\u00edf \u00e1 tr\u00faarlegan h\u00e1tt. H\u00fan er samb\u00e6rileg tab\u00fa-uppbyggingum annarra frumbyggja f\u00e6\u00f0ingargy\u00f0ja, svo sem <a href=\"https:\/\/iwell-guard.com\/is\/inuit-og-nordurslodir-sedna-tornit\/\">In\u00fa\u00edta<\/a>-f\u00e6\u00f0ingarvar\u00f0veislugy\u00f0junnar <a href=\"https:\/\/iwell-guard.com\/is\/?page_id=169004\">Pinga<\/a>.<\/p>\t\t\t\t\t\t\t\t<\/div>\n\t\t\t\t<\/div>\n\t\t\t\t\t<\/div>\n\t\t\t\t<\/div>\n\t\t<div class=\"elementor-element elementor-element-iwgw-saraakka-s6 e-flex e-con-boxed e-con e-parent\" data-id=\"iwgw-saraakka-s6\" data-element_type=\"container\" data-e-type=\"container\">\n\t\t\t\t\t<div class=\"e-con-inner\">\n\t\t\t\t<div class=\"elementor-element elementor-element-iwgw-saraakka-s6h elementor-widget elementor-widget-heading\" data-id=\"iwgw-saraakka-s6h\" data-element_type=\"widget\" data-e-type=\"widget\" data-widget_type=\"heading.default\">\n\t\t\t\t\t<h2 class=\"elementor-heading-title elementor-size-default\">Sara-Akka \u00ed Akka-kerfinu<\/h2>\t\t\t\t<\/div>\n\t\t<div class=\"elementor-element elementor-element-iwgw-saraakka-s6c e-con-full e-flex e-con e-child\" data-id=\"iwgw-saraakka-s6c\" data-element_type=\"container\" data-e-type=\"container\">\n\t\t\t\t<div class=\"elementor-element elementor-element-iwgw-saraakka-s6t elementor-widget elementor-widget-text-editor\" data-id=\"iwgw-saraakka-s6t\" data-element_type=\"widget\" data-e-type=\"widget\" data-widget_type=\"text-editor.default\">\n\t\t\t\t\t\t\t\t\t<p>Fj\u00f3rtagger\u00f0 Akkanna &#8211; Madderakka, Sara-Akka, Juksakka, Uksakka &#8211; er v\u00edsindalega s\u00e9\u00f0 s\u00e9rstakt skipulagsform. Madderakka tekur \u00e1 m\u00f3ti s\u00e1linni, Sara-Akka hj\u00e1lpar vi\u00f0 f\u00e6\u00f0ingu, Juksakka s\u00e9r um drengi, Uksakka g\u00e6tir \u00fer\u00f6skuldsins.<\/p><p>\u00deessi virknislega a\u00f0greining er tr\u00faarbrag\u00f0afr\u00e6\u00f0ilega \u00fer\u00f3u\u00f0. H\u00fan a\u00f0greinir s\u00f6msku hef\u00f0ina fr\u00e1 m\u00f6rgum \u00f6\u00f0rum frumbyggjahef\u00f0um, \u00fear sem f\u00e6\u00f0ingarhj\u00e1lp er ekki skipt jafn greinilega \u00ed s\u00e9rh\u00e6fingar.<\/p><p>V\u00edsindalega hefur veri\u00f0 r\u00e6tt hvort Akka-fj\u00f3rgu\u00f0fr\u00e6\u00f0in s\u00e9 s\u00ed\u00f0ari kerfisbinding kristnibo\u00f0anna e\u00f0a sj\u00e1lfst\u00e6\u00f0 s\u00f6msk mynstur. H\u00e5kan Rydving og Konsta Kaikkonen hallast a\u00f0 s\u00ed\u00f0ari t\u00falkuninni, sem undirstrikar sj\u00e1lfst\u00e6\u00f0i s\u00f6msku <span class=\"iwg-fachbegriff\" data-tooltip=\"Fr\u00e6\u00f0ileg kenning um gu\u00f0 og tr\u00fa innan tr\u00faarbrag\u00f0a.\" tabindex=\"0\">gu\u00f0fr\u00e6\u00f0innar<\/span>.<\/p>\t\t\t\t\t\t\t\t<\/div>\n\t\t\t\t<\/div>\n\t\t\t\t\t<\/div>\n\t\t\t\t<\/div>\n\t\t<div class=\"elementor-element elementor-element-iwgw-saraakka-s7 e-flex e-con-boxed e-con e-parent\" data-id=\"iwgw-saraakka-s7\" data-element_type=\"container\" data-e-type=\"container\">\n\t\t\t\t\t<div class=\"e-con-inner\">\n\t\t\t\t<div class=\"elementor-element elementor-element-iwgw-saraakka-s7h elementor-widget elementor-widget-heading\" data-id=\"iwgw-saraakka-s7h\" data-element_type=\"widget\" data-e-type=\"widget\" data-widget_type=\"heading.default\">\n\t\t\t\t\t<h2 class=\"elementor-heading-title elementor-size-default\">Samanbur\u00f0ur vi\u00f0 a\u00f0rar f\u00e6\u00f0ingargy\u00f0jur<\/h2>\t\t\t\t<\/div>\n\t\t<div class=\"elementor-element elementor-element-iwgw-saraakka-s7c e-con-full e-flex e-con e-child\" data-id=\"iwgw-saraakka-s7c\" data-element_type=\"container\" data-e-type=\"container\">\n\t\t\t\t<div class=\"elementor-element elementor-element-iwgw-saraakka-s7t elementor-widget elementor-widget-text-editor\" data-id=\"iwgw-saraakka-s7t\" data-element_type=\"widget\" data-e-type=\"widget\" data-widget_type=\"text-editor.default\">\n\t\t\t\t\t\t\t\t\t<p>Sara-Akka tilheyrir flokki s\u00e9rh\u00e6f\u00f0ra f\u00e6\u00f0ingargy\u00f0ja sem finnast \u00ed fj\u00f6lm\u00f6rgum menningarheimum. Skipulagslega samb\u00e6rilegar eru finnska Synnyt\u00e4j\u00e4t\u00e4r, gr\u00edska Eileithyia, egypska Tauret, japanska Konohanasakuya-hime og <a href=\"https:\/\/iwell-guard.com\/is\/inuit-og-nordurslodir-sedna-tornit\/\">In\u00fa\u00edta<\/a>-f\u00e6\u00f0ingarvar\u00f0veislugy\u00f0jan <a href=\"https:\/\/iwell-guard.com\/is\/?page_id=169004\">Pinga<\/a>.<\/p><p>S\u00e9rsta\u00f0a Sara-Akka liggur \u00ed innfellingu hennar \u00ed Akka-kerfi\u00f0 me\u00f0 lj\u00f3sri verkaskiptingu. \u00deessi s\u00e9rh\u00e6fing er tr\u00faarbrag\u00f0afr\u00e6\u00f0ilega \u00fer\u00f3u\u00f0 og a\u00f0greinir s\u00f6msku hef\u00f0ina fr\u00e1 hef\u00f0um me\u00f0 a\u00f0eins eina f\u00e6\u00f0ingargy\u00f0ju.<\/p><p>Innan finn\u00f3-\u00fagr\u00edsku hef\u00f0arins er Akka-mynstri\u00f0 tengt finnsku Lampi-Akka, ungversku Boldogasszony og \u00f6\u00f0rum verndargy\u00f0jum. \u00deessi skipulagslega fr\u00e6ndsemi bendir til fornrar finn\u00f3-\u00fagr\u00edsku lags tr\u00faarlegrar hugmyndamyndunar.<\/p>\t\t\t\t\t\t\t\t<\/div>\n\t\t\t\t<\/div>\n\t\t\t\t\t<\/div>\n\t\t\t\t<\/div>\n\t\t<div class=\"elementor-element elementor-element-iwgw-saraakka-s8 e-flex e-con-boxed e-con e-parent\" data-id=\"iwgw-saraakka-s8\" data-element_type=\"container\" data-e-type=\"container\">\n\t\t\t\t\t<div class=\"e-con-inner\">\n\t\t\t\t<div class=\"elementor-element elementor-element-iwgw-saraakka-s8h elementor-widget elementor-widget-heading\" data-id=\"iwgw-saraakka-s8h\" data-element_type=\"widget\" data-e-type=\"widget\" data-widget_type=\"heading.default\">\n\t\t\t\t\t<h2 class=\"elementor-heading-title elementor-size-default\">Tr\u00fabo\u00f0 og n\u00fat\u00edmavi\u00f0t\u00f6kur<\/h2>\t\t\t\t<\/div>\n\t\t<div class=\"elementor-element elementor-element-iwgw-saraakka-s8c e-con-full e-flex e-con e-child\" data-id=\"iwgw-saraakka-s8c\" data-element_type=\"container\" data-e-type=\"container\">\n\t\t\t\t<div class=\"elementor-element elementor-element-iwgw-saraakka-s8t elementor-widget elementor-widget-text-editor\" data-id=\"iwgw-saraakka-s8t\" data-element_type=\"widget\" data-e-type=\"widget\" data-widget_type=\"text-editor.default\">\n\t\t\t\t\t\t\t\t\t<p>Kristnibo\u00f0i\u00f0 hefur a\u00f0 hluta til samsama\u00f0 Sara-Akka vi\u00f0 Mar\u00edu, sem greiddi fyrir umbreytingagu\u00f0fr\u00e6\u00f0i hinna kristnu\u00f0u Sama. \u00deessi sams\u00f6ming er v\u00edsindalega s\u00e9\u00f0 umt\u00falkun litbrig\u00f0 af n\u00fdlendustefnu sem \u00f3sk\u00fdr\u00f0i hina s\u00e9rst\u00f6ku s\u00f6msku f\u00e6\u00f0ingargu\u00f0fr\u00e6\u00f0i.<\/p><p>F\u00e6\u00f0ingarathafnir \u00ed kringum Sara-Akka voru ofs\u00f3ttar af l\u00fatherskum kristnibo\u00f0um sem <span class=\"iwg-fachbegriff\" data-tooltip=\"Fr\u00e1 kristnu sj\u00f3narhorni: tilheyrandi fyrirkristinni e\u00f0a \u00f3kristinni tr\u00fa.\" tabindex=\"0\">hei\u00f0nar<\/span>, sem var\u00f0 til \u00feess a\u00f0 hin athafnalega hef\u00f0 rofna\u00f0i a\u00f0 mestu. Leifar hef\u00f0arins hafa var\u00f0veist \u00ed fj\u00f6lskylduhef\u00f0um og munnlega var\u00f0veittum or\u00f0atilt\u00e6kjum.<\/p><p>\u00cd samt\u00edmalegri s\u00f6mskri menningarendurvakningu er Sara-Akka mikilv\u00e6g pers\u00f3na. Kvenr\u00e9ttindahreyfingar innan s\u00f6msku samf\u00e9lagsins v\u00edsa til hennar sem d\u00e6mi um kvenlegt tr\u00faarlegt vald \u00ed hinni hef\u00f0bundnu tr\u00fa. \u00deessi eignun er tr\u00faarbrag\u00f0afr\u00e6\u00f0ilega frj\u00f3.<\/p>\t\t\t\t\t\t\t\t<\/div>\n\t\t\t\t<\/div>\n\t\t\t\t\t<\/div>\n\t\t\t\t<\/div>\n\t\t<div class=\"elementor-element elementor-element-iwgw-saraakka-s9 e-flex e-con-boxed e-con e-parent\" data-id=\"iwgw-saraakka-s9\" data-element_type=\"container\" data-e-type=\"container\">\n\t\t\t\t\t<div class=\"e-con-inner\">\n\t\t\t\t<div class=\"elementor-element elementor-element-iwgw-saraakka-s9h elementor-widget elementor-widget-heading\" data-id=\"iwgw-saraakka-s9h\" data-element_type=\"widget\" data-e-type=\"widget\" data-widget_type=\"heading.default\">\n\t\t\t\t\t<h2 class=\"elementor-heading-title elementor-size-default\">Krossv\u00edsanir \u00ed or\u00f0asafninu<\/h2>\t\t\t\t<\/div>\n\t\t<div class=\"elementor-element elementor-element-iwgw-saraakka-s9c e-con-full e-flex e-con e-child\" data-id=\"iwgw-saraakka-s9c\" data-element_type=\"container\" data-e-type=\"container\">\n\t\t\t\t<div class=\"elementor-element elementor-element-iwgw-saraakka-s9t elementor-widget elementor-widget-text-editor\" data-id=\"iwgw-saraakka-s9t\" data-element_type=\"widget\" data-e-type=\"widget\" data-widget_type=\"text-editor.default\">\n\t\t\t\t\t\t\t\t\t<p>Sara-Akka tengist <a href=\"https:\/\/iwell-guard.com\/is\/?page_id=169016\">Madderakka<\/a>, <a href=\"https:\/\/iwell-guard.com\/is\/?page_id=169015\">Juksakka<\/a>, <a href=\"https:\/\/iwell-guard.com\/is\/?page_id=169014\">Uksakka<\/a>, <a href=\"https:\/\/iwell-guard.com\/is\/?page_id=169009\">Beaivi<\/a>, <a href=\"https:\/\/iwell-guard.com\/is\/?page_id=169010\">M\u00e1nnu<\/a>, <a href=\"https:\/\/iwell-guard.com\/is\/?page_id=169011\">R\u00e1hka<\/a>, <a href=\"https:\/\/iwell-guard.com\/is\/?page_id=169012\">Stallo<\/a>, <a href=\"https:\/\/iwell-guard.com\/is\/?page_id=169017\">Jabmiidaibmu<\/a> og <a href=\"https:\/\/iwell-guard.com\/is\/?page_id=169018\">Saivo<\/a>. Menningarhubburinn <a href=\"https:\/\/iwell-guard.com\/is\/sami-finnsk-ugrisk-hefd-noaidi-tromma\/\">Sami-hef\u00f0<\/a> rammar inn f\u00e6\u00f0ingargu\u00f0fr\u00e6\u00f0ina. Samb\u00e6rilegar f\u00e6\u00f0ingargy\u00f0jur finnast \u00ed <a href=\"https:\/\/iwell-guard.com\/is\/inuit-og-nordurslodir-sedna-tornit\/\">In\u00fa\u00edta<\/a>-lemmar\u00f6\u00f0inni hj\u00e1 <em>Pinga<\/em>.<\/p>\t\t\t\t\t\t\t\t<\/div>\n\t\t\t\t<\/div>\n\t\t\t\t\t<\/div>\n\t\t\t\t<\/div>\n\t\t<div class=\"elementor-element elementor-element-cp2b990ba7 e-flex e-con-boxed e-con e-parent\" data-id=\"cp2b990ba7\" data-element_type=\"container\" data-e-type=\"container\">\n\t\t\t\t\t<div class=\"e-con-inner\">\n\t\t\t\t<div class=\"elementor-element elementor-element-cp26f30671 elementor-widget elementor-widget-heading\" data-id=\"cp26f30671\" data-element_type=\"widget\" data-e-type=\"widget\" data-widget_type=\"heading.default\">\n\t\t\t\t\t<h2 class=\"elementor-heading-title elementor-size-default\">Sarakka vi\u00f0 eldst\u00e6\u00f0i\u00f0: gy\u00f0ja f\u00e6\u00f0ingarins \u00ed mi\u00f0ju tjaldinu<\/h2>\t\t\t\t<\/div>\n\t\t<div class=\"elementor-element elementor-element-cp293e5391 e-flex e-con-boxed e-con e-child\" data-id=\"cp293e5391\" data-element_type=\"container\" data-e-type=\"container\">\n\t\t\t\t\t<div class=\"e-con-inner\">\n\t\t\t\t<div class=\"elementor-element elementor-element-cp254f8fbe elementor-widget elementor-widget-text-editor\" data-id=\"cp254f8fbe\" data-element_type=\"widget\" data-e-type=\"widget\" data-widget_type=\"text-editor.default\">\n\t\t\t\t\t\t\t\t\t<p>Sarakka, \u00ed heimildum einnig skrifa\u00f0 <em>S\u00e1r\u00e1hkk\u00e1<\/em>, er af s\u00f6msku Akka-gu\u00f0unum tengdust f\u00e6\u00f0ingunni og eldst\u00e6\u00f0inu me\u00f0 beinustum h\u00e6tti. \u00c1 me\u00f0an <a href=\"https:\/\/iwell-guard.com\/is\/sami-finnsk-ugrisk-hefd-noaidi-tromma\/\">Maderakka<\/a> sem yfirskipu\u00f0 \u00e6ttm\u00f3\u00f0ir gefur barninu l\u00edkamann og Uksakka g\u00e6tir \u00fer\u00f6skuldsins, tilheyrir verksvi\u00f0 Sarakka mi\u00f0ju tjaldsins, \u00fear sem eldurinn brennur og \u00fear sem f\u00e6\u00f0ingin \u00e1tti s\u00e9r sta\u00f0.<\/p><p>Nafni\u00f0 er \u00ed fr\u00e6\u00f0unum venjulega tengt s\u00f6msku sagnor\u00f0i sem \u00fe\u00fd\u00f0ir &#8222;a\u00f0 klj\u00fafa&#8220; e\u00f0a &#8222;a\u00f0 skipta&#8220;, sem er tali\u00f0 v\u00edsa til f\u00e6\u00f0ingarferlisins. \u00deessi or\u00f0sifjafr\u00e6\u00f0i er tr\u00faver\u00f0ug en ekki fullkomlega s\u00f6nnu\u00f0.<\/p><p>Sarakka var talin s\u00fa sem studdi f\u00e6\u00f0andi konuna og leiddi barni\u00f0, svo a\u00f0 segja, inn \u00ed hinn s\u00fdnilega heim. \u00cd heimildunum er greint fr\u00e1 \u00fev\u00ed a\u00f0 henni voru f\u00e6r\u00f0ar s\u00e9rstakar f\u00f3rnargjafir, svo sem hlutar af mat, og a\u00f0 f\u00e6\u00f0andi kona e\u00f0a konurnar sem studdu hana leitu\u00f0u til Sarakka.<\/p><p>Athyglisver\u00f0 er tengingin Sarakka vi\u00f0 eldst\u00e6\u00f0i\u00f0. Eldurinn \u00ed mi\u00f0ju tjaldsins var athafnalegur brennipunktur heimilisl\u00edfsins, og Sarakka sem s\u00fa <span class=\"iwg-fachbegriff\" data-tooltip=\"Vera sem er d\u00fdrku\u00f0 sem gu\u00f0leg innan tr\u00faarbrag\u00f0a.\" tabindex=\"0\">gu\u00f0vera<\/span> sem var honum tengd t\u00e1kna\u00f0i \u00fe\u00e1 vernd sem streymdi fr\u00e1 \u00feessari mi\u00f0ju.<\/p><p>D\u00fdrkun hennar var hversdagslega tengd, bundin \u00e1kve\u00f0num l\u00edfsa\u00f0st\u00e6\u00f0um og fyrst og fremst borin af konum. N\u00e1kv\u00e6mlega vegna \u00feess a\u00f0 \u00feessi <span class=\"iwg-fachbegriff\" data-tooltip=\"Lifu\u00f0 tr\u00faarleg afsta\u00f0a og i\u00f0kun einstaklings.\" tabindex=\"0\">tr\u00far\u00e6kni<\/span> var \u00f3\u00e1berandi og felld inn \u00ed hversdagsl\u00edfi\u00f0, er h\u00fan a\u00f0eins stuttlega skr\u00e1\u00f0 \u00ed sk\u00fdrslum kristnibo\u00f0anna sem einbeittu s\u00e9r a\u00f0 opinberum tr\u00faari\u00f0kun.<\/p>\t\t\t\t\t\t\t\t<\/div>\n\t\t\t\t\t<\/div>\n\t\t\t\t<\/div>\n\t\t\t\t\t<\/div>\n\t\t\t\t<\/div>\n\t\t<div class=\"elementor-element elementor-element-cp285d891a e-flex e-con-boxed e-con e-parent\" data-id=\"cp285d891a\" data-element_type=\"container\" data-e-type=\"container\">\n\t\t\t\t\t<div class=\"e-con-inner\">\n\t\t\t\t<div class=\"elementor-element elementor-element-cp289a15c1 elementor-widget elementor-widget-heading\" data-id=\"cp289a15c1\" data-element_type=\"widget\" data-e-type=\"widget\" data-widget_type=\"heading.default\">\n\t\t\t\t\t<h2 class=\"elementor-heading-title elementor-size-default\">Hva\u00f0 tr\u00fabo\u00f0ssk\u00fdrslurnar \u00feegja yfir og afskr\u00e6ma um Sarakka<\/h2>\t\t\t\t<\/div>\n\t\t<div class=\"elementor-element elementor-element-cp22d7d5fa e-flex e-con-boxed e-con e-child\" data-id=\"cp22d7d5fa\" data-element_type=\"container\" data-e-type=\"container\">\n\t\t\t\t\t<div class=\"e-con-inner\">\n\t\t\t\t<div class=\"elementor-element elementor-element-cp2e8d6fc9 elementor-widget elementor-widget-text-editor\" data-id=\"cp2e8d6fc9\" data-element_type=\"widget\" data-e-type=\"widget\" data-widget_type=\"text-editor.default\">\n\t\t\t\t\t\t\t\t\t<p>Sama meginvandam\u00e1l gildir um <span class=\"iwg-fachbegriff\" data-tooltip=\"Mi\u00f0lun \u00feekkingar og fr\u00e1sagna milli kynsl\u00f3\u00f0a.\" tabindex=\"0\">munnm\u00e6lahef\u00f0ina<\/span> um Sarakka og allar sam\u00edskar gy\u00f0jur og gu\u00f0i: H\u00fan er n\u00e6r \u00f6ll fengin \u00far ritum kristinna tr\u00fabo\u00f0a og presta fr\u00e1 17. og 18. \u00f6ld, sem b\u00f6r\u00f0ust gegn hinni innf\u00e6ddu tr\u00fa.<\/p><p>\u00cd norsku sv\u00e6\u00f0unum tilheyra \u00feessu sk\u00fdrslur \u00far umhverfi tr\u00fabo\u00f0sstarfs Thomas von Westen, \u00ed s\u00e6nsku sv\u00e6\u00f0unum skr\u00e1ningar presta \u00e1 bor\u00f0 vi\u00f0 Pehr H\u00f6gstr\u00f6m.<\/p><p>\u00deessar heimildir gefa skekkta mynd af Sarakka \u00e1 fleiri en einn h\u00e1tt. \u00cd fyrsta lagi litu skr\u00e1setjararnir \u00e1 hana sem hei\u00f0inn skur\u00f0go\u00f0 og h\u00f6f\u00f0u engan \u00e1huga \u00e1 a\u00f0 l\u00fdsa henni af n\u00e6rg\u00e6tni.<\/p><p>\u00cd \u00f6\u00f0ru lagi var s\u00e1 svi\u00f0i sem Sarakka var tengd, \u00fea\u00f0 er f\u00e6\u00f0ing, brj\u00f3stagj\u00f6f og kvenna\u00feekking, k\u00f6rlum sem \u00e1horfendum a\u00f0 hluta til erfitt a\u00f0gengilegur og vakti s\u00e9rstaka \u00f3\u00e1n\u00e6gju \u00feeirra, \u00fev\u00ed h\u00e9r h\u00e9lust fornar venjur einkar \u00fer\u00e1l\u00e1tt.<\/p><p>Sumir si\u00f0ir til hei\u00f0urs Sarakka voru s\u00e9rstaklega ofs\u00f3ttir af tr\u00fabo\u00f0inu. \u00dea\u00f0 sem sk\u00fdrslurnar var\u00f0veita er \u00fev\u00ed \u00farval sem hefur veri\u00f0 s\u00eda\u00f0 \u00ed gegnum h\u00f6fnun og takmarka\u00f0 a\u00f0gengi.<\/p><p>Gagnr\u00fdnin sam\u00edsk tr\u00faarbrag\u00f0afr\u00e6\u00f0i, svo sem hj\u00e1 H\u00e5kan Rydving, hefur s\u00fdnt a\u00f0 kristna tr\u00fabo\u00f0i\u00f0 n\u00e1\u00f0i \u00ed langan t\u00edma ekki a\u00f0 n\u00e1 fullkomlega utan um og b\u00e6la ni\u00f0ur hina heimilislegu, kvenbornu <span class=\"iwg-fachbegriff\" data-tooltip=\"Lifu\u00f0 tr\u00faarleg afsta\u00f0a og i\u00f0kun einstaklings.\" tabindex=\"0\">gu\u00f0r\u00e6kni<\/span>, \u00fev\u00ed h\u00fan f\u00f3r framhj\u00e1 opinberu eftirliti.<\/p><p>\u00deetta er mikilv\u00e6gt fyrir mat \u00e1 Sarakka: Annars vegar er d\u00fdrkun hennar a\u00f0eins gloppulega skjalfest vegna \u00feessarar felu, en hins vegar er l\u00edklegt a\u00f0 h\u00fan hafi haldist lengur vi\u00f0 af s\u00f6mu \u00e1st\u00e6\u00f0u en margur opinber <span class=\"iwg-fachbegriff\" data-tooltip=\"\u00d6ll \u00feau tr\u00faarlegu d\u00fdrkunarath\u00e6fi sem beinast a\u00f0 gu\u00f0i e\u00f0a heilagri v\u00e6ttu.\" tabindex=\"0\">helgisi\u00f0ad\u00fdrkun<\/span>.<\/p><p>Grunntenging Sarakka vi\u00f0 f\u00e6\u00f0ingu og eldst\u00e6\u00f0i telst vel sta\u00f0fest; einst\u00f6k atri\u00f0i si\u00f0anna sem henni voru tileinka\u00f0ir eru \u00fe\u00f3 \u00f3vissu bundin og a\u00f0 hluta a\u00f0eins dregin af fjandsamlegum l\u00fdsingum.<\/p>\t\t\t\t\t\t\t\t<\/div>\n\t\t\t\t\t<\/div>\n\t\t\t\t<\/div>\n\t\t\t\t\t<\/div>\n\t\t\t\t<\/div>\n\t\t<div class=\"elementor-element elementor-element-iwgw-saraakka-lit e-flex e-con-boxed e-con e-parent\" data-id=\"iwgw-saraakka-lit\" data-element_type=\"container\" data-e-type=\"container\">\n\t\t\t\t\t<div class=\"e-con-inner\">\n\t\t\t\t<div class=\"elementor-element elementor-element-iwgw-saraakka-lith elementor-widget elementor-widget-heading\" data-id=\"iwgw-saraakka-lith\" data-element_type=\"widget\" data-e-type=\"widget\" data-widget_type=\"heading.default\">\n\t\t\t\t\t<h2 class=\"elementor-heading-title elementor-size-default\">Heimildir (\u00farval)<\/h2>\t\t\t\t<\/div>\n\t\t<div class=\"elementor-element elementor-element-iwgw-saraakka-litc e-con-full e-flex e-con e-child\" data-id=\"iwgw-saraakka-litc\" data-element_type=\"container\" data-e-type=\"container\">\n\t\t\t\t<div class=\"elementor-element elementor-element-iwgw-saraakka-litt elementor-widget elementor-widget-text-editor\" data-id=\"iwgw-saraakka-litt\" data-element_type=\"widget\" data-e-type=\"widget\" data-widget_type=\"text-editor.default\">\n\t\t\t\t\t\t\t\t\t<div data-nosnippet=\"true\"><ul><li>Johannes Schefferus: <em>Lapponia<\/em> (Frankfurt 1673)<\/li><li>Knud Leem: <em>Beskrivelse over Finmarkens Lapper<\/em> (Kopenhagen 1767)<\/li><li>Lars Levi L\u00e6stadius: <em>Fragmenter i lappska mythologien<\/em> (handrit um 1840)<\/li><li>H\u00e5kan Rydving: <em>The End of Drum-Time<\/em> (Uppsala 1993)<\/li><li>Juha Pentik\u00e4inen: <em>Saamelaiset<\/em> (Helsinki 1995)<\/li><li>Konsta Kaikkonen: <em>Sami Pre-Christian Religion<\/em> (Helsinki 2020)<\/li><\/ul><\/div>\t\t\t\t\t\t\t\t<\/div>\n\t\t\t\t<\/div>\n\t\t\t\t\t<\/div>\n\t\t\t\t<\/div>\n\t\t<div class=\"elementor-element elementor-element-iwgkw-add-saraakka e-flex e-con-boxed e-con e-parent\" data-id=\"iwgkw-add-saraakka\" data-element_type=\"container\" data-e-type=\"container\">\n\t\t\t\t\t<div class=\"e-con-inner\">\n\t\t\t\t<div class=\"elementor-element elementor-element-iwgkw-add-saraakka-t elementor-widget elementor-widget-text-editor\" data-id=\"iwgkw-add-saraakka-t\" data-element_type=\"widget\" data-e-type=\"widget\" data-widget_type=\"text-editor.default\">\n\t\t\t\t\t\t\t\t\t<p>\u00cd sam\u00edskri tr\u00fa telst Sara-Akka til <em>Akka<\/em>-gy\u00f0janna, kvenkyns verndarm\u00e1tta heimilisins og l\u00edfshringsins. Sem <em>v\u00f6r\u00f0ur<\/em> \u00feungunar fylgdi h\u00fan, samkv\u00e6mt hef\u00f0bundinni tr\u00fa, m\u00f3\u00f0ur og \u00f3f\u00e6ddu barni fr\u00e1 getna\u00f0i til f\u00e6\u00f0ingar.<\/p><p>F\u00f3rnargjafir vi\u00f0 eldst\u00e6\u00f0i\u00f0, sem tali\u00f0 var vera dvalarsta\u00f0ur hennar, \u00e1tti a\u00f0 tryggja n\u00e6rveru hennar; hlutverk v\u00f6r\u00f0unnar batt hana n\u00e1i\u00f0 vi\u00f0 umskiptasi\u00f0ina \u00ed kringum f\u00e6\u00f0inguna.<\/p>\t\t\t\t\t\t\t\t<\/div>\n\t\t\t\t\t<\/div>\n\t\t\t\t<\/div>\n\t\t<div class=\"elementor-element elementor-element-iwgw-saraakka-kwd e-flex e-con-boxed e-con e-parent\" data-id=\"iwgw-saraakka-kwd\" data-element_type=\"container\" data-e-type=\"container\">\n\t\t\t\t\t<div class=\"e-con-inner\">\n\t\t<div class=\"elementor-element elementor-element-iwgw-saraakka-kwdc e-con-full e-flex e-con e-child\" data-id=\"iwgw-saraakka-kwdc\" data-element_type=\"container\" data-e-type=\"container\">\n\t\t\t\t<div class=\"elementor-element elementor-element-iwgw-saraakka-kwdt elementor-widget elementor-widget-text-editor\" data-id=\"iwgw-saraakka-kwdt\" data-element_type=\"widget\" data-e-type=\"widget\" data-widget_type=\"text-editor.default\">\n\t\t\t\t\t\t\t\t\t<p><em>Tengd leitaror\u00f0: Sara-Akka Sarakka S\u00e1rahkk\u00e1 Sami f\u00e6\u00f0ingargy\u00f0ja Akka-kerfi Schefferus L\u00e6stadius.<\/em><\/p>\t\t\t\t\t\t\t\t<\/div>\n\t\t\t\t<\/div>\n\t\t\t\t\t<\/div>\n\t\t\t\t<\/div>\n\t\t<div class=\"elementor-element elementor-element-iwgw-saraakka-cc e-flex e-con-boxed e-con e-parent\" data-id=\"iwgw-saraakka-cc\" data-element_type=\"container\" data-e-type=\"container\" id=\"iwg-cc-sara-akka\">\n\t\t\t\t\t<div class=\"e-con-inner\">\n\t\t<div class=\"elementor-element elementor-element-iwgw-saraakka-ccinner e-flex e-con-boxed e-con e-parent\" data-id=\"iwgw-saraakka-ccinner\" data-element_type=\"container\" data-e-type=\"container\" data-settings=\"{&quot;background_background&quot;:&quot;classic&quot;}\">\n\t\t\t\t\t<div class=\"e-con-inner\">\n\t\t\t\t<div class=\"elementor-element elementor-element-iwgw-saraakka-cch elementor-widget elementor-widget-heading\" data-id=\"iwgw-saraakka-cch\" data-element_type=\"widget\" data-e-type=\"widget\" data-widget_type=\"heading.default\">\n\t\t\t\t\t<h2 class=\"elementor-heading-title elementor-size-default\">iWell Guard og verndarhef\u00f0ir<\/h2>\t\t\t\t<\/div>\n\t\t\t\t<div class=\"elementor-element elementor-element-iwgw-saraakka-cct elementor-widget elementor-widget-text-editor\" data-id=\"iwgw-saraakka-cct\" data-element_type=\"widget\" data-e-type=\"widget\" data-widget_type=\"text-editor.default\">\n\t\t\t\t\t\t\t\t\t<div data-nosnippet=\"true\"><p>iWell Guard byggir \u00e1 menningars\u00f6gulegri hef\u00f0 fars\u00edma verndargripa sem borna eru \u00e1 l\u00edkamanum, \u00ed hef\u00f0 <a href=\"https:\/\/iwell-guard.com\/is\/sami-finnsk-ugrisk-hefd-noaidi-tromma\/\">Sama<\/a> og margra annarra menningarheima um allan heim. 41 l\u00f6g, alv\u00f6ru gull, plat\u00edna, silfur, framleitt \u00ed \u00de\u00fdskalandi. 30 daga skilar\u00e9ttur.<\/p><\/div>\t\t\t\t\t\t\t\t<\/div>\n\t\t\t\t<div class=\"elementor-element elementor-element-iwgw-saraakka-ccb iwg-cc-button iwg-cc-cta-2026-05-13 elementor-widget elementor-widget-jet-button\" data-id=\"iwgw-saraakka-ccb\" data-element_type=\"widget\" data-e-type=\"widget\" data-widget_type=\"jet-button.default\">\n\t\t\t\t<div class=\"elementor-widget-container\">\n\t\t\t\t\t<div class=\"elementor-jet-button jet-elements\"><div class=\"jet-button__container\"><a class=\"jet-button__instance jet-button__instance--icon-left hover-effect-1\" href=\"\/ueber-iwell-guard\/?utm_source=iwell-guard.com&amp;utm_medium=info-box&amp;utm_campaign=wesen-tradition\"><div class=\"jet-button__plane jet-button__plane-normal\"><\/div><div class=\"jet-button__plane jet-button__plane-hover\"><\/div><div class=\"jet-button__state jet-button__state-normal\"><span class=\"jet-button__label\">Meira um iWell Guard<\/span><\/div><div class=\"jet-button__state jet-button__state-hover\"><span class=\"jet-button__label\">Meira um iWell Guard<\/span><\/div><\/a><\/div><\/div><style>.elementor-element.elementor-element-iwgw-saraakka-ccb .jet-button__instance{width:320px;height:56px;}.elementor-element.elementor-element-iwgw-saraakka-ccb .jet-button__state-normal .jet-button__label{text-align:center;margin:0px 0px 0px 0px;color:#1a1b20;font-family:Montserrat,sans-serif;font-size:13px;font-weight:400;letter-spacing:4px;line-height:1.714em;text-transform:uppercase;}.elementor-element.elementor-element-iwgw-saraakka-ccb .jet-button__state-hover .jet-button__label{text-align:center;margin:0px 0px 0px 0px;color:#FECC76;font-family:Montserrat,sans-serif;font-size:13px;font-weight:400;letter-spacing:4px;line-height:1.714em;text-transform:uppercase;}.elementor-element.elementor-element-iwgw-saraakka-ccb .jet-button__plane-normal{background-color:#FECC76;border-style:solid;border-color:#C99540;border-width:2px 2px 2px 2px;}.elementor-element.elementor-element-iwgw-saraakka-ccb .jet-button__plane-hover{background-color:rgba(0,0,0,0.55);border-style:solid;border-color:#FECC76;border-width:2px 2px 2px 2px;}<\/style>\t\t\t\t<\/div>\n\t\t\t\t<\/div>\n\t\t\t\t<div class=\"elementor-element elementor-element-iwgw-saraakka-ccd elementor-widget elementor-widget-text-editor\" data-id=\"iwgw-saraakka-ccd\" data-element_type=\"widget\" data-e-type=\"widget\" data-widget_type=\"text-editor.default\">\n\t\t\t\t\t\t\t\t\t<div data-nosnippet=\"true\"><p style=\"text-align:center;font-size:13px;opacity:0.7;margin-top:14px\" data-nosnippet=\"true\">Pers\u00f3nuleg reynsla getur veri\u00f0 mismunandi. Ekki l\u00e6kningat\u00e6ki. Engin lofor\u00f0 um l\u00e6kningu.<\/p><\/div>\t\t\t\t\t\t\t\t<\/div>\n\t\t\t\t\t<\/div>\n\t\t\t\t<\/div>\n\t\t\t\t\t<\/div>\n\t\t\t\t<\/div>\n\t\t<div class=\"elementor-element elementor-element-iwgw-saraakka-disc e-flex e-con-boxed e-con e-parent\" data-id=\"iwgw-saraakka-disc\" data-element_type=\"container\" data-e-type=\"container\">\n\t\t\t\t\t<div class=\"e-con-inner\">\n\t\t\t\t<div class=\"elementor-element elementor-element-iwgw-saraakka-discw elementor-widget elementor-widget-html\" data-id=\"iwgw-saraakka-discw\" data-element_type=\"widget\" data-e-type=\"widget\" data-widget_type=\"html.default\">\n\t\t\t\t\t<footer data-nosnippet=\"true\" class=\"iwg-disclaimer-block\"><p data-nosnippet=\"true\">iWell Guard er <strong>ekki l\u00e6kningat\u00e6ki<\/strong> og kemur ekki \u00ed sta\u00f0inn fyrir l\u00e6knis- e\u00f0a s\u00e1lfr\u00e6\u00f0ime\u00f0fer\u00f0. Tr\u00faarfr\u00e6\u00f0ilegt efni er menningars\u00f6gulegt samhengi, ekki r\u00e1\u00f0legging um andlega i\u00f0kun.<\/p><\/footer>\t\t\t\t<\/div>\n\t\t\t\t\t<\/div>\n\t\t\t\t<\/div>\n\t\t\t\t<\/div>\n\t\t","protected":false},"excerpt":{"rendered":"","protected":false},"author":3,"featured_media":2895,"parent":0,"menu_order":0,"comment_status":"closed","ping_status":"closed","template":"elementor_header_footer","meta":{"_yoast_wpseo_focuskw":"Sara-Akka f\u00e6\u00f0ingargy\u00f0ja Sama","_yoast_wpseo_title":"Sara-Akka - F\u00e6\u00f0ingargy\u00f0ja sam\u00edsku hef\u00f0arinnar","_yoast_wpseo_metadesc":"Sara-Akka er f\u00e6\u00f0ingargy\u00f0ja Sama, verndargy\u00f0ja \u00feungunar og f\u00e6\u00f0ingar. Tr\u00faarfr\u00e6\u00f0ileg greining me\u00f0 go\u00f0s\u00f6gn og heimildum.","_yoast_wpseo_meta-robots-noindex":"","_yoast_wpseo_canonical":"","_angie_page":false,"gefaehrdungsstufe":"","wesen_kultur":"","wesen_klasse":"","footnotes":""},"categories":[],"class_list":["post-169013","page","type-page","status-publish","has-post-thumbnail","hentry"],"yoast_head":"<!-- This site is optimized with the Yoast SEO Premium plugin v27.7 (Yoast SEO v28.3) - https:\/\/yoast.com\/product\/yoast-seo-premium-wordpress\/ -->\n<title>Sara-Akka - F\u00e6\u00f0ingargy\u00f0ja sam\u00edsku hef\u00f0arinnar<\/title>\n<meta name=\"description\" content=\"Sara-Akka er f\u00e6\u00f0ingargy\u00f0ja Sama, verndargy\u00f0ja \u00feungunar og f\u00e6\u00f0ingar. Tr\u00faarfr\u00e6\u00f0ileg greining me\u00f0 go\u00f0s\u00f6gn og heimildum.\" \/>\n<meta name=\"robots\" content=\"index, follow, max-snippet:-1, max-image-preview:large, max-video-preview:-1\" \/>\n<link rel=\"canonical\" href=\"https:\/\/iwell-guard.com\/is\/sara-akka-faedingargydja-sama\/\" \/>\n<meta property=\"og:locale\" content=\"is_IS\" \/>\n<meta property=\"og:type\" content=\"article\" \/>\n<meta property=\"og:title\" content=\"Sara-Akka - F\u00e6\u00f0ingargy\u00f0ja Sama\" \/>\n<meta property=\"og:description\" content=\"Sara-Akka er f\u00e6\u00f0ingargy\u00f0ja Sama, verndargy\u00f0ja \u00feungunar og f\u00e6\u00f0ingar. Tr\u00faarfr\u00e6\u00f0ileg greining me\u00f0 go\u00f0s\u00f6gn og heimildum.\" \/>\n<meta property=\"og:url\" content=\"https:\/\/iwell-guard.com\/is\/sara-akka-faedingargydja-sama\/\" \/>\n<meta property=\"og:site_name\" content=\"iWell Guard\" \/>\n<meta property=\"article:modified_time\" content=\"2026-09-05T14:29:53+00:00\" \/>\n<meta property=\"og:image\" content=\"https:\/\/iwell-guard.com\/wp-content\/uploads\/2026\/05\/goetter_sami_sara-akka.webp\" \/>\n\t<meta property=\"og:image:width\" content=\"1024\" \/>\n\t<meta property=\"og:image:height\" content=\"1536\" \/>\n\t<meta property=\"og:image:type\" content=\"image\/webp\" \/>\n<meta name=\"twitter:card\" content=\"summary_large_image\" \/>\n<script type=\"application\/ld+json\" class=\"yoast-schema-graph\">{\"@context\":\"https:\\\/\\\/schema.org\",\"@graph\":[{\"@type\":\"WebPage\",\"@id\":\"https:\\\/\\\/iwell-guard.com\\\/is\\\/sara-akka-faedingargydja-sama\\\/\",\"url\":\"https:\\\/\\\/iwell-guard.com\\\/is\\\/sara-akka-faedingargydja-sama\\\/\",\"name\":\"Sara-Akka - F\u00e6\u00f0ingargy\u00f0ja sam\u00edsku hef\u00f0arinnar\",\"isPartOf\":{\"@id\":\"https:\\\/\\\/iwell-guard.com\\\/is\\\/#website\"},\"primaryImageOfPage\":{\"@id\":\"https:\\\/\\\/iwell-guard.com\\\/is\\\/sara-akka-faedingargydja-sama\\\/#primaryimage\"},\"image\":{\"@id\":\"https:\\\/\\\/iwell-guard.com\\\/is\\\/sara-akka-faedingargydja-sama\\\/#primaryimage\"},\"thumbnailUrl\":\"https:\\\/\\\/iwell-guard.com\\\/wp-content\\\/uploads\\\/2026\\\/05\\\/goetter_sami_sara-akka.webp\",\"datePublished\":\"2026-09-05T14:04:50+00:00\",\"dateModified\":\"2026-09-05T14:29:53+00:00\",\"description\":\"Sara-Akka er f\u00e6\u00f0ingargy\u00f0ja Sama, verndargy\u00f0ja \u00feungunar og f\u00e6\u00f0ingar. Tr\u00faarfr\u00e6\u00f0ileg greining me\u00f0 go\u00f0s\u00f6gn og heimildum.\",\"breadcrumb\":{\"@id\":\"https:\\\/\\\/iwell-guard.com\\\/is\\\/sara-akka-faedingargydja-sama\\\/#breadcrumb\"},\"inLanguage\":\"is\",\"potentialAction\":[{\"@type\":\"ReadAction\",\"target\":[\"https:\\\/\\\/iwell-guard.com\\\/is\\\/sara-akka-faedingargydja-sama\\\/\"]}]},{\"@type\":\"ImageObject\",\"inLanguage\":\"is\",\"@id\":\"https:\\\/\\\/iwell-guard.com\\\/is\\\/sara-akka-faedingargydja-sama\\\/#primaryimage\",\"url\":\"https:\\\/\\\/iwell-guard.com\\\/wp-content\\\/uploads\\\/2026\\\/05\\\/goetter_sami_sara-akka.webp\",\"contentUrl\":\"https:\\\/\\\/iwell-guard.com\\\/wp-content\\\/uploads\\\/2026\\\/05\\\/goetter_sami_sara-akka.webp\",\"width\":1024,\"height\":1536,\"caption\":\"Gu\u00f0ir \u00far hef\u00f0 Sama.\"},{\"@type\":\"BreadcrumbList\",\"@id\":\"https:\\\/\\\/iwell-guard.com\\\/is\\\/sara-akka-faedingargydja-sama\\\/#breadcrumb\",\"itemListElement\":[{\"@type\":\"ListItem\",\"position\":1,\"name\":\"Start\",\"item\":\"https:\\\/\\\/iwell-guard.com\\\/is\\\/?page_id=168580\"},{\"@type\":\"ListItem\",\"position\":2,\"name\":\"Sara-Akka &#8211; F\u00e6\u00f0ingargy\u00f0ja Sama\"}]},{\"@type\":\"WebSite\",\"@id\":\"https:\\\/\\\/iwell-guard.com\\\/is\\\/#website\",\"url\":\"https:\\\/\\\/iwell-guard.com\\\/is\\\/\",\"name\":\"iWell Guard\",\"description\":\"Schutz vor dunklen Einfl\u00fcssen\",\"publisher\":{\"@id\":\"https:\\\/\\\/iwell-guard.com\\\/is\\\/#organization\"},\"potentialAction\":[{\"@type\":\"SearchAction\",\"target\":{\"@type\":\"EntryPoint\",\"urlTemplate\":\"https:\\\/\\\/iwell-guard.com\\\/is\\\/?s={search_term_string}\"},\"query-input\":{\"@type\":\"PropertyValueSpecification\",\"valueRequired\":true,\"valueName\":\"search_term_string\"}}],\"inLanguage\":\"is\"},{\"@type\":\"Organization\",\"@id\":\"https:\\\/\\\/iwell-guard.com\\\/is\\\/#organization\",\"name\":\"Ittermann electronic GmbH\",\"url\":\"https:\\\/\\\/iwell-guard.com\\\/is\\\/\",\"logo\":{\"@type\":\"ImageObject\",\"inLanguage\":\"is\",\"@id\":\"https:\\\/\\\/iwell-guard.com\\\/is\\\/#\\\/schema\\\/logo\\\/image\\\/\",\"url\":\"https:\\\/\\\/iwell-guard.com\\\/wp-content\\\/uploads\\\/2026\\\/05\\\/Ittermann-Logo-1182x237-1.png\",\"contentUrl\":\"https:\\\/\\\/iwell-guard.com\\\/wp-content\\\/uploads\\\/2026\\\/05\\\/Ittermann-Logo-1182x237-1.png\",\"width\":1182,\"height\":237,\"caption\":\"Ittermann electronic GmbH\"},\"image\":{\"@id\":\"https:\\\/\\\/iwell-guard.com\\\/is\\\/#\\\/schema\\\/logo\\\/image\\\/\"},\"sameAs\":[\"https:\\\/\\\/pantip.com\\\/profile\\\/9367242\",\"https:\\\/\\\/micro.blog\\\/iwellguard\",\"https:\\\/\\\/www.diggerslist.com\\\/iwellguard\\\/about\",\"https:\\\/\\\/skitterphoto.com\\\/photographers\\\/2870314\\\/iwell-guard\",\"https:\\\/\\\/iwellguard.wordpress.com\\\/2026\\\/06\\\/06\\\/iwell-guard\\\/\",\"https:\\\/\\\/hub.docker.com\\\/u\\\/iwellguard\",\"https:\\\/\\\/www.pinterest.com\\\/iwellguard\\\/\",\"https:\\\/\\\/bit.ly\\\/m\\\/iwellguard\",\"https:\\\/\\\/entre-vos-mains.alsace.eu\\\/profiles\\\/iwellguard\\\/activity\",\"https:\\\/\\\/gravatar.com\\\/reallybeded8fd34\",\"https:\\\/\\\/naijamatta.com\\\/iwellguard\",\"https:\\\/\\\/www.goodreads.com\\\/iwellguard\",\"https:\\\/\\\/profile.hatena.ne.jp\\\/iwellguard\\\/\",\"https:\\\/\\\/experiment.com\\\/users\\\/iwellguard\",\"https:\\\/\\\/wakelet.com\\\/@iWellGuard82270\",\"https:\\\/\\\/www.chordie.com\\\/forum\\\/profile.php?id=2555664\",\"https:\\\/\\\/www.instapaper.com\\\/p\\\/17757966\",\"https:\\\/\\\/www.mapleprimes.com\\\/users\\\/iwellguard\",\"https:\\\/\\\/businesslistingplus.com\\\/profile\\\/iwell-guard\\\/\",\"https:\\\/\\\/telegra.ph\\\/iWell-Guard-06-06\",\"https:\\\/\\\/pbase.com\\\/iwellguard\\\/iwellguard\",\"https:\\\/\\\/b.hatena.ne.jp\\\/iwellguard\\\/20260607#bookmark-4788405196491818882\",\"https:\\\/\\\/fliphtml5.com\\\/home\\\/iwellguard\",\"https:\\\/\\\/anyflip.com\\\/homepage\\\/cmiwl#About\",\"https:\\\/\\\/transfur.com\\\/Users\\\/iwellguard\",\"http:\\\/\\\/delphi.larsbo.org\\\/user\\\/iwellguard\",\"https:\\\/\\\/jobs.lajobsportal.org\\\/profiles\\\/8380803-iwell-guard\",\"https:\\\/\\\/md.chaosdorf.de\\\/s\\\/jfbe5SBdJD\",\"https:\\\/\\\/www.lingvolive.com\\\/en-us\\\/profile\\\/9ecaeaca-ce11-4e51-9e71-01d55e2bff36\\\/translations\",\"https:\\\/\\\/www.fitday.com\\\/fitness\\\/forums\\\/members\\\/iwellguard.html\",\"https:\\\/\\\/www.mymeetbook.com\\\/iwellguard\",\"https:\\\/\\\/pxhere.com\\\/en\\\/photographer-me\\\/5040798\",\"https:\\\/\\\/disqus.com\\\/by\\\/iwellguard\\\/about\\\/\",\"https:\\\/\\\/pastelink.net\\\/hjwciqwq\",\"https:\\\/\\\/pubhtml5.com\\\/homepage\\\/scjhn\\\/\",\"https:\\\/\\\/www.bitchute.com\\\/channel\\\/2O2eOKzNqujT\",\"https:\\\/\\\/audiomack.com\\\/iwellguard\"]}]}<\/script>\n<!-- \/ Yoast SEO Premium plugin. -->","yoast_head_json":{"title":"Sara-Akka - F\u00e6\u00f0ingargy\u00f0ja sam\u00edsku hef\u00f0arinnar","description":"Sara-Akka er f\u00e6\u00f0ingargy\u00f0ja Sama, verndargy\u00f0ja \u00feungunar og f\u00e6\u00f0ingar. Tr\u00faarfr\u00e6\u00f0ileg greining me\u00f0 go\u00f0s\u00f6gn og heimildum.","robots":{"index":"index","follow":"follow","max-snippet":"max-snippet:-1","max-image-preview":"max-image-preview:large","max-video-preview":"max-video-preview:-1"},"canonical":"https:\/\/iwell-guard.com\/is\/sara-akka-faedingargydja-sama\/","og_locale":"is_IS","og_type":"article","og_title":"Sara-Akka - F\u00e6\u00f0ingargy\u00f0ja Sama","og_description":"Sara-Akka er f\u00e6\u00f0ingargy\u00f0ja Sama, verndargy\u00f0ja \u00feungunar og f\u00e6\u00f0ingar. Tr\u00faarfr\u00e6\u00f0ileg greining me\u00f0 go\u00f0s\u00f6gn og heimildum.","og_url":"https:\/\/iwell-guard.com\/is\/sara-akka-faedingargydja-sama\/","og_site_name":"iWell Guard","article_modified_time":"2026-09-05T14:29:53+00:00","og_image":[{"width":1024,"height":1536,"url":"https:\/\/iwell-guard.com\/wp-content\/uploads\/2026\/05\/goetter_sami_sara-akka.webp","type":"image\/webp"}],"twitter_card":"summary_large_image","schema":{"@context":"https:\/\/schema.org","@graph":[{"@type":"WebPage","@id":"https:\/\/iwell-guard.com\/is\/sara-akka-faedingargydja-sama\/","url":"https:\/\/iwell-guard.com\/is\/sara-akka-faedingargydja-sama\/","name":"Sara-Akka - F\u00e6\u00f0ingargy\u00f0ja sam\u00edsku hef\u00f0arinnar","isPartOf":{"@id":"https:\/\/iwell-guard.com\/is\/#website"},"primaryImageOfPage":{"@id":"https:\/\/iwell-guard.com\/is\/sara-akka-faedingargydja-sama\/#primaryimage"},"image":{"@id":"https:\/\/iwell-guard.com\/is\/sara-akka-faedingargydja-sama\/#primaryimage"},"thumbnailUrl":"https:\/\/iwell-guard.com\/wp-content\/uploads\/2026\/05\/goetter_sami_sara-akka.webp","datePublished":"2026-09-05T14:04:50+00:00","dateModified":"2026-09-05T14:29:53+00:00","description":"Sara-Akka er f\u00e6\u00f0ingargy\u00f0ja Sama, verndargy\u00f0ja \u00feungunar og f\u00e6\u00f0ingar. Tr\u00faarfr\u00e6\u00f0ileg greining me\u00f0 go\u00f0s\u00f6gn og heimildum.","breadcrumb":{"@id":"https:\/\/iwell-guard.com\/is\/sara-akka-faedingargydja-sama\/#breadcrumb"},"inLanguage":"is","potentialAction":[{"@type":"ReadAction","target":["https:\/\/iwell-guard.com\/is\/sara-akka-faedingargydja-sama\/"]}]},{"@type":"ImageObject","inLanguage":"is","@id":"https:\/\/iwell-guard.com\/is\/sara-akka-faedingargydja-sama\/#primaryimage","url":"https:\/\/iwell-guard.com\/wp-content\/uploads\/2026\/05\/goetter_sami_sara-akka.webp","contentUrl":"https:\/\/iwell-guard.com\/wp-content\/uploads\/2026\/05\/goetter_sami_sara-akka.webp","width":1024,"height":1536,"caption":"Gu\u00f0ir \u00far hef\u00f0 Sama."},{"@type":"BreadcrumbList","@id":"https:\/\/iwell-guard.com\/is\/sara-akka-faedingargydja-sama\/#breadcrumb","itemListElement":[{"@type":"ListItem","position":1,"name":"Start","item":"https:\/\/iwell-guard.com\/is\/?page_id=168580"},{"@type":"ListItem","position":2,"name":"Sara-Akka &#8211; F\u00e6\u00f0ingargy\u00f0ja Sama"}]},{"@type":"WebSite","@id":"https:\/\/iwell-guard.com\/is\/#website","url":"https:\/\/iwell-guard.com\/is\/","name":"iWell Guard","description":"Schutz vor dunklen Einfl\u00fcssen","publisher":{"@id":"https:\/\/iwell-guard.com\/is\/#organization"},"potentialAction":[{"@type":"SearchAction","target":{"@type":"EntryPoint","urlTemplate":"https:\/\/iwell-guard.com\/is\/?s={search_term_string}"},"query-input":{"@type":"PropertyValueSpecification","valueRequired":true,"valueName":"search_term_string"}}],"inLanguage":"is"},{"@type":"Organization","@id":"https:\/\/iwell-guard.com\/is\/#organization","name":"Ittermann electronic GmbH","url":"https:\/\/iwell-guard.com\/is\/","logo":{"@type":"ImageObject","inLanguage":"is","@id":"https:\/\/iwell-guard.com\/is\/#\/schema\/logo\/image\/","url":"https:\/\/iwell-guard.com\/wp-content\/uploads\/2026\/05\/Ittermann-Logo-1182x237-1.png","contentUrl":"https:\/\/iwell-guard.com\/wp-content\/uploads\/2026\/05\/Ittermann-Logo-1182x237-1.png","width":1182,"height":237,"caption":"Ittermann electronic GmbH"},"image":{"@id":"https:\/\/iwell-guard.com\/is\/#\/schema\/logo\/image\/"},"sameAs":["https:\/\/pantip.com\/profile\/9367242","https:\/\/micro.blog\/iwellguard","https:\/\/www.diggerslist.com\/iwellguard\/about","https:\/\/skitterphoto.com\/photographers\/2870314\/iwell-guard","https:\/\/iwellguard.wordpress.com\/2026\/06\/06\/iwell-guard\/","https:\/\/hub.docker.com\/u\/iwellguard","https:\/\/www.pinterest.com\/iwellguard\/","https:\/\/bit.ly\/m\/iwellguard","https:\/\/entre-vos-mains.alsace.eu\/profiles\/iwellguard\/activity","https:\/\/gravatar.com\/reallybeded8fd34","https:\/\/naijamatta.com\/iwellguard","https:\/\/www.goodreads.com\/iwellguard","https:\/\/profile.hatena.ne.jp\/iwellguard\/","https:\/\/experiment.com\/users\/iwellguard","https:\/\/wakelet.com\/@iWellGuard82270","https:\/\/www.chordie.com\/forum\/profile.php?id=2555664","https:\/\/www.instapaper.com\/p\/17757966","https:\/\/www.mapleprimes.com\/users\/iwellguard","https:\/\/businesslistingplus.com\/profile\/iwell-guard\/","https:\/\/telegra.ph\/iWell-Guard-06-06","https:\/\/pbase.com\/iwellguard\/iwellguard","https:\/\/b.hatena.ne.jp\/iwellguard\/20260607#bookmark-4788405196491818882","https:\/\/fliphtml5.com\/home\/iwellguard","https:\/\/anyflip.com\/homepage\/cmiwl#About","https:\/\/transfur.com\/Users\/iwellguard","http:\/\/delphi.larsbo.org\/user\/iwellguard","https:\/\/jobs.lajobsportal.org\/profiles\/8380803-iwell-guard","https:\/\/md.chaosdorf.de\/s\/jfbe5SBdJD","https:\/\/www.lingvolive.com\/en-us\/profile\/9ecaeaca-ce11-4e51-9e71-01d55e2bff36\/translations","https:\/\/www.fitday.com\/fitness\/forums\/members\/iwellguard.html","https:\/\/www.mymeetbook.com\/iwellguard","https:\/\/pxhere.com\/en\/photographer-me\/5040798","https:\/\/disqus.com\/by\/iwellguard\/about\/","https:\/\/pastelink.net\/hjwciqwq","https:\/\/pubhtml5.com\/homepage\/scjhn\/","https:\/\/www.bitchute.com\/channel\/2O2eOKzNqujT","https:\/\/audiomack.com\/iwellguard"]}]}},"_links":{"self":[{"href":"https:\/\/iwell-guard.com\/is\/wp-json\/wp\/v2\/pages\/169013","targetHints":{"allow":["GET"]}}],"collection":[{"href":"https:\/\/iwell-guard.com\/is\/wp-json\/wp\/v2\/pages"}],"about":[{"href":"https:\/\/iwell-guard.com\/is\/wp-json\/wp\/v2\/types\/page"}],"author":[{"embeddable":true,"href":"https:\/\/iwell-guard.com\/is\/wp-json\/wp\/v2\/users\/3"}],"replies":[{"embeddable":true,"href":"https:\/\/iwell-guard.com\/is\/wp-json\/wp\/v2\/comments?post=169013"}],"version-history":[{"count":0,"href":"https:\/\/iwell-guard.com\/is\/wp-json\/wp\/v2\/pages\/169013\/revisions"}],"wp:featuredmedia":[{"embeddable":true,"href":"https:\/\/iwell-guard.com\/is\/wp-json\/wp\/v2\/media\/2895"}],"wp:attachment":[{"href":"https:\/\/iwell-guard.com\/is\/wp-json\/wp\/v2\/media?parent=169013"}],"wp:term":[{"taxonomy":"category","embeddable":true,"href":"https:\/\/iwell-guard.com\/is\/wp-json\/wp\/v2\/categories?post=169013"}],"curies":[{"name":"wp","href":"https:\/\/api.w.org\/{rel}","templated":true}]}}