{"id":169012,"date":"2026-09-05T14:04:49","date_gmt":"2026-09-05T14:04:49","guid":{"rendered":"https:\/\/iwell-guard.com\/?page_id=169012"},"modified":"2026-09-05T14:29:52","modified_gmt":"2026-09-05T14:29:52","slug":"stallo-mannaeta-jotunn-samiskrar-hefdar","status":"publish","type":"page","link":"https:\/\/iwell-guard.com\/is\/stallo-mannaeta-jotunn-samiskrar-hefdar\/","title":{"rendered":"Stallo &#8211; Manneta j\u00f6tunn sam\u00edskrar hef\u00f0ar"},"content":{"rendered":"\t\t<div data-elementor-type=\"wp-page\" data-elementor-id=\"169012\" class=\"elementor elementor-169012 elementor-2667 elementor-bc-flex-widget\" data-elementor-post-type=\"page\">\n\t\t\t\t<div class=\"elementor-element elementor-element-iwgw-stallo-hero e-flex e-con-boxed e-con e-parent\" data-id=\"iwgw-stallo-hero\" data-element_type=\"container\" data-e-type=\"container\" data-settings=\"{&quot;background_background&quot;:&quot;classic&quot;}\">\n\t\t\t\t\t<div class=\"e-con-inner\">\n\t\t<div class=\"elementor-element elementor-element-iwgw-stallo-hl e-flex e-con-boxed e-con e-child\" data-id=\"iwgw-stallo-hl\" data-element_type=\"container\" data-e-type=\"container\">\n\t\t\t\t\t<div class=\"e-con-inner\">\n\t\t<div class=\"elementor-element elementor-element-iwgw-stallo-htxt e-con-full e-flex e-con e-child\" data-id=\"iwgw-stallo-htxt\" data-element_type=\"container\" data-e-type=\"container\">\n\t\t\t\t<div class=\"elementor-element elementor-element-iwgw-stallo-h1 elementor-widget elementor-widget-heading\" data-id=\"iwgw-stallo-h1\" data-element_type=\"widget\" data-e-type=\"widget\" data-widget_type=\"heading.default\">\n\t\t\t\t\t<h1 class=\"elementor-heading-title elementor-size-default\">Stallo - Manneta j\u00f6tunn og trickster-andst\u00e6\u00f0ingur sam\u00edskrar hef\u00f0ar<\/h1>\t\t\t\t<\/div>\n\t\t\t\t<div class=\"elementor-element elementor-element-iwgw-stallo-lead elementor-widget elementor-widget-text-editor\" data-id=\"iwgw-stallo-lead\" data-element_type=\"widget\" data-e-type=\"widget\" data-widget_type=\"text-editor.default\">\n\t\t\t\t\t\t\t\t\t<p>Stallo, \u00ed m\u00e1ll\u00fdskubundnum \u00fatg\u00e1fum l\u00edka nefndur Staaloe e\u00f0a Staaloh, er manneta j\u00f6tunninn \u00ed sam\u00edskri fr\u00e1sagnarhef\u00f0. Hann kemur fram sem andst\u00e6\u00f0ingur \u00ed m\u00f6rgum s\u00f6gum \u00fear sem sam\u00edskar s\u00f6gupers\u00f3nur sigra hann me\u00f0 k\u00e6nsku. Tr\u00faarbrag\u00f0afr\u00e6\u00f0ilega telst hann til hinnar v\u00ed\u00f0u st\u00e9ttar j\u00f6tunn-andst\u00e6\u00f0inga \u00ed nor\u00f0ur-evr\u00f3pskum go\u00f0afr\u00e6\u00f0um.<\/p>\t\t\t\t\t\t\t\t<\/div>\n\t\t\t\t<\/div>\n\t\t<div class=\"elementor-element elementor-element-iwgw-stallo-pillc e-con-full e-flex e-con e-child\" data-id=\"iwgw-stallo-pillc\" data-element_type=\"container\" data-e-type=\"container\">\n\t\t\t\t<div class=\"elementor-element elementor-element-iwgw-stallo-pills elementor-widget elementor-widget-html\" data-id=\"iwgw-stallo-pills\" data-element_type=\"widget\" data-e-type=\"widget\" data-widget_type=\"html.default\">\n\t\t\t\t\t<div class=\"iwg-pill-row\"><span class=\"iwg-klasse-badge\" tabindex=\"0\" data-tooltip=\"J\u00f6tunn hef\u00f0ar Sama.\">J\u00f6tunn<\/span><a href=\"https:\/\/iwell-guard.com\/is\/sami-finnsk-ugrisk-hefd-noaidi-tromma\/\" class=\"iwg-kultur-badge\" tabindex=\"0\" data-tooltip=\"Go\u00f0afr\u00e6\u00f0i hef\u00f0ar Sama.\">Samar<\/a><span class=\"iwg-tradition-badge\" tabindex=\"0\" data-tooltip=\"J\u00f6tunvera og andst\u00e6\u00f0ingur.\">J\u00f6tunvera og andst\u00e6\u00f0ingur<\/span><\/div>\t\t\t\t<\/div>\n\t\t\t\t<\/div>\n\t\t<div class=\"elementor-element elementor-element-iwgw-stallo-tocc e-con-full e-flex e-con e-child\" data-id=\"iwgw-stallo-tocc\" data-element_type=\"container\" data-e-type=\"container\">\n\t\t\t\t<div class=\"elementor-element elementor-element-iwgw-stallo-toc elementor-toc--minimized-on-tablet elementor-widget elementor-widget-table-of-contents\" data-id=\"iwgw-stallo-toc\" data-element_type=\"widget\" data-e-type=\"widget\" data-settings=\"{&quot;headings_by_tags&quot;:[&quot;h2&quot;,&quot;h3&quot;],&quot;minimize_box&quot;:&quot;yes&quot;,&quot;marker_view&quot;:&quot;bullets&quot;,&quot;no_headings_message&quot;:&quot;Engar undirfyrirsagnir fundust \\u00e1 \\u00feessari s\\u00ed\\u00f0u.&quot;,&quot;exclude_headings_by_selector&quot;:[],&quot;icon&quot;:{&quot;value&quot;:&quot;fas fa-circle&quot;,&quot;library&quot;:&quot;fa-solid&quot;,&quot;rendered_tag&quot;:&quot;&lt;svg class=\\&quot;e-font-icon-svg e-fas-circle\\&quot; viewBox=\\&quot;0 0 512 512\\&quot; xmlns=\\&quot;http:\\\/\\\/www.w3.org\\\/2000\\\/svg\\&quot;&gt;&lt;path d=\\&quot;M256 8C119 8 8 119 8 256s111 248 248 248 248-111 248-248S393 8 256 8z\\&quot;&gt;&lt;\\\/path&gt;&lt;\\\/svg&gt;&quot;},&quot;minimized_on&quot;:&quot;tablet&quot;,&quot;hierarchical_view&quot;:&quot;yes&quot;,&quot;min_height&quot;:{&quot;unit&quot;:&quot;px&quot;,&quot;size&quot;:&quot;&quot;,&quot;sizes&quot;:[]},&quot;min_height_tablet&quot;:{&quot;unit&quot;:&quot;px&quot;,&quot;size&quot;:&quot;&quot;,&quot;sizes&quot;:[]},&quot;min_height_mobile&quot;:{&quot;unit&quot;:&quot;px&quot;,&quot;size&quot;:&quot;&quot;,&quot;sizes&quot;:[]}}\" data-widget_type=\"table-of-contents.default\">\n\t\t\t\t\t\t\t\t\t<div class=\"elementor-toc__header\">\n\t\t\t\t\t\t<h2 class=\"elementor-toc__header-title\">\n\t\t\t\tEfnisyfirlit\t\t\t<\/h2>\n\t\t\t\t\t\t\t\t\t\t<div class=\"elementor-toc__toggle-button elementor-toc__toggle-button--expand\" role=\"button\" tabindex=\"0\" aria-controls=\"elementor-toc__iwgw-stallo-toc\" aria-expanded=\"true\" aria-label=\"Open table of contents\"><svg aria-hidden=\"true\" class=\"e-font-icon-svg e-fas-chevron-down\" viewBox=\"0 0 448 512\" xmlns=\"http:\/\/www.w3.org\/2000\/svg\"><path d=\"M207.029 381.476L12.686 187.132c-9.373-9.373-9.373-24.569 0-33.941l22.667-22.667c9.357-9.357 24.522-9.375 33.901-.04L224 284.505l154.745-154.021c9.379-9.335 24.544-9.317 33.901.04l22.667 22.667c9.373 9.373 9.373 24.569 0 33.941L240.971 381.476c-9.373 9.372-24.569 9.372-33.942 0z\"><\/path><\/svg><\/div>\n\t\t\t\t<div class=\"elementor-toc__toggle-button elementor-toc__toggle-button--collapse\" role=\"button\" tabindex=\"0\" aria-controls=\"elementor-toc__iwgw-stallo-toc\" aria-expanded=\"true\" aria-label=\"Close table of contents\"><svg aria-hidden=\"true\" class=\"e-font-icon-svg e-fas-chevron-up\" viewBox=\"0 0 448 512\" xmlns=\"http:\/\/www.w3.org\/2000\/svg\"><path d=\"M240.971 130.524l194.343 194.343c9.373 9.373 9.373 24.569 0 33.941l-22.667 22.667c-9.357 9.357-24.522 9.375-33.901.04L224 227.495 69.255 381.516c-9.379 9.335-24.544 9.317-33.901-.04l-22.667-22.667c-9.373-9.373-9.373-24.569 0-33.941L207.03 130.525c9.372-9.373 24.568-9.373 33.941-.001z\"><\/path><\/svg><\/div>\n\t\t\t\t\t<\/div>\n\t\t\t\t<div id=\"elementor-toc__iwgw-stallo-toc\" class=\"elementor-toc__body\">\n\t\t\t<div class=\"elementor-toc__spinner-container\">\n\t\t\t\t<svg class=\"elementor-toc__spinner eicon-animation-spin e-font-icon-svg e-eicon-loading\" aria-hidden=\"true\" viewBox=\"0 0 1000 1000\" xmlns=\"http:\/\/www.w3.org\/2000\/svg\"><path d=\"M500 975V858C696 858 858 696 858 500S696 142 500 142 142 304 142 500H25C25 237 238 25 500 25S975 237 975 500 763 975 500 975Z\"><\/path><\/svg>\t\t\t<\/div>\n\t\t<\/div>\n\t\t\t\t\t\t<\/div>\n\t\t\t\t<\/div>\n\t\t\t\t\t<\/div>\n\t\t\t\t<\/div>\n\t\t<div class=\"elementor-element elementor-element-iwgw-stallo-hr e-con-full e-flex e-con e-child\" data-id=\"iwgw-stallo-hr\" data-element_type=\"container\" data-e-type=\"container\">\n\t\t\t\t<div class=\"elementor-element elementor-element-iwgw-stallo-heroimg iwg-hero-image elementor-widget elementor-widget-image\" data-id=\"iwgw-stallo-heroimg\" data-element_type=\"widget\" data-e-type=\"widget\" data-widget_type=\"image.default\">\n\t\t\t\t\t\t\t\t\t\t\t\t\t\t\t<img fetchpriority=\"high\" decoding=\"async\" width=\"683\" height=\"1024\" src=\"https:\/\/iwell-guard.com\/wp-content\/uploads\/2026\/05\/goetter_sami_stallo-683x1024.webp\" class=\"attachment-large size-large wp-image-170763\" alt=\"Stallo - vera \u00far sam\u00edskri hef\u00f0, s\u00f6guleg myndskreyting\" srcset=\"https:\/\/iwell-guard.com\/wp-content\/uploads\/2026\/05\/goetter_sami_stallo-683x1024.webp 683w, https:\/\/iwell-guard.com\/wp-content\/uploads\/2026\/05\/goetter_sami_stallo-200x300.webp 200w, https:\/\/iwell-guard.com\/wp-content\/uploads\/2026\/05\/goetter_sami_stallo-768x1152.webp 768w, https:\/\/iwell-guard.com\/wp-content\/uploads\/2026\/05\/goetter_sami_stallo.webp 1024w\" sizes=\"(max-width: 683px) 100vw, 683px\" \/>\t\t\t\t\t\t\t\t\t\t\t\t\t\t\t<\/div>\n\t\t\t\t<\/div>\n\t\t\t\t\t<\/div>\n\t\t\t\t<\/div>\n\t\t\t\t<section class=\"elementor-section elementor-top-section elementor-element elementor-element-sec-iwgcomp-stallo elementor-section-boxed elementor-section-height-default elementor-section-height-default\" data-id=\"sec-iwgcomp-stallo\" data-element_type=\"section\" data-e-type=\"section\">\n\t\t\t\t\t\t<div class=\"elementor-container elementor-column-gap-default\">\n\t\t\t\t\t<div class=\"elementor-column elementor-col-100 elementor-top-column elementor-element elementor-element-col-iwgcomp-stallo\" data-id=\"col-iwgcomp-stallo\" data-element_type=\"column\" data-e-type=\"column\">\n\t\t\t<div class=\"elementor-widget-wrap elementor-element-populated\">\n\t\t\t\t\t\t<div class=\"elementor-element elementor-element-iwgcomp-stallo elementor-widget elementor-widget-text-editor\" data-id=\"iwgcomp-stallo\" data-element_type=\"widget\" data-e-type=\"widget\" data-widget_type=\"text-editor.default\">\n\t\t\t\t\t\t\t\t\t<p>Stallo er talinn <strong>j\u00f6tunn-andst\u00e6\u00f0ingur<\/strong> \u00ed s\u00f6gum sam\u00edskra b\u00e6ndasamf\u00e9laga, mann\u00e6ta og utangar\u00f0svera.<\/p>\t\t\t\t\t\t\t\t<\/div>\n\t\t\t\t\t<\/div>\n\t\t<\/div>\n\t\t\t\t\t<\/div>\n\t\t<\/section>\n\t\t<div class=\"elementor-element elementor-element-iwgw-stallo-s0 e-flex e-con-boxed e-con e-parent\" data-id=\"iwgw-stallo-s0\" data-element_type=\"container\" data-e-type=\"container\">\n\t\t\t\t\t<div class=\"e-con-inner\">\n\t\t\t\t<div class=\"elementor-element elementor-element-iwgw-stallo-s0h elementor-widget elementor-widget-heading\" data-id=\"iwgw-stallo-s0h\" data-element_type=\"widget\" data-e-type=\"widget\" data-widget_type=\"heading.default\">\n\t\t\t\t\t<h2 class=\"elementor-heading-title elementor-size-default\">Greining og skammrit<\/h2>\t\t\t\t<\/div>\n\t\t<div class=\"elementor-element elementor-element-iwgw-stallo-s0c e-con-full e-flex e-con e-child\" data-id=\"iwgw-stallo-s0c\" data-element_type=\"container\" data-e-type=\"container\">\n\t\t\t\t<div class=\"elementor-element elementor-element-iwgw-stallo-s0t elementor-widget elementor-widget-text-editor\" data-id=\"iwgw-stallo-s0t\" data-element_type=\"widget\" data-e-type=\"widget\" data-widget_type=\"text-editor.default\">\n\t\t\t\t\t\t\t\t\t<p>Stallo tilheyrir fr\u00e1sagnarlagi sam\u00edskrar hef\u00f0ar sem tengist s\u00ed\u00f0ur hinni eiginlegu tr\u00faarlegu <span class=\"iwg-fachbegriff\" data-tooltip=\"V\u00edsindaleg fr\u00e6\u00f0i um Gu\u00f0 og tr\u00fa innan tr\u00faarbrag\u00f0a.\" tabindex=\"0\">gu\u00f0fr\u00e6\u00f0i<\/span> en go\u00f0sagnarlegri fr\u00e1sagnarhef\u00f0. \u00d3l\u00edkt <a href=\"https:\/\/iwell-guard.com\/is\/?page_id=169009\">Beaivi<\/a>, <a href=\"https:\/\/iwell-guard.com\/is\/?page_id=169011\">R\u00e1hka<\/a> e\u00f0a Akka-gy\u00f0junum er Stallo ekki d\u00fdrkunarvera heldur fr\u00e1sagnarvera sem kemur fram \u00ed fj\u00f6lm\u00f6rgum s\u00f6gum.<\/p><p>Stallo-s\u00f6gurnar eru \u00fatbreiddar um sam\u00edsk m\u00e1lsv\u00e6\u00f0i, fr\u00e1 Nor\u00f0ur-Sv\u00ed\u00fej\u00f3\u00f0 yfir Noreg til Finnlands og R\u00fasslands. \u00de\u00e6r s\u00fdna Stallo yfirleitt sem heimskan og grimman j\u00f6tunn sem kl\u00e1rari Samar sigra me\u00f0 k\u00e6nsku. \u00deessi trickster-andhetju-samsetning er s\u00e9rstakt fyrirb\u00e6ri \u00ed tr\u00faarbrag\u00f0afyrirb\u00e6rafr\u00e6\u00f0i.<\/p><p>Tr\u00faarbrag\u00f0afr\u00e6\u00f0ilega er sta\u00f0a Stallo \u00e1 milli tr\u00faarbrag\u00f0a og <span class=\"iwg-fachbegriff\" data-tooltip=\"Hin arfleidda \u00fej\u00f3\u00f0menning me\u00f0 si\u00f0um, s\u00f6gum og s\u00f6ngl\u00f6gum.\" tabindex=\"0\">\u00fej\u00f3\u00f0sagnahef\u00f0ar<\/span> deiluefni. Sumir fr\u00e6\u00f0imenn (Pentik\u00e4inen) sj\u00e1 \u00ed honum s\u00f6guleg-go\u00f0ger\u00f0a andst\u00e6\u00f0ing, a\u00f0rir (Rydving) hreinr\u00e6kta\u00f0a fr\u00e1sagnarveru, enn a\u00f0rir (Kaikkonen) benda \u00e1 sjamanska hlutverk hans sem v\u00edgsluveru.<\/p><p>Fr\u00e1sagnarj\u00f6tunninn Stallo hefur einnig veri\u00f0 tekinn til me\u00f0fer\u00f0ar \u00ed n\u00fdrri ranns\u00f3knum me\u00f0 v\u00ed\u00f0t\u00e6kari n\u00e1lgunum sem sameina \u00fej\u00f3\u00f0fr\u00e6\u00f0ilega n\u00e1kv\u00e6mni, m\u00e1lfr\u00e6\u00f0ilega gagnr\u00fdna athugun \u00e1 <span class=\"iwg-fachbegriff\" data-tooltip=\"Mi\u00f0lun \u00feekkingar og sagna milli kynsl\u00f3\u00f0a.\" tabindex=\"0\">munnlegri arfleif\u00f0<\/span> og samanbur\u00f0argreiningu. Sam\u00edskir fr\u00e6\u00f0imenn, konur og karlar, tilheyra n\u00fa sj\u00e1lfir \u00feessum ranns\u00f3knum og lei\u00f0r\u00e9tta eldri vestr\u00e6nar t\u00falkanir \u00e1 Stallo, sem \u00e1\u00f0ur b\u00e1ru merki n\u00fdlendulegra sj\u00f3narmi\u00f0a.<\/p><p>\u00cd v\u00ed\u00f0ari v\u00edsindalegum samanbur\u00f0i fellur Stallo, sem sag\u00f0ur er fr\u00e1 Nor\u00f0ur-Sv\u00ed\u00fej\u00f3\u00f0 yfir Noreg til Finnlands og R\u00fasslands, inn \u00ed mynstur hringskautslegrar tr\u00faarlegrar-fr\u00e1sagnarlegrar landfr\u00e6\u00f0i. A\u00f0 grunnger\u00f0 hennar haldist st\u00f6\u00f0ug yfir \u00fe\u00fasundir k\u00edl\u00f3metra telst me\u00f0al athyglisver\u00f0ustu ni\u00f0ursta\u00f0na fr\u00e6\u00f0igreinarinnar og er enn til umr\u00e6\u00f0u.<\/p>\t\t\t\t\t\t\t\t<\/div>\n\t\t\t\t<\/div>\n\t\t\t\t\t<\/div>\n\t\t\t\t<\/div>\n\t\t<div class=\"elementor-element elementor-element-iwgw-stallo-s1 e-flex e-con-boxed e-con e-parent\" data-id=\"iwgw-stallo-s1\" data-element_type=\"container\" data-e-type=\"container\">\n\t\t\t\t\t<div class=\"e-con-inner\">\n\t\t\t\t<div class=\"elementor-element elementor-element-iwgw-stallo-s1h elementor-widget elementor-widget-heading\" data-id=\"iwgw-stallo-s1h\" data-element_type=\"widget\" data-e-type=\"widget\" data-widget_type=\"heading.default\">\n\t\t\t\t\t<h2 class=\"elementor-heading-title elementor-size-default\">Nafn og or\u00f0sifjar<\/h2>\t\t\t\t<\/div>\n\t\t<div class=\"elementor-element elementor-element-iwgw-stallo-s1c e-con-full e-flex e-con e-child\" data-id=\"iwgw-stallo-s1c\" data-element_type=\"container\" data-e-type=\"container\">\n\t\t\t\t<div class=\"elementor-element elementor-element-iwgw-stallo-s1t elementor-widget elementor-widget-text-editor\" data-id=\"iwgw-stallo-s1t\" data-element_type=\"widget\" data-e-type=\"widget\" data-widget_type=\"text-editor.default\">\n\t\t\t\t\t\t\t\t\t<p>Nafni\u00f0 Stallo er ekki fullkomlega sk\u00fdrt af or\u00f0sifjafr\u00e6\u00f0ilegu sj\u00f3narhorni. Ein tilg\u00e1ta tengir \u00fea\u00f0 vi\u00f0 fornnorr\u00e6nt <em>stallari<\/em>, sem upphaflega \u00fe\u00fdddi stalla- e\u00f0a marsk\u00e1lksmeistari og t\u00e1kna\u00f0i hei\u00f0urshlutverk \u00ed fornnorr\u00e6num sagnab\u00f3kmenntum.<\/p><p>\u00d6nnur tilg\u00e1ta bendir \u00e1 sj\u00e1lfst\u00e6\u00f0a sam\u00edska r\u00f3t me\u00f0 merkingunni j\u00f6tunn e\u00f0a hinn mikli. \u00deessi spurning er a\u00f0fer\u00f0arfr\u00e6\u00f0ilega mikilv\u00e6g, \u00fev\u00ed or\u00f0sifjafr\u00e6\u00f0ileg tengsl vi\u00f0 fornnorr\u00e6na hugtaki\u00f0 myndu benda til menningars\u00f6gulegs snertilags.<\/p><p>M\u00e1ll\u00fdskubundnar \u00fatg\u00e1fur eru Staaloe \u00ed su\u00f0ursam\u00edsku, Staaloh \u00ed \u00famesam\u00edsku, St\u00e1llu \u00ed l\u00falesam\u00edsku m\u00e1lnotkun. Fj\u00f6lbreytileiki formanna samsvarar almennri m\u00e1ll\u00fdskuskiptingu sam\u00edsku og sta\u00f0festir v\u00ed\u00f0a \u00fatbrei\u00f0slu v\u00f6runnar.<\/p><p>A\u00f0 auki m\u00e1 spyrja fr\u00e1 tr\u00faarbrag\u00f0af\u00e9lagsfr\u00e6\u00f0ilegu sj\u00f3narhorni hva\u00f0a hlutverki Stallo-s\u00f6gurnar gegndu \u00ed f\u00e9lagslegri skipan hins hef\u00f0bundna sam\u00edska samf\u00e9lags, til d\u00e6mis sem l\u00e6rd\u00f3msrit um k\u00e6nsku, h\u00e6ttu og samst\u00f6\u00f0u.<\/p><p>Tr\u00faarleg hugmynd og samf\u00e9lagsleg framkv\u00e6md voru ekki a\u00f0skildar h\u00e9r heldur n\u00e1tengdar. \u00deessi samtvinnun myndar s\u00e9rstakt svi\u00f0 innan tr\u00faarbrag\u00f0aanthropolog\u00edu sem me\u00f0al annars H\u00e5kan Rydving og Konsta Kaikkonen hafa rannsaka\u00f0 kerfisbundi\u00f0.<\/p><p>Anna\u00f0 svi\u00f0 snertir n\u00faverandi mikilv\u00e6gi Stallo fyrir sam\u00edska sj\u00e1lfsmyndarp\u00f3lit\u00edk. Innan ramma sj\u00e1lfsstj\u00f3rnar Sama og al\u00fej\u00f3\u00f0legrar vi\u00f0urkenningar \u00e1 r\u00e9ttindum frumbyggja f\u00e1 fr\u00e1sagnarverur hef\u00f0arinnar einnig n\u00fdja s\u00fdnileika. Samband tr\u00faarbrag\u00f0afr\u00e6\u00f0i og p\u00f3lit\u00edskrar sj\u00e1lfssta\u00f0festingar myndar h\u00e9r s\u00e9rstakt starfssvi\u00f0 sem hefur veri\u00f0 unni\u00f0 a\u00f0 af aukinni \u00e1herslu undanfarin \u00e1r.<\/p>\t\t\t\t\t\t\t\t<\/div>\n\t\t\t\t<\/div>\n\t\t\t\t\t<\/div>\n\t\t\t\t<\/div>\n\t\t<div class=\"elementor-element elementor-element-iwgw-stallo-s2 e-flex e-con-boxed e-con e-parent\" data-id=\"iwgw-stallo-s2\" data-element_type=\"container\" data-e-type=\"container\">\n\t\t\t\t\t<div class=\"e-con-inner\">\n\t\t\t\t<div class=\"elementor-element elementor-element-iwgw-stallo-s2h elementor-widget elementor-widget-heading\" data-id=\"iwgw-stallo-s2h\" data-element_type=\"widget\" data-e-type=\"widget\" data-widget_type=\"heading.default\">\n\t\t\t\t\t<h2 class=\"elementor-heading-title elementor-size-default\">L\u00fdsing og e\u00f0li<\/h2>\t\t\t\t<\/div>\n\t\t<div class=\"elementor-element elementor-element-iwgw-stallo-s2c e-con-full e-flex e-con e-child\" data-id=\"iwgw-stallo-s2c\" data-element_type=\"container\" data-e-type=\"container\">\n\t\t\t\t<div class=\"elementor-element elementor-element-iwgw-stallo-s2t elementor-widget elementor-widget-text-editor\" data-id=\"iwgw-stallo-s2t\" data-element_type=\"widget\" data-e-type=\"widget\" data-widget_type=\"text-editor.default\">\n\t\t\t\t\t\t\t\t\t<p>Stallo er \u00ed s\u00f6gunum yfirleitt l\u00fdst sem st\u00f3rum, kr\u00f6ftugum en heimskum og grimmum j\u00f6tunni. Hann er oft b\u00fainn j\u00e1rn\u00fatb\u00fana\u00f0i, sem greinir hann fr\u00e1 S\u00f6mum sem hef\u00f0bundi\u00f0 notu\u00f0u tr\u00e9, bein og horn. \u00deessi \u00f3samhverfa efnis er v\u00edsindalega \u00e1hugaver\u00f0.<\/p><p>A\u00f0 e\u00f0lisfari er Stallo gr\u00e1\u00f0ugur, ofbeldisfullur en au\u00f0velt a\u00f0 leika \u00e1. \u00cd s\u00f6gunum sigra Samar hann yfirleitt me\u00f0 k\u00e6nsku, til d\u00e6mis me\u00f0 \u00fev\u00ed a\u00f0 lokka hann \u00ed gildru, gera hann drukkinn e\u00f0a blekkja hann me\u00f0 t\u00e1knmynd. \u00deessi trickster-k\u00e6nsku-samsetning er einkennandi fr\u00e1 fr\u00e1sagnarfyrirb\u00e6rafr\u00e6\u00f0ilegu sj\u00f3narhorni.<\/p><p>\u00cd myndlist hef\u00f0bundinnar menningar var Stallo ekki s\u00fdndur. \u00cd samt\u00edmalist og b\u00f3kmenntum Sama kemur hann oftar fram, oft sem gagnr\u00fdnin-k\u00edmin pers\u00f3na, stundum sem t\u00e1knmynd n\u00fdlendulegrar h\u00e6ttu. \u00deessi n\u00fat\u00edmalega eignarn\u00e1m er s\u00e9rstakt fyrirb\u00e6ri \u00ed tr\u00faarbrag\u00f0afyrirb\u00e6rafr\u00e6\u00f0i.<\/p>\t\t\t\t\t\t\t\t<\/div>\n\t\t\t\t<\/div>\n\t\t\t\t\t<\/div>\n\t\t\t\t<\/div>\n\t\t<div class=\"elementor-element elementor-element-iwgw-stallo-s3 e-flex e-con-boxed e-con e-parent\" data-id=\"iwgw-stallo-s3\" data-element_type=\"container\" data-e-type=\"container\">\n\t\t\t\t\t<div class=\"e-con-inner\">\n\t\t\t\t<div class=\"elementor-element elementor-element-iwgw-stallo-s3h elementor-widget elementor-widget-heading\" data-id=\"iwgw-stallo-s3h\" data-element_type=\"widget\" data-e-type=\"widget\" data-widget_type=\"heading.default\">\n\t\t\t\t\t<h2 class=\"elementor-heading-title elementor-size-default\">Stallo-s\u00f6gur og uppbygging \u00feeirra<\/h2>\t\t\t\t<\/div>\n\t\t<div class=\"elementor-element elementor-element-iwgw-stallo-s3c e-con-full e-flex e-con e-child\" data-id=\"iwgw-stallo-s3c\" data-element_type=\"container\" data-e-type=\"container\">\n\t\t\t\t<div class=\"elementor-element elementor-element-iwgw-stallo-s3t elementor-widget elementor-widget-text-editor\" data-id=\"iwgw-stallo-s3t\" data-element_type=\"widget\" data-e-type=\"widget\" data-widget_type=\"text-editor.default\">\n\t\t\t\t\t\t\t\t\t<p>Hin d\u00e6miger\u00f0a Stallo-fr\u00e1s\u00f6gn fylgir f\u00f6stu fr\u00e1sagnarmynstri: Sami hittir Stallo, kemst \u00ed h\u00e6ttu, finnur snjalla lausn, sigrar Stallo og sn\u00fdr til baka me\u00f0 feng. \u00deessi bygging l\u00edkist tr\u00fa\u00f0afr\u00e1s\u00f6gnum margra menningarheima.<\/p><p>\u00c1kve\u00f0nar fr\u00e1sagnir eru misjafnar \u00ed sm\u00e1atri\u00f0um. \u00cd fr\u00e6gri fr\u00e1s\u00f6gn lokkar sam\u00edsk vei\u00f0ima\u00f0ur Stallo me\u00f0 till\u00f6gu um a\u00f0 bor\u00f0a saman, teymir hann \u00ed bergsprungu og drepur hann \u00fear.<\/p><p>\u00cd annarri fr\u00e1s\u00f6gn lokka tveir br\u00e6\u00f0ur Stallo inn \u00ed h\u00fas, \u00fear sem \u00feeir stinga gl\u00f3andi j\u00e1rnst\u00f6ng \u00ed h\u00e1lsinn \u00e1 honum. \u00deessar ofbeldisfullu lausnir eru d\u00e6miger\u00f0ar fr\u00e1sagnarfr\u00e6\u00f0ilega s\u00e9\u00f0.<\/p><p>V\u00edsindalega er Stallo-fr\u00e1sagnarhef\u00f0in skjalfest v\u00ed\u00f0a \u00ed hinum st\u00f3ru sam\u00edsku fr\u00e1sagnas\u00f6fnum, me\u00f0al annars hj\u00e1 Just Knud Qvigstad og Konrad Nielsen. \u00deessi s\u00f6fn myndar s\u00e9rstakt ranns\u00f3knarsvi\u00f0 og eru tr\u00faar\u00fej\u00f3\u00f0fr\u00e6\u00f0ilega mikilv\u00e6g.<\/p>\t\t\t\t\t\t\t\t<\/div>\n\t\t\t\t<\/div>\n\t\t\t\t\t<\/div>\n\t\t\t\t<\/div>\n\t\t<div class=\"elementor-element elementor-element-iwgw-stallo-s4 e-flex e-con-boxed e-con e-parent\" data-id=\"iwgw-stallo-s4\" data-element_type=\"container\" data-e-type=\"container\">\n\t\t\t\t\t<div class=\"e-con-inner\">\n\t\t\t\t<div class=\"elementor-element elementor-element-iwgw-stallo-s4h elementor-widget elementor-widget-heading\" data-id=\"iwgw-stallo-s4h\" data-element_type=\"widget\" data-e-type=\"widget\" data-widget_type=\"heading.default\">\n\t\t\t\t\t<h2 class=\"elementor-heading-title elementor-size-default\">S\u00f6guleg t\u00falkun<\/h2>\t\t\t\t<\/div>\n\t\t<div class=\"elementor-element elementor-element-iwgw-stallo-s4c e-con-full e-flex e-con e-child\" data-id=\"iwgw-stallo-s4c\" data-element_type=\"container\" data-e-type=\"container\">\n\t\t\t\t<div class=\"elementor-element elementor-element-iwgw-stallo-s4t elementor-widget elementor-widget-text-editor\" data-id=\"iwgw-stallo-s4t\" data-element_type=\"widget\" data-e-type=\"widget\" data-widget_type=\"text-editor.default\">\n\t\t\t\t\t\t\t\t\t<p>\u00c1hrifamikil tilg\u00e1ta \u00ed eldri ranns\u00f3knum t\u00falka\u00f0i Stallo sem upphafna minningu um utana\u00f0komandi innr\u00e1sarmenn, til d\u00e6mis skandinav\u00edska v\u00edkingar\u00e1nslei\u00f0angra e\u00f0a r\u00fassneska landt\u00f6kumenn. \u00deessi tilg\u00e1ta hefur \u00feann kost a\u00f0 h\u00fan \u00fatsk\u00fdrir \u00f3samhverfuna \u00ed efnisnotkun (Stallo me\u00f0 j\u00e1rn, Sami me\u00f0 tr\u00e9).<\/p><p>V\u00edsindalega er \u00feessi tilg\u00e1ta tr\u00faver\u00f0ug, en ekki fullkomlega sannf\u00e6randi. Stallo-fr\u00e1sagnir eru einnig til \u00e1 sv\u00e6\u00f0um \u00fear sem engin bein snerting vi\u00f0 erlenda innr\u00e1sarmenn er sta\u00f0fest. Hin hreint s\u00f6gulega, r\u00f6kgerandi t\u00falkun n\u00e6r \u00fev\u00ed ekki n\u00f3gu langt.<\/p><p>\u00d6nnur t\u00falkun s\u00e9r \u00ed Stallo heimsfr\u00e6\u00f0ilega andst\u00e6\u00f0ingsmynd, sem \u00fej\u00f3nar \u00ed hverri menningu sem nau\u00f0synlegur andst\u00e6\u00f0ingur vi\u00f0 menningarlegt sj\u00e1lf. \u00deessi formger\u00f0arlestur er tr\u00faarbrag\u00f0aheimspekilega frj\u00f3r og samsvarar v\u00ed\u00f0ari flokki risa-andst\u00e6\u00f0inga \u00ed m\u00f6rgum go\u00f0afr\u00e6\u00f0um.<\/p>\t\t\t\t\t\t\t\t<\/div>\n\t\t\t\t<\/div>\n\t\t\t\t\t<\/div>\n\t\t\t\t<\/div>\n\t\t<div class=\"elementor-element elementor-element-iwgw-stallo-s5 e-flex e-con-boxed e-con e-parent\" data-id=\"iwgw-stallo-s5\" data-element_type=\"container\" data-e-type=\"container\">\n\t\t\t\t\t<div class=\"e-con-inner\">\n\t\t\t\t<div class=\"elementor-element elementor-element-iwgw-stallo-s5h elementor-widget elementor-widget-heading\" data-id=\"iwgw-stallo-s5h\" data-element_type=\"widget\" data-e-type=\"widget\" data-widget_type=\"heading.default\">\n\t\t\t\t\t<h2 class=\"elementor-heading-title elementor-size-default\">Stallo og hi\u00f0 sjamanska v\u00edgsluferli<\/h2>\t\t\t\t<\/div>\n\t\t<div class=\"elementor-element elementor-element-iwgw-stallo-s5c e-con-full e-flex e-con e-child\" data-id=\"iwgw-stallo-s5c\" data-element_type=\"container\" data-e-type=\"container\">\n\t\t\t\t<div class=\"elementor-element elementor-element-iwgw-stallo-s5t elementor-widget elementor-widget-text-editor\" data-id=\"iwgw-stallo-s5t\" data-element_type=\"widget\" data-e-type=\"widget\" data-widget_type=\"text-editor.default\">\n\t\t\t\t\t\t\t\t\t<p>Konsta Kaikkonen og nokkrir a\u00f0rir fr\u00e6\u00f0imenn hafa lagt til a\u00f0 lesa Stallo sem v\u00edgsluf\u00edg\u00faru \u00ed sam\u00edsku <span class=\"iwg-fachbegriff\" data-tooltip=\"Tr\u00faarkerfi \u00fear sem s\u00e9rfr\u00e6\u00f0ingar hafa samskipti vi\u00f0 andaheiminn.\" tabindex=\"0\">sjamanisma<\/span>. Ungir <em>noaidi<\/em>-frambj\u00f3\u00f0endur \u00feurftu a\u00f0 s\u00fdna h\u00e6fni s\u00edna \u00ed t\u00e1knr\u00e6nni \u00e1t\u00f6kum vi\u00f0 Stallo-l\u00edkar f\u00edg\u00farur. \u00deessi tilg\u00e1ta er umdeild en hefur heurist\u00edskt gildi.<\/p><p>Ef \u00feessi lestur er r\u00e9ttur v\u00e6ri Stallo ekki a\u00f0eins fr\u00e1sagnarleg, heldur tr\u00faarleg athafnamynd. Tr\u00faarbrag\u00f0aheimspekilegt v\u00e6gi \u00feess v\u00e6ri miki\u00f0, \u00fev\u00ed \u00fea\u00f0 myndi f\u00e6ra til skilin milli <span class=\"iwg-fachbegriff\" data-tooltip=\"Hin var\u00f0veitta \u00fej\u00f3\u00f0menning me\u00f0 si\u00f0um, fr\u00e1s\u00f6gnum og s\u00f6ngvum.\" tabindex=\"0\">\u00fej\u00f3\u00f0menningar<\/span> og tr\u00faarbrag\u00f0a \u00ed sam\u00edskri hef\u00f0.<\/p><p>A\u00f0fer\u00f0afr\u00e6\u00f0ilega er \u00feessi tilg\u00e1ta erfitt a\u00f0 pr\u00f3fa, \u00fev\u00ed bein tr\u00faarath\u00f6fn hefur a\u00f0 miklu leyti lagst af vegna tr\u00fabo\u00f0sstarfs. \u00d3beinar v\u00edsbendingar \u00ed fr\u00e1s\u00f6gnunum geta styrkt tilg\u00e1tuna, en ekki sanna\u00f0 hana til fullnustu. \u00deessi a\u00f0fer\u00f0afr\u00e6\u00f0ilega vark\u00e1rni er v\u00edsindalega nau\u00f0synleg.<\/p>\t\t\t\t\t\t\t\t<\/div>\n\t\t\t\t<\/div>\n\t\t\t\t\t<\/div>\n\t\t\t\t<\/div>\n\t\t<div class=\"elementor-element elementor-element-iwgw-stallo-s6 e-flex e-con-boxed e-con e-parent\" data-id=\"iwgw-stallo-s6\" data-element_type=\"container\" data-e-type=\"container\">\n\t\t\t\t\t<div class=\"e-con-inner\">\n\t\t\t\t<div class=\"elementor-element elementor-element-iwgw-stallo-s6h elementor-widget elementor-widget-heading\" data-id=\"iwgw-stallo-s6h\" data-element_type=\"widget\" data-e-type=\"widget\" data-widget_type=\"heading.default\">\n\t\t\t\t\t<h2 class=\"elementor-heading-title elementor-size-default\">Stallo \u00ed samanbur\u00f0i vi\u00f0 risa-andst\u00e6\u00f0inga<\/h2>\t\t\t\t<\/div>\n\t\t<div class=\"elementor-element elementor-element-iwgw-stallo-s6c e-con-full e-flex e-con e-child\" data-id=\"iwgw-stallo-s6c\" data-element_type=\"container\" data-e-type=\"container\">\n\t\t\t\t<div class=\"elementor-element elementor-element-iwgw-stallo-s6t elementor-widget elementor-widget-text-editor\" data-id=\"iwgw-stallo-s6t\" data-element_type=\"widget\" data-e-type=\"widget\" data-widget_type=\"text-editor.default\">\n\t\t\t\t\t\t\t\t\t<p>Stallo tilheyrir hinum v\u00ed\u00f0a flokki risa-andst\u00e6\u00f0inga \u00ed nor\u00f0ur-evr\u00f3pskum go\u00f0afr\u00e6\u00f0um. Formger\u00f0arlega samb\u00e6rilegar eru hinar fornnorr\u00e6nu j\u00f6tnar, finnsku <em>j\u00e4tit<\/em>, r\u00fassnesku <em>volot<\/em>-risarnir og <a href=\"https:\/\/iwell-guard.com\/is\/inuit-og-nordurslodir-sedna-tornit\/\">In\u00fa\u00edta<\/a>-risafr\u00e1sagnir, \u00fear sem go\u00f0s\u00f6gulegar forverur eru sigra\u00f0ar.<\/p><p>\u00cd samanbur\u00f0i vi\u00f0 fornnorr\u00e6nu j\u00f6tnana er Stallo mun einfaldari f\u00edg\u00fara. Hann hefur enga eigin go\u00f0s\u00f6gulega \u00e6ttart\u00f6lu l\u00edkt og j\u00f6tnaheimurinn \u00datgar\u00f0r, engin eigin gu\u00f0ir, enga eigin <span class=\"iwg-fachbegriff\" data-tooltip=\"V\u00edsindaleg fr\u00e6\u00f0i um gu\u00f0 og tr\u00fa \u00ed tiltekinni tr\u00faarbr\u00f6g\u00f0um.\" tabindex=\"0\">gu\u00f0fr\u00e6\u00f0i<\/span>. Stallo er frekar sta\u00f0alf\u00edg\u00fara en full\u00fer\u00f3u\u00f0 go\u00f0s\u00f6gulegur andst\u00e6\u00f0ingur.<\/p><p>\u00deessi fr\u00e1sagnarlega einfaldleiki er v\u00edsindalega uppl\u00fdsandi. Hann s\u00fdnir a\u00f0 sam\u00edsk hef\u00f0 n\u00fdtir risa-andst\u00e6\u00f0inga sem fr\u00e1sagnart\u00e6ki \u00e1n \u00feess a\u00f0 \u00fer\u00f3a \u00fe\u00e1 \u00ed fullan go\u00f0sagnaheim. Tr\u00faarbrag\u00f0aheimspekilega er \u00feessi virkni sj\u00e1lfst\u00e6\u00f0.<\/p>\t\t\t\t\t\t\t\t<\/div>\n\t\t\t\t<\/div>\n\t\t\t\t\t<\/div>\n\t\t\t\t<\/div>\n\t\t<div class=\"elementor-element elementor-element-iwgw-stallo-s7 e-flex e-con-boxed e-con e-parent\" data-id=\"iwgw-stallo-s7\" data-element_type=\"container\" data-e-type=\"container\">\n\t\t\t\t\t<div class=\"e-con-inner\">\n\t\t\t\t<div class=\"elementor-element elementor-element-iwgw-stallo-s7h elementor-widget elementor-widget-heading\" data-id=\"iwgw-stallo-s7h\" data-element_type=\"widget\" data-e-type=\"widget\" data-widget_type=\"heading.default\">\n\t\t\t\t\t<h2 class=\"elementor-heading-title elementor-size-default\">Stallo \u00ed samt\u00edmalegri eignun<\/h2>\t\t\t\t<\/div>\n\t\t<div class=\"elementor-element elementor-element-iwgw-stallo-s7c e-con-full e-flex e-con e-child\" data-id=\"iwgw-stallo-s7c\" data-element_type=\"container\" data-e-type=\"container\">\n\t\t\t\t<div class=\"elementor-element elementor-element-iwgw-stallo-s7t elementor-widget elementor-widget-text-editor\" data-id=\"iwgw-stallo-s7t\" data-element_type=\"widget\" data-e-type=\"widget\" data-widget_type=\"text-editor.default\">\n\t\t\t\t\t\t\t\t\t<p>\u00cd samt\u00edma sam\u00edskri menningu er Stallo frj\u00f3 f\u00edg\u00fara. Rith\u00f6fundar eins og Nils-Aslak Valkeap\u00e4\u00e4, listamenn eins og Britta Marakatt-Labba og kvikmyndager\u00f0armenn eins og Nils Gaup hafa teki\u00f0 upp Stallo, oft sem myndhv\u00f6rf um n\u00fdlendu\u00f3gn e\u00f0a sem <span class=\"iwg-fachbegriff\" data-tooltip=\"T\u00e1kn sem stendur fyrir hugmynd e\u00f0a merkingu.\" tabindex=\"0\">t\u00e1kn<\/span> sj\u00e1lfsst\u00e6\u00f0isbar\u00e1ttu gegn utana\u00f0komandi \u00f6flum.<\/p><p>Kvikmyndin <em>Pathfinder<\/em> (Ofela\u0161, 1987) eftir Nils Gaup setti Stallo-l\u00edkar f\u00edg\u00farur fram \u00e1 \u00e1berandi h\u00e1tt og ger\u00f0i \u00feannig f\u00edg\u00faruna a\u00f0gengilega al\u00fej\u00f3\u00f0legri \u00e1horfendum. \u00deessi m\u00f3ttaka er s\u00e9rstakt fyrirb\u00e6ri tr\u00faarbrag\u00f0aheimspekilega s\u00e9\u00f0.<\/p><p>\u00cd kennslufr\u00e6\u00f0ilegri framkv\u00e6md sam\u00edskra sk\u00f3la er Stallo nota\u00f0ur sem samsemdarf\u00edg\u00fara. Kennslufr\u00e6\u00f0ilegt hlutverk hans felst \u00ed d\u00e6minu um snjalla Samann sem sigrar hr\u00e1tt ofbeldi me\u00f0 k\u00e6nsku. \u00deessi kennslufr\u00e6\u00f0ilega eignun er s\u00e9rstakt svi\u00f0 innan tr\u00faarbrag\u00f0akennslu.<\/p>\t\t\t\t\t\t\t\t<\/div>\n\t\t\t\t<\/div>\n\t\t\t\t\t<\/div>\n\t\t\t\t<\/div>\n\t\t<div class=\"elementor-element elementor-element-iwgw-stallo-s8 e-flex e-con-boxed e-con e-parent\" data-id=\"iwgw-stallo-s8\" data-element_type=\"container\" data-e-type=\"container\">\n\t\t\t\t\t<div class=\"e-con-inner\">\n\t\t\t\t<div class=\"elementor-element elementor-element-iwgw-stallo-s8h elementor-widget elementor-widget-heading\" data-id=\"iwgw-stallo-s8h\" data-element_type=\"widget\" data-e-type=\"widget\" data-widget_type=\"heading.default\">\n\t\t\t\t\t<h2 class=\"elementor-heading-title elementor-size-default\">Ranns\u00f3knir og sta\u00f0a \u00ed dag<\/h2>\t\t\t\t<\/div>\n\t\t<div class=\"elementor-element elementor-element-iwgw-stallo-s8c e-con-full e-flex e-con e-child\" data-id=\"iwgw-stallo-s8c\" data-element_type=\"container\" data-e-type=\"container\">\n\t\t\t\t<div class=\"elementor-element elementor-element-iwgw-stallo-s8t elementor-widget elementor-widget-text-editor\" data-id=\"iwgw-stallo-s8t\" data-element_type=\"widget\" data-e-type=\"widget\" data-widget_type=\"text-editor.default\">\n\t\t\t\t\t\t\t\t\t<p>Ranns\u00f3knir \u00e1 Stallo eru v\u00ed\u00f0t\u00e6kar. Just Knud Qvigstad setti fram grundvallarsafn \u00ed ritinu <em>Lappische M\u00e4rchen- und Sagenvarianten<\/em> (1925-1929). Juha Pentik\u00e4inen, H\u00e5kan Rydving og Konsta Kaikkonen hafa unni\u00f0 tr\u00faarlega-mannfr\u00e6\u00f0ilega \u00farvinnslu.<\/p><p>\u00cd samanbur\u00f0arlegri tr\u00faarbrag\u00f0aheimspeki er Stallo me\u00f0h\u00f6ndla\u00f0ur sem d\u00e6migert tilvik nor\u00f0ur-evr\u00f3pskra risa-andst\u00e6\u00f0inga. \u00deessi flokkun gerir m\u00f6gulega formger\u00f0arsamanbur\u00f0i sem eru v\u00edsindalega frj\u00f3ir.<\/p><p>\u00c1kve\u00f0nar ranns\u00f3knargloppur eru til sta\u00f0ar \u00ed n\u00e1kv\u00e6mri greiningu milli <span class=\"iwg-fachbegriff\" data-tooltip=\"Sem tilheyrir fastm\u00f3tu\u00f0u tr\u00faarlegu athafnaferli.\" tabindex=\"0\">tr\u00faarlegs<\/span>-athafnalegs og fr\u00e1sagnarlega-\u00fej\u00f3\u00f0menningarlegs hlutverks Stallos. \u00deessi a\u00f0greining er a\u00f0fer\u00f0afr\u00e6\u00f0ilega erfi\u00f0, en mikilv\u00e6g fyrir n\u00e1kv\u00e6ma v\u00edsindalega sta\u00f0setningu f\u00edg\u00farunnar.<\/p>\t\t\t\t\t\t\t\t<\/div>\n\t\t\t\t<\/div>\n\t\t\t\t\t<\/div>\n\t\t\t\t<\/div>\n\t\t<div class=\"elementor-element elementor-element-iwgw-stallo-s9 e-flex e-con-boxed e-con e-parent\" data-id=\"iwgw-stallo-s9\" data-element_type=\"container\" data-e-type=\"container\">\n\t\t\t\t\t<div class=\"e-con-inner\">\n\t\t\t\t<div class=\"elementor-element elementor-element-iwgw-stallo-s9h elementor-widget elementor-widget-heading\" data-id=\"iwgw-stallo-s9h\" data-element_type=\"widget\" data-e-type=\"widget\" data-widget_type=\"heading.default\">\n\t\t\t\t\t<h2 class=\"elementor-heading-title elementor-size-default\">Krossv\u00edsanir \u00ed or\u00f0asafninu<\/h2>\t\t\t\t<\/div>\n\t\t<div class=\"elementor-element elementor-element-iwgw-stallo-s9c e-con-full e-flex e-con e-child\" data-id=\"iwgw-stallo-s9c\" data-element_type=\"container\" data-e-type=\"container\">\n\t\t\t\t<div class=\"elementor-element elementor-element-iwgw-stallo-s9t elementor-widget elementor-widget-text-editor\" data-id=\"iwgw-stallo-s9t\" data-element_type=\"widget\" data-e-type=\"widget\" data-widget_type=\"text-editor.default\">\n\t\t\t\t\t\t\t\t\t<p>Stallo tengist <a href=\"https:\/\/iwell-guard.com\/is\/?page_id=169009\">Beaivi<\/a>, <a href=\"https:\/\/iwell-guard.com\/is\/?page_id=169010\">M\u00e1nnu<\/a>, <a href=\"https:\/\/iwell-guard.com\/is\/?page_id=169011\">R\u00e1hka<\/a>, <a href=\"https:\/\/iwell-guard.com\/is\/?page_id=169013\">Sara-Akka<\/a>, <a href=\"https:\/\/iwell-guard.com\/is\/?page_id=169014\">Uksakka<\/a>, <a href=\"https:\/\/iwell-guard.com\/is\/?page_id=169015\">Juksakka<\/a>, <a href=\"https:\/\/iwell-guard.com\/is\/?page_id=169016\">Madderakka<\/a>, <a href=\"https:\/\/iwell-guard.com\/is\/?page_id=169017\">Jabmiidaibmu<\/a> og <a href=\"https:\/\/iwell-guard.com\/is\/?page_id=169018\">Saivo<\/a>. Menningarhn\u00fatpunkturinn <a href=\"https:\/\/iwell-guard.com\/is\/sami-finnsk-ugrisk-hefd-noaidi-tromma\/\">Sam\u00edsk hef\u00f0<\/a> rammar inn fr\u00e1sagnarhef\u00f0ina. Formger\u00f0arlega svipa\u00f0ir risa-andst\u00e6\u00f0ingar finnast \u00ed m\u00f6rgum nor\u00f0ur-evr\u00f3pskum go\u00f0afr\u00e6\u00f0um, til d\u00e6mis hj\u00e1 fornnorr\u00e6nu j\u00f6tnunum.<\/p>\t\t\t\t\t\t\t\t<\/div>\n\t\t\t\t<\/div>\n\t\t\t\t\t<\/div>\n\t\t\t\t<\/div>\n\t\t<div class=\"elementor-element elementor-element-cp27f479d8 e-flex e-con-boxed e-con e-parent\" data-id=\"cp27f479d8\" data-element_type=\"container\" data-e-type=\"container\">\n\t\t\t\t\t<div class=\"e-con-inner\">\n\t\t\t\t<div class=\"elementor-element elementor-element-cp22e03f85 elementor-widget elementor-widget-heading\" data-id=\"cp22e03f85\" data-element_type=\"widget\" data-e-type=\"widget\" data-widget_type=\"heading.default\">\n\t\t\t\t\t<h2 class=\"elementor-heading-title elementor-size-default\">Stallo \u00ed sam\u00edsku sagnaefni<\/h2>\t\t\t\t<\/div>\n\t\t<div class=\"elementor-element elementor-element-cp2d7af954 e-flex e-con-boxed e-con e-child\" data-id=\"cp2d7af954\" data-element_type=\"container\" data-e-type=\"container\">\n\t\t\t\t\t<div class=\"e-con-inner\">\n\t\t\t\t<div class=\"elementor-element elementor-element-cp2d72ad29 elementor-widget elementor-widget-text-editor\" data-id=\"cp2d72ad29\" data-element_type=\"widget\" data-e-type=\"widget\" data-widget_type=\"text-editor.default\">\n\t\t\t\t\t\t\t\t\t<p>Stallo, \u00e1 nor\u00f0ursam\u00edsku formi <em>St\u00e1llu<\/em>, er ekki <span class=\"iwg-fachbegriff\" data-tooltip=\"Vera sem er d\u00fdrku\u00f0 sem gu\u00f0leg innan tr\u00faarbrag\u00f0a.\" tabindex=\"0\">gu\u00f0leg vera<\/span>, heldur pers\u00f3na \u00far sam\u00edskri munnm\u00e6lahef\u00f0, \u00e6vint\u00fdrum og s\u00f6gum sem gengu munnlega mann fram af manni.<\/p><p>\u00cd \u00feessum s\u00f6gum kemur hann fram sem st\u00f3r, heimskur og gr\u00e1\u00f0ugur \u00f3v\u00e6ttur sem lifir \u00ed \u00f3bygg\u00f0um, \u00f3gnar f\u00f3lki og sitr s\u00e9rstaklega um b\u00f6rn og einst\u00e6\u00f0a fer\u00f0alanga. \u00der\u00e1tt fyrir hversu h\u00e6ttulegur hann er, er hann seinheppinn, svo a\u00f0 hetjur s\u00f6gunnar sigra hann jafnan me\u00f0 kl\u00f3kindum.<\/p><p>D\u00e6migert er sagnaformi\u00f0 \u00fear sem barn e\u00f0a kona me\u00f0 kl\u00f3kindi sv\u00edkur Stallo: hann er t\u00e6ldur til a\u00f0 mei\u00f0a sj\u00e1lfan sig, falla \u00ed gryfju e\u00f0a r\u00e1\u00f0ast \u00e1 s\u00edna eigin n\u00e1nustu.<\/p><p>\u00cd sumum s\u00f6gum hefur Stallo hund, sem einnig \u00fearf a\u00f0 sigra, og silfurau\u00f0 sem hetjan tekur a\u00f0 lokum a\u00f0 herfangi. Stallo er oft tengdur j\u00e1rnverkf\u00e6ri, svo sem j\u00e1rnst\u00f6ng, sem hann notar til a\u00f0 lokka til s\u00edn e\u00f0a leita <span class=\"iwg-fachbegriff\" data-tooltip=\"Gj\u00f6f til gu\u00f0legrar veru til a\u00f0 tj\u00e1 \u00feakkl\u00e6ti, b\u00e6n e\u00f0a lotningu.\" tabindex=\"0\">f\u00f3rn<\/span> s\u00edna.<\/p><p>Finnskar og norskar \u00fej\u00f3\u00f0h\u00e1ttaranns\u00f3knir, svo sem s\u00f6fnin sem tengjast Just Knud Qvigstad, sem \u00e1 fyrri hluta 20. aldar skr\u00e1\u00f0i og gaf \u00fat mikinn fj\u00f6lda sam\u00edskra sagna, hafa skjalfest fj\u00f6lmargar Stallo-s\u00f6gur.<\/p><p>\u00deessi s\u00f6fn eru mikilv\u00e6gasta uppspretta \u00feekkingar okkar, \u00fev\u00ed sam\u00edsk menning \u00e1tti s\u00e9r lengi ekkert eigi\u00f0 ritm\u00e1l og sagnaarfurinn var ekki settur \u00e1 bla\u00f0 fyrr en seint. \u00cd \u00feessari <span class=\"iwg-fachbegriff\" data-tooltip=\"Mi\u00f0lun \u00feekkingar og sagna fr\u00e1 kynsl\u00f3\u00f0 til kynsl\u00f3\u00f0ar.\" tabindex=\"0\">munnm\u00e6lahef\u00f0<\/span> er Stallo me\u00f0al \u00feeirra pers\u00f3na sem oftast koma fram og gegndi l\u00edka uppeldislegu hlutverki \u00ed s\u00f6gunum, \u00fear sem b\u00f6rn voru v\u00f6ru\u00f0 vi\u00f0 h\u00e6ttum \u00f3bygg\u00f0anna.<\/p>\t\t\t\t\t\t\t\t<\/div>\n\t\t\t\t\t<\/div>\n\t\t\t\t<\/div>\n\t\t\t\t\t<\/div>\n\t\t\t\t<\/div>\n\t\t<div class=\"elementor-element elementor-element-cp2cec7cfd e-flex e-con-boxed e-con e-parent\" data-id=\"cp2cec7cfd\" data-element_type=\"container\" data-e-type=\"container\">\n\t\t\t\t\t<div class=\"e-con-inner\">\n\t\t\t\t<div class=\"elementor-element elementor-element-cp239c0ae7 elementor-widget elementor-widget-heading\" data-id=\"cp239c0ae7\" data-element_type=\"widget\" data-e-type=\"widget\" data-widget_type=\"heading.default\">\n\t\t\t\t\t<h2 class=\"elementor-heading-title elementor-size-default\">Stallo-gryfjurnar og fornleifafr\u00e6\u00f0ilega umr\u00e6\u00f0an<\/h2>\t\t\t\t<\/div>\n\t\t<div class=\"elementor-element elementor-element-cp2fca4ed6 e-flex e-con-boxed e-con e-child\" data-id=\"cp2fca4ed6\" data-element_type=\"container\" data-e-type=\"container\">\n\t\t\t\t\t<div class=\"e-con-inner\">\n\t\t\t\t<div class=\"elementor-element elementor-element-cp235194de elementor-widget elementor-widget-text-editor\" data-id=\"cp235194de\" data-element_type=\"widget\" data-e-type=\"widget\" data-widget_type=\"text-editor.default\">\n\t\t\t\t\t\t\t\t\t<p>\u00cd fjallalandslagi Nor\u00f0ur-Sv\u00ed\u00fej\u00f3\u00f0ar og Noregs \u00feekkir <span class=\"iwg-fachbegriff\" data-tooltip=\"V\u00edsindagrein sem rannsakar fyrri menningarsamf\u00e9l\u00f6g \u00fat fr\u00e1 efnislegum fundum.\" tabindex=\"0\">fornleifafr\u00e6\u00f0in<\/span> til s\u00e9rstakrar ger\u00f0ar h\u00fasgrunna sem \u00ed fr\u00e6\u00f0unum eru kalla\u00f0ir Stallo-gryfjur e\u00f0a Stallo-sta\u00f0ir.<\/p><p>Um er a\u00f0 r\u00e6\u00f0a hringlaga e\u00f0a spor\u00f6skjulaga mannvirki, l\u00edtillega ni\u00f0urgrafin, sem oftast liggja \u00ed r\u00f6\u00f0um me\u00f0 hl\u00ed\u00f0um og h\u00e6\u00f0um og eru t\u00edmasett til <span class=\"iwg-fachbegriff\" data-tooltip=\"Fors\u00f6gulegt t\u00edmabil eftir brons\u00f6ld, einkennt af j\u00e1rnvinnslu.\" tabindex=\"0\">j\u00e1rnaldar<\/span> og fyrri hluta mi\u00f0alda, um \u00fea\u00f0 bil \u00e1 fyrsta \u00e1r\u00fe\u00fasundi t\u00edmatals okkar.<\/p><p>Heiti\u00f0 er komi\u00f0 fr\u00e1 sam\u00edskum heimildarm\u00f6nnum sem \u00e1 s\u00ed\u00f0ari t\u00edmum tengdu \u00feessar jar\u00f0minjar vi\u00f0 sagnaveruna Stallo, \u00e1n \u00feess a\u00f0 nau\u00f0synlega s\u00e9 um s\u00f6gulegt samhengi a\u00f0 r\u00e6\u00f0a. \u00cd <span class=\"iwg-fachbegriff\" data-tooltip=\"V\u00edsindagrein sem rannsakar fyrri menningarsamf\u00e9l\u00f6g \u00fat fr\u00e1 efnislegum fundum.\" tabindex=\"0\">fornleifafr\u00e6\u00f0inni<\/span> hefur um \u00e1ratugi veri\u00f0 deilt um hverjir raunverulega ger\u00f0u og notu\u00f0u \u00feessa sta\u00f0i.<\/p><p>Eldri sko\u00f0un taldi \u00fear merki um norska skattheimtumenn e\u00f0a erlenda vei\u00f0imenn. Inge Zachrisson og a\u00f0rir hafa \u00e1 m\u00f3ti haldi\u00f0 \u00fev\u00ed fram a\u00f0 um s\u00e9 a\u00f0 r\u00e6\u00f0a b\u00fasetuminjar sam\u00edsku \u00fej\u00f3\u00f0arins sj\u00e1lfrar, hugsanlega tengdar fyrstu, \u00f6flugri myndum hreind\u00fdrahalds.<\/p><p>Umr\u00e6\u00f0an snertir grundvallarspurningu um s\u00f6gu Nor\u00f0ur-Skandinav\u00edu, nefnilega fr\u00e1 hva\u00f0a t\u00edma og \u00ed hva\u00f0a formi Samar n\u00fdttu h\u00e1lendi\u00f0 og hvernig atvinnuh\u00e6ttir \u00feeirra breyttust. Stallo-gryfjurnar eru h\u00e9r lykilheimild, enda au\u00f0velt a\u00f0 t\u00edmasetja \u00fe\u00e6r.<\/p><p>V\u00edsindalega er ekki s\u00edst nafngiftin sj\u00e1lf \u00e1hugaver\u00f0: h\u00fan s\u00fdnir hvernig s\u00ed\u00f0ari kynsl\u00f3\u00f0 tengir \u00f3skiljanleg merki fort\u00ed\u00f0arins vi\u00f0 sagnapers\u00f3nu og t\u00falkar \u00feau \u00feannig. Nafni\u00f0 Stallo var\u00f0 \u00feannig \u00far sagnaveru a\u00f0 fornleifafr\u00e6\u00f0ilegu fagor\u00f0i, \u00e1n \u00feess a\u00f0 <span class=\"iwg-fachbegriff\" data-tooltip=\"Munnm\u00e6las\u00f6gn sem oft \u00e1 s\u00f6gulegan kjarna og undursamleg einkenni.\" tabindex=\"0\">s\u00f6gnin<\/span> sj\u00e1lf segi neitt um hina raunverulegu byggjendur.<\/p>\t\t\t\t\t\t\t\t<\/div>\n\t\t\t\t\t<\/div>\n\t\t\t\t<\/div>\n\t\t\t\t\t<\/div>\n\t\t\t\t<\/div>\n\t\t<div class=\"elementor-element elementor-element-cp2c949df5 e-flex e-con-boxed e-con e-parent\" data-id=\"cp2c949df5\" data-element_type=\"container\" data-e-type=\"container\">\n\t\t\t\t\t<div class=\"e-con-inner\">\n\t\t\t\t<div class=\"elementor-element elementor-element-cp266503be elementor-widget elementor-widget-heading\" data-id=\"cp266503be\" data-element_type=\"widget\" data-e-type=\"widget\" data-widget_type=\"heading.default\">\n\t\t\t\t\t<h2 class=\"elementor-heading-title elementor-size-default\">T\u00falkanir \u00e1 Stallo-pers\u00f3nunni \u00ed fr\u00e6\u00f0unum<\/h2>\t\t\t\t<\/div>\n\t\t<div class=\"elementor-element elementor-element-cp2900f5e8 e-flex e-con-boxed e-con e-child\" data-id=\"cp2900f5e8\" data-element_type=\"container\" data-e-type=\"container\">\n\t\t\t\t\t<div class=\"e-con-inner\">\n\t\t\t\t<div class=\"elementor-element elementor-element-cp2fff0e3e elementor-widget elementor-widget-text-editor\" data-id=\"cp2fff0e3e\" data-element_type=\"widget\" data-e-type=\"widget\" data-widget_type=\"text-editor.default\">\n\t\t\t\t\t\t\t\t\t<p>Spurningin um hva\u00f0 Stallo t\u00e1kni upphaflega hefur haldi\u00f0 <span class=\"iwg-fachbegriff\" data-tooltip=\"V\u00edsindagrein sem rannsakar daglegt l\u00edf, si\u00f0i og hef\u00f0bundnar hugmyndir.\" tabindex=\"0\">\u00fej\u00f3\u00f0h\u00e1ttafr\u00e6\u00f0inni<\/span> og <span class=\"iwg-fachbegriff\" data-tooltip=\"V\u00edsindin sem rannsaka tr\u00faarbr\u00f6g\u00f0 samanbur\u00f0arlega og \u00e1n tr\u00faartengsla.\" tabindex=\"0\">tr\u00faarbrag\u00f0afr\u00e6\u00f0inni<\/span> uppteknum fr\u00e1 19. \u00f6ld. Nokkrar sk\u00fdringar eru til hli\u00f0 vi\u00f0 hli\u00f0, \u00e1n \u00feess a\u00f0 nein hafi fest sig \u00ed sessi til fullna\u00f0ar.<\/p><p>Algeng t\u00falkun s\u00e9r \u00ed Stallo sagnalega vinnslu \u00e1 s\u00f6gulegri h\u00f3tunarreynslu. Samar ur\u00f0u um aldir fyrir erlendri skattheimtu, ofbeldi og samkeppni annarra \u00edb\u00faah\u00f3pa. Hinn h\u00e6ttulegi en heimski Stallo, sem sigra m\u00e1 me\u00f0 kl\u00f3kindum, v\u00e6ri samkv\u00e6mt \u00feessari lestri mynd af hinum ofurvalda en yfirlistanlega \u00fatlendingi.<\/p><p>\u00deessari sko\u00f0un til stu\u00f0nings er a\u00f0 Stallo er \u00ed m\u00f6rgum s\u00f6gum tengdur j\u00e1rni, silfri og au\u00f0\u00e6fum, \u00fe.e. g\u00e6\u00f0um sem tengd voru erlendum kaupm\u00f6nnum og valdh\u00f6fum. M\u00e1lfr\u00e6\u00f0ilega er nafni\u00f0 einstaka sinnum tengt fornnorr\u00e6na or\u00f0inu fyrir st\u00e1l, sem myndi sty\u00f0ja \u00feessa t\u00falkun, en \u00fea\u00f0 er ekki fullv\u00edst.<\/p><p>\u00d6nnur t\u00falkun leggur \u00e1herslu \u00e1 hlutverk Stallo innan sagnasamf\u00e9lagsins sj\u00e1lfs. Sem hr\u00e6\u00f0slupers\u00f3na gegndi hann uppeldislegu hlutverki og mi\u00f0la\u00f0i heg\u00f0unarreglum, svo sem vi\u00f0v\u00f6run um a\u00f0 fara ekki einn of langt fr\u00e1 bygg\u00f0inni. Enn a\u00f0rir hafa tengt Stallo vi\u00f0 eldri hugmyndir um \u00f3bygg\u00f0av\u00e6tti e\u00f0a vi\u00f0 hina dau\u00f0u.<\/p><p>N\u00fdrri ranns\u00f3knir, svo sem verk innan sam\u00edskrar \u00fej\u00f3\u00f0fr\u00e6\u00f0i, hallast a\u00f0 \u00fev\u00ed a\u00f0 gera r\u00e1\u00f0 fyrir m\u00f6rgum sl\u00edkum l\u00f6gum og rekja Stallo ekki til einnar r\u00f3tar. Hann er \u00feannig \u00e1fram marg\u00fe\u00e6tt pers\u00f3na, en vins\u00e6ldir hans \u00ed sagnaarfinum m\u00e1 einmitt rekja til \u00feess a\u00f0 hann sameinar h\u00f3tun og yfirvinningu hennar \u00ed einni pers\u00f3nu.<\/p>\t\t\t\t\t\t\t\t<\/div>\n\t\t\t\t\t<\/div>\n\t\t\t\t<\/div>\n\t\t\t\t\t<\/div>\n\t\t\t\t<\/div>\n\t\t<div class=\"elementor-element elementor-element-iwgw-stallo-lit e-flex e-con-boxed e-con e-parent\" data-id=\"iwgw-stallo-lit\" data-element_type=\"container\" data-e-type=\"container\">\n\t\t\t\t\t<div class=\"e-con-inner\">\n\t\t\t\t<div class=\"elementor-element elementor-element-iwgw-stallo-lith elementor-widget elementor-widget-heading\" data-id=\"iwgw-stallo-lith\" data-element_type=\"widget\" data-e-type=\"widget\" data-widget_type=\"heading.default\">\n\t\t\t\t\t<h2 class=\"elementor-heading-title elementor-size-default\">Heimildir (\u00farval)<\/h2>\t\t\t\t<\/div>\n\t\t<div class=\"elementor-element elementor-element-iwgw-stallo-litc e-con-full e-flex e-con e-child\" data-id=\"iwgw-stallo-litc\" data-element_type=\"container\" data-e-type=\"container\">\n\t\t\t\t<div class=\"elementor-element elementor-element-iwgw-stallo-litt elementor-widget elementor-widget-text-editor\" data-id=\"iwgw-stallo-litt\" data-element_type=\"widget\" data-e-type=\"widget\" data-widget_type=\"text-editor.default\">\n\t\t\t\t\t\t\t\t\t<ul><li>Just Knud Qvigstad: <em>Lappische M\u00e4rchen- und Sagenvarianten<\/em> (Oslo 1925-1929)<\/li><li>H\u00e5kan Rydving: <em>The End of Drum-Time<\/em> (Uppsala 1993)<\/li><li>Juha Pentik\u00e4inen: <em>Saamelaiset. Pohjoisen kansan mytologia<\/em> (Helsinki 1995)<\/li><li>Konsta Kaikkonen: <em>Sami Pre-Christian Religion<\/em> (Helsinki 2020)<\/li><li><span data-nosnippet>Nils Gaup: <em>Ofela\u0161 (Pathfinder)<\/em> (kvikmynd, 1987)<\/span><\/li><li>Anna Lia Berthelsen: <em>The Sami People<\/em> (Fairbanks 2002)<\/li><\/ul>\t\t\t\t\t\t\t\t<\/div>\n\t\t\t\t<\/div>\n\t\t\t\t\t<\/div>\n\t\t\t\t<\/div>\n\t\t<div class=\"elementor-element elementor-element-iwgkw2-add-stallo e-flex e-con-boxed e-con e-parent\" data-id=\"iwgkw2-add-stallo\" data-element_type=\"container\" data-e-type=\"container\">\n\t\t\t\t\t<div class=\"e-con-inner\">\n\t\t\t\t<div class=\"elementor-element elementor-element-iwgkw2-add-stallo-t elementor-widget elementor-widget-text-editor\" data-id=\"iwgkw2-add-stallo-t\" data-element_type=\"widget\" data-e-type=\"widget\" data-widget_type=\"text-editor.default\">\n\t\t\t\t\t\t\t\t\t<p>Stallo kemur fram \u00ed fr\u00e1s\u00f6gnum Sama sem <em>manneta<\/em> j\u00f6tunn og lymskur andst\u00e6\u00f0ingur sem reynir hetjurnar og markar \u00ed l\u00e6rd\u00f3mss\u00f6gum m\u00f6rkin milli \u00f3bygg\u00f0a og mannab\u00fasta\u00f0a.<\/p>\t\t\t\t\t\t\t\t<\/div>\n\t\t\t\t\t<\/div>\n\t\t\t\t<\/div>\n\t\t<div class=\"elementor-element elementor-element-iwgw-stallo-kwd e-flex e-con-boxed e-con e-parent\" data-id=\"iwgw-stallo-kwd\" data-element_type=\"container\" data-e-type=\"container\">\n\t\t\t\t\t<div class=\"e-con-inner\">\n\t\t<div class=\"elementor-element elementor-element-iwgw-stallo-kwdc e-con-full e-flex e-con e-child\" data-id=\"iwgw-stallo-kwdc\" data-element_type=\"container\" data-e-type=\"container\">\n\t\t\t\t<div class=\"elementor-element elementor-element-iwgw-stallo-kwdt elementor-widget elementor-widget-text-editor\" data-id=\"iwgw-stallo-kwdt\" data-element_type=\"widget\" data-e-type=\"widget\" data-widget_type=\"text-editor.default\">\n\t\t\t\t\t\t\t\t\t<p><em>Tengd leitaror\u00f0: Stallo Staaloe St\u00e1llu Samar J\u00f6tunn Andst\u00e6\u00f0ingur Lymskusaga Qvigstad.<\/em><\/p>\t\t\t\t\t\t\t\t<\/div>\n\t\t\t\t<\/div>\n\t\t\t\t\t<\/div>\n\t\t\t\t<\/div>\n\t\t<div class=\"elementor-element elementor-element-iwgw-stallo-cc e-flex e-con-boxed e-con e-parent\" data-id=\"iwgw-stallo-cc\" data-element_type=\"container\" data-e-type=\"container\" id=\"iwg-cc-stallo\">\n\t\t\t\t\t<div class=\"e-con-inner\">\n\t\t<div class=\"elementor-element elementor-element-iwgw-stallo-ccinner e-flex e-con-boxed e-con e-parent\" data-id=\"iwgw-stallo-ccinner\" data-element_type=\"container\" data-e-type=\"container\" data-settings=\"{&quot;background_background&quot;:&quot;classic&quot;}\">\n\t\t\t\t\t<div class=\"e-con-inner\">\n\t\t\t\t<div class=\"elementor-element elementor-element-iwgw-stallo-cch elementor-widget elementor-widget-heading\" data-id=\"iwgw-stallo-cch\" data-element_type=\"widget\" data-e-type=\"widget\" data-widget_type=\"heading.default\">\n\t\t\t\t\t<h2 class=\"elementor-heading-title elementor-size-default\">iWell Guard og verndarhef\u00f0ir<\/h2>\t\t\t\t<\/div>\n\t\t\t\t<div class=\"elementor-element elementor-element-iwgw-stallo-cct elementor-widget elementor-widget-text-editor\" data-id=\"iwgw-stallo-cct\" data-element_type=\"widget\" data-e-type=\"widget\" data-widget_type=\"text-editor.default\">\n\t\t\t\t\t\t\t\t\t<div data-nosnippet=\"true\"><p>iWell Guard byggir \u00e1 menningars\u00f6gulegri hef\u00f0 fars\u00edma verndargripa sem borna eru \u00e1 l\u00edkamanum, \u00ed hef\u00f0 <a href=\"https:\/\/iwell-guard.com\/is\/sami-finnsk-ugrisk-hefd-noaidi-tromma\/\">Sama<\/a> og margra annarra menningarheima um allan heim. 41 l\u00f6g, alv\u00f6ru gull, plat\u00edna, silfur, framleitt \u00ed \u00de\u00fdskalandi. 30 daga skilar\u00e9ttur.<\/p><\/div>\t\t\t\t\t\t\t\t<\/div>\n\t\t\t\t<div class=\"elementor-element elementor-element-iwgw-stallo-ccb iwg-cc-button iwg-cc-cta-2026-05-13 elementor-widget elementor-widget-jet-button\" data-id=\"iwgw-stallo-ccb\" data-element_type=\"widget\" data-e-type=\"widget\" data-widget_type=\"jet-button.default\">\n\t\t\t\t<div class=\"elementor-widget-container\">\n\t\t\t\t\t<div class=\"elementor-jet-button jet-elements\"><div class=\"jet-button__container\"><a class=\"jet-button__instance jet-button__instance--icon-left hover-effect-1\" href=\"\/ueber-iwell-guard\/?utm_source=iwell-guard.com&amp;utm_medium=info-box&amp;utm_campaign=wesen-tradition\"><div class=\"jet-button__plane jet-button__plane-normal\"><\/div><div class=\"jet-button__plane jet-button__plane-hover\"><\/div><div class=\"jet-button__state jet-button__state-normal\"><span class=\"jet-button__label\">Meira um iWell Guard<\/span><\/div><div class=\"jet-button__state jet-button__state-hover\"><span class=\"jet-button__label\">Meira um iWell Guard<\/span><\/div><\/a><\/div><\/div><style>.elementor-element.elementor-element-iwgw-stallo-ccb .jet-button__instance{width:320px;height:56px;}.elementor-element.elementor-element-iwgw-stallo-ccb .jet-button__state-normal .jet-button__label{text-align:center;margin:0px 0px 0px 0px;color:#1a1b20;font-family:Montserrat,sans-serif;font-size:13px;font-weight:400;letter-spacing:4px;line-height:1.714em;text-transform:uppercase;}.elementor-element.elementor-element-iwgw-stallo-ccb .jet-button__state-hover .jet-button__label{text-align:center;margin:0px 0px 0px 0px;color:#FECC76;font-family:Montserrat,sans-serif;font-size:13px;font-weight:400;letter-spacing:4px;line-height:1.714em;text-transform:uppercase;}.elementor-element.elementor-element-iwgw-stallo-ccb .jet-button__plane-normal{background-color:#FECC76;border-style:solid;border-color:#C99540;border-width:2px 2px 2px 2px;}.elementor-element.elementor-element-iwgw-stallo-ccb .jet-button__plane-hover{background-color:rgba(0,0,0,0.55);border-style:solid;border-color:#FECC76;border-width:2px 2px 2px 2px;}<\/style>\t\t\t\t<\/div>\n\t\t\t\t<\/div>\n\t\t\t\t<div class=\"elementor-element elementor-element-iwgw-stallo-ccd elementor-widget elementor-widget-text-editor\" data-id=\"iwgw-stallo-ccd\" data-element_type=\"widget\" data-e-type=\"widget\" data-widget_type=\"text-editor.default\">\n\t\t\t\t\t\t\t\t\t<div data-nosnippet=\"true\"><p style=\"text-align:center;font-size:13px;opacity:0.7;margin-top:14px\" data-nosnippet=\"true\">Pers\u00f3nuleg reynsla getur veri\u00f0 mismunandi. Ekki l\u00e6kningat\u00e6ki. Engin lofor\u00f0 um l\u00e6kningu.<\/p><\/div>\t\t\t\t\t\t\t\t<\/div>\n\t\t\t\t\t<\/div>\n\t\t\t\t<\/div>\n\t\t\t\t\t<\/div>\n\t\t\t\t<\/div>\n\t\t<div class=\"elementor-element elementor-element-iwgw-stallo-disc e-flex e-con-boxed e-con e-parent\" data-id=\"iwgw-stallo-disc\" data-element_type=\"container\" data-e-type=\"container\">\n\t\t\t\t\t<div class=\"e-con-inner\">\n\t\t\t\t<div class=\"elementor-element elementor-element-iwgw-stallo-discw elementor-widget elementor-widget-html\" data-id=\"iwgw-stallo-discw\" data-element_type=\"widget\" data-e-type=\"widget\" data-widget_type=\"html.default\">\n\t\t\t\t\t<footer data-nosnippet=\"true\" class=\"iwg-disclaimer-block\"><p data-nosnippet=\"true\">iWell Guard er <strong>ekki l\u00e6kningat\u00e6ki<\/strong> og kemur ekki \u00ed sta\u00f0inn fyrir l\u00e6knis- e\u00f0a s\u00e1lfr\u00e6\u00f0ime\u00f0fer\u00f0. Tr\u00faarfr\u00e6\u00f0ilegt efni er menningars\u00f6gulegt samhengi, ekki r\u00e1\u00f0legging um andlega i\u00f0kun.<\/p><\/footer>\t\t\t\t<\/div>\n\t\t\t\t\t<\/div>\n\t\t\t\t<\/div>\n\t\t\t\t<\/div>\n\t\t","protected":false},"excerpt":{"rendered":"","protected":false},"author":3,"featured_media":2896,"parent":0,"menu_order":0,"comment_status":"closed","ping_status":"closed","template":"elementor_header_footer","meta":{"_yoast_wpseo_focuskw":"Stallo sam\u00edskur j\u00f6tunn","_yoast_wpseo_title":"Stallo - J\u00f6tunn-andst\u00e6\u00f0ingur sam\u00edskra fr\u00e1sagna","_yoast_wpseo_metadesc":"Stallo er manneta j\u00f6tunninn \u00ed sam\u00edskri hef\u00f0. Tr\u00faarbrag\u00f0afr\u00e6\u00f0ileg greining \u00e1 s\u00f6gunum um \u00feennan andst\u00e6\u00f0ing.","_yoast_wpseo_meta-robots-noindex":"","_yoast_wpseo_canonical":"","_angie_page":false,"gefaehrdungsstufe":"4","wesen_kultur":"sami","wesen_klasse":"geister","footnotes":""},"categories":[],"class_list":["post-169012","page","type-page","status-publish","has-post-thumbnail","hentry"],"yoast_head":"<!-- This site is optimized with the Yoast SEO Premium plugin v27.7 (Yoast SEO v28.3) - https:\/\/yoast.com\/product\/yoast-seo-premium-wordpress\/ -->\n<title>Stallo - J\u00f6tunn-andst\u00e6\u00f0ingur sam\u00edskra fr\u00e1sagna<\/title>\n<meta name=\"description\" content=\"Stallo er manneta j\u00f6tunninn \u00ed sam\u00edskri hef\u00f0. Tr\u00faarbrag\u00f0afr\u00e6\u00f0ileg greining \u00e1 s\u00f6gunum um \u00feennan andst\u00e6\u00f0ing.\" \/>\n<meta name=\"robots\" content=\"index, follow, max-snippet:-1, max-image-preview:large, max-video-preview:-1\" \/>\n<link rel=\"canonical\" href=\"https:\/\/iwell-guard.com\/is\/stallo-mannaeta-jotunn-samiskrar-hefdar\/\" \/>\n<meta property=\"og:locale\" content=\"is_IS\" \/>\n<meta property=\"og:type\" content=\"article\" \/>\n<meta property=\"og:title\" content=\"Stallo - Manneta j\u00f6tunn sam\u00edskrar hef\u00f0ar\" \/>\n<meta property=\"og:description\" content=\"Stallo er manneta j\u00f6tunninn \u00ed sam\u00edskri hef\u00f0. Tr\u00faarbrag\u00f0afr\u00e6\u00f0ileg greining \u00e1 s\u00f6gunum um \u00feennan andst\u00e6\u00f0ing.\" \/>\n<meta property=\"og:url\" content=\"https:\/\/iwell-guard.com\/is\/stallo-mannaeta-jotunn-samiskrar-hefdar\/\" \/>\n<meta property=\"og:site_name\" content=\"iWell Guard\" \/>\n<meta property=\"article:modified_time\" content=\"2026-09-05T14:29:52+00:00\" \/>\n<meta property=\"og:image\" content=\"https:\/\/iwell-guard.com\/wp-content\/uploads\/2026\/05\/goetter_sami_stallo.webp\" \/>\n\t<meta property=\"og:image:width\" content=\"1024\" \/>\n\t<meta property=\"og:image:height\" content=\"1536\" \/>\n\t<meta property=\"og:image:type\" content=\"image\/webp\" \/>\n<meta name=\"twitter:card\" content=\"summary_large_image\" \/>\n<script type=\"application\/ld+json\" class=\"yoast-schema-graph\">{\"@context\":\"https:\\\/\\\/schema.org\",\"@graph\":[{\"@type\":\"WebPage\",\"@id\":\"https:\\\/\\\/iwell-guard.com\\\/is\\\/stallo-mannaeta-jotunn-samiskrar-hefdar\\\/\",\"url\":\"https:\\\/\\\/iwell-guard.com\\\/is\\\/stallo-mannaeta-jotunn-samiskrar-hefdar\\\/\",\"name\":\"Stallo - J\u00f6tunn-andst\u00e6\u00f0ingur sam\u00edskra fr\u00e1sagna\",\"isPartOf\":{\"@id\":\"https:\\\/\\\/iwell-guard.com\\\/is\\\/#website\"},\"primaryImageOfPage\":{\"@id\":\"https:\\\/\\\/iwell-guard.com\\\/is\\\/stallo-mannaeta-jotunn-samiskrar-hefdar\\\/#primaryimage\"},\"image\":{\"@id\":\"https:\\\/\\\/iwell-guard.com\\\/is\\\/stallo-mannaeta-jotunn-samiskrar-hefdar\\\/#primaryimage\"},\"thumbnailUrl\":\"https:\\\/\\\/iwell-guard.com\\\/wp-content\\\/uploads\\\/2026\\\/05\\\/goetter_sami_stallo.webp\",\"datePublished\":\"2026-09-05T14:04:49+00:00\",\"dateModified\":\"2026-09-05T14:29:52+00:00\",\"description\":\"Stallo er manneta j\u00f6tunninn \u00ed sam\u00edskri hef\u00f0. Tr\u00faarbrag\u00f0afr\u00e6\u00f0ileg greining \u00e1 s\u00f6gunum um \u00feennan andst\u00e6\u00f0ing.\",\"breadcrumb\":{\"@id\":\"https:\\\/\\\/iwell-guard.com\\\/is\\\/stallo-mannaeta-jotunn-samiskrar-hefdar\\\/#breadcrumb\"},\"inLanguage\":\"is\",\"potentialAction\":[{\"@type\":\"ReadAction\",\"target\":[\"https:\\\/\\\/iwell-guard.com\\\/is\\\/stallo-mannaeta-jotunn-samiskrar-hefdar\\\/\"]}]},{\"@type\":\"ImageObject\",\"inLanguage\":\"is\",\"@id\":\"https:\\\/\\\/iwell-guard.com\\\/is\\\/stallo-mannaeta-jotunn-samiskrar-hefdar\\\/#primaryimage\",\"url\":\"https:\\\/\\\/iwell-guard.com\\\/wp-content\\\/uploads\\\/2026\\\/05\\\/goetter_sami_stallo.webp\",\"contentUrl\":\"https:\\\/\\\/iwell-guard.com\\\/wp-content\\\/uploads\\\/2026\\\/05\\\/goetter_sami_stallo.webp\",\"width\":1024,\"height\":1536,\"caption\":\"Gu\u00f0ir \u00far hef\u00f0 Sama.\"},{\"@type\":\"BreadcrumbList\",\"@id\":\"https:\\\/\\\/iwell-guard.com\\\/is\\\/stallo-mannaeta-jotunn-samiskrar-hefdar\\\/#breadcrumb\",\"itemListElement\":[{\"@type\":\"ListItem\",\"position\":1,\"name\":\"Start\",\"item\":\"https:\\\/\\\/iwell-guard.com\\\/is\\\/?page_id=168580\"},{\"@type\":\"ListItem\",\"position\":2,\"name\":\"Stallo &#8211; Manneta j\u00f6tunn sam\u00edskrar hef\u00f0ar\"}]},{\"@type\":\"WebSite\",\"@id\":\"https:\\\/\\\/iwell-guard.com\\\/is\\\/#website\",\"url\":\"https:\\\/\\\/iwell-guard.com\\\/is\\\/\",\"name\":\"iWell Guard\",\"description\":\"Schutz vor dunklen Einfl\u00fcssen\",\"publisher\":{\"@id\":\"https:\\\/\\\/iwell-guard.com\\\/is\\\/#organization\"},\"potentialAction\":[{\"@type\":\"SearchAction\",\"target\":{\"@type\":\"EntryPoint\",\"urlTemplate\":\"https:\\\/\\\/iwell-guard.com\\\/is\\\/?s={search_term_string}\"},\"query-input\":{\"@type\":\"PropertyValueSpecification\",\"valueRequired\":true,\"valueName\":\"search_term_string\"}}],\"inLanguage\":\"is\"},{\"@type\":\"Organization\",\"@id\":\"https:\\\/\\\/iwell-guard.com\\\/is\\\/#organization\",\"name\":\"Ittermann electronic GmbH\",\"url\":\"https:\\\/\\\/iwell-guard.com\\\/is\\\/\",\"logo\":{\"@type\":\"ImageObject\",\"inLanguage\":\"is\",\"@id\":\"https:\\\/\\\/iwell-guard.com\\\/is\\\/#\\\/schema\\\/logo\\\/image\\\/\",\"url\":\"https:\\\/\\\/iwell-guard.com\\\/wp-content\\\/uploads\\\/2026\\\/05\\\/Ittermann-Logo-1182x237-1.png\",\"contentUrl\":\"https:\\\/\\\/iwell-guard.com\\\/wp-content\\\/uploads\\\/2026\\\/05\\\/Ittermann-Logo-1182x237-1.png\",\"width\":1182,\"height\":237,\"caption\":\"Ittermann electronic GmbH\"},\"image\":{\"@id\":\"https:\\\/\\\/iwell-guard.com\\\/is\\\/#\\\/schema\\\/logo\\\/image\\\/\"},\"sameAs\":[\"https:\\\/\\\/pantip.com\\\/profile\\\/9367242\",\"https:\\\/\\\/micro.blog\\\/iwellguard\",\"https:\\\/\\\/www.diggerslist.com\\\/iwellguard\\\/about\",\"https:\\\/\\\/skitterphoto.com\\\/photographers\\\/2870314\\\/iwell-guard\",\"https:\\\/\\\/iwellguard.wordpress.com\\\/2026\\\/06\\\/06\\\/iwell-guard\\\/\",\"https:\\\/\\\/hub.docker.com\\\/u\\\/iwellguard\",\"https:\\\/\\\/www.pinterest.com\\\/iwellguard\\\/\",\"https:\\\/\\\/bit.ly\\\/m\\\/iwellguard\",\"https:\\\/\\\/entre-vos-mains.alsace.eu\\\/profiles\\\/iwellguard\\\/activity\",\"https:\\\/\\\/gravatar.com\\\/reallybeded8fd34\",\"https:\\\/\\\/naijamatta.com\\\/iwellguard\",\"https:\\\/\\\/www.goodreads.com\\\/iwellguard\",\"https:\\\/\\\/profile.hatena.ne.jp\\\/iwellguard\\\/\",\"https:\\\/\\\/experiment.com\\\/users\\\/iwellguard\",\"https:\\\/\\\/wakelet.com\\\/@iWellGuard82270\",\"https:\\\/\\\/www.chordie.com\\\/forum\\\/profile.php?id=2555664\",\"https:\\\/\\\/www.instapaper.com\\\/p\\\/17757966\",\"https:\\\/\\\/www.mapleprimes.com\\\/users\\\/iwellguard\",\"https:\\\/\\\/businesslistingplus.com\\\/profile\\\/iwell-guard\\\/\",\"https:\\\/\\\/telegra.ph\\\/iWell-Guard-06-06\",\"https:\\\/\\\/pbase.com\\\/iwellguard\\\/iwellguard\",\"https:\\\/\\\/b.hatena.ne.jp\\\/iwellguard\\\/20260607#bookmark-4788405196491818882\",\"https:\\\/\\\/fliphtml5.com\\\/home\\\/iwellguard\",\"https:\\\/\\\/anyflip.com\\\/homepage\\\/cmiwl#About\",\"https:\\\/\\\/transfur.com\\\/Users\\\/iwellguard\",\"http:\\\/\\\/delphi.larsbo.org\\\/user\\\/iwellguard\",\"https:\\\/\\\/jobs.lajobsportal.org\\\/profiles\\\/8380803-iwell-guard\",\"https:\\\/\\\/md.chaosdorf.de\\\/s\\\/jfbe5SBdJD\",\"https:\\\/\\\/www.lingvolive.com\\\/en-us\\\/profile\\\/9ecaeaca-ce11-4e51-9e71-01d55e2bff36\\\/translations\",\"https:\\\/\\\/www.fitday.com\\\/fitness\\\/forums\\\/members\\\/iwellguard.html\",\"https:\\\/\\\/www.mymeetbook.com\\\/iwellguard\",\"https:\\\/\\\/pxhere.com\\\/en\\\/photographer-me\\\/5040798\",\"https:\\\/\\\/disqus.com\\\/by\\\/iwellguard\\\/about\\\/\",\"https:\\\/\\\/pastelink.net\\\/hjwciqwq\",\"https:\\\/\\\/pubhtml5.com\\\/homepage\\\/scjhn\\\/\",\"https:\\\/\\\/www.bitchute.com\\\/channel\\\/2O2eOKzNqujT\",\"https:\\\/\\\/audiomack.com\\\/iwellguard\"]},{\"@type\":\"Article\",\"@id\":\"https:\\\/\\\/iwell-guard.com\\\/is\\\/stallo-mannaeta-jotunn-samiskrar-hefdar\\\/#article\",\"isPartOf\":{\"@id\":\"https:\\\/\\\/iwell-guard.com\\\/is\\\/stallo-mannaeta-jotunn-samiskrar-hefdar\\\/\"},\"author\":{\"name\":\"Ralf Ittermann\",\"@id\":\"https:\\\/\\\/iwell-guard.com\\\/is\\\/#\\\/schema\\\/person\\\/ee2a27f1cac3406c7c6fb5820cb7349f\"},\"headline\":\"Stallo &#8211; Manneta j\u00f6tunn sam\u00edskrar hef\u00f0ar\",\"datePublished\":\"2026-09-05T14:04:49+00:00\",\"dateModified\":\"2026-09-05T14:29:52+00:00\",\"mainEntityOfPage\":{\"@id\":\"https:\\\/\\\/iwell-guard.com\\\/is\\\/stallo-mannaeta-jotunn-samiskrar-hefdar\\\/\"},\"publisher\":{\"@id\":\"https:\\\/\\\/iwell-guard.com\\\/is\\\/#organization\"},\"image\":{\"@id\":\"https:\\\/\\\/iwell-guard.com\\\/is\\\/stallo-mannaeta-jotunn-samiskrar-hefdar\\\/#primaryimage\"},\"thumbnailUrl\":\"https:\\\/\\\/iwell-guard.com\\\/wp-content\\\/uploads\\\/2026\\\/05\\\/goetter_sami_stallo.webp\",\"inLanguage\":\"is\",\"description\":\"Stallo er manneta j\u00f6tunninn \u00ed sam\u00edskri hef\u00f0. Tr\u00faarbrag\u00f0afr\u00e6\u00f0ileg greining \u00e1 s\u00f6gunum um \u00feennan andst\u00e6\u00f0ing.\"}]}<\/script>\n<!-- \/ Yoast SEO Premium plugin. -->","yoast_head_json":{"title":"Stallo - J\u00f6tunn-andst\u00e6\u00f0ingur sam\u00edskra fr\u00e1sagna","description":"Stallo er manneta j\u00f6tunninn \u00ed sam\u00edskri hef\u00f0. Tr\u00faarbrag\u00f0afr\u00e6\u00f0ileg greining \u00e1 s\u00f6gunum um \u00feennan andst\u00e6\u00f0ing.","robots":{"index":"index","follow":"follow","max-snippet":"max-snippet:-1","max-image-preview":"max-image-preview:large","max-video-preview":"max-video-preview:-1"},"canonical":"https:\/\/iwell-guard.com\/is\/stallo-mannaeta-jotunn-samiskrar-hefdar\/","og_locale":"is_IS","og_type":"article","og_title":"Stallo - Manneta j\u00f6tunn sam\u00edskrar hef\u00f0ar","og_description":"Stallo er manneta j\u00f6tunninn \u00ed sam\u00edskri hef\u00f0. Tr\u00faarbrag\u00f0afr\u00e6\u00f0ileg greining \u00e1 s\u00f6gunum um \u00feennan andst\u00e6\u00f0ing.","og_url":"https:\/\/iwell-guard.com\/is\/stallo-mannaeta-jotunn-samiskrar-hefdar\/","og_site_name":"iWell Guard","article_modified_time":"2026-09-05T14:29:52+00:00","og_image":[{"width":1024,"height":1536,"url":"https:\/\/iwell-guard.com\/wp-content\/uploads\/2026\/05\/goetter_sami_stallo.webp","type":"image\/webp"}],"twitter_card":"summary_large_image","schema":{"@context":"https:\/\/schema.org","@graph":[{"@type":"Article","@id":"https:\/\/iwell-guard.com\/is\/stallo-mannaeta-jotunn-samiskrar-hefdar\/#article","isPartOf":{"@id":"https:\/\/iwell-guard.com\/is\/stallo-mannaeta-jotunn-samiskrar-hefdar\/"},"author":{"name":"Ralf Ittermann","@id":"https:\/\/iwell-guard.com\/is\/#\/schema\/person\/ee2a27f1cac3406c7c6fb5820cb7349f"},"headline":"Stallo &#8211; Manneta j\u00f6tunn sam\u00edskrar hef\u00f0ar","datePublished":"2026-09-05T14:04:49+00:00","dateModified":"2026-09-05T14:29:52+00:00","mainEntityOfPage":{"@id":"https:\/\/iwell-guard.com\/is\/stallo-mannaeta-jotunn-samiskrar-hefdar\/"},"publisher":{"@id":"https:\/\/iwell-guard.com\/is\/#organization"},"image":{"@id":"https:\/\/iwell-guard.com\/is\/stallo-mannaeta-jotunn-samiskrar-hefdar\/#primaryimage"},"thumbnailUrl":"https:\/\/iwell-guard.com\/wp-content\/uploads\/2026\/05\/goetter_sami_stallo.webp","inLanguage":"is","description":"Stallo er manneta j\u00f6tunninn \u00ed sam\u00edskri hef\u00f0. Tr\u00faarbrag\u00f0afr\u00e6\u00f0ileg greining \u00e1 s\u00f6gunum um \u00feennan andst\u00e6\u00f0ing."},{"@type":"WebPage","@id":"https:\/\/iwell-guard.com\/is\/stallo-mannaeta-jotunn-samiskrar-hefdar\/","url":"https:\/\/iwell-guard.com\/is\/stallo-mannaeta-jotunn-samiskrar-hefdar\/","name":"Stallo - J\u00f6tunn-andst\u00e6\u00f0ingur sam\u00edskra fr\u00e1sagna","isPartOf":{"@id":"https:\/\/iwell-guard.com\/is\/#website"},"primaryImageOfPage":{"@id":"https:\/\/iwell-guard.com\/is\/stallo-mannaeta-jotunn-samiskrar-hefdar\/#primaryimage"},"image":{"@id":"https:\/\/iwell-guard.com\/is\/stallo-mannaeta-jotunn-samiskrar-hefdar\/#primaryimage"},"thumbnailUrl":"https:\/\/iwell-guard.com\/wp-content\/uploads\/2026\/05\/goetter_sami_stallo.webp","datePublished":"2026-09-05T14:04:49+00:00","dateModified":"2026-09-05T14:29:52+00:00","description":"Stallo er manneta j\u00f6tunninn \u00ed sam\u00edskri hef\u00f0. Tr\u00faarbrag\u00f0afr\u00e6\u00f0ileg greining \u00e1 s\u00f6gunum um \u00feennan andst\u00e6\u00f0ing.","breadcrumb":{"@id":"https:\/\/iwell-guard.com\/is\/stallo-mannaeta-jotunn-samiskrar-hefdar\/#breadcrumb"},"inLanguage":"is","potentialAction":[{"@type":"ReadAction","target":["https:\/\/iwell-guard.com\/is\/stallo-mannaeta-jotunn-samiskrar-hefdar\/"]}]},{"@type":"ImageObject","inLanguage":"is","@id":"https:\/\/iwell-guard.com\/is\/stallo-mannaeta-jotunn-samiskrar-hefdar\/#primaryimage","url":"https:\/\/iwell-guard.com\/wp-content\/uploads\/2026\/05\/goetter_sami_stallo.webp","contentUrl":"https:\/\/iwell-guard.com\/wp-content\/uploads\/2026\/05\/goetter_sami_stallo.webp","width":1024,"height":1536,"caption":"Gu\u00f0ir \u00far hef\u00f0 Sama."},{"@type":"BreadcrumbList","@id":"https:\/\/iwell-guard.com\/is\/stallo-mannaeta-jotunn-samiskrar-hefdar\/#breadcrumb","itemListElement":[{"@type":"ListItem","position":1,"name":"Start","item":"https:\/\/iwell-guard.com\/is\/?page_id=168580"},{"@type":"ListItem","position":2,"name":"Stallo &#8211; Manneta j\u00f6tunn sam\u00edskrar hef\u00f0ar"}]},{"@type":"WebSite","@id":"https:\/\/iwell-guard.com\/is\/#website","url":"https:\/\/iwell-guard.com\/is\/","name":"iWell Guard","description":"Schutz vor dunklen Einfl\u00fcssen","publisher":{"@id":"https:\/\/iwell-guard.com\/is\/#organization"},"potentialAction":[{"@type":"SearchAction","target":{"@type":"EntryPoint","urlTemplate":"https:\/\/iwell-guard.com\/is\/?s={search_term_string}"},"query-input":{"@type":"PropertyValueSpecification","valueRequired":true,"valueName":"search_term_string"}}],"inLanguage":"is"},{"@type":"Organization","@id":"https:\/\/iwell-guard.com\/is\/#organization","name":"Ittermann electronic GmbH","url":"https:\/\/iwell-guard.com\/is\/","logo":{"@type":"ImageObject","inLanguage":"is","@id":"https:\/\/iwell-guard.com\/is\/#\/schema\/logo\/image\/","url":"https:\/\/iwell-guard.com\/wp-content\/uploads\/2026\/05\/Ittermann-Logo-1182x237-1.png","contentUrl":"https:\/\/iwell-guard.com\/wp-content\/uploads\/2026\/05\/Ittermann-Logo-1182x237-1.png","width":1182,"height":237,"caption":"Ittermann electronic GmbH"},"image":{"@id":"https:\/\/iwell-guard.com\/is\/#\/schema\/logo\/image\/"},"sameAs":["https:\/\/pantip.com\/profile\/9367242","https:\/\/micro.blog\/iwellguard","https:\/\/www.diggerslist.com\/iwellguard\/about","https:\/\/skitterphoto.com\/photographers\/2870314\/iwell-guard","https:\/\/iwellguard.wordpress.com\/2026\/06\/06\/iwell-guard\/","https:\/\/hub.docker.com\/u\/iwellguard","https:\/\/www.pinterest.com\/iwellguard\/","https:\/\/bit.ly\/m\/iwellguard","https:\/\/entre-vos-mains.alsace.eu\/profiles\/iwellguard\/activity","https:\/\/gravatar.com\/reallybeded8fd34","https:\/\/naijamatta.com\/iwellguard","https:\/\/www.goodreads.com\/iwellguard","https:\/\/profile.hatena.ne.jp\/iwellguard\/","https:\/\/experiment.com\/users\/iwellguard","https:\/\/wakelet.com\/@iWellGuard82270","https:\/\/www.chordie.com\/forum\/profile.php?id=2555664","https:\/\/www.instapaper.com\/p\/17757966","https:\/\/www.mapleprimes.com\/users\/iwellguard","https:\/\/businesslistingplus.com\/profile\/iwell-guard\/","https:\/\/telegra.ph\/iWell-Guard-06-06","https:\/\/pbase.com\/iwellguard\/iwellguard","https:\/\/b.hatena.ne.jp\/iwellguard\/20260607#bookmark-4788405196491818882","https:\/\/fliphtml5.com\/home\/iwellguard","https:\/\/anyflip.com\/homepage\/cmiwl#About","https:\/\/transfur.com\/Users\/iwellguard","http:\/\/delphi.larsbo.org\/user\/iwellguard","https:\/\/jobs.lajobsportal.org\/profiles\/8380803-iwell-guard","https:\/\/md.chaosdorf.de\/s\/jfbe5SBdJD","https:\/\/www.lingvolive.com\/en-us\/profile\/9ecaeaca-ce11-4e51-9e71-01d55e2bff36\/translations","https:\/\/www.fitday.com\/fitness\/forums\/members\/iwellguard.html","https:\/\/www.mymeetbook.com\/iwellguard","https:\/\/pxhere.com\/en\/photographer-me\/5040798","https:\/\/disqus.com\/by\/iwellguard\/about\/","https:\/\/pastelink.net\/hjwciqwq","https:\/\/pubhtml5.com\/homepage\/scjhn\/","https:\/\/www.bitchute.com\/channel\/2O2eOKzNqujT","https:\/\/audiomack.com\/iwellguard"]},{"@type":"Person","@id":"https:\/\/iwell-guard.com\/is\/#\/schema\/person\/ee2a27f1cac3406c7c6fb5820cb7349f","name":"Ralf Ittermann","image":{"@type":"ImageObject","inLanguage":"is","@id":"https:\/\/secure.gravatar.com\/avatar\/073c0153e350a5005b68eb752b445fea71f6b24a26da9449ad7e155e6b446c9d?s=96&d=mm&r=g","url":"https:\/\/secure.gravatar.com\/avatar\/073c0153e350a5005b68eb752b445fea71f6b24a26da9449ad7e155e6b446c9d?s=96&d=mm&r=g","contentUrl":"https:\/\/secure.gravatar.com\/avatar\/073c0153e350a5005b68eb752b445fea71f6b24a26da9449ad7e155e6b446c9d?s=96&d=mm&r=g","caption":"Ralf Ittermann"},"givenName":"Ralf","familyName":"Ittermann","jobTitle":"Gesch\u00e4ftsf\u00fchrer und redaktioneller Verantwortlicher","url":"https:\/\/iwell-guard.com\/is\/author\/claude\/","description":"Ralf Ittermann ist Gesch\u00e4ftsf\u00fchrer der Ittermann electronic GmbH und redaktioneller Verantwortlicher des iWell-Guard-Lexikons. Er verbindet langj\u00e4hrige Erfahrung in der Pr\u00e4zisionsfertigung mit medialer Praxis und religionsgeschichtlicher Quellenarbeit.","worksFor":{"@type":"Organization","name":"Ittermann electronic GmbH","url":"https:\/\/ittermann.de\/","address":{"@type":"PostalAddress","streetAddress":"K\u00f6hlergasse 16-18","postalCode":"99842","addressLocality":"Ruhla","addressCountry":"DE"}},"knowsAbout":["Religionsgeschichte","Mythologie","Mediale Praxis","Energetische Diagnostik","Schutzpraxis","Volksglauben","Westliche Esoterik"]},{"@type":"Article","@id":"https:\/\/iwell-guard.com\/is\/stallo-mannaeta-jotunn-samiskrar-hefdar\/#article","isPartOf":{"@id":"https:\/\/iwell-guard.com\/is\/stallo-mannaeta-jotunn-samiskrar-hefdar\/"},"author":{"name":"Ralf Ittermann","@id":"https:\/\/iwell-guard.com\/is\/#\/schema\/person\/ee2a27f1cac3406c7c6fb5820cb7349f"},"headline":"Stallo &#8211; Manneta j\u00f6tunn sam\u00edskrar hef\u00f0ar","datePublished":"2026-09-05T14:04:49+00:00","dateModified":"2026-09-05T14:29:52+00:00","mainEntityOfPage":{"@id":"https:\/\/iwell-guard.com\/is\/stallo-mannaeta-jotunn-samiskrar-hefdar\/"},"publisher":{"@id":"https:\/\/iwell-guard.com\/is\/#organization"},"image":{"@id":"https:\/\/iwell-guard.com\/is\/stallo-mannaeta-jotunn-samiskrar-hefdar\/#primaryimage"},"thumbnailUrl":"https:\/\/iwell-guard.com\/wp-content\/uploads\/2026\/05\/goetter_sami_stallo.webp","inLanguage":"is","description":"Stallo er manneta j\u00f6tunninn \u00ed sam\u00edskri hef\u00f0. Tr\u00faarbrag\u00f0afr\u00e6\u00f0ileg greining \u00e1 s\u00f6gunum um \u00feennan andst\u00e6\u00f0ing."}]}},"_links":{"self":[{"href":"https:\/\/iwell-guard.com\/is\/wp-json\/wp\/v2\/pages\/169012","targetHints":{"allow":["GET"]}}],"collection":[{"href":"https:\/\/iwell-guard.com\/is\/wp-json\/wp\/v2\/pages"}],"about":[{"href":"https:\/\/iwell-guard.com\/is\/wp-json\/wp\/v2\/types\/page"}],"author":[{"embeddable":true,"href":"https:\/\/iwell-guard.com\/is\/wp-json\/wp\/v2\/users\/3"}],"replies":[{"embeddable":true,"href":"https:\/\/iwell-guard.com\/is\/wp-json\/wp\/v2\/comments?post=169012"}],"version-history":[{"count":0,"href":"https:\/\/iwell-guard.com\/is\/wp-json\/wp\/v2\/pages\/169012\/revisions"}],"wp:featuredmedia":[{"embeddable":true,"href":"https:\/\/iwell-guard.com\/is\/wp-json\/wp\/v2\/media\/2896"}],"wp:attachment":[{"href":"https:\/\/iwell-guard.com\/is\/wp-json\/wp\/v2\/media?parent=169012"}],"wp:term":[{"taxonomy":"category","embeddable":true,"href":"https:\/\/iwell-guard.com\/is\/wp-json\/wp\/v2\/categories?post=169012"}],"curies":[{"name":"wp","href":"https:\/\/api.w.org\/{rel}","templated":true}]}}