{"id":169011,"date":"2026-09-05T14:04:48","date_gmt":"2026-09-05T14:04:48","guid":{"rendered":"https:\/\/iwell-guard.com\/?page_id=169011"},"modified":"2026-09-05T14:29:48","modified_gmt":"2026-09-05T14:29:48","slug":"rahka-faethirgud-samverskrar-truar","status":"publish","type":"page","link":"https:\/\/iwell-guard.com\/is\/rahka-faethirgud-samverskrar-truar\/","title":{"rendered":"R\u00e1hka &#8211; fa\u00f0irgu\u00f0 samverskrar tr\u00faar"},"content":{"rendered":"\t\t<div data-elementor-type=\"wp-page\" data-elementor-id=\"169011\" class=\"elementor elementor-169011 elementor-2666 elementor-bc-flex-widget\" data-elementor-post-type=\"page\">\n\t\t\t\t<div class=\"elementor-element elementor-element-iwgw-raehka-hero e-flex e-con-boxed e-con e-parent\" data-id=\"iwgw-raehka-hero\" data-element_type=\"container\" data-e-type=\"container\" data-settings=\"{&quot;background_background&quot;:&quot;classic&quot;}\">\n\t\t\t\t\t<div class=\"e-con-inner\">\n\t\t<div class=\"elementor-element elementor-element-iwgw-raehka-hl e-flex e-con-boxed e-con e-child\" data-id=\"iwgw-raehka-hl\" data-element_type=\"container\" data-e-type=\"container\">\n\t\t\t\t\t<div class=\"e-con-inner\">\n\t\t<div class=\"elementor-element elementor-element-iwgw-raehka-htxt e-con-full e-flex e-con e-child\" data-id=\"iwgw-raehka-htxt\" data-element_type=\"container\" data-e-type=\"container\">\n\t\t\t\t<div class=\"elementor-element elementor-element-iwgw-raehka-h1 elementor-widget elementor-widget-heading\" data-id=\"iwgw-raehka-h1\" data-element_type=\"widget\" data-e-type=\"widget\" data-widget_type=\"heading.default\">\n\t\t\t\t\t<h1 class=\"elementor-heading-title elementor-size-default\">R\u00e1hka - skapagu\u00f0 og fa\u00f0irl\u00f6gm\u00e1l samverskrar tr\u00faar<\/h1>\t\t\t\t<\/div>\n\t\t\t\t<div class=\"elementor-element elementor-element-iwgw-raehka-lead elementor-widget elementor-widget-text-editor\" data-id=\"iwgw-raehka-lead\" data-element_type=\"widget\" data-e-type=\"widget\" data-widget_type=\"text-editor.default\">\n\t\t\t\t\t\t\t\t\t<p>R\u00e1hka e\u00f0a Radien-\u00c1h\u010d\u010di er \u00ed samverskri tr\u00fa \u00e6\u00f0sti fa\u00f0irgu\u00f0inn og skaparinn. Hann stendur \u00e1 toppi go\u00f0aheimsins og veitir \u00f6\u00f0rum go\u00f0m\u00f6gnum vald og reglu. Tr\u00faarfr\u00e6\u00f0ilega heyrir hann til flokks fjarl\u00e6gra h\u00e1gu\u00f0a (Deus otiosus), sem d\u00fdrkun \u00feeirra er minna \u00e1berandi en gu\u00f0fr\u00e6\u00f0ileg \u00fe\u00fd\u00f0ing \u00feeirra.<\/p>\t\t\t\t\t\t\t\t<\/div>\n\t\t\t\t<\/div>\n\t\t<div class=\"elementor-element elementor-element-iwgw-raehka-pillc e-con-full e-flex e-con e-child\" data-id=\"iwgw-raehka-pillc\" data-element_type=\"container\" data-e-type=\"container\">\n\t\t\t\t<div class=\"elementor-element elementor-element-iwgw-raehka-pills elementor-widget elementor-widget-html\" data-id=\"iwgw-raehka-pills\" data-element_type=\"widget\" data-e-type=\"widget\" data-widget_type=\"html.default\">\n\t\t\t\t\t<div class=\"iwg-pill-row\"><span class=\"iwg-klasse-badge\" tabindex=\"0\" data-tooltip=\"Gu\u00f0 \u00far hef\u00f0 Sama.\">Gu\u00f0<\/span><a href=\"https:\/\/iwell-guard.com\/is\/sami-finnsk-ugrisk-hefd-noaidi-tromma\/\" class=\"iwg-kultur-badge\" tabindex=\"0\" data-tooltip=\"Go\u00f0afr\u00e6\u00f0i hef\u00f0ar Sama.\">Samar<\/a><span class=\"iwg-tradition-badge\" tabindex=\"0\" data-tooltip=\"Skapari og fa\u00f0irgu\u00f0.\">Skapari og fa\u00f0irgu\u00f0<\/span><\/div>\t\t\t\t<\/div>\n\t\t\t\t<\/div>\n\t\t<div class=\"elementor-element elementor-element-iwgw-raehka-tocc e-con-full e-flex e-con e-child\" data-id=\"iwgw-raehka-tocc\" data-element_type=\"container\" data-e-type=\"container\">\n\t\t\t\t<div class=\"elementor-element elementor-element-iwgw-raehka-toc elementor-toc--minimized-on-tablet elementor-widget elementor-widget-table-of-contents\" data-id=\"iwgw-raehka-toc\" data-element_type=\"widget\" data-e-type=\"widget\" data-settings=\"{&quot;headings_by_tags&quot;:[&quot;h2&quot;,&quot;h3&quot;],&quot;minimize_box&quot;:&quot;yes&quot;,&quot;marker_view&quot;:&quot;bullets&quot;,&quot;no_headings_message&quot;:&quot;Engar undirfyrirsagnir fundust \\u00e1 \\u00feessari s\\u00ed\\u00f0u.&quot;,&quot;exclude_headings_by_selector&quot;:[],&quot;icon&quot;:{&quot;value&quot;:&quot;fas fa-circle&quot;,&quot;library&quot;:&quot;fa-solid&quot;,&quot;rendered_tag&quot;:&quot;&lt;svg class=\\&quot;e-font-icon-svg e-fas-circle\\&quot; viewBox=\\&quot;0 0 512 512\\&quot; xmlns=\\&quot;http:\\\/\\\/www.w3.org\\\/2000\\\/svg\\&quot;&gt;&lt;path d=\\&quot;M256 8C119 8 8 119 8 256s111 248 248 248 248-111 248-248S393 8 256 8z\\&quot;&gt;&lt;\\\/path&gt;&lt;\\\/svg&gt;&quot;},&quot;minimized_on&quot;:&quot;tablet&quot;,&quot;hierarchical_view&quot;:&quot;yes&quot;,&quot;min_height&quot;:{&quot;unit&quot;:&quot;px&quot;,&quot;size&quot;:&quot;&quot;,&quot;sizes&quot;:[]},&quot;min_height_tablet&quot;:{&quot;unit&quot;:&quot;px&quot;,&quot;size&quot;:&quot;&quot;,&quot;sizes&quot;:[]},&quot;min_height_mobile&quot;:{&quot;unit&quot;:&quot;px&quot;,&quot;size&quot;:&quot;&quot;,&quot;sizes&quot;:[]}}\" data-widget_type=\"table-of-contents.default\">\n\t\t\t\t\t\t\t\t\t<div class=\"elementor-toc__header\">\n\t\t\t\t\t\t<h2 class=\"elementor-toc__header-title\">\n\t\t\t\tEfnisyfirlit\t\t\t<\/h2>\n\t\t\t\t\t\t\t\t\t\t<div class=\"elementor-toc__toggle-button elementor-toc__toggle-button--expand\" role=\"button\" tabindex=\"0\" aria-controls=\"elementor-toc__iwgw-raehka-toc\" aria-expanded=\"true\" aria-label=\"Open table of contents\"><svg aria-hidden=\"true\" class=\"e-font-icon-svg e-fas-chevron-down\" viewBox=\"0 0 448 512\" xmlns=\"http:\/\/www.w3.org\/2000\/svg\"><path d=\"M207.029 381.476L12.686 187.132c-9.373-9.373-9.373-24.569 0-33.941l22.667-22.667c9.357-9.357 24.522-9.375 33.901-.04L224 284.505l154.745-154.021c9.379-9.335 24.544-9.317 33.901.04l22.667 22.667c9.373 9.373 9.373 24.569 0 33.941L240.971 381.476c-9.373 9.372-24.569 9.372-33.942 0z\"><\/path><\/svg><\/div>\n\t\t\t\t<div class=\"elementor-toc__toggle-button elementor-toc__toggle-button--collapse\" role=\"button\" tabindex=\"0\" aria-controls=\"elementor-toc__iwgw-raehka-toc\" aria-expanded=\"true\" aria-label=\"Close table of contents\"><svg aria-hidden=\"true\" class=\"e-font-icon-svg e-fas-chevron-up\" viewBox=\"0 0 448 512\" xmlns=\"http:\/\/www.w3.org\/2000\/svg\"><path d=\"M240.971 130.524l194.343 194.343c9.373 9.373 9.373 24.569 0 33.941l-22.667 22.667c-9.357 9.357-24.522 9.375-33.901.04L224 227.495 69.255 381.516c-9.379 9.335-24.544 9.317-33.901-.04l-22.667-22.667c-9.373-9.373-9.373-24.569 0-33.941L207.03 130.525c9.372-9.373 24.568-9.373 33.941-.001z\"><\/path><\/svg><\/div>\n\t\t\t\t\t<\/div>\n\t\t\t\t<div id=\"elementor-toc__iwgw-raehka-toc\" class=\"elementor-toc__body\">\n\t\t\t<div class=\"elementor-toc__spinner-container\">\n\t\t\t\t<svg class=\"elementor-toc__spinner eicon-animation-spin e-font-icon-svg e-eicon-loading\" aria-hidden=\"true\" viewBox=\"0 0 1000 1000\" xmlns=\"http:\/\/www.w3.org\/2000\/svg\"><path d=\"M500 975V858C696 858 858 696 858 500S696 142 500 142 142 304 142 500H25C25 237 238 25 500 25S975 237 975 500 763 975 500 975Z\"><\/path><\/svg>\t\t\t<\/div>\n\t\t<\/div>\n\t\t\t\t\t\t<\/div>\n\t\t\t\t<\/div>\n\t\t\t\t\t<\/div>\n\t\t\t\t<\/div>\n\t\t<div class=\"elementor-element elementor-element-iwgw-raehka-hr e-con-full e-flex e-con e-child\" data-id=\"iwgw-raehka-hr\" data-element_type=\"container\" data-e-type=\"container\">\n\t\t\t\t<div class=\"elementor-element elementor-element-iwgw-raehka-heroimg iwg-hero-image elementor-widget elementor-widget-image\" data-id=\"iwgw-raehka-heroimg\" data-element_type=\"widget\" data-e-type=\"widget\" data-widget_type=\"image.default\">\n\t\t\t\t\t\t\t\t\t\t\t\t\t\t\t<img fetchpriority=\"high\" decoding=\"async\" width=\"683\" height=\"1024\" src=\"https:\/\/iwell-guard.com\/wp-content\/uploads\/2026\/05\/goetter_sami_raehka-683x1024.webp\" class=\"attachment-large size-large wp-image-170765\" alt=\"Raehka - Gu\u00f0ir \u00far s\u00f6m\u00edsku hef\u00f0inni, s\u00f6guleg-myndskreytt framsetning\" srcset=\"https:\/\/iwell-guard.com\/wp-content\/uploads\/2026\/05\/goetter_sami_raehka-683x1024.webp 683w, https:\/\/iwell-guard.com\/wp-content\/uploads\/2026\/05\/goetter_sami_raehka-200x300.webp 200w, https:\/\/iwell-guard.com\/wp-content\/uploads\/2026\/05\/goetter_sami_raehka-768x1152.webp 768w, https:\/\/iwell-guard.com\/wp-content\/uploads\/2026\/05\/goetter_sami_raehka.webp 1024w\" sizes=\"(max-width: 683px) 100vw, 683px\" \/>\t\t\t\t\t\t\t\t\t\t\t\t\t\t\t<\/div>\n\t\t\t\t<\/div>\n\t\t\t\t\t<\/div>\n\t\t\t\t<\/div>\n\t\t\t\t<section class=\"elementor-section elementor-top-section elementor-element elementor-element-sec-iwgcomp2-raehka elementor-section-boxed elementor-section-height-default elementor-section-height-default\" data-id=\"sec-iwgcomp2-raehka\" data-element_type=\"section\" data-e-type=\"section\">\n\t\t\t\t\t\t<div class=\"elementor-container elementor-column-gap-default\">\n\t\t\t\t\t<div class=\"elementor-column elementor-col-100 elementor-top-column elementor-element elementor-element-col-iwgcomp2-raehka\" data-id=\"col-iwgcomp2-raehka\" data-element_type=\"column\" data-e-type=\"column\">\n\t\t\t<div class=\"elementor-widget-wrap elementor-element-populated\">\n\t\t\t\t\t\t<div class=\"elementor-element elementor-element-iwgcomp2-raehka elementor-widget elementor-widget-text-editor\" data-id=\"iwgcomp2-raehka\" data-element_type=\"widget\" data-e-type=\"widget\" data-widget_type=\"text-editor.default\">\n\t\t\t\t\t\t\t\t\t<p>R\u00e1hka telst vera <strong>skapagu\u00f0<\/strong> og fa\u00f0irl\u00f6gm\u00e1l samverskrar tr\u00faar.<\/p>\t\t\t\t\t\t\t\t<\/div>\n\t\t\t\t\t<\/div>\n\t\t<\/div>\n\t\t\t\t\t<\/div>\n\t\t<\/section>\n\t\t\t\t<section class=\"elementor-section elementor-top-section elementor-element elementor-element-sec-iwgcomp-raehka elementor-section-boxed elementor-section-height-default elementor-section-height-default\" data-id=\"sec-iwgcomp-raehka\" data-element_type=\"section\" data-e-type=\"section\">\n\t\t\t\t\t\t<div class=\"elementor-container elementor-column-gap-default\">\n\t\t\t\t\t<div class=\"elementor-column elementor-col-100 elementor-top-column elementor-element elementor-element-col-iwgcomp-raehka\" data-id=\"col-iwgcomp-raehka\" data-element_type=\"column\" data-e-type=\"column\">\n\t\t\t<div class=\"elementor-widget-wrap elementor-element-populated\">\n\t\t\t\t\t\t<div class=\"elementor-element elementor-element-iwgcomp-raehka elementor-widget elementor-widget-text-editor\" data-id=\"iwgcomp-raehka\" data-element_type=\"widget\" data-e-type=\"widget\" data-widget_type=\"text-editor.default\">\n\t\t\t\t\t\t\t\t\t<p>R\u00e1hka telst vera <strong>fa\u00f0irgu\u00f0<\/strong> og skapari \u00ed samverskri tr\u00fa og fyllir upp m\u00f3\u00f0urlega <span class=\"iwg-fachbegriff\" data-tooltip=\"Heild gu\u00f0anna \u00ed tr\u00faarbr\u00f6g\u00f0um e\u00f0a menningu.\" tabindex=\"0\">go\u00f0aheiminn (pantheon)<\/span> \u00e1samt Maderakka og d\u00e6trum hennar.<\/p>\t\t\t\t\t\t\t\t<\/div>\n\t\t\t\t\t<\/div>\n\t\t<\/div>\n\t\t\t\t\t<\/div>\n\t\t<\/section>\n\t\t<div class=\"elementor-element elementor-element-iwgw-raehka-s0 e-flex e-con-boxed e-con e-parent\" data-id=\"iwgw-raehka-s0\" data-element_type=\"container\" data-e-type=\"container\">\n\t\t\t\t\t<div class=\"e-con-inner\">\n\t\t\t\t<div class=\"elementor-element elementor-element-iwgw-raehka-s0h elementor-widget elementor-widget-heading\" data-id=\"iwgw-raehka-s0h\" data-element_type=\"widget\" data-e-type=\"widget\" data-widget_type=\"heading.default\">\n\t\t\t\t\t<h2 class=\"elementor-heading-title elementor-size-default\">Greining og skammrit<\/h2>\t\t\t\t<\/div>\n\t\t<div class=\"elementor-element elementor-element-iwgw-raehka-s0c e-con-full e-flex e-con e-child\" data-id=\"iwgw-raehka-s0c\" data-element_type=\"container\" data-e-type=\"container\">\n\t\t\t\t<div class=\"elementor-element elementor-element-iwgw-raehka-s0t elementor-widget elementor-widget-text-editor\" data-id=\"iwgw-raehka-s0t\" data-element_type=\"widget\" data-e-type=\"widget\" data-widget_type=\"text-editor.default\">\n\t\t\t\t\t\t\t\t\t<p>R\u00e1hka, sem \u00ed heimildum er einnig nefndur Radien-\u00c1h\u010d\u010di, Radien-Attje e\u00f0a Veralden-Olmm\u00e1i, er \u00e6\u00f0sta karlkyns vera \u00ed fortr\u00fabo\u00f0slegri <a href=\"https:\/\/iwell-guard.com\/is\/sami-finnsk-ugrisk-hefd-noaidi-tromma\/\">samverskri<\/a> tr\u00fa. Nafn hans \u00fe\u00fd\u00f0ir b\u00f3kstaflega hinn r\u00edkjandi fa\u00f0ir e\u00f0a heimsma\u00f0urinn.<\/p><p>Tr\u00faarfr\u00e6\u00f0ilega heyrir R\u00e1hka til flokks fjarl\u00e6gra h\u00e1gu\u00f0a, sem stendur \u00e1 toppi go\u00f0aheimsins en er sj\u00e1lfur minna s\u00fdnilegur \u00ed hinni beinu <span class=\"iwg-fachbegriff\" data-tooltip=\"Heild tr\u00faarlegra tilbei\u00f0sluathafna fyrir gu\u00f0 e\u00f0a heilaga veru.\" tabindex=\"0\">d\u00fdrkun (kult)<\/span> en synir hans, d\u00e6tur e\u00f0a s\u00e9rh\u00e6f\u00f0ari undirgu\u00f0ir. \u00deetta fyrirkomulag er sta\u00f0fest \u00ed tr\u00faarbrag\u00f0afyrirb\u00e6rafr\u00e6\u00f0i v\u00ed\u00f0a um heim.<\/p><p>Sonur hans Radien-Pardne er \u00ed nokkrum heimildum s\u00fdndur sem framkv\u00e6mdarafli\u00f0 f\u00f6\u00f0urins. \u00deetta fa\u00f0ir-sonar samband olli ruglingi \u00ed kristnibo\u00f0i, \u00fear sem \u00fea\u00f0 minnti \u00e1 kristin \u00ferenningarhugt\u00f6k og var a\u00f0 nokkru leyti t\u00falka\u00f0 \u00ed \u00fev\u00ed lj\u00f3si. V\u00edsindalega \u00fearf a\u00f0 sko\u00f0a \u00feessa endurt\u00falkun me\u00f0 gagnr\u00fdnu hugarfari.<\/p><p>\u00cd tilviki R\u00e1hka kemur s\u00e9rlega vel \u00ed lj\u00f3s hve f\u00e1ga\u00f0ar a\u00f0fer\u00f0ir \u00fearf: \u00fej\u00f3\u00f0fr\u00e6\u00f0ileg n\u00e1kv\u00e6mni, tungum\u00e1laleg heimildagagnr\u00fdni og samanbur\u00f0arlegt sj\u00f3narhorn \u00feurfa a\u00f0 vinna saman til a\u00f0 greina \u00feessa margnefndu h\u00e1gu\u00f0sveru r\u00e9tt. Samverskir fr\u00e6\u00f0imenn taka n\u00fa sj\u00e1lfir virkan \u00fe\u00e1tt \u00ed \u00feessari vinnu og lei\u00f0r\u00e9tta eldri vestr\u00e6nar t\u00falkanir sem oft b\u00e1ru merki n\u00fdlendustefnu.<\/p><p>Sem fjarl\u00e6gur h\u00e1gu\u00f0 fellur R\u00e1hka inn \u00ed hringskauta\u00f0a tr\u00faarlandslagi\u00f0 sem s\u00fdnir yfir langa vegalengd endurteki\u00f0 mynstur. \u00deessi bur\u00f0arvirka festa yfir \u00fe\u00fasundir k\u00edl\u00f3metra er me\u00f0al athyglisver\u00f0ustu ni\u00f0ursta\u00f0na samanbur\u00f0ar-<span class=\"iwg-fachbegriff\" data-tooltip=\"V\u00edsindin sem rannsaka tr\u00faarbr\u00f6g\u00f0 me\u00f0 samanbur\u00f0i og \u00e1n tr\u00faartengsla.\" tabindex=\"0\">tr\u00faarbrag\u00f0afr\u00e6\u00f0i<\/span> og er enn vi\u00f0fangsefni \u00e1framhaldandi umr\u00e6\u00f0u.<\/p>\t\t\t\t\t\t\t\t<\/div>\n\t\t\t\t<\/div>\n\t\t\t\t\t<\/div>\n\t\t\t\t<\/div>\n\t\t<div class=\"elementor-element elementor-element-iwgw-raehka-s1 e-flex e-con-boxed e-con e-parent\" data-id=\"iwgw-raehka-s1\" data-element_type=\"container\" data-e-type=\"container\">\n\t\t\t\t\t<div class=\"e-con-inner\">\n\t\t\t\t<div class=\"elementor-element elementor-element-iwgw-raehka-s1h elementor-widget elementor-widget-heading\" data-id=\"iwgw-raehka-s1h\" data-element_type=\"widget\" data-e-type=\"widget\" data-widget_type=\"heading.default\">\n\t\t\t\t\t<h2 class=\"elementor-heading-title elementor-size-default\">Nafn og or\u00f0sifjar<\/h2>\t\t\t\t<\/div>\n\t\t<div class=\"elementor-element elementor-element-iwgw-raehka-s1c e-con-full e-flex e-con e-child\" data-id=\"iwgw-raehka-s1c\" data-element_type=\"container\" data-e-type=\"container\">\n\t\t\t\t<div class=\"elementor-element elementor-element-iwgw-raehka-s1t elementor-widget elementor-widget-text-editor\" data-id=\"iwgw-raehka-s1t\" data-element_type=\"widget\" data-e-type=\"widget\" data-widget_type=\"text-editor.default\">\n\t\t\t\t\t\t\t\t\t<p>Nafni\u00f0 R\u00e1hka kemur af fornsamverskri r\u00f3t sem \u00fe\u00fd\u00f0ir a\u00f0 r\u00edkja e\u00f0a stj\u00f3rna. Afbrig\u00f0i\u00f0 Radien tengist forn\u00edslenska or\u00f0inu <em>r\u00e1\u00f0<\/em>, sem \u00fe\u00fd\u00f0ir r\u00e1\u00f0 e\u00f0a vald. \u00deessi tv\u00ednefning bendir til hugsanlegra tengsla milli skandinav\u00edsks og samverskrar tungu.<\/p><p>Nafngiftin Veralden-Olmm\u00e1i \u00fe\u00fd\u00f0ir b\u00f3kstaflega heimsma\u00f0urinn e\u00f0a ma\u00f0ur heimsins og undirstrikar heimsfr\u00e6\u00f0ilegt hlutverk hans sem var\u00f0veislumanns heimsreglunnar. \u00deessi tv\u00f6falda og \u00ferefalda nefning er tr\u00faarbrag\u00f0afyrirb\u00e6rafr\u00e6\u00f0ilegt einkenni samverskrar hef\u00f0ar og gerir n\u00e1kv\u00e6ma au\u00f0kenningu veranna \u00ed heimildunum vandasama.<\/p><p>Or\u00f0sifjafr\u00e6\u00f0ilega er r\u00f3tin <em>radien<\/em> tengd fornskandinav\u00edskum hugt\u00f6kum, sem bendir til fornrar snertisv\u00e6\u00f0is. Tr\u00faars\u00f6gulega umr\u00e6\u00f0an um umfang skandinav\u00edskra \u00e1hrifa \u00e1 samverskar hugmyndir er g\u00f6mul og ekki til lykta leidd.<\/p><p>Tr\u00faarf\u00e9lagsfr\u00e6\u00f0ilega vaknar spurningin hva\u00f0a hlutverki h\u00e1gu\u00f0 eins og R\u00e1hka gegndi \u00ed f\u00e9lagslegri skipan hins hef\u00f0bundna samverska samf\u00e9lags, jafnvel \u00fe\u00f3tt hann st\u00e6\u00f0i til hli\u00f0ar \u00ed hinni beinu <span class=\"iwg-fachbegriff\" data-tooltip=\"Heild tr\u00faarlegra tilbei\u00f0sluathafna fyrir gu\u00f0 e\u00f0a heilaga veru.\" tabindex=\"0\">d\u00fdrkun (kult)<\/span>.<\/p><p>Einnig h\u00e9r h\u00e9lst tr\u00faarlega skipulagi\u00f0 \u00fe\u00e9tt tengt f\u00e9lagslegri i\u00f0kun. \u00deessi tengsl mynda s\u00e9rstakt tr\u00faarbrag\u00f0a-mannfr\u00e6\u00f0ilegt ranns\u00f3knarsvi\u00f0 sem me\u00f0al annars H\u00e5kan Rydving og Konsta Kaikkonen hafa rannsaka\u00f0 skipulega.<\/p><p>Enn annar \u00fe\u00e1ttur er \u00fe\u00fd\u00f0ing R\u00e1hka fyrir samverska sj\u00e1lfsmyndarp\u00f3lit\u00edk n\u00fat\u00edmans. Me\u00f0 sj\u00e1lfsstj\u00f3rn Sama og al\u00fej\u00f3\u00f0legri vi\u00f0urkenningu r\u00e9ttinda frumbyggja f\u00e1 arfleiddar gu\u00f0ir eins og fa\u00f0irl\u00f6gm\u00e1li\u00f0 R\u00e1hka aukna athygli. Hvernig p\u00f3lit\u00edsk vi\u00f0urkenning og tr\u00faarbrag\u00f0aranns\u00f3knir tengjast er s\u00e9rstakt svi\u00f0 sem v\u00edsindin hafa s\u00ed\u00f0ustu \u00e1r lagt aukna \u00e1herslu \u00e1.<\/p>\t\t\t\t\t\t\t\t<\/div>\n\t\t\t\t<\/div>\n\t\t\t\t\t<\/div>\n\t\t\t\t<\/div>\n\t\t<div class=\"elementor-element elementor-element-iwgw-raehka-s2 e-flex e-con-boxed e-con e-parent\" data-id=\"iwgw-raehka-s2\" data-element_type=\"container\" data-e-type=\"container\">\n\t\t\t\t\t<div class=\"e-con-inner\">\n\t\t\t\t<div class=\"elementor-element elementor-element-iwgw-raehka-s2h elementor-widget elementor-widget-heading\" data-id=\"iwgw-raehka-s2h\" data-element_type=\"widget\" data-e-type=\"widget\" data-widget_type=\"heading.default\">\n\t\t\t\t\t<h2 class=\"elementor-heading-title elementor-size-default\">L\u00fdsing og myndm\u00e1l<\/h2>\t\t\t\t<\/div>\n\t\t<div class=\"elementor-element elementor-element-iwgw-raehka-s2c e-con-full e-flex e-con e-child\" data-id=\"iwgw-raehka-s2c\" data-element_type=\"container\" data-e-type=\"container\">\n\t\t\t\t<div class=\"elementor-element elementor-element-iwgw-raehka-s2t elementor-widget elementor-widget-text-editor\" data-id=\"iwgw-raehka-s2t\" data-element_type=\"widget\" data-e-type=\"widget\" data-widget_type=\"text-editor.default\">\n\t\t\t\t\t\t\t\t\t<p>\u00cd \u00fej\u00f3\u00f0fr\u00e6\u00f0ilegum heimildum er R\u00e1hka l\u00fdst sem \u00f6ldru\u00f0um, vitrum, kraftmiklum manni sem g\u00e6tir himins og jar\u00f0ar. Hann gr\u00edpur sjaldan beint inn \u00ed atbur\u00f0i, heldur l\u00e6tur undirgu\u00f0i s\u00edna og hj\u00e1lparanda framkv\u00e6ma.<\/p><p>\u00c1 samverskum sjamanatrommum er R\u00e1hka oftast s\u00fdndur \u00ed efri hluta, oft sem sitjandi e\u00f0a standandi karlmannsvera, \u00fdmist me\u00f0 k\u00f3r\u00f3nu e\u00f0a staf. Ernst Manker skr\u00e1\u00f0i \u00feessa myndhef\u00f0 skipulega \u00ed trommuranns\u00f3knum s\u00ednum.<\/p><p>Myndfr\u00e6\u00f0ileg sta\u00f0setning \u00ed efra trommusv\u00e6\u00f0inu samsvarar gu\u00f0fr\u00e6\u00f0ilegu stigveldinu. V\u00edsindalega er trommumyndhef\u00f0in ein mikilv\u00e6gasta frumbyggjaheimildin um samverska tr\u00fa og b\u00e6tir upp skriflegar fr\u00e1sagnir tr\u00fabo\u00f0a, sem oft eru ni\u00f0randi og hlutdr\u00e6gar.<\/p>\t\t\t\t\t\t\t\t<\/div>\n\t\t\t\t<\/div>\n\t\t\t\t\t<\/div>\n\t\t\t\t<\/div>\n\t\t<div class=\"elementor-element elementor-element-iwgw-raehka-s3 e-flex e-con-boxed e-con e-parent\" data-id=\"iwgw-raehka-s3\" data-element_type=\"container\" data-e-type=\"container\">\n\t\t\t\t\t<div class=\"e-con-inner\">\n\t\t\t\t<div class=\"elementor-element elementor-element-iwgw-raehka-s3h elementor-widget elementor-widget-heading\" data-id=\"iwgw-raehka-s3h\" data-element_type=\"widget\" data-e-type=\"widget\" data-widget_type=\"heading.default\">\n\t\t\t\t\t<h2 class=\"elementor-heading-title elementor-size-default\">Sk\u00f6pun og heimsskipan<\/h2>\t\t\t\t<\/div>\n\t\t<div class=\"elementor-element elementor-element-iwgw-raehka-s3c e-con-full e-flex e-con e-child\" data-id=\"iwgw-raehka-s3c\" data-element_type=\"container\" data-e-type=\"container\">\n\t\t\t\t<div class=\"elementor-element elementor-element-iwgw-raehka-s3t elementor-widget elementor-widget-text-editor\" data-id=\"iwgw-raehka-s3t\" data-element_type=\"widget\" data-e-type=\"widget\" data-widget_type=\"text-editor.default\">\n\t\t\t\t\t\t\t\t\t<p>\u00cd sumum sk\u00f6punars\u00f6gum sam\u00edska \u00fej\u00f3\u00f0flokksins er R\u00e1hka h\u00f6fundur heimsins. Hann skapa\u00f0i himininn, j\u00f6r\u00f0ina, d\u00fdrin og mennina. Sm\u00e1atri\u00f0i \u00feessara sk\u00f6punarhugmynda eru mismunandi eftir sv\u00e6\u00f0um og eru ekki skr\u00e1\u00f0 me\u00f0 skipul\u00f6g\u00f0um h\u00e6tti \u00ed heimildum.<\/p><p>V\u00edsindalega s\u00e9\u00f0 er sk\u00f6punarhugmynd Sama ekki fullb\u00fain heimsmyndarfr\u00e6\u00f0i \u00e1 bor\u00f0 vi\u00f0 hina fornnorr\u00e6nu Eddu, heldur er h\u00fan fremur \u00f3lj\u00f3s bakgrunnssaga sem breytist eftir samhengi. \u00deessi \u00f3lj\u00f3sleiki er d\u00e6miger\u00f0ur \u00fat fr\u00e1 tr\u00faarbrag\u00f0afr\u00e6\u00f0ilegu sj\u00f3narhorni fyrir munnlega var\u00f0veitt tr\u00faarbr\u00f6g\u00f0 \u00e1n kerfisbundinnar <span class=\"iwg-fachbegriff\" data-tooltip=\"Hin v\u00edsindalega fr\u00e6\u00f0igrein um Gu\u00f0 og tr\u00fa innan tr\u00faarbrag\u00f0a.\" tabindex=\"0\">gu\u00f0fr\u00e6\u00f0i<\/span>.<\/p><p>Heimsskipulaginu er haldi\u00f0 uppi af R\u00e1hka en er sjaldan raska\u00f0 me\u00f0 beinum h\u00e6tti. \u00deegar skipulagi\u00f0 er broti\u00f0, til d\u00e6mis me\u00f0 broti \u00e1 tab\u00faum, eru \u00fea\u00f0 oftast undirgu\u00f0irnir sem gr\u00edpa inn \u00ed, ekki R\u00e1hka sj\u00e1lfur. \u00deessi framsal athafna er d\u00e6migert fyrir fjarl\u00e6ga h\u00e1gu\u00f0i \u00fat fr\u00e1 tr\u00faarbrag\u00f0afr\u00e6\u00f0ilegu sj\u00f3narhorni.<\/p>\t\t\t\t\t\t\t\t<\/div>\n\t\t\t\t<\/div>\n\t\t\t\t\t<\/div>\n\t\t\t\t<\/div>\n\t\t<div class=\"elementor-element elementor-element-iwgw-raehka-s4 e-flex e-con-boxed e-con e-parent\" data-id=\"iwgw-raehka-s4\" data-element_type=\"container\" data-e-type=\"container\">\n\t\t\t\t\t<div class=\"e-con-inner\">\n\t\t\t\t<div class=\"elementor-element elementor-element-iwgw-raehka-s4h elementor-widget elementor-widget-heading\" data-id=\"iwgw-raehka-s4h\" data-element_type=\"widget\" data-e-type=\"widget\" data-widget_type=\"heading.default\">\n\t\t\t\t\t<h2 class=\"elementor-heading-title elementor-size-default\">D\u00fdrkun og tilbei\u00f0sla<\/h2>\t\t\t\t<\/div>\n\t\t<div class=\"elementor-element elementor-element-iwgw-raehka-s4c e-con-full e-flex e-con e-child\" data-id=\"iwgw-raehka-s4c\" data-element_type=\"container\" data-e-type=\"container\">\n\t\t\t\t<div class=\"elementor-element elementor-element-iwgw-raehka-s4t elementor-widget elementor-widget-text-editor\" data-id=\"iwgw-raehka-s4t\" data-element_type=\"widget\" data-e-type=\"widget\" data-widget_type=\"text-editor.default\">\n\t\t\t\t\t\t\t\t\t<p>Bein tilbei\u00f0sla \u00e1 R\u00e1hka var minna \u00e1berandi en tilbei\u00f0sla \u00e1 Beaivi e\u00f0a Akkunum. Sjamanar k\u00f6llu\u00f0u \u00e1 hann vi\u00f0 s\u00e9rstaklega mikilv\u00e6g tilefni, svo sem \u00e1 st\u00f3rum t\u00edmam\u00f3tum \u00ed l\u00edfi f\u00f3lks e\u00f0a vi\u00f0 alvarlegar kreppur samf\u00e9lagsins. \u00cd daglegu l\u00edfi l\u00e9k hann minna hlutverk.<\/p><p>Vi\u00f0 sieidi-steinana, hin heil\u00f6gu f\u00f3rnarsta\u00f0i, var R\u00e1hka af og til vi\u00f0takandi f\u00f3rnargjafa, en oftar voru <a href=\"https:\/\/iwell-guard.com\/is\/?page_id=169009\">Beaivi<\/a>, Akkurnar og hinir s\u00e9rh\u00e6f\u00f0u virknatgu\u00f0ir vi\u00f0takendur. \u00deessi \u00f3samhverfa \u00ed tilbei\u00f0slunni er d\u00e6miger\u00f0 fyrir h\u00e1gu\u00f0i af \u00feessari ger\u00f0 \u00fat fr\u00e1 tr\u00faarbrag\u00f0afr\u00e6\u00f0ilegu sj\u00f3narhorni.<\/p><p>V\u00edsindalega s\u00e9\u00f0 er \u00f3samhverfan milli gu\u00f0fr\u00e6\u00f0ilegs mikilv\u00e6gis og \u00e1\u00fereifanlegrar tilbei\u00f0slu s\u00e9rstakt fyrirb\u00e6ri sem Mircea Eliade l\u00fdsti sem d\u00e6miger\u00f0u einkenni deus otiosus. R\u00e1hka er d\u00e6migert tilvik \u00feessarar st\u00f6\u00f0u \u00ed tr\u00faarbrag\u00f0as\u00f6gu heimskautasv\u00e6\u00f0anna.<\/p>\t\t\t\t\t\t\t\t<\/div>\n\t\t\t\t<\/div>\n\t\t\t\t\t<\/div>\n\t\t\t\t<\/div>\n\t\t<div class=\"elementor-element elementor-element-iwgw-raehka-s5 e-flex e-con-boxed e-con e-parent\" data-id=\"iwgw-raehka-s5\" data-element_type=\"container\" data-e-type=\"container\">\n\t\t\t\t\t<div class=\"e-con-inner\">\n\t\t\t\t<div class=\"elementor-element elementor-element-iwgw-raehka-s5h elementor-widget elementor-widget-heading\" data-id=\"iwgw-raehka-s5h\" data-element_type=\"widget\" data-e-type=\"widget\" data-widget_type=\"heading.default\">\n\t\t\t\t\t<h2 class=\"elementor-heading-title elementor-size-default\">R\u00e1hka og sonur hans Radien-Pardne<\/h2>\t\t\t\t<\/div>\n\t\t<div class=\"elementor-element elementor-element-iwgw-raehka-s5c e-con-full e-flex e-con e-child\" data-id=\"iwgw-raehka-s5c\" data-element_type=\"container\" data-e-type=\"container\">\n\t\t\t\t<div class=\"elementor-element elementor-element-iwgw-raehka-s5t elementor-widget elementor-widget-text-editor\" data-id=\"iwgw-raehka-s5t\" data-element_type=\"widget\" data-e-type=\"widget\" data-widget_type=\"text-editor.default\">\n\t\t\t\t\t\t\t\t\t<p>\u00cd sumum heimildum er R\u00e1hka tengdur n\u00e1i\u00f0 syni s\u00ednum Radien-Pardne, sem kemur fram sem framkv\u00e6mdaraflm\u00e1ttur f\u00f6\u00f0urins. \u00c1 me\u00f0an R\u00e1hka t\u00e1knar hi\u00f0 fjarl\u00e6ga skipulag, gr\u00edpur Radien-Pardne virkt inn \u00ed heimsvi\u00f0bur\u00f0ina.<\/p><p>\u00deessi fa\u00f0ir-sonur sta\u00f0a hefur \u00ed tr\u00fabo\u00f0sritum a\u00f0 hluta leitt til yfirf\u00e6rslu \u00e1 kristinni fa\u00f0ir-sonur <span class=\"iwg-fachbegriff\" data-tooltip=\"Hin v\u00edsindalega fr\u00e6\u00f0igrein um Gu\u00f0 og tr\u00fa innan tr\u00faarbrag\u00f0a.\" tabindex=\"0\">gu\u00f0fr\u00e6\u00f0i<\/span>. V\u00edsindalega ver\u00f0ur a\u00f0 fara varlega me\u00f0 \u00feessa umt\u00falkun, \u00fev\u00ed h\u00fan skyggir \u00e1 upprunalega sam\u00edska samhengi\u00f0 og afskr\u00e6mir upprunalega merkingu.<\/p><p>H\u00e5kan Rydving hefur \u00ed verkum s\u00ednum s\u00fdnt fram \u00e1 a\u00f0 fa\u00f0ir-sonur sta\u00f0an \u00ed fornsam\u00edskum tr\u00faarbr\u00f6g\u00f0um fyrir kristni haf\u00f0i s\u00edna eigin r\u00f6kfr\u00e6\u00f0i sem ekki er unnt a\u00f0 sk\u00fdra me\u00f0 kristnum \u00ferenningarhugt\u00f6kum. \u00deessi a\u00f0fer\u00f0afr\u00e6\u00f0ilega sk\u00fdring er lykilatri\u00f0i fyrir v\u00edsindalega umfj\u00f6llun.<\/p>\t\t\t\t\t\t\t\t<\/div>\n\t\t\t\t<\/div>\n\t\t\t\t\t<\/div>\n\t\t\t\t<\/div>\n\t\t<div class=\"elementor-element elementor-element-iwgw-raehka-s6 e-flex e-con-boxed e-con e-parent\" data-id=\"iwgw-raehka-s6\" data-element_type=\"container\" data-e-type=\"container\">\n\t\t\t\t\t<div class=\"e-con-inner\">\n\t\t\t\t<div class=\"elementor-element elementor-element-iwgw-raehka-s6h elementor-widget elementor-widget-heading\" data-id=\"iwgw-raehka-s6h\" data-element_type=\"widget\" data-e-type=\"widget\" data-widget_type=\"heading.default\">\n\t\t\t\t\t<h2 class=\"elementor-heading-title elementor-size-default\">Samanbur\u00f0ur vi\u00f0 a\u00f0ra h\u00e1gu\u00f0i<\/h2>\t\t\t\t<\/div>\n\t\t<div class=\"elementor-element elementor-element-iwgw-raehka-s6c e-con-full e-flex e-con e-child\" data-id=\"iwgw-raehka-s6c\" data-element_type=\"container\" data-e-type=\"container\">\n\t\t\t\t<div class=\"elementor-element elementor-element-iwgw-raehka-s6t elementor-widget elementor-widget-text-editor\" data-id=\"iwgw-raehka-s6t\" data-element_type=\"widget\" data-e-type=\"widget\" data-widget_type=\"text-editor.default\">\n\t\t\t\t\t\t\t\t\t<p>R\u00e1hka tilheyrir flokki fjarl\u00e6gra h\u00e1gu\u00f0a sem finnast \u00ed m\u00f6rgum frumbyggjatr\u00faarbr\u00f6g\u00f0um Evras\u00edu og Nor\u00f0ur-Amer\u00edku. \u00cd uppbyggingu m\u00e1 bera hann saman vi\u00f0 finnska gu\u00f0inn Ukko (\u00ed h\u00e1gu\u00f0s\u00fatg\u00e1fu hans), nenets-gu\u00f0inn Num, chukchi-gu\u00f0inn Tener e\u00f0a nor\u00f0ur-amer\u00edska Master of Life sem finnst \u00ed hef\u00f0um \u00fdmissa algonkin\u00fej\u00f3\u00f0a.<\/p><p>\u00deessi sta\u00f0a deus otiosus er s\u00e9rstakt formger\u00f0armynstur \u00fat fr\u00e1 tr\u00faarbrag\u00f0afr\u00e6\u00f0ilegu sj\u00f3narhorni, sem Mircea Eliade l\u00fdsti me\u00f0 kerfisbundnum h\u00e6tti \u00ed samanbur\u00f0arlegri <span class=\"iwg-fachbegriff\" data-tooltip=\"V\u00edsindin sem rannsaka tr\u00faarbr\u00f6g\u00f0 samanbur\u00f0arlega og \u00e1n tr\u00faarlegrar bindingar.\" tabindex=\"0\">tr\u00faarbrag\u00f0afr\u00e6\u00f0i<\/span>. Kenning Eliade er umdeild en hefur heurist\u00edskt gildi fyrir greiningu \u00e1 R\u00e1hka.<\/p><p>\u00d3l\u00edkt Mi\u00f0jar\u00f0arhafsh\u00e1g\u00f3\u00f0unum Seifi e\u00f0a J\u00fap\u00edter er R\u00e1hka ekki deilugjarn, ekki er\u00f3t\u00edskur, ekki gerandi \u00ed dramat\u00edskum go\u00f0s\u00f6gum. Hann er hin kyrra, st\u00f6\u00f0uga bakgrunnsvera sem tryggir skipulagi\u00f0 \u00e1n \u00feess a\u00f0 gr\u00edpa st\u00f6\u00f0ugt inn \u00ed. \u00deessi kyrra h\u00e1gu\u00f0leg tilvist er s\u00e9rstakt fyrirb\u00e6ri \u00fat fr\u00e1 tr\u00faarbrag\u00f0afr\u00e6\u00f0ilegu sj\u00f3narhorni.<\/p>\t\t\t\t\t\t\t\t<\/div>\n\t\t\t\t<\/div>\n\t\t\t\t\t<\/div>\n\t\t\t\t<\/div>\n\t\t<div class=\"elementor-element elementor-element-iwgw-raehka-s7 e-flex e-con-boxed e-con e-parent\" data-id=\"iwgw-raehka-s7\" data-element_type=\"container\" data-e-type=\"container\">\n\t\t\t\t\t<div class=\"e-con-inner\">\n\t\t\t\t<div class=\"elementor-element elementor-element-iwgw-raehka-s7h elementor-widget elementor-widget-heading\" data-id=\"iwgw-raehka-s7h\" data-element_type=\"widget\" data-e-type=\"widget\" data-widget_type=\"heading.default\">\n\t\t\t\t\t<h2 class=\"elementor-heading-title elementor-size-default\">Tr\u00fabo\u00f0 og b\u00e6ling<\/h2>\t\t\t\t<\/div>\n\t\t<div class=\"elementor-element elementor-element-iwgw-raehka-s7c e-con-full e-flex e-con e-child\" data-id=\"iwgw-raehka-s7c\" data-element_type=\"container\" data-e-type=\"container\">\n\t\t\t\t<div class=\"elementor-element elementor-element-iwgw-raehka-s7t elementor-widget elementor-widget-text-editor\" data-id=\"iwgw-raehka-s7t\" data-element_type=\"widget\" data-e-type=\"widget\" data-widget_type=\"text-editor.default\">\n\t\t\t\t\t\t\t\t\t<p>Kristnibo\u00f0i\u00f0 hefur a\u00f0 hluta samsama\u00f0 R\u00e1hka vi\u00f0 Gu\u00f0 f\u00f6\u00f0ur, sem greiddi fyrir umbreytingargu\u00f0fr\u00e6\u00f0i hinna kristnu Sama en \u00fatm\u00e1\u00f0i hina s\u00e9rst\u00f6ku sam\u00edsku merkingu. \u00deessi sams\u00f6mun er v\u00edsindalega ekki einfaldur <span class=\"iwg-fachbegriff\" data-tooltip=\"Samruni hugmynda e\u00f0a gu\u00f0a \u00far mismunandi tr\u00faarlegum hef\u00f0um.\" tabindex=\"0\">samruni tr\u00faarbrag\u00f0a<\/span>, heldur me\u00f0vita\u00f0 tr\u00fabo\u00f0sstrateg\u00edskt val.<\/p><p>\u00cd l\u00fatherskum pr\u00e9dikunum \u00e1 17. og 18. \u00f6ld var R\u00e1hka af og til l\u00fdst sem \u00f3fullkominni hei\u00f0inni fyrirbo\u00f0un hins sanna kristna f\u00f6\u00f0urgu\u00f0s. \u00deessi endurt\u00falkun var \u00e1hrifar\u00edk tr\u00fabo\u00f0sstefna sem lamdi ni\u00f0ur frumbyggjatr\u00fana \u00e1n \u00feess a\u00f0 \u00fatr\u00fdma henni algj\u00f6rlega.<\/p><p>V\u00edsindalega s\u00e9\u00f0 er \u00feessi tr\u00fabo\u00f0ssaga s\u00e9rstakt ranns\u00f3knarsvi\u00f0 sem hefur m\u00f3ta\u00f0 eftirlendufr\u00e6\u00f0ilega endursko\u00f0un sam\u00edskra tr\u00faarbrag\u00f0a \u00e1 s\u00ed\u00f0ustu \u00e1ratugum. Endurfundur R\u00e1hka sem sj\u00e1lfst\u00e6\u00f0s sam\u00edsks h\u00e1gu\u00f0s er hluti af \u00feessari endursko\u00f0un.<\/p>\t\t\t\t\t\t\t\t<\/div>\n\t\t\t\t<\/div>\n\t\t\t\t\t<\/div>\n\t\t\t\t<\/div>\n\t\t<div class=\"elementor-element elementor-element-iwgw-raehka-s8 e-flex e-con-boxed e-con e-parent\" data-id=\"iwgw-raehka-s8\" data-element_type=\"container\" data-e-type=\"container\">\n\t\t\t\t\t<div class=\"e-con-inner\">\n\t\t\t\t<div class=\"elementor-element elementor-element-iwgw-raehka-s8h elementor-widget elementor-widget-heading\" data-id=\"iwgw-raehka-s8h\" data-element_type=\"widget\" data-e-type=\"widget\" data-widget_type=\"heading.default\">\n\t\t\t\t\t<h2 class=\"elementor-heading-title elementor-size-default\">Ranns\u00f3knir og sta\u00f0a \u00ed dag<\/h2>\t\t\t\t<\/div>\n\t\t<div class=\"elementor-element elementor-element-iwgw-raehka-s8c e-con-full e-flex e-con e-child\" data-id=\"iwgw-raehka-s8c\" data-element_type=\"container\" data-e-type=\"container\">\n\t\t\t\t<div class=\"elementor-element elementor-element-iwgw-raehka-s8t elementor-widget elementor-widget-text-editor\" data-id=\"iwgw-raehka-s8t\" data-element_type=\"widget\" data-e-type=\"widget\" data-widget_type=\"text-editor.default\">\n\t\t\t\t\t\t\t\t\t<p>Ranns\u00f3knir \u00e1 R\u00e1hka eru \u00ed dag umfangsmiklar. H\u00e5kan Rydving, Juha Pentik\u00e4inen, Anna Lia Berthelsen og Konsta Kaikkonen hafa rannsaka\u00f0 h\u00e1gu\u00f0inn me\u00f0 kerfisbundnum h\u00e6tti og sk\u00fdrt hina s\u00e9rst\u00f6ku sam\u00edsku <span class=\"iwg-fachbegriff\" data-tooltip=\"Hin v\u00edsindalega fr\u00e6\u00f0igrein um Gu\u00f0 og tr\u00fa innan tr\u00faarbrag\u00f0a.\" tabindex=\"0\">gu\u00f0fr\u00e6\u00f0i<\/span> hans.<\/p><p>\u00cd samt\u00edma sam\u00edskri menningu er R\u00e1hka minna s\u00fdnilegur en Beaivi e\u00f0a Akkurnar, en kemur fyrir \u00ed sam\u00edskum b\u00f3kmenntum og myndlist. Joik-textar taka hann af og til upp \u00e1n \u00feess a\u00f0 hann s\u00e9 \u00ed brennidepli.<\/p><p>V\u00edsindaleg \u00farvinnsla \u00e1 R\u00e1hka er \u00ed fullum gangi. \u00c1\u00fereifanlegar ranns\u00f3knar\u00fearfir felast \u00ed n\u00e1kv\u00e6mri sv\u00e6\u00f0isbundinni greiningu og \u00ed sambandi hans vi\u00f0 a\u00f0rar sam\u00edskar karlkyns gu\u00f0ir eins og Horagalles e\u00f0a Tiermes. \u00deessar ey\u00f0ur \u00e6tti a\u00f0 taka fyrir \u00ed frekari ranns\u00f3knum.<\/p>\t\t\t\t\t\t\t\t<\/div>\n\t\t\t\t<\/div>\n\t\t\t\t\t<\/div>\n\t\t\t\t<\/div>\n\t\t<div class=\"elementor-element elementor-element-iwgw-raehka-s9 e-flex e-con-boxed e-con e-parent\" data-id=\"iwgw-raehka-s9\" data-element_type=\"container\" data-e-type=\"container\">\n\t\t\t\t\t<div class=\"e-con-inner\">\n\t\t\t\t<div class=\"elementor-element elementor-element-iwgw-raehka-s9h elementor-widget elementor-widget-heading\" data-id=\"iwgw-raehka-s9h\" data-element_type=\"widget\" data-e-type=\"widget\" data-widget_type=\"heading.default\">\n\t\t\t\t\t<h2 class=\"elementor-heading-title elementor-size-default\">Krossv\u00edsanir \u00ed or\u00f0asafninu<\/h2>\t\t\t\t<\/div>\n\t\t<div class=\"elementor-element elementor-element-iwgw-raehka-s9c e-con-full e-flex e-con e-child\" data-id=\"iwgw-raehka-s9c\" data-element_type=\"container\" data-e-type=\"container\">\n\t\t\t\t<div class=\"elementor-element elementor-element-iwgw-raehka-s9t elementor-widget elementor-widget-text-editor\" data-id=\"iwgw-raehka-s9t\" data-element_type=\"widget\" data-e-type=\"widget\" data-widget_type=\"text-editor.default\">\n\t\t\t\t\t\t\t\t\t<p>R\u00e1hka tengist <a href=\"https:\/\/iwell-guard.com\/is\/?page_id=169009\">Beaivi<\/a>, <a href=\"https:\/\/iwell-guard.com\/is\/?page_id=169010\">M\u00e1nnu<\/a>, <a href=\"https:\/\/iwell-guard.com\/is\/?page_id=169012\">Stallo<\/a>, <a href=\"https:\/\/iwell-guard.com\/is\/?page_id=169013\">Sara-Akka<\/a>, <a href=\"https:\/\/iwell-guard.com\/is\/?page_id=169014\">Uksakka<\/a>, <a href=\"https:\/\/iwell-guard.com\/is\/?page_id=169015\">Juksakka<\/a>, <a href=\"https:\/\/iwell-guard.com\/is\/?page_id=169016\">Madderakka<\/a>, <a href=\"https:\/\/iwell-guard.com\/is\/?page_id=169017\">Jabmiidaibmu<\/a> og <a href=\"https:\/\/iwell-guard.com\/is\/?page_id=169018\">Saivo<\/a>. Menningarmi\u00f0st\u00f6\u00f0in <a href=\"https:\/\/iwell-guard.com\/is\/sami-finnsk-ugrisk-hefd-noaidi-tromma\/\">Sama-hef\u00f0<\/a> myndar ramma tr\u00faarbrag\u00f0as\u00f6gunnar. Formger\u00f0arlega \u00e1\u00feekkir fjarl\u00e6gir h\u00e1gu\u00f0ir finnast \u00ed m\u00f6rgum frumbyggjatr\u00faarbr\u00f6g\u00f0um Evras\u00edu og Nor\u00f0ur-Amer\u00edku og eru \u00ed tr\u00faarbrag\u00f0afyrirb\u00e6rafr\u00e6\u00f0i l\u00fdst sem deus otiosus.<\/p>\t\t\t\t\t\t\t\t<\/div>\n\t\t\t\t<\/div>\n\t\t\t\t\t<\/div>\n\t\t\t\t<\/div>\n\t\t<div class=\"elementor-element elementor-element-cp27454cbb e-flex e-con-boxed e-con e-parent\" data-id=\"cp27454cbb\" data-element_type=\"container\" data-e-type=\"container\">\n\t\t\t\t\t<div class=\"e-con-inner\">\n\t\t\t\t<div class=\"elementor-element elementor-element-cp2de9464a elementor-widget elementor-widget-heading\" data-id=\"cp2de9464a\" data-element_type=\"widget\" data-e-type=\"widget\" data-widget_type=\"heading.default\">\n\t\t\t\t\t<h2 class=\"elementor-heading-title elementor-size-default\">Heimildarsta\u00f0a og vandinn vi\u00f0 skr\u00e1ningu<\/h2>\t\t\t\t<\/div>\n\t\t<div class=\"elementor-element elementor-element-cp2d7058cc e-flex e-con-boxed e-con e-child\" data-id=\"cp2d7058cc\" data-element_type=\"container\" data-e-type=\"container\">\n\t\t\t\t\t<div class=\"e-con-inner\">\n\t\t\t\t<div class=\"elementor-element elementor-element-cp22ea370e elementor-widget elementor-widget-text-editor\" data-id=\"cp22ea370e\" data-element_type=\"widget\" data-e-type=\"widget\" data-widget_type=\"text-editor.default\">\n\t\t\t\t\t\t\t\t\t<p>Um sam\u00edskar tr\u00faarlegar hugmyndir er a\u00f0eins vita\u00f0 \u00e1 brotakenndan h\u00e1tt og fyrir tilstilli mj\u00f6g brotinnar <span class=\"iwg-fachbegriff\" data-tooltip=\"\u00dea\u00f0 hvernig \u00feekking og s\u00f6gur berast \u00e1fram milli kynsl\u00f3\u00f0a.\" tabindex=\"0\">munnm\u00e6lahef\u00f0ar<\/span>. Sam\u00edsk tungum\u00e1l voru ekki skrifu\u00f0 fyrr en \u00e1 n\u00fd\u00f6ld, og tr\u00faarhef\u00f0in var munnleg.<\/p><p>\u00dea\u00f0 sem \u00ed dag er a\u00f0gengilegt um einstakar verur \u00e1 bor\u00f0 vi\u00f0 Raehka kemur a\u00f0 mestu \u00far skr\u00e1ningum tr\u00fabo\u00f0a, presta og fer\u00f0amanna fr\u00e1 17. og 18. \u00f6ld, sem ur\u00f0u til \u00ed tengslum vi\u00f0 oft harkalega kristnit\u00f6ku Nor\u00f0ur-Skandinav\u00edu.<\/p><p>Meginheimildir af \u00feessu tagi eru fr\u00e1sagnir norskra og s\u00e6nskra tr\u00fabo\u00f0a \u00e1 bor\u00f0 vi\u00f0 Thomas von Westen og samstarfsmenn hans, auk skr\u00e1ninga sem var\u00f0veist hafa \u00ed handritum eins og hinu svokalla\u00f0a N\u00e6r\u00f8y-handriti.<\/p><p>\u00deessir textar h\u00f6f\u00f0u \u00fea\u00f0 yfirl\u00fdsta markmi\u00f0 a\u00f0 l\u00fdsa sam\u00edskri tr\u00fa til \u00feess a\u00f0 berjast gegn henni. Hugt\u00f6k \u00feeirra eru \u00fev\u00ed litu\u00f0: gu\u00f0ir eru \u00fdmist ger\u00f0ir a\u00f0 dj\u00f6flum e\u00f0a yfirf\u00e6r\u00f0ir \u00e1 kristnar kateg\u00f3r\u00edur, og sv\u00e6\u00f0isbundinn munur milli hinna \u00fdmsu sam\u00edsku h\u00f3pa er sl\u00e9tta\u00f0ur yfir.<\/p><p>A\u00f0 auki kemur fram sama e\u00f0a \u00e1\u00feekk vera undir \u00fdmsum n\u00f6fnum \u00ed mismunandi h\u00e9ru\u00f0um, og rith\u00e1ttur er mj\u00f6g \u00e1 reiki, \u00fev\u00ed skr\u00e1setjararnir n\u00e1\u00f0u hlj\u00f3\u00f0um sam\u00edsku tungum\u00e1lanna a\u00f0eins me\u00f0 n\u00e1lgun. \u00dev\u00ed er ekki unnt a\u00f0 setja fram \u00f3tv\u00edr\u00e6\u00f0a, sv\u00e6\u00f0isbundna sta\u00f0h\u00e6fingu um Raehka sem gildi fyrir \u00f6ll sv\u00e6\u00f0i.<\/p><p>Tr\u00faarbrag\u00f0afr\u00e6\u00f0ingar \u00e1 bor\u00f0 vi\u00f0 H\u00e5kan Rydving hafa bent \u00e1 a\u00f0 hugmyndin um loka\u00f0 sam\u00edskt go\u00f0aveldi geti \u00ed sj\u00e1lfu s\u00e9r veri\u00f0 sm\u00ed\u00f0 heimildanna. \u00d6ll umfj\u00f6llun um Raehka ver\u00f0ur a\u00f0 nefna \u00feessa tv\u00f6f\u00f6ldu \u00f3vissu: ey\u00f0ur \u00ed heimildunum og \u00fea\u00f0 a\u00f0 \u00fe\u00e6r ur\u00f0u til \u00ed samhengi k\u00fagunar.<\/p>\t\t\t\t\t\t\t\t<\/div>\n\t\t\t\t\t<\/div>\n\t\t\t\t<\/div>\n\t\t\t\t\t<\/div>\n\t\t\t\t<\/div>\n\t\t<div class=\"elementor-element elementor-element-cp20882ba7 e-flex e-con-boxed e-con e-parent\" data-id=\"cp20882ba7\" data-element_type=\"container\" data-e-type=\"container\">\n\t\t\t\t\t<div class=\"e-con-inner\">\n\t\t\t\t<div class=\"elementor-element elementor-element-cp2af949a8 elementor-widget elementor-widget-heading\" data-id=\"cp2af949a8\" data-element_type=\"widget\" data-e-type=\"widget\" data-widget_type=\"heading.default\">\n\t\t\t\t\t<h2 class=\"elementor-heading-title elementor-size-default\">Trumbumyndir og t\u00falkun myndt\u00e1knanna<\/h2>\t\t\t\t<\/div>\n\t\t<div class=\"elementor-element elementor-element-cp2bdb8657 e-flex e-con-boxed e-con e-child\" data-id=\"cp2bdb8657\" data-element_type=\"container\" data-e-type=\"container\">\n\t\t\t\t\t<div class=\"e-con-inner\">\n\t\t\t\t<div class=\"elementor-element elementor-element-cp25437e13 elementor-widget elementor-widget-text-editor\" data-id=\"cp25437e13\" data-element_type=\"widget\" data-e-type=\"widget\" data-widget_type=\"text-editor.default\">\n\t\t\t\t\t\t\t\t\t<p>S\u00e9rst\u00f6k tegund heimilda um sam\u00edskar tr\u00faarlegar hugmyndir eru galdratrumbur, \u00e1 sam\u00edsku, eftir tungum\u00e1li, <em>goavddis<\/em> e\u00f0a <em>meavrresg\u00e1rri<\/em>. \u00c1 skinni \u00feeirra voru m\u00e1la\u00f0ar me\u00f0 okurlit myndir sem s\u00fdndu heimsfr\u00e6\u00f0ileg sv\u00e6\u00f0i, gu\u00f0i, d\u00fdr og landslags\u00fe\u00e6tti. Vi\u00f0 helgisi\u00f0anotkun var v\u00edsi l\u00e1tinn ganga yfir \u00feessi sv\u00e6\u00f0i og hreyfing hans t\u00falku\u00f0.<\/p><p>Nokkrir tugir sl\u00edkra trumba hafa var\u00f0veist, margar \u00feeirra ger\u00f0ar uppt\u00e6kar af yfirv\u00f6ldum og tr\u00fabo\u00f0um \u00e1 17. og 18. \u00f6ld og flutt \u00ed evr\u00f3psk s\u00f6fn. Ernst Manker skr\u00e1\u00f0i \u00fe\u00e6r \u00e1 t\u00edmabilinu 1930 til 1950 og reyndi a\u00f0 setja myndt\u00e1knin \u00ed kerfi.<\/p><p>\u00dear kom \u00ed lj\u00f3s grundvallarvandi: t\u00falkanir einstakra mynda koma n\u00e6r alltaf fr\u00e1 utana\u00f0komandi skr\u00e1setjurum, ekki fr\u00e1 eigendum trumbnanna sj\u00e1lfum, og \u00fe\u00e6r stangast oft \u00e1.<\/p><p>\u00dev\u00ed er \u00ed reynd ekki unnt a\u00f0 skera \u00far um \u00fea\u00f0 me\u00f0 vissu hvort \u00e1kve\u00f0in mynd \u00e1 trumbu megi bera kennsl \u00e1 sem Raehka. Samt\u00edma\u00e1letranir tengja sama myndger\u00f0 \u00e1 mismunandi trumbum vi\u00f0 mismunandi verur, og sv\u00e6\u00f0isbundnar m\u00e1lningarhef\u00f0ir eru talsvert \u00f3l\u00edkar.<\/p><p>Trumburnar s\u00fdna a\u00f0 sam\u00edsk tr\u00fa \u00e1tti r\u00edkt myndkerfi, en \u00fe\u00e6r veita ekki bein a\u00f0gengi a\u00f0 einni einstakri veru.<\/p><p>Fyrir Raehka \u00fe\u00fd\u00f0ir \u00feetta a\u00f0 nefna m\u00e1 trumbuhef\u00f0ina sem hugsanlegan bakgrunn, \u00e1n \u00feess a\u00f0 tiltekin myndheimild ver\u00f0i \u00f6rugglega tengd henni. Sam\u00edsk fr\u00e6\u00f0i \u00ed dag vinnur \u00ed auknum m\u00e6li me\u00f0 afkomendum hef\u00f0bundinna samf\u00e9laga, \u00ed sta\u00f0 \u00feess a\u00f0 a\u00f0eins halda \u00e1fram g\u00f6mlu skr\u00e1num.<\/p>\t\t\t\t\t\t\t\t<\/div>\n\t\t\t\t\t<\/div>\n\t\t\t\t<\/div>\n\t\t\t\t\t<\/div>\n\t\t\t\t<\/div>\n\t\t<div class=\"elementor-element elementor-element-iwgw-raehka-lit e-flex e-con-boxed e-con e-parent\" data-id=\"iwgw-raehka-lit\" data-element_type=\"container\" data-e-type=\"container\">\n\t\t\t\t\t<div class=\"e-con-inner\">\n\t\t\t\t<div class=\"elementor-element elementor-element-iwgw-raehka-lith elementor-widget elementor-widget-heading\" data-id=\"iwgw-raehka-lith\" data-element_type=\"widget\" data-e-type=\"widget\" data-widget_type=\"heading.default\">\n\t\t\t\t\t<h2 class=\"elementor-heading-title elementor-size-default\">Heimildir (\u00farval)<\/h2>\t\t\t\t<\/div>\n\t\t<div class=\"elementor-element elementor-element-iwgw-raehka-litc e-con-full e-flex e-con e-child\" data-id=\"iwgw-raehka-litc\" data-element_type=\"container\" data-e-type=\"container\">\n\t\t\t\t<div class=\"elementor-element elementor-element-iwgw-raehka-litt elementor-widget elementor-widget-text-editor\" data-id=\"iwgw-raehka-litt\" data-element_type=\"widget\" data-e-type=\"widget\" data-widget_type=\"text-editor.default\">\n\t\t\t\t\t\t\t\t\t<ul><li>H\u00e5kan Rydving: <em>The End of Drum-Time<\/em> (Uppsala 1993)<\/li><li>Juha Pentik\u00e4inen: <em>Saamelaiset. Pohjoisen kansan mytologia<\/em> (Helsinki 1995)<\/li><li>Ernst Manker: <em>Die Lappische Zaubertrommel<\/em> (Stockholm 1938-1950)<\/li><li>Johannes Schefferus: <em>Lapponia<\/em> (Frankfurt 1673)<\/li><li>Konsta Kaikkonen: <em>Sami Pre-Christian Religion<\/em> (Helsinki 2020)<\/li><li>Mircea Eliade: <em><span class=\"iwg-fachbegriff\" data-tooltip=\"Tr\u00faarlegt kerfi \u00fear sem s\u00e9rfr\u00e6\u00f0ingar hafa samskipti vi\u00f0 andaheiminn.\" tabindex=\"0\">Sjamanismi<\/span> og fornar lei\u00f0ir til lei\u00f0slu\u00e1stands<\/em> (Stuttgart 1957)<\/li><\/ul>\t\t\t\t\t\t\t\t<\/div>\n\t\t\t\t<\/div>\n\t\t\t\t\t<\/div>\n\t\t\t\t<\/div>\n\t\t<div class=\"elementor-element elementor-element-iwgw-raehka-kwd e-flex e-con-boxed e-con e-parent\" data-id=\"iwgw-raehka-kwd\" data-element_type=\"container\" data-e-type=\"container\">\n\t\t\t\t\t<div class=\"e-con-inner\">\n\t\t<div class=\"elementor-element elementor-element-iwgw-raehka-kwdc e-con-full e-flex e-con e-child\" data-id=\"iwgw-raehka-kwdc\" data-element_type=\"container\" data-e-type=\"container\">\n\t\t\t\t<div class=\"elementor-element elementor-element-iwgw-raehka-kwdt elementor-widget elementor-widget-text-editor\" data-id=\"iwgw-raehka-kwdt\" data-element_type=\"widget\" data-e-type=\"widget\" data-widget_type=\"text-editor.default\">\n\t\t\t\t\t\t\t\t\t<p><em>Tengd lykilhugt\u00f6k: R\u00e1hka Radien-\u00c1h\u010d\u010di Radien-Attje Veralden-Olmm\u00e1i Sami f\u00f6\u00f0urgu\u00f0 skapari Deus otiosus.<\/em><\/p>\t\t\t\t\t\t\t\t<\/div>\n\t\t\t\t<\/div>\n\t\t\t\t\t<\/div>\n\t\t\t\t<\/div>\n\t\t<div class=\"elementor-element elementor-element-iwgw-raehka-cc e-flex e-con-boxed e-con e-parent\" data-id=\"iwgw-raehka-cc\" data-element_type=\"container\" data-e-type=\"container\" id=\"iwg-cc-raehka\">\n\t\t\t\t\t<div class=\"e-con-inner\">\n\t\t<div class=\"elementor-element elementor-element-iwgw-raehka-ccinner e-flex e-con-boxed e-con e-parent\" data-id=\"iwgw-raehka-ccinner\" data-element_type=\"container\" data-e-type=\"container\" data-settings=\"{&quot;background_background&quot;:&quot;classic&quot;}\">\n\t\t\t\t\t<div class=\"e-con-inner\">\n\t\t\t\t<div class=\"elementor-element elementor-element-iwgw-raehka-cch elementor-widget elementor-widget-heading\" data-id=\"iwgw-raehka-cch\" data-element_type=\"widget\" data-e-type=\"widget\" data-widget_type=\"heading.default\">\n\t\t\t\t\t<h2 class=\"elementor-heading-title elementor-size-default\">iWell Guard og verndarhef\u00f0ir<\/h2>\t\t\t\t<\/div>\n\t\t\t\t<div class=\"elementor-element elementor-element-iwgw-raehka-cct elementor-widget elementor-widget-text-editor\" data-id=\"iwgw-raehka-cct\" data-element_type=\"widget\" data-e-type=\"widget\" data-widget_type=\"text-editor.default\">\n\t\t\t\t\t\t\t\t\t<div data-nosnippet=\"true\"><p>iWell Guard byggir \u00e1 menningars\u00f6gulegri hef\u00f0 fars\u00edma verndargripa sem borna eru \u00e1 l\u00edkamanum, \u00ed hef\u00f0 <a href=\"https:\/\/iwell-guard.com\/is\/sami-finnsk-ugrisk-hefd-noaidi-tromma\/\">Sama<\/a> og margra annarra menningarheima um allan heim. 41 l\u00f6g, alv\u00f6ru gull, plat\u00edna, silfur, framleitt \u00ed \u00de\u00fdskalandi. 30 daga skilar\u00e9ttur.<\/p><\/div>\t\t\t\t\t\t\t\t<\/div>\n\t\t\t\t<div class=\"elementor-element elementor-element-iwgw-raehka-ccb iwg-cc-button iwg-cc-cta-2026-05-13 elementor-widget elementor-widget-jet-button\" data-id=\"iwgw-raehka-ccb\" data-element_type=\"widget\" data-e-type=\"widget\" data-widget_type=\"jet-button.default\">\n\t\t\t\t<div class=\"elementor-widget-container\">\n\t\t\t\t\t<div class=\"elementor-jet-button jet-elements\"><div class=\"jet-button__container\"><a class=\"jet-button__instance jet-button__instance--icon-left hover-effect-1\" href=\"\/ueber-iwell-guard\/?utm_source=iwell-guard.com&amp;utm_medium=info-box&amp;utm_campaign=wesen-tradition\"><div class=\"jet-button__plane jet-button__plane-normal\"><\/div><div class=\"jet-button__plane jet-button__plane-hover\"><\/div><div class=\"jet-button__state jet-button__state-normal\"><span class=\"jet-button__label\">Meira um iWell Guard<\/span><\/div><div class=\"jet-button__state jet-button__state-hover\"><span class=\"jet-button__label\">Meira um iWell Guard<\/span><\/div><\/a><\/div><\/div><style>.elementor-element.elementor-element-iwgw-raehka-ccb .jet-button__instance{width:320px;height:56px;}.elementor-element.elementor-element-iwgw-raehka-ccb .jet-button__state-normal .jet-button__label{text-align:center;margin:0px 0px 0px 0px;color:#1a1b20;font-family:Montserrat,sans-serif;font-size:13px;font-weight:400;letter-spacing:4px;line-height:1.714em;text-transform:uppercase;}.elementor-element.elementor-element-iwgw-raehka-ccb .jet-button__state-hover .jet-button__label{text-align:center;margin:0px 0px 0px 0px;color:#FECC76;font-family:Montserrat,sans-serif;font-size:13px;font-weight:400;letter-spacing:4px;line-height:1.714em;text-transform:uppercase;}.elementor-element.elementor-element-iwgw-raehka-ccb .jet-button__plane-normal{background-color:#FECC76;border-style:solid;border-color:#C99540;border-width:2px 2px 2px 2px;}.elementor-element.elementor-element-iwgw-raehka-ccb .jet-button__plane-hover{background-color:rgba(0,0,0,0.55);border-style:solid;border-color:#FECC76;border-width:2px 2px 2px 2px;}<\/style>\t\t\t\t<\/div>\n\t\t\t\t<\/div>\n\t\t\t\t<div class=\"elementor-element elementor-element-iwgw-raehka-ccd elementor-widget elementor-widget-text-editor\" data-id=\"iwgw-raehka-ccd\" data-element_type=\"widget\" data-e-type=\"widget\" data-widget_type=\"text-editor.default\">\n\t\t\t\t\t\t\t\t\t<div data-nosnippet=\"true\"><p style=\"text-align:center;font-size:13px;opacity:0.7;margin-top:14px\" data-nosnippet=\"true\">Pers\u00f3nuleg reynsla getur veri\u00f0 mismunandi. Ekki l\u00e6kningat\u00e6ki. Engin lofor\u00f0 um l\u00e6kningu.<\/p><\/div>\t\t\t\t\t\t\t\t<\/div>\n\t\t\t\t\t<\/div>\n\t\t\t\t<\/div>\n\t\t\t\t\t<\/div>\n\t\t\t\t<\/div>\n\t\t<div class=\"elementor-element elementor-element-iwgw-raehka-disc e-flex e-con-boxed e-con e-parent\" data-id=\"iwgw-raehka-disc\" data-element_type=\"container\" data-e-type=\"container\">\n\t\t\t\t\t<div class=\"e-con-inner\">\n\t\t\t\t<div class=\"elementor-element elementor-element-iwgw-raehka-discw elementor-widget elementor-widget-html\" data-id=\"iwgw-raehka-discw\" data-element_type=\"widget\" data-e-type=\"widget\" data-widget_type=\"html.default\">\n\t\t\t\t\t<footer data-nosnippet=\"true\" class=\"iwg-disclaimer-block\"><p data-nosnippet=\"true\">iWell Guard er <strong>ekki l\u00e6kningat\u00e6ki<\/strong> og kemur ekki \u00ed sta\u00f0inn fyrir l\u00e6knis- e\u00f0a s\u00e1lfr\u00e6\u00f0ime\u00f0fer\u00f0. Tr\u00faarfr\u00e6\u00f0ilegt efni er menningars\u00f6gulegt samhengi, ekki r\u00e1\u00f0legging um andlega i\u00f0kun.<\/p><\/footer>\t\t\t\t<\/div>\n\t\t\t\t\t<\/div>\n\t\t\t\t<\/div>\n\t\t\t\t<\/div>\n\t\t","protected":false},"excerpt":{"rendered":"","protected":false},"author":3,"featured_media":2894,"parent":0,"menu_order":0,"comment_status":"closed","ping_status":"closed","template":"elementor_header_footer","meta":{"_yoast_wpseo_focuskw":"R\u00e1hka fa\u00f0irgu\u00f0 Sama","_yoast_wpseo_title":"R\u00e1hka - fa\u00f0irgu\u00f0 og skapari Sama","_yoast_wpseo_metadesc":"R\u00e1hka, Radien-\u00c1h\u010d\u010di, er fa\u00f0irgu\u00f0 og skapari samverskrar tr\u00faar. Tr\u00faarfr\u00e6\u00f0ileg \u00fattekt \u00e1 go\u00f0s\u00f6gn, d\u00fdrkun og heimildum.","_yoast_wpseo_meta-robots-noindex":"","_yoast_wpseo_canonical":"","_angie_page":false,"gefaehrdungsstufe":"","wesen_kultur":"","wesen_klasse":"","footnotes":""},"categories":[],"class_list":["post-169011","page","type-page","status-publish","has-post-thumbnail","hentry"],"yoast_head":"<!-- This site is optimized with the Yoast SEO Premium plugin v27.7 (Yoast SEO v28.3) - https:\/\/yoast.com\/product\/yoast-seo-premium-wordpress\/ -->\n<title>R\u00e1hka - fa\u00f0irgu\u00f0 og skapari Sama<\/title>\n<meta name=\"description\" content=\"R\u00e1hka, Radien-\u00c1h\u010d\u010di, er fa\u00f0irgu\u00f0 og skapari samverskrar tr\u00faar. Tr\u00faarfr\u00e6\u00f0ileg \u00fattekt \u00e1 go\u00f0s\u00f6gn, d\u00fdrkun og heimildum.\" \/>\n<meta name=\"robots\" content=\"index, follow, max-snippet:-1, max-image-preview:large, max-video-preview:-1\" \/>\n<link rel=\"canonical\" href=\"https:\/\/iwell-guard.com\/is\/rahka-faethirgud-samverskrar-truar\/\" \/>\n<meta property=\"og:locale\" content=\"is_IS\" \/>\n<meta property=\"og:type\" content=\"article\" \/>\n<meta property=\"og:title\" content=\"R\u00e1hka - fa\u00f0irgu\u00f0 samverskrar tr\u00faar\" \/>\n<meta property=\"og:description\" content=\"R\u00e1hka, Radien-\u00c1h\u010d\u010di, er fa\u00f0irgu\u00f0 og skapari samverskrar tr\u00faar. Tr\u00faarfr\u00e6\u00f0ileg \u00fattekt \u00e1 go\u00f0s\u00f6gn, d\u00fdrkun og heimildum.\" \/>\n<meta property=\"og:url\" content=\"https:\/\/iwell-guard.com\/is\/rahka-faethirgud-samverskrar-truar\/\" \/>\n<meta property=\"og:site_name\" content=\"iWell Guard\" \/>\n<meta property=\"article:modified_time\" content=\"2026-09-05T14:29:48+00:00\" \/>\n<meta property=\"og:image\" content=\"https:\/\/iwell-guard.com\/wp-content\/uploads\/2026\/05\/goetter_sami_raehka.webp\" \/>\n\t<meta property=\"og:image:width\" content=\"1024\" \/>\n\t<meta property=\"og:image:height\" content=\"1536\" \/>\n\t<meta property=\"og:image:type\" content=\"image\/webp\" \/>\n<meta name=\"twitter:card\" content=\"summary_large_image\" \/>\n<script type=\"application\/ld+json\" class=\"yoast-schema-graph\">{\"@context\":\"https:\\\/\\\/schema.org\",\"@graph\":[{\"@type\":\"WebPage\",\"@id\":\"https:\\\/\\\/iwell-guard.com\\\/is\\\/rahka-faethirgud-samverskrar-truar\\\/\",\"url\":\"https:\\\/\\\/iwell-guard.com\\\/is\\\/rahka-faethirgud-samverskrar-truar\\\/\",\"name\":\"R\u00e1hka - fa\u00f0irgu\u00f0 og skapari Sama\",\"isPartOf\":{\"@id\":\"https:\\\/\\\/iwell-guard.com\\\/is\\\/#website\"},\"primaryImageOfPage\":{\"@id\":\"https:\\\/\\\/iwell-guard.com\\\/is\\\/rahka-faethirgud-samverskrar-truar\\\/#primaryimage\"},\"image\":{\"@id\":\"https:\\\/\\\/iwell-guard.com\\\/is\\\/rahka-faethirgud-samverskrar-truar\\\/#primaryimage\"},\"thumbnailUrl\":\"https:\\\/\\\/iwell-guard.com\\\/wp-content\\\/uploads\\\/2026\\\/05\\\/goetter_sami_raehka.webp\",\"datePublished\":\"2026-09-05T14:04:48+00:00\",\"dateModified\":\"2026-09-05T14:29:48+00:00\",\"description\":\"R\u00e1hka, Radien-\u00c1h\u010d\u010di, er fa\u00f0irgu\u00f0 og skapari samverskrar tr\u00faar. Tr\u00faarfr\u00e6\u00f0ileg \u00fattekt \u00e1 go\u00f0s\u00f6gn, d\u00fdrkun og heimildum.\",\"breadcrumb\":{\"@id\":\"https:\\\/\\\/iwell-guard.com\\\/is\\\/rahka-faethirgud-samverskrar-truar\\\/#breadcrumb\"},\"inLanguage\":\"is\",\"potentialAction\":[{\"@type\":\"ReadAction\",\"target\":[\"https:\\\/\\\/iwell-guard.com\\\/is\\\/rahka-faethirgud-samverskrar-truar\\\/\"]}]},{\"@type\":\"ImageObject\",\"inLanguage\":\"is\",\"@id\":\"https:\\\/\\\/iwell-guard.com\\\/is\\\/rahka-faethirgud-samverskrar-truar\\\/#primaryimage\",\"url\":\"https:\\\/\\\/iwell-guard.com\\\/wp-content\\\/uploads\\\/2026\\\/05\\\/goetter_sami_raehka.webp\",\"contentUrl\":\"https:\\\/\\\/iwell-guard.com\\\/wp-content\\\/uploads\\\/2026\\\/05\\\/goetter_sami_raehka.webp\",\"width\":1024,\"height\":1536,\"caption\":\"Gu\u00f0ir \u00far hef\u00f0 Sama.\"},{\"@type\":\"BreadcrumbList\",\"@id\":\"https:\\\/\\\/iwell-guard.com\\\/is\\\/rahka-faethirgud-samverskrar-truar\\\/#breadcrumb\",\"itemListElement\":[{\"@type\":\"ListItem\",\"position\":1,\"name\":\"Start\",\"item\":\"https:\\\/\\\/iwell-guard.com\\\/is\\\/?page_id=168580\"},{\"@type\":\"ListItem\",\"position\":2,\"name\":\"R\u00e1hka &#8211; fa\u00f0irgu\u00f0 samverskrar tr\u00faar\"}]},{\"@type\":\"WebSite\",\"@id\":\"https:\\\/\\\/iwell-guard.com\\\/is\\\/#website\",\"url\":\"https:\\\/\\\/iwell-guard.com\\\/is\\\/\",\"name\":\"iWell Guard\",\"description\":\"Schutz vor dunklen Einfl\u00fcssen\",\"publisher\":{\"@id\":\"https:\\\/\\\/iwell-guard.com\\\/is\\\/#organization\"},\"potentialAction\":[{\"@type\":\"SearchAction\",\"target\":{\"@type\":\"EntryPoint\",\"urlTemplate\":\"https:\\\/\\\/iwell-guard.com\\\/is\\\/?s={search_term_string}\"},\"query-input\":{\"@type\":\"PropertyValueSpecification\",\"valueRequired\":true,\"valueName\":\"search_term_string\"}}],\"inLanguage\":\"is\"},{\"@type\":\"Organization\",\"@id\":\"https:\\\/\\\/iwell-guard.com\\\/is\\\/#organization\",\"name\":\"Ittermann electronic GmbH\",\"url\":\"https:\\\/\\\/iwell-guard.com\\\/is\\\/\",\"logo\":{\"@type\":\"ImageObject\",\"inLanguage\":\"is\",\"@id\":\"https:\\\/\\\/iwell-guard.com\\\/is\\\/#\\\/schema\\\/logo\\\/image\\\/\",\"url\":\"https:\\\/\\\/iwell-guard.com\\\/wp-content\\\/uploads\\\/2026\\\/05\\\/Ittermann-Logo-1182x237-1.png\",\"contentUrl\":\"https:\\\/\\\/iwell-guard.com\\\/wp-content\\\/uploads\\\/2026\\\/05\\\/Ittermann-Logo-1182x237-1.png\",\"width\":1182,\"height\":237,\"caption\":\"Ittermann electronic GmbH\"},\"image\":{\"@id\":\"https:\\\/\\\/iwell-guard.com\\\/is\\\/#\\\/schema\\\/logo\\\/image\\\/\"},\"sameAs\":[\"https:\\\/\\\/pantip.com\\\/profile\\\/9367242\",\"https:\\\/\\\/micro.blog\\\/iwellguard\",\"https:\\\/\\\/www.diggerslist.com\\\/iwellguard\\\/about\",\"https:\\\/\\\/skitterphoto.com\\\/photographers\\\/2870314\\\/iwell-guard\",\"https:\\\/\\\/iwellguard.wordpress.com\\\/2026\\\/06\\\/06\\\/iwell-guard\\\/\",\"https:\\\/\\\/hub.docker.com\\\/u\\\/iwellguard\",\"https:\\\/\\\/www.pinterest.com\\\/iwellguard\\\/\",\"https:\\\/\\\/bit.ly\\\/m\\\/iwellguard\",\"https:\\\/\\\/entre-vos-mains.alsace.eu\\\/profiles\\\/iwellguard\\\/activity\",\"https:\\\/\\\/gravatar.com\\\/reallybeded8fd34\",\"https:\\\/\\\/naijamatta.com\\\/iwellguard\",\"https:\\\/\\\/www.goodreads.com\\\/iwellguard\",\"https:\\\/\\\/profile.hatena.ne.jp\\\/iwellguard\\\/\",\"https:\\\/\\\/experiment.com\\\/users\\\/iwellguard\",\"https:\\\/\\\/wakelet.com\\\/@iWellGuard82270\",\"https:\\\/\\\/www.chordie.com\\\/forum\\\/profile.php?id=2555664\",\"https:\\\/\\\/www.instapaper.com\\\/p\\\/17757966\",\"https:\\\/\\\/www.mapleprimes.com\\\/users\\\/iwellguard\",\"https:\\\/\\\/businesslistingplus.com\\\/profile\\\/iwell-guard\\\/\",\"https:\\\/\\\/telegra.ph\\\/iWell-Guard-06-06\",\"https:\\\/\\\/pbase.com\\\/iwellguard\\\/iwellguard\",\"https:\\\/\\\/b.hatena.ne.jp\\\/iwellguard\\\/20260607#bookmark-4788405196491818882\",\"https:\\\/\\\/fliphtml5.com\\\/home\\\/iwellguard\",\"https:\\\/\\\/anyflip.com\\\/homepage\\\/cmiwl#About\",\"https:\\\/\\\/transfur.com\\\/Users\\\/iwellguard\",\"http:\\\/\\\/delphi.larsbo.org\\\/user\\\/iwellguard\",\"https:\\\/\\\/jobs.lajobsportal.org\\\/profiles\\\/8380803-iwell-guard\",\"https:\\\/\\\/md.chaosdorf.de\\\/s\\\/jfbe5SBdJD\",\"https:\\\/\\\/www.lingvolive.com\\\/en-us\\\/profile\\\/9ecaeaca-ce11-4e51-9e71-01d55e2bff36\\\/translations\",\"https:\\\/\\\/www.fitday.com\\\/fitness\\\/forums\\\/members\\\/iwellguard.html\",\"https:\\\/\\\/www.mymeetbook.com\\\/iwellguard\",\"https:\\\/\\\/pxhere.com\\\/en\\\/photographer-me\\\/5040798\",\"https:\\\/\\\/disqus.com\\\/by\\\/iwellguard\\\/about\\\/\",\"https:\\\/\\\/pastelink.net\\\/hjwciqwq\",\"https:\\\/\\\/pubhtml5.com\\\/homepage\\\/scjhn\\\/\",\"https:\\\/\\\/www.bitchute.com\\\/channel\\\/2O2eOKzNqujT\",\"https:\\\/\\\/audiomack.com\\\/iwellguard\"]}]}<\/script>\n<!-- \/ Yoast SEO Premium plugin. -->","yoast_head_json":{"title":"R\u00e1hka - fa\u00f0irgu\u00f0 og skapari Sama","description":"R\u00e1hka, Radien-\u00c1h\u010d\u010di, er fa\u00f0irgu\u00f0 og skapari samverskrar tr\u00faar. Tr\u00faarfr\u00e6\u00f0ileg \u00fattekt \u00e1 go\u00f0s\u00f6gn, d\u00fdrkun og heimildum.","robots":{"index":"index","follow":"follow","max-snippet":"max-snippet:-1","max-image-preview":"max-image-preview:large","max-video-preview":"max-video-preview:-1"},"canonical":"https:\/\/iwell-guard.com\/is\/rahka-faethirgud-samverskrar-truar\/","og_locale":"is_IS","og_type":"article","og_title":"R\u00e1hka - fa\u00f0irgu\u00f0 samverskrar tr\u00faar","og_description":"R\u00e1hka, Radien-\u00c1h\u010d\u010di, er fa\u00f0irgu\u00f0 og skapari samverskrar tr\u00faar. Tr\u00faarfr\u00e6\u00f0ileg \u00fattekt \u00e1 go\u00f0s\u00f6gn, d\u00fdrkun og heimildum.","og_url":"https:\/\/iwell-guard.com\/is\/rahka-faethirgud-samverskrar-truar\/","og_site_name":"iWell Guard","article_modified_time":"2026-09-05T14:29:48+00:00","og_image":[{"width":1024,"height":1536,"url":"https:\/\/iwell-guard.com\/wp-content\/uploads\/2026\/05\/goetter_sami_raehka.webp","type":"image\/webp"}],"twitter_card":"summary_large_image","schema":{"@context":"https:\/\/schema.org","@graph":[{"@type":"WebPage","@id":"https:\/\/iwell-guard.com\/is\/rahka-faethirgud-samverskrar-truar\/","url":"https:\/\/iwell-guard.com\/is\/rahka-faethirgud-samverskrar-truar\/","name":"R\u00e1hka - fa\u00f0irgu\u00f0 og skapari Sama","isPartOf":{"@id":"https:\/\/iwell-guard.com\/is\/#website"},"primaryImageOfPage":{"@id":"https:\/\/iwell-guard.com\/is\/rahka-faethirgud-samverskrar-truar\/#primaryimage"},"image":{"@id":"https:\/\/iwell-guard.com\/is\/rahka-faethirgud-samverskrar-truar\/#primaryimage"},"thumbnailUrl":"https:\/\/iwell-guard.com\/wp-content\/uploads\/2026\/05\/goetter_sami_raehka.webp","datePublished":"2026-09-05T14:04:48+00:00","dateModified":"2026-09-05T14:29:48+00:00","description":"R\u00e1hka, Radien-\u00c1h\u010d\u010di, er fa\u00f0irgu\u00f0 og skapari samverskrar tr\u00faar. Tr\u00faarfr\u00e6\u00f0ileg \u00fattekt \u00e1 go\u00f0s\u00f6gn, d\u00fdrkun og heimildum.","breadcrumb":{"@id":"https:\/\/iwell-guard.com\/is\/rahka-faethirgud-samverskrar-truar\/#breadcrumb"},"inLanguage":"is","potentialAction":[{"@type":"ReadAction","target":["https:\/\/iwell-guard.com\/is\/rahka-faethirgud-samverskrar-truar\/"]}]},{"@type":"ImageObject","inLanguage":"is","@id":"https:\/\/iwell-guard.com\/is\/rahka-faethirgud-samverskrar-truar\/#primaryimage","url":"https:\/\/iwell-guard.com\/wp-content\/uploads\/2026\/05\/goetter_sami_raehka.webp","contentUrl":"https:\/\/iwell-guard.com\/wp-content\/uploads\/2026\/05\/goetter_sami_raehka.webp","width":1024,"height":1536,"caption":"Gu\u00f0ir \u00far hef\u00f0 Sama."},{"@type":"BreadcrumbList","@id":"https:\/\/iwell-guard.com\/is\/rahka-faethirgud-samverskrar-truar\/#breadcrumb","itemListElement":[{"@type":"ListItem","position":1,"name":"Start","item":"https:\/\/iwell-guard.com\/is\/?page_id=168580"},{"@type":"ListItem","position":2,"name":"R\u00e1hka &#8211; fa\u00f0irgu\u00f0 samverskrar tr\u00faar"}]},{"@type":"WebSite","@id":"https:\/\/iwell-guard.com\/is\/#website","url":"https:\/\/iwell-guard.com\/is\/","name":"iWell Guard","description":"Schutz vor dunklen Einfl\u00fcssen","publisher":{"@id":"https:\/\/iwell-guard.com\/is\/#organization"},"potentialAction":[{"@type":"SearchAction","target":{"@type":"EntryPoint","urlTemplate":"https:\/\/iwell-guard.com\/is\/?s={search_term_string}"},"query-input":{"@type":"PropertyValueSpecification","valueRequired":true,"valueName":"search_term_string"}}],"inLanguage":"is"},{"@type":"Organization","@id":"https:\/\/iwell-guard.com\/is\/#organization","name":"Ittermann electronic GmbH","url":"https:\/\/iwell-guard.com\/is\/","logo":{"@type":"ImageObject","inLanguage":"is","@id":"https:\/\/iwell-guard.com\/is\/#\/schema\/logo\/image\/","url":"https:\/\/iwell-guard.com\/wp-content\/uploads\/2026\/05\/Ittermann-Logo-1182x237-1.png","contentUrl":"https:\/\/iwell-guard.com\/wp-content\/uploads\/2026\/05\/Ittermann-Logo-1182x237-1.png","width":1182,"height":237,"caption":"Ittermann electronic GmbH"},"image":{"@id":"https:\/\/iwell-guard.com\/is\/#\/schema\/logo\/image\/"},"sameAs":["https:\/\/pantip.com\/profile\/9367242","https:\/\/micro.blog\/iwellguard","https:\/\/www.diggerslist.com\/iwellguard\/about","https:\/\/skitterphoto.com\/photographers\/2870314\/iwell-guard","https:\/\/iwellguard.wordpress.com\/2026\/06\/06\/iwell-guard\/","https:\/\/hub.docker.com\/u\/iwellguard","https:\/\/www.pinterest.com\/iwellguard\/","https:\/\/bit.ly\/m\/iwellguard","https:\/\/entre-vos-mains.alsace.eu\/profiles\/iwellguard\/activity","https:\/\/gravatar.com\/reallybeded8fd34","https:\/\/naijamatta.com\/iwellguard","https:\/\/www.goodreads.com\/iwellguard","https:\/\/profile.hatena.ne.jp\/iwellguard\/","https:\/\/experiment.com\/users\/iwellguard","https:\/\/wakelet.com\/@iWellGuard82270","https:\/\/www.chordie.com\/forum\/profile.php?id=2555664","https:\/\/www.instapaper.com\/p\/17757966","https:\/\/www.mapleprimes.com\/users\/iwellguard","https:\/\/businesslistingplus.com\/profile\/iwell-guard\/","https:\/\/telegra.ph\/iWell-Guard-06-06","https:\/\/pbase.com\/iwellguard\/iwellguard","https:\/\/b.hatena.ne.jp\/iwellguard\/20260607#bookmark-4788405196491818882","https:\/\/fliphtml5.com\/home\/iwellguard","https:\/\/anyflip.com\/homepage\/cmiwl#About","https:\/\/transfur.com\/Users\/iwellguard","http:\/\/delphi.larsbo.org\/user\/iwellguard","https:\/\/jobs.lajobsportal.org\/profiles\/8380803-iwell-guard","https:\/\/md.chaosdorf.de\/s\/jfbe5SBdJD","https:\/\/www.lingvolive.com\/en-us\/profile\/9ecaeaca-ce11-4e51-9e71-01d55e2bff36\/translations","https:\/\/www.fitday.com\/fitness\/forums\/members\/iwellguard.html","https:\/\/www.mymeetbook.com\/iwellguard","https:\/\/pxhere.com\/en\/photographer-me\/5040798","https:\/\/disqus.com\/by\/iwellguard\/about\/","https:\/\/pastelink.net\/hjwciqwq","https:\/\/pubhtml5.com\/homepage\/scjhn\/","https:\/\/www.bitchute.com\/channel\/2O2eOKzNqujT","https:\/\/audiomack.com\/iwellguard"]}]}},"_links":{"self":[{"href":"https:\/\/iwell-guard.com\/is\/wp-json\/wp\/v2\/pages\/169011","targetHints":{"allow":["GET"]}}],"collection":[{"href":"https:\/\/iwell-guard.com\/is\/wp-json\/wp\/v2\/pages"}],"about":[{"href":"https:\/\/iwell-guard.com\/is\/wp-json\/wp\/v2\/types\/page"}],"author":[{"embeddable":true,"href":"https:\/\/iwell-guard.com\/is\/wp-json\/wp\/v2\/users\/3"}],"replies":[{"embeddable":true,"href":"https:\/\/iwell-guard.com\/is\/wp-json\/wp\/v2\/comments?post=169011"}],"version-history":[{"count":0,"href":"https:\/\/iwell-guard.com\/is\/wp-json\/wp\/v2\/pages\/169011\/revisions"}],"wp:featuredmedia":[{"embeddable":true,"href":"https:\/\/iwell-guard.com\/is\/wp-json\/wp\/v2\/media\/2894"}],"wp:attachment":[{"href":"https:\/\/iwell-guard.com\/is\/wp-json\/wp\/v2\/media?parent=169011"}],"wp:term":[{"taxonomy":"category","embeddable":true,"href":"https:\/\/iwell-guard.com\/is\/wp-json\/wp\/v2\/categories?post=169011"}],"curies":[{"name":"wp","href":"https:\/\/api.w.org\/{rel}","templated":true}]}}