{"id":169010,"date":"2026-09-05T14:04:48","date_gmt":"2026-09-05T14:04:48","guid":{"rendered":"https:\/\/iwell-guard.com\/?page_id=169010"},"modified":"2026-09-05T14:29:48","modified_gmt":"2026-09-05T14:29:48","slug":"mannu-tunglgud-sama","status":"publish","type":"page","link":"https:\/\/iwell-guard.com\/is\/mannu-tunglgud-sama\/","title":{"rendered":"M\u00e1nnu &#8211; Tunglgu\u00f0 Sama"},"content":{"rendered":"\t\t<div data-elementor-type=\"wp-page\" data-elementor-id=\"169010\" class=\"elementor elementor-169010 elementor-2665 elementor-bc-flex-widget\" data-elementor-post-type=\"page\">\n\t\t\t\t<div class=\"elementor-element elementor-element-iwgw-maennusami-hero e-flex e-con-boxed e-con e-parent\" data-id=\"iwgw-maennusami-hero\" data-element_type=\"container\" data-e-type=\"container\" data-settings=\"{&quot;background_background&quot;:&quot;classic&quot;}\">\n\t\t\t\t\t<div class=\"e-con-inner\">\n\t\t<div class=\"elementor-element elementor-element-iwgw-maennusami-hl e-flex e-con-boxed e-con e-child\" data-id=\"iwgw-maennusami-hl\" data-element_type=\"container\" data-e-type=\"container\">\n\t\t\t\t\t<div class=\"e-con-inner\">\n\t\t<div class=\"elementor-element elementor-element-iwgw-maennusami-htxt e-con-full e-flex e-con e-child\" data-id=\"iwgw-maennusami-htxt\" data-element_type=\"container\" data-e-type=\"container\">\n\t\t\t\t<div class=\"elementor-element elementor-element-iwgw-maennusami-h1 elementor-widget elementor-widget-heading\" data-id=\"iwgw-maennusami-h1\" data-element_type=\"widget\" data-e-type=\"widget\" data-widget_type=\"heading.default\">\n\t\t\t\t\t<h1 class=\"elementor-heading-title elementor-size-default\">M\u00e1nnu - Tunglgu\u00f0 og fylgdarma\u00f0ur n\u00e6tursins \u00ed tr\u00faarbr\u00f6g\u00f0um Sama<\/h1>\t\t\t\t<\/div>\n\t\t\t\t<div class=\"elementor-element elementor-element-iwgw-maennusami-lead elementor-widget elementor-widget-text-editor\" data-id=\"iwgw-maennusami-lead\" data-element_type=\"widget\" data-e-type=\"widget\" data-widget_type=\"text-editor.default\">\n\t\t\t\t\t\t\t\t\t<p>M\u00e1nnu, \u00e1 sumum m\u00e1ll\u00fdskum Aski e\u00f0a Manno, er pers\u00f3nuger\u00f0 tunglsins \u00ed tr\u00faarbr\u00f6g\u00f0um Sama. \u00cd m\u00f3tv\u00e6gi vi\u00f0 <a href=\"https:\/\/iwell-guard.com\/is\/?page_id=169009\">Beaivi<\/a>, s\u00f3largy\u00f0juna, skipuleggur hann hringferli n\u00e6turinnar og tunglm\u00e1na\u00f0ardagat\u00f6l Sama. Tr\u00faarbrag\u00f0afr\u00e6\u00f0ilega tilheyrir hann \u00feeim v\u00ed\u00f0fe\u00f0ma flokki tunglgu\u00f0a sem finnast um allt heimskautasv\u00e6\u00f0i\u00f0, hver me\u00f0 s\u00edn sv\u00e6\u00f0isbundnu einkenni.<\/p>\t\t\t\t\t\t\t\t<\/div>\n\t\t\t\t<\/div>\n\t\t<div class=\"elementor-element elementor-element-iwgw-maennusami-pillc e-con-full e-flex e-con e-child\" data-id=\"iwgw-maennusami-pillc\" data-element_type=\"container\" data-e-type=\"container\">\n\t\t\t\t<div class=\"elementor-element elementor-element-iwgw-maennusami-pills elementor-widget elementor-widget-html\" data-id=\"iwgw-maennusami-pills\" data-element_type=\"widget\" data-e-type=\"widget\" data-widget_type=\"html.default\">\n\t\t\t\t\t<div class=\"iwg-pill-row\"><span class=\"iwg-klasse-badge\" tabindex=\"0\" data-tooltip=\"Tunglgu\u00f0 \u00ed hef\u00f0 Sama.\">Tunglgu\u00f0<\/span><a href=\"https:\/\/iwell-guard.com\/is\/sami-finnsk-ugrisk-hefd-noaidi-tromma\/\" class=\"iwg-kultur-badge\" tabindex=\"0\" data-tooltip=\"Go\u00f0afr\u00e6\u00f0i Sama.\">Sami<\/a><span class=\"iwg-tradition-badge\" tabindex=\"0\" data-tooltip=\"Tunglgu\u00f0d\u00f3mur.\">Tunglgu\u00f0d\u00f3mur<\/span><\/div>\t\t\t\t<\/div>\n\t\t\t\t<\/div>\n\t\t<div class=\"elementor-element elementor-element-iwgw-maennusami-tocc e-con-full e-flex e-con e-child\" data-id=\"iwgw-maennusami-tocc\" data-element_type=\"container\" data-e-type=\"container\">\n\t\t\t\t<div class=\"elementor-element elementor-element-iwgw-maennusami-toc elementor-toc--minimized-on-tablet elementor-widget elementor-widget-table-of-contents\" data-id=\"iwgw-maennusami-toc\" data-element_type=\"widget\" data-e-type=\"widget\" data-settings=\"{&quot;headings_by_tags&quot;:[&quot;h2&quot;,&quot;h3&quot;],&quot;minimize_box&quot;:&quot;yes&quot;,&quot;marker_view&quot;:&quot;bullets&quot;,&quot;no_headings_message&quot;:&quot;Engar undirfyrirsagnir fundust \\u00e1 \\u00feessari s\\u00ed\\u00f0u.&quot;,&quot;exclude_headings_by_selector&quot;:[],&quot;icon&quot;:{&quot;value&quot;:&quot;fas fa-circle&quot;,&quot;library&quot;:&quot;fa-solid&quot;,&quot;rendered_tag&quot;:&quot;&lt;svg class=\\&quot;e-font-icon-svg e-fas-circle\\&quot; viewBox=\\&quot;0 0 512 512\\&quot; xmlns=\\&quot;http:\\\/\\\/www.w3.org\\\/2000\\\/svg\\&quot;&gt;&lt;path d=\\&quot;M256 8C119 8 8 119 8 256s111 248 248 248 248-111 248-248S393 8 256 8z\\&quot;&gt;&lt;\\\/path&gt;&lt;\\\/svg&gt;&quot;},&quot;minimized_on&quot;:&quot;tablet&quot;,&quot;hierarchical_view&quot;:&quot;yes&quot;,&quot;min_height&quot;:{&quot;unit&quot;:&quot;px&quot;,&quot;size&quot;:&quot;&quot;,&quot;sizes&quot;:[]},&quot;min_height_tablet&quot;:{&quot;unit&quot;:&quot;px&quot;,&quot;size&quot;:&quot;&quot;,&quot;sizes&quot;:[]},&quot;min_height_mobile&quot;:{&quot;unit&quot;:&quot;px&quot;,&quot;size&quot;:&quot;&quot;,&quot;sizes&quot;:[]}}\" data-widget_type=\"table-of-contents.default\">\n\t\t\t\t\t\t\t\t\t<div class=\"elementor-toc__header\">\n\t\t\t\t\t\t<h2 class=\"elementor-toc__header-title\">\n\t\t\t\tEfnisyfirlit\t\t\t<\/h2>\n\t\t\t\t\t\t\t\t\t\t<div class=\"elementor-toc__toggle-button elementor-toc__toggle-button--expand\" role=\"button\" tabindex=\"0\" aria-controls=\"elementor-toc__iwgw-maennusami-toc\" aria-expanded=\"true\" aria-label=\"Open table of contents\"><svg aria-hidden=\"true\" class=\"e-font-icon-svg e-fas-chevron-down\" viewBox=\"0 0 448 512\" xmlns=\"http:\/\/www.w3.org\/2000\/svg\"><path d=\"M207.029 381.476L12.686 187.132c-9.373-9.373-9.373-24.569 0-33.941l22.667-22.667c9.357-9.357 24.522-9.375 33.901-.04L224 284.505l154.745-154.021c9.379-9.335 24.544-9.317 33.901.04l22.667 22.667c9.373 9.373 9.373 24.569 0 33.941L240.971 381.476c-9.373 9.372-24.569 9.372-33.942 0z\"><\/path><\/svg><\/div>\n\t\t\t\t<div class=\"elementor-toc__toggle-button elementor-toc__toggle-button--collapse\" role=\"button\" tabindex=\"0\" aria-controls=\"elementor-toc__iwgw-maennusami-toc\" aria-expanded=\"true\" aria-label=\"Close table of contents\"><svg aria-hidden=\"true\" class=\"e-font-icon-svg e-fas-chevron-up\" viewBox=\"0 0 448 512\" xmlns=\"http:\/\/www.w3.org\/2000\/svg\"><path d=\"M240.971 130.524l194.343 194.343c9.373 9.373 9.373 24.569 0 33.941l-22.667 22.667c-9.357 9.357-24.522 9.375-33.901.04L224 227.495 69.255 381.516c-9.379 9.335-24.544 9.317-33.901-.04l-22.667-22.667c-9.373-9.373-9.373-24.569 0-33.941L207.03 130.525c9.372-9.373 24.568-9.373 33.941-.001z\"><\/path><\/svg><\/div>\n\t\t\t\t\t<\/div>\n\t\t\t\t<div id=\"elementor-toc__iwgw-maennusami-toc\" class=\"elementor-toc__body\">\n\t\t\t<div class=\"elementor-toc__spinner-container\">\n\t\t\t\t<svg class=\"elementor-toc__spinner eicon-animation-spin e-font-icon-svg e-eicon-loading\" aria-hidden=\"true\" viewBox=\"0 0 1000 1000\" xmlns=\"http:\/\/www.w3.org\/2000\/svg\"><path d=\"M500 975V858C696 858 858 696 858 500S696 142 500 142 142 304 142 500H25C25 237 238 25 500 25S975 237 975 500 763 975 500 975Z\"><\/path><\/svg>\t\t\t<\/div>\n\t\t<\/div>\n\t\t\t\t\t\t<\/div>\n\t\t\t\t<\/div>\n\t\t\t\t\t<\/div>\n\t\t\t\t<\/div>\n\t\t<div class=\"elementor-element elementor-element-iwgw-maennusami-hr e-con-full e-flex e-con e-child\" data-id=\"iwgw-maennusami-hr\" data-element_type=\"container\" data-e-type=\"container\">\n\t\t\t\t<div class=\"elementor-element elementor-element-iwgw-maennusami-heroimg iwg-hero-image elementor-widget elementor-widget-image\" data-id=\"iwgw-maennusami-heroimg\" data-element_type=\"widget\" data-e-type=\"widget\" data-widget_type=\"image.default\">\n\t\t\t\t\t\t\t\t\t\t\t\t\t\t\t<img fetchpriority=\"high\" decoding=\"async\" width=\"683\" height=\"1024\" src=\"https:\/\/iwell-guard.com\/wp-content\/uploads\/2026\/05\/goetter_sami_maennu-sami-683x1024.webp\" class=\"attachment-large size-large wp-image-170766\" alt=\"Maennu Sami - Gu\u00f0ir \u00far s\u00f6m\u00edsku hef\u00f0inni, s\u00f6gulega myndskreytt\" srcset=\"https:\/\/iwell-guard.com\/wp-content\/uploads\/2026\/05\/goetter_sami_maennu-sami-683x1024.webp 683w, https:\/\/iwell-guard.com\/wp-content\/uploads\/2026\/05\/goetter_sami_maennu-sami-200x300.webp 200w, https:\/\/iwell-guard.com\/wp-content\/uploads\/2026\/05\/goetter_sami_maennu-sami-768x1152.webp 768w, https:\/\/iwell-guard.com\/wp-content\/uploads\/2026\/05\/goetter_sami_maennu-sami.webp 1024w\" sizes=\"(max-width: 683px) 100vw, 683px\" \/>\t\t\t\t\t\t\t\t\t\t\t\t\t\t\t<\/div>\n\t\t\t\t<\/div>\n\t\t\t\t\t<\/div>\n\t\t\t\t<\/div>\n\t\t\t\t<section class=\"elementor-section elementor-top-section elementor-element elementor-element-sec-iwgcomp-maennu-sami elementor-section-boxed elementor-section-height-default elementor-section-height-default\" data-id=\"sec-iwgcomp-maennu-sami\" data-element_type=\"section\" data-e-type=\"section\">\n\t\t\t\t\t\t<div class=\"elementor-container elementor-column-gap-default\">\n\t\t\t\t\t<div class=\"elementor-column elementor-col-100 elementor-top-column elementor-element elementor-element-col-iwgcomp-maennu-sami\" data-id=\"col-iwgcomp-maennu-sami\" data-element_type=\"column\" data-e-type=\"column\">\n\t\t\t<div class=\"elementor-widget-wrap elementor-element-populated\">\n\t\t\t\t\t\t<div class=\"elementor-element elementor-element-iwgcomp-maennu-sami elementor-widget elementor-widget-text-editor\" data-id=\"iwgcomp-maennu-sami\" data-element_type=\"widget\" data-e-type=\"widget\" data-widget_type=\"text-editor.default\">\n\t\t\t\t\t\t\t\t\t<p>M\u00e1nnu, tunglgu\u00f0 Sama, birtist sem <strong>verndari n\u00e6tur<\/strong> yfir svefni, draumum og verndara\u00f0fer\u00f0um n\u00e6tur.<\/p>\t\t\t\t\t\t\t\t<\/div>\n\t\t\t\t\t<\/div>\n\t\t<\/div>\n\t\t\t\t\t<\/div>\n\t\t<\/section>\n\t\t<div class=\"elementor-element elementor-element-iwgw-maennusami-s0 e-flex e-con-boxed e-con e-parent\" data-id=\"iwgw-maennusami-s0\" data-element_type=\"container\" data-e-type=\"container\">\n\t\t\t\t\t<div class=\"e-con-inner\">\n\t\t\t\t<div class=\"elementor-element elementor-element-iwgw-maennusami-s0h elementor-widget elementor-widget-heading\" data-id=\"iwgw-maennusami-s0h\" data-element_type=\"widget\" data-e-type=\"widget\" data-widget_type=\"heading.default\">\n\t\t\t\t\t<h2 class=\"elementor-heading-title elementor-size-default\">Greining og skammrit<\/h2>\t\t\t\t<\/div>\n\t\t<div class=\"elementor-element elementor-element-iwgw-maennusami-s0c e-con-full e-flex e-con e-child\" data-id=\"iwgw-maennusami-s0c\" data-element_type=\"container\" data-e-type=\"container\">\n\t\t\t\t<div class=\"elementor-element elementor-element-iwgw-maennusami-s0t elementor-widget elementor-widget-text-editor\" data-id=\"iwgw-maennusami-s0t\" data-element_type=\"widget\" data-e-type=\"widget\" data-widget_type=\"text-editor.default\">\n\t\t\t\t\t\t\t\t\t<p>M\u00e1nnu er tungli\u00f0 \u00ed pers\u00f3nuger\u00f0u karlkynsformi, sem samsvarar kvenlegu s\u00f3linni <a href=\"https:\/\/iwell-guard.com\/is\/?page_id=169009\">Beaivi<\/a>. \u00deessi kynjaskipting er tr\u00faarbrag\u00f0afr\u00e6\u00f0ilega \u00e1hugaver\u00f0 \u00fev\u00ed h\u00fan samsvarar heimskautasv\u00e6\u00f0is- og nor\u00f0ur-evr\u00f3psku fyrirkomulagi \u00fear sem s\u00f3lin er oftast kvenkyns og tungli\u00f0 karlkyns.<\/p><p>\u00cd tr\u00faarlegu stigveldi Sama er M\u00e1nnu nokkru ne\u00f0ar en Beaivi en hefur eigin hlutverk sem h\u00fan n\u00e6r ekki yfir. \u00dear sem Beaivi einkennir sumardaginn og sumart\u00edma hreind\u00fdranna, er M\u00e1nnu tengdur n\u00f3ttinni, vetrinum, l\u00edkamsstarfsemi kvenna og tunglm\u00e1na\u00f0ardagatalinu.<\/p><p>Heimildir um M\u00e1nnu eru minni umfangs en \u00fe\u00e6r um Beaivi. Trommumyndm\u00e1li\u00f0 s\u00fdnir hann yfirleitt sem minni sk\u00edfu vi\u00f0 hli\u00f0 Beaivi, og sk\u00fdrslur tr\u00fabo\u00f0a nefna hann af minna tilefni en s\u00f3largy\u00f0juna. \u00deessi \u00f3samhverfa \u00ed heimildast\u00f6\u00f0u er tr\u00faarbrag\u00f0afyrirb\u00e6rafr\u00e6\u00f0ilega d\u00e6miger\u00f0 fyrir nor\u00f0urskauts- og undirnor\u00f0urskautsreligionir \u00fear sem s\u00f3lin sem l\u00edfgjafi hefur forgang.<\/p><p>Tunglgu\u00f0inn M\u00e1nnu hefur einnig veri\u00f0 rannsaka\u00f0ur \u00e1 s\u00ed\u00f0ustu \u00e1ratugum me\u00f0 v\u00ed\u00f0t\u00e6kari a\u00f0fer\u00f0afr\u00e6\u00f0ilegum verkf\u00e6rum sem sameina \u00fej\u00f3\u00f0fr\u00e6\u00f0ilega n\u00e1kv\u00e6mni, heimildar\u00fdni tungum\u00e1lalegrar <span class=\"iwg-fachbegriff\" data-tooltip=\"Mi\u00f0lun \u00feekkingar og sagna milli kynsl\u00f3\u00f0a.\" tabindex=\"0\">munnm\u00e6lahef\u00f0ar<\/span> og samanbur\u00f0arlega greiningu. Sam\u00edska \u00feekkingarsamf\u00e9lagi\u00f0 tekur n\u00fa \u00fe\u00e1tt \u00ed \u00feessum ranns\u00f3knum og endursko\u00f0ar fyrri vestr\u00e6nar t\u00falkanir, sem a\u00f0 hluta b\u00e1ru merki n\u00fdlenduhugsunar.<\/p><p>Sem karlkyns tungl vi\u00f0 hli\u00f0 kvenkyns s\u00f3lar fellur M\u00e1nnu inn \u00ed endurteki\u00f0 mynstur heimskautasv\u00e6\u00f0islegrar tr\u00faarlegrar landfr\u00e6\u00f0i. A\u00f0 \u00feetta mynstur haldi grunnger\u00f0 sinni yfir \u00fe\u00fasundir k\u00edl\u00f3metra telja samanbur\u00f0ar-<span class=\"iwg-fachbegriff\" data-tooltip=\"V\u00edsindin sem rannsaka tr\u00faarbr\u00f6g\u00f0 samanbur\u00f0arlega og \u00e1n tr\u00faarlegrar skuldbindingar.\" tabindex=\"0\">tr\u00faarbrag\u00f0afr\u00e6\u00f0i<\/span> til athyglisver\u00f0ustu athugana sinna, en t\u00falkun \u00feess er enn \u00ed opinni umr\u00e6\u00f0u.<\/p>\t\t\t\t\t\t\t\t<\/div>\n\t\t\t\t<\/div>\n\t\t\t\t\t<\/div>\n\t\t\t\t<\/div>\n\t\t<div class=\"elementor-element elementor-element-iwgw-maennusami-s1 e-flex e-con-boxed e-con e-parent\" data-id=\"iwgw-maennusami-s1\" data-element_type=\"container\" data-e-type=\"container\">\n\t\t\t\t\t<div class=\"e-con-inner\">\n\t\t\t\t<div class=\"elementor-element elementor-element-iwgw-maennusami-s1h elementor-widget elementor-widget-heading\" data-id=\"iwgw-maennusami-s1h\" data-element_type=\"widget\" data-e-type=\"widget\" data-widget_type=\"heading.default\">\n\t\t\t\t\t<h2 class=\"elementor-heading-title elementor-size-default\">Nafn og or\u00f0sifjar<\/h2>\t\t\t\t<\/div>\n\t\t<div class=\"elementor-element elementor-element-iwgw-maennusami-s1c e-con-full e-flex e-con e-child\" data-id=\"iwgw-maennusami-s1c\" data-element_type=\"container\" data-e-type=\"container\">\n\t\t\t\t<div class=\"elementor-element elementor-element-iwgw-maennusami-s1t elementor-widget elementor-widget-text-editor\" data-id=\"iwgw-maennusami-s1t\" data-element_type=\"widget\" data-e-type=\"widget\" data-widget_type=\"text-editor.default\">\n\t\t\t\t\t\t\t\t\t<p>Nafni\u00f0 M\u00e1nnu tilheyrir \u00faralska tunglgrunnor\u00f0afor\u00f0anum, sem einnig felur \u00ed s\u00e9r finnska <em>kuu<\/em>, eistneska <em>kuu<\/em> og ungverska <em>hold<\/em>. Afbrig\u00f0i\u00f0 Aski kemur fram \u00e1 su\u00f0ur-sam\u00edsku m\u00e1lsv\u00e6\u00f0i og vir\u00f0ist t\u00e1kna eigi\u00f0 tungum\u00e1lalegt lag. Manno er m\u00e1lfr\u00e6\u00f0ilega beyg\u00f0 form \u00ed innarisam\u00edsku m\u00e1li.<\/p><p>Or\u00f0sifjalega v\u00edsar \u00faralska r\u00f3tin til mj\u00f6g fornrar lags tr\u00faarlegrar hugmyndamyndunar. Tungli\u00f0 sem t\u00edmam\u00e6lir hefur veri\u00f0 pers\u00f3nugert \u00ed \u00faralska menningarsv\u00e6\u00f0inu um \u00e1r\u00fe\u00fasundir. \u00deessi tungum\u00e1lahistor\u00edska d\u00fdpt er v\u00edsindalega \u00e1hugaver\u00f0.<\/p><p>\u00cd tr\u00faarlegu tungutaki kemur oft fram vir\u00f0ingarformi\u00f0 <em>M\u00e1nnu-\u00c1h\u010d\u010di<\/em>, or\u00f0r\u00e9tt Tunglfa\u00f0ir, sem festir kynja\u00fathlutunina \u00ed m\u00e1li. Fa\u00f0ir-nafngiftin er s\u00e9rstakt tr\u00faarbrag\u00f0afyrirb\u00e6ri og a\u00f0greinir M\u00e1nnu fr\u00e1 m\u00f3\u00f0urtenglingu Beaivi.<\/p><p>Tr\u00faarbrag\u00f0af\u00e9lagsfr\u00e6\u00f0ilega er vert a\u00f0 spyrja hva\u00f0a hlutverk M\u00e1nnu haf\u00f0i \u00ed skipulagi hins hef\u00f0bundna sam\u00edska samf\u00e9lags. \u00dear sem tungli\u00f0 sem t\u00edmam\u00e6lir skipulag\u00f0i veturinn, n\u00f3ttina og tunglm\u00e1na\u00f0ardagatali\u00f0, var tr\u00faarleg \u00fe\u00fd\u00f0ing \u00feess bundin beint vi\u00f0 lifa\u00f0 hversdagsl\u00edf.<\/p><p>\u00deessi samtvinnun tr\u00faar og f\u00e9lagsl\u00edfs myndar s\u00e9rstakt tr\u00faarbrag\u00f0afr\u00e6\u00f0ilegt mannfr\u00e6\u00f0isvi\u00f0 sem s\u00e9rstaklega H\u00e5kan Rydving og Konsta Kaikkonen hafa kanna\u00f0 kerfisbundi\u00f0.<\/p><p>Anna\u00f0 svi\u00f0 snertir n\u00faverandi hlutverk tunglgu\u00f0sins \u00ed sam\u00edskri sj\u00e1lfsmyndarp\u00f3lit\u00edk. \u00cd kj\u00f6lfar sj\u00e1lfstj\u00f3rnar Sama og al\u00fej\u00f3\u00f0legrar vi\u00f0urkenningar \u00e1 r\u00e9ttindum frumbyggja f\u00e1 hef\u00f0bundnar verur eins og M\u00e1nnu aukna s\u00fdnileika a\u00f0 n\u00fdju. Samspil tr\u00faarbrag\u00f0aranns\u00f3kna og p\u00f3lit\u00edskrar vi\u00f0urkenningar myndar sj\u00e1lfst\u00e6tt ranns\u00f3knarsvi\u00f0 sem hefur veri\u00f0 teki\u00f0 fyrir \u00ed auknum m\u00e6li s\u00ed\u00f0ustu \u00e1r.<\/p>\t\t\t\t\t\t\t\t<\/div>\n\t\t\t\t<\/div>\n\t\t\t\t\t<\/div>\n\t\t\t\t<\/div>\n\t\t<div class=\"elementor-element elementor-element-iwgw-maennusami-s2 e-flex e-con-boxed e-con e-parent\" data-id=\"iwgw-maennusami-s2\" data-element_type=\"container\" data-e-type=\"container\">\n\t\t\t\t\t<div class=\"e-con-inner\">\n\t\t\t\t<div class=\"elementor-element elementor-element-iwgw-maennusami-s2h elementor-widget elementor-widget-heading\" data-id=\"iwgw-maennusami-s2h\" data-element_type=\"widget\" data-e-type=\"widget\" data-widget_type=\"heading.default\">\n\t\t\t\t\t<h2 class=\"elementor-heading-title elementor-size-default\">L\u00fdsing og myndm\u00e1l<\/h2>\t\t\t\t<\/div>\n\t\t<div class=\"elementor-element elementor-element-iwgw-maennusami-s2c e-con-full e-flex e-con e-child\" data-id=\"iwgw-maennusami-s2c\" data-element_type=\"container\" data-e-type=\"container\">\n\t\t\t\t<div class=\"elementor-element elementor-element-iwgw-maennusami-s2t elementor-widget elementor-widget-text-editor\" data-id=\"iwgw-maennusami-s2t\" data-element_type=\"widget\" data-e-type=\"widget\" data-widget_type=\"text-editor.default\">\n\t\t\t\t\t\t\t\t\t<p>M\u00e1nnu er l\u00fdst \u00ed heimildum sem sta\u00f0fast, kyrrl\u00e1tt tungl sem r\u00e6\u00f0ur yfir n\u00f3ttinni og vetrarm\u00e1nu\u00f0unum. \u00d3l\u00edkt hinni sk\u00ednandi Beaivi er M\u00e1nnu kaldari, kyrrl\u00e1tari m\u00e1ttur sem sveipar landi\u00f0 \u00ed m\u00e1na-h\u00e1lflj\u00f3s heimskautsvetran\u00e6turnar.<\/p><p>\u00c1 sjamanatrommunum, <em>goavddis<\/em>, er M\u00e1nnu yfirleitt s\u00fdndur sem sig\u00f0 e\u00f0a minni sk\u00edfa vi\u00f0 hli\u00f0 Beaivi. Ernst Manker s\u00fdndi \u00ed ranns\u00f3knum s\u00ednum \u00e1 trommumyndum a\u00f0 M\u00e1nnu birtist beinl\u00ednis \u00e1 um \u00feri\u00f0jungi var\u00f0veittra tromma, oft \u00ed n\u00e1l\u00e6g\u00f0 vi\u00f0 Beaivi.<\/p><p>Myndr\u00e6nar framsetningar \u00far fornsam\u00edskri hef\u00f0 eru f\u00e1g\u00e6tar. \u00cd samt\u00edma sam\u00edskri list er M\u00e1nnu til sta\u00f0ar, oft \u00ed tengslum vi\u00f0 Beaivi sem samhli\u00f0a tv\u00edeyki. \u00deessi tv\u00edeykismyndun er s\u00e9rstakt tr\u00faarbrag\u00f0afyrirb\u00e6ri og v\u00edsar til para\u00f0rar skipulagningar sam\u00edsks himingo\u00f0afr\u00e6\u00f0is.<\/p>\t\t\t\t\t\t\t\t<\/div>\n\t\t\t\t<\/div>\n\t\t\t\t\t<\/div>\n\t\t\t\t<\/div>\n\t\t<div class=\"elementor-element elementor-element-iwgw-maennusami-s3 e-flex e-con-boxed e-con e-parent\" data-id=\"iwgw-maennusami-s3\" data-element_type=\"container\" data-e-type=\"container\">\n\t\t\t\t\t<div class=\"e-con-inner\">\n\t\t\t\t<div class=\"elementor-element elementor-element-iwgw-maennusami-s3h elementor-widget elementor-widget-heading\" data-id=\"iwgw-maennusami-s3h\" data-element_type=\"widget\" data-e-type=\"widget\" data-widget_type=\"heading.default\">\n\t\t\t\t\t<h2 class=\"elementor-heading-title elementor-size-default\">Tunglhringur og dagatal<\/h2>\t\t\t\t<\/div>\n\t\t<div class=\"elementor-element elementor-element-iwgw-maennusami-s3c e-con-full e-flex e-con e-child\" data-id=\"iwgw-maennusami-s3c\" data-element_type=\"container\" data-e-type=\"container\">\n\t\t\t\t<div class=\"elementor-element elementor-element-iwgw-maennusami-s3t elementor-widget elementor-widget-text-editor\" data-id=\"iwgw-maennusami-s3t\" data-element_type=\"widget\" data-e-type=\"widget\" data-widget_type=\"text-editor.default\">\n\t\t\t\t\t\t\t\t\t<p>M\u00e1nnu er a\u00f0al t\u00edmav\u00f6r\u00f0ur \u00ed sam\u00edska tunglalmanakinu. M\u00e1nu\u00f0irnir h\u00f6f\u00f0u eigin n\u00f6fn sem v\u00edsu\u00f0u oftast til vei\u00f0itengdra, ve\u00f0urfarslegra e\u00f0a hjar\u00f0tengdra fyrirb\u00e6ra: k\u00e1lfunart\u00edma hreind\u00fdra, \u00fe\u00ed\u00f0um\u00e1nu\u00f0, m\u00fdflugnam\u00e1nu\u00f0, kar\u00edb\u00fam\u00e1nu\u00f0. \u00deessar nafngiftir eru vel skjalfestar \u00ed s\u00e6nskum og norskum \u00fej\u00f3\u00f0fr\u00e6\u00f0ilegum heimildum.<\/p><p>Tunglhringurinn haf\u00f0i l\u00edka \u00e1hrif \u00e1 l\u00edf kvenna. Bl\u00e6\u00f0ingar voru tr\u00faarlega tengdar tunglhringnum, \u00e1n \u00feess a\u00f0 bein v\u00e9lr\u00e6n orsakatengsl v\u00e6ru fullyrt. Tr\u00faarfyrirb\u00e6rafr\u00e6\u00f0ilega er \u00feessi samtenging sj\u00e1lfst\u00e6\u00f0 birtingarmynd sem er skjalfest \u00ed m\u00f6rgum tr\u00faarbr\u00f6g\u00f0um um allan heim.<\/p><p>Fyrir hreind\u00fdrahald var tunglalmanaki\u00f0 minna mikilv\u00e6gt en s\u00f3laralmanaki\u00f0, \u00fev\u00ed hreyfingar hreind\u00fdra r\u00e1\u00f0ast fyrst og fremst af s\u00f3larh\u00e6\u00f0 og gr\u00f3\u00f0urfarsstigum. \u00deessi stigskipting almanaka er s\u00e9rstakt fyrirb\u00e6ri \u00ed tr\u00faarhagfr\u00e6\u00f0ilegu tilliti.<\/p>\t\t\t\t\t\t\t\t<\/div>\n\t\t\t\t<\/div>\n\t\t\t\t\t<\/div>\n\t\t\t\t<\/div>\n\t\t<div class=\"elementor-element elementor-element-iwgw-maennusami-s4 e-flex e-con-boxed e-con e-parent\" data-id=\"iwgw-maennusami-s4\" data-element_type=\"container\" data-e-type=\"container\">\n\t\t\t\t\t<div class=\"e-con-inner\">\n\t\t\t\t<div class=\"elementor-element elementor-element-iwgw-maennusami-s4h elementor-widget elementor-widget-heading\" data-id=\"iwgw-maennusami-s4h\" data-element_type=\"widget\" data-e-type=\"widget\" data-widget_type=\"heading.default\">\n\t\t\t\t\t<h2 class=\"elementor-heading-title elementor-size-default\">M\u00e1nnu \u00ed kvennahef\u00f0<\/h2>\t\t\t\t<\/div>\n\t\t<div class=\"elementor-element elementor-element-iwgw-maennusami-s4c e-con-full e-flex e-con e-child\" data-id=\"iwgw-maennusami-s4c\" data-element_type=\"container\" data-e-type=\"container\">\n\t\t\t\t<div class=\"elementor-element elementor-element-iwgw-maennusami-s4t elementor-widget elementor-widget-text-editor\" data-id=\"iwgw-maennusami-s4t\" data-element_type=\"widget\" data-e-type=\"widget\" data-widget_type=\"text-editor.default\">\n\t\t\t\t\t\t\t\t\t<p>Ungar konur og \u00feunga\u00f0ar konur h\u00f6f\u00f0u s\u00e9rst\u00f6k tengsl vi\u00f0 M\u00e1nnu. \u00c1 vissum sv\u00e6\u00f0um var vara\u00f0 vi\u00f0 a\u00f0 horfa of lengi \u00e1 tungli\u00f0, \u00fev\u00ed \u00fea\u00f0 g\u00e6ti raska\u00f0 barninu \u00ed m\u00f3\u00f0urkvi\u00f0i. \u00deessi hugmynd er tr\u00faarfyrirb\u00e6rafr\u00e6\u00f0ilega d\u00e6miger\u00f0 fyrir tunglgu\u00f0i me\u00f0 frj\u00f3semistengsl.<\/p><p>Verndandi athafnir gegn \u00f3heppilegum tunglahrifum f\u00f3lust \u00ed a\u00f0 bera \u00e1kve\u00f0in verndargripi, vir\u00f0a tunglb\u00f6nn \u00e1 me\u00f0g\u00f6ngu og fara me\u00f0 helgior\u00f0 \u00feegar n\u00fdtt tunglsig\u00f0 s\u00e1st fyrst. \u00deessar athafnir eru vel skjalfestar \u00fej\u00f3\u00f0fr\u00e6\u00f0ilega.<\/p><p>Fr\u00e6\u00f0ilega s\u00e9\u00f0 er samtenging tungls, kvenl\u00edkama og frj\u00f3semi fyrirb\u00e6ri sem er au\u00f0ugt \u00ed samanbur\u00f0i. H\u00fan finnst \u00ed fj\u00f6lm\u00f6rgum tr\u00faarbr\u00f6g\u00f0um og er ekki einst\u00f6k fyrir Sama. S\u00e9rsta\u00f0a Sama liggur \u00ed pers\u00f3nugervingunni sem karlkyns M\u00e1nnu, \u00f3l\u00edkt kvenkyns tunglgy\u00f0jum margra annarra hef\u00f0a.<\/p>\t\t\t\t\t\t\t\t<\/div>\n\t\t\t\t<\/div>\n\t\t\t\t\t<\/div>\n\t\t\t\t<\/div>\n\t\t<div class=\"elementor-element elementor-element-iwgw-maennusami-s5 e-flex e-con-boxed e-con e-parent\" data-id=\"iwgw-maennusami-s5\" data-element_type=\"container\" data-e-type=\"container\">\n\t\t\t\t\t<div class=\"e-con-inner\">\n\t\t\t\t<div class=\"elementor-element elementor-element-iwgw-maennusami-s5h elementor-widget elementor-widget-heading\" data-id=\"iwgw-maennusami-s5h\" data-element_type=\"widget\" data-e-type=\"widget\" data-widget_type=\"heading.default\">\n\t\t\t\t\t<h2 class=\"elementor-heading-title elementor-size-default\">Sjaman\u00edsk i\u00f0kun og M\u00e1nnu<\/h2>\t\t\t\t<\/div>\n\t\t<div class=\"elementor-element elementor-element-iwgw-maennusami-s5c e-con-full e-flex e-con e-child\" data-id=\"iwgw-maennusami-s5c\" data-element_type=\"container\" data-e-type=\"container\">\n\t\t\t\t<div class=\"elementor-element elementor-element-iwgw-maennusami-s5t elementor-widget elementor-widget-text-editor\" data-id=\"iwgw-maennusami-s5t\" data-element_type=\"widget\" data-e-type=\"widget\" data-widget_type=\"text-editor.default\">\n\t\t\t\t\t\t\t\t\t<p><em>Noaidi<\/em>, sam\u00edsku sjamanarnir, h\u00f6f\u00f0u M\u00e1nnu sem einn af nokkrum vi\u00f0m\u00e6lendum. Vi\u00f0 ve\u00f0ursp\u00e1r, fer\u00f0al\u00f6g \u00ed heimskautan\u00f3ttinni og \u00e1kve\u00f0nar heilunarathafnir var unnt a\u00f0 \u00e1kalla M\u00e1nnu. Transi\u00f0kunin var bundin trommunni, en myndir hennar s\u00fdndu \u00e1kallslei\u00f0irnar.<\/p><p>\u00c1kve\u00f0in \u00e1kallsath\u00f6fn er skjalfest \u00ed fr\u00e1s\u00f6gnum Schefferus og s\u00ed\u00f0ari tr\u00fabo\u00f0a. Noaidi sl\u00f3 trommuna, s\u00f6ng joik-<span class=\"iwg-fachbegriff\" data-tooltip=\"\u00dea\u00f0 a\u00f0 \u00e1varpa e\u00f0a \u00e1kalla gu\u00f0 e\u00f0a m\u00e1tt me\u00f0 b\u00e6n e\u00f0a galdri.\" tabindex=\"0\">\u00e1kall<\/span> og l\u00e9t s\u00e1l s\u00edna, \u00ed transi, fer\u00f0ast til tunglsins. \u00deessar sjaman\u00edsku fer\u00f0ir voru minna dramat\u00edskar en fer\u00f0irnar til m\u00e1ttarvalda undirheimanna, en sj\u00e1lfst\u00e6\u00f0ar \u00ed tr\u00faarfyrirb\u00e6rafr\u00e6\u00f0ilegu tilliti.<\/p><p>\u00cd samanbur\u00f0i vi\u00f0 hef\u00f0 <a href=\"https:\/\/iwell-guard.com\/is\/inuit-og-nordurslodir-sedna-tornit\/\">In\u00fa\u00edta<\/a>, \u00fear sem tunglfer\u00f0 sjamansins er vel skjalfest (sj\u00e1 <a href=\"https:\/\/iwell-guard.com\/is\/?page_id=169006\">Igaluk<\/a>), er sam\u00edska tunglfer\u00f0in s\u00ed\u00f0ur n\u00e1kv\u00e6mlega l\u00fdst. \u00deetta \u00f3jafnv\u00e6gi \u00ed <span class=\"iwg-fachbegriff\" data-tooltip=\"\u00dea\u00f0 a\u00f0 mi\u00f0la \u00feekkingu og fr\u00e1s\u00f6gnum milli kynsl\u00f3\u00f0a.\" tabindex=\"0\">arfleif\u00f0<\/span> \u00fearf a\u00f0 sko\u00f0a me\u00f0 a\u00f0fer\u00f0afr\u00e6\u00f0ilegri gagnr\u00fdni.<\/p>\t\t\t\t\t\t\t\t<\/div>\n\t\t\t\t<\/div>\n\t\t\t\t\t<\/div>\n\t\t\t\t<\/div>\n\t\t<div class=\"elementor-element elementor-element-iwgw-maennusami-s6 e-flex e-con-boxed e-con e-parent\" data-id=\"iwgw-maennusami-s6\" data-element_type=\"container\" data-e-type=\"container\">\n\t\t\t\t\t<div class=\"e-con-inner\">\n\t\t\t\t<div class=\"elementor-element elementor-element-iwgw-maennusami-s6h elementor-widget elementor-widget-heading\" data-id=\"iwgw-maennusami-s6h\" data-element_type=\"widget\" data-e-type=\"widget\" data-widget_type=\"heading.default\">\n\t\t\t\t\t<h2 class=\"elementor-heading-title elementor-size-default\">M\u00e1nnu og n\u00f3ttin<\/h2>\t\t\t\t<\/div>\n\t\t<div class=\"elementor-element elementor-element-iwgw-maennusami-s6c e-con-full e-flex e-con e-child\" data-id=\"iwgw-maennusami-s6c\" data-element_type=\"container\" data-e-type=\"container\">\n\t\t\t\t<div class=\"elementor-element elementor-element-iwgw-maennusami-s6t elementor-widget elementor-widget-text-editor\" data-id=\"iwgw-maennusami-s6t\" data-element_type=\"widget\" data-e-type=\"widget\" data-widget_type=\"text-editor.default\">\n\t\t\t\t\t\t\t\t\t<p>M\u00e1nnu er ekki a\u00f0eins tungli\u00f0 sj\u00e1lft, heldur einnig pers\u00f3nuger\u00f0ur herra n\u00e6turins. \u00cd hinum nor\u00f0l\u00e6gu heimi er n\u00f3ttin ekki hverfandi t\u00edmabil, heldur sj\u00e1lfst\u00e6tt tr\u00faarlegt svi\u00f0 \u00fear sem \u00e1kve\u00f0nir andar ver\u00f0a virkir og eigi\u00f0 bannkerfi gildir.<\/p><p>\u00c1kve\u00f0in verk voru b\u00f6nnu\u00f0 \u00e1 n\u00f3ttunni, svo sem a\u00f0 tala h\u00e1tt, skera hv\u00f6ss verkf\u00e6ri e\u00f0a syngja \u00e1kve\u00f0nar joik-v\u00edsur. \u00deessi b\u00f6nn v\u00edsu\u00f0u til M\u00e1nnu og skyldu koma \u00ed veg fyrir a\u00f0 styggja hann e\u00f0a raska r\u00f3 hans.<\/p><p>\u00cd heimskautavetrinum, \u00feegar n\u00f3ttin varir \u00ed margar vikur, var M\u00e1nnu st\u00f6\u00f0ug n\u00e6rvera. Tr\u00faarfyrirb\u00e6rafr\u00e6\u00f0ilega er \u00feessi tilvistarlega d\u00fdpt n\u00e6turins s\u00e9rstakt fyrirb\u00e6ri \u00ed tr\u00faarbr\u00f6g\u00f0um nor\u00f0ursl\u00f3\u00f0a og gerir M\u00e1nnu mikilv\u00e6gari en \u00ed tempru\u00f0um tr\u00faarbr\u00f6g\u00f0um.<\/p>\t\t\t\t\t\t\t\t<\/div>\n\t\t\t\t<\/div>\n\t\t\t\t\t<\/div>\n\t\t\t\t<\/div>\n\t\t<div class=\"elementor-element elementor-element-iwgw-maennusami-s7 e-flex e-con-boxed e-con e-parent\" data-id=\"iwgw-maennusami-s7\" data-element_type=\"container\" data-e-type=\"container\">\n\t\t\t\t\t<div class=\"e-con-inner\">\n\t\t\t\t<div class=\"elementor-element elementor-element-iwgw-maennusami-s7h elementor-widget elementor-widget-heading\" data-id=\"iwgw-maennusami-s7h\" data-element_type=\"widget\" data-e-type=\"widget\" data-widget_type=\"heading.default\">\n\t\t\t\t\t<h2 class=\"elementor-heading-title elementor-size-default\">Samanbur\u00f0ur vi\u00f0 a\u00f0ra tunglgu\u00f0i<\/h2>\t\t\t\t<\/div>\n\t\t<div class=\"elementor-element elementor-element-iwgw-maennusami-s7c e-con-full e-flex e-con e-child\" data-id=\"iwgw-maennusami-s7c\" data-element_type=\"container\" data-e-type=\"container\">\n\t\t\t\t<div class=\"elementor-element elementor-element-iwgw-maennusami-s7t elementor-widget elementor-widget-text-editor\" data-id=\"iwgw-maennusami-s7t\" data-element_type=\"widget\" data-e-type=\"widget\" data-widget_type=\"text-editor.default\">\n\t\t\t\t\t\t\t\t\t<p>M\u00e1nnu tilheyrir flokki karlkyns tunglgu\u00f0a sem finnast \u00ed nor\u00f0ur-evr\u00f3pskri, baltneskri og \u00far\u00f6lskri hef\u00f0. Byggingarlega samb\u00e6rilegir eru germanski M\u00e1ni, baltneski Meness, finnski Kuu-Ukko og tunglgu\u00f0 <a href=\"https:\/\/iwell-guard.com\/is\/inuit-og-nordurslodir-sedna-tornit\/\">In\u00fa\u00edta<\/a>, <a href=\"https:\/\/iwell-guard.com\/is\/?page_id=169006\">Igaluk<\/a>.<\/p><p>\u00deessi kynskipting, karlkyns tungl \/ kvenkyns s\u00f3l, er ekki tilviljun, heldur myndar sj\u00e1lfst\u00e6tt svi\u00f0 \u00ed tr\u00faarfyrirb\u00e6rafr\u00e6\u00f0i. Umr\u00e6\u00f0a tr\u00faars\u00f6gunnar um uppruna \u00feessa lags er g\u00f6mul og ekki til lykta leidd.<\/p><p>\u00d3l\u00edkt Igaluk In\u00fa\u00edta, sem \u00e1 sifjaspellslegan <span class=\"iwg-fachbegriff\" data-tooltip=\"Hef\u00f0bundin fr\u00e1s\u00f6gn um gu\u00f0i, uppruna og skipan heimsins.\" tabindex=\"0\">go\u00f0s\u00f6gn<\/span> me\u00f0 systur sinni, s\u00f3linni, hefur sam\u00edska M\u00e1nnu-Beaivi-tengsli\u00f0 enga jafn dramat\u00edska <span class=\"iwg-fachbegriff\" data-tooltip=\"Hef\u00f0bundin fr\u00e1s\u00f6gn um gu\u00f0i, uppruna og skipan heimsins.\" tabindex=\"0\">go\u00f0s\u00f6gn<\/span>. \u00deessi munur er uppl\u00fdsandi \u00ed tr\u00faarfyrirb\u00e6rafr\u00e6\u00f0ilegu tilliti.<\/p>\t\t\t\t\t\t\t\t<\/div>\n\t\t\t\t<\/div>\n\t\t\t\t\t<\/div>\n\t\t\t\t<\/div>\n\t\t<div class=\"elementor-element elementor-element-iwgw-maennusami-s8 e-flex e-con-boxed e-con e-parent\" data-id=\"iwgw-maennusami-s8\" data-element_type=\"container\" data-e-type=\"container\">\n\t\t\t\t\t<div class=\"e-con-inner\">\n\t\t\t\t<div class=\"elementor-element elementor-element-iwgw-maennusami-s8h elementor-widget elementor-widget-heading\" data-id=\"iwgw-maennusami-s8h\" data-element_type=\"widget\" data-e-type=\"widget\" data-widget_type=\"heading.default\">\n\t\t\t\t\t<h2 class=\"elementor-heading-title elementor-size-default\">Tr\u00fabo\u00f0 og b\u00e6ling<\/h2>\t\t\t\t<\/div>\n\t\t<div class=\"elementor-element elementor-element-iwgw-maennusami-s8c e-con-full e-flex e-con e-child\" data-id=\"iwgw-maennusami-s8c\" data-element_type=\"container\" data-e-type=\"container\">\n\t\t\t\t<div class=\"elementor-element elementor-element-iwgw-maennusami-s8t elementor-widget elementor-widget-text-editor\" data-id=\"iwgw-maennusami-s8t\" data-element_type=\"widget\" data-e-type=\"widget\" data-widget_type=\"text-editor.default\">\n\t\t\t\t\t\t\t\t\t<p>Kristnibo\u00f0i\u00f0 hefur r\u00e1\u00f0ist minna \u00e1 M\u00e1nnu en \u00e1 Beaivi, \u00fev\u00ed hlutverk hans sem tunglvar\u00f0ar rakst ekki beint \u00e1 kristnar kenningar. \u00der\u00e1tt fyrir \u00fea\u00f0 var helgiath\u00f6fnin, <span class=\"iwg-fachbegriff\" data-tooltip=\"\u00dea\u00f0 a\u00f0 \u00e1varpa e\u00f0a \u00e1kalla gu\u00f0 e\u00f0a m\u00e1tt me\u00f0 b\u00e6n e\u00f0a galdri.\" tabindex=\"0\">\u00e1kalli\u00f0<\/span> til M\u00e1nnu, b\u00f6nnu\u00f0 af tr\u00fabo\u00f0inu.<\/p><p>\u00cd n\u00faverandi endurvakningu sam\u00edskrar menningar er M\u00e1nnu s\u00ed\u00f0ur s\u00fdnilegur en Beaivi, en kemur fram \u00ed joik-textum, sam\u00edskum b\u00f3kmenntum og myndlist. Fr\u00e6\u00f0ileg \u00farvinnsla \u00e1 M\u00e1nnu er \u00ed gangi.<\/p><p>\u00c1kve\u00f0nar ranns\u00f3knarskor\u00f0ur eru til sta\u00f0ar var\u00f0andi n\u00e1kv\u00e6ma sv\u00e6\u00f0isbundna a\u00f0greiningu M\u00e1nnu og tengsl hans vi\u00f0 a\u00f0ra karlkyns gu\u00f0i \u00ed sam\u00edskri hef\u00f0. \u00deessar ey\u00f0ur \u00fearf a\u00f0 taka fyrir \u00ed frekari ranns\u00f3knum.<\/p>\t\t\t\t\t\t\t\t<\/div>\n\t\t\t\t<\/div>\n\t\t\t\t\t<\/div>\n\t\t\t\t<\/div>\n\t\t<div class=\"elementor-element elementor-element-iwgw-maennusami-s9 e-flex e-con-boxed e-con e-parent\" data-id=\"iwgw-maennusami-s9\" data-element_type=\"container\" data-e-type=\"container\">\n\t\t\t\t\t<div class=\"e-con-inner\">\n\t\t\t\t<div class=\"elementor-element elementor-element-iwgw-maennusami-s9h elementor-widget elementor-widget-heading\" data-id=\"iwgw-maennusami-s9h\" data-element_type=\"widget\" data-e-type=\"widget\" data-widget_type=\"heading.default\">\n\t\t\t\t\t<h2 class=\"elementor-heading-title elementor-size-default\">Krossv\u00edsanir \u00ed or\u00f0asafninu<\/h2>\t\t\t\t<\/div>\n\t\t<div class=\"elementor-element elementor-element-iwgw-maennusami-s9c e-con-full e-flex e-con e-child\" data-id=\"iwgw-maennusami-s9c\" data-element_type=\"container\" data-e-type=\"container\">\n\t\t\t\t<div class=\"elementor-element elementor-element-iwgw-maennusami-s9t elementor-widget elementor-widget-text-editor\" data-id=\"iwgw-maennusami-s9t\" data-element_type=\"widget\" data-e-type=\"widget\" data-widget_type=\"text-editor.default\">\n\t\t\t\t\t\t\t\t\t<p>M\u00e1nnu tengist <a href=\"https:\/\/iwell-guard.com\/is\/?page_id=169009\">Beaivi<\/a>, <a href=\"https:\/\/iwell-guard.com\/is\/?page_id=169011\">R\u00e1hka<\/a>, <a href=\"https:\/\/iwell-guard.com\/is\/?page_id=169012\">Stallo<\/a>, <a href=\"https:\/\/iwell-guard.com\/is\/?page_id=169013\">Sara-Akka<\/a>, <a href=\"https:\/\/iwell-guard.com\/is\/?page_id=169014\">Uksakka<\/a>, <a href=\"https:\/\/iwell-guard.com\/is\/?page_id=169015\">Juksakka<\/a>, <a href=\"https:\/\/iwell-guard.com\/is\/?page_id=169016\">Madderakka<\/a>, <a href=\"https:\/\/iwell-guard.com\/is\/?page_id=169017\">Jabmiidaibmu<\/a> og <a href=\"https:\/\/iwell-guard.com\/is\/?page_id=169018\">Saivo<\/a>. Menningarmi\u00f0st\u00f6\u00f0in <a href=\"https:\/\/iwell-guard.com\/is\/sami-finnsk-ugrisk-hefd-noaidi-tromma\/\">Sam\u00edsk hef\u00f0<\/a> rammar inn tungl-<span class=\"iwg-fachbegriff\" data-tooltip=\"Hin fr\u00e6\u00f0ilega kenning um gu\u00f0 og tr\u00fa tiltekinnar tr\u00faarbrag\u00f0a.\" tabindex=\"0\">gu\u00f0fr\u00e6\u00f0ina<\/span>. Samb\u00e6rilegir tunglgu\u00f0ir finnast \u00ed r\u00f6\u00f0 lemma <a href=\"https:\/\/iwell-guard.com\/is\/inuit-og-nordurslodir-sedna-tornit\/\">In\u00fa\u00edta<\/a> undir <em>Igaluk<\/em>.<\/p>\t\t\t\t\t\t\t\t<\/div>\n\t\t\t\t<\/div>\n\t\t\t\t\t<\/div>\n\t\t\t\t<\/div>\n\t\t<div class=\"elementor-element elementor-element-cp2cd340d2 e-flex e-con-boxed e-con e-parent\" data-id=\"cp2cd340d2\" data-element_type=\"container\" data-e-type=\"container\">\n\t\t\t\t\t<div class=\"e-con-inner\">\n\t\t\t\t<div class=\"elementor-element elementor-element-cp28f9a953 elementor-widget elementor-widget-heading\" data-id=\"cp28f9a953\" data-element_type=\"widget\" data-e-type=\"widget\" data-widget_type=\"heading.default\">\n\t\t\t\t\t<h2 class=\"elementor-heading-title elementor-size-default\">Tungli\u00f0 og t\u00edmatali\u00f0 \u00ed sam\u00edska \u00e1rshringnum<\/h2>\t\t\t\t<\/div>\n\t\t<div class=\"elementor-element elementor-element-cp262aa8d5 e-flex e-con-boxed e-con e-child\" data-id=\"cp262aa8d5\" data-element_type=\"container\" data-e-type=\"container\">\n\t\t\t\t\t<div class=\"e-con-inner\">\n\t\t\t\t<div class=\"elementor-element elementor-element-cp2c466645 elementor-widget elementor-widget-text-editor\" data-id=\"cp2c466645\" data-element_type=\"widget\" data-e-type=\"widget\" data-widget_type=\"text-editor.default\">\n\t\t\t\t\t\t\t\t\t<p>M\u00e4nnu er sam\u00edska or\u00f0i\u00f0 yfir tungli\u00f0, og hugmyndirnar sem tengjast honum ver\u00f0a a\u00f0eins skiljanlegar \u00ed samhengi vi\u00f0 sam\u00edska t\u00edmatali\u00f0.<\/p><p>\u00d3l\u00edkt samf\u00e9l\u00f6gum sem stundu\u00f0u akuryrkju f\u00f3r \u00e1ri\u00f0 hj\u00e1 hreind\u00fdrahaldandi og vei\u00f0andi sam\u00edskum h\u00f3pum eftir far d\u00fdranna, lj\u00f3sinu og tunglst\u00f6\u00f0unum. Tungli\u00f0 var \u00ed hinni l\u00f6ngu og s\u00f3larlitlu heimskautsn\u00f3ttu nor\u00f0ursins einn af f\u00e1um \u00e1rei\u00f0anlegum t\u00edmamerkjum.<\/p><p>Sam\u00edsku m\u00e1na\u00f0an\u00f6fnin, a\u00f0 \u00fev\u00ed leyti sem \u00feau eru kunn \u00far s\u00ed\u00f0ari t\u00edma heimildum, v\u00edsa til \u00e1\u00fereifanlegra fyrirb\u00e6ra \u00ed n\u00e1tt\u00farunni og hreind\u00fdrab\u00faskapnum, svo sem k\u00e1lfabur\u00f0ar, fengit\u00ed\u00f0ar e\u00f0a \u00e1kve\u00f0inna snj\u00f3a\u00f0st\u00e6\u00f0na.<\/p><p>Tunglhringurinn skipulag\u00f0i \u00feannig ekki abstrakt t\u00edmatalskerfi heldur hagn\u00fdta r\u00f6\u00f0 athafna. Fr\u00e6\u00f0imenn hafa bent \u00e1 a\u00f0 pers\u00f3nugerving tunglsins sem M\u00e4nnu ver\u00f0i ekki skilin fr\u00e1 \u00feessu hlutverki: himnesk vera sem birtir breytingar lj\u00f3ssins er \u00ed senn skipulagsreglu daglegs l\u00edfs.<\/p><p>Hversu miki\u00f0 M\u00e4nnu var talin sj\u00e1lfst\u00e6\u00f0 d\u00fdrku\u00f0 vera og hversu miki\u00f0 or\u00f0i\u00f0 einfaldlega v\u00edsa\u00f0i til himinhlutarins er erfitt a\u00f0 greina \u00fat fr\u00e1 heimildunum. \u00deeir sem skr\u00e1\u00f0u heimildir \u00e1 17. og 18. \u00f6ld h\u00f6f\u00f0u tilhneigingu til a\u00f0 t\u00falka hvert himinfyrirb\u00e6ri samstundis sem <span class=\"iwg-fachbegriff\" data-tooltip=\"Vera sem er d\u00fdrku\u00f0 sem gu\u00f0leg innan tr\u00faarbrag\u00f0a.\" tabindex=\"0\">go\u00f0<\/span>, \u00fev\u00ed \u00feeir bjuggust vi\u00f0 fullkomnu <span class=\"iwg-fachbegriff\" data-tooltip=\"Heild gu\u00f0a \u00ed tr\u00faarbr\u00f6g\u00f0um e\u00f0a menningu.\" tabindex=\"0\">go\u00f0aveldi<\/span>.<\/p><p>\u00d6ruggt er a\u00f0eins a\u00f0 tungli\u00f0 haf\u00f0i \u00e1berandi st\u00f6\u00f0u \u00ed sam\u00edskri heimsmynd. Hvort \u00fev\u00ed voru f\u00e6r\u00f0ar s\u00e9rstakar <span class=\"iwg-fachbegriff\" data-tooltip=\"Gj\u00f6f til gu\u00f0s til a\u00f0 tj\u00e1 \u00feakkl\u00e6ti, b\u00e6n e\u00f0a lotningu.\" tabindex=\"0\">f\u00f3rnir<\/span> er breytilegt eftir sv\u00e6\u00f0um og ekki sta\u00f0fest alls sta\u00f0ar. Tengsl tunglsins vi\u00f0 t\u00edmatali\u00f0 eru \u00fea\u00f0 atri\u00f0i arfleif\u00f0arins sem er best sta\u00f0fest \u00ed <span class=\"iwg-fachbegriff\" data-tooltip=\"Mi\u00f0lun \u00feekkingar og sagna kynsl\u00f3\u00f0 eftir kynsl\u00f3\u00f0.\" tabindex=\"0\">munnm\u00e6lum<\/span>.<\/p>\t\t\t\t\t\t\t\t<\/div>\n\t\t\t\t\t<\/div>\n\t\t\t\t<\/div>\n\t\t\t\t\t<\/div>\n\t\t\t\t<\/div>\n\t\t<div class=\"elementor-element elementor-element-cp22cab687 e-flex e-con-boxed e-con e-parent\" data-id=\"cp22cab687\" data-element_type=\"container\" data-e-type=\"container\">\n\t\t\t\t\t<div class=\"e-con-inner\">\n\t\t\t\t<div class=\"elementor-element elementor-element-cp2d78d8ab elementor-widget elementor-widget-heading\" data-id=\"cp2d78d8ab\" data-element_type=\"widget\" data-e-type=\"widget\" data-widget_type=\"heading.default\">\n\t\t\t\t\t<h2 class=\"elementor-heading-title elementor-size-default\">S\u00f3l og tungl sem gagnst\u00e6tt par \u00ed heimsmynd galdratrommunnar<\/h2>\t\t\t\t<\/div>\n\t\t<div class=\"elementor-element elementor-element-cp275af7ae e-flex e-con-boxed e-con e-child\" data-id=\"cp275af7ae\" data-element_type=\"container\" data-e-type=\"container\">\n\t\t\t\t\t<div class=\"e-con-inner\">\n\t\t\t\t<div class=\"elementor-element elementor-element-cp2509efdb elementor-widget elementor-widget-text-editor\" data-id=\"cp2509efdb\" data-element_type=\"widget\" data-e-type=\"widget\" data-widget_type=\"text-editor.default\">\n\t\t\t\t\t\t\t\t\t<p>\u00c1 m\u00f6rgum sam\u00edskum galdratrommum birtast s\u00f3l og tungl saman, oft \u00ed mi\u00f0ju e\u00f0a efri hluta trommuskinnsins. S\u00f3lin, \u00e1 sam\u00edsku <em>beaivi<\/em> e\u00f0a tengdum or\u00f0myndum, er oft s\u00fdnd sem t\u00edgullaga mynd me\u00f0 \u00fatst\u00e6\u00f0um geislum e\u00f0a \u00f6rmum, og innan \u00feeirra sv\u00e6\u00f0a eru fleiri t\u00e1kn.<\/p><p>Tungli\u00f0 stendur venjulega sem s\u00e9rst\u00f6k, minni mynd vi\u00f0 hli\u00f0ina. \u00deessi samst\u00e6\u00f0a bendir til \u00feess a\u00f0 himintunglin tv\u00f6 hafi \u00ed sam\u00edskri <span class=\"iwg-fachbegriff\" data-tooltip=\"Hugmynd um uppbyggingu og skipan heimsins innan menningar.\" tabindex=\"0\">heimsmynd<\/span> veri\u00f0 hugsu\u00f0 sem samst\u00e6tt m\u00f3tv\u00e6gi.<\/p><p>N\u00e1kv\u00e6m merking \u00feessa pars ver\u00f0ur ekki lesin \u00fat \u00far trommunum eina saman. Sk\u00fdringarnar sem samt\u00edmamenn skr\u00e1\u00f0u, eins og \u00f6ll trommuarfleif\u00f0in, eru komnar utan fr\u00e1 og eru ekki samr\u00e6mdar.<\/p><p>Sumir t\u00falkendur g\u00e1fu s\u00f3linni yfirskipa\u00f0, l\u00edfgefandi hlutverk og litu \u00e1 tungli\u00f0 sem v\u00edkjandi st\u00e6r\u00f0 n\u00e6turins og dimma t\u00edmans. Hvort \u00feessi stigskipting samsvara\u00f0i raunverulega sam\u00edskri hugsun e\u00f0a er varpa evr\u00f3pskra skipulagshugmynda er \u00f3lj\u00f3st.<\/p><p>\u00d6ruggt er a\u00f0 sam\u00edsk tr\u00fa var mj\u00f6g bundin athugun himins og a\u00f0 s\u00f3l og tungl eru me\u00f0al f\u00e1u myndanna sem koma fyrir aftur og aftur \u00e1 trommum fr\u00e1 mismunandi sv\u00e6\u00f0um. Fyrir M\u00e4nnu \u00fe\u00fd\u00f0ir \u00feetta hlutfallslegan st\u00f6\u00f0ugleika <span class=\"iwg-fachbegriff\" data-tooltip=\"Mi\u00f0lun \u00feekkingar og sagna kynsl\u00f3\u00f0 eftir kynsl\u00f3\u00f0.\" tabindex=\"0\">munnm\u00e6lanna<\/span> \u00ed samanbur\u00f0i vi\u00f0 sta\u00f0bundnari verur.<\/p><p>\u00de\u00f3 gildir h\u00e9r einnig a\u00f0 myndefni\u00f0 veitir ekki bein a\u00f0gang a\u00f0 go\u00f0s\u00f6gum e\u00f0a si\u00f0um. \u00dea\u00f0 s\u00fdnir st\u00f6\u00f0u \u00ed heimsmyndarlegri byggingu, ekki sag\u00f0a \u00e6vifer\u00f0. N\u00fat\u00edma fr\u00e6\u00f0imenn fjalla \u00fev\u00ed um trommumyndirnar sem byggingarvitnisbur\u00f0, ekki sem myndskreytta <span class=\"iwg-fachbegriff\" data-tooltip=\"Heild var\u00f0veittra go\u00f0asagna innan menningar.\" tabindex=\"0\">go\u00f0afr\u00e6\u00f0i<\/span>.<\/p>\t\t\t\t\t\t\t\t<\/div>\n\t\t\t\t\t<\/div>\n\t\t\t\t<\/div>\n\t\t\t\t\t<\/div>\n\t\t\t\t<\/div>\n\t\t<div class=\"elementor-element elementor-element-iwgw-maennusami-lit e-flex e-con-boxed e-con e-parent\" data-id=\"iwgw-maennusami-lit\" data-element_type=\"container\" data-e-type=\"container\">\n\t\t\t\t\t<div class=\"e-con-inner\">\n\t\t\t\t<div class=\"elementor-element elementor-element-iwgw-maennusami-lith elementor-widget elementor-widget-heading\" data-id=\"iwgw-maennusami-lith\" data-element_type=\"widget\" data-e-type=\"widget\" data-widget_type=\"heading.default\">\n\t\t\t\t\t<h2 class=\"elementor-heading-title elementor-size-default\">Heimildir (\u00farval)<\/h2>\t\t\t\t<\/div>\n\t\t<div class=\"elementor-element elementor-element-iwgw-maennusami-litc e-con-full e-flex e-con e-child\" data-id=\"iwgw-maennusami-litc\" data-element_type=\"container\" data-e-type=\"container\">\n\t\t\t\t<div class=\"elementor-element elementor-element-iwgw-maennusami-litt elementor-widget elementor-widget-text-editor\" data-id=\"iwgw-maennusami-litt\" data-element_type=\"widget\" data-e-type=\"widget\" data-widget_type=\"text-editor.default\">\n\t\t\t\t\t\t\t\t\t<ul><li>H\u00e5kan Rydving: <em>The End of Drum-Time<\/em> (Uppsala 1993)<\/li><li>Juha Pentik\u00e4inen: <em>Saamelaiset. Pohjoisen kansan mytologia<\/em> (Helsinki 1995)<\/li><li>Ernst Manker: <em>Die Lappische Zaubertrommel<\/em> (Stockholm 1938-1950)<\/li><li>Johannes Schefferus: <em>Lapponia<\/em> (Frankfurt 1673)<\/li><li>Knud Leem: <em>Beskrivelse over Finmarkens Lapper<\/em> (Kopenhagen 1767)<\/li><li>Anna Lia Berthelsen: <em>The Sami People<\/em> (Fairbanks 2002)<\/li><\/ul>\t\t\t\t\t\t\t\t<\/div>\n\t\t\t\t<\/div>\n\t\t\t\t\t<\/div>\n\t\t\t\t<\/div>\n\t\t<div class=\"elementor-element elementor-element-iwgkw-add-maennusami e-flex e-con-boxed e-con e-parent\" data-id=\"iwgkw-add-maennusami\" data-element_type=\"container\" data-e-type=\"container\">\n\t\t\t\t\t<div class=\"e-con-inner\">\n\t\t\t\t<div class=\"elementor-element elementor-element-iwgkw-add-maennusami-t elementor-widget elementor-widget-text-editor\" data-id=\"iwgkw-add-maennusami-t\" data-element_type=\"widget\" data-e-type=\"widget\" data-widget_type=\"text-editor.default\">\n\t\t\t\t\t\t\t\t\t<p>M\u00e1nnu birtist \u00ed sam\u00edskri tr\u00fa sem tunglgu\u00f0 og <em>fylgifiskur<\/em> n\u00e6trart\u00edmans, sem einnig var talinn <em>verndari<\/em> fer\u00f0amanna, hjar\u00f0manna og vegfarenda \u00ed hinum langa heimskautsvetri. Fr\u00e1sagnir fr\u00e1 17. og 18. \u00f6ld tengja hann vi\u00f0 \u00feungun, frj\u00f3semi og t\u00edmatal. \u00c1 sjamanatrommum er hann \u00f6\u00f0ru hvoru s\u00fdndur sem tunglsk\u00edfa vi\u00f0 hli\u00f0 s\u00f3lart\u00e1knsins Beaivi.<\/p>\t\t\t\t\t\t\t\t<\/div>\n\t\t\t\t\t<\/div>\n\t\t\t\t<\/div>\n\t\t<div class=\"elementor-element elementor-element-iwgw-maennusami-kwd e-flex e-con-boxed e-con e-parent\" data-id=\"iwgw-maennusami-kwd\" data-element_type=\"container\" data-e-type=\"container\">\n\t\t\t\t\t<div class=\"e-con-inner\">\n\t\t<div class=\"elementor-element elementor-element-iwgw-maennusami-kwdc e-con-full e-flex e-con e-child\" data-id=\"iwgw-maennusami-kwdc\" data-element_type=\"container\" data-e-type=\"container\">\n\t\t\t\t<div class=\"elementor-element elementor-element-iwgw-maennusami-kwdt elementor-widget elementor-widget-text-editor\" data-id=\"iwgw-maennusami-kwdt\" data-element_type=\"widget\" data-e-type=\"widget\" data-widget_type=\"text-editor.default\">\n\t\t\t\t\t\t\t\t\t<p><em>Tengd leitaror\u00f0: M\u00e1nnu Aski Manno Sami tunglgu\u00f0 tunglhringur tromma Goavddis Noaidi.<\/em><\/p>\t\t\t\t\t\t\t\t<\/div>\n\t\t\t\t<\/div>\n\t\t\t\t\t<\/div>\n\t\t\t\t<\/div>\n\t\t<div class=\"elementor-element elementor-element-iwgw-maennusami-cc e-flex e-con-boxed e-con e-parent\" data-id=\"iwgw-maennusami-cc\" data-element_type=\"container\" data-e-type=\"container\" id=\"iwg-cc-maennu-sami\">\n\t\t\t\t\t<div class=\"e-con-inner\">\n\t\t<div class=\"elementor-element elementor-element-iwgw-maennusami-ccinner e-flex e-con-boxed e-con e-parent\" data-id=\"iwgw-maennusami-ccinner\" data-element_type=\"container\" data-e-type=\"container\" data-settings=\"{&quot;background_background&quot;:&quot;classic&quot;}\">\n\t\t\t\t\t<div class=\"e-con-inner\">\n\t\t\t\t<div class=\"elementor-element elementor-element-iwgw-maennusami-cch elementor-widget elementor-widget-heading\" data-id=\"iwgw-maennusami-cch\" data-element_type=\"widget\" data-e-type=\"widget\" data-widget_type=\"heading.default\">\n\t\t\t\t\t<h2 class=\"elementor-heading-title elementor-size-default\">iWell Guard og verndarhef\u00f0ir<\/h2>\t\t\t\t<\/div>\n\t\t\t\t<div class=\"elementor-element elementor-element-iwgw-maennusami-cct elementor-widget elementor-widget-text-editor\" data-id=\"iwgw-maennusami-cct\" data-element_type=\"widget\" data-e-type=\"widget\" data-widget_type=\"text-editor.default\">\n\t\t\t\t\t\t\t\t\t<div data-nosnippet=\"true\"><p>iWell Guard byggir \u00e1 menningars\u00f6gulegri hef\u00f0 fars\u00edma verndargripa sem borna eru \u00e1 l\u00edkamanum, \u00ed hef\u00f0 <a href=\"https:\/\/iwell-guard.com\/is\/sami-finnsk-ugrisk-hefd-noaidi-tromma\/\">Sama<\/a> og margra annarra menningarheima um allan heim. 41 l\u00f6g, alv\u00f6ru gull, plat\u00edna, silfur, framleitt \u00ed \u00de\u00fdskalandi. 30 daga skilar\u00e9ttur.<\/p><\/div>\t\t\t\t\t\t\t\t<\/div>\n\t\t\t\t<div class=\"elementor-element elementor-element-iwgw-maennusami-ccb iwg-cc-button iwg-cc-cta-2026-05-13 elementor-widget elementor-widget-jet-button\" data-id=\"iwgw-maennusami-ccb\" data-element_type=\"widget\" data-e-type=\"widget\" data-widget_type=\"jet-button.default\">\n\t\t\t\t<div class=\"elementor-widget-container\">\n\t\t\t\t\t<div class=\"elementor-jet-button jet-elements\"><div class=\"jet-button__container\"><a class=\"jet-button__instance jet-button__instance--icon-left hover-effect-1\" href=\"\/ueber-iwell-guard\/?utm_source=iwell-guard.com&amp;utm_medium=info-box&amp;utm_campaign=wesen-tradition\"><div class=\"jet-button__plane jet-button__plane-normal\"><\/div><div class=\"jet-button__plane jet-button__plane-hover\"><\/div><div class=\"jet-button__state jet-button__state-normal\"><span class=\"jet-button__label\">Meira um iWell Guard<\/span><\/div><div class=\"jet-button__state jet-button__state-hover\"><span class=\"jet-button__label\">Meira um iWell Guard<\/span><\/div><\/a><\/div><\/div><style>.elementor-element.elementor-element-iwgw-maennusami-ccb .jet-button__instance{width:320px;height:56px;}.elementor-element.elementor-element-iwgw-maennusami-ccb .jet-button__state-normal .jet-button__label{text-align:center;margin:0px 0px 0px 0px;color:#1a1b20;font-family:Montserrat,sans-serif;font-size:13px;font-weight:400;letter-spacing:4px;line-height:1.714em;text-transform:uppercase;}.elementor-element.elementor-element-iwgw-maennusami-ccb .jet-button__state-hover .jet-button__label{text-align:center;margin:0px 0px 0px 0px;color:#FECC76;font-family:Montserrat,sans-serif;font-size:13px;font-weight:400;letter-spacing:4px;line-height:1.714em;text-transform:uppercase;}.elementor-element.elementor-element-iwgw-maennusami-ccb .jet-button__plane-normal{background-color:#FECC76;border-style:solid;border-color:#C99540;border-width:2px 2px 2px 2px;}.elementor-element.elementor-element-iwgw-maennusami-ccb .jet-button__plane-hover{background-color:rgba(0,0,0,0.55);border-style:solid;border-color:#FECC76;border-width:2px 2px 2px 2px;}<\/style>\t\t\t\t<\/div>\n\t\t\t\t<\/div>\n\t\t\t\t<div class=\"elementor-element elementor-element-iwgw-maennusami-ccd elementor-widget elementor-widget-text-editor\" data-id=\"iwgw-maennusami-ccd\" data-element_type=\"widget\" data-e-type=\"widget\" data-widget_type=\"text-editor.default\">\n\t\t\t\t\t\t\t\t\t<div data-nosnippet=\"true\"><p style=\"text-align:center;font-size:13px;opacity:0.7;margin-top:14px\" data-nosnippet=\"true\">Pers\u00f3nuleg reynsla getur veri\u00f0 mismunandi. Ekki l\u00e6kningat\u00e6ki. Engin lofor\u00f0 um l\u00e6kningu.<\/p><\/div>\t\t\t\t\t\t\t\t<\/div>\n\t\t\t\t\t<\/div>\n\t\t\t\t<\/div>\n\t\t\t\t\t<\/div>\n\t\t\t\t<\/div>\n\t\t<div class=\"elementor-element elementor-element-iwgw-maennusami-disc e-flex e-con-boxed e-con e-parent\" data-id=\"iwgw-maennusami-disc\" data-element_type=\"container\" data-e-type=\"container\">\n\t\t\t\t\t<div class=\"e-con-inner\">\n\t\t\t\t<div class=\"elementor-element elementor-element-iwgw-maennusami-discw elementor-widget elementor-widget-html\" data-id=\"iwgw-maennusami-discw\" data-element_type=\"widget\" data-e-type=\"widget\" data-widget_type=\"html.default\">\n\t\t\t\t\t<footer data-nosnippet=\"true\" class=\"iwg-disclaimer-block\"><p data-nosnippet=\"true\">iWell Guard er <strong>ekki l\u00e6kningat\u00e6ki<\/strong> og kemur ekki \u00ed sta\u00f0inn fyrir l\u00e6knis- e\u00f0a s\u00e1lfr\u00e6\u00f0ime\u00f0fer\u00f0. Tr\u00faarfr\u00e6\u00f0ilegt efni er menningars\u00f6gulegt samhengi, ekki r\u00e1\u00f0legging um andlega i\u00f0kun.<\/p><\/footer>\t\t\t\t<\/div>\n\t\t\t\t\t<\/div>\n\t\t\t\t<\/div>\n\t\t\t\t<\/div>\n\t\t","protected":false},"excerpt":{"rendered":"","protected":false},"author":3,"featured_media":2893,"parent":0,"menu_order":0,"comment_status":"closed","ping_status":"closed","template":"elementor_header_footer","meta":{"_yoast_wpseo_focuskw":"Mannu Sami tunglgud","_yoast_wpseo_title":"M\u00e1nnu - Tunglgu\u00f0 Sama og verndari n\u00e6tur","_yoast_wpseo_metadesc":"M\u00e1nnu er tunglgu\u00f0 Sama, fylgdarma\u00f0ur n\u00e6tur og tr\u00faarleg st\u00f3rvera \u00ed fornsam\u00edskri hef\u00f0.","_yoast_wpseo_meta-robots-noindex":"","_yoast_wpseo_canonical":"","_angie_page":false,"gefaehrdungsstufe":"","wesen_kultur":"","wesen_klasse":"","footnotes":""},"categories":[],"class_list":["post-169010","page","type-page","status-publish","has-post-thumbnail","hentry"],"yoast_head":"<!-- This site is optimized with the Yoast SEO Premium plugin v27.7 (Yoast SEO v28.3) - https:\/\/yoast.com\/product\/yoast-seo-premium-wordpress\/ -->\n<title>M\u00e1nnu - Tunglgu\u00f0 Sama og verndari n\u00e6tur<\/title>\n<meta name=\"description\" content=\"M\u00e1nnu er tunglgu\u00f0 Sama, fylgdarma\u00f0ur n\u00e6tur og tr\u00faarleg st\u00f3rvera \u00ed fornsam\u00edskri hef\u00f0.\" \/>\n<meta name=\"robots\" content=\"index, follow, max-snippet:-1, max-image-preview:large, max-video-preview:-1\" \/>\n<link rel=\"canonical\" href=\"https:\/\/iwell-guard.com\/is\/mannu-tunglgud-sama\/\" \/>\n<meta property=\"og:locale\" content=\"is_IS\" \/>\n<meta property=\"og:type\" content=\"article\" \/>\n<meta property=\"og:title\" content=\"M\u00e1nnu - Tunglgu\u00f0 Sama\" \/>\n<meta property=\"og:description\" content=\"M\u00e1nnu er tunglgu\u00f0 Sama, fylgdarma\u00f0ur n\u00e6tur og tr\u00faarleg st\u00f3rvera \u00ed fornsam\u00edskri hef\u00f0.\" \/>\n<meta property=\"og:url\" content=\"https:\/\/iwell-guard.com\/is\/mannu-tunglgud-sama\/\" \/>\n<meta property=\"og:site_name\" content=\"iWell Guard\" \/>\n<meta property=\"article:modified_time\" content=\"2026-09-05T14:29:48+00:00\" \/>\n<meta property=\"og:image\" content=\"https:\/\/iwell-guard.com\/wp-content\/uploads\/2026\/05\/goetter_sami_maennu-sami.webp\" \/>\n\t<meta property=\"og:image:width\" content=\"1024\" \/>\n\t<meta property=\"og:image:height\" content=\"1536\" \/>\n\t<meta property=\"og:image:type\" content=\"image\/webp\" \/>\n<meta name=\"twitter:card\" content=\"summary_large_image\" \/>\n<script type=\"application\/ld+json\" class=\"yoast-schema-graph\">{\"@context\":\"https:\\\/\\\/schema.org\",\"@graph\":[{\"@type\":\"WebPage\",\"@id\":\"https:\\\/\\\/iwell-guard.com\\\/is\\\/mannu-tunglgud-sama\\\/\",\"url\":\"https:\\\/\\\/iwell-guard.com\\\/is\\\/mannu-tunglgud-sama\\\/\",\"name\":\"M\u00e1nnu - Tunglgu\u00f0 Sama og verndari n\u00e6tur\",\"isPartOf\":{\"@id\":\"https:\\\/\\\/iwell-guard.com\\\/is\\\/#website\"},\"primaryImageOfPage\":{\"@id\":\"https:\\\/\\\/iwell-guard.com\\\/is\\\/mannu-tunglgud-sama\\\/#primaryimage\"},\"image\":{\"@id\":\"https:\\\/\\\/iwell-guard.com\\\/is\\\/mannu-tunglgud-sama\\\/#primaryimage\"},\"thumbnailUrl\":\"https:\\\/\\\/iwell-guard.com\\\/wp-content\\\/uploads\\\/2026\\\/05\\\/goetter_sami_maennu-sami.webp\",\"datePublished\":\"2026-09-05T14:04:48+00:00\",\"dateModified\":\"2026-09-05T14:29:48+00:00\",\"description\":\"M\u00e1nnu er tunglgu\u00f0 Sama, fylgdarma\u00f0ur n\u00e6tur og tr\u00faarleg st\u00f3rvera \u00ed fornsam\u00edskri hef\u00f0.\",\"breadcrumb\":{\"@id\":\"https:\\\/\\\/iwell-guard.com\\\/is\\\/mannu-tunglgud-sama\\\/#breadcrumb\"},\"inLanguage\":\"is\",\"potentialAction\":[{\"@type\":\"ReadAction\",\"target\":[\"https:\\\/\\\/iwell-guard.com\\\/is\\\/mannu-tunglgud-sama\\\/\"]}]},{\"@type\":\"ImageObject\",\"inLanguage\":\"is\",\"@id\":\"https:\\\/\\\/iwell-guard.com\\\/is\\\/mannu-tunglgud-sama\\\/#primaryimage\",\"url\":\"https:\\\/\\\/iwell-guard.com\\\/wp-content\\\/uploads\\\/2026\\\/05\\\/goetter_sami_maennu-sami.webp\",\"contentUrl\":\"https:\\\/\\\/iwell-guard.com\\\/wp-content\\\/uploads\\\/2026\\\/05\\\/goetter_sami_maennu-sami.webp\",\"width\":1024,\"height\":1536,\"caption\":\"Gu\u00f0ir \u00far hef\u00f0 Sama.\"},{\"@type\":\"BreadcrumbList\",\"@id\":\"https:\\\/\\\/iwell-guard.com\\\/is\\\/mannu-tunglgud-sama\\\/#breadcrumb\",\"itemListElement\":[{\"@type\":\"ListItem\",\"position\":1,\"name\":\"Start\",\"item\":\"https:\\\/\\\/iwell-guard.com\\\/is\\\/?page_id=168580\"},{\"@type\":\"ListItem\",\"position\":2,\"name\":\"M\u00e1nnu &#8211; Tunglgu\u00f0 Sama\"}]},{\"@type\":\"WebSite\",\"@id\":\"https:\\\/\\\/iwell-guard.com\\\/is\\\/#website\",\"url\":\"https:\\\/\\\/iwell-guard.com\\\/is\\\/\",\"name\":\"iWell Guard\",\"description\":\"Schutz vor dunklen Einfl\u00fcssen\",\"publisher\":{\"@id\":\"https:\\\/\\\/iwell-guard.com\\\/is\\\/#organization\"},\"potentialAction\":[{\"@type\":\"SearchAction\",\"target\":{\"@type\":\"EntryPoint\",\"urlTemplate\":\"https:\\\/\\\/iwell-guard.com\\\/is\\\/?s={search_term_string}\"},\"query-input\":{\"@type\":\"PropertyValueSpecification\",\"valueRequired\":true,\"valueName\":\"search_term_string\"}}],\"inLanguage\":\"is\"},{\"@type\":\"Organization\",\"@id\":\"https:\\\/\\\/iwell-guard.com\\\/is\\\/#organization\",\"name\":\"Ittermann electronic GmbH\",\"url\":\"https:\\\/\\\/iwell-guard.com\\\/is\\\/\",\"logo\":{\"@type\":\"ImageObject\",\"inLanguage\":\"is\",\"@id\":\"https:\\\/\\\/iwell-guard.com\\\/is\\\/#\\\/schema\\\/logo\\\/image\\\/\",\"url\":\"https:\\\/\\\/iwell-guard.com\\\/wp-content\\\/uploads\\\/2026\\\/05\\\/Ittermann-Logo-1182x237-1.png\",\"contentUrl\":\"https:\\\/\\\/iwell-guard.com\\\/wp-content\\\/uploads\\\/2026\\\/05\\\/Ittermann-Logo-1182x237-1.png\",\"width\":1182,\"height\":237,\"caption\":\"Ittermann electronic GmbH\"},\"image\":{\"@id\":\"https:\\\/\\\/iwell-guard.com\\\/is\\\/#\\\/schema\\\/logo\\\/image\\\/\"},\"sameAs\":[\"https:\\\/\\\/pantip.com\\\/profile\\\/9367242\",\"https:\\\/\\\/micro.blog\\\/iwellguard\",\"https:\\\/\\\/www.diggerslist.com\\\/iwellguard\\\/about\",\"https:\\\/\\\/skitterphoto.com\\\/photographers\\\/2870314\\\/iwell-guard\",\"https:\\\/\\\/iwellguard.wordpress.com\\\/2026\\\/06\\\/06\\\/iwell-guard\\\/\",\"https:\\\/\\\/hub.docker.com\\\/u\\\/iwellguard\",\"https:\\\/\\\/www.pinterest.com\\\/iwellguard\\\/\",\"https:\\\/\\\/bit.ly\\\/m\\\/iwellguard\",\"https:\\\/\\\/entre-vos-mains.alsace.eu\\\/profiles\\\/iwellguard\\\/activity\",\"https:\\\/\\\/gravatar.com\\\/reallybeded8fd34\",\"https:\\\/\\\/naijamatta.com\\\/iwellguard\",\"https:\\\/\\\/www.goodreads.com\\\/iwellguard\",\"https:\\\/\\\/profile.hatena.ne.jp\\\/iwellguard\\\/\",\"https:\\\/\\\/experiment.com\\\/users\\\/iwellguard\",\"https:\\\/\\\/wakelet.com\\\/@iWellGuard82270\",\"https:\\\/\\\/www.chordie.com\\\/forum\\\/profile.php?id=2555664\",\"https:\\\/\\\/www.instapaper.com\\\/p\\\/17757966\",\"https:\\\/\\\/www.mapleprimes.com\\\/users\\\/iwellguard\",\"https:\\\/\\\/businesslistingplus.com\\\/profile\\\/iwell-guard\\\/\",\"https:\\\/\\\/telegra.ph\\\/iWell-Guard-06-06\",\"https:\\\/\\\/pbase.com\\\/iwellguard\\\/iwellguard\",\"https:\\\/\\\/b.hatena.ne.jp\\\/iwellguard\\\/20260607#bookmark-4788405196491818882\",\"https:\\\/\\\/fliphtml5.com\\\/home\\\/iwellguard\",\"https:\\\/\\\/anyflip.com\\\/homepage\\\/cmiwl#About\",\"https:\\\/\\\/transfur.com\\\/Users\\\/iwellguard\",\"http:\\\/\\\/delphi.larsbo.org\\\/user\\\/iwellguard\",\"https:\\\/\\\/jobs.lajobsportal.org\\\/profiles\\\/8380803-iwell-guard\",\"https:\\\/\\\/md.chaosdorf.de\\\/s\\\/jfbe5SBdJD\",\"https:\\\/\\\/www.lingvolive.com\\\/en-us\\\/profile\\\/9ecaeaca-ce11-4e51-9e71-01d55e2bff36\\\/translations\",\"https:\\\/\\\/www.fitday.com\\\/fitness\\\/forums\\\/members\\\/iwellguard.html\",\"https:\\\/\\\/www.mymeetbook.com\\\/iwellguard\",\"https:\\\/\\\/pxhere.com\\\/en\\\/photographer-me\\\/5040798\",\"https:\\\/\\\/disqus.com\\\/by\\\/iwellguard\\\/about\\\/\",\"https:\\\/\\\/pastelink.net\\\/hjwciqwq\",\"https:\\\/\\\/pubhtml5.com\\\/homepage\\\/scjhn\\\/\",\"https:\\\/\\\/www.bitchute.com\\\/channel\\\/2O2eOKzNqujT\",\"https:\\\/\\\/audiomack.com\\\/iwellguard\"]}]}<\/script>\n<!-- \/ Yoast SEO Premium plugin. -->","yoast_head_json":{"title":"M\u00e1nnu - Tunglgu\u00f0 Sama og verndari n\u00e6tur","description":"M\u00e1nnu er tunglgu\u00f0 Sama, fylgdarma\u00f0ur n\u00e6tur og tr\u00faarleg st\u00f3rvera \u00ed fornsam\u00edskri hef\u00f0.","robots":{"index":"index","follow":"follow","max-snippet":"max-snippet:-1","max-image-preview":"max-image-preview:large","max-video-preview":"max-video-preview:-1"},"canonical":"https:\/\/iwell-guard.com\/is\/mannu-tunglgud-sama\/","og_locale":"is_IS","og_type":"article","og_title":"M\u00e1nnu - Tunglgu\u00f0 Sama","og_description":"M\u00e1nnu er tunglgu\u00f0 Sama, fylgdarma\u00f0ur n\u00e6tur og tr\u00faarleg st\u00f3rvera \u00ed fornsam\u00edskri hef\u00f0.","og_url":"https:\/\/iwell-guard.com\/is\/mannu-tunglgud-sama\/","og_site_name":"iWell Guard","article_modified_time":"2026-09-05T14:29:48+00:00","og_image":[{"width":1024,"height":1536,"url":"https:\/\/iwell-guard.com\/wp-content\/uploads\/2026\/05\/goetter_sami_maennu-sami.webp","type":"image\/webp"}],"twitter_card":"summary_large_image","schema":{"@context":"https:\/\/schema.org","@graph":[{"@type":"WebPage","@id":"https:\/\/iwell-guard.com\/is\/mannu-tunglgud-sama\/","url":"https:\/\/iwell-guard.com\/is\/mannu-tunglgud-sama\/","name":"M\u00e1nnu - Tunglgu\u00f0 Sama og verndari n\u00e6tur","isPartOf":{"@id":"https:\/\/iwell-guard.com\/is\/#website"},"primaryImageOfPage":{"@id":"https:\/\/iwell-guard.com\/is\/mannu-tunglgud-sama\/#primaryimage"},"image":{"@id":"https:\/\/iwell-guard.com\/is\/mannu-tunglgud-sama\/#primaryimage"},"thumbnailUrl":"https:\/\/iwell-guard.com\/wp-content\/uploads\/2026\/05\/goetter_sami_maennu-sami.webp","datePublished":"2026-09-05T14:04:48+00:00","dateModified":"2026-09-05T14:29:48+00:00","description":"M\u00e1nnu er tunglgu\u00f0 Sama, fylgdarma\u00f0ur n\u00e6tur og tr\u00faarleg st\u00f3rvera \u00ed fornsam\u00edskri hef\u00f0.","breadcrumb":{"@id":"https:\/\/iwell-guard.com\/is\/mannu-tunglgud-sama\/#breadcrumb"},"inLanguage":"is","potentialAction":[{"@type":"ReadAction","target":["https:\/\/iwell-guard.com\/is\/mannu-tunglgud-sama\/"]}]},{"@type":"ImageObject","inLanguage":"is","@id":"https:\/\/iwell-guard.com\/is\/mannu-tunglgud-sama\/#primaryimage","url":"https:\/\/iwell-guard.com\/wp-content\/uploads\/2026\/05\/goetter_sami_maennu-sami.webp","contentUrl":"https:\/\/iwell-guard.com\/wp-content\/uploads\/2026\/05\/goetter_sami_maennu-sami.webp","width":1024,"height":1536,"caption":"Gu\u00f0ir \u00far hef\u00f0 Sama."},{"@type":"BreadcrumbList","@id":"https:\/\/iwell-guard.com\/is\/mannu-tunglgud-sama\/#breadcrumb","itemListElement":[{"@type":"ListItem","position":1,"name":"Start","item":"https:\/\/iwell-guard.com\/is\/?page_id=168580"},{"@type":"ListItem","position":2,"name":"M\u00e1nnu &#8211; Tunglgu\u00f0 Sama"}]},{"@type":"WebSite","@id":"https:\/\/iwell-guard.com\/is\/#website","url":"https:\/\/iwell-guard.com\/is\/","name":"iWell Guard","description":"Schutz vor dunklen Einfl\u00fcssen","publisher":{"@id":"https:\/\/iwell-guard.com\/is\/#organization"},"potentialAction":[{"@type":"SearchAction","target":{"@type":"EntryPoint","urlTemplate":"https:\/\/iwell-guard.com\/is\/?s={search_term_string}"},"query-input":{"@type":"PropertyValueSpecification","valueRequired":true,"valueName":"search_term_string"}}],"inLanguage":"is"},{"@type":"Organization","@id":"https:\/\/iwell-guard.com\/is\/#organization","name":"Ittermann electronic GmbH","url":"https:\/\/iwell-guard.com\/is\/","logo":{"@type":"ImageObject","inLanguage":"is","@id":"https:\/\/iwell-guard.com\/is\/#\/schema\/logo\/image\/","url":"https:\/\/iwell-guard.com\/wp-content\/uploads\/2026\/05\/Ittermann-Logo-1182x237-1.png","contentUrl":"https:\/\/iwell-guard.com\/wp-content\/uploads\/2026\/05\/Ittermann-Logo-1182x237-1.png","width":1182,"height":237,"caption":"Ittermann electronic GmbH"},"image":{"@id":"https:\/\/iwell-guard.com\/is\/#\/schema\/logo\/image\/"},"sameAs":["https:\/\/pantip.com\/profile\/9367242","https:\/\/micro.blog\/iwellguard","https:\/\/www.diggerslist.com\/iwellguard\/about","https:\/\/skitterphoto.com\/photographers\/2870314\/iwell-guard","https:\/\/iwellguard.wordpress.com\/2026\/06\/06\/iwell-guard\/","https:\/\/hub.docker.com\/u\/iwellguard","https:\/\/www.pinterest.com\/iwellguard\/","https:\/\/bit.ly\/m\/iwellguard","https:\/\/entre-vos-mains.alsace.eu\/profiles\/iwellguard\/activity","https:\/\/gravatar.com\/reallybeded8fd34","https:\/\/naijamatta.com\/iwellguard","https:\/\/www.goodreads.com\/iwellguard","https:\/\/profile.hatena.ne.jp\/iwellguard\/","https:\/\/experiment.com\/users\/iwellguard","https:\/\/wakelet.com\/@iWellGuard82270","https:\/\/www.chordie.com\/forum\/profile.php?id=2555664","https:\/\/www.instapaper.com\/p\/17757966","https:\/\/www.mapleprimes.com\/users\/iwellguard","https:\/\/businesslistingplus.com\/profile\/iwell-guard\/","https:\/\/telegra.ph\/iWell-Guard-06-06","https:\/\/pbase.com\/iwellguard\/iwellguard","https:\/\/b.hatena.ne.jp\/iwellguard\/20260607#bookmark-4788405196491818882","https:\/\/fliphtml5.com\/home\/iwellguard","https:\/\/anyflip.com\/homepage\/cmiwl#About","https:\/\/transfur.com\/Users\/iwellguard","http:\/\/delphi.larsbo.org\/user\/iwellguard","https:\/\/jobs.lajobsportal.org\/profiles\/8380803-iwell-guard","https:\/\/md.chaosdorf.de\/s\/jfbe5SBdJD","https:\/\/www.lingvolive.com\/en-us\/profile\/9ecaeaca-ce11-4e51-9e71-01d55e2bff36\/translations","https:\/\/www.fitday.com\/fitness\/forums\/members\/iwellguard.html","https:\/\/www.mymeetbook.com\/iwellguard","https:\/\/pxhere.com\/en\/photographer-me\/5040798","https:\/\/disqus.com\/by\/iwellguard\/about\/","https:\/\/pastelink.net\/hjwciqwq","https:\/\/pubhtml5.com\/homepage\/scjhn\/","https:\/\/www.bitchute.com\/channel\/2O2eOKzNqujT","https:\/\/audiomack.com\/iwellguard"]}]}},"_links":{"self":[{"href":"https:\/\/iwell-guard.com\/is\/wp-json\/wp\/v2\/pages\/169010","targetHints":{"allow":["GET"]}}],"collection":[{"href":"https:\/\/iwell-guard.com\/is\/wp-json\/wp\/v2\/pages"}],"about":[{"href":"https:\/\/iwell-guard.com\/is\/wp-json\/wp\/v2\/types\/page"}],"author":[{"embeddable":true,"href":"https:\/\/iwell-guard.com\/is\/wp-json\/wp\/v2\/users\/3"}],"replies":[{"embeddable":true,"href":"https:\/\/iwell-guard.com\/is\/wp-json\/wp\/v2\/comments?post=169010"}],"version-history":[{"count":0,"href":"https:\/\/iwell-guard.com\/is\/wp-json\/wp\/v2\/pages\/169010\/revisions"}],"wp:featuredmedia":[{"embeddable":true,"href":"https:\/\/iwell-guard.com\/is\/wp-json\/wp\/v2\/media\/2893"}],"wp:attachment":[{"href":"https:\/\/iwell-guard.com\/is\/wp-json\/wp\/v2\/media?parent=169010"}],"wp:term":[{"taxonomy":"category","embeddable":true,"href":"https:\/\/iwell-guard.com\/is\/wp-json\/wp\/v2\/categories?post=169010"}],"curies":[{"name":"wp","href":"https:\/\/api.w.org\/{rel}","templated":true}]}}