{"id":169009,"date":"2026-09-05T14:04:48","date_gmt":"2026-09-05T14:04:48","guid":{"rendered":"https:\/\/iwell-guard.com\/?page_id=169009"},"modified":"2026-09-05T14:29:46","modified_gmt":"2026-09-05T14:29:46","slug":"beaivi-solargydja-sama","status":"publish","type":"page","link":"https:\/\/iwell-guard.com\/is\/beaivi-solargydja-sama\/","title":{"rendered":"Beaivi &#8211; s\u00f3largy\u00f0ja Sama"},"content":{"rendered":"\t\t<div data-elementor-type=\"wp-page\" data-elementor-id=\"169009\" class=\"elementor elementor-169009 elementor-2664 elementor-bc-flex-widget\" data-elementor-post-type=\"page\">\n\t\t\t\t<div class=\"elementor-element elementor-element-iwgw-beaivi-hero e-flex e-con-boxed e-con e-parent\" data-id=\"iwgw-beaivi-hero\" data-element_type=\"container\" data-e-type=\"container\" data-settings=\"{&quot;background_background&quot;:&quot;classic&quot;}\">\n\t\t\t\t\t<div class=\"e-con-inner\">\n\t\t<div class=\"elementor-element elementor-element-iwgw-beaivi-hl e-flex e-con-boxed e-con e-child\" data-id=\"iwgw-beaivi-hl\" data-element_type=\"container\" data-e-type=\"container\">\n\t\t\t\t\t<div class=\"e-con-inner\">\n\t\t<div class=\"elementor-element elementor-element-iwgw-beaivi-htxt e-con-full e-flex e-con e-child\" data-id=\"iwgw-beaivi-htxt\" data-element_type=\"container\" data-e-type=\"container\">\n\t\t\t\t<div class=\"elementor-element elementor-element-iwgw-beaivi-h1 elementor-widget elementor-widget-heading\" data-id=\"iwgw-beaivi-h1\" data-element_type=\"widget\" data-e-type=\"widget\" data-widget_type=\"heading.default\">\n\t\t\t\t\t<h1 class=\"elementor-heading-title elementor-size-default\">Beaivi - s\u00f3largy\u00f0ja og l\u00edfgjafi sam\u00edskra tr\u00faarbrag\u00f0a<\/h1>\t\t\t\t<\/div>\n\t\t\t\t<div class=\"elementor-element elementor-element-iwgw-beaivi-lead elementor-widget elementor-widget-text-editor\" data-id=\"iwgw-beaivi-lead\" data-element_type=\"widget\" data-e-type=\"widget\" data-widget_type=\"text-editor.default\">\n\t\t\t\t\t\t\t\t\t<p>Beaivi, einnig skrifa\u00f0 Beaivvi e\u00f0a \u00ed nor\u00f0ursam\u00edsku sta\u00f0alformi Beaivi, er s\u00f3lin sem pers\u00f3nuger\u00f0 <span class=\"iwg-fachbegriff\" data-tooltip=\"Vera sem er d\u00fdrku\u00f0 sem gu\u00f0leg innan tr\u00faarbrag\u00f0a.\" tabindex=\"0\">gu\u00f0d\u00f3mur<\/span> \u00ed sam\u00edskri tr\u00faarhef\u00f0. H\u00fan var talin l\u00edfgjafi, m\u00f3\u00f0ir hreind\u00fdranna og tr\u00faarleg mi\u00f0jupers\u00f3na, en d\u00fdrkun hennar hafa H\u00e5kan Rydving og Juha Pentik\u00e4inen kortlagt \u00ed sm\u00e1atri\u00f0um.<\/p>\t\t\t\t\t\t\t\t<\/div>\n\t\t\t\t<\/div>\n\t\t<div class=\"elementor-element elementor-element-iwgw-beaivi-pillc e-con-full e-flex e-con e-child\" data-id=\"iwgw-beaivi-pillc\" data-element_type=\"container\" data-e-type=\"container\">\n\t\t\t\t<div class=\"elementor-element elementor-element-iwgw-beaivi-pills elementor-widget elementor-widget-html\" data-id=\"iwgw-beaivi-pills\" data-element_type=\"widget\" data-e-type=\"widget\" data-widget_type=\"html.default\">\n\t\t\t\t\t<div class=\"iwg-pill-row\"><span class=\"iwg-klasse-badge\" tabindex=\"0\" data-tooltip=\"Gy\u00f0ja \u00ed hef\u00f0 Sama.\">Gy\u00f0ja<\/span><a href=\"https:\/\/iwell-guard.com\/is\/sami-finnsk-ugrisk-hefd-noaidi-tromma\/\" class=\"iwg-kultur-badge\" tabindex=\"0\" data-tooltip=\"Go\u00f0afr\u00e6\u00f0i hef\u00f0ar Sama.\">Sama<\/a><span class=\"iwg-tradition-badge\" tabindex=\"0\" data-tooltip=\"S\u00f3lar- og l\u00edfsgy\u00f0ja.\">S\u00f3lar- og l\u00edfsgy\u00f0ja<\/span><\/div>\t\t\t\t<\/div>\n\t\t\t\t<\/div>\n\t\t<div class=\"elementor-element elementor-element-iwgw-beaivi-tocc e-con-full e-flex e-con e-child\" data-id=\"iwgw-beaivi-tocc\" data-element_type=\"container\" data-e-type=\"container\">\n\t\t\t\t<div class=\"elementor-element elementor-element-iwgw-beaivi-toc elementor-toc--minimized-on-tablet elementor-widget elementor-widget-table-of-contents\" data-id=\"iwgw-beaivi-toc\" data-element_type=\"widget\" data-e-type=\"widget\" data-settings=\"{&quot;headings_by_tags&quot;:[&quot;h2&quot;,&quot;h3&quot;],&quot;minimize_box&quot;:&quot;yes&quot;,&quot;marker_view&quot;:&quot;bullets&quot;,&quot;no_headings_message&quot;:&quot;Engar undirfyrirsagnir fundust \\u00e1 \\u00feessari s\\u00ed\\u00f0u.&quot;,&quot;exclude_headings_by_selector&quot;:[],&quot;icon&quot;:{&quot;value&quot;:&quot;fas fa-circle&quot;,&quot;library&quot;:&quot;fa-solid&quot;,&quot;rendered_tag&quot;:&quot;&lt;svg class=\\&quot;e-font-icon-svg e-fas-circle\\&quot; viewBox=\\&quot;0 0 512 512\\&quot; xmlns=\\&quot;http:\\\/\\\/www.w3.org\\\/2000\\\/svg\\&quot;&gt;&lt;path d=\\&quot;M256 8C119 8 8 119 8 256s111 248 248 248 248-111 248-248S393 8 256 8z\\&quot;&gt;&lt;\\\/path&gt;&lt;\\\/svg&gt;&quot;},&quot;minimized_on&quot;:&quot;tablet&quot;,&quot;hierarchical_view&quot;:&quot;yes&quot;,&quot;min_height&quot;:{&quot;unit&quot;:&quot;px&quot;,&quot;size&quot;:&quot;&quot;,&quot;sizes&quot;:[]},&quot;min_height_tablet&quot;:{&quot;unit&quot;:&quot;px&quot;,&quot;size&quot;:&quot;&quot;,&quot;sizes&quot;:[]},&quot;min_height_mobile&quot;:{&quot;unit&quot;:&quot;px&quot;,&quot;size&quot;:&quot;&quot;,&quot;sizes&quot;:[]}}\" data-widget_type=\"table-of-contents.default\">\n\t\t\t\t\t\t\t\t\t<div class=\"elementor-toc__header\">\n\t\t\t\t\t\t<h2 class=\"elementor-toc__header-title\">\n\t\t\t\tEfnisyfirlit\t\t\t<\/h2>\n\t\t\t\t\t\t\t\t\t\t<div class=\"elementor-toc__toggle-button elementor-toc__toggle-button--expand\" role=\"button\" tabindex=\"0\" aria-controls=\"elementor-toc__iwgw-beaivi-toc\" aria-expanded=\"true\" aria-label=\"Open table of contents\"><svg aria-hidden=\"true\" class=\"e-font-icon-svg e-fas-chevron-down\" viewBox=\"0 0 448 512\" xmlns=\"http:\/\/www.w3.org\/2000\/svg\"><path d=\"M207.029 381.476L12.686 187.132c-9.373-9.373-9.373-24.569 0-33.941l22.667-22.667c9.357-9.357 24.522-9.375 33.901-.04L224 284.505l154.745-154.021c9.379-9.335 24.544-9.317 33.901.04l22.667 22.667c9.373 9.373 9.373 24.569 0 33.941L240.971 381.476c-9.373 9.372-24.569 9.372-33.942 0z\"><\/path><\/svg><\/div>\n\t\t\t\t<div class=\"elementor-toc__toggle-button elementor-toc__toggle-button--collapse\" role=\"button\" tabindex=\"0\" aria-controls=\"elementor-toc__iwgw-beaivi-toc\" aria-expanded=\"true\" aria-label=\"Close table of contents\"><svg aria-hidden=\"true\" class=\"e-font-icon-svg e-fas-chevron-up\" viewBox=\"0 0 448 512\" xmlns=\"http:\/\/www.w3.org\/2000\/svg\"><path d=\"M240.971 130.524l194.343 194.343c9.373 9.373 9.373 24.569 0 33.941l-22.667 22.667c-9.357 9.357-24.522 9.375-33.901.04L224 227.495 69.255 381.516c-9.379 9.335-24.544 9.317-33.901-.04l-22.667-22.667c-9.373-9.373-9.373-24.569 0-33.941L207.03 130.525c9.372-9.373 24.568-9.373 33.941-.001z\"><\/path><\/svg><\/div>\n\t\t\t\t\t<\/div>\n\t\t\t\t<div id=\"elementor-toc__iwgw-beaivi-toc\" class=\"elementor-toc__body\">\n\t\t\t<div class=\"elementor-toc__spinner-container\">\n\t\t\t\t<svg class=\"elementor-toc__spinner eicon-animation-spin e-font-icon-svg e-eicon-loading\" aria-hidden=\"true\" viewBox=\"0 0 1000 1000\" xmlns=\"http:\/\/www.w3.org\/2000\/svg\"><path d=\"M500 975V858C696 858 858 696 858 500S696 142 500 142 142 304 142 500H25C25 237 238 25 500 25S975 237 975 500 763 975 500 975Z\"><\/path><\/svg>\t\t\t<\/div>\n\t\t<\/div>\n\t\t\t\t\t\t<\/div>\n\t\t\t\t<\/div>\n\t\t\t\t\t<\/div>\n\t\t\t\t<\/div>\n\t\t<div class=\"elementor-element elementor-element-iwgw-beaivi-hr e-con-full e-flex e-con e-child\" data-id=\"iwgw-beaivi-hr\" data-element_type=\"container\" data-e-type=\"container\">\n\t\t\t\t<div class=\"elementor-element elementor-element-iwgw-beaivi-heroimg iwg-hero-image elementor-widget elementor-widget-image\" data-id=\"iwgw-beaivi-heroimg\" data-element_type=\"widget\" data-e-type=\"widget\" data-widget_type=\"image.default\">\n\t\t\t\t\t\t\t\t\t\t\t\t\t\t\t<img fetchpriority=\"high\" decoding=\"async\" width=\"683\" height=\"1024\" src=\"https:\/\/iwell-guard.com\/wp-content\/uploads\/2026\/05\/goetter_sami_beaivi-683x1024.webp\" class=\"attachment-large size-large wp-image-170769\" alt=\"Beaivi - gu\u00f0ir \u00far sam\u00edskri hef\u00f0, s\u00f6guleg myndskreyting\" srcset=\"https:\/\/iwell-guard.com\/wp-content\/uploads\/2026\/05\/goetter_sami_beaivi-683x1024.webp 683w, https:\/\/iwell-guard.com\/wp-content\/uploads\/2026\/05\/goetter_sami_beaivi-200x300.webp 200w, https:\/\/iwell-guard.com\/wp-content\/uploads\/2026\/05\/goetter_sami_beaivi-768x1152.webp 768w, https:\/\/iwell-guard.com\/wp-content\/uploads\/2026\/05\/goetter_sami_beaivi.webp 1024w\" sizes=\"(max-width: 683px) 100vw, 683px\" \/>\t\t\t\t\t\t\t\t\t\t\t\t\t\t\t<\/div>\n\t\t\t\t<\/div>\n\t\t\t\t\t<\/div>\n\t\t\t\t<\/div>\n\t\t<div class=\"elementor-element elementor-element-iwgw-beaivi-s0 e-flex e-con-boxed e-con e-parent\" data-id=\"iwgw-beaivi-s0\" data-element_type=\"container\" data-e-type=\"container\">\n\t\t\t\t\t<div class=\"e-con-inner\">\n\t\t\t\t<div class=\"elementor-element elementor-element-iwgw-beaivi-s0h elementor-widget elementor-widget-heading\" data-id=\"iwgw-beaivi-s0h\" data-element_type=\"widget\" data-e-type=\"widget\" data-widget_type=\"heading.default\">\n\t\t\t\t\t<h2 class=\"elementor-heading-title elementor-size-default\">Greining og skammrit<\/h2>\t\t\t\t<\/div>\n\t\t<div class=\"elementor-element elementor-element-iwgw-beaivi-s0c e-con-full e-flex e-con e-child\" data-id=\"iwgw-beaivi-s0c\" data-element_type=\"container\" data-e-type=\"container\">\n\t\t\t\t<div class=\"elementor-element elementor-element-iwgw-beaivi-s0t elementor-widget elementor-widget-text-editor\" data-id=\"iwgw-beaivi-s0t\" data-element_type=\"widget\" data-e-type=\"widget\" data-widget_type=\"text-editor.default\">\n\t\t\t\t\t\t\t\t\t<p>Beaivi er \u00ed sam\u00edsku tr\u00faarheiminum mi\u00f0l\u00e6ga lj\u00f3sgo\u00f0veran og telst me\u00f0al \u00feeirra pers\u00f3na forkristinnar <a href=\"https:\/\/iwell-guard.com\/is\/sami-finnsk-ugrisk-hefd-noaidi-tromma\/\">sam\u00edskrar<\/a> tr\u00faar sem best er var\u00f0veitt vitneskja um.<\/p><p>\u00d3l\u00edkt m\u00f6rgum s\u00f3lard\u00fdrkunum vi\u00f0 Mi\u00f0jar\u00f0arhaf er Beaivi kvenkyns, sem sta\u00f0setur hana \u00ed hinni v\u00ed\u00f0t\u00e6ku hringheimskautslegu og nor\u00f0urevr\u00f3psku hef\u00f0 kvenl\u00e6gra s\u00f3largo\u00f0vera. Tr\u00faarfr\u00e6\u00f0ilega tilheyrir h\u00fan sama kynjaflokki og germanska S\u00f3l, baltneska Saul\u0117 og japanska Amaterasu.<\/p><p>Heimildirnar um Beaivi eru r\u00edkari en um margar a\u00f0rar sam\u00edskar go\u00f0verur. \u00de\u00e6r n\u00e1 yfir shaman\u00edsk trumbum\u00e1lverk 17. og 18. aldar, fr\u00e1sagnir l\u00faterskra tr\u00fabo\u00f0a \u00e1 bor\u00f0 vi\u00f0 Johannes Schefferus, Knud Leem og Jens Kildal, auk \u00fej\u00f3\u00f0h\u00e1ttafr\u00e6\u00f0ilegra skr\u00e1ninga Lars Levi L\u00e6stadius fr\u00e1 19. \u00f6ld. \u00deessi breidd heimilda gerir Beaivi vel a\u00f0gengilega tr\u00faarfr\u00e6\u00f0ilegri greiningu.<\/p><p>Fr\u00e6\u00f0ilega er Beaivi ekki einungis stjarnfr\u00e6\u00f0ilegt fyrirb\u00e6ri heldur v\u00ed\u00f0t\u00e6k l\u00edfsgo\u00f0vera. H\u00fan stendur fyrir frj\u00f3semi, hreind\u00fdrastofn, heilsu og heimsfr\u00e6\u00f0ilega reglu. \u00deessi v\u00ed\u00f0t\u00e6ka virkni er tr\u00faarfyrirb\u00e6rafr\u00e6\u00f0ilega d\u00e6miger\u00f0 fyrir nor\u00f0urskautss\u00f3largy\u00f0jur, en mikilv\u00e6gi \u00feeirra tengist l\u00edfsnau\u00f0synlegu tv\u00ede\u00f0li heimskautsdags og heimskautsn\u00e6tur.<\/p><p>S\u00f3largy\u00f0jan Beaivi s\u00fdnir s\u00e9rlega vel hversu miki\u00f0 n\u00fdrri ranns\u00f3knir hafa skerpt a\u00f0fer\u00f0afr\u00e6\u00f0i s\u00edna: \u00fej\u00f3\u00f0h\u00e1ttafr\u00e6\u00f0ileg n\u00e1kv\u00e6mni, gagnr\u00fdnin sko\u00f0un \u00e1 tungum\u00e1lalegri <span class=\"iwg-fachbegriff\" data-tooltip=\"Mi\u00f0lun \u00feekkingar og sagna \u00e1 milli kynsl\u00f3\u00f0a.\" tabindex=\"0\">munnm\u00e6lahef\u00f0<\/span> og samanbur\u00f0arsj\u00f3narmi\u00f0 vinna n\u00fa saman. Sam\u00edskir fr\u00e6\u00f0imenn og fr\u00e6\u00f0ikonur taka sj\u00e1lf virkan \u00fe\u00e1tt \u00ed \u00feessu, me\u00f0 \u00fev\u00ed a\u00f0 endursko\u00f0a eldri vestr\u00e6nar t\u00falkanir \u00e1 Beaivi og lei\u00f0r\u00e9tta \u00fear sem \u00fe\u00e6r voru lita\u00f0ar af k\u00f3l\u00f3nial\u00edskum hugsunarh\u00e6tti.<\/p><p>Beaivi sem kvenkyns s\u00f3largo\u00f0vera fellur inn \u00ed hringheimskautslegt tr\u00faarlegt landslag sem er fur\u00f0u samr\u00e6mt yfir allan nor\u00f0urskautssv\u00e6\u00f0i\u00f0. A\u00f0 sl\u00edk mynstur haldist st\u00f6\u00f0ug yfir \u00fe\u00fasundir k\u00edl\u00f3metra telst me\u00f0al athyglisver\u00f0ustu ni\u00f0ursta\u00f0na samanbur\u00f0ar<span class=\"iwg-fachbegriff\" data-tooltip=\"V\u00edsindi sem rannsaka tr\u00faarbr\u00f6g\u00f0 \u00e1 samanbur\u00f0arh\u00e1tt \u00e1n tr\u00faarlegrar skuldbindingar.\" tabindex=\"0\">tr\u00faarbrag\u00f0afr\u00e6\u00f0i<\/span> og er enn til umr\u00e6\u00f0u \u00ed dag.<\/p>\t\t\t\t\t\t\t\t<\/div>\n\t\t\t\t<\/div>\n\t\t\t\t\t<\/div>\n\t\t\t\t<\/div>\n\t\t<div class=\"elementor-element elementor-element-iwgw-beaivi-s1 e-flex e-con-boxed e-con e-parent\" data-id=\"iwgw-beaivi-s1\" data-element_type=\"container\" data-e-type=\"container\">\n\t\t\t\t\t<div class=\"e-con-inner\">\n\t\t\t\t<div class=\"elementor-element elementor-element-iwgw-beaivi-s1h elementor-widget elementor-widget-heading\" data-id=\"iwgw-beaivi-s1h\" data-element_type=\"widget\" data-e-type=\"widget\" data-widget_type=\"heading.default\">\n\t\t\t\t\t<h2 class=\"elementor-heading-title elementor-size-default\">Nafn og or\u00f0sifjar<\/h2>\t\t\t\t<\/div>\n\t\t<div class=\"elementor-element elementor-element-iwgw-beaivi-s1c e-con-full e-flex e-con e-child\" data-id=\"iwgw-beaivi-s1c\" data-element_type=\"container\" data-e-type=\"container\">\n\t\t\t\t<div class=\"elementor-element elementor-element-iwgw-beaivi-s1t elementor-widget elementor-widget-text-editor\" data-id=\"iwgw-beaivi-s1t\" data-element_type=\"widget\" data-e-type=\"widget\" data-widget_type=\"text-editor.default\">\n\t\t\t\t\t\t\t\t\t<p>Nafni\u00f0 Beaivi er hluti af grunnor\u00f0afor\u00f0a sam\u00edsku og t\u00e1knar b\u00e6\u00f0i s\u00f3lina sem himintungl og sem <span class=\"iwg-fachbegriff\" data-tooltip=\"Vera sem er d\u00fdrku\u00f0 sem gu\u00f0leg innan tr\u00faarbrag\u00f0a.\" tabindex=\"0\">gu\u00f0d\u00f3m<\/span>. M\u00e1ll\u00fdskubrig\u00f0i eru P\u00e4ivi \u00e1 su\u00f0ursam\u00edsku sv\u00e6\u00f0inu, Peivve \u00e1 enaresam\u00edsku og Paeivvi \u00e1 skoltasam\u00edsku. \u00deessi fj\u00f6lbreytni endurspeglar m\u00e1ll\u00fdskuskiptingu sam\u00edsku, sem samanstendur af nokkrum tungum\u00e1laafbrig\u00f0um sem eru gagnkv\u00e6mt a\u00f0eins a\u00f0 hluta til skiljanleg.<\/p><p>Or\u00f0sifjafr\u00e6\u00f0ilega tilheyrir Beaivi frum\u00far\u00f6lskri s\u00f3larr\u00f3t, sem birtist einnig \u00ed finnsku <em>p\u00e4iv\u00e4<\/em>, eistnesku <em>p\u00e4ev<\/em> og fjarl\u00e6gari \u00e6ttingjum innan \u00far\u00f6lsku tungum\u00e1la\u00e6ttarins. Fr\u00e6\u00f0ilega er \u00feessi tungum\u00e1lahistor\u00edska d\u00fdpt athyglisver\u00f0, \u00fev\u00ed h\u00fan v\u00edsar til mj\u00f6g gamals lags tr\u00faarlegrar hugtakamyndunar sem n\u00e6r a\u00f0 minnsta kosti aftur til frum\u00far\u00f6lsks t\u00edma.<\/p><p>\u00cd tr\u00faarlegu m\u00e1lfari kemur oft fyrir vir\u00f0ingarformi\u00f0 <em>Beaivvi-\u00c1h\u010d\u010di<\/em> e\u00f0a <em>Beaivvi-Eadni<\/em>, or\u00f0r\u00e9tt s\u00f3larfa\u00f0ir e\u00f0a s\u00f3larm\u00f3\u00f0ir, eftir sv\u00e6\u00f0isbundinni kynjaskiptingu. Samhli\u00f0a tilvist b\u00e1\u00f0ra forma \u00ed mismunandi sv\u00e6\u00f0um er fr\u00e6\u00f0ilega uppl\u00fdsandi og v\u00edsar til sveigjanlegrar kynjaskiptingar s\u00f3larinnar.<\/p><p>Tr\u00faarlegu f\u00e9lagsfr\u00e6\u00f0ilega m\u00e1 spyrja hva\u00f0a hlutverki Beaivi l\u00e9k \u00ed skipulagi hef\u00f0bundins sam\u00edsks samf\u00e9lags. \u00dear sem s\u00f3ld\u00fdrkunin var tengd hreind\u00fdrastofni, heilsu og hrynjandi heimskautsdags og heimskautsn\u00e6tur, var tr\u00faarl\u00edfi\u00f0 h\u00e9r \u00e1vallt samofi\u00f0 hversdagslegri l\u00edfsvenju.<\/p><p>\u00deessi n\u00e1in samtvinnun myndar s\u00e9rstakt tr\u00faara\u00f0fer\u00f0afr\u00e6\u00f0ilegt ranns\u00f3knarsvi\u00f0, sem s\u00e9rstaklega H\u00e5kan Rydving og Konsta Kaikkonen hafa unni\u00f0 kerfisbundi\u00f0 \u00far.<\/p><p>Vi\u00f0 \u00feetta b\u00e6tist samt\u00edmamikilv\u00e6gi Beaivi fyrir sam\u00edska sj\u00e1lfsmyndarp\u00f3lit\u00edk. Me\u00f0 uppbyggingu sj\u00e1lfsstj\u00f3rnar Sama og al\u00fej\u00f3\u00f0legri vi\u00f0urkenningu r\u00e9ttinda frumbyggja koma pers\u00f3nur eins og s\u00f3largy\u00f0jan aftur sk\u00fdrar fram \u00ed almenningsvitund. Hvernig tr\u00faarbrag\u00f0aranns\u00f3knir og p\u00f3lit\u00edsk sj\u00e1lfssta\u00f0festing vinna saman \u00ed \u00fev\u00ed er s\u00e9rstakt vinnusvi\u00f0 sem v\u00edsindin hafa s\u00ed\u00f0ustu \u00e1r veitt greinilega meiri athygli.<\/p>\t\t\t\t\t\t\t\t<\/div>\n\t\t\t\t<\/div>\n\t\t\t\t\t<\/div>\n\t\t\t\t<\/div>\n\t\t<div class=\"elementor-element elementor-element-iwgw-beaivi-s2 e-flex e-con-boxed e-con e-parent\" data-id=\"iwgw-beaivi-s2\" data-element_type=\"container\" data-e-type=\"container\">\n\t\t\t\t\t<div class=\"e-con-inner\">\n\t\t\t\t<div class=\"elementor-element elementor-element-iwgw-beaivi-s2h elementor-widget elementor-widget-heading\" data-id=\"iwgw-beaivi-s2h\" data-element_type=\"widget\" data-e-type=\"widget\" data-widget_type=\"heading.default\">\n\t\t\t\t\t<h2 class=\"elementor-heading-title elementor-size-default\">L\u00fdsing og myndm\u00e1l<\/h2>\t\t\t\t<\/div>\n\t\t<div class=\"elementor-element elementor-element-iwgw-beaivi-s2c e-con-full e-flex e-con e-child\" data-id=\"iwgw-beaivi-s2c\" data-element_type=\"container\" data-e-type=\"container\">\n\t\t\t\t<div class=\"elementor-element elementor-element-iwgw-beaivi-s2t elementor-widget elementor-widget-text-editor\" data-id=\"iwgw-beaivi-s2t\" data-element_type=\"widget\" data-e-type=\"widget\" data-widget_type=\"text-editor.default\">\n\t\t\t\t\t\t\t\t\t<p>\u00cd \u00fej\u00f3\u00f0h\u00e1ttafr\u00e6\u00f0ilegum heimildum er Beaivi l\u00fdst sem g\u00f3\u00f0l\u00e1tlegri, l\u00edfgefandi m\u00f3\u00f0ur, sem geislar hennar verma landi\u00f0 og l\u00e1ta hreind\u00fdrin dafna. H\u00fan er venjulega ekki l\u00fdst sem mannlaga pers\u00f3na heldur sem s\u00f3lin sj\u00e1lf, sem sendir geisla s\u00edna \u00ed allar \u00e1ttir eins og arma e\u00f0a f\u00e6tur.<\/p><p>Myndfr\u00e6\u00f0ilega er Beaivi \u00e1 sam\u00edskum shamanatrommum, <em>goavddis<\/em> e\u00f0a <em>gievrie<\/em>, oft s\u00fdnd \u00ed efri hluta sem mi\u00f0l\u00e6gt hj\u00f3l e\u00f0a kross.<\/p><p>Hin \u00feekktu ranns\u00f3kn Ernst Manker \u00e1 trommumyndum \u00e1 20. \u00f6ld s\u00fdndi a\u00f0 Beaivi er til sta\u00f0ar \u00e1 n\u00e6rri hverri var\u00f0veittri trommu og er venjulega sta\u00f0sett \u00ed mi\u00f0ju e\u00f0a efri hluta efra veruleikaregisters.<\/p><p>\u00deessi myndfr\u00e6\u00f0ilega mi\u00f0l\u00e6ga sta\u00f0a samsvarar tr\u00faarlegu v\u00e6gi hennar. Fr\u00e6\u00f0ilega er trommumyndfr\u00e6\u00f0in ein af mikilv\u00e6gustu heimildum sam\u00edskrar tr\u00faar, \u00fev\u00ed h\u00fan kemur beint \u00far forkristinni hef\u00f0 og er ekki m\u00f3tu\u00f0 af tr\u00fabo\u00f0slegum s\u00edum. H\u00fan b\u00e6tir vi\u00f0 skriflegar fr\u00e1sagnir me\u00f0 frumbyggjalegri myndr\u00e6nni heimild, sem er s\u00e9rlega d\u00fdrm\u00e6tt tr\u00faarfr\u00e6\u00f0ilega s\u00e9\u00f0.<\/p>\t\t\t\t\t\t\t\t<\/div>\n\t\t\t\t<\/div>\n\t\t\t\t\t<\/div>\n\t\t\t\t<\/div>\n\t\t<div class=\"elementor-element elementor-element-iwgw-beaivi-s3 e-flex e-con-boxed e-con e-parent\" data-id=\"iwgw-beaivi-s3\" data-element_type=\"container\" data-e-type=\"container\">\n\t\t\t\t\t<div class=\"e-con-inner\">\n\t\t\t\t<div class=\"elementor-element elementor-element-iwgw-beaivi-s3h elementor-widget elementor-widget-heading\" data-id=\"iwgw-beaivi-s3h\" data-element_type=\"widget\" data-e-type=\"widget\" data-widget_type=\"heading.default\">\n\t\t\t\t\t<h2 class=\"elementor-heading-title elementor-size-default\">Beaivi og hreind\u00fdrahald<\/h2>\t\t\t\t<\/div>\n\t\t<div class=\"elementor-element elementor-element-iwgw-beaivi-s3c e-con-full e-flex e-con e-child\" data-id=\"iwgw-beaivi-s3c\" data-element_type=\"container\" data-e-type=\"container\">\n\t\t\t\t<div class=\"elementor-element elementor-element-iwgw-beaivi-s3t elementor-widget elementor-widget-text-editor\" data-id=\"iwgw-beaivi-s3t\" data-element_type=\"widget\" data-e-type=\"widget\" data-widget_type=\"text-editor.default\">\n\t\t\t\t\t\t\t\t\t<p>Hin mi\u00f0l\u00e6ga efnahagslega \u00fe\u00fd\u00f0ing Beaivi l\u00e1 \u00ed tengslum hennar vi\u00f0 hreind\u00fdrahald. Beaivi var s\u00fa sem trygg\u00f0i sumarhagana \u00fear sem hreind\u00fdrahjar\u00f0irnar beittu, og geislar hennar l\u00e9tu mosann vaxa sem hreind\u00fdrin \u00feurftu. Gagnkv\u00e6mnin milli Beaivi og hreind\u00fdrahir\u00f0a Sama var tr\u00faarhagfr\u00e6\u00f0ilega grundvallaratri\u00f0i.<\/p><p>Hin mikla sumarh\u00e1t\u00ed\u00f0, sem \u00e1 m\u00f6rgum sv\u00e6\u00f0um var tengd mi\u00f0sumarn\u00f3ttinni e\u00f0a vetrars\u00f3lst\u00f6\u00f0um, hei\u00f0ra\u00f0i Beaivi me\u00f0 f\u00f3rnum. \u00c1 sumum sv\u00e6\u00f0um voru hv\u00edt e\u00f0a lj\u00f3s hreind\u00fdr f\u00f3rna\u00f0, \u00e1 \u00f6\u00f0rum mj\u00f3lkurv\u00f6rur og smj\u00f6r. \u00deessar f\u00f3rnarathafnir eru \u00edtarlega skjalfestar \u00ed fr\u00e1s\u00f6gnum l\u00fatersku tr\u00fabo\u00f0anna, \u00fe\u00f3 oft \u00ed ni\u00f0randi or\u00f0alagi.<\/p><p>V\u00edsindalega er samtvinnun s\u00f3lar og hreind\u00fdrahalds ford\u00e6misgefandi tilfelli af vistfr\u00e6\u00f0ilega bundinni <span class=\"iwg-fachbegriff\" data-tooltip=\"V\u00edsindaleg fr\u00e6\u00f0i um Gu\u00f0 og tr\u00fa innan tr\u00faarbrag\u00f0a.\" tabindex=\"0\">gu\u00f0fr\u00e6\u00f0i<\/span>, samb\u00e6rileg vi\u00f0 samtvinnun Sedna og sj\u00e1vard\u00fdra hj\u00e1 <a href=\"https:\/\/iwell-guard.com\/is\/inuit-og-nordurslodir-sedna-tornit\/\">in\u00fa\u00edtum<\/a>. Tr\u00fain var ekkert \u00f3hlutbundi\u00f0 tr\u00faarkerfi, heldur bein st\u00fdring \u00e1 l\u00edfsvi\u00f0urv\u00e6ri me\u00f0 helgri gagnkv\u00e6mni.<\/p>\t\t\t\t\t\t\t\t<\/div>\n\t\t\t\t<\/div>\n\t\t\t\t\t<\/div>\n\t\t\t\t<\/div>\n\t\t<div class=\"elementor-element elementor-element-iwgw-beaivi-s4 e-flex e-con-boxed e-con e-parent\" data-id=\"iwgw-beaivi-s4\" data-element_type=\"container\" data-e-type=\"container\">\n\t\t\t\t\t<div class=\"e-con-inner\">\n\t\t\t\t<div class=\"elementor-element elementor-element-iwgw-beaivi-s4h elementor-widget elementor-widget-heading\" data-id=\"iwgw-beaivi-s4h\" data-element_type=\"widget\" data-e-type=\"widget\" data-widget_type=\"heading.default\">\n\t\t\t\t\t<h2 class=\"elementor-heading-title elementor-size-default\">S\u00f3larh\u00e1t\u00ed\u00f0 og mi\u00f0sumar<\/h2>\t\t\t\t<\/div>\n\t\t<div class=\"elementor-element elementor-element-iwgw-beaivi-s4c e-con-full e-flex e-con e-child\" data-id=\"iwgw-beaivi-s4c\" data-element_type=\"container\" data-e-type=\"container\">\n\t\t\t\t<div class=\"elementor-element elementor-element-iwgw-beaivi-s4t elementor-widget elementor-widget-text-editor\" data-id=\"iwgw-beaivi-s4t\" data-element_type=\"widget\" data-e-type=\"widget\" data-widget_type=\"text-editor.default\">\n\t\t\t\t\t\t\t\t\t<p>A\u00f0alh\u00e1t\u00ed\u00f0 Beaivi var bundin s\u00f3lst\u00f6\u00f0um. \u00c1 mi\u00f0sumarn\u00f3tt, \u00feegar s\u00f3lin sest ekki \u00e1 nor\u00f0l\u00e6gum sv\u00e6\u00f0um Sama, var Beaivi s\u00e9rstaklega hei\u00f0ru\u00f0. Vetrars\u00f3lst\u00f6\u00f0ur, \u00feegar s\u00f3lin sn\u00fdr aftur eftir langa heimskautan\u00f3tt, voru einnig tr\u00faarlega mikilv\u00e6gt t\u00edmamark.<\/p><p>Sjamanar, sem \u00e1 sama m\u00e1li kallast <em>noaidi<\/em>, g\u00e1tu \u00ed lei\u00f0slu \u00e1kalla\u00f0 s\u00f3lina og be\u00f0i\u00f0 um hl\u00fdju. Tr\u00faari\u00f0kunin f\u00f3r fram vi\u00f0 helga steina, <em>sieidi<\/em>, \u00fear sem <span class=\"iwg-fachbegriff\" data-tooltip=\"Gj\u00f6f til gu\u00f0s e\u00f0a gu\u00f0legrar veru til a\u00f0 tj\u00e1 \u00feakkl\u00e6ti, b\u00f3n e\u00f0a lotningu.\" tabindex=\"0\">f\u00f3rnir<\/span> voru f\u00e6r\u00f0ar. \u00deessi sieidi-i\u00f0kun er vel skjalfest \u00ed tr\u00faar\u00fej\u00f3\u00f0fr\u00e6\u00f0i og er einn af mikilv\u00e6gustu \u00fe\u00e1ttum hinnar fyrirkristnu tr\u00faar Sama.<\/p><p>Tr\u00fabo\u00f0arnir t\u00f3ku eftir samkeppninni vi\u00f0 kristna h\u00e1t\u00ed\u00f0arsemant\u00edk og b\u00f6nnu\u00f0u s\u00f3larh\u00e1t\u00ed\u00f0irnar markvisst. V\u00edsindalega er \u00feessi \u00e1takasaga s\u00e9rstakt ranns\u00f3knarsvi\u00f0 og d\u00e6mi um tr\u00faarp\u00f3lit\u00edsk \u00e1t\u00f6k \u00ed nor\u00f0urevr\u00f3pska tr\u00fabo\u00f0inu.<\/p>\t\t\t\t\t\t\t\t<\/div>\n\t\t\t\t<\/div>\n\t\t\t\t\t<\/div>\n\t\t\t\t<\/div>\n\t\t<div class=\"elementor-element elementor-element-iwgw-beaivi-s5 e-flex e-con-boxed e-con e-parent\" data-id=\"iwgw-beaivi-s5\" data-element_type=\"container\" data-e-type=\"container\">\n\t\t\t\t\t<div class=\"e-con-inner\">\n\t\t\t\t<div class=\"elementor-element elementor-element-iwgw-beaivi-s5h elementor-widget elementor-widget-heading\" data-id=\"iwgw-beaivi-s5h\" data-element_type=\"widget\" data-e-type=\"widget\" data-widget_type=\"heading.default\">\n\t\t\t\t\t<h2 class=\"elementor-heading-title elementor-size-default\">Beaivi og d\u00f3ttir hennar Sara-Akka<\/h2>\t\t\t\t<\/div>\n\t\t<div class=\"elementor-element elementor-element-iwgw-beaivi-s5c e-con-full e-flex e-con e-child\" data-id=\"iwgw-beaivi-s5c\" data-element_type=\"container\" data-e-type=\"container\">\n\t\t\t\t<div class=\"elementor-element elementor-element-iwgw-beaivi-s5t elementor-widget elementor-widget-text-editor\" data-id=\"iwgw-beaivi-s5t\" data-element_type=\"widget\" data-e-type=\"widget\" data-widget_type=\"text-editor.default\">\n\t\t\t\t\t\t\t\t\t<p>\u00cd fyrirkristinni <span class=\"iwg-fachbegriff\" data-tooltip=\"V\u00edsindaleg fr\u00e6\u00f0i um Gu\u00f0 og tr\u00fa innan tr\u00faarbrag\u00f0a.\" tabindex=\"0\">gu\u00f0fr\u00e6\u00f0i<\/span> Sama er Beaivi n\u00e1i\u00f0 tengd \u00e6tt Akkanna. S\u00e9rstaklega f\u00e6\u00f0ingargy\u00f0jan <a href=\"https:\/\/iwell-guard.com\/is\/?page_id=169013\">Sara-Akka<\/a> er \u00ed sumum heimildum l\u00fdst sem d\u00f3ttir hennar e\u00f0a hj\u00e1lparvera. S\u00f3lin og f\u00e6\u00f0ingin eru gu\u00f0fr\u00e6\u00f0ilega n\u00e1tengd \u00ed sam\u00edskri hef\u00f0, \u00fear sem n\u00fdf\u00e6tt barn kemur \u00ed lj\u00f3si\u00f0 og er fali\u00f0 lj\u00f3sreglunni.<\/p><p>V\u00edsindalega er \u00feessi samtvinnun s\u00f3lar og f\u00e6\u00f0ingar s\u00e9rstakt fyrirb\u00e6ri sem hefur oft veri\u00f0 sta\u00f0fest \u00ed tr\u00faarbr\u00f6g\u00f0um heimskautasv\u00e6\u00f0anna. S\u00f3largy\u00f0ja <a href=\"https:\/\/iwell-guard.com\/is\/inuit-og-nordurslodir-sedna-tornit\/\">in\u00fa\u00edta<\/a>, Malina, hefur svipu\u00f0 hlutverk \u00e1 svi\u00f0i kvennaathafna. \u00deessi skipulagslega samsv\u00f6run er tr\u00faarfyrirb\u00e6rafr\u00e6\u00f0ilega uppl\u00fdsandi.<\/p><p>Sambandi\u00f0 milli Beaivi og Akkanna er mismunandi eftir sv\u00e6\u00f0um. \u00c1 sumum sv\u00e6\u00f0um er Beaivi m\u00f3\u00f0ir allra Akkanna, \u00e1 \u00f6\u00f0rum sj\u00e1lfst\u00e6\u00f0 st\u00e6r\u00f0 sem stendur \u00ed samvinnu- en ekki \u00e6ttartengslum vi\u00f0 Akkurnar. \u00deennan breytileika er ekki h\u00e6gt a\u00f0 leysa v\u00edsindalega, heldur \u00e1 a\u00f0 vir\u00f0a hann sem sv\u00e6\u00f0isbundi\u00f0 s\u00e9rkenni.<\/p>\t\t\t\t\t\t\t\t<\/div>\n\t\t\t\t<\/div>\n\t\t\t\t\t<\/div>\n\t\t\t\t<\/div>\n\t\t<div class=\"elementor-element elementor-element-iwgw-beaivi-s6 e-flex e-con-boxed e-con e-parent\" data-id=\"iwgw-beaivi-s6\" data-element_type=\"container\" data-e-type=\"container\">\n\t\t\t\t\t<div class=\"e-con-inner\">\n\t\t\t\t<div class=\"elementor-element elementor-element-iwgw-beaivi-s6h elementor-widget elementor-widget-heading\" data-id=\"iwgw-beaivi-s6h\" data-element_type=\"widget\" data-e-type=\"widget\" data-widget_type=\"heading.default\">\n\t\t\t\t\t<h2 class=\"elementor-heading-title elementor-size-default\">Beaivi \u00ed heimskautasamanbur\u00f0i<\/h2>\t\t\t\t<\/div>\n\t\t<div class=\"elementor-element elementor-element-iwgw-beaivi-s6c e-con-full e-flex e-con e-child\" data-id=\"iwgw-beaivi-s6c\" data-element_type=\"container\" data-e-type=\"container\">\n\t\t\t\t<div class=\"elementor-element elementor-element-iwgw-beaivi-s6t elementor-widget elementor-widget-text-editor\" data-id=\"iwgw-beaivi-s6t\" data-element_type=\"widget\" data-e-type=\"widget\" data-widget_type=\"text-editor.default\">\n\t\t\t\t\t\t\t\t\t<p>Beaivi tilheyrir hinum v\u00ed\u00f0a flokki kvenkyns s\u00f3lgy\u00f0ja \u00e1 heimskauta- og nor\u00f0urevr\u00f3psku sv\u00e6\u00f0inu. Skipulagslega samb\u00e6rilegar eru germanska S\u00f3l, baltneska Saul\u0117, finnsk-\u00fagr\u00edska P\u00e4iv\u00e4t\u00e4r, japanska Amaterasu, nenetska <em>Khaer<\/em> og s\u00f3largy\u00f0ja <a href=\"https:\/\/iwell-guard.com\/is\/inuit-og-nordurslodir-sedna-tornit\/\">in\u00fa\u00edta<\/a>, Malina. \u00deessi kynjaskipting s\u00f3larins myndar eigi\u00f0 tr\u00faarfyrirb\u00e6rafr\u00e6\u00f0ilegt sv\u00e6\u00f0i.<\/p><p>\u00d3l\u00edkt gr\u00edsku Helios-Sol-hef\u00f0inni leggur nor\u00f0url\u00e6gi kvenkyns s\u00f3lin minni \u00e1herslu \u00e1 stjarnfr\u00e6\u00f0ilega-heimsfr\u00e6\u00f0ilega \u00fe\u00e1ttinn og meiri \u00e1herslu \u00e1 l\u00edfgefandi, frj\u00f3semisbundna hlutverki\u00f0. Tr\u00faarfyrirb\u00e6rafr\u00e6\u00f0ilega samsvarar \u00feetta m\u00f3\u00f0ur-<span class=\"iwg-fachbegriff\" data-tooltip=\"V\u00edsindaleg fr\u00e6\u00f0i um Gu\u00f0 og tr\u00fa innan tr\u00faarbrag\u00f0a.\" tabindex=\"0\">gu\u00f0fr\u00e6\u00f0i<\/span>, sem er v\u00ed\u00f0a \u00fatbreidd \u00ed nor\u00f0urevr\u00f3pskri hef\u00f0 og er \u00f3l\u00edk f\u00f6\u00f0ur-s\u00f3lar hugmyndum Mi\u00f0jar\u00f0arhafssv\u00e6\u00f0isins.<\/p><p>Tr\u00faarfr\u00e6\u00f0ileg umr\u00e6\u00f0a um uppruna \u00feessa lags er g\u00f6mul og ekki fullkomlega \u00fatklj\u00e1\u00f0. Me\u00f0an Marija Gimbutas setti fram tilg\u00e1tu um evras\u00edska m\u00f3\u00f0urgy\u00f0julag, er n\u00fat\u00edmaranns\u00f3kn vark\u00e1rari og v\u00edsar til skipulagslegrar samsv\u00f6runar \u00e1n nau\u00f0synlegrar s\u00f6gulegrar mi\u00f0lunar.<\/p>\t\t\t\t\t\t\t\t<\/div>\n\t\t\t\t<\/div>\n\t\t\t\t\t<\/div>\n\t\t\t\t<\/div>\n\t\t<div class=\"elementor-element elementor-element-iwgw-beaivi-s7 e-flex e-con-boxed e-con e-parent\" data-id=\"iwgw-beaivi-s7\" data-element_type=\"container\" data-e-type=\"container\">\n\t\t\t\t\t<div class=\"e-con-inner\">\n\t\t\t\t<div class=\"elementor-element elementor-element-iwgw-beaivi-s7h elementor-widget elementor-widget-heading\" data-id=\"iwgw-beaivi-s7h\" data-element_type=\"widget\" data-e-type=\"widget\" data-widget_type=\"heading.default\">\n\t\t\t\t\t<h2 class=\"elementor-heading-title elementor-size-default\">Kristi\u00f0 tr\u00fabo\u00f0 og \u00fatr\u00fdming<\/h2>\t\t\t\t<\/div>\n\t\t<div class=\"elementor-element elementor-element-iwgw-beaivi-s7c e-con-full e-flex e-con e-child\" data-id=\"iwgw-beaivi-s7c\" data-element_type=\"container\" data-e-type=\"container\">\n\t\t\t\t<div class=\"elementor-element elementor-element-iwgw-beaivi-s7t elementor-widget elementor-widget-text-editor\" data-id=\"iwgw-beaivi-s7t\" data-element_type=\"widget\" data-e-type=\"widget\" data-widget_type=\"text-editor.default\">\n\t\t\t\t\t\t\t\t\t<p>Kristi\u00f0 tr\u00fabo\u00f0 me\u00f0al Sama h\u00f3fst \u00e1 mi\u00f0\u00f6ldum en j\u00f3kst miki\u00f0 \u00e1 17. og 18. \u00f6ld undir s\u00e6nsku, norsku og finnsku kr\u00fanunni. L\u00faterskir tr\u00fabo\u00f0ar \u00e1 bor\u00f0 vi\u00f0 Thomas von Westen, Knud Leem og s\u00e9rstaklega Lars Levi L\u00e6stadius \u00e1 19. \u00f6ld fylgdu har\u00f0ri afst\u00f6\u00f0u gegn fyrirkristinni tr\u00fa Sama.<\/p><p>Beaivi var a\u00f0 hluta til t\u00falku\u00f0 kristilega sem Mar\u00eda, lj\u00f3sm\u00f3\u00f0irin, en a\u00f0 hluta til ofs\u00f3tt sem hei\u00f0inn <span class=\"iwg-fachbegriff\" data-tooltip=\"Ni\u00f0randi hugtak fyrir tilbei\u00f0slumynd sem talin er \u00f3s\u00f6nn e\u00f0a r\u00f6ng.\" tabindex=\"0\">skur\u00f0go\u00f0<\/span>. Sjamanatrommur voru brenndar opinberlega, sieidi-steinar ey\u00f0ilag\u00f0ir og sjaman\u00edsk i\u00f0kun ger\u00f0 gl\u00e6psamleg. \u00deessi k\u00fagun \u00feurrka\u00f0i fyrirkristna tr\u00fa a\u00f0 mestu \u00far almannar\u00fdmi, \u00e1n \u00feess a\u00f0 \u00fatr\u00fdma henni algj\u00f6rlega.<\/p><p>V\u00edsindalega er \u00feessi tr\u00fabo\u00f0ssaga s\u00e9rstakt ranns\u00f3knarsvi\u00f0 sem hefur \u00e1 s\u00ed\u00f0ustu \u00e1ratugum veri\u00f0 endursko\u00f0a\u00f0 \u00fat fr\u00e1 eftirlendufr\u00e6\u00f0ilegu sj\u00f3narhorni. N\u00faverandi endurl\u00edfgun sam\u00edskrar menningar v\u00edsar a\u00f0 hluta til Beaivi og annarra fyrirkristinna vera, \u00e1n \u00feess a\u00f0 gera kr\u00f6fu um \u00f3slitna samfellu.<\/p>\t\t\t\t\t\t\t\t<\/div>\n\t\t\t\t<\/div>\n\t\t\t\t\t<\/div>\n\t\t\t\t<\/div>\n\t\t<div class=\"elementor-element elementor-element-iwgw-beaivi-s8 e-flex e-con-boxed e-con e-parent\" data-id=\"iwgw-beaivi-s8\" data-element_type=\"container\" data-e-type=\"container\">\n\t\t\t\t\t<div class=\"e-con-inner\">\n\t\t\t\t<div class=\"elementor-element elementor-element-iwgw-beaivi-s8h elementor-widget elementor-widget-heading\" data-id=\"iwgw-beaivi-s8h\" data-element_type=\"widget\" data-e-type=\"widget\" data-widget_type=\"heading.default\">\n\t\t\t\t\t<h2 class=\"elementor-heading-title elementor-size-default\">N\u00fat\u00edmavi\u00f0t\u00f6kur og ranns\u00f3knir<\/h2>\t\t\t\t<\/div>\n\t\t<div class=\"elementor-element elementor-element-iwgw-beaivi-s8c e-con-full e-flex e-con e-child\" data-id=\"iwgw-beaivi-s8c\" data-element_type=\"container\" data-e-type=\"container\">\n\t\t\t\t<div class=\"elementor-element elementor-element-iwgw-beaivi-s8t elementor-widget elementor-widget-text-editor\" data-id=\"iwgw-beaivi-s8t\" data-element_type=\"widget\" data-e-type=\"widget\" data-widget_type=\"text-editor.default\">\n\t\t\t\t\t\t\t\t\t<p>V\u00edsindalegar ranns\u00f3knir \u00e1 Beaivi eru \u00ed dag umfangsmiklar. B\u00f3k H\u00e5kan Rydvings <em>The End of Drum-Time<\/em> (1993) og s\u00ed\u00f0ari verk hans hafa lagt n\u00fdjan a\u00f0fer\u00f0afr\u00e6\u00f0ilegan grundv\u00f6ll fyrir ranns\u00f3knir \u00e1 tr\u00faarbr\u00f6g\u00f0um Sama. Juha Pentik\u00e4inen, Anna Lia Berthelsen og Konsta Kaikkonen hafa rannsaka\u00f0 fleiri hli\u00f0ar m\u00e1lsins.<\/p><p>\u00cd samt\u00edmamenningu Sama er Beaivi s\u00fdnileg \u00ed myndlist, b\u00f3kmenntum og t\u00f3nlist. Joik-s\u00f6ngvar fjalla um hana, og listamenn eins og Britta Marakatt-Labba hafa t\u00falka\u00f0 hana myndr\u00e6nt. \u00deessi menningarlega endurvakning er tr\u00faarfyrirb\u00e6rafr\u00e6\u00f0ilega mikilv\u00e6gt framlag til a\u00f0 gera hef\u00f0ina s\u00fdnilega.<\/p><p>Stofnanaleg vi\u00f0urkenning \u00e1 tr\u00faarbr\u00f6g\u00f0um Sama er \u00ed dag a\u00f0 mestu trygg\u00f0. Beaivi er kennd \u00ed s\u00f6miskum sk\u00f3lum og er hluti af n\u00e1msskr\u00e1 h\u00e1sk\u00f3la \u00ed Troms\u00f8, Ume\u00e5 og Helsinki. V\u00edsindalega s\u00e9\u00f0 er Beaivi-ranns\u00f3knin \u00e1 t\u00edmabili afkastamikillar endursko\u00f0unar.<\/p>\t\t\t\t\t\t\t\t<\/div>\n\t\t\t\t<\/div>\n\t\t\t\t\t<\/div>\n\t\t\t\t<\/div>\n\t\t<div class=\"elementor-element elementor-element-iwgw-beaivi-s9 e-flex e-con-boxed e-con e-parent\" data-id=\"iwgw-beaivi-s9\" data-element_type=\"container\" data-e-type=\"container\">\n\t\t\t\t\t<div class=\"e-con-inner\">\n\t\t\t\t<div class=\"elementor-element elementor-element-iwgw-beaivi-s9h elementor-widget elementor-widget-heading\" data-id=\"iwgw-beaivi-s9h\" data-element_type=\"widget\" data-e-type=\"widget\" data-widget_type=\"heading.default\">\n\t\t\t\t\t<h2 class=\"elementor-heading-title elementor-size-default\">Krossv\u00edsanir \u00ed or\u00f0asafninu<\/h2>\t\t\t\t<\/div>\n\t\t<div class=\"elementor-element elementor-element-iwgw-beaivi-s9c e-con-full e-flex e-con e-child\" data-id=\"iwgw-beaivi-s9c\" data-element_type=\"container\" data-e-type=\"container\">\n\t\t\t\t<div class=\"elementor-element elementor-element-iwgw-beaivi-s9t elementor-widget elementor-widget-text-editor\" data-id=\"iwgw-beaivi-s9t\" data-element_type=\"widget\" data-e-type=\"widget\" data-widget_type=\"text-editor.default\">\n\t\t\t\t\t\t\t\t\t<p>Beaivi tengist <a href=\"https:\/\/iwell-guard.com\/is\/?page_id=169010\">M\u00e1nnu<\/a>, <a href=\"https:\/\/iwell-guard.com\/is\/?page_id=169011\">R\u00e1hka<\/a>, <a href=\"https:\/\/iwell-guard.com\/is\/?page_id=169012\">Stallo<\/a>, <a href=\"https:\/\/iwell-guard.com\/is\/?page_id=169013\">Sara-Akka<\/a>, <a href=\"https:\/\/iwell-guard.com\/is\/?page_id=169014\">Uksakka<\/a>, <a href=\"https:\/\/iwell-guard.com\/is\/?page_id=169015\">Juksakka<\/a>, <a href=\"https:\/\/iwell-guard.com\/is\/?page_id=169016\">Madderakka<\/a>, <a href=\"https:\/\/iwell-guard.com\/is\/?page_id=169017\">Jabmiidaibmu<\/a> og <a href=\"https:\/\/iwell-guard.com\/is\/?page_id=169018\">Saivo<\/a>. Menningarmi\u00f0st\u00f6\u00f0in <a href=\"https:\/\/iwell-guard.com\/is\/sami-finnsk-ugrisk-hefd-noaidi-tromma\/\">Sami-hef\u00f0<\/a> setur s\u00f3lar-<span class=\"iwg-fachbegriff\" data-tooltip=\"V\u00edsindaleg fr\u00e6\u00f0i um gu\u00f0 og tr\u00fa innan tr\u00faarbrag\u00f0a.\" tabindex=\"0\">gu\u00f0fr\u00e6\u00f0ina<\/span> \u00ed samhengi. Samb\u00e6rilegar s\u00f3largy\u00f0jur finnast \u00ed <a href=\"https:\/\/iwell-guard.com\/is\/inuit-og-nordurslodir-sedna-tornit\/\">In\u00fa\u00edta<\/a>-greinaflokknum hj\u00e1 <em>Malina<\/em>.<\/p>\t\t\t\t\t\t\t\t<\/div>\n\t\t\t\t<\/div>\n\t\t\t\t\t<\/div>\n\t\t\t\t<\/div>\n\t\t<div class=\"elementor-element elementor-element-cp2407d132 e-flex e-con-boxed e-con e-parent\" data-id=\"cp2407d132\" data-element_type=\"container\" data-e-type=\"container\">\n\t\t\t\t\t<div class=\"e-con-inner\">\n\t\t\t\t<div class=\"elementor-element elementor-element-cp21669eb1 elementor-widget elementor-widget-heading\" data-id=\"cp21669eb1\" data-element_type=\"widget\" data-e-type=\"widget\" data-widget_type=\"heading.default\">\n\t\t\t\t\t<h2 class=\"elementor-heading-title elementor-size-default\">Beaivi \u00ed \u00e1rshring Sama og vetrars\u00f3lst\u00f6\u00f0uoffringin<\/h2>\t\t\t\t<\/div>\n\t\t<div class=\"elementor-element elementor-element-cp23ff3f04 e-flex e-con-boxed e-con e-child\" data-id=\"cp23ff3f04\" data-element_type=\"container\" data-e-type=\"container\">\n\t\t\t\t\t<div class=\"e-con-inner\">\n\t\t\t\t<div class=\"elementor-element elementor-element-cp23f2b794 elementor-widget elementor-widget-text-editor\" data-id=\"cp23f2b794\" data-element_type=\"widget\" data-e-type=\"widget\" data-widget_type=\"text-editor.default\">\n\t\t\t\t\t\t\t\t\t<p>Beaivi, s\u00f3lin, haf\u00f0i \u00e1berandi st\u00f6\u00f0u \u00ed frumkristnum tr\u00faarbr\u00f6g\u00f0um Sama, sem m\u00e1 sk\u00fdra me\u00f0 l\u00edfsskilyr\u00f0um hins h\u00e1a nor\u00f0urs. \u00c1 vetrarm\u00e1nu\u00f0um hverfur s\u00f3lin algj\u00f6rlega \u00e1 st\u00f3rum hluta bygg\u00f0arsv\u00e6\u00f0is Sama e\u00f0a r\u00eds a\u00f0eins l\u00edtillega yfir sj\u00f3ndeildarhringinn. Heimkoma hennar \u00e1 vorin var \u00fev\u00ed engin sj\u00e1lfs\u00f6g\u00f0 sta\u00f0reynd, heldur atbur\u00f0ur af tilvistarlegri \u00fe\u00fd\u00f0ingu.<\/p><p>Heimildir fr\u00e1 fyrri n\u00fd\u00f6ld, s\u00e9rstaklega fr\u00e1sagnir tr\u00fabo\u00f0a og emb\u00e6ttismanna fr\u00e1 17. og 18. \u00f6ld, greina fr\u00e1 \u00fev\u00ed a\u00f0 Sama hafi f\u00e6rt <span class=\"iwg-fachbegriff\" data-tooltip=\"Gj\u00f6f til go\u00f0magns til a\u00f0 tj\u00e1 \u00feakkl\u00e6ti, b\u00e6n e\u00f0a lotningu.\" tabindex=\"0\">f\u00f3rn<\/span> til Beaivi um vetrars\u00f3lst\u00f6\u00f0ur.<\/p><p>Me\u00f0al annars er nefnt f\u00f3rn kvenkyns d\u00fdra og <span class=\"iwg-fachbegriff\" data-tooltip=\"Hef\u00f0bundin ath\u00f6fn sem endurtekin er reglulega innan samf\u00e9lags.\" tabindex=\"0\">si\u00f0ur<\/span> \u00fear sem fl\u00e9tta\u00f0ir hringir \u00far greinum spilu\u00f0u hlutverk og voru tengdir endurkomu s\u00f3larinnar. \u00deessar fr\u00e1sagnir ber a\u00f0 lesa me\u00f0 fyrirvara, \u00fev\u00ed h\u00f6fundar \u00feeirra l\u00fdstu tr\u00faarbr\u00f6g\u00f0um Sama utan fr\u00e1 og oft me\u00f0 \u00feann tilgang a\u00f0 tr\u00faskipta \u00fe\u00e1.<\/p><p>Beaivi var talin gjafmild uppspretta lj\u00f3ss, hita og \u00fear me\u00f0 frj\u00f3semi, b\u00e6\u00f0i fyrir hreind\u00fdrahjar\u00f0ir og fyrir pl\u00f6nturnar sem \u00fe\u00e6r n\u00e6rast \u00e1. S\u00f3linni fylgdi einnig hugmyndin um andlegt heilbrig\u00f0i; \u00ed sumum fr\u00e1s\u00f6gnum var h\u00fan \u00e1k\u00f6llu\u00f0 til a\u00f0 var\u00f0veita hugarheilsu.<\/p><p><span data-nosnippet>Mikilv\u00e6gustu fyrstu heimildirnar, me\u00f0al annars ritverk Johannes Schefferus, \u00fear sem verk hans <em>Lapponia<\/em> kom \u00fat 1673, auk s\u00ed\u00f0ari tr\u00fabo\u00f0sritverka, hafa veri\u00f0 ranns\u00f6ku\u00f0 \u00edtarlega \u00ed fr\u00e6\u00f0unum. \u00de\u00e6r s\u00fdna Beaivi sem mi\u00f0l\u00e6ga pers\u00f3nu \u00ed tr\u00fa sem var n\u00e1tengd hinum \u00f6fgafulla \u00e1rshring nor\u00f0urskautssv\u00e6\u00f0isins.<\/span><\/p>\t\t\t\t\t\t\t\t<\/div>\n\t\t\t\t\t<\/div>\n\t\t\t\t<\/div>\n\t\t\t\t\t<\/div>\n\t\t\t\t<\/div>\n\t\t<div class=\"elementor-element elementor-element-cp2a9998cb e-flex e-con-boxed e-con e-parent\" data-id=\"cp2a9998cb\" data-element_type=\"container\" data-e-type=\"container\">\n\t\t\t\t\t<div class=\"e-con-inner\">\n\t\t\t\t<div class=\"elementor-element elementor-element-cp279aeee7 elementor-widget elementor-widget-heading\" data-id=\"cp279aeee7\" data-element_type=\"widget\" data-e-type=\"widget\" data-widget_type=\"heading.default\">\n\t\t\t\t\t<h2 class=\"elementor-heading-title elementor-size-default\">S\u00f3lin \u00e1 s\u00f6miskum galdratrommum<\/h2>\t\t\t\t<\/div>\n\t\t<div class=\"elementor-element elementor-element-cp2a24edbe e-flex e-con-boxed e-con e-child\" data-id=\"cp2a24edbe\" data-element_type=\"container\" data-e-type=\"container\">\n\t\t\t\t\t<div class=\"e-con-inner\">\n\t\t\t\t<div class=\"elementor-element elementor-element-cp2b688a68 elementor-widget elementor-widget-text-editor\" data-id=\"cp2b688a68\" data-element_type=\"widget\" data-e-type=\"widget\" data-widget_type=\"text-editor.default\">\n\t\t\t\t\t\t\t\t\t<p>Mikilv\u00e6gustu var\u00f0veittu myndheimildir um frumkristin tr\u00faarbr\u00f6g\u00f0 Sama eru galdratrommurnar, sem \u00e1 s\u00f6misku eru kalla\u00f0ar <em>goavddis<\/em> e\u00f0a tengdum hugt\u00f6kum.<\/p><p>\u00deessar trommur voru nota\u00f0ar af tr\u00faarlegum s\u00e9rfr\u00e6\u00f0ingi, noaidi-num, til a\u00f0 n\u00e1 trans-\u00e1standi e\u00f0a til a\u00f0 r\u00e1\u00f0a fyrirbo\u00f0a me\u00f0 \u00fev\u00ed a\u00f0 l\u00e1ta v\u00edsi vandra yfir m\u00e1la\u00f0a trommuskinni\u00f0. \u00c1 himnu margra trommna er s\u00f3lin s\u00fdnd, oft sem mi\u00f0l\u00e6gt <span class=\"iwg-fachbegriff\" data-tooltip=\"Endurteki\u00f0 innihaldselement \u00ed list e\u00f0a fr\u00e1s\u00f6gn.\" tabindex=\"0\">myndefni<\/span>.<\/p><p>S\u00f3larmerki\u00f0 birtist venjulega sem t\u00edgull e\u00f0a ferningur me\u00f0 fj\u00f3rum geislum sem v\u00edsa \u00ed fj\u00f3rar h\u00f6fu\u00f0\u00e1ttir. Oft er s\u00f3lin sta\u00f0sett \u00ed mi\u00f0ju trommunnar og a\u00f0rar myndir, go\u00f0m\u00f6gn, d\u00fdr, landslag, eru ra\u00f0a\u00f0ar \u00ed kringum hana e\u00f0a me\u00f0fram geislum hennar.<\/p><p>\u00deessi mi\u00f0l\u00e6ga sta\u00f0a er \u00ed ranns\u00f3knum t\u00falku\u00f0 sem tj\u00e1ning \u00e1 mikilv\u00e6gi Beaivi fyrir alla heimsmyndina, \u00fear sem s\u00f3lin skipar og skipuleggur r\u00fami\u00f0.<\/p><p>Flestar var\u00f0veittar trommur voru ger\u00f0ar uppt\u00e6kar af tr\u00fabo\u00f0um og yfirv\u00f6ldum \u00e1 17. og 18. \u00f6ld og komust \u00ed evr\u00f3psk s\u00f6fn; margar voru einnig ey\u00f0ilag\u00f0ar. Ranns\u00f3kn \u00feeirra er tengd nafni Ernst Manker, sem um mi\u00f0ja 20. \u00f6ld skjalfesti umfangsmiki\u00f0 safn kunnra tromma og skr\u00e1\u00f0i myndefni \u00feeirra kerfisbundi\u00f0.<\/p><p>T\u00falkun einstakra mynda er enn erfi\u00f0, \u00fev\u00ed vitneskja um n\u00e1kv\u00e6ma merkingu \u00feeirra glata\u00f0ist a\u00f0 mestu me\u00f0 s\u00ed\u00f0ustu noaidi og skriflegar \u00fatlistanir koma oft fr\u00e1 kirkjulegum utana\u00f0komandi a\u00f0ilum.<\/p><p>Trommurnar eru \u00fer\u00e1tt fyrir \u00feetta \u00f3missandi, \u00fev\u00ed \u00fe\u00e6r eru einu umfangsmiklu myndlegu eigin vitnisbur\u00f0irnir um forna tr\u00fa Sama, og Beaivi tekur \u00fear s\u00fdnilega mi\u00f0l\u00e6gan sess.<\/p>\t\t\t\t\t\t\t\t<\/div>\n\t\t\t\t\t<\/div>\n\t\t\t\t<\/div>\n\t\t\t\t\t<\/div>\n\t\t\t\t<\/div>\n\t\t<div class=\"elementor-element elementor-element-cp2e73dfba e-flex e-con-boxed e-con e-parent\" data-id=\"cp2e73dfba\" data-element_type=\"container\" data-e-type=\"container\">\n\t\t\t\t\t<div class=\"e-con-inner\">\n\t\t\t\t<div class=\"elementor-element elementor-element-cp29f09c35 elementor-widget elementor-widget-heading\" data-id=\"cp29f09c35\" data-element_type=\"widget\" data-e-type=\"widget\" data-widget_type=\"heading.default\">\n\t\t\t\t\t<h2 class=\"elementor-heading-title elementor-size-default\">Heimildagagnr\u00fdni \u00e1 s\u00f3lartr\u00fa Sama<\/h2>\t\t\t\t<\/div>\n\t\t<div class=\"elementor-element elementor-element-cp2fe5f0bd e-flex e-con-boxed e-con e-child\" data-id=\"cp2fe5f0bd\" data-element_type=\"container\" data-e-type=\"container\">\n\t\t\t\t\t<div class=\"e-con-inner\">\n\t\t\t\t<div class=\"elementor-element elementor-element-cp254f97b5 elementor-widget elementor-widget-text-editor\" data-id=\"cp254f97b5\" data-element_type=\"widget\" data-e-type=\"widget\" data-widget_type=\"text-editor.default\">\n\t\t\t\t\t\t\t\t\t<p>Ranns\u00f3knir \u00e1 Beaivi standa frammi fyrir grundvallar a\u00f0fer\u00f0afr\u00e6\u00f0ilegu vandam\u00e1li: Engar skriflegar frumheimildir eru til um forkristna tr\u00fa Sama.<\/p><p>Samar bjuggu lengi ekki yfir eigin ritm\u00e1lshef\u00f0, og tr\u00fa \u00feeirra var n\u00e6r alfari\u00f0 l\u00fdst utan fr\u00e1, af kristnum tr\u00fabo\u00f0um, prestum og emb\u00e6ttism\u00f6nnum r\u00edkisins. \u00deessir h\u00f6fundar h\u00f6f\u00f0u s\u00ednar eigin forsendur og markmi\u00f0, oft var tilgangurinn a\u00f0 berjast gegn \u00fev\u00ed sem \u00feeir t\u00falku\u00f0u sem hei\u00f0ni.<\/p><p>\u00deetta hefur bein \u00e1hrif \u00e1 myndina af Beaivi. Fyrstu fr\u00e1sagnirnir r\u00f6\u00f0u\u00f0u gu\u00f0um Sama oft eftir fyrirmynd gr\u00edsk-r\u00f3mverskrar <span class=\"iwg-fachbegriff\" data-tooltip=\"Heildarsafn go\u00f0sagna og go\u00f0afr\u00e6\u00f0ilegra fr\u00e1sagna \u00ed \u00e1kve\u00f0inni menningu.\" tabindex=\"0\">go\u00f0afr\u00e6\u00f0i<\/span> e\u00f0a eftir kristnum flokkunarkerfum og sk\u00f6pu\u00f0u \u00feannig hugsanlega kerfisbundnara <span class=\"iwg-fachbegriff\" data-tooltip=\"Heild gu\u00f0a \u00ed tr\u00faarbr\u00f6g\u00f0um e\u00f0a menningu.\" tabindex=\"0\">go\u00f0aveldi<\/span> en tr\u00faari\u00f0kunin bj\u00f3 yfir \u00ed raun.<\/p><p>N\u00f6fn og hlutverk gu\u00f0anna eru einnig mismunandi milli heimilda og milli hinna \u00fdmsu sv\u00e6\u00f0a Sama. Menning Sama var \u00ed raun aldrei einsleit; h\u00fan n\u00e1\u00f0i yfir m\u00f6rg tungum\u00e1l og \u00f3l\u00edka lifna\u00f0arh\u00e6tti, fr\u00e1 strandvei\u00f0um til hreind\u00fdrahjar\u00f0mennsku.<\/p><p>N\u00fdrri ranns\u00f3knir, me\u00f0al annars verk H\u00e5kans Rydving og fleiri, leggja \u00fev\u00ed \u00e1herslu \u00e1 nau\u00f0syn strangrar heimildagagnr\u00fdni. Rydving hefur \u00ed ranns\u00f3knum s\u00ednum \u00e1 tr\u00faarlegum breytingum me\u00f0al Sama s\u00fdnt hversu sterkt var\u00f0veittar fr\u00e1sagnir eru m\u00f3ta\u00f0ar af sj\u00f3narhorni tr\u00fabo\u00f0sins.<\/p><p>Fyrir Beaivi \u00fe\u00fd\u00f0ir \u00feetta a\u00f0 hin mi\u00f0l\u00e6ga sta\u00f0a s\u00f3larinnar \u00ed tr\u00fa Sama er vel sta\u00f0fest, me\u00f0 trommunum, samhlj\u00f3\u00f0a fr\u00e1s\u00f6gnum og skiljanlegri r\u00f6kfr\u00e6\u00f0i heimskauta\u00e1rsins, en m\u00f6rg sm\u00e1atri\u00f0i d\u00fdrkunarins og hugmyndanna eru enn \u00f3lj\u00f3s. S\u00e1 sem skrifar um Beaivi ver\u00f0ur a\u00f0 tilgreina \u00feessar takmarkanir \u00feekkingarinnar me\u00f0 opnum h\u00e6tti.<\/p>\t\t\t\t\t\t\t\t<\/div>\n\t\t\t\t\t<\/div>\n\t\t\t\t<\/div>\n\t\t\t\t\t<\/div>\n\t\t\t\t<\/div>\n\t\t<div class=\"elementor-element elementor-element-iwgw-beaivi-lit e-flex e-con-boxed e-con e-parent\" data-id=\"iwgw-beaivi-lit\" data-element_type=\"container\" data-e-type=\"container\">\n\t\t\t\t\t<div class=\"e-con-inner\">\n\t\t\t\t<div class=\"elementor-element elementor-element-iwgw-beaivi-lith elementor-widget elementor-widget-heading\" data-id=\"iwgw-beaivi-lith\" data-element_type=\"widget\" data-e-type=\"widget\" data-widget_type=\"heading.default\">\n\t\t\t\t\t<h2 class=\"elementor-heading-title elementor-size-default\">Heimildir (\u00farval)<\/h2>\t\t\t\t<\/div>\n\t\t<div class=\"elementor-element elementor-element-iwgw-beaivi-litc e-con-full e-flex e-con e-child\" data-id=\"iwgw-beaivi-litc\" data-element_type=\"container\" data-e-type=\"container\">\n\t\t\t\t<div class=\"elementor-element elementor-element-iwgw-beaivi-litt elementor-widget elementor-widget-text-editor\" data-id=\"iwgw-beaivi-litt\" data-element_type=\"widget\" data-e-type=\"widget\" data-widget_type=\"text-editor.default\">\n\t\t\t\t\t\t\t\t\t<ul><li><span data-nosnippet>H\u00e5kan Rydving: <em>The End of Drum-Time. Religious Change Among the Lule Saami, 1670s-1740s<\/em> (Uppsala 1993)<\/span><\/li><li>Juha Pentik\u00e4inen: <em>Saamelaiset. Pohjoisen kansan mytologia<\/em> (Helsinki 1995)<\/li><li>Ernst Manker: <em>Die Lappische Zaubertrommel<\/em> (Stockholm 1938-1950)<\/li><li>Johannes Schefferus: <em>Lapponia<\/em> (Frankfurt 1673)<\/li><li>Lars Levi L\u00e6stadius: <em>Fragmenter i lappska mythologien<\/em> (Manuskript ca. 1840)<\/li><li>Anna Lia Berthelsen: <em>The Sami People. Traditions in Transition<\/em> (Fairbanks 2002)<\/li><\/ul>\t\t\t\t\t\t\t\t<\/div>\n\t\t\t\t<\/div>\n\t\t\t\t\t<\/div>\n\t\t\t\t<\/div>\n\t\t<div class=\"elementor-element elementor-element-iwgw-beaivi-kwd e-flex e-con-boxed e-con e-parent\" data-id=\"iwgw-beaivi-kwd\" data-element_type=\"container\" data-e-type=\"container\">\n\t\t\t\t\t<div class=\"e-con-inner\">\n\t\t<div class=\"elementor-element elementor-element-iwgw-beaivi-kwdc e-con-full e-flex e-con e-child\" data-id=\"iwgw-beaivi-kwdc\" data-element_type=\"container\" data-e-type=\"container\">\n\t\t\t\t<div class=\"elementor-element elementor-element-iwgw-beaivi-kwdt elementor-widget elementor-widget-text-editor\" data-id=\"iwgw-beaivi-kwdt\" data-element_type=\"widget\" data-e-type=\"widget\" data-widget_type=\"text-editor.default\">\n\t\t\t\t\t\t\t\t\t<p><em>Tengd leitaror\u00f0: Beaivi P\u00e4ivi Peivve Sami s\u00f3largy\u00f0ja Goavddis Sieidi Noaidi sumars\u00f3lst\u00f6\u00f0ur.<\/em><\/p>\t\t\t\t\t\t\t\t<\/div>\n\t\t\t\t<\/div>\n\t\t\t\t\t<\/div>\n\t\t\t\t<\/div>\n\t\t<div class=\"elementor-element elementor-element-iwgw-beaivi-cc e-flex e-con-boxed e-con e-parent\" data-id=\"iwgw-beaivi-cc\" data-element_type=\"container\" data-e-type=\"container\" id=\"iwg-cc-beaivi\">\n\t\t\t\t\t<div class=\"e-con-inner\">\n\t\t<div class=\"elementor-element elementor-element-iwgw-beaivi-ccinner e-flex e-con-boxed e-con e-parent\" data-id=\"iwgw-beaivi-ccinner\" data-element_type=\"container\" data-e-type=\"container\" data-settings=\"{&quot;background_background&quot;:&quot;classic&quot;}\">\n\t\t\t\t\t<div class=\"e-con-inner\">\n\t\t\t\t<div class=\"elementor-element elementor-element-iwgw-beaivi-cch elementor-widget elementor-widget-heading\" data-id=\"iwgw-beaivi-cch\" data-element_type=\"widget\" data-e-type=\"widget\" data-widget_type=\"heading.default\">\n\t\t\t\t\t<h2 class=\"elementor-heading-title elementor-size-default\">iWell Guard og verndarhef\u00f0ir<\/h2>\t\t\t\t<\/div>\n\t\t\t\t<div class=\"elementor-element elementor-element-iwgw-beaivi-cct elementor-widget elementor-widget-text-editor\" data-id=\"iwgw-beaivi-cct\" data-element_type=\"widget\" data-e-type=\"widget\" data-widget_type=\"text-editor.default\">\n\t\t\t\t\t\t\t\t\t<div data-nosnippet=\"true\"><p>iWell Guard byggir \u00e1 menningars\u00f6gulegri hef\u00f0 fars\u00edma verndargripa sem borna eru \u00e1 l\u00edkamanum, \u00ed hef\u00f0 <a href=\"https:\/\/iwell-guard.com\/is\/sami-finnsk-ugrisk-hefd-noaidi-tromma\/\">Sama<\/a> og margra annarra menningarheima um allan heim. 41 l\u00f6g, alv\u00f6ru gull, plat\u00edna, silfur, framleitt \u00ed \u00de\u00fdskalandi. 30 daga skilar\u00e9ttur.<\/p><\/div>\t\t\t\t\t\t\t\t<\/div>\n\t\t\t\t<div class=\"elementor-element elementor-element-iwgw-beaivi-ccb iwg-cc-button iwg-cc-cta-2026-05-13 elementor-widget elementor-widget-jet-button\" data-id=\"iwgw-beaivi-ccb\" data-element_type=\"widget\" data-e-type=\"widget\" data-widget_type=\"jet-button.default\">\n\t\t\t\t<div class=\"elementor-widget-container\">\n\t\t\t\t\t<div class=\"elementor-jet-button jet-elements\"><div class=\"jet-button__container\"><a class=\"jet-button__instance jet-button__instance--icon-left hover-effect-1\" href=\"\/ueber-iwell-guard\/?utm_source=iwell-guard.com&amp;utm_medium=info-box&amp;utm_campaign=wesen-tradition\"><div class=\"jet-button__plane jet-button__plane-normal\"><\/div><div class=\"jet-button__plane jet-button__plane-hover\"><\/div><div class=\"jet-button__state jet-button__state-normal\"><span class=\"jet-button__label\">Meira um iWell Guard<\/span><\/div><div class=\"jet-button__state jet-button__state-hover\"><span class=\"jet-button__label\">Meira um iWell Guard<\/span><\/div><\/a><\/div><\/div><style>.elementor-element.elementor-element-iwgw-beaivi-ccb .jet-button__instance{width:320px;height:56px;}.elementor-element.elementor-element-iwgw-beaivi-ccb .jet-button__state-normal .jet-button__label{text-align:center;margin:0px 0px 0px 0px;color:#1a1b20;font-family:Montserrat,sans-serif;font-size:13px;font-weight:400;letter-spacing:4px;line-height:1.714em;text-transform:uppercase;}.elementor-element.elementor-element-iwgw-beaivi-ccb .jet-button__state-hover .jet-button__label{text-align:center;margin:0px 0px 0px 0px;color:#FECC76;font-family:Montserrat,sans-serif;font-size:13px;font-weight:400;letter-spacing:4px;line-height:1.714em;text-transform:uppercase;}.elementor-element.elementor-element-iwgw-beaivi-ccb .jet-button__plane-normal{background-color:#FECC76;border-style:solid;border-color:#C99540;border-width:2px 2px 2px 2px;}.elementor-element.elementor-element-iwgw-beaivi-ccb .jet-button__plane-hover{background-color:rgba(0,0,0,0.55);border-style:solid;border-color:#FECC76;border-width:2px 2px 2px 2px;}<\/style>\t\t\t\t<\/div>\n\t\t\t\t<\/div>\n\t\t\t\t<div class=\"elementor-element elementor-element-iwgw-beaivi-ccd elementor-widget elementor-widget-text-editor\" data-id=\"iwgw-beaivi-ccd\" data-element_type=\"widget\" data-e-type=\"widget\" data-widget_type=\"text-editor.default\">\n\t\t\t\t\t\t\t\t\t<div data-nosnippet=\"true\"><p style=\"text-align:center;font-size:13px;opacity:0.7;margin-top:14px\" data-nosnippet=\"true\">Pers\u00f3nuleg reynsla getur veri\u00f0 mismunandi. Ekki l\u00e6kningat\u00e6ki. Engin lofor\u00f0 um l\u00e6kningu.<\/p><\/div>\t\t\t\t\t\t\t\t<\/div>\n\t\t\t\t\t<\/div>\n\t\t\t\t<\/div>\n\t\t\t\t\t<\/div>\n\t\t\t\t<\/div>\n\t\t<div class=\"elementor-element elementor-element-iwgw-beaivi-disc e-flex e-con-boxed e-con e-parent\" data-id=\"iwgw-beaivi-disc\" data-element_type=\"container\" data-e-type=\"container\">\n\t\t\t\t\t<div class=\"e-con-inner\">\n\t\t\t\t<div class=\"elementor-element elementor-element-iwgw-beaivi-discw elementor-widget elementor-widget-html\" data-id=\"iwgw-beaivi-discw\" data-element_type=\"widget\" data-e-type=\"widget\" data-widget_type=\"html.default\">\n\t\t\t\t\t<footer data-nosnippet=\"true\" class=\"iwg-disclaimer-block\"><p data-nosnippet=\"true\">iWell Guard er <strong>ekki l\u00e6kningat\u00e6ki<\/strong> og kemur ekki \u00ed sta\u00f0inn fyrir l\u00e6knis- e\u00f0a s\u00e1lfr\u00e6\u00f0ime\u00f0fer\u00f0. Tr\u00faarfr\u00e6\u00f0ilegt efni er menningars\u00f6gulegt samhengi, ekki r\u00e1\u00f0legging um andlega i\u00f0kun.<\/p><\/footer>\t\t\t\t<\/div>\n\t\t\t\t\t<\/div>\n\t\t\t\t<\/div>\n\t\t\t\t<\/div>\n\t\t","protected":false},"excerpt":{"rendered":"","protected":false},"author":3,"featured_media":2890,"parent":0,"menu_order":0,"comment_status":"closed","ping_status":"closed","template":"elementor_header_footer","meta":{"_yoast_wpseo_focuskw":"Beaivi s\u00f3largy\u00f0ja Sama","_yoast_wpseo_title":"Beaivi - s\u00f3largy\u00f0ja Sama og l\u00edfgjafi","_yoast_wpseo_metadesc":"Beaivi er s\u00f3largy\u00f0ja Sama og m\u00f3\u00f0ir l\u00edfsins. Tr\u00faarfr\u00e6\u00f0ileg \u00fattekt \u00e1 forkristinni tr\u00fa Sama.","_yoast_wpseo_meta-robots-noindex":"","_yoast_wpseo_canonical":"","_angie_page":false,"gefaehrdungsstufe":"","wesen_kultur":"","wesen_klasse":"","footnotes":""},"categories":[],"class_list":["post-169009","page","type-page","status-publish","has-post-thumbnail","hentry"],"yoast_head":"<!-- This site is optimized with the Yoast SEO Premium plugin v27.7 (Yoast SEO v28.3) - https:\/\/yoast.com\/product\/yoast-seo-premium-wordpress\/ -->\n<title>Beaivi - s\u00f3largy\u00f0ja Sama og l\u00edfgjafi<\/title>\n<meta name=\"description\" content=\"Beaivi er s\u00f3largy\u00f0ja Sama og m\u00f3\u00f0ir l\u00edfsins. Tr\u00faarfr\u00e6\u00f0ileg \u00fattekt \u00e1 forkristinni tr\u00fa Sama.\" \/>\n<meta name=\"robots\" content=\"index, follow, max-snippet:-1, max-image-preview:large, max-video-preview:-1\" \/>\n<link rel=\"canonical\" href=\"https:\/\/iwell-guard.com\/is\/beaivi-solargydja-sama\/\" \/>\n<meta property=\"og:locale\" content=\"is_IS\" \/>\n<meta property=\"og:type\" content=\"article\" \/>\n<meta property=\"og:title\" content=\"Beaivi - s\u00f3largy\u00f0ja Sama\" \/>\n<meta property=\"og:description\" content=\"Beaivi er s\u00f3largy\u00f0ja Sama og m\u00f3\u00f0ir l\u00edfsins. Tr\u00faarfr\u00e6\u00f0ileg \u00fattekt \u00e1 forkristinni tr\u00fa Sama.\" \/>\n<meta property=\"og:url\" content=\"https:\/\/iwell-guard.com\/is\/beaivi-solargydja-sama\/\" \/>\n<meta property=\"og:site_name\" content=\"iWell Guard\" \/>\n<meta property=\"article:modified_time\" content=\"2026-09-05T14:29:46+00:00\" \/>\n<meta property=\"og:image\" content=\"https:\/\/iwell-guard.com\/wp-content\/uploads\/2026\/05\/goetter_sami_beaivi.webp\" \/>\n\t<meta property=\"og:image:width\" content=\"1024\" \/>\n\t<meta property=\"og:image:height\" content=\"1536\" \/>\n\t<meta property=\"og:image:type\" content=\"image\/webp\" \/>\n<meta name=\"twitter:card\" content=\"summary_large_image\" \/>\n<script type=\"application\/ld+json\" class=\"yoast-schema-graph\">{\"@context\":\"https:\\\/\\\/schema.org\",\"@graph\":[{\"@type\":\"WebPage\",\"@id\":\"https:\\\/\\\/iwell-guard.com\\\/is\\\/beaivi-solargydja-sama\\\/\",\"url\":\"https:\\\/\\\/iwell-guard.com\\\/is\\\/beaivi-solargydja-sama\\\/\",\"name\":\"Beaivi - s\u00f3largy\u00f0ja Sama og l\u00edfgjafi\",\"isPartOf\":{\"@id\":\"https:\\\/\\\/iwell-guard.com\\\/is\\\/#website\"},\"primaryImageOfPage\":{\"@id\":\"https:\\\/\\\/iwell-guard.com\\\/is\\\/beaivi-solargydja-sama\\\/#primaryimage\"},\"image\":{\"@id\":\"https:\\\/\\\/iwell-guard.com\\\/is\\\/beaivi-solargydja-sama\\\/#primaryimage\"},\"thumbnailUrl\":\"https:\\\/\\\/iwell-guard.com\\\/wp-content\\\/uploads\\\/2026\\\/05\\\/goetter_sami_beaivi.webp\",\"datePublished\":\"2026-09-05T14:04:48+00:00\",\"dateModified\":\"2026-09-05T14:29:46+00:00\",\"description\":\"Beaivi er s\u00f3largy\u00f0ja Sama og m\u00f3\u00f0ir l\u00edfsins. Tr\u00faarfr\u00e6\u00f0ileg \u00fattekt \u00e1 forkristinni tr\u00fa Sama.\",\"breadcrumb\":{\"@id\":\"https:\\\/\\\/iwell-guard.com\\\/is\\\/beaivi-solargydja-sama\\\/#breadcrumb\"},\"inLanguage\":\"is\",\"potentialAction\":[{\"@type\":\"ReadAction\",\"target\":[\"https:\\\/\\\/iwell-guard.com\\\/is\\\/beaivi-solargydja-sama\\\/\"]}]},{\"@type\":\"ImageObject\",\"inLanguage\":\"is\",\"@id\":\"https:\\\/\\\/iwell-guard.com\\\/is\\\/beaivi-solargydja-sama\\\/#primaryimage\",\"url\":\"https:\\\/\\\/iwell-guard.com\\\/wp-content\\\/uploads\\\/2026\\\/05\\\/goetter_sami_beaivi.webp\",\"contentUrl\":\"https:\\\/\\\/iwell-guard.com\\\/wp-content\\\/uploads\\\/2026\\\/05\\\/goetter_sami_beaivi.webp\",\"width\":1024,\"height\":1536,\"caption\":\"Gu\u00f0ir \u00far hef\u00f0 Sama.\"},{\"@type\":\"BreadcrumbList\",\"@id\":\"https:\\\/\\\/iwell-guard.com\\\/is\\\/beaivi-solargydja-sama\\\/#breadcrumb\",\"itemListElement\":[{\"@type\":\"ListItem\",\"position\":1,\"name\":\"Start\",\"item\":\"https:\\\/\\\/iwell-guard.com\\\/is\\\/?page_id=168580\"},{\"@type\":\"ListItem\",\"position\":2,\"name\":\"Beaivi &#8211; s\u00f3largy\u00f0ja Sama\"}]},{\"@type\":\"WebSite\",\"@id\":\"https:\\\/\\\/iwell-guard.com\\\/is\\\/#website\",\"url\":\"https:\\\/\\\/iwell-guard.com\\\/is\\\/\",\"name\":\"iWell Guard\",\"description\":\"Schutz vor dunklen Einfl\u00fcssen\",\"publisher\":{\"@id\":\"https:\\\/\\\/iwell-guard.com\\\/is\\\/#organization\"},\"potentialAction\":[{\"@type\":\"SearchAction\",\"target\":{\"@type\":\"EntryPoint\",\"urlTemplate\":\"https:\\\/\\\/iwell-guard.com\\\/is\\\/?s={search_term_string}\"},\"query-input\":{\"@type\":\"PropertyValueSpecification\",\"valueRequired\":true,\"valueName\":\"search_term_string\"}}],\"inLanguage\":\"is\"},{\"@type\":\"Organization\",\"@id\":\"https:\\\/\\\/iwell-guard.com\\\/is\\\/#organization\",\"name\":\"Ittermann electronic GmbH\",\"url\":\"https:\\\/\\\/iwell-guard.com\\\/is\\\/\",\"logo\":{\"@type\":\"ImageObject\",\"inLanguage\":\"is\",\"@id\":\"https:\\\/\\\/iwell-guard.com\\\/is\\\/#\\\/schema\\\/logo\\\/image\\\/\",\"url\":\"https:\\\/\\\/iwell-guard.com\\\/wp-content\\\/uploads\\\/2026\\\/05\\\/Ittermann-Logo-1182x237-1.png\",\"contentUrl\":\"https:\\\/\\\/iwell-guard.com\\\/wp-content\\\/uploads\\\/2026\\\/05\\\/Ittermann-Logo-1182x237-1.png\",\"width\":1182,\"height\":237,\"caption\":\"Ittermann electronic GmbH\"},\"image\":{\"@id\":\"https:\\\/\\\/iwell-guard.com\\\/is\\\/#\\\/schema\\\/logo\\\/image\\\/\"},\"sameAs\":[\"https:\\\/\\\/pantip.com\\\/profile\\\/9367242\",\"https:\\\/\\\/micro.blog\\\/iwellguard\",\"https:\\\/\\\/www.diggerslist.com\\\/iwellguard\\\/about\",\"https:\\\/\\\/skitterphoto.com\\\/photographers\\\/2870314\\\/iwell-guard\",\"https:\\\/\\\/iwellguard.wordpress.com\\\/2026\\\/06\\\/06\\\/iwell-guard\\\/\",\"https:\\\/\\\/hub.docker.com\\\/u\\\/iwellguard\",\"https:\\\/\\\/www.pinterest.com\\\/iwellguard\\\/\",\"https:\\\/\\\/bit.ly\\\/m\\\/iwellguard\",\"https:\\\/\\\/entre-vos-mains.alsace.eu\\\/profiles\\\/iwellguard\\\/activity\",\"https:\\\/\\\/gravatar.com\\\/reallybeded8fd34\",\"https:\\\/\\\/naijamatta.com\\\/iwellguard\",\"https:\\\/\\\/www.goodreads.com\\\/iwellguard\",\"https:\\\/\\\/profile.hatena.ne.jp\\\/iwellguard\\\/\",\"https:\\\/\\\/experiment.com\\\/users\\\/iwellguard\",\"https:\\\/\\\/wakelet.com\\\/@iWellGuard82270\",\"https:\\\/\\\/www.chordie.com\\\/forum\\\/profile.php?id=2555664\",\"https:\\\/\\\/www.instapaper.com\\\/p\\\/17757966\",\"https:\\\/\\\/www.mapleprimes.com\\\/users\\\/iwellguard\",\"https:\\\/\\\/businesslistingplus.com\\\/profile\\\/iwell-guard\\\/\",\"https:\\\/\\\/telegra.ph\\\/iWell-Guard-06-06\",\"https:\\\/\\\/pbase.com\\\/iwellguard\\\/iwellguard\",\"https:\\\/\\\/b.hatena.ne.jp\\\/iwellguard\\\/20260607#bookmark-4788405196491818882\",\"https:\\\/\\\/fliphtml5.com\\\/home\\\/iwellguard\",\"https:\\\/\\\/anyflip.com\\\/homepage\\\/cmiwl#About\",\"https:\\\/\\\/transfur.com\\\/Users\\\/iwellguard\",\"http:\\\/\\\/delphi.larsbo.org\\\/user\\\/iwellguard\",\"https:\\\/\\\/jobs.lajobsportal.org\\\/profiles\\\/8380803-iwell-guard\",\"https:\\\/\\\/md.chaosdorf.de\\\/s\\\/jfbe5SBdJD\",\"https:\\\/\\\/www.lingvolive.com\\\/en-us\\\/profile\\\/9ecaeaca-ce11-4e51-9e71-01d55e2bff36\\\/translations\",\"https:\\\/\\\/www.fitday.com\\\/fitness\\\/forums\\\/members\\\/iwellguard.html\",\"https:\\\/\\\/www.mymeetbook.com\\\/iwellguard\",\"https:\\\/\\\/pxhere.com\\\/en\\\/photographer-me\\\/5040798\",\"https:\\\/\\\/disqus.com\\\/by\\\/iwellguard\\\/about\\\/\",\"https:\\\/\\\/pastelink.net\\\/hjwciqwq\",\"https:\\\/\\\/pubhtml5.com\\\/homepage\\\/scjhn\\\/\",\"https:\\\/\\\/www.bitchute.com\\\/channel\\\/2O2eOKzNqujT\",\"https:\\\/\\\/audiomack.com\\\/iwellguard\"]}]}<\/script>\n<!-- \/ Yoast SEO Premium plugin. -->","yoast_head_json":{"title":"Beaivi - s\u00f3largy\u00f0ja Sama og l\u00edfgjafi","description":"Beaivi er s\u00f3largy\u00f0ja Sama og m\u00f3\u00f0ir l\u00edfsins. Tr\u00faarfr\u00e6\u00f0ileg \u00fattekt \u00e1 forkristinni tr\u00fa Sama.","robots":{"index":"index","follow":"follow","max-snippet":"max-snippet:-1","max-image-preview":"max-image-preview:large","max-video-preview":"max-video-preview:-1"},"canonical":"https:\/\/iwell-guard.com\/is\/beaivi-solargydja-sama\/","og_locale":"is_IS","og_type":"article","og_title":"Beaivi - s\u00f3largy\u00f0ja Sama","og_description":"Beaivi er s\u00f3largy\u00f0ja Sama og m\u00f3\u00f0ir l\u00edfsins. Tr\u00faarfr\u00e6\u00f0ileg \u00fattekt \u00e1 forkristinni tr\u00fa Sama.","og_url":"https:\/\/iwell-guard.com\/is\/beaivi-solargydja-sama\/","og_site_name":"iWell Guard","article_modified_time":"2026-09-05T14:29:46+00:00","og_image":[{"width":1024,"height":1536,"url":"https:\/\/iwell-guard.com\/wp-content\/uploads\/2026\/05\/goetter_sami_beaivi.webp","type":"image\/webp"}],"twitter_card":"summary_large_image","schema":{"@context":"https:\/\/schema.org","@graph":[{"@type":"WebPage","@id":"https:\/\/iwell-guard.com\/is\/beaivi-solargydja-sama\/","url":"https:\/\/iwell-guard.com\/is\/beaivi-solargydja-sama\/","name":"Beaivi - s\u00f3largy\u00f0ja Sama og l\u00edfgjafi","isPartOf":{"@id":"https:\/\/iwell-guard.com\/is\/#website"},"primaryImageOfPage":{"@id":"https:\/\/iwell-guard.com\/is\/beaivi-solargydja-sama\/#primaryimage"},"image":{"@id":"https:\/\/iwell-guard.com\/is\/beaivi-solargydja-sama\/#primaryimage"},"thumbnailUrl":"https:\/\/iwell-guard.com\/wp-content\/uploads\/2026\/05\/goetter_sami_beaivi.webp","datePublished":"2026-09-05T14:04:48+00:00","dateModified":"2026-09-05T14:29:46+00:00","description":"Beaivi er s\u00f3largy\u00f0ja Sama og m\u00f3\u00f0ir l\u00edfsins. Tr\u00faarfr\u00e6\u00f0ileg \u00fattekt \u00e1 forkristinni tr\u00fa Sama.","breadcrumb":{"@id":"https:\/\/iwell-guard.com\/is\/beaivi-solargydja-sama\/#breadcrumb"},"inLanguage":"is","potentialAction":[{"@type":"ReadAction","target":["https:\/\/iwell-guard.com\/is\/beaivi-solargydja-sama\/"]}]},{"@type":"ImageObject","inLanguage":"is","@id":"https:\/\/iwell-guard.com\/is\/beaivi-solargydja-sama\/#primaryimage","url":"https:\/\/iwell-guard.com\/wp-content\/uploads\/2026\/05\/goetter_sami_beaivi.webp","contentUrl":"https:\/\/iwell-guard.com\/wp-content\/uploads\/2026\/05\/goetter_sami_beaivi.webp","width":1024,"height":1536,"caption":"Gu\u00f0ir \u00far hef\u00f0 Sama."},{"@type":"BreadcrumbList","@id":"https:\/\/iwell-guard.com\/is\/beaivi-solargydja-sama\/#breadcrumb","itemListElement":[{"@type":"ListItem","position":1,"name":"Start","item":"https:\/\/iwell-guard.com\/is\/?page_id=168580"},{"@type":"ListItem","position":2,"name":"Beaivi &#8211; s\u00f3largy\u00f0ja Sama"}]},{"@type":"WebSite","@id":"https:\/\/iwell-guard.com\/is\/#website","url":"https:\/\/iwell-guard.com\/is\/","name":"iWell Guard","description":"Schutz vor dunklen Einfl\u00fcssen","publisher":{"@id":"https:\/\/iwell-guard.com\/is\/#organization"},"potentialAction":[{"@type":"SearchAction","target":{"@type":"EntryPoint","urlTemplate":"https:\/\/iwell-guard.com\/is\/?s={search_term_string}"},"query-input":{"@type":"PropertyValueSpecification","valueRequired":true,"valueName":"search_term_string"}}],"inLanguage":"is"},{"@type":"Organization","@id":"https:\/\/iwell-guard.com\/is\/#organization","name":"Ittermann electronic GmbH","url":"https:\/\/iwell-guard.com\/is\/","logo":{"@type":"ImageObject","inLanguage":"is","@id":"https:\/\/iwell-guard.com\/is\/#\/schema\/logo\/image\/","url":"https:\/\/iwell-guard.com\/wp-content\/uploads\/2026\/05\/Ittermann-Logo-1182x237-1.png","contentUrl":"https:\/\/iwell-guard.com\/wp-content\/uploads\/2026\/05\/Ittermann-Logo-1182x237-1.png","width":1182,"height":237,"caption":"Ittermann electronic GmbH"},"image":{"@id":"https:\/\/iwell-guard.com\/is\/#\/schema\/logo\/image\/"},"sameAs":["https:\/\/pantip.com\/profile\/9367242","https:\/\/micro.blog\/iwellguard","https:\/\/www.diggerslist.com\/iwellguard\/about","https:\/\/skitterphoto.com\/photographers\/2870314\/iwell-guard","https:\/\/iwellguard.wordpress.com\/2026\/06\/06\/iwell-guard\/","https:\/\/hub.docker.com\/u\/iwellguard","https:\/\/www.pinterest.com\/iwellguard\/","https:\/\/bit.ly\/m\/iwellguard","https:\/\/entre-vos-mains.alsace.eu\/profiles\/iwellguard\/activity","https:\/\/gravatar.com\/reallybeded8fd34","https:\/\/naijamatta.com\/iwellguard","https:\/\/www.goodreads.com\/iwellguard","https:\/\/profile.hatena.ne.jp\/iwellguard\/","https:\/\/experiment.com\/users\/iwellguard","https:\/\/wakelet.com\/@iWellGuard82270","https:\/\/www.chordie.com\/forum\/profile.php?id=2555664","https:\/\/www.instapaper.com\/p\/17757966","https:\/\/www.mapleprimes.com\/users\/iwellguard","https:\/\/businesslistingplus.com\/profile\/iwell-guard\/","https:\/\/telegra.ph\/iWell-Guard-06-06","https:\/\/pbase.com\/iwellguard\/iwellguard","https:\/\/b.hatena.ne.jp\/iwellguard\/20260607#bookmark-4788405196491818882","https:\/\/fliphtml5.com\/home\/iwellguard","https:\/\/anyflip.com\/homepage\/cmiwl#About","https:\/\/transfur.com\/Users\/iwellguard","http:\/\/delphi.larsbo.org\/user\/iwellguard","https:\/\/jobs.lajobsportal.org\/profiles\/8380803-iwell-guard","https:\/\/md.chaosdorf.de\/s\/jfbe5SBdJD","https:\/\/www.lingvolive.com\/en-us\/profile\/9ecaeaca-ce11-4e51-9e71-01d55e2bff36\/translations","https:\/\/www.fitday.com\/fitness\/forums\/members\/iwellguard.html","https:\/\/www.mymeetbook.com\/iwellguard","https:\/\/pxhere.com\/en\/photographer-me\/5040798","https:\/\/disqus.com\/by\/iwellguard\/about\/","https:\/\/pastelink.net\/hjwciqwq","https:\/\/pubhtml5.com\/homepage\/scjhn\/","https:\/\/www.bitchute.com\/channel\/2O2eOKzNqujT","https:\/\/audiomack.com\/iwellguard"]}]}},"_links":{"self":[{"href":"https:\/\/iwell-guard.com\/is\/wp-json\/wp\/v2\/pages\/169009","targetHints":{"allow":["GET"]}}],"collection":[{"href":"https:\/\/iwell-guard.com\/is\/wp-json\/wp\/v2\/pages"}],"about":[{"href":"https:\/\/iwell-guard.com\/is\/wp-json\/wp\/v2\/types\/page"}],"author":[{"embeddable":true,"href":"https:\/\/iwell-guard.com\/is\/wp-json\/wp\/v2\/users\/3"}],"replies":[{"embeddable":true,"href":"https:\/\/iwell-guard.com\/is\/wp-json\/wp\/v2\/comments?post=169009"}],"version-history":[{"count":0,"href":"https:\/\/iwell-guard.com\/is\/wp-json\/wp\/v2\/pages\/169009\/revisions"}],"wp:featuredmedia":[{"embeddable":true,"href":"https:\/\/iwell-guard.com\/is\/wp-json\/wp\/v2\/media\/2890"}],"wp:attachment":[{"href":"https:\/\/iwell-guard.com\/is\/wp-json\/wp\/v2\/media?parent=169009"}],"wp:term":[{"taxonomy":"category","embeddable":true,"href":"https:\/\/iwell-guard.com\/is\/wp-json\/wp\/v2\/categories?post=169009"}],"curies":[{"name":"wp","href":"https:\/\/api.w.org\/{rel}","templated":true}]}}