{"id":169008,"date":"2026-09-05T14:04:47","date_gmt":"2026-09-05T14:04:47","guid":{"rendered":"https:\/\/iwell-guard.com\/?page_id=169008"},"modified":"2026-09-05T14:29:42","modified_gmt":"2026-09-05T14:29:42","slug":"qailertetang-vedurfelagi-og-verndari-dyranna","status":"publish","type":"page","link":"https:\/\/iwell-guard.com\/is\/qailertetang-vedurfelagi-og-verndari-dyranna\/","title":{"rendered":"Qailertetang &#8211; Ve\u00f0urf\u00e9lagi og verndari d\u00fdranna"},"content":{"rendered":"\t\t<div data-elementor-type=\"wp-page\" data-elementor-id=\"169008\" class=\"elementor elementor-169008 elementor-2663 elementor-bc-flex-widget\" data-elementor-post-type=\"page\">\n\t\t\t\t<div class=\"elementor-element elementor-element-iwgw-qailerteta-hero e-flex e-con-boxed e-con e-parent\" data-id=\"iwgw-qailerteta-hero\" data-element_type=\"container\" data-e-type=\"container\" data-settings=\"{&quot;background_background&quot;:&quot;classic&quot;}\">\n\t\t\t\t\t<div class=\"e-con-inner\">\n\t\t<div class=\"elementor-element elementor-element-iwgw-qailerteta-hl e-flex e-con-boxed e-con e-child\" data-id=\"iwgw-qailerteta-hl\" data-element_type=\"container\" data-e-type=\"container\">\n\t\t\t\t\t<div class=\"e-con-inner\">\n\t\t<div class=\"elementor-element elementor-element-iwgw-qailerteta-htxt e-con-full e-flex e-con e-child\" data-id=\"iwgw-qailerteta-htxt\" data-element_type=\"container\" data-e-type=\"container\">\n\t\t\t\t<div class=\"elementor-element elementor-element-iwgw-qailerteta-h1 elementor-widget elementor-widget-heading\" data-id=\"iwgw-qailerteta-h1\" data-element_type=\"widget\" data-e-type=\"widget\" data-widget_type=\"heading.default\">\n\t\t\t\t\t<h1 class=\"elementor-heading-title elementor-size-default\">Qailertetang - Ve\u00f0urf\u00e9lagi Sednu og verndari d\u00fdranna<\/h1>\t\t\t\t<\/div>\n\t\t\t\t<div class=\"elementor-element elementor-element-iwgw-qailerteta-lead elementor-widget elementor-widget-text-editor\" data-id=\"iwgw-qailerteta-lead\" data-element_type=\"widget\" data-e-type=\"widget\" data-widget_type=\"text-editor.default\">\n\t\t\t\t\t\t\t\t\t<p>Qailertetang er \u00ed hef\u00f0 Baffin-in\u00fa\u00edta fylgikona hafgy\u00f0junnar <a href=\"https:\/\/iwell-guard.com\/is\/?page_id=168999\">Sednu<\/a> og telst ve\u00f0urandi og verndari d\u00fdranna. Franz Boas l\u00fdsti henni \u00ed skr\u00e1ningum s\u00ednum \u00ed lok 19. aldar og ger\u00f0i hana \u00feannig a\u00f0gengilega fyrir tr\u00faarbrag\u00f0afr\u00e6\u00f0ilegar ranns\u00f3knir. \u00dat fr\u00e1 tr\u00faarbrag\u00f0afr\u00e6\u00f0ilegu sj\u00f3narhorni er h\u00fan l\u00e6rd\u00f3msr\u00edkt d\u00e6mi um sta\u00f0bundna hj\u00e1lparveru. Sem ve\u00f0urf\u00e9lagi Sednu og verndari d\u00fdranna s\u00fdnir Qailertetang hvernig sta\u00f0bundnar hj\u00e1lparverur starfa.<\/p>\t\t\t\t\t\t\t\t<\/div>\n\t\t\t\t<\/div>\n\t\t<div class=\"elementor-element elementor-element-iwgw-qailerteta-pillc e-con-full e-flex e-con e-child\" data-id=\"iwgw-qailerteta-pillc\" data-element_type=\"container\" data-e-type=\"container\">\n\t\t\t\t<div class=\"elementor-element elementor-element-iwgw-qailerteta-pills elementor-widget elementor-widget-html\" data-id=\"iwgw-qailerteta-pills\" data-element_type=\"widget\" data-e-type=\"widget\" data-widget_type=\"html.default\">\n\t\t\t\t\t<div class=\"iwg-pill-row\"><span class=\"iwg-klasse-badge\" tabindex=\"0\" data-tooltip=\"Ve\u00f0urandi hef\u00f0ar in\u00fa\u00edta.\">Ve\u00f0urandi<\/span><a href=\"https:\/\/iwell-guard.com\/is\/inuit-og-nordurslodir-sedna-tornit\/\" class=\"iwg-kultur-badge\" tabindex=\"0\" data-tooltip=\"Go\u00f0afr\u00e6\u00f0i hef\u00f0ar in\u00fa\u00edta.\">In\u00fa\u00edtar<\/a><span class=\"iwg-tradition-badge\" tabindex=\"0\" data-tooltip=\"Ve\u00f0urf\u00e9lagi.\">Ve\u00f0urf\u00e9lagi<\/span><\/div>\t\t\t\t<\/div>\n\t\t\t\t<\/div>\n\t\t<div class=\"elementor-element elementor-element-iwgw-qailerteta-tocc e-con-full e-flex e-con e-child\" data-id=\"iwgw-qailerteta-tocc\" data-element_type=\"container\" data-e-type=\"container\">\n\t\t\t\t<div class=\"elementor-element elementor-element-iwgw-qailerteta-toc elementor-toc--minimized-on-tablet elementor-widget elementor-widget-table-of-contents\" data-id=\"iwgw-qailerteta-toc\" data-element_type=\"widget\" data-e-type=\"widget\" data-settings=\"{&quot;headings_by_tags&quot;:[&quot;h2&quot;,&quot;h3&quot;],&quot;minimize_box&quot;:&quot;yes&quot;,&quot;marker_view&quot;:&quot;bullets&quot;,&quot;no_headings_message&quot;:&quot;Engar undirfyrirsagnir fundust \\u00e1 \\u00feessari s\\u00ed\\u00f0u.&quot;,&quot;exclude_headings_by_selector&quot;:[],&quot;icon&quot;:{&quot;value&quot;:&quot;fas fa-circle&quot;,&quot;library&quot;:&quot;fa-solid&quot;,&quot;rendered_tag&quot;:&quot;&lt;svg class=\\&quot;e-font-icon-svg e-fas-circle\\&quot; viewBox=\\&quot;0 0 512 512\\&quot; xmlns=\\&quot;http:\\\/\\\/www.w3.org\\\/2000\\\/svg\\&quot;&gt;&lt;path d=\\&quot;M256 8C119 8 8 119 8 256s111 248 248 248 248-111 248-248S393 8 256 8z\\&quot;&gt;&lt;\\\/path&gt;&lt;\\\/svg&gt;&quot;},&quot;minimized_on&quot;:&quot;tablet&quot;,&quot;hierarchical_view&quot;:&quot;yes&quot;,&quot;min_height&quot;:{&quot;unit&quot;:&quot;px&quot;,&quot;size&quot;:&quot;&quot;,&quot;sizes&quot;:[]},&quot;min_height_tablet&quot;:{&quot;unit&quot;:&quot;px&quot;,&quot;size&quot;:&quot;&quot;,&quot;sizes&quot;:[]},&quot;min_height_mobile&quot;:{&quot;unit&quot;:&quot;px&quot;,&quot;size&quot;:&quot;&quot;,&quot;sizes&quot;:[]}}\" data-widget_type=\"table-of-contents.default\">\n\t\t\t\t\t\t\t\t\t<div class=\"elementor-toc__header\">\n\t\t\t\t\t\t<h2 class=\"elementor-toc__header-title\">\n\t\t\t\tEfnisyfirlit\t\t\t<\/h2>\n\t\t\t\t\t\t\t\t\t\t<div class=\"elementor-toc__toggle-button elementor-toc__toggle-button--expand\" role=\"button\" tabindex=\"0\" aria-controls=\"elementor-toc__iwgw-qailerteta-toc\" aria-expanded=\"true\" aria-label=\"Open table of contents\"><svg aria-hidden=\"true\" class=\"e-font-icon-svg e-fas-chevron-down\" viewBox=\"0 0 448 512\" xmlns=\"http:\/\/www.w3.org\/2000\/svg\"><path d=\"M207.029 381.476L12.686 187.132c-9.373-9.373-9.373-24.569 0-33.941l22.667-22.667c9.357-9.357 24.522-9.375 33.901-.04L224 284.505l154.745-154.021c9.379-9.335 24.544-9.317 33.901.04l22.667 22.667c9.373 9.373 9.373 24.569 0 33.941L240.971 381.476c-9.373 9.372-24.569 9.372-33.942 0z\"><\/path><\/svg><\/div>\n\t\t\t\t<div class=\"elementor-toc__toggle-button elementor-toc__toggle-button--collapse\" role=\"button\" tabindex=\"0\" aria-controls=\"elementor-toc__iwgw-qailerteta-toc\" aria-expanded=\"true\" aria-label=\"Close table of contents\"><svg aria-hidden=\"true\" class=\"e-font-icon-svg e-fas-chevron-up\" viewBox=\"0 0 448 512\" xmlns=\"http:\/\/www.w3.org\/2000\/svg\"><path d=\"M240.971 130.524l194.343 194.343c9.373 9.373 9.373 24.569 0 33.941l-22.667 22.667c-9.357 9.357-24.522 9.375-33.901.04L224 227.495 69.255 381.516c-9.379 9.335-24.544 9.317-33.901-.04l-22.667-22.667c-9.373-9.373-9.373-24.569 0-33.941L207.03 130.525c9.372-9.373 24.568-9.373 33.941-.001z\"><\/path><\/svg><\/div>\n\t\t\t\t\t<\/div>\n\t\t\t\t<div id=\"elementor-toc__iwgw-qailerteta-toc\" class=\"elementor-toc__body\">\n\t\t\t<div class=\"elementor-toc__spinner-container\">\n\t\t\t\t<svg class=\"elementor-toc__spinner eicon-animation-spin e-font-icon-svg e-eicon-loading\" aria-hidden=\"true\" viewBox=\"0 0 1000 1000\" xmlns=\"http:\/\/www.w3.org\/2000\/svg\"><path d=\"M500 975V858C696 858 858 696 858 500S696 142 500 142 142 304 142 500H25C25 237 238 25 500 25S975 237 975 500 763 975 500 975Z\"><\/path><\/svg>\t\t\t<\/div>\n\t\t<\/div>\n\t\t\t\t\t\t<\/div>\n\t\t\t\t<\/div>\n\t\t\t\t\t<\/div>\n\t\t\t\t<\/div>\n\t\t<div class=\"elementor-element elementor-element-iwgw-qailerteta-hr e-con-full e-flex e-con e-child\" data-id=\"iwgw-qailerteta-hr\" data-element_type=\"container\" data-e-type=\"container\">\n\t\t\t\t<div class=\"elementor-element elementor-element-iwgw-qailerteta-heroimg iwg-hero-image elementor-widget elementor-widget-image\" data-id=\"iwgw-qailerteta-heroimg\" data-element_type=\"widget\" data-e-type=\"widget\" data-widget_type=\"image.default\">\n\t\t\t\t\t\t\t\t\t\t\t\t\t\t\t<img fetchpriority=\"high\" decoding=\"async\" width=\"683\" height=\"1024\" src=\"https:\/\/iwell-guard.com\/wp-content\/uploads\/2026\/05\/geister_inuit_qailertetang-683x1024.webp\" class=\"attachment-large size-large wp-image-170779\" alt=\"Qailertetang \u2013 andar \u00far in\u00fa\u00edta-hef\u00f0inni, s\u00f6gulega-myndr\u00e6nt\" srcset=\"https:\/\/iwell-guard.com\/wp-content\/uploads\/2026\/05\/geister_inuit_qailertetang-683x1024.webp 683w, https:\/\/iwell-guard.com\/wp-content\/uploads\/2026\/05\/geister_inuit_qailertetang-200x300.webp 200w, https:\/\/iwell-guard.com\/wp-content\/uploads\/2026\/05\/geister_inuit_qailertetang-768x1152.webp 768w, https:\/\/iwell-guard.com\/wp-content\/uploads\/2026\/05\/geister_inuit_qailertetang.webp 1024w\" sizes=\"(max-width: 683px) 100vw, 683px\" \/>\t\t\t\t\t\t\t\t\t\t\t\t\t\t\t<\/div>\n\t\t\t\t<\/div>\n\t\t\t\t\t<\/div>\n\t\t\t\t<\/div>\n\t\t<div class=\"elementor-element elementor-element-iwgw-qailerteta-s0 e-flex e-con-boxed e-con e-parent\" data-id=\"iwgw-qailerteta-s0\" data-element_type=\"container\" data-e-type=\"container\">\n\t\t\t\t\t<div class=\"e-con-inner\">\n\t\t\t\t<div class=\"elementor-element elementor-element-iwgw-qailerteta-s0h elementor-widget elementor-widget-heading\" data-id=\"iwgw-qailerteta-s0h\" data-element_type=\"widget\" data-e-type=\"widget\" data-widget_type=\"heading.default\">\n\t\t\t\t\t<h2 class=\"elementor-heading-title elementor-size-default\">Greining og skammrit<\/h2>\t\t\t\t<\/div>\n\t\t<div class=\"elementor-element elementor-element-iwgw-qailerteta-s0c e-con-full e-flex e-con e-child\" data-id=\"iwgw-qailerteta-s0c\" data-element_type=\"container\" data-e-type=\"container\">\n\t\t\t\t<div class=\"elementor-element elementor-element-iwgw-qailerteta-s0t elementor-widget elementor-widget-text-editor\" data-id=\"iwgw-qailerteta-s0t\" data-element_type=\"widget\" data-e-type=\"widget\" data-widget_type=\"text-editor.default\">\n\t\t\t\t\t\t\t\t\t<p>Qailertetang er heldur s\u00ed\u00f0ur \u00feekkt en um lei\u00f0 mikilv\u00e6g vera \u00ed hei\u00f0ni in\u00fa\u00edta. H\u00fan kemur fram \u00ed Baffin-hef\u00f0inni sem fylgikona Sednu, en hefur a\u00f0 auki eigin hlutverk sem ve\u00f0urandi og verndari d\u00fdranna. V\u00edsindalega er h\u00fan d\u00e6mi um hina \u00f3samr\u00e6mdu fj\u00f6lbreytni tr\u00faars\u00f6gu in\u00fa\u00edta, \u00fear sem auk st\u00f3ru veranna finnast fj\u00f6lmargar f\u00ednger\u00f0ari myndir.<\/p><p>Franz Boas l\u00fdsti veru hennar fyrst me\u00f0 kerfisbundnum h\u00e6tti \u00ed <em>The Central Eskimo<\/em> (1888). S\u00ed\u00f0ari ranns\u00f3knir Rasmussens, Merkurs og Laugrands hafa b\u00e6tt vi\u00f0 skr\u00e1ningar hans \u00e1n \u00feess a\u00f0 breyta myndinni \u00ed grunninn. Qailertetang er \u00e1fram sta\u00f0bundin vera sem hefur minni \u00fe\u00fd\u00f0ingu utan Baffin-sv\u00e6\u00f0isins og hin v\u00edsindalega \u00farvinnsla er ekki fullkomlega loki\u00f0.<\/p><p>Hlutverk hennar sem ve\u00f0urandi b\u00e6tir vi\u00f0 hina yfirgripsmiklu hlutverk <a href=\"https:\/\/iwell-guard.com\/is\/?page_id=169000\">S\u00edlu<\/a> pers\u00f3nulegri v\u00eddd sem er tengd Sednu. H\u00fan er ekki ve\u00f0ri\u00f0 sj\u00e1lft heldur eining sem getur st\u00fdrt ve\u00f0rinu \u00ed umbo\u00f0i Sednu. \u00deetta mi\u00f0lunarhlutverk er, s\u00e9\u00f0 fr\u00e1 tr\u00faarbrag\u00f0afyrirb\u00e6rafr\u00e6\u00f0i, sj\u00e1lfst\u00e6tt fyrirb\u00e6ri og a\u00f0greinir hana b\u00e6\u00f0i fr\u00e1 S\u00edlu og Sednu.<\/p><p>Qailertetang, sem er sta\u00f0bundin \u00ed Baffin-hef\u00f0inni, hefur \u00ed n\u00fdrri ranns\u00f3knum veri\u00f0 sko\u00f0u\u00f0 me\u00f0 v\u00ed\u00f0t\u00e6kari a\u00f0fer\u00f0um sem sameina \u00fej\u00f3\u00f0fr\u00e6\u00f0ilega n\u00e1kv\u00e6mni, m\u00e1lfr\u00e6\u00f0ilega heimildagagnr\u00fdni og samanbur\u00f0arsj\u00f3narhorn.<\/p><p>\u00dear sem \u00feessi heldur l\u00edtt \u00feekkta vera hefur ekki veri\u00f0 fullkomlega ranns\u00f6ku\u00f0, er \u00fe\u00e1tttaka \u00feekkingarsamf\u00e9lags in\u00fa\u00edta s\u00e9rstaklega mikilv\u00e6g, en \u00fea\u00f0 samf\u00e9lag er \u00ed dag sj\u00e1lft or\u00f0i\u00f0 hluti af \u00feessum ranns\u00f3knum og lagf\u00e6rir eldri, a\u00f0 hluta n\u00fdlenduh\u00e1ttum m\u00f3ta\u00f0ar, vestr\u00e6nar \u00e1lyktanir.<\/p><p>Vi\u00f0b\u00f3tarsj\u00f3narhorn kemur fr\u00e1 tr\u00faarbrag\u00f0af\u00e9lagsfr\u00e6\u00f0ilegri spurningu um hlutverk Qailertetang \u00ed f\u00e9lagslegri skipan hins hef\u00f0bundna samf\u00e9lags in\u00fa\u00edta.<\/p><p>Sem ve\u00f0urandi og verndari d\u00fdranna \u00ed umbo\u00f0i Sednu stendur h\u00fan fyrir tr\u00faarlega skipan sem var ekki a\u00f0skilin fr\u00e1 f\u00e9lagslegri i\u00f0kun, heldur samofin henni. \u00deessi samofning myndar sj\u00e1lfst\u00e6tt tr\u00faarlegt-mannfr\u00e6\u00f0ilegt ranns\u00f3knarsvi\u00f0 sem s\u00e9rstaklega Fr\u00e9d\u00e9ric Laugrand og Jarich Oosten hafa rannsaka\u00f0 me\u00f0 kerfisbundnum h\u00e6tti.<\/p>\t\t\t\t\t\t\t\t<\/div>\n\t\t\t\t<\/div>\n\t\t\t\t\t<\/div>\n\t\t\t\t<\/div>\n\t\t<div class=\"elementor-element elementor-element-iwgw-qailerteta-s1 e-flex e-con-boxed e-con e-parent\" data-id=\"iwgw-qailerteta-s1\" data-element_type=\"container\" data-e-type=\"container\">\n\t\t\t\t\t<div class=\"e-con-inner\">\n\t\t\t\t<div class=\"elementor-element elementor-element-iwgw-qailerteta-s1h elementor-widget elementor-widget-heading\" data-id=\"iwgw-qailerteta-s1h\" data-element_type=\"widget\" data-e-type=\"widget\" data-widget_type=\"heading.default\">\n\t\t\t\t\t<h2 class=\"elementor-heading-title elementor-size-default\">Nafn og or\u00f0sifjar<\/h2>\t\t\t\t<\/div>\n\t\t<div class=\"elementor-element elementor-element-iwgw-qailerteta-s1c e-con-full e-flex e-con e-child\" data-id=\"iwgw-qailerteta-s1c\" data-element_type=\"container\" data-e-type=\"container\">\n\t\t\t\t<div class=\"elementor-element elementor-element-iwgw-qailerteta-s1t elementor-widget elementor-widget-text-editor\" data-id=\"iwgw-qailerteta-s1t\" data-element_type=\"widget\" data-e-type=\"widget\" data-widget_type=\"text-editor.default\">\n\t\t\t\t\t\t\t\t\t<p>Nafni\u00f0 Qailertetang er tungum\u00e1lalega ekki fullkomlega \u00fatsk\u00fdrt. Boas og s\u00ed\u00f0ari fr\u00e6\u00f0imenn telja a\u00f0 merkingin tengist ve\u00f0ri e\u00f0a d\u00fdrahaldi.<\/p><p>Endingin <em>-tetang<\/em> g\u00e6ti veri\u00f0 tengd s\u00f6gnum um v\u00f6rslu e\u00f0a bur\u00f0, sem myndi samr\u00e6mast hlutverki hennar sem verndara. \u00deessi tungum\u00e1lalega \u00f3vissa er v\u00edsindalegt vi\u00f0fangsefni, \u00fev\u00ed or\u00f0sifjafr\u00e6\u00f0i gefur oft v\u00edsbendingar um s\u00f6gulegt d\u00fdpi veru.<\/p><p>\u00cd Baffin-heimildunum kemur nafni\u00f0 fram \u00ed nokkrum litlum tilbrig\u00f0um, svo sem Qailertaq e\u00f0a Qailerteq. \u00deessi tilbrig\u00f0i eru tungum\u00e1lalega e\u00f0lileg og v\u00edsindalega ekki merkingarb\u00e6r, en \u00e6tti a\u00f0 hafa \u00ed huga vi\u00f0 vinnu me\u00f0 heimildirnar til a\u00f0 for\u00f0ast rugling.<\/p><p>S\u00fa sta\u00f0reynd a\u00f0 nafni\u00f0 hefur ekki gagns\u00e6ja or\u00f0sifjafr\u00e6\u00f0i er athyglisver\u00f0 \u00ed samanbur\u00f0i vi\u00f0 \u00f6nnur go\u00f0an\u00f6fn in\u00fa\u00edta. V\u00edsindalega g\u00e6ti \u00feetta bent til eldra, hugsanlega for-in\u00fa\u00edt\u00edsks tungum\u00e1lalags, \u00e1n \u00feess a\u00f0 \u00feessi kenning ver\u00f0i sta\u00f0fest. Tr\u00faarbrag\u00f0as\u00f6gulegrar vark\u00e1rni er \u00fe\u00f6rf \u00ed \u00feessu efni.<\/p><p>\u00cd v\u00ed\u00f0ara samhengi samanbur\u00f0arlegrar <span class=\"iwg-fachbegriff\" data-tooltip=\"Fr\u00e6\u00f0igreinin sem rannsakar tr\u00faarbr\u00f6g\u00f0 \u00e1 samanbur\u00f0arlegan h\u00e1tt og \u00e1n tr\u00faarlegrar bindingar.\" tabindex=\"0\">tr\u00faarbrag\u00f0afr\u00e6\u00f0i<\/span> fellur Qailertetang inn \u00ed mynstur hringskautsl\u00e6grar tr\u00faarlegrar landfr\u00e6\u00f0i. A\u00f0 \u00feessi landfr\u00e6\u00f0i haldist byggingarlega st\u00f6\u00f0ug yfir \u00fe\u00fasundir k\u00edl\u00f3metra telst, fr\u00e1 sj\u00f3narh\u00f3li tr\u00faarbrag\u00f0afyrirb\u00e6rafr\u00e6\u00f0i, me\u00f0al athyglisver\u00f0ustu ni\u00f0ursta\u00f0na greinarinnar og er enn \u00ed dag efni \u00e1framhaldandi ranns\u00f3knarumr\u00e6\u00f0u.<\/p>\t\t\t\t\t\t\t\t<\/div>\n\t\t\t\t<\/div>\n\t\t\t\t\t<\/div>\n\t\t\t\t<\/div>\n\t\t<div class=\"elementor-element elementor-element-iwgw-qailerteta-s2 e-flex e-con-boxed e-con e-parent\" data-id=\"iwgw-qailerteta-s2\" data-element_type=\"container\" data-e-type=\"container\">\n\t\t\t\t\t<div class=\"e-con-inner\">\n\t\t\t\t<div class=\"elementor-element elementor-element-iwgw-qailerteta-s2h elementor-widget elementor-widget-heading\" data-id=\"iwgw-qailerteta-s2h\" data-element_type=\"widget\" data-e-type=\"widget\" data-widget_type=\"heading.default\">\n\t\t\t\t\t<h2 class=\"elementor-heading-title elementor-size-default\">L\u00fdsing og hlutverk<\/h2>\t\t\t\t<\/div>\n\t\t<div class=\"elementor-element elementor-element-iwgw-qailerteta-s2c e-con-full e-flex e-con e-child\" data-id=\"iwgw-qailerteta-s2c\" data-element_type=\"container\" data-e-type=\"container\">\n\t\t\t\t<div class=\"elementor-element elementor-element-iwgw-qailerteta-s2t elementor-widget elementor-widget-text-editor\" data-id=\"iwgw-qailerteta-s2t\" data-element_type=\"widget\" data-e-type=\"widget\" data-widget_type=\"text-editor.default\">\n\t\t\t\t\t\t\t\t\t<p>\u00cd skr\u00e1ningum Boas er Qailertetang l\u00fdst sem st\u00f3rri og sterklegri veru sem b\u00fdr \u00e1samt Sednu \u00ed h\u00fasi \u00e1 hafsbotni. H\u00fan tekur a\u00f0 hluta yfir heimilisst\u00f6rf Sednu, sem eru takm\u00f6rku\u00f0 vegna limlestingar hennar. \u00deetta fyllingarhlutverk er athyglisvert fr\u00e1 tr\u00faarbrag\u00f0afyrirb\u00e6rafr\u00e6\u00f0ilegu sj\u00f3narhorni og sj\u00e1lfst\u00e6tt fyrirb\u00e6ri.<\/p><p>A\u00f0alhlutverk hennar er \u00fe\u00f3 ve\u00f0urstj\u00f3rnun. \u00c1 me\u00f0an Sedna st\u00fdrir d\u00fdrunum, er Qailertetang \u00e1byrg fyrir ve\u00f0rinu umhverfis. Sjamanar sem b\u00e1\u00f0u um hj\u00e1lp \u00feurftu \u00ed sumum skr\u00e1ningum ekki a\u00f0eins a\u00f0 \u00e1varpa Sednu, heldur einnig Qailertetang. \u00deessi tv\u00f6falda \u00e1v\u00f6rpun er sj\u00e1lfst\u00e6tt fyrirb\u00e6ri fr\u00e1 tr\u00faarbrag\u00f0afyrirb\u00e6rafr\u00e6\u00f0ilegu sj\u00f3narhorni.<\/p><p>\u00cd myndlist er h\u00fan varla s\u00fdnd. \u00cd samt\u00edmalist in\u00fa\u00edta kemur h\u00fan sjaldan fram, sem endurspeglar minna menningarlegt v\u00e6gi hennar samanbori\u00f0 vi\u00f0 Sednu. V\u00edsindalega er \u00feessi \u00f3samhverfa \u00ed sj\u00f3nr\u00e6nni n\u00e6rveru sj\u00e1lfst\u00e6\u00f0 ni\u00f0ursta\u00f0a og endurspeglar stigveldi tr\u00faarlegrar athygli.<\/p>\t\t\t\t\t\t\t\t<\/div>\n\t\t\t\t<\/div>\n\t\t\t\t\t<\/div>\n\t\t\t\t<\/div>\n\t\t<div class=\"elementor-element elementor-element-iwgw-qailerteta-s3 e-flex e-con-boxed e-con e-parent\" data-id=\"iwgw-qailerteta-s3\" data-element_type=\"container\" data-e-type=\"container\">\n\t\t\t\t\t<div class=\"e-con-inner\">\n\t\t\t\t<div class=\"elementor-element elementor-element-iwgw-qailerteta-s3h elementor-widget elementor-widget-heading\" data-id=\"iwgw-qailerteta-s3h\" data-element_type=\"widget\" data-e-type=\"widget\" data-widget_type=\"heading.default\">\n\t\t\t\t\t<h2 class=\"elementor-heading-title elementor-size-default\">Qailertetang \u00ed sjaman\u00edskri i\u00f0kun<\/h2>\t\t\t\t<\/div>\n\t\t<div class=\"elementor-element elementor-element-iwgw-qailerteta-s3c e-con-full e-flex e-con e-child\" data-id=\"iwgw-qailerteta-s3c\" data-element_type=\"container\" data-e-type=\"container\">\n\t\t\t\t<div class=\"elementor-element elementor-element-iwgw-qailerteta-s3t elementor-widget elementor-widget-text-editor\" data-id=\"iwgw-qailerteta-s3t\" data-element_type=\"widget\" data-e-type=\"widget\" data-widget_type=\"text-editor.default\">\n\t\t\t\t\t\t\t\t\t<p>Samkv\u00e6mt heimildum Boas m\u00e6ttu shamanar sem l\u00f6g\u00f0u upp \u00ed fer\u00f0ina til Sedna oft fyrst Qailertetang. H\u00fan var v\u00f6r\u00f0ur inngangsins a\u00f0 h\u00fasi Sednu og r\u00e9\u00f0 \u00fev\u00ed hvort <span class=\"iwg-fachbegriff\" data-tooltip=\"Tr\u00faarlegur s\u00e9rfr\u00e6\u00f0ingur sem talinn er mi\u00f0la milli manna og andaheims.\" tabindex=\"0\">sjamaninn<\/span> fengi a\u00f0gang. \u00deetta hlutverk dyravar\u00f0ar veitir henni s\u00e9rstaka helgisi\u00f0alega \u00fe\u00fd\u00f0ingu og gerir hana a\u00f0 \u00fer\u00f6skuldsv\u00f6r\u00f0 annarheimsins.<\/p><p>\u00cd sumum Iglulik-heimildum er h\u00fan l\u00fdst sem mj\u00f6g str\u00f6ng. \u00deeir sem n\u00e1lgu\u00f0ust hana ekki af n\u00e6gri vir\u00f0ingu voru v\u00edsa\u00f0 fr\u00e1 e\u00f0a ur\u00f0u fyrir ska\u00f0a. \u00deessi strangleiki endurspeglar hlutverk hennar sem verndaranda er ver hafgy\u00f0juna fyrir \u00f3\u00e6skilegum heims\u00f3knum. Fr\u00e1 tr\u00faarbrag\u00f0afr\u00e6\u00f0ilegu sj\u00f3narhorni er \u00feetta sj\u00e1lfst\u00e6tt fyrirb\u00e6ri.<\/p><p>Hlutverki\u00f0 sem v\u00f6r\u00f0ur fordyrisins er tr\u00faarbrag\u00f0afr\u00e6\u00f0ilega s\u00e9\u00f0 sj\u00e1lfst\u00e6tt mynstur sem birtist \u00ed m\u00f6rgum sjaman\u00edskum hef\u00f0um. Fyrir fundinn vi\u00f0 \u00e6\u00f0sta valdi\u00f0 stendur reglulega l\u00e6gra sett en h\u00e6ttulegt afl sem pr\u00f3far ver\u00f0ugleika bi\u00f0jandans. \u00deetta mynstur er vel skjalfest \u00e1 fr\u00e6\u00f0ilegan h\u00e1tt.<\/p>\t\t\t\t\t\t\t\t<\/div>\n\t\t\t\t<\/div>\n\t\t\t\t\t<\/div>\n\t\t\t\t<\/div>\n\t\t<div class=\"elementor-element elementor-element-iwgw-qailerteta-s4 e-flex e-con-boxed e-con e-parent\" data-id=\"iwgw-qailerteta-s4\" data-element_type=\"container\" data-e-type=\"container\">\n\t\t\t\t\t<div class=\"e-con-inner\">\n\t\t\t\t<div class=\"elementor-element elementor-element-iwgw-qailerteta-s4h elementor-widget elementor-widget-heading\" data-id=\"iwgw-qailerteta-s4h\" data-element_type=\"widget\" data-e-type=\"widget\" data-widget_type=\"heading.default\">\n\t\t\t\t\t<h2 class=\"elementor-heading-title elementor-size-default\">Qailertetang og ve\u00f0ri\u00f0<\/h2>\t\t\t\t<\/div>\n\t\t<div class=\"elementor-element elementor-element-iwgw-qailerteta-s4c e-con-full e-flex e-con e-child\" data-id=\"iwgw-qailerteta-s4c\" data-element_type=\"container\" data-e-type=\"container\">\n\t\t\t\t<div class=\"elementor-element elementor-element-iwgw-qailerteta-s4t elementor-widget elementor-widget-text-editor\" data-id=\"iwgw-qailerteta-s4t\" data-element_type=\"widget\" data-e-type=\"widget\" data-widget_type=\"text-editor.default\">\n\t\t\t\t\t\t\t\t\t<p>Ve\u00f0urhlutverk Qailertetang er \u00f3l\u00edkt hinu almenna hlutverki Sila \u00ed pers\u00f3nulegu, markvissu formi s\u00ednu. \u00c1 me\u00f0an Sila er andr\u00famslofts- og alltumfa\u00f0mandi st\u00e6r\u00f0, er Qailertetang gerandi sem getur beint sent storm e\u00f0a hei\u00f0sk\u00edrt ve\u00f0ur. \u00cd heimildum fr\u00e1 Baffin er h\u00fan ger\u00f0 \u00e1byrg fyrir skyndilegum stormum og fyrir helgisi\u00f0abundna r\u00f3.<\/p><p>\u00deessi tv\u00f6feldni andr\u00famslofts- og pers\u00f3nuger\u00f0rar ve\u00f0urstj\u00f3rnunar er tr\u00faarbrag\u00f0afyrirb\u00e6rafr\u00e6\u00f0ilega s\u00e9rstakt mynstur. \u00dea\u00f0 s\u00fdnir a\u00f0 tr\u00faarbr\u00f6g\u00f0 In\u00fa\u00edta safna ekki \u00f6llum hlutverkum \u00ed eina ve\u00f0urstofnun, heldur dreifa mismunandi \u00fe\u00e1ttum ve\u00f0ursins \u00e1 mismunandi verur. \u00deessi dreifing er tr\u00faarbrag\u00f0afyrirb\u00e6rafr\u00e6\u00f0ilega d\u00e6miger\u00f0 fyrir \u00f3samr\u00e6mda gu\u00f0fr\u00e6\u00f0i.<\/p><p>Fr\u00e6\u00f0ilega v\u00e6ri n\u00e1kv\u00e6mari ranns\u00f3kn \u00e1 sambandi Qailertetang og Sila \u00e6skileg, en heimildasta\u00f0an gerir \u00fea\u00f0 erfitt. B\u00e1\u00f0ir hugt\u00f6kin koma fram \u00ed mismunandi skr\u00e1ningum \u00e1n \u00feess a\u00f0 nokkur kerfisbundin <span class=\"iwg-fachbegriff\" data-tooltip=\"Hin fr\u00e6\u00f0ilega kenning um Gu\u00f0 og tr\u00fa tiltekinna tr\u00faarbrag\u00f0a.\" tabindex=\"0\">gu\u00f0fr\u00e6\u00f0i<\/span> hafi veri\u00f0 \u00fatf\u00e6r\u00f0. \u00deetta ranns\u00f3knarskar\u00f0 er fr\u00e6\u00f0ilega athyglisvert.<\/p>\t\t\t\t\t\t\t\t<\/div>\n\t\t\t\t<\/div>\n\t\t\t\t\t<\/div>\n\t\t\t\t<\/div>\n\t\t<div class=\"elementor-element elementor-element-iwgw-qailerteta-s5 e-flex e-con-boxed e-con e-parent\" data-id=\"iwgw-qailerteta-s5\" data-element_type=\"container\" data-e-type=\"container\">\n\t\t\t\t\t<div class=\"e-con-inner\">\n\t\t\t\t<div class=\"elementor-element elementor-element-iwgw-qailerteta-s5h elementor-widget elementor-widget-heading\" data-id=\"iwgw-qailerteta-s5h\" data-element_type=\"widget\" data-e-type=\"widget\" data-widget_type=\"heading.default\">\n\t\t\t\t\t<h2 class=\"elementor-heading-title elementor-size-default\">Qailertetang \u00ed hinni \u00e1rlegu h\u00e1t\u00ed\u00f0<\/h2>\t\t\t\t<\/div>\n\t\t<div class=\"elementor-element elementor-element-iwgw-qailerteta-s5c e-con-full e-flex e-con e-child\" data-id=\"iwgw-qailerteta-s5c\" data-element_type=\"container\" data-e-type=\"container\">\n\t\t\t\t<div class=\"elementor-element elementor-element-iwgw-qailerteta-s5t elementor-widget elementor-widget-text-editor\" data-id=\"iwgw-qailerteta-s5t\" data-element_type=\"widget\" data-e-type=\"widget\" data-widget_type=\"text-editor.default\">\n\t\t\t\t\t\t\t\t\t<p>Boas l\u00fdsir \u00ed <em>The Central Eskimo<\/em> \u00e1rlegri h\u00e1t\u00ed\u00f0 \u00fear sem <span class=\"iwg-fachbegriff\" data-tooltip=\"Tr\u00faarlegur s\u00e9rfr\u00e6\u00f0ingur sem talinn er mi\u00f0la milli manna og andaheims.\" tabindex=\"0\">sjamani<\/span> kl\u00e6ddist b\u00faningi Qailertetang og gekk t\u00e1knr\u00e6nt gegnum b\u00fa\u00f0irnar. \u00deessi h\u00e1t\u00ed\u00f0 f\u00f3r fram s\u00ed\u00f0la hausts og tengdist undirb\u00faningi fyrir veturinn. Tr\u00faarbrag\u00f0afr\u00e6\u00f0ilega er h\u00fan sj\u00e1lfst\u00e6tt fyrirb\u00e6ri.<\/p><p>Hinn b\u00faningskl\u00e6ddi <span class=\"iwg-fachbegriff\" data-tooltip=\"Tr\u00faarlegur s\u00e9rfr\u00e6\u00f0ingur sem talinn er mi\u00f0la milli manna og andaheims.\" tabindex=\"0\">sjamani<\/span> framkv\u00e6mdi helgisi\u00f0i sem \u00e1ttu a\u00f0 minna \u00e1 b\u00f6nn komandi vetrar. Konum og k\u00f6rlum var t\u00e1knr\u00e6nt skipt og sameina\u00f0 a\u00f0 n\u00fdju, sem \u00e1tti a\u00f0 treysta f\u00e9lagslega skipan fyrir hinn stranga vetrart\u00edma. Fr\u00e6\u00f0ilega s\u00e9\u00f0 er \u00feetta ein af f\u00e1um vel skjalfestum h\u00e1t\u00ed\u00f0um in\u00fa\u00edta-hef\u00f0arinnar og s\u00e9rlega fr\u00f3\u00f0leg \u00fat fr\u00e1 tr\u00faarbrag\u00f0af\u00e9lagsfr\u00e6\u00f0i.<\/p><p>Qailertetang-h\u00e1t\u00ed\u00f0in \u00e1 s\u00e9r enga beina hli\u00f0st\u00e6\u00f0u \u00ed \u00f6\u00f0rum sv\u00e6\u00f0um in\u00fa\u00edta, sem undirstrikar sta\u00f0bundi\u00f0 s\u00e9rkenni hennar. \u00cd Iglulik voru samb\u00e6rilegar Tivajut-h\u00e1t\u00ed\u00f0ir, sem \u00fe\u00f3 tengdust \u00f6\u00f0rum \u00f6ndum. \u00deessi sv\u00e6\u00f0isbundna a\u00f0greining er mikilv\u00e6g fr\u00e6\u00f0ileg v\u00edsbending um fj\u00f6lbreytileika tr\u00faarbrag\u00f0a in\u00fa\u00edta.<\/p>\t\t\t\t\t\t\t\t<\/div>\n\t\t\t\t<\/div>\n\t\t\t\t\t<\/div>\n\t\t\t\t<\/div>\n\t\t<div class=\"elementor-element elementor-element-iwgw-qailerteta-s6 e-flex e-con-boxed e-con e-parent\" data-id=\"iwgw-qailerteta-s6\" data-element_type=\"container\" data-e-type=\"container\">\n\t\t\t\t\t<div class=\"e-con-inner\">\n\t\t\t\t<div class=\"elementor-element elementor-element-iwgw-qailerteta-s6h elementor-widget elementor-widget-heading\" data-id=\"iwgw-qailerteta-s6h\" data-element_type=\"widget\" data-e-type=\"widget\" data-widget_type=\"heading.default\">\n\t\t\t\t\t<h2 class=\"elementor-heading-title elementor-size-default\">Samanbur\u00f0ur vi\u00f0 a\u00f0rar hj\u00e1lparverur<\/h2>\t\t\t\t<\/div>\n\t\t<div class=\"elementor-element elementor-element-iwgw-qailerteta-s6c e-con-full e-flex e-con e-child\" data-id=\"iwgw-qailerteta-s6c\" data-element_type=\"container\" data-e-type=\"container\">\n\t\t\t\t<div class=\"elementor-element elementor-element-iwgw-qailerteta-s6t elementor-widget elementor-widget-text-editor\" data-id=\"iwgw-qailerteta-s6t\" data-element_type=\"widget\" data-e-type=\"widget\" data-widget_type=\"text-editor.default\">\n\t\t\t\t\t\t\t\t\t<p>Fr\u00e6\u00f0ilega heyrir Qailertetang til flokks hj\u00e1lpar- og fylgdarvera st\u00f3rra gu\u00f0d\u00f3ma. Samb\u00e6rilegar eru <em>\u00cdris<\/em> \u00far gr\u00edskri hef\u00f0 sem sendibo\u00f0i Heru, <em>Saraswati<\/em> \u00ed nokkrum hind\u00faahef\u00f0um sem fylgdarkona st\u00e6rri gu\u00f0d\u00f3ma e\u00f0a <em>Akkas<\/em> \u00far <a href=\"https:\/\/iwell-guard.com\/is\/sami-finnsk-ugrisk-hefd-noaidi-tromma\/\">s\u00f6m\u00edsku<\/a> hef\u00f0inni sem d\u00e6tur Madderakka.<\/p><p>\u00d3samhverfan milli a\u00f0al- og fylgdarveru er tr\u00faarbrag\u00f0afyrirb\u00e6rafr\u00e6\u00f0ilega d\u00e6miger\u00f0 og er ekki veiking fylgdarverunnar, heldur hennar s\u00e9rstaka sta\u00f0a. Qailertetang er ekki veik \u00fatg\u00e1fa af Sednu, heldur sj\u00e1lfst\u00e6\u00f0 stofnun me\u00f0 eigi\u00f0 starfssvi\u00f0. \u00deessi hagn\u00fdta sj\u00e1lfst\u00e6\u00f0i ver\u00f0ur a\u00f0 vi\u00f0urkenna fr\u00e6\u00f0ilega.<\/p><p>\u00deessi margv\u00edslega lagskipting \u00ed gu\u00f0aheimi In\u00fa\u00edta samsvarar \u00f3samr\u00e6mdu e\u00f0li <span class=\"iwg-fachbegriff\" data-tooltip=\"Hin fr\u00e6\u00f0ilega kenning um Gu\u00f0 og tr\u00fa tiltekinna tr\u00faarbrag\u00f0a.\" tabindex=\"0\">gu\u00f0fr\u00e6\u00f0i<\/span> \u00feeirra. \u00dea\u00f0 er engin <span class=\"iwg-fachbegriff\" data-tooltip=\"Tr\u00fain \u00e1 marga gu\u00f0i.\" tabindex=\"0\">fj\u00f6lgy\u00f0istr\u00fa<\/span> \u00ed gr\u00edskum skilningi me\u00f0 sk\u00fdrt afm\u00f6rku\u00f0um valdasv\u00e6\u00f0um, heldur fl\u00f3ki\u00f0 net tengsla. \u00deessi tengslagu\u00f0fr\u00e6\u00f0i er tr\u00faarbrag\u00f0afyrirb\u00e6rafr\u00e6\u00f0ilega s\u00e9rstakt m\u00f3del og greinir hef\u00f0 In\u00fa\u00edta sk\u00fdrt fr\u00e1 stigskiptri fj\u00f6lgy\u00f0istr\u00fa.<\/p>\t\t\t\t\t\t\t\t<\/div>\n\t\t\t\t<\/div>\n\t\t\t\t\t<\/div>\n\t\t\t\t<\/div>\n\t\t<div class=\"elementor-element elementor-element-iwgw-qailerteta-s7 e-flex e-con-boxed e-con e-parent\" data-id=\"iwgw-qailerteta-s7\" data-element_type=\"container\" data-e-type=\"container\">\n\t\t\t\t\t<div class=\"e-con-inner\">\n\t\t\t\t<div class=\"elementor-element elementor-element-iwgw-qailerteta-s7h elementor-widget elementor-widget-heading\" data-id=\"iwgw-qailerteta-s7h\" data-element_type=\"widget\" data-e-type=\"widget\" data-widget_type=\"heading.default\">\n\t\t\t\t\t<h2 class=\"elementor-heading-title elementor-size-default\">Tr\u00fabo\u00f0 og gleymska<\/h2>\t\t\t\t<\/div>\n\t\t<div class=\"elementor-element elementor-element-iwgw-qailerteta-s7c e-con-full e-flex e-con e-child\" data-id=\"iwgw-qailerteta-s7c\" data-element_type=\"container\" data-e-type=\"container\">\n\t\t\t\t<div class=\"elementor-element elementor-element-iwgw-qailerteta-s7t elementor-widget elementor-widget-text-editor\" data-id=\"iwgw-qailerteta-s7t\" data-element_type=\"widget\" data-e-type=\"widget\" data-widget_type=\"text-editor.default\">\n\t\t\t\t\t\t\t\t\t<p>Qailertetang er ein af \u00feeim verum sem hafa a\u00f0 mestu falli\u00f0 \u00ed gleymsku vegna tr\u00fabo\u00f0s og n\u00fat\u00edmav\u00e6\u00f0ingar. \u00dear sem h\u00fan var n\u00e1i\u00f0 bundin sjaman\u00edskri i\u00f0kun og haf\u00f0i ekkert efnahagslega yfirgn\u00e6fandi hlutverk, dr\u00f3 \u00far n\u00e1vist hennar samhli\u00f0a hvarfi opinbers <span class=\"iwg-fachbegriff\" data-tooltip=\"Tr\u00faarlegt kerfi \u00fear sem s\u00e9rfr\u00e6\u00f0ingar hafa samskipti vi\u00f0 andaheiminn.\" tabindex=\"0\">sjamanisma<\/span>.<\/p><p>\u00cd samt\u00edmamenningu In\u00fa\u00edta er h\u00fan a\u00f0eins \u00feekkt af litlum h\u00f3pi menningar\u00e1hugaf\u00f3lks. \u00deessi \u00f3samhverfa \u00ed minningu, samanbori\u00f0 vi\u00f0 Sednu, er tr\u00faarbrag\u00f0afyrirb\u00e6rafr\u00e6\u00f0ilega d\u00e6miger\u00f0: St\u00f3rar verur lifa menningarlega umbrot af betur en s\u00e9rh\u00e6f\u00f0ar fylgdarverur. Tr\u00faarbrag\u00f0af\u00e9lagsfr\u00e6\u00f0ilega er \u00feetta sj\u00e1lfst\u00e6\u00f0 ni\u00f0ursta\u00f0a.<\/p><p>Endurupptaka Qailertetang \u00ed frumbyggja tr\u00faarumr\u00e6\u00f0u hefur ekki \u00e1tt s\u00e9r sta\u00f0 \u00ed \u00fev\u00ed umfangi sem h\u00e6f\u00f0i henni s\u00f6gulega. \u00deetta ranns\u00f3knar- og minningarskar\u00f0 er fr\u00e6\u00f0ilega athyglisvert og \u00e6tti a\u00f0 taka \u00e1 \u00fev\u00ed.<\/p>\t\t\t\t\t\t\t\t<\/div>\n\t\t\t\t<\/div>\n\t\t\t\t\t<\/div>\n\t\t\t\t<\/div>\n\t\t<div class=\"elementor-element elementor-element-iwgw-qailerteta-s8 e-flex e-con-boxed e-con e-parent\" data-id=\"iwgw-qailerteta-s8\" data-element_type=\"container\" data-e-type=\"container\">\n\t\t\t\t\t<div class=\"e-con-inner\">\n\t\t\t\t<div class=\"elementor-element elementor-element-iwgw-qailerteta-s8h elementor-widget elementor-widget-heading\" data-id=\"iwgw-qailerteta-s8h\" data-element_type=\"widget\" data-e-type=\"widget\" data-widget_type=\"heading.default\">\n\t\t\t\t\t<h2 class=\"elementor-heading-title elementor-size-default\">Ranns\u00f3knir og sta\u00f0a \u00ed dag<\/h2>\t\t\t\t<\/div>\n\t\t<div class=\"elementor-element elementor-element-iwgw-qailerteta-s8c e-con-full e-flex e-con e-child\" data-id=\"iwgw-qailerteta-s8c\" data-element_type=\"container\" data-e-type=\"container\">\n\t\t\t\t<div class=\"elementor-element elementor-element-iwgw-qailerteta-s8t elementor-widget elementor-widget-text-editor\" data-id=\"iwgw-qailerteta-s8t\" data-element_type=\"widget\" data-e-type=\"widget\" data-widget_type=\"text-editor.default\">\n\t\t\t\t\t\t\t\t\t<p>Ranns\u00f3knir \u00e1 Qailertetang byggjast fyrst og fremst \u00e1 skr\u00e1ningum Boas. S\u00ed\u00f0ari fr\u00e6\u00f0imenn hafa nefnt hana \u00e1n \u00feess a\u00f0 tileinka henni sj\u00e1lfst\u00e6\u00f0a ranns\u00f3kn. \u00cdtarlegri fr\u00e6\u00f0ileg \u00farvinnsla v\u00e6ri \u00e6skileg, s\u00e9rstaklega \u00ed samanbur\u00f0i vi\u00f0 a\u00f0ra ve\u00f0urandaverur \u00e1 nor\u00f0urskautssv\u00e6\u00f0inu.<\/p><p>Pamela Stern og Birgitte Sonne hafa \u00ed yfirgripsmiklum verkum s\u00ednum vaki\u00f0 athygli \u00e1 mikilv\u00e6gi Qailertetang. S\u00e9rrit um hana \u00e1 s\u00e9r enn ekki sta\u00f0. \u00deetta ranns\u00f3knargat er fr\u00e6\u00f0ilega d\u00e6migert fyrir hvernig sta\u00f0bundnar hj\u00e1lparv\u00e6ttir hafa veri\u00f0 ja\u00f0arsettar \u00ed st\u00f3ru samantektunum.<\/p><p>\u00cd fr\u00e6\u00f0ilegri umr\u00e6\u00f0u er Qailertetang d\u00e6mi um hversu mikilv\u00e6g sv\u00e6\u00f0isbundin a\u00f0greining er \u00ed tr\u00faars\u00f6gu In\u00fa\u00edta. Ein sameiginleg pan-in\u00fa\u00edt <span class=\"iwg-fachbegriff\" data-tooltip=\"Fr\u00e6\u00f0igreinin um Gu\u00f0 og tr\u00fa innan tr\u00faarbrag\u00f0a.\" tabindex=\"0\">gu\u00f0fr\u00e6\u00f0i<\/span> bygg\u00f0 einungis \u00e1 st\u00f3ru go\u00f0m\u00f6gnunum v\u00e6ri of einf\u00f6ld og myndi l\u00edta fram hj\u00e1 mikilv\u00e6gum sta\u00f0bundnum einkennum. \u00deessi a\u00f0fer\u00f0afr\u00e6\u00f0ilega inns\u00fdn er fr\u00e6\u00f0ilega grundvallaratri\u00f0i.<\/p>\t\t\t\t\t\t\t\t<\/div>\n\t\t\t\t<\/div>\n\t\t\t\t\t<\/div>\n\t\t\t\t<\/div>\n\t\t<div class=\"elementor-element elementor-element-iwgw-qailerteta-s9 e-flex e-con-boxed e-con e-parent\" data-id=\"iwgw-qailerteta-s9\" data-element_type=\"container\" data-e-type=\"container\">\n\t\t\t\t\t<div class=\"e-con-inner\">\n\t\t\t\t<div class=\"elementor-element elementor-element-iwgw-qailerteta-s9h elementor-widget elementor-widget-heading\" data-id=\"iwgw-qailerteta-s9h\" data-element_type=\"widget\" data-e-type=\"widget\" data-widget_type=\"heading.default\">\n\t\t\t\t\t<h2 class=\"elementor-heading-title elementor-size-default\">Krossv\u00edsanir \u00ed or\u00f0asafninu<\/h2>\t\t\t\t<\/div>\n\t\t<div class=\"elementor-element elementor-element-iwgw-qailerteta-s9c e-con-full e-flex e-con e-child\" data-id=\"iwgw-qailerteta-s9c\" data-element_type=\"container\" data-e-type=\"container\">\n\t\t\t\t<div class=\"elementor-element elementor-element-iwgw-qailerteta-s9t elementor-widget elementor-widget-text-editor\" data-id=\"iwgw-qailerteta-s9t\" data-element_type=\"widget\" data-e-type=\"widget\" data-widget_type=\"text-editor.default\">\n\t\t\t\t\t\t\t\t\t<p>Qailertetang tengist <a href=\"https:\/\/iwell-guard.com\/is\/?page_id=168999\">Sedna<\/a>, <a href=\"https:\/\/iwell-guard.com\/is\/?page_id=169000\">Sila<\/a>, <a href=\"https:\/\/iwell-guard.com\/is\/?page_id=169001\">Tornarssuk<\/a>, <a href=\"https:\/\/iwell-guard.com\/is\/?page_id=169003\">Anguta<\/a>, <a href=\"https:\/\/iwell-guard.com\/is\/?page_id=169004\">Pinga<\/a>, <a href=\"https:\/\/iwell-guard.com\/is\/?page_id=169006\">Igaluk<\/a>, <a href=\"https:\/\/iwell-guard.com\/is\/?page_id=169005\">Nanook<\/a>, <a href=\"https:\/\/iwell-guard.com\/is\/?page_id=169002\">Tupilak<\/a> og <a href=\"https:\/\/iwell-guard.com\/is\/?page_id=169007\">Malina<\/a>. Menningarmi\u00f0st\u00f6\u00f0in <a href=\"https:\/\/iwell-guard.com\/is\/inuit-og-nordurslodir-sedna-tornit\/\">In\u00fa\u00edt-hef\u00f0<\/a> rammar tr\u00faars\u00f6guna inn. Byggingarlega \u00e1\u00feekkar hj\u00e1lparv\u00e6ttir finnast \u00ed <a href=\"https:\/\/iwell-guard.com\/is\/sami-finnsk-ugrisk-hefd-noaidi-tromma\/\">s\u00f6m\u00edsku<\/a> greinar\u00f6\u00f0inni, s\u00e9rstaklega hj\u00e1 Akka-v\u00e6ttunum.<\/p>\t\t\t\t\t\t\t\t<\/div>\n\t\t\t\t<\/div>\n\t\t\t\t\t<\/div>\n\t\t\t\t<\/div>\n\t\t<div class=\"elementor-element elementor-element-cp23c416b0 e-flex e-con-boxed e-con e-parent\" data-id=\"cp23c416b0\" data-element_type=\"container\" data-e-type=\"container\">\n\t\t\t\t\t<div class=\"e-con-inner\">\n\t\t\t\t<div class=\"elementor-element elementor-element-cp219b77c9 elementor-widget elementor-widget-heading\" data-id=\"cp219b77c9\" data-element_type=\"widget\" data-e-type=\"widget\" data-widget_type=\"heading.default\">\n\t\t\t\t\t<h2 class=\"elementor-heading-title elementor-size-default\">Qailertetang \u00ed Sedna-h\u00e1t\u00ed\u00f0inni samkv\u00e6mt Franz Boas<\/h2>\t\t\t\t<\/div>\n\t\t<div class=\"elementor-element elementor-element-cp2e4bb4da e-flex e-con-boxed e-con e-child\" data-id=\"cp2e4bb4da\" data-element_type=\"container\" data-e-type=\"container\">\n\t\t\t\t\t<div class=\"e-con-inner\">\n\t\t\t\t<div class=\"elementor-element elementor-element-cp2a25bf76 elementor-widget elementor-widget-text-editor\" data-id=\"cp2a25bf76\" data-element_type=\"widget\" data-e-type=\"widget\" data-widget_type=\"text-editor.default\">\n\t\t\t\t\t\t\t\t\t<p>Mikilv\u00e6gasta einstaka heimildin um Qailertetang er l\u00fdsing \u00e1 haustlegri h\u00e1t\u00ed\u00f0 sem Franz Boas gaf \u00ed ranns\u00f3kn sinni <em>The Central Eskimo<\/em> (1888), bygg\u00f0 \u00e1 dv\u00f6l hans \u00e1 Baffinseyju \u00e1rin 1883 og 1884.<\/p><p>Boas l\u00fdsir <span class=\"iwg-fachbegriff\" data-tooltip=\"Skipul\u00f6g\u00f0 r\u00f6\u00f0 t\u00e1knger\u00f0ra athafna me\u00f0 tr\u00faarlegri e\u00f0a menningarlegri merkingu.\" tabindex=\"0\">ath\u00f6fn<\/span> sem tengdist \u00e1rst\u00ed\u00f0askiptum og \u00fear sem tv\u00e6r gr\u00edmukl\u00e6ddar pers\u00f3nur koma fram og t\u00falka go\u00f0sagnaverur.<\/p><p>Ein af \u00feessum verum er Qailertetang, l\u00fdst sem v\u00e6tt sem \u00ed \u00feessari <span class=\"iwg-fachbegriff\" data-tooltip=\"Mi\u00f0lun \u00feekkingar og sagna milli kynsl\u00f3\u00f0a.\" tabindex=\"0\">munnm\u00e6lahef\u00f0<\/span> kemur fram sem f\u00e9lagi e\u00f0a f\u00f6runautur hafgy\u00f0junnar, sem Boas skr\u00e1\u00f0i undir nafninu Sedna.<\/p><p>Gr\u00edmukl\u00e6dda pers\u00f3nan kemur fram me\u00f0 \u00feunglamalegum hreyfingum, kl\u00e6dd gr\u00edmu og kvenmannsf\u00f6tum, og er samsv\u00f6ru\u00f0 Qailertetang. \u00cd ath\u00f6fninni eru framkv\u00e6mdar a\u00f0ger\u00f0ir sem \u00fej\u00f3na \u00fev\u00ed a\u00f0 fri\u00f0a hafm\u00e1ttarveldin og tryggja vei\u00f0igengni fyrir komandi dimma \u00e1rst\u00ed\u00f0.<\/p><p>Fr\u00e1s\u00f6gn Boas er svo mikilv\u00e6g vegna \u00feess a\u00f0 h\u00fan er ein af f\u00e1um n\u00e1kv\u00e6mlega skjalfestum ath\u00f6fnum mi\u00f0hluta nor\u00f0urskautssv\u00e6\u00f0isins fr\u00e1 s\u00ed\u00f0ari hluta 19. aldar. \u00c1 sama t\u00edma \u00fearf a\u00f0 lesa hana me\u00f0 fyrirvara: Boas var vi\u00f0 upphaf ferils s\u00edns \u00feegar skr\u00e1ningin f\u00f3r fram, vann undir erfi\u00f0um a\u00f0st\u00e6\u00f0um og reiddi sig \u00e1 t\u00falka. S\u00ed\u00f0ari ranns\u00f3knir hafa bent \u00e1 a\u00f0 endurger\u00f0 hans \u00e1 n\u00f6fnum og hlutverkum endurspegli ekki alltaf s\u00fdn s\u00f6gumannanna sj\u00e1lfra. Qailertetang birtist \u00ed efni Boas fyrst og fremst sem athafnavera og f\u00f6runautur, ekki sem sj\u00e1lfst\u00e6tt s\u00f6g\u00f0 <span class=\"iwg-fachbegriff\" data-tooltip=\"Vera sem er d\u00fdrku\u00f0 sem gu\u00f0leg innan tr\u00faarbrag\u00f0a.\" tabindex=\"0\">go\u00f0m\u00f6gn<\/span> me\u00f0 fullbygg\u00f0um go\u00f0sagnaheimi. \u00dea\u00f0 sem vita\u00f0 er um hana byggist \u00fev\u00ed n\u00e6r algj\u00f6rlega \u00e1 \u00feessari einu \u00fej\u00f3\u00f0fr\u00e6\u00f0ilegu l\u00fdsingu.\t\t\t\t\t\t\t\t<\/div>\n\t\t\t\t\t<\/div>\n\t\t\t\t<\/div>\n\t\t\t\t\t<\/div>\n\t\t\t\t<\/div>\n\t\t<div class=\"elementor-element elementor-element-cp23d5cb7b e-flex e-con-boxed e-con e-parent\" data-id=\"cp23d5cb7b\" data-element_type=\"container\" data-e-type=\"container\">\n\t\t\t\t\t<div class=\"e-con-inner\">\n\t\t\t\t<div class=\"elementor-element elementor-element-cp29cb8e6f elementor-widget elementor-widget-heading\" data-id=\"cp29cb8e6f\" data-element_type=\"widget\" data-e-type=\"widget\" data-widget_type=\"heading.default\">\n\t\t\t\t\t<h2 class=\"elementor-heading-title elementor-size-default\">Heimildasnau\u00f0 vera: hva\u00f0 er sta\u00f0fest og hva\u00f0 er \u00fea\u00f0 ekki<\/h2>\t\t\t\t<\/div>\n\t\t<div class=\"elementor-element elementor-element-cp2297b21a e-flex e-con-boxed e-con e-child\" data-id=\"cp2297b21a\" data-element_type=\"container\" data-e-type=\"container\">\n\t\t\t\t\t<div class=\"e-con-inner\">\n\t\t\t\t<div class=\"elementor-element elementor-element-cp23a042b2 elementor-widget elementor-widget-text-editor\" data-id=\"cp23a042b2\" data-element_type=\"widget\" data-e-type=\"widget\" data-widget_type=\"text-editor.default\">\n\t\t\t\t\t\t\t\t\t<p>Qailertetang telst til v\u00e6tta \u00ed <span class=\"iwg-fachbegriff\" data-tooltip=\"Mi\u00f0lun \u00feekkingar og sagna milli kynsl\u00f3\u00f0a.\" tabindex=\"0\">munnm\u00e6lahef\u00f0<\/span> In\u00fa\u00edta sem mj\u00f6g l\u00edti\u00f0 er sta\u00f0fest vita\u00f0 um, og \u00e1rei\u00f0anleg l\u00fdsing \u00fearf berum or\u00f0um a\u00f0 nefna \u00feessa f\u00e1t\u00e6klegu heimildast\u00f6\u00f0u.<\/p><p>\u00cd grunninn byggist \u00feekkingin \u00e1 Franz Boas og f\u00e1einum s\u00ed\u00f0ari umfj\u00f6llunum sem sj\u00e1lfar byggjast a\u00f0 mestu \u00e1 Boas. Engin v\u00ed\u00f0t\u00e6k <span class=\"iwg-fachbegriff\" data-tooltip=\"Mi\u00f0lun \u00feekkingar og sagna milli kynsl\u00f3\u00f0a.\" tabindex=\"0\">munnm\u00e6lahef\u00f0<\/span>, sta\u00f0fest af m\u00f6rgum \u00f3h\u00e1\u00f0um s\u00f6fnurum, er til.<\/p><p>Sta\u00f0fest vir\u00f0ist a\u00f0 Qailertetang var \u00feekkt \u00ed \u00e1kve\u00f0nu sv\u00e6\u00f0i mi\u00f0hluta kanad\u00edska nor\u00f0urskautssv\u00e6\u00f0isins, s\u00e9rstaklega \u00ed kringum Baffinseyju, sem v\u00e6tt tengd hafgy\u00f0junni og \u00e1rst\u00ed\u00f0abundnum ath\u00f6fnum.<\/p><p>\u00d3v\u00edst er n\u00e6r allt anna\u00f0: kyn hennar er tilgreint \u00e1 \u00f3l\u00edkan h\u00e1tt, n\u00e1kv\u00e6mt hlutverk sveiflast milli f\u00e9laga hafgy\u00f0junnar, ve\u00f0urveru og verndarv\u00e6ttar, og hvort Qailertetang haf\u00f0i eigin <span class=\"iwg-fachbegriff\" data-tooltip=\"Heild go\u00f0sagna sem var\u00f0veist hafa innan menningar.\" tabindex=\"0\">go\u00f0afr\u00e6\u00f0i<\/span> umfram <span class=\"iwg-fachbegriff\" data-tooltip=\"Skipul\u00f6g\u00f0 r\u00f6\u00f0 t\u00e1knger\u00f0ra athafna me\u00f0 tr\u00faarlegri e\u00f0a menningarlegri merkingu.\" tabindex=\"0\">ath\u00f6fnina<\/span> sem Boas l\u00fdsti ver\u00f0ur ekki sk\u00fdrt \u00far.<\/p><p>\u00deessi sta\u00f0a er d\u00e6miger\u00f0 fyrir margar v\u00e6ttir \u00ed tr\u00faarbr\u00f6g\u00f0um In\u00fa\u00edta. \u00d3l\u00edkt go\u00f0afr\u00e6\u00f0um Evras\u00edu sem sty\u00f0jast vi\u00f0 umfangsmiklar textahef\u00f0ir byggist \u00feekkingin h\u00e9r \u00e1 f\u00e1einum \u00fej\u00f3\u00f0fr\u00e6\u00f0ilegum svipmyndum, sem a\u00f0 auki ur\u00f0u til \u00e1 t\u00edmum umtalsver\u00f0ra breytinga af v\u00f6ldum n\u00fdlendustefnu. Fr\u00e6\u00f0ilega s\u00e9\u00f0 er Qailertetang \u00feess vegna d\u00e6mi um hversu miki\u00f0 heimildasta\u00f0an m\u00f3tar mynd manns af v\u00e6tt. S\u00e1 sem segir meira um hana en Boas gefur tilefni til f\u00e6rist inn \u00e1 svi\u00f0 tilg\u00e1tna. R\u00e9tt vi\u00f0horf er a\u00f0 tilgreina \u00fea\u00f0 litla sem vita\u00f0 er n\u00e1kv\u00e6mlega og l\u00e1ta st\u00f3ru ey\u00f0urnar standa sem ey\u00f0ur, \u00ed sta\u00f0 \u00feess a\u00f0 fylla \u00fe\u00e6r me\u00f0 hli\u00f0st\u00e6\u00f0um \u00far \u00f6\u00f0rum sv\u00e6\u00f0um.\t\t\t\t\t\t\t\t<\/div>\n\t\t\t\t\t<\/div>\n\t\t\t\t<\/div>\n\t\t\t\t\t<\/div>\n\t\t\t\t<\/div>\n\t\t<div class=\"elementor-element elementor-element-iwgw-qailerteta-lit e-flex e-con-boxed e-con e-parent\" data-id=\"iwgw-qailerteta-lit\" data-element_type=\"container\" data-e-type=\"container\">\n\t\t\t\t\t<div class=\"e-con-inner\">\n\t\t\t\t<div class=\"elementor-element elementor-element-iwgw-qailerteta-lith elementor-widget elementor-widget-heading\" data-id=\"iwgw-qailerteta-lith\" data-element_type=\"widget\" data-e-type=\"widget\" data-widget_type=\"heading.default\">\n\t\t\t\t\t<h2 class=\"elementor-heading-title elementor-size-default\">Heimildir (\u00farval)<\/h2>\t\t\t\t<\/div>\n\t\t<div class=\"elementor-element elementor-element-iwgw-qailerteta-litc e-con-full e-flex e-con e-child\" data-id=\"iwgw-qailerteta-litc\" data-element_type=\"container\" data-e-type=\"container\">\n\t\t\t\t<div class=\"elementor-element elementor-element-iwgw-qailerteta-litt elementor-widget elementor-widget-text-editor\" data-id=\"iwgw-qailerteta-litt\" data-element_type=\"widget\" data-e-type=\"widget\" data-widget_type=\"text-editor.default\">\n\t\t\t\t\t\t\t\t\t<ul><li>Franz Boas: <em>The Central Eskimo<\/em> (Washington 1888)<\/li><li>Knud Rasmussen: <em>Intellectual Culture of the Iglulik Eskimos<\/em> (Kopenhagen 1929)<\/li><li>Daniel Merkur: <em>Powers Which We Do Not Know<\/em> (Moscow ID 1991)<\/li><li>Fr\u00e9d\u00e9ric Laugrand og Jarich Oosten: <em>Inuit Shamanism and Christianity<\/em> (Montreal 2010)<\/li><li>Birgitte Sonne: <em>Heaven Negotiated. Hell Imagined<\/em> (Kopenhagen 2017)<\/li><li>Pamela Stern: <em>Historical Dictionary of the Inuit<\/em> (Lanham 2013)<\/li><\/ul>\t\t\t\t\t\t\t\t<\/div>\n\t\t\t\t<\/div>\n\t\t\t\t\t<\/div>\n\t\t\t\t<\/div>\n\t\t<div class=\"elementor-element elementor-element-iwgw-qailerteta-kwd e-flex e-con-boxed e-con e-parent\" data-id=\"iwgw-qailerteta-kwd\" data-element_type=\"container\" data-e-type=\"container\">\n\t\t\t\t\t<div class=\"e-con-inner\">\n\t\t<div class=\"elementor-element elementor-element-iwgw-qailerteta-kwdc e-con-full e-flex e-con e-child\" data-id=\"iwgw-qailerteta-kwdc\" data-element_type=\"container\" data-e-type=\"container\">\n\t\t\t\t<div class=\"elementor-element elementor-element-iwgw-qailerteta-kwdt elementor-widget elementor-widget-text-editor\" data-id=\"iwgw-qailerteta-kwdt\" data-element_type=\"widget\" data-e-type=\"widget\" data-widget_type=\"text-editor.default\">\n\t\t\t\t\t\t\t\t\t<p><em>Tengd leitaror\u00f0: Qailertetang Baffin-In\u00fa\u00edtar ve\u00f0urandi f\u00f6runautur Sednu dyrav\u00f6r\u00f0ur Tivajut Boas.<\/em><\/p>\t\t\t\t\t\t\t\t<\/div>\n\t\t\t\t<\/div>\n\t\t\t\t\t<\/div>\n\t\t\t\t<\/div>\n\t\t<div class=\"elementor-element elementor-element-iwgw-qailerteta-cc e-flex e-con-boxed e-con e-parent\" data-id=\"iwgw-qailerteta-cc\" data-element_type=\"container\" data-e-type=\"container\" id=\"iwg-cc-qailertetang\">\n\t\t\t\t\t<div class=\"e-con-inner\">\n\t\t<div class=\"elementor-element elementor-element-iwgw-qailerteta-ccinner e-flex e-con-boxed e-con e-parent\" data-id=\"iwgw-qailerteta-ccinner\" data-element_type=\"container\" data-e-type=\"container\" data-settings=\"{&quot;background_background&quot;:&quot;classic&quot;}\">\n\t\t\t\t\t<div class=\"e-con-inner\">\n\t\t\t\t<div class=\"elementor-element elementor-element-iwgw-qailerteta-cch elementor-widget elementor-widget-heading\" data-id=\"iwgw-qailerteta-cch\" data-element_type=\"widget\" data-e-type=\"widget\" data-widget_type=\"heading.default\">\n\t\t\t\t\t<h2 class=\"elementor-heading-title elementor-size-default\">iWell Guard og verndarhef\u00f0ir<\/h2>\t\t\t\t<\/div>\n\t\t\t\t<div class=\"elementor-element elementor-element-iwgw-qailerteta-cct elementor-widget elementor-widget-text-editor\" data-id=\"iwgw-qailerteta-cct\" data-element_type=\"widget\" data-e-type=\"widget\" data-widget_type=\"text-editor.default\">\n\t\t\t\t\t\t\t\t\t<div data-nosnippet=\"true\"><p>iWell Guard tengist menningars\u00f6gulegri hef\u00f0 bur\u00f0arh\u00e6fra verndargripa, \u00ed hef\u00f0 <a href=\"https:\/\/iwell-guard.com\/is\/inuit-og-nordurslodir-sedna-tornit\/\">in\u00fa\u00edta<\/a> og margra annarra menningarheima um allan heim. 41 lag, alv\u00f6ru gull, plat\u00edna, silfur, framleitt \u00ed \u00de\u00fdskalandi. 30 daga skilar\u00e9ttur.<\/p><\/div>\t\t\t\t\t\t\t\t<\/div>\n\t\t\t\t<div class=\"elementor-element elementor-element-iwgw-qailerteta-ccb iwg-cc-button iwg-cc-cta-2026-05-13 elementor-widget elementor-widget-jet-button\" data-id=\"iwgw-qailerteta-ccb\" data-element_type=\"widget\" data-e-type=\"widget\" data-widget_type=\"jet-button.default\">\n\t\t\t\t<div class=\"elementor-widget-container\">\n\t\t\t\t\t<div class=\"elementor-jet-button jet-elements\"><div class=\"jet-button__container\"><a class=\"jet-button__instance jet-button__instance--icon-left hover-effect-1\" href=\"\/ueber-iwell-guard\/?utm_source=iwell-guard.com&amp;utm_medium=info-box&amp;utm_campaign=wesen-tradition\"><div class=\"jet-button__plane jet-button__plane-normal\"><\/div><div class=\"jet-button__plane jet-button__plane-hover\"><\/div><div class=\"jet-button__state jet-button__state-normal\"><span class=\"jet-button__label\">Meira um iWell Guard<\/span><\/div><div class=\"jet-button__state jet-button__state-hover\"><span class=\"jet-button__label\">Meira um iWell Guard<\/span><\/div><\/a><\/div><\/div><style>.elementor-element.elementor-element-iwgw-qailerteta-ccb .jet-button__instance{width:320px;height:56px;}.elementor-element.elementor-element-iwgw-qailerteta-ccb .jet-button__state-normal .jet-button__label{text-align:center;margin:0px 0px 0px 0px;color:#1a1b20;font-family:Montserrat,sans-serif;font-size:13px;font-weight:400;letter-spacing:4px;line-height:1.714em;text-transform:uppercase;}.elementor-element.elementor-element-iwgw-qailerteta-ccb .jet-button__state-hover .jet-button__label{text-align:center;margin:0px 0px 0px 0px;color:#FECC76;font-family:Montserrat,sans-serif;font-size:13px;font-weight:400;letter-spacing:4px;line-height:1.714em;text-transform:uppercase;}.elementor-element.elementor-element-iwgw-qailerteta-ccb .jet-button__plane-normal{background-color:#FECC76;border-style:solid;border-color:#C99540;border-width:2px 2px 2px 2px;}.elementor-element.elementor-element-iwgw-qailerteta-ccb .jet-button__plane-hover{background-color:rgba(0,0,0,0.55);border-style:solid;border-color:#FECC76;border-width:2px 2px 2px 2px;}<\/style>\t\t\t\t<\/div>\n\t\t\t\t<\/div>\n\t\t\t\t<div class=\"elementor-element elementor-element-iwgw-qailerteta-ccd elementor-widget elementor-widget-text-editor\" data-id=\"iwgw-qailerteta-ccd\" data-element_type=\"widget\" data-e-type=\"widget\" data-widget_type=\"text-editor.default\">\n\t\t\t\t\t\t\t\t\t<div data-nosnippet=\"true\"><p style=\"text-align:center;font-size:13px;opacity:0.7;margin-top:14px\" data-nosnippet=\"true\">Pers\u00f3nuleg reynsla getur veri\u00f0 mismunandi. Ekki l\u00e6kningat\u00e6ki. Engin lofor\u00f0 um l\u00e6kningu.<\/p><\/div>\t\t\t\t\t\t\t\t<\/div>\n\t\t\t\t\t<\/div>\n\t\t\t\t<\/div>\n\t\t\t\t\t<\/div>\n\t\t\t\t<\/div>\n\t\t<div class=\"elementor-element elementor-element-iwgw-qailerteta-disc e-flex e-con-boxed e-con e-parent\" data-id=\"iwgw-qailerteta-disc\" data-element_type=\"container\" data-e-type=\"container\">\n\t\t\t\t\t<div class=\"e-con-inner\">\n\t\t\t\t<div class=\"elementor-element elementor-element-iwgw-qailerteta-discw elementor-widget elementor-widget-html\" data-id=\"iwgw-qailerteta-discw\" data-element_type=\"widget\" data-e-type=\"widget\" data-widget_type=\"html.default\">\n\t\t\t\t\t<footer data-nosnippet=\"true\" class=\"iwg-disclaimer-block\"><p data-nosnippet=\"true\">iWell Guard er <strong>ekki l\u00e6kningat\u00e6ki<\/strong> og kemur ekki \u00ed sta\u00f0inn fyrir l\u00e6knis- e\u00f0a s\u00e1lfr\u00e6\u00f0ime\u00f0fer\u00f0. Tr\u00faarfr\u00e6\u00f0ilegt efni er menningars\u00f6gulegt samhengi, ekki r\u00e1\u00f0legging um andlega i\u00f0kun.<\/p><\/footer>\t\t\t\t<\/div>\n\t\t\t\t\t<\/div>\n\t\t\t\t<\/div>\n\t\t\t\t<\/div>\n\t\t","protected":false},"excerpt":{"rendered":"","protected":false},"author":3,"featured_media":2878,"parent":0,"menu_order":0,"comment_status":"closed","ping_status":"closed","template":"elementor_header_footer","meta":{"_yoast_wpseo_focuskw":"Qailertetang ve\u00f0urandi in\u00fa\u00edta","_yoast_wpseo_title":"Qailertetang - ve\u00f0urandi og fylgikona Sednu","_yoast_wpseo_metadesc":"Qailertetang er ve\u00f0urandinn og fylgikona Sednu og verndari d\u00fdranna hj\u00e1 Baffin-in\u00fa\u00edtum. Tr\u00faarbrag\u00f0afr\u00e6\u00f0ileg \u00fattekt og heimildir.","_yoast_wpseo_meta-robots-noindex":"","_yoast_wpseo_canonical":"","_angie_page":false,"gefaehrdungsstufe":"","wesen_kultur":"","wesen_klasse":"","footnotes":""},"categories":[],"class_list":["post-169008","page","type-page","status-publish","has-post-thumbnail","hentry"],"yoast_head":"<!-- This site is optimized with the Yoast SEO Premium plugin v27.7 (Yoast SEO v28.3) - https:\/\/yoast.com\/product\/yoast-seo-premium-wordpress\/ -->\n<title>Qailertetang - ve\u00f0urandi og fylgikona Sednu<\/title>\n<meta name=\"description\" content=\"Qailertetang er ve\u00f0urandinn og fylgikona Sednu og verndari d\u00fdranna hj\u00e1 Baffin-in\u00fa\u00edtum. Tr\u00faarbrag\u00f0afr\u00e6\u00f0ileg \u00fattekt og heimildir.\" \/>\n<meta name=\"robots\" content=\"index, follow, max-snippet:-1, max-image-preview:large, max-video-preview:-1\" \/>\n<link rel=\"canonical\" href=\"https:\/\/iwell-guard.com\/is\/qailertetang-vedurfelagi-og-verndari-dyranna\/\" \/>\n<meta property=\"og:locale\" content=\"is_IS\" \/>\n<meta property=\"og:type\" content=\"article\" \/>\n<meta property=\"og:title\" content=\"Qailertetang - Ve\u00f0urf\u00e9lagi og verndari d\u00fdranna\" \/>\n<meta property=\"og:description\" content=\"Qailertetang er ve\u00f0urandinn og fylgikona Sednu og verndari d\u00fdranna hj\u00e1 Baffin-in\u00fa\u00edtum. Tr\u00faarbrag\u00f0afr\u00e6\u00f0ileg \u00fattekt og heimildir.\" \/>\n<meta property=\"og:url\" content=\"https:\/\/iwell-guard.com\/is\/qailertetang-vedurfelagi-og-verndari-dyranna\/\" \/>\n<meta property=\"og:site_name\" content=\"iWell Guard\" \/>\n<meta property=\"article:modified_time\" content=\"2026-09-05T14:29:42+00:00\" \/>\n<meta property=\"og:image\" content=\"https:\/\/iwell-guard.com\/wp-content\/uploads\/2026\/05\/geister_inuit_qailertetang.webp\" \/>\n\t<meta property=\"og:image:width\" content=\"1024\" \/>\n\t<meta property=\"og:image:height\" content=\"1536\" \/>\n\t<meta property=\"og:image:type\" content=\"image\/webp\" \/>\n<meta name=\"twitter:card\" content=\"summary_large_image\" \/>\n<script type=\"application\/ld+json\" class=\"yoast-schema-graph\">{\"@context\":\"https:\\\/\\\/schema.org\",\"@graph\":[{\"@type\":\"WebPage\",\"@id\":\"https:\\\/\\\/iwell-guard.com\\\/is\\\/qailertetang-vedurfelagi-og-verndari-dyranna\\\/\",\"url\":\"https:\\\/\\\/iwell-guard.com\\\/is\\\/qailertetang-vedurfelagi-og-verndari-dyranna\\\/\",\"name\":\"Qailertetang - ve\u00f0urandi og fylgikona Sednu\",\"isPartOf\":{\"@id\":\"https:\\\/\\\/iwell-guard.com\\\/is\\\/#website\"},\"primaryImageOfPage\":{\"@id\":\"https:\\\/\\\/iwell-guard.com\\\/is\\\/qailertetang-vedurfelagi-og-verndari-dyranna\\\/#primaryimage\"},\"image\":{\"@id\":\"https:\\\/\\\/iwell-guard.com\\\/is\\\/qailertetang-vedurfelagi-og-verndari-dyranna\\\/#primaryimage\"},\"thumbnailUrl\":\"https:\\\/\\\/iwell-guard.com\\\/wp-content\\\/uploads\\\/2026\\\/05\\\/geister_inuit_qailertetang.webp\",\"datePublished\":\"2026-09-05T14:04:47+00:00\",\"dateModified\":\"2026-09-05T14:29:42+00:00\",\"description\":\"Qailertetang er ve\u00f0urandinn og fylgikona Sednu og verndari d\u00fdranna hj\u00e1 Baffin-in\u00fa\u00edtum. Tr\u00faarbrag\u00f0afr\u00e6\u00f0ileg \u00fattekt og heimildir.\",\"breadcrumb\":{\"@id\":\"https:\\\/\\\/iwell-guard.com\\\/is\\\/qailertetang-vedurfelagi-og-verndari-dyranna\\\/#breadcrumb\"},\"inLanguage\":\"is\",\"potentialAction\":[{\"@type\":\"ReadAction\",\"target\":[\"https:\\\/\\\/iwell-guard.com\\\/is\\\/qailertetang-vedurfelagi-og-verndari-dyranna\\\/\"]}]},{\"@type\":\"ImageObject\",\"inLanguage\":\"is\",\"@id\":\"https:\\\/\\\/iwell-guard.com\\\/is\\\/qailertetang-vedurfelagi-og-verndari-dyranna\\\/#primaryimage\",\"url\":\"https:\\\/\\\/iwell-guard.com\\\/wp-content\\\/uploads\\\/2026\\\/05\\\/geister_inuit_qailertetang.webp\",\"contentUrl\":\"https:\\\/\\\/iwell-guard.com\\\/wp-content\\\/uploads\\\/2026\\\/05\\\/geister_inuit_qailertetang.webp\",\"width\":1024,\"height\":1536,\"caption\":\"Andar \u00far in\u00fa\u00edta-hef\u00f0inni.\"},{\"@type\":\"BreadcrumbList\",\"@id\":\"https:\\\/\\\/iwell-guard.com\\\/is\\\/qailertetang-vedurfelagi-og-verndari-dyranna\\\/#breadcrumb\",\"itemListElement\":[{\"@type\":\"ListItem\",\"position\":1,\"name\":\"Start\",\"item\":\"https:\\\/\\\/iwell-guard.com\\\/is\\\/?page_id=168580\"},{\"@type\":\"ListItem\",\"position\":2,\"name\":\"Qailertetang &#8211; Ve\u00f0urf\u00e9lagi og verndari d\u00fdranna\"}]},{\"@type\":\"WebSite\",\"@id\":\"https:\\\/\\\/iwell-guard.com\\\/is\\\/#website\",\"url\":\"https:\\\/\\\/iwell-guard.com\\\/is\\\/\",\"name\":\"iWell Guard\",\"description\":\"Schutz vor dunklen Einfl\u00fcssen\",\"publisher\":{\"@id\":\"https:\\\/\\\/iwell-guard.com\\\/is\\\/#organization\"},\"potentialAction\":[{\"@type\":\"SearchAction\",\"target\":{\"@type\":\"EntryPoint\",\"urlTemplate\":\"https:\\\/\\\/iwell-guard.com\\\/is\\\/?s={search_term_string}\"},\"query-input\":{\"@type\":\"PropertyValueSpecification\",\"valueRequired\":true,\"valueName\":\"search_term_string\"}}],\"inLanguage\":\"is\"},{\"@type\":\"Organization\",\"@id\":\"https:\\\/\\\/iwell-guard.com\\\/is\\\/#organization\",\"name\":\"Ittermann electronic GmbH\",\"url\":\"https:\\\/\\\/iwell-guard.com\\\/is\\\/\",\"logo\":{\"@type\":\"ImageObject\",\"inLanguage\":\"is\",\"@id\":\"https:\\\/\\\/iwell-guard.com\\\/is\\\/#\\\/schema\\\/logo\\\/image\\\/\",\"url\":\"https:\\\/\\\/iwell-guard.com\\\/wp-content\\\/uploads\\\/2026\\\/05\\\/Ittermann-Logo-1182x237-1.png\",\"contentUrl\":\"https:\\\/\\\/iwell-guard.com\\\/wp-content\\\/uploads\\\/2026\\\/05\\\/Ittermann-Logo-1182x237-1.png\",\"width\":1182,\"height\":237,\"caption\":\"Ittermann electronic GmbH\"},\"image\":{\"@id\":\"https:\\\/\\\/iwell-guard.com\\\/is\\\/#\\\/schema\\\/logo\\\/image\\\/\"},\"sameAs\":[\"https:\\\/\\\/pantip.com\\\/profile\\\/9367242\",\"https:\\\/\\\/micro.blog\\\/iwellguard\",\"https:\\\/\\\/www.diggerslist.com\\\/iwellguard\\\/about\",\"https:\\\/\\\/skitterphoto.com\\\/photographers\\\/2870314\\\/iwell-guard\",\"https:\\\/\\\/iwellguard.wordpress.com\\\/2026\\\/06\\\/06\\\/iwell-guard\\\/\",\"https:\\\/\\\/hub.docker.com\\\/u\\\/iwellguard\",\"https:\\\/\\\/www.pinterest.com\\\/iwellguard\\\/\",\"https:\\\/\\\/bit.ly\\\/m\\\/iwellguard\",\"https:\\\/\\\/entre-vos-mains.alsace.eu\\\/profiles\\\/iwellguard\\\/activity\",\"https:\\\/\\\/gravatar.com\\\/reallybeded8fd34\",\"https:\\\/\\\/naijamatta.com\\\/iwellguard\",\"https:\\\/\\\/www.goodreads.com\\\/iwellguard\",\"https:\\\/\\\/profile.hatena.ne.jp\\\/iwellguard\\\/\",\"https:\\\/\\\/experiment.com\\\/users\\\/iwellguard\",\"https:\\\/\\\/wakelet.com\\\/@iWellGuard82270\",\"https:\\\/\\\/www.chordie.com\\\/forum\\\/profile.php?id=2555664\",\"https:\\\/\\\/www.instapaper.com\\\/p\\\/17757966\",\"https:\\\/\\\/www.mapleprimes.com\\\/users\\\/iwellguard\",\"https:\\\/\\\/businesslistingplus.com\\\/profile\\\/iwell-guard\\\/\",\"https:\\\/\\\/telegra.ph\\\/iWell-Guard-06-06\",\"https:\\\/\\\/pbase.com\\\/iwellguard\\\/iwellguard\",\"https:\\\/\\\/b.hatena.ne.jp\\\/iwellguard\\\/20260607#bookmark-4788405196491818882\",\"https:\\\/\\\/fliphtml5.com\\\/home\\\/iwellguard\",\"https:\\\/\\\/anyflip.com\\\/homepage\\\/cmiwl#About\",\"https:\\\/\\\/transfur.com\\\/Users\\\/iwellguard\",\"http:\\\/\\\/delphi.larsbo.org\\\/user\\\/iwellguard\",\"https:\\\/\\\/jobs.lajobsportal.org\\\/profiles\\\/8380803-iwell-guard\",\"https:\\\/\\\/md.chaosdorf.de\\\/s\\\/jfbe5SBdJD\",\"https:\\\/\\\/www.lingvolive.com\\\/en-us\\\/profile\\\/9ecaeaca-ce11-4e51-9e71-01d55e2bff36\\\/translations\",\"https:\\\/\\\/www.fitday.com\\\/fitness\\\/forums\\\/members\\\/iwellguard.html\",\"https:\\\/\\\/www.mymeetbook.com\\\/iwellguard\",\"https:\\\/\\\/pxhere.com\\\/en\\\/photographer-me\\\/5040798\",\"https:\\\/\\\/disqus.com\\\/by\\\/iwellguard\\\/about\\\/\",\"https:\\\/\\\/pastelink.net\\\/hjwciqwq\",\"https:\\\/\\\/pubhtml5.com\\\/homepage\\\/scjhn\\\/\",\"https:\\\/\\\/www.bitchute.com\\\/channel\\\/2O2eOKzNqujT\",\"https:\\\/\\\/audiomack.com\\\/iwellguard\"]}]}<\/script>\n<!-- \/ Yoast SEO Premium plugin. -->","yoast_head_json":{"title":"Qailertetang - ve\u00f0urandi og fylgikona Sednu","description":"Qailertetang er ve\u00f0urandinn og fylgikona Sednu og verndari d\u00fdranna hj\u00e1 Baffin-in\u00fa\u00edtum. Tr\u00faarbrag\u00f0afr\u00e6\u00f0ileg \u00fattekt og heimildir.","robots":{"index":"index","follow":"follow","max-snippet":"max-snippet:-1","max-image-preview":"max-image-preview:large","max-video-preview":"max-video-preview:-1"},"canonical":"https:\/\/iwell-guard.com\/is\/qailertetang-vedurfelagi-og-verndari-dyranna\/","og_locale":"is_IS","og_type":"article","og_title":"Qailertetang - Ve\u00f0urf\u00e9lagi og verndari d\u00fdranna","og_description":"Qailertetang er ve\u00f0urandinn og fylgikona Sednu og verndari d\u00fdranna hj\u00e1 Baffin-in\u00fa\u00edtum. Tr\u00faarbrag\u00f0afr\u00e6\u00f0ileg \u00fattekt og heimildir.","og_url":"https:\/\/iwell-guard.com\/is\/qailertetang-vedurfelagi-og-verndari-dyranna\/","og_site_name":"iWell Guard","article_modified_time":"2026-09-05T14:29:42+00:00","og_image":[{"width":1024,"height":1536,"url":"https:\/\/iwell-guard.com\/wp-content\/uploads\/2026\/05\/geister_inuit_qailertetang.webp","type":"image\/webp"}],"twitter_card":"summary_large_image","schema":{"@context":"https:\/\/schema.org","@graph":[{"@type":"WebPage","@id":"https:\/\/iwell-guard.com\/is\/qailertetang-vedurfelagi-og-verndari-dyranna\/","url":"https:\/\/iwell-guard.com\/is\/qailertetang-vedurfelagi-og-verndari-dyranna\/","name":"Qailertetang - ve\u00f0urandi og fylgikona Sednu","isPartOf":{"@id":"https:\/\/iwell-guard.com\/is\/#website"},"primaryImageOfPage":{"@id":"https:\/\/iwell-guard.com\/is\/qailertetang-vedurfelagi-og-verndari-dyranna\/#primaryimage"},"image":{"@id":"https:\/\/iwell-guard.com\/is\/qailertetang-vedurfelagi-og-verndari-dyranna\/#primaryimage"},"thumbnailUrl":"https:\/\/iwell-guard.com\/wp-content\/uploads\/2026\/05\/geister_inuit_qailertetang.webp","datePublished":"2026-09-05T14:04:47+00:00","dateModified":"2026-09-05T14:29:42+00:00","description":"Qailertetang er ve\u00f0urandinn og fylgikona Sednu og verndari d\u00fdranna hj\u00e1 Baffin-in\u00fa\u00edtum. Tr\u00faarbrag\u00f0afr\u00e6\u00f0ileg \u00fattekt og heimildir.","breadcrumb":{"@id":"https:\/\/iwell-guard.com\/is\/qailertetang-vedurfelagi-og-verndari-dyranna\/#breadcrumb"},"inLanguage":"is","potentialAction":[{"@type":"ReadAction","target":["https:\/\/iwell-guard.com\/is\/qailertetang-vedurfelagi-og-verndari-dyranna\/"]}]},{"@type":"ImageObject","inLanguage":"is","@id":"https:\/\/iwell-guard.com\/is\/qailertetang-vedurfelagi-og-verndari-dyranna\/#primaryimage","url":"https:\/\/iwell-guard.com\/wp-content\/uploads\/2026\/05\/geister_inuit_qailertetang.webp","contentUrl":"https:\/\/iwell-guard.com\/wp-content\/uploads\/2026\/05\/geister_inuit_qailertetang.webp","width":1024,"height":1536,"caption":"Andar \u00far in\u00fa\u00edta-hef\u00f0inni."},{"@type":"BreadcrumbList","@id":"https:\/\/iwell-guard.com\/is\/qailertetang-vedurfelagi-og-verndari-dyranna\/#breadcrumb","itemListElement":[{"@type":"ListItem","position":1,"name":"Start","item":"https:\/\/iwell-guard.com\/is\/?page_id=168580"},{"@type":"ListItem","position":2,"name":"Qailertetang &#8211; Ve\u00f0urf\u00e9lagi og verndari d\u00fdranna"}]},{"@type":"WebSite","@id":"https:\/\/iwell-guard.com\/is\/#website","url":"https:\/\/iwell-guard.com\/is\/","name":"iWell Guard","description":"Schutz vor dunklen Einfl\u00fcssen","publisher":{"@id":"https:\/\/iwell-guard.com\/is\/#organization"},"potentialAction":[{"@type":"SearchAction","target":{"@type":"EntryPoint","urlTemplate":"https:\/\/iwell-guard.com\/is\/?s={search_term_string}"},"query-input":{"@type":"PropertyValueSpecification","valueRequired":true,"valueName":"search_term_string"}}],"inLanguage":"is"},{"@type":"Organization","@id":"https:\/\/iwell-guard.com\/is\/#organization","name":"Ittermann electronic GmbH","url":"https:\/\/iwell-guard.com\/is\/","logo":{"@type":"ImageObject","inLanguage":"is","@id":"https:\/\/iwell-guard.com\/is\/#\/schema\/logo\/image\/","url":"https:\/\/iwell-guard.com\/wp-content\/uploads\/2026\/05\/Ittermann-Logo-1182x237-1.png","contentUrl":"https:\/\/iwell-guard.com\/wp-content\/uploads\/2026\/05\/Ittermann-Logo-1182x237-1.png","width":1182,"height":237,"caption":"Ittermann electronic GmbH"},"image":{"@id":"https:\/\/iwell-guard.com\/is\/#\/schema\/logo\/image\/"},"sameAs":["https:\/\/pantip.com\/profile\/9367242","https:\/\/micro.blog\/iwellguard","https:\/\/www.diggerslist.com\/iwellguard\/about","https:\/\/skitterphoto.com\/photographers\/2870314\/iwell-guard","https:\/\/iwellguard.wordpress.com\/2026\/06\/06\/iwell-guard\/","https:\/\/hub.docker.com\/u\/iwellguard","https:\/\/www.pinterest.com\/iwellguard\/","https:\/\/bit.ly\/m\/iwellguard","https:\/\/entre-vos-mains.alsace.eu\/profiles\/iwellguard\/activity","https:\/\/gravatar.com\/reallybeded8fd34","https:\/\/naijamatta.com\/iwellguard","https:\/\/www.goodreads.com\/iwellguard","https:\/\/profile.hatena.ne.jp\/iwellguard\/","https:\/\/experiment.com\/users\/iwellguard","https:\/\/wakelet.com\/@iWellGuard82270","https:\/\/www.chordie.com\/forum\/profile.php?id=2555664","https:\/\/www.instapaper.com\/p\/17757966","https:\/\/www.mapleprimes.com\/users\/iwellguard","https:\/\/businesslistingplus.com\/profile\/iwell-guard\/","https:\/\/telegra.ph\/iWell-Guard-06-06","https:\/\/pbase.com\/iwellguard\/iwellguard","https:\/\/b.hatena.ne.jp\/iwellguard\/20260607#bookmark-4788405196491818882","https:\/\/fliphtml5.com\/home\/iwellguard","https:\/\/anyflip.com\/homepage\/cmiwl#About","https:\/\/transfur.com\/Users\/iwellguard","http:\/\/delphi.larsbo.org\/user\/iwellguard","https:\/\/jobs.lajobsportal.org\/profiles\/8380803-iwell-guard","https:\/\/md.chaosdorf.de\/s\/jfbe5SBdJD","https:\/\/www.lingvolive.com\/en-us\/profile\/9ecaeaca-ce11-4e51-9e71-01d55e2bff36\/translations","https:\/\/www.fitday.com\/fitness\/forums\/members\/iwellguard.html","https:\/\/www.mymeetbook.com\/iwellguard","https:\/\/pxhere.com\/en\/photographer-me\/5040798","https:\/\/disqus.com\/by\/iwellguard\/about\/","https:\/\/pastelink.net\/hjwciqwq","https:\/\/pubhtml5.com\/homepage\/scjhn\/","https:\/\/www.bitchute.com\/channel\/2O2eOKzNqujT","https:\/\/audiomack.com\/iwellguard"]}]}},"_links":{"self":[{"href":"https:\/\/iwell-guard.com\/is\/wp-json\/wp\/v2\/pages\/169008","targetHints":{"allow":["GET"]}}],"collection":[{"href":"https:\/\/iwell-guard.com\/is\/wp-json\/wp\/v2\/pages"}],"about":[{"href":"https:\/\/iwell-guard.com\/is\/wp-json\/wp\/v2\/types\/page"}],"author":[{"embeddable":true,"href":"https:\/\/iwell-guard.com\/is\/wp-json\/wp\/v2\/users\/3"}],"replies":[{"embeddable":true,"href":"https:\/\/iwell-guard.com\/is\/wp-json\/wp\/v2\/comments?post=169008"}],"version-history":[{"count":0,"href":"https:\/\/iwell-guard.com\/is\/wp-json\/wp\/v2\/pages\/169008\/revisions"}],"wp:featuredmedia":[{"embeddable":true,"href":"https:\/\/iwell-guard.com\/is\/wp-json\/wp\/v2\/media\/2878"}],"wp:attachment":[{"href":"https:\/\/iwell-guard.com\/is\/wp-json\/wp\/v2\/media?parent=169008"}],"wp:term":[{"taxonomy":"category","embeddable":true,"href":"https:\/\/iwell-guard.com\/is\/wp-json\/wp\/v2\/categories?post=169008"}],"curies":[{"name":"wp","href":"https:\/\/api.w.org\/{rel}","templated":true}]}}