{"id":169007,"date":"2026-09-05T14:04:47","date_gmt":"2026-09-05T14:04:47","guid":{"rendered":"https:\/\/iwell-guard.com\/?page_id=169007"},"modified":"2026-09-05T14:29:41","modified_gmt":"2026-09-05T14:29:41","slug":"malina-solargydja-inuita","status":"publish","type":"page","link":"https:\/\/iwell-guard.com\/is\/malina-solargydja-inuita\/","title":{"rendered":"Malina &#8211; s\u00f3largy\u00f0ja In\u00fa\u00edta"},"content":{"rendered":"\t\t<div data-elementor-type=\"wp-page\" data-elementor-id=\"169007\" class=\"elementor elementor-169007 elementor-2662 elementor-bc-flex-widget\" data-elementor-post-type=\"page\">\n\t\t\t\t<div class=\"elementor-element elementor-element-iwgw-malinainui-hero e-flex e-con-boxed e-con e-parent\" data-id=\"iwgw-malinainui-hero\" data-element_type=\"container\" data-e-type=\"container\" data-settings=\"{&quot;background_background&quot;:&quot;classic&quot;}\">\n\t\t\t\t\t<div class=\"e-con-inner\">\n\t\t<div class=\"elementor-element elementor-element-iwgw-malinainui-hl e-flex e-con-boxed e-con e-child\" data-id=\"iwgw-malinainui-hl\" data-element_type=\"container\" data-e-type=\"container\">\n\t\t\t\t\t<div class=\"e-con-inner\">\n\t\t<div class=\"elementor-element elementor-element-iwgw-malinainui-htxt e-con-full e-flex e-con e-child\" data-id=\"iwgw-malinainui-htxt\" data-element_type=\"container\" data-e-type=\"container\">\n\t\t\t\t<div class=\"elementor-element elementor-element-iwgw-malinainui-h1 elementor-widget elementor-widget-heading\" data-id=\"iwgw-malinainui-h1\" data-element_type=\"widget\" data-e-type=\"widget\" data-widget_type=\"heading.default\">\n\t\t\t\t\t<h1 class=\"elementor-heading-title elementor-size-default\">Malina - s\u00f3largy\u00f0ja og systir tunglsins \u00ed hef\u00f0 In\u00fa\u00edta<\/h1>\t\t\t\t<\/div>\n\t\t\t\t<div class=\"elementor-element elementor-element-iwgw-malinainui-lead elementor-widget elementor-widget-text-editor\" data-id=\"iwgw-malinainui-lead\" data-element_type=\"widget\" data-e-type=\"widget\" data-widget_type=\"text-editor.default\">\n\t\t\t\t\t\t\t\t\t<p>Malina er \u00ed hef\u00f0 mi\u00f0-heimskautasv\u00e6\u00f0is <a href=\"https:\/\/iwell-guard.com\/is\/inuit-og-nordurslodir-sedna-tornit\/\">In\u00fa\u00edta<\/a> s\u00f3largy\u00f0jan, systir tunglsins <a href=\"https:\/\/iwell-guard.com\/is\/?page_id=169006\">Igaluk<\/a> og a\u00f0alpers\u00f3na \u00ed einni af meginhef\u00f0um In\u00fa\u00edta. Fl\u00f3tti hennar undan br\u00f3\u00f0ur s\u00ednum \u00fatsk\u00fdrir a\u00f0skilna\u00f0 dags og n\u00e6tur. Fr\u00e1 tr\u00faarbrag\u00f0afr\u00e6\u00f0ilegu sj\u00f3narhorni er h\u00fan hin d\u00e6miger\u00f0a kvenkyns s\u00f3largy\u00f0ja \u00e1 nor\u00f0urskautssv\u00e6\u00f0inu.<\/p>\t\t\t\t\t\t\t\t<\/div>\n\t\t\t\t<\/div>\n\t\t<div class=\"elementor-element elementor-element-iwgw-malinainui-pillc e-con-full e-flex e-con e-child\" data-id=\"iwgw-malinainui-pillc\" data-element_type=\"container\" data-e-type=\"container\">\n\t\t\t\t<div class=\"elementor-element elementor-element-iwgw-malinainui-pills elementor-widget elementor-widget-html\" data-id=\"iwgw-malinainui-pills\" data-element_type=\"widget\" data-e-type=\"widget\" data-widget_type=\"html.default\">\n\t\t\t\t\t<div class=\"iwg-pill-row\"><span class=\"iwg-klasse-badge\" tabindex=\"0\" data-tooltip=\"Gy\u00f0ja \u00ed hef\u00f0 In\u00fa\u00edta.\">Gy\u00f0ja<\/span><a href=\"https:\/\/iwell-guard.com\/is\/inuit-og-nordurslodir-sedna-tornit\/\" class=\"iwg-kultur-badge\" tabindex=\"0\" data-tooltip=\"Go\u00f0afr\u00e6\u00f0i hef\u00f0ar In\u00fa\u00edta.\">In\u00fa\u00edtar<\/a><span class=\"iwg-tradition-badge\" tabindex=\"0\" data-tooltip=\"S\u00f3largy\u00f0ja.\">S\u00f3largy\u00f0ja<\/span><\/div>\t\t\t\t<\/div>\n\t\t\t\t<\/div>\n\t\t<div class=\"elementor-element elementor-element-iwgw-malinainui-tocc e-con-full e-flex e-con e-child\" data-id=\"iwgw-malinainui-tocc\" data-element_type=\"container\" data-e-type=\"container\">\n\t\t\t\t<div class=\"elementor-element elementor-element-iwgw-malinainui-toc elementor-toc--minimized-on-tablet elementor-widget elementor-widget-table-of-contents\" data-id=\"iwgw-malinainui-toc\" data-element_type=\"widget\" data-e-type=\"widget\" data-settings=\"{&quot;headings_by_tags&quot;:[&quot;h2&quot;,&quot;h3&quot;],&quot;minimize_box&quot;:&quot;yes&quot;,&quot;marker_view&quot;:&quot;bullets&quot;,&quot;no_headings_message&quot;:&quot;Engar undirfyrirsagnir fundust \\u00e1 \\u00feessari s\\u00ed\\u00f0u.&quot;,&quot;exclude_headings_by_selector&quot;:[],&quot;icon&quot;:{&quot;value&quot;:&quot;fas fa-circle&quot;,&quot;library&quot;:&quot;fa-solid&quot;,&quot;rendered_tag&quot;:&quot;&lt;svg class=\\&quot;e-font-icon-svg e-fas-circle\\&quot; viewBox=\\&quot;0 0 512 512\\&quot; xmlns=\\&quot;http:\\\/\\\/www.w3.org\\\/2000\\\/svg\\&quot;&gt;&lt;path d=\\&quot;M256 8C119 8 8 119 8 256s111 248 248 248 248-111 248-248S393 8 256 8z\\&quot;&gt;&lt;\\\/path&gt;&lt;\\\/svg&gt;&quot;},&quot;minimized_on&quot;:&quot;tablet&quot;,&quot;hierarchical_view&quot;:&quot;yes&quot;,&quot;min_height&quot;:{&quot;unit&quot;:&quot;px&quot;,&quot;size&quot;:&quot;&quot;,&quot;sizes&quot;:[]},&quot;min_height_tablet&quot;:{&quot;unit&quot;:&quot;px&quot;,&quot;size&quot;:&quot;&quot;,&quot;sizes&quot;:[]},&quot;min_height_mobile&quot;:{&quot;unit&quot;:&quot;px&quot;,&quot;size&quot;:&quot;&quot;,&quot;sizes&quot;:[]}}\" data-widget_type=\"table-of-contents.default\">\n\t\t\t\t\t\t\t\t\t<div class=\"elementor-toc__header\">\n\t\t\t\t\t\t<h2 class=\"elementor-toc__header-title\">\n\t\t\t\tEfnisyfirlit\t\t\t<\/h2>\n\t\t\t\t\t\t\t\t\t\t<div class=\"elementor-toc__toggle-button elementor-toc__toggle-button--expand\" role=\"button\" tabindex=\"0\" aria-controls=\"elementor-toc__iwgw-malinainui-toc\" aria-expanded=\"true\" aria-label=\"Open table of contents\"><svg aria-hidden=\"true\" class=\"e-font-icon-svg e-fas-chevron-down\" viewBox=\"0 0 448 512\" xmlns=\"http:\/\/www.w3.org\/2000\/svg\"><path d=\"M207.029 381.476L12.686 187.132c-9.373-9.373-9.373-24.569 0-33.941l22.667-22.667c9.357-9.357 24.522-9.375 33.901-.04L224 284.505l154.745-154.021c9.379-9.335 24.544-9.317 33.901.04l22.667 22.667c9.373 9.373 9.373 24.569 0 33.941L240.971 381.476c-9.373 9.372-24.569 9.372-33.942 0z\"><\/path><\/svg><\/div>\n\t\t\t\t<div class=\"elementor-toc__toggle-button elementor-toc__toggle-button--collapse\" role=\"button\" tabindex=\"0\" aria-controls=\"elementor-toc__iwgw-malinainui-toc\" aria-expanded=\"true\" aria-label=\"Close table of contents\"><svg aria-hidden=\"true\" class=\"e-font-icon-svg e-fas-chevron-up\" viewBox=\"0 0 448 512\" xmlns=\"http:\/\/www.w3.org\/2000\/svg\"><path d=\"M240.971 130.524l194.343 194.343c9.373 9.373 9.373 24.569 0 33.941l-22.667 22.667c-9.357 9.357-24.522 9.375-33.901.04L224 227.495 69.255 381.516c-9.379 9.335-24.544 9.317-33.901-.04l-22.667-22.667c-9.373-9.373-9.373-24.569 0-33.941L207.03 130.525c9.372-9.373 24.568-9.373 33.941-.001z\"><\/path><\/svg><\/div>\n\t\t\t\t\t<\/div>\n\t\t\t\t<div id=\"elementor-toc__iwgw-malinainui-toc\" class=\"elementor-toc__body\">\n\t\t\t<div class=\"elementor-toc__spinner-container\">\n\t\t\t\t<svg class=\"elementor-toc__spinner eicon-animation-spin e-font-icon-svg e-eicon-loading\" aria-hidden=\"true\" viewBox=\"0 0 1000 1000\" xmlns=\"http:\/\/www.w3.org\/2000\/svg\"><path d=\"M500 975V858C696 858 858 696 858 500S696 142 500 142 142 304 142 500H25C25 237 238 25 500 25S975 237 975 500 763 975 500 975Z\"><\/path><\/svg>\t\t\t<\/div>\n\t\t<\/div>\n\t\t\t\t\t\t<\/div>\n\t\t\t\t<\/div>\n\t\t\t\t\t<\/div>\n\t\t\t\t<\/div>\n\t\t<div class=\"elementor-element elementor-element-iwgw-malinainui-hr e-con-full e-flex e-con e-child\" data-id=\"iwgw-malinainui-hr\" data-element_type=\"container\" data-e-type=\"container\">\n\t\t\t\t<div class=\"elementor-element elementor-element-iwgw-malinainui-heroimg iwg-hero-image elementor-widget elementor-widget-image\" data-id=\"iwgw-malinainui-heroimg\" data-element_type=\"widget\" data-e-type=\"widget\" data-widget_type=\"image.default\">\n\t\t\t\t\t\t\t\t\t\t\t\t\t\t\t<img fetchpriority=\"high\" decoding=\"async\" width=\"683\" height=\"1024\" src=\"https:\/\/iwell-guard.com\/wp-content\/uploads\/2026\/05\/goetter_inuit_malina-inuit-683x1024.webp\" class=\"attachment-large size-large wp-image-170774\" alt=\"Malina In\u00fa\u00edt - gu\u00f0ir \u00far in\u00fa\u00edt-hef\u00f0inni, s\u00f6gulega myndskreytt\" srcset=\"https:\/\/iwell-guard.com\/wp-content\/uploads\/2026\/05\/goetter_inuit_malina-inuit-683x1024.webp 683w, https:\/\/iwell-guard.com\/wp-content\/uploads\/2026\/05\/goetter_inuit_malina-inuit-200x300.webp 200w, https:\/\/iwell-guard.com\/wp-content\/uploads\/2026\/05\/goetter_inuit_malina-inuit-768x1152.webp 768w, https:\/\/iwell-guard.com\/wp-content\/uploads\/2026\/05\/goetter_inuit_malina-inuit.webp 1024w\" sizes=\"(max-width: 683px) 100vw, 683px\" \/>\t\t\t\t\t\t\t\t\t\t\t\t\t\t\t<\/div>\n\t\t\t\t<\/div>\n\t\t\t\t\t<\/div>\n\t\t\t\t<\/div>\n\t\t\t\t<section class=\"elementor-section elementor-top-section elementor-element elementor-element-sec-iwgcomp-malina-inuit elementor-section-boxed elementor-section-height-default elementor-section-height-default\" data-id=\"sec-iwgcomp-malina-inuit\" data-element_type=\"section\" data-e-type=\"section\">\n\t\t\t\t\t\t<div class=\"elementor-container elementor-column-gap-default\">\n\t\t\t\t\t<div class=\"elementor-column elementor-col-100 elementor-top-column elementor-element elementor-element-col-iwgcomp-malina-inuit\" data-id=\"col-iwgcomp-malina-inuit\" data-element_type=\"column\" data-e-type=\"column\">\n\t\t\t<div class=\"elementor-widget-wrap elementor-element-populated\">\n\t\t\t\t\t\t<div class=\"elementor-element elementor-element-iwgcomp-malina-inuit elementor-widget elementor-widget-text-editor\" data-id=\"iwgcomp-malina-inuit\" data-element_type=\"widget\" data-e-type=\"widget\" data-widget_type=\"text-editor.default\">\n\t\t\t\t\t\t\t\t\t<p>Malina er <strong>s\u00f3largy\u00f0ja In\u00fa\u00edta<\/strong> og systir tunglgu\u00f0sins Igaluks \u00ed hinni nor\u00f0urskautslegu <span class=\"iwg-fachbegriff\" data-tooltip=\"Heildarsafn var\u00f0veittra go\u00f0sagna sem tengjast gu\u00f0um \u00ed \u00e1kve\u00f0inni menningu.\" tabindex=\"0\">go\u00f0afr\u00e6\u00f0i<\/span>.<\/p>\t\t\t\t\t\t\t\t<\/div>\n\t\t\t\t\t<\/div>\n\t\t<\/div>\n\t\t\t\t\t<\/div>\n\t\t<\/section>\n\t\t<div class=\"elementor-element elementor-element-iwgw-malinainui-s0 e-flex e-con-boxed e-con e-parent\" data-id=\"iwgw-malinainui-s0\" data-element_type=\"container\" data-e-type=\"container\">\n\t\t\t\t\t<div class=\"e-con-inner\">\n\t\t\t\t<div class=\"elementor-element elementor-element-iwgw-malinainui-s0h elementor-widget elementor-widget-heading\" data-id=\"iwgw-malinainui-s0h\" data-element_type=\"widget\" data-e-type=\"widget\" data-widget_type=\"heading.default\">\n\t\t\t\t\t<h2 class=\"elementor-heading-title elementor-size-default\">Greining og skammrit<\/h2>\t\t\t\t<\/div>\n\t\t<div class=\"elementor-element elementor-element-iwgw-malinainui-s0c e-con-full e-flex e-con e-child\" data-id=\"iwgw-malinainui-s0c\" data-element_type=\"container\" data-e-type=\"container\">\n\t\t\t\t<div class=\"elementor-element elementor-element-iwgw-malinainui-s0t elementor-widget elementor-widget-text-editor\" data-id=\"iwgw-malinainui-s0t\" data-element_type=\"widget\" data-e-type=\"widget\" data-widget_type=\"text-editor.default\">\n\t\t\t\t\t\t\t\t\t<p>Malina er \u00ed <span class=\"iwg-fachbegriff\" data-tooltip=\"Heildarsafn gu\u00f0a \u00ed tr\u00faarbr\u00f6g\u00f0um e\u00f0a menningu.\" tabindex=\"0\">go\u00f0aheimi<\/span> In\u00fa\u00edta s\u00f3lin \u00ed pers\u00f3nuger\u00f0ri kvenlegri mynd. Tr\u00faarbrag\u00f0afr\u00e6\u00f0ilega er athyglisvert a\u00f0 hef\u00f0 In\u00fa\u00edta, l\u00edkt og flestar hef\u00f0ir \u00e1 nor\u00f0urskautssv\u00e6\u00f0inu og \u00ed Nor\u00f0ur-Evr\u00f3pu, hugsar s\u00f3lina sem kvenkyns og tungli\u00f0 sem karlkyns, \u00f3l\u00edkt m\u00f6rgum Mi\u00f0jar\u00f0arhafshef\u00f0um \u00fear sem \u00feessu er \u00f6fugt fari\u00f0. \u00deessi kynjaskipting er mikilv\u00e6gt einkenni \u00ed samanbur\u00f0arranns\u00f3knum \u00e1 tr\u00faarbr\u00f6g\u00f0um.<\/p><p>Malina er ekki sj\u00e1lfst\u00e6\u00f0, \u00f3h\u00e1\u00f0 <span class=\"iwg-fachbegriff\" data-tooltip=\"Vera sem d\u00fdrku\u00f0 er sem gu\u00f0leg innan tr\u00faarbrag\u00f0a.\" tabindex=\"0\">go\u00f0vera<\/span>, heldur er h\u00fan \u00e1vallt nefnd \u00ed tengslum vi\u00f0 <span class=\"iwg-fachbegriff\" data-tooltip=\"Var\u00f0veitt fr\u00e1s\u00f6gn um gu\u00f0i, uppruna og skipan heimsins.\" tabindex=\"0\">go\u00f0s\u00f6gnina<\/span> um br\u00f3\u00f0ur hennar Igaluk. Fl\u00f3tti hennar upp \u00e1 himininn og st\u00f6\u00f0ug eftirf\u00f6r Igaluks skapa d\u00e6gursveifluna og \u00fear me\u00f0 grunnskipan t\u00edmans. \u00deessi fr\u00e1sagnarlega tenging vi\u00f0 Igaluk er, fr\u00e1 sj\u00f3narh\u00f3li tr\u00faarbrag\u00f0afyrirb\u00e6rafr\u00e6\u00f0i, sj\u00e1lfst\u00e6tt fyrirb\u00e6ri.<\/p><p>\u00der\u00e1tt fyrir \u00feessa fr\u00e1sagnarlegu tengingu hefur Malina eigin tr\u00faarleg hlutverk, s\u00e9rstaklega \u00e1 svi\u00f0i kvennaathafna, hreinleika, f\u00e6\u00f0inga og vetrarins kalda, sem endar me\u00f0 endurkomu hennar eftir heimskautan\u00f3ttina. Tr\u00faarleg \u00fe\u00fd\u00f0ing hennar er n\u00e1tengd hringr\u00e1s \u00e1rst\u00ed\u00f0anna \u00e1 nor\u00f0urskautssv\u00e6\u00f0inu og gerir hana a\u00f0 lykilpers\u00f3nu \u00ed hringlaga t\u00edmaskilningi In\u00fa\u00edta.<\/p><p>S\u00f3largy\u00f0jan Malina, sem \u00e1vallt er var\u00f0veitt \u00ed tengslum vi\u00f0 <span class=\"iwg-fachbegriff\" data-tooltip=\"Var\u00f0veitt fr\u00e1s\u00f6gn um gu\u00f0i, uppruna og skipan heimsins.\" tabindex=\"0\">go\u00f0s\u00f6gnina<\/span> um br\u00f3\u00f0ur hennar Igaluk, hefur veri\u00f0 ranns\u00f6ku\u00f0 af yngri fr\u00e6\u00f0im\u00f6nnum me\u00f0 v\u00ed\u00f0t\u00e6kari a\u00f0fer\u00f0afr\u00e6\u00f0ilegum lei\u00f0um sem sameina \u00fej\u00f3\u00f0fr\u00e6\u00f0ilega n\u00e1kv\u00e6mni, m\u00e1lfarslega heimildagagnr\u00fdni og samanbur\u00f0arsj\u00f3narhorn. \u00cd dag er \u00feekkingarsamf\u00e9lag In\u00fa\u00edta sj\u00e1lft hluti af \u00feessum ranns\u00f3knum og lei\u00f0r\u00e9ttir eldri, a\u00f0 hluta til n\u00fdlendulita\u00f0ar, vestr\u00e6nar t\u00falkanir.<\/p><p>A\u00f0 auki varpar tr\u00faarbrag\u00f0aslegfr\u00e6\u00f0ileg spurningin um hlutverk Malinu \u00ed f\u00e9lagslegri skipan hins hef\u00f0bundna samf\u00e9lags In\u00fa\u00edta lj\u00f3si \u00e1 m\u00e1li\u00f0. \u00dear sem tr\u00faarleg \u00fe\u00fd\u00f0ing hennar var bundin kvennaath\u00f6fnum, f\u00e6\u00f0ingum og \u00e1rst\u00ed\u00f0ahringnum, s\u00fdnir d\u00e6mi hennar a\u00f0 tr\u00faarleg uppbygging var ekki a\u00f0skilin fr\u00e1 f\u00e9lagslegri i\u00f0kun heldur n\u00e1tengd henni.<\/p><p>\u00deessi samtvinnun myndar s\u00e9rstakt fr\u00e6\u00f0asvi\u00f0 innan tr\u00faarbrag\u00f0aanthrop\u00f3l\u00f3g\u00edu sem s\u00e9rstaklega Fr\u00e9d\u00e9ric Laugrand og Jarich Oosten hafa rannsaka\u00f0 me\u00f0 kerfisbundnum h\u00e6tti.<\/p>\t\t\t\t\t\t\t\t<\/div>\n\t\t\t\t<\/div>\n\t\t\t\t\t<\/div>\n\t\t\t\t<\/div>\n\t\t<div class=\"elementor-element elementor-element-iwgw-malinainui-s1 e-flex e-con-boxed e-con e-parent\" data-id=\"iwgw-malinainui-s1\" data-element_type=\"container\" data-e-type=\"container\">\n\t\t\t\t\t<div class=\"e-con-inner\">\n\t\t\t\t<div class=\"elementor-element elementor-element-iwgw-malinainui-s1h elementor-widget elementor-widget-heading\" data-id=\"iwgw-malinainui-s1h\" data-element_type=\"widget\" data-e-type=\"widget\" data-widget_type=\"heading.default\">\n\t\t\t\t\t<h2 class=\"elementor-heading-title elementor-size-default\">Nafn og or\u00f0sifjar<\/h2>\t\t\t\t<\/div>\n\t\t<div class=\"elementor-element elementor-element-iwgw-malinainui-s1c e-con-full e-flex e-con e-child\" data-id=\"iwgw-malinainui-s1c\" data-element_type=\"container\" data-e-type=\"container\">\n\t\t\t\t<div class=\"elementor-element elementor-element-iwgw-malinainui-s1t elementor-widget elementor-widget-text-editor\" data-id=\"iwgw-malinainui-s1t\" data-element_type=\"widget\" data-e-type=\"widget\" data-widget_type=\"text-editor.default\">\n\t\t\t\t\t\t\t\t\t<p>Nafni\u00f0 Malina er algengast \u00ed vesturgr\u00e6nlenskri m\u00e1ll\u00fdsku. Uppruni or\u00f0sins er ekki fullkomlega lj\u00f3s, en \u00fea\u00f0 g\u00e6ti tengst stofninum <em>mali\u014b\u014buq<\/em>, sem v\u00edsar til \u00feess a\u00f0 elta e\u00f0a veita eftirf\u00f6r. V\u00edsindalega fellur \u00feetta vel a\u00f0 fr\u00e1s\u00f6gninni, \u00fear sem eftirf\u00f6rin sj\u00e1lf er mi\u00f0l\u00e6gt <span class=\"iwg-fachbegriff\" data-tooltip=\"Endurteki\u00f0 efnisatri\u00f0i \u00ed list e\u00f0a fr\u00e1s\u00f6gn.\" tabindex=\"0\">minni<\/span> (mot\u00edf).<\/p><p>\u00d6nnur heiti s\u00f3larinnar \u00ed in\u00fa\u00edtam\u00e1lum eru <em>seqineq<\/em>, <em>siqiniq<\/em> e\u00f0a <em>siqinniq<\/em>. \u00deessi heiti v\u00edsa \u00fe\u00f3 fyrst og fremst til himinhlutarins sj\u00e1lfs, ekki til hinnar pers\u00f3nuger\u00f0u gy\u00f0ju. \u00deessi munur skiptir v\u00edsindalega m\u00e1li: ekki s\u00e9rhvert s\u00f3larheiti ber hina gu\u00f0fr\u00e6\u00f0ilegu v\u00eddd Malinu. A\u00f0g\u00e1t \u00ed heimildavinnu er h\u00e9r lykilatri\u00f0i.<\/p><p>\u00c1 Iglulik-sv\u00e6\u00f0inu kemur fram myndin Akycha e\u00f0a Malik, \u00e1 Austur-Gr\u00e6nlandi Naajaa. \u00deessi sv\u00e6\u00f0isbundni breytileiki endurspeglar hinn almenna m\u00e1lfarslega fj\u00f6lbreytileika in\u00fa\u00edtaheimsins og ber a\u00f0 hafa \u00ed huga vi\u00f0 v\u00edsindalega \u00farvinnslu. Kerfisbundin m\u00e1lfarsleg samantekt er enn \u00f3ger\u00f0.<\/p><p>\u00cd samanbur\u00f0ar-<span class=\"iwg-fachbegriff\" data-tooltip=\"Fr\u00e6\u00f0igrein sem rannsakar tr\u00faarbr\u00f6g\u00f0 me\u00f0 samanbur\u00f0i og \u00e1n tr\u00faarlegrar afst\u00f6\u00f0u.\" tabindex=\"0\">tr\u00faarbrag\u00f0afr\u00e6\u00f0i<\/span> fellur Malina inn \u00ed mynstur hinnar hringskautsl\u00e6gu tr\u00faarlegu landslagsger\u00f0ar, sem heldur s\u00e9r me\u00f0 \u00f3tr\u00falega st\u00f6\u00f0ugri ger\u00f0 yfir \u00fe\u00fasundir k\u00edl\u00f3metra. \u00deessi byggingarlega st\u00f6\u00f0ugleiki telst me\u00f0al athyglisver\u00f0ustu ni\u00f0ursta\u00f0na tr\u00faarbrag\u00f0afyrirb\u00e6rafr\u00e6\u00f0innar og er enn til umr\u00e6\u00f0u \u00ed dag.<\/p>\t\t\t\t\t\t\t\t<\/div>\n\t\t\t\t<\/div>\n\t\t\t\t\t<\/div>\n\t\t\t\t<\/div>\n\t\t<div class=\"elementor-element elementor-element-iwgw-malinainui-s2 e-flex e-con-boxed e-con e-parent\" data-id=\"iwgw-malinainui-s2\" data-element_type=\"container\" data-e-type=\"container\">\n\t\t\t\t\t<div class=\"e-con-inner\">\n\t\t\t\t<div class=\"elementor-element elementor-element-iwgw-malinainui-s2h elementor-widget elementor-widget-heading\" data-id=\"iwgw-malinainui-s2h\" data-element_type=\"widget\" data-e-type=\"widget\" data-widget_type=\"heading.default\">\n\t\t\t\t\t<h2 class=\"elementor-heading-title elementor-size-default\">Sifjaspells-fl\u00f3ttago\u00f0s\u00f6gnin<\/h2>\t\t\t\t<\/div>\n\t\t<div class=\"elementor-element elementor-element-iwgw-malinainui-s2c e-con-full e-flex e-con e-child\" data-id=\"iwgw-malinainui-s2c\" data-element_type=\"container\" data-e-type=\"container\">\n\t\t\t\t<div class=\"elementor-element elementor-element-iwgw-malinainui-s2t elementor-widget elementor-widget-text-editor\" data-id=\"iwgw-malinainui-s2t\" data-element_type=\"widget\" data-e-type=\"widget\" data-widget_type=\"text-editor.default\">\n\t\t\t\t\t\t\t\t\t<p>Meginm\u00fdtan um Malina er samhlj\u00f3\u00f0a Igaluk-<span class=\"iwg-fachbegriff\" data-tooltip=\"Munnm\u00e6las\u00f6gn um gu\u00f0i, uppruna og skipan heimsins.\" tabindex=\"0\">go\u00f0s\u00f6gninni<\/span> og hefur \u00feegar veri\u00f0 l\u00fdst \u00fear. \u00dat fr\u00e1 sj\u00f3narhorni Malinu er h\u00fan saga um sj\u00e1lfst\u00e6\u00f0i kvenna og sk\u00f6pun heimsskipulags me\u00f0 eigin fl\u00f3tta. \u00deetta sj\u00f3narhorn er v\u00edsindalega gagnlegt og hefur veri\u00f0 sett fram me\u00f0 sk\u00fdrum h\u00e6tti af Birgitte Sonne og Pamela Stern.<\/p><p>Malina merkir br\u00f3\u00f0ur sinn me\u00f0 s\u00f3ti, \u00feekkir hann, sker af s\u00e9r brj\u00f3stin af sk\u00f6mm, kastar \u00feeim til hans og fl\u00fdr me\u00f0 bjartan blys upp \u00e1 himinn. Lj\u00f3mi hennar ver\u00f0ur meiri en br\u00f3\u00f0ur hennar, \u00fev\u00ed h\u00fan fl\u00fa\u00f0i fyrst og n\u00e1\u00f0i bjartari blysinu. Igaluk fylgir henni en dregst aftur \u00far.<\/p><p>V\u00edsindalega s\u00e9\u00f0 er \u00feessi saga ekki \u00f3virk <span class=\"iwg-fachbegriff\" data-tooltip=\"Gj\u00f6f til gu\u00f0s til a\u00f0 tj\u00e1 \u00fe\u00f6kk, b\u00e6n e\u00f0a lotningu.\" tabindex=\"0\">f\u00f3rnar<\/span>-fr\u00e1s\u00f6gn, heldur ath\u00f6fn: Malina hefst handa me\u00f0 \u00fev\u00ed a\u00f0 merkja sig sj\u00e1lf, me\u00f0 \u00fev\u00ed a\u00f0 skera af s\u00e9r brj\u00f3stin, me\u00f0 \u00fev\u00ed a\u00f0 fl\u00fdja. H\u00fan ver\u00f0ur s\u00f3lin fyrir eigin frumkv\u00e6\u00f0i, ekki fyrir gu\u00f0lega \u00edhlutun. \u00deessi virki \u00fe\u00e1ttur er s\u00e9rstaklega athyglisver\u00f0ur \u00ed tr\u00faarbrag\u00f0afyrirb\u00e6rafr\u00e6\u00f0inni og a\u00f0greinir go\u00f0s\u00f6gnina fr\u00e1 hreinum f\u00f3rnarmi\u00f0u\u00f0um s\u00f3largo\u00f0s\u00f6gnum.<\/p>\t\t\t\t\t\t\t\t<\/div>\n\t\t\t\t<\/div>\n\t\t\t\t\t<\/div>\n\t\t\t\t<\/div>\n\t\t<div class=\"elementor-element elementor-element-iwgw-malinainui-s3 e-flex e-con-boxed e-con e-parent\" data-id=\"iwgw-malinainui-s3\" data-element_type=\"container\" data-e-type=\"container\">\n\t\t\t\t\t<div class=\"e-con-inner\">\n\t\t\t\t<div class=\"elementor-element elementor-element-iwgw-malinainui-s3h elementor-widget elementor-widget-heading\" data-id=\"iwgw-malinainui-s3h\" data-element_type=\"widget\" data-e-type=\"widget\" data-widget_type=\"heading.default\">\n\t\t\t\t\t<h2 class=\"elementor-heading-title elementor-size-default\">S\u00f3lin, myrkri\u00f0 og hringr\u00e1s heimskautasins<\/h2>\t\t\t\t<\/div>\n\t\t<div class=\"elementor-element elementor-element-iwgw-malinainui-s3c e-con-full e-flex e-con e-child\" data-id=\"iwgw-malinainui-s3c\" data-element_type=\"container\" data-e-type=\"container\">\n\t\t\t\t<div class=\"elementor-element elementor-element-iwgw-malinainui-s3t elementor-widget elementor-widget-text-editor\" data-id=\"iwgw-malinainui-s3t\" data-element_type=\"widget\" data-e-type=\"widget\" data-widget_type=\"text-editor.default\">\n\t\t\t\t\t\t\t\t\t<p>Tr\u00faarleg \u00fe\u00fd\u00f0ing Malinu m\u00f3tast af hringr\u00e1s \u00e1rsins \u00e1 heimskautasv\u00e6\u00f0unum. Skautan\u00f3ttin, \u00feegar s\u00f3lin kemur ekki upp fyrir sj\u00f3ndeildarhringinn vikum saman, var tr\u00faarlega hla\u00f0i\u00f0 \u00e1stand. Endurkoma Malinu \u00e1 vorin var <span class=\"iwg-fachbegriff\" data-tooltip=\"Tilheyrir fastri tr\u00faarlegri ath\u00f6fn.\" tabindex=\"0\">helgu\u00f0<\/span> \u00e1 s\u00e9rstakan h\u00e1tt, \u00e1 sumum sv\u00e6\u00f0um me\u00f0 sm\u00e1h\u00e1t\u00ed\u00f0um, \u00e1 \u00f6\u00f0rum me\u00f0 s\u00e9rst\u00f6kum banni.<\/p><p>Rasmussen greinir fr\u00e1 \u00fev\u00ed fr\u00e1 Iglulik a\u00f0 \u00feegar s\u00f3lin s\u00e1st fyrst eftir skautan\u00f3ttina hafi b\u00f6rn sungi\u00f0 s\u00e9rstaka s\u00f6ngva til a\u00f0 heilsa s\u00f3largy\u00f0junni sem sneri aftur. \u00deessi venja var ekki samb\u00e6rileg vi\u00f0 hina umfangsmiklu h\u00e1t\u00ed\u00f0amenningu su\u00f0l\u00e6gra s\u00f3ld\u00fdrkana, en haf\u00f0i s\u00edna eigin tr\u00faarlegu d\u00fdpt og v\u00edsindalega \u00fe\u00fd\u00f0ingu sem heimskautaath\u00f6fn til a\u00f0 heilsa s\u00f3linni.<\/p><p>\u00c1 sumrin, \u00feegar s\u00f3lin sest ekki, var Malina \u00e1 annan h\u00e1tt til sta\u00f0ar: s\u00edfellt s\u00fdnileg, bj\u00f6rt, \u00e1 vissan h\u00e1tt yfir\u00feyrmandi. \u00deessi tv\u00ed\u00fe\u00e6tta fjarvera og allssta\u00f0arn\u00e6rvera er \u00ed tr\u00faarbrag\u00f0afyrirb\u00e6rafr\u00e6\u00f0inni s\u00e9rkenni heimskautas\u00f3ld\u00fdrkunar og skapar tr\u00faarlegan reynslutakt sem er ekki m\u00f6gulegur \u00e1 tempr\u00f0um sv\u00e6\u00f0um.<\/p>\t\t\t\t\t\t\t\t<\/div>\n\t\t\t\t<\/div>\n\t\t\t\t\t<\/div>\n\t\t\t\t<\/div>\n\t\t<div class=\"elementor-element elementor-element-iwgw-malinainui-s4 e-flex e-con-boxed e-con e-parent\" data-id=\"iwgw-malinainui-s4\" data-element_type=\"container\" data-e-type=\"container\">\n\t\t\t\t\t<div class=\"e-con-inner\">\n\t\t\t\t<div class=\"elementor-element elementor-element-iwgw-malinainui-s4h elementor-widget elementor-widget-heading\" data-id=\"iwgw-malinainui-s4h\" data-element_type=\"widget\" data-e-type=\"widget\" data-widget_type=\"heading.default\">\n\t\t\t\t\t<h2 class=\"elementor-heading-title elementor-size-default\">Malina og kvennaathafnir<\/h2>\t\t\t\t<\/div>\n\t\t<div class=\"elementor-element elementor-element-iwgw-malinainui-s4c e-con-full e-flex e-con e-child\" data-id=\"iwgw-malinainui-s4c\" data-element_type=\"container\" data-e-type=\"container\">\n\t\t\t\t<div class=\"elementor-element elementor-element-iwgw-malinainui-s4t elementor-widget elementor-widget-text-editor\" data-id=\"iwgw-malinainui-s4t\" data-element_type=\"widget\" data-e-type=\"widget\" data-widget_type=\"text-editor.default\">\n\t\t\t\t\t\t\t\t\t<p>Malina er s\u00e9rstaklega n\u00e1komin konum \u00ed tr\u00faarath\u00f6fnum. Vi\u00f0 f\u00e6\u00f0ingu, bl\u00e6\u00f0ingar og \u00e1 \u00feeim bannt\u00edmabilum sem einkenndu l\u00edf kvenna var h\u00fan \u00e1k\u00f6llu\u00f0. Tr\u00faarleg hugmyndin var a\u00f0 s\u00f3lin, sem eldri og l\u00edfsreynd kona, v\u00e6ri m\u00f3tt\u00e6kileg fyrir reynslu mannlegra kvenna. \u00deessi saml\u00ed\u00f0anartengsl eru s\u00e9rstakt fyrirb\u00e6ri \u00ed tr\u00faarbrag\u00f0afyrirb\u00e6rafr\u00e6\u00f0inni.<\/p><p>\u00c1kve\u00f0nar athafnir, svo sem hreinsunarb\u00f6\u00f0 \u00ed snj\u00f3 e\u00f0a a\u00f0 bera \u00e1kve\u00f0in verndargripi, voru tengdar Malinu. V\u00edsindalega heyrir \u00feetta undir v\u00ed\u00f0ari flokk kvenlegra s\u00f3ld\u00fdrkana sem eru sta\u00f0festar \u00ed \u00fdmsum myndum \u00e1 heimskautasv\u00e6\u00f0inu og myndar eigi\u00f0 samanbur\u00f0arranns\u00f3knarsvi\u00f0.<\/p><p>Hj\u00e1 Caribou-in\u00fa\u00edtum var \u00feessi tengsl minna \u00e1berandi en hj\u00e1 Iglulik-f\u00f3lkinu. Sv\u00e6\u00f0isbundinn munur er talsver\u00f0ur og \u00e6tti ekki a\u00f0 draga saman \u00ed eina samr\u00e6mda Malinu-<span class=\"iwg-fachbegriff\" data-tooltip=\"V\u00edsindaleg fr\u00e6\u00f0i um gu\u00f0 og tr\u00fa innan tr\u00faarbrag\u00f0a.\" tabindex=\"0\">gu\u00f0fr\u00e6\u00f0i<\/span>. V\u00edsindalegt verkefni felst \u00ed n\u00e1kv\u00e6mri sv\u00e6\u00f0isbundinni l\u00fdsingu en ekki \u00ed samr\u00e6mandi samantekt.<\/p>\t\t\t\t\t\t\t\t<\/div>\n\t\t\t\t<\/div>\n\t\t\t\t\t<\/div>\n\t\t\t\t<\/div>\n\t\t<div class=\"elementor-element elementor-element-iwgw-malinainui-s5 e-flex e-con-boxed e-con e-parent\" data-id=\"iwgw-malinainui-s5\" data-element_type=\"container\" data-e-type=\"container\">\n\t\t\t\t\t<div class=\"e-con-inner\">\n\t\t\t\t<div class=\"elementor-element elementor-element-iwgw-malinainui-s5h elementor-widget elementor-widget-heading\" data-id=\"iwgw-malinainui-s5h\" data-element_type=\"widget\" data-e-type=\"widget\" data-widget_type=\"heading.default\">\n\t\t\t\t\t<h2 class=\"elementor-heading-title elementor-size-default\">S\u00f3lin sem von og t\u00e1knmynd t\u00edmans<\/h2>\t\t\t\t<\/div>\n\t\t<div class=\"elementor-element elementor-element-iwgw-malinainui-s5c e-con-full e-flex e-con e-child\" data-id=\"iwgw-malinainui-s5c\" data-element_type=\"container\" data-e-type=\"container\">\n\t\t\t\t<div class=\"elementor-element elementor-element-iwgw-malinainui-s5t elementor-widget elementor-widget-text-editor\" data-id=\"iwgw-malinainui-s5t\" data-element_type=\"widget\" data-e-type=\"widget\" data-widget_type=\"text-editor.default\">\n\t\t\t\t\t\t\t\t\t<p>\u00cd sjaman\u00edskri i\u00f0kun m\u00e1tti \u00e1kalla Malinu sem t\u00e1knmynd vonar. \u00cd veikindum, hungri e\u00f0a \u00f6rv\u00e6ntingu var liti\u00f0 \u00e1 endurkomu hennar \u00far heimskautan\u00f3ttinni sem fyrirmynd a\u00f0 n\u00fdjum uppgangi. Sjamanar fer\u00f0u\u00f0ust \u00ed lei\u00f0slu ekki fyrst og fremst til s\u00f3larinnar eins og til tunglsins, en \u00feeir g\u00e1tu leita\u00f0 styrks \u00ed krafti hennar.<\/p><p>\u00cd t\u00edma skipuleggur Malina hringr\u00e1s dagsins. \u00c1 me\u00f0an tunglhringir \u00e1kvar\u00f0a m\u00e1nu\u00f0ina, gefur s\u00f3lin daginn og \u00e1rst\u00ed\u00f0ina. V\u00edsindalega s\u00e9\u00f0 er \u00feessi samverkandi t\u00edmaskipan mikilv\u00e6gur \u00fe\u00e1ttur \u00ed <span class=\"iwg-fachbegriff\" data-tooltip=\"Hugmyndin um uppbyggingu og skipulag heimsins innan tiltekinnar menningar.\" tabindex=\"0\">heimsmynd<\/span> In\u00fa\u00edta og gerir systkinapari\u00f0 Malinu og Igaluk a\u00f0 dagatalslegri og tr\u00faarlegri tv\u00edeind.<\/p><p>\u00cd samt\u00edmalist In\u00fa\u00edta er Malina \u00e1berandi, oft \u00ed tv\u00edleik me\u00f0 Igaluk. \u00d3samhverfa systkinanna, \u00e1t\u00f6k \u00feeirra, eltingarleikurinn milli \u00feeirra, allt \u00feetta er n\u00fdtt \u00e1 skapandi h\u00e1tt \u00ed listinni. \u00cd tr\u00faarbrag\u00f0afr\u00e6\u00f0ilegu tilliti s\u00fdnir \u00feetta hve l\u00edfseig <span class=\"iwg-fachbegriff\" data-tooltip=\"Hef\u00f0bundin fr\u00e1s\u00f6gn um gu\u00f0i, uppruna og skipulag heimsins.\" tabindex=\"0\">go\u00f0sagan<\/span> er og hversu vel h\u00fan ber sem uppspretta listr\u00e6nnar innbl\u00e1sturs.<\/p>\t\t\t\t\t\t\t\t<\/div>\n\t\t\t\t<\/div>\n\t\t\t\t\t<\/div>\n\t\t\t\t<\/div>\n\t\t<div class=\"elementor-element elementor-element-iwgw-malinainui-s6 e-flex e-con-boxed e-con e-parent\" data-id=\"iwgw-malinainui-s6\" data-element_type=\"container\" data-e-type=\"container\">\n\t\t\t\t\t<div class=\"e-con-inner\">\n\t\t\t\t<div class=\"elementor-element elementor-element-iwgw-malinainui-s6h elementor-widget elementor-widget-heading\" data-id=\"iwgw-malinainui-s6h\" data-element_type=\"widget\" data-e-type=\"widget\" data-widget_type=\"heading.default\">\n\t\t\t\t\t<h2 class=\"elementor-heading-title elementor-size-default\">Samanbur\u00f0ur vi\u00f0 a\u00f0rar s\u00f3largy\u00f0jur<\/h2>\t\t\t\t<\/div>\n\t\t<div class=\"elementor-element elementor-element-iwgw-malinainui-s6c e-con-full e-flex e-con e-child\" data-id=\"iwgw-malinainui-s6c\" data-element_type=\"container\" data-e-type=\"container\">\n\t\t\t\t<div class=\"elementor-element elementor-element-iwgw-malinainui-s6t elementor-widget elementor-widget-text-editor\" data-id=\"iwgw-malinainui-s6t\" data-element_type=\"widget\" data-e-type=\"widget\" data-widget_type=\"text-editor.default\">\n\t\t\t\t\t\t\t\t\t<p>Kvenkyns s\u00f3largu\u00f0ir eru v\u00ed\u00f0a til \u00e1 heimskautasv\u00e6\u00f0inu og \u00ed Nor\u00f0ur-Evr\u00f3pu. <a href=\"https:\/\/iwell-guard.com\/is\/sami-finnsk-ugrisk-hefd-noaidi-tromma\/\">Sama<\/a>gy\u00f0jan Beaivi, finnsk-\u00fagr\u00edska P\u00e4iv\u00e4t\u00e4r, germanska S\u00f3l, baltneska Saul\u0117 og japanska Amaterasu myndar samb\u00e6rilegan flokk s\u00f3largy\u00f0ja.<\/p><p>\u00deessi \u00fatbrei\u00f0sla er v\u00edsindalega ekki tilviljun. H\u00fan endurspeglar v\u00ed\u00f0t\u00e6ka nor\u00f0l\u00e6ga kynjaskiptingu himintungla, sem myndar eigi\u00f0 sv\u00e6\u00f0i \u00ed hnattr\u00e6nni samanbur\u00f0arsj\u00f3narhorni. Tr\u00faars\u00f6gulegt dj\u00fap \u00feessa lags er efni \u00e1framhaldandi ranns\u00f3kna og \u00e6tti ekki a\u00f0 lei\u00f0a til flausturslegra alh\u00e6finga.<\/p><p>Innan in\u00fa\u00edtahef\u00f0arins stendur Malina \u00ed gagnkv\u00e6mu samhengi vi\u00f0 Igaluk, \u00e1 sama h\u00e1tt og <a href=\"https:\/\/iwell-guard.com\/is\/?page_id=168999\">Sedna<\/a> gagnvart <a href=\"https:\/\/iwell-guard.com\/is\/?page_id=169003\">Anguta<\/a>. Systkinaparin myndu endurteki\u00f0 tr\u00faarlegt mynstur og eru s\u00e9rstakt skipulagsmynstur \u00ed tr\u00faarbrag\u00f0afyrirb\u00e6rafr\u00e6\u00f0i in\u00fa\u00edta-<span class=\"iwg-fachbegriff\" data-tooltip=\"V\u00edsindaleg fr\u00e6\u00f0i um gu\u00f0 og tr\u00fa innan tr\u00faarbrag\u00f0a.\" tabindex=\"0\">gu\u00f0fr\u00e6\u00f0inni<\/span>.<\/p>\t\t\t\t\t\t\t\t<\/div>\n\t\t\t\t<\/div>\n\t\t\t\t\t<\/div>\n\t\t\t\t<\/div>\n\t\t<div class=\"elementor-element elementor-element-iwgw-malinainui-s7 e-flex e-con-boxed e-con e-parent\" data-id=\"iwgw-malinainui-s7\" data-element_type=\"container\" data-e-type=\"container\">\n\t\t\t\t\t<div class=\"e-con-inner\">\n\t\t\t\t<div class=\"elementor-element elementor-element-iwgw-malinainui-s7h elementor-widget elementor-widget-heading\" data-id=\"iwgw-malinainui-s7h\" data-element_type=\"widget\" data-e-type=\"widget\" data-widget_type=\"heading.default\">\n\t\t\t\t\t<h2 class=\"elementor-heading-title elementor-size-default\">Tr\u00fabo\u00f0 og n\u00fat\u00edmavi\u00f0t\u00f6kur<\/h2>\t\t\t\t<\/div>\n\t\t<div class=\"elementor-element elementor-element-iwgw-malinainui-s7c e-con-full e-flex e-con e-child\" data-id=\"iwgw-malinainui-s7c\" data-element_type=\"container\" data-e-type=\"container\">\n\t\t\t\t<div class=\"elementor-element elementor-element-iwgw-malinainui-s7t elementor-widget elementor-widget-text-editor\" data-id=\"iwgw-malinainui-s7t\" data-element_type=\"widget\" data-e-type=\"widget\" data-widget_type=\"text-editor.default\">\n\t\t\t\t\t\t\t\t\t<p>Kristnibo\u00f0i\u00f0 s\u00f3tti minna a\u00f0 Malinu en a\u00f0 Sednu e\u00f0a Tornarssuk, \u00fev\u00ed hlutverk hennar tengdist ekki me\u00f0 beinum h\u00e6tti <span class=\"iwg-fachbegriff\" data-tooltip=\"Tr\u00faarkerfi \u00fear sem s\u00e9rfr\u00e6\u00f0ingar eiga \u00ed samskiptum vi\u00f0 andaheiminn.\" tabindex=\"0\">sjamanisma<\/span> e\u00f0a bannhelgi. \u00de\u00f3 \u00fe\u00f3tti sifjaspells-<span class=\"iwg-fachbegriff\" data-tooltip=\"Hef\u00f0bundin fr\u00e1s\u00f6gn um gu\u00f0i, uppruna og skipan heimsins.\" tabindex=\"0\">go\u00f0s\u00f6gnin<\/span> stundum \u00f3si\u00f0leg og var haldi\u00f0 til hl\u00e9s \u00ed opinberri fr\u00e1s\u00f6gn.<\/p><p>\u00cd samt\u00edmamenningu in\u00fa\u00edta er Malina til sta\u00f0ar sem t\u00e1knmynd, oft \u00ed fem\u00edn\u00edskum skilningi sem d\u00e6mi um kvenlega sj\u00e1lfsv\u00f6rn gegn kynfer\u00f0islegu ofbeldi. \u00deessi n\u00fat\u00edmalega yfirf\u00e6rsla er ekki s\u00f6guleg \u00ed fr\u00e6\u00f0ilegum skilningi en er menningarlega mikilv\u00e6g og gott d\u00e6mi um \u00fea\u00f0 hvernig hef\u00f0bundnar fr\u00e1sagnir eru virkja\u00f0ar \u00ed samt\u00edmaumr\u00e6\u00f0u.<\/p><p>\u00cd sk\u00f3lab\u00f3kum og s\u00f6fnum er Malina kynnt me\u00f0 varf\u00e6rni. S\u00f6guleg d\u00fdpt ger\u00f0ar hennar er \u00ed auknum m\u00e6li vi\u00f0urkennd \u00e1n \u00feess a\u00f0 reynt s\u00e9 a\u00f0 endurgera samfellda <span class=\"iwg-fachbegriff\" data-tooltip=\"Fr\u00e6\u00f0ileg umfj\u00f6llun um gu\u00f0 og tr\u00faarkerfi \u00e1kve\u00f0inna tr\u00faarbrag\u00f0a.\" tabindex=\"0\">gu\u00f0fr\u00e6\u00f0i<\/span>. \u00deessi vark\u00e1rni er tr\u00faarfr\u00e6\u00f0ilega e\u00f0lileg \u00fev\u00ed heimildirnar leyfa ekki samr\u00e6mandi heildarmynd.<\/p>\t\t\t\t\t\t\t\t<\/div>\n\t\t\t\t<\/div>\n\t\t\t\t\t<\/div>\n\t\t\t\t<\/div>\n\t\t<div class=\"elementor-element elementor-element-iwgw-malinainui-s8 e-flex e-con-boxed e-con e-parent\" data-id=\"iwgw-malinainui-s8\" data-element_type=\"container\" data-e-type=\"container\">\n\t\t\t\t\t<div class=\"e-con-inner\">\n\t\t\t\t<div class=\"elementor-element elementor-element-iwgw-malinainui-s8h elementor-widget elementor-widget-heading\" data-id=\"iwgw-malinainui-s8h\" data-element_type=\"widget\" data-e-type=\"widget\" data-widget_type=\"heading.default\">\n\t\t\t\t\t<h2 class=\"elementor-heading-title elementor-size-default\">Ranns\u00f3knir og sta\u00f0a \u00ed dag<\/h2>\t\t\t\t<\/div>\n\t\t<div class=\"elementor-element elementor-element-iwgw-malinainui-s8c e-con-full e-flex e-con e-child\" data-id=\"iwgw-malinainui-s8c\" data-element_type=\"container\" data-e-type=\"container\">\n\t\t\t\t<div class=\"elementor-element elementor-element-iwgw-malinainui-s8t elementor-widget elementor-widget-text-editor\" data-id=\"iwgw-malinainui-s8t\" data-element_type=\"widget\" data-e-type=\"widget\" data-widget_type=\"text-editor.default\">\n\t\t\t\t\t\t\t\t\t<p>Ranns\u00f3knir \u00e1 Malinu eru samofnar ranns\u00f3knum \u00e1 Igaluk. Rasmussen, Boas, Birket-Smith og Merkur eru helstu heimildir. Ekkert sj\u00e1lfst\u00e6tt fr\u00e6\u00f0irit um Malinu er til, sem endurspeglar s\u00f6gu ranns\u00f3knanna sj\u00e1lfra: karlkyns hli\u00f0 <span class=\"iwg-fachbegriff\" data-tooltip=\"Hef\u00f0bundin fr\u00e1s\u00f6gn um gu\u00f0i, uppruna og skipan heimsins.\" tabindex=\"0\">go\u00f0s\u00f6gunnar<\/span> hefur lengur hloti\u00f0 athygli en kvenkyns hli\u00f0in.<\/p><p>N\u00fdlegar ranns\u00f3knir, s\u00e9rstaklega hj\u00e1 Birgitte Sonne og Pamelu Stern, draga fram tr\u00faarlegt hlutverk Malinu sj\u00e1lfrar me\u00f0 sterkari h\u00e6tti og l\u00fdsa henni ekki a\u00f0eins sem f\u00f3rnarlambi br\u00f3\u00f0ur s\u00edns. \u00deessi breyting \u00e1 sj\u00f3narhorni er v\u00edsindalega gagnleg og fellur a\u00f0 v\u00ed\u00f0t\u00e6kari fem\u00edn\u00edskri endursko\u00f0un tr\u00faars\u00f6gu frumbyggjamenninga.<\/p><p>\u00cd framt\u00ed\u00f0arranns\u00f3knum \u00e1 tr\u00fa in\u00fa\u00edta v\u00e6ri \u00e6skilegt a\u00f0 fara n\u00e1kv\u00e6mar \u00ed saumana \u00e1 kvennaath\u00f6fnum tengdum Malinu, a\u00f0 \u00fev\u00ed marki sem heimildir leyfa. Sl\u00edk \u00farvinnsla myndi b\u00e6ta verulega vi\u00f0 heildarmyndina af go\u00f0aver\u00f6ld in\u00fa\u00edta og lei\u00f0r\u00e9tta \u00fe\u00e1 einhli\u00f0a \u00e1herslu \u00e1 karlkyns sj\u00f3narhorn sem einkennt hefur ranns\u00f3knirnar.<\/p>\t\t\t\t\t\t\t\t<\/div>\n\t\t\t\t<\/div>\n\t\t\t\t\t<\/div>\n\t\t\t\t<\/div>\n\t\t<div class=\"elementor-element elementor-element-iwgw-malinainui-s9 e-flex e-con-boxed e-con e-parent\" data-id=\"iwgw-malinainui-s9\" data-element_type=\"container\" data-e-type=\"container\">\n\t\t\t\t\t<div class=\"e-con-inner\">\n\t\t\t\t<div class=\"elementor-element elementor-element-iwgw-malinainui-s9h elementor-widget elementor-widget-heading\" data-id=\"iwgw-malinainui-s9h\" data-element_type=\"widget\" data-e-type=\"widget\" data-widget_type=\"heading.default\">\n\t\t\t\t\t<h2 class=\"elementor-heading-title elementor-size-default\">Krossv\u00edsanir \u00ed or\u00f0asafninu<\/h2>\t\t\t\t<\/div>\n\t\t<div class=\"elementor-element elementor-element-iwgw-malinainui-s9c e-con-full e-flex e-con e-child\" data-id=\"iwgw-malinainui-s9c\" data-element_type=\"container\" data-e-type=\"container\">\n\t\t\t\t<div class=\"elementor-element elementor-element-iwgw-malinainui-s9t elementor-widget elementor-widget-text-editor\" data-id=\"iwgw-malinainui-s9t\" data-element_type=\"widget\" data-e-type=\"widget\" data-widget_type=\"text-editor.default\">\n\t\t\t\t\t\t\t\t\t<p>Malina tengist <a href=\"https:\/\/iwell-guard.com\/is\/?page_id=169006\">Igaluk<\/a>, <a href=\"https:\/\/iwell-guard.com\/is\/?page_id=168999\">Sednu<\/a>, <a href=\"https:\/\/iwell-guard.com\/is\/?page_id=169000\">Silu<\/a>, <a href=\"https:\/\/iwell-guard.com\/is\/?page_id=169004\">Pingu<\/a>, <a href=\"https:\/\/iwell-guard.com\/is\/?page_id=169003\">Angutu<\/a>, <a href=\"https:\/\/iwell-guard.com\/is\/?page_id=169005\">Nanook<\/a>, <a href=\"https:\/\/iwell-guard.com\/is\/?page_id=169001\">Tornarssuk<\/a>, <a href=\"https:\/\/iwell-guard.com\/is\/?page_id=169002\">Tupilak<\/a> og <a href=\"https:\/\/iwell-guard.com\/is\/?page_id=169008\">Qailertetang<\/a>. Menningarmi\u00f0st\u00f6\u00f0in <a href=\"https:\/\/iwell-guard.com\/is\/inuit-og-nordurslodir-sedna-tornit\/\">Hef\u00f0 in\u00fa\u00edta<\/a> rammar inn s\u00f3lar-<span class=\"iwg-fachbegriff\" data-tooltip=\"Fr\u00e6\u00f0ileg umfj\u00f6llun um gu\u00f0 og tr\u00faarkerfi \u00e1kve\u00f0inna tr\u00faarbrag\u00f0a.\" tabindex=\"0\">gu\u00f0fr\u00e6\u00f0ina<\/span>. Svipa\u00f0ar ger\u00f0ir s\u00f3largy\u00f0ja finnast \u00ed r\u00f6\u00f0 greina um <a href=\"https:\/\/iwell-guard.com\/is\/sami-finnsk-ugrisk-hefd-noaidi-tromma\/\">sama-menningu<\/a> undir <em>Beaivi<\/em>.<\/p>\t\t\t\t\t\t\t\t<\/div>\n\t\t\t\t<\/div>\n\t\t\t\t\t<\/div>\n\t\t\t\t<\/div>\n\t\t<div class=\"elementor-element elementor-element-cp2f9cc2de e-flex e-con-boxed e-con e-parent\" data-id=\"cp2f9cc2de\" data-element_type=\"container\" data-e-type=\"container\">\n\t\t\t\t\t<div class=\"e-con-inner\">\n\t\t\t\t<div class=\"elementor-element elementor-element-cp2aefe3ab elementor-widget elementor-widget-heading\" data-id=\"cp2aefe3ab\" data-element_type=\"widget\" data-e-type=\"widget\" data-widget_type=\"heading.default\">\n\t\t\t\t\t<h2 class=\"elementor-heading-title elementor-size-default\">Ofs\u00f3knarsagan um s\u00f3l og m\u00e1na<\/h2>\t\t\t\t<\/div>\n\t\t<div class=\"elementor-element elementor-element-cp24aa4a16 e-flex e-con-boxed e-con e-child\" data-id=\"cp24aa4a16\" data-element_type=\"container\" data-e-type=\"container\">\n\t\t\t\t\t<div class=\"e-con-inner\">\n\t\t\t\t<div class=\"elementor-element elementor-element-cp2de6ed82 elementor-widget elementor-widget-text-editor\" data-id=\"cp2de6ed82\" data-element_type=\"widget\" data-e-type=\"widget\" data-widget_type=\"text-editor.default\">\n\t\t\t\t\t\t\t\t\t<p>\u00deekktasta <span class=\"iwg-fachbegriff\" data-tooltip=\"Mi\u00f0lun \u00feekkingar og fr\u00e1sagna milli kynsl\u00f3\u00f0a.\" tabindex=\"0\">munnm\u00e6lahef\u00f0in<\/span> um Malinu, kvenpers\u00f3nuna sem oft er k\u00f6llu\u00f0 <em>Sun Sister<\/em> \u00ed enskum\u00e6landi \u00fej\u00f3\u00f0fr\u00e6\u00f0i, er sagan af systkinum sem ur\u00f0u a\u00f0 s\u00f3l og m\u00e1na eftir a\u00f0 hafa broti\u00f0 f\u00e9lagslegt bannhelgi.<\/p><p>\u00cd \u00feeim ger\u00f0um sem Knud Rasmussen skr\u00e1\u00f0i \u00ed fimmta Thule-lei\u00f0angrinum (1921 til 1924), me\u00f0al annars \u00ed <em>Intellectual Culture of the Iglulik Eskimos<\/em>, er l\u00fdst hvernig br\u00f3\u00f0ir \u00e1reitir systur s\u00edna \u00ed leyni \u00ed myrkri samkomuh\u00fass.<\/p><p>Systirin smyr hendur s\u00ednar me\u00f0 s\u00f3ti til a\u00f0 merkja hinn \u00f3\u00feekkta \u00e1reitanda. \u00deegar h\u00fan finnur s\u00f3tsl\u00f3\u00f0ir \u00ed andliti br\u00f3\u00f0ur s\u00edns daginn eftir, gr\u00edpur h\u00fan brennandi blys og fl\u00fdr.<\/p><p>Br\u00f3\u00f0irinn eltir hana en blys hans dofnar a\u00f0 hluta og gl\u00f3ir a\u00f0eins \u00e1fram. B\u00e6\u00f0i st\u00edga upp \u00e1 himinhvolfi\u00f0: systirin ver\u00f0ur a\u00f0 sk\u00ednandi s\u00f3linni, br\u00f3\u00f0irinn a\u00f0 daufari m\u00e1nanum sem hefur elt hana \u00e1n afl\u00e1ts en n\u00e1\u00f0 henni aldrei.<\/p><p>Sagan \u00fatsk\u00fdrir \u00ed lei\u00f0inni fj\u00f6lda athugana: hvers vegna s\u00f3l og m\u00e1ni fylgja hvort \u00f6\u00f0ru \u00e1 himninum, hvers vegna m\u00e1ninn sk\u00edn daufar en s\u00f3lin, og \u00ed sumum ger\u00f0um sagnarinar hvers vegna d\u00f6kkir blettir eru \u00e1 tunglsk\u00edfunni, sem s\u00f3tsl\u00f3\u00f0ir. Fr\u00e6\u00f0ilega er h\u00fan lesin sem frumsagnarleg <span class=\"iwg-fachbegriff\" data-tooltip=\"Hef\u00f0bundin fr\u00e1s\u00f6gn um gu\u00f0i, uppruna og skipan heimsins.\" tabindex=\"0\">go\u00f0s\u00f6gn<\/span> sem samt\u00edmis gerir alvarlegasta f\u00e9lagslega broti\u00f0, sifjaspell, a\u00f0 uppruna hinnar kosm\u00edsku skipanar. \u00datbrei\u00f0sla sagnarinar spannar sv\u00e6\u00f0i fr\u00e1 Gr\u00e6nlandi yfir kanad\u00edska heimskautasv\u00e6\u00f0i\u00f0 til Alaska, me\u00f0 talsver\u00f0um mismun \u00ed n\u00f6fnum og sm\u00e1atri\u00f0um. Nafni\u00f0 Malina sj\u00e1lft er einkum sta\u00f0fest \u00ed gr\u00e6nlenskum munnm\u00e6lum, me\u00f0an a\u00f0rir h\u00f3par in\u00fa\u00edta kalla s\u00f3larsystirina \u00f6\u00f0rum n\u00f6fnum e\u00f0a gefa henni ekkert fast nafn.\t\t\t\t\t\t\t\t<\/div>\n\t\t\t\t\t<\/div>\n\t\t\t\t<\/div>\n\t\t\t\t\t<\/div>\n\t\t\t\t<\/div>\n\t\t<div class=\"elementor-element elementor-element-cp2a334bb7 e-flex e-con-boxed e-con e-parent\" data-id=\"cp2a334bb7\" data-element_type=\"container\" data-e-type=\"container\">\n\t\t\t\t\t<div class=\"e-con-inner\">\n\t\t\t\t<div class=\"elementor-element elementor-element-cp26328bea elementor-widget elementor-widget-heading\" data-id=\"cp26328bea\" data-element_type=\"widget\" data-e-type=\"widget\" data-widget_type=\"heading.default\">\n\t\t\t\t\t<h2 class=\"elementor-heading-title elementor-size-default\">Heimildir og h\u00e6ttan \u00e1 alh\u00e6fingu<\/h2>\t\t\t\t<\/div>\n\t\t<div class=\"elementor-element elementor-element-cp2ded0565 e-flex e-con-boxed e-con e-child\" data-id=\"cp2ded0565\" data-element_type=\"container\" data-e-type=\"container\">\n\t\t\t\t\t<div class=\"e-con-inner\">\n\t\t\t\t<div class=\"elementor-element elementor-element-cp2d14b225 elementor-widget elementor-widget-text-editor\" data-id=\"cp2d14b225\" data-element_type=\"widget\" data-e-type=\"widget\" data-widget_type=\"text-editor.default\">\n\t\t\t\t\t\t\t\t\t<p><span class=\"iwg-fachbegriff\" data-tooltip=\"Mi\u00f0lun \u00feekkingar og fr\u00e1sagna milli kynsl\u00f3\u00f0a.\" tabindex=\"0\">Munnm\u00e6lin<\/span> um Malinu eru vandme\u00f0farin fr\u00e1 heimildafr\u00e6\u00f0ilegu sj\u00f3narhorni og hver framsetning ver\u00f0ur a\u00f0 taka mi\u00f0 af \u00feessum takm\u00f6rkunum. Engar heimildir eru til fr\u00e1 t\u00edmanum fyrir landn\u00e1m n\u00fdlenduveldanna; \u00f6ll \u00feekking byggist \u00e1 heimildum sem tr\u00fabo\u00f0ar, hvalvei\u00f0imenn, kaupmenn og \u00fej\u00f3\u00f0fr\u00e6\u00f0ingar skr\u00e1\u00f0u fr\u00e1 19. \u00f6ld og \u00e1fram.<\/p><p>Mikilv\u00e6gasta safni\u00f0 er Knud Rasmussen a\u00f0 \u00feakka. Hann var sonur fj\u00f6lskyldu sem a\u00f0 hluta var af in\u00fa\u00edta\u00e6ttum, tala\u00f0i gr\u00e6nlensku og haf\u00f0i \u00fev\u00ed beinni a\u00f0gang a\u00f0 s\u00f6gum\u00f6nnum en margir a\u00f0rir fr\u00e6\u00f0imenn.<\/p><p>Engu a\u00f0 s\u00ed\u00f0ur er efni\u00f0 glopp\u00f3tt. In\u00fa\u00edtar mynda ekki eina samfellda menningu heldur h\u00f3p sv\u00e6\u00f0isbundinna, sj\u00e1lfst\u00e6\u00f0ra samf\u00e9laga sem dreifast um alla heimskautasv\u00e6\u00f0in, me\u00f0 \u00f3l\u00edkum m\u00e1ll\u00fdskum og hef\u00f0um.<\/p><p>Nafni\u00f0 Malina og s\u00f6gnin um s\u00f3larsysturina sem \u00fev\u00ed fylgir eru ekki alls sta\u00f0ar sta\u00f0fest \u00e1 sama h\u00e1tt. \u00cd Vestur-Gr\u00e6nlandi er formi\u00f0 betur heimildf\u00e6rt en annars sta\u00f0ar, og \u00fea\u00f0 er a\u00f0fer\u00f0afr\u00e6\u00f0ilega \u00f3t\u00e6kt a\u00f0 draga \u00fe\u00e1 \u00e1lyktun af gr\u00e6nlenskri ger\u00f0 s\u00f6gunnar a\u00f0 um s\u00e9 a\u00f0 r\u00e6\u00f0a allsherjar s\u00f3largy\u00f0ju sameiginlega \u00f6llum In\u00fa\u00edtum.<\/p><p>Vi\u00f0 \u00feetta b\u00e6tist a\u00f0 margir fyrstu safnendurnir slitu fr\u00e1sagnirnar \u00far \u00fev\u00ed samhengi sem \u00fe\u00e6r voru fluttar \u00ed. Fr\u00e1sagnir In\u00fa\u00edta voru bundnar \u00e1rst\u00ed\u00f0, tilefni og s\u00f6gumanni; skriflegri festingu fylgdi a\u00f0 \u00far \u00feeim ur\u00f0u kyrrst\u00e6\u00f0ir textar. V\u00edsindalega s\u00e9\u00f0 er \u00fev\u00ed r\u00e9ttara a\u00f0 skilja Malinu sem sv\u00e6\u00f0isbundna birtingarmynd \u00fatbreidds fr\u00e1sagnarminnis fremur en sk\u00fdrt afmarka\u00f0a gy\u00f0ju \u00ed skilningi Mi\u00f0jar\u00f0arhafspanthe\u00f3na. Ranns\u00f3knir, til d\u00e6mis hj\u00e1 Daniel Merkur \u00ed <em>Becoming Half Hidden<\/em> (1985), hafa lagt \u00e1herslu \u00e1 a\u00f0 <span class=\"iwg-fachbegriff\" data-tooltip=\"Hugmyndin um uppbyggingu og skipulag heimsins innan tiltekinnar menningar.\" tabindex=\"0\">heimsmynd<\/span> In\u00fa\u00edta hafi m\u00f3tast fremur af verum eins og s\u00e6b\u00faanum og af sjaman\u00edskum i\u00f0kunum en af nafngreindum h\u00e1gu\u00f0um.\t\t\t\t\t\t\t\t<\/div>\n\t\t\t\t\t<\/div>\n\t\t\t\t<\/div>\n\t\t\t\t\t<\/div>\n\t\t\t\t<\/div>\n\t\t<div class=\"elementor-element elementor-element-iwgw-malinainui-lit e-flex e-con-boxed e-con e-parent\" data-id=\"iwgw-malinainui-lit\" data-element_type=\"container\" data-e-type=\"container\">\n\t\t\t\t\t<div class=\"e-con-inner\">\n\t\t\t\t<div class=\"elementor-element elementor-element-iwgw-malinainui-lith elementor-widget elementor-widget-heading\" data-id=\"iwgw-malinainui-lith\" data-element_type=\"widget\" data-e-type=\"widget\" data-widget_type=\"heading.default\">\n\t\t\t\t\t<h2 class=\"elementor-heading-title elementor-size-default\">Heimildir (\u00farval)<\/h2>\t\t\t\t<\/div>\n\t\t<div class=\"elementor-element elementor-element-iwgw-malinainui-litc e-con-full e-flex e-con e-child\" data-id=\"iwgw-malinainui-litc\" data-element_type=\"container\" data-e-type=\"container\">\n\t\t\t\t<div class=\"elementor-element elementor-element-iwgw-malinainui-litt elementor-widget elementor-widget-text-editor\" data-id=\"iwgw-malinainui-litt\" data-element_type=\"widget\" data-e-type=\"widget\" data-widget_type=\"text-editor.default\">\n\t\t\t\t\t\t\t\t\t<ul><li>Knud Rasmussen: <em>Intellectual Culture of the Iglulik Eskimos<\/em> (Kaupmannah\u00f6fn 1929)<\/li><li>Franz Boas: <em>The Central Eskimo<\/em> (Washington 1888)<\/li><li>Daniel Merkur: <em>Becoming Half Hidden<\/em> (Stokkh\u00f3lmi 1985)<\/li><li>Birgitte Sonne: <em>Heaven Negotiated. Hell Imagined<\/em> (Kaupmannah\u00f6fn 2017)<\/li><li>Pamela Stern: <em>Historical Dictionary of the Inuit<\/em> (Lanham 2013)<\/li><li>Hinrich Rink: <em>Tales and Traditions of the Eskimo<\/em> (Edinborg 1875)<\/li><\/ul>\t\t\t\t\t\t\t\t<\/div>\n\t\t\t\t<\/div>\n\t\t\t\t\t<\/div>\n\t\t\t\t<\/div>\n\t\t<div class=\"elementor-element elementor-element-iwgkw2-add-malinainuit e-flex e-con-boxed e-con e-parent\" data-id=\"iwgkw2-add-malinainuit\" data-element_type=\"container\" data-e-type=\"container\">\n\t\t\t\t\t<div class=\"e-con-inner\">\n\t\t\t\t<div class=\"elementor-element elementor-element-iwgkw2-add-malinainuit-t elementor-widget elementor-widget-text-editor\" data-id=\"iwgkw2-add-malinainuit-t\" data-element_type=\"widget\" data-e-type=\"widget\" data-widget_type=\"text-editor.default\">\n\t\t\t\t\t\t\t\t\t<p>\u00cd s\u00f6gum in\u00fa\u00edta er Malina systir <strong>Igaluk<\/strong>, tunglsins, undan tilraunum hans til a\u00f0 n\u00e1lgast hana fl\u00fdr h\u00fan upp \u00e1 himininn og hefur s\u00ed\u00f0an fari\u00f0 s\u00edna braut sem s\u00f3lin.<\/p>\t\t\t\t\t\t\t\t<\/div>\n\t\t\t\t\t<\/div>\n\t\t\t\t<\/div>\n\t\t<div class=\"elementor-element elementor-element-iwgw-malinainui-kwd e-flex e-con-boxed e-con e-parent\" data-id=\"iwgw-malinainui-kwd\" data-element_type=\"container\" data-e-type=\"container\">\n\t\t\t\t\t<div class=\"e-con-inner\">\n\t\t<div class=\"elementor-element elementor-element-iwgw-malinainui-kwdc e-con-full e-flex e-con e-child\" data-id=\"iwgw-malinainui-kwdc\" data-element_type=\"container\" data-e-type=\"container\">\n\t\t\t\t<div class=\"elementor-element elementor-element-iwgw-malinainui-kwdt elementor-widget elementor-widget-text-editor\" data-id=\"iwgw-malinainui-kwdt\" data-element_type=\"widget\" data-e-type=\"widget\" data-widget_type=\"text-editor.default\">\n\t\t\t\t\t\t\t\t\t<p><em>Tengd leitaror\u00f0: Malina in\u00fa\u00edtar s\u00f3largy\u00f0ja Akycha Iglulik heimskautan\u00f3tt tungl-s\u00f3lar-<span class=\"iwg-fachbegriff\" data-tooltip=\"Hef\u00f0bundin fr\u00e1s\u00f6gn um gu\u00f0i, uppruna og skipan heimsins.\" tabindex=\"0\">go\u00f0s\u00f6gn<\/span> fl\u00f3tti undan sifjaspelli.<\/em><\/p>\t\t\t\t\t\t\t\t<\/div>\n\t\t\t\t<\/div>\n\t\t\t\t\t<\/div>\n\t\t\t\t<\/div>\n\t\t<div class=\"elementor-element elementor-element-iwgw-malinainui-cc e-flex e-con-boxed e-con e-parent\" data-id=\"iwgw-malinainui-cc\" data-element_type=\"container\" data-e-type=\"container\" id=\"iwg-cc-malina-inuit\">\n\t\t\t\t\t<div class=\"e-con-inner\">\n\t\t<div class=\"elementor-element elementor-element-iwgw-malinainui-ccinner e-flex e-con-boxed e-con e-parent\" data-id=\"iwgw-malinainui-ccinner\" data-element_type=\"container\" data-e-type=\"container\" data-settings=\"{&quot;background_background&quot;:&quot;classic&quot;}\">\n\t\t\t\t\t<div class=\"e-con-inner\">\n\t\t\t\t<div class=\"elementor-element elementor-element-iwgw-malinainui-cch elementor-widget elementor-widget-heading\" data-id=\"iwgw-malinainui-cch\" data-element_type=\"widget\" data-e-type=\"widget\" data-widget_type=\"heading.default\">\n\t\t\t\t\t<h2 class=\"elementor-heading-title elementor-size-default\">iWell Guard og verndarhef\u00f0ir<\/h2>\t\t\t\t<\/div>\n\t\t\t\t<div class=\"elementor-element elementor-element-iwgw-malinainui-cct elementor-widget elementor-widget-text-editor\" data-id=\"iwgw-malinainui-cct\" data-element_type=\"widget\" data-e-type=\"widget\" data-widget_type=\"text-editor.default\">\n\t\t\t\t\t\t\t\t\t<div data-nosnippet=\"true\"><p>iWell Guard tengist menningars\u00f6gulegri hef\u00f0 bur\u00f0arh\u00e6fra verndargripa, \u00ed hef\u00f0 <a href=\"https:\/\/iwell-guard.com\/is\/inuit-og-nordurslodir-sedna-tornit\/\">in\u00fa\u00edta<\/a> og margra annarra menningarheima um allan heim. 41 lag, alv\u00f6ru gull, plat\u00edna, silfur, framleitt \u00ed \u00de\u00fdskalandi. 30 daga skilar\u00e9ttur.<\/p><\/div>\t\t\t\t\t\t\t\t<\/div>\n\t\t\t\t<div class=\"elementor-element elementor-element-iwgw-malinainui-ccb iwg-cc-button iwg-cc-cta-2026-05-13 elementor-widget elementor-widget-jet-button\" data-id=\"iwgw-malinainui-ccb\" data-element_type=\"widget\" data-e-type=\"widget\" data-widget_type=\"jet-button.default\">\n\t\t\t\t<div class=\"elementor-widget-container\">\n\t\t\t\t\t<div class=\"elementor-jet-button jet-elements\"><div class=\"jet-button__container\"><a class=\"jet-button__instance jet-button__instance--icon-left hover-effect-1\" href=\"\/ueber-iwell-guard\/?utm_source=iwell-guard.com&amp;utm_medium=info-box&amp;utm_campaign=wesen-tradition\"><div class=\"jet-button__plane jet-button__plane-normal\"><\/div><div class=\"jet-button__plane jet-button__plane-hover\"><\/div><div class=\"jet-button__state jet-button__state-normal\"><span class=\"jet-button__label\">Meira um iWell Guard<\/span><\/div><div class=\"jet-button__state jet-button__state-hover\"><span class=\"jet-button__label\">Meira um iWell Guard<\/span><\/div><\/a><\/div><\/div><style>.elementor-element.elementor-element-iwgw-malinainui-ccb .jet-button__instance{width:320px;height:56px;}.elementor-element.elementor-element-iwgw-malinainui-ccb .jet-button__state-normal .jet-button__label{text-align:center;margin:0px 0px 0px 0px;color:#1a1b20;font-family:Montserrat,sans-serif;font-size:13px;font-weight:400;letter-spacing:4px;line-height:1.714em;text-transform:uppercase;}.elementor-element.elementor-element-iwgw-malinainui-ccb .jet-button__state-hover .jet-button__label{text-align:center;margin:0px 0px 0px 0px;color:#FECC76;font-family:Montserrat,sans-serif;font-size:13px;font-weight:400;letter-spacing:4px;line-height:1.714em;text-transform:uppercase;}.elementor-element.elementor-element-iwgw-malinainui-ccb .jet-button__plane-normal{background-color:#FECC76;border-style:solid;border-color:#C99540;border-width:2px 2px 2px 2px;}.elementor-element.elementor-element-iwgw-malinainui-ccb .jet-button__plane-hover{background-color:rgba(0,0,0,0.55);border-style:solid;border-color:#FECC76;border-width:2px 2px 2px 2px;}<\/style>\t\t\t\t<\/div>\n\t\t\t\t<\/div>\n\t\t\t\t<div class=\"elementor-element elementor-element-iwgw-malinainui-ccd elementor-widget elementor-widget-text-editor\" data-id=\"iwgw-malinainui-ccd\" data-element_type=\"widget\" data-e-type=\"widget\" data-widget_type=\"text-editor.default\">\n\t\t\t\t\t\t\t\t\t<div data-nosnippet=\"true\"><p style=\"text-align:center;font-size:13px;opacity:0.7;margin-top:14px\" data-nosnippet=\"true\">Pers\u00f3nuleg reynsla getur veri\u00f0 mismunandi. Ekki l\u00e6kningat\u00e6ki. Engin lofor\u00f0 um l\u00e6kningu.<\/p><\/div>\t\t\t\t\t\t\t\t<\/div>\n\t\t\t\t\t<\/div>\n\t\t\t\t<\/div>\n\t\t\t\t\t<\/div>\n\t\t\t\t<\/div>\n\t\t<div class=\"elementor-element elementor-element-iwgw-malinainui-disc e-flex e-con-boxed e-con e-parent\" data-id=\"iwgw-malinainui-disc\" data-element_type=\"container\" data-e-type=\"container\">\n\t\t\t\t\t<div class=\"e-con-inner\">\n\t\t\t\t<div class=\"elementor-element elementor-element-iwgw-malinainui-discw elementor-widget elementor-widget-html\" data-id=\"iwgw-malinainui-discw\" data-element_type=\"widget\" data-e-type=\"widget\" data-widget_type=\"html.default\">\n\t\t\t\t\t<footer data-nosnippet=\"true\" class=\"iwg-disclaimer-block\"><p data-nosnippet=\"true\">iWell Guard er <strong>ekki l\u00e6kningat\u00e6ki<\/strong> og kemur ekki \u00ed sta\u00f0inn fyrir l\u00e6knis- e\u00f0a s\u00e1lfr\u00e6\u00f0ime\u00f0fer\u00f0. Tr\u00faarfr\u00e6\u00f0ilegt efni er menningars\u00f6gulegt samhengi, ekki r\u00e1\u00f0legging um andlega i\u00f0kun.<\/p><\/footer>\t\t\t\t<\/div>\n\t\t\t\t\t<\/div>\n\t\t\t\t<\/div>\n\t\t\t\t<\/div>\n\t\t","protected":false},"excerpt":{"rendered":"","protected":false},"author":3,"featured_media":2883,"parent":0,"menu_order":0,"comment_status":"closed","ping_status":"closed","template":"elementor_header_footer","meta":{"_yoast_wpseo_focuskw":"Malina In\u00fa\u00edta s\u00f3largy\u00f0ja","_yoast_wpseo_title":"Malina - s\u00f3largy\u00f0ja In\u00fa\u00edta og systir Igaluks","_yoast_wpseo_metadesc":"Malina er s\u00f3largy\u00f0ja In\u00fa\u00edta, systir og hin ofs\u00f3tta tunglsins Igaluks. Tr\u00faarbrag\u00f0afr\u00e6\u00f0ileg \u00fattekt me\u00f0 go\u00f0s\u00f6gn og heimildum.","_yoast_wpseo_meta-robots-noindex":"","_yoast_wpseo_canonical":"","_angie_page":false,"gefaehrdungsstufe":"1","wesen_kultur":"inuit","wesen_klasse":"goetter","footnotes":""},"categories":[],"class_list":["post-169007","page","type-page","status-publish","has-post-thumbnail","hentry"],"yoast_head":"<!-- This site is optimized with the Yoast SEO Premium plugin v27.7 (Yoast SEO v28.3) - https:\/\/yoast.com\/product\/yoast-seo-premium-wordpress\/ -->\n<title>Malina - s\u00f3largy\u00f0ja In\u00fa\u00edta og systir Igaluks<\/title>\n<meta name=\"description\" content=\"Malina er s\u00f3largy\u00f0ja In\u00fa\u00edta, systir og hin ofs\u00f3tta tunglsins Igaluks. Tr\u00faarbrag\u00f0afr\u00e6\u00f0ileg \u00fattekt me\u00f0 go\u00f0s\u00f6gn og heimildum.\" \/>\n<meta name=\"robots\" content=\"index, follow, max-snippet:-1, max-image-preview:large, max-video-preview:-1\" \/>\n<link rel=\"canonical\" href=\"https:\/\/iwell-guard.com\/is\/malina-solargydja-inuita\/\" \/>\n<meta property=\"og:locale\" content=\"is_IS\" \/>\n<meta property=\"og:type\" content=\"article\" \/>\n<meta property=\"og:title\" content=\"Malina - s\u00f3largy\u00f0ja In\u00fa\u00edta\" \/>\n<meta property=\"og:description\" content=\"Malina er s\u00f3largy\u00f0ja In\u00fa\u00edta, systir og hin ofs\u00f3tta tunglsins Igaluks. Tr\u00faarbrag\u00f0afr\u00e6\u00f0ileg \u00fattekt me\u00f0 go\u00f0s\u00f6gn og heimildum.\" \/>\n<meta property=\"og:url\" content=\"https:\/\/iwell-guard.com\/is\/malina-solargydja-inuita\/\" \/>\n<meta property=\"og:site_name\" content=\"iWell Guard\" \/>\n<meta property=\"article:modified_time\" content=\"2026-09-05T14:29:41+00:00\" \/>\n<meta property=\"og:image\" content=\"https:\/\/iwell-guard.com\/wp-content\/uploads\/2026\/05\/goetter_inuit_malina-inuit.webp\" \/>\n\t<meta property=\"og:image:width\" content=\"1024\" \/>\n\t<meta property=\"og:image:height\" content=\"1536\" \/>\n\t<meta property=\"og:image:type\" content=\"image\/webp\" \/>\n<meta name=\"twitter:card\" content=\"summary_large_image\" \/>\n<script type=\"application\/ld+json\" class=\"yoast-schema-graph\">{\"@context\":\"https:\\\/\\\/schema.org\",\"@graph\":[{\"@type\":\"WebPage\",\"@id\":\"https:\\\/\\\/iwell-guard.com\\\/is\\\/malina-solargydja-inuita\\\/\",\"url\":\"https:\\\/\\\/iwell-guard.com\\\/is\\\/malina-solargydja-inuita\\\/\",\"name\":\"Malina - s\u00f3largy\u00f0ja In\u00fa\u00edta og systir Igaluks\",\"isPartOf\":{\"@id\":\"https:\\\/\\\/iwell-guard.com\\\/is\\\/#website\"},\"primaryImageOfPage\":{\"@id\":\"https:\\\/\\\/iwell-guard.com\\\/is\\\/malina-solargydja-inuita\\\/#primaryimage\"},\"image\":{\"@id\":\"https:\\\/\\\/iwell-guard.com\\\/is\\\/malina-solargydja-inuita\\\/#primaryimage\"},\"thumbnailUrl\":\"https:\\\/\\\/iwell-guard.com\\\/wp-content\\\/uploads\\\/2026\\\/05\\\/goetter_inuit_malina-inuit.webp\",\"datePublished\":\"2026-09-05T14:04:47+00:00\",\"dateModified\":\"2026-09-05T14:29:41+00:00\",\"description\":\"Malina er s\u00f3largy\u00f0ja In\u00fa\u00edta, systir og hin ofs\u00f3tta tunglsins Igaluks. Tr\u00faarbrag\u00f0afr\u00e6\u00f0ileg \u00fattekt me\u00f0 go\u00f0s\u00f6gn og heimildum.\",\"breadcrumb\":{\"@id\":\"https:\\\/\\\/iwell-guard.com\\\/is\\\/malina-solargydja-inuita\\\/#breadcrumb\"},\"inLanguage\":\"is\",\"potentialAction\":[{\"@type\":\"ReadAction\",\"target\":[\"https:\\\/\\\/iwell-guard.com\\\/is\\\/malina-solargydja-inuita\\\/\"]}]},{\"@type\":\"ImageObject\",\"inLanguage\":\"is\",\"@id\":\"https:\\\/\\\/iwell-guard.com\\\/is\\\/malina-solargydja-inuita\\\/#primaryimage\",\"url\":\"https:\\\/\\\/iwell-guard.com\\\/wp-content\\\/uploads\\\/2026\\\/05\\\/goetter_inuit_malina-inuit.webp\",\"contentUrl\":\"https:\\\/\\\/iwell-guard.com\\\/wp-content\\\/uploads\\\/2026\\\/05\\\/goetter_inuit_malina-inuit.webp\",\"width\":1024,\"height\":1536,\"caption\":\"Gu\u00f0ir \u00far hef\u00f0 In\u00fa\u00edta.\"},{\"@type\":\"BreadcrumbList\",\"@id\":\"https:\\\/\\\/iwell-guard.com\\\/is\\\/malina-solargydja-inuita\\\/#breadcrumb\",\"itemListElement\":[{\"@type\":\"ListItem\",\"position\":1,\"name\":\"Start\",\"item\":\"https:\\\/\\\/iwell-guard.com\\\/is\\\/?page_id=168580\"},{\"@type\":\"ListItem\",\"position\":2,\"name\":\"Malina &#8211; s\u00f3largy\u00f0ja In\u00fa\u00edta\"}]},{\"@type\":\"WebSite\",\"@id\":\"https:\\\/\\\/iwell-guard.com\\\/is\\\/#website\",\"url\":\"https:\\\/\\\/iwell-guard.com\\\/is\\\/\",\"name\":\"iWell Guard\",\"description\":\"Schutz vor dunklen Einfl\u00fcssen\",\"publisher\":{\"@id\":\"https:\\\/\\\/iwell-guard.com\\\/is\\\/#organization\"},\"potentialAction\":[{\"@type\":\"SearchAction\",\"target\":{\"@type\":\"EntryPoint\",\"urlTemplate\":\"https:\\\/\\\/iwell-guard.com\\\/is\\\/?s={search_term_string}\"},\"query-input\":{\"@type\":\"PropertyValueSpecification\",\"valueRequired\":true,\"valueName\":\"search_term_string\"}}],\"inLanguage\":\"is\"},{\"@type\":\"Organization\",\"@id\":\"https:\\\/\\\/iwell-guard.com\\\/is\\\/#organization\",\"name\":\"Ittermann electronic GmbH\",\"url\":\"https:\\\/\\\/iwell-guard.com\\\/is\\\/\",\"logo\":{\"@type\":\"ImageObject\",\"inLanguage\":\"is\",\"@id\":\"https:\\\/\\\/iwell-guard.com\\\/is\\\/#\\\/schema\\\/logo\\\/image\\\/\",\"url\":\"https:\\\/\\\/iwell-guard.com\\\/wp-content\\\/uploads\\\/2026\\\/05\\\/Ittermann-Logo-1182x237-1.png\",\"contentUrl\":\"https:\\\/\\\/iwell-guard.com\\\/wp-content\\\/uploads\\\/2026\\\/05\\\/Ittermann-Logo-1182x237-1.png\",\"width\":1182,\"height\":237,\"caption\":\"Ittermann electronic GmbH\"},\"image\":{\"@id\":\"https:\\\/\\\/iwell-guard.com\\\/is\\\/#\\\/schema\\\/logo\\\/image\\\/\"},\"sameAs\":[\"https:\\\/\\\/pantip.com\\\/profile\\\/9367242\",\"https:\\\/\\\/micro.blog\\\/iwellguard\",\"https:\\\/\\\/www.diggerslist.com\\\/iwellguard\\\/about\",\"https:\\\/\\\/skitterphoto.com\\\/photographers\\\/2870314\\\/iwell-guard\",\"https:\\\/\\\/iwellguard.wordpress.com\\\/2026\\\/06\\\/06\\\/iwell-guard\\\/\",\"https:\\\/\\\/hub.docker.com\\\/u\\\/iwellguard\",\"https:\\\/\\\/www.pinterest.com\\\/iwellguard\\\/\",\"https:\\\/\\\/bit.ly\\\/m\\\/iwellguard\",\"https:\\\/\\\/entre-vos-mains.alsace.eu\\\/profiles\\\/iwellguard\\\/activity\",\"https:\\\/\\\/gravatar.com\\\/reallybeded8fd34\",\"https:\\\/\\\/naijamatta.com\\\/iwellguard\",\"https:\\\/\\\/www.goodreads.com\\\/iwellguard\",\"https:\\\/\\\/profile.hatena.ne.jp\\\/iwellguard\\\/\",\"https:\\\/\\\/experiment.com\\\/users\\\/iwellguard\",\"https:\\\/\\\/wakelet.com\\\/@iWellGuard82270\",\"https:\\\/\\\/www.chordie.com\\\/forum\\\/profile.php?id=2555664\",\"https:\\\/\\\/www.instapaper.com\\\/p\\\/17757966\",\"https:\\\/\\\/www.mapleprimes.com\\\/users\\\/iwellguard\",\"https:\\\/\\\/businesslistingplus.com\\\/profile\\\/iwell-guard\\\/\",\"https:\\\/\\\/telegra.ph\\\/iWell-Guard-06-06\",\"https:\\\/\\\/pbase.com\\\/iwellguard\\\/iwellguard\",\"https:\\\/\\\/b.hatena.ne.jp\\\/iwellguard\\\/20260607#bookmark-4788405196491818882\",\"https:\\\/\\\/fliphtml5.com\\\/home\\\/iwellguard\",\"https:\\\/\\\/anyflip.com\\\/homepage\\\/cmiwl#About\",\"https:\\\/\\\/transfur.com\\\/Users\\\/iwellguard\",\"http:\\\/\\\/delphi.larsbo.org\\\/user\\\/iwellguard\",\"https:\\\/\\\/jobs.lajobsportal.org\\\/profiles\\\/8380803-iwell-guard\",\"https:\\\/\\\/md.chaosdorf.de\\\/s\\\/jfbe5SBdJD\",\"https:\\\/\\\/www.lingvolive.com\\\/en-us\\\/profile\\\/9ecaeaca-ce11-4e51-9e71-01d55e2bff36\\\/translations\",\"https:\\\/\\\/www.fitday.com\\\/fitness\\\/forums\\\/members\\\/iwellguard.html\",\"https:\\\/\\\/www.mymeetbook.com\\\/iwellguard\",\"https:\\\/\\\/pxhere.com\\\/en\\\/photographer-me\\\/5040798\",\"https:\\\/\\\/disqus.com\\\/by\\\/iwellguard\\\/about\\\/\",\"https:\\\/\\\/pastelink.net\\\/hjwciqwq\",\"https:\\\/\\\/pubhtml5.com\\\/homepage\\\/scjhn\\\/\",\"https:\\\/\\\/www.bitchute.com\\\/channel\\\/2O2eOKzNqujT\",\"https:\\\/\\\/audiomack.com\\\/iwellguard\"]},{\"@type\":\"Article\",\"@id\":\"https:\\\/\\\/iwell-guard.com\\\/is\\\/malina-solargydja-inuita\\\/#article\",\"isPartOf\":{\"@id\":\"https:\\\/\\\/iwell-guard.com\\\/is\\\/malina-solargydja-inuita\\\/\"},\"author\":{\"name\":\"Ralf Ittermann\",\"@id\":\"https:\\\/\\\/iwell-guard.com\\\/is\\\/#\\\/schema\\\/person\\\/ee2a27f1cac3406c7c6fb5820cb7349f\"},\"headline\":\"Malina &#8211; s\u00f3largy\u00f0ja In\u00fa\u00edta\",\"datePublished\":\"2026-09-05T14:04:47+00:00\",\"dateModified\":\"2026-09-05T14:29:41+00:00\",\"mainEntityOfPage\":{\"@id\":\"https:\\\/\\\/iwell-guard.com\\\/is\\\/malina-solargydja-inuita\\\/\"},\"publisher\":{\"@id\":\"https:\\\/\\\/iwell-guard.com\\\/is\\\/#organization\"},\"image\":{\"@id\":\"https:\\\/\\\/iwell-guard.com\\\/is\\\/malina-solargydja-inuita\\\/#primaryimage\"},\"thumbnailUrl\":\"https:\\\/\\\/iwell-guard.com\\\/wp-content\\\/uploads\\\/2026\\\/05\\\/goetter_inuit_malina-inuit.webp\",\"inLanguage\":\"is\",\"description\":\"Malina er s\u00f3largy\u00f0ja In\u00fa\u00edta, systir og hin ofs\u00f3tta tunglsins Igaluks. Tr\u00faarbrag\u00f0afr\u00e6\u00f0ileg \u00fattekt me\u00f0 go\u00f0s\u00f6gn og heimildum.\"}]}<\/script>\n<!-- \/ Yoast SEO Premium plugin. -->","yoast_head_json":{"title":"Malina - s\u00f3largy\u00f0ja In\u00fa\u00edta og systir Igaluks","description":"Malina er s\u00f3largy\u00f0ja In\u00fa\u00edta, systir og hin ofs\u00f3tta tunglsins Igaluks. Tr\u00faarbrag\u00f0afr\u00e6\u00f0ileg \u00fattekt me\u00f0 go\u00f0s\u00f6gn og heimildum.","robots":{"index":"index","follow":"follow","max-snippet":"max-snippet:-1","max-image-preview":"max-image-preview:large","max-video-preview":"max-video-preview:-1"},"canonical":"https:\/\/iwell-guard.com\/is\/malina-solargydja-inuita\/","og_locale":"is_IS","og_type":"article","og_title":"Malina - s\u00f3largy\u00f0ja In\u00fa\u00edta","og_description":"Malina er s\u00f3largy\u00f0ja In\u00fa\u00edta, systir og hin ofs\u00f3tta tunglsins Igaluks. Tr\u00faarbrag\u00f0afr\u00e6\u00f0ileg \u00fattekt me\u00f0 go\u00f0s\u00f6gn og heimildum.","og_url":"https:\/\/iwell-guard.com\/is\/malina-solargydja-inuita\/","og_site_name":"iWell Guard","article_modified_time":"2026-09-05T14:29:41+00:00","og_image":[{"width":1024,"height":1536,"url":"https:\/\/iwell-guard.com\/wp-content\/uploads\/2026\/05\/goetter_inuit_malina-inuit.webp","type":"image\/webp"}],"twitter_card":"summary_large_image","schema":{"@context":"https:\/\/schema.org","@graph":[{"@type":"Article","@id":"https:\/\/iwell-guard.com\/is\/malina-solargydja-inuita\/#article","isPartOf":{"@id":"https:\/\/iwell-guard.com\/is\/malina-solargydja-inuita\/"},"author":{"name":"Ralf Ittermann","@id":"https:\/\/iwell-guard.com\/is\/#\/schema\/person\/ee2a27f1cac3406c7c6fb5820cb7349f"},"headline":"Malina &#8211; s\u00f3largy\u00f0ja In\u00fa\u00edta","datePublished":"2026-09-05T14:04:47+00:00","dateModified":"2026-09-05T14:29:41+00:00","mainEntityOfPage":{"@id":"https:\/\/iwell-guard.com\/is\/malina-solargydja-inuita\/"},"publisher":{"@id":"https:\/\/iwell-guard.com\/is\/#organization"},"image":{"@id":"https:\/\/iwell-guard.com\/is\/malina-solargydja-inuita\/#primaryimage"},"thumbnailUrl":"https:\/\/iwell-guard.com\/wp-content\/uploads\/2026\/05\/goetter_inuit_malina-inuit.webp","inLanguage":"is","description":"Malina er s\u00f3largy\u00f0ja In\u00fa\u00edta, systir og hin ofs\u00f3tta tunglsins Igaluks. Tr\u00faarbrag\u00f0afr\u00e6\u00f0ileg \u00fattekt me\u00f0 go\u00f0s\u00f6gn og heimildum."},{"@type":"WebPage","@id":"https:\/\/iwell-guard.com\/is\/malina-solargydja-inuita\/","url":"https:\/\/iwell-guard.com\/is\/malina-solargydja-inuita\/","name":"Malina - s\u00f3largy\u00f0ja In\u00fa\u00edta og systir Igaluks","isPartOf":{"@id":"https:\/\/iwell-guard.com\/is\/#website"},"primaryImageOfPage":{"@id":"https:\/\/iwell-guard.com\/is\/malina-solargydja-inuita\/#primaryimage"},"image":{"@id":"https:\/\/iwell-guard.com\/is\/malina-solargydja-inuita\/#primaryimage"},"thumbnailUrl":"https:\/\/iwell-guard.com\/wp-content\/uploads\/2026\/05\/goetter_inuit_malina-inuit.webp","datePublished":"2026-09-05T14:04:47+00:00","dateModified":"2026-09-05T14:29:41+00:00","description":"Malina er s\u00f3largy\u00f0ja In\u00fa\u00edta, systir og hin ofs\u00f3tta tunglsins Igaluks. Tr\u00faarbrag\u00f0afr\u00e6\u00f0ileg \u00fattekt me\u00f0 go\u00f0s\u00f6gn og heimildum.","breadcrumb":{"@id":"https:\/\/iwell-guard.com\/is\/malina-solargydja-inuita\/#breadcrumb"},"inLanguage":"is","potentialAction":[{"@type":"ReadAction","target":["https:\/\/iwell-guard.com\/is\/malina-solargydja-inuita\/"]}]},{"@type":"ImageObject","inLanguage":"is","@id":"https:\/\/iwell-guard.com\/is\/malina-solargydja-inuita\/#primaryimage","url":"https:\/\/iwell-guard.com\/wp-content\/uploads\/2026\/05\/goetter_inuit_malina-inuit.webp","contentUrl":"https:\/\/iwell-guard.com\/wp-content\/uploads\/2026\/05\/goetter_inuit_malina-inuit.webp","width":1024,"height":1536,"caption":"Gu\u00f0ir \u00far hef\u00f0 In\u00fa\u00edta."},{"@type":"BreadcrumbList","@id":"https:\/\/iwell-guard.com\/is\/malina-solargydja-inuita\/#breadcrumb","itemListElement":[{"@type":"ListItem","position":1,"name":"Start","item":"https:\/\/iwell-guard.com\/is\/?page_id=168580"},{"@type":"ListItem","position":2,"name":"Malina &#8211; s\u00f3largy\u00f0ja In\u00fa\u00edta"}]},{"@type":"WebSite","@id":"https:\/\/iwell-guard.com\/is\/#website","url":"https:\/\/iwell-guard.com\/is\/","name":"iWell Guard","description":"Schutz vor dunklen Einfl\u00fcssen","publisher":{"@id":"https:\/\/iwell-guard.com\/is\/#organization"},"potentialAction":[{"@type":"SearchAction","target":{"@type":"EntryPoint","urlTemplate":"https:\/\/iwell-guard.com\/is\/?s={search_term_string}"},"query-input":{"@type":"PropertyValueSpecification","valueRequired":true,"valueName":"search_term_string"}}],"inLanguage":"is"},{"@type":"Organization","@id":"https:\/\/iwell-guard.com\/is\/#organization","name":"Ittermann electronic GmbH","url":"https:\/\/iwell-guard.com\/is\/","logo":{"@type":"ImageObject","inLanguage":"is","@id":"https:\/\/iwell-guard.com\/is\/#\/schema\/logo\/image\/","url":"https:\/\/iwell-guard.com\/wp-content\/uploads\/2026\/05\/Ittermann-Logo-1182x237-1.png","contentUrl":"https:\/\/iwell-guard.com\/wp-content\/uploads\/2026\/05\/Ittermann-Logo-1182x237-1.png","width":1182,"height":237,"caption":"Ittermann electronic GmbH"},"image":{"@id":"https:\/\/iwell-guard.com\/is\/#\/schema\/logo\/image\/"},"sameAs":["https:\/\/pantip.com\/profile\/9367242","https:\/\/micro.blog\/iwellguard","https:\/\/www.diggerslist.com\/iwellguard\/about","https:\/\/skitterphoto.com\/photographers\/2870314\/iwell-guard","https:\/\/iwellguard.wordpress.com\/2026\/06\/06\/iwell-guard\/","https:\/\/hub.docker.com\/u\/iwellguard","https:\/\/www.pinterest.com\/iwellguard\/","https:\/\/bit.ly\/m\/iwellguard","https:\/\/entre-vos-mains.alsace.eu\/profiles\/iwellguard\/activity","https:\/\/gravatar.com\/reallybeded8fd34","https:\/\/naijamatta.com\/iwellguard","https:\/\/www.goodreads.com\/iwellguard","https:\/\/profile.hatena.ne.jp\/iwellguard\/","https:\/\/experiment.com\/users\/iwellguard","https:\/\/wakelet.com\/@iWellGuard82270","https:\/\/www.chordie.com\/forum\/profile.php?id=2555664","https:\/\/www.instapaper.com\/p\/17757966","https:\/\/www.mapleprimes.com\/users\/iwellguard","https:\/\/businesslistingplus.com\/profile\/iwell-guard\/","https:\/\/telegra.ph\/iWell-Guard-06-06","https:\/\/pbase.com\/iwellguard\/iwellguard","https:\/\/b.hatena.ne.jp\/iwellguard\/20260607#bookmark-4788405196491818882","https:\/\/fliphtml5.com\/home\/iwellguard","https:\/\/anyflip.com\/homepage\/cmiwl#About","https:\/\/transfur.com\/Users\/iwellguard","http:\/\/delphi.larsbo.org\/user\/iwellguard","https:\/\/jobs.lajobsportal.org\/profiles\/8380803-iwell-guard","https:\/\/md.chaosdorf.de\/s\/jfbe5SBdJD","https:\/\/www.lingvolive.com\/en-us\/profile\/9ecaeaca-ce11-4e51-9e71-01d55e2bff36\/translations","https:\/\/www.fitday.com\/fitness\/forums\/members\/iwellguard.html","https:\/\/www.mymeetbook.com\/iwellguard","https:\/\/pxhere.com\/en\/photographer-me\/5040798","https:\/\/disqus.com\/by\/iwellguard\/about\/","https:\/\/pastelink.net\/hjwciqwq","https:\/\/pubhtml5.com\/homepage\/scjhn\/","https:\/\/www.bitchute.com\/channel\/2O2eOKzNqujT","https:\/\/audiomack.com\/iwellguard"]},{"@type":"Person","@id":"https:\/\/iwell-guard.com\/is\/#\/schema\/person\/ee2a27f1cac3406c7c6fb5820cb7349f","name":"Ralf Ittermann","image":{"@type":"ImageObject","inLanguage":"is","@id":"https:\/\/secure.gravatar.com\/avatar\/073c0153e350a5005b68eb752b445fea71f6b24a26da9449ad7e155e6b446c9d?s=96&d=mm&r=g","url":"https:\/\/secure.gravatar.com\/avatar\/073c0153e350a5005b68eb752b445fea71f6b24a26da9449ad7e155e6b446c9d?s=96&d=mm&r=g","contentUrl":"https:\/\/secure.gravatar.com\/avatar\/073c0153e350a5005b68eb752b445fea71f6b24a26da9449ad7e155e6b446c9d?s=96&d=mm&r=g","caption":"Ralf Ittermann"},"givenName":"Ralf","familyName":"Ittermann","jobTitle":"Gesch\u00e4ftsf\u00fchrer und redaktioneller Verantwortlicher","url":"https:\/\/iwell-guard.com\/is\/author\/claude\/","description":"Ralf Ittermann ist Gesch\u00e4ftsf\u00fchrer der Ittermann electronic GmbH und redaktioneller Verantwortlicher des iWell-Guard-Lexikons. Er verbindet langj\u00e4hrige Erfahrung in der Pr\u00e4zisionsfertigung mit medialer Praxis und religionsgeschichtlicher Quellenarbeit.","worksFor":{"@type":"Organization","name":"Ittermann electronic GmbH","url":"https:\/\/ittermann.de\/","address":{"@type":"PostalAddress","streetAddress":"K\u00f6hlergasse 16-18","postalCode":"99842","addressLocality":"Ruhla","addressCountry":"DE"}},"knowsAbout":["Religionsgeschichte","Mythologie","Mediale Praxis","Energetische Diagnostik","Schutzpraxis","Volksglauben","Westliche Esoterik"]},{"@type":"Article","@id":"https:\/\/iwell-guard.com\/is\/malina-solargydja-inuita\/#article","isPartOf":{"@id":"https:\/\/iwell-guard.com\/is\/malina-solargydja-inuita\/"},"author":{"name":"Ralf Ittermann","@id":"https:\/\/iwell-guard.com\/is\/#\/schema\/person\/ee2a27f1cac3406c7c6fb5820cb7349f"},"headline":"Malina &#8211; s\u00f3largy\u00f0ja In\u00fa\u00edta","datePublished":"2026-09-05T14:04:47+00:00","dateModified":"2026-09-05T14:29:41+00:00","mainEntityOfPage":{"@id":"https:\/\/iwell-guard.com\/is\/malina-solargydja-inuita\/"},"publisher":{"@id":"https:\/\/iwell-guard.com\/is\/#organization"},"image":{"@id":"https:\/\/iwell-guard.com\/is\/malina-solargydja-inuita\/#primaryimage"},"thumbnailUrl":"https:\/\/iwell-guard.com\/wp-content\/uploads\/2026\/05\/goetter_inuit_malina-inuit.webp","inLanguage":"is","description":"Malina er s\u00f3largy\u00f0ja In\u00fa\u00edta, systir og hin ofs\u00f3tta tunglsins Igaluks. Tr\u00faarbrag\u00f0afr\u00e6\u00f0ileg \u00fattekt me\u00f0 go\u00f0s\u00f6gn og heimildum."}]}},"_links":{"self":[{"href":"https:\/\/iwell-guard.com\/is\/wp-json\/wp\/v2\/pages\/169007","targetHints":{"allow":["GET"]}}],"collection":[{"href":"https:\/\/iwell-guard.com\/is\/wp-json\/wp\/v2\/pages"}],"about":[{"href":"https:\/\/iwell-guard.com\/is\/wp-json\/wp\/v2\/types\/page"}],"author":[{"embeddable":true,"href":"https:\/\/iwell-guard.com\/is\/wp-json\/wp\/v2\/users\/3"}],"replies":[{"embeddable":true,"href":"https:\/\/iwell-guard.com\/is\/wp-json\/wp\/v2\/comments?post=169007"}],"version-history":[{"count":0,"href":"https:\/\/iwell-guard.com\/is\/wp-json\/wp\/v2\/pages\/169007\/revisions"}],"wp:featuredmedia":[{"embeddable":true,"href":"https:\/\/iwell-guard.com\/is\/wp-json\/wp\/v2\/media\/2883"}],"wp:attachment":[{"href":"https:\/\/iwell-guard.com\/is\/wp-json\/wp\/v2\/media?parent=169007"}],"wp:term":[{"taxonomy":"category","embeddable":true,"href":"https:\/\/iwell-guard.com\/is\/wp-json\/wp\/v2\/categories?post=169007"}],"curies":[{"name":"wp","href":"https:\/\/api.w.org\/{rel}","templated":true}]}}