{"id":169006,"date":"2026-09-05T14:04:46","date_gmt":"2026-09-05T14:04:46","guid":{"rendered":"https:\/\/iwell-guard.com\/?page_id=169006"},"modified":"2026-09-05T14:29:40","modified_gmt":"2026-09-05T14:29:40","slug":"igaluk-tunglgud-inuita","status":"publish","type":"page","link":"https:\/\/iwell-guard.com\/is\/igaluk-tunglgud-inuita\/","title":{"rendered":"Igaluk &#8211; Tunglgu\u00f0 \u00ed hef\u00f0um In\u00fa\u00edta"},"content":{"rendered":"\t\t<div data-elementor-type=\"wp-page\" data-elementor-id=\"169006\" class=\"elementor elementor-169006 elementor-2661 elementor-bc-flex-widget\" data-elementor-post-type=\"page\">\n\t\t\t\t<div class=\"elementor-element elementor-element-iwgw-igaluk-hero e-flex e-con-boxed e-con e-parent\" data-id=\"iwgw-igaluk-hero\" data-element_type=\"container\" data-e-type=\"container\" data-settings=\"{&quot;background_background&quot;:&quot;classic&quot;}\">\n\t\t\t\t\t<div class=\"e-con-inner\">\n\t\t<div class=\"elementor-element elementor-element-iwgw-igaluk-hl e-flex e-con-boxed e-con e-child\" data-id=\"iwgw-igaluk-hl\" data-element_type=\"container\" data-e-type=\"container\">\n\t\t\t\t\t<div class=\"e-con-inner\">\n\t\t<div class=\"elementor-element elementor-element-iwgw-igaluk-htxt e-con-full e-flex e-con e-child\" data-id=\"iwgw-igaluk-htxt\" data-element_type=\"container\" data-e-type=\"container\">\n\t\t\t\t<div class=\"elementor-element elementor-element-iwgw-igaluk-h1 elementor-widget elementor-widget-heading\" data-id=\"iwgw-igaluk-h1\" data-element_type=\"widget\" data-e-type=\"widget\" data-widget_type=\"heading.default\">\n\t\t\t\t\t<h1 class=\"elementor-heading-title elementor-size-default\">Igaluk - Tunglgu\u00f0, br\u00f3\u00f0ir s\u00f3larinnar og verndari vei\u00f0anna<\/h1>\t\t\t\t<\/div>\n\t\t\t\t<div class=\"elementor-element elementor-element-iwgw-igaluk-lead elementor-widget elementor-widget-text-editor\" data-id=\"iwgw-igaluk-lead\" data-element_type=\"widget\" data-e-type=\"widget\" data-widget_type=\"text-editor.default\">\n\t\t\t\t\t\t\t\t\t<p>Igaluk er \u00ed hef\u00f0 mi\u00f0-heimskautssv\u00e6\u00f0is <a href=\"https:\/\/iwell-guard.com\/is\/inuit-og-nordurslodir-sedna-tornit\/\">in\u00fa\u00edta<\/a> tunglgu\u00f0inn, sem er n\u00e1tengdur systur sinni, s\u00f3linni <a href=\"https:\/\/iwell-guard.com\/is\/?page_id=169007\">Malina<\/a>, \u00ed tv\u00edr\u00e6\u00f0um <span class=\"iwg-fachbegriff\" data-tooltip=\"Munnm\u00e6lasaga um gu\u00f0i, uppruna og skipulag heimsins.\" tabindex=\"0\">go\u00f0s\u00f6gn<\/span>. Hann er talinn verndari vei\u00f0a en jafnframt si\u00f0fer\u00f0ilega vafas\u00f6m vera vegna sifjaspells \u00ed fors\u00f6gu sinni. Tr\u00faarbrag\u00f0afr\u00e6\u00f0ilega er hann d\u00e6miger\u00f0 tv\u00edr\u00e6\u00f0 pers\u00f3na.<\/p>\t\t\t\t\t\t\t\t<\/div>\n\t\t\t\t<\/div>\n\t\t<div class=\"elementor-element elementor-element-iwgw-igaluk-pillc e-con-full e-flex e-con e-child\" data-id=\"iwgw-igaluk-pillc\" data-element_type=\"container\" data-e-type=\"container\">\n\t\t\t\t<div class=\"elementor-element elementor-element-iwgw-igaluk-pills elementor-widget elementor-widget-html\" data-id=\"iwgw-igaluk-pills\" data-element_type=\"widget\" data-e-type=\"widget\" data-widget_type=\"html.default\">\n\t\t\t\t\t<div class=\"iwg-pill-row\"><span class=\"iwg-klasse-badge\" tabindex=\"0\" data-tooltip=\"Tunglgu\u00f0 hef\u00f0ar In\u00fa\u00edta.\">Tunglgu\u00f0<\/span><a href=\"https:\/\/iwell-guard.com\/is\/inuit-og-nordurslodir-sedna-tornit\/\" class=\"iwg-kultur-badge\" tabindex=\"0\" data-tooltip=\"Go\u00f0afr\u00e6\u00f0i hef\u00f0ar In\u00fa\u00edta.\">In\u00fa\u00edtar<\/a><span class=\"iwg-tradition-badge\" tabindex=\"0\" data-tooltip=\"Verndari tungls og vei\u00f0a.\">Verndari tungls og vei\u00f0a<\/span><\/div>\t\t\t\t<\/div>\n\t\t\t\t<\/div>\n\t\t<div class=\"elementor-element elementor-element-iwgw-igaluk-tocc e-con-full e-flex e-con e-child\" data-id=\"iwgw-igaluk-tocc\" data-element_type=\"container\" data-e-type=\"container\">\n\t\t\t\t<div class=\"elementor-element elementor-element-iwgw-igaluk-toc elementor-toc--minimized-on-tablet elementor-widget elementor-widget-table-of-contents\" data-id=\"iwgw-igaluk-toc\" data-element_type=\"widget\" data-e-type=\"widget\" data-settings=\"{&quot;headings_by_tags&quot;:[&quot;h2&quot;,&quot;h3&quot;],&quot;minimize_box&quot;:&quot;yes&quot;,&quot;marker_view&quot;:&quot;bullets&quot;,&quot;no_headings_message&quot;:&quot;Engar undirfyrirsagnir fundust \\u00e1 \\u00feessari s\\u00ed\\u00f0u.&quot;,&quot;exclude_headings_by_selector&quot;:[],&quot;icon&quot;:{&quot;value&quot;:&quot;fas fa-circle&quot;,&quot;library&quot;:&quot;fa-solid&quot;,&quot;rendered_tag&quot;:&quot;&lt;svg class=\\&quot;e-font-icon-svg e-fas-circle\\&quot; viewBox=\\&quot;0 0 512 512\\&quot; xmlns=\\&quot;http:\\\/\\\/www.w3.org\\\/2000\\\/svg\\&quot;&gt;&lt;path d=\\&quot;M256 8C119 8 8 119 8 256s111 248 248 248 248-111 248-248S393 8 256 8z\\&quot;&gt;&lt;\\\/path&gt;&lt;\\\/svg&gt;&quot;},&quot;minimized_on&quot;:&quot;tablet&quot;,&quot;hierarchical_view&quot;:&quot;yes&quot;,&quot;min_height&quot;:{&quot;unit&quot;:&quot;px&quot;,&quot;size&quot;:&quot;&quot;,&quot;sizes&quot;:[]},&quot;min_height_tablet&quot;:{&quot;unit&quot;:&quot;px&quot;,&quot;size&quot;:&quot;&quot;,&quot;sizes&quot;:[]},&quot;min_height_mobile&quot;:{&quot;unit&quot;:&quot;px&quot;,&quot;size&quot;:&quot;&quot;,&quot;sizes&quot;:[]}}\" data-widget_type=\"table-of-contents.default\">\n\t\t\t\t\t\t\t\t\t<div class=\"elementor-toc__header\">\n\t\t\t\t\t\t<h2 class=\"elementor-toc__header-title\">\n\t\t\t\tEfnisyfirlit\t\t\t<\/h2>\n\t\t\t\t\t\t\t\t\t\t<div class=\"elementor-toc__toggle-button elementor-toc__toggle-button--expand\" role=\"button\" tabindex=\"0\" aria-controls=\"elementor-toc__iwgw-igaluk-toc\" aria-expanded=\"true\" aria-label=\"Open table of contents\"><svg aria-hidden=\"true\" class=\"e-font-icon-svg e-fas-chevron-down\" viewBox=\"0 0 448 512\" xmlns=\"http:\/\/www.w3.org\/2000\/svg\"><path d=\"M207.029 381.476L12.686 187.132c-9.373-9.373-9.373-24.569 0-33.941l22.667-22.667c9.357-9.357 24.522-9.375 33.901-.04L224 284.505l154.745-154.021c9.379-9.335 24.544-9.317 33.901.04l22.667 22.667c9.373 9.373 9.373 24.569 0 33.941L240.971 381.476c-9.373 9.372-24.569 9.372-33.942 0z\"><\/path><\/svg><\/div>\n\t\t\t\t<div class=\"elementor-toc__toggle-button elementor-toc__toggle-button--collapse\" role=\"button\" tabindex=\"0\" aria-controls=\"elementor-toc__iwgw-igaluk-toc\" aria-expanded=\"true\" aria-label=\"Close table of contents\"><svg aria-hidden=\"true\" class=\"e-font-icon-svg e-fas-chevron-up\" viewBox=\"0 0 448 512\" xmlns=\"http:\/\/www.w3.org\/2000\/svg\"><path d=\"M240.971 130.524l194.343 194.343c9.373 9.373 9.373 24.569 0 33.941l-22.667 22.667c-9.357 9.357-24.522 9.375-33.901.04L224 227.495 69.255 381.516c-9.379 9.335-24.544 9.317-33.901-.04l-22.667-22.667c-9.373-9.373-9.373-24.569 0-33.941L207.03 130.525c9.372-9.373 24.568-9.373 33.941-.001z\"><\/path><\/svg><\/div>\n\t\t\t\t\t<\/div>\n\t\t\t\t<div id=\"elementor-toc__iwgw-igaluk-toc\" class=\"elementor-toc__body\">\n\t\t\t<div class=\"elementor-toc__spinner-container\">\n\t\t\t\t<svg class=\"elementor-toc__spinner eicon-animation-spin e-font-icon-svg e-eicon-loading\" aria-hidden=\"true\" viewBox=\"0 0 1000 1000\" xmlns=\"http:\/\/www.w3.org\/2000\/svg\"><path d=\"M500 975V858C696 858 858 696 858 500S696 142 500 142 142 304 142 500H25C25 237 238 25 500 25S975 237 975 500 763 975 500 975Z\"><\/path><\/svg>\t\t\t<\/div>\n\t\t<\/div>\n\t\t\t\t\t\t<\/div>\n\t\t\t\t<\/div>\n\t\t\t\t\t<\/div>\n\t\t\t\t<\/div>\n\t\t<div class=\"elementor-element elementor-element-iwgw-igaluk-hr e-con-full e-flex e-con e-child\" data-id=\"iwgw-igaluk-hr\" data-element_type=\"container\" data-e-type=\"container\">\n\t\t\t\t<div class=\"elementor-element elementor-element-iwgw-igaluk-heroimg iwg-hero-image elementor-widget elementor-widget-image\" data-id=\"iwgw-igaluk-heroimg\" data-element_type=\"widget\" data-e-type=\"widget\" data-widget_type=\"image.default\">\n\t\t\t\t\t\t\t\t\t\t\t\t\t\t\t<img fetchpriority=\"high\" decoding=\"async\" width=\"683\" height=\"1024\" src=\"https:\/\/iwell-guard.com\/wp-content\/uploads\/2026\/05\/goetter_inuit_igaluk-683x1024.webp\" class=\"attachment-large size-large wp-image-170775\" alt=\"Igaluk - gu\u00f0 \u00far in\u00fa\u00edta-hef\u00f0inni, s\u00f6guleg mynd til sk\u00fdringar\" srcset=\"https:\/\/iwell-guard.com\/wp-content\/uploads\/2026\/05\/goetter_inuit_igaluk-683x1024.webp 683w, https:\/\/iwell-guard.com\/wp-content\/uploads\/2026\/05\/goetter_inuit_igaluk-200x300.webp 200w, https:\/\/iwell-guard.com\/wp-content\/uploads\/2026\/05\/goetter_inuit_igaluk-768x1152.webp 768w, https:\/\/iwell-guard.com\/wp-content\/uploads\/2026\/05\/goetter_inuit_igaluk.webp 1024w\" sizes=\"(max-width: 683px) 100vw, 683px\" \/>\t\t\t\t\t\t\t\t\t\t\t\t\t\t\t<\/div>\n\t\t\t\t<\/div>\n\t\t\t\t\t<\/div>\n\t\t\t\t<\/div>\n\t\t<div class=\"elementor-element elementor-element-iwgw-igaluk-s0 e-flex e-con-boxed e-con e-parent\" data-id=\"iwgw-igaluk-s0\" data-element_type=\"container\" data-e-type=\"container\">\n\t\t\t\t\t<div class=\"e-con-inner\">\n\t\t\t\t<div class=\"elementor-element elementor-element-iwgw-igaluk-s0h elementor-widget elementor-widget-heading\" data-id=\"iwgw-igaluk-s0h\" data-element_type=\"widget\" data-e-type=\"widget\" data-widget_type=\"heading.default\">\n\t\t\t\t\t<h2 class=\"elementor-heading-title elementor-size-default\">Greining og skammrit<\/h2>\t\t\t\t<\/div>\n\t\t<div class=\"elementor-element elementor-element-iwgw-igaluk-s0c e-con-full e-flex e-con e-child\" data-id=\"iwgw-igaluk-s0c\" data-element_type=\"container\" data-e-type=\"container\">\n\t\t\t\t<div class=\"elementor-element elementor-element-iwgw-igaluk-s0t elementor-widget elementor-widget-text-editor\" data-id=\"iwgw-igaluk-s0t\" data-element_type=\"widget\" data-e-type=\"widget\" data-widget_type=\"text-editor.default\">\n\t\t\t\t\t\t\t\t\t<p>Tungli\u00f0 er \u00ed hef\u00f0 In\u00fa\u00edta ekki hlutlaus stjarnfr\u00e6\u00f0ileg st\u00e6r\u00f0, heldur pers\u00f3nuger\u00f0 vera me\u00f0 eigin \u00e6vis\u00f6gu og si\u00f0fer\u00f0ilega merkingu. Igaluk, \u00e1 sumum sv\u00e6\u00f0um einnig kalla\u00f0ur Aningat e\u00f0a Tatqiq, er me\u00f0al \u00feeirra karlkyns gu\u00f0a sem best er var\u00f0veitt vitneskja um \u00e1 mi\u00f0heimskautssv\u00e6\u00f0inu, og er tr\u00faarbrag\u00f0afr\u00e6\u00f0ilega mikilv\u00e6g pers\u00f3na.<\/p><p>V\u00edsindalega er Igaluk s\u00e9rstakur fyrir a\u00f0 vera b\u00e6\u00f0i j\u00e1kv\u00e6\u00f0 og neikv\u00e6\u00f0 vera. J\u00e1kv\u00e6\u00f0 sem verndari vei\u00f0anna, sem sei\u00f0menn geta heims\u00f3tt og sem hefur \u00e1hrif \u00e1 ve\u00f0ur og d\u00fdrastofna. Neikv\u00e6\u00f0 sem a\u00f0alpers\u00f3na \u00ed <span class=\"iwg-fachbegriff\" data-tooltip=\"Hef\u00f0bundin fr\u00e1s\u00f6gn um gu\u00f0i, uppruna og skipan heimsins.\" tabindex=\"0\">go\u00f0s\u00f6gn<\/span> um sifjaspell, \u00fear sem hann liggur me\u00f0 systur sinni \u00e1n \u00feess a\u00f0 vita \u00fea\u00f0 og hrindir henni \u00feannig \u00ed s\u00f3larst\u00f6\u00f0una. \u00deessi tv\u00edr\u00e6\u00f0a tv\u00f6falda \u00e1s\u00fdnd er d\u00e6miger\u00f0 fyrir tr\u00faarbrag\u00f0afyrirb\u00e6rafr\u00e6\u00f0i.<\/p><p>\u00deessi tv\u00edr\u00e6\u00f0ni gerir Igaluk a\u00f0 fyrirmyndarpers\u00f3nu fyrir hina si\u00f0lausu <span class=\"iwg-fachbegriff\" data-tooltip=\"Fr\u00e6\u00f0ileg kenning um gu\u00f0 og tr\u00fa innan tr\u00faarbrag\u00f0a.\" tabindex=\"0\">gu\u00f0fr\u00e6\u00f0i<\/span> In\u00fa\u00edta. Gu\u00f0ir eru hvorki einhli\u00f0a g\u00f3\u00f0ir n\u00e9 einhli\u00f0a vondir, heldur bera fl\u00f3kna fr\u00e1sagnarlega sj\u00e1lfsmynd. \u00deessi fl\u00e6kjustig str\u00ed\u00f0ir gegn einhli\u00f0a gu\u00f0fr\u00e6\u00f0ikerfum og er sj\u00e1lfst\u00e6tt fyrirb\u00e6ri \u00ed tr\u00faarbrag\u00f0afyrirb\u00e6rafr\u00e6\u00f0i sem einkennir hef\u00f0 In\u00fa\u00edta.<\/p><p>Tunglgu\u00f0inn Igaluk, sem telst til \u00feeirra karlkyns gu\u00f0a sem best er skr\u00e1\u00f0 vitneskja um \u00e1 mi\u00f0heimskautssv\u00e6\u00f0inu, hefur veri\u00f0 til ranns\u00f3knar hj\u00e1 yngri fr\u00e6\u00f0im\u00f6nnum me\u00f0 v\u00ed\u00f0t\u00e6kari a\u00f0fer\u00f0um sem sameina \u00fej\u00f3\u00f0fr\u00e6\u00f0ilega n\u00e1kv\u00e6mni, m\u00e1lfr\u00e6\u00f0ilega heimildagagnr\u00fdni og samanbur\u00f0arsj\u00f3narhorn. \u00deekkingarsamf\u00e9lag In\u00fa\u00edta tekur n\u00fa sj\u00e1lft \u00fe\u00e1tt \u00ed \u00feessum ranns\u00f3knum og lei\u00f0r\u00e9ttir eldri vestr\u00e6nar t\u00falkanir sem a\u00f0 hluta b\u00e1ru merki n\u00fdlendustefnu.<\/p><p>Vi\u00f0b\u00f3tarsj\u00f3narhorn opnast me\u00f0 tr\u00faarlegri f\u00e9lagsfr\u00e6\u00f0ilegri spurningu um hlutverk Igaluks \u00ed f\u00e9lagslegri skipan hins hef\u00f0bundna samf\u00e9lags In\u00fa\u00edta.<\/p><p>Sem b\u00e6\u00f0i hj\u00e1lpsamur verndari vei\u00f0anna og a\u00f0alpers\u00f3na \u00ed si\u00f0fer\u00f0ilega vandasamri <span class=\"iwg-fachbegriff\" data-tooltip=\"Hef\u00f0bundin fr\u00e1s\u00f6gn um gu\u00f0i, uppruna og skipan heimsins.\" tabindex=\"0\">go\u00f0s\u00f6gn<\/span> s\u00fdnir hann a\u00f0 hin tr\u00faarlega skipan var ekki a\u00f0skilin fr\u00e1 samf\u00e9lagslegri framkv\u00e6md, heldur samofin henni. \u00deessi samfl\u00e9ttun er s\u00e9rstakt ranns\u00f3knarsvi\u00f0 \u00ed tr\u00faarlegri manneskjufr\u00e6\u00f0i og hefur veri\u00f0 kerfisbundi\u00f0 ranns\u00f6ku\u00f0 s\u00e9rstaklega af Fr\u00e9d\u00e9ric Laugrand og Jarich Oosten.<\/p>\t\t\t\t\t\t\t\t<\/div>\n\t\t\t\t<\/div>\n\t\t\t\t\t<\/div>\n\t\t\t\t<\/div>\n\t\t<div class=\"elementor-element elementor-element-iwgw-igaluk-s1 e-flex e-con-boxed e-con e-parent\" data-id=\"iwgw-igaluk-s1\" data-element_type=\"container\" data-e-type=\"container\">\n\t\t\t\t\t<div class=\"e-con-inner\">\n\t\t\t\t<div class=\"elementor-element elementor-element-iwgw-igaluk-s1h elementor-widget elementor-widget-heading\" data-id=\"iwgw-igaluk-s1h\" data-element_type=\"widget\" data-e-type=\"widget\" data-widget_type=\"heading.default\">\n\t\t\t\t\t<h2 class=\"elementor-heading-title elementor-size-default\">Nafn, or\u00f0sifjar og tilbrig\u00f0i<\/h2>\t\t\t\t<\/div>\n\t\t<div class=\"elementor-element elementor-element-iwgw-igaluk-s1c e-con-full e-flex e-con e-child\" data-id=\"iwgw-igaluk-s1c\" data-element_type=\"container\" data-e-type=\"container\">\n\t\t\t\t<div class=\"elementor-element elementor-element-iwgw-igaluk-s1t elementor-widget elementor-widget-text-editor\" data-id=\"iwgw-igaluk-s1t\" data-element_type=\"widget\" data-e-type=\"widget\" data-widget_type=\"text-editor.default\">\n\t\t\t\t\t\t\t\t\t<p>Nafni\u00f0 Igaluk er tali\u00f0 dregi\u00f0 af stofninum <em>igalu-<\/em>, sem er skylt or\u00f0inu fyrir glugga e\u00f0a lj\u00f3sop. \u00deetta samr\u00e6mist hugmyndinni um tungli\u00f0 sem lj\u00f3sgjafa n\u00e6turins, sem daglega r\u00edki\u00f0 horfir \u00ed gegnum inn \u00ed n\u00e1ttlegt r\u00edki. \u00deetta or\u00f0aval er tr\u00faarbrag\u00f0afyrirb\u00e6rafr\u00e6\u00f0ilega uppl\u00fdsandi.<\/p><p>\u00d6nnur n\u00f6fn eru Aningat e\u00f0a Anningan \u00ed Iglulik og Aningaup. Hugtaki\u00f0 <em>tatqiq<\/em> v\u00edsar b\u00e6\u00f0i til tunglsins sem himintungls og til m\u00e1na\u00f0arins sem t\u00edmaeiningar. \u00deessi merkingarlega tv\u00f6feldni er v\u00edsindalega uppl\u00fdsandi, \u00fev\u00ed h\u00fan sameinar tengsl himintungls, t\u00edmataktar og <span class=\"iwg-fachbegriff\" data-tooltip=\"Vera sem d\u00fdrku\u00f0 er sem gu\u00f0leg innan tr\u00faarbrag\u00f0a.\" tabindex=\"0\">gu\u00f0legrar veru<\/span> \u00ed einu or\u00f0i og undirstrikar t\u00edmatalslegt hlutverk tunglsins sem tr\u00faarlega hla\u00f0na st\u00e6r\u00f0.<\/p><p>\u00cd Vestur-Gr\u00e6nlandi kemur formi\u00f0 Aningaaq fyrir, \u00ed Austur-Gr\u00e6nlandi Aning&#8217;iaq, \u00ed Alaska Aliq. Sv\u00e6\u00f0isbundin tilbrig\u00f0i endurspegla m\u00e1lfr\u00e6\u00f0ilegan mismun \u00e1n \u00feess a\u00f0 breyta tr\u00faarlegu innihaldinu. \u00deessi st\u00f6\u00f0ugleiki hins tr\u00faarlega hlutverks \u00fer\u00e1tt fyrir m\u00e1lfr\u00e6\u00f0ilega fj\u00f6lbreytni er d\u00e6miger\u00f0ur fyrir alin\u00fa\u00edt\u00edsk hugt\u00f6k \u00ed tr\u00faarbrag\u00f0afyrirb\u00e6rafr\u00e6\u00f0i.<\/p>\t\t\t\t\t\t\t\t<\/div>\n\t\t\t\t<\/div>\n\t\t\t\t\t<\/div>\n\t\t\t\t<\/div>\n\t\t<div class=\"elementor-element elementor-element-iwgw-igaluk-s2 e-flex e-con-boxed e-con e-parent\" data-id=\"iwgw-igaluk-s2\" data-element_type=\"container\" data-e-type=\"container\">\n\t\t\t\t\t<div class=\"e-con-inner\">\n\t\t\t\t<div class=\"elementor-element elementor-element-iwgw-igaluk-s2h elementor-widget elementor-widget-heading\" data-id=\"iwgw-igaluk-s2h\" data-element_type=\"widget\" data-e-type=\"widget\" data-widget_type=\"heading.default\">\n\t\t\t\t\t<h2 class=\"elementor-heading-title elementor-size-default\">L\u00fdsing og t\u00e1knm\u00e1l<\/h2>\t\t\t\t<\/div>\n\t\t<div class=\"elementor-element elementor-element-iwgw-igaluk-s2c e-con-full e-flex e-con e-child\" data-id=\"iwgw-igaluk-s2c\" data-element_type=\"container\" data-e-type=\"container\">\n\t\t\t\t<div class=\"elementor-element elementor-element-iwgw-igaluk-s2t elementor-widget elementor-widget-text-editor\" data-id=\"iwgw-igaluk-s2t\" data-element_type=\"widget\" data-e-type=\"widget\" data-widget_type=\"text-editor.default\">\n\t\t\t\t\t\t\t\t\t<p>Igaluk er \u00ed \u00fej\u00f3\u00f0fr\u00e6\u00f0ilegum heimildum l\u00fdst sem ungum, kr\u00f6ftugum manni me\u00f0 lj\u00f3st, oft flekk\u00f3tt andlit. Flekkirnir \u00ed tungl-andlitinu eru, samkv\u00e6mt hugmyndum In\u00fa\u00edta, f\u00f6r eftir verkna\u00f0 sem gegnir mikilv\u00e6gu hlutverki \u00ed <span class=\"iwg-fachbegriff\" data-tooltip=\"Hef\u00f0bundin fr\u00e1s\u00f6gn um gu\u00f0i, uppruna og skipan heimsins.\" tabindex=\"0\">go\u00f0s\u00f6gn<\/span> hans. \u00cd sumum \u00fatg\u00e1fum eru \u00fea\u00f0 s\u00f3tsmerki, \u00ed \u00f6\u00f0rum s\u00e1r e\u00f0a t\u00e1r.<\/p><p>T\u00e1knfr\u00e6\u00f0ilega er Igaluk tengdur sle\u00f0a og hundasle\u00f0aspani. Samkv\u00e6mt s\u00f6gunum ekur hann sle\u00f0a s\u00ednum yfir himinhvolfi\u00f0, en umfer\u00f0 tunglsins t\u00e1kna n\u00e1ttlega fer\u00f0 hans.<\/p><p>\u00c1 stundum er skugginn \u00ed spani hans t\u00falka\u00f0ur sem hundur hans. \u00deessi sle\u00f0at\u00e1knfr\u00e6\u00f0i er s\u00e9rt\u00e6k fyrir heimskautasv\u00e6\u00f0in og a\u00f0greinir Igaluk fr\u00e1 tunglgu\u00f0um Mi\u00f0jar\u00f0arhafssv\u00e6\u00f0isins, sem venjulega eru tengdir vagni e\u00f0a skipi.<\/p><p>Sj\u00f3nr\u00e6nar myndir eru f\u00e1g\u00e6tar \u00ed hinni hef\u00f0bundnu menningu, en algengar \u00ed samt\u00edmalist In\u00fa\u00edta. Steinskur\u00f0ir s\u00fdna Igaluk sem ungan sei\u00f0mann e\u00f0a sem mann me\u00f0 tunglsk\u00edfu \u00ed baks\u00fdn. V\u00edsindalega er \u00feessi n\u00fat\u00edmalega myndger\u00f0 endurheimt, ekki samfella hef\u00f0bundinnar myndheima. \u00deennan mismun \u00fearf a\u00f0 \u00edgrunda me\u00f0 a\u00f0fer\u00f0afr\u00e6\u00f0ilegum h\u00e6tti.<\/p><p>\u00cd v\u00ed\u00f0ara samhengi samanbur\u00f0arlegrar <span class=\"iwg-fachbegriff\" data-tooltip=\"Fr\u00e6\u00f0igrein sem rannsakar tr\u00faarbr\u00f6g\u00f0 \u00e1 samanbur\u00f0arh\u00e1tt \u00e1n tr\u00faarlegrar bindingar.\" tabindex=\"0\">tr\u00faarbrag\u00f0afr\u00e6\u00f0i<\/span> flokkast Igaluk \u00ed mynstur hringheimskautslegrar tr\u00faarlegrar landfr\u00e6\u00f0i. Skipulagslegur st\u00f6\u00f0ugleiki hennar yfir \u00fe\u00fasundir k\u00edl\u00f3metra telst \u00ed tr\u00faarbrag\u00f0afyrirb\u00e6rafr\u00e6\u00f0i til merkilegustu ni\u00f0ursta\u00f0na fr\u00e6\u00f0igreinarinnar og er enn \u00ed dag efni \u00e1framhaldandi ranns\u00f3knarumr\u00e6\u00f0u.<\/p>\t\t\t\t\t\t\t\t<\/div>\n\t\t\t\t<\/div>\n\t\t\t\t\t<\/div>\n\t\t\t\t<\/div>\n\t\t<div class=\"elementor-element elementor-element-iwgw-igaluk-s3 e-flex e-con-boxed e-con e-parent\" data-id=\"iwgw-igaluk-s3\" data-element_type=\"container\" data-e-type=\"container\">\n\t\t\t\t\t<div class=\"e-con-inner\">\n\t\t\t\t<div class=\"elementor-element elementor-element-iwgw-igaluk-s3h elementor-widget elementor-widget-heading\" data-id=\"iwgw-igaluk-s3h\" data-element_type=\"widget\" data-e-type=\"widget\" data-widget_type=\"heading.default\">\n\t\t\t\t\t<h2 class=\"elementor-heading-title elementor-size-default\">Sifjaspellsgo\u00f0s\u00f6gnin og merking hennar<\/h2>\t\t\t\t<\/div>\n\t\t<div class=\"elementor-element elementor-element-iwgw-igaluk-s3c e-con-full e-flex e-con e-child\" data-id=\"iwgw-igaluk-s3c\" data-element_type=\"container\" data-e-type=\"container\">\n\t\t\t\t<div class=\"elementor-element elementor-element-iwgw-igaluk-s3t elementor-widget elementor-widget-text-editor\" data-id=\"iwgw-igaluk-s3t\" data-element_type=\"widget\" data-e-type=\"widget\" data-widget_type=\"text-editor.default\">\n\t\t\t\t\t\t\t\t\t<p>Kjarnago\u00f0sagan um Igaluk og systur hans Malinu er ein af \u00feekktustu fr\u00e1s\u00f6gnum in\u00fa\u00edttr\u00faarbrag\u00f0a. \u00cd Iglulik-afbrig\u00f0inu, eins og Rasmussen skr\u00e1\u00f0i \u00fea\u00f0, bjuggu br\u00f3\u00f0ir og systir saman \u00ed igluh\u00fasi.<\/p><p>Eina dimma n\u00f3tt lag\u00f0ist \u00f3kunnur ma\u00f0ur hj\u00e1 Malinu \u00e1n \u00feess a\u00f0 h\u00fan g\u00e6ti \u00feekkt hann. H\u00fan smur\u00f0i hendur s\u00ednar me\u00f0 s\u00f3ti og strauk \u00fev\u00ed yfir andlit \u00f3kunna mannsins til a\u00f0 geta bori\u00f0 kennsl \u00e1 hann daginn eftir.<\/p><p>A\u00f0 morgni s\u00e1 h\u00fan a\u00f0 \u00feetta haf\u00f0i veri\u00f0 br\u00f3\u00f0ir hennar, Igaluk. \u00cd sk\u00f6mm og rei\u00f0i skar h\u00fan af s\u00e9r brj\u00f3stin, kasta\u00f0i \u00feeim \u00ed hann og fl\u00fa\u00f0i upp \u00e1 himininn me\u00f0 blys \u00ed hendi.<\/p><p>Igaluk elti hana me\u00f0 daufara blysi. \u00deau ur\u00f0u b\u00e6\u00f0i a\u00f0 s\u00f3l og m\u00e1na. Blettirnir \u00e1 andliti hans eru s\u00f3tsporin. \u00deessi drast\u00edska fr\u00e1sagnarbygging er fr\u00e6\u00f0ilega mj\u00f6g uppl\u00fdsandi.<\/p><p>Fr\u00e6\u00f0ilega s\u00e9\u00f0 er \u00feessi <span class=\"iwg-fachbegriff\" data-tooltip=\"Munnm\u00e6lasaga um gu\u00f0i, uppruna og heimsskipulagi\u00f0.\" tabindex=\"0\">go\u00f0s\u00f6gn<\/span> ekki si\u00f0fer\u00f0ilegur l\u00e6rd\u00f3mur \u00ed eiginlegum skilningi, heldur orsagnarfr\u00e1s\u00f6gn um tilur\u00f0 himintungla og \u00f3samhverfa l\u00fdsingu \u00feeirra. Sifjaspells\u00fe\u00e1tturinn er hluti af orsagnarbyggingunni, ekki fyrst og fremst si\u00f0fer\u00f0ileg vi\u00f0v\u00f6run. \u00deessi orsagnarlestur er fr\u00e1brug\u00f0inn s\u00ed\u00f0ari si\u00f0v\u00e6\u00f0andi t\u00falkunum.<\/p>\t\t\t\t\t\t\t\t<\/div>\n\t\t\t\t<\/div>\n\t\t\t\t\t<\/div>\n\t\t\t\t<\/div>\n\t\t<div class=\"elementor-element elementor-element-iwgw-igaluk-s4 e-flex e-con-boxed e-con e-parent\" data-id=\"iwgw-igaluk-s4\" data-element_type=\"container\" data-e-type=\"container\">\n\t\t\t\t\t<div class=\"e-con-inner\">\n\t\t\t\t<div class=\"elementor-element elementor-element-iwgw-igaluk-s4h elementor-widget elementor-widget-heading\" data-id=\"iwgw-igaluk-s4h\" data-element_type=\"widget\" data-e-type=\"widget\" data-widget_type=\"heading.default\">\n\t\t\t\t\t<h2 class=\"elementor-heading-title elementor-size-default\">Igaluk sem verndari vei\u00f0a og f\u00e9lagi sjamana<\/h2>\t\t\t\t<\/div>\n\t\t<div class=\"elementor-element elementor-element-iwgw-igaluk-s4c e-con-full e-flex e-con e-child\" data-id=\"iwgw-igaluk-s4c\" data-element_type=\"container\" data-e-type=\"container\">\n\t\t\t\t<div class=\"elementor-element elementor-element-iwgw-igaluk-s4t elementor-widget elementor-widget-text-editor\" data-id=\"iwgw-igaluk-s4t\" data-element_type=\"widget\" data-e-type=\"widget\" data-widget_type=\"text-editor.default\">\n\t\t\t\t\t\t\t\t\t<p>\u00der\u00e1tt fyrir, e\u00f0a einmitt vegna, tv\u00edr\u00e6\u00f0rar fors\u00f6gu sinnar er Igaluk mikilv\u00e6g tr\u00faarleg vi\u00f0mi\u00f0unarpers\u00f3na. Hann er talinn verndari vei\u00f0a og sjamanar geta beint b\u00e6num til hans. \u00cd trans heims\u00f3ttu sjamanar Igaluk \u00e1 m\u00e1nanum og sneru til baka me\u00f0 vitneskju e\u00f0a d\u00fdr. \u00deessi m\u00e1nafer\u00f0 er s\u00e9rstakt vi\u00f0fangsefni \u00ed fr\u00e6\u00f0iritum um sjamanisma in\u00fa\u00edta.<\/p><p>Daniel Merkur skr\u00e1ir margar fr\u00e1sagnir af sl\u00edkum m\u00e1nafer\u00f0um fr\u00e1 Iglulik. <span class=\"iwg-fachbegriff\" data-tooltip=\"Tr\u00faarlegur s\u00e9rfr\u00e6\u00f0ingur sem talinn er mi\u00f0la milli manna og andaheims.\" tabindex=\"0\">Sjamaninn<\/span> fer\u00f0ast me\u00f0 m\u00e6tti hj\u00e1lparanda sinna upp \u00e1 himininn, fer \u00ed gegnum kaldan lofthj\u00fapinn og stendur frammi fyrir Igaluk. \u00dear getur hann fengi\u00f0 sv\u00f6r, l\u00e1ti\u00f0 st\u00fdra hreind\u00fdrastofnum e\u00f0a hitt hina l\u00e1tnu sem dveljast \u00e1 m\u00e1nanum. \u00deetta hlutverk er sj\u00e1lfst\u00e6tt fyrirb\u00e6ri \u00ed tr\u00faarbrag\u00f0afr\u00e6\u00f0um.<\/p><p>\u00deetta hlutverk Igaluks b\u00e6tir vi\u00f0 hlutverk annarra st\u00f3rra gu\u00f0a. <a href=\"https:\/\/iwell-guard.com\/is\/?page_id=168999\">Sedna<\/a> r\u00e6\u00f0ur yfir sj\u00e1vard\u00fdrum, <a href=\"https:\/\/iwell-guard.com\/is\/?page_id=169004\">Pinga<\/a> yfir landd\u00fdrum, <a href=\"https:\/\/iwell-guard.com\/is\/?page_id=169000\">Sila<\/a> yfir ve\u00f0ri, og Igaluk yfir vi\u00f0b\u00f3tar\u00fe\u00e1ttum vei\u00f0a og t\u00edma. \u00deessi skipting tr\u00faarlegra hlutverka er \u00ed tr\u00faarbrag\u00f0afr\u00e6\u00f0um eigi\u00f0 byggingarform \u00ed <span class=\"iwg-fachbegriff\" data-tooltip=\"Fr\u00e6\u00f0ileg kenning um Gu\u00f0 og tr\u00fa innan tr\u00faarbrag\u00f0a.\" tabindex=\"0\">gu\u00f0fr\u00e6\u00f0i<\/span> in\u00fa\u00edta.<\/p>\t\t\t\t\t\t\t\t<\/div>\n\t\t\t\t<\/div>\n\t\t\t\t\t<\/div>\n\t\t\t\t<\/div>\n\t\t<div class=\"elementor-element elementor-element-iwgw-igaluk-s5 e-flex e-con-boxed e-con e-parent\" data-id=\"iwgw-igaluk-s5\" data-element_type=\"container\" data-e-type=\"container\">\n\t\t\t\t\t<div class=\"e-con-inner\">\n\t\t\t\t<div class=\"elementor-element elementor-element-iwgw-igaluk-s5h elementor-widget elementor-widget-heading\" data-id=\"iwgw-igaluk-s5h\" data-element_type=\"widget\" data-e-type=\"widget\" data-widget_type=\"heading.default\">\n\t\t\t\t\t<h2 class=\"elementor-heading-title elementor-size-default\">Igaluk, frj\u00f3semi og t\u00edmi<\/h2>\t\t\t\t<\/div>\n\t\t<div class=\"elementor-element elementor-element-iwgw-igaluk-s5c e-con-full e-flex e-con e-child\" data-id=\"iwgw-igaluk-s5c\" data-element_type=\"container\" data-e-type=\"container\">\n\t\t\t\t<div class=\"elementor-element elementor-element-iwgw-igaluk-s5t elementor-widget elementor-widget-text-editor\" data-id=\"iwgw-igaluk-s5t\" data-element_type=\"widget\" data-e-type=\"widget\" data-widget_type=\"text-editor.default\">\n\t\t\t\t\t\t\t\t\t<p>\u00cd sumum Iglulik-hef\u00f0um er Igaluk einnig vera tengd frj\u00f3semi. Ungar konur \u00e1tti ekki a\u00f0 horfa of lengi \u00e1 m\u00e1nann, \u00fev\u00ed annars g\u00e6tu \u00fe\u00e6r or\u00f0i\u00f0 \u00feunga\u00f0ar af Igaluk. \u00deessa hugmynd ber fr\u00e6\u00f0ilega ekki a\u00f0 lesa sem raunverulega heg\u00f0unarlei\u00f0beiningu, heldur sem tr\u00faarlega v\u00edsun \u00ed m\u00e1tt Igaluks \u00e1 umbreytingarstundinni.<\/p><p>T\u00edmalega er Igaluk tengdur m\u00e1nahringnum sem mynda\u00f0i grunn hins hef\u00f0bundna t\u00edmatals. M\u00e1nu\u00f0irnir h\u00f6f\u00f0u n\u00f6fn sem endurspeglu\u00f0u vei\u00f0ih\u00e6tti e\u00f0a n\u00e1tt\u00farufyrirb\u00e6ri, og Igaluk mynda\u00f0i ramma \u00feessarar t\u00edmaskipunar. \u00cd hinum hef\u00f0bundna l\u00edfsheimi var m\u00e1nahringurinn tr\u00faarlega hla\u00f0inn, ekki einungis n\u00e1tt\u00farusko\u00f0un. \u00deessi samtvinning t\u00edma og tr\u00faar er sj\u00e1lfst\u00e6tt fyrirb\u00e6ri \u00ed tr\u00faarbrag\u00f0afr\u00e6\u00f0um.<\/p><p>Samtvinning frj\u00f3semi, vei\u00f0a og t\u00edma \u00ed einni veru er d\u00e6miger\u00f0 fyrir nor\u00f0urheimskautslega m\u00e1nagu\u00f0i \u00ed tr\u00faarbrag\u00f0afr\u00e6\u00f0um og finnur hli\u00f0st\u00e6\u00f0ur hj\u00e1 <a href=\"https:\/\/iwell-guard.com\/is\/sami-finnsk-ugrisk-hefd-noaidi-tromma\/\">s\u00f6mum<\/a> \u00ed <em>M\u00e1nnu<\/em> og me\u00f0al m\u00e1nagu\u00f0a nenetsa. \u00deessi byggingarlega samsv\u00f6run bendir til gamals hringskautslegs lags tr\u00faarlegrar hugmyndamyndunar.<\/p>\t\t\t\t\t\t\t\t<\/div>\n\t\t\t\t<\/div>\n\t\t\t\t\t<\/div>\n\t\t\t\t<\/div>\n\t\t<div class=\"elementor-element elementor-element-iwgw-igaluk-s6 e-flex e-con-boxed e-con e-parent\" data-id=\"iwgw-igaluk-s6\" data-element_type=\"container\" data-e-type=\"container\">\n\t\t\t\t\t<div class=\"e-con-inner\">\n\t\t\t\t<div class=\"elementor-element elementor-element-iwgw-igaluk-s6h elementor-widget elementor-widget-heading\" data-id=\"iwgw-igaluk-s6h\" data-element_type=\"widget\" data-e-type=\"widget\" data-widget_type=\"heading.default\">\n\t\t\t\t\t<h2 class=\"elementor-heading-title elementor-size-default\">Samanbur\u00f0ur vi\u00f0 a\u00f0ra m\u00e1nagu\u00f0i<\/h2>\t\t\t\t<\/div>\n\t\t<div class=\"elementor-element elementor-element-iwgw-igaluk-s6c e-con-full e-flex e-con e-child\" data-id=\"iwgw-igaluk-s6c\" data-element_type=\"container\" data-e-type=\"container\">\n\t\t\t\t<div class=\"elementor-element elementor-element-iwgw-igaluk-s6t elementor-widget elementor-widget-text-editor\" data-id=\"iwgw-igaluk-s6t\" data-element_type=\"widget\" data-e-type=\"widget\" data-widget_type=\"text-editor.default\">\n\t\t\t\t\t\t\t\t\t<p>M\u00e1nagu\u00f0ir eru \u00fatbreiddir um allan heim, en kynjaskipting \u00feeirra er breytileg. \u00dear sem \u00ed ind\u00f3evr\u00f3pskum tr\u00faarbr\u00f6g\u00f0um er s\u00f3lin oftast kvenkyns og m\u00e1ninn karlkyns (Sol\/Luna, Helios\/Selene), er \u00feessari skiptingu sn\u00fai\u00f0 vi\u00f0 \u00ed hef\u00f0 in\u00fa\u00edta. S\u00f3lin er kvenkyns (Malina), m\u00e1ninn karlkyns (Igaluk).<\/p><p>\u00deessi umbreyting er fr\u00e6\u00f0ilega mj\u00f6g uppl\u00fdsandi. H\u00fan kemur fyrir \u00ed hlutum germanskrar hef\u00f0ar (S\u00f3l kvenkyns, M\u00e1ni karlkyns), \u00ed hluta hugmynda sama (<a href=\"https:\/\/iwell-guard.com\/is\/sami-finnsk-ugrisk-hefd-noaidi-tromma\/\">Sama<\/a>) (Beaivi kvenkyns, M\u00e1nnu karlkyns), \u00ed baltneskri hef\u00f0 og \u00ed m\u00f6rgum finn\u00f3-\u00fagr\u00edskum tr\u00faarbr\u00f6g\u00f0um. Hef\u00f0 in\u00fa\u00edta er \u00feannig hluti af v\u00ed\u00f0t\u00e6kari norr\u00e6nni kynjaskiptingu sem myndar eigi\u00f0 ranns\u00f3knarsvi\u00f0 \u00ed samanbur\u00f0artr\u00faarbrag\u00f0afr\u00e6\u00f0um.<\/p><p>Sifjaspells<span class=\"iwg-fachbegriff\" data-tooltip=\"Munnm\u00e6lasaga um gu\u00f0i, uppruna og heimsskipulagi\u00f0.\" tabindex=\"0\">go\u00f0s\u00f6gnin<\/span> milli s\u00f3lar og m\u00e1na \u00e1 s\u00e9r hli\u00f0st\u00e6\u00f0ur \u00ed m\u00f6rgum go\u00f0afr\u00e6\u00f0um, me\u00f0al annars hj\u00e1 su\u00f0ur-amer\u00edskum Tucano e\u00f0a eyja\u00e1lfu Ma\u00f3r\u00edum. Fr\u00e6\u00f0ileg umr\u00e6\u00f0a um alhli\u00f0a sifjaspells\u00e6tterni himintungla er g\u00f6mul og deiluefni, \u00e1n \u00feess a\u00f0 hafa veri\u00f0 til lykta leidd. \u00deessi byggingarlega samsv\u00f6run \u00e1n s\u00f6guleg tengsla er sj\u00e1lfst\u00e6\u00f0 ni\u00f0ursta\u00f0a \u00ed tr\u00faarbrag\u00f0afr\u00e6\u00f0um.<\/p>\t\t\t\t\t\t\t\t<\/div>\n\t\t\t\t<\/div>\n\t\t\t\t\t<\/div>\n\t\t\t\t<\/div>\n\t\t<div class=\"elementor-element elementor-element-iwgw-igaluk-s7 e-flex e-con-boxed e-con e-parent\" data-id=\"iwgw-igaluk-s7\" data-element_type=\"container\" data-e-type=\"container\">\n\t\t\t\t\t<div class=\"e-con-inner\">\n\t\t\t\t<div class=\"elementor-element elementor-element-iwgw-igaluk-s7h elementor-widget elementor-widget-heading\" data-id=\"iwgw-igaluk-s7h\" data-element_type=\"widget\" data-e-type=\"widget\" data-widget_type=\"heading.default\">\n\t\t\t\t\t<h2 class=\"elementor-heading-title elementor-size-default\">Kristileg endurt\u00falkun og n\u00fat\u00edmavi\u00f0t\u00f6kur<\/h2>\t\t\t\t<\/div>\n\t\t<div class=\"elementor-element elementor-element-iwgw-igaluk-s7c e-con-full e-flex e-con e-child\" data-id=\"iwgw-igaluk-s7c\" data-element_type=\"container\" data-e-type=\"container\">\n\t\t\t\t<div class=\"elementor-element elementor-element-iwgw-igaluk-s7t elementor-widget elementor-widget-text-editor\" data-id=\"iwgw-igaluk-s7t\" data-element_type=\"widget\" data-e-type=\"widget\" data-widget_type=\"text-editor.default\">\n\t\t\t\t\t\t\t\t\t<p>Tr\u00fabo\u00f0i\u00f0 upplif\u00f0i sifjaspells<span class=\"iwg-fachbegriff\" data-tooltip=\"Munnm\u00e6lasaga um gu\u00f0i, uppruna og heimsskipulagi\u00f0.\" tabindex=\"0\">go\u00f0s\u00f6gnina<\/span> a\u00f0 hluta sem hneykslanlega og nota\u00f0i hana \u00ed predikunum sem d\u00e6mi um hei\u00f0i\u00f0 si\u00f0leysi. \u00deessi endurt\u00falkun leiddi til \u00feess a\u00f0 fr\u00e1s\u00f6gnin var ekki lengur s\u00f6g\u00f0 opinberlega \u00ed m\u00f6rgum samf\u00e9l\u00f6gum in\u00fa\u00edta \u00e1 seinni hluta 20. aldar.<\/p><p>V\u00edsindaleg ranns\u00f3kn hefur \u00fe\u00f3 skr\u00e1\u00f0 fr\u00e1s\u00f6gnina og \u00e1 t\u00edunda \u00e1ratugnum var henni aftur fl\u00e9tta\u00f0 inn \u00ed sk\u00f3la- og menningarumr\u00e6\u00f0u Nunavut. \u00cd dag er h\u00fan me\u00f0h\u00f6ndlu\u00f0 me\u00f0 fr\u00e6\u00f0ilegri fjarl\u00e6g\u00f0, sem tr\u00faars\u00f6gulegt skjal, ekki sem si\u00f0fer\u00f0ilegt fyrirmyndarefni. \u00deessi kennslufr\u00e6\u00f0ilega endurupptaka er sj\u00e1lfst\u00e6tt ranns\u00f3knarsvi\u00f0 \u00ed tr\u00faarbrag\u00f0akennslufr\u00e6\u00f0um.<\/p><p>\u00cd samt\u00edmalist in\u00fa\u00edta er Igaluk s\u00fdnilegur, oft \u00ed tv\u00ed\u00fe\u00e6ttu verki me\u00f0 Malinu. \u00d3samhverfa systkinanna, a\u00f0skilna\u00f0ur \u00feeirra og eil\u00edfur eltingarleikur \u00feeirra \u00e1 himninum, er n\u00fdtt \u00e1 skapandi h\u00e1tt \u00ed listinni. \u00cd tr\u00faarbrag\u00f0afr\u00e6\u00f0um lifir <span class=\"iwg-fachbegriff\" data-tooltip=\"Munnm\u00e6lasaga um gu\u00f0i, uppruna og heimsskipulagi\u00f0.\" tabindex=\"0\">go\u00f0s\u00f6gnin<\/span> \u00e1fram, jafnvel \u00fe\u00f3tt tr\u00faarlegt hlutverk hennar hafi a\u00f0 mestu glatast og h\u00fan lifi n\u00fa fyrst og fremst \u00e1fram \u00ed fr\u00e1sagnar- og listahef\u00f0.<\/p>\t\t\t\t\t\t\t\t<\/div>\n\t\t\t\t<\/div>\n\t\t\t\t\t<\/div>\n\t\t\t\t<\/div>\n\t\t<div class=\"elementor-element elementor-element-iwgw-igaluk-s8 e-flex e-con-boxed e-con e-parent\" data-id=\"iwgw-igaluk-s8\" data-element_type=\"container\" data-e-type=\"container\">\n\t\t\t\t\t<div class=\"e-con-inner\">\n\t\t\t\t<div class=\"elementor-element elementor-element-iwgw-igaluk-s8h elementor-widget elementor-widget-heading\" data-id=\"iwgw-igaluk-s8h\" data-element_type=\"widget\" data-e-type=\"widget\" data-widget_type=\"heading.default\">\n\t\t\t\t\t<h2 class=\"elementor-heading-title elementor-size-default\">Ranns\u00f3knir og sta\u00f0a \u00ed dag<\/h2>\t\t\t\t<\/div>\n\t\t<div class=\"elementor-element elementor-element-iwgw-igaluk-s8c e-con-full e-flex e-con e-child\" data-id=\"iwgw-igaluk-s8c\" data-element_type=\"container\" data-e-type=\"container\">\n\t\t\t\t<div class=\"elementor-element elementor-element-iwgw-igaluk-s8t elementor-widget elementor-widget-text-editor\" data-id=\"iwgw-igaluk-s8t\" data-element_type=\"widget\" data-e-type=\"widget\" data-widget_type=\"text-editor.default\">\n\t\t\t\t\t\t\t\t\t<p>Ranns\u00f3knir \u00e1 Igaluk eru umfangsmiklar. Skr\u00e1ningar Rasmussens eru meginheimildin, \u00e1samt vi\u00f0b\u00f3tum fr\u00e1 Boas, Birket-Smith, Merkur og Laugrand. Sagan um s\u00f3l og tungl er skjalfest \u00ed fj\u00f6lm\u00f6rgum \u00fatg\u00e1fum, sem gerir samanbur\u00f0argreiningu m\u00f6gulega og einfaldar v\u00edsindalega ranns\u00f3knarvinnu.<\/p><p>Stjarnfr\u00e6\u00f0ilegar hli\u00f0ar hefur David Brumley greint fyrir ranns\u00f3knir \u00e1 t\u00edmatali In\u00fa\u00edta me\u00f0 \u00fev\u00ed a\u00f0 tengja saman hina tr\u00faarlegu tunglv\u00e6tt og hina hagn\u00fdtu t\u00edmatalsreikning. \u00deessi \u00feverfaglega s\u00fdn veitir n\u00e1kv\u00e6mari mynd af hinum tr\u00faarlega og t\u00edmabundna hversdagsheimi In\u00fa\u00edta og fellir stj\u00f6rnufr\u00e6\u00f0is\u00f6gu inn \u00ed <span class=\"iwg-fachbegriff\" data-tooltip=\"Fr\u00e6\u00f0igreinin sem rannsakar tr\u00faarbr\u00f6g\u00f0 \u00e1 samanbur\u00f0argrundvelli og \u00e1n tr\u00faarlegrar bindingar.\" tabindex=\"0\">tr\u00faarbrag\u00f0afr\u00e6\u00f0i<\/span>.<\/p><p>\u00cd tr\u00faari\u00f0kun frumbyggja \u00ed dag er Igaluk s\u00fdnilegri en margar a\u00f0rar v\u00e6ttir, \u00fev\u00ed tunglmynd hans er s\u00fdnileg \u00e1 himninum og sagan festist \u00ed sessi me\u00f0 daglegri sj\u00f3n hans. \u00deetta er s\u00e9rstakt atri\u00f0i \u00ed fyrirb\u00e6rafr\u00e6\u00f0i tr\u00faarbrag\u00f0a: go\u00f0s\u00f6gur sem tengjast s\u00fdnilegum n\u00e1tt\u00farufyrirb\u00e6rum lifa lengur en a\u00f0rar og eru s\u00e9rstakt vi\u00f0fangsefni \u00ed tr\u00faarbrag\u00f0as\u00e1lfr\u00e6\u00f0ilegum ranns\u00f3knum.<\/p>\t\t\t\t\t\t\t\t<\/div>\n\t\t\t\t<\/div>\n\t\t\t\t\t<\/div>\n\t\t\t\t<\/div>\n\t\t<div class=\"elementor-element elementor-element-iwgw-igaluk-s9 e-flex e-con-boxed e-con e-parent\" data-id=\"iwgw-igaluk-s9\" data-element_type=\"container\" data-e-type=\"container\">\n\t\t\t\t\t<div class=\"e-con-inner\">\n\t\t\t\t<div class=\"elementor-element elementor-element-iwgw-igaluk-s9h elementor-widget elementor-widget-heading\" data-id=\"iwgw-igaluk-s9h\" data-element_type=\"widget\" data-e-type=\"widget\" data-widget_type=\"heading.default\">\n\t\t\t\t\t<h2 class=\"elementor-heading-title elementor-size-default\">Krossv\u00edsanir \u00ed or\u00f0asafninu<\/h2>\t\t\t\t<\/div>\n\t\t<div class=\"elementor-element elementor-element-iwgw-igaluk-s9c e-con-full e-flex e-con e-child\" data-id=\"iwgw-igaluk-s9c\" data-element_type=\"container\" data-e-type=\"container\">\n\t\t\t\t<div class=\"elementor-element elementor-element-iwgw-igaluk-s9t elementor-widget elementor-widget-text-editor\" data-id=\"iwgw-igaluk-s9t\" data-element_type=\"widget\" data-e-type=\"widget\" data-widget_type=\"text-editor.default\">\n\t\t\t\t\t\t\t\t\t<p>Igaluk tengist <a href=\"https:\/\/iwell-guard.com\/is\/?page_id=169007\">Malina<\/a>, <a href=\"https:\/\/iwell-guard.com\/is\/?page_id=168999\">Sedna<\/a>, <a href=\"https:\/\/iwell-guard.com\/is\/?page_id=169000\">Sila<\/a>, <a href=\"https:\/\/iwell-guard.com\/is\/?page_id=169004\">Pinga<\/a>, <a href=\"https:\/\/iwell-guard.com\/is\/?page_id=169003\">Anguta<\/a>, <a href=\"https:\/\/iwell-guard.com\/is\/?page_id=169005\">Nanook<\/a>, <a href=\"https:\/\/iwell-guard.com\/is\/?page_id=169001\">Tornarssuk<\/a>, <a href=\"https:\/\/iwell-guard.com\/is\/?page_id=169002\">Tupilak<\/a> og <a href=\"https:\/\/iwell-guard.com\/is\/?page_id=169008\">Qailertetang<\/a>. Menningarmi\u00f0st\u00f6\u00f0in <a href=\"https:\/\/iwell-guard.com\/is\/inuit-og-nordurslodir-sedna-tornit\/\">In\u00fa\u00edta-hef\u00f0in<\/a> setur tungl-<span class=\"iwg-fachbegriff\" data-tooltip=\"Hin fr\u00e6\u00f0ilega kenning um gu\u00f0 og tr\u00fa innan tiltekinna tr\u00faarbrag\u00f0a.\" tabindex=\"0\">gu\u00f0fr\u00e6\u00f0ina<\/span> \u00ed samhengi. Samb\u00e6rilegar tunglgo\u00f0m\u00f6gn finnast \u00ed <a href=\"https:\/\/iwell-guard.com\/is\/sami-finnsk-ugrisk-hefd-noaidi-tromma\/\">s\u00f6mum<\/a> greinaflokki, s\u00e9rstaklega hj\u00e1 <em>M\u00e1nnu<\/em>.<\/p>\t\t\t\t\t\t\t\t<\/div>\n\t\t\t\t<\/div>\n\t\t\t\t\t<\/div>\n\t\t\t\t<\/div>\n\t\t<div class=\"elementor-element elementor-element-cp2b182d64 e-flex e-con-boxed e-con e-parent\" data-id=\"cp2b182d64\" data-element_type=\"container\" data-e-type=\"container\">\n\t\t\t\t\t<div class=\"e-con-inner\">\n\t\t\t\t<div class=\"elementor-element elementor-element-cp2529ede5 elementor-widget elementor-widget-heading\" data-id=\"cp2529ede5\" data-element_type=\"widget\" data-e-type=\"widget\" data-widget_type=\"heading.default\">\n\t\t\t\t\t<h2 class=\"elementor-heading-title elementor-size-default\">Igaluk sem tunglma\u00f0ur og herra d\u00fdranna<\/h2>\t\t\t\t<\/div>\n\t\t<div class=\"elementor-element elementor-element-cp2eac0ff3 e-flex e-con-boxed e-con e-child\" data-id=\"cp2eac0ff3\" data-element_type=\"container\" data-e-type=\"container\">\n\t\t\t\t\t<div class=\"e-con-inner\">\n\t\t\t\t<div class=\"elementor-element elementor-element-cp2e8deb58 elementor-widget elementor-widget-text-editor\" data-id=\"cp2e8deb58\" data-element_type=\"widget\" data-e-type=\"widget\" data-widget_type=\"text-editor.default\">\n\t\t\t\t\t\t\t\t\t<p>Igaluk er heiti sem er fyrst og fremst \u00feekkt \u00far vestari hluta heims In\u00fa\u00edta, n\u00e1nar tilteki\u00f0 \u00far Alaska, \u00e1 hinn karlkyns himinv\u00e6tt sem \u00ed hinni v\u00ed\u00f0\u00fatbreiddu s\u00f6gu um eftirf\u00f6r s\u00f3lar og tungls kemur fram sem br\u00f3\u00f0irinn.<\/p><p>\u00cd heimildum sem \u00fej\u00f3\u00f0fr\u00e6\u00f0ingar \u00e1 bor\u00f0 vi\u00f0 Edward Nelson skr\u00e1\u00f0u fr\u00e1 lokum 19. aldar, \u00ed verkinu <em>The Eskimo about Bering Strait<\/em> (1899), og s\u00ed\u00f0ar a\u00f0rir fr\u00e6\u00f0imenn, hefur tunglma\u00f0urinn hins vegar eigi\u00f0 tr\u00faarlegt hlutverk umfram sk\u00f6punars\u00f6guna.<\/p><p>\u00cd sumum hef\u00f0um er tunglma\u00f0urinn talinn herra yfir \u00e1kve\u00f0num landd\u00fdrum e\u00f0a vera sem hefur \u00e1hrif \u00e1 d\u00fdrastofna og \u00fear me\u00f0 vei\u00f0igengi. Me\u00f0an hafgy\u00f0jan r\u00e6\u00f0ur yfir skepnum vatnsins, er tunglma\u00f0urinn \u00e1 sumum sv\u00e6\u00f0um \u00e1byrgur fyrir d\u00fdrum landsins e\u00f0a fyrir frj\u00f3semi.<\/p><p>Sjamanar, <em>angakkuit<\/em>, f\u00f3ru \u00ed lei\u00f0slu til hans til a\u00f0 bi\u00f0ja um vei\u00f0ig\u00e6fu e\u00f0a til a\u00f0 f\u00e1 a\u00f0 vita hva\u00f0a brot \u00e1 reglum hef\u00f0u valdi\u00f0 \u00fev\u00ed a\u00f0 d\u00fdrin h\u00e9ldu sig fjarri.<\/p><p>\u00cd m\u00f6rgum heimildum er tunglmanninum einnig eignu\u00f0 \u00e1hrif \u00e1 fj\u00f6lgun og \u00e1 konur. \u00c1 sumum sv\u00e6\u00f0um var tali\u00f0 h\u00e6ttulegt fyrir konur a\u00f0 horfa of lengi \u00e1 tungli\u00f0, \u00fev\u00ed \u00fea\u00f0 g\u00e6ti valdi\u00f0 \u00f3t\u00edmab\u00e6rri \u00feungun. V\u00edsindalega tengjast \u00ed Igaluk \u00feannig saman margv\u00edsleg hlutverk: kosm\u00edsk regla, vei\u00f0ar, frj\u00f3semi og styrking f\u00e9lagslegra reglna. Hversu langt \u00feessi hlutverk n\u00e1 er mj\u00f6g breytilegt eftir sv\u00e6\u00f0um, og nafni\u00f0 Igaluk sj\u00e1lft er ekki nota\u00f0 hj\u00e1 \u00f6llum h\u00f3pum In\u00fa\u00edta. Austl\u00e6gari h\u00f3parnir nota \u00f6nnur heiti e\u00f0a segja fr\u00e1 tunglmanninum \u00e1n fasts eiginnafns.\t\t\t\t\t\t\t\t<\/div>\n\t\t\t\t\t<\/div>\n\t\t\t\t<\/div>\n\t\t\t\t\t<\/div>\n\t\t\t\t<\/div>\n\t\t<div class=\"elementor-element elementor-element-cp28b94b8c e-flex e-con-boxed e-con e-parent\" data-id=\"cp28b94b8c\" data-element_type=\"container\" data-e-type=\"container\">\n\t\t\t\t\t<div class=\"e-con-inner\">\n\t\t\t\t<div class=\"elementor-element elementor-element-cp2a53fed6 elementor-widget elementor-widget-heading\" data-id=\"cp2a53fed6\" data-element_type=\"widget\" data-e-type=\"widget\" data-widget_type=\"heading.default\">\n\t\t\t\t\t<h2 class=\"elementor-heading-title elementor-size-default\">Sv\u00e6\u00f0isbundin tengsl og gagnr\u00fdni \u00e1 heimildir fr\u00e1 n\u00fdlendut\u00edma<\/h2>\t\t\t\t<\/div>\n\t\t<div class=\"elementor-element elementor-element-cp2d8a88cc e-flex e-con-boxed e-con e-child\" data-id=\"cp2d8a88cc\" data-element_type=\"container\" data-e-type=\"container\">\n\t\t\t\t\t<div class=\"e-con-inner\">\n\t\t\t\t<div class=\"elementor-element elementor-element-cp230f359d elementor-widget elementor-widget-text-editor\" data-id=\"cp230f359d\" data-element_type=\"widget\" data-e-type=\"widget\" data-widget_type=\"text-editor.default\">\n\t\t\t\t\t\t\t\t\t<p>S\u00fa <span class=\"iwg-fachbegriff\" data-tooltip=\"Mi\u00f0lun \u00feekkingar og sagna milli kynsl\u00f3\u00f0a.\" tabindex=\"0\">munnm\u00e6lahef\u00f0<\/span> sem tengist Igaluk s\u00fdnir vel hversu miki\u00f0 einstakt heiti \u00ed tr\u00faarbr\u00f6g\u00f0um In\u00fa\u00edta er bundi\u00f0 tiltekinni sv\u00e6\u00f0isbundinni hef\u00f0 og hve varlega ver\u00f0ur a\u00f0 fara \u00ed almennum \u00e1lyktunum.<\/p><p>Igaluk er fyrst og fremst kunnur \u00e1 sv\u00e6\u00f0inu \u00ed kringum Beringssund og \u00ed hlutum Alaska. Kanad\u00edskir og gr\u00e6nlenskir In\u00fa\u00edtar \u00feekkja tunglmanninn undir \u00f6\u00f0rum heitum e\u00f0a segja s\u00f6gu s\u00f3lar og tungls me\u00f0 \u00f6\u00f0rum \u00e1herslum. \u00cd \u00feessum skilningi er ekki til neinn samnorr\u00e6nn (pan-in\u00fa\u00edt\u00edskur) tunglgu\u00f0 sem heitir Igaluk.<\/p><p>Heimildirnar byggjast a\u00f0 mestu leyti \u00e1 \u00fej\u00f3\u00f0fr\u00e6\u00f0ilegri starfsemi seint \u00e1 19. og fram \u00e1 20. \u00f6ld. Edward Nelson, sem \u00e1 vegum Smithsonian-stofnunarins dvaldi m\u00f6rg \u00e1r vi\u00f0 Beringssund, telst til mikilv\u00e6gustu frumsafnara fyrir Alaska.<\/p><p>Skr\u00e1ningar hans eru r\u00edkulegar en bera einkenni sem eru d\u00e6miger\u00f0 fyrir t\u00ed\u00f0arandann: \u00fe\u00e6r ur\u00f0u til fyrir millig\u00f6ngu t\u00falka, flokku\u00f0u efni\u00f0 eftir framandi kerfum og skr\u00e1\u00f0u oft ekki samhengi fr\u00e1sagnarins.<\/p><p>\u00dear vi\u00f0 b\u00e6tist a\u00f0 skr\u00e1ningin f\u00f3r fram \u00e1 t\u00edmum mikilla umbrota. Kristnitr\u00fabo\u00f0, verslun og n\u00fdir sj\u00fakd\u00f3mar breyttu samf\u00e9l\u00f6gum In\u00fa\u00edta verulega, og sumar fr\u00e1sagnir voru skr\u00e1\u00f0ar \u00ed mynd sem \u00feegar var litu\u00f0 af \u00feessum umbrotum. V\u00edsindalega lei\u00f0ir \u00feetta til \u00feess a\u00f0 fullyr\u00f0ingar um Igaluk ver\u00f0ur alltaf a\u00f0 tengja vi\u00f0 vi\u00f0komandi sv\u00e6\u00f0isbundna hef\u00f0 og heimild. Ranns\u00f3knir, me\u00f0al annars hj\u00e1 Daniel Merkur og \u00ed n\u00fdrri verkum um tr\u00faars\u00f6gu nor\u00f0ursl\u00f3\u00f0a, benda \u00e1 a\u00f0 <span class=\"iwg-fachbegriff\" data-tooltip=\"Hugmynd um uppbyggingu og reglu heimsins innan tiltekinnar menningar.\" tabindex=\"0\">heimsmynd<\/span> In\u00fa\u00edta hafi ekki \u00feekkt fast <span class=\"iwg-fachbegriff\" data-tooltip=\"Heild allra gu\u00f0a innan tr\u00faarbrag\u00f0a e\u00f0a menningar.\" tabindex=\"0\">go\u00f0aveldi<\/span>, heldur hreyfanlegt net v\u00e6tta \u00fear sem n\u00f6fn, kyn og hlutverk breyttust fr\u00e1 einu samf\u00e9lagi til annars.\t\t\t\t\t\t\t\t<\/div>\n\t\t\t\t\t<\/div>\n\t\t\t\t<\/div>\n\t\t\t\t\t<\/div>\n\t\t\t\t<\/div>\n\t\t<div class=\"elementor-element elementor-element-iwgw-igaluk-lit e-flex e-con-boxed e-con e-parent\" data-id=\"iwgw-igaluk-lit\" data-element_type=\"container\" data-e-type=\"container\">\n\t\t\t\t\t<div class=\"e-con-inner\">\n\t\t\t\t<div class=\"elementor-element elementor-element-iwgw-igaluk-lith elementor-widget elementor-widget-heading\" data-id=\"iwgw-igaluk-lith\" data-element_type=\"widget\" data-e-type=\"widget\" data-widget_type=\"heading.default\">\n\t\t\t\t\t<h2 class=\"elementor-heading-title elementor-size-default\">Heimildir (\u00farval)<\/h2>\t\t\t\t<\/div>\n\t\t<div class=\"elementor-element elementor-element-iwgw-igaluk-litc e-con-full e-flex e-con e-child\" data-id=\"iwgw-igaluk-litc\" data-element_type=\"container\" data-e-type=\"container\">\n\t\t\t\t<div class=\"elementor-element elementor-element-iwgw-igaluk-litt elementor-widget elementor-widget-text-editor\" data-id=\"iwgw-igaluk-litt\" data-element_type=\"widget\" data-e-type=\"widget\" data-widget_type=\"text-editor.default\">\n\t\t\t\t\t\t\t\t\t<ul><li>Knud Rasmussen: <em>Intellectual Culture of the Iglulik Eskimos<\/em> (Kaupmannah\u00f6fn 1929)<\/li><li>Franz Boas: <em>The Central Eskimo<\/em> (Washington 1888)<\/li><li>Daniel Merkur: <em>Becoming Half Hidden<\/em> (Stokkh\u00f3lmi 1985)<\/li><li>Kaj Birket-Smith: <em>Die Eskimos<\/em> (Z\u00fcrich 1948)<\/li><li>Fr\u00e9d\u00e9ric Laugrand og Jarich Oosten: <em>Inuit Shamanism and Christianity<\/em> (Montreal 2010)<\/li><li>Hinrich Rink: <em>Tales and Traditions of the Eskimo<\/em> (Edinburgh 1875)<\/li><\/ul>\t\t\t\t\t\t\t\t<\/div>\n\t\t\t\t<\/div>\n\t\t\t\t\t<\/div>\n\t\t\t\t<\/div>\n\t\t<div class=\"elementor-element elementor-element-iwgw-igaluk-kwd e-flex e-con-boxed e-con e-parent\" data-id=\"iwgw-igaluk-kwd\" data-element_type=\"container\" data-e-type=\"container\">\n\t\t\t\t\t<div class=\"e-con-inner\">\n\t\t<div class=\"elementor-element elementor-element-iwgw-igaluk-kwdc e-con-full e-flex e-con e-child\" data-id=\"iwgw-igaluk-kwdc\" data-element_type=\"container\" data-e-type=\"container\">\n\t\t\t\t<div class=\"elementor-element elementor-element-iwgw-igaluk-kwdt elementor-widget elementor-widget-text-editor\" data-id=\"iwgw-igaluk-kwdt\" data-element_type=\"widget\" data-e-type=\"widget\" data-widget_type=\"text-editor.default\">\n\t\t\t\t\t\t\t\t\t<p><em>Tengd leitaror\u00f0: Igaluk Aningat Tatqiq In\u00fa\u00edta-tunglgu\u00f0 Malina tunglhringur sifjaspells-<span class=\"iwg-fachbegriff\" data-tooltip=\"Hef\u00f0bundin fr\u00e1s\u00f6gn um gu\u00f0i, uppruna og reglu heimsins.\" tabindex=\"0\">go\u00f0s\u00f6gn<\/span>.<\/em><\/p>\t\t\t\t\t\t\t\t<\/div>\n\t\t\t\t<\/div>\n\t\t\t\t\t<\/div>\n\t\t\t\t<\/div>\n\t\t<div class=\"elementor-element elementor-element-iwgw-igaluk-cc e-flex e-con-boxed e-con e-parent\" data-id=\"iwgw-igaluk-cc\" data-element_type=\"container\" data-e-type=\"container\" id=\"iwg-cc-igaluk\">\n\t\t\t\t\t<div class=\"e-con-inner\">\n\t\t<div class=\"elementor-element elementor-element-iwgw-igaluk-ccinner e-flex e-con-boxed e-con e-parent\" data-id=\"iwgw-igaluk-ccinner\" data-element_type=\"container\" data-e-type=\"container\" data-settings=\"{&quot;background_background&quot;:&quot;classic&quot;}\">\n\t\t\t\t\t<div class=\"e-con-inner\">\n\t\t\t\t<div class=\"elementor-element elementor-element-iwgw-igaluk-cch elementor-widget elementor-widget-heading\" data-id=\"iwgw-igaluk-cch\" data-element_type=\"widget\" data-e-type=\"widget\" data-widget_type=\"heading.default\">\n\t\t\t\t\t<h2 class=\"elementor-heading-title elementor-size-default\">iWell Guard og verndarhef\u00f0ir<\/h2>\t\t\t\t<\/div>\n\t\t\t\t<div class=\"elementor-element elementor-element-iwgw-igaluk-cct elementor-widget elementor-widget-text-editor\" data-id=\"iwgw-igaluk-cct\" data-element_type=\"widget\" data-e-type=\"widget\" data-widget_type=\"text-editor.default\">\n\t\t\t\t\t\t\t\t\t<div data-nosnippet=\"true\"><p>iWell Guard tengist menningars\u00f6gulegri hef\u00f0 bur\u00f0arh\u00e6fra verndargripa, \u00ed hef\u00f0 <a href=\"https:\/\/iwell-guard.com\/is\/inuit-og-nordurslodir-sedna-tornit\/\">in\u00fa\u00edta<\/a> og margra annarra menningarheima um allan heim. 41 lag, alv\u00f6ru gull, plat\u00edna, silfur, framleitt \u00ed \u00de\u00fdskalandi. 30 daga skilar\u00e9ttur.<\/p><\/div>\t\t\t\t\t\t\t\t<\/div>\n\t\t\t\t<div class=\"elementor-element elementor-element-iwgw-igaluk-ccb iwg-cc-button iwg-cc-cta-2026-05-13 elementor-widget elementor-widget-jet-button\" data-id=\"iwgw-igaluk-ccb\" data-element_type=\"widget\" data-e-type=\"widget\" data-widget_type=\"jet-button.default\">\n\t\t\t\t<div class=\"elementor-widget-container\">\n\t\t\t\t\t<div class=\"elementor-jet-button jet-elements\"><div class=\"jet-button__container\"><a class=\"jet-button__instance jet-button__instance--icon-left hover-effect-1\" href=\"\/ueber-iwell-guard\/?utm_source=iwell-guard.com&amp;utm_medium=info-box&amp;utm_campaign=wesen-tradition\"><div class=\"jet-button__plane jet-button__plane-normal\"><\/div><div class=\"jet-button__plane jet-button__plane-hover\"><\/div><div class=\"jet-button__state jet-button__state-normal\"><span class=\"jet-button__label\">Meira um iWell Guard<\/span><\/div><div class=\"jet-button__state jet-button__state-hover\"><span class=\"jet-button__label\">Meira um iWell Guard<\/span><\/div><\/a><\/div><\/div><style>.elementor-element.elementor-element-iwgw-igaluk-ccb .jet-button__instance{width:320px;height:56px;}.elementor-element.elementor-element-iwgw-igaluk-ccb .jet-button__state-normal .jet-button__label{text-align:center;margin:0px 0px 0px 0px;color:#1a1b20;font-family:Montserrat,sans-serif;font-size:13px;font-weight:400;letter-spacing:4px;line-height:1.714em;text-transform:uppercase;}.elementor-element.elementor-element-iwgw-igaluk-ccb .jet-button__state-hover .jet-button__label{text-align:center;margin:0px 0px 0px 0px;color:#FECC76;font-family:Montserrat,sans-serif;font-size:13px;font-weight:400;letter-spacing:4px;line-height:1.714em;text-transform:uppercase;}.elementor-element.elementor-element-iwgw-igaluk-ccb .jet-button__plane-normal{background-color:#FECC76;border-style:solid;border-color:#C99540;border-width:2px 2px 2px 2px;}.elementor-element.elementor-element-iwgw-igaluk-ccb .jet-button__plane-hover{background-color:rgba(0,0,0,0.55);border-style:solid;border-color:#FECC76;border-width:2px 2px 2px 2px;}<\/style>\t\t\t\t<\/div>\n\t\t\t\t<\/div>\n\t\t\t\t<div class=\"elementor-element elementor-element-iwgw-igaluk-ccd elementor-widget elementor-widget-text-editor\" data-id=\"iwgw-igaluk-ccd\" data-element_type=\"widget\" data-e-type=\"widget\" data-widget_type=\"text-editor.default\">\n\t\t\t\t\t\t\t\t\t<div data-nosnippet=\"true\"><p style=\"text-align:center;font-size:13px;opacity:0.7;margin-top:14px\" data-nosnippet=\"true\">Pers\u00f3nuleg reynsla getur veri\u00f0 mismunandi. Ekki l\u00e6kningat\u00e6ki. Engin lofor\u00f0 um l\u00e6kningu.<\/p><\/div>\t\t\t\t\t\t\t\t<\/div>\n\t\t\t\t\t<\/div>\n\t\t\t\t<\/div>\n\t\t\t\t\t<\/div>\n\t\t\t\t<\/div>\n\t\t<div class=\"elementor-element elementor-element-iwgw-igaluk-disc e-flex e-con-boxed e-con e-parent\" data-id=\"iwgw-igaluk-disc\" data-element_type=\"container\" data-e-type=\"container\">\n\t\t\t\t\t<div class=\"e-con-inner\">\n\t\t\t\t<div class=\"elementor-element elementor-element-iwgw-igaluk-discw elementor-widget elementor-widget-html\" data-id=\"iwgw-igaluk-discw\" data-element_type=\"widget\" data-e-type=\"widget\" data-widget_type=\"html.default\">\n\t\t\t\t\t<footer data-nosnippet=\"true\" class=\"iwg-disclaimer-block\"><p data-nosnippet=\"true\">iWell Guard er <strong>ekki l\u00e6kningat\u00e6ki<\/strong> og kemur ekki \u00ed sta\u00f0inn fyrir l\u00e6knis- e\u00f0a s\u00e1lfr\u00e6\u00f0ime\u00f0fer\u00f0. Tr\u00faarfr\u00e6\u00f0ilegt efni er menningars\u00f6gulegt samhengi, ekki r\u00e1\u00f0legging um andlega i\u00f0kun.<\/p><\/footer>\t\t\t\t<\/div>\n\t\t\t\t\t<\/div>\n\t\t\t\t<\/div>\n\t\t\t\t<\/div>\n\t\t","protected":false},"excerpt":{"rendered":"","protected":false},"author":3,"featured_media":2882,"parent":0,"menu_order":0,"comment_status":"closed","ping_status":"closed","template":"elementor_header_footer","meta":{"_yoast_wpseo_focuskw":"Igaluk tunglgu\u00f0 In\u00fa\u00edta","_yoast_wpseo_title":"Igaluk - Tunglgu\u00f0 og verndari vei\u00f0anna hj\u00e1 In\u00fa\u00edtum","_yoast_wpseo_metadesc":"Igaluk er tunglgu\u00f0 In\u00fa\u00edta, br\u00f3\u00f0ir s\u00f3larinnar Malinu og verndari vei\u00f0anna. Tr\u00faarbrag\u00f0afr\u00e6\u00f0ileg \u00fattekt me\u00f0 go\u00f0s\u00f6gn og heimildum.","_yoast_wpseo_meta-robots-noindex":"","_yoast_wpseo_canonical":"","_angie_page":false,"gefaehrdungsstufe":"2","wesen_kultur":"inuit","wesen_klasse":"goetter","footnotes":""},"categories":[],"class_list":["post-169006","page","type-page","status-publish","has-post-thumbnail","hentry"],"yoast_head":"<!-- This site is optimized with the Yoast SEO Premium plugin v27.7 (Yoast SEO v28.3) - https:\/\/yoast.com\/product\/yoast-seo-premium-wordpress\/ -->\n<title>Igaluk - Tunglgu\u00f0 og verndari vei\u00f0anna hj\u00e1 In\u00fa\u00edtum<\/title>\n<meta name=\"description\" content=\"Igaluk er tunglgu\u00f0 In\u00fa\u00edta, br\u00f3\u00f0ir s\u00f3larinnar Malinu og verndari vei\u00f0anna. Tr\u00faarbrag\u00f0afr\u00e6\u00f0ileg \u00fattekt me\u00f0 go\u00f0s\u00f6gn og heimildum.\" \/>\n<meta name=\"robots\" content=\"index, follow, max-snippet:-1, max-image-preview:large, max-video-preview:-1\" \/>\n<link rel=\"canonical\" href=\"https:\/\/iwell-guard.com\/is\/igaluk-tunglgud-inuita\/\" \/>\n<meta property=\"og:locale\" content=\"is_IS\" \/>\n<meta property=\"og:type\" content=\"article\" \/>\n<meta property=\"og:title\" content=\"Igaluk - Tunglgu\u00f0 \u00ed hef\u00f0um In\u00fa\u00edta\" \/>\n<meta property=\"og:description\" content=\"Igaluk er tunglgu\u00f0 In\u00fa\u00edta, br\u00f3\u00f0ir s\u00f3larinnar Malinu og verndari vei\u00f0anna. Tr\u00faarbrag\u00f0afr\u00e6\u00f0ileg \u00fattekt me\u00f0 go\u00f0s\u00f6gn og heimildum.\" \/>\n<meta property=\"og:url\" content=\"https:\/\/iwell-guard.com\/is\/igaluk-tunglgud-inuita\/\" \/>\n<meta property=\"og:site_name\" content=\"iWell Guard\" \/>\n<meta property=\"article:modified_time\" content=\"2026-09-05T14:29:40+00:00\" \/>\n<meta property=\"og:image\" content=\"https:\/\/iwell-guard.com\/wp-content\/uploads\/2026\/05\/goetter_inuit_igaluk.webp\" \/>\n\t<meta property=\"og:image:width\" content=\"1024\" \/>\n\t<meta property=\"og:image:height\" content=\"1536\" \/>\n\t<meta property=\"og:image:type\" content=\"image\/webp\" \/>\n<meta name=\"twitter:card\" content=\"summary_large_image\" \/>\n<script type=\"application\/ld+json\" class=\"yoast-schema-graph\">{\"@context\":\"https:\\\/\\\/schema.org\",\"@graph\":[{\"@type\":\"WebPage\",\"@id\":\"https:\\\/\\\/iwell-guard.com\\\/is\\\/igaluk-tunglgud-inuita\\\/\",\"url\":\"https:\\\/\\\/iwell-guard.com\\\/is\\\/igaluk-tunglgud-inuita\\\/\",\"name\":\"Igaluk - Tunglgu\u00f0 og verndari vei\u00f0anna hj\u00e1 In\u00fa\u00edtum\",\"isPartOf\":{\"@id\":\"https:\\\/\\\/iwell-guard.com\\\/is\\\/#website\"},\"primaryImageOfPage\":{\"@id\":\"https:\\\/\\\/iwell-guard.com\\\/is\\\/igaluk-tunglgud-inuita\\\/#primaryimage\"},\"image\":{\"@id\":\"https:\\\/\\\/iwell-guard.com\\\/is\\\/igaluk-tunglgud-inuita\\\/#primaryimage\"},\"thumbnailUrl\":\"https:\\\/\\\/iwell-guard.com\\\/wp-content\\\/uploads\\\/2026\\\/05\\\/goetter_inuit_igaluk.webp\",\"datePublished\":\"2026-09-05T14:04:46+00:00\",\"dateModified\":\"2026-09-05T14:29:40+00:00\",\"description\":\"Igaluk er tunglgu\u00f0 In\u00fa\u00edta, br\u00f3\u00f0ir s\u00f3larinnar Malinu og verndari vei\u00f0anna. Tr\u00faarbrag\u00f0afr\u00e6\u00f0ileg \u00fattekt me\u00f0 go\u00f0s\u00f6gn og heimildum.\",\"breadcrumb\":{\"@id\":\"https:\\\/\\\/iwell-guard.com\\\/is\\\/igaluk-tunglgud-inuita\\\/#breadcrumb\"},\"inLanguage\":\"is\",\"potentialAction\":[{\"@type\":\"ReadAction\",\"target\":[\"https:\\\/\\\/iwell-guard.com\\\/is\\\/igaluk-tunglgud-inuita\\\/\"]}]},{\"@type\":\"ImageObject\",\"inLanguage\":\"is\",\"@id\":\"https:\\\/\\\/iwell-guard.com\\\/is\\\/igaluk-tunglgud-inuita\\\/#primaryimage\",\"url\":\"https:\\\/\\\/iwell-guard.com\\\/wp-content\\\/uploads\\\/2026\\\/05\\\/goetter_inuit_igaluk.webp\",\"contentUrl\":\"https:\\\/\\\/iwell-guard.com\\\/wp-content\\\/uploads\\\/2026\\\/05\\\/goetter_inuit_igaluk.webp\",\"width\":1024,\"height\":1536,\"caption\":\"Gu\u00f0ir \u00far hef\u00f0 In\u00fa\u00edta.\"},{\"@type\":\"BreadcrumbList\",\"@id\":\"https:\\\/\\\/iwell-guard.com\\\/is\\\/igaluk-tunglgud-inuita\\\/#breadcrumb\",\"itemListElement\":[{\"@type\":\"ListItem\",\"position\":1,\"name\":\"Start\",\"item\":\"https:\\\/\\\/iwell-guard.com\\\/is\\\/?page_id=168580\"},{\"@type\":\"ListItem\",\"position\":2,\"name\":\"Igaluk &#8211; Tunglgu\u00f0 \u00ed hef\u00f0um In\u00fa\u00edta\"}]},{\"@type\":\"WebSite\",\"@id\":\"https:\\\/\\\/iwell-guard.com\\\/is\\\/#website\",\"url\":\"https:\\\/\\\/iwell-guard.com\\\/is\\\/\",\"name\":\"iWell Guard\",\"description\":\"Schutz vor dunklen Einfl\u00fcssen\",\"publisher\":{\"@id\":\"https:\\\/\\\/iwell-guard.com\\\/is\\\/#organization\"},\"potentialAction\":[{\"@type\":\"SearchAction\",\"target\":{\"@type\":\"EntryPoint\",\"urlTemplate\":\"https:\\\/\\\/iwell-guard.com\\\/is\\\/?s={search_term_string}\"},\"query-input\":{\"@type\":\"PropertyValueSpecification\",\"valueRequired\":true,\"valueName\":\"search_term_string\"}}],\"inLanguage\":\"is\"},{\"@type\":\"Organization\",\"@id\":\"https:\\\/\\\/iwell-guard.com\\\/is\\\/#organization\",\"name\":\"Ittermann electronic GmbH\",\"url\":\"https:\\\/\\\/iwell-guard.com\\\/is\\\/\",\"logo\":{\"@type\":\"ImageObject\",\"inLanguage\":\"is\",\"@id\":\"https:\\\/\\\/iwell-guard.com\\\/is\\\/#\\\/schema\\\/logo\\\/image\\\/\",\"url\":\"https:\\\/\\\/iwell-guard.com\\\/wp-content\\\/uploads\\\/2026\\\/05\\\/Ittermann-Logo-1182x237-1.png\",\"contentUrl\":\"https:\\\/\\\/iwell-guard.com\\\/wp-content\\\/uploads\\\/2026\\\/05\\\/Ittermann-Logo-1182x237-1.png\",\"width\":1182,\"height\":237,\"caption\":\"Ittermann electronic GmbH\"},\"image\":{\"@id\":\"https:\\\/\\\/iwell-guard.com\\\/is\\\/#\\\/schema\\\/logo\\\/image\\\/\"},\"sameAs\":[\"https:\\\/\\\/pantip.com\\\/profile\\\/9367242\",\"https:\\\/\\\/micro.blog\\\/iwellguard\",\"https:\\\/\\\/www.diggerslist.com\\\/iwellguard\\\/about\",\"https:\\\/\\\/skitterphoto.com\\\/photographers\\\/2870314\\\/iwell-guard\",\"https:\\\/\\\/iwellguard.wordpress.com\\\/2026\\\/06\\\/06\\\/iwell-guard\\\/\",\"https:\\\/\\\/hub.docker.com\\\/u\\\/iwellguard\",\"https:\\\/\\\/www.pinterest.com\\\/iwellguard\\\/\",\"https:\\\/\\\/bit.ly\\\/m\\\/iwellguard\",\"https:\\\/\\\/entre-vos-mains.alsace.eu\\\/profiles\\\/iwellguard\\\/activity\",\"https:\\\/\\\/gravatar.com\\\/reallybeded8fd34\",\"https:\\\/\\\/naijamatta.com\\\/iwellguard\",\"https:\\\/\\\/www.goodreads.com\\\/iwellguard\",\"https:\\\/\\\/profile.hatena.ne.jp\\\/iwellguard\\\/\",\"https:\\\/\\\/experiment.com\\\/users\\\/iwellguard\",\"https:\\\/\\\/wakelet.com\\\/@iWellGuard82270\",\"https:\\\/\\\/www.chordie.com\\\/forum\\\/profile.php?id=2555664\",\"https:\\\/\\\/www.instapaper.com\\\/p\\\/17757966\",\"https:\\\/\\\/www.mapleprimes.com\\\/users\\\/iwellguard\",\"https:\\\/\\\/businesslistingplus.com\\\/profile\\\/iwell-guard\\\/\",\"https:\\\/\\\/telegra.ph\\\/iWell-Guard-06-06\",\"https:\\\/\\\/pbase.com\\\/iwellguard\\\/iwellguard\",\"https:\\\/\\\/b.hatena.ne.jp\\\/iwellguard\\\/20260607#bookmark-4788405196491818882\",\"https:\\\/\\\/fliphtml5.com\\\/home\\\/iwellguard\",\"https:\\\/\\\/anyflip.com\\\/homepage\\\/cmiwl#About\",\"https:\\\/\\\/transfur.com\\\/Users\\\/iwellguard\",\"http:\\\/\\\/delphi.larsbo.org\\\/user\\\/iwellguard\",\"https:\\\/\\\/jobs.lajobsportal.org\\\/profiles\\\/8380803-iwell-guard\",\"https:\\\/\\\/md.chaosdorf.de\\\/s\\\/jfbe5SBdJD\",\"https:\\\/\\\/www.lingvolive.com\\\/en-us\\\/profile\\\/9ecaeaca-ce11-4e51-9e71-01d55e2bff36\\\/translations\",\"https:\\\/\\\/www.fitday.com\\\/fitness\\\/forums\\\/members\\\/iwellguard.html\",\"https:\\\/\\\/www.mymeetbook.com\\\/iwellguard\",\"https:\\\/\\\/pxhere.com\\\/en\\\/photographer-me\\\/5040798\",\"https:\\\/\\\/disqus.com\\\/by\\\/iwellguard\\\/about\\\/\",\"https:\\\/\\\/pastelink.net\\\/hjwciqwq\",\"https:\\\/\\\/pubhtml5.com\\\/homepage\\\/scjhn\\\/\",\"https:\\\/\\\/www.bitchute.com\\\/channel\\\/2O2eOKzNqujT\",\"https:\\\/\\\/audiomack.com\\\/iwellguard\"]},{\"@type\":\"Article\",\"@id\":\"https:\\\/\\\/iwell-guard.com\\\/is\\\/igaluk-tunglgud-inuita\\\/#article\",\"isPartOf\":{\"@id\":\"https:\\\/\\\/iwell-guard.com\\\/is\\\/igaluk-tunglgud-inuita\\\/\"},\"author\":{\"name\":\"Ralf Ittermann\",\"@id\":\"https:\\\/\\\/iwell-guard.com\\\/is\\\/#\\\/schema\\\/person\\\/ee2a27f1cac3406c7c6fb5820cb7349f\"},\"headline\":\"Igaluk &#8211; Tunglgu\u00f0 \u00ed hef\u00f0um In\u00fa\u00edta\",\"datePublished\":\"2026-09-05T14:04:46+00:00\",\"dateModified\":\"2026-09-05T14:29:40+00:00\",\"mainEntityOfPage\":{\"@id\":\"https:\\\/\\\/iwell-guard.com\\\/is\\\/igaluk-tunglgud-inuita\\\/\"},\"publisher\":{\"@id\":\"https:\\\/\\\/iwell-guard.com\\\/is\\\/#organization\"},\"image\":{\"@id\":\"https:\\\/\\\/iwell-guard.com\\\/is\\\/igaluk-tunglgud-inuita\\\/#primaryimage\"},\"thumbnailUrl\":\"https:\\\/\\\/iwell-guard.com\\\/wp-content\\\/uploads\\\/2026\\\/05\\\/goetter_inuit_igaluk.webp\",\"inLanguage\":\"is\",\"description\":\"Igaluk er tunglgu\u00f0 In\u00fa\u00edta, br\u00f3\u00f0ir s\u00f3larinnar Malinu og verndari vei\u00f0anna. Tr\u00faarbrag\u00f0afr\u00e6\u00f0ileg \u00fattekt me\u00f0 go\u00f0s\u00f6gn og heimildum.\"}]}<\/script>\n<!-- \/ Yoast SEO Premium plugin. -->","yoast_head_json":{"title":"Igaluk - Tunglgu\u00f0 og verndari vei\u00f0anna hj\u00e1 In\u00fa\u00edtum","description":"Igaluk er tunglgu\u00f0 In\u00fa\u00edta, br\u00f3\u00f0ir s\u00f3larinnar Malinu og verndari vei\u00f0anna. Tr\u00faarbrag\u00f0afr\u00e6\u00f0ileg \u00fattekt me\u00f0 go\u00f0s\u00f6gn og heimildum.","robots":{"index":"index","follow":"follow","max-snippet":"max-snippet:-1","max-image-preview":"max-image-preview:large","max-video-preview":"max-video-preview:-1"},"canonical":"https:\/\/iwell-guard.com\/is\/igaluk-tunglgud-inuita\/","og_locale":"is_IS","og_type":"article","og_title":"Igaluk - Tunglgu\u00f0 \u00ed hef\u00f0um In\u00fa\u00edta","og_description":"Igaluk er tunglgu\u00f0 In\u00fa\u00edta, br\u00f3\u00f0ir s\u00f3larinnar Malinu og verndari vei\u00f0anna. Tr\u00faarbrag\u00f0afr\u00e6\u00f0ileg \u00fattekt me\u00f0 go\u00f0s\u00f6gn og heimildum.","og_url":"https:\/\/iwell-guard.com\/is\/igaluk-tunglgud-inuita\/","og_site_name":"iWell Guard","article_modified_time":"2026-09-05T14:29:40+00:00","og_image":[{"width":1024,"height":1536,"url":"https:\/\/iwell-guard.com\/wp-content\/uploads\/2026\/05\/goetter_inuit_igaluk.webp","type":"image\/webp"}],"twitter_card":"summary_large_image","schema":{"@context":"https:\/\/schema.org","@graph":[{"@type":"Article","@id":"https:\/\/iwell-guard.com\/is\/igaluk-tunglgud-inuita\/#article","isPartOf":{"@id":"https:\/\/iwell-guard.com\/is\/igaluk-tunglgud-inuita\/"},"author":{"name":"Ralf Ittermann","@id":"https:\/\/iwell-guard.com\/is\/#\/schema\/person\/ee2a27f1cac3406c7c6fb5820cb7349f"},"headline":"Igaluk &#8211; Tunglgu\u00f0 \u00ed hef\u00f0um In\u00fa\u00edta","datePublished":"2026-09-05T14:04:46+00:00","dateModified":"2026-09-05T14:29:40+00:00","mainEntityOfPage":{"@id":"https:\/\/iwell-guard.com\/is\/igaluk-tunglgud-inuita\/"},"publisher":{"@id":"https:\/\/iwell-guard.com\/is\/#organization"},"image":{"@id":"https:\/\/iwell-guard.com\/is\/igaluk-tunglgud-inuita\/#primaryimage"},"thumbnailUrl":"https:\/\/iwell-guard.com\/wp-content\/uploads\/2026\/05\/goetter_inuit_igaluk.webp","inLanguage":"is","description":"Igaluk er tunglgu\u00f0 In\u00fa\u00edta, br\u00f3\u00f0ir s\u00f3larinnar Malinu og verndari vei\u00f0anna. Tr\u00faarbrag\u00f0afr\u00e6\u00f0ileg \u00fattekt me\u00f0 go\u00f0s\u00f6gn og heimildum."},{"@type":"WebPage","@id":"https:\/\/iwell-guard.com\/is\/igaluk-tunglgud-inuita\/","url":"https:\/\/iwell-guard.com\/is\/igaluk-tunglgud-inuita\/","name":"Igaluk - Tunglgu\u00f0 og verndari vei\u00f0anna hj\u00e1 In\u00fa\u00edtum","isPartOf":{"@id":"https:\/\/iwell-guard.com\/is\/#website"},"primaryImageOfPage":{"@id":"https:\/\/iwell-guard.com\/is\/igaluk-tunglgud-inuita\/#primaryimage"},"image":{"@id":"https:\/\/iwell-guard.com\/is\/igaluk-tunglgud-inuita\/#primaryimage"},"thumbnailUrl":"https:\/\/iwell-guard.com\/wp-content\/uploads\/2026\/05\/goetter_inuit_igaluk.webp","datePublished":"2026-09-05T14:04:46+00:00","dateModified":"2026-09-05T14:29:40+00:00","description":"Igaluk er tunglgu\u00f0 In\u00fa\u00edta, br\u00f3\u00f0ir s\u00f3larinnar Malinu og verndari vei\u00f0anna. Tr\u00faarbrag\u00f0afr\u00e6\u00f0ileg \u00fattekt me\u00f0 go\u00f0s\u00f6gn og heimildum.","breadcrumb":{"@id":"https:\/\/iwell-guard.com\/is\/igaluk-tunglgud-inuita\/#breadcrumb"},"inLanguage":"is","potentialAction":[{"@type":"ReadAction","target":["https:\/\/iwell-guard.com\/is\/igaluk-tunglgud-inuita\/"]}]},{"@type":"ImageObject","inLanguage":"is","@id":"https:\/\/iwell-guard.com\/is\/igaluk-tunglgud-inuita\/#primaryimage","url":"https:\/\/iwell-guard.com\/wp-content\/uploads\/2026\/05\/goetter_inuit_igaluk.webp","contentUrl":"https:\/\/iwell-guard.com\/wp-content\/uploads\/2026\/05\/goetter_inuit_igaluk.webp","width":1024,"height":1536,"caption":"Gu\u00f0ir \u00far hef\u00f0 In\u00fa\u00edta."},{"@type":"BreadcrumbList","@id":"https:\/\/iwell-guard.com\/is\/igaluk-tunglgud-inuita\/#breadcrumb","itemListElement":[{"@type":"ListItem","position":1,"name":"Start","item":"https:\/\/iwell-guard.com\/is\/?page_id=168580"},{"@type":"ListItem","position":2,"name":"Igaluk &#8211; Tunglgu\u00f0 \u00ed hef\u00f0um In\u00fa\u00edta"}]},{"@type":"WebSite","@id":"https:\/\/iwell-guard.com\/is\/#website","url":"https:\/\/iwell-guard.com\/is\/","name":"iWell Guard","description":"Schutz vor dunklen Einfl\u00fcssen","publisher":{"@id":"https:\/\/iwell-guard.com\/is\/#organization"},"potentialAction":[{"@type":"SearchAction","target":{"@type":"EntryPoint","urlTemplate":"https:\/\/iwell-guard.com\/is\/?s={search_term_string}"},"query-input":{"@type":"PropertyValueSpecification","valueRequired":true,"valueName":"search_term_string"}}],"inLanguage":"is"},{"@type":"Organization","@id":"https:\/\/iwell-guard.com\/is\/#organization","name":"Ittermann electronic GmbH","url":"https:\/\/iwell-guard.com\/is\/","logo":{"@type":"ImageObject","inLanguage":"is","@id":"https:\/\/iwell-guard.com\/is\/#\/schema\/logo\/image\/","url":"https:\/\/iwell-guard.com\/wp-content\/uploads\/2026\/05\/Ittermann-Logo-1182x237-1.png","contentUrl":"https:\/\/iwell-guard.com\/wp-content\/uploads\/2026\/05\/Ittermann-Logo-1182x237-1.png","width":1182,"height":237,"caption":"Ittermann electronic GmbH"},"image":{"@id":"https:\/\/iwell-guard.com\/is\/#\/schema\/logo\/image\/"},"sameAs":["https:\/\/pantip.com\/profile\/9367242","https:\/\/micro.blog\/iwellguard","https:\/\/www.diggerslist.com\/iwellguard\/about","https:\/\/skitterphoto.com\/photographers\/2870314\/iwell-guard","https:\/\/iwellguard.wordpress.com\/2026\/06\/06\/iwell-guard\/","https:\/\/hub.docker.com\/u\/iwellguard","https:\/\/www.pinterest.com\/iwellguard\/","https:\/\/bit.ly\/m\/iwellguard","https:\/\/entre-vos-mains.alsace.eu\/profiles\/iwellguard\/activity","https:\/\/gravatar.com\/reallybeded8fd34","https:\/\/naijamatta.com\/iwellguard","https:\/\/www.goodreads.com\/iwellguard","https:\/\/profile.hatena.ne.jp\/iwellguard\/","https:\/\/experiment.com\/users\/iwellguard","https:\/\/wakelet.com\/@iWellGuard82270","https:\/\/www.chordie.com\/forum\/profile.php?id=2555664","https:\/\/www.instapaper.com\/p\/17757966","https:\/\/www.mapleprimes.com\/users\/iwellguard","https:\/\/businesslistingplus.com\/profile\/iwell-guard\/","https:\/\/telegra.ph\/iWell-Guard-06-06","https:\/\/pbase.com\/iwellguard\/iwellguard","https:\/\/b.hatena.ne.jp\/iwellguard\/20260607#bookmark-4788405196491818882","https:\/\/fliphtml5.com\/home\/iwellguard","https:\/\/anyflip.com\/homepage\/cmiwl#About","https:\/\/transfur.com\/Users\/iwellguard","http:\/\/delphi.larsbo.org\/user\/iwellguard","https:\/\/jobs.lajobsportal.org\/profiles\/8380803-iwell-guard","https:\/\/md.chaosdorf.de\/s\/jfbe5SBdJD","https:\/\/www.lingvolive.com\/en-us\/profile\/9ecaeaca-ce11-4e51-9e71-01d55e2bff36\/translations","https:\/\/www.fitday.com\/fitness\/forums\/members\/iwellguard.html","https:\/\/www.mymeetbook.com\/iwellguard","https:\/\/pxhere.com\/en\/photographer-me\/5040798","https:\/\/disqus.com\/by\/iwellguard\/about\/","https:\/\/pastelink.net\/hjwciqwq","https:\/\/pubhtml5.com\/homepage\/scjhn\/","https:\/\/www.bitchute.com\/channel\/2O2eOKzNqujT","https:\/\/audiomack.com\/iwellguard"]},{"@type":"Person","@id":"https:\/\/iwell-guard.com\/is\/#\/schema\/person\/ee2a27f1cac3406c7c6fb5820cb7349f","name":"Ralf Ittermann","image":{"@type":"ImageObject","inLanguage":"is","@id":"https:\/\/secure.gravatar.com\/avatar\/073c0153e350a5005b68eb752b445fea71f6b24a26da9449ad7e155e6b446c9d?s=96&d=mm&r=g","url":"https:\/\/secure.gravatar.com\/avatar\/073c0153e350a5005b68eb752b445fea71f6b24a26da9449ad7e155e6b446c9d?s=96&d=mm&r=g","contentUrl":"https:\/\/secure.gravatar.com\/avatar\/073c0153e350a5005b68eb752b445fea71f6b24a26da9449ad7e155e6b446c9d?s=96&d=mm&r=g","caption":"Ralf Ittermann"},"givenName":"Ralf","familyName":"Ittermann","jobTitle":"Gesch\u00e4ftsf\u00fchrer und redaktioneller Verantwortlicher","url":"https:\/\/iwell-guard.com\/is\/author\/claude\/","description":"Ralf Ittermann ist Gesch\u00e4ftsf\u00fchrer der Ittermann electronic GmbH und redaktioneller Verantwortlicher des iWell-Guard-Lexikons. Er verbindet langj\u00e4hrige Erfahrung in der Pr\u00e4zisionsfertigung mit medialer Praxis und religionsgeschichtlicher Quellenarbeit.","worksFor":{"@type":"Organization","name":"Ittermann electronic GmbH","url":"https:\/\/ittermann.de\/","address":{"@type":"PostalAddress","streetAddress":"K\u00f6hlergasse 16-18","postalCode":"99842","addressLocality":"Ruhla","addressCountry":"DE"}},"knowsAbout":["Religionsgeschichte","Mythologie","Mediale Praxis","Energetische Diagnostik","Schutzpraxis","Volksglauben","Westliche Esoterik"]},{"@type":"Article","@id":"https:\/\/iwell-guard.com\/is\/igaluk-tunglgud-inuita\/#article","isPartOf":{"@id":"https:\/\/iwell-guard.com\/is\/igaluk-tunglgud-inuita\/"},"author":{"name":"Ralf Ittermann","@id":"https:\/\/iwell-guard.com\/is\/#\/schema\/person\/ee2a27f1cac3406c7c6fb5820cb7349f"},"headline":"Igaluk &#8211; Tunglgu\u00f0 \u00ed hef\u00f0um In\u00fa\u00edta","datePublished":"2026-09-05T14:04:46+00:00","dateModified":"2026-09-05T14:29:40+00:00","mainEntityOfPage":{"@id":"https:\/\/iwell-guard.com\/is\/igaluk-tunglgud-inuita\/"},"publisher":{"@id":"https:\/\/iwell-guard.com\/is\/#organization"},"image":{"@id":"https:\/\/iwell-guard.com\/is\/igaluk-tunglgud-inuita\/#primaryimage"},"thumbnailUrl":"https:\/\/iwell-guard.com\/wp-content\/uploads\/2026\/05\/goetter_inuit_igaluk.webp","inLanguage":"is","description":"Igaluk er tunglgu\u00f0 In\u00fa\u00edta, br\u00f3\u00f0ir s\u00f3larinnar Malinu og verndari vei\u00f0anna. Tr\u00faarbrag\u00f0afr\u00e6\u00f0ileg \u00fattekt me\u00f0 go\u00f0s\u00f6gn og heimildum."}]}},"_links":{"self":[{"href":"https:\/\/iwell-guard.com\/is\/wp-json\/wp\/v2\/pages\/169006","targetHints":{"allow":["GET"]}}],"collection":[{"href":"https:\/\/iwell-guard.com\/is\/wp-json\/wp\/v2\/pages"}],"about":[{"href":"https:\/\/iwell-guard.com\/is\/wp-json\/wp\/v2\/types\/page"}],"author":[{"embeddable":true,"href":"https:\/\/iwell-guard.com\/is\/wp-json\/wp\/v2\/users\/3"}],"replies":[{"embeddable":true,"href":"https:\/\/iwell-guard.com\/is\/wp-json\/wp\/v2\/comments?post=169006"}],"version-history":[{"count":0,"href":"https:\/\/iwell-guard.com\/is\/wp-json\/wp\/v2\/pages\/169006\/revisions"}],"wp:featuredmedia":[{"embeddable":true,"href":"https:\/\/iwell-guard.com\/is\/wp-json\/wp\/v2\/media\/2882"}],"wp:attachment":[{"href":"https:\/\/iwell-guard.com\/is\/wp-json\/wp\/v2\/media?parent=169006"}],"wp:term":[{"taxonomy":"category","embeddable":true,"href":"https:\/\/iwell-guard.com\/is\/wp-json\/wp\/v2\/categories?post=169006"}],"curies":[{"name":"wp","href":"https:\/\/api.w.org\/{rel}","templated":true}]}}