{"id":169005,"date":"2026-09-05T14:04:45","date_gmt":"2026-09-05T14:04:45","guid":{"rendered":"https:\/\/iwell-guard.com\/?page_id=169005"},"modified":"2026-09-05T14:29:35","modified_gmt":"2026-09-05T14:29:35","slug":"nanook-isbjarnarherra-inuita","status":"publish","type":"page","link":"https:\/\/iwell-guard.com\/is\/nanook-isbjarnarherra-inuita\/","title":{"rendered":"Nanook &#8211; \u00cdsbjarnarherra in\u00fa\u00edta-hef\u00f0arins"},"content":{"rendered":"\t\t<div data-elementor-type=\"wp-page\" data-elementor-id=\"169005\" class=\"elementor elementor-169005 elementor-2660 elementor-bc-flex-widget\" data-elementor-post-type=\"page\">\n\t\t\t\t<div class=\"elementor-element elementor-element-iwgw-nanook-hero e-flex e-con-boxed e-con e-parent\" data-id=\"iwgw-nanook-hero\" data-element_type=\"container\" data-e-type=\"container\" data-settings=\"{&quot;background_background&quot;:&quot;classic&quot;}\">\n\t\t\t\t\t<div class=\"e-con-inner\">\n\t\t<div class=\"elementor-element elementor-element-iwgw-nanook-hl e-flex e-con-boxed e-con e-child\" data-id=\"iwgw-nanook-hl\" data-element_type=\"container\" data-e-type=\"container\">\n\t\t\t\t\t<div class=\"e-con-inner\">\n\t\t<div class=\"elementor-element elementor-element-iwgw-nanook-htxt e-con-full e-flex e-con e-child\" data-id=\"iwgw-nanook-htxt\" data-element_type=\"container\" data-e-type=\"container\">\n\t\t\t\t<div class=\"elementor-element elementor-element-iwgw-nanook-h1 elementor-widget elementor-widget-heading\" data-id=\"iwgw-nanook-h1\" data-element_type=\"widget\" data-e-type=\"widget\" data-widget_type=\"heading.default\">\n\t\t\t\t\t<h1 class=\"elementor-heading-title elementor-size-default\">Nanook - \u00cdsbjarnarherra og sjamanahj\u00e1lpari in\u00fa\u00edta-hef\u00f0arins<\/h1>\t\t\t\t<\/div>\n\t\t\t\t<div class=\"elementor-element elementor-element-iwgw-nanook-lead elementor-widget elementor-widget-text-editor\" data-id=\"iwgw-nanook-lead\" data-element_type=\"widget\" data-e-type=\"widget\" data-widget_type=\"text-editor.default\">\n\t\t\t\t\t\t\t\t\t<p>Nanook, \u00e1 in\u00fakt\u00edt\u00fat-m\u00e1li nefndur Nanuq, er tr\u00faarlega hla\u00f0in \u00edmynd \u00edsbjarnarins. Hann er talinn pers\u00f3nuger\u00f0 m\u00e1ttarvera og hj\u00e1lparandi sjamana, og tab\u00fa og vir\u00f0ing gagnvart honum hafa sinn s\u00e9rstaka sta\u00f0 \u00ed hringheimskautatr\u00faarbr\u00f6g\u00f0um. \u00dat fr\u00e1 tr\u00faarfr\u00e6\u00f0ilegu sj\u00f3narhorni tilheyrir hann hinni hringheimskautlegu bjarnarhef\u00f0 me\u00f0 s\u00e9rst\u00e6\u00f0um arkt\u00edskum einkennum.<\/p>\t\t\t\t\t\t\t\t<\/div>\n\t\t\t\t<\/div>\n\t\t<div class=\"elementor-element elementor-element-iwgw-nanook-pillc e-con-full e-flex e-con e-child\" data-id=\"iwgw-nanook-pillc\" data-element_type=\"container\" data-e-type=\"container\">\n\t\t\t\t<div class=\"elementor-element elementor-element-iwgw-nanook-pills elementor-widget elementor-widget-html\" data-id=\"iwgw-nanook-pills\" data-element_type=\"widget\" data-e-type=\"widget\" data-widget_type=\"html.default\">\n\t\t\t\t\t<div class=\"iwg-pill-row\"><span class=\"iwg-klasse-badge\" tabindex=\"0\" data-tooltip=\"D\u00fdraandi hef\u00f0ar in\u00fa\u00edta.\">D\u00fdraandi<\/span><a href=\"https:\/\/iwell-guard.com\/is\/inuit-og-nordurslodir-sedna-tornit\/\" class=\"iwg-kultur-badge\" tabindex=\"0\" data-tooltip=\"Go\u00f0afr\u00e6\u00f0i hef\u00f0ar in\u00fa\u00edta.\">In\u00fa\u00edtar<\/a><span class=\"iwg-tradition-badge\" tabindex=\"0\" data-tooltip=\"\u00cdsbjarnarherra.\">\u00cdsbjarnarherra<\/span><\/div>\t\t\t\t<\/div>\n\t\t\t\t<\/div>\n\t\t<div class=\"elementor-element elementor-element-iwgw-nanook-tocc e-con-full e-flex e-con e-child\" data-id=\"iwgw-nanook-tocc\" data-element_type=\"container\" data-e-type=\"container\">\n\t\t\t\t<div class=\"elementor-element elementor-element-iwgw-nanook-toc elementor-toc--minimized-on-tablet elementor-widget elementor-widget-table-of-contents\" data-id=\"iwgw-nanook-toc\" data-element_type=\"widget\" data-e-type=\"widget\" data-settings=\"{&quot;headings_by_tags&quot;:[&quot;h2&quot;,&quot;h3&quot;],&quot;minimize_box&quot;:&quot;yes&quot;,&quot;marker_view&quot;:&quot;bullets&quot;,&quot;no_headings_message&quot;:&quot;Engar undirfyrirsagnir fundust \\u00e1 \\u00feessari s\\u00ed\\u00f0u.&quot;,&quot;exclude_headings_by_selector&quot;:[],&quot;icon&quot;:{&quot;value&quot;:&quot;fas fa-circle&quot;,&quot;library&quot;:&quot;fa-solid&quot;,&quot;rendered_tag&quot;:&quot;&lt;svg class=\\&quot;e-font-icon-svg e-fas-circle\\&quot; viewBox=\\&quot;0 0 512 512\\&quot; xmlns=\\&quot;http:\\\/\\\/www.w3.org\\\/2000\\\/svg\\&quot;&gt;&lt;path d=\\&quot;M256 8C119 8 8 119 8 256s111 248 248 248 248-111 248-248S393 8 256 8z\\&quot;&gt;&lt;\\\/path&gt;&lt;\\\/svg&gt;&quot;},&quot;minimized_on&quot;:&quot;tablet&quot;,&quot;hierarchical_view&quot;:&quot;yes&quot;,&quot;min_height&quot;:{&quot;unit&quot;:&quot;px&quot;,&quot;size&quot;:&quot;&quot;,&quot;sizes&quot;:[]},&quot;min_height_tablet&quot;:{&quot;unit&quot;:&quot;px&quot;,&quot;size&quot;:&quot;&quot;,&quot;sizes&quot;:[]},&quot;min_height_mobile&quot;:{&quot;unit&quot;:&quot;px&quot;,&quot;size&quot;:&quot;&quot;,&quot;sizes&quot;:[]}}\" data-widget_type=\"table-of-contents.default\">\n\t\t\t\t\t\t\t\t\t<div class=\"elementor-toc__header\">\n\t\t\t\t\t\t<h2 class=\"elementor-toc__header-title\">\n\t\t\t\tEfnisyfirlit\t\t\t<\/h2>\n\t\t\t\t\t\t\t\t\t\t<div class=\"elementor-toc__toggle-button elementor-toc__toggle-button--expand\" role=\"button\" tabindex=\"0\" aria-controls=\"elementor-toc__iwgw-nanook-toc\" aria-expanded=\"true\" aria-label=\"Open table of contents\"><svg aria-hidden=\"true\" class=\"e-font-icon-svg e-fas-chevron-down\" viewBox=\"0 0 448 512\" xmlns=\"http:\/\/www.w3.org\/2000\/svg\"><path d=\"M207.029 381.476L12.686 187.132c-9.373-9.373-9.373-24.569 0-33.941l22.667-22.667c9.357-9.357 24.522-9.375 33.901-.04L224 284.505l154.745-154.021c9.379-9.335 24.544-9.317 33.901.04l22.667 22.667c9.373 9.373 9.373 24.569 0 33.941L240.971 381.476c-9.373 9.372-24.569 9.372-33.942 0z\"><\/path><\/svg><\/div>\n\t\t\t\t<div class=\"elementor-toc__toggle-button elementor-toc__toggle-button--collapse\" role=\"button\" tabindex=\"0\" aria-controls=\"elementor-toc__iwgw-nanook-toc\" aria-expanded=\"true\" aria-label=\"Close table of contents\"><svg aria-hidden=\"true\" class=\"e-font-icon-svg e-fas-chevron-up\" viewBox=\"0 0 448 512\" xmlns=\"http:\/\/www.w3.org\/2000\/svg\"><path d=\"M240.971 130.524l194.343 194.343c9.373 9.373 9.373 24.569 0 33.941l-22.667 22.667c-9.357 9.357-24.522 9.375-33.901.04L224 227.495 69.255 381.516c-9.379 9.335-24.544 9.317-33.901-.04l-22.667-22.667c-9.373-9.373-9.373-24.569 0-33.941L207.03 130.525c9.372-9.373 24.568-9.373 33.941-.001z\"><\/path><\/svg><\/div>\n\t\t\t\t\t<\/div>\n\t\t\t\t<div id=\"elementor-toc__iwgw-nanook-toc\" class=\"elementor-toc__body\">\n\t\t\t<div class=\"elementor-toc__spinner-container\">\n\t\t\t\t<svg class=\"elementor-toc__spinner eicon-animation-spin e-font-icon-svg e-eicon-loading\" aria-hidden=\"true\" viewBox=\"0 0 1000 1000\" xmlns=\"http:\/\/www.w3.org\/2000\/svg\"><path d=\"M500 975V858C696 858 858 696 858 500S696 142 500 142 142 304 142 500H25C25 237 238 25 500 25S975 237 975 500 763 975 500 975Z\"><\/path><\/svg>\t\t\t<\/div>\n\t\t<\/div>\n\t\t\t\t\t\t<\/div>\n\t\t\t\t<\/div>\n\t\t\t\t\t<\/div>\n\t\t\t\t<\/div>\n\t\t<div class=\"elementor-element elementor-element-iwgw-nanook-hr e-con-full e-flex e-con e-child\" data-id=\"iwgw-nanook-hr\" data-element_type=\"container\" data-e-type=\"container\">\n\t\t\t\t<div class=\"elementor-element elementor-element-iwgw-nanook-heroimg iwg-hero-image elementor-widget elementor-widget-image\" data-id=\"iwgw-nanook-heroimg\" data-element_type=\"widget\" data-e-type=\"widget\" data-widget_type=\"image.default\">\n\t\t\t\t\t\t\t\t\t\t\t\t\t\t\t<img fetchpriority=\"high\" decoding=\"async\" width=\"683\" height=\"1024\" src=\"https:\/\/iwell-guard.com\/wp-content\/uploads\/2026\/05\/geister_inuit_nanook-683x1024.webp\" class=\"attachment-large size-large wp-image-170781\" alt=\"Nanook - andar \u00far in\u00fa\u00edta-hef\u00f0inni, s\u00f6guleg-myndskreytandi\" srcset=\"https:\/\/iwell-guard.com\/wp-content\/uploads\/2026\/05\/geister_inuit_nanook-683x1024.webp 683w, https:\/\/iwell-guard.com\/wp-content\/uploads\/2026\/05\/geister_inuit_nanook-200x300.webp 200w, https:\/\/iwell-guard.com\/wp-content\/uploads\/2026\/05\/geister_inuit_nanook-768x1152.webp 768w, https:\/\/iwell-guard.com\/wp-content\/uploads\/2026\/05\/geister_inuit_nanook.webp 1024w\" sizes=\"(max-width: 683px) 100vw, 683px\" \/>\t\t\t\t\t\t\t\t\t\t\t\t\t\t\t<\/div>\n\t\t\t\t<\/div>\n\t\t\t\t\t<\/div>\n\t\t\t\t<\/div>\n\t\t\t\t<section class=\"elementor-section elementor-top-section elementor-element elementor-element-sec-iwgcomp-nanook elementor-section-boxed elementor-section-height-default elementor-section-height-default\" data-id=\"sec-iwgcomp-nanook\" data-element_type=\"section\" data-e-type=\"section\">\n\t\t\t\t\t\t<div class=\"elementor-container elementor-column-gap-default\">\n\t\t\t\t\t<div class=\"elementor-column elementor-col-100 elementor-top-column elementor-element elementor-element-col-iwgcomp-nanook\" data-id=\"col-iwgcomp-nanook\" data-element_type=\"column\" data-e-type=\"column\">\n\t\t\t<div class=\"elementor-widget-wrap elementor-element-populated\">\n\t\t\t\t\t\t<div class=\"elementor-element elementor-element-iwgcomp-nanook elementor-widget elementor-widget-text-editor\" data-id=\"iwgcomp-nanook\" data-element_type=\"widget\" data-e-type=\"widget\" data-widget_type=\"text-editor.default\">\n\t\t\t\t\t\t\t\t\t<p>Nanook, \u00edsbjarnarherrann, er mikilv\u00e6gasti <strong>sjamanahj\u00e1lparinn<\/strong> \u00ed hef\u00f0 in\u00fa\u00edta \u00e1 Gr\u00e6nlandi og \u00ed austurhluta kanad\u00edsku heimskautasv\u00e6\u00f0anna.<\/p>\t\t\t\t\t\t\t\t<\/div>\n\t\t\t\t\t<\/div>\n\t\t<\/div>\n\t\t\t\t\t<\/div>\n\t\t<\/section>\n\t\t<div class=\"elementor-element elementor-element-iwgw-nanook-s0 e-flex e-con-boxed e-con e-parent\" data-id=\"iwgw-nanook-s0\" data-element_type=\"container\" data-e-type=\"container\">\n\t\t\t\t\t<div class=\"e-con-inner\">\n\t\t\t\t<div class=\"elementor-element elementor-element-iwgw-nanook-s0h elementor-widget elementor-widget-heading\" data-id=\"iwgw-nanook-s0h\" data-element_type=\"widget\" data-e-type=\"widget\" data-widget_type=\"heading.default\">\n\t\t\t\t\t<h2 class=\"elementor-heading-title elementor-size-default\">Greining og skammrit<\/h2>\t\t\t\t<\/div>\n\t\t<div class=\"elementor-element elementor-element-iwgw-nanook-s0c e-con-full e-flex e-con e-child\" data-id=\"iwgw-nanook-s0c\" data-element_type=\"container\" data-e-type=\"container\">\n\t\t\t\t<div class=\"elementor-element elementor-element-iwgw-nanook-s0t elementor-widget elementor-widget-text-editor\" data-id=\"iwgw-nanook-s0t\" data-element_type=\"widget\" data-e-type=\"widget\" data-widget_type=\"text-editor.default\">\n\t\t\t\t\t\t\t\t\t<p>Nanook er ekki \u00f3hlutbundinn gu\u00f0, heldur tr\u00faarlega samsetningin sem myndast um \u00edsbj\u00f6rninn. \u00dat fr\u00e1 tr\u00faarfr\u00e6\u00f0ilegu sj\u00f3narhorni er \u00feessi tv\u00f6feldni d\u00fdrs og <span class=\"iwg-fachbegriff\" data-tooltip=\"Vera \u00e1n l\u00edkama sem talin er hafa \u00e1hrif \u00ed heiminum.\" tabindex=\"0\">anda<\/span> d\u00e6miger\u00f0 fyrir arkt\u00edsk l\u00edfsbjargarsamf\u00e9l\u00f6g: D\u00fdri\u00f0 er samt\u00edmis br\u00e1\u00f0, andst\u00e6\u00f0ingur, \u00e6ttingi og pers\u00f3na g\u00e6dd eigin vir\u00f0ingu. \u00deessi samsetning gengur \u00e1 skj\u00f6n vi\u00f0 vestr\u00e6na tv\u00edhyggju vi\u00f0fangs og hlutar og er sj\u00e1lfst\u00e6tt fyrirb\u00e6ri \u00ed tr\u00faarbrag\u00f0afr\u00e6\u00f0um.<\/p><p>\u00cd hef\u00f0 mi\u00f0-arkt\u00edskra <a href=\"https:\/\/iwell-guard.com\/is\/inuit-og-nordurslodir-sedna-tornit\/\">in\u00fa\u00edta<\/a> hefur Nanook s\u00e9rstaka st\u00f6\u00f0u me\u00f0al d\u00fdra. Vei\u00f0ar \u00e1 \u00edsbirni eru h\u00e6ttulegar, kj\u00f6ti\u00f0 n\u00e6ringarr\u00edkt og skinni\u00f0 eftirs\u00f3tt vegna vir\u00f0ingar.<\/p><p>\u00dar \u00feessu efnahagslega mikilv\u00e6gi vex hin tr\u00faarlega hla\u00f0ning. S\u00e1 sem fellir \u00edsbj\u00f6rn hefur meira en veitt br\u00e1\u00f0: hann hefur teki\u00f0 \u00e1 m\u00f3ti veru sem l\u00e9t honum kraft sinn \u00ed t\u00e9 sem gj\u00f6f.<\/p><p>\u00cdsbj\u00f6rninn er einnig helsti kand\u00eddat fyrir mynd hj\u00e1lparanda, s\u00e9rstaklega <a href=\"https:\/\/iwell-guard.com\/is\/?page_id=169001\">Tornarssuk<\/a>. \u00deessi samtvinnun raunverulegs d\u00fdrs og sjaman\u00edsks hj\u00e1lparanda er lykil\u00fe\u00e1ttur \u00ed tr\u00faarbr\u00f6g\u00f0um in\u00fa\u00edta og a\u00f0greinir \u00feau fr\u00e1 tr\u00faarbr\u00f6g\u00f0um sem skilja d\u00fdr og anda algerlega a\u00f0. Gagns\u00e6i\u00f0 milli svi\u00f0anna er grunn\u00fe\u00e1ttur \u00ed tr\u00faarbrag\u00f0afr\u00e6\u00f0ilegri fyrirb\u00e6rafr\u00e6\u00f0i.<\/p><p>Tr\u00faarlega samsetningin um \u00edsbj\u00f6rninn hefur veri\u00f0 tekin til ranns\u00f3knar \u00ed n\u00fdlegum fr\u00e6\u00f0um me\u00f0 v\u00ed\u00f0t\u00e6kari a\u00f0fer\u00f0um sem sameina \u00fej\u00f3\u00f0fr\u00e6\u00f0ilega n\u00e1kv\u00e6mni, tungum\u00e1lalega frumheimildagreiningu og samanbur\u00f0arsj\u00f3narhorn. Einmitt hj\u00e1 Nanook, en mynd hans \u00e1 Vesturl\u00f6ndum er mj\u00f6g litu\u00f0 af poppmenningarlegri m\u00f3tt\u00f6ku, er \u00feekkingarsamf\u00e9lag in\u00fa\u00edta, sem n\u00fa tekur \u00fe\u00e1tt \u00ed ranns\u00f3knum, a\u00f0 lei\u00f0r\u00e9tta eldri, a\u00f0 hluta til n\u00fdlendulita\u00f0a t\u00falkun.<\/p>\t\t\t\t\t\t\t\t<\/div>\n\t\t\t\t<\/div>\n\t\t\t\t\t<\/div>\n\t\t\t\t<\/div>\n\t\t<div class=\"elementor-element elementor-element-iwgw-nanook-s1 e-flex e-con-boxed e-con e-parent\" data-id=\"iwgw-nanook-s1\" data-element_type=\"container\" data-e-type=\"container\">\n\t\t\t\t\t<div class=\"e-con-inner\">\n\t\t\t\t<div class=\"elementor-element elementor-element-iwgw-nanook-s1h elementor-widget elementor-widget-heading\" data-id=\"iwgw-nanook-s1h\" data-element_type=\"widget\" data-e-type=\"widget\" data-widget_type=\"heading.default\">\n\t\t\t\t\t<h2 class=\"elementor-heading-title elementor-size-default\">Nafn og tungum\u00e1lalegur margbreytileiki<\/h2>\t\t\t\t<\/div>\n\t\t<div class=\"elementor-element elementor-element-iwgw-nanook-s1c e-con-full e-flex e-con e-child\" data-id=\"iwgw-nanook-s1c\" data-element_type=\"container\" data-e-type=\"container\">\n\t\t\t\t<div class=\"elementor-element elementor-element-iwgw-nanook-s1t elementor-widget elementor-widget-text-editor\" data-id=\"iwgw-nanook-s1t\" data-element_type=\"widget\" data-e-type=\"widget\" data-widget_type=\"text-editor.default\">\n\t\t\t\t\t\t\t\t\t<p>\u00c1 in\u00fakt\u00edt\u00fat mi\u00f0-heimskautasv\u00e6\u00f0anna er myndin Nanuq. \u00c1 vestur-Gr\u00e6nlandi Nanoq, \u00ed inupiat-hef\u00f0 Alaska Nanuk, \u00ed austur-gr\u00e6nlensku Tunumiit-hef\u00f0inni Nannut. \u00deessi breytileiki er tungum\u00e1lalega e\u00f0lilegur og ekki v\u00edsindalega afgerandi, en \u00e6tti a\u00f0 hafa \u00ed huga vi\u00f0 notkun heimilda.<\/p><p>Enska myndin Nanook var\u00f0 \u00e1 20. \u00f6ld al\u00fej\u00f3\u00f0leg sta\u00f0almynd fyrir tilstu\u00f0lan kvikmyndar Roberts Flahertys <em>Nanook of the North<\/em> (1922). V\u00edsindalega er \u00feessi mynd m\u00f3ttaka utan fr\u00e1 \u00e1n bein tengsla vi\u00f0 tr\u00faarlegt innihald. H\u00fan er fremur poppmenningarleg sta\u00f0f\u00e6rsla sem haf\u00f0i mikil \u00e1hrif \u00e1 \u00edmynd in\u00fa\u00edtamenningarins.<\/p><p>Or\u00f0sifjalega er Nanuq tengt frum-in\u00fa\u00edt\u00edska stofninum fyrir bj\u00f6rn. S\u00e9rh\u00e6fingin \u00e1 \u00edsbj\u00f6rn andst\u00e6tt vi\u00f0 br\u00fanbj\u00f6rn er arkt\u00edsk a\u00f0 uppruna, enda eru br\u00fanbirnir sjaldg\u00e6fir utan sub-arkt\u00edskra sk\u00f3ga. \u00deessi vistfr\u00e6\u00f0ilega skilyr\u00f0ing hugtaksmyndunarinnar er sj\u00e1lfst\u00e6tt fyrirb\u00e6ri \u00ed tr\u00faarbrag\u00f0afr\u00e6\u00f0um og endurspeglar n\u00e1in tengsl tungum\u00e1ls og vistfr\u00e6\u00f0i.<\/p><p>Til vi\u00f0b\u00f3tar kemur tr\u00faarf\u00e9lagsfr\u00e6\u00f0ileg spurning um hlutverk Nanooks \u00ed samf\u00e9lagsskipan hef\u00f0bundins in\u00fa\u00edtasamf\u00e9lags. \u00dear sem hin h\u00e6ttulega og jafnframt vir\u00f0ingarau\u00f0gandi \u00edsbjarnarvei\u00f0i var tr\u00faarlega hla\u00f0in, s\u00e9st vel \u00e1 honum hversu n\u00e1i\u00f0 tr\u00faarlega skipulagi\u00f0 var samtvinna\u00f0 samf\u00e9lagslegri i\u00f0kun. \u00dea\u00f0 ver\u00f0ur ekki a\u00f0greint fr\u00e1 henni.<\/p><p>\u00deessi samtvinnun er s\u00e9rstakt tr\u00faarmannfr\u00e6\u00f0ilegt ranns\u00f3knarsvi\u00f0 og hefur s\u00e9rstaklega veri\u00f0 kerfisbundi\u00f0 ranns\u00f6ku\u00f0 af Fr\u00e9d\u00e9ric Laugrand og Jarich Oosten.<\/p>\t\t\t\t\t\t\t\t<\/div>\n\t\t\t\t<\/div>\n\t\t\t\t\t<\/div>\n\t\t\t\t<\/div>\n\t\t<div class=\"elementor-element elementor-element-iwgw-nanook-s2 e-flex e-con-boxed e-con e-parent\" data-id=\"iwgw-nanook-s2\" data-element_type=\"container\" data-e-type=\"container\">\n\t\t\t\t\t<div class=\"e-con-inner\">\n\t\t\t\t<div class=\"elementor-element elementor-element-iwgw-nanook-s2h elementor-widget elementor-widget-heading\" data-id=\"iwgw-nanook-s2h\" data-element_type=\"widget\" data-e-type=\"widget\" data-widget_type=\"heading.default\">\n\t\t\t\t\t<h2 class=\"elementor-heading-title elementor-size-default\">L\u00fdsing og t\u00e1knr\u00e6n hla\u00f0ning<\/h2>\t\t\t\t<\/div>\n\t\t<div class=\"elementor-element elementor-element-iwgw-nanook-s2c e-con-full e-flex e-con e-child\" data-id=\"iwgw-nanook-s2c\" data-element_type=\"container\" data-e-type=\"container\">\n\t\t\t\t<div class=\"elementor-element elementor-element-iwgw-nanook-s2t elementor-widget elementor-widget-text-editor\" data-id=\"iwgw-nanook-s2t\" data-element_type=\"widget\" data-e-type=\"widget\" data-widget_type=\"text-editor.default\">\n\t\t\t\t\t\t\t\t\t<p>Nanook er \u00ed tr\u00faarlegri mynd sinni b\u00e6\u00f0i d\u00fdr og pers\u00f3na. Sjamanar segja fr\u00e1 \u00fev\u00ed a\u00f0 \u00edsbirnir birtist \u00ed trans sem menn er leggja af s\u00e9r feldi s\u00edna eins og kl\u00e6\u00f0i. \u00deessi hugmynd um umbreytingu milli manns og d\u00fdrs er lykil<span class=\"iwg-fachbegriff\" data-tooltip=\"Endurteki\u00f0 innihaldsatri\u00f0i \u00ed list e\u00f0a fr\u00e1s\u00f6gn.\" tabindex=\"0\">stef<\/span> \u00ed arkt\u00edskum tr\u00faarbr\u00f6g\u00f0um, sem birtist \u00ed fj\u00f6lm\u00f6rgum s\u00f6gum me\u00f0 tilbrig\u00f0um og er sj\u00e1lfst\u00e6tt fyrirb\u00e6ri \u00ed tr\u00faarbrag\u00f0afr\u00e6\u00f0um.<\/p><p>\u00cd myndlist samt\u00edmalistar in\u00fa\u00edta er Nanook eitt algengasta d\u00fdramyndefni\u00f0. Steinskur\u00f0ir fr\u00e1 Cape Dorset, Pangnirtung og Iqaluit s\u00fdna hann oftast \u00ed kyrrri, kraftmikilli stellingu. Tr\u00faarleg \u00fe\u00fd\u00f0ing \u00feessara mynda er \u00ed dag metin \u00e1 mismunandi vegu, oft er h\u00fan menningarlegt sj\u00e1lfsmyndarmerki, en stundum v\u00edsvitandi tr\u00faars\u00f6guleg tilv\u00edsun.<\/p><p>T\u00e1knfr\u00e6\u00f0ilega er Nanook tengdur styrk, \u00feolinm\u00e6\u00f0i og hinni h\u00e6ttulegu fegur\u00f0 arkt\u00edska heimsins. V\u00edsindalega samsvarar \u00feetta hinum hef\u00f0bundnu or\u00f0um in\u00fa\u00edtasjamana um vir\u00f0ingu \u00edsbjarnarins, og felur ekki \u00ed s\u00e9r n\u00fat\u00edmalega upphafningu. \u00deessi vir\u00f0ing er gu\u00f0fr\u00e6\u00f0ilega grundv\u00f6llu\u00f0 fremur en fagurfr\u00e6\u00f0ileg og birtist \u00ed tab\u00fa-venjum vei\u00f0a og me\u00f0fer\u00f0ar br\u00e1\u00f0ar.<\/p><p>\u00cd samanbur\u00f0ar<span class=\"iwg-fachbegriff\" data-tooltip=\"V\u00edsindin sem rannsaka tr\u00faarbr\u00f6g\u00f0 \u00e1 samanbur\u00f0arh\u00e1tt og \u00e1n tr\u00faarlegrar skuldbindingar.\" tabindex=\"0\">tr\u00faarbrag\u00f0afr\u00e6\u00f0um<\/span> er Nanook talinn hluti af hinni hringheimskautlegu tr\u00faarlegu landfr\u00e6\u00f0i sem endurtekur sig \u00ed eftirtektarver\u00f0um st\u00f6\u00f0ugum myndum yfir \u00fe\u00fasundir k\u00edl\u00f3metra. \u00deessi v\u00ed\u00f0t\u00e6ka st\u00f6\u00f0ugleiki telst me\u00f0al athyglisver\u00f0ustu ni\u00f0ursta\u00f0na tr\u00faarbrag\u00f0afyrirb\u00e6rafr\u00e6\u00f0i greinar innar og er enn \u00ed dag efni \u00ed yfirstandandi fr\u00e6\u00f0ilegri umr\u00e6\u00f0u.<\/p>\t\t\t\t\t\t\t\t<\/div>\n\t\t\t\t<\/div>\n\t\t\t\t\t<\/div>\n\t\t\t\t<\/div>\n\t\t<div class=\"elementor-element elementor-element-iwgw-nanook-s3 e-flex e-con-boxed e-con e-parent\" data-id=\"iwgw-nanook-s3\" data-element_type=\"container\" data-e-type=\"container\">\n\t\t\t\t\t<div class=\"e-con-inner\">\n\t\t\t\t<div class=\"elementor-element elementor-element-iwgw-nanook-s3h elementor-widget elementor-widget-heading\" data-id=\"iwgw-nanook-s3h\" data-element_type=\"widget\" data-e-type=\"widget\" data-widget_type=\"heading.default\">\n\t\t\t\t\t<h2 class=\"elementor-heading-title elementor-size-default\">Vei\u00f0itab\u00fa og me\u00f0fer\u00f0 br\u00e1\u00f0ar<\/h2>\t\t\t\t<\/div>\n\t\t<div class=\"elementor-element elementor-element-iwgw-nanook-s3c e-con-full e-flex e-con e-child\" data-id=\"iwgw-nanook-s3c\" data-element_type=\"container\" data-e-type=\"container\">\n\t\t\t\t<div class=\"elementor-element elementor-element-iwgw-nanook-s3t elementor-widget elementor-widget-text-editor\" data-id=\"iwgw-nanook-s3t\" data-element_type=\"widget\" data-e-type=\"widget\" data-widget_type=\"text-editor.default\">\n\t\t\t\t\t\t\t\t\t<p>Vei\u00f0ar \u00e1 \u00edsbj\u00f6rnum voru umluktar fj\u00f6lm\u00f6rgum tab\u00faum. Eftir fars\u00e6la vei\u00f0i var bj\u00f6rninn tekinn \u00e1 m\u00f3ti sem gestur, \u00ed sta\u00f0 \u00feess a\u00f0 vera einfaldlega me\u00f0h\u00f6ndla\u00f0ur sem afli. S\u00e1l bjarnarins, <em>tatkoq<\/em> e\u00f0a <em>tarniq<\/em> hans, \u00feurfti a\u00f0 bl\u00ed\u00f0ka me\u00f0 r\u00e9ttri me\u00f0fer\u00f0 l\u00edkamans, svo a\u00f0 hann sneri af f\u00fasum og frj\u00e1lsum vilja aftur sem br\u00e1\u00f0 s\u00ed\u00f0ar.<\/p><p>\u00c1\u00fereifanlegar athafnir f\u00f3lust \u00ed \u00fev\u00ed a\u00f0 bj\u00f3\u00f0a hinum d\u00e1na birni ferskvatn, leggja h\u00f6fu\u00f0k\u00fapu hans \u00e1 \u00e1kve\u00f0inn sta\u00f0, hengja skinn hans upp \u00ed vir\u00f0ulegri st\u00f6\u00f0u og halda sorgart\u00edma \u00fear sem vei\u00f0imenn for\u00f0u\u00f0ust \u00e1kve\u00f0na f\u00e6\u00f0u.<\/p><p>\u00deessar athafnir hafa \u00ed fr\u00e6\u00f0unum veri\u00f0 kalla\u00f0ar bjarnarjar\u00f0arf\u00f6r e\u00f0a bjarnarh\u00e1t\u00ed\u00f0ahald og eru a\u00f0 byggingu l\u00edkar ath\u00f6fnum annarra undirheimskautsl\u00e6gra og heimskautsl\u00e6gra \u00fej\u00f3\u00f0a, svo sem Ainu og nokkurra s\u00edber\u00edskra h\u00f3pa.<\/p><p>Fr\u00e6\u00f0ilega er bjarnarh\u00e1t\u00ed\u00f0ahaldi\u00f0 mikilv\u00e6g heimild um gagnkv\u00e6mni \u00ed tr\u00faarbr\u00f6g\u00f0um in\u00fa\u00edta. Br\u00e1\u00f0in telst gj\u00f6f sem \u00fearf a\u00f0 svara me\u00f0 vi\u00f0eigandi vi\u00f0br\u00f6g\u00f0um til a\u00f0 vei\u00f0ar halda \u00e1fram a\u00f0 ganga upp, og er ekki hugsu\u00f0 sem eign vei\u00f0imannsins. \u00deessi gagnkv\u00e6mnis-<span class=\"iwg-fachbegriff\" data-tooltip=\"Fr\u00e6\u00f0ileg kenning um Gu\u00f0 og tr\u00fa \u00ed tiltekinni tr\u00faarbr\u00f6g\u00f0um.\" tabindex=\"0\">gu\u00f0fr\u00e6\u00f0i<\/span> er s\u00e9rstakt fyrirb\u00e6ri \u00ed tr\u00faarbrag\u00f0afr\u00e6\u00f0um og er grundvallar\u00f3l\u00edk marka\u00f0shagfr\u00e6\u00f0ilegum au\u00f0lindahugt\u00f6kum.<\/p>\t\t\t\t\t\t\t\t<\/div>\n\t\t\t\t<\/div>\n\t\t\t\t\t<\/div>\n\t\t\t\t<\/div>\n\t\t<div class=\"elementor-element elementor-element-iwgw-nanook-s4 e-flex e-con-boxed e-con e-parent\" data-id=\"iwgw-nanook-s4\" data-element_type=\"container\" data-e-type=\"container\">\n\t\t\t\t\t<div class=\"e-con-inner\">\n\t\t\t\t<div class=\"elementor-element elementor-element-iwgw-nanook-s4h elementor-widget elementor-widget-heading\" data-id=\"iwgw-nanook-s4h\" data-element_type=\"widget\" data-e-type=\"widget\" data-widget_type=\"heading.default\">\n\t\t\t\t\t<h2 class=\"elementor-heading-title elementor-size-default\">Nanook sem hj\u00e1lparandi sjamana<\/h2>\t\t\t\t<\/div>\n\t\t<div class=\"elementor-element elementor-element-iwgw-nanook-s4c e-con-full e-flex e-con e-child\" data-id=\"iwgw-nanook-s4c\" data-element_type=\"container\" data-e-type=\"container\">\n\t\t\t\t<div class=\"elementor-element elementor-element-iwgw-nanook-s4t elementor-widget elementor-widget-text-editor\" data-id=\"iwgw-nanook-s4t\" data-element_type=\"widget\" data-e-type=\"widget\" data-widget_type=\"text-editor.default\">\n\t\t\t\t\t\t\t\t\t<p>\u00cdsbirnir voru me\u00f0al algengustu forma sem sjamanar upplif\u00f0u hj\u00e1lparanda s\u00edna \u00ed. <a href=\"https:\/\/iwell-guard.com\/is\/?page_id=169001\">Tornarssuk<\/a>, \u00e6\u00f0sti hj\u00e1lparandinn, er \u00ed m\u00f6rgum heimildum beinl\u00ednis l\u00fdst \u00ed \u00edsbjarnargervi. Tengsl d\u00fdrs og andam\u00e1ttar eru \u00feannig byggingarleg og tr\u00faarfyrirb\u00e6rafr\u00e6\u00f0ilega grundvallandi fyrir tr\u00faarbr\u00f6g\u00f0 in\u00fa\u00edta, um tilviljun er ekki a\u00f0 r\u00e6\u00f0a.<\/p><p>Sjamanar sem s\u00e9rh\u00e6f\u00f0u sig \u00ed \u00e1kve\u00f0num verkefnum fengu oft \u00edsbjarnaranda sem hj\u00e1lparmann. Daniel Merkur hefur \u00ed <em>Becoming Half Hidden<\/em> skr\u00e1\u00f0 nokkrar k\u00f6llu\u00f0 s\u00f6gur \u00fear sem \u00edsbj\u00f6rn birtist tilvonandi angakkuq, lei\u00f0ir hann inn \u00ed trans\u00e1stand og flytur honum m\u00e1tt sinn. \u00deessi k\u00f6llu\u00f0 r\u00f6\u00f0 er d\u00e6migert mynstur \u00ed <span class=\"iwg-fachbegriff\" data-tooltip=\"Tr\u00faarlegt kerfi \u00fear sem s\u00e9rfr\u00e6\u00f0ingar hafa samskipti vi\u00f0 andaheiminn.\" tabindex=\"0\">sjamanisma<\/span> in\u00fa\u00edta.<\/p><p>\u00cd ath\u00f6fnum g\u00e1tu sjamanar teki\u00f0 \u00e1 sig \u00edsbjarnargervi me\u00f0 t\u00e1knr\u00e6num h\u00e6tti, me\u00f0 \u00fev\u00ed a\u00f0 skr\u00ed\u00f0a \u00e1 fj\u00f3rum f\u00f3tum, hnussa e\u00f0a nota h\u00f6fu\u00f0k\u00fapu \u00edsbjarnar sem gr\u00edmu. \u00deessi i\u00f0kun er b\u00e6\u00f0i <span class=\"iwg-fachbegriff\" data-tooltip=\"Verndandi: um t\u00e1kn og hluti sem \u00e6tla\u00f0 er a\u00f0 halda ska\u00f0legum \u00e1hrifum \u00ed fjarl\u00e6g\u00f0.\" tabindex=\"0\">verndandi<\/span> og upphafsath\u00f6fn \u00ed senn og er \u00ed samanbur\u00f0arranns\u00f3knum \u00e1 sjamanisma k\u00f6llu\u00f0 heimskautsl\u00e6g d\u00fdrasamsv\u00f6run. Gu\u00f0fr\u00e6\u00f0ileg aflei\u00f0ing \u00feessa er n\u00e1in samsemd sjamanans vi\u00f0 bjarnar-<span class=\"iwg-fachbegriff\" data-tooltip=\"L\u00edkamslaus vera sem talin er hafa \u00e1hrif \u00ed heiminum.\" tabindex=\"0\">andann<\/span>.<\/p>\t\t\t\t\t\t\t\t<\/div>\n\t\t\t\t<\/div>\n\t\t\t\t\t<\/div>\n\t\t\t\t<\/div>\n\t\t<div class=\"elementor-element elementor-element-iwgw-nanook-s5 e-flex e-con-boxed e-con e-parent\" data-id=\"iwgw-nanook-s5\" data-element_type=\"container\" data-e-type=\"container\">\n\t\t\t\t\t<div class=\"e-con-inner\">\n\t\t\t\t<div class=\"elementor-element elementor-element-iwgw-nanook-s5h elementor-widget elementor-widget-heading\" data-id=\"iwgw-nanook-s5h\" data-element_type=\"widget\" data-e-type=\"widget\" data-widget_type=\"heading.default\">\n\t\t\t\t\t<h2 class=\"elementor-heading-title elementor-size-default\">S\u00f6gur af \u00edsbjarnarmanninum<\/h2>\t\t\t\t<\/div>\n\t\t<div class=\"elementor-element elementor-element-iwgw-nanook-s5c e-con-full e-flex e-con e-child\" data-id=\"iwgw-nanook-s5c\" data-element_type=\"container\" data-e-type=\"container\">\n\t\t\t\t<div class=\"elementor-element elementor-element-iwgw-nanook-s5t elementor-widget elementor-widget-text-editor\" data-id=\"iwgw-nanook-s5t\" data-element_type=\"widget\" data-e-type=\"widget\" data-widget_type=\"text-editor.default\">\n\t\t\t\t\t\t\t\t\t<p>V\u00ed\u00f0\u00fatbreidd b\u00f3kmenntagrein \u00ed munnlegri sagnahef\u00f0 in\u00fa\u00edta er sagan af \u00edsbjarnarm\u00f6nnum e\u00f0a \u00edsbjarnarkonum, sem lifa \u00ed manngervi me\u00f0al manna \u00e1\u00f0ur en hi\u00f0 sanna e\u00f0li \u00feeirra kemur \u00ed lj\u00f3s. \u00deessar s\u00f6gur endurspegla tr\u00faarlega hugmynd um umbreytingu og eru fr\u00e6\u00f0ilega lesnar sem gu\u00f0fr\u00e6\u00f0ileg \u00edgrundun \u00ed sagnaformi. \u00de\u00e6r hafa l\u00edti\u00f0 sameiginlegt me\u00f0 \u00e6vint\u00fdrum \u00ed vestr\u00e6num skilningi.<\/p><p>D\u00e6miger\u00f0 saga segir af ekkju sem giftist \u00f3kunnugum manni sem s\u00ed\u00f0ar kemur \u00ed lj\u00f3s a\u00f0 er \u00edsbj\u00f6rn.<\/p><p>\u00cd sumum \u00fatg\u00e1fum lifir h\u00fan hamingjus\u00f6m me\u00f0 honum, \u00ed \u00f6\u00f0rum er bj\u00f6rninn hrakinn \u00ed burtu e\u00f0a veginn vegna tab\u00fabrota \u00e6ttingja, og syrgir konan hann sem missi. Sl\u00edkar s\u00f6gur eru lesnar sem d\u00e6mi um gegndr\u00e6p m\u00f6rk milli manna- og d\u00fdraheims.<\/p><p>Fr\u00e6\u00f0ilega er \u00feessi sagnagrein mikilv\u00e6g \u00fev\u00ed h\u00fan f\u00e6rir gu\u00f0fr\u00e6\u00f0ilega hugmynd \u00ed sagnaform. \u00c1n sagnanna v\u00e6ri \u00edsbjarnar-<span class=\"iwg-fachbegriff\" data-tooltip=\"Fr\u00e6\u00f0ileg kenning um Gu\u00f0 og tr\u00fa \u00ed tiltekinni tr\u00faarbr\u00f6g\u00f0um.\" tabindex=\"0\">gu\u00f0fr\u00e6\u00f0in<\/span> a\u00f0eins fr\u00e6\u00f0ilegt afgangsstykki. S\u00f6gurnar gera <span class=\"iwg-fachbegriff\" data-tooltip=\"Fr\u00e6\u00f0ileg kenning um Gu\u00f0 og tr\u00fa \u00ed tiltekinni tr\u00faarbr\u00f6g\u00f0um.\" tabindex=\"0\">gu\u00f0fr\u00e6\u00f0ina<\/span> hlutbundna og f\u00e9lagslega mi\u00f0lanlega og var\u00f0veita hef\u00f0ina \u00ed munnlegu formi kynsl\u00f3\u00f0 fram af kynsl\u00f3\u00f0.<\/p>\t\t\t\t\t\t\t\t<\/div>\n\t\t\t\t<\/div>\n\t\t\t\t\t<\/div>\n\t\t\t\t<\/div>\n\t\t<div class=\"elementor-element elementor-element-iwgw-nanook-s6 e-flex e-con-boxed e-con e-parent\" data-id=\"iwgw-nanook-s6\" data-element_type=\"container\" data-e-type=\"container\">\n\t\t\t\t\t<div class=\"e-con-inner\">\n\t\t\t\t<div class=\"elementor-element elementor-element-iwgw-nanook-s6h elementor-widget elementor-widget-heading\" data-id=\"iwgw-nanook-s6h\" data-element_type=\"widget\" data-e-type=\"widget\" data-widget_type=\"heading.default\">\n\t\t\t\t\t<h2 class=\"elementor-heading-title elementor-size-default\">Kristin yfirl\u00f6gn og n\u00fat\u00edmaleg sj\u00e1lfsmynd<\/h2>\t\t\t\t<\/div>\n\t\t<div class=\"elementor-element elementor-element-iwgw-nanook-s6c e-con-full e-flex e-con e-child\" data-id=\"iwgw-nanook-s6c\" data-element_type=\"container\" data-e-type=\"container\">\n\t\t\t\t<div class=\"elementor-element elementor-element-iwgw-nanook-s6t elementor-widget elementor-widget-text-editor\" data-id=\"iwgw-nanook-s6t\" data-element_type=\"widget\" data-e-type=\"widget\" data-widget_type=\"text-editor.default\">\n\t\t\t\t\t\t\t\t\t<p>Kristi\u00f0 tr\u00fabo\u00f0 breytti \u00edsbjarnar-<span class=\"iwg-fachbegriff\" data-tooltip=\"\u00d6ll tr\u00faarleg hei\u00f0ursath\u00f6fn fyrir gu\u00f0 e\u00f0a heilaga veru.\" tabindex=\"0\">d\u00fdrkuninni<\/span> a\u00f0eins a\u00f0 hluta. Tab\u00fain \u00ed kringum vei\u00f0arnar h\u00e9ldust \u00ed m\u00f6rgum in\u00fa\u00edtasamf\u00e9l\u00f6gum, \u00fev\u00ed \u00feau voru n\u00e1tengd vei\u00f0ii\u00f0kuninni sj\u00e1lfri og stangast ekki beint \u00e1 vi\u00f0 kristna kenningu. Tr\u00faarleg merking var a\u00f0 nokkru leyti endurt\u00falku\u00f0 me\u00f0 kristnum h\u00e6tti, me\u00f0al annars me\u00f0 \u00fev\u00ed a\u00f0 bjarnarkj\u00f6ti\u00f0 var tali\u00f0 gj\u00f6f fr\u00e1 Gu\u00f0i.<\/p><p>\u00cd samt\u00edmalegri sj\u00e1lfsmynd in\u00fa\u00edta er \u00edsbj\u00f6rninn or\u00f0inn lykilt\u00e1kn. F\u00e1ni Nunavut s\u00fdnir inukshuk og \u00edsbjarnarspor, og skjaldarmerki margra samf\u00e9laga bera \u00edsbjarnarmyndir. \u00deessi t\u00e1kngerving ver\u00f0ur ekki s\u00f6gulega einf\u00f6ldu\u00f0, en h\u00fan v\u00edsar til \u00e1framhaldandi mikilv\u00e6gis Nanooks fyrir menningarlega sj\u00e1lfsvitund in\u00fa\u00edtasamf\u00e9laga.<\/p><p>\u00cd umr\u00e6\u00f0unni um loftslagsbreytingar og \u00edsbjarnarstofna kemur tr\u00faarlegur bakgrunnur a\u00f0 nokkru leyti fram \u00e1 n\u00fd. \u00deegar \u00edsbirnir hverfa, hverfur me\u00f0 d\u00fdrategundinni samt\u00edmis vera hla\u00f0in tr\u00faarlegri og menningarlegri merkingu. \u00deessi tv\u00f6feldni eykur v\u00e6gi r\u00f6dd in\u00fa\u00edta \u00ed hnattr\u00e6nu loftslagsumr\u00e6\u00f0unni og gerir \u00edsbj\u00f6rninn a\u00f0 gu\u00f0fr\u00e6\u00f0ilega-p\u00f3lit\u00edsku lykilt\u00e1kni.<\/p>\t\t\t\t\t\t\t\t<\/div>\n\t\t\t\t<\/div>\n\t\t\t\t\t<\/div>\n\t\t\t\t<\/div>\n\t\t<div class=\"elementor-element elementor-element-iwgw-nanook-s7 e-flex e-con-boxed e-con e-parent\" data-id=\"iwgw-nanook-s7\" data-element_type=\"container\" data-e-type=\"container\">\n\t\t\t\t\t<div class=\"e-con-inner\">\n\t\t\t\t<div class=\"elementor-element elementor-element-iwgw-nanook-s7h elementor-widget elementor-widget-heading\" data-id=\"iwgw-nanook-s7h\" data-element_type=\"widget\" data-e-type=\"widget\" data-widget_type=\"heading.default\">\n\t\t\t\t\t<h2 class=\"elementor-heading-title elementor-size-default\">Samanbur\u00f0ur umskautasv\u00e6\u00f0a<\/h2>\t\t\t\t<\/div>\n\t\t<div class=\"elementor-element elementor-element-iwgw-nanook-s7c e-con-full e-flex e-con e-child\" data-id=\"iwgw-nanook-s7c\" data-element_type=\"container\" data-e-type=\"container\">\n\t\t\t\t<div class=\"elementor-element elementor-element-iwgw-nanook-s7t elementor-widget elementor-widget-text-editor\" data-id=\"iwgw-nanook-s7t\" data-element_type=\"widget\" data-e-type=\"widget\" data-widget_type=\"text-editor.default\">\n\t\t\t\t\t\t\t\t\t<p>Bjarnad\u00fdrkun er \u00fatbreidd \u00e1 nor\u00f0urskautssv\u00e6\u00f0inu. A\u00ednu-<span class=\"iwg-fachbegriff\" data-tooltip=\"H\u00e1t\u00ed\u00f0leg ath\u00f6fn sem fer fram eftir f\u00f6stum reglum.\" tabindex=\"0\">ath\u00f6fnin<\/span> Iyomante fyrir bj\u00f6rninn, finnsk-\u00fagr\u00edsku bjarnarh\u00e1t\u00ed\u00f0irnar, s\u00edber\u00edsku bjarnarathafnirnar og nor\u00f0ur-amer\u00edska bjarnarbanni\u00f0 \u00e1 undirheimskautssv\u00e6\u00f0inu mynda saman nor\u00f0urskautsl\u00e6ga bjarnartr\u00fa, en n\u00e1kv\u00e6m skyldleikatengsl hennar eru umdeild.<\/p><p>A. Irving Hallowell skjalfesti \u00ed s\u00ednu klass\u00edska verki <em>Bear Ceremonialism in the Northern Hemisphere<\/em> (1926) \u00fatbrei\u00f0slu bjarnarbannanna um nor\u00f0urskautssv\u00e6\u00f0i\u00f0 og h\u00f3f \u00fear me\u00f0 umr\u00e6\u00f0una um sameiginlegt evras\u00edskt lag. S\u00ed\u00f0ari ranns\u00f3knir, til d\u00e6mis eftir Juha Pentik\u00e4inen og Daniel Merkur, hafa f\u00e1ga\u00f0 \u00feessa kenningu og b\u00e6tt vi\u00f0 hana me\u00f0 n\u00e1kv\u00e6mari sv\u00e6\u00f0isbundnum ranns\u00f3knum.<\/p><p>Innan hef\u00f0ar In\u00fa\u00edta er Nanook \u00e1fram tilbrig\u00f0i af \u00feessari nor\u00f0urskautsl\u00e6gu bjarnartr\u00fa me\u00f0 eigin s\u00e9rkennum. S\u00e9rkenni\u00f0 felst \u00ed hinni s\u00e9rst\u00f6ku merkingu \u00edsbjarnarins, sem kemur a\u00f0eins fram \u00ed \u00feessari mynd \u00e1 nor\u00f0urskautssv\u00e6\u00f0inu og telst \u00fev\u00ed vistfr\u00e6\u00f0ileg s\u00e9rsta\u00f0a. \u00deessi vistfr\u00e6\u00f0ilega samhengi skiptir sk\u00f6pum fyrir fr\u00e6\u00f0ilega flokkun og greinir tilbrig\u00f0i In\u00fa\u00edta fr\u00e1 bjarnard\u00fdrkun \u00e1 meginlandinu.<\/p>\t\t\t\t\t\t\t\t<\/div>\n\t\t\t\t<\/div>\n\t\t\t\t\t<\/div>\n\t\t\t\t<\/div>\n\t\t<div class=\"elementor-element elementor-element-iwgw-nanook-s8 e-flex e-con-boxed e-con e-parent\" data-id=\"iwgw-nanook-s8\" data-element_type=\"container\" data-e-type=\"container\">\n\t\t\t\t\t<div class=\"e-con-inner\">\n\t\t\t\t<div class=\"elementor-element elementor-element-iwgw-nanook-s8h elementor-widget elementor-widget-heading\" data-id=\"iwgw-nanook-s8h\" data-element_type=\"widget\" data-e-type=\"widget\" data-widget_type=\"heading.default\">\n\t\t\t\t\t<h2 class=\"elementor-heading-title elementor-size-default\">Ranns\u00f3knir og vi\u00f0t\u00f6kur \u00ed dag<\/h2>\t\t\t\t<\/div>\n\t\t<div class=\"elementor-element elementor-element-iwgw-nanook-s8c e-con-full e-flex e-con e-child\" data-id=\"iwgw-nanook-s8c\" data-element_type=\"container\" data-e-type=\"container\">\n\t\t\t\t<div class=\"elementor-element elementor-element-iwgw-nanook-s8t elementor-widget elementor-widget-text-editor\" data-id=\"iwgw-nanook-s8t\" data-element_type=\"widget\" data-e-type=\"widget\" data-widget_type=\"text-editor.default\">\n\t\t\t\t\t\t\t\t\t<p>Ranns\u00f3knir \u00e1 Nanook eru v\u00ed\u00f0t\u00e6kar. Skr\u00e1ningar Knud Rasmussens, verk Franz Boas, samantekt Daniel Merkurs og samt\u00edmaverk Fr\u00e9d\u00e9ric Laugrand og Pamela Stern bj\u00f3\u00f0a upp \u00e1 umfangsmiki\u00f0 efni. Tenging tr\u00faar\u00fej\u00f3\u00f0fr\u00e6\u00f0i, atferlisfr\u00e6\u00f0i d\u00fdra og loftslagsv\u00edsinda er n\u00fdtt \u00e1herslusvi\u00f0 s\u00ed\u00f0ustu tveggja \u00e1ratuga og hefur skila\u00f0 s\u00e9rlega g\u00f3\u00f0um \u00e1rangri \u00ed ranns\u00f3knum.<\/p><p>\u00cd almennri umr\u00e6\u00f0u hefur Nanook veri\u00f0 al\u00fej\u00f3\u00f0lega s\u00fdnileg allt fr\u00e1 kvikmynd Flahertys 1922. \u00deessi umr\u00e6\u00f0a er a\u00f0 hluta r\u00f3tt\u00e6k upphafning, a\u00f0 hluta heimildarleg, a\u00f0 hluta marka\u00f0sv\u00e6dd. V\u00edsindalega \u00fearf a\u00f0 greina \u00e1 milli hinnar almennu Nanook-pers\u00f3nu og hinnar hef\u00f0bundnu <span class=\"iwg-fachbegriff\" data-tooltip=\"V\u00edsindaleg fr\u00e6\u00f0i um gu\u00f0 og tr\u00fa innan tr\u00faarbrag\u00f0a.\" tabindex=\"0\">gu\u00f0fr\u00e6\u00f0i<\/span> \u00edsbjarnarins, \u00e1n \u00feess a\u00f0 vanmeta \u00e1hrif hennar \u00e1 \u00edmynd In\u00fa\u00edta-menningar.<\/p><p>Innan samf\u00e9laga In\u00fa\u00edta er Nanook \u00ed dag fyrst og fremst lesinn sem menningarlegt <span class=\"iwg-fachbegriff\" data-tooltip=\"T\u00e1kn sem stendur fyrir hugmynd e\u00f0a merkingu.\" tabindex=\"0\">t\u00e1kn<\/span> og hluti af vistfr\u00e6\u00f0ilegri sj\u00e1lfsmynd. Tr\u00faarlega lagi\u00f0 er til sta\u00f0ar en sjaldan tj\u00e1\u00f0 me\u00f0 berum or\u00f0um. \u00deetta samr\u00e6mist almennri veraldarv\u00e6\u00f0ingu hinnar tr\u00faarlegu hef\u00f0ar samhli\u00f0a var\u00f0veislu menningarlegra si\u00f0a, og er tr\u00faarlegt-samf\u00e9lagslegt d\u00e6migert mynstur \u00ed n\u00fat\u00edma frumbyggjasamf\u00e9l\u00f6gum.<\/p>\t\t\t\t\t\t\t\t<\/div>\n\t\t\t\t<\/div>\n\t\t\t\t\t<\/div>\n\t\t\t\t<\/div>\n\t\t<div class=\"elementor-element elementor-element-iwgw-nanook-s9 e-flex e-con-boxed e-con e-parent\" data-id=\"iwgw-nanook-s9\" data-element_type=\"container\" data-e-type=\"container\">\n\t\t\t\t\t<div class=\"e-con-inner\">\n\t\t\t\t<div class=\"elementor-element elementor-element-iwgw-nanook-s9h elementor-widget elementor-widget-heading\" data-id=\"iwgw-nanook-s9h\" data-element_type=\"widget\" data-e-type=\"widget\" data-widget_type=\"heading.default\">\n\t\t\t\t\t<h2 class=\"elementor-heading-title elementor-size-default\">Krossv\u00edsanir \u00ed or\u00f0asafninu<\/h2>\t\t\t\t<\/div>\n\t\t<div class=\"elementor-element elementor-element-iwgw-nanook-s9c e-con-full e-flex e-con e-child\" data-id=\"iwgw-nanook-s9c\" data-element_type=\"container\" data-e-type=\"container\">\n\t\t\t\t<div class=\"elementor-element elementor-element-iwgw-nanook-s9t elementor-widget elementor-widget-text-editor\" data-id=\"iwgw-nanook-s9t\" data-element_type=\"widget\" data-e-type=\"widget\" data-widget_type=\"text-editor.default\">\n\t\t\t\t\t\t\t\t\t<p>Nanook tengist <a href=\"https:\/\/iwell-guard.com\/is\/?page_id=168999\">Sedna<\/a>, <a href=\"https:\/\/iwell-guard.com\/is\/?page_id=169001\">Tornarssuk<\/a>, <a href=\"https:\/\/iwell-guard.com\/is\/?page_id=169000\">Sila<\/a>, <a href=\"https:\/\/iwell-guard.com\/is\/?page_id=169004\">Pinga<\/a>, <a href=\"https:\/\/iwell-guard.com\/is\/?page_id=169006\">Igaluk<\/a>, <a href=\"https:\/\/iwell-guard.com\/is\/?page_id=169003\">Anguta<\/a>, <a href=\"https:\/\/iwell-guard.com\/is\/?page_id=169002\">Tupilak<\/a>, <a href=\"https:\/\/iwell-guard.com\/is\/?page_id=169007\">Malina<\/a> og <a href=\"https:\/\/iwell-guard.com\/is\/?page_id=169008\">Qailertetang<\/a>. Menningarmi\u00f0st\u00f6\u00f0in <a href=\"https:\/\/iwell-guard.com\/is\/inuit-og-nordurslodir-sedna-tornit\/\">Hef\u00f0 In\u00fa\u00edta<\/a> setur \u00edsbjarnar<span class=\"iwg-fachbegriff\" data-tooltip=\"Heild tr\u00faarlegra d\u00fdrkunarathafna fyrir gu\u00f0 e\u00f0a heilaga pers\u00f3nu.\" tabindex=\"0\">d\u00fdrkunina<\/span> \u00ed samhengi. Bjarnargu\u00f0fr\u00e6\u00f0i me\u00f0 svipa\u00f0ri byggingu m\u00e1 finna \u00ed r\u00f6\u00f0 lemmata hj\u00e1 <a href=\"https:\/\/iwell-guard.com\/is\/sami-finnsk-ugrisk-hefd-noaidi-tromma\/\">S\u00f6mum<\/a>, \u00fear sem <em>Leibolmm\u00e1i<\/em> gegnir samb\u00e6rilegu hlutverki sem bjarnarherra.<\/p>\t\t\t\t\t\t\t\t<\/div>\n\t\t\t\t<\/div>\n\t\t\t\t\t<\/div>\n\t\t\t\t<\/div>\n\t\t<div class=\"elementor-element elementor-element-cp2035a214 e-flex e-con-boxed e-con e-parent\" data-id=\"cp2035a214\" data-element_type=\"container\" data-e-type=\"container\">\n\t\t\t\t\t<div class=\"e-con-inner\">\n\t\t\t\t<div class=\"elementor-element elementor-element-cp2c61aaa0 elementor-widget elementor-widget-heading\" data-id=\"cp2c61aaa0\" data-element_type=\"widget\" data-e-type=\"widget\" data-widget_type=\"heading.default\">\n\t\t\t\t\t<h2 class=\"elementor-heading-title elementor-size-default\">Vei\u00f0isi\u00f0urinn eftir a\u00f0 bj\u00f6rninn er felldur<\/h2>\t\t\t\t<\/div>\n\t\t<div class=\"elementor-element elementor-element-cp2c08c299 e-flex e-con-boxed e-con e-child\" data-id=\"cp2c08c299\" data-element_type=\"container\" data-e-type=\"container\">\n\t\t\t\t\t<div class=\"e-con-inner\">\n\t\t\t\t<div class=\"elementor-element elementor-element-cp25efc88b elementor-widget elementor-widget-text-editor\" data-id=\"cp25efc88b\" data-element_type=\"widget\" data-e-type=\"widget\" data-widget_type=\"text-editor.default\">\n\t\t\t\t\t\t\t\t\t<p>\u00cd \u00fej\u00f3\u00f0fr\u00e6\u00f0ilegum skr\u00e1ningum um mi\u00f0hluta og austurhluta nor\u00f0urskautssv\u00e6\u00f0isins er l\u00fdst umgengni vi\u00f0 felldan \u00edsbj\u00f6rn sem skipulegri runu athafna.<\/p><p>Knud Rasmussen skr\u00e1\u00f0i \u00ed fimmta Thule-lei\u00f0angrinum (1921 til 1924) me\u00f0al Iglulik-In\u00fa\u00edta \u00fe\u00e1 hugmynd a\u00f0 s\u00e1l bjarnarins, <em>tarniq<\/em>, dvelji nokkra daga \u00e1 tjaldsta\u00f0num eftir dau\u00f0ann. \u00c1 \u00feessum t\u00edma gilti s\u00e9rstakar reglur sem \u00e1kv\u00e1\u00f0u hvort bj\u00f6rninn myndi tala vinsamlega um vei\u00f0ina \u00ed hinum heiminum.<\/p><p>Me\u00f0al var\u00f0veittra si\u00f0a var a\u00f0 leggja verkf\u00e6ri e\u00f0a litlar gjafir hj\u00e1 felldu d\u00fdrinu. Karld\u00fdri var \u00fathluta\u00f0 vei\u00f0it\u00f3lum, en kvend\u00fdri \u00e1h\u00f6ldum sem tengdust kvennast\u00f6rfum, svo sem skinnaskafa.<\/p><p>A\u00f0greining \u00e1 kj\u00f6ti og \u00e1kve\u00f0num l\u00edkamshlutum fylgdi reglum, og konum og k\u00f6rlum var t\u00edmabundi\u00f0 \u00f3heimilt a\u00f0 vinna s\u00f6mu verk \u00e1 d\u00fdrinu. Rasmussen skr\u00e1\u00f0i a\u00f0 \u00fevagbl\u00f6\u00f0ru e\u00f0a \u00f6\u00f0rum hlutum var skila\u00f0 aftur \u00ed hafi\u00f0, sem er hli\u00f0st\u00e6tt hinni \u00fatbreiddu nor\u00f0urskautsvenju a\u00f0 fara me\u00f0 s\u00e1lir sela.<\/p><p>Ranns\u00f3knir setja \u00feessa si\u00f0i \u00ed v\u00ed\u00f0ara samhengi hugmynda \u00fear sem vei\u00f0id\u00fdri\u00f0 gefur sig frj\u00e1lsviljugt manninum, svo lengi sem reglurnar eru virtar. Nanook er \u00ed \u00feessu samhengi minna einst\u00f6k <span class=\"iwg-fachbegriff\" data-tooltip=\"Vera sem er d\u00fdrku\u00f0 sem gu\u00f0leg innan tr\u00faarbrag\u00f0a.\" tabindex=\"0\">gu\u00f0d\u00f3mur<\/span> en einstaklega fram\u00farskarandi d\u00fdrapers\u00f3na, \u00fear sem umgengni vi\u00f0 hann er d\u00e6miger\u00f0 fyrir samband mannsins vi\u00f0 allan d\u00fdraheiminn.<\/p><p>S\u00ed\u00f0ari fr\u00e6\u00f0imenn, me\u00f0al annars Asen Balikci \u00ed verkum s\u00ednum um Netsilik, bentu \u00e1 a\u00f0 sl\u00edkar athafnir voru mj\u00f6g sta\u00f0bundnar og a\u00f0 \u00fe\u00e6r \u00fatg\u00e1fur sem lei\u00f0angrar skr\u00e1\u00f0u v\u00e6ru svipmyndir af einst\u00f6kum h\u00f3pum.<\/p><p>Ekki er unnt a\u00f0 lei\u00f0a af heimildunum neina samr\u00e6mda nor\u00f0urskautsv\u00ed\u00f0t\u00e6ka \u00fatg\u00e1fu bjarnarathafnarins, eins og h\u00fan birtist \u00ed almennum framsetningum. Samb\u00e6rileg n\u00e1kv\u00e6mni \u00ed umgengni vi\u00f0 br\u00e1\u00f0ina s\u00e9st einnig hj\u00e1 <a href=\"https:\/\/iwell-guard.com\/is\/?page_id=168999\">Sednu<\/a>, herra sj\u00e1vard\u00fdranna.<\/p>\t\t\t\t\t\t\t\t<\/div>\n\t\t\t\t\t<\/div>\n\t\t\t\t<\/div>\n\t\t\t\t\t<\/div>\n\t\t\t\t<\/div>\n\t\t<div class=\"elementor-element elementor-element-cp2d25e49d e-flex e-con-boxed e-con e-parent\" data-id=\"cp2d25e49d\" data-element_type=\"container\" data-e-type=\"container\">\n\t\t\t\t\t<div class=\"e-con-inner\">\n\t\t\t\t<div class=\"elementor-element elementor-element-cp2fb411fc elementor-widget elementor-widget-heading\" data-id=\"cp2fb411fc\" data-element_type=\"widget\" data-e-type=\"widget\" data-widget_type=\"heading.default\">\n\t\t\t\t\t<h2 class=\"elementor-heading-title elementor-size-default\">Heimildasta\u00f0a og vandi var\u00f0veislunnar<\/h2>\t\t\t\t<\/div>\n\t\t<div class=\"elementor-element elementor-element-cp260a022f e-flex e-con-boxed e-con e-child\" data-id=\"cp260a022f\" data-element_type=\"container\" data-e-type=\"container\">\n\t\t\t\t\t<div class=\"e-con-inner\">\n\t\t\t\t<div class=\"elementor-element elementor-element-cp23e6bc54 elementor-widget elementor-widget-text-editor\" data-id=\"cp23e6bc54\" data-element_type=\"widget\" data-e-type=\"widget\" data-widget_type=\"text-editor.default\">\n\t\t\t\t\t\t\t\t\t<p>\u00deekking okkar \u00e1 Nanook er n\u00e6r alfari\u00f0 \u00e6ttu\u00f0 \u00far skr\u00e1ningum kanna\u00f0arlei\u00f0angra, tr\u00fabo\u00f0a og \u00fej\u00f3\u00f0fr\u00e6\u00f0inga, en varla \u00far heimildum In\u00fa\u00edta sj\u00e1lfra. Fyrstu fr\u00e1sagnirnar, me\u00f0al annars Franz Boas um Mi\u00f0-Eskim\u00f3a (1888), og hi\u00f0 umfangsmikla efnasafn Thule-lei\u00f0angranna, myndar enn \u00ed dag grunn margra fr\u00e1sagna.<\/p><p>\u00deessir textar eru ver\u00f0m\u00e6tir en bera \u00ed s\u00e9r a\u00f0st\u00e6\u00f0ur tilur\u00f0ar sinnar. \u00deeir voru skr\u00e1\u00f0ir gegnum t\u00falka, oft \u00ed stuttum vi\u00f0komum, og skrifa\u00f0ir ni\u00f0ur me\u00f0 hugt\u00f6kum sem s\u00f3tt voru \u00ed evr\u00f3pska tr\u00faarhugtakanotkun.<\/p><p>\u00c1\u00fereifanlegt vandam\u00e1l er \u00fe\u00fd\u00f0ing or\u00f0sins <em>tarniq<\/em> sem \u201es\u00e1l\u201c og t\u00falkun d\u00fdrapers\u00f3na sem gu\u00f0d\u00f3ma. B\u00e1\u00f0ar \u00fe\u00fd\u00f0ingar gefa til kynna kerfi sem hugsanlega var ekki til \u00ed \u00feessari mynd.<\/p><p>Ranns\u00f3knir benda \u00e1 a\u00f0 hugmyndir In\u00fa\u00edta um birni, menn og a\u00f0rar verur voru flj\u00f3tandi og f\u00e9llu ekki \u00ed fastar flokkanir gu\u00f0s, <span class=\"iwg-fachbegriff\" data-tooltip=\"L\u00edkamslaus vera sem talin er hafa \u00e1hrif \u00ed heiminum.\" tabindex=\"0\">anda<\/span> og d\u00fdrs. Nafni\u00f0 Nanook er sj\u00e1lft upphaflega einfaldlega venjulegt or\u00f0 fyrir \u00edsbj\u00f6rn; notkun \u00feess sem s\u00e9rnafns \u00e1 verndar- e\u00f0a h\u00fasb\u00f3ndaveru er a\u00f0 hluta afur\u00f0 skriflegrar ni\u00f0urskr\u00e1ningar.<\/p><p>Vi\u00f0 \u00feetta b\u00e6tist \u00e1hrif kvikmyndarinnar <em>Nanook of the North<\/em> eftir Robert Flaherty fr\u00e1 \u00e1rinu 1922. Myndin var a\u00f0 hluta svi\u00f0sett og m\u00f3ta\u00f0i vestr\u00e6nar hugmyndir um In\u00fa\u00edta til langs t\u00edma, \u00e1n \u00feess a\u00f0 endurspegla tr\u00faarlegar hugmyndir \u00feeirra me\u00f0 sannri mynd. \u00cd n\u00fat\u00edmaranns\u00f3knum er \u00fev\u00ed ger\u00f0ur greinarmunur \u00e1 hinum arfleidda tr\u00faarlega fl\u00f3kna kerfi og hinni vins\u00e6lu \u00edmynd.<\/p><p>Samt\u00f6k In\u00fa\u00edta \u00ed Kanada og Gr\u00e6nlandi hafa \u00e1 undanf\u00f6rnum \u00e1ratugum teki\u00f0 til vi\u00f0 a\u00f0 r\u00fdna eldri skr\u00e1ningar me\u00f0 gagnr\u00fdnum h\u00e6tti og skr\u00e1 munnlega \u00feekkingu eldri kynsl\u00f3\u00f0a \u00e1 n\u00fdjan h\u00e1tt, me\u00f0al annars \u00e1 vegum verkefna Inuit Heritage Trust. \u00deessi vinna s\u00fdnir sv\u00e6\u00f0isbundinn mismun greinilegar en klass\u00edsk safnrit ger\u00f0u.<\/p>\t\t\t\t\t\t\t\t<\/div>\n\t\t\t\t\t<\/div>\n\t\t\t\t<\/div>\n\t\t\t\t\t<\/div>\n\t\t\t\t<\/div>\n\t\t<div class=\"elementor-element elementor-element-iwgw-nanook-lit e-flex e-con-boxed e-con e-parent\" data-id=\"iwgw-nanook-lit\" data-element_type=\"container\" data-e-type=\"container\">\n\t\t\t\t\t<div class=\"e-con-inner\">\n\t\t\t\t<div class=\"elementor-element elementor-element-iwgw-nanook-lith elementor-widget elementor-widget-heading\" data-id=\"iwgw-nanook-lith\" data-element_type=\"widget\" data-e-type=\"widget\" data-widget_type=\"heading.default\">\n\t\t\t\t\t<h2 class=\"elementor-heading-title elementor-size-default\">Heimildir (\u00farval)<\/h2>\t\t\t\t<\/div>\n\t\t<div class=\"elementor-element elementor-element-iwgw-nanook-litc e-con-full e-flex e-con e-child\" data-id=\"iwgw-nanook-litc\" data-element_type=\"container\" data-e-type=\"container\">\n\t\t\t\t<div class=\"elementor-element elementor-element-iwgw-nanook-litt elementor-widget elementor-widget-text-editor\" data-id=\"iwgw-nanook-litt\" data-element_type=\"widget\" data-e-type=\"widget\" data-widget_type=\"text-editor.default\">\n\t\t\t\t\t\t\t\t\t<ul><li>Knud Rasmussen: <em>Intellectual Culture of the Iglulik Eskimos<\/em> (Kaupmannah\u00f6fn 1929)<\/li><li>A. Irving Hallowell: <em>Bear Ceremonialism in the Northern Hemisphere<\/em> (Menasha 1926)<\/li><li>Daniel Merkur: <em>Becoming Half Hidden<\/em> (Stokkh\u00f3lmur 1985)<\/li><li>Fr\u00e9d\u00e9ric Laugrand og Jarich Oosten: <em>Inuit Shamanism and Christianity<\/em> (Montreal 2010)<\/li><li>Pamela Stern: <em>Historical Dictionary of the Inuit<\/em> (Lanham 2013)<\/li><li>Robert Flaherty: <em>Nanook of the North<\/em> (kvikmynd, 1922)<\/li><\/ul>\t\t\t\t\t\t\t\t<\/div>\n\t\t\t\t<\/div>\n\t\t\t\t\t<\/div>\n\t\t\t\t<\/div>\n\t\t<div class=\"elementor-element elementor-element-iwgkw2-add-nanook e-flex e-con-boxed e-con e-parent\" data-id=\"iwgkw2-add-nanook\" data-element_type=\"container\" data-e-type=\"container\">\n\t\t\t\t\t<div class=\"e-con-inner\">\n\t\t\t\t<div class=\"elementor-element elementor-element-iwgkw2-add-nanook-t elementor-widget elementor-widget-text-editor\" data-id=\"iwgkw2-add-nanook-t\" data-element_type=\"widget\" data-e-type=\"widget\" data-widget_type=\"text-editor.default\">\n\t\t\t\t\t\t\t\t\t<p>\u00cd hef\u00f0 In\u00fa\u00edta er Nanook talinn herra \u00edsbjarna og <em>hj\u00e1lpari sjamana<\/em>, sem v\u00edsar Angakkuq lei\u00f0ir yfir \u00edsinn og veitir uppl\u00fdsingar um vei\u00f0ar framt\u00ed\u00f0arins.<\/p>\t\t\t\t\t\t\t\t<\/div>\n\t\t\t\t\t<\/div>\n\t\t\t\t<\/div>\n\t\t<div class=\"elementor-element elementor-element-iwgw-nanook-kwd e-flex e-con-boxed e-con e-parent\" data-id=\"iwgw-nanook-kwd\" data-element_type=\"container\" data-e-type=\"container\">\n\t\t\t\t\t<div class=\"e-con-inner\">\n\t\t<div class=\"elementor-element elementor-element-iwgw-nanook-kwdc e-con-full e-flex e-con e-child\" data-id=\"iwgw-nanook-kwdc\" data-element_type=\"container\" data-e-type=\"container\">\n\t\t\t\t<div class=\"elementor-element elementor-element-iwgw-nanook-kwdt elementor-widget elementor-widget-text-editor\" data-id=\"iwgw-nanook-kwdt\" data-element_type=\"widget\" data-e-type=\"widget\" data-widget_type=\"text-editor.default\">\n\t\t\t\t\t\t\t\t\t<p><em>Tengd kjarnahugt\u00f6k: Nanook Nanuq \u00edsbj\u00f6rn \u00edsbjarnarandi bjarnarh\u00e1t\u00ed\u00f0 nor\u00f0l\u00e6gur <span class=\"iwg-fachbegriff\" data-tooltip=\"Tr\u00faarlegt kerfi \u00fear sem s\u00e9rfr\u00e6\u00f0ingar hafa samskipti vi\u00f0 andaheiminn.\" tabindex=\"0\">sjamanismi<\/span> in\u00faktitut.<\/em><\/p>\t\t\t\t\t\t\t\t<\/div>\n\t\t\t\t<\/div>\n\t\t\t\t\t<\/div>\n\t\t\t\t<\/div>\n\t\t<div class=\"elementor-element elementor-element-iwgw-nanook-cc e-flex e-con-boxed e-con e-parent\" data-id=\"iwgw-nanook-cc\" data-element_type=\"container\" data-e-type=\"container\" id=\"iwg-cc-nanook\">\n\t\t\t\t\t<div class=\"e-con-inner\">\n\t\t<div class=\"elementor-element elementor-element-iwgw-nanook-ccinner e-flex e-con-boxed e-con e-parent\" data-id=\"iwgw-nanook-ccinner\" data-element_type=\"container\" data-e-type=\"container\" data-settings=\"{&quot;background_background&quot;:&quot;classic&quot;}\">\n\t\t\t\t\t<div class=\"e-con-inner\">\n\t\t\t\t<div class=\"elementor-element elementor-element-iwgw-nanook-cch elementor-widget elementor-widget-heading\" data-id=\"iwgw-nanook-cch\" data-element_type=\"widget\" data-e-type=\"widget\" data-widget_type=\"heading.default\">\n\t\t\t\t\t<h2 class=\"elementor-heading-title elementor-size-default\">iWell Guard og verndarhef\u00f0ir<\/h2>\t\t\t\t<\/div>\n\t\t\t\t<div class=\"elementor-element elementor-element-iwgw-nanook-cct elementor-widget elementor-widget-text-editor\" data-id=\"iwgw-nanook-cct\" data-element_type=\"widget\" data-e-type=\"widget\" data-widget_type=\"text-editor.default\">\n\t\t\t\t\t\t\t\t\t<div data-nosnippet=\"true\"><p>iWell Guard tengist menningars\u00f6gulegri hef\u00f0 bur\u00f0arh\u00e6fra verndargripa, \u00ed hef\u00f0 <a href=\"https:\/\/iwell-guard.com\/is\/inuit-og-nordurslodir-sedna-tornit\/\">in\u00fa\u00edta<\/a> og margra annarra menningarheima um allan heim. 41 lag, alv\u00f6ru gull, plat\u00edna, silfur, framleitt \u00ed \u00de\u00fdskalandi. 30 daga skilar\u00e9ttur.<\/p><\/div>\t\t\t\t\t\t\t\t<\/div>\n\t\t\t\t<div class=\"elementor-element elementor-element-iwgw-nanook-ccb iwg-cc-button iwg-cc-cta-2026-05-13 elementor-widget elementor-widget-jet-button\" data-id=\"iwgw-nanook-ccb\" data-element_type=\"widget\" data-e-type=\"widget\" data-widget_type=\"jet-button.default\">\n\t\t\t\t<div class=\"elementor-widget-container\">\n\t\t\t\t\t<div class=\"elementor-jet-button jet-elements\"><div class=\"jet-button__container\"><a class=\"jet-button__instance jet-button__instance--icon-left hover-effect-1\" href=\"\/ueber-iwell-guard\/?utm_source=iwell-guard.com&amp;utm_medium=info-box&amp;utm_campaign=wesen-tradition\"><div class=\"jet-button__plane jet-button__plane-normal\"><\/div><div class=\"jet-button__plane jet-button__plane-hover\"><\/div><div class=\"jet-button__state jet-button__state-normal\"><span class=\"jet-button__label\">Meira um iWell Guard<\/span><\/div><div class=\"jet-button__state jet-button__state-hover\"><span class=\"jet-button__label\">Meira um iWell Guard<\/span><\/div><\/a><\/div><\/div><style>.elementor-element.elementor-element-iwgw-nanook-ccb .jet-button__instance{width:320px;height:56px;}.elementor-element.elementor-element-iwgw-nanook-ccb .jet-button__state-normal .jet-button__label{text-align:center;margin:0px 0px 0px 0px;color:#1a1b20;font-family:Montserrat,sans-serif;font-size:13px;font-weight:400;letter-spacing:4px;line-height:1.714em;text-transform:uppercase;}.elementor-element.elementor-element-iwgw-nanook-ccb .jet-button__state-hover .jet-button__label{text-align:center;margin:0px 0px 0px 0px;color:#FECC76;font-family:Montserrat,sans-serif;font-size:13px;font-weight:400;letter-spacing:4px;line-height:1.714em;text-transform:uppercase;}.elementor-element.elementor-element-iwgw-nanook-ccb .jet-button__plane-normal{background-color:#FECC76;border-style:solid;border-color:#C99540;border-width:2px 2px 2px 2px;}.elementor-element.elementor-element-iwgw-nanook-ccb .jet-button__plane-hover{background-color:rgba(0,0,0,0.55);border-style:solid;border-color:#FECC76;border-width:2px 2px 2px 2px;}<\/style>\t\t\t\t<\/div>\n\t\t\t\t<\/div>\n\t\t\t\t<div class=\"elementor-element elementor-element-iwgw-nanook-ccd elementor-widget elementor-widget-text-editor\" data-id=\"iwgw-nanook-ccd\" data-element_type=\"widget\" data-e-type=\"widget\" data-widget_type=\"text-editor.default\">\n\t\t\t\t\t\t\t\t\t<div data-nosnippet=\"true\"><p style=\"text-align:center;font-size:13px;opacity:0.7;margin-top:14px\" data-nosnippet=\"true\">Pers\u00f3nuleg reynsla getur veri\u00f0 mismunandi. Ekki l\u00e6kningat\u00e6ki. Engin lofor\u00f0 um l\u00e6kningu.<\/p><\/div>\t\t\t\t\t\t\t\t<\/div>\n\t\t\t\t\t<\/div>\n\t\t\t\t<\/div>\n\t\t\t\t\t<\/div>\n\t\t\t\t<\/div>\n\t\t<div class=\"elementor-element elementor-element-iwgw-nanook-disc e-flex e-con-boxed e-con e-parent\" data-id=\"iwgw-nanook-disc\" data-element_type=\"container\" data-e-type=\"container\">\n\t\t\t\t\t<div class=\"e-con-inner\">\n\t\t\t\t<div class=\"elementor-element elementor-element-iwgw-nanook-discw elementor-widget elementor-widget-html\" data-id=\"iwgw-nanook-discw\" data-element_type=\"widget\" data-e-type=\"widget\" data-widget_type=\"html.default\">\n\t\t\t\t\t<footer data-nosnippet=\"true\" class=\"iwg-disclaimer-block\"><p data-nosnippet=\"true\">iWell Guard er <strong>ekki l\u00e6kningat\u00e6ki<\/strong> og kemur ekki \u00ed sta\u00f0inn fyrir l\u00e6knis- e\u00f0a s\u00e1lfr\u00e6\u00f0ime\u00f0fer\u00f0. Tr\u00faarfr\u00e6\u00f0ilegt efni er menningars\u00f6gulegt samhengi, ekki r\u00e1\u00f0legging um andlega i\u00f0kun.<\/p><\/footer>\t\t\t\t<\/div>\n\t\t\t\t\t<\/div>\n\t\t\t\t<\/div>\n\t\t\t\t<\/div>\n\t\t","protected":false},"excerpt":{"rendered":"","protected":false},"author":3,"featured_media":2876,"parent":0,"menu_order":0,"comment_status":"closed","ping_status":"closed","template":"elementor_header_footer","meta":{"_yoast_wpseo_focuskw":"Nanook in\u00fa\u00edta \u00edsbjarnarandi","_yoast_wpseo_title":"Nanook - \u00cdsbjarnarherra og sjamanahj\u00e1lpari in\u00fa\u00edta","_yoast_wpseo_metadesc":"Nanook er \u00edsbjarnarherra og m\u00e1ttugur hj\u00e1lparandi sjamana in\u00fa\u00edta. Tr\u00faarfr\u00e6\u00f0ileg \u00fattekt me\u00f0 go\u00f0s\u00f6gn, d\u00fdrkun og heimildum.","_yoast_wpseo_meta-robots-noindex":"","_yoast_wpseo_canonical":"","_angie_page":false,"gefaehrdungsstufe":"2","wesen_kultur":"inuit","wesen_klasse":"goetter","footnotes":""},"categories":[],"class_list":["post-169005","page","type-page","status-publish","has-post-thumbnail","hentry"],"yoast_head":"<!-- This site is optimized with the Yoast SEO Premium plugin v27.7 (Yoast SEO v28.3) - https:\/\/yoast.com\/product\/yoast-seo-premium-wordpress\/ -->\n<title>Nanook - \u00cdsbjarnarherra og sjamanahj\u00e1lpari in\u00fa\u00edta<\/title>\n<meta name=\"description\" content=\"Nanook er \u00edsbjarnarherra og m\u00e1ttugur hj\u00e1lparandi sjamana in\u00fa\u00edta. Tr\u00faarfr\u00e6\u00f0ileg \u00fattekt me\u00f0 go\u00f0s\u00f6gn, d\u00fdrkun og heimildum.\" \/>\n<meta name=\"robots\" content=\"index, follow, max-snippet:-1, max-image-preview:large, max-video-preview:-1\" \/>\n<link rel=\"canonical\" href=\"https:\/\/iwell-guard.com\/is\/nanook-isbjarnarherra-inuita\/\" \/>\n<meta property=\"og:locale\" content=\"is_IS\" \/>\n<meta property=\"og:type\" content=\"article\" \/>\n<meta property=\"og:title\" content=\"Nanook - \u00cdsbjarnarherra in\u00fa\u00edta-hef\u00f0arins\" \/>\n<meta property=\"og:description\" content=\"Nanook er \u00edsbjarnarherra og m\u00e1ttugur hj\u00e1lparandi sjamana in\u00fa\u00edta. Tr\u00faarfr\u00e6\u00f0ileg \u00fattekt me\u00f0 go\u00f0s\u00f6gn, d\u00fdrkun og heimildum.\" \/>\n<meta property=\"og:url\" content=\"https:\/\/iwell-guard.com\/is\/nanook-isbjarnarherra-inuita\/\" \/>\n<meta property=\"og:site_name\" content=\"iWell Guard\" \/>\n<meta property=\"article:modified_time\" content=\"2026-09-05T14:29:35+00:00\" \/>\n<meta property=\"og:image\" content=\"https:\/\/iwell-guard.com\/wp-content\/uploads\/2026\/05\/geister_inuit_nanook.webp\" \/>\n\t<meta property=\"og:image:width\" content=\"1024\" \/>\n\t<meta property=\"og:image:height\" content=\"1536\" \/>\n\t<meta property=\"og:image:type\" content=\"image\/webp\" \/>\n<meta name=\"twitter:card\" content=\"summary_large_image\" \/>\n<script type=\"application\/ld+json\" class=\"yoast-schema-graph\">{\"@context\":\"https:\\\/\\\/schema.org\",\"@graph\":[{\"@type\":\"WebPage\",\"@id\":\"https:\\\/\\\/iwell-guard.com\\\/is\\\/nanook-isbjarnarherra-inuita\\\/\",\"url\":\"https:\\\/\\\/iwell-guard.com\\\/is\\\/nanook-isbjarnarherra-inuita\\\/\",\"name\":\"Nanook - \u00cdsbjarnarherra og sjamanahj\u00e1lpari in\u00fa\u00edta\",\"isPartOf\":{\"@id\":\"https:\\\/\\\/iwell-guard.com\\\/is\\\/#website\"},\"primaryImageOfPage\":{\"@id\":\"https:\\\/\\\/iwell-guard.com\\\/is\\\/nanook-isbjarnarherra-inuita\\\/#primaryimage\"},\"image\":{\"@id\":\"https:\\\/\\\/iwell-guard.com\\\/is\\\/nanook-isbjarnarherra-inuita\\\/#primaryimage\"},\"thumbnailUrl\":\"https:\\\/\\\/iwell-guard.com\\\/wp-content\\\/uploads\\\/2026\\\/05\\\/geister_inuit_nanook.webp\",\"datePublished\":\"2026-09-05T14:04:45+00:00\",\"dateModified\":\"2026-09-05T14:29:35+00:00\",\"description\":\"Nanook er \u00edsbjarnarherra og m\u00e1ttugur hj\u00e1lparandi sjamana in\u00fa\u00edta. Tr\u00faarfr\u00e6\u00f0ileg \u00fattekt me\u00f0 go\u00f0s\u00f6gn, d\u00fdrkun og heimildum.\",\"breadcrumb\":{\"@id\":\"https:\\\/\\\/iwell-guard.com\\\/is\\\/nanook-isbjarnarherra-inuita\\\/#breadcrumb\"},\"inLanguage\":\"is\",\"potentialAction\":[{\"@type\":\"ReadAction\",\"target\":[\"https:\\\/\\\/iwell-guard.com\\\/is\\\/nanook-isbjarnarherra-inuita\\\/\"]}]},{\"@type\":\"ImageObject\",\"inLanguage\":\"is\",\"@id\":\"https:\\\/\\\/iwell-guard.com\\\/is\\\/nanook-isbjarnarherra-inuita\\\/#primaryimage\",\"url\":\"https:\\\/\\\/iwell-guard.com\\\/wp-content\\\/uploads\\\/2026\\\/05\\\/geister_inuit_nanook.webp\",\"contentUrl\":\"https:\\\/\\\/iwell-guard.com\\\/wp-content\\\/uploads\\\/2026\\\/05\\\/geister_inuit_nanook.webp\",\"width\":1024,\"height\":1536,\"caption\":\"Andar \u00far in\u00fa\u00edta-hef\u00f0inni.\"},{\"@type\":\"BreadcrumbList\",\"@id\":\"https:\\\/\\\/iwell-guard.com\\\/is\\\/nanook-isbjarnarherra-inuita\\\/#breadcrumb\",\"itemListElement\":[{\"@type\":\"ListItem\",\"position\":1,\"name\":\"Start\",\"item\":\"https:\\\/\\\/iwell-guard.com\\\/is\\\/?page_id=168580\"},{\"@type\":\"ListItem\",\"position\":2,\"name\":\"Nanook &#8211; \u00cdsbjarnarherra in\u00fa\u00edta-hef\u00f0arins\"}]},{\"@type\":\"WebSite\",\"@id\":\"https:\\\/\\\/iwell-guard.com\\\/is\\\/#website\",\"url\":\"https:\\\/\\\/iwell-guard.com\\\/is\\\/\",\"name\":\"iWell Guard\",\"description\":\"Schutz vor dunklen Einfl\u00fcssen\",\"publisher\":{\"@id\":\"https:\\\/\\\/iwell-guard.com\\\/is\\\/#organization\"},\"potentialAction\":[{\"@type\":\"SearchAction\",\"target\":{\"@type\":\"EntryPoint\",\"urlTemplate\":\"https:\\\/\\\/iwell-guard.com\\\/is\\\/?s={search_term_string}\"},\"query-input\":{\"@type\":\"PropertyValueSpecification\",\"valueRequired\":true,\"valueName\":\"search_term_string\"}}],\"inLanguage\":\"is\"},{\"@type\":\"Organization\",\"@id\":\"https:\\\/\\\/iwell-guard.com\\\/is\\\/#organization\",\"name\":\"Ittermann electronic GmbH\",\"url\":\"https:\\\/\\\/iwell-guard.com\\\/is\\\/\",\"logo\":{\"@type\":\"ImageObject\",\"inLanguage\":\"is\",\"@id\":\"https:\\\/\\\/iwell-guard.com\\\/is\\\/#\\\/schema\\\/logo\\\/image\\\/\",\"url\":\"https:\\\/\\\/iwell-guard.com\\\/wp-content\\\/uploads\\\/2026\\\/05\\\/Ittermann-Logo-1182x237-1.png\",\"contentUrl\":\"https:\\\/\\\/iwell-guard.com\\\/wp-content\\\/uploads\\\/2026\\\/05\\\/Ittermann-Logo-1182x237-1.png\",\"width\":1182,\"height\":237,\"caption\":\"Ittermann electronic GmbH\"},\"image\":{\"@id\":\"https:\\\/\\\/iwell-guard.com\\\/is\\\/#\\\/schema\\\/logo\\\/image\\\/\"},\"sameAs\":[\"https:\\\/\\\/pantip.com\\\/profile\\\/9367242\",\"https:\\\/\\\/micro.blog\\\/iwellguard\",\"https:\\\/\\\/www.diggerslist.com\\\/iwellguard\\\/about\",\"https:\\\/\\\/skitterphoto.com\\\/photographers\\\/2870314\\\/iwell-guard\",\"https:\\\/\\\/iwellguard.wordpress.com\\\/2026\\\/06\\\/06\\\/iwell-guard\\\/\",\"https:\\\/\\\/hub.docker.com\\\/u\\\/iwellguard\",\"https:\\\/\\\/www.pinterest.com\\\/iwellguard\\\/\",\"https:\\\/\\\/bit.ly\\\/m\\\/iwellguard\",\"https:\\\/\\\/entre-vos-mains.alsace.eu\\\/profiles\\\/iwellguard\\\/activity\",\"https:\\\/\\\/gravatar.com\\\/reallybeded8fd34\",\"https:\\\/\\\/naijamatta.com\\\/iwellguard\",\"https:\\\/\\\/www.goodreads.com\\\/iwellguard\",\"https:\\\/\\\/profile.hatena.ne.jp\\\/iwellguard\\\/\",\"https:\\\/\\\/experiment.com\\\/users\\\/iwellguard\",\"https:\\\/\\\/wakelet.com\\\/@iWellGuard82270\",\"https:\\\/\\\/www.chordie.com\\\/forum\\\/profile.php?id=2555664\",\"https:\\\/\\\/www.instapaper.com\\\/p\\\/17757966\",\"https:\\\/\\\/www.mapleprimes.com\\\/users\\\/iwellguard\",\"https:\\\/\\\/businesslistingplus.com\\\/profile\\\/iwell-guard\\\/\",\"https:\\\/\\\/telegra.ph\\\/iWell-Guard-06-06\",\"https:\\\/\\\/pbase.com\\\/iwellguard\\\/iwellguard\",\"https:\\\/\\\/b.hatena.ne.jp\\\/iwellguard\\\/20260607#bookmark-4788405196491818882\",\"https:\\\/\\\/fliphtml5.com\\\/home\\\/iwellguard\",\"https:\\\/\\\/anyflip.com\\\/homepage\\\/cmiwl#About\",\"https:\\\/\\\/transfur.com\\\/Users\\\/iwellguard\",\"http:\\\/\\\/delphi.larsbo.org\\\/user\\\/iwellguard\",\"https:\\\/\\\/jobs.lajobsportal.org\\\/profiles\\\/8380803-iwell-guard\",\"https:\\\/\\\/md.chaosdorf.de\\\/s\\\/jfbe5SBdJD\",\"https:\\\/\\\/www.lingvolive.com\\\/en-us\\\/profile\\\/9ecaeaca-ce11-4e51-9e71-01d55e2bff36\\\/translations\",\"https:\\\/\\\/www.fitday.com\\\/fitness\\\/forums\\\/members\\\/iwellguard.html\",\"https:\\\/\\\/www.mymeetbook.com\\\/iwellguard\",\"https:\\\/\\\/pxhere.com\\\/en\\\/photographer-me\\\/5040798\",\"https:\\\/\\\/disqus.com\\\/by\\\/iwellguard\\\/about\\\/\",\"https:\\\/\\\/pastelink.net\\\/hjwciqwq\",\"https:\\\/\\\/pubhtml5.com\\\/homepage\\\/scjhn\\\/\",\"https:\\\/\\\/www.bitchute.com\\\/channel\\\/2O2eOKzNqujT\",\"https:\\\/\\\/audiomack.com\\\/iwellguard\"]},{\"@type\":\"Article\",\"@id\":\"https:\\\/\\\/iwell-guard.com\\\/is\\\/nanook-isbjarnarherra-inuita\\\/#article\",\"isPartOf\":{\"@id\":\"https:\\\/\\\/iwell-guard.com\\\/is\\\/nanook-isbjarnarherra-inuita\\\/\"},\"author\":{\"name\":\"Ralf Ittermann\",\"@id\":\"https:\\\/\\\/iwell-guard.com\\\/is\\\/#\\\/schema\\\/person\\\/ee2a27f1cac3406c7c6fb5820cb7349f\"},\"headline\":\"Nanook &#8211; \u00cdsbjarnarherra in\u00fa\u00edta-hef\u00f0arins\",\"datePublished\":\"2026-09-05T14:04:45+00:00\",\"dateModified\":\"2026-09-05T14:29:35+00:00\",\"mainEntityOfPage\":{\"@id\":\"https:\\\/\\\/iwell-guard.com\\\/is\\\/nanook-isbjarnarherra-inuita\\\/\"},\"publisher\":{\"@id\":\"https:\\\/\\\/iwell-guard.com\\\/is\\\/#organization\"},\"image\":{\"@id\":\"https:\\\/\\\/iwell-guard.com\\\/is\\\/nanook-isbjarnarherra-inuita\\\/#primaryimage\"},\"thumbnailUrl\":\"https:\\\/\\\/iwell-guard.com\\\/wp-content\\\/uploads\\\/2026\\\/05\\\/geister_inuit_nanook.webp\",\"inLanguage\":\"is\",\"description\":\"Nanook er \u00edsbjarnarherra og m\u00e1ttugur hj\u00e1lparandi sjamana in\u00fa\u00edta. Tr\u00faarfr\u00e6\u00f0ileg \u00fattekt me\u00f0 go\u00f0s\u00f6gn, d\u00fdrkun og heimildum.\"}]}<\/script>\n<!-- \/ Yoast SEO Premium plugin. -->","yoast_head_json":{"title":"Nanook - \u00cdsbjarnarherra og sjamanahj\u00e1lpari in\u00fa\u00edta","description":"Nanook er \u00edsbjarnarherra og m\u00e1ttugur hj\u00e1lparandi sjamana in\u00fa\u00edta. Tr\u00faarfr\u00e6\u00f0ileg \u00fattekt me\u00f0 go\u00f0s\u00f6gn, d\u00fdrkun og heimildum.","robots":{"index":"index","follow":"follow","max-snippet":"max-snippet:-1","max-image-preview":"max-image-preview:large","max-video-preview":"max-video-preview:-1"},"canonical":"https:\/\/iwell-guard.com\/is\/nanook-isbjarnarherra-inuita\/","og_locale":"is_IS","og_type":"article","og_title":"Nanook - \u00cdsbjarnarherra in\u00fa\u00edta-hef\u00f0arins","og_description":"Nanook er \u00edsbjarnarherra og m\u00e1ttugur hj\u00e1lparandi sjamana in\u00fa\u00edta. Tr\u00faarfr\u00e6\u00f0ileg \u00fattekt me\u00f0 go\u00f0s\u00f6gn, d\u00fdrkun og heimildum.","og_url":"https:\/\/iwell-guard.com\/is\/nanook-isbjarnarherra-inuita\/","og_site_name":"iWell Guard","article_modified_time":"2026-09-05T14:29:35+00:00","og_image":[{"width":1024,"height":1536,"url":"https:\/\/iwell-guard.com\/wp-content\/uploads\/2026\/05\/geister_inuit_nanook.webp","type":"image\/webp"}],"twitter_card":"summary_large_image","schema":{"@context":"https:\/\/schema.org","@graph":[{"@type":"Article","@id":"https:\/\/iwell-guard.com\/is\/nanook-isbjarnarherra-inuita\/#article","isPartOf":{"@id":"https:\/\/iwell-guard.com\/is\/nanook-isbjarnarherra-inuita\/"},"author":{"name":"Ralf Ittermann","@id":"https:\/\/iwell-guard.com\/is\/#\/schema\/person\/ee2a27f1cac3406c7c6fb5820cb7349f"},"headline":"Nanook &#8211; \u00cdsbjarnarherra in\u00fa\u00edta-hef\u00f0arins","datePublished":"2026-09-05T14:04:45+00:00","dateModified":"2026-09-05T14:29:35+00:00","mainEntityOfPage":{"@id":"https:\/\/iwell-guard.com\/is\/nanook-isbjarnarherra-inuita\/"},"publisher":{"@id":"https:\/\/iwell-guard.com\/is\/#organization"},"image":{"@id":"https:\/\/iwell-guard.com\/is\/nanook-isbjarnarherra-inuita\/#primaryimage"},"thumbnailUrl":"https:\/\/iwell-guard.com\/wp-content\/uploads\/2026\/05\/geister_inuit_nanook.webp","inLanguage":"is","description":"Nanook er \u00edsbjarnarherra og m\u00e1ttugur hj\u00e1lparandi sjamana in\u00fa\u00edta. Tr\u00faarfr\u00e6\u00f0ileg \u00fattekt me\u00f0 go\u00f0s\u00f6gn, d\u00fdrkun og heimildum."},{"@type":"WebPage","@id":"https:\/\/iwell-guard.com\/is\/nanook-isbjarnarherra-inuita\/","url":"https:\/\/iwell-guard.com\/is\/nanook-isbjarnarherra-inuita\/","name":"Nanook - \u00cdsbjarnarherra og sjamanahj\u00e1lpari in\u00fa\u00edta","isPartOf":{"@id":"https:\/\/iwell-guard.com\/is\/#website"},"primaryImageOfPage":{"@id":"https:\/\/iwell-guard.com\/is\/nanook-isbjarnarherra-inuita\/#primaryimage"},"image":{"@id":"https:\/\/iwell-guard.com\/is\/nanook-isbjarnarherra-inuita\/#primaryimage"},"thumbnailUrl":"https:\/\/iwell-guard.com\/wp-content\/uploads\/2026\/05\/geister_inuit_nanook.webp","datePublished":"2026-09-05T14:04:45+00:00","dateModified":"2026-09-05T14:29:35+00:00","description":"Nanook er \u00edsbjarnarherra og m\u00e1ttugur hj\u00e1lparandi sjamana in\u00fa\u00edta. Tr\u00faarfr\u00e6\u00f0ileg \u00fattekt me\u00f0 go\u00f0s\u00f6gn, d\u00fdrkun og heimildum.","breadcrumb":{"@id":"https:\/\/iwell-guard.com\/is\/nanook-isbjarnarherra-inuita\/#breadcrumb"},"inLanguage":"is","potentialAction":[{"@type":"ReadAction","target":["https:\/\/iwell-guard.com\/is\/nanook-isbjarnarherra-inuita\/"]}]},{"@type":"ImageObject","inLanguage":"is","@id":"https:\/\/iwell-guard.com\/is\/nanook-isbjarnarherra-inuita\/#primaryimage","url":"https:\/\/iwell-guard.com\/wp-content\/uploads\/2026\/05\/geister_inuit_nanook.webp","contentUrl":"https:\/\/iwell-guard.com\/wp-content\/uploads\/2026\/05\/geister_inuit_nanook.webp","width":1024,"height":1536,"caption":"Andar \u00far in\u00fa\u00edta-hef\u00f0inni."},{"@type":"BreadcrumbList","@id":"https:\/\/iwell-guard.com\/is\/nanook-isbjarnarherra-inuita\/#breadcrumb","itemListElement":[{"@type":"ListItem","position":1,"name":"Start","item":"https:\/\/iwell-guard.com\/is\/?page_id=168580"},{"@type":"ListItem","position":2,"name":"Nanook &#8211; \u00cdsbjarnarherra in\u00fa\u00edta-hef\u00f0arins"}]},{"@type":"WebSite","@id":"https:\/\/iwell-guard.com\/is\/#website","url":"https:\/\/iwell-guard.com\/is\/","name":"iWell Guard","description":"Schutz vor dunklen Einfl\u00fcssen","publisher":{"@id":"https:\/\/iwell-guard.com\/is\/#organization"},"potentialAction":[{"@type":"SearchAction","target":{"@type":"EntryPoint","urlTemplate":"https:\/\/iwell-guard.com\/is\/?s={search_term_string}"},"query-input":{"@type":"PropertyValueSpecification","valueRequired":true,"valueName":"search_term_string"}}],"inLanguage":"is"},{"@type":"Organization","@id":"https:\/\/iwell-guard.com\/is\/#organization","name":"Ittermann electronic GmbH","url":"https:\/\/iwell-guard.com\/is\/","logo":{"@type":"ImageObject","inLanguage":"is","@id":"https:\/\/iwell-guard.com\/is\/#\/schema\/logo\/image\/","url":"https:\/\/iwell-guard.com\/wp-content\/uploads\/2026\/05\/Ittermann-Logo-1182x237-1.png","contentUrl":"https:\/\/iwell-guard.com\/wp-content\/uploads\/2026\/05\/Ittermann-Logo-1182x237-1.png","width":1182,"height":237,"caption":"Ittermann electronic GmbH"},"image":{"@id":"https:\/\/iwell-guard.com\/is\/#\/schema\/logo\/image\/"},"sameAs":["https:\/\/pantip.com\/profile\/9367242","https:\/\/micro.blog\/iwellguard","https:\/\/www.diggerslist.com\/iwellguard\/about","https:\/\/skitterphoto.com\/photographers\/2870314\/iwell-guard","https:\/\/iwellguard.wordpress.com\/2026\/06\/06\/iwell-guard\/","https:\/\/hub.docker.com\/u\/iwellguard","https:\/\/www.pinterest.com\/iwellguard\/","https:\/\/bit.ly\/m\/iwellguard","https:\/\/entre-vos-mains.alsace.eu\/profiles\/iwellguard\/activity","https:\/\/gravatar.com\/reallybeded8fd34","https:\/\/naijamatta.com\/iwellguard","https:\/\/www.goodreads.com\/iwellguard","https:\/\/profile.hatena.ne.jp\/iwellguard\/","https:\/\/experiment.com\/users\/iwellguard","https:\/\/wakelet.com\/@iWellGuard82270","https:\/\/www.chordie.com\/forum\/profile.php?id=2555664","https:\/\/www.instapaper.com\/p\/17757966","https:\/\/www.mapleprimes.com\/users\/iwellguard","https:\/\/businesslistingplus.com\/profile\/iwell-guard\/","https:\/\/telegra.ph\/iWell-Guard-06-06","https:\/\/pbase.com\/iwellguard\/iwellguard","https:\/\/b.hatena.ne.jp\/iwellguard\/20260607#bookmark-4788405196491818882","https:\/\/fliphtml5.com\/home\/iwellguard","https:\/\/anyflip.com\/homepage\/cmiwl#About","https:\/\/transfur.com\/Users\/iwellguard","http:\/\/delphi.larsbo.org\/user\/iwellguard","https:\/\/jobs.lajobsportal.org\/profiles\/8380803-iwell-guard","https:\/\/md.chaosdorf.de\/s\/jfbe5SBdJD","https:\/\/www.lingvolive.com\/en-us\/profile\/9ecaeaca-ce11-4e51-9e71-01d55e2bff36\/translations","https:\/\/www.fitday.com\/fitness\/forums\/members\/iwellguard.html","https:\/\/www.mymeetbook.com\/iwellguard","https:\/\/pxhere.com\/en\/photographer-me\/5040798","https:\/\/disqus.com\/by\/iwellguard\/about\/","https:\/\/pastelink.net\/hjwciqwq","https:\/\/pubhtml5.com\/homepage\/scjhn\/","https:\/\/www.bitchute.com\/channel\/2O2eOKzNqujT","https:\/\/audiomack.com\/iwellguard"]},{"@type":"Person","@id":"https:\/\/iwell-guard.com\/is\/#\/schema\/person\/ee2a27f1cac3406c7c6fb5820cb7349f","name":"Ralf Ittermann","image":{"@type":"ImageObject","inLanguage":"is","@id":"https:\/\/secure.gravatar.com\/avatar\/073c0153e350a5005b68eb752b445fea71f6b24a26da9449ad7e155e6b446c9d?s=96&d=mm&r=g","url":"https:\/\/secure.gravatar.com\/avatar\/073c0153e350a5005b68eb752b445fea71f6b24a26da9449ad7e155e6b446c9d?s=96&d=mm&r=g","contentUrl":"https:\/\/secure.gravatar.com\/avatar\/073c0153e350a5005b68eb752b445fea71f6b24a26da9449ad7e155e6b446c9d?s=96&d=mm&r=g","caption":"Ralf Ittermann"},"givenName":"Ralf","familyName":"Ittermann","jobTitle":"Gesch\u00e4ftsf\u00fchrer und redaktioneller Verantwortlicher","url":"https:\/\/iwell-guard.com\/is\/author\/claude\/","description":"Ralf Ittermann ist Gesch\u00e4ftsf\u00fchrer der Ittermann electronic GmbH und redaktioneller Verantwortlicher des iWell-Guard-Lexikons. Er verbindet langj\u00e4hrige Erfahrung in der Pr\u00e4zisionsfertigung mit medialer Praxis und religionsgeschichtlicher Quellenarbeit.","worksFor":{"@type":"Organization","name":"Ittermann electronic GmbH","url":"https:\/\/ittermann.de\/","address":{"@type":"PostalAddress","streetAddress":"K\u00f6hlergasse 16-18","postalCode":"99842","addressLocality":"Ruhla","addressCountry":"DE"}},"knowsAbout":["Religionsgeschichte","Mythologie","Mediale Praxis","Energetische Diagnostik","Schutzpraxis","Volksglauben","Westliche Esoterik"]},{"@type":"Article","@id":"https:\/\/iwell-guard.com\/is\/nanook-isbjarnarherra-inuita\/#article","isPartOf":{"@id":"https:\/\/iwell-guard.com\/is\/nanook-isbjarnarherra-inuita\/"},"author":{"name":"Ralf Ittermann","@id":"https:\/\/iwell-guard.com\/is\/#\/schema\/person\/ee2a27f1cac3406c7c6fb5820cb7349f"},"headline":"Nanook &#8211; \u00cdsbjarnarherra in\u00fa\u00edta-hef\u00f0arins","datePublished":"2026-09-05T14:04:45+00:00","dateModified":"2026-09-05T14:29:35+00:00","mainEntityOfPage":{"@id":"https:\/\/iwell-guard.com\/is\/nanook-isbjarnarherra-inuita\/"},"publisher":{"@id":"https:\/\/iwell-guard.com\/is\/#organization"},"image":{"@id":"https:\/\/iwell-guard.com\/is\/nanook-isbjarnarherra-inuita\/#primaryimage"},"thumbnailUrl":"https:\/\/iwell-guard.com\/wp-content\/uploads\/2026\/05\/geister_inuit_nanook.webp","inLanguage":"is","description":"Nanook er \u00edsbjarnarherra og m\u00e1ttugur hj\u00e1lparandi sjamana in\u00fa\u00edta. Tr\u00faarfr\u00e6\u00f0ileg \u00fattekt me\u00f0 go\u00f0s\u00f6gn, d\u00fdrkun og heimildum."}]}},"_links":{"self":[{"href":"https:\/\/iwell-guard.com\/is\/wp-json\/wp\/v2\/pages\/169005","targetHints":{"allow":["GET"]}}],"collection":[{"href":"https:\/\/iwell-guard.com\/is\/wp-json\/wp\/v2\/pages"}],"about":[{"href":"https:\/\/iwell-guard.com\/is\/wp-json\/wp\/v2\/types\/page"}],"author":[{"embeddable":true,"href":"https:\/\/iwell-guard.com\/is\/wp-json\/wp\/v2\/users\/3"}],"replies":[{"embeddable":true,"href":"https:\/\/iwell-guard.com\/is\/wp-json\/wp\/v2\/comments?post=169005"}],"version-history":[{"count":0,"href":"https:\/\/iwell-guard.com\/is\/wp-json\/wp\/v2\/pages\/169005\/revisions"}],"wp:featuredmedia":[{"embeddable":true,"href":"https:\/\/iwell-guard.com\/is\/wp-json\/wp\/v2\/media\/2876"}],"wp:attachment":[{"href":"https:\/\/iwell-guard.com\/is\/wp-json\/wp\/v2\/media?parent=169005"}],"wp:term":[{"taxonomy":"category","embeddable":true,"href":"https:\/\/iwell-guard.com\/is\/wp-json\/wp\/v2\/categories?post=169005"}],"curies":[{"name":"wp","href":"https:\/\/api.w.org\/{rel}","templated":true}]}}