{"id":169003,"date":"2026-09-05T14:04:45","date_gmt":"2026-09-05T14:04:45","guid":{"rendered":"https:\/\/iwell-guard.com\/?page_id=169003"},"modified":"2026-09-05T14:29:35","modified_gmt":"2026-09-05T14:29:35","slug":"anguta-fadir-sednu-verndari-undirheima","status":"publish","type":"page","link":"https:\/\/iwell-guard.com\/is\/anguta-fadir-sednu-verndari-undirheima\/","title":{"rendered":"Anguta \u2013 fa\u00f0ir Sednu og verndari undirheima"},"content":{"rendered":"\t\t<div data-elementor-type=\"wp-page\" data-elementor-id=\"169003\" class=\"elementor elementor-169003 elementor-2658 elementor-bc-flex-widget\" data-elementor-post-type=\"page\">\n\t\t\t\t<div class=\"elementor-element elementor-element-iwgw-anguta-hero e-flex e-con-boxed e-con e-parent\" data-id=\"iwgw-anguta-hero\" data-element_type=\"container\" data-e-type=\"container\" data-settings=\"{&quot;background_background&quot;:&quot;classic&quot;}\">\n\t\t\t\t\t<div class=\"e-con-inner\">\n\t\t<div class=\"elementor-element elementor-element-iwgw-anguta-hl e-flex e-con-boxed e-con e-child\" data-id=\"iwgw-anguta-hl\" data-element_type=\"container\" data-e-type=\"container\">\n\t\t\t\t\t<div class=\"e-con-inner\">\n\t\t<div class=\"elementor-element elementor-element-iwgw-anguta-htxt e-con-full e-flex e-con e-child\" data-id=\"iwgw-anguta-htxt\" data-element_type=\"container\" data-e-type=\"container\">\n\t\t\t\t<div class=\"elementor-element elementor-element-iwgw-anguta-h1 elementor-widget elementor-widget-heading\" data-id=\"iwgw-anguta-h1\" data-element_type=\"widget\" data-e-type=\"widget\" data-widget_type=\"heading.default\">\n\t\t\t\t\t<h1 class=\"elementor-heading-title elementor-size-default\">Anguta \u2013 fa\u00f0ir hafgy\u00f0junnar og verndari hinna d\u00e1nu \u00ed go\u00f0afr\u00e6\u00f0i In\u00fa\u00edta<\/h1>\t\t\t\t<\/div>\n\t\t\t\t<div class=\"elementor-element elementor-element-iwgw-anguta-lead elementor-widget elementor-widget-text-editor\" data-id=\"iwgw-anguta-lead\" data-element_type=\"widget\" data-e-type=\"widget\" data-widget_type=\"text-editor.default\">\n\t\t\t\t\t\t\t\t\t<p>Anguta er \u00ed hef\u00f0 In\u00fa\u00edta \u00e1 mi\u00f0sv\u00e6\u00f0um nor\u00f0urskautsins talinn fa\u00f0ir hafgy\u00f0junnar <a href=\"https:\/\/iwell-guard.com\/is\/?page_id=168999\">Sednu<\/a> og verndari hinna d\u00e1nu \u00ed undirheiminum Adlivun. Pers\u00f3na hans er n\u00e1tengd <span class=\"iwg-fachbegriff\" data-tooltip=\"Munnm\u00e6lasaga um gu\u00f0i, uppruna og skipan heimsins.\" tabindex=\"0\">go\u00f0s\u00f6gninni<\/span> um Sednu en hefur eigin tr\u00faarleg hlutverk \u00ed heimi hinna d\u00e1nu, sem r\u00e9tt er a\u00f0 sko\u00f0a sj\u00e1lfst\u00e6tt fr\u00e1 tr\u00faarfr\u00e6\u00f0ilegu sj\u00f3narhorni.<\/p>\t\t\t\t\t\t\t\t<\/div>\n\t\t\t\t<\/div>\n\t\t<div class=\"elementor-element elementor-element-iwgw-anguta-pillc e-con-full e-flex e-con e-child\" data-id=\"iwgw-anguta-pillc\" data-element_type=\"container\" data-e-type=\"container\">\n\t\t\t\t<div class=\"elementor-element elementor-element-iwgw-anguta-pills elementor-widget elementor-widget-html\" data-id=\"iwgw-anguta-pills\" data-element_type=\"widget\" data-e-type=\"widget\" data-widget_type=\"html.default\">\n\t\t\t\t\t<div class=\"iwg-pill-row\"><span class=\"iwg-klasse-badge\" tabindex=\"0\" data-tooltip=\"Andar hinna d\u00e1nu \u00ed hef\u00f0 In\u00fa\u00edta.\">Andar hinna d\u00e1nu<\/span><a href=\"https:\/\/iwell-guard.com\/is\/inuit-og-nordurslodir-sedna-tornit\/\" class=\"iwg-kultur-badge\" tabindex=\"0\" data-tooltip=\"Go\u00f0afr\u00e6\u00f0i In\u00fa\u00edta.\">In\u00fa\u00edtar<\/a><span class=\"iwg-tradition-badge\" tabindex=\"0\" data-tooltip=\"Verndari hinna d\u00e1nu.\">Verndari hinna d\u00e1nu<\/span><\/div>\t\t\t\t<\/div>\n\t\t\t\t<\/div>\n\t\t<div class=\"elementor-element elementor-element-iwgw-anguta-tocc e-con-full e-flex e-con e-child\" data-id=\"iwgw-anguta-tocc\" data-element_type=\"container\" data-e-type=\"container\">\n\t\t\t\t<div class=\"elementor-element elementor-element-iwgw-anguta-toc elementor-toc--minimized-on-tablet elementor-widget elementor-widget-table-of-contents\" data-id=\"iwgw-anguta-toc\" data-element_type=\"widget\" data-e-type=\"widget\" data-settings=\"{&quot;headings_by_tags&quot;:[&quot;h2&quot;,&quot;h3&quot;],&quot;minimize_box&quot;:&quot;yes&quot;,&quot;marker_view&quot;:&quot;bullets&quot;,&quot;no_headings_message&quot;:&quot;Engar undirfyrirsagnir fundust \\u00e1 \\u00feessari s\\u00ed\\u00f0u.&quot;,&quot;exclude_headings_by_selector&quot;:[],&quot;icon&quot;:{&quot;value&quot;:&quot;fas fa-circle&quot;,&quot;library&quot;:&quot;fa-solid&quot;,&quot;rendered_tag&quot;:&quot;&lt;svg class=\\&quot;e-font-icon-svg e-fas-circle\\&quot; viewBox=\\&quot;0 0 512 512\\&quot; xmlns=\\&quot;http:\\\/\\\/www.w3.org\\\/2000\\\/svg\\&quot;&gt;&lt;path d=\\&quot;M256 8C119 8 8 119 8 256s111 248 248 248 248-111 248-248S393 8 256 8z\\&quot;&gt;&lt;\\\/path&gt;&lt;\\\/svg&gt;&quot;},&quot;minimized_on&quot;:&quot;tablet&quot;,&quot;hierarchical_view&quot;:&quot;yes&quot;,&quot;min_height&quot;:{&quot;unit&quot;:&quot;px&quot;,&quot;size&quot;:&quot;&quot;,&quot;sizes&quot;:[]},&quot;min_height_tablet&quot;:{&quot;unit&quot;:&quot;px&quot;,&quot;size&quot;:&quot;&quot;,&quot;sizes&quot;:[]},&quot;min_height_mobile&quot;:{&quot;unit&quot;:&quot;px&quot;,&quot;size&quot;:&quot;&quot;,&quot;sizes&quot;:[]}}\" data-widget_type=\"table-of-contents.default\">\n\t\t\t\t\t\t\t\t\t<div class=\"elementor-toc__header\">\n\t\t\t\t\t\t<h2 class=\"elementor-toc__header-title\">\n\t\t\t\tEfnisyfirlit\t\t\t<\/h2>\n\t\t\t\t\t\t\t\t\t\t<div class=\"elementor-toc__toggle-button elementor-toc__toggle-button--expand\" role=\"button\" tabindex=\"0\" aria-controls=\"elementor-toc__iwgw-anguta-toc\" aria-expanded=\"true\" aria-label=\"Open table of contents\"><svg aria-hidden=\"true\" class=\"e-font-icon-svg e-fas-chevron-down\" viewBox=\"0 0 448 512\" xmlns=\"http:\/\/www.w3.org\/2000\/svg\"><path d=\"M207.029 381.476L12.686 187.132c-9.373-9.373-9.373-24.569 0-33.941l22.667-22.667c9.357-9.357 24.522-9.375 33.901-.04L224 284.505l154.745-154.021c9.379-9.335 24.544-9.317 33.901.04l22.667 22.667c9.373 9.373 9.373 24.569 0 33.941L240.971 381.476c-9.373 9.372-24.569 9.372-33.942 0z\"><\/path><\/svg><\/div>\n\t\t\t\t<div class=\"elementor-toc__toggle-button elementor-toc__toggle-button--collapse\" role=\"button\" tabindex=\"0\" aria-controls=\"elementor-toc__iwgw-anguta-toc\" aria-expanded=\"true\" aria-label=\"Close table of contents\"><svg aria-hidden=\"true\" class=\"e-font-icon-svg e-fas-chevron-up\" viewBox=\"0 0 448 512\" xmlns=\"http:\/\/www.w3.org\/2000\/svg\"><path d=\"M240.971 130.524l194.343 194.343c9.373 9.373 9.373 24.569 0 33.941l-22.667 22.667c-9.357 9.357-24.522 9.375-33.901.04L224 227.495 69.255 381.516c-9.379 9.335-24.544 9.317-33.901-.04l-22.667-22.667c-9.373-9.373-9.373-24.569 0-33.941L207.03 130.525c9.372-9.373 24.568-9.373 33.941-.001z\"><\/path><\/svg><\/div>\n\t\t\t\t\t<\/div>\n\t\t\t\t<div id=\"elementor-toc__iwgw-anguta-toc\" class=\"elementor-toc__body\">\n\t\t\t<div class=\"elementor-toc__spinner-container\">\n\t\t\t\t<svg class=\"elementor-toc__spinner eicon-animation-spin e-font-icon-svg e-eicon-loading\" aria-hidden=\"true\" viewBox=\"0 0 1000 1000\" xmlns=\"http:\/\/www.w3.org\/2000\/svg\"><path d=\"M500 975V858C696 858 858 696 858 500S696 142 500 142 142 304 142 500H25C25 237 238 25 500 25S975 237 975 500 763 975 500 975Z\"><\/path><\/svg>\t\t\t<\/div>\n\t\t<\/div>\n\t\t\t\t\t\t<\/div>\n\t\t\t\t<\/div>\n\t\t\t\t\t<\/div>\n\t\t\t\t<\/div>\n\t\t<div class=\"elementor-element elementor-element-iwgw-anguta-hr e-con-full e-flex e-con e-child\" data-id=\"iwgw-anguta-hr\" data-element_type=\"container\" data-e-type=\"container\">\n\t\t\t\t<div class=\"elementor-element elementor-element-iwgw-anguta-heroimg iwg-hero-image elementor-widget elementor-widget-image\" data-id=\"iwgw-anguta-heroimg\" data-element_type=\"widget\" data-e-type=\"widget\" data-widget_type=\"image.default\">\n\t\t\t\t\t\t\t\t\t\t\t\t\t\t\t<img fetchpriority=\"high\" decoding=\"async\" width=\"683\" height=\"1024\" src=\"https:\/\/iwell-guard.com\/wp-content\/uploads\/2026\/05\/geister_inuit_anguta-683x1024.webp\" class=\"attachment-large size-large wp-image-170782\" alt=\"Anguta - andar \u00far in\u00fa\u00edta-hef\u00f0inni, s\u00f6gulega myndskreytt\" srcset=\"https:\/\/iwell-guard.com\/wp-content\/uploads\/2026\/05\/geister_inuit_anguta-683x1024.webp 683w, https:\/\/iwell-guard.com\/wp-content\/uploads\/2026\/05\/geister_inuit_anguta-200x300.webp 200w, https:\/\/iwell-guard.com\/wp-content\/uploads\/2026\/05\/geister_inuit_anguta-768x1152.webp 768w, https:\/\/iwell-guard.com\/wp-content\/uploads\/2026\/05\/geister_inuit_anguta.webp 1024w\" sizes=\"(max-width: 683px) 100vw, 683px\" \/>\t\t\t\t\t\t\t\t\t\t\t\t\t\t\t<\/div>\n\t\t\t\t<\/div>\n\t\t\t\t\t<\/div>\n\t\t\t\t<\/div>\n\t\t<div class=\"elementor-element elementor-element-iwgw-anguta-s0 e-flex e-con-boxed e-con e-parent\" data-id=\"iwgw-anguta-s0\" data-element_type=\"container\" data-e-type=\"container\">\n\t\t\t\t\t<div class=\"e-con-inner\">\n\t\t\t\t<div class=\"elementor-element elementor-element-iwgw-anguta-s0h elementor-widget elementor-widget-heading\" data-id=\"iwgw-anguta-s0h\" data-element_type=\"widget\" data-e-type=\"widget\" data-widget_type=\"heading.default\">\n\t\t\t\t\t<h2 class=\"elementor-heading-title elementor-size-default\">Greining og skammrit<\/h2>\t\t\t\t<\/div>\n\t\t<div class=\"elementor-element elementor-element-iwgw-anguta-s0c e-con-full e-flex e-con e-child\" data-id=\"iwgw-anguta-s0c\" data-element_type=\"container\" data-e-type=\"container\">\n\t\t\t\t<div class=\"elementor-element elementor-element-iwgw-anguta-s0t elementor-widget elementor-widget-text-editor\" data-id=\"iwgw-anguta-s0t\" data-element_type=\"widget\" data-e-type=\"widget\" data-widget_type=\"text-editor.default\">\n\t\t\t\t\t\t\t\t\t<p>Anguta er karlkyns hli\u00f0st\u00e6\u00f0a Sednu. Nafn hans \u00fe\u00fd\u00f0ir b\u00f3kstaflega \u00e1 in\u00faktit\u00fat fa\u00f0irinn e\u00f0a fa\u00f0ir hennar, og \u00ed heimildum er hann sjaldan me\u00f0h\u00f6ndla\u00f0ur sj\u00e1lfst\u00e6tt \u00e1n tengsla vi\u00f0 Sednu.<\/p><p>Fr\u00e1 tr\u00faarfr\u00e6\u00f0ilegu sj\u00f3narhorni er \u00feessi samtvinnun d\u00e6miger\u00f0: Anguta kemur fram sem vi\u00f0b\u00f3tar\u00fe\u00e1ttur sem l\u00fdkur harmleiknum um limlestingu Sednu og lei\u00f0ir hann inn \u00ed heim hinna d\u00e1nu. \u00deessi hlutverkalega binding vi\u00f0 Sednu er f\u00f6st \u00ed m\u00e1li og fr\u00e1s\u00f6gn.<\/p><p>\u00c1 me\u00f0an Sedna stj\u00f3rnar d\u00fdrum hafsins er Anguta, samkv\u00e6mt skr\u00e1ningum Franz Boas og Knud Rasmussen, \u00e1byrgur fyrir hinum d\u00e1nu.<\/p><p>Hann tekur \u00e1 m\u00f3ti hinum framli\u00f0nu \u00ed Adlivun, k\u00f6ldu sv\u00e6\u00f0i undir hafinu, og \u00e1kve\u00f0ur hverjir \u00feeirra f\u00e1 a\u00f0 st\u00edga \u00e1fram upp \u00ed land dagsgle\u00f0innar og hverjir ver\u00f0a a\u00f0 vera ni\u00f0ri. \u00deetta hlutverk sem stj\u00f3rnandi umskipta gerir hann a\u00f0 s\u00e9rst\u00e6\u00f0ri d\u00f3maraf\u00edg\u00faru hinna d\u00e1nu \u00ed tr\u00faars\u00f6gulegu samhengi.<\/p><p>Pers\u00f3nan er misjafnlega m\u00f3tu\u00f0 eftir sv\u00e6\u00f0um. \u00cd sumum heimildum er Anguta n\u00e1nast samsama\u00f0ur tunglinu <a href=\"https:\/\/iwell-guard.com\/is\/?page_id=169006\">Igaluk<\/a>, \u00ed \u00f6\u00f0rum er hann greinilega a\u00f0greindur. \u00deessi breytileiki er til vitnis um \u00f3reglubundna <span class=\"iwg-fachbegriff\" data-tooltip=\"Fr\u00e6\u00f0ileg kenning um gu\u00f0 og tr\u00fa \u00ed tr\u00faarbr\u00f6g\u00f0um.\" tabindex=\"0\">gu\u00f0fr\u00e6\u00f0i<\/span> \u00ed hef\u00f0 In\u00fa\u00edta og ver\u00f0ur ekki leyst upp fr\u00e6\u00f0ilega, heldur sko\u00f0ast sem s\u00e9rkenni hinnar \u00f3dogmat\u00edsku tr\u00faari\u00f0kunar. Umbur\u00f0arlyndi gagnvart \u00f3samr\u00e6mi er hluti af tr\u00faarlegum st\u00edl.<\/p><p>Anguta, sem sem fa\u00f0ir Sednu og verndari hinna d\u00e1nu er oftast a\u00f0eins var\u00f0veittur \u00ed tengslum vi\u00f0 hafgy\u00f0juna, er \u00ed n\u00fdrri ranns\u00f3knum einnig sko\u00f0a\u00f0ur me\u00f0 v\u00ed\u00f0t\u00e6kari a\u00f0fer\u00f0um sem sameina \u00fej\u00f3\u00f0fr\u00e6\u00f0ilega n\u00e1kv\u00e6mni, m\u00e1lfr\u00e6\u00f0ilega heimildagagnr\u00fdni og samanbur\u00f0arlega \u00fattekt.<\/p><p>Fr\u00e6\u00f0imenn \u00far samf\u00e9lagi In\u00fa\u00edta sj\u00e1lfra taka n\u00fa \u00fe\u00e1tt \u00ed \u00feessum ranns\u00f3knum og endursko\u00f0a eldri, a\u00f0 hluta til n\u00fdlendum\u00f3ta\u00f0ar t\u00falkanir fr\u00e1 vestr\u00e6num h\u00f6fundum.<\/p>\t\t\t\t\t\t\t\t<\/div>\n\t\t\t\t<\/div>\n\t\t\t\t\t<\/div>\n\t\t\t\t<\/div>\n\t\t<div class=\"elementor-element elementor-element-iwgw-anguta-s1 e-flex e-con-boxed e-con e-parent\" data-id=\"iwgw-anguta-s1\" data-element_type=\"container\" data-e-type=\"container\">\n\t\t\t\t\t<div class=\"e-con-inner\">\n\t\t\t\t<div class=\"elementor-element elementor-element-iwgw-anguta-s1h elementor-widget elementor-widget-heading\" data-id=\"iwgw-anguta-s1h\" data-element_type=\"widget\" data-e-type=\"widget\" data-widget_type=\"heading.default\">\n\t\t\t\t\t<h2 class=\"elementor-heading-title elementor-size-default\">Nafn og or\u00f0sifjar<\/h2>\t\t\t\t<\/div>\n\t\t<div class=\"elementor-element elementor-element-iwgw-anguta-s1c e-con-full e-flex e-con e-child\" data-id=\"iwgw-anguta-s1c\" data-element_type=\"container\" data-e-type=\"container\">\n\t\t\t\t<div class=\"elementor-element elementor-element-iwgw-anguta-s1t elementor-widget elementor-widget-text-editor\" data-id=\"iwgw-anguta-s1t\" data-element_type=\"widget\" data-e-type=\"widget\" data-widget_type=\"text-editor.default\">\n\t\t\t\t\t\t\t\t\t<p>Nafni\u00f0 Anguta er styttri myndun \u00far <em>angun<\/em> e\u00f0a <em>ataata<\/em>, or\u00f0unum fyrir fa\u00f0ir e\u00f0a karlkyns foreldri. Anguta \u00fe\u00fd\u00f0ir \u00feannig b\u00f3kstaflega fa\u00f0ir hennar me\u00f0 tilv\u00edsun til Sednu, en er ekki eiginnafn \u00ed merkingunni fa\u00f0ir.<\/p><p>M\u00e1li\u00f0 heldur nafninu \u00ed sambandsformi, sem er athyglisvert fr\u00e1 fr\u00e6\u00f0ilegu sj\u00f3narmi\u00f0i, \u00fev\u00ed Anguta er tungum\u00e1lalega alltaf bundinn f\u00f6\u00f0urhlutverki s\u00ednu.<\/p><p>\u00d6nnur n\u00f6fn sem heimildir var\u00f0veita fyrir pers\u00f3nuna eru <em>Ataagujuk<\/em> e\u00f0a <em>Atak<\/em>. \u00c1 Vestur-Gr\u00e6nlandi kemur a\u00f0 hluta fram myndin <em>Anguta<\/em>, \u00ed Iglulik <em>Tutik<\/em> fyrir svipa\u00f0 hlutverk.<\/p><p>Sv\u00e6\u00f0isbundinn fj\u00f6lbreytileiki er talsver\u00f0ur og kallar \u00e1 vark\u00e1rni gagnvart hverri einsleitri framsetningu. Fr\u00e6\u00f0ilegt verkefni felst \u00ed \u00fev\u00ed a\u00f0 gera breytileikann s\u00fdnilegan \u00e1n \u00feess a\u00f0 \u00fer\u00f6ngva honum \u00ed tilb\u00fana einingu.<\/p><p>\u00deetta styttra m\u00e1lform samr\u00e6mist <span class=\"iwg-fachbegriff\" data-tooltip=\"Fr\u00e6\u00f0ileg kenning um gu\u00f0 og tr\u00fa \u00ed tr\u00faarbr\u00f6g\u00f0um.\" tabindex=\"0\">gu\u00f0fr\u00e6\u00f0i<\/span> sem hugsar pers\u00f3nur sem hn\u00fata \u00ed tengslanetum \u00ed sta\u00f0 sj\u00e1lfst\u00e6\u00f0ra einstaklinga. Anguta er alltaf fa\u00f0ir Sednu, aldrei Anguta sj\u00e1lfur eing\u00f6ngu.<\/p><p>\u00deessi tengslahyggja er lykillinn a\u00f0 skilningi \u00e1 go\u00f0heimi In\u00fa\u00edta og a\u00f0greinir hann greinilega fr\u00e1 sj\u00e1lfst\u00e6\u00f0um pers\u00f3nuhugt\u00f6kum ind\u00f3evr\u00f3pskra go\u00f0heima, \u00fear sem eiginn\u00f6fn skapa sj\u00e1lfst\u00e6\u00f0a sj\u00e1lfsmynd.<\/p><p>\u00d6nnur lei\u00f0 opnast me\u00f0 tr\u00faarf\u00e9lagsfr\u00e6\u00f0ilegri spurningu um samf\u00e9lagslegt hlutverk Angutu. Sem stj\u00f3rnandi umskiptanna inn \u00ed heim hinna d\u00e1nu, Adlivun, s\u00fdnir hann sk\u00fdrt a\u00f0 tr\u00faarleg regla In\u00fa\u00edta var \u00fe\u00e9ttofin inn \u00ed samf\u00e9lagslega framkv\u00e6md og st\u00f3\u00f0 \u00e1 engan h\u00e1tt a\u00f0skilin fr\u00e1 henni.<\/p><p>\u00deessi samtvinnun er sj\u00e1lfst\u00e6tt ranns\u00f3knarsvi\u00f0 innan tr\u00faarlegrar mannfr\u00e6\u00f0i sem s\u00e9rstaklega Fr\u00e9d\u00e9ric Laugrand og Jarich Oosten hafa unni\u00f0 kerfisbundi\u00f0 \u00far.<\/p>\t\t\t\t\t\t\t\t<\/div>\n\t\t\t\t<\/div>\n\t\t\t\t\t<\/div>\n\t\t\t\t<\/div>\n\t\t<div class=\"elementor-element elementor-element-iwgw-anguta-s2 e-flex e-con-boxed e-con e-parent\" data-id=\"iwgw-anguta-s2\" data-element_type=\"container\" data-e-type=\"container\">\n\t\t\t\t\t<div class=\"e-con-inner\">\n\t\t\t\t<div class=\"elementor-element elementor-element-iwgw-anguta-s2h elementor-widget elementor-widget-heading\" data-id=\"iwgw-anguta-s2h\" data-element_type=\"widget\" data-e-type=\"widget\" data-widget_type=\"heading.default\">\n\t\t\t\t\t<h2 class=\"elementor-heading-title elementor-size-default\">L\u00fdsing og myndm\u00e1l<\/h2>\t\t\t\t<\/div>\n\t\t<div class=\"elementor-element elementor-element-iwgw-anguta-s2c e-con-full e-flex e-con e-child\" data-id=\"iwgw-anguta-s2c\" data-element_type=\"container\" data-e-type=\"container\">\n\t\t\t\t<div class=\"elementor-element elementor-element-iwgw-anguta-s2t elementor-widget elementor-widget-text-editor\" data-id=\"iwgw-anguta-s2t\" data-element_type=\"widget\" data-e-type=\"widget\" data-widget_type=\"text-editor.default\">\n\t\t\t\t\t\t\t\t\t<p>Anguta er \u00ed var\u00f0veittum s\u00f6gnum l\u00fdst sem \u00f6ldru\u00f0um, einhentum manni. Limlesting hans er spegilmynd limlestingarinnar sem hann sj\u00e1lfur olli Sednu: Hann hefur einnig misst handlegg, sem styrkir uppruna-e\u00f0li fr\u00e1sagnarins.<\/p><p>\u00cd sumum \u00fatg\u00e1fum missti hann handlegginn \u00feegar Sedna hegndi honum, dr\u00f3 hann eftir verkna\u00f0inn \u00ed b\u00e1tinn og leiddi hann einnig til limlestingar.<\/p><p>Sj\u00f3nr\u00e6nar myndir eru sjaldg\u00e6far og koma n\u00e6r undantekningarlaust \u00far samt\u00edmalist In\u00fa\u00edta fr\u00e1 1960 og s\u00ed\u00f0ar. Kenojuak Ashevak og a\u00f0rir listamenn fr\u00e1 Cape Dorset hafa \u00f6\u00f0ru hvoru s\u00fdnt Anguta, oftast \u00ed millir\u00fdmi milli manns og <span class=\"iwg-fachbegriff\" data-tooltip=\"L\u00edkamslaus vera sem talin er hafa \u00e1hrif \u00ed heiminum.\" tabindex=\"0\">anda<\/span>. \u00deessi t\u00e1knfr\u00e6\u00f0ilega h\u00f3fsemi samr\u00e6mist tr\u00faarfyrirb\u00e6rafr\u00e6\u00f0ilegri athugun \u00feess a\u00f0 Anguta var minna mi\u00f0l\u00e6gur \u00ed tr\u00faari\u00f0kun en \u00ed fr\u00e1sagnarheimildum.<\/p><p>T\u00e1knr\u00e6nt er Anguta tengdur b\u00e1ti, \u00e1ri og handahreyfingu h\u00f6ggs. \u00deessi t\u00e1knm\u00e1l v\u00edsar til kjarnago\u00f0sagnarins og hlutverks hans sem \u00feess sem myndar skilin milli \u00feessa heims og hins, milli b\u00e1ts og hafsbotns. Fr\u00e1 tr\u00faarfyrirb\u00e6rafr\u00e6\u00f0ilegu sj\u00f3narhorni er \u00feessi millili\u00f0asta\u00f0a milli heima d\u00e6migert einkenni d\u00f3maraf\u00edg\u00fara hinna d\u00e1nu \u00ed m\u00f6rgum tr\u00faarbr\u00f6g\u00f0um um heim allan.<\/p><p>\u00cd samanbur\u00f0i fellur Anguta inn \u00ed hringskautslega tr\u00faarlega landfr\u00e6\u00f0i, \u00fear sem grunneinkennin hafa var\u00f0veist \u00ed fur\u00f0u einsleitri ger\u00f0 yfir \u00fe\u00fasundir k\u00edl\u00f3metra. \u00deessi v\u00ed\u00f0t\u00e6ka st\u00f6\u00f0ugleiki telst me\u00f0al \u00e1berandi ni\u00f0ursta\u00f0na tr\u00faarfyrirb\u00e6rafr\u00e6\u00f0innar og er enn \u00ed dag efni \u00e1framhaldandi umr\u00e6\u00f0u \u00ed ranns\u00f3knum.<\/p>\t\t\t\t\t\t\t\t<\/div>\n\t\t\t\t<\/div>\n\t\t\t\t\t<\/div>\n\t\t\t\t<\/div>\n\t\t<div class=\"elementor-element elementor-element-iwgw-anguta-s3 e-flex e-con-boxed e-con e-parent\" data-id=\"iwgw-anguta-s3\" data-element_type=\"container\" data-e-type=\"container\">\n\t\t\t\t\t<div class=\"e-con-inner\">\n\t\t\t\t<div class=\"elementor-element elementor-element-iwgw-anguta-s3h elementor-widget elementor-widget-heading\" data-id=\"iwgw-anguta-s3h\" data-element_type=\"widget\" data-e-type=\"widget\" data-widget_type=\"heading.default\">\n\t\t\t\t\t<h2 class=\"elementor-heading-title elementor-size-default\">Go\u00f0s\u00f6gnin um f\u00f6\u00f0urmor\u00f0i\u00f0 og tilbrig\u00f0i hennar<\/h2>\t\t\t\t<\/div>\n\t\t<div class=\"elementor-element elementor-element-iwgw-anguta-s3c e-con-full e-flex e-con e-child\" data-id=\"iwgw-anguta-s3c\" data-element_type=\"container\" data-e-type=\"container\">\n\t\t\t\t<div class=\"elementor-element elementor-element-iwgw-anguta-s3t elementor-widget elementor-widget-text-editor\" data-id=\"iwgw-anguta-s3t\" data-element_type=\"widget\" data-e-type=\"widget\" data-widget_type=\"text-editor.default\">\n\t\t\t\t\t\t\t\t\t<p>\u00cd kjarnaminni Sedna-sagnarins er Anguta fa\u00f0irinn sem hendir d\u00f3ttur sinni \u00ed hafi\u00f0 og h\u00f6ggur af henni fingurk\u00f6gglana. \u00deessi gj\u00f6r\u00f0 er sett fram \u00ed heimildunum sem nau\u00f0syn, \u00e1n si\u00f0fer\u00f0islegrar sakfellingar: \u00c1n gj\u00f6r\u00f0ar Angutu myndi b\u00e1turinn s\u00f6kkva me\u00f0 \u00f6llum sem \u00ed honum voru.<\/p><p>Sundurskur\u00f0ur Sednu er sameiginleg bj\u00f6rgun l\u00edfs \u00e1 kostna\u00f0 einstaklingslegrar \u00fej\u00e1ningar. \u00deessi t\u00falkun a\u00f0greinir s\u00f6gnina fr\u00e1 hreinum f\u00f3rnarmi\u00f0u\u00f0um go\u00f0s\u00f6gnum annarra tr\u00faarbrag\u00f0a.<\/p><p>\u00cd sumum \u00fatg\u00e1fum dregur Sedna f\u00f6\u00f0ur sinn s\u00ed\u00f0an ni\u00f0ur til s\u00edn \u00ed hafi\u00f0. Anguta ver\u00f0ur \u00fe\u00e1 \u00edb\u00fai undirheimanna og umsj\u00f3narma\u00f0ur hinna d\u00e1nu.<\/p><p>\u00deessi atbur\u00f0ar\u00e1s, sekt og umskipti \u00ed r\u00edki hinna dau\u00f0u, er sj\u00e1lfst\u00e6tt v\u00edsindalegt mynstur sem Mircea Eliade l\u00fdsti sem d\u00e6miger\u00f0ri arkt\u00edskri landfr\u00e6\u00f0i sektarbreytingar og sem hefur haft v\u00ed\u00f0t\u00e6k \u00e1hrif \u00ed samanbur\u00f0argo\u00f0afr\u00e6\u00f0i.<\/p><p>Daniel Merkur t\u00falkar mynstri\u00f0 samt\u00edmis ge\u00f0greiningarlega og s\u00f6guslega: Anguta s\u00e9 hinn tv\u00edr\u00e6\u00f0i fa\u00f0ir sem me\u00f0 sektargj\u00f6r\u00f0 sinni fyrst opnar m\u00f6guleikann \u00e1 a\u00f0 heimur au\u00f0lindanna ver\u00f0i til. \u00deessi t\u00falkun er umdeild en heurist\u00edskt gagnleg og hefur skapa\u00f0 eigin umr\u00e6\u00f0uhef\u00f0 innan tr\u00faars\u00e1larfr\u00e6\u00f0ilegra ranns\u00f3kna, sem tengir go\u00f0sagnirnar vi\u00f0 n\u00fat\u00edmahugmyndir um tv\u00edr\u00e6\u00f0ar foreldrapers\u00f3nur.<\/p>\t\t\t\t\t\t\t\t<\/div>\n\t\t\t\t<\/div>\n\t\t\t\t\t<\/div>\n\t\t\t\t<\/div>\n\t\t<div class=\"elementor-element elementor-element-iwgw-anguta-s4 e-flex e-con-boxed e-con e-parent\" data-id=\"iwgw-anguta-s4\" data-element_type=\"container\" data-e-type=\"container\">\n\t\t\t\t\t<div class=\"e-con-inner\">\n\t\t\t\t<div class=\"elementor-element elementor-element-iwgw-anguta-s4h elementor-widget elementor-widget-heading\" data-id=\"iwgw-anguta-s4h\" data-element_type=\"widget\" data-e-type=\"widget\" data-widget_type=\"heading.default\">\n\t\t\t\t\t<h2 class=\"elementor-heading-title elementor-size-default\">Adlivun, undirheimarnir undir hafinu<\/h2>\t\t\t\t<\/div>\n\t\t<div class=\"elementor-element elementor-element-iwgw-anguta-s4c e-con-full e-flex e-con e-child\" data-id=\"iwgw-anguta-s4c\" data-element_type=\"container\" data-e-type=\"container\">\n\t\t\t\t<div class=\"elementor-element elementor-element-iwgw-anguta-s4t elementor-widget elementor-widget-text-editor\" data-id=\"iwgw-anguta-s4t\" data-element_type=\"widget\" data-e-type=\"widget\" data-widget_type=\"text-editor.default\">\n\t\t\t\t\t\t\t\t\t<p>Adlivun \u00fe\u00fd\u00f0ir b\u00f3kstaflega undir okkur. \u00cd Iglulik-<span class=\"iwg-fachbegriff\" data-tooltip=\"Hin v\u00edsindalega fr\u00e6\u00f0igrein um Gu\u00f0 og tr\u00fa innan tr\u00faarbrag\u00f0a.\" tabindex=\"0\">gu\u00f0fr\u00e6\u00f0i<\/span> er Adlivun kalda sv\u00e6\u00f0i\u00f0 undir hafinu \u00fear sem hinir d\u00e1nu hafa fyrsta vi\u00f0komusta\u00f0 sinn. Anguta tekur \u00e1 m\u00f3ti \u00feeim \u00fear og \u00e1kve\u00f0ur hver \u00feeirra f\u00e6r, eftir \u00e1kve\u00f0i\u00f0 hreinsunart\u00edmabil, a\u00f0 st\u00edga upp \u00ed Quivitoq, hi\u00f0 efra r\u00edki hinna dau\u00f0u, og hver ver\u00f0ur \u00e1fram fyrir ne\u00f0an.<\/p><p>V\u00edsindalega s\u00e9\u00f0 er Adlivun ekki si\u00f0fer\u00f0islegur d\u00f3mssta\u00f0ur \u00ed kristnum skilningi. Hreinsunin er frekar umbreytingarath\u00f6fn, samb\u00e6rileg s\u00f3ttkv\u00ed, \u00fear sem einstaklingurinn losar sig vi\u00f0 mannlegar leifar s\u00ednar \u00e1\u00f0ur en hann tekur \u00e1 sig anna\u00f0 tilverustig.<\/p><p>S\u00e1 sem braut s\u00e9rstaklega m\u00f6rg tab\u00fa \u00ed l\u00edfinu dvelst lengur \u00ed Adlivun, sums sta\u00f0ar til eil\u00edf\u00f0ar. \u00deessi si\u00f0fr\u00e6\u00f0ilausa hugmyndafr\u00e6\u00f0i a\u00f0greinir hana greinilega fr\u00e1 kristnum e\u00f0a b\u00fadd\u00edskum d\u00f3msst\u00f6\u00f0um hinna dau\u00f0u.<\/p><p>N\u00e1kv\u00e6m landfr\u00e6\u00f0i og \u00edb\u00faafj\u00f6ldi Adlivuns er mismunandi eftir sv\u00e6\u00f0um. \u00cd Iglulik er Adlivun l\u00fdst sem bygg\u00f0 hinum d\u00e1nu, \u00ed Netsilik frekar sem kaldur umskiptasta\u00f0ur, \u00e1 vestur-Gr\u00e6nlandi a\u00f0 hluta sem s\u00e9rst\u00f6k \u00edb\u00faav\u00eddd. Anguta er samfellt lykilpers\u00f3nan. Tr\u00faarfyrirb\u00e6rafr\u00e6\u00f0ilega er sv\u00e6\u00f0isbundinn breytileiki \u00ed landfr\u00e6\u00f0i framl\u00edfsins d\u00e6miger\u00f0ur fyrir munnlega var\u00f0veitt tr\u00faarbr\u00f6g\u00f0 \u00e1n b\u00f3kfestrar <span class=\"iwg-fachbegriff\" data-tooltip=\"Hin v\u00edsindalega fr\u00e6\u00f0igrein um Gu\u00f0 og tr\u00fa innan tr\u00faarbrag\u00f0a.\" tabindex=\"0\">gu\u00f0fr\u00e6\u00f0i<\/span>.<\/p>\t\t\t\t\t\t\t\t<\/div>\n\t\t\t\t<\/div>\n\t\t\t\t\t<\/div>\n\t\t\t\t<\/div>\n\t\t<div class=\"elementor-element elementor-element-iwgw-anguta-s5 e-flex e-con-boxed e-con e-parent\" data-id=\"iwgw-anguta-s5\" data-element_type=\"container\" data-e-type=\"container\">\n\t\t\t\t\t<div class=\"e-con-inner\">\n\t\t\t\t<div class=\"elementor-element elementor-element-iwgw-anguta-s5h elementor-widget elementor-widget-heading\" data-id=\"iwgw-anguta-s5h\" data-element_type=\"widget\" data-e-type=\"widget\" data-widget_type=\"heading.default\">\n\t\t\t\t\t<h2 class=\"elementor-heading-title elementor-size-default\">Anguta og m\u00e1ninn Igaluk<\/h2>\t\t\t\t<\/div>\n\t\t<div class=\"elementor-element elementor-element-iwgw-anguta-s5c e-con-full e-flex e-con e-child\" data-id=\"iwgw-anguta-s5c\" data-element_type=\"container\" data-e-type=\"container\">\n\t\t\t\t<div class=\"elementor-element elementor-element-iwgw-anguta-s5t elementor-widget elementor-widget-text-editor\" data-id=\"iwgw-anguta-s5t\" data-element_type=\"widget\" data-e-type=\"widget\" data-widget_type=\"text-editor.default\">\n\t\t\t\t\t\t\t\t\t<p>\u00cd sumum sv\u00e6\u00f0isbundnum hef\u00f0um sameinast Anguta m\u00e1nanum <a href=\"https:\/\/iwell-guard.com\/is\/?page_id=169006\">Igaluk<\/a>, sem er einnig tv\u00edr\u00e6\u00f0, oft \u00e1r\u00e1sargj\u00f6rn karlpers\u00f3na. \u00deessi samruni fylgir engu kerfi, hann er breytilegur eftir heimild og sv\u00e6\u00f0i.<\/p><p>Knud Rasmussen benti \u00e1 a\u00f0 skilin milli einstakra karlkyns gu\u00f0a \u00ed In\u00fa\u00edta-hef\u00f0inni eru oft \u00f3lj\u00f3s. \u00deessi \u00f3lj\u00f3sleiki er sj\u00e1lfst\u00e6tt einkenni tr\u00faarfyrirb\u00e6rafr\u00e6\u00f0ilega \u00e1 gu\u00f0aheimi In\u00fa\u00edta.<\/p><p>V\u00edsindalega vaknar s\u00fa spurning hvort In\u00fa\u00edta-hef\u00f0in \u00feekki yfirleitt greinilega afmarka\u00f0a gu\u00f0i e\u00f0a frekar hlutverkab\u00fant sem er pers\u00f3nugert \u00e1 mismunandi vegu eftir tilefni. Fr\u00e9d\u00e9ric Laugrand og Jarich Oosten hallast a\u00f0 s\u00ed\u00f0ari t\u00falkuninni, sem \u00fatsk\u00fdrir breytileikann og undirstrikar \u00fe\u00e1 a\u00f0fer\u00f0afr\u00e6\u00f0ilegu \u00e1skorun sem fylgir v\u00edsindalegri l\u00fdsingu.<\/p><p>\u00cd framkv\u00e6md \u00fe\u00fdddi \u00feetta a\u00f0 <span class=\"iwg-fachbegriff\" data-tooltip=\"Tr\u00faarlegur s\u00e9rfr\u00e6\u00f0ingur sem talinn er mi\u00f0la milli manna og andaheims.\" tabindex=\"0\">sjamani<\/span> gat, eftir tilefni, \u00e1kalla\u00f0 Angutu \u00ed hlutverki hans sem v\u00f6r\u00f0 hinna d\u00e1nu e\u00f0a Igaluk \u00ed hlutverki hans sem m\u00e1na, \u00e1n \u00feess a\u00f0 vi\u00f0takendurnir v\u00e6ru skildir sem algj\u00f6rlega a\u00f0skildir.<\/p><p>Hlutverki\u00f0 \u00e1kvar\u00f0ar nafni\u00f0, ekki \u00f6fugt. \u00deessi hagn\u00fdta <span class=\"iwg-fachbegriff\" data-tooltip=\"Hin v\u00edsindalega fr\u00e6\u00f0igrein um Gu\u00f0 og tr\u00fa innan tr\u00faarbrag\u00f0a.\" tabindex=\"0\">gu\u00f0fr\u00e6\u00f0i<\/span> er sj\u00e1lfst\u00e6tt fyrirb\u00e6rafr\u00e6\u00f0ilegt m\u00f3del og \u00f6grar vestr\u00e6nni gu\u00f0ahugmynd me\u00f0 sk\u00fdrum sj\u00e1lfsmyndum.<\/p>\t\t\t\t\t\t\t\t<\/div>\n\t\t\t\t<\/div>\n\t\t\t\t\t<\/div>\n\t\t\t\t<\/div>\n\t\t<div class=\"elementor-element elementor-element-iwgw-anguta-s6 e-flex e-con-boxed e-con e-parent\" data-id=\"iwgw-anguta-s6\" data-element_type=\"container\" data-e-type=\"container\">\n\t\t\t\t\t<div class=\"e-con-inner\">\n\t\t\t\t<div class=\"elementor-element elementor-element-iwgw-anguta-s6h elementor-widget elementor-widget-heading\" data-id=\"iwgw-anguta-s6h\" data-element_type=\"widget\" data-e-type=\"widget\" data-widget_type=\"heading.default\">\n\t\t\t\t\t<h2 class=\"elementor-heading-title elementor-size-default\">Sjaman\u00edsk i\u00f0kun \u00e1 ja\u00f0ri hinna dau\u00f0u<\/h2>\t\t\t\t<\/div>\n\t\t<div class=\"elementor-element elementor-element-iwgw-anguta-s6c e-con-full e-flex e-con e-child\" data-id=\"iwgw-anguta-s6c\" data-element_type=\"container\" data-e-type=\"container\">\n\t\t\t\t<div class=\"elementor-element elementor-element-iwgw-anguta-s6t elementor-widget elementor-widget-text-editor\" data-id=\"iwgw-anguta-s6t\" data-element_type=\"widget\" data-e-type=\"widget\" data-widget_type=\"text-editor.default\">\n\t\t\t\t\t\t\t\t\t<p>Sjamanar sem \u00e1tti a\u00f0 fylgja hinum d\u00e1nu e\u00f0a yfirheyra hina l\u00e1tnu fer\u00f0u\u00f0ust, samkv\u00e6mt hugmyndum In\u00fa\u00edta, til Adlivun og stigu \u00fear fram fyrir Angutu. Fer\u00f0in var h\u00e6ttulegri og sjaldg\u00e6fari en fer\u00f0in til <a href=\"https:\/\/iwell-guard.com\/is\/?page_id=168999\">Sedna<\/a>, \u00fev\u00ed Anguta \u00fe\u00f3tti l\u00edtt m\u00f3tt\u00e6kilegur fyrir samningum. S\u00e1 sem s\u00e1 hann og kom ekki n\u00f3gu vir\u00f0ingarfullur fram gat sj\u00e1lfur or\u00f0i\u00f0 eftir \u00ed heimi hinna dau\u00f0u.<\/p><p>Daniel Merkur l\u00fdsir Iglulik-fr\u00e1s\u00f6gn \u00fear sem angakkuq fer\u00f0ast til Adlivun til a\u00f0 n\u00e1 s\u00e1l n\u00fdl\u00e1tins manns aftur fyrir a\u00f0standendur, e\u00f0a a\u00f0 minnsta kosti f\u00e1 uppl\u00fdsingar um l\u00ed\u00f0an hennar.<\/p><p>Fer\u00f0in fer um d\u00f6kk, k\u00f6ld sv\u00e6\u00f0i \u00fear sem hinir d\u00e1nu ganga um \u00ed m\u00f3\u00f0u, \u00fear til <span class=\"iwg-fachbegriff\" data-tooltip=\"Tr\u00faarlegur s\u00e9rfr\u00e6\u00f0ingur sem talinn er mi\u00f0la milli manna og andaheims.\" tabindex=\"0\">sjamaninn<\/span> st\u00edgur a\u00f0 lokum fram fyrir Angutu. \u00deessar fr\u00e1sagnir eru v\u00edsindalega mikilv\u00e6gar \u00fev\u00ed \u00fe\u00e6r skr\u00e1setja hina \u00e1\u00fereifanlegu upplifunarbyggingu sjaman\u00edskrar transa\u00f0st\u00f6\u00f0u.<\/p><p><span class=\"iwg-fachbegriff\" data-tooltip=\"Fr\u00e1hrindandi: um t\u00e1kn og hluti sem \u00e6tla\u00f0 er a\u00f0 halda ska\u00f0legum \u00e1hrifum fr\u00e1.\" tabindex=\"0\">Fr\u00e1hrindandi<\/span> unnu In\u00fa\u00edtar me\u00f0 sorgarath\u00f6fnum sem \u00e6tla\u00f0 var a\u00f0 gera Angutu velvilja\u00f0an. R\u00e9ttm\u00e6t me\u00f0fer\u00f0 l\u00edkamans, a\u00f0 halda sorgart\u00edmabili\u00f0 og hvort nafn hins l\u00e1tna v\u00e6ri sagt e\u00f0a ekki voru tr\u00faarlegar athafnir sem voru skr\u00e1\u00f0ar \u00ed Adlivun og \u00fear me\u00f0 hj\u00e1 Angutu.<\/p><p>\u00deessar athafnir eru vel skr\u00e1\u00f0ar \u00ed tr\u00faar\u00fej\u00f3\u00f0fr\u00e6\u00f0i og undirstrika hina miklu \u00fe\u00fd\u00f0ingu sorgarathafna fyrir <span class=\"iwg-fachbegriff\" data-tooltip=\"Hin v\u00edsindalega fr\u00e6\u00f0igrein um Gu\u00f0 og tr\u00fa innan tr\u00faarbrag\u00f0a.\" tabindex=\"0\">gu\u00f0fr\u00e6\u00f0i<\/span> In\u00fa\u00edta.<\/p>\t\t\t\t\t\t\t\t<\/div>\n\t\t\t\t<\/div>\n\t\t\t\t\t<\/div>\n\t\t\t\t<\/div>\n\t\t<div class=\"elementor-element elementor-element-iwgw-anguta-s7 e-flex e-con-boxed e-con e-parent\" data-id=\"iwgw-anguta-s7\" data-element_type=\"container\" data-e-type=\"container\">\n\t\t\t\t\t<div class=\"e-con-inner\">\n\t\t\t\t<div class=\"elementor-element elementor-element-iwgw-anguta-s7h elementor-widget elementor-widget-heading\" data-id=\"iwgw-anguta-s7h\" data-element_type=\"widget\" data-e-type=\"widget\" data-widget_type=\"heading.default\">\n\t\t\t\t\t<h2 class=\"elementor-heading-title elementor-size-default\">Samanbur\u00f0ur vi\u00f0 a\u00f0rar d\u00f3mara-yfir-hinum-dau\u00f0u pers\u00f3nur<\/h2>\t\t\t\t<\/div>\n\t\t<div class=\"elementor-element elementor-element-iwgw-anguta-s7c e-con-full e-flex e-con e-child\" data-id=\"iwgw-anguta-s7c\" data-element_type=\"container\" data-e-type=\"container\">\n\t\t\t\t<div class=\"elementor-element elementor-element-iwgw-anguta-s7t elementor-widget elementor-widget-text-editor\" data-id=\"iwgw-anguta-s7t\" data-element_type=\"widget\" data-e-type=\"widget\" data-widget_type=\"text-editor.default\">\n\t\t\t\t\t\t\t\t\t<p>Fr\u00e6\u00f0ilega s\u00e9\u00f0 tilheyrir Anguta hinum v\u00ed\u00f0fe\u00f0ma flokki dau\u00f0avar\u00f0a og dau\u00f0ad\u00f3mara sem finnast \u00ed flestum tr\u00faarbr\u00f6g\u00f0um.<\/p><p>Samb\u00e6rilegir eru egypski Os\u00edris, gr\u00edski Hades, hind\u00faadj\u00f6fullinn Jama og japanski Enma-O. \u00c1 heimskautasv\u00e6\u00f0inu eru hli\u00f0st\u00e6\u00f0ur vi\u00f0 <a href=\"https:\/\/iwell-guard.com\/is\/sami-finnsk-ugrisk-hefd-noaidi-tromma\/\">sam\u00edskar<\/a> hugmyndir um <em>Jabmiidaibmu<\/em>, \u00fear sem heimur hinna dau\u00f0u undir j\u00f6r\u00f0inni er einnig varinn af ver\u00f0i.<\/p><p>S\u00e9rkenni Anguta liggur \u00ed tengslabundinni sj\u00e1lfsmynd hans. \u00c1 me\u00f0an Os\u00edris, Hades og Jama eru sj\u00e1lfst\u00e6\u00f0ir gu\u00f0ir me\u00f0 eigin go\u00f0sagnaheim, er Anguta bundinn tungum\u00e1lalega og fr\u00e1sagnarlega vi\u00f0 Sednu. \u00deessi \u00f3samhverfa er fr\u00e6\u00f0ilega \u00e1hugaver\u00f0, \u00fev\u00ed h\u00fan s\u00fdnir a\u00f0 dau\u00f0ad\u00f3mara-pers\u00f3na getur einnig komi\u00f0 fram sem tengslabundin virkni og \u00fearf ekki a\u00f0 vera hugsu\u00f0 sem sj\u00e1lfst\u00e6\u00f0.<\/p><p>Skipulagslega l\u00edkist Anguta mest hinum dau\u00f0u fe\u00f0rum \u00ed go\u00f0afr\u00e6\u00f0i Kyrrahafseyja, \u00fear sem svipu\u00f0 tengslabundin fyrirkomulag koma oftar fyrir. H\u00e9r g\u00e6ti komi\u00f0 fram lag hef\u00f0ar sem tengir Kyrrahaf og heimskautasv\u00e6\u00f0i\u00f0, en \u00fea\u00f0 er \u00e1giskun og ver\u00f0ur a\u00f0 teljast heurist\u00edsk tilg\u00e1ta \u00e1n tungum\u00e1lahistor\u00edskra gagna. Tr\u00faarbrag\u00f0as\u00f6gulegar ranns\u00f3knir eru h\u00e9r h\u00e1\u00f0ar skipulagslegum samanbur\u00f0i sem er a\u00f0fer\u00f0afr\u00e6\u00f0ilega vandasamur.<\/p>\t\t\t\t\t\t\t\t<\/div>\n\t\t\t\t<\/div>\n\t\t\t\t\t<\/div>\n\t\t\t\t<\/div>\n\t\t<div class=\"elementor-element elementor-element-iwgw-anguta-s8 e-flex e-con-boxed e-con e-parent\" data-id=\"iwgw-anguta-s8\" data-element_type=\"container\" data-e-type=\"container\">\n\t\t\t\t\t<div class=\"e-con-inner\">\n\t\t\t\t<div class=\"elementor-element elementor-element-iwgw-anguta-s8h elementor-widget elementor-widget-heading\" data-id=\"iwgw-anguta-s8h\" data-element_type=\"widget\" data-e-type=\"widget\" data-widget_type=\"heading.default\">\n\t\t\t\t\t<h2 class=\"elementor-heading-title elementor-size-default\">Ranns\u00f3knir og vi\u00f0t\u00f6kur \u00ed dag<\/h2>\t\t\t\t<\/div>\n\t\t<div class=\"elementor-element elementor-element-iwgw-anguta-s8c e-con-full e-flex e-con e-child\" data-id=\"iwgw-anguta-s8c\" data-element_type=\"container\" data-e-type=\"container\">\n\t\t\t\t<div class=\"elementor-element elementor-element-iwgw-anguta-s8t elementor-widget elementor-widget-text-editor\" data-id=\"iwgw-anguta-s8t\" data-element_type=\"widget\" data-e-type=\"widget\" data-widget_type=\"text-editor.default\">\n\t\t\t\t\t\t\t\t\t<p>Ranns\u00f3knir \u00e1 Anguta hafa vaxi\u00f0 \u00ed skugga Sednu-ranns\u00f3kna.<\/p><p>Fyrstu skr\u00e1ningar hj\u00e1 Boas, Rink og Rasmussen fjalla um hann fyrst og fremst sem hli\u00f0arpers\u00f3nu \u00ed Sednu-<span class=\"iwg-fachbegriff\" data-tooltip=\"Var\u00f0veitt fr\u00e1s\u00f6gn um gu\u00f0i, uppruna og heimsskipulag.\" tabindex=\"0\">go\u00f0s\u00f6gninni<\/span>. Sj\u00e1lfst\u00e6\u00f0ar ranns\u00f3knir \u00e1 Anguta \u00ed eigin skilningi eru ekki til, en Daniel Merkur, Fr\u00e9d\u00e9ric Laugrand og Birgitte Sonne hafa dregi\u00f0 fram mikilv\u00e6gi hans sem dau\u00f0avar\u00f0ar og gert hann s\u00fdnilegri sem sj\u00e1lfst\u00e6\u00f0a pers\u00f3nu.<\/p><p>\u00cd samt\u00edmalist og b\u00f3kmenntum in\u00fa\u00edta kemur Anguta st\u00f6ku sinnum fram, oft sem tv\u00edr\u00e6\u00f0ur fa\u00f0ir e\u00f0a v\u00f6r\u00f0ur \u00f3\u00feekktra umskipta. \u00cd vi\u00f0t\u00f6kum utan frumbyggja er hann hlutfallslega \u00f3\u00feekktur, sem endurspeglar \u00f3samhverfu \u00ed ranns\u00f3knarathygli gagnvart Sednu og markar \u00e1 sama t\u00edma ey\u00f0u \u00ed ranns\u00f3knarstarfi.<\/p><p>Fr\u00e6\u00f0ilega s\u00e9\u00f0 v\u00e6ri \u00e6skilegt a\u00f0 rannsaka Anguta n\u00e1nar, \u00fev\u00ed \u00fea\u00f0 myndi hj\u00e1lpa til vi\u00f0 a\u00f0 sk\u00fdra d\u00e1nargu\u00f0fr\u00e6\u00f0i mi\u00f0-heimskautain\u00fa\u00edta betur. Fyrstu skref \u00ed \u00fe\u00e1 \u00e1tt m\u00e1 finna \u00ed verkum Fr\u00e9d\u00e9ric Laugrand um eskat\u00f3l\u00f3g\u00edu in\u00fa\u00edta, sem rannsakar kerfisbundi\u00f0 sambandi\u00f0 milli tab\u00fabrota og tilvistar eftir dau\u00f0ann og v\u00edkkar \u00fear me\u00f0 ranns\u00f3knarst\u00f6\u00f0una verulega.<\/p>\t\t\t\t\t\t\t\t<\/div>\n\t\t\t\t<\/div>\n\t\t\t\t\t<\/div>\n\t\t\t\t<\/div>\n\t\t<div class=\"elementor-element elementor-element-iwgw-anguta-s9 e-flex e-con-boxed e-con e-parent\" data-id=\"iwgw-anguta-s9\" data-element_type=\"container\" data-e-type=\"container\">\n\t\t\t\t\t<div class=\"e-con-inner\">\n\t\t\t\t<div class=\"elementor-element elementor-element-iwgw-anguta-s9h elementor-widget elementor-widget-heading\" data-id=\"iwgw-anguta-s9h\" data-element_type=\"widget\" data-e-type=\"widget\" data-widget_type=\"heading.default\">\n\t\t\t\t\t<h2 class=\"elementor-heading-title elementor-size-default\">Krossv\u00edsanir \u00ed or\u00f0asafninu<\/h2>\t\t\t\t<\/div>\n\t\t<div class=\"elementor-element elementor-element-iwgw-anguta-s9c e-con-full e-flex e-con e-child\" data-id=\"iwgw-anguta-s9c\" data-element_type=\"container\" data-e-type=\"container\">\n\t\t\t\t<div class=\"elementor-element elementor-element-iwgw-anguta-s9t elementor-widget elementor-widget-text-editor\" data-id=\"iwgw-anguta-s9t\" data-element_type=\"widget\" data-e-type=\"widget\" data-widget_type=\"text-editor.default\">\n\t\t\t\t\t\t\t\t\t<p>Anguta tengist <a href=\"https:\/\/iwell-guard.com\/is\/?page_id=168999\">Sednu<\/a>, <a href=\"https:\/\/iwell-guard.com\/is\/?page_id=169006\">Igaluk<\/a>, <a href=\"https:\/\/iwell-guard.com\/is\/?page_id=169000\">Sila<\/a>, <a href=\"https:\/\/iwell-guard.com\/is\/?page_id=169001\">Tornarssuk<\/a>, <a href=\"https:\/\/iwell-guard.com\/is\/?page_id=169004\">Pinga<\/a>, <a href=\"https:\/\/iwell-guard.com\/is\/?page_id=169005\">Nanook<\/a>, <a href=\"https:\/\/iwell-guard.com\/is\/?page_id=169002\">Tupilak<\/a>, <a href=\"https:\/\/iwell-guard.com\/is\/?page_id=169007\">Malina<\/a> og <a href=\"https:\/\/iwell-guard.com\/is\/?page_id=169008\">Qailertetang<\/a>. Menningarmi\u00f0st\u00f6\u00f0in <a href=\"https:\/\/iwell-guard.com\/is\/inuit-og-nordurslodir-sedna-tornit\/\">in\u00fa\u00edtahef\u00f0<\/a> setur hann \u00ed samhengi tr\u00faarbrag\u00f0as\u00f6gunnar. Hli\u00f0st\u00e6\u00f0ur vi\u00f0 dau\u00f0avar\u00f0a-pers\u00f3nur finnast \u00ed <a href=\"https:\/\/iwell-guard.com\/is\/sami-finnsk-ugrisk-hefd-noaidi-tromma\/\">sam\u00edsku<\/a> lemmar\u00f6\u00f0inni, s\u00e9rstaklega hj\u00e1 <em>Jabmiidaibmu<\/em>, sem t\u00e1knar samb\u00e6rilega virkni heims hinna dau\u00f0u undir j\u00f6r\u00f0inni.<\/p>\t\t\t\t\t\t\t\t<\/div>\n\t\t\t\t<\/div>\n\t\t\t\t\t<\/div>\n\t\t\t\t<\/div>\n\t\t<div class=\"elementor-element elementor-element-cp2f4d9f2e e-flex e-con-boxed e-con e-parent\" data-id=\"cp2f4d9f2e\" data-element_type=\"container\" data-e-type=\"container\">\n\t\t\t\t\t<div class=\"e-con-inner\">\n\t\t\t\t<div class=\"elementor-element elementor-element-cp2bdf58d6 elementor-widget elementor-widget-heading\" data-id=\"cp2bdf58d6\" data-element_type=\"widget\" data-e-type=\"widget\" data-widget_type=\"heading.default\">\n\t\t\t\t\t<h2 class=\"elementor-heading-title elementor-size-default\">Heimildasta\u00f0a milli Knud Rasmussen og spurningarinnar um nafni\u00f0<\/h2>\t\t\t\t<\/div>\n\t\t<div class=\"elementor-element elementor-element-cp2fd8528a e-flex e-con-boxed e-con e-child\" data-id=\"cp2fd8528a\" data-element_type=\"container\" data-e-type=\"container\">\n\t\t\t\t\t<div class=\"e-con-inner\">\n\t\t\t\t<div class=\"elementor-element elementor-element-cp2bfe5ecd elementor-widget elementor-widget-text-editor\" data-id=\"cp2bfe5ecd\" data-element_type=\"widget\" data-e-type=\"widget\" data-widget_type=\"text-editor.default\">\n\t\t\t\t\t\t\t\t\t<p>Pers\u00f3nan sem hefur komist inn \u00ed vestr\u00e6n uppflettirit undir nafninu <em>Anguta<\/em> byggir \u00e1 f\u00e1t\u00e6klegri og erfitt eftirfarandi <span class=\"iwg-fachbegriff\" data-tooltip=\"Mi\u00f0lun \u00feekkingar og fr\u00e1sagna milli kynsl\u00f3\u00f0a.\" tabindex=\"0\">munnm\u00e6lahef\u00f0<\/span>. Nafni\u00f0 kemur fram me\u00f0 \u00e1berandi h\u00e6tti hj\u00e1 Hinrich Rink, danska emb\u00e6ttismanninum og safnara gr\u00e6nlenskra fr\u00e1sagna \u00e1 19. \u00f6ld.<\/p><p>Rink skr\u00e1\u00f0i <em>Anguta<\/em> sem f\u00f6\u00f0ur hafdrottningarinnar, sem \u00e1 Gr\u00e6nlandi er venjulega k\u00f6llu\u00f0 <em>Sedna<\/em> e\u00f0a me\u00f0 sta\u00f0bundnum n\u00f6fnum eins og <em>Sassuma Arnaa<\/em>. S\u00ed\u00f0ari h\u00f6fundar t\u00f3ku nafni\u00f0 oft upp \u00e1n gagnr\u00fdni og bygg\u00f0u \u00far \u00fev\u00ed sj\u00e1lfst\u00e6\u00f0a undirheimapers\u00f3nu.<\/p><p>Tungum\u00e1lalega er <em>anguti<\/em> e\u00f0a <em>angut<\/em> \u00e1 gr\u00e6nlensku einfaldlega or\u00f0i\u00f0 fyrir mann, og <em>anguta<\/em> m\u00e1 skilja sem eignarfallsmynd, \u201ehennar ma\u00f0ur&#8220; e\u00f0a \u201efa\u00f0ir hennar&#8220;. Nokkrir s\u00e9rfr\u00e6\u00f0ingar \u00ed in\u00fa\u00edtam\u00e1lum hafa \u00fev\u00ed l\u00e1ti\u00f0 \u00ed lj\u00f3s \u00fe\u00e1 tilg\u00e1tu a\u00f0 Rink hafi h\u00e9r m\u00f6gulega skr\u00e1\u00f0 almennt or\u00f0 sem eiginnafn.<\/p><p>\u00deessi \u00f3vissa er ekki aukaatri\u00f0i, \u00fev\u00ed h\u00fan snertir spurninguna um hvort Anguta hafi yfirh\u00f6fu\u00f0 veri\u00f0 vel skilgreind <span class=\"iwg-fachbegriff\" data-tooltip=\"Vera sem er d\u00fdrku\u00f0 sem gu\u00f0leg innan tr\u00faarbrag\u00f0a.\" tabindex=\"0\">gu\u00f0smynd<\/span> innan in\u00fa\u00edtahef\u00f0ar e\u00f0a s\u00f6fnunarpunktur sem fyrst f\u00e9kk \u00fatl\u00ednur vi\u00f0 skr\u00e1ningu \u00ed ritu\u00f0u m\u00e1li.<\/p><p>Knud Rasmussen, sem skr\u00e1\u00f0i fr\u00e1sagnir fr\u00e1 Kanada til Alaska \u00ed fimmta Thule-lei\u00f0angrinum fr\u00e1 1921 til 1924, gefur f\u00f6\u00f0ur hafdrottningarinnar mismunandi n\u00f6fn eftir sv\u00e6\u00f0um e\u00f0a l\u00e6tur hann vera nafnlausan. \u00dea\u00f0 talar \u00e1 m\u00f3ti \u00fev\u00ed a\u00f0 um s\u00e9 a\u00f0 r\u00e6\u00f0a pan-in\u00fa\u00edska pers\u00f3nu me\u00f0 fast nafni\u00f0 Anguta og bendir til sterkrar sv\u00e6\u00f0isbundinnar dreifingar.<\/p><p>\u00dea\u00f0 sem er st\u00f6\u00f0ugt \u00ed fr\u00e1s\u00f6gnunum er hlutverki\u00f0: gamall ma\u00f0ur sem b\u00fdr me\u00f0 d\u00f3ttur sinni \u00ed dj\u00fapinu, tekur \u00e1 m\u00f3ti e\u00f0a var\u00f0veitir hina dau\u00f0u og er tengdur go\u00f0sagnakenndri limlestingu \u00e1 h\u00f6ndum d\u00f3tturinnar.<\/p><p>Fyrir alvarlega framsetningu lei\u00f0ir \u00feetta af s\u00e9r a\u00f0 Anguta \u00e6tti a\u00f0 teljast heimildafr\u00e6\u00f0ilegt vandam\u00e1l fremur en \u00f6rugglega sta\u00f0festan einstakan gu\u00f0.<\/p><p>N\u00fdlendusafnararnir st\u00f6rfu\u00f0u me\u00f0 t\u00falkum, me\u00f0 eigin tr\u00faarlegum fyrirframhugmyndum og me\u00f0 \u00fe\u00e1 von a\u00f0 finna reglulegt <span class=\"iwg-fachbegriff\" data-tooltip=\"Heild gu\u00f0a innan tr\u00faarbrag\u00f0a e\u00f0a menningar.\" tabindex=\"0\">go\u00f0aveldi<\/span>. Margt af \u00fev\u00ed sem \u00ed dag birtist sem f\u00f6st \u00e6ttartala hafdrottningarinnar og f\u00f6\u00f0ur hennar er afur\u00f0 \u00feessarar skr\u00e1ningara\u00f0st\u00e6\u00f0u. Tilv\u00edsunin \u00ed <a href=\"https:\/\/iwell-guard.com\/is\/?page_id=168999\">Sednu<\/a> er \u00feess vegna \u00e1fram gagnleg, en \u00e6tti alltaf a\u00f0 fylgja \u00e1bending um \u00f3samr\u00e6mda nafnahef\u00f0ina.<\/p>\t\t\t\t\t\t\t\t<\/div>\n\t\t\t\t\t<\/div>\n\t\t\t\t<\/div>\n\t\t\t\t\t<\/div>\n\t\t\t\t<\/div>\n\t\t<div class=\"elementor-element elementor-element-iwgw-anguta-lit e-flex e-con-boxed e-con e-parent\" data-id=\"iwgw-anguta-lit\" data-element_type=\"container\" data-e-type=\"container\">\n\t\t\t\t\t<div class=\"e-con-inner\">\n\t\t\t\t<div class=\"elementor-element elementor-element-iwgw-anguta-lith elementor-widget elementor-widget-heading\" data-id=\"iwgw-anguta-lith\" data-element_type=\"widget\" data-e-type=\"widget\" data-widget_type=\"heading.default\">\n\t\t\t\t\t<h2 class=\"elementor-heading-title elementor-size-default\">Heimildir (\u00farval)<\/h2>\t\t\t\t<\/div>\n\t\t<div class=\"elementor-element elementor-element-iwgw-anguta-litc e-con-full e-flex e-con e-child\" data-id=\"iwgw-anguta-litc\" data-element_type=\"container\" data-e-type=\"container\">\n\t\t\t\t<div class=\"elementor-element elementor-element-iwgw-anguta-litt elementor-widget elementor-widget-text-editor\" data-id=\"iwgw-anguta-litt\" data-element_type=\"widget\" data-e-type=\"widget\" data-widget_type=\"text-editor.default\">\n\t\t\t\t\t\t\t\t\t<ul><li>Franz Boas: <em>The Central Eskimo<\/em> (Washington 1888)<\/li><li>Knud Rasmussen: <em>The Netsilik Eskimos<\/em> (Kaupmannah\u00f6fn 1931)<\/li><li>Daniel Merkur: <em>Powers Which We Do Not Know<\/em> (Moscow ID 1991)<\/li><li>Fr\u00e9d\u00e9ric Laugrand og Jarich Oosten: <em>Inuit Shamanism and Christianity<\/em> (Montreal 2010)<\/li><li>Birgitte Sonne: <em>Heaven Negotiated. Hell Imagined<\/em> (Kaupmannah\u00f6fn 2017)<\/li><li>Henrik Rink: <em>Tales and Traditions of the Eskimo<\/em> (Edinborg 1875)<\/li><\/ul>\t\t\t\t\t\t\t\t<\/div>\n\t\t\t\t<\/div>\n\t\t\t\t\t<\/div>\n\t\t\t\t<\/div>\n\t\t<div class=\"elementor-element elementor-element-iwgkw2-add-anguta e-flex e-con-boxed e-con e-parent\" data-id=\"iwgkw2-add-anguta\" data-element_type=\"container\" data-e-type=\"container\">\n\t\t\t\t\t<div class=\"e-con-inner\">\n\t\t\t\t<div class=\"elementor-element elementor-element-iwgkw2-add-anguta-t elementor-widget elementor-widget-text-editor\" data-id=\"iwgkw2-add-anguta-t\" data-element_type=\"widget\" data-e-type=\"widget\" data-widget_type=\"text-editor.default\">\n\t\t\t\t\t\t\t\t\t<p>\u00cd go\u00f0afr\u00e6\u00f0i <span class=\"iwg-fachbegriff\" data-tooltip=\"Heildarsafn hef\u00f0bundinna go\u00f0sagna sem var\u00f0veist hafa innan tiltekinnar menningar.\" tabindex=\"0\">In\u00fa\u00edta<\/span> kemur Anguta fram sem fa\u00f0ir hafgy\u00f0junnar Sednu og sem verndari hinna l\u00e1tnu, s\u00e1 er lei\u00f0ir framli\u00f0na til hins ne\u00f0ansj\u00e1varl\u00e6ga skuggaheims.<\/p>\t\t\t\t\t\t\t\t<\/div>\n\t\t\t\t\t<\/div>\n\t\t\t\t<\/div>\n\t\t<div class=\"elementor-element elementor-element-iwgw-anguta-kwd e-flex e-con-boxed e-con e-parent\" data-id=\"iwgw-anguta-kwd\" data-element_type=\"container\" data-e-type=\"container\">\n\t\t\t\t\t<div class=\"e-con-inner\">\n\t\t<div class=\"elementor-element elementor-element-iwgw-anguta-kwdc e-con-full e-flex e-con e-child\" data-id=\"iwgw-anguta-kwdc\" data-element_type=\"container\" data-e-type=\"container\">\n\t\t\t\t<div class=\"elementor-element elementor-element-iwgw-anguta-kwdt elementor-widget elementor-widget-text-editor\" data-id=\"iwgw-anguta-kwdt\" data-element_type=\"widget\" data-e-type=\"widget\" data-widget_type=\"text-editor.default\">\n\t\t\t\t\t\t\t\t\t<p><em>Tengd hugt\u00f6k: Anguta Adlivun v\u00f6r\u00f0ur hinna d\u00e1nu fa\u00f0ir Sednu Iglulik Quivitoq in\u00fa\u00edt-fr\u00e6\u00f0i um handanl\u00edfi\u00f0.<\/em><\/p>\t\t\t\t\t\t\t\t<\/div>\n\t\t\t\t<\/div>\n\t\t\t\t\t<\/div>\n\t\t\t\t<\/div>\n\t\t<div class=\"elementor-element elementor-element-iwgw-anguta-cc e-flex e-con-boxed e-con e-parent\" data-id=\"iwgw-anguta-cc\" data-element_type=\"container\" data-e-type=\"container\" id=\"iwg-cc-anguta\">\n\t\t\t\t\t<div class=\"e-con-inner\">\n\t\t<div class=\"elementor-element elementor-element-iwgw-anguta-ccinner e-flex e-con-boxed e-con e-parent\" data-id=\"iwgw-anguta-ccinner\" data-element_type=\"container\" data-e-type=\"container\" data-settings=\"{&quot;background_background&quot;:&quot;classic&quot;}\">\n\t\t\t\t\t<div class=\"e-con-inner\">\n\t\t\t\t<div class=\"elementor-element elementor-element-iwgw-anguta-cch elementor-widget elementor-widget-heading\" data-id=\"iwgw-anguta-cch\" data-element_type=\"widget\" data-e-type=\"widget\" data-widget_type=\"heading.default\">\n\t\t\t\t\t<h2 class=\"elementor-heading-title elementor-size-default\">iWell Guard og verndarhef\u00f0ir<\/h2>\t\t\t\t<\/div>\n\t\t\t\t<div class=\"elementor-element elementor-element-iwgw-anguta-cct elementor-widget elementor-widget-text-editor\" data-id=\"iwgw-anguta-cct\" data-element_type=\"widget\" data-e-type=\"widget\" data-widget_type=\"text-editor.default\">\n\t\t\t\t\t\t\t\t\t<div data-nosnippet=\"true\"><p>iWell Guard tengist menningars\u00f6gulegri hef\u00f0 bur\u00f0arh\u00e6fra verndargripa, \u00ed hef\u00f0 <a href=\"https:\/\/iwell-guard.com\/is\/inuit-og-nordurslodir-sedna-tornit\/\">in\u00fa\u00edta<\/a> og margra annarra menningarheima um allan heim. 41 lag, alv\u00f6ru gull, plat\u00edna, silfur, framleitt \u00ed \u00de\u00fdskalandi. 30 daga skilar\u00e9ttur.<\/p><\/div>\t\t\t\t\t\t\t\t<\/div>\n\t\t\t\t<div class=\"elementor-element elementor-element-iwgw-anguta-ccb iwg-cc-button iwg-cc-cta-2026-05-13 elementor-widget elementor-widget-jet-button\" data-id=\"iwgw-anguta-ccb\" data-element_type=\"widget\" data-e-type=\"widget\" data-widget_type=\"jet-button.default\">\n\t\t\t\t<div class=\"elementor-widget-container\">\n\t\t\t\t\t<div class=\"elementor-jet-button jet-elements\"><div class=\"jet-button__container\"><a class=\"jet-button__instance jet-button__instance--icon-left hover-effect-1\" href=\"\/ueber-iwell-guard\/?utm_source=iwell-guard.com&amp;utm_medium=info-box&amp;utm_campaign=wesen-tradition\"><div class=\"jet-button__plane jet-button__plane-normal\"><\/div><div class=\"jet-button__plane jet-button__plane-hover\"><\/div><div class=\"jet-button__state jet-button__state-normal\"><span class=\"jet-button__label\">Meira um iWell Guard<\/span><\/div><div class=\"jet-button__state jet-button__state-hover\"><span class=\"jet-button__label\">Meira um iWell Guard<\/span><\/div><\/a><\/div><\/div><style>.elementor-element.elementor-element-iwgw-anguta-ccb .jet-button__instance{width:320px;height:56px;}.elementor-element.elementor-element-iwgw-anguta-ccb .jet-button__state-normal .jet-button__label{text-align:center;margin:0px 0px 0px 0px;color:#1a1b20;font-family:Montserrat,sans-serif;font-size:13px;font-weight:400;letter-spacing:4px;line-height:1.714em;text-transform:uppercase;}.elementor-element.elementor-element-iwgw-anguta-ccb .jet-button__state-hover .jet-button__label{text-align:center;margin:0px 0px 0px 0px;color:#FECC76;font-family:Montserrat,sans-serif;font-size:13px;font-weight:400;letter-spacing:4px;line-height:1.714em;text-transform:uppercase;}.elementor-element.elementor-element-iwgw-anguta-ccb .jet-button__plane-normal{background-color:#FECC76;border-style:solid;border-color:#C99540;border-width:2px 2px 2px 2px;}.elementor-element.elementor-element-iwgw-anguta-ccb .jet-button__plane-hover{background-color:rgba(0,0,0,0.55);border-style:solid;border-color:#FECC76;border-width:2px 2px 2px 2px;}<\/style>\t\t\t\t<\/div>\n\t\t\t\t<\/div>\n\t\t\t\t<div class=\"elementor-element elementor-element-iwgw-anguta-ccd elementor-widget elementor-widget-text-editor\" data-id=\"iwgw-anguta-ccd\" data-element_type=\"widget\" data-e-type=\"widget\" data-widget_type=\"text-editor.default\">\n\t\t\t\t\t\t\t\t\t<div data-nosnippet=\"true\"><p style=\"text-align:center;font-size:13px;opacity:0.7;margin-top:14px\" data-nosnippet=\"true\">Pers\u00f3nuleg reynsla getur veri\u00f0 mismunandi. Ekki l\u00e6kningat\u00e6ki. Engin lofor\u00f0 um l\u00e6kningu.<\/p><\/div>\t\t\t\t\t\t\t\t<\/div>\n\t\t\t\t\t<\/div>\n\t\t\t\t<\/div>\n\t\t\t\t\t<\/div>\n\t\t\t\t<\/div>\n\t\t<div class=\"elementor-element elementor-element-iwgw-anguta-disc e-flex e-con-boxed e-con e-parent\" data-id=\"iwgw-anguta-disc\" data-element_type=\"container\" data-e-type=\"container\">\n\t\t\t\t\t<div class=\"e-con-inner\">\n\t\t\t\t<div class=\"elementor-element elementor-element-iwgw-anguta-discw elementor-widget elementor-widget-html\" data-id=\"iwgw-anguta-discw\" data-element_type=\"widget\" data-e-type=\"widget\" data-widget_type=\"html.default\">\n\t\t\t\t\t<footer data-nosnippet=\"true\" class=\"iwg-disclaimer-block\"><p data-nosnippet=\"true\">iWell Guard er <strong>ekki l\u00e6kningat\u00e6ki<\/strong> og kemur ekki \u00ed sta\u00f0inn fyrir l\u00e6knis- e\u00f0a s\u00e1lfr\u00e6\u00f0ime\u00f0fer\u00f0. Tr\u00faarfr\u00e6\u00f0ilegt efni er menningars\u00f6gulegt samhengi, ekki r\u00e1\u00f0legging um andlega i\u00f0kun.<\/p><\/footer>\t\t\t\t<\/div>\n\t\t\t\t\t<\/div>\n\t\t\t\t<\/div>\n\t\t\t\t<\/div>\n\t\t","protected":false},"excerpt":{"rendered":"","protected":false},"author":3,"featured_media":2875,"parent":0,"menu_order":0,"comment_status":"closed","ping_status":"closed","template":"elementor_header_footer","meta":{"_yoast_wpseo_focuskw":"Anguta verndari hinna d\u00e1nu In\u00fa\u00edtar","_yoast_wpseo_title":"Anguta \u2013 fa\u00f0ir Sednu og verndari hinna d\u00e1nu me\u00f0al In\u00fa\u00edta","_yoast_wpseo_metadesc":"Anguta er fa\u00f0ir Sednu og er \u00ed tr\u00fa In\u00fa\u00edta talinn verndari hinna d\u00e1nu \u00ed undirheiminum Adlivun. Tr\u00faarfr\u00e6\u00f0ileg \u00fattekt og heimildir.","_yoast_wpseo_meta-robots-noindex":"","_yoast_wpseo_canonical":"","_angie_page":false,"gefaehrdungsstufe":"2","wesen_kultur":"inuit","wesen_klasse":"geister","footnotes":""},"categories":[],"class_list":["post-169003","page","type-page","status-publish","has-post-thumbnail","hentry"],"yoast_head":"<!-- This site is optimized with the Yoast SEO Premium plugin v27.7 (Yoast SEO v28.3) - https:\/\/yoast.com\/product\/yoast-seo-premium-wordpress\/ -->\n<title>Anguta \u2013 fa\u00f0ir Sednu og verndari hinna d\u00e1nu me\u00f0al In\u00fa\u00edta<\/title>\n<meta name=\"description\" content=\"Anguta er fa\u00f0ir Sednu og er \u00ed tr\u00fa In\u00fa\u00edta talinn verndari hinna d\u00e1nu \u00ed undirheiminum Adlivun. Tr\u00faarfr\u00e6\u00f0ileg \u00fattekt og heimildir.\" \/>\n<meta name=\"robots\" content=\"index, follow, max-snippet:-1, max-image-preview:large, max-video-preview:-1\" \/>\n<link rel=\"canonical\" href=\"https:\/\/iwell-guard.com\/is\/anguta-fadir-sednu-verndari-undirheima\/\" \/>\n<meta property=\"og:locale\" content=\"is_IS\" \/>\n<meta property=\"og:type\" content=\"article\" \/>\n<meta property=\"og:title\" content=\"Anguta \u2013 fa\u00f0ir Sednu og verndari undirheima\" \/>\n<meta property=\"og:description\" content=\"Anguta er fa\u00f0ir Sednu og er \u00ed tr\u00fa In\u00fa\u00edta talinn verndari hinna d\u00e1nu \u00ed undirheiminum Adlivun. Tr\u00faarfr\u00e6\u00f0ileg \u00fattekt og heimildir.\" \/>\n<meta property=\"og:url\" content=\"https:\/\/iwell-guard.com\/is\/anguta-fadir-sednu-verndari-undirheima\/\" \/>\n<meta property=\"og:site_name\" content=\"iWell Guard\" \/>\n<meta property=\"article:modified_time\" content=\"2026-09-05T14:29:35+00:00\" \/>\n<meta property=\"og:image\" content=\"https:\/\/iwell-guard.com\/wp-content\/uploads\/2026\/05\/geister_inuit_anguta.webp\" \/>\n\t<meta property=\"og:image:width\" content=\"1024\" \/>\n\t<meta property=\"og:image:height\" content=\"1536\" \/>\n\t<meta property=\"og:image:type\" content=\"image\/webp\" \/>\n<meta name=\"twitter:card\" content=\"summary_large_image\" \/>\n<script type=\"application\/ld+json\" class=\"yoast-schema-graph\">{\"@context\":\"https:\\\/\\\/schema.org\",\"@graph\":[{\"@type\":\"WebPage\",\"@id\":\"https:\\\/\\\/iwell-guard.com\\\/is\\\/anguta-fadir-sednu-verndari-undirheima\\\/\",\"url\":\"https:\\\/\\\/iwell-guard.com\\\/is\\\/anguta-fadir-sednu-verndari-undirheima\\\/\",\"name\":\"Anguta \u2013 fa\u00f0ir Sednu og verndari hinna d\u00e1nu me\u00f0al In\u00fa\u00edta\",\"isPartOf\":{\"@id\":\"https:\\\/\\\/iwell-guard.com\\\/is\\\/#website\"},\"primaryImageOfPage\":{\"@id\":\"https:\\\/\\\/iwell-guard.com\\\/is\\\/anguta-fadir-sednu-verndari-undirheima\\\/#primaryimage\"},\"image\":{\"@id\":\"https:\\\/\\\/iwell-guard.com\\\/is\\\/anguta-fadir-sednu-verndari-undirheima\\\/#primaryimage\"},\"thumbnailUrl\":\"https:\\\/\\\/iwell-guard.com\\\/wp-content\\\/uploads\\\/2026\\\/05\\\/geister_inuit_anguta.webp\",\"datePublished\":\"2026-09-05T14:04:45+00:00\",\"dateModified\":\"2026-09-05T14:29:35+00:00\",\"description\":\"Anguta er fa\u00f0ir Sednu og er \u00ed tr\u00fa In\u00fa\u00edta talinn verndari hinna d\u00e1nu \u00ed undirheiminum Adlivun. Tr\u00faarfr\u00e6\u00f0ileg \u00fattekt og heimildir.\",\"breadcrumb\":{\"@id\":\"https:\\\/\\\/iwell-guard.com\\\/is\\\/anguta-fadir-sednu-verndari-undirheima\\\/#breadcrumb\"},\"inLanguage\":\"is\",\"potentialAction\":[{\"@type\":\"ReadAction\",\"target\":[\"https:\\\/\\\/iwell-guard.com\\\/is\\\/anguta-fadir-sednu-verndari-undirheima\\\/\"]}]},{\"@type\":\"ImageObject\",\"inLanguage\":\"is\",\"@id\":\"https:\\\/\\\/iwell-guard.com\\\/is\\\/anguta-fadir-sednu-verndari-undirheima\\\/#primaryimage\",\"url\":\"https:\\\/\\\/iwell-guard.com\\\/wp-content\\\/uploads\\\/2026\\\/05\\\/geister_inuit_anguta.webp\",\"contentUrl\":\"https:\\\/\\\/iwell-guard.com\\\/wp-content\\\/uploads\\\/2026\\\/05\\\/geister_inuit_anguta.webp\",\"width\":1024,\"height\":1536,\"caption\":\"Andar \u00far in\u00fa\u00edta-hef\u00f0inni.\"},{\"@type\":\"BreadcrumbList\",\"@id\":\"https:\\\/\\\/iwell-guard.com\\\/is\\\/anguta-fadir-sednu-verndari-undirheima\\\/#breadcrumb\",\"itemListElement\":[{\"@type\":\"ListItem\",\"position\":1,\"name\":\"Start\",\"item\":\"https:\\\/\\\/iwell-guard.com\\\/is\\\/?page_id=168580\"},{\"@type\":\"ListItem\",\"position\":2,\"name\":\"Anguta \u2013 fa\u00f0ir Sednu og verndari undirheima\"}]},{\"@type\":\"WebSite\",\"@id\":\"https:\\\/\\\/iwell-guard.com\\\/is\\\/#website\",\"url\":\"https:\\\/\\\/iwell-guard.com\\\/is\\\/\",\"name\":\"iWell Guard\",\"description\":\"Schutz vor dunklen Einfl\u00fcssen\",\"publisher\":{\"@id\":\"https:\\\/\\\/iwell-guard.com\\\/is\\\/#organization\"},\"potentialAction\":[{\"@type\":\"SearchAction\",\"target\":{\"@type\":\"EntryPoint\",\"urlTemplate\":\"https:\\\/\\\/iwell-guard.com\\\/is\\\/?s={search_term_string}\"},\"query-input\":{\"@type\":\"PropertyValueSpecification\",\"valueRequired\":true,\"valueName\":\"search_term_string\"}}],\"inLanguage\":\"is\"},{\"@type\":\"Organization\",\"@id\":\"https:\\\/\\\/iwell-guard.com\\\/is\\\/#organization\",\"name\":\"Ittermann electronic GmbH\",\"url\":\"https:\\\/\\\/iwell-guard.com\\\/is\\\/\",\"logo\":{\"@type\":\"ImageObject\",\"inLanguage\":\"is\",\"@id\":\"https:\\\/\\\/iwell-guard.com\\\/is\\\/#\\\/schema\\\/logo\\\/image\\\/\",\"url\":\"https:\\\/\\\/iwell-guard.com\\\/wp-content\\\/uploads\\\/2026\\\/05\\\/Ittermann-Logo-1182x237-1.png\",\"contentUrl\":\"https:\\\/\\\/iwell-guard.com\\\/wp-content\\\/uploads\\\/2026\\\/05\\\/Ittermann-Logo-1182x237-1.png\",\"width\":1182,\"height\":237,\"caption\":\"Ittermann electronic GmbH\"},\"image\":{\"@id\":\"https:\\\/\\\/iwell-guard.com\\\/is\\\/#\\\/schema\\\/logo\\\/image\\\/\"},\"sameAs\":[\"https:\\\/\\\/pantip.com\\\/profile\\\/9367242\",\"https:\\\/\\\/micro.blog\\\/iwellguard\",\"https:\\\/\\\/www.diggerslist.com\\\/iwellguard\\\/about\",\"https:\\\/\\\/skitterphoto.com\\\/photographers\\\/2870314\\\/iwell-guard\",\"https:\\\/\\\/iwellguard.wordpress.com\\\/2026\\\/06\\\/06\\\/iwell-guard\\\/\",\"https:\\\/\\\/hub.docker.com\\\/u\\\/iwellguard\",\"https:\\\/\\\/www.pinterest.com\\\/iwellguard\\\/\",\"https:\\\/\\\/bit.ly\\\/m\\\/iwellguard\",\"https:\\\/\\\/entre-vos-mains.alsace.eu\\\/profiles\\\/iwellguard\\\/activity\",\"https:\\\/\\\/gravatar.com\\\/reallybeded8fd34\",\"https:\\\/\\\/naijamatta.com\\\/iwellguard\",\"https:\\\/\\\/www.goodreads.com\\\/iwellguard\",\"https:\\\/\\\/profile.hatena.ne.jp\\\/iwellguard\\\/\",\"https:\\\/\\\/experiment.com\\\/users\\\/iwellguard\",\"https:\\\/\\\/wakelet.com\\\/@iWellGuard82270\",\"https:\\\/\\\/www.chordie.com\\\/forum\\\/profile.php?id=2555664\",\"https:\\\/\\\/www.instapaper.com\\\/p\\\/17757966\",\"https:\\\/\\\/www.mapleprimes.com\\\/users\\\/iwellguard\",\"https:\\\/\\\/businesslistingplus.com\\\/profile\\\/iwell-guard\\\/\",\"https:\\\/\\\/telegra.ph\\\/iWell-Guard-06-06\",\"https:\\\/\\\/pbase.com\\\/iwellguard\\\/iwellguard\",\"https:\\\/\\\/b.hatena.ne.jp\\\/iwellguard\\\/20260607#bookmark-4788405196491818882\",\"https:\\\/\\\/fliphtml5.com\\\/home\\\/iwellguard\",\"https:\\\/\\\/anyflip.com\\\/homepage\\\/cmiwl#About\",\"https:\\\/\\\/transfur.com\\\/Users\\\/iwellguard\",\"http:\\\/\\\/delphi.larsbo.org\\\/user\\\/iwellguard\",\"https:\\\/\\\/jobs.lajobsportal.org\\\/profiles\\\/8380803-iwell-guard\",\"https:\\\/\\\/md.chaosdorf.de\\\/s\\\/jfbe5SBdJD\",\"https:\\\/\\\/www.lingvolive.com\\\/en-us\\\/profile\\\/9ecaeaca-ce11-4e51-9e71-01d55e2bff36\\\/translations\",\"https:\\\/\\\/www.fitday.com\\\/fitness\\\/forums\\\/members\\\/iwellguard.html\",\"https:\\\/\\\/www.mymeetbook.com\\\/iwellguard\",\"https:\\\/\\\/pxhere.com\\\/en\\\/photographer-me\\\/5040798\",\"https:\\\/\\\/disqus.com\\\/by\\\/iwellguard\\\/about\\\/\",\"https:\\\/\\\/pastelink.net\\\/hjwciqwq\",\"https:\\\/\\\/pubhtml5.com\\\/homepage\\\/scjhn\\\/\",\"https:\\\/\\\/www.bitchute.com\\\/channel\\\/2O2eOKzNqujT\",\"https:\\\/\\\/audiomack.com\\\/iwellguard\"]},{\"@type\":\"Article\",\"@id\":\"https:\\\/\\\/iwell-guard.com\\\/is\\\/anguta-fadir-sednu-verndari-undirheima\\\/#article\",\"isPartOf\":{\"@id\":\"https:\\\/\\\/iwell-guard.com\\\/is\\\/anguta-fadir-sednu-verndari-undirheima\\\/\"},\"author\":{\"name\":\"Ralf Ittermann\",\"@id\":\"https:\\\/\\\/iwell-guard.com\\\/is\\\/#\\\/schema\\\/person\\\/ee2a27f1cac3406c7c6fb5820cb7349f\"},\"headline\":\"Anguta \u2013 fa\u00f0ir Sednu og verndari undirheima\",\"datePublished\":\"2026-09-05T14:04:45+00:00\",\"dateModified\":\"2026-09-05T14:29:35+00:00\",\"mainEntityOfPage\":{\"@id\":\"https:\\\/\\\/iwell-guard.com\\\/is\\\/anguta-fadir-sednu-verndari-undirheima\\\/\"},\"publisher\":{\"@id\":\"https:\\\/\\\/iwell-guard.com\\\/is\\\/#organization\"},\"image\":{\"@id\":\"https:\\\/\\\/iwell-guard.com\\\/is\\\/anguta-fadir-sednu-verndari-undirheima\\\/#primaryimage\"},\"thumbnailUrl\":\"https:\\\/\\\/iwell-guard.com\\\/wp-content\\\/uploads\\\/2026\\\/05\\\/geister_inuit_anguta.webp\",\"inLanguage\":\"is\",\"description\":\"Anguta er fa\u00f0ir Sednu og er \u00ed tr\u00fa In\u00fa\u00edta talinn verndari hinna d\u00e1nu \u00ed undirheiminum Adlivun. Tr\u00faarfr\u00e6\u00f0ileg \u00fattekt og heimildir.\"}]}<\/script>\n<!-- \/ Yoast SEO Premium plugin. -->","yoast_head_json":{"title":"Anguta \u2013 fa\u00f0ir Sednu og verndari hinna d\u00e1nu me\u00f0al In\u00fa\u00edta","description":"Anguta er fa\u00f0ir Sednu og er \u00ed tr\u00fa In\u00fa\u00edta talinn verndari hinna d\u00e1nu \u00ed undirheiminum Adlivun. Tr\u00faarfr\u00e6\u00f0ileg \u00fattekt og heimildir.","robots":{"index":"index","follow":"follow","max-snippet":"max-snippet:-1","max-image-preview":"max-image-preview:large","max-video-preview":"max-video-preview:-1"},"canonical":"https:\/\/iwell-guard.com\/is\/anguta-fadir-sednu-verndari-undirheima\/","og_locale":"is_IS","og_type":"article","og_title":"Anguta \u2013 fa\u00f0ir Sednu og verndari undirheima","og_description":"Anguta er fa\u00f0ir Sednu og er \u00ed tr\u00fa In\u00fa\u00edta talinn verndari hinna d\u00e1nu \u00ed undirheiminum Adlivun. Tr\u00faarfr\u00e6\u00f0ileg \u00fattekt og heimildir.","og_url":"https:\/\/iwell-guard.com\/is\/anguta-fadir-sednu-verndari-undirheima\/","og_site_name":"iWell Guard","article_modified_time":"2026-09-05T14:29:35+00:00","og_image":[{"width":1024,"height":1536,"url":"https:\/\/iwell-guard.com\/wp-content\/uploads\/2026\/05\/geister_inuit_anguta.webp","type":"image\/webp"}],"twitter_card":"summary_large_image","schema":{"@context":"https:\/\/schema.org","@graph":[{"@type":"Article","@id":"https:\/\/iwell-guard.com\/is\/anguta-fadir-sednu-verndari-undirheima\/#article","isPartOf":{"@id":"https:\/\/iwell-guard.com\/is\/anguta-fadir-sednu-verndari-undirheima\/"},"author":{"name":"Ralf Ittermann","@id":"https:\/\/iwell-guard.com\/is\/#\/schema\/person\/ee2a27f1cac3406c7c6fb5820cb7349f"},"headline":"Anguta \u2013 fa\u00f0ir Sednu og verndari undirheima","datePublished":"2026-09-05T14:04:45+00:00","dateModified":"2026-09-05T14:29:35+00:00","mainEntityOfPage":{"@id":"https:\/\/iwell-guard.com\/is\/anguta-fadir-sednu-verndari-undirheima\/"},"publisher":{"@id":"https:\/\/iwell-guard.com\/is\/#organization"},"image":{"@id":"https:\/\/iwell-guard.com\/is\/anguta-fadir-sednu-verndari-undirheima\/#primaryimage"},"thumbnailUrl":"https:\/\/iwell-guard.com\/wp-content\/uploads\/2026\/05\/geister_inuit_anguta.webp","inLanguage":"is","description":"Anguta er fa\u00f0ir Sednu og er \u00ed tr\u00fa In\u00fa\u00edta talinn verndari hinna d\u00e1nu \u00ed undirheiminum Adlivun. Tr\u00faarfr\u00e6\u00f0ileg \u00fattekt og heimildir."},{"@type":"WebPage","@id":"https:\/\/iwell-guard.com\/is\/anguta-fadir-sednu-verndari-undirheima\/","url":"https:\/\/iwell-guard.com\/is\/anguta-fadir-sednu-verndari-undirheima\/","name":"Anguta \u2013 fa\u00f0ir Sednu og verndari hinna d\u00e1nu me\u00f0al In\u00fa\u00edta","isPartOf":{"@id":"https:\/\/iwell-guard.com\/is\/#website"},"primaryImageOfPage":{"@id":"https:\/\/iwell-guard.com\/is\/anguta-fadir-sednu-verndari-undirheima\/#primaryimage"},"image":{"@id":"https:\/\/iwell-guard.com\/is\/anguta-fadir-sednu-verndari-undirheima\/#primaryimage"},"thumbnailUrl":"https:\/\/iwell-guard.com\/wp-content\/uploads\/2026\/05\/geister_inuit_anguta.webp","datePublished":"2026-09-05T14:04:45+00:00","dateModified":"2026-09-05T14:29:35+00:00","description":"Anguta er fa\u00f0ir Sednu og er \u00ed tr\u00fa In\u00fa\u00edta talinn verndari hinna d\u00e1nu \u00ed undirheiminum Adlivun. Tr\u00faarfr\u00e6\u00f0ileg \u00fattekt og heimildir.","breadcrumb":{"@id":"https:\/\/iwell-guard.com\/is\/anguta-fadir-sednu-verndari-undirheima\/#breadcrumb"},"inLanguage":"is","potentialAction":[{"@type":"ReadAction","target":["https:\/\/iwell-guard.com\/is\/anguta-fadir-sednu-verndari-undirheima\/"]}]},{"@type":"ImageObject","inLanguage":"is","@id":"https:\/\/iwell-guard.com\/is\/anguta-fadir-sednu-verndari-undirheima\/#primaryimage","url":"https:\/\/iwell-guard.com\/wp-content\/uploads\/2026\/05\/geister_inuit_anguta.webp","contentUrl":"https:\/\/iwell-guard.com\/wp-content\/uploads\/2026\/05\/geister_inuit_anguta.webp","width":1024,"height":1536,"caption":"Andar \u00far in\u00fa\u00edta-hef\u00f0inni."},{"@type":"BreadcrumbList","@id":"https:\/\/iwell-guard.com\/is\/anguta-fadir-sednu-verndari-undirheima\/#breadcrumb","itemListElement":[{"@type":"ListItem","position":1,"name":"Start","item":"https:\/\/iwell-guard.com\/is\/?page_id=168580"},{"@type":"ListItem","position":2,"name":"Anguta \u2013 fa\u00f0ir Sednu og verndari undirheima"}]},{"@type":"WebSite","@id":"https:\/\/iwell-guard.com\/is\/#website","url":"https:\/\/iwell-guard.com\/is\/","name":"iWell Guard","description":"Schutz vor dunklen Einfl\u00fcssen","publisher":{"@id":"https:\/\/iwell-guard.com\/is\/#organization"},"potentialAction":[{"@type":"SearchAction","target":{"@type":"EntryPoint","urlTemplate":"https:\/\/iwell-guard.com\/is\/?s={search_term_string}"},"query-input":{"@type":"PropertyValueSpecification","valueRequired":true,"valueName":"search_term_string"}}],"inLanguage":"is"},{"@type":"Organization","@id":"https:\/\/iwell-guard.com\/is\/#organization","name":"Ittermann electronic GmbH","url":"https:\/\/iwell-guard.com\/is\/","logo":{"@type":"ImageObject","inLanguage":"is","@id":"https:\/\/iwell-guard.com\/is\/#\/schema\/logo\/image\/","url":"https:\/\/iwell-guard.com\/wp-content\/uploads\/2026\/05\/Ittermann-Logo-1182x237-1.png","contentUrl":"https:\/\/iwell-guard.com\/wp-content\/uploads\/2026\/05\/Ittermann-Logo-1182x237-1.png","width":1182,"height":237,"caption":"Ittermann electronic GmbH"},"image":{"@id":"https:\/\/iwell-guard.com\/is\/#\/schema\/logo\/image\/"},"sameAs":["https:\/\/pantip.com\/profile\/9367242","https:\/\/micro.blog\/iwellguard","https:\/\/www.diggerslist.com\/iwellguard\/about","https:\/\/skitterphoto.com\/photographers\/2870314\/iwell-guard","https:\/\/iwellguard.wordpress.com\/2026\/06\/06\/iwell-guard\/","https:\/\/hub.docker.com\/u\/iwellguard","https:\/\/www.pinterest.com\/iwellguard\/","https:\/\/bit.ly\/m\/iwellguard","https:\/\/entre-vos-mains.alsace.eu\/profiles\/iwellguard\/activity","https:\/\/gravatar.com\/reallybeded8fd34","https:\/\/naijamatta.com\/iwellguard","https:\/\/www.goodreads.com\/iwellguard","https:\/\/profile.hatena.ne.jp\/iwellguard\/","https:\/\/experiment.com\/users\/iwellguard","https:\/\/wakelet.com\/@iWellGuard82270","https:\/\/www.chordie.com\/forum\/profile.php?id=2555664","https:\/\/www.instapaper.com\/p\/17757966","https:\/\/www.mapleprimes.com\/users\/iwellguard","https:\/\/businesslistingplus.com\/profile\/iwell-guard\/","https:\/\/telegra.ph\/iWell-Guard-06-06","https:\/\/pbase.com\/iwellguard\/iwellguard","https:\/\/b.hatena.ne.jp\/iwellguard\/20260607#bookmark-4788405196491818882","https:\/\/fliphtml5.com\/home\/iwellguard","https:\/\/anyflip.com\/homepage\/cmiwl#About","https:\/\/transfur.com\/Users\/iwellguard","http:\/\/delphi.larsbo.org\/user\/iwellguard","https:\/\/jobs.lajobsportal.org\/profiles\/8380803-iwell-guard","https:\/\/md.chaosdorf.de\/s\/jfbe5SBdJD","https:\/\/www.lingvolive.com\/en-us\/profile\/9ecaeaca-ce11-4e51-9e71-01d55e2bff36\/translations","https:\/\/www.fitday.com\/fitness\/forums\/members\/iwellguard.html","https:\/\/www.mymeetbook.com\/iwellguard","https:\/\/pxhere.com\/en\/photographer-me\/5040798","https:\/\/disqus.com\/by\/iwellguard\/about\/","https:\/\/pastelink.net\/hjwciqwq","https:\/\/pubhtml5.com\/homepage\/scjhn\/","https:\/\/www.bitchute.com\/channel\/2O2eOKzNqujT","https:\/\/audiomack.com\/iwellguard"]},{"@type":"Person","@id":"https:\/\/iwell-guard.com\/is\/#\/schema\/person\/ee2a27f1cac3406c7c6fb5820cb7349f","name":"Ralf Ittermann","image":{"@type":"ImageObject","inLanguage":"is","@id":"https:\/\/secure.gravatar.com\/avatar\/073c0153e350a5005b68eb752b445fea71f6b24a26da9449ad7e155e6b446c9d?s=96&d=mm&r=g","url":"https:\/\/secure.gravatar.com\/avatar\/073c0153e350a5005b68eb752b445fea71f6b24a26da9449ad7e155e6b446c9d?s=96&d=mm&r=g","contentUrl":"https:\/\/secure.gravatar.com\/avatar\/073c0153e350a5005b68eb752b445fea71f6b24a26da9449ad7e155e6b446c9d?s=96&d=mm&r=g","caption":"Ralf Ittermann"},"givenName":"Ralf","familyName":"Ittermann","jobTitle":"Gesch\u00e4ftsf\u00fchrer und redaktioneller Verantwortlicher","url":"https:\/\/iwell-guard.com\/is\/author\/claude\/","description":"Ralf Ittermann ist Gesch\u00e4ftsf\u00fchrer der Ittermann electronic GmbH und redaktioneller Verantwortlicher des iWell-Guard-Lexikons. Er verbindet langj\u00e4hrige Erfahrung in der Pr\u00e4zisionsfertigung mit medialer Praxis und religionsgeschichtlicher Quellenarbeit.","worksFor":{"@type":"Organization","name":"Ittermann electronic GmbH","url":"https:\/\/ittermann.de\/","address":{"@type":"PostalAddress","streetAddress":"K\u00f6hlergasse 16-18","postalCode":"99842","addressLocality":"Ruhla","addressCountry":"DE"}},"knowsAbout":["Religionsgeschichte","Mythologie","Mediale Praxis","Energetische Diagnostik","Schutzpraxis","Volksglauben","Westliche Esoterik"]},{"@type":"Article","@id":"https:\/\/iwell-guard.com\/is\/anguta-fadir-sednu-verndari-undirheima\/#article","isPartOf":{"@id":"https:\/\/iwell-guard.com\/is\/anguta-fadir-sednu-verndari-undirheima\/"},"author":{"name":"Ralf Ittermann","@id":"https:\/\/iwell-guard.com\/is\/#\/schema\/person\/ee2a27f1cac3406c7c6fb5820cb7349f"},"headline":"Anguta \u2013 fa\u00f0ir Sednu og verndari undirheima","datePublished":"2026-09-05T14:04:45+00:00","dateModified":"2026-09-05T14:29:35+00:00","mainEntityOfPage":{"@id":"https:\/\/iwell-guard.com\/is\/anguta-fadir-sednu-verndari-undirheima\/"},"publisher":{"@id":"https:\/\/iwell-guard.com\/is\/#organization"},"image":{"@id":"https:\/\/iwell-guard.com\/is\/anguta-fadir-sednu-verndari-undirheima\/#primaryimage"},"thumbnailUrl":"https:\/\/iwell-guard.com\/wp-content\/uploads\/2026\/05\/geister_inuit_anguta.webp","inLanguage":"is","description":"Anguta er fa\u00f0ir Sednu og er \u00ed tr\u00fa In\u00fa\u00edta talinn verndari hinna d\u00e1nu \u00ed undirheiminum Adlivun. Tr\u00faarfr\u00e6\u00f0ileg \u00fattekt og heimildir."}]}},"_links":{"self":[{"href":"https:\/\/iwell-guard.com\/is\/wp-json\/wp\/v2\/pages\/169003","targetHints":{"allow":["GET"]}}],"collection":[{"href":"https:\/\/iwell-guard.com\/is\/wp-json\/wp\/v2\/pages"}],"about":[{"href":"https:\/\/iwell-guard.com\/is\/wp-json\/wp\/v2\/types\/page"}],"author":[{"embeddable":true,"href":"https:\/\/iwell-guard.com\/is\/wp-json\/wp\/v2\/users\/3"}],"replies":[{"embeddable":true,"href":"https:\/\/iwell-guard.com\/is\/wp-json\/wp\/v2\/comments?post=169003"}],"version-history":[{"count":0,"href":"https:\/\/iwell-guard.com\/is\/wp-json\/wp\/v2\/pages\/169003\/revisions"}],"wp:featuredmedia":[{"embeddable":true,"href":"https:\/\/iwell-guard.com\/is\/wp-json\/wp\/v2\/media\/2875"}],"wp:attachment":[{"href":"https:\/\/iwell-guard.com\/is\/wp-json\/wp\/v2\/media?parent=169003"}],"wp:term":[{"taxonomy":"category","embeddable":true,"href":"https:\/\/iwell-guard.com\/is\/wp-json\/wp\/v2\/categories?post=169003"}],"curies":[{"name":"wp","href":"https:\/\/api.w.org\/{rel}","templated":true}]}}