{"id":169001,"date":"2026-09-05T14:04:44","date_gmt":"2026-09-05T14:04:44","guid":{"rendered":"https:\/\/iwell-guard.com\/?page_id=169001"},"modified":"2026-09-05T14:29:30","modified_gmt":"2026-09-05T14:29:30","slug":"tornarssuk-verndarandi-inuita-sjamana","status":"publish","type":"page","link":"https:\/\/iwell-guard.com\/is\/tornarssuk-verndarandi-inuita-sjamana\/","title":{"rendered":"Tornarssuk &#8211; Mikill verndarandi in\u00fa\u00edta sjamana"},"content":{"rendered":"\t\t<div data-elementor-type=\"wp-page\" data-elementor-id=\"169001\" class=\"elementor elementor-169001 elementor-2656 elementor-bc-flex-widget\" data-elementor-post-type=\"page\">\n\t\t\t\t<div class=\"elementor-element elementor-element-iwgw-tornarssuk-hero e-flex e-con-boxed e-con e-parent\" data-id=\"iwgw-tornarssuk-hero\" data-element_type=\"container\" data-e-type=\"container\" data-settings=\"{&quot;background_background&quot;:&quot;classic&quot;}\">\n\t\t\t\t\t<div class=\"e-con-inner\">\n\t\t<div class=\"elementor-element elementor-element-iwgw-tornarssuk-hl e-flex e-con-boxed e-con e-child\" data-id=\"iwgw-tornarssuk-hl\" data-element_type=\"container\" data-e-type=\"container\">\n\t\t\t\t\t<div class=\"e-con-inner\">\n\t\t<div class=\"elementor-element elementor-element-iwgw-tornarssuk-htxt e-con-full e-flex e-con e-child\" data-id=\"iwgw-tornarssuk-htxt\" data-element_type=\"container\" data-e-type=\"container\">\n\t\t\t\t<div class=\"elementor-element elementor-element-iwgw-tornarssuk-h1 elementor-widget elementor-widget-heading\" data-id=\"iwgw-tornarssuk-h1\" data-element_type=\"widget\" data-e-type=\"widget\" data-widget_type=\"heading.default\">\n\t\t\t\t\t<h1 class=\"elementor-heading-title elementor-size-default\">Tornarssuk - Mikill verndarandi angakkuit og herra tornait<\/h1>\t\t\t\t<\/div>\n\t\t\t\t<div class=\"elementor-element elementor-element-iwgw-tornarssuk-lead elementor-widget elementor-widget-text-editor\" data-id=\"iwgw-tornarssuk-lead\" data-element_type=\"widget\" data-e-type=\"widget\" data-widget_type=\"text-editor.default\">\n\t\t\t\t\t\t\t\t\t<p>Tornarssuk er \u00ed gr\u00e6nlensku og kanad\u00edsku in\u00fa\u00edta samhengi valdamestur allra tornait, hj\u00e1lparandanna sem angakkuq starfar \u00ed gegnum og f\u00e6r m\u00e1tt sinn fr\u00e1. \u00cd elstu \u00fej\u00f3\u00f0fr\u00e6\u00f0ilegu heimildunum er honum \u00fdmist l\u00fdst \u00ed bjarnarl\u00edki e\u00f0a sem formlausum verndarherra. Tr\u00faarfr\u00e6\u00f0ilega er hann meginmillig\u00f6nguf\u00edg\u00fara milli <span class=\"iwg-fachbegriff\" data-tooltip=\"Tr\u00faarlegur s\u00e9rfr\u00e6\u00f0ingur sem talinn er mi\u00f0la milli manna og andaheims.\" tabindex=\"0\">sjamans<\/span> og handanheims og \u00fev\u00ed lykillinn a\u00f0 starfsemi in\u00fa\u00edta <span class=\"iwg-fachbegriff\" data-tooltip=\"Tr\u00faarkerfi \u00fear sem s\u00e9rfr\u00e6\u00f0ingar hafa samskipti vi\u00f0 andaheim.\" tabindex=\"0\">sjamanisma<\/span>.<\/p>\t\t\t\t\t\t\t\t<\/div>\n\t\t\t\t<\/div>\n\t\t<div class=\"elementor-element elementor-element-iwgw-tornarssuk-pillc e-con-full e-flex e-con e-child\" data-id=\"iwgw-tornarssuk-pillc\" data-element_type=\"container\" data-e-type=\"container\">\n\t\t\t\t<div class=\"elementor-element elementor-element-iwgw-tornarssuk-pills elementor-widget elementor-widget-html\" data-id=\"iwgw-tornarssuk-pills\" data-element_type=\"widget\" data-e-type=\"widget\" data-widget_type=\"html.default\">\n\t\t\t\t\t<div class=\"iwg-pill-row\"><span class=\"iwg-klasse-badge\" tabindex=\"0\" data-tooltip=\"D\u00fdraandi hef\u00f0ar in\u00fa\u00edta.\">D\u00fdraandi<\/span><a href=\"https:\/\/iwell-guard.com\/is\/inuit-og-nordurslodir-sedna-tornit\/\" class=\"iwg-kultur-badge\" tabindex=\"0\" data-tooltip=\"Go\u00f0afr\u00e6\u00f0i hef\u00f0ar in\u00fa\u00edta.\">In\u00fa\u00edtar<\/a><span class=\"iwg-tradition-badge\" tabindex=\"0\" data-tooltip=\"\u00c6\u00f0sti hj\u00e1lparandinn.\">\u00c6\u00f0sti hj\u00e1lparandinn<\/span><\/div>\t\t\t\t<\/div>\n\t\t\t\t<\/div>\n\t\t<div class=\"elementor-element elementor-element-iwgw-tornarssuk-tocc e-con-full e-flex e-con e-child\" data-id=\"iwgw-tornarssuk-tocc\" data-element_type=\"container\" data-e-type=\"container\">\n\t\t\t\t<div class=\"elementor-element elementor-element-iwgw-tornarssuk-toc elementor-toc--minimized-on-tablet elementor-widget elementor-widget-table-of-contents\" data-id=\"iwgw-tornarssuk-toc\" data-element_type=\"widget\" data-e-type=\"widget\" data-settings=\"{&quot;headings_by_tags&quot;:[&quot;h2&quot;,&quot;h3&quot;],&quot;minimize_box&quot;:&quot;yes&quot;,&quot;marker_view&quot;:&quot;bullets&quot;,&quot;no_headings_message&quot;:&quot;Engar undirfyrirsagnir fundust \\u00e1 \\u00feessari s\\u00ed\\u00f0u.&quot;,&quot;exclude_headings_by_selector&quot;:[],&quot;icon&quot;:{&quot;value&quot;:&quot;fas fa-circle&quot;,&quot;library&quot;:&quot;fa-solid&quot;,&quot;rendered_tag&quot;:&quot;&lt;svg class=\\&quot;e-font-icon-svg e-fas-circle\\&quot; viewBox=\\&quot;0 0 512 512\\&quot; xmlns=\\&quot;http:\\\/\\\/www.w3.org\\\/2000\\\/svg\\&quot;&gt;&lt;path d=\\&quot;M256 8C119 8 8 119 8 256s111 248 248 248 248-111 248-248S393 8 256 8z\\&quot;&gt;&lt;\\\/path&gt;&lt;\\\/svg&gt;&quot;},&quot;minimized_on&quot;:&quot;tablet&quot;,&quot;hierarchical_view&quot;:&quot;yes&quot;,&quot;min_height&quot;:{&quot;unit&quot;:&quot;px&quot;,&quot;size&quot;:&quot;&quot;,&quot;sizes&quot;:[]},&quot;min_height_tablet&quot;:{&quot;unit&quot;:&quot;px&quot;,&quot;size&quot;:&quot;&quot;,&quot;sizes&quot;:[]},&quot;min_height_mobile&quot;:{&quot;unit&quot;:&quot;px&quot;,&quot;size&quot;:&quot;&quot;,&quot;sizes&quot;:[]}}\" data-widget_type=\"table-of-contents.default\">\n\t\t\t\t\t\t\t\t\t<div class=\"elementor-toc__header\">\n\t\t\t\t\t\t<h2 class=\"elementor-toc__header-title\">\n\t\t\t\tEfnisyfirlit\t\t\t<\/h2>\n\t\t\t\t\t\t\t\t\t\t<div class=\"elementor-toc__toggle-button elementor-toc__toggle-button--expand\" role=\"button\" tabindex=\"0\" aria-controls=\"elementor-toc__iwgw-tornarssuk-toc\" aria-expanded=\"true\" aria-label=\"Open table of contents\"><svg aria-hidden=\"true\" class=\"e-font-icon-svg e-fas-chevron-down\" viewBox=\"0 0 448 512\" xmlns=\"http:\/\/www.w3.org\/2000\/svg\"><path d=\"M207.029 381.476L12.686 187.132c-9.373-9.373-9.373-24.569 0-33.941l22.667-22.667c9.357-9.357 24.522-9.375 33.901-.04L224 284.505l154.745-154.021c9.379-9.335 24.544-9.317 33.901.04l22.667 22.667c9.373 9.373 9.373 24.569 0 33.941L240.971 381.476c-9.373 9.372-24.569 9.372-33.942 0z\"><\/path><\/svg><\/div>\n\t\t\t\t<div class=\"elementor-toc__toggle-button elementor-toc__toggle-button--collapse\" role=\"button\" tabindex=\"0\" aria-controls=\"elementor-toc__iwgw-tornarssuk-toc\" aria-expanded=\"true\" aria-label=\"Close table of contents\"><svg aria-hidden=\"true\" class=\"e-font-icon-svg e-fas-chevron-up\" viewBox=\"0 0 448 512\" xmlns=\"http:\/\/www.w3.org\/2000\/svg\"><path d=\"M240.971 130.524l194.343 194.343c9.373 9.373 9.373 24.569 0 33.941l-22.667 22.667c-9.357 9.357-24.522 9.375-33.901.04L224 227.495 69.255 381.516c-9.379 9.335-24.544 9.317-33.901-.04l-22.667-22.667c-9.373-9.373-9.373-24.569 0-33.941L207.03 130.525c9.372-9.373 24.568-9.373 33.941-.001z\"><\/path><\/svg><\/div>\n\t\t\t\t\t<\/div>\n\t\t\t\t<div id=\"elementor-toc__iwgw-tornarssuk-toc\" class=\"elementor-toc__body\">\n\t\t\t<div class=\"elementor-toc__spinner-container\">\n\t\t\t\t<svg class=\"elementor-toc__spinner eicon-animation-spin e-font-icon-svg e-eicon-loading\" aria-hidden=\"true\" viewBox=\"0 0 1000 1000\" xmlns=\"http:\/\/www.w3.org\/2000\/svg\"><path d=\"M500 975V858C696 858 858 696 858 500S696 142 500 142 142 304 142 500H25C25 237 238 25 500 25S975 237 975 500 763 975 500 975Z\"><\/path><\/svg>\t\t\t<\/div>\n\t\t<\/div>\n\t\t\t\t\t\t<\/div>\n\t\t\t\t<\/div>\n\t\t\t\t\t<\/div>\n\t\t\t\t<\/div>\n\t\t<div class=\"elementor-element elementor-element-iwgw-tornarssuk-hr e-con-full e-flex e-con e-child\" data-id=\"iwgw-tornarssuk-hr\" data-element_type=\"container\" data-e-type=\"container\">\n\t\t\t\t<div class=\"elementor-element elementor-element-iwgw-tornarssuk-heroimg iwg-hero-image elementor-widget elementor-widget-image\" data-id=\"iwgw-tornarssuk-heroimg\" data-element_type=\"widget\" data-e-type=\"widget\" data-widget_type=\"image.default\">\n\t\t\t\t\t\t\t\t\t\t\t\t\t\t\t<img fetchpriority=\"high\" decoding=\"async\" width=\"683\" height=\"1024\" src=\"https:\/\/iwell-guard.com\/wp-content\/uploads\/2026\/05\/geister_inuit_tornarssuk-683x1024.webp\" class=\"attachment-large size-large wp-image-170777\" alt=\"Tornarssuk - andi \u00far in\u00fa\u00edta-hef\u00f0inni, s\u00f6gulega myndskreytt\" srcset=\"https:\/\/iwell-guard.com\/wp-content\/uploads\/2026\/05\/geister_inuit_tornarssuk-683x1024.webp 683w, https:\/\/iwell-guard.com\/wp-content\/uploads\/2026\/05\/geister_inuit_tornarssuk-200x300.webp 200w, https:\/\/iwell-guard.com\/wp-content\/uploads\/2026\/05\/geister_inuit_tornarssuk-768x1152.webp 768w, https:\/\/iwell-guard.com\/wp-content\/uploads\/2026\/05\/geister_inuit_tornarssuk.webp 1024w\" sizes=\"(max-width: 683px) 100vw, 683px\" \/>\t\t\t\t\t\t\t\t\t\t\t\t\t\t\t<\/div>\n\t\t\t\t<\/div>\n\t\t\t\t\t<\/div>\n\t\t\t\t<\/div>\n\t\t\t\t<section class=\"elementor-section elementor-top-section elementor-element elementor-element-sec-iwgcomp-tornarssuk elementor-section-boxed elementor-section-height-default elementor-section-height-default\" data-id=\"sec-iwgcomp-tornarssuk\" data-element_type=\"section\" data-e-type=\"section\">\n\t\t\t\t\t\t<div class=\"elementor-container elementor-column-gap-default\">\n\t\t\t\t\t<div class=\"elementor-column elementor-col-100 elementor-top-column elementor-element elementor-element-col-iwgcomp-tornarssuk\" data-id=\"col-iwgcomp-tornarssuk\" data-element_type=\"column\" data-e-type=\"column\">\n\t\t\t<div class=\"elementor-widget-wrap elementor-element-populated\">\n\t\t\t\t\t\t<div class=\"elementor-element elementor-element-iwgcomp-tornarssuk elementor-widget elementor-widget-text-editor\" data-id=\"iwgcomp-tornarssuk\" data-element_type=\"widget\" data-e-type=\"widget\" data-widget_type=\"text-editor.default\">\n\t\t\t\t\t\t\t\t\t<p>Tornarssuk, valdamesti verndarandi <strong>in\u00fa\u00edta sjamana<\/strong>, er angakkut a\u00f0alhj\u00e1lpari \u00ed lei\u00f0sluframkv\u00e6md \u00feeirra.<\/p>\t\t\t\t\t\t\t\t<\/div>\n\t\t\t\t\t<\/div>\n\t\t<\/div>\n\t\t\t\t\t<\/div>\n\t\t<\/section>\n\t\t<div class=\"elementor-element elementor-element-iwgw-tornarssuk-s0 e-flex e-con-boxed e-con e-parent\" data-id=\"iwgw-tornarssuk-s0\" data-element_type=\"container\" data-e-type=\"container\">\n\t\t\t\t\t<div class=\"e-con-inner\">\n\t\t\t\t<div class=\"elementor-element elementor-element-iwgw-tornarssuk-s0h elementor-widget elementor-widget-heading\" data-id=\"iwgw-tornarssuk-s0h\" data-element_type=\"widget\" data-e-type=\"widget\" data-widget_type=\"heading.default\">\n\t\t\t\t\t<h2 class=\"elementor-heading-title elementor-size-default\">Greining og skammrit<\/h2>\t\t\t\t<\/div>\n\t\t<div class=\"elementor-element elementor-element-iwgw-tornarssuk-s0c e-con-full e-flex e-con e-child\" data-id=\"iwgw-tornarssuk-s0c\" data-element_type=\"container\" data-e-type=\"container\">\n\t\t\t\t<div class=\"elementor-element elementor-element-iwgw-tornarssuk-s0t elementor-widget elementor-widget-text-editor\" data-id=\"iwgw-tornarssuk-s0t\" data-element_type=\"widget\" data-e-type=\"widget\" data-widget_type=\"text-editor.default\">\n\t\t\t\t\t\t\t\t\t<p>\u00cd tr\u00faarbrag\u00f0afr\u00e6\u00f0ilegum skilningi tilheyrir Tornarssuk flokki hj\u00e1lparanda sem <span class=\"iwg-fachbegriff\" data-tooltip=\"Tr\u00faarlegur s\u00e9rfr\u00e6\u00f0ingur sem talinn er mi\u00f0la milli manna og andaheims.\" tabindex=\"0\">sjaman<\/span> framkv\u00e6mir hlutverk sitt me\u00f0. \u00d3l\u00edkt <a href=\"https:\/\/iwell-guard.com\/is\/?page_id=168999\">Sednu<\/a> er hann ekki alheimsvirk h\u00fasm\u00f3\u00f0ir d\u00fdranna, heldur eining sem er einstaklingsbundin tengd sjamaninum og tekur um lei\u00f0 sameiginlega sess sem \u00e6\u00f0sta stig me\u00f0al hj\u00e1lparanda.<\/p><p>\u00deessi tv\u00f6falda \u00e1kv\u00f6r\u00f0un, b\u00e6\u00f0i sem einstaklingsbundinn og sameiginlegur <span class=\"iwg-fachbegriff\" data-tooltip=\"L\u00edkamslaus vera sem talin er hafa \u00e1hrif \u00ed heiminum.\" tabindex=\"0\">andi<\/span>, er tr\u00faarbrag\u00f0afyrirb\u00e6rafr\u00e6\u00f0ilega d\u00e6miger\u00f0 fyrir skautbundin sjaman\u00edsk stigveldi og a\u00f0greinir Tornarssuk sk\u00fdrt fr\u00e1 hinum efnahagslega r\u00edkjandi h\u00fasm\u00e6\u00f0rum d\u00fdranna.<\/p><p>Elstu l\u00fdsingarnar koma fr\u00e1 Gr\u00e6nlandi, \u00fear sem Hans Egede og sonur hans Paul Egede k\u00f6llu\u00f0u hann \u00e1 18. \u00f6ld hinn mikla tornak, \u00e6\u00f0stan me\u00f0al andanna sem \u00fej\u00f3na angakkuq.<\/p><p>Knud Rasmussen, Birket-Smith og s\u00ed\u00f0ar Daniel Merkur hafa b\u00e6tt vi\u00f0 \u00feessar heimildir fyrir kanad\u00edska mi\u00f0-heimskautssv\u00e6\u00f0i\u00f0 og s\u00fdnt fram \u00e1 a\u00f0 Tornarssuk gegnir s\u00e9rst\u00f6ku hlutverki innan tornait-stigveldisins. \u00deetta hlutverk ber a\u00f0 sko\u00f0a sem sv\u00e6\u00f0isbundi\u00f0 breytilegt, mi\u00f0st\u00fdr\u00f0ur skilningur n\u00e6r of skammt.<\/p><p>\u00deetta hlutverk gerir Tornarssuk a\u00f0 lykilhugtaki \u00ed hverri l\u00fdsingu \u00e1 <span class=\"iwg-fachbegriff\" data-tooltip=\"Tr\u00faarlegt kerfi \u00fear sem s\u00e9rfr\u00e6\u00f0ingar hafa samskipti vi\u00f0 andaheiminn.\" tabindex=\"0\">sjamanisma<\/span> in\u00fa\u00edta. S\u00e1 sem skilur stigveldi hj\u00e1lparandanna, skilur hvernig vald sjamans er byggt upp, framselt og, ef \u00fe\u00f6rf krefur, teki\u00f0 af honum. V\u00edsindalega er \u00feessi skilningsl\u00edna vi\u00f0mi\u00f0andi fyrir alla sjamanismaranns\u00f3kn og hefur haft mikil \u00e1hrif \u00e1 s\u00ed\u00f0ari samanbur\u00f0ar-tr\u00faar\u00fej\u00f3\u00f0fr\u00e6\u00f0i, einkum \u00ed verkum Mircea Eliade.<\/p><p>Hin tr\u00faars\u00f6gulega d\u00fdpt hugmyndarinnar um Tornarssuk hefur rata\u00f0 inn \u00ed n\u00fdlendufr\u00e1hvarfs-<span class=\"iwg-fachbegriff\" data-tooltip=\"V\u00edsindin sem rannsaka tr\u00faarbr\u00f6g\u00f0 samanbur\u00f0arlega og \u00e1n tr\u00faarlegrar skuldbindingar.\" tabindex=\"0\">tr\u00faarbrag\u00f0afr\u00e6\u00f0i<\/span>. In\u00fa\u00edta-fr\u00e6\u00f0ikonur eins og Aaju Peter e\u00f0a Rachel Qitsualik hafa \u00ed framl\u00f6gum s\u00ednum bent \u00e1 a\u00f0 vi\u00f0eigandi framsetning \u00e1 Tornarssuk s\u00e9 a\u00f0eins m\u00f6guleg \u00ed n\u00e1nu samstarfi vi\u00f0 \u00feekkingarsamf\u00e9lag in\u00fa\u00edta.<\/p><p>Tr\u00faarbrag\u00f0afyrirb\u00e6rafr\u00e6\u00f0ileg \u00farvinnsla \u00feessarar veru er \u00fev\u00ed engan veginn loki\u00f0. H\u00fan er \u00fevert \u00e1 m\u00f3ti \u00ed a\u00f0fer\u00f0afr\u00e6\u00f0ilega \u00edgrunda\u00f0ri endurm\u00f3tun.<\/p><p>N\u00fdrri ranns\u00f3knir n\u00e1lgast hinn \u00e6\u00f0sta me\u00f0al tornait me\u00f0 v\u00ed\u00f0t\u00e6kari a\u00f0fer\u00f0afr\u00e6\u00f0ilegum t\u00e6kjum sem sameina \u00fej\u00f3\u00f0fr\u00e6\u00f0ilega n\u00e1kv\u00e6mni, m\u00e1lgagnr\u00fdna sko\u00f0un <span class=\"iwg-fachbegriff\" data-tooltip=\"Mi\u00f0lun \u00feekkingar og fr\u00e1sagna milli kynsl\u00f3\u00f0a.\" tabindex=\"0\">munnlegrar hef\u00f0ar<\/span> og samanbur\u00f0arlega flokkun. \u00dea\u00f0 a\u00f0 \u00feekkingarsamf\u00e9lag in\u00fa\u00edta sj\u00e1lft taki n\u00fa \u00fe\u00e1tt \u00ed \u00feessari \u00farvinnslu er s\u00e9rstaklega \u00fe\u00fd\u00f0ingarmiki\u00f0 hva\u00f0 Tornarssuk var\u00f0ar: \u00feannig eru elstu, a\u00f0 hluta n\u00fdlendulita\u00f0ar l\u00fdsingar tr\u00fabo\u00f0anna Egede lei\u00f0r\u00e9ttar innan fr\u00e1.<\/p>\t\t\t\t\t\t\t\t<\/div>\n\t\t\t\t<\/div>\n\t\t\t\t\t<\/div>\n\t\t\t\t<\/div>\n\t\t<div class=\"elementor-element elementor-element-iwgw-tornarssuk-s1 e-flex e-con-boxed e-con e-parent\" data-id=\"iwgw-tornarssuk-s1\" data-element_type=\"container\" data-e-type=\"container\">\n\t\t\t\t\t<div class=\"e-con-inner\">\n\t\t\t\t<div class=\"elementor-element elementor-element-iwgw-tornarssuk-s1h elementor-widget elementor-widget-heading\" data-id=\"iwgw-tornarssuk-s1h\" data-element_type=\"widget\" data-e-type=\"widget\" data-widget_type=\"heading.default\">\n\t\t\t\t\t<h2 class=\"elementor-heading-title elementor-size-default\">Nafn, or\u00f0sifjar og or\u00f0afj\u00f6lskylda<\/h2>\t\t\t\t<\/div>\n\t\t<div class=\"elementor-element elementor-element-iwgw-tornarssuk-s1c e-con-full e-flex e-con e-child\" data-id=\"iwgw-tornarssuk-s1c\" data-element_type=\"container\" data-e-type=\"container\">\n\t\t\t\t<div class=\"elementor-element elementor-element-iwgw-tornarssuk-s1t elementor-widget elementor-widget-text-editor\" data-id=\"iwgw-tornarssuk-s1t\" data-element_type=\"widget\" data-e-type=\"widget\" data-widget_type=\"text-editor.default\">\n\t\t\t\t\t\t\t\t\t<p>Nafni\u00f0 Tornarssuk er dregi\u00f0 af stofninum <em>torna-<\/em>, sem \u00ed in\u00fa\u00edtam\u00e1lum t\u00e1knar <span class=\"iwg-fachbegriff\" data-tooltip=\"L\u00edkamslaus vera sem talin er hafa \u00e1hrif \u00ed heiminum.\" tabindex=\"0\">anda<\/span>, hj\u00e1lparanda, hi\u00f0 yfirn\u00e1tt\u00farlega vera. Vi\u00f0skeyti\u00f0 <em>-rsuaq<\/em> e\u00f0a <em>-rssuaq<\/em> t\u00e1knar hi\u00f0 mikla, mikilv\u00e6ga, fremsta.<\/p><p>Tornarssuk er \u00feannig or\u00f0r\u00e9ttlega hinn mikli <span class=\"iwg-fachbegriff\" data-tooltip=\"L\u00edkamslaus vera sem talin er hafa \u00e1hrif \u00ed heiminum.\" tabindex=\"0\">andi<\/span> e\u00f0a \u00e6\u00f0sti tornait. \u00deessi or\u00f0myndun er m\u00e1lfr\u00e6\u00f0ilega sk\u00fdr og v\u00edsindalega uppl\u00fdsandi, \u00fev\u00ed h\u00fan bendir beint til st\u00f6\u00f0unnar innan hjerark\u00edunnar me\u00f0 nafninu sj\u00e1lfu.<\/p><p>\u00cd gr\u00e6nlenskri m\u00e1ll\u00fdsku vesturgr\u00e6nlendinga er formi\u00f0 <em>Tornaarsuk<\/em> e\u00f0a <em>Toornaarsuk<\/em> algengt, \u00ed in\u00faktit\u00fat-hef\u00f0 Kanada auk \u00feess <em>Tuurngarsuk<\/em>. Fj\u00f6lbreytni stafsetninganna endurspeglar m\u00e1ls\u00f6gulegar breytingar og umritunarhef\u00f0ir hvers fr\u00e6\u00f0imanns.<\/p><p>\u00cd n\u00fat\u00edma rith\u00e1ttarhef\u00f0 in\u00fa\u00edta hefur enn ekki myndast eitt samr\u00e6mt form, sem gerir v\u00edsindalega umr\u00e6\u00f0u erfi\u00f0ari og er \u00e1 sama t\u00edma d\u00e6mi um yfirstandandi sta\u00f0laspurningar frumbyggjatungum\u00e1la.<\/p><p>Or\u00f0afj\u00f6lskyldan er st\u00f3r. <em>Tornait<\/em> (fleirtala) t\u00e1knar hj\u00e1lparandana almennt, <em>tornaq<\/em> (eintala) einn tiltekinn hj\u00e1lparanda. <em>Tornarsuit<\/em> e\u00f0a \u00e1\u00feekk form t\u00e1kna samheiti yfir volduga anda. Tornarssuk stendur \u00ed broddi \u00feessa merkingarsvi\u00f0s og er m\u00e1lfr\u00e6\u00f0ilega sk\u00fdrt sem yfirstigsmyndun, sem s\u00f6gulega bendir til vaxinnar hjerark\u00edu og er tr\u00faarfyrirb\u00e6rafr\u00e6\u00f0ilega einkennandi fyrir hjerark\u00edskt skipulag\u00f0a andaheima.<\/p>\t\t\t\t\t\t\t\t<\/div>\n\t\t\t\t<\/div>\n\t\t\t\t\t<\/div>\n\t\t\t\t<\/div>\n\t\t<div class=\"elementor-element elementor-element-iwgw-tornarssuk-s2 e-flex e-con-boxed e-con e-parent\" data-id=\"iwgw-tornarssuk-s2\" data-element_type=\"container\" data-e-type=\"container\">\n\t\t\t\t\t<div class=\"e-con-inner\">\n\t\t\t\t<div class=\"elementor-element elementor-element-iwgw-tornarssuk-s2h elementor-widget elementor-widget-heading\" data-id=\"iwgw-tornarssuk-s2h\" data-element_type=\"widget\" data-e-type=\"widget\" data-widget_type=\"heading.default\">\n\t\t\t\t\t<h2 class=\"elementor-heading-title elementor-size-default\">Ger\u00f0 og l\u00fdsing<\/h2>\t\t\t\t<\/div>\n\t\t<div class=\"elementor-element elementor-element-iwgw-tornarssuk-s2c e-con-full e-flex e-con e-child\" data-id=\"iwgw-tornarssuk-s2c\" data-element_type=\"container\" data-e-type=\"container\">\n\t\t\t\t<div class=\"elementor-element elementor-element-iwgw-tornarssuk-s2t elementor-widget elementor-widget-text-editor\" data-id=\"iwgw-tornarssuk-s2t\" data-element_type=\"widget\" data-e-type=\"widget\" data-widget_type=\"text-editor.default\">\n\t\t\t\t\t\t\t\t\t<p>L\u00fdsingarnar \u00e1 Tornarssuk eru mj\u00f6g misjafnar. Hans Egede l\u00fdsir honum sem formlausri, \u00f3h\u00f6ndlanlegri st\u00e6r\u00f0 sem <span class=\"iwg-fachbegriff\" data-tooltip=\"Tr\u00faarlegur s\u00e9rfr\u00e6\u00f0ingur sem talinn er mi\u00f0la milli manna og andaheimsins.\" tabindex=\"0\">sjamaninn<\/span> hittir \u00ed lei\u00f0slu\u00e1standi. A\u00f0rar heimildir \u00feekkja hann \u00ed bjarnargervi, sem gerir tengslin vi\u00f0 <a href=\"https:\/\/iwell-guard.com\/is\/?page_id=169005\">Nanook<\/a>, \u00edsbjarnaranda, n\u00e1in.<\/p><p>\u00cd heimildum fr\u00e1 Iglulik er tala\u00f0 um risavaxi\u00f0, hv\u00edtt, hundsl\u00edkt e\u00f0a selsl\u00edkt verund. \u00deessi breytileiki er engan veginn tilviljanakenndur. Hann endurspeglar s\u00e9rt\u00e6ka reynslu hvers sjamans og sta\u00f0bundnar a\u00f0st\u00e6\u00f0ur.<\/p><p>V\u00edsindalega s\u00e9\u00f0 er \u00feessi breytileiki ekki \u00f3samr\u00e6mi heldur v\u00edsbending um umbreytilegt e\u00f0li hj\u00e1lparanda. Tornarssuk birtist sjamaninum \u00ed \u00feeirri mynd sem samsvarar vi\u00f0komandi k\u00f6llu\u00f0unars\u00f6gu og sta\u00f0bundinni hef\u00f0.<\/p><p>\u00dea\u00f0 sem eftir stendur er hlutverki\u00f0: fylgd inn \u00ed handanheiminn, verndun gegn fjandsamlegum \u00f6ndum, mi\u00f0lun til Sednu og annarra verunda. \u00deessi virknilega festa vi\u00f0 formlegan breytileika er sj\u00e1lfst\u00e6tt fyrirb\u00e6ri \u00ed tr\u00faarbrag\u00f0afr\u00e6\u00f0ilegri fyrirb\u00e6rafr\u00e6\u00f0i.<\/p><p>\u00cd heimildum sem eru undirlag\u00f0ar kristnum \u00e1hrifum, s\u00e9rstaklega fr\u00e1 seinni hluta 18. og 19. aldar, er Tornarssuk a\u00f0 hluta samsama\u00f0ur kristna dj\u00f6flinum. \u00deessa tr\u00fabo\u00f0slegu endurt\u00falkun ber v\u00edsindalega a\u00f0 lesa sem utana\u00f0komandi \u00e1sk\u00f6pun, ekki upprunalega merkingu sj\u00e1lfs fyrirb\u00e6risins.<\/p><p>H\u00fan hefur \u00fe\u00f3 skili\u00f0 eftir spor \u00ed gr\u00e6nlenskri sj\u00e1lfsmynd allt fram \u00e1 20. \u00f6ld, og gerir v\u00edsindalega heimildar\u00fdni krefjandi, \u00fev\u00ed s\u00ed\u00f0ari innf\u00e6dd sj\u00e1lfsl\u00fdsing er \u00feegar m\u00f3tu\u00f0 af tr\u00fabo\u00f0slegum s\u00edum.<\/p>\t\t\t\t\t\t\t\t<\/div>\n\t\t\t\t<\/div>\n\t\t\t\t\t<\/div>\n\t\t\t\t<\/div>\n\t\t<div class=\"elementor-element elementor-element-iwgw-tornarssuk-s3 e-flex e-con-boxed e-con e-parent\" data-id=\"iwgw-tornarssuk-s3\" data-element_type=\"container\" data-e-type=\"container\">\n\t\t\t\t\t<div class=\"e-con-inner\">\n\t\t\t\t<div class=\"elementor-element elementor-element-iwgw-tornarssuk-s3h elementor-widget elementor-widget-heading\" data-id=\"iwgw-tornarssuk-s3h\" data-element_type=\"widget\" data-e-type=\"widget\" data-widget_type=\"heading.default\">\n\t\t\t\t\t<h2 class=\"elementor-heading-title elementor-size-default\">K\u00f6llu\u00f0un angakkuq af Tornarssuk<\/h2>\t\t\t\t<\/div>\n\t\t<div class=\"elementor-element elementor-element-iwgw-tornarssuk-s3c e-con-full e-flex e-con e-child\" data-id=\"iwgw-tornarssuk-s3c\" data-element_type=\"container\" data-e-type=\"container\">\n\t\t\t\t<div class=\"elementor-element elementor-element-iwgw-tornarssuk-s3t elementor-widget elementor-widget-text-editor\" data-id=\"iwgw-tornarssuk-s3t\" data-element_type=\"widget\" data-e-type=\"widget\" data-widget_type=\"text-editor.default\">\n\t\t\t\t\t\t\t\t\t<p>Samkv\u00e6mt hugmyndum in\u00fa\u00edta var\u00f0 <span class=\"iwg-fachbegriff\" data-tooltip=\"Tr\u00faarlegur s\u00e9rfr\u00e6\u00f0ingur sem talinn er mi\u00f0la milli manna og andaheimsins.\" tabindex=\"0\">sjamani<\/span> til fyrir k\u00f6llun, ekkert n\u00e1m leiddi til \u00feessa emb\u00e6ttis. \u00deessi k\u00f6llun fer fram fyrir tilstilli Tornait og s\u00e9rstaklega Tornarssuk.<\/p><p>Oft gengur s\u00ed\u00f0ar tilvonandi angakkuq gegnum kr\u00edsureynslu \u00fear sem <span class=\"iwg-fachbegriff\" data-tooltip=\"\u00d3efnisleg verund sem talin er hafa \u00e1hrif \u00ed heiminum.\" tabindex=\"0\">andi<\/span> birtist honum og veitir honum m\u00e1tt sinn. \u00deessi upphafskr\u00edsa er v\u00edsindalega d\u00e6migert mynstur \u00ed hringskautssjamanisma og er skjalfest \u00ed fj\u00f6lm\u00f6rgum menningarheimum Evras\u00edu og Nor\u00f0ur-Amer\u00edku.<\/p><p>Daniel Merkur hefur \u00ed <em>Becoming Half Hidden<\/em> l\u00fdst d\u00e6miger\u00f0ri atbur\u00f0ar\u00f6\u00f0: upphafskr\u00edsa, einangrun, s\u00fdnir af beinsundurgreiningu, og a\u00f0 lokum vi\u00f0taka af hendi Tornarssuk sem lei\u00f0ir hinn upprunna inn \u00ed kerfi hj\u00e1lparanda.<\/p><p>A\u00f0eins eftir \u00feessa innlei\u00f0ingu getur angakkuq unni\u00f0 s\u00e9r fleiri Tornait, en Tornarssuk er \u00e1vallt s\u00e1 efsti \u00ed valdar\u00f6\u00f0inni. \u00deessi skipulag\u00f0a atbur\u00f0ar\u00f6\u00f0 er v\u00edsindalega vel skjalfest og sta\u00f0fest \u00ed m\u00f6rgum sta\u00f0bundnum \u00fatg\u00e1fum.<\/p><p>\u00deetta k\u00f6llu\u00f0unarferli hefur veri\u00f0 r\u00e6dd \u00ed samanbur\u00f0arranns\u00f3knum \u00e1 sjamanisma sem klass\u00edskt d\u00e6mi um hringskautslegt andahj\u00f3naband og <span class=\"iwg-fachbegriff\" data-tooltip=\"\u00d3efnisleg verund sem talin er hafa \u00e1hrif \u00ed heiminum.\" tabindex=\"0\">anda<\/span>-\u00e6ttlei\u00f0ingu, me\u00f0al annars hj\u00e1 Eliade og s\u00ed\u00f0ar Roberte Hamayon. Skipulagslegur st\u00f6\u00f0ugleiki \u00feessa mynstur yfir \u00fe\u00fasundir k\u00edl\u00f3metra er sj\u00e1lfst\u00e6\u00f0 ni\u00f0ursta\u00f0a \u00ed tr\u00faarbrag\u00f0afr\u00e6\u00f0ilegri fyrirb\u00e6rafr\u00e6\u00f0i og bendir til sameiginlegrar r\u00f3tar, \u00fe\u00f3tt n\u00e1kv\u00e6m s\u00f6guleg mi\u00f0lun hennar s\u00e9 \u00e1fram vangaveltur.<\/p><p>Mikilv\u00e6g a\u00f0greining var\u00f0ar kynjav\u00eddd k\u00f6llunarinnar. \u00dear sem Sednu-<span class=\"iwg-fachbegriff\" data-tooltip=\"V\u00edsindaleg fr\u00e6\u00f0i um Gu\u00f0 og tr\u00fa innan tr\u00faarbrag\u00f0s.\" tabindex=\"0\">gu\u00f0fr\u00e6\u00f0in<\/span> er sk\u00fdrt kvenkyns merkt, getur Tornarssuk-<span class=\"iwg-fachbegriff\" data-tooltip=\"\u00d3efnisleg verund sem talin er hafa \u00e1hrif \u00ed heiminum.\" tabindex=\"0\">andi<\/span> kalla\u00f0 b\u00e6\u00f0i karlkyns og kvenkyns sjamana. V\u00edsbendingar um kvenkyns angakkuit sem unnu me\u00f0 Tornarssuk finnast \u00ed heimildum fr\u00e1 Iglulik og Netsilik, sem hrekur kenninguna um a\u00f0 sjamanahlutverki\u00f0 hafi eing\u00f6ngu veri\u00f0 karlkyns.<\/p>\t\t\t\t\t\t\t\t<\/div>\n\t\t\t\t<\/div>\n\t\t\t\t\t<\/div>\n\t\t\t\t<\/div>\n\t\t<div class=\"elementor-element elementor-element-iwgw-tornarssuk-s4 e-flex e-con-boxed e-con e-parent\" data-id=\"iwgw-tornarssuk-s4\" data-element_type=\"container\" data-e-type=\"container\">\n\t\t\t\t\t<div class=\"e-con-inner\">\n\t\t\t\t<div class=\"elementor-element elementor-element-iwgw-tornarssuk-s4h elementor-widget elementor-widget-heading\" data-id=\"iwgw-tornarssuk-s4h\" data-element_type=\"widget\" data-e-type=\"widget\" data-widget_type=\"heading.default\">\n\t\t\t\t\t<h2 class=\"elementor-heading-title elementor-size-default\">Sjaman\u00edsk i\u00f0kun me\u00f0 Tornarssuk<\/h2>\t\t\t\t<\/div>\n\t\t<div class=\"elementor-element elementor-element-iwgw-tornarssuk-s4c e-con-full e-flex e-con e-child\" data-id=\"iwgw-tornarssuk-s4c\" data-element_type=\"container\" data-e-type=\"container\">\n\t\t\t\t<div class=\"elementor-element elementor-element-iwgw-tornarssuk-s4t elementor-widget elementor-widget-text-editor\" data-id=\"iwgw-tornarssuk-s4t\" data-element_type=\"widget\" data-e-type=\"widget\" data-widget_type=\"text-editor.default\">\n\t\t\t\t\t\t\t\t\t<p>\u00cd hagn\u00fdtri framkv\u00e6md virkar Tornarssuk sem magnari og fylgdarma\u00f0ur. \u00cd fer\u00f0inni til Sednu n\u00fdtur <span class=\"iwg-fachbegriff\" data-tooltip=\"Tr\u00faarlegur s\u00e9rfr\u00e6\u00f0ingur sem talinn er mi\u00f0la milli manna og andaheims.\" tabindex=\"0\">sjamaninn<\/span> verndar Tornarssuks \u00ed sta\u00f0 \u00feess a\u00f0 fara einn.<\/p><p>\u00deegar fjandsamlegir andar eru annars vegar er Tornarssuk kalla\u00f0ur til a\u00f0 skipuleggja m\u00f3tspyrnu. Vi\u00f0 sj\u00fakd\u00f3msgreiningu bendir hann \u00e1 broti\u00f0 bannhelgi e\u00f0a ska\u00f0legan <span class=\"iwg-fachbegriff\" data-tooltip=\"L\u00edkamslaus vera sem talin er hafa \u00e1hrif \u00ed heiminum.\" tabindex=\"0\">anda<\/span> sem liggur a\u00f0 baki. \u00deessi fj\u00f6lbreytni hlutverka gerir hann a\u00f0 lykila\u00f0ger\u00f0ara\u00f0ila \u00ed <span class=\"iwg-fachbegriff\" data-tooltip=\"Tr\u00faarlegt kerfi \u00fear sem s\u00e9rfr\u00e6\u00f0ingar hafa samskipti vi\u00f0 andaheiminn.\" tabindex=\"0\">sjamanisma<\/span> in\u00fa\u00edta.<\/p><p><span class=\"iwg-fachbegriff\" data-tooltip=\"Bi\u00f0jandi e\u00f0a \u00e1kallandi \u00e1varp til gu\u00f0d\u00f3ms e\u00f0a m\u00e1ttar.\" tabindex=\"0\">\u00c1kalli\u00f0<\/span> f\u00f3r hef\u00f0bundi\u00f0 fram me\u00f0 trommu, s\u00f6ng og \u00f6ndunarst\u00fdr\u00f0ri lei\u00f0slu. <span class=\"iwg-fachbegriff\" data-tooltip=\"Tr\u00faarlegur s\u00e9rfr\u00e6\u00f0ingur sem talinn er mi\u00f0la milli manna og andaheims.\" tabindex=\"0\">Sjamaninn<\/span> tala\u00f0i \u00e1 helgisi\u00f0abundnu leynim\u00e1li sem nefnt var <em>angakkuq taig<\/em>. Or\u00f0 sem voru bannhelgi \u00ed daglegu l\u00edfi m\u00e1ttu nota \u00ed \u00feessu andam\u00e1li.<\/p><p>Tornarssuk svara\u00f0i stundum me\u00f0 r\u00f6dd \u00far bakgrunni, stundum me\u00f0 l\u00edkamlegum t\u00e1knum \u00e1 sjamaninum sj\u00e1lfum. \u00deessi tv\u00f6falda framsetning er v\u00edsindalega d\u00e6migert einkenni lei\u00f0slutengdra samskipta \u00ed skautbundnum tr\u00faarbr\u00f6g\u00f0um.<\/p><p>Mikilv\u00e6g er gagnkv\u00e6mnin: Tornarssuk krefst trygg\u00f0ar, si\u00f0fer\u00f0ilegs hei\u00f0arleika og vir\u00f0ingar fyrir bannhelgi af sjamaninum. <span class=\"iwg-fachbegriff\" data-tooltip=\"Tr\u00faarlegur s\u00e9rfr\u00e6\u00f0ingur sem talinn er mi\u00f0la milli manna og andaheims.\" tabindex=\"0\">Sjaman<\/span> sem reitir tornait s\u00edna til rei\u00f0i missir m\u00e1tt sinn, getur veikst e\u00f0a jafnvel veri\u00f0 drepinn af \u00feeim.<\/p><p>Sjaman\u00edskt vald er \u00fev\u00ed ekki eiginleiki sem er \u00ed eigu manns, heldur samband sem \u00fearf s\u00edfellt a\u00f0 r\u00e6kta. \u00deessi gagnkv\u00e6mni m\u00f3tar alla tr\u00faari\u00f0ju in\u00fa\u00edta og gerir hana a\u00f0 sk\u00fdrri sambandsgu\u00f0fr\u00e6\u00f0i \u00fear sem allt vald ver\u00f0ur til \u00ed tengslum.<\/p>\t\t\t\t\t\t\t\t<\/div>\n\t\t\t\t<\/div>\n\t\t\t\t\t<\/div>\n\t\t\t\t<\/div>\n\t\t<div class=\"elementor-element elementor-element-iwgw-tornarssuk-s5 e-flex e-con-boxed e-con e-parent\" data-id=\"iwgw-tornarssuk-s5\" data-element_type=\"container\" data-e-type=\"container\">\n\t\t\t\t\t<div class=\"e-con-inner\">\n\t\t\t\t<div class=\"elementor-element elementor-element-iwgw-tornarssuk-s5h elementor-widget elementor-widget-heading\" data-id=\"iwgw-tornarssuk-s5h\" data-element_type=\"widget\" data-e-type=\"widget\" data-widget_type=\"heading.default\">\n\t\t\t\t\t<h2 class=\"elementor-heading-title elementor-size-default\">Tornarssuk \u00ed samhengi vi\u00f0 Sednu og Silu<\/h2>\t\t\t\t<\/div>\n\t\t<div class=\"elementor-element elementor-element-iwgw-tornarssuk-s5c e-con-full e-flex e-con e-child\" data-id=\"iwgw-tornarssuk-s5c\" data-element_type=\"container\" data-e-type=\"container\">\n\t\t\t\t<div class=\"elementor-element elementor-element-iwgw-tornarssuk-s5t elementor-widget elementor-widget-text-editor\" data-id=\"iwgw-tornarssuk-s5t\" data-element_type=\"widget\" data-e-type=\"widget\" data-widget_type=\"text-editor.default\">\n\t\t\t\t\t\t\t\t\t<p>Tornarssuk stendur \u00ed \u00fer\u00edhli\u00f0a sambandi vi\u00f0 <a href=\"https:\/\/iwell-guard.com\/is\/?page_id=168999\">Sednu<\/a> og <a href=\"https:\/\/iwell-guard.com\/is\/?page_id=169000\">Silu<\/a>. \u00dear sem Sedna stj\u00f3rnar efnahagslegri au\u00f0lind sj\u00e1vard\u00fdra og Sila tryggir hina heimsfr\u00e6\u00f0ilega-ve\u00f0urfarslegu skipan, er Tornarssuk hinn sjaman\u00edsk-hagn\u00fdti millig\u00f6nguma\u00f0ur.<\/p><p>Hann er ekki jafn umfangsmikill og Sila, ekki jafn efnahagslega mi\u00f0l\u00e6gur og Sedna, en hann er hin virka st\u00e6r\u00f0 sem engin \u00edhlutun \u00ed hinar svi\u00f0in v\u00e6ri m\u00f6guleg \u00e1n. \u00deessi virknilega \u00ferenning er sj\u00e1lfst\u00e6tt v\u00edsindalegt l\u00edkan af tr\u00faarbr\u00f6g\u00f0um in\u00fa\u00edta \u00e1 mi\u00f0heimskautasv\u00e6\u00f0inu.<\/p><p>Af \u00feessari millig\u00f6nguhlutverki dregst hin s\u00e9rstaka sta\u00f0a hans \u00ed sjamanab\u00f3kmenntum. \u00dear sem Sedna og Sila l\u00fdsa gu\u00f0fr\u00e6\u00f0ilega \u00fev\u00ed sem er, l\u00fdsir Tornarssuk \u00fev\u00ed sem gera m\u00e1. \u00deessi hagn\u00fdta \u00e1s er v\u00edsindalega einkenni sjaman\u00edskra tr\u00faarbrag\u00f0a um allan heim og a\u00f0greinir \u00feau fr\u00e1 hreinum \u00edhugunartr\u00faarbr\u00f6g\u00f0um sem eru huglei\u00f0slu- og sj\u00e1lfsko\u00f0unarmi\u00f0u\u00f0.<\/p><p>\u00cd nokkrum heimildum er Tornarssuk s\u00fdndur sem sonur e\u00f0a br\u00f3\u00f0ir Sednu. \u00deessar \u00e6ttfr\u00e6\u00f0ilegu tilv\u00edsanir eru mismunandi eftir sv\u00e6\u00f0um og \u00e6ttu ekki a\u00f0 vera settar \u00ed kerfi. Mikilv\u00e6gast er hin virknilega gagnkv\u00e6mni. V\u00edsindalega er freistingin mikil a\u00f0 byggja upp \u00feessi tengsl \u00e6ttfr\u00e6\u00f0ilega, en hef\u00f0 in\u00fa\u00edta \u00feekkir enga sl\u00edka kerfisbindingu og v\u00edkur s\u00e9r undan vestr\u00e6nni fj\u00f6lskyldul\u00f3g\u00edk gu\u00f0aheimsins.<\/p>\t\t\t\t\t\t\t\t<\/div>\n\t\t\t\t<\/div>\n\t\t\t\t\t<\/div>\n\t\t\t\t<\/div>\n\t\t<div class=\"elementor-element elementor-element-iwgw-tornarssuk-s6 e-flex e-con-boxed e-con e-parent\" data-id=\"iwgw-tornarssuk-s6\" data-element_type=\"container\" data-e-type=\"container\">\n\t\t\t\t\t<div class=\"e-con-inner\">\n\t\t\t\t<div class=\"elementor-element elementor-element-iwgw-tornarssuk-s6h elementor-widget elementor-widget-heading\" data-id=\"iwgw-tornarssuk-s6h\" data-element_type=\"widget\" data-e-type=\"widget\" data-widget_type=\"heading.default\">\n\t\t\t\t\t<h2 class=\"elementor-heading-title elementor-size-default\">Kristileg endurt\u00falkun og dj\u00f6fulgerving<\/h2>\t\t\t\t<\/div>\n\t\t<div class=\"elementor-element elementor-element-iwgw-tornarssuk-s6c e-con-full e-flex e-con e-child\" data-id=\"iwgw-tornarssuk-s6c\" data-element_type=\"container\" data-e-type=\"container\">\n\t\t\t\t<div class=\"elementor-element elementor-element-iwgw-tornarssuk-s6t elementor-widget elementor-widget-text-editor\" data-id=\"iwgw-tornarssuk-s6t\" data-element_type=\"widget\" data-e-type=\"widget\" data-widget_type=\"text-editor.default\">\n\t\t\t\t\t\t\t\t\t<p>Me\u00f0 tr\u00fabo\u00f0inu, sem h\u00f3fst me\u00f0 Hans Egede \u00e1ri\u00f0 1721 \u00e1 Vestur-Gr\u00e6nlandi, h\u00f3fst kerfisbundin endurt\u00falkun \u00e1 Tornarssuk. Tr\u00fabo\u00f0arnir sams\u00f6mu\u00f0u hann kristnum dj\u00f6flinum og \u00fe\u00fdddu hann jafnvel m\u00e1lfarslega \u00ed samr\u00e6mi vi\u00f0 \u00fea\u00f0.<\/p><p>\u00cd predikunum m\u00f3rav\u00edsku og d\u00f6nsku tr\u00fabo\u00f0anna var\u00f0 Tornarssuk \u00edmynd hins illa, sem kristin sk\u00edrn \u00e1tti a\u00f0 verja gegn. \u00deessi endurt\u00falkun var markviss og fylgdi a\u00f0fer\u00f0 til a\u00f0 r\u00fdra tr\u00faver\u00f0ugleika frumbyggjatr\u00faarbrag\u00f0a.<\/p><p>V\u00edsindalega er \u00feetta kennslub\u00f3kard\u00e6mi um dj\u00f6fulgervingu (demonization) frumbyggjahj\u00e1lparanda \u00ed samskiptum vi\u00f0 eingu\u00f0istr\u00fabo\u00f0. Upprunalega hlutverki\u00f0 sem verndarandi var kerfisbundi\u00f0 endurt\u00falka\u00f0 af tr\u00fabo\u00f0inu, sem leiddi hj\u00e1 frumbyggjam\u00e6lendum sj\u00e1lfum til tv\u00edr\u00e6\u00f0rar tv\u00f6faldrar merkingar: Tornarssuk gat, eftir samhengi, veri\u00f0 skilinn \u00fdmist sem hj\u00e1lparandi e\u00f0a sem dj\u00f6full.<\/p><p>\u00deessi merkingarlega klofning hefur \u00e1hrif fram \u00e1 \u00feennan dag. \u00cd n\u00fat\u00edma in\u00fakt\u00edt\u00fatextum getur <em>tornarssuk<\/em> b\u00e6\u00f0i veri\u00f0 nota\u00f0 tr\u00fafr\u00e6\u00f0ilega hlutlaust sem sjamanahj\u00e1lparandi og kristilega lita\u00f0 sem samheiti Satans. Munurinn r\u00e6\u00f0st af samhengi. V\u00edsindalega er \u00feessi tv\u00edr\u00e6\u00f0a or\u00f0notkun eigi\u00f0 ranns\u00f3knarsvi\u00f0 og d\u00e6mi um seigju n\u00fdlendulegra merkinga \u00ed frumbyggjam\u00e1lum.<\/p>\t\t\t\t\t\t\t\t<\/div>\n\t\t\t\t<\/div>\n\t\t\t\t\t<\/div>\n\t\t\t\t<\/div>\n\t\t<div class=\"elementor-element elementor-element-iwgw-tornarssuk-s7 e-flex e-con-boxed e-con e-parent\" data-id=\"iwgw-tornarssuk-s7\" data-element_type=\"container\" data-e-type=\"container\">\n\t\t\t\t\t<div class=\"e-con-inner\">\n\t\t\t\t<div class=\"elementor-element elementor-element-iwgw-tornarssuk-s7h elementor-widget elementor-widget-heading\" data-id=\"iwgw-tornarssuk-s7h\" data-element_type=\"widget\" data-e-type=\"widget\" data-widget_type=\"heading.default\">\n\t\t\t\t\t<h2 class=\"elementor-heading-title elementor-size-default\">Tengd hj\u00e1lparanda-hugt\u00f6k<\/h2>\t\t\t\t<\/div>\n\t\t<div class=\"elementor-element elementor-element-iwgw-tornarssuk-s7c e-con-full e-flex e-con e-child\" data-id=\"iwgw-tornarssuk-s7c\" data-element_type=\"container\" data-e-type=\"container\">\n\t\t\t\t<div class=\"elementor-element elementor-element-iwgw-tornarssuk-s7t elementor-widget elementor-widget-text-editor\" data-id=\"iwgw-tornarssuk-s7t\" data-element_type=\"widget\" data-e-type=\"widget\" data-widget_type=\"text-editor.default\">\n\t\t\t\t\t\t\t\t\t<p>\u00cd hringheimskautslegum samanbur\u00f0i samsvarar Tornarssuk skipulagslega <em>polezhniki<\/em> tsj\u00faktsjneskra sjamana, <em>kelet<\/em>-hj\u00e1lpurum, nenetsneskum <em>nguo<\/em>-tengslum og <a href=\"https:\/\/iwell-guard.com\/is\/sami-finnsk-ugrisk-hefd-noaidi-tromma\/\">s\u00f6mum<\/a> <em>saivo<\/em>-hj\u00e1lpurum. Hugmyndin um hj\u00e1lparanda sem stendur stigveldislega ofar \u00f6llum \u00f6\u00f0rum \u00f6ndum og samr\u00e6mir \u00fe\u00e1, er hringheimskautslegt einkenni og eitt af st\u00f6\u00f0ugustu ni\u00f0urst\u00f6\u00f0um samanbur\u00f0arranns\u00f3kna \u00e1 sjamanisma.<\/p><p>Einnig \u00ed Nor\u00f0ur-Amer\u00edku finnast hli\u00f0st\u00e6\u00f0ur, til d\u00e6mis <em>manido<\/em>-hj\u00e1lparar Ojibwe e\u00f0a <em>uxan<\/em>-hj\u00e1lparar undirheimskautslegra Athapaska.<\/p><p>V\u00edsindalega lei\u00f0ir \u00feetta til kenningarinnar um samfellt sjaman\u00edskt tr\u00faarlag me\u00f0fram heimskautasv\u00e6\u00f0inu og nor\u00f0l\u00e6gum sk\u00f3gum, \u00fear sem n\u00e1kv\u00e6m s\u00f6gulega tengsl eru umdeild, en skipulagsleg l\u00edkindi eru \u00f3tv\u00edr\u00e6\u00f0 og hafa veri\u00f0 vi\u00f0fangsefni umfangsmikilla samanbur\u00f0arranns\u00f3kna fr\u00e1 t\u00edmum A. Irving Hallowell.<\/p><p>Innan hef\u00f0ar in\u00fa\u00edta sj\u00e1lfrar er Tornarssuk n\u00e1i\u00f0 samofinn <a href=\"https:\/\/iwell-guard.com\/is\/?page_id=169002\">Tupilak<\/a>-\u00f6ndum, sem sem tilb\u00fanar \u00e1r\u00e1sarmyndir myndar hi\u00f0 neikv\u00e6\u00f0a m\u00f3tv\u00e6gi verndarhlutverksins, og <a href=\"https:\/\/iwell-guard.com\/is\/?page_id=169005\">Nanook<\/a>, en birnaform hans rennur a\u00f0 hluta saman vi\u00f0 Tornarssuk. \u00deessi innri samtvinnun er eigi\u00f0 ranns\u00f3knarsvi\u00f0 og s\u00fdnir hversu n\u00e1i\u00f0 einst\u00f6k hugt\u00f6k \u00ed go\u00f0aheimi in\u00fa\u00edta eru samofin.<\/p>\t\t\t\t\t\t\t\t<\/div>\n\t\t\t\t<\/div>\n\t\t\t\t\t<\/div>\n\t\t\t\t<\/div>\n\t\t<div class=\"elementor-element elementor-element-iwgw-tornarssuk-s8 e-flex e-con-boxed e-con e-parent\" data-id=\"iwgw-tornarssuk-s8\" data-element_type=\"container\" data-e-type=\"container\">\n\t\t\t\t\t<div class=\"e-con-inner\">\n\t\t\t\t<div class=\"elementor-element elementor-element-iwgw-tornarssuk-s8h elementor-widget elementor-widget-heading\" data-id=\"iwgw-tornarssuk-s8h\" data-element_type=\"widget\" data-e-type=\"widget\" data-widget_type=\"heading.default\">\n\t\t\t\t\t<h2 class=\"elementor-heading-title elementor-size-default\">Ranns\u00f3knir, vi\u00f0t\u00f6kur og sta\u00f0an \u00ed dag<\/h2>\t\t\t\t<\/div>\n\t\t<div class=\"elementor-element elementor-element-iwgw-tornarssuk-s8c e-con-full e-flex e-con e-child\" data-id=\"iwgw-tornarssuk-s8c\" data-element_type=\"container\" data-e-type=\"container\">\n\t\t\t\t<div class=\"elementor-element elementor-element-iwgw-tornarssuk-s8t elementor-widget elementor-widget-text-editor\" data-id=\"iwgw-tornarssuk-s8t\" data-element_type=\"widget\" data-e-type=\"widget\" data-widget_type=\"text-editor.default\">\n\t\t\t\t\t\t\t\t\t<p>Ranns\u00f3knir \u00e1 Tornarssuk eru mun minni umfangs en \u00e1 Sednu e\u00f0a Sila, sem stafar af \u00fev\u00ed hve hugtaki\u00f0 er bundi\u00f0 sjamanisma s\u00e9rstaklega. \u00dear sem <span class=\"iwg-fachbegriff\" data-tooltip=\"Tr\u00faarlegt kerfi \u00fear sem s\u00e9rfr\u00e6\u00f0ingar hafa samskipti vi\u00f0 andaheiminn.\" tabindex=\"0\">sjamanismi<\/span> hefur a\u00f0 mestu horfi\u00f0 \u00far opinberu r\u00fdmi vegna tr\u00fabo\u00f0s og n\u00fat\u00edmav\u00e6\u00f0ingar, er Tornarssuk minna s\u00fdnilegur \u00ed samt\u00edma sj\u00e1lfsmynd in\u00fa\u00edta en hinar st\u00f3ru heimsfr\u00e6\u00f0ilegu verur eins og Sedna e\u00f0a Sila.<\/p><p>\u00der\u00e1tt fyrir \u00feetta hefur endurvakning frumbyggjatr\u00faar fr\u00e1 1990 einnig f\u00e6rt Tornarssuk aftur \u00ed sj\u00f3narhorn ranns\u00f3kna. \u00cd skj\u00f6lum Inuit Heritage Trust og \u00ed ranns\u00f3knarl\u00ednu Fr\u00e9d\u00e9ric Laugrand er Tornarssuk l\u00fdst \u00e1 n\u00fd sem mi\u00f0l\u00e6gri pers\u00f3nu s\u00f6gulegrar sjamanamenningar. \u00deessi endurvakning er tr\u00faarfyrirb\u00e6rafr\u00e6\u00f0ilega afkastamikil og sty\u00f0ur endurger\u00f0 hinnar hef\u00f0bundnu tr\u00faar \u00e1 brei\u00f0ari emp\u00edr\u00edskum grundvelli.<\/p><p>\u00cd vi\u00f0t\u00f6ku utan frumbyggja er Tornarssuk til sta\u00f0ar \u00ed fantas\u00edu- og hlutverkaleikaheimum sem almennur st\u00f3r <span class=\"iwg-fachbegriff\" data-tooltip=\"L\u00edkamslaus vera sem eignu\u00f0 er verkun \u00ed heiminum.\" tabindex=\"0\">andi<\/span> e\u00f0a birnadj\u00f6full, oft \u00e1n s\u00f6guleg n\u00e1kv\u00e6mni. \u00deessi einf\u00f6ldun stendur \u00ed spennu vi\u00f0 hina fj\u00f6lbreyttu v\u00edsindalegu \u00farvinnslu og er eigi\u00f0 ranns\u00f3knarsvi\u00f0 tr\u00faarbrag\u00f0avi\u00f0t\u00f6ku og menningarlegrar eignauppt\u00f6ku frumbyggjahugtaka af vestr\u00e6nni fj\u00f6ldamenningu.<\/p><p>N\u00fdjasta v\u00edsindalega umr\u00e6\u00f0an um Tornarssuk sn\u00fdst um spurninguna hvernig hlutverk hans tengist n\u00fat\u00edma s\u00e1lfr\u00e6\u00f0ime\u00f0fer\u00f0arlegum hugt\u00f6kum um verndarpers\u00f3nur. \u00deetta samanbur\u00f0arsj\u00f3narhorn er umdeilt, \u00fear sem \u00fea\u00f0 h\u00e6ttir \u00e1 a\u00f0 s\u00e1lgera tr\u00faarlegt sj\u00e1lfst\u00e6\u00f0i Tornarssuk. Munurinn \u00e1 tr\u00faarlegum hj\u00e1lparanda og me\u00f0fer\u00f0arlegri verndarmynd er tr\u00faarfyrirb\u00e6rafr\u00e6\u00f0ilega afgerandi, jafnvel \u00fe\u00f3tt virknileg l\u00edkindi s\u00e9u til sta\u00f0ar.<\/p>\t\t\t\t\t\t\t\t<\/div>\n\t\t\t\t<\/div>\n\t\t\t\t\t<\/div>\n\t\t\t\t<\/div>\n\t\t<div class=\"elementor-element elementor-element-iwgw-tornarssuk-s9 e-flex e-con-boxed e-con e-parent\" data-id=\"iwgw-tornarssuk-s9\" data-element_type=\"container\" data-e-type=\"container\">\n\t\t\t\t\t<div class=\"e-con-inner\">\n\t\t\t\t<div class=\"elementor-element elementor-element-iwgw-tornarssuk-s9h elementor-widget elementor-widget-heading\" data-id=\"iwgw-tornarssuk-s9h\" data-element_type=\"widget\" data-e-type=\"widget\" data-widget_type=\"heading.default\">\n\t\t\t\t\t<h2 class=\"elementor-heading-title elementor-size-default\">Krossv\u00edsanir \u00ed or\u00f0asafninu<\/h2>\t\t\t\t<\/div>\n\t\t<div class=\"elementor-element elementor-element-iwgw-tornarssuk-s9c e-con-full e-flex e-con e-child\" data-id=\"iwgw-tornarssuk-s9c\" data-element_type=\"container\" data-e-type=\"container\">\n\t\t\t\t<div class=\"elementor-element elementor-element-iwgw-tornarssuk-s9t elementor-widget elementor-widget-text-editor\" data-id=\"iwgw-tornarssuk-s9t\" data-element_type=\"widget\" data-e-type=\"widget\" data-widget_type=\"text-editor.default\">\n\t\t\t\t\t\t\t\t\t<p>Tengd eru lemmun <a href=\"https:\/\/iwell-guard.com\/is\/?page_id=168999\">Sedna<\/a>, <a href=\"https:\/\/iwell-guard.com\/is\/?page_id=169000\">Sila<\/a>, <a href=\"https:\/\/iwell-guard.com\/is\/?page_id=169005\">Nanook<\/a>, <a href=\"https:\/\/iwell-guard.com\/is\/?page_id=169002\">Tupilak<\/a>, <a href=\"https:\/\/iwell-guard.com\/is\/?page_id=169003\">Anguta<\/a>, <a href=\"https:\/\/iwell-guard.com\/is\/?page_id=169004\">Pinga<\/a>, <a href=\"https:\/\/iwell-guard.com\/is\/?page_id=169006\">Igaluk<\/a>, <a href=\"https:\/\/iwell-guard.com\/is\/?page_id=169007\">Malina<\/a> og <a href=\"https:\/\/iwell-guard.com\/is\/?page_id=169008\">Qailertetang<\/a>. Menningarhluti <a href=\"https:\/\/iwell-guard.com\/is\/inuit-og-nordurslodir-sedna-tornit\/\">in\u00fa\u00edta-hef\u00f0in<\/a> veitir tr\u00faars\u00f6gulegt samhengi.<\/p><p>Skyldar hj\u00e1lparv\u00e6ttir \u00ed byggingu m\u00e1 finna \u00ed <a href=\"https:\/\/iwell-guard.com\/is\/sami-finnsk-ugrisk-hefd-noaidi-tromma\/\">s\u00f6m\u00edsku<\/a> lemmar\u00f6\u00f0inni, s\u00e9rstaklega \u00ed <em>Saivo<\/em>, sem er \u00ed senn landfr\u00e6\u00f0ilegt og shaman\u00edskt hugtak sem gegnir svipu\u00f0u hlutverki og Tornarssuk \u00ed hef\u00f0 in\u00fa\u00edta.<\/p>\t\t\t\t\t\t\t\t<\/div>\n\t\t\t\t<\/div>\n\t\t\t\t\t<\/div>\n\t\t\t\t<\/div>\n\t\t<div class=\"elementor-element elementor-element-cp2c1c9ae0 e-flex e-con-boxed e-con e-parent\" data-id=\"cp2c1c9ae0\" data-element_type=\"container\" data-e-type=\"container\">\n\t\t\t\t\t<div class=\"e-con-inner\">\n\t\t\t\t<div class=\"elementor-element elementor-element-cp25599ba9 elementor-widget elementor-widget-heading\" data-id=\"cp25599ba9\" data-element_type=\"widget\" data-e-type=\"widget\" data-widget_type=\"heading.default\">\n\t\t\t\t\t<h2 class=\"elementor-heading-title elementor-size-default\">Frumheimildar\u00fdni og hlutverk tr\u00fabo\u00f0s\u00fej\u00f3\u00f0fr\u00e6\u00f0innar<\/h2>\t\t\t\t<\/div>\n\t\t<div class=\"elementor-element elementor-element-cp2d6218ce e-flex e-con-boxed e-con e-child\" data-id=\"cp2d6218ce\" data-element_type=\"container\" data-e-type=\"container\">\n\t\t\t\t\t<div class=\"e-con-inner\">\n\t\t\t\t<div class=\"elementor-element elementor-element-cp29e845ac elementor-widget elementor-widget-text-editor\" data-id=\"cp29e845ac\" data-element_type=\"widget\" data-e-type=\"widget\" data-widget_type=\"text-editor.default\">\n\t\t\t\t\t\t\t\t\t<p>N\u00e6r allt sem gengur um Tornarssuk \u00ed evr\u00f3pskum ritum m\u00e1 rekja til \u00fer\u00f6ngs og vandme\u00f0farins heimildagrunns. \u00cd brennidepli er m\u00f3rav\u00edski tr\u00fabo\u00f0inn David Cranz, en <em>Historie von Gr\u00f6nland<\/em> (1765) hans er me\u00f0al elstu \u00edtarlegu l\u00fdsinga \u00e1 gr\u00e6nlensk-in\u00fa\u00edt\u00edskum hugmyndum.<\/p><p>Cranz l\u00fdsir Tornarssuk sem s\u00e9rlega m\u00e1ttugri v\u00e6ttaveru me\u00f0al andaveranna, sem <em>angakkoq<\/em>, hinn rit\u00faala s\u00e9rfr\u00e6\u00f0ingurinn, gat gert a\u00f0 hj\u00e1lparv\u00e6tti sinni. S\u00ed\u00f0ari s\u00f6fnu\u00f0armenn eins og Heinrich Johannes Rink \u00e1 19. \u00f6ld og Knud Rasmussen \u00ed upphafi 20. aldar b\u00e6ttu vi\u00f0 og f\u00ednstilltu \u00feessa mynd, en grunnger\u00f0 <span class=\"iwg-fachbegriff\" data-tooltip=\"\u00c1framhaldandi flutningur \u00feekkingar og fr\u00e1sagna kynsl\u00f3\u00f0 eftir kynsl\u00f3\u00f0.\" tabindex=\"0\">munnm\u00e6lahef\u00f0arins<\/span> var \u00e1fram m\u00f3tu\u00f0 af sj\u00f3narhorni tr\u00fabo\u00f0anna.<\/p><p>\u00deessi m\u00f3tun er ekki aukaatri\u00f0i. Tr\u00fabo\u00f0ar h\u00f6f\u00f0u hagsmuni af \u00fev\u00ed a\u00f0 f\u00e6ra frumbyggjaandaverur inn \u00ed kristi\u00f0 t\u00falkunarmynstur. \u00deannig var Tornarssuk \u00e1 \u00fdmsum t\u00edmum jafna\u00f0 vi\u00f0 dj\u00f6fulinn e\u00f0a ger\u00f0ur a\u00f0 einhvers konar \u00e6\u00f0stu veru sem h\u00e6f\u00f0i sem tengipunktur fyrir kristnibo\u00f0i\u00f0.<\/p><p>B\u00e1\u00f0ar t\u00falkanirnar segja meira um v\u00e6ntingar \u00e1horfendanna en um upprunalegu hugmyndirnar. Sj\u00e1lft nafni\u00f0, sem er dregi\u00f0 af <em>toornaq<\/em>, hugtakinu fyrir hj\u00e1lparanda, me\u00f0 st\u00e6kkunarmyndun, bendir fremur til upphafinnar st\u00f6\u00f0u innan flokks v\u00e6tta en til eingy\u00f0islega hugsa\u00f0s gu\u00f0s.<\/p><p>Vi\u00f0 \u00feetta b\u00e6tist sv\u00e6\u00f0isbundin dreifing. In\u00fa\u00edtar Gr\u00e6nlands, kanad\u00edska Nor\u00f0urskautssv\u00e6\u00f0isins og Alaska deildu ekki einni samr\u00e6mdri <span class=\"iwg-fachbegriff\" data-tooltip=\"Hugmynd um uppbyggingu og skipan heimsins innan menningar.\" tabindex=\"0\">heimsmynd<\/span>. Hugmyndir sem Cranz skr\u00e1\u00f0i \u00e1 Vestur-Gr\u00e6nlandi er ekki h\u00e6gt a\u00f0 yfirf\u00e6ra \u00e1n fyrirvara \u00e1 a\u00f0ra h\u00f3pa, og jafnvel innan Gr\u00e6nlands voru n\u00f6fn og hlutverk breytileg.<\/p><p>\u00dej\u00f3\u00f0fr\u00e6\u00f0iranns\u00f3knir 20. aldarins, me\u00f0al annars af h\u00e1lfu Birgitte Sonne, hafa varpa\u00f0 lj\u00f3si \u00e1 hversu sterkt fyrstu fr\u00e1sagnirnar eru s\u00eda\u00f0ar af \u00fe\u00fd\u00f0ingu, vali \u00e1 heimildarm\u00f6nnum og hinu n\u00fdlendulega samhengi.<\/p><p>\u00deeir sem fjalla um Tornarssuk \u00ed dag \u00e6ttu a\u00f0 gera \u00feessa heimildast\u00f6\u00f0u lj\u00f3sa og or\u00f0a sta\u00f0h\u00e6fingar me\u00f0 vi\u00f0eigandi fyrirvara. Svipu\u00f0 vandam\u00e1l tr\u00fabo\u00f0sheimilda snerta einnig a\u00f0rar nor\u00f0ursl\u00f3\u00f0av\u00e6ttir og finna hli\u00f0st\u00e6\u00f0ur \u00ed ranns\u00f3knum \u00e1 <a href=\"https:\/\/iwell-guard.com\/is\/?page_id=168994\">Tjinimin<\/a>-samst\u00e6\u00f0unni, \u00fear sem n\u00fdlenduleg mi\u00f0lun m\u00f3tar einnig \u00fe\u00e1 mynd sem var\u00f0veitzt hefur.<\/p>\t\t\t\t\t\t\t\t<\/div>\n\t\t\t\t\t<\/div>\n\t\t\t\t<\/div>\n\t\t\t\t\t<\/div>\n\t\t\t\t<\/div>\n\t\t<div class=\"elementor-element elementor-element-iwgw-tornarssuk-lit e-flex e-con-boxed e-con e-parent\" data-id=\"iwgw-tornarssuk-lit\" data-element_type=\"container\" data-e-type=\"container\">\n\t\t\t\t\t<div class=\"e-con-inner\">\n\t\t\t\t<div class=\"elementor-element elementor-element-iwgw-tornarssuk-lith elementor-widget elementor-widget-heading\" data-id=\"iwgw-tornarssuk-lith\" data-element_type=\"widget\" data-e-type=\"widget\" data-widget_type=\"heading.default\">\n\t\t\t\t\t<h2 class=\"elementor-heading-title elementor-size-default\">Heimildir (\u00farval)<\/h2>\t\t\t\t<\/div>\n\t\t<div class=\"elementor-element elementor-element-iwgw-tornarssuk-litc e-con-full e-flex e-con e-child\" data-id=\"iwgw-tornarssuk-litc\" data-element_type=\"container\" data-e-type=\"container\">\n\t\t\t\t<div class=\"elementor-element elementor-element-iwgw-tornarssuk-litt elementor-widget elementor-widget-text-editor\" data-id=\"iwgw-tornarssuk-litt\" data-element_type=\"widget\" data-e-type=\"widget\" data-widget_type=\"text-editor.default\">\n\t\t\t\t\t\t\t\t\t<ul><li>Hans Egede: <em>Det gamle Gr\u00f8nlands nye Perlustration<\/em> (Kaupmannah\u00f6fn 1741)<\/li><li>Knud Rasmussen: <em>The Netsilik Eskimos<\/em> (Kaupmannah\u00f6fn 1931)<\/li><li>Daniel Merkur: <em>Becoming Half Hidden<\/em> (Stokkh\u00f3lmur 1985)<\/li><li>Fr\u00e9d\u00e9ric Laugrand og Jarich Oosten: <em>Inuit Shamanism and Christianity<\/em> (Montreal 2010)<\/li><li>Kaj Birket-Smith: <em>Die Eskimos<\/em> (Z\u00fcrich 1948)<\/li><li>Roberte Hamayon: <em>La chasse \u00e0 l&#8217;\u00e2me<\/em> (Nanterre 1990)<\/li><\/ul>\t\t\t\t\t\t\t\t<\/div>\n\t\t\t\t<\/div>\n\t\t\t\t\t<\/div>\n\t\t\t\t<\/div>\n\t\t<div class=\"elementor-element elementor-element-iwgkw-add-tornarssuk e-flex e-con-boxed e-con e-parent\" data-id=\"iwgkw-add-tornarssuk\" data-element_type=\"container\" data-e-type=\"container\">\n\t\t\t\t\t<div class=\"e-con-inner\">\n\t\t\t\t<div class=\"elementor-element elementor-element-iwgkw-add-tornarssuk-t elementor-widget elementor-widget-text-editor\" data-id=\"iwgkw-add-tornarssuk-t\" data-element_type=\"widget\" data-e-type=\"widget\" data-widget_type=\"text-editor.default\">\n\t\t\t\t\t\t\t\t\t<p>Sem <em>herra<\/em> torna\u00edtanna stendur Tornarssuk \u00ed gr\u00e6nlensk-in\u00fa\u00edt\u00edskri hef\u00f0 efst me\u00f0al \u00feeirra hj\u00e1lparanda sem <em>Angakkoq<\/em> gat kalla\u00f0 fram \u00e1 tr\u00faarlegum fer\u00f0um s\u00ednum um annan heim.<\/p><p><span class=\"iwg-fachbegriff\" data-tooltip=\"Tr\u00faarlegur s\u00e9rfr\u00e6\u00f0ingur sem talinn er mi\u00f0la milli manna og andaheimsins.\" tabindex=\"0\">Sjamaninn<\/span> samdi vi\u00f0 herra andanna um a\u00f0sto\u00f0 vi\u00f0 vei\u00f0ar, sj\u00fakd\u00f3ma og ve\u00f0ur. Fyrstu tr\u00fabo\u00f0ar t\u00falku\u00f0u veruna \u00e1 evr\u00f3pskan h\u00e1tt, en v\u00edsindalega s\u00e9\u00f0 er Tornarssuk sj\u00e1lfst\u00e6\u00f0 v\u00e6ttavera sem \u00e6\u00f0sti herra hins sjaman\u00edska andaheims.<\/p>\t\t\t\t\t\t\t\t<\/div>\n\t\t\t\t\t<\/div>\n\t\t\t\t<\/div>\n\t\t<div class=\"elementor-element elementor-element-iwgw-tornarssuk-kwd e-flex e-con-boxed e-con e-parent\" data-id=\"iwgw-tornarssuk-kwd\" data-element_type=\"container\" data-e-type=\"container\">\n\t\t\t\t\t<div class=\"e-con-inner\">\n\t\t<div class=\"elementor-element elementor-element-iwgw-tornarssuk-kwdc e-con-full e-flex e-con e-child\" data-id=\"iwgw-tornarssuk-kwdc\" data-element_type=\"container\" data-e-type=\"container\">\n\t\t\t\t<div class=\"elementor-element elementor-element-iwgw-tornarssuk-kwdt elementor-widget elementor-widget-text-editor\" data-id=\"iwgw-tornarssuk-kwdt\" data-element_type=\"widget\" data-e-type=\"widget\" data-widget_type=\"text-editor.default\">\n\t\t\t\t\t\t\t\t\t<p><em>Tengd lykilor\u00f0: Tornarssuk Tornait Tornaq Angakkuq sjamanahj\u00e1lparandi Tuurngarsuk Egede.<\/em><\/p>\t\t\t\t\t\t\t\t<\/div>\n\t\t\t\t<\/div>\n\t\t\t\t\t<\/div>\n\t\t\t\t<\/div>\n\t\t<div class=\"elementor-element elementor-element-iwgw-tornarssuk-cc e-flex e-con-boxed e-con e-parent\" data-id=\"iwgw-tornarssuk-cc\" data-element_type=\"container\" data-e-type=\"container\" id=\"iwg-cc-tornarssuk\">\n\t\t\t\t\t<div class=\"e-con-inner\">\n\t\t<div class=\"elementor-element elementor-element-iwgw-tornarssuk-ccinner e-flex e-con-boxed e-con e-parent\" data-id=\"iwgw-tornarssuk-ccinner\" data-element_type=\"container\" data-e-type=\"container\" data-settings=\"{&quot;background_background&quot;:&quot;classic&quot;}\">\n\t\t\t\t\t<div class=\"e-con-inner\">\n\t\t\t\t<div class=\"elementor-element elementor-element-iwgw-tornarssuk-cch elementor-widget elementor-widget-heading\" data-id=\"iwgw-tornarssuk-cch\" data-element_type=\"widget\" data-e-type=\"widget\" data-widget_type=\"heading.default\">\n\t\t\t\t\t<h2 class=\"elementor-heading-title elementor-size-default\">iWell Guard og verndarhef\u00f0ir<\/h2>\t\t\t\t<\/div>\n\t\t\t\t<div class=\"elementor-element elementor-element-iwgw-tornarssuk-cct elementor-widget elementor-widget-text-editor\" data-id=\"iwgw-tornarssuk-cct\" data-element_type=\"widget\" data-e-type=\"widget\" data-widget_type=\"text-editor.default\">\n\t\t\t\t\t\t\t\t\t<div data-nosnippet=\"true\"><p>iWell Guard tengist menningars\u00f6gulegri hef\u00f0 bur\u00f0arh\u00e6fra verndargripa, \u00ed hef\u00f0 <a href=\"https:\/\/iwell-guard.com\/is\/inuit-og-nordurslodir-sedna-tornit\/\">in\u00fa\u00edta<\/a> og margra annarra menningarheima um allan heim. 41 lag, alv\u00f6ru gull, plat\u00edna, silfur, framleitt \u00ed \u00de\u00fdskalandi. 30 daga skilar\u00e9ttur.<\/p><\/div>\t\t\t\t\t\t\t\t<\/div>\n\t\t\t\t<div class=\"elementor-element elementor-element-iwgw-tornarssuk-ccb iwg-cc-button iwg-cc-cta-2026-05-13 elementor-widget elementor-widget-jet-button\" data-id=\"iwgw-tornarssuk-ccb\" data-element_type=\"widget\" data-e-type=\"widget\" data-widget_type=\"jet-button.default\">\n\t\t\t\t<div class=\"elementor-widget-container\">\n\t\t\t\t\t<div class=\"elementor-jet-button jet-elements\"><div class=\"jet-button__container\"><a class=\"jet-button__instance jet-button__instance--icon-left hover-effect-1\" href=\"\/ueber-iwell-guard\/?utm_source=iwell-guard.com&amp;utm_medium=info-box&amp;utm_campaign=wesen-tradition\"><div class=\"jet-button__plane jet-button__plane-normal\"><\/div><div class=\"jet-button__plane jet-button__plane-hover\"><\/div><div class=\"jet-button__state jet-button__state-normal\"><span class=\"jet-button__label\">Meira um iWell Guard<\/span><\/div><div class=\"jet-button__state jet-button__state-hover\"><span class=\"jet-button__label\">Meira um iWell Guard<\/span><\/div><\/a><\/div><\/div><style>.elementor-element.elementor-element-iwgw-tornarssuk-ccb .jet-button__instance{width:320px;height:56px;}.elementor-element.elementor-element-iwgw-tornarssuk-ccb .jet-button__state-normal .jet-button__label{text-align:center;margin:0px 0px 0px 0px;color:#1a1b20;font-family:Montserrat,sans-serif;font-size:13px;font-weight:400;letter-spacing:4px;line-height:1.714em;text-transform:uppercase;}.elementor-element.elementor-element-iwgw-tornarssuk-ccb .jet-button__state-hover .jet-button__label{text-align:center;margin:0px 0px 0px 0px;color:#FECC76;font-family:Montserrat,sans-serif;font-size:13px;font-weight:400;letter-spacing:4px;line-height:1.714em;text-transform:uppercase;}.elementor-element.elementor-element-iwgw-tornarssuk-ccb .jet-button__plane-normal{background-color:#FECC76;border-style:solid;border-color:#C99540;border-width:2px 2px 2px 2px;}.elementor-element.elementor-element-iwgw-tornarssuk-ccb .jet-button__plane-hover{background-color:rgba(0,0,0,0.55);border-style:solid;border-color:#FECC76;border-width:2px 2px 2px 2px;}<\/style>\t\t\t\t<\/div>\n\t\t\t\t<\/div>\n\t\t\t\t<div class=\"elementor-element elementor-element-iwgw-tornarssuk-ccd elementor-widget elementor-widget-text-editor\" data-id=\"iwgw-tornarssuk-ccd\" data-element_type=\"widget\" data-e-type=\"widget\" data-widget_type=\"text-editor.default\">\n\t\t\t\t\t\t\t\t\t<div data-nosnippet=\"true\"><p style=\"text-align:center;font-size:13px;opacity:0.7;margin-top:14px\" data-nosnippet=\"true\">Pers\u00f3nuleg reynsla getur veri\u00f0 mismunandi. Ekki l\u00e6kningat\u00e6ki. Engin lofor\u00f0 um l\u00e6kningu.<\/p><\/div>\t\t\t\t\t\t\t\t<\/div>\n\t\t\t\t\t<\/div>\n\t\t\t\t<\/div>\n\t\t\t\t\t<\/div>\n\t\t\t\t<\/div>\n\t\t<div class=\"elementor-element elementor-element-iwgw-tornarssuk-disc e-flex e-con-boxed e-con e-parent\" data-id=\"iwgw-tornarssuk-disc\" data-element_type=\"container\" data-e-type=\"container\">\n\t\t\t\t\t<div class=\"e-con-inner\">\n\t\t\t\t<div class=\"elementor-element elementor-element-iwgw-tornarssuk-discw elementor-widget elementor-widget-html\" data-id=\"iwgw-tornarssuk-discw\" data-element_type=\"widget\" data-e-type=\"widget\" data-widget_type=\"html.default\">\n\t\t\t\t\t<footer data-nosnippet=\"true\" class=\"iwg-disclaimer-block\"><p data-nosnippet=\"true\">iWell Guard er <strong>ekki l\u00e6kningat\u00e6ki<\/strong> og kemur ekki \u00ed sta\u00f0inn fyrir l\u00e6knis- e\u00f0a s\u00e1lfr\u00e6\u00f0ime\u00f0fer\u00f0. Tr\u00faarfr\u00e6\u00f0ilegt efni er menningars\u00f6gulegt samhengi, ekki r\u00e1\u00f0legging um andlega i\u00f0kun.<\/p><\/footer>\t\t\t\t<\/div>\n\t\t\t\t\t<\/div>\n\t\t\t\t<\/div>\n\t\t\t\t<\/div>\n\t\t","protected":false},"excerpt":{"rendered":"","protected":false},"author":3,"featured_media":2880,"parent":0,"menu_order":0,"comment_status":"closed","ping_status":"closed","template":"elementor_header_footer","meta":{"_yoast_wpseo_focuskw":"Tornarssuk in\u00fa\u00edta sjamanaandi","_yoast_wpseo_title":"Tornarssuk - verndarandi in\u00fa\u00edta sjamana","_yoast_wpseo_metadesc":"Tornarssuk er valdamesti hj\u00e1lparandi in\u00fa\u00edta sjamana. Tr\u00faarfr\u00e6\u00f0ileg greining \u00e1 go\u00f0s\u00f6gn, sjamanaframkv\u00e6md, d\u00fdrkun og heimildum.","_yoast_wpseo_meta-robots-noindex":"","_yoast_wpseo_canonical":"","_angie_page":false,"gefaehrdungsstufe":"","wesen_kultur":"","wesen_klasse":"","footnotes":""},"categories":[],"class_list":["post-169001","page","type-page","status-publish","has-post-thumbnail","hentry"],"yoast_head":"<!-- This site is optimized with the Yoast SEO Premium plugin v27.7 (Yoast SEO v28.3) - https:\/\/yoast.com\/product\/yoast-seo-premium-wordpress\/ -->\n<title>Tornarssuk - verndarandi in\u00fa\u00edta sjamana<\/title>\n<meta name=\"description\" content=\"Tornarssuk er valdamesti hj\u00e1lparandi in\u00fa\u00edta sjamana. Tr\u00faarfr\u00e6\u00f0ileg greining \u00e1 go\u00f0s\u00f6gn, sjamanaframkv\u00e6md, d\u00fdrkun og heimildum.\" \/>\n<meta name=\"robots\" content=\"index, follow, max-snippet:-1, max-image-preview:large, max-video-preview:-1\" \/>\n<link rel=\"canonical\" href=\"https:\/\/iwell-guard.com\/is\/tornarssuk-verndarandi-inuita-sjamana\/\" \/>\n<meta property=\"og:locale\" content=\"is_IS\" \/>\n<meta property=\"og:type\" content=\"article\" \/>\n<meta property=\"og:title\" content=\"Tornarssuk - Mikill verndarandi in\u00fa\u00edta sjamana\" \/>\n<meta property=\"og:description\" content=\"Tornarssuk er valdamesti hj\u00e1lparandi in\u00fa\u00edta sjamana. Tr\u00faarfr\u00e6\u00f0ileg greining \u00e1 go\u00f0s\u00f6gn, sjamanaframkv\u00e6md, d\u00fdrkun og heimildum.\" \/>\n<meta property=\"og:url\" content=\"https:\/\/iwell-guard.com\/is\/tornarssuk-verndarandi-inuita-sjamana\/\" \/>\n<meta property=\"og:site_name\" content=\"iWell Guard\" \/>\n<meta property=\"article:modified_time\" content=\"2026-09-05T14:29:30+00:00\" \/>\n<meta property=\"og:image\" content=\"https:\/\/iwell-guard.com\/wp-content\/uploads\/2026\/05\/geister_inuit_tornarssuk.webp\" \/>\n\t<meta property=\"og:image:width\" content=\"1024\" \/>\n\t<meta property=\"og:image:height\" content=\"1536\" \/>\n\t<meta property=\"og:image:type\" content=\"image\/webp\" \/>\n<meta name=\"twitter:card\" content=\"summary_large_image\" \/>\n<script type=\"application\/ld+json\" class=\"yoast-schema-graph\">{\"@context\":\"https:\\\/\\\/schema.org\",\"@graph\":[{\"@type\":\"WebPage\",\"@id\":\"https:\\\/\\\/iwell-guard.com\\\/is\\\/tornarssuk-verndarandi-inuita-sjamana\\\/\",\"url\":\"https:\\\/\\\/iwell-guard.com\\\/is\\\/tornarssuk-verndarandi-inuita-sjamana\\\/\",\"name\":\"Tornarssuk - verndarandi in\u00fa\u00edta sjamana\",\"isPartOf\":{\"@id\":\"https:\\\/\\\/iwell-guard.com\\\/is\\\/#website\"},\"primaryImageOfPage\":{\"@id\":\"https:\\\/\\\/iwell-guard.com\\\/is\\\/tornarssuk-verndarandi-inuita-sjamana\\\/#primaryimage\"},\"image\":{\"@id\":\"https:\\\/\\\/iwell-guard.com\\\/is\\\/tornarssuk-verndarandi-inuita-sjamana\\\/#primaryimage\"},\"thumbnailUrl\":\"https:\\\/\\\/iwell-guard.com\\\/wp-content\\\/uploads\\\/2026\\\/05\\\/geister_inuit_tornarssuk.webp\",\"datePublished\":\"2026-09-05T14:04:44+00:00\",\"dateModified\":\"2026-09-05T14:29:30+00:00\",\"description\":\"Tornarssuk er valdamesti hj\u00e1lparandi in\u00fa\u00edta sjamana. Tr\u00faarfr\u00e6\u00f0ileg greining \u00e1 go\u00f0s\u00f6gn, sjamanaframkv\u00e6md, d\u00fdrkun og heimildum.\",\"breadcrumb\":{\"@id\":\"https:\\\/\\\/iwell-guard.com\\\/is\\\/tornarssuk-verndarandi-inuita-sjamana\\\/#breadcrumb\"},\"inLanguage\":\"is\",\"potentialAction\":[{\"@type\":\"ReadAction\",\"target\":[\"https:\\\/\\\/iwell-guard.com\\\/is\\\/tornarssuk-verndarandi-inuita-sjamana\\\/\"]}]},{\"@type\":\"ImageObject\",\"inLanguage\":\"is\",\"@id\":\"https:\\\/\\\/iwell-guard.com\\\/is\\\/tornarssuk-verndarandi-inuita-sjamana\\\/#primaryimage\",\"url\":\"https:\\\/\\\/iwell-guard.com\\\/wp-content\\\/uploads\\\/2026\\\/05\\\/geister_inuit_tornarssuk.webp\",\"contentUrl\":\"https:\\\/\\\/iwell-guard.com\\\/wp-content\\\/uploads\\\/2026\\\/05\\\/geister_inuit_tornarssuk.webp\",\"width\":1024,\"height\":1536,\"caption\":\"Andar \u00far in\u00fa\u00edta-hef\u00f0inni.\"},{\"@type\":\"BreadcrumbList\",\"@id\":\"https:\\\/\\\/iwell-guard.com\\\/is\\\/tornarssuk-verndarandi-inuita-sjamana\\\/#breadcrumb\",\"itemListElement\":[{\"@type\":\"ListItem\",\"position\":1,\"name\":\"Start\",\"item\":\"https:\\\/\\\/iwell-guard.com\\\/is\\\/?page_id=168580\"},{\"@type\":\"ListItem\",\"position\":2,\"name\":\"Tornarssuk &#8211; Mikill verndarandi in\u00fa\u00edta sjamana\"}]},{\"@type\":\"WebSite\",\"@id\":\"https:\\\/\\\/iwell-guard.com\\\/is\\\/#website\",\"url\":\"https:\\\/\\\/iwell-guard.com\\\/is\\\/\",\"name\":\"iWell Guard\",\"description\":\"Schutz vor dunklen Einfl\u00fcssen\",\"publisher\":{\"@id\":\"https:\\\/\\\/iwell-guard.com\\\/is\\\/#organization\"},\"potentialAction\":[{\"@type\":\"SearchAction\",\"target\":{\"@type\":\"EntryPoint\",\"urlTemplate\":\"https:\\\/\\\/iwell-guard.com\\\/is\\\/?s={search_term_string}\"},\"query-input\":{\"@type\":\"PropertyValueSpecification\",\"valueRequired\":true,\"valueName\":\"search_term_string\"}}],\"inLanguage\":\"is\"},{\"@type\":\"Organization\",\"@id\":\"https:\\\/\\\/iwell-guard.com\\\/is\\\/#organization\",\"name\":\"Ittermann electronic GmbH\",\"url\":\"https:\\\/\\\/iwell-guard.com\\\/is\\\/\",\"logo\":{\"@type\":\"ImageObject\",\"inLanguage\":\"is\",\"@id\":\"https:\\\/\\\/iwell-guard.com\\\/is\\\/#\\\/schema\\\/logo\\\/image\\\/\",\"url\":\"https:\\\/\\\/iwell-guard.com\\\/wp-content\\\/uploads\\\/2026\\\/05\\\/Ittermann-Logo-1182x237-1.png\",\"contentUrl\":\"https:\\\/\\\/iwell-guard.com\\\/wp-content\\\/uploads\\\/2026\\\/05\\\/Ittermann-Logo-1182x237-1.png\",\"width\":1182,\"height\":237,\"caption\":\"Ittermann electronic GmbH\"},\"image\":{\"@id\":\"https:\\\/\\\/iwell-guard.com\\\/is\\\/#\\\/schema\\\/logo\\\/image\\\/\"},\"sameAs\":[\"https:\\\/\\\/pantip.com\\\/profile\\\/9367242\",\"https:\\\/\\\/micro.blog\\\/iwellguard\",\"https:\\\/\\\/www.diggerslist.com\\\/iwellguard\\\/about\",\"https:\\\/\\\/skitterphoto.com\\\/photographers\\\/2870314\\\/iwell-guard\",\"https:\\\/\\\/iwellguard.wordpress.com\\\/2026\\\/06\\\/06\\\/iwell-guard\\\/\",\"https:\\\/\\\/hub.docker.com\\\/u\\\/iwellguard\",\"https:\\\/\\\/www.pinterest.com\\\/iwellguard\\\/\",\"https:\\\/\\\/bit.ly\\\/m\\\/iwellguard\",\"https:\\\/\\\/entre-vos-mains.alsace.eu\\\/profiles\\\/iwellguard\\\/activity\",\"https:\\\/\\\/gravatar.com\\\/reallybeded8fd34\",\"https:\\\/\\\/naijamatta.com\\\/iwellguard\",\"https:\\\/\\\/www.goodreads.com\\\/iwellguard\",\"https:\\\/\\\/profile.hatena.ne.jp\\\/iwellguard\\\/\",\"https:\\\/\\\/experiment.com\\\/users\\\/iwellguard\",\"https:\\\/\\\/wakelet.com\\\/@iWellGuard82270\",\"https:\\\/\\\/www.chordie.com\\\/forum\\\/profile.php?id=2555664\",\"https:\\\/\\\/www.instapaper.com\\\/p\\\/17757966\",\"https:\\\/\\\/www.mapleprimes.com\\\/users\\\/iwellguard\",\"https:\\\/\\\/businesslistingplus.com\\\/profile\\\/iwell-guard\\\/\",\"https:\\\/\\\/telegra.ph\\\/iWell-Guard-06-06\",\"https:\\\/\\\/pbase.com\\\/iwellguard\\\/iwellguard\",\"https:\\\/\\\/b.hatena.ne.jp\\\/iwellguard\\\/20260607#bookmark-4788405196491818882\",\"https:\\\/\\\/fliphtml5.com\\\/home\\\/iwellguard\",\"https:\\\/\\\/anyflip.com\\\/homepage\\\/cmiwl#About\",\"https:\\\/\\\/transfur.com\\\/Users\\\/iwellguard\",\"http:\\\/\\\/delphi.larsbo.org\\\/user\\\/iwellguard\",\"https:\\\/\\\/jobs.lajobsportal.org\\\/profiles\\\/8380803-iwell-guard\",\"https:\\\/\\\/md.chaosdorf.de\\\/s\\\/jfbe5SBdJD\",\"https:\\\/\\\/www.lingvolive.com\\\/en-us\\\/profile\\\/9ecaeaca-ce11-4e51-9e71-01d55e2bff36\\\/translations\",\"https:\\\/\\\/www.fitday.com\\\/fitness\\\/forums\\\/members\\\/iwellguard.html\",\"https:\\\/\\\/www.mymeetbook.com\\\/iwellguard\",\"https:\\\/\\\/pxhere.com\\\/en\\\/photographer-me\\\/5040798\",\"https:\\\/\\\/disqus.com\\\/by\\\/iwellguard\\\/about\\\/\",\"https:\\\/\\\/pastelink.net\\\/hjwciqwq\",\"https:\\\/\\\/pubhtml5.com\\\/homepage\\\/scjhn\\\/\",\"https:\\\/\\\/www.bitchute.com\\\/channel\\\/2O2eOKzNqujT\",\"https:\\\/\\\/audiomack.com\\\/iwellguard\"]}]}<\/script>\n<!-- \/ Yoast SEO Premium plugin. -->","yoast_head_json":{"title":"Tornarssuk - verndarandi in\u00fa\u00edta sjamana","description":"Tornarssuk er valdamesti hj\u00e1lparandi in\u00fa\u00edta sjamana. Tr\u00faarfr\u00e6\u00f0ileg greining \u00e1 go\u00f0s\u00f6gn, sjamanaframkv\u00e6md, d\u00fdrkun og heimildum.","robots":{"index":"index","follow":"follow","max-snippet":"max-snippet:-1","max-image-preview":"max-image-preview:large","max-video-preview":"max-video-preview:-1"},"canonical":"https:\/\/iwell-guard.com\/is\/tornarssuk-verndarandi-inuita-sjamana\/","og_locale":"is_IS","og_type":"article","og_title":"Tornarssuk - Mikill verndarandi in\u00fa\u00edta sjamana","og_description":"Tornarssuk er valdamesti hj\u00e1lparandi in\u00fa\u00edta sjamana. Tr\u00faarfr\u00e6\u00f0ileg greining \u00e1 go\u00f0s\u00f6gn, sjamanaframkv\u00e6md, d\u00fdrkun og heimildum.","og_url":"https:\/\/iwell-guard.com\/is\/tornarssuk-verndarandi-inuita-sjamana\/","og_site_name":"iWell Guard","article_modified_time":"2026-09-05T14:29:30+00:00","og_image":[{"width":1024,"height":1536,"url":"https:\/\/iwell-guard.com\/wp-content\/uploads\/2026\/05\/geister_inuit_tornarssuk.webp","type":"image\/webp"}],"twitter_card":"summary_large_image","schema":{"@context":"https:\/\/schema.org","@graph":[{"@type":"WebPage","@id":"https:\/\/iwell-guard.com\/is\/tornarssuk-verndarandi-inuita-sjamana\/","url":"https:\/\/iwell-guard.com\/is\/tornarssuk-verndarandi-inuita-sjamana\/","name":"Tornarssuk - verndarandi in\u00fa\u00edta sjamana","isPartOf":{"@id":"https:\/\/iwell-guard.com\/is\/#website"},"primaryImageOfPage":{"@id":"https:\/\/iwell-guard.com\/is\/tornarssuk-verndarandi-inuita-sjamana\/#primaryimage"},"image":{"@id":"https:\/\/iwell-guard.com\/is\/tornarssuk-verndarandi-inuita-sjamana\/#primaryimage"},"thumbnailUrl":"https:\/\/iwell-guard.com\/wp-content\/uploads\/2026\/05\/geister_inuit_tornarssuk.webp","datePublished":"2026-09-05T14:04:44+00:00","dateModified":"2026-09-05T14:29:30+00:00","description":"Tornarssuk er valdamesti hj\u00e1lparandi in\u00fa\u00edta sjamana. Tr\u00faarfr\u00e6\u00f0ileg greining \u00e1 go\u00f0s\u00f6gn, sjamanaframkv\u00e6md, d\u00fdrkun og heimildum.","breadcrumb":{"@id":"https:\/\/iwell-guard.com\/is\/tornarssuk-verndarandi-inuita-sjamana\/#breadcrumb"},"inLanguage":"is","potentialAction":[{"@type":"ReadAction","target":["https:\/\/iwell-guard.com\/is\/tornarssuk-verndarandi-inuita-sjamana\/"]}]},{"@type":"ImageObject","inLanguage":"is","@id":"https:\/\/iwell-guard.com\/is\/tornarssuk-verndarandi-inuita-sjamana\/#primaryimage","url":"https:\/\/iwell-guard.com\/wp-content\/uploads\/2026\/05\/geister_inuit_tornarssuk.webp","contentUrl":"https:\/\/iwell-guard.com\/wp-content\/uploads\/2026\/05\/geister_inuit_tornarssuk.webp","width":1024,"height":1536,"caption":"Andar \u00far in\u00fa\u00edta-hef\u00f0inni."},{"@type":"BreadcrumbList","@id":"https:\/\/iwell-guard.com\/is\/tornarssuk-verndarandi-inuita-sjamana\/#breadcrumb","itemListElement":[{"@type":"ListItem","position":1,"name":"Start","item":"https:\/\/iwell-guard.com\/is\/?page_id=168580"},{"@type":"ListItem","position":2,"name":"Tornarssuk &#8211; Mikill verndarandi in\u00fa\u00edta sjamana"}]},{"@type":"WebSite","@id":"https:\/\/iwell-guard.com\/is\/#website","url":"https:\/\/iwell-guard.com\/is\/","name":"iWell Guard","description":"Schutz vor dunklen Einfl\u00fcssen","publisher":{"@id":"https:\/\/iwell-guard.com\/is\/#organization"},"potentialAction":[{"@type":"SearchAction","target":{"@type":"EntryPoint","urlTemplate":"https:\/\/iwell-guard.com\/is\/?s={search_term_string}"},"query-input":{"@type":"PropertyValueSpecification","valueRequired":true,"valueName":"search_term_string"}}],"inLanguage":"is"},{"@type":"Organization","@id":"https:\/\/iwell-guard.com\/is\/#organization","name":"Ittermann electronic GmbH","url":"https:\/\/iwell-guard.com\/is\/","logo":{"@type":"ImageObject","inLanguage":"is","@id":"https:\/\/iwell-guard.com\/is\/#\/schema\/logo\/image\/","url":"https:\/\/iwell-guard.com\/wp-content\/uploads\/2026\/05\/Ittermann-Logo-1182x237-1.png","contentUrl":"https:\/\/iwell-guard.com\/wp-content\/uploads\/2026\/05\/Ittermann-Logo-1182x237-1.png","width":1182,"height":237,"caption":"Ittermann electronic GmbH"},"image":{"@id":"https:\/\/iwell-guard.com\/is\/#\/schema\/logo\/image\/"},"sameAs":["https:\/\/pantip.com\/profile\/9367242","https:\/\/micro.blog\/iwellguard","https:\/\/www.diggerslist.com\/iwellguard\/about","https:\/\/skitterphoto.com\/photographers\/2870314\/iwell-guard","https:\/\/iwellguard.wordpress.com\/2026\/06\/06\/iwell-guard\/","https:\/\/hub.docker.com\/u\/iwellguard","https:\/\/www.pinterest.com\/iwellguard\/","https:\/\/bit.ly\/m\/iwellguard","https:\/\/entre-vos-mains.alsace.eu\/profiles\/iwellguard\/activity","https:\/\/gravatar.com\/reallybeded8fd34","https:\/\/naijamatta.com\/iwellguard","https:\/\/www.goodreads.com\/iwellguard","https:\/\/profile.hatena.ne.jp\/iwellguard\/","https:\/\/experiment.com\/users\/iwellguard","https:\/\/wakelet.com\/@iWellGuard82270","https:\/\/www.chordie.com\/forum\/profile.php?id=2555664","https:\/\/www.instapaper.com\/p\/17757966","https:\/\/www.mapleprimes.com\/users\/iwellguard","https:\/\/businesslistingplus.com\/profile\/iwell-guard\/","https:\/\/telegra.ph\/iWell-Guard-06-06","https:\/\/pbase.com\/iwellguard\/iwellguard","https:\/\/b.hatena.ne.jp\/iwellguard\/20260607#bookmark-4788405196491818882","https:\/\/fliphtml5.com\/home\/iwellguard","https:\/\/anyflip.com\/homepage\/cmiwl#About","https:\/\/transfur.com\/Users\/iwellguard","http:\/\/delphi.larsbo.org\/user\/iwellguard","https:\/\/jobs.lajobsportal.org\/profiles\/8380803-iwell-guard","https:\/\/md.chaosdorf.de\/s\/jfbe5SBdJD","https:\/\/www.lingvolive.com\/en-us\/profile\/9ecaeaca-ce11-4e51-9e71-01d55e2bff36\/translations","https:\/\/www.fitday.com\/fitness\/forums\/members\/iwellguard.html","https:\/\/www.mymeetbook.com\/iwellguard","https:\/\/pxhere.com\/en\/photographer-me\/5040798","https:\/\/disqus.com\/by\/iwellguard\/about\/","https:\/\/pastelink.net\/hjwciqwq","https:\/\/pubhtml5.com\/homepage\/scjhn\/","https:\/\/www.bitchute.com\/channel\/2O2eOKzNqujT","https:\/\/audiomack.com\/iwellguard"]}]}},"_links":{"self":[{"href":"https:\/\/iwell-guard.com\/is\/wp-json\/wp\/v2\/pages\/169001","targetHints":{"allow":["GET"]}}],"collection":[{"href":"https:\/\/iwell-guard.com\/is\/wp-json\/wp\/v2\/pages"}],"about":[{"href":"https:\/\/iwell-guard.com\/is\/wp-json\/wp\/v2\/types\/page"}],"author":[{"embeddable":true,"href":"https:\/\/iwell-guard.com\/is\/wp-json\/wp\/v2\/users\/3"}],"replies":[{"embeddable":true,"href":"https:\/\/iwell-guard.com\/is\/wp-json\/wp\/v2\/comments?post=169001"}],"version-history":[{"count":0,"href":"https:\/\/iwell-guard.com\/is\/wp-json\/wp\/v2\/pages\/169001\/revisions"}],"wp:featuredmedia":[{"embeddable":true,"href":"https:\/\/iwell-guard.com\/is\/wp-json\/wp\/v2\/media\/2880"}],"wp:attachment":[{"href":"https:\/\/iwell-guard.com\/is\/wp-json\/wp\/v2\/media?parent=169001"}],"wp:term":[{"taxonomy":"category","embeddable":true,"href":"https:\/\/iwell-guard.com\/is\/wp-json\/wp\/v2\/categories?post=169001"}],"curies":[{"name":"wp","href":"https:\/\/api.w.org\/{rel}","templated":true}]}}