{"id":169000,"date":"2026-09-05T14:04:43","date_gmt":"2026-09-05T14:04:43","guid":{"rendered":"https:\/\/iwell-guard.com\/?page_id=169000"},"modified":"2026-09-05T14:29:30","modified_gmt":"2026-09-05T14:29:30","slug":"sila-heimsandardrattur-veduherra-inuita","status":"publish","type":"page","link":"https:\/\/iwell-guard.com\/is\/sila-heimsandardrattur-veduherra-inuita\/","title":{"rendered":"Sila &#8211; Heimsandardr\u00e1ttur og ve\u00f0urdrottinn In\u00fa\u00edta"},"content":{"rendered":"\t\t<div data-elementor-type=\"wp-page\" data-elementor-id=\"169000\" class=\"elementor elementor-169000 elementor-2655 elementor-bc-flex-widget\" data-elementor-post-type=\"page\">\n\t\t\t\t<div class=\"elementor-element elementor-element-iwgw-sila-hero e-flex e-con-boxed e-con e-parent\" data-id=\"iwgw-sila-hero\" data-element_type=\"container\" data-e-type=\"container\" data-settings=\"{&quot;background_background&quot;:&quot;classic&quot;}\">\n\t\t\t\t\t<div class=\"e-con-inner\">\n\t\t<div class=\"elementor-element elementor-element-iwgw-sila-hl e-flex e-con-boxed e-con e-child\" data-id=\"iwgw-sila-hl\" data-element_type=\"container\" data-e-type=\"container\">\n\t\t\t\t\t<div class=\"e-con-inner\">\n\t\t<div class=\"elementor-element elementor-element-iwgw-sila-htxt e-con-full e-flex e-con e-child\" data-id=\"iwgw-sila-htxt\" data-element_type=\"container\" data-e-type=\"container\">\n\t\t\t\t<div class=\"elementor-element elementor-element-iwgw-sila-h1 elementor-widget elementor-widget-heading\" data-id=\"iwgw-sila-h1\" data-element_type=\"widget\" data-e-type=\"widget\" data-widget_type=\"heading.default\">\n\t\t\t\t\t<h1 class=\"elementor-heading-title elementor-size-default\">Sila - Andardr\u00e1ttur heimsins, ve\u00f0ur og vitund \u00ed hugsun In\u00fa\u00edta<\/h1>\t\t\t\t<\/div>\n\t\t\t\t<div class=\"elementor-element elementor-element-iwgw-sila-lead elementor-widget elementor-widget-text-editor\" data-id=\"iwgw-sila-lead\" data-element_type=\"widget\" data-e-type=\"widget\" data-widget_type=\"text-editor.default\">\n\t\t\t\t\t\t\t\t\t<p>Sila er \u00ed hugmyndaheimi mi\u00f0-nor\u00f0urskautsl\u00e6gra <a href=\"https:\/\/iwell-guard.com\/is\/inuit-og-nordurslodir-sedna-tornit\/\">In\u00fa\u00edta<\/a> ekki pers\u00f3nuger\u00f0ur gu\u00f0 \u00ed str\u00f6ngum skilningi, heldur skipulagsreglan um loft, ve\u00f0ur, andardr\u00e1tt og skynsemi.<\/p><p>S\u00e1 sem \u00feekkir Sila \u00feekkir ve\u00f0ri\u00f0, hugsunina og skipulag heimsins \u00ed einu, \u00fev\u00ed tungum\u00e1l In\u00fa\u00edta fangar \u00feessar v\u00edddir \u00ed einu og sama hugtaki. Tr\u00faarfr\u00e6\u00f0ilega er Sila eitt af hugmyndalega dj\u00fapst\u00e6\u00f0ustu hugt\u00f6kum allrar tr\u00faars\u00f6gu heimskautasv\u00e6\u00f0isins.<\/p>\t\t\t\t\t\t\t\t<\/div>\n\t\t\t\t<\/div>\n\t\t<div class=\"elementor-element elementor-element-iwgw-sila-pillc e-con-full e-flex e-con e-child\" data-id=\"iwgw-sila-pillc\" data-element_type=\"container\" data-e-type=\"container\">\n\t\t\t\t<div class=\"elementor-element elementor-element-iwgw-sila-pills elementor-widget elementor-widget-html\" data-id=\"iwgw-sila-pills\" data-element_type=\"widget\" data-e-type=\"widget\" data-widget_type=\"html.default\">\n\t\t\t\t\t<div class=\"iwg-pill-row\"><span class=\"iwg-klasse-badge\" tabindex=\"0\" data-tooltip=\"Ve\u00f0urvera \u00far hef\u00f0 In\u00fa\u00edta.\">Ve\u00f0urvera<\/span><a href=\"https:\/\/iwell-guard.com\/is\/inuit-og-nordurslodir-sedna-tornit\/\" class=\"iwg-kultur-badge\" tabindex=\"0\" data-tooltip=\"Go\u00f0afr\u00e6\u00f0i In\u00fa\u00edta.\">In\u00fa\u00edtar<\/a><span class=\"iwg-tradition-badge\" tabindex=\"0\" data-tooltip=\"Heims- og ve\u00f0urregla.\">Heims- og ve\u00f0urregla<\/span><\/div>\t\t\t\t<\/div>\n\t\t\t\t<\/div>\n\t\t<div class=\"elementor-element elementor-element-iwgw-sila-tocc e-con-full e-flex e-con e-child\" data-id=\"iwgw-sila-tocc\" data-element_type=\"container\" data-e-type=\"container\">\n\t\t\t\t<div class=\"elementor-element elementor-element-iwgw-sila-toc elementor-toc--minimized-on-tablet elementor-widget elementor-widget-table-of-contents\" data-id=\"iwgw-sila-toc\" data-element_type=\"widget\" data-e-type=\"widget\" data-settings=\"{&quot;headings_by_tags&quot;:[&quot;h2&quot;,&quot;h3&quot;],&quot;minimize_box&quot;:&quot;yes&quot;,&quot;marker_view&quot;:&quot;bullets&quot;,&quot;no_headings_message&quot;:&quot;Engar undirfyrirsagnir fundust \\u00e1 \\u00feessari s\\u00ed\\u00f0u.&quot;,&quot;exclude_headings_by_selector&quot;:[],&quot;icon&quot;:{&quot;value&quot;:&quot;fas fa-circle&quot;,&quot;library&quot;:&quot;fa-solid&quot;,&quot;rendered_tag&quot;:&quot;&lt;svg class=\\&quot;e-font-icon-svg e-fas-circle\\&quot; viewBox=\\&quot;0 0 512 512\\&quot; xmlns=\\&quot;http:\\\/\\\/www.w3.org\\\/2000\\\/svg\\&quot;&gt;&lt;path d=\\&quot;M256 8C119 8 8 119 8 256s111 248 248 248 248-111 248-248S393 8 256 8z\\&quot;&gt;&lt;\\\/path&gt;&lt;\\\/svg&gt;&quot;},&quot;minimized_on&quot;:&quot;tablet&quot;,&quot;hierarchical_view&quot;:&quot;yes&quot;,&quot;min_height&quot;:{&quot;unit&quot;:&quot;px&quot;,&quot;size&quot;:&quot;&quot;,&quot;sizes&quot;:[]},&quot;min_height_tablet&quot;:{&quot;unit&quot;:&quot;px&quot;,&quot;size&quot;:&quot;&quot;,&quot;sizes&quot;:[]},&quot;min_height_mobile&quot;:{&quot;unit&quot;:&quot;px&quot;,&quot;size&quot;:&quot;&quot;,&quot;sizes&quot;:[]}}\" data-widget_type=\"table-of-contents.default\">\n\t\t\t\t\t\t\t\t\t<div class=\"elementor-toc__header\">\n\t\t\t\t\t\t<h2 class=\"elementor-toc__header-title\">\n\t\t\t\tEfnisyfirlit\t\t\t<\/h2>\n\t\t\t\t\t\t\t\t\t\t<div class=\"elementor-toc__toggle-button elementor-toc__toggle-button--expand\" role=\"button\" tabindex=\"0\" aria-controls=\"elementor-toc__iwgw-sila-toc\" aria-expanded=\"true\" aria-label=\"Open table of contents\"><svg aria-hidden=\"true\" class=\"e-font-icon-svg e-fas-chevron-down\" viewBox=\"0 0 448 512\" xmlns=\"http:\/\/www.w3.org\/2000\/svg\"><path d=\"M207.029 381.476L12.686 187.132c-9.373-9.373-9.373-24.569 0-33.941l22.667-22.667c9.357-9.357 24.522-9.375 33.901-.04L224 284.505l154.745-154.021c9.379-9.335 24.544-9.317 33.901.04l22.667 22.667c9.373 9.373 9.373 24.569 0 33.941L240.971 381.476c-9.373 9.372-24.569 9.372-33.942 0z\"><\/path><\/svg><\/div>\n\t\t\t\t<div class=\"elementor-toc__toggle-button elementor-toc__toggle-button--collapse\" role=\"button\" tabindex=\"0\" aria-controls=\"elementor-toc__iwgw-sila-toc\" aria-expanded=\"true\" aria-label=\"Close table of contents\"><svg aria-hidden=\"true\" class=\"e-font-icon-svg e-fas-chevron-up\" viewBox=\"0 0 448 512\" xmlns=\"http:\/\/www.w3.org\/2000\/svg\"><path d=\"M240.971 130.524l194.343 194.343c9.373 9.373 9.373 24.569 0 33.941l-22.667 22.667c-9.357 9.357-24.522 9.375-33.901.04L224 227.495 69.255 381.516c-9.379 9.335-24.544 9.317-33.901-.04l-22.667-22.667c-9.373-9.373-9.373-24.569 0-33.941L207.03 130.525c9.372-9.373 24.568-9.373 33.941-.001z\"><\/path><\/svg><\/div>\n\t\t\t\t\t<\/div>\n\t\t\t\t<div id=\"elementor-toc__iwgw-sila-toc\" class=\"elementor-toc__body\">\n\t\t\t<div class=\"elementor-toc__spinner-container\">\n\t\t\t\t<svg class=\"elementor-toc__spinner eicon-animation-spin e-font-icon-svg e-eicon-loading\" aria-hidden=\"true\" viewBox=\"0 0 1000 1000\" xmlns=\"http:\/\/www.w3.org\/2000\/svg\"><path d=\"M500 975V858C696 858 858 696 858 500S696 142 500 142 142 304 142 500H25C25 237 238 25 500 25S975 237 975 500 763 975 500 975Z\"><\/path><\/svg>\t\t\t<\/div>\n\t\t<\/div>\n\t\t\t\t\t\t<\/div>\n\t\t\t\t<\/div>\n\t\t\t\t\t<\/div>\n\t\t\t\t<\/div>\n\t\t<div class=\"elementor-element elementor-element-iwgw-sila-hr e-con-full e-flex e-con e-child\" data-id=\"iwgw-sila-hr\" data-element_type=\"container\" data-e-type=\"container\">\n\t\t\t\t<div class=\"elementor-element elementor-element-iwgw-sila-heroimg iwg-hero-image elementor-widget elementor-widget-image\" data-id=\"iwgw-sila-heroimg\" data-element_type=\"widget\" data-e-type=\"widget\" data-widget_type=\"image.default\">\n\t\t\t\t\t\t\t\t\t\t\t\t\t\t\t<img fetchpriority=\"high\" decoding=\"async\" width=\"683\" height=\"1024\" src=\"https:\/\/iwell-guard.com\/wp-content\/uploads\/2026\/05\/geister_inuit_sila-683x1024.webp\" class=\"attachment-large size-large wp-image-170778\" alt=\"Sila - andar \u00far in\u00fa\u00edta-hef\u00f0inni, s\u00f6gulega myndskreytt\" srcset=\"https:\/\/iwell-guard.com\/wp-content\/uploads\/2026\/05\/geister_inuit_sila-683x1024.webp 683w, https:\/\/iwell-guard.com\/wp-content\/uploads\/2026\/05\/geister_inuit_sila-200x300.webp 200w, https:\/\/iwell-guard.com\/wp-content\/uploads\/2026\/05\/geister_inuit_sila-768x1152.webp 768w, https:\/\/iwell-guard.com\/wp-content\/uploads\/2026\/05\/geister_inuit_sila.webp 1024w\" sizes=\"(max-width: 683px) 100vw, 683px\" \/>\t\t\t\t\t\t\t\t\t\t\t\t\t\t\t<\/div>\n\t\t\t\t<\/div>\n\t\t\t\t\t<\/div>\n\t\t\t\t<\/div>\n\t\t<div class=\"elementor-element elementor-element-iwgw-sila-s0 e-flex e-con-boxed e-con e-parent\" data-id=\"iwgw-sila-s0\" data-element_type=\"container\" data-e-type=\"container\">\n\t\t\t\t\t<div class=\"e-con-inner\">\n\t\t\t\t<div class=\"elementor-element elementor-element-iwgw-sila-s0h elementor-widget elementor-widget-heading\" data-id=\"iwgw-sila-s0h\" data-element_type=\"widget\" data-e-type=\"widget\" data-widget_type=\"heading.default\">\n\t\t\t\t\t<h2 class=\"elementor-heading-title elementor-size-default\">Greining og skammrit<\/h2>\t\t\t\t<\/div>\n\t\t<div class=\"elementor-element elementor-element-iwgw-sila-s0c e-con-full e-flex e-con e-child\" data-id=\"iwgw-sila-s0c\" data-element_type=\"container\" data-e-type=\"container\">\n\t\t\t\t<div class=\"elementor-element elementor-element-iwgw-sila-s0t elementor-widget elementor-widget-text-editor\" data-id=\"iwgw-sila-s0t\" data-element_type=\"widget\" data-e-type=\"widget\" data-widget_type=\"text-editor.default\">\n\t\t\t\t\t\t\t\t\t<p>Sila telst \u00ed tr\u00faarfr\u00e6\u00f0ilegri flokkun til \u00feeirra f\u00e1u hugtaka sem t\u00e1kna \u00ed senn heimsfr\u00e6\u00f0ilega, ve\u00f0urfr\u00e6\u00f0ilega og \u00feekkingarfr\u00e6\u00f0ilega reglu. Knud Rasmussen, sem greindi hugtaki\u00f0 \u00ed skr\u00e1ningum s\u00ednum fr\u00e1 5. Thule-lei\u00f0angrinum sem tr\u00faarlegan grundvallarlykil mi\u00f0-nor\u00f0urskautsl\u00e6gra In\u00fa\u00edta, \u00fe\u00fdddi \u00fea\u00f0 sem heimsskynsemi, en a\u00f0rir h\u00f6fundar \u00e1 bor\u00f0 vi\u00f0 Daniel Merkur og Fr\u00e9d\u00e9ric Laugrand tala um heimsandardr\u00e1tt.<\/p><p>\u00deessi breidd \u00fe\u00fd\u00f0inga er ekki merki um \u00f3sk\u00fdrleika, heldur endurspeglar merkingarlegt dj\u00fapi or\u00f0sins sj\u00e1lfs, sem \u00e1 s\u00e9r engan bein hli\u00f0st\u00e6\u00f0u \u00ed vestr\u00e6nu or\u00f0afari.<\/p><p>Sila er, \u00f3l\u00edkt <a href=\"https:\/\/iwell-guard.com\/is\/?page_id=168999\">Sedna<\/a>, ekki felld inn \u00ed s\u00f6gulega \u00e6vis\u00f6gu. Sila hefur engar fingurli\u00f0ir, engan b\u00e1t, engan f\u00f6\u00f0ur, enga tr\u00falofa\u00f0a. Sila er hi\u00f0 \u00f3s\u00fdnilega, al\u00fatbreidda skilyr\u00f0i sem d\u00fdr og menn hreyfast innan.<\/p><p>N\u00e1kv\u00e6mlega \u00feess vegna telja In\u00fa\u00edtar ve\u00f0ri\u00f0 birtingarmynd yfirvega\u00f0s, athugandi, og stundum hegnandi a\u00f0ila. Mi\u00f0lun milli manns og heims fer fram me\u00f0 andardr\u00e6tti heimsins sj\u00e1lfs, \u00e1n \u00feess a\u00f0 \u00fe\u00f6rf s\u00e9 \u00e1 a\u00f0 gu\u00f0 s\u00e9 fulltr\u00faa\u00f0ur.<\/p><p>\u00deessi tv\u00f6falda skilgreining sem ve\u00f0ur og skynsemi gerir Silu a\u00f0 br\u00faarhugtaki milli n\u00e1tt\u00faruskynjunar og tr\u00faarlegrar \u00edhugunar. N\u00fat\u00edma umr\u00e6\u00f0a um loftslag hefur teki\u00f0 hugtaki\u00f0 upp: \u00deegar \u00f6ldungar In\u00fa\u00edta segja a\u00f0 Sila hafi breyst, er \u00e1tt vi\u00f0 mun meira en ve\u00f0ri\u00f0, nefnilega heimsskipulag \u00ed kreppu.<\/p><p>\u00deessi t\u00edmab\u00e6rni gerir Silu a\u00f0 hugsanlega lifandi hugtaki tr\u00faars\u00f6gu In\u00fa\u00edta og a\u00f0greinir \u00fea\u00f0 fr\u00e1 hreinum s\u00f6guhugt\u00f6kum annarra tr\u00faarbrag\u00f0a.<\/p>\t\t\t\t\t\t\t\t<\/div>\n\t\t\t\t<\/div>\n\t\t\t\t\t<\/div>\n\t\t\t\t<\/div>\n\t\t<div class=\"elementor-element elementor-element-iwgw-sila-s1 e-flex e-con-boxed e-con e-parent\" data-id=\"iwgw-sila-s1\" data-element_type=\"container\" data-e-type=\"container\">\n\t\t\t\t\t<div class=\"e-con-inner\">\n\t\t\t\t<div class=\"elementor-element elementor-element-iwgw-sila-s1h elementor-widget elementor-widget-heading\" data-id=\"iwgw-sila-s1h\" data-element_type=\"widget\" data-e-type=\"widget\" data-widget_type=\"heading.default\">\n\t\t\t\t\t<h2 class=\"elementor-heading-title elementor-size-default\">Or\u00f0sifjar og margbreytileiki tungum\u00e1lsins<\/h2>\t\t\t\t<\/div>\n\t\t<div class=\"elementor-element elementor-element-iwgw-sila-s1c e-con-full e-flex e-con e-child\" data-id=\"iwgw-sila-s1c\" data-element_type=\"container\" data-e-type=\"container\">\n\t\t\t\t<div class=\"elementor-element elementor-element-iwgw-sila-s1t elementor-widget elementor-widget-text-editor\" data-id=\"iwgw-sila-s1t\" data-element_type=\"widget\" data-e-type=\"widget\" data-widget_type=\"text-editor.default\">\n\t\t\t\t\t\t\t\t\t<p>Or\u00f0i\u00f0 <em>sila<\/em> er sta\u00f0fest \u00ed n\u00e6r s\u00f6mu mynd um allt m\u00e1lsv\u00e6\u00f0i In\u00fa\u00edta, fr\u00e1 Chukotka til Gr\u00e6nlands, sem bendir til mikillar dj\u00fapi hugmyndarins. Merkingar n\u00e1 yfir: ve\u00f0ri\u00f0 \u00fati, hinn ytri heim, himininn, skynsemina, viti\u00f0, d\u00f3mgreind \u00e1 a\u00f0st\u00e6\u00f0um.<\/p><p>Af \u00feessu er dregi\u00f0 <em>silatujuq<\/em>, sem t\u00e1knar skynsaman, vitran mann, or\u00f0r\u00e9tt einn sem hefur Sila. \u00deessi or\u00f0myndun er tr\u00faarfr\u00e6\u00f0ilega mikilv\u00e6g, \u00fev\u00ed h\u00fan s\u00fdnir a\u00f0 vit er h\u00e9r fyrst og fremst skili\u00f0 sem eign \u00e1 Silu, s\u00ed\u00f0ur sem vitsmunaleg afrek.<\/p><p>A\u00f0 sama r\u00f3t beri ve\u00f0urfr\u00e6\u00f0ilega og vitsmunalega merkingu er ekki tilviljun \u00ed m\u00e1ls\u00f6gu. V\u00edsindalega er \u00ed \u00feessu s\u00e9\u00f0 frumbyggja\u00feekkingarfr\u00e6\u00f0i, \u00fear sem r\u00e9ttur skilningur \u00e1 umhverfinu og r\u00e9tt hugsun myndar heild.<\/p><p>S\u00e1 sem ekki getur lesi\u00f0 ve\u00f0ri\u00f0 er ekki vitur, og \u00f6fugt: S\u00e1 sem ekki er vitur missir af merkjum ve\u00f0ursins. \u00deessi samfelling er tr\u00faarfr\u00e6\u00f0ilega sj\u00e1lfst\u00e6tt fyrirb\u00e6ri \u00e1n beinnar hli\u00f0st\u00e6\u00f0u \u00ed evr\u00f3pskum tungum\u00e1lum.<\/p><p>\u00cd tr\u00faarlegu m\u00e1lfari kemur auk \u00feess fram samsetta or\u00f0i\u00f0 <em>sila inua<\/em>, or\u00f0r\u00e9tt pers\u00f3na Silu e\u00f0a ma\u00f0ur ve\u00f0ursins. \u00deetta t\u00e1knar nokkurs konar pers\u00f3nulegan a\u00f0ila sem \u00e1varpa m\u00e1 \u00ed sjaman\u00edsku samhengi, \u00e1n \u00feess a\u00f0 fullb\u00fain gu\u00f0smynd ver\u00f0i til.<\/p><p>\u00deessi sveima milli reglu og pers\u00f3nu er v\u00edsindalega s\u00e9rstaklega uppl\u00fdsandi og samsvarar nokkurs konar h\u00e1tta-<span class=\"iwg-fachbegriff\" data-tooltip=\"V\u00edsindaleg fr\u00e6\u00f0i um Gu\u00f0 og tr\u00fa innan tr\u00faarbrag\u00f0a.\" tabindex=\"0\">gu\u00f0fr\u00e6\u00f0i<\/span>: Sila er \u00e1varpa\u00f0 meira e\u00f0a minna pers\u00f3nugert eftir samhengi.<\/p>\t\t\t\t\t\t\t\t<\/div>\n\t\t\t\t<\/div>\n\t\t\t\t\t<\/div>\n\t\t\t\t<\/div>\n\t\t<div class=\"elementor-element elementor-element-iwgw-sila-s2 e-flex e-con-boxed e-con e-parent\" data-id=\"iwgw-sila-s2\" data-element_type=\"container\" data-e-type=\"container\">\n\t\t\t\t\t<div class=\"e-con-inner\">\n\t\t\t\t<div class=\"elementor-element elementor-element-iwgw-sila-s2h elementor-widget elementor-widget-heading\" data-id=\"iwgw-sila-s2h\" data-element_type=\"widget\" data-e-type=\"widget\" data-widget_type=\"heading.default\">\n\t\t\t\t\t<h2 class=\"elementor-heading-title elementor-size-default\">L\u00fdsing \u00ed \u00fej\u00f3\u00f0fr\u00e6\u00f0ilegum heimildum<\/h2>\t\t\t\t<\/div>\n\t\t<div class=\"elementor-element elementor-element-iwgw-sila-s2c e-con-full e-flex e-con e-child\" data-id=\"iwgw-sila-s2c\" data-element_type=\"container\" data-e-type=\"container\">\n\t\t\t\t<div class=\"elementor-element elementor-element-iwgw-sila-s2t elementor-widget elementor-widget-text-editor\" data-id=\"iwgw-sila-s2t\" data-element_type=\"widget\" data-e-type=\"widget\" data-widget_type=\"text-editor.default\">\n\t\t\t\t\t\t\t\t\t<p>Elstu og \u00fe\u00e9ttustu l\u00fdsingarnar \u00e1 Silu koma \u00far samt\u00f6lum Rasmussens vi\u00f0 Iglulik-sjamanana Aua, Ivaluardjuk og Kibkarjuk \u00e1 1920. \u00e1ratugnum.<\/p><p>Aua \u00fatsk\u00fdr\u00f0i fyrir Rasmussen a\u00f0 Sila v\u00e6ri m\u00e1ttur, sem r\u00f6dd hans v\u00e6ri svo hlj\u00f3\u00f0l\u00e1t a\u00f0 a\u00f0eins b\u00f6rn heyr\u00f0u hana, og a\u00f0 bo\u00f0skapur hans, \u00feegar hann l\u00e9ti \u00e1 s\u00e9r kr\u00e6la, g\u00e6ti breyst \u00ed st\u00f3rvi\u00f0ri, hr\u00ed\u00f0arbyl og hungur. \u00deessi fr\u00e1s\u00f6gn hefur or\u00f0i\u00f0 klass\u00edsk tilvitnun \u00ed v\u00edsindalegu grunnverki um tr\u00faarbr\u00f6g\u00f0 heimskautasv\u00e6\u00f0isins.<\/p><p>Sila var \u00feannig \u00ed \u00f6llum skilningi \u00ed senn hi\u00f0 umlykjandi ve\u00f0ur og hin v\u00f6kula stofnun sem skr\u00e1ir heg\u00f0un manna. Annar Iglulik-<span class=\"iwg-fachbegriff\" data-tooltip=\"Tr\u00faarlegur s\u00e9rfr\u00e6\u00f0ingur sem talinn er mi\u00f0la milli manna og andaheims.\" tabindex=\"0\">sjamani<\/span> sag\u00f0i: Hinir d\u00e1nu og s\u00f3lin og tungli\u00f0, allt heyrir \u00feetta til Silu, \u00fev\u00ed allt sem gerist er Sila.<\/p><p>Af \u00feessu dregur Merkur \u00fe\u00e1 \u00e1lyktun a\u00f0 Sila s\u00e9 \u00ed Iglulik-<span class=\"iwg-fachbegriff\" data-tooltip=\"V\u00edsindaleg fr\u00e6\u00f0i um Gu\u00f0 og tr\u00fa innan tr\u00faarbrag\u00f0a.\" tabindex=\"0\">gu\u00f0fr\u00e6\u00f0i<\/span> nokkurs konar einhyggjuleg bakl\u00e6gsregla sem umfa\u00f0mi pers\u00f3nulegu go\u00f0in \u00e1n \u00feess a\u00f0 gleypa \u00feau. \u00deessi t\u00falkun er v\u00edsindalega umdeild en hefur haft mikil \u00e1hrif \u00e1 s\u00ed\u00f0ari ranns\u00f3knir.<\/p><p>\u00c1 Gr\u00e6nlandi var\u00f0veitir Hinrich Rink hugtaki\u00f0 \u00ed myndinni <em>silap inua<\/em>, \u00e1 mi\u00f0-kanad\u00edsku t\u00fandrunni <em>sila<\/em>, hj\u00e1 Mackenzie-In\u00fa\u00edtum a\u00f0 hluta <em>hila<\/em>. \u00der\u00e1tt fyrir m\u00e1ll\u00fdskumun er tr\u00faarlega hlutverki\u00f0 samfellt.<\/p><p>St\u00f6\u00f0ugleiki hugtaksins yfir \u00fe\u00fasundir k\u00edl\u00f3metra er v\u00edsindalega athyglisver\u00f0ur og bendir til mj\u00f6g gamals hugmyndalags, sem l\u00edklega m\u00e1 rekja til frum-eskim\u00f3-aleut\u00edska m\u00e1lstigsins og g\u00e6ti \u00feannig veri\u00f0 nokkur \u00fe\u00fasund \u00e1ra gamalt.<\/p>\t\t\t\t\t\t\t\t<\/div>\n\t\t\t\t<\/div>\n\t\t\t\t\t<\/div>\n\t\t\t\t<\/div>\n\t\t<div class=\"elementor-element elementor-element-iwgw-sila-s3 e-flex e-con-boxed e-con e-parent\" data-id=\"iwgw-sila-s3\" data-element_type=\"container\" data-e-type=\"container\">\n\t\t\t\t\t<div class=\"e-con-inner\">\n\t\t\t\t<div class=\"elementor-element elementor-element-iwgw-sila-s3h elementor-widget elementor-widget-heading\" data-id=\"iwgw-sila-s3h\" data-element_type=\"widget\" data-e-type=\"widget\" data-widget_type=\"heading.default\">\n\t\t\t\t\t<h2 class=\"elementor-heading-title elementor-size-default\">Sila sem ve\u00f0ur og heimsfr\u00e6\u00f0ileg regla<\/h2>\t\t\t\t<\/div>\n\t\t<div class=\"elementor-element elementor-element-iwgw-sila-s3c e-con-full e-flex e-con e-child\" data-id=\"iwgw-sila-s3c\" data-element_type=\"container\" data-e-type=\"container\">\n\t\t\t\t<div class=\"elementor-element elementor-element-iwgw-sila-s3t elementor-widget elementor-widget-text-editor\" data-id=\"iwgw-sila-s3t\" data-element_type=\"widget\" data-e-type=\"widget\" data-widget_type=\"text-editor.default\">\n\t\t\t\t\t\t\t\t\t<p>\u00cd daglegu l\u00edfi \u00e1 nor\u00f0ursl\u00f3\u00f0um r\u00e6\u00f0ur Sila, sem ve\u00f0ur, yfir l\u00edfi og dau\u00f0a. Skyndilegt hv\u00edtamyrkur, hr\u00ed\u00f0arve\u00f0ur og \u00edsbrot \u00e1 sj\u00f3num eru talin merki um m\u00e1tt sem br\u00e1st vi\u00f0 heg\u00f0un manna, ekki sem tilviljanakennd n\u00e1tt\u00farufyrirb\u00e6ri.<\/p><p>V\u00edsindalega er \u00feetta ekki <span class=\"iwg-fachbegriff\" data-tooltip=\"Hugmyndin um a\u00f0 d\u00fdr, pl\u00f6ntur og hlutir hafi s\u00e1l.\" tabindex=\"0\">andatr\u00fa<\/span> (animismi) \u00ed klass\u00edskum skilningi, heldur vistfr\u00e6\u00f0ileg <span class=\"iwg-fachbegriff\" data-tooltip=\"V\u00edsindaleg fr\u00e6\u00f0igrein um gu\u00f0 og tr\u00fa innan tr\u00faarbrag\u00f0a.\" tabindex=\"0\">gu\u00f0fr\u00e6\u00f0i<\/span>, \u00fear sem ve\u00f0ri\u00f0 er tali\u00f0 pers\u00f3nuleg st\u00e6r\u00f0 sem unnt er a\u00f0 \u00e1varpa. \u00deessi munur \u00e1 m\u00f3ti <span class=\"iwg-fachbegriff\" data-tooltip=\"Hugmyndin um a\u00f0 d\u00fdr, pl\u00f6ntur og hlutir hafi s\u00e1l.\" tabindex=\"0\">andatr\u00fa<\/span> eldri ranns\u00f3knarskilgreininga er greiningarlega mikilv\u00e6gur.<\/p><p>\u00cd heimsfr\u00e6\u00f0ilegu tilliti er Sila \u00ed sumum fr\u00e1s\u00f6gnum Iglulik-f\u00f3lksins l\u00fdst sem fyrrum risa, sem eftir dau\u00f0a sinn var breiddur \u00fat yfir heiminn og andardr\u00e1ttur hans hreyfir n\u00fa vindinn.<\/p><p>A\u00f0rar sagnir kannast vi\u00f0 Sila a\u00f0eins sem hi\u00f0 umlykjandi frumefni, \u00e1n \u00e6ttars\u00f6gu. \u00deessi breytileiki er v\u00edsindalega ekki m\u00f3ts\u00f6gn, heldur endurspeglar \u00fe\u00e1 sta\u00f0reynd a\u00f0 tr\u00faarbr\u00f6g\u00f0 in\u00fa\u00edta eru ekki bundi\u00f0 kerfi heldur lifa \u00ed munnlegri hef\u00f0 og taka \u00e1 sig mynd eftir samhengi.<\/p><p>Mikilv\u00e6gt er samspili\u00f0 vi\u00f0 a\u00f0ra m\u00e1ttarv\u00f6ld. Sila stendur vi\u00f0 hli\u00f0 <a href=\"https:\/\/iwell-guard.com\/is\/?page_id=168999\">Sednu<\/a> sem h\u00fasfreyju sj\u00e1vard\u00fdra, vi\u00f0 hli\u00f0 <a href=\"https:\/\/iwell-guard.com\/is\/?page_id=169006\">Igaluk<\/a>, tunglsins, og vi\u00f0 hli\u00f0 <a href=\"https:\/\/iwell-guard.com\/is\/?page_id=169004\">Pingu<\/a>, sem vakir yfir landd\u00fdrunum.<\/p><p>M\u00e1ttinum er dreift, og Sila myndar hinn allsumlykjandi ramma. \u00deessi dreifing er s\u00e9rst\u00e6tt mynstur \u00ed tr\u00faarbrag\u00f0afyrirb\u00e6rafr\u00e6\u00f0i og gerir tr\u00fa in\u00fa\u00edta a\u00f0 tengslagu\u00f0fr\u00e6\u00f0i fremur en stigveldi. Gu\u00f0aheimurinn er skipulag\u00f0ur eins og net, og ekkert bendir til p\u00fdram\u00eddalegrar reglu.<\/p>\t\t\t\t\t\t\t\t<\/div>\n\t\t\t\t<\/div>\n\t\t\t\t\t<\/div>\n\t\t\t\t<\/div>\n\t\t<div class=\"elementor-element elementor-element-iwgw-sila-s4 e-flex e-con-boxed e-con e-parent\" data-id=\"iwgw-sila-s4\" data-element_type=\"container\" data-e-type=\"container\">\n\t\t\t\t\t<div class=\"e-con-inner\">\n\t\t\t\t<div class=\"elementor-element elementor-element-iwgw-sila-s4h elementor-widget elementor-widget-heading\" data-id=\"iwgw-sila-s4h\" data-element_type=\"widget\" data-e-type=\"widget\" data-widget_type=\"heading.default\">\n\t\t\t\t\t<h2 class=\"elementor-heading-title elementor-size-default\">Sila sem vit og si\u00f0fer\u00f0ilegt vald<\/h2>\t\t\t\t<\/div>\n\t\t<div class=\"elementor-element elementor-element-iwgw-sila-s4c e-con-full e-flex e-con e-child\" data-id=\"iwgw-sila-s4c\" data-element_type=\"container\" data-e-type=\"container\">\n\t\t\t\t<div class=\"elementor-element elementor-element-iwgw-sila-s4t elementor-widget elementor-widget-text-editor\" data-id=\"iwgw-sila-s4t\" data-element_type=\"widget\" data-e-type=\"widget\" data-widget_type=\"text-editor.default\">\n\t\t\t\t\t\t\t\t\t<p>Hin tv\u00f6falda merking or\u00f0sins gerir Sila a\u00f0 si\u00f0fer\u00f0ilegri st\u00e6r\u00f0. S\u00e1 sem br\u00fdtur gegn <em>pittailiniq<\/em>, bannhelgi, mun ekki a\u00f0eins missa d\u00fdrin heldur einnig s\u00edna sila, ver\u00f0a \u00f3skynsamur, d\u00e6ma ve\u00f0ri\u00f0 rangt, villast, e\u00f0a kr\u00f3kna.<\/p><p>Skynsemisskortur og ve\u00f0ur\u00f3h\u00f6pp eru \u00feannig tv\u00e6r birtingarmyndir s\u00f6mu brotanna \u00e1 heimsskipulaginu. \u00deetta samspil er v\u00edsindalega mikilv\u00e6gt \u00fev\u00ed \u00fea\u00f0 s\u00fdnir a\u00f0 si\u00f0fr\u00e6\u00f0i in\u00fa\u00edta byggist \u00e1 vitsmunalegum flokkum fremur en sektarflokkum.<\/p><p>Me\u00f0al Iglulik-f\u00f3lksins greinir Rasmussen fr\u00e1 hugtaki sem hann kallar in\u00fa\u00edt\u00edska st\u00f3uspeki: R\u00e9ttu vi\u00f0br\u00f6g\u00f0in \u00ed stormi s\u00e9u \u00feolinm\u00e6\u00f0, sk\u00fdr og sila-samr\u00e6m \u00ferautseigja, ekki \u00f6rv\u00e6ntingarfull m\u00f3tspyrna.<\/p><p>S\u00e1 sem gengur \u00ed gegnum ve\u00f0ri\u00f0 \u00e1n \u00feess a\u00f0 missa sila mun ekki kr\u00f3kna. Aginn a\u00f0 hafa stj\u00f3rn \u00e1 ge\u00f0shreyfingum er tr\u00faarlega s\u00e9\u00f0 \u00e1kve\u00f0in ger\u00f0 undirgefni gagnvart Sila. \u00deessi stj\u00f3rn \u00e1 ge\u00f0shreyfingum hefur fengi\u00f0 verulegt umfj\u00f6llunarr\u00fdmi \u00ed \u00fej\u00f3\u00f0s\u00e1lfr\u00e6\u00f0ilegum ranns\u00f3knum.<\/p><p>\u00deessi tengsl ve\u00f0urs, vits og si\u00f0fer\u00f0ilegs sj\u00e1lfsaga hafa fengi\u00f0 mikla athygli \u00ed tr\u00faarbrag\u00f0aspeki seinni hluta 20. aldar, me\u00f0al annars \u00ed verkum Merkurs og \u00ed umr\u00e6\u00f0u um vistfr\u00e6\u00f0i heimskautlegs <span class=\"iwg-fachbegriff\" data-tooltip=\"L\u00edkamslaus vera sem talin er hafa \u00e1hrif \u00ed heiminum.\" tabindex=\"0\">anda<\/span> hj\u00e1 Tim Ingold.<\/p><p>Byggingarleg n\u00e1l\u00e6g\u00f0 vi\u00f0 si\u00f0fr\u00e6\u00f0i fornrar st\u00f3uspeki er athyglisver\u00f0, en \u00e6tti ekki a\u00f0 lei\u00f0a til flj\u00f3tf\u00e6rinnar sams\u00f6munar, \u00fev\u00ed menningars\u00f6gulegt samhengi er \u00f3l\u00edkt og si\u00f0fr\u00e6\u00f0i in\u00fa\u00edta sprettur af \u00f6\u00f0rum s\u00f6guleg a\u00f0st\u00e6\u00f0um.<\/p>\t\t\t\t\t\t\t\t<\/div>\n\t\t\t\t<\/div>\n\t\t\t\t\t<\/div>\n\t\t\t\t<\/div>\n\t\t<div class=\"elementor-element elementor-element-iwgw-sila-s5 e-flex e-con-boxed e-con e-parent\" data-id=\"iwgw-sila-s5\" data-element_type=\"container\" data-e-type=\"container\">\n\t\t\t\t\t<div class=\"e-con-inner\">\n\t\t\t\t<div class=\"elementor-element elementor-element-iwgw-sila-s5h elementor-widget elementor-widget-heading\" data-id=\"iwgw-sila-s5h\" data-element_type=\"widget\" data-e-type=\"widget\" data-widget_type=\"heading.default\">\n\t\t\t\t\t<h2 class=\"elementor-heading-title elementor-size-default\">Sjaman\u00edsk i\u00f0kun og ve\u00f0urath\u00f6fn<\/h2>\t\t\t\t<\/div>\n\t\t<div class=\"elementor-element elementor-element-iwgw-sila-s5c e-con-full e-flex e-con e-child\" data-id=\"iwgw-sila-s5c\" data-element_type=\"container\" data-e-type=\"container\">\n\t\t\t\t<div class=\"elementor-element elementor-element-iwgw-sila-s5t elementor-widget elementor-widget-text-editor\" data-id=\"iwgw-sila-s5t\" data-element_type=\"widget\" data-e-type=\"widget\" data-widget_type=\"text-editor.default\">\n\t\t\t\t\t\t\t\t\t<p>Angakkuit, sjamanarnir, h\u00f6f\u00f0u auk fer\u00f0arinnar til Sednu anna\u00f0 hlutverk, minna dramat\u00edskt en n\u00e1tengt daglegu l\u00edfi: a\u00f0 l\u00e6gja e\u00f0a hreyfa ve\u00f0ri\u00f0. \u00deessi i\u00f0kun var \u00e1v\u00f6rpu\u00f0 til Sila.<\/p><p>\u00deegar stormur var \u00ed a\u00f0sigi gat <span class=\"iwg-fachbegriff\" data-tooltip=\"Tr\u00faarlegur s\u00e9rfr\u00e6\u00f0ingur sem talinn er mi\u00f0la milli manna og andaheims.\" tabindex=\"0\">sjamaninn<\/span> falli\u00f0 \u00ed trans og \u00e1kalla\u00f0 Sila, sumsinnis me\u00f0 \u00fev\u00ed a\u00f0 halda ni\u00f0ri \u00ed s\u00e9r andanum, sumsinnis me\u00f0 \u00fev\u00ed a\u00f0 sl\u00e1 me\u00f0 svipu \u00far selskinni \u00fat \u00ed lofti\u00f0. \u00deessar athafnir eru s\u00ed\u00f0ur skjalfestar en Sednufer\u00f0irnar, en \u00ed daglegri tr\u00faarlegri i\u00f0kun voru \u00fe\u00e6r engu a\u00f0 s\u00ed\u00f0ur mikilv\u00e6gar.<\/p><p>A\u00f0rar athafnir f\u00f3lust \u00ed a\u00f0 teikna litlar myndir e\u00f0a flytja fornar form\u00falur sem taldar voru mynda Sila. Mikilv\u00e6g var afsta\u00f0an: menn b\u00e1\u00f0u Sila ekki, heldur stilltu sig r\u00e9tt gagnvart Sila.<\/p><p>Munurinn \u00e1 \u00feessu og t\u00f6frafr\u00e6\u00f0ilegri, verkf\u00e6ralegri <span class=\"iwg-fachbegriff\" data-tooltip=\"Tr\u00faarleg ath\u00f6fn me\u00f0 or\u00f0um sem \u00e6tlu\u00f0 er til a\u00f0 kalla fram e\u00f0a binda m\u00e1tt.\" tabindex=\"0\">\u00e1k\u00f6llun<\/span> er v\u00edsindalega afgerandi og a\u00f0greinir i\u00f0kun in\u00fa\u00edta fr\u00e1 tengdum hef\u00f0um \u00ed S\u00edber\u00edu, \u00fear sem ve\u00f0ur\u00e1k\u00f6llun var oft mun \u00e1\u00fereifanlegri og hagr\u00e6\u00f0ingarkenndari.<\/p><p><span class=\"iwg-fachbegriff\" data-tooltip=\"Verndandi: um t\u00e1kn og hluti sem \u00e6tla\u00f0 er a\u00f0 halda ska\u00f0legum \u00e1hrifum \u00ed fjarl\u00e6g\u00f0.\" tabindex=\"0\">Verndandi<\/span> (ap\u00f3tr\u00f3pa\u00edskt) unnu in\u00fa\u00edtar l\u00edka me\u00f0 tungum\u00e1li\u00f0. \u00c1kve\u00f0in or\u00f0 gagnvart Sila voru bannor\u00f0, \u00f6nnur ur\u00f0u s\u00f6g\u00f0. S\u00e1 sem \u00e1v\u00edta\u00f0i barn tala\u00f0i ekki of harkalega, \u00fev\u00ed Sila g\u00e6ti skr\u00e1\u00f0 \u00fea\u00f0 og sn\u00fai\u00f0 ve\u00f0rinu gegn \u00feeim sem \u00e1v\u00edta\u00f0i.<\/p><p>\u00deessi f\u00ednlega samsetning s\u00fdnir hvernig tr\u00faarleg regla, uppeldi og ve\u00f0urstj\u00f3rnun voru samofin. V\u00edsindalega er \u00feetta d\u00e6migert tilvik \u00fatbreiddrar tr\u00faarhneig\u00f0ar sem er ekki bundin vi\u00f0 afmarka\u00f0ar athafnaeyjar.<\/p>\t\t\t\t\t\t\t\t<\/div>\n\t\t\t\t<\/div>\n\t\t\t\t\t<\/div>\n\t\t\t\t<\/div>\n\t\t<div class=\"elementor-element elementor-element-iwgw-sila-s6 e-flex e-con-boxed e-con e-parent\" data-id=\"iwgw-sila-s6\" data-element_type=\"container\" data-e-type=\"container\">\n\t\t\t\t\t<div class=\"e-con-inner\">\n\t\t\t\t<div class=\"elementor-element elementor-element-iwgw-sila-s6h elementor-widget elementor-widget-heading\" data-id=\"iwgw-sila-s6h\" data-element_type=\"widget\" data-e-type=\"widget\" data-widget_type=\"heading.default\">\n\t\t\t\t\t<h2 class=\"elementor-heading-title elementor-size-default\">Sila \u00ed samanbur\u00f0i vi\u00f0 \u00f6nnur ve\u00f0urhugt\u00f6k<\/h2>\t\t\t\t<\/div>\n\t\t<div class=\"elementor-element elementor-element-iwgw-sila-s6c e-con-full e-flex e-con e-child\" data-id=\"iwgw-sila-s6c\" data-element_type=\"container\" data-e-type=\"container\">\n\t\t\t\t<div class=\"elementor-element elementor-element-iwgw-sila-s6t elementor-widget elementor-widget-text-editor\" data-id=\"iwgw-sila-s6t\" data-element_type=\"widget\" data-e-type=\"widget\" data-widget_type=\"text-editor.default\">\n\t\t\t\t\t\t\t\t\t<p>V\u00edsindalega er Sila s\u00e9rstakt a\u00f0 \u00fev\u00ed leyti a\u00f0 \u00fea\u00f0 er ekki samb\u00e6rilegt vi\u00f0 hina mi\u00f0jar\u00f0arhafslegu Seif-t\u00fdpu n\u00e9 ind\u00f3evr\u00f3pska \u00ferumugu\u00f0ar-m\u00f3deli\u00f0. \u00dea\u00f0 er n\u00e1nast frekar tengt k\u00ednversku <em><span class=\"iwg-fachbegriff\" data-tooltip=\"\u00cd k\u00ednverskri hugmyndafr\u00e6\u00f0i l\u00edfsorkan sem streymir um allt.\" tabindex=\"0\">qi<\/span><\/em>, st\u00f3\u00edska <em>pneuma<\/em> og p\u00f3l\u00fdnes\u00edska <em>mana<\/em>, en er s\u00e9rstaklega bundi\u00f0 heimskautasv\u00e6\u00f0inu \u00ed ve\u00f0urfarslegri h\u00e1\u00f0ni vei\u00f0isamf\u00e9lagsins. \u00deessi samsv\u00f6run er tr\u00faarbrag\u00f0afyrirb\u00e6rafr\u00e6\u00f0ilega afkastamikil, en \u00e6tti ekki a\u00f0 lei\u00f0a til flj\u00f3tf\u00e6rinna alh\u00e6finga um universalisma.<\/p><p>Innan hringheimskautasv\u00e6\u00f0isins kemur fram n\u00e1l\u00e6g hli\u00f0st\u00e6\u00f0a vi\u00f0 sam\u00edsku hugmyndina um <em>Ilmaris<\/em> e\u00f0a nenets\u00edska <em>Num<\/em>, sem einnig n\u00e6r yfir ve\u00f0ur og himin sem ein\u00fe\u00e6tt (monist\u00edskt) grunnhugtak.<\/p><p>H\u00e9r er pers\u00f3nugerving einnig veik, en umfang hugtaksins er miki\u00f0. \u00deessi samsv\u00f6run bendir til fornrar hringheimskautslags tr\u00faarhugtakamyndunar, en n\u00e1kv\u00e6m saga hennar hefur ekki veri\u00f0 k\u00f6nnu\u00f0 til fulls.<\/p><p>Br\u00fa til evr\u00f3pskrar n\u00e1tt\u00faruspeki hefur veri\u00f0 dregin oftar en einu sinni. Hugh Brody og Tim Ingold hafa haldi\u00f0 \u00fev\u00ed fram a\u00f0 Sila megi lesa sem frumbyggjalegt afbrig\u00f0i af v\u00ed\u00f0t\u00e6ku hugtaki um andr\u00famslofti\u00f0 sem kemur fram \u00ed vestr\u00e6nni fyrirb\u00e6rafr\u00e6\u00f0i, t.d. hj\u00e1 Hermann Schmitz e\u00f0a Gernot B\u00f6hme.<\/p><p>Tr\u00faarleg d\u00fdpt Silas n\u00e6r \u00fe\u00f3 lengra en nokkur vestr\u00e6n andr\u00famsloftsspeki, \u00fev\u00ed h\u00fan hefur athafnarlegt v\u00e6gi umfram \u00fea\u00f0 l\u00fdsandi.<\/p>\t\t\t\t\t\t\t\t<\/div>\n\t\t\t\t<\/div>\n\t\t\t\t\t<\/div>\n\t\t\t\t<\/div>\n\t\t<div class=\"elementor-element elementor-element-iwgw-sila-s7 e-flex e-con-boxed e-con e-parent\" data-id=\"iwgw-sila-s7\" data-element_type=\"container\" data-e-type=\"container\">\n\t\t\t\t\t<div class=\"e-con-inner\">\n\t\t\t\t<div class=\"elementor-element elementor-element-iwgw-sila-s7h elementor-widget elementor-widget-heading\" data-id=\"iwgw-sila-s7h\" data-element_type=\"widget\" data-e-type=\"widget\" data-widget_type=\"heading.default\">\n\t\t\t\t\t<h2 class=\"elementor-heading-title elementor-size-default\">Sila og loftslagsbreytingar<\/h2>\t\t\t\t<\/div>\n\t\t<div class=\"elementor-element elementor-element-iwgw-sila-s7c e-con-full e-flex e-con e-child\" data-id=\"iwgw-sila-s7c\" data-element_type=\"container\" data-e-type=\"container\">\n\t\t\t\t<div class=\"elementor-element elementor-element-iwgw-sila-s7t elementor-widget elementor-widget-text-editor\" data-id=\"iwgw-sila-s7t\" data-element_type=\"widget\" data-e-type=\"widget\" data-widget_type=\"text-editor.default\">\n\t\t\t\t\t\t\t\t\t<p>Fr\u00e1 1990 hefur Sila or\u00f0i\u00f0 a\u00f0 mi\u00f0l\u00e6gu hugtaki \u00ed loftslagsumr\u00e6\u00f0u in\u00fa\u00edta. \u00d6ldungar in\u00fa\u00edta, me\u00f0al annars \u00ed sk\u00fdrslum Inuit Tapiriit Kanatami og Inuit Circumpolar Council, l\u00fdsa loftslagsbreytingum fyrst og fremst sem missi \u00e1 fyrirsj\u00e1anleika Silas, fremur en hitastigsh\u00e6kkun. Ve\u00f0ri\u00f0 ver\u00f0i \u00f3fyrirsj\u00e1anlegt, sem \u00fe\u00fd\u00f0ir jafnframt: \u00fea\u00f0 samr\u00e6mist ekki lengur hinum arfleidda skynsemi.<\/p><p>V\u00edsindalega er \u00feetta athyglisvert \u00fev\u00ed hef\u00f0bundi\u00f0 tr\u00faarlegt hugtak ver\u00f0ur a\u00f0 tungutaki umhverfisv\u00e1r \u00e1n \u00feess a\u00f0 lei\u00f0a til b\u00f3kstafstr\u00faarlegrar endurvakningar. V\u00edsindakonan Sheila Watt-Cloutier nota\u00f0i \u00ed b\u00f3k sinni <em>The Right to Be Cold<\/em> Sila sem \u00fe\u00fd\u00f0ingarhugtak fyrir al\u00fej\u00f3\u00f0ar\u00e9ttarlega loftslagsumr\u00e6\u00f0u og s\u00fdndi \u00feannig hvernig frumbyggjalegar tr\u00faarhugmyndir geta or\u00f0i\u00f0 hnattr\u00e6nt \u00e1hrifamiklar \u00ed stj\u00f3rnm\u00e1lum.<\/p><p>\u00deessi vaktun s\u00fdnir a\u00f0 Sila er ekki li\u00f0i\u00f0 tr\u00faarfyrirb\u00e6ri, heldur lifandi, s\u00edfellt breytandi hugtak. L\u00e6rd\u00f3mur in\u00fa\u00edta um ve\u00f0ursi\u00f0fr\u00e6\u00f0i m\u00e6tir h\u00e9r hnattr\u00e6nni v\u00edsinda- og stj\u00f3rnm\u00e1laumr\u00e6\u00f0u \u00e1n \u00feess a\u00f0 tapa eigin d\u00fdpt.<\/p><p>V\u00edsindalega er \u00feetta d\u00e6migert tilfelli \u00feess a\u00f0 hef\u00f0bundin hugt\u00f6k ver\u00f0i virk \u00ed samt\u00edmalegri hnattr\u00e6nni umr\u00e6\u00f0u, og hefur \u00fea\u00f0 \u00fe\u00fd\u00f0ingu langt umfram hef\u00f0 in\u00fa\u00edta.<\/p>\t\t\t\t\t\t\t\t<\/div>\n\t\t\t\t<\/div>\n\t\t\t\t\t<\/div>\n\t\t\t\t<\/div>\n\t\t<div class=\"elementor-element elementor-element-iwgw-sila-s8 e-flex e-con-boxed e-con e-parent\" data-id=\"iwgw-sila-s8\" data-element_type=\"container\" data-e-type=\"container\">\n\t\t\t\t\t<div class=\"e-con-inner\">\n\t\t\t\t<div class=\"elementor-element elementor-element-iwgw-sila-s8h elementor-widget elementor-widget-heading\" data-id=\"iwgw-sila-s8h\" data-element_type=\"widget\" data-e-type=\"widget\" data-widget_type=\"heading.default\">\n\t\t\t\t\t<h2 class=\"elementor-heading-title elementor-size-default\">Ranns\u00f3knarsaga og vi\u00f0t\u00f6kur<\/h2>\t\t\t\t<\/div>\n\t\t<div class=\"elementor-element elementor-element-iwgw-sila-s8c e-con-full e-flex e-con e-child\" data-id=\"iwgw-sila-s8c\" data-element_type=\"container\" data-e-type=\"container\">\n\t\t\t\t<div class=\"elementor-element elementor-element-iwgw-sila-s8t elementor-widget elementor-widget-text-editor\" data-id=\"iwgw-sila-s8t\" data-element_type=\"widget\" data-e-type=\"widget\" data-widget_type=\"text-editor.default\">\n\t\t\t\t\t\t\t\t\t<p>Ranns\u00f3knir \u00e1 Sila hafa gengi\u00f0 \u00ed gegnum \u00ferj\u00fa t\u00edmabil. Fyrst skr\u00e1\u00f0u heimskautak\u00f6nnu\u00f0ir seint \u00e1 19. og fram \u00e1 20. \u00f6ld hugtaki\u00f0 \u00e1 brotakenndan h\u00e1tt (Boas, Rink, Birket-Smith). Rasmussen lag\u00f0i 1929 grunninn sem lengi vel var ekki dregi\u00f0 \u00ed efa. Daniel Merkur og Mircea Eliade bygg\u00f0u \u00far \u00fev\u00ed v\u00edsindalega samsetningu sem var\u00f0 <span class=\"iwg-fachbegriff\" data-tooltip=\"Til hins vi\u00f0urkennda ritasafns tr\u00faarbrag\u00f0s.\" tabindex=\"0\">kan\u00f3n\u00edsk<\/span> fyrir seinni hluta 20. aldar.<\/p><p>Fr\u00e1 1990 hafa Fr\u00e9d\u00e9ric Laugrand og Jarich Oosten helga\u00f0 sig n\u00e1kv\u00e6mari sv\u00e6\u00f0isbundinni greiningu \u00e1 Sila-hugtakinu. \u00deeir s\u00fdna a\u00f0 Iglulik, Netsilik, Baffin og Gr\u00e6nland hafa \u00fer\u00f3a\u00f0 l\u00edtillega mismunandi merkingarbl\u00e6, \u00e1n \u00feess a\u00f0 grunnbygging hugtaksins hverfi.<\/p><p>Fj\u00f3r\u00f0a t\u00edmabili\u00f0 einkennist af umhverfislegri og stj\u00f3rnm\u00e1lalegri virkjun hugtaksins fr\u00e1 2000 og \u00e1fram, \u00fear sem h\u00f6fundar \u00far in\u00fa\u00edta sj\u00e1lfum birta um Sila og breyta \u00feannig ranns\u00f3knarst\u00f6\u00f0unni verulega.<\/p><p>Innan menningarsv\u00e6\u00f0is in\u00fa\u00edta sj\u00e1lfs hefur Sila fengi\u00f0 sess \u00ed sk\u00f3la- og h\u00e1sk\u00f3lamenntun. Mi\u00f0lun hugtaksins til yngri kynsl\u00f3\u00f0ar er \u00ed dag hluti af markvissri var\u00f0veislu tungum\u00e1ls og \u00feekkingar, sem er studd af v\u00edsindum en ekki komi\u00f0 \u00ed sta\u00f0inn fyrir hana.<\/p><p>\u00deessi tv\u00f6feldni milli \u00feekkingarsamf\u00e9lags frumbyggja og fr\u00e6\u00f0ilegra ranns\u00f3kna er s\u00e9rstakt atri\u00f0i \u00ed tr\u00faarbrag\u00f0afyrirb\u00e6rafr\u00e6\u00f0i og d\u00e6mi um p\u00f3stk\u00f3l\u00f3nial\u00edska endurm\u00f3tun <span class=\"iwg-fachbegriff\" data-tooltip=\"V\u00edsindin sem rannsaka tr\u00faarbr\u00f6g\u00f0 samanbur\u00f0arlega og \u00e1n tr\u00faarbindingar.\" tabindex=\"0\">tr\u00faarbrag\u00f0afr\u00e6\u00f0anna<\/span>.<\/p>\t\t\t\t\t\t\t\t<\/div>\n\t\t\t\t<\/div>\n\t\t\t\t\t<\/div>\n\t\t\t\t<\/div>\n\t\t<div class=\"elementor-element elementor-element-iwgw-sila-s9 e-flex e-con-boxed e-con e-parent\" data-id=\"iwgw-sila-s9\" data-element_type=\"container\" data-e-type=\"container\">\n\t\t\t\t\t<div class=\"e-con-inner\">\n\t\t\t\t<div class=\"elementor-element elementor-element-iwgw-sila-s9h elementor-widget elementor-widget-heading\" data-id=\"iwgw-sila-s9h\" data-element_type=\"widget\" data-e-type=\"widget\" data-widget_type=\"heading.default\">\n\t\t\t\t\t<h2 class=\"elementor-heading-title elementor-size-default\">Krossv\u00edsanir \u00ed or\u00f0ab\u00f3k in\u00fa\u00edta<\/h2>\t\t\t\t<\/div>\n\t\t<div class=\"elementor-element elementor-element-iwgw-sila-s9c e-con-full e-flex e-con e-child\" data-id=\"iwgw-sila-s9c\" data-element_type=\"container\" data-e-type=\"container\">\n\t\t\t\t<div class=\"elementor-element elementor-element-iwgw-sila-s9t elementor-widget elementor-widget-text-editor\" data-id=\"iwgw-sila-s9t\" data-element_type=\"widget\" data-e-type=\"widget\" data-widget_type=\"text-editor.default\">\n\t\t\t\t\t\t\t\t\t<p>\u00deeir sem vilja kanna n\u00e1nar samtvinnun Silas vi\u00f0 a\u00f0rar v\u00e6ttir finna \u00ed or\u00f0ab\u00f3kinni greinar um <a href=\"https:\/\/iwell-guard.com\/is\/?page_id=168999\">Sedna<\/a>, <a href=\"https:\/\/iwell-guard.com\/is\/?page_id=169006\">Igaluk<\/a>, <a href=\"https:\/\/iwell-guard.com\/is\/?page_id=169004\">Pinga<\/a>, <a href=\"https:\/\/iwell-guard.com\/is\/?page_id=169001\">Tornarssuk<\/a>, <a href=\"https:\/\/iwell-guard.com\/is\/?page_id=169005\">Nanook<\/a>, <a href=\"https:\/\/iwell-guard.com\/is\/?page_id=169002\">Tupilak<\/a>, <a href=\"https:\/\/iwell-guard.com\/is\/?page_id=169003\">Anguta<\/a>, <a href=\"https:\/\/iwell-guard.com\/is\/?page_id=169007\">Malina<\/a> og <a href=\"https:\/\/iwell-guard.com\/is\/?page_id=169008\">Qailertetang<\/a>. Yfirmengi \u00feessa myndar menningarmi\u00f0st\u00f6\u00f0in <a href=\"https:\/\/iwell-guard.com\/is\/inuit-og-nordurslodir-sedna-tornit\/\">In\u00fa\u00edta-hef\u00f0in<\/a>, sem rammar inn hina tr\u00faarlegu landfr\u00e6\u00f0i mi\u00f0heimskautasv\u00e6\u00f0isins.<\/p><p>Fyrir \u00fe\u00e1 sem vilja skilja Sila \u00ed v\u00ed\u00f0ara hringheimskautslegum samanbur\u00f0i finnast mikilv\u00e6gar hli\u00f0st\u00e6\u00f0ur \u00ed <a href=\"https:\/\/iwell-guard.com\/is\/sami-finnsk-ugrisk-hefd-noaidi-tromma\/\">sam\u00edskum<\/a> ve\u00f0ur- og andr\u00famsloftshugt\u00f6kum, s\u00e9rstaklega \u00ed Beaivi-Sara-samst\u00e6\u00f0unni.<\/p>\t\t\t\t\t\t\t\t<\/div>\n\t\t\t\t<\/div>\n\t\t\t\t\t<\/div>\n\t\t\t\t<\/div>\n\t\t<div class=\"elementor-element elementor-element-cp2cd38ede e-flex e-con-boxed e-con e-parent\" data-id=\"cp2cd38ede\" data-element_type=\"container\" data-e-type=\"container\">\n\t\t\t\t\t<div class=\"e-con-inner\">\n\t\t\t\t<div class=\"elementor-element elementor-element-cp20442d65 elementor-widget elementor-widget-heading\" data-id=\"cp20442d65\" data-element_type=\"widget\" data-e-type=\"widget\" data-widget_type=\"heading.default\">\n\t\t\t\t\t<h2 class=\"elementor-heading-title elementor-size-default\">Loft, vit og ve\u00f0ur: erfi\u00f0leikinn vi\u00f0 a\u00f0 \u00fe\u00fd\u00f0a Sila<\/h2>\t\t\t\t<\/div>\n\t\t<div class=\"elementor-element elementor-element-cp2b5f2985 e-flex e-con-boxed e-con e-child\" data-id=\"cp2b5f2985\" data-element_type=\"container\" data-e-type=\"container\">\n\t\t\t\t\t<div class=\"e-con-inner\">\n\t\t\t\t<div class=\"elementor-element elementor-element-cp266dd50f elementor-widget elementor-widget-text-editor\" data-id=\"cp266dd50f\" data-element_type=\"widget\" data-e-type=\"widget\" data-widget_type=\"text-editor.default\">\n\t\t\t\t\t\t\t\t\t<p>Hugtaki\u00f0 <em>Sila<\/em>, sem er var\u00f0veitt \u00ed \u00fdmsum rith\u00e1ttum eins og <em>Silap Inua<\/em> e\u00f0a <em>Sila Inua<\/em>, tilheyrir hugmyndaheimi in\u00fa\u00edta-hef\u00f0a sem s\u00e9rstaklega \u00ferj\u00f3skast vi\u00f0 vestr\u00e6nar \u00fe\u00fd\u00f0ingarflokkanir. Or\u00f0i\u00f0 tekur yfir merkingarsvi\u00f0 sem \u00ed \u00fe\u00fdsku og \u00f6\u00f0rum evr\u00f3pskum m\u00e1lum skiptist \u00e1 milli margra a\u00f0skilinna hugtaka.<\/p><p><em>Sila<\/em> getur \u00e1tt vi\u00f0 hinn ytri heim \u00ed skilningi ve\u00f0urs og loftslags, \u00fea\u00f0 getur merkt lofti\u00f0 og himininn, og \u00fea\u00f0 getur samt\u00edmis merkt skynsemi, d\u00f3mgreind e\u00f0a vitund. Um barn sem er a\u00f0 byrja a\u00f0 n\u00e1 vitsmunalegum \u00feroska er h\u00e6gt a\u00f0 nota or\u00f0asamband sem inniheldur Sila.<\/p><p>\u00deessi breidd merkingarinnar er ekki tungum\u00e1lalegur galli heldur birting \u00e1 \u00f6\u00f0ruv\u00edsi s\u00fdn \u00e1 heiminn. Sila tengir hi\u00f0 umlykjandi \u00fati saman vi\u00f0 skilninginn innra. Hugmyndin um <em>Silap Inua<\/em>, Inua e\u00f0a eiganda Sila, hugsar \u00feessa tengingu sem pers\u00f3nulegt vald.<\/p><p>Inua, oft \u00fe\u00fdtt sem eigandi e\u00f0a \u00edb\u00fai, v\u00edsar \u00ed in\u00fa\u00edta-hef\u00f0um til hinnar innbygg\u00f0u pers\u00f3nu sta\u00f0ar, d\u00fdrs e\u00f0a fyrirb\u00e6ris. Silap Inua er \u00feannig pers\u00f3nulega innhli\u00f0in \u00e1 allri umlykjandi skipan, ekki ve\u00f0urgu\u00f0 \u00ed evr\u00f3pskum skilningi.<\/p><p>Knud Rasmussen, sem skr\u00e1\u00f0i samt\u00f6l vi\u00f0 sjamana \u00ed fimmta Thule-lei\u00f0angrinum, hefur var\u00f0veitt nokkrar fr\u00e1sagnir \u00fear sem Sila birtist sem miki\u00f0, \u00f3\u00e1\u00fereifanlegt vald sem ekki er h\u00e6gt a\u00f0 \u00e1varpa me\u00f0 venjulegum or\u00f0um og sem tj\u00e1ir sig \u00ed gegnum ve\u00f0ri\u00f0, storminn og heg\u00f0un d\u00fdranna.<\/p><p>Fr\u00e1sagnir Rasmussens eru mikilv\u00e6gar, en \u00fe\u00e6r eru \u00fe\u00fd\u00f0ingar \u00e1 \u00fe\u00fd\u00f0ingum, mi\u00f0la\u00f0ar gegnum t\u00falka og hans eigin leit a\u00f0 gr\u00edpanlegri <span class=\"iwg-fachbegriff\" data-tooltip=\"Hin fr\u00e6\u00f0ilega kenning um gu\u00f0 og tr\u00fa innan tr\u00faarbrag\u00f0a.\" tabindex=\"0\">gu\u00f0fr\u00e6\u00f0i<\/span>. Sumir fr\u00e6\u00f0imenn telja a\u00f0 \u00feau samr\u00e6mi sem Sila birtist me\u00f0 sem \u00e6\u00f0ri gu\u00f0d\u00f3mur \u00ed hluta afleiddra rita s\u00e9 a\u00f0 einhverju leyti aflei\u00f0ing \u00feessara skr\u00e1ningara\u00f0st\u00e6\u00f0na.<\/p><p>Fyrir n\u00e1kv\u00e6ma framsetningu lei\u00f0ir \u00feetta af s\u00e9r tvennt. \u00cd fyrsta lagi \u00e6tti Sila ekki a\u00f0 vera einfalda\u00f0 \u00ed fl\u00fdti ni\u00f0ur \u00ed ve\u00f0urgu\u00f0, \u00fev\u00ed \u00fe\u00e1 myndi tengingin vi\u00f0 skynsemi og l\u00edfsskipan glatast, sem er grundvallaratri\u00f0i fyrir hugmynd in\u00fa\u00edta.<\/p><p>\u00cd \u00f6\u00f0ru lagi \u00fearf \u00e1vallt a\u00f0 hafa hina k\u00f3l\u00f3n\u00edsku mi\u00f0lun \u00ed huga vi\u00f0 hverja fullyr\u00f0ingu um Sila. Heimildirnar eru f\u00e1ar, erfitt a\u00f0 sannreyna \u00e1 einu tungum\u00e1li og lita\u00f0ar af \u00e1huga safnaranna \u00e1 a\u00f0 finna skipulagt tr\u00faarkerfi.<\/p>\t\t\t\t\t\t\t\t<\/div>\n\t\t\t\t\t<\/div>\n\t\t\t\t<\/div>\n\t\t\t\t\t<\/div>\n\t\t\t\t<\/div>\n\t\t<div class=\"elementor-element elementor-element-iwgw-sila-lit e-flex e-con-boxed e-con e-parent\" data-id=\"iwgw-sila-lit\" data-element_type=\"container\" data-e-type=\"container\">\n\t\t\t\t\t<div class=\"e-con-inner\">\n\t\t\t\t<div class=\"elementor-element elementor-element-iwgw-sila-lith elementor-widget elementor-widget-heading\" data-id=\"iwgw-sila-lith\" data-element_type=\"widget\" data-e-type=\"widget\" data-widget_type=\"heading.default\">\n\t\t\t\t\t<h2 class=\"elementor-heading-title elementor-size-default\">Heimildir (\u00farval)<\/h2>\t\t\t\t<\/div>\n\t\t<div class=\"elementor-element elementor-element-iwgw-sila-litc e-con-full e-flex e-con e-child\" data-id=\"iwgw-sila-litc\" data-element_type=\"container\" data-e-type=\"container\">\n\t\t\t\t<div class=\"elementor-element elementor-element-iwgw-sila-litt elementor-widget elementor-widget-text-editor\" data-id=\"iwgw-sila-litt\" data-element_type=\"widget\" data-e-type=\"widget\" data-widget_type=\"text-editor.default\">\n\t\t\t\t\t\t\t\t\t<ul><li>Knud Rasmussen: <em>Intellectual Culture of the Iglulik Eskimos<\/em> (Kaupmannah\u00f6fn 1929)<\/li><li>Daniel Merkur: <em>Powers Which We Do Not Know<\/em> (Moscow ID 1991)<\/li><li>Fr\u00e9d\u00e9ric Laugrand og Jarich Oosten: <em>Inuit Shamanism and Christianity<\/em> (Montreal 2010)<\/li><li>Hinrich Rink: <em>Tales and Traditions of the Eskimo<\/em> (Edinburgh 1875)<\/li><li>Sheila Watt-Cloutier: <em>The Right to Be Cold<\/em> (Toronto 2015)<\/li><li>Tim Ingold: <em>The Perception of the Environment<\/em> (London 2000)<\/li><\/ul>\t\t\t\t\t\t\t\t<\/div>\n\t\t\t\t<\/div>\n\t\t\t\t\t<\/div>\n\t\t\t\t<\/div>\n\t\t<div class=\"elementor-element elementor-element-iwgw-sila-kwd e-flex e-con-boxed e-con e-parent\" data-id=\"iwgw-sila-kwd\" data-element_type=\"container\" data-e-type=\"container\">\n\t\t\t\t\t<div class=\"e-con-inner\">\n\t\t<div class=\"elementor-element elementor-element-iwgw-sila-kwdc e-con-full e-flex e-con e-child\" data-id=\"iwgw-sila-kwdc\" data-element_type=\"container\" data-e-type=\"container\">\n\t\t\t\t<div class=\"elementor-element elementor-element-iwgw-sila-kwdt elementor-widget elementor-widget-text-editor\" data-id=\"iwgw-sila-kwdt\" data-element_type=\"widget\" data-e-type=\"widget\" data-widget_type=\"text-editor.default\">\n\t\t\t\t\t\t\t\t\t<p><em>Tengd kjarnahugt\u00f6k: Sila Silap Inua veraldarandardr\u00e1ttur ve\u00f0urreglan skynsemi in\u00fa\u00edta Pittailiniq Iglulik.<\/em><\/p>\t\t\t\t\t\t\t\t<\/div>\n\t\t\t\t<\/div>\n\t\t\t\t\t<\/div>\n\t\t\t\t<\/div>\n\t\t<div class=\"elementor-element elementor-element-iwgw-sila-cc e-flex e-con-boxed e-con e-parent\" data-id=\"iwgw-sila-cc\" data-element_type=\"container\" data-e-type=\"container\" id=\"iwg-cc-sila\">\n\t\t\t\t\t<div class=\"e-con-inner\">\n\t\t<div class=\"elementor-element elementor-element-iwgw-sila-ccinner e-flex e-con-boxed e-con e-parent\" data-id=\"iwgw-sila-ccinner\" data-element_type=\"container\" data-e-type=\"container\" data-settings=\"{&quot;background_background&quot;:&quot;classic&quot;}\">\n\t\t\t\t\t<div class=\"e-con-inner\">\n\t\t\t\t<div class=\"elementor-element elementor-element-iwgw-sila-cch elementor-widget elementor-widget-heading\" data-id=\"iwgw-sila-cch\" data-element_type=\"widget\" data-e-type=\"widget\" data-widget_type=\"heading.default\">\n\t\t\t\t\t<h2 class=\"elementor-heading-title elementor-size-default\">iWell Guard og verndarhef\u00f0ir<\/h2>\t\t\t\t<\/div>\n\t\t\t\t<div class=\"elementor-element elementor-element-iwgw-sila-cct elementor-widget elementor-widget-text-editor\" data-id=\"iwgw-sila-cct\" data-element_type=\"widget\" data-e-type=\"widget\" data-widget_type=\"text-editor.default\">\n\t\t\t\t\t\t\t\t\t<div data-nosnippet=\"true\"><p>iWell Guard tengist menningars\u00f6gulegri hef\u00f0 bur\u00f0arh\u00e6fra verndargripa, \u00ed hef\u00f0 <a href=\"https:\/\/iwell-guard.com\/is\/inuit-og-nordurslodir-sedna-tornit\/\">in\u00fa\u00edta<\/a> og margra annarra menningarheima um allan heim. 41 lag, alv\u00f6ru gull, plat\u00edna, silfur, framleitt \u00ed \u00de\u00fdskalandi. 30 daga skilar\u00e9ttur.<\/p><\/div>\t\t\t\t\t\t\t\t<\/div>\n\t\t\t\t<div class=\"elementor-element elementor-element-iwgw-sila-ccb iwg-cc-button iwg-cc-cta-2026-05-13 elementor-widget elementor-widget-jet-button\" data-id=\"iwgw-sila-ccb\" data-element_type=\"widget\" data-e-type=\"widget\" data-widget_type=\"jet-button.default\">\n\t\t\t\t<div class=\"elementor-widget-container\">\n\t\t\t\t\t<div class=\"elementor-jet-button jet-elements\"><div class=\"jet-button__container\"><a class=\"jet-button__instance jet-button__instance--icon-left hover-effect-1\" href=\"\/ueber-iwell-guard\/?utm_source=iwell-guard.com&amp;utm_medium=info-box&amp;utm_campaign=wesen-tradition\"><div class=\"jet-button__plane jet-button__plane-normal\"><\/div><div class=\"jet-button__plane jet-button__plane-hover\"><\/div><div class=\"jet-button__state jet-button__state-normal\"><span class=\"jet-button__label\">Meira um iWell Guard<\/span><\/div><div class=\"jet-button__state jet-button__state-hover\"><span class=\"jet-button__label\">Meira um iWell Guard<\/span><\/div><\/a><\/div><\/div><style>.elementor-element.elementor-element-iwgw-sila-ccb .jet-button__instance{width:320px;height:56px;}.elementor-element.elementor-element-iwgw-sila-ccb .jet-button__state-normal .jet-button__label{text-align:center;margin:0px 0px 0px 0px;color:#1a1b20;font-family:Montserrat,sans-serif;font-size:13px;font-weight:400;letter-spacing:4px;line-height:1.714em;text-transform:uppercase;}.elementor-element.elementor-element-iwgw-sila-ccb .jet-button__state-hover .jet-button__label{text-align:center;margin:0px 0px 0px 0px;color:#FECC76;font-family:Montserrat,sans-serif;font-size:13px;font-weight:400;letter-spacing:4px;line-height:1.714em;text-transform:uppercase;}.elementor-element.elementor-element-iwgw-sila-ccb .jet-button__plane-normal{background-color:#FECC76;border-style:solid;border-color:#C99540;border-width:2px 2px 2px 2px;}.elementor-element.elementor-element-iwgw-sila-ccb .jet-button__plane-hover{background-color:rgba(0,0,0,0.55);border-style:solid;border-color:#FECC76;border-width:2px 2px 2px 2px;}<\/style>\t\t\t\t<\/div>\n\t\t\t\t<\/div>\n\t\t\t\t<div class=\"elementor-element elementor-element-iwgw-sila-ccd elementor-widget elementor-widget-text-editor\" data-id=\"iwgw-sila-ccd\" data-element_type=\"widget\" data-e-type=\"widget\" data-widget_type=\"text-editor.default\">\n\t\t\t\t\t\t\t\t\t<div data-nosnippet=\"true\"><p style=\"text-align:center;font-size:13px;opacity:0.7;margin-top:14px\" data-nosnippet=\"true\">Pers\u00f3nuleg reynsla getur veri\u00f0 mismunandi. Ekki l\u00e6kningat\u00e6ki. Engin lofor\u00f0 um l\u00e6kningu.<\/p><\/div>\t\t\t\t\t\t\t\t<\/div>\n\t\t\t\t\t<\/div>\n\t\t\t\t<\/div>\n\t\t\t\t\t<\/div>\n\t\t\t\t<\/div>\n\t\t<div class=\"elementor-element elementor-element-iwgw-sila-disc e-flex e-con-boxed e-con e-parent\" data-id=\"iwgw-sila-disc\" data-element_type=\"container\" data-e-type=\"container\">\n\t\t\t\t\t<div class=\"e-con-inner\">\n\t\t\t\t<div class=\"elementor-element elementor-element-iwgw-sila-discw elementor-widget elementor-widget-html\" data-id=\"iwgw-sila-discw\" data-element_type=\"widget\" data-e-type=\"widget\" data-widget_type=\"html.default\">\n\t\t\t\t\t<footer data-nosnippet=\"true\" class=\"iwg-disclaimer-block\"><p data-nosnippet=\"true\">iWell Guard er <strong>ekki l\u00e6kningat\u00e6ki<\/strong> og kemur ekki \u00ed sta\u00f0inn fyrir l\u00e6knis- e\u00f0a s\u00e1lfr\u00e6\u00f0ime\u00f0fer\u00f0. Tr\u00faarfr\u00e6\u00f0ilegt efni er menningars\u00f6gulegt samhengi, ekki r\u00e1\u00f0legging um andlega i\u00f0kun.<\/p><\/footer>\t\t\t\t<\/div>\n\t\t\t\t\t<\/div>\n\t\t\t\t<\/div>\n\t\t\t\t<\/div>\n\t\t","protected":false},"excerpt":{"rendered":"","protected":false},"author":3,"featured_media":2879,"parent":0,"menu_order":0,"comment_status":"closed","ping_status":"closed","template":"elementor_header_footer","meta":{"_yoast_wpseo_focuskw":"Sila heimsandardr\u00e1ttur In\u00fa\u00edta","_yoast_wpseo_title":"Sila - Heimsandardr\u00e1ttur In\u00fa\u00edta, ve\u00f0ur og skynsemi","_yoast_wpseo_metadesc":"Sila er heimshugtak nor\u00f0urskautssv\u00e6\u00f0isins um ve\u00f0ur, loft og skynsemi. Tr\u00faarfr\u00e6\u00f0ileg greining me\u00f0 go\u00f0s\u00f6gn, sjamanai\u00f0kun, heimildum og bannhelgi.","_yoast_wpseo_meta-robots-noindex":"","_yoast_wpseo_canonical":"","_angie_page":false,"gefaehrdungsstufe":"2","wesen_kultur":"inuit","wesen_klasse":"geister","footnotes":""},"categories":[],"class_list":["post-169000","page","type-page","status-publish","has-post-thumbnail","hentry"],"yoast_head":"<!-- This site is optimized with the Yoast SEO Premium plugin v27.7 (Yoast SEO v28.3) - https:\/\/yoast.com\/product\/yoast-seo-premium-wordpress\/ -->\n<title>Sila - Heimsandardr\u00e1ttur In\u00fa\u00edta, ve\u00f0ur og skynsemi<\/title>\n<meta name=\"description\" content=\"Sila er heimshugtak nor\u00f0urskautssv\u00e6\u00f0isins um ve\u00f0ur, loft og skynsemi. Tr\u00faarfr\u00e6\u00f0ileg greining me\u00f0 go\u00f0s\u00f6gn, sjamanai\u00f0kun, heimildum og bannhelgi.\" \/>\n<meta name=\"robots\" content=\"index, follow, max-snippet:-1, max-image-preview:large, max-video-preview:-1\" \/>\n<link rel=\"canonical\" href=\"https:\/\/iwell-guard.com\/is\/sila-heimsandardrattur-veduherra-inuita\/\" \/>\n<meta property=\"og:locale\" content=\"is_IS\" \/>\n<meta property=\"og:type\" content=\"article\" \/>\n<meta property=\"og:title\" content=\"Sila - Heimsandardr\u00e1ttur og ve\u00f0urdrottinn In\u00fa\u00edta\" \/>\n<meta property=\"og:description\" content=\"Sila er heimshugtak nor\u00f0urskautssv\u00e6\u00f0isins um ve\u00f0ur, loft og skynsemi. Tr\u00faarfr\u00e6\u00f0ileg greining me\u00f0 go\u00f0s\u00f6gn, sjamanai\u00f0kun, heimildum og bannhelgi.\" \/>\n<meta property=\"og:url\" content=\"https:\/\/iwell-guard.com\/is\/sila-heimsandardrattur-veduherra-inuita\/\" \/>\n<meta property=\"og:site_name\" content=\"iWell Guard\" \/>\n<meta property=\"article:modified_time\" content=\"2026-09-05T14:29:30+00:00\" \/>\n<meta property=\"og:image\" content=\"https:\/\/iwell-guard.com\/wp-content\/uploads\/2026\/05\/geister_inuit_sila.webp\" \/>\n\t<meta property=\"og:image:width\" content=\"1024\" \/>\n\t<meta property=\"og:image:height\" content=\"1536\" \/>\n\t<meta property=\"og:image:type\" content=\"image\/webp\" \/>\n<meta name=\"twitter:card\" content=\"summary_large_image\" \/>\n<script type=\"application\/ld+json\" class=\"yoast-schema-graph\">{\"@context\":\"https:\\\/\\\/schema.org\",\"@graph\":[{\"@type\":\"WebPage\",\"@id\":\"https:\\\/\\\/iwell-guard.com\\\/is\\\/sila-heimsandardrattur-veduherra-inuita\\\/\",\"url\":\"https:\\\/\\\/iwell-guard.com\\\/is\\\/sila-heimsandardrattur-veduherra-inuita\\\/\",\"name\":\"Sila - Heimsandardr\u00e1ttur In\u00fa\u00edta, ve\u00f0ur og skynsemi\",\"isPartOf\":{\"@id\":\"https:\\\/\\\/iwell-guard.com\\\/is\\\/#website\"},\"primaryImageOfPage\":{\"@id\":\"https:\\\/\\\/iwell-guard.com\\\/is\\\/sila-heimsandardrattur-veduherra-inuita\\\/#primaryimage\"},\"image\":{\"@id\":\"https:\\\/\\\/iwell-guard.com\\\/is\\\/sila-heimsandardrattur-veduherra-inuita\\\/#primaryimage\"},\"thumbnailUrl\":\"https:\\\/\\\/iwell-guard.com\\\/wp-content\\\/uploads\\\/2026\\\/05\\\/geister_inuit_sila.webp\",\"datePublished\":\"2026-09-05T14:04:43+00:00\",\"dateModified\":\"2026-09-05T14:29:30+00:00\",\"description\":\"Sila er heimshugtak nor\u00f0urskautssv\u00e6\u00f0isins um ve\u00f0ur, loft og skynsemi. Tr\u00faarfr\u00e6\u00f0ileg greining me\u00f0 go\u00f0s\u00f6gn, sjamanai\u00f0kun, heimildum og bannhelgi.\",\"breadcrumb\":{\"@id\":\"https:\\\/\\\/iwell-guard.com\\\/is\\\/sila-heimsandardrattur-veduherra-inuita\\\/#breadcrumb\"},\"inLanguage\":\"is\",\"potentialAction\":[{\"@type\":\"ReadAction\",\"target\":[\"https:\\\/\\\/iwell-guard.com\\\/is\\\/sila-heimsandardrattur-veduherra-inuita\\\/\"]}]},{\"@type\":\"ImageObject\",\"inLanguage\":\"is\",\"@id\":\"https:\\\/\\\/iwell-guard.com\\\/is\\\/sila-heimsandardrattur-veduherra-inuita\\\/#primaryimage\",\"url\":\"https:\\\/\\\/iwell-guard.com\\\/wp-content\\\/uploads\\\/2026\\\/05\\\/geister_inuit_sila.webp\",\"contentUrl\":\"https:\\\/\\\/iwell-guard.com\\\/wp-content\\\/uploads\\\/2026\\\/05\\\/geister_inuit_sila.webp\",\"width\":1024,\"height\":1536,\"caption\":\"Andar \u00far in\u00fa\u00edta-hef\u00f0inni.\"},{\"@type\":\"BreadcrumbList\",\"@id\":\"https:\\\/\\\/iwell-guard.com\\\/is\\\/sila-heimsandardrattur-veduherra-inuita\\\/#breadcrumb\",\"itemListElement\":[{\"@type\":\"ListItem\",\"position\":1,\"name\":\"Start\",\"item\":\"https:\\\/\\\/iwell-guard.com\\\/is\\\/?page_id=168580\"},{\"@type\":\"ListItem\",\"position\":2,\"name\":\"Sila &#8211; Heimsandardr\u00e1ttur og ve\u00f0urdrottinn In\u00fa\u00edta\"}]},{\"@type\":\"WebSite\",\"@id\":\"https:\\\/\\\/iwell-guard.com\\\/is\\\/#website\",\"url\":\"https:\\\/\\\/iwell-guard.com\\\/is\\\/\",\"name\":\"iWell Guard\",\"description\":\"Schutz vor dunklen Einfl\u00fcssen\",\"publisher\":{\"@id\":\"https:\\\/\\\/iwell-guard.com\\\/is\\\/#organization\"},\"potentialAction\":[{\"@type\":\"SearchAction\",\"target\":{\"@type\":\"EntryPoint\",\"urlTemplate\":\"https:\\\/\\\/iwell-guard.com\\\/is\\\/?s={search_term_string}\"},\"query-input\":{\"@type\":\"PropertyValueSpecification\",\"valueRequired\":true,\"valueName\":\"search_term_string\"}}],\"inLanguage\":\"is\"},{\"@type\":\"Organization\",\"@id\":\"https:\\\/\\\/iwell-guard.com\\\/is\\\/#organization\",\"name\":\"Ittermann electronic GmbH\",\"url\":\"https:\\\/\\\/iwell-guard.com\\\/is\\\/\",\"logo\":{\"@type\":\"ImageObject\",\"inLanguage\":\"is\",\"@id\":\"https:\\\/\\\/iwell-guard.com\\\/is\\\/#\\\/schema\\\/logo\\\/image\\\/\",\"url\":\"https:\\\/\\\/iwell-guard.com\\\/wp-content\\\/uploads\\\/2026\\\/05\\\/Ittermann-Logo-1182x237-1.png\",\"contentUrl\":\"https:\\\/\\\/iwell-guard.com\\\/wp-content\\\/uploads\\\/2026\\\/05\\\/Ittermann-Logo-1182x237-1.png\",\"width\":1182,\"height\":237,\"caption\":\"Ittermann electronic GmbH\"},\"image\":{\"@id\":\"https:\\\/\\\/iwell-guard.com\\\/is\\\/#\\\/schema\\\/logo\\\/image\\\/\"},\"sameAs\":[\"https:\\\/\\\/pantip.com\\\/profile\\\/9367242\",\"https:\\\/\\\/micro.blog\\\/iwellguard\",\"https:\\\/\\\/www.diggerslist.com\\\/iwellguard\\\/about\",\"https:\\\/\\\/skitterphoto.com\\\/photographers\\\/2870314\\\/iwell-guard\",\"https:\\\/\\\/iwellguard.wordpress.com\\\/2026\\\/06\\\/06\\\/iwell-guard\\\/\",\"https:\\\/\\\/hub.docker.com\\\/u\\\/iwellguard\",\"https:\\\/\\\/www.pinterest.com\\\/iwellguard\\\/\",\"https:\\\/\\\/bit.ly\\\/m\\\/iwellguard\",\"https:\\\/\\\/entre-vos-mains.alsace.eu\\\/profiles\\\/iwellguard\\\/activity\",\"https:\\\/\\\/gravatar.com\\\/reallybeded8fd34\",\"https:\\\/\\\/naijamatta.com\\\/iwellguard\",\"https:\\\/\\\/www.goodreads.com\\\/iwellguard\",\"https:\\\/\\\/profile.hatena.ne.jp\\\/iwellguard\\\/\",\"https:\\\/\\\/experiment.com\\\/users\\\/iwellguard\",\"https:\\\/\\\/wakelet.com\\\/@iWellGuard82270\",\"https:\\\/\\\/www.chordie.com\\\/forum\\\/profile.php?id=2555664\",\"https:\\\/\\\/www.instapaper.com\\\/p\\\/17757966\",\"https:\\\/\\\/www.mapleprimes.com\\\/users\\\/iwellguard\",\"https:\\\/\\\/businesslistingplus.com\\\/profile\\\/iwell-guard\\\/\",\"https:\\\/\\\/telegra.ph\\\/iWell-Guard-06-06\",\"https:\\\/\\\/pbase.com\\\/iwellguard\\\/iwellguard\",\"https:\\\/\\\/b.hatena.ne.jp\\\/iwellguard\\\/20260607#bookmark-4788405196491818882\",\"https:\\\/\\\/fliphtml5.com\\\/home\\\/iwellguard\",\"https:\\\/\\\/anyflip.com\\\/homepage\\\/cmiwl#About\",\"https:\\\/\\\/transfur.com\\\/Users\\\/iwellguard\",\"http:\\\/\\\/delphi.larsbo.org\\\/user\\\/iwellguard\",\"https:\\\/\\\/jobs.lajobsportal.org\\\/profiles\\\/8380803-iwell-guard\",\"https:\\\/\\\/md.chaosdorf.de\\\/s\\\/jfbe5SBdJD\",\"https:\\\/\\\/www.lingvolive.com\\\/en-us\\\/profile\\\/9ecaeaca-ce11-4e51-9e71-01d55e2bff36\\\/translations\",\"https:\\\/\\\/www.fitday.com\\\/fitness\\\/forums\\\/members\\\/iwellguard.html\",\"https:\\\/\\\/www.mymeetbook.com\\\/iwellguard\",\"https:\\\/\\\/pxhere.com\\\/en\\\/photographer-me\\\/5040798\",\"https:\\\/\\\/disqus.com\\\/by\\\/iwellguard\\\/about\\\/\",\"https:\\\/\\\/pastelink.net\\\/hjwciqwq\",\"https:\\\/\\\/pubhtml5.com\\\/homepage\\\/scjhn\\\/\",\"https:\\\/\\\/www.bitchute.com\\\/channel\\\/2O2eOKzNqujT\",\"https:\\\/\\\/audiomack.com\\\/iwellguard\"]},{\"@type\":\"Article\",\"@id\":\"https:\\\/\\\/iwell-guard.com\\\/is\\\/sila-heimsandardrattur-veduherra-inuita\\\/#article\",\"isPartOf\":{\"@id\":\"https:\\\/\\\/iwell-guard.com\\\/is\\\/sila-heimsandardrattur-veduherra-inuita\\\/\"},\"author\":{\"name\":\"Ralf Ittermann\",\"@id\":\"https:\\\/\\\/iwell-guard.com\\\/is\\\/#\\\/schema\\\/person\\\/ee2a27f1cac3406c7c6fb5820cb7349f\"},\"headline\":\"Sila &#8211; Heimsandardr\u00e1ttur og ve\u00f0urdrottinn In\u00fa\u00edta\",\"datePublished\":\"2026-09-05T14:04:43+00:00\",\"dateModified\":\"2026-09-05T14:29:30+00:00\",\"mainEntityOfPage\":{\"@id\":\"https:\\\/\\\/iwell-guard.com\\\/is\\\/sila-heimsandardrattur-veduherra-inuita\\\/\"},\"publisher\":{\"@id\":\"https:\\\/\\\/iwell-guard.com\\\/is\\\/#organization\"},\"image\":{\"@id\":\"https:\\\/\\\/iwell-guard.com\\\/is\\\/sila-heimsandardrattur-veduherra-inuita\\\/#primaryimage\"},\"thumbnailUrl\":\"https:\\\/\\\/iwell-guard.com\\\/wp-content\\\/uploads\\\/2026\\\/05\\\/geister_inuit_sila.webp\",\"inLanguage\":\"is\",\"description\":\"Sila er heimshugtak nor\u00f0urskautssv\u00e6\u00f0isins um ve\u00f0ur, loft og skynsemi. Tr\u00faarfr\u00e6\u00f0ileg greining me\u00f0 go\u00f0s\u00f6gn, sjamanai\u00f0kun, heimildum og bannhelgi.\"}]}<\/script>\n<!-- \/ Yoast SEO Premium plugin. -->","yoast_head_json":{"title":"Sila - Heimsandardr\u00e1ttur In\u00fa\u00edta, ve\u00f0ur og skynsemi","description":"Sila er heimshugtak nor\u00f0urskautssv\u00e6\u00f0isins um ve\u00f0ur, loft og skynsemi. Tr\u00faarfr\u00e6\u00f0ileg greining me\u00f0 go\u00f0s\u00f6gn, sjamanai\u00f0kun, heimildum og bannhelgi.","robots":{"index":"index","follow":"follow","max-snippet":"max-snippet:-1","max-image-preview":"max-image-preview:large","max-video-preview":"max-video-preview:-1"},"canonical":"https:\/\/iwell-guard.com\/is\/sila-heimsandardrattur-veduherra-inuita\/","og_locale":"is_IS","og_type":"article","og_title":"Sila - Heimsandardr\u00e1ttur og ve\u00f0urdrottinn In\u00fa\u00edta","og_description":"Sila er heimshugtak nor\u00f0urskautssv\u00e6\u00f0isins um ve\u00f0ur, loft og skynsemi. Tr\u00faarfr\u00e6\u00f0ileg greining me\u00f0 go\u00f0s\u00f6gn, sjamanai\u00f0kun, heimildum og bannhelgi.","og_url":"https:\/\/iwell-guard.com\/is\/sila-heimsandardrattur-veduherra-inuita\/","og_site_name":"iWell Guard","article_modified_time":"2026-09-05T14:29:30+00:00","og_image":[{"width":1024,"height":1536,"url":"https:\/\/iwell-guard.com\/wp-content\/uploads\/2026\/05\/geister_inuit_sila.webp","type":"image\/webp"}],"twitter_card":"summary_large_image","schema":{"@context":"https:\/\/schema.org","@graph":[{"@type":"Article","@id":"https:\/\/iwell-guard.com\/is\/sila-heimsandardrattur-veduherra-inuita\/#article","isPartOf":{"@id":"https:\/\/iwell-guard.com\/is\/sila-heimsandardrattur-veduherra-inuita\/"},"author":{"name":"Ralf Ittermann","@id":"https:\/\/iwell-guard.com\/is\/#\/schema\/person\/ee2a27f1cac3406c7c6fb5820cb7349f"},"headline":"Sila &#8211; Heimsandardr\u00e1ttur og ve\u00f0urdrottinn In\u00fa\u00edta","datePublished":"2026-09-05T14:04:43+00:00","dateModified":"2026-09-05T14:29:30+00:00","mainEntityOfPage":{"@id":"https:\/\/iwell-guard.com\/is\/sila-heimsandardrattur-veduherra-inuita\/"},"publisher":{"@id":"https:\/\/iwell-guard.com\/is\/#organization"},"image":{"@id":"https:\/\/iwell-guard.com\/is\/sila-heimsandardrattur-veduherra-inuita\/#primaryimage"},"thumbnailUrl":"https:\/\/iwell-guard.com\/wp-content\/uploads\/2026\/05\/geister_inuit_sila.webp","inLanguage":"is","description":"Sila er heimshugtak nor\u00f0urskautssv\u00e6\u00f0isins um ve\u00f0ur, loft og skynsemi. Tr\u00faarfr\u00e6\u00f0ileg greining me\u00f0 go\u00f0s\u00f6gn, sjamanai\u00f0kun, heimildum og bannhelgi."},{"@type":"WebPage","@id":"https:\/\/iwell-guard.com\/is\/sila-heimsandardrattur-veduherra-inuita\/","url":"https:\/\/iwell-guard.com\/is\/sila-heimsandardrattur-veduherra-inuita\/","name":"Sila - Heimsandardr\u00e1ttur In\u00fa\u00edta, ve\u00f0ur og skynsemi","isPartOf":{"@id":"https:\/\/iwell-guard.com\/is\/#website"},"primaryImageOfPage":{"@id":"https:\/\/iwell-guard.com\/is\/sila-heimsandardrattur-veduherra-inuita\/#primaryimage"},"image":{"@id":"https:\/\/iwell-guard.com\/is\/sila-heimsandardrattur-veduherra-inuita\/#primaryimage"},"thumbnailUrl":"https:\/\/iwell-guard.com\/wp-content\/uploads\/2026\/05\/geister_inuit_sila.webp","datePublished":"2026-09-05T14:04:43+00:00","dateModified":"2026-09-05T14:29:30+00:00","description":"Sila er heimshugtak nor\u00f0urskautssv\u00e6\u00f0isins um ve\u00f0ur, loft og skynsemi. Tr\u00faarfr\u00e6\u00f0ileg greining me\u00f0 go\u00f0s\u00f6gn, sjamanai\u00f0kun, heimildum og bannhelgi.","breadcrumb":{"@id":"https:\/\/iwell-guard.com\/is\/sila-heimsandardrattur-veduherra-inuita\/#breadcrumb"},"inLanguage":"is","potentialAction":[{"@type":"ReadAction","target":["https:\/\/iwell-guard.com\/is\/sila-heimsandardrattur-veduherra-inuita\/"]}]},{"@type":"ImageObject","inLanguage":"is","@id":"https:\/\/iwell-guard.com\/is\/sila-heimsandardrattur-veduherra-inuita\/#primaryimage","url":"https:\/\/iwell-guard.com\/wp-content\/uploads\/2026\/05\/geister_inuit_sila.webp","contentUrl":"https:\/\/iwell-guard.com\/wp-content\/uploads\/2026\/05\/geister_inuit_sila.webp","width":1024,"height":1536,"caption":"Andar \u00far in\u00fa\u00edta-hef\u00f0inni."},{"@type":"BreadcrumbList","@id":"https:\/\/iwell-guard.com\/is\/sila-heimsandardrattur-veduherra-inuita\/#breadcrumb","itemListElement":[{"@type":"ListItem","position":1,"name":"Start","item":"https:\/\/iwell-guard.com\/is\/?page_id=168580"},{"@type":"ListItem","position":2,"name":"Sila &#8211; Heimsandardr\u00e1ttur og ve\u00f0urdrottinn In\u00fa\u00edta"}]},{"@type":"WebSite","@id":"https:\/\/iwell-guard.com\/is\/#website","url":"https:\/\/iwell-guard.com\/is\/","name":"iWell Guard","description":"Schutz vor dunklen Einfl\u00fcssen","publisher":{"@id":"https:\/\/iwell-guard.com\/is\/#organization"},"potentialAction":[{"@type":"SearchAction","target":{"@type":"EntryPoint","urlTemplate":"https:\/\/iwell-guard.com\/is\/?s={search_term_string}"},"query-input":{"@type":"PropertyValueSpecification","valueRequired":true,"valueName":"search_term_string"}}],"inLanguage":"is"},{"@type":"Organization","@id":"https:\/\/iwell-guard.com\/is\/#organization","name":"Ittermann electronic GmbH","url":"https:\/\/iwell-guard.com\/is\/","logo":{"@type":"ImageObject","inLanguage":"is","@id":"https:\/\/iwell-guard.com\/is\/#\/schema\/logo\/image\/","url":"https:\/\/iwell-guard.com\/wp-content\/uploads\/2026\/05\/Ittermann-Logo-1182x237-1.png","contentUrl":"https:\/\/iwell-guard.com\/wp-content\/uploads\/2026\/05\/Ittermann-Logo-1182x237-1.png","width":1182,"height":237,"caption":"Ittermann electronic GmbH"},"image":{"@id":"https:\/\/iwell-guard.com\/is\/#\/schema\/logo\/image\/"},"sameAs":["https:\/\/pantip.com\/profile\/9367242","https:\/\/micro.blog\/iwellguard","https:\/\/www.diggerslist.com\/iwellguard\/about","https:\/\/skitterphoto.com\/photographers\/2870314\/iwell-guard","https:\/\/iwellguard.wordpress.com\/2026\/06\/06\/iwell-guard\/","https:\/\/hub.docker.com\/u\/iwellguard","https:\/\/www.pinterest.com\/iwellguard\/","https:\/\/bit.ly\/m\/iwellguard","https:\/\/entre-vos-mains.alsace.eu\/profiles\/iwellguard\/activity","https:\/\/gravatar.com\/reallybeded8fd34","https:\/\/naijamatta.com\/iwellguard","https:\/\/www.goodreads.com\/iwellguard","https:\/\/profile.hatena.ne.jp\/iwellguard\/","https:\/\/experiment.com\/users\/iwellguard","https:\/\/wakelet.com\/@iWellGuard82270","https:\/\/www.chordie.com\/forum\/profile.php?id=2555664","https:\/\/www.instapaper.com\/p\/17757966","https:\/\/www.mapleprimes.com\/users\/iwellguard","https:\/\/businesslistingplus.com\/profile\/iwell-guard\/","https:\/\/telegra.ph\/iWell-Guard-06-06","https:\/\/pbase.com\/iwellguard\/iwellguard","https:\/\/b.hatena.ne.jp\/iwellguard\/20260607#bookmark-4788405196491818882","https:\/\/fliphtml5.com\/home\/iwellguard","https:\/\/anyflip.com\/homepage\/cmiwl#About","https:\/\/transfur.com\/Users\/iwellguard","http:\/\/delphi.larsbo.org\/user\/iwellguard","https:\/\/jobs.lajobsportal.org\/profiles\/8380803-iwell-guard","https:\/\/md.chaosdorf.de\/s\/jfbe5SBdJD","https:\/\/www.lingvolive.com\/en-us\/profile\/9ecaeaca-ce11-4e51-9e71-01d55e2bff36\/translations","https:\/\/www.fitday.com\/fitness\/forums\/members\/iwellguard.html","https:\/\/www.mymeetbook.com\/iwellguard","https:\/\/pxhere.com\/en\/photographer-me\/5040798","https:\/\/disqus.com\/by\/iwellguard\/about\/","https:\/\/pastelink.net\/hjwciqwq","https:\/\/pubhtml5.com\/homepage\/scjhn\/","https:\/\/www.bitchute.com\/channel\/2O2eOKzNqujT","https:\/\/audiomack.com\/iwellguard"]},{"@type":"Person","@id":"https:\/\/iwell-guard.com\/is\/#\/schema\/person\/ee2a27f1cac3406c7c6fb5820cb7349f","name":"Ralf Ittermann","image":{"@type":"ImageObject","inLanguage":"is","@id":"https:\/\/secure.gravatar.com\/avatar\/073c0153e350a5005b68eb752b445fea71f6b24a26da9449ad7e155e6b446c9d?s=96&d=mm&r=g","url":"https:\/\/secure.gravatar.com\/avatar\/073c0153e350a5005b68eb752b445fea71f6b24a26da9449ad7e155e6b446c9d?s=96&d=mm&r=g","contentUrl":"https:\/\/secure.gravatar.com\/avatar\/073c0153e350a5005b68eb752b445fea71f6b24a26da9449ad7e155e6b446c9d?s=96&d=mm&r=g","caption":"Ralf Ittermann"},"givenName":"Ralf","familyName":"Ittermann","jobTitle":"Gesch\u00e4ftsf\u00fchrer und redaktioneller Verantwortlicher","url":"https:\/\/iwell-guard.com\/is\/author\/claude\/","description":"Ralf Ittermann ist Gesch\u00e4ftsf\u00fchrer der Ittermann electronic GmbH und redaktioneller Verantwortlicher des iWell-Guard-Lexikons. Er verbindet langj\u00e4hrige Erfahrung in der Pr\u00e4zisionsfertigung mit medialer Praxis und religionsgeschichtlicher Quellenarbeit.","worksFor":{"@type":"Organization","name":"Ittermann electronic GmbH","url":"https:\/\/ittermann.de\/","address":{"@type":"PostalAddress","streetAddress":"K\u00f6hlergasse 16-18","postalCode":"99842","addressLocality":"Ruhla","addressCountry":"DE"}},"knowsAbout":["Religionsgeschichte","Mythologie","Mediale Praxis","Energetische Diagnostik","Schutzpraxis","Volksglauben","Westliche Esoterik"]},{"@type":"Article","@id":"https:\/\/iwell-guard.com\/is\/sila-heimsandardrattur-veduherra-inuita\/#article","isPartOf":{"@id":"https:\/\/iwell-guard.com\/is\/sila-heimsandardrattur-veduherra-inuita\/"},"author":{"name":"Ralf Ittermann","@id":"https:\/\/iwell-guard.com\/is\/#\/schema\/person\/ee2a27f1cac3406c7c6fb5820cb7349f"},"headline":"Sila &#8211; Heimsandardr\u00e1ttur og ve\u00f0urdrottinn In\u00fa\u00edta","datePublished":"2026-09-05T14:04:43+00:00","dateModified":"2026-09-05T14:29:30+00:00","mainEntityOfPage":{"@id":"https:\/\/iwell-guard.com\/is\/sila-heimsandardrattur-veduherra-inuita\/"},"publisher":{"@id":"https:\/\/iwell-guard.com\/is\/#organization"},"image":{"@id":"https:\/\/iwell-guard.com\/is\/sila-heimsandardrattur-veduherra-inuita\/#primaryimage"},"thumbnailUrl":"https:\/\/iwell-guard.com\/wp-content\/uploads\/2026\/05\/geister_inuit_sila.webp","inLanguage":"is","description":"Sila er heimshugtak nor\u00f0urskautssv\u00e6\u00f0isins um ve\u00f0ur, loft og skynsemi. Tr\u00faarfr\u00e6\u00f0ileg greining me\u00f0 go\u00f0s\u00f6gn, sjamanai\u00f0kun, heimildum og bannhelgi."}]}},"_links":{"self":[{"href":"https:\/\/iwell-guard.com\/is\/wp-json\/wp\/v2\/pages\/169000","targetHints":{"allow":["GET"]}}],"collection":[{"href":"https:\/\/iwell-guard.com\/is\/wp-json\/wp\/v2\/pages"}],"about":[{"href":"https:\/\/iwell-guard.com\/is\/wp-json\/wp\/v2\/types\/page"}],"author":[{"embeddable":true,"href":"https:\/\/iwell-guard.com\/is\/wp-json\/wp\/v2\/users\/3"}],"replies":[{"embeddable":true,"href":"https:\/\/iwell-guard.com\/is\/wp-json\/wp\/v2\/comments?post=169000"}],"version-history":[{"count":0,"href":"https:\/\/iwell-guard.com\/is\/wp-json\/wp\/v2\/pages\/169000\/revisions"}],"wp:featuredmedia":[{"embeddable":true,"href":"https:\/\/iwell-guard.com\/is\/wp-json\/wp\/v2\/media\/2879"}],"wp:attachment":[{"href":"https:\/\/iwell-guard.com\/is\/wp-json\/wp\/v2\/media?parent=169000"}],"wp:term":[{"taxonomy":"category","embeddable":true,"href":"https:\/\/iwell-guard.com\/is\/wp-json\/wp\/v2\/categories?post=169000"}],"curies":[{"name":"wp","href":"https:\/\/api.w.org\/{rel}","templated":true}]}}