{"id":168999,"date":"2026-09-05T14:04:42","date_gmt":"2026-09-05T14:04:42","guid":{"rendered":"https:\/\/iwell-guard.com\/?page_id=168999"},"modified":"2026-09-05T14:29:25","modified_gmt":"2026-09-05T14:29:25","slug":"sedna-sjavardrottning-inuita","status":"publish","type":"page","link":"https:\/\/iwell-guard.com\/is\/sedna-sjavardrottning-inuita\/","title":{"rendered":"Sedna &#8211; Sj\u00e1vardrottning In\u00fa\u00edta"},"content":{"rendered":"\t\t<div data-elementor-type=\"wp-page\" data-elementor-id=\"168999\" class=\"elementor elementor-168999 elementor-2654 elementor-bc-flex-widget\" data-elementor-post-type=\"page\">\n\t\t\t\t<div class=\"elementor-element elementor-element-iwgw-sedna-hero e-flex e-con-boxed e-con e-parent\" data-id=\"iwgw-sedna-hero\" data-element_type=\"container\" data-e-type=\"container\" data-settings=\"{&quot;background_background&quot;:&quot;classic&quot;}\">\n\t\t\t\t\t<div class=\"e-con-inner\">\n\t\t<div class=\"elementor-element elementor-element-iwgw-sedna-hl e-flex e-con-boxed e-con e-child\" data-id=\"iwgw-sedna-hl\" data-element_type=\"container\" data-e-type=\"container\">\n\t\t\t\t\t<div class=\"e-con-inner\">\n\t\t<div class=\"elementor-element elementor-element-iwgw-sedna-htxt e-con-full e-flex e-con e-child\" data-id=\"iwgw-sedna-htxt\" data-element_type=\"container\" data-e-type=\"container\">\n\t\t\t\t<div class=\"elementor-element elementor-element-iwgw-sedna-h1 elementor-widget elementor-widget-heading\" data-id=\"iwgw-sedna-h1\" data-element_type=\"widget\" data-e-type=\"widget\" data-widget_type=\"heading.default\">\n\t\t\t\t\t<h1 class=\"elementor-heading-title elementor-size-default\">Sedna - Sj\u00e1vardrottning og verndari d\u00fdranna \u00ed go\u00f0afr\u00e6\u00f0i In\u00fa\u00edta<\/h1>\t\t\t\t<\/div>\n\t\t\t\t<div class=\"elementor-element elementor-element-iwgw-sedna-lead elementor-widget elementor-widget-text-editor\" data-id=\"iwgw-sedna-lead\" data-element_type=\"widget\" data-e-type=\"widget\" data-widget_type=\"text-editor.default\">\n\t\t\t\t\t\t\t\t\t<p>Sedna, sem \u00ed nor\u00f0urheimskautshef\u00f0 In\u00fa\u00edta er \u00feekkt undir m\u00f6rgum n\u00f6fnum eins og Nuliajuk, Takannakapsaluk e\u00f0a Arnakuagsak, er talin drottning sj\u00e1vard\u00fdra og er me\u00f0al \u00feeirra vera sem best er skjalfest \u00ed tr\u00faarbrag\u00f0as\u00f6gu nor\u00f0urskautssv\u00e6\u00f0isins. Skr\u00e1ningar Knud Rasmussen fr\u00e1 5. Thule-lei\u00f0angrinum ger\u00f0u pers\u00f3nu hennar a\u00f0 lykilatri\u00f0i \u00ed hverri alvarlegri tr\u00faarbrag\u00f0afr\u00e6\u00f0ilegri athugun \u00e1 nor\u00f0ursl\u00f3\u00f0a-samf\u00e9l\u00f6gum.<\/p>\t\t\t\t\t\t\t\t<\/div>\n\t\t\t\t<\/div>\n\t\t<div class=\"elementor-element elementor-element-iwgw-sedna-pillc e-con-full e-flex e-con e-child\" data-id=\"iwgw-sedna-pillc\" data-element_type=\"container\" data-e-type=\"container\">\n\t\t\t\t<div class=\"elementor-element elementor-element-iwgw-sedna-pills elementor-widget elementor-widget-html\" data-id=\"iwgw-sedna-pills\" data-element_type=\"widget\" data-e-type=\"widget\" data-widget_type=\"html.default\">\n\t\t\t\t\t<div class=\"iwg-pill-row\"><span class=\"iwg-klasse-badge\" tabindex=\"0\" data-tooltip=\"Sj\u00e1varvera \u00ed hef\u00f0 In\u00fa\u00edta.\">Sj\u00e1varvera<\/span><a href=\"https:\/\/iwell-guard.com\/is\/inuit-og-nordurslodir-sedna-tornit\/\" class=\"iwg-kultur-badge\" tabindex=\"0\" data-tooltip=\"Go\u00f0afr\u00e6\u00f0i In\u00fa\u00edta.\">In\u00fa\u00edtar<\/a><span class=\"iwg-tradition-badge\" tabindex=\"0\" data-tooltip=\"Drottning d\u00fdranna.\">Drottning d\u00fdranna<\/span><\/div>\t\t\t\t<\/div>\n\t\t\t\t<\/div>\n\t\t<div class=\"elementor-element elementor-element-iwgw-sedna-tocc e-con-full e-flex e-con e-child\" data-id=\"iwgw-sedna-tocc\" data-element_type=\"container\" data-e-type=\"container\">\n\t\t\t\t<div class=\"elementor-element elementor-element-iwgw-sedna-toc elementor-toc--minimized-on-tablet elementor-widget elementor-widget-table-of-contents\" data-id=\"iwgw-sedna-toc\" data-element_type=\"widget\" data-e-type=\"widget\" data-settings=\"{&quot;headings_by_tags&quot;:[&quot;h2&quot;,&quot;h3&quot;],&quot;minimize_box&quot;:&quot;yes&quot;,&quot;marker_view&quot;:&quot;bullets&quot;,&quot;no_headings_message&quot;:&quot;Engar undirfyrirsagnir fundust \\u00e1 \\u00feessari s\\u00ed\\u00f0u.&quot;,&quot;exclude_headings_by_selector&quot;:[],&quot;icon&quot;:{&quot;value&quot;:&quot;fas fa-circle&quot;,&quot;library&quot;:&quot;fa-solid&quot;,&quot;rendered_tag&quot;:&quot;&lt;svg class=\\&quot;e-font-icon-svg e-fas-circle\\&quot; viewBox=\\&quot;0 0 512 512\\&quot; xmlns=\\&quot;http:\\\/\\\/www.w3.org\\\/2000\\\/svg\\&quot;&gt;&lt;path d=\\&quot;M256 8C119 8 8 119 8 256s111 248 248 248 248-111 248-248S393 8 256 8z\\&quot;&gt;&lt;\\\/path&gt;&lt;\\\/svg&gt;&quot;},&quot;minimized_on&quot;:&quot;tablet&quot;,&quot;hierarchical_view&quot;:&quot;yes&quot;,&quot;min_height&quot;:{&quot;unit&quot;:&quot;px&quot;,&quot;size&quot;:&quot;&quot;,&quot;sizes&quot;:[]},&quot;min_height_tablet&quot;:{&quot;unit&quot;:&quot;px&quot;,&quot;size&quot;:&quot;&quot;,&quot;sizes&quot;:[]},&quot;min_height_mobile&quot;:{&quot;unit&quot;:&quot;px&quot;,&quot;size&quot;:&quot;&quot;,&quot;sizes&quot;:[]}}\" data-widget_type=\"table-of-contents.default\">\n\t\t\t\t\t\t\t\t\t<div class=\"elementor-toc__header\">\n\t\t\t\t\t\t<h2 class=\"elementor-toc__header-title\">\n\t\t\t\tEfnisyfirlit\t\t\t<\/h2>\n\t\t\t\t\t\t\t\t\t\t<div class=\"elementor-toc__toggle-button elementor-toc__toggle-button--expand\" role=\"button\" tabindex=\"0\" aria-controls=\"elementor-toc__iwgw-sedna-toc\" aria-expanded=\"true\" aria-label=\"Open table of contents\"><svg aria-hidden=\"true\" class=\"e-font-icon-svg e-fas-chevron-down\" viewBox=\"0 0 448 512\" xmlns=\"http:\/\/www.w3.org\/2000\/svg\"><path d=\"M207.029 381.476L12.686 187.132c-9.373-9.373-9.373-24.569 0-33.941l22.667-22.667c9.357-9.357 24.522-9.375 33.901-.04L224 284.505l154.745-154.021c9.379-9.335 24.544-9.317 33.901.04l22.667 22.667c9.373 9.373 9.373 24.569 0 33.941L240.971 381.476c-9.373 9.372-24.569 9.372-33.942 0z\"><\/path><\/svg><\/div>\n\t\t\t\t<div class=\"elementor-toc__toggle-button elementor-toc__toggle-button--collapse\" role=\"button\" tabindex=\"0\" aria-controls=\"elementor-toc__iwgw-sedna-toc\" aria-expanded=\"true\" aria-label=\"Close table of contents\"><svg aria-hidden=\"true\" class=\"e-font-icon-svg e-fas-chevron-up\" viewBox=\"0 0 448 512\" xmlns=\"http:\/\/www.w3.org\/2000\/svg\"><path d=\"M240.971 130.524l194.343 194.343c9.373 9.373 9.373 24.569 0 33.941l-22.667 22.667c-9.357 9.357-24.522 9.375-33.901.04L224 227.495 69.255 381.516c-9.379 9.335-24.544 9.317-33.901-.04l-22.667-22.667c-9.373-9.373-9.373-24.569 0-33.941L207.03 130.525c9.372-9.373 24.568-9.373 33.941-.001z\"><\/path><\/svg><\/div>\n\t\t\t\t\t<\/div>\n\t\t\t\t<div id=\"elementor-toc__iwgw-sedna-toc\" class=\"elementor-toc__body\">\n\t\t\t<div class=\"elementor-toc__spinner-container\">\n\t\t\t\t<svg class=\"elementor-toc__spinner eicon-animation-spin e-font-icon-svg e-eicon-loading\" aria-hidden=\"true\" viewBox=\"0 0 1000 1000\" xmlns=\"http:\/\/www.w3.org\/2000\/svg\"><path d=\"M500 975V858C696 858 858 696 858 500S696 142 500 142 142 304 142 500H25C25 237 238 25 500 25S975 237 975 500 763 975 500 975Z\"><\/path><\/svg>\t\t\t<\/div>\n\t\t<\/div>\n\t\t\t\t\t\t<\/div>\n\t\t\t\t<\/div>\n\t\t\t\t\t<\/div>\n\t\t\t\t<\/div>\n\t\t<div class=\"elementor-element elementor-element-iwgw-sedna-hr e-con-full e-flex e-con e-child\" data-id=\"iwgw-sedna-hr\" data-element_type=\"container\" data-e-type=\"container\">\n\t\t\t\t<div class=\"elementor-element elementor-element-iwgw-sedna-heroimg iwg-hero-image elementor-widget elementor-widget-image\" data-id=\"iwgw-sedna-heroimg\" data-element_type=\"widget\" data-e-type=\"widget\" data-widget_type=\"image.default\">\n\t\t\t\t\t\t\t\t\t\t\t\t\t\t\t<img fetchpriority=\"high\" decoding=\"async\" width=\"683\" height=\"1024\" src=\"https:\/\/iwell-guard.com\/wp-content\/uploads\/2026\/05\/goetter_inuit_sedna-1-683x1024.webp\" class=\"attachment-large size-large wp-image-170772\" alt=\"Sedna - Gu\u00f0ir \u00far hef\u00f0 In\u00fa\u00edta, s\u00f6guleg-myndskreyting\" srcset=\"https:\/\/iwell-guard.com\/wp-content\/uploads\/2026\/05\/goetter_inuit_sedna-1-683x1024.webp 683w, https:\/\/iwell-guard.com\/wp-content\/uploads\/2026\/05\/goetter_inuit_sedna-1-200x300.webp 200w, https:\/\/iwell-guard.com\/wp-content\/uploads\/2026\/05\/goetter_inuit_sedna-1-768x1152.webp 768w, https:\/\/iwell-guard.com\/wp-content\/uploads\/2026\/05\/goetter_inuit_sedna-1.webp 1024w\" sizes=\"(max-width: 683px) 100vw, 683px\" \/>\t\t\t\t\t\t\t\t\t\t\t\t\t\t\t<\/div>\n\t\t\t\t<\/div>\n\t\t\t\t\t<\/div>\n\t\t\t\t<\/div>\n\t\t\t\t<section class=\"elementor-section elementor-top-section elementor-element elementor-element-sec-iwgcomp-sedna elementor-section-boxed elementor-section-height-default elementor-section-height-default\" data-id=\"sec-iwgcomp-sedna\" data-element_type=\"section\" data-e-type=\"section\">\n\t\t\t\t\t\t<div class=\"elementor-container elementor-column-gap-default\">\n\t\t\t\t\t<div class=\"elementor-column elementor-col-100 elementor-top-column elementor-element elementor-element-col-iwgcomp-sedna\" data-id=\"col-iwgcomp-sedna\" data-element_type=\"column\" data-e-type=\"column\">\n\t\t\t<div class=\"elementor-widget-wrap elementor-element-populated\">\n\t\t\t\t\t\t<div class=\"elementor-element elementor-element-iwgcomp-sedna elementor-widget elementor-widget-text-editor\" data-id=\"iwgcomp-sedna\" data-element_type=\"widget\" data-e-type=\"widget\" data-widget_type=\"text-editor.default\">\n\t\t\t\t\t\t\t\t\t<p><strong><span class=\"iwg-fachbegriff\" data-tooltip=\"Heildarsafn tr\u00faarlegra tilbei\u00f0sluathafna fyrir go\u00f0 e\u00f0a heilaga veru.\" tabindex=\"0\">D\u00fdrkun<\/span><\/strong> \u00e1 sj\u00e1vardrottningu In\u00fa\u00edta, Sedna, m\u00f3tar vei\u00f0i- og verndarathafnir \u00e1 nor\u00f0urskautssv\u00e6\u00f0inu enn \u00feann dag \u00ed dag.<\/p>\t\t\t\t\t\t\t\t<\/div>\n\t\t\t\t\t<\/div>\n\t\t<\/div>\n\t\t\t\t\t<\/div>\n\t\t<\/section>\n\t\t<div class=\"elementor-element elementor-element-iwgw-sedna-s0 e-flex e-con-boxed e-con e-parent\" data-id=\"iwgw-sedna-s0\" data-element_type=\"container\" data-e-type=\"container\">\n\t\t\t\t\t<div class=\"e-con-inner\">\n\t\t\t\t<div class=\"elementor-element elementor-element-iwgw-sedna-s0h elementor-widget elementor-widget-heading\" data-id=\"iwgw-sedna-s0h\" data-element_type=\"widget\" data-e-type=\"widget\" data-widget_type=\"heading.default\">\n\t\t\t\t\t<h2 class=\"elementor-heading-title elementor-size-default\">Greining og skammrit<\/h2>\t\t\t\t<\/div>\n\t\t<div class=\"elementor-element elementor-element-iwgw-sedna-s0c e-con-full e-flex e-con e-child\" data-id=\"iwgw-sedna-s0c\" data-element_type=\"container\" data-e-type=\"container\">\n\t\t\t\t<div class=\"elementor-element elementor-element-iwgw-sedna-s0t elementor-widget elementor-widget-text-editor\" data-id=\"iwgw-sedna-s0t\" data-element_type=\"widget\" data-e-type=\"widget\" data-widget_type=\"text-editor.default\">\n\t\t\t\t\t\t\t\t\t<p>Sedna er mikilv\u00e6gasta yfirn\u00e1tt\u00farulega veran \u00ed hef\u00f0 mi\u00f0-nor\u00f0urskauts <a href=\"https:\/\/iwell-guard.com\/is\/inuit-og-nordurslodir-sedna-tornit\/\">In\u00fa\u00edta<\/a>. Samkv\u00e6mt fr\u00e1s\u00f6gnum sem var\u00f0veist hafa b\u00fdr h\u00fan \u00e1 hafsbotni og r\u00e6\u00f0ur yfir stofnum sela, hvala og rostunga sem eru l\u00edfsnau\u00f0synlegir til framf\u00e6rslu.<\/p><p>\u00d3l\u00edkt m\u00f6rgum \u00f6\u00f0rum nor\u00f0urskautsgu\u00f0um hefur Sedna samfellda fr\u00e1sagnar\u00e6vis\u00f6gu sem s\u00fdnir hana \u00e1\u00f0ur sem mennska konu, en limlesting og s\u00f6kkun hennar leiddi hana \u00ed st\u00f6\u00f0u drottningar d\u00fdranna. \u00deessi fr\u00e1sagnarlegi d\u00fdpki gerir hana a\u00f0 s\u00e9rstaklega heppilegu tilviki fyrir tr\u00faarbrag\u00f0afr\u00e6\u00f0ilega ranns\u00f3kn.<\/p><p>V\u00edsindalega er Sedna flokku\u00f0 sem birtingarmynd hins v\u00ed\u00f0\u00fatbreidda frumger\u00f0ar drottningar d\u00fdranna, sem finnst b\u00e6\u00f0i \u00ed S\u00edber\u00edu og Nor\u00f0ur-Amer\u00edku. Knud Rasmussen, Ann Fienup-Riordan og Daniel Merkur hafa allir s\u00fdnt fram \u00e1 a\u00f0 stj\u00f3rnunarhlutverk hennar yfir vei\u00f0id\u00fdrum myndar hinn mi\u00f0l\u00e6ga efnahagslega og tr\u00faarlega hn\u00fdtingarpunkt hins hef\u00f0bundna In\u00fa\u00edta-samf\u00e9lags. S\u00e1 sem br\u00fdtur bannhelgi gegn henni lokar, samkv\u00e6mt l\u00e6rd\u00f3mi In\u00fa\u00edta, vei\u00f0isl\u00f3\u00f0um.<\/p><p>Vald Sedna er ekki si\u00f0fer\u00f0islega d\u00e6mandi \u00ed vestr\u00e6num skilningi, heldur stj\u00f3rnast af gagnkv\u00e6mni. H\u00fan heldur d\u00fdrum s\u00ednum aftur e\u00f0a sleppir \u00feeim lausum eftir \u00fev\u00ed hvort l\u00edfsh\u00e6ttir mannf\u00f3lksins vir\u00f0a bannhelgikerfi hennar.<\/p><p>\u00deessi virkni er \u00ed ranns\u00f3knum r\u00e6dd sem tr\u00faarlegt au\u00f0lindahagkerfi sem samtvinnar f\u00e9lagslega samheldni og stj\u00f3rnun vei\u00f0a. \u00deannig er h\u00fan b\u00e6\u00f0i gu\u00f0fr\u00e6\u00f0ileg og samf\u00e9lagsleg stofnun, sem gerir hana fr\u00e1brug\u00f0na m\u00f6rgum \u00f6\u00f0rum go\u00f0averum.<\/p><p>Vegna \u00feess a\u00f0 Sedna hefur einstaklega samfellda fr\u00e1sagnar\u00e6vis\u00f6gu hefur n\u00fdrri fr\u00e6\u00f0ileg ranns\u00f3kn n\u00fdtt hana s\u00e9rstaklega til a\u00f0 reyna a\u00f0fer\u00f0afr\u00e6\u00f0ilega \u00fatv\u00edkka\u00f0a a\u00f0fer\u00f0ir: h\u00fan tengir saman \u00fej\u00f3\u00f0h\u00e1ttafr\u00e6\u00f0ilega n\u00e1kv\u00e6mni, m\u00e1lfr\u00e6\u00f0ilega heimildarr\u00fdni og samanbur\u00f0arsj\u00f3narhorn. N\u00fana taka fr\u00e6\u00f0imenn \u00far samf\u00e9lagi In\u00fa\u00edta sj\u00e1lfra virkan \u00fe\u00e1tt \u00ed a\u00f0 endursko\u00f0a og lei\u00f0r\u00e9tta eldri, a\u00f0 hluta til n\u00fdlendulita\u00f0ar t\u00falkanir \u00e1 sj\u00e1vardrottningunni.<\/p>\t\t\t\t\t\t\t\t<\/div>\n\t\t\t\t<\/div>\n\t\t\t\t\t<\/div>\n\t\t\t\t<\/div>\n\t\t<div class=\"elementor-element elementor-element-iwgw-sedna-s1 e-flex e-con-boxed e-con e-parent\" data-id=\"iwgw-sedna-s1\" data-element_type=\"container\" data-e-type=\"container\">\n\t\t\t\t\t<div class=\"e-con-inner\">\n\t\t\t\t<div class=\"elementor-element elementor-element-iwgw-sedna-s1h elementor-widget elementor-widget-heading\" data-id=\"iwgw-sedna-s1h\" data-element_type=\"widget\" data-e-type=\"widget\" data-widget_type=\"heading.default\">\n\t\t\t\t\t<h2 class=\"elementor-heading-title elementor-size-default\">Nafn, or\u00f0sifjar og sta\u00f0bundin afbrig\u00f0i<\/h2>\t\t\t\t<\/div>\n\t\t<div class=\"elementor-element elementor-element-iwgw-sedna-s1c e-con-full e-flex e-con e-child\" data-id=\"iwgw-sedna-s1c\" data-element_type=\"container\" data-e-type=\"container\">\n\t\t\t\t<div class=\"elementor-element elementor-element-iwgw-sedna-s1t elementor-widget elementor-widget-text-editor\" data-id=\"iwgw-sedna-s1t\" data-element_type=\"widget\" data-e-type=\"widget\" data-widget_type=\"text-editor.default\">\n\t\t\t\t\t\t\t\t\t<p>Nafni\u00f0 Sedna, sem n\u00fa er algengt, kemur \u00far Inuktitut-m\u00e1li Baffin-sv\u00e6\u00f0isins og var\u00f0 <span class=\"iwg-fachbegriff\" data-tooltip=\"Tilheyrandi \u00feeim vi\u00f0urkennda ritsafna sem tr\u00faarbr\u00f6g\u00f0 telja bindandi.\" tabindex=\"0\">kan\u00f3n\u00edskt<\/span> me\u00f0 skr\u00e1ningum Franz Boas \u00ed lok 19. aldar. Hi\u00f0 raunverulega <span class=\"iwg-fachbegriff\" data-tooltip=\"Verndandi gegn illu: um t\u00e1kn og hluti sem \u00e6tla\u00f0 er a\u00f0 halda ska\u00f0legum \u00e1hrifum \u00ed fjarl\u00e6g\u00f0.\" tabindex=\"0\">ap\u00f3tr\u00f3pa\u00edska<\/span> nafn Sedna, sem er bannhelgt, er oft sneitt hj\u00e1 \u00ed fr\u00e1sagnara\u00f0st\u00e6\u00f0um. \u00deess \u00ed sta\u00f0 eru heitisn\u00f6fn eins og Nuliajuk algeng, sem \u00fe\u00fd\u00f0ir or\u00f0r\u00e9tt hin s\u00edst\u00f6\u00f0ugt b\u00f3nbe\u00f0na, og er r\u00edkjandi \u00e1 Netsilik- og Iglulik-sv\u00e6\u00f0inu.<\/p><p>Me\u00f0al Aivilingmiut og Iglulingmiut er formi\u00f0 Takannakapsaluk algengt, en \u00e1 Gr\u00e6nlandi Arnakuagsak e\u00f0a Arnarquassaaq. \u00deessi sv\u00e6\u00f0isbundna fj\u00f6lbreytni n\u00e6r lengra en m\u00e1lfarslegar breytingar og hver \u00fatg\u00e1fa hefur me\u00f0 s\u00e9r l\u00edtillega breytt go\u00f0sagnamynstur.<\/p><p>\u00deannig leggur Iglulik-afbrig\u00f0i\u00f0 meiri \u00e1herslu \u00e1 \u00e6ttlei\u00f0ingar- og giftinga\u00fer\u00e6\u00f0i, me\u00f0an Baffin-afbrig\u00f0i\u00f0 setur f\u00f6\u00f0urinn Anguta og b\u00e1tsdramann \u00ed forgrunn. \u00c1 Alaska eru til hli\u00f0st\u00e6\u00f0 hugt\u00f6k, sem hins vegar v\u00edkja a\u00f0 hluta fr\u00e1 hlutverki mi\u00f0-nor\u00f0urskauts Sedna.<\/p><p>Or\u00f0sifjafr\u00e6\u00f0ilega t\u00falkar Daniel Merkur nafni\u00f0 Nuliajuk \u00ed lj\u00f3si konu sem st\u00f6\u00f0ugt er s\u00f3tt eftir af \u00f6ndum, og s\u00e9r \u00ed \u00fev\u00ed spegilmynd af sjamanafer\u00f0inni: <span class=\"iwg-fachbegriff\" data-tooltip=\"Tr\u00faarlegur s\u00e9rfr\u00e6\u00f0ingur sem talinn er mi\u00f0la milli manna og andaheims.\" tabindex=\"0\">Sjamaninn<\/span> ver\u00f0ur a\u00f0 heims\u00e6kja hana eins og bi\u00f0ill sem vinnur velvild hennar.<\/p><p>\u00d6nnur nafnaform endurspegla hlutverki\u00f0: <em>Arnaq<\/em> \u00fe\u00fd\u00f0ir einfaldlega kona, <em>nuna<\/em> land e\u00f0a heim, \u00feannig a\u00f0 vi\u00f0urnefni eins og konan undir hafinu haldast merkingarlega gagns\u00e6. Fj\u00f6lbreytni nafnanna samr\u00e6mist \u00feeirri fyrirb\u00e6rafr\u00e6\u00f0ilegu athugun \u00ed tr\u00faarbrag\u00f0afr\u00e6\u00f0i a\u00f0 m\u00e1ttugar yfirn\u00e1tt\u00farulegar verur eru oft \u00e1varpa\u00f0ar a\u00f0eins me\u00f0 umritunum.<\/p>\t\t\t\t\t\t\t\t<\/div>\n\t\t\t\t<\/div>\n\t\t\t\t\t<\/div>\n\t\t\t\t<\/div>\n\t\t<div class=\"elementor-element elementor-element-iwgw-sedna-s2 e-flex e-con-boxed e-con e-parent\" data-id=\"iwgw-sedna-s2\" data-element_type=\"container\" data-e-type=\"container\">\n\t\t\t\t\t<div class=\"e-con-inner\">\n\t\t\t\t<div class=\"elementor-element elementor-element-iwgw-sedna-s2h elementor-widget elementor-widget-heading\" data-id=\"iwgw-sedna-s2h\" data-element_type=\"widget\" data-e-type=\"widget\" data-widget_type=\"heading.default\">\n\t\t\t\t\t<h2 class=\"elementor-heading-title elementor-size-default\">L\u00fdsing og myndm\u00e1l<\/h2>\t\t\t\t<\/div>\n\t\t<div class=\"elementor-element elementor-element-iwgw-sedna-s2c e-con-full e-flex e-con e-child\" data-id=\"iwgw-sedna-s2c\" data-element_type=\"container\" data-e-type=\"container\">\n\t\t\t\t<div class=\"elementor-element elementor-element-iwgw-sedna-s2t elementor-widget elementor-widget-text-editor\" data-id=\"iwgw-sedna-s2t\" data-element_type=\"widget\" data-e-type=\"widget\" data-widget_type=\"text-editor.default\">\n\t\t\t\t\t\t\t\t\t<p>Sedna er \u00ed var\u00f0veittum s\u00f6gum l\u00fdst sem risavaxinni konu \u00e1 hafsbotni, sem hefur \u00fdmist enga hendur e\u00f0a hendur sem eru or\u00f0nar a\u00f0 selshreifum.<\/p><p>H\u00e1r hennar er langt, \u00feungt og s\u00edfellt fl\u00f3ki\u00f0, \u00fev\u00ed h\u00fan getur ekki greitt \u00fea\u00f0 sj\u00e1lf \u00e1n fingra. Samkv\u00e6mt m\u00f6rgum fr\u00e1s\u00f6gnum spretta sj\u00fakd\u00f3mar og skortur \u00e1 vei\u00f0id\u00fdrum af \u00feessu fl\u00f3kna h\u00e1ri. \u00deessi l\u00edkamlega varnarleysi er, \u00fat fr\u00e1 tr\u00faarbrag\u00f0afr\u00e6\u00f0ilegu sj\u00f3narhorni, sj\u00e1lfst\u00e6tt <span class=\"iwg-fachbegriff\" data-tooltip=\"Endurteki\u00f0 innihaldsatri\u00f0i \u00ed list e\u00f0a fr\u00e1s\u00f6gn.\" tabindex=\"0\">minni<\/span>.<\/p><p>Myndir af henni voru f\u00e1t\u00ed\u00f0ar \u00ed hef\u00f0bundinni menningu In\u00fa\u00edta, enda var myndr\u00e6n birting hafdrottningarins sj\u00e1lf tab\u00fa. Fyrst n\u00fat\u00edma-listsk\u00f6pun In\u00fa\u00edta, sem h\u00f3fst \u00e1 1950. \u00e1ratugnum, me\u00f0al annars \u00ed Cape Dorset (Kinngait) og Pangnirtung, ger\u00f0i Sednu a\u00f0 myndr\u00e6nt gr\u00edpandi <span class=\"iwg-fachbegriff\" data-tooltip=\"Endurteki\u00f0 innihaldsatri\u00f0i \u00ed list e\u00f0a fr\u00e1s\u00f6gn.\" tabindex=\"0\">minni<\/span>.<\/p><p>Stein\u00ferykk eftir listamenn \u00e1 bor\u00f0 vi\u00f0 Ningiukulu Teevee, Kenojuak Ashevak og Pitseolak Ashoona s\u00fdna hana oft sem veru me\u00f0 manns-efri hluta og spor\u00f0bl\u00f6\u00f0ku.<\/p><p>Fr\u00e6\u00f0ilega er nau\u00f0synlegt a\u00f0 greina \u00e1 milli \u00feessarar n\u00fat\u00edma-myndhef\u00f0ar og hinnar fornu, fyrirkristnu hef\u00f0ar. \u00cd skr\u00e1ningum Rasmussens greina sjamanarnir fr\u00e1 \u00fev\u00ed a\u00f0 \u00feeir g\u00e6tu einungis s\u00e9\u00f0 Sednu \u00ed s\u00e9rst\u00f6ku trans\u00e1standi og a\u00f0 \u00f6ll fyrirfram birting hennar hafi \u00fe\u00f3tt dirfska. N\u00faverandi myndhef\u00f0 er \u00fev\u00ed s\u00ed\u00f0ur endurspeglun fornrar myndhef\u00f0ar en sj\u00e1lfst\u00e6\u00f0, n\u00fat\u00edmaleg eignun \u00e1 pers\u00f3nunni.<\/p><p>T\u00e1knr\u00e6nt eru henni tengd sj\u00e1lf sj\u00e1vard\u00fdrin: hringan\u00f3rar, bl\u00f6\u00f0ruselir, rostungar, mjaldrar og n\u00e1hvalir. \u00cd s\u00f6gum um sk\u00f6pun hennar spretta \u00feessi d\u00fdr \u00far afskornum fingurli\u00f0um, \u00e6ttfr\u00e6\u00f0ilegt (\u00e1tiologiskt) <span class=\"iwg-fachbegriff\" data-tooltip=\"Endurteki\u00f0 innihaldsatri\u00f0i \u00ed list e\u00f0a fr\u00e1s\u00f6gn.\" tabindex=\"0\">minni<\/span> sem gerir efnahagslegt samband vi\u00f0 <span class=\"iwg-fachbegriff\" data-tooltip=\"Skipul\u00f6g\u00f0 atbur\u00f0ar\u00e1s t\u00e1knr\u00e6nna athafna me\u00f0 tr\u00faarlegri e\u00f0a menningarlegri \u00fe\u00fd\u00f0ingu.\" tabindex=\"0\">helgisi\u00f0i<\/span> s\u00fdnilegt.<\/p><p>S\u00e1 sem vei\u00f0ir sel hefur, \u00ed tr\u00faarlegum skilningi, fengi\u00f0 hluta af l\u00edkama Sednu sj\u00e1lfrar, sem er grundv\u00f6llur skyldunnar til a\u00f0 umgangast hann me\u00f0 vir\u00f0ingu.<\/p>\t\t\t\t\t\t\t\t<\/div>\n\t\t\t\t<\/div>\n\t\t\t\t\t<\/div>\n\t\t\t\t<\/div>\n\t\t<div class=\"elementor-element elementor-element-iwgw-sedna-s3 e-flex e-con-boxed e-con e-parent\" data-id=\"iwgw-sedna-s3\" data-element_type=\"container\" data-e-type=\"container\">\n\t\t\t\t\t<div class=\"e-con-inner\">\n\t\t\t\t<div class=\"elementor-element elementor-element-iwgw-sedna-s3h elementor-widget elementor-widget-heading\" data-id=\"iwgw-sedna-s3h\" data-element_type=\"widget\" data-e-type=\"widget\" data-widget_type=\"heading.default\">\n\t\t\t\t\t<h2 class=\"elementor-heading-title elementor-size-default\">Meginmyndin af limlestingunni<\/h2>\t\t\t\t<\/div>\n\t\t<div class=\"elementor-element elementor-element-iwgw-sedna-s3c e-con-full e-flex e-con e-child\" data-id=\"iwgw-sedna-s3c\" data-element_type=\"container\" data-e-type=\"container\">\n\t\t\t\t<div class=\"elementor-element elementor-element-iwgw-sedna-s3t elementor-widget elementor-widget-text-editor\" data-id=\"iwgw-sedna-s3t\" data-element_type=\"widget\" data-e-type=\"widget\" data-widget_type=\"text-editor.default\">\n\t\t\t\t\t\t\t\t\t<p>\u00cd n\u00e6r \u00f6llum tilbrig\u00f0um fylgir kjarnasagan s\u00f6mu grunnger\u00f0, eins og Franz Boas, Knud Rasmussen og s\u00ed\u00f0ar Daniel Merkur hafa skr\u00e1\u00f0. Sedna er d\u00f3ttir mannsins <a href=\"https:\/\/iwell-guard.com\/is\/?page_id=169003\">Angutu<\/a>. H\u00fan neitar a\u00f0 giftast mennskum manni.<\/p><p>A\u00f0 lokum \u00feekkist h\u00fan bi\u00f0il sem afhj\u00fapar sig sem stormfugl, hund e\u00f0a \u00f3\u00feekktan \u00f3kunnugan mann. Eftir giftinguna kemst h\u00fan a\u00f0 hinu sanna e\u00f0li manns s\u00edn og hr\u00f3par \u00e1 f\u00f6\u00f0ur sinn.<\/p><p>Angutu kemur og s\u00e6kir hana \u00e1 umiak, kvennab\u00e1tinum. \u00cd fl\u00f3ttanum kallar stormfuglma\u00f0urinn fram \u00f3ve\u00f0ur. Til a\u00f0 bjarga b\u00e1tnum fr\u00e1 \u00fev\u00ed a\u00f0 s\u00f6kkva kastar Angutu d\u00f3ttur sinni \u00ed hafi\u00f0.<\/p><p>\u00deegar h\u00fan hangir \u00e1 b\u00e1tsr\u00f6ndinni h\u00f6ggur hann af henni fingurli\u00f0ina. \u00dar fyrsta li\u00f0num spretta litlir selir, \u00far \u00f6\u00f0rum bl\u00f6\u00f0ruselir, \u00far \u00feri\u00f0ja rostungar og hvalir. \u00deessi stigvaxandi tilkoma sj\u00e1vard\u00fdranna er d\u00e6migert <span class=\"iwg-fachbegriff\" data-tooltip=\"Endurteki\u00f0 innihaldsatri\u00f0i \u00ed list e\u00f0a fr\u00e1s\u00f6gn.\" tabindex=\"0\">minni<\/span> \u00ed \u00e6ttfr\u00e6\u00f0ilegum (\u00e1tiologiskum) fr\u00e1sagnab\u00f3kmenntum.<\/p><p>Limlest sekkur Sedna til hafsbotns og ver\u00f0ur \u00fear drottning d\u00fdranna. H\u00fan er tv\u00edr\u00e6\u00f0 \u00ed afst\u00f6\u00f0u sinni til f\u00f6\u00f0urins, sem sveik hana, til manna, sem valda \u00fev\u00ed me\u00f0 tab\u00fabrotum s\u00ednum a\u00f0 h\u00e1r hennar fl\u00e6kist, og til sjamananna, sem st\u00edga ni\u00f0ur til hennar \u00ed trans\u00e1standi.<\/p><p>\u00deessi <span class=\"iwg-fachbegriff\" data-tooltip=\"Var\u00f0veitt fr\u00e1s\u00f6gn um gu\u00f0i, uppruna og skipulag heimsins.\" tabindex=\"0\">go\u00f0s\u00f6gn<\/span> er fyrst og fremst \u00e6ttfr\u00e6\u00f0ilegt (\u00e1tiologiskt) m\u00f3del fyrir tilkomu vei\u00f0ihagkerfisins, ekki hefndarsaga. Fr\u00e6\u00f0ilega s\u00e9\u00f0 er h\u00fan d\u00e6migert tilvik sk\u00f6punargo\u00f0sagnar \u00fear sem heimurinn sprettur af s\u00e1rum \u00ed sta\u00f0 skipulags.<\/p>\t\t\t\t\t\t\t\t<\/div>\n\t\t\t\t<\/div>\n\t\t\t\t\t<\/div>\n\t\t\t\t<\/div>\n\t\t<div class=\"elementor-element elementor-element-iwgw-sedna-s4 e-flex e-con-boxed e-con e-parent\" data-id=\"iwgw-sedna-s4\" data-element_type=\"container\" data-e-type=\"container\">\n\t\t\t\t\t<div class=\"e-con-inner\">\n\t\t\t\t<div class=\"elementor-element elementor-element-iwgw-sedna-s4h elementor-widget elementor-widget-heading\" data-id=\"iwgw-sedna-s4h\" data-element_type=\"widget\" data-e-type=\"widget\" data-widget_type=\"heading.default\">\n\t\t\t\t\t<h2 class=\"elementor-heading-title elementor-size-default\">Sjaman\u00edsk fer\u00f0 ni\u00f0ur \u00ed dj\u00fapi\u00f0<\/h2>\t\t\t\t<\/div>\n\t\t<div class=\"elementor-element elementor-element-iwgw-sedna-s4c e-con-full e-flex e-con e-child\" data-id=\"iwgw-sedna-s4c\" data-element_type=\"container\" data-e-type=\"container\">\n\t\t\t\t<div class=\"elementor-element elementor-element-iwgw-sedna-s4t elementor-widget elementor-widget-text-editor\" data-id=\"iwgw-sedna-s4t\" data-element_type=\"widget\" data-e-type=\"widget\" data-widget_type=\"text-editor.default\">\n\t\t\t\t\t\t\t\t\t<p>\u00deegar vei\u00f0igengi l\u00e9t standa \u00e1 s\u00e9r lengi, var \u00fea\u00f0 samkv\u00e6mt hugmyndum In\u00fa\u00edta meginverkefni Angakkuq, sjamansins, a\u00f0 st\u00edga ni\u00f0ur til Sednu. Rasmussen setti fram \u00ed <em>Intellectual Culture of the Iglulik Eskimos<\/em> eina \u00fe\u00e9ttustu l\u00fdsingu \u00feessarar fer\u00f0ar, sem var\u00f0 sta\u00f0alvi\u00f0mi\u00f0unarheimild \u00ed fr\u00e6\u00f0ilegri umr\u00e6\u00f0u um heimskautasjamanisma.<\/p><p><span class=\"iwg-fachbegriff\" data-tooltip=\"Tr\u00faarlegur s\u00e9rfr\u00e6\u00f0ingur sem talinn er mi\u00f0la milli manna og andaheims.\" tabindex=\"0\">Sjamaninn<\/span> fer \u00ed trans\u00e1stand me\u00f0 trumbusl\u00e6tti, s\u00f6nglist og \u00f6ndunart\u00e6kni. Tv\u00edfari hans e\u00f0a s\u00e1l yfirgefur l\u00edkamann, fer yfir \u00edsilagt t\u00fandrusl\u00e9tta, kemst yfir sn\u00faandi \u00edsjaka\u00fer\u00f6ng, \u00e6\u00f0andi strengur me\u00f0 hn\u00edffr\u00e1um \u00edsj\u00f6kum og a\u00f0 lokum hund sem g\u00e6tir inngangsins a\u00f0 h\u00fasi Sednu.<\/p><p>\u00deegar hann kemur inn \u00ed h\u00fasi\u00f0 finnur hann Sednu me\u00f0 fl\u00f3ki\u00f0 h\u00e1r, sem d\u00fdrin hafa fest sig \u00ed.<\/p><p>Verkefni sjamansins er a\u00f0 grei\u00f0a h\u00e1r hennar, hreinsa \u00fea\u00f0 og s\u00fdna fri\u00f0samlega heg\u00f0un. Me\u00f0an \u00feessi ath\u00f6fn fer fram j\u00e1tar mannlega samf\u00e9lagi\u00f0 \u00ed igloinu, undir stj\u00f3rn hj\u00e1lparsjamansins, tab\u00fabrot s\u00edn.<\/p><p>Ekki fyrr en yfirtro\u00f0slurnar hafa veri\u00f0 sag\u00f0ar upph\u00e1tt gefur Sedna d\u00fdrin laus. Mircea Eliade fjalla\u00f0i um \u00feessa framkv\u00e6md \u00ed <em><span class=\"iwg-fachbegriff\" data-tooltip=\"Tr\u00faarlegt kerfi \u00fear sem s\u00e9rfr\u00e6\u00f0ingar hafa samskipti vi\u00f0 andaheiminn.\" tabindex=\"0\">sjamanisma<\/span> og forna lei\u00f0ni til trans\u00e1stands<\/em> sem d\u00e6migert tilvik sjaman\u00edskrar mi\u00f0lunar.<\/p><p>Daniel Merkur bendir \u00e1 a\u00f0 fer\u00f0ina \u00feurfi a\u00f0 skilja sem sameiginlegan kr\u00edsuhelgisi\u00f0, \u00fear sem efnahagskr\u00edsan er t\u00e1knu\u00f0 tr\u00faarlega og leyst upp \u00ed sameiningu. Sem einstaklingsbundin l\u00e6kningaath\u00f6fn v\u00e6ri h\u00fan misskilin. F\u00e9lagslegt hlutverk hennar er a\u00f0 minnsta kosti jafn mikilv\u00e6gt og hi\u00f0 gu\u00f0fr\u00e6\u00f0ilega, og \u00ed reynd er ekki h\u00e6gt a\u00f0 skilja \u00feessi tv\u00f6 atri\u00f0i a\u00f0.<\/p>\t\t\t\t\t\t\t\t<\/div>\n\t\t\t\t<\/div>\n\t\t\t\t\t<\/div>\n\t\t\t\t<\/div>\n\t\t<div class=\"elementor-element elementor-element-iwgw-sedna-s5 e-flex e-con-boxed e-con e-parent\" data-id=\"iwgw-sedna-s5\" data-element_type=\"container\" data-e-type=\"container\">\n\t\t\t\t\t<div class=\"e-con-inner\">\n\t\t\t\t<div class=\"elementor-element elementor-element-iwgw-sedna-s5h elementor-widget elementor-widget-heading\" data-id=\"iwgw-sedna-s5h\" data-element_type=\"widget\" data-e-type=\"widget\" data-widget_type=\"heading.default\">\n\t\t\t\t\t<h2 class=\"elementor-heading-title elementor-size-default\">Tab\u00fa, Pittailiniq og verjandi athafnir<\/h2>\t\t\t\t<\/div>\n\t\t<div class=\"elementor-element elementor-element-iwgw-sedna-s5c e-con-full e-flex e-con e-child\" data-id=\"iwgw-sedna-s5c\" data-element_type=\"container\" data-e-type=\"container\">\n\t\t\t\t<div class=\"elementor-element elementor-element-iwgw-sedna-s5t elementor-widget elementor-widget-text-editor\" data-id=\"iwgw-sedna-s5t\" data-element_type=\"widget\" data-e-type=\"widget\" data-widget_type=\"text-editor.default\">\n\t\t\t\t\t\t\t\t\t<p>Kerfi bannhelgra, sem umlykur Sednu, er \u00ed m\u00e1li in\u00fa\u00edta kalla\u00f0 <em>pittailiniq<\/em>, sem \u00fe\u00fd\u00f0ir b\u00f3kstaflega \u00fea\u00f0 sem ekki m\u00e1 gera. \u00deessi b\u00f6nn eru bundin vei\u00f0um og l\u00edfsvi\u00f0urv\u00e6ri og hafa ekki si\u00f0fer\u00f0ilega merkingu \u00ed kristnum skilningi.<\/p><p>S\u00e1 sem blandar land- og sj\u00e1vard\u00fdrum \u00ed s\u00f6mu m\u00e1lt\u00ed\u00f0, s\u00e1 sem hir\u00f0ir selshold ekki me\u00f0 r\u00e9ttum h\u00e6tti, s\u00e1 sem sker sel \u00e1 bl\u00e6\u00f0ingum e\u00f0a s\u00e1 sem felur dau\u00f0sfall, saurgar a\u00f0 hugmyndum in\u00fa\u00edta h\u00e1r Sednu.<\/p><p><span class=\"iwg-fachbegriff\" data-tooltip=\"\u00d3gnvarnandi: um t\u00e1kn og hluti sem \u00e6tla\u00f0 er a\u00f0 halda ska\u00f0legum \u00e1hrifum \u00ed burtu.\" tabindex=\"0\">\u00d3gnvarnandi<\/span> \u00e1hrif hafa fyrst og fremst hreinsunarskyldur eftir f\u00e6\u00f0ingu og andl\u00e1t, a\u00f0skilna\u00f0ur sela- og hreind\u00fdraverkf\u00e6ra, umgengni vi\u00f0 fyrsta veidda d\u00fdri\u00f0 og a\u00f0 hella vatni \u00ed munn hins veidda sels sem vir\u00f0ingarmerki.<\/p><p>S\u00ed\u00f0astnefnda ath\u00f6fnin, sem \u00ed fr\u00e6\u00f0unum er k\u00f6llu\u00f0 selagreftrun, telst mikilv\u00e6g huggunargj\u00f6f til s\u00e1lar d\u00fdrsins og \u00fear me\u00f0 \u00f3beint til Sednu.<\/p><p>Verndargripir, sem kallast <em>aarnguaq<\/em>, eru einnig \u00feekktir. \u00deeir geta veri\u00f0 ger\u00f0ir \u00far beinum, kl\u00f3m e\u00f0a goggleifum veiddra d\u00fdra og eru hengdir \u00e1 ungb\u00f6rn e\u00f0a vei\u00f0imenn.<\/p><p>\u00deeir virka ekki me\u00f0 t\u00f6frum \u00ed skilningi v\u00e9lr\u00e6nna \u00e1hrifa heldur gefa til kynna vanda\u00f0 samband vi\u00f0 hinar \u00f3mannlegu pers\u00f3nur sem l\u00edfsvi\u00f0urv\u00e6ri\u00f0 er h\u00e1\u00f0. \u00deessi tengslasi\u00f0fr\u00e6\u00f0i greinir tr\u00faarbr\u00f6g\u00f0 in\u00fa\u00edta sk\u00fdrt fr\u00e1 t\u00f6fratr\u00faarlegum hef\u00f0um sem byggja \u00e1 valdsemi.<\/p>\t\t\t\t\t\t\t\t<\/div>\n\t\t\t\t<\/div>\n\t\t\t\t\t<\/div>\n\t\t\t\t<\/div>\n\t\t<div class=\"elementor-element elementor-element-iwgw-sedna-s6 e-flex e-con-boxed e-con e-parent\" data-id=\"iwgw-sedna-s6\" data-element_type=\"container\" data-e-type=\"container\">\n\t\t\t\t\t<div class=\"e-con-inner\">\n\t\t\t\t<div class=\"elementor-element elementor-element-iwgw-sedna-s6h elementor-widget elementor-widget-heading\" data-id=\"iwgw-sedna-s6h\" data-element_type=\"widget\" data-e-type=\"widget\" data-widget_type=\"heading.default\">\n\t\t\t\t\t<h2 class=\"elementor-heading-title elementor-size-default\">Sedna \u00ed samhengi hringheimskautatr\u00faarbrag\u00f0a<\/h2>\t\t\t\t<\/div>\n\t\t<div class=\"elementor-element elementor-element-iwgw-sedna-s6c e-con-full e-flex e-con e-child\" data-id=\"iwgw-sedna-s6c\" data-element_type=\"container\" data-e-type=\"container\">\n\t\t\t\t<div class=\"elementor-element elementor-element-iwgw-sedna-s6t elementor-widget elementor-widget-text-editor\" data-id=\"iwgw-sedna-s6t\" data-element_type=\"widget\" data-e-type=\"widget\" data-widget_type=\"text-editor.default\">\n\t\t\t\t\t\t\t\t\t<p>Fr\u00e1 sj\u00f3narh\u00f3li tr\u00faarbrag\u00f0afyrirb\u00e6rafr\u00e6\u00f0innar tilheyrir Sedna hinni v\u00ed\u00f0u fj\u00f6lskyldu d\u00fdraherra, sem Adolf Friedrich og s\u00ed\u00f0ar Otto Zerries l\u00fdstu kerfisbundi\u00f0 fyrir nor\u00f0anver\u00f0a Evras\u00edu og Nor\u00f0ur-Amer\u00edku. Hli\u00f0st\u00e6\u00f0ur finnast \u00ed <em>kelet<\/em>-hugmyndum Tsj\u00faktsja, hj\u00e1 sj\u00e1varherrum Korjaka og \u00cdtelmena, auk yupik-gy\u00f0junnar <a href=\"https:\/\/iwell-guard.com\/is\/?page_id=169008\">Qailertetang<\/a>, sem \u00ed sumum s\u00f6gum kemur jafnvel fram sem fylgikona Sednu.<\/p><p>\u00cd v\u00ed\u00f0ara hringheimskautasamhengi tengist h\u00fan finnsk-\u00fagr\u00edsku <em>Mehts\u00e4-Em\u00e4<\/em>, e\u00f0a sk\u00f3garm\u00f3\u00f0urinni, og <a href=\"https:\/\/iwell-guard.com\/is\/sami-finnsk-ugrisk-hefd-noaidi-tromma\/\">s\u00f6mskum<\/a> d\u00fdraherrum eins og <em>Leibolmm\u00e1i<\/em>. Formleg samsv\u00f6run liggur \u00ed r\u00f6kfr\u00e6\u00f0i gagnkv\u00e6mni: vei\u00f0in telst gj\u00f6f fr\u00e1 heilagri pers\u00f3nu, aldrei einungis au\u00f0lind.<\/p><p>\u00cd undirheimskautalegri umr\u00e6\u00f0u hefur Ann Fienup-Riordan s\u00fdnt fyrir <em>yupik<\/em>-hef\u00f0ina a\u00f0 str\u00fakt\u00farlega hli\u00f0st\u00e6\u00f0ar gestaltir koma \u00fear fram sem knippi tengsla og banna. Samr\u00e6mda pers\u00f3nugerving skortir.<\/p><p>In\u00fa\u00edtahef\u00f0in, m\u00f3tu\u00f0 \u00ed mi\u00f0-heimskautasv\u00e6\u00f0inu, hallast \u00feess \u00ed sta\u00f0 sterkar a\u00f0 pers\u00f3nugervingu \u00ed einni st\u00f3rri gestalt, Sednu. \u00deessi munur innan hringheimskautasv\u00e6\u00f0isins er v\u00edsindalega uppl\u00fdsandi \u00fev\u00ed hann s\u00fdnir a\u00f0 tr\u00faarleg mynd fylgir ekki sj\u00e1lfkrafa af vistfr\u00e6\u00f0ilegri ger\u00f0.<\/p>\t\t\t\t\t\t\t\t<\/div>\n\t\t\t\t<\/div>\n\t\t\t\t\t<\/div>\n\t\t\t\t<\/div>\n\t\t<div class=\"elementor-element elementor-element-iwgw-sedna-s7 e-flex e-con-boxed e-con e-parent\" data-id=\"iwgw-sedna-s7\" data-element_type=\"container\" data-e-type=\"container\">\n\t\t\t\t\t<div class=\"e-con-inner\">\n\t\t\t\t<div class=\"elementor-element elementor-element-iwgw-sedna-s7h elementor-widget elementor-widget-heading\" data-id=\"iwgw-sedna-s7h\" data-element_type=\"widget\" data-e-type=\"widget\" data-widget_type=\"heading.default\">\n\t\t\t\t\t<h2 class=\"elementor-heading-title elementor-size-default\">S\u00f6gulegar aflei\u00f0ingar n\u00fdlendustefnu og kristi\u00f0 yfirlag<\/h2>\t\t\t\t<\/div>\n\t\t<div class=\"elementor-element elementor-element-iwgw-sedna-s7c e-con-full e-flex e-con e-child\" data-id=\"iwgw-sedna-s7c\" data-element_type=\"container\" data-e-type=\"container\">\n\t\t\t\t<div class=\"elementor-element elementor-element-iwgw-sedna-s7t elementor-widget elementor-widget-text-editor\" data-id=\"iwgw-sedna-s7t\" data-element_type=\"widget\" data-e-type=\"widget\" data-widget_type=\"text-editor.default\">\n\t\t\t\t\t\t\t\t\t<p>Me\u00f0 kristnibo\u00f0i me\u00f0al in\u00fa\u00edta fr\u00e1 m\u00f3rav\u00edskum og angl\u00edkanskum tr\u00fabo\u00f0um fr\u00e1 18. \u00f6ld, sem var\u00f0 s\u00e9rstaklega \u00e1berandi \u00ed Kanada \u00e1 19. og upphafi 20. aldar, komst <span class=\"iwg-fachbegriff\" data-tooltip=\"Heild tr\u00faarlegra d\u00fdrkunarathafna gagnvart gu\u00f0i e\u00f0a heilagri gestalt.\" tabindex=\"0\">d\u00fdrkun<\/span> Sednu undir mikinn \u00fer\u00fdsting.<\/p><p>Sjamanar voru v\u00ed\u00f0a \u00fathr\u00f3pa\u00f0ir sem galdramenn og bumbur \u00feeirra brenndar opinberlega. I\u00f0kun angakkuq lag\u00f0ist formlega af \u00e1 m\u00f6rgum sv\u00e6\u00f0um, sem \u00fe\u00fd\u00f0ir \u00fe\u00f3 ekki a\u00f0 s\u00f6gur af Sednu hafi horfi\u00f0.<\/p><p>Vel skjalfest er breyting \u00ed \u00e1tt til fr\u00e1sagnarb\u00f3kmennta og s\u00ed\u00f0ar samt\u00edmalistar. Sedna var\u00f0 b\u00f3kmenntalegt og listr\u00e6nt sj\u00e1lfsmyndart\u00e1kn menningar sem var\u00f0 fyrir \u00ferengingum n\u00fdlendustefnu. Eftir a\u00f0 landsv\u00e6\u00f0i\u00f0 Nunavut var stofna\u00f0 1999 hefur h\u00fan or\u00f0i\u00f0 hluti af sk\u00f3lan\u00e1mskr\u00e1m og safnafr\u00e6\u00f0slu.<\/p><p>Endurheimtarhreyfing frumbyggjatr\u00faarbrag\u00f0a hefur fr\u00e1 2000 leitt til endurfundinnar sjamanskra i\u00f0kana \u00ed afkirkjuv\u00e6ddu formi. V\u00edsindalegt sj\u00f3narhorn h\u00e9r er l\u00fdsandi: um er a\u00f0 r\u00e6\u00f0a samsetningu minningari\u00f0kunar, sj\u00e1lfsmyndarsk\u00f6punar og a\u00f0 hluta til endurl\u00edfgunar \u00e1 si\u00f0um, ekki \u00f3rofna samfellu. \u00deessi eftirlendustefna er s\u00e9rstakt ranns\u00f3knarsvi\u00f0 innan v\u00edsinda.<\/p>\t\t\t\t\t\t\t\t<\/div>\n\t\t\t\t<\/div>\n\t\t\t\t\t<\/div>\n\t\t\t\t<\/div>\n\t\t<div class=\"elementor-element elementor-element-iwgw-sedna-s8 e-flex e-con-boxed e-con e-parent\" data-id=\"iwgw-sedna-s8\" data-element_type=\"container\" data-e-type=\"container\">\n\t\t\t\t\t<div class=\"e-con-inner\">\n\t\t\t\t<div class=\"elementor-element elementor-element-iwgw-sedna-s8h elementor-widget elementor-widget-heading\" data-id=\"iwgw-sedna-s8h\" data-element_type=\"widget\" data-e-type=\"widget\" data-widget_type=\"heading.default\">\n\t\t\t\t\t<h2 class=\"elementor-heading-title elementor-size-default\">N\u00fat\u00edmavi\u00f0t\u00f6kur, ranns\u00f3knir og listir<\/h2>\t\t\t\t<\/div>\n\t\t<div class=\"elementor-element elementor-element-iwgw-sedna-s8c e-con-full e-flex e-con e-child\" data-id=\"iwgw-sedna-s8c\" data-element_type=\"container\" data-e-type=\"container\">\n\t\t\t\t<div class=\"elementor-element elementor-element-iwgw-sedna-s8t elementor-widget elementor-widget-text-editor\" data-id=\"iwgw-sedna-s8t\" data-element_type=\"widget\" data-e-type=\"widget\" data-widget_type=\"text-editor.default\">\n\t\t\t\t\t\t\t\t\t<p>\u00cd vi\u00f0t\u00f6kum \u00feeirra sem ekki eru frumbyggjar hefur Sedna or\u00f0i\u00f0 \u00e1hrifamesta pers\u00f3na heimskautatr\u00faarbrag\u00f0a. \u00cd stj\u00f6rnufr\u00e6\u00f0i er 2003 fundinn hnattl\u00edkami utan Nept\u00fanusar, 90377 Sedna, kalla\u00f0ur eftir henni, sem s\u00fdnir hversu v\u00ed\u00f0t\u00e6k \u00e1hrif pers\u00f3nunnar eru or\u00f0in utan hins \u00ferengri v\u00edsindasvi\u00f0s.<\/p><p>\u00cd d\u00e6gurmenningu birtist h\u00fan \u00ed sk\u00e1lds\u00f6gum, kvikmyndum, myndas\u00f6gum og leikjum, oft \u00ed mj\u00f6g einfalda\u00f0ri, jafnvel \u00e1 vandasaman h\u00e1tt r\u00f3mant\u00edsera\u00f0ri mynd.<\/p><p>Innan in\u00fa\u00edtasamf\u00e9laga sj\u00e1lfra er afsta\u00f0an til \u00feessarar utana\u00f0komandi vi\u00f0t\u00f6ku tv\u00edbent. \u00c1 me\u00f0an s\u00fdnileikinn er fagna\u00f0ur sem menningarleg vi\u00f0urkenning, gagnr\u00fdna raddir eins og s\u00fdningarstj\u00f3rinn Heather Igloliorte og rith\u00f6fundurinn Rachel Qitsualik a\u00f0 ytri notkun horfi oft fram hj\u00e1 tr\u00faarlegum tengslum og einfaldi pers\u00f3nuna ni\u00f0ur \u00ed fagurfr\u00e6\u00f0ilega hafmeyju.<\/p><p>V\u00edsindaranns\u00f3knir s\u00ed\u00f0ustu tuttugu \u00e1ra, me\u00f0al annars hj\u00e1 Fr\u00e9d\u00e9ric Laugrand, Jarich Oosten og Anna Lia Berthelsen, leggja \u00e1herslu \u00e1 nau\u00f0syn \u00feess a\u00f0 lesa Sednu sem hn\u00fatpunkt tengslanets manna, d\u00fdra og lands, \u00ed sta\u00f0 \u00feess a\u00f0 l\u00edta \u00e1 hana sem einangra\u00f0a gu\u00f0smynd.<\/p><p>\u00cd \u00feessum skilningi ver\u00f0ur h\u00fan lykilpers\u00f3na \u00ed vistfr\u00e6\u00f0ilegri tr\u00faarbrag\u00f0afr\u00e6\u00f0i heimskautasv\u00e6\u00f0isins. \u00deessi kenningarlega tilf\u00e6rsla hefur veruleg \u00e1hrif \u00e1 \u00fea\u00f0 hvernig liti\u00f0 er \u00e1 s\u00f6gu heimskautatr\u00faarbrag\u00f0a \u00ed heild.<\/p>\t\t\t\t\t\t\t\t<\/div>\n\t\t\t\t<\/div>\n\t\t\t\t\t<\/div>\n\t\t\t\t<\/div>\n\t\t<div class=\"elementor-element elementor-element-iwgw-sedna-s9 e-flex e-con-boxed e-con e-parent\" data-id=\"iwgw-sedna-s9\" data-element_type=\"container\" data-e-type=\"container\">\n\t\t\t\t\t<div class=\"e-con-inner\">\n\t\t\t\t<div class=\"elementor-element elementor-element-iwgw-sedna-s9h elementor-widget elementor-widget-heading\" data-id=\"iwgw-sedna-s9h\" data-element_type=\"widget\" data-e-type=\"widget\" data-widget_type=\"heading.default\">\n\t\t\t\t\t<h2 class=\"elementor-heading-title elementor-size-default\">Sedna \u00ed uppslagsriti in\u00fa\u00edtahef\u00f0arins<\/h2>\t\t\t\t<\/div>\n\t\t<div class=\"elementor-element elementor-element-iwgw-sedna-s9c e-con-full e-flex e-con e-child\" data-id=\"iwgw-sedna-s9c\" data-element_type=\"container\" data-e-type=\"container\">\n\t\t\t\t<div class=\"elementor-element elementor-element-iwgw-sedna-s9t elementor-widget elementor-widget-text-editor\" data-id=\"iwgw-sedna-s9t\" data-element_type=\"widget\" data-e-type=\"widget\" data-widget_type=\"text-editor.default\">\n\t\t\t\t\t\t\t\t\t<p>Til frekari inns\u00fdnar \u00ed hugmyndaheim in\u00fa\u00edta er bent \u00e1 greinarnar um <a href=\"https:\/\/iwell-guard.com\/is\/?page_id=169000\">Sila<\/a>, \u00f6ndunarr\u00fdmi heimsins, um <a href=\"https:\/\/iwell-guard.com\/is\/?page_id=169003\">Angutu<\/a>, f\u00f6\u00f0ur hennar, um <a href=\"https:\/\/iwell-guard.com\/is\/?page_id=169001\">Tornarssuk<\/a>, sjamanskan hj\u00e1lparanda, um <a href=\"https:\/\/iwell-guard.com\/is\/?page_id=169005\">Nanook<\/a>, \u00edsbjarnaranda, og um <a href=\"https:\/\/iwell-guard.com\/is\/?page_id=169008\">Qailertetang<\/a>, ve\u00f0urgefandi fylgikonuna.<\/p><p>\u00c1 heildst\u00e6\u00f0an h\u00e1tt setur menningarmi\u00f0st\u00f6\u00f0in <a href=\"https:\/\/iwell-guard.com\/is\/inuit-og-nordurslodir-sedna-tornit\/\">In\u00fa\u00edtahef\u00f0in<\/a> \u00feetta \u00ed tr\u00faarbrag\u00f0as\u00f6gulegt samhengi. Fyrir \u00fe\u00e1 sem leita samhengis d\u00fdraherra annarra menningarheima veitist samsvarandi mynstur me\u00f0al <a href=\"https:\/\/iwell-guard.com\/is\/sami-finnsk-ugrisk-hefd-noaidi-tromma\/\">s\u00f6msku<\/a> greinanna, til d\u00e6mis hj\u00e1 <em>Madderakka<\/em>.<\/p>\t\t\t\t\t\t\t\t<\/div>\n\t\t\t\t<\/div>\n\t\t\t\t\t<\/div>\n\t\t\t\t<\/div>\n\t\t<div class=\"elementor-element elementor-element-cp29452ded e-flex e-con-boxed e-con e-parent\" data-id=\"cp29452ded\" data-element_type=\"container\" data-e-type=\"container\">\n\t\t\t\t\t<div class=\"e-con-inner\">\n\t\t\t\t<div class=\"elementor-element elementor-element-cp24dd8067 elementor-widget elementor-widget-heading\" data-id=\"cp24dd8067\" data-element_type=\"widget\" data-e-type=\"widget\" data-widget_type=\"heading.default\">\n\t\t\t\t\t<h2 class=\"elementor-heading-title elementor-size-default\">Sv\u00e6\u00f0isbundin fj\u00f6lbreytni s\u00f6gunnar og nafna hennar<\/h2>\t\t\t\t<\/div>\n\t\t<div class=\"elementor-element elementor-element-cp24eec498 e-flex e-con-boxed e-con e-child\" data-id=\"cp24eec498\" data-element_type=\"container\" data-e-type=\"container\">\n\t\t\t\t\t<div class=\"e-con-inner\">\n\t\t\t\t<div class=\"elementor-element elementor-element-cp27817669 elementor-widget elementor-widget-text-editor\" data-id=\"cp27817669\" data-element_type=\"widget\" data-e-type=\"widget\" data-widget_type=\"text-editor.default\">\n\t\t\t\t\t\t\t\t\t<p>Sedna er ekki eitt samr\u00e6mt nafn \u00e1 heildst\u00e6\u00f0ri <span class=\"iwg-fachbegriff\" data-tooltip=\"Vera sem er tilbe\u00f0in sem gu\u00f0leg innan tr\u00faarbrag\u00f0a.\" tabindex=\"0\">gu\u00f0veru<\/span> alls nor\u00f0urskautssv\u00e6\u00f0isins, heldur heiti sem algengt er \u00ed fr\u00e6\u00f0iritum yfir veru sem birtist undir mj\u00f6g mismunandi n\u00f6fnum \u00ed hinum \u00fdmsu bygg\u00f0um in\u00fa\u00edta og j\u00fapika.<\/p><p>Me\u00f0al in\u00fa\u00edta vi\u00f0 Hudsonfl\u00f3a og \u00e1 austurhluta nor\u00f0urskautssv\u00e6\u00f0isins er h\u00fan \u00feekkt sem Nuliajuk e\u00f0a Takannaaluk, \u00ed vestri koma fram myndir eins og Arnakuagsak, og nafni\u00f0 Sedna sj\u00e1lft er s\u00f3tt \u00ed heimildaskr\u00e1ningu Franz Boas fr\u00e1 Baffinseyju \u00ed lok 19. aldar.<\/p><p>\u00deessi fj\u00f6lbreytni er ekki aukaatri\u00f0i, heldur ber vitni um sj\u00e1lfst\u00e6\u00f0i hvers samf\u00e9lags. Sagan sj\u00e1lf er einnig breytileg. \u00cd sumum \u00fatg\u00e1fum er s\u00fa sem s\u00ed\u00f0ar ver\u00f0ur hafgy\u00f0jan kona sem giftist hundi e\u00f0a fugli \u00ed fuglsl\u00edki, \u00ed \u00f6\u00f0rum st\u00falka sem neitar a\u00f0 giftast.<\/p><p>Sameiginlegt me\u00f0 m\u00f6rgum \u00fatg\u00e1fum er a\u00f0 fa\u00f0ir hennar tekur hana me\u00f0 s\u00e9r \u00e1 kajak, h\u00fan er kasta\u00f0 fyrir bor\u00f0 \u00ed stormi og heldur s\u00e9r fast \u00ed bor\u00f0stokkinn \u00fear til fingur hennar eru skornir af. \u00dar afskornum fingrum hennar ver\u00f0a sj\u00e1varspend\u00fdrin.<\/p><p>Meginheimildir um Sedna eru skr\u00e1ningar Franz Boas auk hins umfangsmikla efnis fr\u00e1 fimmta Thule-lei\u00f0angrinum undir stj\u00f3rn Knud Rasmussen \u00e1 1920. \u00e1ratugnum.<\/p><p>B\u00e6\u00f0i heimildas\u00f6fnin eru mikilv\u00e6g, en \u00feau eru s\u00edu\u00f0 \u00ed gegnum tungum\u00e1l, val og \u00e1hugam\u00e1l \u00feeirra sem skr\u00e1\u00f0u efni\u00f0. Sedna sem sameiginleg vera fyrir allt nor\u00f0urskautssv\u00e6\u00f0i\u00f0 er sm\u00ed\u00f0 utana\u00f0komandi sj\u00f3narhorns. \u00dev\u00ed \u00e6tti hver fullyr\u00f0ing a\u00f0 tilgreina vi\u00f0komandi sv\u00e6\u00f0i og \u00fea\u00f0 nafn sem \u00fear er nota\u00f0.<\/p>\t\t\t\t\t\t\t\t<\/div>\n\t\t\t\t\t<\/div>\n\t\t\t\t<\/div>\n\t\t\t\t\t<\/div>\n\t\t\t\t<\/div>\n\t\t<div class=\"elementor-element elementor-element-cp22aea445 e-flex e-con-boxed e-con e-parent\" data-id=\"cp22aea445\" data-element_type=\"container\" data-e-type=\"container\">\n\t\t\t\t\t<div class=\"e-con-inner\">\n\t\t\t\t<div class=\"elementor-element elementor-element-cp292b3d5a elementor-widget elementor-widget-heading\" data-id=\"cp292b3d5a\" data-element_type=\"widget\" data-e-type=\"widget\" data-widget_type=\"heading.default\">\n\t\t\t\t\t<h2 class=\"elementor-heading-title elementor-size-default\">Fer\u00f0 sjamansins ni\u00f0ur til hafgy\u00f0junnar<\/h2>\t\t\t\t<\/div>\n\t\t<div class=\"elementor-element elementor-element-cp2e8a031f e-flex e-con-boxed e-con e-child\" data-id=\"cp2e8a031f\" data-element_type=\"container\" data-e-type=\"container\">\n\t\t\t\t\t<div class=\"e-con-inner\">\n\t\t\t\t<div class=\"elementor-element elementor-element-cp26b91245 elementor-widget elementor-widget-text-editor\" data-id=\"cp26b91245\" data-element_type=\"widget\" data-e-type=\"widget\" data-widget_type=\"text-editor.default\">\n\t\t\t\t\t\t\t\t\t<p>S\u00e9rst\u00f6k tr\u00faarleg hef\u00f0 tengist \u00feeirri hugmynd a\u00f0 hafgy\u00f0jan stj\u00f3rni a\u00f0gangi a\u00f0 sj\u00e1varspend\u00fdrum. \u00deegar seli, rostunga og hvali skorti og samf\u00e9lagi\u00f0 var \u00fear me\u00f0 \u00ed h\u00e6ttu vegna hungurs, var \u00fea\u00f0 tali\u00f0 merki um a\u00f0 gy\u00f0jan v\u00e6ri rei\u00f0.<\/p><p>Ors\u00f6kin var s\u00f6g\u00f0 liggja \u00ed brotum \u00e1 bannreglum, til d\u00e6mis brotum vi\u00f0 f\u00e6\u00f0ingu, andl\u00e1t e\u00f0a me\u00f0fer\u00f0 veiddra d\u00fdra. Sekt f\u00f3lksins safna\u00f0ist samkv\u00e6mt hugmyndinni upp sem \u00f3hreinindi e\u00f0a fl\u00f3kar \u00ed h\u00e1ri gy\u00f0junnar.<\/p><p>\u00cd sl\u00edkum a\u00f0st\u00e6\u00f0um t\u00f3k <em>angakkuq<\/em>, <span class=\"iwg-fachbegriff\" data-tooltip=\"Tr\u00faarlegur s\u00e9rfr\u00e6\u00f0ingur sem talinn er mi\u00f0la milli manna og andaheims.\" tabindex=\"0\">sjamaninn<\/span>, til starfa. Knud Rasmussen skr\u00e1\u00f0i n\u00e1kv\u00e6ma fr\u00e1s\u00f6gn af sl\u00edkri <span class=\"iwg-fachbegriff\" data-tooltip=\"Fastm\u00f3tu\u00f0, endurtekin tr\u00faarleg ath\u00f6fn.\" tabindex=\"0\">ath\u00f6fn<\/span> fr\u00e1 sv\u00e6\u00f0inu vi\u00f0 Hudsonfl\u00f3a.<\/p><p><span class=\"iwg-fachbegriff\" data-tooltip=\"Tr\u00faarlegur s\u00e9rfr\u00e6\u00f0ingur sem talinn er mi\u00f0la milli manna og andaheims.\" tabindex=\"0\">Sjamaninn<\/span> fer \u00ed lei\u00f0slu \u00ed andafer\u00f0 ni\u00f0ur \u00e1 hafsbotn og ver\u00f0ur a\u00f0 komast yfir hindranir \u00e1 lei\u00f0inni, til d\u00e6mis glj\u00fafur, sn\u00faandi \u00edsjaka e\u00f0a hund sem g\u00e6tir inngangsins.<\/p><p>\u00deegar hann kemur \u00ed h\u00fas gy\u00f0junnar grei\u00f0ir hann og lagar h\u00e1r hennar, enda getur h\u00fan ekki gert \u00fea\u00f0 sj\u00e1lf vegna fingraleysis. \u00deannig fjarl\u00e6gir hann upps\u00f6fnu\u00f0 \u00f3hreinindi og brot f\u00f3lksins.<\/p><p>\u00cd sta\u00f0inn ver\u00f0ur gy\u00f0jan a\u00f0 sleppa sj\u00e1varspend\u00fdrunum aftur. \u00deegar <span class=\"iwg-fachbegriff\" data-tooltip=\"Tr\u00faarlegur s\u00e9rfr\u00e6\u00f0ingur sem talinn er mi\u00f0la milli manna og andaheims.\" tabindex=\"0\">sjamaninn<\/span> sneri aftur \u00far lei\u00f0slunni kraf\u00f0ist hann oft \u00feess a\u00f0 vi\u00f0staddir j\u00e1tu\u00f0u opinberlega brot s\u00edn \u00e1 bannreglum.<\/p><p>Fr\u00e6\u00f0ilega tengir \u00feessi <span class=\"iwg-fachbegriff\" data-tooltip=\"Fastm\u00f3tu\u00f0, endurtekin tr\u00faarleg ath\u00f6fn.\" tabindex=\"0\">ath\u00f6fn<\/span> saman heimsfr\u00e6\u00f0ilega sk\u00fdringu \u00e1 misheppna\u00f0ri vei\u00f0i og f\u00e9lagslegu hlutverki: h\u00fan ger\u00f0i duli\u00f0 misferli opinbert og endurreisti reglu milli manna, d\u00fdra og hafgy\u00f0junnar.<\/p>\t\t\t\t\t\t\t\t<\/div>\n\t\t\t\t\t<\/div>\n\t\t\t\t<\/div>\n\t\t\t\t\t<\/div>\n\t\t\t\t<\/div>\n\t\t<div class=\"elementor-element elementor-element-iwgw-sedna-lit e-flex e-con-boxed e-con e-parent\" data-id=\"iwgw-sedna-lit\" data-element_type=\"container\" data-e-type=\"container\">\n\t\t\t\t\t<div class=\"e-con-inner\">\n\t\t\t\t<div class=\"elementor-element elementor-element-iwgw-sedna-lith elementor-widget elementor-widget-heading\" data-id=\"iwgw-sedna-lith\" data-element_type=\"widget\" data-e-type=\"widget\" data-widget_type=\"heading.default\">\n\t\t\t\t\t<h2 class=\"elementor-heading-title elementor-size-default\">Heimildir (\u00farval)<\/h2>\t\t\t\t<\/div>\n\t\t<div class=\"elementor-element elementor-element-iwgw-sedna-litc e-con-full e-flex e-con e-child\" data-id=\"iwgw-sedna-litc\" data-element_type=\"container\" data-e-type=\"container\">\n\t\t\t\t<div class=\"elementor-element elementor-element-iwgw-sedna-litt elementor-widget elementor-widget-text-editor\" data-id=\"iwgw-sedna-litt\" data-element_type=\"widget\" data-e-type=\"widget\" data-widget_type=\"text-editor.default\">\n\t\t\t\t\t\t\t\t\t<ul><li><span data-nosnippet>Knud Rasmussen: <em>Intellectual Culture of the Iglulik Eskimos<\/em> (Report of the Fifth Thule Expedition, Bd. VII.1, Kaupmannah\u00f6fn 1929)<\/span><\/li><li>Franz Boas: <em>The Central Eskimo<\/em> (Washington 1888)<\/li><li><span data-nosnippet>Daniel Merkur: <em>Becoming Half Hidden: Shamanism and <span class=\"iwg-fachbegriff\" data-tooltip=\"Tr\u00faarleg umbreyting \u00fear sem einstaklingur er tekinn inn \u00ed n\u00fdja st\u00f6\u00f0u e\u00f0a samf\u00e9lag.\" tabindex=\"0\">Initiation<\/span> among the Inuit<\/em> (Stokkh\u00f3lmi 1985)<\/span><\/li><li><span data-nosnippet>Ann Fienup-Riordan: <em>Boundaries and Passages: Rule and <span class=\"iwg-fachbegriff\" data-tooltip=\"Skipul\u00f6g\u00f0 r\u00f6\u00f0 t\u00e1knger\u00f0ra athafna me\u00f0 tr\u00faarlega e\u00f0a menningarlega merkingu.\" tabindex=\"0\">Ritual<\/span> in Yup&#8217;ik Eskimo Oral Tradition<\/em> (Norman 1994)<\/span><\/li><li>Fr\u00e9d\u00e9ric Laugrand og Jarich Oosten: <em>Inuit Shamanism and Christianity<\/em> (Montreal 2010)<\/li><li>Mircea Eliade: <em><span class=\"iwg-fachbegriff\" data-tooltip=\"Tr\u00faarlegt kerfi \u00fear sem s\u00e9rfr\u00e6\u00f0ingar hafa samskipti vi\u00f0 andaheim.\" tabindex=\"0\">Sjamanismi<\/span> og fornar lei\u00f0slut\u00e6kni<\/em> (Stuttgart 1957)<\/li><\/ul>\t\t\t\t\t\t\t\t<\/div>\n\t\t\t\t<\/div>\n\t\t\t\t\t<\/div>\n\t\t\t\t<\/div>\n\t\t<div class=\"elementor-element elementor-element-iwgkw-add-sedna e-flex e-con-boxed e-con e-parent\" data-id=\"iwgkw-add-sedna\" data-element_type=\"container\" data-e-type=\"container\">\n\t\t\t\t\t<div class=\"e-con-inner\">\n\t\t\t\t<div class=\"elementor-element elementor-element-iwgkw-add-sedna-t elementor-widget elementor-widget-text-editor\" data-id=\"iwgkw-add-sedna-t\" data-element_type=\"widget\" data-e-type=\"widget\" data-widget_type=\"text-editor.default\">\n\t\t\t\t\t\t\t\t\t<p>\u00cd <span class=\"iwg-fachbegriff\" data-tooltip=\"Heild allra gu\u00f0a innan tr\u00faarbrag\u00f0a e\u00f0a menningar.\" tabindex=\"0\">go\u00f0aheimi<\/span> in\u00fa\u00edta er Sedna talin <em>verndari<\/em> sj\u00e1vard\u00fdra: selir, hvalir og fiskar eiga samkv\u00e6mt gamalli hugmynd uppt\u00f6k s\u00edn \u00ed l\u00edkama hennar og eru undir stj\u00f3rn hennar.<\/p><p>Brj\u00f3ti samf\u00e9lagi\u00f0 gegn vei\u00f0i- og hreinl\u00e6tisreglum, heldur verndarinn d\u00fdrunum fr\u00e1, og <em>angakkoq<\/em> ver\u00f0ur a\u00f0 fara \u00ed lei\u00f0slu ni\u00f0ur til hennar til a\u00f0 grei\u00f0a h\u00e1r hennar og opna \u00feannig vei\u00f0ilendurnar aftur.<\/p>\t\t\t\t\t\t\t\t<\/div>\n\t\t\t\t\t<\/div>\n\t\t\t\t<\/div>\n\t\t<div class=\"elementor-element elementor-element-iwgw-sedna-kwd e-flex e-con-boxed e-con e-parent\" data-id=\"iwgw-sedna-kwd\" data-element_type=\"container\" data-e-type=\"container\">\n\t\t\t\t\t<div class=\"e-con-inner\">\n\t\t<div class=\"elementor-element elementor-element-iwgw-sedna-kwdc e-con-full e-flex e-con e-child\" data-id=\"iwgw-sedna-kwdc\" data-element_type=\"container\" data-e-type=\"container\">\n\t\t\t\t<div class=\"elementor-element elementor-element-iwgw-sedna-kwdt elementor-widget elementor-widget-text-editor\" data-id=\"iwgw-sedna-kwdt\" data-element_type=\"widget\" data-e-type=\"widget\" data-widget_type=\"text-editor.default\">\n\t\t\t\t\t\t\t\t\t<p><em>Tengd leitaror\u00f0: Sedna Nuliajuk Takannakapsaluk Angakkuq Iglulik hafgy\u00f0ja selagy\u00f0ja Pittailiniq.<\/em><\/p>\t\t\t\t\t\t\t\t<\/div>\n\t\t\t\t<\/div>\n\t\t\t\t\t<\/div>\n\t\t\t\t<\/div>\n\t\t<div class=\"elementor-element elementor-element-iwgw-sedna-cc e-flex e-con-boxed e-con e-parent\" data-id=\"iwgw-sedna-cc\" data-element_type=\"container\" data-e-type=\"container\" id=\"iwg-cc-sedna\">\n\t\t\t\t\t<div class=\"e-con-inner\">\n\t\t<div class=\"elementor-element elementor-element-iwgw-sedna-ccinner e-flex e-con-boxed e-con e-parent\" data-id=\"iwgw-sedna-ccinner\" data-element_type=\"container\" data-e-type=\"container\" data-settings=\"{&quot;background_background&quot;:&quot;classic&quot;}\">\n\t\t\t\t\t<div class=\"e-con-inner\">\n\t\t\t\t<div class=\"elementor-element elementor-element-iwgw-sedna-cch elementor-widget elementor-widget-heading\" data-id=\"iwgw-sedna-cch\" data-element_type=\"widget\" data-e-type=\"widget\" data-widget_type=\"heading.default\">\n\t\t\t\t\t<h2 class=\"elementor-heading-title elementor-size-default\">iWell Guard og verndarhef\u00f0ir<\/h2>\t\t\t\t<\/div>\n\t\t\t\t<div class=\"elementor-element elementor-element-iwgw-sedna-cct elementor-widget elementor-widget-text-editor\" data-id=\"iwgw-sedna-cct\" data-element_type=\"widget\" data-e-type=\"widget\" data-widget_type=\"text-editor.default\">\n\t\t\t\t\t\t\t\t\t<div data-nosnippet=\"true\"><p>iWell Guard tengist menningars\u00f6gulegri hef\u00f0 bur\u00f0arh\u00e6fra verndargripa, \u00ed hef\u00f0 <a href=\"https:\/\/iwell-guard.com\/is\/inuit-og-nordurslodir-sedna-tornit\/\">in\u00fa\u00edta<\/a> og margra annarra menningarheima um allan heim. 41 lag, alv\u00f6ru gull, plat\u00edna, silfur, framleitt \u00ed \u00de\u00fdskalandi. 30 daga skilar\u00e9ttur.<\/p><\/div>\t\t\t\t\t\t\t\t<\/div>\n\t\t\t\t<div class=\"elementor-element elementor-element-iwgw-sedna-ccb iwg-cc-button iwg-cc-cta-2026-05-13 elementor-widget elementor-widget-jet-button\" data-id=\"iwgw-sedna-ccb\" data-element_type=\"widget\" data-e-type=\"widget\" data-widget_type=\"jet-button.default\">\n\t\t\t\t<div class=\"elementor-widget-container\">\n\t\t\t\t\t<div class=\"elementor-jet-button jet-elements\"><div class=\"jet-button__container\"><a class=\"jet-button__instance jet-button__instance--icon-left hover-effect-1\" href=\"\/ueber-iwell-guard\/?utm_source=iwell-guard.com&amp;utm_medium=info-box&amp;utm_campaign=wesen-tradition\"><div class=\"jet-button__plane jet-button__plane-normal\"><\/div><div class=\"jet-button__plane jet-button__plane-hover\"><\/div><div class=\"jet-button__state jet-button__state-normal\"><span class=\"jet-button__label\">Meira um iWell Guard<\/span><\/div><div class=\"jet-button__state jet-button__state-hover\"><span class=\"jet-button__label\">Meira um iWell Guard<\/span><\/div><\/a><\/div><\/div><style>.elementor-element.elementor-element-iwgw-sedna-ccb .jet-button__instance{width:320px;height:56px;}.elementor-element.elementor-element-iwgw-sedna-ccb .jet-button__state-normal .jet-button__label{text-align:center;margin:0px 0px 0px 0px;color:#1a1b20;font-family:Montserrat,sans-serif;font-size:13px;font-weight:400;letter-spacing:4px;line-height:1.714em;text-transform:uppercase;}.elementor-element.elementor-element-iwgw-sedna-ccb .jet-button__state-hover .jet-button__label{text-align:center;margin:0px 0px 0px 0px;color:#FECC76;font-family:Montserrat,sans-serif;font-size:13px;font-weight:400;letter-spacing:4px;line-height:1.714em;text-transform:uppercase;}.elementor-element.elementor-element-iwgw-sedna-ccb .jet-button__plane-normal{background-color:#FECC76;border-style:solid;border-color:#C99540;border-width:2px 2px 2px 2px;}.elementor-element.elementor-element-iwgw-sedna-ccb .jet-button__plane-hover{background-color:rgba(0,0,0,0.55);border-style:solid;border-color:#FECC76;border-width:2px 2px 2px 2px;}<\/style>\t\t\t\t<\/div>\n\t\t\t\t<\/div>\n\t\t\t\t<div class=\"elementor-element elementor-element-iwgw-sedna-ccd elementor-widget elementor-widget-text-editor\" data-id=\"iwgw-sedna-ccd\" data-element_type=\"widget\" data-e-type=\"widget\" data-widget_type=\"text-editor.default\">\n\t\t\t\t\t\t\t\t\t<div data-nosnippet=\"true\"><p style=\"text-align:center;font-size:13px;opacity:0.7;margin-top:14px\" data-nosnippet=\"true\">Pers\u00f3nuleg reynsla getur veri\u00f0 mismunandi. Ekki l\u00e6kningat\u00e6ki. Engin lofor\u00f0 um l\u00e6kningu.<\/p><\/div>\t\t\t\t\t\t\t\t<\/div>\n\t\t\t\t\t<\/div>\n\t\t\t\t<\/div>\n\t\t\t\t\t<\/div>\n\t\t\t\t<\/div>\n\t\t<div class=\"elementor-element elementor-element-iwgw-sedna-disc e-flex e-con-boxed e-con e-parent\" data-id=\"iwgw-sedna-disc\" data-element_type=\"container\" data-e-type=\"container\">\n\t\t\t\t\t<div class=\"e-con-inner\">\n\t\t\t\t<div class=\"elementor-element elementor-element-iwgw-sedna-discw elementor-widget elementor-widget-html\" data-id=\"iwgw-sedna-discw\" data-element_type=\"widget\" data-e-type=\"widget\" data-widget_type=\"html.default\">\n\t\t\t\t\t<footer data-nosnippet=\"true\" class=\"iwg-disclaimer-block\"><p data-nosnippet=\"true\">iWell Guard er <strong>ekki l\u00e6kningat\u00e6ki<\/strong> og kemur ekki \u00ed sta\u00f0inn fyrir l\u00e6knis- e\u00f0a s\u00e1lfr\u00e6\u00f0ime\u00f0fer\u00f0. Tr\u00faarfr\u00e6\u00f0ilegt efni er menningars\u00f6gulegt samhengi, ekki r\u00e1\u00f0legging um andlega i\u00f0kun.<\/p><\/footer>\t\t\t\t<\/div>\n\t\t\t\t\t<\/div>\n\t\t\t\t<\/div>\n\t\t\t\t<\/div>\n\t\t","protected":false},"excerpt":{"rendered":"","protected":false},"author":3,"featured_media":2885,"parent":0,"menu_order":0,"comment_status":"closed","ping_status":"closed","template":"elementor_header_footer","meta":{"_yoast_wpseo_focuskw":"Sedna sj\u00e1vargy\u00f0ja In\u00fa\u00edta","_yoast_wpseo_title":"Sedna - Sj\u00e1vardrottning In\u00fa\u00edta, go\u00f0s\u00f6gn og d\u00fdrkun","_yoast_wpseo_metadesc":"Sedna er talin drottning sj\u00e1vard\u00fdra \u00ed go\u00f0afr\u00e6\u00f0i In\u00fa\u00edta. Tr\u00faarbrag\u00f0afr\u00e6\u00f0ileg \u00fattekt: go\u00f0s\u00f6gn, sjamanai\u00f0kun, heimildir.","_yoast_wpseo_meta-robots-noindex":"","_yoast_wpseo_canonical":"","_angie_page":false,"gefaehrdungsstufe":"3","wesen_kultur":"inuit","wesen_klasse":"geister","footnotes":""},"categories":[],"class_list":["post-168999","page","type-page","status-publish","has-post-thumbnail","hentry"],"yoast_head":"<!-- This site is optimized with the Yoast SEO Premium plugin v27.7 (Yoast SEO v28.3) - https:\/\/yoast.com\/product\/yoast-seo-premium-wordpress\/ -->\n<title>Sedna - Sj\u00e1vardrottning In\u00fa\u00edta, go\u00f0s\u00f6gn og d\u00fdrkun<\/title>\n<meta name=\"description\" content=\"Sedna er talin drottning sj\u00e1vard\u00fdra \u00ed go\u00f0afr\u00e6\u00f0i In\u00fa\u00edta. Tr\u00faarbrag\u00f0afr\u00e6\u00f0ileg \u00fattekt: go\u00f0s\u00f6gn, sjamanai\u00f0kun, heimildir.\" \/>\n<meta name=\"robots\" content=\"index, follow, max-snippet:-1, max-image-preview:large, max-video-preview:-1\" \/>\n<link rel=\"canonical\" href=\"https:\/\/iwell-guard.com\/is\/sedna-sjavardrottning-inuita\/\" \/>\n<meta property=\"og:locale\" content=\"is_IS\" \/>\n<meta property=\"og:type\" content=\"article\" \/>\n<meta property=\"og:title\" content=\"Sedna - Sj\u00e1vardrottning In\u00fa\u00edta\" \/>\n<meta property=\"og:description\" content=\"Sedna er talin drottning sj\u00e1vard\u00fdra \u00ed go\u00f0afr\u00e6\u00f0i In\u00fa\u00edta. Tr\u00faarbrag\u00f0afr\u00e6\u00f0ileg \u00fattekt: go\u00f0s\u00f6gn, sjamanai\u00f0kun, heimildir.\" \/>\n<meta property=\"og:url\" content=\"https:\/\/iwell-guard.com\/is\/sedna-sjavardrottning-inuita\/\" \/>\n<meta property=\"og:site_name\" content=\"iWell Guard\" \/>\n<meta property=\"article:modified_time\" content=\"2026-09-05T14:29:25+00:00\" \/>\n<meta property=\"og:image\" content=\"https:\/\/iwell-guard.com\/wp-content\/uploads\/2026\/05\/goetter_inuit_sedna-1.webp\" \/>\n\t<meta property=\"og:image:width\" content=\"1024\" \/>\n\t<meta property=\"og:image:height\" content=\"1536\" \/>\n\t<meta property=\"og:image:type\" content=\"image\/webp\" \/>\n<meta name=\"twitter:card\" content=\"summary_large_image\" \/>\n<script type=\"application\/ld+json\" class=\"yoast-schema-graph\">{\"@context\":\"https:\\\/\\\/schema.org\",\"@graph\":[{\"@type\":\"WebPage\",\"@id\":\"https:\\\/\\\/iwell-guard.com\\\/is\\\/sedna-sjavardrottning-inuita\\\/\",\"url\":\"https:\\\/\\\/iwell-guard.com\\\/is\\\/sedna-sjavardrottning-inuita\\\/\",\"name\":\"Sedna - Sj\u00e1vardrottning In\u00fa\u00edta, go\u00f0s\u00f6gn og d\u00fdrkun\",\"isPartOf\":{\"@id\":\"https:\\\/\\\/iwell-guard.com\\\/is\\\/#website\"},\"primaryImageOfPage\":{\"@id\":\"https:\\\/\\\/iwell-guard.com\\\/is\\\/sedna-sjavardrottning-inuita\\\/#primaryimage\"},\"image\":{\"@id\":\"https:\\\/\\\/iwell-guard.com\\\/is\\\/sedna-sjavardrottning-inuita\\\/#primaryimage\"},\"thumbnailUrl\":\"https:\\\/\\\/iwell-guard.com\\\/wp-content\\\/uploads\\\/2026\\\/05\\\/goetter_inuit_sedna-1.webp\",\"datePublished\":\"2026-09-05T14:04:42+00:00\",\"dateModified\":\"2026-09-05T14:29:25+00:00\",\"description\":\"Sedna er talin drottning sj\u00e1vard\u00fdra \u00ed go\u00f0afr\u00e6\u00f0i In\u00fa\u00edta. Tr\u00faarbrag\u00f0afr\u00e6\u00f0ileg \u00fattekt: go\u00f0s\u00f6gn, sjamanai\u00f0kun, heimildir.\",\"breadcrumb\":{\"@id\":\"https:\\\/\\\/iwell-guard.com\\\/is\\\/sedna-sjavardrottning-inuita\\\/#breadcrumb\"},\"inLanguage\":\"is\",\"potentialAction\":[{\"@type\":\"ReadAction\",\"target\":[\"https:\\\/\\\/iwell-guard.com\\\/is\\\/sedna-sjavardrottning-inuita\\\/\"]}]},{\"@type\":\"ImageObject\",\"inLanguage\":\"is\",\"@id\":\"https:\\\/\\\/iwell-guard.com\\\/is\\\/sedna-sjavardrottning-inuita\\\/#primaryimage\",\"url\":\"https:\\\/\\\/iwell-guard.com\\\/wp-content\\\/uploads\\\/2026\\\/05\\\/goetter_inuit_sedna-1.webp\",\"contentUrl\":\"https:\\\/\\\/iwell-guard.com\\\/wp-content\\\/uploads\\\/2026\\\/05\\\/goetter_inuit_sedna-1.webp\",\"width\":1024,\"height\":1536,\"caption\":\"Gu\u00f0ir \u00far hef\u00f0 In\u00fa\u00edta.\"},{\"@type\":\"BreadcrumbList\",\"@id\":\"https:\\\/\\\/iwell-guard.com\\\/is\\\/sedna-sjavardrottning-inuita\\\/#breadcrumb\",\"itemListElement\":[{\"@type\":\"ListItem\",\"position\":1,\"name\":\"Start\",\"item\":\"https:\\\/\\\/iwell-guard.com\\\/is\\\/?page_id=168580\"},{\"@type\":\"ListItem\",\"position\":2,\"name\":\"Sedna &#8211; Sj\u00e1vardrottning In\u00fa\u00edta\"}]},{\"@type\":\"WebSite\",\"@id\":\"https:\\\/\\\/iwell-guard.com\\\/is\\\/#website\",\"url\":\"https:\\\/\\\/iwell-guard.com\\\/is\\\/\",\"name\":\"iWell Guard\",\"description\":\"Schutz vor dunklen Einfl\u00fcssen\",\"publisher\":{\"@id\":\"https:\\\/\\\/iwell-guard.com\\\/is\\\/#organization\"},\"potentialAction\":[{\"@type\":\"SearchAction\",\"target\":{\"@type\":\"EntryPoint\",\"urlTemplate\":\"https:\\\/\\\/iwell-guard.com\\\/is\\\/?s={search_term_string}\"},\"query-input\":{\"@type\":\"PropertyValueSpecification\",\"valueRequired\":true,\"valueName\":\"search_term_string\"}}],\"inLanguage\":\"is\"},{\"@type\":\"Organization\",\"@id\":\"https:\\\/\\\/iwell-guard.com\\\/is\\\/#organization\",\"name\":\"Ittermann electronic GmbH\",\"url\":\"https:\\\/\\\/iwell-guard.com\\\/is\\\/\",\"logo\":{\"@type\":\"ImageObject\",\"inLanguage\":\"is\",\"@id\":\"https:\\\/\\\/iwell-guard.com\\\/is\\\/#\\\/schema\\\/logo\\\/image\\\/\",\"url\":\"https:\\\/\\\/iwell-guard.com\\\/wp-content\\\/uploads\\\/2026\\\/05\\\/Ittermann-Logo-1182x237-1.png\",\"contentUrl\":\"https:\\\/\\\/iwell-guard.com\\\/wp-content\\\/uploads\\\/2026\\\/05\\\/Ittermann-Logo-1182x237-1.png\",\"width\":1182,\"height\":237,\"caption\":\"Ittermann electronic GmbH\"},\"image\":{\"@id\":\"https:\\\/\\\/iwell-guard.com\\\/is\\\/#\\\/schema\\\/logo\\\/image\\\/\"},\"sameAs\":[\"https:\\\/\\\/pantip.com\\\/profile\\\/9367242\",\"https:\\\/\\\/micro.blog\\\/iwellguard\",\"https:\\\/\\\/www.diggerslist.com\\\/iwellguard\\\/about\",\"https:\\\/\\\/skitterphoto.com\\\/photographers\\\/2870314\\\/iwell-guard\",\"https:\\\/\\\/iwellguard.wordpress.com\\\/2026\\\/06\\\/06\\\/iwell-guard\\\/\",\"https:\\\/\\\/hub.docker.com\\\/u\\\/iwellguard\",\"https:\\\/\\\/www.pinterest.com\\\/iwellguard\\\/\",\"https:\\\/\\\/bit.ly\\\/m\\\/iwellguard\",\"https:\\\/\\\/entre-vos-mains.alsace.eu\\\/profiles\\\/iwellguard\\\/activity\",\"https:\\\/\\\/gravatar.com\\\/reallybeded8fd34\",\"https:\\\/\\\/naijamatta.com\\\/iwellguard\",\"https:\\\/\\\/www.goodreads.com\\\/iwellguard\",\"https:\\\/\\\/profile.hatena.ne.jp\\\/iwellguard\\\/\",\"https:\\\/\\\/experiment.com\\\/users\\\/iwellguard\",\"https:\\\/\\\/wakelet.com\\\/@iWellGuard82270\",\"https:\\\/\\\/www.chordie.com\\\/forum\\\/profile.php?id=2555664\",\"https:\\\/\\\/www.instapaper.com\\\/p\\\/17757966\",\"https:\\\/\\\/www.mapleprimes.com\\\/users\\\/iwellguard\",\"https:\\\/\\\/businesslistingplus.com\\\/profile\\\/iwell-guard\\\/\",\"https:\\\/\\\/telegra.ph\\\/iWell-Guard-06-06\",\"https:\\\/\\\/pbase.com\\\/iwellguard\\\/iwellguard\",\"https:\\\/\\\/b.hatena.ne.jp\\\/iwellguard\\\/20260607#bookmark-4788405196491818882\",\"https:\\\/\\\/fliphtml5.com\\\/home\\\/iwellguard\",\"https:\\\/\\\/anyflip.com\\\/homepage\\\/cmiwl#About\",\"https:\\\/\\\/transfur.com\\\/Users\\\/iwellguard\",\"http:\\\/\\\/delphi.larsbo.org\\\/user\\\/iwellguard\",\"https:\\\/\\\/jobs.lajobsportal.org\\\/profiles\\\/8380803-iwell-guard\",\"https:\\\/\\\/md.chaosdorf.de\\\/s\\\/jfbe5SBdJD\",\"https:\\\/\\\/www.lingvolive.com\\\/en-us\\\/profile\\\/9ecaeaca-ce11-4e51-9e71-01d55e2bff36\\\/translations\",\"https:\\\/\\\/www.fitday.com\\\/fitness\\\/forums\\\/members\\\/iwellguard.html\",\"https:\\\/\\\/www.mymeetbook.com\\\/iwellguard\",\"https:\\\/\\\/pxhere.com\\\/en\\\/photographer-me\\\/5040798\",\"https:\\\/\\\/disqus.com\\\/by\\\/iwellguard\\\/about\\\/\",\"https:\\\/\\\/pastelink.net\\\/hjwciqwq\",\"https:\\\/\\\/pubhtml5.com\\\/homepage\\\/scjhn\\\/\",\"https:\\\/\\\/www.bitchute.com\\\/channel\\\/2O2eOKzNqujT\",\"https:\\\/\\\/audiomack.com\\\/iwellguard\"]},{\"@type\":\"Article\",\"@id\":\"https:\\\/\\\/iwell-guard.com\\\/is\\\/sedna-sjavardrottning-inuita\\\/#article\",\"isPartOf\":{\"@id\":\"https:\\\/\\\/iwell-guard.com\\\/is\\\/sedna-sjavardrottning-inuita\\\/\"},\"author\":{\"name\":\"Ralf Ittermann\",\"@id\":\"https:\\\/\\\/iwell-guard.com\\\/is\\\/#\\\/schema\\\/person\\\/ee2a27f1cac3406c7c6fb5820cb7349f\"},\"headline\":\"Sedna &#8211; Sj\u00e1vardrottning In\u00fa\u00edta\",\"datePublished\":\"2026-09-05T14:04:42+00:00\",\"dateModified\":\"2026-09-05T14:29:25+00:00\",\"mainEntityOfPage\":{\"@id\":\"https:\\\/\\\/iwell-guard.com\\\/is\\\/sedna-sjavardrottning-inuita\\\/\"},\"publisher\":{\"@id\":\"https:\\\/\\\/iwell-guard.com\\\/is\\\/#organization\"},\"image\":{\"@id\":\"https:\\\/\\\/iwell-guard.com\\\/is\\\/sedna-sjavardrottning-inuita\\\/#primaryimage\"},\"thumbnailUrl\":\"https:\\\/\\\/iwell-guard.com\\\/wp-content\\\/uploads\\\/2026\\\/05\\\/goetter_inuit_sedna-1.webp\",\"inLanguage\":\"is\",\"description\":\"Sedna er talin drottning sj\u00e1vard\u00fdra \u00ed go\u00f0afr\u00e6\u00f0i In\u00fa\u00edta. Tr\u00faarbrag\u00f0afr\u00e6\u00f0ileg \u00fattekt: go\u00f0s\u00f6gn, sjamanai\u00f0kun, heimildir.\"}]}<\/script>\n<!-- \/ Yoast SEO Premium plugin. -->","yoast_head_json":{"title":"Sedna - Sj\u00e1vardrottning In\u00fa\u00edta, go\u00f0s\u00f6gn og d\u00fdrkun","description":"Sedna er talin drottning sj\u00e1vard\u00fdra \u00ed go\u00f0afr\u00e6\u00f0i In\u00fa\u00edta. Tr\u00faarbrag\u00f0afr\u00e6\u00f0ileg \u00fattekt: go\u00f0s\u00f6gn, sjamanai\u00f0kun, heimildir.","robots":{"index":"index","follow":"follow","max-snippet":"max-snippet:-1","max-image-preview":"max-image-preview:large","max-video-preview":"max-video-preview:-1"},"canonical":"https:\/\/iwell-guard.com\/is\/sedna-sjavardrottning-inuita\/","og_locale":"is_IS","og_type":"article","og_title":"Sedna - Sj\u00e1vardrottning In\u00fa\u00edta","og_description":"Sedna er talin drottning sj\u00e1vard\u00fdra \u00ed go\u00f0afr\u00e6\u00f0i In\u00fa\u00edta. Tr\u00faarbrag\u00f0afr\u00e6\u00f0ileg \u00fattekt: go\u00f0s\u00f6gn, sjamanai\u00f0kun, heimildir.","og_url":"https:\/\/iwell-guard.com\/is\/sedna-sjavardrottning-inuita\/","og_site_name":"iWell Guard","article_modified_time":"2026-09-05T14:29:25+00:00","og_image":[{"width":1024,"height":1536,"url":"https:\/\/iwell-guard.com\/wp-content\/uploads\/2026\/05\/goetter_inuit_sedna-1.webp","type":"image\/webp"}],"twitter_card":"summary_large_image","schema":{"@context":"https:\/\/schema.org","@graph":[{"@type":"Article","@id":"https:\/\/iwell-guard.com\/is\/sedna-sjavardrottning-inuita\/#article","isPartOf":{"@id":"https:\/\/iwell-guard.com\/is\/sedna-sjavardrottning-inuita\/"},"author":{"name":"Ralf Ittermann","@id":"https:\/\/iwell-guard.com\/is\/#\/schema\/person\/ee2a27f1cac3406c7c6fb5820cb7349f"},"headline":"Sedna &#8211; Sj\u00e1vardrottning In\u00fa\u00edta","datePublished":"2026-09-05T14:04:42+00:00","dateModified":"2026-09-05T14:29:25+00:00","mainEntityOfPage":{"@id":"https:\/\/iwell-guard.com\/is\/sedna-sjavardrottning-inuita\/"},"publisher":{"@id":"https:\/\/iwell-guard.com\/is\/#organization"},"image":{"@id":"https:\/\/iwell-guard.com\/is\/sedna-sjavardrottning-inuita\/#primaryimage"},"thumbnailUrl":"https:\/\/iwell-guard.com\/wp-content\/uploads\/2026\/05\/goetter_inuit_sedna-1.webp","inLanguage":"is","description":"Sedna er talin drottning sj\u00e1vard\u00fdra \u00ed go\u00f0afr\u00e6\u00f0i In\u00fa\u00edta. Tr\u00faarbrag\u00f0afr\u00e6\u00f0ileg \u00fattekt: go\u00f0s\u00f6gn, sjamanai\u00f0kun, heimildir."},{"@type":"WebPage","@id":"https:\/\/iwell-guard.com\/is\/sedna-sjavardrottning-inuita\/","url":"https:\/\/iwell-guard.com\/is\/sedna-sjavardrottning-inuita\/","name":"Sedna - Sj\u00e1vardrottning In\u00fa\u00edta, go\u00f0s\u00f6gn og d\u00fdrkun","isPartOf":{"@id":"https:\/\/iwell-guard.com\/is\/#website"},"primaryImageOfPage":{"@id":"https:\/\/iwell-guard.com\/is\/sedna-sjavardrottning-inuita\/#primaryimage"},"image":{"@id":"https:\/\/iwell-guard.com\/is\/sedna-sjavardrottning-inuita\/#primaryimage"},"thumbnailUrl":"https:\/\/iwell-guard.com\/wp-content\/uploads\/2026\/05\/goetter_inuit_sedna-1.webp","datePublished":"2026-09-05T14:04:42+00:00","dateModified":"2026-09-05T14:29:25+00:00","description":"Sedna er talin drottning sj\u00e1vard\u00fdra \u00ed go\u00f0afr\u00e6\u00f0i In\u00fa\u00edta. Tr\u00faarbrag\u00f0afr\u00e6\u00f0ileg \u00fattekt: go\u00f0s\u00f6gn, sjamanai\u00f0kun, heimildir.","breadcrumb":{"@id":"https:\/\/iwell-guard.com\/is\/sedna-sjavardrottning-inuita\/#breadcrumb"},"inLanguage":"is","potentialAction":[{"@type":"ReadAction","target":["https:\/\/iwell-guard.com\/is\/sedna-sjavardrottning-inuita\/"]}]},{"@type":"ImageObject","inLanguage":"is","@id":"https:\/\/iwell-guard.com\/is\/sedna-sjavardrottning-inuita\/#primaryimage","url":"https:\/\/iwell-guard.com\/wp-content\/uploads\/2026\/05\/goetter_inuit_sedna-1.webp","contentUrl":"https:\/\/iwell-guard.com\/wp-content\/uploads\/2026\/05\/goetter_inuit_sedna-1.webp","width":1024,"height":1536,"caption":"Gu\u00f0ir \u00far hef\u00f0 In\u00fa\u00edta."},{"@type":"BreadcrumbList","@id":"https:\/\/iwell-guard.com\/is\/sedna-sjavardrottning-inuita\/#breadcrumb","itemListElement":[{"@type":"ListItem","position":1,"name":"Start","item":"https:\/\/iwell-guard.com\/is\/?page_id=168580"},{"@type":"ListItem","position":2,"name":"Sedna &#8211; Sj\u00e1vardrottning In\u00fa\u00edta"}]},{"@type":"WebSite","@id":"https:\/\/iwell-guard.com\/is\/#website","url":"https:\/\/iwell-guard.com\/is\/","name":"iWell Guard","description":"Schutz vor dunklen Einfl\u00fcssen","publisher":{"@id":"https:\/\/iwell-guard.com\/is\/#organization"},"potentialAction":[{"@type":"SearchAction","target":{"@type":"EntryPoint","urlTemplate":"https:\/\/iwell-guard.com\/is\/?s={search_term_string}"},"query-input":{"@type":"PropertyValueSpecification","valueRequired":true,"valueName":"search_term_string"}}],"inLanguage":"is"},{"@type":"Organization","@id":"https:\/\/iwell-guard.com\/is\/#organization","name":"Ittermann electronic GmbH","url":"https:\/\/iwell-guard.com\/is\/","logo":{"@type":"ImageObject","inLanguage":"is","@id":"https:\/\/iwell-guard.com\/is\/#\/schema\/logo\/image\/","url":"https:\/\/iwell-guard.com\/wp-content\/uploads\/2026\/05\/Ittermann-Logo-1182x237-1.png","contentUrl":"https:\/\/iwell-guard.com\/wp-content\/uploads\/2026\/05\/Ittermann-Logo-1182x237-1.png","width":1182,"height":237,"caption":"Ittermann electronic GmbH"},"image":{"@id":"https:\/\/iwell-guard.com\/is\/#\/schema\/logo\/image\/"},"sameAs":["https:\/\/pantip.com\/profile\/9367242","https:\/\/micro.blog\/iwellguard","https:\/\/www.diggerslist.com\/iwellguard\/about","https:\/\/skitterphoto.com\/photographers\/2870314\/iwell-guard","https:\/\/iwellguard.wordpress.com\/2026\/06\/06\/iwell-guard\/","https:\/\/hub.docker.com\/u\/iwellguard","https:\/\/www.pinterest.com\/iwellguard\/","https:\/\/bit.ly\/m\/iwellguard","https:\/\/entre-vos-mains.alsace.eu\/profiles\/iwellguard\/activity","https:\/\/gravatar.com\/reallybeded8fd34","https:\/\/naijamatta.com\/iwellguard","https:\/\/www.goodreads.com\/iwellguard","https:\/\/profile.hatena.ne.jp\/iwellguard\/","https:\/\/experiment.com\/users\/iwellguard","https:\/\/wakelet.com\/@iWellGuard82270","https:\/\/www.chordie.com\/forum\/profile.php?id=2555664","https:\/\/www.instapaper.com\/p\/17757966","https:\/\/www.mapleprimes.com\/users\/iwellguard","https:\/\/businesslistingplus.com\/profile\/iwell-guard\/","https:\/\/telegra.ph\/iWell-Guard-06-06","https:\/\/pbase.com\/iwellguard\/iwellguard","https:\/\/b.hatena.ne.jp\/iwellguard\/20260607#bookmark-4788405196491818882","https:\/\/fliphtml5.com\/home\/iwellguard","https:\/\/anyflip.com\/homepage\/cmiwl#About","https:\/\/transfur.com\/Users\/iwellguard","http:\/\/delphi.larsbo.org\/user\/iwellguard","https:\/\/jobs.lajobsportal.org\/profiles\/8380803-iwell-guard","https:\/\/md.chaosdorf.de\/s\/jfbe5SBdJD","https:\/\/www.lingvolive.com\/en-us\/profile\/9ecaeaca-ce11-4e51-9e71-01d55e2bff36\/translations","https:\/\/www.fitday.com\/fitness\/forums\/members\/iwellguard.html","https:\/\/www.mymeetbook.com\/iwellguard","https:\/\/pxhere.com\/en\/photographer-me\/5040798","https:\/\/disqus.com\/by\/iwellguard\/about\/","https:\/\/pastelink.net\/hjwciqwq","https:\/\/pubhtml5.com\/homepage\/scjhn\/","https:\/\/www.bitchute.com\/channel\/2O2eOKzNqujT","https:\/\/audiomack.com\/iwellguard"]},{"@type":"Person","@id":"https:\/\/iwell-guard.com\/is\/#\/schema\/person\/ee2a27f1cac3406c7c6fb5820cb7349f","name":"Ralf Ittermann","image":{"@type":"ImageObject","inLanguage":"is","@id":"https:\/\/secure.gravatar.com\/avatar\/073c0153e350a5005b68eb752b445fea71f6b24a26da9449ad7e155e6b446c9d?s=96&d=mm&r=g","url":"https:\/\/secure.gravatar.com\/avatar\/073c0153e350a5005b68eb752b445fea71f6b24a26da9449ad7e155e6b446c9d?s=96&d=mm&r=g","contentUrl":"https:\/\/secure.gravatar.com\/avatar\/073c0153e350a5005b68eb752b445fea71f6b24a26da9449ad7e155e6b446c9d?s=96&d=mm&r=g","caption":"Ralf Ittermann"},"givenName":"Ralf","familyName":"Ittermann","jobTitle":"Gesch\u00e4ftsf\u00fchrer und redaktioneller Verantwortlicher","url":"https:\/\/iwell-guard.com\/is\/author\/claude\/","description":"Ralf Ittermann ist Gesch\u00e4ftsf\u00fchrer der Ittermann electronic GmbH und redaktioneller Verantwortlicher des iWell-Guard-Lexikons. Er verbindet langj\u00e4hrige Erfahrung in der Pr\u00e4zisionsfertigung mit medialer Praxis und religionsgeschichtlicher Quellenarbeit.","worksFor":{"@type":"Organization","name":"Ittermann electronic GmbH","url":"https:\/\/ittermann.de\/","address":{"@type":"PostalAddress","streetAddress":"K\u00f6hlergasse 16-18","postalCode":"99842","addressLocality":"Ruhla","addressCountry":"DE"}},"knowsAbout":["Religionsgeschichte","Mythologie","Mediale Praxis","Energetische Diagnostik","Schutzpraxis","Volksglauben","Westliche Esoterik"]},{"@type":"Article","@id":"https:\/\/iwell-guard.com\/is\/sedna-sjavardrottning-inuita\/#article","isPartOf":{"@id":"https:\/\/iwell-guard.com\/is\/sedna-sjavardrottning-inuita\/"},"author":{"name":"Ralf Ittermann","@id":"https:\/\/iwell-guard.com\/is\/#\/schema\/person\/ee2a27f1cac3406c7c6fb5820cb7349f"},"headline":"Sedna &#8211; Sj\u00e1vardrottning In\u00fa\u00edta","datePublished":"2026-09-05T14:04:42+00:00","dateModified":"2026-09-05T14:29:25+00:00","mainEntityOfPage":{"@id":"https:\/\/iwell-guard.com\/is\/sedna-sjavardrottning-inuita\/"},"publisher":{"@id":"https:\/\/iwell-guard.com\/is\/#organization"},"image":{"@id":"https:\/\/iwell-guard.com\/is\/sedna-sjavardrottning-inuita\/#primaryimage"},"thumbnailUrl":"https:\/\/iwell-guard.com\/wp-content\/uploads\/2026\/05\/goetter_inuit_sedna-1.webp","inLanguage":"is","description":"Sedna er talin drottning sj\u00e1vard\u00fdra \u00ed go\u00f0afr\u00e6\u00f0i In\u00fa\u00edta. Tr\u00faarbrag\u00f0afr\u00e6\u00f0ileg \u00fattekt: go\u00f0s\u00f6gn, sjamanai\u00f0kun, heimildir."}]}},"_links":{"self":[{"href":"https:\/\/iwell-guard.com\/is\/wp-json\/wp\/v2\/pages\/168999","targetHints":{"allow":["GET"]}}],"collection":[{"href":"https:\/\/iwell-guard.com\/is\/wp-json\/wp\/v2\/pages"}],"about":[{"href":"https:\/\/iwell-guard.com\/is\/wp-json\/wp\/v2\/types\/page"}],"author":[{"embeddable":true,"href":"https:\/\/iwell-guard.com\/is\/wp-json\/wp\/v2\/users\/3"}],"replies":[{"embeddable":true,"href":"https:\/\/iwell-guard.com\/is\/wp-json\/wp\/v2\/comments?post=168999"}],"version-history":[{"count":0,"href":"https:\/\/iwell-guard.com\/is\/wp-json\/wp\/v2\/pages\/168999\/revisions"}],"wp:featuredmedia":[{"embeddable":true,"href":"https:\/\/iwell-guard.com\/is\/wp-json\/wp\/v2\/media\/2885"}],"wp:attachment":[{"href":"https:\/\/iwell-guard.com\/is\/wp-json\/wp\/v2\/media?parent=168999"}],"wp:term":[{"taxonomy":"category","embeddable":true,"href":"https:\/\/iwell-guard.com\/is\/wp-json\/wp\/v2\/categories?post=168999"}],"curies":[{"name":"wp","href":"https:\/\/api.w.org\/{rel}","templated":true}]}}