{"id":168998,"date":"2026-09-05T14:04:42","date_gmt":"2026-09-05T14:04:42","guid":{"rendered":"https:\/\/iwell-guard.com\/?page_id=168998"},"modified":"2026-09-05T14:29:24","modified_gmt":"2026-09-05T14:29:24","slug":"namarrkon-eldingamadur-kunwinjku","status":"publish","type":"page","link":"https:\/\/iwell-guard.com\/is\/namarrkon-eldingamadur-kunwinjku\/","title":{"rendered":"Namarrkon \u2013 eldingama\u00f0urinn Kunwinjku"},"content":{"rendered":"\t\t<div data-elementor-type=\"wp-page\" data-elementor-id=\"168998\" class=\"elementor elementor-168998 elementor-2653 elementor-bc-flex-widget\" data-elementor-post-type=\"page\">\n\t\t\t\t<div class=\"elementor-element elementor-element-iwgw-namarrkon-hero e-flex e-con-boxed e-con e-parent\" data-id=\"iwgw-namarrkon-hero\" data-element_type=\"container\" data-e-type=\"container\" data-settings=\"{&quot;background_background&quot;:&quot;classic&quot;}\">\n\t\t\t\t\t<div class=\"e-con-inner\">\n\t\t<div class=\"elementor-element elementor-element-iwgw-namarrkon-hl e-flex e-con-boxed e-con e-child\" data-id=\"iwgw-namarrkon-hl\" data-element_type=\"container\" data-e-type=\"container\">\n\t\t\t\t\t<div class=\"e-con-inner\">\n\t\t<div class=\"elementor-element elementor-element-iwgw-namarrkon-htxt e-con-full e-flex e-con e-child\" data-id=\"iwgw-namarrkon-htxt\" data-element_type=\"container\" data-e-type=\"container\">\n\t\t\t\t<div class=\"elementor-element elementor-element-iwgw-namarrkon-h1 elementor-widget elementor-widget-heading\" data-id=\"iwgw-namarrkon-h1\" data-element_type=\"widget\" data-e-type=\"widget\" data-widget_type=\"heading.default\">\n\t\t\t\t\t<h1 class=\"elementor-heading-title elementor-size-default\">Namarrkon, skapari eldinga og \u00ferumu \u00ed hef\u00f0 frumbyggja \u00ed Vestur-Arnhem-landi<\/h1>\t\t\t\t<\/div>\n\t\t\t\t<div class=\"elementor-element elementor-element-iwgw-namarrkon-lead elementor-widget elementor-widget-text-editor\" data-id=\"iwgw-namarrkon-lead\" data-element_type=\"widget\" data-e-type=\"widget\" data-widget_type=\"text-editor.default\">\n\t\t\t\t\t\t\t\t\t<p>Namarrkon er \u201eeldingama\u00f0urinn\u201c hj\u00e1 Kunwinjku og n\u00e1l\u00e6gum h\u00f3pum frumbyggja \u00ed Vestur-Arnhem-landi, Nor\u00f0ur-\u00c1stral\u00edu. Hann kallar fram mons\u00fan\u00ferumuve\u00f0ur regnt\u00edmans, h\u00f6ggvir tr\u00e9 me\u00f0 stein\u00f6xum s\u00ednum og er mi\u00f0l\u00e6g sk\u00f6punarvera \u00e1 sv\u00e6\u00f0inu.<\/p>\t\t\t\t\t\t\t\t<\/div>\n\t\t\t\t<\/div>\n\t\t<div class=\"elementor-element elementor-element-iwgw-namarrkon-pillc e-con-full e-flex e-con e-child\" data-id=\"iwgw-namarrkon-pillc\" data-element_type=\"container\" data-e-type=\"container\">\n\t\t\t\t<div class=\"elementor-element elementor-element-iwgw-namarrkon-pills elementor-widget elementor-widget-html\" data-id=\"iwgw-namarrkon-pills\" data-element_type=\"widget\" data-e-type=\"widget\" data-widget_type=\"html.default\">\n\t\t\t\t\t<div class=\"iwg-pill-row\"><span class=\"iwg-klasse-badge\" tabindex=\"0\" data-tooltip=\"Skapari \u00ed hef\u00f0 frumbyggja.\">Skapari<\/span><a href=\"https:\/\/iwell-guard.com\/is\/aboriginal-astralia-draumtid-tjukurpa-verndargripir\/\" class=\"iwg-kultur-badge\" tabindex=\"0\" data-tooltip=\"Go\u00f0afr\u00e6\u00f0i hef\u00f0ar frumbyggja.\">Frumbyggjar<\/a><span class=\"iwg-tradition-badge\" tabindex=\"0\" data-tooltip=\"Vera eldinga og \u00ferumu.\">Vera eldinga og \u00ferumu<\/span><\/div>\t\t\t\t<\/div>\n\t\t\t\t<\/div>\n\t\t<div class=\"elementor-element elementor-element-iwgw-namarrkon-tocc e-con-full e-flex e-con e-child\" data-id=\"iwgw-namarrkon-tocc\" data-element_type=\"container\" data-e-type=\"container\">\n\t\t\t\t<div class=\"elementor-element elementor-element-iwgw-namarrkon-toc elementor-toc--minimized-on-tablet elementor-widget elementor-widget-table-of-contents\" data-id=\"iwgw-namarrkon-toc\" data-element_type=\"widget\" data-e-type=\"widget\" data-settings=\"{&quot;headings_by_tags&quot;:[&quot;h2&quot;,&quot;h3&quot;],&quot;minimize_box&quot;:&quot;yes&quot;,&quot;marker_view&quot;:&quot;bullets&quot;,&quot;no_headings_message&quot;:&quot;Engar undirfyrirsagnir fundust \\u00e1 \\u00feessari s\\u00ed\\u00f0u.&quot;,&quot;exclude_headings_by_selector&quot;:[],&quot;icon&quot;:{&quot;value&quot;:&quot;fas fa-circle&quot;,&quot;library&quot;:&quot;fa-solid&quot;,&quot;rendered_tag&quot;:&quot;&lt;svg class=\\&quot;e-font-icon-svg e-fas-circle\\&quot; viewBox=\\&quot;0 0 512 512\\&quot; xmlns=\\&quot;http:\\\/\\\/www.w3.org\\\/2000\\\/svg\\&quot;&gt;&lt;path d=\\&quot;M256 8C119 8 8 119 8 256s111 248 248 248 248-111 248-248S393 8 256 8z\\&quot;&gt;&lt;\\\/path&gt;&lt;\\\/svg&gt;&quot;},&quot;minimized_on&quot;:&quot;tablet&quot;,&quot;hierarchical_view&quot;:&quot;yes&quot;,&quot;min_height&quot;:{&quot;unit&quot;:&quot;px&quot;,&quot;size&quot;:&quot;&quot;,&quot;sizes&quot;:[]},&quot;min_height_tablet&quot;:{&quot;unit&quot;:&quot;px&quot;,&quot;size&quot;:&quot;&quot;,&quot;sizes&quot;:[]},&quot;min_height_mobile&quot;:{&quot;unit&quot;:&quot;px&quot;,&quot;size&quot;:&quot;&quot;,&quot;sizes&quot;:[]}}\" data-widget_type=\"table-of-contents.default\">\n\t\t\t\t\t\t\t\t\t<div class=\"elementor-toc__header\">\n\t\t\t\t\t\t<h2 class=\"elementor-toc__header-title\">\n\t\t\t\tEfnisyfirlit\t\t\t<\/h2>\n\t\t\t\t\t\t\t\t\t\t<div class=\"elementor-toc__toggle-button elementor-toc__toggle-button--expand\" role=\"button\" tabindex=\"0\" aria-controls=\"elementor-toc__iwgw-namarrkon-toc\" aria-expanded=\"true\" aria-label=\"Open table of contents\"><svg aria-hidden=\"true\" class=\"e-font-icon-svg e-fas-chevron-down\" viewBox=\"0 0 448 512\" xmlns=\"http:\/\/www.w3.org\/2000\/svg\"><path d=\"M207.029 381.476L12.686 187.132c-9.373-9.373-9.373-24.569 0-33.941l22.667-22.667c9.357-9.357 24.522-9.375 33.901-.04L224 284.505l154.745-154.021c9.379-9.335 24.544-9.317 33.901.04l22.667 22.667c9.373 9.373 9.373 24.569 0 33.941L240.971 381.476c-9.373 9.372-24.569 9.372-33.942 0z\"><\/path><\/svg><\/div>\n\t\t\t\t<div class=\"elementor-toc__toggle-button elementor-toc__toggle-button--collapse\" role=\"button\" tabindex=\"0\" aria-controls=\"elementor-toc__iwgw-namarrkon-toc\" aria-expanded=\"true\" aria-label=\"Close table of contents\"><svg aria-hidden=\"true\" class=\"e-font-icon-svg e-fas-chevron-up\" viewBox=\"0 0 448 512\" xmlns=\"http:\/\/www.w3.org\/2000\/svg\"><path d=\"M240.971 130.524l194.343 194.343c9.373 9.373 9.373 24.569 0 33.941l-22.667 22.667c-9.357 9.357-24.522 9.375-33.901.04L224 227.495 69.255 381.516c-9.379 9.335-24.544 9.317-33.901-.04l-22.667-22.667c-9.373-9.373-9.373-24.569 0-33.941L207.03 130.525c9.372-9.373 24.568-9.373 33.941-.001z\"><\/path><\/svg><\/div>\n\t\t\t\t\t<\/div>\n\t\t\t\t<div id=\"elementor-toc__iwgw-namarrkon-toc\" class=\"elementor-toc__body\">\n\t\t\t<div class=\"elementor-toc__spinner-container\">\n\t\t\t\t<svg class=\"elementor-toc__spinner eicon-animation-spin e-font-icon-svg e-eicon-loading\" aria-hidden=\"true\" viewBox=\"0 0 1000 1000\" xmlns=\"http:\/\/www.w3.org\/2000\/svg\"><path d=\"M500 975V858C696 858 858 696 858 500S696 142 500 142 142 304 142 500H25C25 237 238 25 500 25S975 237 975 500 763 975 500 975Z\"><\/path><\/svg>\t\t\t<\/div>\n\t\t<\/div>\n\t\t\t\t\t\t<\/div>\n\t\t\t\t<\/div>\n\t\t\t\t\t<\/div>\n\t\t\t\t<\/div>\n\t\t<div class=\"elementor-element elementor-element-iwgw-namarrkon-hr e-con-full e-flex e-con e-child\" data-id=\"iwgw-namarrkon-hr\" data-element_type=\"container\" data-e-type=\"container\">\n\t\t\t\t<div class=\"elementor-element elementor-element-iwgw-namarrkon-heroimg iwg-hero-image elementor-widget elementor-widget-image\" data-id=\"iwgw-namarrkon-heroimg\" data-element_type=\"widget\" data-e-type=\"widget\" data-widget_type=\"image.default\">\n\t\t\t\t\t\t\t\t\t\t\t\t\t\t\t<img fetchpriority=\"high\" decoding=\"async\" width=\"683\" height=\"1024\" src=\"https:\/\/iwell-guard.com\/wp-content\/uploads\/2026\/05\/goetter_aboriginal_namarrkon-683x1024.webp\" class=\"attachment-large size-large wp-image-170783\" alt=\"Namarrkon - gu\u00f0ir \u00far hef\u00f0 frumbyggja \u00c1stral\u00edu (Aboriginal), s\u00f6guleg-myndskreytt\" srcset=\"https:\/\/iwell-guard.com\/wp-content\/uploads\/2026\/05\/goetter_aboriginal_namarrkon-683x1024.webp 683w, https:\/\/iwell-guard.com\/wp-content\/uploads\/2026\/05\/goetter_aboriginal_namarrkon-200x300.webp 200w, https:\/\/iwell-guard.com\/wp-content\/uploads\/2026\/05\/goetter_aboriginal_namarrkon-768x1152.webp 768w, https:\/\/iwell-guard.com\/wp-content\/uploads\/2026\/05\/goetter_aboriginal_namarrkon.webp 1024w\" sizes=\"(max-width: 683px) 100vw, 683px\" \/>\t\t\t\t\t\t\t\t\t\t\t\t\t\t\t<\/div>\n\t\t\t\t<\/div>\n\t\t\t\t\t<\/div>\n\t\t\t\t<\/div>\n\t\t\t\t<section class=\"elementor-section elementor-top-section elementor-element elementor-element-sec-iwgcomp2-namarrkon elementor-section-boxed elementor-section-height-default elementor-section-height-default\" data-id=\"sec-iwgcomp2-namarrkon\" data-element_type=\"section\" data-e-type=\"section\">\n\t\t\t\t\t\t<div class=\"elementor-container elementor-column-gap-default\">\n\t\t\t\t\t<div class=\"elementor-column elementor-col-100 elementor-top-column elementor-element elementor-element-col-iwgcomp2-namarrkon\" data-id=\"col-iwgcomp2-namarrkon\" data-element_type=\"column\" data-e-type=\"column\">\n\t\t\t<div class=\"elementor-widget-wrap elementor-element-populated\">\n\t\t\t\t\t\t<div class=\"elementor-element elementor-element-iwgcomp2-namarrkon elementor-widget elementor-widget-text-editor\" data-id=\"iwgcomp2-namarrkon\" data-element_type=\"widget\" data-e-type=\"widget\" data-widget_type=\"text-editor.default\">\n\t\t\t\t\t\t\t\t\t<p>Namarrkon, <strong>\u00ferumuskaparinn<\/strong> \u00ed hef\u00f0 frumbyggja \u00ed Vestur-Arnhem-landi, sl\u00e6r \u00ferumuna me\u00f0 stein\u00f6xum s\u00ednum.<\/p>\t\t\t\t\t\t\t\t<\/div>\n\t\t\t\t\t<\/div>\n\t\t<\/div>\n\t\t\t\t\t<\/div>\n\t\t<\/section>\n\t\t<div class=\"elementor-element elementor-element-iwgw-namarrkon-s0 e-flex e-con-boxed e-con e-parent\" data-id=\"iwgw-namarrkon-s0\" data-element_type=\"container\" data-e-type=\"container\">\n\t\t\t\t\t<div class=\"e-con-inner\">\n\t\t\t\t<div class=\"elementor-element elementor-element-iwgw-namarrkon-s0h elementor-widget elementor-widget-heading\" data-id=\"iwgw-namarrkon-s0h\" data-element_type=\"widget\" data-e-type=\"widget\" data-widget_type=\"heading.default\">\n\t\t\t\t\t<h2 class=\"elementor-heading-title elementor-size-default\">Greining og skammrit<\/h2>\t\t\t\t<\/div>\n\t\t<div class=\"elementor-element elementor-element-iwgw-namarrkon-s0c e-con-full e-flex e-con e-child\" data-id=\"iwgw-namarrkon-s0c\" data-element_type=\"container\" data-e-type=\"container\">\n\t\t\t\t<div class=\"elementor-element elementor-element-iwgw-namarrkon-s0t elementor-widget elementor-widget-text-editor\" data-id=\"iwgw-namarrkon-s0t\" data-element_type=\"widget\" data-e-type=\"widget\" data-widget_type=\"text-editor.default\">\n\t\t\t\t\t\t\t\t\t<p>Namarrkon (einnig <em>Namarrgon<\/em>, <em>Namarrgun<\/em>) er \u201eeldingama\u00f0urinn\u201c hj\u00e1 Kunwinjku og n\u00e1l\u00e6gum tungum\u00e1lah\u00f3pum frumbyggja \u00ed vesturhluta Arnhem-lands (Nor\u00f0urh\u00e9ra\u00f0inu). Hann er ein af a\u00f0alpers\u00f3num <span class=\"iwg-fachbegriff\" data-tooltip=\"Heildarsafn \u00feeirra sagna sem var\u00f0veist hafa um gu\u00f0i \u00ed tiltekinni menningu.\" tabindex=\"0\">go\u00f0afr\u00e6\u00f0i<\/span> Kunwinjku-f\u00f3lksins og jafnframt eitt algengasta myndefni\u00f0 \u00ed berglistinni \u00ed Kakadu-\u00fej\u00f3\u00f0gar\u00f0inum.<\/p><p>Innan <a href=\"https:\/\/iwell-guard.com\/is\/aboriginal-astralia-draumtid-tjukurpa-verndargripir\/\">hef\u00f0ar frumbyggja<\/a> er Namarrkon sk\u00f6punarvera mons\u00fanregnt\u00edmans; hann kallar fram \u00ferumuve\u00f0rin sem einkenna hi\u00f0 hitabeltismons\u00fanlega loftslag Nor\u00f0ur-\u00c1stral\u00edu. Tengsl hans vi\u00f0 <a href=\"https:\/\/iwell-guard.com\/is\/?page_id=168989\">regnbogasl\u00f6nguna (Rainbow Serpent)<\/a> eru n\u00e1in, en hlutverkin eru a\u00f0greind: me\u00f0an regnbogaslangan er almennt tengd vatni, er Namarrkon s\u00e9rh\u00e6f\u00f0ur \u00ed eldingum og \u00ferumum.<\/p><p>Fr\u00e1 sj\u00f3narh\u00f3li tr\u00faarbrag\u00f0afyrirb\u00e6rafr\u00e6\u00f0i telst Namarrkon til flokks \u201e\u00ferumugu\u00f0a\u201c, \u00fatbreiddrar gu\u00f0afj\u00f6lskyldu sem finnst \u00fevert \u00e1 tr\u00faarbr\u00f6g\u00f0, \u00fear \u00e1 me\u00f0al Indra (ved\u00edsk tr\u00fa), \u00de\u00f3r (germ\u00f6nsk tr\u00fa), Seif (\u00ed \u00ferumuhlutverki hans, gr\u00edsk tr\u00fa), Shango (yoruba) og Tlaloc (Mi\u00f0-Amer\u00edka).<\/p>\t\t\t\t\t\t\t\t<\/div>\n\t\t\t\t<\/div>\n\t\t\t\t\t<\/div>\n\t\t\t\t<\/div>\n\t\t<div class=\"elementor-element elementor-element-iwgw-namarrkon-s1 e-flex e-con-boxed e-con e-parent\" data-id=\"iwgw-namarrkon-s1\" data-element_type=\"container\" data-e-type=\"container\">\n\t\t\t\t\t<div class=\"e-con-inner\">\n\t\t\t\t<div class=\"elementor-element elementor-element-iwgw-namarrkon-s1h elementor-widget elementor-widget-heading\" data-id=\"iwgw-namarrkon-s1h\" data-element_type=\"widget\" data-e-type=\"widget\" data-widget_type=\"heading.default\">\n\t\t\t\t\t<h2 class=\"elementor-heading-title elementor-size-default\">Nafn og or\u00f0sifjar<\/h2>\t\t\t\t<\/div>\n\t\t<div class=\"elementor-element elementor-element-iwgw-namarrkon-s1c e-con-full e-flex e-con e-child\" data-id=\"iwgw-namarrkon-s1c\" data-element_type=\"container\" data-e-type=\"container\">\n\t\t\t\t<div class=\"elementor-element elementor-element-iwgw-namarrkon-s1t elementor-widget elementor-widget-text-editor\" data-id=\"iwgw-namarrkon-s1t\" data-element_type=\"widget\" data-e-type=\"widget\" data-widget_type=\"text-editor.default\">\n\t\t\t\t\t\t\t\t\t<p>Nafni\u00f0 <em>Namarrkon<\/em> er samsett or\u00f0 \u00ed Kunwinjku-m\u00e1li: <em>namarr-<\/em> er forskeyttur stofn sem v\u00edsar til \u201elj\u00f3sglampa\u201c e\u00f0a \u201erafhla\u00f0innar \u00fatr\u00e1sar\u201c, me\u00f0 pers\u00f3nuvi\u00f0skeytinu <em>-kon<\/em>. Or\u00f0i\u00f0 \u00fe\u00fd\u00f0ir \u00fev\u00ed b\u00f3kstaflega eitthva\u00f0 eins og \u201eeldingama\u00f0urinn\u201c e\u00f0a \u201es\u00e1 sem bringar eldingar\u201c.<\/p><p>\u00cd n\u00e1l\u00e6gum m\u00e1lum kallast hann \u00f6\u00f0rum n\u00f6fnum: <em>Namarrgun<\/em> \u00ed hinu sta\u00f0la\u00f0a Kunwinjku-m\u00e1li, <em>Wagilag-Namarrkon<\/em> \u00ed sumum Yolngu-tengdum hef\u00f0um, <em>Walarringgu<\/em> \u00ed Rembarrnga-hef\u00f0inni. \u00deessi fj\u00f6lbreytni s\u00fdnir hina sta\u00f0bundnu s\u00e9rh\u00e6fingu tr\u00faarbrag\u00f0a frumbyggja.<\/p><p>Howard Morphy hefur \u00ed <em>Aboriginal Art<\/em> (1998) l\u00fdst kerfisbundi\u00f0 sv\u00e6\u00f0isbundnum tilbrig\u00f0um Namarrkon-fl\u00f3kans. M\u00e1l- og myndhef\u00f0 hans er eitt besta d\u00e6mi\u00f0 um n\u00e1in tengsl m\u00e1lv\u00edsinda og tr\u00faarbrag\u00f0a\u00fej\u00f3\u00f0fr\u00e6\u00f0i.<\/p>\t\t\t\t\t\t\t\t<\/div>\n\t\t\t\t<\/div>\n\t\t\t\t\t<\/div>\n\t\t\t\t<\/div>\n\t\t<div class=\"elementor-element elementor-element-iwgw-namarrkon-s2 e-flex e-con-boxed e-con e-parent\" data-id=\"iwgw-namarrkon-s2\" data-element_type=\"container\" data-e-type=\"container\">\n\t\t\t\t\t<div class=\"e-con-inner\">\n\t\t\t\t<div class=\"elementor-element elementor-element-iwgw-namarrkon-s2h elementor-widget elementor-widget-heading\" data-id=\"iwgw-namarrkon-s2h\" data-element_type=\"widget\" data-e-type=\"widget\" data-widget_type=\"heading.default\">\n\t\t\t\t\t<h2 class=\"elementor-heading-title elementor-size-default\">L\u00fdsing og myndm\u00e1l<\/h2>\t\t\t\t<\/div>\n\t\t<div class=\"elementor-element elementor-element-iwgw-namarrkon-s2c e-con-full e-flex e-con e-child\" data-id=\"iwgw-namarrkon-s2c\" data-element_type=\"container\" data-e-type=\"container\">\n\t\t\t\t<div class=\"elementor-element elementor-element-iwgw-namarrkon-s2t elementor-widget elementor-widget-text-editor\" data-id=\"iwgw-namarrkon-s2t\" data-element_type=\"widget\" data-e-type=\"widget\" data-widget_type=\"text-editor.default\">\n\t\t\t\t\t\t\t\t\t<p>Namarrkon er l\u00fdst \u00ed Kunwinjku-hef\u00f0inni sem kraftmiklum manni umkringdum eldingum. \u00c1 berglistarmyndum er hann oftast s\u00fdndur \u00ed \u201er\u00f6ntgenst\u00edl\u201c (X-ray style): me\u00f0 s\u00fdnileg innri l\u00edff\u00e6ri, umkringdur eldingabogum, me\u00f0 stein\u00f6xum \u00ed hnj\u00e1m, olnbogum og \u00f6klum. \u00deessar stein\u00f6xur skapa \u00ferumuna.<\/p><p>\u201eR\u00f6ntgenst\u00edllinn\u201c er einkennandi fyrir berglistarhef\u00f0 Kunwinjku og telst vera eitt af s\u00ed\u00f0ustu st\u00edlformunum sem \u00fer\u00f3a\u00f0ist a\u00f0 \u00f6llum l\u00edkindum \u00e1 s\u00ed\u00f0ustu 2000 til 4000 \u00e1rum. Charles P. Mountford l\u00fdsti honum kerfisbundi\u00f0 fyrst \u00ed <em>Records of the American-Australian Scientific Expedition<\/em> (1956).<\/p><p>\u00cd samt\u00edmahef\u00f0 bark-m\u00e1lverka \u00e1 Maningrida- og Gunbalanya-sv\u00e6\u00f0inu er Namarrkon \u00e1fram s\u00fdndur \u00ed \u201er\u00f6ntgenst\u00edl\u201c. Listamenn eins og Bardayal \u201eLofty\u201c Nadjamerrek, Spider Namirrkki og John Mawurndjul hafa skapa\u00f0 \u00feekkt verk af Namarrkon sem sj\u00e1 m\u00e1 \u00e1 m\u00f6rgum s\u00f6fnum um allan heim.<\/p>\t\t\t\t\t\t\t\t<\/div>\n\t\t\t\t<\/div>\n\t\t\t\t\t<\/div>\n\t\t\t\t<\/div>\n\t\t<div class=\"elementor-element elementor-element-iwgw-namarrkon-s3 e-flex e-con-boxed e-con e-parent\" data-id=\"iwgw-namarrkon-s3\" data-element_type=\"container\" data-e-type=\"container\">\n\t\t\t\t\t<div class=\"e-con-inner\">\n\t\t\t\t<div class=\"elementor-element elementor-element-iwgw-namarrkon-s3h elementor-widget elementor-widget-heading\" data-id=\"iwgw-namarrkon-s3h\" data-element_type=\"widget\" data-e-type=\"widget\" data-widget_type=\"heading.default\">\n\t\t\t\t\t<h2 class=\"elementor-heading-title elementor-size-default\">Go\u00f0sagnakenndar fr\u00e1sagnir<\/h2>\t\t\t\t<\/div>\n\t\t<div class=\"elementor-element elementor-element-iwgw-namarrkon-s3c e-con-full e-flex e-con e-child\" data-id=\"iwgw-namarrkon-s3c\" data-element_type=\"container\" data-e-type=\"container\">\n\t\t\t\t<div class=\"elementor-element elementor-element-iwgw-namarrkon-s3t elementor-widget elementor-widget-text-editor\" data-id=\"iwgw-namarrkon-s3t\" data-element_type=\"widget\" data-e-type=\"widget\" data-widget_type=\"text-editor.default\">\n\t\t\t\t\t\t\t\t\t<p>Meginfr\u00e1s\u00f6gnin um Namarrkon l\u00fdsir hlutverki hans \u00ed komu regnt\u00edmans: \u00e1 \u00feurrkat\u00edmanum hv\u00edlir Namarrkon \u00ed heil\u00f6gu vatnsholi vi\u00f0 Lightning Dreaming Country (austur af Gunbalanya).<\/p><p>\u00deegar regnt\u00edminn hefst vaknar hann, st\u00edgur upp til himins og kallar fram mons\u00fan\u00ferumuve\u00f0rin. Eldingarnar eru h\u00f6gg steinaxa hans; \u00feruman er hlj\u00f3mur \u00feeirra.<\/p><p>\u00d6nnur fr\u00e1s\u00f6gn segir fr\u00e1 \u00fev\u00ed hvernig Namarrkon skapa\u00f0i fyrstu stein\u00f6xurnar og festi \u00fe\u00e6r \u00e1 l\u00edkama sinn. \u00deessi sk\u00f6punarsaga tengir hlutverk hans (eldingabringjandann) vi\u00f0 steinaxart\u00e6kni Kunwinjku-f\u00f3lksins, sem \u00e1 s\u00e9r fornleifafr\u00e6\u00f0ilegar r\u00e6tur langt aftur \u00ed fyrndina.<\/p><p>\u00deri\u00f0ja fr\u00e1s\u00f6gnin l\u00fdsir \u00e1t\u00f6kum Namarrkons vi\u00f0 illa veru sem vill hindra komu regnsins. Namarrkon vinnur me\u00f0 \u00fev\u00ed a\u00f0 kasta stein\u00f6xum s\u00ednum, <span class=\"iwg-fachbegriff\" data-tooltip=\"Var\u00f0veitt saga um gu\u00f0i, uppruna og skipan heimsins.\" tabindex=\"0\">go\u00f0s\u00f6gn<\/span> sem \u00fatsk\u00fdrir \u00e1rlega endurkomu regnt\u00edmans.<\/p>\t\t\t\t\t\t\t\t<\/div>\n\t\t\t\t<\/div>\n\t\t\t\t\t<\/div>\n\t\t\t\t<\/div>\n\t\t<div class=\"elementor-element elementor-element-iwgw-namarrkon-s4 e-flex e-con-boxed e-con e-parent\" data-id=\"iwgw-namarrkon-s4\" data-element_type=\"container\" data-e-type=\"container\">\n\t\t\t\t\t<div class=\"e-con-inner\">\n\t\t\t\t<div class=\"elementor-element elementor-element-iwgw-namarrkon-s4h elementor-widget elementor-widget-heading\" data-id=\"iwgw-namarrkon-s4h\" data-element_type=\"widget\" data-e-type=\"widget\" data-widget_type=\"heading.default\">\n\t\t\t\t\t<h2 class=\"elementor-heading-title elementor-size-default\">D\u00fdrkun og tilbei\u00f0sla<\/h2>\t\t\t\t<\/div>\n\t\t<div class=\"elementor-element elementor-element-iwgw-namarrkon-s4c e-con-full e-flex e-con e-child\" data-id=\"iwgw-namarrkon-s4c\" data-element_type=\"container\" data-e-type=\"container\">\n\t\t\t\t<div class=\"elementor-element elementor-element-iwgw-namarrkon-s4t elementor-widget elementor-widget-text-editor\" data-id=\"iwgw-namarrkon-s4t\" data-element_type=\"widget\" data-e-type=\"widget\" data-widget_type=\"text-editor.default\">\n\t\t\t\t\t\t\t\t\t<p>Namarrkon hefur \u00ed Kunwinjku-hef\u00f0inni engan sj\u00e1lfst\u00e6\u00f0an <span class=\"iwg-fachbegriff\" data-tooltip=\"Heildarsafn tr\u00faarlegra tilbei\u00f0sluathafna fyrir gu\u00f0 e\u00f0a heilaga veru.\" tabindex=\"0\">d\u00fdrkun<\/span>, en er hluti af nokkrum v\u00edgslu- og \u00e1rst\u00ed\u00f0arbundnum ath\u00f6fnum. \u00c1\u00f0ur en regnt\u00edmabili\u00f0 hefst er honum \u201ebo\u00f0i\u00f0\u201c af \u00e6ttb\u00e1lka\u00f6ldungunum; \u00e1kve\u00f0in heil\u00f6g vatnsholur \u00e1 landi hans eru s\u00f3tt og hl\u00fa\u00f0 a\u00f0 me\u00f0 <span class=\"iwg-fachbegriff\" data-tooltip=\"Tilheyrandi f\u00f6stum, tr\u00faarlegum ath\u00f6fnum.\" tabindex=\"0\">helgisi\u00f0abundnum<\/span> h\u00e6tti.<\/p><p>\u00c1 me\u00f0an regnt\u00edmabilinu sj\u00e1lfu er \u00e1kve\u00f0inna banna g\u00e6tt: h\u00e1va\u00f0i, hv\u00edslur og a\u00f0 snerta \u00e1kve\u00f0in tr\u00e9n geta \u201e\u00f3n\u00e1\u00f0a\u00f0 Namarrkon\u201c. \u00deessar reglur hafa greinilegan vistfr\u00e6\u00f0ilegan bakgrunn: var\u00fa\u00f0 gagnvart eldingum \u00ed \u00ferumuve\u00f0ri.<\/p><p>\u00cd samt\u00edma Kunwinjku-hef\u00f0 er Namarrkon einna helst lifandi \u00ed gegnum bark-m\u00e1lverkahef\u00f0ina. \u00c1rlegar \u201eManingrida-h\u00e1t\u00ed\u00f0ir\u201c og a\u00f0rir listvi\u00f0bur\u00f0ir frumbyggja bera myndir af Namarrkon fram \u00e1 al\u00fej\u00f3\u00f0legan vettvang.<\/p>\t\t\t\t\t\t\t\t<\/div>\n\t\t\t\t<\/div>\n\t\t\t\t\t<\/div>\n\t\t\t\t<\/div>\n\t\t<div class=\"elementor-element elementor-element-iwgw-namarrkon-s5 e-flex e-con-boxed e-con e-parent\" data-id=\"iwgw-namarrkon-s5\" data-element_type=\"container\" data-e-type=\"container\">\n\t\t\t\t\t<div class=\"e-con-inner\">\n\t\t\t\t<div class=\"elementor-element elementor-element-iwgw-namarrkon-s5h elementor-widget elementor-widget-heading\" data-id=\"iwgw-namarrkon-s5h\" data-element_type=\"widget\" data-e-type=\"widget\" data-widget_type=\"heading.default\">\n\t\t\t\t\t<h2 class=\"elementor-heading-title elementor-size-default\">Verndara\u00f0ger\u00f0ir og fr\u00e1hrindandi t\u00e1kn<\/h2>\t\t\t\t<\/div>\n\t\t<div class=\"elementor-element elementor-element-iwgw-namarrkon-s5c e-con-full e-flex e-con e-child\" data-id=\"iwgw-namarrkon-s5c\" data-element_type=\"container\" data-e-type=\"container\">\n\t\t\t\t<div class=\"elementor-element elementor-element-iwgw-namarrkon-s5t elementor-widget elementor-widget-text-editor\" data-id=\"iwgw-namarrkon-s5t\" data-element_type=\"widget\" data-e-type=\"widget\" data-widget_type=\"text-editor.default\">\n\t\t\t\t\t\t\t\t\t<p>Tr\u00faarfr\u00e6\u00f0ilega l\u00fdst: Andst\u00e6\u00f0ar (apotropaic) athafnir \u00ed Namarrkon-samhenginu mi\u00f0a a\u00f0 \u00fev\u00ed a\u00f0 for\u00f0ast eldingatj\u00f3n \u00e1 regnt\u00edmanum (Wet Season). Banna\u00f0 er: a\u00f0 tala h\u00e1tt \u00ed \u00ferumuve\u00f0ri, a\u00f0 standa undir st\u00f6kum trj\u00e1m, a\u00f0 synda \u00ed opnu vatni me\u00f0an \u00e1 \u00ferumuve\u00f0ri stendur.<\/p><p>S\u00e9rst\u00f6k varnarath\u00f6fn er a\u00f0 for\u00f0ast \u00e1kve\u00f0na hellamyndasta\u00f0i \u00e1 regnt\u00edmanum; menn koma ekki n\u00e1l\u00e6gt hellamyndum Namarrkons \u00feegar hann er \u201evirkur\u201c. \u00deessi regla er hluti af v\u00ed\u00f0t\u00e6kari hef\u00f0 frumbyggja (Aboriginal) a\u00f0 fara mismunandi me\u00f0 helga sta\u00f0i eftir \u00e1rst\u00ed\u00f0.<\/p><p>Fr\u00e1 sj\u00f3narh\u00f3li \u00fej\u00f3\u00f0fr\u00e6\u00f0ilegrar utana\u00f0komandi greiningar eru \u00feessar athafnir reglur sem skipuleggja daglegt l\u00edf og tengja saman vistfr\u00e6\u00f0ilega var\u00fa\u00f0 (eldingav\u00f6rn) og tr\u00faarlega i\u00f0kun. Tr\u00faarbrag\u00f0afyrirb\u00e6rafr\u00e6\u00f0ilega er \u00feetta klass\u00edskt d\u00e6mi um \u201evistfr\u00e6\u00f0ilegt hlutverk\u201c hef\u00f0bundinna tab\u00faa.<\/p>\t\t\t\t\t\t\t\t<\/div>\n\t\t\t\t<\/div>\n\t\t\t\t\t<\/div>\n\t\t\t\t<\/div>\n\t\t<div class=\"elementor-element elementor-element-iwgw-namarrkon-s6 e-flex e-con-boxed e-con e-parent\" data-id=\"iwgw-namarrkon-s6\" data-element_type=\"container\" data-e-type=\"container\">\n\t\t\t\t\t<div class=\"e-con-inner\">\n\t\t\t\t<div class=\"elementor-element elementor-element-iwgw-namarrkon-s6h elementor-widget elementor-widget-heading\" data-id=\"iwgw-namarrkon-s6h\" data-element_type=\"widget\" data-e-type=\"widget\" data-widget_type=\"heading.default\">\n\t\t\t\t\t<h2 class=\"elementor-heading-title elementor-size-default\">Hli\u00f0st\u00e6\u00f0ur \u00ed \u00f6\u00f0rum menningarheimum<\/h2>\t\t\t\t<\/div>\n\t\t<div class=\"elementor-element elementor-element-iwgw-namarrkon-s6c e-con-full e-flex e-con e-child\" data-id=\"iwgw-namarrkon-s6c\" data-element_type=\"container\" data-e-type=\"container\">\n\t\t\t\t<div class=\"elementor-element elementor-element-iwgw-namarrkon-s6t elementor-widget elementor-widget-text-editor\" data-id=\"iwgw-namarrkon-s6t\" data-element_type=\"widget\" data-e-type=\"widget\" data-widget_type=\"text-editor.default\">\n\t\t\t\t\t\t\t\t\t<p>\u00derumugu\u00f0ir eru tr\u00faarbrag\u00f0afyrirb\u00e6rafr\u00e6\u00f0ilega vel skjalfestir um allan heim. Byggingarlega samb\u00e6rilegir eru: Indra (ved\u00edsk tr\u00fa), \u00de\u00f3r (germ\u00f6nsk tr\u00fa), Seifur \u00ed \u00ferumuhlutverki s\u00ednu (gr\u00edsk tr\u00fa), J\u00fap\u00edter Tonans (r\u00f3mversk tr\u00fa), Shango (yoruba), Tlaloc (mes\u00f3amer\u00edska), Raijin (jap\u00f6nsk tr\u00fa). \u00cd S\u00edber\u00edu er <a href=\"https:\/\/iwell-guard.com\/is\/?page_id=168984\">Khormusta<\/a> \u00ed vajra-hlutverki s\u00ednu greinifr\u00e6\u00f0ilega tengdur.<\/p><p>Hin tr\u00faarbrag\u00f0afyrirb\u00e6rafr\u00e6\u00f0ilega kjarnahugmynd \u00ferumugu\u00f0anna er tv\u00f6falt hlutverk \u00feeirra: \u00deeir f\u00e6ra l\u00edfgefandi regn og samt\u00edmis banv\u00e6na eldingu. Namarrkon er h\u00e9r klass\u00edskt d\u00e6mi; Kunwinjku-hef\u00f0in endurspeglar \u00feennan tv\u00ede\u00f0lis\u00fe\u00e1tt me\u00f0 sk\u00fdrum h\u00e6tti.<\/p><p>Tengsl Namarrkons vi\u00f0 mons\u00fan-regnt\u00edmann eru tr\u00faars\u00f6guleg s\u00e9rst\u00f6k: \u00deau gera hann a\u00f0 \u00edmynd nor\u00f0ur\u00e1stralska hitabeltisve\u00f0urfarshringsins. \u00cd su\u00f0l\u00e6gari hef\u00f0um frumbyggja \u00ed \u00c1stral\u00edu skortir \u00feessa s\u00e9rh\u00e6fingu; \u00fear eru \u00ferumugu\u00f0irnir minna \u00e1berandi.<\/p>\t\t\t\t\t\t\t\t<\/div>\n\t\t\t\t<\/div>\n\t\t\t\t\t<\/div>\n\t\t\t\t<\/div>\n\t\t<div class=\"elementor-element elementor-element-iwgw-namarrkon-s7 e-flex e-con-boxed e-con e-parent\" data-id=\"iwgw-namarrkon-s7\" data-element_type=\"container\" data-e-type=\"container\">\n\t\t\t\t\t<div class=\"e-con-inner\">\n\t\t\t\t<div class=\"elementor-element elementor-element-iwgw-namarrkon-s7h elementor-widget elementor-widget-heading\" data-id=\"iwgw-namarrkon-s7h\" data-element_type=\"widget\" data-e-type=\"widget\" data-widget_type=\"heading.default\">\n\t\t\t\t\t<h2 class=\"elementor-heading-title elementor-size-default\">N\u00fat\u00edmavi\u00f0t\u00f6kur og ranns\u00f3knir<\/h2>\t\t\t\t<\/div>\n\t\t<div class=\"elementor-element elementor-element-iwgw-namarrkon-s7c e-con-full e-flex e-con e-child\" data-id=\"iwgw-namarrkon-s7c\" data-element_type=\"container\" data-e-type=\"container\">\n\t\t\t\t<div class=\"elementor-element elementor-element-iwgw-namarrkon-s7t elementor-widget elementor-widget-text-editor\" data-id=\"iwgw-namarrkon-s7t\" data-element_type=\"widget\" data-e-type=\"widget\" data-widget_type=\"text-editor.default\">\n\t\t\t\t\t\t\t\t\t<p><span data-nosnippet>Mikilv\u00e6gasta frumheimildin er Charles P. Mountford, <em>Records of the American-Australian Scientific Expedition to Arnhem Land<\/em> (1956), bindi 1 (Art, Myth and Symbolism). \u00deessi umfangsmikla skr\u00e1ning inniheldur miki\u00f0 efni sem tengist Namarrkon.<\/span><\/p><p>Howard Morphy, <em>Aboriginal Art<\/em> (Phaidon 1998), og Luke Taylor, <em>Seeing the Inside<\/em> (1996), eru mikilv\u00e6gustu samt\u00edmalegu listfr\u00e6\u00f0ilegu ranns\u00f3knirnar \u00e1 Namarrkon-hef\u00f0inni. B\u00e6\u00f0i verkin tengja hellamyndaefni vi\u00f0 n\u00fat\u00edma b\u00f6rkum\u00e1lun (bark painting).<\/p><p>George Chaloupka, <em>Journey in Time<\/em> (1993), er mikilv\u00e6gasta ranns\u00f3knin \u00e1 hellamyndunum \u00ed Kakadu, \u00fear sem Namarrkon kemur mj\u00f6g fram. T\u00edmarammi Chaloupka fyrir hellamyndast\u00edla er \u00ed dag vi\u00f0mi\u00f0.<\/p>\t\t\t\t\t\t\t\t<\/div>\n\t\t\t\t<\/div>\n\t\t\t\t\t<\/div>\n\t\t\t\t<\/div>\n\t\t<div class=\"elementor-element elementor-element-iwgw-namarrkon-s8 e-flex e-con-boxed e-con e-parent\" data-id=\"iwgw-namarrkon-s8\" data-element_type=\"container\" data-e-type=\"container\">\n\t\t\t\t\t<div class=\"e-con-inner\">\n\t\t\t\t<div class=\"elementor-element elementor-element-iwgw-namarrkon-s8h elementor-widget elementor-widget-heading\" data-id=\"iwgw-namarrkon-s8h\" data-element_type=\"widget\" data-e-type=\"widget\" data-widget_type=\"heading.default\">\n\t\t\t\t\t<h2 class=\"elementor-heading-title elementor-size-default\">Ranns\u00f3knarumr\u00e6\u00f0ur og opnar spurningar<\/h2>\t\t\t\t<\/div>\n\t\t<div class=\"elementor-element elementor-element-iwgw-namarrkon-s8c e-con-full e-flex e-con e-child\" data-id=\"iwgw-namarrkon-s8c\" data-element_type=\"container\" data-e-type=\"container\">\n\t\t\t\t<div class=\"elementor-element elementor-element-iwgw-namarrkon-s8t elementor-widget elementor-widget-text-editor\" data-id=\"iwgw-namarrkon-s8t\" data-element_type=\"widget\" data-e-type=\"widget\" data-widget_type=\"text-editor.default\">\n\t\t\t\t\t\t\t\t\t<p><span data-nosnippet>Nokkrar fr\u00e6\u00f0ilegar deilur sn\u00faast um Namarrkon. Fyrst: Hversu g\u00f6mul er hugmyndin um Namarrkon? \u201eX-ray style\u201c-hellamyndirnir eru tilt\u00f6lulega ungir (kannski 2000 til 4000 \u00e1ra); eldri hellamyndast\u00edlar s\u00fdna eldingarl\u00edk verur sem eru greinifr\u00e6\u00f0ilega tengdar en ekki nau\u00f0synlega s\u00f6mu.<\/span><\/p><p>\u00cd \u00f6\u00f0ru lagi: Hvernig er samband Namarrkons vi\u00f0 regnbogasl\u00f6nguna (Rainbow Serpent)? \u00cd sumum fr\u00e1s\u00f6gnum eru \u00feau tengd (Namarrkon sem \u201eeldinga-slanga\u201c); \u00ed \u00f6\u00f0rum eru \u00feau greinilega a\u00f0skildar verur. Sambandi\u00f0 er mismunandi eftir sv\u00e6\u00f0um.<\/p><p>\u00cd \u00feri\u00f0ja lagi: Hvernig breytist Namarrkon-hef\u00f0in vegna loftslagsbreytinga? Mons\u00fan-regnt\u00edminn \u00ed Nor\u00f0ur-\u00c1stral\u00edu ver\u00f0ur s\u00edfellt fyrir fr\u00e1vikum, sem hefur \u00e1hrif \u00e1 tr\u00faarlega \u00fe\u00fd\u00f0ingu Namarrkons. Frumbyggjagagnr\u00fdni \u00e1 loftslagsm\u00e1l tekur \u00feennan \u00fe\u00e1tt \u00ed s\u00edfellt meiri m\u00e6li til umfj\u00f6llunar.<\/p>\t\t\t\t\t\t\t\t<\/div>\n\t\t\t\t<\/div>\n\t\t\t\t\t<\/div>\n\t\t\t\t<\/div>\n\t\t<div class=\"elementor-element elementor-element-iwgw-namarrkon-s9 e-flex e-con-boxed e-con e-parent\" data-id=\"iwgw-namarrkon-s9\" data-element_type=\"container\" data-e-type=\"container\">\n\t\t\t\t\t<div class=\"e-con-inner\">\n\t\t\t\t<div class=\"elementor-element elementor-element-iwgw-namarrkon-s9h elementor-widget elementor-widget-heading\" data-id=\"iwgw-namarrkon-s9h\" data-element_type=\"widget\" data-e-type=\"widget\" data-widget_type=\"heading.default\">\n\t\t\t\t\t<h2 class=\"elementor-heading-title elementor-size-default\">Namarrkon og hellamyndasamst\u00e6\u00f0an \u00ed Kakadu<\/h2>\t\t\t\t<\/div>\n\t\t<div class=\"elementor-element elementor-element-iwgw-namarrkon-s9c e-con-full e-flex e-con e-child\" data-id=\"iwgw-namarrkon-s9c\" data-element_type=\"container\" data-e-type=\"container\">\n\t\t\t\t<div class=\"elementor-element elementor-element-iwgw-namarrkon-s9t elementor-widget elementor-widget-text-editor\" data-id=\"iwgw-namarrkon-s9t\" data-element_type=\"widget\" data-e-type=\"widget\" data-widget_type=\"text-editor.default\">\n\t\t\t\t\t\t\t\t\t<p><span data-nosnippet>Sta\u00f0a Namarrkons \u00ed hellamyndasamst\u00e6\u00f0unni \u00ed Kakadu er ver\u00f0ug frekari umfj\u00f6llunar. Kakadu-\u00fej\u00f3\u00f0gar\u00f0urinn, \u00e1 heimsminjaskr\u00e1 UNESCO fr\u00e1 1981, hefur \u00fe\u00fasundir hellamynda, \u00fear sem nokkur hundru\u00f0 eru Namarrkon-myndir. \u00deessi \u00fe\u00e9ttleiki gerir Kakadu a\u00f0 mikilv\u00e6gasta myndaskjalasafni Namarrkon-hef\u00f0arinnar.<\/span><\/p><p>George Chaloupka setti fram umfangsmikla ranns\u00f3kn \u00e1 hellamyndahef\u00f0 Kakadu \u00ed <em>Journey in Time<\/em> (1993). \u00deetta sta\u00f0alverk telst \u00ed dag mikilv\u00e6gasta vi\u00f0mi\u00f0unarriti\u00f0; \u00fea\u00f0 inniheldur n\u00e1kv\u00e6mar l\u00fdsingar og t\u00edmasetningar Namarrkon-mynda fr\u00e1 m\u00f6rgum \u00e1r\u00fe\u00fasundum.<\/p><p>S\u00e9rstaklega \u00e1hugavert v\u00edsindalega: Hellamyndirnar eru enn vi\u00f0haldnar af hinum hef\u00f0bundnu eigendum (n\u00faverandi Kunwinjku-samf\u00e9l\u00f6gum); nokkrar eru <span class=\"iwg-fachbegriff\" data-tooltip=\"\u00dea\u00f0 sem tilheyrir fastm\u00f3tu\u00f0u tr\u00faarlegu athafnaferli.\" tabindex=\"0\">helgisi\u00f0alega<\/span> \u201eendurn\u00fdja\u00f0ar\u201c (yfirm\u00e1la\u00f0ar). \u00deetta vi\u00f0hald er hluti af lifandi Namarrkon-hef\u00f0, ekki bara fornleifafr\u00e6\u00f0ileg var\u00f0veisla.<\/p>\t\t\t\t\t\t\t\t<\/div>\n\t\t\t\t<\/div>\n\t\t\t\t\t<\/div>\n\t\t\t\t<\/div>\n\t\t<div class=\"elementor-element elementor-element-iwgw-namarrkon-s10 e-flex e-con-boxed e-con e-parent\" data-id=\"iwgw-namarrkon-s10\" data-element_type=\"container\" data-e-type=\"container\">\n\t\t\t\t\t<div class=\"e-con-inner\">\n\t\t\t\t<div class=\"elementor-element elementor-element-iwgw-namarrkon-s10h elementor-widget elementor-widget-heading\" data-id=\"iwgw-namarrkon-s10h\" data-element_type=\"widget\" data-e-type=\"widget\" data-widget_type=\"heading.default\">\n\t\t\t\t\t<h2 class=\"elementor-heading-title elementor-size-default\">Namarrkon \u00ed samt\u00edmalegri b\u00f6rkum\u00e1lun<\/h2>\t\t\t\t<\/div>\n\t\t<div class=\"elementor-element elementor-element-iwgw-namarrkon-s10c e-con-full e-flex e-con e-child\" data-id=\"iwgw-namarrkon-s10c\" data-element_type=\"container\" data-e-type=\"container\">\n\t\t\t\t<div class=\"elementor-element elementor-element-iwgw-namarrkon-s10t elementor-widget elementor-widget-text-editor\" data-id=\"iwgw-namarrkon-s10t\" data-element_type=\"widget\" data-e-type=\"widget\" data-widget_type=\"text-editor.default\">\n\t\t\t\t\t\t\t\t\t<p><span data-nosnippet>B\u00f6rkum\u00e1lunarhef\u00f0in (bark painting) \u00e1 Kunwinjku-sv\u00e6\u00f0inu hefur vaki\u00f0 al\u00fej\u00f3\u00f0lega athygli fr\u00e1 1950. Namarrkon er eitt algengasta myndefni\u00f0 \u00ed \u00feessari hef\u00f0. \u00deekktir listamenn eins og Bardayal \u201eLofty\u201c Nadjamerrek (1926, 2009), Spider Namirrkki og John Mawurndjul hafa skapa\u00f0 \u00feekkt Namarrkon-verk.<\/span><\/p><p>Howard Morphy hefur \u00ed m\u00f6rgum greinum s\u00fdnt hvernig umbreytingin fr\u00e1 helgisi\u00f0alegri hellam\u00e1lun til marka\u00f0sh\u00e6frar b\u00f6rkum\u00e1lunar hefur breytt tr\u00faarlegu hlutverki \u00e1n \u00feess a\u00f0 r\u00fdra hef\u00f0ina. Verkin eru \u00ed dag s\u00fdnd \u00ed m\u00f6rgum st\u00f3rum s\u00f6fnum: Mus\u00e9e du Quai Branly \u00ed Par\u00eds, British Museum \u00ed London, National Gallery of Australia \u00ed Canberra.<\/p><p>Tr\u00faarf\u00e9lagsfr\u00e6\u00f0ilega er \u00feessi \u00fer\u00f3un kennslub\u00f3kard\u00e6mi: Tr\u00fa frumbyggja er \u00e1fram vi\u00f0haldi\u00f0 me\u00f0 listahagkerfinu \u00e1n \u00feess a\u00f0 h\u00fan glati tr\u00faarlegum einkennum s\u00ednum. Samf\u00e9l\u00f6g frumbyggja hafa \u00fer\u00f3a\u00f0 lei\u00f0ir til a\u00f0 fara me\u00f0 \u00feetta tv\u00ede\u00f0li.<\/p>\t\t\t\t\t\t\t\t<\/div>\n\t\t\t\t<\/div>\n\t\t\t\t\t<\/div>\n\t\t\t\t<\/div>\n\t\t<div class=\"elementor-element elementor-element-iwgw-namarrkon-s11 e-flex e-con-boxed e-con e-parent\" data-id=\"iwgw-namarrkon-s11\" data-element_type=\"container\" data-e-type=\"container\">\n\t\t\t\t\t<div class=\"e-con-inner\">\n\t\t\t\t<div class=\"elementor-element elementor-element-iwgw-namarrkon-s11h elementor-widget elementor-widget-heading\" data-id=\"iwgw-namarrkon-s11h\" data-element_type=\"widget\" data-e-type=\"widget\" data-widget_type=\"heading.default\">\n\t\t\t\t\t<h2 class=\"elementor-heading-title elementor-size-default\">A\u00f0fer\u00f0afr\u00e6\u00f0ileg umr\u00e6\u00f0a og heimildir<\/h2>\t\t\t\t<\/div>\n\t\t<div class=\"elementor-element elementor-element-iwgw-namarrkon-s11c e-con-full e-flex e-con e-child\" data-id=\"iwgw-namarrkon-s11c\" data-element_type=\"container\" data-e-type=\"container\">\n\t\t\t\t<div class=\"elementor-element elementor-element-iwgw-namarrkon-s11t elementor-widget elementor-widget-text-editor\" data-id=\"iwgw-namarrkon-s11t\" data-element_type=\"widget\" data-e-type=\"widget\" data-widget_type=\"text-editor.default\">\n\t\t\t\t\t\t\t\t\t<p>\u00cd ranns\u00f3knum \u00e1 Namarrkon koma upp nokkur a\u00f0fer\u00f0afr\u00e6\u00f0ileg vandam\u00e1l. Fyrst: Fornleifafr\u00e6\u00f0ileg t\u00edmasetning \u201eX-ray style\u201c er umdeild; \u00f3l\u00edkar a\u00f0fer\u00f0ir gefa \u00f3l\u00edkar ni\u00f0urst\u00f6\u00f0ur. Samsta\u00f0a um t\u00edmar\u00f6\u00f0 er enn ekki fengin.<\/p><p>\u00cd \u00f6\u00f0ru lagi: Mikil \u00feekking \u00e1 Namarrkon er ekki \u201etakm\u00f6rku\u00f0\u201c \u00ed str\u00f6ngustum skilningi, en er dj\u00fapt tengd sta\u00f0bundinni i\u00f0kun. Vir\u00f0ingarfull heimildavinna, \u00ed samr\u00e1\u00f0i vi\u00f0 hina hef\u00f0bundnu eigendur, er nau\u00f0synleg.<\/p><p>\u00cd \u00feri\u00f0ja lagi: Listfr\u00e6\u00f0ilegt og tr\u00faarmannfr\u00e6\u00f0ilegt sj\u00f3narhorn \u00e1 Namarrkon \u00e6ttu a\u00f0 vinna saman. B\u00e1\u00f0ar fr\u00e6\u00f0igreinar hafa s\u00edna styrkleika; einangru\u00f0 me\u00f0fer\u00f0 n\u00e6r ekki d\u00fdpt Namarrkon-hef\u00f0arinnar.<\/p><p>\u00deeir sem vilja kynna s\u00e9r Namarrkon-samhengi\u00f0 \u00ed heild sinni finna \u00e1 yfirlitss\u00ed\u00f0unni <a href=\"https:\/\/iwell-guard.com\/is\/aboriginal-astralia-draumtid-tjukurpa-verndargripir\/\">Hef\u00f0 frumbyggja<\/a> mikilv\u00e6gustu tilv\u00edsanir \u00ed tengdar verur eins og <a href=\"https:\/\/iwell-guard.com\/is\/?page_id=168989\">regnbogasl\u00f6nguna (Rainbow Serpent)<\/a>, <a href=\"https:\/\/iwell-guard.com\/is\/?page_id=168995\">mimi-anda<\/a> og <a href=\"https:\/\/iwell-guard.com\/is\/?page_id=168990\">Wandjina<\/a>.<\/p>\t\t\t\t\t\t\t\t<\/div>\n\t\t\t\t<\/div>\n\t\t\t\t\t<\/div>\n\t\t\t\t<\/div>\n\t\t<div class=\"elementor-element elementor-element-iwgw-namarrkon-s12 e-flex e-con-boxed e-con e-parent\" data-id=\"iwgw-namarrkon-s12\" data-element_type=\"container\" data-e-type=\"container\">\n\t\t\t\t\t<div class=\"e-con-inner\">\n\t\t\t\t<div class=\"elementor-element elementor-element-iwgw-namarrkon-s12h elementor-widget elementor-widget-heading\" data-id=\"iwgw-namarrkon-s12h\" data-element_type=\"widget\" data-e-type=\"widget\" data-widget_type=\"heading.default\">\n\t\t\t\t\t<h2 class=\"elementor-heading-title elementor-size-default\">Namarrkon og UNESCO-sta\u00f0a Kakadu<\/h2>\t\t\t\t<\/div>\n\t\t<div class=\"elementor-element elementor-element-iwgw-namarrkon-s12c e-con-full e-flex e-con e-child\" data-id=\"iwgw-namarrkon-s12c\" data-element_type=\"container\" data-e-type=\"container\">\n\t\t\t\t<div class=\"elementor-element elementor-element-iwgw-namarrkon-s12t elementor-widget elementor-widget-text-editor\" data-id=\"iwgw-namarrkon-s12t\" data-element_type=\"widget\" data-e-type=\"widget\" data-widget_type=\"text-editor.default\">\n\t\t\t\t\t\t\t\t\t<p><span data-nosnippet>Kakadu-\u00fej\u00f3\u00f0gar\u00f0urinn hefur veri\u00f0 \u00e1 heimsminjaskr\u00e1 UNESCO fr\u00e1 1981, b\u00e6\u00f0i vegna n\u00e1tt\u00farulegrar au\u00f0leg\u00f0ar sinnar og menningarlegrar d\u00fdptar. Bergmyndirnir, \u00fear sem Namarrkon kemur \u00e1berandi fram, eru meginhluti af vi\u00f0urkenningu UNESCO.<\/span><\/p><p>\u00deessi al\u00fej\u00f3\u00f0lega vi\u00f0urkenning hefur tv\u00edbenta aflei\u00f0ingar. Annars vegar tryggir h\u00fan var\u00f0veislu bergmyndasta\u00f0anna, hins vegar breytir h\u00fan \u00feeim \u00ed \u201eheimsminjahluti\u201c, sem breytir tr\u00faarlegri i\u00f0kun sj\u00e1lfri. Hinir hef\u00f0bundnu eigendur (Bininj\/Mungguy) stj\u00f3rna gar\u00f0inum \u00ed dag \u00ed samvinnu vi\u00f0 \u00e1stralska r\u00edkisstj\u00f3rn.<\/p><p>\u00cd tr\u00faf\u00e9lagsfr\u00e6\u00f0ilegu tilliti er Kakadu kennslub\u00f3kard\u00e6mi um samtvinnun frumbyggjatr\u00faar, n\u00e1tt\u00faruvernd, fer\u00f0amennsku og al\u00fej\u00f3\u00f0legrar menningarminjavernd samt\u00edmans. \u00deessi samtvinnun mun halda \u00e1fram a\u00f0 aukast a\u00f0 v\u00e6gi \u00e1 n\u00e6stu \u00e1ratugum.<\/p>\t\t\t\t\t\t\t\t<\/div>\n\t\t\t\t<\/div>\n\t\t\t\t\t<\/div>\n\t\t\t\t<\/div>\n\t\t<div class=\"elementor-element elementor-element-iwgw-namarrkon-s13 e-flex e-con-boxed e-con e-parent\" data-id=\"iwgw-namarrkon-s13\" data-element_type=\"container\" data-e-type=\"container\">\n\t\t\t\t\t<div class=\"e-con-inner\">\n\t\t\t\t<div class=\"elementor-element elementor-element-iwgw-namarrkon-s13h elementor-widget elementor-widget-heading\" data-id=\"iwgw-namarrkon-s13h\" data-element_type=\"widget\" data-e-type=\"widget\" data-widget_type=\"heading.default\">\n\t\t\t\t\t<h2 class=\"elementor-heading-title elementor-size-default\">Namarrkon og loftslagsbreytingar \u00ed Top End<\/h2>\t\t\t\t<\/div>\n\t\t<div class=\"elementor-element elementor-element-iwgw-namarrkon-s13c e-con-full e-flex e-con e-child\" data-id=\"iwgw-namarrkon-s13c\" data-element_type=\"container\" data-e-type=\"container\">\n\t\t\t\t<div class=\"elementor-element elementor-element-iwgw-namarrkon-s13t elementor-widget elementor-widget-text-editor\" data-id=\"iwgw-namarrkon-s13t\" data-element_type=\"widget\" data-e-type=\"widget\" data-widget_type=\"text-editor.default\">\n\t\t\t\t\t\t\t\t\t<p>N\u00fdleg ranns\u00f3knarsj\u00f3narhorn tengir Namarrkon-hef\u00f0ina vi\u00f0 aflei\u00f0ingar loftslagsbreytinga fyrir frumbyggjasamf\u00e9l\u00f6g Top End. Mons\u00fan-regnt\u00edmabili\u00f0, sem er efnahagslega, vistfr\u00e6\u00f0ilega og tr\u00faarlega mikilv\u00e6gt fyrir sv\u00e6\u00f0i\u00f0, ver\u00f0ur fyrir s\u00edfellt fleiri fr\u00e1vikum.<\/p><p>Breytt \u00farkomumynstur, h\u00e6kkun sj\u00e1varbor\u00f0s (sem stefnir bergmyndast\u00f6\u00f0um vi\u00f0 str\u00f6ndina \u00ed h\u00e6ttu), t\u00ed\u00f0ari \u00f6fgave\u00f0uratbur\u00f0ir: Allt \u00feetta hefur bein \u00e1hrif \u00e1 Namarrkon-hef\u00f0ina. Frumbyggjagagnr\u00fdni \u00e1 loftslagsm\u00e1l tekur \u00feessa \u00fe\u00e6tti \u00ed s\u00edfellt meira m\u00e6li upp \u00e1 s\u00edna arma.<\/p><p>\u00cd tr\u00faarlegu manneskjufr\u00e6\u00f0ilegu tilliti er \u00feessi vending \u00e1hugaver\u00f0. Tr\u00faarhef\u00f0 sem hefur um \u00e1r\u00fe\u00fasundir veri\u00f0 samofin mons\u00fan-hringr\u00e1sinni ratar vegna mannger\u00f0ra loftslagsbreytinga \u00ed n\u00fdst\u00e1rlega spennu. Fr\u00e6\u00f0imenn eins og Tyson Yunkaporta og Marcia Langton hafa hugtaka\u00f0 \u00feessa spennu sem \u201efrumbyggja loftslags-<span class=\"iwg-fachbegriff\" data-tooltip=\"V\u00edsindaleg fr\u00e6\u00f0i um Gu\u00f0 og tr\u00fa tiltekinna tr\u00faarbrag\u00f0a.\" tabindex=\"0\">gu\u00f0fr\u00e6\u00f0i<\/span>\u201c.<\/p>\t\t\t\t\t\t\t\t<\/div>\n\t\t\t\t<\/div>\n\t\t\t\t\t<\/div>\n\t\t\t\t<\/div>\n\t\t<div class=\"elementor-element elementor-element-iwgw-namarrkon-s14 e-flex e-con-boxed e-con e-parent\" data-id=\"iwgw-namarrkon-s14\" data-element_type=\"container\" data-e-type=\"container\">\n\t\t\t\t\t<div class=\"e-con-inner\">\n\t\t\t\t<div class=\"elementor-element elementor-element-iwgw-namarrkon-s14h elementor-widget elementor-widget-heading\" data-id=\"iwgw-namarrkon-s14h\" data-element_type=\"widget\" data-e-type=\"widget\" data-widget_type=\"heading.default\">\n\t\t\t\t\t<h2 class=\"elementor-heading-title elementor-size-default\">Namarrkon og stj\u00f6rnufr\u00e6\u00f0i frumbyggja<\/h2>\t\t\t\t<\/div>\n\t\t<div class=\"elementor-element elementor-element-iwgw-namarrkon-s14c e-con-full e-flex e-con e-child\" data-id=\"iwgw-namarrkon-s14c\" data-element_type=\"container\" data-e-type=\"container\">\n\t\t\t\t<div class=\"elementor-element elementor-element-iwgw-namarrkon-s14t elementor-widget elementor-widget-text-editor\" data-id=\"iwgw-namarrkon-s14t\" data-element_type=\"widget\" data-e-type=\"widget\" data-widget_type=\"text-editor.default\">\n\t\t\t\t\t\t\t\t\t<p>Stjarnfr\u00e6\u00f0ilega d\u00fdpkun \u00e1 skili\u00f0 tenging Namarrkons vi\u00f0 stj\u00f6rnuhimin frumbyggja. \u00cd Kunwinjku-hef\u00f0unum er Namarrkon tengdur \u00e1kve\u00f0num stj\u00f6rnum e\u00f0a stj\u00f6rnumerkjum sem koma upp \u00e1 himininn \u00feegar regnt\u00edmabili\u00f0 hefst.<\/p><p>Stj\u00f6rnufr\u00e6\u00f0i frumbyggja Top-End-h\u00f3panna hefur \u00e1 s\u00ed\u00f0ustu \u00e1ratugum or\u00f0i\u00f0 eigi\u00f0 ranns\u00f3knarsvi\u00f0. Duane Hamacher og a\u00f0rir hafa s\u00fdnt a\u00f0 hef\u00f0bundnar stj\u00f6rnufr\u00e6\u00f0ilegar athuganir eru undraver\u00f0lega n\u00e1kv\u00e6mar og samsvara n\u00fat\u00edma v\u00edsindalegum athugunum.<\/p><p>\u00cd tr\u00faarlegu fyrirb\u00e6rafr\u00e6\u00f0ilegu tilliti er \u00feessi stjarnfr\u00e6\u00f0ilega festing mikilv\u00e6g. Namarrkon er ekki einungis tr\u00faarleg vera heldur heimsfr\u00e6\u00f0ilegur fastapunktur. Hann \u201ebo\u00f0ar komu s\u00edna\u201c me\u00f0 \u00e1kve\u00f0num stj\u00f6rnumerkjum, og hin tr\u00faarlegu ath\u00e6fi fylgja \u00feessu stjarnfr\u00e6\u00f0ilega t\u00edmatali.<\/p>\t\t\t\t\t\t\t\t<\/div>\n\t\t\t\t<\/div>\n\t\t\t\t\t<\/div>\n\t\t\t\t<\/div>\n\t\t<div class=\"elementor-element elementor-element-iwgw-namarrkon-s15 e-flex e-con-boxed e-con e-parent\" data-id=\"iwgw-namarrkon-s15\" data-element_type=\"container\" data-e-type=\"container\">\n\t\t\t\t\t<div class=\"e-con-inner\">\n\t\t\t\t<div class=\"elementor-element elementor-element-iwgw-namarrkon-s15h elementor-widget elementor-widget-heading\" data-id=\"iwgw-namarrkon-s15h\" data-element_type=\"widget\" data-e-type=\"widget\" data-widget_type=\"heading.default\">\n\t\t\t\t\t<h2 class=\"elementor-heading-title elementor-size-default\">Namarrkon og samstj\u00f3rnar\u00e1\u00e6tlun Kakadu<\/h2>\t\t\t\t<\/div>\n\t\t<div class=\"elementor-element elementor-element-iwgw-namarrkon-s15c e-con-full e-flex e-con e-child\" data-id=\"iwgw-namarrkon-s15c\" data-element_type=\"container\" data-e-type=\"container\">\n\t\t\t\t<div class=\"elementor-element elementor-element-iwgw-namarrkon-s15t elementor-widget elementor-widget-text-editor\" data-id=\"iwgw-namarrkon-s15t\" data-element_type=\"widget\" data-e-type=\"widget\" data-widget_type=\"text-editor.default\">\n\t\t\t\t\t\t\t\t\t<p>Kakadu-\u00fej\u00f3\u00f0gar\u00f0urinn hefur fr\u00e1 1976 veri\u00f0 stj\u00f3rna\u00f0 \u00ed samstj\u00f3rnar\u00e1\u00e6tlun milli hinna hef\u00f0bundnu eigenda (Bininj\/Mungguy) og \u00e1stralska r\u00edkisins. \u00deetta stj\u00f3rnarfyrirkomulag er eitt hi\u00f0 fyrsta sinnar tegundar \u00ed heiminum og hefur or\u00f0i\u00f0 fyrirmynd fyrir svipu\u00f0 fyrirkomulag annars sta\u00f0ar.<\/p><p>\u00c1\u00e6tlunin felur \u00ed s\u00e9r umsj\u00e1 bergmyndasta\u00f0anna, \u00fear \u00e1 me\u00f0al Namarrkon-myndanna, samkv\u00e6mt hef\u00f0bundnum reglum. Endurm\u00e1lun fer fram undir eftirliti hinna hef\u00f0bundnu eigenda, og fer\u00f0amannalei\u00f0ir eru hanna\u00f0ar \u00feannig a\u00f0 vi\u00f0kv\u00e6mir sta\u00f0ir s\u00e9u var\u00f0ir.<\/p><p>\u00cd tr\u00faf\u00e9lagsfr\u00e6\u00f0ilegu tilliti er Kakadu kennslub\u00f3kard\u00e6mi um sam\u00fe\u00e6ttingu frumbyggjatr\u00faar \u00ed n\u00fat\u00edma stj\u00f3rnkerfi. Namarrkon er h\u00e9r b\u00e6\u00f0i tr\u00faarleg f\u00edg\u00fara og vi\u00f0mi\u00f0unarpunktur \u00ed stj\u00f3rns\u00fdslu. \u00deetta tv\u00f6falda hlutverk breytir tr\u00fanni sj\u00e1lfri, fyrirb\u00e6ri sem tr\u00faarlega manneskjufr\u00e6\u00f0in \u00fearf a\u00f0 sko\u00f0a af mikilli n\u00e1kv\u00e6mni.<\/p>\t\t\t\t\t\t\t\t<\/div>\n\t\t\t\t<\/div>\n\t\t\t\t\t<\/div>\n\t\t\t\t<\/div>\n\t\t<div class=\"elementor-element elementor-element-iwgw-namarrkon-s16 e-flex e-con-boxed e-con e-parent\" data-id=\"iwgw-namarrkon-s16\" data-element_type=\"container\" data-e-type=\"container\">\n\t\t\t\t\t<div class=\"e-con-inner\">\n\t\t\t\t<div class=\"elementor-element elementor-element-iwgw-namarrkon-s16h elementor-widget elementor-widget-heading\" data-id=\"iwgw-namarrkon-s16h\" data-element_type=\"widget\" data-e-type=\"widget\" data-widget_type=\"heading.default\">\n\t\t\t\t\t<h2 class=\"elementor-heading-title elementor-size-default\">Namarrkon og ve\u00f0ur\u00feekking frumbyggja<\/h2>\t\t\t\t<\/div>\n\t\t<div class=\"elementor-element elementor-element-iwgw-namarrkon-s16c e-con-full e-flex e-con e-child\" data-id=\"iwgw-namarrkon-s16c\" data-element_type=\"container\" data-e-type=\"container\">\n\t\t\t\t<div class=\"elementor-element elementor-element-iwgw-namarrkon-s16t elementor-widget elementor-widget-text-editor\" data-id=\"iwgw-namarrkon-s16t\" data-element_type=\"widget\" data-e-type=\"widget\" data-widget_type=\"text-editor.default\">\n\t\t\t\t\t\t\t\t\t<p>\u00dej\u00f3\u00f0fr\u00e6\u00f0ilega \u00e1hugaver\u00f0 d\u00fdpkun \u00e1 skili\u00f0 tengingin milli Namarrkons og ve\u00f0ur\u00feekkingar frumbyggja. Frumbyggjar Top End nota sex-\u00ferepa \u00e1rst\u00ed\u00f0akerfi sem er mun f\u00ednkvar\u00f0a\u00f0ra en vestr\u00e6na fj\u00f6gurra \u00e1rst\u00ed\u00f0a kerfi\u00f0.<\/p><p>Me\u00f0al Kunwinjku er greint milli: <em>Gunumeleng<\/em> (fyrir-mons\u00fan), <em>Gudjewg<\/em> (mons\u00fan), <em>Banggerreng<\/em> (stormalok), <em>Yegge<\/em> (svalt millibilsskei\u00f0), <em>Wurrgeng<\/em> (kalt \u00feurrkat\u00edmabil), <em>Gurrung<\/em> (heitt \u00feurrkat\u00edmabil). Namarrkon er tengdur Gunumeleng og Gudjewg.<\/p><p>\u00deessi f\u00ednkvar\u00f0a\u00f0a ve\u00f0urflokkun er einstakt d\u00e6mi um vistfr\u00e6\u00f0ilega \u00feekkingu frumbyggja. H\u00fan tengir saman athugun, tr\u00fa og hagn\u00fdta l\u00edfsskipan \u00ed eina sam\u00fe\u00e6tta heild. H\u00e9r fer Namarrkon einnig langt fram \u00far hlutverki \u201ea\u00f0eins\u201c tr\u00faarlegrar f\u00edg\u00faru: Hann er hluti af v\u00ed\u00f0t\u00e6kri \u00feekkingarvistfr\u00e6\u00f0i.<\/p>\t\t\t\t\t\t\t\t<\/div>\n\t\t\t\t<\/div>\n\t\t\t\t\t<\/div>\n\t\t\t\t<\/div>\n\t\t<div class=\"elementor-element elementor-element-iwgw-namarrkon-s17 e-flex e-con-boxed e-con e-parent\" data-id=\"iwgw-namarrkon-s17\" data-element_type=\"container\" data-e-type=\"container\">\n\t\t\t\t\t<div class=\"e-con-inner\">\n\t\t\t\t<div class=\"elementor-element elementor-element-iwgw-namarrkon-s17h elementor-widget elementor-widget-heading\" data-id=\"iwgw-namarrkon-s17h\" data-element_type=\"widget\" data-e-type=\"widget\" data-widget_type=\"heading.default\">\n\t\t\t\t\t<h2 class=\"elementor-heading-title elementor-size-default\">Namarrkon og Maningrida-listamannasamt\u00f6kin<\/h2>\t\t\t\t<\/div>\n\t\t<div class=\"elementor-element elementor-element-iwgw-namarrkon-s17c e-con-full e-flex e-con e-child\" data-id=\"iwgw-namarrkon-s17c\" data-element_type=\"container\" data-e-type=\"container\">\n\t\t\t\t<div class=\"elementor-element elementor-element-iwgw-namarrkon-s17t elementor-widget elementor-widget-text-editor\" data-id=\"iwgw-namarrkon-s17t\" data-element_type=\"widget\" data-e-type=\"widget\" data-widget_type=\"text-editor.default\">\n\t\t\t\t\t\t\t\t\t<p>Maningrida-listamannasamt\u00f6kin (Maningrida Arts and Culture) eru ein mikilv\u00e6gustu mi\u00f0st\u00f6\u00f0var samt\u00edmalistar frumbyggja \u00ed Nor\u00f0ur-\u00c1stral\u00edu. \u00deau eru fulltr\u00faar nokkur hundru\u00f0 listamanna \u00far \u00fdmsum tungum\u00e1lah\u00f3pum sv\u00e6\u00f0isins. Namarrkon-myndefni eru fastur hluti af verkasafni \u00feessara listamanna.<\/p><p>Samt\u00f6kin eru tr\u00faf\u00e9lagsfr\u00e6\u00f0ilega \u00e1hugaver\u00f0 \u00fear sem \u00feau tengja saman hef\u00f0bundna i\u00f0kun og n\u00fat\u00edma marka\u00f0ssetningu. Listamenn f\u00e1 sanngjarnt ver\u00f0 fyrir verk s\u00edn, og samt\u00f6kin tryggja b\u00e6\u00f0i menningarlega samfellu og efnahagslega sj\u00e1lfb\u00e6rni. \u00deetta tv\u00f6falda hlutverk hefur or\u00f0i\u00f0 fyrirmynd svipa\u00f0ra frumkv\u00e6\u00f0a annars sta\u00f0ar.<\/p><p>\u00cd tr\u00faarlegu manneskjufr\u00e6\u00f0ilegu tilliti s\u00e9st h\u00e9r samt\u00edmaform frumbyggjatr\u00faar: H\u00fan lifir af b\u00e6\u00f0i me\u00f0 hef\u00f0 og me\u00f0 n\u00fdsk\u00f6pun. Namarrkon heyrir ekki til loka\u00f0rar fort\u00ed\u00f0ar, heldur er hann tr\u00faarlegur veruleiki sem er \u00ed st\u00f6\u00f0ugri endurt\u00falkun \u00e1 Maningrida-sv\u00e6\u00f0inu.<\/p>\t\t\t\t\t\t\t\t<\/div>\n\t\t\t\t<\/div>\n\t\t\t\t\t<\/div>\n\t\t\t\t<\/div>\n\t\t<div class=\"elementor-element elementor-element-cp20809a4c e-flex e-con-boxed e-con e-parent\" data-id=\"cp20809a4c\" data-element_type=\"container\" data-e-type=\"container\">\n\t\t\t\t\t<div class=\"e-con-inner\">\n\t\t\t\t<div class=\"elementor-element elementor-element-cp210b3415 elementor-widget elementor-widget-heading\" data-id=\"cp210b3415\" data-element_type=\"widget\" data-e-type=\"widget\" data-widget_type=\"heading.default\">\n\t\t\t\t\t<h2 class=\"elementor-heading-title elementor-size-default\">Kikadinn sem bo\u00f0ar \u00ferumur: Namarrkon \u00ed \u00e1rshringr\u00e1s Arnhem Land<\/h2>\t\t\t\t<\/div>\n\t\t<div class=\"elementor-element elementor-element-cp21efe7cf e-flex e-con-boxed e-con e-child\" data-id=\"cp21efe7cf\" data-element_type=\"container\" data-e-type=\"container\">\n\t\t\t\t\t<div class=\"e-con-inner\">\n\t\t\t\t<div class=\"elementor-element elementor-element-cp2e05b38b elementor-widget elementor-widget-text-editor\" data-id=\"cp2e05b38b\" data-element_type=\"widget\" data-e-type=\"widget\" data-widget_type=\"text-editor.default\">\n\t\t\t\t\t\t\t\t\t<p>Eldingama\u00f0urinn <em>Namarrkon<\/em>, einnig skrifa\u00f0ur <em>Namarrgon<\/em>, er \u00ed <span class=\"iwg-fachbegriff\" data-tooltip=\"Mi\u00f0lun \u00feekkingar og fr\u00e1sagna milli kynsl\u00f3\u00f0a.\" tabindex=\"0\">munnm\u00e6lum<\/span> vestari hluta Arnhem Land n\u00e1tengdur n\u00e1kv\u00e6mlega athugu\u00f0u n\u00e1tt\u00farufari. \u00d3l\u00edkt \u00f3hlutbundnum ve\u00f0urgu\u00f0i er Namarrkon bundinn \u00e1kve\u00f0nu \u00e1rst\u00ed\u00f0abundnu fyrirb\u00e6ri sem talendur Kunwinjku og n\u00e1l\u00e6gra tungum\u00e1la skr\u00e1 \u00ed n\u00e1kv\u00e6mu \u00e1rst\u00ed\u00f0atalkerfi.<\/p><p>\u00deetta talkerfi \u00feekkir allt a\u00f0 sex \u00e1rst\u00ed\u00f0ir \u00ed sta\u00f0 tveggja e\u00f0a fj\u00f6gurra. \u00de\u00e6r eru bundnar vindi, raka, bl\u00f3mgunart\u00edma og heg\u00f0un d\u00fdra.<\/p><p>\u00cd \u00feetta kerfi heyrir tengili\u00f0urinn milli Namarrkon og \u00e1kve\u00f0innar sikadu sem \u00e1 sv\u00e6\u00f0inu er k\u00f6llu\u00f0 <em>engisprettusikada Leichhardts<\/em> og ber s\u00e9rstakt heiti \u00e1 sta\u00f0bundnum tungum\u00e1lum. \u00deetta sk\u00ednandi lita\u00f0a skord\u00fdr birtist vi\u00f0 lok \u00feurrkat\u00ed\u00f0ar, stutta stund \u00e1\u00f0ur en fyrstu ofsafengnu \u00ferumuve\u00f0rin \u00e1 komandi regnt\u00edma hefjast.<\/p><p>\u00cd <span class=\"iwg-fachbegriff\" data-tooltip=\"Mi\u00f0lun \u00feekkingar og fr\u00e1sagna milli kynsl\u00f3\u00f0a.\" tabindex=\"0\">munnm\u00e6lum<\/span> er sikadan talin barn e\u00f0a sendibo\u00f0i eldingamannsins. Tilkoma hennar bo\u00f0ar a\u00f0 Namarrkon ver\u00f0i br\u00e1\u00f0um virkur \u00e1 n\u00fd, a\u00f0 \u00ferumur og eldingar sn\u00fai aftur og a\u00f0 nau\u00f0synlegt s\u00e9 a\u00f0 b\u00faa sig undir regnt\u00edmann. \u00deannig \u00fatsk\u00fdrir v\u00e6ttin \u00ferumuve\u00f0ri\u00f0 og er samt\u00edmis hluti af hagn\u00fdtri \u00feekkingu sem skiptir \u00e1rinu ni\u00f0ur.<\/p><p>Namarrkon sj\u00e1lfur er \u00ed fr\u00e1s\u00f6gnum og \u00ed bergmyndlist s\u00fdndur me\u00f0 stein\u00f6xum sem sitja \u00e1 olnbogum og hnj\u00e1m hans og sem hann notar til a\u00f0 l\u00e1ta sk\u00fdin \u00feruma og j\u00f6r\u00f0ina rifna.<\/p><p>Sk\u00ednandi r\u00e6ma sem umlykur hann er t\u00falku\u00f0 sem elding. Vel \u00feekkt m\u00e1lu\u00f0 mynd af \u00feessari v\u00e6tt er \u00e1 bergvegg \u00ed \u00fev\u00ed sem n\u00fa er Kakadu-\u00fej\u00f3\u00f0gar\u00f0urinn og telst me\u00f0al fj\u00f6ls\u00f3ttustu bergmyndlistarsta\u00f0a \u00c1stral\u00edu, sem vekur eigin spurningar um verndun og vi\u00f0eigandi umgengni.<\/p><p>Mikilv\u00e6gt fyrir n\u00e1kv\u00e6ma framsetningu er a\u00f0 tengingin milli sikadunnar, upphafs \u00ferumuve\u00f0ra og eldingamannsins er hluti af munnlegum <span class=\"iwg-fachbegriff\" data-tooltip=\"Mi\u00f0lun \u00feekkingar og fr\u00e1sagna milli kynsl\u00f3\u00f0a.\" tabindex=\"0\">munnm\u00e6lum<\/span> hinna hef\u00f0bundnu eigenda, ekki utana\u00f0komandi t\u00falkun, og hefur veri\u00f0 sta\u00f0fest \u00ed \u00fej\u00f3\u00f0fr\u00e6\u00f0ilegum ranns\u00f3knum \u00e1 n\u00e1tt\u00faru\u00feekkingu Arnhem Land.<\/p><p>\u00deetta s\u00fdnir a\u00f0 v\u00e6ttin Namarrkon er hin tr\u00faarlega mynd n\u00e1kv\u00e6mrar n\u00e1tt\u00faruathugunar og stendur \u00e1 engan h\u00e1tt \u00ed m\u00f3ts\u00f6gn vi\u00f0 hana. \u00c1rst\u00ed\u00f0asp\u00e1in og go\u00f0sagnafr\u00e1s\u00f6gnin eru \u00ed \u00feessari hef\u00f0 tv\u00e6r hli\u00f0ar s\u00f6mu \u00feekkingar.<\/p>\t\t\t\t\t\t\t\t<\/div>\n\t\t\t\t\t<\/div>\n\t\t\t\t<\/div>\n\t\t\t\t\t<\/div>\n\t\t\t\t<\/div>\n\t\t<div class=\"elementor-element elementor-element-iwgw-namarrkon-lit e-flex e-con-boxed e-con e-parent\" data-id=\"iwgw-namarrkon-lit\" data-element_type=\"container\" data-e-type=\"container\">\n\t\t\t\t\t<div class=\"e-con-inner\">\n\t\t\t\t<div class=\"elementor-element elementor-element-iwgw-namarrkon-lith elementor-widget elementor-widget-heading\" data-id=\"iwgw-namarrkon-lith\" data-element_type=\"widget\" data-e-type=\"widget\" data-widget_type=\"heading.default\">\n\t\t\t\t\t<h2 class=\"elementor-heading-title elementor-size-default\">Heimildir (\u00farval)<\/h2>\t\t\t\t<\/div>\n\t\t<div class=\"elementor-element elementor-element-iwgw-namarrkon-litc e-con-full e-flex e-con e-child\" data-id=\"iwgw-namarrkon-litc\" data-element_type=\"container\" data-e-type=\"container\">\n\t\t\t\t<div class=\"elementor-element elementor-element-iwgw-namarrkon-litt elementor-widget elementor-widget-text-editor\" data-id=\"iwgw-namarrkon-litt\" data-element_type=\"widget\" data-e-type=\"widget\" data-widget_type=\"text-editor.default\">\n\t\t\t\t\t\t\t\t\t<ul><li>Howard Morphy: <em>Aboriginal Art<\/em> (Phaidon 1998)<\/li><li>Luke Taylor: <em>Seeing the Inside<\/em> (1996)<\/li><li>Charles P. Mountford: <em>Records of the American-Australian Scientific Expedition<\/em> (1956)<\/li><li><span data-nosnippet>Ronald M. Berndt &#038; Catherine H. Berndt: <em>Man, Land and Myth<\/em> (1970)<\/span><\/li><li>George Chaloupka: <em>Journey in Time<\/em> (1993)<\/li><li>Tony Swain: <em>A Place for Strangers<\/em> (1993)<\/li><li>Lynne Hume: <em>Ancestral Power<\/em> (2002)<\/li><\/ul>\t\t\t\t\t\t\t\t<\/div>\n\t\t\t\t<\/div>\n\t\t\t\t\t<\/div>\n\t\t\t\t<\/div>\n\t\t<div class=\"elementor-element elementor-element-iwgkw-add-namarrkon e-flex e-con-boxed e-con e-parent\" data-id=\"iwgkw-add-namarrkon\" data-element_type=\"container\" data-e-type=\"container\">\n\t\t\t\t\t<div class=\"e-con-inner\">\n\t\t\t\t<div class=\"elementor-element elementor-element-iwgkw-add-namarrkon-t elementor-widget elementor-widget-text-editor\" data-id=\"iwgkw-add-namarrkon-t\" data-element_type=\"widget\" data-e-type=\"widget\" data-widget_type=\"text-editor.default\">\n\t\t\t\t\t\t\t\t\t<p>Namarrkon er skapari elds og \u00feruma \u00ed hef\u00f0 frumbyggja vestari hluta Arnhem Land (<em>Arnhem Land<\/em>) \u00ed nor\u00f0urhluta \u00c1stral\u00edu. \u00cd myndm\u00e1li bergm\u00e1lverka Kakadu-sv\u00e6\u00f0isins birtist hann sem mannl\u00edk v\u00e6tt me\u00f0 steinaxir \u00e1 olnbogum og hnj\u00e1m, sem hann notar til a\u00f0 klj\u00fafa sk\u00fdin. Athafnir hans eru n\u00e1tengdar rakri mons\u00fant\u00ed\u00f0inni milli okt\u00f3ber og mars.<\/p>\t\t\t\t\t\t\t\t<\/div>\n\t\t\t\t\t<\/div>\n\t\t\t\t<\/div>\n\t\t<div class=\"elementor-element elementor-element-iwgkw2-add-namarrkon e-flex e-con-boxed e-con e-parent\" data-id=\"iwgkw2-add-namarrkon\" data-element_type=\"container\" data-e-type=\"container\">\n\t\t\t\t\t<div class=\"e-con-inner\">\n\t\t\t\t<div class=\"elementor-element elementor-element-iwgkw2-add-namarrkon-t elementor-widget elementor-widget-text-editor\" data-id=\"iwgkw2-add-namarrkon-t\" data-element_type=\"widget\" data-e-type=\"widget\" data-widget_type=\"text-editor.default\">\n\t\t\t\t\t\t\t\t\t<p>Sem <em>eldingav\u00e6ttur<\/em> vestari hluta Arnhem Land sl\u00e6r Namarrkon sk\u00fdin me\u00f0 stein\u00f6xum \u00e1 hnj\u00e1m og olnbogum s\u00ednum; munnlegar <em>heimildir<\/em> Kunwinjku tengja hann mons\u00fant\u00edmanum og bergm\u00e1lverkum \u00e1 Kakadu-sv\u00e6\u00f0inu.<\/p>\t\t\t\t\t\t\t\t<\/div>\n\t\t\t\t\t<\/div>\n\t\t\t\t<\/div>\n\t\t<div class=\"elementor-element elementor-element-iwgw-namarrkon-kwd e-flex e-con-boxed e-con e-parent\" data-id=\"iwgw-namarrkon-kwd\" data-element_type=\"container\" data-e-type=\"container\">\n\t\t\t\t\t<div class=\"e-con-inner\">\n\t\t<div class=\"elementor-element elementor-element-iwgw-namarrkon-kwdc e-con-full e-flex e-con e-child\" data-id=\"iwgw-namarrkon-kwdc\" data-element_type=\"container\" data-e-type=\"container\">\n\t\t\t\t<div class=\"elementor-element elementor-element-iwgw-namarrkon-kwdt elementor-widget elementor-widget-text-editor\" data-id=\"iwgw-namarrkon-kwdt\" data-element_type=\"widget\" data-e-type=\"widget\" data-widget_type=\"text-editor.default\">\n\t\t\t\t\t\t\t\t\t<p><em>Tengd leitaror\u00f0: Namarrkon Kunwinjku Arnhem Land elding regnt\u00edmi bergmyndir.<\/em><\/p>\t\t\t\t\t\t\t\t<\/div>\n\t\t\t\t<\/div>\n\t\t\t\t\t<\/div>\n\t\t\t\t<\/div>\n\t\t<div class=\"elementor-element elementor-element-iwgw-namarrkon-cc e-flex e-con-boxed e-con e-parent\" data-id=\"iwgw-namarrkon-cc\" data-element_type=\"container\" data-e-type=\"container\" id=\"iwg-cc-namarrkon\">\n\t\t\t\t\t<div class=\"e-con-inner\">\n\t\t<div class=\"elementor-element elementor-element-iwgw-namarrkon-ccinner e-flex e-con-boxed e-con e-parent\" data-id=\"iwgw-namarrkon-ccinner\" data-element_type=\"container\" data-e-type=\"container\" data-settings=\"{&quot;background_background&quot;:&quot;classic&quot;}\">\n\t\t\t\t\t<div class=\"e-con-inner\">\n\t\t\t\t<div class=\"elementor-element elementor-element-iwgw-namarrkon-cch elementor-widget elementor-widget-heading\" data-id=\"iwgw-namarrkon-cch\" data-element_type=\"widget\" data-e-type=\"widget\" data-widget_type=\"heading.default\">\n\t\t\t\t\t<h2 class=\"elementor-heading-title elementor-size-default\">iWell Guard og verndarhef\u00f0ir<\/h2>\t\t\t\t<\/div>\n\t\t\t\t<div class=\"elementor-element elementor-element-iwgw-namarrkon-cct elementor-widget elementor-widget-text-editor\" data-id=\"iwgw-namarrkon-cct\" data-element_type=\"widget\" data-e-type=\"widget\" data-widget_type=\"text-editor.default\">\n\t\t\t\t\t\t\t\t\t<div data-nosnippet=\"true\"><p>iWell Guard tengist menningars\u00f6gulegri hef\u00f0 farandlegra verndargripa, \u00ed hef\u00f0 frumbyggja \u00c1stral\u00edu (<a href=\"https:\/\/iwell-guard.com\/is\/aboriginal-astralia-draumtid-tjukurpa-verndargripir\/\">Aboriginal<\/a>) og margra annarra menningarheima um allan heim. 41 lag, alv\u00f6ru gull, plat\u00edna, silfur, framleitt \u00ed \u00de\u00fdskalandi. 30 daga skilar\u00e9ttur.<\/p><\/div>\t\t\t\t\t\t\t\t<\/div>\n\t\t\t\t<div class=\"elementor-element elementor-element-iwgw-namarrkon-ccb iwg-cc-button iwg-cc-cta-2026-05-13 elementor-widget elementor-widget-jet-button\" data-id=\"iwgw-namarrkon-ccb\" data-element_type=\"widget\" data-e-type=\"widget\" data-widget_type=\"jet-button.default\">\n\t\t\t\t<div class=\"elementor-widget-container\">\n\t\t\t\t\t<div class=\"elementor-jet-button jet-elements\"><div class=\"jet-button__container\"><a class=\"jet-button__instance jet-button__instance--icon-left hover-effect-1\" href=\"\/ueber-iwell-guard\/?utm_source=iwell-guard.com&amp;utm_medium=info-box&amp;utm_campaign=wesen-tradition\"><div class=\"jet-button__plane jet-button__plane-normal\"><\/div><div class=\"jet-button__plane jet-button__plane-hover\"><\/div><div class=\"jet-button__state jet-button__state-normal\"><span class=\"jet-button__label\">Meira um iWell Guard<\/span><\/div><div class=\"jet-button__state jet-button__state-hover\"><span class=\"jet-button__label\">Meira um iWell Guard<\/span><\/div><\/a><\/div><\/div><style>.elementor-element.elementor-element-iwgw-namarrkon-ccb .jet-button__instance{width:320px;height:56px;}.elementor-element.elementor-element-iwgw-namarrkon-ccb .jet-button__state-normal .jet-button__label{text-align:center;margin:0px 0px 0px 0px;color:#1a1b20;font-family:Montserrat,sans-serif;font-size:13px;font-weight:400;letter-spacing:4px;line-height:1.714em;text-transform:uppercase;}.elementor-element.elementor-element-iwgw-namarrkon-ccb .jet-button__state-hover .jet-button__label{text-align:center;margin:0px 0px 0px 0px;color:#FECC76;font-family:Montserrat,sans-serif;font-size:13px;font-weight:400;letter-spacing:4px;line-height:1.714em;text-transform:uppercase;}.elementor-element.elementor-element-iwgw-namarrkon-ccb .jet-button__plane-normal{background-color:#FECC76;border-style:solid;border-color:#C99540;border-width:2px 2px 2px 2px;}.elementor-element.elementor-element-iwgw-namarrkon-ccb .jet-button__plane-hover{background-color:rgba(0,0,0,0.55);border-style:solid;border-color:#FECC76;border-width:2px 2px 2px 2px;}<\/style>\t\t\t\t<\/div>\n\t\t\t\t<\/div>\n\t\t\t\t<div class=\"elementor-element elementor-element-iwgw-namarrkon-ccd elementor-widget elementor-widget-text-editor\" data-id=\"iwgw-namarrkon-ccd\" data-element_type=\"widget\" data-e-type=\"widget\" data-widget_type=\"text-editor.default\">\n\t\t\t\t\t\t\t\t\t<div data-nosnippet=\"true\"><p style=\"text-align:center;font-size:13px;opacity:0.7;margin-top:14px\" data-nosnippet=\"true\">Pers\u00f3nuleg reynsla getur veri\u00f0 mismunandi. Ekki l\u00e6kningat\u00e6ki. Engin lofor\u00f0 um l\u00e6kningu.<\/p><\/div>\t\t\t\t\t\t\t\t<\/div>\n\t\t\t\t\t<\/div>\n\t\t\t\t<\/div>\n\t\t\t\t\t<\/div>\n\t\t\t\t<\/div>\n\t\t<div class=\"elementor-element elementor-element-iwgw-namarrkon-disc e-flex e-con-boxed e-con e-parent\" data-id=\"iwgw-namarrkon-disc\" data-element_type=\"container\" data-e-type=\"container\">\n\t\t\t\t\t<div class=\"e-con-inner\">\n\t\t\t\t<div class=\"elementor-element elementor-element-iwgw-namarrkon-discw elementor-widget elementor-widget-html\" data-id=\"iwgw-namarrkon-discw\" data-element_type=\"widget\" data-e-type=\"widget\" data-widget_type=\"html.default\">\n\t\t\t\t\t<footer data-nosnippet=\"true\" class=\"iwg-disclaimer-block\"><p data-nosnippet=\"true\">iWell Guard er <strong>ekki l\u00e6kningat\u00e6ki<\/strong> og kemur ekki \u00ed sta\u00f0inn fyrir l\u00e6knis- e\u00f0a s\u00e1lfr\u00e6\u00f0ime\u00f0fer\u00f0. Tr\u00faarfr\u00e6\u00f0ilegt efni er menningars\u00f6gulegt samhengi, ekki r\u00e1\u00f0legging um andlega i\u00f0kun.<\/p><\/footer>\t\t\t\t<\/div>\n\t\t\t\t\t<\/div>\n\t\t\t\t<\/div>\n\t\t\t\t<\/div>\n\t\t","protected":false},"excerpt":{"rendered":"","protected":false},"author":3,"featured_media":2874,"parent":0,"menu_order":0,"comment_status":"closed","ping_status":"closed","template":"elementor_header_footer","meta":{"_yoast_wpseo_focuskw":"Namarrkon eldingar frumbyggja","_yoast_wpseo_title":"Namarrkon \u2013 eldingaandi frumbyggja, go\u00f0s\u00f6gn og heimildir","_yoast_wpseo_metadesc":"Namarrkon er eldingama\u00f0urinn hj\u00e1 Kunwinjku-frumbyggjum \u00ed Vestur-Arnhem-landi. Tr\u00faarbrag\u00f0afr\u00e6\u00f0ileg \u00fattekt me\u00f0 go\u00f0s\u00f6gn og heimildum.","_yoast_wpseo_meta-robots-noindex":"","_yoast_wpseo_canonical":"","_angie_page":false,"gefaehrdungsstufe":"3","wesen_kultur":"aboriginal","wesen_klasse":"goetter","footnotes":""},"categories":[],"class_list":["post-168998","page","type-page","status-publish","has-post-thumbnail","hentry"],"yoast_head":"<!-- This site is optimized with the Yoast SEO Premium plugin v27.7 (Yoast SEO v28.3) - https:\/\/yoast.com\/product\/yoast-seo-premium-wordpress\/ -->\n<title>Namarrkon \u2013 eldingaandi frumbyggja, go\u00f0s\u00f6gn og heimildir<\/title>\n<meta name=\"description\" content=\"Namarrkon er eldingama\u00f0urinn hj\u00e1 Kunwinjku-frumbyggjum \u00ed Vestur-Arnhem-landi. Tr\u00faarbrag\u00f0afr\u00e6\u00f0ileg \u00fattekt me\u00f0 go\u00f0s\u00f6gn og heimildum.\" \/>\n<meta name=\"robots\" content=\"index, follow, max-snippet:-1, max-image-preview:large, max-video-preview:-1\" \/>\n<link rel=\"canonical\" href=\"https:\/\/iwell-guard.com\/is\/namarrkon-eldingamadur-kunwinjku\/\" \/>\n<meta property=\"og:locale\" content=\"is_IS\" \/>\n<meta property=\"og:type\" content=\"article\" \/>\n<meta property=\"og:title\" content=\"Namarrkon \u2013 eldingama\u00f0urinn Kunwinjku\" \/>\n<meta property=\"og:description\" content=\"Namarrkon er eldingama\u00f0urinn hj\u00e1 Kunwinjku-frumbyggjum \u00ed Vestur-Arnhem-landi. Tr\u00faarbrag\u00f0afr\u00e6\u00f0ileg \u00fattekt me\u00f0 go\u00f0s\u00f6gn og heimildum.\" \/>\n<meta property=\"og:url\" content=\"https:\/\/iwell-guard.com\/is\/namarrkon-eldingamadur-kunwinjku\/\" \/>\n<meta property=\"og:site_name\" content=\"iWell Guard\" \/>\n<meta property=\"article:modified_time\" content=\"2026-09-05T14:29:24+00:00\" \/>\n<meta property=\"og:image\" content=\"https:\/\/iwell-guard.com\/wp-content\/uploads\/2026\/05\/goetter_aboriginal_namarrkon.webp\" \/>\n\t<meta property=\"og:image:width\" content=\"1024\" \/>\n\t<meta property=\"og:image:height\" content=\"1536\" \/>\n\t<meta property=\"og:image:type\" content=\"image\/webp\" \/>\n<meta name=\"twitter:card\" content=\"summary_large_image\" \/>\n<script type=\"application\/ld+json\" class=\"yoast-schema-graph\">{\"@context\":\"https:\\\/\\\/schema.org\",\"@graph\":[{\"@type\":\"WebPage\",\"@id\":\"https:\\\/\\\/iwell-guard.com\\\/is\\\/namarrkon-eldingamadur-kunwinjku\\\/\",\"url\":\"https:\\\/\\\/iwell-guard.com\\\/is\\\/namarrkon-eldingamadur-kunwinjku\\\/\",\"name\":\"Namarrkon \u2013 eldingaandi frumbyggja, go\u00f0s\u00f6gn og heimildir\",\"isPartOf\":{\"@id\":\"https:\\\/\\\/iwell-guard.com\\\/is\\\/#website\"},\"primaryImageOfPage\":{\"@id\":\"https:\\\/\\\/iwell-guard.com\\\/is\\\/namarrkon-eldingamadur-kunwinjku\\\/#primaryimage\"},\"image\":{\"@id\":\"https:\\\/\\\/iwell-guard.com\\\/is\\\/namarrkon-eldingamadur-kunwinjku\\\/#primaryimage\"},\"thumbnailUrl\":\"https:\\\/\\\/iwell-guard.com\\\/wp-content\\\/uploads\\\/2026\\\/05\\\/goetter_aboriginal_namarrkon.webp\",\"datePublished\":\"2026-09-05T14:04:42+00:00\",\"dateModified\":\"2026-09-05T14:29:24+00:00\",\"description\":\"Namarrkon er eldingama\u00f0urinn hj\u00e1 Kunwinjku-frumbyggjum \u00ed Vestur-Arnhem-landi. Tr\u00faarbrag\u00f0afr\u00e6\u00f0ileg \u00fattekt me\u00f0 go\u00f0s\u00f6gn og heimildum.\",\"breadcrumb\":{\"@id\":\"https:\\\/\\\/iwell-guard.com\\\/is\\\/namarrkon-eldingamadur-kunwinjku\\\/#breadcrumb\"},\"inLanguage\":\"is\",\"potentialAction\":[{\"@type\":\"ReadAction\",\"target\":[\"https:\\\/\\\/iwell-guard.com\\\/is\\\/namarrkon-eldingamadur-kunwinjku\\\/\"]}]},{\"@type\":\"ImageObject\",\"inLanguage\":\"is\",\"@id\":\"https:\\\/\\\/iwell-guard.com\\\/is\\\/namarrkon-eldingamadur-kunwinjku\\\/#primaryimage\",\"url\":\"https:\\\/\\\/iwell-guard.com\\\/wp-content\\\/uploads\\\/2026\\\/05\\\/goetter_aboriginal_namarrkon.webp\",\"contentUrl\":\"https:\\\/\\\/iwell-guard.com\\\/wp-content\\\/uploads\\\/2026\\\/05\\\/goetter_aboriginal_namarrkon.webp\",\"width\":1024,\"height\":1536,\"caption\":\"Gu\u00f0ir \u00far hef\u00f0 frumbyggja \u00c1stral\u00edu (Aboriginal).\"},{\"@type\":\"BreadcrumbList\",\"@id\":\"https:\\\/\\\/iwell-guard.com\\\/is\\\/namarrkon-eldingamadur-kunwinjku\\\/#breadcrumb\",\"itemListElement\":[{\"@type\":\"ListItem\",\"position\":1,\"name\":\"Start\",\"item\":\"https:\\\/\\\/iwell-guard.com\\\/is\\\/?page_id=168580\"},{\"@type\":\"ListItem\",\"position\":2,\"name\":\"Namarrkon \u2013 eldingama\u00f0urinn Kunwinjku\"}]},{\"@type\":\"WebSite\",\"@id\":\"https:\\\/\\\/iwell-guard.com\\\/is\\\/#website\",\"url\":\"https:\\\/\\\/iwell-guard.com\\\/is\\\/\",\"name\":\"iWell Guard\",\"description\":\"Schutz vor dunklen Einfl\u00fcssen\",\"publisher\":{\"@id\":\"https:\\\/\\\/iwell-guard.com\\\/is\\\/#organization\"},\"potentialAction\":[{\"@type\":\"SearchAction\",\"target\":{\"@type\":\"EntryPoint\",\"urlTemplate\":\"https:\\\/\\\/iwell-guard.com\\\/is\\\/?s={search_term_string}\"},\"query-input\":{\"@type\":\"PropertyValueSpecification\",\"valueRequired\":true,\"valueName\":\"search_term_string\"}}],\"inLanguage\":\"is\"},{\"@type\":\"Organization\",\"@id\":\"https:\\\/\\\/iwell-guard.com\\\/is\\\/#organization\",\"name\":\"Ittermann electronic GmbH\",\"url\":\"https:\\\/\\\/iwell-guard.com\\\/is\\\/\",\"logo\":{\"@type\":\"ImageObject\",\"inLanguage\":\"is\",\"@id\":\"https:\\\/\\\/iwell-guard.com\\\/is\\\/#\\\/schema\\\/logo\\\/image\\\/\",\"url\":\"https:\\\/\\\/iwell-guard.com\\\/wp-content\\\/uploads\\\/2026\\\/05\\\/Ittermann-Logo-1182x237-1.png\",\"contentUrl\":\"https:\\\/\\\/iwell-guard.com\\\/wp-content\\\/uploads\\\/2026\\\/05\\\/Ittermann-Logo-1182x237-1.png\",\"width\":1182,\"height\":237,\"caption\":\"Ittermann electronic GmbH\"},\"image\":{\"@id\":\"https:\\\/\\\/iwell-guard.com\\\/is\\\/#\\\/schema\\\/logo\\\/image\\\/\"},\"sameAs\":[\"https:\\\/\\\/pantip.com\\\/profile\\\/9367242\",\"https:\\\/\\\/micro.blog\\\/iwellguard\",\"https:\\\/\\\/www.diggerslist.com\\\/iwellguard\\\/about\",\"https:\\\/\\\/skitterphoto.com\\\/photographers\\\/2870314\\\/iwell-guard\",\"https:\\\/\\\/iwellguard.wordpress.com\\\/2026\\\/06\\\/06\\\/iwell-guard\\\/\",\"https:\\\/\\\/hub.docker.com\\\/u\\\/iwellguard\",\"https:\\\/\\\/www.pinterest.com\\\/iwellguard\\\/\",\"https:\\\/\\\/bit.ly\\\/m\\\/iwellguard\",\"https:\\\/\\\/entre-vos-mains.alsace.eu\\\/profiles\\\/iwellguard\\\/activity\",\"https:\\\/\\\/gravatar.com\\\/reallybeded8fd34\",\"https:\\\/\\\/naijamatta.com\\\/iwellguard\",\"https:\\\/\\\/www.goodreads.com\\\/iwellguard\",\"https:\\\/\\\/profile.hatena.ne.jp\\\/iwellguard\\\/\",\"https:\\\/\\\/experiment.com\\\/users\\\/iwellguard\",\"https:\\\/\\\/wakelet.com\\\/@iWellGuard82270\",\"https:\\\/\\\/www.chordie.com\\\/forum\\\/profile.php?id=2555664\",\"https:\\\/\\\/www.instapaper.com\\\/p\\\/17757966\",\"https:\\\/\\\/www.mapleprimes.com\\\/users\\\/iwellguard\",\"https:\\\/\\\/businesslistingplus.com\\\/profile\\\/iwell-guard\\\/\",\"https:\\\/\\\/telegra.ph\\\/iWell-Guard-06-06\",\"https:\\\/\\\/pbase.com\\\/iwellguard\\\/iwellguard\",\"https:\\\/\\\/b.hatena.ne.jp\\\/iwellguard\\\/20260607#bookmark-4788405196491818882\",\"https:\\\/\\\/fliphtml5.com\\\/home\\\/iwellguard\",\"https:\\\/\\\/anyflip.com\\\/homepage\\\/cmiwl#About\",\"https:\\\/\\\/transfur.com\\\/Users\\\/iwellguard\",\"http:\\\/\\\/delphi.larsbo.org\\\/user\\\/iwellguard\",\"https:\\\/\\\/jobs.lajobsportal.org\\\/profiles\\\/8380803-iwell-guard\",\"https:\\\/\\\/md.chaosdorf.de\\\/s\\\/jfbe5SBdJD\",\"https:\\\/\\\/www.lingvolive.com\\\/en-us\\\/profile\\\/9ecaeaca-ce11-4e51-9e71-01d55e2bff36\\\/translations\",\"https:\\\/\\\/www.fitday.com\\\/fitness\\\/forums\\\/members\\\/iwellguard.html\",\"https:\\\/\\\/www.mymeetbook.com\\\/iwellguard\",\"https:\\\/\\\/pxhere.com\\\/en\\\/photographer-me\\\/5040798\",\"https:\\\/\\\/disqus.com\\\/by\\\/iwellguard\\\/about\\\/\",\"https:\\\/\\\/pastelink.net\\\/hjwciqwq\",\"https:\\\/\\\/pubhtml5.com\\\/homepage\\\/scjhn\\\/\",\"https:\\\/\\\/www.bitchute.com\\\/channel\\\/2O2eOKzNqujT\",\"https:\\\/\\\/audiomack.com\\\/iwellguard\"]},{\"@type\":\"Article\",\"@id\":\"https:\\\/\\\/iwell-guard.com\\\/is\\\/namarrkon-eldingamadur-kunwinjku\\\/#article\",\"isPartOf\":{\"@id\":\"https:\\\/\\\/iwell-guard.com\\\/is\\\/namarrkon-eldingamadur-kunwinjku\\\/\"},\"author\":{\"name\":\"Ralf Ittermann\",\"@id\":\"https:\\\/\\\/iwell-guard.com\\\/is\\\/#\\\/schema\\\/person\\\/ee2a27f1cac3406c7c6fb5820cb7349f\"},\"headline\":\"Namarrkon \u2013 eldingama\u00f0urinn Kunwinjku\",\"datePublished\":\"2026-09-05T14:04:42+00:00\",\"dateModified\":\"2026-09-05T14:29:24+00:00\",\"mainEntityOfPage\":{\"@id\":\"https:\\\/\\\/iwell-guard.com\\\/is\\\/namarrkon-eldingamadur-kunwinjku\\\/\"},\"publisher\":{\"@id\":\"https:\\\/\\\/iwell-guard.com\\\/is\\\/#organization\"},\"image\":{\"@id\":\"https:\\\/\\\/iwell-guard.com\\\/is\\\/namarrkon-eldingamadur-kunwinjku\\\/#primaryimage\"},\"thumbnailUrl\":\"https:\\\/\\\/iwell-guard.com\\\/wp-content\\\/uploads\\\/2026\\\/05\\\/goetter_aboriginal_namarrkon.webp\",\"inLanguage\":\"is\",\"description\":\"Namarrkon er eldingama\u00f0urinn hj\u00e1 Kunwinjku-frumbyggjum \u00ed Vestur-Arnhem-landi. Tr\u00faarbrag\u00f0afr\u00e6\u00f0ileg \u00fattekt me\u00f0 go\u00f0s\u00f6gn og heimildum.\"}]}<\/script>\n<!-- \/ Yoast SEO Premium plugin. -->","yoast_head_json":{"title":"Namarrkon \u2013 eldingaandi frumbyggja, go\u00f0s\u00f6gn og heimildir","description":"Namarrkon er eldingama\u00f0urinn hj\u00e1 Kunwinjku-frumbyggjum \u00ed Vestur-Arnhem-landi. Tr\u00faarbrag\u00f0afr\u00e6\u00f0ileg \u00fattekt me\u00f0 go\u00f0s\u00f6gn og heimildum.","robots":{"index":"index","follow":"follow","max-snippet":"max-snippet:-1","max-image-preview":"max-image-preview:large","max-video-preview":"max-video-preview:-1"},"canonical":"https:\/\/iwell-guard.com\/is\/namarrkon-eldingamadur-kunwinjku\/","og_locale":"is_IS","og_type":"article","og_title":"Namarrkon \u2013 eldingama\u00f0urinn Kunwinjku","og_description":"Namarrkon er eldingama\u00f0urinn hj\u00e1 Kunwinjku-frumbyggjum \u00ed Vestur-Arnhem-landi. Tr\u00faarbrag\u00f0afr\u00e6\u00f0ileg \u00fattekt me\u00f0 go\u00f0s\u00f6gn og heimildum.","og_url":"https:\/\/iwell-guard.com\/is\/namarrkon-eldingamadur-kunwinjku\/","og_site_name":"iWell Guard","article_modified_time":"2026-09-05T14:29:24+00:00","og_image":[{"width":1024,"height":1536,"url":"https:\/\/iwell-guard.com\/wp-content\/uploads\/2026\/05\/goetter_aboriginal_namarrkon.webp","type":"image\/webp"}],"twitter_card":"summary_large_image","schema":{"@context":"https:\/\/schema.org","@graph":[{"@type":"Article","@id":"https:\/\/iwell-guard.com\/is\/namarrkon-eldingamadur-kunwinjku\/#article","isPartOf":{"@id":"https:\/\/iwell-guard.com\/is\/namarrkon-eldingamadur-kunwinjku\/"},"author":{"name":"Ralf Ittermann","@id":"https:\/\/iwell-guard.com\/is\/#\/schema\/person\/ee2a27f1cac3406c7c6fb5820cb7349f"},"headline":"Namarrkon \u2013 eldingama\u00f0urinn Kunwinjku","datePublished":"2026-09-05T14:04:42+00:00","dateModified":"2026-09-05T14:29:24+00:00","mainEntityOfPage":{"@id":"https:\/\/iwell-guard.com\/is\/namarrkon-eldingamadur-kunwinjku\/"},"publisher":{"@id":"https:\/\/iwell-guard.com\/is\/#organization"},"image":{"@id":"https:\/\/iwell-guard.com\/is\/namarrkon-eldingamadur-kunwinjku\/#primaryimage"},"thumbnailUrl":"https:\/\/iwell-guard.com\/wp-content\/uploads\/2026\/05\/goetter_aboriginal_namarrkon.webp","inLanguage":"is","description":"Namarrkon er eldingama\u00f0urinn hj\u00e1 Kunwinjku-frumbyggjum \u00ed Vestur-Arnhem-landi. Tr\u00faarbrag\u00f0afr\u00e6\u00f0ileg \u00fattekt me\u00f0 go\u00f0s\u00f6gn og heimildum."},{"@type":"WebPage","@id":"https:\/\/iwell-guard.com\/is\/namarrkon-eldingamadur-kunwinjku\/","url":"https:\/\/iwell-guard.com\/is\/namarrkon-eldingamadur-kunwinjku\/","name":"Namarrkon \u2013 eldingaandi frumbyggja, go\u00f0s\u00f6gn og heimildir","isPartOf":{"@id":"https:\/\/iwell-guard.com\/is\/#website"},"primaryImageOfPage":{"@id":"https:\/\/iwell-guard.com\/is\/namarrkon-eldingamadur-kunwinjku\/#primaryimage"},"image":{"@id":"https:\/\/iwell-guard.com\/is\/namarrkon-eldingamadur-kunwinjku\/#primaryimage"},"thumbnailUrl":"https:\/\/iwell-guard.com\/wp-content\/uploads\/2026\/05\/goetter_aboriginal_namarrkon.webp","datePublished":"2026-09-05T14:04:42+00:00","dateModified":"2026-09-05T14:29:24+00:00","description":"Namarrkon er eldingama\u00f0urinn hj\u00e1 Kunwinjku-frumbyggjum \u00ed Vestur-Arnhem-landi. Tr\u00faarbrag\u00f0afr\u00e6\u00f0ileg \u00fattekt me\u00f0 go\u00f0s\u00f6gn og heimildum.","breadcrumb":{"@id":"https:\/\/iwell-guard.com\/is\/namarrkon-eldingamadur-kunwinjku\/#breadcrumb"},"inLanguage":"is","potentialAction":[{"@type":"ReadAction","target":["https:\/\/iwell-guard.com\/is\/namarrkon-eldingamadur-kunwinjku\/"]}]},{"@type":"ImageObject","inLanguage":"is","@id":"https:\/\/iwell-guard.com\/is\/namarrkon-eldingamadur-kunwinjku\/#primaryimage","url":"https:\/\/iwell-guard.com\/wp-content\/uploads\/2026\/05\/goetter_aboriginal_namarrkon.webp","contentUrl":"https:\/\/iwell-guard.com\/wp-content\/uploads\/2026\/05\/goetter_aboriginal_namarrkon.webp","width":1024,"height":1536,"caption":"Gu\u00f0ir \u00far hef\u00f0 frumbyggja \u00c1stral\u00edu (Aboriginal)."},{"@type":"BreadcrumbList","@id":"https:\/\/iwell-guard.com\/is\/namarrkon-eldingamadur-kunwinjku\/#breadcrumb","itemListElement":[{"@type":"ListItem","position":1,"name":"Start","item":"https:\/\/iwell-guard.com\/is\/?page_id=168580"},{"@type":"ListItem","position":2,"name":"Namarrkon \u2013 eldingama\u00f0urinn Kunwinjku"}]},{"@type":"WebSite","@id":"https:\/\/iwell-guard.com\/is\/#website","url":"https:\/\/iwell-guard.com\/is\/","name":"iWell Guard","description":"Schutz vor dunklen Einfl\u00fcssen","publisher":{"@id":"https:\/\/iwell-guard.com\/is\/#organization"},"potentialAction":[{"@type":"SearchAction","target":{"@type":"EntryPoint","urlTemplate":"https:\/\/iwell-guard.com\/is\/?s={search_term_string}"},"query-input":{"@type":"PropertyValueSpecification","valueRequired":true,"valueName":"search_term_string"}}],"inLanguage":"is"},{"@type":"Organization","@id":"https:\/\/iwell-guard.com\/is\/#organization","name":"Ittermann electronic GmbH","url":"https:\/\/iwell-guard.com\/is\/","logo":{"@type":"ImageObject","inLanguage":"is","@id":"https:\/\/iwell-guard.com\/is\/#\/schema\/logo\/image\/","url":"https:\/\/iwell-guard.com\/wp-content\/uploads\/2026\/05\/Ittermann-Logo-1182x237-1.png","contentUrl":"https:\/\/iwell-guard.com\/wp-content\/uploads\/2026\/05\/Ittermann-Logo-1182x237-1.png","width":1182,"height":237,"caption":"Ittermann electronic GmbH"},"image":{"@id":"https:\/\/iwell-guard.com\/is\/#\/schema\/logo\/image\/"},"sameAs":["https:\/\/pantip.com\/profile\/9367242","https:\/\/micro.blog\/iwellguard","https:\/\/www.diggerslist.com\/iwellguard\/about","https:\/\/skitterphoto.com\/photographers\/2870314\/iwell-guard","https:\/\/iwellguard.wordpress.com\/2026\/06\/06\/iwell-guard\/","https:\/\/hub.docker.com\/u\/iwellguard","https:\/\/www.pinterest.com\/iwellguard\/","https:\/\/bit.ly\/m\/iwellguard","https:\/\/entre-vos-mains.alsace.eu\/profiles\/iwellguard\/activity","https:\/\/gravatar.com\/reallybeded8fd34","https:\/\/naijamatta.com\/iwellguard","https:\/\/www.goodreads.com\/iwellguard","https:\/\/profile.hatena.ne.jp\/iwellguard\/","https:\/\/experiment.com\/users\/iwellguard","https:\/\/wakelet.com\/@iWellGuard82270","https:\/\/www.chordie.com\/forum\/profile.php?id=2555664","https:\/\/www.instapaper.com\/p\/17757966","https:\/\/www.mapleprimes.com\/users\/iwellguard","https:\/\/businesslistingplus.com\/profile\/iwell-guard\/","https:\/\/telegra.ph\/iWell-Guard-06-06","https:\/\/pbase.com\/iwellguard\/iwellguard","https:\/\/b.hatena.ne.jp\/iwellguard\/20260607#bookmark-4788405196491818882","https:\/\/fliphtml5.com\/home\/iwellguard","https:\/\/anyflip.com\/homepage\/cmiwl#About","https:\/\/transfur.com\/Users\/iwellguard","http:\/\/delphi.larsbo.org\/user\/iwellguard","https:\/\/jobs.lajobsportal.org\/profiles\/8380803-iwell-guard","https:\/\/md.chaosdorf.de\/s\/jfbe5SBdJD","https:\/\/www.lingvolive.com\/en-us\/profile\/9ecaeaca-ce11-4e51-9e71-01d55e2bff36\/translations","https:\/\/www.fitday.com\/fitness\/forums\/members\/iwellguard.html","https:\/\/www.mymeetbook.com\/iwellguard","https:\/\/pxhere.com\/en\/photographer-me\/5040798","https:\/\/disqus.com\/by\/iwellguard\/about\/","https:\/\/pastelink.net\/hjwciqwq","https:\/\/pubhtml5.com\/homepage\/scjhn\/","https:\/\/www.bitchute.com\/channel\/2O2eOKzNqujT","https:\/\/audiomack.com\/iwellguard"]},{"@type":"Person","@id":"https:\/\/iwell-guard.com\/is\/#\/schema\/person\/ee2a27f1cac3406c7c6fb5820cb7349f","name":"Ralf Ittermann","image":{"@type":"ImageObject","inLanguage":"is","@id":"https:\/\/secure.gravatar.com\/avatar\/073c0153e350a5005b68eb752b445fea71f6b24a26da9449ad7e155e6b446c9d?s=96&d=mm&r=g","url":"https:\/\/secure.gravatar.com\/avatar\/073c0153e350a5005b68eb752b445fea71f6b24a26da9449ad7e155e6b446c9d?s=96&d=mm&r=g","contentUrl":"https:\/\/secure.gravatar.com\/avatar\/073c0153e350a5005b68eb752b445fea71f6b24a26da9449ad7e155e6b446c9d?s=96&d=mm&r=g","caption":"Ralf Ittermann"},"givenName":"Ralf","familyName":"Ittermann","jobTitle":"Gesch\u00e4ftsf\u00fchrer und redaktioneller Verantwortlicher","url":"https:\/\/iwell-guard.com\/is\/author\/claude\/","description":"Ralf Ittermann ist Gesch\u00e4ftsf\u00fchrer der Ittermann electronic GmbH und redaktioneller Verantwortlicher des iWell-Guard-Lexikons. Er verbindet langj\u00e4hrige Erfahrung in der Pr\u00e4zisionsfertigung mit medialer Praxis und religionsgeschichtlicher Quellenarbeit.","worksFor":{"@type":"Organization","name":"Ittermann electronic GmbH","url":"https:\/\/ittermann.de\/","address":{"@type":"PostalAddress","streetAddress":"K\u00f6hlergasse 16-18","postalCode":"99842","addressLocality":"Ruhla","addressCountry":"DE"}},"knowsAbout":["Religionsgeschichte","Mythologie","Mediale Praxis","Energetische Diagnostik","Schutzpraxis","Volksglauben","Westliche Esoterik"]},{"@type":"Article","@id":"https:\/\/iwell-guard.com\/is\/namarrkon-eldingamadur-kunwinjku\/#article","isPartOf":{"@id":"https:\/\/iwell-guard.com\/is\/namarrkon-eldingamadur-kunwinjku\/"},"author":{"name":"Ralf Ittermann","@id":"https:\/\/iwell-guard.com\/is\/#\/schema\/person\/ee2a27f1cac3406c7c6fb5820cb7349f"},"headline":"Namarrkon \u2013 eldingama\u00f0urinn Kunwinjku","datePublished":"2026-09-05T14:04:42+00:00","dateModified":"2026-09-05T14:29:24+00:00","mainEntityOfPage":{"@id":"https:\/\/iwell-guard.com\/is\/namarrkon-eldingamadur-kunwinjku\/"},"publisher":{"@id":"https:\/\/iwell-guard.com\/is\/#organization"},"image":{"@id":"https:\/\/iwell-guard.com\/is\/namarrkon-eldingamadur-kunwinjku\/#primaryimage"},"thumbnailUrl":"https:\/\/iwell-guard.com\/wp-content\/uploads\/2026\/05\/goetter_aboriginal_namarrkon.webp","inLanguage":"is","description":"Namarrkon er eldingama\u00f0urinn hj\u00e1 Kunwinjku-frumbyggjum \u00ed Vestur-Arnhem-landi. Tr\u00faarbrag\u00f0afr\u00e6\u00f0ileg \u00fattekt me\u00f0 go\u00f0s\u00f6gn og heimildum."}]}},"_links":{"self":[{"href":"https:\/\/iwell-guard.com\/is\/wp-json\/wp\/v2\/pages\/168998","targetHints":{"allow":["GET"]}}],"collection":[{"href":"https:\/\/iwell-guard.com\/is\/wp-json\/wp\/v2\/pages"}],"about":[{"href":"https:\/\/iwell-guard.com\/is\/wp-json\/wp\/v2\/types\/page"}],"author":[{"embeddable":true,"href":"https:\/\/iwell-guard.com\/is\/wp-json\/wp\/v2\/users\/3"}],"replies":[{"embeddable":true,"href":"https:\/\/iwell-guard.com\/is\/wp-json\/wp\/v2\/comments?post=168998"}],"version-history":[{"count":0,"href":"https:\/\/iwell-guard.com\/is\/wp-json\/wp\/v2\/pages\/168998\/revisions"}],"wp:featuredmedia":[{"embeddable":true,"href":"https:\/\/iwell-guard.com\/is\/wp-json\/wp\/v2\/media\/2874"}],"wp:attachment":[{"href":"https:\/\/iwell-guard.com\/is\/wp-json\/wp\/v2\/media?parent=168998"}],"wp:term":[{"taxonomy":"category","embeddable":true,"href":"https:\/\/iwell-guard.com\/is\/wp-json\/wp\/v2\/categories?post=168998"}],"curies":[{"name":"wp","href":"https:\/\/api.w.org\/{rel}","templated":true}]}}