{"id":168996,"date":"2026-09-05T14:04:41","date_gmt":"2026-09-05T14:04:41","guid":{"rendered":"https:\/\/iwell-guard.com\/?page_id=168996"},"modified":"2026-09-05T14:29:19","modified_gmt":"2026-09-05T14:29:19","slug":"bunyip-vatnsvaetti-frumbyggja","status":"publish","type":"page","link":"https:\/\/iwell-guard.com\/is\/bunyip-vatnsvaetti-frumbyggja\/","title":{"rendered":"Bunyip \u2013 vatnsv\u00e6tti frumbyggja \u00c1stral\u00edu"},"content":{"rendered":"\t\t<div data-elementor-type=\"wp-page\" data-elementor-id=\"168996\" class=\"elementor elementor-168996 elementor-2651 elementor-bc-flex-widget\" data-elementor-post-type=\"page\">\n\t\t\t\t<div class=\"elementor-element elementor-element-iwgw-bunyip-hero e-flex e-con-boxed e-con e-parent\" data-id=\"iwgw-bunyip-hero\" data-element_type=\"container\" data-e-type=\"container\" data-settings=\"{&quot;background_background&quot;:&quot;classic&quot;}\">\n\t\t\t\t\t<div class=\"e-con-inner\">\n\t\t<div class=\"elementor-element elementor-element-iwgw-bunyip-hl e-flex e-con-boxed e-con e-child\" data-id=\"iwgw-bunyip-hl\" data-element_type=\"container\" data-e-type=\"container\">\n\t\t\t\t\t<div class=\"e-con-inner\">\n\t\t<div class=\"elementor-element elementor-element-iwgw-bunyip-htxt e-con-full e-flex e-con e-child\" data-id=\"iwgw-bunyip-htxt\" data-element_type=\"container\" data-e-type=\"container\">\n\t\t\t\t<div class=\"elementor-element elementor-element-iwgw-bunyip-h1 elementor-widget elementor-widget-heading\" data-id=\"iwgw-bunyip-h1\" data-element_type=\"widget\" data-e-type=\"widget\" data-widget_type=\"heading.default\">\n\t\t\t\t\t<h1 class=\"elementor-heading-title elementor-size-default\">Bunyip, vatnsv\u00e6tti og skelfingarvera \u00ed m\u00fdrum og vatnsgryfjum frumbyggja<\/h1>\t\t\t\t<\/div>\n\t\t\t\t<div class=\"elementor-element elementor-element-iwgw-bunyip-lead elementor-widget elementor-widget-text-editor\" data-id=\"iwgw-bunyip-lead\" data-element_type=\"widget\" data-e-type=\"widget\" data-widget_type=\"text-editor.default\">\n\t\t\t\t\t\t\t\t\t<p>Bunyip er \u00f3gnvekjandi ska\u00f0vera \u00ed m\u00fdrum og dj\u00fapum vatnsgryfjum frumbyggja \u00ed su\u00f0austur \u00c1stral\u00edu. Hann lifir undir vatninu, kallar \u00e1 n\u00f3ttunni me\u00f0 drynjandi r\u00f6dd og dregur \u00f3vark\u00e1ra menn, s\u00e9rstaklega konur og b\u00f6rn, ni\u00f0ur \u00ed dj\u00fapi\u00f0.<\/p>\t\t\t\t\t\t\t\t<\/div>\n\t\t\t\t<\/div>\n\t\t<div class=\"elementor-element elementor-element-iwgw-bunyip-pillc e-con-full e-flex e-con e-child\" data-id=\"iwgw-bunyip-pillc\" data-element_type=\"container\" data-e-type=\"container\">\n\t\t\t\t<div class=\"elementor-element elementor-element-iwgw-bunyip-pills elementor-widget elementor-widget-html\" data-id=\"iwgw-bunyip-pills\" data-element_type=\"widget\" data-e-type=\"widget\" data-widget_type=\"html.default\">\n\t\t\t\t\t<div class=\"iwg-pill-row\"><span class=\"iwg-klasse-badge\" tabindex=\"0\" data-tooltip=\"Ska\u00f0vera \u00ed hef\u00f0 frumbyggja \u00c1stral\u00edu.\">Ska\u00f0vera<\/span><a href=\"https:\/\/iwell-guard.com\/is\/aboriginal-astralia-draumtid-tjukurpa-verndargripir\/\" class=\"iwg-kultur-badge\" tabindex=\"0\" data-tooltip=\"Go\u00f0afr\u00e6\u00f0i hef\u00f0ar frumbyggja \u00c1stral\u00edu.\">Frumbyggjar \u00c1stral\u00edu<\/a><span class=\"iwg-tradition-badge\" tabindex=\"0\" data-tooltip=\"Vatnsv\u00e6tti.\">Vatnsv\u00e6tti<\/span><\/div>\t\t\t\t<\/div>\n\t\t\t\t<\/div>\n\t\t<div class=\"elementor-element elementor-element-iwgw-bunyip-tocc e-con-full e-flex e-con e-child\" data-id=\"iwgw-bunyip-tocc\" data-element_type=\"container\" data-e-type=\"container\">\n\t\t\t\t<div class=\"elementor-element elementor-element-iwgw-bunyip-toc elementor-toc--minimized-on-tablet elementor-widget elementor-widget-table-of-contents\" data-id=\"iwgw-bunyip-toc\" data-element_type=\"widget\" data-e-type=\"widget\" data-settings=\"{&quot;headings_by_tags&quot;:[&quot;h2&quot;,&quot;h3&quot;],&quot;minimize_box&quot;:&quot;yes&quot;,&quot;marker_view&quot;:&quot;bullets&quot;,&quot;no_headings_message&quot;:&quot;Engar undirfyrirsagnir fundust \\u00e1 \\u00feessari s\\u00ed\\u00f0u.&quot;,&quot;exclude_headings_by_selector&quot;:[],&quot;icon&quot;:{&quot;value&quot;:&quot;fas fa-circle&quot;,&quot;library&quot;:&quot;fa-solid&quot;,&quot;rendered_tag&quot;:&quot;&lt;svg class=\\&quot;e-font-icon-svg e-fas-circle\\&quot; viewBox=\\&quot;0 0 512 512\\&quot; xmlns=\\&quot;http:\\\/\\\/www.w3.org\\\/2000\\\/svg\\&quot;&gt;&lt;path d=\\&quot;M256 8C119 8 8 119 8 256s111 248 248 248 248-111 248-248S393 8 256 8z\\&quot;&gt;&lt;\\\/path&gt;&lt;\\\/svg&gt;&quot;},&quot;minimized_on&quot;:&quot;tablet&quot;,&quot;hierarchical_view&quot;:&quot;yes&quot;,&quot;min_height&quot;:{&quot;unit&quot;:&quot;px&quot;,&quot;size&quot;:&quot;&quot;,&quot;sizes&quot;:[]},&quot;min_height_tablet&quot;:{&quot;unit&quot;:&quot;px&quot;,&quot;size&quot;:&quot;&quot;,&quot;sizes&quot;:[]},&quot;min_height_mobile&quot;:{&quot;unit&quot;:&quot;px&quot;,&quot;size&quot;:&quot;&quot;,&quot;sizes&quot;:[]}}\" data-widget_type=\"table-of-contents.default\">\n\t\t\t\t\t\t\t\t\t<div class=\"elementor-toc__header\">\n\t\t\t\t\t\t<h2 class=\"elementor-toc__header-title\">\n\t\t\t\tEfnisyfirlit\t\t\t<\/h2>\n\t\t\t\t\t\t\t\t\t\t<div class=\"elementor-toc__toggle-button elementor-toc__toggle-button--expand\" role=\"button\" tabindex=\"0\" aria-controls=\"elementor-toc__iwgw-bunyip-toc\" aria-expanded=\"true\" aria-label=\"Open table of contents\"><svg aria-hidden=\"true\" class=\"e-font-icon-svg e-fas-chevron-down\" viewBox=\"0 0 448 512\" xmlns=\"http:\/\/www.w3.org\/2000\/svg\"><path d=\"M207.029 381.476L12.686 187.132c-9.373-9.373-9.373-24.569 0-33.941l22.667-22.667c9.357-9.357 24.522-9.375 33.901-.04L224 284.505l154.745-154.021c9.379-9.335 24.544-9.317 33.901.04l22.667 22.667c9.373 9.373 9.373 24.569 0 33.941L240.971 381.476c-9.373 9.372-24.569 9.372-33.942 0z\"><\/path><\/svg><\/div>\n\t\t\t\t<div class=\"elementor-toc__toggle-button elementor-toc__toggle-button--collapse\" role=\"button\" tabindex=\"0\" aria-controls=\"elementor-toc__iwgw-bunyip-toc\" aria-expanded=\"true\" aria-label=\"Close table of contents\"><svg aria-hidden=\"true\" class=\"e-font-icon-svg e-fas-chevron-up\" viewBox=\"0 0 448 512\" xmlns=\"http:\/\/www.w3.org\/2000\/svg\"><path d=\"M240.971 130.524l194.343 194.343c9.373 9.373 9.373 24.569 0 33.941l-22.667 22.667c-9.357 9.357-24.522 9.375-33.901.04L224 227.495 69.255 381.516c-9.379 9.335-24.544 9.317-33.901-.04l-22.667-22.667c-9.373-9.373-9.373-24.569 0-33.941L207.03 130.525c9.372-9.373 24.568-9.373 33.941-.001z\"><\/path><\/svg><\/div>\n\t\t\t\t\t<\/div>\n\t\t\t\t<div id=\"elementor-toc__iwgw-bunyip-toc\" class=\"elementor-toc__body\">\n\t\t\t<div class=\"elementor-toc__spinner-container\">\n\t\t\t\t<svg class=\"elementor-toc__spinner eicon-animation-spin e-font-icon-svg e-eicon-loading\" aria-hidden=\"true\" viewBox=\"0 0 1000 1000\" xmlns=\"http:\/\/www.w3.org\/2000\/svg\"><path d=\"M500 975V858C696 858 858 696 858 500S696 142 500 142 142 304 142 500H25C25 237 238 25 500 25S975 237 975 500 763 975 500 975Z\"><\/path><\/svg>\t\t\t<\/div>\n\t\t<\/div>\n\t\t\t\t\t\t<\/div>\n\t\t\t\t<\/div>\n\t\t\t\t\t<\/div>\n\t\t\t\t<\/div>\n\t\t<div class=\"elementor-element elementor-element-iwgw-bunyip-hr e-con-full e-flex e-con e-child\" data-id=\"iwgw-bunyip-hr\" data-element_type=\"container\" data-e-type=\"container\">\n\t\t\t\t<div class=\"elementor-element elementor-element-iwgw-bunyip-heroimg iwg-hero-image elementor-widget elementor-widget-image\" data-id=\"iwgw-bunyip-heroimg\" data-element_type=\"widget\" data-e-type=\"widget\" data-widget_type=\"image.default\">\n\t\t\t\t\t\t\t\t\t\t\t\t\t\t\t<img fetchpriority=\"high\" decoding=\"async\" width=\"683\" height=\"1024\" src=\"https:\/\/iwell-guard.com\/wp-content\/uploads\/2026\/05\/daemonen_aboriginal_bunyip-683x1024.webp\" class=\"attachment-large size-large wp-image-170792\" alt=\"Bunyip - Dj\u00f6flar \u00far Aboriginal-hef\u00f0inni, s\u00f6guleg myndskreyting\" srcset=\"https:\/\/iwell-guard.com\/wp-content\/uploads\/2026\/05\/daemonen_aboriginal_bunyip-683x1024.webp 683w, https:\/\/iwell-guard.com\/wp-content\/uploads\/2026\/05\/daemonen_aboriginal_bunyip-200x300.webp 200w, https:\/\/iwell-guard.com\/wp-content\/uploads\/2026\/05\/daemonen_aboriginal_bunyip-768x1152.webp 768w, https:\/\/iwell-guard.com\/wp-content\/uploads\/2026\/05\/daemonen_aboriginal_bunyip.webp 1024w\" sizes=\"(max-width: 683px) 100vw, 683px\" \/>\t\t\t\t\t\t\t\t\t\t\t\t\t\t\t<\/div>\n\t\t\t\t<\/div>\n\t\t\t\t\t<\/div>\n\t\t\t\t<\/div>\n\t\t<div class=\"elementor-element elementor-element-iwgw-bunyip-s0 e-flex e-con-boxed e-con e-parent\" data-id=\"iwgw-bunyip-s0\" data-element_type=\"container\" data-e-type=\"container\">\n\t\t\t\t\t<div class=\"e-con-inner\">\n\t\t\t\t<div class=\"elementor-element elementor-element-iwgw-bunyip-s0h elementor-widget elementor-widget-heading\" data-id=\"iwgw-bunyip-s0h\" data-element_type=\"widget\" data-e-type=\"widget\" data-widget_type=\"heading.default\">\n\t\t\t\t\t<h2 class=\"elementor-heading-title elementor-size-default\">Greining og skammrit<\/h2>\t\t\t\t<\/div>\n\t\t<div class=\"elementor-element elementor-element-iwgw-bunyip-s0c e-con-full e-flex e-con e-child\" data-id=\"iwgw-bunyip-s0c\" data-element_type=\"container\" data-e-type=\"container\">\n\t\t\t\t<div class=\"elementor-element elementor-element-iwgw-bunyip-s0t elementor-widget elementor-widget-text-editor\" data-id=\"iwgw-bunyip-s0t\" data-element_type=\"widget\" data-e-type=\"widget\" data-widget_type=\"text-editor.default\">\n\t\t\t\t\t\t\t\t\t<p>Bunyip (l\u00edka nefndur <em>Banib<\/em>, <em>Bunyup<\/em>, <em>Yaa-loo<\/em>) er ska\u00f0vera sem heimildir eru til um \u00ed m\u00f6rgum tungum\u00e1lum frumbyggja \u00ed su\u00f0austur \u00c1stral\u00edu. Hann lifir \u00ed dj\u00fapum vatnsgryfjum, m\u00fdrum og \u00e1rfarvegum (billabongs) og er talinn birting hins \u00f3\u00fatsk\u00fdr\u00f0a, h\u00e6ttulega vatnsm\u00e1ttar. Hj\u00e1 Wiradjuri, Kamilaroi, Kulin, Wemba Wemba, Eora og m\u00f6rgum \u00f6\u00f0rum h\u00f3pum er hans \u00f3ttast.<\/p><p>Innan <a href=\"https:\/\/iwell-guard.com\/is\/aboriginal-astralia-draumtid-tjukurpa-verndargripir\/\">hef\u00f0ar frumbyggja \u00c1stral\u00edu<\/a> er Bunyip, \u00f3l\u00edkt <a href=\"https:\/\/iwell-guard.com\/is\/?page_id=168989\">Regnbogasl\u00f6ngunni<\/a>, ekki sk\u00f6punarvera heldur hrein skelfingarvera. B\u00e1\u00f0ar eru tengdar vatni, en me\u00f0an Regnbogaslangan hefur skapandi og skipulagshlutverk er Bunyip hreinlega \u00f3gnvekjandi.<\/p><p>Tr\u00faars\u00f6gulega s\u00e9rlega \u00e1hugavert: Bunyip er ein af f\u00e1um verum frumbyggja sem komst tilt\u00f6lulega snemma inn \u00ed evr\u00f3psk-\u00e1stralska \u00fej\u00f3\u00f0menningu. \u00deegar \u00e1 seinni hluta 19. aldar var hann umfj\u00f6llunarefni barnab\u00f3kmennta, leikrita og al\u00fe\u00fd\u00f0legra sagna. \u00deessi yfirf\u00e6rsla er mikilv\u00e6gt ranns\u00f3knartilfelli \u00ed tr\u00faarlegri manneskjufr\u00e6\u00f0i.<\/p>\t\t\t\t\t\t\t\t<\/div>\n\t\t\t\t<\/div>\n\t\t\t\t\t<\/div>\n\t\t\t\t<\/div>\n\t\t<div class=\"elementor-element elementor-element-iwgw-bunyip-s1 e-flex e-con-boxed e-con e-parent\" data-id=\"iwgw-bunyip-s1\" data-element_type=\"container\" data-e-type=\"container\">\n\t\t\t\t\t<div class=\"e-con-inner\">\n\t\t\t\t<div class=\"elementor-element elementor-element-iwgw-bunyip-s1h elementor-widget elementor-widget-heading\" data-id=\"iwgw-bunyip-s1h\" data-element_type=\"widget\" data-e-type=\"widget\" data-widget_type=\"heading.default\">\n\t\t\t\t\t<h2 class=\"elementor-heading-title elementor-size-default\">Nafn og or\u00f0sifjar<\/h2>\t\t\t\t<\/div>\n\t\t<div class=\"elementor-element elementor-element-iwgw-bunyip-s1c e-con-full e-flex e-con e-child\" data-id=\"iwgw-bunyip-s1c\" data-element_type=\"container\" data-e-type=\"container\">\n\t\t\t\t<div class=\"elementor-element elementor-element-iwgw-bunyip-s1t elementor-widget elementor-widget-text-editor\" data-id=\"iwgw-bunyip-s1t\" data-element_type=\"widget\" data-e-type=\"widget\" data-widget_type=\"text-editor.default\">\n\t\t\t\t\t\t\t\t\t<p>Nafni\u00f0 <em>Bunyip<\/em> er ensk a\u00f0l\u00f6gun \u00fdmissa or\u00f0a \u00far tungum\u00e1lum frumbyggja; n\u00e1kv\u00e6m uppruni er umdeildur. Hef\u00f0bundin sk\u00fdring tengir \u00fea\u00f0 vi\u00f0 Wemba-Wemba or\u00f0i\u00f0 <em>banib<\/em> (\u201edj\u00f6full\u201c, \u201eska\u00f0v\u00e6ttur\u201c); a\u00f0rir fr\u00e6\u00f0imenn benda \u00e1 Wathaurong or\u00f0i\u00f0 <em>buniya<\/em>.<\/p><p>\u00cd hinum \u00fdmsu tungum\u00e1lum frumbyggja heitir veran \u00fdmsum n\u00f6fnum: <em>Banib<\/em> (Wemba Wemba), <em>Mungoongarlie<\/em> (afbrig\u00f0i \u00e1 Wiradjuri), <em>Wowee-wowee<\/em> (Kulin), <em>Yaa-loo<\/em> (Eora). \u00deessi fj\u00f6lbreytni s\u00fdnir a\u00f0 \u201eBunyip\u201c er ekki ein tiltekin vera heldur fj\u00f6lskylda tengdra skelfingarvera sem hafa veri\u00f0 sameina\u00f0ar undir einu nafni \u00ed evr\u00f3psk-\u00e1stralskri <span class=\"iwg-fachbegriff\" data-tooltip=\"Hin munnlega arfleidda \u00fej\u00f3\u00f0menning me\u00f0 si\u00f0um, s\u00f6gnum og s\u00f6ngvum.\" tabindex=\"0\">\u00fej\u00f3\u00f0tr\u00fa<\/span>.<\/p><p>Robert Holden hefur \u00ed b\u00f3kinni <em>Bunyips: Australia&#8217;s <span class=\"iwg-fachbegriff\" data-tooltip=\"Hin munnlega arfleidda \u00fej\u00f3\u00f0menning me\u00f0 si\u00f0um, s\u00f6gnum og s\u00f6ngvum.\" tabindex=\"0\">Folklore<\/span> of Fear<\/em> (2001) unni\u00f0 \u00edtarlega \u00far tungum\u00e1la- og \u00fej\u00f3\u00f0tr\u00faars\u00f6gu Bunyip. B\u00f3k hans er mikilv\u00e6gasta yfirlitsriti\u00f0 um efni\u00f0.<\/p>\t\t\t\t\t\t\t\t<\/div>\n\t\t\t\t<\/div>\n\t\t\t\t\t<\/div>\n\t\t\t\t<\/div>\n\t\t<div class=\"elementor-element elementor-element-iwgw-bunyip-s2 e-flex e-con-boxed e-con e-parent\" data-id=\"iwgw-bunyip-s2\" data-element_type=\"container\" data-e-type=\"container\">\n\t\t\t\t\t<div class=\"e-con-inner\">\n\t\t\t\t<div class=\"elementor-element elementor-element-iwgw-bunyip-s2h elementor-widget elementor-widget-heading\" data-id=\"iwgw-bunyip-s2h\" data-element_type=\"widget\" data-e-type=\"widget\" data-widget_type=\"heading.default\">\n\t\t\t\t\t<h2 class=\"elementor-heading-title elementor-size-default\">L\u00fdsing og myndm\u00e1l<\/h2>\t\t\t\t<\/div>\n\t\t<div class=\"elementor-element elementor-element-iwgw-bunyip-s2c e-con-full e-flex e-con e-child\" data-id=\"iwgw-bunyip-s2c\" data-element_type=\"container\" data-e-type=\"container\">\n\t\t\t\t<div class=\"elementor-element elementor-element-iwgw-bunyip-s2t elementor-widget elementor-widget-text-editor\" data-id=\"iwgw-bunyip-s2t\" data-element_type=\"widget\" data-e-type=\"widget\" data-widget_type=\"text-editor.default\">\n\t\t\t\t\t\t\t\t\t<p>L\u00fdsingar \u00e1 Bunyip eru mj\u00f6g misjafnar milli h\u00f3pa frumbyggja. Algeng einkenni eru: st\u00f3r, d\u00f6kkur l\u00edkami me\u00f0 selslegu formi, brei\u00f0ar kl\u00e6r, langur feldur, gl\u00f3andi augu, horn e\u00f0a d\u00fdrslegar \u00fatvextir sem l\u00edkjast hornum, drynjandi e\u00f0a geltandi r\u00f6dd. Sumar l\u00fdsingar nefna nef e\u00f0a v\u00edgt\u00f6nn.<\/p><p><span data-nosnippet>\u00deessi breytileiki hefur leitt fr\u00e6\u00f0imenn til a\u00f0 greina \u00e1 milli \u00feriggja \u201eger\u00f0a\u201c: selsl\u00edkrar, nautl\u00edkrar og sl\u00f6ngul\u00edkrar Bunyip-veru. Robert Holden hefur unni\u00f0 \u00feessa flokkun skipulega \u00fat \u00ed b\u00f3kinni <em>Bunyips<\/em> (2001).<\/span><\/p><p><span data-nosnippet>\u00cd \u00e1stralskri al\u00fe\u00fd\u00f0umenningu fr\u00e1 seinni hluta 19. aldar hefur m\u00f3tast samr\u00e6md mynd af Bunyip: nokku\u00f0 kr\u00fattleg, keng\u00farul\u00edk vera me\u00f0 langan hala og vinalegt andlit. \u00deessi tamning \u00ed barnab\u00f3kmenntum (t.d. \u00ed b\u00f3k Jenny Wagner <em>The Bunyip of Berkeley&#8217;s Creek<\/em>, 1973) hefur a\u00f0 miklu leyti dregi\u00f0 \u00far upprunalegum skelfingar\u00fe\u00e6tti veruna.<\/span><\/p>\t\t\t\t\t\t\t\t<\/div>\n\t\t\t\t<\/div>\n\t\t\t\t\t<\/div>\n\t\t\t\t<\/div>\n\t\t<div class=\"elementor-element elementor-element-iwgw-bunyip-s3 e-flex e-con-boxed e-con e-parent\" data-id=\"iwgw-bunyip-s3\" data-element_type=\"container\" data-e-type=\"container\">\n\t\t\t\t\t<div class=\"e-con-inner\">\n\t\t\t\t<div class=\"elementor-element elementor-element-iwgw-bunyip-s3h elementor-widget elementor-widget-heading\" data-id=\"iwgw-bunyip-s3h\" data-element_type=\"widget\" data-e-type=\"widget\" data-widget_type=\"heading.default\">\n\t\t\t\t\t<h2 class=\"elementor-heading-title elementor-size-default\">Go\u00f0sagnakenndar fr\u00e1sagnir<\/h2>\t\t\t\t<\/div>\n\t\t<div class=\"elementor-element elementor-element-iwgw-bunyip-s3c e-con-full e-flex e-con e-child\" data-id=\"iwgw-bunyip-s3c\" data-element_type=\"container\" data-e-type=\"container\">\n\t\t\t\t<div class=\"elementor-element elementor-element-iwgw-bunyip-s3t elementor-widget elementor-widget-text-editor\" data-id=\"iwgw-bunyip-s3t\" data-element_type=\"widget\" data-e-type=\"widget\" data-widget_type=\"text-editor.default\">\n\t\t\t\t\t\t\t\t\t<p>D\u00e6miger\u00f0 Bunyip-fr\u00e1s\u00f6gn fylgir \u00e1kve\u00f0nu mynstri: einhver (venjulega kona, barn e\u00f0a \u00f3vark\u00e1r ma\u00f0ur) n\u00e1lgast heilaga vatnsgryfju \u00e1n leyfis; drynjandi hlj\u00f3\u00f0 heyrist; vatni\u00f0 ver\u00f0ur \u00f3r\u00f3asamt; d\u00f6kk vera birtist; manneskjan er dregin ni\u00f0ur \u00ed dj\u00fapi\u00f0 og s\u00e9st aldrei framar.<\/p><p><span data-nosnippet>A. W. Howitt safna\u00f0i \u00ed b\u00f3k sinni <em>The Native Tribes of South-East Australia<\/em> (1904) saman nokkrum sl\u00edkum fr\u00e1s\u00f6gnum fr\u00e1 \u00fdmsum tungum\u00e1lah\u00f3pum frumbyggja. \u00de\u00e6r fylgja samr\u00e6mdu fr\u00e1sagnarmynstri, sem bendir til \u00feess a\u00f0 um s\u00e9 a\u00f0 r\u00e6\u00f0a v\u00ed\u00f0t\u00e6ka fr\u00e1sagnarhef\u00f0 um allt su\u00f0austur \u00c1stral\u00edu.<\/span><\/p><p>S\u00e9rstaklega vel \u00feekkt Bunyip-fr\u00e1s\u00f6gn kemur fr\u00e1 Tatjarra-sv\u00e6\u00f0inu (Mallee-h\u00e9ra\u00f0i): Ungur ma\u00f0ur virti ekki vi\u00f0v\u00f6run \u00f6ldunganna um a\u00f0 fara ekki a\u00f0 heilagri vatnsgryfju; Bunyip dr\u00f3 hann ni\u00f0ur \u00ed dj\u00fapi\u00f0 og bein hans eru s\u00f6g\u00f0 sj\u00e1st enn \u00feann dag \u00ed dag \u00e1 botni gryfjunnar.<\/p>\t\t\t\t\t\t\t\t<\/div>\n\t\t\t\t<\/div>\n\t\t\t\t\t<\/div>\n\t\t\t\t<\/div>\n\t\t<div class=\"elementor-element elementor-element-iwgw-bunyip-s4 e-flex e-con-boxed e-con e-parent\" data-id=\"iwgw-bunyip-s4\" data-element_type=\"container\" data-e-type=\"container\">\n\t\t\t\t\t<div class=\"e-con-inner\">\n\t\t\t\t<div class=\"elementor-element elementor-element-iwgw-bunyip-s4h elementor-widget elementor-widget-heading\" data-id=\"iwgw-bunyip-s4h\" data-element_type=\"widget\" data-e-type=\"widget\" data-widget_type=\"heading.default\">\n\t\t\t\t\t<h2 class=\"elementor-heading-title elementor-size-default\">D\u00fdrkun og tilbei\u00f0sla<\/h2>\t\t\t\t<\/div>\n\t\t<div class=\"elementor-element elementor-element-iwgw-bunyip-s4c e-con-full e-flex e-con e-child\" data-id=\"iwgw-bunyip-s4c\" data-element_type=\"container\" data-e-type=\"container\">\n\t\t\t\t<div class=\"elementor-element elementor-element-iwgw-bunyip-s4t elementor-widget elementor-widget-text-editor\" data-id=\"iwgw-bunyip-s4t\" data-element_type=\"widget\" data-e-type=\"widget\" data-widget_type=\"text-editor.default\">\n\t\t\t\t\t\t\t\t\t<p>Bunyip hefur engan <span class=\"iwg-fachbegriff\" data-tooltip=\"Heild tr\u00faarlegra d\u00fdrkunarathafna fyrir gu\u00f0 e\u00f0a heilaga veru.\" tabindex=\"0\">d\u00fdrkun<\/span> \u00ed eiginlegri merkingu; hann er skelfingarvera sem f\u00f3lk for\u00f0ast, ekki m\u00e1ttarvald sem er \u00fej\u00f3na\u00f0. \u00cd reynd \u00fe\u00fd\u00f0ir \u00fea\u00f0: \u00e1kve\u00f0nar vatnsgryfjur og m\u00fdrarsv\u00e6\u00f0i eru for\u00f0ast, s\u00e9rstaklega \u00e1 n\u00f3ttunni; b\u00f6rn eru v\u00f6ru\u00f0 vi\u00f0 me\u00f0 Bunyip-s\u00f6gum; fer\u00f0amenn for\u00f0ast tilteknar lei\u00f0ir um m\u00fdrarsv\u00e6\u00f0in.<\/p><p>\u00deessar skelfingars\u00f6gur hafa uppeldislegt hlutverk: \u00fe\u00e6r vara vi\u00f0 raunverulegum h\u00e6ttum m\u00fdrarsv\u00e6\u00f0a (drukknun, kr\u00f3k\u00f3d\u00edlar, sandfen) \u00ed go\u00f0sagnalegum b\u00faningi. Tr\u00faarlega manneskjufr\u00e6\u00f0ilega s\u00e9\u00f0 er \u00feetta klass\u00edskt d\u00e6mi um vistfr\u00e6\u00f0ilega-uppeldislega virkni skelfingarsagna.<\/p><p>\u00cd evr\u00f3psk-\u00e1stralskri <span class=\"iwg-fachbegriff\" data-tooltip=\"Hin munnlega arfleidda \u00fej\u00f3\u00f0menning me\u00f0 si\u00f0um, s\u00f6gnum og s\u00f6ngvum.\" tabindex=\"0\">\u00fej\u00f3\u00f0tr\u00fa<\/span> hefur Bunyip teki\u00f0 \u00e1 sig anna\u00f0 hlutverk: hann var\u00f0 au\u00f0kennisvera fyrir \u201e\u00e1stralska\u201c <span class=\"iwg-fachbegriff\" data-tooltip=\"Hin munnlega arfleidda \u00fej\u00f3\u00f0menning me\u00f0 si\u00f0um, s\u00f6gnum og s\u00f6ngvum.\" tabindex=\"0\">\u00fej\u00f3\u00f0tr\u00fa<\/span> sem \u00e1tti a\u00f0 skilja sig fr\u00e1 hinni evr\u00f3psku. \u00deetta eignaraferli er skjalfest fr\u00e1 seinni hluta 19. aldar.<\/p>\t\t\t\t\t\t\t\t<\/div>\n\t\t\t\t<\/div>\n\t\t\t\t\t<\/div>\n\t\t\t\t<\/div>\n\t\t<div class=\"elementor-element elementor-element-iwgw-bunyip-s5 e-flex e-con-boxed e-con e-parent\" data-id=\"iwgw-bunyip-s5\" data-element_type=\"container\" data-e-type=\"container\">\n\t\t\t\t\t<div class=\"e-con-inner\">\n\t\t\t\t<div class=\"elementor-element elementor-element-iwgw-bunyip-s5h elementor-widget elementor-widget-heading\" data-id=\"iwgw-bunyip-s5h\" data-element_type=\"widget\" data-e-type=\"widget\" data-widget_type=\"heading.default\">\n\t\t\t\t\t<h2 class=\"elementor-heading-title elementor-size-default\">Verndara\u00f0ger\u00f0ir og fr\u00e1hrindandi t\u00e1kn<\/h2>\t\t\t\t<\/div>\n\t\t<div class=\"elementor-element elementor-element-iwgw-bunyip-s5c e-con-full e-flex e-con e-child\" data-id=\"iwgw-bunyip-s5c\" data-element_type=\"container\" data-e-type=\"container\">\n\t\t\t\t<div class=\"elementor-element elementor-element-iwgw-bunyip-s5t elementor-widget elementor-widget-text-editor\" data-id=\"iwgw-bunyip-s5t\" data-element_type=\"widget\" data-e-type=\"widget\" data-widget_type=\"text-editor.default\">\n\t\t\t\t\t\t\t\t\t<p>Tr\u00fafr\u00e6\u00f0ilega l\u00fdst: Ap\u00f3tr\u00f3pa\u00edskar athafnir gegn bunyip felast \u00ed \u00fev\u00ed a\u00f0 for\u00f0ast \u00e1kve\u00f0in vatnsb\u00f3l, for\u00f0ast a\u00f0 tjalda \u00e1 vatnsb\u00f6kkum, syngja h\u00e1tt vi\u00f0 fer\u00f0 um m\u00fdrarsv\u00e6\u00f0i (bunyip \u00feolir ekki h\u00e1va\u00f0a) og kasta sm\u00e1steinum \u00ed vatni\u00f0 \u00e1\u00f0ur en drukki\u00f0 er (til a\u00f0 \u201evekja bunyip\u201c).<\/p><p>S\u00e9rstakt si\u00f0venja er a\u00f0 r\u00e1\u00f0f\u00e6ra sig vi\u00f0 \u00f6ldunga \u00e6ttb\u00e1lksins \u00e1\u00f0ur en n\u00fdtt vatnsb\u00f3l er nota\u00f0; \u00f6ldungarnir greina hvort vatnsb\u00f3li\u00f0 s\u00e9 \u201ehreint\u201c e\u00f0a \u201ebunyip-land\u201c. \u00deessi \u00farlausn heyrir til hef\u00f0bundinna umhverfisvenja.<\/p><p>Fr\u00e1 \u00fej\u00f3\u00f0fr\u00e6\u00f0ilegu sj\u00f3narhorni utanfr\u00e1 eru \u00feessar athafnir daglegar reglur sem tengja umhverfislega var\u00fa\u00f0 vi\u00f0 f\u00e9lagslegt vald. S\u00f6gur af bunyip voru mikilv\u00e6g lei\u00f0 til a\u00f0 mi\u00f0la \u00feekkingu munnlega um h\u00e6ttur vatnsins.<\/p>\t\t\t\t\t\t\t\t<\/div>\n\t\t\t\t<\/div>\n\t\t\t\t\t<\/div>\n\t\t\t\t<\/div>\n\t\t<div class=\"elementor-element elementor-element-iwgw-bunyip-s6 e-flex e-con-boxed e-con e-parent\" data-id=\"iwgw-bunyip-s6\" data-element_type=\"container\" data-e-type=\"container\">\n\t\t\t\t\t<div class=\"e-con-inner\">\n\t\t\t\t<div class=\"elementor-element elementor-element-iwgw-bunyip-s6h elementor-widget elementor-widget-heading\" data-id=\"iwgw-bunyip-s6h\" data-element_type=\"widget\" data-e-type=\"widget\" data-widget_type=\"heading.default\">\n\t\t\t\t\t<h2 class=\"elementor-heading-title elementor-size-default\">Hli\u00f0st\u00e6\u00f0ur \u00ed \u00f6\u00f0rum menningarheimum<\/h2>\t\t\t\t<\/div>\n\t\t<div class=\"elementor-element elementor-element-iwgw-bunyip-s6c e-con-full e-flex e-con e-child\" data-id=\"iwgw-bunyip-s6c\" data-element_type=\"container\" data-e-type=\"container\">\n\t\t\t\t<div class=\"elementor-element elementor-element-iwgw-bunyip-s6t elementor-widget elementor-widget-text-editor\" data-id=\"iwgw-bunyip-s6t\" data-element_type=\"widget\" data-e-type=\"widget\" data-widget_type=\"text-editor.default\">\n\t\t\t\t\t\t\t\t\t<p>Ska\u00f0valdir tengdir vatni eru tr\u00faarfyrirb\u00e6rafr\u00e6\u00f0ilega sta\u00f0festir v\u00ed\u00f0a um heim. Byggingarlega samb\u00e6rileg eru: skoska kelp\u00edan, \u00edrska each-uisge, norr\u00e6na nykran, slavneski vodyanoy, japanska kappan og hawai\u00edska mo&#8217;o. \u00cd \u00f6llum tilvikum er um vatnstengd skelfiv\u00e6tti a\u00f0 r\u00e6\u00f0a sem draga \u00f3vark\u00e1ra menn ni\u00f0ur \u00ed d\u00fdpi\u00f0.<\/p><p>Tr\u00faarfyrirb\u00e6rafr\u00e6\u00f0ilegt inntak \u00feessara v\u00e6tta er varna\u00f0arhlutverk \u00feeirra: \u00feau kl\u00e6\u00f0a raunverulegar vatnsh\u00e6ttur \u00ed go\u00f0sagnalegan b\u00faning. Bunyip er h\u00e9r einkennandi \u00e1stralska afbrig\u00f0i\u00f0, sem sker sig \u00far s\u00e9rstaklega vegna fj\u00f6lbreytileika l\u00fdsinganna og vegna s\u00ed\u00f0ari evr\u00f3psk-\u00e1str\u00f6lskrar eignaryfirf\u00e6rslu.<\/p><p>Tr\u00faars\u00f6gulega athyglisvert er a\u00f0 \u00f3l\u00edkt evr\u00f3pskum vatnsska\u00f0v\u00f6ldum, sem oft eru tengdir forkristnum frumbyggjatr\u00faarbr\u00f6g\u00f0um, er bunyip r\u00f3tfastur \u00ed samfelldri frumbyggjahef\u00f0 sem er lifandi enn \u00ed dag. \u00deessi samfella gerir hann a\u00f0 \u00e1n\u00e6gjulegu ranns\u00f3knarefni.<\/p>\t\t\t\t\t\t\t\t<\/div>\n\t\t\t\t<\/div>\n\t\t\t\t\t<\/div>\n\t\t\t\t<\/div>\n\t\t<div class=\"elementor-element elementor-element-iwgw-bunyip-s7 e-flex e-con-boxed e-con e-parent\" data-id=\"iwgw-bunyip-s7\" data-element_type=\"container\" data-e-type=\"container\">\n\t\t\t\t\t<div class=\"e-con-inner\">\n\t\t\t\t<div class=\"elementor-element elementor-element-iwgw-bunyip-s7h elementor-widget elementor-widget-heading\" data-id=\"iwgw-bunyip-s7h\" data-element_type=\"widget\" data-e-type=\"widget\" data-widget_type=\"heading.default\">\n\t\t\t\t\t<h2 class=\"elementor-heading-title elementor-size-default\">N\u00fat\u00edmavi\u00f0t\u00f6kur og ranns\u00f3knir<\/h2>\t\t\t\t<\/div>\n\t\t<div class=\"elementor-element elementor-element-iwgw-bunyip-s7c e-con-full e-flex e-con e-child\" data-id=\"iwgw-bunyip-s7c\" data-element_type=\"container\" data-e-type=\"container\">\n\t\t\t\t<div class=\"elementor-element elementor-element-iwgw-bunyip-s7t elementor-widget elementor-widget-text-editor\" data-id=\"iwgw-bunyip-s7t\" data-element_type=\"widget\" data-e-type=\"widget\" data-widget_type=\"text-editor.default\">\n\t\t\t\t\t\t\t\t\t<p>Mikilv\u00e6gustu frumheimildirnir eru Robert Brough Smyth&#8217;s <em>The Aborigines of Victoria<\/em> (1878) og A. W. Howitt&#8217;s <em>The Native Tribes of South-East Australia<\/em> (1904). B\u00e6\u00f0i verkin safna s\u00f6gum af bunyip fr\u00e1 \u00fdmsum tungum\u00e1lah\u00f3pum.<\/p><p><span data-nosnippet>Robert Holden&#8217;s <em>Bunyips: Australia&#8217;s <span class=\"iwg-fachbegriff\" data-tooltip=\"Hin arfleidda \u00fej\u00f3\u00f0menning me\u00f0 si\u00f0um, s\u00f6gum og lj\u00f3\u00f0um.\" tabindex=\"0\">Folklore<\/span> of Fear<\/em> (2001) er mikilv\u00e6gasta samt\u00edmayfirlitsriti\u00f0. Hann tengir saman hef\u00f0 frumbyggja, evr\u00f3psk-\u00e1stralska <span class=\"iwg-fachbegriff\" data-tooltip=\"Hin arfleidda \u00fej\u00f3\u00f0menning me\u00f0 si\u00f0um, s\u00f6gum og lj\u00f3\u00f0um.\" tabindex=\"0\">Folklore<\/span> og d\u00e6gurmenningu \u00ed heildst\u00e6\u00f0ri framsetningu.<\/span><\/p><p>\u00cd samt\u00edmalegri sj\u00e1lfsmynd frumbyggja er bunyip fremur sjaldan til umfj\u00f6llunar; hann er ekki me\u00f0al sams\u00f6munarpers\u00f3na n\u00fat\u00edma frumbyggjaendurvakningar. Nokkrar frumbyggjaraddir vara vi\u00f0 \u00fev\u00ed a\u00f0 \u201etempra\u201c hann og gera l\u00edti\u00f0 \u00far upprunalegum skelfingareiginleikum hans.<\/p>\t\t\t\t\t\t\t\t<\/div>\n\t\t\t\t<\/div>\n\t\t\t\t\t<\/div>\n\t\t\t\t<\/div>\n\t\t<div class=\"elementor-element elementor-element-iwgw-bunyip-s8 e-flex e-con-boxed e-con e-parent\" data-id=\"iwgw-bunyip-s8\" data-element_type=\"container\" data-e-type=\"container\">\n\t\t\t\t\t<div class=\"e-con-inner\">\n\t\t\t\t<div class=\"elementor-element elementor-element-iwgw-bunyip-s8h elementor-widget elementor-widget-heading\" data-id=\"iwgw-bunyip-s8h\" data-element_type=\"widget\" data-e-type=\"widget\" data-widget_type=\"heading.default\">\n\t\t\t\t\t<h2 class=\"elementor-heading-title elementor-size-default\">Ranns\u00f3knarumr\u00e6\u00f0ur og opnar spurningar<\/h2>\t\t\t\t<\/div>\n\t\t<div class=\"elementor-element elementor-element-iwgw-bunyip-s8c e-con-full e-flex e-con e-child\" data-id=\"iwgw-bunyip-s8c\" data-element_type=\"container\" data-e-type=\"container\">\n\t\t\t\t<div class=\"elementor-element elementor-element-iwgw-bunyip-s8t elementor-widget elementor-widget-text-editor\" data-id=\"iwgw-bunyip-s8t\" data-element_type=\"widget\" data-e-type=\"widget\" data-widget_type=\"text-editor.default\">\n\t\t\t\t\t\t\t\t\t<p><span data-nosnippet>Nokkrar ranns\u00f3knarumr\u00e6\u00f0ur sn\u00faast um bunyip. \u00cd fyrsta lagi: \u00c1 hugmyndin um bunyip r\u00e6tur \u00ed minningu um risavaxin d\u00fdr \u00far pleist\u00f3sen (Diprotodon, risakeng\u00farur), sem frumbyggjar fundu bein af \u00ed vatnsb\u00f3lunum? \u00deessi tilg\u00e1ta (Owen 1872) er umdeild \u00ed dag en hefur ekki alveg veri\u00f0 yfirgefin.<\/span><\/p><p>\u00cd \u00f6\u00f0ru lagi: Hvernig tengist hugmyndin um bunyip regnbogasl\u00f6ngu-hef\u00f0inni? B\u00e6\u00f0i eru vatnstengd en gegna \u00f3l\u00edkum hlutverkum. S\u00f6guleg sk\u00f6run er l\u00edklega til sta\u00f0ar.<\/p><p>\u00cd \u00feri\u00f0ja lagi: Hvernig ber a\u00f0 fjalla um evr\u00f3psk-\u00e1str\u00f6lsku eignaryfirf\u00e6rsluna \u00e1 bunyip? H\u00e9r tengist <span class=\"iwg-fachbegriff\" data-tooltip=\"Hin arfleidda \u00fej\u00f3\u00f0menning me\u00f0 si\u00f0um, s\u00f6gum og lj\u00f3\u00f0um.\" tabindex=\"0\">Folklore<\/span>-ranns\u00f3knir vi\u00f0 eftirlendufr\u00e6\u00f0i. Bl\u00ed\u00f0kun bunyip \u00ed barnab\u00f3kmenntum er \u00e1kve\u00f0i\u00f0 form menningarlegrar yfirt\u00f6ku frumbyggjaefnis, en si\u00f0fer\u00f0ilegar aflei\u00f0ingar \u00feess eru til gagnr\u00fdninnar umr\u00e6\u00f0u.<\/p>\t\t\t\t\t\t\t\t<\/div>\n\t\t\t\t<\/div>\n\t\t\t\t\t<\/div>\n\t\t\t\t<\/div>\n\t\t<div class=\"elementor-element elementor-element-iwgw-bunyip-s9 e-flex e-con-boxed e-con e-parent\" data-id=\"iwgw-bunyip-s9\" data-element_type=\"container\" data-e-type=\"container\">\n\t\t\t\t\t<div class=\"e-con-inner\">\n\t\t\t\t<div class=\"elementor-element elementor-element-iwgw-bunyip-s9h elementor-widget elementor-widget-heading\" data-id=\"iwgw-bunyip-s9h\" data-element_type=\"widget\" data-e-type=\"widget\" data-widget_type=\"heading.default\">\n\t\t\t\t\t<h2 class=\"elementor-heading-title elementor-size-default\">Bunyip \u00ed \u00e1stralsk-evr\u00f3pskri \u00fej\u00f3\u00f0tr\u00fa<\/h2>\t\t\t\t<\/div>\n\t\t<div class=\"elementor-element elementor-element-iwgw-bunyip-s9c e-con-full e-flex e-con e-child\" data-id=\"iwgw-bunyip-s9c\" data-element_type=\"container\" data-e-type=\"container\">\n\t\t\t\t<div class=\"elementor-element elementor-element-iwgw-bunyip-s9t elementor-widget elementor-widget-text-editor\" data-id=\"iwgw-bunyip-s9t\" data-element_type=\"widget\" data-e-type=\"widget\" data-widget_type=\"text-editor.default\">\n\t\t\t\t\t\t\t\t\t<p>S\u00e9rst\u00f6k athygli er ver\u00f0skuldar m\u00f3tt\u00f6kuferli bunyip \u00ed evr\u00f3psk-\u00e1str\u00f6lskri <span class=\"iwg-fachbegriff\" data-tooltip=\"Hin arfleidda \u00fej\u00f3\u00f0menning me\u00f0 si\u00f0um, s\u00f6gum og lj\u00f3\u00f0um.\" tabindex=\"0\">Folklore<\/span>. \u00deegar \u00e1 1840 og 1850 birtust bunyip-fr\u00e1sagnir \u00ed dagbl\u00f6\u00f0um landnemabygg\u00f0anna; margar \u201esj\u00f3narvottafr\u00e1sagnir\u201c \u00far m\u00fdrum voru tilkynntar, sumar me\u00f0 teiknu\u00f0um l\u00fdsingum.<\/p><p>Bunyip var\u00f0 sams\u00f6munarpers\u00f3na \u201e\u00e1stralskrar\u201c <span class=\"iwg-fachbegriff\" data-tooltip=\"Hin arfleidda \u00fej\u00f3\u00f0menning me\u00f0 si\u00f0um, s\u00f6gum og lj\u00f3\u00f0um.\" tabindex=\"0\">Folklore<\/span>-sj\u00e1lfsmyndar. \u00c1 s\u00ed\u00f0ari hluta 19. aldar tengdist \u00feessi yfirtaka p\u00f3lit\u00edsku verkefni um \u201e\u00e1stralska \u00fej\u00f3\u00f0\u201c sem vildi skera sig \u00far fr\u00e1 bresku heimalandi. Robert Holden fjalla\u00f0i \u00edtarlega um \u00feessa p\u00f3lit\u00edsku hli\u00f0 \u00ed <em>Bunyips<\/em> (2001).<\/p><p>\u00cd samt\u00edmabarnab\u00f3kmenntum er bunyip fastm\u00f3tu\u00f0 pers\u00f3na; Jenny Wagner&#8217;s <em>The Bunyip of Berkeley&#8217;s Creek<\/em> (1973), Wahlin&#8217;s <em>Hairy Bill<\/em> og margar a\u00f0rar b\u00e6kur hafa gert bunyip a\u00f0 vinalegum og skoplegum me\u00f0\u00e1strala.<\/p>\t\t\t\t\t\t\t\t<\/div>\n\t\t\t\t<\/div>\n\t\t\t\t\t<\/div>\n\t\t\t\t<\/div>\n\t\t<div class=\"elementor-element elementor-element-iwgw-bunyip-s10 e-flex e-con-boxed e-con e-parent\" data-id=\"iwgw-bunyip-s10\" data-element_type=\"container\" data-e-type=\"container\">\n\t\t\t\t\t<div class=\"e-con-inner\">\n\t\t\t\t<div class=\"elementor-element elementor-element-iwgw-bunyip-s10h elementor-widget elementor-widget-heading\" data-id=\"iwgw-bunyip-s10h\" data-element_type=\"widget\" data-e-type=\"widget\" data-widget_type=\"heading.default\">\n\t\t\t\t\t<h2 class=\"elementor-heading-title elementor-size-default\">Bunyip og umhverfisleg venja<\/h2>\t\t\t\t<\/div>\n\t\t<div class=\"elementor-element elementor-element-iwgw-bunyip-s10c e-con-full e-flex e-con e-child\" data-id=\"iwgw-bunyip-s10c\" data-element_type=\"container\" data-e-type=\"container\">\n\t\t\t\t<div class=\"elementor-element elementor-element-iwgw-bunyip-s10t elementor-widget elementor-widget-text-editor\" data-id=\"iwgw-bunyip-s10t\" data-element_type=\"widget\" data-e-type=\"widget\" data-widget_type=\"text-editor.default\">\n\t\t\t\t\t\t\t\t\t<p>\u00c1hugavert sj\u00f3narhorn \u00far tr\u00faarlegri manne\u00f0lisfr\u00e6\u00f0i tengir bunyip-hef\u00f0ina vi\u00f0 umhverfislega venju samf\u00e9laga frumbyggja. S\u00f6gur af bunyip v\u00f6ru\u00f0u vi\u00f0 raunverulegum vatnsh\u00e6ttum: kr\u00f3k\u00f3d\u00edlum \u00ed Nor\u00f0ur-\u00c1stral\u00edu, kviksyndi \u00e1 m\u00fdrarsv\u00e6\u00f0um, h\u00e6ttulegum strengjum \u00ed \u00e1m.<\/p><p>Fr\u00e1 \u00feessu sj\u00f3narhorni eru bunyip-s\u00f6gur s\u00edgilt d\u00e6mi um \u201eumhverfislegt hlutverk\u201c hef\u00f0bundinna sagna, eins og til d\u00e6mis Deborah Bird Rose l\u00fdsti fyrir a\u00f0rar s\u00f6gur frumbyggja \u00ed <em>Nourishing Terrains<\/em> (1996).<\/p><p>\u00deetta umhverfislega sj\u00f3narhorn breytir mynd bunyip: hann er ekki (a\u00f0eins) hj\u00e1tr\u00faarfullt skelfiv\u00e6tti heldur menningarleg k\u00f3\u00f0un raunverulegra h\u00e6ttna. \u00deessi k\u00f3\u00f0un var uppeldislega \u00e1hrifar\u00edk \u00fev\u00ed h\u00fan mi\u00f0la\u00f0i h\u00e6ttunum me\u00f0 \u00e1hrifamikilli tilfinningalegri innlifun.<\/p>\t\t\t\t\t\t\t\t<\/div>\n\t\t\t\t<\/div>\n\t\t\t\t\t<\/div>\n\t\t\t\t<\/div>\n\t\t<div class=\"elementor-element elementor-element-iwgw-bunyip-s11 e-flex e-con-boxed e-con e-parent\" data-id=\"iwgw-bunyip-s11\" data-element_type=\"container\" data-e-type=\"container\">\n\t\t\t\t\t<div class=\"e-con-inner\">\n\t\t\t\t<div class=\"elementor-element elementor-element-iwgw-bunyip-s11h elementor-widget elementor-widget-heading\" data-id=\"iwgw-bunyip-s11h\" data-element_type=\"widget\" data-e-type=\"widget\" data-widget_type=\"heading.default\">\n\t\t\t\t\t<h2 class=\"elementor-heading-title elementor-size-default\">A\u00f0fer\u00f0afr\u00e6\u00f0ileg umr\u00e6\u00f0a og heimildir<\/h2>\t\t\t\t<\/div>\n\t\t<div class=\"elementor-element elementor-element-iwgw-bunyip-s11c e-con-full e-flex e-con e-child\" data-id=\"iwgw-bunyip-s11c\" data-element_type=\"container\" data-e-type=\"container\">\n\t\t\t\t<div class=\"elementor-element elementor-element-iwgw-bunyip-s11t elementor-widget elementor-widget-text-editor\" data-id=\"iwgw-bunyip-s11t\" data-element_type=\"widget\" data-e-type=\"widget\" data-widget_type=\"text-editor.default\">\n\t\t\t\t\t\t\t\t\t<p>Bunyip-ranns\u00f3knir standa frammi fyrir nokkrum a\u00f0fer\u00f0afr\u00e6\u00f0ilegum vandam\u00e1lum. \u00cd fyrsta lagi eru mikilv\u00e6gustu frumheimildirnar sj\u00f3narhorn n\u00fdlenduherra utan menningarins, sem oft settu upprunalegar fr\u00e1sagnir frumbyggja \u00ed \u00e6sifr\u00e9ttast\u00edl e\u00f0a r\u00f3mantiseru\u00f0u \u00fe\u00e6r. Gagnr\u00fdnin heimildar\u00fdni er nau\u00f0synleg.<\/p><p>\u00cd \u00f6\u00f0ru lagi er Bunyip-hef\u00f0in \u00ed dag s\u00ed\u00f0ur lifandi en a\u00f0rar hef\u00f0ir frumbyggja; margar sta\u00f0bundnar tilbrig\u00f0i hafa glatast. \u00dea\u00f0 sem vi\u00f0 vitum \u00ed dag kemur a\u00f0 mestu fr\u00e1 skr\u00e1ningum fr\u00e1 19. \u00f6ld.<\/p><p>\u00cd \u00feri\u00f0ja lagi er evr\u00f3psk-\u00e1stralska eignun Bunyip v\u00edsindalega krefjandi og sameinar ranns\u00f3knir \u00e1 <span class=\"iwg-fachbegriff\" data-tooltip=\"Hin munnlega hef\u00f0bundna \u00fej\u00f3\u00f0menning me\u00f0 si\u00f0um, fr\u00e1s\u00f6gnum og s\u00f6ngvum.\" tabindex=\"0\">\u00fej\u00f3\u00f0fr\u00e6\u00f0i<\/span> vi\u00f0 n\u00fdlendueftirfr\u00e6\u00f0i (postcolonial studies). Vanda\u00f0a umfj\u00f6llun \u00e6tti a\u00f0 taka tillit til b\u00e6\u00f0i sj\u00f3narhorna.<\/p><p>\u00deeim sem vilja rannsaka Bunyip-samst\u00e6\u00f0una \u00ed heild sinni er bent \u00e1 yfirlitss\u00ed\u00f0una <a href=\"https:\/\/iwell-guard.com\/is\/aboriginal-astralia-draumtid-tjukurpa-verndargripir\/\">Hef\u00f0ir frumbyggja<\/a>, sem geymir mikilv\u00e6gustu krosstilv\u00edsanir \u00ed tengdar go\u00f0sagnaverur \u00e1 bor\u00f0 vi\u00f0 <a href=\"https:\/\/iwell-guard.com\/is\/?page_id=168997\">Yowie<\/a>, <a href=\"https:\/\/iwell-guard.com\/is\/?page_id=168989\">Regnbogasl\u00f6nguna (Rainbow Serpent)<\/a> og <a href=\"https:\/\/iwell-guard.com\/is\/?page_id=168995\">Mimi-anda<\/a>.<\/p>\t\t\t\t\t\t\t\t<\/div>\n\t\t\t\t<\/div>\n\t\t\t\t\t<\/div>\n\t\t\t\t<\/div>\n\t\t<div class=\"elementor-element elementor-element-iwgw-bunyip-s12 e-flex e-con-boxed e-con e-parent\" data-id=\"iwgw-bunyip-s12\" data-element_type=\"container\" data-e-type=\"container\">\n\t\t\t\t\t<div class=\"e-con-inner\">\n\t\t\t\t<div class=\"elementor-element elementor-element-iwgw-bunyip-s12h elementor-widget elementor-widget-heading\" data-id=\"iwgw-bunyip-s12h\" data-element_type=\"widget\" data-e-type=\"widget\" data-widget_type=\"heading.default\">\n\t\t\t\t\t<h2 class=\"elementor-heading-title elementor-size-default\">Bunyip og fornl\u00edffr\u00e6\u00f0ilegar tilg\u00e1tur<\/h2>\t\t\t\t<\/div>\n\t\t<div class=\"elementor-element elementor-element-iwgw-bunyip-s12c e-con-full e-flex e-con e-child\" data-id=\"iwgw-bunyip-s12c\" data-element_type=\"container\" data-e-type=\"container\">\n\t\t\t\t<div class=\"elementor-element elementor-element-iwgw-bunyip-s12t elementor-widget elementor-widget-text-editor\" data-id=\"iwgw-bunyip-s12t\" data-element_type=\"widget\" data-e-type=\"widget\" data-widget_type=\"text-editor.default\">\n\t\t\t\t\t\t\t\t\t<p><span data-nosnippet>S\u00e9rst\u00f6k ranns\u00f3knargrein fjallar um fornl\u00edffr\u00e6\u00f0ilegar tilg\u00e1tur um Bunyip. \u00deegar \u00e1ri\u00f0 1872 lag\u00f0i Richard Owen til a\u00f0 hugmyndin um Bunyip v\u00e6ri minning frumbyggja um risavaxin pleist\u00f3sen-d\u00fdr eins og Diprotodon, Zygomaturus og Genyornis. \u00deessi d\u00fdr d\u00f3u \u00fat fyrir um 40.000 \u00e1rum, stuttu eftir a\u00f0 fyrstu menn komu til \u00c1stral\u00edu.<\/span><\/p><p>\u00deessi tilg\u00e1ta er umdeild innan tr\u00faarbrag\u00f0amannfr\u00e6\u00f0i. Annars vegar g\u00e6ti h\u00fan \u00fatsk\u00fdrt langa munnlega hef\u00f0 sem spannar tug\u00fe\u00fasundir \u00e1ra; hins vegar er h\u00fan vangaveltukennd og illa sta\u00f0fest. Robert Holden fjalla\u00f0i um hana me\u00f0 gagnr\u00fdnum h\u00e6tti \u00ed <em>Bunyips<\/em> (2001).<\/p><p><span data-nosnippet>\u00cd v\u00ed\u00f0ara samhengi er umr\u00e6\u00f0an gott sk\u00f3lab\u00f3kard\u00e6mi um spurninguna hversu vel munnlegar hef\u00f0ir frumbyggja geta var\u00f0veitt s\u00f6gulegan raunveruleika. A\u00f0 fr\u00e1sagnir frumbyggja var\u00f0veiti minningar um h\u00e6kkun sj\u00e1varbor\u00f0s fyrir 8000 \u00e1rum (Patrick Nunn, <em>The Edge of Memory<\/em>, 2018) gefur til kynna a\u00f0 jafngamlar minningar s\u00e9u \u00ed grunninn m\u00f6gulegar.<\/span><\/p>\t\t\t\t\t\t\t\t<\/div>\n\t\t\t\t<\/div>\n\t\t\t\t\t<\/div>\n\t\t\t\t<\/div>\n\t\t<div class=\"elementor-element elementor-element-iwgw-bunyip-s13 e-flex e-con-boxed e-con e-parent\" data-id=\"iwgw-bunyip-s13\" data-element_type=\"container\" data-e-type=\"container\">\n\t\t\t\t\t<div class=\"e-con-inner\">\n\t\t\t\t<div class=\"elementor-element elementor-element-iwgw-bunyip-s13h elementor-widget elementor-widget-heading\" data-id=\"iwgw-bunyip-s13h\" data-element_type=\"widget\" data-e-type=\"widget\" data-widget_type=\"heading.default\">\n\t\t\t\t\t<h2 class=\"elementor-heading-title elementor-size-default\">Bunyip \u00ed \u00e1stralskri sj\u00e1lfsmynd<\/h2>\t\t\t\t<\/div>\n\t\t<div class=\"elementor-element elementor-element-iwgw-bunyip-s13c e-con-full e-flex e-con e-child\" data-id=\"iwgw-bunyip-s13c\" data-element_type=\"container\" data-e-type=\"container\">\n\t\t\t\t<div class=\"elementor-element elementor-element-iwgw-bunyip-s13t elementor-widget elementor-widget-text-editor\" data-id=\"iwgw-bunyip-s13t\" data-element_type=\"widget\" data-e-type=\"widget\" data-widget_type=\"text-editor.default\">\n\t\t\t\t\t\t\t\t\t<p>S\u00e9rstakt ranns\u00f3knarefni er hlutverk Bunyip \u00ed \u00e1stralskri sj\u00e1lfsmynd. Seint \u00e1 19. \u00f6ld var\u00f0 Bunyip a\u00f0 sams\u00f6munart\u00e1kni \u201e\u00e1stralskrar \u00fej\u00f3\u00f0ar\u201c; \u00ed m\u00f3ts\u00f6gn vi\u00f0 evr\u00f3pska dreka og \u00e1lfvera \u00e1tti hann a\u00f0 einkenna s\u00e9rstaklega \u00e1stralska <span class=\"iwg-fachbegriff\" data-tooltip=\"Hin munnlega hef\u00f0bundna \u00fej\u00f3\u00f0menning me\u00f0 si\u00f0um, fr\u00e1s\u00f6gnum og s\u00f6ngvum.\" tabindex=\"0\">\u00fej\u00f3\u00f0fr\u00e6\u00f0i<\/span>-sj\u00e1lfsmynd.<\/p><p>\u00deessi p\u00f3lit\u00edska eignun er fr\u00e6\u00f0ilega uppl\u00fdsandi fr\u00e1 sj\u00f3narh\u00f3li tr\u00faarbrag\u00f0as\u00f6gu. H\u00fan s\u00fdnir hvernig tr\u00faarlegt efni frumbyggja getur \u00e1 n\u00fdlendut\u00edmanum or\u00f0i\u00f0 a\u00f0 \u00fej\u00f3\u00f0art\u00e1knum, ferli sem er tv\u00edbent og er \u00ed samt\u00edmaumr\u00e6\u00f0u frumbyggja teki\u00f0 til gagnr\u00fdnnar sko\u00f0unar.<\/p><p>Robert Holden fjalla\u00f0i \u00edtarlega um p\u00f3lit\u00edska v\u00eddd \u00feessarar eignunar \u00ed <em>Bunyips<\/em> (2001). \u00deetta er gott sk\u00f3lab\u00f3kard\u00e6mi fyrir n\u00fdlendueftirfr\u00e6\u00f0i \u00ed \u00e1stralsku samhengi.<\/p>\t\t\t\t\t\t\t\t<\/div>\n\t\t\t\t<\/div>\n\t\t\t\t\t<\/div>\n\t\t\t\t<\/div>\n\t\t<div class=\"elementor-element elementor-element-iwgw-bunyip-s14 e-flex e-con-boxed e-con e-parent\" data-id=\"iwgw-bunyip-s14\" data-element_type=\"container\" data-e-type=\"container\">\n\t\t\t\t\t<div class=\"e-con-inner\">\n\t\t\t\t<div class=\"elementor-element elementor-element-iwgw-bunyip-s14h elementor-widget elementor-widget-heading\" data-id=\"iwgw-bunyip-s14h\" data-element_type=\"widget\" data-e-type=\"widget\" data-widget_type=\"heading.default\">\n\t\t\t\t\t<h2 class=\"elementor-heading-title elementor-size-default\">Bunyip og munnleg-minnis-kenning Patricks Nunn<\/h2>\t\t\t\t<\/div>\n\t\t<div class=\"elementor-element elementor-element-iwgw-bunyip-s14c e-con-full e-flex e-con e-child\" data-id=\"iwgw-bunyip-s14c\" data-element_type=\"container\" data-e-type=\"container\">\n\t\t\t\t<div class=\"elementor-element elementor-element-iwgw-bunyip-s14t elementor-widget elementor-widget-text-editor\" data-id=\"iwgw-bunyip-s14t\" data-element_type=\"widget\" data-e-type=\"widget\" data-widget_type=\"text-editor.default\">\n\t\t\t\t\t\t\t\t\t<p><span data-nosnippet>S\u00e9rlega \u00e1hugaver\u00f0 tilg\u00e1ta kemur fr\u00e1 n\u00fdrri ranns\u00f3knum \u00e1 \u201emunnlegu minnisd\u00fdpi\u201c. Patrick Nunn s\u00fdndi \u00ed <em>The Edge of Memory<\/em> (2018) a\u00f0 margar fr\u00e1sagnir frumbyggja var\u00f0veita minningar um raunveruleg s\u00f6guleg atbur\u00f0i, me\u00f0al annars h\u00e6kkun sj\u00e1varbor\u00f0s fyrir um 7000-8000 \u00e1rum.<\/span><\/p><p>Kenning Nunns er v\u00edsindalega umbyltandi: h\u00fan gefur til kynna a\u00f0 munnlegar hef\u00f0ir geti bori\u00f0 st\u00f6\u00f0ugar minningar \u00ed \u00fe\u00fasundir \u00e1ra. Fyrir Bunyip-hef\u00f0ina opnar \u00feetta m\u00f6guleikann \u00e1 a\u00f0 upprunalega hugmyndin byggist raunverulega \u00e1 minningu um risavaxin pleist\u00f3sen-d\u00fdr (Diprotodon, Zygomaturus).<\/p><p>\u00deessi kenning er enn vangaveltukennd, en h\u00fan opnar \u00e1hugavert ranns\u00f3knarsvi\u00f0 \u00e1 m\u00f3tum tr\u00faarbrag\u00f0a\u00fej\u00f3\u00f0fr\u00e6\u00f0i, <span class=\"iwg-fachbegriff\" data-tooltip=\"V\u00edsindagrein sem rannsakar fyrri menningarsamf\u00e9l\u00f6g \u00fat fr\u00e1 efnislegum leifum.\" tabindex=\"0\">fornleifafr\u00e6\u00f0i<\/span> og hugr\u00e6nnar mannfr\u00e6\u00f0i. H\u00fan breytir einnig hinu v\u00edsindalega mati \u00e1 fr\u00e1s\u00f6gnum frumbyggja: ekki \u201e<span class=\"iwg-fachbegriff\" data-tooltip=\"Ni\u00f0randi or\u00f0 yfir hugmyndir sem taldar eru tr\u00faarlega \u00e1st\u00e6\u00f0ulausar.\" tabindex=\"0\">hj\u00e1tr\u00fa<\/span>\u201c, heldur m\u00f6gulegar s\u00f6gulegar heimildir.<\/p>\t\t\t\t\t\t\t\t<\/div>\n\t\t\t\t<\/div>\n\t\t\t\t\t<\/div>\n\t\t\t\t<\/div>\n\t\t<div class=\"elementor-element elementor-element-iwgw-bunyip-s15 e-flex e-con-boxed e-con e-parent\" data-id=\"iwgw-bunyip-s15\" data-element_type=\"container\" data-e-type=\"container\">\n\t\t\t\t\t<div class=\"e-con-inner\">\n\t\t\t\t<div class=\"elementor-element elementor-element-iwgw-bunyip-s15h elementor-widget elementor-widget-heading\" data-id=\"iwgw-bunyip-s15h\" data-element_type=\"widget\" data-e-type=\"widget\" data-widget_type=\"heading.default\">\n\t\t\t\t\t<h2 class=\"elementor-heading-title elementor-size-default\">Bunyip og \u00e1stralsk \u00fej\u00f3\u00f0fr\u00e6\u00f0ileg sj\u00e1lfsmynd<\/h2>\t\t\t\t<\/div>\n\t\t<div class=\"elementor-element elementor-element-iwgw-bunyip-s15c e-con-full e-flex e-con e-child\" data-id=\"iwgw-bunyip-s15c\" data-element_type=\"container\" data-e-type=\"container\">\n\t\t\t\t<div class=\"elementor-element elementor-element-iwgw-bunyip-s15t elementor-widget elementor-widget-text-editor\" data-id=\"iwgw-bunyip-s15t\" data-element_type=\"widget\" data-e-type=\"widget\" data-widget_type=\"text-editor.default\">\n\t\t\t\t\t\t\t\t\t<p><span data-nosnippet>Robert Holden rannsaka\u00f0i st\u00f6\u00f0u Bunyip \u00ed \u00e1stralskri <span class=\"iwg-fachbegriff\" data-tooltip=\"Hin munnlega hef\u00f0bundna \u00fej\u00f3\u00f0menning me\u00f0 si\u00f0um, fr\u00e1s\u00f6gnum og s\u00f6ngvum.\" tabindex=\"0\">\u00fej\u00f3\u00f0fr\u00e6\u00f0i<\/span>-sj\u00e1lfsmynd \u00ed b\u00f3k sinni <em>Bunyips: Australia&#8217;s <span class=\"iwg-fachbegriff\" data-tooltip=\"Hin munnlega hef\u00f0bundna \u00fej\u00f3\u00f0menning me\u00f0 si\u00f0um, fr\u00e1s\u00f6gnum og s\u00f6ngvum.\" tabindex=\"0\">Folklore<\/span> of Fear<\/em> (2001). Hann s\u00fdnir a\u00f0 Bunyip hefur, fr\u00e1 lokum 19. aldar, veri\u00f0 ger\u00f0ur a\u00f0 \u201e\u00e1stralskustu\u201c <span class=\"iwg-fachbegriff\" data-tooltip=\"Hin munnlega hef\u00f0bundna \u00fej\u00f3\u00f0menning me\u00f0 si\u00f0um, fr\u00e1s\u00f6gnum og s\u00f6ngvum.\" tabindex=\"0\">\u00fej\u00f3\u00f0fr\u00e6\u00f0i<\/span>-veru, \u00ed m\u00f3ts\u00f6gn vi\u00f0 evr\u00f3pska <span class=\"iwg-fachbegriff\" data-tooltip=\"Hin munnlega hef\u00f0bundna \u00fej\u00f3\u00f0menning me\u00f0 si\u00f0um, fr\u00e1s\u00f6gnum og s\u00f6ngvum.\" tabindex=\"0\">\u00fej\u00f3\u00f0fr\u00e6\u00f0i<\/span> um dreka, nornir og \u00e1lfvera.<\/span><\/p><p>S\u00f6gulega s\u00e9\u00f0 er \u00feessi p\u00f3lit\u00edska eignun uppl\u00fdsandi. H\u00fan s\u00fdnir hvernig tr\u00faarlegt efni frumbyggja getur \u00e1 n\u00fdlendut\u00edmanum or\u00f0i\u00f0 a\u00f0 \u00fej\u00f3\u00f0art\u00e1knum, ferli sem er tv\u00edbent. \u00cd samt\u00edmaumr\u00e6\u00f0u frumbyggja er \u00feessi eignun tekin til gagnr\u00fdnnar sko\u00f0unar.<\/p><p>Fr\u00e1 tr\u00faarbrag\u00f0af\u00e9lagsfr\u00e6\u00f0ilegu sj\u00f3narhorni er Bunyip gott sk\u00f3lab\u00f3kard\u00e6mi: skelfingarvera frumbyggja ver\u00f0ur a\u00f0 \u00fej\u00f3\u00f0legu sams\u00f6munart\u00e1kni landnemasamf\u00e9lags. \u00deessi vending vekur upp fl\u00f3knar si\u00f0fer\u00f0ilegar spurningar sem samt\u00edmaranns\u00f3knir \u00e1 frumbyggjum taka alvarlega til umfj\u00f6llunar.<\/p>\t\t\t\t\t\t\t\t<\/div>\n\t\t\t\t<\/div>\n\t\t\t\t\t<\/div>\n\t\t\t\t<\/div>\n\t\t<div class=\"elementor-element elementor-element-iwgw-bunyip-s16 e-flex e-con-boxed e-con e-parent\" data-id=\"iwgw-bunyip-s16\" data-element_type=\"container\" data-e-type=\"container\">\n\t\t\t\t\t<div class=\"e-con-inner\">\n\t\t\t\t<div class=\"elementor-element elementor-element-iwgw-bunyip-s16h elementor-widget elementor-widget-heading\" data-id=\"iwgw-bunyip-s16h\" data-element_type=\"widget\" data-e-type=\"widget\" data-widget_type=\"heading.default\">\n\t\t\t\t\t<h2 class=\"elementor-heading-title elementor-size-default\">Bunyip og vatnsr\u00e9ttindi frumbyggja<\/h2>\t\t\t\t<\/div>\n\t\t<div class=\"elementor-element elementor-element-iwgw-bunyip-s16c e-con-full e-flex e-con e-child\" data-id=\"iwgw-bunyip-s16c\" data-element_type=\"container\" data-e-type=\"container\">\n\t\t\t\t<div class=\"elementor-element elementor-element-iwgw-bunyip-s16t elementor-widget elementor-widget-text-editor\" data-id=\"iwgw-bunyip-s16t\" data-element_type=\"widget\" data-e-type=\"widget\" data-widget_type=\"text-editor.default\">\n\t\t\t\t\t\t\t\t\t<p>N\u00fat\u00edmalega p\u00f3lit\u00edska hli\u00f0 sem ver\u00f0skuldar frekari umfj\u00f6llun er tengslin milli Bunyip-fr\u00e1sagna og samt\u00edmalegra vatnsr\u00e9ttinda frumbyggja \u00c1stral\u00edu (Aboriginal). \u00cd Victoria og NSW hafa nokkrir h\u00f3par frumbyggja gert kr\u00f6fu um hef\u00f0bundin vatnsr\u00e9ttindi, og Bunyip-tengdir sta\u00f0ir eru mikilv\u00e6g r\u00f6k \u00ed \u00fev\u00ed sambandi.<\/p><p><span data-nosnippet>Murray-Darling-vatnasv\u00e6\u00f0isstofnunin (Murray-Darling Basin Authority) hefur fr\u00e1 2015 \u00fer\u00f3a\u00f0 a\u00f0fer\u00f0ir til a\u00f0 f\u00e1 frumbyggja a\u00f0 bor\u00f0inu, \u00fear sem haft er samr\u00e1\u00f0 vi\u00f0 var\u00f0veitendur hef\u00f0bundinnar vatns\u00feekkingar. Bunyip-sta\u00f0ir eru me\u00f0al heilagra sta\u00f0a sem teki\u00f0 er tillit til \u00ed \u00e1\u00e6tlanager\u00f0 um vatnsstj\u00f3rnun.<\/span><\/p><p>Fr\u00e1 sj\u00f3narh\u00f3li tr\u00faarlegrar f\u00e9lagsfr\u00e6\u00f0i er \u00feetta kennslub\u00f3kard\u00e6mi: go\u00f0sagnapers\u00f3na sem \u00e1\u00f0ur var a\u00f0 \u00f6llu leyti hef\u00f0bundin ver\u00f0ur a\u00f0 vi\u00f0mi\u00f0unart\u00e1kni \u00ed n\u00fat\u00edma umhverfis- og vatnsr\u00e9ttindap\u00f3lit\u00edk. \u00deessi p\u00f3lit\u00edska v\u00e6\u00f0ing breytir merkingu Bunyip \u00ed samt\u00edmaath\u00f6fnum frumbyggja.<\/p>\t\t\t\t\t\t\t\t<\/div>\n\t\t\t\t<\/div>\n\t\t\t\t\t<\/div>\n\t\t\t\t<\/div>\n\t\t<div class=\"elementor-element elementor-element-cp223dc88c e-flex e-con-boxed e-con e-parent\" data-id=\"cp223dc88c\" data-element_type=\"container\" data-e-type=\"container\">\n\t\t\t\t\t<div class=\"e-con-inner\">\n\t\t\t\t<div class=\"elementor-element elementor-element-cp27e30773 elementor-widget elementor-widget-heading\" data-id=\"cp27e30773\" data-element_type=\"widget\" data-e-type=\"widget\" data-widget_type=\"heading.default\">\n\t\t\t\t\t<h2 class=\"elementor-heading-title elementor-size-default\">Heimildar\u00fdni: Bunyip \u00ed n\u00fdlenduskr\u00e1m<\/h2>\t\t\t\t<\/div>\n\t\t<div class=\"elementor-element elementor-element-cp2929640f e-flex e-con-boxed e-con e-child\" data-id=\"cp2929640f\" data-element_type=\"container\" data-e-type=\"container\">\n\t\t\t\t\t<div class=\"e-con-inner\">\n\t\t\t\t<div class=\"elementor-element elementor-element-cp248bfa86 elementor-widget elementor-widget-text-editor\" data-id=\"cp248bfa86\" data-element_type=\"widget\" data-e-type=\"widget\" data-widget_type=\"text-editor.default\">\n\t\t\t\t\t\t\t\t\t<p>\u00cd tilviki <em>Bunyip<\/em> er heimildar\u00fdni ekki aukaatri\u00f0i heldur kjarni m\u00e1lsins. N\u00e6r allt sem tali\u00f0 er &#8222;<span class=\"iwg-fachbegriff\" data-tooltip=\"Mi\u00f0lun \u00feekkingar og fr\u00e1sagna milli kynsl\u00f3\u00f0a.\" tabindex=\"0\">munnm\u00e6li<\/span>&#8220; um Bunyip hefur fari\u00f0 \u00ed gegnum n\u00fdlendus\u00edu.<\/p><p>Or\u00f0i\u00f0 sj\u00e1lft birtist \u00ed enskum\u00e6landi \u00e1stralskum dagbl\u00f6\u00f0um \u00e1 1840. \u00e1ratugnum; oft er vitna\u00f0 til fr\u00e1sagnar \u00ed <em>Geelong Advertiser<\/em> fr\u00e1 1845 sem tengist meintum beinafundi. Or\u00f0i\u00f0 er a\u00f0 \u00f6llum l\u00edkindum komi\u00f0 \u00far einu af tungum\u00e1lum frumbyggja \u00ed su\u00f0austur \u00c1stral\u00edu, l\u00edklega \u00far m\u00e1li Wemba-Wemba f\u00f3lksins e\u00f0a n\u00e1l\u00e6gra tungum\u00e1lah\u00f3pa \u00e1 Murray-Darling sv\u00e6\u00f0inu.<\/p><p>Landnemarnir t\u00f3ku or\u00f0i\u00f0 hins vegar hratt \u00ed notkun sem samheiti fyrir hvert \u00f3\u00fatsk\u00fdrt hlj\u00f3\u00f0, hvert bein og hverja vatnaskepnu sem \u00feeim \u00fe\u00f3tti \u00f3hugnanleg. \u00deannig runnu mj\u00f6g \u00f3l\u00edkar, sta\u00f0bundnar hugmyndir fr\u00e1 mismunandi tungum\u00e1lah\u00f3pum saman \u00ed eitt enskt or\u00f0 sem virtist t\u00e1kna eina samr\u00e6mda &#8222;\u00e1stralska \u00f3freskju&#8220;.<\/p><p>\u00deessi samr\u00e6ming er n\u00e1kv\u00e6mlega vandam\u00e1li\u00f0: \u00fea\u00f0 er ekki til neinn pan-\u00e1stralskur Bunyip. \u00dea\u00f0 sem hver samf\u00e9lagsh\u00f3pur sag\u00f0i um h\u00e6ttuleg vatnaverur heyr\u00f0i til \u00feeirra eigin lands og \u00feeirra eigin tungum\u00e1ls.<\/p><p>Fr\u00e6\u00f0ilega \u00e1byrgt er \u00fev\u00ed a\u00f0eins a\u00f0 tala um &#8222;Bunyip&#8220; sem n\u00fdlenduhugtak og eigna undirliggjandi hugmyndir frumbyggja, \u00fear sem \u00fe\u00e6r eru yfirleitt skr\u00e1\u00f0ar me\u00f0 traustum h\u00e6tti, s\u00ednum tiltekna tungum\u00e1lah\u00f3pi og sv\u00e6\u00f0i. Skr\u00e1ningar \u00e1 \u00feekkingu frumbyggja fr\u00e1 19. \u00f6ld koma auk \u00feess n\u00e6r undantekningarlaust fr\u00e1 utana\u00f0komandi a\u00f0ilum, oft \u00e1n sam\u00feykkis \u00feeirra sem \u00feekkinguna var\u00f0veittu, og \u00fev\u00ed ber a\u00f0 fara varlega me\u00f0 \u00fe\u00e6r.\t\t\t\t\t\t\t\t<\/div>\n\t\t\t\t\t<\/div>\n\t\t\t\t<\/div>\n\t\t\t\t\t<\/div>\n\t\t\t\t<\/div>\n\t\t<div class=\"elementor-element elementor-element-cp2962eeea e-flex e-con-boxed e-con e-parent\" data-id=\"cp2962eeea\" data-element_type=\"container\" data-e-type=\"container\">\n\t\t\t\t\t<div class=\"e-con-inner\">\n\t\t\t\t<div class=\"elementor-element elementor-element-cp2c28e584 elementor-widget elementor-widget-heading\" data-id=\"cp2c28e584\" data-element_type=\"widget\" data-e-type=\"widget\" data-widget_type=\"heading.default\">\n\t\t\t\t\t<h2 class=\"elementor-heading-title elementor-size-default\">Vatnaverur, beinafundir og Diprotodon-tilg\u00e1tan<\/h2>\t\t\t\t<\/div>\n\t\t<div class=\"elementor-element elementor-element-cp21260e30 e-flex e-con-boxed e-con e-child\" data-id=\"cp21260e30\" data-element_type=\"container\" data-e-type=\"container\">\n\t\t\t\t\t<div class=\"e-con-inner\">\n\t\t\t\t<div class=\"elementor-element elementor-element-cp2370b92a elementor-widget elementor-widget-text-editor\" data-id=\"cp2370b92a\" data-element_type=\"widget\" data-e-type=\"widget\" data-widget_type=\"text-editor.default\">\n\t\t\t\t\t\t\t\t\t<p>Endurtekinn \u00fer\u00e1\u00f0ur \u00ed umr\u00e6\u00f0unni um Bunyip sn\u00fdst um beinaleifar. \u00c1 19. \u00f6ld voru st\u00f3r bein oft grafin upp \u00ed \u00c1stral\u00edu og fj\u00f6lmi\u00f0lar t\u00falku\u00f0u \u00feau sem leifar af Bunyip. \u00cd raun voru \u00feetta \u00ed m\u00f6rgum skr\u00e1\u00f0um tilvikum steingervingar \u00fatdau\u00f0ra risad\u00fdra hinnar \u00e1str\u00f6lsku risad\u00fdraf\u00e1nu (megafauna), me\u00f0al annars af <em>Diprotodon<\/em>, risav\u00f6xnu jurta\u00e6tu pokad\u00fdri fr\u00e1 pleist\u00f3sen-t\u00edmanum.<\/p><p>\u00dar \u00feessu er sprottin tilg\u00e1ta sem enn er vins\u00e6l: hugmyndin um h\u00e6ttulegar vatnaverur g\u00e6ti veri\u00f0 menningarleg minning um risad\u00fdraf\u00e1nuna sem f\u00f3lk \u00ed \u00c1stral\u00edu upplif\u00f0i \u00e1\u00f0ur en h\u00fan d\u00f3 \u00fat. \u00deessi hugmynd er heillandi en engan veginn sta\u00f0fest.<\/p><p>\u00dea\u00f0 er engin trygg lei\u00f0 til a\u00f0 s\u00fdna fram \u00e1 a\u00f0 munnleg minning, sem n\u00e1 myndi tug\u00fe\u00fasundir \u00e1ra aftur \u00ed t\u00edmann, v\u00edsi til tiltekinna d\u00fdrategunda, og t\u00falkunin \u00e1 \u00e1 h\u00e6ttu a\u00f0 einfalda fr\u00e1sagnir frumbyggja ni\u00f0ur \u00ed n\u00e1tt\u00farufr\u00e6\u00f0ilega sta\u00f0reynd \u00ed sta\u00f0 \u00feess a\u00f0 taka \u00fe\u00e6r alvarlega sem sj\u00e1lfst\u00e6\u00f0a menningarlega yfirl\u00fdsingu.<\/p><p>Raunh\u00e6fara er a\u00f0 benda \u00e1 a\u00f0 margar af \u00feeim hugmyndum sem falla undir &#8222;Bunyip&#8220; tengjast tilteknum vatnasv\u00e6\u00f0um: vatnsholum, m\u00fdrum, billabongum (kyrrst\u00e6\u00f0um \u00e1rmj\u00f3\u00f0um) og flj\u00f3tsbeygjum, \u00fea\u00f0 er st\u00f6\u00f0um sem eru raunverulega h\u00e6ttulegir, t.d. vegna drukknunar e\u00f0a \u00f3tryggra bakka. \u00cd \u00feessum skilningi hefur fr\u00e1s\u00f6gnin um h\u00e6ttulega vatnaveru einnig hagn\u00fdta hli\u00f0, \u00fear sem h\u00fan heldur b\u00f6rnum og \u00f3kunnugum fr\u00e1 \u00e1h\u00e6ttus\u00f6mum st\u00f6\u00f0um. Hvort og a\u00f0 hve miklu leyti \u00feetta gildir fyrir tiltekinn tungum\u00e1lah\u00f3p ver\u00f0ur a\u00f0eins meti\u00f0 \u00fat fr\u00e1 vel skr\u00e1\u00f0um, sta\u00f0bundnum <span class=\"iwg-fachbegriff\" data-tooltip=\"Mi\u00f0lun \u00feekkingar og fr\u00e1sagna milli kynsl\u00f3\u00f0a.\" tabindex=\"0\">munnm\u00e6lum<\/span> hvers h\u00f3ps, ekki me\u00f0 almennum \u00e1lyktunum.\t\t\t\t\t\t\t\t<\/div>\n\t\t\t\t\t<\/div>\n\t\t\t\t<\/div>\n\t\t\t\t\t<\/div>\n\t\t\t\t<\/div>\n\t\t<div class=\"elementor-element elementor-element-iwgw-bunyip-lit e-flex e-con-boxed e-con e-parent\" data-id=\"iwgw-bunyip-lit\" data-element_type=\"container\" data-e-type=\"container\">\n\t\t\t\t\t<div class=\"e-con-inner\">\n\t\t\t\t<div class=\"elementor-element elementor-element-iwgw-bunyip-lith elementor-widget elementor-widget-heading\" data-id=\"iwgw-bunyip-lith\" data-element_type=\"widget\" data-e-type=\"widget\" data-widget_type=\"heading.default\">\n\t\t\t\t\t<h2 class=\"elementor-heading-title elementor-size-default\">Heimildir (\u00farval)<\/h2>\t\t\t\t<\/div>\n\t\t<div class=\"elementor-element elementor-element-iwgw-bunyip-litc e-con-full e-flex e-con e-child\" data-id=\"iwgw-bunyip-litc\" data-element_type=\"container\" data-e-type=\"container\">\n\t\t\t\t<div class=\"elementor-element elementor-element-iwgw-bunyip-litt elementor-widget elementor-widget-text-editor\" data-id=\"iwgw-bunyip-litt\" data-element_type=\"widget\" data-e-type=\"widget\" data-widget_type=\"text-editor.default\">\n\t\t\t\t\t\t\t\t\t<ul><li><span data-nosnippet>Robert Holden: <em>Bunyips: Australia&#8217;s <span class=\"iwg-fachbegriff\" data-tooltip=\"Hin munnlega al\u00fe\u00fd\u00f0umenning me\u00f0 si\u00f0um, s\u00f6gum og s\u00f6ngvum.\" tabindex=\"0\">Folklore<\/span> of Fear<\/em> (2001)<\/span><\/li><li>A. W. Howitt: <em>The Native Tribes of South-East Australia<\/em> (1904)<\/li><li>Robert Brough Smyth: <em>The Aborigines of Victoria<\/em> (1878)<\/li><li>Charles Fenner: <em>Bunyips and Billabongs<\/em> (1933)<\/li><li>Tony Swain: <em>A Place for Strangers<\/em> (1993)<\/li><li>Bill Edwards: <em>An Introduction to Aboriginal Societies<\/em> (1998)<\/li><li>Lynne Hume: <em>Ancestral Power<\/em> (2002)<\/li><\/ul>\t\t\t\t\t\t\t\t<\/div>\n\t\t\t\t<\/div>\n\t\t\t\t\t<\/div>\n\t\t\t\t<\/div>\n\t\t<div class=\"elementor-element elementor-element-iwgkw2-add-bunyip e-flex e-con-boxed e-con e-parent\" data-id=\"iwgkw2-add-bunyip\" data-element_type=\"container\" data-e-type=\"container\">\n\t\t\t\t\t<div class=\"e-con-inner\">\n\t\t\t\t<div class=\"elementor-element elementor-element-iwgkw2-add-bunyip-t elementor-widget elementor-widget-text-editor\" data-id=\"iwgkw2-add-bunyip-t\" data-element_type=\"widget\" data-e-type=\"widget\" data-widget_type=\"text-editor.default\">\n\t\t\t\t\t\t\t\t\t<p>\u00cd <span class=\"iwg-fachbegriff\" data-tooltip=\"Munnm\u00e6lasaga um gu\u00f0i, uppruna og skipulag heimsins.\" tabindex=\"0\">go\u00f0s\u00f6gn<\/span> frumbyggja \u00ed su\u00f0austur \u00c1stral\u00edu lifir Bunyip \u00ed m\u00fdrum, billabongum og vatnsholum og er talin \u00f3ttalegt ska\u00f0vera sem dregur b\u00f6rn, fer\u00f0amenn og b\u00faf\u00e9na\u00f0 ni\u00f0ur \u00ed dj\u00fapi\u00f0.<\/p>\t\t\t\t\t\t\t\t<\/div>\n\t\t\t\t\t<\/div>\n\t\t\t\t<\/div>\n\t\t<div class=\"elementor-element elementor-element-iwgw-bunyip-kwd e-flex e-con-boxed e-con e-parent\" data-id=\"iwgw-bunyip-kwd\" data-element_type=\"container\" data-e-type=\"container\">\n\t\t\t\t\t<div class=\"e-con-inner\">\n\t\t<div class=\"elementor-element elementor-element-iwgw-bunyip-kwdc e-con-full e-flex e-con e-child\" data-id=\"iwgw-bunyip-kwdc\" data-element_type=\"container\" data-e-type=\"container\">\n\t\t\t\t<div class=\"elementor-element elementor-element-iwgw-bunyip-kwdt elementor-widget elementor-widget-text-editor\" data-id=\"iwgw-bunyip-kwdt\" data-element_type=\"widget\" data-e-type=\"widget\" data-widget_type=\"text-editor.default\">\n\t\t\t\t\t\t\t\t\t<p><em>Tengd leitaror\u00f0: Bunyip Wiradjuri Kulin m\u00fdri vatnshola ska\u00f0vera Yowie.<\/em><\/p>\t\t\t\t\t\t\t\t<\/div>\n\t\t\t\t<\/div>\n\t\t\t\t\t<\/div>\n\t\t\t\t<\/div>\n\t\t<div class=\"elementor-element elementor-element-iwgw-bunyip-cc e-flex e-con-boxed e-con e-parent\" data-id=\"iwgw-bunyip-cc\" data-element_type=\"container\" data-e-type=\"container\" id=\"iwg-cc-bunyip\">\n\t\t\t\t\t<div class=\"e-con-inner\">\n\t\t<div class=\"elementor-element elementor-element-iwgw-bunyip-ccinner e-flex e-con-boxed e-con e-parent\" data-id=\"iwgw-bunyip-ccinner\" data-element_type=\"container\" data-e-type=\"container\" data-settings=\"{&quot;background_background&quot;:&quot;classic&quot;}\">\n\t\t\t\t\t<div class=\"e-con-inner\">\n\t\t\t\t<div class=\"elementor-element elementor-element-iwgw-bunyip-cch elementor-widget elementor-widget-heading\" data-id=\"iwgw-bunyip-cch\" data-element_type=\"widget\" data-e-type=\"widget\" data-widget_type=\"heading.default\">\n\t\t\t\t\t<h2 class=\"elementor-heading-title elementor-size-default\">iWell Guard og verndarhef\u00f0ir<\/h2>\t\t\t\t<\/div>\n\t\t\t\t<div class=\"elementor-element elementor-element-iwgw-bunyip-cct elementor-widget elementor-widget-text-editor\" data-id=\"iwgw-bunyip-cct\" data-element_type=\"widget\" data-e-type=\"widget\" data-widget_type=\"text-editor.default\">\n\t\t\t\t\t\t\t\t\t<div data-nosnippet=\"true\"><p>iWell Guard tengist menningars\u00f6gulegri hef\u00f0 farandlegra verndargripa, \u00ed hef\u00f0 frumbyggja \u00c1stral\u00edu (<a href=\"https:\/\/iwell-guard.com\/is\/aboriginal-astralia-draumtid-tjukurpa-verndargripir\/\">Aboriginal<\/a>) og margra annarra menningarheima um allan heim. 41 lag, alv\u00f6ru gull, plat\u00edna, silfur, framleitt \u00ed \u00de\u00fdskalandi. 30 daga skilar\u00e9ttur.<\/p><\/div>\t\t\t\t\t\t\t\t<\/div>\n\t\t\t\t<div class=\"elementor-element elementor-element-iwgw-bunyip-ccb iwg-cc-button iwg-cc-cta-2026-05-13 elementor-widget elementor-widget-jet-button\" data-id=\"iwgw-bunyip-ccb\" data-element_type=\"widget\" data-e-type=\"widget\" data-widget_type=\"jet-button.default\">\n\t\t\t\t<div class=\"elementor-widget-container\">\n\t\t\t\t\t<div class=\"elementor-jet-button jet-elements\"><div class=\"jet-button__container\"><a class=\"jet-button__instance jet-button__instance--icon-left hover-effect-1\" href=\"\/ueber-iwell-guard\/?utm_source=iwell-guard.com&amp;utm_medium=info-box&amp;utm_campaign=wesen-tradition\"><div class=\"jet-button__plane jet-button__plane-normal\"><\/div><div class=\"jet-button__plane jet-button__plane-hover\"><\/div><div class=\"jet-button__state jet-button__state-normal\"><span class=\"jet-button__label\">Meira um iWell Guard<\/span><\/div><div class=\"jet-button__state jet-button__state-hover\"><span class=\"jet-button__label\">Meira um iWell Guard<\/span><\/div><\/a><\/div><\/div><style>.elementor-element.elementor-element-iwgw-bunyip-ccb .jet-button__instance{width:320px;height:56px;}.elementor-element.elementor-element-iwgw-bunyip-ccb .jet-button__state-normal .jet-button__label{text-align:center;margin:0px 0px 0px 0px;color:#1a1b20;font-family:Montserrat,sans-serif;font-size:13px;font-weight:400;letter-spacing:4px;line-height:1.714em;text-transform:uppercase;}.elementor-element.elementor-element-iwgw-bunyip-ccb .jet-button__state-hover .jet-button__label{text-align:center;margin:0px 0px 0px 0px;color:#FECC76;font-family:Montserrat,sans-serif;font-size:13px;font-weight:400;letter-spacing:4px;line-height:1.714em;text-transform:uppercase;}.elementor-element.elementor-element-iwgw-bunyip-ccb .jet-button__plane-normal{background-color:#FECC76;border-style:solid;border-color:#C99540;border-width:2px 2px 2px 2px;}.elementor-element.elementor-element-iwgw-bunyip-ccb .jet-button__plane-hover{background-color:rgba(0,0,0,0.55);border-style:solid;border-color:#FECC76;border-width:2px 2px 2px 2px;}<\/style>\t\t\t\t<\/div>\n\t\t\t\t<\/div>\n\t\t\t\t<div class=\"elementor-element elementor-element-iwgw-bunyip-ccd elementor-widget elementor-widget-text-editor\" data-id=\"iwgw-bunyip-ccd\" data-element_type=\"widget\" data-e-type=\"widget\" data-widget_type=\"text-editor.default\">\n\t\t\t\t\t\t\t\t\t<div data-nosnippet=\"true\"><p style=\"text-align:center;font-size:13px;opacity:0.7;margin-top:14px\" data-nosnippet=\"true\">Pers\u00f3nuleg reynsla getur veri\u00f0 mismunandi. Ekki l\u00e6kningat\u00e6ki. Engin lofor\u00f0 um l\u00e6kningu.<\/p><\/div>\t\t\t\t\t\t\t\t<\/div>\n\t\t\t\t\t<\/div>\n\t\t\t\t<\/div>\n\t\t\t\t\t<\/div>\n\t\t\t\t<\/div>\n\t\t<div class=\"elementor-element elementor-element-iwgw-bunyip-disc e-flex e-con-boxed e-con e-parent\" data-id=\"iwgw-bunyip-disc\" data-element_type=\"container\" data-e-type=\"container\">\n\t\t\t\t\t<div class=\"e-con-inner\">\n\t\t\t\t<div class=\"elementor-element elementor-element-iwgw-bunyip-discw elementor-widget elementor-widget-html\" data-id=\"iwgw-bunyip-discw\" data-element_type=\"widget\" data-e-type=\"widget\" data-widget_type=\"html.default\">\n\t\t\t\t\t<footer data-nosnippet=\"true\" class=\"iwg-disclaimer-block\"><p data-nosnippet=\"true\">iWell Guard er <strong>ekki l\u00e6kningat\u00e6ki<\/strong> og kemur ekki \u00ed sta\u00f0inn fyrir l\u00e6knis- e\u00f0a s\u00e1lfr\u00e6\u00f0ime\u00f0fer\u00f0. Tr\u00faarfr\u00e6\u00f0ilegt efni er menningars\u00f6gulegt samhengi, ekki r\u00e1\u00f0legging um andlega i\u00f0kun.<\/p><\/footer>\t\t\t\t<\/div>\n\t\t\t\t\t<\/div>\n\t\t\t\t<\/div>\n\t\t\t\t<\/div>\n\t\t","protected":false},"excerpt":{"rendered":"","protected":false},"author":3,"featured_media":2865,"parent":0,"menu_order":0,"comment_status":"closed","ping_status":"closed","template":"elementor_header_footer","meta":{"_yoast_wpseo_focuskw":"Bunyip vatnsv\u00e6tti frumbyggja","_yoast_wpseo_title":"Bunyip \u2013 vatnsv\u00e6tti frumbyggja \u00c1stral\u00edu, go\u00f0s\u00f6gn og heimildir","_yoast_wpseo_metadesc":"Bunyip er \u00f3gnvekjandi vatnsv\u00e6tti \u00ed m\u00fdrum og vatnsgryfjum frumbyggja \u00ed su\u00f0austur \u00c1stral\u00edu. Go\u00f0s\u00f6gn og heimildir.","_yoast_wpseo_meta-robots-noindex":"","_yoast_wpseo_canonical":"","_angie_page":false,"gefaehrdungsstufe":"4","wesen_kultur":"aboriginal","wesen_klasse":"daemonen","footnotes":""},"categories":[],"class_list":["post-168996","page","type-page","status-publish","has-post-thumbnail","hentry"],"yoast_head":"<!-- This site is optimized with the Yoast SEO Premium plugin v27.7 (Yoast SEO v28.3) - https:\/\/yoast.com\/product\/yoast-seo-premium-wordpress\/ -->\n<title>Bunyip \u2013 vatnsv\u00e6tti frumbyggja \u00c1stral\u00edu, go\u00f0s\u00f6gn og heimildir<\/title>\n<meta name=\"description\" content=\"Bunyip er \u00f3gnvekjandi vatnsv\u00e6tti \u00ed m\u00fdrum og vatnsgryfjum frumbyggja \u00ed su\u00f0austur \u00c1stral\u00edu. Go\u00f0s\u00f6gn og heimildir.\" \/>\n<meta name=\"robots\" content=\"index, follow, max-snippet:-1, max-image-preview:large, max-video-preview:-1\" \/>\n<link rel=\"canonical\" href=\"https:\/\/iwell-guard.com\/is\/bunyip-vatnsvaetti-frumbyggja\/\" \/>\n<meta property=\"og:locale\" content=\"is_IS\" \/>\n<meta property=\"og:type\" content=\"article\" \/>\n<meta property=\"og:title\" content=\"Bunyip \u2013 vatnsv\u00e6tti frumbyggja \u00c1stral\u00edu\" \/>\n<meta property=\"og:description\" content=\"Bunyip er \u00f3gnvekjandi vatnsv\u00e6tti \u00ed m\u00fdrum og vatnsgryfjum frumbyggja \u00ed su\u00f0austur \u00c1stral\u00edu. Go\u00f0s\u00f6gn og heimildir.\" \/>\n<meta property=\"og:url\" content=\"https:\/\/iwell-guard.com\/is\/bunyip-vatnsvaetti-frumbyggja\/\" \/>\n<meta property=\"og:site_name\" content=\"iWell Guard\" \/>\n<meta property=\"article:modified_time\" content=\"2026-09-05T14:29:19+00:00\" \/>\n<meta property=\"og:image\" content=\"https:\/\/iwell-guard.com\/wp-content\/uploads\/2026\/05\/daemonen_aboriginal_bunyip.webp\" \/>\n\t<meta property=\"og:image:width\" content=\"1024\" \/>\n\t<meta property=\"og:image:height\" content=\"1536\" \/>\n\t<meta property=\"og:image:type\" content=\"image\/webp\" \/>\n<meta name=\"twitter:card\" content=\"summary_large_image\" \/>\n<script type=\"application\/ld+json\" class=\"yoast-schema-graph\">{\"@context\":\"https:\\\/\\\/schema.org\",\"@graph\":[{\"@type\":\"WebPage\",\"@id\":\"https:\\\/\\\/iwell-guard.com\\\/is\\\/bunyip-vatnsvaetti-frumbyggja\\\/\",\"url\":\"https:\\\/\\\/iwell-guard.com\\\/is\\\/bunyip-vatnsvaetti-frumbyggja\\\/\",\"name\":\"Bunyip \u2013 vatnsv\u00e6tti frumbyggja \u00c1stral\u00edu, go\u00f0s\u00f6gn og heimildir\",\"isPartOf\":{\"@id\":\"https:\\\/\\\/iwell-guard.com\\\/is\\\/#website\"},\"primaryImageOfPage\":{\"@id\":\"https:\\\/\\\/iwell-guard.com\\\/is\\\/bunyip-vatnsvaetti-frumbyggja\\\/#primaryimage\"},\"image\":{\"@id\":\"https:\\\/\\\/iwell-guard.com\\\/is\\\/bunyip-vatnsvaetti-frumbyggja\\\/#primaryimage\"},\"thumbnailUrl\":\"https:\\\/\\\/iwell-guard.com\\\/wp-content\\\/uploads\\\/2026\\\/05\\\/daemonen_aboriginal_bunyip.webp\",\"datePublished\":\"2026-09-05T14:04:41+00:00\",\"dateModified\":\"2026-09-05T14:29:19+00:00\",\"description\":\"Bunyip er \u00f3gnvekjandi vatnsv\u00e6tti \u00ed m\u00fdrum og vatnsgryfjum frumbyggja \u00ed su\u00f0austur \u00c1stral\u00edu. Go\u00f0s\u00f6gn og heimildir.\",\"breadcrumb\":{\"@id\":\"https:\\\/\\\/iwell-guard.com\\\/is\\\/bunyip-vatnsvaetti-frumbyggja\\\/#breadcrumb\"},\"inLanguage\":\"is\",\"potentialAction\":[{\"@type\":\"ReadAction\",\"target\":[\"https:\\\/\\\/iwell-guard.com\\\/is\\\/bunyip-vatnsvaetti-frumbyggja\\\/\"]}]},{\"@type\":\"ImageObject\",\"inLanguage\":\"is\",\"@id\":\"https:\\\/\\\/iwell-guard.com\\\/is\\\/bunyip-vatnsvaetti-frumbyggja\\\/#primaryimage\",\"url\":\"https:\\\/\\\/iwell-guard.com\\\/wp-content\\\/uploads\\\/2026\\\/05\\\/daemonen_aboriginal_bunyip.webp\",\"contentUrl\":\"https:\\\/\\\/iwell-guard.com\\\/wp-content\\\/uploads\\\/2026\\\/05\\\/daemonen_aboriginal_bunyip.webp\",\"width\":1024,\"height\":1536,\"caption\":\"P\u00fakar \u00far frumbyggjahef\u00f0 \u00c1stral\u00edu (Aboriginal).\"},{\"@type\":\"BreadcrumbList\",\"@id\":\"https:\\\/\\\/iwell-guard.com\\\/is\\\/bunyip-vatnsvaetti-frumbyggja\\\/#breadcrumb\",\"itemListElement\":[{\"@type\":\"ListItem\",\"position\":1,\"name\":\"Start\",\"item\":\"https:\\\/\\\/iwell-guard.com\\\/is\\\/?page_id=168580\"},{\"@type\":\"ListItem\",\"position\":2,\"name\":\"Bunyip \u2013 vatnsv\u00e6tti frumbyggja \u00c1stral\u00edu\"}]},{\"@type\":\"WebSite\",\"@id\":\"https:\\\/\\\/iwell-guard.com\\\/is\\\/#website\",\"url\":\"https:\\\/\\\/iwell-guard.com\\\/is\\\/\",\"name\":\"iWell Guard\",\"description\":\"Schutz vor dunklen Einfl\u00fcssen\",\"publisher\":{\"@id\":\"https:\\\/\\\/iwell-guard.com\\\/is\\\/#organization\"},\"potentialAction\":[{\"@type\":\"SearchAction\",\"target\":{\"@type\":\"EntryPoint\",\"urlTemplate\":\"https:\\\/\\\/iwell-guard.com\\\/is\\\/?s={search_term_string}\"},\"query-input\":{\"@type\":\"PropertyValueSpecification\",\"valueRequired\":true,\"valueName\":\"search_term_string\"}}],\"inLanguage\":\"is\"},{\"@type\":\"Organization\",\"@id\":\"https:\\\/\\\/iwell-guard.com\\\/is\\\/#organization\",\"name\":\"Ittermann electronic GmbH\",\"url\":\"https:\\\/\\\/iwell-guard.com\\\/is\\\/\",\"logo\":{\"@type\":\"ImageObject\",\"inLanguage\":\"is\",\"@id\":\"https:\\\/\\\/iwell-guard.com\\\/is\\\/#\\\/schema\\\/logo\\\/image\\\/\",\"url\":\"https:\\\/\\\/iwell-guard.com\\\/wp-content\\\/uploads\\\/2026\\\/05\\\/Ittermann-Logo-1182x237-1.png\",\"contentUrl\":\"https:\\\/\\\/iwell-guard.com\\\/wp-content\\\/uploads\\\/2026\\\/05\\\/Ittermann-Logo-1182x237-1.png\",\"width\":1182,\"height\":237,\"caption\":\"Ittermann electronic GmbH\"},\"image\":{\"@id\":\"https:\\\/\\\/iwell-guard.com\\\/is\\\/#\\\/schema\\\/logo\\\/image\\\/\"},\"sameAs\":[\"https:\\\/\\\/pantip.com\\\/profile\\\/9367242\",\"https:\\\/\\\/micro.blog\\\/iwellguard\",\"https:\\\/\\\/www.diggerslist.com\\\/iwellguard\\\/about\",\"https:\\\/\\\/skitterphoto.com\\\/photographers\\\/2870314\\\/iwell-guard\",\"https:\\\/\\\/iwellguard.wordpress.com\\\/2026\\\/06\\\/06\\\/iwell-guard\\\/\",\"https:\\\/\\\/hub.docker.com\\\/u\\\/iwellguard\",\"https:\\\/\\\/www.pinterest.com\\\/iwellguard\\\/\",\"https:\\\/\\\/bit.ly\\\/m\\\/iwellguard\",\"https:\\\/\\\/entre-vos-mains.alsace.eu\\\/profiles\\\/iwellguard\\\/activity\",\"https:\\\/\\\/gravatar.com\\\/reallybeded8fd34\",\"https:\\\/\\\/naijamatta.com\\\/iwellguard\",\"https:\\\/\\\/www.goodreads.com\\\/iwellguard\",\"https:\\\/\\\/profile.hatena.ne.jp\\\/iwellguard\\\/\",\"https:\\\/\\\/experiment.com\\\/users\\\/iwellguard\",\"https:\\\/\\\/wakelet.com\\\/@iWellGuard82270\",\"https:\\\/\\\/www.chordie.com\\\/forum\\\/profile.php?id=2555664\",\"https:\\\/\\\/www.instapaper.com\\\/p\\\/17757966\",\"https:\\\/\\\/www.mapleprimes.com\\\/users\\\/iwellguard\",\"https:\\\/\\\/businesslistingplus.com\\\/profile\\\/iwell-guard\\\/\",\"https:\\\/\\\/telegra.ph\\\/iWell-Guard-06-06\",\"https:\\\/\\\/pbase.com\\\/iwellguard\\\/iwellguard\",\"https:\\\/\\\/b.hatena.ne.jp\\\/iwellguard\\\/20260607#bookmark-4788405196491818882\",\"https:\\\/\\\/fliphtml5.com\\\/home\\\/iwellguard\",\"https:\\\/\\\/anyflip.com\\\/homepage\\\/cmiwl#About\",\"https:\\\/\\\/transfur.com\\\/Users\\\/iwellguard\",\"http:\\\/\\\/delphi.larsbo.org\\\/user\\\/iwellguard\",\"https:\\\/\\\/jobs.lajobsportal.org\\\/profiles\\\/8380803-iwell-guard\",\"https:\\\/\\\/md.chaosdorf.de\\\/s\\\/jfbe5SBdJD\",\"https:\\\/\\\/www.lingvolive.com\\\/en-us\\\/profile\\\/9ecaeaca-ce11-4e51-9e71-01d55e2bff36\\\/translations\",\"https:\\\/\\\/www.fitday.com\\\/fitness\\\/forums\\\/members\\\/iwellguard.html\",\"https:\\\/\\\/www.mymeetbook.com\\\/iwellguard\",\"https:\\\/\\\/pxhere.com\\\/en\\\/photographer-me\\\/5040798\",\"https:\\\/\\\/disqus.com\\\/by\\\/iwellguard\\\/about\\\/\",\"https:\\\/\\\/pastelink.net\\\/hjwciqwq\",\"https:\\\/\\\/pubhtml5.com\\\/homepage\\\/scjhn\\\/\",\"https:\\\/\\\/www.bitchute.com\\\/channel\\\/2O2eOKzNqujT\",\"https:\\\/\\\/audiomack.com\\\/iwellguard\"]},{\"@type\":\"Article\",\"@id\":\"https:\\\/\\\/iwell-guard.com\\\/is\\\/bunyip-vatnsvaetti-frumbyggja\\\/#article\",\"isPartOf\":{\"@id\":\"https:\\\/\\\/iwell-guard.com\\\/is\\\/bunyip-vatnsvaetti-frumbyggja\\\/\"},\"author\":{\"name\":\"Ralf Ittermann\",\"@id\":\"https:\\\/\\\/iwell-guard.com\\\/is\\\/#\\\/schema\\\/person\\\/ee2a27f1cac3406c7c6fb5820cb7349f\"},\"headline\":\"Bunyip \u2013 vatnsv\u00e6tti frumbyggja \u00c1stral\u00edu\",\"datePublished\":\"2026-09-05T14:04:41+00:00\",\"dateModified\":\"2026-09-05T14:29:19+00:00\",\"mainEntityOfPage\":{\"@id\":\"https:\\\/\\\/iwell-guard.com\\\/is\\\/bunyip-vatnsvaetti-frumbyggja\\\/\"},\"publisher\":{\"@id\":\"https:\\\/\\\/iwell-guard.com\\\/is\\\/#organization\"},\"image\":{\"@id\":\"https:\\\/\\\/iwell-guard.com\\\/is\\\/bunyip-vatnsvaetti-frumbyggja\\\/#primaryimage\"},\"thumbnailUrl\":\"https:\\\/\\\/iwell-guard.com\\\/wp-content\\\/uploads\\\/2026\\\/05\\\/daemonen_aboriginal_bunyip.webp\",\"inLanguage\":\"is\",\"description\":\"Bunyip er \u00f3gnvekjandi vatnsv\u00e6tti \u00ed m\u00fdrum og vatnsgryfjum frumbyggja \u00ed su\u00f0austur \u00c1stral\u00edu. Go\u00f0s\u00f6gn og heimildir.\"}]}<\/script>\n<!-- \/ Yoast SEO Premium plugin. -->","yoast_head_json":{"title":"Bunyip \u2013 vatnsv\u00e6tti frumbyggja \u00c1stral\u00edu, go\u00f0s\u00f6gn og heimildir","description":"Bunyip er \u00f3gnvekjandi vatnsv\u00e6tti \u00ed m\u00fdrum og vatnsgryfjum frumbyggja \u00ed su\u00f0austur \u00c1stral\u00edu. Go\u00f0s\u00f6gn og heimildir.","robots":{"index":"index","follow":"follow","max-snippet":"max-snippet:-1","max-image-preview":"max-image-preview:large","max-video-preview":"max-video-preview:-1"},"canonical":"https:\/\/iwell-guard.com\/is\/bunyip-vatnsvaetti-frumbyggja\/","og_locale":"is_IS","og_type":"article","og_title":"Bunyip \u2013 vatnsv\u00e6tti frumbyggja \u00c1stral\u00edu","og_description":"Bunyip er \u00f3gnvekjandi vatnsv\u00e6tti \u00ed m\u00fdrum og vatnsgryfjum frumbyggja \u00ed su\u00f0austur \u00c1stral\u00edu. Go\u00f0s\u00f6gn og heimildir.","og_url":"https:\/\/iwell-guard.com\/is\/bunyip-vatnsvaetti-frumbyggja\/","og_site_name":"iWell Guard","article_modified_time":"2026-09-05T14:29:19+00:00","og_image":[{"width":1024,"height":1536,"url":"https:\/\/iwell-guard.com\/wp-content\/uploads\/2026\/05\/daemonen_aboriginal_bunyip.webp","type":"image\/webp"}],"twitter_card":"summary_large_image","schema":{"@context":"https:\/\/schema.org","@graph":[{"@type":"Article","@id":"https:\/\/iwell-guard.com\/is\/bunyip-vatnsvaetti-frumbyggja\/#article","isPartOf":{"@id":"https:\/\/iwell-guard.com\/is\/bunyip-vatnsvaetti-frumbyggja\/"},"author":{"name":"Ralf Ittermann","@id":"https:\/\/iwell-guard.com\/is\/#\/schema\/person\/ee2a27f1cac3406c7c6fb5820cb7349f"},"headline":"Bunyip \u2013 vatnsv\u00e6tti frumbyggja \u00c1stral\u00edu","datePublished":"2026-09-05T14:04:41+00:00","dateModified":"2026-09-05T14:29:19+00:00","mainEntityOfPage":{"@id":"https:\/\/iwell-guard.com\/is\/bunyip-vatnsvaetti-frumbyggja\/"},"publisher":{"@id":"https:\/\/iwell-guard.com\/is\/#organization"},"image":{"@id":"https:\/\/iwell-guard.com\/is\/bunyip-vatnsvaetti-frumbyggja\/#primaryimage"},"thumbnailUrl":"https:\/\/iwell-guard.com\/wp-content\/uploads\/2026\/05\/daemonen_aboriginal_bunyip.webp","inLanguage":"is","description":"Bunyip er \u00f3gnvekjandi vatnsv\u00e6tti \u00ed m\u00fdrum og vatnsgryfjum frumbyggja \u00ed su\u00f0austur \u00c1stral\u00edu. Go\u00f0s\u00f6gn og heimildir."},{"@type":"WebPage","@id":"https:\/\/iwell-guard.com\/is\/bunyip-vatnsvaetti-frumbyggja\/","url":"https:\/\/iwell-guard.com\/is\/bunyip-vatnsvaetti-frumbyggja\/","name":"Bunyip \u2013 vatnsv\u00e6tti frumbyggja \u00c1stral\u00edu, go\u00f0s\u00f6gn og heimildir","isPartOf":{"@id":"https:\/\/iwell-guard.com\/is\/#website"},"primaryImageOfPage":{"@id":"https:\/\/iwell-guard.com\/is\/bunyip-vatnsvaetti-frumbyggja\/#primaryimage"},"image":{"@id":"https:\/\/iwell-guard.com\/is\/bunyip-vatnsvaetti-frumbyggja\/#primaryimage"},"thumbnailUrl":"https:\/\/iwell-guard.com\/wp-content\/uploads\/2026\/05\/daemonen_aboriginal_bunyip.webp","datePublished":"2026-09-05T14:04:41+00:00","dateModified":"2026-09-05T14:29:19+00:00","description":"Bunyip er \u00f3gnvekjandi vatnsv\u00e6tti \u00ed m\u00fdrum og vatnsgryfjum frumbyggja \u00ed su\u00f0austur \u00c1stral\u00edu. Go\u00f0s\u00f6gn og heimildir.","breadcrumb":{"@id":"https:\/\/iwell-guard.com\/is\/bunyip-vatnsvaetti-frumbyggja\/#breadcrumb"},"inLanguage":"is","potentialAction":[{"@type":"ReadAction","target":["https:\/\/iwell-guard.com\/is\/bunyip-vatnsvaetti-frumbyggja\/"]}]},{"@type":"ImageObject","inLanguage":"is","@id":"https:\/\/iwell-guard.com\/is\/bunyip-vatnsvaetti-frumbyggja\/#primaryimage","url":"https:\/\/iwell-guard.com\/wp-content\/uploads\/2026\/05\/daemonen_aboriginal_bunyip.webp","contentUrl":"https:\/\/iwell-guard.com\/wp-content\/uploads\/2026\/05\/daemonen_aboriginal_bunyip.webp","width":1024,"height":1536,"caption":"P\u00fakar \u00far frumbyggjahef\u00f0 \u00c1stral\u00edu (Aboriginal)."},{"@type":"BreadcrumbList","@id":"https:\/\/iwell-guard.com\/is\/bunyip-vatnsvaetti-frumbyggja\/#breadcrumb","itemListElement":[{"@type":"ListItem","position":1,"name":"Start","item":"https:\/\/iwell-guard.com\/is\/?page_id=168580"},{"@type":"ListItem","position":2,"name":"Bunyip \u2013 vatnsv\u00e6tti frumbyggja \u00c1stral\u00edu"}]},{"@type":"WebSite","@id":"https:\/\/iwell-guard.com\/is\/#website","url":"https:\/\/iwell-guard.com\/is\/","name":"iWell Guard","description":"Schutz vor dunklen Einfl\u00fcssen","publisher":{"@id":"https:\/\/iwell-guard.com\/is\/#organization"},"potentialAction":[{"@type":"SearchAction","target":{"@type":"EntryPoint","urlTemplate":"https:\/\/iwell-guard.com\/is\/?s={search_term_string}"},"query-input":{"@type":"PropertyValueSpecification","valueRequired":true,"valueName":"search_term_string"}}],"inLanguage":"is"},{"@type":"Organization","@id":"https:\/\/iwell-guard.com\/is\/#organization","name":"Ittermann electronic GmbH","url":"https:\/\/iwell-guard.com\/is\/","logo":{"@type":"ImageObject","inLanguage":"is","@id":"https:\/\/iwell-guard.com\/is\/#\/schema\/logo\/image\/","url":"https:\/\/iwell-guard.com\/wp-content\/uploads\/2026\/05\/Ittermann-Logo-1182x237-1.png","contentUrl":"https:\/\/iwell-guard.com\/wp-content\/uploads\/2026\/05\/Ittermann-Logo-1182x237-1.png","width":1182,"height":237,"caption":"Ittermann electronic GmbH"},"image":{"@id":"https:\/\/iwell-guard.com\/is\/#\/schema\/logo\/image\/"},"sameAs":["https:\/\/pantip.com\/profile\/9367242","https:\/\/micro.blog\/iwellguard","https:\/\/www.diggerslist.com\/iwellguard\/about","https:\/\/skitterphoto.com\/photographers\/2870314\/iwell-guard","https:\/\/iwellguard.wordpress.com\/2026\/06\/06\/iwell-guard\/","https:\/\/hub.docker.com\/u\/iwellguard","https:\/\/www.pinterest.com\/iwellguard\/","https:\/\/bit.ly\/m\/iwellguard","https:\/\/entre-vos-mains.alsace.eu\/profiles\/iwellguard\/activity","https:\/\/gravatar.com\/reallybeded8fd34","https:\/\/naijamatta.com\/iwellguard","https:\/\/www.goodreads.com\/iwellguard","https:\/\/profile.hatena.ne.jp\/iwellguard\/","https:\/\/experiment.com\/users\/iwellguard","https:\/\/wakelet.com\/@iWellGuard82270","https:\/\/www.chordie.com\/forum\/profile.php?id=2555664","https:\/\/www.instapaper.com\/p\/17757966","https:\/\/www.mapleprimes.com\/users\/iwellguard","https:\/\/businesslistingplus.com\/profile\/iwell-guard\/","https:\/\/telegra.ph\/iWell-Guard-06-06","https:\/\/pbase.com\/iwellguard\/iwellguard","https:\/\/b.hatena.ne.jp\/iwellguard\/20260607#bookmark-4788405196491818882","https:\/\/fliphtml5.com\/home\/iwellguard","https:\/\/anyflip.com\/homepage\/cmiwl#About","https:\/\/transfur.com\/Users\/iwellguard","http:\/\/delphi.larsbo.org\/user\/iwellguard","https:\/\/jobs.lajobsportal.org\/profiles\/8380803-iwell-guard","https:\/\/md.chaosdorf.de\/s\/jfbe5SBdJD","https:\/\/www.lingvolive.com\/en-us\/profile\/9ecaeaca-ce11-4e51-9e71-01d55e2bff36\/translations","https:\/\/www.fitday.com\/fitness\/forums\/members\/iwellguard.html","https:\/\/www.mymeetbook.com\/iwellguard","https:\/\/pxhere.com\/en\/photographer-me\/5040798","https:\/\/disqus.com\/by\/iwellguard\/about\/","https:\/\/pastelink.net\/hjwciqwq","https:\/\/pubhtml5.com\/homepage\/scjhn\/","https:\/\/www.bitchute.com\/channel\/2O2eOKzNqujT","https:\/\/audiomack.com\/iwellguard"]},{"@type":"Person","@id":"https:\/\/iwell-guard.com\/is\/#\/schema\/person\/ee2a27f1cac3406c7c6fb5820cb7349f","name":"Ralf Ittermann","image":{"@type":"ImageObject","inLanguage":"is","@id":"https:\/\/secure.gravatar.com\/avatar\/073c0153e350a5005b68eb752b445fea71f6b24a26da9449ad7e155e6b446c9d?s=96&d=mm&r=g","url":"https:\/\/secure.gravatar.com\/avatar\/073c0153e350a5005b68eb752b445fea71f6b24a26da9449ad7e155e6b446c9d?s=96&d=mm&r=g","contentUrl":"https:\/\/secure.gravatar.com\/avatar\/073c0153e350a5005b68eb752b445fea71f6b24a26da9449ad7e155e6b446c9d?s=96&d=mm&r=g","caption":"Ralf Ittermann"},"givenName":"Ralf","familyName":"Ittermann","jobTitle":"Gesch\u00e4ftsf\u00fchrer und redaktioneller Verantwortlicher","url":"https:\/\/iwell-guard.com\/is\/author\/claude\/","description":"Ralf Ittermann ist Gesch\u00e4ftsf\u00fchrer der Ittermann electronic GmbH und redaktioneller Verantwortlicher des iWell-Guard-Lexikons. Er verbindet langj\u00e4hrige Erfahrung in der Pr\u00e4zisionsfertigung mit medialer Praxis und religionsgeschichtlicher Quellenarbeit.","worksFor":{"@type":"Organization","name":"Ittermann electronic GmbH","url":"https:\/\/ittermann.de\/","address":{"@type":"PostalAddress","streetAddress":"K\u00f6hlergasse 16-18","postalCode":"99842","addressLocality":"Ruhla","addressCountry":"DE"}},"knowsAbout":["Religionsgeschichte","Mythologie","Mediale Praxis","Energetische Diagnostik","Schutzpraxis","Volksglauben","Westliche Esoterik"]},{"@type":"Article","@id":"https:\/\/iwell-guard.com\/is\/bunyip-vatnsvaetti-frumbyggja\/#article","isPartOf":{"@id":"https:\/\/iwell-guard.com\/is\/bunyip-vatnsvaetti-frumbyggja\/"},"author":{"name":"Ralf Ittermann","@id":"https:\/\/iwell-guard.com\/is\/#\/schema\/person\/ee2a27f1cac3406c7c6fb5820cb7349f"},"headline":"Bunyip \u2013 vatnsv\u00e6tti frumbyggja \u00c1stral\u00edu","datePublished":"2026-09-05T14:04:41+00:00","dateModified":"2026-09-05T14:29:19+00:00","mainEntityOfPage":{"@id":"https:\/\/iwell-guard.com\/is\/bunyip-vatnsvaetti-frumbyggja\/"},"publisher":{"@id":"https:\/\/iwell-guard.com\/is\/#organization"},"image":{"@id":"https:\/\/iwell-guard.com\/is\/bunyip-vatnsvaetti-frumbyggja\/#primaryimage"},"thumbnailUrl":"https:\/\/iwell-guard.com\/wp-content\/uploads\/2026\/05\/daemonen_aboriginal_bunyip.webp","inLanguage":"is","description":"Bunyip er \u00f3gnvekjandi vatnsv\u00e6tti \u00ed m\u00fdrum og vatnsgryfjum frumbyggja \u00ed su\u00f0austur \u00c1stral\u00edu. Go\u00f0s\u00f6gn og heimildir."}]}},"_links":{"self":[{"href":"https:\/\/iwell-guard.com\/is\/wp-json\/wp\/v2\/pages\/168996","targetHints":{"allow":["GET"]}}],"collection":[{"href":"https:\/\/iwell-guard.com\/is\/wp-json\/wp\/v2\/pages"}],"about":[{"href":"https:\/\/iwell-guard.com\/is\/wp-json\/wp\/v2\/types\/page"}],"author":[{"embeddable":true,"href":"https:\/\/iwell-guard.com\/is\/wp-json\/wp\/v2\/users\/3"}],"replies":[{"embeddable":true,"href":"https:\/\/iwell-guard.com\/is\/wp-json\/wp\/v2\/comments?post=168996"}],"version-history":[{"count":0,"href":"https:\/\/iwell-guard.com\/is\/wp-json\/wp\/v2\/pages\/168996\/revisions"}],"wp:featuredmedia":[{"embeddable":true,"href":"https:\/\/iwell-guard.com\/is\/wp-json\/wp\/v2\/media\/2865"}],"wp:attachment":[{"href":"https:\/\/iwell-guard.com\/is\/wp-json\/wp\/v2\/media?parent=168996"}],"wp:term":[{"taxonomy":"category","embeddable":true,"href":"https:\/\/iwell-guard.com\/is\/wp-json\/wp\/v2\/categories?post=168996"}],"curies":[{"name":"wp","href":"https:\/\/api.w.org\/{rel}","templated":true}]}}