{"id":168995,"date":"2026-09-05T14:04:41","date_gmt":"2026-09-05T14:04:41","guid":{"rendered":"https:\/\/iwell-guard.com\/?page_id=168995"},"modified":"2026-09-05T14:29:19","modified_gmt":"2026-09-05T14:29:19","slug":"mimi-andar-klettaandar-arnhem-land","status":"publish","type":"page","link":"https:\/\/iwell-guard.com\/is\/mimi-andar-klettaandar-arnhem-land\/","title":{"rendered":"Mimi-andar \u2013 Grannvaxnir klettaandar Arnhem Land-frumbyggja"},"content":{"rendered":"\t\t<div data-elementor-type=\"wp-page\" data-elementor-id=\"168995\" class=\"elementor elementor-168995 elementor-2650 elementor-bc-flex-widget\" data-elementor-post-type=\"page\">\n\t\t\t\t<div class=\"elementor-element elementor-element-iwgw-mimigeiste-hero e-flex e-con-boxed e-con e-parent\" data-id=\"iwgw-mimigeiste-hero\" data-element_type=\"container\" data-e-type=\"container\" data-settings=\"{&quot;background_background&quot;:&quot;classic&quot;}\">\n\t\t\t\t\t<div class=\"e-con-inner\">\n\t\t<div class=\"elementor-element elementor-element-iwgw-mimigeiste-hl e-flex e-con-boxed e-con e-child\" data-id=\"iwgw-mimigeiste-hl\" data-element_type=\"container\" data-e-type=\"container\">\n\t\t\t\t\t<div class=\"e-con-inner\">\n\t\t<div class=\"elementor-element elementor-element-iwgw-mimigeiste-htxt e-con-full e-flex e-con e-child\" data-id=\"iwgw-mimigeiste-htxt\" data-element_type=\"container\" data-e-type=\"container\">\n\t\t\t\t<div class=\"elementor-element elementor-element-iwgw-mimigeiste-h1 elementor-widget elementor-widget-heading\" data-id=\"iwgw-mimigeiste-h1\" data-element_type=\"widget\" data-e-type=\"widget\" data-widget_type=\"heading.default\">\n\t\t\t\t\t<h1 class=\"elementor-heading-title elementor-size-default\">Mimi-andar, grannvaxnir klettaandar og hellaandar \u00ed frumbyggjahef\u00f0 Arnhem Land<\/h1>\t\t\t\t<\/div>\n\t\t\t\t<div class=\"elementor-element elementor-element-iwgw-mimigeiste-lead elementor-widget elementor-widget-text-editor\" data-id=\"iwgw-mimigeiste-lead\" data-element_type=\"widget\" data-e-type=\"widget\" data-widget_type=\"text-editor.default\">\n\t\t\t\t\t\t\t\t\t<p>Mimi-andar (einnig <em>Mimih<\/em>) eru grannvaxnir, styggir klettaandar og hellaandar \u00ed frumbyggjahef\u00f0 Vestur-Arnhem Land \u00ed Nor\u00f0ur-\u00c1stral\u00edu. \u00deeir eru svo grannir a\u00f0 \u00feeir geta fali\u00f0 sig \u00ed klettasprungum og svo styggir a\u00f0 \u00feeir s\u00fdna sig a\u00f0eins \u00ed logni.<\/p>\t\t\t\t\t\t\t\t<\/div>\n\t\t\t\t<\/div>\n\t\t<div class=\"elementor-element elementor-element-iwgw-mimigeiste-pillc e-con-full e-flex e-con e-child\" data-id=\"iwgw-mimigeiste-pillc\" data-element_type=\"container\" data-e-type=\"container\">\n\t\t\t\t<div class=\"elementor-element elementor-element-iwgw-mimigeiste-pills elementor-widget elementor-widget-html\" data-id=\"iwgw-mimigeiste-pills\" data-element_type=\"widget\" data-e-type=\"widget\" data-widget_type=\"html.default\">\n\t\t\t\t\t<div class=\"iwg-pill-row\"><span class=\"iwg-klasse-badge\" tabindex=\"0\" data-tooltip=\"N\u00e1tt\u00faruandi \u00ed hef\u00f0 frumbyggja.\">N\u00e1tt\u00faruandi<\/span><a href=\"https:\/\/iwell-guard.com\/is\/aboriginal-astralia-draumtid-tjukurpa-verndargripir\/\" class=\"iwg-kultur-badge\" tabindex=\"0\" data-tooltip=\"Go\u00f0afr\u00e6\u00f0i frumbyggjahef\u00f0ar.\">Frumbyggjar<\/a><span class=\"iwg-tradition-badge\" tabindex=\"0\" data-tooltip=\"Klettaandar.\">Klettaandar<\/span><\/div>\t\t\t\t<\/div>\n\t\t\t\t<\/div>\n\t\t<div class=\"elementor-element elementor-element-iwgw-mimigeiste-tocc e-con-full e-flex e-con e-child\" data-id=\"iwgw-mimigeiste-tocc\" data-element_type=\"container\" data-e-type=\"container\">\n\t\t\t\t<div class=\"elementor-element elementor-element-iwgw-mimigeiste-toc elementor-toc--minimized-on-tablet elementor-widget elementor-widget-table-of-contents\" data-id=\"iwgw-mimigeiste-toc\" data-element_type=\"widget\" data-e-type=\"widget\" data-settings=\"{&quot;headings_by_tags&quot;:[&quot;h2&quot;,&quot;h3&quot;],&quot;minimize_box&quot;:&quot;yes&quot;,&quot;marker_view&quot;:&quot;bullets&quot;,&quot;no_headings_message&quot;:&quot;Engar undirfyrirsagnir fundust \\u00e1 \\u00feessari s\\u00ed\\u00f0u.&quot;,&quot;exclude_headings_by_selector&quot;:[],&quot;icon&quot;:{&quot;value&quot;:&quot;fas fa-circle&quot;,&quot;library&quot;:&quot;fa-solid&quot;,&quot;rendered_tag&quot;:&quot;&lt;svg class=\\&quot;e-font-icon-svg e-fas-circle\\&quot; viewBox=\\&quot;0 0 512 512\\&quot; xmlns=\\&quot;http:\\\/\\\/www.w3.org\\\/2000\\\/svg\\&quot;&gt;&lt;path d=\\&quot;M256 8C119 8 8 119 8 256s111 248 248 248 248-111 248-248S393 8 256 8z\\&quot;&gt;&lt;\\\/path&gt;&lt;\\\/svg&gt;&quot;},&quot;minimized_on&quot;:&quot;tablet&quot;,&quot;hierarchical_view&quot;:&quot;yes&quot;,&quot;min_height&quot;:{&quot;unit&quot;:&quot;px&quot;,&quot;size&quot;:&quot;&quot;,&quot;sizes&quot;:[]},&quot;min_height_tablet&quot;:{&quot;unit&quot;:&quot;px&quot;,&quot;size&quot;:&quot;&quot;,&quot;sizes&quot;:[]},&quot;min_height_mobile&quot;:{&quot;unit&quot;:&quot;px&quot;,&quot;size&quot;:&quot;&quot;,&quot;sizes&quot;:[]}}\" data-widget_type=\"table-of-contents.default\">\n\t\t\t\t\t\t\t\t\t<div class=\"elementor-toc__header\">\n\t\t\t\t\t\t<h2 class=\"elementor-toc__header-title\">\n\t\t\t\tEfnisyfirlit\t\t\t<\/h2>\n\t\t\t\t\t\t\t\t\t\t<div class=\"elementor-toc__toggle-button elementor-toc__toggle-button--expand\" role=\"button\" tabindex=\"0\" aria-controls=\"elementor-toc__iwgw-mimigeiste-toc\" aria-expanded=\"true\" aria-label=\"Open table of contents\"><svg aria-hidden=\"true\" class=\"e-font-icon-svg e-fas-chevron-down\" viewBox=\"0 0 448 512\" xmlns=\"http:\/\/www.w3.org\/2000\/svg\"><path d=\"M207.029 381.476L12.686 187.132c-9.373-9.373-9.373-24.569 0-33.941l22.667-22.667c9.357-9.357 24.522-9.375 33.901-.04L224 284.505l154.745-154.021c9.379-9.335 24.544-9.317 33.901.04l22.667 22.667c9.373 9.373 9.373 24.569 0 33.941L240.971 381.476c-9.373 9.372-24.569 9.372-33.942 0z\"><\/path><\/svg><\/div>\n\t\t\t\t<div class=\"elementor-toc__toggle-button elementor-toc__toggle-button--collapse\" role=\"button\" tabindex=\"0\" aria-controls=\"elementor-toc__iwgw-mimigeiste-toc\" aria-expanded=\"true\" aria-label=\"Close table of contents\"><svg aria-hidden=\"true\" class=\"e-font-icon-svg e-fas-chevron-up\" viewBox=\"0 0 448 512\" xmlns=\"http:\/\/www.w3.org\/2000\/svg\"><path d=\"M240.971 130.524l194.343 194.343c9.373 9.373 9.373 24.569 0 33.941l-22.667 22.667c-9.357 9.357-24.522 9.375-33.901.04L224 227.495 69.255 381.516c-9.379 9.335-24.544 9.317-33.901-.04l-22.667-22.667c-9.373-9.373-9.373-24.569 0-33.941L207.03 130.525c9.372-9.373 24.568-9.373 33.941-.001z\"><\/path><\/svg><\/div>\n\t\t\t\t\t<\/div>\n\t\t\t\t<div id=\"elementor-toc__iwgw-mimigeiste-toc\" class=\"elementor-toc__body\">\n\t\t\t<div class=\"elementor-toc__spinner-container\">\n\t\t\t\t<svg class=\"elementor-toc__spinner eicon-animation-spin e-font-icon-svg e-eicon-loading\" aria-hidden=\"true\" viewBox=\"0 0 1000 1000\" xmlns=\"http:\/\/www.w3.org\/2000\/svg\"><path d=\"M500 975V858C696 858 858 696 858 500S696 142 500 142 142 304 142 500H25C25 237 238 25 500 25S975 237 975 500 763 975 500 975Z\"><\/path><\/svg>\t\t\t<\/div>\n\t\t<\/div>\n\t\t\t\t\t\t<\/div>\n\t\t\t\t<\/div>\n\t\t\t\t\t<\/div>\n\t\t\t\t<\/div>\n\t\t<div class=\"elementor-element elementor-element-iwgw-mimigeiste-hr e-con-full e-flex e-con e-child\" data-id=\"iwgw-mimigeiste-hr\" data-element_type=\"container\" data-e-type=\"container\">\n\t\t\t\t<div class=\"elementor-element elementor-element-iwgw-mimigeiste-heroimg iwg-hero-image elementor-widget elementor-widget-image\" data-id=\"iwgw-mimigeiste-heroimg\" data-element_type=\"widget\" data-e-type=\"widget\" data-widget_type=\"image.default\">\n\t\t\t\t\t\t\t\t\t\t\t\t\t\t\t<img fetchpriority=\"high\" decoding=\"async\" width=\"683\" height=\"1024\" src=\"https:\/\/iwell-guard.com\/wp-content\/uploads\/2026\/05\/geister_aboriginal_mimi-geister-683x1024.webp\" class=\"attachment-large size-large wp-image-170790\" alt=\"Mimi-andar - andar \u00far frumbyggja-hef\u00f0 \u00c1stral\u00edu, s\u00f6gulega myndskreytt\" srcset=\"https:\/\/iwell-guard.com\/wp-content\/uploads\/2026\/05\/geister_aboriginal_mimi-geister-683x1024.webp 683w, https:\/\/iwell-guard.com\/wp-content\/uploads\/2026\/05\/geister_aboriginal_mimi-geister-200x300.webp 200w, https:\/\/iwell-guard.com\/wp-content\/uploads\/2026\/05\/geister_aboriginal_mimi-geister-768x1152.webp 768w, https:\/\/iwell-guard.com\/wp-content\/uploads\/2026\/05\/geister_aboriginal_mimi-geister.webp 1024w\" sizes=\"(max-width: 683px) 100vw, 683px\" \/>\t\t\t\t\t\t\t\t\t\t\t\t\t\t\t<\/div>\n\t\t\t\t<\/div>\n\t\t\t\t\t<\/div>\n\t\t\t\t<\/div>\n\t\t<div class=\"elementor-element elementor-element-iwgw-mimigeiste-s0 e-flex e-con-boxed e-con e-parent\" data-id=\"iwgw-mimigeiste-s0\" data-element_type=\"container\" data-e-type=\"container\">\n\t\t\t\t\t<div class=\"e-con-inner\">\n\t\t\t\t<div class=\"elementor-element elementor-element-iwgw-mimigeiste-s0h elementor-widget elementor-widget-heading\" data-id=\"iwgw-mimigeiste-s0h\" data-element_type=\"widget\" data-e-type=\"widget\" data-widget_type=\"heading.default\">\n\t\t\t\t\t<h2 class=\"elementor-heading-title elementor-size-default\">Greining og skammrit<\/h2>\t\t\t\t<\/div>\n\t\t<div class=\"elementor-element elementor-element-iwgw-mimigeiste-s0c e-con-full e-flex e-con e-child\" data-id=\"iwgw-mimigeiste-s0c\" data-element_type=\"container\" data-e-type=\"container\">\n\t\t\t\t<div class=\"elementor-element elementor-element-iwgw-mimigeiste-s0t elementor-widget elementor-widget-text-editor\" data-id=\"iwgw-mimigeiste-s0t\" data-element_type=\"widget\" data-e-type=\"widget\" data-widget_type=\"text-editor.default\">\n\t\t\t\t\t\t\t\t\t<p>Mimi-andar tilheyra tr\u00faars\u00f6gu frumbyggjasamf\u00e9laga Vestur-Arnhem Land, s\u00e9rstaklega Kunwinjku, Mayali, Dangbon og Rembarrnga. S\u00e9\u00f0 fr\u00e1 innra sj\u00f3narhorni hef\u00f0arinnar eru \u00feeir raunveruleg vera sem b\u00faa \u00ed klettum og hellum Arnhem Land-h\u00e1sl\u00e9ttunnar; fr\u00e1 utana\u00f0komandi sj\u00f3narhorni tr\u00faar\u00fej\u00f3\u00f0fr\u00e6\u00f0innar eru \u00feeir fj\u00f6lskylda sta\u00f0bundinna anda me\u00f0 kennandi og \u00e1minnandi hlutverk.<\/p><p>Innan <a href=\"https:\/\/iwell-guard.com\/is\/aboriginal-astralia-draumtid-tjukurpa-verndargripir\/\">frumbyggjahef\u00f0arinnar<\/a> eru Mimi s\u00e9rstaklega \u00e1hugaver\u00f0ir vegna \u00feess a\u00f0 frumbyggjarnir sj\u00e1lfir eigna \u00feeim uppfinningu bergm\u00e1lverksins: \u00c1 draumt\u00edmanum, samkv\u00e6mt fr\u00e1s\u00f6gninni, m\u00e1lu\u00f0u Mimi fyrstu myndirnar; mennirnir l\u00e6r\u00f0u m\u00e1laralistina af \u00feeim. \u00deessi go\u00f0s\u00f6gulega \u00e6tterni bergm\u00e1lverkanna gerir Mimi a\u00f0 lykilpers\u00f3nu \u00ed listas\u00f6gu frumbyggja.<\/p><p>Tr\u00faarfyrirb\u00e6rafr\u00e6\u00f0ilega tilheyra Mimi hinum v\u00ed\u00f0a flokki \u201e\u00e1lfaveru\u201c, l\u00edtilla, styggra, sta\u00f0bundinna anda sem koma fyrir \u00ed m\u00f6rgum frumbyggjahef\u00f0um um heim allan og eru a\u00f0 jafna\u00f0i tengdir kennslu- og \u00e1minningarhlutverkum.<\/p>\t\t\t\t\t\t\t\t<\/div>\n\t\t\t\t<\/div>\n\t\t\t\t\t<\/div>\n\t\t\t\t<\/div>\n\t\t<div class=\"elementor-element elementor-element-iwgw-mimigeiste-s1 e-flex e-con-boxed e-con e-parent\" data-id=\"iwgw-mimigeiste-s1\" data-element_type=\"container\" data-e-type=\"container\">\n\t\t\t\t\t<div class=\"e-con-inner\">\n\t\t\t\t<div class=\"elementor-element elementor-element-iwgw-mimigeiste-s1h elementor-widget elementor-widget-heading\" data-id=\"iwgw-mimigeiste-s1h\" data-element_type=\"widget\" data-e-type=\"widget\" data-widget_type=\"heading.default\">\n\t\t\t\t\t<h2 class=\"elementor-heading-title elementor-size-default\">Nafn og or\u00f0sifjar<\/h2>\t\t\t\t<\/div>\n\t\t<div class=\"elementor-element elementor-element-iwgw-mimigeiste-s1c e-con-full e-flex e-con e-child\" data-id=\"iwgw-mimigeiste-s1c\" data-element_type=\"container\" data-e-type=\"container\">\n\t\t\t\t<div class=\"elementor-element elementor-element-iwgw-mimigeiste-s1t elementor-widget elementor-widget-text-editor\" data-id=\"iwgw-mimigeiste-s1t\" data-element_type=\"widget\" data-e-type=\"widget\" data-widget_type=\"text-editor.default\">\n\t\t\t\t\t\t\t\t\t<p>Nafni\u00f0 <em>Mimi<\/em> (einnig <em>Mimih<\/em>) er sta\u00f0fest \u00ed flestum tungum\u00e1lum frumbyggja \u00ed Arnhem Land. Uppruni or\u00f0sins er ekki fulllj\u00f3s; ein hef\u00f0bundin sk\u00fdring tengir or\u00f0i\u00f0 vi\u00f0 hlj\u00f3\u00f0gervingarr\u00f3t sem l\u00fdsir l\u00e1gv\u00e6ru hv\u00edsli e\u00f0a s\u00edsshlj\u00f3\u00f0i andanna.<\/p><p><span data-nosnippet>Me\u00f0al Yolngu-f\u00f3lksins \u00ed austurhluta Arnhem Land heita \u00feeir \u00f6\u00f0ru nafni, <em>Wapitja<\/em> e\u00f0a <em>Yawk<\/em>, me\u00f0 nokku\u00f0 fr\u00e1brug\u00f0in einkenni. Howard Morphy hefur \u00ed <em>Aboriginal Art<\/em> (1998) skjalfest \u00feessar sv\u00e6\u00f0isbundnu tilbrig\u00f0i me\u00f0 kerfisbundnum h\u00e6tti.<\/span><\/p><p>\u00cd eldri \u00fej\u00f3\u00f0fr\u00e6\u00f0ilegum ritum eru Mimi oft kalla\u00f0ir \u201emimih spirits\u201c, engils\u00f6xnun sem er n\u00fa s\u00ed\u00f0ur notu\u00f0. \u00cd dag er sta\u00f0la\u00f0 a\u00f0 skrifa <em>Mimi-andar<\/em> (\u00e1 \u00edslensku) e\u00f0a <em>Mimi spirits<\/em> (\u00e1 ensku).<\/p>\t\t\t\t\t\t\t\t<\/div>\n\t\t\t\t<\/div>\n\t\t\t\t\t<\/div>\n\t\t\t\t<\/div>\n\t\t<div class=\"elementor-element elementor-element-iwgw-mimigeiste-s2 e-flex e-con-boxed e-con e-parent\" data-id=\"iwgw-mimigeiste-s2\" data-element_type=\"container\" data-e-type=\"container\">\n\t\t\t\t\t<div class=\"e-con-inner\">\n\t\t\t\t<div class=\"elementor-element elementor-element-iwgw-mimigeiste-s2h elementor-widget elementor-widget-heading\" data-id=\"iwgw-mimigeiste-s2h\" data-element_type=\"widget\" data-e-type=\"widget\" data-widget_type=\"heading.default\">\n\t\t\t\t\t<h2 class=\"elementor-heading-title elementor-size-default\">L\u00fdsing og myndm\u00e1l<\/h2>\t\t\t\t<\/div>\n\t\t<div class=\"elementor-element elementor-element-iwgw-mimigeiste-s2c e-con-full e-flex e-con e-child\" data-id=\"iwgw-mimigeiste-s2c\" data-element_type=\"container\" data-e-type=\"container\">\n\t\t\t\t<div class=\"elementor-element elementor-element-iwgw-mimigeiste-s2t elementor-widget elementor-widget-text-editor\" data-id=\"iwgw-mimigeiste-s2t\" data-element_type=\"widget\" data-e-type=\"widget\" data-widget_type=\"text-editor.default\">\n\t\t\t\t\t\t\t\t\t<p>Mimi er l\u00fdst sem \u00f3venju gr\u00f6nnum, l\u00f6ngum verum, svo gr\u00f6nnum a\u00f0 \u00feeir geta fali\u00f0 sig \u00ed klettasprungum; svo vi\u00f0kv\u00e6mum a\u00f0 jafnvel v\u00e6gur vindur myndi brj\u00f3ta h\u00e1lsbein \u00feeirra. \u00dev\u00ed yfirgefa \u00feeir klettaskorur s\u00ednar a\u00f0eins \u00ed fullkomnu logni. \u00deeir hafa mannleg andlit en yfirlangar \u00fatlimar; oft er \u00feeim eigna\u00f0 langt spj\u00f3t \u00ed hendi.<\/p><p>Bergm\u00e1lverk \u00ed Mimi-st\u00edl eru me\u00f0al elstu var\u00f0veittra bergm\u00e1lverka \u00ed Arnhem Land. \u00deau s\u00fdna venjulega grannar, lifandi hreyf\u00f0ar f\u00edg\u00farur, vei\u00f0imenn me\u00f0 spj\u00f3t, dansara, konur me\u00f0 grafstafi. \u00deessi \u201edynamic figures style\u201c er talinn allt a\u00f0 12.000 \u00e1ra gamall, sem gerir Mimi-bergm\u00e1lverkin a\u00f0 elstu var\u00f0veittu listaverkum \u00c1stral\u00edu.<\/p><p>S\u00e9rst\u00f6k \u00fe\u00fd\u00f0ing hefur Mimi-hef\u00f0in \u00ed berkjum\u00e1lverki (bark painting) 20. aldar. Frumbyggjalistamenn eins og Yirawala, Crusoe Kuningbal og Spider Namirrkki hafa flutt Mimi-\u00feemu yfir \u00ed n\u00fat\u00edmami\u00f0la. \u00deessi verk eru n\u00fa til s\u00fdnis \u00ed m\u00f6rgum s\u00f6fnum um allan heim (t.d. National Museum Canberra, British Museum, Mus\u00e9e du Quai Branly Paris).<\/p>\t\t\t\t\t\t\t\t<\/div>\n\t\t\t\t<\/div>\n\t\t\t\t\t<\/div>\n\t\t\t\t<\/div>\n\t\t<div class=\"elementor-element elementor-element-iwgw-mimigeiste-s3 e-flex e-con-boxed e-con e-parent\" data-id=\"iwgw-mimigeiste-s3\" data-element_type=\"container\" data-e-type=\"container\">\n\t\t\t\t\t<div class=\"e-con-inner\">\n\t\t\t\t<div class=\"elementor-element elementor-element-iwgw-mimigeiste-s3h elementor-widget elementor-widget-heading\" data-id=\"iwgw-mimigeiste-s3h\" data-element_type=\"widget\" data-e-type=\"widget\" data-widget_type=\"heading.default\">\n\t\t\t\t\t<h2 class=\"elementor-heading-title elementor-size-default\">Go\u00f0sagnakenndar fr\u00e1sagnir<\/h2>\t\t\t\t<\/div>\n\t\t<div class=\"elementor-element elementor-element-iwgw-mimigeiste-s3c e-con-full e-flex e-con e-child\" data-id=\"iwgw-mimigeiste-s3c\" data-element_type=\"container\" data-e-type=\"container\">\n\t\t\t\t<div class=\"elementor-element elementor-element-iwgw-mimigeiste-s3t elementor-widget elementor-widget-text-editor\" data-id=\"iwgw-mimigeiste-s3t\" data-element_type=\"widget\" data-e-type=\"widget\" data-widget_type=\"text-editor.default\">\n\t\t\t\t\t\t\t\t\t<p>Meginfr\u00e1s\u00f6gnin um Mimi er \u201eMimi-fr\u00e6\u00f0sla\u201c: \u00c1 draumt\u00edmanum lif\u00f0u Mimi fri\u00f0samlega \u00ed klettunum. \u00deeir voru meistaravei\u00f0imenn og meistaram\u00e1larar. \u00deeir s\u00e1u fyrstu menn og af me\u00f0aumkun kenndu \u00feeim vei\u00f0ar, eldger\u00f0 og m\u00e1laralist. N\u00faverandi list og menning Kunwinjku er \u00feannig talin bein arfleif\u00f0 Mimi.<\/p><p>\u00d6nnur fr\u00e1s\u00f6gn l\u00fdsir felut\u00e6kni Mimi: \u00cd vindi dragast Mimi dj\u00fapt inn \u00ed klettana; \u00ed logni \u00feora \u00feeir \u00fat. S\u00e1 sem s\u00e9r Mimi-<span class=\"iwg-fachbegriff\" data-tooltip=\"L\u00edkamslaus vera sem talin er hafa \u00e1hrif \u00ed heiminum.\" tabindex=\"0\">anda<\/span> \u00e6tti ekki a\u00f0 \u00e1varpa hann, \u00feeir eru styggir og dragast s\u00e1rir til baka.<\/p><p>\u00deri\u00f0ja fr\u00e1s\u00f6gn segir fr\u00e1 h\u00e6ttulegum Mimi-atvikum: S\u00e9 vei\u00f0ima\u00f0ur of lengi \u00ed helli getur hann veri\u00f0 \u201etekinn\u201c af Mimi, <span class=\"iwg-fachbegriff\" data-tooltip=\"Endurteki\u00f0 innihaldsatri\u00f0i \u00ed list e\u00f0a fr\u00e1s\u00f6gn.\" tabindex=\"0\">minni<\/span> sem minnir \u00e1 evr\u00f3pska \u00e1lfabrottn\u00e1m og er nota\u00f0 \u00ed m\u00f6rgum \u00e1minningarfr\u00e1s\u00f6gnum frumbyggja fyrir b\u00f6rn.<\/p>\t\t\t\t\t\t\t\t<\/div>\n\t\t\t\t<\/div>\n\t\t\t\t\t<\/div>\n\t\t\t\t<\/div>\n\t\t<div class=\"elementor-element elementor-element-iwgw-mimigeiste-s4 e-flex e-con-boxed e-con e-parent\" data-id=\"iwgw-mimigeiste-s4\" data-element_type=\"container\" data-e-type=\"container\">\n\t\t\t\t\t<div class=\"e-con-inner\">\n\t\t\t\t<div class=\"elementor-element elementor-element-iwgw-mimigeiste-s4h elementor-widget elementor-widget-heading\" data-id=\"iwgw-mimigeiste-s4h\" data-element_type=\"widget\" data-e-type=\"widget\" data-widget_type=\"heading.default\">\n\t\t\t\t\t<h2 class=\"elementor-heading-title elementor-size-default\">D\u00fdrkun og tilbei\u00f0sla<\/h2>\t\t\t\t<\/div>\n\t\t<div class=\"elementor-element elementor-element-iwgw-mimigeiste-s4c e-con-full e-flex e-con e-child\" data-id=\"iwgw-mimigeiste-s4c\" data-element_type=\"container\" data-e-type=\"container\">\n\t\t\t\t<div class=\"elementor-element elementor-element-iwgw-mimigeiste-s4t elementor-widget elementor-widget-text-editor\" data-id=\"iwgw-mimigeiste-s4t\" data-element_type=\"widget\" data-e-type=\"widget\" data-widget_type=\"text-editor.default\">\n\t\t\t\t\t\t\t\t\t<p>Mimi hafa engan formlegan <span class=\"iwg-fachbegriff\" data-tooltip=\"Heild tr\u00faarlegra tilbei\u00f0sluathafna fyrir gu\u00f0 e\u00f0a heilaga veru.\" tabindex=\"0\">helgisi\u00f0ad\u00fdrkun<\/span>; \u00feeir eru fremur vi\u00f0fang daglegrar var\u00fa\u00f0ar og st\u00f6ku <span class=\"iwg-fachbegriff\" data-tooltip=\"B\u00e6narlegt e\u00f0a \u00e1kallandi \u00e1varp til gu\u00f0s e\u00f0a m\u00e1ttar.\" tabindex=\"0\">\u00e1kalls<\/span>. \u00c1\u00f0ur en gengi\u00f0 er inn \u00ed helli er \u201el\u00e1ti\u00f0 vita\u201c \u00ed hlj\u00f3\u00f0i: stutt hv\u00edsl, or\u00f0 vir\u00f0ingar, stundum snert vi\u00f0 klettinn.<\/p><p>S\u00e9rst\u00f6k ath\u00f6fn er \u00e1rlegt \u201eendurn\u00fdjun\u201c \u00e1kve\u00f0inna Mimi-bergm\u00e1lverka af \u00f6ldungum \u00e6ttb\u00e1lksins: Eins og hj\u00e1 <a href=\"https:\/\/iwell-guard.com\/is\/?page_id=168990\">Wandjina<\/a> \u00ed Kimberley er bergm\u00e1lverk endurm\u00e1la\u00f0 me\u00f0 <span class=\"iwg-fachbegriff\" data-tooltip=\"Tilheyrir f\u00f6stu tr\u00faarlegu athafnaferli.\" tabindex=\"0\">helgisi\u00f0abundnum<\/span> h\u00e6tti, sem er skili\u00f0 sem sta\u00f0festing \u00e1 lifandi sambandi milli manna og Mimi.<\/p><p>\u00cd samt\u00edmaframkv\u00e6md frumbyggja \u00ed Maningrida, Gunbalanya og \u00f6\u00f0rum samf\u00e9l\u00f6gum Arnhem Land eru Mimi-\u00feemu \u00e1fram lifandi \u00ed listinni. Nokkrir listamenn vinna kynsl\u00f3\u00f0 eftir kynsl\u00f3\u00f0 innan \u201eMimi-hef\u00f0arinnar\u201c, sem er b\u00e6\u00f0i tr\u00faarlega og efnahagslega (sala verkanna) \u00fe\u00fd\u00f0ingarmikil.<\/p>\t\t\t\t\t\t\t\t<\/div>\n\t\t\t\t<\/div>\n\t\t\t\t\t<\/div>\n\t\t\t\t<\/div>\n\t\t<div class=\"elementor-element elementor-element-iwgw-mimigeiste-s5 e-flex e-con-boxed e-con e-parent\" data-id=\"iwgw-mimigeiste-s5\" data-element_type=\"container\" data-e-type=\"container\">\n\t\t\t\t\t<div class=\"e-con-inner\">\n\t\t\t\t<div class=\"elementor-element elementor-element-iwgw-mimigeiste-s5h elementor-widget elementor-widget-heading\" data-id=\"iwgw-mimigeiste-s5h\" data-element_type=\"widget\" data-e-type=\"widget\" data-widget_type=\"heading.default\">\n\t\t\t\t\t<h2 class=\"elementor-heading-title elementor-size-default\">Verndara\u00f0ger\u00f0ir og fr\u00e1hrindandi t\u00e1kn<\/h2>\t\t\t\t<\/div>\n\t\t<div class=\"elementor-element elementor-element-iwgw-mimigeiste-s5c e-con-full e-flex e-con e-child\" data-id=\"iwgw-mimigeiste-s5c\" data-element_type=\"container\" data-e-type=\"container\">\n\t\t\t\t<div class=\"elementor-element elementor-element-iwgw-mimigeiste-s5t elementor-widget elementor-widget-text-editor\" data-id=\"iwgw-mimigeiste-s5t\" data-element_type=\"widget\" data-e-type=\"widget\" data-widget_type=\"text-editor.default\">\n\t\t\t\t\t\t\t\t\t<p>Tr\u00faarfr\u00e6\u00f0ilega l\u00fdst: Verndarh\u00e6ttir \u00ed Mimi-fl\u00f3kanum sn\u00faast um vir\u00f0ingarfulla umgengni vi\u00f0 hellana og klettana. Banna\u00f0 er: h\u00e1v\u00e6r tala \u00ed hellum, \u00f3heimila\u00f0a yfirm\u00e1lun \u00e1 Mimi-hellam\u00e1lverkum, a\u00f0 fjarl\u00e6gja klettabrot, a\u00f0 vera \u00ed helli eftir s\u00f3lsetur.<\/p><p>S\u00e9rst\u00f6k verndarhef\u00f0 er a\u00f0 hafa me\u00f0 s\u00e9r litla spj\u00f3t e\u00f0a \u00fatskorna tr\u00e9muni vi\u00f0 hellaheims\u00f3knir; \u00feetta telst \u201egj\u00f6f\u201c til Mimi og tryggir fri\u00f0samleg kynni.<\/p><p>Fr\u00e1 \u00fej\u00f3\u00f0h\u00e1ttafr\u00e6\u00f0ilegu sj\u00f3narhorni eru \u00feessir h\u00e6ttir dagleg skipulagsregla sem tengir umhverfislega var\u00fa\u00f0 (verndun hellavistkerfa) vi\u00f0 tr\u00faarlega i\u00f0kun (vir\u00f0ingu fyrir \u00f6ndunum). Mary Douglas l\u00fdsti \u00ed <em>Purity and Danger<\/em> (1966) svipu\u00f0um tab\u00fa-str\u00fakt\u00farum tr\u00faarmannfr\u00e6\u00f0ilega.<\/p>\t\t\t\t\t\t\t\t<\/div>\n\t\t\t\t<\/div>\n\t\t\t\t\t<\/div>\n\t\t\t\t<\/div>\n\t\t<div class=\"elementor-element elementor-element-iwgw-mimigeiste-s6 e-flex e-con-boxed e-con e-parent\" data-id=\"iwgw-mimigeiste-s6\" data-element_type=\"container\" data-e-type=\"container\">\n\t\t\t\t\t<div class=\"e-con-inner\">\n\t\t\t\t<div class=\"elementor-element elementor-element-iwgw-mimigeiste-s6h elementor-widget elementor-widget-heading\" data-id=\"iwgw-mimigeiste-s6h\" data-element_type=\"widget\" data-e-type=\"widget\" data-widget_type=\"heading.default\">\n\t\t\t\t\t<h2 class=\"elementor-heading-title elementor-size-default\">Hli\u00f0st\u00e6\u00f0ur \u00ed \u00f6\u00f0rum menningarheimum<\/h2>\t\t\t\t<\/div>\n\t\t<div class=\"elementor-element elementor-element-iwgw-mimigeiste-s6c e-con-full e-flex e-con e-child\" data-id=\"iwgw-mimigeiste-s6c\" data-element_type=\"container\" data-e-type=\"container\">\n\t\t\t\t<div class=\"elementor-element elementor-element-iwgw-mimigeiste-s6t elementor-widget elementor-widget-text-editor\" data-id=\"iwgw-mimigeiste-s6t\" data-element_type=\"widget\" data-e-type=\"widget\" data-widget_type=\"text-editor.default\">\n\t\t\t\t\t\t\t\t\t<p>\u00deunnir, feimnir klettaandar eru v\u00ed\u00f0a skjalfestir \u00ed tr\u00faarbrag\u00f0afyrirb\u00e6rafr\u00e6\u00f0i. Byggingarlega samb\u00e6rileg eru: \u00edrskar <em>s\u00eddh<\/em>-verur, skoskar dvergaverur (faeries), jap\u00f6nskir <em>tsuchigumo<\/em> \u00ed eldri \u00fatg\u00e1fum, og Memegwesi-verur nor\u00f0ur-amer\u00edsku Algonkin-hef\u00f0arinnar. \u00cd \u00f6llum tilvikum er um sta\u00f0bundnar, feimnar verur me\u00f0 kennandi og \u00e1minningarhlutverk a\u00f0 r\u00e6\u00f0a.<\/p><p>Tr\u00faarfr\u00e6\u00f0ilega \u00e1hugavert er tengsl Mimi vi\u00f0 kennslu \u00ed vei\u00f0um, eldi og list. \u00deetta \u201emenningarhetju\u201c-hlutverk gerir \u00fe\u00e6r skyldar Prometeusi (eldi), Hermesi (list) og m\u00f6rgum \u00f6\u00f0rum menningarkennaraverum. Aboriginal-\u00fatg\u00e1fan er s\u00e9rlega athyglisver\u00f0 \u00fear sem \u00fea\u00f0 er ekki einn einstakur andi heldur heill h\u00f3pur anda sem virkar sem kennarar.<\/p><p>\u00cd S\u00edber\u00edu l\u00edkjast Mimi sham\u00f6nskum hj\u00e1lpar\u00f6ndum eins og <a href=\"https:\/\/iwell-guard.com\/is\/?page_id=168988\">Asbuiga<\/a>, sem einnig \u00fej\u00f3na sem kennandi millimillih\u00f6fundar. Bein s\u00f6guleg tengsl eru \u00fe\u00f3 ekki l\u00edkleg; h\u00e9r er um d\u00e6misamsv\u00f6run (typologiska samsv\u00f6run) a\u00f0 r\u00e6\u00f0a.<\/p>\t\t\t\t\t\t\t\t<\/div>\n\t\t\t\t<\/div>\n\t\t\t\t\t<\/div>\n\t\t\t\t<\/div>\n\t\t<div class=\"elementor-element elementor-element-iwgw-mimigeiste-s7 e-flex e-con-boxed e-con e-parent\" data-id=\"iwgw-mimigeiste-s7\" data-element_type=\"container\" data-e-type=\"container\">\n\t\t\t\t\t<div class=\"e-con-inner\">\n\t\t\t\t<div class=\"elementor-element elementor-element-iwgw-mimigeiste-s7h elementor-widget elementor-widget-heading\" data-id=\"iwgw-mimigeiste-s7h\" data-element_type=\"widget\" data-e-type=\"widget\" data-widget_type=\"heading.default\">\n\t\t\t\t\t<h2 class=\"elementor-heading-title elementor-size-default\">N\u00fat\u00edmavi\u00f0t\u00f6kur og ranns\u00f3knir<\/h2>\t\t\t\t<\/div>\n\t\t<div class=\"elementor-element elementor-element-iwgw-mimigeiste-s7c e-con-full e-flex e-con e-child\" data-id=\"iwgw-mimigeiste-s7c\" data-element_type=\"container\" data-e-type=\"container\">\n\t\t\t\t<div class=\"elementor-element elementor-element-iwgw-mimigeiste-s7t elementor-widget elementor-widget-text-editor\" data-id=\"iwgw-mimigeiste-s7t\" data-element_type=\"widget\" data-e-type=\"widget\" data-widget_type=\"text-editor.default\">\n\t\t\t\t\t\t\t\t\t<p><span data-nosnippet>Mikilv\u00e6gasta frumheimildin er Charles P. Mountford, <em>Records of the American-Australian Scientific Expedition to Arnhem Land<\/em> (1956), umfangsmikil skj\u00f6lun sem safnar saman m\u00f6rgu efni tengdu Mimi. Ronald M. og Catherine H. Berndt hafa \u00ed m\u00f6rgum verkum kanna\u00f0 Mimi-hef\u00f0ina n\u00e1nar.<\/span><\/p><p>Howard Morphy, <em>Aboriginal Art<\/em> (Phaidon 1998), og Luke Taylor, <em>Seeing the Inside<\/em> (1996), eru mikilv\u00e6gustu samt\u00edmalegu listfr\u00e6\u00f0ilegu ranns\u00f3knirnar \u00e1 Mimi-hellam\u00e1lverkum og yfirf\u00e6rslu \u00feeirra \u00ed n\u00fat\u00edmami\u00f0la.<\/p><p>\u00cd samt\u00edmalegri sj\u00e1lfsframsetningu Aboriginal-f\u00f3lks eru Mimi al\u00fej\u00f3\u00f0lega s\u00fdnileg \u00ed gegnum bark-m\u00e1lverkshef\u00f0 Maningrida-sv\u00e6\u00f0isins. Bukit Larrtjpi listamannaf\u00e9lagi\u00f0 og a\u00f0rar frumbyggjastofnanir vi\u00f0halda Mimi-hef\u00f0inni sem menningar- og efnahagslegri arfleif\u00f0.<\/p>\t\t\t\t\t\t\t\t<\/div>\n\t\t\t\t<\/div>\n\t\t\t\t\t<\/div>\n\t\t\t\t<\/div>\n\t\t<div class=\"elementor-element elementor-element-iwgw-mimigeiste-s8 e-flex e-con-boxed e-con e-parent\" data-id=\"iwgw-mimigeiste-s8\" data-element_type=\"container\" data-e-type=\"container\">\n\t\t\t\t\t<div class=\"e-con-inner\">\n\t\t\t\t<div class=\"elementor-element elementor-element-iwgw-mimigeiste-s8h elementor-widget elementor-widget-heading\" data-id=\"iwgw-mimigeiste-s8h\" data-element_type=\"widget\" data-e-type=\"widget\" data-widget_type=\"heading.default\">\n\t\t\t\t\t<h2 class=\"elementor-heading-title elementor-size-default\">Ranns\u00f3knarumr\u00e6\u00f0ur og opnar spurningar<\/h2>\t\t\t\t<\/div>\n\t\t<div class=\"elementor-element elementor-element-iwgw-mimigeiste-s8c e-con-full e-flex e-con e-child\" data-id=\"iwgw-mimigeiste-s8c\" data-element_type=\"container\" data-e-type=\"container\">\n\t\t\t\t<div class=\"elementor-element elementor-element-iwgw-mimigeiste-s8t elementor-widget elementor-widget-text-editor\" data-id=\"iwgw-mimigeiste-s8t\" data-element_type=\"widget\" data-e-type=\"widget\" data-widget_type=\"text-editor.default\">\n\t\t\t\t\t\t\t\t\t<p>Nokkrar ranns\u00f3knarumr\u00e6\u00f0ur sn\u00faast um Mimi. \u00cd fyrsta lagi: Hversu g\u00f6mul er Mimi-hef\u00f0in? Mimi-st\u00edlhellum\u00e1lverk eru fornleifafr\u00e6\u00f0ilega dagsett allt a\u00f0 12.000 \u00e1r aftur \u00ed t\u00edmann, en hvort n\u00falifandi Mimi-hugmyndin eigi \u00f3rofa r\u00e6tur \u00ed \u00feessum fornu myndum er ekki fulllj\u00f3st.<\/p><p>\u00cd \u00f6\u00f0ru lagi: Hvernig er samband Mimi vi\u00f0 st\u00e6rri sk\u00f6punarverur \u00e1 bor\u00f0 vi\u00f0 <a href=\"https:\/\/iwell-guard.com\/is\/?page_id=168989\">Rainbow Serpent<\/a> e\u00f0a <a href=\"https:\/\/iwell-guard.com\/is\/?page_id=168990\">Wandjina<\/a>? Mimi eru greinilega \u201eminni\u201c andar, en kennandi hlutverk \u00feeirra gerir \u00fe\u00e6r tr\u00faars\u00f6gulega mikilv\u00e6gar.<\/p><p>\u00cd \u00feri\u00f0ja lagi: Hva\u00f0a hlutverki gegna Mimi \u00ed samt\u00edmalegri list Aboriginal-f\u00f3lks? Verslunarleg n\u00fdting Mimi-mynda er tr\u00faarf\u00e9lagsfr\u00e6\u00f0ilega \u00e1hugaver\u00f0 og snertir spurningar um frumbyggjaeignarr\u00e9tt \u00e1 hef\u00f0bundnum myndefnum.<\/p>\t\t\t\t\t\t\t\t<\/div>\n\t\t\t\t<\/div>\n\t\t\t\t\t<\/div>\n\t\t\t\t<\/div>\n\t\t<div class=\"elementor-element elementor-element-iwgw-mimigeiste-s9 e-flex e-con-boxed e-con e-parent\" data-id=\"iwgw-mimigeiste-s9\" data-element_type=\"container\" data-e-type=\"container\">\n\t\t\t\t\t<div class=\"e-con-inner\">\n\t\t\t\t<div class=\"elementor-element elementor-element-iwgw-mimigeiste-s9h elementor-widget elementor-widget-heading\" data-id=\"iwgw-mimigeiste-s9h\" data-element_type=\"widget\" data-e-type=\"widget\" data-widget_type=\"heading.default\">\n\t\t\t\t\t<h2 class=\"elementor-heading-title elementor-size-default\">Mimi-hellam\u00e1lverk og listasaga Aboriginal-f\u00f3lks<\/h2>\t\t\t\t<\/div>\n\t\t<div class=\"elementor-element elementor-element-iwgw-mimigeiste-s9c e-con-full e-flex e-con e-child\" data-id=\"iwgw-mimigeiste-s9c\" data-element_type=\"container\" data-e-type=\"container\">\n\t\t\t\t<div class=\"elementor-element elementor-element-iwgw-mimigeiste-s9t elementor-widget elementor-widget-text-editor\" data-id=\"iwgw-mimigeiste-s9t\" data-element_type=\"widget\" data-e-type=\"widget\" data-widget_type=\"text-editor.default\">\n\t\t\t\t\t\t\t\t\t<p>Sta\u00f0a Mimi-hellam\u00e1lverka \u00ed listas\u00f6gu Aboriginal-f\u00f3lks ver\u00f0skuldar n\u00e1nari umfj\u00f6llun. Svok\u00f6llu\u00f0 \u201edynamic figures style\u201c-hef\u00f0 telst vera ein af elstu var\u00f0veittu listahef\u00f0um heims; fornleifafr\u00e6\u00f0ilegar dagsetningar n\u00e1 allt aftur til s\u00ed\u00f0-pleist\u00f3sen.<\/p><p>\u00deessar hellamyndir s\u00fdna yfirleitt \u00feunnar, kraftmiklar hreyfimyndir \u00ed vei\u00f0i- og dansatri\u00f0um. Paul Ta\u00e7on hefur \u00ed m\u00f6rgum greinum teki\u00f0 fyrir dagsetningu og t\u00falkun \u00feessara mynda; verk hans er n\u00fa tali\u00f0 sta\u00f0all.<\/p><p>Go\u00f0s\u00f6gulega sams\u00f6munin milli \u00feessara mynda og Mimi-andanna gerir \u00fe\u00e6r s\u00e9rlega \u00e1hugaver\u00f0ar tr\u00faars\u00f6gulega. Fr\u00e1 innra sj\u00f3narhorni Aboriginal-f\u00f3lks eru myndirnar ekki verk manna, heldur verk Mimi, verufr\u00e6\u00f0i sem skorar \u00e1 vestr\u00e6nar listahugmyndir.<\/p>\t\t\t\t\t\t\t\t<\/div>\n\t\t\t\t<\/div>\n\t\t\t\t\t<\/div>\n\t\t\t\t<\/div>\n\t\t<div class=\"elementor-element elementor-element-iwgw-mimigeiste-s10 e-flex e-con-boxed e-con e-parent\" data-id=\"iwgw-mimigeiste-s10\" data-element_type=\"container\" data-e-type=\"container\">\n\t\t\t\t\t<div class=\"e-con-inner\">\n\t\t\t\t<div class=\"elementor-element elementor-element-iwgw-mimigeiste-s10h elementor-widget elementor-widget-heading\" data-id=\"iwgw-mimigeiste-s10h\" data-element_type=\"widget\" data-e-type=\"widget\" data-widget_type=\"heading.default\">\n\t\t\t\t\t<h2 class=\"elementor-heading-title elementor-size-default\">Mimi \u00ed samt\u00edmalegri bark-m\u00e1lverkshef\u00f0<\/h2>\t\t\t\t<\/div>\n\t\t<div class=\"elementor-element elementor-element-iwgw-mimigeiste-s10c e-con-full e-flex e-con e-child\" data-id=\"iwgw-mimigeiste-s10c\" data-element_type=\"container\" data-e-type=\"container\">\n\t\t\t\t<div class=\"elementor-element elementor-element-iwgw-mimigeiste-s10t elementor-widget elementor-widget-text-editor\" data-id=\"iwgw-mimigeiste-s10t\" data-element_type=\"widget\" data-e-type=\"widget\" data-widget_type=\"text-editor.default\">\n\t\t\t\t\t\t\t\t\t<p><span data-nosnippet>Bark-m\u00e1lverkshef\u00f0 Arnhem Land hefur vaki\u00f0 al\u00fej\u00f3\u00f0lega athygli fr\u00e1 1950. \u00e1ratugnum. \u00deekktir listamenn eins og Yirawala (Kunwinjku, 1903, 1976), Crusoe Kuningbal, John Mawurndjul og Spider Namirrkki hafa yfirf\u00e6rt Mimi-\u00feemu \u00ed n\u00fat\u00edmami\u00f0la og gert \u00feau a\u00f0gengileg fyrir al\u00fej\u00f3\u00f0legan listmarka\u00f0.<\/span><\/p><p>Howard Morphy s\u00fdndi \u00ed <em>Becoming Art<\/em> (2007) hvernig yfirfer\u00f0in fr\u00e1 helgum hellam\u00e1lverkum til marka\u00f0sv\u00e6ns bark-m\u00e1lverks hefur breytt tr\u00faarlegu hlutverki Mimi-myndanna. Myndirnar hafa \u201eor\u00f0i\u00f0 sj\u00e1lfst\u00e6\u00f0ar\u201c og tengst inn \u00ed al\u00fej\u00f3\u00f0legan listmarka\u00f0.<\/p><p>Tr\u00faarf\u00e9lagsfr\u00e6\u00f0ilega er \u00feessi \u00fer\u00f3un tv\u00edbent. \u00c1 einn h\u00e1tt tryggir h\u00fan efnahagslega afkomu Aboriginal-samf\u00e9laga; \u00e1 annan h\u00e1tt breytir h\u00fan leynilegu tr\u00faarlegu efni \u00ed opinbera v\u00f6ru. Aboriginal-listamenn og samf\u00e9l\u00f6g \u00feeirra hafa \u00fer\u00f3a\u00f0 lei\u00f0ir til a\u00f0 takast \u00e1 vi\u00f0 \u00feessa spennu.<\/p>\t\t\t\t\t\t\t\t<\/div>\n\t\t\t\t<\/div>\n\t\t\t\t\t<\/div>\n\t\t\t\t<\/div>\n\t\t<div class=\"elementor-element elementor-element-iwgw-mimigeiste-s11 e-flex e-con-boxed e-con e-parent\" data-id=\"iwgw-mimigeiste-s11\" data-element_type=\"container\" data-e-type=\"container\">\n\t\t\t\t\t<div class=\"e-con-inner\">\n\t\t\t\t<div class=\"elementor-element elementor-element-iwgw-mimigeiste-s11h elementor-widget elementor-widget-heading\" data-id=\"iwgw-mimigeiste-s11h\" data-element_type=\"widget\" data-e-type=\"widget\" data-widget_type=\"heading.default\">\n\t\t\t\t\t<h2 class=\"elementor-heading-title elementor-size-default\">A\u00f0fer\u00f0afr\u00e6\u00f0ileg umr\u00e6\u00f0a og heimildir<\/h2>\t\t\t\t<\/div>\n\t\t<div class=\"elementor-element elementor-element-iwgw-mimigeiste-s11c e-con-full e-flex e-con e-child\" data-id=\"iwgw-mimigeiste-s11c\" data-element_type=\"container\" data-e-type=\"container\">\n\t\t\t\t<div class=\"elementor-element elementor-element-iwgw-mimigeiste-s11t elementor-widget elementor-widget-text-editor\" data-id=\"iwgw-mimigeiste-s11t\" data-element_type=\"widget\" data-e-type=\"widget\" data-widget_type=\"text-editor.default\">\n\t\t\t\t\t\t\t\t\t<p>\u00cd Mimi-ranns\u00f3knum koma upp nokkur a\u00f0fer\u00f0afr\u00e6\u00f0ileg vandam\u00e1l. \u00cd fyrsta lagi: Fornleifafr\u00e6\u00f0ileg dagsetning Mimi-hellamynda er erfi\u00f0 og efni \u00e1framhaldandi umr\u00e6\u00f0u. Mismunandi dagsetningara\u00f0fer\u00f0ir gefa mismunandi ni\u00f0urst\u00f6\u00f0ur; samsta\u00f0a um t\u00edmar\u00f6\u00f0 er ekki komin.<\/p><p>\u00cd \u00f6\u00f0ru lagi: Miki\u00f0 af Mimi-\u00feekkingu er ekki \u201ebundin\u201c (restricted) \u00ed str\u00f6ngustu merkingu, en er \u00fe\u00f3 dj\u00fapt samofin sta\u00f0bundinni i\u00f0kun. Vir\u00f0ingarfull heimildavinna krefst samr\u00e1\u00f0s vi\u00f0 hef\u00f0bundna eigendur.<\/p><p>\u00cd \u00feri\u00f0ja lagi: Listfr\u00e6\u00f0ilegt og tr\u00faarmannfr\u00e6\u00f0ilegt sj\u00f3narhorn \u00e1 Mimi \u00e6ttu a\u00f0 vinna saman. B\u00e1\u00f0ar fr\u00e6\u00f0igreinar hafa styrkleika s\u00edna; einangru\u00f0 umfj\u00f6llun n\u00e6r ekki d\u00fdpt Mimi-hef\u00f0arinnar.<\/p><p>\u00deeir sem vilja kynna s\u00e9r Mimi-fl\u00f3kann \u00ed heild sinni finna \u00e1 yfirlitss\u00ed\u00f0unni <a href=\"https:\/\/iwell-guard.com\/is\/aboriginal-astralia-draumtid-tjukurpa-verndargripir\/\">Aboriginal-hef\u00f0<\/a> mikilv\u00e6gustu krosstilv\u00edsanirnar \u00ed tengdar verur eins og <a href=\"https:\/\/iwell-guard.com\/is\/?page_id=168990\">Wandjina<\/a>, <a href=\"https:\/\/iwell-guard.com\/is\/?page_id=168989\">Rainbow Serpent<\/a> og <a href=\"https:\/\/iwell-guard.com\/is\/?page_id=168998\">Namarrkon<\/a>.<\/p>\t\t\t\t\t\t\t\t<\/div>\n\t\t\t\t<\/div>\n\t\t\t\t\t<\/div>\n\t\t\t\t<\/div>\n\t\t<div class=\"elementor-element elementor-element-iwgw-mimigeiste-s12 e-flex e-con-boxed e-con e-parent\" data-id=\"iwgw-mimigeiste-s12\" data-element_type=\"container\" data-e-type=\"container\">\n\t\t\t\t\t<div class=\"e-con-inner\">\n\t\t\t\t<div class=\"elementor-element elementor-element-iwgw-mimigeiste-s12h elementor-widget elementor-widget-heading\" data-id=\"iwgw-mimigeiste-s12h\" data-element_type=\"widget\" data-e-type=\"widget\" data-widget_type=\"heading.default\">\n\t\t\t\t\t<h2 class=\"elementor-heading-title elementor-size-default\">Mimi og listmarka\u00f0ur Aboriginal-f\u00f3lks<\/h2>\t\t\t\t<\/div>\n\t\t<div class=\"elementor-element elementor-element-iwgw-mimigeiste-s12c e-con-full e-flex e-con e-child\" data-id=\"iwgw-mimigeiste-s12c\" data-element_type=\"container\" data-e-type=\"container\">\n\t\t\t\t<div class=\"elementor-element elementor-element-iwgw-mimigeiste-s12t elementor-widget elementor-widget-text-editor\" data-id=\"iwgw-mimigeiste-s12t\" data-element_type=\"widget\" data-e-type=\"widget\" data-widget_type=\"text-editor.default\">\n\t\t\t\t\t\t\t\t\t<p>Mimi-hef\u00f0in er \u00ed dag al\u00fej\u00f3\u00f0lega s\u00fdnileg, fyrst og fremst \u00ed gegnum bark-painting hef\u00f0ina \u00ed Maningrida-h\u00e9ra\u00f0i. Kunnir listamenn eins og John Mawurndjul, Spider Namirrkki og fleiri hafa f\u00e6rt mimi-\u00feemu yfir \u00e1 al\u00fej\u00f3\u00f0legt myndlistarm\u00e1l.<\/p><p><span data-nosnippet>Howard Morphy s\u00fdndi \u00ed <em>Becoming Art<\/em> (2007) hvernig umbreytingin fr\u00e1 helgibundinni hellam\u00e1lun til marka\u00f0sh\u00e6frar bark-painting hefur breytt mimi-hef\u00f0inni \u00e1n \u00feess a\u00f0 afm\u00e1 hana. Verkin ganga \u00e1 al\u00fej\u00f3\u00f0legum marka\u00f0i en halda samt tr\u00faarlegri tengingu sinni vi\u00f0 Maningrida-samf\u00e9lagi\u00f0.<\/span><\/p><p>\u00deetta tv\u00ed\u00fe\u00e6tta hlutverk (vi\u00f0skiptalegt og <span class=\"iwg-fachbegriff\" data-tooltip=\"Tilheyrandi f\u00f6stu tr\u00faarlegu athafnaferli.\" tabindex=\"0\">helgisi\u00f0abundi\u00f0<\/span>) er \u00e1hugavert ranns\u00f3knarefni \u00ed tr\u00faarlegri manneskjufr\u00e6\u00f0i. \u00dea\u00f0 s\u00fdnir hvernig frumbyggjatr\u00faarbr\u00f6g\u00f0 geta lifa\u00f0 af og umbreyst undir n\u00fat\u00edma marka\u00f0sa\u00f0st\u00e6\u00f0um.<\/p>\t\t\t\t\t\t\t\t<\/div>\n\t\t\t\t<\/div>\n\t\t\t\t\t<\/div>\n\t\t\t\t<\/div>\n\t\t<div class=\"elementor-element elementor-element-iwgw-mimigeiste-s13 e-flex e-con-boxed e-con e-parent\" data-id=\"iwgw-mimigeiste-s13\" data-element_type=\"container\" data-e-type=\"container\">\n\t\t\t\t\t<div class=\"e-con-inner\">\n\t\t\t\t<div class=\"elementor-element elementor-element-iwgw-mimigeiste-s13h elementor-widget elementor-widget-heading\" data-id=\"iwgw-mimigeiste-s13h\" data-element_type=\"widget\" data-e-type=\"widget\" data-widget_type=\"heading.default\">\n\t\t\t\t\t<h2 class=\"elementor-heading-title elementor-size-default\">Mimi og listfr\u00e6\u00f0ileg t\u00edmaskipting frumbyggjalistar<\/h2>\t\t\t\t<\/div>\n\t\t<div class=\"elementor-element elementor-element-iwgw-mimigeiste-s13c e-con-full e-flex e-con e-child\" data-id=\"iwgw-mimigeiste-s13c\" data-element_type=\"container\" data-e-type=\"container\">\n\t\t\t\t<div class=\"elementor-element elementor-element-iwgw-mimigeiste-s13t elementor-widget elementor-widget-text-editor\" data-id=\"iwgw-mimigeiste-s13t\" data-element_type=\"widget\" data-e-type=\"widget\" data-widget_type=\"text-editor.default\">\n\t\t\t\t\t\t\t\t\t<p>Frekari listfr\u00e6\u00f0ileg d\u00fdpkun er ver\u00f0ug var\u00f0andi t\u00edmaskiptingu hellamynda \u00ed Arnhem Land. Ranns\u00f3knir greina \u00e1 milli nokkurra st\u00edlskei\u00f0a: \u201eDynamic Figures\u201c (tali\u00f0 yfir 10.000 \u00e1ra gamalt, oft mimi-hellamyndir), \u201eYam Style\u201c, \u201eX-Ray Style\u201c (yngra, me\u00f0 verum eins og Namarrkon).<\/p><p>Paul Ta\u00e7on, Christopher Chippindale og George Chaloupka hafa \u00ed m\u00f6rgum st\u00f6\u00f0lu\u00f0um verkum komi\u00f0 \u00e1 \u00feessari t\u00edmar\u00f6\u00f0. Mimi-hellamyndirnar eru me\u00f0al elstu var\u00f0veittu listaverka heims, s\u00f6gulega afgerandi ni\u00f0ursta\u00f0a.<\/p><p>\u00cd samt\u00edmaranns\u00f3knum er \u00feessi t\u00edmar\u00f6\u00f0 f\u00ednstillt og gagnr\u00fdnin endursko\u00f0u\u00f0. N\u00fdjar t\u00edmasetningara\u00f0fer\u00f0ir (\u00faran-\u00fe\u00f3r\u00edum-t\u00edmasetning) skila n\u00e1kv\u00e6mari ni\u00f0urst\u00f6\u00f0um; sumar mimi-myndir eru n\u00fa t\u00edmasettar allt a\u00f0 30.000 \u00e1r aftur, sem opnar t\u00edmasetningarumr\u00e6\u00f0una \u00e1 n\u00fdjan leik.<\/p>\t\t\t\t\t\t\t\t<\/div>\n\t\t\t\t<\/div>\n\t\t\t\t\t<\/div>\n\t\t\t\t<\/div>\n\t\t<div class=\"elementor-element elementor-element-iwgw-mimigeiste-s14 e-flex e-con-boxed e-con e-parent\" data-id=\"iwgw-mimigeiste-s14\" data-element_type=\"container\" data-e-type=\"container\">\n\t\t\t\t\t<div class=\"e-con-inner\">\n\t\t\t\t<div class=\"elementor-element elementor-element-iwgw-mimigeiste-s14h elementor-widget elementor-widget-heading\" data-id=\"iwgw-mimigeiste-s14h\" data-element_type=\"widget\" data-e-type=\"widget\" data-widget_type=\"heading.default\">\n\t\t\t\t\t<h2 class=\"elementor-heading-title elementor-size-default\">Mimi og leynd \u00feekking<\/h2>\t\t\t\t<\/div>\n\t\t<div class=\"elementor-element elementor-element-iwgw-mimigeiste-s14c e-con-full e-flex e-con e-child\" data-id=\"iwgw-mimigeiste-s14c\" data-element_type=\"container\" data-e-type=\"container\">\n\t\t\t\t<div class=\"elementor-element elementor-element-iwgw-mimigeiste-s14t elementor-widget elementor-widget-text-editor\" data-id=\"iwgw-mimigeiste-s14t\" data-element_type=\"widget\" data-e-type=\"widget\" data-widget_type=\"text-editor.default\">\n\t\t\t\t\t\t\t\t\t<p>S\u00e9rst\u00f6k a\u00f0fer\u00f0afr\u00e6\u00f0ileg d\u00fdpkun er ver\u00f0ug var\u00f0andi spurninguna um leynda \u00feekkingu. Miki\u00f0 af \u00feekkingu tengdri mimi er ekki \u201erestricted\u201c \u00ed str\u00f6ngustu merkingu (\u00fe.e. ekki bundin v\u00edgslu), en er \u00fe\u00f3 tengt sta\u00f0bundnu samhengi \u00fear sem h\u00fan \u00e6tti ekki a\u00f0 birtast opinberlega.<\/p><p><span data-nosnippet>Howard Morphy setti fram \u00ed <em>Aboriginal Art<\/em> (1998) n\u00e1kv\u00e6ma greining \u00e1 nokkrum \u00feekkingarstigum: \u201einside knowledge\u201c (bundin v\u00edgslu), \u201eoutside knowledge\u201c (fyrir allt samf\u00e9lagi\u00f0), \u201epublic knowledge\u201c (fyrir almenning). Mimi-hef\u00f0in n\u00e6r yfir \u00fe\u00e6tti af \u00f6llum \u00feremur stigum.<\/span><\/p><p>Fyrir samt\u00edmaranns\u00f3knir \u00fe\u00fd\u00f0ir \u00feetta: vir\u00f0ingarfull heimildavinna ver\u00f0ur a\u00f0 greina \u00e1 milli \u00feessara stiga og fara me\u00f0 \u00feau \u00e1 vi\u00f0eigandi h\u00e1tt eftir samhengi. \u00deessi a\u00f0fer\u00f0afr\u00e6\u00f0ilega n\u00e1kv\u00e6mni hefur veri\u00f0 vi\u00f0mi\u00f0 fr\u00e1 t\u00edunda \u00e1ratugnum.<\/p>\t\t\t\t\t\t\t\t<\/div>\n\t\t\t\t<\/div>\n\t\t\t\t\t<\/div>\n\t\t\t\t<\/div>\n\t\t<div class=\"elementor-element elementor-element-iwgw-mimigeiste-s15 e-flex e-con-boxed e-con e-parent\" data-id=\"iwgw-mimigeiste-s15\" data-element_type=\"container\" data-e-type=\"container\">\n\t\t\t\t\t<div class=\"e-con-inner\">\n\t\t\t\t<div class=\"elementor-element elementor-element-iwgw-mimigeiste-s15h elementor-widget elementor-widget-heading\" data-id=\"iwgw-mimigeiste-s15h\" data-element_type=\"widget\" data-e-type=\"widget\" data-widget_type=\"heading.default\">\n\t\t\t\t\t<h2 class=\"elementor-heading-title elementor-size-default\">Mimi og \u00feekkingarhef\u00f0 frumbyggja<\/h2>\t\t\t\t<\/div>\n\t\t<div class=\"elementor-element elementor-element-iwgw-mimigeiste-s15c e-con-full e-flex e-con e-child\" data-id=\"iwgw-mimigeiste-s15c\" data-element_type=\"container\" data-e-type=\"container\">\n\t\t\t\t<div class=\"elementor-element elementor-element-iwgw-mimigeiste-s15t elementor-widget elementor-widget-text-editor\" data-id=\"iwgw-mimigeiste-s15t\" data-element_type=\"widget\" data-e-type=\"widget\" data-widget_type=\"text-editor.default\">\n\t\t\t\t\t\t\t\t\t<p>Frekari ranns\u00f3kn er ver\u00f0ug var\u00f0andi mimi sem hluta af v\u00ed\u00f0t\u00e6kari \u00feekkingarhef\u00f0 frumbyggja. Frumbyggjahef\u00f0in skilur sig ekki a\u00f0eins sem tr\u00faarlegt fyrirb\u00e6ri, heldur sem heildst\u00e6\u00f0 \u00feekkingarform sem sameinar tr\u00faarbr\u00f6g\u00f0, vistfr\u00e6\u00f0i, samf\u00e9lagsskipan og verklega kunn\u00e1ttu.<\/p><p><span data-nosnippet>Tyson Yunkaporta hefur \u00ed <em>Sand Talk<\/em> (2019) sett fram \u00feekkingarkerfi frumbyggja sem \u201erelational pattern thinking\u201c. Mimi-hef\u00f0in fellur inn \u00ed \u00feetta kerfi: h\u00fan sameinar vistfr\u00e6\u00f0ilega vark\u00e1rni (\u00e1h\u00e6tta hella), listr\u00e6na hef\u00f0 (hellam\u00e1lun), uppeldislegt hlutverk (kennsla vei\u00f0a) og tr\u00faarlega i\u00f0kun (samband vi\u00f0 verur).<\/span><\/p><p>Fr\u00e1 sj\u00f3narh\u00f3li tr\u00faarbrag\u00f0afyrirb\u00e6rafr\u00e6\u00f0i er \u00feetta mikilv\u00e6g athugun: frumbyggjatr\u00faarbr\u00f6g\u00f0 eru ekki afmarka\u00f0 svi\u00f0 \u201etr\u00faar\u201c, heldur \u00f3a\u00f0skiljanlegur hluti af v\u00ed\u00f0t\u00e6kri \u00feekkingarvistkerfi. \u00deessi s\u00fdn hefur haft \u00e1hrif \u00e1 samt\u00edmaranns\u00f3knir tr\u00faarbrag\u00f0a um allan heim.<\/p>\t\t\t\t\t\t\t\t<\/div>\n\t\t\t\t<\/div>\n\t\t\t\t\t<\/div>\n\t\t\t\t<\/div>\n\t\t<div class=\"elementor-element elementor-element-iwgw-mimigeiste-s16 e-flex e-con-boxed e-con e-parent\" data-id=\"iwgw-mimigeiste-s16\" data-element_type=\"container\" data-e-type=\"container\">\n\t\t\t\t\t<div class=\"e-con-inner\">\n\t\t\t\t<div class=\"elementor-element elementor-element-iwgw-mimigeiste-s16h elementor-widget elementor-widget-heading\" data-id=\"iwgw-mimigeiste-s16h\" data-element_type=\"widget\" data-e-type=\"widget\" data-widget_type=\"heading.default\">\n\t\t\t\t\t<h2 class=\"elementor-heading-title elementor-size-default\">Mimi og t\u00edmasetning hellamynda frumbyggja<\/h2>\t\t\t\t<\/div>\n\t\t<div class=\"elementor-element elementor-element-iwgw-mimigeiste-s16c e-con-full e-flex e-con e-child\" data-id=\"iwgw-mimigeiste-s16c\" data-element_type=\"container\" data-e-type=\"container\">\n\t\t\t\t<div class=\"elementor-element elementor-element-iwgw-mimigeiste-s16t elementor-widget elementor-widget-text-editor\" data-id=\"iwgw-mimigeiste-s16t\" data-element_type=\"widget\" data-e-type=\"widget\" data-widget_type=\"text-editor.default\">\n\t\t\t\t\t\t\t\t\t<p>N\u00fdleg ranns\u00f3knarl\u00edna var\u00f0ar fornleifafr\u00e6\u00f0ilega t\u00edmasetningu mimi-hellamynda. Svokalla\u00f0ar \u201eDynamic Figures\u201c voru lengi t\u00edmasettar til 6000-8000 \u00e1ra; n\u00fdrri t\u00edmasetningara\u00f0fer\u00f0ir (\u00faran-\u00fe\u00f3r\u00edum, l\u00fdsileiki) gefa \u00e1 k\u00f6flum eldri ni\u00f0urst\u00f6\u00f0ur.<\/p><p>Paul Ta\u00e7on, Christopher Chippindale og fleiri hafa \u00ed m\u00f6rgum greinum r\u00e6tt t\u00edmasetningarspurninguna. Sumar hellamyndir eru n\u00fa t\u00edmasettar allt a\u00f0 30.000 \u00e1r aftur, sem myndi gera mimi-hef\u00f0ina a\u00f0 einni af elstu var\u00f0veittu listi\u00f0kunum heims.<\/p><p>Fr\u00e1 sj\u00f3narh\u00f3li tr\u00faarbrag\u00f0as\u00f6gu er \u00feessi t\u00edmasetning gr\u00ed\u00f0arlega mikilv\u00e6g. H\u00fan myndi \u00fe\u00fd\u00f0a a\u00f0 mimi-veru-hugmyndin s\u00e9 me\u00f0al elstu tr\u00faarlegu hugmynda sem vi\u00f0 \u00feekkjum. Ranns\u00f3knir eru h\u00e9r \u00e1 a\u00f0fer\u00f0afr\u00e6\u00f0ilega frj\u00f3u skei\u00f0i.<\/p>\t\t\t\t\t\t\t\t<\/div>\n\t\t\t\t<\/div>\n\t\t\t\t\t<\/div>\n\t\t\t\t<\/div>\n\t\t<div class=\"elementor-element elementor-element-cp21604241 e-flex e-con-boxed e-con e-parent\" data-id=\"cp21604241\" data-element_type=\"container\" data-e-type=\"container\">\n\t\t\t\t\t<div class=\"e-con-inner\">\n\t\t\t\t<div class=\"elementor-element elementor-element-cp2421a483 elementor-widget elementor-widget-heading\" data-id=\"cp2421a483\" data-element_type=\"widget\" data-e-type=\"widget\" data-widget_type=\"heading.default\">\n\t\t\t\t\t<h2 class=\"elementor-heading-title elementor-size-default\">\u00der\u00e1\u00f0grannar og styggar: mimih \u00ed hellulist Arnhem Land<\/h2>\t\t\t\t<\/div>\n\t\t<div class=\"elementor-element elementor-element-cp20d64a9e e-flex e-con-boxed e-con e-child\" data-id=\"cp20d64a9e\" data-element_type=\"container\" data-e-type=\"container\">\n\t\t\t\t\t<div class=\"e-con-inner\">\n\t\t\t\t<div class=\"elementor-element elementor-element-cp22fc4a0c elementor-widget elementor-widget-text-editor\" data-id=\"cp22fc4a0c\" data-element_type=\"widget\" data-e-type=\"widget\" data-widget_type=\"text-editor.default\">\n\t\t\t\t\t\t\t\t\t<p>Verurnar sem kallast <em>Mimih<\/em>, oft nefndar Mimi-andar \u00ed vestr\u00e6num ritum, eru me\u00f0al \u00feeirra vera \u00ed \u00e1stralskri <span class=\"iwg-fachbegriff\" data-tooltip=\"Mi\u00f0lun \u00feekkingar og fr\u00e1sagna milli kynsl\u00f3\u00f0a.\" tabindex=\"0\">arfleif\u00f0<\/span> sem eru n\u00e1tengdastar \u00e1kve\u00f0num myndaheimi. \u00de\u00e6r eru fastur \u00fe\u00e1ttur \u00ed bergmyndlist vestur-Arnhem Land, sv\u00e6\u00f0is \u00ed nor\u00f0urhluta \u00e1lfunnar sem me\u00f0al annars er byggt af \u00e6ttb\u00e1lkasv\u00e6\u00f0um \u00fear sem tala\u00f0 er Kunwinjku og tengd tungum\u00e1l.<\/p><p>\u00cd fr\u00e1s\u00f6gnum \u00feessara samf\u00e9laga eru Mimih \u00feunnar, langlima verur sem b\u00faa \u00ed sprungum og holum sandsteinshamranna. L\u00edkami \u00feeirra er svo broth\u00e6ttur a\u00f0 sterkur vindstroka myndi brj\u00f3ta \u00e1 \u00feeim h\u00e1lsinn, og \u00feess vegna koma \u00fe\u00e6r a\u00f0eins fram \u00ed logni en hverfa inn \u00ed bergi\u00f0 \u00feegar h\u00e6tta er \u00e1 fer\u00f0um, me\u00f0 \u00fev\u00ed a\u00f0 bl\u00e1sa \u00fea\u00f0 upp eins og lint deig.<\/p><p>\u00deessi hugmynd stendur \u00ed eftirtektarver\u00f0u sambandi vi\u00f0 bergmyndlistina sj\u00e1lfa. Margar af kvikum, f\u00ednlega teiknu\u00f0um f\u00edg\u00farunum \u00ed eldri l\u00f6gum Arnhem Land-m\u00e1lverksins s\u00fdna grannvaxnar verur, frosnar \u00ed hreyfingu, \u00e1 vei\u00f0um, hlaupandi e\u00f0a dansandi. \u00cd <span class=\"iwg-fachbegriff\" data-tooltip=\"Mi\u00f0lun \u00feekkingar og fr\u00e1sagna milli kynsl\u00f3\u00f0a.\" tabindex=\"0\">arfleif\u00f0<\/span> hinna hef\u00f0bundnu eigenda eru myndir af \u00feessu tagi a\u00f0 hluta til eigna\u00f0ar Mimih sj\u00e1lfum.<\/p><p>Samkv\u00e6mt \u00feessari t\u00falkun voru elstu myndirnar ekki m\u00e1la\u00f0ar af m\u00f6nnum heldur af Mimih, sem s\u00ed\u00f0ar kenndu m\u00f6nnum vei\u00f0ar, m\u00e1lun og \u00e1kve\u00f0nar athafnir. \u00deannig birtast Mimih sem mi\u00f0larar menningart\u00e6kni, l\u00edkt og a\u00f0rar fors\u00f6gulegar verur \u00ed \u00e1str\u00f6lskum hef\u00f0um.<\/p><p>Fornleifafr\u00e6\u00f0ilegar ranns\u00f3knir, me\u00f0al annars verk George Chaloupka og s\u00ed\u00f0ari s\u00e9rfr\u00e6\u00f0inga, hafa dregi\u00f0 fram langa runu st\u00edlskei\u00f0a \u00ed bergmyndlist Arnhem Land sem spannar m\u00f6rg \u00e1r\u00fe\u00fasund. Mikilv\u00e6gt er a\u00f0 stilla ekki upp gegn hvor annarri \u00feeirri hef\u00f0bundnu t\u00falkun sem eignar myndirnar Mimih og hinni fornleifafr\u00e6\u00f0ilegu st\u00edlr\u00e6nu t\u00edmar\u00f6\u00f0.<\/p><p>\u00deessar tv\u00e6r lei\u00f0ir svara \u00f3l\u00edkum spurningum. Fornleifafr\u00e6\u00f0ilega t\u00edmar\u00f6\u00f0in setur myndirnar \u00ed t\u00edmar\u00f6\u00f0, en hin frumbyggjalega <span class=\"iwg-fachbegriff\" data-tooltip=\"Mi\u00f0lun \u00feekkingar og fr\u00e1sagna milli kynsl\u00f3\u00f0a.\" tabindex=\"0\">arfleif\u00f0<\/span> setur \u00fe\u00e6r inn \u00ed heimsskilning \u00fear sem markal\u00ednan milli mannlegs og fors\u00f6gulegs uppruna er dregin \u00e1 annan h\u00e1tt.<\/p><p>Mimih eru \u00fe\u00f3 ekki einskor\u00f0a\u00f0ar vi\u00f0 fort\u00ed\u00f0ina. \u00cd fj\u00f6lm\u00f6rgum samf\u00e9l\u00f6gum er tali\u00f0 a\u00f0 \u00fe\u00e6r s\u00e9u til enn \u00feann dag \u00ed dag, meinlausar til hvikkynja\u00f0ar, sumar hj\u00e1lpsamar, a\u00f0rar sem r\u00e6na f\u00f3lki.<\/p><p>\u00datskornar Mimih-styttur \u00far tr\u00e9 hafa fr\u00e1 seinni hluta 20. aldar einnig or\u00f0i\u00f0 hluti af listframlei\u00f0slu sv\u00e6\u00f0isins sem er kunn v\u00ed\u00f0ar, d\u00e6mi um hvernig fornar andaverur taka \u00e1 sig n\u00fdjar birtingarmyndir \u00e1n \u00feess a\u00f0 tapa sta\u00f0 s\u00ednum \u00ed lifandi hef\u00f0.<\/p>\t\t\t\t\t\t\t\t<\/div>\n\t\t\t\t\t<\/div>\n\t\t\t\t<\/div>\n\t\t\t\t\t<\/div>\n\t\t\t\t<\/div>\n\t\t<div class=\"elementor-element elementor-element-iwgw-mimigeiste-lit e-flex e-con-boxed e-con e-parent\" data-id=\"iwgw-mimigeiste-lit\" data-element_type=\"container\" data-e-type=\"container\">\n\t\t\t\t\t<div class=\"e-con-inner\">\n\t\t\t\t<div class=\"elementor-element elementor-element-iwgw-mimigeiste-lith elementor-widget elementor-widget-heading\" data-id=\"iwgw-mimigeiste-lith\" data-element_type=\"widget\" data-e-type=\"widget\" data-widget_type=\"heading.default\">\n\t\t\t\t\t<h2 class=\"elementor-heading-title elementor-size-default\">Heimildir (\u00farval)<\/h2>\t\t\t\t<\/div>\n\t\t<div class=\"elementor-element elementor-element-iwgw-mimigeiste-litc e-con-full e-flex e-con e-child\" data-id=\"iwgw-mimigeiste-litc\" data-element_type=\"container\" data-e-type=\"container\">\n\t\t\t\t<div class=\"elementor-element elementor-element-iwgw-mimigeiste-litt elementor-widget elementor-widget-text-editor\" data-id=\"iwgw-mimigeiste-litt\" data-element_type=\"widget\" data-e-type=\"widget\" data-widget_type=\"text-editor.default\">\n\t\t\t\t\t\t\t\t\t<ul><li>Charles P. Mountford: <em>Records of the American-Australian Scientific Expedition to Arnhem Land<\/em> (1956)<\/li><li><span data-nosnippet>Ronald M. Berndt &#038; Catherine H. Berndt: <em>Man, Land and Myth in North Australia<\/em> (1970)<\/span><\/li><li>Howard Morphy: <em>Aboriginal Art<\/em> (Phaidon 1998)<\/li><li>Luke Taylor: <em>Seeing the Inside<\/em> (1996)<\/li><li>Tony Swain: <em>A Place for Strangers<\/em> (1993)<\/li><li>Lynne Hume: <em>Ancestral Power<\/em> (2002)<\/li><\/ul>\t\t\t\t\t\t\t\t<\/div>\n\t\t\t\t<\/div>\n\t\t\t\t\t<\/div>\n\t\t\t\t<\/div>\n\t\t<div class=\"elementor-element elementor-element-iwgkw2-add-mimigeister e-flex e-con-boxed e-con e-parent\" data-id=\"iwgkw2-add-mimigeister\" data-element_type=\"container\" data-e-type=\"container\">\n\t\t\t\t\t<div class=\"e-con-inner\">\n\t\t\t\t<div class=\"elementor-element elementor-element-iwgkw2-add-mimigeister-t elementor-widget elementor-widget-text-editor\" data-id=\"iwgkw2-add-mimigeister-t\" data-element_type=\"widget\" data-e-type=\"widget\" data-widget_type=\"text-editor.default\">\n\t\t\t\t\t\t\t\t\t<p><em><span class=\"iwg-fachbegriff\" data-tooltip=\"Hef\u00f0bundin fr\u00e1s\u00f6gn um gu\u00f0i, uppruna og skipulag heimsins.\" tabindex=\"0\">Go\u00f0s\u00f6gnin<\/span><\/em> um Mimi-andana l\u00fdsir \u00feeim sem grannvaxna \u00edb\u00faa bergsprungna Arnhem Land, sem kenndu m\u00f6nnum vei\u00f0ar, dans og eld; mikilv\u00e6gustu <em>heimildirnar<\/em> eru bergm\u00e1lverk auk fr\u00e1sagna fr\u00e1 Yolngu- og Kunwinjku-m\u00e1lsamf\u00e9l\u00f6gunum.<\/p>\t\t\t\t\t\t\t\t<\/div>\n\t\t\t\t\t<\/div>\n\t\t\t\t<\/div>\n\t\t<div class=\"elementor-element elementor-element-iwgw-mimigeiste-kwd e-flex e-con-boxed e-con e-parent\" data-id=\"iwgw-mimigeiste-kwd\" data-element_type=\"container\" data-e-type=\"container\">\n\t\t\t\t\t<div class=\"e-con-inner\">\n\t\t<div class=\"elementor-element elementor-element-iwgw-mimigeiste-kwdc e-con-full e-flex e-con e-child\" data-id=\"iwgw-mimigeiste-kwdc\" data-element_type=\"container\" data-e-type=\"container\">\n\t\t\t\t<div class=\"elementor-element elementor-element-iwgw-mimigeiste-kwdt elementor-widget elementor-widget-text-editor\" data-id=\"iwgw-mimigeiste-kwdt\" data-element_type=\"widget\" data-e-type=\"widget\" data-widget_type=\"text-editor.default\">\n\t\t\t\t\t\t\t\t\t<p><em>Tengd leitaror\u00f0: Mimi Mimih Arnhem Land bergandar vei\u00f0ikennarar Kunwinjku.<\/em><\/p>\t\t\t\t\t\t\t\t<\/div>\n\t\t\t\t<\/div>\n\t\t\t\t\t<\/div>\n\t\t\t\t<\/div>\n\t\t<div class=\"elementor-element elementor-element-iwgw-mimigeiste-cc e-flex e-con-boxed e-con e-parent\" data-id=\"iwgw-mimigeiste-cc\" data-element_type=\"container\" data-e-type=\"container\" id=\"iwg-cc-mimi-geister\">\n\t\t\t\t\t<div class=\"e-con-inner\">\n\t\t<div class=\"elementor-element elementor-element-iwgw-mimigeiste-ccinner e-flex e-con-boxed e-con e-parent\" data-id=\"iwgw-mimigeiste-ccinner\" data-element_type=\"container\" data-e-type=\"container\" data-settings=\"{&quot;background_background&quot;:&quot;classic&quot;}\">\n\t\t\t\t\t<div class=\"e-con-inner\">\n\t\t\t\t<div class=\"elementor-element elementor-element-iwgw-mimigeiste-cch elementor-widget elementor-widget-heading\" data-id=\"iwgw-mimigeiste-cch\" data-element_type=\"widget\" data-e-type=\"widget\" data-widget_type=\"heading.default\">\n\t\t\t\t\t<h2 class=\"elementor-heading-title elementor-size-default\">iWell Guard og verndarhef\u00f0ir<\/h2>\t\t\t\t<\/div>\n\t\t\t\t<div class=\"elementor-element elementor-element-iwgw-mimigeiste-cct elementor-widget elementor-widget-text-editor\" data-id=\"iwgw-mimigeiste-cct\" data-element_type=\"widget\" data-e-type=\"widget\" data-widget_type=\"text-editor.default\">\n\t\t\t\t\t\t\t\t\t<div data-nosnippet=\"true\"><p>iWell Guard tengist menningars\u00f6gulegri hef\u00f0 farandlegra verndargripa, \u00ed hef\u00f0 frumbyggja \u00c1stral\u00edu (<a href=\"https:\/\/iwell-guard.com\/is\/aboriginal-astralia-draumtid-tjukurpa-verndargripir\/\">Aboriginal<\/a>) og margra annarra menningarheima um allan heim. 41 lag, alv\u00f6ru gull, plat\u00edna, silfur, framleitt \u00ed \u00de\u00fdskalandi. 30 daga skilar\u00e9ttur.<\/p><\/div>\t\t\t\t\t\t\t\t<\/div>\n\t\t\t\t<div class=\"elementor-element elementor-element-iwgw-mimigeiste-ccb iwg-cc-button iwg-cc-cta-2026-05-13 elementor-widget elementor-widget-jet-button\" data-id=\"iwgw-mimigeiste-ccb\" data-element_type=\"widget\" data-e-type=\"widget\" data-widget_type=\"jet-button.default\">\n\t\t\t\t<div class=\"elementor-widget-container\">\n\t\t\t\t\t<div class=\"elementor-jet-button jet-elements\"><div class=\"jet-button__container\"><a class=\"jet-button__instance jet-button__instance--icon-left hover-effect-1\" href=\"\/ueber-iwell-guard\/?utm_source=iwell-guard.com&amp;utm_medium=info-box&amp;utm_campaign=wesen-tradition\"><div class=\"jet-button__plane jet-button__plane-normal\"><\/div><div class=\"jet-button__plane jet-button__plane-hover\"><\/div><div class=\"jet-button__state jet-button__state-normal\"><span class=\"jet-button__label\">Meira um iWell Guard<\/span><\/div><div class=\"jet-button__state jet-button__state-hover\"><span class=\"jet-button__label\">Meira um iWell Guard<\/span><\/div><\/a><\/div><\/div><style>.elementor-element.elementor-element-iwgw-mimigeiste-ccb .jet-button__instance{width:320px;height:56px;}.elementor-element.elementor-element-iwgw-mimigeiste-ccb .jet-button__state-normal .jet-button__label{text-align:center;margin:0px 0px 0px 0px;color:#1a1b20;font-family:Montserrat,sans-serif;font-size:13px;font-weight:400;letter-spacing:4px;line-height:1.714em;text-transform:uppercase;}.elementor-element.elementor-element-iwgw-mimigeiste-ccb .jet-button__state-hover .jet-button__label{text-align:center;margin:0px 0px 0px 0px;color:#FECC76;font-family:Montserrat,sans-serif;font-size:13px;font-weight:400;letter-spacing:4px;line-height:1.714em;text-transform:uppercase;}.elementor-element.elementor-element-iwgw-mimigeiste-ccb .jet-button__plane-normal{background-color:#FECC76;border-style:solid;border-color:#C99540;border-width:2px 2px 2px 2px;}.elementor-element.elementor-element-iwgw-mimigeiste-ccb .jet-button__plane-hover{background-color:rgba(0,0,0,0.55);border-style:solid;border-color:#FECC76;border-width:2px 2px 2px 2px;}<\/style>\t\t\t\t<\/div>\n\t\t\t\t<\/div>\n\t\t\t\t<div class=\"elementor-element elementor-element-iwgw-mimigeiste-ccd elementor-widget elementor-widget-text-editor\" data-id=\"iwgw-mimigeiste-ccd\" data-element_type=\"widget\" data-e-type=\"widget\" data-widget_type=\"text-editor.default\">\n\t\t\t\t\t\t\t\t\t<div data-nosnippet=\"true\"><p style=\"text-align:center;font-size:13px;opacity:0.7;margin-top:14px\" data-nosnippet=\"true\">Pers\u00f3nuleg reynsla getur veri\u00f0 mismunandi. Ekki l\u00e6kningat\u00e6ki. Engin lofor\u00f0 um l\u00e6kningu.<\/p><\/div>\t\t\t\t\t\t\t\t<\/div>\n\t\t\t\t\t<\/div>\n\t\t\t\t<\/div>\n\t\t\t\t\t<\/div>\n\t\t\t\t<\/div>\n\t\t<div class=\"elementor-element elementor-element-iwgw-mimigeiste-disc e-flex e-con-boxed e-con e-parent\" data-id=\"iwgw-mimigeiste-disc\" data-element_type=\"container\" data-e-type=\"container\">\n\t\t\t\t\t<div class=\"e-con-inner\">\n\t\t\t\t<div class=\"elementor-element elementor-element-iwgw-mimigeiste-discw elementor-widget elementor-widget-html\" data-id=\"iwgw-mimigeiste-discw\" data-element_type=\"widget\" data-e-type=\"widget\" data-widget_type=\"html.default\">\n\t\t\t\t\t<footer data-nosnippet=\"true\" class=\"iwg-disclaimer-block\"><p data-nosnippet=\"true\">iWell Guard er <strong>ekki l\u00e6kningat\u00e6ki<\/strong> og kemur ekki \u00ed sta\u00f0inn fyrir l\u00e6knis- e\u00f0a s\u00e1lfr\u00e6\u00f0ime\u00f0fer\u00f0. Tr\u00faarfr\u00e6\u00f0ilegt efni er menningars\u00f6gulegt samhengi, ekki r\u00e1\u00f0legging um andlega i\u00f0kun.<\/p><\/footer>\t\t\t\t<\/div>\n\t\t\t\t\t<\/div>\n\t\t\t\t<\/div>\n\t\t\t\t<\/div>\n\t\t","protected":false},"excerpt":{"rendered":"","protected":false},"author":3,"featured_media":2867,"parent":0,"menu_order":0,"comment_status":"closed","ping_status":"closed","template":"elementor_header_footer","meta":{"_yoast_wpseo_focuskw":"Mimi-andar frumbyggja Arnhem Land","_yoast_wpseo_title":"Mimi-andar \u2013 Klettaandar frumbyggja, go\u00f0s\u00f6gn og heimildir","_yoast_wpseo_metadesc":"Mimi-andar eru grannvaxnir klettaandar og hellaandar \u00far menningu frumbyggja Arnhem Land. Tr\u00faarfr\u00e6\u00f0ileg \u00fattekt me\u00f0 go\u00f0s\u00f6gn og heimildum.","_yoast_wpseo_meta-robots-noindex":"","_yoast_wpseo_canonical":"","_angie_page":false,"gefaehrdungsstufe":"3","wesen_kultur":"aboriginal","wesen_klasse":"geister","footnotes":""},"categories":[],"class_list":["post-168995","page","type-page","status-publish","has-post-thumbnail","hentry"],"yoast_head":"<!-- This site is optimized with the Yoast SEO Premium plugin v27.7 (Yoast SEO v28.3) - https:\/\/yoast.com\/product\/yoast-seo-premium-wordpress\/ -->\n<title>Mimi-andar \u2013 Klettaandar frumbyggja, go\u00f0s\u00f6gn og heimildir<\/title>\n<meta name=\"description\" content=\"Mimi-andar eru grannvaxnir klettaandar og hellaandar \u00far menningu frumbyggja Arnhem Land. Tr\u00faarfr\u00e6\u00f0ileg \u00fattekt me\u00f0 go\u00f0s\u00f6gn og heimildum.\" \/>\n<meta name=\"robots\" content=\"index, follow, max-snippet:-1, max-image-preview:large, max-video-preview:-1\" \/>\n<link rel=\"canonical\" href=\"https:\/\/iwell-guard.com\/is\/mimi-andar-klettaandar-arnhem-land\/\" \/>\n<meta property=\"og:locale\" content=\"is_IS\" \/>\n<meta property=\"og:type\" content=\"article\" \/>\n<meta property=\"og:title\" content=\"Mimi-andar \u2013 Grannvaxnir klettaandar Arnhem Land-frumbyggja\" \/>\n<meta property=\"og:description\" content=\"Mimi-andar eru grannvaxnir klettaandar og hellaandar \u00far menningu frumbyggja Arnhem Land. Tr\u00faarfr\u00e6\u00f0ileg \u00fattekt me\u00f0 go\u00f0s\u00f6gn og heimildum.\" \/>\n<meta property=\"og:url\" content=\"https:\/\/iwell-guard.com\/is\/mimi-andar-klettaandar-arnhem-land\/\" \/>\n<meta property=\"og:site_name\" content=\"iWell Guard\" \/>\n<meta property=\"article:modified_time\" content=\"2026-09-05T14:29:19+00:00\" \/>\n<meta property=\"og:image\" content=\"https:\/\/iwell-guard.com\/wp-content\/uploads\/2026\/05\/geister_aboriginal_mimi-geister.webp\" \/>\n\t<meta property=\"og:image:width\" content=\"1024\" \/>\n\t<meta property=\"og:image:height\" content=\"1536\" \/>\n\t<meta property=\"og:image:type\" content=\"image\/webp\" \/>\n<meta name=\"twitter:card\" content=\"summary_large_image\" \/>\n<script type=\"application\/ld+json\" class=\"yoast-schema-graph\">{\"@context\":\"https:\\\/\\\/schema.org\",\"@graph\":[{\"@type\":\"WebPage\",\"@id\":\"https:\\\/\\\/iwell-guard.com\\\/is\\\/mimi-andar-klettaandar-arnhem-land\\\/\",\"url\":\"https:\\\/\\\/iwell-guard.com\\\/is\\\/mimi-andar-klettaandar-arnhem-land\\\/\",\"name\":\"Mimi-andar \u2013 Klettaandar frumbyggja, go\u00f0s\u00f6gn og heimildir\",\"isPartOf\":{\"@id\":\"https:\\\/\\\/iwell-guard.com\\\/is\\\/#website\"},\"primaryImageOfPage\":{\"@id\":\"https:\\\/\\\/iwell-guard.com\\\/is\\\/mimi-andar-klettaandar-arnhem-land\\\/#primaryimage\"},\"image\":{\"@id\":\"https:\\\/\\\/iwell-guard.com\\\/is\\\/mimi-andar-klettaandar-arnhem-land\\\/#primaryimage\"},\"thumbnailUrl\":\"https:\\\/\\\/iwell-guard.com\\\/wp-content\\\/uploads\\\/2026\\\/05\\\/geister_aboriginal_mimi-geister.webp\",\"datePublished\":\"2026-09-05T14:04:41+00:00\",\"dateModified\":\"2026-09-05T14:29:19+00:00\",\"description\":\"Mimi-andar eru grannvaxnir klettaandar og hellaandar \u00far menningu frumbyggja Arnhem Land. Tr\u00faarfr\u00e6\u00f0ileg \u00fattekt me\u00f0 go\u00f0s\u00f6gn og heimildum.\",\"breadcrumb\":{\"@id\":\"https:\\\/\\\/iwell-guard.com\\\/is\\\/mimi-andar-klettaandar-arnhem-land\\\/#breadcrumb\"},\"inLanguage\":\"is\",\"potentialAction\":[{\"@type\":\"ReadAction\",\"target\":[\"https:\\\/\\\/iwell-guard.com\\\/is\\\/mimi-andar-klettaandar-arnhem-land\\\/\"]}]},{\"@type\":\"ImageObject\",\"inLanguage\":\"is\",\"@id\":\"https:\\\/\\\/iwell-guard.com\\\/is\\\/mimi-andar-klettaandar-arnhem-land\\\/#primaryimage\",\"url\":\"https:\\\/\\\/iwell-guard.com\\\/wp-content\\\/uploads\\\/2026\\\/05\\\/geister_aboriginal_mimi-geister.webp\",\"contentUrl\":\"https:\\\/\\\/iwell-guard.com\\\/wp-content\\\/uploads\\\/2026\\\/05\\\/geister_aboriginal_mimi-geister.webp\",\"width\":1024,\"height\":1536,\"caption\":\"Andar \u00far frumbyggja-hef\u00f0 \u00c1stral\u00edu.\"},{\"@type\":\"BreadcrumbList\",\"@id\":\"https:\\\/\\\/iwell-guard.com\\\/is\\\/mimi-andar-klettaandar-arnhem-land\\\/#breadcrumb\",\"itemListElement\":[{\"@type\":\"ListItem\",\"position\":1,\"name\":\"Start\",\"item\":\"https:\\\/\\\/iwell-guard.com\\\/is\\\/?page_id=168580\"},{\"@type\":\"ListItem\",\"position\":2,\"name\":\"Mimi-andar \u2013 Grannvaxnir klettaandar Arnhem Land-frumbyggja\"}]},{\"@type\":\"WebSite\",\"@id\":\"https:\\\/\\\/iwell-guard.com\\\/is\\\/#website\",\"url\":\"https:\\\/\\\/iwell-guard.com\\\/is\\\/\",\"name\":\"iWell Guard\",\"description\":\"Schutz vor dunklen Einfl\u00fcssen\",\"publisher\":{\"@id\":\"https:\\\/\\\/iwell-guard.com\\\/is\\\/#organization\"},\"potentialAction\":[{\"@type\":\"SearchAction\",\"target\":{\"@type\":\"EntryPoint\",\"urlTemplate\":\"https:\\\/\\\/iwell-guard.com\\\/is\\\/?s={search_term_string}\"},\"query-input\":{\"@type\":\"PropertyValueSpecification\",\"valueRequired\":true,\"valueName\":\"search_term_string\"}}],\"inLanguage\":\"is\"},{\"@type\":\"Organization\",\"@id\":\"https:\\\/\\\/iwell-guard.com\\\/is\\\/#organization\",\"name\":\"Ittermann electronic GmbH\",\"url\":\"https:\\\/\\\/iwell-guard.com\\\/is\\\/\",\"logo\":{\"@type\":\"ImageObject\",\"inLanguage\":\"is\",\"@id\":\"https:\\\/\\\/iwell-guard.com\\\/is\\\/#\\\/schema\\\/logo\\\/image\\\/\",\"url\":\"https:\\\/\\\/iwell-guard.com\\\/wp-content\\\/uploads\\\/2026\\\/05\\\/Ittermann-Logo-1182x237-1.png\",\"contentUrl\":\"https:\\\/\\\/iwell-guard.com\\\/wp-content\\\/uploads\\\/2026\\\/05\\\/Ittermann-Logo-1182x237-1.png\",\"width\":1182,\"height\":237,\"caption\":\"Ittermann electronic GmbH\"},\"image\":{\"@id\":\"https:\\\/\\\/iwell-guard.com\\\/is\\\/#\\\/schema\\\/logo\\\/image\\\/\"},\"sameAs\":[\"https:\\\/\\\/pantip.com\\\/profile\\\/9367242\",\"https:\\\/\\\/micro.blog\\\/iwellguard\",\"https:\\\/\\\/www.diggerslist.com\\\/iwellguard\\\/about\",\"https:\\\/\\\/skitterphoto.com\\\/photographers\\\/2870314\\\/iwell-guard\",\"https:\\\/\\\/iwellguard.wordpress.com\\\/2026\\\/06\\\/06\\\/iwell-guard\\\/\",\"https:\\\/\\\/hub.docker.com\\\/u\\\/iwellguard\",\"https:\\\/\\\/www.pinterest.com\\\/iwellguard\\\/\",\"https:\\\/\\\/bit.ly\\\/m\\\/iwellguard\",\"https:\\\/\\\/entre-vos-mains.alsace.eu\\\/profiles\\\/iwellguard\\\/activity\",\"https:\\\/\\\/gravatar.com\\\/reallybeded8fd34\",\"https:\\\/\\\/naijamatta.com\\\/iwellguard\",\"https:\\\/\\\/www.goodreads.com\\\/iwellguard\",\"https:\\\/\\\/profile.hatena.ne.jp\\\/iwellguard\\\/\",\"https:\\\/\\\/experiment.com\\\/users\\\/iwellguard\",\"https:\\\/\\\/wakelet.com\\\/@iWellGuard82270\",\"https:\\\/\\\/www.chordie.com\\\/forum\\\/profile.php?id=2555664\",\"https:\\\/\\\/www.instapaper.com\\\/p\\\/17757966\",\"https:\\\/\\\/www.mapleprimes.com\\\/users\\\/iwellguard\",\"https:\\\/\\\/businesslistingplus.com\\\/profile\\\/iwell-guard\\\/\",\"https:\\\/\\\/telegra.ph\\\/iWell-Guard-06-06\",\"https:\\\/\\\/pbase.com\\\/iwellguard\\\/iwellguard\",\"https:\\\/\\\/b.hatena.ne.jp\\\/iwellguard\\\/20260607#bookmark-4788405196491818882\",\"https:\\\/\\\/fliphtml5.com\\\/home\\\/iwellguard\",\"https:\\\/\\\/anyflip.com\\\/homepage\\\/cmiwl#About\",\"https:\\\/\\\/transfur.com\\\/Users\\\/iwellguard\",\"http:\\\/\\\/delphi.larsbo.org\\\/user\\\/iwellguard\",\"https:\\\/\\\/jobs.lajobsportal.org\\\/profiles\\\/8380803-iwell-guard\",\"https:\\\/\\\/md.chaosdorf.de\\\/s\\\/jfbe5SBdJD\",\"https:\\\/\\\/www.lingvolive.com\\\/en-us\\\/profile\\\/9ecaeaca-ce11-4e51-9e71-01d55e2bff36\\\/translations\",\"https:\\\/\\\/www.fitday.com\\\/fitness\\\/forums\\\/members\\\/iwellguard.html\",\"https:\\\/\\\/www.mymeetbook.com\\\/iwellguard\",\"https:\\\/\\\/pxhere.com\\\/en\\\/photographer-me\\\/5040798\",\"https:\\\/\\\/disqus.com\\\/by\\\/iwellguard\\\/about\\\/\",\"https:\\\/\\\/pastelink.net\\\/hjwciqwq\",\"https:\\\/\\\/pubhtml5.com\\\/homepage\\\/scjhn\\\/\",\"https:\\\/\\\/www.bitchute.com\\\/channel\\\/2O2eOKzNqujT\",\"https:\\\/\\\/audiomack.com\\\/iwellguard\"]},{\"@type\":\"Article\",\"@id\":\"https:\\\/\\\/iwell-guard.com\\\/is\\\/mimi-andar-klettaandar-arnhem-land\\\/#article\",\"isPartOf\":{\"@id\":\"https:\\\/\\\/iwell-guard.com\\\/is\\\/mimi-andar-klettaandar-arnhem-land\\\/\"},\"author\":{\"name\":\"Ralf Ittermann\",\"@id\":\"https:\\\/\\\/iwell-guard.com\\\/is\\\/#\\\/schema\\\/person\\\/ee2a27f1cac3406c7c6fb5820cb7349f\"},\"headline\":\"Mimi-andar \u2013 Grannvaxnir klettaandar Arnhem Land-frumbyggja\",\"datePublished\":\"2026-09-05T14:04:41+00:00\",\"dateModified\":\"2026-09-05T14:29:19+00:00\",\"mainEntityOfPage\":{\"@id\":\"https:\\\/\\\/iwell-guard.com\\\/is\\\/mimi-andar-klettaandar-arnhem-land\\\/\"},\"publisher\":{\"@id\":\"https:\\\/\\\/iwell-guard.com\\\/is\\\/#organization\"},\"image\":{\"@id\":\"https:\\\/\\\/iwell-guard.com\\\/is\\\/mimi-andar-klettaandar-arnhem-land\\\/#primaryimage\"},\"thumbnailUrl\":\"https:\\\/\\\/iwell-guard.com\\\/wp-content\\\/uploads\\\/2026\\\/05\\\/geister_aboriginal_mimi-geister.webp\",\"inLanguage\":\"is\",\"description\":\"Mimi-andar eru grannvaxnir klettaandar og hellaandar \u00far menningu frumbyggja Arnhem Land. Tr\u00faarfr\u00e6\u00f0ileg \u00fattekt me\u00f0 go\u00f0s\u00f6gn og heimildum.\"}]}<\/script>\n<!-- \/ Yoast SEO Premium plugin. -->","yoast_head_json":{"title":"Mimi-andar \u2013 Klettaandar frumbyggja, go\u00f0s\u00f6gn og heimildir","description":"Mimi-andar eru grannvaxnir klettaandar og hellaandar \u00far menningu frumbyggja Arnhem Land. Tr\u00faarfr\u00e6\u00f0ileg \u00fattekt me\u00f0 go\u00f0s\u00f6gn og heimildum.","robots":{"index":"index","follow":"follow","max-snippet":"max-snippet:-1","max-image-preview":"max-image-preview:large","max-video-preview":"max-video-preview:-1"},"canonical":"https:\/\/iwell-guard.com\/is\/mimi-andar-klettaandar-arnhem-land\/","og_locale":"is_IS","og_type":"article","og_title":"Mimi-andar \u2013 Grannvaxnir klettaandar Arnhem Land-frumbyggja","og_description":"Mimi-andar eru grannvaxnir klettaandar og hellaandar \u00far menningu frumbyggja Arnhem Land. Tr\u00faarfr\u00e6\u00f0ileg \u00fattekt me\u00f0 go\u00f0s\u00f6gn og heimildum.","og_url":"https:\/\/iwell-guard.com\/is\/mimi-andar-klettaandar-arnhem-land\/","og_site_name":"iWell Guard","article_modified_time":"2026-09-05T14:29:19+00:00","og_image":[{"width":1024,"height":1536,"url":"https:\/\/iwell-guard.com\/wp-content\/uploads\/2026\/05\/geister_aboriginal_mimi-geister.webp","type":"image\/webp"}],"twitter_card":"summary_large_image","schema":{"@context":"https:\/\/schema.org","@graph":[{"@type":"Article","@id":"https:\/\/iwell-guard.com\/is\/mimi-andar-klettaandar-arnhem-land\/#article","isPartOf":{"@id":"https:\/\/iwell-guard.com\/is\/mimi-andar-klettaandar-arnhem-land\/"},"author":{"name":"Ralf Ittermann","@id":"https:\/\/iwell-guard.com\/is\/#\/schema\/person\/ee2a27f1cac3406c7c6fb5820cb7349f"},"headline":"Mimi-andar \u2013 Grannvaxnir klettaandar Arnhem Land-frumbyggja","datePublished":"2026-09-05T14:04:41+00:00","dateModified":"2026-09-05T14:29:19+00:00","mainEntityOfPage":{"@id":"https:\/\/iwell-guard.com\/is\/mimi-andar-klettaandar-arnhem-land\/"},"publisher":{"@id":"https:\/\/iwell-guard.com\/is\/#organization"},"image":{"@id":"https:\/\/iwell-guard.com\/is\/mimi-andar-klettaandar-arnhem-land\/#primaryimage"},"thumbnailUrl":"https:\/\/iwell-guard.com\/wp-content\/uploads\/2026\/05\/geister_aboriginal_mimi-geister.webp","inLanguage":"is","description":"Mimi-andar eru grannvaxnir klettaandar og hellaandar \u00far menningu frumbyggja Arnhem Land. Tr\u00faarfr\u00e6\u00f0ileg \u00fattekt me\u00f0 go\u00f0s\u00f6gn og heimildum."},{"@type":"WebPage","@id":"https:\/\/iwell-guard.com\/is\/mimi-andar-klettaandar-arnhem-land\/","url":"https:\/\/iwell-guard.com\/is\/mimi-andar-klettaandar-arnhem-land\/","name":"Mimi-andar \u2013 Klettaandar frumbyggja, go\u00f0s\u00f6gn og heimildir","isPartOf":{"@id":"https:\/\/iwell-guard.com\/is\/#website"},"primaryImageOfPage":{"@id":"https:\/\/iwell-guard.com\/is\/mimi-andar-klettaandar-arnhem-land\/#primaryimage"},"image":{"@id":"https:\/\/iwell-guard.com\/is\/mimi-andar-klettaandar-arnhem-land\/#primaryimage"},"thumbnailUrl":"https:\/\/iwell-guard.com\/wp-content\/uploads\/2026\/05\/geister_aboriginal_mimi-geister.webp","datePublished":"2026-09-05T14:04:41+00:00","dateModified":"2026-09-05T14:29:19+00:00","description":"Mimi-andar eru grannvaxnir klettaandar og hellaandar \u00far menningu frumbyggja Arnhem Land. Tr\u00faarfr\u00e6\u00f0ileg \u00fattekt me\u00f0 go\u00f0s\u00f6gn og heimildum.","breadcrumb":{"@id":"https:\/\/iwell-guard.com\/is\/mimi-andar-klettaandar-arnhem-land\/#breadcrumb"},"inLanguage":"is","potentialAction":[{"@type":"ReadAction","target":["https:\/\/iwell-guard.com\/is\/mimi-andar-klettaandar-arnhem-land\/"]}]},{"@type":"ImageObject","inLanguage":"is","@id":"https:\/\/iwell-guard.com\/is\/mimi-andar-klettaandar-arnhem-land\/#primaryimage","url":"https:\/\/iwell-guard.com\/wp-content\/uploads\/2026\/05\/geister_aboriginal_mimi-geister.webp","contentUrl":"https:\/\/iwell-guard.com\/wp-content\/uploads\/2026\/05\/geister_aboriginal_mimi-geister.webp","width":1024,"height":1536,"caption":"Andar \u00far frumbyggja-hef\u00f0 \u00c1stral\u00edu."},{"@type":"BreadcrumbList","@id":"https:\/\/iwell-guard.com\/is\/mimi-andar-klettaandar-arnhem-land\/#breadcrumb","itemListElement":[{"@type":"ListItem","position":1,"name":"Start","item":"https:\/\/iwell-guard.com\/is\/?page_id=168580"},{"@type":"ListItem","position":2,"name":"Mimi-andar \u2013 Grannvaxnir klettaandar Arnhem Land-frumbyggja"}]},{"@type":"WebSite","@id":"https:\/\/iwell-guard.com\/is\/#website","url":"https:\/\/iwell-guard.com\/is\/","name":"iWell Guard","description":"Schutz vor dunklen Einfl\u00fcssen","publisher":{"@id":"https:\/\/iwell-guard.com\/is\/#organization"},"potentialAction":[{"@type":"SearchAction","target":{"@type":"EntryPoint","urlTemplate":"https:\/\/iwell-guard.com\/is\/?s={search_term_string}"},"query-input":{"@type":"PropertyValueSpecification","valueRequired":true,"valueName":"search_term_string"}}],"inLanguage":"is"},{"@type":"Organization","@id":"https:\/\/iwell-guard.com\/is\/#organization","name":"Ittermann electronic GmbH","url":"https:\/\/iwell-guard.com\/is\/","logo":{"@type":"ImageObject","inLanguage":"is","@id":"https:\/\/iwell-guard.com\/is\/#\/schema\/logo\/image\/","url":"https:\/\/iwell-guard.com\/wp-content\/uploads\/2026\/05\/Ittermann-Logo-1182x237-1.png","contentUrl":"https:\/\/iwell-guard.com\/wp-content\/uploads\/2026\/05\/Ittermann-Logo-1182x237-1.png","width":1182,"height":237,"caption":"Ittermann electronic GmbH"},"image":{"@id":"https:\/\/iwell-guard.com\/is\/#\/schema\/logo\/image\/"},"sameAs":["https:\/\/pantip.com\/profile\/9367242","https:\/\/micro.blog\/iwellguard","https:\/\/www.diggerslist.com\/iwellguard\/about","https:\/\/skitterphoto.com\/photographers\/2870314\/iwell-guard","https:\/\/iwellguard.wordpress.com\/2026\/06\/06\/iwell-guard\/","https:\/\/hub.docker.com\/u\/iwellguard","https:\/\/www.pinterest.com\/iwellguard\/","https:\/\/bit.ly\/m\/iwellguard","https:\/\/entre-vos-mains.alsace.eu\/profiles\/iwellguard\/activity","https:\/\/gravatar.com\/reallybeded8fd34","https:\/\/naijamatta.com\/iwellguard","https:\/\/www.goodreads.com\/iwellguard","https:\/\/profile.hatena.ne.jp\/iwellguard\/","https:\/\/experiment.com\/users\/iwellguard","https:\/\/wakelet.com\/@iWellGuard82270","https:\/\/www.chordie.com\/forum\/profile.php?id=2555664","https:\/\/www.instapaper.com\/p\/17757966","https:\/\/www.mapleprimes.com\/users\/iwellguard","https:\/\/businesslistingplus.com\/profile\/iwell-guard\/","https:\/\/telegra.ph\/iWell-Guard-06-06","https:\/\/pbase.com\/iwellguard\/iwellguard","https:\/\/b.hatena.ne.jp\/iwellguard\/20260607#bookmark-4788405196491818882","https:\/\/fliphtml5.com\/home\/iwellguard","https:\/\/anyflip.com\/homepage\/cmiwl#About","https:\/\/transfur.com\/Users\/iwellguard","http:\/\/delphi.larsbo.org\/user\/iwellguard","https:\/\/jobs.lajobsportal.org\/profiles\/8380803-iwell-guard","https:\/\/md.chaosdorf.de\/s\/jfbe5SBdJD","https:\/\/www.lingvolive.com\/en-us\/profile\/9ecaeaca-ce11-4e51-9e71-01d55e2bff36\/translations","https:\/\/www.fitday.com\/fitness\/forums\/members\/iwellguard.html","https:\/\/www.mymeetbook.com\/iwellguard","https:\/\/pxhere.com\/en\/photographer-me\/5040798","https:\/\/disqus.com\/by\/iwellguard\/about\/","https:\/\/pastelink.net\/hjwciqwq","https:\/\/pubhtml5.com\/homepage\/scjhn\/","https:\/\/www.bitchute.com\/channel\/2O2eOKzNqujT","https:\/\/audiomack.com\/iwellguard"]},{"@type":"Person","@id":"https:\/\/iwell-guard.com\/is\/#\/schema\/person\/ee2a27f1cac3406c7c6fb5820cb7349f","name":"Ralf Ittermann","image":{"@type":"ImageObject","inLanguage":"is","@id":"https:\/\/secure.gravatar.com\/avatar\/073c0153e350a5005b68eb752b445fea71f6b24a26da9449ad7e155e6b446c9d?s=96&d=mm&r=g","url":"https:\/\/secure.gravatar.com\/avatar\/073c0153e350a5005b68eb752b445fea71f6b24a26da9449ad7e155e6b446c9d?s=96&d=mm&r=g","contentUrl":"https:\/\/secure.gravatar.com\/avatar\/073c0153e350a5005b68eb752b445fea71f6b24a26da9449ad7e155e6b446c9d?s=96&d=mm&r=g","caption":"Ralf Ittermann"},"givenName":"Ralf","familyName":"Ittermann","jobTitle":"Gesch\u00e4ftsf\u00fchrer und redaktioneller Verantwortlicher","url":"https:\/\/iwell-guard.com\/is\/author\/claude\/","description":"Ralf Ittermann ist Gesch\u00e4ftsf\u00fchrer der Ittermann electronic GmbH und redaktioneller Verantwortlicher des iWell-Guard-Lexikons. Er verbindet langj\u00e4hrige Erfahrung in der Pr\u00e4zisionsfertigung mit medialer Praxis und religionsgeschichtlicher Quellenarbeit.","worksFor":{"@type":"Organization","name":"Ittermann electronic GmbH","url":"https:\/\/ittermann.de\/","address":{"@type":"PostalAddress","streetAddress":"K\u00f6hlergasse 16-18","postalCode":"99842","addressLocality":"Ruhla","addressCountry":"DE"}},"knowsAbout":["Religionsgeschichte","Mythologie","Mediale Praxis","Energetische Diagnostik","Schutzpraxis","Volksglauben","Westliche Esoterik"]},{"@type":"Article","@id":"https:\/\/iwell-guard.com\/is\/mimi-andar-klettaandar-arnhem-land\/#article","isPartOf":{"@id":"https:\/\/iwell-guard.com\/is\/mimi-andar-klettaandar-arnhem-land\/"},"author":{"name":"Ralf Ittermann","@id":"https:\/\/iwell-guard.com\/is\/#\/schema\/person\/ee2a27f1cac3406c7c6fb5820cb7349f"},"headline":"Mimi-andar \u2013 Grannvaxnir klettaandar Arnhem Land-frumbyggja","datePublished":"2026-09-05T14:04:41+00:00","dateModified":"2026-09-05T14:29:19+00:00","mainEntityOfPage":{"@id":"https:\/\/iwell-guard.com\/is\/mimi-andar-klettaandar-arnhem-land\/"},"publisher":{"@id":"https:\/\/iwell-guard.com\/is\/#organization"},"image":{"@id":"https:\/\/iwell-guard.com\/is\/mimi-andar-klettaandar-arnhem-land\/#primaryimage"},"thumbnailUrl":"https:\/\/iwell-guard.com\/wp-content\/uploads\/2026\/05\/geister_aboriginal_mimi-geister.webp","inLanguage":"is","description":"Mimi-andar eru grannvaxnir klettaandar og hellaandar \u00far menningu frumbyggja Arnhem Land. Tr\u00faarfr\u00e6\u00f0ileg \u00fattekt me\u00f0 go\u00f0s\u00f6gn og heimildum."}]}},"_links":{"self":[{"href":"https:\/\/iwell-guard.com\/is\/wp-json\/wp\/v2\/pages\/168995","targetHints":{"allow":["GET"]}}],"collection":[{"href":"https:\/\/iwell-guard.com\/is\/wp-json\/wp\/v2\/pages"}],"about":[{"href":"https:\/\/iwell-guard.com\/is\/wp-json\/wp\/v2\/types\/page"}],"author":[{"embeddable":true,"href":"https:\/\/iwell-guard.com\/is\/wp-json\/wp\/v2\/users\/3"}],"replies":[{"embeddable":true,"href":"https:\/\/iwell-guard.com\/is\/wp-json\/wp\/v2\/comments?post=168995"}],"version-history":[{"count":0,"href":"https:\/\/iwell-guard.com\/is\/wp-json\/wp\/v2\/pages\/168995\/revisions"}],"wp:featuredmedia":[{"embeddable":true,"href":"https:\/\/iwell-guard.com\/is\/wp-json\/wp\/v2\/media\/2867"}],"wp:attachment":[{"href":"https:\/\/iwell-guard.com\/is\/wp-json\/wp\/v2\/media?parent=168995"}],"wp:term":[{"taxonomy":"category","embeddable":true,"href":"https:\/\/iwell-guard.com\/is\/wp-json\/wp\/v2\/categories?post=168995"}],"curies":[{"name":"wp","href":"https:\/\/api.w.org\/{rel}","templated":true}]}}