{"id":168993,"date":"2026-09-05T14:04:39","date_gmt":"2026-09-05T14:04:39","guid":{"rendered":"https:\/\/iwell-guard.com\/?page_id=168993"},"modified":"2026-09-05T14:29:14","modified_gmt":"2026-09-05T14:29:14","slug":"yhi-solargydja-karraur","status":"publish","type":"page","link":"https:\/\/iwell-guard.com\/is\/yhi-solargydja-karraur\/","title":{"rendered":"Yhi \u2013 s\u00f3largy\u00f0ja Karraur"},"content":{"rendered":"\t\t<div data-elementor-type=\"wp-page\" data-elementor-id=\"168993\" class=\"elementor elementor-168993 elementor-2648 elementor-bc-flex-widget\" data-elementor-post-type=\"page\">\n\t\t\t\t<div class=\"elementor-element elementor-element-iwgw-yhi-hero e-flex e-con-boxed e-con e-parent\" data-id=\"iwgw-yhi-hero\" data-element_type=\"container\" data-e-type=\"container\" data-settings=\"{&quot;background_background&quot;:&quot;classic&quot;}\">\n\t\t\t\t\t<div class=\"e-con-inner\">\n\t\t<div class=\"elementor-element elementor-element-iwgw-yhi-hl e-flex e-con-boxed e-con e-child\" data-id=\"iwgw-yhi-hl\" data-element_type=\"container\" data-e-type=\"container\">\n\t\t\t\t\t<div class=\"e-con-inner\">\n\t\t<div class=\"elementor-element elementor-element-iwgw-yhi-htxt e-con-full e-flex e-con e-child\" data-id=\"iwgw-yhi-htxt\" data-element_type=\"container\" data-e-type=\"container\">\n\t\t\t\t<div class=\"elementor-element elementor-element-iwgw-yhi-h1 elementor-widget elementor-widget-heading\" data-id=\"iwgw-yhi-h1\" data-element_type=\"widget\" data-e-type=\"widget\" data-widget_type=\"heading.default\">\n\t\t\t\t\t<h1 class=\"elementor-heading-title elementor-size-default\">Yhi, s\u00f3largy\u00f0ja Karraur og skapari l\u00edfsins<\/h1>\t\t\t\t<\/div>\n\t\t\t\t<div class=\"elementor-element elementor-element-iwgw-yhi-lead elementor-widget elementor-widget-text-editor\" data-id=\"iwgw-yhi-lead\" data-element_type=\"widget\" data-e-type=\"widget\" data-widget_type=\"text-editor.default\">\n\t\t\t\t\t\t\t\t\t<p>Yhi er s\u00f3largy\u00f0ja Karraur og nokkurra n\u00e1grannah\u00f3pa frumbyggja \u00ed su\u00f0austanver\u00f0ri \u00c1stral\u00edu. H\u00fan er talin skapari l\u00edfsins, sem \u00e1 Draumat\u00edmanum (Dreaming) vakti heiminn til l\u00edfsins me\u00f0 fyrstu s\u00f3laruppr\u00e1s sinni.<\/p>\t\t\t\t\t\t\t\t<\/div>\n\t\t\t\t<\/div>\n\t\t<div class=\"elementor-element elementor-element-iwgw-yhi-pillc e-con-full e-flex e-con e-child\" data-id=\"iwgw-yhi-pillc\" data-element_type=\"container\" data-e-type=\"container\">\n\t\t\t\t<div class=\"elementor-element elementor-element-iwgw-yhi-pills elementor-widget elementor-widget-html\" data-id=\"iwgw-yhi-pills\" data-element_type=\"widget\" data-e-type=\"widget\" data-widget_type=\"html.default\">\n\t\t\t\t\t<div class=\"iwg-pill-row\"><span class=\"iwg-klasse-badge\" tabindex=\"0\" data-tooltip=\"Gy\u00f0ja \u00ed tr\u00faararfleif\u00f0 frumbyggja.\">Gy\u00f0ja<\/span><a href=\"https:\/\/iwell-guard.com\/is\/aboriginal-astralia-draumtid-tjukurpa-verndargripir\/\" class=\"iwg-kultur-badge\" tabindex=\"0\" data-tooltip=\"Go\u00f0afr\u00e6\u00f0i frumbyggjahef\u00f0ar.\">Frumbyggjar<\/a><span class=\"iwg-tradition-badge\" tabindex=\"0\" data-tooltip=\"S\u00f3largy\u00f0ja.\">S\u00f3largy\u00f0ja<\/span><\/div>\t\t\t\t<\/div>\n\t\t\t\t<\/div>\n\t\t<div class=\"elementor-element elementor-element-iwgw-yhi-tocc e-con-full e-flex e-con e-child\" data-id=\"iwgw-yhi-tocc\" data-element_type=\"container\" data-e-type=\"container\">\n\t\t\t\t<div class=\"elementor-element elementor-element-iwgw-yhi-toc elementor-toc--minimized-on-tablet elementor-widget elementor-widget-table-of-contents\" data-id=\"iwgw-yhi-toc\" data-element_type=\"widget\" data-e-type=\"widget\" data-settings=\"{&quot;headings_by_tags&quot;:[&quot;h2&quot;,&quot;h3&quot;],&quot;minimize_box&quot;:&quot;yes&quot;,&quot;marker_view&quot;:&quot;bullets&quot;,&quot;no_headings_message&quot;:&quot;Engar undirfyrirsagnir fundust \\u00e1 \\u00feessari s\\u00ed\\u00f0u.&quot;,&quot;exclude_headings_by_selector&quot;:[],&quot;icon&quot;:{&quot;value&quot;:&quot;fas fa-circle&quot;,&quot;library&quot;:&quot;fa-solid&quot;,&quot;rendered_tag&quot;:&quot;&lt;svg class=\\&quot;e-font-icon-svg e-fas-circle\\&quot; viewBox=\\&quot;0 0 512 512\\&quot; xmlns=\\&quot;http:\\\/\\\/www.w3.org\\\/2000\\\/svg\\&quot;&gt;&lt;path d=\\&quot;M256 8C119 8 8 119 8 256s111 248 248 248 248-111 248-248S393 8 256 8z\\&quot;&gt;&lt;\\\/path&gt;&lt;\\\/svg&gt;&quot;},&quot;minimized_on&quot;:&quot;tablet&quot;,&quot;hierarchical_view&quot;:&quot;yes&quot;,&quot;min_height&quot;:{&quot;unit&quot;:&quot;px&quot;,&quot;size&quot;:&quot;&quot;,&quot;sizes&quot;:[]},&quot;min_height_tablet&quot;:{&quot;unit&quot;:&quot;px&quot;,&quot;size&quot;:&quot;&quot;,&quot;sizes&quot;:[]},&quot;min_height_mobile&quot;:{&quot;unit&quot;:&quot;px&quot;,&quot;size&quot;:&quot;&quot;,&quot;sizes&quot;:[]}}\" data-widget_type=\"table-of-contents.default\">\n\t\t\t\t\t\t\t\t\t<div class=\"elementor-toc__header\">\n\t\t\t\t\t\t<h2 class=\"elementor-toc__header-title\">\n\t\t\t\tEfnisyfirlit\t\t\t<\/h2>\n\t\t\t\t\t\t\t\t\t\t<div class=\"elementor-toc__toggle-button elementor-toc__toggle-button--expand\" role=\"button\" tabindex=\"0\" aria-controls=\"elementor-toc__iwgw-yhi-toc\" aria-expanded=\"true\" aria-label=\"Open table of contents\"><svg aria-hidden=\"true\" class=\"e-font-icon-svg e-fas-chevron-down\" viewBox=\"0 0 448 512\" xmlns=\"http:\/\/www.w3.org\/2000\/svg\"><path d=\"M207.029 381.476L12.686 187.132c-9.373-9.373-9.373-24.569 0-33.941l22.667-22.667c9.357-9.357 24.522-9.375 33.901-.04L224 284.505l154.745-154.021c9.379-9.335 24.544-9.317 33.901.04l22.667 22.667c9.373 9.373 9.373 24.569 0 33.941L240.971 381.476c-9.373 9.372-24.569 9.372-33.942 0z\"><\/path><\/svg><\/div>\n\t\t\t\t<div class=\"elementor-toc__toggle-button elementor-toc__toggle-button--collapse\" role=\"button\" tabindex=\"0\" aria-controls=\"elementor-toc__iwgw-yhi-toc\" aria-expanded=\"true\" aria-label=\"Close table of contents\"><svg aria-hidden=\"true\" class=\"e-font-icon-svg e-fas-chevron-up\" viewBox=\"0 0 448 512\" xmlns=\"http:\/\/www.w3.org\/2000\/svg\"><path d=\"M240.971 130.524l194.343 194.343c9.373 9.373 9.373 24.569 0 33.941l-22.667 22.667c-9.357 9.357-24.522 9.375-33.901.04L224 227.495 69.255 381.516c-9.379 9.335-24.544 9.317-33.901-.04l-22.667-22.667c-9.373-9.373-9.373-24.569 0-33.941L207.03 130.525c9.372-9.373 24.568-9.373 33.941-.001z\"><\/path><\/svg><\/div>\n\t\t\t\t\t<\/div>\n\t\t\t\t<div id=\"elementor-toc__iwgw-yhi-toc\" class=\"elementor-toc__body\">\n\t\t\t<div class=\"elementor-toc__spinner-container\">\n\t\t\t\t<svg class=\"elementor-toc__spinner eicon-animation-spin e-font-icon-svg e-eicon-loading\" aria-hidden=\"true\" viewBox=\"0 0 1000 1000\" xmlns=\"http:\/\/www.w3.org\/2000\/svg\"><path d=\"M500 975V858C696 858 858 696 858 500S696 142 500 142 142 304 142 500H25C25 237 238 25 500 25S975 237 975 500 763 975 500 975Z\"><\/path><\/svg>\t\t\t<\/div>\n\t\t<\/div>\n\t\t\t\t\t\t<\/div>\n\t\t\t\t<\/div>\n\t\t\t\t\t<\/div>\n\t\t\t\t<\/div>\n\t\t<div class=\"elementor-element elementor-element-iwgw-yhi-hr e-con-full e-flex e-con e-child\" data-id=\"iwgw-yhi-hr\" data-element_type=\"container\" data-e-type=\"container\">\n\t\t\t\t<div class=\"elementor-element elementor-element-iwgw-yhi-heroimg iwg-hero-image elementor-widget elementor-widget-image\" data-id=\"iwgw-yhi-heroimg\" data-element_type=\"widget\" data-e-type=\"widget\" data-widget_type=\"image.default\">\n\t\t\t\t\t\t\t\t\t\t\t\t\t\t\t<img fetchpriority=\"high\" decoding=\"async\" width=\"683\" height=\"1024\" src=\"https:\/\/iwell-guard.com\/wp-content\/uploads\/2026\/05\/goetter_aboriginal_yhi-683x1024.webp\" class=\"attachment-large size-large wp-image-170784\" alt=\"Yhi \u2013 gu\u00f0ir \u00far hef\u00f0 frumbyggja \u00c1stral\u00edu (Aboriginal), s\u00f6guleg og myndskreytandi framsetning\" srcset=\"https:\/\/iwell-guard.com\/wp-content\/uploads\/2026\/05\/goetter_aboriginal_yhi-683x1024.webp 683w, https:\/\/iwell-guard.com\/wp-content\/uploads\/2026\/05\/goetter_aboriginal_yhi-200x300.webp 200w, https:\/\/iwell-guard.com\/wp-content\/uploads\/2026\/05\/goetter_aboriginal_yhi-768x1152.webp 768w, https:\/\/iwell-guard.com\/wp-content\/uploads\/2026\/05\/goetter_aboriginal_yhi.webp 1024w\" sizes=\"(max-width: 683px) 100vw, 683px\" \/>\t\t\t\t\t\t\t\t\t\t\t\t\t\t\t<\/div>\n\t\t\t\t<\/div>\n\t\t\t\t\t<\/div>\n\t\t\t\t<\/div>\n\t\t<div class=\"elementor-element elementor-element-iwgw-yhi-s0 e-flex e-con-boxed e-con e-parent\" data-id=\"iwgw-yhi-s0\" data-element_type=\"container\" data-e-type=\"container\">\n\t\t\t\t\t<div class=\"e-con-inner\">\n\t\t\t\t<div class=\"elementor-element elementor-element-iwgw-yhi-s0h elementor-widget elementor-widget-heading\" data-id=\"iwgw-yhi-s0h\" data-element_type=\"widget\" data-e-type=\"widget\" data-widget_type=\"heading.default\">\n\t\t\t\t\t<h2 class=\"elementor-heading-title elementor-size-default\">Greining og skammrit<\/h2>\t\t\t\t<\/div>\n\t\t<div class=\"elementor-element elementor-element-iwgw-yhi-s0c e-con-full e-flex e-con e-child\" data-id=\"iwgw-yhi-s0c\" data-element_type=\"container\" data-e-type=\"container\">\n\t\t\t\t<div class=\"elementor-element elementor-element-iwgw-yhi-s0t elementor-widget elementor-widget-text-editor\" data-id=\"iwgw-yhi-s0t\" data-element_type=\"widget\" data-e-type=\"widget\" data-widget_type=\"text-editor.default\">\n\t\t\t\t\t\t\t\t\t<p>Yhi (einnig <em>Yhi-Karraur<\/em>, <em>Yhi-Bahloo-fr\u00e6nka<\/em>) er s\u00f3largy\u00f0ja \u00ed fj\u00f6lda tungum\u00e1lah\u00f3pa frumbyggja \u00ed su\u00f0austanver\u00f0ri \u00c1stral\u00edu, s\u00e9rstaklega hj\u00e1 Karraur, \u00fear sem s\u00f6gur af henni eru best skjalfestar. H\u00fan er tengd tunglgu\u00f0inum Bahloo og er hluti af go\u00f0afr\u00e6\u00f0ilegri fj\u00f6lskyldu \u00e1samt \u00e6\u00f0sta gu\u00f0inum <a href=\"https:\/\/iwell-guard.com\/is\/?page_id=168991\">Baiame<\/a>.<\/p><p>\u00dat fr\u00e1 tr\u00faarfyrirb\u00e6rafr\u00e6\u00f0ilegu sj\u00f3narhorni er Yhi s\u00e9rlega \u00e1hugaver\u00f0 \u00fear sem h\u00fan er ein af f\u00e1um sk\u00fdrt kvenkyns \u00e6\u00f0stu verum \u00ed tr\u00faarbr\u00f6g\u00f0um \u00e1stralskra frumbyggja. \u00cd flestum hef\u00f0um frumbyggja eru \u00e6\u00f0stu tr\u00faarlegu verurnar karlkyns (\u201eAll-Fathers\u201c); Yhi er h\u00e9r \u00e1berandi undantekning.<\/p><p>Innan <a href=\"https:\/\/iwell-guard.com\/is\/aboriginal-astralia-draumtid-tjukurpa-verndargripir\/\">frumbyggjahef\u00f0arins<\/a> hefur h\u00fan heimsm\u00f3tandi hlutverk: me\u00f0 fyrstu s\u00f3laruppr\u00e1s sinni vekur h\u00fan l\u00edfi\u00f0. \u00c1n hennar v\u00e6ri heimurinn \u00e1fram \u00ed forkosm\u00edsku myrkri.<\/p>\t\t\t\t\t\t\t\t<\/div>\n\t\t\t\t<\/div>\n\t\t\t\t\t<\/div>\n\t\t\t\t<\/div>\n\t\t<div class=\"elementor-element elementor-element-iwgw-yhi-s1 e-flex e-con-boxed e-con e-parent\" data-id=\"iwgw-yhi-s1\" data-element_type=\"container\" data-e-type=\"container\">\n\t\t\t\t\t<div class=\"e-con-inner\">\n\t\t\t\t<div class=\"elementor-element elementor-element-iwgw-yhi-s1h elementor-widget elementor-widget-heading\" data-id=\"iwgw-yhi-s1h\" data-element_type=\"widget\" data-e-type=\"widget\" data-widget_type=\"heading.default\">\n\t\t\t\t\t<h2 class=\"elementor-heading-title elementor-size-default\">Nafn og or\u00f0sifjar<\/h2>\t\t\t\t<\/div>\n\t\t<div class=\"elementor-element elementor-element-iwgw-yhi-s1c e-con-full e-flex e-con e-child\" data-id=\"iwgw-yhi-s1c\" data-element_type=\"container\" data-e-type=\"container\">\n\t\t\t\t<div class=\"elementor-element elementor-element-iwgw-yhi-s1t elementor-widget elementor-widget-text-editor\" data-id=\"iwgw-yhi-s1t\" data-element_type=\"widget\" data-e-type=\"widget\" data-widget_type=\"text-editor.default\">\n\t\t\t\t\t\t\t\t\t<p>Nafni\u00f0 <em>Yhi<\/em> er skjalfest \u00ed Karraur og nokkrum n\u00e1l\u00e6gum m\u00e1lum. N\u00e1kv\u00e6m or\u00f0sifjafr\u00e6\u00f0i er umdeild; hef\u00f0bundin sk\u00fdring tengir or\u00f0i\u00f0 vi\u00f0 merkingu \u201egl\u00f3\u00f0, lj\u00f3s\u201c, sem samr\u00e6mist s\u00f3larhlutverkinu.<\/p><p>K. Langloh Parker, sem \u00e1 s\u00ed\u00f0ari hluta 19. aldar skr\u00e1\u00f0i hef\u00f0 Karraur, sta\u00f0f\u00e6r\u00f0i nafni\u00f0 sem <em>Yhi<\/em> \u00ed <em>Australian Legendary Tales<\/em> (1896) og <em>More Australian Legendary Tales<\/em> (1898). Hennar stafsetning hefur s\u00ed\u00f0an or\u00f0i\u00f0 hin vi\u00f0tekna.<\/p><p>\u00cd nokkrum n\u00e1l\u00e6gum m\u00e1lum heitir s\u00f3lin \u00f6\u00f0ru nafni, <em>Wuriupranili<\/em> \u00ed hef\u00f0 Tiwi (kvenkyns s\u00f3l sem gengur yfir himininn me\u00f0 kyndil), <em>Walu<\/em> \u00ed hef\u00f0 Yolngu. Yhi og Wuriupranili tilheyra a\u00f0 \u00f6llum l\u00edkindum sama tr\u00faars\u00f6gulega lagi kvenkyns s\u00f3larm\u00e1tta \u00ed \u00c1stral\u00edu.<\/p>\t\t\t\t\t\t\t\t<\/div>\n\t\t\t\t<\/div>\n\t\t\t\t\t<\/div>\n\t\t\t\t<\/div>\n\t\t<div class=\"elementor-element elementor-element-iwgw-yhi-s2 e-flex e-con-boxed e-con e-parent\" data-id=\"iwgw-yhi-s2\" data-element_type=\"container\" data-e-type=\"container\">\n\t\t\t\t\t<div class=\"e-con-inner\">\n\t\t\t\t<div class=\"elementor-element elementor-element-iwgw-yhi-s2h elementor-widget elementor-widget-heading\" data-id=\"iwgw-yhi-s2h\" data-element_type=\"widget\" data-e-type=\"widget\" data-widget_type=\"heading.default\">\n\t\t\t\t\t<h2 class=\"elementor-heading-title elementor-size-default\">L\u00fdsing og myndm\u00e1l<\/h2>\t\t\t\t<\/div>\n\t\t<div class=\"elementor-element elementor-element-iwgw-yhi-s2c e-con-full e-flex e-con e-child\" data-id=\"iwgw-yhi-s2c\" data-element_type=\"container\" data-e-type=\"container\">\n\t\t\t\t<div class=\"elementor-element elementor-element-iwgw-yhi-s2t elementor-widget elementor-widget-text-editor\" data-id=\"iwgw-yhi-s2t\" data-element_type=\"widget\" data-e-type=\"widget\" data-widget_type=\"text-editor.default\">\n\t\t\t\t\t\t\t\t\t<p>Yhi er l\u00fdst sem ungri, fagurri konu sem \u00e1 Draumat\u00edmanum snerti j\u00f6r\u00f0ina \u00ed fyrsta sinn og vakti hana til l\u00edfsins me\u00f0 bros s\u00ednu. \u00dear sem h\u00fan steig f\u00e6ti s\u00ednum spruttu pl\u00f6ntur, tr\u00e9n og bl\u00f3min fram; \u00fear sem h\u00fan anda\u00f0i \u00fat ur\u00f0u d\u00fdrin til; \u00fear sem h\u00fan dvaldi lengst ur\u00f0u fyrstu mennirnir til.<\/p><p>\u00d3l\u00edkt m\u00f6rgum \u00f6\u00f0rum hef\u00f0um frumbyggja er engin sj\u00e1lfst\u00e6\u00f0 myndhef\u00f0 til um Yhi. \u00de\u00e6r f\u00e1u myndir sem til eru fr\u00e1 19. \u00f6ld voru a\u00f0 mestu ger\u00f0ar \u00e1 vegum evr\u00f3pskra teiknara (me\u00f0al annars fyrir b\u00e6kur Parker) og bera meiri svip af evr\u00f3pskri myndhef\u00f0 en frumbyggjahef\u00f0.<\/p><p>Samt\u00edmalistamenn frumbyggja hafa \u00e1 s\u00ed\u00f0ari t\u00edmum teki\u00f0 upp Yhi-s\u00f6gnina a\u00f0 n\u00fdju og reyna a\u00f0 skapa frumbyggjalega myndhef\u00f0. \u00deessar tilraunir eru tr\u00faarf\u00e9lagsfr\u00e6\u00f0ilega \u00e1hugaver\u00f0ar, \u00fear sem \u00fe\u00e6r skapa n\u00fdja myndhef\u00f0 sem ekki var til \u00ed upphaflegri i\u00f0kun.<\/p>\t\t\t\t\t\t\t\t<\/div>\n\t\t\t\t<\/div>\n\t\t\t\t\t<\/div>\n\t\t\t\t<\/div>\n\t\t<div class=\"elementor-element elementor-element-iwgw-yhi-s3 e-flex e-con-boxed e-con e-parent\" data-id=\"iwgw-yhi-s3\" data-element_type=\"container\" data-e-type=\"container\">\n\t\t\t\t\t<div class=\"e-con-inner\">\n\t\t\t\t<div class=\"elementor-element elementor-element-iwgw-yhi-s3h elementor-widget elementor-widget-heading\" data-id=\"iwgw-yhi-s3h\" data-element_type=\"widget\" data-e-type=\"widget\" data-widget_type=\"heading.default\">\n\t\t\t\t\t<h2 class=\"elementor-heading-title elementor-size-default\">Go\u00f0sagnakenndar fr\u00e1sagnir<\/h2>\t\t\t\t<\/div>\n\t\t<div class=\"elementor-element elementor-element-iwgw-yhi-s3c e-con-full e-flex e-con e-child\" data-id=\"iwgw-yhi-s3c\" data-element_type=\"container\" data-e-type=\"container\">\n\t\t\t\t<div class=\"elementor-element elementor-element-iwgw-yhi-s3t elementor-widget elementor-widget-text-editor\" data-id=\"iwgw-yhi-s3t\" data-element_type=\"widget\" data-e-type=\"widget\" data-widget_type=\"text-editor.default\">\n\t\t\t\t\t\t\t\t\t<p>Megins\u00f6gnin um Yhi l\u00fdsir vakningu heimsins: \u00cd hinu forkosm\u00edska myrkri svaf Yhi \u00e1samt \u00f6llum \u00f6\u00f0rum verum. Vi\u00f0 hlj\u00f3\u00f0merki (\u00ed sumum \u00fatg\u00e1fum fr\u00e1 <a href=\"https:\/\/iwell-guard.com\/is\/?page_id=168991\">Baiame<\/a>) vakna\u00f0i h\u00fan og reis upp.<\/p><p>Me\u00f0 fyrstu s\u00f3laruppr\u00e1s hennar vakna\u00f0i l\u00edfi\u00f0: tr\u00e9 t\u00f3ku a\u00f0 spretta, bl\u00f3m opnu\u00f0ust, d\u00fdr komu fram \u00far fylgsnum s\u00ednum, fyrstu mennirnir risu upp af j\u00f6r\u00f0inni.<\/p><p>\u00d6nnur s\u00f6gn l\u00fdsir \u00e1st Yhi til tunglgu\u00f0sins Bahloo. Bahloo er \u00fe\u00f3 feimin og dregur sig \u00edtreka\u00f0 til hl\u00e9s; \u00fev\u00ed fylgir Yhi honum \u00e1 daginn en Bahloo s\u00fdnir sig a\u00f0eins \u00e1 n\u00f3ttunni. \u00deessi <span class=\"iwg-fachbegriff\" data-tooltip=\"Yfirf\u00e6r\u00f0 s\u00f6gn sem \u00fatsk\u00fdrir uppruna e\u00f0a ors\u00f6k n\u00e1tt\u00farufyrirb\u00e6ris.\" tabindex=\"0\">orsakago\u00f0s\u00f6gn<\/span> \u00fatsk\u00fdrir \u00fe\u00e1 sta\u00f0reynd a\u00f0 s\u00f3l og tungl sj\u00e1st varla samt\u00edmis.<\/p><p>K. Langloh Parker setti fram \u00edtarleg s\u00f6fn af Yhi-s\u00f6gnum \u00ed <em>Australian Legendary Tales<\/em> (1896) og <em>More Australian Legendary Tales<\/em> (1898). \u00deessi s\u00f6fn eru sett fram me\u00f0 viktor\u00edskum st\u00edlbr\u00f6g\u00f0um, en eru mikilv\u00e6gasta rita\u00f0a heimildin.<\/p>\t\t\t\t\t\t\t\t<\/div>\n\t\t\t\t<\/div>\n\t\t\t\t\t<\/div>\n\t\t\t\t<\/div>\n\t\t<div class=\"elementor-element elementor-element-iwgw-yhi-s4 e-flex e-con-boxed e-con e-parent\" data-id=\"iwgw-yhi-s4\" data-element_type=\"container\" data-e-type=\"container\">\n\t\t\t\t\t<div class=\"e-con-inner\">\n\t\t\t\t<div class=\"elementor-element elementor-element-iwgw-yhi-s4h elementor-widget elementor-widget-heading\" data-id=\"iwgw-yhi-s4h\" data-element_type=\"widget\" data-e-type=\"widget\" data-widget_type=\"heading.default\">\n\t\t\t\t\t<h2 class=\"elementor-heading-title elementor-size-default\">D\u00fdrkun og tilbei\u00f0sla<\/h2>\t\t\t\t<\/div>\n\t\t<div class=\"elementor-element elementor-element-iwgw-yhi-s4c e-con-full e-flex e-con e-child\" data-id=\"iwgw-yhi-s4c\" data-element_type=\"container\" data-e-type=\"container\">\n\t\t\t\t<div class=\"elementor-element elementor-element-iwgw-yhi-s4t elementor-widget elementor-widget-text-editor\" data-id=\"iwgw-yhi-s4t\" data-element_type=\"widget\" data-e-type=\"widget\" data-widget_type=\"text-editor.default\">\n\t\t\t\t\t\t\t\t\t<p>Yhi-<span class=\"iwg-fachbegriff\" data-tooltip=\"Heild tr\u00faarlegra tilbei\u00f0sluh\u00e1tta gagnvart gu\u00f0d\u00f3mi e\u00f0a heilagri veru.\" tabindex=\"0\">d\u00fdrkunin<\/span> var \u00ed hinu s\u00f6gulega Karraur-sv\u00e6\u00f0i l\u00edklega minna \u00fer\u00f3u\u00f0 en Baiame-<span class=\"iwg-fachbegriff\" data-tooltip=\"Heild tr\u00faarlegra tilbei\u00f0sluh\u00e1tta gagnvart gu\u00f0d\u00f3mi e\u00f0a heilagri veru.\" tabindex=\"0\">d\u00fdrkunin<\/span>; \u00fea\u00f0 var engin samsvarandi v\u00edgsluhef\u00f0 eins og Bora-helgisi\u00f0irnir. Yhi var fremur vi\u00f0fangsefni go\u00f0sagnafr\u00e1sagna og almennrar <span class=\"iwg-fachbegriff\" data-tooltip=\"A\u00f0 \u00e1varpa e\u00f0a \u00e1kalla gu\u00f0d\u00f3m e\u00f0a m\u00e1tt me\u00f0 b\u00e6n e\u00f0a s\u00e6ringu.\" tabindex=\"0\">\u00e1kallar<\/span> en hluti af loku\u00f0um helgisi\u00f0akerfi.<\/p><p>\u00cd daglegu l\u00edfi var Yhi heilsu\u00f0 vi\u00f0 fyrsta s\u00f3laruppr\u00e1s, <span class=\"iwg-fachbegriff\" data-tooltip=\"Hef\u00f0bundin ath\u00f6fn sem endurtekin er reglulega innan samf\u00e9lags.\" tabindex=\"0\">si\u00f0ur<\/span> sem er skjalfestur \u00ed nokkrum Karraur-fj\u00f6lskyldum. \u00deessi daglega kve\u00f0ja tilheyr\u00f0i al\u00fe\u00fd\u00f0utr\u00fa \u00e1n \u00feess a\u00f0 ver\u00f0a a\u00f0 mi\u00f0l\u00e6gum <span class=\"iwg-fachbegriff\" data-tooltip=\"Skipul\u00f6g\u00f0 r\u00f6\u00f0 t\u00e1knr\u00e6nna athafna me\u00f0 tr\u00faarlega e\u00f0a menningarlega merkingu.\" tabindex=\"0\">helgisi\u00f0<\/span>.<\/p><p>Me\u00f0 evr\u00f3pskri n\u00fdlendusetningu \u00ed su\u00f0austur-\u00c1stral\u00edu \u00e1 19. \u00f6ld rofna\u00f0i Karraur-hef\u00f0in a\u00f0 mestu leyti; \u00fea\u00f0 sem vi\u00f0 vitum \u00ed dag um Yhi kemur a\u00f0 mestu leyti fr\u00e1 Parker-skr\u00e1ningunum \u00ed lok 19. aldar.<\/p>\t\t\t\t\t\t\t\t<\/div>\n\t\t\t\t<\/div>\n\t\t\t\t\t<\/div>\n\t\t\t\t<\/div>\n\t\t<div class=\"elementor-element elementor-element-iwgw-yhi-s5 e-flex e-con-boxed e-con e-parent\" data-id=\"iwgw-yhi-s5\" data-element_type=\"container\" data-e-type=\"container\">\n\t\t\t\t\t<div class=\"e-con-inner\">\n\t\t\t\t<div class=\"elementor-element elementor-element-iwgw-yhi-s5h elementor-widget elementor-widget-heading\" data-id=\"iwgw-yhi-s5h\" data-element_type=\"widget\" data-e-type=\"widget\" data-widget_type=\"heading.default\">\n\t\t\t\t\t<h2 class=\"elementor-heading-title elementor-size-default\">Verndara\u00f0ger\u00f0ir og fr\u00e1hrindandi t\u00e1kn<\/h2>\t\t\t\t<\/div>\n\t\t<div class=\"elementor-element elementor-element-iwgw-yhi-s5c e-con-full e-flex e-con e-child\" data-id=\"iwgw-yhi-s5c\" data-element_type=\"container\" data-e-type=\"container\">\n\t\t\t\t<div class=\"elementor-element elementor-element-iwgw-yhi-s5t elementor-widget elementor-widget-text-editor\" data-id=\"iwgw-yhi-s5t\" data-element_type=\"widget\" data-e-type=\"widget\" data-widget_type=\"text-editor.default\">\n\t\t\t\t\t\t\t\t\t<p>Tr\u00faarfr\u00e6\u00f0ilega s\u00e9\u00f0 eru f\u00e1ar s\u00e9rstaklega ap\u00f3tr\u00f3pa\u00edskar (verndandi) athafnir \u00ed tengslum vi\u00f0 Yhi. H\u00fan er vekjandi, ekki verjandi m\u00e1ttarvald. \u00dea\u00f0 sem skjalfest er af verndarath\u00f6fnum v\u00edsar frekar til h\u00e1t\u00ed\u00f0legrar kve\u00f0ju s\u00f3laruppr\u00e1sar sem tj\u00e1ning kosm\u00edsks \u00feakkl\u00e6tis.<\/p><p>Yhi hefur s\u00e9rstakt verndarhlutverk gagnvart l\u00edfsvexti: pl\u00f6ntur, d\u00fdr og menn eru haldin \u201eundir lj\u00f3si hennar\u201c. S\u00f3lmyrkvi var innan hef\u00f0arins talinn vera \u201esorg Yhi\u201c og var \u00e1litinn me\u00f0 \u00e1hyggjum.<\/p><p>\u00cd \u00fej\u00f3\u00f0fr\u00e6\u00f0ilegu ytra sj\u00f3narhorni eru \u00feessar athafnir hluti af v\u00ed\u00f0t\u00e6kri <span class=\"iwg-fachbegriff\" data-tooltip=\"Hugmyndin um uppbyggingu og skipulag heimsins innan menningar.\" tabindex=\"0\">heimsmynd<\/span> frumbyggja \u00c1stral\u00edu, \u00fear sem n\u00e1tt\u00farufyrirb\u00e6ri eru skilin sem gj\u00f6r\u00f0ir lifandi vera. Mircea Eliade l\u00fdsti \u00feessu \u00ed <em>Australian Religions<\/em> (1973) sem \u201ekosm\u00edskum tr\u00faarbr\u00f6g\u00f0um\u201c.<\/p>\t\t\t\t\t\t\t\t<\/div>\n\t\t\t\t<\/div>\n\t\t\t\t\t<\/div>\n\t\t\t\t<\/div>\n\t\t<div class=\"elementor-element elementor-element-iwgw-yhi-s6 e-flex e-con-boxed e-con e-parent\" data-id=\"iwgw-yhi-s6\" data-element_type=\"container\" data-e-type=\"container\">\n\t\t\t\t\t<div class=\"e-con-inner\">\n\t\t\t\t<div class=\"elementor-element elementor-element-iwgw-yhi-s6h elementor-widget elementor-widget-heading\" data-id=\"iwgw-yhi-s6h\" data-element_type=\"widget\" data-e-type=\"widget\" data-widget_type=\"heading.default\">\n\t\t\t\t\t<h2 class=\"elementor-heading-title elementor-size-default\">Hli\u00f0st\u00e6\u00f0ur \u00ed \u00f6\u00f0rum menningarheimum<\/h2>\t\t\t\t<\/div>\n\t\t<div class=\"elementor-element elementor-element-iwgw-yhi-s6c e-con-full e-flex e-con e-child\" data-id=\"iwgw-yhi-s6c\" data-element_type=\"container\" data-e-type=\"container\">\n\t\t\t\t<div class=\"elementor-element elementor-element-iwgw-yhi-s6t elementor-widget elementor-widget-text-editor\" data-id=\"iwgw-yhi-s6t\" data-element_type=\"widget\" data-e-type=\"widget\" data-widget_type=\"text-editor.default\">\n\t\t\t\t\t\t\t\t\t<p>Kvenkyns s\u00f3lgu\u00f0ir eru tr\u00faars\u00f6gulega s\u00e9\u00f0 f\u00e1t\u00ed\u00f0ari en karlkyns, en eru \u00fe\u00f3 v\u00ed\u00f0a sta\u00f0festir: japanska Amaterasu, nor\u00f0ur-germanska S\u00f3l (einnig Sunna), het\u00edska s\u00f3lgy\u00f0jan af Arinna, etr\u00farska Catha. Me\u00f0al frumbyggja \u00c1stral\u00edu sj\u00e1lfra tilheyrir Yhi, \u00e1samt Wuriupranili og Walu, \u00e6tt kvenkyns s\u00f3larm\u00e1ttarvalda.<\/p><p>James G. Frazer bar saman hringlaga (circumglobal) s\u00f3ld\u00fdrkun \u00ed <em>The Worship of Nature<\/em> (1926); \u00fear er Yhi fjalla\u00f0 um sem einn af f\u00e1um kvenkyns s\u00f3lgu\u00f0um \u00c1stral\u00edu. Tr\u00faarfyrirb\u00e6rafr\u00e6\u00f0ilega er samsetningin kvenkyns s\u00f3l \/ karlkyns tungl \u00f3venjuleg; \u00ed flestum menningarheimum er \u00feessu \u00f6fugt fari\u00f0.<\/p><p>\u00deessi kynja\u00f6fugsn\u00faningur hefur kalla\u00f0 fram \u00fdmsar tilraunir til \u00fatsk\u00fdringa. Wilhelm Schmidt t\u00falka\u00f0i hana sem endurspeglun fors\u00f6gulegs m\u00e6\u00f0raveldis; Tony Swain s\u00e9r \u00ed henni frekar s\u00e9rst\u00e6tt afbrig\u00f0i frumbyggja, sem hefur ekki almenna \u00fer\u00f3unarfr\u00e6\u00f0ilega merkingu.<\/p>\t\t\t\t\t\t\t\t<\/div>\n\t\t\t\t<\/div>\n\t\t\t\t\t<\/div>\n\t\t\t\t<\/div>\n\t\t<div class=\"elementor-element elementor-element-iwgw-yhi-s7 e-flex e-con-boxed e-con e-parent\" data-id=\"iwgw-yhi-s7\" data-element_type=\"container\" data-e-type=\"container\">\n\t\t\t\t\t<div class=\"e-con-inner\">\n\t\t\t\t<div class=\"elementor-element elementor-element-iwgw-yhi-s7h elementor-widget elementor-widget-heading\" data-id=\"iwgw-yhi-s7h\" data-element_type=\"widget\" data-e-type=\"widget\" data-widget_type=\"heading.default\">\n\t\t\t\t\t<h2 class=\"elementor-heading-title elementor-size-default\">N\u00fat\u00edmavi\u00f0t\u00f6kur og ranns\u00f3knir<\/h2>\t\t\t\t<\/div>\n\t\t<div class=\"elementor-element elementor-element-iwgw-yhi-s7c e-con-full e-flex e-con e-child\" data-id=\"iwgw-yhi-s7c\" data-element_type=\"container\" data-e-type=\"container\">\n\t\t\t\t<div class=\"elementor-element elementor-element-iwgw-yhi-s7t elementor-widget elementor-widget-text-editor\" data-id=\"iwgw-yhi-s7t\" data-element_type=\"widget\" data-e-type=\"widget\" data-widget_type=\"text-editor.default\">\n\t\t\t\t\t\t\t\t\t<p>Mikilv\u00e6gustu frumheimildirnar um Yhi eru safnrit K. Langloh Parker, <em>Australian Legendary Tales<\/em> (1896) og <em>More Australian Legendary Tales<\/em> (1898). \u00deessar b\u00e6kur voru mets\u00f6lub\u00e6kur \u00e1 viktor\u00edut\u00edmanum og hafa fest Yhi \u00ed sessi \u00ed d\u00e6gurmenningu, en \u00fe\u00e6r eru m\u00f3ta\u00f0ar af b\u00f3kmenntalegri \u00farvinnslu og \u00fev\u00ed fjarl\u00e6gari upprunanum.<\/p><p>A. W. Howitts <em>The Native Tribes of South-East Australia<\/em> (1904) b\u00e6tir vi\u00f0 heimildir Parkers frekari \u00fej\u00f3\u00f0fr\u00e6\u00f0ilegum sm\u00e1atri\u00f0um. Mircea Eliade fl\u00e9ttar Yhi inn \u00ed tr\u00faarfyrirb\u00e6rafr\u00e6\u00f0i s\u00edna \u00ed <em>Australian Religions<\/em> (1973). Tony Swain veltir fyrir s\u00e9r \u00ed <em>A Place for Strangers<\/em> (1993) \u00feeim a\u00f0fer\u00f0afr\u00e6\u00f0ilegu vandkv\u00e6\u00f0um sem fylgja heimildast\u00f6\u00f0u Yhi.<\/p><p>\u00cd samt\u00edmalist frumbyggja \u00c1stral\u00edu er Yhi tilt\u00f6lulega l\u00edti\u00f0 s\u00fdnileg, sem m\u00e1 a\u00f0 hluta rekja til veikrar r\u00f3tfestu hef\u00f0arinnar og a\u00f0 hluta til forgangs annarra vera \u00e1 bor\u00f0 vi\u00f0 Regnbogasl\u00f6nguna (Rainbow Serpent) e\u00f0a Bunjil.<\/p>\t\t\t\t\t\t\t\t<\/div>\n\t\t\t\t<\/div>\n\t\t\t\t\t<\/div>\n\t\t\t\t<\/div>\n\t\t<div class=\"elementor-element elementor-element-iwgw-yhi-s8 e-flex e-con-boxed e-con e-parent\" data-id=\"iwgw-yhi-s8\" data-element_type=\"container\" data-e-type=\"container\">\n\t\t\t\t\t<div class=\"e-con-inner\">\n\t\t\t\t<div class=\"elementor-element elementor-element-iwgw-yhi-s8h elementor-widget elementor-widget-heading\" data-id=\"iwgw-yhi-s8h\" data-element_type=\"widget\" data-e-type=\"widget\" data-widget_type=\"heading.default\">\n\t\t\t\t\t<h2 class=\"elementor-heading-title elementor-size-default\">Ranns\u00f3knarumr\u00e6\u00f0ur og opnar spurningar<\/h2>\t\t\t\t<\/div>\n\t\t<div class=\"elementor-element elementor-element-iwgw-yhi-s8c e-con-full e-flex e-con e-child\" data-id=\"iwgw-yhi-s8c\" data-element_type=\"container\" data-e-type=\"container\">\n\t\t\t\t<div class=\"elementor-element elementor-element-iwgw-yhi-s8t elementor-widget elementor-widget-text-editor\" data-id=\"iwgw-yhi-s8t\" data-element_type=\"widget\" data-e-type=\"widget\" data-widget_type=\"text-editor.default\">\n\t\t\t\t\t\t\t\t\t<p>Nokkrar ranns\u00f3knarumr\u00e6\u00f0ur sn\u00faast um Yhi. \u00cd fyrsta lagi: Hversu \u00e1rei\u00f0anlegar eru skr\u00e1ningar K. Langloh Parker? Parker var mj\u00f6g n\u00e6mur athugandi, en viktor\u00ed\u00f6nsk st\u00edlvinnsla hennar breytti upprunalegum s\u00f6gnum. Gagnr\u00fdnin heimildagreining er nau\u00f0synleg.<\/p><p>\u00cd \u00f6\u00f0ru lagi: Hvert er samband Yhi vi\u00f0 a\u00f0ra kvenkyns s\u00f3lgu\u00f0i \u00ed hef\u00f0 frumbyggja, Wuriupranili (Tiwi) og Walu (Yolngu)? S\u00f6gulega er \u00feessi \u00e6tt kvenkyns s\u00f3larm\u00e1ttarvalda athyglisvert fyrirb\u00e6ri.<\/p><p>\u00cd \u00feri\u00f0ja lagi: Hva\u00f0a hlutverki gegnir Yhi \u00ed samt\u00edmasj\u00e1lfsmynd Karraur-f\u00f3lksins? Karraur-m\u00e1lsamf\u00e9lagi\u00f0 er \u00ed dag l\u00edti\u00f0; hef\u00f0in lifir frekar \u00ed ranns\u00f3knum en \u00ed lifandi i\u00f0kun. Endurl\u00edfgun Karraur-tr\u00faarbrag\u00f0anna er vi\u00f0fangsefni samt\u00edmavi\u00f0leitni.<\/p>\t\t\t\t\t\t\t\t<\/div>\n\t\t\t\t<\/div>\n\t\t\t\t\t<\/div>\n\t\t\t\t<\/div>\n\t\t<div class=\"elementor-element elementor-element-iwgw-yhi-s9 e-flex e-con-boxed e-con e-parent\" data-id=\"iwgw-yhi-s9\" data-element_type=\"container\" data-e-type=\"container\">\n\t\t\t\t\t<div class=\"e-con-inner\">\n\t\t\t\t<div class=\"elementor-element elementor-element-iwgw-yhi-s9h elementor-widget elementor-widget-heading\" data-id=\"iwgw-yhi-s9h\" data-element_type=\"widget\" data-e-type=\"widget\" data-widget_type=\"heading.default\">\n\t\t\t\t\t<h2 class=\"elementor-heading-title elementor-size-default\">Yhi og kynjat\u00e1knfr\u00e6\u00f0i \u00ed tr\u00faarbr\u00f6g\u00f0um frumbyggja \u00c1stral\u00edu<\/h2>\t\t\t\t<\/div>\n\t\t<div class=\"elementor-element elementor-element-iwgw-yhi-s9c e-con-full e-flex e-con e-child\" data-id=\"iwgw-yhi-s9c\" data-element_type=\"container\" data-e-type=\"container\">\n\t\t\t\t<div class=\"elementor-element elementor-element-iwgw-yhi-s9t elementor-widget elementor-widget-text-editor\" data-id=\"iwgw-yhi-s9t\" data-element_type=\"widget\" data-e-type=\"widget\" data-widget_type=\"text-editor.default\">\n\t\t\t\t\t\t\t\t\t<p>Kynjat\u00e1knfr\u00e6\u00f0i tr\u00faarbrag\u00f0a frumbyggja \u00c1stral\u00edu, \u00fear sem Yhi hefur s\u00e9rstaka st\u00f6\u00f0u, ver\u00f0skuldar \u00edtarlegri ranns\u00f3kn. \u00de\u00f3tt flestir h\u00e1gu\u00f0ir frumbyggja \u00c1stral\u00edu s\u00e9u hugsa\u00f0ir karlkyns (\u201eAllsfe\u00f0ur\u201c \u00e1 bor\u00f0 vi\u00f0 Baiame, Bunjil, Daramulun), eru s\u00f3lgu\u00f0irnar og sum einkenni Regnbogasl\u00f6ngunnar kvenkyns.<\/p><p>Tr\u00faarmannfr\u00e6\u00f0ilega er athyglisvert a\u00f0 \u00ed flestum h\u00f3pum frumbyggja \u00c1stral\u00edu r\u00e6kta konur sj\u00e1lfst\u00e6tt tr\u00faarkerfi, a\u00f0skili\u00f0 fr\u00e1 kerfi karla. Catherine Berndt l\u00fdsti \u00feessari kvennahef\u00f0 me\u00f0 skipulegum h\u00e6tti \u00ed <em>Women&#8217;s Changing Ceremonies in Northern Australia<\/em> (1950) og \u00ed s\u00ed\u00f0ari verkum.<\/p><p>Tr\u00faars\u00f6gulega er Yhi kannski tengili\u00f0ur milli karla- og kvennahef\u00f0arins: h\u00fan er kvenkyns, en tilheyrir h\u00e1gu\u00f0aflokknum, sem var hef\u00f0bundi\u00f0 karla\u00feekking. \u00deessi tv\u00f6falda sta\u00f0a er opi\u00f0 ranns\u00f3knarsvi\u00f0 innan tr\u00faarf\u00e9lagsfr\u00e6\u00f0i.<\/p>\t\t\t\t\t\t\t\t<\/div>\n\t\t\t\t<\/div>\n\t\t\t\t\t<\/div>\n\t\t\t\t<\/div>\n\t\t<div class=\"elementor-element elementor-element-iwgw-yhi-s10 e-flex e-con-boxed e-con e-parent\" data-id=\"iwgw-yhi-s10\" data-element_type=\"container\" data-e-type=\"container\">\n\t\t\t\t\t<div class=\"e-con-inner\">\n\t\t\t\t<div class=\"elementor-element elementor-element-iwgw-yhi-s10h elementor-widget elementor-widget-heading\" data-id=\"iwgw-yhi-s10h\" data-element_type=\"widget\" data-e-type=\"widget\" data-widget_type=\"heading.default\">\n\t\t\t\t\t<h2 class=\"elementor-heading-title elementor-size-default\">K. Langloh Parker og viktor\u00edsk vi\u00f0t\u00f6kuhef\u00f0 frumbyggja \u00c1stral\u00edu<\/h2>\t\t\t\t<\/div>\n\t\t<div class=\"elementor-element elementor-element-iwgw-yhi-s10c e-con-full e-flex e-con e-child\" data-id=\"iwgw-yhi-s10c\" data-element_type=\"container\" data-e-type=\"container\">\n\t\t\t\t<div class=\"elementor-element elementor-element-iwgw-yhi-s10t elementor-widget elementor-widget-text-editor\" data-id=\"iwgw-yhi-s10t\" data-element_type=\"widget\" data-e-type=\"widget\" data-widget_type=\"text-editor.default\">\n\t\t\t\t\t\t\t\t\t<p>Hlutverk K. Langloh Parker (1855, 1940) \u00ed viktor\u00edskri vi\u00f0t\u00f6ku frumbyggja \u00c1stral\u00edu ver\u00f0skuldar s\u00e9rstaka s\u00f6gulega d\u00fdpkun. Parker bj\u00f3 sem eiginkona sau\u00f0fj\u00e1rb\u00f3nda \u00ed Karraur-h\u00e9ra\u00f0i \u00ed NSW og dvaldi tvo \u00e1ratugi me\u00f0 konum \u00e1 sta\u00f0num. B\u00e6kur hennar voru mets\u00f6lub\u00e6kur \u00ed viktor\u00edska heiminum og festu <span class=\"iwg-fachbegriff\" data-tooltip=\"Heild \u00feeirra gu\u00f0asagna sem var\u00f0veist hafa innan menningar.\" tabindex=\"0\">go\u00f0afr\u00e6\u00f0i<\/span> frumbyggja \u00c1stral\u00edu \u00ed sessi \u00ed almennri vestr\u00e6nni umr\u00e6\u00f0u \u00ed fyrsta sinn.<\/p><p>S\u00f6guleg tv\u00edr\u00e6\u00f0ni einkennir \u00farvinnslu hennar: annars vegar bjarga\u00f0i h\u00fan hef\u00f0 sem annars hef\u00f0i glatast; hins vegar kl\u00e6ddi h\u00fan s\u00f6gurnar \u00ed viktor\u00edskan st\u00edl, sem fjarl\u00e6g\u00f0i upprunalega sagnaformi\u00f0.<\/p><p>Marcie Muir t\u00f3k saman \u00e6vi og a\u00f0fer\u00f0 Parker me\u00f0 skipulegum h\u00e6tti \u00ed <em>My Bush Book<\/em> (1982). \u00deessi ranns\u00f3kn er mikilv\u00e6g heimild til \u00edgrundunar um kol\u00f3n\u00edska vi\u00f0t\u00f6ku frumbyggja \u00c1stral\u00edu.<\/p>\t\t\t\t\t\t\t\t<\/div>\n\t\t\t\t<\/div>\n\t\t\t\t\t<\/div>\n\t\t\t\t<\/div>\n\t\t<div class=\"elementor-element elementor-element-iwgw-yhi-s11 e-flex e-con-boxed e-con e-parent\" data-id=\"iwgw-yhi-s11\" data-element_type=\"container\" data-e-type=\"container\">\n\t\t\t\t\t<div class=\"e-con-inner\">\n\t\t\t\t<div class=\"elementor-element elementor-element-iwgw-yhi-s11h elementor-widget elementor-widget-heading\" data-id=\"iwgw-yhi-s11h\" data-element_type=\"widget\" data-e-type=\"widget\" data-widget_type=\"heading.default\">\n\t\t\t\t\t<h2 class=\"elementor-heading-title elementor-size-default\">A\u00f0fer\u00f0afr\u00e6\u00f0ileg umr\u00e6\u00f0a og heimildir<\/h2>\t\t\t\t<\/div>\n\t\t<div class=\"elementor-element elementor-element-iwgw-yhi-s11c e-con-full e-flex e-con e-child\" data-id=\"iwgw-yhi-s11c\" data-element_type=\"container\" data-e-type=\"container\">\n\t\t\t\t<div class=\"elementor-element elementor-element-iwgw-yhi-s11t elementor-widget elementor-widget-text-editor\" data-id=\"iwgw-yhi-s11t\" data-element_type=\"widget\" data-e-type=\"widget\" data-widget_type=\"text-editor.default\">\n\t\t\t\t\t\t\t\t\t<p>\u00cd ranns\u00f3knum \u00e1 Yhi koma upp nokkur a\u00f0fer\u00f0afr\u00e6\u00f0ileg vandam\u00e1l. \u00cd fyrsta lagi: heimildasta\u00f0an er veikari en hj\u00e1 \u00f6\u00f0rum verum frumbyggja \u00c1stral\u00edu. K. Langloh Parker er mikilv\u00e6gasta heimildin, auk f\u00e1einna gl\u00f3sa hj\u00e1 Howitt.<\/p><p>\u00cd \u00f6\u00f0ru lagi: Karraur-m\u00e1lsamf\u00e9lagi\u00f0 er \u00ed dag l\u00edti\u00f0; lifandi hef\u00f0 skortir a\u00f0 mestu. \u00dea\u00f0 sem vi\u00f0 vitum er \u00fev\u00ed a\u00f0 mestu leyti endurbyggt \u00far eldri heimildum, ekki \u00far n\u00faverandi i\u00f0kun.<\/p><p>\u00cd \u00feri\u00f0ja lagi: kynjaspurningin, hvers vegna er s\u00f3lin kvenkyns?, er v\u00edsindalega krefjandi og \u00e6tti ekki a\u00f0 svara \u00ed flj\u00f3tf\u00e6rni me\u00f0 tilv\u00edsun til \u201efors\u00f6gulegs m\u00e6\u00f0raveldis\u201c e\u00f0a annarra \u00fer\u00f3unarfr\u00e6\u00f0ilegra kenninga. A\u00f0v\u00f6run Tony Swain er h\u00e9r mikilv\u00e6g lei\u00f0s\u00f6gn.<\/p><p>\u00deeir sem vilja kynna s\u00e9r Yhi-samhengi\u00f0 \u00ed heild sinni finna \u00e1 yfirlitss\u00ed\u00f0unni <a href=\"https:\/\/iwell-guard.com\/is\/aboriginal-astralia-draumtid-tjukurpa-verndargripir\/\">Hef\u00f0 frumbyggja \u00c1stral\u00edu<\/a> mikilv\u00e6gustu tilv\u00edsanir til tengdra vera \u00e1 bor\u00f0 vi\u00f0 <a href=\"https:\/\/iwell-guard.com\/is\/?page_id=168991\">Baiame<\/a>, <a href=\"https:\/\/iwell-guard.com\/is\/?page_id=168992\">Bunjil<\/a> og <a href=\"https:\/\/iwell-guard.com\/is\/?page_id=168989\">Regnbogasl\u00f6nguna<\/a>.<\/p>\t\t\t\t\t\t\t\t<\/div>\n\t\t\t\t<\/div>\n\t\t\t\t\t<\/div>\n\t\t\t\t<\/div>\n\t\t<div class=\"elementor-element elementor-element-iwgw-yhi-s12 e-flex e-con-boxed e-con e-parent\" data-id=\"iwgw-yhi-s12\" data-element_type=\"container\" data-e-type=\"container\">\n\t\t\t\t\t<div class=\"e-con-inner\">\n\t\t\t\t<div class=\"elementor-element elementor-element-iwgw-yhi-s12h elementor-widget elementor-widget-heading\" data-id=\"iwgw-yhi-s12h\" data-element_type=\"widget\" data-e-type=\"widget\" data-widget_type=\"heading.default\">\n\t\t\t\t\t<h2 class=\"elementor-heading-title elementor-size-default\">Yhi og Wuriupranili: Kvenkyns s\u00f3lir \u00c1stral\u00edu<\/h2>\t\t\t\t<\/div>\n\t\t<div class=\"elementor-element elementor-element-iwgw-yhi-s12c e-con-full e-flex e-con e-child\" data-id=\"iwgw-yhi-s12c\" data-element_type=\"container\" data-e-type=\"container\">\n\t\t\t\t<div class=\"elementor-element elementor-element-iwgw-yhi-s12t elementor-widget elementor-widget-text-editor\" data-id=\"iwgw-yhi-s12t\" data-element_type=\"widget\" data-e-type=\"widget\" data-widget_type=\"text-editor.default\">\n\t\t\t\t\t\t\t\t\t<p>\u00c6tterni kvenkyns s\u00f3lgo\u00f0magna \u00ed \u00c1stral\u00edu er efni sem ver\u00f0skuldar frekari ranns\u00f3kn. Auk Yhi teljast til hennar Wuriupranili (Tiwi, Bathurst- og Melville-eyjar), Walu (Yolngu, Arnhem Land) og nokkrar a\u00f0rar sv\u00e6\u00f0isbundnar verur. Allar eru kvenkyns og allar bera lj\u00f3si\u00f0 og l\u00edfi\u00f0.<\/p><p>Me\u00f0al Tiwi er sagt a\u00f0 Wuriupranili fer\u00f0ist yfir himininn hvern morgun me\u00f0 kyndil; \u00e1 kv\u00f6ldin sl\u00f6kkvir h\u00fan kyndilinn og sefur. Svipu\u00f0 saga er s\u00f6g\u00f0 um Walu hj\u00e1 Yolngu. \u00deessi \u00e6ttartengsl eru tr\u00faars\u00f6gulega athyglisver\u00f0.<\/p><p>Mircea Eliade h\u00e9lt \u00fev\u00ed fram \u00ed <em>Australian Religions<\/em> (1973) a\u00f0 \u00feessi \u00e6tt kvenkyns s\u00f3la t\u00e1kni fornt s\u00f6gulegt lag. \u00deessi tilg\u00e1ta er tilg\u00e1tukennd, en efnivi\u00f0urinn er tr\u00faarfyrirb\u00e6rafr\u00e6\u00f0ilega au\u00f0ugur.<\/p>\t\t\t\t\t\t\t\t<\/div>\n\t\t\t\t<\/div>\n\t\t\t\t\t<\/div>\n\t\t\t\t<\/div>\n\t\t<div class=\"elementor-element elementor-element-iwgw-yhi-s13 e-flex e-con-boxed e-con e-parent\" data-id=\"iwgw-yhi-s13\" data-element_type=\"container\" data-e-type=\"container\">\n\t\t\t\t\t<div class=\"e-con-inner\">\n\t\t\t\t<div class=\"elementor-element elementor-element-iwgw-yhi-s13h elementor-widget elementor-widget-heading\" data-id=\"iwgw-yhi-s13h\" data-element_type=\"widget\" data-e-type=\"widget\" data-widget_type=\"heading.default\">\n\t\t\t\t\t<h2 class=\"elementor-heading-title elementor-size-default\">K. Langloh Parker og vi\u00f0t\u00f6kur \u00e1 viktor\u00edsku n\u00fdlendut\u00edmanum<\/h2>\t\t\t\t<\/div>\n\t\t<div class=\"elementor-element elementor-element-iwgw-yhi-s13c e-con-full e-flex e-con e-child\" data-id=\"iwgw-yhi-s13c\" data-element_type=\"container\" data-e-type=\"container\">\n\t\t\t\t<div class=\"elementor-element elementor-element-iwgw-yhi-s13t elementor-widget elementor-widget-text-editor\" data-id=\"iwgw-yhi-s13t\" data-element_type=\"widget\" data-e-type=\"widget\" data-widget_type=\"text-editor.default\">\n\t\t\t\t\t\t\t\t\t<p>K. Langloh Parker (1855\u20131940) var n\u00e6mur athugandi Karraur-hef\u00f0arinnar; b\u00e6kur hennar <em>Australian Legendary Tales<\/em> (1896) og <em>More Australian Legendary Tales<\/em> (1898) f\u00e6r\u00f0u Yhi til brei\u00f0s viktor\u00edsks almennings. \u00c6visaga Marcie Muir, <em>My Bush Book<\/em> (1982), fjallar \u00edtarlega um l\u00edfshlaup hennar og a\u00f0fer\u00f0ir.<\/p><p>Tr\u00faars\u00f6gulega s\u00e9\u00f0 er \u00feetta tv\u00edbent: b\u00e6kur Parker bj\u00f6rgu\u00f0u Karraur-hef\u00f0inni sem annars hef\u00f0i glatast, en \u00e1 sama t\u00edma umsk\u00f6pu\u00f0u \u00fe\u00e6r hana \u00e1 viktor\u00edskan h\u00e1tt og ger\u00f0u hana r\u00f3mant\u00edska. Vandvirk heimildagagnr\u00fdni skilur \u00ed dag \u00feessi tv\u00f6 l\u00f6g a\u00f0.<\/p><p>\u00cd v\u00ed\u00f0ara samhengi er Parker sk\u00f3lab\u00f3kard\u00e6mi um tv\u00edbenta st\u00f6\u00f0u n\u00fdlendu\u00fej\u00f3\u00f0fr\u00e6\u00f0innar: h\u00fan var\u00f0veitti frumbyggjahef\u00f0 en \u00fe\u00fdddi hana samt\u00edmis inn \u00ed vestr\u00e6nt merkingarumhverfi. \u00deessi tv\u00f6falda \u00e1hrif einkenna heimildast\u00f6\u00f0u tr\u00faarbrag\u00f0a frumbyggja \u00c1stral\u00edu enn \u00ed dag.<\/p>\t\t\t\t\t\t\t\t<\/div>\n\t\t\t\t<\/div>\n\t\t\t\t\t<\/div>\n\t\t\t\t<\/div>\n\t\t<div class=\"elementor-element elementor-element-iwgw-yhi-s14 e-flex e-con-boxed e-con e-parent\" data-id=\"iwgw-yhi-s14\" data-element_type=\"container\" data-e-type=\"container\">\n\t\t\t\t\t<div class=\"e-con-inner\">\n\t\t\t\t<div class=\"elementor-element elementor-element-iwgw-yhi-s14h elementor-widget elementor-widget-heading\" data-id=\"iwgw-yhi-s14h\" data-element_type=\"widget\" data-e-type=\"widget\" data-widget_type=\"heading.default\">\n\t\t\t\t\t<h2 class=\"elementor-heading-title elementor-size-default\">Yhi og sk\u00f6punars\u00f6gur frumbyggja \u00c1stral\u00edu<\/h2>\t\t\t\t<\/div>\n\t\t<div class=\"elementor-element elementor-element-iwgw-yhi-s14c e-con-full e-flex e-con e-child\" data-id=\"iwgw-yhi-s14c\" data-element_type=\"container\" data-e-type=\"container\">\n\t\t\t\t<div class=\"elementor-element elementor-element-iwgw-yhi-s14t elementor-widget elementor-widget-text-editor\" data-id=\"iwgw-yhi-s14t\" data-element_type=\"widget\" data-e-type=\"widget\" data-widget_type=\"text-editor.default\">\n\t\t\t\t\t\t\t\t\t<p>Sta\u00f0a Yhi innan hinnar v\u00ed\u00f0t\u00e6kari fj\u00f6lskyldu sk\u00f6punarsagna frumbyggja \u00c1stral\u00edu ver\u00f0skuldar samanbur\u00f0arranns\u00f3kn. \u00ddmsir h\u00f3par frumbyggja hafa mismunandi s\u00f6gur um fyrstu vakninguna: s\u00f3lina, fyrstu forfe\u00f0urna, sk\u00f6punarsl\u00f6ngurnar. Yhi er ein af f\u00e1um kvenkyns verum sem gegna hlutverki fyrstu vakningarpers\u00f3nu.<\/p><p>Tr\u00faarfyrirb\u00e6rafr\u00e6\u00f0ilega er athyglisvert a\u00f0 byggingarlegt samr\u00e6mi er \u00e1 milli \u00feessa og bibl\u00edulegu sk\u00f6punars\u00f6gunnar \u00ed M\u00f3seb\u00f3k (\u201eog \u00fea\u00f0 var\u00f0 lj\u00f3s\u201c) og margra annarra sk\u00f6punargo\u00f0sagna. Munurinn liggur \u00ed kynjaskipaninni: \u00ed flestum fe\u00f0raveldistr\u00faarbr\u00f6g\u00f0um er hi\u00f0 skapandi or\u00f0 karlkyns, en hj\u00e1 Yhi er \u00fea\u00f0 kvenkyns.<\/p><p>Diane Bell fjalla\u00f0i \u00edtarlega um kvenna\u00fe\u00e6tti tr\u00faarbrag\u00f0a frumbyggja \u00c1stral\u00edu \u00ed <em>Daughters of the Dreaming<\/em> (1983). \u00cd Yhi-fl\u00e9ttunni eru kvennahef\u00f0irnar s\u00e9rstaklega fyrirfer\u00f0armiklar, sem gerir hana a\u00f0 mikilv\u00e6gri vi\u00f0mi\u00f0unarpers\u00f3nu \u00ed kynjami\u00f0a\u00f0ri tr\u00faarbrag\u00f0a\u00fej\u00f3\u00f0fr\u00e6\u00f0i.<\/p>\t\t\t\t\t\t\t\t<\/div>\n\t\t\t\t<\/div>\n\t\t\t\t\t<\/div>\n\t\t\t\t<\/div>\n\t\t<div class=\"elementor-element elementor-element-iwgw-yhi-s15 e-flex e-con-boxed e-con e-parent\" data-id=\"iwgw-yhi-s15\" data-element_type=\"container\" data-e-type=\"container\">\n\t\t\t\t\t<div class=\"e-con-inner\">\n\t\t\t\t<div class=\"elementor-element elementor-element-iwgw-yhi-s15h elementor-widget elementor-widget-heading\" data-id=\"iwgw-yhi-s15h\" data-element_type=\"widget\" data-e-type=\"widget\" data-widget_type=\"heading.default\">\n\t\t\t\t\t<h2 class=\"elementor-heading-title elementor-size-default\">Yhi og endurvakning Karraur-tungum\u00e1lsins<\/h2>\t\t\t\t<\/div>\n\t\t<div class=\"elementor-element elementor-element-iwgw-yhi-s15c e-con-full e-flex e-con e-child\" data-id=\"iwgw-yhi-s15c\" data-element_type=\"container\" data-e-type=\"container\">\n\t\t\t\t<div class=\"elementor-element elementor-element-iwgw-yhi-s15t elementor-widget elementor-widget-text-editor\" data-id=\"iwgw-yhi-s15t\" data-element_type=\"widget\" data-e-type=\"widget\" data-widget_type=\"text-editor.default\">\n\t\t\t\t\t\t\t\t\t<p>Karraur-tungum\u00e1li\u00f0 er \u00ed dag mj\u00f6g \u00ed \u00fatr\u00fdmingarh\u00e6ttu; a\u00f0eins f\u00e1ir virkir m\u00e1lhafar eru eftir. Fr\u00e1 og me\u00f0 1990 hafa veri\u00f0 ger\u00f0 \u00e1tak til a\u00f0 endurl\u00edfga tungum\u00e1li\u00f0, me\u00f0al annars me\u00f0 sk\u00f3lakennslu, or\u00f0ab\u00f3karverkefnum og h\u00e1t\u00ed\u00f0amenningu. Yhi gegnir \u00ed \u00feessum \u00e1t\u00f6kum lykilhlutverki sem menningarleg sams\u00f6munarpers\u00f3na.<\/p><p>\u00deessi endurvakning tungum\u00e1lsins er athyglisver\u00f0 fr\u00e1 sj\u00f3narh\u00f3li f\u00e9lagsfr\u00e6\u00f0i tr\u00faarbrag\u00f0a. H\u00fan s\u00fdnir hvernig tr\u00faarhef\u00f0 getur veri\u00f0 studd me\u00f0 tungum\u00e1lastefnu; \u00e1 sama t\u00edma s\u00fdnir h\u00fan hversu vi\u00f0kv\u00e6m n\u00faverandi tungum\u00e1lafj\u00f6lbreytni frumbyggja \u00c1stral\u00edu er.<\/p><p>Fr\u00e1 v\u00edsindalegu sj\u00f3narhorni er Karraur-endurvakningin \u00feakkl\u00e1tt ranns\u00f3knarsvi\u00f0. H\u00fan s\u00fdnir hina n\u00e1nu samtvinnun tungum\u00e1ls, tr\u00faarbrag\u00f0a og sj\u00e1lfsmyndar, samtvinnun sem er einkennandi fyrir margar frumbyggjahef\u00f0ir um allan heim.<\/p>\t\t\t\t\t\t\t\t<\/div>\n\t\t\t\t<\/div>\n\t\t\t\t\t<\/div>\n\t\t\t\t<\/div>\n\t\t<div class=\"elementor-element elementor-element-iwgw-yhi-s16 e-flex e-con-boxed e-con e-parent\" data-id=\"iwgw-yhi-s16\" data-element_type=\"container\" data-e-type=\"container\">\n\t\t\t\t\t<div class=\"e-con-inner\">\n\t\t\t\t<div class=\"elementor-element elementor-element-iwgw-yhi-s16h elementor-widget elementor-widget-heading\" data-id=\"iwgw-yhi-s16h\" data-element_type=\"widget\" data-e-type=\"widget\" data-widget_type=\"heading.default\">\n\t\t\t\t\t<h2 class=\"elementor-heading-title elementor-size-default\">Yhi og fem\u00edn\u00edsk tr\u00faarbrag\u00f0afr\u00e6\u00f0i<\/h2>\t\t\t\t<\/div>\n\t\t<div class=\"elementor-element elementor-element-iwgw-yhi-s16c e-con-full e-flex e-con e-child\" data-id=\"iwgw-yhi-s16c\" data-element_type=\"container\" data-e-type=\"container\">\n\t\t\t\t<div class=\"elementor-element elementor-element-iwgw-yhi-s16t elementor-widget elementor-widget-text-editor\" data-id=\"iwgw-yhi-s16t\" data-element_type=\"widget\" data-e-type=\"widget\" data-widget_type=\"text-editor.default\">\n\t\t\t\t\t\t\t\t\t<p>Fem\u00edn\u00edsk <span class=\"iwg-fachbegriff\" data-tooltip=\"V\u00edsindin sem rannsaka tr\u00faarbr\u00f6g\u00f0 samanbur\u00f0arlega og \u00e1n tr\u00faarlegrar bindingar.\" tabindex=\"0\">tr\u00faarbrag\u00f0afr\u00e6\u00f0i<\/span>, sem hefur uppg\u00f6tva\u00f0 Yhi sem mikilv\u00e6ga vi\u00f0mi\u00f0unarpers\u00f3nu, ver\u00f0skuldar s\u00e9rstaka athugun. Diane Bell, Catherine Berndt og a\u00f0rar hafa s\u00fdnt a\u00f0 tr\u00faarbr\u00f6g\u00f0 frumbyggja \u00c1stral\u00edu hafa v\u00ed\u00f0t\u00e6ka kvenlega hef\u00f0 sem oft var yfirs\u00e9st \u00ed eldri ranns\u00f3knum.<\/p><p>\u00cd \u00feessum lestri er Yhi ein af f\u00e1um sk\u00fdrt kvenkyns h\u00e1ttst\u00f6\u00f0upers\u00f3num \u00ed tr\u00faarbr\u00f6g\u00f0um frumbyggja \u00c1stral\u00edu. H\u00fan stendur \u00ed r\u00f6\u00f0 me\u00f0 \u00f6\u00f0rum kvenkyns skaparaverum eins og Eingana (\u00e1 Murray-sv\u00e6\u00f0inu), Karaween (hj\u00e1 Kurnai) og nokkrum \u00fe\u00e1ttum Regnbogasl\u00f6ngunnar.<\/p><p>Fr\u00e1 tr\u00faarlegri manneskjufr\u00e6\u00f0i er \u00feessi endurlestur hluti af v\u00ed\u00f0t\u00e6kari straumi \u00fear sem kvenkyns go\u00f0m\u00f6gnum er veitt n\u00fd vir\u00f0ing um allan heim. Yhi tilheyrir \u00feessari hreyfingu og er \u00ed dag \u00ed mi\u00f0ju kynjami\u00f0a\u00f0ra ranns\u00f3kna \u00e1 tr\u00faarbr\u00f6g\u00f0um frumbyggja \u00c1stral\u00edu.<\/p>\t\t\t\t\t\t\t\t<\/div>\n\t\t\t\t<\/div>\n\t\t\t\t\t<\/div>\n\t\t\t\t<\/div>\n\t\t<div class=\"elementor-element elementor-element-cp2df19ea4 e-flex e-con-boxed e-con e-parent\" data-id=\"cp2df19ea4\" data-element_type=\"container\" data-e-type=\"container\">\n\t\t\t\t\t<div class=\"e-con-inner\">\n\t\t\t\t<div class=\"elementor-element elementor-element-cp2b99b982 elementor-widget elementor-widget-heading\" data-id=\"cp2b99b982\" data-element_type=\"widget\" data-e-type=\"widget\" data-widget_type=\"heading.default\">\n\t\t\t\t\t<h2 class=\"elementor-heading-title elementor-size-default\">Heimildavi\u00f0v\u00f6run: Yhi og vandi Langloh Parker-arfleif\u00f0arins<\/h2>\t\t\t\t<\/div>\n\t\t<div class=\"elementor-element elementor-element-cp2d3b92aa e-flex e-con-boxed e-con e-child\" data-id=\"cp2d3b92aa\" data-element_type=\"container\" data-e-type=\"container\">\n\t\t\t\t\t<div class=\"e-con-inner\">\n\t\t\t\t<div class=\"elementor-element elementor-element-cp261caaf7 elementor-widget elementor-widget-text-editor\" data-id=\"cp261caaf7\" data-element_type=\"widget\" data-e-type=\"widget\" data-widget_type=\"text-editor.default\">\n\t\t\t\t\t\t\t\t\t<p>S\u00f3lgy\u00f0jan <em>Yhi<\/em> birtist \u00ed fj\u00f6lm\u00f6rgum vins\u00e6lum og einnig fr\u00e6\u00f0ilegum l\u00fdsingum \u00e1 \u00e1stralskri <span class=\"iwg-fachbegriff\" data-tooltip=\"Heild \u00feeirra go\u00f0sagna sem var\u00f0veist hafa innan menningar.\" tabindex=\"0\">go\u00f0afr\u00e6\u00f0i<\/span> sem mi\u00f0l\u00e6g sk\u00f6punarvera sem vekur l\u00edfi\u00f0 me\u00f0 lj\u00f3si s\u00ednu. \u00de\u00f3tt \u00feessi framsetning s\u00e9 \u00fatbreidd er mikilv\u00e6gt a\u00f0 benda \u00e1 a\u00f0 h\u00fan hv\u00edlir \u00e1 \u00fer\u00f6ngum og gagnr\u00fdnisver\u00f0um heimildagrunni.<\/p><p>Nafni\u00f0 Yhi og hinar \u00edtarlegu sk\u00f6punarsagnir sem \u00fea\u00f0 birtist \u00ed m\u00e1 a\u00f0 verulegu leyti rekja til safnarans Katie Langloh Parker, sem um aldam\u00f3tin 19. og 20. aldar skr\u00e1\u00f0i fr\u00e1sagnir \u00e1 sv\u00e6\u00f0i Euahlayi-f\u00f3lksins \u00ed nor\u00f0urhluta N\u00fdja Su\u00f0ur-Wales.<\/p><p>B\u00e6kur hennar, \u00fear \u00e1 me\u00f0al safn \u00e1stralskra \u00fej\u00f3\u00f0sagna og verki\u00f0 um Euahlayi-f\u00f3lki\u00f0, m\u00f3tu\u00f0u evr\u00f3pska skynjun \u00e1 \u00e1str\u00f6lskum go\u00f0s\u00f6gnum verulega.<\/p><p>Parker vann \u00fe\u00f3 \u00e1n \u00f6ruggrar m\u00e1lkunn\u00e1ttu, var h\u00e1\u00f0 millili\u00f0um og gaf sj\u00e1lf til kynna a\u00f0 h\u00fan hef\u00f0i endursagt fr\u00e1sagnirnar \u00ed formi sem laga\u00f0 var a\u00f0 vestr\u00e6num lesendum. S\u00ed\u00f0ari \u00fatg\u00e1fur af textum hennar sl\u00e9ttu\u00f0u \u00far efninu enn frekar og ger\u00f0u \u00fea\u00f0 b\u00f3kmenntalegra.<\/p><p>Auk \u00feess er Yhi \u00ed \u00feessari mynd fyrst og fremst bundin vi\u00f0 einn einstakan m\u00e1lh\u00f3p og ver\u00f0ur ekki \u00e1n frekari r\u00f6kstu\u00f0nings alh\u00e6f\u00f0 sem heilsteypt \u00e1stralsk <span class=\"iwg-fachbegriff\" data-tooltip=\"Vera sem d\u00fdrku\u00f0 er sem gu\u00f0d\u00f3mleg innan tr\u00faarbrag\u00f0a.\" tabindex=\"0\">gu\u00f0d\u00f3mur<\/span>. \u00c1stral\u00eda er ekkert einsleitt tr\u00faarsv\u00e6\u00f0i heldur n\u00e6r yfir hundru\u00f0 sj\u00e1lfst\u00e6\u00f0ra m\u00e1lh\u00f3pa, hver me\u00f0 s\u00ednar eigin munnm\u00e6lahef\u00f0ir.<\/p><p>S\u00fa venja, algeng \u00ed vins\u00e6lum safnritum, a\u00f0 setja Yhi fram vi\u00f0 hli\u00f0 vera \u00far allt \u00f6\u00f0rum sv\u00e6\u00f0um sem hluta af einni og s\u00f6mu \u00e1stralskri <span class=\"iwg-fachbegriff\" data-tooltip=\"Heild \u00feeirra go\u00f0sagna sem var\u00f0veist hafa innan menningar.\" tabindex=\"0\">go\u00f0afr\u00e6\u00f0i<\/span> \u00feurrkar \u00fat \u00feennan fj\u00f6lbreytileika og samr\u00e6mist ekki heimildast\u00f6\u00f0unni.<\/p><p>Sumir fr\u00e6\u00f0imenn hafa auk \u00feess bent \u00e1 a\u00f0 \u00e1kve\u00f0in einkenni sk\u00f6punars\u00f6gunnar sem Parker segir fr\u00e1 minni \u00e1 bibl\u00eduleg minni, sem vekur spurningu um kristin \u00e1hrif \u00e1 hina skr\u00e1\u00f0u ger\u00f0 s\u00f6gunnar, \u00e1n \u00feess a\u00f0 h\u00e6gt s\u00e9 a\u00f0 skera endanlega \u00far um \u00fea\u00f0.<\/p><p>Af \u00feessu lei\u00f0ir engin ni\u00f0url\u00e6ging \u00e1 verunni sj\u00e1lfri, en \u00fe\u00f3 \u00e1kve\u00f0in a\u00f0fer\u00f0afr\u00e6\u00f0ileg var\u00fa\u00f0. Fjalla ber um Yhi \u00e1 fr\u00e6\u00f0ilegan h\u00e1tt sem veru \u00fear sem hin \u00feekkta mynd hennar er a\u00f0 miklu leyti m\u00f3tu\u00f0 af n\u00fdlendusafnara og s\u00ed\u00f0ari \u00fatg\u00e1fum textanna.<\/p><p>Fullyr\u00f0ingar um Yhi \u00e6ttu a\u00f0 tilgreina tengslin vi\u00f0 <span class=\"iwg-fachbegriff\" data-tooltip=\"Mi\u00f0lun \u00feekkingar og fr\u00e1sagna milli kynsl\u00f3\u00f0a.\" tabindex=\"0\">munnm\u00e6lahef\u00f0<\/span> Euahlayi-f\u00f3lksins, gera grein fyrir millili\u00f0ae\u00f0li Parker-textanna og for\u00f0ast \u00fe\u00e1 h\u00e6ttu a\u00f0 upphefja sta\u00f0bundna hef\u00f0 til pan-\u00e1stralskrar sk\u00f6punargo\u00f0afr\u00e6\u00f0i.<\/p>\t\t\t\t\t\t\t\t<\/div>\n\t\t\t\t\t<\/div>\n\t\t\t\t<\/div>\n\t\t\t\t\t<\/div>\n\t\t\t\t<\/div>\n\t\t<div class=\"elementor-element elementor-element-iwgw-yhi-lit e-flex e-con-boxed e-con e-parent\" data-id=\"iwgw-yhi-lit\" data-element_type=\"container\" data-e-type=\"container\">\n\t\t\t\t\t<div class=\"e-con-inner\">\n\t\t\t\t<div class=\"elementor-element elementor-element-iwgw-yhi-lith elementor-widget elementor-widget-heading\" data-id=\"iwgw-yhi-lith\" data-element_type=\"widget\" data-e-type=\"widget\" data-widget_type=\"heading.default\">\n\t\t\t\t\t<h2 class=\"elementor-heading-title elementor-size-default\">Heimildir (\u00farval)<\/h2>\t\t\t\t<\/div>\n\t\t<div class=\"elementor-element elementor-element-iwgw-yhi-litc e-con-full e-flex e-con e-child\" data-id=\"iwgw-yhi-litc\" data-element_type=\"container\" data-e-type=\"container\">\n\t\t\t\t<div class=\"elementor-element elementor-element-iwgw-yhi-litt elementor-widget elementor-widget-text-editor\" data-id=\"iwgw-yhi-litt\" data-element_type=\"widget\" data-e-type=\"widget\" data-widget_type=\"text-editor.default\">\n\t\t\t\t\t\t\t\t\t<ul><li>K. Langloh Parker: <em>Australian Legendary Tales<\/em> (1896)<\/li><li>K. Langloh Parker: <em>More Australian Legendary Tales<\/em> (1898)<\/li><li>A. W. Howitt: <em>The Native Tribes of South-East Australia<\/em> (1904)<\/li><li>Tony Swain: <em>A Place for Strangers<\/em> (1993)<\/li><li>Mircea Eliade: <em>Australian Religions<\/em> (1973)<\/li><li>James G. Frazer: <em>The Worship of Nature<\/em> (1926)<\/li><li>Lynne Hume: <em>Ancestral Power<\/em> (2002)<\/li><\/ul>\t\t\t\t\t\t\t\t<\/div>\n\t\t\t\t<\/div>\n\t\t\t\t\t<\/div>\n\t\t\t\t<\/div>\n\t\t<div class=\"elementor-element elementor-element-iwgw-yhi-kwd e-flex e-con-boxed e-con e-parent\" data-id=\"iwgw-yhi-kwd\" data-element_type=\"container\" data-e-type=\"container\">\n\t\t\t\t\t<div class=\"e-con-inner\">\n\t\t<div class=\"elementor-element elementor-element-iwgw-yhi-kwdc e-con-full e-flex e-con e-child\" data-id=\"iwgw-yhi-kwdc\" data-element_type=\"container\" data-e-type=\"container\">\n\t\t\t\t<div class=\"elementor-element elementor-element-iwgw-yhi-kwdt elementor-widget elementor-widget-text-editor\" data-id=\"iwgw-yhi-kwdt\" data-element_type=\"widget\" data-e-type=\"widget\" data-widget_type=\"text-editor.default\">\n\t\t\t\t\t\t\t\t\t<p><em>Tengd leitaror\u00f0: Yhi Karraur Aboriginal S\u00f3largy\u00f0ja Dreaming Bahloo.<\/em><\/p>\t\t\t\t\t\t\t\t<\/div>\n\t\t\t\t<\/div>\n\t\t\t\t\t<\/div>\n\t\t\t\t<\/div>\n\t\t<div class=\"elementor-element elementor-element-iwgw-yhi-cc e-flex e-con-boxed e-con e-parent\" data-id=\"iwgw-yhi-cc\" data-element_type=\"container\" data-e-type=\"container\" id=\"iwg-cc-yhi\">\n\t\t\t\t\t<div class=\"e-con-inner\">\n\t\t<div class=\"elementor-element elementor-element-iwgw-yhi-ccinner e-flex e-con-boxed e-con e-parent\" data-id=\"iwgw-yhi-ccinner\" data-element_type=\"container\" data-e-type=\"container\" data-settings=\"{&quot;background_background&quot;:&quot;classic&quot;}\">\n\t\t\t\t\t<div class=\"e-con-inner\">\n\t\t\t\t<div class=\"elementor-element elementor-element-iwgw-yhi-cch elementor-widget elementor-widget-heading\" data-id=\"iwgw-yhi-cch\" data-element_type=\"widget\" data-e-type=\"widget\" data-widget_type=\"heading.default\">\n\t\t\t\t\t<h2 class=\"elementor-heading-title elementor-size-default\">iWell Guard og verndarhef\u00f0ir<\/h2>\t\t\t\t<\/div>\n\t\t\t\t<div class=\"elementor-element elementor-element-iwgw-yhi-cct elementor-widget elementor-widget-text-editor\" data-id=\"iwgw-yhi-cct\" data-element_type=\"widget\" data-e-type=\"widget\" data-widget_type=\"text-editor.default\">\n\t\t\t\t\t\t\t\t\t<div data-nosnippet=\"true\"><p>iWell Guard tengist menningars\u00f6gulegri hef\u00f0 farandlegra verndargripa, \u00ed hef\u00f0 frumbyggja \u00c1stral\u00edu (<a href=\"https:\/\/iwell-guard.com\/is\/aboriginal-astralia-draumtid-tjukurpa-verndargripir\/\">Aboriginal<\/a>) og margra annarra menningarheima um allan heim. 41 lag, alv\u00f6ru gull, plat\u00edna, silfur, framleitt \u00ed \u00de\u00fdskalandi. 30 daga skilar\u00e9ttur.<\/p><\/div>\t\t\t\t\t\t\t\t<\/div>\n\t\t\t\t<div class=\"elementor-element elementor-element-iwgw-yhi-ccb iwg-cc-button iwg-cc-cta-2026-05-13 elementor-widget elementor-widget-jet-button\" data-id=\"iwgw-yhi-ccb\" data-element_type=\"widget\" data-e-type=\"widget\" data-widget_type=\"jet-button.default\">\n\t\t\t\t<div class=\"elementor-widget-container\">\n\t\t\t\t\t<div class=\"elementor-jet-button jet-elements\"><div class=\"jet-button__container\"><a class=\"jet-button__instance jet-button__instance--icon-left hover-effect-1\" href=\"\/ueber-iwell-guard\/?utm_source=iwell-guard.com&amp;utm_medium=info-box&amp;utm_campaign=wesen-tradition\"><div class=\"jet-button__plane jet-button__plane-normal\"><\/div><div class=\"jet-button__plane jet-button__plane-hover\"><\/div><div class=\"jet-button__state jet-button__state-normal\"><span class=\"jet-button__label\">Meira um iWell Guard<\/span><\/div><div class=\"jet-button__state jet-button__state-hover\"><span class=\"jet-button__label\">Meira um iWell Guard<\/span><\/div><\/a><\/div><\/div><style>.elementor-element.elementor-element-iwgw-yhi-ccb .jet-button__instance{width:320px;height:56px;}.elementor-element.elementor-element-iwgw-yhi-ccb .jet-button__state-normal .jet-button__label{text-align:center;margin:0px 0px 0px 0px;color:#1a1b20;font-family:Montserrat,sans-serif;font-size:13px;font-weight:400;letter-spacing:4px;line-height:1.714em;text-transform:uppercase;}.elementor-element.elementor-element-iwgw-yhi-ccb .jet-button__state-hover .jet-button__label{text-align:center;margin:0px 0px 0px 0px;color:#FECC76;font-family:Montserrat,sans-serif;font-size:13px;font-weight:400;letter-spacing:4px;line-height:1.714em;text-transform:uppercase;}.elementor-element.elementor-element-iwgw-yhi-ccb .jet-button__plane-normal{background-color:#FECC76;border-style:solid;border-color:#C99540;border-width:2px 2px 2px 2px;}.elementor-element.elementor-element-iwgw-yhi-ccb .jet-button__plane-hover{background-color:rgba(0,0,0,0.55);border-style:solid;border-color:#FECC76;border-width:2px 2px 2px 2px;}<\/style>\t\t\t\t<\/div>\n\t\t\t\t<\/div>\n\t\t\t\t<div class=\"elementor-element elementor-element-iwgw-yhi-ccd elementor-widget elementor-widget-text-editor\" data-id=\"iwgw-yhi-ccd\" data-element_type=\"widget\" data-e-type=\"widget\" data-widget_type=\"text-editor.default\">\n\t\t\t\t\t\t\t\t\t<div data-nosnippet=\"true\"><p style=\"text-align:center;font-size:13px;opacity:0.7;margin-top:14px\" data-nosnippet=\"true\">Pers\u00f3nuleg reynsla getur veri\u00f0 mismunandi. Ekki l\u00e6kningat\u00e6ki. Engin lofor\u00f0 um l\u00e6kningu.<\/p><\/div>\t\t\t\t\t\t\t\t<\/div>\n\t\t\t\t\t<\/div>\n\t\t\t\t<\/div>\n\t\t\t\t\t<\/div>\n\t\t\t\t<\/div>\n\t\t<div class=\"elementor-element elementor-element-iwgw-yhi-disc e-flex e-con-boxed e-con e-parent\" data-id=\"iwgw-yhi-disc\" data-element_type=\"container\" data-e-type=\"container\">\n\t\t\t\t\t<div class=\"e-con-inner\">\n\t\t\t\t<div class=\"elementor-element elementor-element-iwgw-yhi-discw elementor-widget elementor-widget-html\" data-id=\"iwgw-yhi-discw\" data-element_type=\"widget\" data-e-type=\"widget\" data-widget_type=\"html.default\">\n\t\t\t\t\t<footer data-nosnippet=\"true\" class=\"iwg-disclaimer-block\"><p data-nosnippet=\"true\">iWell Guard er <strong>ekki l\u00e6kningat\u00e6ki<\/strong> og kemur ekki \u00ed sta\u00f0inn fyrir l\u00e6knis- e\u00f0a s\u00e1lfr\u00e6\u00f0ime\u00f0fer\u00f0. Tr\u00faarfr\u00e6\u00f0ilegt efni er menningars\u00f6gulegt samhengi, ekki r\u00e1\u00f0legging um andlega i\u00f0kun.<\/p><\/footer>\t\t\t\t<\/div>\n\t\t\t\t\t<\/div>\n\t\t\t\t<\/div>\n\t\t\t\t<\/div>\n\t\t","protected":false},"excerpt":{"rendered":"","protected":false},"author":3,"featured_media":2873,"parent":0,"menu_order":0,"comment_status":"closed","ping_status":"closed","template":"elementor_header_footer","meta":{"_yoast_wpseo_focuskw":"Yhi frumbyggjas\u00f3largy\u00f0ja","_yoast_wpseo_title":"Yhi \u2013 frumbyggjas\u00f3largy\u00f0ja, go\u00f0s\u00f6gn og heimildir","_yoast_wpseo_metadesc":"Yhi er s\u00f3largy\u00f0ja Karraur-frumbyggja og skapari l\u00edfsins. Tr\u00faarfr\u00e6\u00f0ileg \u00fattekt me\u00f0 go\u00f0s\u00f6gn og heimildum.","_yoast_wpseo_meta-robots-noindex":"","_yoast_wpseo_canonical":"","_angie_page":false,"gefaehrdungsstufe":"","wesen_kultur":"","wesen_klasse":"","footnotes":""},"categories":[],"class_list":["post-168993","page","type-page","status-publish","has-post-thumbnail","hentry"],"yoast_head":"<!-- This site is optimized with the Yoast SEO Premium plugin v27.7 (Yoast SEO v28.3) - https:\/\/yoast.com\/product\/yoast-seo-premium-wordpress\/ -->\n<title>Yhi \u2013 frumbyggjas\u00f3largy\u00f0ja, go\u00f0s\u00f6gn og heimildir<\/title>\n<meta name=\"description\" content=\"Yhi er s\u00f3largy\u00f0ja Karraur-frumbyggja og skapari l\u00edfsins. Tr\u00faarfr\u00e6\u00f0ileg \u00fattekt me\u00f0 go\u00f0s\u00f6gn og heimildum.\" \/>\n<meta name=\"robots\" content=\"index, follow, max-snippet:-1, max-image-preview:large, max-video-preview:-1\" \/>\n<link rel=\"canonical\" href=\"https:\/\/iwell-guard.com\/is\/yhi-solargydja-karraur\/\" \/>\n<meta property=\"og:locale\" content=\"is_IS\" \/>\n<meta property=\"og:type\" content=\"article\" \/>\n<meta property=\"og:title\" content=\"Yhi \u2013 s\u00f3largy\u00f0ja Karraur\" \/>\n<meta property=\"og:description\" content=\"Yhi er s\u00f3largy\u00f0ja Karraur-frumbyggja og skapari l\u00edfsins. Tr\u00faarfr\u00e6\u00f0ileg \u00fattekt me\u00f0 go\u00f0s\u00f6gn og heimildum.\" \/>\n<meta property=\"og:url\" content=\"https:\/\/iwell-guard.com\/is\/yhi-solargydja-karraur\/\" \/>\n<meta property=\"og:site_name\" content=\"iWell Guard\" \/>\n<meta property=\"article:modified_time\" content=\"2026-09-05T14:29:14+00:00\" \/>\n<meta property=\"og:image\" content=\"https:\/\/iwell-guard.com\/wp-content\/uploads\/2026\/05\/goetter_aboriginal_yhi.webp\" \/>\n\t<meta property=\"og:image:width\" content=\"1024\" \/>\n\t<meta property=\"og:image:height\" content=\"1536\" \/>\n\t<meta property=\"og:image:type\" content=\"image\/webp\" \/>\n<meta name=\"twitter:card\" content=\"summary_large_image\" \/>\n<script type=\"application\/ld+json\" class=\"yoast-schema-graph\">{\"@context\":\"https:\\\/\\\/schema.org\",\"@graph\":[{\"@type\":\"WebPage\",\"@id\":\"https:\\\/\\\/iwell-guard.com\\\/is\\\/yhi-solargydja-karraur\\\/\",\"url\":\"https:\\\/\\\/iwell-guard.com\\\/is\\\/yhi-solargydja-karraur\\\/\",\"name\":\"Yhi \u2013 frumbyggjas\u00f3largy\u00f0ja, go\u00f0s\u00f6gn og heimildir\",\"isPartOf\":{\"@id\":\"https:\\\/\\\/iwell-guard.com\\\/is\\\/#website\"},\"primaryImageOfPage\":{\"@id\":\"https:\\\/\\\/iwell-guard.com\\\/is\\\/yhi-solargydja-karraur\\\/#primaryimage\"},\"image\":{\"@id\":\"https:\\\/\\\/iwell-guard.com\\\/is\\\/yhi-solargydja-karraur\\\/#primaryimage\"},\"thumbnailUrl\":\"https:\\\/\\\/iwell-guard.com\\\/wp-content\\\/uploads\\\/2026\\\/05\\\/goetter_aboriginal_yhi.webp\",\"datePublished\":\"2026-09-05T14:04:39+00:00\",\"dateModified\":\"2026-09-05T14:29:14+00:00\",\"description\":\"Yhi er s\u00f3largy\u00f0ja Karraur-frumbyggja og skapari l\u00edfsins. Tr\u00faarfr\u00e6\u00f0ileg \u00fattekt me\u00f0 go\u00f0s\u00f6gn og heimildum.\",\"breadcrumb\":{\"@id\":\"https:\\\/\\\/iwell-guard.com\\\/is\\\/yhi-solargydja-karraur\\\/#breadcrumb\"},\"inLanguage\":\"is\",\"potentialAction\":[{\"@type\":\"ReadAction\",\"target\":[\"https:\\\/\\\/iwell-guard.com\\\/is\\\/yhi-solargydja-karraur\\\/\"]}]},{\"@type\":\"ImageObject\",\"inLanguage\":\"is\",\"@id\":\"https:\\\/\\\/iwell-guard.com\\\/is\\\/yhi-solargydja-karraur\\\/#primaryimage\",\"url\":\"https:\\\/\\\/iwell-guard.com\\\/wp-content\\\/uploads\\\/2026\\\/05\\\/goetter_aboriginal_yhi.webp\",\"contentUrl\":\"https:\\\/\\\/iwell-guard.com\\\/wp-content\\\/uploads\\\/2026\\\/05\\\/goetter_aboriginal_yhi.webp\",\"width\":1024,\"height\":1536,\"caption\":\"Gu\u00f0ir \u00far hef\u00f0 frumbyggja \u00c1stral\u00edu (Aboriginal).\"},{\"@type\":\"BreadcrumbList\",\"@id\":\"https:\\\/\\\/iwell-guard.com\\\/is\\\/yhi-solargydja-karraur\\\/#breadcrumb\",\"itemListElement\":[{\"@type\":\"ListItem\",\"position\":1,\"name\":\"Start\",\"item\":\"https:\\\/\\\/iwell-guard.com\\\/is\\\/?page_id=168580\"},{\"@type\":\"ListItem\",\"position\":2,\"name\":\"Yhi \u2013 s\u00f3largy\u00f0ja Karraur\"}]},{\"@type\":\"WebSite\",\"@id\":\"https:\\\/\\\/iwell-guard.com\\\/is\\\/#website\",\"url\":\"https:\\\/\\\/iwell-guard.com\\\/is\\\/\",\"name\":\"iWell Guard\",\"description\":\"Schutz vor dunklen Einfl\u00fcssen\",\"publisher\":{\"@id\":\"https:\\\/\\\/iwell-guard.com\\\/is\\\/#organization\"},\"potentialAction\":[{\"@type\":\"SearchAction\",\"target\":{\"@type\":\"EntryPoint\",\"urlTemplate\":\"https:\\\/\\\/iwell-guard.com\\\/is\\\/?s={search_term_string}\"},\"query-input\":{\"@type\":\"PropertyValueSpecification\",\"valueRequired\":true,\"valueName\":\"search_term_string\"}}],\"inLanguage\":\"is\"},{\"@type\":\"Organization\",\"@id\":\"https:\\\/\\\/iwell-guard.com\\\/is\\\/#organization\",\"name\":\"Ittermann electronic GmbH\",\"url\":\"https:\\\/\\\/iwell-guard.com\\\/is\\\/\",\"logo\":{\"@type\":\"ImageObject\",\"inLanguage\":\"is\",\"@id\":\"https:\\\/\\\/iwell-guard.com\\\/is\\\/#\\\/schema\\\/logo\\\/image\\\/\",\"url\":\"https:\\\/\\\/iwell-guard.com\\\/wp-content\\\/uploads\\\/2026\\\/05\\\/Ittermann-Logo-1182x237-1.png\",\"contentUrl\":\"https:\\\/\\\/iwell-guard.com\\\/wp-content\\\/uploads\\\/2026\\\/05\\\/Ittermann-Logo-1182x237-1.png\",\"width\":1182,\"height\":237,\"caption\":\"Ittermann electronic GmbH\"},\"image\":{\"@id\":\"https:\\\/\\\/iwell-guard.com\\\/is\\\/#\\\/schema\\\/logo\\\/image\\\/\"},\"sameAs\":[\"https:\\\/\\\/pantip.com\\\/profile\\\/9367242\",\"https:\\\/\\\/micro.blog\\\/iwellguard\",\"https:\\\/\\\/www.diggerslist.com\\\/iwellguard\\\/about\",\"https:\\\/\\\/skitterphoto.com\\\/photographers\\\/2870314\\\/iwell-guard\",\"https:\\\/\\\/iwellguard.wordpress.com\\\/2026\\\/06\\\/06\\\/iwell-guard\\\/\",\"https:\\\/\\\/hub.docker.com\\\/u\\\/iwellguard\",\"https:\\\/\\\/www.pinterest.com\\\/iwellguard\\\/\",\"https:\\\/\\\/bit.ly\\\/m\\\/iwellguard\",\"https:\\\/\\\/entre-vos-mains.alsace.eu\\\/profiles\\\/iwellguard\\\/activity\",\"https:\\\/\\\/gravatar.com\\\/reallybeded8fd34\",\"https:\\\/\\\/naijamatta.com\\\/iwellguard\",\"https:\\\/\\\/www.goodreads.com\\\/iwellguard\",\"https:\\\/\\\/profile.hatena.ne.jp\\\/iwellguard\\\/\",\"https:\\\/\\\/experiment.com\\\/users\\\/iwellguard\",\"https:\\\/\\\/wakelet.com\\\/@iWellGuard82270\",\"https:\\\/\\\/www.chordie.com\\\/forum\\\/profile.php?id=2555664\",\"https:\\\/\\\/www.instapaper.com\\\/p\\\/17757966\",\"https:\\\/\\\/www.mapleprimes.com\\\/users\\\/iwellguard\",\"https:\\\/\\\/businesslistingplus.com\\\/profile\\\/iwell-guard\\\/\",\"https:\\\/\\\/telegra.ph\\\/iWell-Guard-06-06\",\"https:\\\/\\\/pbase.com\\\/iwellguard\\\/iwellguard\",\"https:\\\/\\\/b.hatena.ne.jp\\\/iwellguard\\\/20260607#bookmark-4788405196491818882\",\"https:\\\/\\\/fliphtml5.com\\\/home\\\/iwellguard\",\"https:\\\/\\\/anyflip.com\\\/homepage\\\/cmiwl#About\",\"https:\\\/\\\/transfur.com\\\/Users\\\/iwellguard\",\"http:\\\/\\\/delphi.larsbo.org\\\/user\\\/iwellguard\",\"https:\\\/\\\/jobs.lajobsportal.org\\\/profiles\\\/8380803-iwell-guard\",\"https:\\\/\\\/md.chaosdorf.de\\\/s\\\/jfbe5SBdJD\",\"https:\\\/\\\/www.lingvolive.com\\\/en-us\\\/profile\\\/9ecaeaca-ce11-4e51-9e71-01d55e2bff36\\\/translations\",\"https:\\\/\\\/www.fitday.com\\\/fitness\\\/forums\\\/members\\\/iwellguard.html\",\"https:\\\/\\\/www.mymeetbook.com\\\/iwellguard\",\"https:\\\/\\\/pxhere.com\\\/en\\\/photographer-me\\\/5040798\",\"https:\\\/\\\/disqus.com\\\/by\\\/iwellguard\\\/about\\\/\",\"https:\\\/\\\/pastelink.net\\\/hjwciqwq\",\"https:\\\/\\\/pubhtml5.com\\\/homepage\\\/scjhn\\\/\",\"https:\\\/\\\/www.bitchute.com\\\/channel\\\/2O2eOKzNqujT\",\"https:\\\/\\\/audiomack.com\\\/iwellguard\"]}]}<\/script>\n<!-- \/ Yoast SEO Premium plugin. -->","yoast_head_json":{"title":"Yhi \u2013 frumbyggjas\u00f3largy\u00f0ja, go\u00f0s\u00f6gn og heimildir","description":"Yhi er s\u00f3largy\u00f0ja Karraur-frumbyggja og skapari l\u00edfsins. Tr\u00faarfr\u00e6\u00f0ileg \u00fattekt me\u00f0 go\u00f0s\u00f6gn og heimildum.","robots":{"index":"index","follow":"follow","max-snippet":"max-snippet:-1","max-image-preview":"max-image-preview:large","max-video-preview":"max-video-preview:-1"},"canonical":"https:\/\/iwell-guard.com\/is\/yhi-solargydja-karraur\/","og_locale":"is_IS","og_type":"article","og_title":"Yhi \u2013 s\u00f3largy\u00f0ja Karraur","og_description":"Yhi er s\u00f3largy\u00f0ja Karraur-frumbyggja og skapari l\u00edfsins. Tr\u00faarfr\u00e6\u00f0ileg \u00fattekt me\u00f0 go\u00f0s\u00f6gn og heimildum.","og_url":"https:\/\/iwell-guard.com\/is\/yhi-solargydja-karraur\/","og_site_name":"iWell Guard","article_modified_time":"2026-09-05T14:29:14+00:00","og_image":[{"width":1024,"height":1536,"url":"https:\/\/iwell-guard.com\/wp-content\/uploads\/2026\/05\/goetter_aboriginal_yhi.webp","type":"image\/webp"}],"twitter_card":"summary_large_image","schema":{"@context":"https:\/\/schema.org","@graph":[{"@type":"WebPage","@id":"https:\/\/iwell-guard.com\/is\/yhi-solargydja-karraur\/","url":"https:\/\/iwell-guard.com\/is\/yhi-solargydja-karraur\/","name":"Yhi \u2013 frumbyggjas\u00f3largy\u00f0ja, go\u00f0s\u00f6gn og heimildir","isPartOf":{"@id":"https:\/\/iwell-guard.com\/is\/#website"},"primaryImageOfPage":{"@id":"https:\/\/iwell-guard.com\/is\/yhi-solargydja-karraur\/#primaryimage"},"image":{"@id":"https:\/\/iwell-guard.com\/is\/yhi-solargydja-karraur\/#primaryimage"},"thumbnailUrl":"https:\/\/iwell-guard.com\/wp-content\/uploads\/2026\/05\/goetter_aboriginal_yhi.webp","datePublished":"2026-09-05T14:04:39+00:00","dateModified":"2026-09-05T14:29:14+00:00","description":"Yhi er s\u00f3largy\u00f0ja Karraur-frumbyggja og skapari l\u00edfsins. Tr\u00faarfr\u00e6\u00f0ileg \u00fattekt me\u00f0 go\u00f0s\u00f6gn og heimildum.","breadcrumb":{"@id":"https:\/\/iwell-guard.com\/is\/yhi-solargydja-karraur\/#breadcrumb"},"inLanguage":"is","potentialAction":[{"@type":"ReadAction","target":["https:\/\/iwell-guard.com\/is\/yhi-solargydja-karraur\/"]}]},{"@type":"ImageObject","inLanguage":"is","@id":"https:\/\/iwell-guard.com\/is\/yhi-solargydja-karraur\/#primaryimage","url":"https:\/\/iwell-guard.com\/wp-content\/uploads\/2026\/05\/goetter_aboriginal_yhi.webp","contentUrl":"https:\/\/iwell-guard.com\/wp-content\/uploads\/2026\/05\/goetter_aboriginal_yhi.webp","width":1024,"height":1536,"caption":"Gu\u00f0ir \u00far hef\u00f0 frumbyggja \u00c1stral\u00edu (Aboriginal)."},{"@type":"BreadcrumbList","@id":"https:\/\/iwell-guard.com\/is\/yhi-solargydja-karraur\/#breadcrumb","itemListElement":[{"@type":"ListItem","position":1,"name":"Start","item":"https:\/\/iwell-guard.com\/is\/?page_id=168580"},{"@type":"ListItem","position":2,"name":"Yhi \u2013 s\u00f3largy\u00f0ja Karraur"}]},{"@type":"WebSite","@id":"https:\/\/iwell-guard.com\/is\/#website","url":"https:\/\/iwell-guard.com\/is\/","name":"iWell Guard","description":"Schutz vor dunklen Einfl\u00fcssen","publisher":{"@id":"https:\/\/iwell-guard.com\/is\/#organization"},"potentialAction":[{"@type":"SearchAction","target":{"@type":"EntryPoint","urlTemplate":"https:\/\/iwell-guard.com\/is\/?s={search_term_string}"},"query-input":{"@type":"PropertyValueSpecification","valueRequired":true,"valueName":"search_term_string"}}],"inLanguage":"is"},{"@type":"Organization","@id":"https:\/\/iwell-guard.com\/is\/#organization","name":"Ittermann electronic GmbH","url":"https:\/\/iwell-guard.com\/is\/","logo":{"@type":"ImageObject","inLanguage":"is","@id":"https:\/\/iwell-guard.com\/is\/#\/schema\/logo\/image\/","url":"https:\/\/iwell-guard.com\/wp-content\/uploads\/2026\/05\/Ittermann-Logo-1182x237-1.png","contentUrl":"https:\/\/iwell-guard.com\/wp-content\/uploads\/2026\/05\/Ittermann-Logo-1182x237-1.png","width":1182,"height":237,"caption":"Ittermann electronic GmbH"},"image":{"@id":"https:\/\/iwell-guard.com\/is\/#\/schema\/logo\/image\/"},"sameAs":["https:\/\/pantip.com\/profile\/9367242","https:\/\/micro.blog\/iwellguard","https:\/\/www.diggerslist.com\/iwellguard\/about","https:\/\/skitterphoto.com\/photographers\/2870314\/iwell-guard","https:\/\/iwellguard.wordpress.com\/2026\/06\/06\/iwell-guard\/","https:\/\/hub.docker.com\/u\/iwellguard","https:\/\/www.pinterest.com\/iwellguard\/","https:\/\/bit.ly\/m\/iwellguard","https:\/\/entre-vos-mains.alsace.eu\/profiles\/iwellguard\/activity","https:\/\/gravatar.com\/reallybeded8fd34","https:\/\/naijamatta.com\/iwellguard","https:\/\/www.goodreads.com\/iwellguard","https:\/\/profile.hatena.ne.jp\/iwellguard\/","https:\/\/experiment.com\/users\/iwellguard","https:\/\/wakelet.com\/@iWellGuard82270","https:\/\/www.chordie.com\/forum\/profile.php?id=2555664","https:\/\/www.instapaper.com\/p\/17757966","https:\/\/www.mapleprimes.com\/users\/iwellguard","https:\/\/businesslistingplus.com\/profile\/iwell-guard\/","https:\/\/telegra.ph\/iWell-Guard-06-06","https:\/\/pbase.com\/iwellguard\/iwellguard","https:\/\/b.hatena.ne.jp\/iwellguard\/20260607#bookmark-4788405196491818882","https:\/\/fliphtml5.com\/home\/iwellguard","https:\/\/anyflip.com\/homepage\/cmiwl#About","https:\/\/transfur.com\/Users\/iwellguard","http:\/\/delphi.larsbo.org\/user\/iwellguard","https:\/\/jobs.lajobsportal.org\/profiles\/8380803-iwell-guard","https:\/\/md.chaosdorf.de\/s\/jfbe5SBdJD","https:\/\/www.lingvolive.com\/en-us\/profile\/9ecaeaca-ce11-4e51-9e71-01d55e2bff36\/translations","https:\/\/www.fitday.com\/fitness\/forums\/members\/iwellguard.html","https:\/\/www.mymeetbook.com\/iwellguard","https:\/\/pxhere.com\/en\/photographer-me\/5040798","https:\/\/disqus.com\/by\/iwellguard\/about\/","https:\/\/pastelink.net\/hjwciqwq","https:\/\/pubhtml5.com\/homepage\/scjhn\/","https:\/\/www.bitchute.com\/channel\/2O2eOKzNqujT","https:\/\/audiomack.com\/iwellguard"]}]}},"_links":{"self":[{"href":"https:\/\/iwell-guard.com\/is\/wp-json\/wp\/v2\/pages\/168993","targetHints":{"allow":["GET"]}}],"collection":[{"href":"https:\/\/iwell-guard.com\/is\/wp-json\/wp\/v2\/pages"}],"about":[{"href":"https:\/\/iwell-guard.com\/is\/wp-json\/wp\/v2\/types\/page"}],"author":[{"embeddable":true,"href":"https:\/\/iwell-guard.com\/is\/wp-json\/wp\/v2\/users\/3"}],"replies":[{"embeddable":true,"href":"https:\/\/iwell-guard.com\/is\/wp-json\/wp\/v2\/comments?post=168993"}],"version-history":[{"count":0,"href":"https:\/\/iwell-guard.com\/is\/wp-json\/wp\/v2\/pages\/168993\/revisions"}],"wp:featuredmedia":[{"embeddable":true,"href":"https:\/\/iwell-guard.com\/is\/wp-json\/wp\/v2\/media\/2873"}],"wp:attachment":[{"href":"https:\/\/iwell-guard.com\/is\/wp-json\/wp\/v2\/media?parent=168993"}],"wp:term":[{"taxonomy":"category","embeddable":true,"href":"https:\/\/iwell-guard.com\/is\/wp-json\/wp\/v2\/categories?post=168993"}],"curies":[{"name":"wp","href":"https:\/\/api.w.org\/{rel}","templated":true}]}}