{"id":168992,"date":"2026-09-05T14:04:39","date_gmt":"2026-09-05T14:04:39","guid":{"rendered":"https:\/\/iwell-guard.com\/?page_id=168992"},"modified":"2026-09-05T14:29:13","modified_gmt":"2026-09-05T14:29:13","slug":"bunjil-orn-skapari-kulin","status":"publish","type":"page","link":"https:\/\/iwell-guard.com\/is\/bunjil-orn-skapari-kulin\/","title":{"rendered":"Bunjil \u2013 \u00f6rninn skapari Kulin-f\u00f3lksins"},"content":{"rendered":"\t\t<div data-elementor-type=\"wp-page\" data-elementor-id=\"168992\" class=\"elementor elementor-168992 elementor-2647 elementor-bc-flex-widget\" data-elementor-post-type=\"page\">\n\t\t\t\t<div class=\"elementor-element elementor-element-iwgw-bunjil-hero e-flex e-con-boxed e-con e-parent\" data-id=\"iwgw-bunjil-hero\" data-element_type=\"container\" data-e-type=\"container\" data-settings=\"{&quot;background_background&quot;:&quot;classic&quot;}\">\n\t\t\t\t\t<div class=\"e-con-inner\">\n\t\t<div class=\"elementor-element elementor-element-iwgw-bunjil-hl e-flex e-con-boxed e-con e-child\" data-id=\"iwgw-bunjil-hl\" data-element_type=\"container\" data-e-type=\"container\">\n\t\t\t\t\t<div class=\"e-con-inner\">\n\t\t<div class=\"elementor-element elementor-element-iwgw-bunjil-htxt e-con-full e-flex e-con e-child\" data-id=\"iwgw-bunjil-htxt\" data-element_type=\"container\" data-e-type=\"container\">\n\t\t\t\t<div class=\"elementor-element elementor-element-iwgw-bunjil-h1 elementor-widget elementor-widget-heading\" data-id=\"iwgw-bunjil-h1\" data-element_type=\"widget\" data-e-type=\"widget\" data-widget_type=\"heading.default\">\n\t\t\t\t\t<h1 class=\"elementor-heading-title elementor-size-default\">Bunjil, fleygstj\u00f6rnu\u00f6rn (Wedge-Tailed Eagle) sem skapari Kulin-\u00fej\u00f3\u00f0flokka Victoria<\/h1>\t\t\t\t<\/div>\n\t\t\t\t<div class=\"elementor-element elementor-element-iwgw-bunjil-lead elementor-widget elementor-widget-text-editor\" data-id=\"iwgw-bunjil-lead\" data-element_type=\"widget\" data-e-type=\"widget\" data-widget_type=\"text-editor.default\">\n\t\t\t\t\t\t\t\t\t<p>Bunjil er \u00f6rninn skapari Kulin-\u00fej\u00f3\u00f0flokkabandalagsins \u00ed Victoria, Su\u00f0ur-\u00c1stral\u00edu. Hann birtist \u00ed gervi fleygstj\u00f6rnuarnar (<em>Aquila audax<\/em>) og er talinn \u201eAll-Father\u201c h\u00f3ps n\u00e1skyldra frumbyggjam\u00e1la, \u00fear \u00e1 me\u00f0al Wurundjeri, Boon Wurrung, Taungurong og Wathaurong.<\/p>\t\t\t\t\t\t\t\t<\/div>\n\t\t\t\t<\/div>\n\t\t<div class=\"elementor-element elementor-element-iwgw-bunjil-pillc e-con-full e-flex e-con e-child\" data-id=\"iwgw-bunjil-pillc\" data-element_type=\"container\" data-e-type=\"container\">\n\t\t\t\t<div class=\"elementor-element elementor-element-iwgw-bunjil-pills elementor-widget elementor-widget-html\" data-id=\"iwgw-bunjil-pills\" data-element_type=\"widget\" data-e-type=\"widget\" data-widget_type=\"html.default\">\n\t\t\t\t\t<div class=\"iwg-pill-row\"><span class=\"iwg-klasse-badge\" tabindex=\"0\" data-tooltip=\"Skapari hef\u00f0ar frumbyggja.\">Skapari<\/span><a href=\"https:\/\/iwell-guard.com\/is\/aboriginal-astralia-draumtid-tjukurpa-verndargripir\/\" class=\"iwg-kultur-badge\" tabindex=\"0\" data-tooltip=\"Go\u00f0afr\u00e6\u00f0i hef\u00f0ar frumbyggja.\">Frumbyggjar<\/a><span class=\"iwg-tradition-badge\" tabindex=\"0\" data-tooltip=\"H\u00f6fu\u00f0gu\u00f0.\">H\u00f6fu\u00f0gu\u00f0<\/span><\/div>\t\t\t\t<\/div>\n\t\t\t\t<\/div>\n\t\t<div class=\"elementor-element elementor-element-iwgw-bunjil-tocc e-con-full e-flex e-con e-child\" data-id=\"iwgw-bunjil-tocc\" data-element_type=\"container\" data-e-type=\"container\">\n\t\t\t\t<div class=\"elementor-element elementor-element-iwgw-bunjil-toc elementor-toc--minimized-on-tablet elementor-widget elementor-widget-table-of-contents\" data-id=\"iwgw-bunjil-toc\" data-element_type=\"widget\" data-e-type=\"widget\" data-settings=\"{&quot;headings_by_tags&quot;:[&quot;h2&quot;,&quot;h3&quot;],&quot;minimize_box&quot;:&quot;yes&quot;,&quot;marker_view&quot;:&quot;bullets&quot;,&quot;no_headings_message&quot;:&quot;Engar undirfyrirsagnir fundust \\u00e1 \\u00feessari s\\u00ed\\u00f0u.&quot;,&quot;exclude_headings_by_selector&quot;:[],&quot;icon&quot;:{&quot;value&quot;:&quot;fas fa-circle&quot;,&quot;library&quot;:&quot;fa-solid&quot;,&quot;rendered_tag&quot;:&quot;&lt;svg class=\\&quot;e-font-icon-svg e-fas-circle\\&quot; viewBox=\\&quot;0 0 512 512\\&quot; xmlns=\\&quot;http:\\\/\\\/www.w3.org\\\/2000\\\/svg\\&quot;&gt;&lt;path d=\\&quot;M256 8C119 8 8 119 8 256s111 248 248 248 248-111 248-248S393 8 256 8z\\&quot;&gt;&lt;\\\/path&gt;&lt;\\\/svg&gt;&quot;},&quot;minimized_on&quot;:&quot;tablet&quot;,&quot;hierarchical_view&quot;:&quot;yes&quot;,&quot;min_height&quot;:{&quot;unit&quot;:&quot;px&quot;,&quot;size&quot;:&quot;&quot;,&quot;sizes&quot;:[]},&quot;min_height_tablet&quot;:{&quot;unit&quot;:&quot;px&quot;,&quot;size&quot;:&quot;&quot;,&quot;sizes&quot;:[]},&quot;min_height_mobile&quot;:{&quot;unit&quot;:&quot;px&quot;,&quot;size&quot;:&quot;&quot;,&quot;sizes&quot;:[]}}\" data-widget_type=\"table-of-contents.default\">\n\t\t\t\t\t\t\t\t\t<div class=\"elementor-toc__header\">\n\t\t\t\t\t\t<h2 class=\"elementor-toc__header-title\">\n\t\t\t\tEfnisyfirlit\t\t\t<\/h2>\n\t\t\t\t\t\t\t\t\t\t<div class=\"elementor-toc__toggle-button elementor-toc__toggle-button--expand\" role=\"button\" tabindex=\"0\" aria-controls=\"elementor-toc__iwgw-bunjil-toc\" aria-expanded=\"true\" aria-label=\"Open table of contents\"><svg aria-hidden=\"true\" class=\"e-font-icon-svg e-fas-chevron-down\" viewBox=\"0 0 448 512\" xmlns=\"http:\/\/www.w3.org\/2000\/svg\"><path d=\"M207.029 381.476L12.686 187.132c-9.373-9.373-9.373-24.569 0-33.941l22.667-22.667c9.357-9.357 24.522-9.375 33.901-.04L224 284.505l154.745-154.021c9.379-9.335 24.544-9.317 33.901.04l22.667 22.667c9.373 9.373 9.373 24.569 0 33.941L240.971 381.476c-9.373 9.372-24.569 9.372-33.942 0z\"><\/path><\/svg><\/div>\n\t\t\t\t<div class=\"elementor-toc__toggle-button elementor-toc__toggle-button--collapse\" role=\"button\" tabindex=\"0\" aria-controls=\"elementor-toc__iwgw-bunjil-toc\" aria-expanded=\"true\" aria-label=\"Close table of contents\"><svg aria-hidden=\"true\" class=\"e-font-icon-svg e-fas-chevron-up\" viewBox=\"0 0 448 512\" xmlns=\"http:\/\/www.w3.org\/2000\/svg\"><path d=\"M240.971 130.524l194.343 194.343c9.373 9.373 9.373 24.569 0 33.941l-22.667 22.667c-9.357 9.357-24.522 9.375-33.901.04L224 227.495 69.255 381.516c-9.379 9.335-24.544 9.317-33.901-.04l-22.667-22.667c-9.373-9.373-9.373-24.569 0-33.941L207.03 130.525c9.372-9.373 24.568-9.373 33.941-.001z\"><\/path><\/svg><\/div>\n\t\t\t\t\t<\/div>\n\t\t\t\t<div id=\"elementor-toc__iwgw-bunjil-toc\" class=\"elementor-toc__body\">\n\t\t\t<div class=\"elementor-toc__spinner-container\">\n\t\t\t\t<svg class=\"elementor-toc__spinner eicon-animation-spin e-font-icon-svg e-eicon-loading\" aria-hidden=\"true\" viewBox=\"0 0 1000 1000\" xmlns=\"http:\/\/www.w3.org\/2000\/svg\"><path d=\"M500 975V858C696 858 858 696 858 500S696 142 500 142 142 304 142 500H25C25 237 238 25 500 25S975 237 975 500 763 975 500 975Z\"><\/path><\/svg>\t\t\t<\/div>\n\t\t<\/div>\n\t\t\t\t\t\t<\/div>\n\t\t\t\t<\/div>\n\t\t\t\t\t<\/div>\n\t\t\t\t<\/div>\n\t\t<div class=\"elementor-element elementor-element-iwgw-bunjil-hr e-con-full e-flex e-con e-child\" data-id=\"iwgw-bunjil-hr\" data-element_type=\"container\" data-e-type=\"container\">\n\t\t\t\t<div class=\"elementor-element elementor-element-iwgw-bunjil-heroimg iwg-hero-image elementor-widget elementor-widget-image\" data-id=\"iwgw-bunjil-heroimg\" data-element_type=\"widget\" data-e-type=\"widget\" data-widget_type=\"image.default\">\n\t\t\t\t\t\t\t\t\t\t\t\t\t\t\t<img fetchpriority=\"high\" decoding=\"async\" width=\"683\" height=\"1024\" src=\"https:\/\/iwell-guard.com\/wp-content\/uploads\/2026\/05\/goetter_aboriginal_bunjil-683x1024.webp\" class=\"attachment-large size-large wp-image-170788\" alt=\"Bunjil - gu\u00f0ir \u00far Aboriginal-hef\u00f0inni, s\u00f6gulega myndskreytt\" srcset=\"https:\/\/iwell-guard.com\/wp-content\/uploads\/2026\/05\/goetter_aboriginal_bunjil-683x1024.webp 683w, https:\/\/iwell-guard.com\/wp-content\/uploads\/2026\/05\/goetter_aboriginal_bunjil-200x300.webp 200w, https:\/\/iwell-guard.com\/wp-content\/uploads\/2026\/05\/goetter_aboriginal_bunjil-768x1152.webp 768w, https:\/\/iwell-guard.com\/wp-content\/uploads\/2026\/05\/goetter_aboriginal_bunjil.webp 1024w\" sizes=\"(max-width: 683px) 100vw, 683px\" \/>\t\t\t\t\t\t\t\t\t\t\t\t\t\t\t<\/div>\n\t\t\t\t<\/div>\n\t\t\t\t\t<\/div>\n\t\t\t\t<\/div>\n\t\t<div class=\"elementor-element elementor-element-iwgw-bunjil-s0 e-flex e-con-boxed e-con e-parent\" data-id=\"iwgw-bunjil-s0\" data-element_type=\"container\" data-e-type=\"container\">\n\t\t\t\t\t<div class=\"e-con-inner\">\n\t\t\t\t<div class=\"elementor-element elementor-element-iwgw-bunjil-s0h elementor-widget elementor-widget-heading\" data-id=\"iwgw-bunjil-s0h\" data-element_type=\"widget\" data-e-type=\"widget\" data-widget_type=\"heading.default\">\n\t\t\t\t\t<h2 class=\"elementor-heading-title elementor-size-default\">Greining og skammrit<\/h2>\t\t\t\t<\/div>\n\t\t<div class=\"elementor-element elementor-element-iwgw-bunjil-s0c e-con-full e-flex e-con e-child\" data-id=\"iwgw-bunjil-s0c\" data-element_type=\"container\" data-e-type=\"container\">\n\t\t\t\t<div class=\"elementor-element elementor-element-iwgw-bunjil-s0t elementor-widget elementor-widget-text-editor\" data-id=\"iwgw-bunjil-s0t\" data-element_type=\"widget\" data-e-type=\"widget\" data-widget_type=\"text-editor.default\">\n\t\t\t\t\t\t\t\t\t<p>Bunjil er mikilv\u00e6gasta tr\u00faarlega vera Kulin-\u00fej\u00f3\u00f0flokkabandalagsins \u00ed Victoria. Kulin samanstendur af nokkrum n\u00e1skyldum tungum\u00e1lah\u00f3pum: Wurundjeri (\u00ed Yarra-dalnum), Boon Wurrung (vi\u00f0 Port Phillip-fl\u00f3a), Taungurong (\u00ed Goulburn-dalnum), Wathaurong (\u00e1 Geelong-sv\u00e6\u00f0inu) og Djadja Wurrung, sem \u00f6ll l\u00edta \u00e1 Bunjil sem \u00e6\u00f0sta gu\u00f0.<\/p><p>Bunjil er samsama\u00f0ur fleygstj\u00f6rnu\u00f6rninni (\u00e1 ensku: wedge-tailed eagle), st\u00e6rsta r\u00e1nfugli \u00c1stral\u00edu. \u00cd \u00feessari d\u00fdrsams\u00f6mun er hann fr\u00e1brug\u00f0inn <a href=\"https:\/\/iwell-guard.com\/is\/?page_id=168991\">Baiame<\/a>, sem er fremur mannmynda\u00f0ur. Tr\u00faarbrag\u00f0afr\u00e6\u00f0ilega tilheyrir hann \u00fe\u00f3 \u201eAll-Father\u201c-flokknum sem Alfred Howitt l\u00fdsti me\u00f0 kerfisbundnum h\u00e6tti \u00e1ri\u00f0 1884.<\/p><p>Innan <a href=\"https:\/\/iwell-guard.com\/is\/aboriginal-astralia-draumtid-tjukurpa-verndargripir\/\">frumbyggjahef\u00f0arins<\/a> er Bunjil s\u00e9rstaklega athyglisver\u00f0ur vegna tengsla sinna vi\u00f0 tv\u00edhli\u00f0a kerfi: Kulin skiptist \u00ed tv\u00e6r \u201ehelmingar\u201c (moieties), Bunjil-Eaglehawk og Waa-Crow. \u00deessi tv\u00edhli\u00f0a skipting m\u00f3tar allt hj\u00faskapar- og samf\u00e9lagsskipulag.<\/p>\t\t\t\t\t\t\t\t<\/div>\n\t\t\t\t<\/div>\n\t\t\t\t\t<\/div>\n\t\t\t\t<\/div>\n\t\t<div class=\"elementor-element elementor-element-iwgw-bunjil-s1 e-flex e-con-boxed e-con e-parent\" data-id=\"iwgw-bunjil-s1\" data-element_type=\"container\" data-e-type=\"container\">\n\t\t\t\t\t<div class=\"e-con-inner\">\n\t\t\t\t<div class=\"elementor-element elementor-element-iwgw-bunjil-s1h elementor-widget elementor-widget-heading\" data-id=\"iwgw-bunjil-s1h\" data-element_type=\"widget\" data-e-type=\"widget\" data-widget_type=\"heading.default\">\n\t\t\t\t\t<h2 class=\"elementor-heading-title elementor-size-default\">Nafn og or\u00f0sifjar<\/h2>\t\t\t\t<\/div>\n\t\t<div class=\"elementor-element elementor-element-iwgw-bunjil-s1c e-con-full e-flex e-con e-child\" data-id=\"iwgw-bunjil-s1c\" data-element_type=\"container\" data-e-type=\"container\">\n\t\t\t\t<div class=\"elementor-element elementor-element-iwgw-bunjil-s1t elementor-widget elementor-widget-text-editor\" data-id=\"iwgw-bunjil-s1t\" data-element_type=\"widget\" data-e-type=\"widget\" data-widget_type=\"text-editor.default\">\n\t\t\t\t\t\t\t\t\t<p>Nafni\u00f0 <em>Bunjil<\/em> (einnig <em>Bundjil<\/em>, <em>Punjel<\/em>) er fastm\u00f3ta\u00f0 s\u00e9rnafn \u00ed Wurundjeri og \u00f6\u00f0rum Kulin-m\u00e1lum. Or\u00f0sifjafr\u00e6\u00f0in tengir or\u00f0i\u00f0 l\u00edklega vi\u00f0 or\u00f0stofninn <em>bunj-<\/em>, \u201ealdra\u00f0ur ma\u00f0ur, vitur herra\u201c, sem er skjalfestur \u00ed m\u00f6rgum m\u00e1lum Su\u00f0austur-\u00c1stral\u00edu.<\/p><p>Robert Brough Smyth nota\u00f0i \u00ed <em>The Aborigines of Victoria<\/em> (1878) rith\u00e1tinn <em>Pun-jel<\/em>. \u00deessi rith\u00e1tur hefur ekki n\u00e1\u00f0 f\u00f3tfestu; \u00ed dag er <em>Bunjil<\/em> hinn vi\u00f0tekni h\u00e1ttur.<\/p><p>Tengslin vi\u00f0 \u00f6rninn (<em>wedge-tailed eagle<\/em>, \u00e1 sta\u00f0arm\u00e1li <em>willarwill<\/em> e\u00f0a <em>maliyan<\/em>) eru ekki a\u00f0eins nafnfr\u00e6\u00f0ileg heldur einnig myndfr\u00e6\u00f0ileg. \u00cd bergm\u00e1lverkunum \u00ed Bunjil-hellinum vi\u00f0 Stawell (\u00e1 landi Wurundjeri-f\u00f3lksins) er var\u00f0veitt st\u00f3r \u00f6rn-manns-mynd sem talin er s\u00fdna Bunjil.<\/p>\t\t\t\t\t\t\t\t<\/div>\n\t\t\t\t<\/div>\n\t\t\t\t\t<\/div>\n\t\t\t\t<\/div>\n\t\t<div class=\"elementor-element elementor-element-iwgw-bunjil-s2 e-flex e-con-boxed e-con e-parent\" data-id=\"iwgw-bunjil-s2\" data-element_type=\"container\" data-e-type=\"container\">\n\t\t\t\t\t<div class=\"e-con-inner\">\n\t\t\t\t<div class=\"elementor-element elementor-element-iwgw-bunjil-s2h elementor-widget elementor-widget-heading\" data-id=\"iwgw-bunjil-s2h\" data-element_type=\"widget\" data-e-type=\"widget\" data-widget_type=\"heading.default\">\n\t\t\t\t\t<h2 class=\"elementor-heading-title elementor-size-default\">L\u00fdsing og myndm\u00e1l<\/h2>\t\t\t\t<\/div>\n\t\t<div class=\"elementor-element elementor-element-iwgw-bunjil-s2c e-con-full e-flex e-con e-child\" data-id=\"iwgw-bunjil-s2c\" data-element_type=\"container\" data-e-type=\"container\">\n\t\t\t\t<div class=\"elementor-element elementor-element-iwgw-bunjil-s2t elementor-widget elementor-widget-text-editor\" data-id=\"iwgw-bunjil-s2t\" data-element_type=\"widget\" data-e-type=\"widget\" data-widget_type=\"text-editor.default\">\n\t\t\t\t\t\t\t\t\t<p>Bunjil er l\u00fdst sem st\u00f3rum, vitrum manni me\u00f0 tv\u00e6r konur og tvo syni, sem getur um lei\u00f0 teki\u00f0 \u00e1 sig gervi m\u00e1ttugs arnar. \u00cd \u00feessu tv\u00ede\u00f0li er hann fr\u00e1brug\u00f0inn hreinum mannmynda\u00f0um \u00e6\u00f0stu gu\u00f0um annarra frumbyggjah\u00f3pa.<\/p><p>Fr\u00e6gasta Bunjil-myndin er bergm\u00e1lverki\u00f0 \u00ed Bunjil-hellinum (Bunjil Shelter) n\u00e1l\u00e6gt Stawell \u00ed Vestur-Victoria. \u00dea\u00f0 s\u00fdnir um 1,2 metra h\u00e1a f\u00edg\u00faru me\u00f0 \u00fatr\u00e9tta arma, fja\u00f0raskrautskennt \u00fatlit og tv\u00e6r hundl\u00edkar fylgiverur (a\u00f0 \u00f6llum l\u00edkindum synir hans tveir \u00ed d\u00fdrsgervi). \u00deessi sta\u00f0ur hefur veri\u00f0 undir vernd frumbyggja fr\u00e1 og me\u00f0 1980-\u00e1ratugnum.<\/p><p>\u00cd n\u00fat\u00edma frumbyggjalist Victoria er Bunjil oft t\u00e1kna\u00f0ur me\u00f0 arnarmerkjum. \u00ddmsir Wurundjeri-listamenn hafa skapa\u00f0 n\u00fat\u00edmalegar Bunjil-myndir; kunn sk\u00falpt\u00farverk h\u00f6ggmyndarans Bruce Armstrong stendur \u00ed dag \u00ed Melbourne (Docklands).<\/p>\t\t\t\t\t\t\t\t<\/div>\n\t\t\t\t<\/div>\n\t\t\t\t\t<\/div>\n\t\t\t\t<\/div>\n\t\t<div class=\"elementor-element elementor-element-iwgw-bunjil-s3 e-flex e-con-boxed e-con e-parent\" data-id=\"iwgw-bunjil-s3\" data-element_type=\"container\" data-e-type=\"container\">\n\t\t\t\t\t<div class=\"e-con-inner\">\n\t\t\t\t<div class=\"elementor-element elementor-element-iwgw-bunjil-s3h elementor-widget elementor-widget-heading\" data-id=\"iwgw-bunjil-s3h\" data-element_type=\"widget\" data-e-type=\"widget\" data-widget_type=\"heading.default\">\n\t\t\t\t\t<h2 class=\"elementor-heading-title elementor-size-default\">Go\u00f0sagnakenndar fr\u00e1sagnir<\/h2>\t\t\t\t<\/div>\n\t\t<div class=\"elementor-element elementor-element-iwgw-bunjil-s3c e-con-full e-flex e-con e-child\" data-id=\"iwgw-bunjil-s3c\" data-element_type=\"container\" data-e-type=\"container\">\n\t\t\t\t<div class=\"elementor-element elementor-element-iwgw-bunjil-s3t elementor-widget elementor-widget-text-editor\" data-id=\"iwgw-bunjil-s3t\" data-element_type=\"widget\" data-e-type=\"widget\" data-widget_type=\"text-editor.default\">\n\t\t\t\t\t\t\t\t\t<p>Meginfr\u00e1s\u00f6gnin um Bunjil l\u00fdsir sk\u00f6pun heims Kulin-f\u00f3lksins: Bunjil og br\u00f3\u00f0ir hans Waa-Crow steig ni\u00f0ur til jar\u00f0ar \u00e1 Draumt\u00edmanum. Bunjil m\u00f3ta\u00f0i landslagi\u00f0 og d\u00fdrin; \u00far tveimur trj\u00e1b\u00fatum skapa\u00f0i hann fyrstu tvo mennina; \u00far leir \u00far farvegi \u00e1rinnar fyrstu tv\u00e6r konurnar.<\/p><p>Svo gaf hann mannf\u00f3lkinu l\u00f6g \u00fej\u00f3\u00f0flokksins og steig upp til himins a\u00f0 n\u00fdju, \u00fear sem hann er \u00ed dag s\u00fdnilegur sem stj\u00f6rnumerki\u00f0 Altair (\u00ed hef\u00f0 Kulin-f\u00f3lksins).<\/p><p>\u00d6nnur fr\u00e1s\u00f6gn l\u00fdsir deilu milli Bunjil og Waa-Crow um hver \u00feeirra skyldi skipa mannf\u00f3lkinu \u00ed hvora helminginn. \u00deessi fr\u00e1s\u00f6gn r\u00e9ttl\u00e6tir tv\u00edhli\u00f0a helmingaskipan Kulin-samf\u00e9lagsins, sem kve\u00f0ur \u00e1 um hj\u00f3nab\u00f6nd milli Bunjil- og Waa-helminganna.<\/p><p>A. W. Howitt skjalfesti \u00ed <em>The Native Tribes of South-East Australia<\/em> (1904) nokkrar Bunjil-fr\u00e1sagnir \u00far \u00fdmsum tungum\u00e1lah\u00f3pum Kulin-f\u00f3lksins. \u00deetta safn er enn mikilv\u00e6g frumheimild, jafnvel \u00fe\u00f3tt utana\u00f0komandi sj\u00f3narhorn \u00feess s\u00e9 n\u00fa meti\u00f0 me\u00f0 gagnr\u00fdnum h\u00e6tti.<\/p>\t\t\t\t\t\t\t\t<\/div>\n\t\t\t\t<\/div>\n\t\t\t\t\t<\/div>\n\t\t\t\t<\/div>\n\t\t<div class=\"elementor-element elementor-element-iwgw-bunjil-s4 e-flex e-con-boxed e-con e-parent\" data-id=\"iwgw-bunjil-s4\" data-element_type=\"container\" data-e-type=\"container\">\n\t\t\t\t\t<div class=\"e-con-inner\">\n\t\t\t\t<div class=\"elementor-element elementor-element-iwgw-bunjil-s4h elementor-widget elementor-widget-heading\" data-id=\"iwgw-bunjil-s4h\" data-element_type=\"widget\" data-e-type=\"widget\" data-widget_type=\"heading.default\">\n\t\t\t\t\t<h2 class=\"elementor-heading-title elementor-size-default\">D\u00fdrkun og tilbei\u00f0sla<\/h2>\t\t\t\t<\/div>\n\t\t<div class=\"elementor-element elementor-element-iwgw-bunjil-s4c e-con-full e-flex e-con e-child\" data-id=\"iwgw-bunjil-s4c\" data-element_type=\"container\" data-e-type=\"container\">\n\t\t\t\t<div class=\"elementor-element elementor-element-iwgw-bunjil-s4t elementor-widget elementor-widget-text-editor\" data-id=\"iwgw-bunjil-s4t\" data-element_type=\"widget\" data-e-type=\"widget\" data-widget_type=\"text-editor.default\">\n\t\t\t\t\t\t\t\t\t<p><span class=\"iwg-fachbegriff\" data-tooltip=\"Heild tr\u00faarlegra tilbei\u00f0sluathafna fyrir gu\u00f0 e\u00f0a heilaga veru.\" tabindex=\"0\">D\u00fdrkun<\/span> Bunjils var \u00ed hinu forna Kulin-landsv\u00e6\u00f0i n\u00e1tengd <span class=\"iwg-fachbegriff\" data-tooltip=\"Tr\u00faarlegt umbreytingarferli \u00fear sem einstaklingur er tekinn inn \u00ed n\u00fdja st\u00f6\u00f0u e\u00f0a samf\u00e9lag.\" tabindex=\"0\">v\u00edgslu<\/span> ungra manna. Howitt l\u00fdsir nokkrum v\u00edgsluferlum \u00fear sem Bunjil-s\u00f6nglag var l\u00e6rt, Bunjil-su\u00f0hringur s\u00fdndur og heimsfr\u00e6\u00f0ileg skipan mi\u00f0la\u00f0. <span class=\"iwg-fachbegriff\" data-tooltip=\"Tr\u00faarlegt umbreytingarferli \u00fear sem einstaklingur er tekinn inn \u00ed n\u00fdja st\u00f6\u00f0u e\u00f0a samf\u00e9lag.\" tabindex=\"0\">V\u00edgslan<\/span> var \u00ferepaskipt og t\u00f3k m\u00f6rg \u00e1r.<\/p><p>Me\u00f0 evr\u00f3pskri bygg\u00f0 Victoria fr\u00e1 1834 skadda\u00f0ist tr\u00fa Kulin-f\u00f3lksins alvarlega. Fyrir 1880 haf\u00f0i hin hef\u00f0bundna Bunjil-i\u00f0kun a\u00f0 mestu rofnast. Wurundjeri-samf\u00e9lagi\u00f0 \u00ed Coranderrk (stofna\u00f0 1863) var\u00f0veitti nokkra \u00fe\u00e6tti \u00ed h\u00f3fstilltri mynd; Diane Barwick skjalfestir \u00feessa s\u00f6gu \u00ed <em>Rebellion at Coranderrk<\/em> (1998).<\/p><p>Fr\u00e1 og me\u00f0 1980-\u00e1ratugnum hefur Bunjil-hef\u00f0in gengi\u00f0 \u00ed gegnum endurvakningu. \u00d6ldungar\u00e1\u00f0 Wurundjeri (Wurundjeri Council of Elders) n\u00fdtir Bunjil sem mikilv\u00e6ga menningarlega sams\u00f6munarveru; \u00ed opinberum \u201eWelcome to Country\u201c-ath\u00f6fnum er Bunjil \u00e1varpa\u00f0ur reglulega.<\/p>\t\t\t\t\t\t\t\t<\/div>\n\t\t\t\t<\/div>\n\t\t\t\t\t<\/div>\n\t\t\t\t<\/div>\n\t\t<div class=\"elementor-element elementor-element-iwgw-bunjil-s5 e-flex e-con-boxed e-con e-parent\" data-id=\"iwgw-bunjil-s5\" data-element_type=\"container\" data-e-type=\"container\">\n\t\t\t\t\t<div class=\"e-con-inner\">\n\t\t\t\t<div class=\"elementor-element elementor-element-iwgw-bunjil-s5h elementor-widget elementor-widget-heading\" data-id=\"iwgw-bunjil-s5h\" data-element_type=\"widget\" data-e-type=\"widget\" data-widget_type=\"heading.default\">\n\t\t\t\t\t<h2 class=\"elementor-heading-title elementor-size-default\">Verndara\u00f0ger\u00f0ir og fr\u00e1hrindandi t\u00e1kn<\/h2>\t\t\t\t<\/div>\n\t\t<div class=\"elementor-element elementor-element-iwgw-bunjil-s5c e-con-full e-flex e-con e-child\" data-id=\"iwgw-bunjil-s5c\" data-element_type=\"container\" data-e-type=\"container\">\n\t\t\t\t<div class=\"elementor-element elementor-element-iwgw-bunjil-s5t elementor-widget elementor-widget-text-editor\" data-id=\"iwgw-bunjil-s5t\" data-element_type=\"widget\" data-e-type=\"widget\" data-widget_type=\"text-editor.default\">\n\t\t\t\t\t\t\t\t\t<p>Tr\u00faarbrag\u00f0afr\u00e6\u00f0ilega s\u00e9\u00f0 stefndu verndara\u00f0fer\u00f0ir \u00ed Bunjil-samhenginu minna a\u00f0 \u00fev\u00ed a\u00f0 afst\u00fdra ska\u00f0a heldur meira a\u00f0 \u00fev\u00ed a\u00f0 halda \u00fej\u00f3\u00f0flokksskipan sem Bunjil setti. Banna\u00f0 var: hj\u00f3naband innan sama helmings; a\u00f0 dey\u00f0a fleygstj\u00f6rnu\u00f6rninn (Bunjil sj\u00e1lfan); a\u00f0 vanhelga heilaga sta\u00f0i \u00e1 bor\u00f0 vi\u00f0 Bunjil-hellinn; a\u00f0 sv\u00edkja karlmannaleyndarm\u00e1l.<\/p><p>Brot \u00e1 \u00feessum reglum var, innan hef\u00f0arins, tali\u00f0 orsaka sj\u00fakd\u00f3ma og f\u00e9lagslega \u00f3g\u00e6fu. Banni\u00f0 vi\u00f0 a\u00f0 dey\u00f0a \u00f6rn var s\u00e9rstaklega strangt; dau\u00f0an \u00f6rn \u00feurfti a\u00f0 jar\u00f0a l\u00edkt og \u00fej\u00f3\u00f0flokksme\u00f0lim.<\/p><p>\u00cd n\u00fat\u00edma i\u00f0kun Wurundjeri-f\u00f3lksins er verndun fleygstj\u00f6rnuarnarins or\u00f0in l\u00edfseig umhverfisleg regla. \u00ddmis Wurundjeri-verkefni vinna a\u00f0 \u00fev\u00ed a\u00f0 koma erninum aftur \u00e1 framf\u00e6ri \u00e1 Yarra-dalssv\u00e6\u00f0inu.<\/p>\t\t\t\t\t\t\t\t<\/div>\n\t\t\t\t<\/div>\n\t\t\t\t\t<\/div>\n\t\t\t\t<\/div>\n\t\t<div class=\"elementor-element elementor-element-iwgw-bunjil-s6 e-flex e-con-boxed e-con e-parent\" data-id=\"iwgw-bunjil-s6\" data-element_type=\"container\" data-e-type=\"container\">\n\t\t\t\t\t<div class=\"e-con-inner\">\n\t\t\t\t<div class=\"elementor-element elementor-element-iwgw-bunjil-s6h elementor-widget elementor-widget-heading\" data-id=\"iwgw-bunjil-s6h\" data-element_type=\"widget\" data-e-type=\"widget\" data-widget_type=\"heading.default\">\n\t\t\t\t\t<h2 class=\"elementor-heading-title elementor-size-default\">Hli\u00f0st\u00e6\u00f0ur \u00ed \u00f6\u00f0rum menningarheimum<\/h2>\t\t\t\t<\/div>\n\t\t<div class=\"elementor-element elementor-element-iwgw-bunjil-s6c e-con-full e-flex e-con e-child\" data-id=\"iwgw-bunjil-s6c\" data-element_type=\"container\" data-e-type=\"container\">\n\t\t\t\t<div class=\"elementor-element elementor-element-iwgw-bunjil-s6t elementor-widget elementor-widget-text-editor\" data-id=\"iwgw-bunjil-s6t\" data-element_type=\"widget\" data-e-type=\"widget\" data-widget_type=\"text-editor.default\">\n\t\t\t\t\t\t\t\t\t<p>Byggingarlega samb\u00e6rilegar vi\u00f0 Bunjil eru: <a href=\"https:\/\/iwell-guard.com\/is\/?page_id=168991\">Baiame<\/a> hj\u00e1 Wiradjuri\/Kamilaroi (mannger\u00f0), Daramulun \u00ed nokkrum h\u00f3pum \u00ed NSW, Mungan-Ngana hj\u00e1 Kurnai (allar af \u201eAlf\u00f6\u00f0ur\u201c-ger\u00f0inni samkv\u00e6mt Howitt 1884). \u00c1 nor\u00f0ur-amer\u00edsku sl\u00e9ttunum er til \u00f6rn-skapara-hef\u00f0 Sioux-manna (Wakinyan), og \u00ed S\u00edber\u00edu \u00f6rn-sk\u00f6punard\u00fdr nokkurra sjaman\u00edskra hef\u00f0a.<\/p><p>Tr\u00faarbrag\u00f0afyrirb\u00e6rafr\u00e6\u00f0ilega s\u00e9\u00f0 er Bunjil \u00e1hugavert millistig: h\u00e1lfmannger\u00f0ur, h\u00e1lft\u00f3tem\u00edskur. \u00deessi tv\u00f6falda n\u00e1tt\u00fara a\u00f0greinir hann fr\u00e1 hreinum mannger\u00f0um h\u00e1gu\u00f0um og gerir hann a\u00f0 \u00feakkl\u00e1tu ranns\u00f3knartilviki fyrir tr\u00faarbrag\u00f0afr\u00e6\u00f0ilega flokkun.<\/p><p>Tony Swain kynnti \u00ed <em>A Place for Strangers<\/em> (1993) Bunjil sem d\u00e6mi um s\u00e9rstakt su\u00f0austur-\u00e1stralskt tr\u00faarform sem ekki er h\u00e6gt a\u00f0 \u00fer\u00f6ngva inn \u00ed evr\u00f3pska gu\u00f0a-flokka.<\/p>\t\t\t\t\t\t\t\t<\/div>\n\t\t\t\t<\/div>\n\t\t\t\t\t<\/div>\n\t\t\t\t<\/div>\n\t\t<div class=\"elementor-element elementor-element-iwgw-bunjil-s7 e-flex e-con-boxed e-con e-parent\" data-id=\"iwgw-bunjil-s7\" data-element_type=\"container\" data-e-type=\"container\">\n\t\t\t\t\t<div class=\"e-con-inner\">\n\t\t\t\t<div class=\"elementor-element elementor-element-iwgw-bunjil-s7h elementor-widget elementor-widget-heading\" data-id=\"iwgw-bunjil-s7h\" data-element_type=\"widget\" data-e-type=\"widget\" data-widget_type=\"heading.default\">\n\t\t\t\t\t<h2 class=\"elementor-heading-title elementor-size-default\">N\u00fat\u00edmavi\u00f0t\u00f6kur og ranns\u00f3knir<\/h2>\t\t\t\t<\/div>\n\t\t<div class=\"elementor-element elementor-element-iwgw-bunjil-s7c e-con-full e-flex e-con e-child\" data-id=\"iwgw-bunjil-s7c\" data-element_type=\"container\" data-e-type=\"container\">\n\t\t\t\t<div class=\"elementor-element elementor-element-iwgw-bunjil-s7t elementor-widget elementor-widget-text-editor\" data-id=\"iwgw-bunjil-s7t\" data-element_type=\"widget\" data-e-type=\"widget\" data-widget_type=\"text-editor.default\">\n\t\t\t\t\t\t\t\t\t<p>Mikilv\u00e6gustu frumverkin eru Robert Brough Smyth: <em>The Aborigines of Victoria<\/em> (1878) og A. W. Howitt: <em>The Native Tribes of South-East Australia<\/em> (1904). B\u00e6\u00f0i verkin eru m\u00f6rku\u00f0 af n\u00fdlendusj\u00f3narmi\u00f0um en eru \u00fe\u00f3 \u00f3missandi frumheimildir.<\/p><p>Diane Barwicks <em>Rebellion at Coranderrk<\/em> (1998, gefi\u00f0 \u00fat eftir andl\u00e1t hennar) er mikilv\u00e6gasta s\u00f6guleg ranns\u00f3knin \u00e1 Wurundjeri-samf\u00e9laginu \u00e1 19. \u00f6ld; h\u00fan s\u00fdnir hvernig hef\u00f0bundin tr\u00faari\u00f0kun lif\u00f0i af og breyttist \u00e1 t\u00edmum verndarsv\u00e6\u00f0anna.<\/p><p>\u00cd samt\u00edmaranns\u00f3knum \u00e1 frumbyggjum gegna raddir Wurundjeri- og Kulin-f\u00f3lks sj\u00e1lfs s\u00edfellt mikilv\u00e6gara hlutverki. Bruce Pascoe, Marcia Langton og a\u00f0rir hafa f\u00e6rt Bunjil inn \u00ed n\u00faverandi umr\u00e6\u00f0u um sj\u00e1lfsmynd frumbyggja og landr\u00e9ttindi.<\/p>\t\t\t\t\t\t\t\t<\/div>\n\t\t\t\t<\/div>\n\t\t\t\t\t<\/div>\n\t\t\t\t<\/div>\n\t\t<div class=\"elementor-element elementor-element-iwgw-bunjil-s8 e-flex e-con-boxed e-con e-parent\" data-id=\"iwgw-bunjil-s8\" data-element_type=\"container\" data-e-type=\"container\">\n\t\t\t\t\t<div class=\"e-con-inner\">\n\t\t\t\t<div class=\"elementor-element elementor-element-iwgw-bunjil-s8h elementor-widget elementor-widget-heading\" data-id=\"iwgw-bunjil-s8h\" data-element_type=\"widget\" data-e-type=\"widget\" data-widget_type=\"heading.default\">\n\t\t\t\t\t<h2 class=\"elementor-heading-title elementor-size-default\">Ranns\u00f3knarumr\u00e6\u00f0ur og opnar spurningar<\/h2>\t\t\t\t<\/div>\n\t\t<div class=\"elementor-element elementor-element-iwgw-bunjil-s8c e-con-full e-flex e-con e-child\" data-id=\"iwgw-bunjil-s8c\" data-element_type=\"container\" data-e-type=\"container\">\n\t\t\t\t<div class=\"elementor-element elementor-element-iwgw-bunjil-s8t elementor-widget elementor-widget-text-editor\" data-id=\"iwgw-bunjil-s8t\" data-element_type=\"widget\" data-e-type=\"widget\" data-widget_type=\"text-editor.default\">\n\t\t\t\t\t\t\t\t\t<p>Nokkrar ranns\u00f3knarumr\u00e6\u00f0ur sn\u00faast um Bunjil. \u00cd fyrsta lagi: Hvert er samband hans vi\u00f0 <a href=\"https:\/\/iwell-guard.com\/is\/?page_id=168991\">Baiame<\/a> og Daramulun? Howitt leit \u00e1 \u00fe\u00e1 sem sv\u00e6\u00f0isbundin afbrig\u00f0i af sameiginlegri \u201eAlf\u00f6\u00f0ur\u201c-ger\u00f0; n\u00fdrri ranns\u00f3knir (Swain) hallast a\u00f0 \u00fev\u00ed a\u00f0 lesa \u00fe\u00e1 sem sj\u00e1lfst\u00e6\u00f0ar sv\u00e6\u00f0isbundnar verur.<\/p><p>\u00cd \u00f6\u00f0ru lagi: Hva\u00f0a hlutverki gegnir helmingaskiptakerfi\u00f0 (Bunjil\/Waa) \u00ed sj\u00e1lfsmynd Wurundjeri-f\u00f3lks \u00ed dag? Me\u00f0 truflun \u00e1 hef\u00f0bundinni hj\u00faskaparskipan \u00e1 19. \u00f6ld glata\u00f0i helmingaskiptaskipulagi\u00f0 upprunalegu f\u00e9lagslegu hlutverki s\u00ednu; \u00fea\u00f0 lifir \u00ed dag \u00e1fram sem menningarleg sams\u00f6munart\u00e1kn.<\/p><p>\u00cd \u00feri\u00f0ja lagi: Hvernig breytist Bunjil-hef\u00f0in vegna samt\u00edmavakningar frumbyggja? Ian D. Clark setti fram kerfisbundna \u00fattekt \u00ed <em>Aboriginal Languages and Clans of Victoria<\/em> (1990); n\u00fdrri raddir \u00far Wurundjeri-samf\u00e9laginu sj\u00e1lfu b\u00e6ta vi\u00f0 \u00feessa mynd.<\/p>\t\t\t\t\t\t\t\t<\/div>\n\t\t\t\t<\/div>\n\t\t\t\t\t<\/div>\n\t\t\t\t<\/div>\n\t\t<div class=\"elementor-element elementor-element-iwgw-bunjil-s9 e-flex e-con-boxed e-con e-parent\" data-id=\"iwgw-bunjil-s9\" data-element_type=\"container\" data-e-type=\"container\">\n\t\t\t\t\t<div class=\"e-con-inner\">\n\t\t\t\t<div class=\"elementor-element elementor-element-iwgw-bunjil-s9h elementor-widget elementor-widget-heading\" data-id=\"iwgw-bunjil-s9h\" data-element_type=\"widget\" data-e-type=\"widget\" data-widget_type=\"heading.default\">\n\t\t\t\t\t<h2 class=\"elementor-heading-title elementor-size-default\">Bunjil og helmingaskiptakerfi Kulin-f\u00f3lksins<\/h2>\t\t\t\t<\/div>\n\t\t<div class=\"elementor-element elementor-element-iwgw-bunjil-s9c e-con-full e-flex e-con e-child\" data-id=\"iwgw-bunjil-s9c\" data-element_type=\"container\" data-e-type=\"container\">\n\t\t\t\t<div class=\"elementor-element elementor-element-iwgw-bunjil-s9t elementor-widget elementor-widget-text-editor\" data-id=\"iwgw-bunjil-s9t\" data-element_type=\"widget\" data-e-type=\"widget\" data-widget_type=\"text-editor.default\">\n\t\t\t\t\t\t\t\t\t<p>Helmingaskiptakerfi Kulin-f\u00f3lksins ver\u00f0skuldar n\u00e1nari umfj\u00f6llun. Kulin-samf\u00e9lagi\u00f0 skiptist \u00ed tvo \u201ehelminga\u201c (moieties): Bunjil-Eaglehawk og Waa-Crow. Hver einstaklingur tilheyr\u00f0i einum af \u00feessum tveimur helmingum, og hj\u00f3nab\u00f6nd voru a\u00f0eins leyf\u00f0 yfir helmingam\u00f6rkin. \u00deessi tv\u00ed\u00fe\u00e6tta skipulagning stj\u00f3rna\u00f0i fr\u00e6ndsemi og einnig helgisi\u00f0ahlutverkum, landr\u00e9ttindum og heimsfr\u00e6\u00f0ilegri r\u00f6\u00f0un.<\/p><p>Howitt l\u00fdsti \u00feessu kerfi kerfisbundi\u00f0 \u00ed <em>The Native Tribes of South-East Australia<\/em> (1904); skr\u00e1ningar hans eru mikilv\u00e6g heimild fyrir mannfr\u00e6\u00f0ilegar ranns\u00f3knir \u00e1 tv\u00edhyggju f\u00e9lagsskipulagi.<\/p><p>Tr\u00faarbrag\u00f0afyrirb\u00e6rafr\u00e6\u00f0ilega s\u00e9\u00f0 er helmingaskiptakerfi\u00f0 eitt besta d\u00e6mi\u00f0 um n\u00e1in tengsl <span class=\"iwg-fachbegriff\" data-tooltip=\"Heild \u00feeirra gu\u00f0asagna sem var\u00f0veist hafa innan tiltekinnar menningar.\" tabindex=\"0\">go\u00f0afr\u00e6\u00f0i<\/span> (systkinadeila Bunjil og Waa) og f\u00e9lagsskipulags. Tr\u00faarbr\u00f6g\u00f0 eru h\u00e9r ekki a\u00f0skilinn \u00fe\u00e1ttur heldur \u00f3rj\u00fafanlegur hluti af f\u00e9lagsl\u00edfinu.<\/p>\t\t\t\t\t\t\t\t<\/div>\n\t\t\t\t<\/div>\n\t\t\t\t\t<\/div>\n\t\t\t\t<\/div>\n\t\t<div class=\"elementor-element elementor-element-iwgw-bunjil-s10 e-flex e-con-boxed e-con e-parent\" data-id=\"iwgw-bunjil-s10\" data-element_type=\"container\" data-e-type=\"container\">\n\t\t\t\t\t<div class=\"e-con-inner\">\n\t\t\t\t<div class=\"elementor-element elementor-element-iwgw-bunjil-s10h elementor-widget elementor-widget-heading\" data-id=\"iwgw-bunjil-s10h\" data-element_type=\"widget\" data-e-type=\"widget\" data-widget_type=\"heading.default\">\n\t\t\t\t\t<h2 class=\"elementor-heading-title elementor-size-default\">Bunjil og endurvakning Wurundjeri-f\u00f3lks<\/h2>\t\t\t\t<\/div>\n\t\t<div class=\"elementor-element elementor-element-iwgw-bunjil-s10c e-con-full e-flex e-con e-child\" data-id=\"iwgw-bunjil-s10c\" data-element_type=\"container\" data-e-type=\"container\">\n\t\t\t\t<div class=\"elementor-element elementor-element-iwgw-bunjil-s10t elementor-widget elementor-widget-text-editor\" data-id=\"iwgw-bunjil-s10t\" data-element_type=\"widget\" data-e-type=\"widget\" data-widget_type=\"text-editor.default\">\n\t\t\t\t\t\t\t\t\t<p>Fr\u00e1 1980 hefur Wurundjeri-samf\u00e9lagi\u00f0 \u00ed Melbourne upplifa\u00f0 menningarlega endurvakningu. Bunjil hefur or\u00f0i\u00f0 a\u00f0 mi\u00f0l\u00e6gu sams\u00f6munart\u00e1kni \u00ed \u00fev\u00ed ferli. Wurundjeri-\u00f6ldungar\u00e1\u00f0i\u00f0 notar hann \u00ed opinberum yfirl\u00fdsingum; Bunjil-hellirinn n\u00e1l\u00e6gt Stawell er or\u00f0inn p\u00edlagr\u00edmssta\u00f0ur.<\/p><p>\u00c1 \u00e1rlegum \u201eWelcome to Country\u201c-ath\u00f6fnum \u00ed Melbourne er Bunjil reglulega \u00e1kalla\u00f0ur; borgin sj\u00e1lf hefur fr\u00e1 2002 st\u00f3ra Bunjil-sk\u00falpt\u00far (eftir Bruce Armstrong) \u00ed Docklands-hverfinu, sem virkar sem t\u00e1knr\u00e6nn m\u00f3tt\u00f6kupunktur fyrir gesti.<\/p><p>Tr\u00faarbrag\u00f0af\u00e9lagsfr\u00e6\u00f0ilega s\u00e9\u00f0 er \u00feessi endurvakning d\u00e6mi um samt\u00edma sj\u00e1lfsmyndarp\u00f3lit\u00edk frumbyggja: tr\u00faarhef\u00f0ir ver\u00f0a grundv\u00f6llur n\u00fat\u00edmalegrar menningarlegrar birtingar og p\u00f3lit\u00edskra r\u00f6kf\u00e6rslna.<\/p>\t\t\t\t\t\t\t\t<\/div>\n\t\t\t\t<\/div>\n\t\t\t\t\t<\/div>\n\t\t\t\t<\/div>\n\t\t<div class=\"elementor-element elementor-element-iwgw-bunjil-s11 e-flex e-con-boxed e-con e-parent\" data-id=\"iwgw-bunjil-s11\" data-element_type=\"container\" data-e-type=\"container\">\n\t\t\t\t\t<div class=\"e-con-inner\">\n\t\t\t\t<div class=\"elementor-element elementor-element-iwgw-bunjil-s11h elementor-widget elementor-widget-heading\" data-id=\"iwgw-bunjil-s11h\" data-element_type=\"widget\" data-e-type=\"widget\" data-widget_type=\"heading.default\">\n\t\t\t\t\t<h2 class=\"elementor-heading-title elementor-size-default\">A\u00f0fer\u00f0afr\u00e6\u00f0ileg umr\u00e6\u00f0a og heimildir<\/h2>\t\t\t\t<\/div>\n\t\t<div class=\"elementor-element elementor-element-iwgw-bunjil-s11c e-con-full e-flex e-con e-child\" data-id=\"iwgw-bunjil-s11c\" data-element_type=\"container\" data-e-type=\"container\">\n\t\t\t\t<div class=\"elementor-element elementor-element-iwgw-bunjil-s11t elementor-widget elementor-widget-text-editor\" data-id=\"iwgw-bunjil-s11t\" data-element_type=\"widget\" data-e-type=\"widget\" data-widget_type=\"text-editor.default\">\n\t\t\t\t\t\t\t\t\t<p>\u00cd ranns\u00f3knum \u00e1 Bunjil koma upp nokkur a\u00f0fer\u00f0afr\u00e6\u00f0ileg vandam\u00e1l. \u00cd fyrsta lagi: Mikilv\u00e6gustu frumheimildirnar (Brough Smyth, Howitt) eru fr\u00e1 19. \u00f6ld og m\u00f3ta\u00f0ar af n\u00fdlendusj\u00f3narmi\u00f0um. Samt\u00edmaranns\u00f3knir vinna gagnr\u00fdni\u00f0 me\u00f0 \u00feeim.<\/p><p>\u00cd \u00f6\u00f0ru lagi: Mikil \u00feekking \u00e1 Bunjil ska\u00f0a\u00f0ist vi\u00f0 lokun Coranderrk 1924 og \u00fe\u00e1 verndarsv\u00e6\u00f0astefnu sem fylgdi \u00ed kj\u00f6lfari\u00f0. \u00dea\u00f0 sem vi\u00f0 vitum \u00ed dag er \u00fev\u00ed \u00f3hj\u00e1kv\u00e6milega a\u00f0eins brot af hinni hef\u00f0bundnu d\u00fdpt.<\/p><p>\u00cd \u00feri\u00f0ja lagi: Sj\u00e1lfsl\u00fdsing Wurundjeri-f\u00f3lks \u00ed samt\u00edmanum er sj\u00e1lfst\u00e6tt heimildastig. Bruce Pascoe (<em>Dark Emu<\/em>, 2014) og a\u00f0rir frumbyggjafr\u00e6\u00f0ingar f\u00e6ra inn n\u00fd sj\u00f3narhorn.<\/p><p>\u00deeir sem vilja rannsaka Bunjil-samst\u00e6\u00f0una \u00ed heild sinni finna \u00e1 yfirlitss\u00ed\u00f0unni <a href=\"https:\/\/iwell-guard.com\/is\/aboriginal-astralia-draumtid-tjukurpa-verndargripir\/\">Frumbyggjahef\u00f0 \u00c1stral\u00edu<\/a> mikilv\u00e6gustu tilv\u00edsanir \u00ed tengdar verur eins og <a href=\"https:\/\/iwell-guard.com\/is\/?page_id=168991\">Baiame<\/a> og <a href=\"https:\/\/iwell-guard.com\/is\/?page_id=168993\">Yhi<\/a>.<\/p>\t\t\t\t\t\t\t\t<\/div>\n\t\t\t\t<\/div>\n\t\t\t\t\t<\/div>\n\t\t\t\t<\/div>\n\t\t<div class=\"elementor-element elementor-element-iwgw-bunjil-s12 e-flex e-con-boxed e-con e-parent\" data-id=\"iwgw-bunjil-s12\" data-element_type=\"container\" data-e-type=\"container\">\n\t\t\t\t\t<div class=\"e-con-inner\">\n\t\t\t\t<div class=\"elementor-element elementor-element-iwgw-bunjil-s12h elementor-widget elementor-widget-heading\" data-id=\"iwgw-bunjil-s12h\" data-element_type=\"widget\" data-e-type=\"widget\" data-widget_type=\"heading.default\">\n\t\t\t\t\t<h2 class=\"elementor-heading-title elementor-size-default\">Bunjil og arfleif\u00f0 Coranderrk<\/h2>\t\t\t\t<\/div>\n\t\t<div class=\"elementor-element elementor-element-iwgw-bunjil-s12c e-con-full e-flex e-con e-child\" data-id=\"iwgw-bunjil-s12c\" data-element_type=\"container\" data-e-type=\"container\">\n\t\t\t\t<div class=\"elementor-element elementor-element-iwgw-bunjil-s12t elementor-widget elementor-widget-text-editor\" data-id=\"iwgw-bunjil-s12t\" data-element_type=\"widget\" data-e-type=\"widget\" data-widget_type=\"text-editor.default\">\n\t\t\t\t\t\t\t\t\t<p>Arfleif\u00f0 Coranderrk ver\u00f0skuldar s\u00e9rstaka s\u00f6gusko\u00f0un. Coranderrk var verndarsv\u00e6\u00f0i frumbyggja \u00ed Victoria (1863, 1924) sem var\u00f0 mikilv\u00e6gasta Wurundjeri-samf\u00e9lagi\u00f0 \u00e1 19. \u00f6ld. \u00dea\u00f0 var fyrirmynd a\u00f0 tilt\u00f6lulega sj\u00e1lfst\u00e6\u00f0ri sj\u00e1lfsstj\u00f3rn frumbyggja.<\/p><p>Diane Barwicks <em>Rebellion at Coranderrk<\/em> (1998, gefi\u00f0 \u00fat eftir andl\u00e1t hennar) er mikilv\u00e6gasta s\u00f6gulega ranns\u00f3knin \u00e1 \u00feessu verndarsv\u00e6\u00f0i. H\u00fan s\u00fdnir hvernig Wurundjeri-f\u00f3lk l\u00e9t hef\u00f0bundna tr\u00fa s\u00edna lifa af \u00ed breyttri mynd undir kringumst\u00e6\u00f0um Coranderrk; Bunjil h\u00e9lst mi\u00f0l\u00e6g vi\u00f0mi\u00f0unarvera.<\/p><p>Lokun Coranderrk 1924 var \u00e1takanlegt rof \u00ed s\u00f6gu Wurundjeri-f\u00f3lks. \u00dea\u00f0 var ekki fyrr en fr\u00e1 1980 sem Wurundjeri-samf\u00e9lagi\u00f0 hefur \u00e1 n\u00fd gert opinsk\u00e1tt tilkall til menningarlegrar samfellu sinnar; Bunjil-hef\u00f0in gegnir \u00fear mi\u00f0l\u00e6gu hlutverki.<\/p>\t\t\t\t\t\t\t\t<\/div>\n\t\t\t\t<\/div>\n\t\t\t\t\t<\/div>\n\t\t\t\t<\/div>\n\t\t<div class=\"elementor-element elementor-element-iwgw-bunjil-s13 e-flex e-con-boxed e-con e-parent\" data-id=\"iwgw-bunjil-s13\" data-element_type=\"container\" data-e-type=\"container\">\n\t\t\t\t\t<div class=\"e-con-inner\">\n\t\t\t\t<div class=\"elementor-element elementor-element-iwgw-bunjil-s13h elementor-widget elementor-widget-heading\" data-id=\"iwgw-bunjil-s13h\" data-element_type=\"widget\" data-e-type=\"widget\" data-widget_type=\"heading.default\">\n\t\t\t\t\t<h2 class=\"elementor-heading-title elementor-size-default\">Bunjil og Melbourne sem land Wurundjeri-f\u00f3lks<\/h2>\t\t\t\t<\/div>\n\t\t<div class=\"elementor-element elementor-element-iwgw-bunjil-s13c e-con-full e-flex e-con e-child\" data-id=\"iwgw-bunjil-s13c\" data-element_type=\"container\" data-e-type=\"container\">\n\t\t\t\t<div class=\"elementor-element elementor-element-iwgw-bunjil-s13t elementor-widget elementor-widget-text-editor\" data-id=\"iwgw-bunjil-s13t\" data-element_type=\"widget\" data-e-type=\"widget\" data-widget_type=\"text-editor.default\">\n\t\t\t\t\t\t\t\t\t<p>Borgin Melbourne er bygg\u00f0 \u00e1 landi Wurundjeri-\u00fej\u00f3\u00f0arins. \u00deessi sta\u00f0reynd hefur \u00ed auknum m\u00e6li veri\u00f0 vi\u00f0urkennd \u00ed borgarlegri sj\u00e1lfsmyndarp\u00f3lit\u00edk fr\u00e1 1990. \u00e1ratugnum; Bunjil hefur h\u00e9r or\u00f0i\u00f0 t\u00e1knmynd fyrir arfleif\u00f0 frumbyggja.<\/p><p>Sk\u00falpt\u00far Bruce Armstrongs af Bunjil (2002) \u00ed Melbourne Docklands er \u00e1hrifamiki\u00f0 d\u00e6mi um \u00feetta: 25 metra h\u00e1r arnarsk\u00falpt\u00far sem virkar sem t\u00e1knr\u00e6n \u201evelkomin til landsins\u201c-kve\u00f0ja fyrir gesti. \u00deetta er st\u00e6rsti sk\u00falpt\u00far \u00c1stral\u00edu sem tengist frumbyggjum.<\/p><p>Fr\u00e1 sj\u00f3narh\u00f3li tr\u00faarf\u00e9lagsfr\u00e6\u00f0i er \u00feessi sk\u00falpt\u00far kennslub\u00f3kard\u00e6mi um samt\u00edmalega framsetningu frumbyggja \u00ed borgarumhverfi. Hann gerir tr\u00faarhef\u00f0 s\u00fdnilega fyrir brei\u00f0an almenning, a\u00f0 mestu leyti ekki frumbyggja.<\/p>\t\t\t\t\t\t\t\t<\/div>\n\t\t\t\t<\/div>\n\t\t\t\t\t<\/div>\n\t\t\t\t<\/div>\n\t\t<div class=\"elementor-element elementor-element-iwgw-bunjil-s14 e-flex e-con-boxed e-con e-parent\" data-id=\"iwgw-bunjil-s14\" data-element_type=\"container\" data-e-type=\"container\">\n\t\t\t\t\t<div class=\"e-con-inner\">\n\t\t\t\t<div class=\"elementor-element elementor-element-iwgw-bunjil-s14h elementor-widget elementor-widget-heading\" data-id=\"iwgw-bunjil-s14h\" data-element_type=\"widget\" data-e-type=\"widget\" data-widget_type=\"heading.default\">\n\t\t\t\t\t<h2 class=\"elementor-heading-title elementor-size-default\">Bunjil og stj\u00f6rnufr\u00e6\u00f0i frumbyggja<\/h2>\t\t\t\t<\/div>\n\t\t<div class=\"elementor-element elementor-element-iwgw-bunjil-s14c e-con-full e-flex e-con e-child\" data-id=\"iwgw-bunjil-s14c\" data-element_type=\"container\" data-e-type=\"container\">\n\t\t\t\t<div class=\"elementor-element elementor-element-iwgw-bunjil-s14t elementor-widget elementor-widget-text-editor\" data-id=\"iwgw-bunjil-s14t\" data-element_type=\"widget\" data-e-type=\"widget\" data-widget_type=\"text-editor.default\">\n\t\t\t\t\t\t\t\t\t<p>\u00cd Kulin-hef\u00f0inni er Bunjil samsama\u00f0ur stj\u00f6rnumerkinu Altair (\u00d6rninn \u00ed vestr\u00e6nu kerfi). \u00deessi stjarnfr\u00e6\u00f0ilega tenging er engin tilviljun: Altair er einmitt bjartasta stjarnan \u00ed vestr\u00e6na stj\u00f6rnumerkinu \u201e\u00d6rninn\u201c, sem samr\u00e6mist t\u00e1knfr\u00e6\u00f0ilegri au\u00f0kenningu Bunjils sem fleygst\u00e9lsarnar.<\/p><p>Stj\u00f6rnufr\u00e6\u00f0i Kulin-h\u00f3pa frumbyggja felur \u00ed s\u00e9r r\u00edka hef\u00f0 stj\u00f6rnusagna. John Morieson endurger\u00f0i \u00ed <em>The Night Sky of the Boorong<\/em> (1996) stjarnfr\u00e6\u00f0ihef\u00f0 Wergaia-h\u00f3ps; h\u00fan s\u00fdnir fram \u00e1 \u00f3venjulega d\u00fdpt \u00ed athugunum.<\/p><p>Fr\u00e1 sj\u00f3narh\u00f3li tr\u00faarbrag\u00f0afyrirb\u00e6rafr\u00e6\u00f0i er \u00feessi stjarnfr\u00e6\u00f0ilega tenging mikilv\u00e6g: Bunjil er, umfram go\u00f0sagnae\u00f0li sitt, kosm\u00f3l\u00f3g\u00edsk fasti. Hann \u201ehreyfist\u201c me\u00f0 \u00e1rshringnum, sem skipulag\u00f0i t\u00edmatalsvenjur frumbyggja. \u00deessi samfl\u00e9ttun tr\u00faar og stj\u00f6rnufr\u00e6\u00f0i er einn af r\u00edkustu arfleif\u00f0um v\u00edsinda frumbyggja.<\/p>\t\t\t\t\t\t\t\t<\/div>\n\t\t\t\t<\/div>\n\t\t\t\t\t<\/div>\n\t\t\t\t<\/div>\n\t\t<div class=\"elementor-element elementor-element-iwgw-bunjil-s15 e-flex e-con-boxed e-con e-parent\" data-id=\"iwgw-bunjil-s15\" data-element_type=\"container\" data-e-type=\"container\">\n\t\t\t\t\t<div class=\"e-con-inner\">\n\t\t\t\t<div class=\"elementor-element elementor-element-iwgw-bunjil-s15h elementor-widget elementor-widget-heading\" data-id=\"iwgw-bunjil-s15h\" data-element_type=\"widget\" data-e-type=\"widget\" data-widget_type=\"heading.default\">\n\t\t\t\t\t<h2 class=\"elementor-heading-title elementor-size-default\">Bunjil og sk\u00falpt\u00far Bruce Armstrongs<\/h2>\t\t\t\t<\/div>\n\t\t<div class=\"elementor-element elementor-element-iwgw-bunjil-s15c e-con-full e-flex e-con e-child\" data-id=\"iwgw-bunjil-s15c\" data-element_type=\"container\" data-e-type=\"container\">\n\t\t\t\t<div class=\"elementor-element elementor-element-iwgw-bunjil-s15t elementor-widget elementor-widget-text-editor\" data-id=\"iwgw-bunjil-s15t\" data-element_type=\"widget\" data-e-type=\"widget\" data-widget_type=\"text-editor.default\">\n\t\t\t\t\t\t\t\t\t<p>25 metra h\u00e1r Bunjil-sk\u00falpt\u00far Bruce Armstrongs (2002) \u00ed Melbourne Docklands er einn af st\u00e6rstu sk\u00falpt\u00farum \u00c1stral\u00edu sem tengjast frumbyggjum. Hann er t\u00e1kn fyrir samt\u00edmalega sj\u00e1lfsmynd Wurundjeri-\u00fej\u00f3\u00f0arins og virkar sem \u201evelkomin til landsins\u201c-kve\u00f0ja fyrir gesti borgarinnar.<\/p><p>Fr\u00e1 sj\u00f3narh\u00f3li tr\u00faarlegrar mannfr\u00e6\u00f0i er sk\u00falpt\u00farinn athyglisver\u00f0ur \u00fev\u00ed hann \u00fe\u00fd\u00f0ir hef\u00f0bundna helgimynd yfir \u00ed borgarumhverfi. Bunjil er h\u00e9r sj\u00e1lfsmyndarf\u00edg\u00fara fyrir l\u00edti\u00f0 frumbyggjasamf\u00e9lag og \u00e1 sama t\u00edma opinbert <span class=\"iwg-fachbegriff\" data-tooltip=\"Merki sem stendur fyrir hugmynd e\u00f0a merkingu.\" tabindex=\"0\">t\u00e1kn<\/span> borgar me\u00f0 n\u00e6r fimm millj\u00f3num \u00edb\u00faa.<\/p><p>\u00deetta tv\u00f6falda hlutverk (frumbyggjatr\u00fa og borgarleg framsetning) er kennslub\u00f3kard\u00e6mi \u00ed tr\u00faarf\u00e9lagsfr\u00e6\u00f0i. \u00dea\u00f0 vekur upp spurningar: Hversu langt m\u00e1 \u00fe\u00fd\u00f0a frumbyggjaf\u00edg\u00faru inn \u00ed opinbert r\u00fdmi? Hver \u00e1kve\u00f0ur \u00fea\u00f0? \u00deessar spurningar eru r\u00e6ddar af miklum krafti \u00ed samt\u00edmalegri umr\u00e6\u00f0u frumbyggja.<\/p>\t\t\t\t\t\t\t\t<\/div>\n\t\t\t\t<\/div>\n\t\t\t\t\t<\/div>\n\t\t\t\t<\/div>\n\t\t<div class=\"elementor-element elementor-element-iwgw-bunjil-s16 e-flex e-con-boxed e-con e-parent\" data-id=\"iwgw-bunjil-s16\" data-element_type=\"container\" data-e-type=\"container\">\n\t\t\t\t\t<div class=\"e-con-inner\">\n\t\t\t\t<div class=\"elementor-element elementor-element-iwgw-bunjil-s16h elementor-widget elementor-widget-heading\" data-id=\"iwgw-bunjil-s16h\" data-element_type=\"widget\" data-e-type=\"widget\" data-widget_type=\"heading.default\">\n\t\t\t\t\t<h2 class=\"elementor-heading-title elementor-size-default\">Bunjil og umr\u00e6\u00f0an um heilsu frumbyggja<\/h2>\t\t\t\t<\/div>\n\t\t<div class=\"elementor-element elementor-element-iwgw-bunjil-s16c e-con-full e-flex e-con e-child\" data-id=\"iwgw-bunjil-s16c\" data-element_type=\"container\" data-e-type=\"container\">\n\t\t\t\t<div class=\"elementor-element elementor-element-iwgw-bunjil-s16t elementor-widget elementor-widget-text-editor\" data-id=\"iwgw-bunjil-s16t\" data-element_type=\"widget\" data-e-type=\"widget\" data-widget_type=\"text-editor.default\">\n\t\t\t\t\t\t\t\t\t<p>S\u00f6gulegur \u00edtarkafli \u00e1 skili\u00f0 a\u00f0 fjalla um hlutverk Bunjils \u00ed samt\u00edmalegri umr\u00e6\u00f0u um heilsu frumbyggja. Heilsufarsleg sta\u00f0a frumbyggja \u00ed Victoria er greinilega verri en hj\u00e1 \u00edb\u00faum sem ekki eru frumbyggjar; \u201eClosing the Gap\u201c-\u00e1taki\u00f0 stefnir a\u00f0 \u00fev\u00ed a\u00f0 minnka \u00feennan mun.<\/p><p>\u00cd \u00feessari umr\u00e6\u00f0u er Bunjil \u00ed auknum m\u00e6li nota\u00f0ur sem vi\u00f0mi\u00f0unarf\u00edg\u00fara fyrir \u201emenningarlega uppl\u00fdsta\u201c heilbrig\u00f0is\u00fej\u00f3nustu. Heilbrig\u00f0isstofnanir frumbyggja \u00e1 bor\u00f0 vi\u00f0 VAHS (Victorian Aboriginal Health Service) sam\u00fe\u00e6tta hef\u00f0bundna andlega v\u00eddd inn \u00ed n\u00fat\u00edmalega l\u00e6knisfr\u00e6\u00f0ilega framkv\u00e6md.<\/p><p>Fr\u00e1 sj\u00f3narh\u00f3li tr\u00faarf\u00e9lagsfr\u00e6\u00f0i er \u00feessi sam\u00fe\u00e6tting athyglisvert d\u00e6mi til ranns\u00f3knar. Tr\u00fain er talin vi\u00f0b\u00f3t vi\u00f0 l\u00e6knisfr\u00e6\u00f0i, ekki sta\u00f0gengill hennar; Bunjil kemur fram sem hluti af heildst\u00e6\u00f0ri heilsuhugmynd, en er ekki \u201esamkeppnisa\u00f0ili\u201c hef\u00f0bundinnar l\u00e6knisfr\u00e6\u00f0i.<\/p>\t\t\t\t\t\t\t\t<\/div>\n\t\t\t\t<\/div>\n\t\t\t\t\t<\/div>\n\t\t\t\t<\/div>\n\t\t<div class=\"elementor-element elementor-element-iwgw-bunjil-s17 e-flex e-con-boxed e-con e-parent\" data-id=\"iwgw-bunjil-s17\" data-element_type=\"container\" data-e-type=\"container\">\n\t\t\t\t\t<div class=\"e-con-inner\">\n\t\t\t\t<div class=\"elementor-element elementor-element-iwgw-bunjil-s17h elementor-widget elementor-widget-heading\" data-id=\"iwgw-bunjil-s17h\" data-element_type=\"widget\" data-e-type=\"widget\" data-widget_type=\"heading.default\">\n\t\t\t\t\t<h2 class=\"elementor-heading-title elementor-size-default\">Bunjil og samt\u00edmaleg umr\u00e6\u00f0a frumbyggja<\/h2>\t\t\t\t<\/div>\n\t\t<div class=\"elementor-element elementor-element-iwgw-bunjil-s17c e-con-full e-flex e-con e-child\" data-id=\"iwgw-bunjil-s17c\" data-element_type=\"container\" data-e-type=\"container\">\n\t\t\t\t<div class=\"elementor-element elementor-element-iwgw-bunjil-s17t elementor-widget elementor-widget-text-editor\" data-id=\"iwgw-bunjil-s17t\" data-element_type=\"widget\" data-e-type=\"widget\" data-widget_type=\"text-editor.default\">\n\t\t\t\t\t\t\t\t\t<p>A\u00f0 lokum \u00e1 Bunjil skili\u00f0 athugasemd um st\u00f6\u00f0u s\u00edna \u00ed samt\u00edmalegri umr\u00e6\u00f0u frumbyggja. Wurundjeri Council of Elders og a\u00f0rar Kulin-samt\u00f6k nota Bunjil sem meginvi\u00f0mi\u00f0unarf\u00edg\u00faru fyrir menningarlega sj\u00e1lfsvitund.<\/p><p>Stan Grant, \u00feekktur bla\u00f0ama\u00f0ur og rith\u00f6fundur frumbyggja, hefur \u00ed m\u00f6rgum verkum \u00fatf\u00e6rt mikilv\u00e6gi Bunjils fyrir samt\u00edmalega sj\u00e1lfsmynd frumbyggja. \u00deessi umr\u00e6\u00f0uhef\u00f0 gerir Bunjil a\u00f0 einni af lifandi t\u00e1knf\u00edg\u00farum frumbyggja \u00ed samt\u00edmanum.<\/p>\t\t\t\t\t\t\t\t<\/div>\n\t\t\t\t<\/div>\n\t\t\t\t\t<\/div>\n\t\t\t\t<\/div>\n\t\t<div class=\"elementor-element elementor-element-cp2b560de4 e-flex e-con-boxed e-con e-parent\" data-id=\"cp2b560de4\" data-element_type=\"container\" data-e-type=\"container\">\n\t\t\t\t\t<div class=\"e-con-inner\">\n\t\t\t\t<div class=\"elementor-element elementor-element-cp2364caff elementor-widget elementor-widget-heading\" data-id=\"cp2364caff\" data-element_type=\"widget\" data-e-type=\"widget\" data-widget_type=\"heading.default\">\n\t\t\t\t\t<h2 class=\"elementor-heading-title elementor-size-default\">Sv\u00e6\u00f0isbundin tengsl vi\u00f0 Kulin-tungum\u00e1lah\u00f3pana<\/h2>\t\t\t\t<\/div>\n\t\t<div class=\"elementor-element elementor-element-cp21658029 e-flex e-con-boxed e-con e-child\" data-id=\"cp21658029\" data-element_type=\"container\" data-e-type=\"container\">\n\t\t\t\t\t<div class=\"e-con-inner\">\n\t\t\t\t<div class=\"elementor-element elementor-element-cp20940a10 elementor-widget elementor-widget-text-editor\" data-id=\"cp20940a10\" data-element_type=\"widget\" data-e-type=\"widget\" data-widget_type=\"text-editor.default\">\n\t\t\t\t\t\t\t\t\t<p>Bunjil er ekki al\u00e1stralsk vera, heldur tilheyrir hann s\u00e9rstaklega tungum\u00e1lah\u00f3punum sem kallast Kulin-\u00fej\u00f3\u00f0in \u00ed mi\u00f0- og su\u00f0urhluta Victoria. \u00dear \u00e1 me\u00f0al eru Wurundjeri, Boonwurrung, Taungurung, Wathaurong og Dja Dja Wurrung.<\/p><p>\u00cd \u00feessum tengdu tungum\u00e1lum t\u00e1knar or\u00f0i\u00f0 <em>bunjil<\/em> fleygst\u00e9ls\u00f6rninn, og go\u00f0sagnavera \u00feessi ber \u00feetta nafn sem arnaforfa\u00f0ir. Yfirf\u00e6rsla Bunjil-hef\u00f0arins yfir \u00e1 menningu frumbyggja \u00ed \u00f6\u00f0rum hlutum landsins, eins og Arnhem Land e\u00f0a vesturey\u00f0im\u00f6rkinni, er efnislega ekki r\u00e9ttl\u00e6tanleg.<\/p><p>Innan Kulin-samf\u00e9lagsins er Bunjil tengdur einum af tveimur helmingum \u00e6ttb\u00e1lksins (moiety), f\u00e9lagslegri tv\u00edskiptingu sem stj\u00f3rnar hj\u00f3nabandsreglum og fr\u00e6ndsemi. Annar helmingurinn er undir Bunjil, erninum, hinn undir Waa, kr\u00e1ku-forfa\u00f0irnum.<\/p><p>\u00deessa p\u00f6run ber a\u00f0 skilja sem gagnkv\u00e6ma reglu sem fyrirskipar hj\u00f3nab\u00f6nd milli helminganna, ekki andst\u00e6\u00f0u g\u00f3\u00f0s og ills. Fyrstu athugendur, svo sem tungum\u00e1lafr\u00e6\u00f0ingurinn og landnemuinn William Thomas og \u00fej\u00f3\u00f0fr\u00e6\u00f0ingurinn Alfred William Howitt, skjalfestu \u00feessar byggingar \u00e1 19. \u00f6ld, en \u00fe\u00f3 \u00feegar \u00e1 t\u00edmum gr\u00ed\u00f0arlegrar n\u00fdlenduey\u00f0ingar Kulin-samf\u00e9lagsins.<\/p><p>\u00dev\u00ed ber a\u00f0 fara me\u00f0 g\u00e1t \u00ed mati \u00e1 heimildum. Margt af \u00fev\u00ed sem var\u00f0veitt er um Bunjil kemur fr\u00e1 skr\u00e1ningum landnema, tr\u00fabo\u00f0a og emb\u00e6ttismanna sem h\u00f6f\u00f0u a\u00f0eins a\u00f0 hluta til vald \u00e1 tungum\u00e1lunum og spur\u00f0u heimildarmenn s\u00edna oft undir a\u00f0st\u00e6\u00f0um brottflutnings og tr\u00fabo\u00f0sstarfs.<\/p><p>N\u00faverandi Wurundjeri- og \u00f6nnur Kulin-samf\u00e9l\u00f6g benda \u00e1 a\u00f0 Bunjil er lifandi hluti af sj\u00e1lfsmynd \u00feeirra og megi ekki einskor\u00f0a vi\u00f0 s\u00f6guleg \u00fej\u00f3\u00f0fr\u00e6\u00f0ig\u00f6gn. Fullyr\u00f0ingar um Bunjil \u00e6ttu \u00fev\u00ed \u00e1vallt a\u00f0 tilgreina vi\u00f0komandi tungum\u00e1lah\u00f3p og gera n\u00fdlendumi\u00f0lun s\u00fdnilega sem sl\u00edka.<\/p>\t\t\t\t\t\t\t\t<\/div>\n\t\t\t\t\t<\/div>\n\t\t\t\t<\/div>\n\t\t\t\t\t<\/div>\n\t\t\t\t<\/div>\n\t\t<div class=\"elementor-element elementor-element-cp236600f0 e-flex e-con-boxed e-con e-parent\" data-id=\"cp236600f0\" data-element_type=\"container\" data-e-type=\"container\">\n\t\t\t\t\t<div class=\"e-con-inner\">\n\t\t\t\t<div class=\"elementor-element elementor-element-cp2f1dcd32 elementor-widget elementor-widget-heading\" data-id=\"cp2f1dcd32\" data-element_type=\"widget\" data-e-type=\"widget\" data-widget_type=\"heading.default\">\n\t\t\t\t\t<h2 class=\"elementor-heading-title elementor-size-default\">Bergskj\u00f3li\u00f0 Bunjils Shelter n\u00e1l\u00e6gt Stawell<\/h2>\t\t\t\t<\/div>\n\t\t<div class=\"elementor-element elementor-element-cp2238c52e e-flex e-con-boxed e-con e-child\" data-id=\"cp2238c52e\" data-element_type=\"container\" data-e-type=\"container\">\n\t\t\t\t\t<div class=\"e-con-inner\">\n\t\t\t\t<div class=\"elementor-element elementor-element-cp20e1712c elementor-widget elementor-widget-text-editor\" data-id=\"cp20e1712c\" data-element_type=\"widget\" data-e-type=\"widget\" data-widget_type=\"text-editor.default\">\n\t\t\t\t\t\t\t\t\t<p>\u00deekktasti sta\u00f0urinn sem tengist Bunjil er skj\u00f3l undir bergnibbu \u00ed Black Range n\u00e1l\u00e6gt Stawell \u00ed vesturhluta Victor\u00edu, sem \u00ed dag er kalla\u00f0 Bunjils Shelter e\u00f0a Bunjil&#8217;s Cave.<\/p><p>Undir skj\u00f3linu er bergm\u00e1lverk sem s\u00fdnir mannlega mynd me\u00f0 \u00fatr\u00e9tta arma, umkringda tveimur sm\u00e6rri d\u00fdramyndum sem oftast eru t\u00falka\u00f0ar sem ding\u00f3ar. \u00deetta er eina \u00feekkta myndr\u00e6na framsetning Bunjil \u00ed bergm\u00e1lun \u00e1 \u00feessu sv\u00e6\u00f0i.<\/p><p>Aldursgreining m\u00e1lverksins er \u00f3viss. \u00dea\u00f0 var m\u00e1la\u00f0 me\u00f0 rau\u00f0um og hv\u00edtum jar\u00f0litum og ekki er unnt a\u00f0 \u00fatiloka a\u00f0 \u00fea\u00f0 hafi veri\u00f0 endurm\u00e1la\u00f0 e\u00f0a yfirfari\u00f0 margsinnis. \u00d6ruggur, t\u00edmasettur aldur liggur ekki fyrir, sem er algengt me\u00f0 \u00f6krum af \u00feessu tagi.<\/p><p>A\u00f0 myndin s\u00e9 tengd Bunjil byggist \u00e1 sta\u00f0bundinni <span class=\"iwg-fachbegriff\" data-tooltip=\"Mi\u00f0lun \u00feekkingar og fr\u00e1sagna kynsl\u00f3\u00f0 fram af kynsl\u00f3\u00f0.\" tabindex=\"0\">munnlegri hef\u00f0<\/span> frumbyggjasamf\u00e9laga sv\u00e6\u00f0isins, ekki \u00e1 <span class=\"iwg-fachbegriff\" data-tooltip=\"Texti sem er skorinn e\u00f0a h\u00f6ggvinn \u00ed varanlegt yfirbor\u00f0.\" tabindex=\"0\">\u00e1letrun<\/span> e\u00f0a sk\u00fdru myndfr\u00e6\u00f0ilegu einkenni.<\/p><p>Sta\u00f0urinn skemmdist verulega vegna skemmdarverka \u00e1 20. \u00f6ld, og \u00ed kj\u00f6lfari\u00f0 voru ger\u00f0ar verndarr\u00e1\u00f0stafanir, fyrst \u00e1 fimmta \u00e1ratugnum og s\u00ed\u00f0ar \u00e1 t\u00edunda \u00e1ratugnum, \u00fear \u00e1 me\u00f0al grindverk og breytt g\u00f6ngulei\u00f0. \u00cd dag er sta\u00f0num st\u00fdrt \u00ed samvinnu vi\u00f0 hef\u00f0bundna eigendur landsins.<\/p><p>Bunjils Shelter s\u00fdnir vel hvernig einn og sami fundarsta\u00f0ur getur samt\u00edmis veri\u00f0 fornleifafr\u00e6\u00f0ileg minjasta\u00f0ur, lifandi tr\u00faarsta\u00f0ur og vi\u00f0fangsefni verndarstefnu.<\/p><p>Fyrir ranns\u00f3knir \u00e1 Bunjil er sta\u00f0urinn mikilv\u00e6gur \u00fev\u00ed hann tengir munnlega <span class=\"iwg-fachbegriff\" data-tooltip=\"Mi\u00f0lun \u00feekkingar og fr\u00e1sagna kynsl\u00f3\u00f0 fram af kynsl\u00f3\u00f0.\" tabindex=\"0\">hef\u00f0<\/span> vi\u00f0 \u00e1\u00fereifanlega heimild, jafnvel \u00fe\u00f3tt aldur hennar og upphafleg merking s\u00e9u a\u00f0eins a\u00f0 hluta til endurger\u00f0. Svipa\u00f0ar hugmyndir um skipulag heimsins m\u00e1 einnig finna hj\u00e1 <a href=\"https:\/\/iwell-guard.com\/is\/?page_id=168991\">Baiame<\/a> nor\u00f0ar.<\/p>\t\t\t\t\t\t\t\t<\/div>\n\t\t\t\t\t<\/div>\n\t\t\t\t<\/div>\n\t\t\t\t\t<\/div>\n\t\t\t\t<\/div>\n\t\t<div class=\"elementor-element elementor-element-iwgw-bunjil-lit e-flex e-con-boxed e-con e-parent\" data-id=\"iwgw-bunjil-lit\" data-element_type=\"container\" data-e-type=\"container\">\n\t\t\t\t\t<div class=\"e-con-inner\">\n\t\t\t\t<div class=\"elementor-element elementor-element-iwgw-bunjil-lith elementor-widget elementor-widget-heading\" data-id=\"iwgw-bunjil-lith\" data-element_type=\"widget\" data-e-type=\"widget\" data-widget_type=\"heading.default\">\n\t\t\t\t\t<h2 class=\"elementor-heading-title elementor-size-default\">Heimildir (\u00farval)<\/h2>\t\t\t\t<\/div>\n\t\t<div class=\"elementor-element elementor-element-iwgw-bunjil-litc e-con-full e-flex e-con e-child\" data-id=\"iwgw-bunjil-litc\" data-element_type=\"container\" data-e-type=\"container\">\n\t\t\t\t<div class=\"elementor-element elementor-element-iwgw-bunjil-litt elementor-widget elementor-widget-text-editor\" data-id=\"iwgw-bunjil-litt\" data-element_type=\"widget\" data-e-type=\"widget\" data-widget_type=\"text-editor.default\">\n\t\t\t\t\t\t\t\t\t<ul><li>A. W. Howitt: <em>The Native Tribes of South-East Australia<\/em> (1904)<\/li><li>Robert Brough Smyth: <em>The Aborigines of Victoria<\/em> (1878)<\/li><li>Diane Barwick: <em>Rebellion at Coranderrk<\/em> (1998)<\/li><li>Tony Swain: <em>A Place for Strangers<\/em> (Cambridge 1993)<\/li><li>Lynne Hume: <em>Ancestral Power<\/em> (Melbourne 2002)<\/li><li>Bill Edwards: <em>An Introduction to Aboriginal Societies<\/em> (1998)<\/li><li>Ian D. Clark: <em>Aboriginal Languages and Clans of Victoria<\/em> (1990)<\/li><\/ul>\t\t\t\t\t\t\t\t<\/div>\n\t\t\t\t<\/div>\n\t\t\t\t\t<\/div>\n\t\t\t\t<\/div>\n\t\t<div class=\"elementor-element elementor-element-iwgkw-add-bunjil e-flex e-con-boxed e-con e-parent\" data-id=\"iwgkw-add-bunjil\" data-element_type=\"container\" data-e-type=\"container\">\n\t\t\t\t\t<div class=\"e-con-inner\">\n\t\t\t\t<div class=\"elementor-element elementor-element-iwgkw-add-bunjil-t elementor-widget elementor-widget-text-editor\" data-id=\"iwgkw-add-bunjil-t\" data-element_type=\"widget\" data-e-type=\"widget\" data-widget_type=\"text-editor.default\">\n\t\t\t\t\t\t\t\t\t<p>Bunjil, fleygstj\u00f6rnu\u00f6rninn, er \u00ed hef\u00f0um Kulin-\u00fej\u00f3\u00f0flokkanna \u00e1 sv\u00e6\u00f0inu sem n\u00fa er Victor\u00eda talinn skapari og skipuleggjandi heimsins. Me\u00f0al \u00feessara \u00fej\u00f3\u00f0flokka eru Wurundjeri, Boonwurrung, Taungurung, Wathaurong og Dja Dja Wurrung, sem hver hefur s\u00edna eigin \u00fatg\u00e1fu af Bunjil-s\u00f6gunum. \u00dej\u00f3\u00f0flokkarnir tengja \u00f6rninn vi\u00f0 landslagseinkenni, samf\u00e9lagsreglur og fr\u00f3\u00f0leik um innv\u00edgslur.<\/p>\t\t\t\t\t\t\t\t<\/div>\n\t\t\t\t\t<\/div>\n\t\t\t\t<\/div>\n\t\t<div class=\"elementor-element elementor-element-iwgkw2-add-bunjil e-flex e-con-boxed e-con e-parent\" data-id=\"iwgkw2-add-bunjil\" data-element_type=\"container\" data-e-type=\"container\">\n\t\t\t\t\t<div class=\"e-con-inner\">\n\t\t\t\t<div class=\"elementor-element elementor-element-iwgkw2-add-bunjil-t elementor-widget elementor-widget-text-editor\" data-id=\"iwgkw2-add-bunjil-t\" data-element_type=\"widget\" data-e-type=\"widget\" data-widget_type=\"text-editor.default\">\n\t\t\t\t\t\t\t\t\t<p>Hj\u00e1 Kulin-\u00fej\u00f3\u00f0flokkum Victor\u00edu kemur Bunjil fram sem fleygstj\u00f6rnu\u00f6rn (Wedge-Tailed Eagle) og skapari; heimildir Howitts, Smyths og Massola var\u00f0veita <span class=\"iwg-fachbegriff\" data-tooltip=\"Hef\u00f0bundin fr\u00e1s\u00f6gn um gu\u00f0i, uppruna og skipulag heimsins.\" tabindex=\"0\">go\u00f0s\u00f6gu<\/span> hans um uppstigning til himins og stofnun \u00e6ttb\u00e1lkaskipulagsins.<\/p>\t\t\t\t\t\t\t\t<\/div>\n\t\t\t\t\t<\/div>\n\t\t\t\t<\/div>\n\t\t<div class=\"elementor-element elementor-element-iwgw-bunjil-kwd e-flex e-con-boxed e-con e-parent\" data-id=\"iwgw-bunjil-kwd\" data-element_type=\"container\" data-e-type=\"container\">\n\t\t\t\t\t<div class=\"e-con-inner\">\n\t\t<div class=\"elementor-element elementor-element-iwgw-bunjil-kwdc e-con-full e-flex e-con e-child\" data-id=\"iwgw-bunjil-kwdc\" data-element_type=\"container\" data-e-type=\"container\">\n\t\t\t\t<div class=\"elementor-element elementor-element-iwgw-bunjil-kwdt elementor-widget elementor-widget-text-editor\" data-id=\"iwgw-bunjil-kwdt\" data-element_type=\"widget\" data-e-type=\"widget\" data-widget_type=\"text-editor.default\">\n\t\t\t\t\t\t\t\t\t<p><em>Tengd leitaror\u00f0: Bunjil Kulin Wurundjeri Wedge-Tailed Eagle Waa Crow All-Father.<\/em><\/p>\t\t\t\t\t\t\t\t<\/div>\n\t\t\t\t<\/div>\n\t\t\t\t\t<\/div>\n\t\t\t\t<\/div>\n\t\t<div class=\"elementor-element elementor-element-iwgw-bunjil-cc e-flex e-con-boxed e-con e-parent\" data-id=\"iwgw-bunjil-cc\" data-element_type=\"container\" data-e-type=\"container\" id=\"iwg-cc-bunjil\">\n\t\t\t\t\t<div class=\"e-con-inner\">\n\t\t<div class=\"elementor-element elementor-element-iwgw-bunjil-ccinner e-flex e-con-boxed e-con e-parent\" data-id=\"iwgw-bunjil-ccinner\" data-element_type=\"container\" data-e-type=\"container\" data-settings=\"{&quot;background_background&quot;:&quot;classic&quot;}\">\n\t\t\t\t\t<div class=\"e-con-inner\">\n\t\t\t\t<div class=\"elementor-element elementor-element-iwgw-bunjil-cch elementor-widget elementor-widget-heading\" data-id=\"iwgw-bunjil-cch\" data-element_type=\"widget\" data-e-type=\"widget\" data-widget_type=\"heading.default\">\n\t\t\t\t\t<h2 class=\"elementor-heading-title elementor-size-default\">iWell Guard og verndarhef\u00f0ir<\/h2>\t\t\t\t<\/div>\n\t\t\t\t<div class=\"elementor-element elementor-element-iwgw-bunjil-cct elementor-widget elementor-widget-text-editor\" data-id=\"iwgw-bunjil-cct\" data-element_type=\"widget\" data-e-type=\"widget\" data-widget_type=\"text-editor.default\">\n\t\t\t\t\t\t\t\t\t<div data-nosnippet=\"true\"><p>iWell Guard tengist menningars\u00f6gulegri hef\u00f0 farandlegra verndargripa, \u00ed hef\u00f0 frumbyggja \u00c1stral\u00edu (<a href=\"https:\/\/iwell-guard.com\/is\/aboriginal-astralia-draumtid-tjukurpa-verndargripir\/\">Aboriginal<\/a>) og margra annarra menningarheima um allan heim. 41 lag, alv\u00f6ru gull, plat\u00edna, silfur, framleitt \u00ed \u00de\u00fdskalandi. 30 daga skilar\u00e9ttur.<\/p><\/div>\t\t\t\t\t\t\t\t<\/div>\n\t\t\t\t<div class=\"elementor-element elementor-element-iwgw-bunjil-ccb iwg-cc-button iwg-cc-cta-2026-05-13 elementor-widget elementor-widget-jet-button\" data-id=\"iwgw-bunjil-ccb\" data-element_type=\"widget\" data-e-type=\"widget\" data-widget_type=\"jet-button.default\">\n\t\t\t\t<div class=\"elementor-widget-container\">\n\t\t\t\t\t<div class=\"elementor-jet-button jet-elements\"><div class=\"jet-button__container\"><a class=\"jet-button__instance jet-button__instance--icon-left hover-effect-1\" href=\"\/ueber-iwell-guard\/?utm_source=iwell-guard.com&amp;utm_medium=info-box&amp;utm_campaign=wesen-tradition\"><div class=\"jet-button__plane jet-button__plane-normal\"><\/div><div class=\"jet-button__plane jet-button__plane-hover\"><\/div><div class=\"jet-button__state jet-button__state-normal\"><span class=\"jet-button__label\">Meira um iWell Guard<\/span><\/div><div class=\"jet-button__state jet-button__state-hover\"><span class=\"jet-button__label\">Meira um iWell Guard<\/span><\/div><\/a><\/div><\/div><style>.elementor-element.elementor-element-iwgw-bunjil-ccb .jet-button__instance{width:320px;height:56px;}.elementor-element.elementor-element-iwgw-bunjil-ccb .jet-button__state-normal .jet-button__label{text-align:center;margin:0px 0px 0px 0px;color:#1a1b20;font-family:Montserrat,sans-serif;font-size:13px;font-weight:400;letter-spacing:4px;line-height:1.714em;text-transform:uppercase;}.elementor-element.elementor-element-iwgw-bunjil-ccb .jet-button__state-hover .jet-button__label{text-align:center;margin:0px 0px 0px 0px;color:#FECC76;font-family:Montserrat,sans-serif;font-size:13px;font-weight:400;letter-spacing:4px;line-height:1.714em;text-transform:uppercase;}.elementor-element.elementor-element-iwgw-bunjil-ccb .jet-button__plane-normal{background-color:#FECC76;border-style:solid;border-color:#C99540;border-width:2px 2px 2px 2px;}.elementor-element.elementor-element-iwgw-bunjil-ccb .jet-button__plane-hover{background-color:rgba(0,0,0,0.55);border-style:solid;border-color:#FECC76;border-width:2px 2px 2px 2px;}<\/style>\t\t\t\t<\/div>\n\t\t\t\t<\/div>\n\t\t\t\t<div class=\"elementor-element elementor-element-iwgw-bunjil-ccd elementor-widget elementor-widget-text-editor\" data-id=\"iwgw-bunjil-ccd\" data-element_type=\"widget\" data-e-type=\"widget\" data-widget_type=\"text-editor.default\">\n\t\t\t\t\t\t\t\t\t<div data-nosnippet=\"true\"><p style=\"text-align:center;font-size:13px;opacity:0.7;margin-top:14px\" data-nosnippet=\"true\">Pers\u00f3nuleg reynsla getur veri\u00f0 mismunandi. Ekki l\u00e6kningat\u00e6ki. Engin lofor\u00f0 um l\u00e6kningu.<\/p><\/div>\t\t\t\t\t\t\t\t<\/div>\n\t\t\t\t\t<\/div>\n\t\t\t\t<\/div>\n\t\t\t\t\t<\/div>\n\t\t\t\t<\/div>\n\t\t<div class=\"elementor-element elementor-element-iwgw-bunjil-disc e-flex e-con-boxed e-con e-parent\" data-id=\"iwgw-bunjil-disc\" data-element_type=\"container\" data-e-type=\"container\">\n\t\t\t\t\t<div class=\"e-con-inner\">\n\t\t\t\t<div class=\"elementor-element elementor-element-iwgw-bunjil-discw elementor-widget elementor-widget-html\" data-id=\"iwgw-bunjil-discw\" data-element_type=\"widget\" data-e-type=\"widget\" data-widget_type=\"html.default\">\n\t\t\t\t\t<footer data-nosnippet=\"true\" class=\"iwg-disclaimer-block\"><p data-nosnippet=\"true\">iWell Guard er <strong>ekki l\u00e6kningat\u00e6ki<\/strong> og kemur ekki \u00ed sta\u00f0inn fyrir l\u00e6knis- e\u00f0a s\u00e1lfr\u00e6\u00f0ime\u00f0fer\u00f0. Tr\u00faarfr\u00e6\u00f0ilegt efni er menningars\u00f6gulegt samhengi, ekki r\u00e1\u00f0legging um andlega i\u00f0kun.<\/p><\/footer>\t\t\t\t<\/div>\n\t\t\t\t\t<\/div>\n\t\t\t\t<\/div>\n\t\t\t\t<\/div>\n\t\t","protected":false},"excerpt":{"rendered":"","protected":false},"author":3,"featured_media":2869,"parent":0,"menu_order":0,"comment_status":"closed","ping_status":"closed","template":"elementor_header_footer","meta":{"_yoast_wpseo_focuskw":"Bunjil frumbyggjar Kulin","_yoast_wpseo_title":"Bunjil \u2013 frumbyggja\u00f6rn-skapari, go\u00f0s\u00f6gn og heimildir","_yoast_wpseo_metadesc":"Bunjil er \u00f6rninn skapari Kulin-\u00fej\u00f3\u00f0flokkanna \u00ed Victoria. Tr\u00faarbrag\u00f0afr\u00e6\u00f0ileg greining me\u00f0 go\u00f0s\u00f6gn, d\u00fdrkun og heimildum.","_yoast_wpseo_meta-robots-noindex":"","_yoast_wpseo_canonical":"","_angie_page":false,"gefaehrdungsstufe":"2","wesen_kultur":"aboriginal","wesen_klasse":"goetter","footnotes":""},"categories":[],"class_list":["post-168992","page","type-page","status-publish","has-post-thumbnail","hentry"],"yoast_head":"<!-- This site is optimized with the Yoast SEO Premium plugin v27.7 (Yoast SEO v28.3) - https:\/\/yoast.com\/product\/yoast-seo-premium-wordpress\/ -->\n<title>Bunjil \u2013 frumbyggja\u00f6rn-skapari, go\u00f0s\u00f6gn og heimildir<\/title>\n<meta name=\"description\" content=\"Bunjil er \u00f6rninn skapari Kulin-\u00fej\u00f3\u00f0flokkanna \u00ed Victoria. Tr\u00faarbrag\u00f0afr\u00e6\u00f0ileg greining me\u00f0 go\u00f0s\u00f6gn, d\u00fdrkun og heimildum.\" \/>\n<meta name=\"robots\" content=\"index, follow, max-snippet:-1, max-image-preview:large, max-video-preview:-1\" \/>\n<link rel=\"canonical\" href=\"https:\/\/iwell-guard.com\/is\/bunjil-orn-skapari-kulin\/\" \/>\n<meta property=\"og:locale\" content=\"is_IS\" \/>\n<meta property=\"og:type\" content=\"article\" \/>\n<meta property=\"og:title\" content=\"Bunjil \u2013 \u00f6rninn skapari Kulin-f\u00f3lksins\" \/>\n<meta property=\"og:description\" content=\"Bunjil er \u00f6rninn skapari Kulin-\u00fej\u00f3\u00f0flokkanna \u00ed Victoria. Tr\u00faarbrag\u00f0afr\u00e6\u00f0ileg greining me\u00f0 go\u00f0s\u00f6gn, d\u00fdrkun og heimildum.\" \/>\n<meta property=\"og:url\" content=\"https:\/\/iwell-guard.com\/is\/bunjil-orn-skapari-kulin\/\" \/>\n<meta property=\"og:site_name\" content=\"iWell Guard\" \/>\n<meta property=\"article:modified_time\" content=\"2026-09-05T14:29:13+00:00\" \/>\n<meta property=\"og:image\" content=\"https:\/\/iwell-guard.com\/wp-content\/uploads\/2026\/05\/goetter_aboriginal_bunjil.webp\" \/>\n\t<meta property=\"og:image:width\" content=\"1024\" \/>\n\t<meta property=\"og:image:height\" content=\"1536\" \/>\n\t<meta property=\"og:image:type\" content=\"image\/webp\" \/>\n<meta name=\"twitter:card\" content=\"summary_large_image\" \/>\n<script type=\"application\/ld+json\" class=\"yoast-schema-graph\">{\"@context\":\"https:\\\/\\\/schema.org\",\"@graph\":[{\"@type\":\"WebPage\",\"@id\":\"https:\\\/\\\/iwell-guard.com\\\/is\\\/bunjil-orn-skapari-kulin\\\/\",\"url\":\"https:\\\/\\\/iwell-guard.com\\\/is\\\/bunjil-orn-skapari-kulin\\\/\",\"name\":\"Bunjil \u2013 frumbyggja\u00f6rn-skapari, go\u00f0s\u00f6gn og heimildir\",\"isPartOf\":{\"@id\":\"https:\\\/\\\/iwell-guard.com\\\/is\\\/#website\"},\"primaryImageOfPage\":{\"@id\":\"https:\\\/\\\/iwell-guard.com\\\/is\\\/bunjil-orn-skapari-kulin\\\/#primaryimage\"},\"image\":{\"@id\":\"https:\\\/\\\/iwell-guard.com\\\/is\\\/bunjil-orn-skapari-kulin\\\/#primaryimage\"},\"thumbnailUrl\":\"https:\\\/\\\/iwell-guard.com\\\/wp-content\\\/uploads\\\/2026\\\/05\\\/goetter_aboriginal_bunjil.webp\",\"datePublished\":\"2026-09-05T14:04:39+00:00\",\"dateModified\":\"2026-09-05T14:29:13+00:00\",\"description\":\"Bunjil er \u00f6rninn skapari Kulin-\u00fej\u00f3\u00f0flokkanna \u00ed Victoria. Tr\u00faarbrag\u00f0afr\u00e6\u00f0ileg greining me\u00f0 go\u00f0s\u00f6gn, d\u00fdrkun og heimildum.\",\"breadcrumb\":{\"@id\":\"https:\\\/\\\/iwell-guard.com\\\/is\\\/bunjil-orn-skapari-kulin\\\/#breadcrumb\"},\"inLanguage\":\"is\",\"potentialAction\":[{\"@type\":\"ReadAction\",\"target\":[\"https:\\\/\\\/iwell-guard.com\\\/is\\\/bunjil-orn-skapari-kulin\\\/\"]}]},{\"@type\":\"ImageObject\",\"inLanguage\":\"is\",\"@id\":\"https:\\\/\\\/iwell-guard.com\\\/is\\\/bunjil-orn-skapari-kulin\\\/#primaryimage\",\"url\":\"https:\\\/\\\/iwell-guard.com\\\/wp-content\\\/uploads\\\/2026\\\/05\\\/goetter_aboriginal_bunjil.webp\",\"contentUrl\":\"https:\\\/\\\/iwell-guard.com\\\/wp-content\\\/uploads\\\/2026\\\/05\\\/goetter_aboriginal_bunjil.webp\",\"width\":1024,\"height\":1536,\"caption\":\"Gu\u00f0ir \u00far hef\u00f0 frumbyggja \u00c1stral\u00edu (Aboriginal).\"},{\"@type\":\"BreadcrumbList\",\"@id\":\"https:\\\/\\\/iwell-guard.com\\\/is\\\/bunjil-orn-skapari-kulin\\\/#breadcrumb\",\"itemListElement\":[{\"@type\":\"ListItem\",\"position\":1,\"name\":\"Start\",\"item\":\"https:\\\/\\\/iwell-guard.com\\\/is\\\/?page_id=168580\"},{\"@type\":\"ListItem\",\"position\":2,\"name\":\"Bunjil \u2013 \u00f6rninn skapari Kulin-f\u00f3lksins\"}]},{\"@type\":\"WebSite\",\"@id\":\"https:\\\/\\\/iwell-guard.com\\\/is\\\/#website\",\"url\":\"https:\\\/\\\/iwell-guard.com\\\/is\\\/\",\"name\":\"iWell Guard\",\"description\":\"Schutz vor dunklen Einfl\u00fcssen\",\"publisher\":{\"@id\":\"https:\\\/\\\/iwell-guard.com\\\/is\\\/#organization\"},\"potentialAction\":[{\"@type\":\"SearchAction\",\"target\":{\"@type\":\"EntryPoint\",\"urlTemplate\":\"https:\\\/\\\/iwell-guard.com\\\/is\\\/?s={search_term_string}\"},\"query-input\":{\"@type\":\"PropertyValueSpecification\",\"valueRequired\":true,\"valueName\":\"search_term_string\"}}],\"inLanguage\":\"is\"},{\"@type\":\"Organization\",\"@id\":\"https:\\\/\\\/iwell-guard.com\\\/is\\\/#organization\",\"name\":\"Ittermann electronic GmbH\",\"url\":\"https:\\\/\\\/iwell-guard.com\\\/is\\\/\",\"logo\":{\"@type\":\"ImageObject\",\"inLanguage\":\"is\",\"@id\":\"https:\\\/\\\/iwell-guard.com\\\/is\\\/#\\\/schema\\\/logo\\\/image\\\/\",\"url\":\"https:\\\/\\\/iwell-guard.com\\\/wp-content\\\/uploads\\\/2026\\\/05\\\/Ittermann-Logo-1182x237-1.png\",\"contentUrl\":\"https:\\\/\\\/iwell-guard.com\\\/wp-content\\\/uploads\\\/2026\\\/05\\\/Ittermann-Logo-1182x237-1.png\",\"width\":1182,\"height\":237,\"caption\":\"Ittermann electronic GmbH\"},\"image\":{\"@id\":\"https:\\\/\\\/iwell-guard.com\\\/is\\\/#\\\/schema\\\/logo\\\/image\\\/\"},\"sameAs\":[\"https:\\\/\\\/pantip.com\\\/profile\\\/9367242\",\"https:\\\/\\\/micro.blog\\\/iwellguard\",\"https:\\\/\\\/www.diggerslist.com\\\/iwellguard\\\/about\",\"https:\\\/\\\/skitterphoto.com\\\/photographers\\\/2870314\\\/iwell-guard\",\"https:\\\/\\\/iwellguard.wordpress.com\\\/2026\\\/06\\\/06\\\/iwell-guard\\\/\",\"https:\\\/\\\/hub.docker.com\\\/u\\\/iwellguard\",\"https:\\\/\\\/www.pinterest.com\\\/iwellguard\\\/\",\"https:\\\/\\\/bit.ly\\\/m\\\/iwellguard\",\"https:\\\/\\\/entre-vos-mains.alsace.eu\\\/profiles\\\/iwellguard\\\/activity\",\"https:\\\/\\\/gravatar.com\\\/reallybeded8fd34\",\"https:\\\/\\\/naijamatta.com\\\/iwellguard\",\"https:\\\/\\\/www.goodreads.com\\\/iwellguard\",\"https:\\\/\\\/profile.hatena.ne.jp\\\/iwellguard\\\/\",\"https:\\\/\\\/experiment.com\\\/users\\\/iwellguard\",\"https:\\\/\\\/wakelet.com\\\/@iWellGuard82270\",\"https:\\\/\\\/www.chordie.com\\\/forum\\\/profile.php?id=2555664\",\"https:\\\/\\\/www.instapaper.com\\\/p\\\/17757966\",\"https:\\\/\\\/www.mapleprimes.com\\\/users\\\/iwellguard\",\"https:\\\/\\\/businesslistingplus.com\\\/profile\\\/iwell-guard\\\/\",\"https:\\\/\\\/telegra.ph\\\/iWell-Guard-06-06\",\"https:\\\/\\\/pbase.com\\\/iwellguard\\\/iwellguard\",\"https:\\\/\\\/b.hatena.ne.jp\\\/iwellguard\\\/20260607#bookmark-4788405196491818882\",\"https:\\\/\\\/fliphtml5.com\\\/home\\\/iwellguard\",\"https:\\\/\\\/anyflip.com\\\/homepage\\\/cmiwl#About\",\"https:\\\/\\\/transfur.com\\\/Users\\\/iwellguard\",\"http:\\\/\\\/delphi.larsbo.org\\\/user\\\/iwellguard\",\"https:\\\/\\\/jobs.lajobsportal.org\\\/profiles\\\/8380803-iwell-guard\",\"https:\\\/\\\/md.chaosdorf.de\\\/s\\\/jfbe5SBdJD\",\"https:\\\/\\\/www.lingvolive.com\\\/en-us\\\/profile\\\/9ecaeaca-ce11-4e51-9e71-01d55e2bff36\\\/translations\",\"https:\\\/\\\/www.fitday.com\\\/fitness\\\/forums\\\/members\\\/iwellguard.html\",\"https:\\\/\\\/www.mymeetbook.com\\\/iwellguard\",\"https:\\\/\\\/pxhere.com\\\/en\\\/photographer-me\\\/5040798\",\"https:\\\/\\\/disqus.com\\\/by\\\/iwellguard\\\/about\\\/\",\"https:\\\/\\\/pastelink.net\\\/hjwciqwq\",\"https:\\\/\\\/pubhtml5.com\\\/homepage\\\/scjhn\\\/\",\"https:\\\/\\\/www.bitchute.com\\\/channel\\\/2O2eOKzNqujT\",\"https:\\\/\\\/audiomack.com\\\/iwellguard\"]},{\"@type\":\"Article\",\"@id\":\"https:\\\/\\\/iwell-guard.com\\\/is\\\/bunjil-orn-skapari-kulin\\\/#article\",\"isPartOf\":{\"@id\":\"https:\\\/\\\/iwell-guard.com\\\/is\\\/bunjil-orn-skapari-kulin\\\/\"},\"author\":{\"name\":\"Ralf Ittermann\",\"@id\":\"https:\\\/\\\/iwell-guard.com\\\/is\\\/#\\\/schema\\\/person\\\/ee2a27f1cac3406c7c6fb5820cb7349f\"},\"headline\":\"Bunjil \u2013 \u00f6rninn skapari Kulin-f\u00f3lksins\",\"datePublished\":\"2026-09-05T14:04:39+00:00\",\"dateModified\":\"2026-09-05T14:29:13+00:00\",\"mainEntityOfPage\":{\"@id\":\"https:\\\/\\\/iwell-guard.com\\\/is\\\/bunjil-orn-skapari-kulin\\\/\"},\"publisher\":{\"@id\":\"https:\\\/\\\/iwell-guard.com\\\/is\\\/#organization\"},\"image\":{\"@id\":\"https:\\\/\\\/iwell-guard.com\\\/is\\\/bunjil-orn-skapari-kulin\\\/#primaryimage\"},\"thumbnailUrl\":\"https:\\\/\\\/iwell-guard.com\\\/wp-content\\\/uploads\\\/2026\\\/05\\\/goetter_aboriginal_bunjil.webp\",\"inLanguage\":\"is\",\"description\":\"Bunjil er \u00f6rninn skapari Kulin-\u00fej\u00f3\u00f0flokkanna \u00ed Victoria. Tr\u00faarbrag\u00f0afr\u00e6\u00f0ileg greining me\u00f0 go\u00f0s\u00f6gn, d\u00fdrkun og heimildum.\"}]}<\/script>\n<!-- \/ Yoast SEO Premium plugin. -->","yoast_head_json":{"title":"Bunjil \u2013 frumbyggja\u00f6rn-skapari, go\u00f0s\u00f6gn og heimildir","description":"Bunjil er \u00f6rninn skapari Kulin-\u00fej\u00f3\u00f0flokkanna \u00ed Victoria. Tr\u00faarbrag\u00f0afr\u00e6\u00f0ileg greining me\u00f0 go\u00f0s\u00f6gn, d\u00fdrkun og heimildum.","robots":{"index":"index","follow":"follow","max-snippet":"max-snippet:-1","max-image-preview":"max-image-preview:large","max-video-preview":"max-video-preview:-1"},"canonical":"https:\/\/iwell-guard.com\/is\/bunjil-orn-skapari-kulin\/","og_locale":"is_IS","og_type":"article","og_title":"Bunjil \u2013 \u00f6rninn skapari Kulin-f\u00f3lksins","og_description":"Bunjil er \u00f6rninn skapari Kulin-\u00fej\u00f3\u00f0flokkanna \u00ed Victoria. Tr\u00faarbrag\u00f0afr\u00e6\u00f0ileg greining me\u00f0 go\u00f0s\u00f6gn, d\u00fdrkun og heimildum.","og_url":"https:\/\/iwell-guard.com\/is\/bunjil-orn-skapari-kulin\/","og_site_name":"iWell Guard","article_modified_time":"2026-09-05T14:29:13+00:00","og_image":[{"width":1024,"height":1536,"url":"https:\/\/iwell-guard.com\/wp-content\/uploads\/2026\/05\/goetter_aboriginal_bunjil.webp","type":"image\/webp"}],"twitter_card":"summary_large_image","schema":{"@context":"https:\/\/schema.org","@graph":[{"@type":"Article","@id":"https:\/\/iwell-guard.com\/is\/bunjil-orn-skapari-kulin\/#article","isPartOf":{"@id":"https:\/\/iwell-guard.com\/is\/bunjil-orn-skapari-kulin\/"},"author":{"name":"Ralf Ittermann","@id":"https:\/\/iwell-guard.com\/is\/#\/schema\/person\/ee2a27f1cac3406c7c6fb5820cb7349f"},"headline":"Bunjil \u2013 \u00f6rninn skapari Kulin-f\u00f3lksins","datePublished":"2026-09-05T14:04:39+00:00","dateModified":"2026-09-05T14:29:13+00:00","mainEntityOfPage":{"@id":"https:\/\/iwell-guard.com\/is\/bunjil-orn-skapari-kulin\/"},"publisher":{"@id":"https:\/\/iwell-guard.com\/is\/#organization"},"image":{"@id":"https:\/\/iwell-guard.com\/is\/bunjil-orn-skapari-kulin\/#primaryimage"},"thumbnailUrl":"https:\/\/iwell-guard.com\/wp-content\/uploads\/2026\/05\/goetter_aboriginal_bunjil.webp","inLanguage":"is","description":"Bunjil er \u00f6rninn skapari Kulin-\u00fej\u00f3\u00f0flokkanna \u00ed Victoria. Tr\u00faarbrag\u00f0afr\u00e6\u00f0ileg greining me\u00f0 go\u00f0s\u00f6gn, d\u00fdrkun og heimildum."},{"@type":"WebPage","@id":"https:\/\/iwell-guard.com\/is\/bunjil-orn-skapari-kulin\/","url":"https:\/\/iwell-guard.com\/is\/bunjil-orn-skapari-kulin\/","name":"Bunjil \u2013 frumbyggja\u00f6rn-skapari, go\u00f0s\u00f6gn og heimildir","isPartOf":{"@id":"https:\/\/iwell-guard.com\/is\/#website"},"primaryImageOfPage":{"@id":"https:\/\/iwell-guard.com\/is\/bunjil-orn-skapari-kulin\/#primaryimage"},"image":{"@id":"https:\/\/iwell-guard.com\/is\/bunjil-orn-skapari-kulin\/#primaryimage"},"thumbnailUrl":"https:\/\/iwell-guard.com\/wp-content\/uploads\/2026\/05\/goetter_aboriginal_bunjil.webp","datePublished":"2026-09-05T14:04:39+00:00","dateModified":"2026-09-05T14:29:13+00:00","description":"Bunjil er \u00f6rninn skapari Kulin-\u00fej\u00f3\u00f0flokkanna \u00ed Victoria. Tr\u00faarbrag\u00f0afr\u00e6\u00f0ileg greining me\u00f0 go\u00f0s\u00f6gn, d\u00fdrkun og heimildum.","breadcrumb":{"@id":"https:\/\/iwell-guard.com\/is\/bunjil-orn-skapari-kulin\/#breadcrumb"},"inLanguage":"is","potentialAction":[{"@type":"ReadAction","target":["https:\/\/iwell-guard.com\/is\/bunjil-orn-skapari-kulin\/"]}]},{"@type":"ImageObject","inLanguage":"is","@id":"https:\/\/iwell-guard.com\/is\/bunjil-orn-skapari-kulin\/#primaryimage","url":"https:\/\/iwell-guard.com\/wp-content\/uploads\/2026\/05\/goetter_aboriginal_bunjil.webp","contentUrl":"https:\/\/iwell-guard.com\/wp-content\/uploads\/2026\/05\/goetter_aboriginal_bunjil.webp","width":1024,"height":1536,"caption":"Gu\u00f0ir \u00far hef\u00f0 frumbyggja \u00c1stral\u00edu (Aboriginal)."},{"@type":"BreadcrumbList","@id":"https:\/\/iwell-guard.com\/is\/bunjil-orn-skapari-kulin\/#breadcrumb","itemListElement":[{"@type":"ListItem","position":1,"name":"Start","item":"https:\/\/iwell-guard.com\/is\/?page_id=168580"},{"@type":"ListItem","position":2,"name":"Bunjil \u2013 \u00f6rninn skapari Kulin-f\u00f3lksins"}]},{"@type":"WebSite","@id":"https:\/\/iwell-guard.com\/is\/#website","url":"https:\/\/iwell-guard.com\/is\/","name":"iWell Guard","description":"Schutz vor dunklen Einfl\u00fcssen","publisher":{"@id":"https:\/\/iwell-guard.com\/is\/#organization"},"potentialAction":[{"@type":"SearchAction","target":{"@type":"EntryPoint","urlTemplate":"https:\/\/iwell-guard.com\/is\/?s={search_term_string}"},"query-input":{"@type":"PropertyValueSpecification","valueRequired":true,"valueName":"search_term_string"}}],"inLanguage":"is"},{"@type":"Organization","@id":"https:\/\/iwell-guard.com\/is\/#organization","name":"Ittermann electronic GmbH","url":"https:\/\/iwell-guard.com\/is\/","logo":{"@type":"ImageObject","inLanguage":"is","@id":"https:\/\/iwell-guard.com\/is\/#\/schema\/logo\/image\/","url":"https:\/\/iwell-guard.com\/wp-content\/uploads\/2026\/05\/Ittermann-Logo-1182x237-1.png","contentUrl":"https:\/\/iwell-guard.com\/wp-content\/uploads\/2026\/05\/Ittermann-Logo-1182x237-1.png","width":1182,"height":237,"caption":"Ittermann electronic GmbH"},"image":{"@id":"https:\/\/iwell-guard.com\/is\/#\/schema\/logo\/image\/"},"sameAs":["https:\/\/pantip.com\/profile\/9367242","https:\/\/micro.blog\/iwellguard","https:\/\/www.diggerslist.com\/iwellguard\/about","https:\/\/skitterphoto.com\/photographers\/2870314\/iwell-guard","https:\/\/iwellguard.wordpress.com\/2026\/06\/06\/iwell-guard\/","https:\/\/hub.docker.com\/u\/iwellguard","https:\/\/www.pinterest.com\/iwellguard\/","https:\/\/bit.ly\/m\/iwellguard","https:\/\/entre-vos-mains.alsace.eu\/profiles\/iwellguard\/activity","https:\/\/gravatar.com\/reallybeded8fd34","https:\/\/naijamatta.com\/iwellguard","https:\/\/www.goodreads.com\/iwellguard","https:\/\/profile.hatena.ne.jp\/iwellguard\/","https:\/\/experiment.com\/users\/iwellguard","https:\/\/wakelet.com\/@iWellGuard82270","https:\/\/www.chordie.com\/forum\/profile.php?id=2555664","https:\/\/www.instapaper.com\/p\/17757966","https:\/\/www.mapleprimes.com\/users\/iwellguard","https:\/\/businesslistingplus.com\/profile\/iwell-guard\/","https:\/\/telegra.ph\/iWell-Guard-06-06","https:\/\/pbase.com\/iwellguard\/iwellguard","https:\/\/b.hatena.ne.jp\/iwellguard\/20260607#bookmark-4788405196491818882","https:\/\/fliphtml5.com\/home\/iwellguard","https:\/\/anyflip.com\/homepage\/cmiwl#About","https:\/\/transfur.com\/Users\/iwellguard","http:\/\/delphi.larsbo.org\/user\/iwellguard","https:\/\/jobs.lajobsportal.org\/profiles\/8380803-iwell-guard","https:\/\/md.chaosdorf.de\/s\/jfbe5SBdJD","https:\/\/www.lingvolive.com\/en-us\/profile\/9ecaeaca-ce11-4e51-9e71-01d55e2bff36\/translations","https:\/\/www.fitday.com\/fitness\/forums\/members\/iwellguard.html","https:\/\/www.mymeetbook.com\/iwellguard","https:\/\/pxhere.com\/en\/photographer-me\/5040798","https:\/\/disqus.com\/by\/iwellguard\/about\/","https:\/\/pastelink.net\/hjwciqwq","https:\/\/pubhtml5.com\/homepage\/scjhn\/","https:\/\/www.bitchute.com\/channel\/2O2eOKzNqujT","https:\/\/audiomack.com\/iwellguard"]},{"@type":"Person","@id":"https:\/\/iwell-guard.com\/is\/#\/schema\/person\/ee2a27f1cac3406c7c6fb5820cb7349f","name":"Ralf Ittermann","image":{"@type":"ImageObject","inLanguage":"is","@id":"https:\/\/secure.gravatar.com\/avatar\/073c0153e350a5005b68eb752b445fea71f6b24a26da9449ad7e155e6b446c9d?s=96&d=mm&r=g","url":"https:\/\/secure.gravatar.com\/avatar\/073c0153e350a5005b68eb752b445fea71f6b24a26da9449ad7e155e6b446c9d?s=96&d=mm&r=g","contentUrl":"https:\/\/secure.gravatar.com\/avatar\/073c0153e350a5005b68eb752b445fea71f6b24a26da9449ad7e155e6b446c9d?s=96&d=mm&r=g","caption":"Ralf Ittermann"},"givenName":"Ralf","familyName":"Ittermann","jobTitle":"Gesch\u00e4ftsf\u00fchrer und redaktioneller Verantwortlicher","url":"https:\/\/iwell-guard.com\/is\/author\/claude\/","description":"Ralf Ittermann ist Gesch\u00e4ftsf\u00fchrer der Ittermann electronic GmbH und redaktioneller Verantwortlicher des iWell-Guard-Lexikons. Er verbindet langj\u00e4hrige Erfahrung in der Pr\u00e4zisionsfertigung mit medialer Praxis und religionsgeschichtlicher Quellenarbeit.","worksFor":{"@type":"Organization","name":"Ittermann electronic GmbH","url":"https:\/\/ittermann.de\/","address":{"@type":"PostalAddress","streetAddress":"K\u00f6hlergasse 16-18","postalCode":"99842","addressLocality":"Ruhla","addressCountry":"DE"}},"knowsAbout":["Religionsgeschichte","Mythologie","Mediale Praxis","Energetische Diagnostik","Schutzpraxis","Volksglauben","Westliche Esoterik"]},{"@type":"Article","@id":"https:\/\/iwell-guard.com\/is\/bunjil-orn-skapari-kulin\/#article","isPartOf":{"@id":"https:\/\/iwell-guard.com\/is\/bunjil-orn-skapari-kulin\/"},"author":{"name":"Ralf Ittermann","@id":"https:\/\/iwell-guard.com\/is\/#\/schema\/person\/ee2a27f1cac3406c7c6fb5820cb7349f"},"headline":"Bunjil \u2013 \u00f6rninn skapari Kulin-f\u00f3lksins","datePublished":"2026-09-05T14:04:39+00:00","dateModified":"2026-09-05T14:29:13+00:00","mainEntityOfPage":{"@id":"https:\/\/iwell-guard.com\/is\/bunjil-orn-skapari-kulin\/"},"publisher":{"@id":"https:\/\/iwell-guard.com\/is\/#organization"},"image":{"@id":"https:\/\/iwell-guard.com\/is\/bunjil-orn-skapari-kulin\/#primaryimage"},"thumbnailUrl":"https:\/\/iwell-guard.com\/wp-content\/uploads\/2026\/05\/goetter_aboriginal_bunjil.webp","inLanguage":"is","description":"Bunjil er \u00f6rninn skapari Kulin-\u00fej\u00f3\u00f0flokkanna \u00ed Victoria. Tr\u00faarbrag\u00f0afr\u00e6\u00f0ileg greining me\u00f0 go\u00f0s\u00f6gn, d\u00fdrkun og heimildum."}]}},"_links":{"self":[{"href":"https:\/\/iwell-guard.com\/is\/wp-json\/wp\/v2\/pages\/168992","targetHints":{"allow":["GET"]}}],"collection":[{"href":"https:\/\/iwell-guard.com\/is\/wp-json\/wp\/v2\/pages"}],"about":[{"href":"https:\/\/iwell-guard.com\/is\/wp-json\/wp\/v2\/types\/page"}],"author":[{"embeddable":true,"href":"https:\/\/iwell-guard.com\/is\/wp-json\/wp\/v2\/users\/3"}],"replies":[{"embeddable":true,"href":"https:\/\/iwell-guard.com\/is\/wp-json\/wp\/v2\/comments?post=168992"}],"version-history":[{"count":0,"href":"https:\/\/iwell-guard.com\/is\/wp-json\/wp\/v2\/pages\/168992\/revisions"}],"wp:featuredmedia":[{"embeddable":true,"href":"https:\/\/iwell-guard.com\/is\/wp-json\/wp\/v2\/media\/2869"}],"wp:attachment":[{"href":"https:\/\/iwell-guard.com\/is\/wp-json\/wp\/v2\/media?parent=168992"}],"wp:term":[{"taxonomy":"category","embeddable":true,"href":"https:\/\/iwell-guard.com\/is\/wp-json\/wp\/v2\/categories?post=168992"}],"curies":[{"name":"wp","href":"https:\/\/api.w.org\/{rel}","templated":true}]}}