{"id":168991,"date":"2026-09-05T14:04:39","date_gmt":"2026-09-05T14:04:39","guid":{"rendered":"https:\/\/iwell-guard.com\/?page_id=168991"},"modified":"2026-09-05T14:29:11","modified_gmt":"2026-09-05T14:29:11","slug":"baiame-himnafadir-astraliu","status":"publish","type":"page","link":"https:\/\/iwell-guard.com\/is\/baiame-himnafadir-astraliu\/","title":{"rendered":"Baiame \u2013 Himnafa\u00f0ir frumbyggja Su\u00f0austur-\u00c1stral\u00edu"},"content":{"rendered":"\t\t<div data-elementor-type=\"wp-page\" data-elementor-id=\"168991\" class=\"elementor elementor-168991 elementor-2646 elementor-bc-flex-widget\" data-elementor-post-type=\"page\">\n\t\t\t\t<div class=\"elementor-element elementor-element-iwgw-baiame-hero e-flex e-con-boxed e-con e-parent\" data-id=\"iwgw-baiame-hero\" data-element_type=\"container\" data-e-type=\"container\" data-settings=\"{&quot;background_background&quot;:&quot;classic&quot;}\">\n\t\t\t\t\t<div class=\"e-con-inner\">\n\t\t<div class=\"elementor-element elementor-element-iwgw-baiame-hl e-flex e-con-boxed e-con e-child\" data-id=\"iwgw-baiame-hl\" data-element_type=\"container\" data-e-type=\"container\">\n\t\t\t\t\t<div class=\"e-con-inner\">\n\t\t<div class=\"elementor-element elementor-element-iwgw-baiame-htxt e-con-full e-flex e-con e-child\" data-id=\"iwgw-baiame-htxt\" data-element_type=\"container\" data-e-type=\"container\">\n\t\t\t\t<div class=\"elementor-element elementor-element-iwgw-baiame-h1 elementor-widget elementor-widget-heading\" data-id=\"iwgw-baiame-h1\" data-element_type=\"widget\" data-e-type=\"widget\" data-widget_type=\"heading.default\">\n\t\t\t\t\t<h1 class=\"elementor-heading-title elementor-size-default\">Baiame, \u00e6\u00f0sta vera Wiradjuri og Kamilaroi \u00ed Su\u00f0austur-\u00c1stral\u00edu<\/h1>\t\t\t\t<\/div>\n\t\t\t\t<div class=\"elementor-element elementor-element-iwgw-baiame-lead elementor-widget elementor-widget-text-editor\" data-id=\"iwgw-baiame-lead\" data-element_type=\"widget\" data-e-type=\"widget\" data-widget_type=\"text-editor.default\">\n\t\t\t\t\t\t\t\t\t<p>Baiame er h\u00f6fu\u00f0gu\u00f0 fj\u00f6lda frumbyggjah\u00f3pa \u00ed Su\u00f0austur-\u00c1stral\u00edu, \u00fear \u00e1 me\u00f0al Wiradjuri, Kamilaroi, Euahlayi og Bandjalang. Tr\u00faarbrag\u00f0afr\u00e6\u00f0ilega tilheyrir hann flokki \u201ehimnafe\u00f0ra\u201c e\u00f0a \u201ealf\u00f6\u00f0urgesta\u201c, sem eru vel skjalfestar \u00ed su\u00f0austanver\u00f0ri \u00c1stral\u00edu.<\/p>\t\t\t\t\t\t\t\t<\/div>\n\t\t\t\t<\/div>\n\t\t<div class=\"elementor-element elementor-element-iwgw-baiame-pillc e-con-full e-flex e-con e-child\" data-id=\"iwgw-baiame-pillc\" data-element_type=\"container\" data-e-type=\"container\">\n\t\t\t\t<div class=\"elementor-element elementor-element-iwgw-baiame-pills elementor-widget elementor-widget-html\" data-id=\"iwgw-baiame-pills\" data-element_type=\"widget\" data-e-type=\"widget\" data-widget_type=\"html.default\">\n\t\t\t\t\t<div class=\"iwg-pill-row\"><span class=\"iwg-klasse-badge\" tabindex=\"0\" data-tooltip=\"Skapari hef\u00f0ar frumbyggja.\">Skapari<\/span><a href=\"https:\/\/iwell-guard.com\/is\/aboriginal-astralia-draumtid-tjukurpa-verndargripir\/\" class=\"iwg-kultur-badge\" tabindex=\"0\" data-tooltip=\"Go\u00f0afr\u00e6\u00f0i hef\u00f0ar frumbyggja.\">Frumbyggjar<\/a><span class=\"iwg-tradition-badge\" tabindex=\"0\" data-tooltip=\"H\u00f6fu\u00f0gu\u00f0.\">H\u00f6fu\u00f0gu\u00f0<\/span><\/div>\t\t\t\t<\/div>\n\t\t\t\t<\/div>\n\t\t<div class=\"elementor-element elementor-element-iwgw-baiame-tocc e-con-full e-flex e-con e-child\" data-id=\"iwgw-baiame-tocc\" data-element_type=\"container\" data-e-type=\"container\">\n\t\t\t\t<div class=\"elementor-element elementor-element-iwgw-baiame-toc elementor-toc--minimized-on-tablet elementor-widget elementor-widget-table-of-contents\" data-id=\"iwgw-baiame-toc\" data-element_type=\"widget\" data-e-type=\"widget\" data-settings=\"{&quot;headings_by_tags&quot;:[&quot;h2&quot;,&quot;h3&quot;],&quot;minimize_box&quot;:&quot;yes&quot;,&quot;marker_view&quot;:&quot;bullets&quot;,&quot;no_headings_message&quot;:&quot;Engar undirfyrirsagnir fundust \\u00e1 \\u00feessari s\\u00ed\\u00f0u.&quot;,&quot;exclude_headings_by_selector&quot;:[],&quot;icon&quot;:{&quot;value&quot;:&quot;fas fa-circle&quot;,&quot;library&quot;:&quot;fa-solid&quot;,&quot;rendered_tag&quot;:&quot;&lt;svg class=\\&quot;e-font-icon-svg e-fas-circle\\&quot; viewBox=\\&quot;0 0 512 512\\&quot; xmlns=\\&quot;http:\\\/\\\/www.w3.org\\\/2000\\\/svg\\&quot;&gt;&lt;path d=\\&quot;M256 8C119 8 8 119 8 256s111 248 248 248 248-111 248-248S393 8 256 8z\\&quot;&gt;&lt;\\\/path&gt;&lt;\\\/svg&gt;&quot;},&quot;minimized_on&quot;:&quot;tablet&quot;,&quot;hierarchical_view&quot;:&quot;yes&quot;,&quot;min_height&quot;:{&quot;unit&quot;:&quot;px&quot;,&quot;size&quot;:&quot;&quot;,&quot;sizes&quot;:[]},&quot;min_height_tablet&quot;:{&quot;unit&quot;:&quot;px&quot;,&quot;size&quot;:&quot;&quot;,&quot;sizes&quot;:[]},&quot;min_height_mobile&quot;:{&quot;unit&quot;:&quot;px&quot;,&quot;size&quot;:&quot;&quot;,&quot;sizes&quot;:[]}}\" data-widget_type=\"table-of-contents.default\">\n\t\t\t\t\t\t\t\t\t<div class=\"elementor-toc__header\">\n\t\t\t\t\t\t<h2 class=\"elementor-toc__header-title\">\n\t\t\t\tEfnisyfirlit\t\t\t<\/h2>\n\t\t\t\t\t\t\t\t\t\t<div class=\"elementor-toc__toggle-button elementor-toc__toggle-button--expand\" role=\"button\" tabindex=\"0\" aria-controls=\"elementor-toc__iwgw-baiame-toc\" aria-expanded=\"true\" aria-label=\"Open table of contents\"><svg aria-hidden=\"true\" class=\"e-font-icon-svg e-fas-chevron-down\" viewBox=\"0 0 448 512\" xmlns=\"http:\/\/www.w3.org\/2000\/svg\"><path d=\"M207.029 381.476L12.686 187.132c-9.373-9.373-9.373-24.569 0-33.941l22.667-22.667c9.357-9.357 24.522-9.375 33.901-.04L224 284.505l154.745-154.021c9.379-9.335 24.544-9.317 33.901.04l22.667 22.667c9.373 9.373 9.373 24.569 0 33.941L240.971 381.476c-9.373 9.372-24.569 9.372-33.942 0z\"><\/path><\/svg><\/div>\n\t\t\t\t<div class=\"elementor-toc__toggle-button elementor-toc__toggle-button--collapse\" role=\"button\" tabindex=\"0\" aria-controls=\"elementor-toc__iwgw-baiame-toc\" aria-expanded=\"true\" aria-label=\"Close table of contents\"><svg aria-hidden=\"true\" class=\"e-font-icon-svg e-fas-chevron-up\" viewBox=\"0 0 448 512\" xmlns=\"http:\/\/www.w3.org\/2000\/svg\"><path d=\"M240.971 130.524l194.343 194.343c9.373 9.373 9.373 24.569 0 33.941l-22.667 22.667c-9.357 9.357-24.522 9.375-33.901.04L224 227.495 69.255 381.516c-9.379 9.335-24.544 9.317-33.901-.04l-22.667-22.667c-9.373-9.373-9.373-24.569 0-33.941L207.03 130.525c9.372-9.373 24.568-9.373 33.941-.001z\"><\/path><\/svg><\/div>\n\t\t\t\t\t<\/div>\n\t\t\t\t<div id=\"elementor-toc__iwgw-baiame-toc\" class=\"elementor-toc__body\">\n\t\t\t<div class=\"elementor-toc__spinner-container\">\n\t\t\t\t<svg class=\"elementor-toc__spinner eicon-animation-spin e-font-icon-svg e-eicon-loading\" aria-hidden=\"true\" viewBox=\"0 0 1000 1000\" xmlns=\"http:\/\/www.w3.org\/2000\/svg\"><path d=\"M500 975V858C696 858 858 696 858 500S696 142 500 142 142 304 142 500H25C25 237 238 25 500 25S975 237 975 500 763 975 500 975Z\"><\/path><\/svg>\t\t\t<\/div>\n\t\t<\/div>\n\t\t\t\t\t\t<\/div>\n\t\t\t\t<\/div>\n\t\t\t\t\t<\/div>\n\t\t\t\t<\/div>\n\t\t<div class=\"elementor-element elementor-element-iwgw-baiame-hr e-con-full e-flex e-con e-child\" data-id=\"iwgw-baiame-hr\" data-element_type=\"container\" data-e-type=\"container\">\n\t\t\t\t<div class=\"elementor-element elementor-element-iwgw-baiame-heroimg iwg-hero-image elementor-widget elementor-widget-image\" data-id=\"iwgw-baiame-heroimg\" data-element_type=\"widget\" data-e-type=\"widget\" data-widget_type=\"image.default\">\n\t\t\t\t\t\t\t\t\t\t\t\t\t\t\t<img fetchpriority=\"high\" decoding=\"async\" width=\"683\" height=\"1024\" src=\"https:\/\/iwell-guard.com\/wp-content\/uploads\/2026\/05\/goetter_aboriginal_baiame-683x1024.webp\" class=\"attachment-large size-large wp-image-170789\" alt=\"Baiame - gu\u00f0 \u00far hef\u00f0um frumbyggja \u00c1stral\u00edu (Aboriginal), s\u00f6guleg og myndl\u00fdsandi framsetning\" srcset=\"https:\/\/iwell-guard.com\/wp-content\/uploads\/2026\/05\/goetter_aboriginal_baiame-683x1024.webp 683w, https:\/\/iwell-guard.com\/wp-content\/uploads\/2026\/05\/goetter_aboriginal_baiame-200x300.webp 200w, https:\/\/iwell-guard.com\/wp-content\/uploads\/2026\/05\/goetter_aboriginal_baiame-768x1152.webp 768w, https:\/\/iwell-guard.com\/wp-content\/uploads\/2026\/05\/goetter_aboriginal_baiame.webp 1024w\" sizes=\"(max-width: 683px) 100vw, 683px\" \/>\t\t\t\t\t\t\t\t\t\t\t\t\t\t\t<\/div>\n\t\t\t\t<\/div>\n\t\t\t\t\t<\/div>\n\t\t\t\t<\/div>\n\t\t<div class=\"elementor-element elementor-element-iwgw-baiame-s0 e-flex e-con-boxed e-con e-parent\" data-id=\"iwgw-baiame-s0\" data-element_type=\"container\" data-e-type=\"container\">\n\t\t\t\t\t<div class=\"e-con-inner\">\n\t\t\t\t<div class=\"elementor-element elementor-element-iwgw-baiame-s0h elementor-widget elementor-widget-heading\" data-id=\"iwgw-baiame-s0h\" data-element_type=\"widget\" data-e-type=\"widget\" data-widget_type=\"heading.default\">\n\t\t\t\t\t<h2 class=\"elementor-heading-title elementor-size-default\">Greining og skammrit<\/h2>\t\t\t\t<\/div>\n\t\t<div class=\"elementor-element elementor-element-iwgw-baiame-s0c e-con-full e-flex e-con e-child\" data-id=\"iwgw-baiame-s0c\" data-element_type=\"container\" data-e-type=\"container\">\n\t\t\t\t<div class=\"elementor-element elementor-element-iwgw-baiame-s0t elementor-widget elementor-widget-text-editor\" data-id=\"iwgw-baiame-s0t\" data-element_type=\"widget\" data-e-type=\"widget\" data-widget_type=\"text-editor.default\">\n\t\t\t\t\t\t\t\t\t<p>Baiame (einnig <em>Biame<\/em>, <em>Baayami<\/em>, <em>Byamee<\/em>) er \u00e6\u00f0sta tr\u00faarlega vera fj\u00f6lda tungum\u00e1lah\u00f3pa frumbyggja \u00ed Su\u00f0austur-\u00c1stral\u00edu, \u00fear \u00e1 me\u00f0al Wiradjuri, Kamilaroi, Euahlayi (Yuwaalaraay) og Bandjalang. Hann tilheyrir \u00feeirri tr\u00faarfyrirb\u00e6rafr\u00e6\u00f0ilega skjalfestu ger\u00f0 sem kallast \u201ehimnafa\u00f0ir\u201c e\u00f0a \u201ealfa\u00f0ir\u201c, hugtak sem Alfred Howitt kom kerfisbundi\u00f0 inn \u00ed fr\u00e6\u00f0im\u00e1l mannfr\u00e6\u00f0inga \u00e1ri\u00f0 1884.<\/p><p>Innan <a href=\"https:\/\/iwell-guard.com\/is\/aboriginal-astralia-draumtid-tjukurpa-verndargripir\/\">hef\u00f0ar frumbyggja<\/a> markar Baiame s\u00e9rstakt lag: hann er ekki forfa\u00f0ir sem var\u00f0 a\u00f0 manni (eins og margar Draumt\u00ed\u00f0ar-verur), heldur sj\u00e1lfst\u00e6tt sk\u00f6punarafl sem \u00ed go\u00f0s\u00f6gunni setur upphaf heimsins og gefur l\u00f6g stofnsins.<\/p><p>Wilhelm Schmidt nota\u00f0i hann \u00ed t\u00f3lf binda verki s\u00ednu <em>Der Ursprung der Gottesidee<\/em> (bindi 3, 1931) sem d\u00e6migert fyrirb\u00e6ri \u201efrumm\u00f3n\u00f3\u00feeisma\u201c, sem fr\u00e6\u00f0imenn hafa s\u00ed\u00f0ar endursko\u00f0a\u00f0 me\u00f0 gagnr\u00fdnum h\u00e6tti.<\/p><p>Tony Swain vara\u00f0i \u00ed <em>A Place for Strangers<\/em> (Cambridge 1993) vi\u00f0 \u00fev\u00ed a\u00f0 misskilja Baiame sem \u201e\u00e1str\u00f6lskan kristinn gu\u00f0\u201c, heldur \u00e6tti a\u00f0 lesa hann innan hinnar s\u00e9rst\u00f6ku tr\u00faarhef\u00f0ar Su\u00f0austur-\u00c1stral\u00edu. Hann er h\u00e1leit vera, en ekki gu\u00f0 <span class=\"iwg-fachbegriff\" data-tooltip=\"Tr\u00fain \u00e1 einn einan gu\u00f0.\" tabindex=\"0\">eingu\u00f0istr\u00faar<\/span>.<\/p>\t\t\t\t\t\t\t\t<\/div>\n\t\t\t\t<\/div>\n\t\t\t\t\t<\/div>\n\t\t\t\t<\/div>\n\t\t<div class=\"elementor-element elementor-element-iwgw-baiame-s1 e-flex e-con-boxed e-con e-parent\" data-id=\"iwgw-baiame-s1\" data-element_type=\"container\" data-e-type=\"container\">\n\t\t\t\t\t<div class=\"e-con-inner\">\n\t\t\t\t<div class=\"elementor-element elementor-element-iwgw-baiame-s1h elementor-widget elementor-widget-heading\" data-id=\"iwgw-baiame-s1h\" data-element_type=\"widget\" data-e-type=\"widget\" data-widget_type=\"heading.default\">\n\t\t\t\t\t<h2 class=\"elementor-heading-title elementor-size-default\">Nafn og or\u00f0sifjar<\/h2>\t\t\t\t<\/div>\n\t\t<div class=\"elementor-element elementor-element-iwgw-baiame-s1c e-con-full e-flex e-con e-child\" data-id=\"iwgw-baiame-s1c\" data-element_type=\"container\" data-e-type=\"container\">\n\t\t\t\t<div class=\"elementor-element elementor-element-iwgw-baiame-s1t elementor-widget elementor-widget-text-editor\" data-id=\"iwgw-baiame-s1t\" data-element_type=\"widget\" data-e-type=\"widget\" data-widget_type=\"text-editor.default\">\n\t\t\t\t\t\t\t\t\t<p>Uppruni nafnsins <em>Baiame<\/em> er umdeildur. Hef\u00f0bundin sk\u00fdring tengir \u00fea\u00f0 vi\u00f0 Wiradjuri-or\u00f0i\u00f0 <em>biyay<\/em>, \u201est\u00f3r\u201c, me\u00f0 pers\u00f3nuvi\u00f0skeytinu <em>-mi<\/em>. \u00d6nnur sk\u00fdring v\u00edsar til merkingarinnar \u201eskaparinn\u201c. B\u00e1\u00f0ar m\u00e1lfr\u00e6\u00f0ilegar \u00fatlistanir eru r\u00f6kstuddar.<\/p><p>K. Langloh Parker, sem \u00e1 s\u00ed\u00f0ari hluta 19. aldar bj\u00f3 me\u00f0al Euahlayi og skjalfesti tr\u00fa \u00feeirra \u00ed <em>Euahlayi Tribe<\/em> (1905), nota\u00f0i rith\u00e1ttinn <em>Byamee<\/em>. \u00deessi rith\u00e1ttur hefur haldist \u00ed m\u00f6rgum textum en er \u00ed dag v\u00edkjandi fyrir hlj\u00f3\u00f0fr\u00e6\u00f0ilega r\u00e9ttari myndinni <em>Baiame<\/em>.<\/p><p>\u00cd hinum \u00fdmsu tungum\u00e1lah\u00f3pum er nafni\u00f0 sta\u00f0bundi\u00f0 me\u00f0 l\u00edtilsh\u00e1ttar breytingum: Wiradjuri <em>Baiame<\/em>, Kamilaroi <em>Baiamai<\/em>, Euahlayi <em>Byamee<\/em>, Bandjalang <em>Bundjalung-Baiame<\/em>. \u00deessi tungum\u00e1lalega fj\u00f6lbreytni s\u00fdnir a\u00f0 Baiame er ekki eining heldur \u00e6tt tengdra h\u00e1leita vera.<\/p>\t\t\t\t\t\t\t\t<\/div>\n\t\t\t\t<\/div>\n\t\t\t\t\t<\/div>\n\t\t\t\t<\/div>\n\t\t<div class=\"elementor-element elementor-element-iwgw-baiame-s2 e-flex e-con-boxed e-con e-parent\" data-id=\"iwgw-baiame-s2\" data-element_type=\"container\" data-e-type=\"container\">\n\t\t\t\t\t<div class=\"e-con-inner\">\n\t\t\t\t<div class=\"elementor-element elementor-element-iwgw-baiame-s2h elementor-widget elementor-widget-heading\" data-id=\"iwgw-baiame-s2h\" data-element_type=\"widget\" data-e-type=\"widget\" data-widget_type=\"heading.default\">\n\t\t\t\t\t<h2 class=\"elementor-heading-title elementor-size-default\">L\u00fdsing og myndm\u00e1l<\/h2>\t\t\t\t<\/div>\n\t\t<div class=\"elementor-element elementor-element-iwgw-baiame-s2c e-con-full e-flex e-con e-child\" data-id=\"iwgw-baiame-s2c\" data-element_type=\"container\" data-e-type=\"container\">\n\t\t\t\t<div class=\"elementor-element elementor-element-iwgw-baiame-s2t elementor-widget elementor-widget-text-editor\" data-id=\"iwgw-baiame-s2t\" data-element_type=\"widget\" data-e-type=\"widget\" data-widget_type=\"text-editor.default\">\n\t\t\t\t\t\t\t\t\t<p>Baiame er l\u00fdst sem st\u00f3rum manni me\u00f0 hv\u00edtt skegg og skikkju \u00far fj\u00f6\u00f0rum. \u00cd sumum hef\u00f0um hefur hann \u00fatr\u00e9tta arma sem spanna allt landi\u00f0; \u00ed \u00f6\u00f0rum r\u00ed\u00f0ur hann \u00ed himnesku tjaldb\u00fa\u00f0um me\u00f0al stjarnanna og fylgist me\u00f0 m\u00f6nnum.<\/p><p>S\u00e9rlega \u00feekktur bergmyndasta\u00f0ur er Baiame-hellirinn n\u00e1l\u00e6gt Milbrodale (Wiradjuri-landsv\u00e6\u00f0i, N\u00fdja Su\u00f0ur-Wales), \u00fear sem var\u00f0veist hefur um fimm metra brei\u00f0 Baiame-bergmynd me\u00f0 \u00fatr\u00e9ttum \u00f6rmum. \u00deessi sta\u00f0ur hefur veri\u00f0 undir vernd frumbyggja fr\u00e1 1980 og er \u00ed umsj\u00f3n hinna hef\u00f0bundnu eigenda.<\/p><p>\u00cd samt\u00edmalist frumbyggja er Baiame tekin upp \u00ed m\u00f6rgum Wiradjuri-verkum; listama\u00f0urinn John Patrick (Wiradjuri) og a\u00f0rir hafa skapa\u00f0 n\u00fat\u00edmalegar myndir af Baiame \u00ed akr\u00fdl og \u00e1 papp\u00edr, sem byggja \u00e1 hinni hef\u00f0bundnu myndhef\u00f0.<\/p>\t\t\t\t\t\t\t\t<\/div>\n\t\t\t\t<\/div>\n\t\t\t\t\t<\/div>\n\t\t\t\t<\/div>\n\t\t<div class=\"elementor-element elementor-element-iwgw-baiame-s3 e-flex e-con-boxed e-con e-parent\" data-id=\"iwgw-baiame-s3\" data-element_type=\"container\" data-e-type=\"container\">\n\t\t\t\t\t<div class=\"e-con-inner\">\n\t\t\t\t<div class=\"elementor-element elementor-element-iwgw-baiame-s3h elementor-widget elementor-widget-heading\" data-id=\"iwgw-baiame-s3h\" data-element_type=\"widget\" data-e-type=\"widget\" data-widget_type=\"heading.default\">\n\t\t\t\t\t<h2 class=\"elementor-heading-title elementor-size-default\">Go\u00f0sagnakenndar fr\u00e1sagnir<\/h2>\t\t\t\t<\/div>\n\t\t<div class=\"elementor-element elementor-element-iwgw-baiame-s3c e-con-full e-flex e-con e-child\" data-id=\"iwgw-baiame-s3c\" data-element_type=\"container\" data-e-type=\"container\">\n\t\t\t\t<div class=\"elementor-element elementor-element-iwgw-baiame-s3t elementor-widget elementor-widget-text-editor\" data-id=\"iwgw-baiame-s3t\" data-element_type=\"widget\" data-e-type=\"widget\" data-widget_type=\"text-editor.default\">\n\t\t\t\t\t\t\t\t\t<p>Meginfr\u00e1s\u00f6gnin um Baiame l\u00fdsir sk\u00f6pun heims Wiradjuri: Baiame steig ni\u00f0ur \u00far himninum \u00e1 Draumt\u00edmanum, mynda\u00f0i landslagi\u00f0, d\u00fdrin og mennina, gaf m\u00f6nnunum l\u00f6g stofnsins og st\u00e9 s\u00ed\u00f0an aftur upp til himins, \u00fear sem hann hefur allt fr\u00e1 \u00feeim t\u00edma veri\u00f0 s\u00fdnilegur sem stjarna e\u00f0a stj\u00f6rnu\u00feyrping.<\/p><p>\u00d6nnur fr\u00e1s\u00f6gn l\u00fdsir stofnun <em>Bora<\/em>-innv\u00edgsluathafnanna: Baiame v\u00edsa\u00f0i fyrstu m\u00f6nnunum \u00e1 Bora-sta\u00f0inn, mikinn hringlaga jar\u00f0hring sem tengist minni hring me\u00f0 st\u00edg. \u00deessi Bora-sta\u00f0ur er enn \u00ed dag vettvangur karlmannainnv\u00edgslu.<\/p><p>A. W. Howitt setti fram \u00ed <em>The Native Tribes of South-East Australia<\/em> (1904) \u00edtarlegt safn fr\u00e1sagna um Baiame fr\u00e1 fj\u00f6lda tungum\u00e1lah\u00f3pa. \u00deetta safn er enn mikilv\u00e6g frumheimild, jafnvel \u00fe\u00f3tt hi\u00f0 utana\u00f0komandi sj\u00f3narhorn \u00feess s\u00e9 \u00ed dag sko\u00f0a\u00f0 me\u00f0 gagnr\u00fdnum h\u00e6tti.<\/p>\t\t\t\t\t\t\t\t<\/div>\n\t\t\t\t<\/div>\n\t\t\t\t\t<\/div>\n\t\t\t\t<\/div>\n\t\t<div class=\"elementor-element elementor-element-iwgw-baiame-s4 e-flex e-con-boxed e-con e-parent\" data-id=\"iwgw-baiame-s4\" data-element_type=\"container\" data-e-type=\"container\">\n\t\t\t\t\t<div class=\"e-con-inner\">\n\t\t\t\t<div class=\"elementor-element elementor-element-iwgw-baiame-s4h elementor-widget elementor-widget-heading\" data-id=\"iwgw-baiame-s4h\" data-element_type=\"widget\" data-e-type=\"widget\" data-widget_type=\"heading.default\">\n\t\t\t\t\t<h2 class=\"elementor-heading-title elementor-size-default\">D\u00fdrkun og tilbei\u00f0sla<\/h2>\t\t\t\t<\/div>\n\t\t<div class=\"elementor-element elementor-element-iwgw-baiame-s4c e-con-full e-flex e-con e-child\" data-id=\"iwgw-baiame-s4c\" data-element_type=\"container\" data-e-type=\"container\">\n\t\t\t\t<div class=\"elementor-element elementor-element-iwgw-baiame-s4t elementor-widget elementor-widget-text-editor\" data-id=\"iwgw-baiame-s4t\" data-element_type=\"widget\" data-e-type=\"widget\" data-widget_type=\"text-editor.default\">\n\t\t\t\t\t\t\t\t\t<p>Meginn <span class=\"iwg-fachbegriff\" data-tooltip=\"Heild tr\u00faarlegra tilbei\u00f0sluathafna fyrir gu\u00f0 e\u00f0a heilaga veru.\" tabindex=\"0\">d\u00fdrkun<\/span> \u00e1 Baiame var <em>Bora<\/em>&#8211;<span class=\"iwg-fachbegriff\" data-tooltip=\"Tr\u00faarleg umskipti \u00fear sem einstaklingur er tekinn inn \u00ed n\u00fdja st\u00f6\u00f0u e\u00f0a samf\u00e9lag.\" tabindex=\"0\">innv\u00edgslan<\/span>: margra vikna l\u00f6ng <span class=\"iwg-fachbegriff\" data-tooltip=\"Regluleg r\u00f6\u00f0 t\u00e1kngj\u00f6rninga me\u00f0 tr\u00faarlegt e\u00f0a menningarlegt gildi.\" tabindex=\"0\">ath\u00f6fn<\/span>, \u00fear sem ungir menn voru leiddir inn \u00ed tr\u00faarleg leyndarm\u00e1l stofnsins. Bora-sta\u00f0urinn samanstendur af tveimur jar\u00f0hringjum tengdum me\u00f0 st\u00edg; s\u00e1 st\u00e6rri er opinber, \u00feann minni f\u00e1 a\u00f0eins innv\u00edg\u00f0ir og \u00f6ldungar a\u00f0 ganga inn \u00ed.<\/p><p>Me\u00f0an \u00e1 <span class=\"iwg-fachbegriff\" data-tooltip=\"Tr\u00faarleg umskipti \u00fear sem einstaklingur er tekinn inn \u00ed n\u00fdja st\u00f6\u00f0u e\u00f0a samf\u00e9lag.\" tabindex=\"0\">innv\u00edgslunni<\/span> stendur l\u00e6ra ungu menn Baiame-s\u00f6ngva, sj\u00e1 Baiame-su\u00f0bretti (\u00fatskorin tr\u00e9spj\u00f6ld sem sveifla\u00f0 er \u00ed sn\u00faru \u00ed gegnum lofti\u00f0 og gefa fr\u00e1 s\u00e9r \u00ferumandi hlj\u00f3\u00f0) og eru leiddir inn \u00ed heimsmyndina. Howitt l\u00fdsti \u00feessari <span class=\"iwg-fachbegriff\" data-tooltip=\"Regluleg r\u00f6\u00f0 t\u00e1kngj\u00f6rninga me\u00f0 tr\u00faarlegt e\u00f0a menningarlegt gildi.\" tabindex=\"0\">ath\u00f6fn<\/span> \u00ed sm\u00e1atri\u00f0um.<\/p><p>Me\u00f0 evr\u00f3pskri n\u00fdlendustefnu \u00ed su\u00f0austurhluta \u00c1stral\u00edu (19. \u00f6ld) var Bora-hef\u00f0in a\u00f0 mestu rofin. Fr\u00e1 1980 hafa nokkur stofnsamf\u00e9l\u00f6g upplifa\u00f0 varf\u00e6rna endurvakningu; Bora-sta\u00f0irnir (t.d. n\u00e1l\u00e6gt Brewarrina \u00ed NSW) nj\u00f3ta n\u00fa n\u00fdrrar fornleifafr\u00e6\u00f0ilegrar og tr\u00faarlegrar vi\u00f0urkenningar.<\/p>\t\t\t\t\t\t\t\t<\/div>\n\t\t\t\t<\/div>\n\t\t\t\t\t<\/div>\n\t\t\t\t<\/div>\n\t\t<div class=\"elementor-element elementor-element-iwgw-baiame-s5 e-flex e-con-boxed e-con e-parent\" data-id=\"iwgw-baiame-s5\" data-element_type=\"container\" data-e-type=\"container\">\n\t\t\t\t\t<div class=\"e-con-inner\">\n\t\t\t\t<div class=\"elementor-element elementor-element-iwgw-baiame-s5h elementor-widget elementor-widget-heading\" data-id=\"iwgw-baiame-s5h\" data-element_type=\"widget\" data-e-type=\"widget\" data-widget_type=\"heading.default\">\n\t\t\t\t\t<h2 class=\"elementor-heading-title elementor-size-default\">Verndara\u00f0ger\u00f0ir og fr\u00e1hrindandi t\u00e1kn<\/h2>\t\t\t\t<\/div>\n\t\t<div class=\"elementor-element elementor-element-iwgw-baiame-s5c e-con-full e-flex e-con e-child\" data-id=\"iwgw-baiame-s5c\" data-element_type=\"container\" data-e-type=\"container\">\n\t\t\t\t<div class=\"elementor-element elementor-element-iwgw-baiame-s5t elementor-widget elementor-widget-text-editor\" data-id=\"iwgw-baiame-s5t\" data-element_type=\"widget\" data-e-type=\"widget\" data-widget_type=\"text-editor.default\">\n\t\t\t\t\t\t\t\t\t<p>Tr\u00fafr\u00e6\u00f0ilega s\u00e9\u00f0 mi\u00f0ast sl\u00edkar h\u00f6mlur \u00ed Baiame-samhenginu ekki fyrst og fremst vi\u00f0 a\u00f0 afst\u00fdra tj\u00f3ni, heldur vi\u00f0 a\u00f0 vi\u00f0halda \u00feeirri \u00e6ttb\u00e1lkaskipan sem Baiame setti. Banna\u00f0 var: brot \u00e1 giftingarreglum (fr\u00e6ndsemistab\u00fa), a\u00f0 lj\u00f3stra upp karlaleyndarm\u00e1lum, a\u00f0 vanhelga Bora-sta\u00f0ina og a\u00f0 dey\u00f0a totem\u00edskt tengd d\u00fdr \u00e1n tilhl\u00fd\u00f0ilegs rit\u00faals.<\/p><p>Brot \u00e1 \u00feessum reglum \u00fe\u00f3tti, innan hef\u00f0arins, valda sj\u00fakd\u00f3mum og f\u00e9lagslegri \u00f3g\u00e6fu. Fr\u00e1 \u00fej\u00f3\u00f0fr\u00e6\u00f0ilegu sj\u00f3narhorni utan fr\u00e1 s\u00e9\u00f0 eru \u00feessar reglur f\u00e9lagslegur bur\u00f0argrunnur frumbyggjasamf\u00e9laga \u00ed su\u00f0austur-\u00c1stral\u00edu: \u00fe\u00e6r \u00e1kvar\u00f0a fr\u00e6ndsemi, land, samband vi\u00f0 d\u00fdr og tr\u00faarlegar skyldur.<\/p><p>Sveifla sv\u00ednamerkisins (<em>turndun<\/em>) var talin tengjast Baiame me\u00f0 beinum h\u00e6tti; hlj\u00f3\u00f0 \u00feess var r\u00f6dd Baiame. Konur og \u00f3innv\u00edg\u00f0ir karlar m\u00e1ttu ekki heyra \u00fea\u00f0; tab\u00fai\u00f0 var strangt og \u00fev\u00ed var fylgt me\u00f0 mikilli n\u00e1kv\u00e6mni.<\/p>\t\t\t\t\t\t\t\t<\/div>\n\t\t\t\t<\/div>\n\t\t\t\t\t<\/div>\n\t\t\t\t<\/div>\n\t\t<div class=\"elementor-element elementor-element-iwgw-baiame-s6 e-flex e-con-boxed e-con e-parent\" data-id=\"iwgw-baiame-s6\" data-element_type=\"container\" data-e-type=\"container\">\n\t\t\t\t\t<div class=\"e-con-inner\">\n\t\t\t\t<div class=\"elementor-element elementor-element-iwgw-baiame-s6h elementor-widget elementor-widget-heading\" data-id=\"iwgw-baiame-s6h\" data-element_type=\"widget\" data-e-type=\"widget\" data-widget_type=\"heading.default\">\n\t\t\t\t\t<h2 class=\"elementor-heading-title elementor-size-default\">Hli\u00f0st\u00e6\u00f0ur \u00ed \u00f6\u00f0rum menningarheimum<\/h2>\t\t\t\t<\/div>\n\t\t<div class=\"elementor-element elementor-element-iwgw-baiame-s6c e-con-full e-flex e-con e-child\" data-id=\"iwgw-baiame-s6c\" data-element_type=\"container\" data-e-type=\"container\">\n\t\t\t\t<div class=\"elementor-element elementor-element-iwgw-baiame-s6t elementor-widget elementor-widget-text-editor\" data-id=\"iwgw-baiame-s6t\" data-element_type=\"widget\" data-e-type=\"widget\" data-widget_type=\"text-editor.default\">\n\t\t\t\t\t\t\t\t\t<p>Byggingarlega samb\u00e6rilegar vi\u00f0 Baiame eru: <a href=\"https:\/\/iwell-guard.com\/is\/?page_id=168992\">Bunjil<\/a> hj\u00e1 Kulin-\u00e6ttb\u00e1lkunum \u00ed Viktor\u00edu, Daramulun hj\u00e1 nokkrum h\u00f3pum \u00ed N\u00fdja Su\u00f0ur-Wales, Nurelli \u00e1 Murray-sv\u00e6\u00f0inu og Mungan-Ngana hj\u00e1 Kurnai-f\u00f3lkinu. Allar \u00feessar verur tilheyra \u201eAlf\u00f6\u00f0ur\u201c-ger\u00f0inni sem Howitt l\u00fdsti me\u00f0 kerfisbundnum h\u00e6tti \u00e1ri\u00f0 1884.<\/p><p>Utan \u00c1stral\u00edu m\u00e1 finna d\u00e6misfr\u00e6\u00f0ilegar hli\u00f0st\u00e6\u00f0ur: <a href=\"https:\/\/iwell-guard.com\/is\/?page_id=168980\">Tengri<\/a> hj\u00e1 Tyrkjum (fjarl\u00e6gur himingu\u00f0), hinn ved\u00edski Dyaus Pitar, gr\u00edski Zeus Pater og norr\u00e6ni T\u00fdr. Wilhelm Schmidt t\u00falka\u00f0i \u00feessar hli\u00f0st\u00e6\u00f0ur \u00ed t\u00f3lf binda verki s\u00ednu sem v\u00edsbendingar um \u201efrumm\u00f3n\u00f3\u00feeisma\u201c, en ranns\u00f3knir s\u00ed\u00f0ari t\u00edma hafa gagnr\u00fdnt \u00fe\u00e1 t\u00falkun har\u00f0lega.<\/p><p>Tr\u00faarfyrirb\u00e6rafr\u00e6\u00f0ilega tilheyrir Baiame flokki <em>deus otiosus<\/em>: h\u00e1gu\u00f0legrar veru sem dregur sig \u00ed hl\u00e9 fr\u00e1 bein d\u00fdrkun eftir sk\u00f6punina. \u00deessa st\u00f6\u00f0u deilir hann me\u00f0 Tengri, k\u00ednverska Tian og fj\u00f6lm\u00f6rgum \u00f6\u00f0rum h\u00e1gu\u00f0um um allan heim.<\/p>\t\t\t\t\t\t\t\t<\/div>\n\t\t\t\t<\/div>\n\t\t\t\t\t<\/div>\n\t\t\t\t<\/div>\n\t\t<div class=\"elementor-element elementor-element-iwgw-baiame-s7 e-flex e-con-boxed e-con e-parent\" data-id=\"iwgw-baiame-s7\" data-element_type=\"container\" data-e-type=\"container\">\n\t\t\t\t\t<div class=\"e-con-inner\">\n\t\t\t\t<div class=\"elementor-element elementor-element-iwgw-baiame-s7h elementor-widget elementor-widget-heading\" data-id=\"iwgw-baiame-s7h\" data-element_type=\"widget\" data-e-type=\"widget\" data-widget_type=\"heading.default\">\n\t\t\t\t\t<h2 class=\"elementor-heading-title elementor-size-default\">N\u00fat\u00edmavi\u00f0t\u00f6kur og ranns\u00f3knir<\/h2>\t\t\t\t<\/div>\n\t\t<div class=\"elementor-element elementor-element-iwgw-baiame-s7c e-con-full e-flex e-con e-child\" data-id=\"iwgw-baiame-s7c\" data-element_type=\"container\" data-e-type=\"container\">\n\t\t\t\t<div class=\"elementor-element elementor-element-iwgw-baiame-s7t elementor-widget elementor-widget-text-editor\" data-id=\"iwgw-baiame-s7t\" data-element_type=\"widget\" data-e-type=\"widget\" data-widget_type=\"text-editor.default\">\n\t\t\t\t\t\t\t\t\t<p>Mikilv\u00e6gustu frumverkin eru <em>The Native Tribes of South-East Australia<\/em> (1904) eftir Alfred Howitt og <em>Euahlayi Tribe<\/em> (1905) eftir K. Langloh Parker. B\u00e6\u00f0i verkin hafa a\u00f0fer\u00f0afr\u00e6\u00f0ilega galla s\u00e9\u00f0 fr\u00e1 sj\u00f3narhorni n\u00fat\u00edmans, en eru \u00f3missandi frumheimildir.<\/p><p>Wilhelm Schmidt notar Baiame sem s\u00f6nnun fyrir \u201efrumm\u00f3n\u00f3\u00feeisma\u201c \u00ed <em>Der Ursprung der Gottesidee<\/em> (3. bindi, 1931); \u00feessi tilg\u00e1ta er n\u00fa a\u00f0 mestu hafna\u00f0, en er tr\u00faars\u00f6gulega mikilv\u00e6g. Mircea Eliade felldi Baiame inn \u00ed tr\u00faarfyrirb\u00e6rafr\u00e6\u00f0i s\u00edna \u00ed <em>Australian Religions<\/em> (1973).<\/p><p>B\u00f3k Tony Swains <em>A Place for Strangers<\/em> (1993) er mikilv\u00e6gasta samt\u00edma\u00edgrundunin og varar vi\u00f0 alls-frumbyggja- og eingy\u00f0isbjagi. <em>An Introduction to Aboriginal Societies<\/em> (1998) eftir Bill Edwards er \u00edtarleg inngangsranns\u00f3kn.<\/p>\t\t\t\t\t\t\t\t<\/div>\n\t\t\t\t<\/div>\n\t\t\t\t\t<\/div>\n\t\t\t\t<\/div>\n\t\t<div class=\"elementor-element elementor-element-iwgw-baiame-s8 e-flex e-con-boxed e-con e-parent\" data-id=\"iwgw-baiame-s8\" data-element_type=\"container\" data-e-type=\"container\">\n\t\t\t\t\t<div class=\"e-con-inner\">\n\t\t\t\t<div class=\"elementor-element elementor-element-iwgw-baiame-s8h elementor-widget elementor-widget-heading\" data-id=\"iwgw-baiame-s8h\" data-element_type=\"widget\" data-e-type=\"widget\" data-widget_type=\"heading.default\">\n\t\t\t\t\t<h2 class=\"elementor-heading-title elementor-size-default\">Ranns\u00f3knarumr\u00e6\u00f0ur og opnar spurningar<\/h2>\t\t\t\t<\/div>\n\t\t<div class=\"elementor-element elementor-element-iwgw-baiame-s8c e-con-full e-flex e-con e-child\" data-id=\"iwgw-baiame-s8c\" data-element_type=\"container\" data-e-type=\"container\">\n\t\t\t\t<div class=\"elementor-element elementor-element-iwgw-baiame-s8t elementor-widget elementor-widget-text-editor\" data-id=\"iwgw-baiame-s8t\" data-element_type=\"widget\" data-e-type=\"widget\" data-widget_type=\"text-editor.default\">\n\t\t\t\t\t\t\t\t\t<p>Nokkrar ranns\u00f3knarumr\u00e6\u00f0ur sn\u00faast um Baiame. Fyrst: Er hann fyrirkomulagsleg vera fr\u00e1 t\u00edmanum fyrir landn\u00e1m, e\u00f0a vera sem m\u00f3ta\u00f0ist a\u00f0 hluta af fyrstu kristnibo\u00f0sstarfsemi? Tony Swain hefur haldi\u00f0 fram \u00feeirri kenningu a\u00f0 Baiame s\u00e9 a\u00f0 hluta \u201eeftir-samskipta\u201c-vera sem f\u00e9kk n\u00faverandi mynd s\u00edna \u00ed samr\u00e6\u00f0u vi\u00f0 kristnar hugmyndir. \u00deessi kenning er umdeild.<\/p><p>\u00cd \u00f6\u00f0ru lagi: Hvernig er samband hans vi\u00f0 a\u00f0rar Alf\u00f6\u00f0ur-verur \u00e1 bor\u00f0 vi\u00f0 <a href=\"https:\/\/iwell-guard.com\/is\/?page_id=168992\">Bunjil<\/a> e\u00f0a Daramulun? Howitt taldi \u00fe\u00e6r vera sv\u00e6\u00f0isbundin tilbrig\u00f0i af sameiginlegri hef\u00f0; n\u00fdrri ranns\u00f3knir hafa tilhneigingu til a\u00f0 l\u00edta \u00e1 \u00fe\u00e6r sem sj\u00e1lfst\u00e6\u00f0ar verur.<\/p><p>\u00cd \u00feri\u00f0ja lagi: Hva\u00f0a hlutverki gegnir Baiame \u00ed samt\u00edma sj\u00e1lfsmyndarstj\u00f3rnm\u00e1lum frumbyggja? \u00cd N\u00fdja Su\u00f0ur-Wales og Queensland er hann sj\u00e1lfsmyndarmerki; \u00ed Viktor\u00edu skarast \u00feetta hlutverk vi\u00f0 Bunjil. Me\u00f0al n\u00falifandi Wiradjuri er Baiame-hef\u00f0in hluti af v\u00ed\u00f0t\u00e6kri menningarlegri endurvakningu.<\/p>\t\t\t\t\t\t\t\t<\/div>\n\t\t\t\t<\/div>\n\t\t\t\t\t<\/div>\n\t\t\t\t<\/div>\n\t\t<div class=\"elementor-element elementor-element-iwgw-baiame-s9 e-flex e-con-boxed e-con e-parent\" data-id=\"iwgw-baiame-s9\" data-element_type=\"container\" data-e-type=\"container\">\n\t\t\t\t\t<div class=\"e-con-inner\">\n\t\t\t\t<div class=\"elementor-element elementor-element-iwgw-baiame-s9h elementor-widget elementor-widget-heading\" data-id=\"iwgw-baiame-s9h\" data-element_type=\"widget\" data-e-type=\"widget\" data-widget_type=\"heading.default\">\n\t\t\t\t\t<h2 class=\"elementor-heading-title elementor-size-default\">Baiame og Bora-innv\u00edgslan<\/h2>\t\t\t\t<\/div>\n\t\t<div class=\"elementor-element elementor-element-iwgw-baiame-s9c e-con-full e-flex e-con e-child\" data-id=\"iwgw-baiame-s9c\" data-element_type=\"container\" data-e-type=\"container\">\n\t\t\t\t<div class=\"elementor-element elementor-element-iwgw-baiame-s9t elementor-widget elementor-widget-text-editor\" data-id=\"iwgw-baiame-s9t\" data-element_type=\"widget\" data-e-type=\"widget\" data-widget_type=\"text-editor.default\">\n\t\t\t\t\t\t\t\t\t<p>N\u00e1nari umfj\u00f6llun \u00e1 Bora-<span class=\"iwg-fachbegriff\" data-tooltip=\"Rit\u00faal\u00edsk umbreyting \u00fear sem einstaklingur er tekinn inn \u00ed n\u00fdja st\u00f6\u00f0u e\u00f0a samf\u00e9lag.\" tabindex=\"0\">innv\u00edgslan<\/span> skili\u00f0, en h\u00fan er rit\u00faal\u00edsk mi\u00f0ja Baiame-d\u00fdrkunarins. Bora-sta\u00f0irnir samanstanda af tveimur jar\u00f0hringjum tengdum me\u00f0 st\u00edg, me\u00f0 \u00feverm\u00e1l \u00e1 bilinu um 5 til 30 metra. Nokkrir eru enn var\u00f0veittir fornleifafr\u00e6\u00f0ilega; \u00feekktasta d\u00e6mi\u00f0 er Bora-sta\u00f0urinn vi\u00f0 Brewarrina (N\u00fdja Su\u00f0ur-Wales), sem telst til \u00fej\u00f3\u00f0ararfleif\u00f0ar.<\/p><p>Me\u00f0an \u00e1 <span class=\"iwg-fachbegriff\" data-tooltip=\"Rit\u00faal\u00edsk umbreyting \u00fear sem einstaklingur er tekinn inn \u00ed n\u00fdja st\u00f6\u00f0u e\u00f0a samf\u00e9lag.\" tabindex=\"0\">innv\u00edgslunni<\/span> st\u00f3\u00f0, sem t\u00f3k margar vikur, l\u00e6r\u00f0u ungu karlmennirnir Baiame-s\u00f6nginn, s\u00e1u Baiame-sv\u00ednamerki, gengu \u00ed gegnum s\u00e1rsaukapr\u00f3f (tann\u00fatbrot, rit\u00faal\u00edsk \u00f6r) og voru leiddir inn \u00ed kosm\u00edska skipan. Alfred Howitt skr\u00e1\u00f0i \u00feennan innv\u00edgsluferil n\u00e1kv\u00e6mlega.<\/p><p>Fr\u00e1 tr\u00faarmannfr\u00e6\u00f0ilegu sj\u00f3narhorni er Bora-<span class=\"iwg-fachbegriff\" data-tooltip=\"Rit\u00faal\u00edsk umbreyting \u00fear sem einstaklingur er tekinn inn \u00ed n\u00fdja st\u00f6\u00f0u e\u00f0a samf\u00e9lag.\" tabindex=\"0\">innv\u00edgslan<\/span> klass\u00edskt d\u00e6mi um \u201erite de passage\u201c \u00ed skilningi van Genneps: a\u00f0skilna\u00f0ur, \u00fer\u00f6skuldur, upptaka. \u00der\u00f6skuldsstigi\u00f0, \u00fear sem innv\u00edgslusveinarnir \u201edeyja\u201c t\u00e1knr\u00e6nt og endurf\u00e6\u00f0ast sem \u201en\u00fdir menn\u201c, er einkennandi sterkt.<\/p>\t\t\t\t\t\t\t\t<\/div>\n\t\t\t\t<\/div>\n\t\t\t\t\t<\/div>\n\t\t\t\t<\/div>\n\t\t<div class=\"elementor-element elementor-element-iwgw-baiame-s10 e-flex e-con-boxed e-con e-parent\" data-id=\"iwgw-baiame-s10\" data-element_type=\"container\" data-e-type=\"container\">\n\t\t\t\t\t<div class=\"e-con-inner\">\n\t\t\t\t<div class=\"elementor-element elementor-element-iwgw-baiame-s10h elementor-widget elementor-widget-heading\" data-id=\"iwgw-baiame-s10h\" data-element_type=\"widget\" data-e-type=\"widget\" data-widget_type=\"heading.default\">\n\t\t\t\t\t<h2 class=\"elementor-heading-title elementor-size-default\">Baiame og frumm\u00f3n\u00f3\u00feeisma-kenning Wilhelms Schmidts<\/h2>\t\t\t\t<\/div>\n\t\t<div class=\"elementor-element elementor-element-iwgw-baiame-s10c e-con-full e-flex e-con e-child\" data-id=\"iwgw-baiame-s10c\" data-element_type=\"container\" data-e-type=\"container\">\n\t\t\t\t<div class=\"elementor-element elementor-element-iwgw-baiame-s10t elementor-widget elementor-widget-text-editor\" data-id=\"iwgw-baiame-s10t\" data-element_type=\"widget\" data-e-type=\"widget\" data-widget_type=\"text-editor.default\">\n\t\t\t\t\t\t\t\t\t<p>S\u00e9rstaklega \u00edtarlega umfj\u00f6llun \u00e1 skili\u00f0 hlutverk Baiame \u00ed frummonoteisma-kenningu (<em>Urmonotheismus<\/em>) Wilhelms Schmidt. Schmidt h\u00e9lt \u00fev\u00ed fram \u00ed t\u00f3lf binda verki s\u00ednu <em>Der Ursprung der Gottesidee<\/em> (1912, 1955) a\u00f0 allar tr\u00faarbr\u00f6g\u00f0 eigi r\u00e6tur a\u00f0 rekja til upprunalegs <span class=\"iwg-fachbegriff\" data-tooltip=\"Tr\u00fain \u00e1 einn og a\u00f0eins einn gu\u00f0.\" tabindex=\"0\">eingy\u00f0istr\u00faar<\/span>. Baiame, hinn svartf\u00e6tti nor\u00f0ur-amer\u00edski Apistotoki og nokkrir a\u00f0rir \u201ehimnaf\u00f6\u00f0ur&#8220;-gu\u00f0ir voru hans mikilv\u00e6gustu d\u00e6mi.<\/p><p>Kenningin er \u00ed dag a\u00f0 mestu hafna\u00f0; veikleiki hennar f\u00f3lst \u00ed \u00fer\u00f3unarhyggju og a\u00f0 hluta til afs\u00f6kunarkenndri fyrirframafst\u00f6\u00f0u. Engu a\u00f0 s\u00ed\u00f0ur haf\u00f0i h\u00fan miklar aflei\u00f0ingar \u00ed tr\u00faarbrag\u00f0as\u00f6gu og m\u00f3ta\u00f0i umr\u00e6\u00f0una um h\u00e1gu\u00f0i um margra \u00e1ratuga skei\u00f0. Raffaele Pettazzoni endursko\u00f0a\u00f0i hana \u00e1 gagnr\u00fdninn h\u00e1tt \u00ed <em>L&#8217;essere supremo nelle religioni primitive<\/em> (1957).<\/p><p>Fyrir samt\u00edmaranns\u00f3knir \u00e1 Baiame er kenning Schmidts v\u00edti til varna\u00f0ar \u00far fort\u00ed\u00f0inni: h\u00fan s\u00fdnir hvernig frumbyggjapers\u00f3na getur veri\u00f0 yfirl\u00f6g\u00f0 af utana\u00f0komandi kenningu og t\u00falku\u00f0 \u00ed framandi merkingarsamhengi.<\/p>\t\t\t\t\t\t\t\t<\/div>\n\t\t\t\t<\/div>\n\t\t\t\t\t<\/div>\n\t\t\t\t<\/div>\n\t\t<div class=\"elementor-element elementor-element-iwgw-baiame-s11 e-flex e-con-boxed e-con e-parent\" data-id=\"iwgw-baiame-s11\" data-element_type=\"container\" data-e-type=\"container\">\n\t\t\t\t\t<div class=\"e-con-inner\">\n\t\t\t\t<div class=\"elementor-element elementor-element-iwgw-baiame-s11h elementor-widget elementor-widget-heading\" data-id=\"iwgw-baiame-s11h\" data-element_type=\"widget\" data-e-type=\"widget\" data-widget_type=\"heading.default\">\n\t\t\t\t\t<h2 class=\"elementor-heading-title elementor-size-default\">A\u00f0fer\u00f0afr\u00e6\u00f0ileg umr\u00e6\u00f0a og heimildir<\/h2>\t\t\t\t<\/div>\n\t\t<div class=\"elementor-element elementor-element-iwgw-baiame-s11c e-con-full e-flex e-con e-child\" data-id=\"iwgw-baiame-s11c\" data-element_type=\"container\" data-e-type=\"container\">\n\t\t\t\t<div class=\"elementor-element elementor-element-iwgw-baiame-s11t elementor-widget elementor-widget-text-editor\" data-id=\"iwgw-baiame-s11t\" data-element_type=\"widget\" data-e-type=\"widget\" data-widget_type=\"text-editor.default\">\n\t\t\t\t\t\t\t\t\t<p>Ranns\u00f3knir \u00e1 Baiame standa frammi fyrir nokkrum a\u00f0fer\u00f0afr\u00e6\u00f0ilegum vandam\u00e1lum. \u00cd fyrsta lagi koma helstu frumheimildirnar fr\u00e1 s\u00ed\u00f0ari hluta 19. aldar og upphafi 20. aldar; \u00fe\u00e6r eru m\u00f3ta\u00f0ar af n\u00fdlendulegu og a\u00f0 hluta tr\u00fabo\u00f0slegu utana\u00f0komandi sj\u00f3narhorni. Tony Swain hefur greint \u00feessar skekkjur \u00e1 gagnr\u00fdninn h\u00e1tt.<\/p><p>\u00cd \u00f6\u00f0ru lagi var mikil vitneskja um Baiame \u201etakm\u00f6rku\u00f0\u201c, karlaleynd sem var ekki opinberlega a\u00f0gengileg. \u00dea\u00f0 sem vi\u00f0 vitum \u00ed dag um Baiame er \u00fev\u00ed \u00f3hj\u00e1kv\u00e6milega a\u00f0eins brot af hinni hef\u00f0bundnu d\u00fdpt.<\/p><p>\u00cd \u00feri\u00f0ja lagi er samt\u00edmafr\u00e1s\u00f6gn Wiradjuri-, Kamilaroi- og Euahlayi-f\u00f3lks eigi\u00f0 heimildarstig. Frumbyggjafr\u00e6\u00f0imenn, a\u00f0ger\u00f0asinnar og listamenn bj\u00f3\u00f0a \u00ed dag upp \u00e1 eigin sj\u00f3narhorn sem \u00e6ttu a\u00f0 vera \u00ed samr\u00e6\u00f0u vi\u00f0 hi\u00f0 akadem\u00edska utana\u00f0komandi sj\u00f3narhorn.<\/p><p>\u00deeir sem vilja rannsaka Baiame-samst\u00e6\u00f0una \u00ed heild sinni finna \u00e1 yfirlitss\u00ed\u00f0unni <a href=\"https:\/\/iwell-guard.com\/is\/aboriginal-astralia-draumtid-tjukurpa-verndargripir\/\">Frumbyggjahef\u00f0<\/a> mikilv\u00e6gustu tilv\u00edsanirnar til tengdra vera eins og <a href=\"https:\/\/iwell-guard.com\/is\/?page_id=168992\">Bunjil<\/a>, <a href=\"https:\/\/iwell-guard.com\/is\/?page_id=168993\">Yhi<\/a> og <a href=\"https:\/\/iwell-guard.com\/is\/?page_id=168989\">Rainbow Serpent<\/a> (Regnbogasl\u00f6nguna).<\/p>\t\t\t\t\t\t\t\t<\/div>\n\t\t\t\t<\/div>\n\t\t\t\t\t<\/div>\n\t\t\t\t<\/div>\n\t\t<div class=\"elementor-element elementor-element-iwgw-baiame-s12 e-flex e-con-boxed e-con e-parent\" data-id=\"iwgw-baiame-s12\" data-element_type=\"container\" data-e-type=\"container\">\n\t\t\t\t\t<div class=\"e-con-inner\">\n\t\t\t\t<div class=\"elementor-element elementor-element-iwgw-baiame-s12h elementor-widget elementor-widget-heading\" data-id=\"iwgw-baiame-s12h\" data-element_type=\"widget\" data-e-type=\"widget\" data-widget_type=\"heading.default\">\n\t\t\t\t\t<h2 class=\"elementor-heading-title elementor-size-default\">Baiame og hugtaki\u00f0 himnaf\u00f6\u00f0ur-tr\u00fa<\/h2>\t\t\t\t<\/div>\n\t\t<div class=\"elementor-element elementor-element-iwgw-baiame-s12c e-con-full e-flex e-con e-child\" data-id=\"iwgw-baiame-s12c\" data-element_type=\"container\" data-e-type=\"container\">\n\t\t\t\t<div class=\"elementor-element elementor-element-iwgw-baiame-s12t elementor-widget elementor-widget-text-editor\" data-id=\"iwgw-baiame-s12t\" data-element_type=\"widget\" data-e-type=\"widget\" data-widget_type=\"text-editor.default\">\n\t\t\t\t\t\t\t\t\t<p>Hugtaki\u00f0 \u201ehimnaf\u00f6\u00f0ur-tr\u00fa\u201c (Sky-Father-Religion) var kerfisbundi\u00f0 l\u00fdst af Alfred Howitt \u00e1ri\u00f0 1884 og nota\u00f0 um r\u00f6\u00f0 h\u00e1gu\u00f0a \u00ed su\u00f0austur-\u00c1stral\u00edu (Baiame, <a href=\"https:\/\/iwell-guard.com\/is\/?page_id=168992\">Bunjil<\/a>, Daramulun, Mungan-Ngana). Tr\u00faarbrag\u00f0afr\u00e6\u00f0ilega markar \u00fea\u00f0 s\u00e9rstakt tr\u00faarform: \u201eAll-Father\u201c (Allsf\u00f6\u00f0ur) sem skapa\u00f0i heiminn, gaf l\u00f6gm\u00e1lin og dr\u00f3 sig s\u00ed\u00f0an til himins.<\/p><p>Wilhelm Schmidt nota\u00f0i hugtaki\u00f0 \u00ed t\u00f3lf binda verki s\u00ednu <em>Der Ursprung der Gottesidee<\/em> (1912, 1955) sem s\u00f6nnun fyrir \u201efrum-eingy\u00f0istr\u00fa\u201c. \u00deessi kenning er \u00ed dag a\u00f0 mestu hafna\u00f0; himnaf\u00f6\u00f0ur-tr\u00faarbr\u00f6g\u00f0in eru sj\u00e1lfst\u00e6\u00f0ar frumbyggjaskapanir, ekki leifar af alheimslegri frumtr\u00fa.<\/p><p>Tony Swain l\u00fdsti \u00ed <em>A Place for Strangers<\/em> (1993) hinni s\u00e9rstaklega su\u00f0austur-\u00e1stralsku sk\u00f6pun \u00feessarar himnaf\u00f6\u00f0ur-hugmyndar. Hana ber ekki a\u00f0 sko\u00f0a \u00ed \u00fer\u00f3unarlegri tr\u00faarlegri stigveldi, heldur sem menningarbundna \u00fatf\u00e6rslu \u00e1 tr\u00faarlegu grunnvandam\u00e1li.<\/p>\t\t\t\t\t\t\t\t<\/div>\n\t\t\t\t<\/div>\n\t\t\t\t\t<\/div>\n\t\t\t\t<\/div>\n\t\t<div class=\"elementor-element elementor-element-iwgw-baiame-s13 e-flex e-con-boxed e-con e-parent\" data-id=\"iwgw-baiame-s13\" data-element_type=\"container\" data-e-type=\"container\">\n\t\t\t\t\t<div class=\"e-con-inner\">\n\t\t\t\t<div class=\"elementor-element elementor-element-iwgw-baiame-s13h elementor-widget elementor-widget-heading\" data-id=\"iwgw-baiame-s13h\" data-element_type=\"widget\" data-e-type=\"widget\" data-widget_type=\"heading.default\">\n\t\t\t\t\t<h2 class=\"elementor-heading-title elementor-size-default\">Baiame \u00ed samt\u00edma Wiradjuri-endurreisninni<\/h2>\t\t\t\t<\/div>\n\t\t<div class=\"elementor-element elementor-element-iwgw-baiame-s13c e-con-full e-flex e-con e-child\" data-id=\"iwgw-baiame-s13c\" data-element_type=\"container\" data-e-type=\"container\">\n\t\t\t\t<div class=\"elementor-element elementor-element-iwgw-baiame-s13t elementor-widget elementor-widget-text-editor\" data-id=\"iwgw-baiame-s13t\" data-element_type=\"widget\" data-e-type=\"widget\" data-widget_type=\"text-editor.default\">\n\t\t\t\t\t\t\t\t\t<p>Wiradjuri-m\u00e1lsamf\u00e9lagi\u00f0 hefur fr\u00e1 1980. \u00e1ratugnum veri\u00f0 \u00ed menningarlegri endurreisn. Tungum\u00e1lakennsla \u00ed sk\u00f3lum, menningarh\u00e1t\u00ed\u00f0ir og p\u00f3lit\u00edsk hreyfing hafa gert Baiame a\u00f0 mi\u00f0l\u00e6gri sams\u00f6munarveru.<\/p><p>Wiradjuri Language Recovery Programme (fr\u00e1 1991) og Wiradjuri-fr\u00e6\u00f0i vi\u00f0 nokkra \u00e1stralska h\u00e1sk\u00f3la hafa f\u00e6rt Baiame inn \u00ed n\u00fat\u00edmalegt uppeldisfr\u00e6\u00f0ilegt samhengi. Vi\u00f0 formlegar \u201eWelcome to Country\u201c-athafnir er Baiame reglulega \u00e1kalla\u00f0ur.<\/p><p>Tr\u00faarbrag\u00f0af\u00e9lagsfr\u00e6\u00f0ilega er \u00feessi endurreisn d\u00e6mi um samt\u00edma sj\u00e1lfsmyndarp\u00f3lit\u00edk frumbyggja \u00c1stral\u00edu. Tr\u00faarlegar hef\u00f0ir ver\u00f0a grundv\u00f6llur n\u00fat\u00edmalegrar menningarlegrar framsetningar og p\u00f3lit\u00edskrar r\u00f6ksemdaf\u00e6rslu. Stan Grant og a\u00f0rar Wiradjuri-raddir hafa f\u00e6rt Baiame inn \u00ed \u00feetta samhengi.<\/p>\t\t\t\t\t\t\t\t<\/div>\n\t\t\t\t<\/div>\n\t\t\t\t\t<\/div>\n\t\t\t\t<\/div>\n\t\t<div class=\"elementor-element elementor-element-iwgw-baiame-s14 e-flex e-con-boxed e-con e-parent\" data-id=\"iwgw-baiame-s14\" data-element_type=\"container\" data-e-type=\"container\">\n\t\t\t\t\t<div class=\"e-con-inner\">\n\t\t\t\t<div class=\"elementor-element elementor-element-iwgw-baiame-s14h elementor-widget elementor-widget-heading\" data-id=\"iwgw-baiame-s14h\" data-element_type=\"widget\" data-e-type=\"widget\" data-widget_type=\"heading.default\">\n\t\t\t\t\t<h2 class=\"elementor-heading-title elementor-size-default\">Baiame og heimsfr\u00e6\u00f0ileg stj\u00f6rnufr\u00e6\u00f0i<\/h2>\t\t\t\t<\/div>\n\t\t<div class=\"elementor-element elementor-element-iwgw-baiame-s14c e-con-full e-flex e-con e-child\" data-id=\"iwgw-baiame-s14c\" data-element_type=\"container\" data-e-type=\"container\">\n\t\t\t\t<div class=\"elementor-element elementor-element-iwgw-baiame-s14t elementor-widget elementor-widget-text-editor\" data-id=\"iwgw-baiame-s14t\" data-element_type=\"widget\" data-e-type=\"widget\" data-widget_type=\"text-editor.default\">\n\t\t\t\t\t\t\t\t\t<p>Dj\u00fapst\u00e6\u00f0ari ranns\u00f3kn \u00e1 kosm\u00f3l\u00f3g\u00edskri festingu Baiame \u00ed stj\u00f6rnufr\u00e6\u00f0i frumbyggja \u00e1 r\u00e9tt \u00e1 s\u00e9r. \u00cd Wiradjuri- og Kamilaroi-hef\u00f0unum er Baiame samsama\u00f0ur tilteknum stj\u00f6rnumerkjum; n\u00e1kv\u00e6mt stj\u00f6rnumerki er breytilegt eftir sv\u00e6\u00f0i, en er oft sta\u00f0sett \u00ed Vetrarbrautinni.<\/p><p>Stj\u00f6rnufr\u00e6\u00f0i frumbyggja \u00c1stral\u00edu hefur fr\u00e1 s\u00ed\u00f0ari hluta 20. aldar veri\u00f0 s\u00e9rstakt fr\u00e6\u00f0asvi\u00f0, \u00fear sem frumbyggja\u00feekking og akadem\u00edsk \u00feekking eru sameina\u00f0ar. Fr\u00e6\u00f0imenn eins og Ray Norris (CSIRO), Duane Hamacher og John Goldsmith hafa s\u00fdnt a\u00f0 frumbyggjahef\u00f0in vi\u00f0hefur einstaklega n\u00e1kv\u00e6ma athugunar- og minningarhef\u00f0.<\/p><p>\u00cd \u00feessari stj\u00f6rnufr\u00e6\u00f0i er Baiame ekki bara tr\u00faarleg vera, heldur kosm\u00f3l\u00f3g\u00edsk stefnum\u00f6rkun. Hann \u201ehorfir\u201c fr\u00e1 himnasta\u00f0num s\u00ednum \u00e1 f\u00f3lki\u00f0 og \u201ehreyfist\u201c me\u00f0 gangi \u00e1rsins. \u00deessi stjarnfr\u00e6\u00f0ilega festing gefur Baiame-hef\u00f0inni v\u00eddd sem oft var yfirsj\u00e1\u00f0 \u00ed eldri \u00fej\u00f3\u00f0fr\u00e6\u00f0ilegum ritum.<\/p>\t\t\t\t\t\t\t\t<\/div>\n\t\t\t\t<\/div>\n\t\t\t\t\t<\/div>\n\t\t\t\t<\/div>\n\t\t<div class=\"elementor-element elementor-element-iwgw-baiame-s15 e-flex e-con-boxed e-con e-parent\" data-id=\"iwgw-baiame-s15\" data-element_type=\"container\" data-e-type=\"container\">\n\t\t\t\t\t<div class=\"e-con-inner\">\n\t\t\t\t<div class=\"elementor-element elementor-element-iwgw-baiame-s15h elementor-widget elementor-widget-heading\" data-id=\"iwgw-baiame-s15h\" data-element_type=\"widget\" data-e-type=\"widget\" data-widget_type=\"heading.default\">\n\t\t\t\t\t<h2 class=\"elementor-heading-title elementor-size-default\">Baiame og samanbur\u00f0arranns\u00f3knir \u00e1 h\u00e1gu\u00f0um<\/h2>\t\t\t\t<\/div>\n\t\t<div class=\"elementor-element elementor-element-iwgw-baiame-s15c e-con-full e-flex e-con e-child\" data-id=\"iwgw-baiame-s15c\" data-element_type=\"container\" data-e-type=\"container\">\n\t\t\t\t<div class=\"elementor-element elementor-element-iwgw-baiame-s15t elementor-widget elementor-widget-text-editor\" data-id=\"iwgw-baiame-s15t\" data-element_type=\"widget\" data-e-type=\"widget\" data-widget_type=\"text-editor.default\">\n\t\t\t\t\t\t\t\t\t<p>Samanbur\u00f0arleg d\u00fdpkun \u00e1 r\u00e9tt \u00e1 s\u00e9r um st\u00f6\u00f0u Baiame \u00ed al\u00fej\u00f3\u00f0legum h\u00e1gu\u00f0aranns\u00f3knum. Tr\u00faarbrag\u00f0afr\u00e6\u00f0ilega heyrir hann til flokks <em>deus otiosus<\/em>, \u201ehins a\u00f0ger\u00f0arlausa gu\u00f0s\u201c, sem eftir sk\u00f6punina dregur sig fr\u00e1 beinni tilbei\u00f0slu. \u00deennan flokk l\u00fdsti Mircea Eliade kerfisbundi\u00f0 \u00ed <em>Patterns in Comparative Religion<\/em> (1949).<\/p><p>Byggingarlega samb\u00e6rilegar vi\u00f0 Baiame eru, auk hinna \u00e1stralsku Allsfe\u00f0ra, einnig: <a href=\"https:\/\/iwell-guard.com\/is\/?page_id=168980\">Tengri<\/a> \u00ed s\u00edber\u00edskri Tengrisma, Olorun hj\u00e1 Yoruba, Nyame hj\u00e1 Ashanti, hinn ved\u00edska Dyaus Pitar, og hinn k\u00ednverska Tian. Allar \u00feessar h\u00e1gu\u00f0averur hafa svipa\u00f0a byggingu: skapandi, og dragast s\u00ed\u00f0an til hl\u00e9s.<\/p><p>Tony Swain l\u00fdsti \u00ed <em>A Place for Strangers<\/em> (1993) hinni s\u00e9rstaklega \u00e1stralsku \u00fatf\u00e6rslu \u00feessarar tegundar. Baiame er ekki einfaldlega \u201ehimnaf\u00f6\u00f0ur eins og a\u00f0rir\u201c; hann er s\u00e9rstaklega su\u00f0austur-\u00e1stralsk sk\u00f6pun me\u00f0 eigin sta\u00f0bundnum merkingarl\u00f6gum.<\/p>\t\t\t\t\t\t\t\t<\/div>\n\t\t\t\t<\/div>\n\t\t\t\t\t<\/div>\n\t\t\t\t<\/div>\n\t\t<div class=\"elementor-element elementor-element-cp24ad2f92 e-flex e-con-boxed e-con e-parent\" data-id=\"cp24ad2f92\" data-element_type=\"container\" data-e-type=\"container\">\n\t\t\t\t\t<div class=\"e-con-inner\">\n\t\t\t\t<div class=\"elementor-element elementor-element-cp2f0c8651 elementor-widget elementor-widget-heading\" data-id=\"cp2f0c8651\" data-element_type=\"widget\" data-e-type=\"widget\" data-widget_type=\"heading.default\">\n\t\t\t\t\t<h2 class=\"elementor-heading-title elementor-size-default\">Sv\u00e6\u00f0isbundin \u00fatbrei\u00f0sla \u00ed su\u00f0austur-\u00c1stral\u00edu<\/h2>\t\t\t\t<\/div>\n\t\t<div class=\"elementor-element elementor-element-cp2676faf1 e-flex e-con-boxed e-con e-child\" data-id=\"cp2676faf1\" data-element_type=\"container\" data-e-type=\"container\">\n\t\t\t\t\t<div class=\"e-con-inner\">\n\t\t\t\t<div class=\"elementor-element elementor-element-cp23d14973 elementor-widget elementor-widget-text-editor\" data-id=\"cp23d14973\" data-element_type=\"widget\" data-e-type=\"widget\" data-widget_type=\"text-editor.default\">\n\t\t\t\t\t\t\t\t\t<p>Baiame heyrir til tungum\u00e1lah\u00f3pa \u00ed su\u00f0austur-\u00c1stral\u00edu, fyrst og fremst til Kamilaroi, Wiradjuri, Euahlayi og Wonnarua, auk annarra n\u00e1grannah\u00f3pa \u00e1 sv\u00e6\u00f0i sem n\u00fa heitir New South Wales.<\/p><p>Nafni\u00f0 kemur fram \u00ed heimildum \u00ed fj\u00f6lm\u00f6rgum stafsetningum, \u00fear \u00e1 me\u00f0al Baiame, Biame, Byamee og Baayami, sem endurspeglar erfi\u00f0leika fyrstu skr\u00e1setjaranna me\u00f0 \u00e1stralsk tungum\u00e1l. A\u00f0 flytja Baiame-hef\u00f0ina yfir \u00e1 frumbyggjamenningar \u00ed Nor\u00f0ur- e\u00f0a Vestur-\u00c1stral\u00edu er efnislega rangt; Baiame er su\u00f0austl\u00e6g vera.<\/p><p>Mikilv\u00e6gustu fyrstu heimildirnar eru skr\u00e1ningar \u00fej\u00f3\u00f0fr\u00e6\u00f0ingsins Alfred William Howitt, sem \u00ed verki s\u00ednu um innf\u00e6dda \u00e6ttb\u00e1lka su\u00f0austur-\u00c1stral\u00edu \u00ed lok 19. aldar l\u00fdsti v\u00edgsluath\u00f6fnum og hugmyndum, auk b\u00f3ka Katie Langloh Parker, sem bj\u00f3 \u00e1 Euahlayi-sv\u00e6\u00f0inu.<\/p><p>B\u00e6\u00f0i st\u00f6rfu\u00f0u \u00fe\u00f3 \u00e1 t\u00edma \u00feegar samf\u00e9l\u00f6g sv\u00e6\u00f0isins voru \u00feegar dj\u00fapt r\u00f6sku\u00f0 af landt\u00f6ku, sj\u00fakd\u00f3mum og tr\u00fabo\u00f0i.<\/p><p>S\u00e9rstakt vandam\u00e1l Baiame-<span class=\"iwg-fachbegriff\" data-tooltip=\"Mi\u00f0lun \u00feekkingar og fr\u00e1sagna milli kynsl\u00f3\u00f0a.\" tabindex=\"0\">munnm\u00e6lahef\u00f0arins<\/span> er spurningin um hversu langt myndin sem heimildirnar draga upp af h\u00e6stu, himneskri skapandi veru var m\u00f3tu\u00f0 af kristnum \u00e1hrifum.<\/p><p>Andrew Lang nota\u00f0i Baiame \u00feegar \u00ed hinni fr\u00e6\u00f0ilegu umr\u00e6\u00f0u um hinn svokalla\u00f0a h\u00e1gu\u00f0, og s\u00ed\u00f0ari fr\u00e6\u00f0imenn eins og Tony Swain hafa haldi\u00f0 \u00fev\u00ed fram a\u00f0 hin sterka \u00e1herslan \u00e1 einn himneskan skapara g\u00e6ti a\u00f0 hluta veri\u00f0 vi\u00f0br\u00f6g\u00f0 vi\u00f0 n\u00fdlendusnertingunni.<\/p><p>Erfitt er a\u00f0 greina me\u00f0 vissu milli forkolon\u00edals kjarna og eftirkolon\u00edalrar endurm\u00f3tunar. Hver fullyr\u00f0ing um Baiame ver\u00f0ur a\u00f0 bera \u00feessa heimildagagnr\u00fdni me\u00f0 s\u00e9r.<\/p>\t\t\t\t\t\t\t\t<\/div>\n\t\t\t\t\t<\/div>\n\t\t\t\t<\/div>\n\t\t\t\t\t<\/div>\n\t\t\t\t<\/div>\n\t\t<div class=\"elementor-element elementor-element-cp2c6d710e e-flex e-con-boxed e-con e-parent\" data-id=\"cp2c6d710e\" data-element_type=\"container\" data-e-type=\"container\">\n\t\t\t\t\t<div class=\"e-con-inner\">\n\t\t\t\t<div class=\"elementor-element elementor-element-cp2d893f3d elementor-widget elementor-widget-heading\" data-id=\"cp2d893f3d\" data-element_type=\"widget\" data-e-type=\"widget\" data-widget_type=\"heading.default\">\n\t\t\t\t\t<h2 class=\"elementor-heading-title elementor-size-default\">Baiame \u00ed v\u00edgsluath\u00f6fnum Bora<\/h2>\t\t\t\t<\/div>\n\t\t<div class=\"elementor-element elementor-element-cp256832b6 e-flex e-con-boxed e-con e-child\" data-id=\"cp256832b6\" data-element_type=\"container\" data-e-type=\"container\">\n\t\t\t\t\t<div class=\"e-con-inner\">\n\t\t\t\t<div class=\"elementor-element elementor-element-cp2b926104 elementor-widget elementor-widget-text-editor\" data-id=\"cp2b926104\" data-element_type=\"widget\" data-e-type=\"widget\" data-widget_type=\"text-editor.default\">\n\t\t\t\t\t\t\t\t\t<p>Baiame er n\u00e1tengt karlkyns v\u00edgsluath\u00f6fnum, sem \u00e1 \u00feessu sv\u00e6\u00f0i eru \u00feekktar undir nafninu <em>Bora<\/em>. \u00cd \u00feessum ath\u00f6fnum, sem g\u00e1tu teki\u00f0 marga daga og jafnvel vikur, voru ungir menn leiddir inn \u00ed fullor\u00f0insl\u00edf og tr\u00faarlega vitneskju.<\/p><p>Howitt l\u00fdsti \u00fev\u00ed hj\u00e1 nokkrum h\u00f3pum a\u00f0 Baiame v\u00e6ri talinn hafa komi\u00f0 \u00e1 \u00feessum ath\u00f6fnum og a\u00f0 l\u00f6gm\u00e1l hans v\u00e6ru mi\u00f0la\u00f0 \u00e1fram \u00ed gegnum \u00fe\u00e6r.<\/p><p>Athafnirnar f\u00f3ru fram \u00e1 svok\u00f6llu\u00f0um Bora-st\u00f6\u00f0um, oft tveimur hringlaga jar\u00f0v\u00f6llum sem tengdust me\u00f0 st\u00edg, stundum me\u00f0 \u00fatskornum trj\u00e1m, svok\u00f6llu\u00f0um tr\u00e9ristum (dendroglyphs), og jar\u00f0myndum vi\u00f0 ja\u00f0arinn. Sumar sl\u00edkar jar\u00f0myndir s\u00fdndu samkv\u00e6mt heimildum myndir sem tengdar voru Baiame.<\/p><p>N\u00e1kv\u00e6mt hlutverk einstakra \u00fe\u00e1tta er a\u00f0eins a\u00f0 hluta skjalfest, \u00fev\u00ed athafnirnar f\u00f3lu \u00ed s\u00e9r leynilega vitneskju sem utana\u00f0komandi, og s\u00e9rstaklega \u00f3v\u00edg\u00f0ir einstaklingar, h\u00f6f\u00f0u ekki a\u00f0gang a\u00f0. Fyrstu skr\u00e1setjararnir fengu \u00fev\u00ed oft a\u00f0eins hluta uppl\u00fdsinga.<\/p><p>Fr\u00e1 fr\u00e6\u00f0ilegu sj\u00f3narhorni er tengingin milli Baiame og Bora uppl\u00fdsandi, \u00fev\u00ed h\u00fan s\u00fdnir a\u00f0 vera \u00feessi var ekki fyrst og fremst til sta\u00f0ar \u00ed gegnum sag\u00f0ar go\u00f0sagnir, heldur \u00ed gegnum tr\u00faarlega framkv\u00e6md og mi\u00f0lun l\u00f6gm\u00e1ls og heg\u00f0unarreglna.<\/p><p>Baiame kemur fram sem verndari f\u00e9lagslegrar og si\u00f0fer\u00f0islegrar reglu sem berst \u00e1fram til n\u00e6stu kynsl\u00f3\u00f0ar \u00ed <span class=\"iwg-fachbegriff\" data-tooltip=\"Tr\u00faarleg umbreyting \u00fear sem einstaklingur er tekinn inn \u00ed n\u00fdja st\u00f6\u00f0u e\u00f0a samf\u00e9lag.\" tabindex=\"0\">v\u00edgslu<\/span>. Margir Bora-sta\u00f0ir eru \u00ed dag fornleifafr\u00e6\u00f0ilega sta\u00f0festir, en hafa or\u00f0i\u00f0 fyrir miklum skemmdum vegna landb\u00fana\u00f0ar; vernd \u00feeirra fer n\u00fa fram \u00ed samvinnu vi\u00f0 hef\u00f0bundna eigendur, sem l\u00edta enn \u00e1 sta\u00f0ina sem mikilv\u00e6ga.<\/p>\t\t\t\t\t\t\t\t<\/div>\n\t\t\t\t\t<\/div>\n\t\t\t\t<\/div>\n\t\t\t\t\t<\/div>\n\t\t\t\t<\/div>\n\t\t<div class=\"elementor-element elementor-element-iwgw-baiame-lit e-flex e-con-boxed e-con e-parent\" data-id=\"iwgw-baiame-lit\" data-element_type=\"container\" data-e-type=\"container\">\n\t\t\t\t\t<div class=\"e-con-inner\">\n\t\t\t\t<div class=\"elementor-element elementor-element-iwgw-baiame-lith elementor-widget elementor-widget-heading\" data-id=\"iwgw-baiame-lith\" data-element_type=\"widget\" data-e-type=\"widget\" data-widget_type=\"heading.default\">\n\t\t\t\t\t<h2 class=\"elementor-heading-title elementor-size-default\">Heimildir (\u00farval)<\/h2>\t\t\t\t<\/div>\n\t\t<div class=\"elementor-element elementor-element-iwgw-baiame-litc e-con-full e-flex e-con e-child\" data-id=\"iwgw-baiame-litc\" data-element_type=\"container\" data-e-type=\"container\">\n\t\t\t\t<div class=\"elementor-element elementor-element-iwgw-baiame-litt elementor-widget elementor-widget-text-editor\" data-id=\"iwgw-baiame-litt\" data-element_type=\"widget\" data-e-type=\"widget\" data-widget_type=\"text-editor.default\">\n\t\t\t\t\t\t\t\t\t<ul><li>A. W. Howitt: <em>The Native Tribes of South-East Australia<\/em> (1904)<\/li><li>K. Langloh Parker: <em>Euahlayi Tribe<\/em> (1905)<\/li><li>Tony Swain: <em>A Place for Strangers<\/em> (Cambridge 1993)<\/li><li>Mircea Eliade: <em>Australian Religions<\/em> (1973)<\/li><li>W. E. H. Stanner: <em>On Aboriginal Religion<\/em> (1966)<\/li><li>Wilhelm Schmidt: <em>Der Ursprung der Gottesidee<\/em>, Bd. 3 (1931)<\/li><li>Bill Edwards: <em>An Introduction to Aboriginal Societies<\/em> (1998)<\/li><\/ul>\t\t\t\t\t\t\t\t<\/div>\n\t\t\t\t<\/div>\n\t\t\t\t\t<\/div>\n\t\t\t\t<\/div>\n\t\t<div class=\"elementor-element elementor-element-iwgkw2-add-baiame e-flex e-con-boxed e-con e-parent\" data-id=\"iwgkw2-add-baiame\" data-element_type=\"container\" data-e-type=\"container\">\n\t\t\t\t\t<div class=\"e-con-inner\">\n\t\t\t\t<div class=\"elementor-element elementor-element-iwgkw2-add-baiame-t elementor-widget elementor-widget-text-editor\" data-id=\"iwgkw2-add-baiame-t\" data-element_type=\"widget\" data-e-type=\"widget\" data-widget_type=\"text-editor.default\">\n\t\t\t\t\t\t\t\t\t<p>Baiame er talinn h\u00e6sta vera himinsins hj\u00e1 Wiradjuri og Kamilaroi \u00fej\u00f3\u00f0unum; <span class=\"iwg-fachbegriff\" data-tooltip=\"Yfirlifu\u00f0 fr\u00e1s\u00f6gn um gu\u00f0i, uppruna og skipan heimsins.\" tabindex=\"0\">go\u00f0s\u00f6gnin<\/span> l\u00fdsir honum sem skapara landslagsins, stofnanda v\u00edgsluathafnanna og upphafi l\u00f6gm\u00e1la Bora-hringsins.<\/p>\t\t\t\t\t\t\t\t<\/div>\n\t\t\t\t\t<\/div>\n\t\t\t\t<\/div>\n\t\t<div class=\"elementor-element elementor-element-iwgw-baiame-kwd e-flex e-con-boxed e-con e-parent\" data-id=\"iwgw-baiame-kwd\" data-element_type=\"container\" data-e-type=\"container\">\n\t\t\t\t\t<div class=\"e-con-inner\">\n\t\t<div class=\"elementor-element elementor-element-iwgw-baiame-kwdc e-con-full e-flex e-con e-child\" data-id=\"iwgw-baiame-kwdc\" data-element_type=\"container\" data-e-type=\"container\">\n\t\t\t\t<div class=\"elementor-element elementor-element-iwgw-baiame-kwdt elementor-widget elementor-widget-text-editor\" data-id=\"iwgw-baiame-kwdt\" data-element_type=\"widget\" data-e-type=\"widget\" data-widget_type=\"text-editor.default\">\n\t\t\t\t\t\t\t\t\t<p><em>Tengd leitaror\u00f0: Baiame Wiradjuri Kamilaroi All-Father Bora Bunjil.<\/em><\/p>\t\t\t\t\t\t\t\t<\/div>\n\t\t\t\t<\/div>\n\t\t\t\t\t<\/div>\n\t\t\t\t<\/div>\n\t\t<div class=\"elementor-element elementor-element-iwgw-baiame-cc e-flex e-con-boxed e-con e-parent\" data-id=\"iwgw-baiame-cc\" data-element_type=\"container\" data-e-type=\"container\" id=\"iwg-cc-baiame\">\n\t\t\t\t\t<div class=\"e-con-inner\">\n\t\t<div class=\"elementor-element elementor-element-iwgw-baiame-ccinner e-flex e-con-boxed e-con e-parent\" data-id=\"iwgw-baiame-ccinner\" data-element_type=\"container\" data-e-type=\"container\" data-settings=\"{&quot;background_background&quot;:&quot;classic&quot;}\">\n\t\t\t\t\t<div class=\"e-con-inner\">\n\t\t\t\t<div class=\"elementor-element elementor-element-iwgw-baiame-cch elementor-widget elementor-widget-heading\" data-id=\"iwgw-baiame-cch\" data-element_type=\"widget\" data-e-type=\"widget\" data-widget_type=\"heading.default\">\n\t\t\t\t\t<h2 class=\"elementor-heading-title elementor-size-default\">iWell Guard og verndarhef\u00f0ir<\/h2>\t\t\t\t<\/div>\n\t\t\t\t<div class=\"elementor-element elementor-element-iwgw-baiame-cct elementor-widget elementor-widget-text-editor\" data-id=\"iwgw-baiame-cct\" data-element_type=\"widget\" data-e-type=\"widget\" data-widget_type=\"text-editor.default\">\n\t\t\t\t\t\t\t\t\t<div data-nosnippet=\"true\"><p>iWell Guard tengist menningars\u00f6gulegri hef\u00f0 farandlegra verndargripa, \u00ed hef\u00f0 frumbyggja \u00c1stral\u00edu (<a href=\"https:\/\/iwell-guard.com\/is\/aboriginal-astralia-draumtid-tjukurpa-verndargripir\/\">Aboriginal<\/a>) og margra annarra menningarheima um allan heim. 41 lag, alv\u00f6ru gull, plat\u00edna, silfur, framleitt \u00ed \u00de\u00fdskalandi. 30 daga skilar\u00e9ttur.<\/p><\/div>\t\t\t\t\t\t\t\t<\/div>\n\t\t\t\t<div class=\"elementor-element elementor-element-iwgw-baiame-ccb iwg-cc-button iwg-cc-cta-2026-05-13 elementor-widget elementor-widget-jet-button\" data-id=\"iwgw-baiame-ccb\" data-element_type=\"widget\" data-e-type=\"widget\" data-widget_type=\"jet-button.default\">\n\t\t\t\t<div class=\"elementor-widget-container\">\n\t\t\t\t\t<div class=\"elementor-jet-button jet-elements\"><div class=\"jet-button__container\"><a class=\"jet-button__instance jet-button__instance--icon-left hover-effect-1\" href=\"\/ueber-iwell-guard\/?utm_source=iwell-guard.com&amp;utm_medium=info-box&amp;utm_campaign=wesen-tradition\"><div class=\"jet-button__plane jet-button__plane-normal\"><\/div><div class=\"jet-button__plane jet-button__plane-hover\"><\/div><div class=\"jet-button__state jet-button__state-normal\"><span class=\"jet-button__label\">Meira um iWell Guard<\/span><\/div><div class=\"jet-button__state jet-button__state-hover\"><span class=\"jet-button__label\">Meira um iWell Guard<\/span><\/div><\/a><\/div><\/div><style>.elementor-element.elementor-element-iwgw-baiame-ccb .jet-button__instance{width:320px;height:56px;}.elementor-element.elementor-element-iwgw-baiame-ccb .jet-button__state-normal .jet-button__label{text-align:center;margin:0px 0px 0px 0px;color:#1a1b20;font-family:Montserrat,sans-serif;font-size:13px;font-weight:400;letter-spacing:4px;line-height:1.714em;text-transform:uppercase;}.elementor-element.elementor-element-iwgw-baiame-ccb .jet-button__state-hover .jet-button__label{text-align:center;margin:0px 0px 0px 0px;color:#FECC76;font-family:Montserrat,sans-serif;font-size:13px;font-weight:400;letter-spacing:4px;line-height:1.714em;text-transform:uppercase;}.elementor-element.elementor-element-iwgw-baiame-ccb .jet-button__plane-normal{background-color:#FECC76;border-style:solid;border-color:#C99540;border-width:2px 2px 2px 2px;}.elementor-element.elementor-element-iwgw-baiame-ccb .jet-button__plane-hover{background-color:rgba(0,0,0,0.55);border-style:solid;border-color:#FECC76;border-width:2px 2px 2px 2px;}<\/style>\t\t\t\t<\/div>\n\t\t\t\t<\/div>\n\t\t\t\t<div class=\"elementor-element elementor-element-iwgw-baiame-ccd elementor-widget elementor-widget-text-editor\" data-id=\"iwgw-baiame-ccd\" data-element_type=\"widget\" data-e-type=\"widget\" data-widget_type=\"text-editor.default\">\n\t\t\t\t\t\t\t\t\t<div data-nosnippet=\"true\"><p style=\"text-align:center;font-size:13px;opacity:0.7;margin-top:14px\" data-nosnippet=\"true\">Pers\u00f3nuleg reynsla getur veri\u00f0 mismunandi. Ekki l\u00e6kningat\u00e6ki. Engin lofor\u00f0 um l\u00e6kningu.<\/p><\/div>\t\t\t\t\t\t\t\t<\/div>\n\t\t\t\t\t<\/div>\n\t\t\t\t<\/div>\n\t\t\t\t\t<\/div>\n\t\t\t\t<\/div>\n\t\t<div class=\"elementor-element elementor-element-iwgw-baiame-disc e-flex e-con-boxed e-con e-parent\" data-id=\"iwgw-baiame-disc\" data-element_type=\"container\" data-e-type=\"container\">\n\t\t\t\t\t<div class=\"e-con-inner\">\n\t\t\t\t<div class=\"elementor-element elementor-element-iwgw-baiame-discw elementor-widget elementor-widget-html\" data-id=\"iwgw-baiame-discw\" data-element_type=\"widget\" data-e-type=\"widget\" data-widget_type=\"html.default\">\n\t\t\t\t\t<footer data-nosnippet=\"true\" class=\"iwg-disclaimer-block\"><p data-nosnippet=\"true\">iWell Guard er <strong>ekki l\u00e6kningat\u00e6ki<\/strong> og kemur ekki \u00ed sta\u00f0inn fyrir l\u00e6knis- e\u00f0a s\u00e1lfr\u00e6\u00f0ime\u00f0fer\u00f0. Tr\u00faarfr\u00e6\u00f0ilegt efni er menningars\u00f6gulegt samhengi, ekki r\u00e1\u00f0legging um andlega i\u00f0kun.<\/p><\/footer>\t\t\t\t<\/div>\n\t\t\t\t\t<\/div>\n\t\t\t\t<\/div>\n\t\t\t\t<\/div>\n\t\t","protected":false},"excerpt":{"rendered":"","protected":false},"author":3,"featured_media":2868,"parent":0,"menu_order":0,"comment_status":"closed","ping_status":"closed","template":"elementor_header_footer","meta":{"_yoast_wpseo_focuskw":"Baiame, himnafa\u00f0ir frumbyggja","_yoast_wpseo_title":"Baiame \u2013 Himnafa\u00f0ir frumbyggja, go\u00f0s\u00f6gn og heimildir","_yoast_wpseo_metadesc":"Baiame er h\u00f6fu\u00f0gu\u00f0 tr\u00faarbrag\u00f0a frumbyggja \u00ed Su\u00f0austur-\u00c1stral\u00edu. Tr\u00faarbrag\u00f0afr\u00e6\u00f0ileg greining me\u00f0 go\u00f0s\u00f6gn og heimildum.","_yoast_wpseo_meta-robots-noindex":"","_yoast_wpseo_canonical":"","_angie_page":false,"gefaehrdungsstufe":"1","wesen_kultur":"aboriginal","wesen_klasse":"goetter","footnotes":""},"categories":[],"class_list":["post-168991","page","type-page","status-publish","has-post-thumbnail","hentry"],"yoast_head":"<!-- This site is optimized with the Yoast SEO Premium plugin v27.7 (Yoast SEO v28.3) - https:\/\/yoast.com\/product\/yoast-seo-premium-wordpress\/ -->\n<title>Baiame \u2013 Himnafa\u00f0ir frumbyggja, go\u00f0s\u00f6gn og heimildir<\/title>\n<meta name=\"description\" content=\"Baiame er h\u00f6fu\u00f0gu\u00f0 tr\u00faarbrag\u00f0a frumbyggja \u00ed Su\u00f0austur-\u00c1stral\u00edu. Tr\u00faarbrag\u00f0afr\u00e6\u00f0ileg greining me\u00f0 go\u00f0s\u00f6gn og heimildum.\" \/>\n<meta name=\"robots\" content=\"index, follow, max-snippet:-1, max-image-preview:large, max-video-preview:-1\" \/>\n<link rel=\"canonical\" href=\"https:\/\/iwell-guard.com\/is\/baiame-himnafadir-astraliu\/\" \/>\n<meta property=\"og:locale\" content=\"is_IS\" \/>\n<meta property=\"og:type\" content=\"article\" \/>\n<meta property=\"og:title\" content=\"Baiame \u2013 Himnafa\u00f0ir frumbyggja Su\u00f0austur-\u00c1stral\u00edu\" \/>\n<meta property=\"og:description\" content=\"Baiame er h\u00f6fu\u00f0gu\u00f0 tr\u00faarbrag\u00f0a frumbyggja \u00ed Su\u00f0austur-\u00c1stral\u00edu. Tr\u00faarbrag\u00f0afr\u00e6\u00f0ileg greining me\u00f0 go\u00f0s\u00f6gn og heimildum.\" \/>\n<meta property=\"og:url\" content=\"https:\/\/iwell-guard.com\/is\/baiame-himnafadir-astraliu\/\" \/>\n<meta property=\"og:site_name\" content=\"iWell Guard\" \/>\n<meta property=\"article:modified_time\" content=\"2026-09-05T14:29:11+00:00\" \/>\n<meta property=\"og:image\" content=\"https:\/\/iwell-guard.com\/wp-content\/uploads\/2026\/05\/goetter_aboriginal_baiame.webp\" \/>\n\t<meta property=\"og:image:width\" content=\"1024\" \/>\n\t<meta property=\"og:image:height\" content=\"1536\" \/>\n\t<meta property=\"og:image:type\" content=\"image\/webp\" \/>\n<meta name=\"twitter:card\" content=\"summary_large_image\" \/>\n<script type=\"application\/ld+json\" class=\"yoast-schema-graph\">{\"@context\":\"https:\\\/\\\/schema.org\",\"@graph\":[{\"@type\":\"WebPage\",\"@id\":\"https:\\\/\\\/iwell-guard.com\\\/is\\\/baiame-himnafadir-astraliu\\\/\",\"url\":\"https:\\\/\\\/iwell-guard.com\\\/is\\\/baiame-himnafadir-astraliu\\\/\",\"name\":\"Baiame \u2013 Himnafa\u00f0ir frumbyggja, go\u00f0s\u00f6gn og heimildir\",\"isPartOf\":{\"@id\":\"https:\\\/\\\/iwell-guard.com\\\/is\\\/#website\"},\"primaryImageOfPage\":{\"@id\":\"https:\\\/\\\/iwell-guard.com\\\/is\\\/baiame-himnafadir-astraliu\\\/#primaryimage\"},\"image\":{\"@id\":\"https:\\\/\\\/iwell-guard.com\\\/is\\\/baiame-himnafadir-astraliu\\\/#primaryimage\"},\"thumbnailUrl\":\"https:\\\/\\\/iwell-guard.com\\\/wp-content\\\/uploads\\\/2026\\\/05\\\/goetter_aboriginal_baiame.webp\",\"datePublished\":\"2026-09-05T14:04:39+00:00\",\"dateModified\":\"2026-09-05T14:29:11+00:00\",\"description\":\"Baiame er h\u00f6fu\u00f0gu\u00f0 tr\u00faarbrag\u00f0a frumbyggja \u00ed Su\u00f0austur-\u00c1stral\u00edu. Tr\u00faarbrag\u00f0afr\u00e6\u00f0ileg greining me\u00f0 go\u00f0s\u00f6gn og heimildum.\",\"breadcrumb\":{\"@id\":\"https:\\\/\\\/iwell-guard.com\\\/is\\\/baiame-himnafadir-astraliu\\\/#breadcrumb\"},\"inLanguage\":\"is\",\"potentialAction\":[{\"@type\":\"ReadAction\",\"target\":[\"https:\\\/\\\/iwell-guard.com\\\/is\\\/baiame-himnafadir-astraliu\\\/\"]}]},{\"@type\":\"ImageObject\",\"inLanguage\":\"is\",\"@id\":\"https:\\\/\\\/iwell-guard.com\\\/is\\\/baiame-himnafadir-astraliu\\\/#primaryimage\",\"url\":\"https:\\\/\\\/iwell-guard.com\\\/wp-content\\\/uploads\\\/2026\\\/05\\\/goetter_aboriginal_baiame.webp\",\"contentUrl\":\"https:\\\/\\\/iwell-guard.com\\\/wp-content\\\/uploads\\\/2026\\\/05\\\/goetter_aboriginal_baiame.webp\",\"width\":1024,\"height\":1536,\"caption\":\"Gu\u00f0ir \u00far hef\u00f0 frumbyggja \u00c1stral\u00edu (Aboriginal).\"},{\"@type\":\"BreadcrumbList\",\"@id\":\"https:\\\/\\\/iwell-guard.com\\\/is\\\/baiame-himnafadir-astraliu\\\/#breadcrumb\",\"itemListElement\":[{\"@type\":\"ListItem\",\"position\":1,\"name\":\"Start\",\"item\":\"https:\\\/\\\/iwell-guard.com\\\/is\\\/?page_id=168580\"},{\"@type\":\"ListItem\",\"position\":2,\"name\":\"Baiame \u2013 Himnafa\u00f0ir frumbyggja Su\u00f0austur-\u00c1stral\u00edu\"}]},{\"@type\":\"WebSite\",\"@id\":\"https:\\\/\\\/iwell-guard.com\\\/is\\\/#website\",\"url\":\"https:\\\/\\\/iwell-guard.com\\\/is\\\/\",\"name\":\"iWell Guard\",\"description\":\"Schutz vor dunklen Einfl\u00fcssen\",\"publisher\":{\"@id\":\"https:\\\/\\\/iwell-guard.com\\\/is\\\/#organization\"},\"potentialAction\":[{\"@type\":\"SearchAction\",\"target\":{\"@type\":\"EntryPoint\",\"urlTemplate\":\"https:\\\/\\\/iwell-guard.com\\\/is\\\/?s={search_term_string}\"},\"query-input\":{\"@type\":\"PropertyValueSpecification\",\"valueRequired\":true,\"valueName\":\"search_term_string\"}}],\"inLanguage\":\"is\"},{\"@type\":\"Organization\",\"@id\":\"https:\\\/\\\/iwell-guard.com\\\/is\\\/#organization\",\"name\":\"Ittermann electronic GmbH\",\"url\":\"https:\\\/\\\/iwell-guard.com\\\/is\\\/\",\"logo\":{\"@type\":\"ImageObject\",\"inLanguage\":\"is\",\"@id\":\"https:\\\/\\\/iwell-guard.com\\\/is\\\/#\\\/schema\\\/logo\\\/image\\\/\",\"url\":\"https:\\\/\\\/iwell-guard.com\\\/wp-content\\\/uploads\\\/2026\\\/05\\\/Ittermann-Logo-1182x237-1.png\",\"contentUrl\":\"https:\\\/\\\/iwell-guard.com\\\/wp-content\\\/uploads\\\/2026\\\/05\\\/Ittermann-Logo-1182x237-1.png\",\"width\":1182,\"height\":237,\"caption\":\"Ittermann electronic GmbH\"},\"image\":{\"@id\":\"https:\\\/\\\/iwell-guard.com\\\/is\\\/#\\\/schema\\\/logo\\\/image\\\/\"},\"sameAs\":[\"https:\\\/\\\/pantip.com\\\/profile\\\/9367242\",\"https:\\\/\\\/micro.blog\\\/iwellguard\",\"https:\\\/\\\/www.diggerslist.com\\\/iwellguard\\\/about\",\"https:\\\/\\\/skitterphoto.com\\\/photographers\\\/2870314\\\/iwell-guard\",\"https:\\\/\\\/iwellguard.wordpress.com\\\/2026\\\/06\\\/06\\\/iwell-guard\\\/\",\"https:\\\/\\\/hub.docker.com\\\/u\\\/iwellguard\",\"https:\\\/\\\/www.pinterest.com\\\/iwellguard\\\/\",\"https:\\\/\\\/bit.ly\\\/m\\\/iwellguard\",\"https:\\\/\\\/entre-vos-mains.alsace.eu\\\/profiles\\\/iwellguard\\\/activity\",\"https:\\\/\\\/gravatar.com\\\/reallybeded8fd34\",\"https:\\\/\\\/naijamatta.com\\\/iwellguard\",\"https:\\\/\\\/www.goodreads.com\\\/iwellguard\",\"https:\\\/\\\/profile.hatena.ne.jp\\\/iwellguard\\\/\",\"https:\\\/\\\/experiment.com\\\/users\\\/iwellguard\",\"https:\\\/\\\/wakelet.com\\\/@iWellGuard82270\",\"https:\\\/\\\/www.chordie.com\\\/forum\\\/profile.php?id=2555664\",\"https:\\\/\\\/www.instapaper.com\\\/p\\\/17757966\",\"https:\\\/\\\/www.mapleprimes.com\\\/users\\\/iwellguard\",\"https:\\\/\\\/businesslistingplus.com\\\/profile\\\/iwell-guard\\\/\",\"https:\\\/\\\/telegra.ph\\\/iWell-Guard-06-06\",\"https:\\\/\\\/pbase.com\\\/iwellguard\\\/iwellguard\",\"https:\\\/\\\/b.hatena.ne.jp\\\/iwellguard\\\/20260607#bookmark-4788405196491818882\",\"https:\\\/\\\/fliphtml5.com\\\/home\\\/iwellguard\",\"https:\\\/\\\/anyflip.com\\\/homepage\\\/cmiwl#About\",\"https:\\\/\\\/transfur.com\\\/Users\\\/iwellguard\",\"http:\\\/\\\/delphi.larsbo.org\\\/user\\\/iwellguard\",\"https:\\\/\\\/jobs.lajobsportal.org\\\/profiles\\\/8380803-iwell-guard\",\"https:\\\/\\\/md.chaosdorf.de\\\/s\\\/jfbe5SBdJD\",\"https:\\\/\\\/www.lingvolive.com\\\/en-us\\\/profile\\\/9ecaeaca-ce11-4e51-9e71-01d55e2bff36\\\/translations\",\"https:\\\/\\\/www.fitday.com\\\/fitness\\\/forums\\\/members\\\/iwellguard.html\",\"https:\\\/\\\/www.mymeetbook.com\\\/iwellguard\",\"https:\\\/\\\/pxhere.com\\\/en\\\/photographer-me\\\/5040798\",\"https:\\\/\\\/disqus.com\\\/by\\\/iwellguard\\\/about\\\/\",\"https:\\\/\\\/pastelink.net\\\/hjwciqwq\",\"https:\\\/\\\/pubhtml5.com\\\/homepage\\\/scjhn\\\/\",\"https:\\\/\\\/www.bitchute.com\\\/channel\\\/2O2eOKzNqujT\",\"https:\\\/\\\/audiomack.com\\\/iwellguard\"]},{\"@type\":\"Article\",\"@id\":\"https:\\\/\\\/iwell-guard.com\\\/is\\\/baiame-himnafadir-astraliu\\\/#article\",\"isPartOf\":{\"@id\":\"https:\\\/\\\/iwell-guard.com\\\/is\\\/baiame-himnafadir-astraliu\\\/\"},\"author\":{\"name\":\"Ralf Ittermann\",\"@id\":\"https:\\\/\\\/iwell-guard.com\\\/is\\\/#\\\/schema\\\/person\\\/ee2a27f1cac3406c7c6fb5820cb7349f\"},\"headline\":\"Baiame \u2013 Himnafa\u00f0ir frumbyggja Su\u00f0austur-\u00c1stral\u00edu\",\"datePublished\":\"2026-09-05T14:04:39+00:00\",\"dateModified\":\"2026-09-05T14:29:11+00:00\",\"mainEntityOfPage\":{\"@id\":\"https:\\\/\\\/iwell-guard.com\\\/is\\\/baiame-himnafadir-astraliu\\\/\"},\"publisher\":{\"@id\":\"https:\\\/\\\/iwell-guard.com\\\/is\\\/#organization\"},\"image\":{\"@id\":\"https:\\\/\\\/iwell-guard.com\\\/is\\\/baiame-himnafadir-astraliu\\\/#primaryimage\"},\"thumbnailUrl\":\"https:\\\/\\\/iwell-guard.com\\\/wp-content\\\/uploads\\\/2026\\\/05\\\/goetter_aboriginal_baiame.webp\",\"inLanguage\":\"is\",\"description\":\"Baiame er h\u00f6fu\u00f0gu\u00f0 tr\u00faarbrag\u00f0a frumbyggja \u00ed Su\u00f0austur-\u00c1stral\u00edu. Tr\u00faarbrag\u00f0afr\u00e6\u00f0ileg greining me\u00f0 go\u00f0s\u00f6gn og heimildum.\"}]}<\/script>\n<!-- \/ Yoast SEO Premium plugin. -->","yoast_head_json":{"title":"Baiame \u2013 Himnafa\u00f0ir frumbyggja, go\u00f0s\u00f6gn og heimildir","description":"Baiame er h\u00f6fu\u00f0gu\u00f0 tr\u00faarbrag\u00f0a frumbyggja \u00ed Su\u00f0austur-\u00c1stral\u00edu. Tr\u00faarbrag\u00f0afr\u00e6\u00f0ileg greining me\u00f0 go\u00f0s\u00f6gn og heimildum.","robots":{"index":"index","follow":"follow","max-snippet":"max-snippet:-1","max-image-preview":"max-image-preview:large","max-video-preview":"max-video-preview:-1"},"canonical":"https:\/\/iwell-guard.com\/is\/baiame-himnafadir-astraliu\/","og_locale":"is_IS","og_type":"article","og_title":"Baiame \u2013 Himnafa\u00f0ir frumbyggja Su\u00f0austur-\u00c1stral\u00edu","og_description":"Baiame er h\u00f6fu\u00f0gu\u00f0 tr\u00faarbrag\u00f0a frumbyggja \u00ed Su\u00f0austur-\u00c1stral\u00edu. Tr\u00faarbrag\u00f0afr\u00e6\u00f0ileg greining me\u00f0 go\u00f0s\u00f6gn og heimildum.","og_url":"https:\/\/iwell-guard.com\/is\/baiame-himnafadir-astraliu\/","og_site_name":"iWell Guard","article_modified_time":"2026-09-05T14:29:11+00:00","og_image":[{"width":1024,"height":1536,"url":"https:\/\/iwell-guard.com\/wp-content\/uploads\/2026\/05\/goetter_aboriginal_baiame.webp","type":"image\/webp"}],"twitter_card":"summary_large_image","schema":{"@context":"https:\/\/schema.org","@graph":[{"@type":"Article","@id":"https:\/\/iwell-guard.com\/is\/baiame-himnafadir-astraliu\/#article","isPartOf":{"@id":"https:\/\/iwell-guard.com\/is\/baiame-himnafadir-astraliu\/"},"author":{"name":"Ralf Ittermann","@id":"https:\/\/iwell-guard.com\/is\/#\/schema\/person\/ee2a27f1cac3406c7c6fb5820cb7349f"},"headline":"Baiame \u2013 Himnafa\u00f0ir frumbyggja Su\u00f0austur-\u00c1stral\u00edu","datePublished":"2026-09-05T14:04:39+00:00","dateModified":"2026-09-05T14:29:11+00:00","mainEntityOfPage":{"@id":"https:\/\/iwell-guard.com\/is\/baiame-himnafadir-astraliu\/"},"publisher":{"@id":"https:\/\/iwell-guard.com\/is\/#organization"},"image":{"@id":"https:\/\/iwell-guard.com\/is\/baiame-himnafadir-astraliu\/#primaryimage"},"thumbnailUrl":"https:\/\/iwell-guard.com\/wp-content\/uploads\/2026\/05\/goetter_aboriginal_baiame.webp","inLanguage":"is","description":"Baiame er h\u00f6fu\u00f0gu\u00f0 tr\u00faarbrag\u00f0a frumbyggja \u00ed Su\u00f0austur-\u00c1stral\u00edu. Tr\u00faarbrag\u00f0afr\u00e6\u00f0ileg greining me\u00f0 go\u00f0s\u00f6gn og heimildum."},{"@type":"WebPage","@id":"https:\/\/iwell-guard.com\/is\/baiame-himnafadir-astraliu\/","url":"https:\/\/iwell-guard.com\/is\/baiame-himnafadir-astraliu\/","name":"Baiame \u2013 Himnafa\u00f0ir frumbyggja, go\u00f0s\u00f6gn og heimildir","isPartOf":{"@id":"https:\/\/iwell-guard.com\/is\/#website"},"primaryImageOfPage":{"@id":"https:\/\/iwell-guard.com\/is\/baiame-himnafadir-astraliu\/#primaryimage"},"image":{"@id":"https:\/\/iwell-guard.com\/is\/baiame-himnafadir-astraliu\/#primaryimage"},"thumbnailUrl":"https:\/\/iwell-guard.com\/wp-content\/uploads\/2026\/05\/goetter_aboriginal_baiame.webp","datePublished":"2026-09-05T14:04:39+00:00","dateModified":"2026-09-05T14:29:11+00:00","description":"Baiame er h\u00f6fu\u00f0gu\u00f0 tr\u00faarbrag\u00f0a frumbyggja \u00ed Su\u00f0austur-\u00c1stral\u00edu. Tr\u00faarbrag\u00f0afr\u00e6\u00f0ileg greining me\u00f0 go\u00f0s\u00f6gn og heimildum.","breadcrumb":{"@id":"https:\/\/iwell-guard.com\/is\/baiame-himnafadir-astraliu\/#breadcrumb"},"inLanguage":"is","potentialAction":[{"@type":"ReadAction","target":["https:\/\/iwell-guard.com\/is\/baiame-himnafadir-astraliu\/"]}]},{"@type":"ImageObject","inLanguage":"is","@id":"https:\/\/iwell-guard.com\/is\/baiame-himnafadir-astraliu\/#primaryimage","url":"https:\/\/iwell-guard.com\/wp-content\/uploads\/2026\/05\/goetter_aboriginal_baiame.webp","contentUrl":"https:\/\/iwell-guard.com\/wp-content\/uploads\/2026\/05\/goetter_aboriginal_baiame.webp","width":1024,"height":1536,"caption":"Gu\u00f0ir \u00far hef\u00f0 frumbyggja \u00c1stral\u00edu (Aboriginal)."},{"@type":"BreadcrumbList","@id":"https:\/\/iwell-guard.com\/is\/baiame-himnafadir-astraliu\/#breadcrumb","itemListElement":[{"@type":"ListItem","position":1,"name":"Start","item":"https:\/\/iwell-guard.com\/is\/?page_id=168580"},{"@type":"ListItem","position":2,"name":"Baiame \u2013 Himnafa\u00f0ir frumbyggja Su\u00f0austur-\u00c1stral\u00edu"}]},{"@type":"WebSite","@id":"https:\/\/iwell-guard.com\/is\/#website","url":"https:\/\/iwell-guard.com\/is\/","name":"iWell Guard","description":"Schutz vor dunklen Einfl\u00fcssen","publisher":{"@id":"https:\/\/iwell-guard.com\/is\/#organization"},"potentialAction":[{"@type":"SearchAction","target":{"@type":"EntryPoint","urlTemplate":"https:\/\/iwell-guard.com\/is\/?s={search_term_string}"},"query-input":{"@type":"PropertyValueSpecification","valueRequired":true,"valueName":"search_term_string"}}],"inLanguage":"is"},{"@type":"Organization","@id":"https:\/\/iwell-guard.com\/is\/#organization","name":"Ittermann electronic GmbH","url":"https:\/\/iwell-guard.com\/is\/","logo":{"@type":"ImageObject","inLanguage":"is","@id":"https:\/\/iwell-guard.com\/is\/#\/schema\/logo\/image\/","url":"https:\/\/iwell-guard.com\/wp-content\/uploads\/2026\/05\/Ittermann-Logo-1182x237-1.png","contentUrl":"https:\/\/iwell-guard.com\/wp-content\/uploads\/2026\/05\/Ittermann-Logo-1182x237-1.png","width":1182,"height":237,"caption":"Ittermann electronic GmbH"},"image":{"@id":"https:\/\/iwell-guard.com\/is\/#\/schema\/logo\/image\/"},"sameAs":["https:\/\/pantip.com\/profile\/9367242","https:\/\/micro.blog\/iwellguard","https:\/\/www.diggerslist.com\/iwellguard\/about","https:\/\/skitterphoto.com\/photographers\/2870314\/iwell-guard","https:\/\/iwellguard.wordpress.com\/2026\/06\/06\/iwell-guard\/","https:\/\/hub.docker.com\/u\/iwellguard","https:\/\/www.pinterest.com\/iwellguard\/","https:\/\/bit.ly\/m\/iwellguard","https:\/\/entre-vos-mains.alsace.eu\/profiles\/iwellguard\/activity","https:\/\/gravatar.com\/reallybeded8fd34","https:\/\/naijamatta.com\/iwellguard","https:\/\/www.goodreads.com\/iwellguard","https:\/\/profile.hatena.ne.jp\/iwellguard\/","https:\/\/experiment.com\/users\/iwellguard","https:\/\/wakelet.com\/@iWellGuard82270","https:\/\/www.chordie.com\/forum\/profile.php?id=2555664","https:\/\/www.instapaper.com\/p\/17757966","https:\/\/www.mapleprimes.com\/users\/iwellguard","https:\/\/businesslistingplus.com\/profile\/iwell-guard\/","https:\/\/telegra.ph\/iWell-Guard-06-06","https:\/\/pbase.com\/iwellguard\/iwellguard","https:\/\/b.hatena.ne.jp\/iwellguard\/20260607#bookmark-4788405196491818882","https:\/\/fliphtml5.com\/home\/iwellguard","https:\/\/anyflip.com\/homepage\/cmiwl#About","https:\/\/transfur.com\/Users\/iwellguard","http:\/\/delphi.larsbo.org\/user\/iwellguard","https:\/\/jobs.lajobsportal.org\/profiles\/8380803-iwell-guard","https:\/\/md.chaosdorf.de\/s\/jfbe5SBdJD","https:\/\/www.lingvolive.com\/en-us\/profile\/9ecaeaca-ce11-4e51-9e71-01d55e2bff36\/translations","https:\/\/www.fitday.com\/fitness\/forums\/members\/iwellguard.html","https:\/\/www.mymeetbook.com\/iwellguard","https:\/\/pxhere.com\/en\/photographer-me\/5040798","https:\/\/disqus.com\/by\/iwellguard\/about\/","https:\/\/pastelink.net\/hjwciqwq","https:\/\/pubhtml5.com\/homepage\/scjhn\/","https:\/\/www.bitchute.com\/channel\/2O2eOKzNqujT","https:\/\/audiomack.com\/iwellguard"]},{"@type":"Person","@id":"https:\/\/iwell-guard.com\/is\/#\/schema\/person\/ee2a27f1cac3406c7c6fb5820cb7349f","name":"Ralf Ittermann","image":{"@type":"ImageObject","inLanguage":"is","@id":"https:\/\/secure.gravatar.com\/avatar\/073c0153e350a5005b68eb752b445fea71f6b24a26da9449ad7e155e6b446c9d?s=96&d=mm&r=g","url":"https:\/\/secure.gravatar.com\/avatar\/073c0153e350a5005b68eb752b445fea71f6b24a26da9449ad7e155e6b446c9d?s=96&d=mm&r=g","contentUrl":"https:\/\/secure.gravatar.com\/avatar\/073c0153e350a5005b68eb752b445fea71f6b24a26da9449ad7e155e6b446c9d?s=96&d=mm&r=g","caption":"Ralf Ittermann"},"givenName":"Ralf","familyName":"Ittermann","jobTitle":"Gesch\u00e4ftsf\u00fchrer und redaktioneller Verantwortlicher","url":"https:\/\/iwell-guard.com\/is\/author\/claude\/","description":"Ralf Ittermann ist Gesch\u00e4ftsf\u00fchrer der Ittermann electronic GmbH und redaktioneller Verantwortlicher des iWell-Guard-Lexikons. Er verbindet langj\u00e4hrige Erfahrung in der Pr\u00e4zisionsfertigung mit medialer Praxis und religionsgeschichtlicher Quellenarbeit.","worksFor":{"@type":"Organization","name":"Ittermann electronic GmbH","url":"https:\/\/ittermann.de\/","address":{"@type":"PostalAddress","streetAddress":"K\u00f6hlergasse 16-18","postalCode":"99842","addressLocality":"Ruhla","addressCountry":"DE"}},"knowsAbout":["Religionsgeschichte","Mythologie","Mediale Praxis","Energetische Diagnostik","Schutzpraxis","Volksglauben","Westliche Esoterik"]},{"@type":"Article","@id":"https:\/\/iwell-guard.com\/is\/baiame-himnafadir-astraliu\/#article","isPartOf":{"@id":"https:\/\/iwell-guard.com\/is\/baiame-himnafadir-astraliu\/"},"author":{"name":"Ralf Ittermann","@id":"https:\/\/iwell-guard.com\/is\/#\/schema\/person\/ee2a27f1cac3406c7c6fb5820cb7349f"},"headline":"Baiame \u2013 Himnafa\u00f0ir frumbyggja Su\u00f0austur-\u00c1stral\u00edu","datePublished":"2026-09-05T14:04:39+00:00","dateModified":"2026-09-05T14:29:11+00:00","mainEntityOfPage":{"@id":"https:\/\/iwell-guard.com\/is\/baiame-himnafadir-astraliu\/"},"publisher":{"@id":"https:\/\/iwell-guard.com\/is\/#organization"},"image":{"@id":"https:\/\/iwell-guard.com\/is\/baiame-himnafadir-astraliu\/#primaryimage"},"thumbnailUrl":"https:\/\/iwell-guard.com\/wp-content\/uploads\/2026\/05\/goetter_aboriginal_baiame.webp","inLanguage":"is","description":"Baiame er h\u00f6fu\u00f0gu\u00f0 tr\u00faarbrag\u00f0a frumbyggja \u00ed Su\u00f0austur-\u00c1stral\u00edu. Tr\u00faarbrag\u00f0afr\u00e6\u00f0ileg greining me\u00f0 go\u00f0s\u00f6gn og heimildum."}]}},"_links":{"self":[{"href":"https:\/\/iwell-guard.com\/is\/wp-json\/wp\/v2\/pages\/168991","targetHints":{"allow":["GET"]}}],"collection":[{"href":"https:\/\/iwell-guard.com\/is\/wp-json\/wp\/v2\/pages"}],"about":[{"href":"https:\/\/iwell-guard.com\/is\/wp-json\/wp\/v2\/types\/page"}],"author":[{"embeddable":true,"href":"https:\/\/iwell-guard.com\/is\/wp-json\/wp\/v2\/users\/3"}],"replies":[{"embeddable":true,"href":"https:\/\/iwell-guard.com\/is\/wp-json\/wp\/v2\/comments?post=168991"}],"version-history":[{"count":0,"href":"https:\/\/iwell-guard.com\/is\/wp-json\/wp\/v2\/pages\/168991\/revisions"}],"wp:featuredmedia":[{"embeddable":true,"href":"https:\/\/iwell-guard.com\/is\/wp-json\/wp\/v2\/media\/2868"}],"wp:attachment":[{"href":"https:\/\/iwell-guard.com\/is\/wp-json\/wp\/v2\/media?parent=168991"}],"wp:term":[{"taxonomy":"category","embeddable":true,"href":"https:\/\/iwell-guard.com\/is\/wp-json\/wp\/v2\/categories?post=168991"}],"curies":[{"name":"wp","href":"https:\/\/api.w.org\/{rel}","templated":true}]}}