{"id":168990,"date":"2026-09-05T14:04:38","date_gmt":"2026-09-05T14:04:38","guid":{"rendered":"https:\/\/iwell-guard.com\/?page_id=168990"},"modified":"2026-09-05T14:29:07","modified_gmt":"2026-09-05T14:29:07","slug":"wandjina-skyja-regnvaettir-kimberley","status":"publish","type":"page","link":"https:\/\/iwell-guard.com\/is\/wandjina-skyja-regnvaettir-kimberley\/","title":{"rendered":"Wandjina \u2013 sk\u00fdja- og regnv\u00e6ttir Kimberley"},"content":{"rendered":"\t\t<div data-elementor-type=\"wp-page\" data-elementor-id=\"168990\" class=\"elementor elementor-168990 elementor-2645 elementor-bc-flex-widget\" data-elementor-post-type=\"page\">\n\t\t\t\t<div class=\"elementor-element elementor-element-iwgw-wandjina-hero e-flex e-con-boxed e-con e-parent\" data-id=\"iwgw-wandjina-hero\" data-element_type=\"container\" data-e-type=\"container\" data-settings=\"{&quot;background_background&quot;:&quot;classic&quot;}\">\n\t\t\t\t\t<div class=\"e-con-inner\">\n\t\t<div class=\"elementor-element elementor-element-iwgw-wandjina-hl e-flex e-con-boxed e-con e-child\" data-id=\"iwgw-wandjina-hl\" data-element_type=\"container\" data-e-type=\"container\">\n\t\t\t\t\t<div class=\"e-con-inner\">\n\t\t<div class=\"elementor-element elementor-element-iwgw-wandjina-htxt e-con-full e-flex e-con e-child\" data-id=\"iwgw-wandjina-htxt\" data-element_type=\"container\" data-e-type=\"container\">\n\t\t\t\t<div class=\"elementor-element elementor-element-iwgw-wandjina-h1 elementor-widget elementor-widget-heading\" data-id=\"iwgw-wandjina-h1\" data-element_type=\"widget\" data-e-type=\"widget\" data-widget_type=\"heading.default\">\n\t\t\t\t\t<h1 class=\"elementor-heading-title elementor-size-default\">Wandjina, sk\u00fdjaverur Worora, Ngarinyin og Wunambal \u00e1 Kimberley-sv\u00e6\u00f0inu<\/h1>\t\t\t\t<\/div>\n\t\t\t\t<div class=\"elementor-element elementor-element-iwgw-wandjina-lead elementor-widget elementor-widget-text-editor\" data-id=\"iwgw-wandjina-lead\" data-element_type=\"widget\" data-e-type=\"widget\" data-widget_type=\"text-editor.default\">\n\t\t\t\t\t\t\t\t\t<p>Wandjina eru mikilv\u00e6gustu sk\u00f6punarverur Worora-, Ngarinyin- og Wunambal-frumbyggja \u00e1 Kimberley-sv\u00e6\u00f0inu \u00ed nor\u00f0vesturhluta \u00c1stral\u00edu. \u00de\u00e6r eru sk\u00fdja- og regnv\u00e6ttir sem samt\u00edmis m\u00f3tu\u00f0u landi\u00f0 og g\u00e1fu n\u00faverandi \u00e6ttb\u00e1lkal\u00f6gm\u00e1l.<\/p>\t\t\t\t\t\t\t\t<\/div>\n\t\t\t\t<\/div>\n\t\t<div class=\"elementor-element elementor-element-iwgw-wandjina-pillc e-con-full e-flex e-con e-child\" data-id=\"iwgw-wandjina-pillc\" data-element_type=\"container\" data-e-type=\"container\">\n\t\t\t\t<div class=\"elementor-element elementor-element-iwgw-wandjina-pills elementor-widget elementor-widget-html\" data-id=\"iwgw-wandjina-pills\" data-element_type=\"widget\" data-e-type=\"widget\" data-widget_type=\"html.default\">\n\t\t\t\t\t<div class=\"iwg-pill-row\"><span class=\"iwg-klasse-badge\" tabindex=\"0\" data-tooltip=\"Skapari \u00ed hef\u00f0 frumbyggja.\">Skapari<\/span><a href=\"https:\/\/iwell-guard.com\/is\/aboriginal-astralia-draumtid-tjukurpa-verndargripir\/\" class=\"iwg-kultur-badge\" tabindex=\"0\" data-tooltip=\"Go\u00f0afr\u00e6\u00f0i hef\u00f0ar frumbyggja.\">Frumbyggjar<\/a><span class=\"iwg-tradition-badge\" tabindex=\"0\" data-tooltip=\"Sk\u00fdja- og regnv\u00e6ttir.\">Sk\u00fdja- og regnv\u00e6ttir<\/span><\/div>\t\t\t\t<\/div>\n\t\t\t\t<\/div>\n\t\t<div class=\"elementor-element elementor-element-iwgw-wandjina-tocc e-con-full e-flex e-con e-child\" data-id=\"iwgw-wandjina-tocc\" data-element_type=\"container\" data-e-type=\"container\">\n\t\t\t\t<div class=\"elementor-element elementor-element-iwgw-wandjina-toc elementor-toc--minimized-on-tablet elementor-widget elementor-widget-table-of-contents\" data-id=\"iwgw-wandjina-toc\" data-element_type=\"widget\" data-e-type=\"widget\" data-settings=\"{&quot;headings_by_tags&quot;:[&quot;h2&quot;,&quot;h3&quot;],&quot;minimize_box&quot;:&quot;yes&quot;,&quot;marker_view&quot;:&quot;bullets&quot;,&quot;no_headings_message&quot;:&quot;Engar undirfyrirsagnir fundust \\u00e1 \\u00feessari s\\u00ed\\u00f0u.&quot;,&quot;exclude_headings_by_selector&quot;:[],&quot;icon&quot;:{&quot;value&quot;:&quot;fas fa-circle&quot;,&quot;library&quot;:&quot;fa-solid&quot;,&quot;rendered_tag&quot;:&quot;&lt;svg class=\\&quot;e-font-icon-svg e-fas-circle\\&quot; viewBox=\\&quot;0 0 512 512\\&quot; xmlns=\\&quot;http:\\\/\\\/www.w3.org\\\/2000\\\/svg\\&quot;&gt;&lt;path d=\\&quot;M256 8C119 8 8 119 8 256s111 248 248 248 248-111 248-248S393 8 256 8z\\&quot;&gt;&lt;\\\/path&gt;&lt;\\\/svg&gt;&quot;},&quot;minimized_on&quot;:&quot;tablet&quot;,&quot;hierarchical_view&quot;:&quot;yes&quot;,&quot;min_height&quot;:{&quot;unit&quot;:&quot;px&quot;,&quot;size&quot;:&quot;&quot;,&quot;sizes&quot;:[]},&quot;min_height_tablet&quot;:{&quot;unit&quot;:&quot;px&quot;,&quot;size&quot;:&quot;&quot;,&quot;sizes&quot;:[]},&quot;min_height_mobile&quot;:{&quot;unit&quot;:&quot;px&quot;,&quot;size&quot;:&quot;&quot;,&quot;sizes&quot;:[]}}\" data-widget_type=\"table-of-contents.default\">\n\t\t\t\t\t\t\t\t\t<div class=\"elementor-toc__header\">\n\t\t\t\t\t\t<h2 class=\"elementor-toc__header-title\">\n\t\t\t\tEfnisyfirlit\t\t\t<\/h2>\n\t\t\t\t\t\t\t\t\t\t<div class=\"elementor-toc__toggle-button elementor-toc__toggle-button--expand\" role=\"button\" tabindex=\"0\" aria-controls=\"elementor-toc__iwgw-wandjina-toc\" aria-expanded=\"true\" aria-label=\"Open table of contents\"><svg aria-hidden=\"true\" class=\"e-font-icon-svg e-fas-chevron-down\" viewBox=\"0 0 448 512\" xmlns=\"http:\/\/www.w3.org\/2000\/svg\"><path d=\"M207.029 381.476L12.686 187.132c-9.373-9.373-9.373-24.569 0-33.941l22.667-22.667c9.357-9.357 24.522-9.375 33.901-.04L224 284.505l154.745-154.021c9.379-9.335 24.544-9.317 33.901.04l22.667 22.667c9.373 9.373 9.373 24.569 0 33.941L240.971 381.476c-9.373 9.372-24.569 9.372-33.942 0z\"><\/path><\/svg><\/div>\n\t\t\t\t<div class=\"elementor-toc__toggle-button elementor-toc__toggle-button--collapse\" role=\"button\" tabindex=\"0\" aria-controls=\"elementor-toc__iwgw-wandjina-toc\" aria-expanded=\"true\" aria-label=\"Close table of contents\"><svg aria-hidden=\"true\" class=\"e-font-icon-svg e-fas-chevron-up\" viewBox=\"0 0 448 512\" xmlns=\"http:\/\/www.w3.org\/2000\/svg\"><path d=\"M240.971 130.524l194.343 194.343c9.373 9.373 9.373 24.569 0 33.941l-22.667 22.667c-9.357 9.357-24.522 9.375-33.901.04L224 227.495 69.255 381.516c-9.379 9.335-24.544 9.317-33.901-.04l-22.667-22.667c-9.373-9.373-9.373-24.569 0-33.941L207.03 130.525c9.372-9.373 24.568-9.373 33.941-.001z\"><\/path><\/svg><\/div>\n\t\t\t\t\t<\/div>\n\t\t\t\t<div id=\"elementor-toc__iwgw-wandjina-toc\" class=\"elementor-toc__body\">\n\t\t\t<div class=\"elementor-toc__spinner-container\">\n\t\t\t\t<svg class=\"elementor-toc__spinner eicon-animation-spin e-font-icon-svg e-eicon-loading\" aria-hidden=\"true\" viewBox=\"0 0 1000 1000\" xmlns=\"http:\/\/www.w3.org\/2000\/svg\"><path d=\"M500 975V858C696 858 858 696 858 500S696 142 500 142 142 304 142 500H25C25 237 238 25 500 25S975 237 975 500 763 975 500 975Z\"><\/path><\/svg>\t\t\t<\/div>\n\t\t<\/div>\n\t\t\t\t\t\t<\/div>\n\t\t\t\t<\/div>\n\t\t\t\t\t<\/div>\n\t\t\t\t<\/div>\n\t\t<div class=\"elementor-element elementor-element-iwgw-wandjina-hr e-con-full e-flex e-con e-child\" data-id=\"iwgw-wandjina-hr\" data-element_type=\"container\" data-e-type=\"container\">\n\t\t\t\t<div class=\"elementor-element elementor-element-iwgw-wandjina-heroimg iwg-hero-image elementor-widget elementor-widget-image\" data-id=\"iwgw-wandjina-heroimg\" data-element_type=\"widget\" data-e-type=\"widget\" data-widget_type=\"image.default\">\n\t\t\t\t\t\t\t\t\t\t\t\t\t\t\t<img fetchpriority=\"high\" decoding=\"async\" width=\"683\" height=\"1024\" src=\"https:\/\/iwell-guard.com\/wp-content\/uploads\/2026\/05\/goetter_aboriginal_wandjina-683x1024.webp\" class=\"attachment-large size-large wp-image-170785\" alt=\"Wandjina - gu\u00f0ir \u00far hef\u00f0 frumbyggja \u00c1stral\u00edu (Aboriginal), s\u00f6gulega myndskreytt\" srcset=\"https:\/\/iwell-guard.com\/wp-content\/uploads\/2026\/05\/goetter_aboriginal_wandjina-683x1024.webp 683w, https:\/\/iwell-guard.com\/wp-content\/uploads\/2026\/05\/goetter_aboriginal_wandjina-200x300.webp 200w, https:\/\/iwell-guard.com\/wp-content\/uploads\/2026\/05\/goetter_aboriginal_wandjina-768x1152.webp 768w, https:\/\/iwell-guard.com\/wp-content\/uploads\/2026\/05\/goetter_aboriginal_wandjina.webp 1024w\" sizes=\"(max-width: 683px) 100vw, 683px\" \/>\t\t\t\t\t\t\t\t\t\t\t\t\t\t\t<\/div>\n\t\t\t\t<\/div>\n\t\t\t\t\t<\/div>\n\t\t\t\t<\/div>\n\t\t<div class=\"elementor-element elementor-element-iwgw-wandjina-s0 e-flex e-con-boxed e-con e-parent\" data-id=\"iwgw-wandjina-s0\" data-element_type=\"container\" data-e-type=\"container\">\n\t\t\t\t\t<div class=\"e-con-inner\">\n\t\t\t\t<div class=\"elementor-element elementor-element-iwgw-wandjina-s0h elementor-widget elementor-widget-heading\" data-id=\"iwgw-wandjina-s0h\" data-element_type=\"widget\" data-e-type=\"widget\" data-widget_type=\"heading.default\">\n\t\t\t\t\t<h2 class=\"elementor-heading-title elementor-size-default\">Greining og skammrit<\/h2>\t\t\t\t<\/div>\n\t\t<div class=\"elementor-element elementor-element-iwgw-wandjina-s0c e-con-full e-flex e-con e-child\" data-id=\"iwgw-wandjina-s0c\" data-element_type=\"container\" data-e-type=\"container\">\n\t\t\t\t<div class=\"elementor-element elementor-element-iwgw-wandjina-s0t elementor-widget elementor-widget-text-editor\" data-id=\"iwgw-wandjina-s0t\" data-element_type=\"widget\" data-e-type=\"widget\" data-widget_type=\"text-editor.default\">\n\t\t\t\t\t\t\t\t\t<p>Wandjina (einnig <em>Wanjina<\/em>, <em>Wondjina<\/em>) eru sameiginlegar sk\u00f6punarverur \u00ed tr\u00faarbr\u00f6g\u00f0um frumbyggja \u00e1 Kimberley-sv\u00e6\u00f0inu \u00ed nor\u00f0vesturhluta \u00c1stral\u00edu. \u00der\u00edr tungum\u00e1lah\u00f3par, Worora, Ngarinyin og Wunambal, deila Wandjina-heimsmyndinni; saman eiga \u00feeir bergmyndirnar sem var\u00f0veist hafa \u00ed \u00fe\u00fasundum eintaka \u00ed glj\u00fafrum Kimberley.<\/p><p>Wandjina eru sk\u00fdja- og regnv\u00e6ttir sem \u00e1 go\u00f0sagnat\u00edmanum <em>Lalai<\/em> (Kimberley-\u00fatg\u00e1fan af <em>Dreaming<\/em>) f\u00f3ru um landi\u00f0 og m\u00f3tu\u00f0u \u00fea\u00f0. \u00d3l\u00edkt <a href=\"https:\/\/iwell-guard.com\/is\/?page_id=168989\">Regnbogasl\u00f6ngunni<\/a> (Rainbow Serpent), sem birtist sem einst\u00f6k vera, eru Wandjina fj\u00f6lmargar verur me\u00f0 eigin n\u00f6fn og tengsl vi\u00f0 \u00e1kve\u00f0na \u00e6ttb\u00e1lka.<\/p><p>Innan <a href=\"https:\/\/iwell-guard.com\/is\/aboriginal-astralia-draumtid-tjukurpa-verndargripir\/\">hef\u00f0ar frumbyggja<\/a> eru Wandjina s\u00e9rstaklega \u00feekktar fyrir sj\u00e1lfst\u00e6\u00f0a myndhef\u00f0: \u00fe\u00e6r eru s\u00fdndar me\u00f0 st\u00f3r augu, engan munn og h\u00f6fu\u00f0skraut sem l\u00edkist geislabaug, myndform sem er einstakt \u00ed list frumbyggja.<\/p>\t\t\t\t\t\t\t\t<\/div>\n\t\t\t\t<\/div>\n\t\t\t\t\t<\/div>\n\t\t\t\t<\/div>\n\t\t<div class=\"elementor-element elementor-element-iwgw-wandjina-s1 e-flex e-con-boxed e-con e-parent\" data-id=\"iwgw-wandjina-s1\" data-element_type=\"container\" data-e-type=\"container\">\n\t\t\t\t\t<div class=\"e-con-inner\">\n\t\t\t\t<div class=\"elementor-element elementor-element-iwgw-wandjina-s1h elementor-widget elementor-widget-heading\" data-id=\"iwgw-wandjina-s1h\" data-element_type=\"widget\" data-e-type=\"widget\" data-widget_type=\"heading.default\">\n\t\t\t\t\t<h2 class=\"elementor-heading-title elementor-size-default\">Nafn og or\u00f0sifjar<\/h2>\t\t\t\t<\/div>\n\t\t<div class=\"elementor-element elementor-element-iwgw-wandjina-s1c e-con-full e-flex e-con e-child\" data-id=\"iwgw-wandjina-s1c\" data-element_type=\"container\" data-e-type=\"container\">\n\t\t\t\t<div class=\"elementor-element elementor-element-iwgw-wandjina-s1t elementor-widget elementor-widget-text-editor\" data-id=\"iwgw-wandjina-s1t\" data-element_type=\"widget\" data-e-type=\"widget\" data-widget_type=\"text-editor.default\">\n\t\t\t\t\t\t\t\t\t<p>Nafni\u00f0 <em>Wandjina<\/em> var\u00f0veitist \u00ed \u00f6llum \u00feremur Kimberley-tungum\u00e1lunum, me\u00f0 sm\u00e1v\u00e6gilegum hlj\u00f3\u00f0breytingum. Samr\u00e6md or\u00f0sifjafr\u00e6\u00f0ileg \u00fatsk\u00fdring er umdeild; Ian Crawford lag\u00f0i 1968 til tengingu vi\u00f0 s\u00f6gn sem \u00fe\u00fd\u00f0ir \u201ea\u00f0 birtast, a\u00f0 s\u00fdna sig\u201c, sem samr\u00e6mist go\u00f0s\u00f6gninni um Wandjina sem verur sem ver\u00f0a \u00e1\u00fereifanlegar.<\/p><p>A\u00f0rir fr\u00e6\u00f0imenn (Andreas Lommel, Helmut Petri) hafa tengt nafni\u00f0 hugmyndinni um \u201e\u00feann sem vakir yfir okkur\u201c. B\u00e1\u00f0ar or\u00f0sifjafr\u00e6\u00f0ilegar sk\u00fdringar eru m\u00e1lfr\u00e6\u00f0ilega r\u00e9ttm\u00e6tar og geta s\u00f6gulega veri\u00f0 samverkandi.<\/p><p>\u00cd elstu evr\u00f3psku heimildunum (George Grey 1838, fyrsti Evr\u00f3puma\u00f0urinn sem skr\u00e1\u00f0i Wandjina-bergmyndir) er nafni\u00f0 rangf\u00e6rt sem \u201eWonjina\u201c. \u00deessi stafsetning h\u00e9lst \u00ed nokkrum viktor\u00ed\u00f6nskum textum en er n\u00fa \u00farelt.<\/p>\t\t\t\t\t\t\t\t<\/div>\n\t\t\t\t<\/div>\n\t\t\t\t\t<\/div>\n\t\t\t\t<\/div>\n\t\t<div class=\"elementor-element elementor-element-iwgw-wandjina-s2 e-flex e-con-boxed e-con e-parent\" data-id=\"iwgw-wandjina-s2\" data-element_type=\"container\" data-e-type=\"container\">\n\t\t\t\t\t<div class=\"e-con-inner\">\n\t\t\t\t<div class=\"elementor-element elementor-element-iwgw-wandjina-s2h elementor-widget elementor-widget-heading\" data-id=\"iwgw-wandjina-s2h\" data-element_type=\"widget\" data-e-type=\"widget\" data-widget_type=\"heading.default\">\n\t\t\t\t\t<h2 class=\"elementor-heading-title elementor-size-default\">L\u00fdsing og myndm\u00e1l<\/h2>\t\t\t\t<\/div>\n\t\t<div class=\"elementor-element elementor-element-iwgw-wandjina-s2c e-con-full e-flex e-con e-child\" data-id=\"iwgw-wandjina-s2c\" data-element_type=\"container\" data-e-type=\"container\">\n\t\t\t\t<div class=\"elementor-element elementor-element-iwgw-wandjina-s2t elementor-widget elementor-widget-text-editor\" data-id=\"iwgw-wandjina-s2t\" data-element_type=\"widget\" data-e-type=\"widget\" data-widget_type=\"text-editor.default\">\n\t\t\t\t\t\t\t\t\t<p>Myndhef\u00f0 Wandjina er ein s\u00e9rkennilegasta \u00ed list frumbyggja. Einkennandi eru: st\u00f3r, d\u00f6kk augu \u00e1n sj\u00e1aldra; breitt nef; skortur \u00e1 munni (me\u00f0 \u00feeirri sk\u00fdringu a\u00f0 munnur Wandjina myndi fl\u00e6\u00f0a yfir heiminn); h\u00f6fu\u00f0skraut sem l\u00edkist geislabaug og s\u00fdnir regnsk\u00fd og elding; og oft v\u00ed\u00f0t\u00e6k rau\u00f0, gul og hv\u00edt m\u00e1lning \u00e1 l\u00edkamanum.<\/p><p>\u00deessi myndhef\u00f0 er sta\u00f0fest \u00e1 bergmyndum Kimberley \u00ed a\u00f0 minnsta kosti 4000 \u00e1r; h\u00fan kom fram t\u00edmalega eftir \u00fe\u00e6r eldri, \u00feunnu f\u00edg\u00farur sem kallast \u201eGwion-Gwion\u201c. Ian Crawford vann kerfisbundi\u00f0 \u00far myndhef\u00f0ars\u00f6gunni \u00ed <em>The Art of the Wandjina<\/em> (Oxford 1968).<\/p><p>\u00cd samt\u00edmalist frumbyggja m\u00e1la \u00feessir \u00fer\u00edr nefndu \u00e6ttb\u00e1lkah\u00f3par Wandjina \u00e1fram, me\u00f0 akr\u00fdl, \u00e1 trj\u00e1b\u00f6rk og \u00e1 papp\u00edr. Mowanjum-listamannasamt\u00f6kin \u00ed Derby (stofnu\u00f0 1973) eru eitt af mikilv\u00e6gustu mi\u00f0st\u00f6\u00f0vum \u00feessarar hef\u00f0ar.<\/p>\t\t\t\t\t\t\t\t<\/div>\n\t\t\t\t<\/div>\n\t\t\t\t\t<\/div>\n\t\t\t\t<\/div>\n\t\t<div class=\"elementor-element elementor-element-iwgw-wandjina-s3 e-flex e-con-boxed e-con e-parent\" data-id=\"iwgw-wandjina-s3\" data-element_type=\"container\" data-e-type=\"container\">\n\t\t\t\t\t<div class=\"e-con-inner\">\n\t\t\t\t<div class=\"elementor-element elementor-element-iwgw-wandjina-s3h elementor-widget elementor-widget-heading\" data-id=\"iwgw-wandjina-s3h\" data-element_type=\"widget\" data-e-type=\"widget\" data-widget_type=\"heading.default\">\n\t\t\t\t\t<h2 class=\"elementor-heading-title elementor-size-default\">Go\u00f0sagnakenndar fr\u00e1sagnir<\/h2>\t\t\t\t<\/div>\n\t\t<div class=\"elementor-element elementor-element-iwgw-wandjina-s3c e-con-full e-flex e-con e-child\" data-id=\"iwgw-wandjina-s3c\" data-element_type=\"container\" data-e-type=\"container\">\n\t\t\t\t<div class=\"elementor-element elementor-element-iwgw-wandjina-s3t elementor-widget elementor-widget-text-editor\" data-id=\"iwgw-wandjina-s3t\" data-element_type=\"widget\" data-e-type=\"widget\" data-widget_type=\"text-editor.default\">\n\t\t\t\t\t\t\t\t\t<p>Mikilv\u00e6gasta Wandjina-sagan segir fr\u00e1 \u201eMiklu fl\u00f3\u00f0i\u201c (<em>Galagari<\/em>) \u00e1 <em>Lalai<\/em>-t\u00edmanum: Wandjina komu, heimurinn var \u00ed \u00f3rei\u00f0u, \u00fe\u00e6r skipul\u00f6g\u00f0u hann me\u00f0 fl\u00f3\u00f0um s\u00ednum, m\u00f3tu\u00f0u n\u00faverandi landslag og g\u00e1fu m\u00f6nnum \u00e6ttb\u00e1lkal\u00f6gm\u00e1l.<\/p><p>\u00deegar verkinu var loki\u00f0 \u201em\u00e1lu\u00f0u \u00fe\u00e6r sig \u00e1 klettana\u201c, \u00fea\u00f0 er, \u00fe\u00e6r breyttust \u00ed n\u00faverandi bergmyndir.<\/p><p>\u00d6nnur saga l\u00fdsir \u00e1t\u00f6kum milli mismunandi Wandjina-h\u00f3pa sem endar me\u00f0 upphafi \u00feurrkat\u00edmabilsins. \u00deessi orsakalegi <span class=\"iwg-fachbegriff\" data-tooltip=\"Hef\u00f0bundin fr\u00e1s\u00f6gn um gu\u00f0i, uppruna og skipulag heimsins.\" tabindex=\"0\">go\u00f0s\u00f6gn<\/span> \u00fatsk\u00fdrir ve\u00f0urfar Kimberley: regnvota \u201evert\u00ed\u00f0\u201c og \u00feurra \u201evert\u00ed\u00f0\u201c sem heimsfr\u00e6\u00f0ilega breytingu.<\/p><p>Anthony Redmond birti \u00ed <em>Places that Move<\/em> (2005) s\u00e9rstaklega n\u00e1kv\u00e6ma skr\u00e1ningu \u00e1 nokkrum Wandjina-s\u00f6gnum \u00far Ngarinyin-hef\u00f0inni. \u00deessar skr\u00e1ningar eru fyrirmynd um a\u00f0fer\u00f0afr\u00e6\u00f0i \u00ed samvinnu\u00fej\u00f3\u00f0fr\u00e6\u00f0i samt\u00edmaranns\u00f3kna \u00e1 frumbyggjum.<\/p>\t\t\t\t\t\t\t\t<\/div>\n\t\t\t\t<\/div>\n\t\t\t\t\t<\/div>\n\t\t\t\t<\/div>\n\t\t<div class=\"elementor-element elementor-element-iwgw-wandjina-s4 e-flex e-con-boxed e-con e-parent\" data-id=\"iwgw-wandjina-s4\" data-element_type=\"container\" data-e-type=\"container\">\n\t\t\t\t\t<div class=\"e-con-inner\">\n\t\t\t\t<div class=\"elementor-element elementor-element-iwgw-wandjina-s4h elementor-widget elementor-widget-heading\" data-id=\"iwgw-wandjina-s4h\" data-element_type=\"widget\" data-e-type=\"widget\" data-widget_type=\"heading.default\">\n\t\t\t\t\t<h2 class=\"elementor-heading-title elementor-size-default\">D\u00fdrkun og tilbei\u00f0sla<\/h2>\t\t\t\t<\/div>\n\t\t<div class=\"elementor-element elementor-element-iwgw-wandjina-s4c e-con-full e-flex e-con e-child\" data-id=\"iwgw-wandjina-s4c\" data-element_type=\"container\" data-e-type=\"container\">\n\t\t\t\t<div class=\"elementor-element elementor-element-iwgw-wandjina-s4t elementor-widget elementor-widget-text-editor\" data-id=\"iwgw-wandjina-s4t\" data-element_type=\"widget\" data-e-type=\"widget\" data-widget_type=\"text-editor.default\">\n\t\t\t\t\t\t\t\t\t<p>Meginlega tr\u00faarlega ath\u00f6fnin er \u00e1rleg endurn\u00fdjun Wandjina-bergmyndanna (<em>repainting<\/em>). Fyrir regnt\u00edmann heims\u00e6kja \u00e6ttb\u00e1lkaeldri Worora, Ngarinyin og Wunambal bergmyndasta\u00f0ina og m\u00e1la Wandjina a\u00f0 n\u00fdju me\u00f0 n\u00fdjum litum. \u00deessi <span class=\"iwg-fachbegriff\" data-tooltip=\"Skipul\u00f6g\u00f0 r\u00f6\u00f0 t\u00e1knger\u00f0ra athafna me\u00f0 tr\u00faarlega e\u00f0a menningarlega merkingu.\" tabindex=\"0\">ath\u00f6fn<\/span> er ekki einungis var\u00f0veisla, heldur virk tr\u00faarleg endurn\u00fdjun, Wandjina halda s\u00e9r \u201evakandi\u201c me\u00f0 endurm\u00e1luninni.<\/p><p>Tr\u00faarleg \u00e1byrg\u00f0 \u00e1 \u00e1kve\u00f0inni Wandjina-mynd er arfgeng og fylgir fl\u00f3knum \u00e6ttartengslareglum. S\u00e1 sem ber \u00e1byrg\u00f0ina er einnig \u00e1byrgur fyrir sv\u00e6\u00f0inu sem myndin tilheyrir, bein tengsl milli tr\u00faarr\u00e9ttar og landr\u00e9ttar.<\/p><p>\u00c1 t\u00edunda \u00e1ratug s\u00ed\u00f0ustu aldar ur\u00f0u \u00e1t\u00f6k \u00feegar hinn ekki-frumbyggjalisti Vesna Tenodi s\u00fdndi opinberlega myndir l\u00edkar Wandjina; Mowanjum-listamenn m\u00f3tm\u00e6ltu og \u00e1t\u00f6kin enda\u00f0u fyrir \u00e1str\u00f6lskum d\u00f3mst\u00f3lum, kennslub\u00f3kard\u00e6mi um lagalegan \u00e1greining um myndr\u00e9ttindi frumbyggja.<\/p>\t\t\t\t\t\t\t\t<\/div>\n\t\t\t\t<\/div>\n\t\t\t\t\t<\/div>\n\t\t\t\t<\/div>\n\t\t<div class=\"elementor-element elementor-element-iwgw-wandjina-s5 e-flex e-con-boxed e-con e-parent\" data-id=\"iwgw-wandjina-s5\" data-element_type=\"container\" data-e-type=\"container\">\n\t\t\t\t\t<div class=\"e-con-inner\">\n\t\t\t\t<div class=\"elementor-element elementor-element-iwgw-wandjina-s5h elementor-widget elementor-widget-heading\" data-id=\"iwgw-wandjina-s5h\" data-element_type=\"widget\" data-e-type=\"widget\" data-widget_type=\"heading.default\">\n\t\t\t\t\t<h2 class=\"elementor-heading-title elementor-size-default\">Verndara\u00f0ger\u00f0ir og fr\u00e1hrindandi t\u00e1kn<\/h2>\t\t\t\t<\/div>\n\t\t<div class=\"elementor-element elementor-element-iwgw-wandjina-s5c e-con-full e-flex e-con e-child\" data-id=\"iwgw-wandjina-s5c\" data-element_type=\"container\" data-e-type=\"container\">\n\t\t\t\t<div class=\"elementor-element elementor-element-iwgw-wandjina-s5t elementor-widget elementor-widget-text-editor\" data-id=\"iwgw-wandjina-s5t\" data-element_type=\"widget\" data-e-type=\"widget\" data-widget_type=\"text-editor.default\">\n\t\t\t\t\t\t\t\t\t<p>Tr\u00fafr\u00e6\u00f0ilega s\u00e9\u00f0 mi\u00f0ar verndarhef\u00f0in \u00ed Wandjina-fl\u00f3kanum a\u00f0 \u00fev\u00ed a\u00f0 var\u00f0veita bergmyndasta\u00f0ina og vir\u00f0a vi\u00f0eigandi heg\u00f0unarreglur. \u00d3heimilum a\u00f0ilum er ekki leyfilegt a\u00f0 fara inn \u00e1 sta\u00f0ina, mynda \u00fe\u00e1 e\u00f0a snerta \u00fe\u00e1. Innan hef\u00f0arinnar er tali\u00f0 a\u00f0 brot \u00e1 \u00feessum bannreglum valdi stormvi\u00f0rum, sj\u00fakd\u00f3mum og f\u00e9lagslegum \u00e1t\u00f6kum.<\/p><p>S\u00e9rst\u00f6k varnara\u00f0ger\u00f0 er \u00e1kall til Wandjina fyrir upphaf regnt\u00edmans: \u00d6ldungarnir heims\u00e6kja sta\u00f0ina, tala vi\u00f0 Wandjina og \u201ebi\u00f0ja\u201c \u00fe\u00e1 um skipulega \u00farkomu. \u00deessi <span class=\"iwg-fachbegriff\" data-tooltip=\"\u00c1kve\u00f0in, endurtekin tr\u00faarleg ath\u00f6fn.\" tabindex=\"0\">r\u00edtus<\/span> er tr\u00fafr\u00e6\u00f0ilega l\u00fdsanlegur sem framkv\u00e6md, \u00e1n \u00feess a\u00f0 gefin s\u00e9u nokkur lofor\u00f0 um verkun.<\/p><p>Fr\u00e1 utana\u00f0komandi \u00fej\u00f3\u00f0fr\u00e6\u00f0ilegu sj\u00f3narhorni eru \u00feessar athafnir reglur sem m\u00f3ta daglegt l\u00edf og birta hina sameiginlegu \u00e1byrg\u00f0 \u00e1 landinu (Country, \u00ed skilningi Deborah Bird Rose).<\/p>\t\t\t\t\t\t\t\t<\/div>\n\t\t\t\t<\/div>\n\t\t\t\t\t<\/div>\n\t\t\t\t<\/div>\n\t\t<div class=\"elementor-element elementor-element-iwgw-wandjina-s6 e-flex e-con-boxed e-con e-parent\" data-id=\"iwgw-wandjina-s6\" data-element_type=\"container\" data-e-type=\"container\">\n\t\t\t\t\t<div class=\"e-con-inner\">\n\t\t\t\t<div class=\"elementor-element elementor-element-iwgw-wandjina-s6h elementor-widget elementor-widget-heading\" data-id=\"iwgw-wandjina-s6h\" data-element_type=\"widget\" data-e-type=\"widget\" data-widget_type=\"heading.default\">\n\t\t\t\t\t<h2 class=\"elementor-heading-title elementor-size-default\">Hli\u00f0st\u00e6\u00f0ur \u00ed \u00f6\u00f0rum menningarheimum<\/h2>\t\t\t\t<\/div>\n\t\t<div class=\"elementor-element elementor-element-iwgw-wandjina-s6c e-con-full e-flex e-con e-child\" data-id=\"iwgw-wandjina-s6c\" data-element_type=\"container\" data-e-type=\"container\">\n\t\t\t\t<div class=\"elementor-element elementor-element-iwgw-wandjina-s6t elementor-widget elementor-widget-text-editor\" data-id=\"iwgw-wandjina-s6t\" data-element_type=\"widget\" data-e-type=\"widget\" data-widget_type=\"text-editor.default\">\n\t\t\t\t\t\t\t\t\t<p>Wesen sem tengjast sk\u00fdjum og regni \u00ed sk\u00f6punars\u00f6gum eru v\u00ed\u00f0a sta\u00f0fest \u00ed tr\u00faarbrag\u00f0afyrirb\u00e6rafr\u00e6\u00f0i. Byggingarlega samb\u00e6rileg eru: Tlaloc og Chac \u00ed Mes\u00f3amer\u00edku; Indra \u00ed regnhlutverki s\u00ednu \u00e1 Indlandi; Baal \u00ed forns\u00fdrlenskri tr\u00fa; \u00ed P\u00f3l\u00fdnes\u00edu T\u0101whirim\u0101tea; \u00ed Andesfj\u00f6llum \u00fdmsir Apus me\u00f0 ve\u00f0urm\u00e1tt.<\/p><p>\u00der\u00e1tt fyrir \u00feessar hli\u00f0st\u00e6\u00f0ur eru Wandjina tr\u00faars\u00f6gulega einst\u00f6k vegna sameiginlegs fj\u00f6lda \u00feeirra, sj\u00e1lfst\u00e6\u00f0rar myndhef\u00f0ar sinnar (munnleysis) og fullkominnar sam\u00fe\u00e6ttingar vi\u00f0 s\u00e9rt\u00e6ka landfr\u00e6\u00f0ilega framkv\u00e6md. \u00deau eru ekki \u201eregngu\u00f0\u201c, heldur sk\u00fdjaverur sem eru samt\u00edmis land og ve\u00f0ur.<\/p><p>\u00c1hugavert fr\u00e1 tr\u00faarbrag\u00f0afyrirb\u00e6rafr\u00e6\u00f0ilegu sj\u00f3narhorni er a\u00f0 munnleysi Wandjina fylgir sk\u00fdrri go\u00f0s\u00f6gulegri r\u00f6ksemd: Wandjina me\u00f0 munn myndi valda fl\u00f3\u00f0bylgju. Sl\u00edk sj\u00e1lfv\u00edsandi mynd-<span class=\"iwg-fachbegriff\" data-tooltip=\"Fr\u00e6\u00f0ileg kenning um gu\u00f0 og tr\u00fa innan tiltekinnar tr\u00faarbrag\u00f0a.\" tabindex=\"0\">gu\u00f0fr\u00e6\u00f0i<\/span> er s\u00f6guleg f\u00e1g\u00e6ti.<\/p>\t\t\t\t\t\t\t\t<\/div>\n\t\t\t\t<\/div>\n\t\t\t\t\t<\/div>\n\t\t\t\t<\/div>\n\t\t<div class=\"elementor-element elementor-element-iwgw-wandjina-s7 e-flex e-con-boxed e-con e-parent\" data-id=\"iwgw-wandjina-s7\" data-element_type=\"container\" data-e-type=\"container\">\n\t\t\t\t\t<div class=\"e-con-inner\">\n\t\t\t\t<div class=\"elementor-element elementor-element-iwgw-wandjina-s7h elementor-widget elementor-widget-heading\" data-id=\"iwgw-wandjina-s7h\" data-element_type=\"widget\" data-e-type=\"widget\" data-widget_type=\"heading.default\">\n\t\t\t\t\t<h2 class=\"elementor-heading-title elementor-size-default\">N\u00fat\u00edmavi\u00f0t\u00f6kur og ranns\u00f3knir<\/h2>\t\t\t\t<\/div>\n\t\t<div class=\"elementor-element elementor-element-iwgw-wandjina-s7c e-con-full e-flex e-con e-child\" data-id=\"iwgw-wandjina-s7c\" data-element_type=\"container\" data-e-type=\"container\">\n\t\t\t\t<div class=\"elementor-element elementor-element-iwgw-wandjina-s7t elementor-widget elementor-widget-text-editor\" data-id=\"iwgw-wandjina-s7t\" data-element_type=\"widget\" data-e-type=\"widget\" data-widget_type=\"text-editor.default\">\n\t\t\t\t\t\t\t\t\t<p>Mikilv\u00e6gustu frumverkin eru fer\u00f0asaga George Grey (1841), b\u00f3k Andreas Lommel <em>Die Unambal<\/em> (1952), b\u00f3k Helmut Petri <em>Sterbende Welt in Nordwest-Australien<\/em> (1954) og b\u00f3k Ian Crawford <em>The Art of the Wandjina<\/em> (Oxford 1968). N\u00fdlegri verk Anthony Redmond b\u00e6ta \u00feessa eldri hef\u00f0.<\/p><p>Wandjina eru \u00ed dag \u00feekkt \u00e1 heimsv\u00edsu \u00ed gegnum listasamt\u00f6kin Mowanjum og \u00e1rlegu Mowanjum-h\u00e1t\u00ed\u00f0ina \u00ed Derby, sem sameinar \u00ferj\u00e1 \u00e6ttb\u00e1lkah\u00f3pana. V\u00edsindalega er \u00feessi samvinna athyglisver\u00f0, \u00fear sem h\u00fan tengir saman hef\u00f0bundna framkv\u00e6md og n\u00fat\u00edmalega marka\u00f0ssetningu \u00e1n \u00feess a\u00f0 f\u00f3rna tr\u00faarlegu innihaldi.<\/p><p>Mikilv\u00e6g samt\u00edmaranns\u00f3knarl\u00edna tengir Wandjina-hef\u00f0ina vi\u00f0 landr\u00e9ttarm\u00e1l eftir Mabo-d\u00f3msni\u00f0urst\u00f6\u00f0una 1992. Tr\u00faarleg \u00fe\u00fd\u00f0ing Wandjina-bergmyndanna hefur h\u00e9r or\u00f0i\u00f0 a\u00f0 l\u00f6gfr\u00e6\u00f0ilegri r\u00f6ksemd.<\/p>\t\t\t\t\t\t\t\t<\/div>\n\t\t\t\t<\/div>\n\t\t\t\t\t<\/div>\n\t\t\t\t<\/div>\n\t\t<div class=\"elementor-element elementor-element-iwgw-wandjina-s8 e-flex e-con-boxed e-con e-parent\" data-id=\"iwgw-wandjina-s8\" data-element_type=\"container\" data-e-type=\"container\">\n\t\t\t\t\t<div class=\"e-con-inner\">\n\t\t\t\t<div class=\"elementor-element elementor-element-iwgw-wandjina-s8h elementor-widget elementor-widget-heading\" data-id=\"iwgw-wandjina-s8h\" data-element_type=\"widget\" data-e-type=\"widget\" data-widget_type=\"heading.default\">\n\t\t\t\t\t<h2 class=\"elementor-heading-title elementor-size-default\">Ranns\u00f3knarumr\u00e6\u00f0ur og opnar spurningar<\/h2>\t\t\t\t<\/div>\n\t\t<div class=\"elementor-element elementor-element-iwgw-wandjina-s8c e-con-full e-flex e-con e-child\" data-id=\"iwgw-wandjina-s8c\" data-element_type=\"container\" data-e-type=\"container\">\n\t\t\t\t<div class=\"elementor-element elementor-element-iwgw-wandjina-s8t elementor-widget elementor-widget-text-editor\" data-id=\"iwgw-wandjina-s8t\" data-element_type=\"widget\" data-e-type=\"widget\" data-widget_type=\"text-editor.default\">\n\t\t\t\t\t\t\t\t\t<p>Nokkrar ranns\u00f3knarumr\u00e6\u00f0ur sn\u00faast um Wandjina. \u00cd fyrsta lagi: Hvert er samband Wandjina vi\u00f0 eldri Gwion-Gwion bergmyndir? Eldri kenning (Lommel) s\u00e1 \u00ed Gwion-Gwion fyrirrennarahef\u00f0; n\u00fdrri ranns\u00f3knir (Crawford, Crocombe) eru vark\u00e1rari h\u00e9r.<\/p><p>\u00cd \u00f6\u00f0ru lagi: Hva\u00f0a tengsl eru \u00e1 milli Wandjina og hinnar alt\u00e6ku frumbyggjahef\u00f0ar um Regnbogasl\u00f6nguna (Rainbow Serpent)? Anthony Redmond leggur til hlutasam\u00fe\u00e6ttingu; Tony Swain varar vi\u00f0 alt\u00e6kum kenningum um sameiginlega frumbyggjahef\u00f0.<\/p><p>\u00cd \u00feri\u00f0ja lagi: Hvernig breytist Wandjina-hef\u00f0in vegna hins hnattr\u00e6na listamarka\u00f0ar? Hugtak Howard Morphy um \u201eBecoming Art\u201c er h\u00e9r mikilv\u00e6g fr\u00e6\u00f0ileg tilv\u00edsun.<\/p>\t\t\t\t\t\t\t\t<\/div>\n\t\t\t\t<\/div>\n\t\t\t\t\t<\/div>\n\t\t\t\t<\/div>\n\t\t<div class=\"elementor-element elementor-element-iwgw-wandjina-s9 e-flex e-con-boxed e-con e-parent\" data-id=\"iwgw-wandjina-s9\" data-element_type=\"container\" data-e-type=\"container\">\n\t\t\t\t\t<div class=\"e-con-inner\">\n\t\t\t\t<div class=\"elementor-element elementor-element-iwgw-wandjina-s9h elementor-widget elementor-widget-heading\" data-id=\"iwgw-wandjina-s9h\" data-element_type=\"widget\" data-e-type=\"widget\" data-widget_type=\"heading.default\">\n\t\t\t\t\t<h2 class=\"elementor-heading-title elementor-size-default\">Endurm\u00e1lun og tr\u00faarleg endurn\u00fdjun<\/h2>\t\t\t\t<\/div>\n\t\t<div class=\"elementor-element elementor-element-iwgw-wandjina-s9c e-con-full e-flex e-con e-child\" data-id=\"iwgw-wandjina-s9c\" data-element_type=\"container\" data-e-type=\"container\">\n\t\t\t\t<div class=\"elementor-element elementor-element-iwgw-wandjina-s9t elementor-widget elementor-widget-text-editor\" data-id=\"iwgw-wandjina-s9t\" data-element_type=\"widget\" data-e-type=\"widget\" data-widget_type=\"text-editor.default\">\n\t\t\t\t\t\t\t\t\t<p>Endurm\u00e1lunar-<span class=\"iwg-fachbegriff\" data-tooltip=\"Skipul\u00f6g\u00f0 atbur\u00f0ar\u00f6\u00f0 t\u00e1knger\u00f0ra athafna me\u00f0 tr\u00faarlegri e\u00f0a menningarlegri \u00fe\u00fd\u00f0ingu.\" tabindex=\"0\">helgisi\u00f0urinn<\/span> sem tr\u00faarleg framkv\u00e6md ver\u00f0skuldar s\u00e9rstaka umfj\u00f6llun. Helgisi\u00f0abundin endurn\u00fdjun bergmyndanna hefur tv\u00f6falt hlutverk: l\u00edkamlega heldur h\u00fan myndunum s\u00fdnilegum um \u00e1r\u00fe\u00fasundir, tr\u00faarlega heldur h\u00fan Wandjina \u201evakandi\u201c og \u00ed tengslum vi\u00f0 lifandi samf\u00e9lagi\u00f0.<\/p><p>Ranns\u00f3knir litu lengi \u00e1 endurm\u00e1lunina sem einfalda var\u00f0veislu; ekki fyrr en \u00e1 1990. \u00e1ratugnum, s\u00e9rstaklega \u00ed gegnum verk Anthony Redmond, var h\u00fan vi\u00f0urkennd sem \u00f3a\u00f0skiljanlegur hluti tr\u00faarlegrar framkv\u00e6mdar. \u00deessi vi\u00f0urkenning hefur aflei\u00f0ingar fyrir \u00fea\u00f0 hvernig vestr\u00e6nir var\u00f0veislus\u00e9rfr\u00e6\u00f0ingar me\u00f0h\u00f6ndla bergmyndirnar: S\u00e9 endurm\u00e1luninni komi\u00f0 \u00ed veg fyrir, \u201edey\u00f0a\u201c menn Wandjina \u00ed hef\u00f0bundnum skilningi.<\/p><p>Tr\u00faarbrag\u00f0afyrirb\u00e6rafr\u00e6\u00f0ilega s\u00e9\u00f0 er endurm\u00e1lunin d\u00e6mi um \u201elifandi tr\u00faarlegan efnisheim\u201c: Tr\u00faarlegir hlutir eru ekki bara merkingarb\u00e6rar en \u00f3virkar leifar, heldur virkir gerendur sem haldi\u00f0 er \u00e1 l\u00edfi me\u00f0 helgisi\u00f0abundinni ath\u00f6fn.<\/p>\t\t\t\t\t\t\t\t<\/div>\n\t\t\t\t<\/div>\n\t\t\t\t\t<\/div>\n\t\t\t\t<\/div>\n\t\t<div class=\"elementor-element elementor-element-iwgw-wandjina-s10 e-flex e-con-boxed e-con e-parent\" data-id=\"iwgw-wandjina-s10\" data-element_type=\"container\" data-e-type=\"container\">\n\t\t\t\t\t<div class=\"e-con-inner\">\n\t\t\t\t<div class=\"elementor-element elementor-element-iwgw-wandjina-s10h elementor-widget elementor-widget-heading\" data-id=\"iwgw-wandjina-s10h\" data-element_type=\"widget\" data-e-type=\"widget\" data-widget_type=\"heading.default\">\n\t\t\t\t\t<h2 class=\"elementor-heading-title elementor-size-default\">Wandjina og landr\u00e9ttindi frumbyggja<\/h2>\t\t\t\t<\/div>\n\t\t<div class=\"elementor-element elementor-element-iwgw-wandjina-s10c e-con-full e-flex e-con e-child\" data-id=\"iwgw-wandjina-s10c\" data-element_type=\"container\" data-e-type=\"container\">\n\t\t\t\t<div class=\"elementor-element elementor-element-iwgw-wandjina-s10t elementor-widget elementor-widget-text-editor\" data-id=\"iwgw-wandjina-s10t\" data-element_type=\"widget\" data-e-type=\"widget\" data-widget_type=\"text-editor.default\">\n\t\t\t\t\t\t\t\t\t<p>N\u00fdleg ranns\u00f3knarsj\u00f3narhorn tengja Wandjina vi\u00f0 \u00e1stralska landr\u00e9ttarferla. Fr\u00e1 Mabo-d\u00f3msni\u00f0urst\u00f6\u00f0unni 1992 og hinum eftirfarandi Native Title Act 1993 geta frumbyggjah\u00f3par gert landkr\u00f6fur \u00e1 grundvelli hef\u00f0bundinna tengsla. Wandjina-bergmyndirnar hafa \u00ed \u00fev\u00ed samhengi or\u00f0i\u00f0 a\u00f0 l\u00f6gfr\u00e6\u00f0ilegri r\u00f6ksemd.<\/p><p>Nokkur Wandjina-tengd landr\u00e9ttarm\u00e1l hafa veri\u00f0 leidd til fars\u00e6llar ni\u00f0urst\u00f6\u00f0u; Worora-, Ngarinyin- og Wunambal-h\u00f3parnir hafa \u00ed dag umtalsver\u00f0 landr\u00e9ttindi \u00e1 Kimberley-sv\u00e6\u00f0inu. Anthony Redmond hefur \u00ed m\u00f6rgum greinum l\u00fdst tr\u00faarlegri og lagalegri \u00fe\u00fd\u00f0ingu \u00feessara ferla.<\/p><p>Fr\u00e1 tr\u00faarbrag\u00f0af\u00e9lagsfr\u00e6\u00f0ilegu sj\u00f3narhorni er \u00feessi tenging kennslub\u00f3kard\u00e6mi: Tr\u00fa ver\u00f0ur a\u00f0 lagalega virkri flokkun, \u00e1n \u00feess a\u00f0 afsala s\u00e9r tr\u00faarlegu e\u00f0li s\u00ednu. \u00deessi samtvinnun er mikilv\u00e6g fyrir samt\u00edmaranns\u00f3knir \u00e1 frumbyggjum.<\/p>\t\t\t\t\t\t\t\t<\/div>\n\t\t\t\t<\/div>\n\t\t\t\t\t<\/div>\n\t\t\t\t<\/div>\n\t\t<div class=\"elementor-element elementor-element-iwgw-wandjina-s11 e-flex e-con-boxed e-con e-parent\" data-id=\"iwgw-wandjina-s11\" data-element_type=\"container\" data-e-type=\"container\">\n\t\t\t\t\t<div class=\"e-con-inner\">\n\t\t\t\t<div class=\"elementor-element elementor-element-iwgw-wandjina-s11h elementor-widget elementor-widget-heading\" data-id=\"iwgw-wandjina-s11h\" data-element_type=\"widget\" data-e-type=\"widget\" data-widget_type=\"heading.default\">\n\t\t\t\t\t<h2 class=\"elementor-heading-title elementor-size-default\">A\u00f0fer\u00f0afr\u00e6\u00f0ileg umr\u00e6\u00f0a og heimildir<\/h2>\t\t\t\t<\/div>\n\t\t<div class=\"elementor-element elementor-element-iwgw-wandjina-s11c e-con-full e-flex e-con e-child\" data-id=\"iwgw-wandjina-s11c\" data-element_type=\"container\" data-e-type=\"container\">\n\t\t\t\t<div class=\"elementor-element elementor-element-iwgw-wandjina-s11t elementor-widget elementor-widget-text-editor\" data-id=\"iwgw-wandjina-s11t\" data-element_type=\"widget\" data-e-type=\"widget\" data-widget_type=\"text-editor.default\">\n\t\t\t\t\t\t\t\t\t<p>\u00cd ranns\u00f3knum \u00e1 Wandjina koma upp nokkur a\u00f0fer\u00f0afr\u00e6\u00f0ileg vandam\u00e1l. \u00cd fyrsta lagi eru mikilv\u00e6gustu fyrstu heimildirnar (George Grey, Andreas Lommel) m\u00f3ta\u00f0ar af n\u00fdlenduford\u00f3mum; taka \u00fearf fullyr\u00f0ingar \u00feeirra me\u00f0 gagnr\u00fdnum huga. <em>The Art of the Wandjina<\/em> (1968) eftir Ian Crawford er h\u00e9r a\u00f0fer\u00f0afr\u00e6\u00f0ileg t\u00edmam\u00f3taverk.<\/p><p>\u00cd \u00f6\u00f0ru lagi er mikil vitneskja um Wandjina \u201etakm\u00f6rku\u00f0\u201c og m\u00e1 ekki gera opinberlega a\u00f0gengilega. Samt\u00edmaranns\u00f3knir fylgja si\u00f0fer\u00f0i \u201euppl\u00fdsts sam\u00feykkis\u201c: \u00dea\u00f0 sem birt er, gerist \u00ed samr\u00e1\u00f0i vi\u00f0 hef\u00f0bundna eigendur. \u00deessi framkv\u00e6md hefur veri\u00f0 sta\u00f0alb\u00fana\u00f0ur fr\u00e1 1990. \u00e1ratugnum.<\/p><p>\u00cd \u00feri\u00f0ja lagi er sj\u00e1lfsframsetning Wandjina af h\u00e1lfu frumbyggjafr\u00e6\u00f0imanna, listamanna og a\u00f0ger\u00f0asinna eigin heimildastig. Donny Woolagoodja, Mark Crocombe og a\u00f0rar samt\u00edmaraddir fr\u00e1 Mowanjum-samt\u00f6kunum b\u00e6ta vi\u00f0 hi\u00f0 fr\u00e6\u00f0ilega utana\u00f0komandi sj\u00f3narhorn.<\/p><p>V\u00ed\u00f0t\u00e6kari fr\u00e6\u00f0ileg sta\u00f0setning Wandjina innan samhengis frumbyggjatr\u00faar nor\u00f0vestur-\u00c1stral\u00edu er a\u00f0 finna \u00e1 mi\u00f0st\u00f6\u00f0inni <a href=\"https:\/\/iwell-guard.com\/is\/aboriginal-astralia-draumtid-tjukurpa-verndargripir\/\">Frumbyggjahef\u00f0<\/a>. \u00dear m\u00e1 finna krosstengingar vi\u00f0 n\u00e1i\u00f0 tengda pers\u00f3nuhringi: hinni sl\u00f6ngukyns <a href=\"https:\/\/iwell-guard.com\/is\/?page_id=168989\">Regnbogasl\u00f6ngu<\/a> (Rainbow Serpent), eldingarpers\u00f3nugervingunni <a href=\"https:\/\/iwell-guard.com\/is\/?page_id=168998\">Namarrkon<\/a> og hinum \u00feunnstriku\u00f0u skuggav\u00e6ttum <a href=\"https:\/\/iwell-guard.com\/is\/?page_id=168995\">Mimi-\u00f6ndunum<\/a>.<\/p>\t\t\t\t\t\t\t\t<\/div>\n\t\t\t\t<\/div>\n\t\t\t\t\t<\/div>\n\t\t\t\t<\/div>\n\t\t<div class=\"elementor-element elementor-element-iwgw-wandjina-s12 e-flex e-con-boxed e-con e-parent\" data-id=\"iwgw-wandjina-s12\" data-element_type=\"container\" data-e-type=\"container\">\n\t\t\t\t\t<div class=\"e-con-inner\">\n\t\t\t\t<div class=\"elementor-element elementor-element-iwgw-wandjina-s12h elementor-widget elementor-widget-heading\" data-id=\"iwgw-wandjina-s12h\" data-element_type=\"widget\" data-e-type=\"widget\" data-widget_type=\"heading.default\">\n\t\t\t\t\t<h2 class=\"elementor-heading-title elementor-size-default\">Wandjina og Mowanjum-samst\u00e6\u00f0an<\/h2>\t\t\t\t<\/div>\n\t\t<div class=\"elementor-element elementor-element-iwgw-wandjina-s12c e-con-full e-flex e-con e-child\" data-id=\"iwgw-wandjina-s12c\" data-element_type=\"container\" data-e-type=\"container\">\n\t\t\t\t<div class=\"elementor-element elementor-element-iwgw-wandjina-s12t elementor-widget elementor-widget-text-editor\" data-id=\"iwgw-wandjina-s12t\" data-element_type=\"widget\" data-e-type=\"widget\" data-widget_type=\"text-editor.default\">\n\t\t\t\t\t\t\t\t\t<p>S\u00e9rstakt tilefni til n\u00e1nari sko\u00f0unar er Mowanjum-listamannasamf\u00e9lagi\u00f0 \u00ed Derby, Vestur-\u00c1stral\u00edu. Mowanjum (stofna\u00f0 1973) eru samt\u00f6k Worora-, Ngarinyin- og Wunambal-samf\u00e9laganna. \u00deau r\u00e6kta Wandjina-hef\u00f0ina \u00ed gegnum list, fr\u00e6\u00f0slu og h\u00e1t\u00ed\u00f0armenningu.<\/p><p>\u00c1rlega Mowanjum-h\u00e1t\u00ed\u00f0in, sem haldin hefur veri\u00f0 fr\u00e1 1997, er ein mikilv\u00e6gasta h\u00e1t\u00ed\u00f0 frumbyggjamenningar \u00ed \u00c1stral\u00edu. H\u00fan tengir saman \u00feessa \u00ferj\u00e1 \u00e6ttb\u00e1lkah\u00f3pa \u00ed sameiginlegum dansi, s\u00f6ng og \u00e1kalli \u00e1 Wandjina.<\/p><p>Tr\u00faarf\u00e9lagsfr\u00e6\u00f0ilega er Mowanjum kennslub\u00f3kard\u00e6mi um samt\u00edmaskipulagningu frumbyggja. Tr\u00faarhef\u00f0, efnahagslegt sj\u00e1lfb\u00e6rni og p\u00f3lit\u00edsk framsetning eru h\u00e9r samofin \u00ed heildst\u00e6\u00f0ri uppbyggingu.<\/p>\t\t\t\t\t\t\t\t<\/div>\n\t\t\t\t<\/div>\n\t\t\t\t\t<\/div>\n\t\t\t\t<\/div>\n\t\t<div class=\"elementor-element elementor-element-iwgw-wandjina-s13 e-flex e-con-boxed e-con e-parent\" data-id=\"iwgw-wandjina-s13\" data-element_type=\"container\" data-e-type=\"container\">\n\t\t\t\t\t<div class=\"e-con-inner\">\n\t\t\t\t<div class=\"elementor-element elementor-element-iwgw-wandjina-s13h elementor-widget elementor-widget-heading\" data-id=\"iwgw-wandjina-s13h\" data-element_type=\"widget\" data-e-type=\"widget\" data-widget_type=\"heading.default\">\n\t\t\t\t\t<h2 class=\"elementor-heading-title elementor-size-default\">Wandjina og hinn hnattr\u00e6ni listmarka\u00f0ur<\/h2>\t\t\t\t<\/div>\n\t\t<div class=\"elementor-element elementor-element-iwgw-wandjina-s13c e-con-full e-flex e-con e-child\" data-id=\"iwgw-wandjina-s13c\" data-element_type=\"container\" data-e-type=\"container\">\n\t\t\t\t<div class=\"elementor-element elementor-element-iwgw-wandjina-s13t elementor-widget elementor-widget-text-editor\" data-id=\"iwgw-wandjina-s13t\" data-element_type=\"widget\" data-e-type=\"widget\" data-widget_type=\"text-editor.default\">\n\t\t\t\t\t\t\t\t\t<p>S\u00e9rst\u00f6k ranns\u00f3knarstefna fjallar um st\u00f6\u00f0u Wandjina-listar \u00e1 hnattr\u00e6num listmarka\u00f0i. Fr\u00e1 1980. \u00e1ratugnum hafa verk me\u00f0 Wandjina-tengingu veri\u00f0 s\u00fdnd og seld \u00e1 al\u00fej\u00f3\u00f0avettvangi; nokkur n\u00e1 h\u00e1u ver\u00f0i.<\/p><p>\u00deessi vi\u00f0skiptalega n\u00fdting er tr\u00faarf\u00e9lagsfr\u00e6\u00f0ilega tv\u00edbent. Annars vegar tryggir h\u00fan efnahagslega afkomu frumbyggjasamf\u00e9laganna; hins vegar breytir h\u00fan leyndum tr\u00faarlegum efnis\u00fe\u00e1ttum \u00ed marka\u00f0sv\u00f6ru. Mowanjum-samt\u00f6kin hafa \u00fer\u00f3a\u00f0 a\u00f0fer\u00f0ir til a\u00f0 takast \u00e1 vi\u00f0 \u00feessa spennu, me\u00f0al annars me\u00f0 vottu\u00f0um \u201eland Wandjina\u201c-merkingum.<\/p><p>Anthony Redmond hefur \u00ed nokkrum greinum r\u00e6tt si\u00f0fer\u00f0ilegar aflei\u00f0ingar \u00feessarar listmarka\u00f0ssetningar. Verk hans eru a\u00f0fer\u00f0afr\u00e6\u00f0ilega lei\u00f0andi fyrir samt\u00edma \u00fej\u00f3\u00f0fr\u00e6\u00f0i frumbyggjalistar.<\/p>\t\t\t\t\t\t\t\t<\/div>\n\t\t\t\t<\/div>\n\t\t\t\t\t<\/div>\n\t\t\t\t<\/div>\n\t\t<div class=\"elementor-element elementor-element-iwgw-wandjina-s14 e-flex e-con-boxed e-con e-parent\" data-id=\"iwgw-wandjina-s14\" data-element_type=\"container\" data-e-type=\"container\">\n\t\t\t\t\t<div class=\"e-con-inner\">\n\t\t\t\t<div class=\"elementor-element elementor-element-iwgw-wandjina-s14h elementor-widget elementor-widget-heading\" data-id=\"iwgw-wandjina-s14h\" data-element_type=\"widget\" data-e-type=\"widget\" data-widget_type=\"heading.default\">\n\t\t\t\t\t<h2 class=\"elementor-heading-title elementor-size-default\">Wandjina-bergmyndir \u00ed Native-Title-m\u00e1lum<\/h2>\t\t\t\t<\/div>\n\t\t<div class=\"elementor-element elementor-element-iwgw-wandjina-s14c e-con-full e-flex e-con e-child\" data-id=\"iwgw-wandjina-s14c\" data-element_type=\"container\" data-e-type=\"container\">\n\t\t\t\t<div class=\"elementor-element elementor-element-iwgw-wandjina-s14t elementor-widget elementor-widget-text-editor\" data-id=\"iwgw-wandjina-s14t\" data-element_type=\"widget\" data-e-type=\"widget\" data-widget_type=\"text-editor.default\">\n\t\t\t\t\t\t\t\t\t<p>Fr\u00e1 Mabo-d\u00f3mi \u00e1stralska h\u00e6star\u00e9ttarins 1992 geta frumbyggjah\u00f3par s\u00f3tt landr\u00e9tt \u00e1 grundvelli hef\u00f0bundinna tengsla. Wandjina-bergmyndirnar hafa \u00fear me\u00f0 or\u00f0i\u00f0 l\u00f6gfr\u00e6\u00f0ilegt r\u00f6kstu\u00f0ningsatri\u00f0i, \u00fe\u00e6r eru s\u00fdnileg vitnisbur\u00f0ur um samfellda tengingu vi\u00f0 landi\u00f0.<\/p><p>Fj\u00f6ldi landr\u00e9ttam\u00e1la me\u00f0 tengingu vi\u00f0 Wandjina hefur n\u00fa veri\u00f0 leidd til fars\u00e6lla lausna; Worora, Ngarinyin og Wunambal hafa fengi\u00f0 v\u00ed\u00f0t\u00e6k landr\u00e9ttindi \u00e1 Kimberley-sv\u00e6\u00f0inu. Anthony Redmond hefur l\u00fdst tr\u00faarlegum og lagalegum v\u00edddum \u00feessara ferla \u00ed sm\u00e1atri\u00f0um.<\/p><p>Tr\u00faarf\u00e9lagsfr\u00e6\u00f0ilega s\u00fdnir \u00feetta d\u00e6mi hvernig tr\u00fa getur or\u00f0i\u00f0 lagalega gildur flokkur \u00e1n \u00feess a\u00f0 tapa tr\u00faarlegu innihaldi s\u00ednu. Fyrir samt\u00edma \u00e1stralska r\u00e9ttarframkv\u00e6md er \u00feetta n\u00fdbreytni sem hefur \u00e1hrif langt \u00fat fyrir Wandjina-sv\u00e6\u00f0i\u00f0.<\/p>\t\t\t\t\t\t\t\t<\/div>\n\t\t\t\t<\/div>\n\t\t\t\t\t<\/div>\n\t\t\t\t<\/div>\n\t\t<div class=\"elementor-element elementor-element-iwgw-wandjina-s15 e-flex e-con-boxed e-con e-parent\" data-id=\"iwgw-wandjina-s15\" data-element_type=\"container\" data-e-type=\"container\">\n\t\t\t\t\t<div class=\"e-con-inner\">\n\t\t\t\t<div class=\"elementor-element elementor-element-iwgw-wandjina-s15h elementor-widget elementor-widget-heading\" data-id=\"iwgw-wandjina-s15h\" data-element_type=\"widget\" data-e-type=\"widget\" data-widget_type=\"heading.default\">\n\t\t\t\t\t<h2 class=\"elementor-heading-title elementor-size-default\">A\u00f0fer\u00f0afr\u00e6\u00f0ileg \u00edgrundun og ranns\u00f3knasi\u00f0fr\u00e6\u00f0i<\/h2>\t\t\t\t<\/div>\n\t\t<div class=\"elementor-element elementor-element-iwgw-wandjina-s15c e-con-full e-flex e-con e-child\" data-id=\"iwgw-wandjina-s15c\" data-element_type=\"container\" data-e-type=\"container\">\n\t\t\t\t<div class=\"elementor-element elementor-element-iwgw-wandjina-s15t elementor-widget elementor-widget-text-editor\" data-id=\"iwgw-wandjina-s15t\" data-element_type=\"widget\" data-e-type=\"widget\" data-widget_type=\"text-editor.default\">\n\t\t\t\t\t\t\t\t\t<p>Samt\u00edmaranns\u00f3knir \u00e1 Wandjina fylgja str\u00f6ngu ranns\u00f3knasi\u00f0fer\u00f0i. Fr\u00e1 1990. \u00e1ratugnum hefur \u201euppl\u00fdst sam\u00feykki\u201c veri\u00f0 sta\u00f0alb\u00fana\u00f0ur: Fr\u00e6\u00f0ileg verk eru samr\u00e6md vi\u00f0 hef\u00f0bundna eigendur, vi\u00f0kv\u00e6mt efni er ekki birt og h\u00f6fundarr\u00e9ttur frumbyggja er vi\u00f0urkenndur.<\/p><p>Anthony Redmond er h\u00e9r s\u00e9rstaklega a\u00f0fer\u00f0afr\u00e6\u00f0ilega lei\u00f0andi. Verk hans eru fyrirmynd samvinnu\u00fej\u00f3\u00f0fr\u00e6\u00f0i sem sameinar fr\u00e6\u00f0ileg vi\u00f0mi\u00f0 og menningarlega n\u00e6mni. A\u00f0rir fr\u00e6\u00f0imenn (Howard Morphy, Mark Crocombe) fylgja svipu\u00f0um vi\u00f0mi\u00f0um.<\/p><p>\u00deessi si\u00f0fr\u00e6\u00f0i verndar ekki a\u00f0eins tr\u00faarlegt innihald heldur einnig g\u00e6\u00f0i fr\u00e6\u00f0ilegra ranns\u00f3kna. H\u00fan kemur \u00ed veg fyrir \u00fe\u00e6r bjaganir sem oft voru til sta\u00f0ar \u00ed eldri n\u00fdlendu\u00fej\u00f3\u00f0fr\u00e6\u00f0i og gerir kleift n\u00e1kv\u00e6mari skilning \u00e1 Wandjina-hef\u00f0inni.<\/p>\t\t\t\t\t\t\t\t<\/div>\n\t\t\t\t<\/div>\n\t\t\t\t\t<\/div>\n\t\t\t\t<\/div>\n\t\t<div class=\"elementor-element elementor-element-iwgw-wandjina-s16 e-flex e-con-boxed e-con e-parent\" data-id=\"iwgw-wandjina-s16\" data-element_type=\"container\" data-e-type=\"container\">\n\t\t\t\t\t<div class=\"e-con-inner\">\n\t\t\t\t<div class=\"elementor-element elementor-element-iwgw-wandjina-s16h elementor-widget elementor-widget-heading\" data-id=\"iwgw-wandjina-s16h\" data-element_type=\"widget\" data-e-type=\"widget\" data-widget_type=\"heading.default\">\n\t\t\t\t\t<h2 class=\"elementor-heading-title elementor-size-default\">Endurm\u00e1lun Wandjina og var\u00f0veisluumr\u00e6\u00f0ur<\/h2>\t\t\t\t<\/div>\n\t\t<div class=\"elementor-element elementor-element-iwgw-wandjina-s16c e-con-full e-flex e-con e-child\" data-id=\"iwgw-wandjina-s16c\" data-element_type=\"container\" data-e-type=\"container\">\n\t\t\t\t<div class=\"elementor-element elementor-element-iwgw-wandjina-s16t elementor-widget elementor-widget-text-editor\" data-id=\"iwgw-wandjina-s16t\" data-element_type=\"widget\" data-e-type=\"widget\" data-widget_type=\"text-editor.default\">\n\t\t\t\t\t\t\t\t\t<p>S\u00e9rst\u00f6k umr\u00e6\u00f0a sn\u00fdst um endurm\u00e1lun Wandjina-bergmyndanna. Vestr\u00e6nir var\u00f0veislusinnar hafa lengi liti\u00f0 \u00e1 yfirm\u00e1lun hef\u00f0bundinna mynda sem \u201eskemmdarverk\u201c; fr\u00e1 sj\u00f3narhorni frumbyggja er endurm\u00e1lunin \u00fe\u00f3 hluti af tr\u00faarlegri i\u00f0kun.<\/p><p>\u00c1 1990. \u00e1ratugnum kom \u00feessi spenna fram me\u00f0 sk\u00fdrum h\u00e6tti \u00ed deilu um Wandjina-sta\u00f0inn \u201eMunja\u201c: Vestr\u00e6nu vi\u00f0ger\u00f0ar\u00e1taki var hafna\u00f0 af hef\u00f0bundnum eigendum; \u00ed sta\u00f0 \u00feess framkv\u00e6mdu \u00feeir hef\u00f0bundna endurm\u00e1lun. \u00deessi \u00e1kv\u00f6r\u00f0un var s\u00ed\u00f0ar vi\u00f0urkennd sem a\u00f0fer\u00f0afr\u00e6\u00f0ilega lei\u00f0andi.<\/p><p>\u00cd dag fylgir var\u00f0veisla Wandjina-sta\u00f0a hef\u00f0bundnum reglum. Vestr\u00e6nir v\u00edsindamenn vinna me\u00f0 hef\u00f0bundnum eigendum; endurm\u00e1lunin er virt sem tr\u00faarleg i\u00f0kun. \u00deessi samvinna er fyrirmynd fyrir svipa\u00f0ar a\u00f0st\u00e6\u00f0ur v\u00ed\u00f0a um heim.<\/p>\t\t\t\t\t\t\t\t<\/div>\n\t\t\t\t<\/div>\n\t\t\t\t\t<\/div>\n\t\t\t\t<\/div>\n\t\t<div class=\"elementor-element elementor-element-cp2a9ffe6e e-flex e-con-boxed e-con e-parent\" data-id=\"cp2a9ffe6e\" data-element_type=\"container\" data-e-type=\"container\">\n\t\t\t\t\t<div class=\"e-con-inner\">\n\t\t\t\t<div class=\"elementor-element elementor-element-cp2550abe5 elementor-widget elementor-widget-heading\" data-id=\"cp2550abe5\" data-element_type=\"widget\" data-e-type=\"widget\" data-widget_type=\"heading.default\">\n\t\t\t\t\t<h2 class=\"elementor-heading-title elementor-size-default\">Bergmyndir Kimberley og r\u00e9tturinn til endurm\u00e1lunar<\/h2>\t\t\t\t<\/div>\n\t\t<div class=\"elementor-element elementor-element-cp241f3b16 e-flex e-con-boxed e-con e-child\" data-id=\"cp241f3b16\" data-element_type=\"container\" data-e-type=\"container\">\n\t\t\t\t\t<div class=\"e-con-inner\">\n\t\t\t\t<div class=\"elementor-element elementor-element-cp2e512e9d elementor-widget elementor-widget-text-editor\" data-id=\"cp2e512e9d\" data-element_type=\"widget\" data-e-type=\"widget\" data-widget_type=\"text-editor.default\">\n\t\t\t\t\t\t\t\t\t<p>Wandjina eru ekki a\u00f0eins pers\u00f3nur \u00ed fr\u00e1s\u00f6gnum, heldur fyrst og fremst \u00e1\u00fereifanlegt myndkerfi \u00e1 bergveggjum Kimberley-sv\u00e6\u00f0isins \u00ed nor\u00f0vesturhluta \u00c1stral\u00edu.<\/p><p>M\u00e1lverkin s\u00fdna venjulega st\u00f3r andlit me\u00f0 galopin augu, nef, en engan munn, umkringd geislalaga h\u00f6fu\u00f0b\u00fana\u00f0i sem fr\u00e6\u00f0imenn tengja a\u00f0 jafna\u00f0i sk\u00fdjum og eldingum.<\/p><p>\u00deessar myndir finnast \u00ed bergsk\u00fatum og hellum \u00e1 landsv\u00e6\u00f0um Worrorra-, Ngarinyin- og Wunambal-\u00fej\u00f3\u00f0flokkanna, sem \u00ed dag kalla sig a\u00f0 hluta Wandjina-Wunggurr-samf\u00e9l\u00f6gin.<\/p><p>Mi\u00f0l\u00e6gur <span class=\"iwg-fachbegriff\" data-tooltip=\"Hef\u00f0bundin ath\u00f6fn sem endurtekin er reglulega innan samf\u00e9lags.\" tabindex=\"0\">si\u00f0ur<\/span> fyrir skilning \u00e1 \u00feessu er hi\u00f0 helgisi\u00f0abundna endurm\u00e1lun myndanna. \u00d3l\u00edkt evr\u00f3pskum hugmyndum um \u00f3breytanlegt listaverk telur hef\u00f0 Kimberley-sv\u00e6\u00f0isins yfirm\u00e1lun og endurn\u00fdjun Wandjina-myndanna vera tr\u00faarlega skyldu.<\/p><p>R\u00e9ttb\u00e6rir einstaklingar, sem stendur \u00ed r\u00e9ttu sambandi vi\u00f0 \u00e1kve\u00f0inn sta\u00f0 og hans Wandjina, endurn\u00fdja litina svo a\u00f0 myndin, og me\u00f0 henni \u00e1hrif Wandjina, haldist lifandi. Mynd sem f\u00f6lna\u00f0i og var ekki hirt um var talin merki um r\u00f6skun \u00e1 reglu. Spurningin um hver megi endurm\u00e1la er str\u00f6ng bundin \u00e6ttartengslum, tengslum vi\u00f0 sta\u00f0inn og \u00e1framhaldi \u00feekkingar.<\/p><p>\u00deessi sami <span class=\"iwg-fachbegriff\" data-tooltip=\"Hef\u00f0bundin ath\u00f6fn sem endurtekin er reglulega innan samf\u00e9lags.\" tabindex=\"0\">si\u00f0ur<\/span> leiddi til alvarlegra \u00e1taka \u00e1 s\u00ed\u00f0ari hluta 20. aldar. \u00c1 n\u00edunda \u00e1ratugnum voru bergmyndir endurn\u00fdja\u00f0ar innan atvinnu\u00e1taksverkefna af f\u00f3lki sem, a\u00f0 mati hinna hef\u00f0bundnu eigenda, haf\u00f0i ekki r\u00e9tt til \u00feess.<\/p><p>Deilan sem af \u00feessu spratt, \u00feekkt \u00ed \u00c1stral\u00edu undir heitinu Wandjina-endurm\u00e1lunin, s\u00fdndi sk\u00fdrt a\u00f0 var\u00f0veisla, fer\u00f0amennska og tr\u00faari\u00f0kun frumbyggja geta au\u00f0veldlega stangast \u00e1. H\u00fan s\u00fdndi einnig a\u00f0 myndirnar eru ekki fornleifafr\u00e6\u00f0ilegt efni sem h\u00e6gt er a\u00f0 r\u00e1\u00f0stafa frj\u00e1lst, heldur hluti af lifandi tr\u00faarlegri i\u00f0kun me\u00f0 sk\u00fdrri \u00e1byrg\u00f0.<\/p><p>Fyrir vanda\u00f0a framsetningu lei\u00f0ir af \u00feessu a\u00f0 Wandjina-bergmyndirnar m\u00e1 ekki me\u00f0h\u00f6ndla sem einfalda fors\u00f6gulega list. Aldursgreining \u00feeirra er deiluefni; m\u00f6rg s\u00fdnileg l\u00f6g eru n\u00fd vegna endurtekinnar endurn\u00fdjunar, \u00e1n \u00feess a\u00f0 \u00fea\u00f0 dragi \u00far h\u00e1um aldri hef\u00f0arinnar sj\u00e1lfrar.<\/p><p>\u00deeir sem skrifa um Wandjina \u00e6ttu a\u00f0 nefna s\u00e9rstaklega hinn vi\u00f0varandi r\u00e9tt hinna hef\u00f0bundnu eigenda til myndarinnar, sta\u00f0arins og s\u00f6gunnar.<\/p>\t\t\t\t\t\t\t\t<\/div>\n\t\t\t\t\t<\/div>\n\t\t\t\t<\/div>\n\t\t\t\t\t<\/div>\n\t\t\t\t<\/div>\n\t\t<div class=\"elementor-element elementor-element-iwgw-wandjina-lit e-flex e-con-boxed e-con e-parent\" data-id=\"iwgw-wandjina-lit\" data-element_type=\"container\" data-e-type=\"container\">\n\t\t\t\t\t<div class=\"e-con-inner\">\n\t\t\t\t<div class=\"elementor-element elementor-element-iwgw-wandjina-lith elementor-widget elementor-widget-heading\" data-id=\"iwgw-wandjina-lith\" data-element_type=\"widget\" data-e-type=\"widget\" data-widget_type=\"heading.default\">\n\t\t\t\t\t<h2 class=\"elementor-heading-title elementor-size-default\">Heimildir (\u00farval)<\/h2>\t\t\t\t<\/div>\n\t\t<div class=\"elementor-element elementor-element-iwgw-wandjina-litc e-con-full e-flex e-con e-child\" data-id=\"iwgw-wandjina-litc\" data-element_type=\"container\" data-e-type=\"container\">\n\t\t\t\t<div class=\"elementor-element elementor-element-iwgw-wandjina-litt elementor-widget elementor-widget-text-editor\" data-id=\"iwgw-wandjina-litt\" data-element_type=\"widget\" data-e-type=\"widget\" data-widget_type=\"text-editor.default\">\n\t\t\t\t\t\t\t\t\t<ul><li>Ian Crawford: <em>The Art of the Wandjina<\/em> (Oxford 1968)<\/li><li>Andreas Lommel: <em>Die Unambal<\/em> (1952)<\/li><li>Helmut Petri: <em>Sterbende Welt in Nordwest-Australien<\/em> (1954)<\/li><li>Tony Swain: <em>A Place for Strangers<\/em> (Cambridge 1993)<\/li><li>Anthony Redmond: <em>Places that Move<\/em> (2005)<\/li><li>Kim Akerman: <em>Aboriginal artifacts<\/em> (2015)<\/li><li>Mark Crocombe: <em>Rock Art of the Kimberley<\/em> (2017)<\/li><\/ul>\t\t\t\t\t\t\t\t<\/div>\n\t\t\t\t<\/div>\n\t\t\t\t\t<\/div>\n\t\t\t\t<\/div>\n\t\t<div class=\"elementor-element elementor-element-iwgkw2-add-wandjina e-flex e-con-boxed e-con e-parent\" data-id=\"iwgkw2-add-wandjina\" data-element_type=\"container\" data-e-type=\"container\">\n\t\t\t\t\t<div class=\"e-con-inner\">\n\t\t\t\t<div class=\"elementor-element elementor-element-iwgkw2-add-wandjina-t elementor-widget elementor-widget-text-editor\" data-id=\"iwgkw2-add-wandjina-t\" data-element_type=\"widget\" data-e-type=\"widget\" data-widget_type=\"text-editor.default\">\n\t\t\t\t\t\t\t\t\t<p>Wandjina eru <em>sk\u00fdjaverur<\/em> Worora-, Ngarinyin- og Wunambal-\u00fej\u00f3\u00f0flokkanna \u00e1 Kimberley-sv\u00e6\u00f0inu \u00ed Vestur-\u00c1stral\u00edu; munnlausar bergmyndir \u00feeirra tengjast regni, mons\u00fant\u00edma og endurn\u00fdjun l\u00edfsskilyr\u00f0a.<\/p>\t\t\t\t\t\t\t\t<\/div>\n\t\t\t\t\t<\/div>\n\t\t\t\t<\/div>\n\t\t<div class=\"elementor-element elementor-element-iwgw-wandjina-kwd e-flex e-con-boxed e-con e-parent\" data-id=\"iwgw-wandjina-kwd\" data-element_type=\"container\" data-e-type=\"container\">\n\t\t\t\t\t<div class=\"e-con-inner\">\n\t\t<div class=\"elementor-element elementor-element-iwgw-wandjina-kwdc e-con-full e-flex e-con e-child\" data-id=\"iwgw-wandjina-kwdc\" data-element_type=\"container\" data-e-type=\"container\">\n\t\t\t\t<div class=\"elementor-element elementor-element-iwgw-wandjina-kwdt elementor-widget elementor-widget-text-editor\" data-id=\"iwgw-wandjina-kwdt\" data-element_type=\"widget\" data-e-type=\"widget\" data-widget_type=\"text-editor.default\">\n\t\t\t\t\t\t\t\t\t<p><em>Tengd lykilor\u00f0: Wandjina Kimberley Worora Ngarinyin Wunambal bergmyndir Mowanjum.<\/em><\/p>\t\t\t\t\t\t\t\t<\/div>\n\t\t\t\t<\/div>\n\t\t\t\t\t<\/div>\n\t\t\t\t<\/div>\n\t\t<div class=\"elementor-element elementor-element-iwgw-wandjina-cc e-flex e-con-boxed e-con e-parent\" data-id=\"iwgw-wandjina-cc\" data-element_type=\"container\" data-e-type=\"container\" id=\"iwg-cc-wandjina\">\n\t\t\t\t\t<div class=\"e-con-inner\">\n\t\t<div class=\"elementor-element elementor-element-iwgw-wandjina-ccinner e-flex e-con-boxed e-con e-parent\" data-id=\"iwgw-wandjina-ccinner\" data-element_type=\"container\" data-e-type=\"container\" data-settings=\"{&quot;background_background&quot;:&quot;classic&quot;}\">\n\t\t\t\t\t<div class=\"e-con-inner\">\n\t\t\t\t<div class=\"elementor-element elementor-element-iwgw-wandjina-cch elementor-widget elementor-widget-heading\" data-id=\"iwgw-wandjina-cch\" data-element_type=\"widget\" data-e-type=\"widget\" data-widget_type=\"heading.default\">\n\t\t\t\t\t<h2 class=\"elementor-heading-title elementor-size-default\">iWell Guard og verndarhef\u00f0ir<\/h2>\t\t\t\t<\/div>\n\t\t\t\t<div class=\"elementor-element elementor-element-iwgw-wandjina-cct elementor-widget elementor-widget-text-editor\" data-id=\"iwgw-wandjina-cct\" data-element_type=\"widget\" data-e-type=\"widget\" data-widget_type=\"text-editor.default\">\n\t\t\t\t\t\t\t\t\t<div data-nosnippet=\"true\"><p>iWell Guard tengist menningars\u00f6gulegri hef\u00f0 farandlegra verndargripa, \u00ed hef\u00f0 frumbyggja \u00c1stral\u00edu (<a href=\"https:\/\/iwell-guard.com\/is\/aboriginal-astralia-draumtid-tjukurpa-verndargripir\/\">Aboriginal<\/a>) og margra annarra menningarheima um allan heim. 41 lag, alv\u00f6ru gull, plat\u00edna, silfur, framleitt \u00ed \u00de\u00fdskalandi. 30 daga skilar\u00e9ttur.<\/p><\/div>\t\t\t\t\t\t\t\t<\/div>\n\t\t\t\t<div class=\"elementor-element elementor-element-iwgw-wandjina-ccb iwg-cc-button iwg-cc-cta-2026-05-13 elementor-widget elementor-widget-jet-button\" data-id=\"iwgw-wandjina-ccb\" data-element_type=\"widget\" data-e-type=\"widget\" data-widget_type=\"jet-button.default\">\n\t\t\t\t<div class=\"elementor-widget-container\">\n\t\t\t\t\t<div class=\"elementor-jet-button jet-elements\"><div class=\"jet-button__container\"><a class=\"jet-button__instance jet-button__instance--icon-left hover-effect-1\" href=\"\/ueber-iwell-guard\/?utm_source=iwell-guard.com&amp;utm_medium=info-box&amp;utm_campaign=wesen-tradition\"><div class=\"jet-button__plane jet-button__plane-normal\"><\/div><div class=\"jet-button__plane jet-button__plane-hover\"><\/div><div class=\"jet-button__state jet-button__state-normal\"><span class=\"jet-button__label\">Meira um iWell Guard<\/span><\/div><div class=\"jet-button__state jet-button__state-hover\"><span class=\"jet-button__label\">Meira um iWell Guard<\/span><\/div><\/a><\/div><\/div><style>.elementor-element.elementor-element-iwgw-wandjina-ccb .jet-button__instance{width:320px;height:56px;}.elementor-element.elementor-element-iwgw-wandjina-ccb .jet-button__state-normal .jet-button__label{text-align:center;margin:0px 0px 0px 0px;color:#1a1b20;font-family:Montserrat,sans-serif;font-size:13px;font-weight:400;letter-spacing:4px;line-height:1.714em;text-transform:uppercase;}.elementor-element.elementor-element-iwgw-wandjina-ccb .jet-button__state-hover .jet-button__label{text-align:center;margin:0px 0px 0px 0px;color:#FECC76;font-family:Montserrat,sans-serif;font-size:13px;font-weight:400;letter-spacing:4px;line-height:1.714em;text-transform:uppercase;}.elementor-element.elementor-element-iwgw-wandjina-ccb .jet-button__plane-normal{background-color:#FECC76;border-style:solid;border-color:#C99540;border-width:2px 2px 2px 2px;}.elementor-element.elementor-element-iwgw-wandjina-ccb .jet-button__plane-hover{background-color:rgba(0,0,0,0.55);border-style:solid;border-color:#FECC76;border-width:2px 2px 2px 2px;}<\/style>\t\t\t\t<\/div>\n\t\t\t\t<\/div>\n\t\t\t\t<div class=\"elementor-element elementor-element-iwgw-wandjina-ccd elementor-widget elementor-widget-text-editor\" data-id=\"iwgw-wandjina-ccd\" data-element_type=\"widget\" data-e-type=\"widget\" data-widget_type=\"text-editor.default\">\n\t\t\t\t\t\t\t\t\t<div data-nosnippet=\"true\"><p style=\"text-align:center;font-size:13px;opacity:0.7;margin-top:14px\" data-nosnippet=\"true\">Pers\u00f3nuleg reynsla getur veri\u00f0 mismunandi. Ekki l\u00e6kningat\u00e6ki. Engin lofor\u00f0 um l\u00e6kningu.<\/p><\/div>\t\t\t\t\t\t\t\t<\/div>\n\t\t\t\t\t<\/div>\n\t\t\t\t<\/div>\n\t\t\t\t\t<\/div>\n\t\t\t\t<\/div>\n\t\t<div class=\"elementor-element elementor-element-iwgw-wandjina-disc e-flex e-con-boxed e-con e-parent\" data-id=\"iwgw-wandjina-disc\" data-element_type=\"container\" data-e-type=\"container\">\n\t\t\t\t\t<div class=\"e-con-inner\">\n\t\t\t\t<div class=\"elementor-element elementor-element-iwgw-wandjina-discw elementor-widget elementor-widget-html\" data-id=\"iwgw-wandjina-discw\" data-element_type=\"widget\" data-e-type=\"widget\" data-widget_type=\"html.default\">\n\t\t\t\t\t<footer data-nosnippet=\"true\" class=\"iwg-disclaimer-block\"><p data-nosnippet=\"true\">iWell Guard er <strong>ekki l\u00e6kningat\u00e6ki<\/strong> og kemur ekki \u00ed sta\u00f0inn fyrir l\u00e6knis- e\u00f0a s\u00e1lfr\u00e6\u00f0ime\u00f0fer\u00f0. Tr\u00faarfr\u00e6\u00f0ilegt efni er menningars\u00f6gulegt samhengi, ekki r\u00e1\u00f0legging um andlega i\u00f0kun.<\/p><\/footer>\t\t\t\t<\/div>\n\t\t\t\t\t<\/div>\n\t\t\t\t<\/div>\n\t\t\t\t<\/div>\n\t\t","protected":false},"excerpt":{"rendered":"","protected":false},"author":3,"featured_media":2872,"parent":0,"menu_order":0,"comment_status":"closed","ping_status":"closed","template":"elementor_header_footer","meta":{"_yoast_wpseo_focuskw":"Wandjina Kimberley frumbyggjar","_yoast_wpseo_title":"Wandjina \u2013 regnv\u00e6ttir frumbyggja, go\u00f0s\u00f6gn og heimildir","_yoast_wpseo_metadesc":"Wandjina eru m\u00e1ttugar sk\u00fdja- og regnv\u00e6ttir Kimberley-frumbyggja \u00ed nor\u00f0vesturhluta \u00c1stral\u00edu. Tr\u00faarfr\u00e6\u00f0ileg \u00fattekt og heimildir.","_yoast_wpseo_meta-robots-noindex":"","_yoast_wpseo_canonical":"","_angie_page":false,"gefaehrdungsstufe":"3","wesen_kultur":"aboriginal","wesen_klasse":"goetter","footnotes":""},"categories":[],"class_list":["post-168990","page","type-page","status-publish","has-post-thumbnail","hentry"],"yoast_head":"<!-- This site is optimized with the Yoast SEO Premium plugin v27.7 (Yoast SEO v28.3) - https:\/\/yoast.com\/product\/yoast-seo-premium-wordpress\/ -->\n<title>Wandjina \u2013 regnv\u00e6ttir frumbyggja, go\u00f0s\u00f6gn og heimildir<\/title>\n<meta name=\"description\" content=\"Wandjina eru m\u00e1ttugar sk\u00fdja- og regnv\u00e6ttir Kimberley-frumbyggja \u00ed nor\u00f0vesturhluta \u00c1stral\u00edu. Tr\u00faarfr\u00e6\u00f0ileg \u00fattekt og heimildir.\" \/>\n<meta name=\"robots\" content=\"index, follow, max-snippet:-1, max-image-preview:large, max-video-preview:-1\" \/>\n<link rel=\"canonical\" href=\"https:\/\/iwell-guard.com\/is\/wandjina-skyja-regnvaettir-kimberley\/\" \/>\n<meta property=\"og:locale\" content=\"is_IS\" \/>\n<meta property=\"og:type\" content=\"article\" \/>\n<meta property=\"og:title\" content=\"Wandjina \u2013 sk\u00fdja- og regnv\u00e6ttir Kimberley\" \/>\n<meta property=\"og:description\" content=\"Wandjina eru m\u00e1ttugar sk\u00fdja- og regnv\u00e6ttir Kimberley-frumbyggja \u00ed nor\u00f0vesturhluta \u00c1stral\u00edu. Tr\u00faarfr\u00e6\u00f0ileg \u00fattekt og heimildir.\" \/>\n<meta property=\"og:url\" content=\"https:\/\/iwell-guard.com\/is\/wandjina-skyja-regnvaettir-kimberley\/\" \/>\n<meta property=\"og:site_name\" content=\"iWell Guard\" \/>\n<meta property=\"article:modified_time\" content=\"2026-09-05T14:29:07+00:00\" \/>\n<meta property=\"og:image\" content=\"https:\/\/iwell-guard.com\/wp-content\/uploads\/2026\/05\/goetter_aboriginal_wandjina.webp\" \/>\n\t<meta property=\"og:image:width\" content=\"1024\" \/>\n\t<meta property=\"og:image:height\" content=\"1536\" \/>\n\t<meta property=\"og:image:type\" content=\"image\/webp\" \/>\n<meta name=\"twitter:card\" content=\"summary_large_image\" \/>\n<script type=\"application\/ld+json\" class=\"yoast-schema-graph\">{\"@context\":\"https:\\\/\\\/schema.org\",\"@graph\":[{\"@type\":\"WebPage\",\"@id\":\"https:\\\/\\\/iwell-guard.com\\\/is\\\/wandjina-skyja-regnvaettir-kimberley\\\/\",\"url\":\"https:\\\/\\\/iwell-guard.com\\\/is\\\/wandjina-skyja-regnvaettir-kimberley\\\/\",\"name\":\"Wandjina \u2013 regnv\u00e6ttir frumbyggja, go\u00f0s\u00f6gn og heimildir\",\"isPartOf\":{\"@id\":\"https:\\\/\\\/iwell-guard.com\\\/is\\\/#website\"},\"primaryImageOfPage\":{\"@id\":\"https:\\\/\\\/iwell-guard.com\\\/is\\\/wandjina-skyja-regnvaettir-kimberley\\\/#primaryimage\"},\"image\":{\"@id\":\"https:\\\/\\\/iwell-guard.com\\\/is\\\/wandjina-skyja-regnvaettir-kimberley\\\/#primaryimage\"},\"thumbnailUrl\":\"https:\\\/\\\/iwell-guard.com\\\/wp-content\\\/uploads\\\/2026\\\/05\\\/goetter_aboriginal_wandjina.webp\",\"datePublished\":\"2026-09-05T14:04:38+00:00\",\"dateModified\":\"2026-09-05T14:29:07+00:00\",\"description\":\"Wandjina eru m\u00e1ttugar sk\u00fdja- og regnv\u00e6ttir Kimberley-frumbyggja \u00ed nor\u00f0vesturhluta \u00c1stral\u00edu. Tr\u00faarfr\u00e6\u00f0ileg \u00fattekt og heimildir.\",\"breadcrumb\":{\"@id\":\"https:\\\/\\\/iwell-guard.com\\\/is\\\/wandjina-skyja-regnvaettir-kimberley\\\/#breadcrumb\"},\"inLanguage\":\"is\",\"potentialAction\":[{\"@type\":\"ReadAction\",\"target\":[\"https:\\\/\\\/iwell-guard.com\\\/is\\\/wandjina-skyja-regnvaettir-kimberley\\\/\"]}]},{\"@type\":\"ImageObject\",\"inLanguage\":\"is\",\"@id\":\"https:\\\/\\\/iwell-guard.com\\\/is\\\/wandjina-skyja-regnvaettir-kimberley\\\/#primaryimage\",\"url\":\"https:\\\/\\\/iwell-guard.com\\\/wp-content\\\/uploads\\\/2026\\\/05\\\/goetter_aboriginal_wandjina.webp\",\"contentUrl\":\"https:\\\/\\\/iwell-guard.com\\\/wp-content\\\/uploads\\\/2026\\\/05\\\/goetter_aboriginal_wandjina.webp\",\"width\":1024,\"height\":1536,\"caption\":\"Gu\u00f0ir \u00far hef\u00f0 frumbyggja \u00c1stral\u00edu (Aboriginal).\"},{\"@type\":\"BreadcrumbList\",\"@id\":\"https:\\\/\\\/iwell-guard.com\\\/is\\\/wandjina-skyja-regnvaettir-kimberley\\\/#breadcrumb\",\"itemListElement\":[{\"@type\":\"ListItem\",\"position\":1,\"name\":\"Start\",\"item\":\"https:\\\/\\\/iwell-guard.com\\\/is\\\/?page_id=168580\"},{\"@type\":\"ListItem\",\"position\":2,\"name\":\"Wandjina \u2013 sk\u00fdja- og regnv\u00e6ttir Kimberley\"}]},{\"@type\":\"WebSite\",\"@id\":\"https:\\\/\\\/iwell-guard.com\\\/is\\\/#website\",\"url\":\"https:\\\/\\\/iwell-guard.com\\\/is\\\/\",\"name\":\"iWell Guard\",\"description\":\"Schutz vor dunklen Einfl\u00fcssen\",\"publisher\":{\"@id\":\"https:\\\/\\\/iwell-guard.com\\\/is\\\/#organization\"},\"potentialAction\":[{\"@type\":\"SearchAction\",\"target\":{\"@type\":\"EntryPoint\",\"urlTemplate\":\"https:\\\/\\\/iwell-guard.com\\\/is\\\/?s={search_term_string}\"},\"query-input\":{\"@type\":\"PropertyValueSpecification\",\"valueRequired\":true,\"valueName\":\"search_term_string\"}}],\"inLanguage\":\"is\"},{\"@type\":\"Organization\",\"@id\":\"https:\\\/\\\/iwell-guard.com\\\/is\\\/#organization\",\"name\":\"Ittermann electronic GmbH\",\"url\":\"https:\\\/\\\/iwell-guard.com\\\/is\\\/\",\"logo\":{\"@type\":\"ImageObject\",\"inLanguage\":\"is\",\"@id\":\"https:\\\/\\\/iwell-guard.com\\\/is\\\/#\\\/schema\\\/logo\\\/image\\\/\",\"url\":\"https:\\\/\\\/iwell-guard.com\\\/wp-content\\\/uploads\\\/2026\\\/05\\\/Ittermann-Logo-1182x237-1.png\",\"contentUrl\":\"https:\\\/\\\/iwell-guard.com\\\/wp-content\\\/uploads\\\/2026\\\/05\\\/Ittermann-Logo-1182x237-1.png\",\"width\":1182,\"height\":237,\"caption\":\"Ittermann electronic GmbH\"},\"image\":{\"@id\":\"https:\\\/\\\/iwell-guard.com\\\/is\\\/#\\\/schema\\\/logo\\\/image\\\/\"},\"sameAs\":[\"https:\\\/\\\/pantip.com\\\/profile\\\/9367242\",\"https:\\\/\\\/micro.blog\\\/iwellguard\",\"https:\\\/\\\/www.diggerslist.com\\\/iwellguard\\\/about\",\"https:\\\/\\\/skitterphoto.com\\\/photographers\\\/2870314\\\/iwell-guard\",\"https:\\\/\\\/iwellguard.wordpress.com\\\/2026\\\/06\\\/06\\\/iwell-guard\\\/\",\"https:\\\/\\\/hub.docker.com\\\/u\\\/iwellguard\",\"https:\\\/\\\/www.pinterest.com\\\/iwellguard\\\/\",\"https:\\\/\\\/bit.ly\\\/m\\\/iwellguard\",\"https:\\\/\\\/entre-vos-mains.alsace.eu\\\/profiles\\\/iwellguard\\\/activity\",\"https:\\\/\\\/gravatar.com\\\/reallybeded8fd34\",\"https:\\\/\\\/naijamatta.com\\\/iwellguard\",\"https:\\\/\\\/www.goodreads.com\\\/iwellguard\",\"https:\\\/\\\/profile.hatena.ne.jp\\\/iwellguard\\\/\",\"https:\\\/\\\/experiment.com\\\/users\\\/iwellguard\",\"https:\\\/\\\/wakelet.com\\\/@iWellGuard82270\",\"https:\\\/\\\/www.chordie.com\\\/forum\\\/profile.php?id=2555664\",\"https:\\\/\\\/www.instapaper.com\\\/p\\\/17757966\",\"https:\\\/\\\/www.mapleprimes.com\\\/users\\\/iwellguard\",\"https:\\\/\\\/businesslistingplus.com\\\/profile\\\/iwell-guard\\\/\",\"https:\\\/\\\/telegra.ph\\\/iWell-Guard-06-06\",\"https:\\\/\\\/pbase.com\\\/iwellguard\\\/iwellguard\",\"https:\\\/\\\/b.hatena.ne.jp\\\/iwellguard\\\/20260607#bookmark-4788405196491818882\",\"https:\\\/\\\/fliphtml5.com\\\/home\\\/iwellguard\",\"https:\\\/\\\/anyflip.com\\\/homepage\\\/cmiwl#About\",\"https:\\\/\\\/transfur.com\\\/Users\\\/iwellguard\",\"http:\\\/\\\/delphi.larsbo.org\\\/user\\\/iwellguard\",\"https:\\\/\\\/jobs.lajobsportal.org\\\/profiles\\\/8380803-iwell-guard\",\"https:\\\/\\\/md.chaosdorf.de\\\/s\\\/jfbe5SBdJD\",\"https:\\\/\\\/www.lingvolive.com\\\/en-us\\\/profile\\\/9ecaeaca-ce11-4e51-9e71-01d55e2bff36\\\/translations\",\"https:\\\/\\\/www.fitday.com\\\/fitness\\\/forums\\\/members\\\/iwellguard.html\",\"https:\\\/\\\/www.mymeetbook.com\\\/iwellguard\",\"https:\\\/\\\/pxhere.com\\\/en\\\/photographer-me\\\/5040798\",\"https:\\\/\\\/disqus.com\\\/by\\\/iwellguard\\\/about\\\/\",\"https:\\\/\\\/pastelink.net\\\/hjwciqwq\",\"https:\\\/\\\/pubhtml5.com\\\/homepage\\\/scjhn\\\/\",\"https:\\\/\\\/www.bitchute.com\\\/channel\\\/2O2eOKzNqujT\",\"https:\\\/\\\/audiomack.com\\\/iwellguard\"]},{\"@type\":\"Article\",\"@id\":\"https:\\\/\\\/iwell-guard.com\\\/is\\\/wandjina-skyja-regnvaettir-kimberley\\\/#article\",\"isPartOf\":{\"@id\":\"https:\\\/\\\/iwell-guard.com\\\/is\\\/wandjina-skyja-regnvaettir-kimberley\\\/\"},\"author\":{\"name\":\"Ralf Ittermann\",\"@id\":\"https:\\\/\\\/iwell-guard.com\\\/is\\\/#\\\/schema\\\/person\\\/ee2a27f1cac3406c7c6fb5820cb7349f\"},\"headline\":\"Wandjina \u2013 sk\u00fdja- og regnv\u00e6ttir Kimberley\",\"datePublished\":\"2026-09-05T14:04:38+00:00\",\"dateModified\":\"2026-09-05T14:29:07+00:00\",\"mainEntityOfPage\":{\"@id\":\"https:\\\/\\\/iwell-guard.com\\\/is\\\/wandjina-skyja-regnvaettir-kimberley\\\/\"},\"publisher\":{\"@id\":\"https:\\\/\\\/iwell-guard.com\\\/is\\\/#organization\"},\"image\":{\"@id\":\"https:\\\/\\\/iwell-guard.com\\\/is\\\/wandjina-skyja-regnvaettir-kimberley\\\/#primaryimage\"},\"thumbnailUrl\":\"https:\\\/\\\/iwell-guard.com\\\/wp-content\\\/uploads\\\/2026\\\/05\\\/goetter_aboriginal_wandjina.webp\",\"inLanguage\":\"is\",\"description\":\"Wandjina eru m\u00e1ttugar sk\u00fdja- og regnv\u00e6ttir Kimberley-frumbyggja \u00ed nor\u00f0vesturhluta \u00c1stral\u00edu. Tr\u00faarfr\u00e6\u00f0ileg \u00fattekt og heimildir.\"}]}<\/script>\n<!-- \/ Yoast SEO Premium plugin. -->","yoast_head_json":{"title":"Wandjina \u2013 regnv\u00e6ttir frumbyggja, go\u00f0s\u00f6gn og heimildir","description":"Wandjina eru m\u00e1ttugar sk\u00fdja- og regnv\u00e6ttir Kimberley-frumbyggja \u00ed nor\u00f0vesturhluta \u00c1stral\u00edu. Tr\u00faarfr\u00e6\u00f0ileg \u00fattekt og heimildir.","robots":{"index":"index","follow":"follow","max-snippet":"max-snippet:-1","max-image-preview":"max-image-preview:large","max-video-preview":"max-video-preview:-1"},"canonical":"https:\/\/iwell-guard.com\/is\/wandjina-skyja-regnvaettir-kimberley\/","og_locale":"is_IS","og_type":"article","og_title":"Wandjina \u2013 sk\u00fdja- og regnv\u00e6ttir Kimberley","og_description":"Wandjina eru m\u00e1ttugar sk\u00fdja- og regnv\u00e6ttir Kimberley-frumbyggja \u00ed nor\u00f0vesturhluta \u00c1stral\u00edu. Tr\u00faarfr\u00e6\u00f0ileg \u00fattekt og heimildir.","og_url":"https:\/\/iwell-guard.com\/is\/wandjina-skyja-regnvaettir-kimberley\/","og_site_name":"iWell Guard","article_modified_time":"2026-09-05T14:29:07+00:00","og_image":[{"width":1024,"height":1536,"url":"https:\/\/iwell-guard.com\/wp-content\/uploads\/2026\/05\/goetter_aboriginal_wandjina.webp","type":"image\/webp"}],"twitter_card":"summary_large_image","schema":{"@context":"https:\/\/schema.org","@graph":[{"@type":"Article","@id":"https:\/\/iwell-guard.com\/is\/wandjina-skyja-regnvaettir-kimberley\/#article","isPartOf":{"@id":"https:\/\/iwell-guard.com\/is\/wandjina-skyja-regnvaettir-kimberley\/"},"author":{"name":"Ralf Ittermann","@id":"https:\/\/iwell-guard.com\/is\/#\/schema\/person\/ee2a27f1cac3406c7c6fb5820cb7349f"},"headline":"Wandjina \u2013 sk\u00fdja- og regnv\u00e6ttir Kimberley","datePublished":"2026-09-05T14:04:38+00:00","dateModified":"2026-09-05T14:29:07+00:00","mainEntityOfPage":{"@id":"https:\/\/iwell-guard.com\/is\/wandjina-skyja-regnvaettir-kimberley\/"},"publisher":{"@id":"https:\/\/iwell-guard.com\/is\/#organization"},"image":{"@id":"https:\/\/iwell-guard.com\/is\/wandjina-skyja-regnvaettir-kimberley\/#primaryimage"},"thumbnailUrl":"https:\/\/iwell-guard.com\/wp-content\/uploads\/2026\/05\/goetter_aboriginal_wandjina.webp","inLanguage":"is","description":"Wandjina eru m\u00e1ttugar sk\u00fdja- og regnv\u00e6ttir Kimberley-frumbyggja \u00ed nor\u00f0vesturhluta \u00c1stral\u00edu. Tr\u00faarfr\u00e6\u00f0ileg \u00fattekt og heimildir."},{"@type":"WebPage","@id":"https:\/\/iwell-guard.com\/is\/wandjina-skyja-regnvaettir-kimberley\/","url":"https:\/\/iwell-guard.com\/is\/wandjina-skyja-regnvaettir-kimberley\/","name":"Wandjina \u2013 regnv\u00e6ttir frumbyggja, go\u00f0s\u00f6gn og heimildir","isPartOf":{"@id":"https:\/\/iwell-guard.com\/is\/#website"},"primaryImageOfPage":{"@id":"https:\/\/iwell-guard.com\/is\/wandjina-skyja-regnvaettir-kimberley\/#primaryimage"},"image":{"@id":"https:\/\/iwell-guard.com\/is\/wandjina-skyja-regnvaettir-kimberley\/#primaryimage"},"thumbnailUrl":"https:\/\/iwell-guard.com\/wp-content\/uploads\/2026\/05\/goetter_aboriginal_wandjina.webp","datePublished":"2026-09-05T14:04:38+00:00","dateModified":"2026-09-05T14:29:07+00:00","description":"Wandjina eru m\u00e1ttugar sk\u00fdja- og regnv\u00e6ttir Kimberley-frumbyggja \u00ed nor\u00f0vesturhluta \u00c1stral\u00edu. Tr\u00faarfr\u00e6\u00f0ileg \u00fattekt og heimildir.","breadcrumb":{"@id":"https:\/\/iwell-guard.com\/is\/wandjina-skyja-regnvaettir-kimberley\/#breadcrumb"},"inLanguage":"is","potentialAction":[{"@type":"ReadAction","target":["https:\/\/iwell-guard.com\/is\/wandjina-skyja-regnvaettir-kimberley\/"]}]},{"@type":"ImageObject","inLanguage":"is","@id":"https:\/\/iwell-guard.com\/is\/wandjina-skyja-regnvaettir-kimberley\/#primaryimage","url":"https:\/\/iwell-guard.com\/wp-content\/uploads\/2026\/05\/goetter_aboriginal_wandjina.webp","contentUrl":"https:\/\/iwell-guard.com\/wp-content\/uploads\/2026\/05\/goetter_aboriginal_wandjina.webp","width":1024,"height":1536,"caption":"Gu\u00f0ir \u00far hef\u00f0 frumbyggja \u00c1stral\u00edu (Aboriginal)."},{"@type":"BreadcrumbList","@id":"https:\/\/iwell-guard.com\/is\/wandjina-skyja-regnvaettir-kimberley\/#breadcrumb","itemListElement":[{"@type":"ListItem","position":1,"name":"Start","item":"https:\/\/iwell-guard.com\/is\/?page_id=168580"},{"@type":"ListItem","position":2,"name":"Wandjina \u2013 sk\u00fdja- og regnv\u00e6ttir Kimberley"}]},{"@type":"WebSite","@id":"https:\/\/iwell-guard.com\/is\/#website","url":"https:\/\/iwell-guard.com\/is\/","name":"iWell Guard","description":"Schutz vor dunklen Einfl\u00fcssen","publisher":{"@id":"https:\/\/iwell-guard.com\/is\/#organization"},"potentialAction":[{"@type":"SearchAction","target":{"@type":"EntryPoint","urlTemplate":"https:\/\/iwell-guard.com\/is\/?s={search_term_string}"},"query-input":{"@type":"PropertyValueSpecification","valueRequired":true,"valueName":"search_term_string"}}],"inLanguage":"is"},{"@type":"Organization","@id":"https:\/\/iwell-guard.com\/is\/#organization","name":"Ittermann electronic GmbH","url":"https:\/\/iwell-guard.com\/is\/","logo":{"@type":"ImageObject","inLanguage":"is","@id":"https:\/\/iwell-guard.com\/is\/#\/schema\/logo\/image\/","url":"https:\/\/iwell-guard.com\/wp-content\/uploads\/2026\/05\/Ittermann-Logo-1182x237-1.png","contentUrl":"https:\/\/iwell-guard.com\/wp-content\/uploads\/2026\/05\/Ittermann-Logo-1182x237-1.png","width":1182,"height":237,"caption":"Ittermann electronic GmbH"},"image":{"@id":"https:\/\/iwell-guard.com\/is\/#\/schema\/logo\/image\/"},"sameAs":["https:\/\/pantip.com\/profile\/9367242","https:\/\/micro.blog\/iwellguard","https:\/\/www.diggerslist.com\/iwellguard\/about","https:\/\/skitterphoto.com\/photographers\/2870314\/iwell-guard","https:\/\/iwellguard.wordpress.com\/2026\/06\/06\/iwell-guard\/","https:\/\/hub.docker.com\/u\/iwellguard","https:\/\/www.pinterest.com\/iwellguard\/","https:\/\/bit.ly\/m\/iwellguard","https:\/\/entre-vos-mains.alsace.eu\/profiles\/iwellguard\/activity","https:\/\/gravatar.com\/reallybeded8fd34","https:\/\/naijamatta.com\/iwellguard","https:\/\/www.goodreads.com\/iwellguard","https:\/\/profile.hatena.ne.jp\/iwellguard\/","https:\/\/experiment.com\/users\/iwellguard","https:\/\/wakelet.com\/@iWellGuard82270","https:\/\/www.chordie.com\/forum\/profile.php?id=2555664","https:\/\/www.instapaper.com\/p\/17757966","https:\/\/www.mapleprimes.com\/users\/iwellguard","https:\/\/businesslistingplus.com\/profile\/iwell-guard\/","https:\/\/telegra.ph\/iWell-Guard-06-06","https:\/\/pbase.com\/iwellguard\/iwellguard","https:\/\/b.hatena.ne.jp\/iwellguard\/20260607#bookmark-4788405196491818882","https:\/\/fliphtml5.com\/home\/iwellguard","https:\/\/anyflip.com\/homepage\/cmiwl#About","https:\/\/transfur.com\/Users\/iwellguard","http:\/\/delphi.larsbo.org\/user\/iwellguard","https:\/\/jobs.lajobsportal.org\/profiles\/8380803-iwell-guard","https:\/\/md.chaosdorf.de\/s\/jfbe5SBdJD","https:\/\/www.lingvolive.com\/en-us\/profile\/9ecaeaca-ce11-4e51-9e71-01d55e2bff36\/translations","https:\/\/www.fitday.com\/fitness\/forums\/members\/iwellguard.html","https:\/\/www.mymeetbook.com\/iwellguard","https:\/\/pxhere.com\/en\/photographer-me\/5040798","https:\/\/disqus.com\/by\/iwellguard\/about\/","https:\/\/pastelink.net\/hjwciqwq","https:\/\/pubhtml5.com\/homepage\/scjhn\/","https:\/\/www.bitchute.com\/channel\/2O2eOKzNqujT","https:\/\/audiomack.com\/iwellguard"]},{"@type":"Person","@id":"https:\/\/iwell-guard.com\/is\/#\/schema\/person\/ee2a27f1cac3406c7c6fb5820cb7349f","name":"Ralf Ittermann","image":{"@type":"ImageObject","inLanguage":"is","@id":"https:\/\/secure.gravatar.com\/avatar\/073c0153e350a5005b68eb752b445fea71f6b24a26da9449ad7e155e6b446c9d?s=96&d=mm&r=g","url":"https:\/\/secure.gravatar.com\/avatar\/073c0153e350a5005b68eb752b445fea71f6b24a26da9449ad7e155e6b446c9d?s=96&d=mm&r=g","contentUrl":"https:\/\/secure.gravatar.com\/avatar\/073c0153e350a5005b68eb752b445fea71f6b24a26da9449ad7e155e6b446c9d?s=96&d=mm&r=g","caption":"Ralf Ittermann"},"givenName":"Ralf","familyName":"Ittermann","jobTitle":"Gesch\u00e4ftsf\u00fchrer und redaktioneller Verantwortlicher","url":"https:\/\/iwell-guard.com\/is\/author\/claude\/","description":"Ralf Ittermann ist Gesch\u00e4ftsf\u00fchrer der Ittermann electronic GmbH und redaktioneller Verantwortlicher des iWell-Guard-Lexikons. Er verbindet langj\u00e4hrige Erfahrung in der Pr\u00e4zisionsfertigung mit medialer Praxis und religionsgeschichtlicher Quellenarbeit.","worksFor":{"@type":"Organization","name":"Ittermann electronic GmbH","url":"https:\/\/ittermann.de\/","address":{"@type":"PostalAddress","streetAddress":"K\u00f6hlergasse 16-18","postalCode":"99842","addressLocality":"Ruhla","addressCountry":"DE"}},"knowsAbout":["Religionsgeschichte","Mythologie","Mediale Praxis","Energetische Diagnostik","Schutzpraxis","Volksglauben","Westliche Esoterik"]},{"@type":"Article","@id":"https:\/\/iwell-guard.com\/is\/wandjina-skyja-regnvaettir-kimberley\/#article","isPartOf":{"@id":"https:\/\/iwell-guard.com\/is\/wandjina-skyja-regnvaettir-kimberley\/"},"author":{"name":"Ralf Ittermann","@id":"https:\/\/iwell-guard.com\/is\/#\/schema\/person\/ee2a27f1cac3406c7c6fb5820cb7349f"},"headline":"Wandjina \u2013 sk\u00fdja- og regnv\u00e6ttir Kimberley","datePublished":"2026-09-05T14:04:38+00:00","dateModified":"2026-09-05T14:29:07+00:00","mainEntityOfPage":{"@id":"https:\/\/iwell-guard.com\/is\/wandjina-skyja-regnvaettir-kimberley\/"},"publisher":{"@id":"https:\/\/iwell-guard.com\/is\/#organization"},"image":{"@id":"https:\/\/iwell-guard.com\/is\/wandjina-skyja-regnvaettir-kimberley\/#primaryimage"},"thumbnailUrl":"https:\/\/iwell-guard.com\/wp-content\/uploads\/2026\/05\/goetter_aboriginal_wandjina.webp","inLanguage":"is","description":"Wandjina eru m\u00e1ttugar sk\u00fdja- og regnv\u00e6ttir Kimberley-frumbyggja \u00ed nor\u00f0vesturhluta \u00c1stral\u00edu. Tr\u00faarfr\u00e6\u00f0ileg \u00fattekt og heimildir."}]}},"_links":{"self":[{"href":"https:\/\/iwell-guard.com\/is\/wp-json\/wp\/v2\/pages\/168990","targetHints":{"allow":["GET"]}}],"collection":[{"href":"https:\/\/iwell-guard.com\/is\/wp-json\/wp\/v2\/pages"}],"about":[{"href":"https:\/\/iwell-guard.com\/is\/wp-json\/wp\/v2\/types\/page"}],"author":[{"embeddable":true,"href":"https:\/\/iwell-guard.com\/is\/wp-json\/wp\/v2\/users\/3"}],"replies":[{"embeddable":true,"href":"https:\/\/iwell-guard.com\/is\/wp-json\/wp\/v2\/comments?post=168990"}],"version-history":[{"count":0,"href":"https:\/\/iwell-guard.com\/is\/wp-json\/wp\/v2\/pages\/168990\/revisions"}],"wp:featuredmedia":[{"embeddable":true,"href":"https:\/\/iwell-guard.com\/is\/wp-json\/wp\/v2\/media\/2872"}],"wp:attachment":[{"href":"https:\/\/iwell-guard.com\/is\/wp-json\/wp\/v2\/media?parent=168990"}],"wp:term":[{"taxonomy":"category","embeddable":true,"href":"https:\/\/iwell-guard.com\/is\/wp-json\/wp\/v2\/categories?post=168990"}],"curies":[{"name":"wp","href":"https:\/\/api.w.org\/{rel}","templated":true}]}}