{"id":168988,"date":"2026-09-05T14:04:38","date_gmt":"2026-09-05T14:04:38","guid":{"rendered":"https:\/\/iwell-guard.com\/?page_id=168988"},"modified":"2026-09-05T14:29:06","modified_gmt":"2026-09-05T14:29:06","slug":"asbuiga-hestaverndarandi-burjata","status":"publish","type":"page","link":"https:\/\/iwell-guard.com\/is\/asbuiga-hestaverndarandi-burjata\/","title":{"rendered":"Asbuiga \u2013 Verndarandi hesta hj\u00e1 B\u00farj\u00f6tum"},"content":{"rendered":"\t\t<div data-elementor-type=\"wp-page\" data-elementor-id=\"168988\" class=\"elementor elementor-168988 elementor-2643 elementor-bc-flex-widget\" data-elementor-post-type=\"page\">\n\t\t\t\t<div class=\"elementor-element elementor-element-iwgw-asbuiga-hero e-flex e-con-boxed e-con e-parent\" data-id=\"iwgw-asbuiga-hero\" data-element_type=\"container\" data-e-type=\"container\" data-settings=\"{&quot;background_background&quot;:&quot;classic&quot;}\">\n\t\t\t\t\t<div class=\"e-con-inner\">\n\t\t<div class=\"elementor-element elementor-element-iwgw-asbuiga-hl e-flex e-con-boxed e-con e-child\" data-id=\"iwgw-asbuiga-hl\" data-element_type=\"container\" data-e-type=\"container\">\n\t\t\t\t\t<div class=\"e-con-inner\">\n\t\t<div class=\"elementor-element elementor-element-iwgw-asbuiga-htxt e-con-full e-flex e-con e-child\" data-id=\"iwgw-asbuiga-htxt\" data-element_type=\"container\" data-e-type=\"container\">\n\t\t\t\t<div class=\"elementor-element elementor-element-iwgw-asbuiga-h1 elementor-widget elementor-widget-heading\" data-id=\"iwgw-asbuiga-h1\" data-element_type=\"widget\" data-e-type=\"widget\" data-widget_type=\"heading.default\">\n\t\t\t\t\t<h1 class=\"elementor-heading-title elementor-size-default\">Asbuiga, b\u00farjat\u00edsk-mong\u00f3lskur verndarandi hesta og hj\u00e1lparandi shamana<\/h1>\t\t\t\t<\/div>\n\t\t\t\t<div class=\"elementor-element elementor-element-iwgw-asbuiga-lead elementor-widget elementor-widget-text-editor\" data-id=\"iwgw-asbuiga-lead\" data-element_type=\"widget\" data-e-type=\"widget\" data-widget_type=\"text-editor.default\">\n\t\t\t\t\t\t\t\t\t<p>Asbuiga er b\u00farjat\u00edsk-mong\u00f3lskur verndarandi hesta sem kemur fram \u00ed shamanisma B\u00farjata sem hj\u00e1lparandi hinna \u201ehv\u00edtu\u201c efri shamana (<em>tsagaan b\u00f6\u00f6<\/em>) og s\u00e9r um reglu \u00ed hestahj\u00f6r\u00f0um.<\/p>\t\t\t\t\t\t\t\t<\/div>\n\t\t\t\t<\/div>\n\t\t<div class=\"elementor-element elementor-element-iwgw-asbuiga-pillc e-con-full e-flex e-con e-child\" data-id=\"iwgw-asbuiga-pillc\" data-element_type=\"container\" data-e-type=\"container\">\n\t\t\t\t<div class=\"elementor-element elementor-element-iwgw-asbuiga-pills elementor-widget elementor-widget-html\" data-id=\"iwgw-asbuiga-pills\" data-element_type=\"widget\" data-e-type=\"widget\" data-widget_type=\"html.default\">\n\t\t\t\t\t<div class=\"iwg-pill-row\"><span class=\"iwg-klasse-badge\" tabindex=\"0\" data-tooltip=\"Hj\u00e1lparandi shamana \u00far hef\u00f0 S\u00edber\u00edu \/ tengrisma.\">Hj\u00e1lparandi shamana<\/span><a href=\"https:\/\/iwell-guard.com\/is\/siberiskur-sjamanismi-tengrismi\/\" class=\"iwg-kultur-badge\" tabindex=\"0\" data-tooltip=\"Go\u00f0afr\u00e6\u00f0i hef\u00f0ar S\u00edber\u00edu \/ tengrisma.\">S\u00edber\u00eda \/ tengrismi<\/a><span class=\"iwg-tradition-badge\" tabindex=\"0\" data-tooltip=\"Hj\u00e1lparandi.\">Hj\u00e1lparandi<\/span><\/div>\t\t\t\t<\/div>\n\t\t\t\t<\/div>\n\t\t<div class=\"elementor-element elementor-element-iwgw-asbuiga-tocc e-con-full e-flex e-con e-child\" data-id=\"iwgw-asbuiga-tocc\" data-element_type=\"container\" data-e-type=\"container\">\n\t\t\t\t<div class=\"elementor-element elementor-element-iwgw-asbuiga-toc elementor-toc--minimized-on-tablet elementor-widget elementor-widget-table-of-contents\" data-id=\"iwgw-asbuiga-toc\" data-element_type=\"widget\" data-e-type=\"widget\" data-settings=\"{&quot;headings_by_tags&quot;:[&quot;h2&quot;,&quot;h3&quot;],&quot;minimize_box&quot;:&quot;yes&quot;,&quot;marker_view&quot;:&quot;bullets&quot;,&quot;no_headings_message&quot;:&quot;Engar undirfyrirsagnir fundust \\u00e1 \\u00feessari s\\u00ed\\u00f0u.&quot;,&quot;exclude_headings_by_selector&quot;:[],&quot;icon&quot;:{&quot;value&quot;:&quot;fas fa-circle&quot;,&quot;library&quot;:&quot;fa-solid&quot;,&quot;rendered_tag&quot;:&quot;&lt;svg class=\\&quot;e-font-icon-svg e-fas-circle\\&quot; viewBox=\\&quot;0 0 512 512\\&quot; xmlns=\\&quot;http:\\\/\\\/www.w3.org\\\/2000\\\/svg\\&quot;&gt;&lt;path d=\\&quot;M256 8C119 8 8 119 8 256s111 248 248 248 248-111 248-248S393 8 256 8z\\&quot;&gt;&lt;\\\/path&gt;&lt;\\\/svg&gt;&quot;},&quot;minimized_on&quot;:&quot;tablet&quot;,&quot;hierarchical_view&quot;:&quot;yes&quot;,&quot;min_height&quot;:{&quot;unit&quot;:&quot;px&quot;,&quot;size&quot;:&quot;&quot;,&quot;sizes&quot;:[]},&quot;min_height_tablet&quot;:{&quot;unit&quot;:&quot;px&quot;,&quot;size&quot;:&quot;&quot;,&quot;sizes&quot;:[]},&quot;min_height_mobile&quot;:{&quot;unit&quot;:&quot;px&quot;,&quot;size&quot;:&quot;&quot;,&quot;sizes&quot;:[]}}\" data-widget_type=\"table-of-contents.default\">\n\t\t\t\t\t\t\t\t\t<div class=\"elementor-toc__header\">\n\t\t\t\t\t\t<h2 class=\"elementor-toc__header-title\">\n\t\t\t\tEfnisyfirlit\t\t\t<\/h2>\n\t\t\t\t\t\t\t\t\t\t<div class=\"elementor-toc__toggle-button elementor-toc__toggle-button--expand\" role=\"button\" tabindex=\"0\" aria-controls=\"elementor-toc__iwgw-asbuiga-toc\" aria-expanded=\"true\" aria-label=\"Open table of contents\"><svg aria-hidden=\"true\" class=\"e-font-icon-svg e-fas-chevron-down\" viewBox=\"0 0 448 512\" xmlns=\"http:\/\/www.w3.org\/2000\/svg\"><path d=\"M207.029 381.476L12.686 187.132c-9.373-9.373-9.373-24.569 0-33.941l22.667-22.667c9.357-9.357 24.522-9.375 33.901-.04L224 284.505l154.745-154.021c9.379-9.335 24.544-9.317 33.901.04l22.667 22.667c9.373 9.373 9.373 24.569 0 33.941L240.971 381.476c-9.373 9.372-24.569 9.372-33.942 0z\"><\/path><\/svg><\/div>\n\t\t\t\t<div class=\"elementor-toc__toggle-button elementor-toc__toggle-button--collapse\" role=\"button\" tabindex=\"0\" aria-controls=\"elementor-toc__iwgw-asbuiga-toc\" aria-expanded=\"true\" aria-label=\"Close table of contents\"><svg aria-hidden=\"true\" class=\"e-font-icon-svg e-fas-chevron-up\" viewBox=\"0 0 448 512\" xmlns=\"http:\/\/www.w3.org\/2000\/svg\"><path d=\"M240.971 130.524l194.343 194.343c9.373 9.373 9.373 24.569 0 33.941l-22.667 22.667c-9.357 9.357-24.522 9.375-33.901.04L224 227.495 69.255 381.516c-9.379 9.335-24.544 9.317-33.901-.04l-22.667-22.667c-9.373-9.373-9.373-24.569 0-33.941L207.03 130.525c9.372-9.373 24.568-9.373 33.941-.001z\"><\/path><\/svg><\/div>\n\t\t\t\t\t<\/div>\n\t\t\t\t<div id=\"elementor-toc__iwgw-asbuiga-toc\" class=\"elementor-toc__body\">\n\t\t\t<div class=\"elementor-toc__spinner-container\">\n\t\t\t\t<svg class=\"elementor-toc__spinner eicon-animation-spin e-font-icon-svg e-eicon-loading\" aria-hidden=\"true\" viewBox=\"0 0 1000 1000\" xmlns=\"http:\/\/www.w3.org\/2000\/svg\"><path d=\"M500 975V858C696 858 858 696 858 500S696 142 500 142 142 304 142 500H25C25 237 238 25 500 25S975 237 975 500 763 975 500 975Z\"><\/path><\/svg>\t\t\t<\/div>\n\t\t<\/div>\n\t\t\t\t\t\t<\/div>\n\t\t\t\t<\/div>\n\t\t\t\t\t<\/div>\n\t\t\t\t<\/div>\n\t\t<div class=\"elementor-element elementor-element-iwgw-asbuiga-hr e-con-full e-flex e-con e-child\" data-id=\"iwgw-asbuiga-hr\" data-element_type=\"container\" data-e-type=\"container\">\n\t\t\t\t<div class=\"elementor-element elementor-element-iwgw-asbuiga-heroimg iwg-hero-image elementor-widget elementor-widget-image\" data-id=\"iwgw-asbuiga-heroimg\" data-element_type=\"widget\" data-e-type=\"widget\" data-widget_type=\"image.default\">\n\t\t\t\t\t\t\t\t\t\t\t\t\t\t\t<img fetchpriority=\"high\" decoding=\"async\" width=\"683\" height=\"1024\" src=\"https:\/\/iwell-guard.com\/wp-content\/uploads\/2026\/05\/geister_sibirisch-tengrismus_asbuiga-683x1024.webp\" class=\"attachment-large size-large wp-image-170797\" alt=\"Asbuiga - andar \u00far S\u00edber\u00edsk-tengrismi-hef\u00f0inni, s\u00f6guleg-myndskreytt\" srcset=\"https:\/\/iwell-guard.com\/wp-content\/uploads\/2026\/05\/geister_sibirisch-tengrismus_asbuiga-683x1024.webp 683w, https:\/\/iwell-guard.com\/wp-content\/uploads\/2026\/05\/geister_sibirisch-tengrismus_asbuiga-200x300.webp 200w, https:\/\/iwell-guard.com\/wp-content\/uploads\/2026\/05\/geister_sibirisch-tengrismus_asbuiga-768x1152.webp 768w, https:\/\/iwell-guard.com\/wp-content\/uploads\/2026\/05\/geister_sibirisch-tengrismus_asbuiga.webp 1024w\" sizes=\"(max-width: 683px) 100vw, 683px\" \/>\t\t\t\t\t\t\t\t\t\t\t\t\t\t\t<\/div>\n\t\t\t\t<\/div>\n\t\t\t\t\t<\/div>\n\t\t\t\t<\/div>\n\t\t<div class=\"elementor-element elementor-element-iwgw-asbuiga-s0 e-flex e-con-boxed e-con e-parent\" data-id=\"iwgw-asbuiga-s0\" data-element_type=\"container\" data-e-type=\"container\">\n\t\t\t\t\t<div class=\"e-con-inner\">\n\t\t\t\t<div class=\"elementor-element elementor-element-iwgw-asbuiga-s0h elementor-widget elementor-widget-heading\" data-id=\"iwgw-asbuiga-s0h\" data-element_type=\"widget\" data-e-type=\"widget\" data-widget_type=\"heading.default\">\n\t\t\t\t\t<h2 class=\"elementor-heading-title elementor-size-default\">Greining og skammrit<\/h2>\t\t\t\t<\/div>\n\t\t<div class=\"elementor-element elementor-element-iwgw-asbuiga-s0c e-con-full e-flex e-con e-child\" data-id=\"iwgw-asbuiga-s0c\" data-element_type=\"container\" data-e-type=\"container\">\n\t\t\t\t<div class=\"elementor-element elementor-element-iwgw-asbuiga-s0t elementor-widget elementor-widget-text-editor\" data-id=\"iwgw-asbuiga-s0t\" data-element_type=\"widget\" data-e-type=\"widget\" data-widget_type=\"text-editor.default\">\n\t\t\t\t\t\t\t\t\t<p>Asbuiga er tilt\u00f6lulega l\u00edtt \u00feekktur, en einkennandi hj\u00e1lparandi fyrir s\u00e9rh\u00e6ft lag b\u00farjat\u00edskrar tr\u00faar. \u00d3l\u00edkt hinum st\u00f3ru hestagu\u00f0um Sakha (<a href=\"https:\/\/iwell-guard.com\/is\/?page_id=168985\">Yhych-Khan<\/a>) er hann ekki \u00e6\u00f0ri gu\u00f0, heldur \u00fej\u00f3nandi, s\u00e9rt\u00e6kur <span class=\"iwg-fachbegriff\" data-tooltip=\"L\u00edkamslaus vera sem talin er hafa \u00e1hrif \u00ed heiminum.\" tabindex=\"0\">andi<\/span> innan b\u00farjat\u00edska shamanah\u00fassins (<em>b\u00f6\u00f6-tngri<\/em>-kerfi\u00f0).<\/p><p>Innan <a href=\"https:\/\/iwell-guard.com\/is\/siberiskur-sjamanismi-tengrismi\/\">s\u00edber\u00edsk-tengr\u00edsku hef\u00f0arinnar<\/a> s\u00fdnir hann hvernig hin \u00e6\u00f0ri gu\u00f0lega hestahlutverk greinist \u00ed yngri, s\u00e9rh\u00e6f\u00f0ari l\u00f6gum ni\u00f0ur \u00ed einstaka hj\u00e1lparanda. B\u00farjatar kannast vi\u00f0 heilt <span class=\"iwg-fachbegriff\" data-tooltip=\"Heild gu\u00f0a tr\u00faarbrag\u00f0a e\u00f0a menningar.\" tabindex=\"0\">pantheon<\/span> sl\u00edkra s\u00e9rh\u00e6f\u00f0ra anda, sem \u00ed fr\u00e6\u00f0um hefur veri\u00f0 l\u00fdst sem \u201eb\u00farjat\u00edskri go\u00f0ast\u00e9tt\u201c (Mih\u00e1ly Hopp\u00e1l).<\/p><p>B\u00farjatar b\u00faa vi\u00f0 Bajkalvatn og \u00ed steppum Transbajkal\u00edu; tr\u00fa \u00feeirra er s\u00e9rlega fj\u00f6lbreytt blanda af fornum mong\u00f3lsk-tengr\u00edskum l\u00f6gum, b\u00fadd\u00edskum \u00e1hrifum (Gelug-sk\u00f3linn fr\u00e1 17. \u00f6ld) og s\u00edber\u00edskum shaman\u00edskum \u00fe\u00e1ttum. Asbuiga tilheyrir shaman\u00edsku laginu, sem a\u00f0 hluta var vari\u00f0 gegn b\u00faddisma.<\/p>\t\t\t\t\t\t\t\t<\/div>\n\t\t\t\t<\/div>\n\t\t\t\t\t<\/div>\n\t\t\t\t<\/div>\n\t\t<div class=\"elementor-element elementor-element-iwgw-asbuiga-s1 e-flex e-con-boxed e-con e-parent\" data-id=\"iwgw-asbuiga-s1\" data-element_type=\"container\" data-e-type=\"container\">\n\t\t\t\t\t<div class=\"e-con-inner\">\n\t\t\t\t<div class=\"elementor-element elementor-element-iwgw-asbuiga-s1h elementor-widget elementor-widget-heading\" data-id=\"iwgw-asbuiga-s1h\" data-element_type=\"widget\" data-e-type=\"widget\" data-widget_type=\"heading.default\">\n\t\t\t\t\t<h2 class=\"elementor-heading-title elementor-size-default\">Nafn og or\u00f0sifjar<\/h2>\t\t\t\t<\/div>\n\t\t<div class=\"elementor-element elementor-element-iwgw-asbuiga-s1c e-con-full e-flex e-con e-child\" data-id=\"iwgw-asbuiga-s1c\" data-element_type=\"container\" data-e-type=\"container\">\n\t\t\t\t<div class=\"elementor-element elementor-element-iwgw-asbuiga-s1t elementor-widget elementor-widget-text-editor\" data-id=\"iwgw-asbuiga-s1t\" data-element_type=\"widget\" data-e-type=\"widget\" data-widget_type=\"text-editor.default\">\n\t\t\t\t\t\t\t\t\t<p>Nafni\u00f0 <em>Asbuiga<\/em> er fest \u00ed sessi sem s\u00e9rnafn \u00ed b\u00farjat\u00edskri hef\u00f0; sk\u00fdr or\u00f0sifjaleg \u00fatlegging skortir. Sumir fr\u00e6\u00f0imenn hafa lagt til tengsl vi\u00f0 <em>asuu \/ asha<\/em> (\u201evernd\u201c) og <em>buyaga<\/em> (or\u00f0r\u00f3t tengda hestum), sem myndi t\u00falka nafni\u00f0 sem \u201ehestag\u00e6tir\u201c. \u00deessi tilg\u00e1ta er tr\u00faver\u00f0ug en ekki fullkomlega sta\u00f0fest.<\/p><p>\u00d6nnur \u00fatlegging tengir nafni\u00f0 vi\u00f0 b\u00farjat\u00edska or\u00f0i\u00f0 <em>ashanaa<\/em>, helgan hestaumrei\u00f0 um h\u00e1t\u00ed\u00f0arsv\u00e6\u00f0i\u00f0, sem tengist Asbuiga. \u00cd \u00feessum skilningi v\u00e6ri nafni\u00f0 <span class=\"iwg-fachbegriff\" data-tooltip=\"Skipul\u00f6g\u00f0 r\u00f6\u00f0 t\u00e1kngj\u00f6r\u00f0ra athafna me\u00f0 tr\u00faarlegri e\u00f0a menningarlegri merkingu.\" tabindex=\"0\">helgisi\u00f0a<\/span>-tengt a\u00f0 uppruna, ekki fyrst og fremst l\u00edffr\u00e6\u00f0ilegt e\u00f0a eiginleikatengt.<\/p><p>Hangalov, mikilv\u00e6gasti b\u00farjat\u00edski \u00fej\u00f3\u00f0fr\u00e6\u00f0ingurinn \u00e1 fyrri hluta 20. aldar, skr\u00e1\u00f0i or\u00f0i\u00f0 \u00ed Sobranie sochinenij (Ulan-Ude 1958, 60), \u00e1n \u00feess a\u00f0 taka af skari\u00f0 um endanlega or\u00f0sifjafr\u00e6\u00f0i. \u00deessi opni endi or\u00f0sifjafr\u00e6\u00f0innar er ekki \u00f3venjulegur \u00ed tr\u00faarbrag\u00f0afr\u00e6\u00f0um \u00feegar um s\u00e9rh\u00e6f\u00f0a anda er a\u00f0 r\u00e6\u00f0a.<\/p>\t\t\t\t\t\t\t\t<\/div>\n\t\t\t\t<\/div>\n\t\t\t\t\t<\/div>\n\t\t\t\t<\/div>\n\t\t<div class=\"elementor-element elementor-element-iwgw-asbuiga-s2 e-flex e-con-boxed e-con e-parent\" data-id=\"iwgw-asbuiga-s2\" data-element_type=\"container\" data-e-type=\"container\">\n\t\t\t\t\t<div class=\"e-con-inner\">\n\t\t\t\t<div class=\"elementor-element elementor-element-iwgw-asbuiga-s2h elementor-widget elementor-widget-heading\" data-id=\"iwgw-asbuiga-s2h\" data-element_type=\"widget\" data-e-type=\"widget\" data-widget_type=\"heading.default\">\n\t\t\t\t\t<h2 class=\"elementor-heading-title elementor-size-default\">L\u00fdsing og myndm\u00e1l<\/h2>\t\t\t\t<\/div>\n\t\t<div class=\"elementor-element elementor-element-iwgw-asbuiga-s2c e-con-full e-flex e-con e-child\" data-id=\"iwgw-asbuiga-s2c\" data-element_type=\"container\" data-e-type=\"container\">\n\t\t\t\t<div class=\"elementor-element elementor-element-iwgw-asbuiga-s2t elementor-widget elementor-widget-text-editor\" data-id=\"iwgw-asbuiga-s2t\" data-element_type=\"widget\" data-e-type=\"widget\" data-widget_type=\"text-editor.default\">\n\t\t\t\t\t\t\t\t\t<p>Asbuiga er s\u00fdndur sem r\u00ed\u00f0andi ma\u00f0ur \u00e1 rau\u00f0skj\u00f3ttum hesti, me\u00f0 langan hala \u00far hrossh\u00e1li \u00e1 hnakknum. \u00c1 sjamana-speglum B\u00farjata (<em>toli<\/em>) birtist hann sem minni greypt riddaramynd \u00ed ne\u00f0stu r\u00f6\u00f0 hj\u00e1lparanda. \u00cd sumum \u00e6ttarh\u00fasum var \u00fatskorinn Asbuiga-stafur hluti af sjaman\u00edskum emb\u00e6ttist\u00e1knum.<\/p><p><em>Toli<\/em>-speglar B\u00farjata eru \u00f3venjulegur tr\u00faarlegur gripur: hringlaga bronsi- e\u00f0a j\u00e1rnsk\u00edfur me\u00f0 greyptum myndum af hj\u00e1lpar\u00f6ndum, sem <span class=\"iwg-fachbegriff\" data-tooltip=\"Tr\u00faarlegur s\u00e9rfr\u00e6\u00f0ingur sem talinn er mi\u00f0la milli manna og andaheims.\" tabindex=\"0\">sjamaninn<\/span> ber \u00e1 brj\u00f3sti e\u00f0a baki. Asbuiga er ein af \u00feeim myndum sem koma oftar fyrir \u00ed \u00feessari sm\u00e1ger\u00f0u t\u00e1knmynd.<\/p><p>\u00cd s\u00f6fnum \u00dej\u00f3\u00f0minjasafns B\u00farjat\u00edu (\u00dalan-\u00dade) hafa var\u00f0veist nokkrir Asbuiga-stafir og toli-speglar me\u00f0 Asbuiga-myndefni. Caroline Humphrey fjalla\u00f0i \u00edtarlega um \u00feessa efnismenningu \u00ed <em>Shamans and Elders<\/em> (1996).<\/p>\t\t\t\t\t\t\t\t<\/div>\n\t\t\t\t<\/div>\n\t\t\t\t\t<\/div>\n\t\t\t\t<\/div>\n\t\t<div class=\"elementor-element elementor-element-iwgw-asbuiga-s3 e-flex e-con-boxed e-con e-parent\" data-id=\"iwgw-asbuiga-s3\" data-element_type=\"container\" data-e-type=\"container\">\n\t\t\t\t\t<div class=\"e-con-inner\">\n\t\t\t\t<div class=\"elementor-element elementor-element-iwgw-asbuiga-s3h elementor-widget elementor-widget-heading\" data-id=\"iwgw-asbuiga-s3h\" data-element_type=\"widget\" data-e-type=\"widget\" data-widget_type=\"heading.default\">\n\t\t\t\t\t<h2 class=\"elementor-heading-title elementor-size-default\">Go\u00f0sagnakenndar fr\u00e1sagnir<\/h2>\t\t\t\t<\/div>\n\t\t<div class=\"elementor-element elementor-element-iwgw-asbuiga-s3c e-con-full e-flex e-con e-child\" data-id=\"iwgw-asbuiga-s3c\" data-element_type=\"container\" data-e-type=\"container\">\n\t\t\t\t<div class=\"elementor-element elementor-element-iwgw-asbuiga-s3t elementor-widget elementor-widget-text-editor\" data-id=\"iwgw-asbuiga-s3t\" data-element_type=\"widget\" data-e-type=\"widget\" data-widget_type=\"text-editor.default\">\n\t\t\t\t\t\t\t\t\t<p>B\u00farjat\u00edsk \u00e6ttart\u00f6l shamana (Hangalov, 1958) segja a\u00f0 Asbuiga hafi veri\u00f0 sendur af einum af hinum 33 vestl\u00e6gu Tengri til \u00e6ttb\u00e1lks \u00ed Cis-Bajkal-sv\u00e6\u00f0inu, til a\u00f0 endurbyggja hjar\u00f0irnar eftir hestafars\u00f3tt.<\/p><p>Fr\u00e1 \u00feeim t\u00edma kemur hann fram \u00ed v\u00edgsluath\u00f6fnum shamana sem \u201ehestal\u00e6rimeistari\u201c og veitir n\u00fdjum shaman getuna til a\u00f0 heyra \u201eme\u00f0 hestaeyra\u201c, \u00fe.e. a\u00f0 skilja raddir hjar\u00f0arins.<\/p><p>\u00d6nnur fr\u00e1s\u00f6gn segir fr\u00e1 \u00fev\u00ed hvernig Asbuiga, \u00e1samt \u00f6\u00f0rum hj\u00e1lpar\u00f6ndum, \u201el\u00e6knar\u201c sj\u00fakan st\u00f3\u00f0hest \u00e6ttb\u00e1lkah\u00f6f\u00f0ingja, innan hef\u00f0arinnar, me\u00f0 \u00fev\u00ed a\u00f0 leggja spegilsk\u00edfu \u00e1 d\u00fdri\u00f0 og r\u00ed\u00f0a \u00ferisvar sinnum \u00ed kringum hj\u00f6r\u00f0ina. \u00deessi fr\u00e1s\u00f6gn er \u00ed tr\u00faarlegri manneskjufr\u00e6\u00f0i fyrirmyndarsaga um shaman\u00edska l\u00e6knislist.<\/p><p>\u00deri\u00f0ja fr\u00e1s\u00f6gnin l\u00fdsir bar\u00e1ttu Asbuiga vi\u00f0 l\u00e6gri ska\u00f0aanda af tegundinni <em>khargi<\/em>, sem vill gera hryssurnar \u00f3frj\u00f3ar. Asbuiga vinnur me\u00f0 k\u00e6nsku: hann r\u00ed\u00f0ur aftur\u00e1bak \u00ed gegnum r\u00e9ttina og ska\u00f0aandinn villist. \u00deetta kl\u00e6kjabrag\u00f0s-<span class=\"iwg-fachbegriff\" data-tooltip=\"Endurteki\u00f0 innihaldsstef \u00ed list e\u00f0a fr\u00e1s\u00f6gn.\" tabindex=\"0\">stef<\/span> minnir \u00e1 margar a\u00f0rar s\u00f6gur um s\u00e9rh\u00e6f\u00f0a anda \u00ed S\u00edber\u00edu.<\/p>\t\t\t\t\t\t\t\t<\/div>\n\t\t\t\t<\/div>\n\t\t\t\t\t<\/div>\n\t\t\t\t<\/div>\n\t\t<div class=\"elementor-element elementor-element-iwgw-asbuiga-s4 e-flex e-con-boxed e-con e-parent\" data-id=\"iwgw-asbuiga-s4\" data-element_type=\"container\" data-e-type=\"container\">\n\t\t\t\t\t<div class=\"e-con-inner\">\n\t\t\t\t<div class=\"elementor-element elementor-element-iwgw-asbuiga-s4h elementor-widget elementor-widget-heading\" data-id=\"iwgw-asbuiga-s4h\" data-element_type=\"widget\" data-e-type=\"widget\" data-widget_type=\"heading.default\">\n\t\t\t\t\t<h2 class=\"elementor-heading-title elementor-size-default\">D\u00fdrkun og tilbei\u00f0sla<\/h2>\t\t\t\t<\/div>\n\t\t<div class=\"elementor-element elementor-element-iwgw-asbuiga-s4c e-con-full e-flex e-con e-child\" data-id=\"iwgw-asbuiga-s4c\" data-element_type=\"container\" data-e-type=\"container\">\n\t\t\t\t<div class=\"elementor-element elementor-element-iwgw-asbuiga-s4t elementor-widget elementor-widget-text-editor\" data-id=\"iwgw-asbuiga-s4t\" data-element_type=\"widget\" data-e-type=\"widget\" data-widget_type=\"text-editor.default\">\n\t\t\t\t\t\t\t\t\t<p>Asbuiga hefur engan opinberan <span class=\"iwg-fachbegriff\" data-tooltip=\"Heildarsafn tr\u00faarlegra tilbei\u00f0sluathafna helga\u00f0ra gu\u00f0i e\u00f0a heilagri v\u00e6ttu.\" tabindex=\"0\">helgisi\u00f0i<\/span>; tilbei\u00f0sla hans heyrir til loka\u00f0s svi\u00f0s v\u00edgslu sjamana og \u00e1rlegrar hesta-helgunar.<\/p><p>\u00cd s\u00ed\u00f0arnefndri ath\u00f6fn er heilbrig\u00f0ur hestur \u00fatnefndur \u201eAsbuiga-hestur\u201c: hann m\u00e1 ekki lengur temja, r\u00ed\u00f0a e\u00f0a sl\u00e1tra og lifir sem frj\u00e1lst d\u00fdr \u00ed hj\u00f6r\u00f0inni. \u00cd <a href=\"https:\/\/iwell-guard.com\/is\/?page_id=168984\">Khormusta<\/a>-mi\u00f0u\u00f0um sjamana-ath\u00f6fnum er Asbuiga \u00e1kalla\u00f0ur \u00ed r\u00f6\u00f0 hj\u00e1lparv\u00e6tta \u00feegar m\u00e1lefni hesta eru til umfj\u00f6llunar.<\/p><p>Caroline Humphrey l\u00fdsti sl\u00edkri ath\u00f6fn \u00ed sm\u00e1atri\u00f0um \u00ed <em>Shamans and Elders<\/em> (1996): <span class=\"iwg-fachbegriff\" data-tooltip=\"Tr\u00faarlegur s\u00e9rfr\u00e6\u00f0ingur sem eignu\u00f0 er mi\u00f0lun milli manna og andaheims.\" tabindex=\"0\">Sjamaninn<\/span> \u00e1kallar hvern \u00e1 eftir \u00f6\u00f0rum Tengri, Khormusta, s\u00ed\u00f0an forfe\u00f0ur \u00e6ttb\u00e1lksins og a\u00f0 lokum s\u00e9rh\u00e6f\u00f0u hj\u00e1lparv\u00e6ttirnar eins og Asbuiga. \u00deessi vir\u00f0ingarr\u00f6\u00f0 \u00e1kallana er meginform helgisi\u00f0a \u00ed b\u00farjatskri <span class=\"iwg-fachbegriff\" data-tooltip=\"Tr\u00faarlegt kerfi \u00fear sem s\u00e9rfr\u00e6\u00f0ingar hafa samskipti vi\u00f0 andaheiminn.\" tabindex=\"0\">sjamanisma<\/span>.<\/p><p>\u00c1 sov\u00e9tt\u00edmanum var Asbuiga-<span class=\"iwg-fachbegriff\" data-tooltip=\"Heildarsafn tr\u00faarlegra tilbei\u00f0sluathafna helga\u00f0ra gu\u00f0i e\u00f0a heilagri v\u00e6ttu.\" tabindex=\"0\">tilbei\u00f0slan<\/span> n\u00e6r fullkomlega b\u00e6ld ni\u00f0ur; \u00feeir f\u00e1u sem eftir voru af i\u00f0kendum unnu \u00ed leyni. Fr\u00e1 1991 hefur h\u00fan \u00e1tt varf\u00e6rna endurvakningu \u00e1 \u00e6ttb\u00e1lkasv\u00e6\u00f0um vi\u00f0 austurstr\u00f6nd Baikalvatns.<\/p>\t\t\t\t\t\t\t\t<\/div>\n\t\t\t\t<\/div>\n\t\t\t\t\t<\/div>\n\t\t\t\t<\/div>\n\t\t<div class=\"elementor-element elementor-element-iwgw-asbuiga-s5 e-flex e-con-boxed e-con e-parent\" data-id=\"iwgw-asbuiga-s5\" data-element_type=\"container\" data-e-type=\"container\">\n\t\t\t\t\t<div class=\"e-con-inner\">\n\t\t\t\t<div class=\"elementor-element elementor-element-iwgw-asbuiga-s5h elementor-widget elementor-widget-heading\" data-id=\"iwgw-asbuiga-s5h\" data-element_type=\"widget\" data-e-type=\"widget\" data-widget_type=\"heading.default\">\n\t\t\t\t\t<h2 class=\"elementor-heading-title elementor-size-default\">Verndara\u00f0ger\u00f0ir og fr\u00e1hrindandi t\u00e1kn<\/h2>\t\t\t\t<\/div>\n\t\t<div class=\"elementor-element elementor-element-iwgw-asbuiga-s5c e-con-full e-flex e-con e-child\" data-id=\"iwgw-asbuiga-s5c\" data-element_type=\"container\" data-e-type=\"container\">\n\t\t\t\t<div class=\"elementor-element elementor-element-iwgw-asbuiga-s5t elementor-widget elementor-widget-text-editor\" data-id=\"iwgw-asbuiga-s5t\" data-element_type=\"widget\" data-e-type=\"widget\" data-widget_type=\"text-editor.default\">\n\t\t\t\t\t\t\t\t\t<p>Tr\u00faarbrag\u00f0afr\u00e6\u00f0ilega l\u00fdst: Fr\u00e1hrindandi athafnir \u00ed Asbuiga-samst\u00e6\u00f0unni mi\u00f0a a\u00f0 \u00fev\u00ed a\u00f0 vernda hestahj\u00f6r\u00f0ina. Algeng atri\u00f0i eru: a\u00f0 hengja upp hv\u00edta hestah\u00e1rlokka \u00e1 hryssuh\u00e6linn, a\u00f0 reykja stallstaura me\u00f0 einiberjareyk, a\u00f0 for\u00f0ast \u00e1kve\u00f0in bannor\u00f0 \u00ed n\u00e1grenni hjar\u00f0arins (or\u00f0i\u00f0 \u201e\u00falfur\u201c er t.d. leyst af h\u00f3lmi me\u00f0 <em>kheer<\/em>, \u201eakur\u201c).<\/p><p>F\u00f3rnir til <em>obo<\/em>-steinhr\u00fagu me\u00f0 tengsl vi\u00f0 Asbuiga eru endurn\u00fdja\u00f0ar \u00e1 fyrsta degi vors \u00e1 nokkrum \u00e6ttb\u00e1lkasv\u00e6\u00f0um.<\/p><p>S\u00e9rst\u00f6k ath\u00f6fn er <em>shig<\/em>&#8211;<span class=\"iwg-fachbegriff\" data-tooltip=\"Regluleg atbur\u00f0ar\u00f6\u00f0 t\u00e1knger\u00f0ra athafna me\u00f0 tr\u00faarlega e\u00f0a menningarlega merkingu.\" tabindex=\"0\">helgisi\u00f0urinn<\/span>: \u00de\u00e1 daga sem n\u00fdtt folald f\u00e6\u00f0ist, f\u00f3rnar fj\u00f6lskyldan brau\u00f0bita og l\u00edtilli hryssumj\u00f3lk til Asbuiga og fer me\u00f0 stutt <span class=\"iwg-fachbegriff\" data-tooltip=\"B\u00e6narleg e\u00f0a \u00e1kallandi \u00e1v\u00f6rpun gu\u00f0s e\u00f0a m\u00e1ttar.\" tabindex=\"0\">\u00e1kall<\/span>. \u00deessi <span class=\"iwg-fachbegriff\" data-tooltip=\"Regluleg atbur\u00f0ar\u00f6\u00f0 t\u00e1knger\u00f0ra athafna me\u00f0 tr\u00faarlega e\u00f0a menningarlega merkingu.\" tabindex=\"0\">helgisi\u00f0ur<\/span> er \u00ed nokkrum b\u00farjatskum \u00feorpum lifandi enn \u00ed dag.<\/p><p>Innan hef\u00f0arinnar er brot \u00e1 \u00feessari ath\u00f6fn talin ors\u00f6k hestasj\u00fakd\u00f3ma; fr\u00e1 \u00fej\u00f3\u00f0fr\u00e6\u00f0ilegu sj\u00f3narhorni utan fr\u00e1 s\u00e9\u00f0 eru \u00feetta reglur sem skipuleggja daglegt l\u00edf og gefa efnahagslegri vi\u00f0kv\u00e6mni hestar\u00e6ktarins menningarlegt form. \u00deessi tv\u00f6 sj\u00f3narhorn \u00fatiloka ekki hvort anna\u00f0, heldur standa hli\u00f0 vi\u00f0 hli\u00f0.<\/p>\t\t\t\t\t\t\t\t<\/div>\n\t\t\t\t<\/div>\n\t\t\t\t\t<\/div>\n\t\t\t\t<\/div>\n\t\t<div class=\"elementor-element elementor-element-iwgw-asbuiga-s6 e-flex e-con-boxed e-con e-parent\" data-id=\"iwgw-asbuiga-s6\" data-element_type=\"container\" data-e-type=\"container\">\n\t\t\t\t\t<div class=\"e-con-inner\">\n\t\t\t\t<div class=\"elementor-element elementor-element-iwgw-asbuiga-s6h elementor-widget elementor-widget-heading\" data-id=\"iwgw-asbuiga-s6h\" data-element_type=\"widget\" data-e-type=\"widget\" data-widget_type=\"heading.default\">\n\t\t\t\t\t<h2 class=\"elementor-heading-title elementor-size-default\">Hli\u00f0st\u00e6\u00f0ur \u00ed \u00f6\u00f0rum menningarheimum<\/h2>\t\t\t\t<\/div>\n\t\t<div class=\"elementor-element elementor-element-iwgw-asbuiga-s6c e-con-full e-flex e-con e-child\" data-id=\"iwgw-asbuiga-s6c\" data-element_type=\"container\" data-e-type=\"container\">\n\t\t\t\t<div class=\"elementor-element elementor-element-iwgw-asbuiga-s6t elementor-widget elementor-widget-text-editor\" data-id=\"iwgw-asbuiga-s6t\" data-element_type=\"widget\" data-e-type=\"widget\" data-widget_type=\"text-editor.default\">\n\t\t\t\t\t\t\t\t\t<p>Samhli\u00f0a keltnesku hestav\u00e6ttunum (Epona sem \u00e6\u00f0ri gy\u00f0ja, auk minni hesta-daim\u00f3na), slavnesku Domovoi-s\u00e9rh\u00e6fingunum fyrir b\u00faf\u00e9, finnsku <em>haltija<\/em>. Tr\u00faarbrag\u00f0afyrirb\u00e6rafr\u00e6\u00f0ilega s\u00fdnir Asbuiga a\u00f0 heimur hj\u00e1lparv\u00e6tta sjamanismans er greinilega margfl\u00f3ttur og tengist sterkt efnahagslegum kjarna samf\u00e9lagsins.<\/p><p>\u00cd S\u00edber\u00edu sj\u00e1lfri er n\u00e1nasta hli\u00f0st\u00e6\u00f0an jak\u00fat\u00edski <em>kuralay<\/em>, verndarv\u00e6ttur hryssna undir <a href=\"https:\/\/iwell-guard.com\/is\/?page_id=168985\">Yhych-Khan<\/a>. Stigveldi\u00f0 \u00e6\u00f0ri gu\u00f0 yfir s\u00e9rgo\u00f0i yfir hj\u00e1lparv\u00e6tti kemur \u00feannig fyrir \u00ed m\u00f6rgum s\u00edber\u00edskum gu\u00f0aveldum.<\/p><p>\u00c1hugaver\u00f0ur samanbur\u00f0ur er einnig mong\u00f3lska <em>khaidam<\/em>-samst\u00e6\u00f0an, \u00fear sem einst\u00f6kum hj\u00e1lparv\u00e6ttum er \u00fathluta\u00f0 til einstakra d\u00fdra. Hin byggingarlega l\u00edkindi eru mikil; hin n\u00e1kv\u00e6ma s\u00f6guleg tengsl eru vi\u00f0fangsefni ranns\u00f3kna.<\/p>\t\t\t\t\t\t\t\t<\/div>\n\t\t\t\t<\/div>\n\t\t\t\t\t<\/div>\n\t\t\t\t<\/div>\n\t\t<div class=\"elementor-element elementor-element-iwgw-asbuiga-s7 e-flex e-con-boxed e-con e-parent\" data-id=\"iwgw-asbuiga-s7\" data-element_type=\"container\" data-e-type=\"container\">\n\t\t\t\t\t<div class=\"e-con-inner\">\n\t\t\t\t<div class=\"elementor-element elementor-element-iwgw-asbuiga-s7h elementor-widget elementor-widget-heading\" data-id=\"iwgw-asbuiga-s7h\" data-element_type=\"widget\" data-e-type=\"widget\" data-widget_type=\"heading.default\">\n\t\t\t\t\t<h2 class=\"elementor-heading-title elementor-size-default\">N\u00fat\u00edmavi\u00f0t\u00f6kur og ranns\u00f3knir<\/h2>\t\t\t\t<\/div>\n\t\t<div class=\"elementor-element elementor-element-iwgw-asbuiga-s7c e-con-full e-flex e-con e-child\" data-id=\"iwgw-asbuiga-s7c\" data-element_type=\"container\" data-e-type=\"container\">\n\t\t\t\t<div class=\"elementor-element elementor-element-iwgw-asbuiga-s7t elementor-widget elementor-widget-text-editor\" data-id=\"iwgw-asbuiga-s7t\" data-element_type=\"widget\" data-e-type=\"widget\" data-widget_type=\"text-editor.default\">\n\t\t\t\t\t\t\t\t\t<p>Asbuiga er ekki mj\u00f6g \u00e1berandi \u00ed hinni almennu b\u00farjatsku <span class=\"iwg-fachbegriff\" data-tooltip=\"Hin arfleidda \u00fej\u00f3\u00f0menning me\u00f0 si\u00f0um, s\u00f6gum og s\u00f6ngvum.\" tabindex=\"0\">\u00fej\u00f3\u00f0menningu<\/span>, en er \u00fe\u00f3 vel skjalfestur \u00ed fr\u00e6\u00f0ilegum s\u00e9rritum: Matvei N. Hangalov: <em>Sobranie sochinenij<\/em> (Ulan-Ude 1958, 1960); Mih\u00e1ly Hopp\u00e1l: <em>Shamans and Traditions<\/em> (Budapest 2007); Roberte Hamayon (1990); Caroline Humphrey (<em>Shamans and Elders<\/em>, 1996).<\/p><p>Sj\u00e1lfst\u00e6tt fr\u00e6\u00f0irit um b\u00farjatska hj\u00e1lparv\u00e6tti er til \u00ed V. P. Diakonova: <em>Tuvinskie i burjatskie shamany<\/em> (2001).<\/p><p>\u00cd hinu n\u00fdlega b\u00farjatska sjamana-f\u00e9lagi \u201eTengeri\u201c (stofna\u00f0 1993 \u00ed Ulan-Ude) er Asbuiga tekinn upp \u00ed hreinsunar- og v\u00edgsluath\u00f6fnum. F\u00e9lagi\u00f0 skjalfestir i\u00f0kun s\u00edna \u00e1 netinu, sem myndar \u00f3venju opinn frumgagnagrundv\u00f6ll fyrir \u00fej\u00f3\u00f0fr\u00e6\u00f0ilegar ranns\u00f3knir.<\/p><p>Ranns\u00f3knarsta\u00f0a Asbuiga er \u00ed heild f\u00e1t\u00e6klegri en hj\u00e1 hinum st\u00f3ru \u00e6\u00f0ri gu\u00f0um; \u00fea\u00f0 gerir hann \u00feversagnarkennt a\u00f0 \u00feakkl\u00e1tu ranns\u00f3knarefni fyrir unga tr\u00faarbrag\u00f0afr\u00e6\u00f0inga sem vilja vinna \u00ed minna ranns\u00f6ku\u00f0um l\u00f6gum s\u00edber\u00edskra tr\u00faarbrag\u00f0a.<\/p>\t\t\t\t\t\t\t\t<\/div>\n\t\t\t\t<\/div>\n\t\t\t\t\t<\/div>\n\t\t\t\t<\/div>\n\t\t<div class=\"elementor-element elementor-element-iwgw-asbuiga-s8 e-flex e-con-boxed e-con e-parent\" data-id=\"iwgw-asbuiga-s8\" data-element_type=\"container\" data-e-type=\"container\">\n\t\t\t\t\t<div class=\"e-con-inner\">\n\t\t\t\t<div class=\"elementor-element elementor-element-iwgw-asbuiga-s8h elementor-widget elementor-widget-heading\" data-id=\"iwgw-asbuiga-s8h\" data-element_type=\"widget\" data-e-type=\"widget\" data-widget_type=\"heading.default\">\n\t\t\t\t\t<h2 class=\"elementor-heading-title elementor-size-default\">Ranns\u00f3knarumr\u00e6\u00f0ur og opnar spurningar<\/h2>\t\t\t\t<\/div>\n\t\t<div class=\"elementor-element elementor-element-iwgw-asbuiga-s8c e-con-full e-flex e-con e-child\" data-id=\"iwgw-asbuiga-s8c\" data-element_type=\"container\" data-e-type=\"container\">\n\t\t\t\t<div class=\"elementor-element elementor-element-iwgw-asbuiga-s8t elementor-widget elementor-widget-text-editor\" data-id=\"iwgw-asbuiga-s8t\" data-element_type=\"widget\" data-e-type=\"widget\" data-widget_type=\"text-editor.default\">\n\t\t\t\t\t\t\t\t\t<p>Tv\u00e6r ranns\u00f3knarspurningar eru virkar n\u00fa. \u00cd fyrsta lagi: Hvernig tengist Asbuiga \u00f6\u00f0rum b\u00farjatskum hesta-hj\u00e1lparv\u00e6ttum (t.d. <em>Khormonostoi<\/em>, <em>Kheterik-Bookhoi<\/em>)? Hangalov t\u00f3k saman heilan lista sl\u00edkra s\u00e9rv\u00e6tta, en n\u00e1kv\u00e6mt stigveldi \u00feeirra og skipting hlutverka er \u00f3lj\u00f3st.<\/p><p>\u00cd \u00f6\u00f0ru lagi: Hva\u00f0a hlutverki gegnir Asbuiga-samst\u00e6\u00f0an \u00ed samt\u00edmadeilum b\u00farjatsks b\u00faddisma og b\u00farjatsks <span class=\"iwg-fachbegriff\" data-tooltip=\"Tr\u00faarlegt kerfi \u00fear sem s\u00e9rfr\u00e6\u00f0ingar hafa samskipti vi\u00f0 andaheiminn.\" tabindex=\"0\">sjamanisma<\/span>? B\u00e1\u00f0ar hreyfingarnar gera tilkall til \u00e1kve\u00f0inna athafna; hestar\u00e6kt er svi\u00f0 \u00fear sem sjaman\u00edskar athafnir hafa lifa\u00f0 s\u00e9rlega l\u00edfseigar.<\/p><p>A\u00f0 lokum: Hvernig breytist Asbuiga-i\u00f0kunin vegna efnahagsumbreytingar \u00ed B\u00farjat\u00edu (fer\u00f0a\u00fej\u00f3nusta, n\u00e1mugr\u00f6ftur, flutningur til borga)? H\u00e9r tengist <span class=\"iwg-fachbegriff\" data-tooltip=\"V\u00edsindin sem rannsaka tr\u00faarbr\u00f6g\u00f0 samanbur\u00f0arlega og \u00e1n tr\u00faarskuldbindingar.\" tabindex=\"0\">tr\u00faarbrag\u00f0afr\u00e6\u00f0i<\/span> f\u00e9lagslegri landafr\u00e6\u00f0i. Caroline Humphrey hefur \u00ed n\u00fdrri verkum s\u00ednum unni\u00f0 n\u00e1kv\u00e6mlega me\u00f0 \u00feessi m\u00f3tsv\u00e6\u00f0i.<\/p>\t\t\t\t\t\t\t\t<\/div>\n\t\t\t\t<\/div>\n\t\t\t\t\t<\/div>\n\t\t\t\t<\/div>\n\t\t<div class=\"elementor-element elementor-element-iwgw-asbuiga-s9 e-flex e-con-boxed e-con e-parent\" data-id=\"iwgw-asbuiga-s9\" data-element_type=\"container\" data-e-type=\"container\">\n\t\t\t\t\t<div class=\"e-con-inner\">\n\t\t\t\t<div class=\"elementor-element elementor-element-iwgw-asbuiga-s9h elementor-widget elementor-widget-heading\" data-id=\"iwgw-asbuiga-s9h\" data-element_type=\"widget\" data-e-type=\"widget\" data-widget_type=\"heading.default\">\n\t\t\t\t\t<h2 class=\"elementor-heading-title elementor-size-default\">Asbuiga \u00ed samt\u00edmasjamana-f\u00e9laginu Tengeri<\/h2>\t\t\t\t<\/div>\n\t\t<div class=\"elementor-element elementor-element-iwgw-asbuiga-s9c e-con-full e-flex e-con e-child\" data-id=\"iwgw-asbuiga-s9c\" data-element_type=\"container\" data-e-type=\"container\">\n\t\t\t\t<div class=\"elementor-element elementor-element-iwgw-asbuiga-s9t elementor-widget elementor-widget-text-editor\" data-id=\"iwgw-asbuiga-s9t\" data-element_type=\"widget\" data-e-type=\"widget\" data-widget_type=\"text-editor.default\">\n\t\t\t\t\t\t\t\t\t<p>B\u00farjat\u00edska sjamanasamt\u00f6kin \u201eTengeri\u201c voru stofnu\u00f0 \u00e1ri\u00f0 1993 \u00ed \u00dalan-\u00dade og eru \u00ed dag eitt af mikilv\u00e6gustu stofnanabundnu bur\u00f0arvirkjum b\u00farjat\u00edsks <span class=\"iwg-fachbegriff\" data-tooltip=\"Tr\u00faarlegt kerfi \u00fear sem s\u00e9rfr\u00e6\u00f0ingar hafa samskipti vi\u00f0 andaheiminn.\" tabindex=\"0\">sjamanisma<\/span>. \u00deau skipuleggja v\u00edgslur, samr\u00e6ma opinberar athafnir og halda umfangsmiki\u00f0 skjalasafn. Asbuiga er fastur hluti af \u00e1kallsr\u00f6\u00f0un \u00feeirra.<\/p><p>Tr\u00faarf\u00e9lagsfr\u00e6\u00f0ilega er \u201eTengeri\u201c \u00e1hugavert vegna \u00feess a\u00f0 samt\u00f6kin f\u00e6ra sjamanska i\u00f0kun yfir \u00ed n\u00fat\u00edmalegt f\u00e9lagsform, me\u00f0 f\u00e9lagssk\u00edrteinum, sam\u00feykktum og stj\u00f3rn. \u00deessi stofnanav\u00e6\u00f0ing er n\u00fdn\u00e6mi \u00ed tr\u00faars\u00f6gulegu samhengi og setur fr\u00e6\u00f0imenn frammi fyrir n\u00fdjum a\u00f0fer\u00f0afr\u00e6\u00f0ilegum verkefnum.<\/p><p>Caroline Humphrey og l\u00e6risveinar hennar hafa fylgt \u201eTengeri\u201c eftir me\u00f0 \u00fej\u00f3\u00f0fr\u00e6\u00f0ilegum ranns\u00f3knum og birt nokkrar mikilv\u00e6gar greinar. Samt\u00f6kin skr\u00e1 einnig i\u00f0kun s\u00edna \u00e1 netinu og gera \u00feannig sjaldg\u00e6fa beina heimildarvinnu m\u00f6gulega.<\/p>\t\t\t\t\t\t\t\t<\/div>\n\t\t\t\t<\/div>\n\t\t\t\t\t<\/div>\n\t\t\t\t<\/div>\n\t\t<div class=\"elementor-element elementor-element-iwgw-asbuiga-s10 e-flex e-con-boxed e-con e-parent\" data-id=\"iwgw-asbuiga-s10\" data-element_type=\"container\" data-e-type=\"container\">\n\t\t\t\t\t<div class=\"e-con-inner\">\n\t\t\t\t<div class=\"elementor-element elementor-element-iwgw-asbuiga-s10h elementor-widget elementor-widget-heading\" data-id=\"iwgw-asbuiga-s10h\" data-element_type=\"widget\" data-e-type=\"widget\" data-widget_type=\"heading.default\">\n\t\t\t\t\t<h2 class=\"elementor-heading-title elementor-size-default\">Heimildir og tengsl vi\u00f0 menningarmi\u00f0st\u00f6\u00f0ina<\/h2>\t\t\t\t<\/div>\n\t\t<div class=\"elementor-element elementor-element-iwgw-asbuiga-s10c e-con-full e-flex e-con e-child\" data-id=\"iwgw-asbuiga-s10c\" data-element_type=\"container\" data-e-type=\"container\">\n\t\t\t\t<div class=\"elementor-element elementor-element-iwgw-asbuiga-s10t elementor-widget elementor-widget-text-editor\" data-id=\"iwgw-asbuiga-s10t\" data-element_type=\"widget\" data-e-type=\"widget\" data-widget_type=\"text-editor.default\">\n\t\t\t\t\t\t\t\t\t<p>\u00deeir sem vilja kynna s\u00e9r Asbuiga-flokkinn \u00ed heild sinni finna \u00e1 yfirlitss\u00ed\u00f0unni <a href=\"https:\/\/iwell-guard.com\/is\/siberiskur-sjamanismi-tengrismi\/\">S\u00edber\u00edsk-tengr\u00edsk hef\u00f0<\/a> helstu tilv\u00edsanir \u00ed skyldar verur eins og <a href=\"https:\/\/iwell-guard.com\/is\/?page_id=168984\">Khormusta<\/a> (mong\u00f3lska h\u00f6fu\u00f0gu\u00f0) og <a href=\"https:\/\/iwell-guard.com\/is\/?page_id=168985\">Yhych-Khan<\/a> (jak\u00fatskan hesta-h\u00f6fu\u00f0gu\u00f0).<\/p><p>Matvei N. Hangalovs <em>Sobranie sochinenij<\/em> (\u00dalan-\u00dade 1958, 60) er mikilv\u00e6gasta frumheimildin. Caroline Humphreys <em>Shamans and Elders<\/em> (1996) og <em>Inside and Outside the Mongol Tent<\/em> (2002) eru mikilv\u00e6gustu samt\u00edmamannfr\u00e6\u00f0iritin.<\/p><p>Mih\u00e1ly Hopp\u00e1ls <em>Shamans and Traditions<\/em> (B\u00fadapest 2007) veitir v\u00ed\u00f0t\u00e6kt samanbur\u00f0arsj\u00f3narhorn og setur Asbuiga \u00ed st\u00e6rra samhengi evras\u00edskra hj\u00e1lparanda-hef\u00f0a. V. P. Diakonovas <em>Tuvinskie i burjatskie shamany<\/em> (2001) b\u00e6tir vi\u00f0 me\u00f0 r\u00fassneskri ranns\u00f3knard\u00fdpt.<\/p>\t\t\t\t\t\t\t\t<\/div>\n\t\t\t\t<\/div>\n\t\t\t\t\t<\/div>\n\t\t\t\t<\/div>\n\t\t<div class=\"elementor-element elementor-element-iwgw-asbuiga-s11 e-flex e-con-boxed e-con e-parent\" data-id=\"iwgw-asbuiga-s11\" data-element_type=\"container\" data-e-type=\"container\">\n\t\t\t\t\t<div class=\"e-con-inner\">\n\t\t\t\t<div class=\"elementor-element elementor-element-iwgw-asbuiga-s11h elementor-widget elementor-widget-heading\" data-id=\"iwgw-asbuiga-s11h\" data-element_type=\"widget\" data-e-type=\"widget\" data-widget_type=\"heading.default\">\n\t\t\t\t\t<h2 class=\"elementor-heading-title elementor-size-default\">Asbuiga \u00ed b\u00farjat\u00edska gu\u00f0aheiminum<\/h2>\t\t\t\t<\/div>\n\t\t<div class=\"elementor-element elementor-element-iwgw-asbuiga-s11c e-con-full e-flex e-con e-child\" data-id=\"iwgw-asbuiga-s11c\" data-element_type=\"container\" data-e-type=\"container\">\n\t\t\t\t<div class=\"elementor-element elementor-element-iwgw-asbuiga-s11t elementor-widget elementor-widget-text-editor\" data-id=\"iwgw-asbuiga-s11t\" data-element_type=\"widget\" data-e-type=\"widget\" data-widget_type=\"text-editor.default\">\n\t\t\t\t\t\t\t\t\t<p>Asbuiga er hluti af stigskiptum b\u00farjat\u00edsku <span class=\"iwg-fachbegriff\" data-tooltip=\"Heild gu\u00f0a \u00ed tr\u00faarbr\u00f6g\u00f0um e\u00f0a menningu.\" tabindex=\"0\">gu\u00f0aheimi<\/span>, sem er l\u00fdst \u00ed sm\u00e1atri\u00f0um \u00ed Sobranie sochinenij (1958, 60) eftir Hangalov. \u00c1 toppnum eru 99 Tengri (me\u00f0 <a href=\"https:\/\/iwell-guard.com\/is\/?page_id=168984\">Khormusta<\/a> sem lei\u00f0toga hinna 33 vestr\u00e6nu hv\u00edtu), \u00fear undir eru <em>Khaty<\/em>-\u00e6ttb\u00e1lkagu\u00f0irnir, s\u00ed\u00f0an hinir sta\u00f0bundnu <em>Ezhin<\/em>-andar og a\u00f0 lokum s\u00e9rh\u00e6f\u00f0ir hj\u00e1lparandar eins og Asbuiga.<\/p><p>\u00deessi fj\u00f6gurra \u00ferepa stigskipting er s\u00e9rstaklega vel \u00fer\u00f3u\u00f0 \u00ed tr\u00faarlegu kerfi; h\u00fan gerir b\u00farjat\u00edskan <span class=\"iwg-fachbegriff\" data-tooltip=\"Tr\u00faarlegt kerfi \u00fear sem s\u00e9rfr\u00e6\u00f0ingar hafa samskipti vi\u00f0 andaheiminn.\" tabindex=\"0\">sjamanisma<\/span> a\u00f0 einu best skjalfesta d\u00e6mi um \u201efl\u00f3ki\u00f0 byggt\u201c andakerfi.<\/p><p>Hlutverk Asbuiga \u00ed \u00feessu stigveldi er \u201ehlutverksbundinn s\u00e9rfr\u00e6\u00f0ingur\u201c: hann er ekki \u00e6\u00f0stur, en er \u00e1byrgur vi\u00f0takandi \u00e1 s\u00ednu s\u00e9rsvi\u00f0i. \u00deessi s\u00e9rh\u00e6fing fylgir hagfr\u00e6\u00f0ilegu r\u00f6kv\u00edsi b\u00farjat\u00edsks hestar\u00e6ktar.<\/p>\t\t\t\t\t\t\t\t<\/div>\n\t\t\t\t<\/div>\n\t\t\t\t\t<\/div>\n\t\t\t\t<\/div>\n\t\t<div class=\"elementor-element elementor-element-iwgw-asbuiga-s12 e-flex e-con-boxed e-con e-parent\" data-id=\"iwgw-asbuiga-s12\" data-element_type=\"container\" data-e-type=\"container\">\n\t\t\t\t\t<div class=\"e-con-inner\">\n\t\t\t\t<div class=\"elementor-element elementor-element-iwgw-asbuiga-s12h elementor-widget elementor-widget-heading\" data-id=\"iwgw-asbuiga-s12h\" data-element_type=\"widget\" data-e-type=\"widget\" data-widget_type=\"heading.default\">\n\t\t\t\t\t<h2 class=\"elementor-heading-title elementor-size-default\">A\u00f0fer\u00f0afr\u00e6\u00f0ileg \u00edgrundun<\/h2>\t\t\t\t<\/div>\n\t\t<div class=\"elementor-element elementor-element-iwgw-asbuiga-s12c e-con-full e-flex e-con e-child\" data-id=\"iwgw-asbuiga-s12c\" data-element_type=\"container\" data-e-type=\"container\">\n\t\t\t\t<div class=\"elementor-element elementor-element-iwgw-asbuiga-s12t elementor-widget elementor-widget-text-editor\" data-id=\"iwgw-asbuiga-s12t\" data-element_type=\"widget\" data-e-type=\"widget\" data-widget_type=\"text-editor.default\">\n\t\t\t\t\t\t\t\t\t<p>\u00cd ranns\u00f3knum \u00e1 Asbuiga koma upp nokkur a\u00f0fer\u00f0afr\u00e6\u00f0ileg vandam\u00e1l. \u00cd fyrsta lagi: frumheimildirnar eru f\u00e1ar; Hangalov er mikilv\u00e6gastur, auk nokkurra sov\u00e9skra skr\u00e1ninga. Kerfisbundin \u00fatv\u00edkkun heimildagrunnsins er enn \u00f3unnin.<\/p><p>\u00cd \u00f6\u00f0ru lagi: samt\u00edmaleg sjamansk i\u00f0kun \u00ed B\u00farjat\u00edu (\u201eTengeri\u201c-samt\u00f6kin) er sj\u00e1lfst\u00e6tt heimildasvi\u00f0 sem \u00fearf a\u00f0 fjalla um me\u00f0 g\u00e1t \u00ed tr\u00faar\u00fej\u00f3\u00f0fr\u00e6\u00f0i, h\u00fan er ekki einfaldlega framhald hinnar s\u00f6gulegu i\u00f0kunar heldur n\u00fat\u00edmaleg endursk\u00f6pun hennar.<\/p><p>\u00cd \u00feri\u00f0ja lagi: spennan milli b\u00fadd\u00edskra og sjamanskra laga \u00ed B\u00farjat\u00edu snertir einnig Asbuiga; \u00ed hvorri l\u00f6gunum hann \u00e1 s\u00f6gulegar r\u00e6tur er ekki a\u00f0 fullu sk\u00fdrt \u00ed \u00f6llum atri\u00f0um. Caroline Humphrey hefur l\u00fdst \u00feessum spennum \u00ed sm\u00e1atri\u00f0um.<\/p>\t\t\t\t\t\t\t\t<\/div>\n\t\t\t\t<\/div>\n\t\t\t\t\t<\/div>\n\t\t\t\t<\/div>\n\t\t<div class=\"elementor-element elementor-element-iwgw-asbuiga-s13 e-flex e-con-boxed e-con e-parent\" data-id=\"iwgw-asbuiga-s13\" data-element_type=\"container\" data-e-type=\"container\">\n\t\t\t\t\t<div class=\"e-con-inner\">\n\t\t\t\t<div class=\"elementor-element elementor-element-iwgw-asbuiga-s13h elementor-widget elementor-widget-heading\" data-id=\"iwgw-asbuiga-s13h\" data-element_type=\"widget\" data-e-type=\"widget\" data-widget_type=\"heading.default\">\n\t\t\t\t\t<h2 class=\"elementor-heading-title elementor-size-default\">Asbuiga og b\u00farjat\u00edsk b\u00faddatr\u00fa<\/h2>\t\t\t\t<\/div>\n\t\t<div class=\"elementor-element elementor-element-iwgw-asbuiga-s13c e-con-full e-flex e-con e-child\" data-id=\"iwgw-asbuiga-s13c\" data-element_type=\"container\" data-e-type=\"container\">\n\t\t\t\t<div class=\"elementor-element elementor-element-iwgw-asbuiga-s13t elementor-widget elementor-widget-text-editor\" data-id=\"iwgw-asbuiga-s13t\" data-element_type=\"widget\" data-e-type=\"widget\" data-widget_type=\"text-editor.default\">\n\t\t\t\t\t\t\t\t\t<p>Sambandi\u00f0 milli Asbuiga og b\u00farjat\u00edskrar b\u00faddatr\u00faar (Gelug-sk\u00f3linn, opinber tr\u00faarbr\u00f6g\u00f0 B\u00farjata fr\u00e1 17. \u00f6ld) ver\u00f0skuldar n\u00e1nari athugun. \u00cd dreifb\u00fdlum \u00e6ttb\u00e1lkasv\u00e6\u00f0um vi\u00f0 Cis-Baikal hefur Asbuiga a\u00f0 hluta lifa\u00f0 af sem \u201eb\u00fadd\u00edskur hj\u00e1lparandi\u201c, en \u00ed sjam\u00f6nskum hringjum vi\u00f0 Trans-Baikal sem \u201eekki-b\u00fadd\u00edskur s\u00e9randi\u201c.<\/p><p>\u00deessi tv\u00f6falda festing er s\u00f6guleg forvitnileg: h\u00fan s\u00fdnir a\u00f0 \u201eb\u00faddatr\u00fa\u201c og \u201e<span class=\"iwg-fachbegriff\" data-tooltip=\"Tr\u00faarlegt kerfi \u00fear sem s\u00e9rfr\u00e6\u00f0ingar hafa samskipti vi\u00f0 andaheiminn.\" tabindex=\"0\">sjamanismi<\/span>\u201c eru \u00ed B\u00farjat\u00edu ekki strengilega a\u00f0skildir heimar, heldur eiga s\u00e9r fl\u00e6\u00f0andi samskipti. Caroline Humphrey hefur greint \u00feetta fl\u00e6\u00f0i \u00ed sm\u00e1atri\u00f0um \u00ed <em>Shamans and Elders<\/em> (1996).<\/p><p>Samt\u00edmaleg sjamansamt\u00f6k \u201eTengeri\u201c taka afst\u00f6\u00f0u gegn yfirt\u00f6ku b\u00faddatr\u00faar og gera kr\u00f6fu til Asbuiga sem \u201ehreint sjamanskrar\u201c verur. Tr\u00faarf\u00e9lagsfr\u00e6\u00f0ilega er \u00feessi afst\u00f6\u00f0utaka sj\u00e1lfsmyndarmerki sem fer \u00fat fyrir hinar s\u00f6gulegu sta\u00f0reyndir.<\/p>\t\t\t\t\t\t\t\t<\/div>\n\t\t\t\t<\/div>\n\t\t\t\t\t<\/div>\n\t\t\t\t<\/div>\n\t\t<div class=\"elementor-element elementor-element-iwgw-asbuiga-s14 e-flex e-con-boxed e-con e-parent\" data-id=\"iwgw-asbuiga-s14\" data-element_type=\"container\" data-e-type=\"container\">\n\t\t\t\t\t<div class=\"e-con-inner\">\n\t\t\t\t<div class=\"elementor-element elementor-element-iwgw-asbuiga-s14h elementor-widget elementor-widget-heading\" data-id=\"iwgw-asbuiga-s14h\" data-element_type=\"widget\" data-e-type=\"widget\" data-widget_type=\"heading.default\">\n\t\t\t\t\t<h2 class=\"elementor-heading-title elementor-size-default\">Asbuiga og endurskipulagning b\u00farjat\u00edsku sjamanast\u00e9ttarins<\/h2>\t\t\t\t<\/div>\n\t\t<div class=\"elementor-element elementor-element-iwgw-asbuiga-s14c e-con-full e-flex e-con e-child\" data-id=\"iwgw-asbuiga-s14c\" data-element_type=\"container\" data-e-type=\"container\">\n\t\t\t\t<div class=\"elementor-element elementor-element-iwgw-asbuiga-s14t elementor-widget elementor-widget-text-editor\" data-id=\"iwgw-asbuiga-s14t\" data-element_type=\"widget\" data-e-type=\"widget\" data-widget_type=\"text-editor.default\">\n\t\t\t\t\t\t\t\t\t<p>Endurskipulagning b\u00farjat\u00edsku sjamanast\u00e9ttarins eftir 1990 ver\u00f0skuldar s\u00f6gulega d\u00fdpri athugun. Sov\u00e9skar k\u00fagunara\u00f0ger\u00f0ir h\u00f6f\u00f0u ska\u00f0a\u00f0 sjamanahef\u00f0ina alvarlega; \u00feeir f\u00e1u i\u00f0kendur sem eftir lif\u00f0u st\u00f6rfu\u00f0u \u00ed kyrr\u00feey. Me\u00f0 p\u00f3lit\u00edskri frelsun og endurvakningu b\u00faddatr\u00faar m\u00f3ta\u00f0ist einnig opinberlega i\u00f0ka\u00f0ur <span class=\"iwg-fachbegriff\" data-tooltip=\"Tr\u00faarlegt kerfi \u00fear sem s\u00e9rfr\u00e6\u00f0ingar hafa samskipti vi\u00f0 andaheiminn.\" tabindex=\"0\">sjamanismi<\/span>, sem skipulag\u00f0i sig \u00ed nokkrum samkeppnandi samt\u00f6kum.<\/p><p>Mikilv\u00e6gustu samt\u00f6kin eru \u201eTengeri\u201c (stofnu\u00f0 1993, \u00ed \u00dalan-\u00dade) og \u201eBoo Murgel\u201c (nokkru s\u00ed\u00f0ar). B\u00e6\u00f0i gera kr\u00f6fu til Asbuiga sem hluta af s\u00ednu safni, \u00fe\u00f3 me\u00f0 mismunandi t\u00e1knr\u00e6nni \u00fatf\u00e6rslu. Caroline Humphrey hefur l\u00fdst \u00feessari stofnanalegu fj\u00f6lbreytni \u00ed sm\u00e1atri\u00f0um.<\/p><p>Tr\u00faarf\u00e9lagsfr\u00e6\u00f0ilega er \u00feessi fj\u00f6lhyggja \u00e1hugavert tilvik: m\u00f3tun \u201esjamanast\u00e9ttar\u201c sem n\u00fat\u00edmalegs f\u00e9lagsforms er n\u00fdn\u00e6mi sem breytir hinum hef\u00f0bundna e\u00f0li i\u00f0kunarinnar. Fyrir unga fr\u00e6\u00f0imenn opnast h\u00e9r gj\u00f6fult ranns\u00f3knarsvi\u00f0 \u00e1 m\u00f6rkum tr\u00faar\u00fej\u00f3\u00f0fr\u00e6\u00f0i og skipulagsf\u00e9lagsfr\u00e6\u00f0i.<\/p>\t\t\t\t\t\t\t\t<\/div>\n\t\t\t\t<\/div>\n\t\t\t\t\t<\/div>\n\t\t\t\t<\/div>\n\t\t<div class=\"elementor-element elementor-element-iwgw-asbuiga-s15 e-flex e-con-boxed e-con e-parent\" data-id=\"iwgw-asbuiga-s15\" data-element_type=\"container\" data-e-type=\"container\">\n\t\t\t\t\t<div class=\"e-con-inner\">\n\t\t\t\t<div class=\"elementor-element elementor-element-iwgw-asbuiga-s15h elementor-widget elementor-widget-heading\" data-id=\"iwgw-asbuiga-s15h\" data-element_type=\"widget\" data-e-type=\"widget\" data-widget_type=\"heading.default\">\n\t\t\t\t\t<h2 class=\"elementor-heading-title elementor-size-default\">Asbuiga \u00ed al\u00fej\u00f3\u00f0legum sjamanaranns\u00f3knum<\/h2>\t\t\t\t<\/div>\n\t\t<div class=\"elementor-element elementor-element-iwgw-asbuiga-s15c e-con-full e-flex e-con e-child\" data-id=\"iwgw-asbuiga-s15c\" data-element_type=\"container\" data-e-type=\"container\">\n\t\t\t\t<div class=\"elementor-element elementor-element-iwgw-asbuiga-s15t elementor-widget elementor-widget-text-editor\" data-id=\"iwgw-asbuiga-s15t\" data-element_type=\"widget\" data-e-type=\"widget\" data-widget_type=\"text-editor.default\">\n\t\t\t\t\t\t\t\t\t<p>Asbuiga hefur \u00e1 s\u00ed\u00f0ustu tveimur \u00e1ratugum veri\u00f0 tekinn upp \u00ed al\u00fej\u00f3\u00f0legar shamanisma-ranns\u00f3knir. B\u00f3k Mih\u00e1lys Hopp\u00e1ls <em>Shamans and Traditions<\/em> (Budapest 2007) fellir hann inn \u00ed hi\u00f0 st\u00e6rra svi\u00f0 evras\u00edskra hj\u00e1lparanda-hef\u00f0a. Andrei Znamenski fjallar um hann \u00ed <em>Shamanism and Western Imagination<\/em> (2007) sem d\u00e6mi um s\u00e9rh\u00e6fingu shaman\u00edskra \u00e1kalla.<\/p><p>Ungverskar shamanisma-ranns\u00f3knir hafa h\u00e9r s\u00e9rst\u00f6ku hlutverki a\u00f0 gegna, en \u00fe\u00e6r hafa allt fr\u00e1 Vilmos Di\u00f3szegi (1923, 1972) \u00fer\u00f3a\u00f0 eigin sk\u00f3la samanbur\u00f0arranns\u00f3kna \u00e1 evras\u00edskum shamanisma. Eftirmenn Di\u00f3szegis, Hopp\u00e1l og P\u00e1l <span class=\"iwg-fachbegriff\" data-tooltip=\"\u00cd abraham\u00edskum tr\u00faarbr\u00f6g\u00f0um himneskur sendibo\u00f0i Gu\u00f0s.\" tabindex=\"0\">Engel<\/span>, hafa teki\u00f0 Asbuiga inn \u00ed \u00feessa samanbur\u00f0arhef\u00f0.<\/p><p>Fyrir n\u00fat\u00edma <span class=\"iwg-fachbegriff\" data-tooltip=\"Fr\u00e6\u00f0igreinin sem rannsakar tr\u00faarbr\u00f6g\u00f0 me\u00f0 samanbur\u00f0i og \u00e1n tr\u00faarlegrar afst\u00f6\u00f0u.\" tabindex=\"0\">tr\u00faarbrag\u00f0afr\u00e6\u00f0i<\/span> er Asbuiga \u00fear me\u00f0 ekki lengur ja\u00f0arpers\u00f3na \u00far b\u00farjat\u00edskum s\u00e9rfr\u00e6\u00f0um heldur hluti af r\u00f3tgr\u00f3nu ranns\u00f3knarsvi\u00f0i. \u00deessi upptaka er tr\u00faars\u00f6gulega athyglisver\u00f0 og gerir hann a\u00f0 spennandi ranns\u00f3knarefni fyrir unga fr\u00e6\u00f0imenn.<\/p>\t\t\t\t\t\t\t\t<\/div>\n\t\t\t\t<\/div>\n\t\t\t\t\t<\/div>\n\t\t\t\t<\/div>\n\t\t<div class=\"elementor-element elementor-element-cp2d1253e9 e-flex e-con-boxed e-con e-parent\" data-id=\"cp2d1253e9\" data-element_type=\"container\" data-e-type=\"container\">\n\t\t\t\t\t<div class=\"e-con-inner\">\n\t\t\t\t<div class=\"elementor-element elementor-element-cp25e827d2 elementor-widget elementor-widget-heading\" data-id=\"cp25e827d2\" data-element_type=\"widget\" data-e-type=\"widget\" data-widget_type=\"heading.default\">\n\t\t\t\t\t<h2 class=\"elementor-heading-title elementor-size-default\">Smi\u00f0urinn \u00ed heimsmynd Jak\u00fata og f\u00e9lagsleg sta\u00f0a handverksins<\/h2>\t\t\t\t<\/div>\n\t\t<div class=\"elementor-element elementor-element-cp23c021d3 e-flex e-con-boxed e-con e-child\" data-id=\"cp23c021d3\" data-element_type=\"container\" data-e-type=\"container\">\n\t\t\t\t\t<div class=\"e-con-inner\">\n\t\t\t\t<div class=\"elementor-element elementor-element-cp291830cb elementor-widget elementor-widget-text-editor\" data-id=\"cp291830cb\" data-element_type=\"widget\" data-e-type=\"widget\" data-widget_type=\"text-editor.default\">\n\t\t\t\t\t\t\t\t\t<p>D\u00fdrkun smi\u00f0agu\u00f0s, eins og h\u00fan er vottu\u00f0 fyrir <em>Asbuiga<\/em> \u00ed jak\u00fat\u00edsk-s\u00edber\u00edskri <span class=\"iwg-fachbegriff\" data-tooltip=\"Mi\u00f0lun \u00feekkingar og fr\u00e1sagna milli kynsl\u00f3\u00f0a.\" tabindex=\"0\">munnm\u00e6lahef\u00f0<\/span>, ver\u00f0ur a\u00f0eins skilin \u00feegar teki\u00f0 er tillit til s\u00e9rst\u00f6\u00f0u smi\u00f0sins \u00ed samf\u00e9l\u00f6gum Nor\u00f0ur-As\u00edu.<\/p><p>Me\u00f0al Jak\u00fata, sem kalla sig sj\u00e1lfa <em>Sacha<\/em>, \u00fe\u00f3tti sm\u00ed\u00f0avinna ekki venjulegt handverk heldur h\u00e6ttulegt og vir\u00f0ingarvert ath\u00e6fi sem haf\u00f0i snertingu vi\u00f0 yfirn\u00e1tt\u00farulega krafta. \u00datbreitt or\u00f0atilt\u00e6ki, sem fr\u00e6\u00f0imenn eins og Wassili Sieroszewski skr\u00e1\u00f0u \u00ed lok 19. aldar, setur smi\u00f0 og <span class=\"iwg-fachbegriff\" data-tooltip=\"Tr\u00faarlegur s\u00e9rfr\u00e6\u00f0ingur sem talinn er mi\u00f0la milli manna og andaheims.\" tabindex=\"0\">shaman<\/span> \u00e1 sama plan og segir b\u00e1\u00f0a koma \u00far sama hrei\u00f0ri.<\/p><p>\u00deessi jafnsta\u00f0a haf\u00f0i hagn\u00fdtar \u00e1st\u00e6\u00f0ur. Smi\u00f0urinn r\u00edkti yfir eldinum, m\u00e1lmi verkf\u00e6ranna og fyrst og fremst yfir j\u00e1rnhlutum shaman-b\u00faningsins, sem voru <span class=\"iwg-fachbegriff\" data-tooltip=\"\u00dea\u00f0 sem tilheyrir \u00e1kve\u00f0nu, fastm\u00f3tu\u00f0u tr\u00faarlegu ath\u00e6fi.\" tabindex=\"0\">helgisi\u00f0abundnir<\/span> og \u00e1n \u00feeirra gat <span class=\"iwg-fachbegriff\" data-tooltip=\"Tr\u00faarlegur s\u00e9rfr\u00e6\u00f0ingur sem talinn er mi\u00f0la milli manna og andaheims.\" tabindex=\"0\">shaman<\/span> ekki lagt \u00ed reisur s\u00ednar.<\/p><p>Smi\u00f0urinn st\u00f3\u00f0 \u00feannig vi\u00f0 upphafspunkt hinnar tr\u00faarlegu t\u00e6kja\u00fatb\u00fana\u00f0ar sj\u00e1lfrar. Sagnir greina fr\u00e1 \u00fev\u00ed a\u00f0 a\u00f0eins smi\u00f0ur af langri \u00e6tt smi\u00f0a hafi m\u00e1tt sm\u00ed\u00f0a \u00feyngstu hluta b\u00faningsins, \u00fev\u00ed annars myndu andarnir taka ska\u00f0a.<\/p><p>\u00cd \u00feessu samhengi tilheyrir Asbuiga sem himneskur e\u00f0a undirheima uppruni sm\u00ed\u00f0alistarinnar. Jak\u00fat\u00edsk <span class=\"iwg-fachbegriff\" data-tooltip=\"Hugmynd um uppbyggingu og skipulag heimsins innan \u00e1kve\u00f0innar menningar.\" tabindex=\"0\">heimsmynd<\/span> tengir sm\u00ed\u00f0akraftinn frekar vi\u00f0 undirheiminn, svi\u00f0 eldsins og h\u00e6ttulegra anda, me\u00f0an bjartir skapandi gu\u00f0ir tilheyra efri heiminum.<\/p><p>\u00deannig er smi\u00f0agu\u00f0inn tv\u00edr\u00e6\u00f0ur. Hann er gjafi \u00f3missandi \u00feekkingar og tengist samt\u00edmis svi\u00f0i sem menn fara varlega me\u00f0.<\/p><p>R\u00fdna m\u00e1 gagnr\u00fdni\u00f0 hvernig jak\u00fat\u00edsk tr\u00faarbr\u00f6g\u00f0 voru fyrst skr\u00e1\u00f0 seint og a\u00f0allega af r\u00fassneskum \u00fej\u00f3\u00f0fr\u00e6\u00f0ingum og p\u00f3lit\u00edskum \u00fatl\u00f6gum sem bjuggu \u00ed S\u00edber\u00edu \u00e1 19. \u00f6ld. Skr\u00e1ningar \u00feeirra eru mikilv\u00e6gar en bera merki utana\u00f0komandi s\u00fdnar og kynsl\u00f3\u00f0ar heimildarmanna sem \u00feegar var undir kristnum \u00e1hrifum.<\/p><p>Tengsl smi\u00f0s, elds og helgisi\u00f0am\u00e1ttar eru \u00fer\u00e1tt fyrir \u00feetta v\u00ed\u00f0a og \u00f3h\u00e1\u00f0 vottu\u00f0 og teljast me\u00f0al best sta\u00f0festra einkenna nor\u00f0ur-as\u00edskrar tr\u00faarbrag\u00f0as\u00f6gu. Asbuiga er \u00ed \u00feessu samhengi ekki einangra\u00f0 go\u00f0s\u00f6gulegt sm\u00e1atri\u00f0i heldur tr\u00faarleg birting raunverulegs f\u00e9lagslegs veruleika.<\/p>\t\t\t\t\t\t\t\t<\/div>\n\t\t\t\t\t<\/div>\n\t\t\t\t<\/div>\n\t\t\t\t\t<\/div>\n\t\t\t\t<\/div>\n\t\t<div class=\"elementor-element elementor-element-iwgw-asbuiga-lit e-flex e-con-boxed e-con e-parent\" data-id=\"iwgw-asbuiga-lit\" data-element_type=\"container\" data-e-type=\"container\">\n\t\t\t\t\t<div class=\"e-con-inner\">\n\t\t\t\t<div class=\"elementor-element elementor-element-iwgw-asbuiga-lith elementor-widget elementor-widget-heading\" data-id=\"iwgw-asbuiga-lith\" data-element_type=\"widget\" data-e-type=\"widget\" data-widget_type=\"heading.default\">\n\t\t\t\t\t<h2 class=\"elementor-heading-title elementor-size-default\">Heimildir (\u00farval)<\/h2>\t\t\t\t<\/div>\n\t\t<div class=\"elementor-element elementor-element-iwgw-asbuiga-litc e-con-full e-flex e-con e-child\" data-id=\"iwgw-asbuiga-litc\" data-element_type=\"container\" data-e-type=\"container\">\n\t\t\t\t<div class=\"elementor-element elementor-element-iwgw-asbuiga-litt elementor-widget elementor-widget-text-editor\" data-id=\"iwgw-asbuiga-litt\" data-element_type=\"widget\" data-e-type=\"widget\" data-widget_type=\"text-editor.default\">\n\t\t\t\t\t\t\t\t\t<ul><li>M. N. Hangalov: <em>Sobranie sochinenij<\/em> (Ulan-Ude 1958, 1960)<\/li><li>Caroline Humphrey: <em>Shamans and Elders<\/em> (1996)<\/li><li>Mih\u00e1ly Hopp\u00e1l: <em>Shamans and Traditions<\/em> (2007)<\/li><li>V. P. Diakonova: <em>Tuvinskie i burjatskie shamany<\/em> (2001)<\/li><li>Roberte Hamayon: <em>La chasse \u00e0 l&#8217;\u00e2me<\/em> (1990)<\/li><li>Andrei Znamenski: <em>Shamanism and Western Imagination<\/em> (2007)<\/li><li>Vladimir Basilov: <em>Shamanism in Siberia<\/em> (1984)<\/li><\/ul>\t\t\t\t\t\t\t\t<\/div>\n\t\t\t\t<\/div>\n\t\t\t\t\t<\/div>\n\t\t\t\t<\/div>\n\t\t<div class=\"elementor-element elementor-element-iwgkw2-add-asbuiga e-flex e-con-boxed e-con e-parent\" data-id=\"iwgkw2-add-asbuiga\" data-element_type=\"container\" data-e-type=\"container\">\n\t\t\t\t\t<div class=\"e-con-inner\">\n\t\t\t\t<div class=\"elementor-element elementor-element-iwgkw2-add-asbuiga-t elementor-widget elementor-widget-text-editor\" data-id=\"iwgkw2-add-asbuiga-t\" data-element_type=\"widget\" data-e-type=\"widget\" data-widget_type=\"text-editor.default\">\n\t\t\t\t\t\t\t\t\t<p>\u00cd b\u00farjat\u00edsk-mong\u00f3lskri <span class=\"iwg-fachbegriff\" data-tooltip=\"Munnm\u00e6lasaga um gu\u00f0i, uppruna og skipulag heimsins.\" tabindex=\"0\">go\u00f0s\u00f6gn<\/span> kemur Asbuiga fram sem hestandi og shaman\u00edskur hj\u00e1lparandi; heimildir fr\u00e1 Bajkal- og Saghalien-sv\u00e6\u00f0inu l\u00fdsa honum sem fylgdarmanni \u00ed andareisum og verndara hjar\u00f0a.<\/p>\t\t\t\t\t\t\t\t<\/div>\n\t\t\t\t\t<\/div>\n\t\t\t\t<\/div>\n\t\t<div class=\"elementor-element elementor-element-iwgw-asbuiga-kwd e-flex e-con-boxed e-con e-parent\" data-id=\"iwgw-asbuiga-kwd\" data-element_type=\"container\" data-e-type=\"container\">\n\t\t\t\t\t<div class=\"e-con-inner\">\n\t\t<div class=\"elementor-element elementor-element-iwgw-asbuiga-kwdc e-con-full e-flex e-con e-child\" data-id=\"iwgw-asbuiga-kwdc\" data-element_type=\"container\" data-e-type=\"container\">\n\t\t\t\t<div class=\"elementor-element elementor-element-iwgw-asbuiga-kwdt elementor-widget elementor-widget-text-editor\" data-id=\"iwgw-asbuiga-kwdt\" data-element_type=\"widget\" data-e-type=\"widget\" data-widget_type=\"text-editor.default\">\n\t\t\t\t\t\t\t\t\t<p><em>Tengd lykilor\u00f0: Asbuiga B\u00farjatar shamanar hj\u00e1lparandi hestar Hangalov toli.<\/em><\/p>\t\t\t\t\t\t\t\t<\/div>\n\t\t\t\t<\/div>\n\t\t\t\t\t<\/div>\n\t\t\t\t<\/div>\n\t\t<div class=\"elementor-element elementor-element-iwgw-asbuiga-cc e-flex e-con-boxed e-con e-parent\" data-id=\"iwgw-asbuiga-cc\" data-element_type=\"container\" data-e-type=\"container\" id=\"iwg-cc-asbuiga\">\n\t\t\t\t\t<div class=\"e-con-inner\">\n\t\t<div class=\"elementor-element elementor-element-iwgw-asbuiga-ccinner e-flex e-con-boxed e-con e-parent\" data-id=\"iwgw-asbuiga-ccinner\" data-element_type=\"container\" data-e-type=\"container\" data-settings=\"{&quot;background_background&quot;:&quot;classic&quot;}\">\n\t\t\t\t\t<div class=\"e-con-inner\">\n\t\t\t\t<div class=\"elementor-element elementor-element-iwgw-asbuiga-cch elementor-widget elementor-widget-heading\" data-id=\"iwgw-asbuiga-cch\" data-element_type=\"widget\" data-e-type=\"widget\" data-widget_type=\"heading.default\">\n\t\t\t\t\t<h2 class=\"elementor-heading-title elementor-size-default\">iWell Guard og verndarhef\u00f0ir<\/h2>\t\t\t\t<\/div>\n\t\t\t\t<div class=\"elementor-element elementor-element-iwgw-asbuiga-cct elementor-widget elementor-widget-text-editor\" data-id=\"iwgw-asbuiga-cct\" data-element_type=\"widget\" data-e-type=\"widget\" data-widget_type=\"text-editor.default\">\n\t\t\t\t\t\t\t\t\t<div data-nosnippet=\"true\"><p>iWell Guard tengist menningars\u00f6gulegri hef\u00f0 farandlegra verndargripa, \u00ed hef\u00f0 <a href=\"https:\/\/iwell-guard.com\/is\/siberiskur-sjamanismi-tengrismi\/\">S\u00edber\u00edu \/ tengrisma<\/a> og margra annarra menningarheima um allan heim. 41 l\u00f6g, alv\u00f6ru gull, plat\u00edna, silfur, framleitt \u00ed \u00de\u00fdskalandi. 30 daga skilar\u00e9ttur.<\/p><\/div>\t\t\t\t\t\t\t\t<\/div>\n\t\t\t\t<div class=\"elementor-element elementor-element-iwgw-asbuiga-ccb iwg-cc-button iwg-cc-cta-2026-05-13 elementor-widget elementor-widget-jet-button\" data-id=\"iwgw-asbuiga-ccb\" data-element_type=\"widget\" data-e-type=\"widget\" data-widget_type=\"jet-button.default\">\n\t\t\t\t<div class=\"elementor-widget-container\">\n\t\t\t\t\t<div class=\"elementor-jet-button jet-elements\"><div class=\"jet-button__container\"><a class=\"jet-button__instance jet-button__instance--icon-left hover-effect-1\" href=\"\/ueber-iwell-guard\/?utm_source=iwell-guard.com&amp;utm_medium=info-box&amp;utm_campaign=wesen-tradition\"><div class=\"jet-button__plane jet-button__plane-normal\"><\/div><div class=\"jet-button__plane jet-button__plane-hover\"><\/div><div class=\"jet-button__state jet-button__state-normal\"><span class=\"jet-button__label\">Meira um iWell Guard<\/span><\/div><div class=\"jet-button__state jet-button__state-hover\"><span class=\"jet-button__label\">Meira um iWell Guard<\/span><\/div><\/a><\/div><\/div><style>.elementor-element.elementor-element-iwgw-asbuiga-ccb .jet-button__instance{width:320px;height:56px;}.elementor-element.elementor-element-iwgw-asbuiga-ccb .jet-button__state-normal .jet-button__label{text-align:center;margin:0px 0px 0px 0px;color:#1a1b20;font-family:Montserrat,sans-serif;font-size:13px;font-weight:400;letter-spacing:4px;line-height:1.714em;text-transform:uppercase;}.elementor-element.elementor-element-iwgw-asbuiga-ccb .jet-button__state-hover .jet-button__label{text-align:center;margin:0px 0px 0px 0px;color:#FECC76;font-family:Montserrat,sans-serif;font-size:13px;font-weight:400;letter-spacing:4px;line-height:1.714em;text-transform:uppercase;}.elementor-element.elementor-element-iwgw-asbuiga-ccb .jet-button__plane-normal{background-color:#FECC76;border-style:solid;border-color:#C99540;border-width:2px 2px 2px 2px;}.elementor-element.elementor-element-iwgw-asbuiga-ccb .jet-button__plane-hover{background-color:rgba(0,0,0,0.55);border-style:solid;border-color:#FECC76;border-width:2px 2px 2px 2px;}<\/style>\t\t\t\t<\/div>\n\t\t\t\t<\/div>\n\t\t\t\t<div class=\"elementor-element elementor-element-iwgw-asbuiga-ccd elementor-widget elementor-widget-text-editor\" data-id=\"iwgw-asbuiga-ccd\" data-element_type=\"widget\" data-e-type=\"widget\" data-widget_type=\"text-editor.default\">\n\t\t\t\t\t\t\t\t\t<div data-nosnippet=\"true\"><p style=\"text-align:center;font-size:13px;opacity:0.7;margin-top:14px\" data-nosnippet=\"true\">Pers\u00f3nuleg reynsla getur veri\u00f0 mismunandi. Ekki l\u00e6kningat\u00e6ki. Engin lofor\u00f0 um l\u00e6kningu.<\/p><\/div>\t\t\t\t\t\t\t\t<\/div>\n\t\t\t\t\t<\/div>\n\t\t\t\t<\/div>\n\t\t\t\t\t<\/div>\n\t\t\t\t<\/div>\n\t\t<div class=\"elementor-element elementor-element-iwgw-asbuiga-disc e-flex e-con-boxed e-con e-parent\" data-id=\"iwgw-asbuiga-disc\" data-element_type=\"container\" data-e-type=\"container\">\n\t\t\t\t\t<div class=\"e-con-inner\">\n\t\t\t\t<div class=\"elementor-element elementor-element-iwgw-asbuiga-discw elementor-widget elementor-widget-html\" data-id=\"iwgw-asbuiga-discw\" data-element_type=\"widget\" data-e-type=\"widget\" data-widget_type=\"html.default\">\n\t\t\t\t\t<footer data-nosnippet=\"true\" class=\"iwg-disclaimer-block\"><p data-nosnippet=\"true\">iWell Guard er <strong>ekki l\u00e6kningat\u00e6ki<\/strong> og kemur ekki \u00ed sta\u00f0inn fyrir l\u00e6knis- e\u00f0a s\u00e1lfr\u00e6\u00f0ime\u00f0fer\u00f0. Tr\u00faarfr\u00e6\u00f0ilegt efni er menningars\u00f6gulegt samhengi, ekki r\u00e1\u00f0legging um andlega i\u00f0kun.<\/p><\/footer>\t\t\t\t<\/div>\n\t\t\t\t\t<\/div>\n\t\t\t\t<\/div>\n\t\t\t\t<\/div>\n\t\t","protected":false},"excerpt":{"rendered":"","protected":false},"author":3,"featured_media":2860,"parent":0,"menu_order":0,"comment_status":"closed","ping_status":"closed","template":"elementor_header_footer","meta":{"_yoast_wpseo_focuskw":"Asbuiga b\u00farjat\u00edskur hestaandi","_yoast_wpseo_title":"Asbuiga \u2013 B\u00farjat\u00edskur hestaandi, go\u00f0s\u00f6gn og heimildir","_yoast_wpseo_metadesc":"Asbuiga er \u00ed b\u00farjat\u00edsku shamanismanum verndarandi hesta og hj\u00e1lparandi reyndra shamana. Umfj\u00f6llun me\u00f0 heimildum.","_yoast_wpseo_meta-robots-noindex":"","_yoast_wpseo_canonical":"","_angie_page":false,"gefaehrdungsstufe":"","wesen_kultur":"sami","wesen_klasse":"lichtwesen","footnotes":""},"categories":[],"class_list":["post-168988","page","type-page","status-publish","has-post-thumbnail","hentry"],"yoast_head":"<!-- This site is optimized with the Yoast SEO Premium plugin v27.7 (Yoast SEO v28.3) - https:\/\/yoast.com\/product\/yoast-seo-premium-wordpress\/ -->\n<title>Asbuiga \u2013 B\u00farjat\u00edskur hestaandi, go\u00f0s\u00f6gn og heimildir<\/title>\n<meta name=\"description\" content=\"Asbuiga er \u00ed b\u00farjat\u00edsku shamanismanum verndarandi hesta og hj\u00e1lparandi reyndra shamana. Umfj\u00f6llun me\u00f0 heimildum.\" \/>\n<meta name=\"robots\" content=\"index, follow, max-snippet:-1, max-image-preview:large, max-video-preview:-1\" \/>\n<link rel=\"canonical\" href=\"https:\/\/iwell-guard.com\/is\/asbuiga-hestaverndarandi-burjata\/\" \/>\n<meta property=\"og:locale\" content=\"is_IS\" \/>\n<meta property=\"og:type\" content=\"article\" \/>\n<meta property=\"og:title\" content=\"Asbuiga \u2013 Verndarandi hesta hj\u00e1 B\u00farj\u00f6tum\" \/>\n<meta property=\"og:description\" content=\"Asbuiga er \u00ed b\u00farjat\u00edsku shamanismanum verndarandi hesta og hj\u00e1lparandi reyndra shamana. Umfj\u00f6llun me\u00f0 heimildum.\" \/>\n<meta property=\"og:url\" content=\"https:\/\/iwell-guard.com\/is\/asbuiga-hestaverndarandi-burjata\/\" \/>\n<meta property=\"og:site_name\" content=\"iWell Guard\" \/>\n<meta property=\"article:modified_time\" content=\"2026-09-05T14:29:06+00:00\" \/>\n<meta property=\"og:image\" content=\"https:\/\/iwell-guard.com\/wp-content\/uploads\/2026\/05\/geister_sibirisch-tengrismus_asbuiga.webp\" \/>\n\t<meta property=\"og:image:width\" content=\"1024\" \/>\n\t<meta property=\"og:image:height\" content=\"1536\" \/>\n\t<meta property=\"og:image:type\" content=\"image\/webp\" \/>\n<meta name=\"twitter:card\" content=\"summary_large_image\" \/>\n<script type=\"application\/ld+json\" class=\"yoast-schema-graph\">{\"@context\":\"https:\\\/\\\/schema.org\",\"@graph\":[{\"@type\":\"WebPage\",\"@id\":\"https:\\\/\\\/iwell-guard.com\\\/is\\\/asbuiga-hestaverndarandi-burjata\\\/\",\"url\":\"https:\\\/\\\/iwell-guard.com\\\/is\\\/asbuiga-hestaverndarandi-burjata\\\/\",\"name\":\"Asbuiga \u2013 B\u00farjat\u00edskur hestaandi, go\u00f0s\u00f6gn og heimildir\",\"isPartOf\":{\"@id\":\"https:\\\/\\\/iwell-guard.com\\\/is\\\/#website\"},\"primaryImageOfPage\":{\"@id\":\"https:\\\/\\\/iwell-guard.com\\\/is\\\/asbuiga-hestaverndarandi-burjata\\\/#primaryimage\"},\"image\":{\"@id\":\"https:\\\/\\\/iwell-guard.com\\\/is\\\/asbuiga-hestaverndarandi-burjata\\\/#primaryimage\"},\"thumbnailUrl\":\"https:\\\/\\\/iwell-guard.com\\\/wp-content\\\/uploads\\\/2026\\\/05\\\/geister_sibirisch-tengrismus_asbuiga.webp\",\"datePublished\":\"2026-09-05T14:04:38+00:00\",\"dateModified\":\"2026-09-05T14:29:06+00:00\",\"description\":\"Asbuiga er \u00ed b\u00farjat\u00edsku shamanismanum verndarandi hesta og hj\u00e1lparandi reyndra shamana. Umfj\u00f6llun me\u00f0 heimildum.\",\"breadcrumb\":{\"@id\":\"https:\\\/\\\/iwell-guard.com\\\/is\\\/asbuiga-hestaverndarandi-burjata\\\/#breadcrumb\"},\"inLanguage\":\"is\",\"potentialAction\":[{\"@type\":\"ReadAction\",\"target\":[\"https:\\\/\\\/iwell-guard.com\\\/is\\\/asbuiga-hestaverndarandi-burjata\\\/\"]}]},{\"@type\":\"ImageObject\",\"inLanguage\":\"is\",\"@id\":\"https:\\\/\\\/iwell-guard.com\\\/is\\\/asbuiga-hestaverndarandi-burjata\\\/#primaryimage\",\"url\":\"https:\\\/\\\/iwell-guard.com\\\/wp-content\\\/uploads\\\/2026\\\/05\\\/geister_sibirisch-tengrismus_asbuiga.webp\",\"contentUrl\":\"https:\\\/\\\/iwell-guard.com\\\/wp-content\\\/uploads\\\/2026\\\/05\\\/geister_sibirisch-tengrismus_asbuiga.webp\",\"width\":1024,\"height\":1536,\"caption\":\"Andar \u00far S\u00edber\u00edsk-tengrismi-hef\u00f0inni.\"},{\"@type\":\"BreadcrumbList\",\"@id\":\"https:\\\/\\\/iwell-guard.com\\\/is\\\/asbuiga-hestaverndarandi-burjata\\\/#breadcrumb\",\"itemListElement\":[{\"@type\":\"ListItem\",\"position\":1,\"name\":\"Start\",\"item\":\"https:\\\/\\\/iwell-guard.com\\\/is\\\/?page_id=168580\"},{\"@type\":\"ListItem\",\"position\":2,\"name\":\"Asbuiga \u2013 Verndarandi hesta hj\u00e1 B\u00farj\u00f6tum\"}]},{\"@type\":\"WebSite\",\"@id\":\"https:\\\/\\\/iwell-guard.com\\\/is\\\/#website\",\"url\":\"https:\\\/\\\/iwell-guard.com\\\/is\\\/\",\"name\":\"iWell Guard\",\"description\":\"Schutz vor dunklen Einfl\u00fcssen\",\"publisher\":{\"@id\":\"https:\\\/\\\/iwell-guard.com\\\/is\\\/#organization\"},\"potentialAction\":[{\"@type\":\"SearchAction\",\"target\":{\"@type\":\"EntryPoint\",\"urlTemplate\":\"https:\\\/\\\/iwell-guard.com\\\/is\\\/?s={search_term_string}\"},\"query-input\":{\"@type\":\"PropertyValueSpecification\",\"valueRequired\":true,\"valueName\":\"search_term_string\"}}],\"inLanguage\":\"is\"},{\"@type\":\"Organization\",\"@id\":\"https:\\\/\\\/iwell-guard.com\\\/is\\\/#organization\",\"name\":\"Ittermann electronic GmbH\",\"url\":\"https:\\\/\\\/iwell-guard.com\\\/is\\\/\",\"logo\":{\"@type\":\"ImageObject\",\"inLanguage\":\"is\",\"@id\":\"https:\\\/\\\/iwell-guard.com\\\/is\\\/#\\\/schema\\\/logo\\\/image\\\/\",\"url\":\"https:\\\/\\\/iwell-guard.com\\\/wp-content\\\/uploads\\\/2026\\\/05\\\/Ittermann-Logo-1182x237-1.png\",\"contentUrl\":\"https:\\\/\\\/iwell-guard.com\\\/wp-content\\\/uploads\\\/2026\\\/05\\\/Ittermann-Logo-1182x237-1.png\",\"width\":1182,\"height\":237,\"caption\":\"Ittermann electronic GmbH\"},\"image\":{\"@id\":\"https:\\\/\\\/iwell-guard.com\\\/is\\\/#\\\/schema\\\/logo\\\/image\\\/\"},\"sameAs\":[\"https:\\\/\\\/pantip.com\\\/profile\\\/9367242\",\"https:\\\/\\\/micro.blog\\\/iwellguard\",\"https:\\\/\\\/www.diggerslist.com\\\/iwellguard\\\/about\",\"https:\\\/\\\/skitterphoto.com\\\/photographers\\\/2870314\\\/iwell-guard\",\"https:\\\/\\\/iwellguard.wordpress.com\\\/2026\\\/06\\\/06\\\/iwell-guard\\\/\",\"https:\\\/\\\/hub.docker.com\\\/u\\\/iwellguard\",\"https:\\\/\\\/www.pinterest.com\\\/iwellguard\\\/\",\"https:\\\/\\\/bit.ly\\\/m\\\/iwellguard\",\"https:\\\/\\\/entre-vos-mains.alsace.eu\\\/profiles\\\/iwellguard\\\/activity\",\"https:\\\/\\\/gravatar.com\\\/reallybeded8fd34\",\"https:\\\/\\\/naijamatta.com\\\/iwellguard\",\"https:\\\/\\\/www.goodreads.com\\\/iwellguard\",\"https:\\\/\\\/profile.hatena.ne.jp\\\/iwellguard\\\/\",\"https:\\\/\\\/experiment.com\\\/users\\\/iwellguard\",\"https:\\\/\\\/wakelet.com\\\/@iWellGuard82270\",\"https:\\\/\\\/www.chordie.com\\\/forum\\\/profile.php?id=2555664\",\"https:\\\/\\\/www.instapaper.com\\\/p\\\/17757966\",\"https:\\\/\\\/www.mapleprimes.com\\\/users\\\/iwellguard\",\"https:\\\/\\\/businesslistingplus.com\\\/profile\\\/iwell-guard\\\/\",\"https:\\\/\\\/telegra.ph\\\/iWell-Guard-06-06\",\"https:\\\/\\\/pbase.com\\\/iwellguard\\\/iwellguard\",\"https:\\\/\\\/b.hatena.ne.jp\\\/iwellguard\\\/20260607#bookmark-4788405196491818882\",\"https:\\\/\\\/fliphtml5.com\\\/home\\\/iwellguard\",\"https:\\\/\\\/anyflip.com\\\/homepage\\\/cmiwl#About\",\"https:\\\/\\\/transfur.com\\\/Users\\\/iwellguard\",\"http:\\\/\\\/delphi.larsbo.org\\\/user\\\/iwellguard\",\"https:\\\/\\\/jobs.lajobsportal.org\\\/profiles\\\/8380803-iwell-guard\",\"https:\\\/\\\/md.chaosdorf.de\\\/s\\\/jfbe5SBdJD\",\"https:\\\/\\\/www.lingvolive.com\\\/en-us\\\/profile\\\/9ecaeaca-ce11-4e51-9e71-01d55e2bff36\\\/translations\",\"https:\\\/\\\/www.fitday.com\\\/fitness\\\/forums\\\/members\\\/iwellguard.html\",\"https:\\\/\\\/www.mymeetbook.com\\\/iwellguard\",\"https:\\\/\\\/pxhere.com\\\/en\\\/photographer-me\\\/5040798\",\"https:\\\/\\\/disqus.com\\\/by\\\/iwellguard\\\/about\\\/\",\"https:\\\/\\\/pastelink.net\\\/hjwciqwq\",\"https:\\\/\\\/pubhtml5.com\\\/homepage\\\/scjhn\\\/\",\"https:\\\/\\\/www.bitchute.com\\\/channel\\\/2O2eOKzNqujT\",\"https:\\\/\\\/audiomack.com\\\/iwellguard\"]},{\"@type\":\"Article\",\"@id\":\"https:\\\/\\\/iwell-guard.com\\\/is\\\/asbuiga-hestaverndarandi-burjata\\\/#article\",\"isPartOf\":{\"@id\":\"https:\\\/\\\/iwell-guard.com\\\/is\\\/asbuiga-hestaverndarandi-burjata\\\/\"},\"author\":{\"name\":\"Ralf Ittermann\",\"@id\":\"https:\\\/\\\/iwell-guard.com\\\/is\\\/#\\\/schema\\\/person\\\/ee2a27f1cac3406c7c6fb5820cb7349f\"},\"headline\":\"Asbuiga \u2013 Verndarandi hesta hj\u00e1 B\u00farj\u00f6tum\",\"datePublished\":\"2026-09-05T14:04:38+00:00\",\"dateModified\":\"2026-09-05T14:29:06+00:00\",\"mainEntityOfPage\":{\"@id\":\"https:\\\/\\\/iwell-guard.com\\\/is\\\/asbuiga-hestaverndarandi-burjata\\\/\"},\"publisher\":{\"@id\":\"https:\\\/\\\/iwell-guard.com\\\/is\\\/#organization\"},\"image\":{\"@id\":\"https:\\\/\\\/iwell-guard.com\\\/is\\\/asbuiga-hestaverndarandi-burjata\\\/#primaryimage\"},\"thumbnailUrl\":\"https:\\\/\\\/iwell-guard.com\\\/wp-content\\\/uploads\\\/2026\\\/05\\\/geister_sibirisch-tengrismus_asbuiga.webp\",\"inLanguage\":\"is\",\"description\":\"Asbuiga er \u00ed b\u00farjat\u00edsku shamanismanum verndarandi hesta og hj\u00e1lparandi reyndra shamana. Umfj\u00f6llun me\u00f0 heimildum.\"}]}<\/script>\n<!-- \/ Yoast SEO Premium plugin. -->","yoast_head_json":{"title":"Asbuiga \u2013 B\u00farjat\u00edskur hestaandi, go\u00f0s\u00f6gn og heimildir","description":"Asbuiga er \u00ed b\u00farjat\u00edsku shamanismanum verndarandi hesta og hj\u00e1lparandi reyndra shamana. Umfj\u00f6llun me\u00f0 heimildum.","robots":{"index":"index","follow":"follow","max-snippet":"max-snippet:-1","max-image-preview":"max-image-preview:large","max-video-preview":"max-video-preview:-1"},"canonical":"https:\/\/iwell-guard.com\/is\/asbuiga-hestaverndarandi-burjata\/","og_locale":"is_IS","og_type":"article","og_title":"Asbuiga \u2013 Verndarandi hesta hj\u00e1 B\u00farj\u00f6tum","og_description":"Asbuiga er \u00ed b\u00farjat\u00edsku shamanismanum verndarandi hesta og hj\u00e1lparandi reyndra shamana. Umfj\u00f6llun me\u00f0 heimildum.","og_url":"https:\/\/iwell-guard.com\/is\/asbuiga-hestaverndarandi-burjata\/","og_site_name":"iWell Guard","article_modified_time":"2026-09-05T14:29:06+00:00","og_image":[{"width":1024,"height":1536,"url":"https:\/\/iwell-guard.com\/wp-content\/uploads\/2026\/05\/geister_sibirisch-tengrismus_asbuiga.webp","type":"image\/webp"}],"twitter_card":"summary_large_image","schema":{"@context":"https:\/\/schema.org","@graph":[{"@type":"Article","@id":"https:\/\/iwell-guard.com\/is\/asbuiga-hestaverndarandi-burjata\/#article","isPartOf":{"@id":"https:\/\/iwell-guard.com\/is\/asbuiga-hestaverndarandi-burjata\/"},"author":{"name":"Ralf Ittermann","@id":"https:\/\/iwell-guard.com\/is\/#\/schema\/person\/ee2a27f1cac3406c7c6fb5820cb7349f"},"headline":"Asbuiga \u2013 Verndarandi hesta hj\u00e1 B\u00farj\u00f6tum","datePublished":"2026-09-05T14:04:38+00:00","dateModified":"2026-09-05T14:29:06+00:00","mainEntityOfPage":{"@id":"https:\/\/iwell-guard.com\/is\/asbuiga-hestaverndarandi-burjata\/"},"publisher":{"@id":"https:\/\/iwell-guard.com\/is\/#organization"},"image":{"@id":"https:\/\/iwell-guard.com\/is\/asbuiga-hestaverndarandi-burjata\/#primaryimage"},"thumbnailUrl":"https:\/\/iwell-guard.com\/wp-content\/uploads\/2026\/05\/geister_sibirisch-tengrismus_asbuiga.webp","inLanguage":"is","description":"Asbuiga er \u00ed b\u00farjat\u00edsku shamanismanum verndarandi hesta og hj\u00e1lparandi reyndra shamana. Umfj\u00f6llun me\u00f0 heimildum."},{"@type":"WebPage","@id":"https:\/\/iwell-guard.com\/is\/asbuiga-hestaverndarandi-burjata\/","url":"https:\/\/iwell-guard.com\/is\/asbuiga-hestaverndarandi-burjata\/","name":"Asbuiga \u2013 B\u00farjat\u00edskur hestaandi, go\u00f0s\u00f6gn og heimildir","isPartOf":{"@id":"https:\/\/iwell-guard.com\/is\/#website"},"primaryImageOfPage":{"@id":"https:\/\/iwell-guard.com\/is\/asbuiga-hestaverndarandi-burjata\/#primaryimage"},"image":{"@id":"https:\/\/iwell-guard.com\/is\/asbuiga-hestaverndarandi-burjata\/#primaryimage"},"thumbnailUrl":"https:\/\/iwell-guard.com\/wp-content\/uploads\/2026\/05\/geister_sibirisch-tengrismus_asbuiga.webp","datePublished":"2026-09-05T14:04:38+00:00","dateModified":"2026-09-05T14:29:06+00:00","description":"Asbuiga er \u00ed b\u00farjat\u00edsku shamanismanum verndarandi hesta og hj\u00e1lparandi reyndra shamana. Umfj\u00f6llun me\u00f0 heimildum.","breadcrumb":{"@id":"https:\/\/iwell-guard.com\/is\/asbuiga-hestaverndarandi-burjata\/#breadcrumb"},"inLanguage":"is","potentialAction":[{"@type":"ReadAction","target":["https:\/\/iwell-guard.com\/is\/asbuiga-hestaverndarandi-burjata\/"]}]},{"@type":"ImageObject","inLanguage":"is","@id":"https:\/\/iwell-guard.com\/is\/asbuiga-hestaverndarandi-burjata\/#primaryimage","url":"https:\/\/iwell-guard.com\/wp-content\/uploads\/2026\/05\/geister_sibirisch-tengrismus_asbuiga.webp","contentUrl":"https:\/\/iwell-guard.com\/wp-content\/uploads\/2026\/05\/geister_sibirisch-tengrismus_asbuiga.webp","width":1024,"height":1536,"caption":"Andar \u00far S\u00edber\u00edsk-tengrismi-hef\u00f0inni."},{"@type":"BreadcrumbList","@id":"https:\/\/iwell-guard.com\/is\/asbuiga-hestaverndarandi-burjata\/#breadcrumb","itemListElement":[{"@type":"ListItem","position":1,"name":"Start","item":"https:\/\/iwell-guard.com\/is\/?page_id=168580"},{"@type":"ListItem","position":2,"name":"Asbuiga \u2013 Verndarandi hesta hj\u00e1 B\u00farj\u00f6tum"}]},{"@type":"WebSite","@id":"https:\/\/iwell-guard.com\/is\/#website","url":"https:\/\/iwell-guard.com\/is\/","name":"iWell Guard","description":"Schutz vor dunklen Einfl\u00fcssen","publisher":{"@id":"https:\/\/iwell-guard.com\/is\/#organization"},"potentialAction":[{"@type":"SearchAction","target":{"@type":"EntryPoint","urlTemplate":"https:\/\/iwell-guard.com\/is\/?s={search_term_string}"},"query-input":{"@type":"PropertyValueSpecification","valueRequired":true,"valueName":"search_term_string"}}],"inLanguage":"is"},{"@type":"Organization","@id":"https:\/\/iwell-guard.com\/is\/#organization","name":"Ittermann electronic GmbH","url":"https:\/\/iwell-guard.com\/is\/","logo":{"@type":"ImageObject","inLanguage":"is","@id":"https:\/\/iwell-guard.com\/is\/#\/schema\/logo\/image\/","url":"https:\/\/iwell-guard.com\/wp-content\/uploads\/2026\/05\/Ittermann-Logo-1182x237-1.png","contentUrl":"https:\/\/iwell-guard.com\/wp-content\/uploads\/2026\/05\/Ittermann-Logo-1182x237-1.png","width":1182,"height":237,"caption":"Ittermann electronic GmbH"},"image":{"@id":"https:\/\/iwell-guard.com\/is\/#\/schema\/logo\/image\/"},"sameAs":["https:\/\/pantip.com\/profile\/9367242","https:\/\/micro.blog\/iwellguard","https:\/\/www.diggerslist.com\/iwellguard\/about","https:\/\/skitterphoto.com\/photographers\/2870314\/iwell-guard","https:\/\/iwellguard.wordpress.com\/2026\/06\/06\/iwell-guard\/","https:\/\/hub.docker.com\/u\/iwellguard","https:\/\/www.pinterest.com\/iwellguard\/","https:\/\/bit.ly\/m\/iwellguard","https:\/\/entre-vos-mains.alsace.eu\/profiles\/iwellguard\/activity","https:\/\/gravatar.com\/reallybeded8fd34","https:\/\/naijamatta.com\/iwellguard","https:\/\/www.goodreads.com\/iwellguard","https:\/\/profile.hatena.ne.jp\/iwellguard\/","https:\/\/experiment.com\/users\/iwellguard","https:\/\/wakelet.com\/@iWellGuard82270","https:\/\/www.chordie.com\/forum\/profile.php?id=2555664","https:\/\/www.instapaper.com\/p\/17757966","https:\/\/www.mapleprimes.com\/users\/iwellguard","https:\/\/businesslistingplus.com\/profile\/iwell-guard\/","https:\/\/telegra.ph\/iWell-Guard-06-06","https:\/\/pbase.com\/iwellguard\/iwellguard","https:\/\/b.hatena.ne.jp\/iwellguard\/20260607#bookmark-4788405196491818882","https:\/\/fliphtml5.com\/home\/iwellguard","https:\/\/anyflip.com\/homepage\/cmiwl#About","https:\/\/transfur.com\/Users\/iwellguard","http:\/\/delphi.larsbo.org\/user\/iwellguard","https:\/\/jobs.lajobsportal.org\/profiles\/8380803-iwell-guard","https:\/\/md.chaosdorf.de\/s\/jfbe5SBdJD","https:\/\/www.lingvolive.com\/en-us\/profile\/9ecaeaca-ce11-4e51-9e71-01d55e2bff36\/translations","https:\/\/www.fitday.com\/fitness\/forums\/members\/iwellguard.html","https:\/\/www.mymeetbook.com\/iwellguard","https:\/\/pxhere.com\/en\/photographer-me\/5040798","https:\/\/disqus.com\/by\/iwellguard\/about\/","https:\/\/pastelink.net\/hjwciqwq","https:\/\/pubhtml5.com\/homepage\/scjhn\/","https:\/\/www.bitchute.com\/channel\/2O2eOKzNqujT","https:\/\/audiomack.com\/iwellguard"]},{"@type":"Person","@id":"https:\/\/iwell-guard.com\/is\/#\/schema\/person\/ee2a27f1cac3406c7c6fb5820cb7349f","name":"Ralf Ittermann","image":{"@type":"ImageObject","inLanguage":"is","@id":"https:\/\/secure.gravatar.com\/avatar\/073c0153e350a5005b68eb752b445fea71f6b24a26da9449ad7e155e6b446c9d?s=96&d=mm&r=g","url":"https:\/\/secure.gravatar.com\/avatar\/073c0153e350a5005b68eb752b445fea71f6b24a26da9449ad7e155e6b446c9d?s=96&d=mm&r=g","contentUrl":"https:\/\/secure.gravatar.com\/avatar\/073c0153e350a5005b68eb752b445fea71f6b24a26da9449ad7e155e6b446c9d?s=96&d=mm&r=g","caption":"Ralf Ittermann"},"givenName":"Ralf","familyName":"Ittermann","jobTitle":"Gesch\u00e4ftsf\u00fchrer und redaktioneller Verantwortlicher","url":"https:\/\/iwell-guard.com\/is\/author\/claude\/","description":"Ralf Ittermann ist Gesch\u00e4ftsf\u00fchrer der Ittermann electronic GmbH und redaktioneller Verantwortlicher des iWell-Guard-Lexikons. Er verbindet langj\u00e4hrige Erfahrung in der Pr\u00e4zisionsfertigung mit medialer Praxis und religionsgeschichtlicher Quellenarbeit.","worksFor":{"@type":"Organization","name":"Ittermann electronic GmbH","url":"https:\/\/ittermann.de\/","address":{"@type":"PostalAddress","streetAddress":"K\u00f6hlergasse 16-18","postalCode":"99842","addressLocality":"Ruhla","addressCountry":"DE"}},"knowsAbout":["Religionsgeschichte","Mythologie","Mediale Praxis","Energetische Diagnostik","Schutzpraxis","Volksglauben","Westliche Esoterik"]},{"@type":"Article","@id":"https:\/\/iwell-guard.com\/is\/asbuiga-hestaverndarandi-burjata\/#article","isPartOf":{"@id":"https:\/\/iwell-guard.com\/is\/asbuiga-hestaverndarandi-burjata\/"},"author":{"name":"Ralf Ittermann","@id":"https:\/\/iwell-guard.com\/is\/#\/schema\/person\/ee2a27f1cac3406c7c6fb5820cb7349f"},"headline":"Asbuiga \u2013 Verndarandi hesta hj\u00e1 B\u00farj\u00f6tum","datePublished":"2026-09-05T14:04:38+00:00","dateModified":"2026-09-05T14:29:06+00:00","mainEntityOfPage":{"@id":"https:\/\/iwell-guard.com\/is\/asbuiga-hestaverndarandi-burjata\/"},"publisher":{"@id":"https:\/\/iwell-guard.com\/is\/#organization"},"image":{"@id":"https:\/\/iwell-guard.com\/is\/asbuiga-hestaverndarandi-burjata\/#primaryimage"},"thumbnailUrl":"https:\/\/iwell-guard.com\/wp-content\/uploads\/2026\/05\/geister_sibirisch-tengrismus_asbuiga.webp","inLanguage":"is","description":"Asbuiga er \u00ed b\u00farjat\u00edsku shamanismanum verndarandi hesta og hj\u00e1lparandi reyndra shamana. Umfj\u00f6llun me\u00f0 heimildum."}]}},"_links":{"self":[{"href":"https:\/\/iwell-guard.com\/is\/wp-json\/wp\/v2\/pages\/168988","targetHints":{"allow":["GET"]}}],"collection":[{"href":"https:\/\/iwell-guard.com\/is\/wp-json\/wp\/v2\/pages"}],"about":[{"href":"https:\/\/iwell-guard.com\/is\/wp-json\/wp\/v2\/types\/page"}],"author":[{"embeddable":true,"href":"https:\/\/iwell-guard.com\/is\/wp-json\/wp\/v2\/users\/3"}],"replies":[{"embeddable":true,"href":"https:\/\/iwell-guard.com\/is\/wp-json\/wp\/v2\/comments?post=168988"}],"version-history":[{"count":0,"href":"https:\/\/iwell-guard.com\/is\/wp-json\/wp\/v2\/pages\/168988\/revisions"}],"wp:featuredmedia":[{"embeddable":true,"href":"https:\/\/iwell-guard.com\/is\/wp-json\/wp\/v2\/media\/2860"}],"wp:attachment":[{"href":"https:\/\/iwell-guard.com\/is\/wp-json\/wp\/v2\/media?parent=168988"}],"wp:term":[{"taxonomy":"category","embeddable":true,"href":"https:\/\/iwell-guard.com\/is\/wp-json\/wp\/v2\/categories?post=168988"}],"curies":[{"name":"wp","href":"https:\/\/api.w.org\/{rel}","templated":true}]}}