{"id":168987,"date":"2026-09-05T14:04:36","date_gmt":"2026-09-05T14:04:36","guid":{"rendered":"https:\/\/iwell-guard.com\/?page_id=168987"},"modified":"2026-09-05T14:29:01","modified_gmt":"2026-09-05T14:29:01","slug":"buga-haedsti-gud-evenkja","status":"publish","type":"page","link":"https:\/\/iwell-guard.com\/is\/buga-haedsti-gud-evenkja\/","title":{"rendered":"Buga \u2013 \u00e6\u00f0sti gu\u00f0 Evenkja (Tung\u00fasa)"},"content":{"rendered":"\t\t<div data-elementor-type=\"wp-page\" data-elementor-id=\"168987\" class=\"elementor elementor-168987 elementor-2642 elementor-bc-flex-widget\" data-elementor-post-type=\"page\">\n\t\t\t\t<div class=\"elementor-element elementor-element-iwgw-bugatungus-hero e-flex e-con-boxed e-con e-parent\" data-id=\"iwgw-bugatungus-hero\" data-element_type=\"container\" data-e-type=\"container\" data-settings=\"{&quot;background_background&quot;:&quot;classic&quot;}\">\n\t\t\t\t\t<div class=\"e-con-inner\">\n\t\t<div class=\"elementor-element elementor-element-iwgw-bugatungus-hl e-flex e-con-boxed e-con e-child\" data-id=\"iwgw-bugatungus-hl\" data-element_type=\"container\" data-e-type=\"container\">\n\t\t\t\t\t<div class=\"e-con-inner\">\n\t\t<div class=\"elementor-element elementor-element-iwgw-bugatungus-htxt e-con-full e-flex e-con e-child\" data-id=\"iwgw-bugatungus-htxt\" data-element_type=\"container\" data-e-type=\"container\">\n\t\t\t\t<div class=\"elementor-element elementor-element-iwgw-bugatungus-h1 elementor-widget elementor-widget-heading\" data-id=\"iwgw-bugatungus-h1\" data-element_type=\"widget\" data-e-type=\"widget\" data-widget_type=\"heading.default\">\n\t\t\t\t\t<h1 class=\"elementor-heading-title elementor-size-default\">Buga, \u00e6\u00f0sti gu\u00f0 og herra alheimsins me\u00f0al Evenkja-Tung\u00fasa<\/h1>\t\t\t\t<\/div>\n\t\t\t\t<div class=\"elementor-element elementor-element-iwgw-bugatungus-lead elementor-widget elementor-widget-text-editor\" data-id=\"iwgw-bugatungus-lead\" data-element_type=\"widget\" data-e-type=\"widget\" data-widget_type=\"text-editor.default\">\n\t\t\t\t\t\t\t\t\t<p>Buga er \u00ed tr\u00faarkerfi Evenkja og annarra tung\u00faskra \u00fej\u00f3\u00f0a samt\u00edmis \u00e6\u00f0sti gu\u00f0, himinn, alheimur og heimur. Hann er hin kosm\u00edska heild \u00fear sem fer\u00f0ir sjamana, skipulag vei\u00f0a og l\u00edfshringurinn finna sinn sta\u00f0. \u00cd go\u00f0s\u00f6gn Evenkja og annarra tung\u00faskra \u00fej\u00f3\u00f0a sameinar Buga himin, alheim og heim \u00ed einni mynd.<\/p>\t\t\t\t\t\t\t\t<\/div>\n\t\t\t\t<\/div>\n\t\t<div class=\"elementor-element elementor-element-iwgw-bugatungus-pillc e-con-full e-flex e-con e-child\" data-id=\"iwgw-bugatungus-pillc\" data-element_type=\"container\" data-e-type=\"container\">\n\t\t\t\t<div class=\"elementor-element elementor-element-iwgw-bugatungus-pills elementor-widget elementor-widget-html\" data-id=\"iwgw-bugatungus-pills\" data-element_type=\"widget\" data-e-type=\"widget\" data-widget_type=\"html.default\">\n\t\t\t\t\t<div class=\"iwg-pill-row\"><span class=\"iwg-klasse-badge\" tabindex=\"0\" data-tooltip=\"Skapari hef\u00f0ar S\u00edber\u00edu \/ Tengrisma.\">Skapari<\/span><a href=\"https:\/\/iwell-guard.com\/is\/siberiskur-sjamanismi-tengrismi\/\" class=\"iwg-kultur-badge\" tabindex=\"0\" data-tooltip=\"Go\u00f0afr\u00e6\u00f0i hef\u00f0ar S\u00edber\u00edu \/ Tengrisma.\">S\u00edber\u00eda \/ Tengrismi<\/a><span class=\"iwg-tradition-badge\" tabindex=\"0\" data-tooltip=\"H\u00e1gu\u00f0.\">H\u00e1gu\u00f0<\/span><\/div>\t\t\t\t<\/div>\n\t\t\t\t<\/div>\n\t\t<div class=\"elementor-element elementor-element-iwgw-bugatungus-tocc e-con-full e-flex e-con e-child\" data-id=\"iwgw-bugatungus-tocc\" data-element_type=\"container\" data-e-type=\"container\">\n\t\t\t\t<div class=\"elementor-element elementor-element-iwgw-bugatungus-toc elementor-toc--minimized-on-tablet elementor-widget elementor-widget-table-of-contents\" data-id=\"iwgw-bugatungus-toc\" data-element_type=\"widget\" data-e-type=\"widget\" data-settings=\"{&quot;headings_by_tags&quot;:[&quot;h2&quot;,&quot;h3&quot;],&quot;minimize_box&quot;:&quot;yes&quot;,&quot;marker_view&quot;:&quot;bullets&quot;,&quot;no_headings_message&quot;:&quot;Engar undirfyrirsagnir fundust \\u00e1 \\u00feessari s\\u00ed\\u00f0u.&quot;,&quot;exclude_headings_by_selector&quot;:[],&quot;icon&quot;:{&quot;value&quot;:&quot;fas fa-circle&quot;,&quot;library&quot;:&quot;fa-solid&quot;,&quot;rendered_tag&quot;:&quot;&lt;svg class=\\&quot;e-font-icon-svg e-fas-circle\\&quot; viewBox=\\&quot;0 0 512 512\\&quot; xmlns=\\&quot;http:\\\/\\\/www.w3.org\\\/2000\\\/svg\\&quot;&gt;&lt;path d=\\&quot;M256 8C119 8 8 119 8 256s111 248 248 248 248-111 248-248S393 8 256 8z\\&quot;&gt;&lt;\\\/path&gt;&lt;\\\/svg&gt;&quot;},&quot;minimized_on&quot;:&quot;tablet&quot;,&quot;hierarchical_view&quot;:&quot;yes&quot;,&quot;min_height&quot;:{&quot;unit&quot;:&quot;px&quot;,&quot;size&quot;:&quot;&quot;,&quot;sizes&quot;:[]},&quot;min_height_tablet&quot;:{&quot;unit&quot;:&quot;px&quot;,&quot;size&quot;:&quot;&quot;,&quot;sizes&quot;:[]},&quot;min_height_mobile&quot;:{&quot;unit&quot;:&quot;px&quot;,&quot;size&quot;:&quot;&quot;,&quot;sizes&quot;:[]}}\" data-widget_type=\"table-of-contents.default\">\n\t\t\t\t\t\t\t\t\t<div class=\"elementor-toc__header\">\n\t\t\t\t\t\t<h2 class=\"elementor-toc__header-title\">\n\t\t\t\tEfnisyfirlit\t\t\t<\/h2>\n\t\t\t\t\t\t\t\t\t\t<div class=\"elementor-toc__toggle-button elementor-toc__toggle-button--expand\" role=\"button\" tabindex=\"0\" aria-controls=\"elementor-toc__iwgw-bugatungus-toc\" aria-expanded=\"true\" aria-label=\"Open table of contents\"><svg aria-hidden=\"true\" class=\"e-font-icon-svg e-fas-chevron-down\" viewBox=\"0 0 448 512\" xmlns=\"http:\/\/www.w3.org\/2000\/svg\"><path d=\"M207.029 381.476L12.686 187.132c-9.373-9.373-9.373-24.569 0-33.941l22.667-22.667c9.357-9.357 24.522-9.375 33.901-.04L224 284.505l154.745-154.021c9.379-9.335 24.544-9.317 33.901.04l22.667 22.667c9.373 9.373 9.373 24.569 0 33.941L240.971 381.476c-9.373 9.372-24.569 9.372-33.942 0z\"><\/path><\/svg><\/div>\n\t\t\t\t<div class=\"elementor-toc__toggle-button elementor-toc__toggle-button--collapse\" role=\"button\" tabindex=\"0\" aria-controls=\"elementor-toc__iwgw-bugatungus-toc\" aria-expanded=\"true\" aria-label=\"Close table of contents\"><svg aria-hidden=\"true\" class=\"e-font-icon-svg e-fas-chevron-up\" viewBox=\"0 0 448 512\" xmlns=\"http:\/\/www.w3.org\/2000\/svg\"><path d=\"M240.971 130.524l194.343 194.343c9.373 9.373 9.373 24.569 0 33.941l-22.667 22.667c-9.357 9.357-24.522 9.375-33.901.04L224 227.495 69.255 381.516c-9.379 9.335-24.544 9.317-33.901-.04l-22.667-22.667c-9.373-9.373-9.373-24.569 0-33.941L207.03 130.525c9.372-9.373 24.568-9.373 33.941-.001z\"><\/path><\/svg><\/div>\n\t\t\t\t\t<\/div>\n\t\t\t\t<div id=\"elementor-toc__iwgw-bugatungus-toc\" class=\"elementor-toc__body\">\n\t\t\t<div class=\"elementor-toc__spinner-container\">\n\t\t\t\t<svg class=\"elementor-toc__spinner eicon-animation-spin e-font-icon-svg e-eicon-loading\" aria-hidden=\"true\" viewBox=\"0 0 1000 1000\" xmlns=\"http:\/\/www.w3.org\/2000\/svg\"><path d=\"M500 975V858C696 858 858 696 858 500S696 142 500 142 142 304 142 500H25C25 237 238 25 500 25S975 237 975 500 763 975 500 975Z\"><\/path><\/svg>\t\t\t<\/div>\n\t\t<\/div>\n\t\t\t\t\t\t<\/div>\n\t\t\t\t<\/div>\n\t\t\t\t\t<\/div>\n\t\t\t\t<\/div>\n\t\t<div class=\"elementor-element elementor-element-iwgw-bugatungus-hr e-con-full e-flex e-con e-child\" data-id=\"iwgw-bugatungus-hr\" data-element_type=\"container\" data-e-type=\"container\">\n\t\t\t\t<div class=\"elementor-element elementor-element-iwgw-bugatungus-heroimg iwg-hero-image elementor-widget elementor-widget-image\" data-id=\"iwgw-bugatungus-heroimg\" data-element_type=\"widget\" data-e-type=\"widget\" data-widget_type=\"image.default\">\n\t\t\t\t\t\t\t\t\t\t\t\t\t\t\t<img fetchpriority=\"high\" decoding=\"async\" width=\"683\" height=\"1024\" src=\"https:\/\/iwell-guard.com\/wp-content\/uploads\/2026\/05\/goetter_sibirisch-tengrismus_buga-tungus-683x1024.webp\" class=\"attachment-large size-large wp-image-170795\" alt=\"Buga Tungus - gu\u00f0ir \u00far s\u00edber\u00edskri-tengrisma-hef\u00f0, s\u00f6guleg og myndr\u00e6n framsetning\" srcset=\"https:\/\/iwell-guard.com\/wp-content\/uploads\/2026\/05\/goetter_sibirisch-tengrismus_buga-tungus-683x1024.webp 683w, https:\/\/iwell-guard.com\/wp-content\/uploads\/2026\/05\/goetter_sibirisch-tengrismus_buga-tungus-200x300.webp 200w, https:\/\/iwell-guard.com\/wp-content\/uploads\/2026\/05\/goetter_sibirisch-tengrismus_buga-tungus-768x1152.webp 768w, https:\/\/iwell-guard.com\/wp-content\/uploads\/2026\/05\/goetter_sibirisch-tengrismus_buga-tungus.webp 1024w\" sizes=\"(max-width: 683px) 100vw, 683px\" \/>\t\t\t\t\t\t\t\t\t\t\t\t\t\t\t<\/div>\n\t\t\t\t<\/div>\n\t\t\t\t\t<\/div>\n\t\t\t\t<\/div>\n\t\t\t\t<section class=\"elementor-section elementor-top-section elementor-element elementor-element-sec-iwgcomp-buga-tungus elementor-section-boxed elementor-section-height-default elementor-section-height-default\" data-id=\"sec-iwgcomp-buga-tungus\" data-element_type=\"section\" data-e-type=\"section\">\n\t\t\t\t\t\t<div class=\"elementor-container elementor-column-gap-default\">\n\t\t\t\t\t<div class=\"elementor-column elementor-col-100 elementor-top-column elementor-element elementor-element-col-iwgcomp-buga-tungus\" data-id=\"col-iwgcomp-buga-tungus\" data-element_type=\"column\" data-e-type=\"column\">\n\t\t\t<div class=\"elementor-widget-wrap elementor-element-populated\">\n\t\t\t\t\t\t<div class=\"elementor-element elementor-element-iwgcomp-buga-tungus elementor-widget elementor-widget-text-editor\" data-id=\"iwgcomp-buga-tungus\" data-element_type=\"widget\" data-e-type=\"widget\" data-widget_type=\"text-editor.default\">\n\t\t\t\t\t\t\t\t\t<p>Buga er \u00ed <span class=\"iwg-fachbegriff\" data-tooltip=\"Tr\u00faarlegt kerfi \u00fear sem s\u00e9rfr\u00e6\u00f0ingar hafa samskipti vi\u00f0 andaheiminn.\" tabindex=\"0\">sjamanisma<\/span> <strong>tungus\u00edsk-evenk\u00edskra<\/strong> \u00fej\u00f3\u00f0a \u00e1litinn \u00e6\u00f0sti gu\u00f0 efri heimsins og skapari hinnar kosm\u00edsku reglu. Buga-<strong><span class=\"iwg-fachbegriff\" data-tooltip=\"Hef\u00f0bundin fr\u00e1s\u00f6gn um gu\u00f0i, uppruna og reglu heimsins.\" tabindex=\"0\">go\u00f0s\u00f6gnin<\/span><\/strong> og heimildir eru s\u00e9rstaklega vel skjalfestar \u00ed evenk\u00edskum s\u00f6ngvum.<\/p>\t\t\t\t\t\t\t\t<\/div>\n\t\t\t\t\t<\/div>\n\t\t<\/div>\n\t\t\t\t\t<\/div>\n\t\t<\/section>\n\t\t<div class=\"elementor-element elementor-element-iwgw-bugatungus-s0 e-flex e-con-boxed e-con e-parent\" data-id=\"iwgw-bugatungus-s0\" data-element_type=\"container\" data-e-type=\"container\">\n\t\t\t\t\t<div class=\"e-con-inner\">\n\t\t\t\t<div class=\"elementor-element elementor-element-iwgw-bugatungus-s0h elementor-widget elementor-widget-heading\" data-id=\"iwgw-bugatungus-s0h\" data-element_type=\"widget\" data-e-type=\"widget\" data-widget_type=\"heading.default\">\n\t\t\t\t\t<h2 class=\"elementor-heading-title elementor-size-default\">Greining og skammrit<\/h2>\t\t\t\t<\/div>\n\t\t<div class=\"elementor-element elementor-element-iwgw-bugatungus-s0c e-con-full e-flex e-con e-child\" data-id=\"iwgw-bugatungus-s0c\" data-element_type=\"container\" data-e-type=\"container\">\n\t\t\t\t<div class=\"elementor-element elementor-element-iwgw-bugatungus-s0t elementor-widget elementor-widget-text-editor\" data-id=\"iwgw-bugatungus-s0t\" data-element_type=\"widget\" data-e-type=\"widget\" data-widget_type=\"text-editor.default\">\n\t\t\t\t\t\t\t\t\t<p>Evenkjar (\u00e1\u00f0ur kalla\u00f0ir Tung\u00fasar) b\u00faa \u00ed Austur-S\u00edber\u00edu milli Jenisej og Kyrrahafs.<\/p><p>\u00cd tr\u00faarbr\u00f6g\u00f0um \u00feeirra er Buga (\u00ed sumum m\u00e1ll\u00fdskum <em>Boga<\/em>, <em>Buya<\/em>, <em>Buwa<\/em>) hugtak sem merkir \u00ed senn \u201ehiminn\u201c, \u201eheim\u201c, \u201ealheim\u201c og \u201e\u00e6\u00f0sta gu\u00f0\u201c, eftirtektarver\u00f0 tungum\u00e1laleg \u00fe\u00e9tting sem \u00edranski tr\u00faarbrag\u00f0afr\u00e6\u00f0ingurinn Sergei Shirokogoroff greindi \u00edtarlega \u00ed s\u00ednu klass\u00edska verki <em>Psychomental Complex of the Tungus<\/em> (1935).<\/p><p>Innan <a href=\"https:\/\/iwell-guard.com\/is\/siberiskur-sjamanismi-tengrismi\/\">s\u00edber\u00edsk-tengr\u00edsku hef\u00f0arinnar<\/a> er Buga mj\u00f6g fornt lag, l\u00edklega alta\u00edsk-frums\u00edber\u00edskt; sumir fr\u00e6\u00f0imenn (Anisimov) telja \u00fea\u00f0 vera upprunalegustu myndina yfirleitt. Evenkjar tala tung\u00fask-mansj\u00far\u00edskt tungum\u00e1l og standa \u00fev\u00ed tungum\u00e1lalega utan vi\u00f0 tyrknesk-mong\u00f3lska Tengri-heiminn, athyglisver\u00f0 ja\u00f0artilfelli.<\/p><p>Buga er tr\u00faarbrag\u00f0afr\u00e6\u00f0ilega s\u00e9rlega mikilv\u00e6gt vi\u00f0fangsefni \u00fev\u00ed Sergei Shirokogoroff framkv\u00e6mdi \u00e1 1910. \u00e1ratugnum einstaklega n\u00e1kv\u00e6ma vettvangsranns\u00f3kn me\u00f0al Evenkja vi\u00f0 Am\u00far; verk hans er t\u00edmam\u00f3taverk \u00ed sjamanismafr\u00e6\u00f0um og eitt af bestu heimildas\u00f6fnum um tr\u00faarbr\u00f6g\u00f0 frumbyggja\u00fej\u00f3\u00f0ar \u00ed S\u00edber\u00edu yfirleitt.<\/p>\t\t\t\t\t\t\t\t<\/div>\n\t\t\t\t<\/div>\n\t\t\t\t\t<\/div>\n\t\t\t\t<\/div>\n\t\t<div class=\"elementor-element elementor-element-iwgw-bugatungus-s1 e-flex e-con-boxed e-con e-parent\" data-id=\"iwgw-bugatungus-s1\" data-element_type=\"container\" data-e-type=\"container\">\n\t\t\t\t\t<div class=\"e-con-inner\">\n\t\t\t\t<div class=\"elementor-element elementor-element-iwgw-bugatungus-s1h elementor-widget elementor-widget-heading\" data-id=\"iwgw-bugatungus-s1h\" data-element_type=\"widget\" data-e-type=\"widget\" data-widget_type=\"heading.default\">\n\t\t\t\t\t<h2 class=\"elementor-heading-title elementor-size-default\">Nafn og or\u00f0sifjar<\/h2>\t\t\t\t<\/div>\n\t\t<div class=\"elementor-element elementor-element-iwgw-bugatungus-s1c e-con-full e-flex e-con e-child\" data-id=\"iwgw-bugatungus-s1c\" data-element_type=\"container\" data-e-type=\"container\">\n\t\t\t\t<div class=\"elementor-element elementor-element-iwgw-bugatungus-s1t elementor-widget elementor-widget-text-editor\" data-id=\"iwgw-bugatungus-s1t\" data-element_type=\"widget\" data-e-type=\"widget\" data-widget_type=\"text-editor.default\">\n\t\t\t\t\t\t\t\t\t<p>Or\u00f0i\u00f0 <em>buga<\/em> er tung\u00faskt og ekki er unnt a\u00f0 sk\u00fdra uppruna \u00feess me\u00f0 fullri vissu. Skyldar myndir finnast \u00ed mansj\u00far\u00edsku (<em>bo\u03b3o<\/em>, \u201eheimur\u201c) og \u00ed nokkrum m\u00e1ll\u00fdskum evensku.<\/p><p>S\u00fa tr\u00faarbrag\u00f0ahistor\u00edska ni\u00f0ursta\u00f0a sem mestu skiptir er samsemd or\u00f0s og fyrirb\u00e6ris: Buga er ekki vera sem b\u00fdr \u00e1 himnum, heldur <em>er<\/em> Buga himinninn og jafnframt heimurinn.<\/p><p>\u00deessi merkingarlega \u00fe\u00e9tting er s\u00e9rlega \u00e1hugaver\u00f0 fr\u00e1 sj\u00f3narh\u00f3li tr\u00faarbrag\u00f0afyrirb\u00e6rafr\u00e6\u00f0i, \u00fev\u00ed h\u00fan t\u00e1knar stig fyrir a\u00f0skilna\u00f0 hins numin\u00f3sa og hins \u00e1\u00fereifanlega, frumform \u00feess sem s\u00ed\u00f0ar er hugtaka\u00f0 sem \u201e\u00e6\u00f0sti gu\u00f0\u201c. Shirokogoroff \u00fer\u00f3a\u00f0i h\u00e9r heila kenningu um \u201es\u00e1larlega-hugarlega samruna\u201c.<\/p><p>\u00cd mansj\u00far\u00edskri hef\u00f0, sem er tungum\u00e1lalega skyld evenkskunni, kemur <em>bo\u03b3o<\/em> s\u00ed\u00f0ar fram sem s\u00e9rh\u00e6ft or\u00f0 fyrir \u201eheim\u201c, \u00e1n \u00feess a\u00f0 halda hinni \u00e6\u00f0stu gu\u00f0legu merkingu. \u00deessi s\u00e9rh\u00e6fing fylgir b\u00faddav\u00e6\u00f0ingu Mansj\u00faa \u00e1 Qing-t\u00edmabilinu.<\/p>\t\t\t\t\t\t\t\t<\/div>\n\t\t\t\t<\/div>\n\t\t\t\t\t<\/div>\n\t\t\t\t<\/div>\n\t\t<div class=\"elementor-element elementor-element-iwgw-bugatungus-s2 e-flex e-con-boxed e-con e-parent\" data-id=\"iwgw-bugatungus-s2\" data-element_type=\"container\" data-e-type=\"container\">\n\t\t\t\t\t<div class=\"e-con-inner\">\n\t\t\t\t<div class=\"elementor-element elementor-element-iwgw-bugatungus-s2h elementor-widget elementor-widget-heading\" data-id=\"iwgw-bugatungus-s2h\" data-element_type=\"widget\" data-e-type=\"widget\" data-widget_type=\"heading.default\">\n\t\t\t\t\t<h2 class=\"elementor-heading-title elementor-size-default\">L\u00fdsing og myndm\u00e1l<\/h2>\t\t\t\t<\/div>\n\t\t<div class=\"elementor-element elementor-element-iwgw-bugatungus-s2c e-con-full e-flex e-con e-child\" data-id=\"iwgw-bugatungus-s2c\" data-element_type=\"container\" data-e-type=\"container\">\n\t\t\t\t<div class=\"elementor-element elementor-element-iwgw-bugatungus-s2t elementor-widget elementor-widget-text-editor\" data-id=\"iwgw-bugatungus-s2t\" data-element_type=\"widget\" data-e-type=\"widget\" data-widget_type=\"text-editor.default\">\n\t\t\t\t\t\t\t\t\t<p>Eins og <a href=\"https:\/\/iwell-guard.com\/is\/?page_id=168980\">Tengri<\/a> hefur Buga enga eigin myndger\u00f0. Sjamanatrommur Evenkja s\u00fdna \u00fe\u00f3 \u00ferj\u00fa heimssvi\u00f0 (efra, mi\u00f0ju og ne\u00f0ra) og heimstr\u00e9 sem vex \u00ed gegnum \u00feau; \u00e1 efra svi\u00f0inu stendur Buga stundum sem t\u00e1knr\u00e6n s\u00f3l me\u00f0 geislakrans.<\/p><p>Sjamanab\u00faningar Evenkja \u00far s\u00f6fnum R\u00fassneska \u00fej\u00f3\u00f0fr\u00e6\u00f0isafnsins (Sankti P\u00e9tursborg) og Mannfr\u00e6\u00f0isafnsins (MAE) s\u00fdna mj\u00f6g vanda\u00f0a j\u00e1rnhengla, sem Shirokogoroff hefur skjalfest tr\u00faarlega merkingu \u00e1 \u00ed s\u00ednu sta\u00f0alverki. Buga sj\u00e1lft er ekki s\u00fdnt beint \u00e1 b\u00faningunum, en er t\u00e1kna\u00f0 me\u00f0 efsta s\u00f3lsk\u00edfu-<span class=\"iwg-fachbegriff\" data-tooltip=\"Endurteki\u00f0 innihaldslegt stef \u00ed list e\u00f0a fr\u00e1s\u00f6gn.\" tabindex=\"0\">m\u00f3t\u00edfinu<\/span>.<\/p><p>Heimstr\u00e9s-hugmynd Evenkja er d\u00e6miger\u00f0arlega samb\u00e6rileg vi\u00f0 ved\u00edsku <em>a\u015bvattha<\/em>-hugmyndina og nor\u00f0urgermanska Yggdrasil, sem Eliade hefur t\u00falka\u00f0 sem v\u00edsbendingu um almenna \u201eAxis Mundi\u201c-reynslu.<\/p>\t\t\t\t\t\t\t\t<\/div>\n\t\t\t\t<\/div>\n\t\t\t\t\t<\/div>\n\t\t\t\t<\/div>\n\t\t<div class=\"elementor-element elementor-element-iwgw-bugatungus-s3 e-flex e-con-boxed e-con e-parent\" data-id=\"iwgw-bugatungus-s3\" data-element_type=\"container\" data-e-type=\"container\">\n\t\t\t\t\t<div class=\"e-con-inner\">\n\t\t\t\t<div class=\"elementor-element elementor-element-iwgw-bugatungus-s3h elementor-widget elementor-widget-heading\" data-id=\"iwgw-bugatungus-s3h\" data-element_type=\"widget\" data-e-type=\"widget\" data-widget_type=\"heading.default\">\n\t\t\t\t\t<h2 class=\"elementor-heading-title elementor-size-default\">Go\u00f0sagnakenndar fr\u00e1sagnir<\/h2>\t\t\t\t<\/div>\n\t\t<div class=\"elementor-element elementor-element-iwgw-bugatungus-s3c e-con-full e-flex e-con e-child\" data-id=\"iwgw-bugatungus-s3c\" data-element_type=\"container\" data-e-type=\"container\">\n\t\t\t\t<div class=\"elementor-element elementor-element-iwgw-bugatungus-s3t elementor-widget elementor-widget-text-editor\" data-id=\"iwgw-bugatungus-s3t\" data-element_type=\"widget\" data-e-type=\"widget\" data-widget_type=\"text-editor.default\">\n\t\t\t\t\t\t\t\t\t<p>Anisimov (1958) hefur skjalfest evenkska sk\u00f6punars\u00f6gu \u00fear sem Buga bi\u00f0ur \u00f6nd um a\u00f0 s\u00e6kja le\u00f0ju \u00far frumhafinu til a\u00f0 skapa j\u00f6r\u00f0ina \u00far henni, klass\u00edskt s\u00edber\u00edskt k\u00f6funar-<span class=\"iwg-fachbegriff\" data-tooltip=\"Endurteki\u00f0 innihaldslegt stef \u00ed list e\u00f0a fr\u00e1s\u00f6gn.\" tabindex=\"0\">m\u00f3t\u00edf<\/span> sem vi\u00f0 finnum einnig hj\u00e1 <a href=\"https:\/\/iwell-guard.com\/is\/?page_id=168983\">\u00dclgen<\/a>.<\/p><p>\u00cd \u00fatg\u00e1fum Evenkja kemur oft fram sem andst\u00e6\u00f0ingur e\u00f0a br\u00f3\u00f0ir eitthvert ska\u00f0agu\u00f0legt vera (<em>Khargi<\/em>), sem fellur inn \u00ed hlutverk <a href=\"https:\/\/iwell-guard.com\/is\/?page_id=168981\">Erlik Khans<\/a>.<\/p><p>\u00d6nnur fr\u00e1s\u00f6gn segir hvernig Buga sendir fyrstu sjamanana: Hann \u201eklj\u00fafur\u201c mann og leggur \u00ed eina hlutann getuna til a\u00f0 sj\u00e1 inn \u00ed hinn heiminn. \u00deessi klofningssaga er tr\u00faarbrag\u00f0amannfr\u00e6\u00f0ilega lykil-<span class=\"iwg-fachbegriff\" data-tooltip=\"Hef\u00f0bundin fr\u00e1s\u00f6gn um gu\u00f0i, uppruna og skipan heimsins.\" tabindex=\"0\">go\u00f0s\u00f6gn<\/span> fyrir innv\u00edgsluathafnir evenkskra sjamana.<\/p><p>\u00deri\u00f0ja fr\u00e1s\u00f6gnin l\u00fdsir \u00fev\u00ed hvernig Buga reisir heimstr\u00e9\u00f0: Risavaxinn lerkistofn, en r\u00e6tur hans n\u00e1 ni\u00f0ur \u00ed undirheim Khargi-andanna og kr\u00f3nan ber s\u00f3larhj\u00f3li\u00f0. \u00c1 \u00feessu tr\u00e9 r\u00ed\u00f0ur <span class=\"iwg-fachbegriff\" data-tooltip=\"Tr\u00faarlegur s\u00e9rfr\u00e6\u00f0ingur sem talinn er mi\u00f0la milli manna og andaheims.\" tabindex=\"0\">sjamaninn<\/span> upp \u00ed efri heiminn, oft me\u00f0 hj\u00e1lp hests-trommu-t\u00e1knmyndar.<\/p>\t\t\t\t\t\t\t\t<\/div>\n\t\t\t\t<\/div>\n\t\t\t\t\t<\/div>\n\t\t\t\t<\/div>\n\t\t<div class=\"elementor-element elementor-element-iwgw-bugatungus-s4 e-flex e-con-boxed e-con e-parent\" data-id=\"iwgw-bugatungus-s4\" data-element_type=\"container\" data-e-type=\"container\">\n\t\t\t\t\t<div class=\"e-con-inner\">\n\t\t\t\t<div class=\"elementor-element elementor-element-iwgw-bugatungus-s4h elementor-widget elementor-widget-heading\" data-id=\"iwgw-bugatungus-s4h\" data-element_type=\"widget\" data-e-type=\"widget\" data-widget_type=\"heading.default\">\n\t\t\t\t\t<h2 class=\"elementor-heading-title elementor-size-default\">D\u00fdrkun og tilbei\u00f0sla<\/h2>\t\t\t\t<\/div>\n\t\t<div class=\"elementor-element elementor-element-iwgw-bugatungus-s4c e-con-full e-flex e-con e-child\" data-id=\"iwgw-bugatungus-s4c\" data-element_type=\"container\" data-e-type=\"container\">\n\t\t\t\t<div class=\"elementor-element elementor-element-iwgw-bugatungus-s4t elementor-widget elementor-widget-text-editor\" data-id=\"iwgw-bugatungus-s4t\" data-element_type=\"widget\" data-e-type=\"widget\" data-widget_type=\"text-editor.default\">\n\t\t\t\t\t\t\t\t\t<p>Ewenkar \u00feekkja engan hofd\u00fdrkun, heldur samfellda \u00e1kallshef\u00f0: fyrir vei\u00f0ar, fyrir langt fer\u00f0alag, vi\u00f0 var\u00f0eldinn er Buga \u00e1varpa\u00f0; \u00fe\u00e1 er d\u00e1l\u00edti\u00f0 t\u00f3bak e\u00f0a fita l\u00e1ti\u00f0 \u00ed eldinn. Sjamanar vi\u00f0halda \u00ed s\u00f6ngvum s\u00ednum tengslum milli Buga og hinna \u00feriggja tilverustiga, sem Eliade l\u00fdsti sem fyrirmyndard\u00e6mi hins klass\u00edska <span class=\"iwg-fachbegriff\" data-tooltip=\"Tr\u00faarlegt kerfi \u00fear sem s\u00e9rfr\u00e6\u00f0ingar eiga samskipti vi\u00f0 andaheiminn.\" tabindex=\"0\">sjamanisma<\/span>.<\/p><p>Sjamana\u00feekking Ewenka var jafnan var\u00f0veitt me\u00f0 munnlegri arfleif\u00f0, oft \u00ed l\u00ednu fr\u00e1 m\u00f3\u00f0ur til d\u00f3ttur e\u00f0a f\u00f6\u00f0ur til sonar. Sov\u00e9ska ofs\u00f3knin \u00e1 1930. \u00e1ratugnum rauf \u00feessar l\u00ednur verulega; G. M. Vasilevich n\u00e1\u00f0i \u00ed <em>Ewenki<\/em> (1969) a\u00f0 skr\u00e1 nokkra af s\u00ed\u00f0ustu sjam\u00f6nnunum sem enn stundu\u00f0u i\u00f0ju s\u00edna.<\/p><p>\u00cd n\u00fat\u00edmaframkv\u00e6md upplifir Buga-fl\u00f3kinn endurreisn \u00ed Ewenk\u00edu-sj\u00e1lfstj\u00f3rnarh\u00e9ra\u00f0inu og \u00ed nokkrum bygg\u00f0um \u00ed Sakha-l\u00fd\u00f0veldinu. Ungir i\u00f0kendur sty\u00f0jast vi\u00f0 skr\u00e1ningar Shirokogoroffs, athyglisvert tilvik \u00fear sem vestr\u00e6n fr\u00e6\u00f0ileg \u00fej\u00f3\u00f0fr\u00e6\u00f0i ver\u00f0ur uppspretta tr\u00faarlegrar endurvakningar frumbyggja.<\/p>\t\t\t\t\t\t\t\t<\/div>\n\t\t\t\t<\/div>\n\t\t\t\t\t<\/div>\n\t\t\t\t<\/div>\n\t\t<div class=\"elementor-element elementor-element-iwgw-bugatungus-s5 e-flex e-con-boxed e-con e-parent\" data-id=\"iwgw-bugatungus-s5\" data-element_type=\"container\" data-e-type=\"container\">\n\t\t\t\t\t<div class=\"e-con-inner\">\n\t\t\t\t<div class=\"elementor-element elementor-element-iwgw-bugatungus-s5h elementor-widget elementor-widget-heading\" data-id=\"iwgw-bugatungus-s5h\" data-element_type=\"widget\" data-e-type=\"widget\" data-widget_type=\"heading.default\">\n\t\t\t\t\t<h2 class=\"elementor-heading-title elementor-size-default\">Verndara\u00f0ger\u00f0ir og fr\u00e1hrindandi t\u00e1kn<\/h2>\t\t\t\t<\/div>\n\t\t<div class=\"elementor-element elementor-element-iwgw-bugatungus-s5c e-con-full e-flex e-con e-child\" data-id=\"iwgw-bugatungus-s5c\" data-element_type=\"container\" data-e-type=\"container\">\n\t\t\t\t<div class=\"elementor-element elementor-element-iwgw-bugatungus-s5t elementor-widget elementor-widget-text-editor\" data-id=\"iwgw-bugatungus-s5t\" data-element_type=\"widget\" data-e-type=\"widget\" data-widget_type=\"text-editor.default\">\n\t\t\t\t\t\t\t\t\t<p>Fr\u00e6\u00f0ilega hefur veri\u00f0 l\u00fdst \u00fev\u00ed a\u00f0 fr\u00e1hrindandi (ap\u00f3tr\u00f3pa\u00edskar) venjur hafi einkum beinst gegn <em>khargi<\/em>-ska\u00f0a\u00f6ndunum (oft nefndir \u201eBuga-Tungus\u201c-ska\u00f0i, \u00fear sem \u00feeir eru skildir sem skuggahli\u00f0 Buga): brennsla tiltekinna jurta \u00e1 var\u00f0eldinum, a\u00f0 bera l\u00edtil beinaskart, og a\u00f0 festa \u00fatskorin \u201evar\u00f0menn\u201c (<em>seven<\/em>) vi\u00f0 vegam\u00f3t.<\/p><p><em>Seven<\/em>-f\u00edg\u00farurnar eru eitt einkennandi \u00fe\u00e1tta \u00ed efnismenningu evenkanna. Oft eru \u00feetta litlar \u00fatskornar tr\u00e9skur\u00f0arbr\u00fa\u00f0ur me\u00f0 \u00edsettum augum, festar \u00e1 sto\u00f0ir, tr\u00e9 e\u00f0a \u00fer\u00f6skulda. \u00de\u00e6r voru taldar \u201eb\u00fasta\u00f0ur\u201c sm\u00e6rri hj\u00e1lparanda sem unnu \u00ed \u00fe\u00e1gu sjamansins.<\/p><p>S\u00e9rst\u00f6k venja er <em>chura<\/em>&#8211;<span class=\"iwg-fachbegriff\" data-tooltip=\"Skipul\u00f6g\u00f0 r\u00f6\u00f0 t\u00e1knr\u00e6nna athafna me\u00f0 tr\u00faarlega e\u00f0a menningarlega merkingu.\" tabindex=\"0\">helgiath\u00f6fnin<\/span>: \u00c1\u00f0ur en gengi\u00f0 er inn \u00e1 \u00f3kunnan sta\u00f0 er kasta\u00f0 l\u00faku af t\u00f3baki e\u00f0a sm\u00e1peningi \u00ed snj\u00f3inn e\u00f0a \u00e1 j\u00f6r\u00f0ina, me\u00f0 <span class=\"iwg-fachbegriff\" data-tooltip=\"B\u00e6narlegt e\u00f0a \u00e1kallandi \u00e1varp til gu\u00f0d\u00f3ms e\u00f0a m\u00e1ttar.\" tabindex=\"0\">\u00e1kallinu<\/span> \u201eBuga, ger\u00f0u mig l\u00edtinn\u201c. \u00deessi kurteisish\u00e1ttur gagnvart alheiminum er s\u00edgilt anim\u00edskt mynstur.<\/p>\t\t\t\t\t\t\t\t<\/div>\n\t\t\t\t<\/div>\n\t\t\t\t\t<\/div>\n\t\t\t\t<\/div>\n\t\t<div class=\"elementor-element elementor-element-iwgw-bugatungus-s6 e-flex e-con-boxed e-con e-parent\" data-id=\"iwgw-bugatungus-s6\" data-element_type=\"container\" data-e-type=\"container\">\n\t\t\t\t\t<div class=\"e-con-inner\">\n\t\t\t\t<div class=\"elementor-element elementor-element-iwgw-bugatungus-s6h elementor-widget elementor-widget-heading\" data-id=\"iwgw-bugatungus-s6h\" data-element_type=\"widget\" data-e-type=\"widget\" data-widget_type=\"heading.default\">\n\t\t\t\t\t<h2 class=\"elementor-heading-title elementor-size-default\">Hli\u00f0st\u00e6\u00f0ur \u00ed \u00f6\u00f0rum menningarheimum<\/h2>\t\t\t\t<\/div>\n\t\t<div class=\"elementor-element elementor-element-iwgw-bugatungus-s6c e-con-full e-flex e-con e-child\" data-id=\"iwgw-bugatungus-s6c\" data-element_type=\"container\" data-e-type=\"container\">\n\t\t\t\t<div class=\"elementor-element elementor-element-iwgw-bugatungus-s6t elementor-widget elementor-widget-text-editor\" data-id=\"iwgw-bugatungus-s6t\" data-element_type=\"widget\" data-e-type=\"widget\" data-widget_type=\"text-editor.default\">\n\t\t\t\t\t\t\t\t\t<p>Buga-hugmyndin er tengd hinu forns\u00edber\u00edska <em>Num<\/em> Samojeda og er d\u00e6miger\u00f0 hli\u00f0st\u00e6\u00f0a vi\u00f0 k\u00ednverska <em>Tian<\/em>, \u00ed b\u00e1\u00f0um tilvikum renna himinn og h\u00e1gu\u00f0 saman \u00ed eitt hugtak. Virknilegar hli\u00f0st\u00e6\u00f0ur eru til vi\u00f0 p\u00f3l\u00fdnes\u00edsku hugt\u00f6kin <em>Mana<\/em>\/<em>Atua<\/em>, \u00e1n \u00feess a\u00f0 um erf\u00f0afr\u00e6\u00f0ilegt samband s\u00e9 a\u00f0 r\u00e6\u00f0a.<\/p><p>S\u00e9rsta\u00f0a Ewenka er samruni \u201eheims\u201c og \u201eh\u00e1gu\u00f0s\u201c \u00ed eitt or\u00f0, sem gengur enn lengra en fj\u00f6lmerkingaror\u00f0 Tengri. Tr\u00faarfyrirb\u00e6rafr\u00e6\u00f0ilega er Buga \u00fear me\u00f0 \u00f6fgafullt d\u00e6mi um samruna hins heilaga og hins hlutl\u00e6ga.<\/p><p>\u00cd su\u00f0urs\u00edber\u00edskum samanbur\u00f0i er Buga fyrst og fremst samb\u00e6rilegt vi\u00f0 <a href=\"https:\/\/iwell-guard.com\/is\/?page_id=168980\">Tengri<\/a>, minna vi\u00f0 <a href=\"https:\/\/iwell-guard.com\/is\/?page_id=168983\">\u00dclgen<\/a>, sem hefur \u00feegar teki\u00f0 \u00e1 sig pers\u00f3nulegra form. \u00deessi munur gefur tilefni til lagfr\u00e6\u00f0ilegrar tilg\u00e1tu: Buga t\u00e1knar kannski eldra lag.<\/p>\t\t\t\t\t\t\t\t<\/div>\n\t\t\t\t<\/div>\n\t\t\t\t\t<\/div>\n\t\t\t\t<\/div>\n\t\t<div class=\"elementor-element elementor-element-iwgw-bugatungus-s7 e-flex e-con-boxed e-con e-parent\" data-id=\"iwgw-bugatungus-s7\" data-element_type=\"container\" data-e-type=\"container\">\n\t\t\t\t\t<div class=\"e-con-inner\">\n\t\t\t\t<div class=\"elementor-element elementor-element-iwgw-bugatungus-s7h elementor-widget elementor-widget-heading\" data-id=\"iwgw-bugatungus-s7h\" data-element_type=\"widget\" data-e-type=\"widget\" data-widget_type=\"heading.default\">\n\t\t\t\t\t<h2 class=\"elementor-heading-title elementor-size-default\">N\u00fat\u00edmavi\u00f0t\u00f6kur og ranns\u00f3knir<\/h2>\t\t\t\t<\/div>\n\t\t<div class=\"elementor-element elementor-element-iwgw-bugatungus-s7c e-con-full e-flex e-con e-child\" data-id=\"iwgw-bugatungus-s7c\" data-element_type=\"container\" data-e-type=\"container\">\n\t\t\t\t<div class=\"elementor-element elementor-element-iwgw-bugatungus-s7t elementor-widget elementor-widget-text-editor\" data-id=\"iwgw-bugatungus-s7t\" data-element_type=\"widget\" data-e-type=\"widget\" data-widget_type=\"text-editor.default\">\n\t\t\t\t\t\t\t\t\t<p>Klass\u00edsk verk: Sergei Shirokogoroff: <em>Psychomental Complex of the Tungus<\/em> (1935); A. F. Anisimov: <em>Religia ewenkov<\/em> (1958); Mircea Eliade ger\u00f0i Tungus-sjamaninn a\u00f0 fyrirmynd sinnar \u201eklass\u00edsku <span class=\"iwg-fachbegriff\" data-tooltip=\"Tr\u00faarlegt kerfi \u00fear sem s\u00e9rfr\u00e6\u00f0ingar eiga samskipti vi\u00f0 andaheiminn.\" tabindex=\"0\">sjamanisma<\/span>\u201c-l\u00edkans. Roberte Hamayon og Andrei Znamenski hafa s\u00ed\u00f0ar endursko\u00f0a\u00f0 \u00feetta l\u00edkan \u00e1 gagnr\u00fdninn h\u00e1tt og m\u00e6lt me\u00f0 meira tilliti til sta\u00f0bundinna ewenkskra hugtaka.<\/p><p>G. M. Vasilevich, sov\u00e9skur fr\u00e6\u00f0ima\u00f0ur, lag\u00f0i fram \u00ed <em>Ewenki<\/em> (Leningrad 1969) umfangsmestu sov\u00e9sku einfr\u00e6\u00f0iranns\u00f3knina um tr\u00faarbr\u00f6g\u00f0 Ewenka. \u00der\u00e1tt fyrir hugmyndafr\u00e6\u00f0ilegan bl\u00e6 er h\u00fan \u00f3missandi efnissafn.<\/p>\t\t\t\t\t\t\t\t<\/div>\n\t\t\t\t<\/div>\n\t\t\t\t\t<\/div>\n\t\t\t\t<\/div>\n\t\t<div class=\"elementor-element elementor-element-iwgw-bugatungus-s8 e-flex e-con-boxed e-con e-parent\" data-id=\"iwgw-bugatungus-s8\" data-element_type=\"container\" data-e-type=\"container\">\n\t\t\t\t\t<div class=\"e-con-inner\">\n\t\t\t\t<div class=\"elementor-element elementor-element-iwgw-bugatungus-s8h elementor-widget elementor-widget-heading\" data-id=\"iwgw-bugatungus-s8h\" data-element_type=\"widget\" data-e-type=\"widget\" data-widget_type=\"heading.default\">\n\t\t\t\t\t<h2 class=\"elementor-heading-title elementor-size-default\">Ranns\u00f3knarumr\u00e6\u00f0ur og opnar spurningar<\/h2>\t\t\t\t<\/div>\n\t\t<div class=\"elementor-element elementor-element-iwgw-bugatungus-s8c e-con-full e-flex e-con e-child\" data-id=\"iwgw-bugatungus-s8c\" data-element_type=\"container\" data-e-type=\"container\">\n\t\t\t\t<div class=\"elementor-element elementor-element-iwgw-bugatungus-s8t elementor-widget elementor-widget-text-editor\" data-id=\"iwgw-bugatungus-s8t\" data-element_type=\"widget\" data-e-type=\"widget\" data-widget_type=\"text-editor.default\">\n\t\t\t\t\t\t\t\t\t<p>\u00derj\u00e1r ranns\u00f3knarspurningar einkenna Buga-umr\u00e6\u00f0una. \u00cd fyrsta lagi: T\u00e1knar Buga fortengr\u00edsk lag \u00fear sem \u201eheimur\u201c og \u201eh\u00e1gu\u00f0\u201c voru ekki enn a\u00f0skilin? Anisimov og Shirokogoroff m\u00e6la me\u00f0 \u00feessum skilningi; s\u00ed\u00f0ari fr\u00e6\u00f0imenn (Hamayon) kj\u00f3sa afst\u00e6\u00f0ari s\u00fdn \u00e1 l\u00edkani\u00f0.<\/p><p>\u00cd \u00f6\u00f0ru lagi: Hvernig tengist i\u00f0ja Ewenka vi\u00f0 dene-jenis\u00edsku tungum\u00e1lafj\u00f6lskyldu-tilg\u00e1tuna, sem gerir r\u00e1\u00f0 fyrir \u00e6ttartengslum Ewenka vi\u00f0 nor\u00f0ur-amer\u00edska Athabaska? Ef \u00feessi tilg\u00e1ta er r\u00e9tt, \u00e6tti Buga-tr\u00fain a\u00f0 s\u00fdna kringheimskautlegar greinar.<\/p><p>\u00cd \u00feri\u00f0ja lagi: Hva\u00f0a framt\u00ed\u00f0 hefur n\u00faverandi Buga-endurreisn \u00ed Ewenk\u00edu-h\u00e9ra\u00f0inu, \u00ed lj\u00f3si mikils \u00fer\u00fdstings fr\u00e1 n\u00e1mu- og ol\u00eduvinnslu? H\u00e9r samtvinnast tr\u00faarbrag\u00f0asaga og vistfr\u00e6\u00f0ilegri og p\u00f3lit\u00edskri samt\u00edmaumr\u00e6\u00f0u.<\/p>\t\t\t\t\t\t\t\t<\/div>\n\t\t\t\t<\/div>\n\t\t\t\t\t<\/div>\n\t\t\t\t<\/div>\n\t\t<div class=\"elementor-element elementor-element-iwgw-bugatungus-s9 e-flex e-con-boxed e-con e-parent\" data-id=\"iwgw-bugatungus-s9\" data-element_type=\"container\" data-e-type=\"container\">\n\t\t\t\t\t<div class=\"e-con-inner\">\n\t\t\t\t<div class=\"elementor-element elementor-element-iwgw-bugatungus-s9h elementor-widget elementor-widget-heading\" data-id=\"iwgw-bugatungus-s9h\" data-element_type=\"widget\" data-e-type=\"widget\" data-widget_type=\"heading.default\">\n\t\t\t\t\t<h2 class=\"elementor-heading-title elementor-size-default\">Buga og frumkv\u00f6\u00f0lahlutverk Shirokogoroffs<\/h2>\t\t\t\t<\/div>\n\t\t<div class=\"elementor-element elementor-element-iwgw-bugatungus-s9c e-con-full e-flex e-con e-child\" data-id=\"iwgw-bugatungus-s9c\" data-element_type=\"container\" data-e-type=\"container\">\n\t\t\t\t<div class=\"elementor-element elementor-element-iwgw-bugatungus-s9t elementor-widget elementor-widget-text-editor\" data-id=\"iwgw-bugatungus-s9t\" data-element_type=\"widget\" data-e-type=\"widget\" data-widget_type=\"text-editor.default\">\n\t\t\t\t\t\t\t\t\t<p>Hlutverk Sergei Shirokogoroffs \u00ed Buga-ranns\u00f3knum ver\u00f0skuldar s\u00e9rstaka umfj\u00f6llun. Shirokogoroff (1887, 1939) var r\u00fassneskur \u00fej\u00f3\u00f0fr\u00e6\u00f0ingur sem f\u00f3r \u00ed \u00fatleg\u00f0 eftir okt\u00f3berbyltinguna og kenndi \u00ed K\u00edna fr\u00e1 1922.<\/p><p>Meistaraverk hans <em>Psychomental Complex of the Tungus<\/em> (Sjangh\u00e6 1935) er eitt af fyrstu ritunum sem kerfisbundi\u00f0 endurskapar ekki-vestr\u00e6nt tr\u00faarkerfi \u00fat fr\u00e1 innri sj\u00f3narhorni i\u00f0kendanna.<\/p><p>Shirokogoroff m\u00f3ta\u00f0i hugtaki\u00f0 \u201e<span class=\"iwg-fachbegriff\" data-tooltip=\"Tr\u00faarlegt kerfi \u00fear sem s\u00e9rfr\u00e6\u00f0ingar eiga samskipti vi\u00f0 andaheiminn.\" tabindex=\"0\">sjamanismi<\/span>\u201c sem v\u00edsindalegt hugtak, byggt \u00e1 tungus\u00edska or\u00f0inu <em>\u0161aman<\/em>. \u00deessi hugtakamyndun haf\u00f0i v\u00ed\u00f0t\u00e6k v\u00edsindaleg \u00e1hrif: h\u00fan ger\u00f0i sta\u00f0bundi\u00f0 tungus\u00edskt hugtak a\u00f0 alhli\u00f0a flokki. Andrei Znamenski hefur \u00ed <em>Shamanism and Western Imagination<\/em> (2007) raki\u00f0 \u00feessa alh\u00e6fingu \u00e1 gagnr\u00fdninn h\u00e1tt.<\/p><p>N\u00faverandi Buga-ranns\u00f3knir eru \u00ed tv\u00edr\u00e6\u00f0u sambandi vi\u00f0 Shirokogoroff: annars vegar er efni hans \u00f3missandi, hins vegar felst \u00ed hugtaki hans um \u201es\u00e1larhugarsamruna\u201c e\u00f0lishyggjuforsenda sem samt\u00edma\u00fej\u00f3\u00f0fr\u00e6\u00f0i tr\u00faarbrag\u00f0a dregur \u00ed efa.<\/p>\t\t\t\t\t\t\t\t<\/div>\n\t\t\t\t<\/div>\n\t\t\t\t\t<\/div>\n\t\t\t\t<\/div>\n\t\t<div class=\"elementor-element elementor-element-iwgw-bugatungus-s10 e-flex e-con-boxed e-con e-parent\" data-id=\"iwgw-bugatungus-s10\" data-element_type=\"container\" data-e-type=\"container\">\n\t\t\t\t\t<div class=\"e-con-inner\">\n\t\t\t\t<div class=\"elementor-element elementor-element-iwgw-bugatungus-s10h elementor-widget elementor-widget-heading\" data-id=\"iwgw-bugatungus-s10h\" data-element_type=\"widget\" data-e-type=\"widget\" data-widget_type=\"heading.default\">\n\t\t\t\t\t<h2 class=\"elementor-heading-title elementor-size-default\">Heimildir og tengsl vi\u00f0 menningarmi\u00f0st\u00f6\u00f0ina<\/h2>\t\t\t\t<\/div>\n\t\t<div class=\"elementor-element elementor-element-iwgw-bugatungus-s10c e-con-full e-flex e-con e-child\" data-id=\"iwgw-bugatungus-s10c\" data-element_type=\"container\" data-e-type=\"container\">\n\t\t\t\t<div class=\"elementor-element elementor-element-iwgw-bugatungus-s10t elementor-widget elementor-widget-text-editor\" data-id=\"iwgw-bugatungus-s10t\" data-element_type=\"widget\" data-e-type=\"widget\" data-widget_type=\"text-editor.default\">\n\t\t\t\t\t\t\t\t\t<p>\u00deeir sem vilja rannsaka Buga-fl\u00f3kann \u00ed heild sinni finna \u00e1 yfirlitss\u00ed\u00f0unni <a href=\"https:\/\/iwell-guard.com\/is\/siberiskur-sjamanismi-tengrismi\/\">S\u00edber\u00edsk-tengr\u00edsk hef\u00f0<\/a> mikilv\u00e6gustu tilv\u00edsanirnar til tengdra vera \u00e1 bor\u00f0 vi\u00f0 <a href=\"https:\/\/iwell-guard.com\/is\/?page_id=168980\">Tengri<\/a> (tyrkneska hli\u00f0st\u00e6\u00f0una) og jak\u00fat\u00edsku <em>aiyy<\/em>-lj\u00f3sverurnar.<\/p><p>B\u00f3k Sergeis Shirokogoroffs <em>Psychomental Complex of the Tungus<\/em> (1935) er mikilv\u00e6gasta frumheimildin. <em>Religia ewenkov<\/em> (Moskvu 1958) eftir A. F. Anisimov er mikilv\u00e6gasta sov\u00e9ska heildarsamantektin. <em>Ewenki<\/em> (Len\u00edngrad 1969) eftir G. M. Vasilevich b\u00e6tir vi\u00f0 umfangsmiklu efni.<\/p><p>Um hringskautsl\u00e6ga samhengi\u00f0 v\u00edsast til <em>La chasse \u00e0 l&#8217;\u00e2me<\/em> (1990) eftir Roberte Hamayon og <em>Shamanism and Western Imagination<\/em> (Oxford 2007) eftir Andrei Znamenski. \u00deessi tv\u00f6 verk eru mikilv\u00e6gustu lei\u00f0r\u00e9ttingarnar \u00e1 hinu klass\u00edska Eliade-l\u00edkani.<\/p>\t\t\t\t\t\t\t\t<\/div>\n\t\t\t\t<\/div>\n\t\t\t\t\t<\/div>\n\t\t\t\t<\/div>\n\t\t<div class=\"elementor-element elementor-element-iwgw-bugatungus-s11 e-flex e-con-boxed e-con e-parent\" data-id=\"iwgw-bugatungus-s11\" data-element_type=\"container\" data-e-type=\"container\">\n\t\t\t\t\t<div class=\"e-con-inner\">\n\t\t\t\t<div class=\"elementor-element elementor-element-iwgw-bugatungus-s11h elementor-widget elementor-widget-heading\" data-id=\"iwgw-bugatungus-s11h\" data-element_type=\"widget\" data-e-type=\"widget\" data-widget_type=\"heading.default\">\n\t\t\t\t\t<h2 class=\"elementor-heading-title elementor-size-default\">Buga og innv\u00edgsla sjamana<\/h2>\t\t\t\t<\/div>\n\t\t<div class=\"elementor-element elementor-element-iwgw-bugatungus-s11c e-con-full e-flex e-con e-child\" data-id=\"iwgw-bugatungus-s11c\" data-element_type=\"container\" data-e-type=\"container\">\n\t\t\t\t<div class=\"elementor-element elementor-element-iwgw-bugatungus-s11t elementor-widget elementor-widget-text-editor\" data-id=\"iwgw-bugatungus-s11t\" data-element_type=\"widget\" data-e-type=\"widget\" data-widget_type=\"text-editor.default\">\n\t\t\t\t\t\t\t\t\t<p>S\u00e9rstaka athygli \u00e1 skili\u00f0 hlutverk Buga \u00ed evenk\u00edskri sjamanav\u00edgslu, <span class=\"iwg-fachbegriff\" data-tooltip=\"Helgiath\u00f6fn \u00ed tengslum vi\u00f0 uppt\u00f6ku einhvers \u00ed n\u00fdja st\u00f6\u00f0u e\u00f0a samf\u00e9lag.\" tabindex=\"0\">innv\u00edgslunni<\/span>. Shirokogoroff l\u00fdsti \u00ed <em>Psychomental Complex of the Tungus<\/em> (1935) nokkrum innv\u00edgslum \u00edtarlega: Ver\u00f0andi <span class=\"iwg-fachbegriff\" data-tooltip=\"Tr\u00faarlegur s\u00e9rfr\u00e6\u00f0ingur sem talinn er mi\u00f0la milli manna og andaheimsins.\" tabindex=\"0\">sjamaninn<\/span> gengur \u00ed gegnum t\u00edmabil alvarlegra \u201esjamanaveikinda\u201c sem t\u00falku\u00f0 eru sem <span class=\"iwg-fachbegriff\" data-tooltip=\"Helgiath\u00f6fn \u00ed tengslum vi\u00f0 uppt\u00f6ku einhvers \u00ed n\u00fdja st\u00f6\u00f0u e\u00f0a samf\u00e9lag.\" tabindex=\"0\">innv\u00edgsla<\/span>, klass\u00edskt mynstur sem Eliade alh\u00e6f\u00f0i sem \u201edau\u00f0a og upprisu innv\u00edgslunnar\u201c.<\/p><p>\u00cd \u00feessari <span class=\"iwg-fachbegriff\" data-tooltip=\"Helgiath\u00f6fn \u00ed tengslum vi\u00f0 uppt\u00f6ku einhvers \u00ed n\u00fdja st\u00f6\u00f0u e\u00f0a samf\u00e9lag.\" tabindex=\"0\">innv\u00edgslu<\/span> stendur Buga sem \u00e6\u00f0ri verkbei\u00f0andi: Hann sendir innv\u00edgsluveikina, hann \u201ekl\u00fdfur\u201c hinn innv\u00edg\u00f0a, hann kennir honum fer\u00f0ina um heimana \u00ferj\u00e1. \u00deetta hlutverk er s\u00fa fyrirmynd \u00ed mannfr\u00e6\u00f0i tr\u00faarbrag\u00f0a sem nor\u00f0urskautsranns\u00f3knir \u00e1 innv\u00edgslu byggja \u00e1.<\/p><p>Roberte Hamayon endursko\u00f0a\u00f0i \u00feessa fyrirmynd \u00e1 gagnr\u00fdninn h\u00e1tt \u00ed <em>La chasse \u00e0 l&#8217;\u00e2me<\/em> (1990): H\u00fan les evenk\u00edsku <span class=\"iwg-fachbegriff\" data-tooltip=\"Helgiath\u00f6fn \u00ed tengslum vi\u00f0 uppt\u00f6ku einhvers \u00ed n\u00fdja st\u00f6\u00f0u e\u00f0a samf\u00e9lag.\" tabindex=\"0\">innv\u00edgsluna<\/span> s\u00ed\u00f0ur sem \u201edulr\u00e6na reynslu\u201c en sem f\u00e9lags-efnahagslega samningaframkv\u00e6md. B\u00e1\u00f0ar t\u00falkanirnar eiga r\u00e9tt \u00e1 s\u00e9r og fylla hvor a\u00f0ra.<\/p>\t\t\t\t\t\t\t\t<\/div>\n\t\t\t\t<\/div>\n\t\t\t\t\t<\/div>\n\t\t\t\t<\/div>\n\t\t<div class=\"elementor-element elementor-element-iwgw-bugatungus-s12 e-flex e-con-boxed e-con e-parent\" data-id=\"iwgw-bugatungus-s12\" data-element_type=\"container\" data-e-type=\"container\">\n\t\t\t\t\t<div class=\"e-con-inner\">\n\t\t\t\t<div class=\"elementor-element elementor-element-iwgw-bugatungus-s12h elementor-widget elementor-widget-heading\" data-id=\"iwgw-bugatungus-s12h\" data-element_type=\"widget\" data-e-type=\"widget\" data-widget_type=\"heading.default\">\n\t\t\t\t\t<h2 class=\"elementor-heading-title elementor-size-default\">A\u00f0fer\u00f0afr\u00e6\u00f0ileg \u00edgrundun<\/h2>\t\t\t\t<\/div>\n\t\t<div class=\"elementor-element elementor-element-iwgw-bugatungus-s12c e-con-full e-flex e-con e-child\" data-id=\"iwgw-bugatungus-s12c\" data-element_type=\"container\" data-e-type=\"container\">\n\t\t\t\t<div class=\"elementor-element elementor-element-iwgw-bugatungus-s12t elementor-widget elementor-widget-text-editor\" data-id=\"iwgw-bugatungus-s12t\" data-element_type=\"widget\" data-e-type=\"widget\" data-widget_type=\"text-editor.default\">\n\t\t\t\t\t\t\t\t\t<p>\u00cd Buga-ranns\u00f3knum koma upp nokkur a\u00f0fer\u00f0afr\u00e6\u00f0ileg vandam\u00e1l. \u00cd fyrsta lagi: brautry\u00f0jandaverk Shirokogoroffs er a\u00f0fer\u00f0afr\u00e6\u00f0ilega \u00e1hrifamiki\u00f0 en m\u00f3ta\u00f0 af \u00fatleg\u00f0arst\u00f6\u00f0u hans og fr\u00e6\u00f0ilegum forsendum. Andrei Znamenski hefur raki\u00f0 \u00feessar forsendur \u00e1 gagnr\u00fdninn h\u00e1tt.<\/p><p>\u00cd \u00f6\u00f0ru lagi: sov\u00e9skar k\u00fagunara\u00f0ger\u00f0ir \u00e1 fj\u00f3r\u00f0a \u00e1ratugnum skadda\u00f0u ewenk\u00edska sjamanahef\u00f0 verulega; \u00fea\u00f0 sem vi\u00f0 sj\u00e1um \u00ed dag er endursk\u00f6pun bygg\u00f0 \u00e1 \u00fej\u00f3\u00f0fr\u00e6\u00f0ilegum textum. \u00deessa endursk\u00f6pun \u00fearf a\u00f0 rannsaka sj\u00e1lfst\u00e6tt fr\u00e1 tr\u00faarf\u00e9lagsfr\u00e6\u00f0ilegu sj\u00f3narhorni.<\/p><p>\u00cd \u00feri\u00f0ja lagi: ewenk\u00edska tungum\u00e1li\u00f0 er n\u00fa \u00ed \u00fatr\u00fdmingarh\u00e6ttu; me\u00f0 \u00fev\u00ed hverfur einnig bein lei\u00f0 a\u00f0 Buga-or\u00f0afor\u00f0anum og hugmyndunum sem honum tengjast. Var\u00f0veisla tungum\u00e1ls og tr\u00faarbrag\u00f0a ver\u00f0a \u00feannig systurvandam\u00e1l.<\/p>\t\t\t\t\t\t\t\t<\/div>\n\t\t\t\t<\/div>\n\t\t\t\t\t<\/div>\n\t\t\t\t<\/div>\n\t\t<div class=\"elementor-element elementor-element-iwgw-bugatungus-s13 e-flex e-con-boxed e-con e-parent\" data-id=\"iwgw-bugatungus-s13\" data-element_type=\"container\" data-e-type=\"container\">\n\t\t\t\t\t<div class=\"e-con-inner\">\n\t\t\t\t<div class=\"elementor-element elementor-element-iwgw-bugatungus-s13h elementor-widget elementor-widget-heading\" data-id=\"iwgw-bugatungus-s13h\" data-element_type=\"widget\" data-e-type=\"widget\" data-widget_type=\"heading.default\">\n\t\t\t\t\t<h2 class=\"elementor-heading-title elementor-size-default\">Buga og var\u00f0veisla ewenk\u00edska tungum\u00e1lsins<\/h2>\t\t\t\t<\/div>\n\t\t<div class=\"elementor-element elementor-element-iwgw-bugatungus-s13c e-con-full e-flex e-con e-child\" data-id=\"iwgw-bugatungus-s13c\" data-element_type=\"container\" data-e-type=\"container\">\n\t\t\t\t<div class=\"elementor-element elementor-element-iwgw-bugatungus-s13t elementor-widget elementor-widget-text-editor\" data-id=\"iwgw-bugatungus-s13t\" data-element_type=\"widget\" data-e-type=\"widget\" data-widget_type=\"text-editor.default\">\n\t\t\t\t\t\t\t\t\t<p>Samkv\u00e6mt mati UNESCO er ewenk\u00edska tungum\u00e1li\u00f0 \u201e\u00ed \u00fatr\u00fdmingarh\u00e6ttu\u201c; \u00fea\u00f0 hefur n\u00fa a\u00f0eins f\u00e1ein \u00fe\u00fasund virka m\u00e1lhafa, a\u00f0allega \u00ed R\u00fasslandsfylkinu og \u00ed Nor\u00f0ur-K\u00edna. Me\u00f0 tungum\u00e1linu hverfur einnig bein lei\u00f0 a\u00f0 Buga-or\u00f0afor\u00f0anum og f\u00ednni greinarmun ewenk\u00edskrar tr\u00faar.<\/p><p>Nokkur \u00e1taksverkefni reyna a\u00f0 stemma stigu vi\u00f0 \u00feessu tapi. R\u00fassneska v\u00edsindaakadem\u00edan (M\u00e1lranns\u00f3knastofnunin) og H\u00e1sk\u00f3linn \u00ed \u00dalan-\u00dade reka skr\u00e1ningar\u00e1\u00e6tlanir; \u00ed K\u00edna er svipu\u00f0 tilraun ger\u00f0 fyrir manch\u00fa-tungus\u00edsku tungum\u00e1lafj\u00f6lskylduna.<\/p><p>\u00deetta er fr\u00e6\u00f0ilega mikilv\u00e6gt \u00fev\u00ed tr\u00faarbr\u00f6g\u00f0 og tungum\u00e1l eru n\u00e1tengd. Tap ewenk\u00edska or\u00f0sins <em>buga<\/em> myndi jafnframt \u00fe\u00fd\u00f0a tap s\u00e9rstaks tr\u00faarhugtaks. Var\u00f0veisla tungum\u00e1ls og tr\u00faarbrag\u00f0a ver\u00f0a \u00feannig systurverkefni.<\/p>\t\t\t\t\t\t\t\t<\/div>\n\t\t\t\t<\/div>\n\t\t\t\t\t<\/div>\n\t\t\t\t<\/div>\n\t\t<div class=\"elementor-element elementor-element-iwgw-bugatungus-s14 e-flex e-con-boxed e-con e-parent\" data-id=\"iwgw-bugatungus-s14\" data-element_type=\"container\" data-e-type=\"container\">\n\t\t\t\t\t<div class=\"e-con-inner\">\n\t\t\t\t<div class=\"elementor-element elementor-element-iwgw-bugatungus-s14h elementor-widget elementor-widget-heading\" data-id=\"iwgw-bugatungus-s14h\" data-element_type=\"widget\" data-e-type=\"widget\" data-widget_type=\"heading.default\">\n\t\t\t\t\t<h2 class=\"elementor-heading-title elementor-size-default\">Buga og hringskautsleg h\u00e1gu\u00f0shef\u00f0<\/h2>\t\t\t\t<\/div>\n\t\t<div class=\"elementor-element elementor-element-iwgw-bugatungus-s14c e-con-full e-flex e-con e-child\" data-id=\"iwgw-bugatungus-s14c\" data-element_type=\"container\" data-e-type=\"container\">\n\t\t\t\t<div class=\"elementor-element elementor-element-iwgw-bugatungus-s14t elementor-widget elementor-widget-text-editor\" data-id=\"iwgw-bugatungus-s14t\" data-element_type=\"widget\" data-e-type=\"widget\" data-widget_type=\"text-editor.default\">\n\t\t\t\t\t\t\t\t\t<p>Hringskautslegt samanbur\u00f0arsj\u00f3narhorn s\u00fdnir Buga sem li\u00f0 \u00ed brei\u00f0ri fj\u00f6lskyldu \u201ealheimsh\u00e1go\u00f0a\u201c sem n\u00e6r fr\u00e1 Skandinav\u00edu (sam\u00edski Radien) yfir S\u00edber\u00edu (samojed\u00edski Num, ewenk\u00edski Buga) til Nor\u00f0ur-Amer\u00edku (algonkin Manitou, in\u00fa\u00edta Sila). \u00cd \u00f6llum tilvikum renna himinn, alheimur og h\u00e1gu\u00f0 saman \u00ed eitt hugtak.<\/p><p>\u00deessi hringskautslega \u00fatbrei\u00f0sla er efni umfangsmikilla ranns\u00f3kna. Juha Pentik\u00e4inen setti fram kerfisbundi\u00f0 yfirlit \u00ed <em>Shamanism and Culture<\/em> (1998); Mih\u00e1ly Hopp\u00e1l \u00fatv\u00edkka\u00f0i hinn ungverska og s\u00edber\u00edska samanbur\u00f0 \u00ed <em>Shamans and Traditions<\/em> (2007).<\/p><p>Hvort um er a\u00f0 r\u00e6\u00f0a erf\u00f0afr\u00e6\u00f0ilegan skyldleika (forns\u00edber\u00edsk undirl\u00f6g sem breiddust \u00fat \u00ed allar \u00e1ttir) e\u00f0a formfr\u00e6\u00f0ilega samleitni (s\u00f6mu hlutverk undir s\u00f6mu vistfr\u00e6\u00f0ilegu skilyr\u00f0um) er enn deiluefni. Buga er eitt af best skjalfestu d\u00e6munum.<\/p>\t\t\t\t\t\t\t\t<\/div>\n\t\t\t\t<\/div>\n\t\t\t\t\t<\/div>\n\t\t\t\t<\/div>\n\t\t<div class=\"elementor-element elementor-element-iwgw-bugatungus-s15 e-flex e-con-boxed e-con e-parent\" data-id=\"iwgw-bugatungus-s15\" data-element_type=\"container\" data-e-type=\"container\">\n\t\t\t\t\t<div class=\"e-con-inner\">\n\t\t\t\t<div class=\"elementor-element elementor-element-iwgw-bugatungus-s15h elementor-widget elementor-widget-heading\" data-id=\"iwgw-bugatungus-s15h\" data-element_type=\"widget\" data-e-type=\"widget\" data-widget_type=\"heading.default\">\n\t\t\t\t\t<h2 class=\"elementor-heading-title elementor-size-default\">Buga og ewenk\u00edsk tundruhagkerfi<\/h2>\t\t\t\t<\/div>\n\t\t<div class=\"elementor-element elementor-element-iwgw-bugatungus-s15c e-con-full e-flex e-con e-child\" data-id=\"iwgw-bugatungus-s15c\" data-element_type=\"container\" data-e-type=\"container\">\n\t\t\t\t<div class=\"elementor-element elementor-element-iwgw-bugatungus-s15t elementor-widget elementor-widget-text-editor\" data-id=\"iwgw-bugatungus-s15t\" data-element_type=\"widget\" data-e-type=\"widget\" data-widget_type=\"text-editor.default\">\n\t\t\t\t\t\t\t\t\t<p>Ewenk\u00edsk tr\u00fa er n\u00e1tengd hreind\u00fdra-tundruhagkerfinu. Buga er h\u00e9r b\u00e6\u00f0i h\u00e1gu\u00f0 og \u201eeigandi\u201c hreind\u00fdranna, \u00e1n hans leyfis m\u00e1 ekki vei\u00f0a neitt hreind\u00fdr. Hin rit\u00faala <span class=\"iwg-fachbegriff\" data-tooltip=\"\u00dea\u00f0 a\u00f0 \u00e1kalla e\u00f0a \u00e1heita gu\u00f0 e\u00f0a m\u00e1tt me\u00f0 bei\u00f0ni.\" tabindex=\"0\">\u00e1kallan<\/span> til Buga fyrir vei\u00f0ar er \u00feess vegna ekki bara <span class=\"iwg-fachbegriff\" data-tooltip=\"Lifu\u00f0 tr\u00faarleg afsta\u00f0a og i\u00f0kun einstaklings.\" tabindex=\"0\">tr\u00far\u00e6kni<\/span>, heldur efnahagsleg i\u00f0kun.<\/p><p>A. F. Anisimov l\u00fdsti \u00feessari samtvinnun \u00ed sm\u00e1atri\u00f0um \u00ed <em>Religia ewenkov<\/em> (1958). H\u00fan fellur \u00ed brei\u00f0ari hef\u00f0 tr\u00faarlegrar manneskjufr\u00e6\u00f0i sem skilur tr\u00faarbr\u00f6g\u00f0 og efnahag ekki sem a\u00f0skilda svi\u00f0um, heldur sem sam\u00fe\u00e6tt l\u00edfsferli.<\/p><p>\u00cd R\u00fasslandsfylkinu n\u00fa til dags er ewenk\u00edska tundruhagkerfi\u00f0 alvarlega \u00ed h\u00e6ttu vegna n\u00e1muvinnslu, ol\u00eduvinnslu og loftslagsbreytinga. Me\u00f0 \u00fev\u00ed er Buga-fl\u00f3kinn einnig \u00ed h\u00e6ttu, tr\u00faarumhverfisfr\u00e6\u00f0ilegt ranns\u00f3knarsvi\u00f0 af fyrstu gr\u00e1\u00f0u.<\/p>\t\t\t\t\t\t\t\t<\/div>\n\t\t\t\t<\/div>\n\t\t\t\t\t<\/div>\n\t\t\t\t<\/div>\n\t\t<div class=\"elementor-element elementor-element-cp2fe9c4aa e-flex e-con-boxed e-con e-parent\" data-id=\"cp2fe9c4aa\" data-element_type=\"container\" data-e-type=\"container\">\n\t\t\t\t\t<div class=\"e-con-inner\">\n\t\t\t\t<div class=\"elementor-element elementor-element-cp2067a37d elementor-widget elementor-widget-heading\" data-id=\"cp2067a37d\" data-element_type=\"widget\" data-e-type=\"widget\" data-widget_type=\"heading.default\">\n\t\t\t\t\t<h2 class=\"elementor-heading-title elementor-size-default\">Buga milli himins, heims og h\u00e6stu veru<\/h2>\t\t\t\t<\/div>\n\t\t<div class=\"elementor-element elementor-element-cp2dfd4645 e-flex e-con-boxed e-con e-child\" data-id=\"cp2dfd4645\" data-element_type=\"container\" data-e-type=\"container\">\n\t\t\t\t\t<div class=\"e-con-inner\">\n\t\t\t\t<div class=\"elementor-element elementor-element-cp2ebe964b elementor-widget elementor-widget-text-editor\" data-id=\"cp2ebe964b\" data-element_type=\"widget\" data-e-type=\"widget\" data-widget_type=\"text-editor.default\">\n\t\t\t\t\t\t\t\t\t<p>Hugtaki\u00f0 <em>Buga<\/em> heyrir til tung\u00fasku m\u00e1lanna, fyrst og fremst evenk\u00edsku, og er ekki h\u00e6gt a\u00f0 festa \u00fea\u00f0 vi\u00f0 eina afmarka\u00f0a merkingu. \u00dej\u00f3\u00f0fr\u00e6\u00f0ilegar skr\u00e1ningar birta or\u00f0i\u00f0 \u00fdmist sem himinn, \u00fdmist sem heim e\u00f0a sv\u00e6\u00f0i, og \u00fdmist sem heiti \u00e1 \u00e6\u00f0stu v\u00e6ttinni sem tengd er himninum.<\/p><p>\u00deessi merkingarbreidd er ekki \u00fe\u00fd\u00f0ingarvilla, heldur v\u00edsar til hugmyndar \u00fear sem hinn lifandi heimur, r\u00fdmi hans og \u00e6\u00f0sta m\u00e1ttinn sem \u00ed honum verkar voru ekki hugsu\u00f0 sem strengilega a\u00f0skilin fyrirb\u00e6ri.<\/p><p>Heimildir um <em>Buga<\/em> eru f\u00e1ar og koma a\u00f0 mestu fr\u00e1 19. og 20. \u00f6ld. R\u00fassneskir fr\u00e6\u00f0imenn og emb\u00e6ttismenn, s\u00ed\u00f0ar sov\u00e9skir \u00fej\u00f3\u00f0fr\u00e6\u00f0ingar eins og Sergei Shirokogorov, sem skrifa\u00f0i grundvallarrit um tung\u00fasku \u00fej\u00f3\u00f0irnar og <span class=\"iwg-fachbegriff\" data-tooltip=\"Tr\u00faarlegt kerfi \u00fear sem s\u00e9rfr\u00e6\u00f0ingar hafa samskipti vi\u00f0 andaheiminn.\" tabindex=\"0\">sjamanisma<\/span>, skr\u00e1\u00f0u brot af tr\u00faarhugmyndunum.<\/p><p>Shirokogorov undirstrika\u00f0i sj\u00e1lfur a\u00f0 margar af \u00feessum hugmyndum hef\u00f0u \u00feegar or\u00f0i\u00f0 fyrir \u00e1hrifum af snertingu vi\u00f0 r\u00fassnesku <span class=\"iwg-fachbegriff\" data-tooltip=\"Kenningin sem er vi\u00f0urkennd sem r\u00e9tttr\u00fana\u00f0ar.\" tabindex=\"0\">r\u00e9tttr\u00fana\u00f0arkirkjuna<\/span> og n\u00e1l\u00e6g tr\u00faarbr\u00f6g\u00f0. Hreina, \u00f3snortna tung\u00faska <span class=\"iwg-fachbegriff\" data-tooltip=\"Fr\u00e6\u00f0igreinin um Gu\u00f0 og tr\u00fa innan tr\u00faarbrag\u00f0a.\" tabindex=\"0\">gu\u00f0fr\u00e6\u00f0i<\/span> er ekki h\u00e6gt a\u00f0 draga fram \u00far heimildunum.<\/p><p>Vi\u00f0 \u00feetta b\u00e6tist a\u00f0 evenkarnir bjuggu \u00e1 v\u00ed\u00f0 og dreif um risavaxi\u00f0 sv\u00e6\u00f0i fr\u00e1 Mi\u00f0-S\u00edber\u00edu til Kyrrahafsins og voru skipulag\u00f0ir \u00ed sm\u00e1um, hreyfanlegum h\u00f3pum. Sta\u00f0bundin afbrig\u00f0i hugmyndanna voru \u00fear af lei\u00f0andi mikil, og engin stofnun var til sta\u00f0ar sem hef\u00f0i fest ni\u00f0ur samr\u00e6mda kenningu.<\/p><p>\u00dea\u00f0 sem skildist me\u00f0 <em>Buga<\/em> gat veri\u00f0 mismunandi fr\u00e1 einum h\u00f3pi til annars. Vanda\u00f0ar heimildir l\u00fdsa <em>Buga<\/em> \u00fev\u00ed sem hugtaki sem erfitt er a\u00f0 henda rei\u00f0ur \u00e1, og getur, eftir samhengi, \u00fdmist \u00e1tt vi\u00f0 hi\u00f0 s\u00e1la\u00f0a alheimsr\u00fdmi e\u00f0a \u00e6\u00f0stu v\u00e6ttina, \u00e1n \u00feess a\u00f0 h\u00e6gt s\u00e9 a\u00f0 greina \u00feessa tvo \u00fe\u00e6tti hreint \u00ed sundur.<\/p>\t\t\t\t\t\t\t\t<\/div>\n\t\t\t\t\t<\/div>\n\t\t\t\t<\/div>\n\t\t\t\t\t<\/div>\n\t\t\t\t<\/div>\n\t\t<div class=\"elementor-element elementor-element-iwgw-bugatungus-lit e-flex e-con-boxed e-con e-parent\" data-id=\"iwgw-bugatungus-lit\" data-element_type=\"container\" data-e-type=\"container\">\n\t\t\t\t\t<div class=\"e-con-inner\">\n\t\t\t\t<div class=\"elementor-element elementor-element-iwgw-bugatungus-lith elementor-widget elementor-widget-heading\" data-id=\"iwgw-bugatungus-lith\" data-element_type=\"widget\" data-e-type=\"widget\" data-widget_type=\"heading.default\">\n\t\t\t\t\t<h2 class=\"elementor-heading-title elementor-size-default\">Heimildir (\u00farval)<\/h2>\t\t\t\t<\/div>\n\t\t<div class=\"elementor-element elementor-element-iwgw-bugatungus-litc e-con-full e-flex e-con e-child\" data-id=\"iwgw-bugatungus-litc\" data-element_type=\"container\" data-e-type=\"container\">\n\t\t\t\t<div class=\"elementor-element elementor-element-iwgw-bugatungus-litt elementor-widget elementor-widget-text-editor\" data-id=\"iwgw-bugatungus-litt\" data-element_type=\"widget\" data-e-type=\"widget\" data-widget_type=\"text-editor.default\">\n\t\t\t\t\t\t\t\t\t<ul><li>Sergei Shirokogoroff: <em>Psychomental Complex of the Tungus<\/em> (1935)<\/li><li>A. F. Anisimov: <em>Religia ewenkov<\/em> (1958)<\/li><li>Mircea Eliade: <em>Le chamanisme<\/em> (1951)<\/li><li>Roberte Hamayon: <em>La chasse \u00e0 l&#8217;\u00e2me<\/em> (1990)<\/li><li>Andrei Znamenski: <em>Shamanism and Western Imagination<\/em> (2007)<\/li><li>Vladimir Basilov: <em>Shamanism in Siberia<\/em> (1984)<\/li><li>G. M. Vasilevich: <em>Ewenki<\/em> (1969)<\/li><\/ul>\t\t\t\t\t\t\t\t<\/div>\n\t\t\t\t<\/div>\n\t\t\t\t\t<\/div>\n\t\t\t\t<\/div>\n\t\t<div class=\"elementor-element elementor-element-iwgkw2-add-bugatungus e-flex e-con-boxed e-con e-parent\" data-id=\"iwgkw2-add-bugatungus\" data-element_type=\"container\" data-e-type=\"container\">\n\t\t\t\t\t<div class=\"e-con-inner\">\n\t\t\t\t<div class=\"elementor-element elementor-element-iwgkw2-add-bugatungus-t elementor-widget elementor-widget-text-editor\" data-id=\"iwgkw2-add-bugatungus-t\" data-element_type=\"widget\" data-e-type=\"widget\" data-widget_type=\"text-editor.default\">\n\t\t\t\t\t\t\t\t\t<p>Me\u00f0al evenk\u00edsku tung\u00fasanna er Buga \u00e1litinn \u00e6\u00f0sti herra alheimsins, sem umfa\u00f0mar himin, j\u00f6r\u00f0 og undirheima, og er \u00e1kalla\u00f0ur \u00ed sjamanas\u00f6ngvum sem \u00f3s\u00fdnilegur, allssta\u00f0ar n\u00e1l\u00e6gur bakgrunnur alls hins lifandi.<\/p>\t\t\t\t\t\t\t\t<\/div>\n\t\t\t\t\t<\/div>\n\t\t\t\t<\/div>\n\t\t<div class=\"elementor-element elementor-element-iwgw-bugatungus-kwd e-flex e-con-boxed e-con e-parent\" data-id=\"iwgw-bugatungus-kwd\" data-element_type=\"container\" data-e-type=\"container\">\n\t\t\t\t\t<div class=\"e-con-inner\">\n\t\t<div class=\"elementor-element elementor-element-iwgw-bugatungus-kwdc e-con-full e-flex e-con e-child\" data-id=\"iwgw-bugatungus-kwdc\" data-element_type=\"container\" data-e-type=\"container\">\n\t\t\t\t<div class=\"elementor-element elementor-element-iwgw-bugatungus-kwdt elementor-widget elementor-widget-text-editor\" data-id=\"iwgw-bugatungus-kwdt\" data-element_type=\"widget\" data-e-type=\"widget\" data-widget_type=\"text-editor.default\">\n\t\t\t\t\t\t\t\t\t<p><em>Tengd kjarnahugt\u00f6k: Buga Evenkar Tung\u00fasar Shirokogoroff Khargi seven heimstr\u00e9.<\/em><\/p>\t\t\t\t\t\t\t\t<\/div>\n\t\t\t\t<\/div>\n\t\t\t\t\t<\/div>\n\t\t\t\t<\/div>\n\t\t<div class=\"elementor-element elementor-element-iwgw-bugatungus-cc e-flex e-con-boxed e-con e-parent\" data-id=\"iwgw-bugatungus-cc\" data-element_type=\"container\" data-e-type=\"container\" id=\"iwg-cc-buga-tungus\">\n\t\t\t\t\t<div class=\"e-con-inner\">\n\t\t<div class=\"elementor-element elementor-element-iwgw-bugatungus-ccinner e-flex e-con-boxed e-con e-parent\" data-id=\"iwgw-bugatungus-ccinner\" data-element_type=\"container\" data-e-type=\"container\" data-settings=\"{&quot;background_background&quot;:&quot;classic&quot;}\">\n\t\t\t\t\t<div class=\"e-con-inner\">\n\t\t\t\t<div class=\"elementor-element elementor-element-iwgw-bugatungus-cch elementor-widget elementor-widget-heading\" data-id=\"iwgw-bugatungus-cch\" data-element_type=\"widget\" data-e-type=\"widget\" data-widget_type=\"heading.default\">\n\t\t\t\t\t<h2 class=\"elementor-heading-title elementor-size-default\">iWell Guard og verndarhef\u00f0ir<\/h2>\t\t\t\t<\/div>\n\t\t\t\t<div class=\"elementor-element elementor-element-iwgw-bugatungus-cct elementor-widget elementor-widget-text-editor\" data-id=\"iwgw-bugatungus-cct\" data-element_type=\"widget\" data-e-type=\"widget\" data-widget_type=\"text-editor.default\">\n\t\t\t\t\t\t\t\t\t<div data-nosnippet=\"true\"><p>iWell Guard tengist menningars\u00f6gulegri hef\u00f0 farandlegra verndargripa, \u00ed hef\u00f0 <a href=\"https:\/\/iwell-guard.com\/is\/siberiskur-sjamanismi-tengrismi\/\">S\u00edber\u00edu \/ tengrisma<\/a> og margra annarra menningarheima um allan heim. 41 l\u00f6g, alv\u00f6ru gull, plat\u00edna, silfur, framleitt \u00ed \u00de\u00fdskalandi. 30 daga skilar\u00e9ttur.<\/p><\/div>\t\t\t\t\t\t\t\t<\/div>\n\t\t\t\t<div class=\"elementor-element elementor-element-iwgw-bugatungus-ccb iwg-cc-button iwg-cc-cta-2026-05-13 elementor-widget elementor-widget-jet-button\" data-id=\"iwgw-bugatungus-ccb\" data-element_type=\"widget\" data-e-type=\"widget\" data-widget_type=\"jet-button.default\">\n\t\t\t\t<div class=\"elementor-widget-container\">\n\t\t\t\t\t<div class=\"elementor-jet-button jet-elements\"><div class=\"jet-button__container\"><a class=\"jet-button__instance jet-button__instance--icon-left hover-effect-1\" href=\"\/ueber-iwell-guard\/?utm_source=iwell-guard.com&amp;utm_medium=info-box&amp;utm_campaign=wesen-tradition\"><div class=\"jet-button__plane jet-button__plane-normal\"><\/div><div class=\"jet-button__plane jet-button__plane-hover\"><\/div><div class=\"jet-button__state jet-button__state-normal\"><span class=\"jet-button__label\">Meira um iWell Guard<\/span><\/div><div class=\"jet-button__state jet-button__state-hover\"><span class=\"jet-button__label\">Meira um iWell Guard<\/span><\/div><\/a><\/div><\/div><style>.elementor-element.elementor-element-iwgw-bugatungus-ccb .jet-button__instance{width:320px;height:56px;}.elementor-element.elementor-element-iwgw-bugatungus-ccb .jet-button__state-normal .jet-button__label{text-align:center;margin:0px 0px 0px 0px;color:#1a1b20;font-family:Montserrat,sans-serif;font-size:13px;font-weight:400;letter-spacing:4px;line-height:1.714em;text-transform:uppercase;}.elementor-element.elementor-element-iwgw-bugatungus-ccb .jet-button__state-hover .jet-button__label{text-align:center;margin:0px 0px 0px 0px;color:#FECC76;font-family:Montserrat,sans-serif;font-size:13px;font-weight:400;letter-spacing:4px;line-height:1.714em;text-transform:uppercase;}.elementor-element.elementor-element-iwgw-bugatungus-ccb .jet-button__plane-normal{background-color:#FECC76;border-style:solid;border-color:#C99540;border-width:2px 2px 2px 2px;}.elementor-element.elementor-element-iwgw-bugatungus-ccb .jet-button__plane-hover{background-color:rgba(0,0,0,0.55);border-style:solid;border-color:#FECC76;border-width:2px 2px 2px 2px;}<\/style>\t\t\t\t<\/div>\n\t\t\t\t<\/div>\n\t\t\t\t<div class=\"elementor-element elementor-element-iwgw-bugatungus-ccd elementor-widget elementor-widget-text-editor\" data-id=\"iwgw-bugatungus-ccd\" data-element_type=\"widget\" data-e-type=\"widget\" data-widget_type=\"text-editor.default\">\n\t\t\t\t\t\t\t\t\t<div data-nosnippet=\"true\"><p style=\"text-align:center;font-size:13px;opacity:0.7;margin-top:14px\" data-nosnippet=\"true\">Pers\u00f3nuleg reynsla getur veri\u00f0 mismunandi. Ekki l\u00e6kningat\u00e6ki. Engin lofor\u00f0 um l\u00e6kningu.<\/p><\/div>\t\t\t\t\t\t\t\t<\/div>\n\t\t\t\t\t<\/div>\n\t\t\t\t<\/div>\n\t\t\t\t\t<\/div>\n\t\t\t\t<\/div>\n\t\t<div class=\"elementor-element elementor-element-iwgw-bugatungus-disc e-flex e-con-boxed e-con e-parent\" data-id=\"iwgw-bugatungus-disc\" data-element_type=\"container\" data-e-type=\"container\">\n\t\t\t\t\t<div class=\"e-con-inner\">\n\t\t\t\t<div class=\"elementor-element elementor-element-iwgw-bugatungus-discw elementor-widget elementor-widget-html\" data-id=\"iwgw-bugatungus-discw\" data-element_type=\"widget\" data-e-type=\"widget\" data-widget_type=\"html.default\">\n\t\t\t\t\t<footer data-nosnippet=\"true\" class=\"iwg-disclaimer-block\"><p data-nosnippet=\"true\">iWell Guard er <strong>ekki l\u00e6kningat\u00e6ki<\/strong> og kemur ekki \u00ed sta\u00f0inn fyrir l\u00e6knis- e\u00f0a s\u00e1lfr\u00e6\u00f0ime\u00f0fer\u00f0. Tr\u00faarfr\u00e6\u00f0ilegt efni er menningars\u00f6gulegt samhengi, ekki r\u00e1\u00f0legging um andlega i\u00f0kun.<\/p><\/footer>\t\t\t\t<\/div>\n\t\t\t\t\t<\/div>\n\t\t\t\t<\/div>\n\t\t\t\t<\/div>\n\t\t","protected":false},"excerpt":{"rendered":"","protected":false},"author":3,"featured_media":2862,"parent":0,"menu_order":0,"comment_status":"closed","ping_status":"closed","template":"elementor_header_footer","meta":{"_yoast_wpseo_focuskw":"Buga \u00e6\u00f0sti gu\u00f0 Evenkjar Tung\u00fasar","_yoast_wpseo_title":"Buga \u2013 tung\u00fask-evenkskur \u00e6\u00f0sti gu\u00f0, go\u00f0s\u00f6gn og heimildir","_yoast_wpseo_metadesc":"Buga er \u00e6\u00f0sti gu\u00f0 tung\u00fasku evenkjanna, samsama\u00f0ur himninum og alheiminum. Umfj\u00f6llun me\u00f0 go\u00f0s\u00f6gn og heimildum.","_yoast_wpseo_meta-robots-noindex":"","_yoast_wpseo_canonical":"","_angie_page":false,"gefaehrdungsstufe":"1","wesen_kultur":"sibirisch-tengrismus","wesen_klasse":"goetter","footnotes":""},"categories":[],"class_list":["post-168987","page","type-page","status-publish","has-post-thumbnail","hentry"],"yoast_head":"<!-- This site is optimized with the Yoast SEO Premium plugin v27.7 (Yoast SEO v28.3) - https:\/\/yoast.com\/product\/yoast-seo-premium-wordpress\/ -->\n<title>Buga \u2013 tung\u00fask-evenkskur \u00e6\u00f0sti gu\u00f0, go\u00f0s\u00f6gn og heimildir<\/title>\n<meta name=\"description\" content=\"Buga er \u00e6\u00f0sti gu\u00f0 tung\u00fasku evenkjanna, samsama\u00f0ur himninum og alheiminum. Umfj\u00f6llun me\u00f0 go\u00f0s\u00f6gn og heimildum.\" \/>\n<meta name=\"robots\" content=\"index, follow, max-snippet:-1, max-image-preview:large, max-video-preview:-1\" \/>\n<link rel=\"canonical\" href=\"https:\/\/iwell-guard.com\/is\/buga-haedsti-gud-evenkja\/\" \/>\n<meta property=\"og:locale\" content=\"is_IS\" \/>\n<meta property=\"og:type\" content=\"article\" \/>\n<meta property=\"og:title\" content=\"Buga \u2013 \u00e6\u00f0sti gu\u00f0 Evenkja (Tung\u00fasa)\" \/>\n<meta property=\"og:description\" content=\"Buga er \u00e6\u00f0sti gu\u00f0 tung\u00fasku evenkjanna, samsama\u00f0ur himninum og alheiminum. Umfj\u00f6llun me\u00f0 go\u00f0s\u00f6gn og heimildum.\" \/>\n<meta property=\"og:url\" content=\"https:\/\/iwell-guard.com\/is\/buga-haedsti-gud-evenkja\/\" \/>\n<meta property=\"og:site_name\" content=\"iWell Guard\" \/>\n<meta property=\"article:modified_time\" content=\"2026-09-05T14:29:01+00:00\" \/>\n<meta property=\"og:image\" content=\"https:\/\/iwell-guard.com\/wp-content\/uploads\/2026\/05\/goetter_sibirisch-tengrismus_buga-tungus.webp\" \/>\n\t<meta property=\"og:image:width\" content=\"1024\" \/>\n\t<meta property=\"og:image:height\" content=\"1536\" \/>\n\t<meta property=\"og:image:type\" content=\"image\/webp\" \/>\n<meta name=\"twitter:card\" content=\"summary_large_image\" \/>\n<script type=\"application\/ld+json\" class=\"yoast-schema-graph\">{\"@context\":\"https:\\\/\\\/schema.org\",\"@graph\":[{\"@type\":\"WebPage\",\"@id\":\"https:\\\/\\\/iwell-guard.com\\\/is\\\/buga-haedsti-gud-evenkja\\\/\",\"url\":\"https:\\\/\\\/iwell-guard.com\\\/is\\\/buga-haedsti-gud-evenkja\\\/\",\"name\":\"Buga \u2013 tung\u00fask-evenkskur \u00e6\u00f0sti gu\u00f0, go\u00f0s\u00f6gn og heimildir\",\"isPartOf\":{\"@id\":\"https:\\\/\\\/iwell-guard.com\\\/is\\\/#website\"},\"primaryImageOfPage\":{\"@id\":\"https:\\\/\\\/iwell-guard.com\\\/is\\\/buga-haedsti-gud-evenkja\\\/#primaryimage\"},\"image\":{\"@id\":\"https:\\\/\\\/iwell-guard.com\\\/is\\\/buga-haedsti-gud-evenkja\\\/#primaryimage\"},\"thumbnailUrl\":\"https:\\\/\\\/iwell-guard.com\\\/wp-content\\\/uploads\\\/2026\\\/05\\\/goetter_sibirisch-tengrismus_buga-tungus.webp\",\"datePublished\":\"2026-09-05T14:04:36+00:00\",\"dateModified\":\"2026-09-05T14:29:01+00:00\",\"description\":\"Buga er \u00e6\u00f0sti gu\u00f0 tung\u00fasku evenkjanna, samsama\u00f0ur himninum og alheiminum. Umfj\u00f6llun me\u00f0 go\u00f0s\u00f6gn og heimildum.\",\"breadcrumb\":{\"@id\":\"https:\\\/\\\/iwell-guard.com\\\/is\\\/buga-haedsti-gud-evenkja\\\/#breadcrumb\"},\"inLanguage\":\"is\",\"potentialAction\":[{\"@type\":\"ReadAction\",\"target\":[\"https:\\\/\\\/iwell-guard.com\\\/is\\\/buga-haedsti-gud-evenkja\\\/\"]}]},{\"@type\":\"ImageObject\",\"inLanguage\":\"is\",\"@id\":\"https:\\\/\\\/iwell-guard.com\\\/is\\\/buga-haedsti-gud-evenkja\\\/#primaryimage\",\"url\":\"https:\\\/\\\/iwell-guard.com\\\/wp-content\\\/uploads\\\/2026\\\/05\\\/goetter_sibirisch-tengrismus_buga-tungus.webp\",\"contentUrl\":\"https:\\\/\\\/iwell-guard.com\\\/wp-content\\\/uploads\\\/2026\\\/05\\\/goetter_sibirisch-tengrismus_buga-tungus.webp\",\"width\":1024,\"height\":1536,\"caption\":\"Gu\u00f0 \u00far hef\u00f0 s\u00edber\u00edsks tengrisma.\"},{\"@type\":\"BreadcrumbList\",\"@id\":\"https:\\\/\\\/iwell-guard.com\\\/is\\\/buga-haedsti-gud-evenkja\\\/#breadcrumb\",\"itemListElement\":[{\"@type\":\"ListItem\",\"position\":1,\"name\":\"Start\",\"item\":\"https:\\\/\\\/iwell-guard.com\\\/is\\\/?page_id=168580\"},{\"@type\":\"ListItem\",\"position\":2,\"name\":\"Buga \u2013 \u00e6\u00f0sti gu\u00f0 Evenkja (Tung\u00fasa)\"}]},{\"@type\":\"WebSite\",\"@id\":\"https:\\\/\\\/iwell-guard.com\\\/is\\\/#website\",\"url\":\"https:\\\/\\\/iwell-guard.com\\\/is\\\/\",\"name\":\"iWell Guard\",\"description\":\"Schutz vor dunklen Einfl\u00fcssen\",\"publisher\":{\"@id\":\"https:\\\/\\\/iwell-guard.com\\\/is\\\/#organization\"},\"potentialAction\":[{\"@type\":\"SearchAction\",\"target\":{\"@type\":\"EntryPoint\",\"urlTemplate\":\"https:\\\/\\\/iwell-guard.com\\\/is\\\/?s={search_term_string}\"},\"query-input\":{\"@type\":\"PropertyValueSpecification\",\"valueRequired\":true,\"valueName\":\"search_term_string\"}}],\"inLanguage\":\"is\"},{\"@type\":\"Organization\",\"@id\":\"https:\\\/\\\/iwell-guard.com\\\/is\\\/#organization\",\"name\":\"Ittermann electronic GmbH\",\"url\":\"https:\\\/\\\/iwell-guard.com\\\/is\\\/\",\"logo\":{\"@type\":\"ImageObject\",\"inLanguage\":\"is\",\"@id\":\"https:\\\/\\\/iwell-guard.com\\\/is\\\/#\\\/schema\\\/logo\\\/image\\\/\",\"url\":\"https:\\\/\\\/iwell-guard.com\\\/wp-content\\\/uploads\\\/2026\\\/05\\\/Ittermann-Logo-1182x237-1.png\",\"contentUrl\":\"https:\\\/\\\/iwell-guard.com\\\/wp-content\\\/uploads\\\/2026\\\/05\\\/Ittermann-Logo-1182x237-1.png\",\"width\":1182,\"height\":237,\"caption\":\"Ittermann electronic GmbH\"},\"image\":{\"@id\":\"https:\\\/\\\/iwell-guard.com\\\/is\\\/#\\\/schema\\\/logo\\\/image\\\/\"},\"sameAs\":[\"https:\\\/\\\/pantip.com\\\/profile\\\/9367242\",\"https:\\\/\\\/micro.blog\\\/iwellguard\",\"https:\\\/\\\/www.diggerslist.com\\\/iwellguard\\\/about\",\"https:\\\/\\\/skitterphoto.com\\\/photographers\\\/2870314\\\/iwell-guard\",\"https:\\\/\\\/iwellguard.wordpress.com\\\/2026\\\/06\\\/06\\\/iwell-guard\\\/\",\"https:\\\/\\\/hub.docker.com\\\/u\\\/iwellguard\",\"https:\\\/\\\/www.pinterest.com\\\/iwellguard\\\/\",\"https:\\\/\\\/bit.ly\\\/m\\\/iwellguard\",\"https:\\\/\\\/entre-vos-mains.alsace.eu\\\/profiles\\\/iwellguard\\\/activity\",\"https:\\\/\\\/gravatar.com\\\/reallybeded8fd34\",\"https:\\\/\\\/naijamatta.com\\\/iwellguard\",\"https:\\\/\\\/www.goodreads.com\\\/iwellguard\",\"https:\\\/\\\/profile.hatena.ne.jp\\\/iwellguard\\\/\",\"https:\\\/\\\/experiment.com\\\/users\\\/iwellguard\",\"https:\\\/\\\/wakelet.com\\\/@iWellGuard82270\",\"https:\\\/\\\/www.chordie.com\\\/forum\\\/profile.php?id=2555664\",\"https:\\\/\\\/www.instapaper.com\\\/p\\\/17757966\",\"https:\\\/\\\/www.mapleprimes.com\\\/users\\\/iwellguard\",\"https:\\\/\\\/businesslistingplus.com\\\/profile\\\/iwell-guard\\\/\",\"https:\\\/\\\/telegra.ph\\\/iWell-Guard-06-06\",\"https:\\\/\\\/pbase.com\\\/iwellguard\\\/iwellguard\",\"https:\\\/\\\/b.hatena.ne.jp\\\/iwellguard\\\/20260607#bookmark-4788405196491818882\",\"https:\\\/\\\/fliphtml5.com\\\/home\\\/iwellguard\",\"https:\\\/\\\/anyflip.com\\\/homepage\\\/cmiwl#About\",\"https:\\\/\\\/transfur.com\\\/Users\\\/iwellguard\",\"http:\\\/\\\/delphi.larsbo.org\\\/user\\\/iwellguard\",\"https:\\\/\\\/jobs.lajobsportal.org\\\/profiles\\\/8380803-iwell-guard\",\"https:\\\/\\\/md.chaosdorf.de\\\/s\\\/jfbe5SBdJD\",\"https:\\\/\\\/www.lingvolive.com\\\/en-us\\\/profile\\\/9ecaeaca-ce11-4e51-9e71-01d55e2bff36\\\/translations\",\"https:\\\/\\\/www.fitday.com\\\/fitness\\\/forums\\\/members\\\/iwellguard.html\",\"https:\\\/\\\/www.mymeetbook.com\\\/iwellguard\",\"https:\\\/\\\/pxhere.com\\\/en\\\/photographer-me\\\/5040798\",\"https:\\\/\\\/disqus.com\\\/by\\\/iwellguard\\\/about\\\/\",\"https:\\\/\\\/pastelink.net\\\/hjwciqwq\",\"https:\\\/\\\/pubhtml5.com\\\/homepage\\\/scjhn\\\/\",\"https:\\\/\\\/www.bitchute.com\\\/channel\\\/2O2eOKzNqujT\",\"https:\\\/\\\/audiomack.com\\\/iwellguard\"]},{\"@type\":\"Article\",\"@id\":\"https:\\\/\\\/iwell-guard.com\\\/is\\\/buga-haedsti-gud-evenkja\\\/#article\",\"isPartOf\":{\"@id\":\"https:\\\/\\\/iwell-guard.com\\\/is\\\/buga-haedsti-gud-evenkja\\\/\"},\"author\":{\"name\":\"Ralf Ittermann\",\"@id\":\"https:\\\/\\\/iwell-guard.com\\\/is\\\/#\\\/schema\\\/person\\\/ee2a27f1cac3406c7c6fb5820cb7349f\"},\"headline\":\"Buga \u2013 \u00e6\u00f0sti gu\u00f0 Evenkja (Tung\u00fasa)\",\"datePublished\":\"2026-09-05T14:04:36+00:00\",\"dateModified\":\"2026-09-05T14:29:01+00:00\",\"mainEntityOfPage\":{\"@id\":\"https:\\\/\\\/iwell-guard.com\\\/is\\\/buga-haedsti-gud-evenkja\\\/\"},\"publisher\":{\"@id\":\"https:\\\/\\\/iwell-guard.com\\\/is\\\/#organization\"},\"image\":{\"@id\":\"https:\\\/\\\/iwell-guard.com\\\/is\\\/buga-haedsti-gud-evenkja\\\/#primaryimage\"},\"thumbnailUrl\":\"https:\\\/\\\/iwell-guard.com\\\/wp-content\\\/uploads\\\/2026\\\/05\\\/goetter_sibirisch-tengrismus_buga-tungus.webp\",\"inLanguage\":\"is\",\"description\":\"Buga er \u00e6\u00f0sti gu\u00f0 tung\u00fasku evenkjanna, samsama\u00f0ur himninum og alheiminum. Umfj\u00f6llun me\u00f0 go\u00f0s\u00f6gn og heimildum.\"}]}<\/script>\n<!-- \/ Yoast SEO Premium plugin. -->","yoast_head_json":{"title":"Buga \u2013 tung\u00fask-evenkskur \u00e6\u00f0sti gu\u00f0, go\u00f0s\u00f6gn og heimildir","description":"Buga er \u00e6\u00f0sti gu\u00f0 tung\u00fasku evenkjanna, samsama\u00f0ur himninum og alheiminum. Umfj\u00f6llun me\u00f0 go\u00f0s\u00f6gn og heimildum.","robots":{"index":"index","follow":"follow","max-snippet":"max-snippet:-1","max-image-preview":"max-image-preview:large","max-video-preview":"max-video-preview:-1"},"canonical":"https:\/\/iwell-guard.com\/is\/buga-haedsti-gud-evenkja\/","og_locale":"is_IS","og_type":"article","og_title":"Buga \u2013 \u00e6\u00f0sti gu\u00f0 Evenkja (Tung\u00fasa)","og_description":"Buga er \u00e6\u00f0sti gu\u00f0 tung\u00fasku evenkjanna, samsama\u00f0ur himninum og alheiminum. Umfj\u00f6llun me\u00f0 go\u00f0s\u00f6gn og heimildum.","og_url":"https:\/\/iwell-guard.com\/is\/buga-haedsti-gud-evenkja\/","og_site_name":"iWell Guard","article_modified_time":"2026-09-05T14:29:01+00:00","og_image":[{"width":1024,"height":1536,"url":"https:\/\/iwell-guard.com\/wp-content\/uploads\/2026\/05\/goetter_sibirisch-tengrismus_buga-tungus.webp","type":"image\/webp"}],"twitter_card":"summary_large_image","schema":{"@context":"https:\/\/schema.org","@graph":[{"@type":"Article","@id":"https:\/\/iwell-guard.com\/is\/buga-haedsti-gud-evenkja\/#article","isPartOf":{"@id":"https:\/\/iwell-guard.com\/is\/buga-haedsti-gud-evenkja\/"},"author":{"name":"Ralf Ittermann","@id":"https:\/\/iwell-guard.com\/is\/#\/schema\/person\/ee2a27f1cac3406c7c6fb5820cb7349f"},"headline":"Buga \u2013 \u00e6\u00f0sti gu\u00f0 Evenkja (Tung\u00fasa)","datePublished":"2026-09-05T14:04:36+00:00","dateModified":"2026-09-05T14:29:01+00:00","mainEntityOfPage":{"@id":"https:\/\/iwell-guard.com\/is\/buga-haedsti-gud-evenkja\/"},"publisher":{"@id":"https:\/\/iwell-guard.com\/is\/#organization"},"image":{"@id":"https:\/\/iwell-guard.com\/is\/buga-haedsti-gud-evenkja\/#primaryimage"},"thumbnailUrl":"https:\/\/iwell-guard.com\/wp-content\/uploads\/2026\/05\/goetter_sibirisch-tengrismus_buga-tungus.webp","inLanguage":"is","description":"Buga er \u00e6\u00f0sti gu\u00f0 tung\u00fasku evenkjanna, samsama\u00f0ur himninum og alheiminum. Umfj\u00f6llun me\u00f0 go\u00f0s\u00f6gn og heimildum."},{"@type":"WebPage","@id":"https:\/\/iwell-guard.com\/is\/buga-haedsti-gud-evenkja\/","url":"https:\/\/iwell-guard.com\/is\/buga-haedsti-gud-evenkja\/","name":"Buga \u2013 tung\u00fask-evenkskur \u00e6\u00f0sti gu\u00f0, go\u00f0s\u00f6gn og heimildir","isPartOf":{"@id":"https:\/\/iwell-guard.com\/is\/#website"},"primaryImageOfPage":{"@id":"https:\/\/iwell-guard.com\/is\/buga-haedsti-gud-evenkja\/#primaryimage"},"image":{"@id":"https:\/\/iwell-guard.com\/is\/buga-haedsti-gud-evenkja\/#primaryimage"},"thumbnailUrl":"https:\/\/iwell-guard.com\/wp-content\/uploads\/2026\/05\/goetter_sibirisch-tengrismus_buga-tungus.webp","datePublished":"2026-09-05T14:04:36+00:00","dateModified":"2026-09-05T14:29:01+00:00","description":"Buga er \u00e6\u00f0sti gu\u00f0 tung\u00fasku evenkjanna, samsama\u00f0ur himninum og alheiminum. Umfj\u00f6llun me\u00f0 go\u00f0s\u00f6gn og heimildum.","breadcrumb":{"@id":"https:\/\/iwell-guard.com\/is\/buga-haedsti-gud-evenkja\/#breadcrumb"},"inLanguage":"is","potentialAction":[{"@type":"ReadAction","target":["https:\/\/iwell-guard.com\/is\/buga-haedsti-gud-evenkja\/"]}]},{"@type":"ImageObject","inLanguage":"is","@id":"https:\/\/iwell-guard.com\/is\/buga-haedsti-gud-evenkja\/#primaryimage","url":"https:\/\/iwell-guard.com\/wp-content\/uploads\/2026\/05\/goetter_sibirisch-tengrismus_buga-tungus.webp","contentUrl":"https:\/\/iwell-guard.com\/wp-content\/uploads\/2026\/05\/goetter_sibirisch-tengrismus_buga-tungus.webp","width":1024,"height":1536,"caption":"Gu\u00f0 \u00far hef\u00f0 s\u00edber\u00edsks tengrisma."},{"@type":"BreadcrumbList","@id":"https:\/\/iwell-guard.com\/is\/buga-haedsti-gud-evenkja\/#breadcrumb","itemListElement":[{"@type":"ListItem","position":1,"name":"Start","item":"https:\/\/iwell-guard.com\/is\/?page_id=168580"},{"@type":"ListItem","position":2,"name":"Buga \u2013 \u00e6\u00f0sti gu\u00f0 Evenkja (Tung\u00fasa)"}]},{"@type":"WebSite","@id":"https:\/\/iwell-guard.com\/is\/#website","url":"https:\/\/iwell-guard.com\/is\/","name":"iWell Guard","description":"Schutz vor dunklen Einfl\u00fcssen","publisher":{"@id":"https:\/\/iwell-guard.com\/is\/#organization"},"potentialAction":[{"@type":"SearchAction","target":{"@type":"EntryPoint","urlTemplate":"https:\/\/iwell-guard.com\/is\/?s={search_term_string}"},"query-input":{"@type":"PropertyValueSpecification","valueRequired":true,"valueName":"search_term_string"}}],"inLanguage":"is"},{"@type":"Organization","@id":"https:\/\/iwell-guard.com\/is\/#organization","name":"Ittermann electronic GmbH","url":"https:\/\/iwell-guard.com\/is\/","logo":{"@type":"ImageObject","inLanguage":"is","@id":"https:\/\/iwell-guard.com\/is\/#\/schema\/logo\/image\/","url":"https:\/\/iwell-guard.com\/wp-content\/uploads\/2026\/05\/Ittermann-Logo-1182x237-1.png","contentUrl":"https:\/\/iwell-guard.com\/wp-content\/uploads\/2026\/05\/Ittermann-Logo-1182x237-1.png","width":1182,"height":237,"caption":"Ittermann electronic GmbH"},"image":{"@id":"https:\/\/iwell-guard.com\/is\/#\/schema\/logo\/image\/"},"sameAs":["https:\/\/pantip.com\/profile\/9367242","https:\/\/micro.blog\/iwellguard","https:\/\/www.diggerslist.com\/iwellguard\/about","https:\/\/skitterphoto.com\/photographers\/2870314\/iwell-guard","https:\/\/iwellguard.wordpress.com\/2026\/06\/06\/iwell-guard\/","https:\/\/hub.docker.com\/u\/iwellguard","https:\/\/www.pinterest.com\/iwellguard\/","https:\/\/bit.ly\/m\/iwellguard","https:\/\/entre-vos-mains.alsace.eu\/profiles\/iwellguard\/activity","https:\/\/gravatar.com\/reallybeded8fd34","https:\/\/naijamatta.com\/iwellguard","https:\/\/www.goodreads.com\/iwellguard","https:\/\/profile.hatena.ne.jp\/iwellguard\/","https:\/\/experiment.com\/users\/iwellguard","https:\/\/wakelet.com\/@iWellGuard82270","https:\/\/www.chordie.com\/forum\/profile.php?id=2555664","https:\/\/www.instapaper.com\/p\/17757966","https:\/\/www.mapleprimes.com\/users\/iwellguard","https:\/\/businesslistingplus.com\/profile\/iwell-guard\/","https:\/\/telegra.ph\/iWell-Guard-06-06","https:\/\/pbase.com\/iwellguard\/iwellguard","https:\/\/b.hatena.ne.jp\/iwellguard\/20260607#bookmark-4788405196491818882","https:\/\/fliphtml5.com\/home\/iwellguard","https:\/\/anyflip.com\/homepage\/cmiwl#About","https:\/\/transfur.com\/Users\/iwellguard","http:\/\/delphi.larsbo.org\/user\/iwellguard","https:\/\/jobs.lajobsportal.org\/profiles\/8380803-iwell-guard","https:\/\/md.chaosdorf.de\/s\/jfbe5SBdJD","https:\/\/www.lingvolive.com\/en-us\/profile\/9ecaeaca-ce11-4e51-9e71-01d55e2bff36\/translations","https:\/\/www.fitday.com\/fitness\/forums\/members\/iwellguard.html","https:\/\/www.mymeetbook.com\/iwellguard","https:\/\/pxhere.com\/en\/photographer-me\/5040798","https:\/\/disqus.com\/by\/iwellguard\/about\/","https:\/\/pastelink.net\/hjwciqwq","https:\/\/pubhtml5.com\/homepage\/scjhn\/","https:\/\/www.bitchute.com\/channel\/2O2eOKzNqujT","https:\/\/audiomack.com\/iwellguard"]},{"@type":"Person","@id":"https:\/\/iwell-guard.com\/is\/#\/schema\/person\/ee2a27f1cac3406c7c6fb5820cb7349f","name":"Ralf Ittermann","image":{"@type":"ImageObject","inLanguage":"is","@id":"https:\/\/secure.gravatar.com\/avatar\/073c0153e350a5005b68eb752b445fea71f6b24a26da9449ad7e155e6b446c9d?s=96&d=mm&r=g","url":"https:\/\/secure.gravatar.com\/avatar\/073c0153e350a5005b68eb752b445fea71f6b24a26da9449ad7e155e6b446c9d?s=96&d=mm&r=g","contentUrl":"https:\/\/secure.gravatar.com\/avatar\/073c0153e350a5005b68eb752b445fea71f6b24a26da9449ad7e155e6b446c9d?s=96&d=mm&r=g","caption":"Ralf Ittermann"},"givenName":"Ralf","familyName":"Ittermann","jobTitle":"Gesch\u00e4ftsf\u00fchrer und redaktioneller Verantwortlicher","url":"https:\/\/iwell-guard.com\/is\/author\/claude\/","description":"Ralf Ittermann ist Gesch\u00e4ftsf\u00fchrer der Ittermann electronic GmbH und redaktioneller Verantwortlicher des iWell-Guard-Lexikons. Er verbindet langj\u00e4hrige Erfahrung in der Pr\u00e4zisionsfertigung mit medialer Praxis und religionsgeschichtlicher Quellenarbeit.","worksFor":{"@type":"Organization","name":"Ittermann electronic GmbH","url":"https:\/\/ittermann.de\/","address":{"@type":"PostalAddress","streetAddress":"K\u00f6hlergasse 16-18","postalCode":"99842","addressLocality":"Ruhla","addressCountry":"DE"}},"knowsAbout":["Religionsgeschichte","Mythologie","Mediale Praxis","Energetische Diagnostik","Schutzpraxis","Volksglauben","Westliche Esoterik"]},{"@type":"Article","@id":"https:\/\/iwell-guard.com\/is\/buga-haedsti-gud-evenkja\/#article","isPartOf":{"@id":"https:\/\/iwell-guard.com\/is\/buga-haedsti-gud-evenkja\/"},"author":{"name":"Ralf Ittermann","@id":"https:\/\/iwell-guard.com\/is\/#\/schema\/person\/ee2a27f1cac3406c7c6fb5820cb7349f"},"headline":"Buga \u2013 \u00e6\u00f0sti gu\u00f0 Evenkja (Tung\u00fasa)","datePublished":"2026-09-05T14:04:36+00:00","dateModified":"2026-09-05T14:29:01+00:00","mainEntityOfPage":{"@id":"https:\/\/iwell-guard.com\/is\/buga-haedsti-gud-evenkja\/"},"publisher":{"@id":"https:\/\/iwell-guard.com\/is\/#organization"},"image":{"@id":"https:\/\/iwell-guard.com\/is\/buga-haedsti-gud-evenkja\/#primaryimage"},"thumbnailUrl":"https:\/\/iwell-guard.com\/wp-content\/uploads\/2026\/05\/goetter_sibirisch-tengrismus_buga-tungus.webp","inLanguage":"is","description":"Buga er \u00e6\u00f0sti gu\u00f0 tung\u00fasku evenkjanna, samsama\u00f0ur himninum og alheiminum. Umfj\u00f6llun me\u00f0 go\u00f0s\u00f6gn og heimildum."}]}},"_links":{"self":[{"href":"https:\/\/iwell-guard.com\/is\/wp-json\/wp\/v2\/pages\/168987","targetHints":{"allow":["GET"]}}],"collection":[{"href":"https:\/\/iwell-guard.com\/is\/wp-json\/wp\/v2\/pages"}],"about":[{"href":"https:\/\/iwell-guard.com\/is\/wp-json\/wp\/v2\/types\/page"}],"author":[{"embeddable":true,"href":"https:\/\/iwell-guard.com\/is\/wp-json\/wp\/v2\/users\/3"}],"replies":[{"embeddable":true,"href":"https:\/\/iwell-guard.com\/is\/wp-json\/wp\/v2\/comments?post=168987"}],"version-history":[{"count":0,"href":"https:\/\/iwell-guard.com\/is\/wp-json\/wp\/v2\/pages\/168987\/revisions"}],"wp:featuredmedia":[{"embeddable":true,"href":"https:\/\/iwell-guard.com\/is\/wp-json\/wp\/v2\/media\/2862"}],"wp:attachment":[{"href":"https:\/\/iwell-guard.com\/is\/wp-json\/wp\/v2\/media?parent=168987"}],"wp:term":[{"taxonomy":"category","embeddable":true,"href":"https:\/\/iwell-guard.com\/is\/wp-json\/wp\/v2\/categories?post=168987"}],"curies":[{"name":"wp","href":"https:\/\/api.w.org\/{rel}","templated":true}]}}