{"id":168986,"date":"2026-09-05T14:04:36","date_gmt":"2026-09-05T14:04:36","guid":{"rendered":"https:\/\/iwell-guard.com\/?page_id=168986"},"modified":"2026-09-05T14:28:59","modified_gmt":"2026-09-05T14:28:59","slug":"ajisit-jakutnesk-faedingargydja","status":"publish","type":"page","link":"https:\/\/iwell-guard.com\/is\/ajisit-jakutnesk-faedingargydja\/","title":{"rendered":"Ajisit \u2013 Jak\u00fatnesk f\u00e6\u00f0ingargy\u00f0ja"},"content":{"rendered":"\t\t<div data-elementor-type=\"wp-page\" data-elementor-id=\"168986\" class=\"elementor elementor-168986 elementor-2640 elementor-bc-flex-widget\" data-elementor-post-type=\"page\">\n\t\t\t\t<div class=\"elementor-element elementor-element-iwgw-ajisit-hero e-flex e-con-boxed e-con e-parent\" data-id=\"iwgw-ajisit-hero\" data-element_type=\"container\" data-e-type=\"container\" data-settings=\"{&quot;background_background&quot;:&quot;classic&quot;}\">\n\t\t\t\t\t<div class=\"e-con-inner\">\n\t\t<div class=\"elementor-element elementor-element-iwgw-ajisit-hl e-flex e-con-boxed e-con e-child\" data-id=\"iwgw-ajisit-hl\" data-element_type=\"container\" data-e-type=\"container\">\n\t\t\t\t\t<div class=\"e-con-inner\">\n\t\t<div class=\"elementor-element elementor-element-iwgw-ajisit-htxt e-con-full e-flex e-con e-child\" data-id=\"iwgw-ajisit-htxt\" data-element_type=\"container\" data-e-type=\"container\">\n\t\t\t\t<div class=\"elementor-element elementor-element-iwgw-ajisit-h1 elementor-widget elementor-widget-heading\" data-id=\"iwgw-ajisit-h1\" data-element_type=\"widget\" data-e-type=\"widget\" data-widget_type=\"heading.default\">\n\t\t\t\t\t<h1 class=\"elementor-heading-title elementor-size-default\">Ajisit, jak\u00fatnesk f\u00e6\u00f0ingargy\u00f0ja og gjafi l\u00edfss\u00e1larins<\/h1>\t\t\t\t<\/div>\n\t\t\t\t<div class=\"elementor-element elementor-element-iwgw-ajisit-lead elementor-widget elementor-widget-text-editor\" data-id=\"iwgw-ajisit-lead\" data-element_type=\"widget\" data-e-type=\"widget\" data-widget_type=\"text-editor.default\">\n\t\t\t\t\t\t\t\t\t<p>Ajisit (\u00e1 jak\u00fatnesku <em>Ajiyhyt<\/em>, \u201eSkaparinn\u201c) er hin mi\u00f0l\u00e6ga f\u00e6\u00f0ingargy\u00f0ja Jak\u00fata\/Sakha. H\u00fan f\u00e6rir ver\u00f0andi m\u00f3\u00f0ur l\u00edfss\u00e1l (<em>kut<\/em>) barnsins og er mikilv\u00e6gasta hj\u00e1lpargy\u00f0jan \u00e1 s\u00e6ngurlegut\u00edmanum.<\/p>\t\t\t\t\t\t\t\t<\/div>\n\t\t\t\t<\/div>\n\t\t<div class=\"elementor-element elementor-element-iwgw-ajisit-pillc e-con-full e-flex e-con e-child\" data-id=\"iwgw-ajisit-pillc\" data-element_type=\"container\" data-e-type=\"container\">\n\t\t\t\t<div class=\"elementor-element elementor-element-iwgw-ajisit-pills elementor-widget elementor-widget-html\" data-id=\"iwgw-ajisit-pills\" data-element_type=\"widget\" data-e-type=\"widget\" data-widget_type=\"html.default\">\n\t\t\t\t\t<div class=\"iwg-pill-row\"><span class=\"iwg-klasse-badge\" tabindex=\"0\" data-tooltip=\"Gy\u00f0ja \u00ed hef\u00f0 S\u00edber\u00edu \/ tengrisma.\">Gy\u00f0ja<\/span><a href=\"https:\/\/iwell-guard.com\/is\/siberiskur-sjamanismi-tengrismi\/\" class=\"iwg-kultur-badge\" tabindex=\"0\" data-tooltip=\"Go\u00f0afr\u00e6\u00f0i hef\u00f0ar S\u00edber\u00edu \/ tengrisma.\">S\u00edber\u00eda \/ Tengrismi<\/a><span class=\"iwg-tradition-badge\" tabindex=\"0\" data-tooltip=\"F\u00e6\u00f0ingargy\u00f0ja.\">F\u00e6\u00f0ingargy\u00f0ja<\/span><\/div>\t\t\t\t<\/div>\n\t\t\t\t<\/div>\n\t\t<div class=\"elementor-element elementor-element-iwgw-ajisit-tocc e-con-full e-flex e-con e-child\" data-id=\"iwgw-ajisit-tocc\" data-element_type=\"container\" data-e-type=\"container\">\n\t\t\t\t<div class=\"elementor-element elementor-element-iwgw-ajisit-toc elementor-toc--minimized-on-tablet elementor-widget elementor-widget-table-of-contents\" data-id=\"iwgw-ajisit-toc\" data-element_type=\"widget\" data-e-type=\"widget\" data-settings=\"{&quot;headings_by_tags&quot;:[&quot;h2&quot;,&quot;h3&quot;],&quot;minimize_box&quot;:&quot;yes&quot;,&quot;marker_view&quot;:&quot;bullets&quot;,&quot;no_headings_message&quot;:&quot;Engar undirfyrirsagnir fundust \\u00e1 \\u00feessari s\\u00ed\\u00f0u.&quot;,&quot;exclude_headings_by_selector&quot;:[],&quot;icon&quot;:{&quot;value&quot;:&quot;fas fa-circle&quot;,&quot;library&quot;:&quot;fa-solid&quot;,&quot;rendered_tag&quot;:&quot;&lt;svg class=\\&quot;e-font-icon-svg e-fas-circle\\&quot; viewBox=\\&quot;0 0 512 512\\&quot; xmlns=\\&quot;http:\\\/\\\/www.w3.org\\\/2000\\\/svg\\&quot;&gt;&lt;path d=\\&quot;M256 8C119 8 8 119 8 256s111 248 248 248 248-111 248-248S393 8 256 8z\\&quot;&gt;&lt;\\\/path&gt;&lt;\\\/svg&gt;&quot;},&quot;minimized_on&quot;:&quot;tablet&quot;,&quot;hierarchical_view&quot;:&quot;yes&quot;,&quot;min_height&quot;:{&quot;unit&quot;:&quot;px&quot;,&quot;size&quot;:&quot;&quot;,&quot;sizes&quot;:[]},&quot;min_height_tablet&quot;:{&quot;unit&quot;:&quot;px&quot;,&quot;size&quot;:&quot;&quot;,&quot;sizes&quot;:[]},&quot;min_height_mobile&quot;:{&quot;unit&quot;:&quot;px&quot;,&quot;size&quot;:&quot;&quot;,&quot;sizes&quot;:[]}}\" data-widget_type=\"table-of-contents.default\">\n\t\t\t\t\t\t\t\t\t<div class=\"elementor-toc__header\">\n\t\t\t\t\t\t<h2 class=\"elementor-toc__header-title\">\n\t\t\t\tEfnisyfirlit\t\t\t<\/h2>\n\t\t\t\t\t\t\t\t\t\t<div class=\"elementor-toc__toggle-button elementor-toc__toggle-button--expand\" role=\"button\" tabindex=\"0\" aria-controls=\"elementor-toc__iwgw-ajisit-toc\" aria-expanded=\"true\" aria-label=\"Open table of contents\"><svg aria-hidden=\"true\" class=\"e-font-icon-svg e-fas-chevron-down\" viewBox=\"0 0 448 512\" xmlns=\"http:\/\/www.w3.org\/2000\/svg\"><path d=\"M207.029 381.476L12.686 187.132c-9.373-9.373-9.373-24.569 0-33.941l22.667-22.667c9.357-9.357 24.522-9.375 33.901-.04L224 284.505l154.745-154.021c9.379-9.335 24.544-9.317 33.901.04l22.667 22.667c9.373 9.373 9.373 24.569 0 33.941L240.971 381.476c-9.373 9.372-24.569 9.372-33.942 0z\"><\/path><\/svg><\/div>\n\t\t\t\t<div class=\"elementor-toc__toggle-button elementor-toc__toggle-button--collapse\" role=\"button\" tabindex=\"0\" aria-controls=\"elementor-toc__iwgw-ajisit-toc\" aria-expanded=\"true\" aria-label=\"Close table of contents\"><svg aria-hidden=\"true\" class=\"e-font-icon-svg e-fas-chevron-up\" viewBox=\"0 0 448 512\" xmlns=\"http:\/\/www.w3.org\/2000\/svg\"><path d=\"M240.971 130.524l194.343 194.343c9.373 9.373 9.373 24.569 0 33.941l-22.667 22.667c-9.357 9.357-24.522 9.375-33.901.04L224 227.495 69.255 381.516c-9.379 9.335-24.544 9.317-33.901-.04l-22.667-22.667c-9.373-9.373-9.373-24.569 0-33.941L207.03 130.525c9.372-9.373 24.568-9.373 33.941-.001z\"><\/path><\/svg><\/div>\n\t\t\t\t\t<\/div>\n\t\t\t\t<div id=\"elementor-toc__iwgw-ajisit-toc\" class=\"elementor-toc__body\">\n\t\t\t<div class=\"elementor-toc__spinner-container\">\n\t\t\t\t<svg class=\"elementor-toc__spinner eicon-animation-spin e-font-icon-svg e-eicon-loading\" aria-hidden=\"true\" viewBox=\"0 0 1000 1000\" xmlns=\"http:\/\/www.w3.org\/2000\/svg\"><path d=\"M500 975V858C696 858 858 696 858 500S696 142 500 142 142 304 142 500H25C25 237 238 25 500 25S975 237 975 500 763 975 500 975Z\"><\/path><\/svg>\t\t\t<\/div>\n\t\t<\/div>\n\t\t\t\t\t\t<\/div>\n\t\t\t\t<\/div>\n\t\t\t\t\t<\/div>\n\t\t\t\t<\/div>\n\t\t<div class=\"elementor-element elementor-element-iwgw-ajisit-hr e-con-full e-flex e-con e-child\" data-id=\"iwgw-ajisit-hr\" data-element_type=\"container\" data-e-type=\"container\">\n\t\t\t\t<div class=\"elementor-element elementor-element-iwgw-ajisit-heroimg iwg-hero-image elementor-widget elementor-widget-image\" data-id=\"iwgw-ajisit-heroimg\" data-element_type=\"widget\" data-e-type=\"widget\" data-widget_type=\"image.default\">\n\t\t\t\t\t\t\t\t\t\t\t\t\t\t\t<img fetchpriority=\"high\" decoding=\"async\" width=\"683\" height=\"1024\" src=\"https:\/\/iwell-guard.com\/wp-content\/uploads\/2026\/05\/goetter_sibirisch-tengrismus_ajisit-683x1024.webp\" class=\"attachment-large size-large wp-image-170796\" alt=\"Ajisit - Gu\u00f0ir \u00far s\u00edber\u00edskri-tengrisma hef\u00f0, s\u00f6gulega myndl\u00fdsandi\" srcset=\"https:\/\/iwell-guard.com\/wp-content\/uploads\/2026\/05\/goetter_sibirisch-tengrismus_ajisit-683x1024.webp 683w, https:\/\/iwell-guard.com\/wp-content\/uploads\/2026\/05\/goetter_sibirisch-tengrismus_ajisit-200x300.webp 200w, https:\/\/iwell-guard.com\/wp-content\/uploads\/2026\/05\/goetter_sibirisch-tengrismus_ajisit-768x1152.webp 768w, https:\/\/iwell-guard.com\/wp-content\/uploads\/2026\/05\/goetter_sibirisch-tengrismus_ajisit.webp 1024w\" sizes=\"(max-width: 683px) 100vw, 683px\" \/>\t\t\t\t\t\t\t\t\t\t\t\t\t\t\t<\/div>\n\t\t\t\t<\/div>\n\t\t\t\t\t<\/div>\n\t\t\t\t<\/div>\n\t\t<div class=\"elementor-element elementor-element-iwgw-ajisit-s0 e-flex e-con-boxed e-con e-parent\" data-id=\"iwgw-ajisit-s0\" data-element_type=\"container\" data-e-type=\"container\">\n\t\t\t\t\t<div class=\"e-con-inner\">\n\t\t\t\t<div class=\"elementor-element elementor-element-iwgw-ajisit-s0h elementor-widget elementor-widget-heading\" data-id=\"iwgw-ajisit-s0h\" data-element_type=\"widget\" data-e-type=\"widget\" data-widget_type=\"heading.default\">\n\t\t\t\t\t<h2 class=\"elementor-heading-title elementor-size-default\">Greining og skammrit<\/h2>\t\t\t\t<\/div>\n\t\t<div class=\"elementor-element elementor-element-iwgw-ajisit-s0c e-con-full e-flex e-con e-child\" data-id=\"iwgw-ajisit-s0c\" data-element_type=\"container\" data-e-type=\"container\">\n\t\t\t\t<div class=\"elementor-element elementor-element-iwgw-ajisit-s0t elementor-widget elementor-widget-text-editor\" data-id=\"iwgw-ajisit-s0t\" data-element_type=\"widget\" data-e-type=\"widget\" data-widget_type=\"text-editor.default\">\n\t\t\t\t\t\t\t\t\t<p>Ajisit tilheyrir \u00ed jak\u00fatnesku <span class=\"iwg-fachbegriff\" data-tooltip=\"Heild gu\u00f0a \u00ed tr\u00faarbr\u00f6g\u00f0um e\u00f0a menningu.\" tabindex=\"0\">go\u00f0aveldi<\/span>-byggingunni efri st\u00e9tt <em>aiyy<\/em> (\u201eskapara, lj\u00f3svera\u201c). H\u00fan er s\u00e9rh\u00e6f\u00f0 kvenkyns h\u00e1gu\u00f0 undir h\u00f6fu\u00f0gu\u00f0inum <em>\u00dcr\u00fcn Aar Tojon<\/em>; s\u00e9rh\u00e6fing hennar, eins og hj\u00e1 <a href=\"https:\/\/iwell-guard.com\/is\/?page_id=168979\">Umai<\/a> \u00ed tyrkneska heiminum, er f\u00e6\u00f0ing og frumbernska.<\/p><p>Innan <a href=\"https:\/\/iwell-guard.com\/is\/siberiskur-sjamanismi-tengrismi\/\">s\u00edber\u00edsk-tengrisma hef\u00f0arinnar<\/a> er h\u00fan jak\u00fatneska \u00fatg\u00e1fan af hinu almenna s\u00edber\u00edska m\u00f3\u00f0ur- og verndarhlutverki. H\u00fan hefur or\u00f0i\u00f0 klass\u00edsk ranns\u00f3knarpers\u00f3na vegna \u00feess a\u00f0 jak\u00fatneskar heimildir (Sereshevskij, Ksenofontov) eru s\u00e9rstaklega r\u00edkulegar og bj\u00f3\u00f0a upp \u00e1 g\u00f3\u00f0an samanbur\u00f0 vi\u00f0 Umai og a\u00f0rar m\u00f3\u00f0ur- og f\u00e6\u00f0ingargy\u00f0jur.<\/p><p>Sakha-l\u00fd\u00f0veldi\u00f0 tilheyrir \u00ed dag R\u00fasslandi og er sta\u00f0sett \u00ed nor\u00f0austanver\u00f0ri S\u00edber\u00edu; tr\u00faarbr\u00f6g\u00f0 \u00feess sameina fornar tyrkneskar lagskiptingar (Sakha-f\u00f3lki\u00f0 talar tyrkneskt tungum\u00e1l) og forns\u00edber\u00edska undirlags\u00fe\u00e6tti. Ajisit \u00e1 heima \u00e1 m\u00f6rkum \u00feessara laga.<\/p>\t\t\t\t\t\t\t\t<\/div>\n\t\t\t\t<\/div>\n\t\t\t\t\t<\/div>\n\t\t\t\t<\/div>\n\t\t<div class=\"elementor-element elementor-element-iwgw-ajisit-s1 e-flex e-con-boxed e-con e-parent\" data-id=\"iwgw-ajisit-s1\" data-element_type=\"container\" data-e-type=\"container\">\n\t\t\t\t\t<div class=\"e-con-inner\">\n\t\t\t\t<div class=\"elementor-element elementor-element-iwgw-ajisit-s1h elementor-widget elementor-widget-heading\" data-id=\"iwgw-ajisit-s1h\" data-element_type=\"widget\" data-e-type=\"widget\" data-widget_type=\"heading.default\">\n\t\t\t\t\t<h2 class=\"elementor-heading-title elementor-size-default\">Nafn og or\u00f0sifjar<\/h2>\t\t\t\t<\/div>\n\t\t<div class=\"elementor-element elementor-element-iwgw-ajisit-s1c e-con-full e-flex e-con e-child\" data-id=\"iwgw-ajisit-s1c\" data-element_type=\"container\" data-e-type=\"container\">\n\t\t\t\t<div class=\"elementor-element elementor-element-iwgw-ajisit-s1t elementor-widget elementor-widget-text-editor\" data-id=\"iwgw-ajisit-s1t\" data-element_type=\"widget\" data-e-type=\"widget\" data-widget_type=\"text-editor.default\">\n\t\t\t\t\t\t\t\t\t<p>Or\u00f0i\u00f0 <em>Ajiyhyt<\/em> er dregi\u00f0 af <em>aiyy<\/em>, jak\u00fatneska samheitinu fyrir \u201eskapara, lj\u00f3sverur\u201c (fleirtala efri gu\u00f0anna), auk vi\u00f0skeytis sem pers\u00f3nugerir og s\u00e9rh\u00e6fir. B\u00f3kstaflega merkir \u00fea\u00f0 \u00fev\u00ed eitthva\u00f0 \u00e1 vi\u00f0 \u201ehin skapandi\u201c. \u00cd eldri fr\u00e6\u00f0iritum kemur h\u00fan einnig fram sem <em>Ajysyt<\/em>, <em>Ajyhyt<\/em> e\u00f0a <em>Ayisit<\/em>.<\/p><p>Jak\u00fatnesk tr\u00faarbr\u00f6g\u00f0 greina \u00e1 milli \u00feriggja laga vera: efri <em>aiyy<\/em>, mi\u00f0l\u00e6gra <em>iccii<\/em> (\u201everndarv\u00e6ttir, andar\u201c) og ne\u00f0ri <em>abasy<\/em> (\u201eska\u00f0valdar\u201c). Ajisit sem \u201e<em>aiyy<\/em>-skapari\u201c er sk\u00fdrt \u00ed efri laginu.<\/p><p>Athyglisver\u00f0 er hli\u00f0st\u00e6\u00f0 or\u00f0myndun me\u00f0 \u00f6\u00f0rum aiyy-s\u00e9rh\u00e6fingum: <em>Ynakhsyt<\/em> (\u201enautgripa-skapari\u201c), <em>Yhych-Khan<\/em> (\u201ehesta-gjafi\u201c). \u00deessi r\u00f6\u00f0 d\u00fdrabundinna s\u00e9rgy\u00f0ja s\u00fdnir hvernig jak\u00fatnesk tr\u00faarbr\u00f6g\u00f0 pers\u00f3nugera efnahagslegar l\u00edfsgrundv\u00f6llur.<\/p>\t\t\t\t\t\t\t\t<\/div>\n\t\t\t\t<\/div>\n\t\t\t\t\t<\/div>\n\t\t\t\t<\/div>\n\t\t<div class=\"elementor-element elementor-element-iwgw-ajisit-s2 e-flex e-con-boxed e-con e-parent\" data-id=\"iwgw-ajisit-s2\" data-element_type=\"container\" data-e-type=\"container\">\n\t\t\t\t\t<div class=\"e-con-inner\">\n\t\t\t\t<div class=\"elementor-element elementor-element-iwgw-ajisit-s2h elementor-widget elementor-widget-heading\" data-id=\"iwgw-ajisit-s2h\" data-element_type=\"widget\" data-e-type=\"widget\" data-widget_type=\"heading.default\">\n\t\t\t\t\t<h2 class=\"elementor-heading-title elementor-size-default\">L\u00fdsing og myndm\u00e1l<\/h2>\t\t\t\t<\/div>\n\t\t<div class=\"elementor-element elementor-element-iwgw-ajisit-s2c e-con-full e-flex e-con e-child\" data-id=\"iwgw-ajisit-s2c\" data-element_type=\"container\" data-e-type=\"container\">\n\t\t\t\t<div class=\"elementor-element elementor-element-iwgw-ajisit-s2t elementor-widget elementor-widget-text-editor\" data-id=\"iwgw-ajisit-s2t\" data-element_type=\"widget\" data-e-type=\"widget\" data-widget_type=\"text-editor.default\">\n\t\t\t\t\t\t\t\t\t<p>Ajisit er l\u00fdst sem ungri, fagurb\u00fainni konu \u00e1 lj\u00f3sgr\u00e1um hesti, me\u00f0 kj\u00f6ltu fulla af gullnum fuglum: hver fugl er barns\u00e1l.<\/p><p>H\u00fan kemur inn um reykholu jurtunnar og l\u00e6tur fuglinn litla falla \u00ed kj\u00f6ltu m\u00f3\u00f0urinnar. \u00dear \u00e1 eftir dvelur h\u00fan \u00ed \u00ferj\u00e1 daga; \u00e1 \u00feeim t\u00edma m\u00e1 engin h\u00e1v\u00e6r e\u00f0a sn\u00f6rp ath\u00f6fn eiga s\u00e9r sta\u00f0 \u00ed h\u00fasinu.<\/p><p>Sereshevskij safna\u00f0i \u00e1ri\u00f0 1896 \u00ed vi\u00f0amiklu einriti s\u00ednu <em>Yakuty<\/em> fj\u00f6lda sl\u00edkra hugmynda. Hann var \u00ed p\u00f3lit\u00edskri \u00fatleg\u00f0 \u00e1 Sakha-sv\u00e6\u00f0inu og n\u00fdtti a\u00f0st\u00e6\u00f0ur s\u00ednar til frumkv\u00f6\u00f0lastarfs \u00ed \u00fej\u00f3\u00f0fr\u00e6\u00f0i, sem er enn \u00ed dag ein mikilv\u00e6gasta heimildin.<\/p><p>\u00cd n\u00fat\u00edma Sakha-<span class=\"iwg-fachbegriff\" data-tooltip=\"Hef\u00f0bundin \u00fej\u00f3\u00f0menning me\u00f0 si\u00f0um, s\u00f6gum og s\u00f6ngvum.\" tabindex=\"0\">\u00fej\u00f3\u00f0menningu<\/span> m\u00e1 sj\u00e1 Ajisit \u00e1 fr\u00edmerkjum, \u00ed sk\u00f3lab\u00f3kum og \u00e1 Ysyakh-h\u00e1t\u00ed\u00f0arplak\u00f6tum. Myndmynd hennar hefur veri\u00f0 m\u00f3tu\u00f0 fr\u00e1 endurvakningu Ysyakh-h\u00e1t\u00ed\u00f0arins (1991) og byggir \u00e1 l\u00fdsingum Sereshevskijs og Ksenofontovs.<\/p>\t\t\t\t\t\t\t\t<\/div>\n\t\t\t\t<\/div>\n\t\t\t\t\t<\/div>\n\t\t\t\t<\/div>\n\t\t<div class=\"elementor-element elementor-element-iwgw-ajisit-s3 e-flex e-con-boxed e-con e-parent\" data-id=\"iwgw-ajisit-s3\" data-element_type=\"container\" data-e-type=\"container\">\n\t\t\t\t\t<div class=\"e-con-inner\">\n\t\t\t\t<div class=\"elementor-element elementor-element-iwgw-ajisit-s3h elementor-widget elementor-widget-heading\" data-id=\"iwgw-ajisit-s3h\" data-element_type=\"widget\" data-e-type=\"widget\" data-widget_type=\"heading.default\">\n\t\t\t\t\t<h2 class=\"elementor-heading-title elementor-size-default\">Go\u00f0sagnakenndar fr\u00e1sagnir<\/h2>\t\t\t\t<\/div>\n\t\t<div class=\"elementor-element elementor-element-iwgw-ajisit-s3c e-con-full e-flex e-con e-child\" data-id=\"iwgw-ajisit-s3c\" data-element_type=\"container\" data-e-type=\"container\">\n\t\t\t\t<div class=\"elementor-element elementor-element-iwgw-ajisit-s3t elementor-widget elementor-widget-text-editor\" data-id=\"iwgw-ajisit-s3t\" data-element_type=\"widget\" data-e-type=\"widget\" data-widget_type=\"text-editor.default\">\n\t\t\t\t\t\t\t\t\t<p><span data-nosnippet>Jak\u00fatnesk Olonkho-kv\u00e6\u00f0i segja a\u00f0 <em>\u00dcr\u00fcn Aar Tojon<\/em> hafi fali\u00f0 Ajisit \u00fea\u00f0 verkefni a\u00f0 f\u00e6ra \u00f6llum kvenkyns verum, m\u00f6nnum, hestum, hreind\u00fdrum, l\u00edfss\u00e1l s\u00edna. Sereshevskij (1896) skr\u00e1\u00f0i \u00fatg\u00e1fu \u00fear sem Ajisit r\u00ed\u00f0ur aftur til efri himins eftir hverja f\u00e6\u00f0ingu og gefur sk\u00fdrslu.<\/span><\/p><p>\u00cd s\u00e9rstaklega erfi\u00f0um f\u00e6\u00f0ingum getur Ajisit kalla\u00f0 til systur s\u00edna <em>Iyehsit<\/em> (verndargy\u00f0ju s\u00e6ngurkvenna) til hj\u00e1lpar. Go\u00f0s\u00f6gnin gerir greinarmun \u00e1 \u00feremur Ajisit-systrum: einni fyrir menn, einni fyrir hesta, einni fyrir nautgripi; \u00ed framkv\u00e6md renna \u00fe\u00e6r oft saman \u00ed eina pers\u00f3nu.<\/p><p>S\u00e9rst\u00f6k Olonkho-saga segir fr\u00e1 \u00fev\u00ed hvernig Ajisit lengir \u201egullinn l\u00edfs\u00fer\u00e1\u00f0\u201c kvenhetju sem er \u00ed h\u00e6ttu \u00e1 a\u00f0 deyja \u00ed bardaga. \u00deetta <span class=\"iwg-fachbegriff\" data-tooltip=\"Endurkomandi efnislegur \u00fe\u00e1ttur \u00ed list e\u00f0a fr\u00e1s\u00f6gn.\" tabindex=\"0\">minni<\/span> um l\u00edfs\u00fer\u00e1\u00f0inn tengir Ajisit fr\u00e6\u00f0ilega vi\u00f0 gr\u00edsku Moira\u00ed og svipa\u00f0ar \u00f6rlagagy\u00f0jur.<\/p>\t\t\t\t\t\t\t\t<\/div>\n\t\t\t\t<\/div>\n\t\t\t\t\t<\/div>\n\t\t\t\t<\/div>\n\t\t<div class=\"elementor-element elementor-element-iwgw-ajisit-s4 e-flex e-con-boxed e-con e-parent\" data-id=\"iwgw-ajisit-s4\" data-element_type=\"container\" data-e-type=\"container\">\n\t\t\t\t\t<div class=\"e-con-inner\">\n\t\t\t\t<div class=\"elementor-element elementor-element-iwgw-ajisit-s4h elementor-widget elementor-widget-heading\" data-id=\"iwgw-ajisit-s4h\" data-element_type=\"widget\" data-e-type=\"widget\" data-widget_type=\"heading.default\">\n\t\t\t\t\t<h2 class=\"elementor-heading-title elementor-size-default\">D\u00fdrkun og tilbei\u00f0sla<\/h2>\t\t\t\t<\/div>\n\t\t<div class=\"elementor-element elementor-element-iwgw-ajisit-s4c e-con-full e-flex e-con e-child\" data-id=\"iwgw-ajisit-s4c\" data-element_type=\"container\" data-e-type=\"container\">\n\t\t\t\t<div class=\"elementor-element elementor-element-iwgw-ajisit-s4t elementor-widget elementor-widget-text-editor\" data-id=\"iwgw-ajisit-s4t\" data-element_type=\"widget\" data-e-type=\"widget\" data-widget_type=\"text-editor.default\">\n\t\t\t\t\t\t\t\t\t<p><span class=\"iwg-fachbegriff\" data-tooltip=\"Heild tr\u00faarlegra d\u00fdrkunarh\u00e1tta fyrir gu\u00f0 e\u00f0a heilaga v\u00e6tt.\" tabindex=\"0\">D\u00fdrkun<\/span> Ajisit fer a\u00f0 mestu fram innan heimilisins. \u00c1 \u00feri\u00f0ja degi eftir f\u00e6\u00f0ingu heldur fj\u00f6lskyldan <em>Ajisit-Asar<\/em>&#8211;<span class=\"iwg-fachbegriff\" data-tooltip=\"Skipul\u00f6g\u00f0 r\u00f6\u00f0 t\u00e1knr\u00e6nna athafna me\u00f0 tr\u00faarlegri e\u00f0a menningarlegri \u00fe\u00fd\u00f0ingu.\" tabindex=\"0\">ath\u00f6fn<\/span>: m\u00e1lt\u00ed\u00f0 me\u00f0 hryssumj\u00f3lk, kobylja-ostager\u00f0 og smj\u00f6rbakstri, \u00e1samt reykelsi \u00far lerkivi\u00f0arkvo\u00f0u.<\/p><p>Lj\u00f3sm\u00f3\u00f0irin og m\u00f3\u00f0irin eru hreinsa\u00f0ar me\u00f0 birkihr\u00edsi. Lj\u00f3sm\u00f3\u00f0irin segir \u201eAjisit er komin, Ajisit er farin\u201c, or\u00f0atilt\u00e6ki sem er skjalfest \u00ed Olonkho-heimildum.<\/p><p>\u00c1 v\u00ed\u00f0ari skala var Ajisit hluti af hinni miklu vorh\u00e1t\u00ed\u00f0 <em>Ysyakh<\/em>, \u00fear sem <a href=\"https:\/\/iwell-guard.com\/is\/?page_id=168985\">Yhych-Khan<\/a> var einnig hei\u00f0ra\u00f0ur sem hestagjafi. \u00cd n\u00fat\u00edma Ysyakh hefur h\u00fan s\u00edna eigin <span class=\"iwg-fachbegriff\" data-tooltip=\"\u00dea\u00f0 a\u00f0 \u00e1kalla e\u00f0a \u00e1heita gu\u00f0 e\u00f0a m\u00e1tt me\u00f0 b\u00e6n.\" tabindex=\"0\">\u00e1kallan<\/span> sem \u201em\u00f3\u00f0ir sakha-fj\u00f6lskyldna\u201c.<\/p><p>Marjorie Mandelstam Balzer skjalfesti \u00ed vettvangsranns\u00f3knum s\u00ednum \u00e1 1980 og 1990 hvernig <span class=\"iwg-fachbegriff\" data-tooltip=\"Heild tr\u00faarlegra d\u00fdrkunarh\u00e1tta fyrir gu\u00f0 e\u00f0a heilaga v\u00e6tt.\" tabindex=\"0\">d\u00fdrkun<\/span> Ajisit lif\u00f0i \u00e1fram \u00e1 sov\u00e9tt\u00edmanum \u00ed ne\u00f0anjar\u00f0arformi, s\u00e9rstaklega \u00ed dreifb\u00fdlum, fjarri flokkslegu eftirliti r\u00edkisins.<\/p>\t\t\t\t\t\t\t\t<\/div>\n\t\t\t\t<\/div>\n\t\t\t\t\t<\/div>\n\t\t\t\t<\/div>\n\t\t<div class=\"elementor-element elementor-element-iwgw-ajisit-s5 e-flex e-con-boxed e-con e-parent\" data-id=\"iwgw-ajisit-s5\" data-element_type=\"container\" data-e-type=\"container\">\n\t\t\t\t\t<div class=\"e-con-inner\">\n\t\t\t\t<div class=\"elementor-element elementor-element-iwgw-ajisit-s5h elementor-widget elementor-widget-heading\" data-id=\"iwgw-ajisit-s5h\" data-element_type=\"widget\" data-e-type=\"widget\" data-widget_type=\"heading.default\">\n\t\t\t\t\t<h2 class=\"elementor-heading-title elementor-size-default\">Verndara\u00f0ger\u00f0ir og fr\u00e1hrindandi t\u00e1kn<\/h2>\t\t\t\t<\/div>\n\t\t<div class=\"elementor-element elementor-element-iwgw-ajisit-s5c e-con-full e-flex e-con e-child\" data-id=\"iwgw-ajisit-s5c\" data-element_type=\"container\" data-e-type=\"container\">\n\t\t\t\t<div class=\"elementor-element elementor-element-iwgw-ajisit-s5t elementor-widget elementor-widget-text-editor\" data-id=\"iwgw-ajisit-s5t\" data-element_type=\"widget\" data-e-type=\"widget\" data-widget_type=\"text-editor.default\">\n\t\t\t\t\t\t\t\t\t<p>Fr\u00e1 tr\u00faarbrag\u00f0afr\u00e6\u00f0ilegu sj\u00f3narhorni m\u00e1 l\u00fdsa verndarath\u00f6fnum \u00ed kringum Ajisit \u00feannig: dyraop jurtunna voru byrg\u00f0 me\u00f0 hv\u00edtum hrossh\u00e1r\u00fer\u00e1\u00f0um, for\u00f0ast var a\u00f0 nota j\u00e1rnverkf\u00e6ri \u00ed s\u00e6ngurkonuherberginu, litlir tr\u00e9\u00f6rvabogar voru settir upp yfir v\u00f6gguna og barninu var vali\u00f0 \u201eg\u00e6slunafn\u201c (bannnafn) sem \u00e1tti a\u00f0 fela raunverulega au\u00f0kenni \u00feess.<\/p><p>Fr\u00e1 sj\u00f3narh\u00f3li Jak\u00fata sj\u00e1lfra t\u00f3ku \u00feessar athafnir \u00e1 \u00e1hyggjum um a\u00f0 ungbarn g\u00e6ti veri\u00f0 \u201enumi\u00f0 burt\u201c af ska\u00f0v\u00e6ttum sem kallast <em>abasy<\/em> og koma \u00far undirheiminum. Fr\u00e1 \u00fej\u00f3\u00f0fr\u00e6\u00f0ilegu sj\u00f3narhorni utanfr\u00e1 eru \u00feetta athafnir sem skipuleggja hversdagsl\u00edfi\u00f0 og gefa hinni h\u00e1u ungbarnadau\u00f0at\u00ed\u00f0ni menningarlegt form.<\/p><p>S\u00e9rst\u00f6k venja: g\u00e6slunafni\u00f0 er oft vali\u00f0 lj\u00f3tt e\u00f0a fr\u00e1hrindandi (til d\u00e6mis \u201ehundssonur\u201c, \u201eklumpur\u201c) svo ska\u00f0v\u00e6ttirnir telji barni\u00f0 ekki \u201ever\u00f0m\u00e6tt\u201c. \u00deessi verndandi nafngift er einnig \u00feekkt \u00ed tr\u00faarbrag\u00f0afyrirb\u00e6rafr\u00e6\u00f0i fr\u00e1 mi\u00f0aldaevr\u00f3pu og Vestur-Afr\u00edku.<\/p>\t\t\t\t\t\t\t\t<\/div>\n\t\t\t\t<\/div>\n\t\t\t\t\t<\/div>\n\t\t\t\t<\/div>\n\t\t<div class=\"elementor-element elementor-element-iwgw-ajisit-s6 e-flex e-con-boxed e-con e-parent\" data-id=\"iwgw-ajisit-s6\" data-element_type=\"container\" data-e-type=\"container\">\n\t\t\t\t\t<div class=\"e-con-inner\">\n\t\t\t\t<div class=\"elementor-element elementor-element-iwgw-ajisit-s6h elementor-widget elementor-widget-heading\" data-id=\"iwgw-ajisit-s6h\" data-element_type=\"widget\" data-e-type=\"widget\" data-widget_type=\"heading.default\">\n\t\t\t\t\t<h2 class=\"elementor-heading-title elementor-size-default\">Hli\u00f0st\u00e6\u00f0ur \u00ed \u00f6\u00f0rum menningarheimum<\/h2>\t\t\t\t<\/div>\n\t\t<div class=\"elementor-element elementor-element-iwgw-ajisit-s6c e-con-full e-flex e-con e-child\" data-id=\"iwgw-ajisit-s6c\" data-element_type=\"container\" data-e-type=\"container\">\n\t\t\t\t<div class=\"elementor-element elementor-element-iwgw-ajisit-s6t elementor-widget elementor-widget-text-editor\" data-id=\"iwgw-ajisit-s6t\" data-element_type=\"widget\" data-e-type=\"widget\" data-widget_type=\"text-editor.default\">\n\t\t\t\t\t\t\t\t\t<p>Hlutverkslega samsvarar Ajisit <a href=\"https:\/\/iwell-guard.com\/is\/?page_id=168979\">Umai<\/a> (tyrknesk), Eileithyia (gr\u00edsk), Juno Lucina (r\u00f3mversk), Frigg \u00ed f\u00e6\u00f0ingarhlutverki s\u00ednu (norr\u00e6n) og Bixia Yuanjun (k\u00ednversk). S\u00e9rstaklega \u00e1hugaver\u00f0 samsv\u00f6run er gr\u00edska Moirai-hugmyndin, \u00fear sem Ajisit f\u00e6rir einnig \u201el\u00edfshlut\u201c sem m\u00f3tar \u00f6rl\u00f6g barnsins.<\/p><p>Tr\u00faarbrag\u00f0afyrirb\u00e6rafr\u00e6\u00f0ilega merkilegt er a\u00f0 s\u00e9rh\u00e6f\u00f0 f\u00e6\u00f0ingargo\u00f0m\u00f6gn koma s\u00e9rstaklega oft fram \u00ed go\u00f0heimum me\u00f0 fjarl\u00e6gum h\u00e1gu\u00f0i (<em>deus otiosus<\/em>). Mircea Eliade benti oftar en einu sinni \u00e1 \u00feetta \u00ed tengslum vi\u00f0 tr\u00faarbr\u00f6g\u00f0 heimskautasv\u00e6\u00f0anna.<\/p><p>S\u00e9rstaklega jak\u00fat\u00edsk er tengingin vi\u00f0 d\u00fdrask\u00f6punargu\u00f0m\u00f6gnin Yhych-Khan og Ynakhsyt \u00ed \u201el\u00edfshluta\u00ferenningu\u201c: hestur, naut og ma\u00f0ur eru s\u00e1lg\u00e6dd samhli\u00f0a. \u00deessi hagr\u00e6na \u00fer\u00edhli\u00f0a tenging er s\u00e9rlega gj\u00f6ful fr\u00e1 sj\u00f3narhorni tr\u00faarbrag\u00f0amannfr\u00e6\u00f0i.<\/p>\t\t\t\t\t\t\t\t<\/div>\n\t\t\t\t<\/div>\n\t\t\t\t\t<\/div>\n\t\t\t\t<\/div>\n\t\t<div class=\"elementor-element elementor-element-iwgw-ajisit-s7 e-flex e-con-boxed e-con e-parent\" data-id=\"iwgw-ajisit-s7\" data-element_type=\"container\" data-e-type=\"container\">\n\t\t\t\t\t<div class=\"e-con-inner\">\n\t\t\t\t<div class=\"elementor-element elementor-element-iwgw-ajisit-s7h elementor-widget elementor-widget-heading\" data-id=\"iwgw-ajisit-s7h\" data-element_type=\"widget\" data-e-type=\"widget\" data-widget_type=\"heading.default\">\n\t\t\t\t\t<h2 class=\"elementor-heading-title elementor-size-default\">N\u00fat\u00edmavi\u00f0t\u00f6kur og ranns\u00f3knir<\/h2>\t\t\t\t<\/div>\n\t\t<div class=\"elementor-element elementor-element-iwgw-ajisit-s7c e-con-full e-flex e-con e-child\" data-id=\"iwgw-ajisit-s7c\" data-element_type=\"container\" data-e-type=\"container\">\n\t\t\t\t<div class=\"elementor-element elementor-element-iwgw-ajisit-s7t elementor-widget elementor-widget-text-editor\" data-id=\"iwgw-ajisit-s7t\" data-element_type=\"widget\" data-e-type=\"widget\" data-widget_type=\"text-editor.default\">\n\t\t\t\t\t\t\t\t\t<p><span data-nosnippet>\u00cd n\u00fat\u00edma Sakha-l\u00fd\u00f0veldinu er Ajisit fastur \u00fe\u00e1ttur \u00ed menningarlegri sj\u00e1lfsmynd; mynd hennar birtist \u00ed sk\u00f3lab\u00f3kum, \u00e1 fr\u00edmerkjum og \u00e1 Ysyakh-h\u00e1t\u00ed\u00f0inni. Mikilv\u00e6g fr\u00e6\u00f0irit: Ksenofontov, <em>Schamanizm. Izbrannye trudy<\/em> (1928, endur\u00fatg\u00e1fa 1992); A. P. Okladnikov; Roberte Hamayon (<em>La chasse \u00e0 l&#8217;\u00e2me<\/em>, 1990); Marjorie Mandelstam Balzer (<em>Shamans, Spirits and Worldviews<\/em>, 1993).<\/span><\/p><p>S\u00e9rst\u00f6ku hlutverki gegnir bandar\u00edska fr\u00e6\u00f0ikonan Marjorie Mandelstam Balzer, sem hefur unni\u00f0 \u00e1 Sakha-sv\u00e6\u00f0inu fr\u00e1 1980 og hefur \u00ed fj\u00f6lda greina skjalfest endurreisn Ajisit-athafna eftir 1990. Verk hennar eru meginvi\u00f0mi\u00f0unarpunktar samt\u00edmaranns\u00f3kna \u00e1 sakha-tr\u00faarbr\u00f6g\u00f0um.<\/p><p>N. A. Alekseev setti fram hina klass\u00edsku sov\u00e9sku samantekt um jak\u00fat\u00edsk tr\u00faarbr\u00f6g\u00f0 \u00ed <em>Traditionnaja religia jakutov<\/em> (Novosibirsk 1980); \u00fer\u00e1tt fyrir hugmyndafr\u00e6\u00f0ilegan bl\u00e6 hennar er h\u00fan \u00f3missandi vi\u00f0mi\u00f0unarrit.<\/p>\t\t\t\t\t\t\t\t<\/div>\n\t\t\t\t<\/div>\n\t\t\t\t\t<\/div>\n\t\t\t\t<\/div>\n\t\t<div class=\"elementor-element elementor-element-iwgw-ajisit-s8 e-flex e-con-boxed e-con e-parent\" data-id=\"iwgw-ajisit-s8\" data-element_type=\"container\" data-e-type=\"container\">\n\t\t\t\t\t<div class=\"e-con-inner\">\n\t\t\t\t<div class=\"elementor-element elementor-element-iwgw-ajisit-s8h elementor-widget elementor-widget-heading\" data-id=\"iwgw-ajisit-s8h\" data-element_type=\"widget\" data-e-type=\"widget\" data-widget_type=\"heading.default\">\n\t\t\t\t\t<h2 class=\"elementor-heading-title elementor-size-default\">Ranns\u00f3knarumr\u00e6\u00f0ur og opnar spurningar<\/h2>\t\t\t\t<\/div>\n\t\t<div class=\"elementor-element elementor-element-iwgw-ajisit-s8c e-con-full e-flex e-con e-child\" data-id=\"iwgw-ajisit-s8c\" data-element_type=\"container\" data-e-type=\"container\">\n\t\t\t\t<div class=\"elementor-element elementor-element-iwgw-ajisit-s8t elementor-widget elementor-widget-text-editor\" data-id=\"iwgw-ajisit-s8t\" data-element_type=\"widget\" data-e-type=\"widget\" data-widget_type=\"text-editor.default\">\n\t\t\t\t\t\t\t\t\t<p>\u00derj\u00e1r ranns\u00f3knaumr\u00e6\u00f0ur sn\u00faast um Ajisit. \u00cd fyrsta lagi: Er Ajisit sprottin \u00far s\u00e9rstakri jak\u00fat\u00edskri hef\u00f0 e\u00f0a er h\u00fan jak\u00fat\u00edsk \u00fe\u00fd\u00f0ing \u00e1 pan-s\u00edber\u00edsku Umai-hlutverkinu? Ranns\u00f3knir hallast a\u00f0 meirihluta til fyrri kostsins, me\u00f0 hagn\u00fdtum l\u00e1nt\u00f6kum.<\/p><p>\u00cd \u00f6\u00f0ru lagi: Hvernig ber a\u00f0 skilja sambandi\u00f0 milli Ajisit og jak\u00fat\u00edska <em>kut<\/em>-kenningarins (s\u00e1larkenning)? Ksenofontov l\u00fdsti h\u00e9r \u00feriggja s\u00e1lna hugmynd (<em>iiye-kut<\/em>, <em>buor-kut<\/em>, <em>salgyn-kut<\/em>) \u00fear sem Ajisit f\u00e6rir s\u00e9rstaklega <em>iiye-kut<\/em>. \u00deessi skipting er tr\u00faarbrag\u00f0afr\u00e6\u00f0ilega ekki fullkomlega \u00fatklj\u00e1\u00f0.<\/p><p>\u00cd \u00feri\u00f0ja lagi: Hvernig starfar n\u00fat\u00edma n\u00fdsjaman\u00edsk i\u00f0kun \u00ed kringum Ajisit, og hvernig tengist h\u00fan hef\u00f0bundinni fj\u00f6lskyldui\u00f0kun? Marjorie Balzer hefur greint h\u00e9r nokkrar spennul\u00ednur sem halda ranns\u00f3knasvi\u00f0inu lifandi.<\/p>\t\t\t\t\t\t\t\t<\/div>\n\t\t\t\t<\/div>\n\t\t\t\t\t<\/div>\n\t\t\t\t<\/div>\n\t\t<div class=\"elementor-element elementor-element-iwgw-ajisit-s9 e-flex e-con-boxed e-con e-parent\" data-id=\"iwgw-ajisit-s9\" data-element_type=\"container\" data-e-type=\"container\">\n\t\t\t\t\t<div class=\"e-con-inner\">\n\t\t\t\t<div class=\"elementor-element elementor-element-iwgw-ajisit-s9h elementor-widget elementor-widget-heading\" data-id=\"iwgw-ajisit-s9h\" data-element_type=\"widget\" data-e-type=\"widget\" data-widget_type=\"heading.default\">\n\t\t\t\t\t<h2 class=\"elementor-heading-title elementor-size-default\">Ajisit \u00ed Olonkho-kv\u00e6\u00f0ab\u00e1lknum<\/h2>\t\t\t\t<\/div>\n\t\t<div class=\"elementor-element elementor-element-iwgw-ajisit-s9c e-con-full e-flex e-con e-child\" data-id=\"iwgw-ajisit-s9c\" data-element_type=\"container\" data-e-type=\"container\">\n\t\t\t\t<div class=\"elementor-element elementor-element-iwgw-ajisit-s9t elementor-widget elementor-widget-text-editor\" data-id=\"iwgw-ajisit-s9t\" data-element_type=\"widget\" data-e-type=\"widget\" data-widget_type=\"text-editor.default\">\n\t\t\t\t\t\t\t\t\t<p><span data-nosnippet>Sta\u00f0a Ajisit \u00ed jak\u00fat\u00edsku Olonkho-kv\u00e6\u00f0ab\u00e1lkunum, sem hafa veri\u00f0 \u00e1 heimsminjaskr\u00e1 UNESCO fr\u00e1 2005, ver\u00f0skuldar s\u00e9rstaka umfj\u00f6llun. Olonkho er munnlegt versaverk, oft margar \u00fe\u00fasundir v\u00edsna, flutt af Olonkhoy-s\u00f6ngvara yfir margar n\u00e6tur. Ajisit kemur fram \u00ed n\u00e6r hverju Olonkho, oftast sem f\u00e6randi hetjuf\u00e6\u00f0ingarins e\u00f0a sem verndargo\u00f0m\u00f6gn hetjukvenna.<\/span><\/p><p>\u00cd hinu fr\u00e6ga Olonkho-verki <em>Nyurgun Botur hinn hra\u00f0skrei\u00f0i<\/em> (\u00fe\u00fdtt af Peter Vladimirtsov \u00e1 1920. \u00e1ratugnum) kemur Ajisit fram sem eiginlegur upphafsma\u00f0ur hetjulei\u00f0angursins; \u00e1n hennar leyfis hef\u00f0i hetjan ekki geta\u00f0 f\u00e6\u00f0st. \u00deessi fr\u00e1sagnarlega mi\u00f0sta\u00f0a er tr\u00faars\u00f6gulega uppl\u00fdsandi, \u00fev\u00ed h\u00fan skilgreinir m\u00f3\u00f0urhlutverki\u00f0 sem forsendu hetjuhlutverksins.<\/p><p>N\u00faverandi var\u00f0veisla Olonkho \u00ed Sakha-l\u00fd\u00f0veldinu er r\u00edkisstyrkt menningarhreyfing sem setur Ajisit \u00ed brennidepil. Andrej P. Reshetnikova og V\u00edsindaakadem\u00eda Sakha-l\u00fd\u00f0veldisins hafa gefi\u00f0 \u00fat nokkrar gagnr\u00fdnar \u00fatg\u00e1fur.<\/p>\t\t\t\t\t\t\t\t<\/div>\n\t\t\t\t<\/div>\n\t\t\t\t\t<\/div>\n\t\t\t\t<\/div>\n\t\t<div class=\"elementor-element elementor-element-iwgw-ajisit-s10 e-flex e-con-boxed e-con e-parent\" data-id=\"iwgw-ajisit-s10\" data-element_type=\"container\" data-e-type=\"container\">\n\t\t\t\t\t<div class=\"e-con-inner\">\n\t\t\t\t<div class=\"elementor-element elementor-element-iwgw-ajisit-s10h elementor-widget elementor-widget-heading\" data-id=\"iwgw-ajisit-s10h\" data-element_type=\"widget\" data-e-type=\"widget\" data-widget_type=\"heading.default\">\n\t\t\t\t\t<h2 class=\"elementor-heading-title elementor-size-default\">Heimildir og tengsl vi\u00f0 menningarmi\u00f0st\u00f6\u00f0ina<\/h2>\t\t\t\t<\/div>\n\t\t<div class=\"elementor-element elementor-element-iwgw-ajisit-s10c e-con-full e-flex e-con e-child\" data-id=\"iwgw-ajisit-s10c\" data-element_type=\"container\" data-e-type=\"container\">\n\t\t\t\t<div class=\"elementor-element elementor-element-iwgw-ajisit-s10t elementor-widget elementor-widget-text-editor\" data-id=\"iwgw-ajisit-s10t\" data-element_type=\"widget\" data-e-type=\"widget\" data-widget_type=\"text-editor.default\">\n\t\t\t\t\t\t\t\t\t<p>\u00deeir sem vilja kanna Ajisit-samst\u00e6\u00f0una \u00ed heild sinni finna \u00e1 yfirlitss\u00ed\u00f0unni <a href=\"https:\/\/iwell-guard.com\/is\/siberiskur-sjamanismi-tengrismi\/\">S\u00edber\u00edsk-tengr\u00edsk hef\u00f0<\/a> mikilv\u00e6gustu tilv\u00edsanir \u00ed tengdar verur eins og <a href=\"https:\/\/iwell-guard.com\/is\/?page_id=168985\">Yhych-Khan<\/a> (hestagjafa) og <a href=\"https:\/\/iwell-guard.com\/is\/?page_id=168979\">Umai<\/a> (tyrkneska samsv\u00f6run).<\/p><p>W. Sereshevskijs <em>Yakuty<\/em> (1896) og G. V. Ksenofontovs <em>Schamanizm. Izbrannye trudy<\/em> (endur\u00fatg\u00e1fa 1992) eru mikilv\u00e6gustu frumheimildirnar. N. A. Alekseevs <em>Traditionnaja religia jakutov<\/em> (1980) er mikilv\u00e6gasta sov\u00e9ska samantektin.<\/p><p>Marjorie Mandelstam Balzers <em>Shamans, Spirits and Worldviews<\/em> (1993) og <em>The Tenacity of Ethnicity<\/em> (1999) eru \u00f3missandi samt\u00edmalegar sta\u00f0alverk; \u00feau skjalfesta endurreisn Ajisit-athafna eftir 1991 \u00ed sm\u00e1atri\u00f0um.<\/p>\t\t\t\t\t\t\t\t<\/div>\n\t\t\t\t<\/div>\n\t\t\t\t\t<\/div>\n\t\t\t\t<\/div>\n\t\t<div class=\"elementor-element elementor-element-iwgw-ajisit-s11 e-flex e-con-boxed e-con e-parent\" data-id=\"iwgw-ajisit-s11\" data-element_type=\"container\" data-e-type=\"container\">\n\t\t\t\t\t<div class=\"e-con-inner\">\n\t\t\t\t<div class=\"elementor-element elementor-element-iwgw-ajisit-s11h elementor-widget elementor-widget-heading\" data-id=\"iwgw-ajisit-s11h\" data-element_type=\"widget\" data-e-type=\"widget\" data-widget_type=\"heading.default\">\n\t\t\t\t\t<h2 class=\"elementor-heading-title elementor-size-default\">Tr\u00faarbrag\u00f0afyrirb\u00e6rafr\u00e6\u00f0i f\u00e6\u00f0ingargo\u00f0magns<\/h2>\t\t\t\t<\/div>\n\t\t<div class=\"elementor-element elementor-element-iwgw-ajisit-s11c e-con-full e-flex e-con e-child\" data-id=\"iwgw-ajisit-s11c\" data-element_type=\"container\" data-e-type=\"container\">\n\t\t\t\t<div class=\"elementor-element elementor-element-iwgw-ajisit-s11t elementor-widget elementor-widget-text-editor\" data-id=\"iwgw-ajisit-s11t\" data-element_type=\"widget\" data-e-type=\"widget\" data-widget_type=\"text-editor.default\">\n\t\t\t\t\t\t\t\t\t<p>Ajisit tilheyrir tr\u00faarbrag\u00f0afyrirb\u00e6rafr\u00e6\u00f0ilegu litr\u00f3fi \u201es\u00e9rh\u00e6f\u00f0ra f\u00e6\u00f0ingargo\u00f0magna\u201c, sem koma fram \u00ed m\u00f6rgum menningarheimum me\u00f0 fjarl\u00e6gum h\u00e1gu\u00f0i (<em>deus otiosus<\/em>). Mircea Eliade l\u00fdsti \u00feessu samhengi oftar en einu sinni; Ajisit er eitt af r\u00edkulegustu skjalfestu d\u00e6munum.<\/p><p>Einkennandi er samtenging \u00feriggja hlutverka: (a) f\u00e6randi l\u00edfss\u00e1lar, (b) verndari \u00ed s\u00e6ngurlegu, (c) var\u00f0veitandi \u00e1 fyrsta \u00e6vi\u00e1ri. \u00deessi \u00ferj\u00fa hlutverk eru \u00ed \u00f6\u00f0rum go\u00f0heimum oft dreif\u00f0 \u00e1 fleiri go\u00f0m\u00f6gn (svo sem Eileithyia, Juno Lucina og Bona Dea \u00ed r\u00f3mverska samst\u00e6\u00f0unni), en hj\u00e1 Ajisit sameinast \u00feau \u00ed einni og s\u00f6mu pers\u00f3nu.<\/p><p>Tr\u00faarbrag\u00f0amannfr\u00e6\u00f0ilega \u00e1hugavert er sambandi\u00f0 vi\u00f0 kvenkyns lj\u00f3sm\u00f3\u00f0urina: \u00ed sumum jak\u00fat\u00edskum s\u00f6gnum er lj\u00f3sm\u00f3\u00f0irin \u00e1v\u00f6rpu\u00f0 sem \u201et\u00edmabundin \u00edmynd Ajisit\u201c. \u00deessi gj\u00f6rningsbundna sams\u00f6mun er klass\u00edskt einkenni sjaman\u00edskrar og tr\u00faarlegrar athafnaframkv\u00e6mdar.<\/p>\t\t\t\t\t\t\t\t<\/div>\n\t\t\t\t<\/div>\n\t\t\t\t\t<\/div>\n\t\t\t\t<\/div>\n\t\t<div class=\"elementor-element elementor-element-iwgw-ajisit-s12 e-flex e-con-boxed e-con e-parent\" data-id=\"iwgw-ajisit-s12\" data-element_type=\"container\" data-e-type=\"container\">\n\t\t\t\t\t<div class=\"e-con-inner\">\n\t\t\t\t<div class=\"elementor-element elementor-element-iwgw-ajisit-s12h elementor-widget elementor-widget-heading\" data-id=\"iwgw-ajisit-s12h\" data-element_type=\"widget\" data-e-type=\"widget\" data-widget_type=\"heading.default\">\n\t\t\t\t\t<h2 class=\"elementor-heading-title elementor-size-default\">A\u00f0fer\u00f0afr\u00e6\u00f0ileg \u00edgrundun<\/h2>\t\t\t\t<\/div>\n\t\t<div class=\"elementor-element elementor-element-iwgw-ajisit-s12c e-con-full e-flex e-con e-child\" data-id=\"iwgw-ajisit-s12c\" data-element_type=\"container\" data-e-type=\"container\">\n\t\t\t\t<div class=\"elementor-element elementor-element-iwgw-ajisit-s12t elementor-widget elementor-widget-text-editor\" data-id=\"iwgw-ajisit-s12t\" data-element_type=\"widget\" data-e-type=\"widget\" data-widget_type=\"text-editor.default\">\n\t\t\t\t\t\t\t\t\t<p>\u00cd Ajisit-ranns\u00f3knum koma upp nokkur a\u00f0fer\u00f0afr\u00e6\u00f0ileg vandam\u00e1l. \u00cd fyrsta lagi: Tr\u00fa Jak\u00fata var skr\u00e1\u00f0 \u00e1 19. \u00f6ld af r\u00fassnesk-or\u00fe\u00f3doxum tr\u00fabo\u00f0um og litlu s\u00ed\u00f0ar af r\u00fassneskum \u00fej\u00f3\u00f0fr\u00e6\u00f0ingum eins og Sereshevskij. B\u00e1\u00f0ir h\u00f3parnir h\u00f6f\u00f0u t\u00falkunarford\u00f3ma sem \u00fearf a\u00f0 sko\u00f0a me\u00f0 gagnr\u00fdnu hugarfari.<\/p><p>\u00cd \u00f6\u00f0ru lagi: Sov\u00e9skar \u00fej\u00f3\u00f0fr\u00e6\u00f0iranns\u00f3knir (Alekseev, Ksenofontov \u00ed endur\u00fatg\u00e1fu) fj\u00f6llu\u00f0u um Ajisit a\u00f0 hluta undir formerkjum \u00fej\u00f3\u00f0fr\u00e6\u00f0i og \u00fej\u00f3\u00f0sagna, sem var\u00f0 til \u00feess a\u00f0 tr\u00faarleg v\u00eddd var ja\u00f0arsett. Ranns\u00f3knir eftir Sov\u00e9tt\u00edmann lei\u00f0r\u00e9tta \u00feetta.<\/p><p>\u00cd \u00feri\u00f0ja lagi: Samt\u00edmaathafnir Ysyakh og endurvakning sjamanisma skapa n\u00fdja Ajisit-hef\u00f0 sem stendur \u00ed spennu\u00ferungnu sambandi vi\u00f0 hi\u00f0 s\u00f6guleg lag. Marjorie Balzer hefur fjalla\u00f0 um \u00feessa spennu \u00e1 a\u00f0fer\u00f0afr\u00e6\u00f0ilegan h\u00e1tt.<\/p>\t\t\t\t\t\t\t\t<\/div>\n\t\t\t\t<\/div>\n\t\t\t\t\t<\/div>\n\t\t\t\t<\/div>\n\t\t<div class=\"elementor-element elementor-element-iwgw-ajisit-s13 e-flex e-con-boxed e-con e-parent\" data-id=\"iwgw-ajisit-s13\" data-element_type=\"container\" data-e-type=\"container\">\n\t\t\t\t\t<div class=\"e-con-inner\">\n\t\t\t\t<div class=\"elementor-element elementor-element-iwgw-ajisit-s13h elementor-widget elementor-widget-heading\" data-id=\"iwgw-ajisit-s13h\" data-element_type=\"widget\" data-e-type=\"widget\" data-widget_type=\"heading.default\">\n\t\t\t\t\t<h2 class=\"elementor-heading-title elementor-size-default\">Ajisit \u00ed samt\u00edmaendurvakningu sjamanisma<\/h2>\t\t\t\t<\/div>\n\t\t<div class=\"elementor-element elementor-element-iwgw-ajisit-s13c e-con-full e-flex e-con e-child\" data-id=\"iwgw-ajisit-s13c\" data-element_type=\"container\" data-e-type=\"container\">\n\t\t\t\t<div class=\"elementor-element elementor-element-iwgw-ajisit-s13t elementor-widget elementor-widget-text-editor\" data-id=\"iwgw-ajisit-s13t\" data-element_type=\"widget\" data-e-type=\"widget\" data-widget_type=\"text-editor.default\">\n\t\t\t\t\t\t\t\t\t<p>Fr\u00e1 1990 hefur <span class=\"iwg-fachbegriff\" data-tooltip=\"Allar athafnir sem tengjast d\u00fdrkun gu\u00f0s e\u00f0a heilagrar veru.\" tabindex=\"0\">d\u00fdrkun<\/span> Ajisit \u00ed Sakha-l\u00fd\u00f0veldinu upplifa\u00f0 mikla endurvakningu. Nokkur sjamansk f\u00e9l\u00f6g (svo sem <em>Aar Aiyy<\/em>-h\u00f3purinn \u00ed Jak\u00fatsk) framkv\u00e6ma innv\u00edgslur \u00fear sem Ajisit er \u00e1k\u00f6llu\u00f0 sem mi\u00f0l\u00e6gur hj\u00e1lpandi gu\u00f0d\u00f3mur. \u00deessi n\u00fat\u00edmaframkv\u00e6md s\u00e6kir \u00ed \u00fej\u00f3\u00f0fr\u00e6\u00f0ilegar skr\u00e1ningar Sereshevskijs og Ksenofontovs.<\/p><p>Marjorie Mandelstam Balzer hefur skr\u00e1\u00f0 \u00feessa endurvakningu \u00ed nokkrum greinum; h\u00fan s\u00fdnir hvernig tr\u00faarhef\u00f0, sem sov\u00e9skar k\u00fagunara\u00f0ger\u00f0ir slitu \u00ed sundur, er endurger\u00f0 me\u00f0 samsetningu \u00fej\u00f3\u00f0fr\u00e6\u00f0ilegra texta, munnlegrar <span class=\"iwg-fachbegriff\" data-tooltip=\"Mi\u00f0lun \u00feekkingar og fr\u00e1sagna milli kynsl\u00f3\u00f0a.\" tabindex=\"0\">arflei\u00f0ni<\/span> hinna eldri og n\u00fdrra stofnanalegra kerfa.<\/p><p>Fr\u00e1 tr\u00faarf\u00e9lagsfr\u00e6\u00f0ilegu sj\u00f3narhorni er \u00feessi endurupptaka athyglisvert d\u00e6mi um \u201emi\u00f0la\u00f0a tr\u00fa\u201c (mediated religion), tr\u00fa sem er mi\u00f0la\u00f0 og styrkt me\u00f0 v\u00edsindalegum textum. \u00deessi mi\u00f0lun skapar n\u00fdtt lag tr\u00faarlegrar i\u00f0kunar sem er samofi\u00f0 hinu s\u00f6gulega en er ekki samsvarandi \u00fev\u00ed.<\/p>\t\t\t\t\t\t\t\t<\/div>\n\t\t\t\t<\/div>\n\t\t\t\t\t<\/div>\n\t\t\t\t<\/div>\n\t\t<div class=\"elementor-element elementor-element-iwgw-ajisit-s14 e-flex e-con-boxed e-con e-parent\" data-id=\"iwgw-ajisit-s14\" data-element_type=\"container\" data-e-type=\"container\">\n\t\t\t\t\t<div class=\"e-con-inner\">\n\t\t\t\t<div class=\"elementor-element elementor-element-iwgw-ajisit-s14h elementor-widget elementor-widget-heading\" data-id=\"iwgw-ajisit-s14h\" data-element_type=\"widget\" data-e-type=\"widget\" data-widget_type=\"heading.default\">\n\t\t\t\t\t<h2 class=\"elementor-heading-title elementor-size-default\">Ajisit \u00ed lj\u00f3si jak\u00fatsku kut-kenningarinnar<\/h2>\t\t\t\t<\/div>\n\t\t<div class=\"elementor-element elementor-element-iwgw-ajisit-s14c e-con-full e-flex e-con e-child\" data-id=\"iwgw-ajisit-s14c\" data-element_type=\"container\" data-e-type=\"container\">\n\t\t\t\t<div class=\"elementor-element elementor-element-iwgw-ajisit-s14t elementor-widget elementor-widget-text-editor\" data-id=\"iwgw-ajisit-s14t\" data-element_type=\"widget\" data-e-type=\"widget\" data-widget_type=\"text-editor.default\">\n\t\t\t\t\t\t\t\t\t<p>\u00dea\u00f0 sem vert er a\u00f0 rannsaka n\u00e1nar er hlutverk Ajisit \u00ed jak\u00fatsku <em>kut<\/em>-kenningunni, \u00edtarlegri s\u00e1larkenningu sem greinir \u00ferj\u00e1r s\u00e1lir: <em>iiye-kut<\/em> (\u201em\u00f3\u00f0urs\u00e1l\u201c), <em>buor-kut<\/em> (\u201ejar\u00f0ars\u00e1l\u201c) og <em>salgyn-kut<\/em> (\u201evinds\u00e1l\u201c). Ajisit veitir s\u00e9rstaklega <em>iiye-kut<\/em>, sem t\u00e1knar tilfinningalega og m\u00f3\u00f0urlega arfleif\u00f0 n\u00fdburans.<\/p><p>Ksenofontov l\u00fdsti \u00feessari \u00fer\u00edskiptingu kerfisbundi\u00f0 \u00ed sinni klass\u00edsku samantekt. <em>Buor-kut<\/em> kemur fr\u00e1 j\u00f6r\u00f0inni (\u00feannig \u00f3beint fr\u00e1 <a href=\"https:\/\/iwell-guard.com\/is\/?page_id=168982\">Yer-Sub<\/a>-flokknum), <em>salgyn-kut<\/em> fr\u00e1 vindinum (\u00feannig fr\u00e1 lofthj\u00fapsm\u00e6tti); a\u00f0eins <em>iiye-kut<\/em> kemur beint fr\u00e1 Ajisit.<\/p><p>\u00deessi f\u00ednlega a\u00f0greining er tr\u00faarfyrirb\u00e6rafr\u00e6\u00f0ilega ver\u00f0m\u00e6t \u00fev\u00ed h\u00fan s\u00fdnir hvernig frumbyggjatr\u00fa getur \u00fer\u00f3a\u00f0 fl\u00f3kin manneskjufr\u00e6\u00f0ileg hugt\u00f6k \u00e1n \u00feess a\u00f0 byggja \u00e1 vestr\u00e6num flokkunarkerfum.<\/p>\t\t\t\t\t\t\t\t<\/div>\n\t\t\t\t<\/div>\n\t\t\t\t\t<\/div>\n\t\t\t\t<\/div>\n\t\t<div class=\"elementor-element elementor-element-iwgw-ajisit-s15 e-flex e-con-boxed e-con e-parent\" data-id=\"iwgw-ajisit-s15\" data-element_type=\"container\" data-e-type=\"container\">\n\t\t\t\t\t<div class=\"e-con-inner\">\n\t\t\t\t<div class=\"elementor-element elementor-element-iwgw-ajisit-s15h elementor-widget elementor-widget-heading\" data-id=\"iwgw-ajisit-s15h\" data-element_type=\"widget\" data-e-type=\"widget\" data-widget_type=\"heading.default\">\n\t\t\t\t\t<h2 class=\"elementor-heading-title elementor-size-default\">Ajisit og jak\u00fatska f\u00e6\u00f0ingarath\u00f6fnin<\/h2>\t\t\t\t<\/div>\n\t\t<div class=\"elementor-element elementor-element-iwgw-ajisit-s15c e-con-full e-flex e-con e-child\" data-id=\"iwgw-ajisit-s15c\" data-element_type=\"container\" data-e-type=\"container\">\n\t\t\t\t<div class=\"elementor-element elementor-element-iwgw-ajisit-s15t elementor-widget elementor-widget-text-editor\" data-id=\"iwgw-ajisit-s15t\" data-element_type=\"widget\" data-e-type=\"widget\" data-widget_type=\"text-editor.default\">\n\t\t\t\t\t\t\t\t\t<p>Jak\u00fatska f\u00e6\u00f0ingarath\u00f6fnin er bygg\u00f0 upp \u00ed kringum Ajisit og fylgir \u00fer\u00edskiptri r\u00f6kfr\u00e6\u00f0i. Fyrsta stig: Fyrir f\u00e6\u00f0ingu er \u201eAjisit-sta\u00f0ur\u201c b\u00fainn til \u00ed jurtunni, merktur me\u00f0 hv\u00edtum hrossh\u00e1r\u00fer\u00e1\u00f0um og birkigreinum.<\/p><p>Anna\u00f0 stig: Me\u00f0an \u00e1 f\u00e6\u00f0ingu stendur talar lj\u00f3sm\u00f3\u00f0irin l\u00e1gt vi\u00f0 Ajisit, \u201ebi\u00f0ur hana um lifandi vera\u201c. \u00deri\u00f0ja stig: Eftir f\u00e6\u00f0ingu er Ajisit talin vera til sta\u00f0ar me\u00f0 t\u00e1knr\u00e6num h\u00e6tti \u00ed \u00ferj\u00e1 daga; \u00e1 \u00feeim t\u00edma gilda strangar bannreglur.<\/p><p><span data-nosnippet>Sereshevskij (1896) l\u00fdsti \u00feessari \u00fer\u00edskiptu byggingu \u00ed sm\u00e1atri\u00f0um. Fr\u00e1 tr\u00faarmannfr\u00e6\u00f0ilegu sj\u00f3narhorni er h\u00fan klass\u00edskt d\u00e6mi um \u201erite de passage\u201c \u00ed skilningi van Genneps: a\u00f0skilna\u00f0ur, \u00fer\u00f6skuldur, a\u00f0l\u00f6gun.<\/span><\/p><p>\u00cd samt\u00edma Sakha-l\u00fd\u00f0veldinu er <span class=\"iwg-fachbegriff\" data-tooltip=\"Fastm\u00f3ta\u00f0 ferli t\u00e1knr\u00e6nna athafna me\u00f0 tr\u00faarlegri e\u00f0a menningarlegri merkingu.\" tabindex=\"0\">ath\u00f6fnin<\/span> enn framkv\u00e6md \u00ed breyttu formi, oft \u00ed samsetningu me\u00f0 n\u00fat\u00edma l\u00e6knisfr\u00e6\u00f0ilegum a\u00f0fer\u00f0um. \u00deessi sambl\u00f6ndun er athyglisvert fyrirb\u00e6ri fr\u00e1 tr\u00faarf\u00e9lagsfr\u00e6\u00f0ilegu sj\u00f3narhorni.<\/p>\t\t\t\t\t\t\t\t<\/div>\n\t\t\t\t<\/div>\n\t\t\t\t\t<\/div>\n\t\t\t\t<\/div>\n\t\t<div class=\"elementor-element elementor-element-cp28f697f6 e-flex e-con-boxed e-con e-parent\" data-id=\"cp28f697f6\" data-element_type=\"container\" data-e-type=\"container\">\n\t\t\t\t\t<div class=\"e-con-inner\">\n\t\t\t\t<div class=\"elementor-element elementor-element-cp23a0ec32 elementor-widget elementor-widget-heading\" data-id=\"cp23a0ec32\" data-element_type=\"widget\" data-e-type=\"widget\" data-widget_type=\"heading.default\">\n\t\t\t\t\t<h2 class=\"elementor-heading-title elementor-size-default\">Ajisit \u00ed jak\u00fatskri f\u00e6\u00f0ingarhef\u00f0 og vandam\u00e1l heimildanna<\/h2>\t\t\t\t<\/div>\n\t\t<div class=\"elementor-element elementor-element-cp276f6d07 e-flex e-con-boxed e-con e-child\" data-id=\"cp276f6d07\" data-element_type=\"container\" data-e-type=\"container\">\n\t\t\t\t\t<div class=\"e-con-inner\">\n\t\t\t\t<div class=\"elementor-element elementor-element-cp26e8e66e elementor-widget elementor-widget-text-editor\" data-id=\"cp26e8e66e\" data-element_type=\"widget\" data-e-type=\"widget\" data-widget_type=\"text-editor.default\">\n\t\t\t\t\t\t\t\t\t<p>Ajisit, einnig skrifu\u00f0 <em>Aiyysyt<\/em>, er f\u00e6\u00f0ingar- og \u00f6rlagagy\u00f0ja Sakha, tyrkneskum\u00e6landi \u00edb\u00faa Jak\u00fat\u00edu \u00ed nor\u00f0austanver\u00f0ri S\u00edber\u00edu. H\u00fan er talin m\u00e1ttarvera sem f\u00e6rir barni\u00f0 til l\u00edfsins og er vi\u00f0st\u00f6dd \u00e1 f\u00e6\u00f0ingarstundinni.<\/p><p>Samkv\u00e6mt algengri tr\u00fa dvelur h\u00fan nokkra daga hj\u00e1 m\u00f3\u00f0ur og barni eftir f\u00e6\u00f0ingu \u00e1\u00f0ur en h\u00fan yfirgefur h\u00fasi\u00f0 aftur; n\u00e6rvera hennar og brotthvarf voru tengd hreinleikabo\u00f0um og litlum f\u00f3rnarath\u00f6fnum.<\/p><p>Heimildasta\u00f0an er \u00fe\u00f3 r\u00fdr og erfi\u00f0. \u00dea\u00f0 sem vita\u00f0 er um Ajisit kemur a\u00f0 mestu \u00far skr\u00e1ningum sem ur\u00f0u til \u00e1 s\u00ed\u00f0ari hluta 19. aldar og fyrri hluta 20. aldar, \u00feegar r\u00fassneskir og p\u00f3lit\u00edskt \u00fatl\u00e6gir \u00fej\u00f3\u00f0fr\u00e6\u00f0ingar skr\u00e1\u00f0u tr\u00fa Jak\u00fata.<\/p><p>Wassili Sieroszewski, P\u00f3lverji sem var ger\u00f0ur \u00fatl\u00e6gur til Jak\u00fat\u00edu, samdi umfangsmiki\u00f0 einritun um Sakha \u00fear sem f\u00e6\u00f0ingarathafnir koma einnig fram. Sl\u00edkar skr\u00e1ningar eru ver\u00f0m\u00e6tar, en \u00fe\u00e6r ur\u00f0u til \u00e1 t\u00edmabili \u00feegar innf\u00e6dda tr\u00fain var \u00feegar undirl\u00f6g\u00f0 af or\u00fe\u00f3doxu tr\u00fabo\u00f0i og r\u00fassneskri stj\u00f3rns\u00fdslu.<\/p><p>A\u00f0 auki birtist Ajisit \u00ed heimildunum ekki alltaf sk\u00fdrt afm\u00f6rku\u00f0. Sums sta\u00f0ar er h\u00fan l\u00fdst sem einn gu\u00f0d\u00f3mur, sums sta\u00f0ar sem flokkur andavera me\u00f0 mismunandi hlutverk, me\u00f0al annars fyrir f\u00e6\u00f0ingu manna og fj\u00f6lgun b\u00faf\u00e9s.<\/p><p>\u00deessi \u00f3skerpa er ekki galli \u00e1 ranns\u00f3knunum heldur endurspeglar a\u00f0 \u00f6llum l\u00edkindum hugmyndaheim sem bygg\u00f0ist ekki \u00e1 f\u00f6stum gu\u00f0at\u00f6lum heldur \u00e1 sveigjanlegu svi\u00f0i verndarv\u00e6tta. Fullyr\u00f0ingar um Ajisit ver\u00f0a \u00fev\u00ed \u00e1vallt a\u00f0 vera settar fram me\u00f0 fyrirvara.<\/p>\t\t\t\t\t\t\t\t<\/div>\n\t\t\t\t\t<\/div>\n\t\t\t\t<\/div>\n\t\t\t\t\t<\/div>\n\t\t\t\t<\/div>\n\t\t<div class=\"elementor-element elementor-element-iwgw-ajisit-lit e-flex e-con-boxed e-con e-parent\" data-id=\"iwgw-ajisit-lit\" data-element_type=\"container\" data-e-type=\"container\">\n\t\t\t\t\t<div class=\"e-con-inner\">\n\t\t\t\t<div class=\"elementor-element elementor-element-iwgw-ajisit-lith elementor-widget elementor-widget-heading\" data-id=\"iwgw-ajisit-lith\" data-element_type=\"widget\" data-e-type=\"widget\" data-widget_type=\"heading.default\">\n\t\t\t\t\t<h2 class=\"elementor-heading-title elementor-size-default\">Heimildir (\u00farval)<\/h2>\t\t\t\t<\/div>\n\t\t<div class=\"elementor-element elementor-element-iwgw-ajisit-litc e-con-full e-flex e-con e-child\" data-id=\"iwgw-ajisit-litc\" data-element_type=\"container\" data-e-type=\"container\">\n\t\t\t\t<div class=\"elementor-element elementor-element-iwgw-ajisit-litt elementor-widget elementor-widget-text-editor\" data-id=\"iwgw-ajisit-litt\" data-element_type=\"widget\" data-e-type=\"widget\" data-widget_type=\"text-editor.default\">\n\t\t\t\t\t\t\t\t\t<ul><li>W. Sereshevskij: <em>Yakuty<\/em> (1896)<\/li><li>G. V. Ksenofontov: <em>Schamanizm. Izbrannye trudy<\/em> (1928 \/ endur\u00fatg\u00e1fa 1992)<\/li><li>Roberte Hamayon: <em>La chasse \u00e0 l&#8217;\u00e2me<\/em> (1990)<\/li><li><span data-nosnippet>Marjorie Mandelstam Balzer: <em>Shamans, Spirits and Worldviews<\/em> (1993)<\/span><\/li><li>Andrei Znamenski: <em>Shamanism and Western Imagination<\/em> (2007)<\/li><li>Vladimir Basilov: <em>Shamanism in Siberia<\/em> (1984)<\/li><li>N. A. Alekseev: <em>Traditionnaja religia jakutov<\/em> (1980)<\/li><\/ul>\t\t\t\t\t\t\t\t<\/div>\n\t\t\t\t<\/div>\n\t\t\t\t\t<\/div>\n\t\t\t\t<\/div>\n\t\t<div class=\"elementor-element elementor-element-iwgkw2-add-ajisit e-flex e-con-boxed e-con e-parent\" data-id=\"iwgkw2-add-ajisit\" data-element_type=\"container\" data-e-type=\"container\">\n\t\t\t\t\t<div class=\"e-con-inner\">\n\t\t\t\t<div class=\"elementor-element elementor-element-iwgkw2-add-ajisit-t elementor-widget elementor-widget-text-editor\" data-id=\"iwgkw2-add-ajisit-t\" data-element_type=\"widget\" data-e-type=\"widget\" data-widget_type=\"text-editor.default\">\n\t\t\t\t\t\t\t\t\t<p>Ajisit er \u00ed jak\u00fatskri <span class=\"iwg-fachbegriff\" data-tooltip=\"Mi\u00f0lun \u00feekkingar og fr\u00e1sagna milli kynsl\u00f3\u00f0a.\" tabindex=\"0\">arflei\u00f0ni<\/span> talin himnesk gjafi l\u00edfss\u00e1larins, sem g\u00e6\u00f0ir hi\u00f0 \u00f3f\u00e6dda barn anda og \u00f6rlaga\u00fer\u00e6\u00f0i og er \u00e1k\u00f6llu\u00f0 \u00ed f\u00e6\u00f0ingarath\u00f6fnum me\u00f0 reykelsisf\u00f3rnum og matarf\u00f3rnum.<\/p>\t\t\t\t\t\t\t\t<\/div>\n\t\t\t\t\t<\/div>\n\t\t\t\t<\/div>\n\t\t<div class=\"elementor-element elementor-element-iwgw-ajisit-kwd e-flex e-con-boxed e-con e-parent\" data-id=\"iwgw-ajisit-kwd\" data-element_type=\"container\" data-e-type=\"container\">\n\t\t\t\t\t<div class=\"e-con-inner\">\n\t\t<div class=\"elementor-element elementor-element-iwgw-ajisit-kwdc e-con-full e-flex e-con e-child\" data-id=\"iwgw-ajisit-kwdc\" data-element_type=\"container\" data-e-type=\"container\">\n\t\t\t\t<div class=\"elementor-element elementor-element-iwgw-ajisit-kwdt elementor-widget elementor-widget-text-editor\" data-id=\"iwgw-ajisit-kwdt\" data-element_type=\"widget\" data-e-type=\"widget\" data-widget_type=\"text-editor.default\">\n\t\t\t\t\t\t\t\t\t<p><em>Tengd lykilhugt\u00f6k: Ajisit Ajiyhyt aiyy Sacha Jakuten Ysyakh Olonkho.<\/em><\/p>\t\t\t\t\t\t\t\t<\/div>\n\t\t\t\t<\/div>\n\t\t\t\t\t<\/div>\n\t\t\t\t<\/div>\n\t\t<div class=\"elementor-element elementor-element-iwgw-ajisit-cc e-flex e-con-boxed e-con e-parent\" data-id=\"iwgw-ajisit-cc\" data-element_type=\"container\" data-e-type=\"container\" id=\"iwg-cc-ajisit\">\n\t\t\t\t\t<div class=\"e-con-inner\">\n\t\t<div class=\"elementor-element elementor-element-iwgw-ajisit-ccinner e-flex e-con-boxed e-con e-parent\" data-id=\"iwgw-ajisit-ccinner\" data-element_type=\"container\" data-e-type=\"container\" data-settings=\"{&quot;background_background&quot;:&quot;classic&quot;}\">\n\t\t\t\t\t<div class=\"e-con-inner\">\n\t\t\t\t<div class=\"elementor-element elementor-element-iwgw-ajisit-cch elementor-widget elementor-widget-heading\" data-id=\"iwgw-ajisit-cch\" data-element_type=\"widget\" data-e-type=\"widget\" data-widget_type=\"heading.default\">\n\t\t\t\t\t<h2 class=\"elementor-heading-title elementor-size-default\">iWell Guard og verndarhef\u00f0ir<\/h2>\t\t\t\t<\/div>\n\t\t\t\t<div class=\"elementor-element elementor-element-iwgw-ajisit-cct elementor-widget elementor-widget-text-editor\" data-id=\"iwgw-ajisit-cct\" data-element_type=\"widget\" data-e-type=\"widget\" data-widget_type=\"text-editor.default\">\n\t\t\t\t\t\t\t\t\t<div data-nosnippet=\"true\"><p>iWell Guard tengist menningars\u00f6gulegri hef\u00f0 farandlegra verndargripa, \u00ed hef\u00f0 <a href=\"https:\/\/iwell-guard.com\/is\/siberiskur-sjamanismi-tengrismi\/\">S\u00edber\u00edu \/ tengrisma<\/a> og margra annarra menningarheima um allan heim. 41 l\u00f6g, alv\u00f6ru gull, plat\u00edna, silfur, framleitt \u00ed \u00de\u00fdskalandi. 30 daga skilar\u00e9ttur.<\/p><\/div>\t\t\t\t\t\t\t\t<\/div>\n\t\t\t\t<div class=\"elementor-element elementor-element-iwgw-ajisit-ccb iwg-cc-button iwg-cc-cta-2026-05-13 elementor-widget elementor-widget-jet-button\" data-id=\"iwgw-ajisit-ccb\" data-element_type=\"widget\" data-e-type=\"widget\" data-widget_type=\"jet-button.default\">\n\t\t\t\t<div class=\"elementor-widget-container\">\n\t\t\t\t\t<div class=\"elementor-jet-button jet-elements\"><div class=\"jet-button__container\"><a class=\"jet-button__instance jet-button__instance--icon-left hover-effect-1\" href=\"\/ueber-iwell-guard\/?utm_source=iwell-guard.com&amp;utm_medium=info-box&amp;utm_campaign=wesen-tradition\"><div class=\"jet-button__plane jet-button__plane-normal\"><\/div><div class=\"jet-button__plane jet-button__plane-hover\"><\/div><div class=\"jet-button__state jet-button__state-normal\"><span class=\"jet-button__label\">Meira um iWell Guard<\/span><\/div><div class=\"jet-button__state jet-button__state-hover\"><span class=\"jet-button__label\">Meira um iWell Guard<\/span><\/div><\/a><\/div><\/div><style>.elementor-element.elementor-element-iwgw-ajisit-ccb .jet-button__instance{width:320px;height:56px;}.elementor-element.elementor-element-iwgw-ajisit-ccb .jet-button__state-normal .jet-button__label{text-align:center;margin:0px 0px 0px 0px;color:#1a1b20;font-family:Montserrat,sans-serif;font-size:13px;font-weight:400;letter-spacing:4px;line-height:1.714em;text-transform:uppercase;}.elementor-element.elementor-element-iwgw-ajisit-ccb .jet-button__state-hover .jet-button__label{text-align:center;margin:0px 0px 0px 0px;color:#FECC76;font-family:Montserrat,sans-serif;font-size:13px;font-weight:400;letter-spacing:4px;line-height:1.714em;text-transform:uppercase;}.elementor-element.elementor-element-iwgw-ajisit-ccb .jet-button__plane-normal{background-color:#FECC76;border-style:solid;border-color:#C99540;border-width:2px 2px 2px 2px;}.elementor-element.elementor-element-iwgw-ajisit-ccb .jet-button__plane-hover{background-color:rgba(0,0,0,0.55);border-style:solid;border-color:#FECC76;border-width:2px 2px 2px 2px;}<\/style>\t\t\t\t<\/div>\n\t\t\t\t<\/div>\n\t\t\t\t<div class=\"elementor-element elementor-element-iwgw-ajisit-ccd elementor-widget elementor-widget-text-editor\" data-id=\"iwgw-ajisit-ccd\" data-element_type=\"widget\" data-e-type=\"widget\" data-widget_type=\"text-editor.default\">\n\t\t\t\t\t\t\t\t\t<div data-nosnippet=\"true\"><p style=\"text-align:center;font-size:13px;opacity:0.7;margin-top:14px\" data-nosnippet=\"true\">Pers\u00f3nuleg reynsla getur veri\u00f0 mismunandi. Ekki l\u00e6kningat\u00e6ki. Engin lofor\u00f0 um l\u00e6kningu.<\/p><\/div>\t\t\t\t\t\t\t\t<\/div>\n\t\t\t\t\t<\/div>\n\t\t\t\t<\/div>\n\t\t\t\t\t<\/div>\n\t\t\t\t<\/div>\n\t\t<div class=\"elementor-element elementor-element-iwgw-ajisit-disc e-flex e-con-boxed e-con e-parent\" data-id=\"iwgw-ajisit-disc\" data-element_type=\"container\" data-e-type=\"container\">\n\t\t\t\t\t<div class=\"e-con-inner\">\n\t\t\t\t<div class=\"elementor-element elementor-element-iwgw-ajisit-discw elementor-widget elementor-widget-html\" data-id=\"iwgw-ajisit-discw\" data-element_type=\"widget\" data-e-type=\"widget\" data-widget_type=\"html.default\">\n\t\t\t\t\t<footer data-nosnippet=\"true\" class=\"iwg-disclaimer-block\"><p data-nosnippet=\"true\">iWell Guard er <strong>ekki l\u00e6kningat\u00e6ki<\/strong> og kemur ekki \u00ed sta\u00f0inn fyrir l\u00e6knis- e\u00f0a s\u00e1lfr\u00e6\u00f0ime\u00f0fer\u00f0. Tr\u00faarfr\u00e6\u00f0ilegt efni er menningars\u00f6gulegt samhengi, ekki r\u00e1\u00f0legging um andlega i\u00f0kun.<\/p><\/footer>\t\t\t\t<\/div>\n\t\t\t\t\t<\/div>\n\t\t\t\t<\/div>\n\t\t\t\t<\/div>\n\t\t","protected":false},"excerpt":{"rendered":"","protected":false},"author":3,"featured_media":2861,"parent":0,"menu_order":0,"comment_status":"closed","ping_status":"closed","template":"elementor_header_footer","meta":{"_yoast_wpseo_focuskw":"Ajisit jak\u00fatnesk f\u00e6\u00f0ingargy\u00f0ja","_yoast_wpseo_title":"Ajisit \u2013 Jak\u00fatnesk f\u00e6\u00f0ingargy\u00f0ja, d\u00fdrkun og heimildir","_yoast_wpseo_metadesc":"Ajisit er jak\u00fatnesk f\u00e6\u00f0ingargy\u00f0ja og gjafi l\u00edfss\u00e1larins. Umfj\u00f6llun um go\u00f0s\u00f6gu, d\u00fdrkun og heimildir.","_yoast_wpseo_meta-robots-noindex":"","_yoast_wpseo_canonical":"","_angie_page":false,"gefaehrdungsstufe":"","wesen_kultur":"sibirisch-tengrismus","wesen_klasse":"lichtwesen","footnotes":""},"categories":[],"class_list":["post-168986","page","type-page","status-publish","has-post-thumbnail","hentry"],"yoast_head":"<!-- This site is optimized with the Yoast SEO Premium plugin v27.7 (Yoast SEO v28.3) - https:\/\/yoast.com\/product\/yoast-seo-premium-wordpress\/ -->\n<title>Ajisit \u2013 Jak\u00fatnesk f\u00e6\u00f0ingargy\u00f0ja, d\u00fdrkun og heimildir<\/title>\n<meta name=\"description\" content=\"Ajisit er jak\u00fatnesk f\u00e6\u00f0ingargy\u00f0ja og gjafi l\u00edfss\u00e1larins. Umfj\u00f6llun um go\u00f0s\u00f6gu, d\u00fdrkun og heimildir.\" \/>\n<meta name=\"robots\" content=\"index, follow, max-snippet:-1, max-image-preview:large, max-video-preview:-1\" \/>\n<link rel=\"canonical\" href=\"https:\/\/iwell-guard.com\/is\/ajisit-jakutnesk-faedingargydja\/\" \/>\n<meta property=\"og:locale\" content=\"is_IS\" \/>\n<meta property=\"og:type\" content=\"article\" \/>\n<meta property=\"og:title\" content=\"Ajisit \u2013 Jak\u00fatnesk f\u00e6\u00f0ingargy\u00f0ja\" \/>\n<meta property=\"og:description\" content=\"Ajisit er jak\u00fatnesk f\u00e6\u00f0ingargy\u00f0ja og gjafi l\u00edfss\u00e1larins. Umfj\u00f6llun um go\u00f0s\u00f6gu, d\u00fdrkun og heimildir.\" \/>\n<meta property=\"og:url\" content=\"https:\/\/iwell-guard.com\/is\/ajisit-jakutnesk-faedingargydja\/\" \/>\n<meta property=\"og:site_name\" content=\"iWell Guard\" \/>\n<meta property=\"article:modified_time\" content=\"2026-09-05T14:28:59+00:00\" \/>\n<meta property=\"og:image\" content=\"https:\/\/iwell-guard.com\/wp-content\/uploads\/2026\/05\/goetter_sibirisch-tengrismus_ajisit.webp\" \/>\n\t<meta property=\"og:image:width\" content=\"1024\" \/>\n\t<meta property=\"og:image:height\" content=\"1536\" \/>\n\t<meta property=\"og:image:type\" content=\"image\/webp\" \/>\n<meta name=\"twitter:card\" content=\"summary_large_image\" \/>\n<script type=\"application\/ld+json\" class=\"yoast-schema-graph\">{\"@context\":\"https:\\\/\\\/schema.org\",\"@graph\":[{\"@type\":\"WebPage\",\"@id\":\"https:\\\/\\\/iwell-guard.com\\\/is\\\/ajisit-jakutnesk-faedingargydja\\\/\",\"url\":\"https:\\\/\\\/iwell-guard.com\\\/is\\\/ajisit-jakutnesk-faedingargydja\\\/\",\"name\":\"Ajisit \u2013 Jak\u00fatnesk f\u00e6\u00f0ingargy\u00f0ja, d\u00fdrkun og heimildir\",\"isPartOf\":{\"@id\":\"https:\\\/\\\/iwell-guard.com\\\/is\\\/#website\"},\"primaryImageOfPage\":{\"@id\":\"https:\\\/\\\/iwell-guard.com\\\/is\\\/ajisit-jakutnesk-faedingargydja\\\/#primaryimage\"},\"image\":{\"@id\":\"https:\\\/\\\/iwell-guard.com\\\/is\\\/ajisit-jakutnesk-faedingargydja\\\/#primaryimage\"},\"thumbnailUrl\":\"https:\\\/\\\/iwell-guard.com\\\/wp-content\\\/uploads\\\/2026\\\/05\\\/goetter_sibirisch-tengrismus_ajisit.webp\",\"datePublished\":\"2026-09-05T14:04:36+00:00\",\"dateModified\":\"2026-09-05T14:28:59+00:00\",\"description\":\"Ajisit er jak\u00fatnesk f\u00e6\u00f0ingargy\u00f0ja og gjafi l\u00edfss\u00e1larins. Umfj\u00f6llun um go\u00f0s\u00f6gu, d\u00fdrkun og heimildir.\",\"breadcrumb\":{\"@id\":\"https:\\\/\\\/iwell-guard.com\\\/is\\\/ajisit-jakutnesk-faedingargydja\\\/#breadcrumb\"},\"inLanguage\":\"is\",\"potentialAction\":[{\"@type\":\"ReadAction\",\"target\":[\"https:\\\/\\\/iwell-guard.com\\\/is\\\/ajisit-jakutnesk-faedingargydja\\\/\"]}]},{\"@type\":\"ImageObject\",\"inLanguage\":\"is\",\"@id\":\"https:\\\/\\\/iwell-guard.com\\\/is\\\/ajisit-jakutnesk-faedingargydja\\\/#primaryimage\",\"url\":\"https:\\\/\\\/iwell-guard.com\\\/wp-content\\\/uploads\\\/2026\\\/05\\\/goetter_sibirisch-tengrismus_ajisit.webp\",\"contentUrl\":\"https:\\\/\\\/iwell-guard.com\\\/wp-content\\\/uploads\\\/2026\\\/05\\\/goetter_sibirisch-tengrismus_ajisit.webp\",\"width\":1024,\"height\":1536,\"caption\":\"Gu\u00f0 \u00far hef\u00f0 s\u00edber\u00edsks tengrisma.\"},{\"@type\":\"BreadcrumbList\",\"@id\":\"https:\\\/\\\/iwell-guard.com\\\/is\\\/ajisit-jakutnesk-faedingargydja\\\/#breadcrumb\",\"itemListElement\":[{\"@type\":\"ListItem\",\"position\":1,\"name\":\"Start\",\"item\":\"https:\\\/\\\/iwell-guard.com\\\/is\\\/?page_id=168580\"},{\"@type\":\"ListItem\",\"position\":2,\"name\":\"Ajisit \u2013 Jak\u00fatnesk f\u00e6\u00f0ingargy\u00f0ja\"}]},{\"@type\":\"WebSite\",\"@id\":\"https:\\\/\\\/iwell-guard.com\\\/is\\\/#website\",\"url\":\"https:\\\/\\\/iwell-guard.com\\\/is\\\/\",\"name\":\"iWell Guard\",\"description\":\"Schutz vor dunklen Einfl\u00fcssen\",\"publisher\":{\"@id\":\"https:\\\/\\\/iwell-guard.com\\\/is\\\/#organization\"},\"potentialAction\":[{\"@type\":\"SearchAction\",\"target\":{\"@type\":\"EntryPoint\",\"urlTemplate\":\"https:\\\/\\\/iwell-guard.com\\\/is\\\/?s={search_term_string}\"},\"query-input\":{\"@type\":\"PropertyValueSpecification\",\"valueRequired\":true,\"valueName\":\"search_term_string\"}}],\"inLanguage\":\"is\"},{\"@type\":\"Organization\",\"@id\":\"https:\\\/\\\/iwell-guard.com\\\/is\\\/#organization\",\"name\":\"Ittermann electronic GmbH\",\"url\":\"https:\\\/\\\/iwell-guard.com\\\/is\\\/\",\"logo\":{\"@type\":\"ImageObject\",\"inLanguage\":\"is\",\"@id\":\"https:\\\/\\\/iwell-guard.com\\\/is\\\/#\\\/schema\\\/logo\\\/image\\\/\",\"url\":\"https:\\\/\\\/iwell-guard.com\\\/wp-content\\\/uploads\\\/2026\\\/05\\\/Ittermann-Logo-1182x237-1.png\",\"contentUrl\":\"https:\\\/\\\/iwell-guard.com\\\/wp-content\\\/uploads\\\/2026\\\/05\\\/Ittermann-Logo-1182x237-1.png\",\"width\":1182,\"height\":237,\"caption\":\"Ittermann electronic GmbH\"},\"image\":{\"@id\":\"https:\\\/\\\/iwell-guard.com\\\/is\\\/#\\\/schema\\\/logo\\\/image\\\/\"},\"sameAs\":[\"https:\\\/\\\/pantip.com\\\/profile\\\/9367242\",\"https:\\\/\\\/micro.blog\\\/iwellguard\",\"https:\\\/\\\/www.diggerslist.com\\\/iwellguard\\\/about\",\"https:\\\/\\\/skitterphoto.com\\\/photographers\\\/2870314\\\/iwell-guard\",\"https:\\\/\\\/iwellguard.wordpress.com\\\/2026\\\/06\\\/06\\\/iwell-guard\\\/\",\"https:\\\/\\\/hub.docker.com\\\/u\\\/iwellguard\",\"https:\\\/\\\/www.pinterest.com\\\/iwellguard\\\/\",\"https:\\\/\\\/bit.ly\\\/m\\\/iwellguard\",\"https:\\\/\\\/entre-vos-mains.alsace.eu\\\/profiles\\\/iwellguard\\\/activity\",\"https:\\\/\\\/gravatar.com\\\/reallybeded8fd34\",\"https:\\\/\\\/naijamatta.com\\\/iwellguard\",\"https:\\\/\\\/www.goodreads.com\\\/iwellguard\",\"https:\\\/\\\/profile.hatena.ne.jp\\\/iwellguard\\\/\",\"https:\\\/\\\/experiment.com\\\/users\\\/iwellguard\",\"https:\\\/\\\/wakelet.com\\\/@iWellGuard82270\",\"https:\\\/\\\/www.chordie.com\\\/forum\\\/profile.php?id=2555664\",\"https:\\\/\\\/www.instapaper.com\\\/p\\\/17757966\",\"https:\\\/\\\/www.mapleprimes.com\\\/users\\\/iwellguard\",\"https:\\\/\\\/businesslistingplus.com\\\/profile\\\/iwell-guard\\\/\",\"https:\\\/\\\/telegra.ph\\\/iWell-Guard-06-06\",\"https:\\\/\\\/pbase.com\\\/iwellguard\\\/iwellguard\",\"https:\\\/\\\/b.hatena.ne.jp\\\/iwellguard\\\/20260607#bookmark-4788405196491818882\",\"https:\\\/\\\/fliphtml5.com\\\/home\\\/iwellguard\",\"https:\\\/\\\/anyflip.com\\\/homepage\\\/cmiwl#About\",\"https:\\\/\\\/transfur.com\\\/Users\\\/iwellguard\",\"http:\\\/\\\/delphi.larsbo.org\\\/user\\\/iwellguard\",\"https:\\\/\\\/jobs.lajobsportal.org\\\/profiles\\\/8380803-iwell-guard\",\"https:\\\/\\\/md.chaosdorf.de\\\/s\\\/jfbe5SBdJD\",\"https:\\\/\\\/www.lingvolive.com\\\/en-us\\\/profile\\\/9ecaeaca-ce11-4e51-9e71-01d55e2bff36\\\/translations\",\"https:\\\/\\\/www.fitday.com\\\/fitness\\\/forums\\\/members\\\/iwellguard.html\",\"https:\\\/\\\/www.mymeetbook.com\\\/iwellguard\",\"https:\\\/\\\/pxhere.com\\\/en\\\/photographer-me\\\/5040798\",\"https:\\\/\\\/disqus.com\\\/by\\\/iwellguard\\\/about\\\/\",\"https:\\\/\\\/pastelink.net\\\/hjwciqwq\",\"https:\\\/\\\/pubhtml5.com\\\/homepage\\\/scjhn\\\/\",\"https:\\\/\\\/www.bitchute.com\\\/channel\\\/2O2eOKzNqujT\",\"https:\\\/\\\/audiomack.com\\\/iwellguard\"]},{\"@type\":\"Article\",\"@id\":\"https:\\\/\\\/iwell-guard.com\\\/is\\\/ajisit-jakutnesk-faedingargydja\\\/#article\",\"isPartOf\":{\"@id\":\"https:\\\/\\\/iwell-guard.com\\\/is\\\/ajisit-jakutnesk-faedingargydja\\\/\"},\"author\":{\"name\":\"Ralf Ittermann\",\"@id\":\"https:\\\/\\\/iwell-guard.com\\\/is\\\/#\\\/schema\\\/person\\\/ee2a27f1cac3406c7c6fb5820cb7349f\"},\"headline\":\"Ajisit \u2013 Jak\u00fatnesk f\u00e6\u00f0ingargy\u00f0ja\",\"datePublished\":\"2026-09-05T14:04:36+00:00\",\"dateModified\":\"2026-09-05T14:28:59+00:00\",\"mainEntityOfPage\":{\"@id\":\"https:\\\/\\\/iwell-guard.com\\\/is\\\/ajisit-jakutnesk-faedingargydja\\\/\"},\"publisher\":{\"@id\":\"https:\\\/\\\/iwell-guard.com\\\/is\\\/#organization\"},\"image\":{\"@id\":\"https:\\\/\\\/iwell-guard.com\\\/is\\\/ajisit-jakutnesk-faedingargydja\\\/#primaryimage\"},\"thumbnailUrl\":\"https:\\\/\\\/iwell-guard.com\\\/wp-content\\\/uploads\\\/2026\\\/05\\\/goetter_sibirisch-tengrismus_ajisit.webp\",\"inLanguage\":\"is\",\"description\":\"Ajisit er jak\u00fatnesk f\u00e6\u00f0ingargy\u00f0ja og gjafi l\u00edfss\u00e1larins. Umfj\u00f6llun um go\u00f0s\u00f6gu, d\u00fdrkun og heimildir.\"}]}<\/script>\n<!-- \/ Yoast SEO Premium plugin. -->","yoast_head_json":{"title":"Ajisit \u2013 Jak\u00fatnesk f\u00e6\u00f0ingargy\u00f0ja, d\u00fdrkun og heimildir","description":"Ajisit er jak\u00fatnesk f\u00e6\u00f0ingargy\u00f0ja og gjafi l\u00edfss\u00e1larins. Umfj\u00f6llun um go\u00f0s\u00f6gu, d\u00fdrkun og heimildir.","robots":{"index":"index","follow":"follow","max-snippet":"max-snippet:-1","max-image-preview":"max-image-preview:large","max-video-preview":"max-video-preview:-1"},"canonical":"https:\/\/iwell-guard.com\/is\/ajisit-jakutnesk-faedingargydja\/","og_locale":"is_IS","og_type":"article","og_title":"Ajisit \u2013 Jak\u00fatnesk f\u00e6\u00f0ingargy\u00f0ja","og_description":"Ajisit er jak\u00fatnesk f\u00e6\u00f0ingargy\u00f0ja og gjafi l\u00edfss\u00e1larins. Umfj\u00f6llun um go\u00f0s\u00f6gu, d\u00fdrkun og heimildir.","og_url":"https:\/\/iwell-guard.com\/is\/ajisit-jakutnesk-faedingargydja\/","og_site_name":"iWell Guard","article_modified_time":"2026-09-05T14:28:59+00:00","og_image":[{"width":1024,"height":1536,"url":"https:\/\/iwell-guard.com\/wp-content\/uploads\/2026\/05\/goetter_sibirisch-tengrismus_ajisit.webp","type":"image\/webp"}],"twitter_card":"summary_large_image","schema":{"@context":"https:\/\/schema.org","@graph":[{"@type":"Article","@id":"https:\/\/iwell-guard.com\/is\/ajisit-jakutnesk-faedingargydja\/#article","isPartOf":{"@id":"https:\/\/iwell-guard.com\/is\/ajisit-jakutnesk-faedingargydja\/"},"author":{"name":"Ralf Ittermann","@id":"https:\/\/iwell-guard.com\/is\/#\/schema\/person\/ee2a27f1cac3406c7c6fb5820cb7349f"},"headline":"Ajisit \u2013 Jak\u00fatnesk f\u00e6\u00f0ingargy\u00f0ja","datePublished":"2026-09-05T14:04:36+00:00","dateModified":"2026-09-05T14:28:59+00:00","mainEntityOfPage":{"@id":"https:\/\/iwell-guard.com\/is\/ajisit-jakutnesk-faedingargydja\/"},"publisher":{"@id":"https:\/\/iwell-guard.com\/is\/#organization"},"image":{"@id":"https:\/\/iwell-guard.com\/is\/ajisit-jakutnesk-faedingargydja\/#primaryimage"},"thumbnailUrl":"https:\/\/iwell-guard.com\/wp-content\/uploads\/2026\/05\/goetter_sibirisch-tengrismus_ajisit.webp","inLanguage":"is","description":"Ajisit er jak\u00fatnesk f\u00e6\u00f0ingargy\u00f0ja og gjafi l\u00edfss\u00e1larins. Umfj\u00f6llun um go\u00f0s\u00f6gu, d\u00fdrkun og heimildir."},{"@type":"WebPage","@id":"https:\/\/iwell-guard.com\/is\/ajisit-jakutnesk-faedingargydja\/","url":"https:\/\/iwell-guard.com\/is\/ajisit-jakutnesk-faedingargydja\/","name":"Ajisit \u2013 Jak\u00fatnesk f\u00e6\u00f0ingargy\u00f0ja, d\u00fdrkun og heimildir","isPartOf":{"@id":"https:\/\/iwell-guard.com\/is\/#website"},"primaryImageOfPage":{"@id":"https:\/\/iwell-guard.com\/is\/ajisit-jakutnesk-faedingargydja\/#primaryimage"},"image":{"@id":"https:\/\/iwell-guard.com\/is\/ajisit-jakutnesk-faedingargydja\/#primaryimage"},"thumbnailUrl":"https:\/\/iwell-guard.com\/wp-content\/uploads\/2026\/05\/goetter_sibirisch-tengrismus_ajisit.webp","datePublished":"2026-09-05T14:04:36+00:00","dateModified":"2026-09-05T14:28:59+00:00","description":"Ajisit er jak\u00fatnesk f\u00e6\u00f0ingargy\u00f0ja og gjafi l\u00edfss\u00e1larins. Umfj\u00f6llun um go\u00f0s\u00f6gu, d\u00fdrkun og heimildir.","breadcrumb":{"@id":"https:\/\/iwell-guard.com\/is\/ajisit-jakutnesk-faedingargydja\/#breadcrumb"},"inLanguage":"is","potentialAction":[{"@type":"ReadAction","target":["https:\/\/iwell-guard.com\/is\/ajisit-jakutnesk-faedingargydja\/"]}]},{"@type":"ImageObject","inLanguage":"is","@id":"https:\/\/iwell-guard.com\/is\/ajisit-jakutnesk-faedingargydja\/#primaryimage","url":"https:\/\/iwell-guard.com\/wp-content\/uploads\/2026\/05\/goetter_sibirisch-tengrismus_ajisit.webp","contentUrl":"https:\/\/iwell-guard.com\/wp-content\/uploads\/2026\/05\/goetter_sibirisch-tengrismus_ajisit.webp","width":1024,"height":1536,"caption":"Gu\u00f0 \u00far hef\u00f0 s\u00edber\u00edsks tengrisma."},{"@type":"BreadcrumbList","@id":"https:\/\/iwell-guard.com\/is\/ajisit-jakutnesk-faedingargydja\/#breadcrumb","itemListElement":[{"@type":"ListItem","position":1,"name":"Start","item":"https:\/\/iwell-guard.com\/is\/?page_id=168580"},{"@type":"ListItem","position":2,"name":"Ajisit \u2013 Jak\u00fatnesk f\u00e6\u00f0ingargy\u00f0ja"}]},{"@type":"WebSite","@id":"https:\/\/iwell-guard.com\/is\/#website","url":"https:\/\/iwell-guard.com\/is\/","name":"iWell Guard","description":"Schutz vor dunklen Einfl\u00fcssen","publisher":{"@id":"https:\/\/iwell-guard.com\/is\/#organization"},"potentialAction":[{"@type":"SearchAction","target":{"@type":"EntryPoint","urlTemplate":"https:\/\/iwell-guard.com\/is\/?s={search_term_string}"},"query-input":{"@type":"PropertyValueSpecification","valueRequired":true,"valueName":"search_term_string"}}],"inLanguage":"is"},{"@type":"Organization","@id":"https:\/\/iwell-guard.com\/is\/#organization","name":"Ittermann electronic GmbH","url":"https:\/\/iwell-guard.com\/is\/","logo":{"@type":"ImageObject","inLanguage":"is","@id":"https:\/\/iwell-guard.com\/is\/#\/schema\/logo\/image\/","url":"https:\/\/iwell-guard.com\/wp-content\/uploads\/2026\/05\/Ittermann-Logo-1182x237-1.png","contentUrl":"https:\/\/iwell-guard.com\/wp-content\/uploads\/2026\/05\/Ittermann-Logo-1182x237-1.png","width":1182,"height":237,"caption":"Ittermann electronic GmbH"},"image":{"@id":"https:\/\/iwell-guard.com\/is\/#\/schema\/logo\/image\/"},"sameAs":["https:\/\/pantip.com\/profile\/9367242","https:\/\/micro.blog\/iwellguard","https:\/\/www.diggerslist.com\/iwellguard\/about","https:\/\/skitterphoto.com\/photographers\/2870314\/iwell-guard","https:\/\/iwellguard.wordpress.com\/2026\/06\/06\/iwell-guard\/","https:\/\/hub.docker.com\/u\/iwellguard","https:\/\/www.pinterest.com\/iwellguard\/","https:\/\/bit.ly\/m\/iwellguard","https:\/\/entre-vos-mains.alsace.eu\/profiles\/iwellguard\/activity","https:\/\/gravatar.com\/reallybeded8fd34","https:\/\/naijamatta.com\/iwellguard","https:\/\/www.goodreads.com\/iwellguard","https:\/\/profile.hatena.ne.jp\/iwellguard\/","https:\/\/experiment.com\/users\/iwellguard","https:\/\/wakelet.com\/@iWellGuard82270","https:\/\/www.chordie.com\/forum\/profile.php?id=2555664","https:\/\/www.instapaper.com\/p\/17757966","https:\/\/www.mapleprimes.com\/users\/iwellguard","https:\/\/businesslistingplus.com\/profile\/iwell-guard\/","https:\/\/telegra.ph\/iWell-Guard-06-06","https:\/\/pbase.com\/iwellguard\/iwellguard","https:\/\/b.hatena.ne.jp\/iwellguard\/20260607#bookmark-4788405196491818882","https:\/\/fliphtml5.com\/home\/iwellguard","https:\/\/anyflip.com\/homepage\/cmiwl#About","https:\/\/transfur.com\/Users\/iwellguard","http:\/\/delphi.larsbo.org\/user\/iwellguard","https:\/\/jobs.lajobsportal.org\/profiles\/8380803-iwell-guard","https:\/\/md.chaosdorf.de\/s\/jfbe5SBdJD","https:\/\/www.lingvolive.com\/en-us\/profile\/9ecaeaca-ce11-4e51-9e71-01d55e2bff36\/translations","https:\/\/www.fitday.com\/fitness\/forums\/members\/iwellguard.html","https:\/\/www.mymeetbook.com\/iwellguard","https:\/\/pxhere.com\/en\/photographer-me\/5040798","https:\/\/disqus.com\/by\/iwellguard\/about\/","https:\/\/pastelink.net\/hjwciqwq","https:\/\/pubhtml5.com\/homepage\/scjhn\/","https:\/\/www.bitchute.com\/channel\/2O2eOKzNqujT","https:\/\/audiomack.com\/iwellguard"]},{"@type":"Person","@id":"https:\/\/iwell-guard.com\/is\/#\/schema\/person\/ee2a27f1cac3406c7c6fb5820cb7349f","name":"Ralf Ittermann","image":{"@type":"ImageObject","inLanguage":"is","@id":"https:\/\/secure.gravatar.com\/avatar\/073c0153e350a5005b68eb752b445fea71f6b24a26da9449ad7e155e6b446c9d?s=96&d=mm&r=g","url":"https:\/\/secure.gravatar.com\/avatar\/073c0153e350a5005b68eb752b445fea71f6b24a26da9449ad7e155e6b446c9d?s=96&d=mm&r=g","contentUrl":"https:\/\/secure.gravatar.com\/avatar\/073c0153e350a5005b68eb752b445fea71f6b24a26da9449ad7e155e6b446c9d?s=96&d=mm&r=g","caption":"Ralf Ittermann"},"givenName":"Ralf","familyName":"Ittermann","jobTitle":"Gesch\u00e4ftsf\u00fchrer und redaktioneller Verantwortlicher","url":"https:\/\/iwell-guard.com\/is\/author\/claude\/","description":"Ralf Ittermann ist Gesch\u00e4ftsf\u00fchrer der Ittermann electronic GmbH und redaktioneller Verantwortlicher des iWell-Guard-Lexikons. Er verbindet langj\u00e4hrige Erfahrung in der Pr\u00e4zisionsfertigung mit medialer Praxis und religionsgeschichtlicher Quellenarbeit.","worksFor":{"@type":"Organization","name":"Ittermann electronic GmbH","url":"https:\/\/ittermann.de\/","address":{"@type":"PostalAddress","streetAddress":"K\u00f6hlergasse 16-18","postalCode":"99842","addressLocality":"Ruhla","addressCountry":"DE"}},"knowsAbout":["Religionsgeschichte","Mythologie","Mediale Praxis","Energetische Diagnostik","Schutzpraxis","Volksglauben","Westliche Esoterik"]},{"@type":"Article","@id":"https:\/\/iwell-guard.com\/is\/ajisit-jakutnesk-faedingargydja\/#article","isPartOf":{"@id":"https:\/\/iwell-guard.com\/is\/ajisit-jakutnesk-faedingargydja\/"},"author":{"name":"Ralf Ittermann","@id":"https:\/\/iwell-guard.com\/is\/#\/schema\/person\/ee2a27f1cac3406c7c6fb5820cb7349f"},"headline":"Ajisit \u2013 Jak\u00fatnesk f\u00e6\u00f0ingargy\u00f0ja","datePublished":"2026-09-05T14:04:36+00:00","dateModified":"2026-09-05T14:28:59+00:00","mainEntityOfPage":{"@id":"https:\/\/iwell-guard.com\/is\/ajisit-jakutnesk-faedingargydja\/"},"publisher":{"@id":"https:\/\/iwell-guard.com\/is\/#organization"},"image":{"@id":"https:\/\/iwell-guard.com\/is\/ajisit-jakutnesk-faedingargydja\/#primaryimage"},"thumbnailUrl":"https:\/\/iwell-guard.com\/wp-content\/uploads\/2026\/05\/goetter_sibirisch-tengrismus_ajisit.webp","inLanguage":"is","description":"Ajisit er jak\u00fatnesk f\u00e6\u00f0ingargy\u00f0ja og gjafi l\u00edfss\u00e1larins. Umfj\u00f6llun um go\u00f0s\u00f6gu, d\u00fdrkun og heimildir."}]}},"_links":{"self":[{"href":"https:\/\/iwell-guard.com\/is\/wp-json\/wp\/v2\/pages\/168986","targetHints":{"allow":["GET"]}}],"collection":[{"href":"https:\/\/iwell-guard.com\/is\/wp-json\/wp\/v2\/pages"}],"about":[{"href":"https:\/\/iwell-guard.com\/is\/wp-json\/wp\/v2\/types\/page"}],"author":[{"embeddable":true,"href":"https:\/\/iwell-guard.com\/is\/wp-json\/wp\/v2\/users\/3"}],"replies":[{"embeddable":true,"href":"https:\/\/iwell-guard.com\/is\/wp-json\/wp\/v2\/comments?post=168986"}],"version-history":[{"count":0,"href":"https:\/\/iwell-guard.com\/is\/wp-json\/wp\/v2\/pages\/168986\/revisions"}],"wp:featuredmedia":[{"embeddable":true,"href":"https:\/\/iwell-guard.com\/is\/wp-json\/wp\/v2\/media\/2861"}],"wp:attachment":[{"href":"https:\/\/iwell-guard.com\/is\/wp-json\/wp\/v2\/media?parent=168986"}],"wp:term":[{"taxonomy":"category","embeddable":true,"href":"https:\/\/iwell-guard.com\/is\/wp-json\/wp\/v2\/categories?post=168986"}],"curies":[{"name":"wp","href":"https:\/\/api.w.org\/{rel}","templated":true}]}}