{"id":168985,"date":"2026-09-05T14:04:36","date_gmt":"2026-09-05T14:04:36","guid":{"rendered":"https:\/\/iwell-guard.com\/?page_id=168985"},"modified":"2026-09-05T14:29:00","modified_gmt":"2026-09-05T14:29:00","slug":"yhych-khan-jakutneskur-hestaherra","status":"publish","type":"page","link":"https:\/\/iwell-guard.com\/is\/yhych-khan-jakutneskur-hestaherra\/","title":{"rendered":"Yhych-Khan \u2013 Jak\u00fatneskur hestaverndargu\u00f0"},"content":{"rendered":"\t\t<div data-elementor-type=\"wp-page\" data-elementor-id=\"168985\" class=\"elementor elementor-168985 elementor-2641 elementor-bc-flex-widget\" data-elementor-post-type=\"page\">\n\t\t\t\t<div class=\"elementor-element elementor-element-iwgw-yhychkhan-hero e-flex e-con-boxed e-con e-parent\" data-id=\"iwgw-yhychkhan-hero\" data-element_type=\"container\" data-e-type=\"container\" data-settings=\"{&quot;background_background&quot;:&quot;classic&quot;}\">\n\t\t\t\t\t<div class=\"e-con-inner\">\n\t\t<div class=\"elementor-element elementor-element-iwgw-yhychkhan-hl e-flex e-con-boxed e-con e-child\" data-id=\"iwgw-yhychkhan-hl\" data-element_type=\"container\" data-e-type=\"container\">\n\t\t\t\t\t<div class=\"e-con-inner\">\n\t\t<div class=\"elementor-element elementor-element-iwgw-yhychkhan-htxt e-con-full e-flex e-con e-child\" data-id=\"iwgw-yhychkhan-htxt\" data-element_type=\"container\" data-e-type=\"container\">\n\t\t\t\t<div class=\"elementor-element elementor-element-iwgw-yhychkhan-h1 elementor-widget elementor-widget-heading\" data-id=\"iwgw-yhychkhan-h1\" data-element_type=\"widget\" data-e-type=\"widget\" data-widget_type=\"heading.default\">\n\t\t\t\t\t<h1 class=\"elementor-heading-title elementor-size-default\">Yhych-Khan, jak\u00fatneskur verndargu\u00f0 hesta og verndari Ysyakh<\/h1>\t\t\t\t<\/div>\n\t\t\t\t<div class=\"elementor-element elementor-element-iwgw-yhychkhan-lead elementor-widget elementor-widget-text-editor\" data-id=\"iwgw-yhychkhan-lead\" data-element_type=\"widget\" data-e-type=\"widget\" data-widget_type=\"text-editor.default\">\n\t\t\t\t\t\t\t\t\t<p>Yhych-Khan er verndargu\u00f0 hesta og hjar\u00f0a \u00feeirra \u00ed jak\u00fatneskum tr\u00faarbr\u00f6g\u00f0um. Hann er \u00ed brennidepli hinnar miklu sumarh\u00e1t\u00ed\u00f0ar Ysyakh, sem haldin er \u00e1rlega eftir sumars\u00f3lst\u00f6\u00f0ur.<\/p>\t\t\t\t\t\t\t\t<\/div>\n\t\t\t\t<\/div>\n\t\t<div class=\"elementor-element elementor-element-iwgw-yhychkhan-pillc e-con-full e-flex e-con e-child\" data-id=\"iwgw-yhychkhan-pillc\" data-element_type=\"container\" data-e-type=\"container\">\n\t\t\t\t<div class=\"elementor-element elementor-element-iwgw-yhychkhan-pills elementor-widget elementor-widget-html\" data-id=\"iwgw-yhychkhan-pills\" data-element_type=\"widget\" data-e-type=\"widget\" data-widget_type=\"html.default\">\n\t\t\t\t\t<div class=\"iwg-pill-row\"><span class=\"iwg-klasse-badge\" tabindex=\"0\" data-tooltip=\"Gu\u00f0 innan hef\u00f0ar S\u00edber\u00edu \/ tengrisma.\">Gu\u00f0<\/span><a href=\"https:\/\/iwell-guard.com\/is\/siberiskur-sjamanismi-tengrismi\/\" class=\"iwg-kultur-badge\" tabindex=\"0\" data-tooltip=\"Go\u00f0afr\u00e6\u00f0i hef\u00f0ar S\u00edber\u00edu \/ tengrisma.\">S\u00edber\u00eda \/ tengrismi<\/a><span class=\"iwg-tradition-badge\" tabindex=\"0\" data-tooltip=\"Verndargu\u00f0 hesta.\">Verndargu\u00f0 hesta<\/span><\/div>\t\t\t\t<\/div>\n\t\t\t\t<\/div>\n\t\t<div class=\"elementor-element elementor-element-iwgw-yhychkhan-tocc e-con-full e-flex e-con e-child\" data-id=\"iwgw-yhychkhan-tocc\" data-element_type=\"container\" data-e-type=\"container\">\n\t\t\t\t<div class=\"elementor-element elementor-element-iwgw-yhychkhan-toc elementor-toc--minimized-on-tablet elementor-widget elementor-widget-table-of-contents\" data-id=\"iwgw-yhychkhan-toc\" data-element_type=\"widget\" data-e-type=\"widget\" data-settings=\"{&quot;headings_by_tags&quot;:[&quot;h2&quot;,&quot;h3&quot;],&quot;minimize_box&quot;:&quot;yes&quot;,&quot;marker_view&quot;:&quot;bullets&quot;,&quot;no_headings_message&quot;:&quot;Engar undirfyrirsagnir fundust \\u00e1 \\u00feessari s\\u00ed\\u00f0u.&quot;,&quot;exclude_headings_by_selector&quot;:[],&quot;icon&quot;:{&quot;value&quot;:&quot;fas fa-circle&quot;,&quot;library&quot;:&quot;fa-solid&quot;,&quot;rendered_tag&quot;:&quot;&lt;svg class=\\&quot;e-font-icon-svg e-fas-circle\\&quot; viewBox=\\&quot;0 0 512 512\\&quot; xmlns=\\&quot;http:\\\/\\\/www.w3.org\\\/2000\\\/svg\\&quot;&gt;&lt;path d=\\&quot;M256 8C119 8 8 119 8 256s111 248 248 248 248-111 248-248S393 8 256 8z\\&quot;&gt;&lt;\\\/path&gt;&lt;\\\/svg&gt;&quot;},&quot;minimized_on&quot;:&quot;tablet&quot;,&quot;hierarchical_view&quot;:&quot;yes&quot;,&quot;min_height&quot;:{&quot;unit&quot;:&quot;px&quot;,&quot;size&quot;:&quot;&quot;,&quot;sizes&quot;:[]},&quot;min_height_tablet&quot;:{&quot;unit&quot;:&quot;px&quot;,&quot;size&quot;:&quot;&quot;,&quot;sizes&quot;:[]},&quot;min_height_mobile&quot;:{&quot;unit&quot;:&quot;px&quot;,&quot;size&quot;:&quot;&quot;,&quot;sizes&quot;:[]}}\" data-widget_type=\"table-of-contents.default\">\n\t\t\t\t\t\t\t\t\t<div class=\"elementor-toc__header\">\n\t\t\t\t\t\t<h2 class=\"elementor-toc__header-title\">\n\t\t\t\tEfnisyfirlit\t\t\t<\/h2>\n\t\t\t\t\t\t\t\t\t\t<div class=\"elementor-toc__toggle-button elementor-toc__toggle-button--expand\" role=\"button\" tabindex=\"0\" aria-controls=\"elementor-toc__iwgw-yhychkhan-toc\" aria-expanded=\"true\" aria-label=\"Open table of contents\"><svg aria-hidden=\"true\" class=\"e-font-icon-svg e-fas-chevron-down\" viewBox=\"0 0 448 512\" xmlns=\"http:\/\/www.w3.org\/2000\/svg\"><path d=\"M207.029 381.476L12.686 187.132c-9.373-9.373-9.373-24.569 0-33.941l22.667-22.667c9.357-9.357 24.522-9.375 33.901-.04L224 284.505l154.745-154.021c9.379-9.335 24.544-9.317 33.901.04l22.667 22.667c9.373 9.373 9.373 24.569 0 33.941L240.971 381.476c-9.373 9.372-24.569 9.372-33.942 0z\"><\/path><\/svg><\/div>\n\t\t\t\t<div class=\"elementor-toc__toggle-button elementor-toc__toggle-button--collapse\" role=\"button\" tabindex=\"0\" aria-controls=\"elementor-toc__iwgw-yhychkhan-toc\" aria-expanded=\"true\" aria-label=\"Close table of contents\"><svg aria-hidden=\"true\" class=\"e-font-icon-svg e-fas-chevron-up\" viewBox=\"0 0 448 512\" xmlns=\"http:\/\/www.w3.org\/2000\/svg\"><path d=\"M240.971 130.524l194.343 194.343c9.373 9.373 9.373 24.569 0 33.941l-22.667 22.667c-9.357 9.357-24.522 9.375-33.901.04L224 227.495 69.255 381.516c-9.379 9.335-24.544 9.317-33.901-.04l-22.667-22.667c-9.373-9.373-9.373-24.569 0-33.941L207.03 130.525c9.372-9.373 24.568-9.373 33.941-.001z\"><\/path><\/svg><\/div>\n\t\t\t\t\t<\/div>\n\t\t\t\t<div id=\"elementor-toc__iwgw-yhychkhan-toc\" class=\"elementor-toc__body\">\n\t\t\t<div class=\"elementor-toc__spinner-container\">\n\t\t\t\t<svg class=\"elementor-toc__spinner eicon-animation-spin e-font-icon-svg e-eicon-loading\" aria-hidden=\"true\" viewBox=\"0 0 1000 1000\" xmlns=\"http:\/\/www.w3.org\/2000\/svg\"><path d=\"M500 975V858C696 858 858 696 858 500S696 142 500 142 142 304 142 500H25C25 237 238 25 500 25S975 237 975 500 763 975 500 975Z\"><\/path><\/svg>\t\t\t<\/div>\n\t\t<\/div>\n\t\t\t\t\t\t<\/div>\n\t\t\t\t<\/div>\n\t\t\t\t\t<\/div>\n\t\t\t\t<\/div>\n\t\t<div class=\"elementor-element elementor-element-iwgw-yhychkhan-hr e-con-full e-flex e-con e-child\" data-id=\"iwgw-yhychkhan-hr\" data-element_type=\"container\" data-e-type=\"container\">\n\t\t\t\t<div class=\"elementor-element elementor-element-iwgw-yhychkhan-heroimg iwg-hero-image elementor-widget elementor-widget-image\" data-id=\"iwgw-yhychkhan-heroimg\" data-element_type=\"widget\" data-e-type=\"widget\" data-widget_type=\"image.default\">\n\t\t\t\t\t\t\t\t\t\t\t\t\t\t\t<img fetchpriority=\"high\" decoding=\"async\" width=\"683\" height=\"1024\" src=\"https:\/\/iwell-guard.com\/wp-content\/uploads\/2026\/05\/goetter_sibirisch-tengrismus_yhych-khan-683x1024.webp\" class=\"attachment-large size-large wp-image-170793\" alt=\"Yhych Khan \u2013 gu\u00f0 \u00far hef\u00f0 s\u00edber\u00edsks tengrisma, s\u00f6guleg sk\u00fdringarmynd\" srcset=\"https:\/\/iwell-guard.com\/wp-content\/uploads\/2026\/05\/goetter_sibirisch-tengrismus_yhych-khan-683x1024.webp 683w, https:\/\/iwell-guard.com\/wp-content\/uploads\/2026\/05\/goetter_sibirisch-tengrismus_yhych-khan-200x300.webp 200w, https:\/\/iwell-guard.com\/wp-content\/uploads\/2026\/05\/goetter_sibirisch-tengrismus_yhych-khan-768x1152.webp 768w, https:\/\/iwell-guard.com\/wp-content\/uploads\/2026\/05\/goetter_sibirisch-tengrismus_yhych-khan.webp 1024w\" sizes=\"(max-width: 683px) 100vw, 683px\" \/>\t\t\t\t\t\t\t\t\t\t\t\t\t\t\t<\/div>\n\t\t\t\t<\/div>\n\t\t\t\t\t<\/div>\n\t\t\t\t<\/div>\n\t\t<div class=\"elementor-element elementor-element-iwgw-yhychkhan-s0 e-flex e-con-boxed e-con e-parent\" data-id=\"iwgw-yhychkhan-s0\" data-element_type=\"container\" data-e-type=\"container\">\n\t\t\t\t\t<div class=\"e-con-inner\">\n\t\t\t\t<div class=\"elementor-element elementor-element-iwgw-yhychkhan-s0h elementor-widget elementor-widget-heading\" data-id=\"iwgw-yhychkhan-s0h\" data-element_type=\"widget\" data-e-type=\"widget\" data-widget_type=\"heading.default\">\n\t\t\t\t\t<h2 class=\"elementor-heading-title elementor-size-default\">Greining og skammrit<\/h2>\t\t\t\t<\/div>\n\t\t<div class=\"elementor-element elementor-element-iwgw-yhychkhan-s0c e-con-full e-flex e-con e-child\" data-id=\"iwgw-yhychkhan-s0c\" data-element_type=\"container\" data-e-type=\"container\">\n\t\t\t\t<div class=\"elementor-element elementor-element-iwgw-yhychkhan-s0t elementor-widget elementor-widget-text-editor\" data-id=\"iwgw-yhychkhan-s0t\" data-element_type=\"widget\" data-e-type=\"widget\" data-widget_type=\"text-editor.default\">\n\t\t\t\t\t\t\t\t\t<p>Jak\u00fatnesk tr\u00faarbr\u00f6g\u00f0 skipta go\u00f0heiminum \u00ed \u00ferj\u00fa l\u00f6g: efri himin (<em>aiyy<\/em>), mi\u00f0j\u00f6r\u00f0 (andar sk\u00f3gar, vatns, hests, nautgripa) og undirheim (<em>abasy<\/em>).<\/p><p>Yhych-Khan heyrir til efsta lagsins og s\u00e9rh\u00e6fir sig \u00ed hestinum, \u00fev\u00ed d\u00fdri sem er mi\u00f0l\u00e6gt \u00ed efnahag og sj\u00e1lfsmynd jak\u00fata. A\u00f0rar h\u00e1ttsettar verur \u00ed efsta laginu eru <a href=\"https:\/\/iwell-guard.com\/is\/?page_id=168986\">Ajisit<\/a>, <em>\u00dcr\u00fcn Aar Tojon<\/em> og nautgripagjafinn <em>Ynakhsyt<\/em>.<\/p><p>Innan <a href=\"https:\/\/iwell-guard.com\/is\/siberiskur-sjamanismi-tengrismi\/\">s\u00edber\u00edsk-tengr\u00edska hef\u00f0arins<\/a> er Yhych-Khan l\u00e6rd\u00f3msr\u00edkt d\u00e6mi um hvernig hlutverk hins \u00e6\u00f0sta himingu\u00f0s skiptist \u00ed d\u00fdratengda s\u00e9rh\u00e6fingu. \u00deessi s\u00e9rh\u00e6fing fylgir efnahagslegu r\u00f6kr\u00e9ttu jak\u00fatneskrar hestar\u00e6ktar vi\u00f0 afar kaldar a\u00f0st\u00e6\u00f0ur undir nor\u00f0urheimskautsbaug.<\/p><p>Jak\u00fatneska sacha-hestakyni\u00f0 (<em>tabuun<\/em>) er einst\u00f6k a\u00f0l\u00f6gun a\u00f0 kulda, \u00fea\u00f0 lifir af hita undir minus 60 gr\u00e1\u00f0um og er tr\u00faarlega og efnahagslega bur\u00f0ar\u00e1s hef\u00f0arinnar. Yhych-Khan er tr\u00faarleg spegilmynd \u00feessarar efnahagslegu mi\u00f0st\u00f6\u00f0u.<\/p>\t\t\t\t\t\t\t\t<\/div>\n\t\t\t\t<\/div>\n\t\t\t\t\t<\/div>\n\t\t\t\t<\/div>\n\t\t<div class=\"elementor-element elementor-element-iwgw-yhychkhan-s1 e-flex e-con-boxed e-con e-parent\" data-id=\"iwgw-yhychkhan-s1\" data-element_type=\"container\" data-e-type=\"container\">\n\t\t\t\t\t<div class=\"e-con-inner\">\n\t\t\t\t<div class=\"elementor-element elementor-element-iwgw-yhychkhan-s1h elementor-widget elementor-widget-heading\" data-id=\"iwgw-yhychkhan-s1h\" data-element_type=\"widget\" data-e-type=\"widget\" data-widget_type=\"heading.default\">\n\t\t\t\t\t<h2 class=\"elementor-heading-title elementor-size-default\">Nafn og or\u00f0sifjar<\/h2>\t\t\t\t<\/div>\n\t\t<div class=\"elementor-element elementor-element-iwgw-yhychkhan-s1c e-con-full e-flex e-con e-child\" data-id=\"iwgw-yhychkhan-s1c\" data-element_type=\"container\" data-e-type=\"container\">\n\t\t\t\t<div class=\"elementor-element elementor-element-iwgw-yhychkhan-s1t elementor-widget elementor-widget-text-editor\" data-id=\"iwgw-yhychkhan-s1t\" data-element_type=\"widget\" data-e-type=\"widget\" data-widget_type=\"text-editor.default\">\n\t\t\t\t\t\t\t\t\t<p>Nafni\u00f0 er dregi\u00f0 af <em>yhyaq<\/em> (\u201ehryssumj\u00f3lk, kumys\u201c). Yhych-Khan er \u00fev\u00ed b\u00f3kstaflega \u201ekumys-herrann\u201c. Or\u00f0sifjafr\u00e6\u00f0in festir hann beint \u00ed jak\u00fatnesku h\u00e1t\u00ed\u00f0arsamst\u00e6\u00f0una Ysyakh, \u00fear sem mi\u00f0l\u00e6ga ath\u00f6fnin er a\u00f0 drekka og gefa <em>kumys<\/em>.<\/p><p>\u00cd eldri \u00fej\u00f3\u00f0fr\u00e6\u00f0itextum finnst einnig myndin <em>Yhyaqtaaq<\/em>, \u201es\u00e1 sem hefur kumys-h\u00e1t\u00ed\u00f0arr\u00e9ttinn\u201c, sem tengir nafni\u00f0 vi\u00f0 Ysyakh-h\u00e1t\u00ed\u00f0ina. \u00deessi nafnmynd er m\u00e1lfr\u00e6\u00f0ilega \u00e1hugaver\u00f0, \u00fev\u00ed h\u00fan sta\u00f0festir \u00f3rj\u00fafanleg tengsl <span class=\"iwg-fachbegriff\" data-tooltip=\"Vera sem er d\u00fdrku\u00f0 sem gu\u00f0leg innan tr\u00faarbrag\u00f0a.\" tabindex=\"0\">gu\u00f0veru<\/span> og h\u00e1t\u00ed\u00f0arforms.<\/p><p>Jak\u00fatneska tungum\u00e1li\u00f0 heyrir til tyrkneskra tungum\u00e1la, og nafni\u00f0 fellur vel a\u00f0 \u00feeirri sameiginlegu tyrkneskrar tr\u00faarlegu or\u00f0afor\u00f0a; samb\u00e6rileg mynd er alta\u00edska <em>Tabyt-Khan<\/em> (hesta-herra) e\u00f0a s\u00e9rh\u00e6f\u00f0ir kasakskir gu\u00f0ir.<\/p>\t\t\t\t\t\t\t\t<\/div>\n\t\t\t\t<\/div>\n\t\t\t\t\t<\/div>\n\t\t\t\t<\/div>\n\t\t<div class=\"elementor-element elementor-element-iwgw-yhychkhan-s2 e-flex e-con-boxed e-con e-parent\" data-id=\"iwgw-yhychkhan-s2\" data-element_type=\"container\" data-e-type=\"container\">\n\t\t\t\t\t<div class=\"e-con-inner\">\n\t\t\t\t<div class=\"elementor-element elementor-element-iwgw-yhychkhan-s2h elementor-widget elementor-widget-heading\" data-id=\"iwgw-yhychkhan-s2h\" data-element_type=\"widget\" data-e-type=\"widget\" data-widget_type=\"heading.default\">\n\t\t\t\t\t<h2 class=\"elementor-heading-title elementor-size-default\">L\u00fdsing og myndm\u00e1l<\/h2>\t\t\t\t<\/div>\n\t\t<div class=\"elementor-element elementor-element-iwgw-yhychkhan-s2c e-con-full e-flex e-con e-child\" data-id=\"iwgw-yhychkhan-s2c\" data-element_type=\"container\" data-e-type=\"container\">\n\t\t\t\t<div class=\"elementor-element elementor-element-iwgw-yhychkhan-s2t elementor-widget elementor-widget-text-editor\" data-id=\"iwgw-yhychkhan-s2t\" data-element_type=\"widget\" data-e-type=\"widget\" data-widget_type=\"text-editor.default\">\n\t\t\t\t\t\t\t\t\t<p>Yhych-Khan er l\u00fdst sem mi\u00f0aldra manni me\u00f0 langt, lj\u00f3sgr\u00e1tt skegg, r\u00ed\u00f0andi \u00e1 mj\u00f3lkurhv\u00edtum st\u00f3\u00f0hesti, me\u00f0 st\u00f3ra ausu \u00far birkitr\u00e9 \u00ed hendi. K\u00e1pa hans er \u00fatsaumu\u00f0 me\u00f0 hestat\u00e1knum; \u00e1 helgist\u00f6ngunum (<em>serge<\/em>) \u00e1 Ysyakh er hann s\u00fdndur st\u00edlf\u00e6r\u00f0ur sem rei\u00f0ma\u00f0ur me\u00f0 lyfta sk\u00e1l.<\/p><p><em>Serge<\/em>-stangirnir eru me\u00f0al mikilv\u00e6gustu tr\u00faarlegu og manneskjufr\u00e6\u00f0ilegu efnisheimilda jak\u00fatneskrar menningar. \u00de\u00e6r eru reistar fyrir hverri jurtu og \u00e1 h\u00e1t\u00ed\u00f0arsv\u00e6\u00f0inu og geta bori\u00f0 mj\u00f6g fl\u00f3kin heimsfr\u00e6\u00f0ileg t\u00e1kn \u00ed \u00fatskur\u00f0i s\u00ednum, Yhych-Khan er h\u00e9r oft \u00ed \u00feri\u00f0ja s\u00e6ti eftir efri gu\u00f0um og Ajisit.<\/p><p>\u00cd s\u00f6fnum \u00dej\u00f3\u00f0minjasafns Sakha-l\u00fd\u00f0veldisins \u00ed Jak\u00fatsk eru til s\u00fdnis nokkrar s\u00f6gulegar <em>serge<\/em>-stangir; \u00fe\u00e6r s\u00fdna myndr\u00e6nan st\u00f6\u00f0ugleika hef\u00f0arinnar \u00ed um 200 \u00e1r.<\/p>\t\t\t\t\t\t\t\t<\/div>\n\t\t\t\t<\/div>\n\t\t\t\t\t<\/div>\n\t\t\t\t<\/div>\n\t\t<div class=\"elementor-element elementor-element-iwgw-yhychkhan-s3 e-flex e-con-boxed e-con e-parent\" data-id=\"iwgw-yhychkhan-s3\" data-element_type=\"container\" data-e-type=\"container\">\n\t\t\t\t\t<div class=\"e-con-inner\">\n\t\t\t\t<div class=\"elementor-element elementor-element-iwgw-yhychkhan-s3h elementor-widget elementor-widget-heading\" data-id=\"iwgw-yhychkhan-s3h\" data-element_type=\"widget\" data-e-type=\"widget\" data-widget_type=\"heading.default\">\n\t\t\t\t\t<h2 class=\"elementor-heading-title elementor-size-default\">Go\u00f0sagnakenndar fr\u00e1sagnir<\/h2>\t\t\t\t<\/div>\n\t\t<div class=\"elementor-element elementor-element-iwgw-yhychkhan-s3c e-con-full e-flex e-con e-child\" data-id=\"iwgw-yhychkhan-s3c\" data-element_type=\"container\" data-e-type=\"container\">\n\t\t\t\t<div class=\"elementor-element elementor-element-iwgw-yhychkhan-s3t elementor-widget elementor-widget-text-editor\" data-id=\"iwgw-yhychkhan-s3t\" data-element_type=\"widget\" data-e-type=\"widget\" data-widget_type=\"text-editor.default\">\n\t\t\t\t\t\t\t\t\t<p>\u00cd Olonkho-safni sagna kemur Yhych-Khan fram sem sendibo\u00f0inn sem <em>\u00dcr\u00fcn Aar Tojon<\/em> sendir \u00ed sk\u00f6punars\u00f6gunni me\u00f0 \u00fea\u00f0 verkefni a\u00f0 flytja hesta til fyrstu mannanna. \u00c1n hesta, segir sagan, v\u00e6ri l\u00edf \u00ed jak\u00fatnesku t\u00fandrunni \u00f3m\u00f6gulegt; Yhych-Khan fyllir \u00feetta skar\u00f0.<\/p><p>\u00d6nnur saga l\u00fdsir \u00fev\u00ed hvernig hann, eftir hungursney\u00f0, gerir hryssurnar svo mj\u00f3lkurgj\u00f6fnar a\u00f0 f\u00f3lk getur \u00ed fyrsta sinn framleitt kumys, og af \u00fev\u00ed er Ysyakh stofna\u00f0 sem \u00e1rlegt \u00feakkarh\u00e1t\u00ed\u00f0.<\/p><p>\u00deri\u00f0ja sagan greinir fr\u00e1 \u00e1t\u00f6kum Yhych-Khans vi\u00f0 illa <em>abasy<\/em>-veru \u00far undirheiminum, sem vill leggja b\u00f6lvun \u00e1 hestahjar\u00f0irnar; Yhych-Khan hrekur hana burt me\u00f0 mj\u00f3lkurfylltri ausu sem breytist \u00ed spj\u00f3tsodd. Sl\u00edkar heimsfr\u00e6\u00f0ilegar \u00e1takas\u00f6gur eru d\u00e6miger\u00f0ar fyrir jak\u00fatnesku Olonkho-hef\u00f0ina.<\/p>\t\t\t\t\t\t\t\t<\/div>\n\t\t\t\t<\/div>\n\t\t\t\t\t<\/div>\n\t\t\t\t<\/div>\n\t\t<div class=\"elementor-element elementor-element-iwgw-yhychkhan-s4 e-flex e-con-boxed e-con e-parent\" data-id=\"iwgw-yhychkhan-s4\" data-element_type=\"container\" data-e-type=\"container\">\n\t\t\t\t\t<div class=\"e-con-inner\">\n\t\t\t\t<div class=\"elementor-element elementor-element-iwgw-yhychkhan-s4h elementor-widget elementor-widget-heading\" data-id=\"iwgw-yhychkhan-s4h\" data-element_type=\"widget\" data-e-type=\"widget\" data-widget_type=\"heading.default\">\n\t\t\t\t\t<h2 class=\"elementor-heading-title elementor-size-default\">D\u00fdrkun og tilbei\u00f0sla<\/h2>\t\t\t\t<\/div>\n\t\t<div class=\"elementor-element elementor-element-iwgw-yhychkhan-s4c e-con-full e-flex e-con e-child\" data-id=\"iwgw-yhychkhan-s4c\" data-element_type=\"container\" data-e-type=\"container\">\n\t\t\t\t<div class=\"elementor-element elementor-element-iwgw-yhychkhan-s4t elementor-widget elementor-widget-text-editor\" data-id=\"iwgw-yhychkhan-s4t\" data-element_type=\"widget\" data-e-type=\"widget\" data-widget_type=\"text-editor.default\">\n\t\t\t\t\t\t\t\t\t<p>A\u00f0al <span class=\"iwg-fachbegriff\" data-tooltip=\"Heild tr\u00faarlegra d\u00fdrkunarathafna fyrir gu\u00f0 e\u00f0a heilaga veru.\" tabindex=\"0\">d\u00fdrkunin<\/span> \u00e1 Yhych-Khan er Ysyakh-h\u00e1t\u00ed\u00f0in: \u00fer\u00edr dagar \u00ed j\u00fan\u00ed, me\u00f0 hestaf\u00f3rn (\u00ed dag t\u00e1knr\u00e6na me\u00f0 frelsun hv\u00edts hests), kumys-gj\u00f6fum \u00ed allar fj\u00f3rar h\u00f6fu\u00f0\u00e1ttir, helgid\u00f6nsum (<em>osuokhai<\/em>) og keppnum. Ausa <em>Algyschyt<\/em> (hins helgi m\u00e6landa) er \u00ed upphafi sn\u00fai\u00f0 a\u00f0 Yhych-Khan.<\/p><p>Ysyakh-h\u00e1t\u00ed\u00f0in hefur haft opinbera vi\u00f0urkenningu \u00ed Sakha-l\u00fd\u00f0veldinu fr\u00e1 1991; h\u00fan er formlega haldin sem \u201e\u00fej\u00f3\u00f0h\u00e1t\u00ed\u00f0\u201c og dregur a\u00f0 \u00fe\u00fasundir \u00fe\u00e1tttakenda \u00e1 hi\u00f0 st\u00f3ra h\u00e1t\u00ed\u00f0arsv\u00e6\u00f0i <em>\u00dcrgel<\/em> vi\u00f0 Jak\u00fatsk. Mi\u00f0l\u00e6g <span class=\"iwg-fachbegriff\" data-tooltip=\"B\u00e6narleg e\u00f0a \u00e1kallandi \u00e1v\u00f6rpun til gu\u00f0s e\u00f0a m\u00e1ttar.\" tabindex=\"0\">\u00e1kallan<\/span> til Yhych-Khan er \u00fear tr\u00faarlegur kjarni.<\/p><p>\u00c1 Sov\u00e9tt\u00edmanum var h\u00e1t\u00ed\u00f0in b\u00f6nnu\u00f0, en fr\u00e1 1956 var h\u00fan aftur leyf\u00f0 \u00ed mj\u00f6g veraldlegu formi; eftir 1991 hefur h\u00fan endurheimt tr\u00faarlegt d\u00fdpi sitt. \u00deessi \u00ferj\u00fa stig eru vel skjalfest \u00ed tr\u00faarbrag\u00f0as\u00f6gu, me\u00f0al annars hj\u00e1 Marjorie Balzer (1999).<\/p>\t\t\t\t\t\t\t\t<\/div>\n\t\t\t\t<\/div>\n\t\t\t\t\t<\/div>\n\t\t\t\t<\/div>\n\t\t<div class=\"elementor-element elementor-element-iwgw-yhychkhan-s5 e-flex e-con-boxed e-con e-parent\" data-id=\"iwgw-yhychkhan-s5\" data-element_type=\"container\" data-e-type=\"container\">\n\t\t\t\t\t<div class=\"e-con-inner\">\n\t\t\t\t<div class=\"elementor-element elementor-element-iwgw-yhychkhan-s5h elementor-widget elementor-widget-heading\" data-id=\"iwgw-yhychkhan-s5h\" data-element_type=\"widget\" data-e-type=\"widget\" data-widget_type=\"heading.default\">\n\t\t\t\t\t<h2 class=\"elementor-heading-title elementor-size-default\">Verndara\u00f0ger\u00f0ir og fr\u00e1hrindandi t\u00e1kn<\/h2>\t\t\t\t<\/div>\n\t\t<div class=\"elementor-element elementor-element-iwgw-yhychkhan-s5c e-con-full e-flex e-con e-child\" data-id=\"iwgw-yhychkhan-s5c\" data-element_type=\"container\" data-e-type=\"container\">\n\t\t\t\t<div class=\"elementor-element elementor-element-iwgw-yhychkhan-s5t elementor-widget elementor-widget-text-editor\" data-id=\"iwgw-yhychkhan-s5t\" data-element_type=\"widget\" data-e-type=\"widget\" data-widget_type=\"text-editor.default\">\n\t\t\t\t\t\t\t\t\t<p>Tr\u00faarfr\u00e6\u00f0ilega s\u00e9\u00f0 eru varnarhef\u00f0ir tengdar Yhych-Khan mi\u00f0a\u00f0ar a\u00f0 hreinleika hestahjar\u00f0arins. J\u00e1rn m\u00e1 ekki liggja vi\u00f0 hryssufestina, konur me\u00f0 \u00f3hreinleika eftir barnsbur\u00f0 f\u00e1 ekki a\u00f0 mj\u00f3lka hryssurnar, og a\u00f0 binda hv\u00edta hestah\u00e1rtoppa vi\u00f0 <em>serge<\/em>-st\u00f3lpann er skili\u00f0 sem b\u00f3n um vernd Yhych-Khans.<\/p><p>S\u00e9rst\u00f6k varnarath\u00f6fn er <em>Algys<\/em>: helgiath\u00f6fn \u00fear sem <span class=\"iwg-fachbegriff\" data-tooltip=\"Yfirl\u00fdsing um heill og vernd, oft \u00ed fastri m\u00e1lfarslegri mynd.\" tabindex=\"0\">blessun<\/span> er flutt, sem algyschyt-inn fer me\u00f0 fyrir hverja hestakynsl\u00f3\u00f0. Texti \u00feessa Algys hefur var\u00f0veist \u00ed m\u00f6rgum Olonkho-s\u00f6fnum og er n\u00fa aftur reglulega framkv\u00e6mdur.<\/p><p>Fr\u00e1 sj\u00f3narh\u00f3li hef\u00f0arinnar sj\u00e1lfrar eru brot \u00e1 \u00feessum hreinleikareglum tengd \u00e1\u00fereifanlegum aflei\u00f0ingum, veikindum \u00ed hj\u00f6r\u00f0inni, f\u00e6\u00f0ingar\u00f6r\u00f0ugleikum hj\u00e1 hryssum. Fr\u00e1 \u00fej\u00f3\u00f0fr\u00e6\u00f0ilegu sj\u00f3narhorni utanfr\u00e1 eru \u00feetta reglur sem skipuleggja daglegt l\u00edf og gefa efnahagslegu vi\u00f0kv\u00e6mni hestar\u00e6ktar menningarlegt form.<\/p>\t\t\t\t\t\t\t\t<\/div>\n\t\t\t\t<\/div>\n\t\t\t\t\t<\/div>\n\t\t\t\t<\/div>\n\t\t<div class=\"elementor-element elementor-element-iwgw-yhychkhan-s6 e-flex e-con-boxed e-con e-parent\" data-id=\"iwgw-yhychkhan-s6\" data-element_type=\"container\" data-e-type=\"container\">\n\t\t\t\t\t<div class=\"e-con-inner\">\n\t\t\t\t<div class=\"elementor-element elementor-element-iwgw-yhychkhan-s6h elementor-widget elementor-widget-heading\" data-id=\"iwgw-yhychkhan-s6h\" data-element_type=\"widget\" data-e-type=\"widget\" data-widget_type=\"heading.default\">\n\t\t\t\t\t<h2 class=\"elementor-heading-title elementor-size-default\">Hli\u00f0st\u00e6\u00f0ur \u00ed \u00f6\u00f0rum menningarheimum<\/h2>\t\t\t\t<\/div>\n\t\t<div class=\"elementor-element elementor-element-iwgw-yhychkhan-s6c e-con-full e-flex e-con e-child\" data-id=\"iwgw-yhychkhan-s6c\" data-element_type=\"container\" data-e-type=\"container\">\n\t\t\t\t<div class=\"elementor-element elementor-element-iwgw-yhychkhan-s6t elementor-widget elementor-widget-text-editor\" data-id=\"iwgw-yhychkhan-s6t\" data-element_type=\"widget\" data-e-type=\"widget\" data-widget_type=\"text-editor.default\">\n\t\t\t\t\t\t\t\t\t<p>Hli\u00f0st\u00e6\u00f0ur finnast \u00ed ved\u00edskri hugmyndinni um hesta-A\u015bvin-tv\u00edburana, hippios-heitum P\u00f3seidons \u00ed gr\u00edsku, hinni keltnesku Ep\u00f3nu, hinum forn-pr\u00fassneska Pergrubrius og, \u00ed S\u00edber\u00edu, hj\u00e1 mong\u00f3lskum hesta-verndar\u00f6ndum (<em>guriin tngri<\/em>) og hj\u00e1 b\u00farjat\u00edska <a href=\"https:\/\/iwell-guard.com\/is\/?page_id=168988\">Asbuiga<\/a>.<\/p><p>Tr\u00faarfyrirb\u00e6rafr\u00e6\u00f0ilega er athyglisvert hversu n\u00e1i\u00f0 h\u00e1gu\u00f0ar-hlutverki\u00f0 er tengt d\u00fdrahlutverki. Samb\u00e6rilegt v\u00e6ri kannski forn-persneska Verethragna, sigurgu\u00f0inn, sem oft er samsama\u00f0ur str\u00ed\u00f0shesti. En Yhych-Khan er tr\u00faarkerfislega \u00fe\u00e9ttari og sk\u00fdrari sem d\u00fdra-<span class=\"iwg-fachbegriff\" data-tooltip=\"Vera sem er d\u00fdrku\u00f0 sem gu\u00f0leg innan tr\u00faarbrag\u00f0a.\" tabindex=\"0\">go\u00f0m\u00f6gn<\/span> en \u00fea\u00f0.<\/p><p>Hin jak\u00fat\u00edska s\u00e9rsta\u00f0a: Me\u00f0an hestagu\u00f0ir eru \u00ed flestum \u00f6\u00f0rum menningarheimum frekar millistigsgu\u00f0ir, tilheyrir Yhych-Khan efsta lagi gu\u00f0aheimsins, endurspeglun \u00e1 yfirbur\u00f0ast\u00f6\u00f0u hestsins \u00ed jak\u00fat\u00edsku efnahagsl\u00edfi.<\/p>\t\t\t\t\t\t\t\t<\/div>\n\t\t\t\t<\/div>\n\t\t\t\t\t<\/div>\n\t\t\t\t<\/div>\n\t\t<div class=\"elementor-element elementor-element-iwgw-yhychkhan-s7 e-flex e-con-boxed e-con e-parent\" data-id=\"iwgw-yhychkhan-s7\" data-element_type=\"container\" data-e-type=\"container\">\n\t\t\t\t\t<div class=\"e-con-inner\">\n\t\t\t\t<div class=\"elementor-element elementor-element-iwgw-yhychkhan-s7h elementor-widget elementor-widget-heading\" data-id=\"iwgw-yhychkhan-s7h\" data-element_type=\"widget\" data-e-type=\"widget\" data-widget_type=\"heading.default\">\n\t\t\t\t\t<h2 class=\"elementor-heading-title elementor-size-default\">N\u00fat\u00edmavi\u00f0t\u00f6kur og ranns\u00f3knir<\/h2>\t\t\t\t<\/div>\n\t\t<div class=\"elementor-element elementor-element-iwgw-yhychkhan-s7c e-con-full e-flex e-con e-child\" data-id=\"iwgw-yhychkhan-s7c\" data-element_type=\"container\" data-e-type=\"container\">\n\t\t\t\t<div class=\"elementor-element elementor-element-iwgw-yhychkhan-s7t elementor-widget elementor-widget-text-editor\" data-id=\"iwgw-yhychkhan-s7t\" data-element_type=\"widget\" data-e-type=\"widget\" data-widget_type=\"text-editor.default\">\n\t\t\t\t\t\t\t\t\t<p>Ysyakh-h\u00e1t\u00ed\u00f0in er fr\u00e1 1991 aftur or\u00f0in opinber h\u00e1t\u00ed\u00f0isdagur \u00ed Sakha-l\u00fd\u00f0veldinu. Yhych-Khan er \u00fear menningarleg sams\u00f6munarpers\u00f3na. Fr\u00e6\u00f0ilegar tilv\u00edsanir: Sereshevskij (1896), Ksenofontov (1928\/1992), Roberte Hamayon (1990), Marjorie Balzer (<em>The Tenacity of Ethnicity<\/em>, 1999), N. A. Alekseev (<em>Traditionnaja religia jakutov<\/em>, 1980).<\/p><p>Ranns\u00f3knir Marjorie Balzer eru h\u00e9r s\u00e9rstaklega mikilv\u00e6gar, \u00fev\u00ed \u00fe\u00e6r skjalfesta endurvakningu Yhych-Khan-d\u00fdrkunarinnar eftir 1991 sem manneskjufr\u00e6\u00f0ilegt ferli. H\u00fan s\u00fdnir hvernig \u00fej\u00f3\u00f0ernislegri sj\u00e1lfsvitund Sakha-f\u00f3lksins var stu\u00f0la\u00f0 a\u00f0 me\u00f0 endurl\u00edfgun \u00feessarar h\u00e1t\u00ed\u00f0ar.<\/p><p>S\u00e9rst\u00f6ku hlutverki \u00ed samt\u00edmav\u00edsindum gegna jak\u00fat\u00edskir fr\u00e6\u00f0imenn sj\u00e1lfir, svo sem Andrej P. Reshetnikov e\u00f0a V\u00edsindaakadem\u00eda Sakha-l\u00fd\u00f0veldisins. \u00deessar innri raddir breyta ranns\u00f3knalandslaginu, sem lengi hefur veri\u00f0 m\u00f3ta\u00f0 af r\u00fassneskri og vestr\u00e6nni utana\u00f0komandi s\u00fdn.<\/p>\t\t\t\t\t\t\t\t<\/div>\n\t\t\t\t<\/div>\n\t\t\t\t\t<\/div>\n\t\t\t\t<\/div>\n\t\t<div class=\"elementor-element elementor-element-iwgw-yhychkhan-s8 e-flex e-con-boxed e-con e-parent\" data-id=\"iwgw-yhychkhan-s8\" data-element_type=\"container\" data-e-type=\"container\">\n\t\t\t\t\t<div class=\"e-con-inner\">\n\t\t\t\t<div class=\"elementor-element elementor-element-iwgw-yhychkhan-s8h elementor-widget elementor-widget-heading\" data-id=\"iwgw-yhychkhan-s8h\" data-element_type=\"widget\" data-e-type=\"widget\" data-widget_type=\"heading.default\">\n\t\t\t\t\t<h2 class=\"elementor-heading-title elementor-size-default\">Ranns\u00f3knarumr\u00e6\u00f0ur og opnar spurningar<\/h2>\t\t\t\t<\/div>\n\t\t<div class=\"elementor-element elementor-element-iwgw-yhychkhan-s8c e-con-full e-flex e-con e-child\" data-id=\"iwgw-yhychkhan-s8c\" data-element_type=\"container\" data-e-type=\"container\">\n\t\t\t\t<div class=\"elementor-element elementor-element-iwgw-yhychkhan-s8t elementor-widget elementor-widget-text-editor\" data-id=\"iwgw-yhychkhan-s8t\" data-element_type=\"widget\" data-e-type=\"widget\" data-widget_type=\"text-editor.default\">\n\t\t\t\t\t\t\t\t\t<p>Tv\u00e6r ranns\u00f3knarumr\u00e6\u00f0ur eru virkar n\u00fana. \u00cd fyrsta lagi: hversu samfelld er <span class=\"iwg-fachbegriff\" data-tooltip=\"Heild tr\u00faarlegra d\u00fdrkunarathafna fyrir gu\u00f0 e\u00f0a heilaga veru.\" tabindex=\"0\">d\u00fdrkun<\/span> Yhych-Khans fr\u00e1 t\u00edma fyrir r\u00fassnesk yfirr\u00e1\u00f0 (fyrir 1632) til dagsins \u00ed dag? Fornleifafundir \u00far elstu bygg\u00f0um Sakha (Tujmaada-dalnum) s\u00fdna hestagrafir, en tr\u00faarlega merking \u00feeirra er \u00f3lj\u00f3s.<\/p><p>\u00cd \u00f6\u00f0ru lagi: hva\u00f0a hlutverki gegnir Yhych-Khan \u00ed n\u00fd-tengr\u00edsku hreyfingunni fr\u00e1 2000-t\u00f6lunni? H\u00e9r er deila milli fr\u00e6\u00f0imanna sem sj\u00e1 Yhych-Khan sem \u201eekta hef\u00f0\u201c og annarra sem sj\u00e1 \u00ed hinni n\u00fat\u00edmalegu h\u00e1t\u00ed\u00f0armenningu n\u00fdja uppfinningu (\u201einvented tradition\u201c \u00ed skilningi Erics Hobsbawm).<\/p><p>A\u00f0 lokum, og \u00fea\u00f0 er spurning me\u00f0 mikla \u00e1rei\u00f0anleika \u00ed dag, hvernig tengist <span class=\"iwg-fachbegriff\" data-tooltip=\"Heild tr\u00faarlegra d\u00fdrkunarathafna fyrir gu\u00f0 e\u00f0a heilaga veru.\" tabindex=\"0\">d\u00fdrkun<\/span> Yhych-Khans loftslagsbreytingum, sem h\u00f3ta undirheimskautssv\u00e6\u00f0inu og \u00fear me\u00f0 hestar\u00e6kt Sakha-f\u00f3lksins alvarlega? Fyrstu ranns\u00f3knir (t.d. Susan Crate) hafa hafi\u00f0 h\u00e9r tr\u00faarlega vistfr\u00e6\u00f0ilega umr\u00e6\u00f0u.<\/p>\t\t\t\t\t\t\t\t<\/div>\n\t\t\t\t<\/div>\n\t\t\t\t\t<\/div>\n\t\t\t\t<\/div>\n\t\t<div class=\"elementor-element elementor-element-iwgw-yhychkhan-s9 e-flex e-con-boxed e-con e-parent\" data-id=\"iwgw-yhychkhan-s9\" data-element_type=\"container\" data-e-type=\"container\">\n\t\t\t\t\t<div class=\"e-con-inner\">\n\t\t\t\t<div class=\"elementor-element elementor-element-iwgw-yhychkhan-s9h elementor-widget elementor-widget-heading\" data-id=\"iwgw-yhychkhan-s9h\" data-element_type=\"widget\" data-e-type=\"widget\" data-widget_type=\"heading.default\">\n\t\t\t\t\t<h2 class=\"elementor-heading-title elementor-size-default\">Yhych-Khan \u00ed samhengi efnahags Sakha<\/h2>\t\t\t\t<\/div>\n\t\t<div class=\"elementor-element elementor-element-iwgw-yhychkhan-s9c e-con-full e-flex e-con e-child\" data-id=\"iwgw-yhychkhan-s9c\" data-element_type=\"container\" data-e-type=\"container\">\n\t\t\t\t<div class=\"elementor-element elementor-element-iwgw-yhychkhan-s9t elementor-widget elementor-widget-text-editor\" data-id=\"iwgw-yhychkhan-s9t\" data-element_type=\"widget\" data-e-type=\"widget\" data-widget_type=\"text-editor.default\">\n\t\t\t\t\t\t\t\t\t<p>Tr\u00faarleg mi\u00f0l\u00e6g sta\u00f0a Yhych-Khans fylgir efnahagslegri mi\u00f0l\u00e6gri st\u00f6\u00f0u hestsins \u00ed jak\u00fat\u00edskri hef\u00f0. Sakha-hestakyni\u00f0, sem \u00feolir kulda ni\u00f0ur undir 60 gr\u00e1\u00f0ur frost, ger\u00f0i bygg\u00f0 undirheimskautstundrunnar yfirleitt m\u00f6gulega. Fr\u00e1 tr\u00faarlegu-manneskjufr\u00e6\u00f0ilegu sj\u00f3narhorni er tr\u00faarleg tign hestsins \u00fev\u00ed engin tilviljun, heldur menningarleg endurspeglun efnahagslegrar nau\u00f0synjar.<\/p><p>\u00c1 20. \u00f6ld breytti sov\u00e9ska samyrkjuv\u00e6\u00f0ingin hef\u00f0bundinni hestar\u00e6kt verulega; margar fj\u00f6lskyldur misstu hryssuhjar\u00f0ir s\u00ednar, sem lama\u00f0i <span class=\"iwg-fachbegriff\" data-tooltip=\"Heild tr\u00faarlegra d\u00fdrkunarathafna fyrir gu\u00f0 e\u00f0a heilaga veru.\" tabindex=\"0\">d\u00fdrkun<\/span> Yhych-Khans \u00ed raun. Eftir 1991 f\u00f3r fram endur-einkav\u00e6\u00f0ing, og me\u00f0 henni endurvakning tr\u00faarlegra athafna. \u00deessi efnahagslega-tr\u00faarlega tenging hefur veri\u00f0 l\u00fdst \u00ed sm\u00e1atri\u00f0um af Marjorie Balzer.<\/p><p>N\u00faverandi \u00e1skorun er loftslagsbreytingar: s\u00edfrerinn \u00fei\u00f0nar, sem h\u00f3tar hestar\u00e6kt Sakha-f\u00f3lksins. Susan Crate hefur \u00ed \u00fej\u00f3\u00f0fr\u00e6\u00f0ilegu verki s\u00ednu <em>Cows, Kin, and Globalization<\/em> (2006) skjalfest tr\u00faarlegar vi\u00f0br\u00f6g\u00f0 vi\u00f0 \u00feessari vistfr\u00e6\u00f0ilegu kr\u00edsu; Yhych-Khan ver\u00f0ur h\u00e9r a\u00f0 vi\u00f0mi\u00f0unarpers\u00f3nu \u00ed frumbyggjaumr\u00e6\u00f0u um loftslagsm\u00e1l.<\/p>\t\t\t\t\t\t\t\t<\/div>\n\t\t\t\t<\/div>\n\t\t\t\t\t<\/div>\n\t\t\t\t<\/div>\n\t\t<div class=\"elementor-element elementor-element-iwgw-yhychkhan-s10 e-flex e-con-boxed e-con e-parent\" data-id=\"iwgw-yhychkhan-s10\" data-element_type=\"container\" data-e-type=\"container\">\n\t\t\t\t\t<div class=\"e-con-inner\">\n\t\t\t\t<div class=\"elementor-element elementor-element-iwgw-yhychkhan-s10h elementor-widget elementor-widget-heading\" data-id=\"iwgw-yhychkhan-s10h\" data-element_type=\"widget\" data-e-type=\"widget\" data-widget_type=\"heading.default\">\n\t\t\t\t\t<h2 class=\"elementor-heading-title elementor-size-default\">Heimildir og tengsl vi\u00f0 menningarmi\u00f0st\u00f6\u00f0ina<\/h2>\t\t\t\t<\/div>\n\t\t<div class=\"elementor-element elementor-element-iwgw-yhychkhan-s10c e-con-full e-flex e-con e-child\" data-id=\"iwgw-yhychkhan-s10c\" data-element_type=\"container\" data-e-type=\"container\">\n\t\t\t\t<div class=\"elementor-element elementor-element-iwgw-yhychkhan-s10t elementor-widget elementor-widget-text-editor\" data-id=\"iwgw-yhychkhan-s10t\" data-element_type=\"widget\" data-e-type=\"widget\" data-widget_type=\"text-editor.default\">\n\t\t\t\t\t\t\t\t\t<p>\u00deeir sem vilja rannsaka Yhych-Khan-fyrirb\u00e6ri\u00f0 \u00ed breidd sinni finna \u00e1 yfirlitss\u00ed\u00f0unni <a href=\"https:\/\/iwell-guard.com\/is\/siberiskur-sjamanismi-tengrismi\/\">S\u00edber\u00edsk-tengr\u00edsk hef\u00f0<\/a> mikilv\u00e6gustu krosstilv\u00edsanir til tengdra pers\u00f3na \u00e1 bor\u00f0 vi\u00f0 <a href=\"https:\/\/iwell-guard.com\/is\/?page_id=168986\">Ajisit<\/a> (m\u00f3\u00f0ur-gjafara) og <a href=\"https:\/\/iwell-guard.com\/is\/?page_id=168988\">Asbuiga<\/a> (b\u00farjat\u00edskan hesta-hj\u00e1lparanda).<\/p><p>Verk W. Sereshevskijs <em>Yakuty<\/em> (1896) er \u00e1fram mikilv\u00e6gasta \u00fej\u00f3\u00f0fr\u00e6\u00f0ilega frumheimildin. N. A. Alekseevs <em>Traditionnaja religia jakutov<\/em> (Novosibirsk 1980) og G. V. Ksenofontovs <em>Schamanizm. Izbrannye trudy<\/em> (endur\u00fatg\u00e1fa 1992) eru mikilv\u00e6gustu r\u00fassnesk-sov\u00e9sku heildaryfirlitin.<\/p><p>Verk Marjorie Balzer <em>The Tenacity of Ethnicity<\/em> (Princeton 1999) er mikilv\u00e6gasta samt\u00edmaverki\u00f0 og b\u00fd\u00f0ur upp \u00e1 r\u00edka \u00fej\u00f3\u00f0fr\u00e6\u00f0ilega skjalfestingu Ysyakh-h\u00e1t\u00ed\u00f0arins eftir 1991.<\/p>\t\t\t\t\t\t\t\t<\/div>\n\t\t\t\t<\/div>\n\t\t\t\t\t<\/div>\n\t\t\t\t<\/div>\n\t\t<div class=\"elementor-element elementor-element-iwgw-yhychkhan-s11 e-flex e-con-boxed e-con e-parent\" data-id=\"iwgw-yhychkhan-s11\" data-element_type=\"container\" data-e-type=\"container\">\n\t\t\t\t\t<div class=\"e-con-inner\">\n\t\t\t\t<div class=\"elementor-element elementor-element-iwgw-yhychkhan-s11h elementor-widget elementor-widget-heading\" data-id=\"iwgw-yhychkhan-s11h\" data-element_type=\"widget\" data-e-type=\"widget\" data-widget_type=\"heading.default\">\n\t\t\t\t\t<h2 class=\"elementor-heading-title elementor-size-default\">Yhych-Khan \u00ed heimi jak\u00fat\u00edskra aiyy<\/h2>\t\t\t\t<\/div>\n\t\t<div class=\"elementor-element elementor-element-iwgw-yhychkhan-s11c e-con-full e-flex e-con e-child\" data-id=\"iwgw-yhychkhan-s11c\" data-element_type=\"container\" data-e-type=\"container\">\n\t\t\t\t<div class=\"elementor-element elementor-element-iwgw-yhychkhan-s11t elementor-widget elementor-widget-text-editor\" data-id=\"iwgw-yhychkhan-s11t\" data-element_type=\"widget\" data-e-type=\"widget\" data-widget_type=\"text-editor.default\">\n\t\t\t\t\t\t\t\t\t<p>Yhych-Khan er hluti af jak\u00fatska <em>aiyy<\/em>-kerfinu, kerfisbundinni r\u00f6\u00f0un \u201eefri lj\u00f3svera\u201c sem er skipul\u00f6g\u00f0 stigveldislega. \u00dcr\u00fcn Aar Tojon er h\u00f6fu\u00f0gu\u00f0inn; undir honum eru <a href=\"https:\/\/iwell-guard.com\/is\/?page_id=168986\">Ajisit<\/a> (m\u00f3\u00f0irin), Yhych-Khan (hesturinn), Ynakhsyt (nautgripurinn), Bayanai (sk\u00f3gur og vei\u00f0ar) og fleiri s\u00e9rh\u00e6f\u00f0ar verur.<\/p><p>\u00deessi kerfisbundna r\u00f6\u00f0un er tr\u00faars\u00f6gulega uppl\u00fdsandi \u00fev\u00ed h\u00fan s\u00fdnir hvernig hlutverk h\u00f6fu\u00f0gu\u00f0s greinist \u00ed undirflokka \u00ed efnahagslega \u00fer\u00f3u\u00f0u samf\u00e9lagi: hver mi\u00f0l\u00e6g efnahagsleg l\u00edfsundirsta\u00f0a f\u00e6r sitt eigi\u00f0 himneska emb\u00e6tti.<\/p><p>N. A. Alekseev setti fram \u00ed <em>Traditionnaja religia jakutov<\/em> (1980) heildst\u00e6tt yfirlit yfir \u00feetta <em>aiyy<\/em>-kerfi, sem er enn \u00ed dag mikilv\u00e6gasta kerfisbundna samantektin. Yhych-Khan stendur \u00ed \u00feessu yfirliti \u00e1 \u00f6\u00f0ru stigveldis\u00ferepi, jafnsettur Ajisit og Bayanai.<\/p>\t\t\t\t\t\t\t\t<\/div>\n\t\t\t\t<\/div>\n\t\t\t\t\t<\/div>\n\t\t\t\t<\/div>\n\t\t<div class=\"elementor-element elementor-element-iwgw-yhychkhan-s12 e-flex e-con-boxed e-con e-parent\" data-id=\"iwgw-yhychkhan-s12\" data-element_type=\"container\" data-e-type=\"container\">\n\t\t\t\t\t<div class=\"e-con-inner\">\n\t\t\t\t<div class=\"elementor-element elementor-element-iwgw-yhychkhan-s12h elementor-widget elementor-widget-heading\" data-id=\"iwgw-yhychkhan-s12h\" data-element_type=\"widget\" data-e-type=\"widget\" data-widget_type=\"heading.default\">\n\t\t\t\t\t<h2 class=\"elementor-heading-title elementor-size-default\">A\u00f0fer\u00f0afr\u00e6\u00f0ileg \u00edgrundun<\/h2>\t\t\t\t<\/div>\n\t\t<div class=\"elementor-element elementor-element-iwgw-yhychkhan-s12c e-con-full e-flex e-con e-child\" data-id=\"iwgw-yhychkhan-s12c\" data-element_type=\"container\" data-e-type=\"container\">\n\t\t\t\t<div class=\"elementor-element elementor-element-iwgw-yhychkhan-s12t elementor-widget elementor-widget-text-editor\" data-id=\"iwgw-yhychkhan-s12t\" data-element_type=\"widget\" data-e-type=\"widget\" data-widget_type=\"text-editor.default\">\n\t\t\t\t\t\t\t\t\t<p>\u00cd ranns\u00f3knum \u00e1 Yhych-Khan koma upp nokkur a\u00f0fer\u00f0afr\u00e6\u00f0ileg vandam\u00e1l. \u00cd fyrsta lagi: elstu heimildirnar (Sereshevskij 1896) eru fr\u00e1 t\u00edmabili p\u00f3lit\u00edskrar \u00fatleg\u00f0ar; \u00fej\u00f3\u00f0fr\u00e6\u00f0ilegt d\u00fdpi \u00feeirra er miki\u00f0 en einnig litu\u00f0 af a\u00f0st\u00e6\u00f0um \u00fatleg\u00f0arins.<\/p><p>\u00cd \u00f6\u00f0ru lagi: sov\u00e9ska \u00fej\u00f3\u00f0sagnav\u00e6\u00f0ing Ysyakh-h\u00e1t\u00ed\u00f0arins hefur a\u00f0 hluta huli\u00f0 tr\u00faarlega v\u00eddd Yhych-Khans; endurreisn hennar eftir Sov\u00e9tt\u00edmann er endurhelgun me\u00f0 eigin \u00e1t\u00f6kum.<\/p><p>\u00cd \u00feri\u00f0ja lagi: n\u00faverandi kl\u00edmakreppa setur Yhych-Khan-fl\u00f3kann \u00ed tilvistarlega erfi\u00f0a st\u00f6\u00f0u: Hva\u00f0 \u00fe\u00fd\u00f0ir \u00fea\u00f0 fyrir tr\u00faarbr\u00f6g\u00f0in \u00feegar hestar\u00e6kt Sakha ver\u00f0ur umhverfislega \u00f3m\u00f6guleg? Susan Crate hefur m\u00f3ta\u00f0 \u00feessa spurningu sem \u201ekl\u00edmamannfr\u00e6\u00f0i\u201c.<\/p>\t\t\t\t\t\t\t\t<\/div>\n\t\t\t\t<\/div>\n\t\t\t\t\t<\/div>\n\t\t\t\t<\/div>\n\t\t<div class=\"elementor-element elementor-element-iwgw-yhychkhan-s13 e-flex e-con-boxed e-con e-parent\" data-id=\"iwgw-yhychkhan-s13\" data-element_type=\"container\" data-e-type=\"container\">\n\t\t\t\t\t<div class=\"e-con-inner\">\n\t\t\t\t<div class=\"elementor-element elementor-element-iwgw-yhychkhan-s13h elementor-widget elementor-widget-heading\" data-id=\"iwgw-yhychkhan-s13h\" data-element_type=\"widget\" data-e-type=\"widget\" data-widget_type=\"heading.default\">\n\t\t\t\t\t<h2 class=\"elementor-heading-title elementor-size-default\">Yhych-Khan og Olonkho-arfleif\u00f0 UNESCO<\/h2>\t\t\t\t<\/div>\n\t\t<div class=\"elementor-element elementor-element-iwgw-yhychkhan-s13c e-con-full e-flex e-con e-child\" data-id=\"iwgw-yhychkhan-s13c\" data-element_type=\"container\" data-e-type=\"container\">\n\t\t\t\t<div class=\"elementor-element elementor-element-iwgw-yhychkhan-s13t elementor-widget elementor-widget-text-editor\" data-id=\"iwgw-yhychkhan-s13t\" data-element_type=\"widget\" data-e-type=\"widget\" data-widget_type=\"text-editor.default\">\n\t\t\t\t\t\t\t\t\t<p>Jak\u00fatska Olonkho-kv\u00e6\u00f0ab\u00e1lkurinn var \u00e1ri\u00f0 2005 vi\u00f0urkenndur af UNESCO sem \u201emeistaraverk munnlegrar og \u00f3\u00e1\u00fereifanlegrar arfleif\u00f0ar mannkyns\u201c. Yhych-Khan kemur fram \u00ed n\u00e1nast \u00f6llum Olonkho-kv\u00e6\u00f0um, sem skapari hestahjar\u00f0a, verndarv\u00e6ttur hetjanna og himneskur r\u00e1\u00f0gjafi \u00ed \u00f6rl\u00f6gum \u00e6ttb\u00e1lkanna.<\/p><p>\u00deessi vi\u00f0urkenning UNESCO hefur styrkt Olonkho stofnanalega; nokkur Olonkho-leikh\u00fas, r\u00edkisrekin Olonkho-stofnun \u00ed Jak\u00fatsk og menningarh\u00e1t\u00ed\u00f0ir halda hef\u00f0inni lifandi. Yhych-Khan er h\u00e9r lykilpers\u00f3na, b\u00e6\u00f0i tr\u00faarlega og b\u00f3kmenntalega.<\/p><p>V\u00edsindalega er \u00feessi stofnanav\u00e6\u00f0ing krefjandi: h\u00fan breytir eitt sinn lifandi tr\u00faarlegri hef\u00f0 \u00ed menningararfsandlag, sem breytir framkv\u00e6mdinni sj\u00e1lfri. \u00cdhugandi tr\u00faar\u00fej\u00f3\u00f0fr\u00e6\u00f0i tekur \u00feessa breytingu alvarlega.<\/p>\t\t\t\t\t\t\t\t<\/div>\n\t\t\t\t<\/div>\n\t\t\t\t\t<\/div>\n\t\t\t\t<\/div>\n\t\t<div class=\"elementor-element elementor-element-iwgw-yhychkhan-s14 e-flex e-con-boxed e-con e-parent\" data-id=\"iwgw-yhychkhan-s14\" data-element_type=\"container\" data-e-type=\"container\">\n\t\t\t\t\t<div class=\"e-con-inner\">\n\t\t\t\t<div class=\"elementor-element elementor-element-iwgw-yhychkhan-s14h elementor-widget elementor-widget-heading\" data-id=\"iwgw-yhychkhan-s14h\" data-element_type=\"widget\" data-e-type=\"widget\" data-widget_type=\"heading.default\">\n\t\t\t\t\t<h2 class=\"elementor-heading-title elementor-size-default\">Yhych-Khan og kl\u00edmakreppan<\/h2>\t\t\t\t<\/div>\n\t\t<div class=\"elementor-element elementor-element-iwgw-yhychkhan-s14c e-con-full e-flex e-con e-child\" data-id=\"iwgw-yhychkhan-s14c\" data-element_type=\"container\" data-e-type=\"container\">\n\t\t\t\t<div class=\"elementor-element elementor-element-iwgw-yhychkhan-s14t elementor-widget elementor-widget-text-editor\" data-id=\"iwgw-yhychkhan-s14t\" data-element_type=\"widget\" data-e-type=\"widget\" data-widget_type=\"text-editor.default\">\n\t\t\t\t\t\t\t\t\t<p>S\u00e9rstaklega \u00e1hugavert ranns\u00f3knarsj\u00f3narhorn tengir Yhych-Khan vi\u00f0 kl\u00edmakreppuna \u00e1 undirheimskautssv\u00e6\u00f0inu. S\u00edfrerinn \u00fei\u00f0nar, hryssuhagar \u00feornast upp og m\u00f6rg hef\u00f0bundin hestar\u00e6ktarsv\u00e6\u00f0i ver\u00f0a \u00f3byggileg. Susan Crate s\u00fdndi \u00ed <em>Cows, Kin, and Globalization<\/em> (2006) hvernig Sakha-f\u00f3lki\u00f0 br\u00e1st tr\u00faarlega vi\u00f0 \u00feessari kreppu.<\/p><p>Yhych-Khan-<span class=\"iwg-fachbegriff\" data-tooltip=\"Heild tr\u00faarlegra d\u00fdrkunarathafna fyrir gu\u00f0 e\u00f0a heilaga veru.\" tabindex=\"0\">d\u00fdrkunin<\/span> ver\u00f0ur h\u00e9r vi\u00f0mi\u00f0unarpers\u00f3na frumbyggja-kl\u00edmagagnr\u00fdni: \u00deegar hesturinn hverfur, hverfur tr\u00fain. \u00deessi tilvistarlega tenging gerir Yhych-Khan a\u00f0 lykilpers\u00f3nu \u00ed v\u00edsindalega mikilv\u00e6gri kl\u00edmaumr\u00e6\u00f0u.<\/p><p>\u00c1 \u00e1rlegum Ysyakh-h\u00e1t\u00ed\u00f0um fr\u00e1 2010 eru umhverfisbo\u00f0skapir oft hluti af \u00e1kallunum; Yhych-Khan er \u00e1varpa\u00f0ur sem \u201evar\u00f0veitandi\u201c sem falin er umsj\u00e1 kl\u00edmaframt\u00ed\u00f0arins. Tr\u00faf\u00e9lagsfr\u00e6\u00f0ilega er \u00feessi endur\u00e1v\u00f6rpun athyglisver\u00f0 \u00fer\u00f3un.<\/p>\t\t\t\t\t\t\t\t<\/div>\n\t\t\t\t<\/div>\n\t\t\t\t\t<\/div>\n\t\t\t\t<\/div>\n\t\t<div class=\"elementor-element elementor-element-iwgw-yhychkhan-s15 e-flex e-con-boxed e-con e-parent\" data-id=\"iwgw-yhychkhan-s15\" data-element_type=\"container\" data-e-type=\"container\">\n\t\t\t\t\t<div class=\"e-con-inner\">\n\t\t\t\t<div class=\"elementor-element elementor-element-iwgw-yhychkhan-s15h elementor-widget elementor-widget-heading\" data-id=\"iwgw-yhychkhan-s15h\" data-element_type=\"widget\" data-e-type=\"widget\" data-widget_type=\"heading.default\">\n\t\t\t\t\t<h2 class=\"elementor-heading-title elementor-size-default\">Yhych-Khan og Ysyakh-h\u00e1t\u00ed\u00f0in \u00ed samhengi UNESCO<\/h2>\t\t\t\t<\/div>\n\t\t<div class=\"elementor-element elementor-element-iwgw-yhychkhan-s15c e-con-full e-flex e-con e-child\" data-id=\"iwgw-yhychkhan-s15c\" data-element_type=\"container\" data-e-type=\"container\">\n\t\t\t\t<div class=\"elementor-element elementor-element-iwgw-yhychkhan-s15t elementor-widget elementor-widget-text-editor\" data-id=\"iwgw-yhychkhan-s15t\" data-element_type=\"widget\" data-e-type=\"widget\" data-widget_type=\"text-editor.default\">\n\t\t\t\t\t\t\t\t\t<p>Ysyakh-h\u00e1t\u00ed\u00f0in, sem Yhych-Khan er mi\u00f0l\u00e6g pers\u00f3na \u00ed, hefur veri\u00f0 \u00e1 till\u00f6gulista UNESCO um \u00f3\u00e1\u00fereifanlega heimsmenningararfleif\u00f0 fr\u00e1 2018. \u00deessi till\u00f6gug\u00f6gn innihalda n\u00e1kv\u00e6ma l\u00fdsingu \u00e1 \u00e1kallunum til Yhych-Khans, hestaath\u00f6fnum og heimsmyndarlegum tengingum.<\/p><p>UNESCO-g\u00f6gnin eru mikilv\u00e6gt n\u00fdtt heimildalag fyrir v\u00edsindalegar Yhych-Khan-ranns\u00f3knir. \u00deau innihalda vi\u00f0t\u00f6l vi\u00f0 samt\u00edmalega Algyschyt-flytjendur, uppt\u00f6kur af h\u00e1t\u00ed\u00f0aratri\u00f0um og myndr\u00e6nt efni.<\/p><p>Tr\u00faf\u00e9lagsfr\u00e6\u00f0ilega er \u00feessi upptaka UNESCO tv\u00edbent: h\u00fan tryggir h\u00e1t\u00ed\u00f0inni stofnanalega vernd en breytir henni einnig \u00ed \u201eheimsmenningararfsandlag\u201c, sem breytir tr\u00faarframkv\u00e6mdinni sj\u00e1lfri.<\/p>\t\t\t\t\t\t\t\t<\/div>\n\t\t\t\t<\/div>\n\t\t\t\t\t<\/div>\n\t\t\t\t<\/div>\n\t\t<div class=\"elementor-element elementor-element-iwgw-yhychkhan-s16 e-flex e-con-boxed e-con e-parent\" data-id=\"iwgw-yhychkhan-s16\" data-element_type=\"container\" data-e-type=\"container\">\n\t\t\t\t\t<div class=\"e-con-inner\">\n\t\t\t\t<div class=\"elementor-element elementor-element-iwgw-yhychkhan-s16h elementor-widget elementor-widget-heading\" data-id=\"iwgw-yhychkhan-s16h\" data-element_type=\"widget\" data-e-type=\"widget\" data-widget_type=\"heading.default\">\n\t\t\t\t\t<h2 class=\"elementor-heading-title elementor-size-default\">Yhych-Khan og endurtengrun \u00ed Sakha-l\u00fd\u00f0veldinu<\/h2>\t\t\t\t<\/div>\n\t\t<div class=\"elementor-element elementor-element-iwgw-yhychkhan-s16c e-con-full e-flex e-con e-child\" data-id=\"iwgw-yhychkhan-s16c\" data-element_type=\"container\" data-e-type=\"container\">\n\t\t\t\t<div class=\"elementor-element elementor-element-iwgw-yhychkhan-s16t elementor-widget elementor-widget-text-editor\" data-id=\"iwgw-yhychkhan-s16t\" data-element_type=\"widget\" data-e-type=\"widget\" data-widget_type=\"text-editor.default\">\n\t\t\t\t\t\t\t\t\t<p>Endurtengrun \u00ed Sakha-l\u00fd\u00f0veldinu fr\u00e1 1991 hefur endurvaki\u00f0 Yhych-Khan sem mi\u00f0l\u00e6ga sams\u00f6munarpers\u00f3nu. \u00c1 st\u00f3rum Ysyakh-h\u00e1t\u00ed\u00f0um koma fram samt\u00edmalegir Algyschyt-flytjendur me\u00f0 \u00e1kallanir sem s\u00e6kja beint \u00ed Olonkho-kv\u00e6\u00f0in og \u00ed skr\u00e1ningar Sereshevskijs. \u00deessi endurreisn er tr\u00faf\u00e9lagsfr\u00e6\u00f0ilega \u00e1hugavert d\u00e6mi um hef\u00f0 sem er mi\u00f0la\u00f0 og fest \u00ed sessi me\u00f0 v\u00edsindalegum textum.<\/p><p>Marjorie Mandelstam Balzer s\u00fdndi \u00ed <em>The Tenacity of Ethnicity<\/em> (1999) a\u00f0 \u00e1kallanir til Yhych-Khans gegna \u00ed dag tv\u00f6faldu hlutverki: tr\u00faarlegri i\u00f0kun og \u00fej\u00f3\u00f0ernislegri sj\u00e1lfssta\u00f0festingu. \u00deetta tv\u00f6falda hlutverk er einkennandi fyrir margar frumbyggjatr\u00faarbr\u00f6g\u00f0 eftir Sov\u00e9tt\u00edmann.<\/p><p>V\u00edsindalega er \u00feessi endurreisn \u00feakkl\u00e1tt ranns\u00f3knarefni. H\u00fan s\u00fdnir hvernig tr\u00faarleg hef\u00f0 er endurskipul\u00f6g\u00f0 eftir langvarandi k\u00fagun, me\u00f0 hva\u00f0a a\u00f0fer\u00f0um samfella er komi\u00f0 \u00e1 og hva\u00f0a rof eru l\u00e1tin vi\u00f0gangast.<\/p>\t\t\t\t\t\t\t\t<\/div>\n\t\t\t\t<\/div>\n\t\t\t\t\t<\/div>\n\t\t\t\t<\/div>\n\t\t<div class=\"elementor-element elementor-element-cp226f4b85 e-flex e-con-boxed e-con e-parent\" data-id=\"cp226f4b85\" data-element_type=\"container\" data-e-type=\"container\">\n\t\t\t\t\t<div class=\"e-con-inner\">\n\t\t\t\t<div class=\"elementor-element elementor-element-cp2686cb0d elementor-widget elementor-widget-heading\" data-id=\"cp2686cb0d\" data-element_type=\"widget\" data-e-type=\"widget\" data-widget_type=\"heading.default\">\n\t\t\t\t\t<h2 class=\"elementor-heading-title elementor-size-default\">Naut og frost: myndin af hinum himneska kuldabera<\/h2>\t\t\t\t<\/div>\n\t\t<div class=\"elementor-element elementor-element-cp2cb64fe5 e-flex e-con-boxed e-con e-child\" data-id=\"cp2cb64fe5\" data-element_type=\"container\" data-e-type=\"container\">\n\t\t\t\t\t<div class=\"e-con-inner\">\n\t\t\t\t<div class=\"elementor-element elementor-element-cp2c79de06 elementor-widget elementor-widget-text-editor\" data-id=\"cp2c79de06\" data-element_type=\"widget\" data-e-type=\"widget\" data-widget_type=\"text-editor.default\">\n\t\t\t\t\t\t\t\t\t<p>Me\u00f0al anda \u00ed jak\u00fat\u00edsk-s\u00edber\u00edskri <span class=\"iwg-fachbegriff\" data-tooltip=\"Mi\u00f0lun \u00feekkingar og sagna milli kynsl\u00f3\u00f0a.\" tabindex=\"0\">munnm\u00e6lahef\u00f0<\/span> gegnir frostherranum, sem \u00ed vestr\u00e6num framsetningum birtist undir n\u00f6fnum eins og <em>Yhych-Khan<\/em> e\u00f0a n\u00e1skyldum myndum, s\u00e9rst\u00e6\u00f0um sess. Hann heyrir ekki til hinna \u00e6\u00f0ri skapargo\u00f0a efri heimsins, heldur er hann \u00edmynd n\u00e1tt\u00faruafls sem er l\u00edfsh\u00f3tun \u00ed nor\u00f0rinu.<\/p><p>Vetrarkuldinn \u00ed Jak\u00fat\u00edu, \u00e1 sv\u00e6\u00f0inu um Verkhojansk og Oimjakon, n\u00e6r gildum sem eru me\u00f0al \u00feeirra l\u00e6gstu sem m\u00e6lst hafa \u00e1 bygg\u00f0u b\u00f3li \u00e1 j\u00f6r\u00f0inni. Tr\u00faarleg vera sem pers\u00f3nugerir \u00feennan frost er \u00fev\u00ed engin sk\u00e1ldleg leikfimi, heldur birting st\u00f6\u00f0ugrar h\u00e6ttu.<\/p><p>Endurteki\u00f0 myndr\u00e6nt stef \u00ed fr\u00e1s\u00f6gnum um frostherrann er vetrartarfurinn. \u00deessi hugmynd, sem birtist \u00ed fj\u00f6lda s\u00edber\u00edskra heimilda, hugsar veturinn sem gr\u00ed\u00f0arst\u00f3rt tarfard\u00fdr sem st\u00edgur upp \u00far Nor\u00f0urh\u00f6fum s\u00ed\u00f0la hausts og st\u00e6kkar me\u00f0 hverjum li\u00f0num m\u00e1nu\u00f0i en missir s\u00ed\u00f0an lim eftir lim \u00e1 vorin.<\/p><p>Fyrst fellur eitt horni\u00f0, \u00fe\u00e1 hi\u00f0 anna\u00f0, s\u00ed\u00f0an h\u00f6fu\u00f0i\u00f0, \u00fear til d\u00fdri\u00f0 hverfur alveg me\u00f0 \u00edsbrotinu. Frosti\u00f0 er \u00ed \u00feessari mynd ekki \u00e1stand heldur vera me\u00f0 l\u00edfsferil, og h\u00f6rku kuldans er bundin l\u00edkamshlutum \u00feessa d\u00fdrs.<\/p><p>Hvort frostherrann og vetrartarfurinn voru samsvarandi \u00ed upprunalegri <span class=\"iwg-fachbegriff\" data-tooltip=\"Mi\u00f0lun \u00feekkingar og sagna milli kynsl\u00f3\u00f0a.\" tabindex=\"0\">munnm\u00e6lahef\u00f0<\/span> e\u00f0a tv\u00e6r a\u00f0skildar hugmyndir sem runnu saman seint, ver\u00f0ur ekki r\u00e1\u00f0i\u00f0 me\u00f0 vissu af heimildunum.<\/p><p>Skr\u00e1r fr\u00e1 19. og upphafi 20. aldar eru \u00f3samst\u00e6\u00f0ar \u00ed \u00feessum efnum, og hafa margir \u00fej\u00f3\u00f0fr\u00e6\u00f0ingar liti\u00f0 \u00e1 tarfinn frekar sem ve\u00f0urdagatal en sem <span class=\"iwg-fachbegriff\" data-tooltip=\"Vera sem er d\u00fdrku\u00f0 sem gu\u00f0leg innan tr\u00faarbrag\u00f0a.\" tabindex=\"0\">gu\u00f0lega veru<\/span>. \u00d6ruggt er a\u00f0 b\u00e1\u00f0ar hugmyndirnar \u00fej\u00f3na s\u00f6mu \u00fe\u00f6rf, a\u00f0 \u00fe\u00fd\u00f0a \u00f3\u00fatreiknanlegan og banv\u00e6nan kulda yfir \u00ed vi\u00f0r\u00e1\u00f0anlegt, s\u00fdnilegt form.<\/p><p>Athyglisvert er a\u00f0 frostherranum var, \u00f3l\u00edkt m\u00f6rgum sj\u00fakd\u00f3ms\u00f6ndum, ekki s\u00fdnd nein s\u00e9rst\u00f6k b\u00e6nad\u00fdrkun. Ekki var h\u00e6gt a\u00f0 semja vi\u00f0 veturinn, a\u00f0eins a\u00f0 lifa hann af.<\/p><p>Athygli helgisi\u00f0anna beindist \u00fev\u00ed s\u00ed\u00f0ur a\u00f0 \u00fev\u00ed a\u00f0 bl\u00ed\u00f0ka hann en a\u00f0 umskiptunum, \u00fe.e. vorh\u00e1t\u00ed\u00f0unum sem f\u00f6gnu\u00f0u endalokum valdat\u00edma tarfsins. \u00dear birtist grunneinkenni nor\u00f0uras\u00edskrar tr\u00faarhugsunar, sem me\u00f0h\u00f6ndlar n\u00e1tt\u00faru\u00f6fl ekki alltaf sem samningsf\u00e6ra a\u00f0ila, heldur a\u00f0 hluta sem sta\u00f0reyndir sem beri a\u00f0 s\u00e6tta sig vi\u00f0.<\/p>\t\t\t\t\t\t\t\t<\/div>\n\t\t\t\t\t<\/div>\n\t\t\t\t<\/div>\n\t\t\t\t\t<\/div>\n\t\t\t\t<\/div>\n\t\t<div class=\"elementor-element elementor-element-iwgw-yhychkhan-lit e-flex e-con-boxed e-con e-parent\" data-id=\"iwgw-yhychkhan-lit\" data-element_type=\"container\" data-e-type=\"container\">\n\t\t\t\t\t<div class=\"e-con-inner\">\n\t\t\t\t<div class=\"elementor-element elementor-element-iwgw-yhychkhan-lith elementor-widget elementor-widget-heading\" data-id=\"iwgw-yhychkhan-lith\" data-element_type=\"widget\" data-e-type=\"widget\" data-widget_type=\"heading.default\">\n\t\t\t\t\t<h2 class=\"elementor-heading-title elementor-size-default\">Heimildir (\u00farval)<\/h2>\t\t\t\t<\/div>\n\t\t<div class=\"elementor-element elementor-element-iwgw-yhychkhan-litc e-con-full e-flex e-con e-child\" data-id=\"iwgw-yhychkhan-litc\" data-element_type=\"container\" data-e-type=\"container\">\n\t\t\t\t<div class=\"elementor-element elementor-element-iwgw-yhychkhan-litt elementor-widget elementor-widget-text-editor\" data-id=\"iwgw-yhychkhan-litt\" data-element_type=\"widget\" data-e-type=\"widget\" data-widget_type=\"text-editor.default\">\n\t\t\t\t\t\t\t\t\t<ul><li>W. Sereshevskij: <em>Yakuty<\/em> (1896)<\/li><li>G. V. Ksenofontov: <em>Schamanizm. Izbrannye trudy<\/em> (1928 \/ 1992)<\/li><li>N. A. Alekseev: <em>Traditionnaja religia jakutov<\/em> (1980)<\/li><li>Roberte Hamayon: <em>La chasse \u00e0 l&#8217;\u00e2me<\/em> (1990)<\/li><li>Marjorie Balzer: <em>The Tenacity of Ethnicity<\/em> (1999)<\/li><li>Andrei Znamenski: <em>Shamanism and Western Imagination<\/em> (2007)<\/li><li>Vladimir Basilov: <em>Shamanism in Siberia<\/em> (1984)<\/li><\/ul>\t\t\t\t\t\t\t\t<\/div>\n\t\t\t\t<\/div>\n\t\t\t\t\t<\/div>\n\t\t\t\t<\/div>\n\t\t<div class=\"elementor-element elementor-element-iwgkw-add-yhychkhan e-flex e-con-boxed e-con e-parent\" data-id=\"iwgkw-add-yhychkhan\" data-element_type=\"container\" data-e-type=\"container\">\n\t\t\t\t\t<div class=\"e-con-inner\">\n\t\t\t\t<div class=\"elementor-element elementor-element-iwgkw-add-yhychkhan-t elementor-widget elementor-widget-text-editor\" data-id=\"iwgkw-add-yhychkhan-t\" data-element_type=\"widget\" data-e-type=\"widget\" data-widget_type=\"text-editor.default\">\n\t\t\t\t\t\t\t\t\t<p>Yhych-Khan er \u00ed jak\u00fat\u00edskri <span class=\"iwg-fachbegriff\" data-tooltip=\"Mi\u00f0lun \u00feekkingar og sagna milli kynsl\u00f3\u00f0a.\" tabindex=\"0\">munnm\u00e6lahef\u00f0<\/span> verndarherra hestanna og jafnframt <strong>v\u00f6r\u00f0ur<\/strong> Ysyakh, sumar-n\u00fd\u00e1rsins h\u00e1t\u00ed\u00f0ar Sakha-\u00fej\u00f3\u00f0arins.<\/p><p>\u00cd skr\u00e1m jak\u00fat\u00edskra \u00fej\u00f3\u00f0fr\u00e6\u00f0inga birtist hann sem millil\u00ednuma\u00f0ur milli hinna bj\u00f6rtu Aiyy-m\u00e1ttarvalda og hjar\u00f0areigenda: hann g\u00e6tir hryssna og folalda, tryggir frj\u00f3semi hjar\u00f0arins og tekur \u00e1 m\u00f3ti helgum k\u00famis-gj\u00f6fum me\u00f0an \u00e1 Ysyakh stendur. Sem v\u00f6r\u00f0ur \u00feessarar h\u00e1t\u00ed\u00f0ar tengir hann saman b\u00fafj\u00e1rr\u00e6kt, t\u00edmatalsskipan og gu\u00f0ad\u00fdrkun \u00ed s\u00e9rstakt hlutverkasvi\u00f0 innan jak\u00fat\u00edska go\u00f0aheimsins.<\/p>\t\t\t\t\t\t\t\t<\/div>\n\t\t\t\t\t<\/div>\n\t\t\t\t<\/div>\n\t\t<div class=\"elementor-element elementor-element-iwgkw2-add-yhychkhan e-flex e-con-boxed e-con e-parent\" data-id=\"iwgkw2-add-yhychkhan\" data-element_type=\"container\" data-e-type=\"container\">\n\t\t\t\t\t<div class=\"e-con-inner\">\n\t\t\t\t<div class=\"elementor-element elementor-element-iwgkw2-add-yhychkhan-t elementor-widget elementor-widget-text-editor\" data-id=\"iwgkw2-add-yhychkhan-t\" data-element_type=\"widget\" data-e-type=\"widget\" data-widget_type=\"text-editor.default\">\n\t\t\t\t\t\t\t\t\t<p>Me\u00f0al Jak\u00fata \u00ed S\u00edber\u00edu er Yhych-Khan talinn <em>hestaherra<\/em>, sem <span class=\"iwg-fachbegriff\" data-tooltip=\"\u00d3sk um heill og verndun, oft \u00ed fastri m\u00e1lformger\u00f0.\" tabindex=\"0\">blessunar<\/span> hans var leita\u00f0 \u00e1 sumarh\u00e1t\u00ed\u00f0inni Ysyakh me\u00f0 k\u00famis-gj\u00f6fum og b\u00e6num; \u00fej\u00f3\u00f0fr\u00e6\u00f0iskr\u00e1r Wassili Serosewski greina fr\u00e1 <span class=\"iwg-fachbegriff\" data-tooltip=\"Heild tr\u00faarlegra d\u00fdrkunarathafna helga\u00f0ra gu\u00f0i e\u00f0a heilagri veru.\" tabindex=\"0\">d\u00fdrkuninni<\/span> s\u00ed\u00f0la \u00e1 n\u00edtj\u00e1ndu \u00f6ld.<\/p>\t\t\t\t\t\t\t\t<\/div>\n\t\t\t\t\t<\/div>\n\t\t\t\t<\/div>\n\t\t<div class=\"elementor-element elementor-element-iwgw-yhychkhan-kwd e-flex e-con-boxed e-con e-parent\" data-id=\"iwgw-yhychkhan-kwd\" data-element_type=\"container\" data-e-type=\"container\">\n\t\t\t\t\t<div class=\"e-con-inner\">\n\t\t<div class=\"elementor-element elementor-element-iwgw-yhychkhan-kwdc e-con-full e-flex e-con e-child\" data-id=\"iwgw-yhychkhan-kwdc\" data-element_type=\"container\" data-e-type=\"container\">\n\t\t\t\t<div class=\"elementor-element elementor-element-iwgw-yhychkhan-kwdt elementor-widget elementor-widget-text-editor\" data-id=\"iwgw-yhychkhan-kwdt\" data-element_type=\"widget\" data-e-type=\"widget\" data-widget_type=\"text-editor.default\">\n\t\t\t\t\t\t\t\t\t<p><em>Tengd leitaror\u00f0: Yhych-Khan Ysyakh K\u00famis Sakha Olonkho hestagjafi serge.<\/em><\/p>\t\t\t\t\t\t\t\t<\/div>\n\t\t\t\t<\/div>\n\t\t\t\t\t<\/div>\n\t\t\t\t<\/div>\n\t\t<div class=\"elementor-element elementor-element-iwgw-yhychkhan-cc e-flex e-con-boxed e-con e-parent\" data-id=\"iwgw-yhychkhan-cc\" data-element_type=\"container\" data-e-type=\"container\" id=\"iwg-cc-yhych-khan\">\n\t\t\t\t\t<div class=\"e-con-inner\">\n\t\t<div class=\"elementor-element elementor-element-iwgw-yhychkhan-ccinner e-flex e-con-boxed e-con e-parent\" data-id=\"iwgw-yhychkhan-ccinner\" data-element_type=\"container\" data-e-type=\"container\" data-settings=\"{&quot;background_background&quot;:&quot;classic&quot;}\">\n\t\t\t\t\t<div class=\"e-con-inner\">\n\t\t\t\t<div class=\"elementor-element elementor-element-iwgw-yhychkhan-cch elementor-widget elementor-widget-heading\" data-id=\"iwgw-yhychkhan-cch\" data-element_type=\"widget\" data-e-type=\"widget\" data-widget_type=\"heading.default\">\n\t\t\t\t\t<h2 class=\"elementor-heading-title elementor-size-default\">iWell Guard og verndarhef\u00f0ir<\/h2>\t\t\t\t<\/div>\n\t\t\t\t<div class=\"elementor-element elementor-element-iwgw-yhychkhan-cct elementor-widget elementor-widget-text-editor\" data-id=\"iwgw-yhychkhan-cct\" data-element_type=\"widget\" data-e-type=\"widget\" data-widget_type=\"text-editor.default\">\n\t\t\t\t\t\t\t\t\t<div data-nosnippet=\"true\"><p>iWell Guard tengist menningars\u00f6gulegri hef\u00f0 farandlegra verndargripa, \u00ed hef\u00f0 <a href=\"https:\/\/iwell-guard.com\/is\/siberiskur-sjamanismi-tengrismi\/\">S\u00edber\u00edu \/ tengrisma<\/a> og margra annarra menningarheima um allan heim. 41 l\u00f6g, alv\u00f6ru gull, plat\u00edna, silfur, framleitt \u00ed \u00de\u00fdskalandi. 30 daga skilar\u00e9ttur.<\/p><\/div>\t\t\t\t\t\t\t\t<\/div>\n\t\t\t\t<div class=\"elementor-element elementor-element-iwgw-yhychkhan-ccb iwg-cc-button iwg-cc-cta-2026-05-13 elementor-widget elementor-widget-jet-button\" data-id=\"iwgw-yhychkhan-ccb\" data-element_type=\"widget\" data-e-type=\"widget\" data-widget_type=\"jet-button.default\">\n\t\t\t\t<div class=\"elementor-widget-container\">\n\t\t\t\t\t<div class=\"elementor-jet-button jet-elements\"><div class=\"jet-button__container\"><a class=\"jet-button__instance jet-button__instance--icon-left hover-effect-1\" href=\"\/ueber-iwell-guard\/?utm_source=iwell-guard.com&amp;utm_medium=info-box&amp;utm_campaign=wesen-tradition\"><div class=\"jet-button__plane jet-button__plane-normal\"><\/div><div class=\"jet-button__plane jet-button__plane-hover\"><\/div><div class=\"jet-button__state jet-button__state-normal\"><span class=\"jet-button__label\">Meira um iWell Guard<\/span><\/div><div class=\"jet-button__state jet-button__state-hover\"><span class=\"jet-button__label\">Meira um iWell Guard<\/span><\/div><\/a><\/div><\/div><style>.elementor-element.elementor-element-iwgw-yhychkhan-ccb .jet-button__instance{width:320px;height:56px;}.elementor-element.elementor-element-iwgw-yhychkhan-ccb .jet-button__state-normal .jet-button__label{text-align:center;margin:0px 0px 0px 0px;color:#1a1b20;font-family:Montserrat,sans-serif;font-size:13px;font-weight:400;letter-spacing:4px;line-height:1.714em;text-transform:uppercase;}.elementor-element.elementor-element-iwgw-yhychkhan-ccb .jet-button__state-hover .jet-button__label{text-align:center;margin:0px 0px 0px 0px;color:#FECC76;font-family:Montserrat,sans-serif;font-size:13px;font-weight:400;letter-spacing:4px;line-height:1.714em;text-transform:uppercase;}.elementor-element.elementor-element-iwgw-yhychkhan-ccb .jet-button__plane-normal{background-color:#FECC76;border-style:solid;border-color:#C99540;border-width:2px 2px 2px 2px;}.elementor-element.elementor-element-iwgw-yhychkhan-ccb .jet-button__plane-hover{background-color:rgba(0,0,0,0.55);border-style:solid;border-color:#FECC76;border-width:2px 2px 2px 2px;}<\/style>\t\t\t\t<\/div>\n\t\t\t\t<\/div>\n\t\t\t\t<div class=\"elementor-element elementor-element-iwgw-yhychkhan-ccd elementor-widget elementor-widget-text-editor\" data-id=\"iwgw-yhychkhan-ccd\" data-element_type=\"widget\" data-e-type=\"widget\" data-widget_type=\"text-editor.default\">\n\t\t\t\t\t\t\t\t\t<div data-nosnippet=\"true\"><p style=\"text-align:center;font-size:13px;opacity:0.7;margin-top:14px\" data-nosnippet=\"true\">Pers\u00f3nuleg reynsla getur veri\u00f0 mismunandi. Ekki l\u00e6kningat\u00e6ki. Engin lofor\u00f0 um l\u00e6kningu.<\/p><\/div>\t\t\t\t\t\t\t\t<\/div>\n\t\t\t\t\t<\/div>\n\t\t\t\t<\/div>\n\t\t\t\t\t<\/div>\n\t\t\t\t<\/div>\n\t\t<div class=\"elementor-element elementor-element-iwgw-yhychkhan-disc e-flex e-con-boxed e-con e-parent\" data-id=\"iwgw-yhychkhan-disc\" data-element_type=\"container\" data-e-type=\"container\">\n\t\t\t\t\t<div class=\"e-con-inner\">\n\t\t\t\t<div class=\"elementor-element elementor-element-iwgw-yhychkhan-discw elementor-widget elementor-widget-html\" data-id=\"iwgw-yhychkhan-discw\" data-element_type=\"widget\" data-e-type=\"widget\" data-widget_type=\"html.default\">\n\t\t\t\t\t<footer data-nosnippet=\"true\" class=\"iwg-disclaimer-block\"><p data-nosnippet=\"true\">iWell Guard er <strong>ekki l\u00e6kningat\u00e6ki<\/strong> og kemur ekki \u00ed sta\u00f0inn fyrir l\u00e6knis- e\u00f0a s\u00e1lfr\u00e6\u00f0ime\u00f0fer\u00f0. Tr\u00faarfr\u00e6\u00f0ilegt efni er menningars\u00f6gulegt samhengi, ekki r\u00e1\u00f0legging um andlega i\u00f0kun.<\/p><\/footer>\t\t\t\t<\/div>\n\t\t\t\t\t<\/div>\n\t\t\t\t<\/div>\n\t\t\t\t<\/div>\n\t\t","protected":false},"excerpt":{"rendered":"","protected":false},"author":3,"featured_media":2864,"parent":0,"menu_order":0,"comment_status":"closed","ping_status":"closed","template":"elementor_header_footer","meta":{"_yoast_wpseo_focuskw":"Yhych Khan jak\u00fatnesk tr\u00faarbr\u00f6g\u00f0","_yoast_wpseo_title":"Yhych-Khan \u2013 Jak\u00fatneskur hestaherra, d\u00fdrkun og heimildir","_yoast_wpseo_metadesc":"Yhych-Khan er jak\u00fatneskur verndargu\u00f0 hesta og er \u00ed brennidepli Ysyakh-h\u00e1t\u00ed\u00f0arins. Umfj\u00f6llun um go\u00f0s\u00f6gn og d\u00fdrkun.","_yoast_wpseo_meta-robots-noindex":"","_yoast_wpseo_canonical":"","_angie_page":false,"gefaehrdungsstufe":"1","wesen_kultur":"sibirisch-tengrismus","wesen_klasse":"goetter","footnotes":""},"categories":[],"class_list":["post-168985","page","type-page","status-publish","has-post-thumbnail","hentry"],"yoast_head":"<!-- This site is optimized with the Yoast SEO Premium plugin v27.7 (Yoast SEO v28.3) - https:\/\/yoast.com\/product\/yoast-seo-premium-wordpress\/ -->\n<title>Yhych-Khan \u2013 Jak\u00fatneskur hestaherra, d\u00fdrkun og heimildir<\/title>\n<meta name=\"description\" content=\"Yhych-Khan er jak\u00fatneskur verndargu\u00f0 hesta og er \u00ed brennidepli Ysyakh-h\u00e1t\u00ed\u00f0arins. Umfj\u00f6llun um go\u00f0s\u00f6gn og d\u00fdrkun.\" \/>\n<meta name=\"robots\" content=\"index, follow, max-snippet:-1, max-image-preview:large, max-video-preview:-1\" \/>\n<link rel=\"canonical\" href=\"https:\/\/iwell-guard.com\/is\/yhych-khan-jakutneskur-hestaherra\/\" \/>\n<meta property=\"og:locale\" content=\"is_IS\" \/>\n<meta property=\"og:type\" content=\"article\" \/>\n<meta property=\"og:title\" content=\"Yhych-Khan \u2013 Jak\u00fatneskur hestaverndargu\u00f0\" \/>\n<meta property=\"og:description\" content=\"Yhych-Khan er jak\u00fatneskur verndargu\u00f0 hesta og er \u00ed brennidepli Ysyakh-h\u00e1t\u00ed\u00f0arins. Umfj\u00f6llun um go\u00f0s\u00f6gn og d\u00fdrkun.\" \/>\n<meta property=\"og:url\" content=\"https:\/\/iwell-guard.com\/is\/yhych-khan-jakutneskur-hestaherra\/\" \/>\n<meta property=\"og:site_name\" content=\"iWell Guard\" \/>\n<meta property=\"article:modified_time\" content=\"2026-09-05T14:29:00+00:00\" \/>\n<meta property=\"og:image\" content=\"https:\/\/iwell-guard.com\/wp-content\/uploads\/2026\/05\/goetter_sibirisch-tengrismus_yhych-khan.webp\" \/>\n\t<meta property=\"og:image:width\" content=\"1024\" \/>\n\t<meta property=\"og:image:height\" content=\"1536\" \/>\n\t<meta property=\"og:image:type\" content=\"image\/webp\" \/>\n<meta name=\"twitter:card\" content=\"summary_large_image\" \/>\n<script type=\"application\/ld+json\" class=\"yoast-schema-graph\">{\"@context\":\"https:\\\/\\\/schema.org\",\"@graph\":[{\"@type\":\"WebPage\",\"@id\":\"https:\\\/\\\/iwell-guard.com\\\/is\\\/yhych-khan-jakutneskur-hestaherra\\\/\",\"url\":\"https:\\\/\\\/iwell-guard.com\\\/is\\\/yhych-khan-jakutneskur-hestaherra\\\/\",\"name\":\"Yhych-Khan \u2013 Jak\u00fatneskur hestaherra, d\u00fdrkun og heimildir\",\"isPartOf\":{\"@id\":\"https:\\\/\\\/iwell-guard.com\\\/is\\\/#website\"},\"primaryImageOfPage\":{\"@id\":\"https:\\\/\\\/iwell-guard.com\\\/is\\\/yhych-khan-jakutneskur-hestaherra\\\/#primaryimage\"},\"image\":{\"@id\":\"https:\\\/\\\/iwell-guard.com\\\/is\\\/yhych-khan-jakutneskur-hestaherra\\\/#primaryimage\"},\"thumbnailUrl\":\"https:\\\/\\\/iwell-guard.com\\\/wp-content\\\/uploads\\\/2026\\\/05\\\/goetter_sibirisch-tengrismus_yhych-khan.webp\",\"datePublished\":\"2026-09-05T14:04:36+00:00\",\"dateModified\":\"2026-09-05T14:29:00+00:00\",\"description\":\"Yhych-Khan er jak\u00fatneskur verndargu\u00f0 hesta og er \u00ed brennidepli Ysyakh-h\u00e1t\u00ed\u00f0arins. Umfj\u00f6llun um go\u00f0s\u00f6gn og d\u00fdrkun.\",\"breadcrumb\":{\"@id\":\"https:\\\/\\\/iwell-guard.com\\\/is\\\/yhych-khan-jakutneskur-hestaherra\\\/#breadcrumb\"},\"inLanguage\":\"is\",\"potentialAction\":[{\"@type\":\"ReadAction\",\"target\":[\"https:\\\/\\\/iwell-guard.com\\\/is\\\/yhych-khan-jakutneskur-hestaherra\\\/\"]}]},{\"@type\":\"ImageObject\",\"inLanguage\":\"is\",\"@id\":\"https:\\\/\\\/iwell-guard.com\\\/is\\\/yhych-khan-jakutneskur-hestaherra\\\/#primaryimage\",\"url\":\"https:\\\/\\\/iwell-guard.com\\\/wp-content\\\/uploads\\\/2026\\\/05\\\/goetter_sibirisch-tengrismus_yhych-khan.webp\",\"contentUrl\":\"https:\\\/\\\/iwell-guard.com\\\/wp-content\\\/uploads\\\/2026\\\/05\\\/goetter_sibirisch-tengrismus_yhych-khan.webp\",\"width\":1024,\"height\":1536,\"caption\":\"Gu\u00f0 \u00far hef\u00f0 s\u00edber\u00edsks tengrisma.\"},{\"@type\":\"BreadcrumbList\",\"@id\":\"https:\\\/\\\/iwell-guard.com\\\/is\\\/yhych-khan-jakutneskur-hestaherra\\\/#breadcrumb\",\"itemListElement\":[{\"@type\":\"ListItem\",\"position\":1,\"name\":\"Start\",\"item\":\"https:\\\/\\\/iwell-guard.com\\\/is\\\/?page_id=168580\"},{\"@type\":\"ListItem\",\"position\":2,\"name\":\"Yhych-Khan \u2013 Jak\u00fatneskur hestaverndargu\u00f0\"}]},{\"@type\":\"WebSite\",\"@id\":\"https:\\\/\\\/iwell-guard.com\\\/is\\\/#website\",\"url\":\"https:\\\/\\\/iwell-guard.com\\\/is\\\/\",\"name\":\"iWell Guard\",\"description\":\"Schutz vor dunklen Einfl\u00fcssen\",\"publisher\":{\"@id\":\"https:\\\/\\\/iwell-guard.com\\\/is\\\/#organization\"},\"potentialAction\":[{\"@type\":\"SearchAction\",\"target\":{\"@type\":\"EntryPoint\",\"urlTemplate\":\"https:\\\/\\\/iwell-guard.com\\\/is\\\/?s={search_term_string}\"},\"query-input\":{\"@type\":\"PropertyValueSpecification\",\"valueRequired\":true,\"valueName\":\"search_term_string\"}}],\"inLanguage\":\"is\"},{\"@type\":\"Organization\",\"@id\":\"https:\\\/\\\/iwell-guard.com\\\/is\\\/#organization\",\"name\":\"Ittermann electronic GmbH\",\"url\":\"https:\\\/\\\/iwell-guard.com\\\/is\\\/\",\"logo\":{\"@type\":\"ImageObject\",\"inLanguage\":\"is\",\"@id\":\"https:\\\/\\\/iwell-guard.com\\\/is\\\/#\\\/schema\\\/logo\\\/image\\\/\",\"url\":\"https:\\\/\\\/iwell-guard.com\\\/wp-content\\\/uploads\\\/2026\\\/05\\\/Ittermann-Logo-1182x237-1.png\",\"contentUrl\":\"https:\\\/\\\/iwell-guard.com\\\/wp-content\\\/uploads\\\/2026\\\/05\\\/Ittermann-Logo-1182x237-1.png\",\"width\":1182,\"height\":237,\"caption\":\"Ittermann electronic GmbH\"},\"image\":{\"@id\":\"https:\\\/\\\/iwell-guard.com\\\/is\\\/#\\\/schema\\\/logo\\\/image\\\/\"},\"sameAs\":[\"https:\\\/\\\/pantip.com\\\/profile\\\/9367242\",\"https:\\\/\\\/micro.blog\\\/iwellguard\",\"https:\\\/\\\/www.diggerslist.com\\\/iwellguard\\\/about\",\"https:\\\/\\\/skitterphoto.com\\\/photographers\\\/2870314\\\/iwell-guard\",\"https:\\\/\\\/iwellguard.wordpress.com\\\/2026\\\/06\\\/06\\\/iwell-guard\\\/\",\"https:\\\/\\\/hub.docker.com\\\/u\\\/iwellguard\",\"https:\\\/\\\/www.pinterest.com\\\/iwellguard\\\/\",\"https:\\\/\\\/bit.ly\\\/m\\\/iwellguard\",\"https:\\\/\\\/entre-vos-mains.alsace.eu\\\/profiles\\\/iwellguard\\\/activity\",\"https:\\\/\\\/gravatar.com\\\/reallybeded8fd34\",\"https:\\\/\\\/naijamatta.com\\\/iwellguard\",\"https:\\\/\\\/www.goodreads.com\\\/iwellguard\",\"https:\\\/\\\/profile.hatena.ne.jp\\\/iwellguard\\\/\",\"https:\\\/\\\/experiment.com\\\/users\\\/iwellguard\",\"https:\\\/\\\/wakelet.com\\\/@iWellGuard82270\",\"https:\\\/\\\/www.chordie.com\\\/forum\\\/profile.php?id=2555664\",\"https:\\\/\\\/www.instapaper.com\\\/p\\\/17757966\",\"https:\\\/\\\/www.mapleprimes.com\\\/users\\\/iwellguard\",\"https:\\\/\\\/businesslistingplus.com\\\/profile\\\/iwell-guard\\\/\",\"https:\\\/\\\/telegra.ph\\\/iWell-Guard-06-06\",\"https:\\\/\\\/pbase.com\\\/iwellguard\\\/iwellguard\",\"https:\\\/\\\/b.hatena.ne.jp\\\/iwellguard\\\/20260607#bookmark-4788405196491818882\",\"https:\\\/\\\/fliphtml5.com\\\/home\\\/iwellguard\",\"https:\\\/\\\/anyflip.com\\\/homepage\\\/cmiwl#About\",\"https:\\\/\\\/transfur.com\\\/Users\\\/iwellguard\",\"http:\\\/\\\/delphi.larsbo.org\\\/user\\\/iwellguard\",\"https:\\\/\\\/jobs.lajobsportal.org\\\/profiles\\\/8380803-iwell-guard\",\"https:\\\/\\\/md.chaosdorf.de\\\/s\\\/jfbe5SBdJD\",\"https:\\\/\\\/www.lingvolive.com\\\/en-us\\\/profile\\\/9ecaeaca-ce11-4e51-9e71-01d55e2bff36\\\/translations\",\"https:\\\/\\\/www.fitday.com\\\/fitness\\\/forums\\\/members\\\/iwellguard.html\",\"https:\\\/\\\/www.mymeetbook.com\\\/iwellguard\",\"https:\\\/\\\/pxhere.com\\\/en\\\/photographer-me\\\/5040798\",\"https:\\\/\\\/disqus.com\\\/by\\\/iwellguard\\\/about\\\/\",\"https:\\\/\\\/pastelink.net\\\/hjwciqwq\",\"https:\\\/\\\/pubhtml5.com\\\/homepage\\\/scjhn\\\/\",\"https:\\\/\\\/www.bitchute.com\\\/channel\\\/2O2eOKzNqujT\",\"https:\\\/\\\/audiomack.com\\\/iwellguard\"]},{\"@type\":\"Article\",\"@id\":\"https:\\\/\\\/iwell-guard.com\\\/is\\\/yhych-khan-jakutneskur-hestaherra\\\/#article\",\"isPartOf\":{\"@id\":\"https:\\\/\\\/iwell-guard.com\\\/is\\\/yhych-khan-jakutneskur-hestaherra\\\/\"},\"author\":{\"name\":\"Ralf Ittermann\",\"@id\":\"https:\\\/\\\/iwell-guard.com\\\/is\\\/#\\\/schema\\\/person\\\/ee2a27f1cac3406c7c6fb5820cb7349f\"},\"headline\":\"Yhych-Khan \u2013 Jak\u00fatneskur hestaverndargu\u00f0\",\"datePublished\":\"2026-09-05T14:04:36+00:00\",\"dateModified\":\"2026-09-05T14:29:00+00:00\",\"mainEntityOfPage\":{\"@id\":\"https:\\\/\\\/iwell-guard.com\\\/is\\\/yhych-khan-jakutneskur-hestaherra\\\/\"},\"publisher\":{\"@id\":\"https:\\\/\\\/iwell-guard.com\\\/is\\\/#organization\"},\"image\":{\"@id\":\"https:\\\/\\\/iwell-guard.com\\\/is\\\/yhych-khan-jakutneskur-hestaherra\\\/#primaryimage\"},\"thumbnailUrl\":\"https:\\\/\\\/iwell-guard.com\\\/wp-content\\\/uploads\\\/2026\\\/05\\\/goetter_sibirisch-tengrismus_yhych-khan.webp\",\"inLanguage\":\"is\",\"description\":\"Yhych-Khan er jak\u00fatneskur verndargu\u00f0 hesta og er \u00ed brennidepli Ysyakh-h\u00e1t\u00ed\u00f0arins. Umfj\u00f6llun um go\u00f0s\u00f6gn og d\u00fdrkun.\"}]}<\/script>\n<!-- \/ Yoast SEO Premium plugin. -->","yoast_head_json":{"title":"Yhych-Khan \u2013 Jak\u00fatneskur hestaherra, d\u00fdrkun og heimildir","description":"Yhych-Khan er jak\u00fatneskur verndargu\u00f0 hesta og er \u00ed brennidepli Ysyakh-h\u00e1t\u00ed\u00f0arins. Umfj\u00f6llun um go\u00f0s\u00f6gn og d\u00fdrkun.","robots":{"index":"index","follow":"follow","max-snippet":"max-snippet:-1","max-image-preview":"max-image-preview:large","max-video-preview":"max-video-preview:-1"},"canonical":"https:\/\/iwell-guard.com\/is\/yhych-khan-jakutneskur-hestaherra\/","og_locale":"is_IS","og_type":"article","og_title":"Yhych-Khan \u2013 Jak\u00fatneskur hestaverndargu\u00f0","og_description":"Yhych-Khan er jak\u00fatneskur verndargu\u00f0 hesta og er \u00ed brennidepli Ysyakh-h\u00e1t\u00ed\u00f0arins. Umfj\u00f6llun um go\u00f0s\u00f6gn og d\u00fdrkun.","og_url":"https:\/\/iwell-guard.com\/is\/yhych-khan-jakutneskur-hestaherra\/","og_site_name":"iWell Guard","article_modified_time":"2026-09-05T14:29:00+00:00","og_image":[{"width":1024,"height":1536,"url":"https:\/\/iwell-guard.com\/wp-content\/uploads\/2026\/05\/goetter_sibirisch-tengrismus_yhych-khan.webp","type":"image\/webp"}],"twitter_card":"summary_large_image","schema":{"@context":"https:\/\/schema.org","@graph":[{"@type":"Article","@id":"https:\/\/iwell-guard.com\/is\/yhych-khan-jakutneskur-hestaherra\/#article","isPartOf":{"@id":"https:\/\/iwell-guard.com\/is\/yhych-khan-jakutneskur-hestaherra\/"},"author":{"name":"Ralf Ittermann","@id":"https:\/\/iwell-guard.com\/is\/#\/schema\/person\/ee2a27f1cac3406c7c6fb5820cb7349f"},"headline":"Yhych-Khan \u2013 Jak\u00fatneskur hestaverndargu\u00f0","datePublished":"2026-09-05T14:04:36+00:00","dateModified":"2026-09-05T14:29:00+00:00","mainEntityOfPage":{"@id":"https:\/\/iwell-guard.com\/is\/yhych-khan-jakutneskur-hestaherra\/"},"publisher":{"@id":"https:\/\/iwell-guard.com\/is\/#organization"},"image":{"@id":"https:\/\/iwell-guard.com\/is\/yhych-khan-jakutneskur-hestaherra\/#primaryimage"},"thumbnailUrl":"https:\/\/iwell-guard.com\/wp-content\/uploads\/2026\/05\/goetter_sibirisch-tengrismus_yhych-khan.webp","inLanguage":"is","description":"Yhych-Khan er jak\u00fatneskur verndargu\u00f0 hesta og er \u00ed brennidepli Ysyakh-h\u00e1t\u00ed\u00f0arins. Umfj\u00f6llun um go\u00f0s\u00f6gn og d\u00fdrkun."},{"@type":"WebPage","@id":"https:\/\/iwell-guard.com\/is\/yhych-khan-jakutneskur-hestaherra\/","url":"https:\/\/iwell-guard.com\/is\/yhych-khan-jakutneskur-hestaherra\/","name":"Yhych-Khan \u2013 Jak\u00fatneskur hestaherra, d\u00fdrkun og heimildir","isPartOf":{"@id":"https:\/\/iwell-guard.com\/is\/#website"},"primaryImageOfPage":{"@id":"https:\/\/iwell-guard.com\/is\/yhych-khan-jakutneskur-hestaherra\/#primaryimage"},"image":{"@id":"https:\/\/iwell-guard.com\/is\/yhych-khan-jakutneskur-hestaherra\/#primaryimage"},"thumbnailUrl":"https:\/\/iwell-guard.com\/wp-content\/uploads\/2026\/05\/goetter_sibirisch-tengrismus_yhych-khan.webp","datePublished":"2026-09-05T14:04:36+00:00","dateModified":"2026-09-05T14:29:00+00:00","description":"Yhych-Khan er jak\u00fatneskur verndargu\u00f0 hesta og er \u00ed brennidepli Ysyakh-h\u00e1t\u00ed\u00f0arins. Umfj\u00f6llun um go\u00f0s\u00f6gn og d\u00fdrkun.","breadcrumb":{"@id":"https:\/\/iwell-guard.com\/is\/yhych-khan-jakutneskur-hestaherra\/#breadcrumb"},"inLanguage":"is","potentialAction":[{"@type":"ReadAction","target":["https:\/\/iwell-guard.com\/is\/yhych-khan-jakutneskur-hestaherra\/"]}]},{"@type":"ImageObject","inLanguage":"is","@id":"https:\/\/iwell-guard.com\/is\/yhych-khan-jakutneskur-hestaherra\/#primaryimage","url":"https:\/\/iwell-guard.com\/wp-content\/uploads\/2026\/05\/goetter_sibirisch-tengrismus_yhych-khan.webp","contentUrl":"https:\/\/iwell-guard.com\/wp-content\/uploads\/2026\/05\/goetter_sibirisch-tengrismus_yhych-khan.webp","width":1024,"height":1536,"caption":"Gu\u00f0 \u00far hef\u00f0 s\u00edber\u00edsks tengrisma."},{"@type":"BreadcrumbList","@id":"https:\/\/iwell-guard.com\/is\/yhych-khan-jakutneskur-hestaherra\/#breadcrumb","itemListElement":[{"@type":"ListItem","position":1,"name":"Start","item":"https:\/\/iwell-guard.com\/is\/?page_id=168580"},{"@type":"ListItem","position":2,"name":"Yhych-Khan \u2013 Jak\u00fatneskur hestaverndargu\u00f0"}]},{"@type":"WebSite","@id":"https:\/\/iwell-guard.com\/is\/#website","url":"https:\/\/iwell-guard.com\/is\/","name":"iWell Guard","description":"Schutz vor dunklen Einfl\u00fcssen","publisher":{"@id":"https:\/\/iwell-guard.com\/is\/#organization"},"potentialAction":[{"@type":"SearchAction","target":{"@type":"EntryPoint","urlTemplate":"https:\/\/iwell-guard.com\/is\/?s={search_term_string}"},"query-input":{"@type":"PropertyValueSpecification","valueRequired":true,"valueName":"search_term_string"}}],"inLanguage":"is"},{"@type":"Organization","@id":"https:\/\/iwell-guard.com\/is\/#organization","name":"Ittermann electronic GmbH","url":"https:\/\/iwell-guard.com\/is\/","logo":{"@type":"ImageObject","inLanguage":"is","@id":"https:\/\/iwell-guard.com\/is\/#\/schema\/logo\/image\/","url":"https:\/\/iwell-guard.com\/wp-content\/uploads\/2026\/05\/Ittermann-Logo-1182x237-1.png","contentUrl":"https:\/\/iwell-guard.com\/wp-content\/uploads\/2026\/05\/Ittermann-Logo-1182x237-1.png","width":1182,"height":237,"caption":"Ittermann electronic GmbH"},"image":{"@id":"https:\/\/iwell-guard.com\/is\/#\/schema\/logo\/image\/"},"sameAs":["https:\/\/pantip.com\/profile\/9367242","https:\/\/micro.blog\/iwellguard","https:\/\/www.diggerslist.com\/iwellguard\/about","https:\/\/skitterphoto.com\/photographers\/2870314\/iwell-guard","https:\/\/iwellguard.wordpress.com\/2026\/06\/06\/iwell-guard\/","https:\/\/hub.docker.com\/u\/iwellguard","https:\/\/www.pinterest.com\/iwellguard\/","https:\/\/bit.ly\/m\/iwellguard","https:\/\/entre-vos-mains.alsace.eu\/profiles\/iwellguard\/activity","https:\/\/gravatar.com\/reallybeded8fd34","https:\/\/naijamatta.com\/iwellguard","https:\/\/www.goodreads.com\/iwellguard","https:\/\/profile.hatena.ne.jp\/iwellguard\/","https:\/\/experiment.com\/users\/iwellguard","https:\/\/wakelet.com\/@iWellGuard82270","https:\/\/www.chordie.com\/forum\/profile.php?id=2555664","https:\/\/www.instapaper.com\/p\/17757966","https:\/\/www.mapleprimes.com\/users\/iwellguard","https:\/\/businesslistingplus.com\/profile\/iwell-guard\/","https:\/\/telegra.ph\/iWell-Guard-06-06","https:\/\/pbase.com\/iwellguard\/iwellguard","https:\/\/b.hatena.ne.jp\/iwellguard\/20260607#bookmark-4788405196491818882","https:\/\/fliphtml5.com\/home\/iwellguard","https:\/\/anyflip.com\/homepage\/cmiwl#About","https:\/\/transfur.com\/Users\/iwellguard","http:\/\/delphi.larsbo.org\/user\/iwellguard","https:\/\/jobs.lajobsportal.org\/profiles\/8380803-iwell-guard","https:\/\/md.chaosdorf.de\/s\/jfbe5SBdJD","https:\/\/www.lingvolive.com\/en-us\/profile\/9ecaeaca-ce11-4e51-9e71-01d55e2bff36\/translations","https:\/\/www.fitday.com\/fitness\/forums\/members\/iwellguard.html","https:\/\/www.mymeetbook.com\/iwellguard","https:\/\/pxhere.com\/en\/photographer-me\/5040798","https:\/\/disqus.com\/by\/iwellguard\/about\/","https:\/\/pastelink.net\/hjwciqwq","https:\/\/pubhtml5.com\/homepage\/scjhn\/","https:\/\/www.bitchute.com\/channel\/2O2eOKzNqujT","https:\/\/audiomack.com\/iwellguard"]},{"@type":"Person","@id":"https:\/\/iwell-guard.com\/is\/#\/schema\/person\/ee2a27f1cac3406c7c6fb5820cb7349f","name":"Ralf Ittermann","image":{"@type":"ImageObject","inLanguage":"is","@id":"https:\/\/secure.gravatar.com\/avatar\/073c0153e350a5005b68eb752b445fea71f6b24a26da9449ad7e155e6b446c9d?s=96&d=mm&r=g","url":"https:\/\/secure.gravatar.com\/avatar\/073c0153e350a5005b68eb752b445fea71f6b24a26da9449ad7e155e6b446c9d?s=96&d=mm&r=g","contentUrl":"https:\/\/secure.gravatar.com\/avatar\/073c0153e350a5005b68eb752b445fea71f6b24a26da9449ad7e155e6b446c9d?s=96&d=mm&r=g","caption":"Ralf Ittermann"},"givenName":"Ralf","familyName":"Ittermann","jobTitle":"Gesch\u00e4ftsf\u00fchrer und redaktioneller Verantwortlicher","url":"https:\/\/iwell-guard.com\/is\/author\/claude\/","description":"Ralf Ittermann ist Gesch\u00e4ftsf\u00fchrer der Ittermann electronic GmbH und redaktioneller Verantwortlicher des iWell-Guard-Lexikons. Er verbindet langj\u00e4hrige Erfahrung in der Pr\u00e4zisionsfertigung mit medialer Praxis und religionsgeschichtlicher Quellenarbeit.","worksFor":{"@type":"Organization","name":"Ittermann electronic GmbH","url":"https:\/\/ittermann.de\/","address":{"@type":"PostalAddress","streetAddress":"K\u00f6hlergasse 16-18","postalCode":"99842","addressLocality":"Ruhla","addressCountry":"DE"}},"knowsAbout":["Religionsgeschichte","Mythologie","Mediale Praxis","Energetische Diagnostik","Schutzpraxis","Volksglauben","Westliche Esoterik"]},{"@type":"Article","@id":"https:\/\/iwell-guard.com\/is\/yhych-khan-jakutneskur-hestaherra\/#article","isPartOf":{"@id":"https:\/\/iwell-guard.com\/is\/yhych-khan-jakutneskur-hestaherra\/"},"author":{"name":"Ralf Ittermann","@id":"https:\/\/iwell-guard.com\/is\/#\/schema\/person\/ee2a27f1cac3406c7c6fb5820cb7349f"},"headline":"Yhych-Khan \u2013 Jak\u00fatneskur hestaverndargu\u00f0","datePublished":"2026-09-05T14:04:36+00:00","dateModified":"2026-09-05T14:29:00+00:00","mainEntityOfPage":{"@id":"https:\/\/iwell-guard.com\/is\/yhych-khan-jakutneskur-hestaherra\/"},"publisher":{"@id":"https:\/\/iwell-guard.com\/is\/#organization"},"image":{"@id":"https:\/\/iwell-guard.com\/is\/yhych-khan-jakutneskur-hestaherra\/#primaryimage"},"thumbnailUrl":"https:\/\/iwell-guard.com\/wp-content\/uploads\/2026\/05\/goetter_sibirisch-tengrismus_yhych-khan.webp","inLanguage":"is","description":"Yhych-Khan er jak\u00fatneskur verndargu\u00f0 hesta og er \u00ed brennidepli Ysyakh-h\u00e1t\u00ed\u00f0arins. Umfj\u00f6llun um go\u00f0s\u00f6gn og d\u00fdrkun."}]}},"_links":{"self":[{"href":"https:\/\/iwell-guard.com\/is\/wp-json\/wp\/v2\/pages\/168985","targetHints":{"allow":["GET"]}}],"collection":[{"href":"https:\/\/iwell-guard.com\/is\/wp-json\/wp\/v2\/pages"}],"about":[{"href":"https:\/\/iwell-guard.com\/is\/wp-json\/wp\/v2\/types\/page"}],"author":[{"embeddable":true,"href":"https:\/\/iwell-guard.com\/is\/wp-json\/wp\/v2\/users\/3"}],"replies":[{"embeddable":true,"href":"https:\/\/iwell-guard.com\/is\/wp-json\/wp\/v2\/comments?post=168985"}],"version-history":[{"count":0,"href":"https:\/\/iwell-guard.com\/is\/wp-json\/wp\/v2\/pages\/168985\/revisions"}],"wp:featuredmedia":[{"embeddable":true,"href":"https:\/\/iwell-guard.com\/is\/wp-json\/wp\/v2\/media\/2864"}],"wp:attachment":[{"href":"https:\/\/iwell-guard.com\/is\/wp-json\/wp\/v2\/media?parent=168985"}],"wp:term":[{"taxonomy":"category","embeddable":true,"href":"https:\/\/iwell-guard.com\/is\/wp-json\/wp\/v2\/categories?post=168985"}],"curies":[{"name":"wp","href":"https:\/\/api.w.org\/{rel}","templated":true}]}}