{"id":168983,"date":"2026-09-05T14:04:35","date_gmt":"2026-09-05T14:04:35","guid":{"rendered":"https:\/\/iwell-guard.com\/?page_id=168983"},"modified":"2026-09-05T14:28:53","modified_gmt":"2026-09-05T14:28:53","slug":"ulgen-ljosgud-altai","status":"publish","type":"page","link":"https:\/\/iwell-guard.com\/is\/ulgen-ljosgud-altai\/","title":{"rendered":"\u00dclgen \u2013 Lj\u00f3sgu\u00f0 Altaimanna"},"content":{"rendered":"\t\t<div data-elementor-type=\"wp-page\" data-elementor-id=\"168983\" class=\"elementor elementor-168983 elementor-2637 elementor-bc-flex-widget\" data-elementor-post-type=\"page\">\n\t\t\t\t<div class=\"elementor-element elementor-element-iwgw-uelgen-hero e-flex e-con-boxed e-con e-parent\" data-id=\"iwgw-uelgen-hero\" data-element_type=\"container\" data-e-type=\"container\" data-settings=\"{&quot;background_background&quot;:&quot;classic&quot;}\">\n\t\t\t\t\t<div class=\"e-con-inner\">\n\t\t<div class=\"elementor-element elementor-element-iwgw-uelgen-hl e-flex e-con-boxed e-con e-child\" data-id=\"iwgw-uelgen-hl\" data-element_type=\"container\" data-e-type=\"container\">\n\t\t\t\t\t<div class=\"e-con-inner\">\n\t\t<div class=\"elementor-element elementor-element-iwgw-uelgen-htxt e-con-full e-flex e-con e-child\" data-id=\"iwgw-uelgen-htxt\" data-element_type=\"container\" data-e-type=\"container\">\n\t\t\t\t<div class=\"elementor-element elementor-element-iwgw-uelgen-h1 elementor-widget elementor-widget-heading\" data-id=\"iwgw-uelgen-h1\" data-element_type=\"widget\" data-e-type=\"widget\" data-widget_type=\"heading.default\">\n\t\t\t\t\t<h1 class=\"elementor-heading-title elementor-size-default\">\u00dclgen, alta\u00edskur lj\u00f3sgu\u00f0 og skapari efri heimsins<\/h1>\t\t\t\t<\/div>\n\t\t\t\t<div class=\"elementor-element elementor-element-iwgw-uelgen-lead elementor-widget elementor-widget-text-editor\" data-id=\"iwgw-uelgen-lead\" data-element_type=\"widget\" data-e-type=\"widget\" data-widget_type=\"text-editor.default\">\n\t\t\t\t\t\t\t\t\t<p>\u00dclgen (\u00e1 fornu tyrknesku <em>\u00dclg\u00e4n<\/em>) er \u00ed su\u00f0urs\u00edber\u00edsk-tengr\u00edskri tr\u00fa skapari og lj\u00f3sgu\u00f0 efri heimsins, verndari hv\u00edtu sjamananna og go\u00f0s\u00f6gulegur andst\u00e6\u00f0up\u00f3ll undirheimastj\u00f3rnandans <a href=\"https:\/\/iwell-guard.com\/is\/?page_id=168981\">Erlik Khan<\/a>.<\/p>\t\t\t\t\t\t\t\t<\/div>\n\t\t\t\t<\/div>\n\t\t<div class=\"elementor-element elementor-element-iwgw-uelgen-pillc e-con-full e-flex e-con e-child\" data-id=\"iwgw-uelgen-pillc\" data-element_type=\"container\" data-e-type=\"container\">\n\t\t\t\t<div class=\"elementor-element elementor-element-iwgw-uelgen-pills elementor-widget elementor-widget-html\" data-id=\"iwgw-uelgen-pills\" data-element_type=\"widget\" data-e-type=\"widget\" data-widget_type=\"html.default\">\n\t\t\t\t\t<div class=\"iwg-pill-row\"><span class=\"iwg-klasse-badge\" tabindex=\"0\" data-tooltip=\"Skapari hef\u00f0ar S\u00edber\u00edu \/ Tengrisma.\">Skapari<\/span><a href=\"https:\/\/iwell-guard.com\/is\/siberiskur-sjamanismi-tengrismi\/\" class=\"iwg-kultur-badge\" tabindex=\"0\" data-tooltip=\"Go\u00f0afr\u00e6\u00f0i hef\u00f0ar S\u00edber\u00edu \/ Tengrisma.\">S\u00edber\u00eda \/ Tengrismi<\/a><span class=\"iwg-tradition-badge\" tabindex=\"0\" data-tooltip=\"H\u00e1gu\u00f0.\">H\u00e1gu\u00f0<\/span><\/div>\t\t\t\t<\/div>\n\t\t\t\t<\/div>\n\t\t<div class=\"elementor-element elementor-element-iwgw-uelgen-tocc e-con-full e-flex e-con e-child\" data-id=\"iwgw-uelgen-tocc\" data-element_type=\"container\" data-e-type=\"container\">\n\t\t\t\t<div class=\"elementor-element elementor-element-iwgw-uelgen-toc elementor-toc--minimized-on-tablet elementor-widget elementor-widget-table-of-contents\" data-id=\"iwgw-uelgen-toc\" data-element_type=\"widget\" data-e-type=\"widget\" data-settings=\"{&quot;headings_by_tags&quot;:[&quot;h2&quot;,&quot;h3&quot;],&quot;minimize_box&quot;:&quot;yes&quot;,&quot;marker_view&quot;:&quot;bullets&quot;,&quot;no_headings_message&quot;:&quot;Engar undirfyrirsagnir fundust \\u00e1 \\u00feessari s\\u00ed\\u00f0u.&quot;,&quot;exclude_headings_by_selector&quot;:[],&quot;icon&quot;:{&quot;value&quot;:&quot;fas fa-circle&quot;,&quot;library&quot;:&quot;fa-solid&quot;,&quot;rendered_tag&quot;:&quot;&lt;svg class=\\&quot;e-font-icon-svg e-fas-circle\\&quot; viewBox=\\&quot;0 0 512 512\\&quot; xmlns=\\&quot;http:\\\/\\\/www.w3.org\\\/2000\\\/svg\\&quot;&gt;&lt;path d=\\&quot;M256 8C119 8 8 119 8 256s111 248 248 248 248-111 248-248S393 8 256 8z\\&quot;&gt;&lt;\\\/path&gt;&lt;\\\/svg&gt;&quot;},&quot;minimized_on&quot;:&quot;tablet&quot;,&quot;hierarchical_view&quot;:&quot;yes&quot;,&quot;min_height&quot;:{&quot;unit&quot;:&quot;px&quot;,&quot;size&quot;:&quot;&quot;,&quot;sizes&quot;:[]},&quot;min_height_tablet&quot;:{&quot;unit&quot;:&quot;px&quot;,&quot;size&quot;:&quot;&quot;,&quot;sizes&quot;:[]},&quot;min_height_mobile&quot;:{&quot;unit&quot;:&quot;px&quot;,&quot;size&quot;:&quot;&quot;,&quot;sizes&quot;:[]}}\" data-widget_type=\"table-of-contents.default\">\n\t\t\t\t\t\t\t\t\t<div class=\"elementor-toc__header\">\n\t\t\t\t\t\t<h2 class=\"elementor-toc__header-title\">\n\t\t\t\tEfnisyfirlit\t\t\t<\/h2>\n\t\t\t\t\t\t\t\t\t\t<div class=\"elementor-toc__toggle-button elementor-toc__toggle-button--expand\" role=\"button\" tabindex=\"0\" aria-controls=\"elementor-toc__iwgw-uelgen-toc\" aria-expanded=\"true\" aria-label=\"Open table of contents\"><svg aria-hidden=\"true\" class=\"e-font-icon-svg e-fas-chevron-down\" viewBox=\"0 0 448 512\" xmlns=\"http:\/\/www.w3.org\/2000\/svg\"><path d=\"M207.029 381.476L12.686 187.132c-9.373-9.373-9.373-24.569 0-33.941l22.667-22.667c9.357-9.357 24.522-9.375 33.901-.04L224 284.505l154.745-154.021c9.379-9.335 24.544-9.317 33.901.04l22.667 22.667c9.373 9.373 9.373 24.569 0 33.941L240.971 381.476c-9.373 9.372-24.569 9.372-33.942 0z\"><\/path><\/svg><\/div>\n\t\t\t\t<div class=\"elementor-toc__toggle-button elementor-toc__toggle-button--collapse\" role=\"button\" tabindex=\"0\" aria-controls=\"elementor-toc__iwgw-uelgen-toc\" aria-expanded=\"true\" aria-label=\"Close table of contents\"><svg aria-hidden=\"true\" class=\"e-font-icon-svg e-fas-chevron-up\" viewBox=\"0 0 448 512\" xmlns=\"http:\/\/www.w3.org\/2000\/svg\"><path d=\"M240.971 130.524l194.343 194.343c9.373 9.373 9.373 24.569 0 33.941l-22.667 22.667c-9.357 9.357-24.522 9.375-33.901.04L224 227.495 69.255 381.516c-9.379 9.335-24.544 9.317-33.901-.04l-22.667-22.667c-9.373-9.373-9.373-24.569 0-33.941L207.03 130.525c9.372-9.373 24.568-9.373 33.941-.001z\"><\/path><\/svg><\/div>\n\t\t\t\t\t<\/div>\n\t\t\t\t<div id=\"elementor-toc__iwgw-uelgen-toc\" class=\"elementor-toc__body\">\n\t\t\t<div class=\"elementor-toc__spinner-container\">\n\t\t\t\t<svg class=\"elementor-toc__spinner eicon-animation-spin e-font-icon-svg e-eicon-loading\" aria-hidden=\"true\" viewBox=\"0 0 1000 1000\" xmlns=\"http:\/\/www.w3.org\/2000\/svg\"><path d=\"M500 975V858C696 858 858 696 858 500S696 142 500 142 142 304 142 500H25C25 237 238 25 500 25S975 237 975 500 763 975 500 975Z\"><\/path><\/svg>\t\t\t<\/div>\n\t\t<\/div>\n\t\t\t\t\t\t<\/div>\n\t\t\t\t<\/div>\n\t\t\t\t\t<\/div>\n\t\t\t\t<\/div>\n\t\t<div class=\"elementor-element elementor-element-iwgw-uelgen-hr e-con-full e-flex e-con e-child\" data-id=\"iwgw-uelgen-hr\" data-element_type=\"container\" data-e-type=\"container\">\n\t\t\t\t<div class=\"elementor-element elementor-element-iwgw-uelgen-heroimg iwg-hero-image elementor-widget elementor-widget-image\" data-id=\"iwgw-uelgen-heroimg\" data-element_type=\"widget\" data-e-type=\"widget\" data-widget_type=\"image.default\">\n\t\t\t\t\t\t\t\t\t\t\t\t\t\t\t<img fetchpriority=\"high\" decoding=\"async\" width=\"683\" height=\"1024\" src=\"https:\/\/iwell-guard.com\/wp-content\/uploads\/2026\/05\/goetter_sibirisch-tengrismus_uelgen-683x1024.webp\" class=\"attachment-large size-large wp-image-170799\" alt=\"Uelgen - gu\u00f0ir \u00far s\u00edber\u00edskri tengrisma-hef\u00f0, s\u00f6gulega myndskreytt\" srcset=\"https:\/\/iwell-guard.com\/wp-content\/uploads\/2026\/05\/goetter_sibirisch-tengrismus_uelgen-683x1024.webp 683w, https:\/\/iwell-guard.com\/wp-content\/uploads\/2026\/05\/goetter_sibirisch-tengrismus_uelgen-200x300.webp 200w, https:\/\/iwell-guard.com\/wp-content\/uploads\/2026\/05\/goetter_sibirisch-tengrismus_uelgen-768x1152.webp 768w, https:\/\/iwell-guard.com\/wp-content\/uploads\/2026\/05\/goetter_sibirisch-tengrismus_uelgen.webp 1024w\" sizes=\"(max-width: 683px) 100vw, 683px\" \/>\t\t\t\t\t\t\t\t\t\t\t\t\t\t\t<\/div>\n\t\t\t\t<\/div>\n\t\t\t\t\t<\/div>\n\t\t\t\t<\/div>\n\t\t\t\t<section class=\"elementor-section elementor-top-section elementor-element elementor-element-sec-iwgcomp-uelgen elementor-section-boxed elementor-section-height-default elementor-section-height-default\" data-id=\"sec-iwgcomp-uelgen\" data-element_type=\"section\" data-e-type=\"section\">\n\t\t\t\t\t\t<div class=\"elementor-container elementor-column-gap-default\">\n\t\t\t\t\t<div class=\"elementor-column elementor-col-100 elementor-top-column elementor-element elementor-element-col-iwgcomp-uelgen\" data-id=\"col-iwgcomp-uelgen\" data-element_type=\"column\" data-e-type=\"column\">\n\t\t\t<div class=\"elementor-widget-wrap elementor-element-populated\">\n\t\t\t\t\t\t<div class=\"elementor-element elementor-element-iwgcomp-uelgen elementor-widget elementor-widget-text-editor\" data-id=\"iwgcomp-uelgen\" data-element_type=\"widget\" data-e-type=\"widget\" data-widget_type=\"text-editor.default\">\n\t\t\t\t\t\t\t\t\t<p>\u00dclgen, <strong>Altai-lj\u00f3sgu\u00f0inn<\/strong>, er \u00ed alta\u00edsku <span class=\"iwg-fachbegriff\" data-tooltip=\"Tr\u00faarlegt kerfi \u00fear sem s\u00e9rfr\u00e6\u00f0ingar eiga samskipti vi\u00f0 andaheiminn.\" tabindex=\"0\">sjamanisma<\/span> talinn skapari og \u00e6\u00f0sta h\u00e1gu\u00f0d\u00f3mur efri heimsins.<\/p>\t\t\t\t\t\t\t\t<\/div>\n\t\t\t\t\t<\/div>\n\t\t<\/div>\n\t\t\t\t\t<\/div>\n\t\t<\/section>\n\t\t<div class=\"elementor-element elementor-element-iwgw-uelgen-s0 e-flex e-con-boxed e-con e-parent\" data-id=\"iwgw-uelgen-s0\" data-element_type=\"container\" data-e-type=\"container\">\n\t\t\t\t\t<div class=\"e-con-inner\">\n\t\t\t\t<div class=\"elementor-element elementor-element-iwgw-uelgen-s0h elementor-widget elementor-widget-heading\" data-id=\"iwgw-uelgen-s0h\" data-element_type=\"widget\" data-e-type=\"widget\" data-widget_type=\"heading.default\">\n\t\t\t\t\t<h2 class=\"elementor-heading-title elementor-size-default\">Greining og skammrit<\/h2>\t\t\t\t<\/div>\n\t\t<div class=\"elementor-element elementor-element-iwgw-uelgen-s0c e-con-full e-flex e-con e-child\" data-id=\"iwgw-uelgen-s0c\" data-element_type=\"container\" data-e-type=\"container\">\n\t\t\t\t<div class=\"elementor-element elementor-element-iwgw-uelgen-s0t elementor-widget elementor-widget-text-editor\" data-id=\"iwgw-uelgen-s0t\" data-element_type=\"widget\" data-e-type=\"widget\" data-widget_type=\"text-editor.default\">\n\t\t\t\t\t\t\t\t\t<p>\u00dclgen er s\u00e9rh\u00e6f\u00f0 birtingarmynd h\u00e1gu\u00f0d\u00f3msflokksins <a href=\"https:\/\/iwell-guard.com\/is\/?page_id=168980\">Tengri<\/a> innan alta\u00edskra, teleng\u00edtskra, sj\u00f3rskra og t\u00fav\u00ednskra tr\u00faarbrag\u00f0a. \u00c1 me\u00f0an Tengri er allt himinhvolfi\u00f0 sj\u00e1lft, dvelur \u00dclgen \u00ed efstu n\u00edu himnunum og er \u00e1litinn pers\u00f3nulega \u00e1varpa\u00f0ur skapandi gerandi. Anokhin l\u00fdsti honum \u00e1ri\u00f0 1924 sem \u201ehinum eiginlega \u00e1kalla\u00f0a h\u00e1gu\u00f0i Altaimanna\u201c.<\/p><p>Innan <a href=\"https:\/\/iwell-guard.com\/is\/siberiskur-sjamanismi-tengrismi\/\">s\u00edber\u00edsk-tengr\u00edskrar hef\u00f0ar<\/a> er \u00dclgen efsta stig \u00ed fj\u00f6llaga\u00f0ri go\u00f0afj\u00f6lskyldu; <a href=\"https:\/\/iwell-guard.com\/is\/?page_id=168981\">Erlik Khan<\/a> er tv\u00ede\u00f0lislegt m\u00f3tv\u00e6gi hans, <a href=\"https:\/\/iwell-guard.com\/is\/?page_id=168982\">Yer-Sub<\/a> jar\u00f0bundin vi\u00f0b\u00f3t hans.<\/p><p>Tr\u00faarf\u00e9lagsfr\u00e6\u00f0ilega s\u00e9\u00f0 er kjarni \u00dclgens s\u00e1 a\u00f0 hann, \u00f3l\u00edkt hinum fjarl\u00e6gum Tengri, er virkur skapandi gerandi sem unnt er a\u00f0 \u00e1kalla beint. \u00deannig fyllir hann upp \u00ed t\u00f3mar\u00fami\u00f0 sem <em>deus otiosus<\/em>-inn Tengri l\u00e6tur eftir sig; \u00ed \u00feessu hlutverki er hann fr\u00e6\u00f0ilega s\u00e9\u00f0 samb\u00e6rilegri gr\u00edska Seifi e\u00f0a norr\u00e6na \u00d3\u00f0ni en hinum \u00f3m\u00e6lislega himni sj\u00e1lfum.<\/p>\t\t\t\t\t\t\t\t<\/div>\n\t\t\t\t<\/div>\n\t\t\t\t\t<\/div>\n\t\t\t\t<\/div>\n\t\t<div class=\"elementor-element elementor-element-iwgw-uelgen-s1 e-flex e-con-boxed e-con e-parent\" data-id=\"iwgw-uelgen-s1\" data-element_type=\"container\" data-e-type=\"container\">\n\t\t\t\t\t<div class=\"e-con-inner\">\n\t\t\t\t<div class=\"elementor-element elementor-element-iwgw-uelgen-s1h elementor-widget elementor-widget-heading\" data-id=\"iwgw-uelgen-s1h\" data-element_type=\"widget\" data-e-type=\"widget\" data-widget_type=\"heading.default\">\n\t\t\t\t\t<h2 class=\"elementor-heading-title elementor-size-default\">Nafn og or\u00f0sifjar<\/h2>\t\t\t\t<\/div>\n\t\t<div class=\"elementor-element elementor-element-iwgw-uelgen-s1c e-con-full e-flex e-con e-child\" data-id=\"iwgw-uelgen-s1c\" data-element_type=\"container\" data-e-type=\"container\">\n\t\t\t\t<div class=\"elementor-element elementor-element-iwgw-uelgen-s1t elementor-widget elementor-widget-text-editor\" data-id=\"iwgw-uelgen-s1t\" data-element_type=\"widget\" data-e-type=\"widget\" data-widget_type=\"text-editor.default\">\n\t\t\t\t\t\t\t\t\t<p>Or\u00f0i\u00f0 <em>\u00fclg\u00e4n \/ \u00fclgen<\/em> er fornt tyrkneskt or\u00f0 og er \u00ed fr\u00e6\u00f0unum tengt merkingunum \u201est\u00f3r, tignarlegur, m\u00e1ttugur\u201c; \u00ed nokkrum or\u00f0ab\u00f3kum einnig \u201e\u00fathlutandi, s\u00e1 sem deilir \u00fat\u201c (af <em>\u00fcl\u0113-<\/em> \u201ea\u00f0 deila, \u00fatdeila\u201c), sem passar vi\u00f0 hugmyndina um a\u00f0 hann \u00fathluti m\u00f6nnum l\u00edfshlutum. N\u00e1skyld form eru khakass\u00edska <em>\u00dclg\u00e4n<\/em>, sj\u00f3rska <em>\u00dclgen<\/em>.<\/p><p>Me\u00f0al Mong\u00f3la er engin bein hli\u00f0st\u00e6\u00f0a til; hlutverki\u00f0 er \u00fear a\u00f0 hluta teki\u00f0 yfir af <em>M\u00f6ngke Tngri<\/em>, a\u00f0 hluta af b\u00fadd\u00edskum bodhisattva-verum eins og <a href=\"https:\/\/iwell-guard.com\/is\/?page_id=168984\">Khormusta<\/a>. \u00deetta \u00f3samr\u00e6mi gerir \u00dclgen a\u00f0 s\u00e9rstakri su\u00f0urs\u00edber\u00edsk-tyrkneskri birtingarmynd.<\/p><p>\u00d6nnur t\u00falkun tengir nafni\u00f0 vi\u00f0 <em>\u00fcligen<\/em>, \u201es\u00e1 sem gefur\u201c, sem passar vi\u00f0 go\u00f0sagnalega hugmyndina um a\u00f0 \u00dclgen \u00fathluti au\u00f0i og frj\u00f3semi. B\u00e1\u00f0ar t\u00falkanirnar eru m\u00e1ls\u00f6gulega samr\u00fdmanlegar og geta hafa unni\u00f0 saman \u00ed t\u00edmans r\u00e1s.<\/p>\t\t\t\t\t\t\t\t<\/div>\n\t\t\t\t<\/div>\n\t\t\t\t\t<\/div>\n\t\t\t\t<\/div>\n\t\t<div class=\"elementor-element elementor-element-iwgw-uelgen-s2 e-flex e-con-boxed e-con e-parent\" data-id=\"iwgw-uelgen-s2\" data-element_type=\"container\" data-e-type=\"container\">\n\t\t\t\t\t<div class=\"e-con-inner\">\n\t\t\t\t<div class=\"elementor-element elementor-element-iwgw-uelgen-s2h elementor-widget elementor-widget-heading\" data-id=\"iwgw-uelgen-s2h\" data-element_type=\"widget\" data-e-type=\"widget\" data-widget_type=\"heading.default\">\n\t\t\t\t\t<h2 class=\"elementor-heading-title elementor-size-default\">L\u00fdsing og myndm\u00e1l<\/h2>\t\t\t\t<\/div>\n\t\t<div class=\"elementor-element elementor-element-iwgw-uelgen-s2c e-con-full e-flex e-con e-child\" data-id=\"iwgw-uelgen-s2c\" data-element_type=\"container\" data-e-type=\"container\">\n\t\t\t\t<div class=\"elementor-element elementor-element-iwgw-uelgen-s2t elementor-widget elementor-widget-text-editor\" data-id=\"iwgw-uelgen-s2t\" data-element_type=\"widget\" data-e-type=\"widget\" data-widget_type=\"text-editor.default\">\n\t\t\t\t\t\t\t\t\t<p>\u00dclgen er l\u00fdst sem \u00f6ldru\u00f0um, hv\u00edtskeggju\u00f0um manni \u00e1 gullnum h\u00e1s\u00e6ti \u00ed efsta himni. Hann kl\u00e6\u00f0ist skikkju \u00fatsauma\u00f0ri s\u00f3l og m\u00e1na, heldur \u00ed h\u00e6gri hendi l\u00fdsandi boga \u00far regnbogaefni og \u00ed vinstri hendi bikar fullan af hryssumj\u00f3lk. Sendibo\u00f0i hans er hv\u00edti \u00f6rninn.<\/p><p>\u00cd alta\u00edsku trumbumyndunum sem Anokhin og Potapov skr\u00e1\u00f0u situr \u00dclgen efst; undir honum greinast n\u00edu d\u00e6tur (<em>Kysh-Kyz<\/em>) og n\u00edu synir sem stj\u00f3rna einst\u00f6kum himinsv\u00e6\u00f0um. \u00deessi n\u00edu-sona-og-d\u00e6tra t\u00e1knmynd er d\u00e6miger\u00f0 fyrir s\u00edber\u00edska h\u00e1gu\u00f0amyndlist og endurtekur sig einnig hj\u00e1 <a href=\"https:\/\/iwell-guard.com\/is\/?page_id=168981\">Erlik Khan<\/a>, \u00fe\u00f3 \u00ed spegilmynd ni\u00f0ur \u00e1 vi\u00f0.<\/p><p>\u00cd n\u00fat\u00edma samhengi Altai-l\u00fd\u00f0veldisins hefur myndm\u00e1l \u00dclgens veri\u00f0 samr\u00e6mt; kunnug veggmynd \u00ed menningarh\u00fasinu \u00ed Gorno-Altajsk s\u00fdnir hann \u00ed hinni hv\u00edtskeggju\u00f0u sta\u00f0almynd. \u00deessi n\u00fat\u00edmalega myndger\u00f0 byggir \u00e1 \u00fej\u00f3\u00f0fr\u00e6\u00f0ilegum skissum Anokhins og skapar heildst\u00e6\u00f0a mynd sem fyrirfannst ekki \u00ed \u00feessari mynd \u00ed heimildum fyrri t\u00edma.<\/p>\t\t\t\t\t\t\t\t<\/div>\n\t\t\t\t<\/div>\n\t\t\t\t\t<\/div>\n\t\t\t\t<\/div>\n\t\t<div class=\"elementor-element elementor-element-iwgw-uelgen-s3 e-flex e-con-boxed e-con e-parent\" data-id=\"iwgw-uelgen-s3\" data-element_type=\"container\" data-e-type=\"container\">\n\t\t\t\t\t<div class=\"e-con-inner\">\n\t\t\t\t<div class=\"elementor-element elementor-element-iwgw-uelgen-s3h elementor-widget elementor-widget-heading\" data-id=\"iwgw-uelgen-s3h\" data-element_type=\"widget\" data-e-type=\"widget\" data-widget_type=\"heading.default\">\n\t\t\t\t\t<h2 class=\"elementor-heading-title elementor-size-default\">Go\u00f0sagnakenndar fr\u00e1sagnir<\/h2>\t\t\t\t<\/div>\n\t\t<div class=\"elementor-element elementor-element-iwgw-uelgen-s3c e-con-full e-flex e-con e-child\" data-id=\"iwgw-uelgen-s3c\" data-element_type=\"container\" data-e-type=\"container\">\n\t\t\t\t<div class=\"elementor-element elementor-element-iwgw-uelgen-s3t elementor-widget elementor-widget-text-editor\" data-id=\"iwgw-uelgen-s3t\" data-element_type=\"widget\" data-e-type=\"widget\" data-widget_type=\"text-editor.default\">\n\t\t\t\t\t\t\t\t\t<p>Alta\u00edska sk\u00f6punarsagan segir fr\u00e1 \u00dclgen einum \u00e1 reki \u00ed frumhafinu; hann sendir fugl (\u00fdmist \u00f6nd e\u00f0a Erlik \u00ed fuglsl\u00edki) til a\u00f0 n\u00e1 le\u00f0ju upp af hafsbotni og formar \u00far henni j\u00f6r\u00f0ina.<\/p><p>Eftir a\u00f0 Erlik hefur or\u00f0i\u00f0 a\u00f0greindur, skapar \u00dclgen fyrsta manninn \u00far leiri og bl\u00e6s \u00ed hann l\u00edfi me\u00f0 \u00fev\u00ed a\u00f0 setja s\u00f3lina \u00ed h\u00f6fu\u00f0 hans, <span class=\"iwg-fachbegriff\" data-tooltip=\"Endurteki\u00f0 efnisatri\u00f0i \u00ed list e\u00f0a fr\u00e1s\u00f6gn.\" tabindex=\"0\">minni<\/span> sem \u00e1 s\u00e9r hli\u00f0st\u00e6\u00f0ur allt fram \u00ed kristna sk\u00f6punarhugsun, en er \u00e1n nokkurs vafa m\u00f3ta\u00f0 sj\u00e1lfst\u00e6tt.<\/p><p>\u00d6nnur fr\u00e1s\u00f6gn l\u00fdsir \u00fev\u00ed hvernig heimstr\u00e9\u00f0 er reist, kosm\u00edsk lerki, en r\u00e6tur \u00feess n\u00e1 ni\u00f0ur \u00ed r\u00edki Erliks og kr\u00f3nan endar undir h\u00e1s\u00e6ti \u00dclgens. \u00c1 \u00feessum \u00e1si fer hv\u00edti <span class=\"iwg-fachbegriff\" data-tooltip=\"Tr\u00faarlegur s\u00e9rfr\u00e6\u00f0ingur sem talinn er mi\u00f0la milli manna og andaheimsins.\" tabindex=\"0\">sjamaninn<\/span> upp \u00ed fer\u00f0 sinni. Mircea Eliade ger\u00f0i \u00feetta <span class=\"iwg-fachbegriff\" data-tooltip=\"Endurteki\u00f0 efnisatri\u00f0i \u00ed list e\u00f0a fr\u00e1s\u00f6gn.\" tabindex=\"0\">minni<\/span> a\u00f0 \u201eAxis Mundi\u201c, meginhugtaki \u00ed <span class=\"iwg-fachbegriff\" data-tooltip=\"Tr\u00faarlegt kerfi \u00fear sem s\u00e9rfr\u00e6\u00f0ingar eiga samskipti vi\u00f0 andaheiminn.\" tabindex=\"0\">sjamanisma<\/span>-l\u00edkani s\u00ednu.<\/p><p>\u00deri\u00f0ja fr\u00e1s\u00f6gnin l\u00fdsir deilu milli \u00dclgens og Erliks um fyrsta manninn: Erlik reynir a\u00f0 anda l\u00edfi \u00ed leirl\u00edkamann, en \u00dclgen kemur \u00e1 undan honum. \u00cd rei\u00f0i skapar Erlik fyrstu sj\u00fakd\u00f3mana og mosk\u00edt\u00f3flugurnar, d\u00e6miger\u00f0 orsakask\u00fdrandi <span class=\"iwg-fachbegriff\" data-tooltip=\"Hef\u00f0bundin fr\u00e1s\u00f6gn um gu\u00f0i, uppruna og skipan heimsins.\" tabindex=\"0\">go\u00f0s\u00f6gn<\/span> sem \u00fatsk\u00fdrir tilvist hins illa \u00e1n si\u00f0fer\u00f0ilegrar tv\u00edhyggju.<\/p>\t\t\t\t\t\t\t\t<\/div>\n\t\t\t\t<\/div>\n\t\t\t\t\t<\/div>\n\t\t\t\t<\/div>\n\t\t<div class=\"elementor-element elementor-element-iwgw-uelgen-s4 e-flex e-con-boxed e-con e-parent\" data-id=\"iwgw-uelgen-s4\" data-element_type=\"container\" data-e-type=\"container\">\n\t\t\t\t\t<div class=\"e-con-inner\">\n\t\t\t\t<div class=\"elementor-element elementor-element-iwgw-uelgen-s4h elementor-widget elementor-widget-heading\" data-id=\"iwgw-uelgen-s4h\" data-element_type=\"widget\" data-e-type=\"widget\" data-widget_type=\"heading.default\">\n\t\t\t\t\t<h2 class=\"elementor-heading-title elementor-size-default\">D\u00fdrkun og tilbei\u00f0sla<\/h2>\t\t\t\t<\/div>\n\t\t<div class=\"elementor-element elementor-element-iwgw-uelgen-s4c e-con-full e-flex e-con e-child\" data-id=\"iwgw-uelgen-s4c\" data-element_type=\"container\" data-e-type=\"container\">\n\t\t\t\t<div class=\"elementor-element elementor-element-iwgw-uelgen-s4t elementor-widget elementor-widget-text-editor\" data-id=\"iwgw-uelgen-s4t\" data-element_type=\"widget\" data-e-type=\"widget\" data-widget_type=\"text-editor.default\">\n\t\t\t\t\t\t\t\t\t<p>\u00dclgen-<span class=\"iwg-fachbegriff\" data-tooltip=\"Heild tr\u00faarlegra tilbei\u00f0sluathafna til handa gu\u00f0i e\u00f0a heilagri v\u00e6ttu.\" tabindex=\"0\">d\u00fdrkunin<\/span> var opinber vord\u00fdrkun \u00e1 Altai-h\u00e1sl\u00e9ttunni. \u00c1 heil\u00f6gu fjalli var \u00ed ma\u00ed f\u00f3rna\u00f0 ungum lj\u00f3shestum (hv\u00edtum e\u00f0a lj\u00f3sgulum); sjamanarnir ri\u00f0u \u00ed huglei\u00f0ingasessum \u201egegnum n\u00edu himna&#8220; og b\u00e1ru fram fyrir \u00dclgen b\u00e6nir stofnsins. Anokhin skr\u00e1\u00f0i eina sl\u00edka ath\u00f6fn \u00edtarlega (1909, gefi\u00f0 \u00fat 1924).<\/p><p>\u00c1 pers\u00f3nulegu svi\u00f0i var \u00dclgen a\u00f0al<span class=\"iwg-fachbegriff\" data-tooltip=\"B\u00e6narleg e\u00f0a \u00e1kallandi \u00e1varp til gu\u00f0s e\u00f0a m\u00e1ttar.\" tabindex=\"0\">\u00e1kalli\u00f0<\/span> hv\u00edtu sjamananna (<em>aq kam<\/em>), me\u00f0an sv\u00f6rtu sjamanarnir sneru s\u00e9r til <a href=\"https:\/\/iwell-guard.com\/is\/?page_id=168981\">Erlik Khan<\/a>. H\u00e1t\u00ed\u00f0ardagur hans f\u00e9ll oft \u00e1 sumars\u00f3lst\u00f6\u00f0uh\u00e1t\u00ed\u00f0 og skara\u00f0ist vi\u00f0 hinn s\u00ed\u00f0ari Naadam-hef\u00f0arhring Mong\u00f3l\u00edu.<\/p><p>S\u00e9rstakt form \u00dclgen-tilbei\u00f0slu var <em>tagyl<\/em>&#8211;<span class=\"iwg-fachbegriff\" data-tooltip=\"Skipul\u00f6g\u00f0 r\u00f6\u00f0 t\u00e1knger\u00f0ra athafna me\u00f0 tr\u00faarlega e\u00f0a menningarlega merkingu.\" tabindex=\"0\">ath\u00f6fnin<\/span>: \u00c1 fl\u00f6tum kletti var reistur l\u00edtill steinaltari sem \u00fej\u00f3na\u00f0 var me\u00f0 hryssumj\u00f3lk og smj\u00f6rbakstri. Sl\u00edkir steinaltarar eru a\u00f0 nokkru leyti var\u00f0veittir \u00e1 fornleifafr\u00e6\u00f0ilegum vettvangi \u00ed su\u00f0urs\u00edber\u00edskum h\u00e1sl\u00e9ttusteppum og geta n\u00e1\u00f0 allt aftur til <span class=\"iwg-fachbegriff\" data-tooltip=\"Fors\u00f6gulegt t\u00edmabil \u00fear sem bronsi var mikilv\u00e6gasti m\u00e1lmurinn til \u00e1haldager\u00f0ar.\" tabindex=\"0\">bronsaldar<\/span>, \u00e1n \u00feess a\u00f0 tr\u00faarleg tenging \u00feurfi a\u00f0 hafa veri\u00f0 samfelld.<\/p>\t\t\t\t\t\t\t\t<\/div>\n\t\t\t\t<\/div>\n\t\t\t\t\t<\/div>\n\t\t\t\t<\/div>\n\t\t<div class=\"elementor-element elementor-element-iwgw-uelgen-s5 e-flex e-con-boxed e-con e-parent\" data-id=\"iwgw-uelgen-s5\" data-element_type=\"container\" data-e-type=\"container\">\n\t\t\t\t\t<div class=\"e-con-inner\">\n\t\t\t\t<div class=\"elementor-element elementor-element-iwgw-uelgen-s5h elementor-widget elementor-widget-heading\" data-id=\"iwgw-uelgen-s5h\" data-element_type=\"widget\" data-e-type=\"widget\" data-widget_type=\"heading.default\">\n\t\t\t\t\t<h2 class=\"elementor-heading-title elementor-size-default\">Verndara\u00f0ger\u00f0ir og fr\u00e1hrindandi t\u00e1kn<\/h2>\t\t\t\t<\/div>\n\t\t<div class=\"elementor-element elementor-element-iwgw-uelgen-s5c e-con-full e-flex e-con e-child\" data-id=\"iwgw-uelgen-s5c\" data-element_type=\"container\" data-e-type=\"container\">\n\t\t\t\t<div class=\"elementor-element elementor-element-iwgw-uelgen-s5t elementor-widget elementor-widget-text-editor\" data-id=\"iwgw-uelgen-s5t\" data-element_type=\"widget\" data-e-type=\"widget\" data-widget_type=\"text-editor.default\">\n\t\t\t\t\t\t\t\t\t<p>Verndarath\u00f6fn \u00ed \u00dclgen-hef\u00f0inni haf\u00f0i j\u00e1kv\u00e6\u00f0a merkingu: minna snerist um v\u00f6rn en um a\u00f0 \u201esetja \u00ed reglu&#8220;. Verndargripa\u00fe\u00e6ttir voru a\u00f0 binda hv\u00edta kl\u00fatbandsstrimla (<em>kyira<\/em>) \u00e1 lerkitr\u00e9 \u00e1 fjallask\u00f6r\u00f0um, a\u00f0 reisa litlar steinv\u00f6r\u00f0ur (<em>obo<\/em>) og a\u00f0 for\u00f0ast h\u00e1va\u00f0a og deilur \u00e1 sk\u00f6r\u00f0unum.<\/p><p data-nosnippet=\"true\">\u00deegar barn var veikt gat hv\u00edtur <span class=\"iwg-fachbegriff\" data-tooltip=\"Tr\u00faarlegur s\u00e9rfr\u00e6\u00f0ingur sem talinn er mi\u00f0la milli manna og andaheims.\" tabindex=\"0\">sjamani<\/span> veri\u00f0 kalla\u00f0ur til, sem ba\u00f0 \u00dclgen um \u201eendurgj\u00f6f l\u00edfshluta&#8220;. \u00cd hugtaksskilningi er \u00feetta b\u00e6n um kosm\u00edska reglu, ekki lofor\u00f0 um l\u00e6kningu. Tr\u00faars\u00f6gulega s\u00e9\u00f0 tilheyrir \u00feessi i\u00f0kun \u201eendurreisnarath\u00f6fnum&#8220; sem einnig eru skjalfestar \u00ed m\u00f6rgum \u00f6\u00f0rum frumbyggjahef\u00f0um.<\/p><p>Mikilv\u00e6g er a\u00f0greiningin: \u00dclgen var vi\u00f0takandi b\u00e6nanna, ekki sj\u00e1lfur l\u00e6knandinn. L\u00e6kningin var \u00ed h\u00f6ndum sjamansins sem mi\u00f0lara, mikilv\u00e6g tr\u00faarf\u00e9lagsfr\u00e6\u00f0ileg a\u00f0greining sem Roberte Hamayon (1990) skerpti gagnvart l\u00edkani Eliades.<\/p>\t\t\t\t\t\t\t\t<\/div>\n\t\t\t\t<\/div>\n\t\t\t\t\t<\/div>\n\t\t\t\t<\/div>\n\t\t<div class=\"elementor-element elementor-element-iwgw-uelgen-s6 e-flex e-con-boxed e-con e-parent\" data-id=\"iwgw-uelgen-s6\" data-element_type=\"container\" data-e-type=\"container\">\n\t\t\t\t\t<div class=\"e-con-inner\">\n\t\t\t\t<div class=\"elementor-element elementor-element-iwgw-uelgen-s6h elementor-widget elementor-widget-heading\" data-id=\"iwgw-uelgen-s6h\" data-element_type=\"widget\" data-e-type=\"widget\" data-widget_type=\"heading.default\">\n\t\t\t\t\t<h2 class=\"elementor-heading-title elementor-size-default\">Hli\u00f0st\u00e6\u00f0ur \u00ed \u00f6\u00f0rum menningarheimum<\/h2>\t\t\t\t<\/div>\n\t\t<div class=\"elementor-element elementor-element-iwgw-uelgen-s6c e-con-full e-flex e-con e-child\" data-id=\"iwgw-uelgen-s6c\" data-element_type=\"container\" data-e-type=\"container\">\n\t\t\t\t<div class=\"elementor-element elementor-element-iwgw-uelgen-s6t elementor-widget elementor-widget-text-editor\" data-id=\"iwgw-uelgen-s6t\" data-element_type=\"widget\" data-e-type=\"widget\" data-widget_type=\"text-editor.default\">\n\t\t\t\t\t\t\t\t\t<p>Byggingarlega samb\u00e6rilegt vi\u00f0 germanska T\u00fd, ved\u00edska Var\u00fana \u00ed lj\u00f3sfunkeign sinni, r\u00f3mverska J\u00fap\u00edter sem gu\u00f0 laga og reglu og, \u00ed S\u00edber\u00edu, vi\u00f0 jak\u00fat\u00edska <em>Aar Tojon<\/em>. Tr\u00faarfyrirb\u00e6rafr\u00e6\u00f0ilega er athyglisvert a\u00f0 \u00dclgen, \u00f3l\u00edkt fjarl\u00e6gum Tengri, hefur \u00e1\u00fereifanlega sk\u00f6punars\u00f6gu, \u00e1n \u00feess \u00fe\u00f3 a\u00f0 ver\u00f0a skapandi frumsm\u00ed\u00f0ari (demiurg) \u00e1 bor\u00f0 vi\u00f0 Yaldabaoth \u00ed gnost\u00edkisma.<\/p><p>N\u00e1in hli\u00f0st\u00e6\u00f0a finnst \u00ed finnska Ukko, sem er einnig \u201evirkari h\u00e1gu\u00f0&#8220; undir abstraktu himinlagi. Finnski Kalevala-fr\u00e6\u00f0ima\u00f0urinn Juha Pentik\u00e4inen dr\u00f3 \u00ed <em>Shamanism and Culture<\/em> (1998) fram ger\u00f0fr\u00e6\u00f0ilegan samanbur\u00f0 milli s\u00edber\u00edskra og finnsk-\u00fagr\u00edskra h\u00e1gu\u00f0a.<\/p><p>S\u00e9rstaklega alta\u00edsk s\u00e9reinkenni er hin stranga skipting \u00ed \u201ehv\u00edta&#8220; og \u201esvarta&#8220; sjamana me\u00f0 a\u00f0skildum \u00e1kallsvi\u00f0takendum. \u00deetta l\u00edkan er sjaldg\u00e6ft \u00ed s\u00edber\u00edskum samanbur\u00f0i og gerir \u00dclgen s\u00e9rlega \u00e1hugaver\u00f0an tr\u00faarfyrirb\u00e6rafr\u00e6\u00f0ilega.<\/p>\t\t\t\t\t\t\t\t<\/div>\n\t\t\t\t<\/div>\n\t\t\t\t\t<\/div>\n\t\t\t\t<\/div>\n\t\t<div class=\"elementor-element elementor-element-iwgw-uelgen-s7 e-flex e-con-boxed e-con e-parent\" data-id=\"iwgw-uelgen-s7\" data-element_type=\"container\" data-e-type=\"container\">\n\t\t\t\t\t<div class=\"e-con-inner\">\n\t\t\t\t<div class=\"elementor-element elementor-element-iwgw-uelgen-s7h elementor-widget elementor-widget-heading\" data-id=\"iwgw-uelgen-s7h\" data-element_type=\"widget\" data-e-type=\"widget\" data-widget_type=\"heading.default\">\n\t\t\t\t\t<h2 class=\"elementor-heading-title elementor-size-default\">N\u00fat\u00edmavi\u00f0t\u00f6kur og ranns\u00f3knir<\/h2>\t\t\t\t<\/div>\n\t\t<div class=\"elementor-element elementor-element-iwgw-uelgen-s7c e-con-full e-flex e-con e-child\" data-id=\"iwgw-uelgen-s7c\" data-element_type=\"container\" data-e-type=\"container\">\n\t\t\t\t<div class=\"elementor-element elementor-element-iwgw-uelgen-s7t elementor-widget elementor-widget-text-editor\" data-id=\"iwgw-uelgen-s7t\" data-element_type=\"widget\" data-e-type=\"widget\" data-widget_type=\"text-editor.default\">\n\t\t\t\t\t\t\t\t\t<p>\u00cd n\u00fat\u00edma alta\u00edsku menningarstarfi er \u00dclgen aftur \u00ed h\u00e1vegum haf\u00f0ur, hann pr\u00fd\u00f0ir fr\u00edmerki, \u00fej\u00f3\u00f0h\u00e1t\u00ed\u00f0ir, sk\u00f3lab\u00e6kur Altai-l\u00fd\u00f0veldisins. Klass\u00edsk v\u00edsindaleg framsetning: Anokhin (1924), L. P. Potapov (<em>Altaiskij schamanizm<\/em>, 1991), Mircea Eliade (1951), Vladimir Basilov (1984) og \u00e1 s\u00ed\u00f0ari t\u00edmum Andrei Znamenski (2007).<\/p><p>Finnski tr\u00faarbrag\u00f0afr\u00e6\u00f0ingurinn Juha Pentik\u00e4inen (<em>Shamanism and Culture<\/em>, 1998) flokkar \u00dclgen inn \u00ed v\u00ed\u00f0t\u00e6kari nor\u00f0urskautslega lj\u00f3sgu\u00f0sr\u00f6\u00f0.<\/p><p>\u00cd alta\u00edskri samt\u00ed\u00f0 er \u00dclgen-<span class=\"iwg-fachbegriff\" data-tooltip=\"Heild tr\u00faarlegra tilbei\u00f0sluathafna til handa gu\u00f0i e\u00f0a heilagri v\u00e6ttu.\" tabindex=\"0\">d\u00fdrkunin<\/span> \u00ed \u00e1kve\u00f0inni spennu: Annars vegar er h\u00fan sett fram sem \u201eekta frumbyggjatr\u00fa&#8220; gagnvart r\u00fassneskri kristni, hins vegar er h\u00fan sj\u00e1lf l\u00f6g\u00f0 yfir me\u00f0 n\u00fdaldar\u00fe\u00e1ttum sem ekki eiga r\u00e6tur \u00ed \u00fej\u00f3\u00f0h\u00e1ttafr\u00e6\u00f0ilegri hef\u00f0. Andrei Znamenski hefur greint \u00feessa spennu \u00edtarlega \u00ed Oxford-bindi s\u00ednu.<\/p><p>S\u00e9rst\u00f6k ranns\u00f3knarstefna fjallar um fornleifafr\u00e6\u00f0ilegar leifar \u00dclgen-mi\u00f0a\u00f0ra athafna; M. P. Grjaznow og V. D. Kubarew hafa skr\u00e1\u00f0 bjargmyndir \u00ed Tuva og \u00e1 Altai-sv\u00e6\u00f0inu sem t\u00falka\u00f0ar hafa veri\u00f0 sem \u00dclgen-riddarar, \u00e1n \u00feess a\u00f0 tengingin s\u00e9 sta\u00f0fest.<\/p>\t\t\t\t\t\t\t\t<\/div>\n\t\t\t\t<\/div>\n\t\t\t\t\t<\/div>\n\t\t\t\t<\/div>\n\t\t<div class=\"elementor-element elementor-element-iwgw-uelgen-s8 e-flex e-con-boxed e-con e-parent\" data-id=\"iwgw-uelgen-s8\" data-element_type=\"container\" data-e-type=\"container\">\n\t\t\t\t\t<div class=\"e-con-inner\">\n\t\t\t\t<div class=\"elementor-element elementor-element-iwgw-uelgen-s8h elementor-widget elementor-widget-heading\" data-id=\"iwgw-uelgen-s8h\" data-element_type=\"widget\" data-e-type=\"widget\" data-widget_type=\"heading.default\">\n\t\t\t\t\t<h2 class=\"elementor-heading-title elementor-size-default\">Ranns\u00f3knarumr\u00e6\u00f0ur og opnar spurningar<\/h2>\t\t\t\t<\/div>\n\t\t<div class=\"elementor-element elementor-element-iwgw-uelgen-s8c e-con-full e-flex e-con e-child\" data-id=\"iwgw-uelgen-s8c\" data-element_type=\"container\" data-e-type=\"container\">\n\t\t\t\t<div class=\"elementor-element elementor-element-iwgw-uelgen-s8t elementor-widget elementor-widget-text-editor\" data-id=\"iwgw-uelgen-s8t\" data-element_type=\"widget\" data-e-type=\"widget\" data-widget_type=\"text-editor.default\">\n\t\t\t\t\t\t\t\t\t<p>\u00derj\u00e1r ranns\u00f3knarumr\u00e6\u00f0ur einkenna \u00dclgen-fr\u00e6\u00f0in. \u00cd fyrsta lagi: Er \u00dclgen klofningur Tengris e\u00f0a sj\u00e1lfst\u00e6tt alta\u00edskt lag? Anokhin og Potapov hneig\u00f0ust a\u00f0 fyrri lestrinum, Roux og Hamayon a\u00f0 \u00feeim s\u00ed\u00f0ari.<\/p><p>\u00cd \u00f6\u00f0ru lagi: Hversu samfelld er \u00dclgen-tilbei\u00f0slan fr\u00e1 t\u00edma fyrir \u00edslam fram til 19.\/20. aldar? Ritu\u00f0 heimildir eru a\u00f0 mestu fjarverandi; \u00fej\u00f3\u00f0h\u00e1ttafr\u00e6\u00f0ileg <span class=\"iwg-fachbegriff\" data-tooltip=\"Mi\u00f0lun \u00feekkingar og fr\u00e1sagna milli kynsl\u00f3\u00f0a.\" tabindex=\"0\">arfleif\u00f0<\/span> er fyrst skjalfest me\u00f0 skipulegum h\u00e6tti fr\u00e1 og me\u00f0 Radloff (1860-\u00e1ratugnum).<\/p><p>\u00cd \u00feri\u00f0ja lagi: Hversu mikinn hlut \u00e1 r\u00fassnesk s\u00f6fnunarstarfsemi sj\u00e1lf \u00ed sam\u00fej\u00f6ppun \u00dclgen-myndarinnar? Andrei Znamenski hefur h\u00e9r lagt fram mikilv\u00e6ga sj\u00e1lfsgagnr\u00fdna huglei\u00f0ingu: Margt af \u00fev\u00ed sem vi\u00f0 vitum um \u00dclgen er einnig afur\u00f0 keisaralegrar og sov\u00e9skrar \u00fej\u00f3\u00f0h\u00e1ttafr\u00e6\u00f0i og ekki eing\u00f6ngu innri s\u00fdn Altai-manna sj\u00e1lfra.<\/p>\t\t\t\t\t\t\t\t<\/div>\n\t\t\t\t<\/div>\n\t\t\t\t\t<\/div>\n\t\t\t\t<\/div>\n\t\t<div class=\"elementor-element elementor-element-iwgw-uelgen-s9 e-flex e-con-boxed e-con e-parent\" data-id=\"iwgw-uelgen-s9\" data-element_type=\"container\" data-e-type=\"container\">\n\t\t\t\t\t<div class=\"e-con-inner\">\n\t\t\t\t<div class=\"elementor-element elementor-element-iwgw-uelgen-s9h elementor-widget elementor-widget-heading\" data-id=\"iwgw-uelgen-s9h\" data-element_type=\"widget\" data-e-type=\"widget\" data-widget_type=\"heading.default\">\n\t\t\t\t\t<h2 class=\"elementor-heading-title elementor-size-default\">\u00dclgen \u00ed samanbur\u00f0i vi\u00f0 h\u00e1gu\u00f0i n\u00e1granna\u00fej\u00f3\u00f0a<\/h2>\t\t\t\t<\/div>\n\t\t<div class=\"elementor-element elementor-element-iwgw-uelgen-s9c e-con-full e-flex e-con e-child\" data-id=\"iwgw-uelgen-s9c\" data-element_type=\"container\" data-e-type=\"container\">\n\t\t\t\t<div class=\"elementor-element elementor-element-iwgw-uelgen-s9t elementor-widget elementor-widget-text-editor\" data-id=\"iwgw-uelgen-s9t\" data-element_type=\"widget\" data-e-type=\"widget\" data-widget_type=\"text-editor.default\">\n\t\t\t\t\t\t\t\t\t<p>Kerfisbundinn samanbur\u00f0ur \u00e1 \u00dclgen og \u00f6\u00f0rum s\u00edber\u00edskum h\u00e1gu\u00f0um er tr\u00faarbrag\u00f0afr\u00e6\u00f0ilega uppl\u00fdsandi. \u00cd samanbur\u00f0i vi\u00f0 tung\u00faska <a href=\"https:\/\/iwell-guard.com\/is\/?page_id=168987\">Buga<\/a> er \u00dclgen mun pers\u00f3nulegri og me\u00f0 r\u00edkari go\u00f0afr\u00e6\u00f0i; \u00ed samanbur\u00f0i vi\u00f0 jak\u00fata <em>\u00dcr\u00fcn Aar Tojon<\/em> er hann hugsa\u00f0ur sem virkari skapari. \u00cd samanbur\u00f0i vi\u00f0 mong\u00f3lska <a href=\"https:\/\/iwell-guard.com\/is\/?page_id=168984\">Khormusta<\/a> skortir hin \u00edr\u00f6nsk-b\u00fadd\u00edsku l\u00f6g.<\/p><p>\u00deessi samanbur\u00f0ur s\u00fdnir a\u00f0 su\u00f0urs\u00edber\u00edsk tr\u00faarbr\u00f6g\u00f0 eru ekki einsleitt lag, heldur breitt spektrum h\u00e1gu\u00f0a af mismunandi ger\u00f0, hver me\u00f0 s\u00edna go\u00f0afr\u00e6\u00f0i, myndm\u00e1l og helgisi\u00f0aframkv\u00e6md. Vladimir Basilov setti fram fyrstu kerfisbundnu samanbur\u00f0arranns\u00f3knina \u00ed <em>Shamanism in Siberia<\/em> (1984).<\/p><p>Tr\u00faarbrag\u00f0afyrirb\u00e6rafr\u00e6\u00f0ilega er \u00dclgen s\u00e9rstaklega \u00e1hugaver\u00f0ur fyrir a\u00f0 fylla upp \u00ed bili\u00f0 milli hins fjarl\u00e6ga Tengri og hinna \u00e1\u00fereifanlegu s\u00e9rgreinagu\u00f0a. \u00deetta millihlutverk gerir hann a\u00f0 einum af \u201el\u00edfseigustu\u201c h\u00e1gu\u00f0um S\u00edber\u00edu.<\/p>\t\t\t\t\t\t\t\t<\/div>\n\t\t\t\t<\/div>\n\t\t\t\t\t<\/div>\n\t\t\t\t<\/div>\n\t\t<div class=\"elementor-element elementor-element-iwgw-uelgen-s10 e-flex e-con-boxed e-con e-parent\" data-id=\"iwgw-uelgen-s10\" data-element_type=\"container\" data-e-type=\"container\">\n\t\t\t\t\t<div class=\"e-con-inner\">\n\t\t\t\t<div class=\"elementor-element elementor-element-iwgw-uelgen-s10h elementor-widget elementor-widget-heading\" data-id=\"iwgw-uelgen-s10h\" data-element_type=\"widget\" data-e-type=\"widget\" data-widget_type=\"heading.default\">\n\t\t\t\t\t<h2 class=\"elementor-heading-title elementor-size-default\">Heimildir og tengsl vi\u00f0 menningarmi\u00f0st\u00f6\u00f0ina<\/h2>\t\t\t\t<\/div>\n\t\t<div class=\"elementor-element elementor-element-iwgw-uelgen-s10c e-con-full e-flex e-con e-child\" data-id=\"iwgw-uelgen-s10c\" data-element_type=\"container\" data-e-type=\"container\">\n\t\t\t\t<div class=\"elementor-element elementor-element-iwgw-uelgen-s10t elementor-widget elementor-widget-text-editor\" data-id=\"iwgw-uelgen-s10t\" data-element_type=\"widget\" data-e-type=\"widget\" data-widget_type=\"text-editor.default\">\n\t\t\t\t\t\t\t\t\t<p>\u00deeir sem vilja rannsaka \u00dclgen-fl\u00f3kann \u00ed heild sinni finna \u00e1 yfirlitss\u00ed\u00f0unni <a href=\"https:\/\/iwell-guard.com\/is\/siberiskur-sjamanismi-tengrismi\/\">S\u00edber\u00edsk-tengr\u00edsk hef\u00f0<\/a> mikilv\u00e6gustu tilv\u00edsanirnar \u00ed tengdar verur eins og <a href=\"https:\/\/iwell-guard.com\/is\/?page_id=168980\">Tengri<\/a>, <a href=\"https:\/\/iwell-guard.com\/is\/?page_id=168981\">Erlik Khan<\/a> og m\u00f3\u00f0urverndarverurna <a href=\"https:\/\/iwell-guard.com\/is\/?page_id=168979\">Umai<\/a>.<\/p><p>Efni A. V. Anokhins, <em>Materialien zum <span class=\"iwg-fachbegriff\" data-tooltip=\"Tr\u00faarlegt kerfi \u00fear sem s\u00e9rfr\u00e6\u00f0ingar hafa samskipti vi\u00f0 andaheiminn.\" tabindex=\"0\">shamanisma<\/span> der Altaier<\/em> (1924), er mikilv\u00e6gasta frumheimildin og veitir n\u00e1kv\u00e6mar l\u00fdsingar \u00e1 sex heilum shamanaath\u00f6fnum sem hann skr\u00e1\u00f0i sj\u00e1lfur. <em>Altaiskij schamanizm<\/em> (1991) eftir L. P. Potapov er mikilv\u00e6gasta sov\u00e9sk-r\u00fassneska samantektin.<\/p><p>Fyrir hnattst\u00f6\u00f0ulega samhengi\u00f0 m\u00e1 v\u00edsa \u00ed <em>Shamanism and Culture<\/em> (1998) eftir Juha Pentik\u00e4inen, sem setur \u00dclgen \u00ed v\u00ed\u00f0ara samhengi lj\u00f3sgu\u00f0a fr\u00e1 Skandinav\u00edu til S\u00edber\u00edu.<\/p>\t\t\t\t\t\t\t\t<\/div>\n\t\t\t\t<\/div>\n\t\t\t\t\t<\/div>\n\t\t\t\t<\/div>\n\t\t<div class=\"elementor-element elementor-element-iwgw-uelgen-s11 e-flex e-con-boxed e-con e-parent\" data-id=\"iwgw-uelgen-s11\" data-element_type=\"container\" data-e-type=\"container\">\n\t\t\t\t\t<div class=\"e-con-inner\">\n\t\t\t\t<div class=\"elementor-element elementor-element-iwgw-uelgen-s11h elementor-widget elementor-widget-heading\" data-id=\"iwgw-uelgen-s11h\" data-element_type=\"widget\" data-e-type=\"widget\" data-widget_type=\"heading.default\">\n\t\t\t\t\t<h2 class=\"elementor-heading-title elementor-size-default\">Fyrirb\u00e6rafr\u00e6\u00f0i lj\u00f3ssins \u00ed tr\u00faarbr\u00f6g\u00f0um<\/h2>\t\t\t\t<\/div>\n\t\t<div class=\"elementor-element elementor-element-iwgw-uelgen-s11c e-con-full e-flex e-con e-child\" data-id=\"iwgw-uelgen-s11c\" data-element_type=\"container\" data-e-type=\"container\">\n\t\t\t\t<div class=\"elementor-element elementor-element-iwgw-uelgen-s11t elementor-widget elementor-widget-text-editor\" data-id=\"iwgw-uelgen-s11t\" data-element_type=\"widget\" data-e-type=\"widget\" data-widget_type=\"text-editor.default\">\n\t\t\t\t\t\t\t\t\t<p>\u00dclgen er kennslub\u00f3kard\u00e6mi um tr\u00faarbrag\u00f0afyrirb\u00e6rafr\u00e6\u00f0ilega flokkinn \u201elj\u00f3sgu\u00f0\u201c, sem Wilhelm Schmidt setti fram \u00ed h\u00e1gu\u00f0akenningu sinni og s\u00ed\u00f0ar Friedrich Heiler \u00fer\u00f3a\u00f0i \u00e1fram \u00ed <em>Erscheinungsformen und Wesen der Religion<\/em> (1961). Einkennandi er tenging lj\u00f3ss, h\u00e6\u00f0ar, sk\u00f6punar og si\u00f0fer\u00f0ilegrar reglu.<\/p><p>\u00cd samanbur\u00f0i vi\u00f0 a\u00f0ra lj\u00f3sgu\u00f0i, svo sem hinn ved\u00edska Surya, hinn egypska Ra og hinn zoroastr\u00edska Hvar Khshaeta, skortir hj\u00e1 \u00dclgen bein sams\u00f6mun vi\u00f0 s\u00f3lardiskinn; hann er frekar \u201ehinn lj\u00f3mandi h\u00e1gu\u00f0\u201c \u00e1 bak vi\u00f0 stjarnfr\u00e6\u00f0ilegu fyrirb\u00e6rin. \u00deetta gerir hann fr\u00e6\u00f0ilega n\u00e6r ind\u00f3evr\u00f3pskum h\u00e1gu\u00f0um eins og Varuna e\u00f0a Tyr en ind\u00f3-\u00edr\u00f6nskum s\u00f3lgu\u00f0um.<\/p><p>Tengingin vi\u00f0 heimstr\u00e9i\u00f0 er kjarnaminni sem haf\u00f0i afgerandi \u00e1hrif \u00e1 hugtak Eliades um \u201eAxis Mundi\u201c. \u00de\u00f3tt kenning Eliades s\u00e9 n\u00fa til gagnr\u00fdninnar sko\u00f0unar, er efni\u00f0 \u00far \u00dclgen-fl\u00f3kanum enn eitt sannf\u00e6randi d\u00e6mi\u00f0 um l\u00f3\u00f0r\u00e9ttar heimsfr\u00e6\u00f0ilegar mi\u00f0lunarstr\u00fakt\u00far.<\/p>\t\t\t\t\t\t\t\t<\/div>\n\t\t\t\t<\/div>\n\t\t\t\t\t<\/div>\n\t\t\t\t<\/div>\n\t\t<div class=\"elementor-element elementor-element-iwgw-uelgen-s12 e-flex e-con-boxed e-con e-parent\" data-id=\"iwgw-uelgen-s12\" data-element_type=\"container\" data-e-type=\"container\">\n\t\t\t\t\t<div class=\"e-con-inner\">\n\t\t\t\t<div class=\"elementor-element elementor-element-iwgw-uelgen-s12h elementor-widget elementor-widget-heading\" data-id=\"iwgw-uelgen-s12h\" data-element_type=\"widget\" data-e-type=\"widget\" data-widget_type=\"heading.default\">\n\t\t\t\t\t<h2 class=\"elementor-heading-title elementor-size-default\">A\u00f0fer\u00f0afr\u00e6\u00f0ileg \u00edgrundun<\/h2>\t\t\t\t<\/div>\n\t\t<div class=\"elementor-element elementor-element-iwgw-uelgen-s12c e-con-full e-flex e-con e-child\" data-id=\"iwgw-uelgen-s12c\" data-element_type=\"container\" data-e-type=\"container\">\n\t\t\t\t<div class=\"elementor-element elementor-element-iwgw-uelgen-s12t elementor-widget elementor-widget-text-editor\" data-id=\"iwgw-uelgen-s12t\" data-element_type=\"widget\" data-e-type=\"widget\" data-widget_type=\"text-editor.default\">\n\t\t\t\t\t\t\t\t\t<p>\u00cd ranns\u00f3knum \u00e1 \u00dclgen koma upp nokkur a\u00f0fer\u00f0afr\u00e6\u00f0ileg vandam\u00e1l. \u00cd fyrsta lagi: alta\u00edsk tr\u00faarbr\u00f6g\u00f0 voru \u00e1 19. \u00f6ld skr\u00e1\u00f0 fyrst og fremst af r\u00fassnesk-or\u00fe\u00f3doxum tr\u00fabo\u00f0um og s\u00ed\u00f0ar af r\u00fassneskum \u00fej\u00f3\u00f0fr\u00e6\u00f0ingum. B\u00e1\u00f0ir h\u00f3parnir h\u00f6f\u00f0u t\u00falkunarforsendur sem skekkja hina var\u00f0veittu mynd.<\/p><p>\u00cd \u00f6\u00f0ru lagi: n\u00e1kv\u00e6mar athafnaskr\u00e1r Anokhins (1909) eru fram\u00farskarandi heimild, en lita\u00f0ar af n\u00e6rveru sj\u00e1lfs athugandans. A\u00f0fer\u00f0afr\u00e6\u00f0ileg umr\u00e6\u00f0a um \u201e\u00fe\u00e1ttt\u00f6kuathugun\u201c \u00ed tr\u00faarbrag\u00f0a\u00fej\u00f3\u00f0fr\u00e6\u00f0i \u00e1 beinl\u00ednis vi\u00f0 um efni Anokhins.<\/p><p>\u00cd \u00feri\u00f0ja lagi: hin samt\u00edmalega endur-tengrisv\u00e6\u00f0ing \u00ed Altai-l\u00fd\u00f0veldinu sm\u00ed\u00f0ar samfellda \u00dclgen-myndhef\u00f0 sem svo sameinu\u00f0 fannst ekki \u00ed hinu s\u00f6guleg efni. \u00deessi sm\u00ed\u00f0 er tr\u00faarbrag\u00f0af\u00e9lagsfr\u00e6\u00f0ilega \u00e1hugaver\u00f0, en \u00e6tti ekki a\u00f0 rugla saman vi\u00f0 hi\u00f0 s\u00f6gulega lag.<\/p>\t\t\t\t\t\t\t\t<\/div>\n\t\t\t\t<\/div>\n\t\t\t\t\t<\/div>\n\t\t\t\t<\/div>\n\t\t<div class=\"elementor-element elementor-element-iwgw-uelgen-s13 e-flex e-con-boxed e-con e-parent\" data-id=\"iwgw-uelgen-s13\" data-element_type=\"container\" data-e-type=\"container\">\n\t\t\t\t\t<div class=\"e-con-inner\">\n\t\t\t\t<div class=\"elementor-element elementor-element-iwgw-uelgen-s13h elementor-widget elementor-widget-heading\" data-id=\"iwgw-uelgen-s13h\" data-element_type=\"widget\" data-e-type=\"widget\" data-widget_type=\"heading.default\">\n\t\t\t\t\t<h2 class=\"elementor-heading-title elementor-size-default\">\u00dclgen og hugmyndin um heimstr\u00e9i\u00f0<\/h2>\t\t\t\t<\/div>\n\t\t<div class=\"elementor-element elementor-element-iwgw-uelgen-s13c e-con-full e-flex e-con e-child\" data-id=\"iwgw-uelgen-s13c\" data-element_type=\"container\" data-e-type=\"container\">\n\t\t\t\t<div class=\"elementor-element elementor-element-iwgw-uelgen-s13t elementor-widget elementor-widget-text-editor\" data-id=\"iwgw-uelgen-s13t\" data-element_type=\"widget\" data-e-type=\"widget\" data-widget_type=\"text-editor.default\">\n\t\t\t\t\t\t\t\t\t<p>Mi\u00f0l\u00e6g tr\u00faart\u00e1knmynd \u00ed \u00dclgen-fl\u00f3kanum er heimstr\u00e9i\u00f0, <em>baj-terek<\/em>: himneskt lerki- e\u00f0a birkitr\u00e9, \u00fear sem r\u00e6turnar n\u00e1 ni\u00f0ur \u00ed undirheima og kr\u00f3nan endar undir h\u00e1s\u00e6ti \u00dclgens. Me\u00f0fram \u00feessum \u00e1si framkv\u00e6mir hv\u00edti <span class=\"iwg-fachbegriff\" data-tooltip=\"Tr\u00faarlegur s\u00e9rfr\u00e6\u00f0ingur sem eignu\u00f0 er mi\u00f0lunarhlutverk milli manna og andaheimsins.\" tabindex=\"0\">shamaninn<\/span> uppstigning s\u00edna.<\/p><p>Mircea Eliade ger\u00f0i \u00feetta <span class=\"iwg-fachbegriff\" data-tooltip=\"Endurteki\u00f0 innihaldsstef \u00ed list e\u00f0a fr\u00e1s\u00f6gn.\" tabindex=\"0\">minni<\/span> a\u00f0 mi\u00f0l\u00e6gum flokki \u00ed <span class=\"iwg-fachbegriff\" data-tooltip=\"Tr\u00faarlegt kerfi \u00fear sem s\u00e9rfr\u00e6\u00f0ingar hafa samskipti vi\u00f0 andaheiminn.\" tabindex=\"0\">shamanisma<\/span>-l\u00edkani s\u00ednu og \u00fer\u00f3a\u00f0i \u00fea\u00f0 kerfisbundi\u00f0 undir hugtakinu \u201eAxis Mundi\u201c \u00ed <em>Le sacr\u00e9 et le profane<\/em> (1957) og <em>Le chamanisme<\/em> (1951). \u00de\u00f3tt l\u00edkan Eliades s\u00e9 n\u00fa til gagnr\u00fdninnar sko\u00f0unar, er \u00dclgen-heimstr\u00e9i\u00f0 enn eitt sannf\u00e6randi d\u00e6mi\u00f0 um l\u00f3\u00f0r\u00e9tta heimsfr\u00e6\u00f0ilega mi\u00f0lunarstr\u00fakt\u00far \u00ed frumbyggjatr\u00fa.<\/p><p>Samt\u00edma alta\u00edskir listamenn n\u00fdta s\u00e9r hugmyndina um heimstr\u00e9i\u00f0; h\u00fan m\u00e1 sj\u00e1 \u00e1 fj\u00f6lda veggmynda, minjagripa og \u00ed \u00fej\u00f3\u00f0listars\u00fdningum. \u00deessi endurn\u00fdting er tr\u00faarbrag\u00f0af\u00e9lagsfr\u00e6\u00f0ilega \u00e1hugaver\u00f0 \u00fev\u00ed h\u00fan umbreytir tr\u00faarlegu <span class=\"iwg-fachbegriff\" data-tooltip=\"Endurteki\u00f0 innihaldsstef \u00ed list e\u00f0a fr\u00e1s\u00f6gn.\" tabindex=\"0\">minni<\/span> \u00ed menningarlegt sj\u00e1lfsmyndart\u00e1kn.<\/p>\t\t\t\t\t\t\t\t<\/div>\n\t\t\t\t<\/div>\n\t\t\t\t\t<\/div>\n\t\t\t\t<\/div>\n\t\t<div class=\"elementor-element elementor-element-iwgw-uelgen-s14 e-flex e-con-boxed e-con e-parent\" data-id=\"iwgw-uelgen-s14\" data-element_type=\"container\" data-e-type=\"container\">\n\t\t\t\t\t<div class=\"e-con-inner\">\n\t\t\t\t<div class=\"elementor-element elementor-element-iwgw-uelgen-s14h elementor-widget elementor-widget-heading\" data-id=\"iwgw-uelgen-s14h\" data-element_type=\"widget\" data-e-type=\"widget\" data-widget_type=\"heading.default\">\n\t\t\t\t\t<h2 class=\"elementor-heading-title elementor-size-default\">\u00dclgen \u00ed lj\u00f3si samt\u00edma ranns\u00f3knarumr\u00e6\u00f0u<\/h2>\t\t\t\t<\/div>\n\t\t<div class=\"elementor-element elementor-element-iwgw-uelgen-s14c e-con-full e-flex e-con e-child\" data-id=\"iwgw-uelgen-s14c\" data-element_type=\"container\" data-e-type=\"container\">\n\t\t\t\t<div class=\"elementor-element elementor-element-iwgw-uelgen-s14t elementor-widget elementor-widget-text-editor\" data-id=\"iwgw-uelgen-s14t\" data-element_type=\"widget\" data-e-type=\"widget\" data-widget_type=\"text-editor.default\">\n\t\t\t\t\t\t\t\t\t<p>Samt\u00edmaranns\u00f3knir \u00e1 \u00dclgen eru \u00ed nokkrum gagnlegum spennu\u00e1st\u00f6ndum. \u00c1 annarri hli\u00f0inni er hin r\u00f3tgr\u00f3na r\u00fassnesk-sov\u00e9ska sk\u00f3li (Potapov, Tokarev), sem vinnur me\u00f0 r\u00edkulegu emp\u00edr\u00edsku efni s\u00ednu; \u00e1 hinni hli\u00f0inni er vestr\u00e6n tr\u00faarbrag\u00f0afyrirb\u00e6rafr\u00e6\u00f0i (Eliade, Pentik\u00e4inen), sem leitar a\u00f0 almennum tr\u00faarlegum str\u00fakt\u00farum.<\/p><p>B\u00e1\u00f0ir sk\u00f3larnir b\u00e6ta hvor annan upp, \u00e1n \u00feess a\u00f0 vera fullkomlega samhlj\u00f3\u00f0a. Roberte Hamayon ger\u00f0i \u00feessa spennu sk\u00fdra \u00ed <em>La chasse \u00e0 l&#8217;\u00e2me<\/em> (1990) og tala\u00f0i fyrir \u00feri\u00f0ju, f\u00e9lags-efnahagslega grundvalla\u00f0ri lestri.<\/p><p>Andrei Znamenski hefur \u00ed verkum s\u00ednum fr\u00e1 2003 unni\u00f0 kerfisbundi\u00f0 \u00far a\u00f0fer\u00f0afr\u00e6\u00f0ilegum vandam\u00e1lum <span class=\"iwg-fachbegriff\" data-tooltip=\"Tr\u00faarlegt kerfi \u00fear sem s\u00e9rfr\u00e6\u00f0ingar hafa samskipti vi\u00f0 andaheiminn.\" tabindex=\"0\">shamanisma<\/span>ranns\u00f3kna: Hversu miki\u00f0 af ranns\u00f3knarmyndinni er \u00e1hrif ranns\u00f3knarinnar sj\u00e1lfrar? \u00deessi \u00edgrundandi vending einkennir \u00ed dag einnig \u00dclgen-ranns\u00f3knir. Fyrir unga tr\u00faarbrag\u00f0afr\u00e6\u00f0inga er \u00feetta l\u00e6rd\u00f3msr\u00edkt d\u00e6mi.<\/p>\t\t\t\t\t\t\t\t<\/div>\n\t\t\t\t<\/div>\n\t\t\t\t\t<\/div>\n\t\t\t\t<\/div>\n\t\t<div class=\"elementor-element elementor-element-cp2bb9b29e e-flex e-con-boxed e-con e-parent\" data-id=\"cp2bb9b29e\" data-element_type=\"container\" data-e-type=\"container\">\n\t\t\t\t\t<div class=\"e-con-inner\">\n\t\t\t\t<div class=\"elementor-element elementor-element-cp26f84b97 elementor-widget elementor-widget-heading\" data-id=\"cp26f84b97\" data-element_type=\"widget\" data-e-type=\"widget\" data-widget_type=\"heading.default\">\n\t\t\t\t\t<h2 class=\"elementor-heading-title elementor-size-default\">\u00dclgen \u00ed tr\u00faarbr\u00f6g\u00f0um Altai-Tyrkja: heimildir og skr\u00e1setjarar<\/h2>\t\t\t\t<\/div>\n\t\t<div class=\"elementor-element elementor-element-cp237ddc15 e-flex e-con-boxed e-con e-child\" data-id=\"cp237ddc15\" data-element_type=\"container\" data-e-type=\"container\">\n\t\t\t\t\t<div class=\"e-con-inner\">\n\t\t\t\t<div class=\"elementor-element elementor-element-cp28067a54 elementor-widget elementor-widget-text-editor\" data-id=\"cp28067a54\" data-element_type=\"widget\" data-e-type=\"widget\" data-widget_type=\"text-editor.default\">\n\t\t\t\t\t\t\t\t\t<p><span class=\"iwg-fachbegriff\" data-tooltip=\"Vera sem er d\u00fdrku\u00f0 sem gu\u00f0leg innan tr\u00faarbrag\u00f0a.\" tabindex=\"0\">Gu\u00f0d\u00f3murinn<\/span> \u00dclgen, sem einnig er rita\u00f0ur <em>\u00dclg\u00e4n<\/em> e\u00f0a <em>Bai \u00dclgen<\/em>, er \u00feekktastur \u00far tr\u00faarbr\u00f6g\u00f0um tyrkneskum\u00e6landi \u00fej\u00f3\u00f0a \u00ed Altai-fj\u00f6llunum. Mikilv\u00e6gustu l\u00fdsingarnar eigum vi\u00f0 \u00fej\u00f3\u00f0fr\u00e6\u00f0iranns\u00f3knum 19. og fyrri hluta 20. aldar a\u00f0 \u00feakka.<\/p><p>S\u00e9rstaka \u00fe\u00fd\u00f0ingu hafa verk fr\u00e6\u00f0imannsins Wilhelm Radloff auk tr\u00fabo\u00f0ans og m\u00e1lv\u00edsindamannsins Wassili Werbizki, sem st\u00f6rfu\u00f0u me\u00f0al Altai-b\u00faa \u00e1 19. \u00f6ld og s\u00f6fnu\u00f0u textum, b\u00e6num og l\u00fdsingum \u00e1 helgisi\u00f0um.<\/p><p>\u00cd \u00feessum heimildum birtist \u00dclgen sem h\u00e1leitur, velvilja\u00f0ur himingu\u00f0 sem b\u00fdr \u00ed einu af efri himinl\u00f6gunum. \u00cd m\u00f6rgum sagnahef\u00f0um stendur Erlik, herra undirheimanna, honum andsp\u00e6nis. \u00dclgen er tengdur sk\u00f6pun, frj\u00f3semi, b\u00faf\u00e9na\u00f0i og velfer\u00f0 manna.<\/p><p>\u00d3l\u00edkt fjarl\u00e6gum, a\u00f0ger\u00f0alausum himingu\u00f0i var \u00dclgen vi\u00f0takandi \u00e1kve\u00f0inna helgisi\u00f0a; honum voru f\u00e6r\u00f0ar d\u00fdraf\u00f3rnir, einkum hestar, og sjamaninn (hinn helgisi\u00f0afr\u00f3\u00f0i s\u00e9rfr\u00e6\u00f0ingur) \u00e1tti samskipti vi\u00f0 hann me\u00f0 helgis\u00f6ngvum.<\/p><p>Vi\u00f0 notkun \u00feessara heimilda ber a\u00f0 hafa \u00ed huga a\u00f0 Werbizki var tr\u00fabo\u00f0i og sko\u00f0a\u00f0i tr\u00faarbr\u00f6g\u00f0 Altai-b\u00faa \u00fat fr\u00e1 kristnu sj\u00f3narhorni, \u00e1 me\u00f0an Radloff haf\u00f0i meiri \u00e1huga \u00e1 m\u00e1l- og \u00fej\u00f3\u00f0fr\u00e6\u00f0i. B\u00e1\u00f0ir skr\u00e1\u00f0u \u00feeir jafnframt tr\u00faarbr\u00f6g\u00f0 sem \u00feegar h\u00f6f\u00f0u or\u00f0i\u00f0 fyrir \u00e1hrifum af b\u00faddisma, kristni og r\u00fassneskri yfirdrottnun.<\/p><p>Sumir fr\u00e6\u00f0imenn hafa jafnvel geti\u00f0 s\u00e9r til um a\u00f0 tv\u00edhyggjan milli \u00dclgen og Erlik g\u00e6ti stafa\u00f0 af \u00edranskt-z\u00f3r\u00f3astr\u00edskum e\u00f0a kristnum \u00e1hrifum. \u00deessari spurningu er ekki endanlega svara\u00f0, en h\u00fan minnir okkur \u00e1 a\u00f0 varast a\u00f0 l\u00edta \u00e1 hina var\u00f0veittu mynd af \u00dclgen sem \u00e6vaforna og \u00f3h\u00e1\u00f0a \u00f6\u00f0rum \u00e1hrifum \u00e1n n\u00e1nari sko\u00f0unar. Skyldir himingu\u00f0ir \u00feekkjast einnig me\u00f0al n\u00e1granna\u00fej\u00f3\u00f0a \u00ed <a href=\"https:\/\/iwell-guard.com\/is\/siberiskur-sjamanismi-tengrismi\/\">innri-as\u00edskum menningarheimum<\/a>.<\/p>\t\t\t\t\t\t\t\t<\/div>\n\t\t\t\t\t<\/div>\n\t\t\t\t<\/div>\n\t\t\t\t\t<\/div>\n\t\t\t\t<\/div>\n\t\t<div class=\"elementor-element elementor-element-cp299b431d e-flex e-con-boxed e-con e-parent\" data-id=\"cp299b431d\" data-element_type=\"container\" data-e-type=\"container\">\n\t\t\t\t\t<div class=\"e-con-inner\">\n\t\t\t\t<div class=\"elementor-element elementor-element-cp206c9790 elementor-widget elementor-widget-heading\" data-id=\"cp206c9790\" data-element_type=\"widget\" data-e-type=\"widget\" data-widget_type=\"heading.default\">\n\t\t\t\t\t<h2 class=\"elementor-heading-title elementor-size-default\">Sjamanafer\u00f0in til himins a\u00f0 finna \u00dclgen: n\u00e1kv\u00e6m sko\u00f0un \u00e1 athafnatexta<\/h2>\t\t\t\t<\/div>\n\t\t<div class=\"elementor-element elementor-element-cp262fe7ef e-flex e-con-boxed e-con e-child\" data-id=\"cp262fe7ef\" data-element_type=\"container\" data-e-type=\"container\">\n\t\t\t\t\t<div class=\"e-con-inner\">\n\t\t\t\t<div class=\"elementor-element elementor-element-cp213fcfa0 elementor-widget elementor-widget-text-editor\" data-id=\"cp213fcfa0\" data-element_type=\"widget\" data-e-type=\"widget\" data-widget_type=\"text-editor.default\">\n\t\t\t\t\t\t\t\t\t<p>Ein \u00e1hrifamesta heimildin um alta\u00edsk tr\u00faarbr\u00f6g\u00f0 er l\u00fdsingin \u00e1 helgisi\u00f0afer\u00f0 til himins til fundar vi\u00f0 \u00dclgen, eins og Wilhelm Radloff me\u00f0al annarra hefur skr\u00e1\u00f0 og sem tr\u00faarbrag\u00f0afr\u00e6\u00f0ingurinn Mircea Eliade fjalla\u00f0i s\u00ed\u00f0ar \u00edtarlega um \u00ed ranns\u00f3kn sinni \u00e1 <span class=\"iwg-fachbegriff\" data-tooltip=\"Tr\u00faarlegt kerfi \u00fear sem s\u00e9rfr\u00e6\u00f0ingar hafa samskipti vi\u00f0 andaheiminn.\" tabindex=\"0\">sjamanisma<\/span>. <span class=\"iwg-fachbegriff\" data-tooltip=\"Skipul\u00f6g\u00f0 r\u00f6\u00f0 t\u00e1knr\u00e6nna athafna me\u00f0 tr\u00faarlega e\u00f0a menningarlega merkingu.\" tabindex=\"0\">Helgisi\u00f0urinn<\/span> f\u00f3lst \u00ed \u00fev\u00ed a\u00f0 f\u00e6ra \u00dclgen hestaf\u00f3rn og \u00e1tti a\u00f0 tryggja velvild hans gagnvart samf\u00e9laginu.<\/p><p>Ferli\u00f0, eins og \u00fev\u00ed er l\u00fdst \u00ed heimildunum, er \u00ed m\u00f6rgum \u00ferepum. Eftir undirb\u00faning, sem f\u00f3l me\u00f0al annars \u00ed s\u00e9r val og helgisi\u00f0abundna me\u00f0h\u00f6ndlun f\u00f3rnard\u00fdrsins, steig shamaninn t\u00e1knr\u00e6nt upp eftir r\u00f6\u00f0 skora sem skornar voru \u00ed birkitr\u00e9 og t\u00e1knu\u00f0u r\u00f6\u00f0 himinlaganna hverju \u00e1 f\u00e6tur \u00f6\u00f0ru.<\/p><p>\u00cd helgis\u00f6ngvum l\u00fdsti hann uppg\u00f6ngunni fr\u00e1 einu lagi til annars, m\u00e6tti \u00e1 lei\u00f0inni \u00fdmsum verum og n\u00e1lga\u00f0ist a\u00f0 lokum s\u00e6ti \u00dclgens. \u00c1 \u00feessum t\u00edmapunkti bar hann fram b\u00e6nir samf\u00e9lagsins og reyndi a\u00f0 r\u00e1\u00f0a af sv\u00f6runum hva\u00f0 framt\u00ed\u00f0in b\u00e6ri \u00ed skauti s\u00e9r, til d\u00e6mis um komandi uppskeru e\u00f0a fj\u00f6lgun hjar\u00f0a.<\/p><p>Vi\u00f0 mat \u00e1 \u00feessari fr\u00e1s\u00f6gn er varf\u00e6rni vi\u00f0 h\u00e6fi. Textinn sem Radloff skr\u00e1\u00f0i er tiltekin flutningur bundinn sta\u00f0 og stund, ekki t\u00edmalaust handrit. Eliade almenndi hann sem fyrirmyndard\u00e6mi um sjaman\u00edska himinfer\u00f0, en s\u00ed\u00f0ari ranns\u00f3knir hafa gagnr\u00fdnt tilhneigingu hans til alh\u00e6fingar.<\/p><p>\u00dea\u00f0 sem stendur eftir er a\u00f0 \u00dclgen var \u00ed alta\u00edskri i\u00f0kun ekki a\u00f0eins gu\u00f0fr\u00e6\u00f0ileg hugmynd, heldur markmi\u00f0 umfangsmikillar helgisi\u00f0aathafnar \u00fear sem stigskipting himinsins og uppganga s\u00e9rfr\u00e6\u00f0ingsins voru sett fram me\u00f0 \u00e1\u00fereifanlegum h\u00e6tti.<\/p>\t\t\t\t\t\t\t\t<\/div>\n\t\t\t\t\t<\/div>\n\t\t\t\t<\/div>\n\t\t\t\t\t<\/div>\n\t\t\t\t<\/div>\n\t\t<div class=\"elementor-element elementor-element-cp25359e9f e-flex e-con-boxed e-con e-parent\" data-id=\"cp25359e9f\" data-element_type=\"container\" data-e-type=\"container\">\n\t\t\t\t\t<div class=\"e-con-inner\">\n\t\t\t\t<div class=\"elementor-element elementor-element-cp239a60e9 elementor-widget elementor-widget-heading\" data-id=\"cp239a60e9\" data-element_type=\"widget\" data-e-type=\"widget\" data-widget_type=\"heading.default\">\n\t\t\t\t\t<h2 class=\"elementor-heading-title elementor-size-default\">\u00dclgen og Erlik: tv\u00edhyggjukerfi\u00f0 og t\u00falkanir \u00feess<\/h2>\t\t\t\t<\/div>\n\t\t<div class=\"elementor-element elementor-element-cp2c94b71a e-flex e-con-boxed e-con e-child\" data-id=\"cp2c94b71a\" data-element_type=\"container\" data-e-type=\"container\">\n\t\t\t\t\t<div class=\"e-con-inner\">\n\t\t\t\t<div class=\"elementor-element elementor-element-cp27d463c9 elementor-widget elementor-widget-text-editor\" data-id=\"cp27d463c9\" data-element_type=\"widget\" data-e-type=\"widget\" data-widget_type=\"text-editor.default\">\n\t\t\t\t\t\t\t\t\t<p>Einkennandi fyrir hina hef\u00f0bundnu mynd af \u00dclgen er n\u00e1in tengsl hans vi\u00f0 m\u00f3tverki\u00f0 <a href=\"https:\/\/iwell-guard.com\/is\/siberiskur-sjamanismi-tengrismi\/\">Erlik<\/a>. \u00cd m\u00f6rgum alta\u00edskum s\u00f6gnum koma \u00feeir tveir fram sem gagnkv\u00e6mt p\u00f6r: \u00dclgen efst \u00e1 himnum, tengdur lj\u00f3si, sk\u00f6pun og l\u00edfi, Erlik ne\u00f0st, tengdur undirheimum, sj\u00fakd\u00f3mum og dau\u00f0a.<\/p><p>Sumar sk\u00f6punarsagnir l\u00e1ta b\u00e1\u00f0a taka \u00fe\u00e1tt \u00ed sk\u00f6pun heimsins, \u00fear sem framlag Erliks felur oft \u00ed s\u00e9r hi\u00f0 \u00f3fullkomna e\u00f0a ska\u00f0lega \u00ed heiminum.<\/p><p>\u00deetta tv\u00edhyggjukerfi hefur veri\u00f0 rannsakendum miki\u00f0 hug\u00f0arefni. Ein spurningin er hvort hin sk\u00fdra tv\u00edhyggja s\u00e9 upprunalegt einkenni alta\u00edsks tr\u00faarbrag\u00f0a e\u00f0a hvort h\u00fan hafi styrkst vegna samskipta vi\u00f0 tv\u00edhyggjuleg tr\u00faarkerfi, til a\u00f0 mynda sara\u00fe\u00fastr\u00edsk vi\u00f0horf sem berast me\u00f0 innri-as\u00edskum verslunarlei\u00f0um e\u00f0a kristin hugmyndir um Gu\u00f0 og dj\u00f6fulinn me\u00f0 r\u00fassneska tr\u00fabo\u00f0inu.<\/p><p>Ekki er unnt a\u00f0 f\u00e1 afdr\u00e1ttarlaust svar, \u00fev\u00ed heimildirnar eru a\u00f0eins til fr\u00e1 t\u00edma \u00feegar sl\u00edk samskipti h\u00f6f\u00f0u lengi veri\u00f0 til sta\u00f0ar.<\/p><p>Mikilv\u00e6gt er einnig a\u00f0 andst\u00e6\u00f0an milli \u00dclgen og Erlik \u00e6tti ekki a\u00f0 skiljast sem einf\u00f6ld bar\u00e1tta g\u00f3\u00f0s og ills. \u00cd m\u00f6rgum s\u00f6gnum er Erlik ekki hreinn andst\u00e6\u00f0ingur, heldur nau\u00f0synlegur hluti heimsskipulagsins, sem var\u00f0 a\u00f0 n\u00e1 samkomulagi vi\u00f0 eins og \u00dclgen.<\/p><p>Sjamanar \u00e1ttu \u00ed samskiptum b\u00e6\u00f0i vi\u00f0 efri og ne\u00f0ri heiminn. Sambandi\u00f0 milli \u00feessara tveggja krafta er \u00fev\u00ed r\u00e9ttara a\u00f0 l\u00fdsa sem spennu\u00ferungnu samspili en si\u00f0fer\u00f0ilegri tv\u00edhyggju. Fyrir skilning \u00e1 \u00dclgen lei\u00f0ir \u00feetta til \u00feess a\u00f0 merking hans opnast fyllilega a\u00f0eins \u00ed samhengi vi\u00f0 Erlik: hann er himneski p\u00f3lurinn \u00ed tv\u00edp\u00f3la heimsmynd.<\/p>\t\t\t\t\t\t\t\t<\/div>\n\t\t\t\t\t<\/div>\n\t\t\t\t<\/div>\n\t\t\t\t\t<\/div>\n\t\t\t\t<\/div>\n\t\t<div class=\"elementor-element elementor-element-iwgw-uelgen-lit e-flex e-con-boxed e-con e-parent\" data-id=\"iwgw-uelgen-lit\" data-element_type=\"container\" data-e-type=\"container\">\n\t\t\t\t\t<div class=\"e-con-inner\">\n\t\t\t\t<div class=\"elementor-element elementor-element-iwgw-uelgen-lith elementor-widget elementor-widget-heading\" data-id=\"iwgw-uelgen-lith\" data-element_type=\"widget\" data-e-type=\"widget\" data-widget_type=\"heading.default\">\n\t\t\t\t\t<h2 class=\"elementor-heading-title elementor-size-default\">Heimildir (\u00farval)<\/h2>\t\t\t\t<\/div>\n\t\t<div class=\"elementor-element elementor-element-iwgw-uelgen-litc e-con-full e-flex e-con e-child\" data-id=\"iwgw-uelgen-litc\" data-element_type=\"container\" data-e-type=\"container\">\n\t\t\t\t<div class=\"elementor-element elementor-element-iwgw-uelgen-litt elementor-widget elementor-widget-text-editor\" data-id=\"iwgw-uelgen-litt\" data-element_type=\"widget\" data-e-type=\"widget\" data-widget_type=\"text-editor.default\">\n\t\t\t\t\t\t\t\t\t<ul><li>A. V. Anokhin: <em>Materialien zum <span class=\"iwg-fachbegriff\" data-tooltip=\"Tr\u00faarlegt kerfi \u00fear sem s\u00e9rfr\u00e6\u00f0ingar eiga samskipti vi\u00f0 andaheiminn.\" tabindex=\"0\">sjamanisma<\/span> Altaier<\/em> (1924)<\/li><li>L. P. Potapov: <em>Altaiskij schamanizm<\/em> (1991)<\/li><li>Mircea Eliade: <em>Le chamanisme<\/em> (1951)<\/li><li>Vladimir Basilov: <em>Shamanism in Siberia<\/em> (1984)<\/li><li>Juha Pentik\u00e4inen: <em>Shamanism and Culture<\/em> (1998)<\/li><li>Andrei Znamenski: <em>Shamanism and Western Imagination<\/em> (2007)<\/li><li>Roberte Hamayon: <em>La chasse \u00e0 l&#8217;\u00e2me<\/em> (1990)<\/li><\/ul>\t\t\t\t\t\t\t\t<\/div>\n\t\t\t\t<\/div>\n\t\t\t\t\t<\/div>\n\t\t\t\t<\/div>\n\t\t<div class=\"elementor-element elementor-element-iwgkw-add-uelgen e-flex e-con-boxed e-con e-parent\" data-id=\"iwgkw-add-uelgen\" data-element_type=\"container\" data-e-type=\"container\">\n\t\t\t\t\t<div class=\"e-con-inner\">\n\t\t\t\t<div class=\"elementor-element elementor-element-iwgkw-add-uelgen-t elementor-widget elementor-widget-text-editor\" data-id=\"iwgkw-add-uelgen-t\" data-element_type=\"widget\" data-e-type=\"widget\" data-widget_type=\"text-editor.default\">\n\t\t\t\t\t\t\t\t\t<p>Alta\u00edski lj\u00f3sgu\u00f0inn kemur fram \u00ed heimildum me\u00f0 tveimur algengum umritunum: <strong>\u00dclgen<\/strong> \u00ed hinni tyrkfr\u00e6\u00f0ilegu sta\u00f0almynd og <strong>Uelgen<\/strong> \u00ed \u00fe\u00fdskum\u00e6landi textum \u00e1n s\u00e9rstafa.<\/p><p>B\u00e1\u00f0ar rith\u00e1tturinn v\u00edsa til s\u00f6mu verunnar, sem \u00ed skr\u00e1ningum Wilhelm Radloffs og s\u00ed\u00f0ari ranns\u00f3knum \u00e1 s\u00edber\u00edskum tr\u00faarbr\u00f6g\u00f0um birtist sem skapari efri heimsins og andst\u00e6\u00f0a undirheimav\u00e6ttarins Erlik. Tv\u00edritunin au\u00f0veldar leit \u00ed eldri ritaskr\u00e1m og \u00ed stafr\u00e6num skr\u00e1m \u00fear sem umlaut eru unnin \u00e1 mismunandi h\u00e1tt.<\/p>\t\t\t\t\t\t\t\t<\/div>\n\t\t\t\t\t<\/div>\n\t\t\t\t<\/div>\n\t\t<div class=\"elementor-element elementor-element-iwgkw2-add-uelgen e-flex e-con-boxed e-con e-parent\" data-id=\"iwgkw2-add-uelgen\" data-element_type=\"container\" data-e-type=\"container\">\n\t\t\t\t\t<div class=\"e-con-inner\">\n\t\t\t\t<div class=\"elementor-element elementor-element-iwgkw2-add-uelgen-t elementor-widget elementor-widget-text-editor\" data-id=\"iwgkw2-add-uelgen-t\" data-element_type=\"widget\" data-e-type=\"widget\" data-widget_type=\"text-editor.default\">\n\t\t\t\t\t\t\t\t\t<p>\u00cd <em>alta\u00edsku<\/em> sk\u00f6punargo\u00f0s\u00f6gninni er \u00dclgen lj\u00f3sr\u00edkur himnaherra efri heimsins, en andst\u00e6\u00f0ingur hans Erlik r\u00e6\u00f0ur undirheimum; \u00fej\u00f3\u00f0fr\u00e6\u00f0ilegar skr\u00e1ningar Wilhelm Radloffs \u00e1 n\u00edtj\u00e1ndu \u00f6ld skjalfesta <span class=\"iwg-fachbegriff\" data-tooltip=\"Heild gu\u00f0a \u00ed tr\u00faarbr\u00f6g\u00f0um e\u00f0a menningu.\" tabindex=\"0\">go\u00f0heiminn<\/span> (pantheon) \u00edtarlega.<\/p>\t\t\t\t\t\t\t\t<\/div>\n\t\t\t\t\t<\/div>\n\t\t\t\t<\/div>\n\t\t<div class=\"elementor-element elementor-element-iwgw-uelgen-kwd e-flex e-con-boxed e-con e-parent\" data-id=\"iwgw-uelgen-kwd\" data-element_type=\"container\" data-e-type=\"container\">\n\t\t\t\t\t<div class=\"e-con-inner\">\n\t\t<div class=\"elementor-element elementor-element-iwgw-uelgen-kwdc e-con-full e-flex e-con e-child\" data-id=\"iwgw-uelgen-kwdc\" data-element_type=\"container\" data-e-type=\"container\">\n\t\t\t\t<div class=\"elementor-element elementor-element-iwgw-uelgen-kwdt elementor-widget elementor-widget-text-editor\" data-id=\"iwgw-uelgen-kwdt\" data-element_type=\"widget\" data-e-type=\"widget\" data-widget_type=\"text-editor.default\">\n\t\t\t\t\t\t\t\t\t<p><em>Tengd leitaror\u00f0: \u00dclgen Aq Kam hv\u00edtir sjamanar n\u00edu himnar alta\u00edsk sk\u00f6pun.<\/em><\/p>\t\t\t\t\t\t\t\t<\/div>\n\t\t\t\t<\/div>\n\t\t\t\t\t<\/div>\n\t\t\t\t<\/div>\n\t\t<div class=\"elementor-element elementor-element-iwgw-uelgen-cc e-flex e-con-boxed e-con e-parent\" data-id=\"iwgw-uelgen-cc\" data-element_type=\"container\" data-e-type=\"container\" id=\"iwg-cc-uelgen\">\n\t\t\t\t\t<div class=\"e-con-inner\">\n\t\t<div class=\"elementor-element elementor-element-iwgw-uelgen-ccinner e-flex e-con-boxed e-con e-parent\" data-id=\"iwgw-uelgen-ccinner\" data-element_type=\"container\" data-e-type=\"container\" data-settings=\"{&quot;background_background&quot;:&quot;classic&quot;}\">\n\t\t\t\t\t<div class=\"e-con-inner\">\n\t\t\t\t<div class=\"elementor-element elementor-element-iwgw-uelgen-cch elementor-widget elementor-widget-heading\" data-id=\"iwgw-uelgen-cch\" data-element_type=\"widget\" data-e-type=\"widget\" data-widget_type=\"heading.default\">\n\t\t\t\t\t<h2 class=\"elementor-heading-title elementor-size-default\">iWell Guard og verndarhef\u00f0ir<\/h2>\t\t\t\t<\/div>\n\t\t\t\t<div class=\"elementor-element elementor-element-iwgw-uelgen-cct elementor-widget elementor-widget-text-editor\" data-id=\"iwgw-uelgen-cct\" data-element_type=\"widget\" data-e-type=\"widget\" data-widget_type=\"text-editor.default\">\n\t\t\t\t\t\t\t\t\t<div data-nosnippet=\"true\"><p>iWell Guard tengist menningars\u00f6gulegri hef\u00f0 farandlegra verndargripa, \u00ed hef\u00f0 <a href=\"https:\/\/iwell-guard.com\/is\/siberiskur-sjamanismi-tengrismi\/\">S\u00edber\u00edu \/ tengrisma<\/a> og margra annarra menningarheima um allan heim. 41 l\u00f6g, alv\u00f6ru gull, plat\u00edna, silfur, framleitt \u00ed \u00de\u00fdskalandi. 30 daga skilar\u00e9ttur.<\/p><\/div>\t\t\t\t\t\t\t\t<\/div>\n\t\t\t\t<div class=\"elementor-element elementor-element-iwgw-uelgen-ccb iwg-cc-button iwg-cc-cta-2026-05-13 elementor-widget elementor-widget-jet-button\" data-id=\"iwgw-uelgen-ccb\" data-element_type=\"widget\" data-e-type=\"widget\" data-widget_type=\"jet-button.default\">\n\t\t\t\t<div class=\"elementor-widget-container\">\n\t\t\t\t\t<div class=\"elementor-jet-button jet-elements\"><div class=\"jet-button__container\"><a class=\"jet-button__instance jet-button__instance--icon-left hover-effect-1\" href=\"\/ueber-iwell-guard\/?utm_source=iwell-guard.com&amp;utm_medium=info-box&amp;utm_campaign=wesen-tradition\"><div class=\"jet-button__plane jet-button__plane-normal\"><\/div><div class=\"jet-button__plane jet-button__plane-hover\"><\/div><div class=\"jet-button__state jet-button__state-normal\"><span class=\"jet-button__label\">Meira um iWell Guard<\/span><\/div><div class=\"jet-button__state jet-button__state-hover\"><span class=\"jet-button__label\">Meira um iWell Guard<\/span><\/div><\/a><\/div><\/div><style>.elementor-element.elementor-element-iwgw-uelgen-ccb .jet-button__instance{width:320px;height:56px;}.elementor-element.elementor-element-iwgw-uelgen-ccb .jet-button__state-normal .jet-button__label{text-align:center;margin:0px 0px 0px 0px;color:#1a1b20;font-family:Montserrat,sans-serif;font-size:13px;font-weight:400;letter-spacing:4px;line-height:1.714em;text-transform:uppercase;}.elementor-element.elementor-element-iwgw-uelgen-ccb .jet-button__state-hover .jet-button__label{text-align:center;margin:0px 0px 0px 0px;color:#FECC76;font-family:Montserrat,sans-serif;font-size:13px;font-weight:400;letter-spacing:4px;line-height:1.714em;text-transform:uppercase;}.elementor-element.elementor-element-iwgw-uelgen-ccb .jet-button__plane-normal{background-color:#FECC76;border-style:solid;border-color:#C99540;border-width:2px 2px 2px 2px;}.elementor-element.elementor-element-iwgw-uelgen-ccb .jet-button__plane-hover{background-color:rgba(0,0,0,0.55);border-style:solid;border-color:#FECC76;border-width:2px 2px 2px 2px;}<\/style>\t\t\t\t<\/div>\n\t\t\t\t<\/div>\n\t\t\t\t<div class=\"elementor-element elementor-element-iwgw-uelgen-ccd elementor-widget elementor-widget-text-editor\" data-id=\"iwgw-uelgen-ccd\" data-element_type=\"widget\" data-e-type=\"widget\" data-widget_type=\"text-editor.default\">\n\t\t\t\t\t\t\t\t\t<div data-nosnippet=\"true\"><p style=\"text-align:center;font-size:13px;opacity:0.7;margin-top:14px\" data-nosnippet=\"true\">Pers\u00f3nuleg reynsla getur veri\u00f0 mismunandi. Ekki l\u00e6kningat\u00e6ki. Engin lofor\u00f0 um l\u00e6kningu.<\/p><\/div>\t\t\t\t\t\t\t\t<\/div>\n\t\t\t\t\t<\/div>\n\t\t\t\t<\/div>\n\t\t\t\t\t<\/div>\n\t\t\t\t<\/div>\n\t\t<div class=\"elementor-element elementor-element-iwgw-uelgen-disc e-flex e-con-boxed e-con e-parent\" data-id=\"iwgw-uelgen-disc\" data-element_type=\"container\" data-e-type=\"container\">\n\t\t\t\t\t<div class=\"e-con-inner\">\n\t\t\t\t<div class=\"elementor-element elementor-element-iwgw-uelgen-discw elementor-widget elementor-widget-html\" data-id=\"iwgw-uelgen-discw\" data-element_type=\"widget\" data-e-type=\"widget\" data-widget_type=\"html.default\">\n\t\t\t\t\t<footer data-nosnippet=\"true\" class=\"iwg-disclaimer-block\"><p data-nosnippet=\"true\">iWell Guard er <strong>ekki l\u00e6kningat\u00e6ki<\/strong> og kemur ekki \u00ed sta\u00f0inn fyrir l\u00e6knis- e\u00f0a s\u00e1lfr\u00e6\u00f0ime\u00f0fer\u00f0. Tr\u00faarfr\u00e6\u00f0ilegt efni er menningars\u00f6gulegt samhengi, ekki r\u00e1\u00f0legging um andlega i\u00f0kun.<\/p><\/footer>\t\t\t\t<\/div>\n\t\t\t\t\t<\/div>\n\t\t\t\t<\/div>\n\t\t\t\t<\/div>\n\t\t","protected":false},"excerpt":{"rendered":"","protected":false},"author":3,"featured_media":2858,"parent":0,"menu_order":0,"comment_status":"closed","ping_status":"closed","template":"elementor_header_footer","meta":{"_yoast_wpseo_focuskw":"\u00dclgen lj\u00f3sgu\u00f0 Altai","_yoast_wpseo_title":"\u00dclgen \u2013 Altai-lj\u00f3sgu\u00f0, sk\u00f6pun og heimildir","_yoast_wpseo_metadesc":"\u00dclgen er \u00ed su\u00f0urs\u00edber\u00edskum tengrisma skapari og lj\u00f3sgu\u00f0 efri heimsins. Umfj\u00f6llun um go\u00f0s\u00f6gn og \u00e1tr\u00fana\u00f0.","_yoast_wpseo_meta-robots-noindex":"","_yoast_wpseo_canonical":"","_angie_page":false,"gefaehrdungsstufe":"1","wesen_kultur":"sibirisch-tengrismus","wesen_klasse":"goetter","footnotes":""},"categories":[],"class_list":["post-168983","page","type-page","status-publish","has-post-thumbnail","hentry"],"yoast_head":"<!-- This site is optimized with the Yoast SEO Premium plugin v27.7 (Yoast SEO v28.3) - https:\/\/yoast.com\/product\/yoast-seo-premium-wordpress\/ -->\n<title>\u00dclgen \u2013 Altai-lj\u00f3sgu\u00f0, sk\u00f6pun og heimildir<\/title>\n<meta name=\"description\" content=\"\u00dclgen er \u00ed su\u00f0urs\u00edber\u00edskum tengrisma skapari og lj\u00f3sgu\u00f0 efri heimsins. Umfj\u00f6llun um go\u00f0s\u00f6gn og \u00e1tr\u00fana\u00f0.\" \/>\n<meta name=\"robots\" content=\"index, follow, max-snippet:-1, max-image-preview:large, max-video-preview:-1\" \/>\n<link rel=\"canonical\" href=\"https:\/\/iwell-guard.com\/is\/ulgen-ljosgud-altai\/\" \/>\n<meta property=\"og:locale\" content=\"is_IS\" \/>\n<meta property=\"og:type\" content=\"article\" \/>\n<meta property=\"og:title\" content=\"\u00dclgen \u2013 Lj\u00f3sgu\u00f0 Altaimanna\" \/>\n<meta property=\"og:description\" content=\"\u00dclgen er \u00ed su\u00f0urs\u00edber\u00edskum tengrisma skapari og lj\u00f3sgu\u00f0 efri heimsins. Umfj\u00f6llun um go\u00f0s\u00f6gn og \u00e1tr\u00fana\u00f0.\" \/>\n<meta property=\"og:url\" content=\"https:\/\/iwell-guard.com\/is\/ulgen-ljosgud-altai\/\" \/>\n<meta property=\"og:site_name\" content=\"iWell Guard\" \/>\n<meta property=\"article:modified_time\" content=\"2026-09-05T14:28:53+00:00\" \/>\n<meta property=\"og:image\" content=\"https:\/\/iwell-guard.com\/wp-content\/uploads\/2026\/05\/goetter_sibirisch-tengrismus_uelgen.webp\" \/>\n\t<meta property=\"og:image:width\" content=\"1024\" \/>\n\t<meta property=\"og:image:height\" content=\"1536\" \/>\n\t<meta property=\"og:image:type\" content=\"image\/webp\" \/>\n<meta name=\"twitter:card\" content=\"summary_large_image\" \/>\n<script type=\"application\/ld+json\" class=\"yoast-schema-graph\">{\"@context\":\"https:\\\/\\\/schema.org\",\"@graph\":[{\"@type\":\"WebPage\",\"@id\":\"https:\\\/\\\/iwell-guard.com\\\/is\\\/ulgen-ljosgud-altai\\\/\",\"url\":\"https:\\\/\\\/iwell-guard.com\\\/is\\\/ulgen-ljosgud-altai\\\/\",\"name\":\"\u00dclgen \u2013 Altai-lj\u00f3sgu\u00f0, sk\u00f6pun og heimildir\",\"isPartOf\":{\"@id\":\"https:\\\/\\\/iwell-guard.com\\\/is\\\/#website\"},\"primaryImageOfPage\":{\"@id\":\"https:\\\/\\\/iwell-guard.com\\\/is\\\/ulgen-ljosgud-altai\\\/#primaryimage\"},\"image\":{\"@id\":\"https:\\\/\\\/iwell-guard.com\\\/is\\\/ulgen-ljosgud-altai\\\/#primaryimage\"},\"thumbnailUrl\":\"https:\\\/\\\/iwell-guard.com\\\/wp-content\\\/uploads\\\/2026\\\/05\\\/goetter_sibirisch-tengrismus_uelgen.webp\",\"datePublished\":\"2026-09-05T14:04:35+00:00\",\"dateModified\":\"2026-09-05T14:28:53+00:00\",\"description\":\"\u00dclgen er \u00ed su\u00f0urs\u00edber\u00edskum tengrisma skapari og lj\u00f3sgu\u00f0 efri heimsins. Umfj\u00f6llun um go\u00f0s\u00f6gn og \u00e1tr\u00fana\u00f0.\",\"breadcrumb\":{\"@id\":\"https:\\\/\\\/iwell-guard.com\\\/is\\\/ulgen-ljosgud-altai\\\/#breadcrumb\"},\"inLanguage\":\"is\",\"potentialAction\":[{\"@type\":\"ReadAction\",\"target\":[\"https:\\\/\\\/iwell-guard.com\\\/is\\\/ulgen-ljosgud-altai\\\/\"]}]},{\"@type\":\"ImageObject\",\"inLanguage\":\"is\",\"@id\":\"https:\\\/\\\/iwell-guard.com\\\/is\\\/ulgen-ljosgud-altai\\\/#primaryimage\",\"url\":\"https:\\\/\\\/iwell-guard.com\\\/wp-content\\\/uploads\\\/2026\\\/05\\\/goetter_sibirisch-tengrismus_uelgen.webp\",\"contentUrl\":\"https:\\\/\\\/iwell-guard.com\\\/wp-content\\\/uploads\\\/2026\\\/05\\\/goetter_sibirisch-tengrismus_uelgen.webp\",\"width\":1024,\"height\":1536,\"caption\":\"Gu\u00f0 \u00far hef\u00f0 s\u00edber\u00edsks tengrisma.\"},{\"@type\":\"BreadcrumbList\",\"@id\":\"https:\\\/\\\/iwell-guard.com\\\/is\\\/ulgen-ljosgud-altai\\\/#breadcrumb\",\"itemListElement\":[{\"@type\":\"ListItem\",\"position\":1,\"name\":\"Start\",\"item\":\"https:\\\/\\\/iwell-guard.com\\\/is\\\/?page_id=168580\"},{\"@type\":\"ListItem\",\"position\":2,\"name\":\"\u00dclgen \u2013 Lj\u00f3sgu\u00f0 Altaimanna\"}]},{\"@type\":\"WebSite\",\"@id\":\"https:\\\/\\\/iwell-guard.com\\\/is\\\/#website\",\"url\":\"https:\\\/\\\/iwell-guard.com\\\/is\\\/\",\"name\":\"iWell Guard\",\"description\":\"Schutz vor dunklen Einfl\u00fcssen\",\"publisher\":{\"@id\":\"https:\\\/\\\/iwell-guard.com\\\/is\\\/#organization\"},\"potentialAction\":[{\"@type\":\"SearchAction\",\"target\":{\"@type\":\"EntryPoint\",\"urlTemplate\":\"https:\\\/\\\/iwell-guard.com\\\/is\\\/?s={search_term_string}\"},\"query-input\":{\"@type\":\"PropertyValueSpecification\",\"valueRequired\":true,\"valueName\":\"search_term_string\"}}],\"inLanguage\":\"is\"},{\"@type\":\"Organization\",\"@id\":\"https:\\\/\\\/iwell-guard.com\\\/is\\\/#organization\",\"name\":\"Ittermann electronic GmbH\",\"url\":\"https:\\\/\\\/iwell-guard.com\\\/is\\\/\",\"logo\":{\"@type\":\"ImageObject\",\"inLanguage\":\"is\",\"@id\":\"https:\\\/\\\/iwell-guard.com\\\/is\\\/#\\\/schema\\\/logo\\\/image\\\/\",\"url\":\"https:\\\/\\\/iwell-guard.com\\\/wp-content\\\/uploads\\\/2026\\\/05\\\/Ittermann-Logo-1182x237-1.png\",\"contentUrl\":\"https:\\\/\\\/iwell-guard.com\\\/wp-content\\\/uploads\\\/2026\\\/05\\\/Ittermann-Logo-1182x237-1.png\",\"width\":1182,\"height\":237,\"caption\":\"Ittermann electronic GmbH\"},\"image\":{\"@id\":\"https:\\\/\\\/iwell-guard.com\\\/is\\\/#\\\/schema\\\/logo\\\/image\\\/\"},\"sameAs\":[\"https:\\\/\\\/pantip.com\\\/profile\\\/9367242\",\"https:\\\/\\\/micro.blog\\\/iwellguard\",\"https:\\\/\\\/www.diggerslist.com\\\/iwellguard\\\/about\",\"https:\\\/\\\/skitterphoto.com\\\/photographers\\\/2870314\\\/iwell-guard\",\"https:\\\/\\\/iwellguard.wordpress.com\\\/2026\\\/06\\\/06\\\/iwell-guard\\\/\",\"https:\\\/\\\/hub.docker.com\\\/u\\\/iwellguard\",\"https:\\\/\\\/www.pinterest.com\\\/iwellguard\\\/\",\"https:\\\/\\\/bit.ly\\\/m\\\/iwellguard\",\"https:\\\/\\\/entre-vos-mains.alsace.eu\\\/profiles\\\/iwellguard\\\/activity\",\"https:\\\/\\\/gravatar.com\\\/reallybeded8fd34\",\"https:\\\/\\\/naijamatta.com\\\/iwellguard\",\"https:\\\/\\\/www.goodreads.com\\\/iwellguard\",\"https:\\\/\\\/profile.hatena.ne.jp\\\/iwellguard\\\/\",\"https:\\\/\\\/experiment.com\\\/users\\\/iwellguard\",\"https:\\\/\\\/wakelet.com\\\/@iWellGuard82270\",\"https:\\\/\\\/www.chordie.com\\\/forum\\\/profile.php?id=2555664\",\"https:\\\/\\\/www.instapaper.com\\\/p\\\/17757966\",\"https:\\\/\\\/www.mapleprimes.com\\\/users\\\/iwellguard\",\"https:\\\/\\\/businesslistingplus.com\\\/profile\\\/iwell-guard\\\/\",\"https:\\\/\\\/telegra.ph\\\/iWell-Guard-06-06\",\"https:\\\/\\\/pbase.com\\\/iwellguard\\\/iwellguard\",\"https:\\\/\\\/b.hatena.ne.jp\\\/iwellguard\\\/20260607#bookmark-4788405196491818882\",\"https:\\\/\\\/fliphtml5.com\\\/home\\\/iwellguard\",\"https:\\\/\\\/anyflip.com\\\/homepage\\\/cmiwl#About\",\"https:\\\/\\\/transfur.com\\\/Users\\\/iwellguard\",\"http:\\\/\\\/delphi.larsbo.org\\\/user\\\/iwellguard\",\"https:\\\/\\\/jobs.lajobsportal.org\\\/profiles\\\/8380803-iwell-guard\",\"https:\\\/\\\/md.chaosdorf.de\\\/s\\\/jfbe5SBdJD\",\"https:\\\/\\\/www.lingvolive.com\\\/en-us\\\/profile\\\/9ecaeaca-ce11-4e51-9e71-01d55e2bff36\\\/translations\",\"https:\\\/\\\/www.fitday.com\\\/fitness\\\/forums\\\/members\\\/iwellguard.html\",\"https:\\\/\\\/www.mymeetbook.com\\\/iwellguard\",\"https:\\\/\\\/pxhere.com\\\/en\\\/photographer-me\\\/5040798\",\"https:\\\/\\\/disqus.com\\\/by\\\/iwellguard\\\/about\\\/\",\"https:\\\/\\\/pastelink.net\\\/hjwciqwq\",\"https:\\\/\\\/pubhtml5.com\\\/homepage\\\/scjhn\\\/\",\"https:\\\/\\\/www.bitchute.com\\\/channel\\\/2O2eOKzNqujT\",\"https:\\\/\\\/audiomack.com\\\/iwellguard\"]},{\"@type\":\"Article\",\"@id\":\"https:\\\/\\\/iwell-guard.com\\\/is\\\/ulgen-ljosgud-altai\\\/#article\",\"isPartOf\":{\"@id\":\"https:\\\/\\\/iwell-guard.com\\\/is\\\/ulgen-ljosgud-altai\\\/\"},\"author\":{\"name\":\"Ralf Ittermann\",\"@id\":\"https:\\\/\\\/iwell-guard.com\\\/is\\\/#\\\/schema\\\/person\\\/ee2a27f1cac3406c7c6fb5820cb7349f\"},\"headline\":\"\u00dclgen \u2013 Lj\u00f3sgu\u00f0 Altaimanna\",\"datePublished\":\"2026-09-05T14:04:35+00:00\",\"dateModified\":\"2026-09-05T14:28:53+00:00\",\"mainEntityOfPage\":{\"@id\":\"https:\\\/\\\/iwell-guard.com\\\/is\\\/ulgen-ljosgud-altai\\\/\"},\"publisher\":{\"@id\":\"https:\\\/\\\/iwell-guard.com\\\/is\\\/#organization\"},\"image\":{\"@id\":\"https:\\\/\\\/iwell-guard.com\\\/is\\\/ulgen-ljosgud-altai\\\/#primaryimage\"},\"thumbnailUrl\":\"https:\\\/\\\/iwell-guard.com\\\/wp-content\\\/uploads\\\/2026\\\/05\\\/goetter_sibirisch-tengrismus_uelgen.webp\",\"inLanguage\":\"is\",\"description\":\"\u00dclgen er \u00ed su\u00f0urs\u00edber\u00edskum tengrisma skapari og lj\u00f3sgu\u00f0 efri heimsins. Umfj\u00f6llun um go\u00f0s\u00f6gn og \u00e1tr\u00fana\u00f0.\"}]}<\/script>\n<!-- \/ Yoast SEO Premium plugin. -->","yoast_head_json":{"title":"\u00dclgen \u2013 Altai-lj\u00f3sgu\u00f0, sk\u00f6pun og heimildir","description":"\u00dclgen er \u00ed su\u00f0urs\u00edber\u00edskum tengrisma skapari og lj\u00f3sgu\u00f0 efri heimsins. Umfj\u00f6llun um go\u00f0s\u00f6gn og \u00e1tr\u00fana\u00f0.","robots":{"index":"index","follow":"follow","max-snippet":"max-snippet:-1","max-image-preview":"max-image-preview:large","max-video-preview":"max-video-preview:-1"},"canonical":"https:\/\/iwell-guard.com\/is\/ulgen-ljosgud-altai\/","og_locale":"is_IS","og_type":"article","og_title":"\u00dclgen \u2013 Lj\u00f3sgu\u00f0 Altaimanna","og_description":"\u00dclgen er \u00ed su\u00f0urs\u00edber\u00edskum tengrisma skapari og lj\u00f3sgu\u00f0 efri heimsins. Umfj\u00f6llun um go\u00f0s\u00f6gn og \u00e1tr\u00fana\u00f0.","og_url":"https:\/\/iwell-guard.com\/is\/ulgen-ljosgud-altai\/","og_site_name":"iWell Guard","article_modified_time":"2026-09-05T14:28:53+00:00","og_image":[{"width":1024,"height":1536,"url":"https:\/\/iwell-guard.com\/wp-content\/uploads\/2026\/05\/goetter_sibirisch-tengrismus_uelgen.webp","type":"image\/webp"}],"twitter_card":"summary_large_image","schema":{"@context":"https:\/\/schema.org","@graph":[{"@type":"Article","@id":"https:\/\/iwell-guard.com\/is\/ulgen-ljosgud-altai\/#article","isPartOf":{"@id":"https:\/\/iwell-guard.com\/is\/ulgen-ljosgud-altai\/"},"author":{"name":"Ralf Ittermann","@id":"https:\/\/iwell-guard.com\/is\/#\/schema\/person\/ee2a27f1cac3406c7c6fb5820cb7349f"},"headline":"\u00dclgen \u2013 Lj\u00f3sgu\u00f0 Altaimanna","datePublished":"2026-09-05T14:04:35+00:00","dateModified":"2026-09-05T14:28:53+00:00","mainEntityOfPage":{"@id":"https:\/\/iwell-guard.com\/is\/ulgen-ljosgud-altai\/"},"publisher":{"@id":"https:\/\/iwell-guard.com\/is\/#organization"},"image":{"@id":"https:\/\/iwell-guard.com\/is\/ulgen-ljosgud-altai\/#primaryimage"},"thumbnailUrl":"https:\/\/iwell-guard.com\/wp-content\/uploads\/2026\/05\/goetter_sibirisch-tengrismus_uelgen.webp","inLanguage":"is","description":"\u00dclgen er \u00ed su\u00f0urs\u00edber\u00edskum tengrisma skapari og lj\u00f3sgu\u00f0 efri heimsins. Umfj\u00f6llun um go\u00f0s\u00f6gn og \u00e1tr\u00fana\u00f0."},{"@type":"WebPage","@id":"https:\/\/iwell-guard.com\/is\/ulgen-ljosgud-altai\/","url":"https:\/\/iwell-guard.com\/is\/ulgen-ljosgud-altai\/","name":"\u00dclgen \u2013 Altai-lj\u00f3sgu\u00f0, sk\u00f6pun og heimildir","isPartOf":{"@id":"https:\/\/iwell-guard.com\/is\/#website"},"primaryImageOfPage":{"@id":"https:\/\/iwell-guard.com\/is\/ulgen-ljosgud-altai\/#primaryimage"},"image":{"@id":"https:\/\/iwell-guard.com\/is\/ulgen-ljosgud-altai\/#primaryimage"},"thumbnailUrl":"https:\/\/iwell-guard.com\/wp-content\/uploads\/2026\/05\/goetter_sibirisch-tengrismus_uelgen.webp","datePublished":"2026-09-05T14:04:35+00:00","dateModified":"2026-09-05T14:28:53+00:00","description":"\u00dclgen er \u00ed su\u00f0urs\u00edber\u00edskum tengrisma skapari og lj\u00f3sgu\u00f0 efri heimsins. Umfj\u00f6llun um go\u00f0s\u00f6gn og \u00e1tr\u00fana\u00f0.","breadcrumb":{"@id":"https:\/\/iwell-guard.com\/is\/ulgen-ljosgud-altai\/#breadcrumb"},"inLanguage":"is","potentialAction":[{"@type":"ReadAction","target":["https:\/\/iwell-guard.com\/is\/ulgen-ljosgud-altai\/"]}]},{"@type":"ImageObject","inLanguage":"is","@id":"https:\/\/iwell-guard.com\/is\/ulgen-ljosgud-altai\/#primaryimage","url":"https:\/\/iwell-guard.com\/wp-content\/uploads\/2026\/05\/goetter_sibirisch-tengrismus_uelgen.webp","contentUrl":"https:\/\/iwell-guard.com\/wp-content\/uploads\/2026\/05\/goetter_sibirisch-tengrismus_uelgen.webp","width":1024,"height":1536,"caption":"Gu\u00f0 \u00far hef\u00f0 s\u00edber\u00edsks tengrisma."},{"@type":"BreadcrumbList","@id":"https:\/\/iwell-guard.com\/is\/ulgen-ljosgud-altai\/#breadcrumb","itemListElement":[{"@type":"ListItem","position":1,"name":"Start","item":"https:\/\/iwell-guard.com\/is\/?page_id=168580"},{"@type":"ListItem","position":2,"name":"\u00dclgen \u2013 Lj\u00f3sgu\u00f0 Altaimanna"}]},{"@type":"WebSite","@id":"https:\/\/iwell-guard.com\/is\/#website","url":"https:\/\/iwell-guard.com\/is\/","name":"iWell Guard","description":"Schutz vor dunklen Einfl\u00fcssen","publisher":{"@id":"https:\/\/iwell-guard.com\/is\/#organization"},"potentialAction":[{"@type":"SearchAction","target":{"@type":"EntryPoint","urlTemplate":"https:\/\/iwell-guard.com\/is\/?s={search_term_string}"},"query-input":{"@type":"PropertyValueSpecification","valueRequired":true,"valueName":"search_term_string"}}],"inLanguage":"is"},{"@type":"Organization","@id":"https:\/\/iwell-guard.com\/is\/#organization","name":"Ittermann electronic GmbH","url":"https:\/\/iwell-guard.com\/is\/","logo":{"@type":"ImageObject","inLanguage":"is","@id":"https:\/\/iwell-guard.com\/is\/#\/schema\/logo\/image\/","url":"https:\/\/iwell-guard.com\/wp-content\/uploads\/2026\/05\/Ittermann-Logo-1182x237-1.png","contentUrl":"https:\/\/iwell-guard.com\/wp-content\/uploads\/2026\/05\/Ittermann-Logo-1182x237-1.png","width":1182,"height":237,"caption":"Ittermann electronic GmbH"},"image":{"@id":"https:\/\/iwell-guard.com\/is\/#\/schema\/logo\/image\/"},"sameAs":["https:\/\/pantip.com\/profile\/9367242","https:\/\/micro.blog\/iwellguard","https:\/\/www.diggerslist.com\/iwellguard\/about","https:\/\/skitterphoto.com\/photographers\/2870314\/iwell-guard","https:\/\/iwellguard.wordpress.com\/2026\/06\/06\/iwell-guard\/","https:\/\/hub.docker.com\/u\/iwellguard","https:\/\/www.pinterest.com\/iwellguard\/","https:\/\/bit.ly\/m\/iwellguard","https:\/\/entre-vos-mains.alsace.eu\/profiles\/iwellguard\/activity","https:\/\/gravatar.com\/reallybeded8fd34","https:\/\/naijamatta.com\/iwellguard","https:\/\/www.goodreads.com\/iwellguard","https:\/\/profile.hatena.ne.jp\/iwellguard\/","https:\/\/experiment.com\/users\/iwellguard","https:\/\/wakelet.com\/@iWellGuard82270","https:\/\/www.chordie.com\/forum\/profile.php?id=2555664","https:\/\/www.instapaper.com\/p\/17757966","https:\/\/www.mapleprimes.com\/users\/iwellguard","https:\/\/businesslistingplus.com\/profile\/iwell-guard\/","https:\/\/telegra.ph\/iWell-Guard-06-06","https:\/\/pbase.com\/iwellguard\/iwellguard","https:\/\/b.hatena.ne.jp\/iwellguard\/20260607#bookmark-4788405196491818882","https:\/\/fliphtml5.com\/home\/iwellguard","https:\/\/anyflip.com\/homepage\/cmiwl#About","https:\/\/transfur.com\/Users\/iwellguard","http:\/\/delphi.larsbo.org\/user\/iwellguard","https:\/\/jobs.lajobsportal.org\/profiles\/8380803-iwell-guard","https:\/\/md.chaosdorf.de\/s\/jfbe5SBdJD","https:\/\/www.lingvolive.com\/en-us\/profile\/9ecaeaca-ce11-4e51-9e71-01d55e2bff36\/translations","https:\/\/www.fitday.com\/fitness\/forums\/members\/iwellguard.html","https:\/\/www.mymeetbook.com\/iwellguard","https:\/\/pxhere.com\/en\/photographer-me\/5040798","https:\/\/disqus.com\/by\/iwellguard\/about\/","https:\/\/pastelink.net\/hjwciqwq","https:\/\/pubhtml5.com\/homepage\/scjhn\/","https:\/\/www.bitchute.com\/channel\/2O2eOKzNqujT","https:\/\/audiomack.com\/iwellguard"]},{"@type":"Person","@id":"https:\/\/iwell-guard.com\/is\/#\/schema\/person\/ee2a27f1cac3406c7c6fb5820cb7349f","name":"Ralf Ittermann","image":{"@type":"ImageObject","inLanguage":"is","@id":"https:\/\/secure.gravatar.com\/avatar\/073c0153e350a5005b68eb752b445fea71f6b24a26da9449ad7e155e6b446c9d?s=96&d=mm&r=g","url":"https:\/\/secure.gravatar.com\/avatar\/073c0153e350a5005b68eb752b445fea71f6b24a26da9449ad7e155e6b446c9d?s=96&d=mm&r=g","contentUrl":"https:\/\/secure.gravatar.com\/avatar\/073c0153e350a5005b68eb752b445fea71f6b24a26da9449ad7e155e6b446c9d?s=96&d=mm&r=g","caption":"Ralf Ittermann"},"givenName":"Ralf","familyName":"Ittermann","jobTitle":"Gesch\u00e4ftsf\u00fchrer und redaktioneller Verantwortlicher","url":"https:\/\/iwell-guard.com\/is\/author\/claude\/","description":"Ralf Ittermann ist Gesch\u00e4ftsf\u00fchrer der Ittermann electronic GmbH und redaktioneller Verantwortlicher des iWell-Guard-Lexikons. Er verbindet langj\u00e4hrige Erfahrung in der Pr\u00e4zisionsfertigung mit medialer Praxis und religionsgeschichtlicher Quellenarbeit.","worksFor":{"@type":"Organization","name":"Ittermann electronic GmbH","url":"https:\/\/ittermann.de\/","address":{"@type":"PostalAddress","streetAddress":"K\u00f6hlergasse 16-18","postalCode":"99842","addressLocality":"Ruhla","addressCountry":"DE"}},"knowsAbout":["Religionsgeschichte","Mythologie","Mediale Praxis","Energetische Diagnostik","Schutzpraxis","Volksglauben","Westliche Esoterik"]},{"@type":"Article","@id":"https:\/\/iwell-guard.com\/is\/ulgen-ljosgud-altai\/#article","isPartOf":{"@id":"https:\/\/iwell-guard.com\/is\/ulgen-ljosgud-altai\/"},"author":{"name":"Ralf Ittermann","@id":"https:\/\/iwell-guard.com\/is\/#\/schema\/person\/ee2a27f1cac3406c7c6fb5820cb7349f"},"headline":"\u00dclgen \u2013 Lj\u00f3sgu\u00f0 Altaimanna","datePublished":"2026-09-05T14:04:35+00:00","dateModified":"2026-09-05T14:28:53+00:00","mainEntityOfPage":{"@id":"https:\/\/iwell-guard.com\/is\/ulgen-ljosgud-altai\/"},"publisher":{"@id":"https:\/\/iwell-guard.com\/is\/#organization"},"image":{"@id":"https:\/\/iwell-guard.com\/is\/ulgen-ljosgud-altai\/#primaryimage"},"thumbnailUrl":"https:\/\/iwell-guard.com\/wp-content\/uploads\/2026\/05\/goetter_sibirisch-tengrismus_uelgen.webp","inLanguage":"is","description":"\u00dclgen er \u00ed su\u00f0urs\u00edber\u00edskum tengrisma skapari og lj\u00f3sgu\u00f0 efri heimsins. Umfj\u00f6llun um go\u00f0s\u00f6gn og \u00e1tr\u00fana\u00f0."}]}},"_links":{"self":[{"href":"https:\/\/iwell-guard.com\/is\/wp-json\/wp\/v2\/pages\/168983","targetHints":{"allow":["GET"]}}],"collection":[{"href":"https:\/\/iwell-guard.com\/is\/wp-json\/wp\/v2\/pages"}],"about":[{"href":"https:\/\/iwell-guard.com\/is\/wp-json\/wp\/v2\/types\/page"}],"author":[{"embeddable":true,"href":"https:\/\/iwell-guard.com\/is\/wp-json\/wp\/v2\/users\/3"}],"replies":[{"embeddable":true,"href":"https:\/\/iwell-guard.com\/is\/wp-json\/wp\/v2\/comments?post=168983"}],"version-history":[{"count":0,"href":"https:\/\/iwell-guard.com\/is\/wp-json\/wp\/v2\/pages\/168983\/revisions"}],"wp:featuredmedia":[{"embeddable":true,"href":"https:\/\/iwell-guard.com\/is\/wp-json\/wp\/v2\/media\/2858"}],"wp:attachment":[{"href":"https:\/\/iwell-guard.com\/is\/wp-json\/wp\/v2\/media?parent=168983"}],"wp:term":[{"taxonomy":"category","embeddable":true,"href":"https:\/\/iwell-guard.com\/is\/wp-json\/wp\/v2\/categories?post=168983"}],"curies":[{"name":"wp","href":"https:\/\/api.w.org\/{rel}","templated":true}]}}