{"id":168981,"date":"2026-09-05T14:04:34","date_gmt":"2026-09-05T14:04:34","guid":{"rendered":"https:\/\/iwell-guard.com\/?page_id=168981"},"modified":"2026-09-05T14:28:49","modified_gmt":"2026-09-05T14:28:49","slug":"erlik-khan-drottnari-undirheima","status":"publish","type":"page","link":"https:\/\/iwell-guard.com\/is\/erlik-khan-drottnari-undirheima\/","title":{"rendered":"Erlik Khan \u2013 Drottnari undirheima Altai-manna"},"content":{"rendered":"\t\t<div data-elementor-type=\"wp-page\" data-elementor-id=\"168981\" class=\"elementor elementor-168981 elementor-2636 elementor-bc-flex-widget\" data-elementor-post-type=\"page\">\n\t\t\t\t<div class=\"elementor-element elementor-element-iwgw-erlikkhan-hero e-flex e-con-boxed e-con e-parent\" data-id=\"iwgw-erlikkhan-hero\" data-element_type=\"container\" data-e-type=\"container\" data-settings=\"{&quot;background_background&quot;:&quot;classic&quot;}\">\n\t\t\t\t\t<div class=\"e-con-inner\">\n\t\t<div class=\"elementor-element elementor-element-iwgw-erlikkhan-hl e-flex e-con-boxed e-con e-child\" data-id=\"iwgw-erlikkhan-hl\" data-element_type=\"container\" data-e-type=\"container\">\n\t\t\t\t\t<div class=\"e-con-inner\">\n\t\t<div class=\"elementor-element elementor-element-iwgw-erlikkhan-htxt e-con-full e-flex e-con e-child\" data-id=\"iwgw-erlikkhan-htxt\" data-element_type=\"container\" data-e-type=\"container\">\n\t\t\t\t<div class=\"elementor-element elementor-element-iwgw-erlikkhan-h1 elementor-widget elementor-widget-heading\" data-id=\"iwgw-erlikkhan-h1\" data-element_type=\"widget\" data-e-type=\"widget\" data-widget_type=\"heading.default\">\n\t\t\t\t\t<h1 class=\"elementor-heading-title elementor-size-default\">Erlik Khan, alta\u00edsk-s\u00edber\u00edskur drottnari undirheima og andst\u00e6\u00f0ingur \u00dclgens<\/h1>\t\t\t\t<\/div>\n\t\t\t\t<div class=\"elementor-element elementor-element-iwgw-erlikkhan-lead elementor-widget elementor-widget-text-editor\" data-id=\"iwgw-erlikkhan-lead\" data-element_type=\"widget\" data-e-type=\"widget\" data-widget_type=\"text-editor.default\">\n\t\t\t\t\t\t\t\t\t<p>Erlik Khan er \u00ed su\u00f0ur-s\u00edber\u00edskum tengrisma drottnari undirheima og go\u00f0s\u00f6gulegur andst\u00e6\u00f0ingur lj\u00f3sgu\u00f0sins <a href=\"https:\/\/iwell-guard.com\/is\/?page_id=168983\">\u00dclgen<\/a>. Hann t\u00e1knar b\u00e6\u00f0i dau\u00f0a og sj\u00fakd\u00f3ma og einnig nau\u00f0synlega, skipulega skuggahli\u00f0 heimsins.<\/p>\t\t\t\t\t\t\t\t<\/div>\n\t\t\t\t<\/div>\n\t\t<div class=\"elementor-element elementor-element-iwgw-erlikkhan-pillc e-con-full e-flex e-con e-child\" data-id=\"iwgw-erlikkhan-pillc\" data-element_type=\"container\" data-e-type=\"container\">\n\t\t\t\t<div class=\"elementor-element elementor-element-iwgw-erlikkhan-pills elementor-widget elementor-widget-html\" data-id=\"iwgw-erlikkhan-pills\" data-element_type=\"widget\" data-e-type=\"widget\" data-widget_type=\"html.default\">\n\t\t\t\t\t<div class=\"iwg-pill-row\"><span class=\"iwg-klasse-badge\" tabindex=\"0\" data-tooltip=\"Ska\u00f0vera \u00far hef\u00f0 S\u00edber\u00edu \/ tengrisma.\">Ska\u00f0vera<\/span><a href=\"https:\/\/iwell-guard.com\/is\/siberiskur-sjamanismi-tengrismi\/\" class=\"iwg-kultur-badge\" tabindex=\"0\" data-tooltip=\"Go\u00f0afr\u00e6\u00f0i hef\u00f0ar S\u00edber\u00edu \/ tengrisma.\">S\u00edber\u00eda \/ tengrismi<\/a><span class=\"iwg-tradition-badge\" tabindex=\"0\" data-tooltip=\"Undirheimagu\u00f0.\">Undirheimagu\u00f0<\/span><\/div>\t\t\t\t<\/div>\n\t\t\t\t<\/div>\n\t\t<div class=\"elementor-element elementor-element-iwgw-erlikkhan-tocc e-con-full e-flex e-con e-child\" data-id=\"iwgw-erlikkhan-tocc\" data-element_type=\"container\" data-e-type=\"container\">\n\t\t\t\t<div class=\"elementor-element elementor-element-iwgw-erlikkhan-toc elementor-toc--minimized-on-tablet elementor-widget elementor-widget-table-of-contents\" data-id=\"iwgw-erlikkhan-toc\" data-element_type=\"widget\" data-e-type=\"widget\" data-settings=\"{&quot;headings_by_tags&quot;:[&quot;h2&quot;,&quot;h3&quot;],&quot;minimize_box&quot;:&quot;yes&quot;,&quot;marker_view&quot;:&quot;bullets&quot;,&quot;no_headings_message&quot;:&quot;Engar undirfyrirsagnir fundust \\u00e1 \\u00feessari s\\u00ed\\u00f0u.&quot;,&quot;exclude_headings_by_selector&quot;:[],&quot;icon&quot;:{&quot;value&quot;:&quot;fas fa-circle&quot;,&quot;library&quot;:&quot;fa-solid&quot;,&quot;rendered_tag&quot;:&quot;&lt;svg class=\\&quot;e-font-icon-svg e-fas-circle\\&quot; viewBox=\\&quot;0 0 512 512\\&quot; xmlns=\\&quot;http:\\\/\\\/www.w3.org\\\/2000\\\/svg\\&quot;&gt;&lt;path d=\\&quot;M256 8C119 8 8 119 8 256s111 248 248 248 248-111 248-248S393 8 256 8z\\&quot;&gt;&lt;\\\/path&gt;&lt;\\\/svg&gt;&quot;},&quot;minimized_on&quot;:&quot;tablet&quot;,&quot;hierarchical_view&quot;:&quot;yes&quot;,&quot;min_height&quot;:{&quot;unit&quot;:&quot;px&quot;,&quot;size&quot;:&quot;&quot;,&quot;sizes&quot;:[]},&quot;min_height_tablet&quot;:{&quot;unit&quot;:&quot;px&quot;,&quot;size&quot;:&quot;&quot;,&quot;sizes&quot;:[]},&quot;min_height_mobile&quot;:{&quot;unit&quot;:&quot;px&quot;,&quot;size&quot;:&quot;&quot;,&quot;sizes&quot;:[]}}\" data-widget_type=\"table-of-contents.default\">\n\t\t\t\t\t\t\t\t\t<div class=\"elementor-toc__header\">\n\t\t\t\t\t\t<h2 class=\"elementor-toc__header-title\">\n\t\t\t\tEfnisyfirlit\t\t\t<\/h2>\n\t\t\t\t\t\t\t\t\t\t<div class=\"elementor-toc__toggle-button elementor-toc__toggle-button--expand\" role=\"button\" tabindex=\"0\" aria-controls=\"elementor-toc__iwgw-erlikkhan-toc\" aria-expanded=\"true\" aria-label=\"Open table of contents\"><svg aria-hidden=\"true\" class=\"e-font-icon-svg e-fas-chevron-down\" viewBox=\"0 0 448 512\" xmlns=\"http:\/\/www.w3.org\/2000\/svg\"><path d=\"M207.029 381.476L12.686 187.132c-9.373-9.373-9.373-24.569 0-33.941l22.667-22.667c9.357-9.357 24.522-9.375 33.901-.04L224 284.505l154.745-154.021c9.379-9.335 24.544-9.317 33.901.04l22.667 22.667c9.373 9.373 9.373 24.569 0 33.941L240.971 381.476c-9.373 9.372-24.569 9.372-33.942 0z\"><\/path><\/svg><\/div>\n\t\t\t\t<div class=\"elementor-toc__toggle-button elementor-toc__toggle-button--collapse\" role=\"button\" tabindex=\"0\" aria-controls=\"elementor-toc__iwgw-erlikkhan-toc\" aria-expanded=\"true\" aria-label=\"Close table of contents\"><svg aria-hidden=\"true\" class=\"e-font-icon-svg e-fas-chevron-up\" viewBox=\"0 0 448 512\" xmlns=\"http:\/\/www.w3.org\/2000\/svg\"><path d=\"M240.971 130.524l194.343 194.343c9.373 9.373 9.373 24.569 0 33.941l-22.667 22.667c-9.357 9.357-24.522 9.375-33.901.04L224 227.495 69.255 381.516c-9.379 9.335-24.544 9.317-33.901-.04l-22.667-22.667c-9.373-9.373-9.373-24.569 0-33.941L207.03 130.525c9.372-9.373 24.568-9.373 33.941-.001z\"><\/path><\/svg><\/div>\n\t\t\t\t\t<\/div>\n\t\t\t\t<div id=\"elementor-toc__iwgw-erlikkhan-toc\" class=\"elementor-toc__body\">\n\t\t\t<div class=\"elementor-toc__spinner-container\">\n\t\t\t\t<svg class=\"elementor-toc__spinner eicon-animation-spin e-font-icon-svg e-eicon-loading\" aria-hidden=\"true\" viewBox=\"0 0 1000 1000\" xmlns=\"http:\/\/www.w3.org\/2000\/svg\"><path d=\"M500 975V858C696 858 858 696 858 500S696 142 500 142 142 304 142 500H25C25 237 238 25 500 25S975 237 975 500 763 975 500 975Z\"><\/path><\/svg>\t\t\t<\/div>\n\t\t<\/div>\n\t\t\t\t\t\t<\/div>\n\t\t\t\t<\/div>\n\t\t\t\t\t<\/div>\n\t\t\t\t<\/div>\n\t\t<div class=\"elementor-element elementor-element-iwgw-erlikkhan-hr e-con-full e-flex e-con e-child\" data-id=\"iwgw-erlikkhan-hr\" data-element_type=\"container\" data-e-type=\"container\">\n\t\t\t\t<div class=\"elementor-element elementor-element-iwgw-erlikkhan-heroimg iwg-hero-image elementor-widget elementor-widget-image\" data-id=\"iwgw-erlikkhan-heroimg\" data-element_type=\"widget\" data-e-type=\"widget\" data-widget_type=\"image.default\">\n\t\t\t\t\t\t\t\t\t\t\t\t\t\t\t<img fetchpriority=\"high\" decoding=\"async\" width=\"683\" height=\"1024\" src=\"https:\/\/iwell-guard.com\/wp-content\/uploads\/2026\/05\/daemonen_sibirisch-tengrismus_erlik-khan-683x1024.webp\" class=\"attachment-large size-large wp-image-170802\" alt=\"Erlik Khan - p\u00fakar \u00far s\u00edber\u00edskri tengrisma-hef\u00f0, s\u00f6gulega myndskreytt\" srcset=\"https:\/\/iwell-guard.com\/wp-content\/uploads\/2026\/05\/daemonen_sibirisch-tengrismus_erlik-khan-683x1024.webp 683w, https:\/\/iwell-guard.com\/wp-content\/uploads\/2026\/05\/daemonen_sibirisch-tengrismus_erlik-khan-200x300.webp 200w, https:\/\/iwell-guard.com\/wp-content\/uploads\/2026\/05\/daemonen_sibirisch-tengrismus_erlik-khan-768x1152.webp 768w, https:\/\/iwell-guard.com\/wp-content\/uploads\/2026\/05\/daemonen_sibirisch-tengrismus_erlik-khan.webp 1024w\" sizes=\"(max-width: 683px) 100vw, 683px\" \/>\t\t\t\t\t\t\t\t\t\t\t\t\t\t\t<\/div>\n\t\t\t\t<\/div>\n\t\t\t\t\t<\/div>\n\t\t\t\t<\/div>\n\t\t\t\t<section class=\"elementor-section elementor-top-section elementor-element elementor-element-sec-iwgcomp2-erlik-khan elementor-section-boxed elementor-section-height-default elementor-section-height-default\" data-id=\"sec-iwgcomp2-erlik-khan\" data-element_type=\"section\" data-e-type=\"section\">\n\t\t\t\t\t\t<div class=\"elementor-container elementor-column-gap-default\">\n\t\t\t\t\t<div class=\"elementor-column elementor-col-100 elementor-top-column elementor-element elementor-element-col-iwgcomp2-erlik-khan\" data-id=\"col-iwgcomp2-erlik-khan\" data-element_type=\"column\" data-e-type=\"column\">\n\t\t\t<div class=\"elementor-widget-wrap elementor-element-populated\">\n\t\t\t\t\t\t<div class=\"elementor-element elementor-element-iwgcomp2-erlik-khan elementor-widget elementor-widget-text-editor\" data-id=\"iwgcomp2-erlik-khan\" data-element_type=\"widget\" data-e-type=\"widget\" data-widget_type=\"text-editor.default\">\n\t\t\t\t\t\t\t\t\t<p>Erlik Khan er <strong>alta\u00edsk-s\u00edber\u00edskur<\/strong> undirheimagu\u00f0 tengrismans.<\/p>\t\t\t\t\t\t\t\t<\/div>\n\t\t\t\t\t<\/div>\n\t\t<\/div>\n\t\t\t\t\t<\/div>\n\t\t<\/section>\n\t\t\t\t<section class=\"elementor-section elementor-top-section elementor-element elementor-element-sec-iwgcomp-erlik-khan elementor-section-boxed elementor-section-height-default elementor-section-height-default\" data-id=\"sec-iwgcomp-erlik-khan\" data-element_type=\"section\" data-e-type=\"section\">\n\t\t\t\t\t\t<div class=\"elementor-container elementor-column-gap-default\">\n\t\t\t\t\t<div class=\"elementor-column elementor-col-100 elementor-top-column elementor-element elementor-element-col-iwgcomp-erlik-khan\" data-id=\"col-iwgcomp-erlik-khan\" data-element_type=\"column\" data-e-type=\"column\">\n\t\t\t<div class=\"elementor-widget-wrap elementor-element-populated\">\n\t\t\t\t\t\t<div class=\"elementor-element elementor-element-iwgcomp-erlik-khan elementor-widget elementor-widget-text-editor\" data-id=\"iwgcomp-erlik-khan\" data-element_type=\"widget\" data-e-type=\"widget\" data-widget_type=\"text-editor.default\">\n\t\t\t\t\t\t\t\t\t<p>Erlik Khan, <strong>undirheimagu\u00f0 Altai<\/strong>, r\u00e6\u00f0ur yfir hinum dau\u00f0u og undirheimum tengr\u00edsk-shaman\u00edskrar <span class=\"iwg-fachbegriff\" data-tooltip=\"Heildarsafn af var\u00f0veittum go\u00f0s\u00f6gnum menningarsv\u00e6\u00f0is.\" tabindex=\"0\">go\u00f0afr\u00e6\u00f0i<\/span>.<\/p>\t\t\t\t\t\t\t\t<\/div>\n\t\t\t\t\t<\/div>\n\t\t<\/div>\n\t\t\t\t\t<\/div>\n\t\t<\/section>\n\t\t<div class=\"elementor-element elementor-element-iwgw-erlikkhan-s0 e-flex e-con-boxed e-con e-parent\" data-id=\"iwgw-erlikkhan-s0\" data-element_type=\"container\" data-e-type=\"container\">\n\t\t\t\t\t<div class=\"e-con-inner\">\n\t\t\t\t<div class=\"elementor-element elementor-element-iwgw-erlikkhan-s0h elementor-widget elementor-widget-heading\" data-id=\"iwgw-erlikkhan-s0h\" data-element_type=\"widget\" data-e-type=\"widget\" data-widget_type=\"heading.default\">\n\t\t\t\t\t<h2 class=\"elementor-heading-title elementor-size-default\">Greining og skammrit<\/h2>\t\t\t\t<\/div>\n\t\t<div class=\"elementor-element elementor-element-iwgw-erlikkhan-s0c e-con-full e-flex e-con e-child\" data-id=\"iwgw-erlikkhan-s0c\" data-element_type=\"container\" data-e-type=\"container\">\n\t\t\t\t<div class=\"elementor-element elementor-element-iwgw-erlikkhan-s0t elementor-widget elementor-widget-text-editor\" data-id=\"iwgw-erlikkhan-s0t\" data-element_type=\"widget\" data-e-type=\"widget\" data-widget_type=\"text-editor.default\">\n\t\t\t\t\t\t\t\t\t<p>Erlik Khan (einnig Erlik, Erklik, Erlig, \u00e1 mong\u00f3lsku Erlig Khaan) heyrir til efsta lags gu\u00f0a \u00ed su\u00f0ur-s\u00edber\u00edsku go\u00f0aveldinu. \u00cd tr\u00fa Altai- og Tuva-manna er hann drottnari hins ne\u00f0ra r\u00edkis, ekki hi\u00f0 illa \u00ed sj\u00e1lfu s\u00e9r, heldur afmarka\u00f0 sv\u00e6\u00f0i \u00fear sem hinir dau\u00f0u og andar fars\u00f3tta og hungursney\u00f0ar b\u00faa.<\/p><p>\u00cd yngri l\u00f6gum kemur hann fram sem afskr\u00e6md, illskeytt vera, sem m\u00e1 fyrst og fremst rekja til b\u00fadd\u00edskrar yfirlagningar \u00ed mong\u00f3lskum heimi (Erlig Khaan \u2248 Yama) og til kristinnar tr\u00fabo\u00f0sdj\u00f6fulgervingar 18. og 19. aldar.<\/p><p>Innan <a href=\"https:\/\/iwell-guard.com\/is\/siberiskur-sjamanismi-tengrismi\/\">s\u00edber\u00edsk-tengr\u00edskrar hef\u00f0ar<\/a> myndar Erlik \u00e1samt <a href=\"https:\/\/iwell-guard.com\/is\/?page_id=168983\">\u00dclgen<\/a> tv\u00edeykt par. \u00deetta ber engan veginn a\u00f0 skilja si\u00f0fer\u00f0ilega \u00ed anda man\u00edke\u00edsks tv\u00edhyggju, heldur sem gagnkv\u00e6ma skipan efra og ne\u00f0ra, sumars og vetrar, f\u00e6\u00f0ingar og dau\u00f0a. \u00deessa skilning setti A. V. Anokhin fram me\u00f0 sk\u00fdrum h\u00e6tti \u00ed <em>Materialien zum <span class=\"iwg-fachbegriff\" data-tooltip=\"Tr\u00faarlegt kerfi \u00fear sem s\u00e9rfr\u00e6\u00f0ingar hafa samskipti vi\u00f0 andaheiminn.\" tabindex=\"0\">shamanismus<\/span> der Altaier<\/em> (1924).<\/p><p>Fr\u00e6\u00f0ileg umr\u00e6\u00f0a um Erlik er svo v\u00ed\u00f0fe\u00f0m af \u00fev\u00ed a\u00f0 hann s\u00fdnir me\u00f0 sk\u00fdrum h\u00e6tti hvernig tr\u00fabo\u00f0ssj\u00f3narmi\u00f0 utan fr\u00e1 geta afskr\u00e6mt frumbyggjatr\u00fa. \u00dea\u00f0 sem Altai-menn k\u00f6llu\u00f0u \u201eherra hinna ne\u00f0ri\u201c var\u00f0, me\u00f0 r\u00fassnesk-or\u00feodoxum og b\u00fadd\u00edskum \u00fe\u00fd\u00f0ingum, a\u00f0 \u201edj\u00f6flinum\u201c, d\u00e6migert tilfelli innan post-k\u00f3l\u00f3n\u00edalskra tr\u00faarbrag\u00f0afr\u00e6\u00f0a.<\/p>\t\t\t\t\t\t\t\t<\/div>\n\t\t\t\t<\/div>\n\t\t\t\t\t<\/div>\n\t\t\t\t<\/div>\n\t\t<div class=\"elementor-element elementor-element-iwgw-erlikkhan-s1 e-flex e-con-boxed e-con e-parent\" data-id=\"iwgw-erlikkhan-s1\" data-element_type=\"container\" data-e-type=\"container\">\n\t\t\t\t\t<div class=\"e-con-inner\">\n\t\t\t\t<div class=\"elementor-element elementor-element-iwgw-erlikkhan-s1h elementor-widget elementor-widget-heading\" data-id=\"iwgw-erlikkhan-s1h\" data-element_type=\"widget\" data-e-type=\"widget\" data-widget_type=\"heading.default\">\n\t\t\t\t\t<h2 class=\"elementor-heading-title elementor-size-default\">Nafn og or\u00f0sifjar<\/h2>\t\t\t\t<\/div>\n\t\t<div class=\"elementor-element elementor-element-iwgw-erlikkhan-s1c e-con-full e-flex e-con e-child\" data-id=\"iwgw-erlikkhan-s1c\" data-element_type=\"container\" data-e-type=\"container\">\n\t\t\t\t<div class=\"elementor-element elementor-element-iwgw-erlikkhan-s1t elementor-widget elementor-widget-text-editor\" data-id=\"iwgw-erlikkhan-s1t\" data-element_type=\"widget\" data-e-type=\"widget\" data-widget_type=\"text-editor.default\">\n\t\t\t\t\t\t\t\t\t<p>Nafni\u00f0 <em>Erlik<\/em> er forn-tyrkneskt og er \u00ed fr\u00e6\u00f0unum venjulega tengt or\u00f0inu <em>er<\/em> (\u201ema\u00f0ur, hetja\u201c); \u00f6nnur sk\u00fdring tengir \u00fea\u00f0 stofni sem merkir \u201ehugrakkur, sterkur, drottnandi\u201c.<\/p><p>\u00c1 mong\u00f3lsku ver\u00f0ur hann <em>Erlig Khaan<\/em>; \u00ed b\u00fadd\u00edskri yfirlagningu sameinast hann ind\u00f3-t\u00edbeska Yama \/ Shinje. Walther Heissig l\u00fdsti \u00feessari samruna \u00ed sm\u00e1atri\u00f0um \u00ed <em>Die Religionen der Mongolei<\/em> (1970).<\/p><p>Titilvi\u00f0b\u00f3tin <em>Khan<\/em> t\u00e1knar hann sem drottnara; \u00ed shamanalj\u00f3\u00f0um Altai-manna er hann einnig nefndur <em>Yer-Tine Khan<\/em>, \u201ekonungur jar\u00f0ardj\u00fapanna\u201c. Mikilv\u00e6gt er a\u00f0 \u00ed s\u00edber\u00edsku samhengi er Erlik ekki dj\u00f6full \u00ed kristnum skilningi; kristnir tr\u00fabo\u00f0ar 19. aldar (Verbickij og fleiri) l\u00f6g\u00f0u \u00fe\u00f3 til \u00feessa \u00fe\u00fd\u00f0ingu, og fr\u00e6\u00f0in t\u00f3ku hana lengi upp \u00e1n gagnr\u00fdni.<\/p><p>M\u00e1lfr\u00e6\u00f0ilega athyglisvert er hugsanlegt samband vi\u00f0 <em>er-lig<\/em>, \u201ehinn karlmannlegi\u201c, sem l\u00fdsir Erlik sem \u201ehinum mikla manni\u201c handan dau\u00f0ans. \u00cd \u00feessum skilningi v\u00e6ri hann s\u00ed\u00f0ur ska\u00f0vera en fulltr\u00fai nau\u00f0synlegrar mannfr\u00e6\u00f0ilegrar virkni: dau\u00f0ans sem hluta af karlmannse\u00f0li.<\/p>\t\t\t\t\t\t\t\t<\/div>\n\t\t\t\t<\/div>\n\t\t\t\t\t<\/div>\n\t\t\t\t<\/div>\n\t\t<div class=\"elementor-element elementor-element-iwgw-erlikkhan-s2 e-flex e-con-boxed e-con e-parent\" data-id=\"iwgw-erlikkhan-s2\" data-element_type=\"container\" data-e-type=\"container\">\n\t\t\t\t\t<div class=\"e-con-inner\">\n\t\t\t\t<div class=\"elementor-element elementor-element-iwgw-erlikkhan-s2h elementor-widget elementor-widget-heading\" data-id=\"iwgw-erlikkhan-s2h\" data-element_type=\"widget\" data-e-type=\"widget\" data-widget_type=\"heading.default\">\n\t\t\t\t\t<h2 class=\"elementor-heading-title elementor-size-default\">L\u00fdsing og myndm\u00e1l<\/h2>\t\t\t\t<\/div>\n\t\t<div class=\"elementor-element elementor-element-iwgw-erlikkhan-s2c e-con-full e-flex e-con e-child\" data-id=\"iwgw-erlikkhan-s2c\" data-element_type=\"container\" data-e-type=\"container\">\n\t\t\t\t<div class=\"elementor-element elementor-element-iwgw-erlikkhan-s2t elementor-widget elementor-widget-text-editor\" data-id=\"iwgw-erlikkhan-s2t\" data-element_type=\"widget\" data-e-type=\"widget\" data-widget_type=\"text-editor.default\">\n\t\t\t\t\t\t\t\t\t<p>Erlik er l\u00fdst sem \u00f6ldru\u00f0um, svarth\u00e6r\u00f0um manni me\u00f0 h\u00f6ggtennur galtar, j\u00e1rnkl\u00e6r og bareflisstaf ger\u00f0an \u00far mannshryggjarli\u00f0um.<\/p><p>Hann r\u00ed\u00f0ur sv\u00f6rtum gri\u00f0ungi e\u00f0a sv\u00f6rtum hesti; h\u00f6ll hans stendur \u00e1 bakka helv\u00edtisflj\u00f3ts, sem hann byggir me\u00f0 n\u00edu sonum og n\u00edu d\u00e6trum. Shamanatrumban Altai-manna s\u00fdnir hann \u00ed ne\u00f0sta \u00feri\u00f0jungnum, oft me\u00f0 umsn\u00fanu s\u00f3lar-<span class=\"iwg-fachbegriff\" data-tooltip=\"Merki sem stendur fyrir hugmynd e\u00f0a merkingu.\" tabindex=\"0\">t\u00e1kni<\/span>.<\/p><p>\u00deessi t\u00e1knmynd er l\u00fdst me\u00f0 klass\u00edskum h\u00e6tti hj\u00e1 Anokhin (1924) og N. Dyrenkova; s\u00ed\u00f0ar t\u00f3k Mircea Eliade hana upp \u00ed <em>Le chamanisme<\/em>. B\u00fadd\u00edsk yfirlagning gefur honum a\u00f0 auki eiginleika ind\u00f3-t\u00edbeska Yama: buffalahorn, lasso, spegil verkanna.<\/p><p>\u00cd s\u00f6fnum Kunstkammer-safnsins (Sankti P\u00e9tursborg) eru var\u00f0veittar nokkrar alta\u00edskar Erlik-myndir, sem L. P. Potapov skr\u00e1\u00f0i \u00ed h\u00f6fu\u00f0riti s\u00ednu <em>Altaiskij shamanizm<\/em> (1991). \u00de\u00e6r s\u00fdna eftirtektarver\u00f0a t\u00e1knfr\u00e6\u00f0ilega st\u00f6\u00f0ugleika yfir 200 \u00e1ra s\u00f6fnunars\u00f6gu.<\/p>\t\t\t\t\t\t\t\t<\/div>\n\t\t\t\t<\/div>\n\t\t\t\t\t<\/div>\n\t\t\t\t<\/div>\n\t\t<div class=\"elementor-element elementor-element-iwgw-erlikkhan-s3 e-flex e-con-boxed e-con e-parent\" data-id=\"iwgw-erlikkhan-s3\" data-element_type=\"container\" data-e-type=\"container\">\n\t\t\t\t\t<div class=\"e-con-inner\">\n\t\t\t\t<div class=\"elementor-element elementor-element-iwgw-erlikkhan-s3h elementor-widget elementor-widget-heading\" data-id=\"iwgw-erlikkhan-s3h\" data-element_type=\"widget\" data-e-type=\"widget\" data-widget_type=\"heading.default\">\n\t\t\t\t\t<h2 class=\"elementor-heading-title elementor-size-default\">Go\u00f0sagnakenndar fr\u00e1sagnir<\/h2>\t\t\t\t<\/div>\n\t\t<div class=\"elementor-element elementor-element-iwgw-erlikkhan-s3c e-con-full e-flex e-con e-child\" data-id=\"iwgw-erlikkhan-s3c\" data-element_type=\"container\" data-e-type=\"container\">\n\t\t\t\t<div class=\"elementor-element elementor-element-iwgw-erlikkhan-s3t elementor-widget elementor-widget-text-editor\" data-id=\"iwgw-erlikkhan-s3t\" data-element_type=\"widget\" data-e-type=\"widget\" data-widget_type=\"text-editor.default\">\n\t\t\t\t\t\t\t\t\t<p>Alta\u00edsk sk\u00f6punargo\u00f0afr\u00e6\u00f0i segir fr\u00e1 \u00fev\u00ed hvernig <a href=\"https:\/\/iwell-guard.com\/is\/?page_id=168983\">\u00dclgen<\/a> vill skapa j\u00f6r\u00f0ina \u00far frumhafinu og bi\u00f0ur \u00ed \u00fev\u00ed skyni Erlik, sem birtist \u00ed fuglsl\u00edki, um a\u00f0sto\u00f0.<\/p><p>Erlik kafar ni\u00f0ur og s\u00e6kir le\u00f0ju, en heldur laumulega eftir hluta hennar \u00ed munni s\u00e9r. \u00dar \u00feessum leifum ver\u00f0a til m\u00fdrar, fj\u00f6ll og a\u00f0 lokum Erlik sj\u00e1lfur sem sj\u00e1lfst\u00e6tt afl. Af hroka reynir hann s\u00ed\u00f0ar a\u00f0 setjast vi\u00f0 hli\u00f0 \u00dclgens, er ger\u00f0ur \u00fatl\u00e6gur og hefur s\u00ed\u00f0an r\u00edkt yfir undirheimum.<\/p><p>\u00d6nnur fr\u00e1s\u00f6gn l\u00fdsir \u00fev\u00ed hvernig Erlik gerir fyrstu mennina veika me\u00f0 \u00fev\u00ed a\u00f0 \u201elesa\u201c bein \u00far l\u00edk\u00f6mum \u00feeirra. Sjamanarnir f\u00e6ddust til a\u00f0 s\u00e6kja \u00feessi bein aftur, go\u00f0s\u00f6gn sem <span class=\"iwg-fachbegriff\" data-tooltip=\"\u00dea\u00f0 sem tilheyrir f\u00f6stu, tr\u00faarlegu athafnaferli.\" tabindex=\"0\">helgisi\u00f0alega<\/span> r\u00e9ttl\u00e6tir fer\u00f0 sjamansins til undirheima og gegnir lykilhlutverki sem hin d\u00e6miger\u00f0a frumger\u00f0 \u00ed <span class=\"iwg-fachbegriff\" data-tooltip=\"Tr\u00faarkerfi \u00fear sem s\u00e9rfr\u00e6\u00f0ingar eiga samskipti vi\u00f0 andaheiminn.\" tabindex=\"0\">sjamanisma<\/span>-l\u00edkani Eliades.<\/p><p>\u00deri\u00f0ja, minna \u00feekkt fr\u00e1s\u00f6gn segir fr\u00e1 \u00fev\u00ed hvernig Erlik semur vi\u00f0 sendibo\u00f0a <a href=\"https:\/\/iwell-guard.com\/is\/?page_id=168980\">Tengris<\/a> um s\u00e1lir hinna l\u00e1tnu: s\u00e1 sem lif\u00f0i g\u00f3\u00f0u l\u00edfi f\u00e6r a\u00f0 sn\u00faa aftur upp, en s\u00e1 sem breytti illa ver\u00f0ur \u00e1fram hj\u00e1 Erlik. \u00deessi si\u00f0fer\u00f0islega \u00fatg\u00e1fa er l\u00edklega yngri, af (s\u00ed\u00f0-)b\u00fadd\u00edskum uppruna.<\/p>\t\t\t\t\t\t\t\t<\/div>\n\t\t\t\t<\/div>\n\t\t\t\t\t<\/div>\n\t\t\t\t<\/div>\n\t\t<div class=\"elementor-element elementor-element-iwgw-erlikkhan-s4 e-flex e-con-boxed e-con e-parent\" data-id=\"iwgw-erlikkhan-s4\" data-element_type=\"container\" data-e-type=\"container\">\n\t\t\t\t\t<div class=\"e-con-inner\">\n\t\t\t\t<div class=\"elementor-element elementor-element-iwgw-erlikkhan-s4h elementor-widget elementor-widget-heading\" data-id=\"iwgw-erlikkhan-s4h\" data-element_type=\"widget\" data-e-type=\"widget\" data-widget_type=\"heading.default\">\n\t\t\t\t\t<h2 class=\"elementor-heading-title elementor-size-default\">D\u00fdrkun og tilbei\u00f0sla<\/h2>\t\t\t\t<\/div>\n\t\t<div class=\"elementor-element elementor-element-iwgw-erlikkhan-s4c e-con-full e-flex e-con e-child\" data-id=\"iwgw-erlikkhan-s4c\" data-element_type=\"container\" data-e-type=\"container\">\n\t\t\t\t<div class=\"elementor-element elementor-element-iwgw-erlikkhan-s4t elementor-widget elementor-widget-text-editor\" data-id=\"iwgw-erlikkhan-s4t\" data-element_type=\"widget\" data-e-type=\"widget\" data-widget_type=\"text-editor.default\">\n\t\t\t\t\t\t\t\t\t<p>\u00cd str\u00f6ngum skilningi var ekki um \u201etilbei\u00f0slu\u201c \u00e1 Erlik a\u00f0 r\u00e6\u00f0a, heldur frekar helgu\u00f0 a\u00f0greining. Alta\u00edsku sjamanarnir ger\u00f0u greinarmun \u00e1 <em>aq kam<\/em> (hv\u00edtum <span class=\"iwg-fachbegriff\" data-tooltip=\"Tr\u00faarlegur s\u00e9rfr\u00e6\u00f0ingur sem talinn er mi\u00f0la milli manna og andaheims.\" tabindex=\"0\">sjamana<\/span>), sem steig upp til \u00dclgen, og <em>kara kam<\/em> (sv\u00f6rtum <span class=\"iwg-fachbegriff\" data-tooltip=\"Tr\u00faarlegur s\u00e9rfr\u00e6\u00f0ingur sem talinn er mi\u00f0la milli manna og andaheims.\" tabindex=\"0\">sjamana<\/span>), sem st\u00e9 ni\u00f0ur til Erlik.<\/p><p>B\u00e1\u00f0ar kallanirnar voru taldar l\u00f6gm\u00e6tar og nau\u00f0synlegar; \u00fej\u00f3\u00f0fr\u00e6\u00f0ileg l\u00fdsing Anokhins s\u00fdnir a\u00f0 \u201esvartur\u201c merkir h\u00e9r \u201esn\u00fai\u00f0 ni\u00f0ur \u00e1 vi\u00f0\u201c og ekki \u201eillur\u201c.<\/p><p>Vi\u00f0 fars\u00f3ttir, skyndileg dau\u00f0sfall e\u00f0a \u00feegar barn tapa\u00f0ist var svarti <span class=\"iwg-fachbegriff\" data-tooltip=\"Tr\u00faarlegur s\u00e9rfr\u00e6\u00f0ingur sem talinn er mi\u00f0la milli manna og andaheims.\" tabindex=\"0\">sjamaninn<\/span> kalla\u00f0ur til. \u00cd ath\u00f6fninni t\u00f3k hann r\u00edki Erlik <span class=\"iwg-fachbegriff\" data-tooltip=\"Tilheyrir f\u00f6stu tr\u00faarlegu athafnamynstri.\" tabindex=\"0\">helgisi\u00f0alega<\/span> \u00ed s\u00edna \u00fej\u00f3nustu, samdi vi\u00f0 hann og s\u00f3tti \u201ehina brottleiddu s\u00e1l\u201c til baka. <span class=\"iwg-fachbegriff\" data-tooltip=\"Gj\u00f6f til gu\u00f0s til a\u00f0 tj\u00e1 \u00feakkl\u00e6ti, b\u00f3n e\u00f0a lotningu.\" tabindex=\"0\">F\u00f3rnir<\/span> voru sv\u00f6rt sau\u00f0f\u00e9 e\u00f0a hestar; bl\u00f3\u00f0inu var hellt \u00ed j\u00f6r\u00f0ina \u00ed sta\u00f0 \u00feess a\u00f0 bera \u00fea\u00f0 s\u00f3linni.<\/p><p>\u00c1 Sov\u00e9tt\u00edmanum d\u00f3 \u00feessi <span class=\"iwg-fachbegriff\" data-tooltip=\"\u00d6ll tilbei\u00f0sluath\u00f6fn helgu\u00f0 einum gu\u00f0i e\u00f0a heilagri v\u00e6ttu.\" tabindex=\"0\">d\u00fdrkun<\/span> n\u00e6r alveg \u00fat; \u00ed alta\u00edsku endurvakningunni fr\u00e1 1991 hefur h\u00fan \u00e1tt s\u00e9r varf\u00e6rna endurl\u00edfgun, \u00fe\u00f3 mun minna s\u00fdnileg en \u00dclgen-<span class=\"iwg-fachbegriff\" data-tooltip=\"\u00d6ll tilbei\u00f0sluath\u00f6fn helgu\u00f0 einum gu\u00f0i e\u00f0a heilagri v\u00e6ttu.\" tabindex=\"0\">d\u00fdrkunin<\/span>, enda er Erlik enn \u00ed dag tengdur \u201esvartagaldri\u201c \u00ed n\u00fat\u00edmaskilningi.<\/p>\t\t\t\t\t\t\t\t<\/div>\n\t\t\t\t<\/div>\n\t\t\t\t\t<\/div>\n\t\t\t\t<\/div>\n\t\t<div class=\"elementor-element elementor-element-iwgw-erlikkhan-s5 e-flex e-con-boxed e-con e-parent\" data-id=\"iwgw-erlikkhan-s5\" data-element_type=\"container\" data-e-type=\"container\">\n\t\t\t\t\t<div class=\"e-con-inner\">\n\t\t\t\t<div class=\"elementor-element elementor-element-iwgw-erlikkhan-s5h elementor-widget elementor-widget-heading\" data-id=\"iwgw-erlikkhan-s5h\" data-element_type=\"widget\" data-e-type=\"widget\" data-widget_type=\"heading.default\">\n\t\t\t\t\t<h2 class=\"elementor-heading-title elementor-size-default\">Verndara\u00f0ger\u00f0ir og fr\u00e1hrindandi t\u00e1kn<\/h2>\t\t\t\t<\/div>\n\t\t<div class=\"elementor-element elementor-element-iwgw-erlikkhan-s5c e-con-full e-flex e-con e-child\" data-id=\"iwgw-erlikkhan-s5c\" data-element_type=\"container\" data-e-type=\"container\">\n\t\t\t\t<div class=\"elementor-element elementor-element-iwgw-erlikkhan-s5t elementor-widget elementor-widget-text-editor\" data-id=\"iwgw-erlikkhan-s5t\" data-element_type=\"widget\" data-e-type=\"widget\" data-widget_type=\"text-editor.default\">\n\t\t\t\t\t\t\t\t\t<p>Tr\u00faarbrag\u00f0afr\u00e6\u00f0ilega l\u00fdst (\u00e1n nokkurra lofor\u00f0a um verkun): Til ap\u00f3tr\u00f3pa\u00edskra i\u00f0kana gegn Erlik heyr\u00f0u a\u00f0 hengja hv\u00edt ullarb\u00f6nd \u00e1 dyrastaf, a\u00f0 leggja ni\u00f0ur litlar tr\u00e9f\u00edg\u00farur (\u201e\u00fej\u00f3na Erliks\u201c) sem t\u00e1knr\u00e6na sta\u00f0gengilsf\u00f3rn, bann vi\u00f0 \u00fev\u00ed a\u00f0 nefna nafn Erliks upph\u00e1tt eftir s\u00f3lsetur, og a\u00f0 reykhreinsa h\u00fasi\u00f0 me\u00f0 einiberjum.<\/p><p>Einnig voru \u00fdmsar heg\u00f0unarreglur <span class=\"iwg-fachbegriff\" data-tooltip=\"\u00d3g\u00e6fuvarnandi: um t\u00e1kn og hluti sem eiga a\u00f0 halda ska\u00f0legum \u00e1hrifum \u00ed fjarl\u00e6g\u00f0.\" tabindex=\"0\">ap\u00f3tr\u00f3pa\u00edskar<\/span> a\u00f0 lit: ekki m\u00e1tti ganga inn til sj\u00faklinga me\u00f0 hatt \u00e1 h\u00f6f\u00f0i, \u00fev\u00ed Erlik \u201esafnar h\u00f6f\u00f0um\u201c; \u00fer\u00f6skuldar voru smur\u00f0ir me\u00f0 vi\u00f0arkolum, \u00fear sem hi\u00f0 hindra\u00f0a svarta \u00e1tti a\u00f0 hindra hi\u00f0 svarta, klass\u00edskt d\u00e6mi um samhverfa <span class=\"iwg-fachbegriff\" data-tooltip=\"I\u00f0kanir sem reyna a\u00f0 hafa \u00e1hrif \u00e1 r\u00e1s atbur\u00f0a me\u00f0 s\u00e9rst\u00f6kum ath\u00f6fnum e\u00f0a form\u00falum.\" tabindex=\"0\">galdur<\/span> \u00ed skilningi James Frazers.<\/p><p>\u00deessar i\u00f0kanir ber a\u00f0 skilja \u00ed lj\u00f3si bann- og hreinleikahugmynda su\u00f0ur-s\u00edber\u00edskrar tr\u00faar, sem \u00ed fj\u00f6lda sm\u00e1atri\u00f0a afmarkar hinn skipulag\u00f0a heim fr\u00e1 undirheimum. Roberte Hamayon las \u00fe\u00e6r \u00ed <em>La chasse \u00e0 l&#8217;\u00e2me<\/em> (1990) sem hluta af \u201eskyldleikahagkerfi\u201c \u00fear sem sj\u00fakd\u00f3mur og dau\u00f0i eru sett fram sem rof \u00e1 reglu.<\/p>\t\t\t\t\t\t\t\t<\/div>\n\t\t\t\t<\/div>\n\t\t\t\t\t<\/div>\n\t\t\t\t<\/div>\n\t\t<div class=\"elementor-element elementor-element-iwgw-erlikkhan-s6 e-flex e-con-boxed e-con e-parent\" data-id=\"iwgw-erlikkhan-s6\" data-element_type=\"container\" data-e-type=\"container\">\n\t\t\t\t\t<div class=\"e-con-inner\">\n\t\t\t\t<div class=\"elementor-element elementor-element-iwgw-erlikkhan-s6h elementor-widget elementor-widget-heading\" data-id=\"iwgw-erlikkhan-s6h\" data-element_type=\"widget\" data-e-type=\"widget\" data-widget_type=\"heading.default\">\n\t\t\t\t\t<h2 class=\"elementor-heading-title elementor-size-default\">Hli\u00f0st\u00e6\u00f0ur \u00ed \u00f6\u00f0rum menningarheimum<\/h2>\t\t\t\t<\/div>\n\t\t<div class=\"elementor-element elementor-element-iwgw-erlikkhan-s6c e-con-full e-flex e-con e-child\" data-id=\"iwgw-erlikkhan-s6c\" data-element_type=\"container\" data-e-type=\"container\">\n\t\t\t\t<div class=\"elementor-element elementor-element-iwgw-erlikkhan-s6t elementor-widget elementor-widget-text-editor\" data-id=\"iwgw-erlikkhan-s6t\" data-element_type=\"widget\" data-e-type=\"widget\" data-widget_type=\"text-editor.default\">\n\t\t\t\t\t\t\t\t\t<p>Skyldar f\u00edg\u00farur \u00e1 byggingarlegan h\u00e1tt eru me\u00f0al annars: Yama \u00ed hind\u00faskri og b\u00fadd\u00edskri hef\u00f0 Indlands; Hades \u00ed gr\u00edskri menningu; Hel \u00ed norr\u00e6nni <span class=\"iwg-fachbegriff\" data-tooltip=\"\u00d6ll var\u00f0veitt go\u00f0sagnasagnahef\u00f0 eins menningarsv\u00e6\u00f0is.\" tabindex=\"0\">go\u00f0afr\u00e6\u00f0i<\/span>; Mictlantecuhtli \u00ed aztekska <span class=\"iwg-fachbegriff\" data-tooltip=\"Heild gu\u00f0a einnar tr\u00faar e\u00f0a menningar.\" tabindex=\"0\">go\u00f0aveldinu<\/span>; Osiris \u00ed hlutverki s\u00ednu sem d\u00f3mari hinna dau\u00f0u, s\u00ed\u00f0ur sem deyjandi gu\u00f0. \u00cd S\u00edber\u00edu sj\u00e1lfri eru til hli\u00f0st\u00e6\u00f0ar f\u00edg\u00farur eins og m\u00f3tv\u00e6gi <em>Aiy Tojon<\/em>, sem er <em>Yer-Khan<\/em> hj\u00e1 Jak\u00fatum.<\/p><p>B\u00fadd\u00edsk-t\u00edbetsk endurm\u00f3tun Erlik \u00ed Erlig Khaan = Yama er efni s\u00e9rstakrar ranns\u00f3knar hj\u00e1 Walther Heissig (<em>Die Religionen der Mongolei<\/em>, 1970). H\u00e9r s\u00e9st hvernig innlend undirheimaf\u00edg\u00fara er saml\u00f6gu\u00f0 tantrisma og f\u00e6r \u00fear \u00e1 sig n\u00fd l\u00f6g eiginleika.<\/p><p>Tr\u00faarheimspekilega athyglisvert er a\u00f0 n\u00e6rri \u00f6ll \u00fer\u00edskipt heimsfr\u00e6\u00f0ileg kerfi (efri, mi\u00f0ju, ne\u00f0ri heimur) hafa undirheimagu\u00f0 sem er \u00ed senn \u00f3gnvekjandi f\u00edg\u00fara og verndari reglu. Erlik er \u00fev\u00ed ekki undantekning, heldur sk\u00f3lab\u00f3kard\u00e6mi.<\/p>\t\t\t\t\t\t\t\t<\/div>\n\t\t\t\t<\/div>\n\t\t\t\t\t<\/div>\n\t\t\t\t<\/div>\n\t\t<div class=\"elementor-element elementor-element-iwgw-erlikkhan-s7 e-flex e-con-boxed e-con e-parent\" data-id=\"iwgw-erlikkhan-s7\" data-element_type=\"container\" data-e-type=\"container\">\n\t\t\t\t\t<div class=\"e-con-inner\">\n\t\t\t\t<div class=\"elementor-element elementor-element-iwgw-erlikkhan-s7h elementor-widget elementor-widget-heading\" data-id=\"iwgw-erlikkhan-s7h\" data-element_type=\"widget\" data-e-type=\"widget\" data-widget_type=\"heading.default\">\n\t\t\t\t\t<h2 class=\"elementor-heading-title elementor-size-default\">N\u00fat\u00edmavi\u00f0t\u00f6kur og ranns\u00f3knir<\/h2>\t\t\t\t<\/div>\n\t\t<div class=\"elementor-element elementor-element-iwgw-erlikkhan-s7c e-con-full e-flex e-con e-child\" data-id=\"iwgw-erlikkhan-s7c\" data-element_type=\"container\" data-e-type=\"container\">\n\t\t\t\t<div class=\"elementor-element elementor-element-iwgw-erlikkhan-s7t elementor-widget elementor-widget-text-editor\" data-id=\"iwgw-erlikkhan-s7t\" data-element_type=\"widget\" data-e-type=\"widget\" data-widget_type=\"text-editor.default\">\n\t\t\t\t\t\t\t\t\t<p>\u00cd n\u00fat\u00edma t\u00fav\u00ednskri og alta\u00edskri <span class=\"iwg-fachbegriff\" data-tooltip=\"Var\u00f0veitt \u00fej\u00f3\u00f0menning me\u00f0 si\u00f0um, s\u00f6gum og s\u00f6ngvum.\" tabindex=\"0\">\u00fej\u00f3\u00f0menningu<\/span> er Erlik frekar \u00f3gnvekjandi f\u00edg\u00fara en tilbei\u00f0sluefni; \u00ed d\u00e6gurmenningu (fantas\u00edub\u00f3kmenntum, netleikjum) birtist hann a\u00f0 hluta sem \u201ed\u00f6kkur andst\u00e6\u00f0ingur\u201c. Traustar fr\u00e6\u00f0ilegar \u00fattektir m\u00e1 finna hj\u00e1 Andrei Znamenski, Roberte Hamayon og \u00ed r\u00fassnesku samantektinni <em>Mify narodov mira<\/em> (2. bindi, 1992).<\/p><p>Mikilv\u00e6g fr\u00e6\u00f0ileg umr\u00e6\u00f0a sn\u00fdr a\u00f0 \u00fev\u00ed hversu miki\u00f0 af hinni \u201ed\u00f6kku\u201c mynd Erlik \u00ed dag er fr\u00e1 t\u00edmum fyrir \u00edslam og b\u00faddisma og hversu miki\u00f0 stafar af kristinni tr\u00fabo\u00f0slegri dj\u00f6fulgervingu \u00e1 18. og 19. \u00f6ld. Verbickij og a\u00f0rir tr\u00fabo\u00f0ar \u00fe\u00fdddu \u201eErlik\u201c einfaldlega sem \u201edj\u00f6full\u201c \u00ed or\u00f0ab\u00f3kum s\u00ednum, sem s\u00ed\u00f0ari fr\u00e6\u00f0imenn t\u00f3ku lengi upp gagnr\u00fdnislaust.<\/p><p>B\u00f3k Andrei Znamenskis <em>Shamanism and Western Imagination<\/em> (Oxford 2007) hefur endurgert \u00feessa afb\u00f6kunars\u00f6gu \u00edtarlega og m\u00e6lir me\u00f0 endurheimt hins s\u00f6gulega Erlik sem tv\u00edr\u00e6\u00f0rar regluf\u00edg\u00faru handan kristinnar tv\u00edhyggju.<\/p>\t\t\t\t\t\t\t\t<\/div>\n\t\t\t\t<\/div>\n\t\t\t\t\t<\/div>\n\t\t\t\t<\/div>\n\t\t<div class=\"elementor-element elementor-element-iwgw-erlikkhan-s8 e-flex e-con-boxed e-con e-parent\" data-id=\"iwgw-erlikkhan-s8\" data-element_type=\"container\" data-e-type=\"container\">\n\t\t\t\t\t<div class=\"e-con-inner\">\n\t\t\t\t<div class=\"elementor-element elementor-element-iwgw-erlikkhan-s8h elementor-widget elementor-widget-heading\" data-id=\"iwgw-erlikkhan-s8h\" data-element_type=\"widget\" data-e-type=\"widget\" data-widget_type=\"heading.default\">\n\t\t\t\t\t<h2 class=\"elementor-heading-title elementor-size-default\">Ranns\u00f3knarumr\u00e6\u00f0ur og opnar spurningar<\/h2>\t\t\t\t<\/div>\n\t\t<div class=\"elementor-element elementor-element-iwgw-erlikkhan-s8c e-con-full e-flex e-con e-child\" data-id=\"iwgw-erlikkhan-s8c\" data-element_type=\"container\" data-e-type=\"container\">\n\t\t\t\t<div class=\"elementor-element elementor-element-iwgw-erlikkhan-s8t elementor-widget elementor-widget-text-editor\" data-id=\"iwgw-erlikkhan-s8t\" data-element_type=\"widget\" data-e-type=\"widget\" data-widget_type=\"text-editor.default\">\n\t\t\t\t\t\t\t\t\t<p>\u00derj\u00e1r ranns\u00f3knarspurningar eru enn \u00f3leystar. \u00cd fyrsta lagi: Hva\u00f0a frumform haf\u00f0i Erlik \u00ed frum-tyrkneskri tr\u00fa \u00e1\u00f0ur en snerting var\u00f0 vi\u00f0 b\u00faddisma og kristni? Efni Anokhins gefur til kynna a\u00f0 hann hafi veri\u00f0 eldri og sj\u00e1lfst\u00e6\u00f0ari en b\u00fadd\u00edsk sams\u00f6mun vi\u00f0 Yama gefur til kynna.<\/p><p>\u00cd \u00f6\u00f0ru lagi: A\u00f0 hve miklu leyti er alta\u00edsk Erlik-hef\u00f0 samfelld vi\u00f0 jak\u00fatska <em>abasy<\/em>-hef\u00f0, en \u00f3samfelld vi\u00f0 mong\u00f3lska Erlig-Khaan-hef\u00f0? L. P. Potapov hefur haldi\u00f0 fram klofningstilg\u00e1tu \u00ed \u00feessu samhengi, sem n\u00fdlegar ranns\u00f3knir hafa teki\u00f0 upp a\u00f0 n\u00fdju.<\/p><p>\u00cd \u00feri\u00f0ja lagi: Hva\u00f0a hlutverki leikur Erlik \u00ed samt\u00edmalegri t\u00fav\u00ednskri og alta\u00edskri n\u00fdsjamanisma-senu, sem \u00fer\u00f3ast b\u00e6\u00f0i \u00e1 m\u00f3ti og me\u00f0 r\u00fassneska meginstraumnum? Marjorie Mandelstam Balzer hefur \u00ed fj\u00f6lda greina s\u00fdnt a\u00f0 n\u00fat\u00edma <span class=\"iwg-fachbegriff\" data-tooltip=\"Tr\u00faarlegt kerfi \u00fear sem s\u00e9rfr\u00e6\u00f0ingar hafa samskipti vi\u00f0 andaheiminn.\" tabindex=\"0\">sjamanar<\/span> nota Erlik markvisst til a\u00f0 draga fram frumbyggjalegan valkost vi\u00f0 hina yfirgn\u00e6fandi r\u00fassnesk-or\u00fe\u00f3dox t\u00e1kngervingu.<\/p>\t\t\t\t\t\t\t\t<\/div>\n\t\t\t\t<\/div>\n\t\t\t\t\t<\/div>\n\t\t\t\t<\/div>\n\t\t<div class=\"elementor-element elementor-element-iwgw-erlikkhan-s9 e-flex e-con-boxed e-con e-parent\" data-id=\"iwgw-erlikkhan-s9\" data-element_type=\"container\" data-e-type=\"container\">\n\t\t\t\t\t<div class=\"e-con-inner\">\n\t\t\t\t<div class=\"elementor-element elementor-element-iwgw-erlikkhan-s9h elementor-widget elementor-widget-heading\" data-id=\"iwgw-erlikkhan-s9h\" data-element_type=\"widget\" data-e-type=\"widget\" data-widget_type=\"heading.default\">\n\t\t\t\t\t<h2 class=\"elementor-heading-title elementor-size-default\">Samband vi\u00f0 Yama-hef\u00f0ina<\/h2>\t\t\t\t<\/div>\n\t\t<div class=\"elementor-element elementor-element-iwgw-erlikkhan-s9c e-con-full e-flex e-con e-child\" data-id=\"iwgw-erlikkhan-s9c\" data-element_type=\"container\" data-e-type=\"container\">\n\t\t\t\t<div class=\"elementor-element elementor-element-iwgw-erlikkhan-s9t elementor-widget elementor-widget-text-editor\" data-id=\"iwgw-erlikkhan-s9t\" data-element_type=\"widget\" data-e-type=\"widget\" data-widget_type=\"text-editor.default\">\n\t\t\t\t\t\t\t\t\t<p>Sams\u00f6mun Erliks vi\u00f0 hinn b\u00fadd\u00edska Yama er \u00ed tr\u00faars\u00f6gulegu samhengi eitt af best skjalfestu tilfellum mong\u00f3lsk-t\u00edbetskrar tr\u00faar. Walther Heissig s\u00fdndi \u00ed <em>Die Religionen der Mongolei<\/em> (1970) hvernig alta\u00edski Erlik og ind\u00f3-t\u00edbetski Yama\/Shinje runnu saman \u00e1 nokkrum \u00f6ldum, \u00e1n \u00feess a\u00f0 fullkomin \u00fatskipting hafi \u00e1tt s\u00e9r sta\u00f0.<\/p><p>\u00deess \u00ed sta\u00f0 var\u00f0 til tv\u00f6faldur pers\u00f3nuleiki \u00fear sem, eftir samhengi, alta\u00edska e\u00f0a b\u00fadd\u00edska lagi\u00f0 kemur fram.<\/p><p>\u00deessi lagskipting er kennslub\u00f3kard\u00e6mi fyrir v\u00edsindalegar \u201e\u00fe\u00fd\u00f0ingarfr\u00e6\u00f0i&#8220;: Hvernig er hugtak \u00far einni hef\u00f0 flutt yfir \u00ed a\u00f0ra, hva\u00f0a merkingarf\u00e6rslur eru \u00f3hj\u00e1kv\u00e6milegar og hva\u00f0a s\u00e9rst\u00e6\u00f0 tv\u00edblendingsform ver\u00f0a til \u00ed \u00fe\u00fd\u00f0ingarferlinu?<\/p><p>\u00c1\u00fereifanlegt d\u00e6mi: \u00cd t\u00edbetska <em>Bardo Th\u00f6dr\u00f6l<\/em> (T\u00edbetska dau\u00f0ab\u00f3kin) kemur Yama fram sem spegilhaldari sem s\u00fdnir hinum l\u00e1tna l\u00edfsverk hans. \u00deessa hugmynd er ekki a\u00f0 finna \u00ed hinum upprunalega alta\u00edska Erlik-fl\u00f3knum, en h\u00fan er til sta\u00f0ar \u00ed s\u00ed\u00f0ari mong\u00f3lskum hugmyndum um Erlik, sem bendir til hins b\u00fadd\u00edska lags.<\/p>\t\t\t\t\t\t\t\t<\/div>\n\t\t\t\t<\/div>\n\t\t\t\t\t<\/div>\n\t\t\t\t<\/div>\n\t\t<div class=\"elementor-element elementor-element-iwgw-erlikkhan-s10 e-flex e-con-boxed e-con e-parent\" data-id=\"iwgw-erlikkhan-s10\" data-element_type=\"container\" data-e-type=\"container\">\n\t\t\t\t\t<div class=\"e-con-inner\">\n\t\t\t\t<div class=\"elementor-element elementor-element-iwgw-erlikkhan-s10h elementor-widget elementor-widget-heading\" data-id=\"iwgw-erlikkhan-s10h\" data-element_type=\"widget\" data-e-type=\"widget\" data-widget_type=\"heading.default\">\n\t\t\t\t\t<h2 class=\"elementor-heading-title elementor-size-default\">Heimildir og tengsl vi\u00f0 menningarmi\u00f0st\u00f6\u00f0ina<\/h2>\t\t\t\t<\/div>\n\t\t<div class=\"elementor-element elementor-element-iwgw-erlikkhan-s10c e-con-full e-flex e-con e-child\" data-id=\"iwgw-erlikkhan-s10c\" data-element_type=\"container\" data-e-type=\"container\">\n\t\t\t\t<div class=\"elementor-element elementor-element-iwgw-erlikkhan-s10t elementor-widget elementor-widget-text-editor\" data-id=\"iwgw-erlikkhan-s10t\" data-element_type=\"widget\" data-e-type=\"widget\" data-widget_type=\"text-editor.default\">\n\t\t\t\t\t\t\t\t\t<p>\u00deeir sem vilja kynna s\u00e9r Erlik-fl\u00f3kann \u00ed heild sinni finna \u00e1 yfirlitss\u00ed\u00f0unni <a href=\"https:\/\/iwell-guard.com\/is\/siberiskur-sjamanismi-tengrismi\/\">S\u00edber\u00edsk-tengr\u00edsk hef\u00f0<\/a> mikilv\u00e6gustu tilv\u00edsanir \u00ed skyldar verur \u00e1 bor\u00f0 vi\u00f0 <a href=\"https:\/\/iwell-guard.com\/is\/?page_id=168983\">\u00dclgen<\/a> og l\u00e6gri <em>abasy<\/em>-ska\u00f0averurnar. Rit A. V. Anokhins, <em>Materialien zum Schamanismus der Altaier<\/em> (1924), er enn mikilv\u00e6gasta frumheimildin um <span class=\"iwg-fachbegriff\" data-tooltip=\"Tr\u00faarlegt kerfi \u00fear sem s\u00e9rfr\u00e6\u00f0ingar eiga samskipti vi\u00f0 andaheiminn.\" tabindex=\"0\">sjamanisma<\/span>.<\/p><p>Um b\u00fadd\u00edska yfirm\u00f3tun eru rit Walthers Heissig, <em>Die Religionen der Mongolei<\/em> (1970), og ranns\u00f3knir Klaus Sagasters \u00f3missandi. Fyrir gagnr\u00fdna \u00farvinnslu \u00e1 afb\u00f6kunum tr\u00fabo\u00f0a er verk Andrei Znamenskis, <em>Shamanism and Western Imagination<\/em> (Oxford 2007), besta f\u00e1anlega heimildin.<\/p><p>Meginverk L. P. Potapovs, <em>Altaiskij schamanizm<\/em> (Sankti P\u00e9tursborg 1991), b\u00fd\u00f0ur upp \u00e1 v\u00ed\u00f0t\u00e6kustu sov\u00e9sk-r\u00fassnesku samantektina og \u00e6tti ekki a\u00f0 l\u00edta fram hj\u00e1 \u00fev\u00ed \u00ed ranns\u00f3knum \u00e1 Erlik.<\/p>\t\t\t\t\t\t\t\t<\/div>\n\t\t\t\t<\/div>\n\t\t\t\t\t<\/div>\n\t\t\t\t<\/div>\n\t\t<div class=\"elementor-element elementor-element-iwgw-erlikkhan-s11 e-flex e-con-boxed e-con e-parent\" data-id=\"iwgw-erlikkhan-s11\" data-element_type=\"container\" data-e-type=\"container\">\n\t\t\t\t\t<div class=\"e-con-inner\">\n\t\t\t\t<div class=\"elementor-element elementor-element-iwgw-erlikkhan-s11h elementor-widget elementor-widget-heading\" data-id=\"iwgw-erlikkhan-s11h\" data-element_type=\"widget\" data-e-type=\"widget\" data-widget_type=\"heading.default\">\n\t\t\t\t\t<h2 class=\"elementor-heading-title elementor-size-default\">Tr\u00faarbrag\u00f0afyrirb\u00e6rafr\u00e6\u00f0i undirheimanna<\/h2>\t\t\t\t<\/div>\n\t\t<div class=\"elementor-element elementor-element-iwgw-erlikkhan-s11c e-con-full e-flex e-con e-child\" data-id=\"iwgw-erlikkhan-s11c\" data-element_type=\"container\" data-e-type=\"container\">\n\t\t\t\t<div class=\"elementor-element elementor-element-iwgw-erlikkhan-s11t elementor-widget elementor-widget-text-editor\" data-id=\"iwgw-erlikkhan-s11t\" data-element_type=\"widget\" data-e-type=\"widget\" data-widget_type=\"text-editor.default\">\n\t\t\t\t\t\t\t\t\t<p>Erlik heyrir til tr\u00faarbrag\u00f0afyrirb\u00e6rafr\u00e6\u00f0ilegs svi\u00f0s undirheimagu\u00f0a, sem Mircea Eliade fjalla\u00f0i r\u00e6kilega um \u00ed <em>Forgerons et alchimistes<\/em> (1956) og \u00ed b\u00f3k sinni um <span class=\"iwg-fachbegriff\" data-tooltip=\"Tr\u00faarlegt kerfi \u00fear sem s\u00e9rfr\u00e6\u00f0ingar hafa samskipti vi\u00f0 andaheiminn.\" tabindex=\"0\">sjamanisma<\/span>. Einkennandi er tv\u00edr\u00e6\u00f0nin: undirheimagu\u00f0ir t\u00e1kna nau\u00f0synlegt skuggasv\u00e6\u00f0i hinnar kosm\u00edsku skipulags, og einfalt \u201eillt&#8220; n\u00e6r ekki e\u00f0li \u00feeirra.<\/p><p>S\u00e9rstakur punktur vi\u00f0 Erlik er a\u00f0 hann er b\u00e6\u00f0i orsakavaldur og l\u00e6knir sj\u00fakd\u00f3ma. Svarti <span class=\"iwg-fachbegriff\" data-tooltip=\"Tr\u00faarlegur s\u00e9rfr\u00e6\u00f0ingur sem talinn er mi\u00f0la milli manna og andaheimsins.\" tabindex=\"0\">sjamaninn<\/span> semur vi\u00f0 Erlik um endurgrei\u00f0slu tapa\u00f0ra s\u00e1la, klass\u00edskt m\u00f3del \u201esjaman\u00edskra samninga&#8220; sem Roberte Hamayon \u00fer\u00f3a\u00f0i \u00ed m\u00f3ts\u00f6gn vi\u00f0 \u201elei\u00f0slu&#8220;-m\u00f3del Eliades.<\/p><p>Tr\u00faarbrag\u00f0amannfr\u00e6\u00f0ilega er athyglisvert a\u00f0 skilja \u00e1 milli \u201ehv\u00edtra&#8220; og \u201esvartra&#8220; sjamana me\u00f0 a\u00f0skildum gu\u00f0legum \u00e1v\u00f6rpum. \u00deessi tv\u00ed\u00fe\u00e6tta uppbygging finnst a\u00f0eins \u00ed f\u00e1um s\u00edber\u00edskum hef\u00f0um svo sk\u00fdrt sem hj\u00e1 Alta\u00edum og T\u00fav\u00ednum; h\u00fan er s\u00f6guleg s\u00e9\u00f0 sennilega s\u00ed\u00f0komin, kannski undir b\u00fadd\u00edskum \u00e1hrifum.<\/p>\t\t\t\t\t\t\t\t<\/div>\n\t\t\t\t<\/div>\n\t\t\t\t\t<\/div>\n\t\t\t\t<\/div>\n\t\t<div class=\"elementor-element elementor-element-iwgw-erlikkhan-s12 e-flex e-con-boxed e-con e-parent\" data-id=\"iwgw-erlikkhan-s12\" data-element_type=\"container\" data-e-type=\"container\">\n\t\t\t\t\t<div class=\"e-con-inner\">\n\t\t\t\t<div class=\"elementor-element elementor-element-iwgw-erlikkhan-s12h elementor-widget elementor-widget-heading\" data-id=\"iwgw-erlikkhan-s12h\" data-element_type=\"widget\" data-e-type=\"widget\" data-widget_type=\"heading.default\">\n\t\t\t\t\t<h2 class=\"elementor-heading-title elementor-size-default\">A\u00f0fer\u00f0afr\u00e6\u00f0ileg \u00edgrundun<\/h2>\t\t\t\t<\/div>\n\t\t<div class=\"elementor-element elementor-element-iwgw-erlikkhan-s12c e-con-full e-flex e-con e-child\" data-id=\"iwgw-erlikkhan-s12c\" data-element_type=\"container\" data-e-type=\"container\">\n\t\t\t\t<div class=\"elementor-element elementor-element-iwgw-erlikkhan-s12t elementor-widget elementor-widget-text-editor\" data-id=\"iwgw-erlikkhan-s12t\" data-element_type=\"widget\" data-e-type=\"widget\" data-widget_type=\"text-editor.default\">\n\t\t\t\t\t\t\t\t\t<p>Vi\u00f0 vinnu me\u00f0 Erlik-heimildir koma upp nokkur a\u00f0fer\u00f0afr\u00e6\u00f0ileg vandam\u00e1l. \u00cd fyrsta lagi: Elstu heimildirnar eru skr\u00e1ningar kristinna tr\u00fabo\u00f0a (Verbickij, Chivalkov) fr\u00e1 19. \u00f6ld, sem sams\u00f6mu\u00f0u hann me\u00f0 kerfisbundnum h\u00e6tti vi\u00f0 kristna dj\u00f6fulinn. A\u00f0 afh\u00fd\u00f0a \u00feetta tr\u00fabo\u00f0slag krefst mikillar a\u00f0fer\u00f0afr\u00e6\u00f0ilegrar n\u00e1kv\u00e6mni.<\/p><p>\u00cd \u00f6\u00f0ru lagi: B\u00fadd\u00edska sams\u00f6munin vi\u00f0 Yama hefur b\u00e6tt vi\u00f0 aukal\u00f6gum merkingar sem ekki er au\u00f0velt a\u00f0 skilja fr\u00e1 alta\u00edska frumlagi Erliks. Lagskiptingarl\u00edkan Walthers Heissigs hj\u00e1lpar, en er enn til umr\u00e6\u00f0u.<\/p><p>\u00cd \u00feri\u00f0ja lagi: Samt\u00edmaleg sjamanaframkv\u00e6md \u00ed kringum Erlik er brotakennd eftir Sov\u00e9tt\u00edmann; \u00fea\u00f0 sem vi\u00f0 sj\u00e1um \u00ed dag er endursk\u00f6pun \u00e1 grundvelli \u00fej\u00f3\u00f0fr\u00e6\u00f0itexta, ekki samfelld \u00f3slitin hef\u00f0. Andrei Znamenski hefur gagnr\u00fdnt \u00feetta.<\/p>\t\t\t\t\t\t\t\t<\/div>\n\t\t\t\t<\/div>\n\t\t\t\t\t<\/div>\n\t\t\t\t<\/div>\n\t\t<div class=\"elementor-element elementor-element-iwgw-erlikkhan-s13 e-flex e-con-boxed e-con e-parent\" data-id=\"iwgw-erlikkhan-s13\" data-element_type=\"container\" data-e-type=\"container\">\n\t\t\t\t\t<div class=\"e-con-inner\">\n\t\t\t\t<div class=\"elementor-element elementor-element-iwgw-erlikkhan-s13h elementor-widget elementor-widget-heading\" data-id=\"iwgw-erlikkhan-s13h\" data-element_type=\"widget\" data-e-type=\"widget\" data-widget_type=\"heading.default\">\n\t\t\t\t\t<h2 class=\"elementor-heading-title elementor-size-default\">Erlik \u00ed samt\u00edmapopmenningu<\/h2>\t\t\t\t<\/div>\n\t\t<div class=\"elementor-element elementor-element-iwgw-erlikkhan-s13c e-con-full e-flex e-con e-child\" data-id=\"iwgw-erlikkhan-s13c\" data-element_type=\"container\" data-e-type=\"container\">\n\t\t\t\t<div class=\"elementor-element elementor-element-iwgw-erlikkhan-s13t elementor-widget elementor-widget-text-editor\" data-id=\"iwgw-erlikkhan-s13t\" data-element_type=\"widget\" data-e-type=\"widget\" data-widget_type=\"text-editor.default\">\n\t\t\t\t\t\t\t\t\t<p>\u00cd samt\u00edmapopmenningu er Erlik \u00f3v\u00e6nt s\u00fdnilegur. Hann kemur fram \u00ed fj\u00f6lda r\u00fassneskra fantas\u00edusk\u00e1ldsagna, \u00ed netleikjum (t.d. <em>Path of Exile<\/em>, <em>Smite<\/em>), \u00ed heavy metal-textum og \u00ed manga- og anime-heiminum. \u00deessi m\u00f3ttaka bjagar oft s\u00f6guleg mynd verulega, en gerir Erlik a\u00f0 menningarlega virkri pers\u00f3nu.<\/p><p>V\u00edsindalega er \u00feessi m\u00f3ttaka tv\u00edbent: h\u00fan heldur Erlik \u00ed menningarlegu minni, en einfaldar hann samt\u00edmis. Andrei Znamenski benti \u00ed <em>Shamanism and Western Imagination<\/em> (2007) \u00e1 togstreituna milli v\u00edsindalegrar endurger\u00f0ar og al\u00fe\u00fd\u00f0legrar eignunar.<\/p><p>\u00cd alta\u00edsku og t\u00fav\u00ednsku l\u00fd\u00f0veldunum sj\u00e1lfum er Erlik minna s\u00fdnilegur \u00ed al\u00fe\u00fd\u00f0umenningu en \u00dclgen e\u00f0a Tengri; hann er \u00e1fram nokku\u00f0 ja\u00f0arleg pers\u00f3na sem leikur hlutverk \u00ed sjaman\u00edskri framkv\u00e6md, en ekki \u00ed opinberri framsetningu sv\u00e6\u00f0isins.<\/p>\t\t\t\t\t\t\t\t<\/div>\n\t\t\t\t<\/div>\n\t\t\t\t\t<\/div>\n\t\t\t\t<\/div>\n\t\t<div class=\"elementor-element elementor-element-cp27518a4a e-flex e-con-boxed e-con e-parent\" data-id=\"cp27518a4a\" data-element_type=\"container\" data-e-type=\"container\">\n\t\t\t\t\t<div class=\"e-con-inner\">\n\t\t\t\t<div class=\"elementor-element elementor-element-cp20374ec2 elementor-widget elementor-widget-heading\" data-id=\"cp20374ec2\" data-element_type=\"widget\" data-e-type=\"widget\" data-widget_type=\"heading.default\">\n\t\t\t\t\t<h2 class=\"elementor-heading-title elementor-size-default\">Erlik \u00ed alta\u00edsku sk\u00f6punars\u00f6gunni: samsk\u00f6pu\u00f0ur hins \u00f3fullkomna heims<\/h2>\t\t\t\t<\/div>\n\t\t<div class=\"elementor-element elementor-element-cp23d083fe e-flex e-con-boxed e-con e-child\" data-id=\"cp23d083fe\" data-element_type=\"container\" data-e-type=\"container\">\n\t\t\t\t\t<div class=\"e-con-inner\">\n\t\t\t\t<div class=\"elementor-element elementor-element-cp2fdabf2c elementor-widget elementor-widget-text-editor\" data-id=\"cp2fdabf2c\" data-element_type=\"widget\" data-e-type=\"widget\" data-widget_type=\"text-editor.default\">\n\t\t\t\t\t\t\t\t\t<p>\u00cd sk\u00f6punars\u00f6gum tyrkneskum\u00e6landi \u00fej\u00f3\u00f0a Altaifjalla leikur Erlik, einnig kalla\u00f0ur <em>Erlik Khan<\/em> e\u00f0a <em>Erlik<\/em>, tv\u00edbenta en \u00f3missandi rullu.<\/p><p>Nokkrar \u00fatg\u00e1fur, skr\u00e1\u00f0ar af mannfr\u00e6\u00f0ingum \u00e1 19. og fram \u00e1 20. \u00f6ld, greina fr\u00e1 \u00fev\u00ed a\u00f0 \u00ed upphafi var a\u00f0eins vatn og a\u00f0 skapagu\u00f0inn, oft samsama\u00f0ur <a href=\"https:\/\/iwell-guard.com\/is\/?page_id=168983\">\u00dclgen<\/a>, dr\u00f3 j\u00f6r\u00f0ina upp \u00far frumhafinu me\u00f0 a\u00f0sto\u00f0 Erliks.<\/p><p>\u00cd \u00fatbreiddu afbrig\u00f0i af s\u00f6gunni kafa \u00feeir tveir \u00ed fuglsl\u00edki, e\u00f0a l\u00e1ta einhverja skepnu kafa, til a\u00f0 n\u00e1 j\u00f6r\u00f0 af botni frumhafsins. Erlik felur \u00fe\u00e1 leynilega hluta af j\u00f6r\u00f0inni \u00ed munni s\u00e9r, me\u00f0 \u00feeim \u00e1setningi a\u00f0 skapa eigin heim.<\/p><p>\u00deegar skapagu\u00f0inn l\u00e6tur j\u00f6r\u00f0ina sem hann kom me\u00f0 vaxa, tekur falda j\u00f6r\u00f0in \u00ed munni Erliks einnig a\u00f0 vaxa, svo a\u00f0 hann \u00fearf a\u00f0 sp\u00fdta henni \u00fat. \u00dar \u00feessari \u00fatsp\u00fdttu j\u00f6r\u00f0 myndast m\u00fdrarnar, \u00f3g\u00f6ngulegu og \u00f3frj\u00f3u sv\u00e6\u00f0in. <span class=\"iwg-fachbegriff\" data-tooltip=\"Endurteki\u00f0 innihalds\u00feema \u00ed list e\u00f0a fr\u00e1s\u00f6gn.\" tabindex=\"0\">\u00deema\u00f0<\/span> \u00fatsk\u00fdrir go\u00f0sagnalega hvers vegna heimurinn er ekki fullkominn.<\/p><p>\u00deessi fr\u00e1s\u00f6gn tilheyrir v\u00ed\u00f0t\u00e6kri ger\u00f0 sk\u00f6punargo\u00f0sagna um kafara-j\u00f6r\u00f0ina, sem finnast um allt Nor\u00f0ur-Evras\u00edu og Nor\u00f0ur-Amer\u00edku. Athyglisver\u00f0 er hin si\u00f0fer\u00f0ilega tv\u00edr\u00e6\u00f0a sta\u00f0a Erliks: \u00ed sta\u00f0 \u00feess a\u00f0 vera bara ey\u00f0andi s\u00fdnir go\u00f0s\u00f6gnin me\u00f0skapara, en sj\u00e1lfst\u00e6\u00f0i hans og l\u00e6v\u00edsi b\u00e6\u00f0i fullkomna og ska\u00f0a heiminn \u00ed senn.<\/p><p>Vi\u00f0 mat \u00e1 \u00feessum fr\u00e1s\u00f6gnum \u00fearf a\u00f0 hafa \u00ed huga a\u00f0 skr\u00e1ningarnir eru fr\u00e1 t\u00edma \u00feegar alta\u00edsk tr\u00fa haf\u00f0i \u00feegar or\u00f0i\u00f0 fyrir \u00e1hrifum kristinna og b\u00fadd\u00edskra hugmynda. Sumir fr\u00e6\u00f0imenn hafa \u00fev\u00ed spurt hvort \u00e1herslan \u00e1 andst\u00e6\u00f0ingslegan me\u00f0skapara hafi or\u00f0i\u00f0 sterkari fyrir sl\u00edk \u00e1hrif. \u00d6ruggt svar er ekki m\u00f6gulegt.<\/p>\t\t\t\t\t\t\t\t<\/div>\n\t\t\t\t\t<\/div>\n\t\t\t\t<\/div>\n\t\t\t\t\t<\/div>\n\t\t\t\t<\/div>\n\t\t<div class=\"elementor-element elementor-element-cp2032381e e-flex e-con-boxed e-con e-parent\" data-id=\"cp2032381e\" data-element_type=\"container\" data-e-type=\"container\">\n\t\t\t\t\t<div class=\"e-con-inner\">\n\t\t\t\t<div class=\"elementor-element elementor-element-cp2549d4d3 elementor-widget elementor-widget-heading\" data-id=\"cp2549d4d3\" data-element_type=\"widget\" data-e-type=\"widget\" data-widget_type=\"heading.default\">\n\t\t\t\t\t<h2 class=\"elementor-heading-title elementor-size-default\">Herra undirheima: r\u00edki Erliks og hin shaman\u00edska fer\u00f0 ni\u00f0ur \u00e1 vi\u00f0<\/h2>\t\t\t\t<\/div>\n\t\t<div class=\"elementor-element elementor-element-cp2699d7d9 e-flex e-con-boxed e-con e-child\" data-id=\"cp2699d7d9\" data-element_type=\"container\" data-e-type=\"container\">\n\t\t\t\t\t<div class=\"e-con-inner\">\n\t\t\t\t<div class=\"elementor-element elementor-element-cp215c60fe elementor-widget elementor-widget-text-editor\" data-id=\"cp215c60fe\" data-element_type=\"widget\" data-e-type=\"widget\" data-widget_type=\"text-editor.default\">\n\t\t\t\t\t\t\t\t\t<p>Auk sk\u00f6punarsagnanna er Erlik \u00ed alta\u00edskri og almennt s\u00edber\u00edskri tr\u00fa fyrst og fremst \u00feekktur sem herra undirheima og drottnari yfir hinum d\u00e1nu. R\u00edki hans er \u00ed heimildum l\u00fdst sem d\u00f6kku sv\u00e6\u00f0i undir j\u00f6r\u00f0inni, sem hinir d\u00e1nu ganga inn \u00ed.<\/p><p>Erlik er einnig talinn valdur a\u00f0 sj\u00fakd\u00f3mum og dau\u00f0a; s\u00e1 sem var\u00f0 alvarlega veikur, gat, samkv\u00e6mt alta\u00edskum hugmyndum, haft l\u00edfskraft sinn e\u00f0a s\u00e1l r\u00e6nda af Erlik e\u00f0a sendibo\u00f0um hans og flutta til undirheima.<\/p><p>Vi\u00f0 \u00feessa hugmynd tengdist \u00e1kve\u00f0i\u00f0 form shaman\u00edskrar i\u00f0kunar. Me\u00f0an himinfer\u00f0in til \u00dclgen var uppganga, var fer\u00f0in til Erliks ni\u00f0urganga.<\/p><p>Shaman\u00edski s\u00e9rfr\u00e6\u00f0ingurinn l\u00fdsti \u00ed rit\u00faals\u00f6ngvum hvernig hann f\u00f3r ni\u00f0ur \u00ed r\u00edki Erliks, sigra\u00f0ist \u00fear \u00e1 hindrunum og st\u00f3\u00f0 a\u00f0 lokum frammi fyrir Erlik til a\u00f0 semja vi\u00f0 hann, til d\u00e6mis til a\u00f0 krefjast aftur s\u00e1lar sj\u00faklings sem haf\u00f0i veri\u00f0 r\u00e6nt, e\u00f0a til a\u00f0 flytja f\u00f3rnargjafir.<\/p><p>Wilhelm Radloff skr\u00e1\u00f0i sl\u00edkar ni\u00f0urg\u00f6ngul\u00fdsingar, og \u00fe\u00e6r hafa s\u00ed\u00f0ar hloti\u00f0 mikla athygli \u00ed samanbur\u00f0arranns\u00f3knum \u00e1 shamanisma.<\/p><p>Vi\u00f0 t\u00falkun ber a\u00f0 g\u00e6ta varf\u00e6rni. Skr\u00e1\u00f0u textarnir eru einstakar athafnir, ekki t\u00edmalaus handrit, og alh\u00e6fing \u00feeirra \u00ed mynstur shaman\u00edskrar undirheimafer\u00f0ar, eins og Mircea Eliade setti fram, hefur veri\u00f0 gagnr\u00fdnd af n\u00fdrri ranns\u00f3knum fyrir a\u00f0 vera of einf\u00f6ldu\u00f0.<\/p><p>Lj\u00f3st er a\u00f0 Erlik var \u00ed alta\u00edskri i\u00f0kun mun meira en einfaldlega \u00f3ttu\u00f0 vera sem var for\u00f0ast: hann var m\u00e1tturafl sem s\u00e9rfr\u00e6\u00f0ingurinn \u00e1tti \u00ed virkum samningum vi\u00f0 \u00ed <span class=\"iwg-fachbegriff\" data-tooltip=\"Skipul\u00f6g\u00f0 atbur\u00f0ar\u00e1s t\u00e1knger\u00f0ra athafna me\u00f0 tr\u00faarlegri e\u00f0a menningarlegri merkingu.\" tabindex=\"0\">rit\u00faali<\/span>. Umgengni vi\u00f0 Erlik f\u00f3r lengra en einf\u00f6ld v\u00f6rn; h\u00fan var skipul\u00f6g\u00f0, \u00e1h\u00e6ttus\u00f6m samskipti.<\/p>\t\t\t\t\t\t\t\t<\/div>\n\t\t\t\t\t<\/div>\n\t\t\t\t<\/div>\n\t\t\t\t\t<\/div>\n\t\t\t\t<\/div>\n\t\t<div class=\"elementor-element elementor-element-cp2907420d e-flex e-con-boxed e-con e-parent\" data-id=\"cp2907420d\" data-element_type=\"container\" data-e-type=\"container\">\n\t\t\t\t\t<div class=\"e-con-inner\">\n\t\t\t\t<div class=\"elementor-element elementor-element-cp2fc29be0 elementor-widget elementor-widget-heading\" data-id=\"cp2fc29be0\" data-element_type=\"widget\" data-e-type=\"widget\" data-widget_type=\"heading.default\">\n\t\t\t\t\t<h2 class=\"elementor-heading-title elementor-size-default\">Erlik milli innlendrar hef\u00f0ar og erlendra \u00e1hrifa: ranns\u00f3knarumr\u00e6\u00f0a<\/h2>\t\t\t\t<\/div>\n\t\t<div class=\"elementor-element elementor-element-cp215c8e40 e-flex e-con-boxed e-con e-child\" data-id=\"cp215c8e40\" data-element_type=\"container\" data-e-type=\"container\">\n\t\t\t\t\t<div class=\"e-con-inner\">\n\t\t\t\t<div class=\"elementor-element elementor-element-cp27662833 elementor-widget elementor-widget-text-editor\" data-id=\"cp27662833\" data-element_type=\"widget\" data-e-type=\"widget\" data-widget_type=\"text-editor.default\">\n\t\t\t\t\t\t\t\t\t<p>Pers\u00f3na Erliks er \u00ed mi\u00f0ju langvarandi ranns\u00f3knarumr\u00e6\u00f0u um erlend \u00e1hrif \u00e1 inneras\u00edska tr\u00fa. Athyglisvert er fyrst nafni\u00f0 sj\u00e1lft: Erlik, e\u00f0a Erlik Khan, er tungum\u00e1lalega og hugmyndalega tengt Yama \u00far b\u00fadd\u00edskri hef\u00f0, sem gekk inn \u00ed mong\u00f3lska og t\u00edbet-b\u00fadd\u00edska hugmyndaheiminn sem Erlik Khan.<\/p><p>Spurningin er hvort alta\u00edska undirheimapers\u00f3nan var svona fr\u00e1 upphafi, e\u00f0a hvort h\u00fan var m\u00f3tu\u00f0 af b\u00faddisma.<\/p><p>\u00d6nnur l\u00edna umr\u00e6\u00f0unnar snertir tv\u00edhyggjuna.<\/p><p>Andst\u00e6\u00f0an milli \u00dclgen fyrir ofan og Erlik fyrir ne\u00f0an, milli sk\u00f6punar og ska\u00f0a, milli himins og undirheima, minnir sumir fr\u00e6\u00f0imenn \u00e1 tv\u00edhyggjuleg tr\u00faarkerfi, til d\u00e6mis z\u00f3r\u00f3astr\u00edskar hugmyndir sem g\u00e6tu hafa or\u00f0i\u00f0 virkar um verslunarlei\u00f0ir Mi\u00f0-As\u00edu, e\u00f0a \u00e1 kristna andst\u00e6\u00f0una milli Gu\u00f0s og dj\u00f6fulsins, sem kom me\u00f0 r\u00fassneskri tr\u00fabo\u00f0sstarfsemi.<\/p><p>\u00dear sem heimildirnir eru a\u00f0eins fr\u00e1 t\u00edma \u00feegar allir \u00feessir tengili\u00f0ir voru l\u00f6ngu til, er varla m\u00f6gulegt a\u00f0 greina upprunalega kjarnann.<\/p><p>A\u00f0fer\u00f0afr\u00e6\u00f0ilega vark\u00e1rar ranns\u00f3knir draga \u00fe\u00e1 \u00e1lyktun a\u00f0 Erlik eigi r\u00e6tur \u00ed innlendri hugmynd um undirheimam\u00e1tt, en a\u00f0 \u00feessi hugmynd hafi veri\u00f0 m\u00f3tu\u00f0 af b\u00fadd\u00edskum og hugsanlega frekari \u00e1hrifum og skerpst \u00ed \u00fatl\u00ednum s\u00ednum. Mikilv\u00e6g er h\u00e9r vi\u00f0v\u00f6run gegn algengum misskilningi: Erlik \u00e6tti ekki \u00ed fl\u00fdti a\u00f0 vera jafna\u00f0ur vi\u00f0 kristna dj\u00f6fulinn.<\/p><p>\u00cd alta\u00edskum fr\u00e1s\u00f6gnum er hann ekki algert illt, heldur nau\u00f0synlegur hluti af heimsskipulaginu, sem menn og rit\u00faals\u00e9rfr\u00e6\u00f0ingar \u00feeirra ur\u00f0u a\u00f0 n\u00e1 samkomulagi vi\u00f0. Skilgreining hans sem andst\u00e6\u00f0ingur \u00dclgens l\u00fdsir spennu\u00ferungnu samr\u00e6mi, ekki si\u00f0fer\u00f0ilegu str\u00ed\u00f0i. \u00c6tta\u00f0a undirheimadrottnara m\u00e1 einnig finna hj\u00e1 <a href=\"https:\/\/iwell-guard.com\/is\/siberiskur-sjamanismi-tengrismi\/\">\u00f6\u00f0rum inneras\u00edskum menningarheimum<\/a>.<\/p>\t\t\t\t\t\t\t\t<\/div>\n\t\t\t\t\t<\/div>\n\t\t\t\t<\/div>\n\t\t\t\t\t<\/div>\n\t\t\t\t<\/div>\n\t\t<div class=\"elementor-element elementor-element-iwgw-erlikkhan-lit e-flex e-con-boxed e-con e-parent\" data-id=\"iwgw-erlikkhan-lit\" data-element_type=\"container\" data-e-type=\"container\">\n\t\t\t\t\t<div class=\"e-con-inner\">\n\t\t\t\t<div class=\"elementor-element elementor-element-iwgw-erlikkhan-lith elementor-widget elementor-widget-heading\" data-id=\"iwgw-erlikkhan-lith\" data-element_type=\"widget\" data-e-type=\"widget\" data-widget_type=\"heading.default\">\n\t\t\t\t\t<h2 class=\"elementor-heading-title elementor-size-default\">Heimildir (\u00farval)<\/h2>\t\t\t\t<\/div>\n\t\t<div class=\"elementor-element elementor-element-iwgw-erlikkhan-litc e-con-full e-flex e-con e-child\" data-id=\"iwgw-erlikkhan-litc\" data-element_type=\"container\" data-e-type=\"container\">\n\t\t\t\t<div class=\"elementor-element elementor-element-iwgw-erlikkhan-litt elementor-widget elementor-widget-text-editor\" data-id=\"iwgw-erlikkhan-litt\" data-element_type=\"widget\" data-e-type=\"widget\" data-widget_type=\"text-editor.default\">\n\t\t\t\t\t\t\t\t\t<ul><li>A. V. Anokhin: <em>Materialien zum <span class=\"iwg-fachbegriff\" data-tooltip=\"Tr\u00faarkerfi \u00fear sem s\u00e9rfr\u00e6\u00f0ingar hafa samskipti vi\u00f0 andaheiminn.\" tabindex=\"0\">Schamanismus<\/span> der Altaier<\/em> (1924)<\/li><li>Mircea Eliade: <em>Le chamanisme<\/em> (1951)<\/li><li>Walther Heissig: <em>Die Religionen der Mongolei<\/em> (1970)<\/li><li>Vladimir Basilov: <em>Shamanism in Siberia<\/em> (1984)<\/li><li>Roberte Hamayon: <em>La chasse \u00e0 l&#8217;\u00e2me<\/em> (1990)<\/li><li>Andrei Znamenski: <em>Shamanism and Western Imagination<\/em> (2007)<\/li><li>L. P. Potapov: <em>Altaiskij schamanizm<\/em> (1991)<\/li><\/ul>\t\t\t\t\t\t\t\t<\/div>\n\t\t\t\t<\/div>\n\t\t\t\t\t<\/div>\n\t\t\t\t<\/div>\n\t\t<div class=\"elementor-element elementor-element-iwgkw2-add-erlikkhan e-flex e-con-boxed e-con e-parent\" data-id=\"iwgkw2-add-erlikkhan\" data-element_type=\"container\" data-e-type=\"container\">\n\t\t\t\t\t<div class=\"e-con-inner\">\n\t\t\t\t<div class=\"elementor-element elementor-element-iwgkw2-add-erlikkhan-t elementor-widget elementor-widget-text-editor\" data-id=\"iwgkw2-add-erlikkhan-t\" data-element_type=\"widget\" data-e-type=\"widget\" data-widget_type=\"text-editor.default\">\n\t\t\t\t\t\t\t\t\t<p>\u00cd <em>alta\u00edskri<\/em>&#8211;<em>s\u00edber\u00edskri<\/em> tr\u00fa er <em><span class=\"iwg-fachbegriff\" data-tooltip=\"Munnm\u00e6lasaga um gu\u00f0i, uppruna og skipulag heimsins.\" tabindex=\"0\">go\u00f0sagan<\/span><\/em> um Erlik Khan m\u00f3tu\u00f0 sem herra undirheima og andst\u00e6\u00f0ing \u00dclgens; shaman\u00edskir s\u00f6ngvar Altai-Tyrkja og B\u00farjata var\u00f0veita hlutverk hans \u00ed sj\u00fakd\u00f3mum, dau\u00f0a og s\u00e1larlei\u00f0s\u00f6gn.<\/p>\t\t\t\t\t\t\t\t<\/div>\n\t\t\t\t\t<\/div>\n\t\t\t\t<\/div>\n\t\t<div class=\"elementor-element elementor-element-iwgw-erlikkhan-kwd e-flex e-con-boxed e-con e-parent\" data-id=\"iwgw-erlikkhan-kwd\" data-element_type=\"container\" data-e-type=\"container\">\n\t\t\t\t\t<div class=\"e-con-inner\">\n\t\t<div class=\"elementor-element elementor-element-iwgw-erlikkhan-kwdc e-con-full e-flex e-con e-child\" data-id=\"iwgw-erlikkhan-kwdc\" data-element_type=\"container\" data-e-type=\"container\">\n\t\t\t\t<div class=\"elementor-element elementor-element-iwgw-erlikkhan-kwdt elementor-widget elementor-widget-text-editor\" data-id=\"iwgw-erlikkhan-kwdt\" data-element_type=\"widget\" data-e-type=\"widget\" data-widget_type=\"text-editor.default\">\n\t\t\t\t\t\t\t\t\t<p><em>Tengd hugt\u00f6k: Erlik Khan Erlig Khaan Alta\u00ed undirheimar Yama b\u00fadd\u00edsk endurm\u00f3tun.<\/em><\/p>\t\t\t\t\t\t\t\t<\/div>\n\t\t\t\t<\/div>\n\t\t\t\t\t<\/div>\n\t\t\t\t<\/div>\n\t\t<div class=\"elementor-element elementor-element-iwgw-erlikkhan-cc e-flex e-con-boxed e-con e-parent\" data-id=\"iwgw-erlikkhan-cc\" data-element_type=\"container\" data-e-type=\"container\" id=\"iwg-cc-erlik-khan\">\n\t\t\t\t\t<div class=\"e-con-inner\">\n\t\t<div class=\"elementor-element elementor-element-iwgw-erlikkhan-ccinner e-flex e-con-boxed e-con e-parent\" data-id=\"iwgw-erlikkhan-ccinner\" data-element_type=\"container\" data-e-type=\"container\" data-settings=\"{&quot;background_background&quot;:&quot;classic&quot;}\">\n\t\t\t\t\t<div class=\"e-con-inner\">\n\t\t\t\t<div class=\"elementor-element elementor-element-iwgw-erlikkhan-cch elementor-widget elementor-widget-heading\" data-id=\"iwgw-erlikkhan-cch\" data-element_type=\"widget\" data-e-type=\"widget\" data-widget_type=\"heading.default\">\n\t\t\t\t\t<h2 class=\"elementor-heading-title elementor-size-default\">iWell Guard og verndarhef\u00f0ir<\/h2>\t\t\t\t<\/div>\n\t\t\t\t<div class=\"elementor-element elementor-element-iwgw-erlikkhan-cct elementor-widget elementor-widget-text-editor\" data-id=\"iwgw-erlikkhan-cct\" data-element_type=\"widget\" data-e-type=\"widget\" data-widget_type=\"text-editor.default\">\n\t\t\t\t\t\t\t\t\t<div data-nosnippet=\"true\"><p>iWell Guard tengist menningars\u00f6gulegri hef\u00f0 farandlegra verndargripa, \u00ed hef\u00f0 <a href=\"https:\/\/iwell-guard.com\/is\/siberiskur-sjamanismi-tengrismi\/\">S\u00edber\u00edu \/ tengrisma<\/a> og margra annarra menningarheima um allan heim. 41 l\u00f6g, alv\u00f6ru gull, plat\u00edna, silfur, framleitt \u00ed \u00de\u00fdskalandi. 30 daga skilar\u00e9ttur.<\/p><\/div>\t\t\t\t\t\t\t\t<\/div>\n\t\t\t\t<div class=\"elementor-element elementor-element-iwgw-erlikkhan-ccb iwg-cc-button iwg-cc-cta-2026-05-13 elementor-widget elementor-widget-jet-button\" data-id=\"iwgw-erlikkhan-ccb\" data-element_type=\"widget\" data-e-type=\"widget\" data-widget_type=\"jet-button.default\">\n\t\t\t\t<div class=\"elementor-widget-container\">\n\t\t\t\t\t<div class=\"elementor-jet-button jet-elements\"><div class=\"jet-button__container\"><a class=\"jet-button__instance jet-button__instance--icon-left hover-effect-1\" href=\"\/ueber-iwell-guard\/?utm_source=iwell-guard.com&amp;utm_medium=info-box&amp;utm_campaign=wesen-tradition\"><div class=\"jet-button__plane jet-button__plane-normal\"><\/div><div class=\"jet-button__plane jet-button__plane-hover\"><\/div><div class=\"jet-button__state jet-button__state-normal\"><span class=\"jet-button__label\">Meira um iWell Guard<\/span><\/div><div class=\"jet-button__state jet-button__state-hover\"><span class=\"jet-button__label\">Meira um iWell Guard<\/span><\/div><\/a><\/div><\/div><style>.elementor-element.elementor-element-iwgw-erlikkhan-ccb .jet-button__instance{width:320px;height:56px;}.elementor-element.elementor-element-iwgw-erlikkhan-ccb .jet-button__state-normal .jet-button__label{text-align:center;margin:0px 0px 0px 0px;color:#1a1b20;font-family:Montserrat,sans-serif;font-size:13px;font-weight:400;letter-spacing:4px;line-height:1.714em;text-transform:uppercase;}.elementor-element.elementor-element-iwgw-erlikkhan-ccb .jet-button__state-hover .jet-button__label{text-align:center;margin:0px 0px 0px 0px;color:#FECC76;font-family:Montserrat,sans-serif;font-size:13px;font-weight:400;letter-spacing:4px;line-height:1.714em;text-transform:uppercase;}.elementor-element.elementor-element-iwgw-erlikkhan-ccb .jet-button__plane-normal{background-color:#FECC76;border-style:solid;border-color:#C99540;border-width:2px 2px 2px 2px;}.elementor-element.elementor-element-iwgw-erlikkhan-ccb .jet-button__plane-hover{background-color:rgba(0,0,0,0.55);border-style:solid;border-color:#FECC76;border-width:2px 2px 2px 2px;}<\/style>\t\t\t\t<\/div>\n\t\t\t\t<\/div>\n\t\t\t\t<div class=\"elementor-element elementor-element-iwgw-erlikkhan-ccd elementor-widget elementor-widget-text-editor\" data-id=\"iwgw-erlikkhan-ccd\" data-element_type=\"widget\" data-e-type=\"widget\" data-widget_type=\"text-editor.default\">\n\t\t\t\t\t\t\t\t\t<div data-nosnippet=\"true\"><p style=\"text-align:center;font-size:13px;opacity:0.7;margin-top:14px\" data-nosnippet=\"true\">Pers\u00f3nuleg reynsla getur veri\u00f0 mismunandi. Ekki l\u00e6kningat\u00e6ki. Engin lofor\u00f0 um l\u00e6kningu.<\/p><\/div>\t\t\t\t\t\t\t\t<\/div>\n\t\t\t\t\t<\/div>\n\t\t\t\t<\/div>\n\t\t\t\t\t<\/div>\n\t\t\t\t<\/div>\n\t\t<div class=\"elementor-element elementor-element-iwgw-erlikkhan-disc e-flex e-con-boxed e-con e-parent\" data-id=\"iwgw-erlikkhan-disc\" data-element_type=\"container\" data-e-type=\"container\">\n\t\t\t\t\t<div class=\"e-con-inner\">\n\t\t\t\t<div class=\"elementor-element elementor-element-iwgw-erlikkhan-discw elementor-widget elementor-widget-html\" data-id=\"iwgw-erlikkhan-discw\" data-element_type=\"widget\" data-e-type=\"widget\" data-widget_type=\"html.default\">\n\t\t\t\t\t<footer data-nosnippet=\"true\" class=\"iwg-disclaimer-block\"><p data-nosnippet=\"true\">iWell Guard er <strong>ekki l\u00e6kningat\u00e6ki<\/strong> og kemur ekki \u00ed sta\u00f0inn fyrir l\u00e6knis- e\u00f0a s\u00e1lfr\u00e6\u00f0ime\u00f0fer\u00f0. Tr\u00faarfr\u00e6\u00f0ilegt efni er menningars\u00f6gulegt samhengi, ekki r\u00e1\u00f0legging um andlega i\u00f0kun.<\/p><\/footer>\t\t\t\t<\/div>\n\t\t\t\t\t<\/div>\n\t\t\t\t<\/div>\n\t\t\t\t<\/div>\n\t\t","protected":false},"excerpt":{"rendered":"","protected":false},"author":3,"featured_media":2855,"parent":0,"menu_order":0,"comment_status":"closed","ping_status":"closed","template":"elementor_header_footer","meta":{"_yoast_wpseo_focuskw":"Erlik Khan undirheimagu\u00f0 Altai","_yoast_wpseo_title":"Erlik Khan \u2013 undirheimagu\u00f0 Altai, go\u00f0s\u00f6gn og heimildir","_yoast_wpseo_metadesc":"Erlik Khan er \u00ed su\u00f0ur-s\u00edber\u00edskum tengrisma drottnari undirheima og andst\u00e6\u00f0ingur \u00dclgens. Yfirlit me\u00f0 go\u00f0s\u00f6gn og \u00e1tr\u00fana\u00f0i.","_yoast_wpseo_meta-robots-noindex":"","_yoast_wpseo_canonical":"","_angie_page":false,"gefaehrdungsstufe":"4","wesen_kultur":"sibirisch-tengrismus","wesen_klasse":"daemonen","footnotes":""},"categories":[],"class_list":["post-168981","page","type-page","status-publish","has-post-thumbnail","hentry"],"yoast_head":"<!-- This site is optimized with the Yoast SEO Premium plugin v27.7 (Yoast SEO v28.3) - https:\/\/yoast.com\/product\/yoast-seo-premium-wordpress\/ -->\n<title>Erlik Khan \u2013 undirheimagu\u00f0 Altai, go\u00f0s\u00f6gn og heimildir<\/title>\n<meta name=\"description\" content=\"Erlik Khan er \u00ed su\u00f0ur-s\u00edber\u00edskum tengrisma drottnari undirheima og andst\u00e6\u00f0ingur \u00dclgens. Yfirlit me\u00f0 go\u00f0s\u00f6gn og \u00e1tr\u00fana\u00f0i.\" \/>\n<meta name=\"robots\" content=\"index, follow, max-snippet:-1, max-image-preview:large, max-video-preview:-1\" \/>\n<link rel=\"canonical\" href=\"https:\/\/iwell-guard.com\/is\/erlik-khan-drottnari-undirheima\/\" \/>\n<meta property=\"og:locale\" content=\"is_IS\" \/>\n<meta property=\"og:type\" content=\"article\" \/>\n<meta property=\"og:title\" content=\"Erlik Khan \u2013 Drottnari undirheima Altai-manna\" \/>\n<meta property=\"og:description\" content=\"Erlik Khan er \u00ed su\u00f0ur-s\u00edber\u00edskum tengrisma drottnari undirheima og andst\u00e6\u00f0ingur \u00dclgens. Yfirlit me\u00f0 go\u00f0s\u00f6gn og \u00e1tr\u00fana\u00f0i.\" \/>\n<meta property=\"og:url\" content=\"https:\/\/iwell-guard.com\/is\/erlik-khan-drottnari-undirheima\/\" \/>\n<meta property=\"og:site_name\" content=\"iWell Guard\" \/>\n<meta property=\"article:modified_time\" content=\"2026-09-05T14:28:49+00:00\" \/>\n<meta property=\"og:image\" content=\"https:\/\/iwell-guard.com\/wp-content\/uploads\/2026\/05\/daemonen_sibirisch-tengrismus_erlik-khan.webp\" \/>\n\t<meta property=\"og:image:width\" content=\"1024\" \/>\n\t<meta property=\"og:image:height\" content=\"1536\" \/>\n\t<meta property=\"og:image:type\" content=\"image\/webp\" \/>\n<meta name=\"twitter:card\" content=\"summary_large_image\" \/>\n<script type=\"application\/ld+json\" class=\"yoast-schema-graph\">{\"@context\":\"https:\\\/\\\/schema.org\",\"@graph\":[{\"@type\":\"WebPage\",\"@id\":\"https:\\\/\\\/iwell-guard.com\\\/is\\\/erlik-khan-drottnari-undirheima\\\/\",\"url\":\"https:\\\/\\\/iwell-guard.com\\\/is\\\/erlik-khan-drottnari-undirheima\\\/\",\"name\":\"Erlik Khan \u2013 undirheimagu\u00f0 Altai, go\u00f0s\u00f6gn og heimildir\",\"isPartOf\":{\"@id\":\"https:\\\/\\\/iwell-guard.com\\\/is\\\/#website\"},\"primaryImageOfPage\":{\"@id\":\"https:\\\/\\\/iwell-guard.com\\\/is\\\/erlik-khan-drottnari-undirheima\\\/#primaryimage\"},\"image\":{\"@id\":\"https:\\\/\\\/iwell-guard.com\\\/is\\\/erlik-khan-drottnari-undirheima\\\/#primaryimage\"},\"thumbnailUrl\":\"https:\\\/\\\/iwell-guard.com\\\/wp-content\\\/uploads\\\/2026\\\/05\\\/daemonen_sibirisch-tengrismus_erlik-khan.webp\",\"datePublished\":\"2026-09-05T14:04:34+00:00\",\"dateModified\":\"2026-09-05T14:28:49+00:00\",\"description\":\"Erlik Khan er \u00ed su\u00f0ur-s\u00edber\u00edskum tengrisma drottnari undirheima og andst\u00e6\u00f0ingur \u00dclgens. Yfirlit me\u00f0 go\u00f0s\u00f6gn og \u00e1tr\u00fana\u00f0i.\",\"breadcrumb\":{\"@id\":\"https:\\\/\\\/iwell-guard.com\\\/is\\\/erlik-khan-drottnari-undirheima\\\/#breadcrumb\"},\"inLanguage\":\"is\",\"potentialAction\":[{\"@type\":\"ReadAction\",\"target\":[\"https:\\\/\\\/iwell-guard.com\\\/is\\\/erlik-khan-drottnari-undirheima\\\/\"]}]},{\"@type\":\"ImageObject\",\"inLanguage\":\"is\",\"@id\":\"https:\\\/\\\/iwell-guard.com\\\/is\\\/erlik-khan-drottnari-undirheima\\\/#primaryimage\",\"url\":\"https:\\\/\\\/iwell-guard.com\\\/wp-content\\\/uploads\\\/2026\\\/05\\\/daemonen_sibirisch-tengrismus_erlik-khan.webp\",\"contentUrl\":\"https:\\\/\\\/iwell-guard.com\\\/wp-content\\\/uploads\\\/2026\\\/05\\\/daemonen_sibirisch-tengrismus_erlik-khan.webp\",\"width\":1024,\"height\":1536,\"caption\":\"P\u00fakar \u00far s\u00edber\u00edskri tengrisma-hef\u00f0.\"},{\"@type\":\"BreadcrumbList\",\"@id\":\"https:\\\/\\\/iwell-guard.com\\\/is\\\/erlik-khan-drottnari-undirheima\\\/#breadcrumb\",\"itemListElement\":[{\"@type\":\"ListItem\",\"position\":1,\"name\":\"Start\",\"item\":\"https:\\\/\\\/iwell-guard.com\\\/is\\\/?page_id=168580\"},{\"@type\":\"ListItem\",\"position\":2,\"name\":\"Erlik Khan \u2013 Drottnari undirheima Altai-manna\"}]},{\"@type\":\"WebSite\",\"@id\":\"https:\\\/\\\/iwell-guard.com\\\/is\\\/#website\",\"url\":\"https:\\\/\\\/iwell-guard.com\\\/is\\\/\",\"name\":\"iWell Guard\",\"description\":\"Schutz vor dunklen Einfl\u00fcssen\",\"publisher\":{\"@id\":\"https:\\\/\\\/iwell-guard.com\\\/is\\\/#organization\"},\"potentialAction\":[{\"@type\":\"SearchAction\",\"target\":{\"@type\":\"EntryPoint\",\"urlTemplate\":\"https:\\\/\\\/iwell-guard.com\\\/is\\\/?s={search_term_string}\"},\"query-input\":{\"@type\":\"PropertyValueSpecification\",\"valueRequired\":true,\"valueName\":\"search_term_string\"}}],\"inLanguage\":\"is\"},{\"@type\":\"Organization\",\"@id\":\"https:\\\/\\\/iwell-guard.com\\\/is\\\/#organization\",\"name\":\"Ittermann electronic GmbH\",\"url\":\"https:\\\/\\\/iwell-guard.com\\\/is\\\/\",\"logo\":{\"@type\":\"ImageObject\",\"inLanguage\":\"is\",\"@id\":\"https:\\\/\\\/iwell-guard.com\\\/is\\\/#\\\/schema\\\/logo\\\/image\\\/\",\"url\":\"https:\\\/\\\/iwell-guard.com\\\/wp-content\\\/uploads\\\/2026\\\/05\\\/Ittermann-Logo-1182x237-1.png\",\"contentUrl\":\"https:\\\/\\\/iwell-guard.com\\\/wp-content\\\/uploads\\\/2026\\\/05\\\/Ittermann-Logo-1182x237-1.png\",\"width\":1182,\"height\":237,\"caption\":\"Ittermann electronic GmbH\"},\"image\":{\"@id\":\"https:\\\/\\\/iwell-guard.com\\\/is\\\/#\\\/schema\\\/logo\\\/image\\\/\"},\"sameAs\":[\"https:\\\/\\\/pantip.com\\\/profile\\\/9367242\",\"https:\\\/\\\/micro.blog\\\/iwellguard\",\"https:\\\/\\\/www.diggerslist.com\\\/iwellguard\\\/about\",\"https:\\\/\\\/skitterphoto.com\\\/photographers\\\/2870314\\\/iwell-guard\",\"https:\\\/\\\/iwellguard.wordpress.com\\\/2026\\\/06\\\/06\\\/iwell-guard\\\/\",\"https:\\\/\\\/hub.docker.com\\\/u\\\/iwellguard\",\"https:\\\/\\\/www.pinterest.com\\\/iwellguard\\\/\",\"https:\\\/\\\/bit.ly\\\/m\\\/iwellguard\",\"https:\\\/\\\/entre-vos-mains.alsace.eu\\\/profiles\\\/iwellguard\\\/activity\",\"https:\\\/\\\/gravatar.com\\\/reallybeded8fd34\",\"https:\\\/\\\/naijamatta.com\\\/iwellguard\",\"https:\\\/\\\/www.goodreads.com\\\/iwellguard\",\"https:\\\/\\\/profile.hatena.ne.jp\\\/iwellguard\\\/\",\"https:\\\/\\\/experiment.com\\\/users\\\/iwellguard\",\"https:\\\/\\\/wakelet.com\\\/@iWellGuard82270\",\"https:\\\/\\\/www.chordie.com\\\/forum\\\/profile.php?id=2555664\",\"https:\\\/\\\/www.instapaper.com\\\/p\\\/17757966\",\"https:\\\/\\\/www.mapleprimes.com\\\/users\\\/iwellguard\",\"https:\\\/\\\/businesslistingplus.com\\\/profile\\\/iwell-guard\\\/\",\"https:\\\/\\\/telegra.ph\\\/iWell-Guard-06-06\",\"https:\\\/\\\/pbase.com\\\/iwellguard\\\/iwellguard\",\"https:\\\/\\\/b.hatena.ne.jp\\\/iwellguard\\\/20260607#bookmark-4788405196491818882\",\"https:\\\/\\\/fliphtml5.com\\\/home\\\/iwellguard\",\"https:\\\/\\\/anyflip.com\\\/homepage\\\/cmiwl#About\",\"https:\\\/\\\/transfur.com\\\/Users\\\/iwellguard\",\"http:\\\/\\\/delphi.larsbo.org\\\/user\\\/iwellguard\",\"https:\\\/\\\/jobs.lajobsportal.org\\\/profiles\\\/8380803-iwell-guard\",\"https:\\\/\\\/md.chaosdorf.de\\\/s\\\/jfbe5SBdJD\",\"https:\\\/\\\/www.lingvolive.com\\\/en-us\\\/profile\\\/9ecaeaca-ce11-4e51-9e71-01d55e2bff36\\\/translations\",\"https:\\\/\\\/www.fitday.com\\\/fitness\\\/forums\\\/members\\\/iwellguard.html\",\"https:\\\/\\\/www.mymeetbook.com\\\/iwellguard\",\"https:\\\/\\\/pxhere.com\\\/en\\\/photographer-me\\\/5040798\",\"https:\\\/\\\/disqus.com\\\/by\\\/iwellguard\\\/about\\\/\",\"https:\\\/\\\/pastelink.net\\\/hjwciqwq\",\"https:\\\/\\\/pubhtml5.com\\\/homepage\\\/scjhn\\\/\",\"https:\\\/\\\/www.bitchute.com\\\/channel\\\/2O2eOKzNqujT\",\"https:\\\/\\\/audiomack.com\\\/iwellguard\"]},{\"@type\":\"Article\",\"@id\":\"https:\\\/\\\/iwell-guard.com\\\/is\\\/erlik-khan-drottnari-undirheima\\\/#article\",\"isPartOf\":{\"@id\":\"https:\\\/\\\/iwell-guard.com\\\/is\\\/erlik-khan-drottnari-undirheima\\\/\"},\"author\":{\"name\":\"Ralf Ittermann\",\"@id\":\"https:\\\/\\\/iwell-guard.com\\\/is\\\/#\\\/schema\\\/person\\\/ee2a27f1cac3406c7c6fb5820cb7349f\"},\"headline\":\"Erlik Khan \u2013 Drottnari undirheima Altai-manna\",\"datePublished\":\"2026-09-05T14:04:34+00:00\",\"dateModified\":\"2026-09-05T14:28:49+00:00\",\"mainEntityOfPage\":{\"@id\":\"https:\\\/\\\/iwell-guard.com\\\/is\\\/erlik-khan-drottnari-undirheima\\\/\"},\"publisher\":{\"@id\":\"https:\\\/\\\/iwell-guard.com\\\/is\\\/#organization\"},\"image\":{\"@id\":\"https:\\\/\\\/iwell-guard.com\\\/is\\\/erlik-khan-drottnari-undirheima\\\/#primaryimage\"},\"thumbnailUrl\":\"https:\\\/\\\/iwell-guard.com\\\/wp-content\\\/uploads\\\/2026\\\/05\\\/daemonen_sibirisch-tengrismus_erlik-khan.webp\",\"inLanguage\":\"is\",\"description\":\"Erlik Khan er \u00ed su\u00f0ur-s\u00edber\u00edskum tengrisma drottnari undirheima og andst\u00e6\u00f0ingur \u00dclgens. Yfirlit me\u00f0 go\u00f0s\u00f6gn og \u00e1tr\u00fana\u00f0i.\"}]}<\/script>\n<!-- \/ Yoast SEO Premium plugin. -->","yoast_head_json":{"title":"Erlik Khan \u2013 undirheimagu\u00f0 Altai, go\u00f0s\u00f6gn og heimildir","description":"Erlik Khan er \u00ed su\u00f0ur-s\u00edber\u00edskum tengrisma drottnari undirheima og andst\u00e6\u00f0ingur \u00dclgens. Yfirlit me\u00f0 go\u00f0s\u00f6gn og \u00e1tr\u00fana\u00f0i.","robots":{"index":"index","follow":"follow","max-snippet":"max-snippet:-1","max-image-preview":"max-image-preview:large","max-video-preview":"max-video-preview:-1"},"canonical":"https:\/\/iwell-guard.com\/is\/erlik-khan-drottnari-undirheima\/","og_locale":"is_IS","og_type":"article","og_title":"Erlik Khan \u2013 Drottnari undirheima Altai-manna","og_description":"Erlik Khan er \u00ed su\u00f0ur-s\u00edber\u00edskum tengrisma drottnari undirheima og andst\u00e6\u00f0ingur \u00dclgens. Yfirlit me\u00f0 go\u00f0s\u00f6gn og \u00e1tr\u00fana\u00f0i.","og_url":"https:\/\/iwell-guard.com\/is\/erlik-khan-drottnari-undirheima\/","og_site_name":"iWell Guard","article_modified_time":"2026-09-05T14:28:49+00:00","og_image":[{"width":1024,"height":1536,"url":"https:\/\/iwell-guard.com\/wp-content\/uploads\/2026\/05\/daemonen_sibirisch-tengrismus_erlik-khan.webp","type":"image\/webp"}],"twitter_card":"summary_large_image","schema":{"@context":"https:\/\/schema.org","@graph":[{"@type":"Article","@id":"https:\/\/iwell-guard.com\/is\/erlik-khan-drottnari-undirheima\/#article","isPartOf":{"@id":"https:\/\/iwell-guard.com\/is\/erlik-khan-drottnari-undirheima\/"},"author":{"name":"Ralf Ittermann","@id":"https:\/\/iwell-guard.com\/is\/#\/schema\/person\/ee2a27f1cac3406c7c6fb5820cb7349f"},"headline":"Erlik Khan \u2013 Drottnari undirheima Altai-manna","datePublished":"2026-09-05T14:04:34+00:00","dateModified":"2026-09-05T14:28:49+00:00","mainEntityOfPage":{"@id":"https:\/\/iwell-guard.com\/is\/erlik-khan-drottnari-undirheima\/"},"publisher":{"@id":"https:\/\/iwell-guard.com\/is\/#organization"},"image":{"@id":"https:\/\/iwell-guard.com\/is\/erlik-khan-drottnari-undirheima\/#primaryimage"},"thumbnailUrl":"https:\/\/iwell-guard.com\/wp-content\/uploads\/2026\/05\/daemonen_sibirisch-tengrismus_erlik-khan.webp","inLanguage":"is","description":"Erlik Khan er \u00ed su\u00f0ur-s\u00edber\u00edskum tengrisma drottnari undirheima og andst\u00e6\u00f0ingur \u00dclgens. Yfirlit me\u00f0 go\u00f0s\u00f6gn og \u00e1tr\u00fana\u00f0i."},{"@type":"WebPage","@id":"https:\/\/iwell-guard.com\/is\/erlik-khan-drottnari-undirheima\/","url":"https:\/\/iwell-guard.com\/is\/erlik-khan-drottnari-undirheima\/","name":"Erlik Khan \u2013 undirheimagu\u00f0 Altai, go\u00f0s\u00f6gn og heimildir","isPartOf":{"@id":"https:\/\/iwell-guard.com\/is\/#website"},"primaryImageOfPage":{"@id":"https:\/\/iwell-guard.com\/is\/erlik-khan-drottnari-undirheima\/#primaryimage"},"image":{"@id":"https:\/\/iwell-guard.com\/is\/erlik-khan-drottnari-undirheima\/#primaryimage"},"thumbnailUrl":"https:\/\/iwell-guard.com\/wp-content\/uploads\/2026\/05\/daemonen_sibirisch-tengrismus_erlik-khan.webp","datePublished":"2026-09-05T14:04:34+00:00","dateModified":"2026-09-05T14:28:49+00:00","description":"Erlik Khan er \u00ed su\u00f0ur-s\u00edber\u00edskum tengrisma drottnari undirheima og andst\u00e6\u00f0ingur \u00dclgens. Yfirlit me\u00f0 go\u00f0s\u00f6gn og \u00e1tr\u00fana\u00f0i.","breadcrumb":{"@id":"https:\/\/iwell-guard.com\/is\/erlik-khan-drottnari-undirheima\/#breadcrumb"},"inLanguage":"is","potentialAction":[{"@type":"ReadAction","target":["https:\/\/iwell-guard.com\/is\/erlik-khan-drottnari-undirheima\/"]}]},{"@type":"ImageObject","inLanguage":"is","@id":"https:\/\/iwell-guard.com\/is\/erlik-khan-drottnari-undirheima\/#primaryimage","url":"https:\/\/iwell-guard.com\/wp-content\/uploads\/2026\/05\/daemonen_sibirisch-tengrismus_erlik-khan.webp","contentUrl":"https:\/\/iwell-guard.com\/wp-content\/uploads\/2026\/05\/daemonen_sibirisch-tengrismus_erlik-khan.webp","width":1024,"height":1536,"caption":"P\u00fakar \u00far s\u00edber\u00edskri tengrisma-hef\u00f0."},{"@type":"BreadcrumbList","@id":"https:\/\/iwell-guard.com\/is\/erlik-khan-drottnari-undirheima\/#breadcrumb","itemListElement":[{"@type":"ListItem","position":1,"name":"Start","item":"https:\/\/iwell-guard.com\/is\/?page_id=168580"},{"@type":"ListItem","position":2,"name":"Erlik Khan \u2013 Drottnari undirheima Altai-manna"}]},{"@type":"WebSite","@id":"https:\/\/iwell-guard.com\/is\/#website","url":"https:\/\/iwell-guard.com\/is\/","name":"iWell Guard","description":"Schutz vor dunklen Einfl\u00fcssen","publisher":{"@id":"https:\/\/iwell-guard.com\/is\/#organization"},"potentialAction":[{"@type":"SearchAction","target":{"@type":"EntryPoint","urlTemplate":"https:\/\/iwell-guard.com\/is\/?s={search_term_string}"},"query-input":{"@type":"PropertyValueSpecification","valueRequired":true,"valueName":"search_term_string"}}],"inLanguage":"is"},{"@type":"Organization","@id":"https:\/\/iwell-guard.com\/is\/#organization","name":"Ittermann electronic GmbH","url":"https:\/\/iwell-guard.com\/is\/","logo":{"@type":"ImageObject","inLanguage":"is","@id":"https:\/\/iwell-guard.com\/is\/#\/schema\/logo\/image\/","url":"https:\/\/iwell-guard.com\/wp-content\/uploads\/2026\/05\/Ittermann-Logo-1182x237-1.png","contentUrl":"https:\/\/iwell-guard.com\/wp-content\/uploads\/2026\/05\/Ittermann-Logo-1182x237-1.png","width":1182,"height":237,"caption":"Ittermann electronic GmbH"},"image":{"@id":"https:\/\/iwell-guard.com\/is\/#\/schema\/logo\/image\/"},"sameAs":["https:\/\/pantip.com\/profile\/9367242","https:\/\/micro.blog\/iwellguard","https:\/\/www.diggerslist.com\/iwellguard\/about","https:\/\/skitterphoto.com\/photographers\/2870314\/iwell-guard","https:\/\/iwellguard.wordpress.com\/2026\/06\/06\/iwell-guard\/","https:\/\/hub.docker.com\/u\/iwellguard","https:\/\/www.pinterest.com\/iwellguard\/","https:\/\/bit.ly\/m\/iwellguard","https:\/\/entre-vos-mains.alsace.eu\/profiles\/iwellguard\/activity","https:\/\/gravatar.com\/reallybeded8fd34","https:\/\/naijamatta.com\/iwellguard","https:\/\/www.goodreads.com\/iwellguard","https:\/\/profile.hatena.ne.jp\/iwellguard\/","https:\/\/experiment.com\/users\/iwellguard","https:\/\/wakelet.com\/@iWellGuard82270","https:\/\/www.chordie.com\/forum\/profile.php?id=2555664","https:\/\/www.instapaper.com\/p\/17757966","https:\/\/www.mapleprimes.com\/users\/iwellguard","https:\/\/businesslistingplus.com\/profile\/iwell-guard\/","https:\/\/telegra.ph\/iWell-Guard-06-06","https:\/\/pbase.com\/iwellguard\/iwellguard","https:\/\/b.hatena.ne.jp\/iwellguard\/20260607#bookmark-4788405196491818882","https:\/\/fliphtml5.com\/home\/iwellguard","https:\/\/anyflip.com\/homepage\/cmiwl#About","https:\/\/transfur.com\/Users\/iwellguard","http:\/\/delphi.larsbo.org\/user\/iwellguard","https:\/\/jobs.lajobsportal.org\/profiles\/8380803-iwell-guard","https:\/\/md.chaosdorf.de\/s\/jfbe5SBdJD","https:\/\/www.lingvolive.com\/en-us\/profile\/9ecaeaca-ce11-4e51-9e71-01d55e2bff36\/translations","https:\/\/www.fitday.com\/fitness\/forums\/members\/iwellguard.html","https:\/\/www.mymeetbook.com\/iwellguard","https:\/\/pxhere.com\/en\/photographer-me\/5040798","https:\/\/disqus.com\/by\/iwellguard\/about\/","https:\/\/pastelink.net\/hjwciqwq","https:\/\/pubhtml5.com\/homepage\/scjhn\/","https:\/\/www.bitchute.com\/channel\/2O2eOKzNqujT","https:\/\/audiomack.com\/iwellguard"]},{"@type":"Person","@id":"https:\/\/iwell-guard.com\/is\/#\/schema\/person\/ee2a27f1cac3406c7c6fb5820cb7349f","name":"Ralf Ittermann","image":{"@type":"ImageObject","inLanguage":"is","@id":"https:\/\/secure.gravatar.com\/avatar\/073c0153e350a5005b68eb752b445fea71f6b24a26da9449ad7e155e6b446c9d?s=96&d=mm&r=g","url":"https:\/\/secure.gravatar.com\/avatar\/073c0153e350a5005b68eb752b445fea71f6b24a26da9449ad7e155e6b446c9d?s=96&d=mm&r=g","contentUrl":"https:\/\/secure.gravatar.com\/avatar\/073c0153e350a5005b68eb752b445fea71f6b24a26da9449ad7e155e6b446c9d?s=96&d=mm&r=g","caption":"Ralf Ittermann"},"givenName":"Ralf","familyName":"Ittermann","jobTitle":"Gesch\u00e4ftsf\u00fchrer und redaktioneller Verantwortlicher","url":"https:\/\/iwell-guard.com\/is\/author\/claude\/","description":"Ralf Ittermann ist Gesch\u00e4ftsf\u00fchrer der Ittermann electronic GmbH und redaktioneller Verantwortlicher des iWell-Guard-Lexikons. Er verbindet langj\u00e4hrige Erfahrung in der Pr\u00e4zisionsfertigung mit medialer Praxis und religionsgeschichtlicher Quellenarbeit.","worksFor":{"@type":"Organization","name":"Ittermann electronic GmbH","url":"https:\/\/ittermann.de\/","address":{"@type":"PostalAddress","streetAddress":"K\u00f6hlergasse 16-18","postalCode":"99842","addressLocality":"Ruhla","addressCountry":"DE"}},"knowsAbout":["Religionsgeschichte","Mythologie","Mediale Praxis","Energetische Diagnostik","Schutzpraxis","Volksglauben","Westliche Esoterik"]},{"@type":"Article","@id":"https:\/\/iwell-guard.com\/is\/erlik-khan-drottnari-undirheima\/#article","isPartOf":{"@id":"https:\/\/iwell-guard.com\/is\/erlik-khan-drottnari-undirheima\/"},"author":{"name":"Ralf Ittermann","@id":"https:\/\/iwell-guard.com\/is\/#\/schema\/person\/ee2a27f1cac3406c7c6fb5820cb7349f"},"headline":"Erlik Khan \u2013 Drottnari undirheima Altai-manna","datePublished":"2026-09-05T14:04:34+00:00","dateModified":"2026-09-05T14:28:49+00:00","mainEntityOfPage":{"@id":"https:\/\/iwell-guard.com\/is\/erlik-khan-drottnari-undirheima\/"},"publisher":{"@id":"https:\/\/iwell-guard.com\/is\/#organization"},"image":{"@id":"https:\/\/iwell-guard.com\/is\/erlik-khan-drottnari-undirheima\/#primaryimage"},"thumbnailUrl":"https:\/\/iwell-guard.com\/wp-content\/uploads\/2026\/05\/daemonen_sibirisch-tengrismus_erlik-khan.webp","inLanguage":"is","description":"Erlik Khan er \u00ed su\u00f0ur-s\u00edber\u00edskum tengrisma drottnari undirheima og andst\u00e6\u00f0ingur \u00dclgens. Yfirlit me\u00f0 go\u00f0s\u00f6gn og \u00e1tr\u00fana\u00f0i."}]}},"_links":{"self":[{"href":"https:\/\/iwell-guard.com\/is\/wp-json\/wp\/v2\/pages\/168981","targetHints":{"allow":["GET"]}}],"collection":[{"href":"https:\/\/iwell-guard.com\/is\/wp-json\/wp\/v2\/pages"}],"about":[{"href":"https:\/\/iwell-guard.com\/is\/wp-json\/wp\/v2\/types\/page"}],"author":[{"embeddable":true,"href":"https:\/\/iwell-guard.com\/is\/wp-json\/wp\/v2\/users\/3"}],"replies":[{"embeddable":true,"href":"https:\/\/iwell-guard.com\/is\/wp-json\/wp\/v2\/comments?post=168981"}],"version-history":[{"count":0,"href":"https:\/\/iwell-guard.com\/is\/wp-json\/wp\/v2\/pages\/168981\/revisions"}],"wp:featuredmedia":[{"embeddable":true,"href":"https:\/\/iwell-guard.com\/is\/wp-json\/wp\/v2\/media\/2855"}],"wp:attachment":[{"href":"https:\/\/iwell-guard.com\/is\/wp-json\/wp\/v2\/media?parent=168981"}],"wp:term":[{"taxonomy":"category","embeddable":true,"href":"https:\/\/iwell-guard.com\/is\/wp-json\/wp\/v2\/categories?post=168981"}],"curies":[{"name":"wp","href":"https:\/\/api.w.org\/{rel}","templated":true}]}}