{"id":168980,"date":"2026-09-05T14:04:33","date_gmt":"2026-09-05T14:04:33","guid":{"rendered":"https:\/\/iwell-guard.com\/?page_id=168980"},"modified":"2026-09-05T14:28:48","modified_gmt":"2026-09-05T14:28:48","slug":"tengri-himnagud-tengrista","status":"publish","type":"page","link":"https:\/\/iwell-guard.com\/is\/tengri-himnagud-tengrista\/","title":{"rendered":"Tengri \u2013 himnagu\u00f0 Tengrista"},"content":{"rendered":"\t\t<div data-elementor-type=\"wp-page\" data-elementor-id=\"168980\" class=\"elementor elementor-168980 elementor-2634 elementor-bc-flex-widget\" data-elementor-post-type=\"page\">\n\t\t\t\t<div class=\"elementor-element elementor-element-iwgw-tengri-hero e-flex e-con-boxed e-con e-parent\" data-id=\"iwgw-tengri-hero\" data-element_type=\"container\" data-e-type=\"container\" data-settings=\"{&quot;background_background&quot;:&quot;classic&quot;}\">\n\t\t\t\t\t<div class=\"e-con-inner\">\n\t\t<div class=\"elementor-element elementor-element-iwgw-tengri-hl e-flex e-con-boxed e-con e-child\" data-id=\"iwgw-tengri-hl\" data-element_type=\"container\" data-e-type=\"container\">\n\t\t\t\t\t<div class=\"e-con-inner\">\n\t\t<div class=\"elementor-element elementor-element-iwgw-tengri-htxt e-con-full e-flex e-con e-child\" data-id=\"iwgw-tengri-htxt\" data-element_type=\"container\" data-e-type=\"container\">\n\t\t\t\t<div class=\"elementor-element elementor-element-iwgw-tengri-h1 elementor-widget elementor-widget-heading\" data-id=\"iwgw-tengri-h1\" data-element_type=\"widget\" data-e-type=\"widget\" data-widget_type=\"heading.default\">\n\t\t\t\t\t<h1 class=\"elementor-heading-title elementor-size-default\">Tengri, himnagu\u00f0 Tyrkja, Mong\u00f3la og s\u00edber\u00edskra steppu\u00fej\u00f3\u00f0a<\/h1>\t\t\t\t<\/div>\n\t\t\t\t<div class=\"elementor-element elementor-element-iwgw-tengri-lead elementor-widget elementor-widget-text-editor\" data-id=\"iwgw-tengri-lead\" data-element_type=\"widget\" data-e-type=\"widget\" data-widget_type=\"text-editor.default\">\n\t\t\t\t\t\t\t\t\t<p>Tengri er hin mi\u00f0l\u00e6ga h\u00e1gu\u00f0 evras\u00edsks steppu-Tengrisma. Sem hinn eil\u00edfi bl\u00e1i himinn (mong\u00f3lska <em>M\u00f6ngke K\u00f6ke Tengri<\/em>) birtist hann sem sameinu\u00f0 \u00edmynd reglu, r\u00e9ttar og valds og myndar bakgrunninn sem sjamanar, khanar og \u00f6ldungar \u00e6ttb\u00e1lka byggja stj\u00f3rnm\u00e1lalegt og <span class=\"iwg-fachbegriff\" data-tooltip=\"\u00dea\u00f0 sem tilheyrir f\u00f6stu tr\u00faarlegu ath\u00e6fi.\" tabindex=\"0\">helgisi\u00f0alegt<\/span> l\u00f6gm\u00e6ti sitt \u00e1.<\/p>\t\t\t\t\t\t\t\t<\/div>\n\t\t\t\t<\/div>\n\t\t<div class=\"elementor-element elementor-element-iwgw-tengri-pillc e-con-full e-flex e-con e-child\" data-id=\"iwgw-tengri-pillc\" data-element_type=\"container\" data-e-type=\"container\">\n\t\t\t\t<div class=\"elementor-element elementor-element-iwgw-tengri-pills elementor-widget elementor-widget-html\" data-id=\"iwgw-tengri-pills\" data-element_type=\"widget\" data-e-type=\"widget\" data-widget_type=\"html.default\">\n\t\t\t\t\t<div class=\"iwg-pill-row\"><span class=\"iwg-klasse-badge\" tabindex=\"0\" data-tooltip=\"Skapari hef\u00f0ar S\u00edber\u00edu \/ Tengrisma.\">Skapari<\/span><a href=\"https:\/\/iwell-guard.com\/is\/siberiskur-sjamanismi-tengrismi\/\" class=\"iwg-kultur-badge\" tabindex=\"0\" data-tooltip=\"Go\u00f0afr\u00e6\u00f0i hef\u00f0ar S\u00edber\u00edu \/ Tengrisma.\">S\u00edber\u00eda \/ Tengrismi<\/a><span class=\"iwg-tradition-badge\" tabindex=\"0\" data-tooltip=\"H\u00e1gu\u00f0.\">H\u00e1gu\u00f0<\/span><\/div>\t\t\t\t<\/div>\n\t\t\t\t<\/div>\n\t\t<div class=\"elementor-element elementor-element-iwgw-tengri-tocc e-con-full e-flex e-con e-child\" data-id=\"iwgw-tengri-tocc\" data-element_type=\"container\" data-e-type=\"container\">\n\t\t\t\t<div class=\"elementor-element elementor-element-iwgw-tengri-toc elementor-toc--minimized-on-tablet elementor-widget elementor-widget-table-of-contents\" data-id=\"iwgw-tengri-toc\" data-element_type=\"widget\" data-e-type=\"widget\" data-settings=\"{&quot;headings_by_tags&quot;:[&quot;h2&quot;,&quot;h3&quot;],&quot;minimize_box&quot;:&quot;yes&quot;,&quot;marker_view&quot;:&quot;bullets&quot;,&quot;no_headings_message&quot;:&quot;Engar undirfyrirsagnir fundust \\u00e1 \\u00feessari s\\u00ed\\u00f0u.&quot;,&quot;exclude_headings_by_selector&quot;:[],&quot;icon&quot;:{&quot;value&quot;:&quot;fas fa-circle&quot;,&quot;library&quot;:&quot;fa-solid&quot;,&quot;rendered_tag&quot;:&quot;&lt;svg class=\\&quot;e-font-icon-svg e-fas-circle\\&quot; viewBox=\\&quot;0 0 512 512\\&quot; xmlns=\\&quot;http:\\\/\\\/www.w3.org\\\/2000\\\/svg\\&quot;&gt;&lt;path d=\\&quot;M256 8C119 8 8 119 8 256s111 248 248 248 248-111 248-248S393 8 256 8z\\&quot;&gt;&lt;\\\/path&gt;&lt;\\\/svg&gt;&quot;},&quot;minimized_on&quot;:&quot;tablet&quot;,&quot;hierarchical_view&quot;:&quot;yes&quot;,&quot;min_height&quot;:{&quot;unit&quot;:&quot;px&quot;,&quot;size&quot;:&quot;&quot;,&quot;sizes&quot;:[]},&quot;min_height_tablet&quot;:{&quot;unit&quot;:&quot;px&quot;,&quot;size&quot;:&quot;&quot;,&quot;sizes&quot;:[]},&quot;min_height_mobile&quot;:{&quot;unit&quot;:&quot;px&quot;,&quot;size&quot;:&quot;&quot;,&quot;sizes&quot;:[]}}\" data-widget_type=\"table-of-contents.default\">\n\t\t\t\t\t\t\t\t\t<div class=\"elementor-toc__header\">\n\t\t\t\t\t\t<h2 class=\"elementor-toc__header-title\">\n\t\t\t\tEfnisyfirlit\t\t\t<\/h2>\n\t\t\t\t\t\t\t\t\t\t<div class=\"elementor-toc__toggle-button elementor-toc__toggle-button--expand\" role=\"button\" tabindex=\"0\" aria-controls=\"elementor-toc__iwgw-tengri-toc\" aria-expanded=\"true\" aria-label=\"Open table of contents\"><svg aria-hidden=\"true\" class=\"e-font-icon-svg e-fas-chevron-down\" viewBox=\"0 0 448 512\" xmlns=\"http:\/\/www.w3.org\/2000\/svg\"><path d=\"M207.029 381.476L12.686 187.132c-9.373-9.373-9.373-24.569 0-33.941l22.667-22.667c9.357-9.357 24.522-9.375 33.901-.04L224 284.505l154.745-154.021c9.379-9.335 24.544-9.317 33.901.04l22.667 22.667c9.373 9.373 9.373 24.569 0 33.941L240.971 381.476c-9.373 9.372-24.569 9.372-33.942 0z\"><\/path><\/svg><\/div>\n\t\t\t\t<div class=\"elementor-toc__toggle-button elementor-toc__toggle-button--collapse\" role=\"button\" tabindex=\"0\" aria-controls=\"elementor-toc__iwgw-tengri-toc\" aria-expanded=\"true\" aria-label=\"Close table of contents\"><svg aria-hidden=\"true\" class=\"e-font-icon-svg e-fas-chevron-up\" viewBox=\"0 0 448 512\" xmlns=\"http:\/\/www.w3.org\/2000\/svg\"><path d=\"M240.971 130.524l194.343 194.343c9.373 9.373 9.373 24.569 0 33.941l-22.667 22.667c-9.357 9.357-24.522 9.375-33.901.04L224 227.495 69.255 381.516c-9.379 9.335-24.544 9.317-33.901-.04l-22.667-22.667c-9.373-9.373-9.373-24.569 0-33.941L207.03 130.525c9.372-9.373 24.568-9.373 33.941-.001z\"><\/path><\/svg><\/div>\n\t\t\t\t\t<\/div>\n\t\t\t\t<div id=\"elementor-toc__iwgw-tengri-toc\" class=\"elementor-toc__body\">\n\t\t\t<div class=\"elementor-toc__spinner-container\">\n\t\t\t\t<svg class=\"elementor-toc__spinner eicon-animation-spin e-font-icon-svg e-eicon-loading\" aria-hidden=\"true\" viewBox=\"0 0 1000 1000\" xmlns=\"http:\/\/www.w3.org\/2000\/svg\"><path d=\"M500 975V858C696 858 858 696 858 500S696 142 500 142 142 304 142 500H25C25 237 238 25 500 25S975 237 975 500 763 975 500 975Z\"><\/path><\/svg>\t\t\t<\/div>\n\t\t<\/div>\n\t\t\t\t\t\t<\/div>\n\t\t\t\t<\/div>\n\t\t\t\t\t<\/div>\n\t\t\t\t<\/div>\n\t\t<div class=\"elementor-element elementor-element-iwgw-tengri-hr e-con-full e-flex e-con e-child\" data-id=\"iwgw-tengri-hr\" data-element_type=\"container\" data-e-type=\"container\">\n\t\t\t\t<div class=\"elementor-element elementor-element-iwgw-tengri-heroimg iwg-hero-image elementor-widget elementor-widget-image\" data-id=\"iwgw-tengri-heroimg\" data-element_type=\"widget\" data-e-type=\"widget\" data-widget_type=\"image.default\">\n\t\t\t\t\t\t\t\t\t\t\t\t\t\t\t<img fetchpriority=\"high\" decoding=\"async\" width=\"683\" height=\"1024\" src=\"https:\/\/iwell-guard.com\/wp-content\/uploads\/2026\/05\/goetter_sibirisch-tengrismus_tengri-683x1024.webp\" class=\"attachment-large size-large wp-image-170800\" alt=\"Tengri - gu\u00f0 \u00far s\u00edber\u00edsk-tengrisma-hef\u00f0inni, s\u00f6gulega myndskreytt\" srcset=\"https:\/\/iwell-guard.com\/wp-content\/uploads\/2026\/05\/goetter_sibirisch-tengrismus_tengri-683x1024.webp 683w, https:\/\/iwell-guard.com\/wp-content\/uploads\/2026\/05\/goetter_sibirisch-tengrismus_tengri-200x300.webp 200w, https:\/\/iwell-guard.com\/wp-content\/uploads\/2026\/05\/goetter_sibirisch-tengrismus_tengri-768x1152.webp 768w, https:\/\/iwell-guard.com\/wp-content\/uploads\/2026\/05\/goetter_sibirisch-tengrismus_tengri.webp 1024w\" sizes=\"(max-width: 683px) 100vw, 683px\" \/>\t\t\t\t\t\t\t\t\t\t\t\t\t\t\t<\/div>\n\t\t\t\t<\/div>\n\t\t\t\t\t<\/div>\n\t\t\t\t<\/div>\n\t\t<div class=\"elementor-element elementor-element-iwgw-tengri-s0 e-flex e-con-boxed e-con e-parent\" data-id=\"iwgw-tengri-s0\" data-element_type=\"container\" data-e-type=\"container\">\n\t\t\t\t\t<div class=\"e-con-inner\">\n\t\t\t\t<div class=\"elementor-element elementor-element-iwgw-tengri-s0h elementor-widget elementor-widget-heading\" data-id=\"iwgw-tengri-s0h\" data-element_type=\"widget\" data-e-type=\"widget\" data-widget_type=\"heading.default\">\n\t\t\t\t\t<h2 class=\"elementor-heading-title elementor-size-default\">Greining og skammrit<\/h2>\t\t\t\t<\/div>\n\t\t<div class=\"elementor-element elementor-element-iwgw-tengri-s0c e-con-full e-flex e-con e-child\" data-id=\"iwgw-tengri-s0c\" data-element_type=\"container\" data-e-type=\"container\">\n\t\t\t\t<div class=\"elementor-element elementor-element-iwgw-tengri-s0t elementor-widget elementor-widget-text-editor\" data-id=\"iwgw-tengri-s0t\" data-element_type=\"widget\" data-e-type=\"widget\" data-widget_type=\"text-editor.default\">\n\t\t\t\t\t\t\t\t\t<p>Tengri er \u00e6\u00f0sta <span class=\"iwg-fachbegriff\" data-tooltip=\"Vera sem d\u00fdrku\u00f0 er sem gu\u00f0leg innan tr\u00faarbrag\u00f0a.\" tabindex=\"0\">gu\u00f0leg vera<\/span> v\u00ed\u00f0fe\u00f0ms tr\u00faarlegs samst\u00e6\u00f0u sem n\u00e6r fr\u00e1 Innri Mong\u00f3l\u00edu yfir steppur Mi\u00f0-As\u00edu allt til Su\u00f0ur-S\u00edber\u00edu, og er \u00ed fr\u00e6\u00f0um nefnd <strong>Tengrismi<\/strong>.<\/p><p>Hi\u00f0 tr\u00faarbrag\u00f0afr\u00e6\u00f0ilega hugtak er tilt\u00f6lulega ung sm\u00ed\u00f0 fr\u00e1 19. og 20. \u00f6ld, en fyrirb\u00e6ri\u00f0 sem a\u00f0 baki liggur, d\u00fdrkun \u00f3pers\u00f3nulegs, \u00f3endanlegs himins sem \u00e6\u00f0sta m\u00e1ttarvalds, m\u00e1 rekja samfellt hj\u00e1 Tyrkjum (K\u00f6k-Tyrkjum), Hsiung-nu, Mong\u00f3lum Genghis khans og fj\u00f6lm\u00f6rgum s\u00edber\u00edskum \u00fej\u00f3\u00f0um eins og Jak\u00fatum, B\u00farj\u00f6tum og Altajb\u00faum.<\/p><p>Tengri er hvorki mannger\u00f0ur gu\u00f0 n\u00e9 hverfull ve\u00f0urgu\u00f0; hann fellur mun frekar saman vi\u00f0 hinn s\u00fdnilega og hinn \u00f3s\u00fdnilega himin.<\/p><p>\u00cd yngri \u00fej\u00f3\u00f0h\u00e1ttafr\u00e6\u00f0ilegum heimildum kemur hann fram sem eitt af m\u00f6rgum l\u00f6gum marg\u00fe\u00e6tts go\u00f0aheims, \u00fear sem <a href=\"https:\/\/iwell-guard.com\/is\/?page_id=168983\">\u00dclgen<\/a> birtist sem hinn efri himnab\u00fai og <a href=\"https:\/\/iwell-guard.com\/is\/?page_id=168981\">Erlik Khan<\/a> sem drottinn undirheima. \u00d6ll samst\u00e6\u00f0an er hluti af \u00fev\u00ed sem fr\u00e6\u00f0in kalla <a href=\"https:\/\/iwell-guard.com\/is\/siberiskur-sjamanismi-tengrismi\/\">s\u00edber\u00edsk-tengr\u00edsk tr\u00faarbr\u00f6g\u00f0<\/a>.<\/p><p>Nafni\u00f0 Tengri er sta\u00f0fest allt fr\u00e1 elstu k\u00ednversku fr\u00e1s\u00f6gnum um Hsiung-nu (3. \u00f6ld f.Kr.), \u00fear sem or\u00f0i\u00f0 er rita\u00f0 <em>cheng-li<\/em>.<\/p><p>\u00deessi frumheimild gerir Tengri a\u00f0 einni af elstu h\u00e1gu\u00f0um Innri-As\u00edu sem unnt er a\u00f0 rekja \u00ed tr\u00faarbrag\u00f0as\u00f6gu, og veitir fr\u00e6\u00f0asvi\u00f0inu sjaldg\u00e6fan fastapunkt me\u00f0 yfir tv\u00f6 \u00fe\u00fasund \u00e1ra samfellda vitnisbur\u00f0. Sjaldan er unnt a\u00f0 rekja hugtak \u00ed tr\u00faarbrag\u00f0as\u00f6gunni samfellt yfir svo langt t\u00edmabil.<\/p>\t\t\t\t\t\t\t\t<\/div>\n\t\t\t\t<\/div>\n\t\t\t\t\t<\/div>\n\t\t\t\t<\/div>\n\t\t<div class=\"elementor-element elementor-element-iwgw-tengri-s1 e-flex e-con-boxed e-con e-parent\" data-id=\"iwgw-tengri-s1\" data-element_type=\"container\" data-e-type=\"container\">\n\t\t\t\t\t<div class=\"e-con-inner\">\n\t\t\t\t<div class=\"elementor-element elementor-element-iwgw-tengri-s1h elementor-widget elementor-widget-heading\" data-id=\"iwgw-tengri-s1h\" data-element_type=\"widget\" data-e-type=\"widget\" data-widget_type=\"heading.default\">\n\t\t\t\t\t<h2 class=\"elementor-heading-title elementor-size-default\">Nafn og or\u00f0sifjar<\/h2>\t\t\t\t<\/div>\n\t\t<div class=\"elementor-element elementor-element-iwgw-tengri-s1c e-con-full e-flex e-con e-child\" data-id=\"iwgw-tengri-s1c\" data-element_type=\"container\" data-e-type=\"container\">\n\t\t\t\t<div class=\"elementor-element elementor-element-iwgw-tengri-s1t elementor-widget elementor-widget-text-editor\" data-id=\"iwgw-tengri-s1t\" data-element_type=\"widget\" data-e-type=\"widget\" data-widget_type=\"text-editor.default\">\n\t\t\t\t\t\t\t\t\t<p>Nafni\u00f0 <em>Tengri<\/em> er var\u00f0veitt \u00ed n\u00e6r \u00f6llum l\u00f6gum alta\u00edskra tungum\u00e1la: fornt tyrk\u00edskt <em>te\u014bri<\/em>, mong\u00f3lskt <em>tngri<\/em> e\u00f0a <em>tenger<\/em>, jak\u00fatskt <em>tangara<\/em>, tsj\u00favasjskt <em>tur\u0103<\/em>. Uppruni or\u00f0sins er umdeildur; \u00fatbreidd tilg\u00e1ta innan tyrkfr\u00e6\u00f0a tengir or\u00f0i\u00f0 vi\u00f0 alta\u00edska r\u00f3t me\u00f0 merkingunni \u201eh\u00e1tt, v\u00edtt, lj\u00f3mandi\u201c.<\/p><p>Gerard Clauson setur fram \u00ed <em>Etymological Dictionary of Pre-Thirteenth Century Turkish<\/em> (1972) \u00fe\u00e1 kenningu a\u00f0 or\u00f0i\u00f0 hafi upphaflega merkt \u201ev\u00ed\u00f0ur \u00f3endanlegur r\u00famur\u201c og hafi fyrst \u00ed tr\u00faarlegri notkun \u00fe\u00e9ttst \u00ed merkingunni h\u00e1gu\u00f0.<\/p><p>Athyglisvert er a\u00f0 or\u00f0i\u00f0 hefur \u00ed m\u00f6rgum m\u00e1lum tv\u00f6falda merkingu, <em>himinn<\/em> og <em><span class=\"iwg-fachbegriff\" data-tooltip=\"Vera sem d\u00fdrku\u00f0 er sem gu\u00f0leg innan tr\u00faarbrag\u00f0a.\" tabindex=\"0\">gu\u00f0leg vera<\/span><\/em>, klass\u00edskt d\u00e6mi um tungum\u00e1lalega samruna hins numin\u00f3sa, eins og tr\u00faarbrag\u00f0afyrirb\u00e6rafr\u00e6\u00f0in l\u00fdsir t.d. hj\u00e1 <em>dyaus<\/em> (ved\u00edsku) e\u00f0a <em>Seifi<\/em>.<\/p><p>\u00deennan samruna kallar Gerardus van der Leeuw \u201e\u00edmynd hins numin\u00f3sa\u201c og hann er einkenni margra ind\u00f3evr\u00f3pskra og alta\u00edskra h\u00e1gu\u00f0a. Hann skilur Tengri \u00ed grundvallaratri\u00f0um fr\u00e1 s\u00ed\u00f0ar tilkomnum pers\u00f3nuger\u00f0um gu\u00f0um eins og <a href=\"https:\/\/iwell-guard.com\/is\/?page_id=168984\">Khormusta<\/a>.<\/p><p>\u00c1letranir K\u00f6k-Tyrkja fr\u00e1 Orkhon og Yenissey (8. \u00f6ld) tala um <em>K\u00f6kt\u00fcrk Tengri<\/em>, \u201ehimneskan verndara K\u00f6k-Tyrkja\u201c, og nota form\u00faluna <em>Tengri yarl\u0131\u011f\u0131<\/em>, \u201eskipun himinsins\u201c. \u00cd mong\u00f3lskum textum kemur s\u00ed\u00f0ar fram hin fr\u00e6ga setning <em>M\u00f6ngke K\u00f6ke Tengri<\/em>, \u201eeil\u00edfur bl\u00e1r himinn\u201c, \u00ed erindisbr\u00e9fum st\u00f3rkhananna.<\/p><p>\u00cd keisaralegri \u00fej\u00f3\u00f0h\u00e1ttafr\u00e6\u00f0i 19. aldar er Tengri kynntur til v\u00edsindalegrar \u00fe\u00fdsku af fr\u00e6\u00f0im\u00f6nnum eins og Wilhelm Radloff sem \u201eh\u00e1gu\u00f0 Tyrkja\u201c; s\u00ed\u00f0ari fr\u00e6\u00f0imenn eins og Jean-Paul Roux hafa unni\u00f0 \u00far \u00feeim margbreytileika sem felst \u00ed hugtakinu.<\/p>\t\t\t\t\t\t\t\t<\/div>\n\t\t\t\t<\/div>\n\t\t\t\t\t<\/div>\n\t\t\t\t<\/div>\n\t\t<div class=\"elementor-element elementor-element-iwgw-tengri-s2 e-flex e-con-boxed e-con e-parent\" data-id=\"iwgw-tengri-s2\" data-element_type=\"container\" data-e-type=\"container\">\n\t\t\t\t\t<div class=\"e-con-inner\">\n\t\t\t\t<div class=\"elementor-element elementor-element-iwgw-tengri-s2h elementor-widget elementor-widget-heading\" data-id=\"iwgw-tengri-s2h\" data-element_type=\"widget\" data-e-type=\"widget\" data-widget_type=\"heading.default\">\n\t\t\t\t\t<h2 class=\"elementor-heading-title elementor-size-default\">L\u00fdsing og myndm\u00e1l<\/h2>\t\t\t\t<\/div>\n\t\t<div class=\"elementor-element elementor-element-iwgw-tengri-s2c e-con-full e-flex e-con e-child\" data-id=\"iwgw-tengri-s2c\" data-element_type=\"container\" data-e-type=\"container\">\n\t\t\t\t<div class=\"elementor-element elementor-element-iwgw-tengri-s2t elementor-widget elementor-widget-text-editor\" data-id=\"iwgw-tengri-s2t\" data-element_type=\"widget\" data-e-type=\"widget\" data-widget_type=\"text-editor.default\">\n\t\t\t\t\t\t\t\t\t<p>Tengri hefur aldrei mynda\u00f0 sj\u00e1lfst\u00e6\u00f0a myndlist. \u00d3l\u00edkt pers\u00f3nuger\u00f0um gu\u00f0um Innri-As\u00edu (t.d. b\u00fadd\u00edskum Mahakala-verum) er Tengri \u00e1fram myndlaus.<\/p><p>\u00dear sem hann er \u00fe\u00f3 s\u00fdndur, t.d. \u00ed n\u00fat\u00edma tilraunum til \u201eendur-Tengrismyndunar\u201c \u00ed Kasakstan og Kirgistan, er stu\u00f0st vi\u00f0 s\u00f3lar-, arnar- og \u00falfam\u00f3t\u00edf, sem halda \u00fe\u00f3 ekki \u00e1fram neinni fyririslamskri myndhef\u00f0. \u00deessi \u201emyndleysi\u201c er merkingar\u00ferungin \u00ed tr\u00faarbrag\u00f0afyrirb\u00e6rafr\u00e6\u00f0i: h\u00fan tengir Tengri ger\u00f0arfr\u00e6\u00f0ilega vi\u00f0 a\u00f0ra \u00f3s\u00fdnilega h\u00e1gu\u00f0i eins og JHVH Gamla testamentisins e\u00f0a k\u00ednverska Tian.<\/p><p>\u201eSta\u00f0ur\u201c hans er himinhvelfingin; hlj\u00f3\u00f0mynd hans er \u00feruman, t\u00e1kn hans hi\u00f0 bl\u00e1a dagslj\u00f3s. \u00cd sjaman\u00edskum s\u00f6ngvum Altajb\u00faa og Jak\u00fata er hann \u00e1kalla\u00f0ur sem <em>Aar Tojon<\/em> e\u00f0a <em>\u00dcr\u00fcn Aar Tojon<\/em> (\u201ehv\u00edtur h\u00e1leitur herra\u201c).<\/p><p>Sjamanatromman, sem \u00ed m\u00f6rgum \u00e6ttb\u00e1lkum er m\u00e1lu\u00f0 me\u00f0 heimsmynd \u00ed \u00feremur l\u00f6gum, v\u00edsar Tengri jafnan \u00e1 efsta stigi\u00f0; tromuskinn sj\u00e1lft er af m\u00f6rgum fr\u00e6\u00f0im\u00f6nnum (svo sem Mircea Eliade \u00ed <em>Le chamanisme et les techniques archa\u00efques de l&#8217;Ekstase<\/em>, 1951) tali\u00f0 t\u00e1kna hest sem ber sjamaninn upp \u00ed efri heiminn, \u201etil Tengri\u201c.<\/p><p>Aukat\u00e1kn sem koma fram \u00ed tengslum vi\u00f0 Tengri eru: hv\u00edti \u00f6rninn (sendibo\u00f0i himins), hv\u00edti hesturinn (rei\u00f0skj\u00f3ti sjamansins), n\u00edf\u00f6ld stigaform (n\u00edu himnar), gullni st\u00f3lpinn (nor\u00f0urstjarnan, \u201ehiminnaglinn\u201c).<\/p><p>\u00cd n\u00fat\u00edma \u00fej\u00f3\u00f0arskjaldarmerki Kasakstans er nor\u00f0urstjarnan v\u00edsvitandi t\u00falku\u00f0 sem tengr\u00edsk tilv\u00edsun, sem s\u00fdnir vel spennuna milli s\u00f6gulegra tr\u00faarbrag\u00f0a og sj\u00e1lfsmyndarp\u00f3lit\u00edskrar sm\u00ed\u00f0ar. \u00deessi athugun telst samkv\u00e6mt Marlene Laruelle (2007) til einkennandi \u00fe\u00e1tta n\u00fd-Tengrisma.<\/p>\t\t\t\t\t\t\t\t<\/div>\n\t\t\t\t<\/div>\n\t\t\t\t\t<\/div>\n\t\t\t\t<\/div>\n\t\t<div class=\"elementor-element elementor-element-iwgw-tengri-s3 e-flex e-con-boxed e-con e-parent\" data-id=\"iwgw-tengri-s3\" data-element_type=\"container\" data-e-type=\"container\">\n\t\t\t\t\t<div class=\"e-con-inner\">\n\t\t\t\t<div class=\"elementor-element elementor-element-iwgw-tengri-s3h elementor-widget elementor-widget-heading\" data-id=\"iwgw-tengri-s3h\" data-element_type=\"widget\" data-e-type=\"widget\" data-widget_type=\"heading.default\">\n\t\t\t\t\t<h2 class=\"elementor-heading-title elementor-size-default\">Go\u00f0sagnakenndar fr\u00e1sagnir<\/h2>\t\t\t\t<\/div>\n\t\t<div class=\"elementor-element elementor-element-iwgw-tengri-s3c e-con-full e-flex e-con e-child\" data-id=\"iwgw-tengri-s3c\" data-element_type=\"container\" data-e-type=\"container\">\n\t\t\t\t<div class=\"elementor-element elementor-element-iwgw-tengri-s3t elementor-widget elementor-widget-text-editor\" data-id=\"iwgw-tengri-s3t\" data-element_type=\"widget\" data-e-type=\"widget\" data-widget_type=\"text-editor.default\">\n\t\t\t\t\t\t\t\t\t<p>Tengri kemur sjaldan fram sem virk pers\u00f3na \u00ed fr\u00e1sagnarkenndri <span class=\"iwg-fachbegriff\" data-tooltip=\"Heildarsafn hef\u00f0bundinna gu\u00f0asagna innan menningar.\" tabindex=\"0\">go\u00f0afr\u00e6\u00f0i<\/span>. Verk hans er fremur bakgrunnsskipan en saga. \u00dear sem fr\u00e1sagnir svi\u00f0setja hann \u00fe\u00f3, gerist \u00fea\u00f0 \u00ed sk\u00f6punar- og l\u00f6gm\u00e6tingargo\u00f0s\u00f6gnum.<\/p><p>\u00cd mong\u00f3lsku Leynis\u00f6gunni (1240) er Genghis Khan l\u00f6gm\u00e6ttur sem s\u00e1 \u00fatvaldi af Tengri; uppgangur hans er \u00edtreka\u00f0 sta\u00f0festur me\u00f0 form\u00falunni <em>M\u00f6ngke Tengri-yin k\u00fcch\u00fcn-t\u00fcr<\/em>, \u201efyrir kraft hins eil\u00edfa himins\u201c.<\/p><p>Igor de Rachewiltz vann \u00far n\u00e1kv\u00e6mri m\u00e1lnotkun og gu\u00f0fr\u00e6\u00f0ilegri \u00feyngd \u00feessarar form\u00falu \u00ed hinni miklu Brill-\u00fatg\u00e1fu sinni (2004): h\u00fan flytur ekki a\u00f0eins \u00e1rangur heldur einnig p\u00f3lit\u00edska \u00e1byrg\u00f0. Ef khaninum mistekst, hefur Tengri sn\u00fai\u00f0 s\u00e9r fr\u00e1 honum.<\/p><p>\u00cd alta\u00edskri sk\u00f6punars\u00f6gu, sem Wilhelm Radloff skr\u00e1\u00f0i \u00e1 19. \u00f6ld, lyftir Tengri (h\u00e9r \u00ed klofinni mynd sem <a href=\"https:\/\/iwell-guard.com\/is\/?page_id=168983\">\u00dclgen<\/a>) j\u00f6r\u00f0inni upp \u00far frumhafinu \u00e1samt <a href=\"https:\/\/iwell-guard.com\/is\/?page_id=168981\">Erlik Khan<\/a>, en \u00fe\u00e1 raskar Erlik skipulaginu af ofmetna\u00f0i og er ger\u00f0ur \u00fatl\u00e6gur til undirheimanna.<\/p><p>\u00deetta fr\u00e1sagnarform, kafara-<span class=\"iwg-fachbegriff\" data-tooltip=\"Hef\u00f0bundin fr\u00e1s\u00f6gn um gu\u00f0i, upphaf og skipan heimsins.\" tabindex=\"0\">go\u00f0s\u00f6gnin<\/span>, tengir mi\u00f0-as\u00edska <span class=\"iwg-fachbegriff\" data-tooltip=\"Heildarsafn hef\u00f0bundinna gu\u00f0asagna innan menningar.\" tabindex=\"0\">go\u00f0afr\u00e6\u00f0i<\/span> vi\u00f0 v\u00ed\u00f0t\u00e6kar pal\u00e6\u00f3s\u00edber\u00edskar og nor\u00f0ur-amer\u00edskar hef\u00f0ir, sem Mircea Eliade hefur t\u00falka\u00f0 sem v\u00edsbendingu um sameiginlegt heimskautalag.<\/p><p>\u00cd Jenisej-textunum fr\u00e1 t\u00edmum K\u00f6k-Tyrkja (Bilge Kagan-<span class=\"iwg-fachbegriff\" data-tooltip=\"Texti sem ristur e\u00f0a h\u00f6ggvinn er \u00ed fastan efnivi\u00f0.\" tabindex=\"0\">\u00e1letruninni<\/span>) heyrist kveinstafurinn: \u201eTyrkirnir voru sameinu\u00f0 \u00fej\u00f3\u00f0, \u00feegar Tengri a\u00f0 ofan og hin heilaga j\u00f6r\u00f0 a\u00f0 ne\u00f0an h\u00f6f\u00f0u gefi\u00f0 \u00feeim r\u00edki.\u201c, stofnunar\u00feema sem lei\u00f0ir p\u00f3lit\u00edskt l\u00f6gm\u00e6ti beint af himninum.<\/p><p>Talat Tekin greindi \u00feessa <span class=\"iwg-fachbegriff\" data-tooltip=\"Texti sem ristur e\u00f0a h\u00f6ggvinn er \u00ed fastan efnivi\u00f0.\" tabindex=\"0\">\u00e1letrun<\/span> m\u00e1lfr\u00e6\u00f0ilega \u00ed sta\u00f0al\u00fatg\u00e1fu sinni (1968) og benti \u00e1 gu\u00f0fr\u00e6\u00f0ilegan karakter form\u00falum\u00e1ls hennar.<\/p>\t\t\t\t\t\t\t\t<\/div>\n\t\t\t\t<\/div>\n\t\t\t\t\t<\/div>\n\t\t\t\t<\/div>\n\t\t<div class=\"elementor-element elementor-element-iwgw-tengri-s4 e-flex e-con-boxed e-con e-parent\" data-id=\"iwgw-tengri-s4\" data-element_type=\"container\" data-e-type=\"container\">\n\t\t\t\t\t<div class=\"e-con-inner\">\n\t\t\t\t<div class=\"elementor-element elementor-element-iwgw-tengri-s4h elementor-widget elementor-widget-heading\" data-id=\"iwgw-tengri-s4h\" data-element_type=\"widget\" data-e-type=\"widget\" data-widget_type=\"heading.default\">\n\t\t\t\t\t<h2 class=\"elementor-heading-title elementor-size-default\">D\u00fdrkun og tilbei\u00f0sla<\/h2>\t\t\t\t<\/div>\n\t\t<div class=\"elementor-element elementor-element-iwgw-tengri-s4c e-con-full e-flex e-con e-child\" data-id=\"iwgw-tengri-s4c\" data-element_type=\"container\" data-e-type=\"container\">\n\t\t\t\t<div class=\"elementor-element elementor-element-iwgw-tengri-s4t elementor-widget elementor-widget-text-editor\" data-id=\"iwgw-tengri-s4t\" data-element_type=\"widget\" data-e-type=\"widget\" data-widget_type=\"text-editor.default\">\n\t\t\t\t\t\t\t\t\t<p><span class=\"iwg-fachbegriff\" data-tooltip=\"Heildarsafn tr\u00faarlegra d\u00fdrkunarathafna fyrir gu\u00f0 e\u00f0a heilaga veru.\" tabindex=\"0\">D\u00fdrkun<\/span> \u00e1 Tengri var s\u00f6gulega <strong>r\u00edkisd\u00fdrkun<\/strong>, ekki musterisd\u00fdrkun. Engin helgi\u00adsta\u00f0ir voru \u00ed eiginlegum skilningi; d\u00fdrkun f\u00f3r fram undir berum himni, oft \u00e1 fjallask\u00f6r\u00f0um, vi\u00f0 <em>obo<\/em>-steinv\u00f6r\u00f0ur e\u00f0a yfir brennandi hesta- og sau\u00f0af\u00f3rnum.<\/p><p>Khaninn kom fram sem millig\u00f6nguma\u00f0ur, l\u00edkt og hlutverk k\u00ednverska <em>tianzi<\/em>, \u201esonar himinsins\u201c. Caroline Humphrey hefur bent r\u00e6kilega \u00e1 \u00feessa hli\u00f0st\u00e6\u00f0u \u00ed <em>Shamans and Elders<\/em> (1996).<\/p><p>\u00c1 al\u00fe\u00fd\u00f0ustigi blanda\u00f0ist Tengri-tr\u00fain v\u00ed\u00f0t\u00e6kri hj\u00e1lparanda-tr\u00fa, \u00ed mi\u00f0ju hennar st\u00f3\u00f0 <em>Kam<\/em> (tyrkn.) e\u00f0a <em>B\u00f6\u00f6<\/em> (mong.): <span class=\"iwg-fachbegriff\" data-tooltip=\"Tr\u00faarlegur s\u00e9rfr\u00e6\u00f0ingur sem talinn er mi\u00f0la milli manna og andaheims.\" tabindex=\"0\">sjamaninn<\/span>. Sjamanar \u00e1k\u00f6llu\u00f0u Tengri ekki beint, hann \u00fe\u00f3tti of fjarl\u00e6gur, heldur sneru s\u00e9r a\u00f0 sto\u00f0go\u00f0um eins og <a href=\"https:\/\/iwell-guard.com\/is\/?page_id=168979\">Umai<\/a>, a\u00f0 forfe\u00f0rum e\u00f0a kraftd\u00fdra-\u00f6ndum.<\/p><p>Tengri var \u00e1fram hinn \u00f3s\u00fdnilegi \u00e1byrg\u00f0arma\u00f0ur heimsskipanarinnar. \u00deessi \u201efjarl\u00e6g\u00f0 h\u00e1gu\u00f0sins\u201c hefur veri\u00f0 nefnd tr\u00faarbrag\u00f0afyrirb\u00e6rafr\u00e6\u00f0ilega <em>deus otiosus<\/em>, hugtak sem Mircea Eliade og \u00e1 eftir honum Raffaele Pettazzoni \u00fatf\u00e6r\u00f0u \u00edtarlega.<\/p><p>Me\u00f0 \u00edslamsv\u00e6\u00f0ingu hins tyrkneska heims fr\u00e1 10. \u00f6ld var hugtaki\u00f0 <em>Tengri<\/em> a\u00f0 hluta yfirf\u00e6rt \u00e1 Allah (sbr. tatarska <em>T\u00e4ngre<\/em>), a\u00f0 hluta bola\u00f0 fr\u00e1 sem hei\u00f0num leifum.<\/p><p><span class=\"iwg-fachbegriff\" data-tooltip=\"Heildarsafn tr\u00faarlegra d\u00fdrkunarathafna fyrir gu\u00f0 e\u00f0a heilaga veru.\" tabindex=\"0\">D\u00fdrkunin<\/span> h\u00e9lst lengur \u00e1 s\u00edber\u00edsku ja\u00f0arsv\u00e6\u00f0unum og me\u00f0al Mong\u00f3la; \u00ed hinni b\u00fadd\u00edsk m\u00f3tu\u00f0u Mong\u00f3l\u00edu fr\u00e1 17. \u00f6ld var Tengri sm\u00e1m saman skygg\u00f0ur af pers\u00f3nuger\u00f0um b\u00fadd\u00edskum h\u00e1gu\u00f0um, \u00e1n \u00feess a\u00f0 hverfa alveg. Walther Heissig l\u00fdsti \u00feessu lagskipti \u00edtarlega \u00ed <em>Die Religionen der Mongolei<\/em> (1970).<\/p>\t\t\t\t\t\t\t\t<\/div>\n\t\t\t\t<\/div>\n\t\t\t\t\t<\/div>\n\t\t\t\t<\/div>\n\t\t<div class=\"elementor-element elementor-element-iwgw-tengri-s5 e-flex e-con-boxed e-con e-parent\" data-id=\"iwgw-tengri-s5\" data-element_type=\"container\" data-e-type=\"container\">\n\t\t\t\t\t<div class=\"e-con-inner\">\n\t\t\t\t<div class=\"elementor-element elementor-element-iwgw-tengri-s5h elementor-widget elementor-widget-heading\" data-id=\"iwgw-tengri-s5h\" data-element_type=\"widget\" data-e-type=\"widget\" data-widget_type=\"heading.default\">\n\t\t\t\t\t<h2 class=\"elementor-heading-title elementor-size-default\">Verndara\u00f0ger\u00f0ir og fr\u00e1hrindandi t\u00e1kn<\/h2>\t\t\t\t<\/div>\n\t\t<div class=\"elementor-element elementor-element-iwgw-tengri-s5c e-con-full e-flex e-con e-child\" data-id=\"iwgw-tengri-s5c\" data-element_type=\"container\" data-e-type=\"container\">\n\t\t\t\t<div class=\"elementor-element elementor-element-iwgw-tengri-s5t elementor-widget elementor-widget-text-editor\" data-id=\"iwgw-tengri-s5t\" data-element_type=\"widget\" data-e-type=\"widget\" data-widget_type=\"text-editor.default\">\n\t\t\t\t\t\t\t\t\t<p>Fr\u00e1 v\u00edsindalegu sj\u00f3narhorni var verndari\u00f0kun innan Tengri-samhengisins fremur sta\u00f0festing heimsskipulags en b\u00f3n um l\u00e6kning: S\u00e1 sem virti Tengri h\u00e9lst innan skipulagsins, s\u00e1 sem braut gegn \u00fev\u00ed f\u00e9ll utan \u00feess. Fr\u00e1varnara\u00f0ger\u00f0ir f\u00f3lu \u00ed s\u00e9r a\u00f0 var\u00f0veita \u201ehreinleika\u201c heilagra fjalla (Bogdo-fj\u00f6llin), a\u00f0 for\u00f0ast a\u00f0 saurga vatn e\u00f0a eld, auk \u00feess a\u00f0 fara me\u00f0 helgar kve\u00f0juform\u00falur til s\u00f3lar og himins.<\/p><p>\u00c1 heimilislegu svi\u00f0i t\u00f3k <a href=\"https:\/\/iwell-guard.com\/is\/?page_id=168979\">Umai<\/a>, sem m\u00f3\u00f0ur- og barnsgy\u00f0ja, a\u00f0 s\u00e9r m\u00f6rg beinl\u00ednis verndandi hlutverk sem \u00ed \u00f6\u00f0rum tr\u00faarbr\u00f6g\u00f0um eru eignu\u00f0 h\u00e1gu\u00f0inum sj\u00e1lfum. Tengri var hinn fjarl\u00e6gi bakgrunnur sem gaf \u00f6llum \u00feessum sm\u00e6rri verndara\u00f0ger\u00f0um merking. \u00deessi verkaskipting er mikilv\u00e6g \u00fat fr\u00e1 tr\u00faarbrag\u00f0asamf\u00e9lagsfr\u00e6\u00f0i og var kerfisbundi\u00f0 l\u00fdst af Vladimir Basilov \u00ed <em>Shamanism in Siberia<\/em> (1984).<\/p><p>S\u00e9rstakt form Tengri-d\u00fdrkunar me\u00f0 fr\u00e1varnareinkennum er <em>ovoo<\/em>&#8211;<span class=\"iwg-fachbegriff\" data-tooltip=\"Skipul\u00f6g\u00f0 r\u00f6\u00f0 t\u00e1kngj\u00f6r\u00f0ra athafna me\u00f0 tr\u00faarlegri e\u00f0a menningarlegri merkingu.\" tabindex=\"0\">ath\u00f6fnin<\/span>: \u00e1 fjallask\u00f6r\u00f0um eru hla\u00f0nar grj\u00f3thr\u00fagur, skreyttar me\u00f0 bl\u00e1um kl\u00fatum (<em>khadag<\/em>) og ri\u00f0i\u00f0 \u00ferisvar \u00ed kringum \u00fe\u00e6r.<\/p><p>Innan hef\u00f0arinnar er \u00feessi ath\u00f6fn talin b\u00f3n um skj\u00f3l Tengri og sta\u00f0bundinna anda; v\u00edsindalega s\u00e9\u00f0 er h\u00fan a\u00f0eins i\u00f0kun, ekki s\u00f6nnun um verkun. \u00deessi athugun er hluti af klass\u00edskri l\u00fdsingarvinnu mong\u00f3lskufr\u00e6\u00f0anna.<\/p>\t\t\t\t\t\t\t\t<\/div>\n\t\t\t\t<\/div>\n\t\t\t\t\t<\/div>\n\t\t\t\t<\/div>\n\t\t<div class=\"elementor-element elementor-element-iwgw-tengri-s6 e-flex e-con-boxed e-con e-parent\" data-id=\"iwgw-tengri-s6\" data-element_type=\"container\" data-e-type=\"container\">\n\t\t\t\t\t<div class=\"e-con-inner\">\n\t\t\t\t<div class=\"elementor-element elementor-element-iwgw-tengri-s6h elementor-widget elementor-widget-heading\" data-id=\"iwgw-tengri-s6h\" data-element_type=\"widget\" data-e-type=\"widget\" data-widget_type=\"heading.default\">\n\t\t\t\t\t<h2 class=\"elementor-heading-title elementor-size-default\">Hli\u00f0st\u00e6\u00f0ur \u00ed \u00f6\u00f0rum menningarheimum<\/h2>\t\t\t\t<\/div>\n\t\t<div class=\"elementor-element elementor-element-iwgw-tengri-s6c e-con-full e-flex e-con e-child\" data-id=\"iwgw-tengri-s6c\" data-element_type=\"container\" data-e-type=\"container\">\n\t\t\t\t<div class=\"elementor-element elementor-element-iwgw-tengri-s6t elementor-widget elementor-widget-text-editor\" data-id=\"iwgw-tengri-s6t\" data-element_type=\"widget\" data-e-type=\"widget\" data-widget_type=\"text-editor.default\">\n\t\t\t\t\t\t\t\t\t<p>Tr\u00faarbrag\u00f0afr\u00e6\u00f0ilega s\u00e9\u00f0 fellur Tengri undir svok\u00f6llu\u00f0 \u201e\u00e6\u00f0stu verur\u201c, hugtak sem Wilhelm Schmidt rannsaka\u00f0i kerfisbundi\u00f0 \u00ed t\u00f3lf binda verki s\u00ednu <em>Ursprung der Gottesidee<\/em> (1912, 1955).<\/p><p>Samb\u00e6rileg a\u00f0 ger\u00f0 eru: hi\u00f0 ved\u00edska <em>Dyaus Pitar<\/em>, gr\u00edska hugtaki\u00f0 um Seif sem f\u00f6\u00f0ur, norr\u00e6nn T\u00fdr-grunnur, k\u00ednverska hugtaki\u00f0 <em>Tian<\/em> og, innan S\u00edber\u00edu sj\u00e1lfrar, jak\u00fat\u00edska hugtaki\u00f0 <em>\u00dcr\u00fcn Aar Tojon<\/em> sem s\u00e9rh\u00e6fing \u00e1 himnagu\u00f0inum. \u00dagr\u00edski Num og finnski Ukko s\u00fdna einnig d\u00e6miger\u00f0 l\u00edkindi.<\/p><p>\u00d3l\u00edkt hinum sem\u00edt\u00edska skapara gu\u00f0i er Tengri \u00fe\u00f3 <strong>ekki<\/strong> s\u00f6gupers\u00f3na \u00ed sama skilningi; hann er n\u00e6r \u00fev\u00ed sem Eliade kallar <em>deus otiosus<\/em>: \u201ei\u00f0julaus gu\u00f0\u201c sem l\u00e6tur bein afskipti v\u00edkja fyrir tilvist sinni sj\u00e1lfri.<\/p><p>Umr\u00e6\u00f0an um <em>deus otiosus<\/em> n\u00e6r yfir alla tr\u00faarbrag\u00f0afr\u00e6\u00f0ina og var varin af Raffaele Pettazzoni \u00ed <em>L&#8217;essere supremo nelle religioni primitive<\/em> (1957) gegn Wilhelm Schmidt.<\/p><p>S\u00f6gulega er sambandi\u00f0 vi\u00f0 k\u00ednverska Tian s\u00e9rstaklega n\u00e1i\u00f0: b\u00e6\u00f0i hugt\u00f6kin renna saman himni og <span class=\"iwg-fachbegriff\" data-tooltip=\"Vera sem er d\u00fdrku\u00f0 sem gu\u00f0leg innan tr\u00faarbrag\u00f0a.\" tabindex=\"0\">gu\u00f0d\u00f3mi<\/span>, b\u00e6\u00f0i r\u00e9ttl\u00e6ta valdhafa (\u201esonur himins\u201c \u00e1 m\u00f3ti \u201ehinn \u00fatvaldi Tengris\u201c), og b\u00e6\u00f0i eru myndlaus. Hvort s\u00f6guleg tengsl hafi veri\u00f0 milli \u00feessara tveggja strauma, og \u00ed hvora \u00e1ttina \u00feau l\u00e1gu, er efni \u00e1framhaldandi umr\u00e6\u00f0u innan s\u00ednafr\u00e6\u00f0i og t\u00farkfr\u00e6\u00f0i.<\/p>\t\t\t\t\t\t\t\t<\/div>\n\t\t\t\t<\/div>\n\t\t\t\t\t<\/div>\n\t\t\t\t<\/div>\n\t\t<div class=\"elementor-element elementor-element-iwgw-tengri-s7 e-flex e-con-boxed e-con e-parent\" data-id=\"iwgw-tengri-s7\" data-element_type=\"container\" data-e-type=\"container\">\n\t\t\t\t\t<div class=\"e-con-inner\">\n\t\t\t\t<div class=\"elementor-element elementor-element-iwgw-tengri-s7h elementor-widget elementor-widget-heading\" data-id=\"iwgw-tengri-s7h\" data-element_type=\"widget\" data-e-type=\"widget\" data-widget_type=\"heading.default\">\n\t\t\t\t\t<h2 class=\"elementor-heading-title elementor-size-default\">N\u00fat\u00edmavi\u00f0t\u00f6kur og ranns\u00f3knir<\/h2>\t\t\t\t<\/div>\n\t\t<div class=\"elementor-element elementor-element-iwgw-tengri-s7c e-con-full e-flex e-con e-child\" data-id=\"iwgw-tengri-s7c\" data-element_type=\"container\" data-e-type=\"container\">\n\t\t\t\t<div class=\"elementor-element elementor-element-iwgw-tengri-s7t elementor-widget elementor-widget-text-editor\" data-id=\"iwgw-tengri-s7t\" data-element_type=\"widget\" data-e-type=\"widget\" data-widget_type=\"text-editor.default\">\n\t\t\t\t\t\t\t\t\t<p>Fr\u00e1 1990 hefur tengrisminn upplifa\u00f0 endurvakningu, s\u00e9rstaklega \u00ed Kasakstan, Kirgistan og Innri Mong\u00f3l\u00edu.<\/p><p>H\u00f6fundar \u00e1 bor\u00f0 vi\u00f0 Olzhas Suleimenov og Nurmagambet Ayupov hafa sett hann fram sem \u201eandlegan valkost\u201c vi\u00f0 \u00edslam og kristni; \u00ed Mong\u00f3l\u00edu er hann \u00ed opinni samb\u00fa\u00f0 me\u00f0 t\u00edbetskum b\u00faddisma. \u00deessi endurvakning hefur veri\u00f0 skjalfest me\u00f0 gagnr\u00fdnum h\u00e6tti af tr\u00faarbrag\u00f0afr\u00e6\u00f0ingum eins og Marlene Laruelle (2007).<\/p><p>Fr\u00e6\u00f0ilegar ranns\u00f3knir \u00e1 tengrisma eru \u00ed dag \u00feverfaglegar. Klass\u00edsk n\u00f6fn eru Wilhelm Radloff, Vladimir Basilov, Jean-Paul Roux, Andrei Znamenski og, fyrir Mong\u00f3la, Igor de Rachewiltz me\u00f0 sk\u00fdr\u00f0ri \u00fatg\u00e1fu sinni af Leynilegu s\u00f6gunni.<\/p><p>Mircea Eliade festi Tengri \u00ed sessi \u00ed <span class=\"iwg-fachbegriff\" data-tooltip=\"Tr\u00faarlegt kerfi \u00fear sem s\u00e9rfr\u00e6\u00f0ingar hafa samskipti vi\u00f0 andaheiminn.\" tabindex=\"0\">sjamanisma<\/span>-verki s\u00ednu sem d\u00e6mi um \u00e6\u00f0stu veru sem skortir virka sjamanastarfsemi; Roberte Hamayon hefur s\u00ed\u00f0ar endursko\u00f0a\u00f0 \u00feessa s\u00fdn me\u00f0 gagnr\u00fdnum h\u00e6tti \u00ed <em>La chasse \u00e0 l&#8217;\u00e2me<\/em> (1990).<\/p><p>Fr\u00e1 v\u00edsindalegu sj\u00f3narhorni m\u00e1 benda \u00e1 a\u00f0 samt\u00edmalegur n\u00fd-tengrismi er n\u00fat\u00edmaleg endurm\u00f3tun og \u00e6tti ekki a\u00f0 vera samsama\u00f0ur hinum s\u00f6gulega steppu-tengrisma. Ranns\u00f3knir vara vi\u00f0 na\u00edvri sams\u00f6mun og m\u00e6la me\u00f0 vanda\u00f0ri lagskiptingu heimilda.<\/p>\t\t\t\t\t\t\t\t<\/div>\n\t\t\t\t<\/div>\n\t\t\t\t\t<\/div>\n\t\t\t\t<\/div>\n\t\t<div class=\"elementor-element elementor-element-iwgw-tengri-s8 e-flex e-con-boxed e-con e-parent\" data-id=\"iwgw-tengri-s8\" data-element_type=\"container\" data-e-type=\"container\">\n\t\t\t\t\t<div class=\"e-con-inner\">\n\t\t\t\t<div class=\"elementor-element elementor-element-iwgw-tengri-s8h elementor-widget elementor-widget-heading\" data-id=\"iwgw-tengri-s8h\" data-element_type=\"widget\" data-e-type=\"widget\" data-widget_type=\"heading.default\">\n\t\t\t\t\t<h2 class=\"elementor-heading-title elementor-size-default\">Ranns\u00f3knarumr\u00e6\u00f0ur og opnar spurningar<\/h2>\t\t\t\t<\/div>\n\t\t<div class=\"elementor-element elementor-element-iwgw-tengri-s8c e-con-full e-flex e-con e-child\" data-id=\"iwgw-tengri-s8c\" data-element_type=\"container\" data-e-type=\"container\">\n\t\t\t\t<div class=\"elementor-element elementor-element-iwgw-tengri-s8t elementor-widget elementor-widget-text-editor\" data-id=\"iwgw-tengri-s8t\" data-element_type=\"widget\" data-e-type=\"widget\" data-widget_type=\"text-editor.default\">\n\t\t\t\t\t\t\t\t\t<p>Nokkrar ranns\u00f3knarumr\u00e6\u00f0ur einkenna Tengri-fr\u00e6\u00f0in til \u00feessa dags. \u00cd fyrsta lagi: var Tengri upphaflega einn \u00e6\u00f0sti gu\u00f0 e\u00f0a samheiti fyrir heilt himinlag? Mong\u00f3lska hugmyndin um \u201e99 Tengri\u201c (33 vestr\u00e6nir hv\u00edtir, 44 austr\u00e6nir svartir, auk 22 \u00ed milli) bendir til fj\u00f6lt\u00f6lu, \u00e1 me\u00f0an fornu t\u00fark\u00edsku \u00e1letranirnar gefa fremur til kynna eint\u00f6lu.<\/p><p>Walther Heissig fjalla\u00f0i \u00edtarlega um \u00feessa umr\u00e6\u00f0u \u00ed <em>Die Religionen der Mongolei<\/em> (1970).<\/p><p>\u00cd \u00f6\u00f0ru lagi: hvernig ber a\u00f0 skilja sambandi\u00f0 milli Tengri og <span class=\"iwg-fachbegriff\" data-tooltip=\"Tr\u00faarlegt kerfi \u00fear sem s\u00e9rfr\u00e6\u00f0ingar hafa samskipti vi\u00f0 andaheiminn.\" tabindex=\"0\">sjamanisma<\/span>? Roberte Hamayon hefur haldi\u00f0 \u00fev\u00ed fram, gegn kenningu Eliade, a\u00f0 <span class=\"iwg-fachbegriff\" data-tooltip=\"Tr\u00faarlegt kerfi \u00fear sem s\u00e9rfr\u00e6\u00f0ingar hafa samskipti vi\u00f0 andaheiminn.\" tabindex=\"0\">sjamanismi<\/span> s\u00e9 ekki sj\u00e1lfst\u00e6\u00f0 \u201eforn t\u00e6kni lei\u00f0slu\u201c heldur hluti af v\u00ed\u00f0t\u00e6kara vei\u00f0i- og skyldleikahagkerfi; Tengri s\u00e9 \u00ed \u00feessu l\u00edkani minna markmi\u00f0 en bakgrunnsskipulag.<\/p><p>\u00cd \u00feri\u00f0ja lagi: hva\u00f0a hlutverki gegna \u00edranskir \u00e1hrifavaldar? Mi\u00f0lun \u00ed gegnum khotanska og sogd\u00edska tungu l\u00e9t hugt\u00f6k eins og Ahura Mazda renna saman vi\u00f0 Tengri, sem s\u00e9st \u00ed hinu s\u00ed\u00f0ara <a href=\"https:\/\/iwell-guard.com\/is\/?page_id=168984\">Khormusta<\/a>-samst\u00e6\u00f0u. H\u00e9r s\u00e9st hversu erfitt er a\u00f0 greina \u00e1 milli \u201eupprunalegs\u201c og \u201esamsu\u00f0ulegs\u201c Tengri, a\u00f0fer\u00f0afr\u00e6\u00f0ileg spurning sem \u00e1 \u00ed grunninn vi\u00f0 um alla tr\u00faarbrag\u00f0as\u00f6gu Innri As\u00edu.<\/p>\t\t\t\t\t\t\t\t<\/div>\n\t\t\t\t<\/div>\n\t\t\t\t\t<\/div>\n\t\t\t\t<\/div>\n\t\t<div class=\"elementor-element elementor-element-cp23e73899 e-flex e-con-boxed e-con e-parent\" data-id=\"cp23e73899\" data-element_type=\"container\" data-e-type=\"container\">\n\t\t\t\t\t<div class=\"e-con-inner\">\n\t\t\t\t<div class=\"elementor-element elementor-element-cp2fa99b9c elementor-widget elementor-widget-heading\" data-id=\"cp2fa99b9c\" data-element_type=\"widget\" data-e-type=\"widget\" data-widget_type=\"heading.default\">\n\t\t\t\t\t<h2 class=\"elementor-heading-title elementor-size-default\">Himinninn sem uppspretta p\u00f3lit\u00edsks l\u00f6gm\u00e6tis: Tengri \u00ed fornum t\u00fark\u00edskum \u00e1letrunum<\/h2>\t\t\t\t<\/div>\n\t\t<div class=\"elementor-element elementor-element-cp2c162290 e-flex e-con-boxed e-con e-child\" data-id=\"cp2c162290\" data-element_type=\"container\" data-e-type=\"container\">\n\t\t\t\t\t<div class=\"e-con-inner\">\n\t\t\t\t<div class=\"elementor-element elementor-element-cp268040b2 elementor-widget elementor-widget-text-editor\" data-id=\"cp268040b2\" data-element_type=\"widget\" data-e-type=\"widget\" data-widget_type=\"text-editor.default\">\n\t\t\t\t\t\t\t\t\t<p>Elstu og traustustu skrifu\u00f0u heimildirnir um Tengri koma fr\u00e1 fornum t\u00fark\u00edskum r\u00fana\u00e1letrunum \u00ed Orkhon-dalnum \u00ed n\u00faverandi Mong\u00f3l\u00edu, sem dagsettar eru til 8. aldar. \u00deekktustu \u00feeirra eru \u00e1letranirnar til hei\u00f0urs prinsinum K\u00fcl Tegin og valdhafanum Bilge Kagan.<\/p><p>\u00de\u00e6r eru skrifa\u00f0ar \u00ed eigin letri, sem danski m\u00e1lfr\u00e6\u00f0ingurinn Vilhelm Thomsen r\u00e1\u00f0g\u00e1\u00f0i \u00e1 s\u00ed\u00f0ari hluta 19. aldar, sem ger\u00f0i forns\u00f6gu Tyrkja \u00ed fyrsta sinn a\u00f0gengilega \u00fat fr\u00e1 innlendum heimildum.<\/p><p>\u00cd \u00feessum \u00e1letrunum kemur Tengri fram fyrst og fremst sem stofnandi og \u00e1byrg\u00f0arma\u00f0ur valdsins. Endurkomandi form\u00fala segir efnislega a\u00f0 himinninn hafi skipa\u00f0 kaganinn og a\u00f0 valdhafinn r\u00edki \u00ed krafti himinsins.<\/p><p>Tengri er h\u00e9r fremur skipulagsafl sem veitir og getur svipt burt p\u00f3lit\u00edsku valdi en efni \u00ed \u00fatf\u00e6r\u00f0an <span class=\"iwg-fachbegriff\" data-tooltip=\"Yfirlifu\u00f0 fr\u00e1s\u00f6gn um gu\u00f0i, uppruna og skipan heimsins.\" tabindex=\"0\">go\u00f0s\u00f6gn<\/span>. Ef \u00fej\u00f3\u00f0in viki af r\u00e9ttri lei\u00f0, segir margsinnis \u00ed textanum, dragi himinninn stu\u00f0ning sinn til baka.<\/p><p>\u00deessi tenging himingu\u00f0s og l\u00f6gm\u00e6tingar valdhafa er einkennandi fyrir tengrisma eins og hann ver\u00f0ur lesinn \u00fat \u00far elstu heimildum. H\u00fan hefur haft merkileg s\u00f6guleg \u00e1hrif: svipa\u00f0ar hugmyndir um himneskt umbo\u00f0 koma s\u00ed\u00f0ar fram me\u00f0al Mong\u00f3la, og Gengis Khan og eftirmenn hans reistu valdakr\u00f6fu s\u00edna beinl\u00ednis \u00e1 vilja eil\u00edfs himins.<\/p><p>Orkhon-\u00e1letranirnar hafa \u00fev\u00ed ekki a\u00f0eins m\u00e1lfr\u00e6\u00f0ilegt gildi heldur einnig miki\u00f0 tr\u00faarbrag\u00f0a- og valds\u00f6gulegt v\u00e6gi, \u00fev\u00ed \u00fe\u00e6r s\u00fdna Tengri \u00ed r\u00edkisbur\u00f0arhlutverki s\u00ednu \u00e1\u00f0ur en s\u00ed\u00f0ari heimildir m\u00f3tu\u00f0u myndina me\u00f0 erlendum \u00e1hrifum. Svipu\u00f0 himinhugt\u00f6k m\u00e1 finna hj\u00e1 \u00f6\u00f0rum <a href=\"https:\/\/iwell-guard.com\/is\/siberiskur-sjamanismi-tengrismi\/\">menningarsv\u00e6\u00f0um Innri As\u00edu<\/a>.<\/p>\t\t\t\t\t\t\t\t<\/div>\n\t\t\t\t\t<\/div>\n\t\t\t\t<\/div>\n\t\t\t\t\t<\/div>\n\t\t\t\t<\/div>\n\t\t<div class=\"elementor-element elementor-element-cp23886c36 e-flex e-con-boxed e-con e-parent\" data-id=\"cp23886c36\" data-element_type=\"container\" data-e-type=\"container\">\n\t\t\t\t\t<div class=\"e-con-inner\">\n\t\t\t\t<div class=\"elementor-element elementor-element-cp2a626ab6 elementor-widget elementor-widget-heading\" data-id=\"cp2a626ab6\" data-element_type=\"widget\" data-e-type=\"widget\" data-widget_type=\"heading.default\">\n\t\t\t\t\t<h2 class=\"elementor-heading-title elementor-size-default\">Tengri milli eingu\u00f0st\u00falkunar og sjaman\u00edsks fj\u00f6lgu\u00f0aheims<\/h2>\t\t\t\t<\/div>\n\t\t<div class=\"elementor-element elementor-element-cp263d60fc e-flex e-con-boxed e-con e-child\" data-id=\"cp263d60fc\" data-element_type=\"container\" data-e-type=\"container\">\n\t\t\t\t\t<div class=\"e-con-inner\">\n\t\t\t\t<div class=\"elementor-element elementor-element-cp24b80099 elementor-widget elementor-widget-text-editor\" data-id=\"cp24b80099\" data-element_type=\"widget\" data-e-type=\"widget\" data-widget_type=\"text-editor.default\">\n\t\t\t\t\t\t\t\t\t<p>Eitt af meginumr\u00e6\u00f0uefnum ranns\u00f3kna sn\u00fdst um hvort tengrisma eigi a\u00f0 skilja sem eingy\u00f0istr\u00fa me\u00f0 einn himnagu\u00f0 e\u00f0a sem margbroti\u00f0 kerfi me\u00f0 fj\u00f6lda anda og gu\u00f0d\u00f3ma. B\u00e1\u00f0ar sj\u00f3narhorn hafa fylgjendur og svari\u00f0 er mj\u00f6g h\u00e1\u00f0 \u00fev\u00ed hva\u00f0a heimildir og hva\u00f0a t\u00edmabil \u00ed s\u00f6gunni eru l\u00f6g\u00f0 til grundvallar.<\/p><p>Fyrir eingy\u00f0islega t\u00falkun m\u00e1 nefna a\u00f0 Tengri kemur fram \u00ed fornu tyrkneskum \u00e1letrunum sem yfirgn\u00e6fandi, einstakt vald sem v\u00f6ld og heimsskipan mi\u00f0ast vi\u00f0.<\/p><p>Sumir h\u00f6fundar, me\u00f0al annars \u00ed n\u00fat\u00edma \u00fej\u00f3\u00f0ernishreyfingum \u00ed tyrknesku- og mong\u00f3lskum\u00e6landi l\u00f6ndum, leggja \u00e1herslu \u00e1 \u00feennan \u00fe\u00e1tt og l\u00fdsa tengrisma sem upprunalegri h\u00e1\u00fer\u00f3a\u00f0ri tr\u00fa. \u00deessi t\u00falkun er \u00fe\u00f3 oft m\u00f3tu\u00f0 af samt\u00edmalegum sj\u00e1lfsmyndarp\u00f3lit\u00edskum hagsmunum og \u00e6tti a\u00f0 lesa me\u00f0 gagnr\u00fdnum augum.<\/p><p>\u00c1 hinn b\u00f3ginn s\u00fdna \u00fej\u00f3\u00f0h\u00e1ttafr\u00e6\u00f0ilega skjalfestar tr\u00faarbr\u00f6g\u00f0 s\u00edber\u00edskra og Mi\u00f0-As\u00edu\u00fej\u00f3\u00f0a r\u00edka andaver\u00f6ld: gu\u00f0d\u00f3mar jar\u00f0ar, fjalla, vatna, forfe\u00f0raandar og verndarandar standa vi\u00f0 hli\u00f0 himins. \u00cd \u00feeirri mynd er Tengri eitt vald, \u00fe\u00f3tt fremst, me\u00f0al annarra, og himinninn sj\u00e1lfur getur skipzt \u00ed m\u00f6rg l\u00f6g.<\/p><p>N\u00faverandi ranns\u00f3knir hallast a\u00f0 mestu a\u00f0 \u00feeirri sko\u00f0un a\u00f0 ekki hafi veri\u00f0 til neinn samr\u00e6mdur tengrismi sem h\u00e9lst \u00f3breyttur um aldir, heldur fj\u00f6lskylda tengdra hugmynda sem b\u00e1ru mismunandi \u00e1herslur eftir t\u00edma, sv\u00e6\u00f0i og f\u00e9lagslegu samhengi. Tengri var \u00fear tengili\u00f0ur, en ekki st\u00edft skilgreint fyrirb\u00e6ri.<\/p>\t\t\t\t\t\t\t\t<\/div>\n\t\t\t\t\t<\/div>\n\t\t\t\t<\/div>\n\t\t\t\t\t<\/div>\n\t\t\t\t<\/div>\n\t\t<div class=\"elementor-element elementor-element-cp21a28b01 e-flex e-con-boxed e-con e-parent\" data-id=\"cp21a28b01\" data-element_type=\"container\" data-e-type=\"container\">\n\t\t\t\t\t<div class=\"e-con-inner\">\n\t\t\t\t<div class=\"elementor-element elementor-element-cp21ba36c3 elementor-widget elementor-widget-heading\" data-id=\"cp21ba36c3\" data-element_type=\"widget\" data-e-type=\"widget\" data-widget_type=\"heading.default\">\n\t\t\t\t\t<h2 class=\"elementor-heading-title elementor-size-default\">Heimildasta\u00f0an: erlendar fr\u00e1sagnir, \u00fej\u00f3\u00f0h\u00e1ttafr\u00e6\u00f0i og vandi endurger\u00f0ar<\/h2>\t\t\t\t<\/div>\n\t\t<div class=\"elementor-element elementor-element-cp245c69c8 e-flex e-con-boxed e-con e-child\" data-id=\"cp245c69c8\" data-element_type=\"container\" data-e-type=\"container\">\n\t\t\t\t\t<div class=\"e-con-inner\">\n\t\t\t\t<div class=\"elementor-element elementor-element-cp2182fa7e elementor-widget elementor-widget-text-editor\" data-id=\"cp2182fa7e\" data-element_type=\"widget\" data-e-type=\"widget\" data-widget_type=\"text-editor.default\">\n\t\t\t\t\t\t\t\t\t<p>Ranns\u00f3knir \u00e1 Tengri stangast \u00e1 grundvallarvanda var\u00f0andi heimildir. Elstu innlendu vitnisbur\u00f0irnir, Orkhon-\u00e1letranirnir, eru knappar og bundnar vi\u00f0 samhengi valdhafa. Fyrir t\u00edmann \u00fear \u00e1 undan og fyrir flest sv\u00e6\u00f0i skortir alveg skriflegar frumheimildir, \u00fev\u00ed vi\u00f0komandi \u00fej\u00f3\u00f0ir \u00fer\u00f3u\u00f0u ekki eigin ritmenningu e\u00f0a <span class=\"iwg-fachbegriff\" data-tooltip=\"Mi\u00f0lun \u00feekkingar og fr\u00e1sagna milli kynsl\u00f3\u00f0a.\" tabindex=\"0\">munnleg arfleif\u00f0<\/span> var \u00feeirra hef\u00f0.<\/p><p>St\u00f3r hluti \u00feekkingar okkar kemur \u00feess vegna fr\u00e1 erlendum fr\u00e1s\u00f6gnum. K\u00ednverskar ann\u00e1lar segja fr\u00e1 tr\u00faarbr\u00f6g\u00f0um steppu\u00fej\u00f3\u00f0a, evr\u00f3pskir mi\u00f0aldafer\u00f0alangar eins og Vilhj\u00e1lmur af Rubruk og Giovanni da Pian del Carpine l\u00fdstu tr\u00fa Mong\u00f3la \u00fat fr\u00e1 evr\u00f3psku sj\u00f3narhorni, og persneskir og arab\u00edskir h\u00f6fundar skr\u00e1\u00f0u enn fleiri athuganir.<\/p><p>\u00deessar heimildir eru d\u00fdrm\u00e6tar en m\u00f3ta\u00f0ar af sj\u00f3narhorni og hugt\u00f6kum \u00feeirra sem skr\u00e1\u00f0u \u00fe\u00e6r. Vi\u00f0 \u00feetta b\u00e6tist umfangsmiki\u00f0 \u00fej\u00f3\u00f0h\u00e1ttafr\u00e6\u00f0ilegt efni fr\u00e1 18. til 20. \u00f6ld um s\u00edber\u00edskar og Mi\u00f0-As\u00edu\u00fej\u00f3\u00f0ir, sem skjalfestir \u00fe\u00f3 tr\u00faarl\u00edf sem \u00feegar haf\u00f0i breytzt verulega, oft undir \u00e1hrifum b\u00faddisma, \u00edslams og s\u00ed\u00f0ar sov\u00e9skrar andtr\u00faarbrag\u00f0a\u00fer\u00fdstings.<\/p><p>Endurger\u00f0 s\u00f6gulegs tengrisma ver\u00f0ur a\u00f0 tengja \u00feessar \u00f3l\u00edku heimildir saman, og \u00fev\u00ed fylgir talsver\u00f0 \u00e1h\u00e6tta. \u00dea\u00f0 er freistandi a\u00f0 draga \u00e1lyktun af seinni t\u00edma \u00fej\u00f3\u00f0h\u00e1ttafr\u00e6\u00f0ilegum athugunum um samr\u00e6mt frumstig e\u00f0a fylla upp \u00ed knappar \u00e1letranirnar me\u00f0 efni \u00far steppu-\u00fej\u00f3\u00f0h\u00e1ttafr\u00e6\u00f0i.<\/p><p>A\u00f0fer\u00f0afr\u00e6\u00f0ilega varf\u00e6rnar ranns\u00f3knir gera \u00fev\u00ed vandlega greinarmun \u00e1 \u00fev\u00ed sem raunverulega er sta\u00f0fest fyrir \u00e1kve\u00f0i\u00f0 t\u00edmabil og sv\u00e6\u00f0i og \u00fev\u00ed sem er einungis endurger\u00f0 og tilg\u00e1ta. Fyrir Tengri \u00fe\u00fd\u00f0ir \u00fea\u00f0: Grunnhlutverki\u00f0 sem \u00e6\u00f0sta himinvald er vel sta\u00f0fest, en \u00edtarlegar l\u00fdsingar margra fr\u00e1sagna ber a\u00f0 lesa me\u00f0 fyrirvara.<\/p>\t\t\t\t\t\t\t\t<\/div>\n\t\t\t\t\t<\/div>\n\t\t\t\t<\/div>\n\t\t\t\t\t<\/div>\n\t\t\t\t<\/div>\n\t\t<div class=\"elementor-element elementor-element-iwgw-tengri-lit e-flex e-con-boxed e-con e-parent\" data-id=\"iwgw-tengri-lit\" data-element_type=\"container\" data-e-type=\"container\">\n\t\t\t\t\t<div class=\"e-con-inner\">\n\t\t\t\t<div class=\"elementor-element elementor-element-iwgw-tengri-lith elementor-widget elementor-widget-heading\" data-id=\"iwgw-tengri-lith\" data-element_type=\"widget\" data-e-type=\"widget\" data-widget_type=\"heading.default\">\n\t\t\t\t\t<h2 class=\"elementor-heading-title elementor-size-default\">Heimildir (\u00farval)<\/h2>\t\t\t\t<\/div>\n\t\t<div class=\"elementor-element elementor-element-iwgw-tengri-litc e-con-full e-flex e-con e-child\" data-id=\"iwgw-tengri-litc\" data-element_type=\"container\" data-e-type=\"container\">\n\t\t\t\t<div class=\"elementor-element elementor-element-iwgw-tengri-litt elementor-widget elementor-widget-text-editor\" data-id=\"iwgw-tengri-litt\" data-element_type=\"widget\" data-e-type=\"widget\" data-widget_type=\"text-editor.default\">\n\t\t\t\t\t\t\t\t\t<ul><li>Jean-Paul Roux: <em>La religion des Turcs et des Mongols<\/em> (Payot 1984)<\/li><li>Vladimir Basilov: <em>Shamanism in Siberia<\/em> (1984)<\/li><li>Wilhelm Radloff: <em>Aus Sibirien<\/em> (1893)<\/li><li>Mircea Eliade: <em>Le chamanisme et les techniques archa\u00efques de l&#8217;Ekstase<\/em> (1951)<\/li><li>Igor de Rachewiltz: <em>The Secret History of the Mongols<\/em> (Brill 2004)<\/li><li>Andrei Znamenski: <em>Shamanism and Western Imagination<\/em> (2007)<\/li><li>Marlene Laruelle: <em>Tengrism<\/em> (2007)<\/li><li>Talat Tekin: <em>A Grammar of Orkhon Turkic<\/em> (1968)<\/li><\/ul>\t\t\t\t\t\t\t\t<\/div>\n\t\t\t\t<\/div>\n\t\t\t\t\t<\/div>\n\t\t\t\t<\/div>\n\t\t<div class=\"elementor-element elementor-element-iwgw-tengri-kwd e-flex e-con-boxed e-con e-parent\" data-id=\"iwgw-tengri-kwd\" data-element_type=\"container\" data-e-type=\"container\">\n\t\t\t\t\t<div class=\"e-con-inner\">\n\t\t<div class=\"elementor-element elementor-element-iwgw-tengri-kwdc e-con-full e-flex e-con e-child\" data-id=\"iwgw-tengri-kwdc\" data-element_type=\"container\" data-e-type=\"container\">\n\t\t\t\t<div class=\"elementor-element elementor-element-iwgw-tengri-kwdt elementor-widget elementor-widget-text-editor\" data-id=\"iwgw-tengri-kwdt\" data-element_type=\"widget\" data-e-type=\"widget\" data-widget_type=\"text-editor.default\">\n\t\t\t\t\t\t\t\t\t<p><em>Tengd lykilhugt\u00f6k: Tengri M\u00f6ngke K\u00f6ke Tengri K\u00f6kt\u00fcrken Orchon Bilge Kagan deus otiosus.<\/em><\/p>\t\t\t\t\t\t\t\t<\/div>\n\t\t\t\t<\/div>\n\t\t\t\t\t<\/div>\n\t\t\t\t<\/div>\n\t\t<div class=\"elementor-element elementor-element-iwgw-tengri-cc e-flex e-con-boxed e-con e-parent\" data-id=\"iwgw-tengri-cc\" data-element_type=\"container\" data-e-type=\"container\" id=\"iwg-cc-tengri\">\n\t\t\t\t\t<div class=\"e-con-inner\">\n\t\t<div class=\"elementor-element elementor-element-iwgw-tengri-ccinner e-flex e-con-boxed e-con e-parent\" data-id=\"iwgw-tengri-ccinner\" data-element_type=\"container\" data-e-type=\"container\" data-settings=\"{&quot;background_background&quot;:&quot;classic&quot;}\">\n\t\t\t\t\t<div class=\"e-con-inner\">\n\t\t\t\t<div class=\"elementor-element elementor-element-iwgw-tengri-cch elementor-widget elementor-widget-heading\" data-id=\"iwgw-tengri-cch\" data-element_type=\"widget\" data-e-type=\"widget\" data-widget_type=\"heading.default\">\n\t\t\t\t\t<h2 class=\"elementor-heading-title elementor-size-default\">iWell Guard og verndarhef\u00f0ir<\/h2>\t\t\t\t<\/div>\n\t\t\t\t<div class=\"elementor-element elementor-element-iwgw-tengri-cct elementor-widget elementor-widget-text-editor\" data-id=\"iwgw-tengri-cct\" data-element_type=\"widget\" data-e-type=\"widget\" data-widget_type=\"text-editor.default\">\n\t\t\t\t\t\t\t\t\t<div data-nosnippet=\"true\"><p>iWell Guard tengist menningars\u00f6gulegri hef\u00f0 farandlegra verndargripa, \u00ed hef\u00f0 <a href=\"https:\/\/iwell-guard.com\/is\/siberiskur-sjamanismi-tengrismi\/\">S\u00edber\u00edu \/ tengrisma<\/a> og margra annarra menningarheima um allan heim. 41 l\u00f6g, alv\u00f6ru gull, plat\u00edna, silfur, framleitt \u00ed \u00de\u00fdskalandi. 30 daga skilar\u00e9ttur.<\/p><\/div>\t\t\t\t\t\t\t\t<\/div>\n\t\t\t\t<div class=\"elementor-element elementor-element-iwgw-tengri-ccb iwg-cc-button iwg-cc-cta-2026-05-13 elementor-widget elementor-widget-jet-button\" data-id=\"iwgw-tengri-ccb\" data-element_type=\"widget\" data-e-type=\"widget\" data-widget_type=\"jet-button.default\">\n\t\t\t\t<div class=\"elementor-widget-container\">\n\t\t\t\t\t<div class=\"elementor-jet-button jet-elements\"><div class=\"jet-button__container\"><a class=\"jet-button__instance jet-button__instance--icon-left hover-effect-1\" href=\"\/ueber-iwell-guard\/?utm_source=iwell-guard.com&amp;utm_medium=info-box&amp;utm_campaign=wesen-tradition\"><div class=\"jet-button__plane jet-button__plane-normal\"><\/div><div class=\"jet-button__plane jet-button__plane-hover\"><\/div><div class=\"jet-button__state jet-button__state-normal\"><span class=\"jet-button__label\">Meira um iWell Guard<\/span><\/div><div class=\"jet-button__state jet-button__state-hover\"><span class=\"jet-button__label\">Meira um iWell Guard<\/span><\/div><\/a><\/div><\/div><style>.elementor-element.elementor-element-iwgw-tengri-ccb .jet-button__instance{width:320px;height:56px;}.elementor-element.elementor-element-iwgw-tengri-ccb .jet-button__state-normal .jet-button__label{text-align:center;margin:0px 0px 0px 0px;color:#1a1b20;font-family:Montserrat,sans-serif;font-size:13px;font-weight:400;letter-spacing:4px;line-height:1.714em;text-transform:uppercase;}.elementor-element.elementor-element-iwgw-tengri-ccb .jet-button__state-hover .jet-button__label{text-align:center;margin:0px 0px 0px 0px;color:#FECC76;font-family:Montserrat,sans-serif;font-size:13px;font-weight:400;letter-spacing:4px;line-height:1.714em;text-transform:uppercase;}.elementor-element.elementor-element-iwgw-tengri-ccb .jet-button__plane-normal{background-color:#FECC76;border-style:solid;border-color:#C99540;border-width:2px 2px 2px 2px;}.elementor-element.elementor-element-iwgw-tengri-ccb .jet-button__plane-hover{background-color:rgba(0,0,0,0.55);border-style:solid;border-color:#FECC76;border-width:2px 2px 2px 2px;}<\/style>\t\t\t\t<\/div>\n\t\t\t\t<\/div>\n\t\t\t\t<div class=\"elementor-element elementor-element-iwgw-tengri-ccd elementor-widget elementor-widget-text-editor\" data-id=\"iwgw-tengri-ccd\" data-element_type=\"widget\" data-e-type=\"widget\" data-widget_type=\"text-editor.default\">\n\t\t\t\t\t\t\t\t\t<div data-nosnippet=\"true\"><p style=\"text-align:center;font-size:13px;opacity:0.7;margin-top:14px\" data-nosnippet=\"true\">Pers\u00f3nuleg reynsla getur veri\u00f0 mismunandi. Ekki l\u00e6kningat\u00e6ki. Engin lofor\u00f0 um l\u00e6kningu.<\/p><\/div>\t\t\t\t\t\t\t\t<\/div>\n\t\t\t\t\t<\/div>\n\t\t\t\t<\/div>\n\t\t\t\t\t<\/div>\n\t\t\t\t<\/div>\n\t\t<div class=\"elementor-element elementor-element-iwgw-tengri-disc e-flex e-con-boxed e-con e-parent\" data-id=\"iwgw-tengri-disc\" data-element_type=\"container\" data-e-type=\"container\">\n\t\t\t\t\t<div class=\"e-con-inner\">\n\t\t\t\t<div class=\"elementor-element elementor-element-iwgw-tengri-discw elementor-widget elementor-widget-html\" data-id=\"iwgw-tengri-discw\" data-element_type=\"widget\" data-e-type=\"widget\" data-widget_type=\"html.default\">\n\t\t\t\t\t<footer data-nosnippet=\"true\" class=\"iwg-disclaimer-block\"><p data-nosnippet=\"true\">iWell Guard er <strong>ekki l\u00e6kningat\u00e6ki<\/strong> og kemur ekki \u00ed sta\u00f0inn fyrir l\u00e6knis- e\u00f0a s\u00e1lfr\u00e6\u00f0ime\u00f0fer\u00f0. Tr\u00faarfr\u00e6\u00f0ilegt efni er menningars\u00f6gulegt samhengi, ekki r\u00e1\u00f0legging um andlega i\u00f0kun.<\/p><\/footer>\t\t\t\t<\/div>\n\t\t\t\t\t<\/div>\n\t\t\t\t<\/div>\n\t\t\t\t<\/div>\n\t\t","protected":false},"excerpt":{"rendered":"","protected":false},"author":3,"featured_media":2857,"parent":0,"menu_order":0,"comment_status":"closed","ping_status":"closed","template":"elementor_header_footer","meta":{"_yoast_wpseo_focuskw":"Tengri himnagu\u00f0 Tengrismi","_yoast_wpseo_title":"Tengri \u2013 himnagu\u00f0 steppu\u00fej\u00f3\u00f0a, go\u00f0saga og heimildir","_yoast_wpseo_metadesc":"Tengri er hinn eil\u00edfi himnagu\u00f0 tyrk\u00edsk-mong\u00f3lskra og s\u00edber\u00edskra Tengrista. Umfj\u00f6llun um go\u00f0s\u00f6gu, d\u00fdrkun og heimildir.","_yoast_wpseo_meta-robots-noindex":"","_yoast_wpseo_canonical":"","_angie_page":false,"gefaehrdungsstufe":"","wesen_kultur":"","wesen_klasse":"","footnotes":""},"categories":[],"class_list":["post-168980","page","type-page","status-publish","has-post-thumbnail","hentry"],"yoast_head":"<!-- This site is optimized with the Yoast SEO Premium plugin v27.7 (Yoast SEO v28.3) - https:\/\/yoast.com\/product\/yoast-seo-premium-wordpress\/ -->\n<title>Tengri \u2013 himnagu\u00f0 steppu\u00fej\u00f3\u00f0a, go\u00f0saga og heimildir<\/title>\n<meta name=\"description\" content=\"Tengri er hinn eil\u00edfi himnagu\u00f0 tyrk\u00edsk-mong\u00f3lskra og s\u00edber\u00edskra Tengrista. Umfj\u00f6llun um go\u00f0s\u00f6gu, d\u00fdrkun og heimildir.\" \/>\n<meta name=\"robots\" content=\"index, follow, max-snippet:-1, max-image-preview:large, max-video-preview:-1\" \/>\n<link rel=\"canonical\" href=\"https:\/\/iwell-guard.com\/is\/tengri-himnagud-tengrista\/\" \/>\n<meta property=\"og:locale\" content=\"is_IS\" \/>\n<meta property=\"og:type\" content=\"article\" \/>\n<meta property=\"og:title\" content=\"Tengri \u2013 himnagu\u00f0 Tengrista\" \/>\n<meta property=\"og:description\" content=\"Tengri er hinn eil\u00edfi himnagu\u00f0 tyrk\u00edsk-mong\u00f3lskra og s\u00edber\u00edskra Tengrista. Umfj\u00f6llun um go\u00f0s\u00f6gu, d\u00fdrkun og heimildir.\" \/>\n<meta property=\"og:url\" content=\"https:\/\/iwell-guard.com\/is\/tengri-himnagud-tengrista\/\" \/>\n<meta property=\"og:site_name\" content=\"iWell Guard\" \/>\n<meta property=\"article:modified_time\" content=\"2026-09-05T14:28:48+00:00\" \/>\n<meta property=\"og:image\" content=\"https:\/\/iwell-guard.com\/wp-content\/uploads\/2026\/05\/goetter_sibirisch-tengrismus_tengri.webp\" \/>\n\t<meta property=\"og:image:width\" content=\"1024\" \/>\n\t<meta property=\"og:image:height\" content=\"1536\" \/>\n\t<meta property=\"og:image:type\" content=\"image\/webp\" \/>\n<meta name=\"twitter:card\" content=\"summary_large_image\" \/>\n<script type=\"application\/ld+json\" class=\"yoast-schema-graph\">{\"@context\":\"https:\\\/\\\/schema.org\",\"@graph\":[{\"@type\":\"WebPage\",\"@id\":\"https:\\\/\\\/iwell-guard.com\\\/is\\\/tengri-himnagud-tengrista\\\/\",\"url\":\"https:\\\/\\\/iwell-guard.com\\\/is\\\/tengri-himnagud-tengrista\\\/\",\"name\":\"Tengri \u2013 himnagu\u00f0 steppu\u00fej\u00f3\u00f0a, go\u00f0saga og heimildir\",\"isPartOf\":{\"@id\":\"https:\\\/\\\/iwell-guard.com\\\/is\\\/#website\"},\"primaryImageOfPage\":{\"@id\":\"https:\\\/\\\/iwell-guard.com\\\/is\\\/tengri-himnagud-tengrista\\\/#primaryimage\"},\"image\":{\"@id\":\"https:\\\/\\\/iwell-guard.com\\\/is\\\/tengri-himnagud-tengrista\\\/#primaryimage\"},\"thumbnailUrl\":\"https:\\\/\\\/iwell-guard.com\\\/wp-content\\\/uploads\\\/2026\\\/05\\\/goetter_sibirisch-tengrismus_tengri.webp\",\"datePublished\":\"2026-09-05T14:04:33+00:00\",\"dateModified\":\"2026-09-05T14:28:48+00:00\",\"description\":\"Tengri er hinn eil\u00edfi himnagu\u00f0 tyrk\u00edsk-mong\u00f3lskra og s\u00edber\u00edskra Tengrista. Umfj\u00f6llun um go\u00f0s\u00f6gu, d\u00fdrkun og heimildir.\",\"breadcrumb\":{\"@id\":\"https:\\\/\\\/iwell-guard.com\\\/is\\\/tengri-himnagud-tengrista\\\/#breadcrumb\"},\"inLanguage\":\"is\",\"potentialAction\":[{\"@type\":\"ReadAction\",\"target\":[\"https:\\\/\\\/iwell-guard.com\\\/is\\\/tengri-himnagud-tengrista\\\/\"]}]},{\"@type\":\"ImageObject\",\"inLanguage\":\"is\",\"@id\":\"https:\\\/\\\/iwell-guard.com\\\/is\\\/tengri-himnagud-tengrista\\\/#primaryimage\",\"url\":\"https:\\\/\\\/iwell-guard.com\\\/wp-content\\\/uploads\\\/2026\\\/05\\\/goetter_sibirisch-tengrismus_tengri.webp\",\"contentUrl\":\"https:\\\/\\\/iwell-guard.com\\\/wp-content\\\/uploads\\\/2026\\\/05\\\/goetter_sibirisch-tengrismus_tengri.webp\",\"width\":1024,\"height\":1536,\"caption\":\"Gu\u00f0 \u00far hef\u00f0 s\u00edber\u00edsks tengrisma.\"},{\"@type\":\"BreadcrumbList\",\"@id\":\"https:\\\/\\\/iwell-guard.com\\\/is\\\/tengri-himnagud-tengrista\\\/#breadcrumb\",\"itemListElement\":[{\"@type\":\"ListItem\",\"position\":1,\"name\":\"Start\",\"item\":\"https:\\\/\\\/iwell-guard.com\\\/is\\\/?page_id=168580\"},{\"@type\":\"ListItem\",\"position\":2,\"name\":\"Tengri \u2013 himnagu\u00f0 Tengrista\"}]},{\"@type\":\"WebSite\",\"@id\":\"https:\\\/\\\/iwell-guard.com\\\/is\\\/#website\",\"url\":\"https:\\\/\\\/iwell-guard.com\\\/is\\\/\",\"name\":\"iWell Guard\",\"description\":\"Schutz vor dunklen Einfl\u00fcssen\",\"publisher\":{\"@id\":\"https:\\\/\\\/iwell-guard.com\\\/is\\\/#organization\"},\"potentialAction\":[{\"@type\":\"SearchAction\",\"target\":{\"@type\":\"EntryPoint\",\"urlTemplate\":\"https:\\\/\\\/iwell-guard.com\\\/is\\\/?s={search_term_string}\"},\"query-input\":{\"@type\":\"PropertyValueSpecification\",\"valueRequired\":true,\"valueName\":\"search_term_string\"}}],\"inLanguage\":\"is\"},{\"@type\":\"Organization\",\"@id\":\"https:\\\/\\\/iwell-guard.com\\\/is\\\/#organization\",\"name\":\"Ittermann electronic GmbH\",\"url\":\"https:\\\/\\\/iwell-guard.com\\\/is\\\/\",\"logo\":{\"@type\":\"ImageObject\",\"inLanguage\":\"is\",\"@id\":\"https:\\\/\\\/iwell-guard.com\\\/is\\\/#\\\/schema\\\/logo\\\/image\\\/\",\"url\":\"https:\\\/\\\/iwell-guard.com\\\/wp-content\\\/uploads\\\/2026\\\/05\\\/Ittermann-Logo-1182x237-1.png\",\"contentUrl\":\"https:\\\/\\\/iwell-guard.com\\\/wp-content\\\/uploads\\\/2026\\\/05\\\/Ittermann-Logo-1182x237-1.png\",\"width\":1182,\"height\":237,\"caption\":\"Ittermann electronic GmbH\"},\"image\":{\"@id\":\"https:\\\/\\\/iwell-guard.com\\\/is\\\/#\\\/schema\\\/logo\\\/image\\\/\"},\"sameAs\":[\"https:\\\/\\\/pantip.com\\\/profile\\\/9367242\",\"https:\\\/\\\/micro.blog\\\/iwellguard\",\"https:\\\/\\\/www.diggerslist.com\\\/iwellguard\\\/about\",\"https:\\\/\\\/skitterphoto.com\\\/photographers\\\/2870314\\\/iwell-guard\",\"https:\\\/\\\/iwellguard.wordpress.com\\\/2026\\\/06\\\/06\\\/iwell-guard\\\/\",\"https:\\\/\\\/hub.docker.com\\\/u\\\/iwellguard\",\"https:\\\/\\\/www.pinterest.com\\\/iwellguard\\\/\",\"https:\\\/\\\/bit.ly\\\/m\\\/iwellguard\",\"https:\\\/\\\/entre-vos-mains.alsace.eu\\\/profiles\\\/iwellguard\\\/activity\",\"https:\\\/\\\/gravatar.com\\\/reallybeded8fd34\",\"https:\\\/\\\/naijamatta.com\\\/iwellguard\",\"https:\\\/\\\/www.goodreads.com\\\/iwellguard\",\"https:\\\/\\\/profile.hatena.ne.jp\\\/iwellguard\\\/\",\"https:\\\/\\\/experiment.com\\\/users\\\/iwellguard\",\"https:\\\/\\\/wakelet.com\\\/@iWellGuard82270\",\"https:\\\/\\\/www.chordie.com\\\/forum\\\/profile.php?id=2555664\",\"https:\\\/\\\/www.instapaper.com\\\/p\\\/17757966\",\"https:\\\/\\\/www.mapleprimes.com\\\/users\\\/iwellguard\",\"https:\\\/\\\/businesslistingplus.com\\\/profile\\\/iwell-guard\\\/\",\"https:\\\/\\\/telegra.ph\\\/iWell-Guard-06-06\",\"https:\\\/\\\/pbase.com\\\/iwellguard\\\/iwellguard\",\"https:\\\/\\\/b.hatena.ne.jp\\\/iwellguard\\\/20260607#bookmark-4788405196491818882\",\"https:\\\/\\\/fliphtml5.com\\\/home\\\/iwellguard\",\"https:\\\/\\\/anyflip.com\\\/homepage\\\/cmiwl#About\",\"https:\\\/\\\/transfur.com\\\/Users\\\/iwellguard\",\"http:\\\/\\\/delphi.larsbo.org\\\/user\\\/iwellguard\",\"https:\\\/\\\/jobs.lajobsportal.org\\\/profiles\\\/8380803-iwell-guard\",\"https:\\\/\\\/md.chaosdorf.de\\\/s\\\/jfbe5SBdJD\",\"https:\\\/\\\/www.lingvolive.com\\\/en-us\\\/profile\\\/9ecaeaca-ce11-4e51-9e71-01d55e2bff36\\\/translations\",\"https:\\\/\\\/www.fitday.com\\\/fitness\\\/forums\\\/members\\\/iwellguard.html\",\"https:\\\/\\\/www.mymeetbook.com\\\/iwellguard\",\"https:\\\/\\\/pxhere.com\\\/en\\\/photographer-me\\\/5040798\",\"https:\\\/\\\/disqus.com\\\/by\\\/iwellguard\\\/about\\\/\",\"https:\\\/\\\/pastelink.net\\\/hjwciqwq\",\"https:\\\/\\\/pubhtml5.com\\\/homepage\\\/scjhn\\\/\",\"https:\\\/\\\/www.bitchute.com\\\/channel\\\/2O2eOKzNqujT\",\"https:\\\/\\\/audiomack.com\\\/iwellguard\"]}]}<\/script>\n<!-- \/ Yoast SEO Premium plugin. -->","yoast_head_json":{"title":"Tengri \u2013 himnagu\u00f0 steppu\u00fej\u00f3\u00f0a, go\u00f0saga og heimildir","description":"Tengri er hinn eil\u00edfi himnagu\u00f0 tyrk\u00edsk-mong\u00f3lskra og s\u00edber\u00edskra Tengrista. Umfj\u00f6llun um go\u00f0s\u00f6gu, d\u00fdrkun og heimildir.","robots":{"index":"index","follow":"follow","max-snippet":"max-snippet:-1","max-image-preview":"max-image-preview:large","max-video-preview":"max-video-preview:-1"},"canonical":"https:\/\/iwell-guard.com\/is\/tengri-himnagud-tengrista\/","og_locale":"is_IS","og_type":"article","og_title":"Tengri \u2013 himnagu\u00f0 Tengrista","og_description":"Tengri er hinn eil\u00edfi himnagu\u00f0 tyrk\u00edsk-mong\u00f3lskra og s\u00edber\u00edskra Tengrista. Umfj\u00f6llun um go\u00f0s\u00f6gu, d\u00fdrkun og heimildir.","og_url":"https:\/\/iwell-guard.com\/is\/tengri-himnagud-tengrista\/","og_site_name":"iWell Guard","article_modified_time":"2026-09-05T14:28:48+00:00","og_image":[{"width":1024,"height":1536,"url":"https:\/\/iwell-guard.com\/wp-content\/uploads\/2026\/05\/goetter_sibirisch-tengrismus_tengri.webp","type":"image\/webp"}],"twitter_card":"summary_large_image","schema":{"@context":"https:\/\/schema.org","@graph":[{"@type":"WebPage","@id":"https:\/\/iwell-guard.com\/is\/tengri-himnagud-tengrista\/","url":"https:\/\/iwell-guard.com\/is\/tengri-himnagud-tengrista\/","name":"Tengri \u2013 himnagu\u00f0 steppu\u00fej\u00f3\u00f0a, go\u00f0saga og heimildir","isPartOf":{"@id":"https:\/\/iwell-guard.com\/is\/#website"},"primaryImageOfPage":{"@id":"https:\/\/iwell-guard.com\/is\/tengri-himnagud-tengrista\/#primaryimage"},"image":{"@id":"https:\/\/iwell-guard.com\/is\/tengri-himnagud-tengrista\/#primaryimage"},"thumbnailUrl":"https:\/\/iwell-guard.com\/wp-content\/uploads\/2026\/05\/goetter_sibirisch-tengrismus_tengri.webp","datePublished":"2026-09-05T14:04:33+00:00","dateModified":"2026-09-05T14:28:48+00:00","description":"Tengri er hinn eil\u00edfi himnagu\u00f0 tyrk\u00edsk-mong\u00f3lskra og s\u00edber\u00edskra Tengrista. Umfj\u00f6llun um go\u00f0s\u00f6gu, d\u00fdrkun og heimildir.","breadcrumb":{"@id":"https:\/\/iwell-guard.com\/is\/tengri-himnagud-tengrista\/#breadcrumb"},"inLanguage":"is","potentialAction":[{"@type":"ReadAction","target":["https:\/\/iwell-guard.com\/is\/tengri-himnagud-tengrista\/"]}]},{"@type":"ImageObject","inLanguage":"is","@id":"https:\/\/iwell-guard.com\/is\/tengri-himnagud-tengrista\/#primaryimage","url":"https:\/\/iwell-guard.com\/wp-content\/uploads\/2026\/05\/goetter_sibirisch-tengrismus_tengri.webp","contentUrl":"https:\/\/iwell-guard.com\/wp-content\/uploads\/2026\/05\/goetter_sibirisch-tengrismus_tengri.webp","width":1024,"height":1536,"caption":"Gu\u00f0 \u00far hef\u00f0 s\u00edber\u00edsks tengrisma."},{"@type":"BreadcrumbList","@id":"https:\/\/iwell-guard.com\/is\/tengri-himnagud-tengrista\/#breadcrumb","itemListElement":[{"@type":"ListItem","position":1,"name":"Start","item":"https:\/\/iwell-guard.com\/is\/?page_id=168580"},{"@type":"ListItem","position":2,"name":"Tengri \u2013 himnagu\u00f0 Tengrista"}]},{"@type":"WebSite","@id":"https:\/\/iwell-guard.com\/is\/#website","url":"https:\/\/iwell-guard.com\/is\/","name":"iWell Guard","description":"Schutz vor dunklen Einfl\u00fcssen","publisher":{"@id":"https:\/\/iwell-guard.com\/is\/#organization"},"potentialAction":[{"@type":"SearchAction","target":{"@type":"EntryPoint","urlTemplate":"https:\/\/iwell-guard.com\/is\/?s={search_term_string}"},"query-input":{"@type":"PropertyValueSpecification","valueRequired":true,"valueName":"search_term_string"}}],"inLanguage":"is"},{"@type":"Organization","@id":"https:\/\/iwell-guard.com\/is\/#organization","name":"Ittermann electronic GmbH","url":"https:\/\/iwell-guard.com\/is\/","logo":{"@type":"ImageObject","inLanguage":"is","@id":"https:\/\/iwell-guard.com\/is\/#\/schema\/logo\/image\/","url":"https:\/\/iwell-guard.com\/wp-content\/uploads\/2026\/05\/Ittermann-Logo-1182x237-1.png","contentUrl":"https:\/\/iwell-guard.com\/wp-content\/uploads\/2026\/05\/Ittermann-Logo-1182x237-1.png","width":1182,"height":237,"caption":"Ittermann electronic GmbH"},"image":{"@id":"https:\/\/iwell-guard.com\/is\/#\/schema\/logo\/image\/"},"sameAs":["https:\/\/pantip.com\/profile\/9367242","https:\/\/micro.blog\/iwellguard","https:\/\/www.diggerslist.com\/iwellguard\/about","https:\/\/skitterphoto.com\/photographers\/2870314\/iwell-guard","https:\/\/iwellguard.wordpress.com\/2026\/06\/06\/iwell-guard\/","https:\/\/hub.docker.com\/u\/iwellguard","https:\/\/www.pinterest.com\/iwellguard\/","https:\/\/bit.ly\/m\/iwellguard","https:\/\/entre-vos-mains.alsace.eu\/profiles\/iwellguard\/activity","https:\/\/gravatar.com\/reallybeded8fd34","https:\/\/naijamatta.com\/iwellguard","https:\/\/www.goodreads.com\/iwellguard","https:\/\/profile.hatena.ne.jp\/iwellguard\/","https:\/\/experiment.com\/users\/iwellguard","https:\/\/wakelet.com\/@iWellGuard82270","https:\/\/www.chordie.com\/forum\/profile.php?id=2555664","https:\/\/www.instapaper.com\/p\/17757966","https:\/\/www.mapleprimes.com\/users\/iwellguard","https:\/\/businesslistingplus.com\/profile\/iwell-guard\/","https:\/\/telegra.ph\/iWell-Guard-06-06","https:\/\/pbase.com\/iwellguard\/iwellguard","https:\/\/b.hatena.ne.jp\/iwellguard\/20260607#bookmark-4788405196491818882","https:\/\/fliphtml5.com\/home\/iwellguard","https:\/\/anyflip.com\/homepage\/cmiwl#About","https:\/\/transfur.com\/Users\/iwellguard","http:\/\/delphi.larsbo.org\/user\/iwellguard","https:\/\/jobs.lajobsportal.org\/profiles\/8380803-iwell-guard","https:\/\/md.chaosdorf.de\/s\/jfbe5SBdJD","https:\/\/www.lingvolive.com\/en-us\/profile\/9ecaeaca-ce11-4e51-9e71-01d55e2bff36\/translations","https:\/\/www.fitday.com\/fitness\/forums\/members\/iwellguard.html","https:\/\/www.mymeetbook.com\/iwellguard","https:\/\/pxhere.com\/en\/photographer-me\/5040798","https:\/\/disqus.com\/by\/iwellguard\/about\/","https:\/\/pastelink.net\/hjwciqwq","https:\/\/pubhtml5.com\/homepage\/scjhn\/","https:\/\/www.bitchute.com\/channel\/2O2eOKzNqujT","https:\/\/audiomack.com\/iwellguard"]}]}},"_links":{"self":[{"href":"https:\/\/iwell-guard.com\/is\/wp-json\/wp\/v2\/pages\/168980","targetHints":{"allow":["GET"]}}],"collection":[{"href":"https:\/\/iwell-guard.com\/is\/wp-json\/wp\/v2\/pages"}],"about":[{"href":"https:\/\/iwell-guard.com\/is\/wp-json\/wp\/v2\/types\/page"}],"author":[{"embeddable":true,"href":"https:\/\/iwell-guard.com\/is\/wp-json\/wp\/v2\/users\/3"}],"replies":[{"embeddable":true,"href":"https:\/\/iwell-guard.com\/is\/wp-json\/wp\/v2\/comments?post=168980"}],"version-history":[{"count":0,"href":"https:\/\/iwell-guard.com\/is\/wp-json\/wp\/v2\/pages\/168980\/revisions"}],"wp:featuredmedia":[{"embeddable":true,"href":"https:\/\/iwell-guard.com\/is\/wp-json\/wp\/v2\/media\/2857"}],"wp:attachment":[{"href":"https:\/\/iwell-guard.com\/is\/wp-json\/wp\/v2\/media?parent=168980"}],"wp:term":[{"taxonomy":"category","embeddable":true,"href":"https:\/\/iwell-guard.com\/is\/wp-json\/wp\/v2\/categories?post=168980"}],"curies":[{"name":"wp","href":"https:\/\/api.w.org\/{rel}","templated":true}]}}