{"id":168979,"date":"2026-09-05T14:04:33","date_gmt":"2026-09-05T14:04:33","guid":{"rendered":"https:\/\/iwell-guard.com\/?page_id=168979"},"modified":"2026-09-05T14:28:48","modified_gmt":"2026-09-05T14:28:48","slug":"umai-modir-og-barnagydja-tyrkja","status":"publish","type":"page","link":"https:\/\/iwell-guard.com\/is\/umai-modir-og-barnagydja-tyrkja\/","title":{"rendered":"Umai \u2013 m\u00f3\u00f0ur- og barnagy\u00f0ja Tyrkja"},"content":{"rendered":"\t\t<div data-elementor-type=\"wp-page\" data-elementor-id=\"168979\" class=\"elementor elementor-168979 elementor-2635 elementor-bc-flex-widget\" data-elementor-post-type=\"page\">\n\t\t\t\t<div class=\"elementor-element elementor-element-iwgw-umai-hero e-flex e-con-boxed e-con e-parent\" data-id=\"iwgw-umai-hero\" data-element_type=\"container\" data-e-type=\"container\" data-settings=\"{&quot;background_background&quot;:&quot;classic&quot;}\">\n\t\t\t\t\t<div class=\"e-con-inner\">\n\t\t<div class=\"elementor-element elementor-element-iwgw-umai-hl e-flex e-con-boxed e-con e-child\" data-id=\"iwgw-umai-hl\" data-element_type=\"container\" data-e-type=\"container\">\n\t\t\t\t\t<div class=\"e-con-inner\">\n\t\t<div class=\"elementor-element elementor-element-iwgw-umai-htxt e-con-full e-flex e-con e-child\" data-id=\"iwgw-umai-htxt\" data-element_type=\"container\" data-e-type=\"container\">\n\t\t\t\t<div class=\"elementor-element elementor-element-iwgw-umai-h1 elementor-widget elementor-widget-heading\" data-id=\"iwgw-umai-h1\" data-element_type=\"widget\" data-e-type=\"widget\" data-widget_type=\"heading.default\">\n\t\t\t\t\t<h1 class=\"elementor-heading-title elementor-size-default\">Umai, tyrknesk-s\u00edber\u00edsk verndargy\u00f0ja m\u00e6\u00f0ra og n\u00fdf\u00e6ddra barna<\/h1>\t\t\t\t<\/div>\n\t\t\t\t<div class=\"elementor-element elementor-element-iwgw-umai-lead elementor-widget elementor-widget-text-editor\" data-id=\"iwgw-umai-lead\" data-element_type=\"widget\" data-e-type=\"widget\" data-widget_type=\"text-editor.default\">\n\t\t\t\t\t\t\t\t\t<p>Umai er m\u00f3\u00f0ur- og barnagy\u00f0ja tyrknesk-s\u00edber\u00edska tr\u00faarsv\u00e6\u00f0isins. Nafn hennar merkir jafnframt fylgjuna; h\u00fan verndar \u00feunga\u00f0ar konur, n\u00fdbura og sm\u00e1b\u00f6rn og stendur vi\u00f0 hli\u00f0 sjamana og lj\u00f3sm\u00e6\u00f0ra sem pers\u00f3nuleg hj\u00e1lpargy\u00f0ja.<\/p>\t\t\t\t\t\t\t\t<\/div>\n\t\t\t\t<\/div>\n\t\t<div class=\"elementor-element elementor-element-iwgw-umai-pillc e-con-full e-flex e-con e-child\" data-id=\"iwgw-umai-pillc\" data-element_type=\"container\" data-e-type=\"container\">\n\t\t\t\t<div class=\"elementor-element elementor-element-iwgw-umai-pills elementor-widget elementor-widget-html\" data-id=\"iwgw-umai-pills\" data-element_type=\"widget\" data-e-type=\"widget\" data-widget_type=\"html.default\">\n\t\t\t\t\t<div class=\"iwg-pill-row\"><span class=\"iwg-klasse-badge\" tabindex=\"0\" data-tooltip=\"Gy\u00f0ja hef\u00f0ar S\u00edber\u00edu \/ tengrisma.\">Gy\u00f0ja<\/span><a href=\"https:\/\/iwell-guard.com\/is\/siberiskur-sjamanismi-tengrismi\/\" class=\"iwg-kultur-badge\" tabindex=\"0\" data-tooltip=\"Go\u00f0afr\u00e6\u00f0i hef\u00f0ar S\u00edber\u00edu \/ tengrisma.\">S\u00edber\u00eda \/ tengrismi<\/a><span class=\"iwg-tradition-badge\" tabindex=\"0\" data-tooltip=\"Verndargy\u00f0ja.\">Verndargy\u00f0ja<\/span><\/div>\t\t\t\t<\/div>\n\t\t\t\t<\/div>\n\t\t<div class=\"elementor-element elementor-element-iwgw-umai-tocc e-con-full e-flex e-con e-child\" data-id=\"iwgw-umai-tocc\" data-element_type=\"container\" data-e-type=\"container\">\n\t\t\t\t<div class=\"elementor-element elementor-element-iwgw-umai-toc elementor-toc--minimized-on-tablet elementor-widget elementor-widget-table-of-contents\" data-id=\"iwgw-umai-toc\" data-element_type=\"widget\" data-e-type=\"widget\" data-settings=\"{&quot;headings_by_tags&quot;:[&quot;h2&quot;,&quot;h3&quot;],&quot;minimize_box&quot;:&quot;yes&quot;,&quot;marker_view&quot;:&quot;bullets&quot;,&quot;no_headings_message&quot;:&quot;Engar undirfyrirsagnir fundust \\u00e1 \\u00feessari s\\u00ed\\u00f0u.&quot;,&quot;exclude_headings_by_selector&quot;:[],&quot;icon&quot;:{&quot;value&quot;:&quot;fas fa-circle&quot;,&quot;library&quot;:&quot;fa-solid&quot;,&quot;rendered_tag&quot;:&quot;&lt;svg class=\\&quot;e-font-icon-svg e-fas-circle\\&quot; viewBox=\\&quot;0 0 512 512\\&quot; xmlns=\\&quot;http:\\\/\\\/www.w3.org\\\/2000\\\/svg\\&quot;&gt;&lt;path d=\\&quot;M256 8C119 8 8 119 8 256s111 248 248 248 248-111 248-248S393 8 256 8z\\&quot;&gt;&lt;\\\/path&gt;&lt;\\\/svg&gt;&quot;},&quot;minimized_on&quot;:&quot;tablet&quot;,&quot;hierarchical_view&quot;:&quot;yes&quot;,&quot;min_height&quot;:{&quot;unit&quot;:&quot;px&quot;,&quot;size&quot;:&quot;&quot;,&quot;sizes&quot;:[]},&quot;min_height_tablet&quot;:{&quot;unit&quot;:&quot;px&quot;,&quot;size&quot;:&quot;&quot;,&quot;sizes&quot;:[]},&quot;min_height_mobile&quot;:{&quot;unit&quot;:&quot;px&quot;,&quot;size&quot;:&quot;&quot;,&quot;sizes&quot;:[]}}\" data-widget_type=\"table-of-contents.default\">\n\t\t\t\t\t\t\t\t\t<div class=\"elementor-toc__header\">\n\t\t\t\t\t\t<h2 class=\"elementor-toc__header-title\">\n\t\t\t\tEfnisyfirlit\t\t\t<\/h2>\n\t\t\t\t\t\t\t\t\t\t<div class=\"elementor-toc__toggle-button elementor-toc__toggle-button--expand\" role=\"button\" tabindex=\"0\" aria-controls=\"elementor-toc__iwgw-umai-toc\" aria-expanded=\"true\" aria-label=\"Open table of contents\"><svg aria-hidden=\"true\" class=\"e-font-icon-svg e-fas-chevron-down\" viewBox=\"0 0 448 512\" xmlns=\"http:\/\/www.w3.org\/2000\/svg\"><path d=\"M207.029 381.476L12.686 187.132c-9.373-9.373-9.373-24.569 0-33.941l22.667-22.667c9.357-9.357 24.522-9.375 33.901-.04L224 284.505l154.745-154.021c9.379-9.335 24.544-9.317 33.901.04l22.667 22.667c9.373 9.373 9.373 24.569 0 33.941L240.971 381.476c-9.373 9.372-24.569 9.372-33.942 0z\"><\/path><\/svg><\/div>\n\t\t\t\t<div class=\"elementor-toc__toggle-button elementor-toc__toggle-button--collapse\" role=\"button\" tabindex=\"0\" aria-controls=\"elementor-toc__iwgw-umai-toc\" aria-expanded=\"true\" aria-label=\"Close table of contents\"><svg aria-hidden=\"true\" class=\"e-font-icon-svg e-fas-chevron-up\" viewBox=\"0 0 448 512\" xmlns=\"http:\/\/www.w3.org\/2000\/svg\"><path d=\"M240.971 130.524l194.343 194.343c9.373 9.373 9.373 24.569 0 33.941l-22.667 22.667c-9.357 9.357-24.522 9.375-33.901.04L224 227.495 69.255 381.516c-9.379 9.335-24.544 9.317-33.901-.04l-22.667-22.667c-9.373-9.373-9.373-24.569 0-33.941L207.03 130.525c9.372-9.373 24.568-9.373 33.941-.001z\"><\/path><\/svg><\/div>\n\t\t\t\t\t<\/div>\n\t\t\t\t<div id=\"elementor-toc__iwgw-umai-toc\" class=\"elementor-toc__body\">\n\t\t\t<div class=\"elementor-toc__spinner-container\">\n\t\t\t\t<svg class=\"elementor-toc__spinner eicon-animation-spin e-font-icon-svg e-eicon-loading\" aria-hidden=\"true\" viewBox=\"0 0 1000 1000\" xmlns=\"http:\/\/www.w3.org\/2000\/svg\"><path d=\"M500 975V858C696 858 858 696 858 500S696 142 500 142 142 304 142 500H25C25 237 238 25 500 25S975 237 975 500 763 975 500 975Z\"><\/path><\/svg>\t\t\t<\/div>\n\t\t<\/div>\n\t\t\t\t\t\t<\/div>\n\t\t\t\t<\/div>\n\t\t\t\t\t<\/div>\n\t\t\t\t<\/div>\n\t\t<div class=\"elementor-element elementor-element-iwgw-umai-hr e-con-full e-flex e-con e-child\" data-id=\"iwgw-umai-hr\" data-element_type=\"container\" data-e-type=\"container\">\n\t\t\t\t<div class=\"elementor-element elementor-element-iwgw-umai-heroimg iwg-hero-image elementor-widget elementor-widget-image\" data-id=\"iwgw-umai-heroimg\" data-element_type=\"widget\" data-e-type=\"widget\" data-widget_type=\"image.default\">\n\t\t\t\t\t\t\t\t\t\t\t\t\t\t\t<img fetchpriority=\"high\" decoding=\"async\" width=\"683\" height=\"1024\" src=\"https:\/\/iwell-guard.com\/wp-content\/uploads\/2026\/05\/goetter_sibirisch-tengrismus_umai-683x1024.webp\" class=\"attachment-large size-large wp-image-170798\" alt=\"Umai - gu\u00f0 \u00far s\u00edber\u00edsk-tengrismahef\u00f0inni, s\u00f6guleg-myndr\u00e6n framsetning\" srcset=\"https:\/\/iwell-guard.com\/wp-content\/uploads\/2026\/05\/goetter_sibirisch-tengrismus_umai-683x1024.webp 683w, https:\/\/iwell-guard.com\/wp-content\/uploads\/2026\/05\/goetter_sibirisch-tengrismus_umai-200x300.webp 200w, https:\/\/iwell-guard.com\/wp-content\/uploads\/2026\/05\/goetter_sibirisch-tengrismus_umai-768x1152.webp 768w, https:\/\/iwell-guard.com\/wp-content\/uploads\/2026\/05\/goetter_sibirisch-tengrismus_umai.webp 1024w\" sizes=\"(max-width: 683px) 100vw, 683px\" \/>\t\t\t\t\t\t\t\t\t\t\t\t\t\t\t<\/div>\n\t\t\t\t<\/div>\n\t\t\t\t\t<\/div>\n\t\t\t\t<\/div>\n\t\t\t\t<section class=\"elementor-section elementor-top-section elementor-element elementor-element-sec-iwgcomp2-umai elementor-section-boxed elementor-section-height-default elementor-section-height-default\" data-id=\"sec-iwgcomp2-umai\" data-element_type=\"section\" data-e-type=\"section\">\n\t\t\t\t\t\t<div class=\"elementor-container elementor-column-gap-default\">\n\t\t\t\t\t<div class=\"elementor-column elementor-col-100 elementor-top-column elementor-element elementor-element-col-iwgcomp2-umai\" data-id=\"col-iwgcomp2-umai\" data-element_type=\"column\" data-e-type=\"column\">\n\t\t\t<div class=\"elementor-widget-wrap elementor-element-populated\">\n\t\t\t\t\t\t<div class=\"elementor-element elementor-element-iwgcomp2-umai elementor-widget elementor-widget-text-editor\" data-id=\"iwgcomp2-umai\" data-element_type=\"widget\" data-e-type=\"widget\" data-widget_type=\"text-editor.default\">\n\t\t\t\t\t\t\t\t\t<p>Umai er talin <strong>tyrknesk-s\u00edber\u00edsk<\/strong> verndargy\u00f0ja barna og f\u00e6\u00f0ingarhj\u00e1lparkona. <span class=\"iwg-fachbegriff\" data-tooltip=\"Heild tr\u00faarlegra tilbei\u00f0sluathafna sem tengjast gu\u00f0i e\u00f0a heilagri v\u00e6ttu.\" tabindex=\"0\">D\u00fdrkun<\/span> hennar er sta\u00f0fest \u00ed mong\u00f3lsk-tyrkneskum heimildum fr\u00e1 8. \u00f6ld. <span class=\"iwg-fachbegriff\" data-tooltip=\"Heild tr\u00faarlegra tilbei\u00f0sluathafna sem tengjast gu\u00f0i e\u00f0a heilagri v\u00e6ttu.\" tabindex=\"0\">D\u00fdrkun<\/span> hennar er sta\u00f0fest \u00ed mong\u00f3lsk-tyrkneskum heimildum fr\u00e1 8. \u00f6ld.<\/p>\t\t\t\t\t\t\t\t<\/div>\n\t\t\t\t\t<\/div>\n\t\t<\/div>\n\t\t\t\t\t<\/div>\n\t\t<\/section>\n\t\t<div class=\"elementor-element elementor-element-iwgw-umai-s0 e-flex e-con-boxed e-con e-parent\" data-id=\"iwgw-umai-s0\" data-element_type=\"container\" data-e-type=\"container\">\n\t\t\t\t\t<div class=\"e-con-inner\">\n\t\t\t\t<div class=\"elementor-element elementor-element-iwgw-umai-s0h elementor-widget elementor-widget-heading\" data-id=\"iwgw-umai-s0h\" data-element_type=\"widget\" data-e-type=\"widget\" data-widget_type=\"heading.default\">\n\t\t\t\t\t<h2 class=\"elementor-heading-title elementor-size-default\">Greining og skammrit<\/h2>\t\t\t\t<\/div>\n\t\t<div class=\"elementor-element elementor-element-iwgw-umai-s0c e-con-full e-flex e-con e-child\" data-id=\"iwgw-umai-s0c\" data-element_type=\"container\" data-e-type=\"container\">\n\t\t\t\t<div class=\"elementor-element elementor-element-iwgw-umai-s0t elementor-widget elementor-widget-text-editor\" data-id=\"iwgw-umai-s0t\" data-element_type=\"widget\" data-e-type=\"widget\" data-widget_type=\"text-editor.default\">\n\t\t\t\t\t\t\t\t\t<p>Umai (einnig Omai, Omoj, Umaj, May-Ene) er ein af f\u00e1um kvenkyns \u00e6\u00f0ri gu\u00f0um \u00ed hinum forna tengrisma sem eru sk\u00fdrt skjalfestar allt fr\u00e1 t\u00edmum fyrir \u00edslamskan t\u00edma. \u00c1 me\u00f0an <a href=\"https:\/\/iwell-guard.com\/is\/?page_id=168980\">Tengri<\/a> er hinn fjarl\u00e6gi himingu\u00f0 sem tryggir undirliggjandi skipan, er Umai \u00e1\u00fereifanlegt verndarvald \u00ed hinu fj\u00f6lskyldulega umhverfi: h\u00fan vakir yfir f\u00e6\u00f0ingu, svefni ungbarna og fyrsta \u00e6vi\u00e1rinu.<\/p><p>Heimildir n\u00e1 fr\u00e1 fornu tyrknesku Orkhon-\u00e1letrununum fr\u00e1 8. \u00f6ld (Tonyukuk-<span class=\"iwg-fachbegriff\" data-tooltip=\"Texti sem hefur veri\u00f0 rist e\u00f0a greyptur \u00e1 fastan efnisgrunn.\" tabindex=\"0\">\u00e1letrun<\/span>) yfir jak\u00fatneskar, alta\u00edskar og khakassneskar \u00fej\u00f3\u00f0fr\u00e6\u00f0ilegar ranns\u00f3knir fr\u00e1 19. og 20. \u00f6ld til n\u00fat\u00edmalegrar endurvakningar \u00ed T\u00favu og Kasakstan. Innan menningarsv\u00e6\u00f0isins <a href=\"https:\/\/iwell-guard.com\/is\/siberiskur-sjamanismi-tengrismi\/\">S\u00edber\u00edsk-tengr\u00edsk hef\u00f0<\/a> er h\u00fan hin mi\u00f0l\u00e6ga m\u00f3\u00f0ur\u00edmynd og stendur \u00ed starfs\u00ferunginni tengingu vi\u00f0 <a href=\"https:\/\/iwell-guard.com\/is\/?page_id=168986\">Ajysyt<\/a>, jak\u00fatnesku f\u00e6\u00f0ingargy\u00f0juna.<\/p><p>Umai er s\u00e9rstaklega \u00e1hugaver\u00f0 fr\u00e1 tr\u00faarbrag\u00f0afr\u00e6\u00f0ilegu sj\u00f3narhorni \u00fev\u00ed h\u00fan skapar sjaldg\u00e6fa tengingu milli abstrakts alheimslegs m\u00f3\u00f0urhlutverks og \u00e1\u00fereifanlegs l\u00edff\u00e6ralegs efnis: or\u00f0i\u00f0 <em>umai<\/em> merkir or\u00f0r\u00e9tt \u201efylgja\u201c. \u00deannig ver\u00f0ur l\u00edkamshluti sj\u00e1lfur a\u00f0 b\u00fasta\u00f0 <span class=\"iwg-fachbegriff\" data-tooltip=\"Vera sem er d\u00fdrku\u00f0 sem gu\u00f0leg innan tr\u00faarbrag\u00f0a.\" tabindex=\"0\">gu\u00f0d\u00f3msins<\/span>, sem minnir \u00e1 tr\u00faarlega hla\u00f0na merkingu l\u00edff\u00e6rafr\u00e6\u00f0ilegra fyrirb\u00e6ra \u00ed m\u00f6rgum \u00f6\u00f0rum menningarheimum.<\/p>\t\t\t\t\t\t\t\t<\/div>\n\t\t\t\t<\/div>\n\t\t\t\t\t<\/div>\n\t\t\t\t<\/div>\n\t\t<div class=\"elementor-element elementor-element-iwgw-umai-s1 e-flex e-con-boxed e-con e-parent\" data-id=\"iwgw-umai-s1\" data-element_type=\"container\" data-e-type=\"container\">\n\t\t\t\t\t<div class=\"e-con-inner\">\n\t\t\t\t<div class=\"elementor-element elementor-element-iwgw-umai-s1h elementor-widget elementor-widget-heading\" data-id=\"iwgw-umai-s1h\" data-element_type=\"widget\" data-e-type=\"widget\" data-widget_type=\"heading.default\">\n\t\t\t\t\t<h2 class=\"elementor-heading-title elementor-size-default\">Nafn og or\u00f0sifjar<\/h2>\t\t\t\t<\/div>\n\t\t<div class=\"elementor-element elementor-element-iwgw-umai-s1c e-con-full e-flex e-con e-child\" data-id=\"iwgw-umai-s1c\" data-element_type=\"container\" data-e-type=\"container\">\n\t\t\t\t<div class=\"elementor-element elementor-element-iwgw-umai-s1t elementor-widget elementor-widget-text-editor\" data-id=\"iwgw-umai-s1t\" data-element_type=\"widget\" data-e-type=\"widget\" data-widget_type=\"text-editor.default\">\n\t\t\t\t\t\t\t\t\t<p>Or\u00f0i\u00f0 <em>umai<\/em> merkir \u00ed fornu tyrknesku b\u00e6\u00f0i \u201efylgja\u201c og \u201everndargu\u00f0d\u00f3mur barna\u201c. \u00deessi tv\u00f6falda merking er lykilatri\u00f0i \u00ed tr\u00faarbrag\u00f0as\u00f6gunni: fylgjan var talin efnislegt hli\u00f0st\u00e6\u00f0a gu\u00f0legrar verndar, sem var ekki fleygt eftir f\u00e6\u00f0inguna heldur l\u00f6g\u00f0 \u00e1 heil\u00f6gum sta\u00f0 (\u00ed tr\u00e9nu, undir \u00fer\u00f6skuldi, vi\u00f0 eldst\u00e6\u00f0i\u00f0).<\/p><p>M\u00e1lfr\u00e6\u00f0ilega er or\u00f0i\u00f0 tali\u00f0 upprunalega forn-tyrkneskt af Gerard Clauson og \u00f6\u00f0rum t\u00fark\u00f3l\u00f3gum, \u00e1n sk\u00fdrra \u00edranskra e\u00f0a pale\u00f3s\u00edber\u00edskra \u00e1hrifa. Me\u00f0al jak\u00fata og b\u00farjata heitir h\u00fan <em>Ymaj<\/em> e\u00f0a <em>Manzan Gormo<\/em> \u00ed svipu\u00f0u hlutverki.<\/p><p>Mong\u00f3lskar heimildir kalla hana <em>Et\u00fcgen Eke<\/em>, \u201em\u00f3\u00f0ir j\u00f6r\u00f0\u201c, sem gefur til kynna hluta samruna vi\u00f0 jar\u00f0gy\u00f0juna; \u00ed \u00feeim samruna f\u00e6rist Umai n\u00e6r <a href=\"https:\/\/iwell-guard.com\/is\/?page_id=168982\">Yer-Sub<\/a>.<\/p><p>K\u00f6kt\u00farka-<span class=\"iwg-fachbegriff\" data-tooltip=\"Texti sem hefur veri\u00f0 rist e\u00f0a greyptur \u00e1 fastan efnisgrunn.\" tabindex=\"0\">\u00e1letrunin<\/span> um Tonyukuk (um 720 e.Kr.) nefnir hana samhli\u00f0a Tengri og Yer-Sub og sta\u00f0festir \u00feannig r\u00edkisbur\u00f0ugt hlutverk hennar \u00ed fyrstu tyrknesku tr\u00faarbr\u00f6g\u00f0unum. Fr\u00e6\u00f0imenn hafa lesi\u00f0 \u00feessa \u00fer\u00ed\u00fe\u00e6ttu \u00e1kallsform\u00falu sem kosm\u00f3l\u00f3g\u00edska \u00ferenningu: himinn, m\u00f3\u00f0ur, j\u00f6r\u00f0-vatn.<\/p>\t\t\t\t\t\t\t\t<\/div>\n\t\t\t\t<\/div>\n\t\t\t\t\t<\/div>\n\t\t\t\t<\/div>\n\t\t<div class=\"elementor-element elementor-element-iwgw-umai-s2 e-flex e-con-boxed e-con e-parent\" data-id=\"iwgw-umai-s2\" data-element_type=\"container\" data-e-type=\"container\">\n\t\t\t\t\t<div class=\"e-con-inner\">\n\t\t\t\t<div class=\"elementor-element elementor-element-iwgw-umai-s2h elementor-widget elementor-widget-heading\" data-id=\"iwgw-umai-s2h\" data-element_type=\"widget\" data-e-type=\"widget\" data-widget_type=\"heading.default\">\n\t\t\t\t\t<h2 class=\"elementor-heading-title elementor-size-default\">L\u00fdsing og myndm\u00e1l<\/h2>\t\t\t\t<\/div>\n\t\t<div class=\"elementor-element elementor-element-iwgw-umai-s2c e-con-full e-flex e-con e-child\" data-id=\"iwgw-umai-s2c\" data-element_type=\"container\" data-e-type=\"container\">\n\t\t\t\t<div class=\"elementor-element elementor-element-iwgw-umai-s2t elementor-widget elementor-widget-text-editor\" data-id=\"iwgw-umai-s2t\" data-element_type=\"widget\" data-e-type=\"widget\" data-widget_type=\"text-editor.default\">\n\t\t\t\t\t\t\t\t\t<p>Umai er hef\u00f0bundi\u00f0 l\u00fdst sem ung kona me\u00f0 langa fl\u00e9ttu og silfurskartgripi. H\u00fan r\u00ed\u00f0ur \u00e1 hv\u00edtum fugli (oft svani), kl\u00e6dd k\u00e1pu \u00fatsauma\u00f0ri me\u00f0 s\u00f3l og m\u00e1na og heldur \u00e1 litlum gullnum boga sem h\u00fan f\u00e6lir illa anda fr\u00e1 barnav\u00f6ggum me\u00f0.<\/p><p>\u00c1 su\u00f0urs\u00edber\u00edskum sjamanatrommum stendur h\u00fan oftast \u00ed efri hlutanum, n\u00e1l\u00e6gt en fyrir ne\u00f0an <a href=\"https:\/\/iwell-guard.com\/is\/?page_id=168983\">\u00dclgen<\/a>.<\/p><p>\u00cd heimilishaldst\u00e1knkerfinu er merki hennar v\u00f6gguvi\u00f0urinn: litlir \u00fatskornir hengjur \u00ed fugla- e\u00f0a bogaformi sem hengdar eru vi\u00f0 v\u00f6gguna. Fyrsta skyrtan n\u00fdburans, oft ger\u00f0 \u00far skyrtu f\u00f6\u00f0urins, telst einnig \u201eUmai-kl\u00e6\u00f0i\u201c. \u00dej\u00f3\u00f0fr\u00e6\u00f0isafn r\u00fassneska \u00fej\u00f3\u00f0minjasafnsins (Sankti P\u00e9tursborg) og \u00fej\u00f3\u00f0fr\u00e6\u00f0isafni\u00f0 \u00ed \u00dalan-\u00dade hafa fj\u00f6lda sl\u00edkra gripa.<\/p><p>\u00cd n\u00fat\u00edma t\u00fav\u00ednskri og kasakskri endurvakningarhreyfingu tengrisma var\u00f0 Umai a\u00f0 menningarlegri \u00edmynd; \u00ed Astana pr\u00fd\u00f0ir mynd hennar brunn. \u00deessi n\u00fat\u00edmalega myndhef\u00f0 byggir \u00e1 hef\u00f0bundnum l\u00fdsingum en skapar, eins og oft gerist \u00ed tr\u00faarlegum endurvakningum, samr\u00e6mda myndform sem var ekki til \u00ed \u00feessari heildst\u00e6\u00f0u mynd \u00ed hinum s\u00f6gulega efni.<\/p>\t\t\t\t\t\t\t\t<\/div>\n\t\t\t\t<\/div>\n\t\t\t\t\t<\/div>\n\t\t\t\t<\/div>\n\t\t<div class=\"elementor-element elementor-element-iwgw-umai-s3 e-flex e-con-boxed e-con e-parent\" data-id=\"iwgw-umai-s3\" data-element_type=\"container\" data-e-type=\"container\">\n\t\t\t\t\t<div class=\"e-con-inner\">\n\t\t\t\t<div class=\"elementor-element elementor-element-iwgw-umai-s3h elementor-widget elementor-widget-heading\" data-id=\"iwgw-umai-s3h\" data-element_type=\"widget\" data-e-type=\"widget\" data-widget_type=\"heading.default\">\n\t\t\t\t\t<h2 class=\"elementor-heading-title elementor-size-default\">Go\u00f0sagnakenndar fr\u00e1sagnir<\/h2>\t\t\t\t<\/div>\n\t\t<div class=\"elementor-element elementor-element-iwgw-umai-s3c e-con-full e-flex e-con e-child\" data-id=\"iwgw-umai-s3c\" data-element_type=\"container\" data-e-type=\"container\">\n\t\t\t\t<div class=\"elementor-element elementor-element-iwgw-umai-s3t elementor-widget elementor-widget-text-editor\" data-id=\"iwgw-umai-s3t\" data-element_type=\"widget\" data-e-type=\"widget\" data-widget_type=\"text-editor.default\">\n\t\t\t\t\t\t\t\t\t<p>Tonyukuk-<span class=\"iwg-fachbegriff\" data-tooltip=\"Texti sem hefur veri\u00f0 rist e\u00f0a greyptur \u00e1 fastan efnisgrunn.\" tabindex=\"0\">\u00e1letrunin<\/span> (um 720 e.Kr.) nefnir Umai fyrst samhli\u00f0a Tengri: \u201eTengri, Umai og heil\u00f6g j\u00f6r\u00f0-og-vatn hafa gefi\u00f0 okkur sigur.\u201c Umai kemur h\u00e9r fram \u00ed \u00ferenningu me\u00f0 himingu\u00f0inum og hinu sta\u00f0bundna j\u00f6r\u00f0-vatns-valdi (sbr. <a href=\"https:\/\/iwell-guard.com\/is\/?page_id=168982\">Yer-Sub<\/a>). Talat Tekin greindi \u00feennan sta\u00f0 m\u00e1lfr\u00e6\u00f0ilega og merkingarlega \u00ed sm\u00e1atri\u00f0um \u00e1ri\u00f0 1968.<\/p><p>Alta\u00edsk saga, skr\u00e1\u00f0 af Wilhelm Radloff, l\u00fdsir \u00fev\u00ed hvernig Umai ber s\u00e1l n\u00fdf\u00e6dds barns ni\u00f0ur af himnum \u00ed gullinni v\u00f6ggu og leggur \u00fea\u00f0 andandi \u00ed kj\u00f6ltu m\u00f3\u00f0urinnar. Deyr barn, \u201etekur Umai skyrtu s\u00edna til baka\u201c, or\u00f0alag sem tj\u00e1ir afturkr\u00e6fni hinnar gu\u00f0legu gjafar \u00e1n \u00feess a\u00f0 leggja \u00e1 sekt.<\/p><p>\u00cd jak\u00fatnesku Olonkho-eddukv\u00e6\u00f0unum sameinast h\u00fan a\u00f0 hluta vi\u00f0 <a href=\"https:\/\/iwell-guard.com\/is\/?page_id=168986\">Ajysyt<\/a> og kemur fram sem s\u00e1 sem f\u00e6rir l\u00edfss\u00e1lina. \u00deessi samruni er tr\u00faarbrag\u00f0as\u00f6gulega uppl\u00fdsandi: hann s\u00fdnir hvernig sams\u00edber\u00edsk virkni tekur \u00e1 sig \u00f3l\u00edka pers\u00f3nulega mynd \u00ed sv\u00e6\u00f0isbundnum go\u00f0aheimum.<\/p>\t\t\t\t\t\t\t\t<\/div>\n\t\t\t\t<\/div>\n\t\t\t\t\t<\/div>\n\t\t\t\t<\/div>\n\t\t<div class=\"elementor-element elementor-element-iwgw-umai-s4 e-flex e-con-boxed e-con e-parent\" data-id=\"iwgw-umai-s4\" data-element_type=\"container\" data-e-type=\"container\">\n\t\t\t\t\t<div class=\"e-con-inner\">\n\t\t\t\t<div class=\"elementor-element elementor-element-iwgw-umai-s4h elementor-widget elementor-widget-heading\" data-id=\"iwgw-umai-s4h\" data-element_type=\"widget\" data-e-type=\"widget\" data-widget_type=\"heading.default\">\n\t\t\t\t\t<h2 class=\"elementor-heading-title elementor-size-default\">D\u00fdrkun og tilbei\u00f0sla<\/h2>\t\t\t\t<\/div>\n\t\t<div class=\"elementor-element elementor-element-iwgw-umai-s4c e-con-full e-flex e-con e-child\" data-id=\"iwgw-umai-s4c\" data-element_type=\"container\" data-e-type=\"container\">\n\t\t\t\t<div class=\"elementor-element elementor-element-iwgw-umai-s4t elementor-widget elementor-widget-text-editor\" data-id=\"iwgw-umai-s4t\" data-element_type=\"widget\" data-e-type=\"widget\" data-widget_type=\"text-editor.default\">\n\t\t\t\t\t\t\t\t\t<p>Umai-<span class=\"iwg-fachbegriff\" data-tooltip=\"Heild tr\u00faarlegra tilbei\u00f0sluathafna sem t\u00ed\u00f0kast um gu\u00f0 e\u00f0a heilaga v\u00e6tt.\" tabindex=\"0\">d\u00fdrkunin<\/span> var n\u00e1i\u00f0 tengd heimilisl\u00edfinu. Meginh\u00e1t\u00ed\u00f0irnar voru: hreinsunarh\u00e1t\u00ed\u00f0in <em>nayan-ot<\/em>, \u00feremur d\u00f6gum eftir f\u00e6\u00f0ingu, \u00fear sem lj\u00f3sm\u00f3\u00f0irin og m\u00f3\u00f0irin ganga \u00ed gegnum reyk af einiberjum og lerkikvo\u00f0u; \u201eupphenging bogans\u201c yfir v\u00f6gguna; og \u00e1rlegt f\u00e6\u00f0uoffur (mysingur, mj\u00f3lk \u00far hryssum, smj\u00f6rk\u00f6kur) \u00e1 vorh\u00e1t\u00ed\u00f0inni.<\/p><p>Sjamanar \u00e1k\u00f6llu\u00f0u Umai fyrst og fremst \u00ed l\u00e6kningaath\u00f6fnum fyrir b\u00f6rn. H\u00fan var talin a\u00f0gengilegt vald \u00e1n dul\u00fa\u00f0ugs bl\u00e6s, \u201en\u00e1l\u00e6g gy\u00f0ja\u201c sem m\u00e1tti tala til upph\u00e1tt jafnvel \u00ed daglegu l\u00edfi. \u00cd dag gegnir h\u00fan hlutverki \u00ed t\u00fav\u00ednskri og khakass\u00edskri <span class=\"iwg-fachbegriff\" data-tooltip=\"Hef\u00f0bundin \u00fej\u00f3\u00f0menning me\u00f0 si\u00f0um, s\u00f6gnum og s\u00f6ngvum.\" tabindex=\"0\">\u00fej\u00f3\u00f0menningu<\/span> sem vi\u00f0mi\u00f0unarpers\u00f3na fyrir f\u00e6\u00f0ingarhj\u00e1lp og sorg vegna l\u00e1tinna ungbarna.<\/p><p>Tr\u00faf\u00e9lagsfr\u00e6\u00f0ilegt sj\u00f3narmi\u00f0 Vladimirs Basilovs skiptir h\u00e9r miklu m\u00e1li: Umai fyllir upp \u00ed tilfinningalegt og hagn\u00fdtt t\u00f3mar\u00fam sem hinn fjarl\u00e6gi Tengri getur ekki fyllt. \u00deetta samspil er me\u00f0al s\u00f6gulegra einkenna marg\u00fe\u00e6ttra go\u00f0heima me\u00f0 <em>deus otiosus<\/em> (fjarl\u00e6gan \u00e6\u00f0stan gu\u00f0) \u00e1 toppnum.<\/p>\t\t\t\t\t\t\t\t<\/div>\n\t\t\t\t<\/div>\n\t\t\t\t\t<\/div>\n\t\t\t\t<\/div>\n\t\t<div class=\"elementor-element elementor-element-iwgw-umai-s5 e-flex e-con-boxed e-con e-parent\" data-id=\"iwgw-umai-s5\" data-element_type=\"container\" data-e-type=\"container\">\n\t\t\t\t\t<div class=\"e-con-inner\">\n\t\t\t\t<div class=\"elementor-element elementor-element-iwgw-umai-s5h elementor-widget elementor-widget-heading\" data-id=\"iwgw-umai-s5h\" data-element_type=\"widget\" data-e-type=\"widget\" data-widget_type=\"heading.default\">\n\t\t\t\t\t<h2 class=\"elementor-heading-title elementor-size-default\">Verndara\u00f0ger\u00f0ir og fr\u00e1hrindandi t\u00e1kn<\/h2>\t\t\t\t<\/div>\n\t\t<div class=\"elementor-element elementor-element-iwgw-umai-s5c e-con-full e-flex e-con e-child\" data-id=\"iwgw-umai-s5c\" data-element_type=\"container\" data-e-type=\"container\">\n\t\t\t\t<div class=\"elementor-element elementor-element-iwgw-umai-s5t elementor-widget elementor-widget-text-editor\" data-id=\"iwgw-umai-s5t\" data-element_type=\"widget\" data-e-type=\"widget\" data-widget_type=\"text-editor.default\">\n\t\t\t\t\t\t\t\t\t<p>Fr\u00e6\u00f0ilega s\u00e9\u00f0 (\u00e1n nokkurra fullyr\u00f0inga um virkni) n\u00e1\u00f0i hinn verndandi athafnaflokkur um Umai yfir: a\u00f0 hengja litla tr\u00e9bogar e\u00f0a fuglal\u00edk\u00f6n yfir v\u00f6gguna; a\u00f0 leyna fylgjunni \u00e1 hreinum sta\u00f0; a\u00f0 for\u00f0ast h\u00e1v\u00e6r hlj\u00f3\u00f0 og oddhv\u00f6ss verkf\u00e6ri fyrstu 40 dagana; og a\u00f0 kl\u00e6\u00f0a barni\u00f0 \u00ed \u201eUmai-skyrtu\u201c \u00far efni fr\u00e1 heilbrig\u00f0u systkini.<\/p><p>Fr\u00e1 innra sj\u00f3narhorni t\u00f3ku \u00feessar venjur \u00e1 \u00e1hyggjum af \u00fev\u00ed a\u00f0 ungbarn g\u00e6ti veri\u00f0 dregi\u00f0 \u201eni\u00f0ur aftur\u201c af ska\u00f0v\u00e6ttum eins og <a href=\"https:\/\/iwell-guard.com\/is\/?page_id=168987\">Khargi-ska\u00f0v\u00e6ttunum<\/a> e\u00f0a sendibo\u00f0um <a href=\"https:\/\/iwell-guard.com\/is\/?page_id=168981\">Erlik Khans<\/a>. Fr\u00e1 utana\u00f0komandi sj\u00f3narhorni \u00fej\u00f3\u00f0fr\u00e6\u00f0innar eru \u00feetta athafnir sem skipuleggja daglegt l\u00edf og gefa hinum h\u00e1a ungbarnadau\u00f0a menningarlegt form.<\/p><p>40 daga hv\u00edldart\u00edminn eftir f\u00e6\u00f0ingu finnst \u00ed m\u00f6rgum evras\u00edskum tr\u00faarbr\u00f6g\u00f0um (r\u00e9tttr\u00fana\u00f0arkristni, judaisma, \u00edslam), sem bendir til \u00feess a\u00f0 athafnir tengdar Umai s\u00e9u hluti af v\u00ed\u00f0t\u00e6kari evras\u00edskum f\u00e6\u00f0ingarathafnaflokki, \u00e1n \u00feess a\u00f0 unnt s\u00e9 a\u00f0 rekja beina s\u00f6guna \u00e1 milli \u00feeirra.<\/p>\t\t\t\t\t\t\t\t<\/div>\n\t\t\t\t<\/div>\n\t\t\t\t\t<\/div>\n\t\t\t\t<\/div>\n\t\t<div class=\"elementor-element elementor-element-iwgw-umai-s6 e-flex e-con-boxed e-con e-parent\" data-id=\"iwgw-umai-s6\" data-element_type=\"container\" data-e-type=\"container\">\n\t\t\t\t\t<div class=\"e-con-inner\">\n\t\t\t\t<div class=\"elementor-element elementor-element-iwgw-umai-s6h elementor-widget elementor-widget-heading\" data-id=\"iwgw-umai-s6h\" data-element_type=\"widget\" data-e-type=\"widget\" data-widget_type=\"heading.default\">\n\t\t\t\t\t<h2 class=\"elementor-heading-title elementor-size-default\">Hli\u00f0st\u00e6\u00f0ur \u00ed \u00f6\u00f0rum menningarheimum<\/h2>\t\t\t\t<\/div>\n\t\t<div class=\"elementor-element elementor-element-iwgw-umai-s6c e-con-full e-flex e-con e-child\" data-id=\"iwgw-umai-s6c\" data-element_type=\"container\" data-e-type=\"container\">\n\t\t\t\t<div class=\"elementor-element elementor-element-iwgw-umai-s6t elementor-widget elementor-widget-text-editor\" data-id=\"iwgw-umai-s6t\" data-element_type=\"widget\" data-e-type=\"widget\" data-widget_type=\"text-editor.default\">\n\t\t\t\t\t\t\t\t\t<p>Hlutverkslega samb\u00e6rilegar eru: gr\u00edska Eileithyia og Hera Argeia; r\u00f3mverska Juno Lucina; slavneska Mokosch; norr\u00e6na Frigg \u00ed hlutverki lj\u00f3sm\u00f3\u00f0urgy\u00f0ju; og \u00ed S\u00edber\u00edu sj\u00e1lfri <a href=\"https:\/\/iwell-guard.com\/is\/?page_id=168986\">Ajisit<\/a> (Jak\u00fatar). \u00cd K\u00edna svarar Bixia Yuanjun, f\u00e6\u00f0ingargy\u00f0ja Tai-Shan, til hennar, og \u00e1 Indlandi Shashthi.<\/p><p>S\u00f6guleg lokaathugasemd: \u00cd n\u00e1nast \u00f6llum go\u00f0heimum sem hafa fjarl\u00e6gan himnagu\u00f0 er a\u00f0 finna kvenlega v\u00e6ttarveru sem jafnar \u00fea\u00f0 \u00fat me\u00f0 n\u00e1l\u00e6gri verndarhlutverki fyrsta \u00e6vi\u00e1rs barnsins. Umai gegnir \u00feessu hlutverki innan tengrisma \u00e1 s\u00e9rstaklega sam\u00fejappa\u00f0an h\u00e1tt. Tr\u00faarbrag\u00f0afyrirb\u00e6rafr\u00e6\u00f0ilega s\u00e9\u00f0 er h\u00fan klass\u00edskt d\u00e6mi um samhengi \u00e1 milli fjarl\u00e6gs <em>deus otiosus<\/em> a\u00f0 ofan og hl\u00fdrrar, n\u00e6rt\u00e6krar kvenlegrar verndarpers\u00f3nu \u201eh\u00e9r ni\u00f0ri\u201c.<\/p><p>S\u00e9rst\u00e6\u00f0 merkingarleg samsv\u00f6run tengir Umai vi\u00f0 etr\u00fask-r\u00f3mversku gy\u00f0juna Mater Matuta, en nafn hennar \u00e1 l\u00edka r\u00e6tur a\u00f0 rekja til l\u00edkamlegrar starfsemi (m\u00f3\u00f0urmj\u00f3lk \/ d\u00f6gunin sem \u201em\u00f3\u00f0urlj\u00f3s\u201c). Sl\u00edk hli\u00f0st\u00e6\u00f0a kemur fram fyrirb\u00e6rafr\u00e6\u00f0ilega, \u00e1n \u00feess a\u00f0 s\u00f6gulegt samband \u00feurfi a\u00f0 hafa \u00e1tt s\u00e9r sta\u00f0.<\/p>\t\t\t\t\t\t\t\t<\/div>\n\t\t\t\t<\/div>\n\t\t\t\t\t<\/div>\n\t\t\t\t<\/div>\n\t\t<div class=\"elementor-element elementor-element-iwgw-umai-s7 e-flex e-con-boxed e-con e-parent\" data-id=\"iwgw-umai-s7\" data-element_type=\"container\" data-e-type=\"container\">\n\t\t\t\t\t<div class=\"e-con-inner\">\n\t\t\t\t<div class=\"elementor-element elementor-element-iwgw-umai-s7h elementor-widget elementor-widget-heading\" data-id=\"iwgw-umai-s7h\" data-element_type=\"widget\" data-e-type=\"widget\" data-widget_type=\"heading.default\">\n\t\t\t\t\t<h2 class=\"elementor-heading-title elementor-size-default\">N\u00fat\u00edmavi\u00f0t\u00f6kur og ranns\u00f3knir<\/h2>\t\t\t\t<\/div>\n\t\t<div class=\"elementor-element elementor-element-iwgw-umai-s7c e-con-full e-flex e-con e-child\" data-id=\"iwgw-umai-s7c\" data-element_type=\"container\" data-e-type=\"container\">\n\t\t\t\t<div class=\"elementor-element elementor-element-iwgw-umai-s7t elementor-widget elementor-widget-text-editor\" data-id=\"iwgw-umai-s7t\" data-element_type=\"widget\" data-e-type=\"widget\" data-widget_type=\"text-editor.default\">\n\t\t\t\t\t\t\t\t\t<p>\u00cd n\u00fat\u00edmalegum l\u00fd\u00f0veldis\u00fatg\u00e1fum tengrisma (T\u00fava, Khakass\u00eda, Kasakstan) er Umai or\u00f0in menningarleg sams\u00f6munarpers\u00f3na; \u00ed Astana pr\u00fd\u00f0ir stytta af henni borgargosbrunn. Fr\u00e6\u00f0ilega hefur h\u00fan veri\u00f0 ranns\u00f6ku\u00f0 af Vladimir Basilov, Igor Stebleva og finnska t\u00farkfr\u00e6\u00f0ingnum Marja-Liisa Sergejeva.<\/p><p>Mikilv\u00e6g ranns\u00f3knarlei\u00f0 kannar tungum\u00e1la- og hlutverkstengingu milli <em>umai<\/em> = fylgju og <em>umai<\/em> = verndargo\u00f0s, sem d\u00e6mi um hvernig tr\u00faarl\u00edf kristallast um efnislega l\u00edkamsreynslu. \u00deessi ranns\u00f3kn er \u00ed samr\u00e6\u00f0u vi\u00f0 samanbur\u00f0arranns\u00f3knir Roberts Hertz og Arnolds van Gennep \u00e1 f\u00e6\u00f0ingu og dau\u00f0a.<\/p><p>Marja-Liisa Sergejeva hefur \u00ed riti s\u00ednu Studies in Turkic Folk Religion (Helsinki, 2006) s\u00fdnt fram \u00e1 a\u00f0 n\u00falifandi Umai-athafnir \u00ed T\u00fava s\u00fdna eftirtektarver\u00f0a samfellu vi\u00f0 \u00fej\u00f3\u00f0fr\u00e6\u00f0ilegar skr\u00e1ningar Radloffs fr\u00e1 1860, sem er f\u00e1t\u00edtt \u00ed s\u00edber\u00edskum tr\u00faarbr\u00f6g\u00f0um eftir hi\u00f0 sov\u00e9ska k\u00fagunart\u00edmabil.<\/p>\t\t\t\t\t\t\t\t<\/div>\n\t\t\t\t<\/div>\n\t\t\t\t\t<\/div>\n\t\t\t\t<\/div>\n\t\t<div class=\"elementor-element elementor-element-iwgw-umai-s8 e-flex e-con-boxed e-con e-parent\" data-id=\"iwgw-umai-s8\" data-element_type=\"container\" data-e-type=\"container\">\n\t\t\t\t\t<div class=\"e-con-inner\">\n\t\t\t\t<div class=\"elementor-element elementor-element-iwgw-umai-s8h elementor-widget elementor-widget-heading\" data-id=\"iwgw-umai-s8h\" data-element_type=\"widget\" data-e-type=\"widget\" data-widget_type=\"heading.default\">\n\t\t\t\t\t<h2 class=\"elementor-heading-title elementor-size-default\">Ranns\u00f3knarumr\u00e6\u00f0ur og opnar spurningar<\/h2>\t\t\t\t<\/div>\n\t\t<div class=\"elementor-element elementor-element-iwgw-umai-s8c e-con-full e-flex e-con e-child\" data-id=\"iwgw-umai-s8c\" data-element_type=\"container\" data-e-type=\"container\">\n\t\t\t\t<div class=\"elementor-element elementor-element-iwgw-umai-s8t elementor-widget elementor-widget-text-editor\" data-id=\"iwgw-umai-s8t\" data-element_type=\"widget\" data-e-type=\"widget\" data-widget_type=\"text-editor.default\">\n\t\t\t\t\t\t\t\t\t<p>Tv\u00e6r a\u00f0fer\u00f0afr\u00e6\u00f0ilegar deilur einkenna Umai-ranns\u00f3knir. \u00cd fyrsta lagi: A\u00f0 hve miklu leyti er n\u00e1in tenging fylgju og <span class=\"iwg-fachbegriff\" data-tooltip=\"Vera sem er tilbe\u00f0in sem gu\u00f0leg innan tr\u00faarbrag\u00f0a.\" tabindex=\"0\">gu\u00f0s<\/span> upprunalega tyrk\u00edsk-alta\u00edsk fyrirb\u00e6ri, e\u00f0a speglar h\u00fan alhli\u00f0a l\u00edkamlega helgunar sem vi\u00f0 sj\u00e1um jafnframt hj\u00e1 Aymara-f\u00f3lkinu, \u00e1 Su\u00f0ur-Indlandi og \u00ed vestur-afr\u00edska Yoruba-samhenginu?<\/p><p>\u00cd \u00f6\u00f0ru lagi: Er h\u00e6gt a\u00f0 samsama hina fornu Umai \u00ed Orkhon-\u00e1letrununum vi\u00f0 alta\u00edska Umai 19. aldar, e\u00f0a v\u00edsar or\u00f0i\u00f0 til mismunandi hlutverksvera \u00e1 mismunandi t\u00edmabilum? Sergei Neklyudov hefur \u00ed <em>Mify narodov mira<\/em> (Moskvu 1992) haldi\u00f0 fram samfelldri sams\u00f6mun; yngri ranns\u00f3knir m\u00e6la me\u00f0 meiri vark\u00e1rni.<\/p><p>\u00deessi opna ranns\u00f3knarumhverfi gerir Umai a\u00f0 \u00feakkl\u00e1tu ranns\u00f3knarefni fyrir samanbur\u00f0ar<span class=\"iwg-fachbegriff\" data-tooltip=\"Fr\u00e6\u00f0igreinin sem rannsakar tr\u00faarbr\u00f6g\u00f0 \u00e1 samanbur\u00f0arh\u00e1tt og \u00e1n tr\u00faarlegrar afst\u00f6\u00f0u.\" tabindex=\"0\">tr\u00faarbrag\u00f0afr\u00e6\u00f0i<\/span> sem tekur, \u00e1samt gu\u00f0unum sj\u00e1lfum, einnig l\u00edkamlega og efnislega grundv\u00f6llun \u00feeirra alvarlega.<\/p>\t\t\t\t\t\t\t\t<\/div>\n\t\t\t\t<\/div>\n\t\t\t\t\t<\/div>\n\t\t\t\t<\/div>\n\t\t<div class=\"elementor-element elementor-element-iwgw-umai-s9 e-flex e-con-boxed e-con e-parent\" data-id=\"iwgw-umai-s9\" data-element_type=\"container\" data-e-type=\"container\">\n\t\t\t\t\t<div class=\"e-con-inner\">\n\t\t\t\t<div class=\"elementor-element elementor-element-iwgw-umai-s9h elementor-widget elementor-widget-heading\" data-id=\"iwgw-umai-s9h\" data-element_type=\"widget\" data-e-type=\"widget\" data-widget_type=\"heading.default\">\n\t\t\t\t\t<h2 class=\"elementor-heading-title elementor-size-default\">Tengsl vi\u00f0 Umai \u00ed n\u00fat\u00edmaranns\u00f3knum<\/h2>\t\t\t\t<\/div>\n\t\t<div class=\"elementor-element elementor-element-iwgw-umai-s9c e-con-full e-flex e-con e-child\" data-id=\"iwgw-umai-s9c\" data-element_type=\"container\" data-e-type=\"container\">\n\t\t\t\t<div class=\"elementor-element elementor-element-iwgw-umai-s9t elementor-widget elementor-widget-text-editor\" data-id=\"iwgw-umai-s9t\" data-element_type=\"widget\" data-e-type=\"widget\" data-widget_type=\"text-editor.default\">\n\t\t\t\t\t\t\t\t\t<p>Umai-fr\u00e6\u00f0in hafa \u00e1 s\u00ed\u00f0ustu tveimur \u00e1ratugum greinst mj\u00f6g \u00ed a\u00f0fer\u00f0um. Kynjami\u00f0u\u00f0 <span class=\"iwg-fachbegriff\" data-tooltip=\"V\u00edsindin sem rannsaka tr\u00faarbr\u00f6g\u00f0 samanbur\u00f0arlega og \u00e1n tr\u00faarlegrar bindingar.\" tabindex=\"0\">tr\u00faarbrag\u00f0afr\u00e6\u00f0i<\/span> (svo sem hj\u00e1 Karen Pechilis Prentiss e\u00f0a finnsku t\u00farkfr\u00e6\u00f0ingnum Hilkku Bergroth) lesa Umai \u00ed s\u00edauknum m\u00e6li umfram hlutverk \u201ef\u00e6\u00f0ingargy\u00f0junnar\u201c sem mi\u00f0l\u00e6gan kvenlegan h\u00f6fu\u00f0pers\u00f3nuleika, en sta\u00f0a hennar hefur oft veri\u00f0 falin \u00e1 bak vi\u00f0 hina yfirgn\u00e6fandi Tengri-ranns\u00f3kn.<\/p><p>\u00deessi endurlestur er hluti af v\u00ed\u00f0t\u00e6kari \u00fer\u00f3un sem mi\u00f0ar a\u00f0 \u00fev\u00ed a\u00f0 h\u00e6kka st\u00f6\u00f0u kvenlegra gu\u00f0d\u00f3ma \u00ed alta\u00edsk-\u00faral\u00edskum tr\u00faarbr\u00f6g\u00f0um.<\/p><p>\u00d6nnur ranns\u00f3knarstefna tengir Umai vi\u00f0 ranns\u00f3knir \u00e1 efnislegri tr\u00faari\u00f0kun: Fylgju-athafnirnar (a\u00f0 leggja ni\u00f0ur, grafa, hengja upp) eru lesnar sem snertipunktur milli l\u00edff\u00e6rafr\u00e6\u00f0i og <span class=\"iwg-fachbegriff\" data-tooltip=\"T\u00e1kn sem stendur fyrir hugmynd e\u00f0a merkingu.\" tabindex=\"0\">t\u00e1kns<\/span>. H\u00e9r tengist ranns\u00f3knin verki Mary Douglas, <em>Reinheit und Gef\u00e4hrdung<\/em> (1966), og ranns\u00f3knum Robert Hertz \u00e1 \u201eh\u00e6gri\u201c og \u201evinstri\u201c hendi.<\/p><p>\u00cd \u00feri\u00f0ja lagi hafa ranns\u00f3knir \u00e1 dreifb\u00fdlum \u00ed Kasakstan og Tyrklandi s\u00fdnt a\u00f0 Umai-athafnir lifa \u00e1fram \u00ed borgarlegu millist\u00e9ttarsamhengi, oft sem \u201emenningarleg hef\u00f0\u201c \u00e1n sk\u00fdrrar tr\u00faarlegrar merkingar. \u00deessi veraldarv\u00e6\u00f0ing samfara \u00ferautseigju er d\u00e6migert mynstur \u00ed tr\u00faarbrag\u00f0af\u00e9lagsfr\u00e6\u00f0i.<\/p>\t\t\t\t\t\t\t\t<\/div>\n\t\t\t\t<\/div>\n\t\t\t\t\t<\/div>\n\t\t\t\t<\/div>\n\t\t<div class=\"elementor-element elementor-element-iwgw-umai-s10 e-flex e-con-boxed e-con e-parent\" data-id=\"iwgw-umai-s10\" data-element_type=\"container\" data-e-type=\"container\">\n\t\t\t\t\t<div class=\"e-con-inner\">\n\t\t\t\t<div class=\"elementor-element elementor-element-iwgw-umai-s10h elementor-widget elementor-widget-heading\" data-id=\"iwgw-umai-s10h\" data-element_type=\"widget\" data-e-type=\"widget\" data-widget_type=\"heading.default\">\n\t\t\t\t\t<h2 class=\"elementor-heading-title elementor-size-default\">Heimildir og tengsl vi\u00f0 menningarmi\u00f0st\u00f6\u00f0ina<\/h2>\t\t\t\t<\/div>\n\t\t<div class=\"elementor-element elementor-element-iwgw-umai-s10c e-con-full e-flex e-con e-child\" data-id=\"iwgw-umai-s10c\" data-element_type=\"container\" data-e-type=\"container\">\n\t\t\t\t<div class=\"elementor-element elementor-element-iwgw-umai-s10t elementor-widget elementor-widget-text-editor\" data-id=\"iwgw-umai-s10t\" data-element_type=\"widget\" data-e-type=\"widget\" data-widget_type=\"text-editor.default\">\n\t\t\t\t\t\t\t\t\t<p>Fyrir \u00fe\u00e1 sem vilja rannsaka Umai-samst\u00e6\u00f0una \u00ed heild sinni er yfirlitss\u00ed\u00f0an <a href=\"https:\/\/iwell-guard.com\/is\/siberiskur-sjamanismi-tengrismi\/\">S\u00edber\u00edsk-tengr\u00edsk hef\u00f0<\/a> g\u00f3\u00f0ur sta\u00f0ur til a\u00f0 finna mikilv\u00e6gustu tilv\u00edsanir til tengdra verndarpers\u00f3na eins og <a href=\"https:\/\/iwell-guard.com\/is\/?page_id=168986\">Ajisit<\/a>, <a href=\"https:\/\/iwell-guard.com\/is\/?page_id=168983\">\u00dclgen<\/a> og jar\u00f0bundna m\u00e1ttarveruna <a href=\"https:\/\/iwell-guard.com\/is\/?page_id=168982\">Yer-Sub<\/a>. Lestur Tonyukuk-<span class=\"iwg-fachbegriff\" data-tooltip=\"Texti sem er greyptur e\u00f0a h\u00f6ggvinn \u00ed fastan efnivi\u00f0.\" tabindex=\"0\">\u00e1letrunarins<\/span> \u00ed sta\u00f0al\u00fatg\u00e1fu Talats Tekins (1968) er enn e\u00f0lilegur upphafspunktur fyrir hi\u00f0 fornt\u00fark\u00edska lag.<\/p><p>Fyrir \u00fej\u00f3\u00f0fr\u00e6\u00f0ilega lagi\u00f0 fr\u00e1 19.\/20. \u00f6ld eru Wilhelm Radloffs <em>Proben der Volkslitteratur der t\u00fcrkischen St\u00e4mme<\/em> (fr\u00e1 1866) og Vladimir Basilovs <em>Shamanism in Siberia<\/em> (1984) helstu sta\u00f0alverkin. N\u00fdlegri ranns\u00f3knir eru me\u00f0al annars Marja-Liisa Sergejevas <em>Studies in Turkic Folk Religion<\/em> (Helsinki 2006) og \u00fej\u00f3\u00f0fr\u00e6\u00f0ilegar skr\u00e1ningar V\u00edsindaakadem\u00edu Tuva-l\u00fd\u00f0veldisins.<\/p><p>\u00cd tr\u00faarbrag\u00f0afyrirb\u00e6rafr\u00e6\u00f0i er b\u00f3k Mircea Eliade um <span class=\"iwg-fachbegriff\" data-tooltip=\"Tr\u00faarlegt kerfi \u00fear sem s\u00e9rfr\u00e6\u00f0ingar hafa samskipti vi\u00f0 andaheiminn.\" tabindex=\"0\">sjamanisma<\/span> (1951) enn frj\u00f3r \u00fatgangspunktur, jafnvel \u00fe\u00f3tt lestur hans s\u00e9 ekki lengur tekinn gagnr\u00fdnislaust. S\u00ed\u00f0ari gagnr\u00fdni Roberte Hamayon (1990) b\u00e6tir myndina vi\u00f0 og \u00e6tti a\u00f0 lesa samhli\u00f0a.<\/p>\t\t\t\t\t\t\t\t<\/div>\n\t\t\t\t<\/div>\n\t\t\t\t\t<\/div>\n\t\t\t\t<\/div>\n\t\t<div class=\"elementor-element elementor-element-iwgw-umai-s11 e-flex e-con-boxed e-con e-parent\" data-id=\"iwgw-umai-s11\" data-element_type=\"container\" data-e-type=\"container\">\n\t\t\t\t\t<div class=\"e-con-inner\">\n\t\t\t\t<div class=\"elementor-element elementor-element-iwgw-umai-s11h elementor-widget elementor-widget-heading\" data-id=\"iwgw-umai-s11h\" data-element_type=\"widget\" data-e-type=\"widget\" data-widget_type=\"heading.default\">\n\t\t\t\t\t<h2 class=\"elementor-heading-title elementor-size-default\">Tr\u00faarbrag\u00f0afyrirb\u00e6rafr\u00e6\u00f0ilegt d\u00fdpi<\/h2>\t\t\t\t<\/div>\n\t\t<div class=\"elementor-element elementor-element-iwgw-umai-s11c e-con-full e-flex e-con e-child\" data-id=\"iwgw-umai-s11c\" data-element_type=\"container\" data-e-type=\"container\">\n\t\t\t\t<div class=\"elementor-element elementor-element-iwgw-umai-s11t elementor-widget elementor-widget-text-editor\" data-id=\"iwgw-umai-s11t\" data-element_type=\"widget\" data-e-type=\"widget\" data-widget_type=\"text-editor.default\">\n\t\t\t\t\t\t\t\t\t<p>\u00cd tr\u00faarbrag\u00f0afyrirb\u00e6rafr\u00e6\u00f0i er Umai kennslub\u00f3kard\u00e6mi um \u00fea\u00f0 sem Mircea Eliade kallar \u201eupphafsdul\u00fa\u00f0\u201c (hierophanie des Anfangs): F\u00e6\u00f0ing manneskju ver\u00f0ur a\u00f0 kosm\u00edsku atbur\u00f0i \u00fear sem m\u00f6rkin milli \u00feess sem er ofar og ne\u00f0ar, s\u00fdnilegt og \u00f3s\u00fdnilegt, ver\u00f0a gagns\u00e6. \u00c1 \u00feessu skei\u00f0i er Umai grundvallarlega vi\u00f0st\u00f6dd.<\/p><p>Tengingin vi\u00f0 v\u00f6ggu-<span class=\"iwg-fachbegriff\" data-tooltip=\"Skipul\u00f6g\u00f0 r\u00f6\u00f0 t\u00e1knr\u00e6nna athafna me\u00f0 tr\u00faarlegri e\u00f0a menningarlegri merkingu.\" tabindex=\"0\">ath\u00f6fnina<\/span> (n\u00e6turlegur s\u00f6ngur, vagga, festing verndar\u00fer\u00e1\u00f0a) heyrir einnig til brei\u00f0s flokks \u00ed tr\u00faarbrag\u00f0amannfr\u00e6\u00f0i sem kallast \u201evi\u00f0t\u00f6kuathafnir\u201c, sem franski \u00fej\u00f3\u00f0fr\u00e6\u00f0ingurinn Arnold van Gennep l\u00fdsti kerfisbundi\u00f0 \u00ed <em>Les rites de passage<\/em> (1909).<\/p><p>\u00cd samanbur\u00f0i vi\u00f0 a\u00f0rar s\u00edber\u00edskar m\u00f3\u00f0urgy\u00f0jur einkennist Umai af s\u00e9rst\u00f6kum tengslum vi\u00f0 hina p\u00f3lit\u00edsku svi\u00f0, \u00ed Tonyukuk-<span class=\"iwg-fachbegriff\" data-tooltip=\"Texti sem er greyptur e\u00f0a h\u00f6ggvinn \u00ed fastan efnivi\u00f0.\" tabindex=\"0\">\u00e1letruninni<\/span> stendur h\u00fan milli Tengri og Yer-Sub, \u00feannig \u00e1 h\u00e6\u00f0 r\u00edkisb\u00e6randi valds. \u00deessi p\u00f3lit\u00edska sta\u00f0a er ekki sj\u00e1lfs\u00f6g\u00f0 \u00ed tr\u00faars\u00f6gu fyrir m\u00f3\u00f0urlega verndargy\u00f0ju.<\/p>\t\t\t\t\t\t\t\t<\/div>\n\t\t\t\t<\/div>\n\t\t\t\t\t<\/div>\n\t\t\t\t<\/div>\n\t\t<div class=\"elementor-element elementor-element-iwgw-umai-s12 e-flex e-con-boxed e-con e-parent\" data-id=\"iwgw-umai-s12\" data-element_type=\"container\" data-e-type=\"container\">\n\t\t\t\t\t<div class=\"e-con-inner\">\n\t\t\t\t<div class=\"elementor-element elementor-element-iwgw-umai-s12h elementor-widget elementor-widget-heading\" data-id=\"iwgw-umai-s12h\" data-element_type=\"widget\" data-e-type=\"widget\" data-widget_type=\"heading.default\">\n\t\t\t\t\t<h2 class=\"elementor-heading-title elementor-size-default\">A\u00f0fer\u00f0afr\u00e6\u00f0ileg \u00edgrundun<\/h2>\t\t\t\t<\/div>\n\t\t<div class=\"elementor-element elementor-element-iwgw-umai-s12c e-con-full e-flex e-con e-child\" data-id=\"iwgw-umai-s12c\" data-element_type=\"container\" data-e-type=\"container\">\n\t\t\t\t<div class=\"elementor-element elementor-element-iwgw-umai-s12t elementor-widget elementor-widget-text-editor\" data-id=\"iwgw-umai-s12t\" data-element_type=\"widget\" data-e-type=\"widget\" data-widget_type=\"text-editor.default\">\n\t\t\t\t\t\t\t\t\t<p>Vi\u00f0 vinnu me\u00f0 Umai-heimildir koma upp nokkur a\u00f0fer\u00f0afr\u00e6\u00f0ileg vandam\u00e1l. \u00cd fyrsta lagi: Elstu heimildirnar eru stuttar \u00e1kallsform\u00falur \u00ed K\u00f6k-T\u00fcrk-\u00e1letrununum; n\u00e1kv\u00e6mar \u00fej\u00f3\u00f0fr\u00e6\u00f0ilegar l\u00fdsingar eru fyrst fr\u00e1 19.\/20. \u00f6ld. Bein samsv\u00f6run \u00feessara tveggja laga er ekki \u00f6rugglega trygg\u00f0.<\/p><p>\u00cd \u00f6\u00f0ru lagi: R\u00fassnesk og sov\u00e9sk \u00fej\u00f3\u00f0fr\u00e6\u00f0i hefur oft samsama\u00f0 Umai vi\u00f0 \u201em\u00f3\u00f0urgy\u00f0juna\u201c \u00far samanbur\u00f0ar<span class=\"iwg-fachbegriff\" data-tooltip=\"V\u00edsindin sem rannsaka tr\u00faarbr\u00f6g\u00f0 samanbur\u00f0arlega og \u00e1n tr\u00faarlegrar bindingar.\" tabindex=\"0\">tr\u00faarbrag\u00f0afr\u00e6\u00f0i<\/span>, sem gefur til kynna algildan lestur sem ekki er alltaf sta\u00f0festur af efninu sj\u00e1lfu. Tr\u00faarbrag\u00f0afyrirb\u00e6rafr\u00e6\u00f0ileg vark\u00e1rni er h\u00e9r nau\u00f0synleg.<\/p><p>\u00cd \u00feri\u00f0ja lagi: Samt\u00edmahreyfing Umai \u00ed Tuva og Kasakstan er sj\u00e1lfsl\u00fdsing sem tengist a\u00f0 v\u00edsu hef\u00f0bundnum heimildum en er \u00ed sj\u00e1lfu s\u00e9r n\u00fat\u00edma sm\u00ed\u00f0. H\u00e9r \u00fearf \u00edgrunda\u00f0a tr\u00faarbrag\u00f0a\u00fej\u00f3\u00f0fr\u00e6\u00f0i, eins og Andrei Znamenski hefur krafist \u00ed <em>Shamanism and Western Imagination<\/em> (2007).<\/p>\t\t\t\t\t\t\t\t<\/div>\n\t\t\t\t<\/div>\n\t\t\t\t\t<\/div>\n\t\t\t\t<\/div>\n\t\t<div class=\"elementor-element elementor-element-iwgw-umai-s13 e-flex e-con-boxed e-con e-parent\" data-id=\"iwgw-umai-s13\" data-element_type=\"container\" data-e-type=\"container\">\n\t\t\t\t\t<div class=\"e-con-inner\">\n\t\t\t\t<div class=\"elementor-element elementor-element-iwgw-umai-s13h elementor-widget elementor-widget-heading\" data-id=\"iwgw-umai-s13h\" data-element_type=\"widget\" data-e-type=\"widget\" data-widget_type=\"heading.default\">\n\t\t\t\t\t<h2 class=\"elementor-heading-title elementor-size-default\">Umai og hringheimskautslegt samanbur\u00f0arsj\u00f3narhorn<\/h2>\t\t\t\t<\/div>\n\t\t<div class=\"elementor-element elementor-element-iwgw-umai-s13c e-con-full e-flex e-con e-child\" data-id=\"iwgw-umai-s13c\" data-element_type=\"container\" data-e-type=\"container\">\n\t\t\t\t<div class=\"elementor-element elementor-element-iwgw-umai-s13t elementor-widget elementor-widget-text-editor\" data-id=\"iwgw-umai-s13t\" data-element_type=\"widget\" data-e-type=\"widget\" data-widget_type=\"text-editor.default\">\n\t\t\t\t\t\t\t\t\t<p>Samanbur\u00f0arsj\u00f3narhorn um hringheimskautssv\u00e6\u00f0i\u00f0 s\u00fdnir a\u00f0 Umai heyrir til brei\u00f0rar fj\u00f6lskyldu kvenkyns f\u00e6\u00f0ingar-verndargy\u00f0ja sem n\u00e6r fr\u00e1 Skandinav\u00edu yfir S\u00edber\u00edu til Nor\u00f0ur-Amer\u00edku. Finnska Akka, sam\u00edska Maderakka, hin fornt\u00fark\u00edska Umai, jak\u00fat\u00edska <a href=\"https:\/\/iwell-guard.com\/is\/?page_id=168986\">Ajisit<\/a> og a\u00f0 lokum nor\u00f0ur-amer\u00edskar \u201em\u00f3\u00f0ur-berja-gy\u00f0jur\u201c me\u00f0al Athabaska-\u00fej\u00f3\u00f0anna eru n\u00e1i\u00f0 tengdar a\u00f0 hlutverki.<\/p><p>Juha Pentik\u00e4inen hefur \u00ed <em>Shamanism and Culture<\/em> (1998) l\u00fdst \u00feessari hringheimskautslegu \u00fatgreiningu kerfisbundi\u00f0. Hvort um er a\u00f0 r\u00e6\u00f0a arfgenga fr\u00e6ndsemi e\u00f0a d\u00e6miger\u00f0a samleitni er enn deiluefni, b\u00e1\u00f0ar tilg\u00e1tur hafa gild r\u00f6k.<\/p><p>\u00deessi samanbur\u00f0arlega innfl\u00e9ttun gerir Umai v\u00edsindalega mikilv\u00e6ga langt umfram fornt\u00fark\u00edsk-s\u00edber\u00edskt efni. H\u00fan er \u00ed brennidepli ranns\u00f3knarhef\u00f0ar sem fjallar um hvernig svipu\u00f0 tr\u00faarleg hlutverk ver\u00f0a til vi\u00f0 svipa\u00f0ar vistfr\u00e6\u00f0ilegar og efnahagslegar a\u00f0st\u00e6\u00f0ur.<\/p>\t\t\t\t\t\t\t\t<\/div>\n\t\t\t\t<\/div>\n\t\t\t\t\t<\/div>\n\t\t\t\t<\/div>\n\t\t<div class=\"elementor-element elementor-element-cp2d4e6282 e-flex e-con-boxed e-con e-parent\" data-id=\"cp2d4e6282\" data-element_type=\"container\" data-e-type=\"container\">\n\t\t\t\t\t<div class=\"e-con-inner\">\n\t\t\t\t<div class=\"elementor-element elementor-element-cp2ba9a041 elementor-widget elementor-widget-heading\" data-id=\"cp2ba9a041\" data-element_type=\"widget\" data-e-type=\"widget\" data-widget_type=\"heading.default\">\n\t\t\t\t\t<h2 class=\"elementor-heading-title elementor-size-default\">Umai \u00ed fornu t\u00fark\u00edsku \u00e1letrunarhef\u00f0inni<\/h2>\t\t\t\t<\/div>\n\t\t<div class=\"elementor-element elementor-element-cp21759807 e-flex e-con-boxed e-con e-child\" data-id=\"cp21759807\" data-element_type=\"container\" data-e-type=\"container\">\n\t\t\t\t\t<div class=\"e-con-inner\">\n\t\t\t\t<div class=\"elementor-element elementor-element-cp26d0f456 elementor-widget elementor-widget-text-editor\" data-id=\"cp26d0f456\" data-element_type=\"widget\" data-e-type=\"widget\" data-widget_type=\"text-editor.default\">\n\t\t\t\t\t\t\t\t\t<p>Nafni\u00f0 <em>Umai<\/em> er \u00feekkt \u00far elstu t\u00edmasettu textum \u00e1 tyrkneskri tungu: r\u00fanaristum Orkhon-tyrkja (orchon-t\u00fcrkischen) fr\u00e1 8. \u00f6ld \u00ed Mong\u00f3l\u00edu, l\u00f6ngu \u00e1\u00f0ur en nokkur n\u00fat\u00edma\u00fej\u00f3\u00f0fr\u00e6\u00f0i kom til.<\/p><p>\u00cd Tonjukuk-<span class=\"iwg-fachbegriff\" data-tooltip=\"Texti sem er ristur e\u00f0a greyptur \u00ed fastan efnivi\u00f0.\" tabindex=\"0\">\u00e1letruninni<\/span> og \u00ed minjum tengdum \u00f6\u00f0ru tyrkneska kaganatinu birtist <em>Umai<\/em> \u00ed fastri or\u00f0atengingu \u00fear sem \u00e1rangur og verndun einstaklings, oft konu af h\u00e1um stigum e\u00f0a barns, er rakinn til verkunar himinsins (<em>Tengri<\/em>) og Umai.<\/p><p>\u00deessi frumlega heimild vegur \u00feungt \u00ed fr\u00e6\u00f0ilegu tilliti. H\u00fan s\u00fdnir a\u00f0 hugmyndin um verndandi kvenlegt afl sem tengist f\u00e6\u00f0ingu, afkv\u00e6mum og \u00feroska barna er ekkert n\u00fat\u00edma \u00fej\u00f3\u00f0tr\u00faarsm\u00ed\u00f0, heldur n\u00e6r aftur til frummi\u00f0alda a\u00f0 minnsta kosti.<\/p><p>H\u00fan s\u00fdnir einnig a\u00f0 Umai var \u00feegar \u00e1 \u00feessum t\u00edma hugsu\u00f0 \u00ed n\u00e1nu samspili vi\u00f0 himingu\u00f0inn, \u00ed eins konar yfir- og undirskipun \u00fear sem Tengri t\u00e1knar hi\u00f0 v\u00ed\u00f0a fyrir ofan og Umai hi\u00f0 n\u00e1l\u00e6ga, verndandi.<\/p><p>R\u00fanaristir tyrknesku voru rannsaka\u00f0ar fr\u00e1 lokum 19. aldar, a\u00f0allega af Vilhelm Thomsen, sem r\u00e1\u00f0lag\u00f0i letri\u00f0 \u00e1ri\u00f0 1893, og af Wilhelm Radloff. F\u00e6\u00f0 heimildanna \u00fe\u00fd\u00f0ir \u00fe\u00f3 a\u00f0 n\u00e1nast engar uppl\u00fdsingar liggja fyrir um sm\u00e1atri\u00f0i Umai-d\u00fdrkunar \u00ed kaganatinu. <span class=\"iwg-fachbegriff\" data-tooltip=\"Texti sem er ristur e\u00f0a greyptur \u00ed fastan efnivi\u00f0.\" tabindex=\"0\">\u00c1letrunin<\/span> gefur nafn og hlutverk, en engan <span class=\"iwg-fachbegriff\" data-tooltip=\"S\u00f6gn sem var\u00f0veist hefur um gu\u00f0i, uppruna og skipan heimsins.\" tabindex=\"0\">go\u00f0s\u00f6gu<\/span> og engan <span class=\"iwg-fachbegriff\" data-tooltip=\"Regluleg r\u00f6\u00f0 t\u00e1knger\u00f0ra athafna me\u00f0 tr\u00faarlegri e\u00f0a menningarlegri \u00fe\u00fd\u00f0ingu.\" tabindex=\"0\">si\u00f0<\/span>.<\/p>\t\t\t\t\t\t\t\t<\/div>\n\t\t\t\t\t<\/div>\n\t\t\t\t<\/div>\n\t\t\t\t\t<\/div>\n\t\t\t\t<\/div>\n\t\t<div class=\"elementor-element elementor-element-cp2b28eec4 e-flex e-con-boxed e-con e-parent\" data-id=\"cp2b28eec4\" data-element_type=\"container\" data-e-type=\"container\">\n\t\t\t\t\t<div class=\"e-con-inner\">\n\t\t\t\t<div class=\"elementor-element elementor-element-cp26c2cb55 elementor-widget elementor-widget-heading\" data-id=\"cp26c2cb55\" data-element_type=\"widget\" data-e-type=\"widget\" data-widget_type=\"heading.default\">\n\t\t\t\t\t<h2 class=\"elementor-heading-title elementor-size-default\">Or\u00f0s\u00f6guleg \u00fer\u00f3un: Umai milli fylgju og verndarm\u00e1ttar<\/h2>\t\t\t\t<\/div>\n\t\t<div class=\"elementor-element elementor-element-cp20c542e1 e-flex e-con-boxed e-con e-child\" data-id=\"cp20c542e1\" data-element_type=\"container\" data-e-type=\"container\">\n\t\t\t\t\t<div class=\"e-con-inner\">\n\t\t\t\t<div class=\"elementor-element elementor-element-cp21bb0935 elementor-widget elementor-widget-text-editor\" data-id=\"cp21bb0935\" data-element_type=\"widget\" data-e-type=\"widget\" data-widget_type=\"text-editor.default\">\n\t\t\t\t\t\t\t\t\t<p>S\u00e9rkennileg m\u00e1lfr\u00e6\u00f0ileg sta\u00f0reynd um Umai er a\u00f0 sama e\u00f0a n\u00e1skyld hlj\u00f3\u00f0mynd t\u00e1knar \u00ed m\u00f6rgum tyrkneskum tungum\u00e1lum samt\u00edmis \u00e1\u00fereifanlegt or\u00f0 og nafn gu\u00f0d\u00f3ms. \u00cd \u00fdmsum tyrkneskum tungum\u00e1lum \u00fe\u00fd\u00f0ir <em>umai<\/em> e\u00f0a n\u00e1hlj\u00f3\u00f0andi mynd fylgjuna, eftirbur\u00f0inn, og einnig \u00ed sumum tilvikum m\u00f3\u00f0url\u00edfi\u00f0 e\u00f0a belginn sem umlykur f\u00f3stri\u00f0.<\/p><p>\u00deessi tv\u00f6falda merking er ekki tilviljun, heldur lykill a\u00f0 skilningi. Verndarm\u00e1tturinn sem vakir yfir n\u00fdf\u00e6ddum b\u00f6rnum og l\u00edff\u00e6ri\u00f0 sem umlykur og n\u00e6rir hi\u00f0 \u00f3f\u00e6dda bera sama nafn \u00fev\u00ed \u00feau voru hugsu\u00f0 sem tv\u00e6r hli\u00f0ar \u00e1 sama fyrirb\u00e6ri.<\/p><p>\u00cd sumum \u00fej\u00f3\u00f0fr\u00e6\u00f0ilega skr\u00e1\u00f0um si\u00f0um var fylgjunni \u00fev\u00ed s\u00fdnd n\u00e1kv\u00e6m umhyggja, h\u00fan var var\u00f0veitt \u00e1 \u00f6ruggum sta\u00f0 e\u00f0a j\u00f6r\u00f0u\u00f0, \u00ed sta\u00f0 \u00feess a\u00f0 fjarl\u00e6gja hana \u00e1n athygli, \u00fev\u00ed \u00f6rl\u00f6g hennar voru talin bundin \u00f6rl\u00f6gum barnsins.<\/p><p>Auk \u00feess er til g\u00f6mul tilg\u00e1ta um a\u00f0 tengja nafni\u00f0 vi\u00f0 fornindverska heiti\u00f0 <em>Um\u0101<\/em>, vi\u00f0urnefni gy\u00f0junnar Parvati. \u00deessi tilg\u00e1ta er umdeild \u00ed fr\u00e6\u00f0iritum og margir tyrkneskufr\u00e6\u00f0ingar hafna henni sem ekki n\u00e6gilega vel r\u00f6kstuddri, hvorki hlj\u00f3\u00f0fr\u00e6\u00f0ilega n\u00e9 s\u00f6guleg; h\u00fan \u00e6tti a\u00f0eins a\u00f0 nefnast sem g\u00f6mul, \u00f3viss tilg\u00e1ta. Traustari sk\u00fdringin er innantyrknesk: Umai sem pers\u00f3nugerving verndarkrafts, en nafn hennar er upprunni\u00f0 af svi\u00f0i f\u00e6\u00f0ingar og eftirbur\u00f0ar. Um tengt himinhugtak, sj\u00e1 <a href=\"https:\/\/iwell-guard.com\/is\/?page_id=168980\">Tengri<\/a>.\t\t\t\t\t\t\t\t<\/div>\n\t\t\t\t\t<\/div>\n\t\t\t\t<\/div>\n\t\t\t\t\t<\/div>\n\t\t\t\t<\/div>\n\t\t<div class=\"elementor-element elementor-element-iwgw-umai-lit e-flex e-con-boxed e-con e-parent\" data-id=\"iwgw-umai-lit\" data-element_type=\"container\" data-e-type=\"container\">\n\t\t\t\t\t<div class=\"e-con-inner\">\n\t\t\t\t<div class=\"elementor-element elementor-element-iwgw-umai-lith elementor-widget elementor-widget-heading\" data-id=\"iwgw-umai-lith\" data-element_type=\"widget\" data-e-type=\"widget\" data-widget_type=\"heading.default\">\n\t\t\t\t\t<h2 class=\"elementor-heading-title elementor-size-default\">Heimildir (\u00farval)<\/h2>\t\t\t\t<\/div>\n\t\t<div class=\"elementor-element elementor-element-iwgw-umai-litc e-con-full e-flex e-con e-child\" data-id=\"iwgw-umai-litc\" data-element_type=\"container\" data-e-type=\"container\">\n\t\t\t\t<div class=\"elementor-element elementor-element-iwgw-umai-litt elementor-widget elementor-widget-text-editor\" data-id=\"iwgw-umai-litt\" data-element_type=\"widget\" data-e-type=\"widget\" data-widget_type=\"text-editor.default\">\n\t\t\t\t\t\t\t\t\t<ul><li>Vladimir Basilov: <em>Shamanism in Siberia<\/em> (1984)<\/li><li>Wilhelm Radloff: <em>Proben der Volkslitteratur der t\u00fcrkischen St\u00e4mme S\u00fcd-Sibiriens<\/em> (1866ff.)<\/li><li>Jean-Paul Roux: <em>La religion des Turcs et des Mongols<\/em> (1984)<\/li><li>Roberte Hamayon: <em>La chasse \u00e0 l&#8217;\u00e2me<\/em> (1990)<\/li><li>Talat Tekin: <em>A Grammar of Orkhon Turkic<\/em> (1968)<\/li><li>Andrei Znamenski: <em>Shamanism and Western Imagination<\/em> (2007)<\/li><\/ul>\t\t\t\t\t\t\t\t<\/div>\n\t\t\t\t<\/div>\n\t\t\t\t\t<\/div>\n\t\t\t\t<\/div>\n\t\t<div class=\"elementor-element elementor-element-iwgkw-add-umai e-flex e-con-boxed e-con e-parent\" data-id=\"iwgkw-add-umai\" data-element_type=\"container\" data-e-type=\"container\">\n\t\t\t\t\t<div class=\"e-con-inner\">\n\t\t\t\t<div class=\"elementor-element elementor-element-iwgkw-add-umai-t elementor-widget elementor-widget-text-editor\" data-id=\"iwgkw-add-umai-t\" data-element_type=\"widget\" data-e-type=\"widget\" data-widget_type=\"text-editor.default\">\n\t\t\t\t\t\t\t\t\t<p>Umai er talin verndargy\u00f0ja <strong>m\u00e6\u00f0ra<\/strong> og n\u00fdf\u00e6ddra barna \u00ed tr\u00faars\u00f6gu tyrknesk-s\u00edber\u00edskra \u00fej\u00f3\u00f0a. Me\u00f0al Altai-tyrkja, Khakasa og Tuva-f\u00f3lks var h\u00fan \u00e1k\u00f6llu\u00f0 s\u00e9rstaklega \u00e1 t\u00edma f\u00e6\u00f0ingar og s\u00e6ngurlegu; nafn hennar merkir \u00ed eldri tyrknesku einnig fylgjuna og v\u00edsar \u00feannig til n\u00e1l\u00e6g\u00f0ar hennar vi\u00f0 \u00fer\u00f6skuldinn milli l\u00edfs fyrir f\u00e6\u00f0ingu og n\u00fds l\u00edfs.<\/p><p>\u00dej\u00f3\u00f0fr\u00e6\u00f0ilegar skr\u00e1ningar fr\u00e1 19. og upphafi 20. aldar l\u00fdsa f\u00f3rnargj\u00f6fum, v\u00f6ggusi\u00f0um og verndar\u00feulum sem m\u00e6\u00f0ur notu\u00f0u til a\u00f0 setja b\u00f6rn s\u00edn undir vernd Umai.<\/p>\t\t\t\t\t\t\t\t<\/div>\n\t\t\t\t\t<\/div>\n\t\t\t\t<\/div>\n\t\t<div class=\"elementor-element elementor-element-iwgw-umai-kwd e-flex e-con-boxed e-con e-parent\" data-id=\"iwgw-umai-kwd\" data-element_type=\"container\" data-e-type=\"container\">\n\t\t\t\t\t<div class=\"e-con-inner\">\n\t\t<div class=\"elementor-element elementor-element-iwgw-umai-kwdc e-con-full e-flex e-con e-child\" data-id=\"iwgw-umai-kwdc\" data-element_type=\"container\" data-e-type=\"container\">\n\t\t\t\t<div class=\"elementor-element elementor-element-iwgw-umai-kwdt elementor-widget elementor-widget-text-editor\" data-id=\"iwgw-umai-kwdt\" data-element_type=\"widget\" data-e-type=\"widget\" data-widget_type=\"text-editor.default\">\n\t\t\t\t\t\t\t\t\t<p><em>Tengd lykilor\u00f0: Umai fylgja Tonyukuk vagga verndun ungbarna Et\u00fcgen Eke.<\/em><\/p>\t\t\t\t\t\t\t\t<\/div>\n\t\t\t\t<\/div>\n\t\t\t\t\t<\/div>\n\t\t\t\t<\/div>\n\t\t<div class=\"elementor-element elementor-element-iwgw-umai-cc e-flex e-con-boxed e-con e-parent\" data-id=\"iwgw-umai-cc\" data-element_type=\"container\" data-e-type=\"container\" id=\"iwg-cc-umai\">\n\t\t\t\t\t<div class=\"e-con-inner\">\n\t\t<div class=\"elementor-element elementor-element-iwgw-umai-ccinner e-flex e-con-boxed e-con e-parent\" data-id=\"iwgw-umai-ccinner\" data-element_type=\"container\" data-e-type=\"container\" data-settings=\"{&quot;background_background&quot;:&quot;classic&quot;}\">\n\t\t\t\t\t<div class=\"e-con-inner\">\n\t\t\t\t<div class=\"elementor-element elementor-element-iwgw-umai-cch elementor-widget elementor-widget-heading\" data-id=\"iwgw-umai-cch\" data-element_type=\"widget\" data-e-type=\"widget\" data-widget_type=\"heading.default\">\n\t\t\t\t\t<h2 class=\"elementor-heading-title elementor-size-default\">iWell Guard og verndarhef\u00f0ir<\/h2>\t\t\t\t<\/div>\n\t\t\t\t<div class=\"elementor-element elementor-element-iwgw-umai-cct elementor-widget elementor-widget-text-editor\" data-id=\"iwgw-umai-cct\" data-element_type=\"widget\" data-e-type=\"widget\" data-widget_type=\"text-editor.default\">\n\t\t\t\t\t\t\t\t\t<div data-nosnippet=\"true\"><p>iWell Guard tengist menningars\u00f6gulegri hef\u00f0 farandlegra verndargripa, \u00ed hef\u00f0 <a href=\"https:\/\/iwell-guard.com\/is\/siberiskur-sjamanismi-tengrismi\/\">S\u00edber\u00edu \/ tengrisma<\/a> og margra annarra menningarheima um allan heim. 41 l\u00f6g, alv\u00f6ru gull, plat\u00edna, silfur, framleitt \u00ed \u00de\u00fdskalandi. 30 daga skilar\u00e9ttur.<\/p><\/div>\t\t\t\t\t\t\t\t<\/div>\n\t\t\t\t<div class=\"elementor-element elementor-element-iwgw-umai-ccb iwg-cc-button iwg-cc-cta-2026-05-13 elementor-widget elementor-widget-jet-button\" data-id=\"iwgw-umai-ccb\" data-element_type=\"widget\" data-e-type=\"widget\" data-widget_type=\"jet-button.default\">\n\t\t\t\t<div class=\"elementor-widget-container\">\n\t\t\t\t\t<div class=\"elementor-jet-button jet-elements\"><div class=\"jet-button__container\"><a class=\"jet-button__instance jet-button__instance--icon-left hover-effect-1\" href=\"\/ueber-iwell-guard\/?utm_source=iwell-guard.com&amp;utm_medium=info-box&amp;utm_campaign=wesen-tradition\"><div class=\"jet-button__plane jet-button__plane-normal\"><\/div><div class=\"jet-button__plane jet-button__plane-hover\"><\/div><div class=\"jet-button__state jet-button__state-normal\"><span class=\"jet-button__label\">Meira um iWell Guard<\/span><\/div><div class=\"jet-button__state jet-button__state-hover\"><span class=\"jet-button__label\">Meira um iWell Guard<\/span><\/div><\/a><\/div><\/div><style>.elementor-element.elementor-element-iwgw-umai-ccb .jet-button__instance{width:320px;height:56px;}.elementor-element.elementor-element-iwgw-umai-ccb .jet-button__state-normal .jet-button__label{text-align:center;margin:0px 0px 0px 0px;color:#1a1b20;font-family:Montserrat,sans-serif;font-size:13px;font-weight:400;letter-spacing:4px;line-height:1.714em;text-transform:uppercase;}.elementor-element.elementor-element-iwgw-umai-ccb .jet-button__state-hover .jet-button__label{text-align:center;margin:0px 0px 0px 0px;color:#FECC76;font-family:Montserrat,sans-serif;font-size:13px;font-weight:400;letter-spacing:4px;line-height:1.714em;text-transform:uppercase;}.elementor-element.elementor-element-iwgw-umai-ccb .jet-button__plane-normal{background-color:#FECC76;border-style:solid;border-color:#C99540;border-width:2px 2px 2px 2px;}.elementor-element.elementor-element-iwgw-umai-ccb .jet-button__plane-hover{background-color:rgba(0,0,0,0.55);border-style:solid;border-color:#FECC76;border-width:2px 2px 2px 2px;}<\/style>\t\t\t\t<\/div>\n\t\t\t\t<\/div>\n\t\t\t\t<div class=\"elementor-element elementor-element-iwgw-umai-ccd elementor-widget elementor-widget-text-editor\" data-id=\"iwgw-umai-ccd\" data-element_type=\"widget\" data-e-type=\"widget\" data-widget_type=\"text-editor.default\">\n\t\t\t\t\t\t\t\t\t<div data-nosnippet=\"true\"><p style=\"text-align:center;font-size:13px;opacity:0.7;margin-top:14px\" data-nosnippet=\"true\">Pers\u00f3nuleg reynsla getur veri\u00f0 mismunandi. Ekki l\u00e6kningat\u00e6ki. Engin lofor\u00f0 um l\u00e6kningu.<\/p><\/div>\t\t\t\t\t\t\t\t<\/div>\n\t\t\t\t\t<\/div>\n\t\t\t\t<\/div>\n\t\t\t\t\t<\/div>\n\t\t\t\t<\/div>\n\t\t<div class=\"elementor-element elementor-element-iwgw-umai-disc e-flex e-con-boxed e-con e-parent\" data-id=\"iwgw-umai-disc\" data-element_type=\"container\" data-e-type=\"container\">\n\t\t\t\t\t<div class=\"e-con-inner\">\n\t\t\t\t<div class=\"elementor-element elementor-element-iwgw-umai-discw elementor-widget elementor-widget-html\" data-id=\"iwgw-umai-discw\" data-element_type=\"widget\" data-e-type=\"widget\" data-widget_type=\"html.default\">\n\t\t\t\t\t<footer data-nosnippet=\"true\" class=\"iwg-disclaimer-block\"><p data-nosnippet=\"true\">iWell Guard er <strong>ekki l\u00e6kningat\u00e6ki<\/strong> og kemur ekki \u00ed sta\u00f0inn fyrir l\u00e6knis- e\u00f0a s\u00e1lfr\u00e6\u00f0ime\u00f0fer\u00f0. Tr\u00faarfr\u00e6\u00f0ilegt efni er menningars\u00f6gulegt samhengi, ekki r\u00e1\u00f0legging um andlega i\u00f0kun.<\/p><\/footer>\t\t\t\t<\/div>\n\t\t\t\t\t<\/div>\n\t\t\t\t<\/div>\n\t\t\t\t<\/div>\n\t\t","protected":false},"excerpt":{"rendered":"","protected":false},"author":3,"featured_media":2859,"parent":0,"menu_order":0,"comment_status":"closed","ping_status":"closed","template":"elementor_header_footer","meta":{"_yoast_wpseo_focuskw":"Umai m\u00f3\u00f0urgy\u00f0ja tengrismi","_yoast_wpseo_title":"Umai \u2013 S\u00edber\u00edsk m\u00f3\u00f0urgy\u00f0ja, d\u00fdrkun og heimildir","_yoast_wpseo_metadesc":"Umai er tyrknesk-s\u00edber\u00edsk verndargy\u00f0ja m\u00e6\u00f0ra og ungbarna. Yfirlit me\u00f0 go\u00f0s\u00f6gn, d\u00fdrkun og heimildum.","_yoast_wpseo_meta-robots-noindex":"","_yoast_wpseo_canonical":"","_angie_page":false,"gefaehrdungsstufe":"","wesen_kultur":"","wesen_klasse":"","footnotes":""},"categories":[],"class_list":["post-168979","page","type-page","status-publish","has-post-thumbnail","hentry"],"yoast_head":"<!-- This site is optimized with the Yoast SEO Premium plugin v27.7 (Yoast SEO v28.3) - https:\/\/yoast.com\/product\/yoast-seo-premium-wordpress\/ -->\n<title>Umai \u2013 S\u00edber\u00edsk m\u00f3\u00f0urgy\u00f0ja, d\u00fdrkun og heimildir<\/title>\n<meta name=\"description\" content=\"Umai er tyrknesk-s\u00edber\u00edsk verndargy\u00f0ja m\u00e6\u00f0ra og ungbarna. Yfirlit me\u00f0 go\u00f0s\u00f6gn, d\u00fdrkun og heimildum.\" \/>\n<meta name=\"robots\" content=\"index, follow, max-snippet:-1, max-image-preview:large, max-video-preview:-1\" \/>\n<link rel=\"canonical\" href=\"https:\/\/iwell-guard.com\/is\/umai-modir-og-barnagydja-tyrkja\/\" \/>\n<meta property=\"og:locale\" content=\"is_IS\" \/>\n<meta property=\"og:type\" content=\"article\" \/>\n<meta property=\"og:title\" content=\"Umai \u2013 m\u00f3\u00f0ur- og barnagy\u00f0ja Tyrkja\" \/>\n<meta property=\"og:description\" content=\"Umai er tyrknesk-s\u00edber\u00edsk verndargy\u00f0ja m\u00e6\u00f0ra og ungbarna. Yfirlit me\u00f0 go\u00f0s\u00f6gn, d\u00fdrkun og heimildum.\" \/>\n<meta property=\"og:url\" content=\"https:\/\/iwell-guard.com\/is\/umai-modir-og-barnagydja-tyrkja\/\" \/>\n<meta property=\"og:site_name\" content=\"iWell Guard\" \/>\n<meta property=\"article:modified_time\" content=\"2026-09-05T14:28:48+00:00\" \/>\n<meta property=\"og:image\" content=\"https:\/\/iwell-guard.com\/wp-content\/uploads\/2026\/05\/goetter_sibirisch-tengrismus_umai.webp\" \/>\n\t<meta property=\"og:image:width\" content=\"1024\" \/>\n\t<meta property=\"og:image:height\" content=\"1536\" \/>\n\t<meta property=\"og:image:type\" content=\"image\/webp\" \/>\n<meta name=\"twitter:card\" content=\"summary_large_image\" \/>\n<script type=\"application\/ld+json\" class=\"yoast-schema-graph\">{\"@context\":\"https:\\\/\\\/schema.org\",\"@graph\":[{\"@type\":\"WebPage\",\"@id\":\"https:\\\/\\\/iwell-guard.com\\\/is\\\/umai-modir-og-barnagydja-tyrkja\\\/\",\"url\":\"https:\\\/\\\/iwell-guard.com\\\/is\\\/umai-modir-og-barnagydja-tyrkja\\\/\",\"name\":\"Umai \u2013 S\u00edber\u00edsk m\u00f3\u00f0urgy\u00f0ja, d\u00fdrkun og heimildir\",\"isPartOf\":{\"@id\":\"https:\\\/\\\/iwell-guard.com\\\/is\\\/#website\"},\"primaryImageOfPage\":{\"@id\":\"https:\\\/\\\/iwell-guard.com\\\/is\\\/umai-modir-og-barnagydja-tyrkja\\\/#primaryimage\"},\"image\":{\"@id\":\"https:\\\/\\\/iwell-guard.com\\\/is\\\/umai-modir-og-barnagydja-tyrkja\\\/#primaryimage\"},\"thumbnailUrl\":\"https:\\\/\\\/iwell-guard.com\\\/wp-content\\\/uploads\\\/2026\\\/05\\\/goetter_sibirisch-tengrismus_umai.webp\",\"datePublished\":\"2026-09-05T14:04:33+00:00\",\"dateModified\":\"2026-09-05T14:28:48+00:00\",\"description\":\"Umai er tyrknesk-s\u00edber\u00edsk verndargy\u00f0ja m\u00e6\u00f0ra og ungbarna. Yfirlit me\u00f0 go\u00f0s\u00f6gn, d\u00fdrkun og heimildum.\",\"breadcrumb\":{\"@id\":\"https:\\\/\\\/iwell-guard.com\\\/is\\\/umai-modir-og-barnagydja-tyrkja\\\/#breadcrumb\"},\"inLanguage\":\"is\",\"potentialAction\":[{\"@type\":\"ReadAction\",\"target\":[\"https:\\\/\\\/iwell-guard.com\\\/is\\\/umai-modir-og-barnagydja-tyrkja\\\/\"]}]},{\"@type\":\"ImageObject\",\"inLanguage\":\"is\",\"@id\":\"https:\\\/\\\/iwell-guard.com\\\/is\\\/umai-modir-og-barnagydja-tyrkja\\\/#primaryimage\",\"url\":\"https:\\\/\\\/iwell-guard.com\\\/wp-content\\\/uploads\\\/2026\\\/05\\\/goetter_sibirisch-tengrismus_umai.webp\",\"contentUrl\":\"https:\\\/\\\/iwell-guard.com\\\/wp-content\\\/uploads\\\/2026\\\/05\\\/goetter_sibirisch-tengrismus_umai.webp\",\"width\":1024,\"height\":1536,\"caption\":\"Gu\u00f0 \u00far hef\u00f0 s\u00edber\u00edsks tengrisma.\"},{\"@type\":\"BreadcrumbList\",\"@id\":\"https:\\\/\\\/iwell-guard.com\\\/is\\\/umai-modir-og-barnagydja-tyrkja\\\/#breadcrumb\",\"itemListElement\":[{\"@type\":\"ListItem\",\"position\":1,\"name\":\"Start\",\"item\":\"https:\\\/\\\/iwell-guard.com\\\/is\\\/?page_id=168580\"},{\"@type\":\"ListItem\",\"position\":2,\"name\":\"Umai \u2013 m\u00f3\u00f0ur- og barnagy\u00f0ja Tyrkja\"}]},{\"@type\":\"WebSite\",\"@id\":\"https:\\\/\\\/iwell-guard.com\\\/is\\\/#website\",\"url\":\"https:\\\/\\\/iwell-guard.com\\\/is\\\/\",\"name\":\"iWell Guard\",\"description\":\"Schutz vor dunklen Einfl\u00fcssen\",\"publisher\":{\"@id\":\"https:\\\/\\\/iwell-guard.com\\\/is\\\/#organization\"},\"potentialAction\":[{\"@type\":\"SearchAction\",\"target\":{\"@type\":\"EntryPoint\",\"urlTemplate\":\"https:\\\/\\\/iwell-guard.com\\\/is\\\/?s={search_term_string}\"},\"query-input\":{\"@type\":\"PropertyValueSpecification\",\"valueRequired\":true,\"valueName\":\"search_term_string\"}}],\"inLanguage\":\"is\"},{\"@type\":\"Organization\",\"@id\":\"https:\\\/\\\/iwell-guard.com\\\/is\\\/#organization\",\"name\":\"Ittermann electronic GmbH\",\"url\":\"https:\\\/\\\/iwell-guard.com\\\/is\\\/\",\"logo\":{\"@type\":\"ImageObject\",\"inLanguage\":\"is\",\"@id\":\"https:\\\/\\\/iwell-guard.com\\\/is\\\/#\\\/schema\\\/logo\\\/image\\\/\",\"url\":\"https:\\\/\\\/iwell-guard.com\\\/wp-content\\\/uploads\\\/2026\\\/05\\\/Ittermann-Logo-1182x237-1.png\",\"contentUrl\":\"https:\\\/\\\/iwell-guard.com\\\/wp-content\\\/uploads\\\/2026\\\/05\\\/Ittermann-Logo-1182x237-1.png\",\"width\":1182,\"height\":237,\"caption\":\"Ittermann electronic GmbH\"},\"image\":{\"@id\":\"https:\\\/\\\/iwell-guard.com\\\/is\\\/#\\\/schema\\\/logo\\\/image\\\/\"},\"sameAs\":[\"https:\\\/\\\/pantip.com\\\/profile\\\/9367242\",\"https:\\\/\\\/micro.blog\\\/iwellguard\",\"https:\\\/\\\/www.diggerslist.com\\\/iwellguard\\\/about\",\"https:\\\/\\\/skitterphoto.com\\\/photographers\\\/2870314\\\/iwell-guard\",\"https:\\\/\\\/iwellguard.wordpress.com\\\/2026\\\/06\\\/06\\\/iwell-guard\\\/\",\"https:\\\/\\\/hub.docker.com\\\/u\\\/iwellguard\",\"https:\\\/\\\/www.pinterest.com\\\/iwellguard\\\/\",\"https:\\\/\\\/bit.ly\\\/m\\\/iwellguard\",\"https:\\\/\\\/entre-vos-mains.alsace.eu\\\/profiles\\\/iwellguard\\\/activity\",\"https:\\\/\\\/gravatar.com\\\/reallybeded8fd34\",\"https:\\\/\\\/naijamatta.com\\\/iwellguard\",\"https:\\\/\\\/www.goodreads.com\\\/iwellguard\",\"https:\\\/\\\/profile.hatena.ne.jp\\\/iwellguard\\\/\",\"https:\\\/\\\/experiment.com\\\/users\\\/iwellguard\",\"https:\\\/\\\/wakelet.com\\\/@iWellGuard82270\",\"https:\\\/\\\/www.chordie.com\\\/forum\\\/profile.php?id=2555664\",\"https:\\\/\\\/www.instapaper.com\\\/p\\\/17757966\",\"https:\\\/\\\/www.mapleprimes.com\\\/users\\\/iwellguard\",\"https:\\\/\\\/businesslistingplus.com\\\/profile\\\/iwell-guard\\\/\",\"https:\\\/\\\/telegra.ph\\\/iWell-Guard-06-06\",\"https:\\\/\\\/pbase.com\\\/iwellguard\\\/iwellguard\",\"https:\\\/\\\/b.hatena.ne.jp\\\/iwellguard\\\/20260607#bookmark-4788405196491818882\",\"https:\\\/\\\/fliphtml5.com\\\/home\\\/iwellguard\",\"https:\\\/\\\/anyflip.com\\\/homepage\\\/cmiwl#About\",\"https:\\\/\\\/transfur.com\\\/Users\\\/iwellguard\",\"http:\\\/\\\/delphi.larsbo.org\\\/user\\\/iwellguard\",\"https:\\\/\\\/jobs.lajobsportal.org\\\/profiles\\\/8380803-iwell-guard\",\"https:\\\/\\\/md.chaosdorf.de\\\/s\\\/jfbe5SBdJD\",\"https:\\\/\\\/www.lingvolive.com\\\/en-us\\\/profile\\\/9ecaeaca-ce11-4e51-9e71-01d55e2bff36\\\/translations\",\"https:\\\/\\\/www.fitday.com\\\/fitness\\\/forums\\\/members\\\/iwellguard.html\",\"https:\\\/\\\/www.mymeetbook.com\\\/iwellguard\",\"https:\\\/\\\/pxhere.com\\\/en\\\/photographer-me\\\/5040798\",\"https:\\\/\\\/disqus.com\\\/by\\\/iwellguard\\\/about\\\/\",\"https:\\\/\\\/pastelink.net\\\/hjwciqwq\",\"https:\\\/\\\/pubhtml5.com\\\/homepage\\\/scjhn\\\/\",\"https:\\\/\\\/www.bitchute.com\\\/channel\\\/2O2eOKzNqujT\",\"https:\\\/\\\/audiomack.com\\\/iwellguard\"]}]}<\/script>\n<!-- \/ Yoast SEO Premium plugin. -->","yoast_head_json":{"title":"Umai \u2013 S\u00edber\u00edsk m\u00f3\u00f0urgy\u00f0ja, d\u00fdrkun og heimildir","description":"Umai er tyrknesk-s\u00edber\u00edsk verndargy\u00f0ja m\u00e6\u00f0ra og ungbarna. Yfirlit me\u00f0 go\u00f0s\u00f6gn, d\u00fdrkun og heimildum.","robots":{"index":"index","follow":"follow","max-snippet":"max-snippet:-1","max-image-preview":"max-image-preview:large","max-video-preview":"max-video-preview:-1"},"canonical":"https:\/\/iwell-guard.com\/is\/umai-modir-og-barnagydja-tyrkja\/","og_locale":"is_IS","og_type":"article","og_title":"Umai \u2013 m\u00f3\u00f0ur- og barnagy\u00f0ja Tyrkja","og_description":"Umai er tyrknesk-s\u00edber\u00edsk verndargy\u00f0ja m\u00e6\u00f0ra og ungbarna. Yfirlit me\u00f0 go\u00f0s\u00f6gn, d\u00fdrkun og heimildum.","og_url":"https:\/\/iwell-guard.com\/is\/umai-modir-og-barnagydja-tyrkja\/","og_site_name":"iWell Guard","article_modified_time":"2026-09-05T14:28:48+00:00","og_image":[{"width":1024,"height":1536,"url":"https:\/\/iwell-guard.com\/wp-content\/uploads\/2026\/05\/goetter_sibirisch-tengrismus_umai.webp","type":"image\/webp"}],"twitter_card":"summary_large_image","schema":{"@context":"https:\/\/schema.org","@graph":[{"@type":"WebPage","@id":"https:\/\/iwell-guard.com\/is\/umai-modir-og-barnagydja-tyrkja\/","url":"https:\/\/iwell-guard.com\/is\/umai-modir-og-barnagydja-tyrkja\/","name":"Umai \u2013 S\u00edber\u00edsk m\u00f3\u00f0urgy\u00f0ja, d\u00fdrkun og heimildir","isPartOf":{"@id":"https:\/\/iwell-guard.com\/is\/#website"},"primaryImageOfPage":{"@id":"https:\/\/iwell-guard.com\/is\/umai-modir-og-barnagydja-tyrkja\/#primaryimage"},"image":{"@id":"https:\/\/iwell-guard.com\/is\/umai-modir-og-barnagydja-tyrkja\/#primaryimage"},"thumbnailUrl":"https:\/\/iwell-guard.com\/wp-content\/uploads\/2026\/05\/goetter_sibirisch-tengrismus_umai.webp","datePublished":"2026-09-05T14:04:33+00:00","dateModified":"2026-09-05T14:28:48+00:00","description":"Umai er tyrknesk-s\u00edber\u00edsk verndargy\u00f0ja m\u00e6\u00f0ra og ungbarna. Yfirlit me\u00f0 go\u00f0s\u00f6gn, d\u00fdrkun og heimildum.","breadcrumb":{"@id":"https:\/\/iwell-guard.com\/is\/umai-modir-og-barnagydja-tyrkja\/#breadcrumb"},"inLanguage":"is","potentialAction":[{"@type":"ReadAction","target":["https:\/\/iwell-guard.com\/is\/umai-modir-og-barnagydja-tyrkja\/"]}]},{"@type":"ImageObject","inLanguage":"is","@id":"https:\/\/iwell-guard.com\/is\/umai-modir-og-barnagydja-tyrkja\/#primaryimage","url":"https:\/\/iwell-guard.com\/wp-content\/uploads\/2026\/05\/goetter_sibirisch-tengrismus_umai.webp","contentUrl":"https:\/\/iwell-guard.com\/wp-content\/uploads\/2026\/05\/goetter_sibirisch-tengrismus_umai.webp","width":1024,"height":1536,"caption":"Gu\u00f0 \u00far hef\u00f0 s\u00edber\u00edsks tengrisma."},{"@type":"BreadcrumbList","@id":"https:\/\/iwell-guard.com\/is\/umai-modir-og-barnagydja-tyrkja\/#breadcrumb","itemListElement":[{"@type":"ListItem","position":1,"name":"Start","item":"https:\/\/iwell-guard.com\/is\/?page_id=168580"},{"@type":"ListItem","position":2,"name":"Umai \u2013 m\u00f3\u00f0ur- og barnagy\u00f0ja Tyrkja"}]},{"@type":"WebSite","@id":"https:\/\/iwell-guard.com\/is\/#website","url":"https:\/\/iwell-guard.com\/is\/","name":"iWell Guard","description":"Schutz vor dunklen Einfl\u00fcssen","publisher":{"@id":"https:\/\/iwell-guard.com\/is\/#organization"},"potentialAction":[{"@type":"SearchAction","target":{"@type":"EntryPoint","urlTemplate":"https:\/\/iwell-guard.com\/is\/?s={search_term_string}"},"query-input":{"@type":"PropertyValueSpecification","valueRequired":true,"valueName":"search_term_string"}}],"inLanguage":"is"},{"@type":"Organization","@id":"https:\/\/iwell-guard.com\/is\/#organization","name":"Ittermann electronic GmbH","url":"https:\/\/iwell-guard.com\/is\/","logo":{"@type":"ImageObject","inLanguage":"is","@id":"https:\/\/iwell-guard.com\/is\/#\/schema\/logo\/image\/","url":"https:\/\/iwell-guard.com\/wp-content\/uploads\/2026\/05\/Ittermann-Logo-1182x237-1.png","contentUrl":"https:\/\/iwell-guard.com\/wp-content\/uploads\/2026\/05\/Ittermann-Logo-1182x237-1.png","width":1182,"height":237,"caption":"Ittermann electronic GmbH"},"image":{"@id":"https:\/\/iwell-guard.com\/is\/#\/schema\/logo\/image\/"},"sameAs":["https:\/\/pantip.com\/profile\/9367242","https:\/\/micro.blog\/iwellguard","https:\/\/www.diggerslist.com\/iwellguard\/about","https:\/\/skitterphoto.com\/photographers\/2870314\/iwell-guard","https:\/\/iwellguard.wordpress.com\/2026\/06\/06\/iwell-guard\/","https:\/\/hub.docker.com\/u\/iwellguard","https:\/\/www.pinterest.com\/iwellguard\/","https:\/\/bit.ly\/m\/iwellguard","https:\/\/entre-vos-mains.alsace.eu\/profiles\/iwellguard\/activity","https:\/\/gravatar.com\/reallybeded8fd34","https:\/\/naijamatta.com\/iwellguard","https:\/\/www.goodreads.com\/iwellguard","https:\/\/profile.hatena.ne.jp\/iwellguard\/","https:\/\/experiment.com\/users\/iwellguard","https:\/\/wakelet.com\/@iWellGuard82270","https:\/\/www.chordie.com\/forum\/profile.php?id=2555664","https:\/\/www.instapaper.com\/p\/17757966","https:\/\/www.mapleprimes.com\/users\/iwellguard","https:\/\/businesslistingplus.com\/profile\/iwell-guard\/","https:\/\/telegra.ph\/iWell-Guard-06-06","https:\/\/pbase.com\/iwellguard\/iwellguard","https:\/\/b.hatena.ne.jp\/iwellguard\/20260607#bookmark-4788405196491818882","https:\/\/fliphtml5.com\/home\/iwellguard","https:\/\/anyflip.com\/homepage\/cmiwl#About","https:\/\/transfur.com\/Users\/iwellguard","http:\/\/delphi.larsbo.org\/user\/iwellguard","https:\/\/jobs.lajobsportal.org\/profiles\/8380803-iwell-guard","https:\/\/md.chaosdorf.de\/s\/jfbe5SBdJD","https:\/\/www.lingvolive.com\/en-us\/profile\/9ecaeaca-ce11-4e51-9e71-01d55e2bff36\/translations","https:\/\/www.fitday.com\/fitness\/forums\/members\/iwellguard.html","https:\/\/www.mymeetbook.com\/iwellguard","https:\/\/pxhere.com\/en\/photographer-me\/5040798","https:\/\/disqus.com\/by\/iwellguard\/about\/","https:\/\/pastelink.net\/hjwciqwq","https:\/\/pubhtml5.com\/homepage\/scjhn\/","https:\/\/www.bitchute.com\/channel\/2O2eOKzNqujT","https:\/\/audiomack.com\/iwellguard"]}]}},"_links":{"self":[{"href":"https:\/\/iwell-guard.com\/is\/wp-json\/wp\/v2\/pages\/168979","targetHints":{"allow":["GET"]}}],"collection":[{"href":"https:\/\/iwell-guard.com\/is\/wp-json\/wp\/v2\/pages"}],"about":[{"href":"https:\/\/iwell-guard.com\/is\/wp-json\/wp\/v2\/types\/page"}],"author":[{"embeddable":true,"href":"https:\/\/iwell-guard.com\/is\/wp-json\/wp\/v2\/users\/3"}],"replies":[{"embeddable":true,"href":"https:\/\/iwell-guard.com\/is\/wp-json\/wp\/v2\/comments?post=168979"}],"version-history":[{"count":0,"href":"https:\/\/iwell-guard.com\/is\/wp-json\/wp\/v2\/pages\/168979\/revisions"}],"wp:featuredmedia":[{"embeddable":true,"href":"https:\/\/iwell-guard.com\/is\/wp-json\/wp\/v2\/media\/2859"}],"wp:attachment":[{"href":"https:\/\/iwell-guard.com\/is\/wp-json\/wp\/v2\/media?parent=168979"}],"wp:term":[{"taxonomy":"category","embeddable":true,"href":"https:\/\/iwell-guard.com\/is\/wp-json\/wp\/v2\/categories?post=168979"}],"curies":[{"name":"wp","href":"https:\/\/api.w.org\/{rel}","templated":true}]}}