{"id":168978,"date":"2026-09-05T14:04:32","date_gmt":"2026-09-05T14:04:32","guid":{"rendered":"https:\/\/iwell-guard.com\/?page_id=168978"},"modified":"2026-09-05T14:28:44","modified_gmt":"2026-09-05T14:28:44","slug":"reshef-fonikiskur-plagugu-og-stridsgud","status":"publish","type":"page","link":"https:\/\/iwell-guard.com\/is\/reshef-fonikiskur-plagugu-og-stridsgud\/","title":{"rendered":"Reshef \u2013 F\u00f6nik\u00edskur pl\u00e1gugu\u00f0 og str\u00ed\u00f0sgu\u00f0"},"content":{"rendered":"\t\t<div data-elementor-type=\"wp-page\" data-elementor-id=\"168978\" class=\"elementor elementor-168978 elementor-2633 elementor-bc-flex-widget\" data-elementor-post-type=\"page\">\n\t\t\t\t<div class=\"elementor-element elementor-element-iwgw-reshef-hero e-flex e-con-boxed e-con e-parent\" data-id=\"iwgw-reshef-hero\" data-element_type=\"container\" data-e-type=\"container\" data-settings=\"{&quot;background_background&quot;:&quot;classic&quot;}\">\n\t\t\t\t\t<div class=\"e-con-inner\">\n\t\t<div class=\"elementor-element elementor-element-iwgw-reshef-hl e-flex e-con-boxed e-con e-child\" data-id=\"iwgw-reshef-hl\" data-element_type=\"container\" data-e-type=\"container\">\n\t\t\t\t\t<div class=\"e-con-inner\">\n\t\t<div class=\"elementor-element elementor-element-iwgw-reshef-htxt e-con-full e-flex e-con e-child\" data-id=\"iwgw-reshef-htxt\" data-element_type=\"container\" data-e-type=\"container\">\n\t\t\t\t<div class=\"elementor-element elementor-element-iwgw-reshef-h1 elementor-widget elementor-widget-heading\" data-id=\"iwgw-reshef-h1\" data-element_type=\"widget\" data-e-type=\"widget\" data-widget_type=\"heading.default\">\n\t\t\t\t\t<h1 class=\"elementor-heading-title elementor-size-default\">Reshef, f\u00f6nik\u00edsk-kanaan\u00edt\u00edskur pl\u00e1gugu\u00f0 og str\u00ed\u00f0sgu\u00f0<\/h1>\t\t\t\t<\/div>\n\t\t\t\t<div class=\"elementor-element elementor-element-iwgw-reshef-lead elementor-widget elementor-widget-text-editor\" data-id=\"iwgw-reshef-lead\" data-element_type=\"widget\" data-e-type=\"widget\" data-widget_type=\"text-editor.default\">\n\t\t\t\t\t\t\t\t\t<p>Reshef (f\u00f6nik\u00edska <em>r\u0161p<\/em>, \u00fagar\u00edt\u00edska <em>r\u0161p<\/em>) er f\u00f6nik\u00edsk-kanaan\u00edt\u00edskur gu\u00f0 pl\u00e1gunnar, str\u00ed\u00f0sins og bogans. Hann var d\u00fdrka\u00f0ur \u00ed Austurl\u00f6ndum n\u00e6r og \u00ed fara\u00f3nsku Egyptalandi sem tv\u00edbent m\u00e1ttarvald: hann olli sj\u00fakd\u00f3mum og dau\u00f0a, en var jafnframt verndargu\u00f0 gegn \u00feessum meinum.<\/p>\t\t\t\t\t\t\t\t<\/div>\n\t\t\t\t<\/div>\n\t\t<div class=\"elementor-element elementor-element-iwgw-reshef-pillc e-con-full e-flex e-con e-child\" data-id=\"iwgw-reshef-pillc\" data-element_type=\"container\" data-e-type=\"container\">\n\t\t\t\t<div class=\"elementor-element elementor-element-iwgw-reshef-pills elementor-widget elementor-widget-html\" data-id=\"iwgw-reshef-pills\" data-element_type=\"widget\" data-e-type=\"widget\" data-widget_type=\"html.default\">\n\t\t\t\t\t<div class=\"iwg-pill-row\"><span class=\"iwg-klasse-badge\" tabindex=\"0\" data-tooltip=\"Gu\u00f0 \u00far f\u00f6nik\u00edskri hef\u00f0.\">Gu\u00f0<\/span><a href=\"https:\/\/iwell-guard.com\/is\/fonikiumenn-og-kartago-baal-tanit\/\" class=\"iwg-kultur-badge\" tabindex=\"0\" data-tooltip=\"Go\u00f0afr\u00e6\u00f0i f\u00f6nik\u00edskrar hef\u00f0ar.\">F\u00f6nik\u00edskt<\/a><span class=\"iwg-tradition-badge\" tabindex=\"0\" data-tooltip=\"Pl\u00e1gugu\u00f0 og str\u00ed\u00f0sgu\u00f0.\">Pl\u00e1gugu\u00f0 og str\u00ed\u00f0sgu\u00f0<\/span><\/div>\t\t\t\t<\/div>\n\t\t\t\t<\/div>\n\t\t<div class=\"elementor-element elementor-element-iwgw-reshef-tocc e-con-full e-flex e-con e-child\" data-id=\"iwgw-reshef-tocc\" data-element_type=\"container\" data-e-type=\"container\">\n\t\t\t\t<div class=\"elementor-element elementor-element-iwgw-reshef-toc elementor-toc--minimized-on-tablet elementor-widget elementor-widget-table-of-contents\" data-id=\"iwgw-reshef-toc\" data-element_type=\"widget\" data-e-type=\"widget\" data-settings=\"{&quot;headings_by_tags&quot;:[&quot;h2&quot;,&quot;h3&quot;],&quot;minimize_box&quot;:&quot;yes&quot;,&quot;marker_view&quot;:&quot;bullets&quot;,&quot;no_headings_message&quot;:&quot;Engar undirfyrirsagnir fundust \\u00e1 \\u00feessari s\\u00ed\\u00f0u.&quot;,&quot;exclude_headings_by_selector&quot;:[],&quot;icon&quot;:{&quot;value&quot;:&quot;fas fa-circle&quot;,&quot;library&quot;:&quot;fa-solid&quot;,&quot;rendered_tag&quot;:&quot;&lt;svg class=\\&quot;e-font-icon-svg e-fas-circle\\&quot; viewBox=\\&quot;0 0 512 512\\&quot; xmlns=\\&quot;http:\\\/\\\/www.w3.org\\\/2000\\\/svg\\&quot;&gt;&lt;path d=\\&quot;M256 8C119 8 8 119 8 256s111 248 248 248 248-111 248-248S393 8 256 8z\\&quot;&gt;&lt;\\\/path&gt;&lt;\\\/svg&gt;&quot;},&quot;minimized_on&quot;:&quot;tablet&quot;,&quot;hierarchical_view&quot;:&quot;yes&quot;,&quot;min_height&quot;:{&quot;unit&quot;:&quot;px&quot;,&quot;size&quot;:&quot;&quot;,&quot;sizes&quot;:[]},&quot;min_height_tablet&quot;:{&quot;unit&quot;:&quot;px&quot;,&quot;size&quot;:&quot;&quot;,&quot;sizes&quot;:[]},&quot;min_height_mobile&quot;:{&quot;unit&quot;:&quot;px&quot;,&quot;size&quot;:&quot;&quot;,&quot;sizes&quot;:[]}}\" data-widget_type=\"table-of-contents.default\">\n\t\t\t\t\t\t\t\t\t<div class=\"elementor-toc__header\">\n\t\t\t\t\t\t<h2 class=\"elementor-toc__header-title\">\n\t\t\t\tEfnisyfirlit\t\t\t<\/h2>\n\t\t\t\t\t\t\t\t\t\t<div class=\"elementor-toc__toggle-button elementor-toc__toggle-button--expand\" role=\"button\" tabindex=\"0\" aria-controls=\"elementor-toc__iwgw-reshef-toc\" aria-expanded=\"true\" aria-label=\"Open table of contents\"><svg aria-hidden=\"true\" class=\"e-font-icon-svg e-fas-chevron-down\" viewBox=\"0 0 448 512\" xmlns=\"http:\/\/www.w3.org\/2000\/svg\"><path d=\"M207.029 381.476L12.686 187.132c-9.373-9.373-9.373-24.569 0-33.941l22.667-22.667c9.357-9.357 24.522-9.375 33.901-.04L224 284.505l154.745-154.021c9.379-9.335 24.544-9.317 33.901.04l22.667 22.667c9.373 9.373 9.373 24.569 0 33.941L240.971 381.476c-9.373 9.372-24.569 9.372-33.942 0z\"><\/path><\/svg><\/div>\n\t\t\t\t<div class=\"elementor-toc__toggle-button elementor-toc__toggle-button--collapse\" role=\"button\" tabindex=\"0\" aria-controls=\"elementor-toc__iwgw-reshef-toc\" aria-expanded=\"true\" aria-label=\"Close table of contents\"><svg aria-hidden=\"true\" class=\"e-font-icon-svg e-fas-chevron-up\" viewBox=\"0 0 448 512\" xmlns=\"http:\/\/www.w3.org\/2000\/svg\"><path d=\"M240.971 130.524l194.343 194.343c9.373 9.373 9.373 24.569 0 33.941l-22.667 22.667c-9.357 9.357-24.522 9.375-33.901.04L224 227.495 69.255 381.516c-9.379 9.335-24.544 9.317-33.901-.04l-22.667-22.667c-9.373-9.373-9.373-24.569 0-33.941L207.03 130.525c9.372-9.373 24.568-9.373 33.941-.001z\"><\/path><\/svg><\/div>\n\t\t\t\t\t<\/div>\n\t\t\t\t<div id=\"elementor-toc__iwgw-reshef-toc\" class=\"elementor-toc__body\">\n\t\t\t<div class=\"elementor-toc__spinner-container\">\n\t\t\t\t<svg class=\"elementor-toc__spinner eicon-animation-spin e-font-icon-svg e-eicon-loading\" aria-hidden=\"true\" viewBox=\"0 0 1000 1000\" xmlns=\"http:\/\/www.w3.org\/2000\/svg\"><path d=\"M500 975V858C696 858 858 696 858 500S696 142 500 142 142 304 142 500H25C25 237 238 25 500 25S975 237 975 500 763 975 500 975Z\"><\/path><\/svg>\t\t\t<\/div>\n\t\t<\/div>\n\t\t\t\t\t\t<\/div>\n\t\t\t\t<\/div>\n\t\t\t\t\t<\/div>\n\t\t\t\t<\/div>\n\t\t<div class=\"elementor-element elementor-element-iwgw-reshef-hr e-con-full e-flex e-con e-child\" data-id=\"iwgw-reshef-hr\" data-element_type=\"container\" data-e-type=\"container\">\n\t\t\t\t<div class=\"elementor-element elementor-element-iwgw-reshef-heroimg iwg-hero-image elementor-widget elementor-widget-image\" data-id=\"iwgw-reshef-heroimg\" data-element_type=\"widget\" data-e-type=\"widget\" data-widget_type=\"image.default\">\n\t\t\t\t\t\t\t\t\t\t\t\t\t\t\t<img fetchpriority=\"high\" decoding=\"async\" width=\"683\" height=\"1024\" src=\"https:\/\/iwell-guard.com\/wp-content\/uploads\/2026\/05\/goetter_phoenizisch_reshef-683x1024.webp\" class=\"attachment-large size-large wp-image-170805\" alt=\"Reshef - gu\u00f0ir \u00far f\u00f6nik\u00edskri hef\u00f0, s\u00f6guleg myndskreyting\" srcset=\"https:\/\/iwell-guard.com\/wp-content\/uploads\/2026\/05\/goetter_phoenizisch_reshef-683x1024.webp 683w, https:\/\/iwell-guard.com\/wp-content\/uploads\/2026\/05\/goetter_phoenizisch_reshef-200x300.webp 200w, https:\/\/iwell-guard.com\/wp-content\/uploads\/2026\/05\/goetter_phoenizisch_reshef-768x1152.webp 768w, https:\/\/iwell-guard.com\/wp-content\/uploads\/2026\/05\/goetter_phoenizisch_reshef.webp 1024w\" sizes=\"(max-width: 683px) 100vw, 683px\" \/>\t\t\t\t\t\t\t\t\t\t\t\t\t\t\t<\/div>\n\t\t\t\t<\/div>\n\t\t\t\t\t<\/div>\n\t\t\t\t<\/div>\n\t\t\t\t<section class=\"elementor-section elementor-top-section elementor-element elementor-element-sec-iwgcomp2-reshef elementor-section-boxed elementor-section-height-default elementor-section-height-default\" data-id=\"sec-iwgcomp2-reshef\" data-element_type=\"section\" data-e-type=\"section\">\n\t\t\t\t\t\t<div class=\"elementor-container elementor-column-gap-default\">\n\t\t\t\t\t<div class=\"elementor-column elementor-col-100 elementor-top-column elementor-element elementor-element-col-iwgcomp2-reshef\" data-id=\"col-iwgcomp2-reshef\" data-element_type=\"column\" data-e-type=\"column\">\n\t\t\t<div class=\"elementor-widget-wrap elementor-element-populated\">\n\t\t\t\t\t\t<div class=\"elementor-element elementor-element-iwgcomp2-reshef elementor-widget elementor-widget-text-editor\" data-id=\"iwgcomp2-reshef\" data-element_type=\"widget\" data-e-type=\"widget\" data-widget_type=\"text-editor.default\">\n\t\t\t\t\t\t\t\t\t<p>Reshef kemur fram sem <strong>f\u00f6nik\u00edsk-kanaan\u00edt\u00edskur<\/strong> pl\u00e1gugu\u00f0 og str\u00ed\u00f0sgu\u00f0 \u00ed textum fr\u00e1 \u00dagar\u00edt og Levantsv\u00e6\u00f0inu.<\/p>\t\t\t\t\t\t\t\t<\/div>\n\t\t\t\t\t<\/div>\n\t\t<\/div>\n\t\t\t\t\t<\/div>\n\t\t<\/section>\n\t\t<div class=\"elementor-element elementor-element-iwgw-reshef-s0 e-flex e-con-boxed e-con e-parent\" data-id=\"iwgw-reshef-s0\" data-element_type=\"container\" data-e-type=\"container\">\n\t\t\t\t\t<div class=\"e-con-inner\">\n\t\t\t\t<div class=\"elementor-element elementor-element-iwgw-reshef-s0h elementor-widget elementor-widget-heading\" data-id=\"iwgw-reshef-s0h\" data-element_type=\"widget\" data-e-type=\"widget\" data-widget_type=\"heading.default\">\n\t\t\t\t\t<h2 class=\"elementor-heading-title elementor-size-default\">Greining og skammrit<\/h2>\t\t\t\t<\/div>\n\t\t<div class=\"elementor-element elementor-element-iwgw-reshef-s0c e-con-full e-flex e-con e-child\" data-id=\"iwgw-reshef-s0c\" data-element_type=\"container\" data-e-type=\"container\">\n\t\t\t\t<div class=\"elementor-element elementor-element-iwgw-reshef-s0t elementor-widget elementor-widget-text-editor\" data-id=\"iwgw-reshef-s0t\" data-element_type=\"widget\" data-e-type=\"widget\" data-widget_type=\"text-editor.default\">\n\t\t\t\t\t\t\t\t\t<p>Reshef er einn af elstu gu\u00f0um vestursemit\u00edskrar hef\u00f0ar; hans er geti\u00f0 allt fr\u00e1 forns\u00fdrlenskum t\u00edma (s\u00ed\u00f0la 3. \u00e1r\u00fe\u00fasunds f.Kr.) \u00ed Ebla, og d\u00fdrkun hans h\u00e9lst allt fram \u00e1 hellen\u00edsk-r\u00f3mverskt t\u00edmabil.<\/p><p>Sabatino Moscati s\u00fdndi \u00ed <em>Die Ph\u00f6niker<\/em> (1966) a\u00f0 Reshef gegndi mikilv\u00e6gu hlutverki \u00ed n\u00e6r hverju f\u00f6nik\u00edsku borgr\u00edki; sta\u00f0a hans sem pl\u00e1gugu\u00f0s og str\u00ed\u00f0sgu\u00f0s gerir hann tv\u00edbentan, jafnt hr\u00e6ddan og \u00e1kalla\u00f0an um hj\u00e1lp.<\/p><p>Paolo Xella rannsaka\u00f0i Reshef-textana \u00edtarlega \u00ed <em>I testi rituali di Ugarit<\/em> (1981) og Maciej M\u00fcnnich \u00ed <em>The God Resheph<\/em> (2013). Rit M\u00fcnnichs er umfangsmesta n\u00fat\u00edmaranns\u00f3knin \u00e1 \u00feessum gu\u00f0i og telst sta\u00f0alheimild. Innan <a href=\"https:\/\/iwell-guard.com\/is\/fonikiumenn-og-kartago-baal-tanit\/\">f\u00f6nik\u00edskrar hef\u00f0ar<\/a> er Reshef fyrirmyndargo\u00f0i\u00f0 fyrir tv\u00edbenda gu\u00f0i sj\u00fakd\u00f3ma og ofbeldisfulls dau\u00f0a.<\/p><p>Tr\u00faars\u00f6gulega tilheyrir Reshef al\u00fej\u00f3\u00f0legri fj\u00f6lskyldu &#8216;pl\u00e1gup\u00edla&#8217;-gu\u00f0a sem koma fram \u00ed n\u00e6r \u00f6llum go\u00f0afr\u00e6\u00f0um Litlu-As\u00edu og n\u00e1grannasv\u00e6\u00f0a: Erra\/Nergal \u00ed Mes\u00f3p\u00f3tam\u00edu, pl\u00e1gu-\u00fe\u00e6ttir gr\u00edska gu\u00f0sins Apollons, het\u00edska gu\u00f0inn Yarri og fleiri. \u00deessir gu\u00f0ir senda p\u00edlur sem valda sj\u00fakd\u00f3mum og dau\u00f0a, en m\u00e1 einnig \u00e1kalla um verndun gegn \u00feessum s\u00f6mu meinum. \u00deessi tv\u00edbendni er lykileinkenni Reshefs.<\/p><p>S\u00e9rkennileg eigind Reshefs er tengingin vi\u00f0 hestinn: \u00cd \u00fagar\u00edt\u00edskum textum er hann stundum kalla\u00f0ur &#8216;Reshef hestanna&#8217;, sem g\u00e6ti v\u00edsa\u00f0 til hlutverks hans sem verndargu\u00f0s str\u00ed\u00f0svagnasveita. \u00deessi fj\u00f6lbreytni hlutverka, pl\u00e1ga, str\u00ed\u00f0, hestur, bogi, gerir Reshef a\u00f0 fl\u00f3knum gu\u00f0i me\u00f0 marga \u00fe\u00e6tti.<\/p>\t\t\t\t\t\t\t\t<\/div>\n\t\t\t\t<\/div>\n\t\t\t\t\t<\/div>\n\t\t\t\t<\/div>\n\t\t<div class=\"elementor-element elementor-element-iwgw-reshef-s1 e-flex e-con-boxed e-con e-parent\" data-id=\"iwgw-reshef-s1\" data-element_type=\"container\" data-e-type=\"container\">\n\t\t\t\t\t<div class=\"e-con-inner\">\n\t\t\t\t<div class=\"elementor-element elementor-element-iwgw-reshef-s1h elementor-widget elementor-widget-heading\" data-id=\"iwgw-reshef-s1h\" data-element_type=\"widget\" data-e-type=\"widget\" data-widget_type=\"heading.default\">\n\t\t\t\t\t<h2 class=\"elementor-heading-title elementor-size-default\">Nafn og or\u00f0sifjar<\/h2>\t\t\t\t<\/div>\n\t\t<div class=\"elementor-element elementor-element-iwgw-reshef-s1c e-con-full e-flex e-con e-child\" data-id=\"iwgw-reshef-s1c\" data-element_type=\"container\" data-e-type=\"container\">\n\t\t\t\t<div class=\"elementor-element elementor-element-iwgw-reshef-s1t elementor-widget elementor-widget-text-editor\" data-id=\"iwgw-reshef-s1t\" data-element_type=\"widget\" data-e-type=\"widget\" data-widget_type=\"text-editor.default\">\n\t\t\t\t\t\t\t\t\t<p>Nafni\u00f0 <em>r\u0161p<\/em> er vestursemit\u00edskt; uppruni or\u00f0sins er ekki fullkomlega lj\u00f3s. Ein tr\u00faver\u00f0ug sk\u00fdring tengir \u00fea\u00f0 vi\u00f0 r\u00f3tina <em>r\u0161p<\/em> &#8216;logi, elding, neisti&#8217;, sem myndi samr\u00e6mast p\u00edla- og pl\u00e1gu-t\u00e1knmynd hans. \u00c1 hebresku kemur <em>re\u0161ef<\/em> fram sem nafnor\u00f0 yfir &#8216;p\u00edlu&#8217; e\u00f0a &#8216;eldsj\u00fakd\u00f3m&#8217; (5M\u00f3s 32,24; Job 5,7; Lj\u00f3\u00f0alj\u00f3\u00f0in 8,6), sem er bein merkingarleg arfleif\u00f0.<\/p><p>\u00cd \u00e1letrunum kemur hann fram sem <em>r\u0161p<\/em>, oft me\u00f0 vi\u00f0urnefnum: Reshef-Hagab (&#8216;Reshef ey\u00f0imerkjaflugunnar\/engispretta&#8217;), Reshef-Mlk (&#8216;Reshef konungur&#8217;), Reshef-\u0160uluman (&#8216;Reshef fri\u00f0arins&#8217;). \u00deessi fj\u00f6lbreytni vi\u00f0urnefna endurspeglar m\u00f6rg birtingarform hans \u00ed mismunandi sta\u00f0bundnu samhengi. \u00cd Ebla kemur hann fram allt fr\u00e1 24. \u00f6ld f.Kr.; \u00ed \u00dagar\u00edt er hann fremstur me\u00f0al gu\u00f0a.<\/p><p>\u00cd Egyptalandi kemur hann fram fr\u00e1 t\u00edmum N\u00fdja r\u00edkisins undir nafninu &#8216;Reshep&#8217;, innfluttur \u00ed egypska <span class=\"iwg-fachbegriff\" data-tooltip=\"Heild gu\u00f0anna \u00ed tr\u00faarbr\u00f6g\u00f0um e\u00f0a menningu.\" tabindex=\"0\">go\u00f0aheiminn<\/span>. Fara\u00f3 Amenhotep II. (15. \u00f6ld f.Kr.) d\u00fdrka\u00f0i hann sem str\u00ed\u00f0s- og bogagu\u00f0; \u00e1 fj\u00f6lm\u00f6rgum stelum fr\u00e1 \u00deebusv\u00e6\u00f0inu birtist hann sem skeggja\u00f0ur herma\u00f0ur me\u00f0 hj\u00e1lm og boga.<\/p><p>Egypska Reshef-d\u00fdrkunin er merkileg innfluttningsafrek \u00ed tr\u00faars\u00f6gulegu lj\u00f3si og fjalla\u00f0 er \u00edtarlega um hana \u00ed ranns\u00f3knum Izak Cornelius (<em>The Iconography of the Canaanite Gods Reshef and Ba\u02bfal<\/em>, 1994).<\/p><p>\u00cd arame\u00edsku efni fr\u00e1 1. \u00e1r\u00fe\u00fasundi f.Kr. kemur Reshef einnig fram \u00ed fj\u00f6lm\u00f6rgum \u00e1letrunum, me\u00f0al annars \u00e1 <span class=\"iwg-fachbegriff\" data-tooltip=\"Uppr\u00e9tt, \u00e1letru\u00f0 e\u00f0a myndskreytt steinhella e\u00f0a vi\u00f0arplata.\" tabindex=\"0\">stelu<\/span> Bar-Rakib fr\u00e1 Sam&#8217;al (8. \u00f6ld f.Kr.). \u00deessi arame\u00edska Reshef-hef\u00f0 s\u00fdnir hversu l\u00edfseig d\u00fdrkun hans var \u00e1 austursemit\u00edska <span class=\"iwg-fachbegriff\" data-tooltip=\"Fors\u00f6gulegt t\u00edmabil eftir brons\u00f6ld, m\u00f3ta\u00f0 af j\u00e1rnvinnslu.\" tabindex=\"0\">j\u00e1rn\u00f6ldinni<\/span>.<\/p>\t\t\t\t\t\t\t\t<\/div>\n\t\t\t\t<\/div>\n\t\t\t\t\t<\/div>\n\t\t\t\t<\/div>\n\t\t<div class=\"elementor-element elementor-element-iwgw-reshef-s2 e-flex e-con-boxed e-con e-parent\" data-id=\"iwgw-reshef-s2\" data-element_type=\"container\" data-e-type=\"container\">\n\t\t\t\t\t<div class=\"e-con-inner\">\n\t\t\t\t<div class=\"elementor-element elementor-element-iwgw-reshef-s2h elementor-widget elementor-widget-heading\" data-id=\"iwgw-reshef-s2h\" data-element_type=\"widget\" data-e-type=\"widget\" data-widget_type=\"heading.default\">\n\t\t\t\t\t<h2 class=\"elementor-heading-title elementor-size-default\">L\u00fdsing og myndm\u00e1l<\/h2>\t\t\t\t<\/div>\n\t\t<div class=\"elementor-element elementor-element-iwgw-reshef-s2c e-con-full e-flex e-con e-child\" data-id=\"iwgw-reshef-s2c\" data-element_type=\"container\" data-e-type=\"container\">\n\t\t\t\t<div class=\"elementor-element elementor-element-iwgw-reshef-s2t elementor-widget elementor-widget-text-editor\" data-id=\"iwgw-reshef-s2t\" data-element_type=\"widget\" data-e-type=\"widget\" data-widget_type=\"text-editor.default\">\n\t\t\t\t\t\t\t\t\t<p>\u00cd vestursemit\u00edskri og egypskri t\u00e1knmynd birtist Reshef sem skeggja\u00f0ur ma\u00f0ur \u00ed stuttum kl\u00e6\u00f0na\u00f0i, me\u00f0 hj\u00e1lm e\u00f0a h\u00e1a keilulaga h\u00fafu, me\u00f0 boga e\u00f0a str\u00ed\u00f0s\u00f6xi \u00ed einni hendi og spj\u00f3t e\u00f0a skj\u00f6ld \u00ed hinni.<\/p><p>Einkennandi myndhef\u00f0 s\u00fdnir hann me\u00f0 \u00f6r \u00e1 lofti, tilb\u00fainn til a\u00f0 skj\u00f3ta; \u00f6nnur myndger\u00f0 s\u00fdnir hann me\u00f0 gasellu h\u00f6fu\u00f0 \u00e1 enni.<\/p><p>Heilagt d\u00fdr hans er gasellan; \u00ed nokkrum myndum r\u00ed\u00f0ur hann gasellu e\u00f0a heldur \u00ed horn hennar. Gasellan er tr\u00faars\u00f6gulega uppl\u00fdsandi: h\u00fan t\u00e1knar hra\u00f0a pl\u00e1gup\u00edlanna og hverfleika sj\u00fakd\u00f3msins. Hestur og naut koma einnig st\u00f6ku sinnum fram sem fylgid\u00fdr hans.<\/p><p>\u00cd Egyptalandi var Reshef oft s\u00fdndur \u00e1samt Min (egypskum frj\u00f3semisgu\u00f0i) og Qadeshet (semit\u00edskri \u00e1stargy\u00f0ju, tengdri Astarte) \u00ed \u00ferenningu; \u00feessi &#8216;Reshef-Min-Qadeshet&#8217; \u00ferenning kemur fram \u00e1 nokkrum stelum fr\u00e1 Memfis og Tanis. \u00deessi egypska \u00ferenning er sj\u00e1lfst\u00e6\u00f0 s\u00f6guleg \u00fer\u00f3un sem ekki er sta\u00f0fest \u00ed heimalandinu F\u00f6nik\u00edu.<\/p><p>S\u00e9rst\u00f6k egypsk myndhef\u00f0 s\u00fdnir Reshef me\u00f0 einkennandi &#8216;\u0160sm&#8217;-k\u00f3r\u00f3nu \u00far hringjum e\u00f0a keilulaga h\u00fafum, hef\u00f0 sem greinir hann fr\u00e1 egypskum gu\u00f0um og markar hans semit\u00edska uppruna.<\/p>\t\t\t\t\t\t\t\t<\/div>\n\t\t\t\t<\/div>\n\t\t\t\t\t<\/div>\n\t\t\t\t<\/div>\n\t\t<div class=\"elementor-element elementor-element-iwgw-reshef-s3 e-flex e-con-boxed e-con e-parent\" data-id=\"iwgw-reshef-s3\" data-element_type=\"container\" data-e-type=\"container\">\n\t\t\t\t\t<div class=\"e-con-inner\">\n\t\t\t\t<div class=\"elementor-element elementor-element-iwgw-reshef-s3h elementor-widget elementor-widget-heading\" data-id=\"iwgw-reshef-s3h\" data-element_type=\"widget\" data-e-type=\"widget\" data-widget_type=\"heading.default\">\n\t\t\t\t\t<h2 class=\"elementor-heading-title elementor-size-default\">Go\u00f0sagnakenndar fr\u00e1sagnir<\/h2>\t\t\t\t<\/div>\n\t\t<div class=\"elementor-element elementor-element-iwgw-reshef-s3c e-con-full e-flex e-con e-child\" data-id=\"iwgw-reshef-s3c\" data-element_type=\"container\" data-e-type=\"container\">\n\t\t\t\t<div class=\"elementor-element elementor-element-iwgw-reshef-s3t elementor-widget elementor-widget-text-editor\" data-id=\"iwgw-reshef-s3t\" data-element_type=\"widget\" data-e-type=\"widget\" data-widget_type=\"text-editor.default\">\n\t\t\t\t\t\t\t\t\t<p>Eiginlegar go\u00f0sagnir um Reshef eru f\u00e1ar; hann er fyrst og fremst helgisi\u00f0a- og \u00e1tr\u00fana\u00f0arvera. \u00cd \u00fagar\u00edt\u00edskum textum kemur hann \u00f6\u00f0ru hverju fram sem sendibo\u00f0i e\u00f0a sj\u00fakd\u00f3msgu\u00f0, \u00e1n eigin fr\u00e1sagnarsamhengis. \u00cd f\u00f6n\u00edskum \u00e1letrunum er hann \u00e1kalla\u00f0ur sem pl\u00e1gu- og str\u00ed\u00f0sgu\u00f0, \u00e1n go\u00f0sagnalegrar undirst\u00f6\u00f0u.<\/p><p>Brotakennd fr\u00e1s\u00f6gn tengir Reshef vi\u00f0 &#8216;sj\u00f6 \u00f6rvarnar&#8217; sem hann sendir gegn \u00f3vinum \u00cdsraels (samkv\u00e6mt hebreska efninu) e\u00f0a gegn \u00f3vinum F\u00f6nik\u00edumanna (\u00ed vestursem\u00edt\u00edskum textum).<\/p><p>\u00cd hebresku Habak\u00faksb\u00f3kinni (Hab 3,5) kemur Reshef fram sem f\u00f6runautur Jahve, sem gengur \u00e1 undan hinum gu\u00f0lega str\u00ed\u00f0smanni: &#8216;\u00c1 undan honum fer pl\u00e1gan, og Resef fylgir \u00ed f\u00f3tspor hans.&#8217; \u00deessi tv\u00ed\u00fe\u00e6tta framkoma er tr\u00faars\u00f6guleg fr\u00f3\u00f0leg og s\u00fdnir hversu l\u00edfseigar Reshef-hugmyndir voru \u00ed hebreskri kve\u00f0skaparhef\u00f0.<\/p><p>\u00cd Aqhat-kvi\u00f0unni og Keret-kvi\u00f0unni er Reshef \u00f6\u00f0ru hverju \u00e1kalla\u00f0ur, \u00e1n \u00feess a\u00f0 hann komi fram sem virk pers\u00f3na \u00ed fr\u00e1s\u00f6gninni. Maciej M\u00fcnnich f\u00f3r yfir og sk\u00fdr\u00f0i allt textaefni\u00f0 \u00ed <em>The God Resheph<\/em> (2013); go\u00f0sagnaskortur Reshefs er sta\u00f0reynd, ekki galli \u00ed <span class=\"iwg-fachbegriff\" data-tooltip=\"Mi\u00f0lun \u00feekkingar og fr\u00e1sagna milli kynsl\u00f3\u00f0a.\" tabindex=\"0\">arfleif\u00f0inni<\/span>.<\/p><p>\u00cd gu\u00f0d\u00f3msopinberunars\u00fdn Habak\u00faks (Hab 3,3, 6) kemur Reshef fram \u00ed \u00e1hrifamikilli st\u00f6\u00f0u: \u00c1 undan Jahve fara &#8216;pl\u00e1gan&#8217; (Deber) og &#8216;Reshef&#8217; sem himneskir undanfarar.<\/p><p>\u00deessi s\u00ed\u00f0tilkomna hebreska heimild er s\u00f6guleg mj\u00f6g fr\u00f3\u00f0leg, \u00fev\u00ed h\u00fan s\u00fdnir hversu l\u00edfseigar Reshef-hugmyndir voru \u00ed eingu\u00f0istr\u00faarlegri <span class=\"iwg-fachbegriff\" data-tooltip=\"Fr\u00e6\u00f0ileg umfj\u00f6llun um gu\u00f0 og tr\u00fa tiltekinnar tr\u00faarbrag\u00f0a.\" tabindex=\"0\">gu\u00f0fr\u00e6\u00f0i<\/span>; hinn sj\u00e1lfst\u00e6\u00f0i gu\u00f0 ver\u00f0ur h\u00e9r a\u00f0 &#8216;gu\u00f0legum sendibo\u00f0a&#8217; e\u00f0a pers\u00f3nugervingu refsivalds Jahve.<\/p>\t\t\t\t\t\t\t\t<\/div>\n\t\t\t\t<\/div>\n\t\t\t\t\t<\/div>\n\t\t\t\t<\/div>\n\t\t<div class=\"elementor-element elementor-element-iwgw-reshef-s4 e-flex e-con-boxed e-con e-parent\" data-id=\"iwgw-reshef-s4\" data-element_type=\"container\" data-e-type=\"container\">\n\t\t\t\t\t<div class=\"e-con-inner\">\n\t\t\t\t<div class=\"elementor-element elementor-element-iwgw-reshef-s4h elementor-widget elementor-widget-heading\" data-id=\"iwgw-reshef-s4h\" data-element_type=\"widget\" data-e-type=\"widget\" data-widget_type=\"heading.default\">\n\t\t\t\t\t<h2 class=\"elementor-heading-title elementor-size-default\">D\u00fdrkun og tilbei\u00f0sla<\/h2>\t\t\t\t<\/div>\n\t\t<div class=\"elementor-element elementor-element-iwgw-reshef-s4c e-con-full e-flex e-con e-child\" data-id=\"iwgw-reshef-s4c\" data-element_type=\"container\" data-e-type=\"container\">\n\t\t\t\t<div class=\"elementor-element elementor-element-iwgw-reshef-s4t elementor-widget elementor-widget-text-editor\" data-id=\"iwgw-reshef-s4t\" data-element_type=\"widget\" data-e-type=\"widget\" data-widget_type=\"text-editor.default\">\n\t\t\t\t\t\t\t\t\t<p>Helstu helgista\u00f0ir Reshefs \u00ed F\u00f6nik\u00edu voru Byblos, T\u00fdrus, S\u00eddon, Beir\u00fat, Idalion \u00e1 K\u00fdpur og Sarepta. \u00cd fara\u00f3aveldinu var hann tigna\u00f0ur \u00ed Memfis og Tanis; sj\u00e1lfst\u00e6\u00f0 &#8216;Reshef-borg&#8217; (m\u00f6gulega n\u00faverandi Tell Reshef \u00ed F\u00f6nik\u00edu?) er nefnd \u00ed nokkrum textum en hefur ekki veri\u00f0 sta\u00f0fest me\u00f0 \u00f3yggjandi h\u00e6tti \u00ed fornleifafr\u00e6\u00f0i.<\/p><p>Mikilv\u00e6gasta heimildagrunnurinn eru st\u00f3lpar og helgunar\u00e1letranir; \u00ed Kar\u00feag\u00f3, Motya og Sulcis kemur Reshef reglulega fram sem vi\u00f0takandi helgigjafa, oft \u00e1samt <a href=\"https:\/\/iwell-guard.com\/is\/baal-hammon-haedsti-gud-karthago\/\">Baal-Hammon<\/a>, <a href=\"https:\/\/iwell-guard.com\/is\/tanit-haedsta-gydja-karthago\/\">Tanit<\/a> e\u00f0a <a href=\"https:\/\/iwell-guard.com\/is\/eshmun-heilagud-sidonar\/\">Eshmun<\/a>. Charles Krahmalkov safna\u00f0i saman mikilv\u00e6gustu \u00e1letrunarheimildunum \u00ed <em>A Phoenician-Punic Grammar<\/em> (2001) og Wolfgang R\u00f6llig \u00ed <em>Kanaan\u00e4ische und aram\u00e4ische Inschriften<\/em>.<\/p><p>\u00cd fara\u00f3aveldinu tilheyr\u00f0i Reshef flokki &#8216;as\u00edskra gu\u00f0a&#8217; sem voru virkir studdir \u00e1 t\u00edmum N\u00fdja r\u00edkisins.<\/p><p>Fara\u00f3inn Amenhotep II. og eftirmenn hans tignu\u00f0u hann sem boga- og str\u00ed\u00f0sgu\u00f0; Reshef-st\u00f3lpar koma jafnvel fram \u00e1 konungssv\u00e6\u00f0um, til d\u00e6mis \u00ed konungsgr\u00f6funum \u00ed \u00deebu. Fara\u00f3arnir sams\u00f6mu\u00f0u sig Reshef sem str\u00ed\u00f0smannspers\u00f3nu og leitu\u00f0u verndarm\u00e1ttar hans fyrir hina konunglegu pers\u00f3nu.<\/p><p>\u00cd fara\u00f3aveldinu var Reshef einnig tigna\u00f0ur af almennu f\u00f3lki; fr\u00e6g <span class=\"iwg-fachbegriff\" data-tooltip=\"Uppr\u00e9tt steinhella e\u00f0a tr\u00e9tafla me\u00f0 \u00e1letrun e\u00f0a myndskreytingu.\" tabindex=\"0\">stele<\/span> fr\u00e1 Tanis s\u00fdnir einkaa\u00f0ila a\u00f0 nafni &#8216;Pa-Aper-Reshef&#8217; sem beinir b\u00e6n um l\u00e6kningu \u00e1 augnsj\u00fakd\u00f3mi til gu\u00f0sins. \u00deessi einkagu\u00f0r\u00e6kni er mikilv\u00e6g v\u00edsbending um hversu \u00fatbreidd d\u00fdrkunin var me\u00f0al almennings \u00ed egypska N\u00fdja r\u00edkinu.<\/p>\t\t\t\t\t\t\t\t<\/div>\n\t\t\t\t<\/div>\n\t\t\t\t\t<\/div>\n\t\t\t\t<\/div>\n\t\t<div class=\"elementor-element elementor-element-iwgw-reshef-s5 e-flex e-con-boxed e-con e-parent\" data-id=\"iwgw-reshef-s5\" data-element_type=\"container\" data-e-type=\"container\">\n\t\t\t\t\t<div class=\"e-con-inner\">\n\t\t\t\t<div class=\"elementor-element elementor-element-iwgw-reshef-s5h elementor-widget elementor-widget-heading\" data-id=\"iwgw-reshef-s5h\" data-element_type=\"widget\" data-e-type=\"widget\" data-widget_type=\"heading.default\">\n\t\t\t\t\t<h2 class=\"elementor-heading-title elementor-size-default\">Verndara\u00f0ger\u00f0ir og fr\u00e1hrindandi t\u00e1kn<\/h2>\t\t\t\t<\/div>\n\t\t<div class=\"elementor-element elementor-element-iwgw-reshef-s5c e-con-full e-flex e-con e-child\" data-id=\"iwgw-reshef-s5c\" data-element_type=\"container\" data-e-type=\"container\">\n\t\t\t\t<div class=\"elementor-element elementor-element-iwgw-reshef-s5t elementor-widget elementor-widget-text-editor\" data-id=\"iwgw-reshef-s5t\" data-element_type=\"widget\" data-e-type=\"widget\" data-widget_type=\"text-editor.default\">\n\t\t\t\t\t\t\t\t\t<p>Verndarhlutverk Reshefs var tv\u00ed\u00fe\u00e6tt: v\u00f6rn gegn sj\u00fakd\u00f3mum (s\u00e9rstaklega fars\u00f3ttum, hita, pl\u00e1gu) og v\u00f6rn \u00ed str\u00ed\u00f0i. \u00c1 pl\u00e1gut\u00edmum var hann \u00e1kalla\u00f0ur til a\u00f0 st\u00f6\u00f0va fars\u00f3ttina; \u00e1 str\u00ed\u00f0st\u00edmum til a\u00f0 tryggja sigur yfir \u00f3vinum. \u00deetta tv\u00edr\u00e6\u00f0a hlutverk gerir hann a\u00f0 d\u00e6miger\u00f0um verndargu\u00f0i.<\/p><p><span class=\"iwg-fachbegriff\" data-tooltip=\"Sem varnar illu: um t\u00e1kn og hluti sem \u00e6tla\u00f0 er a\u00f0 halda ska\u00f0legum \u00e1hrifum \u00ed fjarl\u00e6g\u00f0.\" tabindex=\"0\">Verndargripum<\/span> me\u00f0 Reshef-styttum og -verndargripum var komi\u00f0 fyrir \u00e1 heimilum; sm\u00e1ar bronsmyndir af gangandi str\u00ed\u00f0smanni me\u00f0 lofta str\u00ed\u00f0s\u00f6xi hafa fundist \u00e1 fj\u00f6lm\u00f6rgum f\u00f6nik\u00edskum st\u00f6\u00f0um. Bj\u00f6llusteinar (skarabeusar) me\u00f0 Reshef-boga-mynstri voru bornir sem pers\u00f3nulegir verndargripir. \u00cd \u00dagar\u00edt voru Reshef-\u00f6rvar \u00fatbreiddir sem &#8216;\u00f6rvaverndargripir&#8217;.<\/p><p data-nosnippet=\"true\">\u00cd f\u00f6nik\u00edskum mannan\u00f6fnum eru Reshef-gu\u00f0an\u00f6fn algeng: Bod-Reshef, Reshef-Bar, Reshef-Jaton (&#8216;Reshef hefur gefi\u00f0&#8217;). \u00deessi t\u00ed\u00f0ni s\u00fdnir hina miklu einkagu\u00f0r\u00e6kni. Fr\u00e1 v\u00edsindalegu sj\u00f3narhorni er tv\u00edr\u00e6\u00f0a verndarhlutverk Reshefs d\u00e6mi um forn-austurlenska hugmynd a\u00f0 hi\u00f0 ey\u00f0andi og hi\u00f0 verndandi afl geti veri\u00f0 \u00ed s\u00f6mu hendi. iWell Guard skr\u00e1ir Reshef sem s\u00f6guleg-tr\u00faars\u00f6gulega pers\u00f3nu \u00e1n tengsla vi\u00f0 n\u00fat\u00edma heilsulofor\u00f0.<\/p><p>Boga-verndargripir Reshefs voru me\u00f0al \u00fatbreiddustu f\u00f6nik\u00edsk-egypsku verndarhlutanna. \u00deeim var komi\u00f0 fyrir \u00ed gr\u00f6fum, \u00edb\u00fa\u00f0arh\u00fasum og hofum. Formi\u00f0 er venjulega spenntur bogi e\u00f0a bogi me\u00f0 \u00f6r; nokkrir eru merktir nafni Reshefs e\u00f0a f\u00f6nik\u00edskum verndarform\u00falum.<\/p>\t\t\t\t\t\t\t\t<\/div>\n\t\t\t\t<\/div>\n\t\t\t\t\t<\/div>\n\t\t\t\t<\/div>\n\t\t<div class=\"elementor-element elementor-element-iwgw-reshef-s6 e-flex e-con-boxed e-con e-parent\" data-id=\"iwgw-reshef-s6\" data-element_type=\"container\" data-e-type=\"container\">\n\t\t\t\t\t<div class=\"e-con-inner\">\n\t\t\t\t<div class=\"elementor-element elementor-element-iwgw-reshef-s6h elementor-widget elementor-widget-heading\" data-id=\"iwgw-reshef-s6h\" data-element_type=\"widget\" data-e-type=\"widget\" data-widget_type=\"heading.default\">\n\t\t\t\t\t<h2 class=\"elementor-heading-title elementor-size-default\">Hli\u00f0st\u00e6\u00f0ur \u00ed \u00f6\u00f0rum menningarheimum<\/h2>\t\t\t\t<\/div>\n\t\t<div class=\"elementor-element elementor-element-iwgw-reshef-s6c e-con-full e-flex e-con e-child\" data-id=\"iwgw-reshef-s6c\" data-element_type=\"container\" data-e-type=\"container\">\n\t\t\t\t<div class=\"elementor-element elementor-element-iwgw-reshef-s6t elementor-widget elementor-widget-text-editor\" data-id=\"iwgw-reshef-s6t\" data-element_type=\"widget\" data-e-type=\"widget\" data-widget_type=\"text-editor.default\">\n\t\t\t\t\t\t\t\t\t<p>Reshef er s\u00f6gulega n\u00e1skyldur Nergal og Erra \u00ed Mes\u00f3p\u00f3tam\u00edu, en b\u00e1\u00f0ir eru \u00feeir gu\u00f0ir pl\u00e1gunnar og str\u00ed\u00f0sins. Me\u00f0 Erra deilir hann <span class=\"iwg-fachbegriff\" data-tooltip=\"Endurteki\u00f0 innihaldsatri\u00f0i \u00ed list e\u00f0a fr\u00e1s\u00f6gn.\" tabindex=\"0\">stefinu<\/span> um \u00f6r og pl\u00e1gu; me\u00f0 Nergal \u00e1 hann sameiginlegan undirheima\u00fe\u00e1tt \u00ed nokkrum s\u00ed\u00f0ari textum.<\/p><p>Hinn hetit\u00edski Yarri, bogagu\u00f0 pl\u00e1gunnar, er honum einnig n\u00e1skyldur a\u00f0 hlutverki; Volkert Haas fjalla\u00f0i um <a href=\"https:\/\/iwell-guard.com\/is\/hettitar-anatolia-tarhunna-vernd\/\">hetit\u00edska<\/a> hef\u00f0 pl\u00e1gu\u00adgu\u00f0a \u00ed <em>Materia Magica et Medica Hethitica<\/em> (2003).<\/p><p>Me\u00f0 gr\u00edska gu\u00f0inum Apollon deilir Reshef boga- og pl\u00e1gue\u00f0linu; \u00ed Il\u00edonskvi\u00f0u sk\u00fdtur Apollon pl\u00e1gu\u00ad\u00f6rvum \u00e1 her Akkea, sem er bein hli\u00f0st\u00e6\u00f0a vi\u00f0 go\u00f0mynd Reshefs. Walter Burkert benti \u00ed <em>Die orientalisierende Epoche<\/em> (1984) \u00e1 a\u00f0 stefi\u00f0 um pl\u00e1gu\u00ad\u00f6rina hafi l\u00edklega borist \u00far vestursem\u00edt\u00edsku sv\u00e6\u00f0i yfir \u00ed hina gr\u00edsku Apollon-hef\u00f0.<\/p><p>\u00cd hebreskum textum er Reshef enn til sta\u00f0ar sem &#8216;re\u0161ef&#8217;, t\u00e1kn fyrir \u00f6r og pl\u00e1gu; \u00ed Hab 3,5 kemur hann jafnvel fram sem gu\u00f0legur fylgdarma\u00f0ur. \u00deessi \u00fer\u00e1l\u00edfi Reshef-hugmyndarinnar er tr\u00faars\u00f6gulega athyglisver\u00f0. \u00cd s\u00ed\u00f0ari j\u00fad\u00edskri og kristinni hef\u00f0 er hann svo l\u00e6kka\u00f0ur ni\u00f0ur \u00ed &#8216;\u00f6r Gu\u00f0s&#8217; e\u00f0a &#8216;pl\u00e1gu&#8217;, \u00e1n sj\u00e1lfst\u00e6\u00f0rar gu\u00f0d\u00f3msst\u00f6\u00f0u.<\/p><p>\u00c1 K\u00fdpur, \u00ed Idalion, var Reshef einnig \u00e1berandi tigna\u00f0ur; tv\u00edtyngd <span class=\"iwg-fachbegriff\" data-tooltip=\"Texti sem er skorinn e\u00f0a h\u00f6ggvinn \u00ed fastan fl\u00f6t.\" tabindex=\"0\">\u00e1letrun<\/span> fr\u00e1 Idalion (5. \u00f6ld f.Kr., \u00e1 f\u00f6nik\u00edsku og gr\u00edsku) samsamar Reshef-Mikal vi\u00f0 gr\u00edska Apollon Amyklaios. \u00deessi sams\u00f6mun er s\u00f6guleg mj\u00f6g uppl\u00fdsandi.<\/p>\t\t\t\t\t\t\t\t<\/div>\n\t\t\t\t<\/div>\n\t\t\t\t\t<\/div>\n\t\t\t\t<\/div>\n\t\t<div class=\"elementor-element elementor-element-iwgw-reshef-s7 e-flex e-con-boxed e-con e-parent\" data-id=\"iwgw-reshef-s7\" data-element_type=\"container\" data-e-type=\"container\">\n\t\t\t\t\t<div class=\"e-con-inner\">\n\t\t\t\t<div class=\"elementor-element elementor-element-iwgw-reshef-s7h elementor-widget elementor-widget-heading\" data-id=\"iwgw-reshef-s7h\" data-element_type=\"widget\" data-e-type=\"widget\" data-widget_type=\"heading.default\">\n\t\t\t\t\t<h2 class=\"elementor-heading-title elementor-size-default\">N\u00fat\u00edmavi\u00f0t\u00f6kur og ranns\u00f3knir<\/h2>\t\t\t\t<\/div>\n\t\t<div class=\"elementor-element elementor-element-iwgw-reshef-s7c e-con-full e-flex e-con e-child\" data-id=\"iwgw-reshef-s7c\" data-element_type=\"container\" data-e-type=\"container\">\n\t\t\t\t<div class=\"elementor-element elementor-element-iwgw-reshef-s7t elementor-widget elementor-widget-text-editor\" data-id=\"iwgw-reshef-s7t\" data-element_type=\"widget\" data-e-type=\"widget\" data-widget_type=\"text-editor.default\">\n\t\t\t\t\t\t\t\t\t<p>Ranns\u00f3knir \u00e1 Reshef standa n\u00fa \u00e1 h\u00e1u stigi. Einritin <em>The God Resheph<\/em> (2013) eftir Maciej M\u00fcnnich er sta\u00f0alrit; myndfr\u00e6\u00f0ileg ranns\u00f3kn Izak Cornelius (1994) veitir egypska mynds\u00f6gu; Paolo Xella gaf \u00fat helgi\u00adtexta fr\u00e1 \u00dagar\u00edt. Sabatino Moscati og H\u00e9l\u00e8ne Sader hafa lagt fram mikilv\u00e6g framl\u00f6g um f\u00f6nik\u00edska Reshef-tilbei\u00f0slu.<\/p><p>\u00cd almennri umfj\u00f6llun er Reshef fyrst og fremst \u00feekktur fyrir egypska tilbei\u00f0slu s\u00edna og hebresk-bibl\u00edulegar tilv\u00edsanir. Andlega endurvakningu \u00ed n\u00fdhei\u00f0num skilningi er ekki a\u00f0 finna; hinn tv\u00edr\u00e6\u00f0i pl\u00e1gu- og str\u00ed\u00f0sgu\u00f0 er of framandi og gu\u00f0fr\u00e6\u00f0ilega vandasamur fyrir n\u00fat\u00edma tr\u00faari\u00f0kun.<\/p><p>Fr\u00e6\u00f0ilega er Reshef n\u00fa talinn mi\u00f0l\u00e6gt vi\u00f0fangsefni fornaustr\u00e6nnar pl\u00e1gu- og str\u00ed\u00f0sgu\u00f0fr\u00e6\u00f0i. N\u00faverandi ranns\u00f3knar\u00e1herslur sn\u00faa a\u00f0 a\u00f0greiningu sta\u00f0bundinna Reshef-birtingarmynda, egypsku Reshef-Min-Qadeshet-\u00ferenningunni og spurningunni um hvernig hugmyndir b\u00e1rust yfir \u00ed gr\u00edsku Apollon-hef\u00f0ina. iWell Guard skr\u00e1ir Reshef sem tr\u00faars\u00f6gulegt d\u00e6mi \u00e1n hagn\u00fdtrar verndartengingar.<\/p><p>N\u00fdlegar ranns\u00f3knir Maciej M\u00fcnnich og H\u00e9l\u00e8ne Sader setja Reshef \u00ed v\u00ed\u00f0ara s\u00f6gulegt samhengi: sem fulltr\u00faa forn-s\u00fdrlensk-vestursem\u00edt\u00edskrar gu\u00f0afj\u00f6lskyldu, \u00fear sem \u00fer\u00e1l\u00edfi hennar fr\u00e1 3. \u00e1r\u00fe\u00fasundi f.Kr. og fram \u00e1 <span class=\"iwg-fachbegriff\" data-tooltip=\"Fors\u00f6guleg t\u00edmabil eftir brons\u00f6ld, einkennt af j\u00e1rnvinnslu.\" tabindex=\"0\">j\u00e1rn\u00f6ld<\/span> er athyglisvert tr\u00faars\u00f6gulegt fyrirb\u00e6ri.<\/p>\t\t\t\t\t\t\t\t<\/div>\n\t\t\t\t<\/div>\n\t\t\t\t\t<\/div>\n\t\t\t\t<\/div>\n\t\t<div class=\"elementor-element elementor-element-iwgw-reshef-s8 e-flex e-con-boxed e-con e-parent\" data-id=\"iwgw-reshef-s8\" data-element_type=\"container\" data-e-type=\"container\">\n\t\t\t\t\t<div class=\"e-con-inner\">\n\t\t\t\t<div class=\"elementor-element elementor-element-iwgw-reshef-s8h elementor-widget elementor-widget-heading\" data-id=\"iwgw-reshef-s8h\" data-element_type=\"widget\" data-e-type=\"widget\" data-widget_type=\"heading.default\">\n\t\t\t\t\t<h2 class=\"elementor-heading-title elementor-size-default\">Heimildir og b\u00f3kmenntir<\/h2>\t\t\t\t<\/div>\n\t\t<div class=\"elementor-element elementor-element-iwgw-reshef-s8c e-con-full e-flex e-con e-child\" data-id=\"iwgw-reshef-s8c\" data-element_type=\"container\" data-e-type=\"container\">\n\t\t\t\t<div class=\"elementor-element elementor-element-iwgw-reshef-s8t elementor-widget elementor-widget-text-editor\" data-id=\"iwgw-reshef-s8t\" data-element_type=\"widget\" data-e-type=\"widget\" data-widget_type=\"text-editor.default\">\n\t\t\t\t\t\t\t\t\t<p>Eftirfarandi \u00farval tekur saman mikilv\u00e6gustu sta\u00f0alritin um Reshef-ranns\u00f3knir. \u00dea\u00f0 n\u00e6r yfir einrit, myndfr\u00e6\u00f0ilegar ranns\u00f3knir, texta\u00fatg\u00e1fur og s\u00f6guleg yfirlit. Einrit M\u00fcnnich er \u00edtarlegasta n\u00fat\u00edmaranns\u00f3knin; Cornelius veitir myndfr\u00e6\u00f0ilegt sj\u00f3narhorn; Xella helgi\u00adtextagrunninn; Moscati menningars\u00f6gulega umgj\u00f6r\u00f0.<\/p>\t\t\t\t\t\t\t\t<\/div>\n\t\t\t\t<\/div>\n\t\t\t\t\t<\/div>\n\t\t\t\t<\/div>\n\t\t<div class=\"elementor-element elementor-element-cp21744d88 e-flex e-con-boxed e-con e-parent\" data-id=\"cp21744d88\" data-element_type=\"container\" data-e-type=\"container\">\n\t\t\t\t\t<div class=\"e-con-inner\">\n\t\t\t\t<div class=\"elementor-element elementor-element-cp2be1cbf0 elementor-widget elementor-widget-heading\" data-id=\"cp2be1cbf0\" data-element_type=\"widget\" data-e-type=\"widget\" data-widget_type=\"heading.default\">\n\t\t\t\t\t<h2 class=\"elementor-heading-title elementor-size-default\">Reshef \u00ed egypskri arfleif\u00f0 N\u00fdja r\u00edkisins<\/h2>\t\t\t\t<\/div>\n\t\t<div class=\"elementor-element elementor-element-cp2c20c806 e-flex e-con-boxed e-con e-child\" data-id=\"cp2c20c806\" data-element_type=\"container\" data-e-type=\"container\">\n\t\t\t\t\t<div class=\"e-con-inner\">\n\t\t\t\t<div class=\"elementor-element elementor-element-cp2f07db72 elementor-widget elementor-widget-text-editor\" data-id=\"cp2f07db72\" data-element_type=\"widget\" data-e-type=\"widget\" data-widget_type=\"text-editor.default\">\n\t\t\t\t\t\t\t\t\t<p>S\u00e9rkenni <em>Reshefs<\/em> er a\u00f0 hann kemur fram \u00ed tveimur a\u00f0skildum heimildaflokkum: \u00ed vestursem\u00edt\u00edskum textum upprunasv\u00e6\u00f0is hans og, mj\u00f6g \u00edtarlega, \u00ed egypskum minnismerkjum N\u00fdja r\u00edkisins.<\/p><p>\u00cd s\u00ed\u00f0asta lagi \u00e1 t\u00edmum 18. konungs\u00e6tturinnar var Reshef tekinn upp \u00ed Egyptalandi, l\u00edklega vegna n\u00e1innar herna\u00f0arlegrar og stj\u00f3rnm\u00e1lalegrar tengingar vi\u00f0 Levant. Fara\u00f3ar Ramess\u00edda-t\u00edmans l\u00e9tu gjarnan s\u00fdna sig \u00ed n\u00e1l\u00e6g\u00f0 Reshefs, \u00fev\u00ed hann \u00fe\u00f3tti str\u00ed\u00f0slegur og m\u00e1ttugur gu\u00f0.<\/p><p>\u00c1 egypskum steins\u00falum, oft gefnum af einstaklingum, birtist Reshef me\u00f0 fastri go\u00f0mynd: gangandi gu\u00f0 me\u00f0 uppr\u00e9ttan handlegg sem sveiflar kylfu e\u00f0a \u00f6xi, oft me\u00f0 skj\u00f6ld og spj\u00f3t, me\u00f0 efri-egypsku k\u00f3r\u00f3nuna \u00e1 h\u00f6f\u00f0inu, en \u00ed sta\u00f0 \u00fareusarsl\u00f6ngunnar \u00e1 enni hennar s\u00e9st oft gasellu\u00adh\u00f6fu\u00f0.<\/p><p>\u00deetta gasellu\u00adh\u00f6fu\u00f0 er tali\u00f0 eitt \u00f6ruggasta greinimerki\u00f0.<\/p><p>\u00cd Egyptalandi breyttist hlutverk hans. \u00dar gu\u00f0i sem f\u00e6r\u00f0i pl\u00e1gu og skj\u00f3tan dau\u00f0a var\u00f0 hann einnig gu\u00f0 sem leita\u00f0 var til um vernd og l\u00e6kningu. \u00deetta ger\u00f0ist a\u00f0 hluta \u00ed h\u00f3pi me\u00f0 gy\u00f0junni Qadeshu og gu\u00f0inum Min. \u00deessi egypska heimildaskr\u00e1 er r\u00edkari en margar levant\u00ednskar heimildir, en h\u00fan s\u00fdnir Reshef \u00feegar \u00ed framandi umhverfi.<\/p><p>S\u00e1 sem leitar hins \u201eupprunalega&#8220; Reshefs ver\u00f0ur a\u00f0 lesa egypsku heimildirnar sem eignarn\u00e1m, ekki sem \u00f3mengu\u00f0 spegilmynd.<\/p>\t\t\t\t\t\t\t\t<\/div>\n\t\t\t\t\t<\/div>\n\t\t\t\t<\/div>\n\t\t\t\t\t<\/div>\n\t\t\t\t<\/div>\n\t\t<div class=\"elementor-element elementor-element-cp2858e9e2 e-flex e-con-boxed e-con e-parent\" data-id=\"cp2858e9e2\" data-element_type=\"container\" data-e-type=\"container\">\n\t\t\t\t\t<div class=\"e-con-inner\">\n\t\t\t\t<div class=\"elementor-element elementor-element-cp2c2fb1d4 elementor-widget elementor-widget-heading\" data-id=\"cp2c2fb1d4\" data-element_type=\"widget\" data-e-type=\"widget\" data-widget_type=\"heading.default\">\n\t\t\t\t\t<h2 class=\"elementor-heading-title elementor-size-default\">\u00d6r og pl\u00e1ga: Reshef sem herra fars\u00f3ttarins<\/h2>\t\t\t\t<\/div>\n\t\t<div class=\"elementor-element elementor-element-cp2d0acbb6 e-flex e-con-boxed e-con e-child\" data-id=\"cp2d0acbb6\" data-element_type=\"container\" data-e-type=\"container\">\n\t\t\t\t\t<div class=\"e-con-inner\">\n\t\t\t\t<div class=\"elementor-element elementor-element-cp28af87e0 elementor-widget elementor-widget-text-editor\" data-id=\"cp28af87e0\" data-element_type=\"widget\" data-e-type=\"widget\" data-widget_type=\"text-editor.default\">\n\t\t\t\t\t\t\t\t\t<p>Kjarni Reshef-hugmyndarinnar \u00ed vestursem\u00edt\u00edskum heimildum er tengingin milli boga, \u00f6rvar og fars\u00f3ttar. Reshef ber sj\u00fakd\u00f3ma og fj\u00f6ldadau\u00f0a, hugsu\u00f0 sem \u00f6rvar sem hann sk\u00fdtur \u00e1 f\u00f3lk og b\u00faf\u00e9na\u00f0.<\/p><p>\u00deessi hugmynd er greinanleg \u00ed m\u00f6rgum menningarheimum: \u00ed \u00fagar\u00edt\u00edskum textum birtist <em>Rashap<\/em> \u00ed gu\u00f0askr\u00e1m og helgi\u00adtextum, \u00ed mes\u00f3p\u00f3tam\u00edskum heimildum er hann tengdur pl\u00e1gu- og undirheimagu\u00f0inum Nergal.<\/p><p>S\u00e9rstaklega uppl\u00fdsandi er hebreska bibl\u00edan. \u00dear er <em>reshef<\/em> ekki lengur tigna\u00f0ur gu\u00f0, heldur almennt or\u00f0 e\u00f0a afgu\u00f0u\u00f0 m\u00e1ttarvald. \u00cd Habakkuk 3,5 fer Gu\u00f0 \u00fat, og <em>Reshef<\/em> fylgir honum l\u00edkt og fylgisveinn, vi\u00f0 hli\u00f0 pl\u00e1gunnar.<\/p><p>\u00c1 \u00f6\u00f0rum st\u00f6\u00f0um \u00fe\u00fd\u00f0ir or\u00f0i\u00f0 \u201egl\u00f3\u00f0&#8220;, \u201eneisti&#8220; e\u00f0a einfaldlega hin titrandi pl\u00e1gusj\u00fakd\u00f3mur. \u00deessi bibl\u00edulega framvinda er klass\u00edskt d\u00e6mi um hvernig n\u00e1grannagu\u00f0 er l\u00e6kka\u00f0ur ni\u00f0ur \u00ed hreinan n\u00e1tt\u00farum\u00e1tt e\u00f0a sk\u00e1ldlega mynd af h\u00f6fundum hebresku textanna.<\/p><p>\u00d6r\u00adt\u00e1knm\u00e1li\u00f0 tengir Reshef vi\u00f0 st\u00f3ran h\u00f3p fars\u00f3ttargu\u00f0a, svo sem Apollon hinn fjarskeytandi \u00ed fornri gr\u00edskri sk\u00e1ldskaparlist, sem sendir pl\u00e1gu \u00ed b\u00fa\u00f0ir Grikkja \u00ed upphafi Il\u00edonskvi\u00f0u. \u00deessi hli\u00f0st\u00e6\u00f0a er oft nefnd \u00ed ranns\u00f3knum, en \u00e6tti a\u00f0 skiljast sem d\u00e6miger\u00f0 l\u00edking, ekki bein tengsl. Sta\u00f0alriti\u00f0 um Reshef er eftir William J. Fulco; mikilv\u00e6gar vi\u00f0b\u00e6tur komu fr\u00e1 verkum Paolo Xella og Maciej M\u00fcnnich, en umfangsmikil ranns\u00f3kn hans fer gagnr\u00fdni\u00f0 yfir heimildirnar.\t\t\t\t\t\t\t\t<\/div>\n\t\t\t\t\t<\/div>\n\t\t\t\t<\/div>\n\t\t\t\t\t<\/div>\n\t\t\t\t<\/div>\n\t\t<div class=\"elementor-element elementor-element-iwgw-reshef-lit e-flex e-con-boxed e-con e-parent\" data-id=\"iwgw-reshef-lit\" data-element_type=\"container\" data-e-type=\"container\">\n\t\t\t\t\t<div class=\"e-con-inner\">\n\t\t\t\t<div class=\"elementor-element elementor-element-iwgw-reshef-lith elementor-widget elementor-widget-heading\" data-id=\"iwgw-reshef-lith\" data-element_type=\"widget\" data-e-type=\"widget\" data-widget_type=\"heading.default\">\n\t\t\t\t\t<h2 class=\"elementor-heading-title elementor-size-default\">Heimildir (\u00farval)<\/h2>\t\t\t\t<\/div>\n\t\t<div class=\"elementor-element elementor-element-iwgw-reshef-litc e-con-full e-flex e-con e-child\" data-id=\"iwgw-reshef-litc\" data-element_type=\"container\" data-e-type=\"container\">\n\t\t\t\t<div class=\"elementor-element elementor-element-iwgw-reshef-litt elementor-widget elementor-widget-text-editor\" data-id=\"iwgw-reshef-litt\" data-element_type=\"widget\" data-e-type=\"widget\" data-widget_type=\"text-editor.default\">\n\t\t\t\t\t\t\t\t\t<div data-nosnippet=\"true\"><ul><li>Maciej M\u00fcnnich: <em>The God Resheph in the Ancient Near East<\/em> (T\u00fcbingen 2013)<\/li><li>Izak Cornelius: <em>The Iconography of the Canaanite Gods Reshef and Ba\u02bfal<\/em> (Fribourg 1994)<\/li><li>Paolo Xella: <em>I testi rituali di Ugarit<\/em> (Rom 1981)<\/li><li>Sabatino Moscati: <em>Die Ph\u00f6niker<\/em> (Stuttgart 1966)<\/li><li>H\u00e9l\u00e8ne Sader: <em>The History and Archaeology of Phoenicia<\/em> (Atlanta 2019)<\/li><li>Wolfgang R\u00f6llig: <em>Kanaan\u00e4ische und aram\u00e4ische Inschriften<\/em> (Wiesbaden, mit Donner)<\/li><\/ul><\/div>\t\t\t\t\t\t\t\t<\/div>\n\t\t\t\t<\/div>\n\t\t\t\t\t<\/div>\n\t\t\t\t<\/div>\n\t\t<div class=\"elementor-element elementor-element-iwgkw-add-reshef e-flex e-con-boxed e-con e-parent\" data-id=\"iwgkw-add-reshef\" data-element_type=\"container\" data-e-type=\"container\">\n\t\t\t\t\t<div class=\"e-con-inner\">\n\t\t\t\t<div class=\"elementor-element elementor-element-iwgkw-add-reshef-t elementor-widget elementor-widget-text-editor\" data-id=\"iwgkw-add-reshef-t\" data-element_type=\"widget\" data-e-type=\"widget\" data-widget_type=\"text-editor.default\">\n\t\t\t\t\t\t\t\t\t<p><em><span class=\"iwg-fachbegriff\" data-tooltip=\"Heild tr\u00faarlegra tilbei\u00f0sluathafna gagnvart gu\u00f0i e\u00f0a heilagri v\u00e6ttu.\" tabindex=\"0\">D\u00fdrkun<\/span><\/em> \u00e1 Reshef er sta\u00f0fest allt fr\u00e1 \u00feri\u00f0ja \u00e1r\u00fe\u00fasundinu fyrir Krist \u00ed Ebla og s\u00ed\u00f0ar \u00ed Ugarit, Byblos og \u00e1 K\u00fdpur. Sem gu\u00f0 pl\u00e1gunnar og herna\u00f0ar var hann s\u00fdndur me\u00f0 boga og skj\u00f6ld, talinn valda dreps\u00f3ttum en einnig verndari str\u00ed\u00f0smanna. \u00cd Egyptalandi var Reshef tekinn inn \u00ed hi\u00f0 opinbera <span class=\"iwg-fachbegriff\" data-tooltip=\"Heild gu\u00f0a \u00ed tr\u00faarbr\u00f6g\u00f0um e\u00f0a menningu.\" tabindex=\"0\">go\u00f0aveldi<\/span> undir stj\u00f3rn Amenhoteps II.<\/p>\t\t\t\t\t\t\t\t<\/div>\n\t\t\t\t\t<\/div>\n\t\t\t\t<\/div>\n\t\t<div class=\"elementor-element elementor-element-iwgkw2-add-reshef e-flex e-con-boxed e-con e-parent\" data-id=\"iwgkw2-add-reshef\" data-element_type=\"container\" data-e-type=\"container\">\n\t\t\t\t\t<div class=\"e-con-inner\">\n\t\t\t\t<div class=\"elementor-element elementor-element-iwgkw2-add-reshef-t elementor-widget elementor-widget-text-editor\" data-id=\"iwgkw2-add-reshef-t\" data-element_type=\"widget\" data-e-type=\"widget\" data-widget_type=\"text-editor.default\">\n\t\t\t\t\t\t\t\t\t<p>\u00cd heimildum fr\u00e1 Ugarit og Kar\u00feag\u00f3 er Reshef talinn <em>kanaan\u00edskur<\/em> og <em>f\u00f6nik\u00edskur<\/em> gu\u00f0 pl\u00e1gu og bogaskota, en <span class=\"iwg-fachbegriff\" data-tooltip=\"Heild tr\u00faarlegra tilbei\u00f0sluathafna gagnvart gu\u00f0i e\u00f0a heilagri v\u00e6ttu.\" tabindex=\"0\">d\u00fdrkun<\/span> hans breiddist \u00fat me\u00f0 str\u00f6nd Levantsins og yfir K\u00fdpur allt til Egyptalands.<\/p>\t\t\t\t\t\t\t\t<\/div>\n\t\t\t\t\t<\/div>\n\t\t\t\t<\/div>\n\t\t<div class=\"elementor-element elementor-element-iwgw-reshef-kwd e-flex e-con-boxed e-con e-parent\" data-id=\"iwgw-reshef-kwd\" data-element_type=\"container\" data-e-type=\"container\">\n\t\t\t\t\t<div class=\"e-con-inner\">\n\t\t<div class=\"elementor-element elementor-element-iwgw-reshef-kwdc e-con-full e-flex e-con e-child\" data-id=\"iwgw-reshef-kwdc\" data-element_type=\"container\" data-e-type=\"container\">\n\t\t\t\t<div class=\"elementor-element elementor-element-iwgw-reshef-kwdt elementor-widget elementor-widget-text-editor\" data-id=\"iwgw-reshef-kwdt\" data-element_type=\"widget\" data-e-type=\"widget\" data-widget_type=\"text-editor.default\">\n\t\t\t\t\t\t\t\t\t<p><em>Tengd leitaror\u00f0: Reshef F\u00f6nik\u00edumenn pl\u00e1ggu\u00f0 bogagu\u00f0 str\u00ed\u00f0 gasella Apollon Yarri.<\/em><\/p>\t\t\t\t\t\t\t\t<\/div>\n\t\t\t\t<\/div>\n\t\t\t\t\t<\/div>\n\t\t\t\t<\/div>\n\t\t<div class=\"elementor-element elementor-element-iwgw-reshef-cc e-flex e-con-boxed e-con e-parent\" data-id=\"iwgw-reshef-cc\" data-element_type=\"container\" data-e-type=\"container\" id=\"iwg-cc-reshef\">\n\t\t\t\t\t<div class=\"e-con-inner\">\n\t\t<div class=\"elementor-element elementor-element-iwgw-reshef-ccinner e-flex e-con-boxed e-con e-parent\" data-id=\"iwgw-reshef-ccinner\" data-element_type=\"container\" data-e-type=\"container\" data-settings=\"{&quot;background_background&quot;:&quot;classic&quot;}\">\n\t\t\t\t\t<div class=\"e-con-inner\">\n\t\t\t\t<div class=\"elementor-element elementor-element-iwgw-reshef-cch elementor-widget elementor-widget-heading\" data-id=\"iwgw-reshef-cch\" data-element_type=\"widget\" data-e-type=\"widget\" data-widget_type=\"heading.default\">\n\t\t\t\t\t<h2 class=\"elementor-heading-title elementor-size-default\">iWell Guard og verndarhef\u00f0ir<\/h2>\t\t\t\t<\/div>\n\t\t\t\t<div class=\"elementor-element elementor-element-iwgw-reshef-cct elementor-widget elementor-widget-text-editor\" data-id=\"iwgw-reshef-cct\" data-element_type=\"widget\" data-e-type=\"widget\" data-widget_type=\"text-editor.default\">\n\t\t\t\t\t\t\t\t\t<div data-nosnippet=\"true\"><p>iWell Guard tengist menningars\u00f6gulegri hef\u00f0 fyrir verndargripum sem borin eru \u00e1 s\u00e9r, \u00ed hef\u00f0 <a href=\"https:\/\/iwell-guard.com\/is\/fonikiumenn-og-kartago-baal-tanit\/\">F\u00f6nik\u00edumanna<\/a> og margra annarra menningarheima um allan heim. 41 lag, alv\u00f6ru gull, plat\u00edna, silfur, framleitt \u00ed \u00de\u00fdskalandi. 30 daga skilar\u00e9ttur.<\/p><\/div>\t\t\t\t\t\t\t\t<\/div>\n\t\t\t\t<div class=\"elementor-element elementor-element-iwgw-reshef-ccb iwg-cc-button iwg-cc-cta-2026-05-13 elementor-widget elementor-widget-jet-button\" data-id=\"iwgw-reshef-ccb\" data-element_type=\"widget\" data-e-type=\"widget\" data-widget_type=\"jet-button.default\">\n\t\t\t\t<div class=\"elementor-widget-container\">\n\t\t\t\t\t<div class=\"elementor-jet-button jet-elements\"><div class=\"jet-button__container\"><a class=\"jet-button__instance jet-button__instance--icon-left hover-effect-1\" href=\"\/ueber-iwell-guard\/?utm_source=iwell-guard.com&amp;utm_medium=info-box&amp;utm_campaign=wesen-tradition\"><div class=\"jet-button__plane jet-button__plane-normal\"><\/div><div class=\"jet-button__plane jet-button__plane-hover\"><\/div><div class=\"jet-button__state jet-button__state-normal\"><span class=\"jet-button__label\">Meira um iWell Guard<\/span><\/div><div class=\"jet-button__state jet-button__state-hover\"><span class=\"jet-button__label\">Meira um iWell Guard<\/span><\/div><\/a><\/div><\/div><style>.elementor-element.elementor-element-iwgw-reshef-ccb .jet-button__instance{width:320px;height:56px;}.elementor-element.elementor-element-iwgw-reshef-ccb .jet-button__state-normal .jet-button__label{text-align:center;margin:0px 0px 0px 0px;color:#1a1b20;font-family:Montserrat,sans-serif;font-size:13px;font-weight:400;letter-spacing:4px;line-height:1.714em;text-transform:uppercase;}.elementor-element.elementor-element-iwgw-reshef-ccb .jet-button__state-hover .jet-button__label{text-align:center;margin:0px 0px 0px 0px;color:#FECC76;font-family:Montserrat,sans-serif;font-size:13px;font-weight:400;letter-spacing:4px;line-height:1.714em;text-transform:uppercase;}.elementor-element.elementor-element-iwgw-reshef-ccb .jet-button__plane-normal{background-color:#FECC76;border-style:solid;border-color:#C99540;border-width:2px 2px 2px 2px;}.elementor-element.elementor-element-iwgw-reshef-ccb .jet-button__plane-hover{background-color:rgba(0,0,0,0.55);border-style:solid;border-color:#FECC76;border-width:2px 2px 2px 2px;}<\/style>\t\t\t\t<\/div>\n\t\t\t\t<\/div>\n\t\t\t\t<div class=\"elementor-element elementor-element-iwgw-reshef-ccd elementor-widget elementor-widget-text-editor\" data-id=\"iwgw-reshef-ccd\" data-element_type=\"widget\" data-e-type=\"widget\" data-widget_type=\"text-editor.default\">\n\t\t\t\t\t\t\t\t\t<div data-nosnippet=\"true\"><p style=\"text-align:center;font-size:13px;opacity:0.7;margin-top:14px\" data-nosnippet=\"true\">Pers\u00f3nuleg reynsla getur veri\u00f0 mismunandi. Ekki l\u00e6kningat\u00e6ki. Engin lofor\u00f0 um l\u00e6kningu.<\/p><\/div>\t\t\t\t\t\t\t\t<\/div>\n\t\t\t\t\t<\/div>\n\t\t\t\t<\/div>\n\t\t\t\t\t<\/div>\n\t\t\t\t<\/div>\n\t\t<div class=\"elementor-element elementor-element-iwgw-reshef-disc e-flex e-con-boxed e-con e-parent\" data-id=\"iwgw-reshef-disc\" data-element_type=\"container\" data-e-type=\"container\">\n\t\t\t\t\t<div class=\"e-con-inner\">\n\t\t\t\t<div class=\"elementor-element elementor-element-iwgw-reshef-discw elementor-widget elementor-widget-html\" data-id=\"iwgw-reshef-discw\" data-element_type=\"widget\" data-e-type=\"widget\" data-widget_type=\"html.default\">\n\t\t\t\t\t<footer data-nosnippet=\"true\" class=\"iwg-disclaimer-block\"><p data-nosnippet=\"true\">iWell Guard er <strong>ekki l\u00e6kningat\u00e6ki<\/strong> og kemur ekki \u00ed sta\u00f0inn fyrir l\u00e6knis- e\u00f0a s\u00e1lfr\u00e6\u00f0ime\u00f0fer\u00f0. Tr\u00faarfr\u00e6\u00f0ilegt efni er menningars\u00f6gulegt samhengi, ekki r\u00e1\u00f0legging um andlega i\u00f0kun.<\/p><\/footer>\t\t\t\t<\/div>\n\t\t\t\t\t<\/div>\n\t\t\t\t<\/div>\n\t\t\t\t<\/div>\n\t\t","protected":false},"excerpt":{"rendered":"","protected":false},"author":3,"featured_media":2852,"parent":0,"menu_order":0,"comment_status":"closed","ping_status":"closed","template":"elementor_header_footer","meta":{"_yoast_wpseo_focuskw":"Reshef F\u00f6nik\u00edumenn pl\u00e1gugu\u00f0 bogagu\u00f0","_yoast_wpseo_title":"Reshef \u2013 F\u00f6nik\u00edskur pl\u00e1gugu\u00f0, str\u00ed\u00f0sgu\u00f0, d\u00fdrkun","_yoast_wpseo_metadesc":"Reshef er f\u00f6nik\u00edsk-kanaan\u00edt\u00edskur pl\u00e1gugu\u00f0 og str\u00ed\u00f0sgu\u00f0, bogagu\u00f0 og verndargu\u00f0. Tr\u00faarfr\u00e6\u00f0ileg \u00fattekt me\u00f0 heimildum.","_yoast_wpseo_meta-robots-noindex":"","_yoast_wpseo_canonical":"","_angie_page":false,"gefaehrdungsstufe":"4","wesen_kultur":"phoenizisch","wesen_klasse":"goetter","footnotes":""},"categories":[],"class_list":["post-168978","page","type-page","status-publish","has-post-thumbnail","hentry"],"yoast_head":"<!-- This site is optimized with the Yoast SEO Premium plugin v27.7 (Yoast SEO v28.3) - https:\/\/yoast.com\/product\/yoast-seo-premium-wordpress\/ -->\n<title>Reshef \u2013 F\u00f6nik\u00edskur pl\u00e1gugu\u00f0, str\u00ed\u00f0sgu\u00f0, d\u00fdrkun<\/title>\n<meta name=\"description\" content=\"Reshef er f\u00f6nik\u00edsk-kanaan\u00edt\u00edskur pl\u00e1gugu\u00f0 og str\u00ed\u00f0sgu\u00f0, bogagu\u00f0 og verndargu\u00f0. Tr\u00faarfr\u00e6\u00f0ileg \u00fattekt me\u00f0 heimildum.\" \/>\n<meta name=\"robots\" content=\"index, follow, max-snippet:-1, max-image-preview:large, max-video-preview:-1\" \/>\n<link rel=\"canonical\" href=\"https:\/\/iwell-guard.com\/is\/reshef-fonikiskur-plagugu-og-stridsgud\/\" \/>\n<meta property=\"og:locale\" content=\"is_IS\" \/>\n<meta property=\"og:type\" content=\"article\" \/>\n<meta property=\"og:title\" content=\"Reshef \u2013 F\u00f6nik\u00edskur pl\u00e1gugu\u00f0 og str\u00ed\u00f0sgu\u00f0\" \/>\n<meta property=\"og:description\" content=\"Reshef er f\u00f6nik\u00edsk-kanaan\u00edt\u00edskur pl\u00e1gugu\u00f0 og str\u00ed\u00f0sgu\u00f0, bogagu\u00f0 og verndargu\u00f0. Tr\u00faarfr\u00e6\u00f0ileg \u00fattekt me\u00f0 heimildum.\" \/>\n<meta property=\"og:url\" content=\"https:\/\/iwell-guard.com\/is\/reshef-fonikiskur-plagugu-og-stridsgud\/\" \/>\n<meta property=\"og:site_name\" content=\"iWell Guard\" \/>\n<meta property=\"article:modified_time\" content=\"2026-09-05T14:28:44+00:00\" \/>\n<meta property=\"og:image\" content=\"https:\/\/iwell-guard.com\/wp-content\/uploads\/2026\/05\/goetter_phoenizisch_reshef.webp\" \/>\n\t<meta property=\"og:image:width\" content=\"1024\" \/>\n\t<meta property=\"og:image:height\" content=\"1536\" \/>\n\t<meta property=\"og:image:type\" content=\"image\/webp\" \/>\n<meta name=\"twitter:card\" content=\"summary_large_image\" \/>\n<script type=\"application\/ld+json\" class=\"yoast-schema-graph\">{\"@context\":\"https:\\\/\\\/schema.org\",\"@graph\":[{\"@type\":\"WebPage\",\"@id\":\"https:\\\/\\\/iwell-guard.com\\\/is\\\/reshef-fonikiskur-plagugu-og-stridsgud\\\/\",\"url\":\"https:\\\/\\\/iwell-guard.com\\\/is\\\/reshef-fonikiskur-plagugu-og-stridsgud\\\/\",\"name\":\"Reshef \u2013 F\u00f6nik\u00edskur pl\u00e1gugu\u00f0, str\u00ed\u00f0sgu\u00f0, d\u00fdrkun\",\"isPartOf\":{\"@id\":\"https:\\\/\\\/iwell-guard.com\\\/is\\\/#website\"},\"primaryImageOfPage\":{\"@id\":\"https:\\\/\\\/iwell-guard.com\\\/is\\\/reshef-fonikiskur-plagugu-og-stridsgud\\\/#primaryimage\"},\"image\":{\"@id\":\"https:\\\/\\\/iwell-guard.com\\\/is\\\/reshef-fonikiskur-plagugu-og-stridsgud\\\/#primaryimage\"},\"thumbnailUrl\":\"https:\\\/\\\/iwell-guard.com\\\/wp-content\\\/uploads\\\/2026\\\/05\\\/goetter_phoenizisch_reshef.webp\",\"datePublished\":\"2026-09-05T14:04:32+00:00\",\"dateModified\":\"2026-09-05T14:28:44+00:00\",\"description\":\"Reshef er f\u00f6nik\u00edsk-kanaan\u00edt\u00edskur pl\u00e1gugu\u00f0 og str\u00ed\u00f0sgu\u00f0, bogagu\u00f0 og verndargu\u00f0. Tr\u00faarfr\u00e6\u00f0ileg \u00fattekt me\u00f0 heimildum.\",\"breadcrumb\":{\"@id\":\"https:\\\/\\\/iwell-guard.com\\\/is\\\/reshef-fonikiskur-plagugu-og-stridsgud\\\/#breadcrumb\"},\"inLanguage\":\"is\",\"potentialAction\":[{\"@type\":\"ReadAction\",\"target\":[\"https:\\\/\\\/iwell-guard.com\\\/is\\\/reshef-fonikiskur-plagugu-og-stridsgud\\\/\"]}]},{\"@type\":\"ImageObject\",\"inLanguage\":\"is\",\"@id\":\"https:\\\/\\\/iwell-guard.com\\\/is\\\/reshef-fonikiskur-plagugu-og-stridsgud\\\/#primaryimage\",\"url\":\"https:\\\/\\\/iwell-guard.com\\\/wp-content\\\/uploads\\\/2026\\\/05\\\/goetter_phoenizisch_reshef.webp\",\"contentUrl\":\"https:\\\/\\\/iwell-guard.com\\\/wp-content\\\/uploads\\\/2026\\\/05\\\/goetter_phoenizisch_reshef.webp\",\"width\":1024,\"height\":1536,\"caption\":\"Gu\u00f0ir \u00far f\u00f6nik\u00edskri hef\u00f0.\"},{\"@type\":\"BreadcrumbList\",\"@id\":\"https:\\\/\\\/iwell-guard.com\\\/is\\\/reshef-fonikiskur-plagugu-og-stridsgud\\\/#breadcrumb\",\"itemListElement\":[{\"@type\":\"ListItem\",\"position\":1,\"name\":\"Start\",\"item\":\"https:\\\/\\\/iwell-guard.com\\\/is\\\/?page_id=168580\"},{\"@type\":\"ListItem\",\"position\":2,\"name\":\"Reshef \u2013 F\u00f6nik\u00edskur pl\u00e1gugu\u00f0 og str\u00ed\u00f0sgu\u00f0\"}]},{\"@type\":\"WebSite\",\"@id\":\"https:\\\/\\\/iwell-guard.com\\\/is\\\/#website\",\"url\":\"https:\\\/\\\/iwell-guard.com\\\/is\\\/\",\"name\":\"iWell Guard\",\"description\":\"Schutz vor dunklen Einfl\u00fcssen\",\"publisher\":{\"@id\":\"https:\\\/\\\/iwell-guard.com\\\/is\\\/#organization\"},\"potentialAction\":[{\"@type\":\"SearchAction\",\"target\":{\"@type\":\"EntryPoint\",\"urlTemplate\":\"https:\\\/\\\/iwell-guard.com\\\/is\\\/?s={search_term_string}\"},\"query-input\":{\"@type\":\"PropertyValueSpecification\",\"valueRequired\":true,\"valueName\":\"search_term_string\"}}],\"inLanguage\":\"is\"},{\"@type\":\"Organization\",\"@id\":\"https:\\\/\\\/iwell-guard.com\\\/is\\\/#organization\",\"name\":\"Ittermann electronic GmbH\",\"url\":\"https:\\\/\\\/iwell-guard.com\\\/is\\\/\",\"logo\":{\"@type\":\"ImageObject\",\"inLanguage\":\"is\",\"@id\":\"https:\\\/\\\/iwell-guard.com\\\/is\\\/#\\\/schema\\\/logo\\\/image\\\/\",\"url\":\"https:\\\/\\\/iwell-guard.com\\\/wp-content\\\/uploads\\\/2026\\\/05\\\/Ittermann-Logo-1182x237-1.png\",\"contentUrl\":\"https:\\\/\\\/iwell-guard.com\\\/wp-content\\\/uploads\\\/2026\\\/05\\\/Ittermann-Logo-1182x237-1.png\",\"width\":1182,\"height\":237,\"caption\":\"Ittermann electronic GmbH\"},\"image\":{\"@id\":\"https:\\\/\\\/iwell-guard.com\\\/is\\\/#\\\/schema\\\/logo\\\/image\\\/\"},\"sameAs\":[\"https:\\\/\\\/pantip.com\\\/profile\\\/9367242\",\"https:\\\/\\\/micro.blog\\\/iwellguard\",\"https:\\\/\\\/www.diggerslist.com\\\/iwellguard\\\/about\",\"https:\\\/\\\/skitterphoto.com\\\/photographers\\\/2870314\\\/iwell-guard\",\"https:\\\/\\\/iwellguard.wordpress.com\\\/2026\\\/06\\\/06\\\/iwell-guard\\\/\",\"https:\\\/\\\/hub.docker.com\\\/u\\\/iwellguard\",\"https:\\\/\\\/www.pinterest.com\\\/iwellguard\\\/\",\"https:\\\/\\\/bit.ly\\\/m\\\/iwellguard\",\"https:\\\/\\\/entre-vos-mains.alsace.eu\\\/profiles\\\/iwellguard\\\/activity\",\"https:\\\/\\\/gravatar.com\\\/reallybeded8fd34\",\"https:\\\/\\\/naijamatta.com\\\/iwellguard\",\"https:\\\/\\\/www.goodreads.com\\\/iwellguard\",\"https:\\\/\\\/profile.hatena.ne.jp\\\/iwellguard\\\/\",\"https:\\\/\\\/experiment.com\\\/users\\\/iwellguard\",\"https:\\\/\\\/wakelet.com\\\/@iWellGuard82270\",\"https:\\\/\\\/www.chordie.com\\\/forum\\\/profile.php?id=2555664\",\"https:\\\/\\\/www.instapaper.com\\\/p\\\/17757966\",\"https:\\\/\\\/www.mapleprimes.com\\\/users\\\/iwellguard\",\"https:\\\/\\\/businesslistingplus.com\\\/profile\\\/iwell-guard\\\/\",\"https:\\\/\\\/telegra.ph\\\/iWell-Guard-06-06\",\"https:\\\/\\\/pbase.com\\\/iwellguard\\\/iwellguard\",\"https:\\\/\\\/b.hatena.ne.jp\\\/iwellguard\\\/20260607#bookmark-4788405196491818882\",\"https:\\\/\\\/fliphtml5.com\\\/home\\\/iwellguard\",\"https:\\\/\\\/anyflip.com\\\/homepage\\\/cmiwl#About\",\"https:\\\/\\\/transfur.com\\\/Users\\\/iwellguard\",\"http:\\\/\\\/delphi.larsbo.org\\\/user\\\/iwellguard\",\"https:\\\/\\\/jobs.lajobsportal.org\\\/profiles\\\/8380803-iwell-guard\",\"https:\\\/\\\/md.chaosdorf.de\\\/s\\\/jfbe5SBdJD\",\"https:\\\/\\\/www.lingvolive.com\\\/en-us\\\/profile\\\/9ecaeaca-ce11-4e51-9e71-01d55e2bff36\\\/translations\",\"https:\\\/\\\/www.fitday.com\\\/fitness\\\/forums\\\/members\\\/iwellguard.html\",\"https:\\\/\\\/www.mymeetbook.com\\\/iwellguard\",\"https:\\\/\\\/pxhere.com\\\/en\\\/photographer-me\\\/5040798\",\"https:\\\/\\\/disqus.com\\\/by\\\/iwellguard\\\/about\\\/\",\"https:\\\/\\\/pastelink.net\\\/hjwciqwq\",\"https:\\\/\\\/pubhtml5.com\\\/homepage\\\/scjhn\\\/\",\"https:\\\/\\\/www.bitchute.com\\\/channel\\\/2O2eOKzNqujT\",\"https:\\\/\\\/audiomack.com\\\/iwellguard\"]},{\"@type\":\"Article\",\"@id\":\"https:\\\/\\\/iwell-guard.com\\\/is\\\/reshef-fonikiskur-plagugu-og-stridsgud\\\/#article\",\"isPartOf\":{\"@id\":\"https:\\\/\\\/iwell-guard.com\\\/is\\\/reshef-fonikiskur-plagugu-og-stridsgud\\\/\"},\"author\":{\"name\":\"Ralf Ittermann\",\"@id\":\"https:\\\/\\\/iwell-guard.com\\\/is\\\/#\\\/schema\\\/person\\\/ee2a27f1cac3406c7c6fb5820cb7349f\"},\"headline\":\"Reshef \u2013 F\u00f6nik\u00edskur pl\u00e1gugu\u00f0 og str\u00ed\u00f0sgu\u00f0\",\"datePublished\":\"2026-09-05T14:04:32+00:00\",\"dateModified\":\"2026-09-05T14:28:44+00:00\",\"mainEntityOfPage\":{\"@id\":\"https:\\\/\\\/iwell-guard.com\\\/is\\\/reshef-fonikiskur-plagugu-og-stridsgud\\\/\"},\"publisher\":{\"@id\":\"https:\\\/\\\/iwell-guard.com\\\/is\\\/#organization\"},\"image\":{\"@id\":\"https:\\\/\\\/iwell-guard.com\\\/is\\\/reshef-fonikiskur-plagugu-og-stridsgud\\\/#primaryimage\"},\"thumbnailUrl\":\"https:\\\/\\\/iwell-guard.com\\\/wp-content\\\/uploads\\\/2026\\\/05\\\/goetter_phoenizisch_reshef.webp\",\"inLanguage\":\"is\",\"description\":\"Reshef er f\u00f6nik\u00edsk-kanaan\u00edt\u00edskur pl\u00e1gugu\u00f0 og str\u00ed\u00f0sgu\u00f0, bogagu\u00f0 og verndargu\u00f0. Tr\u00faarfr\u00e6\u00f0ileg \u00fattekt me\u00f0 heimildum.\"}]}<\/script>\n<!-- \/ Yoast SEO Premium plugin. -->","yoast_head_json":{"title":"Reshef \u2013 F\u00f6nik\u00edskur pl\u00e1gugu\u00f0, str\u00ed\u00f0sgu\u00f0, d\u00fdrkun","description":"Reshef er f\u00f6nik\u00edsk-kanaan\u00edt\u00edskur pl\u00e1gugu\u00f0 og str\u00ed\u00f0sgu\u00f0, bogagu\u00f0 og verndargu\u00f0. Tr\u00faarfr\u00e6\u00f0ileg \u00fattekt me\u00f0 heimildum.","robots":{"index":"index","follow":"follow","max-snippet":"max-snippet:-1","max-image-preview":"max-image-preview:large","max-video-preview":"max-video-preview:-1"},"canonical":"https:\/\/iwell-guard.com\/is\/reshef-fonikiskur-plagugu-og-stridsgud\/","og_locale":"is_IS","og_type":"article","og_title":"Reshef \u2013 F\u00f6nik\u00edskur pl\u00e1gugu\u00f0 og str\u00ed\u00f0sgu\u00f0","og_description":"Reshef er f\u00f6nik\u00edsk-kanaan\u00edt\u00edskur pl\u00e1gugu\u00f0 og str\u00ed\u00f0sgu\u00f0, bogagu\u00f0 og verndargu\u00f0. Tr\u00faarfr\u00e6\u00f0ileg \u00fattekt me\u00f0 heimildum.","og_url":"https:\/\/iwell-guard.com\/is\/reshef-fonikiskur-plagugu-og-stridsgud\/","og_site_name":"iWell Guard","article_modified_time":"2026-09-05T14:28:44+00:00","og_image":[{"width":1024,"height":1536,"url":"https:\/\/iwell-guard.com\/wp-content\/uploads\/2026\/05\/goetter_phoenizisch_reshef.webp","type":"image\/webp"}],"twitter_card":"summary_large_image","schema":{"@context":"https:\/\/schema.org","@graph":[{"@type":"Article","@id":"https:\/\/iwell-guard.com\/is\/reshef-fonikiskur-plagugu-og-stridsgud\/#article","isPartOf":{"@id":"https:\/\/iwell-guard.com\/is\/reshef-fonikiskur-plagugu-og-stridsgud\/"},"author":{"name":"Ralf Ittermann","@id":"https:\/\/iwell-guard.com\/is\/#\/schema\/person\/ee2a27f1cac3406c7c6fb5820cb7349f"},"headline":"Reshef \u2013 F\u00f6nik\u00edskur pl\u00e1gugu\u00f0 og str\u00ed\u00f0sgu\u00f0","datePublished":"2026-09-05T14:04:32+00:00","dateModified":"2026-09-05T14:28:44+00:00","mainEntityOfPage":{"@id":"https:\/\/iwell-guard.com\/is\/reshef-fonikiskur-plagugu-og-stridsgud\/"},"publisher":{"@id":"https:\/\/iwell-guard.com\/is\/#organization"},"image":{"@id":"https:\/\/iwell-guard.com\/is\/reshef-fonikiskur-plagugu-og-stridsgud\/#primaryimage"},"thumbnailUrl":"https:\/\/iwell-guard.com\/wp-content\/uploads\/2026\/05\/goetter_phoenizisch_reshef.webp","inLanguage":"is","description":"Reshef er f\u00f6nik\u00edsk-kanaan\u00edt\u00edskur pl\u00e1gugu\u00f0 og str\u00ed\u00f0sgu\u00f0, bogagu\u00f0 og verndargu\u00f0. Tr\u00faarfr\u00e6\u00f0ileg \u00fattekt me\u00f0 heimildum."},{"@type":"WebPage","@id":"https:\/\/iwell-guard.com\/is\/reshef-fonikiskur-plagugu-og-stridsgud\/","url":"https:\/\/iwell-guard.com\/is\/reshef-fonikiskur-plagugu-og-stridsgud\/","name":"Reshef \u2013 F\u00f6nik\u00edskur pl\u00e1gugu\u00f0, str\u00ed\u00f0sgu\u00f0, d\u00fdrkun","isPartOf":{"@id":"https:\/\/iwell-guard.com\/is\/#website"},"primaryImageOfPage":{"@id":"https:\/\/iwell-guard.com\/is\/reshef-fonikiskur-plagugu-og-stridsgud\/#primaryimage"},"image":{"@id":"https:\/\/iwell-guard.com\/is\/reshef-fonikiskur-plagugu-og-stridsgud\/#primaryimage"},"thumbnailUrl":"https:\/\/iwell-guard.com\/wp-content\/uploads\/2026\/05\/goetter_phoenizisch_reshef.webp","datePublished":"2026-09-05T14:04:32+00:00","dateModified":"2026-09-05T14:28:44+00:00","description":"Reshef er f\u00f6nik\u00edsk-kanaan\u00edt\u00edskur pl\u00e1gugu\u00f0 og str\u00ed\u00f0sgu\u00f0, bogagu\u00f0 og verndargu\u00f0. Tr\u00faarfr\u00e6\u00f0ileg \u00fattekt me\u00f0 heimildum.","breadcrumb":{"@id":"https:\/\/iwell-guard.com\/is\/reshef-fonikiskur-plagugu-og-stridsgud\/#breadcrumb"},"inLanguage":"is","potentialAction":[{"@type":"ReadAction","target":["https:\/\/iwell-guard.com\/is\/reshef-fonikiskur-plagugu-og-stridsgud\/"]}]},{"@type":"ImageObject","inLanguage":"is","@id":"https:\/\/iwell-guard.com\/is\/reshef-fonikiskur-plagugu-og-stridsgud\/#primaryimage","url":"https:\/\/iwell-guard.com\/wp-content\/uploads\/2026\/05\/goetter_phoenizisch_reshef.webp","contentUrl":"https:\/\/iwell-guard.com\/wp-content\/uploads\/2026\/05\/goetter_phoenizisch_reshef.webp","width":1024,"height":1536,"caption":"Gu\u00f0ir \u00far f\u00f6nik\u00edskri hef\u00f0."},{"@type":"BreadcrumbList","@id":"https:\/\/iwell-guard.com\/is\/reshef-fonikiskur-plagugu-og-stridsgud\/#breadcrumb","itemListElement":[{"@type":"ListItem","position":1,"name":"Start","item":"https:\/\/iwell-guard.com\/is\/?page_id=168580"},{"@type":"ListItem","position":2,"name":"Reshef \u2013 F\u00f6nik\u00edskur pl\u00e1gugu\u00f0 og str\u00ed\u00f0sgu\u00f0"}]},{"@type":"WebSite","@id":"https:\/\/iwell-guard.com\/is\/#website","url":"https:\/\/iwell-guard.com\/is\/","name":"iWell Guard","description":"Schutz vor dunklen Einfl\u00fcssen","publisher":{"@id":"https:\/\/iwell-guard.com\/is\/#organization"},"potentialAction":[{"@type":"SearchAction","target":{"@type":"EntryPoint","urlTemplate":"https:\/\/iwell-guard.com\/is\/?s={search_term_string}"},"query-input":{"@type":"PropertyValueSpecification","valueRequired":true,"valueName":"search_term_string"}}],"inLanguage":"is"},{"@type":"Organization","@id":"https:\/\/iwell-guard.com\/is\/#organization","name":"Ittermann electronic GmbH","url":"https:\/\/iwell-guard.com\/is\/","logo":{"@type":"ImageObject","inLanguage":"is","@id":"https:\/\/iwell-guard.com\/is\/#\/schema\/logo\/image\/","url":"https:\/\/iwell-guard.com\/wp-content\/uploads\/2026\/05\/Ittermann-Logo-1182x237-1.png","contentUrl":"https:\/\/iwell-guard.com\/wp-content\/uploads\/2026\/05\/Ittermann-Logo-1182x237-1.png","width":1182,"height":237,"caption":"Ittermann electronic GmbH"},"image":{"@id":"https:\/\/iwell-guard.com\/is\/#\/schema\/logo\/image\/"},"sameAs":["https:\/\/pantip.com\/profile\/9367242","https:\/\/micro.blog\/iwellguard","https:\/\/www.diggerslist.com\/iwellguard\/about","https:\/\/skitterphoto.com\/photographers\/2870314\/iwell-guard","https:\/\/iwellguard.wordpress.com\/2026\/06\/06\/iwell-guard\/","https:\/\/hub.docker.com\/u\/iwellguard","https:\/\/www.pinterest.com\/iwellguard\/","https:\/\/bit.ly\/m\/iwellguard","https:\/\/entre-vos-mains.alsace.eu\/profiles\/iwellguard\/activity","https:\/\/gravatar.com\/reallybeded8fd34","https:\/\/naijamatta.com\/iwellguard","https:\/\/www.goodreads.com\/iwellguard","https:\/\/profile.hatena.ne.jp\/iwellguard\/","https:\/\/experiment.com\/users\/iwellguard","https:\/\/wakelet.com\/@iWellGuard82270","https:\/\/www.chordie.com\/forum\/profile.php?id=2555664","https:\/\/www.instapaper.com\/p\/17757966","https:\/\/www.mapleprimes.com\/users\/iwellguard","https:\/\/businesslistingplus.com\/profile\/iwell-guard\/","https:\/\/telegra.ph\/iWell-Guard-06-06","https:\/\/pbase.com\/iwellguard\/iwellguard","https:\/\/b.hatena.ne.jp\/iwellguard\/20260607#bookmark-4788405196491818882","https:\/\/fliphtml5.com\/home\/iwellguard","https:\/\/anyflip.com\/homepage\/cmiwl#About","https:\/\/transfur.com\/Users\/iwellguard","http:\/\/delphi.larsbo.org\/user\/iwellguard","https:\/\/jobs.lajobsportal.org\/profiles\/8380803-iwell-guard","https:\/\/md.chaosdorf.de\/s\/jfbe5SBdJD","https:\/\/www.lingvolive.com\/en-us\/profile\/9ecaeaca-ce11-4e51-9e71-01d55e2bff36\/translations","https:\/\/www.fitday.com\/fitness\/forums\/members\/iwellguard.html","https:\/\/www.mymeetbook.com\/iwellguard","https:\/\/pxhere.com\/en\/photographer-me\/5040798","https:\/\/disqus.com\/by\/iwellguard\/about\/","https:\/\/pastelink.net\/hjwciqwq","https:\/\/pubhtml5.com\/homepage\/scjhn\/","https:\/\/www.bitchute.com\/channel\/2O2eOKzNqujT","https:\/\/audiomack.com\/iwellguard"]},{"@type":"Person","@id":"https:\/\/iwell-guard.com\/is\/#\/schema\/person\/ee2a27f1cac3406c7c6fb5820cb7349f","name":"Ralf Ittermann","image":{"@type":"ImageObject","inLanguage":"is","@id":"https:\/\/secure.gravatar.com\/avatar\/073c0153e350a5005b68eb752b445fea71f6b24a26da9449ad7e155e6b446c9d?s=96&d=mm&r=g","url":"https:\/\/secure.gravatar.com\/avatar\/073c0153e350a5005b68eb752b445fea71f6b24a26da9449ad7e155e6b446c9d?s=96&d=mm&r=g","contentUrl":"https:\/\/secure.gravatar.com\/avatar\/073c0153e350a5005b68eb752b445fea71f6b24a26da9449ad7e155e6b446c9d?s=96&d=mm&r=g","caption":"Ralf Ittermann"},"givenName":"Ralf","familyName":"Ittermann","jobTitle":"Gesch\u00e4ftsf\u00fchrer und redaktioneller Verantwortlicher","url":"https:\/\/iwell-guard.com\/is\/author\/claude\/","description":"Ralf Ittermann ist Gesch\u00e4ftsf\u00fchrer der Ittermann electronic GmbH und redaktioneller Verantwortlicher des iWell-Guard-Lexikons. Er verbindet langj\u00e4hrige Erfahrung in der Pr\u00e4zisionsfertigung mit medialer Praxis und religionsgeschichtlicher Quellenarbeit.","worksFor":{"@type":"Organization","name":"Ittermann electronic GmbH","url":"https:\/\/ittermann.de\/","address":{"@type":"PostalAddress","streetAddress":"K\u00f6hlergasse 16-18","postalCode":"99842","addressLocality":"Ruhla","addressCountry":"DE"}},"knowsAbout":["Religionsgeschichte","Mythologie","Mediale Praxis","Energetische Diagnostik","Schutzpraxis","Volksglauben","Westliche Esoterik"]},{"@type":"Article","@id":"https:\/\/iwell-guard.com\/is\/reshef-fonikiskur-plagugu-og-stridsgud\/#article","isPartOf":{"@id":"https:\/\/iwell-guard.com\/is\/reshef-fonikiskur-plagugu-og-stridsgud\/"},"author":{"name":"Ralf Ittermann","@id":"https:\/\/iwell-guard.com\/is\/#\/schema\/person\/ee2a27f1cac3406c7c6fb5820cb7349f"},"headline":"Reshef \u2013 F\u00f6nik\u00edskur pl\u00e1gugu\u00f0 og str\u00ed\u00f0sgu\u00f0","datePublished":"2026-09-05T14:04:32+00:00","dateModified":"2026-09-05T14:28:44+00:00","mainEntityOfPage":{"@id":"https:\/\/iwell-guard.com\/is\/reshef-fonikiskur-plagugu-og-stridsgud\/"},"publisher":{"@id":"https:\/\/iwell-guard.com\/is\/#organization"},"image":{"@id":"https:\/\/iwell-guard.com\/is\/reshef-fonikiskur-plagugu-og-stridsgud\/#primaryimage"},"thumbnailUrl":"https:\/\/iwell-guard.com\/wp-content\/uploads\/2026\/05\/goetter_phoenizisch_reshef.webp","inLanguage":"is","description":"Reshef er f\u00f6nik\u00edsk-kanaan\u00edt\u00edskur pl\u00e1gugu\u00f0 og str\u00ed\u00f0sgu\u00f0, bogagu\u00f0 og verndargu\u00f0. Tr\u00faarfr\u00e6\u00f0ileg \u00fattekt me\u00f0 heimildum."}]}},"_links":{"self":[{"href":"https:\/\/iwell-guard.com\/is\/wp-json\/wp\/v2\/pages\/168978","targetHints":{"allow":["GET"]}}],"collection":[{"href":"https:\/\/iwell-guard.com\/is\/wp-json\/wp\/v2\/pages"}],"about":[{"href":"https:\/\/iwell-guard.com\/is\/wp-json\/wp\/v2\/types\/page"}],"author":[{"embeddable":true,"href":"https:\/\/iwell-guard.com\/is\/wp-json\/wp\/v2\/users\/3"}],"replies":[{"embeddable":true,"href":"https:\/\/iwell-guard.com\/is\/wp-json\/wp\/v2\/comments?post=168978"}],"version-history":[{"count":0,"href":"https:\/\/iwell-guard.com\/is\/wp-json\/wp\/v2\/pages\/168978\/revisions"}],"wp:featuredmedia":[{"embeddable":true,"href":"https:\/\/iwell-guard.com\/is\/wp-json\/wp\/v2\/media\/2852"}],"wp:attachment":[{"href":"https:\/\/iwell-guard.com\/is\/wp-json\/wp\/v2\/media?parent=168978"}],"wp:term":[{"taxonomy":"category","embeddable":true,"href":"https:\/\/iwell-guard.com\/is\/wp-json\/wp\/v2\/categories?post=168978"}],"curies":[{"name":"wp","href":"https:\/\/api.w.org\/{rel}","templated":true}]}}