{"id":168977,"date":"2026-09-05T14:04:32","date_gmt":"2026-09-05T14:04:32","guid":{"rendered":"https:\/\/iwell-guard.com\/?page_id=168977"},"modified":"2026-09-05T14:24:30","modified_gmt":"2026-09-05T14:24:30","slug":"anat-stridsgydja-baal","status":"publish","type":"page","link":"https:\/\/iwell-guard.com\/is\/anat-stridsgydja-baal\/","title":{"rendered":"Anat \u2013 F\u00f6n\u00edsk str\u00ed\u00f0sgy\u00f0ja"},"content":{"rendered":"\t\t<div data-elementor-type=\"wp-page\" data-elementor-id=\"168977\" class=\"elementor elementor-168977 elementor-2632 elementor-bc-flex-widget\" data-elementor-post-type=\"page\">\n\t\t\t\t<div class=\"elementor-element elementor-element-iwgw-anatphoeni-hero e-flex e-con-boxed e-con e-parent\" data-id=\"iwgw-anatphoeni-hero\" data-element_type=\"container\" data-e-type=\"container\" data-settings=\"{&quot;background_background&quot;:&quot;classic&quot;}\">\n\t\t\t\t\t<div class=\"e-con-inner\">\n\t\t<div class=\"elementor-element elementor-element-iwgw-anatphoeni-hl e-flex e-con-boxed e-con e-child\" data-id=\"iwgw-anatphoeni-hl\" data-element_type=\"container\" data-e-type=\"container\">\n\t\t\t\t\t<div class=\"e-con-inner\">\n\t\t<div class=\"elementor-element elementor-element-iwgw-anatphoeni-htxt e-con-full e-flex e-con e-child\" data-id=\"iwgw-anatphoeni-htxt\" data-element_type=\"container\" data-e-type=\"container\">\n\t\t\t\t<div class=\"elementor-element elementor-element-iwgw-anatphoeni-h1 elementor-widget elementor-widget-heading\" data-id=\"iwgw-anatphoeni-h1\" data-element_type=\"widget\" data-e-type=\"widget\" data-widget_type=\"heading.default\">\n\t\t\t\t\t<h1 class=\"elementor-heading-title elementor-size-default\">Anat, f\u00f6n\u00edsk-\u00fagar\u00edsk str\u00ed\u00f0s- og vei\u00f0igy\u00f0ja<\/h1>\t\t\t\t<\/div>\n\t\t\t\t<div class=\"elementor-element elementor-element-iwgw-anatphoeni-lead elementor-widget elementor-widget-text-editor\" data-id=\"iwgw-anatphoeni-lead\" data-element_type=\"widget\" data-e-type=\"widget\" data-widget_type=\"text-editor.default\">\n\t\t\t\t\t\t\t\t\t<p>Anat (\u00e1 f\u00f6n\u00edsku og \u00fagar\u00edsku <em>\u02bfnt<\/em>) er mikilv\u00e6gasta str\u00ed\u00f0s- og vei\u00f0igy\u00f0ja hins \u00fagar\u00edsk-f\u00f6n\u00edsk pantheons. H\u00fan er systir og f\u00f6runautur <a href=\"https:\/\/iwell-guard.com\/is\/?page_id=168969\">Baals<\/a>, sigrar <a href=\"https:\/\/iwell-guard.com\/is\/?page_id=168976\">Mot<\/a> \u00ed Baal-sagnab\u00e1lkinum og bjargar \u00fear me\u00f0 Baal \u00far undirheimum.<\/p>\t\t\t\t\t\t\t\t<\/div>\n\t\t\t\t<\/div>\n\t\t<div class=\"elementor-element elementor-element-iwgw-anatphoeni-pillc e-con-full e-flex e-con e-child\" data-id=\"iwgw-anatphoeni-pillc\" data-element_type=\"container\" data-e-type=\"container\">\n\t\t\t\t<div class=\"elementor-element elementor-element-iwgw-anatphoeni-pills elementor-widget elementor-widget-html\" data-id=\"iwgw-anatphoeni-pills\" data-element_type=\"widget\" data-e-type=\"widget\" data-widget_type=\"html.default\">\n\t\t\t\t\t<div class=\"iwg-pill-row\"><span class=\"iwg-klasse-badge\" tabindex=\"0\" data-tooltip=\"Gy\u00f0ja hinnar f\u00f6n\u00edsku hef\u00f0ar.\">Gy\u00f0ja<\/span><a href=\"https:\/\/iwell-guard.com\/is\/fonikiumenn-og-kartago-baal-tanit\/\" class=\"iwg-kultur-badge\" tabindex=\"0\" data-tooltip=\"Go\u00f0afr\u00e6\u00f0i hinnar f\u00f6n\u00edsku hef\u00f0ar.\">F\u00f6n\u00edsk<\/a><span class=\"iwg-tradition-badge\" tabindex=\"0\" data-tooltip=\"Str\u00ed\u00f0sgy\u00f0ja.\">Str\u00ed\u00f0sgy\u00f0ja<\/span><\/div>\t\t\t\t<\/div>\n\t\t\t\t<\/div>\n\t\t<div class=\"elementor-element elementor-element-iwgw-anatphoeni-tocc e-con-full e-flex e-con e-child\" data-id=\"iwgw-anatphoeni-tocc\" data-element_type=\"container\" data-e-type=\"container\">\n\t\t\t\t<div class=\"elementor-element elementor-element-iwgw-anatphoeni-toc elementor-toc--minimized-on-tablet elementor-widget elementor-widget-table-of-contents\" data-id=\"iwgw-anatphoeni-toc\" data-element_type=\"widget\" data-e-type=\"widget\" data-settings=\"{&quot;headings_by_tags&quot;:[&quot;h2&quot;,&quot;h3&quot;],&quot;minimize_box&quot;:&quot;yes&quot;,&quot;marker_view&quot;:&quot;bullets&quot;,&quot;no_headings_message&quot;:&quot;Engar undirfyrirsagnir fundust \\u00e1 \\u00feessari s\\u00ed\\u00f0u.&quot;,&quot;exclude_headings_by_selector&quot;:[],&quot;icon&quot;:{&quot;value&quot;:&quot;fas fa-circle&quot;,&quot;library&quot;:&quot;fa-solid&quot;,&quot;rendered_tag&quot;:&quot;&lt;svg class=\\&quot;e-font-icon-svg e-fas-circle\\&quot; viewBox=\\&quot;0 0 512 512\\&quot; xmlns=\\&quot;http:\\\/\\\/www.w3.org\\\/2000\\\/svg\\&quot;&gt;&lt;path d=\\&quot;M256 8C119 8 8 119 8 256s111 248 248 248 248-111 248-248S393 8 256 8z\\&quot;&gt;&lt;\\\/path&gt;&lt;\\\/svg&gt;&quot;},&quot;minimized_on&quot;:&quot;tablet&quot;,&quot;hierarchical_view&quot;:&quot;yes&quot;,&quot;min_height&quot;:{&quot;unit&quot;:&quot;px&quot;,&quot;size&quot;:&quot;&quot;,&quot;sizes&quot;:[]},&quot;min_height_tablet&quot;:{&quot;unit&quot;:&quot;px&quot;,&quot;size&quot;:&quot;&quot;,&quot;sizes&quot;:[]},&quot;min_height_mobile&quot;:{&quot;unit&quot;:&quot;px&quot;,&quot;size&quot;:&quot;&quot;,&quot;sizes&quot;:[]}}\" data-widget_type=\"table-of-contents.default\">\n\t\t\t\t\t\t\t\t\t<div class=\"elementor-toc__header\">\n\t\t\t\t\t\t<h2 class=\"elementor-toc__header-title\">\n\t\t\t\tEfnisyfirlit\t\t\t<\/h2>\n\t\t\t\t\t\t\t\t\t\t<div class=\"elementor-toc__toggle-button elementor-toc__toggle-button--expand\" role=\"button\" tabindex=\"0\" aria-controls=\"elementor-toc__iwgw-anatphoeni-toc\" aria-expanded=\"true\" aria-label=\"Open table of contents\"><svg aria-hidden=\"true\" class=\"e-font-icon-svg e-fas-chevron-down\" viewBox=\"0 0 448 512\" xmlns=\"http:\/\/www.w3.org\/2000\/svg\"><path d=\"M207.029 381.476L12.686 187.132c-9.373-9.373-9.373-24.569 0-33.941l22.667-22.667c9.357-9.357 24.522-9.375 33.901-.04L224 284.505l154.745-154.021c9.379-9.335 24.544-9.317 33.901.04l22.667 22.667c9.373 9.373 9.373 24.569 0 33.941L240.971 381.476c-9.373 9.372-24.569 9.372-33.942 0z\"><\/path><\/svg><\/div>\n\t\t\t\t<div class=\"elementor-toc__toggle-button elementor-toc__toggle-button--collapse\" role=\"button\" tabindex=\"0\" aria-controls=\"elementor-toc__iwgw-anatphoeni-toc\" aria-expanded=\"true\" aria-label=\"Close table of contents\"><svg aria-hidden=\"true\" class=\"e-font-icon-svg e-fas-chevron-up\" viewBox=\"0 0 448 512\" xmlns=\"http:\/\/www.w3.org\/2000\/svg\"><path d=\"M240.971 130.524l194.343 194.343c9.373 9.373 9.373 24.569 0 33.941l-22.667 22.667c-9.357 9.357-24.522 9.375-33.901.04L224 227.495 69.255 381.516c-9.379 9.335-24.544 9.317-33.901-.04l-22.667-22.667c-9.373-9.373-9.373-24.569 0-33.941L207.03 130.525c9.372-9.373 24.568-9.373 33.941-.001z\"><\/path><\/svg><\/div>\n\t\t\t\t\t<\/div>\n\t\t\t\t<div id=\"elementor-toc__iwgw-anatphoeni-toc\" class=\"elementor-toc__body\">\n\t\t\t<div class=\"elementor-toc__spinner-container\">\n\t\t\t\t<svg class=\"elementor-toc__spinner eicon-animation-spin e-font-icon-svg e-eicon-loading\" aria-hidden=\"true\" viewBox=\"0 0 1000 1000\" xmlns=\"http:\/\/www.w3.org\/2000\/svg\"><path d=\"M500 975V858C696 858 858 696 858 500S696 142 500 142 142 304 142 500H25C25 237 238 25 500 25S975 237 975 500 763 975 500 975Z\"><\/path><\/svg>\t\t\t<\/div>\n\t\t<\/div>\n\t\t\t\t\t\t<\/div>\n\t\t\t\t<\/div>\n\t\t\t\t\t<\/div>\n\t\t\t\t<\/div>\n\t\t<div class=\"elementor-element elementor-element-iwgw-anatphoeni-hr e-con-full e-flex e-con e-child\" data-id=\"iwgw-anatphoeni-hr\" data-element_type=\"container\" data-e-type=\"container\">\n\t\t\t\t<div class=\"elementor-element elementor-element-iwgw-anatphoeni-heroimg iwg-hero-image elementor-widget elementor-widget-image\" data-id=\"iwgw-anatphoeni-heroimg\" data-element_type=\"widget\" data-e-type=\"widget\" data-widget_type=\"image.default\">\n\t\t\t\t\t\t\t\t\t\t\t\t\t\t\t<img fetchpriority=\"high\" decoding=\"async\" width=\"683\" height=\"1024\" src=\"https:\/\/iwell-guard.com\/wp-content\/uploads\/2026\/05\/goetter_phoenizisch_anat-phoenix-683x1024.webp\" class=\"attachment-large size-large wp-image-170811\" alt=\"Anat F\u00f6nik\u00edu - Gu\u00f0ir \u00far f\u00f6nik\u00edskri hef\u00f0, s\u00f6guleg myndskreyting\" srcset=\"https:\/\/iwell-guard.com\/wp-content\/uploads\/2026\/05\/goetter_phoenizisch_anat-phoenix-683x1024.webp 683w, https:\/\/iwell-guard.com\/wp-content\/uploads\/2026\/05\/goetter_phoenizisch_anat-phoenix-200x300.webp 200w, https:\/\/iwell-guard.com\/wp-content\/uploads\/2026\/05\/goetter_phoenizisch_anat-phoenix-768x1152.webp 768w, https:\/\/iwell-guard.com\/wp-content\/uploads\/2026\/05\/goetter_phoenizisch_anat-phoenix.webp 1024w\" sizes=\"(max-width: 683px) 100vw, 683px\" \/>\t\t\t\t\t\t\t\t\t\t\t\t\t\t\t<\/div>\n\t\t\t\t<\/div>\n\t\t\t\t\t<\/div>\n\t\t\t\t<\/div>\n\t\t\t\t<section class=\"elementor-section elementor-top-section elementor-element elementor-element-sec-iwgcomp2-anat-phoenix elementor-section-boxed elementor-section-height-default elementor-section-height-default\" data-id=\"sec-iwgcomp2-anat-phoenix\" data-element_type=\"section\" data-e-type=\"section\">\n\t\t\t\t\t\t<div class=\"elementor-container elementor-column-gap-default\">\n\t\t\t\t\t<div class=\"elementor-column elementor-col-100 elementor-top-column elementor-element elementor-element-col-iwgcomp2-anat-phoenix\" data-id=\"col-iwgcomp2-anat-phoenix\" data-element_type=\"column\" data-e-type=\"column\">\n\t\t\t<div class=\"elementor-widget-wrap elementor-element-populated\">\n\t\t\t\t\t\t<div class=\"elementor-element elementor-element-iwgcomp2-anat-phoenix elementor-widget elementor-widget-text-editor\" data-id=\"iwgcomp2-anat-phoenix\" data-element_type=\"widget\" data-e-type=\"widget\" data-widget_type=\"text-editor.default\">\n\t\t\t\t\t\t\t\t\t<p>Anat (F\u00f6nik\u00edu) er \u00edmynd hinnar <strong>f\u00f6n\u00edsk-\u00fagar\u00edsku<\/strong> str\u00ed\u00f0s- og vei\u00f0igy\u00f0ju \u00ed \u00fagar\u00edska <span class=\"iwg-fachbegriff\" data-tooltip=\"Heild gu\u00f0a innan tr\u00faarbrag\u00f0a e\u00f0a menningar.\" tabindex=\"0\">pantheoninu<\/span>.<\/p>\t\t\t\t\t\t\t\t<\/div>\n\t\t\t\t\t<\/div>\n\t\t<\/div>\n\t\t\t\t\t<\/div>\n\t\t<\/section>\n\t\t<div class=\"elementor-element elementor-element-iwgw-anatphoeni-s0 e-flex e-con-boxed e-con e-parent\" data-id=\"iwgw-anatphoeni-s0\" data-element_type=\"container\" data-e-type=\"container\">\n\t\t\t\t\t<div class=\"e-con-inner\">\n\t\t\t\t<div class=\"elementor-element elementor-element-iwgw-anatphoeni-s0h elementor-widget elementor-widget-heading\" data-id=\"iwgw-anatphoeni-s0h\" data-element_type=\"widget\" data-e-type=\"widget\" data-widget_type=\"heading.default\">\n\t\t\t\t\t<h2 class=\"elementor-heading-title elementor-size-default\">Greining og skammrit<\/h2>\t\t\t\t<\/div>\n\t\t<div class=\"elementor-element elementor-element-iwgw-anatphoeni-s0c e-con-full e-flex e-con e-child\" data-id=\"iwgw-anatphoeni-s0c\" data-element_type=\"container\" data-e-type=\"container\">\n\t\t\t\t<div class=\"elementor-element elementor-element-iwgw-anatphoeni-s0t elementor-widget elementor-widget-text-editor\" data-id=\"iwgw-anatphoeni-s0t\" data-element_type=\"widget\" data-e-type=\"widget\" data-widget_type=\"text-editor.default\">\n\t\t\t\t\t\t\t\t\t<p>Anat er me\u00f0al elstu gy\u00f0ja vestsem\u00edt\u00edskrar hef\u00f0ar; hennar er geti\u00f0 allt fr\u00e1 forns\u00fdrlenskum t\u00edma (3. \u00e1r\u00fe\u00fasund f.Kr.) og h\u00fan er virk enn \u00e1 hellen\u00edsk-r\u00f3mverska t\u00edmanum.<\/p><p>Mark Smith s\u00fdndi \u00ed <em>The Ugaritic Baal Cycle<\/em> (1994\/2009) a\u00f0 Anat leikur \u00ed Baal-sagnab\u00e1lkinum lykilhlutverk sem str\u00ed\u00f0andi og verndandi f\u00f6runautur Baals; h\u00fan er ekki fyrst og fremst m\u00f3\u00f0ur- e\u00f0a \u00e1stargy\u00f0ja, heldur bardagakona fram \u00far skarandi. Innan <a href=\"https:\/\/iwell-guard.com\/is\/fonikiumenn-og-kartago-baal-tanit\/\">f\u00f6n\u00edsku hef\u00f0arinnar<\/a> er h\u00fan sj\u00e1lfst\u00e6\u00f0 h\u00e1gu\u00f0ja vi\u00f0 hli\u00f0 <a href=\"https:\/\/iwell-guard.com\/is\/?page_id=168971\">Astarte<\/a>.<\/p><p>Peggy Day hefur \u00ed m\u00f6rgum ranns\u00f3knum sko\u00f0a\u00f0 eiginleika Anats \u00ed sm\u00e1atri\u00f0um; h\u00fan s\u00fdnir a\u00f0 Anat hefur mj\u00f6g v\u00ed\u00f0t\u00e6ka virkni: str\u00ed\u00f0sgy\u00f0ja, vei\u00f0igy\u00f0ja, verndargy\u00f0ja drottninga, f\u00f6runautur Baals, sigurvegari yfir <a href=\"https:\/\/iwell-guard.com\/is\/?page_id=168976\">Mot<\/a>. \u00deessi margv\u00edslega hlutverkaskipan er d\u00e6miger\u00f0 fyrir fornaustr\u00e6nar gy\u00f0jur.<\/p><p>Tr\u00faars\u00f6gulega tilheyrir Anat hinni st\u00f3ru vestsem\u00edt\u00edsk-mes\u00f3p\u00f3tam\u00edsku gy\u00f0jufj\u00f6lskyldu \u02bfAnat\/I\u0161tar\/<a href=\"https:\/\/iwell-guard.com\/is\/?page_id=168971\">Astarte<\/a>. \u00c1 me\u00f0an Astarte ber sterkari einkenni konungslegrar borgarh\u00e1gu\u00f0ju er Anat hin str\u00ed\u00f0andi og vei\u00f0andi hli\u00f0. B\u00e1\u00f0ar koma oft fram saman \u00ed \u00fagar\u00edskum textum og eru gu\u00f0fr\u00e6\u00f0ilega n\u00e1tengdar.<\/p><p>Athyglisver\u00f0ur eiginleiki Anats er sta\u00f0a hennar milli str\u00ed\u00f0s- og \u00e1stargy\u00f0ju; \u00ed sumum \u00fagar\u00edskum textum kemur h\u00fan fram sem kynfer\u00f0islega virkur f\u00f6runautur Baals, \u00ed \u00f6\u00f0rum sem mey og \u00e1r\u00e1sargjarn vei\u00f0ima\u00f0ur. \u00deessi tv\u00ede\u00f0li er tr\u00faars\u00f6gulega ekki m\u00f3tsagnakennt, heldur speglar fornaustr\u00e6nan skilning \u00e1 gu\u00f0legri villid\u00fdrslegri heg\u00f0un sem falla ekki \u00ed n\u00fat\u00edmaflokka.<\/p><p>Mikilv\u00e6g ranns\u00f3knarspurning snertir n\u00e1kv\u00e6mt samband \u02bfAnat og \u02bfA\u1e6ftartu (Astarte) \u00ed \u00fagar\u00edsku textunum. B\u00e1\u00f0ar gy\u00f0jurnar koma oft fram saman og blandast stundum virknilega, en halda einnig sk\u00fdrum sj\u00e1lfst\u00e6\u00f0um eiginleikum.<\/p>\t\t\t\t\t\t\t\t<\/div>\n\t\t\t\t<\/div>\n\t\t\t\t\t<\/div>\n\t\t\t\t<\/div>\n\t\t<div class=\"elementor-element elementor-element-iwgw-anatphoeni-s1 e-flex e-con-boxed e-con e-parent\" data-id=\"iwgw-anatphoeni-s1\" data-element_type=\"container\" data-e-type=\"container\">\n\t\t\t\t\t<div class=\"e-con-inner\">\n\t\t\t\t<div class=\"elementor-element elementor-element-iwgw-anatphoeni-s1h elementor-widget elementor-widget-heading\" data-id=\"iwgw-anatphoeni-s1h\" data-element_type=\"widget\" data-e-type=\"widget\" data-widget_type=\"heading.default\">\n\t\t\t\t\t<h2 class=\"elementor-heading-title elementor-size-default\">Nafn og or\u00f0sifjar<\/h2>\t\t\t\t<\/div>\n\t\t<div class=\"elementor-element elementor-element-iwgw-anatphoeni-s1c e-con-full e-flex e-con e-child\" data-id=\"iwgw-anatphoeni-s1c\" data-element_type=\"container\" data-e-type=\"container\">\n\t\t\t\t<div class=\"elementor-element elementor-element-iwgw-anatphoeni-s1t elementor-widget elementor-widget-text-editor\" data-id=\"iwgw-anatphoeni-s1t\" data-element_type=\"widget\" data-e-type=\"widget\" data-widget_type=\"text-editor.default\">\n\t\t\t\t\t\t\t\t\t<p>Nafni\u00f0 <em>\u02bfnt<\/em> er vestsem\u00edt\u00edskt; uppruni or\u00f0sins er ekki fullkomlega lj\u00f3s. Ein tr\u00faver\u00f0ug t\u00falkun tengir \u00fea\u00f0 vi\u00f0 r\u00f3tina <em>\u02bfny<\/em> &#8216;a\u00f0 svara, gr\u00edpa inn \u00ed&#8217;, sem myndi samr\u00e6mast \u00edhlutandi hlutverki hennar. \u00d6nnur t\u00falkun tengir nafni\u00f0 vi\u00f0 or\u00f0i\u00f0 fyrir &#8216;auga&#8217; e\u00f0a &#8216;uppsprettu&#8217; (<em>\u02bfyn<\/em>).<\/p><p>\u00cd \u00fagar\u00edskum textum kemur h\u00fan fram sem <em>\u02bfnt<\/em>, s\u00f6mulei\u00f0is \u00ed f\u00f6n\u00edskum. \u00cd egypskum textum fr\u00e1 N\u00fdja r\u00edkinu og s\u00ed\u00f0t\u00edmabilinu kemur h\u00fan fram sem <em>\u02bfAntit<\/em> e\u00f0a <em>\u02bfAnat<\/em>, flutt inn sem sj\u00e1lfst\u00e6\u00f0 <span class=\"iwg-fachbegriff\" data-tooltip=\"Vera sem d\u00fdrku\u00f0 er sem gu\u00f0leg innan tr\u00faarbrag\u00f0a.\" tabindex=\"0\">gu\u00f0veru<\/span>. Fara\u00f3inn Ramses II. (13. \u00f6ld f.Kr.) og fara\u00f3inn Ramses III. reistu henni <span class=\"iwg-fachbegriff\" data-tooltip=\"Bygging sem n\u00fdtt er til d\u00fdrkunar \u00e1 einni e\u00f0a fleiri gu\u00f0um.\" tabindex=\"0\">hof<\/span> og \u00e1letranir; egypsk Anat-d\u00fdrkun er vel skjalfest.<\/p><p>\u00cd hebreska efninu kemur Anat fram sem landfr\u00e6\u00f0ilegt nafn (Anatot, heimab\u00e6r sp\u00e1mannsins Jerem\u00eda; Bet-Anat \u00ed Gal\u00edleu); hvort um er a\u00f0 r\u00e6\u00f0a minningar\u00e1hrif fr\u00e1 gy\u00f0junni Anat \u00ed bibl\u00edutextunum er deiluefni.<\/p><p>\u00cd Elephantine (5. \u00f6ld f.Kr.) er d\u00fdrku\u00f0 &#8216;Anat-Jaho&#8217;, s\u00fdrlensk-egypsk-j\u00fadversk samruni vi\u00f0 Jahve, sem er tr\u00faars\u00f6gulega mj\u00f6g uppl\u00fdsandi og hefur veri\u00f0 rakinn \u00edtarlega \u00ed ranns\u00f3knum Bezalel Porten.<\/p><p>S\u00e9rst\u00f6k or\u00f0sifjafr\u00e6\u00f0ileg tilg\u00e1ta tengir nafn hennar vi\u00f0 akkad\u00edska atviksor\u00f0i\u00f0 <em>annu<\/em> &#8216;n\u00fa, samstundis&#8217;, sem myndi samr\u00e6mast \u00edhlutandi hlutverki hennar. \u00deessi or\u00f0sifjafr\u00e6\u00f0i hefur \u00fe\u00f3 ekki n\u00e1\u00f0 almennri vi\u00f0urkenningu.<\/p>\t\t\t\t\t\t\t\t<\/div>\n\t\t\t\t<\/div>\n\t\t\t\t\t<\/div>\n\t\t\t\t<\/div>\n\t\t<div class=\"elementor-element elementor-element-iwgw-anatphoeni-s2 e-flex e-con-boxed e-con e-parent\" data-id=\"iwgw-anatphoeni-s2\" data-element_type=\"container\" data-e-type=\"container\">\n\t\t\t\t\t<div class=\"e-con-inner\">\n\t\t\t\t<div class=\"elementor-element elementor-element-iwgw-anatphoeni-s2h elementor-widget elementor-widget-heading\" data-id=\"iwgw-anatphoeni-s2h\" data-element_type=\"widget\" data-e-type=\"widget\" data-widget_type=\"heading.default\">\n\t\t\t\t\t<h2 class=\"elementor-heading-title elementor-size-default\">L\u00fdsing og myndm\u00e1l<\/h2>\t\t\t\t<\/div>\n\t\t<div class=\"elementor-element elementor-element-iwgw-anatphoeni-s2c e-con-full e-flex e-con e-child\" data-id=\"iwgw-anatphoeni-s2c\" data-element_type=\"container\" data-e-type=\"container\">\n\t\t\t\t<div class=\"elementor-element elementor-element-iwgw-anatphoeni-s2t elementor-widget elementor-widget-text-editor\" data-id=\"iwgw-anatphoeni-s2t\" data-element_type=\"widget\" data-e-type=\"widget\" data-widget_type=\"text-editor.default\">\n\t\t\t\t\t\t\t\t\t<p>Anat kemur fram \u00ed vestsem\u00edt\u00edskri myndlist sem str\u00ed\u00f0sgy\u00f0ja \u00ed stuttu kl\u00e6\u00f0i, me\u00f0 uppreist sver\u00f0 e\u00f0a spj\u00f3t, skj\u00f6ld e\u00f0a boga, oft me\u00f0 hj\u00e1lm. \u00deessi myndhef\u00f0 var s\u00e9rstaklega r\u00e6ktu\u00f0 \u00ed fara\u00f3aveldi Egyptalands; \u00e1 steinum fr\u00e1 Memfis og Tanis kemur h\u00fan fram \u00ed fullri str\u00ed\u00f0sbrynju vi\u00f0 hli\u00f0 fara\u00f3a sem verndargy\u00f0ja.<\/p><p>Heilagt d\u00fdr hennar er lj\u00f3ni\u00f0; \u00ed nokkrum l\u00e1gmyndum r\u00ed\u00f0ur h\u00fan lj\u00f3ni e\u00f0a heldur lj\u00f3ni \u00e1 spor\u00f0inum. Griffinn kemur einnig af og til fram sem f\u00f6runautur hennar. \u00cd fara\u00f3aveldi Egyptalands er h\u00fan sams\u00f6mu\u00f0 egypsku gy\u00f0junni Sekhmet, lj\u00f3nsh\u00f6f\u00f0agy\u00f0ju, sem enn eflir str\u00ed\u00f0slega eiginleika hennar.<\/p><p>Mikilv\u00e6g myndhef\u00f0 s\u00fdnir Anat &#8216;ba\u00f0a\u00f0a \u00ed bl\u00f3\u00f0i&#8217; eftir bardaga; \u00ed \u00fagar\u00edsku textunum er l\u00fdst hvernig h\u00fan va\u00f0ir \u00ed bl\u00f3\u00f0i upp a\u00f0 mj\u00f6\u00f0mum eftir fj\u00f6ldamor\u00f0 \u00e1 fjendum s\u00ednum og ba\u00f0ar sig s\u00ed\u00f0an \u00ed \u00fev\u00ed bl\u00f3\u00f0i.<\/p><p>\u00deessi harkalega l\u00fdsing \u00e1 str\u00ed\u00f0slegri villimennsku hennar er einn af fr\u00e6gustu efnis\u00fe\u00e1ttum \u00fagar\u00edsku Anat-hef\u00f0arinnar og hefur veri\u00f0 \u00edtarlega fjalla\u00f0 um af Peggy Day og Neal Walls (<em>The Goddess Anat in Ugaritic Myth<\/em>, 1992).<\/p><p>\u00cd Egyptalandi var Anat oft s\u00fdnd sem &#8216;kona Seth&#8217;, \u00fev\u00ed Seth, forn-egypski gu\u00f0 ey\u00f0imerkurins og glundro\u00f0ans, var samsama\u00f0ur Baal. \u00deessi &#8216;Anat-Seth&#8217; samsetning speglar f\u00f6n\u00edsk-egypskt s\u00f6guleg tengsl \u00e1 N\u00fdja r\u00edkinu.<\/p>\t\t\t\t\t\t\t\t<\/div>\n\t\t\t\t<\/div>\n\t\t\t\t\t<\/div>\n\t\t\t\t<\/div>\n\t\t<div class=\"elementor-element elementor-element-iwgw-anatphoeni-s3 e-flex e-con-boxed e-con e-parent\" data-id=\"iwgw-anatphoeni-s3\" data-element_type=\"container\" data-e-type=\"container\">\n\t\t\t\t\t<div class=\"e-con-inner\">\n\t\t\t\t<div class=\"elementor-element elementor-element-iwgw-anatphoeni-s3h elementor-widget elementor-widget-heading\" data-id=\"iwgw-anatphoeni-s3h\" data-element_type=\"widget\" data-e-type=\"widget\" data-widget_type=\"heading.default\">\n\t\t\t\t\t<h2 class=\"elementor-heading-title elementor-size-default\">Go\u00f0sagnakenndar fr\u00e1sagnir<\/h2>\t\t\t\t<\/div>\n\t\t<div class=\"elementor-element elementor-element-iwgw-anatphoeni-s3c e-con-full e-flex e-con e-child\" data-id=\"iwgw-anatphoeni-s3c\" data-element_type=\"container\" data-e-type=\"container\">\n\t\t\t\t<div class=\"elementor-element elementor-element-iwgw-anatphoeni-s3t elementor-widget elementor-widget-text-editor\" data-id=\"iwgw-anatphoeni-s3t\" data-element_type=\"widget\" data-e-type=\"widget\" data-widget_type=\"text-editor.default\">\n\t\t\t\t\t\t\t\t\t<p>Anat er a\u00f0alpers\u00f3na \u00ed nokkrum \u00fagar\u00edt\u00edskum textum. \u00cd Baal-hringr\u00e1sinni kemur h\u00fan fram \u00e1 mi\u00f0jum vettvangi: H\u00fan sty\u00f0ur <a href=\"https:\/\/iwell-guard.com\/is\/?page_id=168969\">Baal<\/a> vi\u00f0 byggingu hofsins, berst vi\u00f0 hli\u00f0 hans gegn <a href=\"https:\/\/iwell-guard.com\/is\/?page_id=168975\">Yam<\/a> og ey\u00f0ir a\u00f0 lokum <a href=\"https:\/\/iwell-guard.com\/is\/?page_id=168976\">Mot<\/a>. Ey\u00f0ingarsenan \u00fear sem h\u00fan gengur fr\u00e1 Mot (&#8216;h\u00fan kl\u00fdfur hann, sigtar hann, brennir hann, malar hann, s\u00e1ir honum&#8217;) er eitt \u00e1hrifamesta atri\u00f0i fornaustursins <span class=\"iwg-fachbegriff\" data-tooltip=\"Heildarsafn go\u00f0sagna sem var\u00f0veist hafa innan menningarheims.\" tabindex=\"0\">go\u00f0afr\u00e6\u00f0i<\/span>.<\/p><p>\u00cd Aqhat-kvi\u00f0unni (KTU 1.17, 1.19) kemur h\u00fan fram sem andst\u00e6\u00f0ingur hetjunnar Aqhat. Hana girnir hinn gl\u00e6silega boga hans og h\u00fan bo\u00f0ar honum r\u00edkid\u00e6mi og \u00f3dau\u00f0leika; Aqhat hafnar \u00fev\u00ed og segir a\u00f0 bogar s\u00e9u karlmanna m\u00e1lefni.<\/p><p>\u00cd rei\u00f0i sinni l\u00e6tur Anat myr\u00f0a Aqhat me\u00f0 launmor\u00f0ingja; sagan endar me\u00f0 fl\u00f3knu hefndarferli. \u00deessi fr\u00e1s\u00f6gn veitir einstaka inns\u00fdn \u00ed \u00fagar\u00edt\u00edska umfj\u00f6llun um kynhlutverk og gu\u00f0lega ge\u00f0\u00fe\u00f3tta\u00e1kv\u00f6r\u00f0un.<\/p><p>\u00d6nnur fr\u00e1s\u00f6gn tengir Anat vi\u00f0 vei\u00f0ar \u00e1 &#8216;\u1e24erev&#8217;-nautinu; sagan hefur var\u00f0veist \u00ed brotum en s\u00fdnir Anat sem villta vei\u00f0ikonu \u00e1 steppulandi. \u00cd tr\u00faars\u00f6gulegu samhengi tilheyrir Anat fj\u00f6lskyldu vei\u00f0igy\u00f0ja sem koma fyrir \u00ed n\u00e6r \u00f6llum ind\u00f3evr\u00f3pskum og sem\u00edt\u00edskum go\u00f0aheimum.<\/p><p>\u00cd Aqhat-kvi\u00f0unni fylgir fl\u00f3kin hefndara\u00f0ger\u00f0 \u00ed kj\u00f6lfar \u00feess a\u00f0 Anat l\u00e6tur ey\u00f0a hetjunni; systir Aqhats, Paghat, leitar launmor\u00f0ingjann Yatpan og drekkur v\u00edn me\u00f0 honum til a\u00f0 gera hann drukkinn og dey\u00f0a hann, bein hli\u00f0st\u00e6\u00f0a vi\u00f0 Hedammu-\u0160au\u0161ga-atbur\u00f0ar\u00e1sina \u00ed <a href=\"https:\/\/iwell-guard.com\/is\/hettitar-anatolia-tarhunna-vernd\/\">het\u00edt\u00edskri hef\u00f0<\/a>. \u00deessi tengsl \u00ed blekkingarm\u00f3t\u00edfi eru s\u00f6gulega uppl\u00fdsandi.<\/p>\t\t\t\t\t\t\t\t<\/div>\n\t\t\t\t<\/div>\n\t\t\t\t\t<\/div>\n\t\t\t\t<\/div>\n\t\t<div class=\"elementor-element elementor-element-iwgw-anatphoeni-s4 e-flex e-con-boxed e-con e-parent\" data-id=\"iwgw-anatphoeni-s4\" data-element_type=\"container\" data-e-type=\"container\">\n\t\t\t\t\t<div class=\"e-con-inner\">\n\t\t\t\t<div class=\"elementor-element elementor-element-iwgw-anatphoeni-s4h elementor-widget elementor-widget-heading\" data-id=\"iwgw-anatphoeni-s4h\" data-element_type=\"widget\" data-e-type=\"widget\" data-widget_type=\"heading.default\">\n\t\t\t\t\t<h2 class=\"elementor-heading-title elementor-size-default\">D\u00fdrkun og tilbei\u00f0sla<\/h2>\t\t\t\t<\/div>\n\t\t<div class=\"elementor-element elementor-element-iwgw-anatphoeni-s4c e-con-full e-flex e-con e-child\" data-id=\"iwgw-anatphoeni-s4c\" data-element_type=\"container\" data-e-type=\"container\">\n\t\t\t\t<div class=\"elementor-element elementor-element-iwgw-anatphoeni-s4t elementor-widget elementor-widget-text-editor\" data-id=\"iwgw-anatphoeni-s4t\" data-element_type=\"widget\" data-e-type=\"widget\" data-widget_type=\"text-editor.default\">\n\t\t\t\t\t\t\t\t\t<p>Mikilv\u00e6gustu tilbei\u00f0slusta\u00f0ir Anat \u00ed F\u00f6n\u00edk\u00edu voru S\u00eddon, T\u00fdrus og Beir\u00fat; \u00e1 egypsku sv\u00e6\u00f0inu Tanis og Memfis; \u00ed het\u00edt\u00edska heiminum \u0160amu\u1e2ba (sem hurr\u00edsk \u0160au\u0161ga, sem h\u00fan var \u00ed e\u00f0li s\u00ednu tengd). H\u00fan var einnig tilbe\u00f0in \u00ed Mari, Emar og Ebla. Sabatino Moscati l\u00fdsti \u00fatbrei\u00f0slu hennar vi\u00f0 Mi\u00f0jar\u00f0arhafi\u00f0 \u00ed <em>Die Ph\u00f6niker<\/em> (1966).<\/p><p>\u00cd \u00fagar\u00edt\u00edsku h\u00e1t\u00ed\u00f0ardagatalinu f\u00e9kk h\u00fan s\u00edna eigin f\u00f3rnardaga; <span class=\"iwg-fachbegriff\" data-tooltip=\"Bygging sem \u00fej\u00f3nar tilbei\u00f0slu \u00e1 einum e\u00f0a fleiri gu\u00f0um.\" tabindex=\"0\">hof<\/span> Anat \u00ed \u00dagar\u00edt var sta\u00f0sett \u00e1 akr\u00f3p\u00f3lissv\u00e6\u00f0inu og hefur veri\u00f0 sta\u00f0fest me\u00f0 fornleifafr\u00e6\u00f0ilegum a\u00f0fer\u00f0um.<\/p><p>\u00cd Egyptalandi tilheyr\u00f0i <span class=\"iwg-fachbegriff\" data-tooltip=\"Heildarsafn tilbei\u00f0sluathafna fyrir gu\u00f0 e\u00f0a heilaga veru.\" tabindex=\"0\">tilbei\u00f0slan<\/span> \u00e1 henni flokki &#8216;as\u00edskra gu\u00f0a&#8217;, sem var virkur stu\u00f0ningur vi\u00f0 \u00ed N\u00fdja r\u00edkinu, s\u00e9rstaklega af Rames\u00edda\u00e6ttinni. Fara\u00f3 Ramses II. kalla\u00f0i sig &#8216;\u00e1stvin Anat&#8217; og \u00e1tti d\u00f3ttur a\u00f0 nafni &#8216;Bint-Anat&#8217; (&#8216;d\u00f3ttir Anat&#8217;).<\/p><p>\u00cd Elefant\u00ednu-\u00e1letrunum fr\u00e1 5. \u00f6ld f.Kr. kemur fram &#8216;Anat-Jaho&#8217; sem ei\u00f0ar- og verndargo\u00f0 \u00feess hebresk-arame\u00edska samf\u00e9lags sem \u00fear bj\u00f3. \u00deessi merkilega samruna me\u00f0 Jahve er me\u00f0al athyglisver\u00f0ustu tr\u00faars\u00f6gulegu heimilda fr\u00e1 hebresk-sem\u00edt\u00edskum s\u00ed\u00f0t\u00edma; Bezalel Porten skjalfesti \u00feetta n\u00e1kv\u00e6mlega \u00ed <em>Archives from Elephantine<\/em> (1968) og \u00ed m\u00f6rgum s\u00ed\u00f0ari ranns\u00f3knum.<\/p><p>\u00cd het\u00edt\u00edska r\u00edkistilbei\u00f0slunni var hurr\u00edska \u0160au\u0161ga, hi\u00f0 gu\u00f0fr\u00e6\u00f0ilega hli\u00f0st\u00e6\u00f0a Anat, tilbe\u00f0in sem systir ve\u00f0urgu\u00f0sins <a href=\"https:\/\/iwell-guard.com\/is\/?page_id=168963\">Teshub<\/a>. \u0160au\u0161ga fr\u00e1 \u0160amu\u1e2ba haf\u00f0i sitt eigi\u00f0 <span class=\"iwg-fachbegriff\" data-tooltip=\"Bygging sem \u00fej\u00f3nar tilbei\u00f0slu \u00e1 einum e\u00f0a fleiri gu\u00f0um.\" tabindex=\"0\">hof<\/span> \u00ed \u1e2aattu\u0161a og var s\u00e9rstaklega tilbe\u00f0in af st\u00f3rkonungnum \u1e2aattu\u0161ili III.<\/p>\t\t\t\t\t\t\t\t<\/div>\n\t\t\t\t<\/div>\n\t\t\t\t\t<\/div>\n\t\t\t\t<\/div>\n\t\t<div class=\"elementor-element elementor-element-iwgw-anatphoeni-s5 e-flex e-con-boxed e-con e-parent\" data-id=\"iwgw-anatphoeni-s5\" data-element_type=\"container\" data-e-type=\"container\">\n\t\t\t\t\t<div class=\"e-con-inner\">\n\t\t\t\t<div class=\"elementor-element elementor-element-iwgw-anatphoeni-s5h elementor-widget elementor-widget-heading\" data-id=\"iwgw-anatphoeni-s5h\" data-element_type=\"widget\" data-e-type=\"widget\" data-widget_type=\"heading.default\">\n\t\t\t\t\t<h2 class=\"elementor-heading-title elementor-size-default\">Verndara\u00f0ger\u00f0ir og fr\u00e1hrindandi t\u00e1kn<\/h2>\t\t\t\t<\/div>\n\t\t<div class=\"elementor-element elementor-element-iwgw-anatphoeni-s5c e-con-full e-flex e-con e-child\" data-id=\"iwgw-anatphoeni-s5c\" data-element_type=\"container\" data-e-type=\"container\">\n\t\t\t\t<div class=\"elementor-element elementor-element-iwgw-anatphoeni-s5t elementor-widget elementor-widget-text-editor\" data-id=\"iwgw-anatphoeni-s5t\" data-element_type=\"widget\" data-e-type=\"widget\" data-widget_type=\"text-editor.default\">\n\t\t\t\t\t\t\t\t\t<p>Anat var verndargo\u00f0 str\u00ed\u00f0smanna, drottninga og \u00feunga\u00f0ra kvenna. \u00cd \u00fagar\u00edt\u00edskum og f\u00f6n\u00edk\u00edskum \u00e1letrunum kemur h\u00fan fram sem ei\u00f0avottur \u00ed ei\u00f0aform\u00falum; \u00e1 konungslegum innsiglum stendur mynd hennar e\u00f0a nafn sem verndarform\u00fala. \u00cd Egyptalandi var h\u00fan \u00e1k\u00f6llu\u00f0 af fara\u00f3um fyrir orrustur.<\/p><p><span class=\"iwg-fachbegriff\" data-tooltip=\"Illt fr\u00e1 varnandi: um t\u00e1kn og hluti sem \u00e6tla\u00f0 er a\u00f0 halda ska\u00f0legum \u00e1hrifum fr\u00e1.\" tabindex=\"0\">Verndandi<\/span> voru Anat-styttur settar upp \u00ed h\u00fasum; litlar bronsmyndir af herna\u00f0arlegri konu me\u00f0 hj\u00e1lm og spj\u00f3t eru \u00feekktar fr\u00e1 f\u00f6n\u00edk\u00edskum og egypskum st\u00f6\u00f0um. Einnig voru scarab-steinar me\u00f0 Anat-myndefni bornir sem verndargripir. Charles Krahmalkov t\u00f3k saman vi\u00f0eigandi \u00e1letranir \u00ed <em>A Phoenician-Punic Grammar<\/em> (2001).<\/p><p>\u00cd f\u00f6n\u00edk\u00edskum pers\u00f3nun\u00f6fnum er Anat-gu\u00f0anafn sjaldg\u00e6fara en hj\u00e1 <a href=\"https:\/\/iwell-guard.com\/is\/?page_id=168971\">Astarte<\/a> e\u00f0a <a href=\"https:\/\/iwell-guard.com\/is\/?page_id=168969\">Baal<\/a>, en er \u00fe\u00f3 votta\u00f0: Bin-Anat (&#8216;sonur Anat&#8217;), Bat-Anat (&#8216;d\u00f3ttir Anat&#8217;).<\/p><p data-nosnippet=\"true\">Fr\u00e1 v\u00edsindalegu sj\u00f3narhorni er Anat verndargo\u00f0 virkrar varnar, sem verndar \u00fe\u00e1 sem henni er tr\u00faa\u00f0 fyrir ekki bara \u00e1 \u00f3virkan h\u00e1tt heldur gengur virkilega gegn fjendum \u00feeirra. iWell Guard skr\u00e1ir Anat sem s\u00f6gulega-menningarlega pers\u00f3nu \u00e1n tilv\u00edsunar \u00ed n\u00fat\u00edma heilunarlofor\u00f0.<\/p><p>\u00cd f\u00f6n\u00edk\u00edskum ei\u00f0aform\u00falum kemur Anat reglulega fram sem \u00f6nnur gy\u00f0jan \u00e1 eftir Astarte; tv\u00f6falda <span class=\"iwg-fachbegriff\" data-tooltip=\"\u00c1k\u00f6lllun e\u00f0a b\u00e6n til gu\u00f0s e\u00f0a m\u00e1ttar.\" tabindex=\"0\">\u00e1k\u00f6lllunin<\/span> Astarte-Anat er vottu\u00f0 \u00e1 nokkrum steins\u00falum fr\u00e1 S\u00eddon og T\u00fdrus og undirstrikar n\u00e1i\u00f0 gu\u00f0fr\u00e6\u00f0ilegt samstarf gy\u00f0janna tveggja.<\/p>\t\t\t\t\t\t\t\t<\/div>\n\t\t\t\t<\/div>\n\t\t\t\t\t<\/div>\n\t\t\t\t<\/div>\n\t\t<div class=\"elementor-element elementor-element-iwgw-anatphoeni-s6 e-flex e-con-boxed e-con e-parent\" data-id=\"iwgw-anatphoeni-s6\" data-element_type=\"container\" data-e-type=\"container\">\n\t\t\t\t\t<div class=\"e-con-inner\">\n\t\t\t\t<div class=\"elementor-element elementor-element-iwgw-anatphoeni-s6h elementor-widget elementor-widget-heading\" data-id=\"iwgw-anatphoeni-s6h\" data-element_type=\"widget\" data-e-type=\"widget\" data-widget_type=\"heading.default\">\n\t\t\t\t\t<h2 class=\"elementor-heading-title elementor-size-default\">Hli\u00f0st\u00e6\u00f0ur \u00ed \u00f6\u00f0rum menningarheimum<\/h2>\t\t\t\t<\/div>\n\t\t<div class=\"elementor-element elementor-element-iwgw-anatphoeni-s6c e-con-full e-flex e-con e-child\" data-id=\"iwgw-anatphoeni-s6c\" data-element_type=\"container\" data-e-type=\"container\">\n\t\t\t\t<div class=\"elementor-element elementor-element-iwgw-anatphoeni-s6t elementor-widget elementor-widget-text-editor\" data-id=\"iwgw-anatphoeni-s6t\" data-element_type=\"widget\" data-e-type=\"widget\" data-widget_type=\"text-editor.default\">\n\t\t\t\t\t\t\t\t\t<p>Anat tilheyrir hinni st\u00f3ru gy\u00f0jufj\u00f6lskyldu \u02bfAnat\/I\u0161tar\/<a href=\"https:\/\/iwell-guard.com\/is\/?page_id=168971\">Astarte<\/a>. H\u00fan er n\u00e1skyld \u00fagar\u00edt\u00edsku A\u1e6ftartu, mes\u00f3p\u00f3tam\u00edsku I\u0161tar (s\u00e9rstaklega \u00ed hennar herna\u00f0arlegu hlutverki sem I\u0161tar fr\u00e1 N\u00edn\u00edve), hurr\u00edsku \u0160au\u0161ga og het\u00edt\u00edsku I\u0161tar fr\u00e1 \u0160amu\u1e2ba. Me\u00f0 \u0160au\u0161ga deilir h\u00fan herna\u00f0arlegt-vei\u00f0ie\u00f0li; me\u00f0 I\u0161tar fr\u00e1 \u00dar\u00fak fj\u00f6lh\u00e6fnina.<\/p><p>Me\u00f0 gr\u00edsku Athenu deilir Anat str\u00ed\u00f0sgy\u00f0ju-e\u00f0li\u00f0; me\u00f0 Artemis vei\u00f0igy\u00f0ju-hlutverki\u00f0. B\u00e1\u00f0ar gr\u00edsku gy\u00f0jurnar voru samsama\u00f0ar Anat \u00e1 hellen\u00edska-r\u00f3mverska t\u00edmanum. \u00cd Egyptalandi var Anat sams\u00f6mu\u00f0 Sachmet.<\/p><p>\u00cd tr\u00faars\u00f6gulegu samhengi tilheyrir Anat mikilv\u00e6gustu gy\u00f0jum fornaustursins. Herna\u00f0arlegur villimannah\u00e1ttur hennar, kynfer\u00f0i og heimsfr\u00e6\u00f0ilegt hlutverk gera hana a\u00f0 einni af gu\u00f0fr\u00e6\u00f0ilega fl\u00f3knustu pers\u00f3num f\u00f6n\u00edk\u00edska go\u00f0aheimsins. Me\u00f0 <a href=\"https:\/\/iwell-guard.com\/is\/?page_id=168964\">Hebat<\/a> hinnar <a href=\"https:\/\/iwell-guard.com\/is\/hettitar-anatolia-tarhunna-vernd\/\">hurr\u00edsk-het\u00edt\u00edsku hef\u00f0ar<\/a> deilir h\u00fan h\u00e1a st\u00f6\u00f0u, en me\u00f0 greinilega \u00f6\u00f0ru hlutverki.<\/p><p>Einnig gr\u00edska Afrod\u00edta Areia (&#8216;Afrod\u00edta str\u00ed\u00f0skonan&#8217;) ber s\u00f6gulega arf fr\u00e1 Anat, s\u00e9rstaklega \u00ed sinni k\u00fdpversku mynd. Stephanie Budin fjalla\u00f0i um \u00feessa tengslal\u00ednu \u00ed <em>The Origin of Aphrodite<\/em> (2003).<\/p>\t\t\t\t\t\t\t\t<\/div>\n\t\t\t\t<\/div>\n\t\t\t\t\t<\/div>\n\t\t\t\t<\/div>\n\t\t<div class=\"elementor-element elementor-element-iwgw-anatphoeni-s7 e-flex e-con-boxed e-con e-parent\" data-id=\"iwgw-anatphoeni-s7\" data-element_type=\"container\" data-e-type=\"container\">\n\t\t\t\t\t<div class=\"e-con-inner\">\n\t\t\t\t<div class=\"elementor-element elementor-element-iwgw-anatphoeni-s7h elementor-widget elementor-widget-heading\" data-id=\"iwgw-anatphoeni-s7h\" data-element_type=\"widget\" data-e-type=\"widget\" data-widget_type=\"heading.default\">\n\t\t\t\t\t<h2 class=\"elementor-heading-title elementor-size-default\">N\u00fat\u00edmavi\u00f0t\u00f6kur og ranns\u00f3knir<\/h2>\t\t\t\t<\/div>\n\t\t<div class=\"elementor-element elementor-element-iwgw-anatphoeni-s7c e-con-full e-flex e-con e-child\" data-id=\"iwgw-anatphoeni-s7c\" data-element_type=\"container\" data-e-type=\"container\">\n\t\t\t\t<div class=\"elementor-element elementor-element-iwgw-anatphoeni-s7t elementor-widget elementor-widget-text-editor\" data-id=\"iwgw-anatphoeni-s7t\" data-element_type=\"widget\" data-e-type=\"widget\" data-widget_type=\"text-editor.default\">\n\t\t\t\t\t\t\t\t\t<p>Ranns\u00f3knir \u00e1 Anat standa n\u00fa \u00e1 h\u00e1u stigi. Peggy Day, Neal Walls, Mark Smith og Bezalel Porten hafa lagt fram mikilv\u00e6g framl\u00f6g. Einfr\u00e6\u00f0irit Walls, <em>The Goddess Anat in Ugaritic Myth<\/em> (1992), er sta\u00f0alrit um \u00fagar\u00edt\u00edsku Anat-hef\u00f0ina; Elephantine-ranns\u00f3knir Portens eru sta\u00f0alrit um hina gy\u00f0ing-arame\u00edsku saml\u00f6gun.<\/p><p>\u00cd almennri umfj\u00f6llun er Anat fyrst og fremst kunn af \u00fagar\u00edt\u00edsku go\u00f0s\u00f6gunum og af egypskri Ramess\u00edda-tilbei\u00f0slu. Andlega endurvakning \u00ed n\u00fdhei\u00f0num anda, s\u00e9rstaklega \u00ed fem\u00edn\u00edsk-n\u00fdhei\u00f0num h\u00f3pum fr\u00e1 og me\u00f0 1970. \u00e1ratugnum, hefur t\u00falka\u00f0 Anat sem \u201estr\u00ed\u00f0sgy\u00f0ju\u201c; \u00feessi n\u00fat\u00edmalega t\u00falkun er tr\u00faars\u00f6gulega vandme\u00f0farin, \u00fear sem h\u00fan einfaldar oft hina s\u00f6guleg mynd.<\/p><p data-nosnippet=\"true\">V\u00edsindalega telst Anat n\u00fa til lykilvi\u00f0fangsefna um forna austurlenska gy\u00f0jud\u00fdrkun. N\u00faverandi \u00e1herslur ranns\u00f3kna eru \u00e1 a\u00f0greiningu Anat\/Astarte\/A\u1e6ftartu, \u00e1 Elephantine-saml\u00f6guninni og \u00e1 spurningunni um hugsanlegar helgisi\u00f0aflutninga \u00e1 tort\u00edmingaratri\u00f0inu me\u00f0 Mot. iWell Guard skr\u00e1ir Anat sem s\u00f6gulegan a\u00f0ila \u00ed <span class=\"iwg-fachbegriff\" data-tooltip=\"Heild gu\u00f0anna \u00ed tr\u00faarbr\u00f6g\u00f0um e\u00f0a menningarheimi.\" tabindex=\"0\">Pantheon<\/span> \u00e1n nokkurrar tengingar vi\u00f0 n\u00fat\u00edma heilsulofor\u00f0.<\/p><p>N\u00fdlegar ranns\u00f3knir Mark Smith, Theodore Lewis og H\u00e9l\u00e8ne Sader setja Anat \u00ed v\u00ed\u00f0ara s\u00f6guleg samhengi: sem fulltr\u00faa fyrir\u00edsraelskrar <span class=\"iwg-fachbegriff\" data-tooltip=\"Fr\u00e6\u00f0ileg kenning um gu\u00f0 og tr\u00fa innan tr\u00faarbrag\u00f0a.\" tabindex=\"0\">gu\u00f0fr\u00e6\u00f0i<\/span>, sem var gagnr\u00fdnd \u00ed hebreskum textum og \u00fer\u00f3u\u00f0 frekar \u00e1 frj\u00f3an h\u00e1tt \u00ed Elephantine-saml\u00f6guninni.<\/p>\t\t\t\t\t\t\t\t<\/div>\n\t\t\t\t<\/div>\n\t\t\t\t\t<\/div>\n\t\t\t\t<\/div>\n\t\t<div class=\"elementor-element elementor-element-iwgw-anatphoeni-s8 e-flex e-con-boxed e-con e-parent\" data-id=\"iwgw-anatphoeni-s8\" data-element_type=\"container\" data-e-type=\"container\">\n\t\t\t\t\t<div class=\"e-con-inner\">\n\t\t\t\t<div class=\"elementor-element elementor-element-iwgw-anatphoeni-s8h elementor-widget elementor-widget-heading\" data-id=\"iwgw-anatphoeni-s8h\" data-element_type=\"widget\" data-e-type=\"widget\" data-widget_type=\"heading.default\">\n\t\t\t\t\t<h2 class=\"elementor-heading-title elementor-size-default\">Heimildir og b\u00f3kmenntir<\/h2>\t\t\t\t<\/div>\n\t\t<div class=\"elementor-element elementor-element-iwgw-anatphoeni-s8c e-con-full e-flex e-con e-child\" data-id=\"iwgw-anatphoeni-s8c\" data-element_type=\"container\" data-e-type=\"container\">\n\t\t\t\t<div class=\"elementor-element elementor-element-iwgw-anatphoeni-s8t elementor-widget elementor-widget-text-editor\" data-id=\"iwgw-anatphoeni-s8t\" data-element_type=\"widget\" data-e-type=\"widget\" data-widget_type=\"text-editor.default\">\n\t\t\t\t\t\t\t\t\t<p>Eftirfarandi \u00farval tekur saman mikilv\u00e6gustu sta\u00f0alrit um ranns\u00f3knir \u00e1 Anat. \u00dea\u00f0 n\u00e6r yfir texta\u00fatg\u00e1fur, tr\u00faars\u00f6gulegar samantektir og ranns\u00f3knir \u00e1 Elephantine-saml\u00f6guninni. Einfr\u00e6\u00f0irit Walls er sta\u00f0alrit; Smith veitir samhengi Baal-hringr\u00e1sarins; Porten hina gy\u00f0ing-arame\u00edsku l\u00ednu; Day fj\u00f6lda mikilv\u00e6gra greina \u00ed <em>Ugarit-Forschungen<\/em>.<\/p>\t\t\t\t\t\t\t\t<\/div>\n\t\t\t\t<\/div>\n\t\t\t\t\t<\/div>\n\t\t\t\t<\/div>\n\t\t<div class=\"elementor-element elementor-element-cp28597b6f e-flex e-con-boxed e-con e-parent\" data-id=\"cp28597b6f\" data-element_type=\"container\" data-e-type=\"container\">\n\t\t\t\t\t<div class=\"e-con-inner\">\n\t\t\t\t<div class=\"elementor-element elementor-element-cp27431257 elementor-widget elementor-widget-heading\" data-id=\"cp27431257\" data-element_type=\"widget\" data-e-type=\"widget\" data-widget_type=\"heading.default\">\n\t\t\t\t\t<h2 class=\"elementor-heading-title elementor-size-default\">Anat \u00ed Baal-hringr\u00e1s \u00dagar\u00edt<\/h2>\t\t\t\t<\/div>\n\t\t<div class=\"elementor-element elementor-element-cp265869ab e-flex e-con-boxed e-con e-child\" data-id=\"cp265869ab\" data-element_type=\"container\" data-e-type=\"container\">\n\t\t\t\t\t<div class=\"e-con-inner\">\n\t\t\t\t<div class=\"elementor-element elementor-element-cp2c43787b elementor-widget elementor-widget-text-editor\" data-id=\"cp2c43787b\" data-element_type=\"widget\" data-e-type=\"widget\" data-widget_type=\"text-editor.default\">\n\t\t\t\t\t\t\t\t\t<p>\u00cdtarlegasta <span class=\"iwg-fachbegriff\" data-tooltip=\"Mi\u00f0lun \u00feekkingar og sagna milli kynsl\u00f3\u00f0a.\" tabindex=\"0\">arfleif\u00f0<\/span> Anat er ekki upprunnin \u00ed f\u00f6nik\u00edsku heimalandinu heldur \u00far leirt\u00f6flunum fr\u00e1 Ras Shamra, hinu forna \u00dagar\u00edt \u00e1 nor\u00f0ur-s\u00fdrlensku str\u00f6ndinni.<\/p><p>Svok\u00f6llu\u00f0 Baal-hringr\u00e1s, r\u00f6\u00f0 leirtaflna \u00e1 \u00fagar\u00edt\u00edsku fleygr\u00fanaletri fr\u00e1 14. e\u00f0a 13. \u00f6ld fyrir okkar t\u00edmatal, s\u00fdnir Anat sem systur og bandamann ve\u00f0urgu\u00f0sins Baal. \u00cd fr\u00e1s\u00f6gninni um byggingu hallar Baals kemur h\u00fan fram sem talsma\u00f0ur sem f\u00e6r leyfi hj\u00e1 gamla gu\u00f0akonunginum El.<\/p><p>S\u00e9rstaklega \u00e1hrifamikil er bardagal\u00fdsingin \u00e1 t\u00f6flunni sem oftast er vitna\u00f0 til sem <em>KTU 1.3<\/em>. Anat ve\u00f0ur \u00ed bl\u00f3\u00f0i fallinna str\u00ed\u00f0smanna, fyrst upp a\u00f0 hnj\u00e1m, s\u00ed\u00f0an upp a\u00f0 mj\u00f6\u00f0mum, skreytir sig me\u00f0 afskornum h\u00f6ndum og h\u00f6f\u00f0um og sefast fyrst \u00feegar rei\u00f0i hennar er sl\u00f6kkt.<\/p><p>Ranns\u00f3knir hafa lengi lesi\u00f0 \u00feennan kafla sem vitnisbur\u00f0 um \u00e1stadssinna\u00f0an str\u00ed\u00f0skonud\u00fdrkun, en Marguerite Yon og fleiri vara vi\u00f0 \u00fev\u00ed a\u00f0 \u00fe\u00fd\u00f0a hina b\u00f3kmenntalegu st\u00edlf\u00e6rslu of hratt yfir \u00ed raunverulega framkv\u00e6md.<\/p><p>Eftir dau\u00f0a Baals \u00ed \u00e1t\u00f6kum vi\u00f0 Mot, gu\u00f0 \u00feurrka og undirheima, er \u00fea\u00f0 Anat sem leitar br\u00f3\u00f0ur sinn, hir\u00f0ir l\u00edk hans og jar\u00f0ar \u00fea\u00f0. A\u00f0 lokum tekur h\u00fan Mot h\u00f6ndum, klj\u00fafar hann me\u00f0 sig\u00f0, s\u00e1ir honum, malar hann og s\u00e1ir honum \u00e1 akrinum.<\/p><p>\u00deessar myndir tengja Anat n\u00e1i\u00f0 vi\u00f0 hringr\u00e1s landb\u00fana\u00f0ar\u00e1rsins, \u00e1n \u00feess a\u00f0 h\u00fan s\u00e9 hrein gr\u00f3\u00f0urgy\u00f0ja. T\u00f6flurnar voru grafnar upp fr\u00e1 \u00e1rinu 1929 af Claude Schaeffer og gefnar \u00fat fyrst af Charles Virolleaud; \u00fe\u00e6r eru enn \u00ed dag mikilv\u00e6gasta heimildin fyrir alla umfj\u00f6llun um <a href=\"https:\/\/iwell-guard.com\/is\/?page_id=168969\">Baal<\/a> og umhverfi hans.<\/p>\t\t\t\t\t\t\t\t<\/div>\n\t\t\t\t\t<\/div>\n\t\t\t\t<\/div>\n\t\t\t\t\t<\/div>\n\t\t\t\t<\/div>\n\t\t<div class=\"elementor-element elementor-element-cp24da1969 e-flex e-con-boxed e-con e-parent\" data-id=\"cp24da1969\" data-element_type=\"container\" data-e-type=\"container\">\n\t\t\t\t\t<div class=\"e-con-inner\">\n\t\t\t\t<div class=\"elementor-element elementor-element-cp25da870f elementor-widget elementor-widget-heading\" data-id=\"cp25da870f\" data-element_type=\"widget\" data-e-type=\"widget\" data-widget_type=\"heading.default\">\n\t\t\t\t\t<h2 class=\"elementor-heading-title elementor-size-default\">Anat \u00ed Egyptalandi og spurningin um sj\u00e1lfsmynd<\/h2>\t\t\t\t<\/div>\n\t\t<div class=\"elementor-element elementor-element-cp20049681 e-flex e-con-boxed e-con e-child\" data-id=\"cp20049681\" data-element_type=\"container\" data-e-type=\"container\">\n\t\t\t\t\t<div class=\"e-con-inner\">\n\t\t\t\t<div class=\"elementor-element elementor-element-cp25c596ae elementor-widget elementor-widget-text-editor\" data-id=\"cp25c596ae\" data-element_type=\"widget\" data-e-type=\"widget\" data-widget_type=\"text-editor.default\">\n\t\t\t\t\t\t\t\t\t<p>Anat kemur fram \u00e1 N\u00fdja r\u00edkinu \u00ed Egyptalandi sem tignu\u00f0 <span class=\"iwg-fachbegriff\" data-tooltip=\"Vera sem er tilbe\u00f0in sem gu\u00f0leg innan tr\u00faarbrag\u00f0a.\" tabindex=\"0\">gu\u00f0vera<\/span>, s\u00e9rstaklega me\u00f0al Ramess\u00edda-konunga. Ramses II. nefndi einn af sonum s\u00ednum og jafnvel str\u00ed\u00f0svagn eftir henni og l\u00e9t s\u00fdna sig \u00e1 <span class=\"iwg-fachbegriff\" data-tooltip=\"Upphleyptur, \u00fatskorinn e\u00f0a m\u00e1la\u00f0ur steinn e\u00f0a vi\u00f0arhella me\u00f0 \u00e1letrun e\u00f0a mynd.\" tabindex=\"0\">stelu<\/span> sem str\u00ed\u00f0smann vernda\u00f0an af Anat.<\/p><p>\u00cd Tanis og \u00ed austurhluta N\u00edlardeltunnar, \u00fear sem sem\u00edt\u00edskum\u00e6landi \u00edb\u00faar bjuggu, f\u00e9kk <span class=\"iwg-fachbegriff\" data-tooltip=\"Heild tr\u00faarlegra tilbei\u00f0sluathafna fyrir gu\u00f0 e\u00f0a heilagt vera.\" tabindex=\"0\">d\u00fdrkun<\/span> hennar fastan sess. Egyptar felldu hana inn \u00ed eigi\u00f0 kerfi me\u00f0 \u00fev\u00ed a\u00f0 tengja Anat vi\u00f0 Seth, gu\u00f0 ey\u00f0imerkurins, hins \u00f3kunna og storma.<\/p><p>Erfi\u00f0ara er a\u00f0 svara spurningunni um hvernig egypska Anat tengist \u00feeirri \u00fagar\u00edt\u00edsku og \u00feeirri f\u00f6nik\u00edsku. \u00cd egypskum heimildum blandast h\u00fan \u00edtreka\u00f0 saman vi\u00f0 <a href=\"https:\/\/iwell-guard.com\/is\/?page_id=168971\">Astarte<\/a>; b\u00e1\u00f0ar eru taldar str\u00ed\u00f0sgy\u00f0jur af s\u00fdrlenskum uppruna, b\u00e1\u00f0ar eru tengdar hestum og str\u00ed\u00f0sv\u00f6gnum.<\/p><p>Sumir textar tala n\u00e1nast um tv\u00edeina gy\u00f0ju. Hvort um er a\u00f0 r\u00e6\u00f0a raunverulega samruna e\u00f0a einfaldlega egypska einf\u00f6ldun \u00e1 erlendum tr\u00faarbr\u00f6g\u00f0um er ekki fullkomlega leyst \u00ed ranns\u00f3knum.<\/p><p>Vi\u00f0 \u00feetta b\u00e6tist ni\u00f0ursta\u00f0a fr\u00e1 Egyptalandi sj\u00e1lfu: \u00cd hinni gy\u00f0ing-arame\u00edsku hersetu-n\u00fdlendu \u00e1 N\u00edlareyjunni Elephantine, \u00fear sem arame\u00edsk pap\u00fdrusskj\u00f6l eru fr\u00e1 5. \u00f6ld fyrir okkar t\u00edmatal, kemur nafni\u00f0 <em>Anat-Jahu<\/em> og <em>Anat-Bethel<\/em> fyrir. Gy\u00f0ja a\u00f0 nafni Anat kemur \u00fear greinilega fram vi\u00f0 hli\u00f0 hins j\u00fade\u00edska gu\u00f0s.<\/p><p>\u00deessi ni\u00f0ursta\u00f0a hefur hrundi\u00f0 af sta\u00f0 l\u00f6ngum umr\u00e6\u00f0um um tr\u00faars\u00f6gu frumj\u00fadaismans og s\u00fdnir hversu langt nafni\u00f0 Anat hefur fer\u00f0ast \u00fat fyrir f\u00f6nik\u00edska heimalandi\u00f0, \u00e1n \u00feess a\u00f0 merking \u00feess \u00feurfi a\u00f0 vera n\u00e1kv\u00e6mlega s\u00fa sama \u00e1 hverjum sta\u00f0.<\/p>\t\t\t\t\t\t\t\t<\/div>\n\t\t\t\t\t<\/div>\n\t\t\t\t<\/div>\n\t\t\t\t\t<\/div>\n\t\t\t\t<\/div>\n\t\t<div class=\"elementor-element elementor-element-cp257419f6 e-flex e-con-boxed e-con e-parent\" data-id=\"cp257419f6\" data-element_type=\"container\" data-e-type=\"container\">\n\t\t\t\t\t<div class=\"e-con-inner\">\n\t\t\t\t<div class=\"elementor-element elementor-element-cp292e912f elementor-widget elementor-widget-heading\" data-id=\"cp292e912f\" data-element_type=\"widget\" data-e-type=\"widget\" data-widget_type=\"heading.default\">\n\t\t\t\t\t<h2 class=\"elementor-heading-title elementor-size-default\">Fr\u00e6\u00f0ilegur \u00e1greiningur um e\u00f0li Anat<\/h2>\t\t\t\t<\/div>\n\t\t<div class=\"elementor-element elementor-element-cp2eac81bf e-flex e-con-boxed e-con e-child\" data-id=\"cp2eac81bf\" data-element_type=\"container\" data-e-type=\"container\">\n\t\t\t\t\t<div class=\"e-con-inner\">\n\t\t\t\t<div class=\"elementor-element elementor-element-cp2063c902 elementor-widget elementor-widget-text-editor\" data-id=\"cp2063c902\" data-element_type=\"widget\" data-e-type=\"widget\" data-widget_type=\"text-editor.default\">\n\t\t\t\t\t\t\t\t\t<p>F\u00e1ar <span class=\"iwg-fachbegriff\" data-tooltip=\"Vera sem d\u00fdrku\u00f0 er sem gu\u00f0leg innan tr\u00faarbrag\u00f0a.\" tabindex=\"0\">gy\u00f0jur<\/span> \u00e1 s\u00fdrlensk-palest\u00ednska sv\u00e6\u00f0inu hafa fengi\u00f0 jafn misv\u00edsandi t\u00falkanir og Anat. Eldri ranns\u00f3knir, me\u00f0al annars eftir William Foxwell Albright, l\u00f6g\u00f0u \u00e1herslu \u00e1 hlutverk hennar sem \u00e1star- og gr\u00f3skugy\u00f0ju og settu Anat \u00ed n\u00e1l\u00e6g\u00f0 vi\u00f0 mes\u00f3p\u00f3tam\u00edsku Ishtar.<\/p><p>\u00deessi t\u00falkun bygg\u00f0i fyrst og fremst \u00e1 einst\u00f6kum kenniheitum og \u00e1 n\u00e1inni tengingu vi\u00f0 Baal, sem v\u00ed\u00f0a var skilin sem systkinahj\u00f3naband.<\/p><p>N\u00fdrri ranns\u00f3knir, s\u00e9rstaklega b\u00f3k Peggy Day og ranns\u00f3knir Neal Walls, hafa lei\u00f0r\u00e9tt \u00feessa mynd. \u00de\u00e6r benda \u00e1 a\u00f0 \u00fagar\u00edt\u00edskir textar s\u00fdni Anat hvergi me\u00f0 \u00f3yggjandi h\u00e6tti sem m\u00f3\u00f0ur e\u00f0a kynfer\u00f0islegan f\u00e9laga Baals.<\/p><p>\u00c1herslan liggi \u00e1 vei\u00f0um, bardaga og hlutverki hennar sem ungrar, \u00f3bundinnar gy\u00f0ju. Hi\u00f0 s\u00edendurtekna <span class=\"iwg-fachbegriff\" data-tooltip=\"Fast vi\u00f0urnefni sem einkennir gu\u00f0 e\u00f0a veru.\" tabindex=\"0\">kenniheiti<\/span> <em>btlt<\/em>, oft \u00fe\u00fdtt sem mey, v\u00edsi samkv\u00e6mt \u00feessari t\u00falkun s\u00ed\u00f0ur til kynfer\u00f0islegs sakleysis en til st\u00f6\u00f0u ungrar konu sem enn hefur ekki gengi\u00f0 \u00ed hj\u00f3naband.<\/p><p>\u00deri\u00f0ja sj\u00f3narmi\u00f0i\u00f0, sett fram me\u00f0al annars af Mark Smith \u00ed sk\u00fdringum hans vi\u00f0 Baal-hringr\u00e1sina, varar vi\u00f0 hvers kyns einhli\u00f0a ni\u00f0urst\u00f6\u00f0u. Anat sameini eiginleika sem s\u00ed\u00f0ari tr\u00faarkerfi skiptu \u00e1 milli \u00fdmissa gy\u00f0ja. N\u00fat\u00edmaleg tilhneiging til a\u00f0 skipa gu\u00f0um \u00ed sk\u00fdra virknih\u00f3pa s\u00e9 \u00fagar\u00edt\u00edsku heimildunum framandi.<\/p><p>Umr\u00e6\u00f0an er ekki \u00fatklj\u00e1\u00f0 og n\u00fdir textafundir fr\u00e1 Ras Shamra g\u00e6tu enn breytt myndinni. Um hina f\u00f6nik\u00edsku Anat sj\u00e1lfa eru heimildir mj\u00f6g f\u00e1t\u00e6klegar, \u00feannig a\u00f0 n\u00e6r allar fullyr\u00f0ingar um hana eru afturvirkt dregnar af \u00fagar\u00edt\u00edsku efninu, a\u00f0fer\u00f0afr\u00e6\u00f0ilegt vandam\u00e1l sem fjalla\u00f0 er opinsk\u00e1tt um \u00ed fr\u00e6\u00f0iritum.<\/p>\t\t\t\t\t\t\t\t<\/div>\n\t\t\t\t\t<\/div>\n\t\t\t\t<\/div>\n\t\t\t\t\t<\/div>\n\t\t\t\t<\/div>\n\t\t<div class=\"elementor-element elementor-element-cp2e7988a2 e-flex e-con-boxed e-con e-parent\" data-id=\"cp2e7988a2\" data-element_type=\"container\" data-e-type=\"container\">\n\t\t\t\t\t<div class=\"e-con-inner\">\n\t\t\t\t<div class=\"elementor-element elementor-element-cp2b6968c6 elementor-widget elementor-widget-heading\" data-id=\"cp2b6968c6\" data-element_type=\"widget\" data-e-type=\"widget\" data-widget_type=\"heading.default\">\n\t\t\t\t\t<h2 class=\"elementor-heading-title elementor-size-default\">Tungum\u00e1l Anat-textanna og r\u00e1\u00f0ning \u00feeirra<\/h2>\t\t\t\t<\/div>\n\t\t<div class=\"elementor-element elementor-element-cp29f7a3f9 e-flex e-con-boxed e-con e-child\" data-id=\"cp29f7a3f9\" data-element_type=\"container\" data-e-type=\"container\">\n\t\t\t\t\t<div class=\"e-con-inner\">\n\t\t\t\t<div class=\"elementor-element elementor-element-cp2ff213c1 elementor-widget elementor-widget-text-editor\" data-id=\"cp2ff213c1\" data-element_type=\"widget\" data-e-type=\"widget\" data-widget_type=\"text-editor.default\">\n\t\t\t\t\t\t\t\t\t<p>\u00dagar\u00edt\u00edska fleygr\u00fanaskriftin, sem flestir Anat-textar hafa var\u00f0veist \u00ed, telst til mikilv\u00e6gustu skriftarfunda 20. aldar. \u00d3l\u00edkt mes\u00f3p\u00f3tam\u00edskri fleygr\u00fanaskrift notar h\u00fan a\u00f0eins um \u00ferj\u00e1t\u00edu t\u00e1kn og er \u00feannig stafr\u00f3f, en skrifa\u00f0 me\u00f0 fleygr\u00fanat\u00e6kni \u00e1 leir.<\/p><p>R\u00e1\u00f0ning skriftarins t\u00f3kst \u00e1 undrask\u00f6mmum t\u00edma eftir fyrstu fundina 1929. Hans Bauer \u00ed Halle, \u00c9douard Dhorme og Charles Virolleaud unnu a\u00f0 hluta \u00f3h\u00e1\u00f0ir hver \u00f6\u00f0rum og g\u00e1tu gert skriftina a\u00f0 mestu l\u00e6silega \u00e1rin 1930 og 1931.<\/p><p>Tungum\u00e1li\u00f0 sj\u00e1lft, \u00fagar\u00edt\u00edska, er nor\u00f0vestur-sem\u00edt\u00edskt tungum\u00e1l og er n\u00e1i\u00f0 s\u00ed\u00f0ari f\u00f6nik\u00edsku og hebresku.<\/p><p>\u00dea\u00f0 au\u00f0veldar samanbur\u00f0, en felur einnig \u00ed s\u00e9r \u00fe\u00e1 h\u00e6ttu a\u00f0 fylla ey\u00f0ur \u00ed \u00fagar\u00edt\u00edskum texta of flj\u00f3tf\u00e6rnislega me\u00f0 bibl\u00edulegri hebresku. Hj\u00e1 Anat-t\u00f6flunum er \u00feetta raunverulegt vandam\u00e1l, \u00fev\u00ed margar leirt\u00f6flur eru skemmdar og l\u00ednubyrjun e\u00f0a heilir d\u00e1lkar eru horfnir.<\/p><p>R\u00e1\u00f0andi texta\u00fatg\u00e1fa n\u00fa \u00e1 d\u00f6gum er sta\u00f0alriti\u00f0 <em>Die keilalphabetischen Texte aus Ugarit<\/em>, kalla\u00f0 KTU, gefi\u00f0 \u00fat af Manfred Dietrich, Oswald Loretz og Joaqu\u00edn Sanmart\u00edn, n\u00fa \u00ed \u00feri\u00f0ju \u00fatg\u00e1fu. Tilvitnanir \u00far Baal-hringr\u00e1sinni fylgja a\u00f0 mestu \u00feessari t\u00f6lusetningu.<\/p><p>Auk \u00feess eru sk\u00fdr\u00f0ar \u00fe\u00fd\u00f0ingar Mark Smith og Wayne Pitard, sem og franska \u00fatg\u00e1fan \u00ed ritr\u00f6\u00f0inni <em>Textes ougaritiques<\/em>, grundvallarritin. S\u00e1 sem vinnur me\u00f0 Anat ver\u00f0ur a\u00f0 vera me\u00f0vita\u00f0ur um a\u00f0 hver \u00fe\u00fd\u00f0ing felur \u00feegar \u00ed s\u00e9r t\u00falkun, \u00fev\u00ed m\u00f6rg lykilhugt\u00f6k eru a\u00f0eins sta\u00f0fest \u00e1 f\u00e1um st\u00f6\u00f0um.<\/p>\t\t\t\t\t\t\t\t<\/div>\n\t\t\t\t\t<\/div>\n\t\t\t\t<\/div>\n\t\t\t\t\t<\/div>\n\t\t\t\t<\/div>\n\t\t<div class=\"elementor-element elementor-element-iwgw-anatphoeni-lit e-flex e-con-boxed e-con e-parent\" data-id=\"iwgw-anatphoeni-lit\" data-element_type=\"container\" data-e-type=\"container\">\n\t\t\t\t\t<div class=\"e-con-inner\">\n\t\t\t\t<div class=\"elementor-element elementor-element-iwgw-anatphoeni-lith elementor-widget elementor-widget-heading\" data-id=\"iwgw-anatphoeni-lith\" data-element_type=\"widget\" data-e-type=\"widget\" data-widget_type=\"heading.default\">\n\t\t\t\t\t<h2 class=\"elementor-heading-title elementor-size-default\">Heimildir (\u00farval)<\/h2>\t\t\t\t<\/div>\n\t\t<div class=\"elementor-element elementor-element-iwgw-anatphoeni-litc e-con-full e-flex e-con e-child\" data-id=\"iwgw-anatphoeni-litc\" data-element_type=\"container\" data-e-type=\"container\">\n\t\t\t\t<div class=\"elementor-element elementor-element-iwgw-anatphoeni-litt elementor-widget elementor-widget-text-editor\" data-id=\"iwgw-anatphoeni-litt\" data-element_type=\"widget\" data-e-type=\"widget\" data-widget_type=\"text-editor.default\">\n\t\t\t\t\t\t\t\t\t<div data-nosnippet=\"true\"><ul><li>Neal Walls: <em>The Goddess Anat in Ugaritic Myth<\/em> (Atlanta 1992)<\/li><li>Mark Smith \/ Wayne Pitard: <em>The Ugaritic Baal Cycle<\/em> (Leiden 1994\/2009)<\/li><li>Bezalel Porten: <em>Archives from Elephantine<\/em> (Berkeley 1968)<\/li><li>Sabatino Moscati: <em>Die Ph\u00f6niker<\/em> (Stuttgart 1966)<\/li><li>Corinne Bonnet: <em>Les enfants de Cadmos<\/em> (Paris 2015)<\/li><li>Peggy Day \u00ed <em>Ugarit-Forschungen<\/em> (1991ff.)<\/li><\/ul><\/div>\t\t\t\t\t\t\t\t<\/div>\n\t\t\t\t<\/div>\n\t\t\t\t\t<\/div>\n\t\t\t\t<\/div>\n\t\t<div class=\"elementor-element elementor-element-iwgw-anatphoeni-kwd e-flex e-con-boxed e-con e-parent\" data-id=\"iwgw-anatphoeni-kwd\" data-element_type=\"container\" data-e-type=\"container\">\n\t\t\t\t\t<div class=\"e-con-inner\">\n\t\t<div class=\"elementor-element elementor-element-iwgw-anatphoeni-kwdc e-con-full e-flex e-con e-child\" data-id=\"iwgw-anatphoeni-kwdc\" data-element_type=\"container\" data-e-type=\"container\">\n\t\t\t\t<div class=\"elementor-element elementor-element-iwgw-anatphoeni-kwdt elementor-widget elementor-widget-text-editor\" data-id=\"iwgw-anatphoeni-kwdt\" data-element_type=\"widget\" data-e-type=\"widget\" data-widget_type=\"text-editor.default\">\n\t\t\t\t\t\t\t\t\t<p><em>Tengd lykilhugt\u00f6k: Anat F\u00f6nik\u00edumenn str\u00ed\u00f0sgy\u00f0ja Baal-hringr\u00e1sin Aqhat Mot Sekhmet Elefant\u00edna.<\/em><\/p>\t\t\t\t\t\t\t\t<\/div>\n\t\t\t\t<\/div>\n\t\t\t\t\t<\/div>\n\t\t\t\t<\/div>\n\t\t<div class=\"elementor-element elementor-element-iwgw-anatphoeni-cc e-flex e-con-boxed e-con e-parent\" data-id=\"iwgw-anatphoeni-cc\" data-element_type=\"container\" data-e-type=\"container\" id=\"iwg-cc-anat-phoenix\">\n\t\t\t\t\t<div class=\"e-con-inner\">\n\t\t<div class=\"elementor-element elementor-element-iwgw-anatphoeni-ccinner e-flex e-con-boxed e-con e-parent\" data-id=\"iwgw-anatphoeni-ccinner\" data-element_type=\"container\" data-e-type=\"container\" data-settings=\"{&quot;background_background&quot;:&quot;classic&quot;}\">\n\t\t\t\t\t<div class=\"e-con-inner\">\n\t\t\t\t<div class=\"elementor-element elementor-element-iwgw-anatphoeni-cch elementor-widget elementor-widget-heading\" data-id=\"iwgw-anatphoeni-cch\" data-element_type=\"widget\" data-e-type=\"widget\" data-widget_type=\"heading.default\">\n\t\t\t\t\t<h2 class=\"elementor-heading-title elementor-size-default\">iWell Guard og verndarhef\u00f0ir<\/h2>\t\t\t\t<\/div>\n\t\t\t\t<div class=\"elementor-element elementor-element-iwgw-anatphoeni-cct elementor-widget elementor-widget-text-editor\" data-id=\"iwgw-anatphoeni-cct\" data-element_type=\"widget\" data-e-type=\"widget\" data-widget_type=\"text-editor.default\">\n\t\t\t\t\t\t\t\t\t<div data-nosnippet=\"true\"><p>iWell Guard tengist menningars\u00f6gulegri hef\u00f0 fyrir verndargripum sem borin eru \u00e1 s\u00e9r, \u00ed hef\u00f0 <a href=\"https:\/\/iwell-guard.com\/is\/fonikiumenn-og-kartago-baal-tanit\/\">F\u00f6nik\u00edumanna<\/a> og margra annarra menningarheima um allan heim. 41 lag, alv\u00f6ru gull, plat\u00edna, silfur, framleitt \u00ed \u00de\u00fdskalandi. 30 daga skilar\u00e9ttur.<\/p><\/div>\t\t\t\t\t\t\t\t<\/div>\n\t\t\t\t<div class=\"elementor-element elementor-element-iwgw-anatphoeni-ccb iwg-cc-button iwg-cc-cta-2026-05-13 elementor-widget elementor-widget-jet-button\" data-id=\"iwgw-anatphoeni-ccb\" data-element_type=\"widget\" data-e-type=\"widget\" data-widget_type=\"jet-button.default\">\n\t\t\t\t<div class=\"elementor-widget-container\">\n\t\t\t\t\t<div class=\"elementor-jet-button jet-elements\"><div class=\"jet-button__container\"><a class=\"jet-button__instance jet-button__instance--icon-left hover-effect-1\" href=\"\/ueber-iwell-guard\/?utm_source=iwell-guard.com&amp;utm_medium=info-box&amp;utm_campaign=wesen-tradition\"><div class=\"jet-button__plane jet-button__plane-normal\"><\/div><div class=\"jet-button__plane jet-button__plane-hover\"><\/div><div class=\"jet-button__state jet-button__state-normal\"><span class=\"jet-button__label\">Meira um iWell Guard<\/span><\/div><div class=\"jet-button__state jet-button__state-hover\"><span class=\"jet-button__label\">Meira um iWell Guard<\/span><\/div><\/a><\/div><\/div><style>.elementor-element.elementor-element-iwgw-anatphoeni-ccb .jet-button__instance{width:320px;height:56px;}.elementor-element.elementor-element-iwgw-anatphoeni-ccb .jet-button__state-normal .jet-button__label{text-align:center;margin:0px 0px 0px 0px;color:#1a1b20;font-family:Montserrat,sans-serif;font-size:13px;font-weight:400;letter-spacing:4px;line-height:1.714em;text-transform:uppercase;}.elementor-element.elementor-element-iwgw-anatphoeni-ccb .jet-button__state-hover .jet-button__label{text-align:center;margin:0px 0px 0px 0px;color:#FECC76;font-family:Montserrat,sans-serif;font-size:13px;font-weight:400;letter-spacing:4px;line-height:1.714em;text-transform:uppercase;}.elementor-element.elementor-element-iwgw-anatphoeni-ccb .jet-button__plane-normal{background-color:#FECC76;border-style:solid;border-color:#C99540;border-width:2px 2px 2px 2px;}.elementor-element.elementor-element-iwgw-anatphoeni-ccb .jet-button__plane-hover{background-color:rgba(0,0,0,0.55);border-style:solid;border-color:#FECC76;border-width:2px 2px 2px 2px;}<\/style>\t\t\t\t<\/div>\n\t\t\t\t<\/div>\n\t\t\t\t<div class=\"elementor-element elementor-element-iwgw-anatphoeni-ccd elementor-widget elementor-widget-text-editor\" data-id=\"iwgw-anatphoeni-ccd\" data-element_type=\"widget\" data-e-type=\"widget\" data-widget_type=\"text-editor.default\">\n\t\t\t\t\t\t\t\t\t<div data-nosnippet=\"true\"><p style=\"text-align:center;font-size:13px;opacity:0.7;margin-top:14px\" data-nosnippet=\"true\">Pers\u00f3nuleg reynsla getur veri\u00f0 mismunandi. Ekki l\u00e6kningat\u00e6ki. Engin lofor\u00f0 um l\u00e6kningu.<\/p><\/div>\t\t\t\t\t\t\t\t<\/div>\n\t\t\t\t\t<\/div>\n\t\t\t\t<\/div>\n\t\t\t\t\t<\/div>\n\t\t\t\t<\/div>\n\t\t<div class=\"elementor-element elementor-element-iwgw-anatphoeni-disc e-flex e-con-boxed e-con e-parent\" data-id=\"iwgw-anatphoeni-disc\" data-element_type=\"container\" data-e-type=\"container\">\n\t\t\t\t\t<div class=\"e-con-inner\">\n\t\t\t\t<div class=\"elementor-element elementor-element-iwgw-anatphoeni-discw elementor-widget elementor-widget-html\" data-id=\"iwgw-anatphoeni-discw\" data-element_type=\"widget\" data-e-type=\"widget\" data-widget_type=\"html.default\">\n\t\t\t\t\t<footer data-nosnippet=\"true\" class=\"iwg-disclaimer-block\"><p data-nosnippet=\"true\">iWell Guard er <strong>ekki l\u00e6kningat\u00e6ki<\/strong> og kemur ekki \u00ed sta\u00f0inn fyrir l\u00e6knis- e\u00f0a s\u00e1lfr\u00e6\u00f0ime\u00f0fer\u00f0. Tr\u00faarfr\u00e6\u00f0ilegt efni er menningars\u00f6gulegt samhengi, ekki r\u00e1\u00f0legging um andlega i\u00f0kun.<\/p><\/footer>\t\t\t\t<\/div>\n\t\t\t\t\t<\/div>\n\t\t\t\t<\/div>\n\t\t\t\t<\/div>\n\t\t","protected":false},"excerpt":{"rendered":"","protected":false},"author":3,"featured_media":2846,"parent":0,"menu_order":0,"comment_status":"closed","ping_status":"closed","template":"elementor_header_footer","meta":{"_yoast_wpseo_focuskw":"Anat F\u00f6n\u00edkar str\u00ed\u00f0sgy\u00f0ja Baal","_yoast_wpseo_title":"Anat \u2013 F\u00f6n\u00edsk str\u00ed\u00f0sgy\u00f0ja, Baal-sagnab\u00e1lkurinn","_yoast_wpseo_metadesc":"Anat er f\u00f6n\u00edsk-\u00fagar\u00edsk str\u00ed\u00f0s- og vei\u00f0igy\u00f0ja, systir Baals, sem sigrar Mot. Tr\u00faarfr\u00e6\u00f0ileg umfj\u00f6llun.","_yoast_wpseo_meta-robots-noindex":"","_yoast_wpseo_canonical":"","_angie_page":false,"gefaehrdungsstufe":"3","wesen_kultur":"phoenizisch","wesen_klasse":"goetter","footnotes":""},"categories":[],"class_list":["post-168977","page","type-page","status-publish","has-post-thumbnail","hentry"],"yoast_head":"<!-- This site is optimized with the Yoast SEO Premium plugin v27.7 (Yoast SEO v28.3) - https:\/\/yoast.com\/product\/yoast-seo-premium-wordpress\/ -->\n<title>Anat \u2013 F\u00f6n\u00edsk str\u00ed\u00f0sgy\u00f0ja, Baal-sagnab\u00e1lkurinn<\/title>\n<meta name=\"description\" content=\"Anat er f\u00f6n\u00edsk-\u00fagar\u00edsk str\u00ed\u00f0s- og vei\u00f0igy\u00f0ja, systir Baals, sem sigrar Mot. Tr\u00faarfr\u00e6\u00f0ileg umfj\u00f6llun.\" \/>\n<meta name=\"robots\" content=\"index, follow, max-snippet:-1, max-image-preview:large, max-video-preview:-1\" \/>\n<link rel=\"canonical\" href=\"https:\/\/iwell-guard.com\/is\/anat-stridsgydja-baal\/\" \/>\n<meta property=\"og:locale\" content=\"is_IS\" \/>\n<meta property=\"og:type\" content=\"article\" \/>\n<meta property=\"og:title\" content=\"Anat \u2013 F\u00f6n\u00edsk str\u00ed\u00f0sgy\u00f0ja\" \/>\n<meta property=\"og:description\" content=\"Anat er f\u00f6n\u00edsk-\u00fagar\u00edsk str\u00ed\u00f0s- og vei\u00f0igy\u00f0ja, systir Baals, sem sigrar Mot. Tr\u00faarfr\u00e6\u00f0ileg umfj\u00f6llun.\" \/>\n<meta property=\"og:url\" content=\"https:\/\/iwell-guard.com\/is\/anat-stridsgydja-baal\/\" \/>\n<meta property=\"og:site_name\" content=\"iWell Guard\" \/>\n<meta property=\"article:modified_time\" content=\"2026-09-05T14:24:30+00:00\" \/>\n<meta property=\"og:image\" content=\"https:\/\/iwell-guard.com\/wp-content\/uploads\/2026\/05\/goetter_phoenizisch_anat-phoenix.webp\" \/>\n\t<meta property=\"og:image:width\" content=\"1024\" \/>\n\t<meta property=\"og:image:height\" content=\"1536\" \/>\n\t<meta property=\"og:image:type\" content=\"image\/webp\" \/>\n<meta name=\"twitter:card\" content=\"summary_large_image\" \/>\n<script type=\"application\/ld+json\" class=\"yoast-schema-graph\">{\"@context\":\"https:\\\/\\\/schema.org\",\"@graph\":[{\"@type\":\"WebPage\",\"@id\":\"https:\\\/\\\/iwell-guard.com\\\/is\\\/anat-stridsgydja-baal\\\/\",\"url\":\"https:\\\/\\\/iwell-guard.com\\\/is\\\/anat-stridsgydja-baal\\\/\",\"name\":\"Anat \u2013 F\u00f6n\u00edsk str\u00ed\u00f0sgy\u00f0ja, Baal-sagnab\u00e1lkurinn\",\"isPartOf\":{\"@id\":\"https:\\\/\\\/iwell-guard.com\\\/is\\\/#website\"},\"primaryImageOfPage\":{\"@id\":\"https:\\\/\\\/iwell-guard.com\\\/is\\\/anat-stridsgydja-baal\\\/#primaryimage\"},\"image\":{\"@id\":\"https:\\\/\\\/iwell-guard.com\\\/is\\\/anat-stridsgydja-baal\\\/#primaryimage\"},\"thumbnailUrl\":\"https:\\\/\\\/iwell-guard.com\\\/wp-content\\\/uploads\\\/2026\\\/05\\\/goetter_phoenizisch_anat-phoenix.webp\",\"datePublished\":\"2026-09-05T14:04:32+00:00\",\"dateModified\":\"2026-09-05T14:24:30+00:00\",\"description\":\"Anat er f\u00f6n\u00edsk-\u00fagar\u00edsk str\u00ed\u00f0s- og vei\u00f0igy\u00f0ja, systir Baals, sem sigrar Mot. Tr\u00faarfr\u00e6\u00f0ileg umfj\u00f6llun.\",\"breadcrumb\":{\"@id\":\"https:\\\/\\\/iwell-guard.com\\\/is\\\/anat-stridsgydja-baal\\\/#breadcrumb\"},\"inLanguage\":\"is\",\"potentialAction\":[{\"@type\":\"ReadAction\",\"target\":[\"https:\\\/\\\/iwell-guard.com\\\/is\\\/anat-stridsgydja-baal\\\/\"]}]},{\"@type\":\"ImageObject\",\"inLanguage\":\"is\",\"@id\":\"https:\\\/\\\/iwell-guard.com\\\/is\\\/anat-stridsgydja-baal\\\/#primaryimage\",\"url\":\"https:\\\/\\\/iwell-guard.com\\\/wp-content\\\/uploads\\\/2026\\\/05\\\/goetter_phoenizisch_anat-phoenix.webp\",\"contentUrl\":\"https:\\\/\\\/iwell-guard.com\\\/wp-content\\\/uploads\\\/2026\\\/05\\\/goetter_phoenizisch_anat-phoenix.webp\",\"width\":1024,\"height\":1536,\"caption\":\"Gu\u00f0ir \u00far f\u00f6nik\u00edskri hef\u00f0.\"},{\"@type\":\"BreadcrumbList\",\"@id\":\"https:\\\/\\\/iwell-guard.com\\\/is\\\/anat-stridsgydja-baal\\\/#breadcrumb\",\"itemListElement\":[{\"@type\":\"ListItem\",\"position\":1,\"name\":\"Start\",\"item\":\"https:\\\/\\\/iwell-guard.com\\\/is\\\/?page_id=168580\"},{\"@type\":\"ListItem\",\"position\":2,\"name\":\"Anat \u2013 F\u00f6n\u00edsk str\u00ed\u00f0sgy\u00f0ja\"}]},{\"@type\":\"WebSite\",\"@id\":\"https:\\\/\\\/iwell-guard.com\\\/is\\\/#website\",\"url\":\"https:\\\/\\\/iwell-guard.com\\\/is\\\/\",\"name\":\"iWell Guard\",\"description\":\"Schutz vor dunklen Einfl\u00fcssen\",\"publisher\":{\"@id\":\"https:\\\/\\\/iwell-guard.com\\\/is\\\/#organization\"},\"potentialAction\":[{\"@type\":\"SearchAction\",\"target\":{\"@type\":\"EntryPoint\",\"urlTemplate\":\"https:\\\/\\\/iwell-guard.com\\\/is\\\/?s={search_term_string}\"},\"query-input\":{\"@type\":\"PropertyValueSpecification\",\"valueRequired\":true,\"valueName\":\"search_term_string\"}}],\"inLanguage\":\"is\"},{\"@type\":\"Organization\",\"@id\":\"https:\\\/\\\/iwell-guard.com\\\/is\\\/#organization\",\"name\":\"Ittermann electronic GmbH\",\"url\":\"https:\\\/\\\/iwell-guard.com\\\/is\\\/\",\"logo\":{\"@type\":\"ImageObject\",\"inLanguage\":\"is\",\"@id\":\"https:\\\/\\\/iwell-guard.com\\\/is\\\/#\\\/schema\\\/logo\\\/image\\\/\",\"url\":\"https:\\\/\\\/iwell-guard.com\\\/wp-content\\\/uploads\\\/2026\\\/05\\\/Ittermann-Logo-1182x237-1.png\",\"contentUrl\":\"https:\\\/\\\/iwell-guard.com\\\/wp-content\\\/uploads\\\/2026\\\/05\\\/Ittermann-Logo-1182x237-1.png\",\"width\":1182,\"height\":237,\"caption\":\"Ittermann electronic GmbH\"},\"image\":{\"@id\":\"https:\\\/\\\/iwell-guard.com\\\/is\\\/#\\\/schema\\\/logo\\\/image\\\/\"},\"sameAs\":[\"https:\\\/\\\/pantip.com\\\/profile\\\/9367242\",\"https:\\\/\\\/micro.blog\\\/iwellguard\",\"https:\\\/\\\/www.diggerslist.com\\\/iwellguard\\\/about\",\"https:\\\/\\\/skitterphoto.com\\\/photographers\\\/2870314\\\/iwell-guard\",\"https:\\\/\\\/iwellguard.wordpress.com\\\/2026\\\/06\\\/06\\\/iwell-guard\\\/\",\"https:\\\/\\\/hub.docker.com\\\/u\\\/iwellguard\",\"https:\\\/\\\/www.pinterest.com\\\/iwellguard\\\/\",\"https:\\\/\\\/bit.ly\\\/m\\\/iwellguard\",\"https:\\\/\\\/entre-vos-mains.alsace.eu\\\/profiles\\\/iwellguard\\\/activity\",\"https:\\\/\\\/gravatar.com\\\/reallybeded8fd34\",\"https:\\\/\\\/naijamatta.com\\\/iwellguard\",\"https:\\\/\\\/www.goodreads.com\\\/iwellguard\",\"https:\\\/\\\/profile.hatena.ne.jp\\\/iwellguard\\\/\",\"https:\\\/\\\/experiment.com\\\/users\\\/iwellguard\",\"https:\\\/\\\/wakelet.com\\\/@iWellGuard82270\",\"https:\\\/\\\/www.chordie.com\\\/forum\\\/profile.php?id=2555664\",\"https:\\\/\\\/www.instapaper.com\\\/p\\\/17757966\",\"https:\\\/\\\/www.mapleprimes.com\\\/users\\\/iwellguard\",\"https:\\\/\\\/businesslistingplus.com\\\/profile\\\/iwell-guard\\\/\",\"https:\\\/\\\/telegra.ph\\\/iWell-Guard-06-06\",\"https:\\\/\\\/pbase.com\\\/iwellguard\\\/iwellguard\",\"https:\\\/\\\/b.hatena.ne.jp\\\/iwellguard\\\/20260607#bookmark-4788405196491818882\",\"https:\\\/\\\/fliphtml5.com\\\/home\\\/iwellguard\",\"https:\\\/\\\/anyflip.com\\\/homepage\\\/cmiwl#About\",\"https:\\\/\\\/transfur.com\\\/Users\\\/iwellguard\",\"http:\\\/\\\/delphi.larsbo.org\\\/user\\\/iwellguard\",\"https:\\\/\\\/jobs.lajobsportal.org\\\/profiles\\\/8380803-iwell-guard\",\"https:\\\/\\\/md.chaosdorf.de\\\/s\\\/jfbe5SBdJD\",\"https:\\\/\\\/www.lingvolive.com\\\/en-us\\\/profile\\\/9ecaeaca-ce11-4e51-9e71-01d55e2bff36\\\/translations\",\"https:\\\/\\\/www.fitday.com\\\/fitness\\\/forums\\\/members\\\/iwellguard.html\",\"https:\\\/\\\/www.mymeetbook.com\\\/iwellguard\",\"https:\\\/\\\/pxhere.com\\\/en\\\/photographer-me\\\/5040798\",\"https:\\\/\\\/disqus.com\\\/by\\\/iwellguard\\\/about\\\/\",\"https:\\\/\\\/pastelink.net\\\/hjwciqwq\",\"https:\\\/\\\/pubhtml5.com\\\/homepage\\\/scjhn\\\/\",\"https:\\\/\\\/www.bitchute.com\\\/channel\\\/2O2eOKzNqujT\",\"https:\\\/\\\/audiomack.com\\\/iwellguard\"]},{\"@type\":\"Article\",\"@id\":\"https:\\\/\\\/iwell-guard.com\\\/is\\\/anat-stridsgydja-baal\\\/#article\",\"isPartOf\":{\"@id\":\"https:\\\/\\\/iwell-guard.com\\\/is\\\/anat-stridsgydja-baal\\\/\"},\"author\":{\"name\":\"Ralf Ittermann\",\"@id\":\"https:\\\/\\\/iwell-guard.com\\\/is\\\/#\\\/schema\\\/person\\\/ee2a27f1cac3406c7c6fb5820cb7349f\"},\"headline\":\"Anat \u2013 F\u00f6n\u00edsk str\u00ed\u00f0sgy\u00f0ja\",\"datePublished\":\"2026-09-05T14:04:32+00:00\",\"dateModified\":\"2026-09-05T14:24:30+00:00\",\"mainEntityOfPage\":{\"@id\":\"https:\\\/\\\/iwell-guard.com\\\/is\\\/anat-stridsgydja-baal\\\/\"},\"publisher\":{\"@id\":\"https:\\\/\\\/iwell-guard.com\\\/is\\\/#organization\"},\"image\":{\"@id\":\"https:\\\/\\\/iwell-guard.com\\\/is\\\/anat-stridsgydja-baal\\\/#primaryimage\"},\"thumbnailUrl\":\"https:\\\/\\\/iwell-guard.com\\\/wp-content\\\/uploads\\\/2026\\\/05\\\/goetter_phoenizisch_anat-phoenix.webp\",\"inLanguage\":\"is\",\"description\":\"Anat er f\u00f6n\u00edsk-\u00fagar\u00edsk str\u00ed\u00f0s- og vei\u00f0igy\u00f0ja, systir Baals, sem sigrar Mot. Tr\u00faarfr\u00e6\u00f0ileg umfj\u00f6llun.\"}]}<\/script>\n<!-- \/ Yoast SEO Premium plugin. -->","yoast_head_json":{"title":"Anat \u2013 F\u00f6n\u00edsk str\u00ed\u00f0sgy\u00f0ja, Baal-sagnab\u00e1lkurinn","description":"Anat er f\u00f6n\u00edsk-\u00fagar\u00edsk str\u00ed\u00f0s- og vei\u00f0igy\u00f0ja, systir Baals, sem sigrar Mot. Tr\u00faarfr\u00e6\u00f0ileg umfj\u00f6llun.","robots":{"index":"index","follow":"follow","max-snippet":"max-snippet:-1","max-image-preview":"max-image-preview:large","max-video-preview":"max-video-preview:-1"},"canonical":"https:\/\/iwell-guard.com\/is\/anat-stridsgydja-baal\/","og_locale":"is_IS","og_type":"article","og_title":"Anat \u2013 F\u00f6n\u00edsk str\u00ed\u00f0sgy\u00f0ja","og_description":"Anat er f\u00f6n\u00edsk-\u00fagar\u00edsk str\u00ed\u00f0s- og vei\u00f0igy\u00f0ja, systir Baals, sem sigrar Mot. Tr\u00faarfr\u00e6\u00f0ileg umfj\u00f6llun.","og_url":"https:\/\/iwell-guard.com\/is\/anat-stridsgydja-baal\/","og_site_name":"iWell Guard","article_modified_time":"2026-09-05T14:24:30+00:00","og_image":[{"width":1024,"height":1536,"url":"https:\/\/iwell-guard.com\/wp-content\/uploads\/2026\/05\/goetter_phoenizisch_anat-phoenix.webp","type":"image\/webp"}],"twitter_card":"summary_large_image","schema":{"@context":"https:\/\/schema.org","@graph":[{"@type":"Article","@id":"https:\/\/iwell-guard.com\/is\/anat-stridsgydja-baal\/#article","isPartOf":{"@id":"https:\/\/iwell-guard.com\/is\/anat-stridsgydja-baal\/"},"author":{"name":"Ralf Ittermann","@id":"https:\/\/iwell-guard.com\/is\/#\/schema\/person\/ee2a27f1cac3406c7c6fb5820cb7349f"},"headline":"Anat \u2013 F\u00f6n\u00edsk str\u00ed\u00f0sgy\u00f0ja","datePublished":"2026-09-05T14:04:32+00:00","dateModified":"2026-09-05T14:24:30+00:00","mainEntityOfPage":{"@id":"https:\/\/iwell-guard.com\/is\/anat-stridsgydja-baal\/"},"publisher":{"@id":"https:\/\/iwell-guard.com\/is\/#organization"},"image":{"@id":"https:\/\/iwell-guard.com\/is\/anat-stridsgydja-baal\/#primaryimage"},"thumbnailUrl":"https:\/\/iwell-guard.com\/wp-content\/uploads\/2026\/05\/goetter_phoenizisch_anat-phoenix.webp","inLanguage":"is","description":"Anat er f\u00f6n\u00edsk-\u00fagar\u00edsk str\u00ed\u00f0s- og vei\u00f0igy\u00f0ja, systir Baals, sem sigrar Mot. Tr\u00faarfr\u00e6\u00f0ileg umfj\u00f6llun."},{"@type":"WebPage","@id":"https:\/\/iwell-guard.com\/is\/anat-stridsgydja-baal\/","url":"https:\/\/iwell-guard.com\/is\/anat-stridsgydja-baal\/","name":"Anat \u2013 F\u00f6n\u00edsk str\u00ed\u00f0sgy\u00f0ja, Baal-sagnab\u00e1lkurinn","isPartOf":{"@id":"https:\/\/iwell-guard.com\/is\/#website"},"primaryImageOfPage":{"@id":"https:\/\/iwell-guard.com\/is\/anat-stridsgydja-baal\/#primaryimage"},"image":{"@id":"https:\/\/iwell-guard.com\/is\/anat-stridsgydja-baal\/#primaryimage"},"thumbnailUrl":"https:\/\/iwell-guard.com\/wp-content\/uploads\/2026\/05\/goetter_phoenizisch_anat-phoenix.webp","datePublished":"2026-09-05T14:04:32+00:00","dateModified":"2026-09-05T14:24:30+00:00","description":"Anat er f\u00f6n\u00edsk-\u00fagar\u00edsk str\u00ed\u00f0s- og vei\u00f0igy\u00f0ja, systir Baals, sem sigrar Mot. Tr\u00faarfr\u00e6\u00f0ileg umfj\u00f6llun.","breadcrumb":{"@id":"https:\/\/iwell-guard.com\/is\/anat-stridsgydja-baal\/#breadcrumb"},"inLanguage":"is","potentialAction":[{"@type":"ReadAction","target":["https:\/\/iwell-guard.com\/is\/anat-stridsgydja-baal\/"]}]},{"@type":"ImageObject","inLanguage":"is","@id":"https:\/\/iwell-guard.com\/is\/anat-stridsgydja-baal\/#primaryimage","url":"https:\/\/iwell-guard.com\/wp-content\/uploads\/2026\/05\/goetter_phoenizisch_anat-phoenix.webp","contentUrl":"https:\/\/iwell-guard.com\/wp-content\/uploads\/2026\/05\/goetter_phoenizisch_anat-phoenix.webp","width":1024,"height":1536,"caption":"Gu\u00f0ir \u00far f\u00f6nik\u00edskri hef\u00f0."},{"@type":"BreadcrumbList","@id":"https:\/\/iwell-guard.com\/is\/anat-stridsgydja-baal\/#breadcrumb","itemListElement":[{"@type":"ListItem","position":1,"name":"Start","item":"https:\/\/iwell-guard.com\/is\/?page_id=168580"},{"@type":"ListItem","position":2,"name":"Anat \u2013 F\u00f6n\u00edsk str\u00ed\u00f0sgy\u00f0ja"}]},{"@type":"WebSite","@id":"https:\/\/iwell-guard.com\/is\/#website","url":"https:\/\/iwell-guard.com\/is\/","name":"iWell Guard","description":"Schutz vor dunklen Einfl\u00fcssen","publisher":{"@id":"https:\/\/iwell-guard.com\/is\/#organization"},"potentialAction":[{"@type":"SearchAction","target":{"@type":"EntryPoint","urlTemplate":"https:\/\/iwell-guard.com\/is\/?s={search_term_string}"},"query-input":{"@type":"PropertyValueSpecification","valueRequired":true,"valueName":"search_term_string"}}],"inLanguage":"is"},{"@type":"Organization","@id":"https:\/\/iwell-guard.com\/is\/#organization","name":"Ittermann electronic GmbH","url":"https:\/\/iwell-guard.com\/is\/","logo":{"@type":"ImageObject","inLanguage":"is","@id":"https:\/\/iwell-guard.com\/is\/#\/schema\/logo\/image\/","url":"https:\/\/iwell-guard.com\/wp-content\/uploads\/2026\/05\/Ittermann-Logo-1182x237-1.png","contentUrl":"https:\/\/iwell-guard.com\/wp-content\/uploads\/2026\/05\/Ittermann-Logo-1182x237-1.png","width":1182,"height":237,"caption":"Ittermann electronic GmbH"},"image":{"@id":"https:\/\/iwell-guard.com\/is\/#\/schema\/logo\/image\/"},"sameAs":["https:\/\/pantip.com\/profile\/9367242","https:\/\/micro.blog\/iwellguard","https:\/\/www.diggerslist.com\/iwellguard\/about","https:\/\/skitterphoto.com\/photographers\/2870314\/iwell-guard","https:\/\/iwellguard.wordpress.com\/2026\/06\/06\/iwell-guard\/","https:\/\/hub.docker.com\/u\/iwellguard","https:\/\/www.pinterest.com\/iwellguard\/","https:\/\/bit.ly\/m\/iwellguard","https:\/\/entre-vos-mains.alsace.eu\/profiles\/iwellguard\/activity","https:\/\/gravatar.com\/reallybeded8fd34","https:\/\/naijamatta.com\/iwellguard","https:\/\/www.goodreads.com\/iwellguard","https:\/\/profile.hatena.ne.jp\/iwellguard\/","https:\/\/experiment.com\/users\/iwellguard","https:\/\/wakelet.com\/@iWellGuard82270","https:\/\/www.chordie.com\/forum\/profile.php?id=2555664","https:\/\/www.instapaper.com\/p\/17757966","https:\/\/www.mapleprimes.com\/users\/iwellguard","https:\/\/businesslistingplus.com\/profile\/iwell-guard\/","https:\/\/telegra.ph\/iWell-Guard-06-06","https:\/\/pbase.com\/iwellguard\/iwellguard","https:\/\/b.hatena.ne.jp\/iwellguard\/20260607#bookmark-4788405196491818882","https:\/\/fliphtml5.com\/home\/iwellguard","https:\/\/anyflip.com\/homepage\/cmiwl#About","https:\/\/transfur.com\/Users\/iwellguard","http:\/\/delphi.larsbo.org\/user\/iwellguard","https:\/\/jobs.lajobsportal.org\/profiles\/8380803-iwell-guard","https:\/\/md.chaosdorf.de\/s\/jfbe5SBdJD","https:\/\/www.lingvolive.com\/en-us\/profile\/9ecaeaca-ce11-4e51-9e71-01d55e2bff36\/translations","https:\/\/www.fitday.com\/fitness\/forums\/members\/iwellguard.html","https:\/\/www.mymeetbook.com\/iwellguard","https:\/\/pxhere.com\/en\/photographer-me\/5040798","https:\/\/disqus.com\/by\/iwellguard\/about\/","https:\/\/pastelink.net\/hjwciqwq","https:\/\/pubhtml5.com\/homepage\/scjhn\/","https:\/\/www.bitchute.com\/channel\/2O2eOKzNqujT","https:\/\/audiomack.com\/iwellguard"]},{"@type":"Person","@id":"https:\/\/iwell-guard.com\/is\/#\/schema\/person\/ee2a27f1cac3406c7c6fb5820cb7349f","name":"Ralf Ittermann","image":{"@type":"ImageObject","inLanguage":"is","@id":"https:\/\/secure.gravatar.com\/avatar\/073c0153e350a5005b68eb752b445fea71f6b24a26da9449ad7e155e6b446c9d?s=96&d=mm&r=g","url":"https:\/\/secure.gravatar.com\/avatar\/073c0153e350a5005b68eb752b445fea71f6b24a26da9449ad7e155e6b446c9d?s=96&d=mm&r=g","contentUrl":"https:\/\/secure.gravatar.com\/avatar\/073c0153e350a5005b68eb752b445fea71f6b24a26da9449ad7e155e6b446c9d?s=96&d=mm&r=g","caption":"Ralf Ittermann"},"givenName":"Ralf","familyName":"Ittermann","jobTitle":"Gesch\u00e4ftsf\u00fchrer und redaktioneller Verantwortlicher","url":"https:\/\/iwell-guard.com\/is\/author\/claude\/","description":"Ralf Ittermann ist Gesch\u00e4ftsf\u00fchrer der Ittermann electronic GmbH und redaktioneller Verantwortlicher des iWell-Guard-Lexikons. Er verbindet langj\u00e4hrige Erfahrung in der Pr\u00e4zisionsfertigung mit medialer Praxis und religionsgeschichtlicher Quellenarbeit.","worksFor":{"@type":"Organization","name":"Ittermann electronic GmbH","url":"https:\/\/ittermann.de\/","address":{"@type":"PostalAddress","streetAddress":"K\u00f6hlergasse 16-18","postalCode":"99842","addressLocality":"Ruhla","addressCountry":"DE"}},"knowsAbout":["Religionsgeschichte","Mythologie","Mediale Praxis","Energetische Diagnostik","Schutzpraxis","Volksglauben","Westliche Esoterik"]},{"@type":"Article","@id":"https:\/\/iwell-guard.com\/is\/anat-stridsgydja-baal\/#article","isPartOf":{"@id":"https:\/\/iwell-guard.com\/is\/anat-stridsgydja-baal\/"},"author":{"name":"Ralf Ittermann","@id":"https:\/\/iwell-guard.com\/is\/#\/schema\/person\/ee2a27f1cac3406c7c6fb5820cb7349f"},"headline":"Anat \u2013 F\u00f6n\u00edsk str\u00ed\u00f0sgy\u00f0ja","datePublished":"2026-09-05T14:04:32+00:00","dateModified":"2026-09-05T14:24:30+00:00","mainEntityOfPage":{"@id":"https:\/\/iwell-guard.com\/is\/anat-stridsgydja-baal\/"},"publisher":{"@id":"https:\/\/iwell-guard.com\/is\/#organization"},"image":{"@id":"https:\/\/iwell-guard.com\/is\/anat-stridsgydja-baal\/#primaryimage"},"thumbnailUrl":"https:\/\/iwell-guard.com\/wp-content\/uploads\/2026\/05\/goetter_phoenizisch_anat-phoenix.webp","inLanguage":"is","description":"Anat er f\u00f6n\u00edsk-\u00fagar\u00edsk str\u00ed\u00f0s- og vei\u00f0igy\u00f0ja, systir Baals, sem sigrar Mot. Tr\u00faarfr\u00e6\u00f0ileg umfj\u00f6llun."}]}},"_links":{"self":[{"href":"https:\/\/iwell-guard.com\/is\/wp-json\/wp\/v2\/pages\/168977","targetHints":{"allow":["GET"]}}],"collection":[{"href":"https:\/\/iwell-guard.com\/is\/wp-json\/wp\/v2\/pages"}],"about":[{"href":"https:\/\/iwell-guard.com\/is\/wp-json\/wp\/v2\/types\/page"}],"author":[{"embeddable":true,"href":"https:\/\/iwell-guard.com\/is\/wp-json\/wp\/v2\/users\/3"}],"replies":[{"embeddable":true,"href":"https:\/\/iwell-guard.com\/is\/wp-json\/wp\/v2\/comments?post=168977"}],"version-history":[{"count":0,"href":"https:\/\/iwell-guard.com\/is\/wp-json\/wp\/v2\/pages\/168977\/revisions"}],"wp:featuredmedia":[{"embeddable":true,"href":"https:\/\/iwell-guard.com\/is\/wp-json\/wp\/v2\/media\/2846"}],"wp:attachment":[{"href":"https:\/\/iwell-guard.com\/is\/wp-json\/wp\/v2\/media?parent=168977"}],"wp:term":[{"taxonomy":"category","embeddable":true,"href":"https:\/\/iwell-guard.com\/is\/wp-json\/wp\/v2\/categories?post=168977"}],"curies":[{"name":"wp","href":"https:\/\/api.w.org\/{rel}","templated":true}]}}