{"id":168976,"date":"2026-09-05T14:04:32","date_gmt":"2026-09-05T14:04:32","guid":{"rendered":"https:\/\/iwell-guard.com\/?page_id=168976"},"modified":"2026-09-05T14:28:44","modified_gmt":"2026-09-05T14:28:44","slug":"mot-fonikiskur-daudagud","status":"publish","type":"page","link":"https:\/\/iwell-guard.com\/is\/mot-fonikiskur-daudagud\/","title":{"rendered":"Mot \u2013 F\u00f6nik\u00edskur dau\u00f0agu\u00f0"},"content":{"rendered":"\t\t<div data-elementor-type=\"wp-page\" data-elementor-id=\"168976\" class=\"elementor elementor-168976 elementor-2631 elementor-bc-flex-widget\" data-elementor-post-type=\"page\">\n\t\t\t\t<div class=\"elementor-element elementor-element-iwgw-motphoenix-hero e-flex e-con-boxed e-con e-parent\" data-id=\"iwgw-motphoenix-hero\" data-element_type=\"container\" data-e-type=\"container\" data-settings=\"{&quot;background_background&quot;:&quot;classic&quot;}\">\n\t\t\t\t\t<div class=\"e-con-inner\">\n\t\t<div class=\"elementor-element elementor-element-iwgw-motphoenix-hl e-flex e-con-boxed e-con e-child\" data-id=\"iwgw-motphoenix-hl\" data-element_type=\"container\" data-e-type=\"container\">\n\t\t\t\t\t<div class=\"e-con-inner\">\n\t\t<div class=\"elementor-element elementor-element-iwgw-motphoenix-htxt e-con-full e-flex e-con e-child\" data-id=\"iwgw-motphoenix-htxt\" data-element_type=\"container\" data-e-type=\"container\">\n\t\t\t\t<div class=\"elementor-element elementor-element-iwgw-motphoenix-h1 elementor-widget elementor-widget-heading\" data-id=\"iwgw-motphoenix-h1\" data-element_type=\"widget\" data-e-type=\"widget\" data-widget_type=\"heading.default\">\n\t\t\t\t\t<h1 class=\"elementor-heading-title elementor-size-default\">Mot, f\u00f6nik\u00edsk-\u00fagar\u00edskur dau\u00f0agu\u00f0 og herra undirheima<\/h1>\t\t\t\t<\/div>\n\t\t\t\t<div class=\"elementor-element elementor-element-iwgw-motphoenix-lead elementor-widget elementor-widget-text-editor\" data-id=\"iwgw-motphoenix-lead\" data-element_type=\"widget\" data-e-type=\"widget\" data-widget_type=\"text-editor.default\">\n\t\t\t\t\t\t\t\t\t<p>Mot (\u00e1 \u00fagar\u00edsku og f\u00f6nik\u00edsku <em>mt<\/em>, or\u00f0r\u00e9tt &#8216;dau\u00f0i&#8217;) er dau\u00f0agu\u00f0inn og herra undirheima \u00ed \u00fagar\u00edsk-f\u00f6nik\u00edskri tr\u00fa. \u00cd Baal-hringr\u00e1sinni gleypir hann <a href=\"https:\/\/iwell-guard.com\/is\/baal-hadad-fonikiskur-vedurgud\/\">Baal<\/a> og er \u00ed kj\u00f6lfari\u00f0 eytt af <a href=\"https:\/\/iwell-guard.com\/is\/anat-stridsgydja-baal\/\">Anat<\/a>, sem gerir Baal kleift a\u00f0 r\u00edsa upp aftur.<\/p>\t\t\t\t\t\t\t\t<\/div>\n\t\t\t\t<\/div>\n\t\t<div class=\"elementor-element elementor-element-iwgw-motphoenix-pillc e-con-full e-flex e-con e-child\" data-id=\"iwgw-motphoenix-pillc\" data-element_type=\"container\" data-e-type=\"container\">\n\t\t\t\t<div class=\"elementor-element elementor-element-iwgw-motphoenix-pills elementor-widget elementor-widget-html\" data-id=\"iwgw-motphoenix-pills\" data-element_type=\"widget\" data-e-type=\"widget\" data-widget_type=\"html.default\">\n\t\t\t\t\t<div class=\"iwg-pill-row\"><span class=\"iwg-klasse-badge\" tabindex=\"0\" data-tooltip=\"Gu\u00f0 \u00ed f\u00f6nik\u00edskri hef\u00f0.\">Gu\u00f0<\/span><a href=\"https:\/\/iwell-guard.com\/is\/fonikiumenn-og-kartago-baal-tanit\/\" class=\"iwg-kultur-badge\" tabindex=\"0\" data-tooltip=\"Go\u00f0afr\u00e6\u00f0i f\u00f6nik\u00edskrar hef\u00f0ar.\">F\u00f6nik\u00edsk<\/a><span class=\"iwg-tradition-badge\" tabindex=\"0\" data-tooltip=\"Dau\u00f0agu\u00f0.\">Dau\u00f0agu\u00f0<\/span><\/div>\t\t\t\t<\/div>\n\t\t\t\t<\/div>\n\t\t<div class=\"elementor-element elementor-element-iwgw-motphoenix-tocc e-con-full e-flex e-con e-child\" data-id=\"iwgw-motphoenix-tocc\" data-element_type=\"container\" data-e-type=\"container\">\n\t\t\t\t<div class=\"elementor-element elementor-element-iwgw-motphoenix-toc elementor-toc--minimized-on-tablet elementor-widget elementor-widget-table-of-contents\" data-id=\"iwgw-motphoenix-toc\" data-element_type=\"widget\" data-e-type=\"widget\" data-settings=\"{&quot;headings_by_tags&quot;:[&quot;h2&quot;,&quot;h3&quot;],&quot;minimize_box&quot;:&quot;yes&quot;,&quot;marker_view&quot;:&quot;bullets&quot;,&quot;no_headings_message&quot;:&quot;Engar undirfyrirsagnir fundust \\u00e1 \\u00feessari s\\u00ed\\u00f0u.&quot;,&quot;exclude_headings_by_selector&quot;:[],&quot;icon&quot;:{&quot;value&quot;:&quot;fas fa-circle&quot;,&quot;library&quot;:&quot;fa-solid&quot;,&quot;rendered_tag&quot;:&quot;&lt;svg class=\\&quot;e-font-icon-svg e-fas-circle\\&quot; viewBox=\\&quot;0 0 512 512\\&quot; xmlns=\\&quot;http:\\\/\\\/www.w3.org\\\/2000\\\/svg\\&quot;&gt;&lt;path d=\\&quot;M256 8C119 8 8 119 8 256s111 248 248 248 248-111 248-248S393 8 256 8z\\&quot;&gt;&lt;\\\/path&gt;&lt;\\\/svg&gt;&quot;},&quot;minimized_on&quot;:&quot;tablet&quot;,&quot;hierarchical_view&quot;:&quot;yes&quot;,&quot;min_height&quot;:{&quot;unit&quot;:&quot;px&quot;,&quot;size&quot;:&quot;&quot;,&quot;sizes&quot;:[]},&quot;min_height_tablet&quot;:{&quot;unit&quot;:&quot;px&quot;,&quot;size&quot;:&quot;&quot;,&quot;sizes&quot;:[]},&quot;min_height_mobile&quot;:{&quot;unit&quot;:&quot;px&quot;,&quot;size&quot;:&quot;&quot;,&quot;sizes&quot;:[]}}\" data-widget_type=\"table-of-contents.default\">\n\t\t\t\t\t\t\t\t\t<div class=\"elementor-toc__header\">\n\t\t\t\t\t\t<h2 class=\"elementor-toc__header-title\">\n\t\t\t\tEfnisyfirlit\t\t\t<\/h2>\n\t\t\t\t\t\t\t\t\t\t<div class=\"elementor-toc__toggle-button elementor-toc__toggle-button--expand\" role=\"button\" tabindex=\"0\" aria-controls=\"elementor-toc__iwgw-motphoenix-toc\" aria-expanded=\"true\" aria-label=\"Open table of contents\"><svg aria-hidden=\"true\" class=\"e-font-icon-svg e-fas-chevron-down\" viewBox=\"0 0 448 512\" xmlns=\"http:\/\/www.w3.org\/2000\/svg\"><path d=\"M207.029 381.476L12.686 187.132c-9.373-9.373-9.373-24.569 0-33.941l22.667-22.667c9.357-9.357 24.522-9.375 33.901-.04L224 284.505l154.745-154.021c9.379-9.335 24.544-9.317 33.901.04l22.667 22.667c9.373 9.373 9.373 24.569 0 33.941L240.971 381.476c-9.373 9.372-24.569 9.372-33.942 0z\"><\/path><\/svg><\/div>\n\t\t\t\t<div class=\"elementor-toc__toggle-button elementor-toc__toggle-button--collapse\" role=\"button\" tabindex=\"0\" aria-controls=\"elementor-toc__iwgw-motphoenix-toc\" aria-expanded=\"true\" aria-label=\"Close table of contents\"><svg aria-hidden=\"true\" class=\"e-font-icon-svg e-fas-chevron-up\" viewBox=\"0 0 448 512\" xmlns=\"http:\/\/www.w3.org\/2000\/svg\"><path d=\"M240.971 130.524l194.343 194.343c9.373 9.373 9.373 24.569 0 33.941l-22.667 22.667c-9.357 9.357-24.522 9.375-33.901.04L224 227.495 69.255 381.516c-9.379 9.335-24.544 9.317-33.901-.04l-22.667-22.667c-9.373-9.373-9.373-24.569 0-33.941L207.03 130.525c9.372-9.373 24.568-9.373 33.941-.001z\"><\/path><\/svg><\/div>\n\t\t\t\t\t<\/div>\n\t\t\t\t<div id=\"elementor-toc__iwgw-motphoenix-toc\" class=\"elementor-toc__body\">\n\t\t\t<div class=\"elementor-toc__spinner-container\">\n\t\t\t\t<svg class=\"elementor-toc__spinner eicon-animation-spin e-font-icon-svg e-eicon-loading\" aria-hidden=\"true\" viewBox=\"0 0 1000 1000\" xmlns=\"http:\/\/www.w3.org\/2000\/svg\"><path d=\"M500 975V858C696 858 858 696 858 500S696 142 500 142 142 304 142 500H25C25 237 238 25 500 25S975 237 975 500 763 975 500 975Z\"><\/path><\/svg>\t\t\t<\/div>\n\t\t<\/div>\n\t\t\t\t\t\t<\/div>\n\t\t\t\t<\/div>\n\t\t\t\t\t<\/div>\n\t\t\t\t<\/div>\n\t\t<div class=\"elementor-element elementor-element-iwgw-motphoenix-hr e-con-full e-flex e-con e-child\" data-id=\"iwgw-motphoenix-hr\" data-element_type=\"container\" data-e-type=\"container\">\n\t\t\t\t<div class=\"elementor-element elementor-element-iwgw-motphoenix-heroimg iwg-hero-image elementor-widget elementor-widget-image\" data-id=\"iwgw-motphoenix-heroimg\" data-element_type=\"widget\" data-e-type=\"widget\" data-widget_type=\"image.default\">\n\t\t\t\t\t\t\t\t\t\t\t\t\t\t\t<img fetchpriority=\"high\" decoding=\"async\" width=\"683\" height=\"1024\" src=\"https:\/\/iwell-guard.com\/wp-content\/uploads\/2026\/05\/goetter_phoenizisch_mot-phoenix-683x1024.webp\" class=\"attachment-large size-large wp-image-170806\" alt=\"M\u00f3t F\u00f6nik\u00edu \u2013 Gu\u00f0ir \u00far f\u00f6nik\u00edskri hef\u00f0, s\u00f6gulega myndl\u00fdst\" srcset=\"https:\/\/iwell-guard.com\/wp-content\/uploads\/2026\/05\/goetter_phoenizisch_mot-phoenix-683x1024.webp 683w, https:\/\/iwell-guard.com\/wp-content\/uploads\/2026\/05\/goetter_phoenizisch_mot-phoenix-200x300.webp 200w, https:\/\/iwell-guard.com\/wp-content\/uploads\/2026\/05\/goetter_phoenizisch_mot-phoenix-768x1152.webp 768w, https:\/\/iwell-guard.com\/wp-content\/uploads\/2026\/05\/goetter_phoenizisch_mot-phoenix.webp 1024w\" sizes=\"(max-width: 683px) 100vw, 683px\" \/>\t\t\t\t\t\t\t\t\t\t\t\t\t\t\t<\/div>\n\t\t\t\t<\/div>\n\t\t\t\t\t<\/div>\n\t\t\t\t<\/div>\n\t\t\t\t<section class=\"elementor-section elementor-top-section elementor-element elementor-element-sec-iwgcomp2-mot-phoenix elementor-section-boxed elementor-section-height-default elementor-section-height-default\" data-id=\"sec-iwgcomp2-mot-phoenix\" data-element_type=\"section\" data-e-type=\"section\">\n\t\t\t\t\t\t<div class=\"elementor-container elementor-column-gap-default\">\n\t\t\t\t\t<div class=\"elementor-column elementor-col-100 elementor-top-column elementor-element elementor-element-col-iwgcomp2-mot-phoenix\" data-id=\"col-iwgcomp2-mot-phoenix\" data-element_type=\"column\" data-e-type=\"column\">\n\t\t\t<div class=\"elementor-widget-wrap elementor-element-populated\">\n\t\t\t\t\t\t<div class=\"elementor-element elementor-element-iwgcomp2-mot-phoenix elementor-widget elementor-widget-text-editor\" data-id=\"iwgcomp2-mot-phoenix\" data-element_type=\"widget\" data-e-type=\"widget\" data-widget_type=\"text-editor.default\">\n\t\t\t\t\t\t\t\t\t<p>Mot er <strong>f\u00f6nik\u00edsk-\u00fagar\u00edskur<\/strong> dau\u00f0agu\u00f0 og pers\u00f3nugerving \u00feurrkat\u00edmans.<\/p>\t\t\t\t\t\t\t\t<\/div>\n\t\t\t\t\t<\/div>\n\t\t<\/div>\n\t\t\t\t\t<\/div>\n\t\t<\/section>\n\t\t<div class=\"elementor-element elementor-element-iwgw-motphoenix-s0 e-flex e-con-boxed e-con e-parent\" data-id=\"iwgw-motphoenix-s0\" data-element_type=\"container\" data-e-type=\"container\">\n\t\t\t\t\t<div class=\"e-con-inner\">\n\t\t\t\t<div class=\"elementor-element elementor-element-iwgw-motphoenix-s0h elementor-widget elementor-widget-heading\" data-id=\"iwgw-motphoenix-s0h\" data-element_type=\"widget\" data-e-type=\"widget\" data-widget_type=\"heading.default\">\n\t\t\t\t\t<h2 class=\"elementor-heading-title elementor-size-default\">Greining og skammrit<\/h2>\t\t\t\t<\/div>\n\t\t<div class=\"elementor-element elementor-element-iwgw-motphoenix-s0c e-con-full e-flex e-con e-child\" data-id=\"iwgw-motphoenix-s0c\" data-element_type=\"container\" data-e-type=\"container\">\n\t\t\t\t<div class=\"elementor-element elementor-element-iwgw-motphoenix-s0t elementor-widget elementor-widget-text-editor\" data-id=\"iwgw-motphoenix-s0t\" data-element_type=\"widget\" data-e-type=\"widget\" data-widget_type=\"text-editor.default\">\n\t\t\t\t\t\t\t\t\t<p>Mot er f\u00f6nik\u00edsk-kanaan\u00edsk pers\u00f3nugerving dau\u00f0ans. Mark Smith hefur \u00ed <em>The Ugaritic Baal Cycle<\/em> (1994\/2009) s\u00fdnt a\u00f0 Mot er \u00ed Baal-hringr\u00e1sinni \u00f6nnur meginandst\u00e6\u00f0an \u00e1 eftir <a href=\"https:\/\/iwell-guard.com\/is\/yam-fonikiskur-hafgud\/\">Yam<\/a>. \u00d3sigur hans fyrir <a href=\"https:\/\/iwell-guard.com\/is\/anat-stridsgydja-baal\/\">Anat<\/a> gerir upprisu Baals m\u00f6gulega og \u00fear me\u00f0 endurkomu gr\u00f3\u00f0urt\u00edmans. Innan <a href=\"https:\/\/iwell-guard.com\/is\/fonikiumenn-og-kartago-baal-tanit\/\">f\u00f6nik\u00edskrar hef\u00f0ar<\/a> er Mot frummynd dau\u00f0agu\u00f0sins og andst\u00e6\u00f0ingur l\u00edfsgu\u00f0anna.<\/p><p>\u00cd tr\u00faars\u00f6gu er Mot d\u00e6mi um pers\u00f3nuger\u00f0an dau\u00f0a, sem er sjaldan svo sk\u00fdrt afmarka\u00f0ur \u00ed forn\u00f6ld Austurlanda n\u00e6r. \u00cd mes\u00f3p\u00f3tam\u00edskri tr\u00fa svara \u00feeim Ere\u0161kigal og Nergal til hans, \u00fe\u00f3 \u00ed mismunandi hlutverkum. Me\u00f0al Het\u00edta er engin bein hli\u00f0st\u00e6\u00f0a til, en &#8216;s\u00f3largy\u00f0ja jar\u00f0arinnar&#8217; kemur fram sem ch\u00fe\u00f3n\u00edsk, undirheimsleg f\u00edg\u00fara.<\/p><p>\u00c1t\u00f6k Mots og Baals eru ekki einstakur bardagi heldur hringlaga atbur\u00f0ar\u00e1s: Mot sigrar Baal \u00e1 \u00feurrkat\u00edmanum, Anat sigrar Mot, Baal sn\u00fdr aftur me\u00f0 regnt\u00edmanum.<\/p><p>\u00deessi \u00e1rst\u00ed\u00f0abundna uppbygging gerir Mot-<span class=\"iwg-fachbegriff\" data-tooltip=\"S\u00f6gn sem gengur mann fram af manni um gu\u00f0i, uppruna og skipan heimsins.\" tabindex=\"0\">go\u00f0s\u00f6gnina<\/span> a\u00f0 klass\u00edsku d\u00e6mi um gr\u00f3\u00f0ur- og \u00e1rst\u00ed\u00f0ago\u00f0afr\u00e6\u00f0i. Sabatino Moscati greindi \u00feessa <span class=\"iwg-fachbegriff\" data-tooltip=\"V\u00edsindaleg fr\u00e6\u00f0i um gu\u00f0 og tr\u00fa innan tr\u00faarbrag\u00f0a.\" tabindex=\"0\">gu\u00f0fr\u00e6\u00f0i<\/span> \u00ed <em>Die Ph\u00f6niker<\/em> (1966) og Mark Smith \u00ed <em>The Origins of Biblical Monotheism<\/em> (2001).<\/p><p>S\u00e9rstakt gu\u00f0fr\u00e6\u00f0ilegt bl\u00e6brig\u00f0i Mot-<span class=\"iwg-fachbegriff\" data-tooltip=\"S\u00f6gn sem gengur mann fram af manni um gu\u00f0i, uppruna og skipan heimsins.\" tabindex=\"0\">go\u00f0s\u00f6gunnar<\/span> felst \u00ed \u00fev\u00ed a\u00f0 ey\u00f0ing Anats \u00e1 Mot, klofning, s\u00e1ning, brennsla, m\u00f6lun, s\u00e1ning, er bein yfirf\u00e6rsla landb\u00fana\u00f0arathafna \u00e1 \u00e1t\u00f6k gu\u00f0a. Mot er me\u00f0h\u00f6ndla\u00f0ur eins og korn, dau\u00f0i hans gerir n\u00fdjan gr\u00f3\u00f0ur m\u00f6gulegan.<\/p><p>\u00cd samanbur\u00f0i vi\u00f0 <a href=\"https:\/\/iwell-guard.com\/is\/hettitar-anatolia-tarhunna-vernd\/\">het\u00edt\u00edska hef\u00f0<\/a> &#8216;s\u00f3largy\u00f0ju jar\u00f0arinnar&#8217; sem ch\u00fe\u00f3n\u00edskrar andst\u00e6\u00f0u vi\u00f0 hina himnesku <a href=\"https:\/\/iwell-guard.com\/is\/arinna-solargydja-arinna\/\">Arinnu<\/a> er pers\u00f3na Mots \u00e1berandi \u00e1r\u00e1sargjarnari og fr\u00e1sagnarr\u00edkari.<\/p>\t\t\t\t\t\t\t\t<\/div>\n\t\t\t\t<\/div>\n\t\t\t\t\t<\/div>\n\t\t\t\t<\/div>\n\t\t<div class=\"elementor-element elementor-element-iwgw-motphoenix-s1 e-flex e-con-boxed e-con e-parent\" data-id=\"iwgw-motphoenix-s1\" data-element_type=\"container\" data-e-type=\"container\">\n\t\t\t\t\t<div class=\"e-con-inner\">\n\t\t\t\t<div class=\"elementor-element elementor-element-iwgw-motphoenix-s1h elementor-widget elementor-widget-heading\" data-id=\"iwgw-motphoenix-s1h\" data-element_type=\"widget\" data-e-type=\"widget\" data-widget_type=\"heading.default\">\n\t\t\t\t\t<h2 class=\"elementor-heading-title elementor-size-default\">Nafn og or\u00f0sifjar<\/h2>\t\t\t\t<\/div>\n\t\t<div class=\"elementor-element elementor-element-iwgw-motphoenix-s1c e-con-full e-flex e-con e-child\" data-id=\"iwgw-motphoenix-s1c\" data-element_type=\"container\" data-e-type=\"container\">\n\t\t\t\t<div class=\"elementor-element elementor-element-iwgw-motphoenix-s1t elementor-widget elementor-widget-text-editor\" data-id=\"iwgw-motphoenix-s1t\" data-element_type=\"widget\" data-e-type=\"widget\" data-widget_type=\"text-editor.default\">\n\t\t\t\t\t\t\t\t\t<p>Nafni\u00f0 <em>mt<\/em> er hi\u00f0 almenna vestur-sem\u00edska or\u00f0 fyrir &#8216;dau\u00f0a&#8217;. Mot er \u00feannig or\u00f0r\u00e9tt &#8216;dau\u00f0inn&#8217; sj\u00e1lfur, \u00e1 sama h\u00e1tt og <a href=\"https:\/\/iwell-guard.com\/is\/yam-fonikiskur-hafgud\/\">Yam<\/a> er &#8216;hafi\u00f0&#8217;. \u00deessi samsemd gu\u00f0snafns og heimsfr\u00e6\u00f0ilegrar hugmyndar er d\u00e6miger\u00f0 fyrir gu\u00f0fr\u00e6\u00f0i fornaldar Austurlanda n\u00e6r.<\/p><p>\u00c1 akkad\u00edsku er hli\u00f0st\u00e6\u00f0an <em>m\u016btu<\/em> (dau\u00f0i), \u00e1 hebresku <em>m\u0101wet<\/em> (me\u00f0 sama or\u00f0sifjafr\u00e6\u00f0ilega uppruna, s\u00f6mulei\u00f0is ekki fyrst og fremst pers\u00f3nuger\u00f0 sem gu\u00f0, en \u00ed nokkrum sk\u00e1ldskapark\u00f6flum eins og Job 18,13; H\u00f3sea 13,14; Habakkuk 2,5 birtist h\u00fan sem nokkurs konar go\u00f0sagnaleg f\u00edg\u00fara).<\/p><p>\u00cd \u00fagar\u00edsku textunum kemur Mot fram undir nokkrum vi\u00f0urnefnum: bn \u02beilm mt &#8216;sonur gu\u00f0anna, Mot&#8217;, ydd \u02beil \u0121zr &#8216;\u00e1stvinur Els, hetjan&#8217;, mdd \u02beil &#8216;yndi Els&#8217;. \u00deessi vi\u00f0urnefni t\u00e1kna hann sem son f\u00f6\u00f0urgu\u00f0sins Els og undirstrika gu\u00f0fr\u00e6\u00f0ilega st\u00f6\u00f0u hans. Mot er ekki illur andst\u00e6\u00f0ingagu\u00f0. Hann er l\u00f6gm\u00e6tur sonur hins \u00e6\u00f0sta gu\u00f0s me\u00f0 hlutverki sem er nau\u00f0synlegt \u00ed heimsskipulaginu.<\/p><p>\u00cd hebreskum ritum kemur Mot fram \u00e1 fjandsamlegan h\u00e1tt skorinn ni\u00f0ur. Hin eingy\u00f0istr\u00faarlega <span class=\"iwg-fachbegriff\" data-tooltip=\"V\u00edsindaleg fr\u00e6\u00f0i um gu\u00f0 og tr\u00fa innan tr\u00faarbrag\u00f0a.\" tabindex=\"0\">gu\u00f0fr\u00e6\u00f0i<\/span> getur ekki sam\u00feykkt sj\u00e1lfst\u00e6\u00f0an dau\u00f0agu\u00f0 vi\u00f0 hli\u00f0 Jahve. H\u00f3sea 13,14 (&#8216;Dau\u00f0i, hvar er broddur \u00feinn?&#8217;) hefur \u00fe\u00f3 var\u00f0veitt or\u00f0alag Mot-hef\u00f0arins. P\u00e1ll postuli vitnar til \u00feessa kafla \u00ed fyrra Korintubr\u00e9fi 15,55 \u00ed m\u00e1lsv\u00f6rn sinni fyrir upprisunni.<\/p><p>\u00cd sumum j\u00fad\u00edsk-arame\u00edskum galdratextum fr\u00e1 <span class=\"iwg-fachbegriff\" data-tooltip=\"Umbreytingart\u00edmabil milli fornaldar og mi\u00f0aldar, um \u00fea\u00f0 bil 3. til 7. \u00f6ld.\" tabindex=\"0\">s\u00ed\u00f0forn\u00f6ld<\/span> kemur Mot enn fram sem neikv\u00e6\u00f0 vera, s\u00e9rstaklega \u00ed <span class=\"iwg-fachbegriff\" data-tooltip=\"Hlutur borinn \u00e1 l\u00edkamanum sem talinn er hafa verndandi, \u00f3g\u00e6fuvarnandi \u00e1hrif.\" tabindex=\"0\">verndargripa<\/span>\u00e1letrunum fr\u00e1 Nippur og Egyptalandi. \u00deessi s\u00ed\u00f0t\u00edma hef\u00f0 s\u00fdnir hversu l\u00edfseig vestur-sem\u00edsk <span class=\"iwg-fachbegriff\" data-tooltip=\"V\u00edsindaleg fr\u00e6\u00f0i um gu\u00f0 og tr\u00fa innan tr\u00faarbrag\u00f0a.\" tabindex=\"0\">gu\u00f0fr\u00e6\u00f0i<\/span> var \u00ed tr\u00faars\u00f6gunni innan j\u00fad\u00edskrar <span class=\"iwg-fachbegriff\" data-tooltip=\"Athafnir sem eiga a\u00f0 hafa \u00e1hrif \u00e1 gang atbur\u00f0a me\u00f0 s\u00e9rst\u00f6kum gj\u00f6r\u00f0um e\u00f0a form\u00falum.\" tabindex=\"0\">galdralistar<\/span>.<\/p>\t\t\t\t\t\t\t\t<\/div>\n\t\t\t\t<\/div>\n\t\t\t\t\t<\/div>\n\t\t\t\t<\/div>\n\t\t<div class=\"elementor-element elementor-element-iwgw-motphoenix-s2 e-flex e-con-boxed e-con e-parent\" data-id=\"iwgw-motphoenix-s2\" data-element_type=\"container\" data-e-type=\"container\">\n\t\t\t\t\t<div class=\"e-con-inner\">\n\t\t\t\t<div class=\"elementor-element elementor-element-iwgw-motphoenix-s2h elementor-widget elementor-widget-heading\" data-id=\"iwgw-motphoenix-s2h\" data-element_type=\"widget\" data-e-type=\"widget\" data-widget_type=\"heading.default\">\n\t\t\t\t\t<h2 class=\"elementor-heading-title elementor-size-default\">L\u00fdsing og myndm\u00e1l<\/h2>\t\t\t\t<\/div>\n\t\t<div class=\"elementor-element elementor-element-iwgw-motphoenix-s2c e-con-full e-flex e-con e-child\" data-id=\"iwgw-motphoenix-s2c\" data-element_type=\"container\" data-e-type=\"container\">\n\t\t\t\t<div class=\"elementor-element elementor-element-iwgw-motphoenix-s2t elementor-widget elementor-widget-text-editor\" data-id=\"iwgw-motphoenix-s2t\" data-element_type=\"widget\" data-e-type=\"widget\" data-widget_type=\"text-editor.default\">\n\t\t\t\t\t\t\t\t\t<p>\u00cd \u00fagar\u00edt\u00edskum textum er Mot l\u00fdst sem gr\u00ed\u00f0arst\u00f3rum risa, \u00fear sem \u00f6nnur v\u00f6r hans n\u00e6r til jar\u00f0ar og hin til himins, tunga hans teygir sig til stjarnanna og gin hans gleypir allt sem er til. \u00deessi ofurhla\u00f0na l\u00fdsing tilheyrir hinum gu\u00f0fr\u00e6\u00f0ilega og lj\u00f3\u00f0r\u00e6na st\u00edl Baal-hringsins og undirstrikar hina kosm\u00edsku st\u00e6r\u00f0 Mots.<\/p><p>Engin \u00f3tv\u00edr\u00e6\u00f0 myndlist hefur var\u00f0veist. Hugsanlega s\u00fdnir brotakennd \u00fagar\u00edt\u00edsk <span class=\"iwg-fachbegriff\" data-tooltip=\"Uppr\u00e9ttur, \u00e1letra\u00f0ur e\u00f0a myndskreyttur steinn- e\u00f0a tr\u00e9tafla.\" tabindex=\"0\">stela<\/span> Mot sem skeggja\u00f0an risa me\u00f0 galopinn munn, en s\u00fa t\u00falkun er \u00fe\u00f3 umdeild. \u00cd n\u00fat\u00edma hett\u00edtafr\u00e6\u00f0i er hann oft s\u00fdndur hugmyndalega sem &#8216;risagin&#8217; e\u00f0a &#8216;skr\u00edmslislegur \u00e1tvagl&#8217;.<\/p><p>B\u00fasta\u00f0ur hans er undirheimarnir, oft nefndir &#8216;borg ey\u00f0ingarins&#8217; (<em>qrt<\/em>) e\u00f0a &#8216;j\u00f6r\u00f0, m\u00fdri&#8217;.<\/p><p>\u00deessir undirheimar eru myrkt og \u00f3hreint sv\u00e6\u00f0i \u00e1n lj\u00f3ss og vatns, og andr\u00famsloft \u00feeirra er a\u00f0eins Mot sj\u00e1lfum og sendibo\u00f0um hans a\u00f0gengilegt. Lifandi gu\u00f0ir sem st\u00edga ni\u00f0ur \u00ed undirheimana ver\u00f0a a\u00f0 gr\u00edpa til s\u00e9rstakra var\u00fa\u00f0arr\u00e1\u00f0stafana til a\u00f0 falla ekki \u00ed gin Mots.<\/p><p>Brotakennd <span class=\"iwg-fachbegriff\" data-tooltip=\"Texti sem hefur veri\u00f0 skorinn e\u00f0a h\u00f6ggvinn \u00ed fastan grunn.\" tabindex=\"0\">\u00e1letrun<\/span> fr\u00e1 S\u00eddon nefnir Mot \u00ed greftrunarform\u00falu \u00fear sem hinn l\u00e1tni er be\u00f0inn um &#8216;a\u00f0 fara ekki til Mots, heldur hv\u00edlast me\u00f0al forfe\u00f0ranna&#8217;. \u00deessi a\u00f0greining \u00e1 milli &#8216;Mots&#8217; og &#8216;forfe\u00f0ranna&#8217; er tr\u00faars\u00f6gulega uppl\u00fdsandi og samsvarar \u00fagar\u00edt\u00edskri skiptingu milli h\u00f3tunar undirheimanna og verndar forfe\u00f0rad\u00fdrkunar.<\/p>\t\t\t\t\t\t\t\t<\/div>\n\t\t\t\t<\/div>\n\t\t\t\t\t<\/div>\n\t\t\t\t<\/div>\n\t\t<div class=\"elementor-element elementor-element-iwgw-motphoenix-s3 e-flex e-con-boxed e-con e-parent\" data-id=\"iwgw-motphoenix-s3\" data-element_type=\"container\" data-e-type=\"container\">\n\t\t\t\t\t<div class=\"e-con-inner\">\n\t\t\t\t<div class=\"elementor-element elementor-element-iwgw-motphoenix-s3h elementor-widget elementor-widget-heading\" data-id=\"iwgw-motphoenix-s3h\" data-element_type=\"widget\" data-e-type=\"widget\" data-widget_type=\"heading.default\">\n\t\t\t\t\t<h2 class=\"elementor-heading-title elementor-size-default\">Go\u00f0sagnakenndar fr\u00e1sagnir<\/h2>\t\t\t\t<\/div>\n\t\t<div class=\"elementor-element elementor-element-iwgw-motphoenix-s3c e-con-full e-flex e-con e-child\" data-id=\"iwgw-motphoenix-s3c\" data-element_type=\"container\" data-e-type=\"container\">\n\t\t\t\t<div class=\"elementor-element elementor-element-iwgw-motphoenix-s3t elementor-widget elementor-widget-text-editor\" data-id=\"iwgw-motphoenix-s3t\" data-element_type=\"widget\" data-e-type=\"widget\" data-widget_type=\"text-editor.default\">\n\t\t\t\t\t\t\t\t\t<p>Meginheimildin um Mot er \u00fagar\u00edt\u00edski Baal-hringurinn (KTU 1.4, 1.6), s\u00e9rstaklega t\u00f6flur V og VI. S\u00f6gu\u00fer\u00e1\u00f0urinn \u00ed gr\u00f3fum dr\u00e1ttum: Eftir a\u00f0 hafa reist h\u00f6ll s\u00edna \u00e1 Saphon-fjalli sendir <a href=\"https:\/\/iwell-guard.com\/is\/baal-hadad-fonikiskur-vedurgud\/\">Baal<\/a> sendibo\u00f0a til Mots til a\u00f0 kunngj\u00f6ra yfirr\u00e1\u00f0 s\u00edn.<\/p><p>Mot svarar me\u00f0 h\u00f3tun um a\u00f0 gleypa Baal, \u00fev\u00ed Baal s\u00e9 bara dau\u00f0legur me\u00f0al dau\u00f0legra. Baal svarar fyrst me\u00f0 m\u00f3t\u00fer\u00f3a, en s\u00ed\u00f0an me\u00f0 sam\u00feykki: Hann st\u00edgur ni\u00f0ur \u00ed undirheimana.<\/p><p>Mot gleypir Baal; j\u00f6r\u00f0in skr\u00e6lnar, gr\u00f3\u00f0urinn deyr, b\u00faf\u00e9na\u00f0urinn eignast ekki afkv\u00e6mi lengur. <a href=\"https:\/\/iwell-guard.com\/is\/anat-stridsgydja-baal\/\">Anat<\/a>, systir og fylgikona Baals, leitar hans \u00e1n \u00e1rangurs. A\u00f0 lokum finnur h\u00fan l\u00edk hans og jar\u00f0ar \u00fea\u00f0 gr\u00e1tandi.<\/p><p>\u00de\u00e1 sn\u00fdst h\u00fan gegn Mot: &#8216;H\u00fan gr\u00edpur hinn gu\u00f0lega Mot, kl\u00fdfur hann me\u00f0 sver\u00f0i, kastar honum \u00ed s\u00e1\u00f0s\u00edu, brennir hann \u00ed eldi, mylur hann \u00ed kv\u00f6rn, s\u00e1ir honum \u00e1 akurinn.&#8217;<\/p><p>\u00deetta st\u00f3rkostlega tort\u00edmingaratri\u00f0i er me\u00f0al \u00e1hrifamestu atbur\u00f0a \u00ed <span class=\"iwg-fachbegriff\" data-tooltip=\"Heildarsafn arfleiddra gu\u00f0sagna \u00ed tiltekinni menningu.\" tabindex=\"0\">go\u00f0afr\u00e6\u00f0i<\/span> hins forna Austurlanda. Me\u00f0 dau\u00f0a Mots getur Baal risi\u00f0 upp aftur; gr\u00f3\u00f0urinn kemur til baka. \u00d3sigur Mots er \u00fe\u00f3 ekki endanlegur: Hann endurn\u00fdjast eftir sj\u00f6 \u00e1r og \u00e1t\u00f6kin vi\u00f0 Baal halda \u00e1fram \u00ed hringr\u00e1s. \u00deessi hringlaga uppbygging samsvarar \u00e1rlegu vaxtart\u00edmabili gr\u00f3\u00f0urs.<\/p><p>\u00c1 sj\u00f6unda \u00e1rinu eftir tort\u00edmingu s\u00edna r\u00eds Mot upp \u00e1 n\u00fd og krefst \u00feess a\u00f0 Baal l\u00e1ti af hendi br\u00f3\u00f0ur sem sta\u00f0gengil. Baal sendir hlj\u00f3\u00f0 og myndir; eftir langar samningavi\u00f0r\u00e6\u00f0ur n\u00e1\u00f0ist samkomulag. \u00deetta lokaatri\u00f0i hefur var\u00f0veist brotakennt og er me\u00f0al umdeildustu kafla Baal-hringsins.<\/p>\t\t\t\t\t\t\t\t<\/div>\n\t\t\t\t<\/div>\n\t\t\t\t\t<\/div>\n\t\t\t\t<\/div>\n\t\t<div class=\"elementor-element elementor-element-iwgw-motphoenix-s4 e-flex e-con-boxed e-con e-parent\" data-id=\"iwgw-motphoenix-s4\" data-element_type=\"container\" data-e-type=\"container\">\n\t\t\t\t\t<div class=\"e-con-inner\">\n\t\t\t\t<div class=\"elementor-element elementor-element-iwgw-motphoenix-s4h elementor-widget elementor-widget-heading\" data-id=\"iwgw-motphoenix-s4h\" data-element_type=\"widget\" data-e-type=\"widget\" data-widget_type=\"heading.default\">\n\t\t\t\t\t<h2 class=\"elementor-heading-title elementor-size-default\">D\u00fdrkun og tilbei\u00f0sla<\/h2>\t\t\t\t<\/div>\n\t\t<div class=\"elementor-element elementor-element-iwgw-motphoenix-s4c e-con-full e-flex e-con e-child\" data-id=\"iwgw-motphoenix-s4c\" data-element_type=\"container\" data-e-type=\"container\">\n\t\t\t\t<div class=\"elementor-element elementor-element-iwgw-motphoenix-s4t elementor-widget elementor-widget-text-editor\" data-id=\"iwgw-motphoenix-s4t\" data-element_type=\"widget\" data-e-type=\"widget\" data-widget_type=\"text-editor.default\">\n\t\t\t\t\t\t\t\t\t<p>M\u00f3t var ekki \u00e1tr\u00fana\u00f0argo\u00f0 \u00ed j\u00e1kv\u00e6\u00f0um skilningi; sem dau\u00f0agu\u00f0 var hann ekki d\u00fdrka\u00f0ur, heldur var honum \u00ed <span class=\"iwg-fachbegriff\" data-tooltip=\"Tilheyrir f\u00f6stu, tr\u00faarlegu athafnarferli.\" tabindex=\"0\">helgisi\u00f0um<\/span> \u00fdtt fr\u00e1 e\u00f0a hann sefa\u00f0ur. \u00cd \u00fagar\u00edt\u00edskum greftrunarsi\u00f0um birtist hann sem vi\u00f0takandi hinna d\u00e1nu; greftrunarform\u00falurnar bi\u00f0ja M\u00f3t um a\u00f0 taka vi\u00f0 hinum l\u00e1tna \u00e1n \u00feess a\u00f0 kvelja hann.<\/p><p><span class=\"iwg-fachbegriff\" data-tooltip=\"Hef\u00f0bundin fr\u00e1s\u00f6gn um gu\u00f0i, uppruna og skipan heimsins.\" tabindex=\"0\">Go\u00f0s\u00f6gnin<\/span> um hann var flutt \u00ed r\u00edkisd\u00fdrkuninni; l\u00edklega var helgisi\u00f0aleg endurflutningur Baal-M\u00f3t-atbur\u00f0ar\u00e1sarinnar hluti af haust- e\u00f0a vetrars\u00f3lst\u00f6\u00f0uh\u00e1t\u00ed\u00f0, \u00feegar gr\u00f3\u00f0ur raunverulega d\u00f3. Upprisa Baals a\u00f0 vori var s\u00ed\u00f0an <span class=\"iwg-fachbegriff\" data-tooltip=\"Tilheyrir f\u00f6stu, tr\u00faarlegu athafnarferli.\" tabindex=\"0\">helgisi\u00f0alega<\/span> endurn\u00fdju\u00f0 me\u00f0 vorh\u00e1t\u00ed\u00f0arflokknum. \u00deessi \u00e1rst\u00ed\u00f0abundna helgisi\u00f0aframkv\u00e6md er mikilv\u00e6gt s\u00f6gulegt einkenni f\u00f6nik\u00edskrar tr\u00faar.<\/p><p>\u00cd f\u00f6nik\u00edskum greftrunarform\u00falum fr\u00e1 <span class=\"iwg-fachbegriff\" data-tooltip=\"Fors\u00f6guleg t\u00edmabil eftir brons\u00f6ld, einkennist af j\u00e1rnvinnslu.\" tabindex=\"0\">j\u00e1rn\u00f6ld<\/span> birtist M\u00f3t sem vi\u00f0takandi hinna d\u00e1nu \u00ed undirheimum. Sark\u00f3faga\u00e1letranir f\u00f6nik\u00edskra konunga (til d\u00e6mis Eshm\u00fanazars II.) innihalda verndarform\u00falur gegn gr\u00f6far\u00e1num og gegn \u00f3t\u00edmab\u00e6ru inngripi M\u00f3ts. \u00deessar \u201edau\u00f0aform\u00falur\u201c eru vel skjalfestar \u00ed tr\u00faars\u00f6gu.<\/p><p>Hlutverk M\u00f3ts \u00ed greftrunarhelgisi\u00f0um er vel sta\u00f0fest; \u00fagar\u00edt\u00edsku <em>marzi\u1e25u<\/em>-f\u00e9l\u00f6gin, eins konar greftrunarbr\u00e6\u00f0ral\u00f6g, h\u00e9ldu reglulegar m\u00e1lt\u00ed\u00f0ir til minningar um hina l\u00e1tnu. F\u00e9l\u00f6gin eru \u00feekkt \u00far fj\u00f6lm\u00f6rgum \u00e1letrunum og teljast til mikilv\u00e6gustu f\u00e9lagslegu og tr\u00faarlegu stofnana \u00fagar\u00edt\u00edsks samf\u00e9lags.<\/p>\t\t\t\t\t\t\t\t<\/div>\n\t\t\t\t<\/div>\n\t\t\t\t\t<\/div>\n\t\t\t\t<\/div>\n\t\t<div class=\"elementor-element elementor-element-iwgw-motphoenix-s5 e-flex e-con-boxed e-con e-parent\" data-id=\"iwgw-motphoenix-s5\" data-element_type=\"container\" data-e-type=\"container\">\n\t\t\t\t\t<div class=\"e-con-inner\">\n\t\t\t\t<div class=\"elementor-element elementor-element-iwgw-motphoenix-s5h elementor-widget elementor-widget-heading\" data-id=\"iwgw-motphoenix-s5h\" data-element_type=\"widget\" data-e-type=\"widget\" data-widget_type=\"heading.default\">\n\t\t\t\t\t<h2 class=\"elementor-heading-title elementor-size-default\">Verndara\u00f0ger\u00f0ir og fr\u00e1hrindandi t\u00e1kn<\/h2>\t\t\t\t<\/div>\n\t\t<div class=\"elementor-element elementor-element-iwgw-motphoenix-s5c e-con-full e-flex e-con e-child\" data-id=\"iwgw-motphoenix-s5c\" data-element_type=\"container\" data-e-type=\"container\">\n\t\t\t\t<div class=\"elementor-element elementor-element-iwgw-motphoenix-s5t elementor-widget elementor-widget-text-editor\" data-id=\"iwgw-motphoenix-s5t\" data-element_type=\"widget\" data-e-type=\"widget\" data-widget_type=\"text-editor.default\">\n\t\t\t\t\t\t\t\t\t<p>Ap\u00f3tr\u00f3pa\u00edskar varnara\u00f0ger\u00f0ir gegn Mot voru algengar \u00ed f\u00f6nik\u00edska heiminum. \u00cd h\u00fasum voru m\u00e6ltar varnarform\u00falur gegn &#8216;hinum gleypandi Mot&#8217;; <em>\u02berr<\/em>-form\u00falurnar (b\u00f6lvunar- og varnarform\u00falur) sn\u00faast oft gegn \u00e1s\u00e6lni Mots \u00ed h\u00fasi\u00f0 og fj\u00f6lskylduna. Charles Krahmalkov hefur \u00ed <em>A Phoenician-Punic Grammar<\/em> (2001) teki\u00f0 saman sl\u00edkar form\u00falur.<\/p><p>\u00cd tengslum vi\u00f0 greftrun kemur nafn Mots fram \u00ed samhengi vi\u00f0 verndargjafir til hinna d\u00e1nu: matur, drykkir, skartgripir og pers\u00f3nulegir munir \u00e1tti a\u00f0 fylgja hinum dau\u00f0a til undirheima. \u00deessi &#8216;fer\u00f0ab\u00fana\u00f0ur&#8217; er s\u00f6guleg samsv\u00f6run vi\u00f0 egypskar og mes\u00f3p\u00f3tam\u00edskar greftrunarhef\u00f0ir.<\/p><p data-nosnippet=\"true\">Fr\u00e1 fr\u00e6\u00f0ilegu sj\u00f3narhorni er verndarhlutverk Mots \u00feverst\u00e6\u00f0ukennt: hann er ekki verndargu\u00f0, heldur s\u00e1 sem varist er gegn. Hlutverk hans \u00ed tr\u00faarbr\u00f6g\u00f0unum er neikv\u00e6tt hla\u00f0i\u00f0 \u00e1n \u00feess a\u00f0 hann s\u00e9 illkvittinn, hann er kosm\u00edsk nau\u00f0syn, eitt hlutverk \u00ed hringr\u00e1s heimsins. iWell Guard skr\u00e1ir Mot sem s\u00f6guleg-go\u00f0sagnalega pers\u00f3nu \u00e1n nokkurrar n\u00faverandi verndarvirkni og \u00e1n tengsla vi\u00f0 n\u00fat\u00edma lofor\u00f0 um heilun.<\/p><p>Hin fr\u00e6ga greftrunarform\u00fala <em>&#8216;l yqbr nbt&#8217;<\/em> \u00far Eshmunazar-sark\u00f3faganum krefst \u00feess a\u00f0 grafh\u00fdsi\u00f0 s\u00e9 ekki opna\u00f0, \u00fev\u00ed annars &#8216;komi Mot yfir fj\u00f6lskylduna&#8217;. \u00deessar b\u00f6lvunarform\u00falur eru me\u00f0al \u00e1hrifamestu \u00e1letrunarvitna f\u00f6nik\u00edska dau\u00f0a-<span class=\"iwg-fachbegriff\" data-tooltip=\"V\u00edsindaleg fr\u00e6\u00f0igrein um gu\u00f0 og tr\u00fa tiltekinna tr\u00faarbrag\u00f0a.\" tabindex=\"0\">gu\u00f0fr\u00e6\u00f0inni<\/span>.<\/p>\t\t\t\t\t\t\t\t<\/div>\n\t\t\t\t<\/div>\n\t\t\t\t\t<\/div>\n\t\t\t\t<\/div>\n\t\t<div class=\"elementor-element elementor-element-iwgw-motphoenix-s6 e-flex e-con-boxed e-con e-parent\" data-id=\"iwgw-motphoenix-s6\" data-element_type=\"container\" data-e-type=\"container\">\n\t\t\t\t\t<div class=\"e-con-inner\">\n\t\t\t\t<div class=\"elementor-element elementor-element-iwgw-motphoenix-s6h elementor-widget elementor-widget-heading\" data-id=\"iwgw-motphoenix-s6h\" data-element_type=\"widget\" data-e-type=\"widget\" data-widget_type=\"heading.default\">\n\t\t\t\t\t<h2 class=\"elementor-heading-title elementor-size-default\">Hli\u00f0st\u00e6\u00f0ur \u00ed \u00f6\u00f0rum menningarheimum<\/h2>\t\t\t\t<\/div>\n\t\t<div class=\"elementor-element elementor-element-iwgw-motphoenix-s6c e-con-full e-flex e-con e-child\" data-id=\"iwgw-motphoenix-s6c\" data-element_type=\"container\" data-e-type=\"container\">\n\t\t\t\t<div class=\"elementor-element elementor-element-iwgw-motphoenix-s6t elementor-widget elementor-widget-text-editor\" data-id=\"iwgw-motphoenix-s6t\" data-element_type=\"widget\" data-e-type=\"widget\" data-widget_type=\"text-editor.default\">\n\t\t\t\t\t\t\t\t\t<p>Mot tilheyrir hinni al\u00fej\u00f3\u00f0legu fj\u00f6lskyldu dau\u00f0agu\u00f0a. \u00cd Mes\u00f3p\u00f3tam\u00edu svara Ere\u0161kigal og Nergal til hans, b\u00e6\u00f0i gu\u00f0ir undirheima; hj\u00e1 Egyptum Os\u00edris \u00ed undirheimafasa s\u00ednum; \u00ed het\u00edt\u00edsku menningunni &#8216;s\u00f3lgy\u00f0ja jar\u00f0arins&#8217;. Mark Smith hefur \u00ed <em>The Origins of Biblical Monotheism<\/em> (2001) sett \u00feessa samanbur\u00f0ar tr\u00faarbrag\u00f0as\u00f6gu fram \u00ed sm\u00e1atri\u00f0um.<\/p><p>Me\u00f0 gr\u00edska gu\u00f0inum Hades deilir Mot hlutverki drottnara undirheima; me\u00f0 \u00deanatosi hinni pers\u00f3nuger\u00f0u dau\u00f0avirkni. B\u00e1\u00f0ir gr\u00edsku gu\u00f0irnir hafa \u00fe\u00f3 greinilega \u00f3l\u00edka gu\u00f0fr\u00e6\u00f0ilega \u00e1s\u00fdnd fr\u00e1 Mot, s\u00e9rstaklega vegna \u00feess a\u00f0 \u00feeir taka ekki \u00fe\u00e1tt \u00ed hringlaga gr\u00f3\u00f0urbard\u00f6gum.<\/p><p>\u00cd hebreskum textum er Mot sem kosm\u00edsk andst\u00e6\u00f0a Jahve ekki alveg samr\u00e6mdur; einstakir sk\u00e1ldskapartextar (H\u00f3s 13,14; Jes 25,8) var\u00f0veita \u00fe\u00f3 Mot-hef\u00f0ina.<\/p><p>Tr\u00faarbrag\u00f0as\u00f6gulega er Mot fyrir hi\u00f0 forna \u00cdsrael &#8216;\u00f3s\u00fdnilegur andst\u00e6\u00f0ingur&#8217; hins eingy\u00f0istr\u00faarlega <span class=\"iwg-fachbegriff\" data-tooltip=\"V\u00edsindaleg fr\u00e6\u00f0igrein um gu\u00f0 og tr\u00fa tiltekinna tr\u00faarbrag\u00f0a.\" tabindex=\"0\">gu\u00f0fr\u00e6\u00f0i<\/span>; upplausn hans \u00ed hreint hlutverk tilheyrir gu\u00f0fr\u00e6\u00f0ilegri sam\u00fej\u00f6ppun jahvismans. Me\u00f0 <a href=\"https:\/\/iwell-guard.com\/is\/hedammu-sjavarofreskja\/\">Hedammu<\/a> og <a href=\"https:\/\/iwell-guard.com\/is\/ullikummi-steinjotunn\/\">Ullikummi<\/a> \u00far <a href=\"https:\/\/iwell-guard.com\/is\/hettitar-anatolia-tarhunna-vernd\/\">het\u00edt\u00edsku hef\u00f0inni<\/a> deilir Mot einkennum \u00f3rei\u00f0uvera, \u00fe\u00f3 \u00ed sj\u00e1lfst\u00e6\u00f0u &#8216;dau\u00f0a&#8217;-formi.<\/p><p>\u00cd aram\u00edskum og f\u00f6nik\u00edskum \u00e1letrunum 1. \u00e1r\u00fe\u00fasunds f.Kr. hverfur Mot a\u00f0 miklu leyti sem pers\u00f3nuger\u00f0ur gu\u00f0; dau\u00f0inn er \u00ed auknum m\u00e6li a\u00f0eins nefndur sem kosm\u00edskt svi\u00f0, ekki sem virk <span class=\"iwg-fachbegriff\" data-tooltip=\"Vera sem er d\u00fdrku\u00f0 sem gu\u00f0leg innan tr\u00faarbrag\u00f0a.\" tabindex=\"0\">gu\u00f0veru<\/span>. \u00deessi &#8216;afgu\u00f0v\u00e6\u00f0ing&#8217; dau\u00f0ans er s\u00f6guleg fr\u00f3\u00f0leg og gengur samhli\u00f0a svipa\u00f0ri \u00fer\u00f3un hj\u00e1 <a href=\"https:\/\/iwell-guard.com\/is\/yam-fonikiskur-hafgud\/\">Yam<\/a>.<\/p>\t\t\t\t\t\t\t\t<\/div>\n\t\t\t\t<\/div>\n\t\t\t\t\t<\/div>\n\t\t\t\t<\/div>\n\t\t<div class=\"elementor-element elementor-element-iwgw-motphoenix-s7 e-flex e-con-boxed e-con e-parent\" data-id=\"iwgw-motphoenix-s7\" data-element_type=\"container\" data-e-type=\"container\">\n\t\t\t\t\t<div class=\"e-con-inner\">\n\t\t\t\t<div class=\"elementor-element elementor-element-iwgw-motphoenix-s7h elementor-widget elementor-widget-heading\" data-id=\"iwgw-motphoenix-s7h\" data-element_type=\"widget\" data-e-type=\"widget\" data-widget_type=\"heading.default\">\n\t\t\t\t\t<h2 class=\"elementor-heading-title elementor-size-default\">N\u00fat\u00edmavi\u00f0t\u00f6kur og ranns\u00f3knir<\/h2>\t\t\t\t<\/div>\n\t\t<div class=\"elementor-element elementor-element-iwgw-motphoenix-s7c e-con-full e-flex e-con e-child\" data-id=\"iwgw-motphoenix-s7c\" data-element_type=\"container\" data-e-type=\"container\">\n\t\t\t\t<div class=\"elementor-element elementor-element-iwgw-motphoenix-s7t elementor-widget elementor-widget-text-editor\" data-id=\"iwgw-motphoenix-s7t\" data-element_type=\"widget\" data-e-type=\"widget\" data-widget_type=\"text-editor.default\">\n\t\t\t\t\t\t\t\t\t<p>Ranns\u00f3knir \u00e1 Mot eru \u00ed dag \u00e1 h\u00e1u stigi. \u00datg\u00e1fa Mark Smith og Wayne Pitard af Baal-hringnum er sta\u00f0alvi\u00f0mi\u00f0un; John Day, Daniel Schwemer og Corinne Bonnet hafa lagt fram mikilv\u00e6gar tr\u00faarbrag\u00f0as\u00f6gulegar greinar. Theodore Lewis hefur \u00ed <em>Cults of the Dead in Ancient Israel and Ugarit<\/em> (1989) rannsaka\u00f0 \u00fagar\u00edska dau\u00f0ad\u00fdrkun.<\/p><p>\u00cd almennri m\u00f3tt\u00f6ku er Mot fyrst og fremst kunnur af \u00fagar\u00edsku go\u00f0s\u00f6gunum og af hebresk-bibl\u00edulegum tilv\u00edsunum. Andlega endurl\u00edfgun \u00ed n\u00fdhei\u00f0num skilningi er ekki til sta\u00f0ar; dau\u00f0agu\u00f0inn er of framandi og go\u00f0sagnalega vandme\u00f0farinn fyrir n\u00fat\u00edma tr\u00faari\u00f0kun.<\/p><p>V\u00edsindalega er Mot \u00ed dag talinn mi\u00f0l\u00e6gt ranns\u00f3knarefni fyrir forn-austurlensk dau\u00f0a- og undirheimatr\u00faarbr\u00f6g\u00f0. N\u00faverandi \u00e1herslur ranns\u00f3kna liggja \u00e1 tengslum Mot-<span class=\"iwg-fachbegriff\" data-tooltip=\"Hef\u00f0bundin fr\u00e1s\u00f6gn um gu\u00f0i, uppruna og skipan heimsins.\" tabindex=\"0\">go\u00f0s\u00f6gunnar<\/span> vi\u00f0 \u00fagar\u00edsk greftrunarsi\u00f0feri, \u00e1 hebresk-bibl\u00edulegum hli\u00f0st\u00e6\u00f0um og \u00e1 spurningunni um \u00e1rst\u00ed\u00f0abundnar athafnir sem endurn\u00fdju\u00f0u Baal-Mot-hringinn. iWell Guard skr\u00e1ir Mot sem s\u00f6gulegt d\u00e6mi \u00e1n hagn\u00fdtrar verndartengingar.<\/p><p>N\u00faverandi ranns\u00f3knir Theodore Lewis og Joseph Lam \u00e1 \u00fagar\u00edskri dau\u00f0atr\u00fa setja Mot \u00ed v\u00ed\u00f0ara tr\u00faarbrag\u00f0as\u00f6gulegt samhengi: sem fulltr\u00faa hinnar fornu lags vestursem\u00edt\u00edskrar tr\u00faarbrag\u00f0a, sem s\u00ed\u00f0ar \u00e1 <span class=\"iwg-fachbegriff\" data-tooltip=\"Fors\u00f6guleg t\u00edmabil eftir brons\u00f6ld, einkennd af j\u00e1rnvinnslu.\" tabindex=\"0\">j\u00e1rn\u00f6ld<\/span> var sm\u00e1m saman fjarl\u00e6gt me\u00f0 gu\u00f0fr\u00e6\u00f0ilegri hreinsun.<\/p>\t\t\t\t\t\t\t\t<\/div>\n\t\t\t\t<\/div>\n\t\t\t\t\t<\/div>\n\t\t\t\t<\/div>\n\t\t<div class=\"elementor-element elementor-element-iwgw-motphoenix-s8 e-flex e-con-boxed e-con e-parent\" data-id=\"iwgw-motphoenix-s8\" data-element_type=\"container\" data-e-type=\"container\">\n\t\t\t\t\t<div class=\"e-con-inner\">\n\t\t\t\t<div class=\"elementor-element elementor-element-iwgw-motphoenix-s8h elementor-widget elementor-widget-heading\" data-id=\"iwgw-motphoenix-s8h\" data-element_type=\"widget\" data-e-type=\"widget\" data-widget_type=\"heading.default\">\n\t\t\t\t\t<h2 class=\"elementor-heading-title elementor-size-default\">Heimildir og b\u00f3kmenntir<\/h2>\t\t\t\t<\/div>\n\t\t<div class=\"elementor-element elementor-element-iwgw-motphoenix-s8c e-con-full e-flex e-con e-child\" data-id=\"iwgw-motphoenix-s8c\" data-element_type=\"container\" data-e-type=\"container\">\n\t\t\t\t<div class=\"elementor-element elementor-element-iwgw-motphoenix-s8t elementor-widget elementor-widget-text-editor\" data-id=\"iwgw-motphoenix-s8t\" data-element_type=\"widget\" data-e-type=\"widget\" data-widget_type=\"text-editor.default\">\n\t\t\t\t\t\t\t\t\t<p>Eftirfarandi \u00farval tekur saman mikilv\u00e6gustu st\u00f6\u00f0lu\u00f0u verkin um Mot-ranns\u00f3knir. \u00dea\u00f0 n\u00e6r yfir texta\u00fatg\u00e1fur, s\u00f6gulegar samantektir og ranns\u00f3knir \u00e1 hebresk-bibl\u00edulegum hli\u00f0st\u00e6\u00f0um. \u00datg\u00e1fa Mark Smith af Baal-hringnum er grunnur frumheimilda; Lewis veitir s\u00f6gulegt samhengi um athafnir; Day hina bibl\u00edulegu samanbur\u00f0arv\u00eddd; Bonnet f\u00f6nik\u00edsk-mi\u00f0jar\u00f0arhafslega sj\u00f3narhorni\u00f0.<\/p>\t\t\t\t\t\t\t\t<\/div>\n\t\t\t\t<\/div>\n\t\t\t\t\t<\/div>\n\t\t\t\t<\/div>\n\t\t<div class=\"elementor-element elementor-element-cp23bf9f41 e-flex e-con-boxed e-con e-parent\" data-id=\"cp23bf9f41\" data-element_type=\"container\" data-e-type=\"container\">\n\t\t\t\t\t<div class=\"e-con-inner\">\n\t\t\t\t<div class=\"elementor-element elementor-element-cp217e9588 elementor-widget elementor-widget-heading\" data-id=\"cp217e9588\" data-element_type=\"widget\" data-e-type=\"widget\" data-widget_type=\"heading.default\">\n\t\t\t\t\t<h2 class=\"elementor-heading-title elementor-size-default\">Dau\u00f0i Baals og gleyping Mots<\/h2>\t\t\t\t<\/div>\n\t\t<div class=\"elementor-element elementor-element-cp217c13a6 e-flex e-con-boxed e-con e-child\" data-id=\"cp217c13a6\" data-element_type=\"container\" data-e-type=\"container\">\n\t\t\t\t\t<div class=\"e-con-inner\">\n\t\t\t\t<div class=\"elementor-element elementor-element-cp2c8beb88 elementor-widget elementor-widget-text-editor\" data-id=\"cp2c8beb88\" data-element_type=\"widget\" data-e-type=\"widget\" data-widget_type=\"text-editor.default\">\n\t\t\t\t\t\t\t\t\t<p>\u00cdtarlegasta fr\u00e1s\u00f6gnin um <em>Mot<\/em> er \u00ed seinni hluta \u00fagar\u00edt\u00edska Baal-hringr\u00e1sarins, \u00e1 spj\u00f6ldum KTU 1.4 til 1.6. Eftir a\u00f0 Baal hefur reist h\u00f6ll s\u00edna \u00f6grar hann Mot, e\u00f0a kemst a\u00f0 minnsta kosti inn \u00e1 valdsv\u00e6\u00f0i hans.<\/p><p>R\u00edki Mots er l\u00fdst me\u00f0 sterkum myndum: Kok hans n\u00e6r fr\u00e1 j\u00f6r\u00f0u til himins, varir hans umlykja allt, \u00f6nnur v\u00f6rin \u00ed undirheimum, hin \u00e1 himni. S\u00e1 sem kemst \u00ed \u00feennan gin er gleyptur.<\/p><p>Baal fer ni\u00f0ur og telst l\u00e1tinn. Textinn l\u00e6tur El, \u00e6\u00f0sta gu\u00f0inn, og gy\u00f0juna Anat s\u00f6kkva \u00ed sorg. El st\u00edgur ni\u00f0ur af h\u00e1s\u00e6tinu, sest \u00e1 j\u00f6r\u00f0ina og veitir s\u00e9r sorgars\u00e1r. \u00deetta atri\u00f0i er tr\u00faars\u00f6gulega mikilv\u00e6gt \u00fev\u00ed \u00fea\u00f0 s\u00fdnir a\u00f0 \u00ed \u00fagar\u00edt\u00edskri hugsun geti jafnvel ve\u00f0urgu\u00f0inn loti\u00f0 valdi dau\u00f0ans, \u00fe\u00f3tt ekki til fulls.<\/p><p>Bj\u00f6rgunin kemur fr\u00e1 Anat. H\u00fan leitar Mot, gr\u00edpur hann og fer me\u00f0 hann eins og korn: H\u00fan kl\u00fdfur hann me\u00f0 sver\u00f0i, s\u00e1ldrar honum me\u00f0 s\u00e1ldi, ristar hann \u00ed eldi, mylur hann me\u00f0 kvarnasteinum og s\u00e1ir honum yfir akurinn.<\/p><p>\u00deetta myndm\u00e1l hefur valdi\u00f0 \u00e1kafri umr\u00e6\u00f0u um hvort Baal-hringr\u00e1sin s\u00e9 landb\u00fana\u00f0arleg \u00e1rshringr\u00e1s \u00fear sem Mot t\u00e1knar \u00feurrkat\u00edmann e\u00f0a slegna korni\u00f0. Varf\u00e6rnari t\u00falkanir, me\u00f0al annars fr\u00e1 Mark S. Smith, vara vi\u00f0 a\u00f0 lesa textann of flj\u00f3tt sem hreint gr\u00f3\u00f0urdrama og benda \u00e1 hina p\u00f3lit\u00edsku og heimsfr\u00e6\u00f0ilegu hli\u00f0 \u00e1takanna.<\/p>\t\t\t\t\t\t\t\t<\/div>\n\t\t\t\t\t<\/div>\n\t\t\t\t<\/div>\n\t\t\t\t\t<\/div>\n\t\t\t\t<\/div>\n\t\t<div class=\"elementor-element elementor-element-cp21f32346 e-flex e-con-boxed e-con e-parent\" data-id=\"cp21f32346\" data-element_type=\"container\" data-e-type=\"container\">\n\t\t\t\t\t<div class=\"e-con-inner\">\n\t\t\t\t<div class=\"elementor-element elementor-element-cp2244ca44 elementor-widget elementor-widget-heading\" data-id=\"cp2244ca44\" data-element_type=\"widget\" data-e-type=\"widget\" data-widget_type=\"heading.default\">\n\t\t\t\t\t<h2 class=\"elementor-heading-title elementor-size-default\">Mot \u00ed Sanchuniaton og f\u00f6nik\u00edskri heimsmyndarfr\u00e6\u00f0i (kosm\u00f3g\u00f3n\u00edu)<\/h2>\t\t\t\t<\/div>\n\t\t<div class=\"elementor-element elementor-element-cp2b74897d e-flex e-con-boxed e-con e-child\" data-id=\"cp2b74897d\" data-element_type=\"container\" data-e-type=\"container\">\n\t\t\t\t\t<div class=\"e-con-inner\">\n\t\t\t\t<div class=\"elementor-element elementor-element-cp2eee7780 elementor-widget elementor-widget-text-editor\" data-id=\"cp2eee7780\" data-element_type=\"widget\" data-e-type=\"widget\" data-widget_type=\"text-editor.default\">\n\t\t\t\t\t\t\t\t\t<p>Auk \u00dagar\u00edt er til \u00f6nnur, gj\u00f6r\u00f3l\u00edk heimild \u00fear sem <em>Mot<\/em> kemur fram: f\u00f6nik\u00edska heimsmyndarfr\u00e6\u00f0in sem rith\u00f6fundurinn Filon fr\u00e1 Byblos var\u00f0veitti \u00e1 gr\u00edsku og rekur til meintrar fornrar heimildar sem kallast Sanchuniaton. \u00deessi texti er var\u00f0veittur eing\u00f6ngu \u00ed tilvitnunum kirkjuritara Evseb\u00edusar fr\u00e1 Sesareu \u00ed verki hans <em>Praeparatio evangelica<\/em>.<\/p><p>\u00cd \u00feessari heimsmyndarfr\u00e6\u00f0i er <em>Mot<\/em> ekki dau\u00f0ademon \u00ed einv\u00edgi, heldur upprunalegt frumefni. \u00dar sambandi vinds og glundro\u00f0a myndast sl\u00edmugur, votur massi, nefnilega Mot, sem s\u00ed\u00f0an spretta \u00far fr\u00e6 sk\u00f6punar og a\u00f0 lokum l\u00edfverur.<\/p><p>Sumir fr\u00e6\u00f0imenn hafa s\u00e9\u00f0 \u00ed \u00feessu einhvers konar \u201ele\u00f0ju\u201c e\u00f0a \u201erotnandi efni\u201c, a\u00f0rir hafa jafnvel tali\u00f0 gr\u00edska or\u00f0i\u00f0 vera afskrifa\u00f0 form annars hugtaks.<\/p><p>Samband \u00feessara tveggja Mot-mynda er \u00f3lj\u00f3st. Ekki er \u00f6ruggt hvort \u00fagar\u00edt\u00edski dau\u00f0agu\u00f0inn og f\u00f6nik\u00edska frumefni\u00f0 eru yfirleitt or\u00f0sifjafr\u00e6\u00f0ilega sami hluturinn, e\u00f0a hvort tv\u00f6 mismunandi or\u00f0 falla h\u00e9r saman. Sanchuniaton-<span class=\"iwg-fachbegriff\" data-tooltip=\"Mi\u00f0lun \u00feekkingar og fr\u00e1sagna milli kynsl\u00f3\u00f0a.\" tabindex=\"0\">arfsagan<\/span> sj\u00e1lf er auk \u00feess alr\u00e6mt erfi\u00f0ur texti: Lengi var h\u00fan talin s\u00ed\u00f0b\u00fain uppfinning, en eftir fundina \u00ed \u00dagar\u00edt er henni n\u00fa aftur veittur raunverulegur fornf\u00f6nik\u00edskur kjarni, \u00e1n \u00feess a\u00f0 hlutur s\u00ed\u00f0ari t\u00edma \u00farvinnslu s\u00e9 fyllilega lj\u00f3s. Fyrir Mot \u00fe\u00fd\u00f0ir \u00feetta a\u00f0 myndin stendur \u00e1 m\u00f3tum tveggja gj\u00f6r\u00f3l\u00edkra heimildaheima sem falla ekki \u00e1takalaust saman. Um andst\u00e6\u00f0ing hans \u00ed hringr\u00e1sinni sj\u00e1 einnig <a href=\"https:\/\/iwell-guard.com\/is\/yam-fonikiskur-hafgud\/\">Yam<\/a>.\t\t\t\t\t\t\t\t<\/div>\n\t\t\t\t\t<\/div>\n\t\t\t\t<\/div>\n\t\t\t\t\t<\/div>\n\t\t\t\t<\/div>\n\t\t<div class=\"elementor-element elementor-element-iwgw-motphoenix-lit e-flex e-con-boxed e-con e-parent\" data-id=\"iwgw-motphoenix-lit\" data-element_type=\"container\" data-e-type=\"container\">\n\t\t\t\t\t<div class=\"e-con-inner\">\n\t\t\t\t<div class=\"elementor-element elementor-element-iwgw-motphoenix-lith elementor-widget elementor-widget-heading\" data-id=\"iwgw-motphoenix-lith\" data-element_type=\"widget\" data-e-type=\"widget\" data-widget_type=\"heading.default\">\n\t\t\t\t\t<h2 class=\"elementor-heading-title elementor-size-default\">Heimildir (\u00farval)<\/h2>\t\t\t\t<\/div>\n\t\t<div class=\"elementor-element elementor-element-iwgw-motphoenix-litc e-con-full e-flex e-con e-child\" data-id=\"iwgw-motphoenix-litc\" data-element_type=\"container\" data-e-type=\"container\">\n\t\t\t\t<div class=\"elementor-element elementor-element-iwgw-motphoenix-litt elementor-widget elementor-widget-text-editor\" data-id=\"iwgw-motphoenix-litt\" data-element_type=\"widget\" data-e-type=\"widget\" data-widget_type=\"text-editor.default\">\n\t\t\t\t\t\t\t\t\t<div data-nosnippet=\"true\"><ul><li>Mark Smith \/ Wayne Pitard: <em>The Ugaritic Baal Cycle<\/em> (Leiden 1994\/2009)<\/li><li>Theodore Lewis: <em>Cults of the Dead in Ancient Israel and Ugarit<\/em> (Atlanta 1989)<\/li><li>John Day: <em>God&#8217;s Conflict with the Dragon and the Sea<\/em> (Cambridge 1985)<\/li><li>Mark Smith: <em>The Origins of Biblical Monotheism<\/em> (Oxford 2001)<\/li><li>Corinne Bonnet: <em>Les enfants de Cadmos<\/em> (Paris 2015)<\/li><li>Sabatino Moscati: <em>Die Ph\u00f6niker<\/em> (Stuttgart 1966)<\/li><\/ul><\/div>\t\t\t\t\t\t\t\t<\/div>\n\t\t\t\t<\/div>\n\t\t\t\t\t<\/div>\n\t\t\t\t<\/div>\n\t\t<div class=\"elementor-element elementor-element-iwgkw-add-motphoenix e-flex e-con-boxed e-con e-parent\" data-id=\"iwgkw-add-motphoenix\" data-element_type=\"container\" data-e-type=\"container\">\n\t\t\t\t\t<div class=\"e-con-inner\">\n\t\t\t\t<div class=\"elementor-element elementor-element-iwgkw-add-motphoenix-t elementor-widget elementor-widget-text-editor\" data-id=\"iwgkw-add-motphoenix-t\" data-element_type=\"widget\" data-e-type=\"widget\" data-widget_type=\"text-editor.default\">\n\t\t\t\t\t\t\t\t\t<p>Mot er l\u00fdst \u00ed \u00fagar\u00edt\u00edskum textum fr\u00e1 Ras Shamra sem <em>herra<\/em> undirheima, sem \u00ed Baal-hringr\u00e1sinni gl\u00edmir vi\u00f0 ve\u00f0urgu\u00f0inn um heimsskipulagi\u00f0. Nafn hans \u00fe\u00fd\u00f0ir einfaldlega \u201edau\u00f0i\u201c, og hann t\u00e1knar t\u00e6randi m\u00e1tt \u00feurrka, hungursney\u00f0ar og dau\u00f0a. \u00cd f\u00f6nik\u00edsk-kanaan\u00edskri tr\u00fa er hann \u00e1fram mi\u00f0l\u00e6g vera handan l\u00edfsins.<\/p>\t\t\t\t\t\t\t\t<\/div>\n\t\t\t\t\t<\/div>\n\t\t\t\t<\/div>\n\t\t<div class=\"elementor-element elementor-element-iwgkw2-add-motphoenix e-flex e-con-boxed e-con e-parent\" data-id=\"iwgkw2-add-motphoenix\" data-element_type=\"container\" data-e-type=\"container\">\n\t\t\t\t\t<div class=\"e-con-inner\">\n\t\t\t\t<div class=\"elementor-element elementor-element-iwgkw2-add-motphoenix-t elementor-widget elementor-widget-text-editor\" data-id=\"iwgkw2-add-motphoenix-t\" data-element_type=\"widget\" data-e-type=\"widget\" data-widget_type=\"text-editor.default\">\n\t\t\t\t\t\t\t\t\t<p>\u00cd Baal-hringr\u00e1sinni fr\u00e1 \u00dagar\u00edt telst Mot vera <em>f\u00f6nik\u00edskur<\/em> og samt\u00edmis <em>\u00fagar\u00edt\u00edskur<\/em> herra undirheima, en \u00e1t\u00f6k hans vi\u00f0 Baal t\u00e1kna skiptin milli \u00feurrkat\u00edma og regnt\u00edma.<\/p>\t\t\t\t\t\t\t\t<\/div>\n\t\t\t\t\t<\/div>\n\t\t\t\t<\/div>\n\t\t<div class=\"elementor-element elementor-element-iwgw-motphoenix-kwd e-flex e-con-boxed e-con e-parent\" data-id=\"iwgw-motphoenix-kwd\" data-element_type=\"container\" data-e-type=\"container\">\n\t\t\t\t\t<div class=\"e-con-inner\">\n\t\t<div class=\"elementor-element elementor-element-iwgw-motphoenix-kwdc e-con-full e-flex e-con e-child\" data-id=\"iwgw-motphoenix-kwdc\" data-element_type=\"container\" data-e-type=\"container\">\n\t\t\t\t<div class=\"elementor-element elementor-element-iwgw-motphoenix-kwdt elementor-widget elementor-widget-text-editor\" data-id=\"iwgw-motphoenix-kwdt\" data-element_type=\"widget\" data-e-type=\"widget\" data-widget_type=\"text-editor.default\">\n\t\t\t\t\t\t\t\t\t<p><em>Tengd kjarnahugt\u00f6k: Mot F\u00f6nik\u00edumenn dau\u00f0agu\u00f0 Baal-hringr\u00e1s Anat undirheimar \u00e1rst\u00ed\u00f0.<\/em><\/p>\t\t\t\t\t\t\t\t<\/div>\n\t\t\t\t<\/div>\n\t\t\t\t\t<\/div>\n\t\t\t\t<\/div>\n\t\t<div class=\"elementor-element elementor-element-iwgw-motphoenix-cc e-flex e-con-boxed e-con e-parent\" data-id=\"iwgw-motphoenix-cc\" data-element_type=\"container\" data-e-type=\"container\" id=\"iwg-cc-mot-phoenix\">\n\t\t\t\t\t<div class=\"e-con-inner\">\n\t\t<div class=\"elementor-element elementor-element-iwgw-motphoenix-ccinner e-flex e-con-boxed e-con e-parent\" data-id=\"iwgw-motphoenix-ccinner\" data-element_type=\"container\" data-e-type=\"container\" data-settings=\"{&quot;background_background&quot;:&quot;classic&quot;}\">\n\t\t\t\t\t<div class=\"e-con-inner\">\n\t\t\t\t<div class=\"elementor-element elementor-element-iwgw-motphoenix-cch elementor-widget elementor-widget-heading\" data-id=\"iwgw-motphoenix-cch\" data-element_type=\"widget\" data-e-type=\"widget\" data-widget_type=\"heading.default\">\n\t\t\t\t\t<h2 class=\"elementor-heading-title elementor-size-default\">iWell Guard og verndarhef\u00f0ir<\/h2>\t\t\t\t<\/div>\n\t\t\t\t<div class=\"elementor-element elementor-element-iwgw-motphoenix-cct elementor-widget elementor-widget-text-editor\" data-id=\"iwgw-motphoenix-cct\" data-element_type=\"widget\" data-e-type=\"widget\" data-widget_type=\"text-editor.default\">\n\t\t\t\t\t\t\t\t\t<div data-nosnippet=\"true\"><p>iWell Guard tengist menningars\u00f6gulegri hef\u00f0 fyrir verndargripum sem borin eru \u00e1 s\u00e9r, \u00ed hef\u00f0 <a href=\"https:\/\/iwell-guard.com\/is\/fonikiumenn-og-kartago-baal-tanit\/\">F\u00f6nik\u00edumanna<\/a> og margra annarra menningarheima um allan heim. 41 lag, alv\u00f6ru gull, plat\u00edna, silfur, framleitt \u00ed \u00de\u00fdskalandi. 30 daga skilar\u00e9ttur.<\/p><\/div>\t\t\t\t\t\t\t\t<\/div>\n\t\t\t\t<div class=\"elementor-element elementor-element-iwgw-motphoenix-ccb iwg-cc-button iwg-cc-cta-2026-05-13 elementor-widget elementor-widget-jet-button\" data-id=\"iwgw-motphoenix-ccb\" data-element_type=\"widget\" data-e-type=\"widget\" data-widget_type=\"jet-button.default\">\n\t\t\t\t<div class=\"elementor-widget-container\">\n\t\t\t\t\t<div class=\"elementor-jet-button jet-elements\"><div class=\"jet-button__container\"><a class=\"jet-button__instance jet-button__instance--icon-left hover-effect-1\" href=\"\/ueber-iwell-guard\/?utm_source=iwell-guard.com&amp;utm_medium=info-box&amp;utm_campaign=wesen-tradition\"><div class=\"jet-button__plane jet-button__plane-normal\"><\/div><div class=\"jet-button__plane jet-button__plane-hover\"><\/div><div class=\"jet-button__state jet-button__state-normal\"><span class=\"jet-button__label\">Meira um iWell Guard<\/span><\/div><div class=\"jet-button__state jet-button__state-hover\"><span class=\"jet-button__label\">Meira um iWell Guard<\/span><\/div><\/a><\/div><\/div><style>.elementor-element.elementor-element-iwgw-motphoenix-ccb .jet-button__instance{width:320px;height:56px;}.elementor-element.elementor-element-iwgw-motphoenix-ccb .jet-button__state-normal .jet-button__label{text-align:center;margin:0px 0px 0px 0px;color:#1a1b20;font-family:Montserrat,sans-serif;font-size:13px;font-weight:400;letter-spacing:4px;line-height:1.714em;text-transform:uppercase;}.elementor-element.elementor-element-iwgw-motphoenix-ccb .jet-button__state-hover .jet-button__label{text-align:center;margin:0px 0px 0px 0px;color:#FECC76;font-family:Montserrat,sans-serif;font-size:13px;font-weight:400;letter-spacing:4px;line-height:1.714em;text-transform:uppercase;}.elementor-element.elementor-element-iwgw-motphoenix-ccb .jet-button__plane-normal{background-color:#FECC76;border-style:solid;border-color:#C99540;border-width:2px 2px 2px 2px;}.elementor-element.elementor-element-iwgw-motphoenix-ccb .jet-button__plane-hover{background-color:rgba(0,0,0,0.55);border-style:solid;border-color:#FECC76;border-width:2px 2px 2px 2px;}<\/style>\t\t\t\t<\/div>\n\t\t\t\t<\/div>\n\t\t\t\t<div class=\"elementor-element elementor-element-iwgw-motphoenix-ccd elementor-widget elementor-widget-text-editor\" data-id=\"iwgw-motphoenix-ccd\" data-element_type=\"widget\" data-e-type=\"widget\" data-widget_type=\"text-editor.default\">\n\t\t\t\t\t\t\t\t\t<div data-nosnippet=\"true\"><p style=\"text-align:center;font-size:13px;opacity:0.7;margin-top:14px\" data-nosnippet=\"true\">Pers\u00f3nuleg reynsla getur veri\u00f0 mismunandi. Ekki l\u00e6kningat\u00e6ki. Engin lofor\u00f0 um l\u00e6kningu.<\/p><\/div>\t\t\t\t\t\t\t\t<\/div>\n\t\t\t\t\t<\/div>\n\t\t\t\t<\/div>\n\t\t\t\t\t<\/div>\n\t\t\t\t<\/div>\n\t\t<div class=\"elementor-element elementor-element-iwgw-motphoenix-disc e-flex e-con-boxed e-con e-parent\" data-id=\"iwgw-motphoenix-disc\" data-element_type=\"container\" data-e-type=\"container\">\n\t\t\t\t\t<div class=\"e-con-inner\">\n\t\t\t\t<div class=\"elementor-element elementor-element-iwgw-motphoenix-discw elementor-widget elementor-widget-html\" data-id=\"iwgw-motphoenix-discw\" data-element_type=\"widget\" data-e-type=\"widget\" data-widget_type=\"html.default\">\n\t\t\t\t\t<footer data-nosnippet=\"true\" class=\"iwg-disclaimer-block\"><p data-nosnippet=\"true\">iWell Guard er <strong>ekki l\u00e6kningat\u00e6ki<\/strong> og kemur ekki \u00ed sta\u00f0inn fyrir l\u00e6knis- e\u00f0a s\u00e1lfr\u00e6\u00f0ime\u00f0fer\u00f0. Tr\u00faarfr\u00e6\u00f0ilegt efni er menningars\u00f6gulegt samhengi, ekki r\u00e1\u00f0legging um andlega i\u00f0kun.<\/p><\/footer>\t\t\t\t<\/div>\n\t\t\t\t\t<\/div>\n\t\t\t\t<\/div>\n\t\t\t\t<\/div>\n\t\t","protected":false},"excerpt":{"rendered":"","protected":false},"author":3,"featured_media":2851,"parent":0,"menu_order":0,"comment_status":"closed","ping_status":"closed","template":"elementor_header_footer","meta":{"_yoast_wpseo_focuskw":"Mot F\u00f6nik\u00edumenn dau\u00f0agu\u00f0 Baal","_yoast_wpseo_title":"Mot \u2013 F\u00f6nik\u00edskur dau\u00f0agu\u00f0, Baal-hringr\u00e1sin","_yoast_wpseo_metadesc":"Mot er f\u00f6nik\u00edsk-\u00fagar\u00edskur dau\u00f0agu\u00f0 og sigrari Baals \u00ed Baal-hringr\u00e1sinni. Tr\u00faarfr\u00e6\u00f0ileg greining.","_yoast_wpseo_meta-robots-noindex":"","_yoast_wpseo_canonical":"","_angie_page":false,"gefaehrdungsstufe":"4","wesen_kultur":"phoenizisch","wesen_klasse":"goetter","footnotes":""},"categories":[],"class_list":["post-168976","page","type-page","status-publish","has-post-thumbnail","hentry"],"yoast_head":"<!-- This site is optimized with the Yoast SEO Premium plugin v27.7 (Yoast SEO v28.3) - https:\/\/yoast.com\/product\/yoast-seo-premium-wordpress\/ -->\n<title>Mot \u2013 F\u00f6nik\u00edskur dau\u00f0agu\u00f0, Baal-hringr\u00e1sin<\/title>\n<meta name=\"description\" content=\"Mot er f\u00f6nik\u00edsk-\u00fagar\u00edskur dau\u00f0agu\u00f0 og sigrari Baals \u00ed Baal-hringr\u00e1sinni. Tr\u00faarfr\u00e6\u00f0ileg greining.\" \/>\n<meta name=\"robots\" content=\"index, follow, max-snippet:-1, max-image-preview:large, max-video-preview:-1\" \/>\n<link rel=\"canonical\" href=\"https:\/\/iwell-guard.com\/is\/mot-fonikiskur-daudagud\/\" \/>\n<meta property=\"og:locale\" content=\"is_IS\" \/>\n<meta property=\"og:type\" content=\"article\" \/>\n<meta property=\"og:title\" content=\"Mot \u2013 F\u00f6nik\u00edskur dau\u00f0agu\u00f0\" \/>\n<meta property=\"og:description\" content=\"Mot er f\u00f6nik\u00edsk-\u00fagar\u00edskur dau\u00f0agu\u00f0 og sigrari Baals \u00ed Baal-hringr\u00e1sinni. Tr\u00faarfr\u00e6\u00f0ileg greining.\" \/>\n<meta property=\"og:url\" content=\"https:\/\/iwell-guard.com\/is\/mot-fonikiskur-daudagud\/\" \/>\n<meta property=\"og:site_name\" content=\"iWell Guard\" \/>\n<meta property=\"article:modified_time\" content=\"2026-09-05T14:28:44+00:00\" \/>\n<meta property=\"og:image\" content=\"https:\/\/iwell-guard.com\/wp-content\/uploads\/2026\/05\/goetter_phoenizisch_mot-phoenix.webp\" \/>\n\t<meta property=\"og:image:width\" content=\"1024\" \/>\n\t<meta property=\"og:image:height\" content=\"1536\" \/>\n\t<meta property=\"og:image:type\" content=\"image\/webp\" \/>\n<meta name=\"twitter:card\" content=\"summary_large_image\" \/>\n<script type=\"application\/ld+json\" class=\"yoast-schema-graph\">{\"@context\":\"https:\\\/\\\/schema.org\",\"@graph\":[{\"@type\":\"WebPage\",\"@id\":\"https:\\\/\\\/iwell-guard.com\\\/is\\\/mot-fonikiskur-daudagud\\\/\",\"url\":\"https:\\\/\\\/iwell-guard.com\\\/is\\\/mot-fonikiskur-daudagud\\\/\",\"name\":\"Mot \u2013 F\u00f6nik\u00edskur dau\u00f0agu\u00f0, Baal-hringr\u00e1sin\",\"isPartOf\":{\"@id\":\"https:\\\/\\\/iwell-guard.com\\\/is\\\/#website\"},\"primaryImageOfPage\":{\"@id\":\"https:\\\/\\\/iwell-guard.com\\\/is\\\/mot-fonikiskur-daudagud\\\/#primaryimage\"},\"image\":{\"@id\":\"https:\\\/\\\/iwell-guard.com\\\/is\\\/mot-fonikiskur-daudagud\\\/#primaryimage\"},\"thumbnailUrl\":\"https:\\\/\\\/iwell-guard.com\\\/wp-content\\\/uploads\\\/2026\\\/05\\\/goetter_phoenizisch_mot-phoenix.webp\",\"datePublished\":\"2026-09-05T14:04:32+00:00\",\"dateModified\":\"2026-09-05T14:28:44+00:00\",\"description\":\"Mot er f\u00f6nik\u00edsk-\u00fagar\u00edskur dau\u00f0agu\u00f0 og sigrari Baals \u00ed Baal-hringr\u00e1sinni. Tr\u00faarfr\u00e6\u00f0ileg greining.\",\"breadcrumb\":{\"@id\":\"https:\\\/\\\/iwell-guard.com\\\/is\\\/mot-fonikiskur-daudagud\\\/#breadcrumb\"},\"inLanguage\":\"is\",\"potentialAction\":[{\"@type\":\"ReadAction\",\"target\":[\"https:\\\/\\\/iwell-guard.com\\\/is\\\/mot-fonikiskur-daudagud\\\/\"]}]},{\"@type\":\"ImageObject\",\"inLanguage\":\"is\",\"@id\":\"https:\\\/\\\/iwell-guard.com\\\/is\\\/mot-fonikiskur-daudagud\\\/#primaryimage\",\"url\":\"https:\\\/\\\/iwell-guard.com\\\/wp-content\\\/uploads\\\/2026\\\/05\\\/goetter_phoenizisch_mot-phoenix.webp\",\"contentUrl\":\"https:\\\/\\\/iwell-guard.com\\\/wp-content\\\/uploads\\\/2026\\\/05\\\/goetter_phoenizisch_mot-phoenix.webp\",\"width\":1024,\"height\":1536,\"caption\":\"Gu\u00f0ir \u00far f\u00f6nik\u00edskri hef\u00f0.\"},{\"@type\":\"BreadcrumbList\",\"@id\":\"https:\\\/\\\/iwell-guard.com\\\/is\\\/mot-fonikiskur-daudagud\\\/#breadcrumb\",\"itemListElement\":[{\"@type\":\"ListItem\",\"position\":1,\"name\":\"Start\",\"item\":\"https:\\\/\\\/iwell-guard.com\\\/is\\\/?page_id=168580\"},{\"@type\":\"ListItem\",\"position\":2,\"name\":\"Mot \u2013 F\u00f6nik\u00edskur dau\u00f0agu\u00f0\"}]},{\"@type\":\"WebSite\",\"@id\":\"https:\\\/\\\/iwell-guard.com\\\/is\\\/#website\",\"url\":\"https:\\\/\\\/iwell-guard.com\\\/is\\\/\",\"name\":\"iWell Guard\",\"description\":\"Schutz vor dunklen Einfl\u00fcssen\",\"publisher\":{\"@id\":\"https:\\\/\\\/iwell-guard.com\\\/is\\\/#organization\"},\"potentialAction\":[{\"@type\":\"SearchAction\",\"target\":{\"@type\":\"EntryPoint\",\"urlTemplate\":\"https:\\\/\\\/iwell-guard.com\\\/is\\\/?s={search_term_string}\"},\"query-input\":{\"@type\":\"PropertyValueSpecification\",\"valueRequired\":true,\"valueName\":\"search_term_string\"}}],\"inLanguage\":\"is\"},{\"@type\":\"Organization\",\"@id\":\"https:\\\/\\\/iwell-guard.com\\\/is\\\/#organization\",\"name\":\"Ittermann electronic GmbH\",\"url\":\"https:\\\/\\\/iwell-guard.com\\\/is\\\/\",\"logo\":{\"@type\":\"ImageObject\",\"inLanguage\":\"is\",\"@id\":\"https:\\\/\\\/iwell-guard.com\\\/is\\\/#\\\/schema\\\/logo\\\/image\\\/\",\"url\":\"https:\\\/\\\/iwell-guard.com\\\/wp-content\\\/uploads\\\/2026\\\/05\\\/Ittermann-Logo-1182x237-1.png\",\"contentUrl\":\"https:\\\/\\\/iwell-guard.com\\\/wp-content\\\/uploads\\\/2026\\\/05\\\/Ittermann-Logo-1182x237-1.png\",\"width\":1182,\"height\":237,\"caption\":\"Ittermann electronic GmbH\"},\"image\":{\"@id\":\"https:\\\/\\\/iwell-guard.com\\\/is\\\/#\\\/schema\\\/logo\\\/image\\\/\"},\"sameAs\":[\"https:\\\/\\\/pantip.com\\\/profile\\\/9367242\",\"https:\\\/\\\/micro.blog\\\/iwellguard\",\"https:\\\/\\\/www.diggerslist.com\\\/iwellguard\\\/about\",\"https:\\\/\\\/skitterphoto.com\\\/photographers\\\/2870314\\\/iwell-guard\",\"https:\\\/\\\/iwellguard.wordpress.com\\\/2026\\\/06\\\/06\\\/iwell-guard\\\/\",\"https:\\\/\\\/hub.docker.com\\\/u\\\/iwellguard\",\"https:\\\/\\\/www.pinterest.com\\\/iwellguard\\\/\",\"https:\\\/\\\/bit.ly\\\/m\\\/iwellguard\",\"https:\\\/\\\/entre-vos-mains.alsace.eu\\\/profiles\\\/iwellguard\\\/activity\",\"https:\\\/\\\/gravatar.com\\\/reallybeded8fd34\",\"https:\\\/\\\/naijamatta.com\\\/iwellguard\",\"https:\\\/\\\/www.goodreads.com\\\/iwellguard\",\"https:\\\/\\\/profile.hatena.ne.jp\\\/iwellguard\\\/\",\"https:\\\/\\\/experiment.com\\\/users\\\/iwellguard\",\"https:\\\/\\\/wakelet.com\\\/@iWellGuard82270\",\"https:\\\/\\\/www.chordie.com\\\/forum\\\/profile.php?id=2555664\",\"https:\\\/\\\/www.instapaper.com\\\/p\\\/17757966\",\"https:\\\/\\\/www.mapleprimes.com\\\/users\\\/iwellguard\",\"https:\\\/\\\/businesslistingplus.com\\\/profile\\\/iwell-guard\\\/\",\"https:\\\/\\\/telegra.ph\\\/iWell-Guard-06-06\",\"https:\\\/\\\/pbase.com\\\/iwellguard\\\/iwellguard\",\"https:\\\/\\\/b.hatena.ne.jp\\\/iwellguard\\\/20260607#bookmark-4788405196491818882\",\"https:\\\/\\\/fliphtml5.com\\\/home\\\/iwellguard\",\"https:\\\/\\\/anyflip.com\\\/homepage\\\/cmiwl#About\",\"https:\\\/\\\/transfur.com\\\/Users\\\/iwellguard\",\"http:\\\/\\\/delphi.larsbo.org\\\/user\\\/iwellguard\",\"https:\\\/\\\/jobs.lajobsportal.org\\\/profiles\\\/8380803-iwell-guard\",\"https:\\\/\\\/md.chaosdorf.de\\\/s\\\/jfbe5SBdJD\",\"https:\\\/\\\/www.lingvolive.com\\\/en-us\\\/profile\\\/9ecaeaca-ce11-4e51-9e71-01d55e2bff36\\\/translations\",\"https:\\\/\\\/www.fitday.com\\\/fitness\\\/forums\\\/members\\\/iwellguard.html\",\"https:\\\/\\\/www.mymeetbook.com\\\/iwellguard\",\"https:\\\/\\\/pxhere.com\\\/en\\\/photographer-me\\\/5040798\",\"https:\\\/\\\/disqus.com\\\/by\\\/iwellguard\\\/about\\\/\",\"https:\\\/\\\/pastelink.net\\\/hjwciqwq\",\"https:\\\/\\\/pubhtml5.com\\\/homepage\\\/scjhn\\\/\",\"https:\\\/\\\/www.bitchute.com\\\/channel\\\/2O2eOKzNqujT\",\"https:\\\/\\\/audiomack.com\\\/iwellguard\"]},{\"@type\":\"Article\",\"@id\":\"https:\\\/\\\/iwell-guard.com\\\/is\\\/mot-fonikiskur-daudagud\\\/#article\",\"isPartOf\":{\"@id\":\"https:\\\/\\\/iwell-guard.com\\\/is\\\/mot-fonikiskur-daudagud\\\/\"},\"author\":{\"name\":\"Ralf Ittermann\",\"@id\":\"https:\\\/\\\/iwell-guard.com\\\/is\\\/#\\\/schema\\\/person\\\/ee2a27f1cac3406c7c6fb5820cb7349f\"},\"headline\":\"Mot \u2013 F\u00f6nik\u00edskur dau\u00f0agu\u00f0\",\"datePublished\":\"2026-09-05T14:04:32+00:00\",\"dateModified\":\"2026-09-05T14:28:44+00:00\",\"mainEntityOfPage\":{\"@id\":\"https:\\\/\\\/iwell-guard.com\\\/is\\\/mot-fonikiskur-daudagud\\\/\"},\"publisher\":{\"@id\":\"https:\\\/\\\/iwell-guard.com\\\/is\\\/#organization\"},\"image\":{\"@id\":\"https:\\\/\\\/iwell-guard.com\\\/is\\\/mot-fonikiskur-daudagud\\\/#primaryimage\"},\"thumbnailUrl\":\"https:\\\/\\\/iwell-guard.com\\\/wp-content\\\/uploads\\\/2026\\\/05\\\/goetter_phoenizisch_mot-phoenix.webp\",\"inLanguage\":\"is\",\"description\":\"Mot er f\u00f6nik\u00edsk-\u00fagar\u00edskur dau\u00f0agu\u00f0 og sigrari Baals \u00ed Baal-hringr\u00e1sinni. Tr\u00faarfr\u00e6\u00f0ileg greining.\"}]}<\/script>\n<!-- \/ Yoast SEO Premium plugin. -->","yoast_head_json":{"title":"Mot \u2013 F\u00f6nik\u00edskur dau\u00f0agu\u00f0, Baal-hringr\u00e1sin","description":"Mot er f\u00f6nik\u00edsk-\u00fagar\u00edskur dau\u00f0agu\u00f0 og sigrari Baals \u00ed Baal-hringr\u00e1sinni. Tr\u00faarfr\u00e6\u00f0ileg greining.","robots":{"index":"index","follow":"follow","max-snippet":"max-snippet:-1","max-image-preview":"max-image-preview:large","max-video-preview":"max-video-preview:-1"},"canonical":"https:\/\/iwell-guard.com\/is\/mot-fonikiskur-daudagud\/","og_locale":"is_IS","og_type":"article","og_title":"Mot \u2013 F\u00f6nik\u00edskur dau\u00f0agu\u00f0","og_description":"Mot er f\u00f6nik\u00edsk-\u00fagar\u00edskur dau\u00f0agu\u00f0 og sigrari Baals \u00ed Baal-hringr\u00e1sinni. Tr\u00faarfr\u00e6\u00f0ileg greining.","og_url":"https:\/\/iwell-guard.com\/is\/mot-fonikiskur-daudagud\/","og_site_name":"iWell Guard","article_modified_time":"2026-09-05T14:28:44+00:00","og_image":[{"width":1024,"height":1536,"url":"https:\/\/iwell-guard.com\/wp-content\/uploads\/2026\/05\/goetter_phoenizisch_mot-phoenix.webp","type":"image\/webp"}],"twitter_card":"summary_large_image","schema":{"@context":"https:\/\/schema.org","@graph":[{"@type":"Article","@id":"https:\/\/iwell-guard.com\/is\/mot-fonikiskur-daudagud\/#article","isPartOf":{"@id":"https:\/\/iwell-guard.com\/is\/mot-fonikiskur-daudagud\/"},"author":{"name":"Ralf Ittermann","@id":"https:\/\/iwell-guard.com\/is\/#\/schema\/person\/ee2a27f1cac3406c7c6fb5820cb7349f"},"headline":"Mot \u2013 F\u00f6nik\u00edskur dau\u00f0agu\u00f0","datePublished":"2026-09-05T14:04:32+00:00","dateModified":"2026-09-05T14:28:44+00:00","mainEntityOfPage":{"@id":"https:\/\/iwell-guard.com\/is\/mot-fonikiskur-daudagud\/"},"publisher":{"@id":"https:\/\/iwell-guard.com\/is\/#organization"},"image":{"@id":"https:\/\/iwell-guard.com\/is\/mot-fonikiskur-daudagud\/#primaryimage"},"thumbnailUrl":"https:\/\/iwell-guard.com\/wp-content\/uploads\/2026\/05\/goetter_phoenizisch_mot-phoenix.webp","inLanguage":"is","description":"Mot er f\u00f6nik\u00edsk-\u00fagar\u00edskur dau\u00f0agu\u00f0 og sigrari Baals \u00ed Baal-hringr\u00e1sinni. Tr\u00faarfr\u00e6\u00f0ileg greining."},{"@type":"WebPage","@id":"https:\/\/iwell-guard.com\/is\/mot-fonikiskur-daudagud\/","url":"https:\/\/iwell-guard.com\/is\/mot-fonikiskur-daudagud\/","name":"Mot \u2013 F\u00f6nik\u00edskur dau\u00f0agu\u00f0, Baal-hringr\u00e1sin","isPartOf":{"@id":"https:\/\/iwell-guard.com\/is\/#website"},"primaryImageOfPage":{"@id":"https:\/\/iwell-guard.com\/is\/mot-fonikiskur-daudagud\/#primaryimage"},"image":{"@id":"https:\/\/iwell-guard.com\/is\/mot-fonikiskur-daudagud\/#primaryimage"},"thumbnailUrl":"https:\/\/iwell-guard.com\/wp-content\/uploads\/2026\/05\/goetter_phoenizisch_mot-phoenix.webp","datePublished":"2026-09-05T14:04:32+00:00","dateModified":"2026-09-05T14:28:44+00:00","description":"Mot er f\u00f6nik\u00edsk-\u00fagar\u00edskur dau\u00f0agu\u00f0 og sigrari Baals \u00ed Baal-hringr\u00e1sinni. Tr\u00faarfr\u00e6\u00f0ileg greining.","breadcrumb":{"@id":"https:\/\/iwell-guard.com\/is\/mot-fonikiskur-daudagud\/#breadcrumb"},"inLanguage":"is","potentialAction":[{"@type":"ReadAction","target":["https:\/\/iwell-guard.com\/is\/mot-fonikiskur-daudagud\/"]}]},{"@type":"ImageObject","inLanguage":"is","@id":"https:\/\/iwell-guard.com\/is\/mot-fonikiskur-daudagud\/#primaryimage","url":"https:\/\/iwell-guard.com\/wp-content\/uploads\/2026\/05\/goetter_phoenizisch_mot-phoenix.webp","contentUrl":"https:\/\/iwell-guard.com\/wp-content\/uploads\/2026\/05\/goetter_phoenizisch_mot-phoenix.webp","width":1024,"height":1536,"caption":"Gu\u00f0ir \u00far f\u00f6nik\u00edskri hef\u00f0."},{"@type":"BreadcrumbList","@id":"https:\/\/iwell-guard.com\/is\/mot-fonikiskur-daudagud\/#breadcrumb","itemListElement":[{"@type":"ListItem","position":1,"name":"Start","item":"https:\/\/iwell-guard.com\/is\/?page_id=168580"},{"@type":"ListItem","position":2,"name":"Mot \u2013 F\u00f6nik\u00edskur dau\u00f0agu\u00f0"}]},{"@type":"WebSite","@id":"https:\/\/iwell-guard.com\/is\/#website","url":"https:\/\/iwell-guard.com\/is\/","name":"iWell Guard","description":"Schutz vor dunklen Einfl\u00fcssen","publisher":{"@id":"https:\/\/iwell-guard.com\/is\/#organization"},"potentialAction":[{"@type":"SearchAction","target":{"@type":"EntryPoint","urlTemplate":"https:\/\/iwell-guard.com\/is\/?s={search_term_string}"},"query-input":{"@type":"PropertyValueSpecification","valueRequired":true,"valueName":"search_term_string"}}],"inLanguage":"is"},{"@type":"Organization","@id":"https:\/\/iwell-guard.com\/is\/#organization","name":"Ittermann electronic GmbH","url":"https:\/\/iwell-guard.com\/is\/","logo":{"@type":"ImageObject","inLanguage":"is","@id":"https:\/\/iwell-guard.com\/is\/#\/schema\/logo\/image\/","url":"https:\/\/iwell-guard.com\/wp-content\/uploads\/2026\/05\/Ittermann-Logo-1182x237-1.png","contentUrl":"https:\/\/iwell-guard.com\/wp-content\/uploads\/2026\/05\/Ittermann-Logo-1182x237-1.png","width":1182,"height":237,"caption":"Ittermann electronic GmbH"},"image":{"@id":"https:\/\/iwell-guard.com\/is\/#\/schema\/logo\/image\/"},"sameAs":["https:\/\/pantip.com\/profile\/9367242","https:\/\/micro.blog\/iwellguard","https:\/\/www.diggerslist.com\/iwellguard\/about","https:\/\/skitterphoto.com\/photographers\/2870314\/iwell-guard","https:\/\/iwellguard.wordpress.com\/2026\/06\/06\/iwell-guard\/","https:\/\/hub.docker.com\/u\/iwellguard","https:\/\/www.pinterest.com\/iwellguard\/","https:\/\/bit.ly\/m\/iwellguard","https:\/\/entre-vos-mains.alsace.eu\/profiles\/iwellguard\/activity","https:\/\/gravatar.com\/reallybeded8fd34","https:\/\/naijamatta.com\/iwellguard","https:\/\/www.goodreads.com\/iwellguard","https:\/\/profile.hatena.ne.jp\/iwellguard\/","https:\/\/experiment.com\/users\/iwellguard","https:\/\/wakelet.com\/@iWellGuard82270","https:\/\/www.chordie.com\/forum\/profile.php?id=2555664","https:\/\/www.instapaper.com\/p\/17757966","https:\/\/www.mapleprimes.com\/users\/iwellguard","https:\/\/businesslistingplus.com\/profile\/iwell-guard\/","https:\/\/telegra.ph\/iWell-Guard-06-06","https:\/\/pbase.com\/iwellguard\/iwellguard","https:\/\/b.hatena.ne.jp\/iwellguard\/20260607#bookmark-4788405196491818882","https:\/\/fliphtml5.com\/home\/iwellguard","https:\/\/anyflip.com\/homepage\/cmiwl#About","https:\/\/transfur.com\/Users\/iwellguard","http:\/\/delphi.larsbo.org\/user\/iwellguard","https:\/\/jobs.lajobsportal.org\/profiles\/8380803-iwell-guard","https:\/\/md.chaosdorf.de\/s\/jfbe5SBdJD","https:\/\/www.lingvolive.com\/en-us\/profile\/9ecaeaca-ce11-4e51-9e71-01d55e2bff36\/translations","https:\/\/www.fitday.com\/fitness\/forums\/members\/iwellguard.html","https:\/\/www.mymeetbook.com\/iwellguard","https:\/\/pxhere.com\/en\/photographer-me\/5040798","https:\/\/disqus.com\/by\/iwellguard\/about\/","https:\/\/pastelink.net\/hjwciqwq","https:\/\/pubhtml5.com\/homepage\/scjhn\/","https:\/\/www.bitchute.com\/channel\/2O2eOKzNqujT","https:\/\/audiomack.com\/iwellguard"]},{"@type":"Person","@id":"https:\/\/iwell-guard.com\/is\/#\/schema\/person\/ee2a27f1cac3406c7c6fb5820cb7349f","name":"Ralf Ittermann","image":{"@type":"ImageObject","inLanguage":"is","@id":"https:\/\/secure.gravatar.com\/avatar\/073c0153e350a5005b68eb752b445fea71f6b24a26da9449ad7e155e6b446c9d?s=96&d=mm&r=g","url":"https:\/\/secure.gravatar.com\/avatar\/073c0153e350a5005b68eb752b445fea71f6b24a26da9449ad7e155e6b446c9d?s=96&d=mm&r=g","contentUrl":"https:\/\/secure.gravatar.com\/avatar\/073c0153e350a5005b68eb752b445fea71f6b24a26da9449ad7e155e6b446c9d?s=96&d=mm&r=g","caption":"Ralf Ittermann"},"givenName":"Ralf","familyName":"Ittermann","jobTitle":"Gesch\u00e4ftsf\u00fchrer und redaktioneller Verantwortlicher","url":"https:\/\/iwell-guard.com\/is\/author\/claude\/","description":"Ralf Ittermann ist Gesch\u00e4ftsf\u00fchrer der Ittermann electronic GmbH und redaktioneller Verantwortlicher des iWell-Guard-Lexikons. Er verbindet langj\u00e4hrige Erfahrung in der Pr\u00e4zisionsfertigung mit medialer Praxis und religionsgeschichtlicher Quellenarbeit.","worksFor":{"@type":"Organization","name":"Ittermann electronic GmbH","url":"https:\/\/ittermann.de\/","address":{"@type":"PostalAddress","streetAddress":"K\u00f6hlergasse 16-18","postalCode":"99842","addressLocality":"Ruhla","addressCountry":"DE"}},"knowsAbout":["Religionsgeschichte","Mythologie","Mediale Praxis","Energetische Diagnostik","Schutzpraxis","Volksglauben","Westliche Esoterik"]},{"@type":"Article","@id":"https:\/\/iwell-guard.com\/is\/mot-fonikiskur-daudagud\/#article","isPartOf":{"@id":"https:\/\/iwell-guard.com\/is\/mot-fonikiskur-daudagud\/"},"author":{"name":"Ralf Ittermann","@id":"https:\/\/iwell-guard.com\/is\/#\/schema\/person\/ee2a27f1cac3406c7c6fb5820cb7349f"},"headline":"Mot \u2013 F\u00f6nik\u00edskur dau\u00f0agu\u00f0","datePublished":"2026-09-05T14:04:32+00:00","dateModified":"2026-09-05T14:28:44+00:00","mainEntityOfPage":{"@id":"https:\/\/iwell-guard.com\/is\/mot-fonikiskur-daudagud\/"},"publisher":{"@id":"https:\/\/iwell-guard.com\/is\/#organization"},"image":{"@id":"https:\/\/iwell-guard.com\/is\/mot-fonikiskur-daudagud\/#primaryimage"},"thumbnailUrl":"https:\/\/iwell-guard.com\/wp-content\/uploads\/2026\/05\/goetter_phoenizisch_mot-phoenix.webp","inLanguage":"is","description":"Mot er f\u00f6nik\u00edsk-\u00fagar\u00edskur dau\u00f0agu\u00f0 og sigrari Baals \u00ed Baal-hringr\u00e1sinni. Tr\u00faarfr\u00e6\u00f0ileg greining."}]}},"_links":{"self":[{"href":"https:\/\/iwell-guard.com\/is\/wp-json\/wp\/v2\/pages\/168976","targetHints":{"allow":["GET"]}}],"collection":[{"href":"https:\/\/iwell-guard.com\/is\/wp-json\/wp\/v2\/pages"}],"about":[{"href":"https:\/\/iwell-guard.com\/is\/wp-json\/wp\/v2\/types\/page"}],"author":[{"embeddable":true,"href":"https:\/\/iwell-guard.com\/is\/wp-json\/wp\/v2\/users\/3"}],"replies":[{"embeddable":true,"href":"https:\/\/iwell-guard.com\/is\/wp-json\/wp\/v2\/comments?post=168976"}],"version-history":[{"count":0,"href":"https:\/\/iwell-guard.com\/is\/wp-json\/wp\/v2\/pages\/168976\/revisions"}],"wp:featuredmedia":[{"embeddable":true,"href":"https:\/\/iwell-guard.com\/is\/wp-json\/wp\/v2\/media\/2851"}],"wp:attachment":[{"href":"https:\/\/iwell-guard.com\/is\/wp-json\/wp\/v2\/media?parent=168976"}],"wp:term":[{"taxonomy":"category","embeddable":true,"href":"https:\/\/iwell-guard.com\/is\/wp-json\/wp\/v2\/categories?post=168976"}],"curies":[{"name":"wp","href":"https:\/\/api.w.org\/{rel}","templated":true}]}}