{"id":168975,"date":"2026-09-05T14:04:31","date_gmt":"2026-09-05T14:04:31","guid":{"rendered":"https:\/\/iwell-guard.com\/?page_id=168975"},"modified":"2026-09-05T14:27:50","modified_gmt":"2026-09-05T14:27:50","slug":"yam-fonikiskur-hafgud","status":"publish","type":"page","link":"https:\/\/iwell-guard.com\/is\/yam-fonikiskur-hafgud\/","title":{"rendered":"Yam \u2013 F\u00f6nik\u00edskur hafgu\u00f0"},"content":{"rendered":"\t\t<div data-elementor-type=\"wp-page\" data-elementor-id=\"168975\" class=\"elementor elementor-168975 elementor-2630 elementor-bc-flex-widget\" data-elementor-post-type=\"page\">\n\t\t\t\t<div class=\"elementor-element elementor-element-iwgw-yam-hero e-flex e-con-boxed e-con e-parent\" data-id=\"iwgw-yam-hero\" data-element_type=\"container\" data-e-type=\"container\" data-settings=\"{&quot;background_background&quot;:&quot;classic&quot;}\">\n\t\t\t\t\t<div class=\"e-con-inner\">\n\t\t<div class=\"elementor-element elementor-element-iwgw-yam-hl e-flex e-con-boxed e-con e-child\" data-id=\"iwgw-yam-hl\" data-element_type=\"container\" data-e-type=\"container\">\n\t\t\t\t\t<div class=\"e-con-inner\">\n\t\t<div class=\"elementor-element elementor-element-iwgw-yam-htxt e-con-full e-flex e-con e-child\" data-id=\"iwgw-yam-htxt\" data-element_type=\"container\" data-e-type=\"container\">\n\t\t\t\t<div class=\"elementor-element elementor-element-iwgw-yam-h1 elementor-widget elementor-widget-heading\" data-id=\"iwgw-yam-h1\" data-element_type=\"widget\" data-e-type=\"widget\" data-widget_type=\"heading.default\">\n\t\t\t\t\t<h1 class=\"elementor-heading-title elementor-size-default\">Yam, f\u00f6nik\u00edsk-\u00fagar\u00edt\u00edskur hafgu\u00f0 og andst\u00e6\u00f0ingur Baals<\/h1>\t\t\t\t<\/div>\n\t\t\t\t<div class=\"elementor-element elementor-element-iwgw-yam-lead elementor-widget elementor-widget-text-editor\" data-id=\"iwgw-yam-lead\" data-element_type=\"widget\" data-e-type=\"widget\" data-widget_type=\"text-editor.default\">\n\t\t\t\t\t\t\t\t\t<p>Yam (\u00e1 \u00fagar\u00edt\u00edsku <em>ym<\/em>, \u00e1 f\u00f6nik\u00edsku <em>ym<\/em>) er hafgu\u00f0 \u00fagar\u00edt\u00edsk-f\u00f6nik\u00edskrar hef\u00f0ar og h\u00f6fu\u00f0andst\u00e6\u00f0ingur <a href=\"https:\/\/iwell-guard.com\/is\/?page_id=168969\">Baals<\/a> \u00ed Baal-hringr\u00e1sinni. Fall hans markar upphaf hinnar gu\u00f0legu skipulagsheildar; hann tilheyrir \u00e6tt \u00f3rei\u00f0uvera \u00ed fornaustr\u00e6nni <span class=\"iwg-fachbegriff\" data-tooltip=\"Heild \u00feeirra go\u00f0sagna sem var\u00f0veist hafa \u00far menningu.\" tabindex=\"0\">go\u00f0afr\u00e6\u00f0i<\/span>.<\/p>\t\t\t\t\t\t\t\t<\/div>\n\t\t\t\t<\/div>\n\t\t<div class=\"elementor-element elementor-element-iwgw-yam-pillc e-con-full e-flex e-con e-child\" data-id=\"iwgw-yam-pillc\" data-element_type=\"container\" data-e-type=\"container\">\n\t\t\t\t<div class=\"elementor-element elementor-element-iwgw-yam-pills elementor-widget elementor-widget-html\" data-id=\"iwgw-yam-pills\" data-element_type=\"widget\" data-e-type=\"widget\" data-widget_type=\"html.default\">\n\t\t\t\t\t<div class=\"iwg-pill-row\"><span class=\"iwg-klasse-badge\" tabindex=\"0\" data-tooltip=\"Hafvera f\u00f6nik\u00edskrar hef\u00f0ar.\">Hafvera<\/span><a href=\"https:\/\/iwell-guard.com\/is\/fonikiumenn-og-kartago-baal-tanit\/\" class=\"iwg-kultur-badge\" tabindex=\"0\" data-tooltip=\"Go\u00f0afr\u00e6\u00f0i f\u00f6nik\u00edskrar hef\u00f0ar.\">F\u00f6nik\u00edsk<\/a><span class=\"iwg-tradition-badge\" tabindex=\"0\" data-tooltip=\"Hafgu\u00f0.\">Hafgu\u00f0<\/span><\/div>\t\t\t\t<\/div>\n\t\t\t\t<\/div>\n\t\t<div class=\"elementor-element elementor-element-iwgw-yam-tocc e-con-full e-flex e-con e-child\" data-id=\"iwgw-yam-tocc\" data-element_type=\"container\" data-e-type=\"container\">\n\t\t\t\t<div class=\"elementor-element elementor-element-iwgw-yam-toc elementor-toc--minimized-on-tablet elementor-widget elementor-widget-table-of-contents\" data-id=\"iwgw-yam-toc\" data-element_type=\"widget\" data-e-type=\"widget\" data-settings=\"{&quot;headings_by_tags&quot;:[&quot;h2&quot;,&quot;h3&quot;],&quot;minimize_box&quot;:&quot;yes&quot;,&quot;marker_view&quot;:&quot;bullets&quot;,&quot;no_headings_message&quot;:&quot;Engar undirfyrirsagnir fundust \\u00e1 \\u00feessari s\\u00ed\\u00f0u.&quot;,&quot;exclude_headings_by_selector&quot;:[],&quot;icon&quot;:{&quot;value&quot;:&quot;fas fa-circle&quot;,&quot;library&quot;:&quot;fa-solid&quot;,&quot;rendered_tag&quot;:&quot;&lt;svg class=\\&quot;e-font-icon-svg e-fas-circle\\&quot; viewBox=\\&quot;0 0 512 512\\&quot; xmlns=\\&quot;http:\\\/\\\/www.w3.org\\\/2000\\\/svg\\&quot;&gt;&lt;path d=\\&quot;M256 8C119 8 8 119 8 256s111 248 248 248 248-111 248-248S393 8 256 8z\\&quot;&gt;&lt;\\\/path&gt;&lt;\\\/svg&gt;&quot;},&quot;minimized_on&quot;:&quot;tablet&quot;,&quot;hierarchical_view&quot;:&quot;yes&quot;,&quot;min_height&quot;:{&quot;unit&quot;:&quot;px&quot;,&quot;size&quot;:&quot;&quot;,&quot;sizes&quot;:[]},&quot;min_height_tablet&quot;:{&quot;unit&quot;:&quot;px&quot;,&quot;size&quot;:&quot;&quot;,&quot;sizes&quot;:[]},&quot;min_height_mobile&quot;:{&quot;unit&quot;:&quot;px&quot;,&quot;size&quot;:&quot;&quot;,&quot;sizes&quot;:[]}}\" data-widget_type=\"table-of-contents.default\">\n\t\t\t\t\t\t\t\t\t<div class=\"elementor-toc__header\">\n\t\t\t\t\t\t<h2 class=\"elementor-toc__header-title\">\n\t\t\t\tEfnisyfirlit\t\t\t<\/h2>\n\t\t\t\t\t\t\t\t\t\t<div class=\"elementor-toc__toggle-button elementor-toc__toggle-button--expand\" role=\"button\" tabindex=\"0\" aria-controls=\"elementor-toc__iwgw-yam-toc\" aria-expanded=\"true\" aria-label=\"Open table of contents\"><svg aria-hidden=\"true\" class=\"e-font-icon-svg e-fas-chevron-down\" viewBox=\"0 0 448 512\" xmlns=\"http:\/\/www.w3.org\/2000\/svg\"><path d=\"M207.029 381.476L12.686 187.132c-9.373-9.373-9.373-24.569 0-33.941l22.667-22.667c9.357-9.357 24.522-9.375 33.901-.04L224 284.505l154.745-154.021c9.379-9.335 24.544-9.317 33.901.04l22.667 22.667c9.373 9.373 9.373 24.569 0 33.941L240.971 381.476c-9.373 9.372-24.569 9.372-33.942 0z\"><\/path><\/svg><\/div>\n\t\t\t\t<div class=\"elementor-toc__toggle-button elementor-toc__toggle-button--collapse\" role=\"button\" tabindex=\"0\" aria-controls=\"elementor-toc__iwgw-yam-toc\" aria-expanded=\"true\" aria-label=\"Close table of contents\"><svg aria-hidden=\"true\" class=\"e-font-icon-svg e-fas-chevron-up\" viewBox=\"0 0 448 512\" xmlns=\"http:\/\/www.w3.org\/2000\/svg\"><path d=\"M240.971 130.524l194.343 194.343c9.373 9.373 9.373 24.569 0 33.941l-22.667 22.667c-9.357 9.357-24.522 9.375-33.901.04L224 227.495 69.255 381.516c-9.379 9.335-24.544 9.317-33.901-.04l-22.667-22.667c-9.373-9.373-9.373-24.569 0-33.941L207.03 130.525c9.372-9.373 24.568-9.373 33.941-.001z\"><\/path><\/svg><\/div>\n\t\t\t\t\t<\/div>\n\t\t\t\t<div id=\"elementor-toc__iwgw-yam-toc\" class=\"elementor-toc__body\">\n\t\t\t<div class=\"elementor-toc__spinner-container\">\n\t\t\t\t<svg class=\"elementor-toc__spinner eicon-animation-spin e-font-icon-svg e-eicon-loading\" aria-hidden=\"true\" viewBox=\"0 0 1000 1000\" xmlns=\"http:\/\/www.w3.org\/2000\/svg\"><path d=\"M500 975V858C696 858 858 696 858 500S696 142 500 142 142 304 142 500H25C25 237 238 25 500 25S975 237 975 500 763 975 500 975Z\"><\/path><\/svg>\t\t\t<\/div>\n\t\t<\/div>\n\t\t\t\t\t\t<\/div>\n\t\t\t\t<\/div>\n\t\t\t\t\t<\/div>\n\t\t\t\t<\/div>\n\t\t<div class=\"elementor-element elementor-element-iwgw-yam-hr e-con-full e-flex e-con e-child\" data-id=\"iwgw-yam-hr\" data-element_type=\"container\" data-e-type=\"container\">\n\t\t\t\t<div class=\"elementor-element elementor-element-iwgw-yam-heroimg iwg-hero-image elementor-widget elementor-widget-image\" data-id=\"iwgw-yam-heroimg\" data-element_type=\"widget\" data-e-type=\"widget\" data-widget_type=\"image.default\">\n\t\t\t\t\t\t\t\t\t\t\t\t\t\t\t<img fetchpriority=\"high\" decoding=\"async\" width=\"683\" height=\"1024\" src=\"https:\/\/iwell-guard.com\/wp-content\/uploads\/2026\/05\/goetter_phoenizisch_yam-683x1024.webp\" class=\"attachment-large size-large wp-image-170803\" alt=\"Yam - Gu\u00f0 \u00far F\u00f6nik\u00edu-hef\u00f0inni, s\u00f6gulega myndr\u00e6nt\" srcset=\"https:\/\/iwell-guard.com\/wp-content\/uploads\/2026\/05\/goetter_phoenizisch_yam-683x1024.webp 683w, https:\/\/iwell-guard.com\/wp-content\/uploads\/2026\/05\/goetter_phoenizisch_yam-200x300.webp 200w, https:\/\/iwell-guard.com\/wp-content\/uploads\/2026\/05\/goetter_phoenizisch_yam-768x1152.webp 768w, https:\/\/iwell-guard.com\/wp-content\/uploads\/2026\/05\/goetter_phoenizisch_yam.webp 1024w\" sizes=\"(max-width: 683px) 100vw, 683px\" \/>\t\t\t\t\t\t\t\t\t\t\t\t\t\t\t<\/div>\n\t\t\t\t<\/div>\n\t\t\t\t\t<\/div>\n\t\t\t\t<\/div>\n\t\t\t\t<section class=\"elementor-section elementor-top-section elementor-element elementor-element-sec-iwgcomp2-yam elementor-section-boxed elementor-section-height-default elementor-section-height-default\" data-id=\"sec-iwgcomp2-yam\" data-element_type=\"section\" data-e-type=\"section\">\n\t\t\t\t\t\t<div class=\"elementor-container elementor-column-gap-default\">\n\t\t\t\t\t<div class=\"elementor-column elementor-col-100 elementor-top-column elementor-element elementor-element-col-iwgcomp2-yam\" data-id=\"col-iwgcomp2-yam\" data-element_type=\"column\" data-e-type=\"column\">\n\t\t\t<div class=\"elementor-widget-wrap elementor-element-populated\">\n\t\t\t\t\t\t<div class=\"elementor-element elementor-element-iwgcomp2-yam elementor-widget elementor-widget-text-editor\" data-id=\"iwgcomp2-yam\" data-element_type=\"widget\" data-e-type=\"widget\" data-widget_type=\"text-editor.default\">\n\t\t\t\t\t\t\t\t\t<p>Yam er <strong>f\u00f6nik\u00edsk-\u00fagar\u00edt\u00edskur<\/strong> hafgu\u00f0 og andst\u00e6\u00f0ingur Baals \u00ed Baal-hringr\u00e1sinni.<\/p>\t\t\t\t\t\t\t\t<\/div>\n\t\t\t\t\t<\/div>\n\t\t<\/div>\n\t\t\t\t\t<\/div>\n\t\t<\/section>\n\t\t<div class=\"elementor-element elementor-element-iwgw-yam-s0 e-flex e-con-boxed e-con e-parent\" data-id=\"iwgw-yam-s0\" data-element_type=\"container\" data-e-type=\"container\">\n\t\t\t\t\t<div class=\"e-con-inner\">\n\t\t\t\t<div class=\"elementor-element elementor-element-iwgw-yam-s0h elementor-widget elementor-widget-heading\" data-id=\"iwgw-yam-s0h\" data-element_type=\"widget\" data-e-type=\"widget\" data-widget_type=\"heading.default\">\n\t\t\t\t\t<h2 class=\"elementor-heading-title elementor-size-default\">Greining og skammrit<\/h2>\t\t\t\t<\/div>\n\t\t<div class=\"elementor-element elementor-element-iwgw-yam-s0c e-con-full e-flex e-con e-child\" data-id=\"iwgw-yam-s0c\" data-element_type=\"container\" data-e-type=\"container\">\n\t\t\t\t<div class=\"elementor-element elementor-element-iwgw-yam-s0t elementor-widget elementor-widget-text-editor\" data-id=\"iwgw-yam-s0t\" data-element_type=\"widget\" data-e-type=\"widget\" data-widget_type=\"text-editor.default\">\n\t\t\t\t\t\t\t\t\t<p>Yam er f\u00f6nik\u00edsk-kanaan\u00edsk birtingarmynd hins \u00f3rei\u00f0ukennda hafs. Mark Smith s\u00fdndi \u00ed <em>The Ugaritic Baal Cycle<\/em> (1994\/2009) a\u00f0 Yam er hin mi\u00f0l\u00e6ga andst\u00e6\u00f0upers\u00f3na \u00ed Baal-hringr\u00e1sinni, en fall hans l\u00f6gfestir konungd\u00f3m <a href=\"https:\/\/iwell-guard.com\/is\/?page_id=168969\">Baals<\/a>. Innan <a href=\"https:\/\/iwell-guard.com\/is\/fonikiumenn-og-kartago-baal-tanit\/\">f\u00f6nik\u00edsku hef\u00f0arinnar<\/a> er Yam frummynd \u00f3rei\u00f0ugu\u00f0s hafsins.<\/p><p>Tr\u00faarfr\u00e6\u00f0ilega s\u00e9\u00f0 er Yam d\u00e6miger\u00f0ur fyrir hi\u00f0 gu\u00f0lega \u00f3rei\u00f0uvatn sem kemur fyrir \u00ed n\u00e6r \u00f6llum go\u00f0afr\u00e6\u00f0um Vestur-As\u00edu: T\u00edamat \u00ed Mes\u00f3p\u00f3tam\u00edu, Aps\u00fa, \u00e1t\u00f6kin milli Marduks og T\u00edamat, <a href=\"https:\/\/iwell-guard.com\/is\/?page_id=168967\">Hedammu<\/a> \u00ed <a href=\"https:\/\/iwell-guard.com\/is\/hettitar-anatolia-tarhunna-vernd\/\">h\u00farr\u00edskri hef\u00f0<\/a>, Typhon \u00ed Grikklandi. \u00deessir \u00f3rei\u00f0uvatnsgu\u00f0ir eru ekki einfaldlega illir, heldur tv\u00edr\u00e6\u00f0ar heimsverur sem yfirbugun \u00feeirra kemur \u00e1 gu\u00f0legri skipulagsheild.<\/p><p>\u00d3l\u00edkt <a href=\"https:\/\/iwell-guard.com\/is\/?page_id=168967\">Hedammu<\/a> e\u00f0a <a href=\"https:\/\/iwell-guard.com\/is\/?page_id=168966\">Ullikummi<\/a> er Yam fullgildur gu\u00f0; hann hefur eigin h\u00f6ll, sendibo\u00f0a og gerir kr\u00f6fu til konungd\u00f3ms. \u00d3sigur hans gegn Baal er ekki tort\u00edming \u00f3v\u00e6ttar, heldur \u00farslit \u00ed gu\u00f0legri konungsbar\u00e1ttu. \u00deessi gu\u00f0fr\u00e6\u00f0ilegi munur er tr\u00faarfr\u00e6\u00f0ilega mikilv\u00e6gur og a\u00f0greinir \u00fagar\u00edt\u00edsk-f\u00f6nik\u00edsku hef\u00f0ina fr\u00e1 hinni h\u00farr\u00edsku.<\/p><p>S\u00e9rst\u00f6k gu\u00f0fr\u00e6\u00f0ileg bl\u00e6brig\u00f0i \u00ed \u00e1t\u00f6kum Baals og Yams felast \u00ed \u00fev\u00ed a\u00f0 Yam er upphaflega \u00fatnefndur konungur me\u00f0 l\u00f6gm\u00e6tum h\u00e6tti af El, hinum aldra\u00f0a f\u00f6\u00f0urgu\u00f0i. Uppganga Baals \u00e1 s\u00e9r \u00fev\u00ed sta\u00f0 gegn hinni fastsettu gu\u00f0legu stigveldisskipan, ekki \u00ed samr\u00e6mi vi\u00f0 hana. \u00deetta sm\u00e1atri\u00f0i undirstrikar hina byltingarkenndu <span class=\"iwg-fachbegriff\" data-tooltip=\"Fr\u00e6\u00f0ileg kenning um gu\u00f0 og tr\u00fa tiltekinna tr\u00faarbrag\u00f0a.\" tabindex=\"0\">gu\u00f0fr\u00e6\u00f0i<\/span> Baal-hringr\u00e1sarins, sem kemur \u00e1 n\u00fdrri gu\u00f0askipan.<\/p><p>\u00deessi gu\u00f0fr\u00e6\u00f0ilega samsetning, me\u00f0 r\u00edkjandi konungi (Yam) og byltingarkenndum stormgu\u00f0i (Baal), hefur n\u00e1kv\u00e6mar hli\u00f0st\u00e6\u00f0ur \u00ed het\u00edska Kumarbi-hringnum, \u00fear sem <a href=\"https:\/\/iwell-guard.com\/is\/?page_id=168963\">Teshub<\/a> r\u00edst gegn hinum fastsetta f\u00f6\u00f0urgu\u00f0i <a href=\"https:\/\/iwell-guard.com\/is\/?page_id=168962\">Kumarbi<\/a>. Tr\u00faars\u00f6gulegt samband hins austurhluta Mi\u00f0jar\u00f0arhafssv\u00e6\u00f0is \u00e1 s\u00ed\u00f0brons\u00f6ld er h\u00e9r s\u00e9rlega \u00fe\u00e9ttri\u00f0i\u00f0.<\/p>\t\t\t\t\t\t\t\t<\/div>\n\t\t\t\t<\/div>\n\t\t\t\t\t<\/div>\n\t\t\t\t<\/div>\n\t\t<div class=\"elementor-element elementor-element-iwgw-yam-s1 e-flex e-con-boxed e-con e-parent\" data-id=\"iwgw-yam-s1\" data-element_type=\"container\" data-e-type=\"container\">\n\t\t\t\t\t<div class=\"e-con-inner\">\n\t\t\t\t<div class=\"elementor-element elementor-element-iwgw-yam-s1h elementor-widget elementor-widget-heading\" data-id=\"iwgw-yam-s1h\" data-element_type=\"widget\" data-e-type=\"widget\" data-widget_type=\"heading.default\">\n\t\t\t\t\t<h2 class=\"elementor-heading-title elementor-size-default\">Nafn og or\u00f0sifjar<\/h2>\t\t\t\t<\/div>\n\t\t<div class=\"elementor-element elementor-element-iwgw-yam-s1c e-con-full e-flex e-con e-child\" data-id=\"iwgw-yam-s1c\" data-element_type=\"container\" data-e-type=\"container\">\n\t\t\t\t<div class=\"elementor-element elementor-element-iwgw-yam-s1t elementor-widget elementor-widget-text-editor\" data-id=\"iwgw-yam-s1t\" data-element_type=\"widget\" data-e-type=\"widget\" data-widget_type=\"text-editor.default\">\n\t\t\t\t\t\t\t\t\t<p>Nafni\u00f0 <em>ym<\/em> er hi\u00f0 almenna vestursem\u00edt\u00edska or\u00f0 fyrir &#8216;haf&#8217;; Yam er \u00feannig b\u00f3kstaflega &#8216;hafi\u00f0&#8217; sj\u00e1lft. \u00deessi samsemd gu\u00f0snafns og heimsfr\u00e6\u00f0ilegrar hugtaksflokkunar er d\u00e6miger\u00f0 fyrir fornaustr\u00e6nar go\u00f0genisl\u00fdsingar. \u00c1 akkad\u00edsku v\u00e6ri hli\u00f0st\u00e6\u00f0an <em>t\u00e2mtu<\/em> (T\u00edamat); \u00e1 hebresku <em>y\u0101m<\/em> (me\u00f0 s\u00f6mu or\u00f0sifjafr\u00e6\u00f0i, en er ekki pers\u00f3nuger\u00f0 sem gu\u00f0).<\/p><p>\u00cd \u00fagar\u00edt\u00edskum textum kemur Yam fram undir m\u00f6rgum vi\u00f0urnefnum: <em>zbl ym<\/em> &#8216;fursti Yam&#8217;, <em>tp\u1e6d nhr<\/em> &#8216;d\u00f3mari Flj\u00f3t&#8217;, <em>\u02beyl rbn<\/em> &#8216;m\u00e1ttugur gu\u00f0&#8217; og <em>tnn<\/em> &#8216;Tannin&#8217; (sj\u00e1vardreki). \u00deessi fj\u00f6lnefning endurspeglar hina heimsfr\u00e6\u00f0ilegu fj\u00f6lvirkni: Yam er haf, flj\u00f3t, dreki og konungskrefjandi \u00ed senn.<\/p><p>\u00cd hebreska efninu kemur Yam fram sem heimsleg andst\u00e6\u00f0a Jahve \u00ed nokkrum s\u00e1lmum og sp\u00e1d\u00f3mstextum (Sl 74; Sl 89; Jes 27; Hab 3); b\u00e6\u00f0i Livjatan (Lev\u00edatan) og Tannin tilheyra hinni v\u00ed\u00f0t\u00e6kari Yam-fj\u00f6lskyldu.<\/p><p>John Day rannsaka\u00f0i hebresku s\u00f6nnunarg\u00f6gnin \u00edtarlega \u00ed <em>God&#8217;s Conflict with the Dragon and the Sea<\/em> (1985); Mark Smith framkv\u00e6mdi s\u00f6guleg r\u00f6\u00f0un \u00ed <em>The Origins of Biblical Monotheism<\/em> (2001).<\/p><p>\u00cd arameiskum og f\u00f6nik\u00edskum \u00e1letrunum fr\u00e1 1. \u00e1r\u00fe\u00fasundi f.Kr. hverfur hin pers\u00f3nuger\u00f0a Yam-mynd; hafi\u00f0 er \u00ed vaxandi m\u00e6li einungis v\u00edsa\u00f0 til sem heimsleg v\u00ed\u00f0\u00e1tta, ekki sem athafnandi gu\u00f0. \u00deessi &#8216;afgu\u00f0legun&#8217; hafsins er tr\u00faars\u00f6gulega uppl\u00fdsandi og gengur samhli\u00f0a treystingu Baal-d\u00fdrkunar sem h\u00f6fu\u00f0d\u00fdrkunar.<\/p>\t\t\t\t\t\t\t\t<\/div>\n\t\t\t\t<\/div>\n\t\t\t\t\t<\/div>\n\t\t\t\t<\/div>\n\t\t<div class=\"elementor-element elementor-element-iwgw-yam-s2 e-flex e-con-boxed e-con e-parent\" data-id=\"iwgw-yam-s2\" data-element_type=\"container\" data-e-type=\"container\">\n\t\t\t\t\t<div class=\"e-con-inner\">\n\t\t\t\t<div class=\"elementor-element elementor-element-iwgw-yam-s2h elementor-widget elementor-widget-heading\" data-id=\"iwgw-yam-s2h\" data-element_type=\"widget\" data-e-type=\"widget\" data-widget_type=\"heading.default\">\n\t\t\t\t\t<h2 class=\"elementor-heading-title elementor-size-default\">L\u00fdsing og myndm\u00e1l<\/h2>\t\t\t\t<\/div>\n\t\t<div class=\"elementor-element elementor-element-iwgw-yam-s2c e-con-full e-flex e-con e-child\" data-id=\"iwgw-yam-s2c\" data-element_type=\"container\" data-e-type=\"container\">\n\t\t\t\t<div class=\"elementor-element elementor-element-iwgw-yam-s2t elementor-widget elementor-widget-text-editor\" data-id=\"iwgw-yam-s2t\" data-element_type=\"widget\" data-e-type=\"widget\" data-widget_type=\"text-editor.default\">\n\t\t\t\t\t\t\t\t\t<p>Yam kemur sjaldan fram \u00ed myndlist \u00ed pers\u00f3nuger\u00f0u formi; honum er oftast l\u00fdst sem hafinu sj\u00e1lfu e\u00f0a sem gr\u00ed\u00f0arlegum sj\u00e1varormi (Tannin). \u00cd nokkrum \u00fagar\u00edt\u00edskum innsiglum fr\u00e1 14.\/13. \u00f6ld f.Kr. er bardagi Baals og Yams s\u00fdndur \u00ed t\u00e1knger\u00f0u formi: Baal me\u00f0 lyftan bareflisstaf yfir ormlaga\u00f0ri f\u00edg\u00faru.<\/p><p>\u00cd f\u00f6nik\u00edsku samhengi er Yam-myndlist enn sjaldg\u00e6fari; hafi\u00f0 er oftar t\u00e1kna\u00f0 sem heimsleg umgj\u00f6r\u00f0 f\u00f6nik\u00edskra siglinga, me\u00f0 myndum af skipsboga, fiskam\u00f3t\u00edfum og bylgjuskreyti, \u00e1n \u00feess a\u00f0 bein Yam-pers\u00f3nugerving komi fram.<\/p><p>Mikilv\u00e6g myndlistarhef\u00f0 \u00fer\u00f3ast \u00e1 hellen\u00edsk-r\u00f3mverska t\u00edmabilinu: Yam-Poseidon me\u00f0 \u00fer\u00edforka og hestavagn. \u00deessi yfirf\u00e6rsla gr\u00edskra Poseidon-mynda \u00e1 f\u00f6nik\u00edsk-vestursem\u00edt\u00edska hafgu\u00f0shef\u00f0 er minna \u00e1berandi \u00ed f\u00f6nik\u00edska m\u00f3\u00f0urlandinu en \u00ed vestur-mi\u00f0jar\u00f0arhafsn\u00fdlendunum, \u00fear sem gr\u00edsk \u00e1hrif voru sterkari.<\/p><p>Hin fr\u00e6ga tarfa-<span class=\"iwg-fachbegriff\" data-tooltip=\"Uppstandandi steinn e\u00f0a tr\u00e9tafla me\u00f0 \u00e1letrun e\u00f0a myndm\u00e1li.\" tabindex=\"0\">stela<\/span> fr\u00e1 Ras Shamra s\u00fdnir litla ormlaga mynd undir f\u00f3tum Baals; \u00ed fr\u00e6\u00f0unum er \u00feessi ormur oft samsvara\u00f0ur Yam-Tannin. \u00deessi myndlistarlega sta\u00f0festing sigurs Baals yfir orminum er eitt af mikilv\u00e6gustu myndarheimildum Baal-hringr\u00e1sarins.<\/p>\t\t\t\t\t\t\t\t<\/div>\n\t\t\t\t<\/div>\n\t\t\t\t\t<\/div>\n\t\t\t\t<\/div>\n\t\t<div class=\"elementor-element elementor-element-iwgw-yam-s3 e-flex e-con-boxed e-con e-parent\" data-id=\"iwgw-yam-s3\" data-element_type=\"container\" data-e-type=\"container\">\n\t\t\t\t\t<div class=\"e-con-inner\">\n\t\t\t\t<div class=\"elementor-element elementor-element-iwgw-yam-s3h elementor-widget elementor-widget-heading\" data-id=\"iwgw-yam-s3h\" data-element_type=\"widget\" data-e-type=\"widget\" data-widget_type=\"heading.default\">\n\t\t\t\t\t<h2 class=\"elementor-heading-title elementor-size-default\">Go\u00f0sagnakenndar fr\u00e1sagnir<\/h2>\t\t\t\t<\/div>\n\t\t<div class=\"elementor-element elementor-element-iwgw-yam-s3c e-con-full e-flex e-con e-child\" data-id=\"iwgw-yam-s3c\" data-element_type=\"container\" data-e-type=\"container\">\n\t\t\t\t<div class=\"elementor-element elementor-element-iwgw-yam-s3t elementor-widget elementor-widget-text-editor\" data-id=\"iwgw-yam-s3t\" data-element_type=\"widget\" data-e-type=\"widget\" data-widget_type=\"text-editor.default\">\n\t\t\t\t\t\t\t\t\t<p>Meginheimildin um Yam er \u00fagarit\u00edska Baal-hringr\u00e1sin (KTU 1.1, 1.2), \u00fear sem \u00e1t\u00f6kin milli Yam og <a href=\"https:\/\/iwell-guard.com\/is\/?page_id=168969\">Baals<\/a> eru sett fram. S\u00f6gu\u00fer\u00e1\u00f0urinn \u00ed gr\u00f3fum dr\u00e1ttum: Yam, sem El hefur formlega \u00fatnefnt konung, sendir sendibo\u00f0a s\u00edna til go\u00f0ar\u00e1\u00f0sins og krefst \u00feess a\u00f0 Baal ver\u00f0i framseldur. Gu\u00f0irnir skj\u00e1lfa og l\u00fata h\u00f6f\u00f0i; a\u00f0eins Baal stenst og fellst \u00e1 bardagann.<\/p><p>Sm\u00ed\u00f0agu\u00f0inn Kothar-wa-Khasis sm\u00ed\u00f0ar fyrir Baal tv\u00f6 t\u00f6fravopn, sem nefnast &#8216;Ayamur&#8217; og &#8216;Yagrush&#8217; (&#8216;s\u00e1 sem hrekur burt&#8217; og &#8216;s\u00e1 sem eltir burt&#8217;). Baal beitir \u00feeim \u00ed bardaganum vi\u00f0 Yam; fyrsta h\u00f6ggi\u00f0 l\u00e6tur Yam sveiflast, anna\u00f0 h\u00f6ggi\u00f0 m\u00f6lbr\u00fdtur hann.<\/p><p>Yam fellur til jar\u00f0ar; Baal bo\u00f0ar: &#8216;Yam er dau\u00f0ur, Baal er konungur!&#8217; Mark Smith hefur gert n\u00e1kv\u00e6ma \u00fattekt \u00e1 textanum \u00ed hinni miklu \u00fatg\u00e1fu sinni.<\/p><p>\u00d6nnur \u00fagarit\u00edsk saga l\u00fdsir bardaga <a href=\"https:\/\/iwell-guard.com\/is\/anat-stridsgydja-baal\/\">Anat<\/a> gegn Yam, en h\u00fan sty\u00f0ur br\u00f3\u00f0ur sinn Baal. Anat &#8216;sl\u00e6r hafi\u00f0, ey\u00f0ir \u00e1nni, k\u00fagar Tannin, yfirbugar hina bug\u00f0\u00f3ttu sl\u00f6ngu&#8217;. \u00deessi Anat-Yam-saga er s\u00f6gulega \u00e1hugaver\u00f0 og s\u00fdnir a\u00f0 bar\u00e1ttan gegn frumhafinu var samstillt \u00e1tak gu\u00f0anna, ekki bara einleikur Baals.<\/p><p>\u00d6nnur brotakennd saga l\u00fdsir Yam \u00ed tengslum vi\u00f0 &#8216;sonu Els&#8217; (<em>bn \u02beil<\/em>), sem koma fram sem go\u00f0ar\u00e1\u00f0. Krafa Yams er tekin til umr\u00e6\u00f0u \u00ed go\u00f0ar\u00e1\u00f0inu, El sam\u00feykkir hana, og a\u00f0eins Baal stendur \u00ed vegi. \u00deessi hef\u00f0 &#8216;gu\u00f0legs r\u00e1\u00f0s&#8217; hefur mikla tr\u00faarfr\u00e6\u00f0ilega \u00fe\u00fd\u00f0ingu og \u00e1 s\u00e9r hli\u00f0st\u00e6\u00f0ur \u00ed hebreska hugtakinu &#8216;synir Gu\u00f0s&#8217; (<span class=\"iwg-fachbegriff\" data-tooltip=\"Endurteki\u00f0 innihaldsstef \u00ed list e\u00f0a fr\u00e1s\u00f6gn.\" tabindex=\"0\">stef<\/span>) (Job 1; S\u00e1lm. 82).<\/p><p>\u00dagarit\u00edsku s\u00f6ngvararnir fluttu \u00e1t\u00f6k Baals og Yams sennilega \u00ed heilli svi\u00f0setningu, me\u00f0 t\u00f6flub\u00e6rum, hlj\u00f3\u00f0f\u00e6rum og helgid\u00f6nsum. \u00deessi svi\u00f0setningarv\u00eddd hefur veri\u00f0 kerfisbundi\u00f0 ranns\u00f6ku\u00f0 \u00ed n\u00fdrri \u00dagarit-fr\u00e6\u00f0um, me\u00f0al annars hj\u00e1 Wilfred Watson og Pierre Bordreuil.<\/p>\t\t\t\t\t\t\t\t<\/div>\n\t\t\t\t<\/div>\n\t\t\t\t\t<\/div>\n\t\t\t\t<\/div>\n\t\t<div class=\"elementor-element elementor-element-iwgw-yam-s4 e-flex e-con-boxed e-con e-parent\" data-id=\"iwgw-yam-s4\" data-element_type=\"container\" data-e-type=\"container\">\n\t\t\t\t\t<div class=\"e-con-inner\">\n\t\t\t\t<div class=\"elementor-element elementor-element-iwgw-yam-s4h elementor-widget elementor-widget-heading\" data-id=\"iwgw-yam-s4h\" data-element_type=\"widget\" data-e-type=\"widget\" data-widget_type=\"heading.default\">\n\t\t\t\t\t<h2 class=\"elementor-heading-title elementor-size-default\">D\u00fdrkun og tilbei\u00f0sla<\/h2>\t\t\t\t<\/div>\n\t\t<div class=\"elementor-element elementor-element-iwgw-yam-s4c e-con-full e-flex e-con e-child\" data-id=\"iwgw-yam-s4c\" data-element_type=\"container\" data-e-type=\"container\">\n\t\t\t\t<div class=\"elementor-element elementor-element-iwgw-yam-s4t elementor-widget elementor-widget-text-editor\" data-id=\"iwgw-yam-s4t\" data-element_type=\"widget\" data-e-type=\"widget\" data-widget_type=\"text-editor.default\">\n\t\t\t\t\t\t\t\t\t<p>Yam var ekki vi\u00f0takandi \u00e1tr\u00fana\u00f0ar; sem \u00f3rei\u00f0ugu\u00f0 var hann ekki d\u00fdrka\u00f0ur, heldur yfirbuga\u00f0ur <span class=\"iwg-fachbegriff\" data-tooltip=\"Tilheyrandi f\u00f6stu, tr\u00faarlegu athafnaferli.\" tabindex=\"0\">helgisi\u00f0alega<\/span> \u00ed rit\u00faalum. \u00cd nokkrum verndarrit\u00faalum kemur hann fram sem frumgert d\u00e6mi um \u00fe\u00e1 kosm\u00edsku h\u00e6ttu sem ver\u00f0ur a\u00f0 vera afst\u00fdrt me\u00f0 gu\u00f0legri \u00edhlutun.<\/p><p><span class=\"iwg-fachbegriff\" data-tooltip=\"Yfirf\u00e6r\u00f0 fr\u00e1s\u00f6gn um gu\u00f0i, uppruna og skipan heimsins.\" tabindex=\"0\">Go\u00f0sagan<\/span> um hann var \u00fe\u00f3 lesin upp \u00ed r\u00edkisd\u00fdrkuninni; Baal-hringr\u00e1sin var hluti af efnisskr\u00e1 \u00fagarit\u00edskra s\u00f6ngvara og var a\u00f0 \u00f6llum l\u00edkindum flutt \u00e1 st\u00f3rum h\u00e1t\u00ed\u00f0um. M\u00f6gulega var helgisi\u00f0abundin endurflutning Baal-Yam-s\u00f6gunnar hluti af vorh\u00e1t\u00ed\u00f0arsi\u00f0um, l\u00edkt og mes\u00f3p\u00f3tam\u00edska Enuma Elish \u00ed n\u00fd\u00e1rsh\u00e1t\u00ed\u00f0inni.<\/p><p>\u00cd f\u00f6nik\u00edskum siglingarit\u00faalum var hafi\u00f0 <span class=\"iwg-fachbegriff\" data-tooltip=\"Tilheyrandi f\u00f6stu, tr\u00faarlegu athafnaferli.\" tabindex=\"0\">helgisi\u00f0alega<\/span> fri\u00f0a\u00f0; skipstj\u00f3rar og fer\u00f0amenn f\u00e6r\u00f0u <span class=\"iwg-fachbegriff\" data-tooltip=\"Gj\u00f6f til gu\u00f0s e\u00f0a gu\u00f0legrar veru til a\u00f0 tj\u00e1 \u00feakkl\u00e6ti, b\u00f3n e\u00f0a lotningu.\" tabindex=\"0\">f\u00f3rnir<\/span> til hafsins \u00ed von um \u00f6ruggt yfirfer\u00f0. \u00deessi siglingatr\u00fa v\u00edsa\u00f0i ekki beint til Yam, en heyr\u00f0i til sama kosm\u00f3l\u00f3g\u00edska hugmyndaheims. Sabatino Moscati hefur l\u00fdst f\u00f6nik\u00edskri sj\u00f3mennskumenningu \u00ed m\u00f6rgum ranns\u00f3knum.<\/p><p>Mikilv\u00e6g helgisi\u00f0aleg tengsl eru milli sigurs \u00e1 Yam og \u00fagarit\u00edsku vorh\u00e1t\u00ed\u00f0arinnar; sennilega var \u00e1t\u00f6kunum <span class=\"iwg-fachbegriff\" data-tooltip=\"Tilheyrandi f\u00f6stu, tr\u00faarlegu athafnaferli.\" tabindex=\"0\">helgisi\u00f0alega<\/span> gefi\u00f0 n\u00fdtt gildi \u00e1 t\u00edma vorstorma, \u00feegar hin \u00feungu vetrarregn dv\u00ednu\u00f0u og siglingat\u00edmabili\u00f0 h\u00f3fst. \u00deessi helgisi\u00f0alega \u00e1rst\u00ed\u00f0abundni er s\u00f6gulega einkennandi fyrir austanver\u00f0a Mi\u00f0jar\u00f0arhafssv\u00e6\u00f0i\u00f0 \u00e1 s\u00ed\u00f0brons\u00f6ld.<\/p>\t\t\t\t\t\t\t\t<\/div>\n\t\t\t\t<\/div>\n\t\t\t\t\t<\/div>\n\t\t\t\t<\/div>\n\t\t<div class=\"elementor-element elementor-element-iwgw-yam-s5 e-flex e-con-boxed e-con e-parent\" data-id=\"iwgw-yam-s5\" data-element_type=\"container\" data-e-type=\"container\">\n\t\t\t\t\t<div class=\"e-con-inner\">\n\t\t\t\t<div class=\"elementor-element elementor-element-iwgw-yam-s5h elementor-widget elementor-widget-heading\" data-id=\"iwgw-yam-s5h\" data-element_type=\"widget\" data-e-type=\"widget\" data-widget_type=\"heading.default\">\n\t\t\t\t\t<h2 class=\"elementor-heading-title elementor-size-default\">Verndara\u00f0ger\u00f0ir og fr\u00e1hrindandi t\u00e1kn<\/h2>\t\t\t\t<\/div>\n\t\t<div class=\"elementor-element elementor-element-iwgw-yam-s5c e-con-full e-flex e-con e-child\" data-id=\"iwgw-yam-s5c\" data-element_type=\"container\" data-e-type=\"container\">\n\t\t\t\t<div class=\"elementor-element elementor-element-iwgw-yam-s5t elementor-widget elementor-widget-text-editor\" data-id=\"iwgw-yam-s5t\" data-element_type=\"widget\" data-e-type=\"widget\" data-widget_type=\"text-editor.default\">\n\t\t\t\t\t\t\t\t\t<p>Verndara\u00f0ger\u00f0ir gegn hinu \u00f3rei\u00f0ukennda hafi voru algengar \u00ed f\u00f6nik\u00edsku samhengi. \u00c1 skreytingum skipsboga koma fram verndaraugu, nautshornst\u00e1kn e\u00f0a &#8216;Tanit-merki\u00f0&#8217; sem v\u00f6rn gegn h\u00e6ttum hafsins. \u00deessar myndir voru sta\u00f0alb\u00fana\u00f0ur f\u00f6nik\u00edskra verslunar- og herskipa.<\/p><p>\u00cd hafnarborgum voru nota\u00f0ar verndarform\u00falur gegn &#8216;hinu \u00e6\u00f0isgengna hafi og verum \u00feess&#8217;; \u00ed p\u00fanverskum \u00e1letrunum finnast heitgjafir fyrir fars\u00e6la heimkomu \u00far sj\u00f3fer\u00f0um. \u00deessi fer\u00f0atr\u00fa er tr\u00faarfr\u00e6\u00f0ilega \u00e1hugaver\u00f0, \u00fev\u00ed h\u00fan setur al\u00fej\u00f3\u00f0lega hreyfanleika f\u00f6nik\u00edska heimsins beint \u00ed tr\u00faarlegt samhengi.<\/p><p data-nosnippet=\"true\">Fr\u00e1 fr\u00e6\u00f0ilegu sj\u00f3narhorni er Yam d\u00e6mi um pers\u00f3nugervingu hins \u00f3rei\u00f0ukennda hafs. Fr\u00e1sagnarlegur \u00f3sigur hans fyrir t\u00f6fravopnum Baals er s\u00f6gulega samb\u00e6rilegur vi\u00f0 \u00e1t\u00f6k Marduks og T\u00edamat, \u00fear sem t\u00f6fravopn tryggja einnig sigur. iWell Guard skr\u00e1ir Yam sem s\u00f6guleg-go\u00f0sagnalega f\u00edg\u00faru \u00e1n n\u00fat\u00edmalegrar verndarvirkni og \u00e1n tilv\u00edsana \u00ed n\u00fat\u00edma heilunarlofor\u00f0.<\/p><p>\u00cd p\u00fanverskum \u00e1letrunum fr\u00e1 Kar\u00feag\u00f3 og Motya koma fram &#8216;gu\u00f0ir hafsins&#8217; (f\u00f6nik\u00edska <em>\u02belm ym<\/em>) sem vi\u00f0takendur heitgjafa fyrir sj\u00f3fer\u00f0ir; hvort \u00fear s\u00e9 um bein tengsl vi\u00f0 Yam a\u00f0 r\u00e6\u00f0a e\u00f0a almenna <span class=\"iwg-fachbegriff\" data-tooltip=\"\u00c1v\u00f6rpun e\u00f0a \u00e1k\u00f6llun gu\u00f0s e\u00f0a m\u00e1ttarvalds me\u00f0 b\u00f3n.\" tabindex=\"0\">\u00e1kallan<\/span> hafgu\u00f0s, er umdeilt.<\/p><p>F\u00f6nik\u00edsk skipsbogaaugu m\u00e1 t\u00falka tr\u00faarfr\u00e6\u00f0ilega sem <span class=\"iwg-fachbegriff\" data-tooltip=\"\u00d3heillaverjandi: um t\u00e1kn og hluti sem \u00e6tla\u00f0 er a\u00f0 halda ska\u00f0legum \u00e1hrifum fr\u00e1.\" tabindex=\"0\">verndargripi<\/span>; \u00feau breyta s\u00fdn skipsins \u00ed verndandi kraft gegn Yam og verum hans.<\/p>\t\t\t\t\t\t\t\t<\/div>\n\t\t\t\t<\/div>\n\t\t\t\t\t<\/div>\n\t\t\t\t<\/div>\n\t\t<div class=\"elementor-element elementor-element-iwgw-yam-s6 e-flex e-con-boxed e-con e-parent\" data-id=\"iwgw-yam-s6\" data-element_type=\"container\" data-e-type=\"container\">\n\t\t\t\t\t<div class=\"e-con-inner\">\n\t\t\t\t<div class=\"elementor-element elementor-element-iwgw-yam-s6h elementor-widget elementor-widget-heading\" data-id=\"iwgw-yam-s6h\" data-element_type=\"widget\" data-e-type=\"widget\" data-widget_type=\"heading.default\">\n\t\t\t\t\t<h2 class=\"elementor-heading-title elementor-size-default\">Hli\u00f0st\u00e6\u00f0ur \u00ed \u00f6\u00f0rum menningarheimum<\/h2>\t\t\t\t<\/div>\n\t\t<div class=\"elementor-element elementor-element-iwgw-yam-s6c e-con-full e-flex e-con e-child\" data-id=\"iwgw-yam-s6c\" data-element_type=\"container\" data-e-type=\"container\">\n\t\t\t\t<div class=\"elementor-element elementor-element-iwgw-yam-s6t elementor-widget elementor-widget-text-editor\" data-id=\"iwgw-yam-s6t\" data-element_type=\"widget\" data-e-type=\"widget\" data-widget_type=\"text-editor.default\">\n\t\t\t\t\t\t\t\t\t<p>Yam tilheyrir al\u00fej\u00f3\u00f0legri fj\u00f6lskyldu \u00f3rei\u00f0uhafsgu\u00f0a. \u00cd mes\u00f3p\u00f3tam\u00edskri hef\u00f0 samsvarar honum T\u00edamat \u00far En\u00fama elis; \u00ed <a href=\"https:\/\/iwell-guard.com\/is\/hettitar-anatolia-tarhunna-vernd\/\">h\u00farr\u00edsk-hett\u00edt\u00edskri hef\u00f0<\/a> er \u00fea\u00f0 <a href=\"https:\/\/iwell-guard.com\/is\/?page_id=168967\">Hedammu<\/a> og hi\u00f0 brotakennda &#8216;Kv\u00e6\u00f0i um hafi\u00f0&#8217; (CTH 346) gegn <a href=\"https:\/\/iwell-guard.com\/is\/?page_id=168963\">Teshub<\/a>. Mark Smith og Mary Bachvarova hafa \u00ed fj\u00f6lda ranns\u00f3kna s\u00fdnt fram \u00e1 tengsl \u00feessara go\u00f0afr\u00e6\u00f0a.<\/p><p>\u00cd hebresku efninu er Yam hinn kosm\u00edski andst\u00e6\u00f0ingur Jahve \u00ed m\u00f6rgum s\u00e1lmum; sk\u00f6punin er t\u00falku\u00f0 sem sigur Jahve \u00e1 Yam, Livjatan og Tann\u00edn (Sl 74:13, 14; Jes 27:1). \u00deessir textar heyra til &#8216;\u00f3rei\u00f0ubar\u00e1ttu-<span class=\"iwg-fachbegriff\" data-tooltip=\"V\u00edsindaleg fr\u00e6\u00f0igrein um Gu\u00f0 og tr\u00fa innan tiltekinnar tr\u00faarhef\u00f0ar.\" tabindex=\"0\">gu\u00f0fr\u00e6\u00f0i<\/span>&#8216; hebresku bibl\u00edunnar og eru s\u00f6guleg beint komin af \u00fagar\u00edt\u00edskri Yam-hef\u00f0.<\/p><p>Me\u00f0 gr\u00edska Typhon deilir Yam hlutverki \u00f3rei\u00f0uandst\u00e6\u00f0ings; me\u00f0 P\u00f3seidon deilir hann pers\u00f3nugervingu hafsins, \u00fe\u00f3 \u00ed talsvert \u00f6\u00f0ruv\u00edsi gu\u00f0fr\u00e6\u00f0ilegu samhengi. \u00c1 hellen\u00edsk-r\u00f3mverska t\u00edmabilinu var f\u00f6n\u00edk\u00edski Yam samsama\u00f0ur P\u00f3seidon; virka \u00f3rei\u00f0uandst\u00e6\u00f0ings-hlutverki\u00f0 var \u00fe\u00e1 viki\u00f0 fyrir hlutverki siglingagu\u00f0sins.<\/p><p>\u00cd \u00farart\u00edskum \u00e1letrunum kemur fram hafgu\u00f0 a\u00f0 nafni Quera, en tengsl hans vi\u00f0 Yam \u00ed tr\u00faarbrag\u00f0as\u00f6gulegu tilliti hafa veri\u00f0 til umr\u00e6\u00f0u undanfarin \u00e1r. Ranns\u00f3knir Mirjo Salvini veita h\u00e9r mikilv\u00e6gar n\u00fdjar ni\u00f0urst\u00f6\u00f0ur.<\/p>\t\t\t\t\t\t\t\t<\/div>\n\t\t\t\t<\/div>\n\t\t\t\t\t<\/div>\n\t\t\t\t<\/div>\n\t\t<div class=\"elementor-element elementor-element-iwgw-yam-s7 e-flex e-con-boxed e-con e-parent\" data-id=\"iwgw-yam-s7\" data-element_type=\"container\" data-e-type=\"container\">\n\t\t\t\t\t<div class=\"e-con-inner\">\n\t\t\t\t<div class=\"elementor-element elementor-element-iwgw-yam-s7h elementor-widget elementor-widget-heading\" data-id=\"iwgw-yam-s7h\" data-element_type=\"widget\" data-e-type=\"widget\" data-widget_type=\"heading.default\">\n\t\t\t\t\t<h2 class=\"elementor-heading-title elementor-size-default\">N\u00fat\u00edmavi\u00f0t\u00f6kur og ranns\u00f3knir<\/h2>\t\t\t\t<\/div>\n\t\t<div class=\"elementor-element elementor-element-iwgw-yam-s7c e-con-full e-flex e-con e-child\" data-id=\"iwgw-yam-s7c\" data-element_type=\"container\" data-e-type=\"container\">\n\t\t\t\t<div class=\"elementor-element elementor-element-iwgw-yam-s7t elementor-widget elementor-widget-text-editor\" data-id=\"iwgw-yam-s7t\" data-element_type=\"widget\" data-e-type=\"widget\" data-widget_type=\"text-editor.default\">\n\t\t\t\t\t\t\t\t\t<p>Yam-ranns\u00f3knir standa n\u00fa \u00e1 h\u00e1u stigi. \u00datg\u00e1fa Mark Smith og Wayne Pitard \u00e1 Baal-hringnum er sta\u00f0alvi\u00f0mi\u00f0un; John Day rannsaka\u00f0i \u00ed <em>God&#8217;s Conflict with the Dragon and the Sea<\/em> (1985) hebresku hli\u00f0st\u00e6\u00f0urnar \u00ed sm\u00e1atri\u00f0um. Daniel Schwemer setti fram s\u00f6guleg samhengi \u00ed <em>Die Wettergottgestalten<\/em> (2001).<\/p><p>\u00cd almennri umfj\u00f6llun er Yam fyrst og fremst \u00feekktur fyrir \u00fagar\u00edt\u00edsku go\u00f0sagnirnar og fyrir hebresk-bibl\u00edulegar tilv\u00edsanir. Andlega endurvakning \u00ed n\u00fdhei\u00f0num skilningi er ekki til sta\u00f0ar.<\/p><p>\u00cd fr\u00e6\u00f0aheiminum er Yam n\u00fa talinn mi\u00f0l\u00e6gt ranns\u00f3knarefni fyrir fornaustlenska \u00f3rei\u00f0uhafs-<span class=\"iwg-fachbegriff\" data-tooltip=\"V\u00edsindaleg fr\u00e6\u00f0igrein um Gu\u00f0 og tr\u00fa innan tiltekinnar tr\u00faarhef\u00f0ar.\" tabindex=\"0\">gu\u00f0fr\u00e6\u00f0i<\/span> og fyrir go\u00f0sagnafj\u00f6lskyldu storm- og hafgu\u00f0abardaga.<\/p><p>N\u00faverandi ranns\u00f3knar\u00e1herslur sn\u00faa a\u00f0 a\u00f0greiningu hinna \u00fdmsu hafvera (Yam, Livjatan, Tann\u00edn), a\u00f0 bibl\u00edulegum hli\u00f0st\u00e6\u00f0um og a\u00f0 spurningunni um n\u00e1kv\u00e6m tr\u00faarbrag\u00f0as\u00f6gulegt samband vi\u00f0 mes\u00f3p\u00f3tam\u00edsku T\u00edamat-hef\u00f0ina. iWell Guard skr\u00e1ir Yam sem s\u00f6gulegt d\u00e6mi \u00e1n hagn\u00fdtrar verndartengingar.<\/p><p>\u00cd n\u00fat\u00edma bibl\u00eduranns\u00f3knum er Yam \u00ed auknum m\u00e6li tekinn kerfisbundi\u00f0 fyrir sem tr\u00faarbrag\u00f0as\u00f6gulegur bakgrunnur sk\u00f6punar- og \u00f3rei\u00f0ubar\u00e1ttutextanna. Bernard Batto og John Day hafa \u00ed fj\u00f6lda ranns\u00f3kna kanna\u00f0 \u00ed sm\u00e1atri\u00f0um tengsl Yam-hef\u00f0arinnar vi\u00f0 hebresku sk\u00f6punarfr\u00e1s\u00f6gnina.<\/p>\t\t\t\t\t\t\t\t<\/div>\n\t\t\t\t<\/div>\n\t\t\t\t\t<\/div>\n\t\t\t\t<\/div>\n\t\t<div class=\"elementor-element elementor-element-iwgw-yam-s8 e-flex e-con-boxed e-con e-parent\" data-id=\"iwgw-yam-s8\" data-element_type=\"container\" data-e-type=\"container\">\n\t\t\t\t\t<div class=\"e-con-inner\">\n\t\t\t\t<div class=\"elementor-element elementor-element-iwgw-yam-s8h elementor-widget elementor-widget-heading\" data-id=\"iwgw-yam-s8h\" data-element_type=\"widget\" data-e-type=\"widget\" data-widget_type=\"heading.default\">\n\t\t\t\t\t<h2 class=\"elementor-heading-title elementor-size-default\">Heimildir og b\u00f3kmenntir<\/h2>\t\t\t\t<\/div>\n\t\t<div class=\"elementor-element elementor-element-iwgw-yam-s8c e-con-full e-flex e-con e-child\" data-id=\"iwgw-yam-s8c\" data-element_type=\"container\" data-e-type=\"container\">\n\t\t\t\t<div class=\"elementor-element elementor-element-iwgw-yam-s8t elementor-widget elementor-widget-text-editor\" data-id=\"iwgw-yam-s8t\" data-element_type=\"widget\" data-e-type=\"widget\" data-widget_type=\"text-editor.default\">\n\t\t\t\t\t\t\t\t\t<p>Eftirfarandi \u00farval tekur saman mikilv\u00e6gustu sta\u00f0alritin um Yam-ranns\u00f3knir. \u00dea\u00f0 n\u00e6r yfir texta\u00fatg\u00e1fur, s\u00f6gulegar samantektir og ranns\u00f3knir \u00e1 hebresk-bibl\u00edulegum hli\u00f0st\u00e6\u00f0um. \u00datg\u00e1fa Mark Smith \u00e1 Baal-hringnum er grundv\u00f6llur frumheimilda; John Day og Schwemer veita tr\u00faarbrag\u00f0as\u00f6gulegt samhengi. Mary Bachvarova myndar tengil\u00ednuna vi\u00f0 gr\u00edsku hef\u00f0ina.<\/p>\t\t\t\t\t\t\t\t<\/div>\n\t\t\t\t<\/div>\n\t\t\t\t\t<\/div>\n\t\t\t\t<\/div>\n\t\t<div class=\"elementor-element elementor-element-cp267ce5fe e-flex e-con-boxed e-con e-parent\" data-id=\"cp267ce5fe\" data-element_type=\"container\" data-e-type=\"container\">\n\t\t\t\t\t<div class=\"e-con-inner\">\n\t\t\t\t<div class=\"elementor-element elementor-element-cp2c5eeff3 elementor-widget elementor-widget-heading\" data-id=\"cp2c5eeff3\" data-element_type=\"widget\" data-e-type=\"widget\" data-widget_type=\"heading.default\">\n\t\t\t\t\t<h2 class=\"elementor-heading-title elementor-size-default\">Baal-hringurinn fr\u00e1 \u00dagar\u00edt sem meginheimild<\/h2>\t\t\t\t<\/div>\n\t\t<div class=\"elementor-element elementor-element-cp24751ec0 e-flex e-con-boxed e-con e-child\" data-id=\"cp24751ec0\" data-element_type=\"container\" data-e-type=\"container\">\n\t\t\t\t\t<div class=\"e-con-inner\">\n\t\t\t\t<div class=\"elementor-element elementor-element-cp20cca71c elementor-widget elementor-widget-text-editor\" data-id=\"cp20cca71c\" data-element_type=\"widget\" data-e-type=\"widget\" data-widget_type=\"text-editor.default\">\n\t\t\t\t\t\t\t\t\t<p>N\u00e1nast allt sem sagt ver\u00f0ur um <em>Yammu<\/em> sem virka veru er komi\u00f0 \u00far einum og sama textasafni: hinum svokalla\u00f0a Baal-hring, r\u00f6\u00f0 leirtaflna me\u00f0 stafr\u00f3fs-fleygr\u00fanum, sem fundust \u00e1 \u00e1runum 1929 til 1930 \u00ed fr\u00f6nskum uppgr\u00f6ftum undir stj\u00f3rn Claude Schaeffer \u00e1 <em>Tell Ras Shamra<\/em> vi\u00f0 s\u00fdrlensku str\u00f6ndina.<\/p><p>T\u00f6flurnar eru n\u00fa skr\u00e1\u00f0ar undir merkjunum KTU 1.1 til 1.6; Yam-\u00fe\u00e1tturinn er einkum \u00ed KTU 1.1 og 1.2. \u00de\u00e6r voru skrifa\u00f0ar, samkv\u00e6mt uppl\u00fdsingum \u00ed eftirm\u00e1la, af skrifaranum Ilimilku, a\u00f0 \u00f6llum l\u00edkindum \u00e1 14. e\u00f0a 13. \u00f6ld f.Kr.<\/p><p><span class=\"iwg-fachbegriff\" data-tooltip=\"Mi\u00f0lun \u00feekkingar og fr\u00e1sagna kynsl\u00f3\u00f0 fram af kynsl\u00f3\u00f0.\" tabindex=\"0\">Var\u00f0veislan<\/span> er brotakennd. Taflan KTU 1.1 er mj\u00f6g skemmd og upphaf \u00e1takanna er a\u00f0 mestu horfi\u00f0. Fyrst \u00ed KTU 1.2 tekur vi\u00f0 samfelld sena: Yam sendir sendibo\u00f0a til gu\u00f0a\u00feingsins og krefst \u00feess a\u00f0 Baal ver\u00f0i framseldur.<\/p><p>Allt fr\u00e1 fyrstu \u00fatg\u00e1fum Charles Virolleaud hefur veri\u00f0 deilt um hvort fleiri, n\u00fa horfnar t\u00f6flur hafi geymt upphaf \u00e1takanna. R\u00f6\u00f0 taflnanna sj\u00e1lf er ekki sta\u00f0fest me\u00f0 eftirm\u00e1lum heldur er h\u00fan endurger\u00f0 \u00fatgefendanna.<\/p><p>Fyrir v\u00edsindalega vinnu er \u00feessi heimildasta\u00f0a afgerandi: Yam er ekki pers\u00f3na v\u00ed\u00f0t\u00e6krar, margradda\u00f0rar <span class=\"iwg-fachbegriff\" data-tooltip=\"Mi\u00f0lun \u00feekkingar og fr\u00e1sagna kynsl\u00f3\u00f0 fram af kynsl\u00f3\u00f0.\" tabindex=\"0\">munnm\u00e6lahef\u00f0ar<\/span>, heldur er hann n\u00e6r eing\u00f6ngu a\u00f0gengilegur \u00fat fr\u00e1 sj\u00f3narhorni sagnatexta sem er hli\u00f0hollur Baal. Fullyr\u00f0ingar um sj\u00e1lfst\u00e6\u00f0an Yam-<span class=\"iwg-fachbegriff\" data-tooltip=\"\u00d6ll tr\u00faarlegu d\u00fdrkunaratri\u00f0in fyrir gu\u00f0 e\u00f0a heilaga veru.\" tabindex=\"0\">d\u00fdrkun<\/span>, um s\u00e1lma til hans e\u00f0a um hlutverk hans utan \u00e1takanna vi\u00f0 Baal eru \u00fev\u00ed \u00e1giskanir.<\/p><p>Sta\u00f0al\u00fatg\u00e1fan \u00ed dag er <em>Die keilalphabetischen Texte aus Ugarit<\/em> (KTU) eftir Manfried Dietrich, Oswald Loretz og Joaqu\u00edn Sanmart\u00edn; v\u00ed\u00f0notu\u00f0 ensk \u00fe\u00fd\u00f0ing me\u00f0 sk\u00fdringum er eftir Mark S. Smith.<\/p>\t\t\t\t\t\t\t\t<\/div>\n\t\t\t\t\t<\/div>\n\t\t\t\t<\/div>\n\t\t\t\t\t<\/div>\n\t\t\t\t<\/div>\n\t\t<div class=\"elementor-element elementor-element-cp24e2e352 e-flex e-con-boxed e-con e-parent\" data-id=\"cp24e2e352\" data-element_type=\"container\" data-e-type=\"container\">\n\t\t\t\t\t<div class=\"e-con-inner\">\n\t\t\t\t<div class=\"elementor-element elementor-element-cp22d58ce9 elementor-widget elementor-widget-heading\" data-id=\"cp22d58ce9\" data-element_type=\"widget\" data-e-type=\"widget\" data-widget_type=\"heading.default\">\n\t\t\t\t\t<h2 class=\"elementor-heading-title elementor-size-default\">Gu\u00f0a\u00feingi\u00f0 og bo\u00f0skapur Yams<\/h2>\t\t\t\t<\/div>\n\t\t<div class=\"elementor-element elementor-element-cp248e4b3c e-flex e-con-boxed e-con e-child\" data-id=\"cp248e4b3c\" data-element_type=\"container\" data-e-type=\"container\">\n\t\t\t\t\t<div class=\"e-con-inner\">\n\t\t\t\t<div class=\"elementor-element elementor-element-cp220d4b7a elementor-widget elementor-widget-text-editor\" data-id=\"cp220d4b7a\" data-element_type=\"widget\" data-e-type=\"widget\" data-widget_type=\"text-editor.default\">\n\t\t\t\t\t\t\t\t\t<p>Best var\u00f0veitta Yam-atri\u00f0i\u00f0 (KTU 1.2 i) s\u00fdnir fund gu\u00f0anna undir fors\u00e6ti h\u00f6fu\u00f0gu\u00f0sins <em>El<\/em>. Yam sendir tvo sendibo\u00f0a me\u00f0 kr\u00f6fu um a\u00f0 Baal ver\u00f0i framseldur, hvort sem er sem skattgrei\u00f0andi e\u00f0a fangi.<\/p><p>Textinn l\u00fdsir atri\u00f0inu me\u00f0 n\u00e1kv\u00e6mri hreyfingaskipan: Gu\u00f0irnir hneigja h\u00f6fu\u00f0 ni\u00f0ur a\u00f0 hnj\u00e1m vi\u00f0 komu sendibo\u00f0anna, sem er merki um \u00f3tta. Baal \u00e1v\u00edtar \u00fe\u00e1 fyrir \u00feetta og r\u00eds upp.<\/p><p>El, forfa\u00f0ir samkundunnar, br\u00e1st vi\u00f0 me\u00f0 undanl\u00e1tssemi. \u00cd nokkrum k\u00f6flum kallar hann Yam sinn eftirl\u00e6tisson og vir\u00f0ist rei\u00f0ub\u00fainn a\u00f0 ver\u00f0a vi\u00f0 kr\u00f6funni me\u00f0 \u00fev\u00ed a\u00f0 l\u00fdsa Baal sem \u00fej\u00f3n Yams.<\/p><p>\u00deessi afsta\u00f0a Els er miki\u00f0 r\u00e6dd: H\u00fan s\u00fdnir a\u00f0 \u00ed <span class=\"iwg-fachbegriff\" data-tooltip=\"Heild gu\u00f0anna \u00ed tr\u00faarbr\u00f6g\u00f0um e\u00f0a menningu.\" tabindex=\"0\">go\u00f0aveldi<\/span> \u00dagar\u00edta er \u00e6\u00f0sti gu\u00f0inn ekki sami og sigurs\u00e6li ve\u00f0urgu\u00f0inn, og h\u00fan gefur \u00e1t\u00f6kunum p\u00f3lit\u00edskan bl\u00e6, n\u00e1nast eins og h\u00e1s\u00e6tisdeilu innan fj\u00f6lskyldu.<\/p><p>Yam ber \u00ed \u00feessum l\u00ednum fastar tv\u00edheiti. Auk <em>ym<\/em> kemur hann fram sem <em>tpt nhr<\/em>, oft \u00fe\u00fdtt sem &#8222;d\u00f3mari flj\u00f3ts&#8220; e\u00f0a &#8222;stj\u00f3rnandi straums&#8220;. Samsetning &#8222;hafs&#8220; og &#8222;flj\u00f3ts&#8220; er d\u00e6migert st\u00edlbrag\u00f0 \u00ed kve\u00f0skap \u00dagar\u00edta og s\u00fdnir a\u00f0 Yam t\u00e1knar allt \u00f3beisla\u00f0 vatn, ekki a\u00f0eins hi\u00f0 opna haf.<\/p><p>Atri\u00f0inu l\u00fdkur me\u00f0 synjun Baals og yfirl\u00fdsingu hans um a\u00f0 r\u00e1\u00f0ast \u00e1 sendibo\u00f0ana og herra \u00feeirra. \u00dea\u00f0 myndar \u00feannig beinan undanfara einv\u00edgisins sem l\u00fdst er \u00e1 s\u00f6mu t\u00f6flu \u00ed KTU 1.2 iv. Um andst\u00e6\u00f0una sj\u00e1 einnig <a href=\"https:\/\/iwell-guard.com\/is\/?page_id=168973\">Baal-Hammon<\/a> sem s\u00ed\u00f0ari f\u00f6nik\u00edska \u00fatg\u00e1fu af Baal-nafninu.<\/p>\t\t\t\t\t\t\t\t<\/div>\n\t\t\t\t\t<\/div>\n\t\t\t\t<\/div>\n\t\t\t\t\t<\/div>\n\t\t\t\t<\/div>\n\t\t<div class=\"elementor-element elementor-element-iwgw-yam-lit e-flex e-con-boxed e-con e-parent\" data-id=\"iwgw-yam-lit\" data-element_type=\"container\" data-e-type=\"container\">\n\t\t\t\t\t<div class=\"e-con-inner\">\n\t\t\t\t<div class=\"elementor-element elementor-element-iwgw-yam-lith elementor-widget elementor-widget-heading\" data-id=\"iwgw-yam-lith\" data-element_type=\"widget\" data-e-type=\"widget\" data-widget_type=\"heading.default\">\n\t\t\t\t\t<h2 class=\"elementor-heading-title elementor-size-default\">Heimildir (\u00farval)<\/h2>\t\t\t\t<\/div>\n\t\t<div class=\"elementor-element elementor-element-iwgw-yam-litc e-con-full e-flex e-con e-child\" data-id=\"iwgw-yam-litc\" data-element_type=\"container\" data-e-type=\"container\">\n\t\t\t\t<div class=\"elementor-element elementor-element-iwgw-yam-litt elementor-widget elementor-widget-text-editor\" data-id=\"iwgw-yam-litt\" data-element_type=\"widget\" data-e-type=\"widget\" data-widget_type=\"text-editor.default\">\n\t\t\t\t\t\t\t\t\t<div data-nosnippet=\"true\"><ul><li>Mark Smith \/ Wayne Pitard: <em>The Ugaritic Baal Cycle<\/em> (Leiden 1994\/2009)<\/li><li>John Day: <em>God&#8217;s Conflict with the Dragon and the Sea<\/em> (Cambridge 1985)<\/li><li>Daniel Schwemer: <em>Die Wettergottgestalten Mesopotamiens und Nordsyriens<\/em> (Wiesbaden 2001)<\/li><li>Mark Smith: <em>The Origins of Biblical Monotheism<\/em> (Oxford 2001)<\/li><li>Sabatino Moscati: <em>Die Ph\u00f6niker<\/em> (Stuttgart 1966)<\/li><li>Mary Bachvarova: <em>From Hittite to Homer<\/em> (Cambridge 2016)<\/li><\/ul><\/div>\t\t\t\t\t\t\t\t<\/div>\n\t\t\t\t<\/div>\n\t\t\t\t\t<\/div>\n\t\t\t\t<\/div>\n\t\t<div class=\"elementor-element elementor-element-iwgkw2-add-yam e-flex e-con-boxed e-con e-parent\" data-id=\"iwgkw2-add-yam\" data-element_type=\"container\" data-e-type=\"container\">\n\t\t\t\t\t<div class=\"e-con-inner\">\n\t\t\t\t<div class=\"elementor-element elementor-element-iwgkw2-add-yam-t elementor-widget elementor-widget-text-editor\" data-id=\"iwgkw2-add-yam-t\" data-element_type=\"widget\" data-e-type=\"widget\" data-widget_type=\"text-editor.default\">\n\t\t\t\t\t\t\t\t\t<p>\u00cd <em>\u00fagar\u00edtska<\/em> Baal-b\u00e1lknum, var\u00f0veittum \u00e1 leirt\u00f6flum fr\u00e1 Ras Shamra \u00e1 fj\u00f3rt\u00e1ndu \u00f6ld fyrir Krist, kemur Yam fram sem hafgu\u00f0 og andst\u00e6\u00f0ingur Baals, sem a\u00f0 lokum sigrar hann me\u00f0 kastvopnunum Ajamur og Jagrusch.<\/p>\t\t\t\t\t\t\t\t<\/div>\n\t\t\t\t\t<\/div>\n\t\t\t\t<\/div>\n\t\t<div class=\"elementor-element elementor-element-iwgw-yam-kwd e-flex e-con-boxed e-con e-parent\" data-id=\"iwgw-yam-kwd\" data-element_type=\"container\" data-e-type=\"container\">\n\t\t\t\t\t<div class=\"e-con-inner\">\n\t\t<div class=\"elementor-element elementor-element-iwgw-yam-kwdc e-con-full e-flex e-con e-child\" data-id=\"iwgw-yam-kwdc\" data-element_type=\"container\" data-e-type=\"container\">\n\t\t\t\t<div class=\"elementor-element elementor-element-iwgw-yam-kwdt elementor-widget elementor-widget-text-editor\" data-id=\"iwgw-yam-kwdt\" data-element_type=\"widget\" data-e-type=\"widget\" data-widget_type=\"text-editor.default\">\n\t\t\t\t\t\t\t\t\t<p><em>Tengd kjarnahugt\u00f6k: Yam F\u00f6nik\u00edumenn hafgu\u00f0 Baal-b\u00e1lkur Tannin Lev\u00edatan \u00f6ldungahaf.<\/em><\/p>\t\t\t\t\t\t\t\t<\/div>\n\t\t\t\t<\/div>\n\t\t\t\t\t<\/div>\n\t\t\t\t<\/div>\n\t\t<div class=\"elementor-element elementor-element-iwgw-yam-cc e-flex e-con-boxed e-con e-parent\" data-id=\"iwgw-yam-cc\" data-element_type=\"container\" data-e-type=\"container\" id=\"iwg-cc-yam\">\n\t\t\t\t\t<div class=\"e-con-inner\">\n\t\t<div class=\"elementor-element elementor-element-iwgw-yam-ccinner e-flex e-con-boxed e-con e-parent\" data-id=\"iwgw-yam-ccinner\" data-element_type=\"container\" data-e-type=\"container\" data-settings=\"{&quot;background_background&quot;:&quot;classic&quot;}\">\n\t\t\t\t\t<div class=\"e-con-inner\">\n\t\t\t\t<div class=\"elementor-element elementor-element-iwgw-yam-cch elementor-widget elementor-widget-heading\" data-id=\"iwgw-yam-cch\" data-element_type=\"widget\" data-e-type=\"widget\" data-widget_type=\"heading.default\">\n\t\t\t\t\t<h2 class=\"elementor-heading-title elementor-size-default\">iWell Guard og verndarhef\u00f0ir<\/h2>\t\t\t\t<\/div>\n\t\t\t\t<div class=\"elementor-element elementor-element-iwgw-yam-cct elementor-widget elementor-widget-text-editor\" data-id=\"iwgw-yam-cct\" data-element_type=\"widget\" data-e-type=\"widget\" data-widget_type=\"text-editor.default\">\n\t\t\t\t\t\t\t\t\t<div data-nosnippet=\"true\"><p>iWell Guard tengist menningars\u00f6gulegri hef\u00f0 fyrir verndargripum sem borin eru \u00e1 s\u00e9r, \u00ed hef\u00f0 <a href=\"https:\/\/iwell-guard.com\/is\/fonikiumenn-og-kartago-baal-tanit\/\">F\u00f6nik\u00edumanna<\/a> og margra annarra menningarheima um allan heim. 41 lag, alv\u00f6ru gull, plat\u00edna, silfur, framleitt \u00ed \u00de\u00fdskalandi. 30 daga skilar\u00e9ttur.<\/p><\/div>\t\t\t\t\t\t\t\t<\/div>\n\t\t\t\t<div class=\"elementor-element elementor-element-iwgw-yam-ccb iwg-cc-button iwg-cc-cta-2026-05-13 elementor-widget elementor-widget-jet-button\" data-id=\"iwgw-yam-ccb\" data-element_type=\"widget\" data-e-type=\"widget\" data-widget_type=\"jet-button.default\">\n\t\t\t\t<div class=\"elementor-widget-container\">\n\t\t\t\t\t<div class=\"elementor-jet-button jet-elements\"><div class=\"jet-button__container\"><a class=\"jet-button__instance jet-button__instance--icon-left hover-effect-1\" href=\"\/ueber-iwell-guard\/?utm_source=iwell-guard.com&amp;utm_medium=info-box&amp;utm_campaign=wesen-tradition\"><div class=\"jet-button__plane jet-button__plane-normal\"><\/div><div class=\"jet-button__plane jet-button__plane-hover\"><\/div><div class=\"jet-button__state jet-button__state-normal\"><span class=\"jet-button__label\">Meira um iWell Guard<\/span><\/div><div class=\"jet-button__state jet-button__state-hover\"><span class=\"jet-button__label\">Meira um iWell Guard<\/span><\/div><\/a><\/div><\/div><style>.elementor-element.elementor-element-iwgw-yam-ccb .jet-button__instance{width:320px;height:56px;}.elementor-element.elementor-element-iwgw-yam-ccb .jet-button__state-normal .jet-button__label{text-align:center;margin:0px 0px 0px 0px;color:#1a1b20;font-family:Montserrat,sans-serif;font-size:13px;font-weight:400;letter-spacing:4px;line-height:1.714em;text-transform:uppercase;}.elementor-element.elementor-element-iwgw-yam-ccb .jet-button__state-hover .jet-button__label{text-align:center;margin:0px 0px 0px 0px;color:#FECC76;font-family:Montserrat,sans-serif;font-size:13px;font-weight:400;letter-spacing:4px;line-height:1.714em;text-transform:uppercase;}.elementor-element.elementor-element-iwgw-yam-ccb .jet-button__plane-normal{background-color:#FECC76;border-style:solid;border-color:#C99540;border-width:2px 2px 2px 2px;}.elementor-element.elementor-element-iwgw-yam-ccb .jet-button__plane-hover{background-color:rgba(0,0,0,0.55);border-style:solid;border-color:#FECC76;border-width:2px 2px 2px 2px;}<\/style>\t\t\t\t<\/div>\n\t\t\t\t<\/div>\n\t\t\t\t<div class=\"elementor-element elementor-element-iwgw-yam-ccd elementor-widget elementor-widget-text-editor\" data-id=\"iwgw-yam-ccd\" data-element_type=\"widget\" data-e-type=\"widget\" data-widget_type=\"text-editor.default\">\n\t\t\t\t\t\t\t\t\t<div data-nosnippet=\"true\"><p style=\"text-align:center;font-size:13px;opacity:0.7;margin-top:14px\" data-nosnippet=\"true\">Pers\u00f3nuleg reynsla getur veri\u00f0 mismunandi. Ekki l\u00e6kningat\u00e6ki. Engin lofor\u00f0 um l\u00e6kningu.<\/p><\/div>\t\t\t\t\t\t\t\t<\/div>\n\t\t\t\t\t<\/div>\n\t\t\t\t<\/div>\n\t\t\t\t\t<\/div>\n\t\t\t\t<\/div>\n\t\t<div class=\"elementor-element elementor-element-iwgw-yam-disc e-flex e-con-boxed e-con e-parent\" data-id=\"iwgw-yam-disc\" data-element_type=\"container\" data-e-type=\"container\">\n\t\t\t\t\t<div class=\"e-con-inner\">\n\t\t\t\t<div class=\"elementor-element elementor-element-iwgw-yam-discw elementor-widget elementor-widget-html\" data-id=\"iwgw-yam-discw\" data-element_type=\"widget\" data-e-type=\"widget\" data-widget_type=\"html.default\">\n\t\t\t\t\t<footer data-nosnippet=\"true\" class=\"iwg-disclaimer-block\"><p data-nosnippet=\"true\">iWell Guard er <strong>ekki l\u00e6kningat\u00e6ki<\/strong> og kemur ekki \u00ed sta\u00f0inn fyrir l\u00e6knis- e\u00f0a s\u00e1lfr\u00e6\u00f0ime\u00f0fer\u00f0. Tr\u00faarfr\u00e6\u00f0ilegt efni er menningars\u00f6gulegt samhengi, ekki r\u00e1\u00f0legging um andlega i\u00f0kun.<\/p><\/footer>\t\t\t\t<\/div>\n\t\t\t\t\t<\/div>\n\t\t\t\t<\/div>\n\t\t\t\t<\/div>\n\t\t","protected":false},"excerpt":{"rendered":"","protected":false},"author":3,"featured_media":2854,"parent":0,"menu_order":0,"comment_status":"closed","ping_status":"closed","template":"elementor_header_footer","meta":{"_yoast_wpseo_focuskw":"Yam F\u00f6nik\u00edumenn hafgu\u00f0 Baal","_yoast_wpseo_title":"Yam \u2013 F\u00f6nik\u00edskur hafgu\u00f0, Baal-hringr\u00e1sin","_yoast_wpseo_metadesc":"Yam er f\u00f6nik\u00edsk-\u00fagar\u00edt\u00edskur hafgu\u00f0, h\u00f6fu\u00f0andst\u00e6\u00f0ingur Baals \u00ed Baal-hringr\u00e1sinni. Tr\u00faarfr\u00e6\u00f0ileg \u00fattekt me\u00f0 go\u00f0s\u00f6gunni.","_yoast_wpseo_meta-robots-noindex":"","_yoast_wpseo_canonical":"","_angie_page":false,"gefaehrdungsstufe":"3","wesen_kultur":"phoenizisch","wesen_klasse":"geister","footnotes":""},"categories":[],"class_list":["post-168975","page","type-page","status-publish","has-post-thumbnail","hentry"],"yoast_head":"<!-- This site is optimized with the Yoast SEO Premium plugin v27.7 (Yoast SEO v28.3) - https:\/\/yoast.com\/product\/yoast-seo-premium-wordpress\/ -->\n<title>Yam \u2013 F\u00f6nik\u00edskur hafgu\u00f0, Baal-hringr\u00e1sin<\/title>\n<meta name=\"description\" content=\"Yam er f\u00f6nik\u00edsk-\u00fagar\u00edt\u00edskur hafgu\u00f0, h\u00f6fu\u00f0andst\u00e6\u00f0ingur Baals \u00ed Baal-hringr\u00e1sinni. Tr\u00faarfr\u00e6\u00f0ileg \u00fattekt me\u00f0 go\u00f0s\u00f6gunni.\" \/>\n<meta name=\"robots\" content=\"index, follow, max-snippet:-1, max-image-preview:large, max-video-preview:-1\" \/>\n<link rel=\"canonical\" href=\"https:\/\/iwell-guard.com\/is\/yam-fonikiskur-hafgud\/\" \/>\n<meta property=\"og:locale\" content=\"is_IS\" \/>\n<meta property=\"og:type\" content=\"article\" \/>\n<meta property=\"og:title\" content=\"Yam \u2013 F\u00f6nik\u00edskur hafgu\u00f0\" \/>\n<meta property=\"og:description\" content=\"Yam er f\u00f6nik\u00edsk-\u00fagar\u00edt\u00edskur hafgu\u00f0, h\u00f6fu\u00f0andst\u00e6\u00f0ingur Baals \u00ed Baal-hringr\u00e1sinni. Tr\u00faarfr\u00e6\u00f0ileg \u00fattekt me\u00f0 go\u00f0s\u00f6gunni.\" \/>\n<meta property=\"og:url\" content=\"https:\/\/iwell-guard.com\/is\/yam-fonikiskur-hafgud\/\" \/>\n<meta property=\"og:site_name\" content=\"iWell Guard\" \/>\n<meta property=\"article:modified_time\" content=\"2026-09-05T14:27:50+00:00\" \/>\n<meta property=\"og:image\" content=\"https:\/\/iwell-guard.com\/wp-content\/uploads\/2026\/05\/goetter_phoenizisch_yam.webp\" \/>\n\t<meta property=\"og:image:width\" content=\"1024\" \/>\n\t<meta property=\"og:image:height\" content=\"1536\" \/>\n\t<meta property=\"og:image:type\" content=\"image\/webp\" \/>\n<meta name=\"twitter:card\" content=\"summary_large_image\" \/>\n<script type=\"application\/ld+json\" class=\"yoast-schema-graph\">{\"@context\":\"https:\\\/\\\/schema.org\",\"@graph\":[{\"@type\":\"WebPage\",\"@id\":\"https:\\\/\\\/iwell-guard.com\\\/is\\\/yam-fonikiskur-hafgud\\\/\",\"url\":\"https:\\\/\\\/iwell-guard.com\\\/is\\\/yam-fonikiskur-hafgud\\\/\",\"name\":\"Yam \u2013 F\u00f6nik\u00edskur hafgu\u00f0, Baal-hringr\u00e1sin\",\"isPartOf\":{\"@id\":\"https:\\\/\\\/iwell-guard.com\\\/is\\\/#website\"},\"primaryImageOfPage\":{\"@id\":\"https:\\\/\\\/iwell-guard.com\\\/is\\\/yam-fonikiskur-hafgud\\\/#primaryimage\"},\"image\":{\"@id\":\"https:\\\/\\\/iwell-guard.com\\\/is\\\/yam-fonikiskur-hafgud\\\/#primaryimage\"},\"thumbnailUrl\":\"https:\\\/\\\/iwell-guard.com\\\/wp-content\\\/uploads\\\/2026\\\/05\\\/goetter_phoenizisch_yam.webp\",\"datePublished\":\"2026-09-05T14:04:31+00:00\",\"dateModified\":\"2026-09-05T14:27:50+00:00\",\"description\":\"Yam er f\u00f6nik\u00edsk-\u00fagar\u00edt\u00edskur hafgu\u00f0, h\u00f6fu\u00f0andst\u00e6\u00f0ingur Baals \u00ed Baal-hringr\u00e1sinni. Tr\u00faarfr\u00e6\u00f0ileg \u00fattekt me\u00f0 go\u00f0s\u00f6gunni.\",\"breadcrumb\":{\"@id\":\"https:\\\/\\\/iwell-guard.com\\\/is\\\/yam-fonikiskur-hafgud\\\/#breadcrumb\"},\"inLanguage\":\"is\",\"potentialAction\":[{\"@type\":\"ReadAction\",\"target\":[\"https:\\\/\\\/iwell-guard.com\\\/is\\\/yam-fonikiskur-hafgud\\\/\"]}]},{\"@type\":\"ImageObject\",\"inLanguage\":\"is\",\"@id\":\"https:\\\/\\\/iwell-guard.com\\\/is\\\/yam-fonikiskur-hafgud\\\/#primaryimage\",\"url\":\"https:\\\/\\\/iwell-guard.com\\\/wp-content\\\/uploads\\\/2026\\\/05\\\/goetter_phoenizisch_yam.webp\",\"contentUrl\":\"https:\\\/\\\/iwell-guard.com\\\/wp-content\\\/uploads\\\/2026\\\/05\\\/goetter_phoenizisch_yam.webp\",\"width\":1024,\"height\":1536,\"caption\":\"Gu\u00f0ir \u00far f\u00f6nik\u00edskri hef\u00f0.\"},{\"@type\":\"BreadcrumbList\",\"@id\":\"https:\\\/\\\/iwell-guard.com\\\/is\\\/yam-fonikiskur-hafgud\\\/#breadcrumb\",\"itemListElement\":[{\"@type\":\"ListItem\",\"position\":1,\"name\":\"Start\",\"item\":\"https:\\\/\\\/iwell-guard.com\\\/is\\\/?page_id=168580\"},{\"@type\":\"ListItem\",\"position\":2,\"name\":\"Yam \u2013 F\u00f6nik\u00edskur hafgu\u00f0\"}]},{\"@type\":\"WebSite\",\"@id\":\"https:\\\/\\\/iwell-guard.com\\\/is\\\/#website\",\"url\":\"https:\\\/\\\/iwell-guard.com\\\/is\\\/\",\"name\":\"iWell Guard\",\"description\":\"Schutz vor dunklen Einfl\u00fcssen\",\"publisher\":{\"@id\":\"https:\\\/\\\/iwell-guard.com\\\/is\\\/#organization\"},\"potentialAction\":[{\"@type\":\"SearchAction\",\"target\":{\"@type\":\"EntryPoint\",\"urlTemplate\":\"https:\\\/\\\/iwell-guard.com\\\/is\\\/?s={search_term_string}\"},\"query-input\":{\"@type\":\"PropertyValueSpecification\",\"valueRequired\":true,\"valueName\":\"search_term_string\"}}],\"inLanguage\":\"is\"},{\"@type\":\"Organization\",\"@id\":\"https:\\\/\\\/iwell-guard.com\\\/is\\\/#organization\",\"name\":\"Ittermann electronic GmbH\",\"url\":\"https:\\\/\\\/iwell-guard.com\\\/is\\\/\",\"logo\":{\"@type\":\"ImageObject\",\"inLanguage\":\"is\",\"@id\":\"https:\\\/\\\/iwell-guard.com\\\/is\\\/#\\\/schema\\\/logo\\\/image\\\/\",\"url\":\"https:\\\/\\\/iwell-guard.com\\\/wp-content\\\/uploads\\\/2026\\\/05\\\/Ittermann-Logo-1182x237-1.png\",\"contentUrl\":\"https:\\\/\\\/iwell-guard.com\\\/wp-content\\\/uploads\\\/2026\\\/05\\\/Ittermann-Logo-1182x237-1.png\",\"width\":1182,\"height\":237,\"caption\":\"Ittermann electronic GmbH\"},\"image\":{\"@id\":\"https:\\\/\\\/iwell-guard.com\\\/is\\\/#\\\/schema\\\/logo\\\/image\\\/\"},\"sameAs\":[\"https:\\\/\\\/pantip.com\\\/profile\\\/9367242\",\"https:\\\/\\\/micro.blog\\\/iwellguard\",\"https:\\\/\\\/www.diggerslist.com\\\/iwellguard\\\/about\",\"https:\\\/\\\/skitterphoto.com\\\/photographers\\\/2870314\\\/iwell-guard\",\"https:\\\/\\\/iwellguard.wordpress.com\\\/2026\\\/06\\\/06\\\/iwell-guard\\\/\",\"https:\\\/\\\/hub.docker.com\\\/u\\\/iwellguard\",\"https:\\\/\\\/www.pinterest.com\\\/iwellguard\\\/\",\"https:\\\/\\\/bit.ly\\\/m\\\/iwellguard\",\"https:\\\/\\\/entre-vos-mains.alsace.eu\\\/profiles\\\/iwellguard\\\/activity\",\"https:\\\/\\\/gravatar.com\\\/reallybeded8fd34\",\"https:\\\/\\\/naijamatta.com\\\/iwellguard\",\"https:\\\/\\\/www.goodreads.com\\\/iwellguard\",\"https:\\\/\\\/profile.hatena.ne.jp\\\/iwellguard\\\/\",\"https:\\\/\\\/experiment.com\\\/users\\\/iwellguard\",\"https:\\\/\\\/wakelet.com\\\/@iWellGuard82270\",\"https:\\\/\\\/www.chordie.com\\\/forum\\\/profile.php?id=2555664\",\"https:\\\/\\\/www.instapaper.com\\\/p\\\/17757966\",\"https:\\\/\\\/www.mapleprimes.com\\\/users\\\/iwellguard\",\"https:\\\/\\\/businesslistingplus.com\\\/profile\\\/iwell-guard\\\/\",\"https:\\\/\\\/telegra.ph\\\/iWell-Guard-06-06\",\"https:\\\/\\\/pbase.com\\\/iwellguard\\\/iwellguard\",\"https:\\\/\\\/b.hatena.ne.jp\\\/iwellguard\\\/20260607#bookmark-4788405196491818882\",\"https:\\\/\\\/fliphtml5.com\\\/home\\\/iwellguard\",\"https:\\\/\\\/anyflip.com\\\/homepage\\\/cmiwl#About\",\"https:\\\/\\\/transfur.com\\\/Users\\\/iwellguard\",\"http:\\\/\\\/delphi.larsbo.org\\\/user\\\/iwellguard\",\"https:\\\/\\\/jobs.lajobsportal.org\\\/profiles\\\/8380803-iwell-guard\",\"https:\\\/\\\/md.chaosdorf.de\\\/s\\\/jfbe5SBdJD\",\"https:\\\/\\\/www.lingvolive.com\\\/en-us\\\/profile\\\/9ecaeaca-ce11-4e51-9e71-01d55e2bff36\\\/translations\",\"https:\\\/\\\/www.fitday.com\\\/fitness\\\/forums\\\/members\\\/iwellguard.html\",\"https:\\\/\\\/www.mymeetbook.com\\\/iwellguard\",\"https:\\\/\\\/pxhere.com\\\/en\\\/photographer-me\\\/5040798\",\"https:\\\/\\\/disqus.com\\\/by\\\/iwellguard\\\/about\\\/\",\"https:\\\/\\\/pastelink.net\\\/hjwciqwq\",\"https:\\\/\\\/pubhtml5.com\\\/homepage\\\/scjhn\\\/\",\"https:\\\/\\\/www.bitchute.com\\\/channel\\\/2O2eOKzNqujT\",\"https:\\\/\\\/audiomack.com\\\/iwellguard\"]},{\"@type\":\"Article\",\"@id\":\"https:\\\/\\\/iwell-guard.com\\\/is\\\/yam-fonikiskur-hafgud\\\/#article\",\"isPartOf\":{\"@id\":\"https:\\\/\\\/iwell-guard.com\\\/is\\\/yam-fonikiskur-hafgud\\\/\"},\"author\":{\"name\":\"Ralf Ittermann\",\"@id\":\"https:\\\/\\\/iwell-guard.com\\\/is\\\/#\\\/schema\\\/person\\\/ee2a27f1cac3406c7c6fb5820cb7349f\"},\"headline\":\"Yam \u2013 F\u00f6nik\u00edskur hafgu\u00f0\",\"datePublished\":\"2026-09-05T14:04:31+00:00\",\"dateModified\":\"2026-09-05T14:27:50+00:00\",\"mainEntityOfPage\":{\"@id\":\"https:\\\/\\\/iwell-guard.com\\\/is\\\/yam-fonikiskur-hafgud\\\/\"},\"publisher\":{\"@id\":\"https:\\\/\\\/iwell-guard.com\\\/is\\\/#organization\"},\"image\":{\"@id\":\"https:\\\/\\\/iwell-guard.com\\\/is\\\/yam-fonikiskur-hafgud\\\/#primaryimage\"},\"thumbnailUrl\":\"https:\\\/\\\/iwell-guard.com\\\/wp-content\\\/uploads\\\/2026\\\/05\\\/goetter_phoenizisch_yam.webp\",\"inLanguage\":\"is\",\"description\":\"Yam er f\u00f6nik\u00edsk-\u00fagar\u00edt\u00edskur hafgu\u00f0, h\u00f6fu\u00f0andst\u00e6\u00f0ingur Baals \u00ed Baal-hringr\u00e1sinni. Tr\u00faarfr\u00e6\u00f0ileg \u00fattekt me\u00f0 go\u00f0s\u00f6gunni.\"}]}<\/script>\n<!-- \/ Yoast SEO Premium plugin. -->","yoast_head_json":{"title":"Yam \u2013 F\u00f6nik\u00edskur hafgu\u00f0, Baal-hringr\u00e1sin","description":"Yam er f\u00f6nik\u00edsk-\u00fagar\u00edt\u00edskur hafgu\u00f0, h\u00f6fu\u00f0andst\u00e6\u00f0ingur Baals \u00ed Baal-hringr\u00e1sinni. Tr\u00faarfr\u00e6\u00f0ileg \u00fattekt me\u00f0 go\u00f0s\u00f6gunni.","robots":{"index":"index","follow":"follow","max-snippet":"max-snippet:-1","max-image-preview":"max-image-preview:large","max-video-preview":"max-video-preview:-1"},"canonical":"https:\/\/iwell-guard.com\/is\/yam-fonikiskur-hafgud\/","og_locale":"is_IS","og_type":"article","og_title":"Yam \u2013 F\u00f6nik\u00edskur hafgu\u00f0","og_description":"Yam er f\u00f6nik\u00edsk-\u00fagar\u00edt\u00edskur hafgu\u00f0, h\u00f6fu\u00f0andst\u00e6\u00f0ingur Baals \u00ed Baal-hringr\u00e1sinni. Tr\u00faarfr\u00e6\u00f0ileg \u00fattekt me\u00f0 go\u00f0s\u00f6gunni.","og_url":"https:\/\/iwell-guard.com\/is\/yam-fonikiskur-hafgud\/","og_site_name":"iWell Guard","article_modified_time":"2026-09-05T14:27:50+00:00","og_image":[{"width":1024,"height":1536,"url":"https:\/\/iwell-guard.com\/wp-content\/uploads\/2026\/05\/goetter_phoenizisch_yam.webp","type":"image\/webp"}],"twitter_card":"summary_large_image","schema":{"@context":"https:\/\/schema.org","@graph":[{"@type":"Article","@id":"https:\/\/iwell-guard.com\/is\/yam-fonikiskur-hafgud\/#article","isPartOf":{"@id":"https:\/\/iwell-guard.com\/is\/yam-fonikiskur-hafgud\/"},"author":{"name":"Ralf Ittermann","@id":"https:\/\/iwell-guard.com\/is\/#\/schema\/person\/ee2a27f1cac3406c7c6fb5820cb7349f"},"headline":"Yam \u2013 F\u00f6nik\u00edskur hafgu\u00f0","datePublished":"2026-09-05T14:04:31+00:00","dateModified":"2026-09-05T14:27:50+00:00","mainEntityOfPage":{"@id":"https:\/\/iwell-guard.com\/is\/yam-fonikiskur-hafgud\/"},"publisher":{"@id":"https:\/\/iwell-guard.com\/is\/#organization"},"image":{"@id":"https:\/\/iwell-guard.com\/is\/yam-fonikiskur-hafgud\/#primaryimage"},"thumbnailUrl":"https:\/\/iwell-guard.com\/wp-content\/uploads\/2026\/05\/goetter_phoenizisch_yam.webp","inLanguage":"is","description":"Yam er f\u00f6nik\u00edsk-\u00fagar\u00edt\u00edskur hafgu\u00f0, h\u00f6fu\u00f0andst\u00e6\u00f0ingur Baals \u00ed Baal-hringr\u00e1sinni. Tr\u00faarfr\u00e6\u00f0ileg \u00fattekt me\u00f0 go\u00f0s\u00f6gunni."},{"@type":"WebPage","@id":"https:\/\/iwell-guard.com\/is\/yam-fonikiskur-hafgud\/","url":"https:\/\/iwell-guard.com\/is\/yam-fonikiskur-hafgud\/","name":"Yam \u2013 F\u00f6nik\u00edskur hafgu\u00f0, Baal-hringr\u00e1sin","isPartOf":{"@id":"https:\/\/iwell-guard.com\/is\/#website"},"primaryImageOfPage":{"@id":"https:\/\/iwell-guard.com\/is\/yam-fonikiskur-hafgud\/#primaryimage"},"image":{"@id":"https:\/\/iwell-guard.com\/is\/yam-fonikiskur-hafgud\/#primaryimage"},"thumbnailUrl":"https:\/\/iwell-guard.com\/wp-content\/uploads\/2026\/05\/goetter_phoenizisch_yam.webp","datePublished":"2026-09-05T14:04:31+00:00","dateModified":"2026-09-05T14:27:50+00:00","description":"Yam er f\u00f6nik\u00edsk-\u00fagar\u00edt\u00edskur hafgu\u00f0, h\u00f6fu\u00f0andst\u00e6\u00f0ingur Baals \u00ed Baal-hringr\u00e1sinni. Tr\u00faarfr\u00e6\u00f0ileg \u00fattekt me\u00f0 go\u00f0s\u00f6gunni.","breadcrumb":{"@id":"https:\/\/iwell-guard.com\/is\/yam-fonikiskur-hafgud\/#breadcrumb"},"inLanguage":"is","potentialAction":[{"@type":"ReadAction","target":["https:\/\/iwell-guard.com\/is\/yam-fonikiskur-hafgud\/"]}]},{"@type":"ImageObject","inLanguage":"is","@id":"https:\/\/iwell-guard.com\/is\/yam-fonikiskur-hafgud\/#primaryimage","url":"https:\/\/iwell-guard.com\/wp-content\/uploads\/2026\/05\/goetter_phoenizisch_yam.webp","contentUrl":"https:\/\/iwell-guard.com\/wp-content\/uploads\/2026\/05\/goetter_phoenizisch_yam.webp","width":1024,"height":1536,"caption":"Gu\u00f0ir \u00far f\u00f6nik\u00edskri hef\u00f0."},{"@type":"BreadcrumbList","@id":"https:\/\/iwell-guard.com\/is\/yam-fonikiskur-hafgud\/#breadcrumb","itemListElement":[{"@type":"ListItem","position":1,"name":"Start","item":"https:\/\/iwell-guard.com\/is\/?page_id=168580"},{"@type":"ListItem","position":2,"name":"Yam \u2013 F\u00f6nik\u00edskur hafgu\u00f0"}]},{"@type":"WebSite","@id":"https:\/\/iwell-guard.com\/is\/#website","url":"https:\/\/iwell-guard.com\/is\/","name":"iWell Guard","description":"Schutz vor dunklen Einfl\u00fcssen","publisher":{"@id":"https:\/\/iwell-guard.com\/is\/#organization"},"potentialAction":[{"@type":"SearchAction","target":{"@type":"EntryPoint","urlTemplate":"https:\/\/iwell-guard.com\/is\/?s={search_term_string}"},"query-input":{"@type":"PropertyValueSpecification","valueRequired":true,"valueName":"search_term_string"}}],"inLanguage":"is"},{"@type":"Organization","@id":"https:\/\/iwell-guard.com\/is\/#organization","name":"Ittermann electronic GmbH","url":"https:\/\/iwell-guard.com\/is\/","logo":{"@type":"ImageObject","inLanguage":"is","@id":"https:\/\/iwell-guard.com\/is\/#\/schema\/logo\/image\/","url":"https:\/\/iwell-guard.com\/wp-content\/uploads\/2026\/05\/Ittermann-Logo-1182x237-1.png","contentUrl":"https:\/\/iwell-guard.com\/wp-content\/uploads\/2026\/05\/Ittermann-Logo-1182x237-1.png","width":1182,"height":237,"caption":"Ittermann electronic GmbH"},"image":{"@id":"https:\/\/iwell-guard.com\/is\/#\/schema\/logo\/image\/"},"sameAs":["https:\/\/pantip.com\/profile\/9367242","https:\/\/micro.blog\/iwellguard","https:\/\/www.diggerslist.com\/iwellguard\/about","https:\/\/skitterphoto.com\/photographers\/2870314\/iwell-guard","https:\/\/iwellguard.wordpress.com\/2026\/06\/06\/iwell-guard\/","https:\/\/hub.docker.com\/u\/iwellguard","https:\/\/www.pinterest.com\/iwellguard\/","https:\/\/bit.ly\/m\/iwellguard","https:\/\/entre-vos-mains.alsace.eu\/profiles\/iwellguard\/activity","https:\/\/gravatar.com\/reallybeded8fd34","https:\/\/naijamatta.com\/iwellguard","https:\/\/www.goodreads.com\/iwellguard","https:\/\/profile.hatena.ne.jp\/iwellguard\/","https:\/\/experiment.com\/users\/iwellguard","https:\/\/wakelet.com\/@iWellGuard82270","https:\/\/www.chordie.com\/forum\/profile.php?id=2555664","https:\/\/www.instapaper.com\/p\/17757966","https:\/\/www.mapleprimes.com\/users\/iwellguard","https:\/\/businesslistingplus.com\/profile\/iwell-guard\/","https:\/\/telegra.ph\/iWell-Guard-06-06","https:\/\/pbase.com\/iwellguard\/iwellguard","https:\/\/b.hatena.ne.jp\/iwellguard\/20260607#bookmark-4788405196491818882","https:\/\/fliphtml5.com\/home\/iwellguard","https:\/\/anyflip.com\/homepage\/cmiwl#About","https:\/\/transfur.com\/Users\/iwellguard","http:\/\/delphi.larsbo.org\/user\/iwellguard","https:\/\/jobs.lajobsportal.org\/profiles\/8380803-iwell-guard","https:\/\/md.chaosdorf.de\/s\/jfbe5SBdJD","https:\/\/www.lingvolive.com\/en-us\/profile\/9ecaeaca-ce11-4e51-9e71-01d55e2bff36\/translations","https:\/\/www.fitday.com\/fitness\/forums\/members\/iwellguard.html","https:\/\/www.mymeetbook.com\/iwellguard","https:\/\/pxhere.com\/en\/photographer-me\/5040798","https:\/\/disqus.com\/by\/iwellguard\/about\/","https:\/\/pastelink.net\/hjwciqwq","https:\/\/pubhtml5.com\/homepage\/scjhn\/","https:\/\/www.bitchute.com\/channel\/2O2eOKzNqujT","https:\/\/audiomack.com\/iwellguard"]},{"@type":"Person","@id":"https:\/\/iwell-guard.com\/is\/#\/schema\/person\/ee2a27f1cac3406c7c6fb5820cb7349f","name":"Ralf Ittermann","image":{"@type":"ImageObject","inLanguage":"is","@id":"https:\/\/secure.gravatar.com\/avatar\/073c0153e350a5005b68eb752b445fea71f6b24a26da9449ad7e155e6b446c9d?s=96&d=mm&r=g","url":"https:\/\/secure.gravatar.com\/avatar\/073c0153e350a5005b68eb752b445fea71f6b24a26da9449ad7e155e6b446c9d?s=96&d=mm&r=g","contentUrl":"https:\/\/secure.gravatar.com\/avatar\/073c0153e350a5005b68eb752b445fea71f6b24a26da9449ad7e155e6b446c9d?s=96&d=mm&r=g","caption":"Ralf Ittermann"},"givenName":"Ralf","familyName":"Ittermann","jobTitle":"Gesch\u00e4ftsf\u00fchrer und redaktioneller Verantwortlicher","url":"https:\/\/iwell-guard.com\/is\/author\/claude\/","description":"Ralf Ittermann ist Gesch\u00e4ftsf\u00fchrer der Ittermann electronic GmbH und redaktioneller Verantwortlicher des iWell-Guard-Lexikons. Er verbindet langj\u00e4hrige Erfahrung in der Pr\u00e4zisionsfertigung mit medialer Praxis und religionsgeschichtlicher Quellenarbeit.","worksFor":{"@type":"Organization","name":"Ittermann electronic GmbH","url":"https:\/\/ittermann.de\/","address":{"@type":"PostalAddress","streetAddress":"K\u00f6hlergasse 16-18","postalCode":"99842","addressLocality":"Ruhla","addressCountry":"DE"}},"knowsAbout":["Religionsgeschichte","Mythologie","Mediale Praxis","Energetische Diagnostik","Schutzpraxis","Volksglauben","Westliche Esoterik"]},{"@type":"Article","@id":"https:\/\/iwell-guard.com\/is\/yam-fonikiskur-hafgud\/#article","isPartOf":{"@id":"https:\/\/iwell-guard.com\/is\/yam-fonikiskur-hafgud\/"},"author":{"name":"Ralf Ittermann","@id":"https:\/\/iwell-guard.com\/is\/#\/schema\/person\/ee2a27f1cac3406c7c6fb5820cb7349f"},"headline":"Yam \u2013 F\u00f6nik\u00edskur hafgu\u00f0","datePublished":"2026-09-05T14:04:31+00:00","dateModified":"2026-09-05T14:27:50+00:00","mainEntityOfPage":{"@id":"https:\/\/iwell-guard.com\/is\/yam-fonikiskur-hafgud\/"},"publisher":{"@id":"https:\/\/iwell-guard.com\/is\/#organization"},"image":{"@id":"https:\/\/iwell-guard.com\/is\/yam-fonikiskur-hafgud\/#primaryimage"},"thumbnailUrl":"https:\/\/iwell-guard.com\/wp-content\/uploads\/2026\/05\/goetter_phoenizisch_yam.webp","inLanguage":"is","description":"Yam er f\u00f6nik\u00edsk-\u00fagar\u00edt\u00edskur hafgu\u00f0, h\u00f6fu\u00f0andst\u00e6\u00f0ingur Baals \u00ed Baal-hringr\u00e1sinni. Tr\u00faarfr\u00e6\u00f0ileg \u00fattekt me\u00f0 go\u00f0s\u00f6gunni."}]}},"_links":{"self":[{"href":"https:\/\/iwell-guard.com\/is\/wp-json\/wp\/v2\/pages\/168975","targetHints":{"allow":["GET"]}}],"collection":[{"href":"https:\/\/iwell-guard.com\/is\/wp-json\/wp\/v2\/pages"}],"about":[{"href":"https:\/\/iwell-guard.com\/is\/wp-json\/wp\/v2\/types\/page"}],"author":[{"embeddable":true,"href":"https:\/\/iwell-guard.com\/is\/wp-json\/wp\/v2\/users\/3"}],"replies":[{"embeddable":true,"href":"https:\/\/iwell-guard.com\/is\/wp-json\/wp\/v2\/comments?post=168975"}],"version-history":[{"count":0,"href":"https:\/\/iwell-guard.com\/is\/wp-json\/wp\/v2\/pages\/168975\/revisions"}],"wp:featuredmedia":[{"embeddable":true,"href":"https:\/\/iwell-guard.com\/is\/wp-json\/wp\/v2\/media\/2854"}],"wp:attachment":[{"href":"https:\/\/iwell-guard.com\/is\/wp-json\/wp\/v2\/media?parent=168975"}],"wp:term":[{"taxonomy":"category","embeddable":true,"href":"https:\/\/iwell-guard.com\/is\/wp-json\/wp\/v2\/categories?post=168975"}],"curies":[{"name":"wp","href":"https:\/\/api.w.org\/{rel}","templated":true}]}}