{"id":168974,"date":"2026-09-05T14:04:30","date_gmt":"2026-09-05T14:04:30","guid":{"rendered":"https:\/\/iwell-guard.com\/?page_id=168974"},"modified":"2026-09-05T14:27:40","modified_gmt":"2026-09-05T14:27:40","slug":"eshmun-heilagud-sidonar","status":"publish","type":"page","link":"https:\/\/iwell-guard.com\/is\/eshmun-heilagud-sidonar\/","title":{"rendered":"Eshmun \u2013 heilagu\u00f0 S\u00eddonar"},"content":{"rendered":"\t\t<div data-elementor-type=\"wp-page\" data-elementor-id=\"168974\" class=\"elementor elementor-168974 elementor-2629 elementor-bc-flex-widget\" data-elementor-post-type=\"page\">\n\t\t\t\t<div class=\"elementor-element elementor-element-iwgw-eshmun-hero e-flex e-con-boxed e-con e-parent\" data-id=\"iwgw-eshmun-hero\" data-element_type=\"container\" data-e-type=\"container\" data-settings=\"{&quot;background_background&quot;:&quot;classic&quot;}\">\n\t\t\t\t\t<div class=\"e-con-inner\">\n\t\t<div class=\"elementor-element elementor-element-iwgw-eshmun-hl e-flex e-con-boxed e-con e-child\" data-id=\"iwgw-eshmun-hl\" data-element_type=\"container\" data-e-type=\"container\">\n\t\t\t\t\t<div class=\"e-con-inner\">\n\t\t<div class=\"elementor-element elementor-element-iwgw-eshmun-htxt e-con-full e-flex e-con e-child\" data-id=\"iwgw-eshmun-htxt\" data-element_type=\"container\" data-e-type=\"container\">\n\t\t\t\t<div class=\"elementor-element elementor-element-iwgw-eshmun-h1 elementor-widget elementor-widget-heading\" data-id=\"iwgw-eshmun-h1\" data-element_type=\"widget\" data-e-type=\"widget\" data-widget_type=\"heading.default\">\n\t\t\t\t\t<h1 class=\"elementor-heading-title elementor-size-default\">Eshmun, f\u00f6nik\u00edskur heilagu\u00f0 og verndargu\u00f0 S\u00eddonar<\/h1>\t\t\t\t<\/div>\n\t\t\t\t<div class=\"elementor-element elementor-element-iwgw-eshmun-lead elementor-widget elementor-widget-text-editor\" data-id=\"iwgw-eshmun-lead\" data-element_type=\"widget\" data-e-type=\"widget\" data-widget_type=\"text-editor.default\">\n\t\t\t\t\t\t\t\t\t<p>Eshmun (\u00e1 f\u00f6nik\u00edsku <em>\u02be\u0161mn<\/em>) er \u00e6\u00f0sti verndargu\u00f0 S\u00eddonar og einn af mikilv\u00e6gustu heilago\u00f0um f\u00f6nik\u00edska heimsins. Hann var samsama\u00f0ur gr\u00edska gu\u00f0inum Asklep\u00edos og er \u00ed mi\u00f0ju umfangsmikillar heilunard\u00fdrkunar me\u00f0 hinu fr\u00e6ga Eshmun-<span class=\"iwg-fachbegriff\" data-tooltip=\"Bygging sem er notu\u00f0 til a\u00f0 tilbi\u00f0ja einn e\u00f0a fleiri gu\u00f0i.\" tabindex=\"0\">hofinu<\/span> vi\u00f0 S\u00eddon.<\/p>\t\t\t\t\t\t\t\t<\/div>\n\t\t\t\t<\/div>\n\t\t<div class=\"elementor-element elementor-element-iwgw-eshmun-pillc e-con-full e-flex e-con e-child\" data-id=\"iwgw-eshmun-pillc\" data-element_type=\"container\" data-e-type=\"container\">\n\t\t\t\t<div class=\"elementor-element elementor-element-iwgw-eshmun-pills elementor-widget elementor-widget-html\" data-id=\"iwgw-eshmun-pills\" data-element_type=\"widget\" data-e-type=\"widget\" data-widget_type=\"html.default\">\n\t\t\t\t\t<div class=\"iwg-pill-row\"><span class=\"iwg-klasse-badge\" tabindex=\"0\" data-tooltip=\"Gu\u00f0 af f\u00f6nik\u00edskum uppruna.\">Gu\u00f0<\/span><a href=\"https:\/\/iwell-guard.com\/is\/fonikiumenn-og-kartago-baal-tanit\/\" class=\"iwg-kultur-badge\" tabindex=\"0\" data-tooltip=\"Go\u00f0afr\u00e6\u00f0i af f\u00f6nik\u00edskum uppruna.\">F\u00f6nik\u00edskt<\/a><span class=\"iwg-tradition-badge\" tabindex=\"0\" data-tooltip=\"Heilagu\u00f0.\">Heilagu\u00f0<\/span><\/div>\t\t\t\t<\/div>\n\t\t\t\t<\/div>\n\t\t<div class=\"elementor-element elementor-element-iwgw-eshmun-tocc e-con-full e-flex e-con e-child\" data-id=\"iwgw-eshmun-tocc\" data-element_type=\"container\" data-e-type=\"container\">\n\t\t\t\t<div class=\"elementor-element elementor-element-iwgw-eshmun-toc elementor-toc--minimized-on-tablet elementor-widget elementor-widget-table-of-contents\" data-id=\"iwgw-eshmun-toc\" data-element_type=\"widget\" data-e-type=\"widget\" data-settings=\"{&quot;headings_by_tags&quot;:[&quot;h2&quot;,&quot;h3&quot;],&quot;minimize_box&quot;:&quot;yes&quot;,&quot;marker_view&quot;:&quot;bullets&quot;,&quot;no_headings_message&quot;:&quot;Engar undirfyrirsagnir fundust \\u00e1 \\u00feessari s\\u00ed\\u00f0u.&quot;,&quot;exclude_headings_by_selector&quot;:[],&quot;icon&quot;:{&quot;value&quot;:&quot;fas fa-circle&quot;,&quot;library&quot;:&quot;fa-solid&quot;,&quot;rendered_tag&quot;:&quot;&lt;svg class=\\&quot;e-font-icon-svg e-fas-circle\\&quot; viewBox=\\&quot;0 0 512 512\\&quot; xmlns=\\&quot;http:\\\/\\\/www.w3.org\\\/2000\\\/svg\\&quot;&gt;&lt;path d=\\&quot;M256 8C119 8 8 119 8 256s111 248 248 248 248-111 248-248S393 8 256 8z\\&quot;&gt;&lt;\\\/path&gt;&lt;\\\/svg&gt;&quot;},&quot;minimized_on&quot;:&quot;tablet&quot;,&quot;hierarchical_view&quot;:&quot;yes&quot;,&quot;min_height&quot;:{&quot;unit&quot;:&quot;px&quot;,&quot;size&quot;:&quot;&quot;,&quot;sizes&quot;:[]},&quot;min_height_tablet&quot;:{&quot;unit&quot;:&quot;px&quot;,&quot;size&quot;:&quot;&quot;,&quot;sizes&quot;:[]},&quot;min_height_mobile&quot;:{&quot;unit&quot;:&quot;px&quot;,&quot;size&quot;:&quot;&quot;,&quot;sizes&quot;:[]}}\" data-widget_type=\"table-of-contents.default\">\n\t\t\t\t\t\t\t\t\t<div class=\"elementor-toc__header\">\n\t\t\t\t\t\t<h2 class=\"elementor-toc__header-title\">\n\t\t\t\tEfnisyfirlit\t\t\t<\/h2>\n\t\t\t\t\t\t\t\t\t\t<div class=\"elementor-toc__toggle-button elementor-toc__toggle-button--expand\" role=\"button\" tabindex=\"0\" aria-controls=\"elementor-toc__iwgw-eshmun-toc\" aria-expanded=\"true\" aria-label=\"Open table of contents\"><svg aria-hidden=\"true\" class=\"e-font-icon-svg e-fas-chevron-down\" viewBox=\"0 0 448 512\" xmlns=\"http:\/\/www.w3.org\/2000\/svg\"><path d=\"M207.029 381.476L12.686 187.132c-9.373-9.373-9.373-24.569 0-33.941l22.667-22.667c9.357-9.357 24.522-9.375 33.901-.04L224 284.505l154.745-154.021c9.379-9.335 24.544-9.317 33.901.04l22.667 22.667c9.373 9.373 9.373 24.569 0 33.941L240.971 381.476c-9.373 9.372-24.569 9.372-33.942 0z\"><\/path><\/svg><\/div>\n\t\t\t\t<div class=\"elementor-toc__toggle-button elementor-toc__toggle-button--collapse\" role=\"button\" tabindex=\"0\" aria-controls=\"elementor-toc__iwgw-eshmun-toc\" aria-expanded=\"true\" aria-label=\"Close table of contents\"><svg aria-hidden=\"true\" class=\"e-font-icon-svg e-fas-chevron-up\" viewBox=\"0 0 448 512\" xmlns=\"http:\/\/www.w3.org\/2000\/svg\"><path d=\"M240.971 130.524l194.343 194.343c9.373 9.373 9.373 24.569 0 33.941l-22.667 22.667c-9.357 9.357-24.522 9.375-33.901.04L224 227.495 69.255 381.516c-9.379 9.335-24.544 9.317-33.901-.04l-22.667-22.667c-9.373-9.373-9.373-24.569 0-33.941L207.03 130.525c9.372-9.373 24.568-9.373 33.941-.001z\"><\/path><\/svg><\/div>\n\t\t\t\t\t<\/div>\n\t\t\t\t<div id=\"elementor-toc__iwgw-eshmun-toc\" class=\"elementor-toc__body\">\n\t\t\t<div class=\"elementor-toc__spinner-container\">\n\t\t\t\t<svg class=\"elementor-toc__spinner eicon-animation-spin e-font-icon-svg e-eicon-loading\" aria-hidden=\"true\" viewBox=\"0 0 1000 1000\" xmlns=\"http:\/\/www.w3.org\/2000\/svg\"><path d=\"M500 975V858C696 858 858 696 858 500S696 142 500 142 142 304 142 500H25C25 237 238 25 500 25S975 237 975 500 763 975 500 975Z\"><\/path><\/svg>\t\t\t<\/div>\n\t\t<\/div>\n\t\t\t\t\t\t<\/div>\n\t\t\t\t<\/div>\n\t\t\t\t\t<\/div>\n\t\t\t\t<\/div>\n\t\t<div class=\"elementor-element elementor-element-iwgw-eshmun-hr e-con-full e-flex e-con e-child\" data-id=\"iwgw-eshmun-hr\" data-element_type=\"container\" data-e-type=\"container\">\n\t\t\t\t<div class=\"elementor-element elementor-element-iwgw-eshmun-heroimg iwg-hero-image elementor-widget elementor-widget-image\" data-id=\"iwgw-eshmun-heroimg\" data-element_type=\"widget\" data-e-type=\"widget\" data-widget_type=\"image.default\">\n\t\t\t\t\t\t\t\t\t\t\t\t\t\t\t<img fetchpriority=\"high\" decoding=\"async\" width=\"683\" height=\"1024\" src=\"https:\/\/iwell-guard.com\/wp-content\/uploads\/2026\/05\/goetter_phoenizisch_eshmun-683x1024.webp\" class=\"attachment-large size-large wp-image-170808\" alt=\"Eshmun - Gu\u00f0ir \u00far f\u00f6nik\u00edskri hef\u00f0, s\u00f6gulega myndskreytt\" srcset=\"https:\/\/iwell-guard.com\/wp-content\/uploads\/2026\/05\/goetter_phoenizisch_eshmun-683x1024.webp 683w, https:\/\/iwell-guard.com\/wp-content\/uploads\/2026\/05\/goetter_phoenizisch_eshmun-200x300.webp 200w, https:\/\/iwell-guard.com\/wp-content\/uploads\/2026\/05\/goetter_phoenizisch_eshmun-768x1152.webp 768w, https:\/\/iwell-guard.com\/wp-content\/uploads\/2026\/05\/goetter_phoenizisch_eshmun.webp 1024w\" sizes=\"(max-width: 683px) 100vw, 683px\" \/>\t\t\t\t\t\t\t\t\t\t\t\t\t\t\t<\/div>\n\t\t\t\t<\/div>\n\t\t\t\t\t<\/div>\n\t\t\t\t<\/div>\n\t\t\t\t<section class=\"elementor-section elementor-top-section elementor-element elementor-element-sec-iwgcomp-eshmun elementor-section-boxed elementor-section-height-default elementor-section-height-default\" data-id=\"sec-iwgcomp-eshmun\" data-element_type=\"section\" data-e-type=\"section\">\n\t\t\t\t\t\t<div class=\"elementor-container elementor-column-gap-default\">\n\t\t\t\t\t<div class=\"elementor-column elementor-col-100 elementor-top-column elementor-element elementor-element-col-iwgcomp-eshmun\" data-id=\"col-iwgcomp-eshmun\" data-element_type=\"column\" data-e-type=\"column\">\n\t\t\t<div class=\"elementor-widget-wrap elementor-element-populated\">\n\t\t\t\t\t\t<div class=\"elementor-element elementor-element-iwgcomp-eshmun elementor-widget elementor-widget-text-editor\" data-id=\"iwgcomp-eshmun\" data-element_type=\"widget\" data-e-type=\"widget\" data-widget_type=\"text-editor.default\">\n\t\t\t\t\t\t\t\t\t<p><strong><span class=\"iwg-fachbegriff\" data-tooltip=\"Yfirlifu\u00f0 fr\u00e1s\u00f6gn um gu\u00f0i, uppruna og skipulag heimsins.\" tabindex=\"0\">Go\u00f0s\u00f6gnin<\/span><\/strong> um Eshmun tengir f\u00f6nik\u00edska heilunard\u00fdrkun vi\u00f0 hellen\u00edskar Asklep\u00edos-hef\u00f0ir og m\u00f3ta\u00f0i hofd\u00fdrkunina \u00ed S\u00eddon um aldara\u00f0ir.<\/p>\t\t\t\t\t\t\t\t<\/div>\n\t\t\t\t\t<\/div>\n\t\t<\/div>\n\t\t\t\t\t<\/div>\n\t\t<\/section>\n\t\t<div class=\"elementor-element elementor-element-iwgw-eshmun-s0 e-flex e-con-boxed e-con e-parent\" data-id=\"iwgw-eshmun-s0\" data-element_type=\"container\" data-e-type=\"container\">\n\t\t\t\t\t<div class=\"e-con-inner\">\n\t\t\t\t<div class=\"elementor-element elementor-element-iwgw-eshmun-s0h elementor-widget elementor-widget-heading\" data-id=\"iwgw-eshmun-s0h\" data-element_type=\"widget\" data-e-type=\"widget\" data-widget_type=\"heading.default\">\n\t\t\t\t\t<h2 class=\"elementor-heading-title elementor-size-default\">Greining og skammrit<\/h2>\t\t\t\t<\/div>\n\t\t<div class=\"elementor-element elementor-element-iwgw-eshmun-s0c e-con-full e-flex e-con e-child\" data-id=\"iwgw-eshmun-s0c\" data-element_type=\"container\" data-e-type=\"container\">\n\t\t\t\t<div class=\"elementor-element elementor-element-iwgw-eshmun-s0t elementor-widget elementor-widget-text-editor\" data-id=\"iwgw-eshmun-s0t\" data-element_type=\"widget\" data-e-type=\"widget\" data-widget_type=\"text-editor.default\">\n\t\t\t\t\t\t\t\t\t<p>Eshmun er me\u00f0al mikilv\u00e6gustu f\u00f6nik\u00edsku gu\u00f0anna; hann er verndargu\u00f0 S\u00eddonar og kemur reglulega fram \u00e1samt <a href=\"https:\/\/iwell-guard.com\/is\/?page_id=168971\">Astarte<\/a> sem hi\u00f0 gu\u00f0lega par S\u00eddonar.<\/p><p>Sabatino Moscati s\u00fdndi \u00ed <em>Die Ph\u00f6niker<\/em> (1966) fram \u00e1 a\u00f0 Eshmun-<span class=\"iwg-fachbegriff\" data-tooltip=\"Allar tr\u00faarlegar tilbei\u00f0sluathafnir fyrir gu\u00f0 e\u00f0a heilaga pers\u00f3nu.\" tabindex=\"0\">d\u00fdrkunin<\/span> \u00ed S\u00eddon haf\u00f0i mikilv\u00e6ga tr\u00faarp\u00f3lit\u00edska og efnahagslega \u00fe\u00fd\u00f0ingu; Eshmun-<span class=\"iwg-fachbegriff\" data-tooltip=\"Bygging sem er notu\u00f0 til a\u00f0 tilbi\u00f0ja einn e\u00f0a fleiri gu\u00f0i.\" tabindex=\"0\">hofi\u00f0<\/span> vi\u00f0 Bostan esh-Sheikh nor\u00f0austur af S\u00eddon er eitt best var\u00f0veitta f\u00f6nik\u00edska helgista\u00f0urinn.<\/p><p>Tr\u00faars\u00f6gulega s\u00e9\u00f0 stendur Eshmun fyrir ger\u00f0 heilagu\u00f0s sem deyr og reis upp \u00e1 \u00e1rst\u00ed\u00f0abundinn h\u00e1tt. Hlutverk hans er talsvert \u00ferengra en <a href=\"https:\/\/iwell-guard.com\/is\/?page_id=168969\">Baal-Hadads<\/a>: Eshmun er fyrst og fremst heilagu\u00f0 og verndargu\u00f0 borgarinnar, s\u00ed\u00f0ur ve\u00f0urgu\u00f0.<\/p><p>\u00deessi s\u00e9rh\u00e6fing \u00e1 heilun og borgarlegum hlutverkum er \u00f3venjuleg \u00ed f\u00f6nik\u00edska <span class=\"iwg-fachbegriff\" data-tooltip=\"Heild gu\u00f0anna \u00ed tr\u00faarbr\u00f6g\u00f0um e\u00f0a menningu.\" tabindex=\"0\">go\u00f0heiminum<\/span> og gerir Eshmun a\u00f0 sj\u00e1lfst\u00e6\u00f0ri gu\u00f0fr\u00e6\u00f0ilegri pers\u00f3nu. Innan <a href=\"https:\/\/iwell-guard.com\/is\/fonikiumenn-og-kartago-baal-tanit\/\">f\u00f6nik\u00edsku hef\u00f0arins<\/a> er hann hinn d\u00e6miger\u00f0i heilagu\u00f0.<\/p><p>Corinne Bonnet hefur \u00ed \u00fdmsum ranns\u00f3knum sko\u00f0a\u00f0 sams\u00f6mun Eshmuns vi\u00f0 gr\u00edska Asklep\u00edos og gu\u00f0fr\u00e6\u00f0ilegar aflei\u00f0ingar hennar. Sams\u00f6munin er heimildarlega sta\u00f0fest allt fr\u00e1 5. \u00f6ld f.Kr. og leiddi til gagnkv\u00e6mra \u00e1hrifa milli \u00feessara tveggja d\u00fdrkunarhef\u00f0a. \u00c1 hellenist\u00edma var\u00f0 Eshmun-<span class=\"iwg-fachbegriff\" data-tooltip=\"Bygging sem er notu\u00f0 til a\u00f0 tilbi\u00f0ja einn e\u00f0a fleiri gu\u00f0i.\" tabindex=\"0\">hofi\u00f0<\/span> a\u00f0 sv\u00e6\u00f0isbundnu Asklep\u00edos-helgisetri.<\/p><p>Athyglisvert einkenni Eshmuns er n\u00e1nd hans vi\u00f0 konungsfj\u00f6lskyldu S\u00eddonar. Eshmunazar I, Eshmunazar II, Bod-Eshmun og fleiri s\u00eddonskir konungar b\u00e1ru gu\u00f0snafn hans \u00ed eigin n\u00f6fnum. \u00deessi nafnahef\u00f0 sta\u00f0festir hve mikilv\u00e6gur Eshmun var \u00ed konungs\u00e6tt S\u00eddonar.<\/p><p>Gu\u00f0fr\u00e6\u00f0ilegt samband Eshmuns vi\u00f0 <a href=\"https:\/\/iwell-guard.com\/is\/?page_id=168971\">Astarte<\/a> sem gu\u00f0legt par S\u00eddonar er hli\u00f0st\u00e6tt samsetningunni <a href=\"https:\/\/iwell-guard.com\/is\/?page_id=168969\">Baal-Hadad<\/a>-Anat e\u00f0a <a href=\"https:\/\/iwell-guard.com\/is\/?page_id=168973\">Baal-Hammon<\/a>&#8211;<a href=\"https:\/\/iwell-guard.com\/is\/?page_id=168972\">Tanit<\/a> \u00ed \u00f6\u00f0rum f\u00f6nik\u00edskum borgr\u00edkjum.<\/p>\t\t\t\t\t\t\t\t<\/div>\n\t\t\t\t<\/div>\n\t\t\t\t\t<\/div>\n\t\t\t\t<\/div>\n\t\t<div class=\"elementor-element elementor-element-iwgw-eshmun-s1 e-flex e-con-boxed e-con e-parent\" data-id=\"iwgw-eshmun-s1\" data-element_type=\"container\" data-e-type=\"container\">\n\t\t\t\t\t<div class=\"e-con-inner\">\n\t\t\t\t<div class=\"elementor-element elementor-element-iwgw-eshmun-s1h elementor-widget elementor-widget-heading\" data-id=\"iwgw-eshmun-s1h\" data-element_type=\"widget\" data-e-type=\"widget\" data-widget_type=\"heading.default\">\n\t\t\t\t\t<h2 class=\"elementor-heading-title elementor-size-default\">Nafn og or\u00f0sifjar<\/h2>\t\t\t\t<\/div>\n\t\t<div class=\"elementor-element elementor-element-iwgw-eshmun-s1c e-con-full e-flex e-con e-child\" data-id=\"iwgw-eshmun-s1c\" data-element_type=\"container\" data-e-type=\"container\">\n\t\t\t\t<div class=\"elementor-element elementor-element-iwgw-eshmun-s1t elementor-widget elementor-widget-text-editor\" data-id=\"iwgw-eshmun-s1t\" data-element_type=\"widget\" data-e-type=\"widget\" data-widget_type=\"text-editor.default\">\n\t\t\t\t\t\t\t\t\t<p>Uppruni nafnsins Eshmun er umdeildur. Ein tr\u00faver\u00f0ug t\u00falkun tengir <em>\u02be\u0161mn<\/em> vi\u00f0 t\u00f6luna &#8216;\u00e1tta&#8217; (vestursemit\u00edska <em>\u0161mn<\/em>); Eshmun v\u00e6ri \u00fe\u00e1 &#8216;hinn \u00e1ttundi&#8217;, hugsanlega \u00e1ttundi sonur gu\u00f0afj\u00f6lskyldu e\u00f0a \u00e1ttunda talan \u00ed go\u00f0atali.<\/p><p>\u00d6nnur t\u00falkun s\u00e9r <em>\u02be\u0161mn<\/em> sem tengt or\u00f0inu fyrir &#8216;ol\u00edu&#8217; (<em>\u0161mn<\/em>); Eshmun v\u00e6ri \u00fe\u00e1 &#8216;hinn smur\u00f0i&#8217; e\u00f0a &#8216;s\u00e1 sem tengist ol\u00edu&#8217;, sem myndi passa vi\u00f0 heilunarhlutverk hans.<\/p><p>\u00cd \u00e1letrunum kemur hann fram sem <em>\u02be\u0161mn<\/em>; \u00ed gr\u00edskum heimildum sem Eshmun (\u1f18\u03c3\u03bc\u03bf\u1fe6\u03bd e\u00f0a \u1f08\u03c3\u03bc\u03bf\u03c5\u03bd\u03cc\u03c2). Damask\u00edos (6. \u00f6ld e.Kr.) segir \u00ed riti s\u00ednu <em>Quaestiones Vitae<\/em> a\u00f0 Eshmun hafi veri\u00f0 ungur ma\u00f0ur fr\u00e1 Beir\u00fat sem fyrirf\u00f3r s\u00e9r \u00ed lind af \u00e1starsorg og var eftir dau\u00f0a sinn tilbe\u00f0inn sem gu\u00f0.<\/p><p>\u00deessi s\u00ed\u00f0ari &#8216;hetju-<span class=\"iwg-fachbegriff\" data-tooltip=\"Yfirlifu\u00f0 fr\u00e1s\u00f6gn um gu\u00f0i, uppruna og skipulag heimsins.\" tabindex=\"0\">go\u00f0s\u00f6gn<\/span>&#8216; er tr\u00faars\u00f6gulega \u00e1hugaver\u00f0, \u00fev\u00ed h\u00fan sta\u00f0festir sams\u00f6munina vi\u00f0 Adonis og hina dau\u00f0lega-gu\u00f0legu hetjuger\u00f0.<\/p><p>\u00c1 akkad\u00edsku og hett\u00edt\u00edsku er Eshmun ekki beint samsama\u00f0ur. Gr\u00edska Asklep\u00edos-sams\u00f6munin er mikilv\u00e6gust; P\u00e1san\u00edas og a\u00f0rir h\u00f6fundar fr\u00e1 <span class=\"iwg-fachbegriff\" data-tooltip=\"T\u00edmabil gr\u00edskrar og r\u00f3mverskrar menningar, um 800 f.Kr. til 600 e.Kr.\" tabindex=\"0\">forn\u00f6ld<\/span> sta\u00f0festa hana. \u00cd Kar\u00feag\u00f3 og \u00ed vestr\u00e6num landnemabygg\u00f0um kemur Eshmun einnig fram, en talsvert sjaldnar en <a href=\"https:\/\/iwell-guard.com\/is\/?page_id=168973\">Baal-Hammon<\/a> e\u00f0a <a href=\"https:\/\/iwell-guard.com\/is\/?page_id=168972\">Tanit<\/a>.<\/p><p>\u00cd s\u00ed\u00f0ari kar\u00feag\u00f3skri hef\u00f0 kemur Eshmun fram undir heitinu &#8216;l\u00e6knandinn&#8217; og er beint samsama\u00f0ur gr\u00edska Asklep\u00edosi. \u00deessi sams\u00f6ming vi\u00f0 Asklep\u00edos m\u00f3ta\u00f0i kar\u00feag\u00f3ska heilunarmenningu og lif\u00f0i af fall p\u00fanverska r\u00edkisins \u00e1 r\u00f3mverska t\u00edmabilinu undir nafninu Aesculapius.<\/p>\t\t\t\t\t\t\t\t<\/div>\n\t\t\t\t<\/div>\n\t\t\t\t\t<\/div>\n\t\t\t\t<\/div>\n\t\t<div class=\"elementor-element elementor-element-iwgw-eshmun-s2 e-flex e-con-boxed e-con e-parent\" data-id=\"iwgw-eshmun-s2\" data-element_type=\"container\" data-e-type=\"container\">\n\t\t\t\t\t<div class=\"e-con-inner\">\n\t\t\t\t<div class=\"elementor-element elementor-element-iwgw-eshmun-s2h elementor-widget elementor-widget-heading\" data-id=\"iwgw-eshmun-s2h\" data-element_type=\"widget\" data-e-type=\"widget\" data-widget_type=\"heading.default\">\n\t\t\t\t\t<h2 class=\"elementor-heading-title elementor-size-default\">L\u00fdsing og myndm\u00e1l<\/h2>\t\t\t\t<\/div>\n\t\t<div class=\"elementor-element elementor-element-iwgw-eshmun-s2c e-con-full e-flex e-con e-child\" data-id=\"iwgw-eshmun-s2c\" data-element_type=\"container\" data-e-type=\"container\">\n\t\t\t\t<div class=\"elementor-element elementor-element-iwgw-eshmun-s2t elementor-widget elementor-widget-text-editor\" data-id=\"iwgw-eshmun-s2t\" data-element_type=\"widget\" data-e-type=\"widget\" data-widget_type=\"text-editor.default\">\n\t\t\t\t\t\t\t\t\t<p>Eshmun birtist \u00ed f\u00f6nik\u00edskri myndlist sem ungur gu\u00f0, \u00fdmist skeggja\u00f0ur e\u00f0a skegglaus, oft me\u00f0 staf og sl\u00f6ngu, sem er hi\u00f0 eiginlega heilunart\u00e1kn. \u00c1 hellen\u00edska t\u00edmabilinu rennur myndm\u00e1l hans a\u00f0 miklu leyti saman vi\u00f0 hef\u00f0 Asklep\u00edosar: staf me\u00f0 sl\u00f6ngu vafinni um hann, s\u00ed\u00f0 skikkja og r\u00f3legt yfirbrag\u00f0.<\/p><p>Heilagt d\u00fdr hans er slangan; \u00ed Eshmun-<span class=\"iwg-fachbegriff\" data-tooltip=\"Bygging sem er helgu\u00f0 d\u00fdrkun einnar e\u00f0a fleiri gu\u00f0d\u00f3ma.\" tabindex=\"0\">musterinu<\/span> vi\u00f0 S\u00eddon voru sannarlega haldnar heilagar sl\u00f6ngur, eins og Damask\u00edos greinir fr\u00e1. \u00deessi hef\u00f0 sl\u00f6ngu-<span class=\"iwg-fachbegriff\" data-tooltip=\"Helgur sta\u00f0ur sem er tileinka\u00f0ur d\u00fdrkun gu\u00f0d\u00f3ms.\" tabindex=\"0\">helgista\u00f0arins<\/span> tengir Eshmun vi\u00f0 gr\u00edska Asklep\u00edeion \u00ed Ep\u00edd\u00e1rosi, \u00fear sem einnig voru haldnar heilagar sl\u00f6ngur. Hani birtist einnig stundum sem fylgid\u00fdr hans, sem er enn eitt d\u00e6mi um samsv\u00f6run vi\u00f0 Asklep\u00edos.<\/p><p>Eshmun-<span class=\"iwg-fachbegriff\" data-tooltip=\"Bygging sem er helgu\u00f0 d\u00fdrkun einnar e\u00f0a fleiri gu\u00f0d\u00f3ma.\" tabindex=\"0\">musteri\u00f0<\/span> vi\u00f0 Bostan esh-Sheikh er vel skjalfest fornleifafr\u00e6\u00f0ilega; uppgreftir undir stj\u00f3rn Maurice Dunand og s\u00ed\u00f0ar Patty Gerstenblith hafa birt ni\u00f0urst\u00f6\u00f0ur um byggingarlist musterisins, \u00e1letranir og f\u00f3rnargjafir.<\/p><p><span class=\"iwg-fachbegriff\" data-tooltip=\"Bygging sem er helgu\u00f0 d\u00fdrkun einnar e\u00f0a fleiri gu\u00f0d\u00f3ma.\" tabindex=\"0\">Musteri\u00f0<\/span> haf\u00f0i l\u00e6kningalaug (<em>balneum<\/em>) me\u00f0 rennandi vatni \u00far fjallinu \u00ed n\u00e1grenninu, \u00fear sem \u00feeir sem leitu\u00f0u l\u00e6kninga framkv\u00e6mdu helgar hreinsanir. \u00deessi l\u00e6kningaarkitekt\u00far er eitt mikilv\u00e6gasta vitnisbur\u00f0urinn um f\u00f6nik\u00edskan l\u00e6kningad\u00fdrkun.<\/p><p>Marmarastytta af barni sem fannst \u00ed Eshmun-<span class=\"iwg-fachbegriff\" data-tooltip=\"Bygging sem er helgu\u00f0 d\u00fdrkun einnar e\u00f0a fleiri gu\u00f0d\u00f3ma.\" tabindex=\"0\">musterinu<\/span>, me\u00f0 vi\u00f0urnefninu &#8216;sveinn Eshmuns&#8217;, er eitt fr\u00e6gasta einstaka gripur sta\u00f0arins; h\u00fan var <span class=\"iwg-fachbegriff\" data-tooltip=\"Afhent hinu heilaga me\u00f0 tr\u00faarlegri ath\u00f6fn og \u00feannig hafin yfir hi\u00f0 hversdagslega.\" tabindex=\"0\">helgu\u00f0<\/span> af Eshm\u00fanasar II. og s\u00fdnir hi\u00f0 t\u00e1knr\u00e6na unga og heilaga e\u00f0li gu\u00f0sins.<\/p>\t\t\t\t\t\t\t\t<\/div>\n\t\t\t\t<\/div>\n\t\t\t\t\t<\/div>\n\t\t\t\t<\/div>\n\t\t<div class=\"elementor-element elementor-element-iwgw-eshmun-s3 e-flex e-con-boxed e-con e-parent\" data-id=\"iwgw-eshmun-s3\" data-element_type=\"container\" data-e-type=\"container\">\n\t\t\t\t\t<div class=\"e-con-inner\">\n\t\t\t\t<div class=\"elementor-element elementor-element-iwgw-eshmun-s3h elementor-widget elementor-widget-heading\" data-id=\"iwgw-eshmun-s3h\" data-element_type=\"widget\" data-e-type=\"widget\" data-widget_type=\"heading.default\">\n\t\t\t\t\t<h2 class=\"elementor-heading-title elementor-size-default\">Go\u00f0sagnakenndar fr\u00e1sagnir<\/h2>\t\t\t\t<\/div>\n\t\t<div class=\"elementor-element elementor-element-iwgw-eshmun-s3c e-con-full e-flex e-con e-child\" data-id=\"iwgw-eshmun-s3c\" data-element_type=\"container\" data-e-type=\"container\">\n\t\t\t\t<div class=\"elementor-element elementor-element-iwgw-eshmun-s3t elementor-widget elementor-widget-text-editor\" data-id=\"iwgw-eshmun-s3t\" data-element_type=\"widget\" data-e-type=\"widget\" data-widget_type=\"text-editor.default\">\n\t\t\t\t\t\t\t\t\t<p>F\u00f6nik\u00edskar Eshmun-go\u00f0sagnir eru a\u00f0eins var\u00f0veittar \u00ed brotum. Damask\u00edos greinir fr\u00e1 framangreindri hetjus\u00f6gu: Eshmun, fagur ungur ma\u00f0ur fr\u00e1 Beir\u00fat, var eltur af Astarte; til a\u00f0 for\u00f0ast \u00e1st hennar geldi hann sig sj\u00e1lfur og d\u00f3. Astarte t\u00f3k l\u00edk hans, flutti \u00fea\u00f0 aftur til Beir\u00fat og &#8216;vakti hann til n\u00fds l\u00edfs me\u00f0 l\u00edfgefandi hl\u00fdju&#8217;.<\/p><p>\u00deessi fr\u00e1s\u00f6gn tilheyrir \u00ed e\u00f0li s\u00ednu Ad\u00f3nis-Tamm\u00fas-hef\u00f0inni: ungur, dau\u00f0lega-gu\u00f0legur hetja, dau\u00f0i hans, upprisa hans fyrir millig\u00f6ngu gy\u00f0ju. Tr\u00faars\u00f6gulega er \u00feetta d\u00e6mi um f\u00f6nik\u00edsku \u00fatg\u00e1funa af m\u00f3t\u00edfinu um &#8216;gu\u00f0inn sem deyr og r\u00eds upp aftur&#8217;, sem var s\u00e9rstaklega \u00fatbreitt \u00e1 vestanver\u00f0u Mi\u00f0jar\u00f0arhafssv\u00e6\u00f0inu.<\/p><p>\u00d6nnur hef\u00f0 tengir Eshmun vi\u00f0 l\u00e6kningu \u00ed gegnum gu\u00f0lega birtingu \u00ed draumi (<em>incubatio<\/em>): \u00feeir sem s\u00f3ttu heilsub\u00f3t sv\u00e1fu \u00ed <span class=\"iwg-fachbegriff\" data-tooltip=\"Bygging sem er helgu\u00f0 tilbei\u00f0slu einnar e\u00f0a fleiri gu\u00f0vera.\" tabindex=\"0\">hofinu<\/span> og fengu l\u00e6knandi lei\u00f0beiningar \u00ed draumi.<\/p><p>\u00deessi i\u00f0kun samsvarar gr\u00edsku Asklepieion-hef\u00f0inni og \u00fer\u00f3a\u00f0ist \u00ed b\u00e1\u00f0um menningarheimum samhli\u00f0a e\u00f0a me\u00f0 gagnkv\u00e6mum \u00e1hrifum. <em>Heilagar r\u00e6\u00f0ur<\/em> Aeliusar Aristidesar fr\u00e1 2. \u00f6ld e.Kr. skjalfesta \u00feessa draumsvefnai\u00f0kun \u00edtarlega fyrir Asklep\u00edos; svipa\u00f0ar fr\u00e1sagnir eru var\u00f0veittar um Eshmun fr\u00e1 S\u00eddon og Beir\u00fat.<\/p><p>Brotakennd f\u00f6nik\u00edsk <span class=\"iwg-fachbegriff\" data-tooltip=\"Texti sem er h\u00f6ggvinn e\u00f0a greyptur \u00ed fastan fl\u00f6t.\" tabindex=\"0\">\u00e1letrun<\/span> fr\u00e1 Kar\u00feag\u00f3 nefnir Eshmun-<span class=\"iwg-fachbegriff\" data-tooltip=\"H\u00e1t\u00ed\u00f0leg tr\u00faarleg skr\u00fa\u00f0ganga.\" tabindex=\"0\">skr\u00fa\u00f0g\u00f6ngu<\/span> me\u00f0 b\u00f6rum og &#8216;vakning&#8217; \u00e1 vordegi. \u00deessi vorskr\u00fa\u00f0ganga er s\u00f6guleg tengd vakningarh\u00e1t\u00ed\u00f0 <a href=\"https:\/\/iwell-guard.com\/is\/?page_id=168970\">Melqart<\/a>s og heyrir til f\u00f6nik\u00edsku vorh\u00e1t\u00ed\u00f0ahef\u00f0inni.<\/p>\t\t\t\t\t\t\t\t<\/div>\n\t\t\t\t<\/div>\n\t\t\t\t\t<\/div>\n\t\t\t\t<\/div>\n\t\t<div class=\"elementor-element elementor-element-iwgw-eshmun-s4 e-flex e-con-boxed e-con e-parent\" data-id=\"iwgw-eshmun-s4\" data-element_type=\"container\" data-e-type=\"container\">\n\t\t\t\t\t<div class=\"e-con-inner\">\n\t\t\t\t<div class=\"elementor-element elementor-element-iwgw-eshmun-s4h elementor-widget elementor-widget-heading\" data-id=\"iwgw-eshmun-s4h\" data-element_type=\"widget\" data-e-type=\"widget\" data-widget_type=\"heading.default\">\n\t\t\t\t\t<h2 class=\"elementor-heading-title elementor-size-default\">D\u00fdrkun og tilbei\u00f0sla<\/h2>\t\t\t\t<\/div>\n\t\t<div class=\"elementor-element elementor-element-iwgw-eshmun-s4c e-con-full e-flex e-con e-child\" data-id=\"iwgw-eshmun-s4c\" data-element_type=\"container\" data-e-type=\"container\">\n\t\t\t\t<div class=\"elementor-element elementor-element-iwgw-eshmun-s4t elementor-widget elementor-widget-text-editor\" data-id=\"iwgw-eshmun-s4t\" data-element_type=\"widget\" data-e-type=\"widget\" data-widget_type=\"text-editor.default\">\n\t\t\t\t\t\t\t\t\t<p>A\u00f0alhelgista\u00f0ur Eshmuns var <span class=\"iwg-fachbegriff\" data-tooltip=\"Bygging sem er helgu\u00f0 tilbei\u00f0slu einnar e\u00f0a fleiri gu\u00f0vera.\" tabindex=\"0\">hofi\u00f0<\/span> vi\u00f0 Bostan esh-Sheikh, um 4 km nor\u00f0austur af hinu forna S\u00eddon. <span class=\"iwg-fachbegriff\" data-tooltip=\"Bygging sem er helgu\u00f0 tilbei\u00f0slu einnar e\u00f0a fleiri gu\u00f0vera.\" tabindex=\"0\">Hofi\u00f0<\/span> var stofna\u00f0 \u00e1 6. \u00f6ld f.Kr. af konungi Eshmunazar I. og gl\u00e6silega \u00fatv\u00edkka\u00f0 undir Eshmunazar II. (5. \u00f6ld f.Kr.).<\/p><p>Hin fr\u00e6ga sark\u00f3fag\u00e1letrun Eshmunazars II. (\u00ed Louvre) er ein mikilv\u00e6gasta f\u00f6nik\u00edska \u00e1letrunin sem var\u00f0veist hefur; h\u00fan nefnir Eshmun sem &#8216;herra minn&#8217; og l\u00fdsir helgisi\u00f0alegu mikilv\u00e6gi hans.<\/p><p><span class=\"iwg-fachbegriff\" data-tooltip=\"Bygging sem er helgu\u00f0 tilbei\u00f0slu einnar e\u00f0a fleiri gu\u00f0vera.\" tabindex=\"0\">Hofi\u00f0<\/span> n\u00e1\u00f0i yfir margar byggingar: a\u00f0albygginguna me\u00f0 innsta helgid\u00f3minum, l\u00e6knandi ba\u00f0i\u00f0 me\u00f0 rennandi vatni, forgar\u00f0 me\u00f0 \u00f6lturum, r\u00fdmi fyrir draumsvefn og sv\u00e6\u00f0i fyrir v\u00edgslugjafir. \u00deeir sem s\u00f3ttu heilsub\u00f3t f\u00e6r\u00f0u gjafir \u00ed formi bronsbeina, leirf\u00edg\u00fara, \u00e1letrana og &#8216;gullinna eyra&#8217; (\u00feakkl\u00e6tist\u00e1kn fyrir svar\u00f0ar b\u00e6nir).<\/p><p>Auk \u00feess \u00e1tti Eshmun helgista\u00f0i \u00ed Beir\u00fat, \u00ed Kar\u00feag\u00f3 (\u00fear sem hann var tilbe\u00f0inn \u00e1 Byrsa-h\u00e6\u00f0), \u00ed Idalion \u00e1 K\u00fdpur og \u00e1 fleiri st\u00f6\u00f0um. \u00cd Idalion kemur hann oft fram \u00e1samt f\u00f6nik\u00edsku Astarte og gr\u00edsku Afr\u00f3d\u00edtu. \u00cd Kar\u00feag\u00f3 kemur hann \u00f6\u00f0ru hverju fram vi\u00f0 hli\u00f0 <a href=\"https:\/\/iwell-guard.com\/is\/?page_id=168973\">Baal-Hammons<\/a>, en heldur sinni sj\u00e1lfst\u00e6\u00f0u l\u00e6knishlutverki.<\/p><p>Eshmun-\u00e1letranirnar fr\u00e1 S\u00eddon skjalfesta \u00ed sm\u00e1atri\u00f0um prestlegt stigveldi: <em>kohen<\/em> (prestur), <em>moqim \u02beelim<\/em> (&#8216;vekjari gu\u00f0sins&#8217;), <em>\u02bfbd<\/em>-\u00fej\u00f3nar og <em>\u02bemh<\/em>-\u00fej\u00f3nustukonur. \u00deetta stigveldi er samb\u00e6rilegt vi\u00f0 \u00fea\u00f0 sem finnst \u00ed Melqart-d\u00fdrkuninni.<\/p>\t\t\t\t\t\t\t\t<\/div>\n\t\t\t\t<\/div>\n\t\t\t\t\t<\/div>\n\t\t\t\t<\/div>\n\t\t<div class=\"elementor-element elementor-element-iwgw-eshmun-s5 e-flex e-con-boxed e-con e-parent\" data-id=\"iwgw-eshmun-s5\" data-element_type=\"container\" data-e-type=\"container\">\n\t\t\t\t\t<div class=\"e-con-inner\">\n\t\t\t\t<div class=\"elementor-element elementor-element-iwgw-eshmun-s5h elementor-widget elementor-widget-heading\" data-id=\"iwgw-eshmun-s5h\" data-element_type=\"widget\" data-e-type=\"widget\" data-widget_type=\"heading.default\">\n\t\t\t\t\t<h2 class=\"elementor-heading-title elementor-size-default\">Verndara\u00f0ger\u00f0ir og fr\u00e1hrindandi t\u00e1kn<\/h2>\t\t\t\t<\/div>\n\t\t<div class=\"elementor-element elementor-element-iwgw-eshmun-s5c e-con-full e-flex e-con e-child\" data-id=\"iwgw-eshmun-s5c\" data-element_type=\"container\" data-e-type=\"container\">\n\t\t\t\t<div class=\"elementor-element elementor-element-iwgw-eshmun-s5t elementor-widget elementor-widget-text-editor\" data-id=\"iwgw-eshmun-s5t\" data-element_type=\"widget\" data-e-type=\"widget\" data-widget_type=\"text-editor.default\">\n\t\t\t\t\t\t\t\t\t<p>Eshmun var frumger\u00f0 f\u00f6nik\u00edska heilunargo\u00f0sins. \u00deeir sem leitu\u00f0u heilunar komu alls sta\u00f0ar fr\u00e1 austanver\u00f0u Mi\u00f0jar\u00f0arhafi til a\u00f0 finna l\u00e6kning \u00ed <span class=\"iwg-fachbegriff\" data-tooltip=\"Bygging sem \u00fej\u00f3nar tilbei\u00f0slu \u00e1 einum e\u00f0a fleiri gu\u00f0um.\" tabindex=\"0\">hofi<\/span> hans. Draumaheilunin (incubatio) var kjarninn \u00ed d\u00fdrkuninni: <span class=\"iwg-fachbegriff\" data-tooltip=\"Manneskja sem fer \u00ed tr\u00faarlega hvatta fer\u00f0 til helgista\u00f0ar.\" tabindex=\"0\">p\u00edlagr\u00edmar<\/span> sv\u00e1fu \u00ed <span class=\"iwg-fachbegriff\" data-tooltip=\"Bygging sem \u00fej\u00f3nar tilbei\u00f0slu \u00e1 einum e\u00f0a fleiri gu\u00f0um.\" tabindex=\"0\">hofinu<\/span>, oft \u00e1 s\u00e9rst\u00f6kum skinnum, og fengu \u00ed draumi lei\u00f0beiningar um l\u00e6kningu.<\/p><p>A\u00f0 morgni t\u00falku\u00f0u prestar drauminn; l\u00e6kning f\u00f3lst oft \u00ed draumnum sj\u00e1lfum, \u00ed helgum b\u00f6\u00f0um e\u00f0a \u00ed \u00e1v\u00edsu\u00f0um jurtalyfjum.<\/p><p><span class=\"iwg-fachbegriff\" data-tooltip=\"\u00d3l\u00e1nsfr\u00e1hrindandi: um t\u00e1kn og hluti sem \u00e6tla\u00f0 er a\u00f0 halda ska\u00f0legum \u00e1hrifum \u00ed burtu.\" tabindex=\"0\">Fr\u00e1hrindandi<\/span> voru Eshmun-styttur setar upp \u00ed h\u00fasum; hinar fr\u00e6gu &#8216;s\u00edd\u00f3nsku sveinamyndir&#8217; \u00far Eshmun-<span class=\"iwg-fachbegriff\" data-tooltip=\"Bygging sem \u00fej\u00f3nar tilbei\u00f0slu \u00e1 einum e\u00f0a fleiri gu\u00f0um.\" tabindex=\"0\">hofinu<\/span> (var\u00f0veittar \u00e1 \u00dej\u00f3\u00f0minjasafni Beir\u00fat) s\u00fdna litla drengi e\u00f0a st\u00falkur, a\u00f0 \u00f6llum l\u00edkindum heitgjafir fyrir l\u00e6kning sj\u00fakra barna. \u00c1letranirnar \u00e1 \u00feessum styttum sta\u00f0festa hlutverk \u00feeirra sem \u00feakkargjafir e\u00f0a b\u00e6nagjafir.<\/p><p data-nosnippet=\"true\">\u00cd f\u00f6nik\u00edskum pers\u00f3nun\u00f6fnum kemur gu\u00f0snafn Eshmuns mj\u00f6g oft fyrir: Eshmunazar &#8216;Eshmun hj\u00e1lpar&#8217;, Eshmunpalat &#8216;Eshmun bjargar&#8217;, Bod-Eshmun &#8216;fyrir h\u00f6nd Eshmuns&#8217;. T\u00ed\u00f0ni sl\u00edkra gu\u00f0stengdra nafna s\u00fdnir hversu dj\u00fapst\u00e6\u00f0 einkatr\u00far\u00e6kni var. iWell Guard skr\u00e1ir Eshmun sem s\u00f6guleg-tr\u00faars\u00f6gulega pers\u00f3nu \u00e1n tengsla vi\u00f0 n\u00fat\u00edmalegar l\u00e6kningarheit; heilunard\u00fdrkunin er s\u00f6gulegt fyrirb\u00e6ri sem er endurgert \u00e1 fr\u00e6\u00f0ilegan h\u00e1tt, ekki teki\u00f0 upp \u00ed raunverulegri i\u00f0kun.<\/p><p>\u00cd heilunarath\u00f6fnunum voru einnig \u00e1v\u00edsu\u00f0 jurtalyf; f\u00f6nik\u00edsku prestarnir h\u00f6f\u00f0u yfir a\u00f0 r\u00e1\u00f0a lyfjafr\u00e6\u00f0ilegri \u00feekkingu sem var\u00f0veittist \u00ed formi l\u00e6kningatexta. Brot \u00far sl\u00edkum textum m\u00e1 greina \u00ed \u00e1letrunum Eshmun-<span class=\"iwg-fachbegriff\" data-tooltip=\"Bygging sem \u00fej\u00f3nar tilbei\u00f0slu \u00e1 einum e\u00f0a fleiri gu\u00f0um.\" tabindex=\"0\">hofsins<\/span>.<\/p>\t\t\t\t\t\t\t\t<\/div>\n\t\t\t\t<\/div>\n\t\t\t\t\t<\/div>\n\t\t\t\t<\/div>\n\t\t<div class=\"elementor-element elementor-element-iwgw-eshmun-s6 e-flex e-con-boxed e-con e-parent\" data-id=\"iwgw-eshmun-s6\" data-element_type=\"container\" data-e-type=\"container\">\n\t\t\t\t\t<div class=\"e-con-inner\">\n\t\t\t\t<div class=\"elementor-element elementor-element-iwgw-eshmun-s6h elementor-widget elementor-widget-heading\" data-id=\"iwgw-eshmun-s6h\" data-element_type=\"widget\" data-e-type=\"widget\" data-widget_type=\"heading.default\">\n\t\t\t\t\t<h2 class=\"elementor-heading-title elementor-size-default\">Hli\u00f0st\u00e6\u00f0ur \u00ed \u00f6\u00f0rum menningarheimum<\/h2>\t\t\t\t<\/div>\n\t\t<div class=\"elementor-element elementor-element-iwgw-eshmun-s6c e-con-full e-flex e-con e-child\" data-id=\"iwgw-eshmun-s6c\" data-element_type=\"container\" data-e-type=\"container\">\n\t\t\t\t<div class=\"elementor-element elementor-element-iwgw-eshmun-s6t elementor-widget elementor-widget-text-editor\" data-id=\"iwgw-eshmun-s6t\" data-element_type=\"widget\" data-e-type=\"widget\" data-widget_type=\"text-editor.default\">\n\t\t\t\t\t\t\t\t\t<p>Mikilv\u00e6gasta s\u00f6gulega hli\u00f0st\u00e6\u00f0an er gr\u00edski gu\u00f0inn Asklepios; sams\u00f6munin er sta\u00f0fest \u00ed ritheimildum fr\u00e1 5. \u00f6ld f.Kr. Asklepios er sonur Apollons, kunn\u00e1ttusamur l\u00e6knir, me\u00f0 staf og sn\u00e1k sem einkennist\u00e1kn. Samsv\u00f6runin milli \u00feeirra tveggja er svo mikil a\u00f0 gagnkv\u00e6m \u00e1hrif \u00feykja l\u00edkleg. Stephanie Budin, Corinne Bonnet og Mary Bachvarova hafa rannsaka\u00f0 \u00feessi tengsl.<\/p><p>\u00c1 mes\u00f3p\u00f3tam\u00edska sv\u00e6\u00f0inu samsvarar Eshmun a\u00f0 hluta til heilunargo\u00f0inu Damu og gu\u00f0inum Ninazu; \u00ed hitt\u00edsku efninu er ekki a\u00f0 finna beinan hli\u00f0st\u00e6\u00f0ugu\u00f0, en \u00fe\u00f3 eru til l\u00e6kningarathafnir tengdar hurr\u00edsku Kamru\u0161epa-hef\u00f0inni. <a href=\"https:\/\/iwell-guard.com\/is\/hettitar-anatolia-tarhunna-vernd\/\">Hitt\u00edska hef\u00f0in<\/a> haf\u00f0i s\u00edna eigin heilunarmenningu \u00ed gegnum &#8216;g\u00f6mlu konurnar&#8217; (<em>\u1e2aAR.\u1e2aAR<\/em>), \u00e1n s\u00e9rstaks heilunargu\u00f0s \u00ed \u00feeim skilningi sem Eshmun er.<\/p><p>Me\u00f0 Adonis deilir Eshmun go\u00f0sagnamynstri hetju sem deyr og er endurl\u00edfgu\u00f0 af gy\u00f0ju. B\u00e1\u00f0ir tilheyra vestursem\u00edt\u00edskri hef\u00f0 gr\u00f3\u00f0urhetja, sem einnig n\u00e6r til <a href=\"https:\/\/iwell-guard.com\/is\/?page_id=168970\">Melqart<\/a>. Tr\u00faars\u00f6gulega er \u00feessi hetjufj\u00f6lskylda mikilv\u00e6gt s\u00f6gulegt fyrirb\u00e6ri f\u00f6nik\u00edsku <span class=\"iwg-fachbegriff\" data-tooltip=\"Fors\u00f6gulegt t\u00edmabil eftir brons\u00f6ld, einkennt af j\u00e1rnvinnslu.\" tabindex=\"0\">j\u00e1rnaldarinnar<\/span>.<\/p><p>Einnig hef\u00f0ir <a href=\"https:\/\/iwell-guard.com\/is\/hettitar-anatolia-tarhunna-vernd\/\">hitt\u00edskrar heilunarmenningar<\/a>, s\u00e9rstaklega athafnir &#8216;g\u00f6mlu konunnar&#8217; og draumaheilunara\u00f0fer\u00f0ir, s\u00fdna virknislegar samsvaranir vi\u00f0 <span class=\"iwg-fachbegriff\" data-tooltip=\"Heild tr\u00faarlegra tilbei\u00f0sluathafna fyrir gu\u00f0 e\u00f0a heilaga v\u00e6tti.\" tabindex=\"0\">d\u00fdrkun<\/span> Eshmuns. Volkert Haas hefur skr\u00e1\u00f0 fornanat\u00f3l\u00edskar l\u00e6kningaathafnir \u00ed <em>Materia Magica et Medica Hethitica<\/em> (2003); ekki er unnt a\u00f0 s\u00fdna fram \u00e1 beint tr\u00faars\u00f6gulegt samband, en byggingarlegar samsvaranir eru fr\u00f3\u00f0legar.<\/p>\t\t\t\t\t\t\t\t<\/div>\n\t\t\t\t<\/div>\n\t\t\t\t\t<\/div>\n\t\t\t\t<\/div>\n\t\t<div class=\"elementor-element elementor-element-iwgw-eshmun-s7 e-flex e-con-boxed e-con e-parent\" data-id=\"iwgw-eshmun-s7\" data-element_type=\"container\" data-e-type=\"container\">\n\t\t\t\t\t<div class=\"e-con-inner\">\n\t\t\t\t<div class=\"elementor-element elementor-element-iwgw-eshmun-s7h elementor-widget elementor-widget-heading\" data-id=\"iwgw-eshmun-s7h\" data-element_type=\"widget\" data-e-type=\"widget\" data-widget_type=\"heading.default\">\n\t\t\t\t\t<h2 class=\"elementor-heading-title elementor-size-default\">N\u00fat\u00edmavi\u00f0t\u00f6kur og ranns\u00f3knir<\/h2>\t\t\t\t<\/div>\n\t\t<div class=\"elementor-element elementor-element-iwgw-eshmun-s7c e-con-full e-flex e-con e-child\" data-id=\"iwgw-eshmun-s7c\" data-element_type=\"container\" data-e-type=\"container\">\n\t\t\t\t<div class=\"elementor-element elementor-element-iwgw-eshmun-s7t elementor-widget elementor-widget-text-editor\" data-id=\"iwgw-eshmun-s7t\" data-element_type=\"widget\" data-e-type=\"widget\" data-widget_type=\"text-editor.default\">\n\t\t\t\t\t\t\t\t\t<p>Eshmun-ranns\u00f3knir standa \u00ed dag \u00e1 h\u00e1u stigi. Musterisuppgr\u00f6ftur Maurice Dunands fr\u00e1 1960. \u00e1ratugnum er klass\u00edsk sta\u00f0alheimild; Patty Gerstenblith og H\u00e9l\u00e8ne Sader hafa haldi\u00f0 \u00e1fram fornleifaranns\u00f3knunum. Ranns\u00f3knir Corinne Bonnet \u00e1 Asklepios-<span class=\"iwg-fachbegriff\" data-tooltip=\"Samruni hugmynda e\u00f0a gu\u00f0a \u00far mismunandi tr\u00faarhef\u00f0um.\" tabindex=\"0\">samruna<\/span> eru mikilv\u00e6gar fyrir samanbur\u00f0artr\u00fafr\u00e6\u00f0i.<\/p><p>\u00cd almennri umfj\u00f6llun er Eshmun \u00feekktur fyrir <span class=\"iwg-fachbegriff\" data-tooltip=\"Bygging sem \u00fej\u00f3nar tilbei\u00f0slu \u00e1 einum e\u00f0a fleiri gu\u00f0um.\" tabindex=\"0\">hof<\/span> sitt n\u00e1l\u00e6gt S\u00eddon; <span class=\"iwg-fachbegriff\" data-tooltip=\"Bygging sem \u00fej\u00f3nar tilbei\u00f0slu \u00e1 einum e\u00f0a fleiri gu\u00f0um.\" tabindex=\"0\">hofi\u00f0<\/span> er \u00ed dag fornleifasta\u00f0ur og fer\u00f0amannasta\u00f0ur. Eshmunazar-sark\u00f3faginn \u00ed Louvre er einn af fr\u00e6gustu f\u00f6nik\u00edsku forngripunum yfirleitt.<\/p><p>Fr\u00e6\u00f0ilega er Eshmun \u00ed dag talinn mi\u00f0l\u00e6gt ranns\u00f3knarefni fyrir f\u00f6nik\u00edska heilunartr\u00fa, fyrir mi\u00f0jar\u00f0arhafshef\u00f0 Asklepiosar og fyrir <span class=\"iwg-fachbegriff\" data-tooltip=\"Fr\u00e6\u00f0igreinin um gu\u00f0 og tr\u00fa tiltekinnar tr\u00faarbrag\u00f0a.\" tabindex=\"0\">gu\u00f0fr\u00e6\u00f0i<\/span> hins dau\u00f0lega-gu\u00f0lega hetju. N\u00faverandi \u00e1herslur \u00ed ranns\u00f3knum liggja \u00ed \u00fatg\u00e1fu n\u00fdrra Eshmun-\u00e1letrana, \u00ed greiningu heitgjafa \u00far <span class=\"iwg-fachbegriff\" data-tooltip=\"Bygging sem \u00fej\u00f3nar tilbei\u00f0slu \u00e1 einum e\u00f0a fleiri gu\u00f0um.\" tabindex=\"0\">hofinu<\/span> og \u00ed spurningunni um n\u00e1kv\u00e6m s\u00f6guleg tengsl vi\u00f0 Asklepios.<\/p><p>N\u00fdlegar ranns\u00f3knir H\u00e9l\u00e8ne Sader og Mark Smith \u00e1 f\u00f6nik\u00edskri tr\u00fa setja Eshmun \u00ed v\u00ed\u00f0ara tr\u00faars\u00f6gulegt samhengi: sem fulltr\u00faa yngri kynsl\u00f3\u00f0ar gu\u00f0a sem \u00e1 <span class=\"iwg-fachbegriff\" data-tooltip=\"Fors\u00f6gulegt t\u00edmabil eftir brons\u00f6ld, einkennt af j\u00e1rnvinnslu.\" tabindex=\"0\">j\u00e1rn\u00f6ldinni<\/span> a\u00f0greina s\u00e9rst\u00f6k hlutverk sem \u00e1 s\u00ed\u00f0brons\u00f6ld voru enn \u00ed h\u00f6ndum einnar veru.<\/p>\t\t\t\t\t\t\t\t<\/div>\n\t\t\t\t<\/div>\n\t\t\t\t\t<\/div>\n\t\t\t\t<\/div>\n\t\t<div class=\"elementor-element elementor-element-iwgw-eshmun-s8 e-flex e-con-boxed e-con e-parent\" data-id=\"iwgw-eshmun-s8\" data-element_type=\"container\" data-e-type=\"container\">\n\t\t\t\t\t<div class=\"e-con-inner\">\n\t\t\t\t<div class=\"elementor-element elementor-element-iwgw-eshmun-s8h elementor-widget elementor-widget-heading\" data-id=\"iwgw-eshmun-s8h\" data-element_type=\"widget\" data-e-type=\"widget\" data-widget_type=\"heading.default\">\n\t\t\t\t\t<h2 class=\"elementor-heading-title elementor-size-default\">Heimildir og b\u00f3kmenntir<\/h2>\t\t\t\t<\/div>\n\t\t<div class=\"elementor-element elementor-element-iwgw-eshmun-s8c e-con-full e-flex e-con e-child\" data-id=\"iwgw-eshmun-s8c\" data-element_type=\"container\" data-e-type=\"container\">\n\t\t\t\t<div class=\"elementor-element elementor-element-iwgw-eshmun-s8t elementor-widget elementor-widget-text-editor\" data-id=\"iwgw-eshmun-s8t\" data-element_type=\"widget\" data-e-type=\"widget\" data-widget_type=\"text-editor.default\">\n\t\t\t\t\t\t\t\t\t<p>Eftirfarandi \u00farval dregur saman helstu sta\u00f0alrit um Eshmun-ranns\u00f3knir. \u00dea\u00f0 n\u00e6r yfir musteris\u00fatg\u00e1fur, \u00e1letrunar\u00fatg\u00e1fur og s\u00f6guleg heildaryfirlit. Musteris\u00fatg\u00e1fa Dunands er klass\u00edsk heimild; Bonnet og Sader veita f\u00f6nik\u00edska og tr\u00faars\u00f6gulega samhengisgreiningu; Aubet fjallar um \u00fatbrei\u00f0slu um Mi\u00f0jar\u00f0arhafi\u00f0; Krahmalkov um tungum\u00e1las\u00f6gulegt efni.<\/p>\t\t\t\t\t\t\t\t<\/div>\n\t\t\t\t<\/div>\n\t\t\t\t\t<\/div>\n\t\t\t\t<\/div>\n\t\t<div class=\"elementor-element elementor-element-cp29b4c80e e-flex e-con-boxed e-con e-parent\" data-id=\"cp29b4c80e\" data-element_type=\"container\" data-e-type=\"container\">\n\t\t\t\t\t<div class=\"e-con-inner\">\n\t\t\t\t<div class=\"elementor-element elementor-element-cp20285701 elementor-widget elementor-widget-heading\" data-id=\"cp20285701\" data-element_type=\"widget\" data-e-type=\"widget\" data-widget_type=\"heading.default\">\n\t\t\t\t\t<h2 class=\"elementor-heading-title elementor-size-default\">Eshmun-helgid\u00f3murinn \u00ed Bustan esch-Sheikh n\u00e1l\u00e6gt S\u00eddon<\/h2>\t\t\t\t<\/div>\n\t\t<div class=\"elementor-element elementor-element-cp2d64a737 e-flex e-con-boxed e-con e-child\" data-id=\"cp2d64a737\" data-element_type=\"container\" data-e-type=\"container\">\n\t\t\t\t\t<div class=\"e-con-inner\">\n\t\t\t\t<div class=\"elementor-element elementor-element-cp2cff5052 elementor-widget elementor-widget-text-editor\" data-id=\"cp2cff5052\" data-element_type=\"widget\" data-e-type=\"widget\" data-widget_type=\"text-editor.default\">\n\t\t\t\t\t\t\t\t\t<p>Mikilv\u00e6gasta fornleifafr\u00e6\u00f0ilega uppg\u00f6tvunin var\u00f0andi <em>Eshm\u00fan<\/em> er sta\u00f0sett um \u00ferj\u00e1 k\u00edl\u00f3metra nor\u00f0austur af S\u00eddon \u00ed n\u00faverandi L\u00edbanon, \u00e1 sta\u00f0 sem kallast Bustan esch-Sheikh. \u00dear hefur, allt fr\u00e1 \u00e1rinu 1900, fyrst af ott\u00f3manskum og \u00fe\u00fdskum fornleifafr\u00e6\u00f0ingum og s\u00ed\u00f0ar af l\u00edb\u00f6nskum og fr\u00f6nskum, veri\u00f0 grafi\u00f0 upp umfangsmiki\u00f0 <span class=\"iwg-fachbegriff\" data-tooltip=\"Helgur sta\u00f0ur sem er tileinka\u00f0ur d\u00fdrkun gu\u00f0s e\u00f0a gy\u00f0ju.\" tabindex=\"0\">helgista\u00f0ur<\/span>.<\/p><p>Mi\u00f0ja minnisvar\u00f0ans er st\u00f3r stallur \u00far vandlega tilh\u00f6ggnum steinblokkum, reistur a\u00f0 \u00f6llum l\u00edkindum \u00e1 valdat\u00edma s\u00eddonska konungsins Bodashtart, s\u00ed\u00f0la \u00e1 6. \u00f6ld f.Kr.<\/p><p><span class=\"iwg-fachbegriff\" data-tooltip=\"Helgur sta\u00f0ur sem er tileinka\u00f0ur d\u00fdrkun gu\u00f0s e\u00f0a gy\u00f0ju.\" tabindex=\"0\">Helgista\u00f0urinn<\/span> er athyglisver\u00f0ur fyrir a\u00f0 bj\u00f3\u00f0a upp \u00e1 f\u00e1g\u00e6ta beina tengingu milli <span class=\"iwg-fachbegriff\" data-tooltip=\"Vera sem er d\u00fdrku\u00f0 sem gu\u00f0leg innan tr\u00faarbrag\u00f0a.\" tabindex=\"0\">gu\u00f0s<\/span>, konungd\u00f3ms og \u00e1letrunar. Nokkrar byggingar\u00e1letranir nefna Bodashtart sem stofnanda og Eshm\u00fan sem gu\u00f0inn sem hann helgar mannvirki\u00f0.<\/p><p>\u00deannig er Eshm\u00fan ekki a\u00f0eins nafn \u00far go\u00f0at\u00f6lum, heldur <span class=\"iwg-fachbegriff\" data-tooltip=\"Vera sem er d\u00fdrku\u00f0 sem gu\u00f0leg innan tr\u00faarbrag\u00f0a.\" tabindex=\"0\">gu\u00f0<\/span> me\u00f0 t\u00edmasetjanlegt, konunglega styrkt st\u00f3rmannvirki. Vatn l\u00e9k lykilhlutverk: skur\u00f0ir, laugar og lindarbrunnar ganga \u00ed gegnum sv\u00e6\u00f0i\u00f0, sem samr\u00e6mist l\u00e6knislegri t\u00falkun gu\u00f0sins.<\/p><p>\u00c1 me\u00f0al fr\u00e6gra fundargripa er &#8222;h\u00e1s\u00e6ti Astarte&#8220;, t\u00f3mt gu\u00f0sh\u00e1s\u00e6ti sem v\u00edsar til n\u00e1nra tengsla Eshm\u00fans vi\u00f0 borgargy\u00f0juna \u00ed S\u00eddon, auk fj\u00f6lda barnastyttna sem taldar eru vera v\u00edgslugjafir, hugsanlega \u00ed tengslum vi\u00f0 bata e\u00f0a vernd. Uppgraftrarni\u00f0urst\u00f6\u00f0urnar hafa me\u00f0al annars veri\u00f0 gefnar \u00fat af Maurice Dunand og s\u00ed\u00f0ar af Rolf Stucky.<\/p>\t\t\t\t\t\t\t\t<\/div>\n\t\t\t\t\t<\/div>\n\t\t\t\t<\/div>\n\t\t\t\t\t<\/div>\n\t\t\t\t<\/div>\n\t\t<div class=\"elementor-element elementor-element-cp2b8a42e7 e-flex e-con-boxed e-con e-parent\" data-id=\"cp2b8a42e7\" data-element_type=\"container\" data-e-type=\"container\">\n\t\t\t\t\t<div class=\"e-con-inner\">\n\t\t\t\t<div class=\"elementor-element elementor-element-cp2c75b921 elementor-widget elementor-widget-heading\" data-id=\"cp2c75b921\" data-element_type=\"widget\" data-e-type=\"widget\" data-widget_type=\"heading.default\">\n\t\t\t\t\t<h2 class=\"elementor-heading-title elementor-size-default\">Eshm\u00fan og Asklep\u00edos: forn sams\u00f6mun og takm\u00f6rk hennar<\/h2>\t\t\t\t<\/div>\n\t\t<div class=\"elementor-element elementor-element-cp265ed336 e-flex e-con-boxed e-con e-child\" data-id=\"cp265ed336\" data-element_type=\"container\" data-e-type=\"container\">\n\t\t\t\t\t<div class=\"e-con-inner\">\n\t\t\t\t<div class=\"elementor-element elementor-element-cp222bef1c elementor-widget elementor-widget-text-editor\" data-id=\"cp222bef1c\" data-element_type=\"widget\" data-e-type=\"widget\" data-widget_type=\"text-editor.default\">\n\t\t\t\t\t\t\t\t\t<p>\u00deegar \u00e1 <span class=\"iwg-fachbegriff\" data-tooltip=\"T\u00edmabil gr\u00edskrar og r\u00f3mverskrar menningar, um 800 f.Kr. til 600 e.Kr.\" tabindex=\"0\">forn\u00f6ld<\/span> settu h\u00f6fundar <em>Eshm\u00fan<\/em> \u00ed samhengi vi\u00f0 gr\u00edska l\u00e6knisgu\u00f0inn <em>Asklep\u00edos<\/em>. \u00deessi <em>interpretatio graeca<\/em> er vel sta\u00f0fest, me\u00f0al annars hj\u00e1 h\u00f6fundinum sem var\u00f0veittur er undir nafninu Filon fr\u00e1 B\u00fdblos, sem v\u00edsar til f\u00f6nik\u00edskra munnm\u00e6la \u00e1 gr\u00edsku, og h\u00fan \u00fatsk\u00fdrir hvers vegna Eshm\u00fan var \u00ed eldri ranns\u00f3knum oft einfaldlega kalla\u00f0ur &#8222;f\u00f6nik\u00edski Asklep\u00edos&#8220;.<\/p><p>\u00deessi samsv\u00f6run er gagnleg og h\u00e6ttuleg \u00ed senn. Gagnleg, \u00fev\u00ed h\u00fan sta\u00f0festir l\u00e6knislega hli\u00f0 Eshm\u00fans: vatni\u00f0 \u00ed helgista\u00f0num, barnav\u00edgslurnar og fornar fr\u00e1sagnir af l\u00e6kningum falla vel a\u00f0 gu\u00f0i sem menn leitu\u00f0u til \u00ed sj\u00fakd\u00f3mum.<\/p><p>H\u00e6ttuleg, \u00fev\u00ed h\u00fan getur leitt til \u00feess a\u00f0 \u00f6ll gr\u00edska Asklep\u00edos-myndin ver\u00f0i varpa\u00f0 yfir \u00e1 Eshm\u00fan, \u00fear \u00e1 me\u00f0al h\u00f6ggormamyndm\u00e1li\u00f0 og svefnhelgunarhef\u00f0in, sem ekki er alls sta\u00f0ar bein s\u00f6nnun fyrir \u00ed f\u00f6nik\u00edskum fundarg\u00f6gnum.<\/p><p>S\u00e9rst\u00f6k ranns\u00f3knarspurning snertir uppruna nafnsins. Algeng, en \u00f3sta\u00f0fest, tilg\u00e1ta tengir \u00fea\u00f0 vi\u00f0 hi\u00f0 sem\u00edt\u00edska or\u00f0 fyrir &#8222;ol\u00edu&#8220; e\u00f0a &#8222;smurningarol\u00edu&#8220; og \u00fear me\u00f0 vi\u00f0 smurningu sem l\u00e6kningara\u00f0fer\u00f0; a\u00f0rar t\u00falkanir sj\u00e1 \u00ed \u00fev\u00ed t\u00f6lutengingu (&#8222;hinn \u00e1ttundi&#8220;). Engin \u00feessara or\u00f0sifjafr\u00e6\u00f0ilegu sk\u00fdringa er almennt vi\u00f0urkennd. \u00d6ruggari en or\u00f0sifjafr\u00e6\u00f0in er athugunin a\u00f0 Eshm\u00fan h\u00e6kka\u00f0i \u00ed S\u00eddon til st\u00f6\u00f0u h\u00f6fu\u00f0gu\u00f0s og kemur fram \u00ed p\u00fanverskum \u00e1letrunum, me\u00f0al annars \u00feeim sem tengjast Kar\u00feag\u00f3, samhli\u00f0a <a href=\"https:\/\/iwell-guard.com\/is\/?page_id=168973\">Baal-Hammon<\/a>. Gu\u00f0inn var \u00fev\u00ed ekki bundinn vi\u00f0 eitt sta\u00f0bundi\u00f0 afbrig\u00f0i, heldur var <span class=\"iwg-fachbegriff\" data-tooltip=\"Heild tr\u00faarlegra d\u00fdrkunarathafna fyrir gu\u00f0 e\u00f0a heilaga veru.\" tabindex=\"0\">d\u00fdrkun<\/span> hans \u00fatbreidd um allt f\u00f6nik\u00edska \u00e1hrifasv\u00e6\u00f0i\u00f0.\t\t\t\t\t\t\t\t<\/div>\n\t\t\t\t\t<\/div>\n\t\t\t\t<\/div>\n\t\t\t\t\t<\/div>\n\t\t\t\t<\/div>\n\t\t<div class=\"elementor-element elementor-element-iwgw-eshmun-lit e-flex e-con-boxed e-con e-parent\" data-id=\"iwgw-eshmun-lit\" data-element_type=\"container\" data-e-type=\"container\">\n\t\t\t\t\t<div class=\"e-con-inner\">\n\t\t\t\t<div class=\"elementor-element elementor-element-iwgw-eshmun-lith elementor-widget elementor-widget-heading\" data-id=\"iwgw-eshmun-lith\" data-element_type=\"widget\" data-e-type=\"widget\" data-widget_type=\"heading.default\">\n\t\t\t\t\t<h2 class=\"elementor-heading-title elementor-size-default\">Heimildir (\u00farval)<\/h2>\t\t\t\t<\/div>\n\t\t<div class=\"elementor-element elementor-element-iwgw-eshmun-litc e-con-full e-flex e-con e-child\" data-id=\"iwgw-eshmun-litc\" data-element_type=\"container\" data-e-type=\"container\">\n\t\t\t\t<div class=\"elementor-element elementor-element-iwgw-eshmun-litt elementor-widget elementor-widget-text-editor\" data-id=\"iwgw-eshmun-litt\" data-element_type=\"widget\" data-e-type=\"widget\" data-widget_type=\"text-editor.default\">\n\t\t\t\t\t\t\t\t\t<div data-nosnippet=\"true\"><ul><li>Maurice Dunand: <em>Le temple d&#8217;Echmoun \u00e0 Sidon<\/em> (Paris 1965)<\/li><li>Sabatino Moscati: <em>Die Ph\u00f6niker<\/em> (Stuttgart 1966)<\/li><li>Corinne Bonnet: <em>Les enfants de Cadmos<\/em> (Paris 2015)<\/li><li>H\u00e9l\u00e8ne Sader: <em>The History and Archaeology of Phoenicia<\/em> (Atlanta 2019)<\/li><li>Maria Eugenia Aubet: <em>The Phoenicians and the West<\/em> (Cambridge 2001)<\/li><li>Charles Krahmalkov: <em>A Phoenician-Punic Grammar<\/em> (Leiden 2001)<\/li><\/ul><\/div>\t\t\t\t\t\t\t\t<\/div>\n\t\t\t\t<\/div>\n\t\t\t\t\t<\/div>\n\t\t\t\t<\/div>\n\t\t<div class=\"elementor-element elementor-element-iwgw-eshmun-kwd e-flex e-con-boxed e-con e-parent\" data-id=\"iwgw-eshmun-kwd\" data-element_type=\"container\" data-e-type=\"container\">\n\t\t\t\t\t<div class=\"e-con-inner\">\n\t\t<div class=\"elementor-element elementor-element-iwgw-eshmun-kwdc e-con-full e-flex e-con e-child\" data-id=\"iwgw-eshmun-kwdc\" data-element_type=\"container\" data-e-type=\"container\">\n\t\t\t\t<div class=\"elementor-element elementor-element-iwgw-eshmun-kwdt elementor-widget elementor-widget-text-editor\" data-id=\"iwgw-eshmun-kwdt\" data-element_type=\"widget\" data-e-type=\"widget\" data-widget_type=\"text-editor.default\">\n\t\t\t\t\t\t\t\t\t<p><em>Tengd leitaror\u00f0: Eshm\u00fan S\u00eddon l\u00e6knisgu\u00f0 F\u00f6nik\u00edumenn Asklep\u00edos <span class=\"iwg-fachbegriff\" data-tooltip=\"Mannvirki sem er tileinka\u00f0 d\u00fdrkun einnar e\u00f0a fleiri gu\u00f0a.\" tabindex=\"0\">hof<\/span> Bostan esh-Sheikh.<\/em><\/p>\t\t\t\t\t\t\t\t<\/div>\n\t\t\t\t<\/div>\n\t\t\t\t\t<\/div>\n\t\t\t\t<\/div>\n\t\t<div class=\"elementor-element elementor-element-iwgw-eshmun-cc e-flex e-con-boxed e-con e-parent\" data-id=\"iwgw-eshmun-cc\" data-element_type=\"container\" data-e-type=\"container\" id=\"iwg-cc-eshmun\">\n\t\t\t\t\t<div class=\"e-con-inner\">\n\t\t<div class=\"elementor-element elementor-element-iwgw-eshmun-ccinner e-flex e-con-boxed e-con e-parent\" data-id=\"iwgw-eshmun-ccinner\" data-element_type=\"container\" data-e-type=\"container\" data-settings=\"{&quot;background_background&quot;:&quot;classic&quot;}\">\n\t\t\t\t\t<div class=\"e-con-inner\">\n\t\t\t\t<div class=\"elementor-element elementor-element-iwgw-eshmun-cch elementor-widget elementor-widget-heading\" data-id=\"iwgw-eshmun-cch\" data-element_type=\"widget\" data-e-type=\"widget\" data-widget_type=\"heading.default\">\n\t\t\t\t\t<h2 class=\"elementor-heading-title elementor-size-default\">iWell Guard og verndarhef\u00f0ir<\/h2>\t\t\t\t<\/div>\n\t\t\t\t<div class=\"elementor-element elementor-element-iwgw-eshmun-cct elementor-widget elementor-widget-text-editor\" data-id=\"iwgw-eshmun-cct\" data-element_type=\"widget\" data-e-type=\"widget\" data-widget_type=\"text-editor.default\">\n\t\t\t\t\t\t\t\t\t<div data-nosnippet=\"true\"><p>iWell Guard tengist menningars\u00f6gulegri hef\u00f0 fyrir verndargripum sem borin eru \u00e1 s\u00e9r, \u00ed hef\u00f0 <a href=\"https:\/\/iwell-guard.com\/is\/fonikiumenn-og-kartago-baal-tanit\/\">F\u00f6nik\u00edumanna<\/a> og margra annarra menningarheima um allan heim. 41 lag, alv\u00f6ru gull, plat\u00edna, silfur, framleitt \u00ed \u00de\u00fdskalandi. 30 daga skilar\u00e9ttur.<\/p><\/div>\t\t\t\t\t\t\t\t<\/div>\n\t\t\t\t<div class=\"elementor-element elementor-element-iwgw-eshmun-ccb iwg-cc-button iwg-cc-cta-2026-05-13 elementor-widget elementor-widget-jet-button\" data-id=\"iwgw-eshmun-ccb\" data-element_type=\"widget\" data-e-type=\"widget\" data-widget_type=\"jet-button.default\">\n\t\t\t\t<div class=\"elementor-widget-container\">\n\t\t\t\t\t<div class=\"elementor-jet-button jet-elements\"><div class=\"jet-button__container\"><a class=\"jet-button__instance jet-button__instance--icon-left hover-effect-1\" href=\"\/ueber-iwell-guard\/?utm_source=iwell-guard.com&amp;utm_medium=info-box&amp;utm_campaign=wesen-tradition\"><div class=\"jet-button__plane jet-button__plane-normal\"><\/div><div class=\"jet-button__plane jet-button__plane-hover\"><\/div><div class=\"jet-button__state jet-button__state-normal\"><span class=\"jet-button__label\">Meira um iWell Guard<\/span><\/div><div class=\"jet-button__state jet-button__state-hover\"><span class=\"jet-button__label\">Meira um iWell Guard<\/span><\/div><\/a><\/div><\/div><style>.elementor-element.elementor-element-iwgw-eshmun-ccb .jet-button__instance{width:320px;height:56px;}.elementor-element.elementor-element-iwgw-eshmun-ccb .jet-button__state-normal .jet-button__label{text-align:center;margin:0px 0px 0px 0px;color:#1a1b20;font-family:Montserrat,sans-serif;font-size:13px;font-weight:400;letter-spacing:4px;line-height:1.714em;text-transform:uppercase;}.elementor-element.elementor-element-iwgw-eshmun-ccb .jet-button__state-hover .jet-button__label{text-align:center;margin:0px 0px 0px 0px;color:#FECC76;font-family:Montserrat,sans-serif;font-size:13px;font-weight:400;letter-spacing:4px;line-height:1.714em;text-transform:uppercase;}.elementor-element.elementor-element-iwgw-eshmun-ccb .jet-button__plane-normal{background-color:#FECC76;border-style:solid;border-color:#C99540;border-width:2px 2px 2px 2px;}.elementor-element.elementor-element-iwgw-eshmun-ccb .jet-button__plane-hover{background-color:rgba(0,0,0,0.55);border-style:solid;border-color:#FECC76;border-width:2px 2px 2px 2px;}<\/style>\t\t\t\t<\/div>\n\t\t\t\t<\/div>\n\t\t\t\t<div class=\"elementor-element elementor-element-iwgw-eshmun-ccd elementor-widget elementor-widget-text-editor\" data-id=\"iwgw-eshmun-ccd\" data-element_type=\"widget\" data-e-type=\"widget\" data-widget_type=\"text-editor.default\">\n\t\t\t\t\t\t\t\t\t<div data-nosnippet=\"true\"><p style=\"text-align:center;font-size:13px;opacity:0.7;margin-top:14px\" data-nosnippet=\"true\">Pers\u00f3nuleg reynsla getur veri\u00f0 mismunandi. Ekki l\u00e6kningat\u00e6ki. Engin lofor\u00f0 um l\u00e6kningu.<\/p><\/div>\t\t\t\t\t\t\t\t<\/div>\n\t\t\t\t\t<\/div>\n\t\t\t\t<\/div>\n\t\t\t\t\t<\/div>\n\t\t\t\t<\/div>\n\t\t<div class=\"elementor-element elementor-element-iwgw-eshmun-disc e-flex e-con-boxed e-con e-parent\" data-id=\"iwgw-eshmun-disc\" data-element_type=\"container\" data-e-type=\"container\">\n\t\t\t\t\t<div class=\"e-con-inner\">\n\t\t\t\t<div class=\"elementor-element elementor-element-iwgw-eshmun-discw elementor-widget elementor-widget-html\" data-id=\"iwgw-eshmun-discw\" data-element_type=\"widget\" data-e-type=\"widget\" data-widget_type=\"html.default\">\n\t\t\t\t\t<footer data-nosnippet=\"true\" class=\"iwg-disclaimer-block\"><p data-nosnippet=\"true\">iWell Guard er <strong>ekki l\u00e6kningat\u00e6ki<\/strong> og kemur ekki \u00ed sta\u00f0inn fyrir l\u00e6knis- e\u00f0a s\u00e1lfr\u00e6\u00f0ime\u00f0fer\u00f0. Tr\u00faarfr\u00e6\u00f0ilegt efni er menningars\u00f6gulegt samhengi, ekki r\u00e1\u00f0legging um andlega i\u00f0kun.<\/p><\/footer>\t\t\t\t<\/div>\n\t\t\t\t\t<\/div>\n\t\t\t\t<\/div>\n\t\t\t\t<\/div>\n\t\t","protected":false},"excerpt":{"rendered":"","protected":false},"author":3,"featured_media":2849,"parent":0,"menu_order":0,"comment_status":"closed","ping_status":"closed","template":"elementor_header_footer","meta":{"_yoast_wpseo_focuskw":"Eshmun S\u00eddon heilagu\u00f0 F\u00f6nik\u00edumenn","_yoast_wpseo_title":"Eshmun \u2013 heilagu\u00f0 S\u00eddon, go\u00f0s\u00f6gn, d\u00fdrkun","_yoast_wpseo_metadesc":"Eshmun er f\u00f6nik\u00edskur heilagu\u00f0 og \u00e6\u00f0sti verndargu\u00f0 S\u00eddonar. Tr\u00faarbrag\u00f0afr\u00e6\u00f0ileg greining \u00e1 go\u00f0s\u00f6gninni og d\u00fdrkuninni.","_yoast_wpseo_meta-robots-noindex":"","_yoast_wpseo_canonical":"","_angie_page":false,"gefaehrdungsstufe":"","wesen_kultur":"","wesen_klasse":"","footnotes":""},"categories":[],"class_list":["post-168974","page","type-page","status-publish","has-post-thumbnail","hentry"],"yoast_head":"<!-- This site is optimized with the Yoast SEO Premium plugin v27.7 (Yoast SEO v28.3) - https:\/\/yoast.com\/product\/yoast-seo-premium-wordpress\/ -->\n<title>Eshmun \u2013 heilagu\u00f0 S\u00eddon, go\u00f0s\u00f6gn, d\u00fdrkun<\/title>\n<meta name=\"description\" content=\"Eshmun er f\u00f6nik\u00edskur heilagu\u00f0 og \u00e6\u00f0sti verndargu\u00f0 S\u00eddonar. Tr\u00faarbrag\u00f0afr\u00e6\u00f0ileg greining \u00e1 go\u00f0s\u00f6gninni og d\u00fdrkuninni.\" \/>\n<meta name=\"robots\" content=\"index, follow, max-snippet:-1, max-image-preview:large, max-video-preview:-1\" \/>\n<link rel=\"canonical\" href=\"https:\/\/iwell-guard.com\/is\/eshmun-heilagud-sidonar\/\" \/>\n<meta property=\"og:locale\" content=\"is_IS\" \/>\n<meta property=\"og:type\" content=\"article\" \/>\n<meta property=\"og:title\" content=\"Eshmun \u2013 heilagu\u00f0 S\u00eddonar\" \/>\n<meta property=\"og:description\" content=\"Eshmun er f\u00f6nik\u00edskur heilagu\u00f0 og \u00e6\u00f0sti verndargu\u00f0 S\u00eddonar. Tr\u00faarbrag\u00f0afr\u00e6\u00f0ileg greining \u00e1 go\u00f0s\u00f6gninni og d\u00fdrkuninni.\" \/>\n<meta property=\"og:url\" content=\"https:\/\/iwell-guard.com\/is\/eshmun-heilagud-sidonar\/\" \/>\n<meta property=\"og:site_name\" content=\"iWell Guard\" \/>\n<meta property=\"article:modified_time\" content=\"2026-09-05T14:27:40+00:00\" \/>\n<meta property=\"og:image\" content=\"https:\/\/iwell-guard.com\/wp-content\/uploads\/2026\/05\/goetter_phoenizisch_eshmun.webp\" \/>\n\t<meta property=\"og:image:width\" content=\"1024\" \/>\n\t<meta property=\"og:image:height\" content=\"1536\" \/>\n\t<meta property=\"og:image:type\" content=\"image\/webp\" \/>\n<meta name=\"twitter:card\" content=\"summary_large_image\" \/>\n<script type=\"application\/ld+json\" class=\"yoast-schema-graph\">{\"@context\":\"https:\\\/\\\/schema.org\",\"@graph\":[{\"@type\":\"WebPage\",\"@id\":\"https:\\\/\\\/iwell-guard.com\\\/is\\\/eshmun-heilagud-sidonar\\\/\",\"url\":\"https:\\\/\\\/iwell-guard.com\\\/is\\\/eshmun-heilagud-sidonar\\\/\",\"name\":\"Eshmun \u2013 heilagu\u00f0 S\u00eddon, go\u00f0s\u00f6gn, d\u00fdrkun\",\"isPartOf\":{\"@id\":\"https:\\\/\\\/iwell-guard.com\\\/is\\\/#website\"},\"primaryImageOfPage\":{\"@id\":\"https:\\\/\\\/iwell-guard.com\\\/is\\\/eshmun-heilagud-sidonar\\\/#primaryimage\"},\"image\":{\"@id\":\"https:\\\/\\\/iwell-guard.com\\\/is\\\/eshmun-heilagud-sidonar\\\/#primaryimage\"},\"thumbnailUrl\":\"https:\\\/\\\/iwell-guard.com\\\/wp-content\\\/uploads\\\/2026\\\/05\\\/goetter_phoenizisch_eshmun.webp\",\"datePublished\":\"2026-09-05T14:04:30+00:00\",\"dateModified\":\"2026-09-05T14:27:40+00:00\",\"description\":\"Eshmun er f\u00f6nik\u00edskur heilagu\u00f0 og \u00e6\u00f0sti verndargu\u00f0 S\u00eddonar. Tr\u00faarbrag\u00f0afr\u00e6\u00f0ileg greining \u00e1 go\u00f0s\u00f6gninni og d\u00fdrkuninni.\",\"breadcrumb\":{\"@id\":\"https:\\\/\\\/iwell-guard.com\\\/is\\\/eshmun-heilagud-sidonar\\\/#breadcrumb\"},\"inLanguage\":\"is\",\"potentialAction\":[{\"@type\":\"ReadAction\",\"target\":[\"https:\\\/\\\/iwell-guard.com\\\/is\\\/eshmun-heilagud-sidonar\\\/\"]}]},{\"@type\":\"ImageObject\",\"inLanguage\":\"is\",\"@id\":\"https:\\\/\\\/iwell-guard.com\\\/is\\\/eshmun-heilagud-sidonar\\\/#primaryimage\",\"url\":\"https:\\\/\\\/iwell-guard.com\\\/wp-content\\\/uploads\\\/2026\\\/05\\\/goetter_phoenizisch_eshmun.webp\",\"contentUrl\":\"https:\\\/\\\/iwell-guard.com\\\/wp-content\\\/uploads\\\/2026\\\/05\\\/goetter_phoenizisch_eshmun.webp\",\"width\":1024,\"height\":1536,\"caption\":\"Gu\u00f0ir \u00far f\u00f6nik\u00edskri hef\u00f0.\"},{\"@type\":\"BreadcrumbList\",\"@id\":\"https:\\\/\\\/iwell-guard.com\\\/is\\\/eshmun-heilagud-sidonar\\\/#breadcrumb\",\"itemListElement\":[{\"@type\":\"ListItem\",\"position\":1,\"name\":\"Start\",\"item\":\"https:\\\/\\\/iwell-guard.com\\\/is\\\/?page_id=168580\"},{\"@type\":\"ListItem\",\"position\":2,\"name\":\"Eshmun \u2013 heilagu\u00f0 S\u00eddonar\"}]},{\"@type\":\"WebSite\",\"@id\":\"https:\\\/\\\/iwell-guard.com\\\/is\\\/#website\",\"url\":\"https:\\\/\\\/iwell-guard.com\\\/is\\\/\",\"name\":\"iWell Guard\",\"description\":\"Schutz vor dunklen Einfl\u00fcssen\",\"publisher\":{\"@id\":\"https:\\\/\\\/iwell-guard.com\\\/is\\\/#organization\"},\"potentialAction\":[{\"@type\":\"SearchAction\",\"target\":{\"@type\":\"EntryPoint\",\"urlTemplate\":\"https:\\\/\\\/iwell-guard.com\\\/is\\\/?s={search_term_string}\"},\"query-input\":{\"@type\":\"PropertyValueSpecification\",\"valueRequired\":true,\"valueName\":\"search_term_string\"}}],\"inLanguage\":\"is\"},{\"@type\":\"Organization\",\"@id\":\"https:\\\/\\\/iwell-guard.com\\\/is\\\/#organization\",\"name\":\"Ittermann electronic GmbH\",\"url\":\"https:\\\/\\\/iwell-guard.com\\\/is\\\/\",\"logo\":{\"@type\":\"ImageObject\",\"inLanguage\":\"is\",\"@id\":\"https:\\\/\\\/iwell-guard.com\\\/is\\\/#\\\/schema\\\/logo\\\/image\\\/\",\"url\":\"https:\\\/\\\/iwell-guard.com\\\/wp-content\\\/uploads\\\/2026\\\/05\\\/Ittermann-Logo-1182x237-1.png\",\"contentUrl\":\"https:\\\/\\\/iwell-guard.com\\\/wp-content\\\/uploads\\\/2026\\\/05\\\/Ittermann-Logo-1182x237-1.png\",\"width\":1182,\"height\":237,\"caption\":\"Ittermann electronic GmbH\"},\"image\":{\"@id\":\"https:\\\/\\\/iwell-guard.com\\\/is\\\/#\\\/schema\\\/logo\\\/image\\\/\"},\"sameAs\":[\"https:\\\/\\\/pantip.com\\\/profile\\\/9367242\",\"https:\\\/\\\/micro.blog\\\/iwellguard\",\"https:\\\/\\\/www.diggerslist.com\\\/iwellguard\\\/about\",\"https:\\\/\\\/skitterphoto.com\\\/photographers\\\/2870314\\\/iwell-guard\",\"https:\\\/\\\/iwellguard.wordpress.com\\\/2026\\\/06\\\/06\\\/iwell-guard\\\/\",\"https:\\\/\\\/hub.docker.com\\\/u\\\/iwellguard\",\"https:\\\/\\\/www.pinterest.com\\\/iwellguard\\\/\",\"https:\\\/\\\/bit.ly\\\/m\\\/iwellguard\",\"https:\\\/\\\/entre-vos-mains.alsace.eu\\\/profiles\\\/iwellguard\\\/activity\",\"https:\\\/\\\/gravatar.com\\\/reallybeded8fd34\",\"https:\\\/\\\/naijamatta.com\\\/iwellguard\",\"https:\\\/\\\/www.goodreads.com\\\/iwellguard\",\"https:\\\/\\\/profile.hatena.ne.jp\\\/iwellguard\\\/\",\"https:\\\/\\\/experiment.com\\\/users\\\/iwellguard\",\"https:\\\/\\\/wakelet.com\\\/@iWellGuard82270\",\"https:\\\/\\\/www.chordie.com\\\/forum\\\/profile.php?id=2555664\",\"https:\\\/\\\/www.instapaper.com\\\/p\\\/17757966\",\"https:\\\/\\\/www.mapleprimes.com\\\/users\\\/iwellguard\",\"https:\\\/\\\/businesslistingplus.com\\\/profile\\\/iwell-guard\\\/\",\"https:\\\/\\\/telegra.ph\\\/iWell-Guard-06-06\",\"https:\\\/\\\/pbase.com\\\/iwellguard\\\/iwellguard\",\"https:\\\/\\\/b.hatena.ne.jp\\\/iwellguard\\\/20260607#bookmark-4788405196491818882\",\"https:\\\/\\\/fliphtml5.com\\\/home\\\/iwellguard\",\"https:\\\/\\\/anyflip.com\\\/homepage\\\/cmiwl#About\",\"https:\\\/\\\/transfur.com\\\/Users\\\/iwellguard\",\"http:\\\/\\\/delphi.larsbo.org\\\/user\\\/iwellguard\",\"https:\\\/\\\/jobs.lajobsportal.org\\\/profiles\\\/8380803-iwell-guard\",\"https:\\\/\\\/md.chaosdorf.de\\\/s\\\/jfbe5SBdJD\",\"https:\\\/\\\/www.lingvolive.com\\\/en-us\\\/profile\\\/9ecaeaca-ce11-4e51-9e71-01d55e2bff36\\\/translations\",\"https:\\\/\\\/www.fitday.com\\\/fitness\\\/forums\\\/members\\\/iwellguard.html\",\"https:\\\/\\\/www.mymeetbook.com\\\/iwellguard\",\"https:\\\/\\\/pxhere.com\\\/en\\\/photographer-me\\\/5040798\",\"https:\\\/\\\/disqus.com\\\/by\\\/iwellguard\\\/about\\\/\",\"https:\\\/\\\/pastelink.net\\\/hjwciqwq\",\"https:\\\/\\\/pubhtml5.com\\\/homepage\\\/scjhn\\\/\",\"https:\\\/\\\/www.bitchute.com\\\/channel\\\/2O2eOKzNqujT\",\"https:\\\/\\\/audiomack.com\\\/iwellguard\"]}]}<\/script>\n<!-- \/ Yoast SEO Premium plugin. -->","yoast_head_json":{"title":"Eshmun \u2013 heilagu\u00f0 S\u00eddon, go\u00f0s\u00f6gn, d\u00fdrkun","description":"Eshmun er f\u00f6nik\u00edskur heilagu\u00f0 og \u00e6\u00f0sti verndargu\u00f0 S\u00eddonar. Tr\u00faarbrag\u00f0afr\u00e6\u00f0ileg greining \u00e1 go\u00f0s\u00f6gninni og d\u00fdrkuninni.","robots":{"index":"index","follow":"follow","max-snippet":"max-snippet:-1","max-image-preview":"max-image-preview:large","max-video-preview":"max-video-preview:-1"},"canonical":"https:\/\/iwell-guard.com\/is\/eshmun-heilagud-sidonar\/","og_locale":"is_IS","og_type":"article","og_title":"Eshmun \u2013 heilagu\u00f0 S\u00eddonar","og_description":"Eshmun er f\u00f6nik\u00edskur heilagu\u00f0 og \u00e6\u00f0sti verndargu\u00f0 S\u00eddonar. Tr\u00faarbrag\u00f0afr\u00e6\u00f0ileg greining \u00e1 go\u00f0s\u00f6gninni og d\u00fdrkuninni.","og_url":"https:\/\/iwell-guard.com\/is\/eshmun-heilagud-sidonar\/","og_site_name":"iWell Guard","article_modified_time":"2026-09-05T14:27:40+00:00","og_image":[{"width":1024,"height":1536,"url":"https:\/\/iwell-guard.com\/wp-content\/uploads\/2026\/05\/goetter_phoenizisch_eshmun.webp","type":"image\/webp"}],"twitter_card":"summary_large_image","schema":{"@context":"https:\/\/schema.org","@graph":[{"@type":"WebPage","@id":"https:\/\/iwell-guard.com\/is\/eshmun-heilagud-sidonar\/","url":"https:\/\/iwell-guard.com\/is\/eshmun-heilagud-sidonar\/","name":"Eshmun \u2013 heilagu\u00f0 S\u00eddon, go\u00f0s\u00f6gn, d\u00fdrkun","isPartOf":{"@id":"https:\/\/iwell-guard.com\/is\/#website"},"primaryImageOfPage":{"@id":"https:\/\/iwell-guard.com\/is\/eshmun-heilagud-sidonar\/#primaryimage"},"image":{"@id":"https:\/\/iwell-guard.com\/is\/eshmun-heilagud-sidonar\/#primaryimage"},"thumbnailUrl":"https:\/\/iwell-guard.com\/wp-content\/uploads\/2026\/05\/goetter_phoenizisch_eshmun.webp","datePublished":"2026-09-05T14:04:30+00:00","dateModified":"2026-09-05T14:27:40+00:00","description":"Eshmun er f\u00f6nik\u00edskur heilagu\u00f0 og \u00e6\u00f0sti verndargu\u00f0 S\u00eddonar. Tr\u00faarbrag\u00f0afr\u00e6\u00f0ileg greining \u00e1 go\u00f0s\u00f6gninni og d\u00fdrkuninni.","breadcrumb":{"@id":"https:\/\/iwell-guard.com\/is\/eshmun-heilagud-sidonar\/#breadcrumb"},"inLanguage":"is","potentialAction":[{"@type":"ReadAction","target":["https:\/\/iwell-guard.com\/is\/eshmun-heilagud-sidonar\/"]}]},{"@type":"ImageObject","inLanguage":"is","@id":"https:\/\/iwell-guard.com\/is\/eshmun-heilagud-sidonar\/#primaryimage","url":"https:\/\/iwell-guard.com\/wp-content\/uploads\/2026\/05\/goetter_phoenizisch_eshmun.webp","contentUrl":"https:\/\/iwell-guard.com\/wp-content\/uploads\/2026\/05\/goetter_phoenizisch_eshmun.webp","width":1024,"height":1536,"caption":"Gu\u00f0ir \u00far f\u00f6nik\u00edskri hef\u00f0."},{"@type":"BreadcrumbList","@id":"https:\/\/iwell-guard.com\/is\/eshmun-heilagud-sidonar\/#breadcrumb","itemListElement":[{"@type":"ListItem","position":1,"name":"Start","item":"https:\/\/iwell-guard.com\/is\/?page_id=168580"},{"@type":"ListItem","position":2,"name":"Eshmun \u2013 heilagu\u00f0 S\u00eddonar"}]},{"@type":"WebSite","@id":"https:\/\/iwell-guard.com\/is\/#website","url":"https:\/\/iwell-guard.com\/is\/","name":"iWell Guard","description":"Schutz vor dunklen Einfl\u00fcssen","publisher":{"@id":"https:\/\/iwell-guard.com\/is\/#organization"},"potentialAction":[{"@type":"SearchAction","target":{"@type":"EntryPoint","urlTemplate":"https:\/\/iwell-guard.com\/is\/?s={search_term_string}"},"query-input":{"@type":"PropertyValueSpecification","valueRequired":true,"valueName":"search_term_string"}}],"inLanguage":"is"},{"@type":"Organization","@id":"https:\/\/iwell-guard.com\/is\/#organization","name":"Ittermann electronic GmbH","url":"https:\/\/iwell-guard.com\/is\/","logo":{"@type":"ImageObject","inLanguage":"is","@id":"https:\/\/iwell-guard.com\/is\/#\/schema\/logo\/image\/","url":"https:\/\/iwell-guard.com\/wp-content\/uploads\/2026\/05\/Ittermann-Logo-1182x237-1.png","contentUrl":"https:\/\/iwell-guard.com\/wp-content\/uploads\/2026\/05\/Ittermann-Logo-1182x237-1.png","width":1182,"height":237,"caption":"Ittermann electronic GmbH"},"image":{"@id":"https:\/\/iwell-guard.com\/is\/#\/schema\/logo\/image\/"},"sameAs":["https:\/\/pantip.com\/profile\/9367242","https:\/\/micro.blog\/iwellguard","https:\/\/www.diggerslist.com\/iwellguard\/about","https:\/\/skitterphoto.com\/photographers\/2870314\/iwell-guard","https:\/\/iwellguard.wordpress.com\/2026\/06\/06\/iwell-guard\/","https:\/\/hub.docker.com\/u\/iwellguard","https:\/\/www.pinterest.com\/iwellguard\/","https:\/\/bit.ly\/m\/iwellguard","https:\/\/entre-vos-mains.alsace.eu\/profiles\/iwellguard\/activity","https:\/\/gravatar.com\/reallybeded8fd34","https:\/\/naijamatta.com\/iwellguard","https:\/\/www.goodreads.com\/iwellguard","https:\/\/profile.hatena.ne.jp\/iwellguard\/","https:\/\/experiment.com\/users\/iwellguard","https:\/\/wakelet.com\/@iWellGuard82270","https:\/\/www.chordie.com\/forum\/profile.php?id=2555664","https:\/\/www.instapaper.com\/p\/17757966","https:\/\/www.mapleprimes.com\/users\/iwellguard","https:\/\/businesslistingplus.com\/profile\/iwell-guard\/","https:\/\/telegra.ph\/iWell-Guard-06-06","https:\/\/pbase.com\/iwellguard\/iwellguard","https:\/\/b.hatena.ne.jp\/iwellguard\/20260607#bookmark-4788405196491818882","https:\/\/fliphtml5.com\/home\/iwellguard","https:\/\/anyflip.com\/homepage\/cmiwl#About","https:\/\/transfur.com\/Users\/iwellguard","http:\/\/delphi.larsbo.org\/user\/iwellguard","https:\/\/jobs.lajobsportal.org\/profiles\/8380803-iwell-guard","https:\/\/md.chaosdorf.de\/s\/jfbe5SBdJD","https:\/\/www.lingvolive.com\/en-us\/profile\/9ecaeaca-ce11-4e51-9e71-01d55e2bff36\/translations","https:\/\/www.fitday.com\/fitness\/forums\/members\/iwellguard.html","https:\/\/www.mymeetbook.com\/iwellguard","https:\/\/pxhere.com\/en\/photographer-me\/5040798","https:\/\/disqus.com\/by\/iwellguard\/about\/","https:\/\/pastelink.net\/hjwciqwq","https:\/\/pubhtml5.com\/homepage\/scjhn\/","https:\/\/www.bitchute.com\/channel\/2O2eOKzNqujT","https:\/\/audiomack.com\/iwellguard"]}]}},"_links":{"self":[{"href":"https:\/\/iwell-guard.com\/is\/wp-json\/wp\/v2\/pages\/168974","targetHints":{"allow":["GET"]}}],"collection":[{"href":"https:\/\/iwell-guard.com\/is\/wp-json\/wp\/v2\/pages"}],"about":[{"href":"https:\/\/iwell-guard.com\/is\/wp-json\/wp\/v2\/types\/page"}],"author":[{"embeddable":true,"href":"https:\/\/iwell-guard.com\/is\/wp-json\/wp\/v2\/users\/3"}],"replies":[{"embeddable":true,"href":"https:\/\/iwell-guard.com\/is\/wp-json\/wp\/v2\/comments?post=168974"}],"version-history":[{"count":0,"href":"https:\/\/iwell-guard.com\/is\/wp-json\/wp\/v2\/pages\/168974\/revisions"}],"wp:featuredmedia":[{"embeddable":true,"href":"https:\/\/iwell-guard.com\/is\/wp-json\/wp\/v2\/media\/2849"}],"wp:attachment":[{"href":"https:\/\/iwell-guard.com\/is\/wp-json\/wp\/v2\/media?parent=168974"}],"wp:term":[{"taxonomy":"category","embeddable":true,"href":"https:\/\/iwell-guard.com\/is\/wp-json\/wp\/v2\/categories?post=168974"}],"curies":[{"name":"wp","href":"https:\/\/api.w.org\/{rel}","templated":true}]}}