{"id":168973,"date":"2026-09-05T14:04:30","date_gmt":"2026-09-05T14:04:30","guid":{"rendered":"https:\/\/iwell-guard.com\/?page_id=168973"},"modified":"2026-09-05T14:27:40","modified_gmt":"2026-09-05T14:27:40","slug":"baal-hammon-haedsti-gud-karthago","status":"publish","type":"page","link":"https:\/\/iwell-guard.com\/is\/baal-hammon-haedsti-gud-karthago\/","title":{"rendered":"Baal-Hammon \u2013 \u00c6\u00f0sti gu\u00f0 Kar\u00feag\u00f3"},"content":{"rendered":"\t\t<div data-elementor-type=\"wp-page\" data-elementor-id=\"168973\" class=\"elementor elementor-168973 elementor-2628 elementor-bc-flex-widget\" data-elementor-post-type=\"page\">\n\t\t\t\t<div class=\"elementor-element elementor-element-iwgw-baalhammon-hero e-flex e-con-boxed e-con e-parent\" data-id=\"iwgw-baalhammon-hero\" data-element_type=\"container\" data-e-type=\"container\" data-settings=\"{&quot;background_background&quot;:&quot;classic&quot;}\">\n\t\t\t\t\t<div class=\"e-con-inner\">\n\t\t<div class=\"elementor-element elementor-element-iwgw-baalhammon-hl e-flex e-con-boxed e-con e-child\" data-id=\"iwgw-baalhammon-hl\" data-element_type=\"container\" data-e-type=\"container\">\n\t\t\t\t\t<div class=\"e-con-inner\">\n\t\t<div class=\"elementor-element elementor-element-iwgw-baalhammon-htxt e-con-full e-flex e-con e-child\" data-id=\"iwgw-baalhammon-htxt\" data-element_type=\"container\" data-e-type=\"container\">\n\t\t\t\t<div class=\"elementor-element elementor-element-iwgw-baalhammon-h1 elementor-widget elementor-widget-heading\" data-id=\"iwgw-baalhammon-h1\" data-element_type=\"widget\" data-e-type=\"widget\" data-widget_type=\"heading.default\">\n\t\t\t\t\t<h1 class=\"elementor-heading-title elementor-size-default\">Baal-Hammon, p\u00fanversk-kar\u00feag\u00f3skur \u00e6\u00f0sti gu\u00f0 og Saturnus Africanus<\/h1>\t\t\t\t<\/div>\n\t\t\t\t<div class=\"elementor-element elementor-element-iwgw-baalhammon-lead elementor-widget elementor-widget-text-editor\" data-id=\"iwgw-baalhammon-lead\" data-element_type=\"widget\" data-e-type=\"widget\" data-widget_type=\"text-editor.default\">\n\t\t\t\t\t\t\t\t\t<p>Baal-Hammon (p\u00fanverskt <em>b\u02bfl \u1e25mn<\/em>) er \u00e6\u00f0sti karlkyns gu\u00f0 \u00ed p\u00fanversku Kar\u00feag\u00f3 og n\u00fdlendum \u00feess. Hann kemur reglulega fram me\u00f0 <a href=\"https:\/\/iwell-guard.com\/is\/?page_id=168972\">Tanit<\/a> og er vi\u00f0takandi v\u00edgslugjafa fr\u00e1 Tofet. \u00c1 r\u00f3mverska t\u00edmabilinu var hann samsama\u00f0ur Sat\u00farnusi.<\/p>\t\t\t\t\t\t\t\t<\/div>\n\t\t\t\t<\/div>\n\t\t<div class=\"elementor-element elementor-element-iwgw-baalhammon-pillc e-con-full e-flex e-con e-child\" data-id=\"iwgw-baalhammon-pillc\" data-element_type=\"container\" data-e-type=\"container\">\n\t\t\t\t<div class=\"elementor-element elementor-element-iwgw-baalhammon-pills elementor-widget elementor-widget-html\" data-id=\"iwgw-baalhammon-pills\" data-element_type=\"widget\" data-e-type=\"widget\" data-widget_type=\"html.default\">\n\t\t\t\t\t<div class=\"iwg-pill-row\"><span class=\"iwg-klasse-badge\" tabindex=\"0\" data-tooltip=\"Gu\u00f0 \u00far f\u00f6nik\u00edskri hef\u00f0.\">Gu\u00f0<\/span><a href=\"https:\/\/iwell-guard.com\/is\/fonikiumenn-og-kartago-baal-tanit\/\" class=\"iwg-kultur-badge\" tabindex=\"0\" data-tooltip=\"Go\u00f0afr\u00e6\u00f0i f\u00f6nik\u00edskrar hef\u00f0ar.\">F\u00f6nik\u00edsk<\/a><span class=\"iwg-tradition-badge\" tabindex=\"0\" data-tooltip=\"\u00c6\u00f0sti gu\u00f0.\">\u00c6\u00f0sti gu\u00f0<\/span><\/div>\t\t\t\t<\/div>\n\t\t\t\t<\/div>\n\t\t<div class=\"elementor-element elementor-element-iwgw-baalhammon-tocc e-con-full e-flex e-con e-child\" data-id=\"iwgw-baalhammon-tocc\" data-element_type=\"container\" data-e-type=\"container\">\n\t\t\t\t<div class=\"elementor-element elementor-element-iwgw-baalhammon-toc elementor-toc--minimized-on-tablet elementor-widget elementor-widget-table-of-contents\" data-id=\"iwgw-baalhammon-toc\" data-element_type=\"widget\" data-e-type=\"widget\" data-settings=\"{&quot;headings_by_tags&quot;:[&quot;h2&quot;,&quot;h3&quot;],&quot;minimize_box&quot;:&quot;yes&quot;,&quot;marker_view&quot;:&quot;bullets&quot;,&quot;no_headings_message&quot;:&quot;Engar undirfyrirsagnir fundust \\u00e1 \\u00feessari s\\u00ed\\u00f0u.&quot;,&quot;exclude_headings_by_selector&quot;:[],&quot;icon&quot;:{&quot;value&quot;:&quot;fas fa-circle&quot;,&quot;library&quot;:&quot;fa-solid&quot;,&quot;rendered_tag&quot;:&quot;&lt;svg class=\\&quot;e-font-icon-svg e-fas-circle\\&quot; viewBox=\\&quot;0 0 512 512\\&quot; xmlns=\\&quot;http:\\\/\\\/www.w3.org\\\/2000\\\/svg\\&quot;&gt;&lt;path d=\\&quot;M256 8C119 8 8 119 8 256s111 248 248 248 248-111 248-248S393 8 256 8z\\&quot;&gt;&lt;\\\/path&gt;&lt;\\\/svg&gt;&quot;},&quot;minimized_on&quot;:&quot;tablet&quot;,&quot;hierarchical_view&quot;:&quot;yes&quot;,&quot;min_height&quot;:{&quot;unit&quot;:&quot;px&quot;,&quot;size&quot;:&quot;&quot;,&quot;sizes&quot;:[]},&quot;min_height_tablet&quot;:{&quot;unit&quot;:&quot;px&quot;,&quot;size&quot;:&quot;&quot;,&quot;sizes&quot;:[]},&quot;min_height_mobile&quot;:{&quot;unit&quot;:&quot;px&quot;,&quot;size&quot;:&quot;&quot;,&quot;sizes&quot;:[]}}\" data-widget_type=\"table-of-contents.default\">\n\t\t\t\t\t\t\t\t\t<div class=\"elementor-toc__header\">\n\t\t\t\t\t\t<h2 class=\"elementor-toc__header-title\">\n\t\t\t\tEfnisyfirlit\t\t\t<\/h2>\n\t\t\t\t\t\t\t\t\t\t<div class=\"elementor-toc__toggle-button elementor-toc__toggle-button--expand\" role=\"button\" tabindex=\"0\" aria-controls=\"elementor-toc__iwgw-baalhammon-toc\" aria-expanded=\"true\" aria-label=\"Open table of contents\"><svg aria-hidden=\"true\" class=\"e-font-icon-svg e-fas-chevron-down\" viewBox=\"0 0 448 512\" xmlns=\"http:\/\/www.w3.org\/2000\/svg\"><path d=\"M207.029 381.476L12.686 187.132c-9.373-9.373-9.373-24.569 0-33.941l22.667-22.667c9.357-9.357 24.522-9.375 33.901-.04L224 284.505l154.745-154.021c9.379-9.335 24.544-9.317 33.901.04l22.667 22.667c9.373 9.373 9.373 24.569 0 33.941L240.971 381.476c-9.373 9.372-24.569 9.372-33.942 0z\"><\/path><\/svg><\/div>\n\t\t\t\t<div class=\"elementor-toc__toggle-button elementor-toc__toggle-button--collapse\" role=\"button\" tabindex=\"0\" aria-controls=\"elementor-toc__iwgw-baalhammon-toc\" aria-expanded=\"true\" aria-label=\"Close table of contents\"><svg aria-hidden=\"true\" class=\"e-font-icon-svg e-fas-chevron-up\" viewBox=\"0 0 448 512\" xmlns=\"http:\/\/www.w3.org\/2000\/svg\"><path d=\"M240.971 130.524l194.343 194.343c9.373 9.373 9.373 24.569 0 33.941l-22.667 22.667c-9.357 9.357-24.522 9.375-33.901.04L224 227.495 69.255 381.516c-9.379 9.335-24.544 9.317-33.901-.04l-22.667-22.667c-9.373-9.373-9.373-24.569 0-33.941L207.03 130.525c9.372-9.373 24.568-9.373 33.941-.001z\"><\/path><\/svg><\/div>\n\t\t\t\t\t<\/div>\n\t\t\t\t<div id=\"elementor-toc__iwgw-baalhammon-toc\" class=\"elementor-toc__body\">\n\t\t\t<div class=\"elementor-toc__spinner-container\">\n\t\t\t\t<svg class=\"elementor-toc__spinner eicon-animation-spin e-font-icon-svg e-eicon-loading\" aria-hidden=\"true\" viewBox=\"0 0 1000 1000\" xmlns=\"http:\/\/www.w3.org\/2000\/svg\"><path d=\"M500 975V858C696 858 858 696 858 500S696 142 500 142 142 304 142 500H25C25 237 238 25 500 25S975 237 975 500 763 975 500 975Z\"><\/path><\/svg>\t\t\t<\/div>\n\t\t<\/div>\n\t\t\t\t\t\t<\/div>\n\t\t\t\t<\/div>\n\t\t\t\t\t<\/div>\n\t\t\t\t<\/div>\n\t\t<div class=\"elementor-element elementor-element-iwgw-baalhammon-hr e-con-full e-flex e-con e-child\" data-id=\"iwgw-baalhammon-hr\" data-element_type=\"container\" data-e-type=\"container\">\n\t\t\t\t<div class=\"elementor-element elementor-element-iwgw-baalhammon-heroimg iwg-hero-image elementor-widget elementor-widget-image\" data-id=\"iwgw-baalhammon-heroimg\" data-element_type=\"widget\" data-e-type=\"widget\" data-widget_type=\"image.default\">\n\t\t\t\t\t\t\t\t\t\t\t\t\t\t\t<img fetchpriority=\"high\" decoding=\"async\" width=\"683\" height=\"1024\" src=\"https:\/\/iwell-guard.com\/wp-content\/uploads\/2026\/05\/goetter_phoenizisch_baal-hammon-683x1024.webp\" class=\"attachment-large size-large wp-image-170809\" alt=\"Baal Hammon - gu\u00f0ir \u00far f\u00f6nik\u00edskri hef\u00f0, s\u00f6gulega myndskreytt\" srcset=\"https:\/\/iwell-guard.com\/wp-content\/uploads\/2026\/05\/goetter_phoenizisch_baal-hammon-683x1024.webp 683w, https:\/\/iwell-guard.com\/wp-content\/uploads\/2026\/05\/goetter_phoenizisch_baal-hammon-200x300.webp 200w, https:\/\/iwell-guard.com\/wp-content\/uploads\/2026\/05\/goetter_phoenizisch_baal-hammon-768x1152.webp 768w, https:\/\/iwell-guard.com\/wp-content\/uploads\/2026\/05\/goetter_phoenizisch_baal-hammon.webp 1024w\" sizes=\"(max-width: 683px) 100vw, 683px\" \/>\t\t\t\t\t\t\t\t\t\t\t\t\t\t\t<\/div>\n\t\t\t\t<\/div>\n\t\t\t\t\t<\/div>\n\t\t\t\t<\/div>\n\t\t<div class=\"elementor-element elementor-element-iwgw-baalhammon-s0 e-flex e-con-boxed e-con e-parent\" data-id=\"iwgw-baalhammon-s0\" data-element_type=\"container\" data-e-type=\"container\">\n\t\t\t\t\t<div class=\"e-con-inner\">\n\t\t\t\t<div class=\"elementor-element elementor-element-iwgw-baalhammon-s0h elementor-widget elementor-widget-heading\" data-id=\"iwgw-baalhammon-s0h\" data-element_type=\"widget\" data-e-type=\"widget\" data-widget_type=\"heading.default\">\n\t\t\t\t\t<h2 class=\"elementor-heading-title elementor-size-default\">Greining og skammrit<\/h2>\t\t\t\t<\/div>\n\t\t<div class=\"elementor-element elementor-element-iwgw-baalhammon-s0c e-con-full e-flex e-con e-child\" data-id=\"iwgw-baalhammon-s0c\" data-element_type=\"container\" data-e-type=\"container\">\n\t\t\t\t<div class=\"elementor-element elementor-element-iwgw-baalhammon-s0t elementor-widget elementor-widget-text-editor\" data-id=\"iwgw-baalhammon-s0t\" data-element_type=\"widget\" data-e-type=\"widget\" data-widget_type=\"text-editor.default\">\n\t\t\t\t\t\t\t\t\t<p>Baal-Hammon er ein af mikilv\u00e6gustu go\u00f0um vestur-Mi\u00f0jar\u00f0arhafssv\u00e6\u00f0is p\u00fanversks heims. Sabatino Moscati s\u00fdndi \u00ed <em>Il mondo dei Fenici<\/em> (1966) a\u00f0 Baal-Hammon var \u00feekktur \u00ed f\u00f6nik\u00edsku heimalandinu en gegndi \u00fear aukahlutverki; \u00ed Kar\u00feag\u00f3 n\u00e1\u00f0i hann toppi go\u00f0aheimsins og deilir \u00feeirri st\u00f6\u00f0u me\u00f0 <a href=\"https:\/\/iwell-guard.com\/is\/?page_id=168972\">Tanit<\/a>. Innan <a href=\"https:\/\/iwell-guard.com\/is\/fonikiumenn-og-kartago-baal-tanit\/\">f\u00f6nik\u00edskrar hef\u00f0ar<\/a> er hann fyrirmynd hins p\u00fanverska \u00e6\u00f0sta gu\u00f0s.<\/p><p>Maria Eugenia Aubet skjalfesti \u00ed <em>The Phoenicians and the West<\/em> (2001) \u00fatbrei\u00f0slu hans um Mi\u00f0jar\u00f0arhafi\u00f0; Baal-Hammon-helgista\u00f0ir eru sta\u00f0festir \u00ed Kar\u00feag\u00f3, Motya, Tharros, Sulcis, Hadrumetum og m\u00f6rgum \u00f6\u00f0rum st\u00f6\u00f0um. \u00c1 r\u00f3mverska keisarat\u00edmanum lifir tilbei\u00f0sla hans \u00e1fram sem Saturnus Africanus og n\u00e6r athyglisver\u00f0ri langl\u00edfi \u00ed Numid\u00edu-Mauretan\u00edu skattlandinu allt fram \u00e1 4. \u00f6ld e.Kr.<\/p><p>Tr\u00faarbrag\u00f0afr\u00e6\u00f0ilega s\u00e9\u00f0 er Baal-Hammon d\u00e6miger\u00f0ur \u00e6\u00f0sti gu\u00f0 me\u00f0 jar\u00f0neska og s\u00f3larlega \u00fe\u00e6tti. Marcel Le Glay s\u00fdndi \u00ed <em>Saturne africain<\/em> (1966) a\u00f0 sams\u00f6munin vi\u00f0 r\u00f3mverska Sat\u00farnus byggist \u00e1 tv\u00f6faldri n\u00e1tt\u00faru Baal-Hammons: hann er b\u00e6\u00f0i korn- og uppskerugu\u00f0 (sat\u00farn\u00edskur \u00fe\u00e1ttur) og jar\u00f0neskur f\u00f6\u00f0urgu\u00f0.<\/p><p>Tofet-steinarnir og fj\u00f6lmargar \u00e1letranir skr\u00e1 <span class=\"iwg-fachbegriff\" data-tooltip=\"\u00d6ll tr\u00faarleg tilbei\u00f0sluath\u00f6fn tileinku\u00f0 gu\u00f0i e\u00f0a heilagri v\u00e6ttu.\" tabindex=\"0\">d\u00fdrkun<\/span> hans sem mikilv\u00e6ga tr\u00faarbrag\u00f0afr\u00e6\u00f0ilega ni\u00f0urst\u00f6\u00f0u.<\/p><p>\u00c1framhaldandi tilbei\u00f0sla Baal-Hammons \u00e1 r\u00f3mverska keisarat\u00edmanum sem Saturnus Africanus er eitt merkilegasta d\u00e6mi um tr\u00faarlega samfellu eftir fall p\u00fanverska r\u00edkisins. Meira en tv\u00f6 \u00fe\u00fasund Sat\u00farnus-steinar hafa var\u00f0veist fr\u00e1 nor\u00f0ur-afr\u00edsku skattl\u00f6ndunum, fr\u00e1 1. til 4. \u00f6ld e.Kr.<\/p>\t\t\t\t\t\t\t\t<\/div>\n\t\t\t\t<\/div>\n\t\t\t\t\t<\/div>\n\t\t\t\t<\/div>\n\t\t<div class=\"elementor-element elementor-element-iwgw-baalhammon-s1 e-flex e-con-boxed e-con e-parent\" data-id=\"iwgw-baalhammon-s1\" data-element_type=\"container\" data-e-type=\"container\">\n\t\t\t\t\t<div class=\"e-con-inner\">\n\t\t\t\t<div class=\"elementor-element elementor-element-iwgw-baalhammon-s1h elementor-widget elementor-widget-heading\" data-id=\"iwgw-baalhammon-s1h\" data-element_type=\"widget\" data-e-type=\"widget\" data-widget_type=\"heading.default\">\n\t\t\t\t\t<h2 class=\"elementor-heading-title elementor-size-default\">Nafn og or\u00f0sifjar<\/h2>\t\t\t\t<\/div>\n\t\t<div class=\"elementor-element elementor-element-iwgw-baalhammon-s1c e-con-full e-flex e-con e-child\" data-id=\"iwgw-baalhammon-s1c\" data-element_type=\"container\" data-e-type=\"container\">\n\t\t\t\t<div class=\"elementor-element elementor-element-iwgw-baalhammon-s1t elementor-widget elementor-widget-text-editor\" data-id=\"iwgw-baalhammon-s1t\" data-element_type=\"widget\" data-e-type=\"widget\" data-widget_type=\"text-editor.default\">\n\t\t\t\t\t\t\t\t\t<p>Nafni\u00f0 <em>b\u02bfl \u1e25mn<\/em> er samsett \u00far <em>b\u02bfl<\/em> &#8216;herra&#8217; og <em>\u1e25mn<\/em>, en uppruni \u00feess s\u00ed\u00f0ara er umdeildur. Ein t\u00falkun tengir <em>\u1e25mn<\/em> vi\u00f0 r\u00f3tina <em>\u1e25mm<\/em> &#8216;a\u00f0 vera heitur&#8217; og s\u00e9r Baal-Hammon sem &#8216;herra hitans&#8217;, l\u00edklega me\u00f0 s\u00f3larlegan \u00fe\u00e1tt.<\/p><p>\u00d6nnur t\u00falkun s\u00e9r <em>\u1e25mn<\/em> sem sta\u00f0arnafn &#8216;Hammon&#8217; (m\u00f6gulega sta\u00f0ur \u00ed F\u00f6nik\u00edu) og Baal-Hammon sem &#8216;herra Hammon&#8217;. \u00deri\u00f0ja m\u00f6guleikinn tengir <em>\u1e25mn<\/em> vi\u00f0 reykelsisf\u00f3rnaraltari (&#8216;reykelsisaltari&#8217;).<\/p><p>Charles Krahmalkov t\u00f3k saman \u00e1letrunarafbrig\u00f0i \u00ed <em>A Phoenician-Punic Grammar<\/em> (2001); \u00ed \u00e1letrunum kemur hann fram sem <em>b\u02bfl \u1e25mn<\/em> e\u00f0a einfaldlega <em>b\u02bfl<\/em>. Gr\u00edska \u00fatg\u00e1fan er \u0392\u03ac\u03b1\u03bb-\u1f08\u03bc\u03bc\u03c9\u03bd (Baal-Ammon), og \u00e1 hellen\u00edskum t\u00edma var hann a\u00f0 einhverju leyti samsama\u00f0ur egypska gu\u00f0inum Amun. R\u00f3mverska sams\u00f6munin vi\u00f0 Sat\u00farnus er langl\u00edfust og m\u00f3tar afr\u00edsk-r\u00f3mverska tr\u00faarbrag\u00f0as\u00f6gu.<\/p><p>\u00cd hebreskum textum kemur Hammon fram sem sta\u00f0arnafn \u00ed Gal\u00edleu; \u00f3lj\u00f3st er hvort bein s\u00f6guleg tengsl s\u00e9u til sta\u00f0ar. \u00cd arame\u00edskum \u00e1letrunum fr\u00e1 Palm\u00fdru kemur fram gu\u00f0 sem kallast <em>\u02bfolam<\/em> me\u00f0 svipu\u00f0 hlutverk og Baal-Hammon; h\u00e9r er n\u00e1in skyldleiki einnig umdeildur. Tr\u00faarbrag\u00f0as\u00f6gulega er Baal-Hammon s\u00e9rt\u00e6k vestr\u00e6n \u00fer\u00f3un.<\/p><p>Enn ein or\u00f0sifjafr\u00e6\u00f0ileg kenning tengir <em>\u1e25mn<\/em> vi\u00f0 arame\u00edska <em>\u1e25mn<\/em> &#8216;a\u00f0 vera mildur&#8217;, sem hef\u00f0i dj\u00fapa gu\u00f0fr\u00e6\u00f0ilega merkingu; h\u00fan er \u00fe\u00f3 ekki sta\u00f0fest m\u00e1lfr\u00e6\u00f0ilega.<\/p>\t\t\t\t\t\t\t\t<\/div>\n\t\t\t\t<\/div>\n\t\t\t\t\t<\/div>\n\t\t\t\t<\/div>\n\t\t<div class=\"elementor-element elementor-element-iwgw-baalhammon-s2 e-flex e-con-boxed e-con e-parent\" data-id=\"iwgw-baalhammon-s2\" data-element_type=\"container\" data-e-type=\"container\">\n\t\t\t\t\t<div class=\"e-con-inner\">\n\t\t\t\t<div class=\"elementor-element elementor-element-iwgw-baalhammon-s2h elementor-widget elementor-widget-heading\" data-id=\"iwgw-baalhammon-s2h\" data-element_type=\"widget\" data-e-type=\"widget\" data-widget_type=\"heading.default\">\n\t\t\t\t\t<h2 class=\"elementor-heading-title elementor-size-default\">L\u00fdsing og myndm\u00e1l<\/h2>\t\t\t\t<\/div>\n\t\t<div class=\"elementor-element elementor-element-iwgw-baalhammon-s2c e-con-full e-flex e-con e-child\" data-id=\"iwgw-baalhammon-s2c\" data-element_type=\"container\" data-e-type=\"container\">\n\t\t\t\t<div class=\"elementor-element elementor-element-iwgw-baalhammon-s2t elementor-widget elementor-widget-text-editor\" data-id=\"iwgw-baalhammon-s2t\" data-element_type=\"widget\" data-e-type=\"widget\" data-widget_type=\"text-editor.default\">\n\t\t\t\t\t\t\t\t\t<p>Baal-Hammon kemur fram \u00ed p\u00fanverskri myndlist oftast sem h\u00e1s\u00e6tandi skeggja\u00f0ur \u00f6ldungur me\u00f0 nautshornak\u00f3r\u00f3nu, l\u00f6ngu felldu kl\u00e6\u00f0i og veldissprota. \u00deessi myndhef\u00f0 er r\u00edkulega sta\u00f0fest \u00e1 Tofet-steinum og skilur hann fr\u00e1 <a href=\"https:\/\/iwell-guard.com\/is\/?page_id=168969\">Baal-Hadad<\/a>, sem kemur fram sem ungur ve\u00f0urgu\u00f0 me\u00f0 reidda \u00f6xi. \u00d6ldungslegt yfirbrag\u00f0 Baal-Hammons tengir hann gu\u00f0fr\u00e6\u00f0ilega vi\u00f0 \u00fagar\u00edska gu\u00f0inn El og vi\u00f0 Sat\u00farnus.<\/p><p>Heilagt d\u00fdr hans er hr\u00faturinn e\u00f0a geithafurinn; \u00ed p\u00fanverskum f\u00f3rnarath\u00f6fnum var hr\u00faturinn \u00e1kj\u00f3sanlegt f\u00f3rnard\u00fdr. \u00c1 sumum steinum kemur hann fram flanka\u00f0ur af sfinxum e\u00f0a gripum.<\/p><p>\u00cd Kar\u00feag\u00f3 var risavaxin bronsstytta af Baal-Hammon reist \u00ed borgarhofinu; hennar er minnst \u00ed heimildum um Tofet-<span class=\"iwg-fachbegriff\" data-tooltip=\"Gj\u00f6f til gu\u00f0s til a\u00f0 tj\u00e1 \u00feakkl\u00e6ti, b\u00f3n e\u00f0a tilbei\u00f0slu.\" tabindex=\"0\">f\u00f3rnir<\/span> og sagt er a\u00f0 h\u00fan hafi haft b\u00fana\u00f0 sem l\u00e9t f\u00f3rnard\u00fdr e\u00f0a b\u00f6rn falla \u00ed eld undir henni. Heimildagagnr\u00fdni um \u00feetta er umdeild og er n\u00fa metin varlegar.<\/p><p>\u00c1 hellen\u00edsk-r\u00f3mverska t\u00edmabilinu blandast myndlist Baal-Hammons s\u00edfellt meira vi\u00f0 Sat\u00farnus-hef\u00f0ina; s\u00ed\u00f0r\u00f3mversku Sat\u00farnus-steinarnir fr\u00e1 Nor\u00f0ur-Afr\u00edku (3. og 4. \u00f6ld e.Kr.) s\u00fdna gu\u00f0inn sem skeggja\u00f0an \u00f6ldung me\u00f0 sig\u00f0, algj\u00f6rlega eftir Sat\u00farnus-fyrirmynd. \u00deessi Saturnus-Africanus-myndlist er meginvi\u00f0fangsefni Marcel Le Glay og fjalla\u00f0 um hana \u00edtarlega \u00ed riti hans.<\/p><p>\u00c1hrifamikil fornleifafr\u00e6\u00f0ileg heimild eru fj\u00f6lmargar bronsstyttur fr\u00e1 Tofet, sem s\u00fdna Baal-Hammon h\u00e1s\u00e6tandi me\u00f0 lyfta h\u00f6nd, blessunarbendingu. \u00deessar styttur voru a\u00f0 hluta reistar \u00ed Tofet sj\u00e1lfu sem v\u00edgslugjafir, a\u00f0 hluta \u00ed \u00edb\u00fa\u00f0arh\u00fasum.<\/p>\t\t\t\t\t\t\t\t<\/div>\n\t\t\t\t<\/div>\n\t\t\t\t\t<\/div>\n\t\t\t\t<\/div>\n\t\t<div class=\"elementor-element elementor-element-iwgw-baalhammon-s3 e-flex e-con-boxed e-con e-parent\" data-id=\"iwgw-baalhammon-s3\" data-element_type=\"container\" data-e-type=\"container\">\n\t\t\t\t\t<div class=\"e-con-inner\">\n\t\t\t\t<div class=\"elementor-element elementor-element-iwgw-baalhammon-s3h elementor-widget elementor-widget-heading\" data-id=\"iwgw-baalhammon-s3h\" data-element_type=\"widget\" data-e-type=\"widget\" data-widget_type=\"heading.default\">\n\t\t\t\t\t<h2 class=\"elementor-heading-title elementor-size-default\">Go\u00f0sagnakenndar fr\u00e1sagnir<\/h2>\t\t\t\t<\/div>\n\t\t<div class=\"elementor-element elementor-element-iwgw-baalhammon-s3c e-con-full e-flex e-con e-child\" data-id=\"iwgw-baalhammon-s3c\" data-element_type=\"container\" data-e-type=\"container\">\n\t\t\t\t<div class=\"elementor-element elementor-element-iwgw-baalhammon-s3t elementor-widget elementor-widget-text-editor\" data-id=\"iwgw-baalhammon-s3t\" data-element_type=\"widget\" data-e-type=\"widget\" data-widget_type=\"text-editor.default\">\n\t\t\t\t\t\t\t\t\t<p>Engar sj\u00e1lfst\u00e6\u00f0ar go\u00f0sagnir um Baal-Hammon hafa var\u00f0veist; eins og hj\u00e1 <a href=\"https:\/\/iwell-guard.com\/is\/?page_id=168972\">Tanit<\/a> er hann fyrst og fremst helgisi\u00f0aleg vera. Fr\u00e1sagnir fr\u00e1 <span class=\"iwg-fachbegriff\" data-tooltip=\"T\u00edmabil gr\u00edskrar og r\u00f3mverskrar menningar, um \u00fea\u00f0 bil 800 f.Kr. til 600 e.Kr.\" tabindex=\"0\">forn\u00f6ld<\/span> (Diod\u00f3ros, P\u00f3l\u00fdb\u00edos, Pl\u00fatarkos, Tert\u00fall\u00edanus) nefna barnaskur\u00f0argo\u00f0 \u00ed Tofet sem mikilv\u00e6gustu d\u00fdrkunarath\u00f6fn hans.<\/p><p>Diod\u00f3ros (20.14) greinir \u00edtarlega fr\u00e1 miklu barnaskur\u00f0argo\u00f0i \u00e1ri\u00f0 310 f.Kr. \u00feegar Kar\u00feag\u00f3 var undir ums\u00e1tri Agat\u00f3klesar fr\u00e1 S\u00fdrak\u00fasu; \u00ed ney\u00f0 f\u00f3rnu\u00f0u menn 200 a\u00f0alsdrengjum til a\u00f0 stilla rei\u00f0i gu\u00f0sins.<\/p><p>S\u00f6gulegt sannleiksgildi \u00feessara fr\u00e1sagna hefur veri\u00f0 deiluefni um kynsl\u00f3\u00f0ir; \u00fe\u00e6r eru gr\u00edsk-r\u00f3mverskar deilurita\u00f0ar heimildir og ver\u00f0ur a\u00f0 sko\u00f0a \u00fe\u00e6r me\u00f0 gagnr\u00fdni. Fornleifafundir \u00far Tofet sta\u00f0festa \u00fe\u00f3 a\u00f0 ungb\u00f6rn og sm\u00e1b\u00f6rn voru grafin \u00ed talsver\u00f0um fj\u00f6lda; hvort \u00fea\u00f0 var alltaf sem <span class=\"iwg-fachbegriff\" data-tooltip=\"Gj\u00f6f til gu\u00f0s til a\u00f0 tj\u00e1 \u00feakkl\u00e6ti, b\u00f3n e\u00f0a lotningu.\" tabindex=\"0\">f\u00f3rn<\/span> e\u00f0a l\u00edka n\u00e1tt\u00farulega l\u00e1tin b\u00f6rn er efni Tofet-deilunnar.<\/p><p>\u00c1g\u00fast\u00ednus fr\u00e1 Hipp\u00f3 r\u00e6\u00f0st harkalega \u00e1 Sat\u00farnus Africanus-d\u00fdrkunina \u00ed <em>De civitate Dei<\/em> 7.19 og l\u00fdsir barnaskur\u00f0argo\u00f0i sem &#8216;crudelis daemonum cultus&#8217;. \u00deessi <span class=\"iwg-fachbegriff\" data-tooltip=\"Umbreytingart\u00edmabil milli fornaldar og mi\u00f0alda, um \u00fea\u00f0 bil 3. til 7. \u00f6ld.\" tabindex=\"0\">s\u00ed\u00f0fornaldar<\/span> deilurit heyrir til sm\u00ed\u00f0i kristins Kar\u00feag\u00f3 og bera \u00e1 a\u00f0 lesa me\u00f0 vark\u00e1rni s\u00f6gulega s\u00e9\u00f0, en h\u00fan endurspeglar hi\u00f0 langl\u00edfa samband Baal-Hammons vi\u00f0 barnaskur\u00f0argo\u00f0shugmyndir \u00ed fornaldarskilningi. V\u00edsindaleg t\u00falkun \u00feessarar i\u00f0kunar er enn deiluefni.<\/p>\t\t\t\t\t\t\t\t<\/div>\n\t\t\t\t<\/div>\n\t\t\t\t\t<\/div>\n\t\t\t\t<\/div>\n\t\t<div class=\"elementor-element elementor-element-iwgw-baalhammon-s4 e-flex e-con-boxed e-con e-parent\" data-id=\"iwgw-baalhammon-s4\" data-element_type=\"container\" data-e-type=\"container\">\n\t\t\t\t\t<div class=\"e-con-inner\">\n\t\t\t\t<div class=\"elementor-element elementor-element-iwgw-baalhammon-s4h elementor-widget elementor-widget-heading\" data-id=\"iwgw-baalhammon-s4h\" data-element_type=\"widget\" data-e-type=\"widget\" data-widget_type=\"heading.default\">\n\t\t\t\t\t<h2 class=\"elementor-heading-title elementor-size-default\">D\u00fdrkun og tilbei\u00f0sla<\/h2>\t\t\t\t<\/div>\n\t\t<div class=\"elementor-element elementor-element-iwgw-baalhammon-s4c e-con-full e-flex e-con e-child\" data-id=\"iwgw-baalhammon-s4c\" data-element_type=\"container\" data-e-type=\"container\">\n\t\t\t\t<div class=\"elementor-element elementor-element-iwgw-baalhammon-s4t elementor-widget elementor-widget-text-editor\" data-id=\"iwgw-baalhammon-s4t\" data-element_type=\"widget\" data-e-type=\"widget\" data-widget_type=\"text-editor.default\">\n\t\t\t\t\t\t\t\t\t<p>A\u00f0alhelgista\u00f0ur Baal-Hammons var Tofet-sv\u00e6\u00f0i\u00f0 \u00ed Kar\u00feag\u00f3; auk \u00feess Tofet-sv\u00e6\u00f0i \u00ed Motya, Tharros, Sulcis, Hadrumetum, Cirta, Lambafundi og fj\u00f6lm\u00f6rgum \u00f6\u00f0rum st\u00f6\u00f0um. \u00c1 hverjum \u00feessara helgista\u00f0a var Baal-Hammon a\u00f0alvi\u00f0takandi v\u00edgslugjafa, oft \u00e1samt <a href=\"https:\/\/iwell-guard.com\/is\/?page_id=168972\">Tanit<\/a>. V\u00edgslu\u00e1letrunirnar fylgja sta\u00f0la\u00f0ri form\u00falu: &#8216;Til herra Baal-Hammons, \u00fea\u00f0 sem N.N. h\u00e9t, \u00fev\u00ed hann heyr\u00f0i b\u00f3n hans&#8217;.<\/p><p>Auk \u00feess voru borgar-<span class=\"iwg-fachbegriff\" data-tooltip=\"Bygging sem \u00fej\u00f3nar tilbei\u00f0slu \u00e1 einum e\u00f0a fleiri gu\u00f0um.\" tabindex=\"0\">hof<\/span> tileinku\u00f0 Baal-Hammon, me\u00f0al annars \u00ed Thinissut og \u00ed Kar\u00feag\u00f3 sj\u00e1lfri (<span class=\"iwg-fachbegriff\" data-tooltip=\"Bygging sem \u00fej\u00f3nar tilbei\u00f0slu \u00e1 einum e\u00f0a fleiri gu\u00f0um.\" tabindex=\"0\">hof<\/span> \u00e1 Byrsa-h\u00e6\u00f0inni). Sabatino Moscati hefur skr\u00e1\u00f0 p\u00fanverska hofbyggingarlist \u00ed m\u00f6rgum ritum.<\/p><p><span class=\"iwg-fachbegriff\" data-tooltip=\"Bygging sem \u00fej\u00f3nar tilbei\u00f0slu \u00e1 einum e\u00f0a fleiri gu\u00f0um.\" tabindex=\"0\">Hofin<\/span> fylgja \u00fer\u00edskiptu skipulagi: forgar\u00f0i, a\u00f0alsal, helgireit. A\u00f0 innan st\u00f3\u00f0 <span class=\"iwg-fachbegriff\" data-tooltip=\"Myndl\u00fdsing \u00e1 gu\u00f0i sem er tilbe\u00f0in \u00ed hofi e\u00f0a helgista\u00f0.\" tabindex=\"0\">helgimynd<\/span> e\u00f0a &#8216;mazzeba&#8217; (heilagur s\u00falusteinn), en s\u00ed\u00f0arnefnda var einkennandi fyrir myndaleysi F\u00f6nik\u00edumanna gagnvart h\u00e6stu <span class=\"iwg-fachbegriff\" data-tooltip=\"Vera sem er tilbe\u00f0in sem gu\u00f0leg innan tr\u00faarbrag\u00f0a.\" tabindex=\"0\">gu\u00f0veru<\/span>.<\/p><p>\u00c1 r\u00f3mverska keisarat\u00edmanum var Baal-Hammon \u00e1fram d\u00fdrka\u00f0ur undir nafninu Sat\u00farnus Africanus; <span class=\"iwg-fachbegriff\" data-tooltip=\"Bygging sem \u00fej\u00f3nar tilbei\u00f0slu \u00e1 einum e\u00f0a fleiri gu\u00f0um.\" tabindex=\"0\">hof<\/span> hans \u00ed Kar\u00feag\u00f3 var endurnefnt og endur<span class=\"iwg-fachbegriff\" data-tooltip=\"Me\u00f0 tr\u00faarlegri ath\u00f6fn afhent hinu heilaga og \u00fear me\u00f0 teki\u00f0 \u00far hinu hversdagslega.\" tabindex=\"0\">v\u00edgt<\/span>.<\/p><p>Fj\u00f6ldi Sat\u00farnus-steinst\u00f6\u00f0va \u00ed Nor\u00f0ur-Afr\u00edku er meiri en allra annarra r\u00f3mverskra gu\u00f0a \u00ed sv\u00e6\u00f0inu; Baal-Hammon-Sat\u00farnus var mikilv\u00e6gasta <span class=\"iwg-fachbegriff\" data-tooltip=\"Vera sem er tilbe\u00f0in sem gu\u00f0leg innan tr\u00faarbrag\u00f0a.\" tabindex=\"0\">gu\u00f0veran<\/span> \u00ed afr\u00edsku skattl\u00f6ndunum allt fram \u00e1 4. \u00f6ld e.Kr. Kristnun og innr\u00e1s Vandala ur\u00f0u til \u00feess a\u00f0 <span class=\"iwg-fachbegriff\" data-tooltip=\"Heild tr\u00faarlegra tilbei\u00f0sluathafna fyrir gu\u00f0 e\u00f0a helga veru.\" tabindex=\"0\">d\u00fdrkun<\/span> hans lauk.<\/p><p>Mikilv\u00e6g mynthagfr\u00e6\u00f0ileg heimild eru kar\u00feag\u00f3skar tetradr\u00f6kmur fr\u00e1 4. og 3. \u00f6ld f.Kr. sem s\u00fdna nautshornakr\u00f3nu Baal-Hammons sem verndart\u00e1kn \u00e1 framhli\u00f0inni. Myntirnar voru slegnar \u00ed miklu magni til a\u00f0 grei\u00f0a laun kar\u00feag\u00f3skra herja og dreif\u00f0u myndm\u00e1li Baal-Hammons alla lei\u00f0 til Sp\u00e1nar og Sikileyjar.<\/p>\t\t\t\t\t\t\t\t<\/div>\n\t\t\t\t<\/div>\n\t\t\t\t\t<\/div>\n\t\t\t\t<\/div>\n\t\t<div class=\"elementor-element elementor-element-iwgw-baalhammon-s5 e-flex e-con-boxed e-con e-parent\" data-id=\"iwgw-baalhammon-s5\" data-element_type=\"container\" data-e-type=\"container\">\n\t\t\t\t\t<div class=\"e-con-inner\">\n\t\t\t\t<div class=\"elementor-element elementor-element-iwgw-baalhammon-s5h elementor-widget elementor-widget-heading\" data-id=\"iwgw-baalhammon-s5h\" data-element_type=\"widget\" data-e-type=\"widget\" data-widget_type=\"heading.default\">\n\t\t\t\t\t<h2 class=\"elementor-heading-title elementor-size-default\">Verndara\u00f0ger\u00f0ir og fr\u00e1hrindandi t\u00e1kn<\/h2>\t\t\t\t<\/div>\n\t\t<div class=\"elementor-element elementor-element-iwgw-baalhammon-s5c e-con-full e-flex e-con e-child\" data-id=\"iwgw-baalhammon-s5c\" data-element_type=\"container\" data-e-type=\"container\">\n\t\t\t\t<div class=\"elementor-element elementor-element-iwgw-baalhammon-s5t elementor-widget elementor-widget-text-editor\" data-id=\"iwgw-baalhammon-s5t\" data-element_type=\"widget\" data-e-type=\"widget\" data-widget_type=\"text-editor.default\">\n\t\t\t\t\t\t\t\t\t<p>Baal-Hammon var verndargu\u00f0 borgarinnar, fj\u00f6lskyldunnar og uppskerunnar. \u00cd p\u00fanverskum \u00e1letrunum kemur hann fram sem vi\u00f0takandi <em>n\u0113der<\/em>-heita \u00ed ney\u00f0artilvikum: fyrir fer\u00f0al\u00f6g, fyrir orrustur, \u00ed veikindum, vi\u00f0 barnsbur\u00f0. T\u00ed\u00f0ni <span class=\"iwg-fachbegriff\" data-tooltip=\"B\u00e6nleg e\u00f0a \u00e1kallandi \u00e1varp til gu\u00f0s e\u00f0a m\u00e1ttarvalds.\" tabindex=\"0\">\u00e1kalls<\/span> hans \u00ed einkaheitgj\u00f6fum s\u00fdnir hve dj\u00fapst\u00e6\u00f0 einkatr\u00far\u00e6kni p\u00fanverska almennings var.<\/p><p>\u00c1 dyraumb\u00fana\u00f0i h\u00fasa og \u00ed vistarverum voru t\u00e1kn hans notu\u00f0 <span class=\"iwg-fachbegriff\" data-tooltip=\"Illsku fr\u00e1v\u00edsandi: um t\u00e1kn og hluti sem eiga a\u00f0 halda ska\u00f0legum \u00e1hrifum fjarri.\" tabindex=\"0\">verndandi<\/span>: nautshornsk\u00f3r\u00f3na, sig\u00f0 og &#8216;caduceus&#8217;-<span class=\"iwg-fachbegriff\" data-tooltip=\"T\u00e1kn sem stendur fyrir hugmynd e\u00f0a merkingu.\" tabindex=\"0\">t\u00e1kni\u00f0<\/span>, sem \u00ed p\u00fanverska heiminum er reglulega tengt Baal-Hammon. Bronsstyttur af skeggju\u00f0um gu\u00f0i sitjandi \u00ed h\u00e1s\u00e6ti me\u00f0 nautshornsk\u00f3r\u00f3nu hafa fundist \u00e1 m\u00f6rgum p\u00fanverskum heimilisst\u00f6\u00f0um.<\/p><p data-nosnippet=\"true\">Fr\u00e1 fr\u00e6\u00f0ilegu sj\u00f3narhorni er verndarhlutverk Baal-Hammons n\u00e1tengt r\u00edkisskipulaginu en jafnframt dj\u00fapt r\u00f3tfest \u00ed einkal\u00edfi fj\u00f6lskyldunnar. T\u00f3fet-i\u00f0kunin ber a\u00f0 skilja sem s\u00e9rstakt afbrig\u00f0i krepputr\u00far\u00e6kni, \u00e1n \u00feess a\u00f0 h\u00fan s\u00e9 \u00ed dag skilin \u00e1 j\u00e1kv\u00e6\u00f0an h\u00e1tt v\u00edsindalega s\u00e9\u00f0. iWell Guard skr\u00e1ir Baal-Hammon sem s\u00f6gulega og tr\u00faars\u00f6gulega pers\u00f3nu \u00e1n nokkurra tengsla vi\u00f0 n\u00fat\u00edmalegar heilunarlofor\u00f0.<\/p><p>N\u00e1in tengsl Baal-Hammons vi\u00f0 p\u00fanverska herna\u00f0arlist eru vel skjalfest; ei\u00f0ur Hannibals vi\u00f0 <span class=\"iwg-fachbegriff\" data-tooltip=\"Upph\u00e6kka\u00f0ur sta\u00f0ur e\u00f0a bor\u00f0 fyrir f\u00f3rnir og tr\u00faarathafnir.\" tabindex=\"0\">altari<\/span> Baal-Hammons \u00e1 n\u00edunda aldurs\u00e1ri hans, um a\u00f0 l\u00edta \u00e1 R\u00f3m sem eil\u00edfan \u00f3vin, er ein fr\u00e6gasta saga fornaldar og stendur \u00ed hef\u00f0 p\u00fanverskra str\u00ed\u00f0sei\u00f0a.<\/p>\t\t\t\t\t\t\t\t<\/div>\n\t\t\t\t<\/div>\n\t\t\t\t\t<\/div>\n\t\t\t\t<\/div>\n\t\t<div class=\"elementor-element elementor-element-iwgw-baalhammon-s6 e-flex e-con-boxed e-con e-parent\" data-id=\"iwgw-baalhammon-s6\" data-element_type=\"container\" data-e-type=\"container\">\n\t\t\t\t\t<div class=\"e-con-inner\">\n\t\t\t\t<div class=\"elementor-element elementor-element-iwgw-baalhammon-s6h elementor-widget elementor-widget-heading\" data-id=\"iwgw-baalhammon-s6h\" data-element_type=\"widget\" data-e-type=\"widget\" data-widget_type=\"heading.default\">\n\t\t\t\t\t<h2 class=\"elementor-heading-title elementor-size-default\">Hli\u00f0st\u00e6\u00f0ur \u00ed \u00f6\u00f0rum menningarheimum<\/h2>\t\t\t\t<\/div>\n\t\t<div class=\"elementor-element elementor-element-iwgw-baalhammon-s6c e-con-full e-flex e-con e-child\" data-id=\"iwgw-baalhammon-s6c\" data-element_type=\"container\" data-e-type=\"container\">\n\t\t\t\t<div class=\"elementor-element elementor-element-iwgw-baalhammon-s6t elementor-widget elementor-widget-text-editor\" data-id=\"iwgw-baalhammon-s6t\" data-element_type=\"widget\" data-e-type=\"widget\" data-widget_type=\"text-editor.default\">\n\t\t\t\t\t\t\t\t\t<p>Baal-Hammon er s\u00f6guleg tengdur ugar\u00edtiska gu\u00f0inum El (fornum f\u00f6\u00f0urgu\u00f0i), mes\u00f3p\u00f3tam\u00edska gu\u00f0inum Anu, r\u00f3mverska gu\u00f0inum Saturnus og gr\u00edska gu\u00f0inum Kronos. Samsv\u00f6runin vi\u00f0 Saturnus er s\u00fa varanlegasta; Marcel Le Glay s\u00fdndi \u00ed <em>Saturne africain<\/em> (1966) a\u00f0 \u00feessi samruni m\u00f3ta\u00f0i afr\u00edsku Saturnus-<span class=\"iwg-fachbegriff\" data-tooltip=\"Heildarsafn tr\u00faarlegra tilbei\u00f0sluathafna fyrir gu\u00f0 e\u00f0a heilaga vera.\" tabindex=\"0\">d\u00fdrkunina<\/span> \u00e1 keisarat\u00edmanum \u00ed grundvallaratri\u00f0um.<\/p><p>Me\u00f0 Kronos deilir Baal-Hammon eiginleikum aldra\u00f0s f\u00f6\u00f0urgu\u00f0s sem tengist barnaf\u00f3rnum; gr\u00edska Kronos-<span class=\"iwg-fachbegriff\" data-tooltip=\"Hef\u00f0bundin fr\u00e1s\u00f6gn um gu\u00f0i, uppruna og skipulag heimsins.\" tabindex=\"0\">go\u00f0s\u00f6gnin<\/span> segir fr\u00e1 \u00fev\u00ed a\u00f0 hann gleypi eigin b\u00f6rn, sem \u00ed hellen\u00edskri skynjun var tengt vi\u00f0 kar\u00feag\u00edsku Tofet-f\u00f3rnirnar. Pl\u00fatarkos (<em>De superstitione<\/em>) gerir \u00feessa tengingu sk\u00fdra.<\/p><p>Me\u00f0 <a href=\"https:\/\/iwell-guard.com\/is\/?page_id=168962\">Kumarbi<\/a> \u00far <a href=\"https:\/\/iwell-guard.com\/is\/hettitar-anatolia-tarhunna-vernd\/\">hittit\u00edskri hef\u00f0<\/a> deilir Baal-Hammon \u00feeirri ger\u00f0 f\u00f6\u00f0urgu\u00f0s sem er hrakinn fr\u00e1 v\u00f6ldum e\u00f0a v\u00edkur fyrir \u00f6\u00f0rum. Tr\u00faars\u00f6gulega tilheyrir hann al\u00fej\u00f3\u00f0legri fj\u00f6lskyldu fornmi\u00f0jar\u00f0arhafslegra f\u00f6\u00f0urgu\u00f0a, sem yngri kynsl\u00f3\u00f0 stormgu\u00f0a t\u00f3k a\u00f0 hluta til vi\u00f0 af. \u00cd r\u00f3mversku h\u00e9ra\u00f0inu Africa Proconsularis lif\u00f0i \u00feessi fornmi\u00f0jar\u00f0arhafshef\u00f0 \u00f3venju lengi.<\/p><p>Tengingin milli Baal-Hammon og egypska gu\u00f0sins Amun-Re var\u00f0 virk \u00e1 hellen\u00edskum t\u00edma; vinjan Siwa me\u00f0 Amun-<span class=\"iwg-fachbegriff\" data-tooltip=\"Sta\u00f0ur e\u00f0a stofnun \u00fear sem leita\u00f0 er gu\u00f0legrar lei\u00f0sagnar.\" tabindex=\"0\">v\u00e9fr\u00e9ttinni<\/span> sinni var vel a\u00f0gengileg fr\u00e1 Kar\u00feag\u00f3, og sumar heimildir greina fr\u00e1 kar\u00feag\u00edskum p\u00edlagr\u00edmsfer\u00f0um \u00feanga\u00f0. S\u00f6guleg \u00fe\u00fd\u00f0ing \u00feessa samruna er umdeild, en athyglisver\u00f0.<\/p>\t\t\t\t\t\t\t\t<\/div>\n\t\t\t\t<\/div>\n\t\t\t\t\t<\/div>\n\t\t\t\t<\/div>\n\t\t<div class=\"elementor-element elementor-element-iwgw-baalhammon-s7 e-flex e-con-boxed e-con e-parent\" data-id=\"iwgw-baalhammon-s7\" data-element_type=\"container\" data-e-type=\"container\">\n\t\t\t\t\t<div class=\"e-con-inner\">\n\t\t\t\t<div class=\"elementor-element elementor-element-iwgw-baalhammon-s7h elementor-widget elementor-widget-heading\" data-id=\"iwgw-baalhammon-s7h\" data-element_type=\"widget\" data-e-type=\"widget\" data-widget_type=\"heading.default\">\n\t\t\t\t\t<h2 class=\"elementor-heading-title elementor-size-default\">N\u00fat\u00edmavi\u00f0t\u00f6kur og ranns\u00f3knir<\/h2>\t\t\t\t<\/div>\n\t\t<div class=\"elementor-element elementor-element-iwgw-baalhammon-s7c e-con-full e-flex e-con e-child\" data-id=\"iwgw-baalhammon-s7c\" data-element_type=\"container\" data-e-type=\"container\">\n\t\t\t\t<div class=\"elementor-element elementor-element-iwgw-baalhammon-s7t elementor-widget elementor-widget-text-editor\" data-id=\"iwgw-baalhammon-s7t\" data-element_type=\"widget\" data-e-type=\"widget\" data-widget_type=\"text-editor.default\">\n\t\t\t\t\t\t\t\t\t<p>Ranns\u00f3knir \u00e1 Baal-Hammon standa \u00ed dag \u00e1 h\u00e1u stigi. <em>Saturne africain<\/em> (1966) eftir Marcel Le Glay er klass\u00edsk grunnheimild; Sabatino Moscati, Maria Eugenia Aubet, H\u00e9l\u00e8ne B\u00e9nichou-Safar og Lawrence Stager hafa lagt fram mikilv\u00e6g framl\u00f6g til Tofet-ranns\u00f3kna. <em>Phoenician Aniconism<\/em> (2015) eftir Brian Doak fjallar um myndlausa hef\u00f0 Baal-Hammons. Ranns\u00f3knir Josephine Quinn \u00e1 p\u00fanverskri sj\u00e1lfsmynd hafa veri\u00f0 mikilv\u00e6g framl\u00f6g \u00e1 s\u00ed\u00f0ustu \u00e1rum.<\/p><p>\u00cd almennri umfj\u00f6llun er Baal-Hammon a\u00f0allega kunnur vegna Tofet-deilunnar og vegna <span class=\"iwg-fachbegriff\" data-tooltip=\"T\u00edmabil gr\u00edsk-r\u00f3mverskrar menningar, um 800 f.Kr. til 600 e.Kr.\" tabindex=\"0\">fornaldar<\/span>legra kristinna \u00e1r\u00e1sa; myndin er skekkt og gerir v\u00edsindalegum sta\u00f0reyndum l\u00edtil skil. Fr\u00e6\u00f0ilegri og n\u00e1kv\u00e6mari framsetningu m\u00e1 finna \u00ed \u00e1\u00f0urnefndum verkum.<\/p><p>Fr\u00e6\u00f0ilega er Baal-Hammon \u00ed dag talinn mi\u00f0l\u00e6gt ranns\u00f3knarefni fyrir p\u00fanverska tr\u00fa, fyrir hef\u00f0 Saturnus Africanus og fyrir tr\u00faars\u00f6gu Mi\u00f0jar\u00f0arhafssv\u00e6\u00f0isins. N\u00faverandi ranns\u00f3knar\u00e1herslur sn\u00faa a\u00f0 l\u00edfarflei\u00f0ilegri greiningu Tofet-f\u00f3rna, a\u00f0 Saturnus-Africanus-steinahef\u00f0inni og a\u00f0 spurningunni um berb\u00edska \u00fe\u00e1ttinn. iWell Guard skr\u00e1ir hann sem s\u00f6gulegan me\u00f0lim <span class=\"iwg-fachbegriff\" data-tooltip=\"Heildarsafn gu\u00f0a \u00ed tr\u00faarbr\u00f6g\u00f0um e\u00f0a menningu.\" tabindex=\"0\">go\u00f0aheims<\/span>.<\/p><p>N\u00fdlegar ranns\u00f3knir Josephine Quinn (<em>In Search of the Phoenicians<\/em>, 2018) hafa dregi\u00f0 p\u00fanverska sj\u00e1lfsmynd og tr\u00faarlega sj\u00e1lfskilgreiningu hennar fram \u00ed n\u00fdju lj\u00f3si og dregi\u00f0 \u00ed efa hlutverk Baal-Hammons sem &#8216;gu\u00f0 F\u00f6nik\u00edumanna&#8217;.<\/p>\t\t\t\t\t\t\t\t<\/div>\n\t\t\t\t<\/div>\n\t\t\t\t\t<\/div>\n\t\t\t\t<\/div>\n\t\t<div class=\"elementor-element elementor-element-iwgw-baalhammon-s8 e-flex e-con-boxed e-con e-parent\" data-id=\"iwgw-baalhammon-s8\" data-element_type=\"container\" data-e-type=\"container\">\n\t\t\t\t\t<div class=\"e-con-inner\">\n\t\t\t\t<div class=\"elementor-element elementor-element-iwgw-baalhammon-s8h elementor-widget elementor-widget-heading\" data-id=\"iwgw-baalhammon-s8h\" data-element_type=\"widget\" data-e-type=\"widget\" data-widget_type=\"heading.default\">\n\t\t\t\t\t<h2 class=\"elementor-heading-title elementor-size-default\">Heimildir og b\u00f3kmenntir<\/h2>\t\t\t\t<\/div>\n\t\t<div class=\"elementor-element elementor-element-iwgw-baalhammon-s8c e-con-full e-flex e-con e-child\" data-id=\"iwgw-baalhammon-s8c\" data-element_type=\"container\" data-e-type=\"container\">\n\t\t\t\t<div class=\"elementor-element elementor-element-iwgw-baalhammon-s8t elementor-widget elementor-widget-text-editor\" data-id=\"iwgw-baalhammon-s8t\" data-element_type=\"widget\" data-e-type=\"widget\" data-widget_type=\"text-editor.default\">\n\t\t\t\t\t\t\t\t\t<p>Eftirfarandi \u00farval tekur saman mikilv\u00e6gustu grunnritin um ranns\u00f3knir \u00e1 Baal-Hammon. \u00dea\u00f0 n\u00e6r yfir fornleifafr\u00e6\u00f0ilegar sk\u00fdrslur, tr\u00faars\u00f6gulegar samantektir og \u00fatg\u00e1fur \u00e1letrana. Einriti\u00f0 eftir Marcel Le Glay er klass\u00edsk grunnheimild; Moscati og Aubet veita p\u00fanverska samhengi\u00f0; Doak myndfr\u00e6\u00f0ilega s\u00fdn. N\u00fdrri ranns\u00f3kn Quinn lei\u00f0ir ranns\u00f3knirnar inn \u00ed gagnr\u00fdna sj\u00e1lfsmyndarumr\u00e6\u00f0u.<\/p>\t\t\t\t\t\t\t\t<\/div>\n\t\t\t\t<\/div>\n\t\t\t\t\t<\/div>\n\t\t\t\t<\/div>\n\t\t<div class=\"elementor-element elementor-element-cp2dce0c7c e-flex e-con-boxed e-con e-parent\" data-id=\"cp2dce0c7c\" data-element_type=\"container\" data-e-type=\"container\">\n\t\t\t\t\t<div class=\"e-con-inner\">\n\t\t\t\t<div class=\"elementor-element elementor-element-cp22efe76a elementor-widget elementor-widget-heading\" data-id=\"cp22efe76a\" data-element_type=\"widget\" data-e-type=\"widget\" data-widget_type=\"heading.default\">\n\t\t\t\t\t<h2 class=\"elementor-heading-title elementor-size-default\">Tofet Kar\u00feag\u00f3 og steinafundirnir<\/h2>\t\t\t\t<\/div>\n\t\t<div class=\"elementor-element elementor-element-cp207c89a8 e-flex e-con-boxed e-con e-child\" data-id=\"cp207c89a8\" data-element_type=\"container\" data-e-type=\"container\">\n\t\t\t\t\t<div class=\"e-con-inner\">\n\t\t\t\t<div class=\"elementor-element elementor-element-cp223f9336 elementor-widget elementor-widget-text-editor\" data-id=\"cp223f9336\" data-element_type=\"widget\" data-e-type=\"widget\" data-widget_type=\"text-editor.default\">\n\t\t\t\t\t\t\t\t\t<p>Helsta heimildin um d\u00fdrkun Baal Hammon er ekki texti heldur sv\u00e6\u00f0i. Um er a\u00f0 r\u00e6\u00f0a hi\u00f0 svonefnda Tophet \u00ed Kar\u00feag\u00f3, helgista\u00f0 vi\u00f0 ja\u00f0ar hinnar fornu borgar, \u00ed \u00fev\u00ed sem n\u00fa er hverfi\u00f0 Salammb\u00f4. Uppgr\u00f6ftur h\u00f3fst \u00fear \u00e1 \u00feri\u00f0ja \u00e1ratug 20. aldar. \u00c1hrifamest var lei\u00f0angur bandar\u00edsku fornleifafr\u00e6\u00f0ingsins og teymis hennar \u00e1 \u00e1ttunda \u00e1ratugnum, undir heitinu \u201ePunic Project\u201c.<\/p><p>\u00c1 sv\u00e6\u00f0inu eru \u00fe\u00fasundir sm\u00e1rra duftkera me\u00f0 brenndum leifum ungbarna og ungra d\u00fdra, og steinsteinar reistir yfir \u00feeim.<\/p><p>Margir \u00feessara steina bera v\u00edgslu\u00e1letranir \u00e1 p\u00fanversku letri. Venjuleg form\u00fala nefnir fyrst <em>Baal Hammon<\/em> og gy\u00f0juna <em>Tinnit<\/em> (oft nefnd \u201eTinnit, \u00e1sj\u00f3na Baals\u201c), s\u00ed\u00f0an nafn gefandans og erindi hans.<\/p><p>\u00deessar \u00e1letranir eru \u00fe\u00e9ttustu \u00e1letru\u00f0u heimildir sem til eru um p\u00fanverska tr\u00fa yfirleitt og gera Baal Hammon a\u00f0 best sta\u00f0festu <span class=\"iwg-fachbegriff\" data-tooltip=\"Vera sem d\u00fdrku\u00f0 er sem gu\u00f0leg innan tr\u00faarbrag\u00f0a.\" tabindex=\"0\">gu\u00f0veru<\/span> Kar\u00feag\u00f3.<\/p><p>T\u00falkun Tophet-sv\u00e6\u00f0isins hefur veri\u00f0 umdeild fr\u00e1 19. \u00f6ld. <span class=\"iwg-fachbegriff\" data-tooltip=\"T\u00edmabil gr\u00edsk-r\u00f3mverskrar menningar, um 800 f.Kr. til 600 e.Kr.\" tabindex=\"0\">Fornaldar<\/span>h\u00f6fundar \u00e1 bor\u00f0 vi\u00f0 Diod\u00f3ros og Pl\u00fatarkos, gr\u00edskir og r\u00f3mverskir, greina fr\u00e1 barnaf\u00f3rnum Kar\u00feag\u00f3manna, og hluti fr\u00e6\u00f0imanna telur Tophet vera fornleifafr\u00e6\u00f0ilega sta\u00f0festingu \u00feess.<\/p><p>Andst\u00e6\u00f0 afsta\u00f0a, sett fram me\u00f0al annars af Sabatino Moscati og s\u00ed\u00f0ar \u00f6\u00f0rum, t\u00falkar sv\u00e6\u00f0i\u00f0 sem grafreit fyrir kornab\u00f6rn sem l\u00e9tust af \u00f6\u00f0rum ors\u00f6kum. N\u00fdrri beinagreiningar \u00e1 brenndum beinum hafa ekki til fulls leyst deiluna. Fyrir l\u00fdsingu Baal-Hammons \u00fe\u00fd\u00f0ir \u00feetta: mikilv\u00e6gasti d\u00fdrkunarsta\u00f0ur hans er um lei\u00f0 umdeildasta fyrirb\u00e6ri p\u00fanverskrar <span class=\"iwg-fachbegriff\" data-tooltip=\"Fr\u00e6\u00f0igrein sem rannsakar li\u00f0nar menningarheima \u00fat fr\u00e1 efnislegum fundum.\" tabindex=\"0\">fornleifafr\u00e6\u00f0i<\/span>.<\/p>\t\t\t\t\t\t\t\t<\/div>\n\t\t\t\t\t<\/div>\n\t\t\t\t<\/div>\n\t\t\t\t\t<\/div>\n\t\t\t\t<\/div>\n\t\t<div class=\"elementor-element elementor-element-cp2d8c90e4 e-flex e-con-boxed e-con e-parent\" data-id=\"cp2d8c90e4\" data-element_type=\"container\" data-e-type=\"container\">\n\t\t\t\t\t<div class=\"e-con-inner\">\n\t\t\t\t<div class=\"elementor-element elementor-element-cp239ab422 elementor-widget elementor-widget-heading\" data-id=\"cp239ab422\" data-element_type=\"widget\" data-e-type=\"widget\" data-widget_type=\"heading.default\">\n\t\t\t\t\t<h2 class=\"elementor-heading-title elementor-size-default\">Interpretatio: Saturnus, Kronos og \u00e1framhaldandi l\u00edf \u00e1 r\u00f3mverskum t\u00edma<\/h2>\t\t\t\t<\/div>\n\t\t<div class=\"elementor-element elementor-element-cp22113ba9 e-flex e-con-boxed e-con e-child\" data-id=\"cp22113ba9\" data-element_type=\"container\" data-e-type=\"container\">\n\t\t\t\t\t<div class=\"e-con-inner\">\n\t\t\t\t<div class=\"elementor-element elementor-element-cp234d4277 elementor-widget elementor-widget-text-editor\" data-id=\"cp234d4277\" data-element_type=\"widget\" data-e-type=\"widget\" data-widget_type=\"text-editor.default\">\n\t\t\t\t\t\t\t\t\t<p>Baal Hammon hvarf ekki me\u00f0 ey\u00f0ingu Kar\u00feag\u00f3 \u00e1ri\u00f0 146 f.Kr. \u00cd r\u00f3mverskri Nor\u00f0ur-Afr\u00edku lif\u00f0i hann \u00e1fram undir nafninu <em>Saturnus Africanus<\/em>, einn af v\u00ed\u00f0t\u00e6kustu d\u00fdrku\u00f0u gu\u00f0um \u00ed skattlandinu Africa.<\/p><p>Hundru\u00f0 Saturn-steina fr\u00e1 r\u00f3mverskum t\u00edma s\u00fdna a\u00f0 p\u00fanverska \u00fej\u00f3\u00f0in h\u00e9lt \u00e1fram a\u00f0 tilbi\u00f0ja s\u00edna g\u00f6mlu h\u00f6fu\u00f0gu\u00f0veru undir r\u00f3mversku nafni, me\u00f0 eigin t\u00e1knmyndareinkennum, svo sem gu\u00f0inn undir hulu e\u00f0a me\u00f0 sig\u00f0.<\/p><p>Grikkir h\u00f6f\u00f0u \u00feegar samsama\u00f0 Baal Hammon vi\u00f0 <em>Kr\u00f3nos<\/em>, sem kemur s\u00e9rstaklega fram \u00ed fr\u00e1s\u00f6gnum um barnaf\u00f3rnir, enda Kr\u00f3nos gleypti s\u00edn eigin b\u00f6rn.<\/p><p>R\u00f3mverjar v\u00f6ldu s\u00ed\u00f0an Saturnus, hinn latneska hli\u00f0st\u00e6\u00f0ugu\u00f0 Kr\u00f3nosar. \u00deessi <em>interpretatio<\/em> er tv\u00edeggja\u00f0 verkf\u00e6ri fyrir fr\u00e6\u00f0imenn: annars vegar s\u00fdnir h\u00fan samfellu, hins vegar leggst h\u00fan ofan \u00e1 p\u00fanversku myndina me\u00f0 gr\u00edsk-r\u00f3mverskum hugmyndum.<\/p><p>Spurningin um hver Baal Hammon var upphaflega ver\u00f0ur \u00fev\u00ed ekki svara\u00f0 me\u00f0 s\u00ed\u00f0ari Saturnus-sams\u00f6muninni eina. R\u00e6tt er um hvort vi\u00f0urnefni\u00f0 <em>Hammon<\/em> v\u00edsi til \u00f6rnefnis, til d\u00e6mis Hamath \u00ed Nor\u00f0ur-S\u00fdrlandi e\u00f0a til fjalls, e\u00f0a til hins sem\u00edt\u00edska or\u00f0s fyrir \u201egl\u00f3\u00f0arker\u201c e\u00f0a \u201ereykelsisaltari\u201c.<\/p><p>Eric Gubel, Paolo Xella og a\u00f0rir hafa fjalla\u00f0 um \u00feessar spurningar \u00e1n \u00feess a\u00f0 samsta\u00f0a hafi n\u00e1\u00f0st. \u00d6ruggt er a\u00f0eins a\u00f0 r\u00f3mverska Saturnus-gr\u00edman er yngsta lagi\u00f0, ekki hi\u00f0 upprunalega lag myndarinnar. Um vestur-sem\u00edt\u00edska <span class=\"iwg-fachbegriff\" data-tooltip=\"Vera sem er d\u00fdrku\u00f0 sem gu\u00f0leg innan tr\u00faarbrag\u00f0a.\" tabindex=\"0\">gu\u00f0veru<\/span> me\u00f0 sama nafnstofn, sj\u00e1 einnig <a href=\"https:\/\/iwell-guard.com\/is\/?page_id=168975\">Yam<\/a> \u00ed \u00fagar\u00edt\u00edska <span class=\"iwg-fachbegriff\" data-tooltip=\"Heild allra gu\u00f0a \u00ed tr\u00faarbr\u00f6g\u00f0um e\u00f0a menningu.\" tabindex=\"0\">go\u00f0aheiminum<\/span>.<\/p>\t\t\t\t\t\t\t\t<\/div>\n\t\t\t\t\t<\/div>\n\t\t\t\t<\/div>\n\t\t\t\t\t<\/div>\n\t\t\t\t<\/div>\n\t\t<div class=\"elementor-element elementor-element-iwgw-baalhammon-lit e-flex e-con-boxed e-con e-parent\" data-id=\"iwgw-baalhammon-lit\" data-element_type=\"container\" data-e-type=\"container\">\n\t\t\t\t\t<div class=\"e-con-inner\">\n\t\t\t\t<div class=\"elementor-element elementor-element-iwgw-baalhammon-lith elementor-widget elementor-widget-heading\" data-id=\"iwgw-baalhammon-lith\" data-element_type=\"widget\" data-e-type=\"widget\" data-widget_type=\"heading.default\">\n\t\t\t\t\t<h2 class=\"elementor-heading-title elementor-size-default\">Heimildir (\u00farval)<\/h2>\t\t\t\t<\/div>\n\t\t<div class=\"elementor-element elementor-element-iwgw-baalhammon-litc e-con-full e-flex e-con e-child\" data-id=\"iwgw-baalhammon-litc\" data-element_type=\"container\" data-e-type=\"container\">\n\t\t\t\t<div class=\"elementor-element elementor-element-iwgw-baalhammon-litt elementor-widget elementor-widget-text-editor\" data-id=\"iwgw-baalhammon-litt\" data-element_type=\"widget\" data-e-type=\"widget\" data-widget_type=\"text-editor.default\">\n\t\t\t\t\t\t\t\t\t<div data-nosnippet=\"true\"><ul><li>Marcel Le Glay: <em>Saturne africain<\/em> (Paris 1966)<\/li><li>Sabatino Moscati: <em>Il mondo dei Fenici<\/em> (Milano 1966)<\/li><li>Maria Eugenia Aubet: <em>The Phoenicians and the West<\/em> (Cambridge 2001)<\/li><li>H\u00e9l\u00e8ne B\u00e9nichou-Safar: <em>Le tophet de Salammb\u00f4 \u00e0 Carthage<\/em> (Rom 2004)<\/li><li>Brian Doak: <em>Phoenician Aniconism<\/em> (Atlanta 2015)<\/li><li>Josephine Quinn: <em>In Search of the Phoenicians<\/em> (Princeton 2018)<\/li><\/ul><\/div>\t\t\t\t\t\t\t\t<\/div>\n\t\t\t\t<\/div>\n\t\t\t\t\t<\/div>\n\t\t\t\t<\/div>\n\t\t<div class=\"elementor-element elementor-element-iwgkw2-add-baalhammon e-flex e-con-boxed e-con e-parent\" data-id=\"iwgkw2-add-baalhammon\" data-element_type=\"container\" data-e-type=\"container\">\n\t\t\t\t\t<div class=\"e-con-inner\">\n\t\t\t\t<div class=\"elementor-element elementor-element-iwgkw2-add-baalhammon-t elementor-widget elementor-widget-text-editor\" data-id=\"iwgkw2-add-baalhammon-t\" data-element_type=\"widget\" data-e-type=\"widget\" data-widget_type=\"text-editor.default\">\n\t\t\t\t\t\t\t\t\t<p>Baal-Hammon kemur fram sem \u00e6\u00f0sti gu\u00f0 P\u00fanverja og Kar\u00feag\u00f3manna, \u00fear sem Tofet-helgista\u00f0ir hans \u00ed Kar\u00feag\u00f3 sanna st\u00f6\u00f0u hans sem \u00e6\u00f0stu verndarveru; \u00e1 r\u00f3mverska t\u00edmanum var hann tilbe\u00f0inn \u00e1fram undir nafninu Saturnus Africanus.<\/p>\t\t\t\t\t\t\t\t<\/div>\n\t\t\t\t\t<\/div>\n\t\t\t\t<\/div>\n\t\t<div class=\"elementor-element elementor-element-iwgw-baalhammon-kwd e-flex e-con-boxed e-con e-parent\" data-id=\"iwgw-baalhammon-kwd\" data-element_type=\"container\" data-e-type=\"container\">\n\t\t\t\t\t<div class=\"e-con-inner\">\n\t\t<div class=\"elementor-element elementor-element-iwgw-baalhammon-kwdc e-con-full e-flex e-con e-child\" data-id=\"iwgw-baalhammon-kwdc\" data-element_type=\"container\" data-e-type=\"container\">\n\t\t\t\t<div class=\"elementor-element elementor-element-iwgw-baalhammon-kwdt elementor-widget elementor-widget-text-editor\" data-id=\"iwgw-baalhammon-kwdt\" data-element_type=\"widget\" data-e-type=\"widget\" data-widget_type=\"text-editor.default\">\n\t\t\t\t\t\t\t\t\t<p><em>Tengd kjarnaor\u00f0: Baal-Hammon Kar\u00feag\u00f3 P\u00fanverjar Saturnus Tofet barnaf\u00f3rnir Africana.<\/em><\/p>\t\t\t\t\t\t\t\t<\/div>\n\t\t\t\t<\/div>\n\t\t\t\t\t<\/div>\n\t\t\t\t<\/div>\n\t\t<div class=\"elementor-element elementor-element-iwgw-baalhammon-cc e-flex e-con-boxed e-con e-parent\" data-id=\"iwgw-baalhammon-cc\" data-element_type=\"container\" data-e-type=\"container\" id=\"iwg-cc-baal-hammon\">\n\t\t\t\t\t<div class=\"e-con-inner\">\n\t\t<div class=\"elementor-element elementor-element-iwgw-baalhammon-ccinner e-flex e-con-boxed e-con e-parent\" data-id=\"iwgw-baalhammon-ccinner\" data-element_type=\"container\" data-e-type=\"container\" data-settings=\"{&quot;background_background&quot;:&quot;classic&quot;}\">\n\t\t\t\t\t<div class=\"e-con-inner\">\n\t\t\t\t<div class=\"elementor-element elementor-element-iwgw-baalhammon-cch elementor-widget elementor-widget-heading\" data-id=\"iwgw-baalhammon-cch\" data-element_type=\"widget\" data-e-type=\"widget\" data-widget_type=\"heading.default\">\n\t\t\t\t\t<h2 class=\"elementor-heading-title elementor-size-default\">iWell Guard og verndarhef\u00f0ir<\/h2>\t\t\t\t<\/div>\n\t\t\t\t<div class=\"elementor-element elementor-element-iwgw-baalhammon-cct elementor-widget elementor-widget-text-editor\" data-id=\"iwgw-baalhammon-cct\" data-element_type=\"widget\" data-e-type=\"widget\" data-widget_type=\"text-editor.default\">\n\t\t\t\t\t\t\t\t\t<div data-nosnippet=\"true\"><p>iWell Guard tengist menningars\u00f6gulegri hef\u00f0 fyrir verndargripum sem borin eru \u00e1 s\u00e9r, \u00ed hef\u00f0 <a href=\"https:\/\/iwell-guard.com\/is\/fonikiumenn-og-kartago-baal-tanit\/\">F\u00f6nik\u00edumanna<\/a> og margra annarra menningarheima um allan heim. 41 lag, alv\u00f6ru gull, plat\u00edna, silfur, framleitt \u00ed \u00de\u00fdskalandi. 30 daga skilar\u00e9ttur.<\/p><\/div>\t\t\t\t\t\t\t\t<\/div>\n\t\t\t\t<div class=\"elementor-element elementor-element-iwgw-baalhammon-ccb iwg-cc-button iwg-cc-cta-2026-05-13 elementor-widget elementor-widget-jet-button\" data-id=\"iwgw-baalhammon-ccb\" data-element_type=\"widget\" data-e-type=\"widget\" data-widget_type=\"jet-button.default\">\n\t\t\t\t<div class=\"elementor-widget-container\">\n\t\t\t\t\t<div class=\"elementor-jet-button jet-elements\"><div class=\"jet-button__container\"><a class=\"jet-button__instance jet-button__instance--icon-left hover-effect-1\" href=\"\/ueber-iwell-guard\/?utm_source=iwell-guard.com&amp;utm_medium=info-box&amp;utm_campaign=wesen-tradition\"><div class=\"jet-button__plane jet-button__plane-normal\"><\/div><div class=\"jet-button__plane jet-button__plane-hover\"><\/div><div class=\"jet-button__state jet-button__state-normal\"><span class=\"jet-button__label\">Meira um iWell Guard<\/span><\/div><div class=\"jet-button__state jet-button__state-hover\"><span class=\"jet-button__label\">Meira um iWell Guard<\/span><\/div><\/a><\/div><\/div><style>.elementor-element.elementor-element-iwgw-baalhammon-ccb .jet-button__instance{width:320px;height:56px;}.elementor-element.elementor-element-iwgw-baalhammon-ccb .jet-button__state-normal .jet-button__label{text-align:center;margin:0px 0px 0px 0px;color:#1a1b20;font-family:Montserrat,sans-serif;font-size:13px;font-weight:400;letter-spacing:4px;line-height:1.714em;text-transform:uppercase;}.elementor-element.elementor-element-iwgw-baalhammon-ccb .jet-button__state-hover .jet-button__label{text-align:center;margin:0px 0px 0px 0px;color:#FECC76;font-family:Montserrat,sans-serif;font-size:13px;font-weight:400;letter-spacing:4px;line-height:1.714em;text-transform:uppercase;}.elementor-element.elementor-element-iwgw-baalhammon-ccb .jet-button__plane-normal{background-color:#FECC76;border-style:solid;border-color:#C99540;border-width:2px 2px 2px 2px;}.elementor-element.elementor-element-iwgw-baalhammon-ccb .jet-button__plane-hover{background-color:rgba(0,0,0,0.55);border-style:solid;border-color:#FECC76;border-width:2px 2px 2px 2px;}<\/style>\t\t\t\t<\/div>\n\t\t\t\t<\/div>\n\t\t\t\t<div class=\"elementor-element elementor-element-iwgw-baalhammon-ccd elementor-widget elementor-widget-text-editor\" data-id=\"iwgw-baalhammon-ccd\" data-element_type=\"widget\" data-e-type=\"widget\" data-widget_type=\"text-editor.default\">\n\t\t\t\t\t\t\t\t\t<div data-nosnippet=\"true\"><p style=\"text-align:center;font-size:13px;opacity:0.7;margin-top:14px\" data-nosnippet=\"true\">Pers\u00f3nuleg reynsla getur veri\u00f0 mismunandi. Ekki l\u00e6kningat\u00e6ki. Engin lofor\u00f0 um l\u00e6kningu.<\/p><\/div>\t\t\t\t\t\t\t\t<\/div>\n\t\t\t\t\t<\/div>\n\t\t\t\t<\/div>\n\t\t\t\t\t<\/div>\n\t\t\t\t<\/div>\n\t\t<div class=\"elementor-element elementor-element-iwgw-baalhammon-disc e-flex e-con-boxed e-con e-parent\" data-id=\"iwgw-baalhammon-disc\" data-element_type=\"container\" data-e-type=\"container\">\n\t\t\t\t\t<div class=\"e-con-inner\">\n\t\t\t\t<div class=\"elementor-element elementor-element-iwgw-baalhammon-discw elementor-widget elementor-widget-html\" data-id=\"iwgw-baalhammon-discw\" data-element_type=\"widget\" data-e-type=\"widget\" data-widget_type=\"html.default\">\n\t\t\t\t\t<footer data-nosnippet=\"true\" class=\"iwg-disclaimer-block\"><p data-nosnippet=\"true\">iWell Guard er <strong>ekki l\u00e6kningat\u00e6ki<\/strong> og kemur ekki \u00ed sta\u00f0inn fyrir l\u00e6knis- e\u00f0a s\u00e1lfr\u00e6\u00f0ime\u00f0fer\u00f0. Tr\u00faarfr\u00e6\u00f0ilegt efni er menningars\u00f6gulegt samhengi, ekki r\u00e1\u00f0legging um andlega i\u00f0kun.<\/p><\/footer>\t\t\t\t<\/div>\n\t\t\t\t\t<\/div>\n\t\t\t\t<\/div>\n\t\t\t\t<\/div>\n\t\t","protected":false},"excerpt":{"rendered":"","protected":false},"author":3,"featured_media":2848,"parent":0,"menu_order":0,"comment_status":"closed","ping_status":"closed","template":"elementor_header_footer","meta":{"_yoast_wpseo_focuskw":"Baal-Hammon Kar\u00feag\u00f3 \u00e6\u00f0sti gu\u00f0","_yoast_wpseo_title":"Baal-Hammon \u2013 Kar\u00feag\u00f3 \u00e6\u00f0sti gu\u00f0, Tofet, Sat\u00farnus","_yoast_wpseo_metadesc":"Baal-Hammon er \u00e6\u00f0sti karlkyns gu\u00f0 Kar\u00feag\u00f3, eiginma\u00f0ur Tanit og vi\u00f0takandi Tofet-v\u00edgslugjafa. Tr\u00faarbrag\u00f0afr\u00e6\u00f0ileg \u00fattekt.","_yoast_wpseo_meta-robots-noindex":"","_yoast_wpseo_canonical":"","_angie_page":false,"gefaehrdungsstufe":"2","wesen_kultur":"phoenizisch","wesen_klasse":"goetter","footnotes":""},"categories":[],"class_list":["post-168973","page","type-page","status-publish","has-post-thumbnail","hentry"],"yoast_head":"<!-- This site is optimized with the Yoast SEO Premium plugin v27.7 (Yoast SEO v28.3) - https:\/\/yoast.com\/product\/yoast-seo-premium-wordpress\/ -->\n<title>Baal-Hammon \u2013 Kar\u00feag\u00f3 \u00e6\u00f0sti gu\u00f0, Tofet, Sat\u00farnus<\/title>\n<meta name=\"description\" content=\"Baal-Hammon er \u00e6\u00f0sti karlkyns gu\u00f0 Kar\u00feag\u00f3, eiginma\u00f0ur Tanit og vi\u00f0takandi Tofet-v\u00edgslugjafa. Tr\u00faarbrag\u00f0afr\u00e6\u00f0ileg \u00fattekt.\" \/>\n<meta name=\"robots\" content=\"index, follow, max-snippet:-1, max-image-preview:large, max-video-preview:-1\" \/>\n<link rel=\"canonical\" href=\"https:\/\/iwell-guard.com\/is\/baal-hammon-haedsti-gud-karthago\/\" \/>\n<meta property=\"og:locale\" content=\"is_IS\" \/>\n<meta property=\"og:type\" content=\"article\" \/>\n<meta property=\"og:title\" content=\"Baal-Hammon \u2013 \u00c6\u00f0sti gu\u00f0 Kar\u00feag\u00f3\" \/>\n<meta property=\"og:description\" content=\"Baal-Hammon er \u00e6\u00f0sti karlkyns gu\u00f0 Kar\u00feag\u00f3, eiginma\u00f0ur Tanit og vi\u00f0takandi Tofet-v\u00edgslugjafa. Tr\u00faarbrag\u00f0afr\u00e6\u00f0ileg \u00fattekt.\" \/>\n<meta property=\"og:url\" content=\"https:\/\/iwell-guard.com\/is\/baal-hammon-haedsti-gud-karthago\/\" \/>\n<meta property=\"og:site_name\" content=\"iWell Guard\" \/>\n<meta property=\"article:modified_time\" content=\"2026-09-05T14:27:40+00:00\" \/>\n<meta property=\"og:image\" content=\"https:\/\/iwell-guard.com\/wp-content\/uploads\/2026\/05\/goetter_phoenizisch_baal-hammon.webp\" \/>\n\t<meta property=\"og:image:width\" content=\"1024\" \/>\n\t<meta property=\"og:image:height\" content=\"1536\" \/>\n\t<meta property=\"og:image:type\" content=\"image\/webp\" \/>\n<meta name=\"twitter:card\" content=\"summary_large_image\" \/>\n<script type=\"application\/ld+json\" class=\"yoast-schema-graph\">{\"@context\":\"https:\\\/\\\/schema.org\",\"@graph\":[{\"@type\":\"WebPage\",\"@id\":\"https:\\\/\\\/iwell-guard.com\\\/is\\\/baal-hammon-haedsti-gud-karthago\\\/\",\"url\":\"https:\\\/\\\/iwell-guard.com\\\/is\\\/baal-hammon-haedsti-gud-karthago\\\/\",\"name\":\"Baal-Hammon \u2013 Kar\u00feag\u00f3 \u00e6\u00f0sti gu\u00f0, Tofet, Sat\u00farnus\",\"isPartOf\":{\"@id\":\"https:\\\/\\\/iwell-guard.com\\\/is\\\/#website\"},\"primaryImageOfPage\":{\"@id\":\"https:\\\/\\\/iwell-guard.com\\\/is\\\/baal-hammon-haedsti-gud-karthago\\\/#primaryimage\"},\"image\":{\"@id\":\"https:\\\/\\\/iwell-guard.com\\\/is\\\/baal-hammon-haedsti-gud-karthago\\\/#primaryimage\"},\"thumbnailUrl\":\"https:\\\/\\\/iwell-guard.com\\\/wp-content\\\/uploads\\\/2026\\\/05\\\/goetter_phoenizisch_baal-hammon.webp\",\"datePublished\":\"2026-09-05T14:04:30+00:00\",\"dateModified\":\"2026-09-05T14:27:40+00:00\",\"description\":\"Baal-Hammon er \u00e6\u00f0sti karlkyns gu\u00f0 Kar\u00feag\u00f3, eiginma\u00f0ur Tanit og vi\u00f0takandi Tofet-v\u00edgslugjafa. Tr\u00faarbrag\u00f0afr\u00e6\u00f0ileg \u00fattekt.\",\"breadcrumb\":{\"@id\":\"https:\\\/\\\/iwell-guard.com\\\/is\\\/baal-hammon-haedsti-gud-karthago\\\/#breadcrumb\"},\"inLanguage\":\"is\",\"potentialAction\":[{\"@type\":\"ReadAction\",\"target\":[\"https:\\\/\\\/iwell-guard.com\\\/is\\\/baal-hammon-haedsti-gud-karthago\\\/\"]}]},{\"@type\":\"ImageObject\",\"inLanguage\":\"is\",\"@id\":\"https:\\\/\\\/iwell-guard.com\\\/is\\\/baal-hammon-haedsti-gud-karthago\\\/#primaryimage\",\"url\":\"https:\\\/\\\/iwell-guard.com\\\/wp-content\\\/uploads\\\/2026\\\/05\\\/goetter_phoenizisch_baal-hammon.webp\",\"contentUrl\":\"https:\\\/\\\/iwell-guard.com\\\/wp-content\\\/uploads\\\/2026\\\/05\\\/goetter_phoenizisch_baal-hammon.webp\",\"width\":1024,\"height\":1536,\"caption\":\"Gu\u00f0ir \u00far f\u00f6nik\u00edskri hef\u00f0.\"},{\"@type\":\"BreadcrumbList\",\"@id\":\"https:\\\/\\\/iwell-guard.com\\\/is\\\/baal-hammon-haedsti-gud-karthago\\\/#breadcrumb\",\"itemListElement\":[{\"@type\":\"ListItem\",\"position\":1,\"name\":\"Start\",\"item\":\"https:\\\/\\\/iwell-guard.com\\\/is\\\/?page_id=168580\"},{\"@type\":\"ListItem\",\"position\":2,\"name\":\"Baal-Hammon \u2013 \u00c6\u00f0sti gu\u00f0 Kar\u00feag\u00f3\"}]},{\"@type\":\"WebSite\",\"@id\":\"https:\\\/\\\/iwell-guard.com\\\/is\\\/#website\",\"url\":\"https:\\\/\\\/iwell-guard.com\\\/is\\\/\",\"name\":\"iWell Guard\",\"description\":\"Schutz vor dunklen Einfl\u00fcssen\",\"publisher\":{\"@id\":\"https:\\\/\\\/iwell-guard.com\\\/is\\\/#organization\"},\"potentialAction\":[{\"@type\":\"SearchAction\",\"target\":{\"@type\":\"EntryPoint\",\"urlTemplate\":\"https:\\\/\\\/iwell-guard.com\\\/is\\\/?s={search_term_string}\"},\"query-input\":{\"@type\":\"PropertyValueSpecification\",\"valueRequired\":true,\"valueName\":\"search_term_string\"}}],\"inLanguage\":\"is\"},{\"@type\":\"Organization\",\"@id\":\"https:\\\/\\\/iwell-guard.com\\\/is\\\/#organization\",\"name\":\"Ittermann electronic GmbH\",\"url\":\"https:\\\/\\\/iwell-guard.com\\\/is\\\/\",\"logo\":{\"@type\":\"ImageObject\",\"inLanguage\":\"is\",\"@id\":\"https:\\\/\\\/iwell-guard.com\\\/is\\\/#\\\/schema\\\/logo\\\/image\\\/\",\"url\":\"https:\\\/\\\/iwell-guard.com\\\/wp-content\\\/uploads\\\/2026\\\/05\\\/Ittermann-Logo-1182x237-1.png\",\"contentUrl\":\"https:\\\/\\\/iwell-guard.com\\\/wp-content\\\/uploads\\\/2026\\\/05\\\/Ittermann-Logo-1182x237-1.png\",\"width\":1182,\"height\":237,\"caption\":\"Ittermann electronic GmbH\"},\"image\":{\"@id\":\"https:\\\/\\\/iwell-guard.com\\\/is\\\/#\\\/schema\\\/logo\\\/image\\\/\"},\"sameAs\":[\"https:\\\/\\\/pantip.com\\\/profile\\\/9367242\",\"https:\\\/\\\/micro.blog\\\/iwellguard\",\"https:\\\/\\\/www.diggerslist.com\\\/iwellguard\\\/about\",\"https:\\\/\\\/skitterphoto.com\\\/photographers\\\/2870314\\\/iwell-guard\",\"https:\\\/\\\/iwellguard.wordpress.com\\\/2026\\\/06\\\/06\\\/iwell-guard\\\/\",\"https:\\\/\\\/hub.docker.com\\\/u\\\/iwellguard\",\"https:\\\/\\\/www.pinterest.com\\\/iwellguard\\\/\",\"https:\\\/\\\/bit.ly\\\/m\\\/iwellguard\",\"https:\\\/\\\/entre-vos-mains.alsace.eu\\\/profiles\\\/iwellguard\\\/activity\",\"https:\\\/\\\/gravatar.com\\\/reallybeded8fd34\",\"https:\\\/\\\/naijamatta.com\\\/iwellguard\",\"https:\\\/\\\/www.goodreads.com\\\/iwellguard\",\"https:\\\/\\\/profile.hatena.ne.jp\\\/iwellguard\\\/\",\"https:\\\/\\\/experiment.com\\\/users\\\/iwellguard\",\"https:\\\/\\\/wakelet.com\\\/@iWellGuard82270\",\"https:\\\/\\\/www.chordie.com\\\/forum\\\/profile.php?id=2555664\",\"https:\\\/\\\/www.instapaper.com\\\/p\\\/17757966\",\"https:\\\/\\\/www.mapleprimes.com\\\/users\\\/iwellguard\",\"https:\\\/\\\/businesslistingplus.com\\\/profile\\\/iwell-guard\\\/\",\"https:\\\/\\\/telegra.ph\\\/iWell-Guard-06-06\",\"https:\\\/\\\/pbase.com\\\/iwellguard\\\/iwellguard\",\"https:\\\/\\\/b.hatena.ne.jp\\\/iwellguard\\\/20260607#bookmark-4788405196491818882\",\"https:\\\/\\\/fliphtml5.com\\\/home\\\/iwellguard\",\"https:\\\/\\\/anyflip.com\\\/homepage\\\/cmiwl#About\",\"https:\\\/\\\/transfur.com\\\/Users\\\/iwellguard\",\"http:\\\/\\\/delphi.larsbo.org\\\/user\\\/iwellguard\",\"https:\\\/\\\/jobs.lajobsportal.org\\\/profiles\\\/8380803-iwell-guard\",\"https:\\\/\\\/md.chaosdorf.de\\\/s\\\/jfbe5SBdJD\",\"https:\\\/\\\/www.lingvolive.com\\\/en-us\\\/profile\\\/9ecaeaca-ce11-4e51-9e71-01d55e2bff36\\\/translations\",\"https:\\\/\\\/www.fitday.com\\\/fitness\\\/forums\\\/members\\\/iwellguard.html\",\"https:\\\/\\\/www.mymeetbook.com\\\/iwellguard\",\"https:\\\/\\\/pxhere.com\\\/en\\\/photographer-me\\\/5040798\",\"https:\\\/\\\/disqus.com\\\/by\\\/iwellguard\\\/about\\\/\",\"https:\\\/\\\/pastelink.net\\\/hjwciqwq\",\"https:\\\/\\\/pubhtml5.com\\\/homepage\\\/scjhn\\\/\",\"https:\\\/\\\/www.bitchute.com\\\/channel\\\/2O2eOKzNqujT\",\"https:\\\/\\\/audiomack.com\\\/iwellguard\"]},{\"@type\":\"Article\",\"@id\":\"https:\\\/\\\/iwell-guard.com\\\/is\\\/baal-hammon-haedsti-gud-karthago\\\/#article\",\"isPartOf\":{\"@id\":\"https:\\\/\\\/iwell-guard.com\\\/is\\\/baal-hammon-haedsti-gud-karthago\\\/\"},\"author\":{\"name\":\"Ralf Ittermann\",\"@id\":\"https:\\\/\\\/iwell-guard.com\\\/is\\\/#\\\/schema\\\/person\\\/ee2a27f1cac3406c7c6fb5820cb7349f\"},\"headline\":\"Baal-Hammon \u2013 \u00c6\u00f0sti gu\u00f0 Kar\u00feag\u00f3\",\"datePublished\":\"2026-09-05T14:04:30+00:00\",\"dateModified\":\"2026-09-05T14:27:40+00:00\",\"mainEntityOfPage\":{\"@id\":\"https:\\\/\\\/iwell-guard.com\\\/is\\\/baal-hammon-haedsti-gud-karthago\\\/\"},\"publisher\":{\"@id\":\"https:\\\/\\\/iwell-guard.com\\\/is\\\/#organization\"},\"image\":{\"@id\":\"https:\\\/\\\/iwell-guard.com\\\/is\\\/baal-hammon-haedsti-gud-karthago\\\/#primaryimage\"},\"thumbnailUrl\":\"https:\\\/\\\/iwell-guard.com\\\/wp-content\\\/uploads\\\/2026\\\/05\\\/goetter_phoenizisch_baal-hammon.webp\",\"inLanguage\":\"is\",\"description\":\"Baal-Hammon er \u00e6\u00f0sti karlkyns gu\u00f0 Kar\u00feag\u00f3, eiginma\u00f0ur Tanit og vi\u00f0takandi Tofet-v\u00edgslugjafa. Tr\u00faarbrag\u00f0afr\u00e6\u00f0ileg \u00fattekt.\"}]}<\/script>\n<!-- \/ Yoast SEO Premium plugin. -->","yoast_head_json":{"title":"Baal-Hammon \u2013 Kar\u00feag\u00f3 \u00e6\u00f0sti gu\u00f0, Tofet, Sat\u00farnus","description":"Baal-Hammon er \u00e6\u00f0sti karlkyns gu\u00f0 Kar\u00feag\u00f3, eiginma\u00f0ur Tanit og vi\u00f0takandi Tofet-v\u00edgslugjafa. Tr\u00faarbrag\u00f0afr\u00e6\u00f0ileg \u00fattekt.","robots":{"index":"index","follow":"follow","max-snippet":"max-snippet:-1","max-image-preview":"max-image-preview:large","max-video-preview":"max-video-preview:-1"},"canonical":"https:\/\/iwell-guard.com\/is\/baal-hammon-haedsti-gud-karthago\/","og_locale":"is_IS","og_type":"article","og_title":"Baal-Hammon \u2013 \u00c6\u00f0sti gu\u00f0 Kar\u00feag\u00f3","og_description":"Baal-Hammon er \u00e6\u00f0sti karlkyns gu\u00f0 Kar\u00feag\u00f3, eiginma\u00f0ur Tanit og vi\u00f0takandi Tofet-v\u00edgslugjafa. Tr\u00faarbrag\u00f0afr\u00e6\u00f0ileg \u00fattekt.","og_url":"https:\/\/iwell-guard.com\/is\/baal-hammon-haedsti-gud-karthago\/","og_site_name":"iWell Guard","article_modified_time":"2026-09-05T14:27:40+00:00","og_image":[{"width":1024,"height":1536,"url":"https:\/\/iwell-guard.com\/wp-content\/uploads\/2026\/05\/goetter_phoenizisch_baal-hammon.webp","type":"image\/webp"}],"twitter_card":"summary_large_image","schema":{"@context":"https:\/\/schema.org","@graph":[{"@type":"Article","@id":"https:\/\/iwell-guard.com\/is\/baal-hammon-haedsti-gud-karthago\/#article","isPartOf":{"@id":"https:\/\/iwell-guard.com\/is\/baal-hammon-haedsti-gud-karthago\/"},"author":{"name":"Ralf Ittermann","@id":"https:\/\/iwell-guard.com\/is\/#\/schema\/person\/ee2a27f1cac3406c7c6fb5820cb7349f"},"headline":"Baal-Hammon \u2013 \u00c6\u00f0sti gu\u00f0 Kar\u00feag\u00f3","datePublished":"2026-09-05T14:04:30+00:00","dateModified":"2026-09-05T14:27:40+00:00","mainEntityOfPage":{"@id":"https:\/\/iwell-guard.com\/is\/baal-hammon-haedsti-gud-karthago\/"},"publisher":{"@id":"https:\/\/iwell-guard.com\/is\/#organization"},"image":{"@id":"https:\/\/iwell-guard.com\/is\/baal-hammon-haedsti-gud-karthago\/#primaryimage"},"thumbnailUrl":"https:\/\/iwell-guard.com\/wp-content\/uploads\/2026\/05\/goetter_phoenizisch_baal-hammon.webp","inLanguage":"is","description":"Baal-Hammon er \u00e6\u00f0sti karlkyns gu\u00f0 Kar\u00feag\u00f3, eiginma\u00f0ur Tanit og vi\u00f0takandi Tofet-v\u00edgslugjafa. Tr\u00faarbrag\u00f0afr\u00e6\u00f0ileg \u00fattekt."},{"@type":"WebPage","@id":"https:\/\/iwell-guard.com\/is\/baal-hammon-haedsti-gud-karthago\/","url":"https:\/\/iwell-guard.com\/is\/baal-hammon-haedsti-gud-karthago\/","name":"Baal-Hammon \u2013 Kar\u00feag\u00f3 \u00e6\u00f0sti gu\u00f0, Tofet, Sat\u00farnus","isPartOf":{"@id":"https:\/\/iwell-guard.com\/is\/#website"},"primaryImageOfPage":{"@id":"https:\/\/iwell-guard.com\/is\/baal-hammon-haedsti-gud-karthago\/#primaryimage"},"image":{"@id":"https:\/\/iwell-guard.com\/is\/baal-hammon-haedsti-gud-karthago\/#primaryimage"},"thumbnailUrl":"https:\/\/iwell-guard.com\/wp-content\/uploads\/2026\/05\/goetter_phoenizisch_baal-hammon.webp","datePublished":"2026-09-05T14:04:30+00:00","dateModified":"2026-09-05T14:27:40+00:00","description":"Baal-Hammon er \u00e6\u00f0sti karlkyns gu\u00f0 Kar\u00feag\u00f3, eiginma\u00f0ur Tanit og vi\u00f0takandi Tofet-v\u00edgslugjafa. Tr\u00faarbrag\u00f0afr\u00e6\u00f0ileg \u00fattekt.","breadcrumb":{"@id":"https:\/\/iwell-guard.com\/is\/baal-hammon-haedsti-gud-karthago\/#breadcrumb"},"inLanguage":"is","potentialAction":[{"@type":"ReadAction","target":["https:\/\/iwell-guard.com\/is\/baal-hammon-haedsti-gud-karthago\/"]}]},{"@type":"ImageObject","inLanguage":"is","@id":"https:\/\/iwell-guard.com\/is\/baal-hammon-haedsti-gud-karthago\/#primaryimage","url":"https:\/\/iwell-guard.com\/wp-content\/uploads\/2026\/05\/goetter_phoenizisch_baal-hammon.webp","contentUrl":"https:\/\/iwell-guard.com\/wp-content\/uploads\/2026\/05\/goetter_phoenizisch_baal-hammon.webp","width":1024,"height":1536,"caption":"Gu\u00f0ir \u00far f\u00f6nik\u00edskri hef\u00f0."},{"@type":"BreadcrumbList","@id":"https:\/\/iwell-guard.com\/is\/baal-hammon-haedsti-gud-karthago\/#breadcrumb","itemListElement":[{"@type":"ListItem","position":1,"name":"Start","item":"https:\/\/iwell-guard.com\/is\/?page_id=168580"},{"@type":"ListItem","position":2,"name":"Baal-Hammon \u2013 \u00c6\u00f0sti gu\u00f0 Kar\u00feag\u00f3"}]},{"@type":"WebSite","@id":"https:\/\/iwell-guard.com\/is\/#website","url":"https:\/\/iwell-guard.com\/is\/","name":"iWell Guard","description":"Schutz vor dunklen Einfl\u00fcssen","publisher":{"@id":"https:\/\/iwell-guard.com\/is\/#organization"},"potentialAction":[{"@type":"SearchAction","target":{"@type":"EntryPoint","urlTemplate":"https:\/\/iwell-guard.com\/is\/?s={search_term_string}"},"query-input":{"@type":"PropertyValueSpecification","valueRequired":true,"valueName":"search_term_string"}}],"inLanguage":"is"},{"@type":"Organization","@id":"https:\/\/iwell-guard.com\/is\/#organization","name":"Ittermann electronic GmbH","url":"https:\/\/iwell-guard.com\/is\/","logo":{"@type":"ImageObject","inLanguage":"is","@id":"https:\/\/iwell-guard.com\/is\/#\/schema\/logo\/image\/","url":"https:\/\/iwell-guard.com\/wp-content\/uploads\/2026\/05\/Ittermann-Logo-1182x237-1.png","contentUrl":"https:\/\/iwell-guard.com\/wp-content\/uploads\/2026\/05\/Ittermann-Logo-1182x237-1.png","width":1182,"height":237,"caption":"Ittermann electronic GmbH"},"image":{"@id":"https:\/\/iwell-guard.com\/is\/#\/schema\/logo\/image\/"},"sameAs":["https:\/\/pantip.com\/profile\/9367242","https:\/\/micro.blog\/iwellguard","https:\/\/www.diggerslist.com\/iwellguard\/about","https:\/\/skitterphoto.com\/photographers\/2870314\/iwell-guard","https:\/\/iwellguard.wordpress.com\/2026\/06\/06\/iwell-guard\/","https:\/\/hub.docker.com\/u\/iwellguard","https:\/\/www.pinterest.com\/iwellguard\/","https:\/\/bit.ly\/m\/iwellguard","https:\/\/entre-vos-mains.alsace.eu\/profiles\/iwellguard\/activity","https:\/\/gravatar.com\/reallybeded8fd34","https:\/\/naijamatta.com\/iwellguard","https:\/\/www.goodreads.com\/iwellguard","https:\/\/profile.hatena.ne.jp\/iwellguard\/","https:\/\/experiment.com\/users\/iwellguard","https:\/\/wakelet.com\/@iWellGuard82270","https:\/\/www.chordie.com\/forum\/profile.php?id=2555664","https:\/\/www.instapaper.com\/p\/17757966","https:\/\/www.mapleprimes.com\/users\/iwellguard","https:\/\/businesslistingplus.com\/profile\/iwell-guard\/","https:\/\/telegra.ph\/iWell-Guard-06-06","https:\/\/pbase.com\/iwellguard\/iwellguard","https:\/\/b.hatena.ne.jp\/iwellguard\/20260607#bookmark-4788405196491818882","https:\/\/fliphtml5.com\/home\/iwellguard","https:\/\/anyflip.com\/homepage\/cmiwl#About","https:\/\/transfur.com\/Users\/iwellguard","http:\/\/delphi.larsbo.org\/user\/iwellguard","https:\/\/jobs.lajobsportal.org\/profiles\/8380803-iwell-guard","https:\/\/md.chaosdorf.de\/s\/jfbe5SBdJD","https:\/\/www.lingvolive.com\/en-us\/profile\/9ecaeaca-ce11-4e51-9e71-01d55e2bff36\/translations","https:\/\/www.fitday.com\/fitness\/forums\/members\/iwellguard.html","https:\/\/www.mymeetbook.com\/iwellguard","https:\/\/pxhere.com\/en\/photographer-me\/5040798","https:\/\/disqus.com\/by\/iwellguard\/about\/","https:\/\/pastelink.net\/hjwciqwq","https:\/\/pubhtml5.com\/homepage\/scjhn\/","https:\/\/www.bitchute.com\/channel\/2O2eOKzNqujT","https:\/\/audiomack.com\/iwellguard"]},{"@type":"Person","@id":"https:\/\/iwell-guard.com\/is\/#\/schema\/person\/ee2a27f1cac3406c7c6fb5820cb7349f","name":"Ralf Ittermann","image":{"@type":"ImageObject","inLanguage":"is","@id":"https:\/\/secure.gravatar.com\/avatar\/073c0153e350a5005b68eb752b445fea71f6b24a26da9449ad7e155e6b446c9d?s=96&d=mm&r=g","url":"https:\/\/secure.gravatar.com\/avatar\/073c0153e350a5005b68eb752b445fea71f6b24a26da9449ad7e155e6b446c9d?s=96&d=mm&r=g","contentUrl":"https:\/\/secure.gravatar.com\/avatar\/073c0153e350a5005b68eb752b445fea71f6b24a26da9449ad7e155e6b446c9d?s=96&d=mm&r=g","caption":"Ralf Ittermann"},"givenName":"Ralf","familyName":"Ittermann","jobTitle":"Gesch\u00e4ftsf\u00fchrer und redaktioneller Verantwortlicher","url":"https:\/\/iwell-guard.com\/is\/author\/claude\/","description":"Ralf Ittermann ist Gesch\u00e4ftsf\u00fchrer der Ittermann electronic GmbH und redaktioneller Verantwortlicher des iWell-Guard-Lexikons. Er verbindet langj\u00e4hrige Erfahrung in der Pr\u00e4zisionsfertigung mit medialer Praxis und religionsgeschichtlicher Quellenarbeit.","worksFor":{"@type":"Organization","name":"Ittermann electronic GmbH","url":"https:\/\/ittermann.de\/","address":{"@type":"PostalAddress","streetAddress":"K\u00f6hlergasse 16-18","postalCode":"99842","addressLocality":"Ruhla","addressCountry":"DE"}},"knowsAbout":["Religionsgeschichte","Mythologie","Mediale Praxis","Energetische Diagnostik","Schutzpraxis","Volksglauben","Westliche Esoterik"]},{"@type":"Article","@id":"https:\/\/iwell-guard.com\/is\/baal-hammon-haedsti-gud-karthago\/#article","isPartOf":{"@id":"https:\/\/iwell-guard.com\/is\/baal-hammon-haedsti-gud-karthago\/"},"author":{"name":"Ralf Ittermann","@id":"https:\/\/iwell-guard.com\/is\/#\/schema\/person\/ee2a27f1cac3406c7c6fb5820cb7349f"},"headline":"Baal-Hammon \u2013 \u00c6\u00f0sti gu\u00f0 Kar\u00feag\u00f3","datePublished":"2026-09-05T14:04:30+00:00","dateModified":"2026-09-05T14:27:40+00:00","mainEntityOfPage":{"@id":"https:\/\/iwell-guard.com\/is\/baal-hammon-haedsti-gud-karthago\/"},"publisher":{"@id":"https:\/\/iwell-guard.com\/is\/#organization"},"image":{"@id":"https:\/\/iwell-guard.com\/is\/baal-hammon-haedsti-gud-karthago\/#primaryimage"},"thumbnailUrl":"https:\/\/iwell-guard.com\/wp-content\/uploads\/2026\/05\/goetter_phoenizisch_baal-hammon.webp","inLanguage":"is","description":"Baal-Hammon er \u00e6\u00f0sti karlkyns gu\u00f0 Kar\u00feag\u00f3, eiginma\u00f0ur Tanit og vi\u00f0takandi Tofet-v\u00edgslugjafa. Tr\u00faarbrag\u00f0afr\u00e6\u00f0ileg \u00fattekt."}]}},"_links":{"self":[{"href":"https:\/\/iwell-guard.com\/is\/wp-json\/wp\/v2\/pages\/168973","targetHints":{"allow":["GET"]}}],"collection":[{"href":"https:\/\/iwell-guard.com\/is\/wp-json\/wp\/v2\/pages"}],"about":[{"href":"https:\/\/iwell-guard.com\/is\/wp-json\/wp\/v2\/types\/page"}],"author":[{"embeddable":true,"href":"https:\/\/iwell-guard.com\/is\/wp-json\/wp\/v2\/users\/3"}],"replies":[{"embeddable":true,"href":"https:\/\/iwell-guard.com\/is\/wp-json\/wp\/v2\/comments?post=168973"}],"version-history":[{"count":0,"href":"https:\/\/iwell-guard.com\/is\/wp-json\/wp\/v2\/pages\/168973\/revisions"}],"wp:featuredmedia":[{"embeddable":true,"href":"https:\/\/iwell-guard.com\/is\/wp-json\/wp\/v2\/media\/2848"}],"wp:attachment":[{"href":"https:\/\/iwell-guard.com\/is\/wp-json\/wp\/v2\/media?parent=168973"}],"wp:term":[{"taxonomy":"category","embeddable":true,"href":"https:\/\/iwell-guard.com\/is\/wp-json\/wp\/v2\/categories?post=168973"}],"curies":[{"name":"wp","href":"https:\/\/api.w.org\/{rel}","templated":true}]}}