{"id":168972,"date":"2026-09-05T14:04:29","date_gmt":"2026-09-05T14:04:29","guid":{"rendered":"https:\/\/iwell-guard.com\/?page_id=168972"},"modified":"2026-09-05T14:27:34","modified_gmt":"2026-09-05T14:27:34","slug":"tanit-haedsta-gydja-karthago","status":"publish","type":"page","link":"https:\/\/iwell-guard.com\/is\/tanit-haedsta-gydja-karthago\/","title":{"rendered":"Tanit \u2013 \u00c6\u00f0sta gy\u00f0ja Kar\u00feag\u00f3"},"content":{"rendered":"\t\t<div data-elementor-type=\"wp-page\" data-elementor-id=\"168972\" class=\"elementor elementor-168972 elementor-2627 elementor-bc-flex-widget\" data-elementor-post-type=\"page\">\n\t\t\t\t<div class=\"elementor-element elementor-element-iwgw-tanit-hero e-flex e-con-boxed e-con e-parent\" data-id=\"iwgw-tanit-hero\" data-element_type=\"container\" data-e-type=\"container\" data-settings=\"{&quot;background_background&quot;:&quot;classic&quot;}\">\n\t\t\t\t\t<div class=\"e-con-inner\">\n\t\t<div class=\"elementor-element elementor-element-iwgw-tanit-hl e-flex e-con-boxed e-con e-child\" data-id=\"iwgw-tanit-hl\" data-element_type=\"container\" data-e-type=\"container\">\n\t\t\t\t\t<div class=\"e-con-inner\">\n\t\t<div class=\"elementor-element elementor-element-iwgw-tanit-htxt e-con-full e-flex e-con e-child\" data-id=\"iwgw-tanit-htxt\" data-element_type=\"container\" data-e-type=\"container\">\n\t\t\t\t<div class=\"elementor-element elementor-element-iwgw-tanit-h1 elementor-widget elementor-widget-heading\" data-id=\"iwgw-tanit-h1\" data-element_type=\"widget\" data-e-type=\"widget\" data-widget_type=\"heading.default\">\n\t\t\t\t\t<h1 class=\"elementor-heading-title elementor-size-default\">Tanit, p\u00fanversk-kar\u00feag\u00f3sk \u00e6\u00f0sta gy\u00f0ja og 'Pene Baal'<\/h1>\t\t\t\t<\/div>\n\t\t\t\t<div class=\"elementor-element elementor-element-iwgw-tanit-lead elementor-widget elementor-widget-text-editor\" data-id=\"iwgw-tanit-lead\" data-element_type=\"widget\" data-e-type=\"widget\" data-widget_type=\"text-editor.default\">\n\t\t\t\t\t\t\t\t\t<p>Tanit (p\u00fanverska <em>tnt<\/em>) er \u00e6\u00f0sta kvenkyns <span class=\"iwg-fachbegriff\" data-tooltip=\"Vera sem er d\u00fdrku\u00f0 sem gu\u00f0leg innan tr\u00faarbrag\u00f0a.\" tabindex=\"0\">gu\u00f0<\/span> p\u00fanverska Kar\u00feag\u00f3 og landnema \u00feess. H\u00fan kemur reglulega fram \u00ed tengslum vi\u00f0 <a href=\"https:\/\/iwell-guard.com\/is\/?page_id=168973\">Baal-Hammon<\/a> og bar titilinn <em>pene Ba\u02bfal<\/em> (&#8216;andlit Baals&#8217;). &#8216;Hand-Tanit&#8217;-<span class=\"iwg-fachbegriff\" data-tooltip=\"T\u00e1kn sem stendur fyrir hugmynd e\u00f0a merkingu.\" tabindex=\"0\">merkis<\/span>steinar hennar \u00far Tofet-helgista\u00f0num eru me\u00f0al einkennandi myndt\u00e1kna p\u00fanverskrar tr\u00faar. Tanit er talin p\u00fanversk-kar\u00feag\u00f3sk \u00e6\u00f0sta gy\u00f0ja og bar vi\u00f0urnafni\u00f0 &#8216;Pene Baal&#8217;, en merking \u00feess er reifu\u00f0 h\u00e9r a\u00f0 ne\u00f0an.<\/p>\t\t\t\t\t\t\t\t<\/div>\n\t\t\t\t<\/div>\n\t\t<div class=\"elementor-element elementor-element-iwgw-tanit-pillc e-con-full e-flex e-con e-child\" data-id=\"iwgw-tanit-pillc\" data-element_type=\"container\" data-e-type=\"container\">\n\t\t\t\t<div class=\"elementor-element elementor-element-iwgw-tanit-pills elementor-widget elementor-widget-html\" data-id=\"iwgw-tanit-pills\" data-element_type=\"widget\" data-e-type=\"widget\" data-widget_type=\"html.default\">\n\t\t\t\t\t<div class=\"iwg-pill-row\"><span class=\"iwg-klasse-badge\" tabindex=\"0\" data-tooltip=\"Gy\u00f0ja f\u00f6nik\u00edskrar hef\u00f0ar.\">Gy\u00f0ja<\/span><a href=\"https:\/\/iwell-guard.com\/is\/fonikiumenn-og-kartago-baal-tanit\/\" class=\"iwg-kultur-badge\" tabindex=\"0\" data-tooltip=\"Go\u00f0afr\u00e6\u00f0i f\u00f6nik\u00edskrar hef\u00f0ar.\">F\u00f6nik\u00edsk<\/a><span class=\"iwg-tradition-badge\" tabindex=\"0\" data-tooltip=\"\u00c6\u00f0sta r\u00edkisgy\u00f0ja.\">\u00c6\u00f0sta r\u00edkisgy\u00f0ja<\/span><\/div>\t\t\t\t<\/div>\n\t\t\t\t<\/div>\n\t\t<div class=\"elementor-element elementor-element-iwgw-tanit-tocc e-con-full e-flex e-con e-child\" data-id=\"iwgw-tanit-tocc\" data-element_type=\"container\" data-e-type=\"container\">\n\t\t\t\t<div class=\"elementor-element elementor-element-iwgw-tanit-toc elementor-toc--minimized-on-tablet elementor-widget elementor-widget-table-of-contents\" data-id=\"iwgw-tanit-toc\" data-element_type=\"widget\" data-e-type=\"widget\" data-settings=\"{&quot;headings_by_tags&quot;:[&quot;h2&quot;,&quot;h3&quot;],&quot;minimize_box&quot;:&quot;yes&quot;,&quot;marker_view&quot;:&quot;bullets&quot;,&quot;no_headings_message&quot;:&quot;Engar undirfyrirsagnir fundust \\u00e1 \\u00feessari s\\u00ed\\u00f0u.&quot;,&quot;exclude_headings_by_selector&quot;:[],&quot;icon&quot;:{&quot;value&quot;:&quot;fas fa-circle&quot;,&quot;library&quot;:&quot;fa-solid&quot;,&quot;rendered_tag&quot;:&quot;&lt;svg class=\\&quot;e-font-icon-svg e-fas-circle\\&quot; viewBox=\\&quot;0 0 512 512\\&quot; xmlns=\\&quot;http:\\\/\\\/www.w3.org\\\/2000\\\/svg\\&quot;&gt;&lt;path d=\\&quot;M256 8C119 8 8 119 8 256s111 248 248 248 248-111 248-248S393 8 256 8z\\&quot;&gt;&lt;\\\/path&gt;&lt;\\\/svg&gt;&quot;},&quot;minimized_on&quot;:&quot;tablet&quot;,&quot;hierarchical_view&quot;:&quot;yes&quot;,&quot;min_height&quot;:{&quot;unit&quot;:&quot;px&quot;,&quot;size&quot;:&quot;&quot;,&quot;sizes&quot;:[]},&quot;min_height_tablet&quot;:{&quot;unit&quot;:&quot;px&quot;,&quot;size&quot;:&quot;&quot;,&quot;sizes&quot;:[]},&quot;min_height_mobile&quot;:{&quot;unit&quot;:&quot;px&quot;,&quot;size&quot;:&quot;&quot;,&quot;sizes&quot;:[]}}\" data-widget_type=\"table-of-contents.default\">\n\t\t\t\t\t\t\t\t\t<div class=\"elementor-toc__header\">\n\t\t\t\t\t\t<h2 class=\"elementor-toc__header-title\">\n\t\t\t\tEfnisyfirlit\t\t\t<\/h2>\n\t\t\t\t\t\t\t\t\t\t<div class=\"elementor-toc__toggle-button elementor-toc__toggle-button--expand\" role=\"button\" tabindex=\"0\" aria-controls=\"elementor-toc__iwgw-tanit-toc\" aria-expanded=\"true\" aria-label=\"Open table of contents\"><svg aria-hidden=\"true\" class=\"e-font-icon-svg e-fas-chevron-down\" viewBox=\"0 0 448 512\" xmlns=\"http:\/\/www.w3.org\/2000\/svg\"><path d=\"M207.029 381.476L12.686 187.132c-9.373-9.373-9.373-24.569 0-33.941l22.667-22.667c9.357-9.357 24.522-9.375 33.901-.04L224 284.505l154.745-154.021c9.379-9.335 24.544-9.317 33.901.04l22.667 22.667c9.373 9.373 9.373 24.569 0 33.941L240.971 381.476c-9.373 9.372-24.569 9.372-33.942 0z\"><\/path><\/svg><\/div>\n\t\t\t\t<div class=\"elementor-toc__toggle-button elementor-toc__toggle-button--collapse\" role=\"button\" tabindex=\"0\" aria-controls=\"elementor-toc__iwgw-tanit-toc\" aria-expanded=\"true\" aria-label=\"Close table of contents\"><svg aria-hidden=\"true\" class=\"e-font-icon-svg e-fas-chevron-up\" viewBox=\"0 0 448 512\" xmlns=\"http:\/\/www.w3.org\/2000\/svg\"><path d=\"M240.971 130.524l194.343 194.343c9.373 9.373 9.373 24.569 0 33.941l-22.667 22.667c-9.357 9.357-24.522 9.375-33.901.04L224 227.495 69.255 381.516c-9.379 9.335-24.544 9.317-33.901-.04l-22.667-22.667c-9.373-9.373-9.373-24.569 0-33.941L207.03 130.525c9.372-9.373 24.568-9.373 33.941-.001z\"><\/path><\/svg><\/div>\n\t\t\t\t\t<\/div>\n\t\t\t\t<div id=\"elementor-toc__iwgw-tanit-toc\" class=\"elementor-toc__body\">\n\t\t\t<div class=\"elementor-toc__spinner-container\">\n\t\t\t\t<svg class=\"elementor-toc__spinner eicon-animation-spin e-font-icon-svg e-eicon-loading\" aria-hidden=\"true\" viewBox=\"0 0 1000 1000\" xmlns=\"http:\/\/www.w3.org\/2000\/svg\"><path d=\"M500 975V858C696 858 858 696 858 500S696 142 500 142 142 304 142 500H25C25 237 238 25 500 25S975 237 975 500 763 975 500 975Z\"><\/path><\/svg>\t\t\t<\/div>\n\t\t<\/div>\n\t\t\t\t\t\t<\/div>\n\t\t\t\t<\/div>\n\t\t\t\t\t<\/div>\n\t\t\t\t<\/div>\n\t\t<div class=\"elementor-element elementor-element-iwgw-tanit-hr e-con-full e-flex e-con e-child\" data-id=\"iwgw-tanit-hr\" data-element_type=\"container\" data-e-type=\"container\">\n\t\t\t\t<div class=\"elementor-element elementor-element-iwgw-tanit-heroimg iwg-hero-image elementor-widget elementor-widget-image\" data-id=\"iwgw-tanit-heroimg\" data-element_type=\"widget\" data-e-type=\"widget\" data-widget_type=\"image.default\">\n\t\t\t\t\t\t\t\t\t\t\t\t\t\t\t<img fetchpriority=\"high\" decoding=\"async\" width=\"683\" height=\"1024\" src=\"https:\/\/iwell-guard.com\/wp-content\/uploads\/2026\/05\/goetter_phoenizisch_tanit-683x1024.webp\" class=\"attachment-large size-large wp-image-170804\" alt=\"Tanit - gu\u00f0 \u00far f\u00f6nik\u00edskri hef\u00f0, s\u00f6gulega-myndskreytt\" srcset=\"https:\/\/iwell-guard.com\/wp-content\/uploads\/2026\/05\/goetter_phoenizisch_tanit-683x1024.webp 683w, https:\/\/iwell-guard.com\/wp-content\/uploads\/2026\/05\/goetter_phoenizisch_tanit-200x300.webp 200w, https:\/\/iwell-guard.com\/wp-content\/uploads\/2026\/05\/goetter_phoenizisch_tanit-768x1152.webp 768w, https:\/\/iwell-guard.com\/wp-content\/uploads\/2026\/05\/goetter_phoenizisch_tanit.webp 1024w\" sizes=\"(max-width: 683px) 100vw, 683px\" \/>\t\t\t\t\t\t\t\t\t\t\t\t\t\t\t<\/div>\n\t\t\t\t<\/div>\n\t\t\t\t\t<\/div>\n\t\t\t\t<\/div>\n\t\t\t\t<section class=\"elementor-section elementor-top-section elementor-element elementor-element-sec-iwgcomp2-tanit elementor-section-boxed elementor-section-height-default elementor-section-height-default\" data-id=\"sec-iwgcomp2-tanit\" data-element_type=\"section\" data-e-type=\"section\">\n\t\t\t\t\t\t<div class=\"elementor-container elementor-column-gap-default\">\n\t\t\t\t\t<div class=\"elementor-column elementor-col-100 elementor-top-column elementor-element elementor-element-col-iwgcomp2-tanit\" data-id=\"col-iwgcomp2-tanit\" data-element_type=\"column\" data-e-type=\"column\">\n\t\t\t<div class=\"elementor-widget-wrap elementor-element-populated\">\n\t\t\t\t\t\t<div class=\"elementor-element elementor-element-iwgcomp2-tanit elementor-widget elementor-widget-text-editor\" data-id=\"iwgcomp2-tanit\" data-element_type=\"widget\" data-e-type=\"widget\" data-widget_type=\"text-editor.default\">\n\t\t\t\t\t\t\t\t\t<p>Tanit er <strong>p\u00fanversk-kar\u00feag\u00f3sk<\/strong> \u00e6\u00f0sta gy\u00f0ja og eiginkona Baal-Hammons.<\/p>\t\t\t\t\t\t\t\t<\/div>\n\t\t\t\t\t<\/div>\n\t\t<\/div>\n\t\t\t\t\t<\/div>\n\t\t<\/section>\n\t\t<div class=\"elementor-element elementor-element-iwgw-tanit-s0 e-flex e-con-boxed e-con e-parent\" data-id=\"iwgw-tanit-s0\" data-element_type=\"container\" data-e-type=\"container\">\n\t\t\t\t\t<div class=\"e-con-inner\">\n\t\t\t\t<div class=\"elementor-element elementor-element-iwgw-tanit-s0h elementor-widget elementor-widget-heading\" data-id=\"iwgw-tanit-s0h\" data-element_type=\"widget\" data-e-type=\"widget\" data-widget_type=\"heading.default\">\n\t\t\t\t\t<h2 class=\"elementor-heading-title elementor-size-default\">Greining og skammrit<\/h2>\t\t\t\t<\/div>\n\t\t<div class=\"elementor-element elementor-element-iwgw-tanit-s0c e-con-full e-flex e-con e-child\" data-id=\"iwgw-tanit-s0c\" data-element_type=\"container\" data-e-type=\"container\">\n\t\t\t\t<div class=\"elementor-element elementor-element-iwgw-tanit-s0t elementor-widget elementor-widget-text-editor\" data-id=\"iwgw-tanit-s0t\" data-element_type=\"widget\" data-e-type=\"widget\" data-widget_type=\"text-editor.default\">\n\t\t\t\t\t\t\t\t\t<p>Tanit er gy\u00f0ja sem l\u00edti\u00f0 er vitna\u00f0 um \u00ed f\u00f6nik\u00edsku heimalandinu, en h\u00fan var\u00f0 eitt mikilv\u00e6gasta go\u00f0 Kar\u00feag\u00f3 og p\u00fanverskra landn\u00e1ma vi\u00f0 vestanver\u00f0u Mi\u00f0jar\u00f0arhafi.<\/p><p>Maria Eugenia Aubet s\u00fdndi \u00ed <em>The Phoenicians and the West<\/em> (2001) fram \u00e1 a\u00f0 Tanit var\u00f0 ekki \u00e6\u00f0sta gy\u00f0ja Kar\u00feag\u00f3 fyrr en \u00e1 5. \u00f6ld f.Kr. Innan <a href=\"https:\/\/iwell-guard.com\/is\/fonikiumenn-og-kartago-baal-tanit\/\">f\u00f6nik\u00edskrar hef\u00f0ar<\/a> er h\u00fan \u00feannig s\u00e9rt\u00e6k vestr\u00e6n \u00fer\u00f3un.<\/p><p>Sabatino Moscati l\u00fdsti n\u00e1kv\u00e6mlega hinni kar\u00feag\u00f3versku tr\u00fa me\u00f0 Tanit sem \u00e6\u00f0stu gy\u00f0ju \u00ed <em>Il mondo dei Fenici<\/em> (1966) og \u00ed fj\u00f6lm\u00f6rgum s\u00ed\u00f0ari ranns\u00f3knum. H\u00fan kemur reglulega fram \u00e1 undan <a href=\"https:\/\/iwell-guard.com\/is\/?page_id=168973\">Baal-Hammon<\/a> \u00e1 Tofet-steinum (legsteinum ungbarna me\u00f0 v\u00edgslu\u00e1ritunum), sem undirstrikar st\u00f6\u00f0u hennar sem \u00e6\u00f0stu verndargy\u00f0ju p\u00fanverskrar fj\u00f6lskyldu og r\u00edkis.<\/p><p>\u00cd tr\u00faarbrag\u00f0as\u00f6gulegu samhengi t\u00e1knar Tanit ger\u00f0 r\u00edkisgy\u00f0ju sem kemur fram \u00ed fj\u00f6lm\u00f6rgum menningarheimum vi\u00f0 Mi\u00f0jar\u00f0arhafi\u00f0 (sbr. <a href=\"https:\/\/iwell-guard.com\/is\/?page_id=168964\">Hebat<\/a> hj\u00e1 Hitt\u00edtum, <a href=\"https:\/\/iwell-guard.com\/is\/?page_id=168971\">Astarte<\/a> \u00ed F\u00f6nik\u00edu, Roma \u00ed R\u00f3m). Tengsl hennar vi\u00f0 <a href=\"https:\/\/iwell-guard.com\/is\/?page_id=168973\">Baal-Hammon<\/a> sem eiginmann e\u00f0a f\u00f6runaut eru mikilv\u00e6gustu gu\u00f0fr\u00e6\u00f0ilegu tengslin. Saman myndu \u00feau \u00e6\u00f0sta gu\u00f0apar Kar\u00feag\u00f3.<\/p><p>\u00c1hugavert ranns\u00f3knarefni snertir m\u00f6gulega fors\u00f6gu Tanitar \u00ed heimalandinu F\u00f6nik\u00edu. F\u00e1ar v\u00edsbendingar fr\u00e1 Sarepta og S\u00eddon benda til a\u00f0 forveragy\u00f0ja hafi veri\u00f0 til, sem breyttist \u00ed Kar\u00feag\u00f3 \u00ed sj\u00e1lfst\u00e6\u00f0a \u00e6\u00f0sta gy\u00f0ju. \u00deessi &#8216;tanit\u00edska&#8217; umbreyting er me\u00f0al \u00e1hugaver\u00f0ustu fyrirb\u00e6ra tr\u00faarbrag\u00f0as\u00f6gu vestanver\u00f0s Mi\u00f0jar\u00f0arhafs.<\/p>\t\t\t\t\t\t\t\t<\/div>\n\t\t\t\t<\/div>\n\t\t\t\t\t<\/div>\n\t\t\t\t<\/div>\n\t\t<div class=\"elementor-element elementor-element-iwgw-tanit-s1 e-flex e-con-boxed e-con e-parent\" data-id=\"iwgw-tanit-s1\" data-element_type=\"container\" data-e-type=\"container\">\n\t\t\t\t\t<div class=\"e-con-inner\">\n\t\t\t\t<div class=\"elementor-element elementor-element-iwgw-tanit-s1h elementor-widget elementor-widget-heading\" data-id=\"iwgw-tanit-s1h\" data-element_type=\"widget\" data-e-type=\"widget\" data-widget_type=\"heading.default\">\n\t\t\t\t\t<h2 class=\"elementor-heading-title elementor-size-default\">Nafn og or\u00f0sifjar<\/h2>\t\t\t\t<\/div>\n\t\t<div class=\"elementor-element elementor-element-iwgw-tanit-s1c e-con-full e-flex e-con e-child\" data-id=\"iwgw-tanit-s1c\" data-element_type=\"container\" data-e-type=\"container\">\n\t\t\t\t<div class=\"elementor-element elementor-element-iwgw-tanit-s1t elementor-widget elementor-widget-text-editor\" data-id=\"iwgw-tanit-s1t\" data-element_type=\"widget\" data-e-type=\"widget\" data-widget_type=\"text-editor.default\">\n\t\t\t\t\t\t\t\t\t<p>Uppruni nafnsins Tanit er ekki fullkomlega \u00fatsk\u00fdr\u00f0ur. Ein tr\u00faver\u00f0ug t\u00falkun tengir \u00fea\u00f0 vi\u00f0 vestursem\u00edt\u00edska r\u00f3tina <em>tnn<\/em> &#8216;a\u00f0 kveina, syrgja&#8217;, sem myndi samr\u00e6mast hlutverki syrgjandi gy\u00f0ju. \u00d6nnur t\u00falkun telur nafni\u00f0 vera berb\u00edskt t\u00f6kuor\u00f0, sem myndi samr\u00e6mast l\u00edb\u00fdsk-n\u00famid\u00edska \u00fe\u00e6tti Kar\u00feag\u00f3. \u00deri\u00f0ja m\u00f6guleikinn er tengsl vi\u00f0 \u00fagar\u00edt\u00edskar v\u00edsbendingar um gy\u00f0ju a\u00f0 nafni Tannit.<\/p><p>\u00cd \u00e1letrunum kemur h\u00fan fram sem <em>tnt pn b\u02bfl<\/em> &#8216;Tanit, andlit Baals&#8217;. \u00deetta vi\u00f0urnafn undirstrikar gu\u00f0fr\u00e6\u00f0ilegt hlutverk hennar sem birtingarmynd e\u00f0a \u00e1sj\u00f3nu Baal-Hammons. \u00cd gr\u00edsku efni er h\u00fan sams\u00f6mu\u00f0 Heru e\u00f0a Artemis Caelestis; \u00e1 r\u00f3mverska t\u00edmanum vi\u00f0 Juno Caelestis, sem s\u00ed\u00f0ar var\u00f0 mikilv\u00e6g afr\u00edsk-r\u00f3mversk \u00e6\u00f0sta gy\u00f0ja.<\/p><p>Gr\u00edsk og r\u00f3mversk vi\u00f0taka hennar sem &#8216;himnadrottningar&#8217; tengir hana vi\u00f0 stj\u00f6rnufr\u00e6\u00f0ilega \u00fe\u00e6tti; m\u00e1ninn er reglulega tengt <span class=\"iwg-fachbegriff\" data-tooltip=\"T\u00e1kn sem stendur fyrir hugmynd e\u00f0a merkingu.\" tabindex=\"0\">t\u00e1kn<\/span> hennar. Hinir fr\u00e6gu &#8216;m\u00e1ni og stjarna&#8217;-steinar \u00far Tofet-helgista\u00f0num \u00ed Kar\u00feag\u00f3 s\u00fdna \u00feessa stj\u00f6rnufr\u00e6\u00f0ilegu v\u00edsun sk\u00fdrt. Charles Krahmalkov safna\u00f0i saman mikilv\u00e6gustu \u00e1letrunarg\u00f6gnunum \u00ed <em>A Phoenician-Punic Grammar<\/em> (2001).<\/p><p>Mikilv\u00e6g gu\u00f0fr\u00e6\u00f0ileg aflei\u00f0ing vi\u00f0urnafnsins &#8216;andlit Baals&#8217; er s\u00fa sko\u00f0un a\u00f0 Tanit s\u00e9 hlutger\u00f0 birtingarmynd Baal-Hammons. Samkv\u00e6mt \u00feessari s\u00fdn er Tanit ekki einfaldlega sj\u00e1lfst\u00e6\u00f0 gy\u00f0ja, heldur pers\u00f3nuger\u00f0 s\u00fdningarhlutverk Baals, eins konar gu\u00f0legt andlit sem \u00e6\u00f0sti gu\u00f0inn birtist heiminum \u00ed gegnum.<\/p>\t\t\t\t\t\t\t\t<\/div>\n\t\t\t\t<\/div>\n\t\t\t\t\t<\/div>\n\t\t\t\t<\/div>\n\t\t<div class=\"elementor-element elementor-element-iwgw-tanit-s2 e-flex e-con-boxed e-con e-parent\" data-id=\"iwgw-tanit-s2\" data-element_type=\"container\" data-e-type=\"container\">\n\t\t\t\t\t<div class=\"e-con-inner\">\n\t\t\t\t<div class=\"elementor-element elementor-element-iwgw-tanit-s2h elementor-widget elementor-widget-heading\" data-id=\"iwgw-tanit-s2h\" data-element_type=\"widget\" data-e-type=\"widget\" data-widget_type=\"heading.default\">\n\t\t\t\t\t<h2 class=\"elementor-heading-title elementor-size-default\">L\u00fdsing og myndm\u00e1l<\/h2>\t\t\t\t<\/div>\n\t\t<div class=\"elementor-element elementor-element-iwgw-tanit-s2c e-con-full e-flex e-con e-child\" data-id=\"iwgw-tanit-s2c\" data-element_type=\"container\" data-e-type=\"container\">\n\t\t\t\t<div class=\"elementor-element elementor-element-iwgw-tanit-s2t elementor-widget elementor-widget-text-editor\" data-id=\"iwgw-tanit-s2t\" data-element_type=\"widget\" data-e-type=\"widget\" data-widget_type=\"text-editor.default\">\n\t\t\t\t\t\t\t\t\t<p>Tanit er \u00feekkt \u00ed myndlist fyrir hi\u00f0 svokalla\u00f0a &#8216;Tanit-<span class=\"iwg-fachbegriff\" data-tooltip=\"T\u00e1kn sem stendur fyrir hugmynd e\u00f0a merkingu.\" tabindex=\"0\">t\u00e1kn<\/span>&#8216; e\u00f0a &#8216;Tanit-merki&#8217;: st\u00edlf\u00e6r\u00f0 kvenpers\u00f3na me\u00f0 \u00fer\u00edhorn sem l\u00edkama, l\u00e1r\u00e9ttri st\u00f6ng sem armar og hring sem h\u00f6fu\u00f0. \u00deetta t\u00e1kn kemur fram \u00e1 \u00fe\u00fasundum steina \u00far Tofet-<span class=\"iwg-fachbegriff\" data-tooltip=\"Helgur sta\u00f0ur tileinka\u00f0ur d\u00fdrkun gu\u00f0s.\" tabindex=\"0\">helgista\u00f0num<\/span> \u00ed Kar\u00feag\u00f3 og er eitt kunnasta t\u00e1kn p\u00fanverskrar tr\u00faar.<\/p><p>\u00c1 steinunum kemur h\u00fan oft fram me\u00f0 fleiri t\u00e1knum: &#8216;Hand-Tanit&#8217; (opinni hendi sem verndart\u00e1kn), h\u00e1lfm\u00e1na og stj\u00f6rnu, granatepli, l\u00f3tusbl\u00f3mi. Sums sta\u00f0ar stendur Tanit-t\u00e1kni\u00f0 eitt s\u00e9r, sums sta\u00f0ar \u00ed tengslum vi\u00f0 &#8216;caduceus&#8217;-stafinn e\u00f0a skipsstefnist\u00e1kn. \u00deessi r\u00edkulega myndlist endurspeglar margv\u00edslegt hlutverk gy\u00f0junnar.<\/p><p>Mannger\u00f0ar myndir eru sjaldg\u00e6fari; mikilv\u00e6g undantekning er l\u00edtil stytta fr\u00e1 Thinissut (T\u00fanis) sem s\u00fdnir Tanit sitjandi \u00ed h\u00e1s\u00e6ti me\u00f0 p\u00f3los-k\u00f3r\u00f3nu og sfinxum s\u00e9r til hli\u00f0ar.<\/p><p>\u00c1 hellensk-r\u00f3mverskum t\u00edmaskei\u00f0um kemur h\u00fan \u00ed auknum m\u00e6li fram \u00ed manngervi, s\u00e9rstaklega eftir sams\u00f6mun vi\u00f0 Juno Caelestis. Fornleifafundir \u00far Tofet-helgista\u00f0num eru gefnir \u00fat \u00edtarlega \u00ed m\u00f6rgum ritum, \u00fear \u00e1 me\u00f0al verki H\u00e9l\u00e8ne B\u00e9nichou-Safar um kar\u00feag\u00f3sk tr\u00faarbr\u00f6g\u00f0.<\/p>\t\t\t\t\t\t\t\t<\/div>\n\t\t\t\t<\/div>\n\t\t\t\t\t<\/div>\n\t\t\t\t<\/div>\n\t\t<div class=\"elementor-element elementor-element-iwgw-tanit-s3 e-flex e-con-boxed e-con e-parent\" data-id=\"iwgw-tanit-s3\" data-element_type=\"container\" data-e-type=\"container\">\n\t\t\t\t\t<div class=\"e-con-inner\">\n\t\t\t\t<div class=\"elementor-element elementor-element-iwgw-tanit-s3h elementor-widget elementor-widget-heading\" data-id=\"iwgw-tanit-s3h\" data-element_type=\"widget\" data-e-type=\"widget\" data-widget_type=\"heading.default\">\n\t\t\t\t\t<h2 class=\"elementor-heading-title elementor-size-default\">Go\u00f0sagnakenndar fr\u00e1sagnir<\/h2>\t\t\t\t<\/div>\n\t\t<div class=\"elementor-element elementor-element-iwgw-tanit-s3c e-con-full e-flex e-con e-child\" data-id=\"iwgw-tanit-s3c\" data-element_type=\"container\" data-e-type=\"container\">\n\t\t\t\t<div class=\"elementor-element elementor-element-iwgw-tanit-s3t elementor-widget elementor-widget-text-editor\" data-id=\"iwgw-tanit-s3t\" data-element_type=\"widget\" data-e-type=\"widget\" data-widget_type=\"text-editor.default\">\n\t\t\t\t\t\t\t\t\t<p>Eiginlegar go\u00f0sagnafr\u00e1sagnir um Tanit eru a\u00f0 mestu \u00f3fundnar. \u00d3l\u00edkt <a href=\"https:\/\/iwell-guard.com\/is\/?page_id=168969\">Baal<\/a> e\u00f0a <a href=\"https:\/\/iwell-guard.com\/is\/anat-stridsgydja-baal\/\">Anat<\/a> er engin <span class=\"iwg-fachbegriff\" data-tooltip=\"Munnm\u00e6lasaga um gu\u00f0i, uppruna og skipulag heimsins.\" tabindex=\"0\">go\u00f0saga<\/span> var\u00f0veitt \u00fear sem Tanit kemur fram sem virk pers\u00f3na \u00ed fr\u00e1sagnarr\u00f6\u00f0. H\u00fan er fyrst og fremst helgisi\u00f0abundin <span class=\"iwg-fachbegriff\" data-tooltip=\"Vera sem d\u00fdrku\u00f0 er sem gu\u00f0leg innan tr\u00faarbrag\u00f0a.\" tabindex=\"0\">go\u00f0vera<\/span>, og merking hennar ver\u00f0ur sk\u00fdrari \u00fat fr\u00e1 framkv\u00e6md tr\u00faari\u00f0kunar en \u00fat fr\u00e1 <span class=\"iwg-fachbegriff\" data-tooltip=\"Munnm\u00e6lasaga um gu\u00f0i, uppruna og skipulag heimsins.\" tabindex=\"0\">go\u00f0s\u00f6gu<\/span>.<\/p><p>Nokkrar brotakenndar v\u00edsanir m\u00e1 finna hj\u00e1 s\u00ed\u00f0ari h\u00f6fundum (Augustinus, Tertullianus) um Tanit-<span class=\"iwg-fachbegriff\" data-tooltip=\"Munnm\u00e6lasaga um gu\u00f0i, uppruna og skipulag heimsins.\" tabindex=\"0\">go\u00f0s\u00f6gu<\/span> \u00ed Kar\u00feag\u00f3, en flestar \u00feessar fr\u00e1sagnir eru \u00e1deilukenndar og \u00f3\u00e1rei\u00f0anlegar. Tertullianus (<em>Apologeticum<\/em> 9) greinir \u00e1 \u00e1hrifamikinn h\u00e1tt fr\u00e1 barnaf\u00f3rnum til Sat\u00farnusar (= Baal-Hammon) og eiginkonu hans, sem er v\u00edsun \u00ed Tofet-si\u00f0ina, \u00e1n nokkurrar go\u00f0s\u00f6gulegrar undirst\u00f6\u00f0u.<\/p><p>Tr\u00faarhist\u00f3r\u00edskt er \u00feessi skortur \u00e1 go\u00f0s\u00f6gum d\u00e6miger\u00f0ur fyrir &#8216;borgargy\u00f0jur&#8217; s\u00ed\u00f0bronsaldar og <span class=\"iwg-fachbegriff\" data-tooltip=\"Fors\u00f6guleg t\u00edmabil eftir brons\u00f6ld, einkennt af j\u00e1rnvinnslu.\" tabindex=\"0\">j\u00e1rnaldar<\/span>; \u00fe\u00e6r eru mi\u00f0l\u00e6gar \u00ed helgisi\u00f0um en ja\u00f0arl\u00e6gar \u00ed go\u00f0afr\u00e6\u00f0i. Einnig <a href=\"https:\/\/iwell-guard.com\/is\/?page_id=168960\">Arinna<\/a> \u00far <a href=\"https:\/\/iwell-guard.com\/is\/hettitar-anatolia-tarhunna-vernd\/\">hitt\u00edtskri hef\u00f0<\/a> deilir \u00feessu einkenni: \u00e6\u00f0sta r\u00edkisgy\u00f0ja \u00e1n eigin go\u00f0sagnafr\u00e1sagnar. Gu\u00f0fr\u00e6\u00f0ileg virkni hennar liggur \u00ed st\u00f6\u00f0ugri n\u00e6rveru, ekki \u00ed fr\u00e1sagnarlegri ath\u00f6fn.<\/p><p>Skortur Tanit \u00e1 go\u00f0s\u00f6gum stendur \u00ed \u00e1hugaver\u00f0ri m\u00f3ts\u00f6gn vi\u00f0 r\u00edkulegan t\u00e1knheim Tofet-steinanna; gu\u00f0fr\u00e6\u00f0ilegt v\u00e6gi hennar er \u00feannig ekki fyrst og fremst fr\u00e1sagnarlegt, heldur t\u00e1knr\u00e6nt og bundi\u00f0 helgisi\u00f0um. \u00deessi f\u00e6rsla fr\u00e1 <span class=\"iwg-fachbegriff\" data-tooltip=\"Munnm\u00e6lasaga um gu\u00f0i, uppruna og skipulag heimsins.\" tabindex=\"0\">go\u00f0s\u00f6gu<\/span> yfir \u00ed <span class=\"iwg-fachbegriff\" data-tooltip=\"T\u00e1kn sem stendur fyrir hugmynd e\u00f0a merkingu.\" tabindex=\"0\">t\u00e1kn<\/span> er s\u00f6guleg athyglisver\u00f0.<\/p>\t\t\t\t\t\t\t\t<\/div>\n\t\t\t\t<\/div>\n\t\t\t\t\t<\/div>\n\t\t\t\t<\/div>\n\t\t<div class=\"elementor-element elementor-element-iwgw-tanit-s4 e-flex e-con-boxed e-con e-parent\" data-id=\"iwgw-tanit-s4\" data-element_type=\"container\" data-e-type=\"container\">\n\t\t\t\t\t<div class=\"e-con-inner\">\n\t\t\t\t<div class=\"elementor-element elementor-element-iwgw-tanit-s4h elementor-widget elementor-widget-heading\" data-id=\"iwgw-tanit-s4h\" data-element_type=\"widget\" data-e-type=\"widget\" data-widget_type=\"heading.default\">\n\t\t\t\t\t<h2 class=\"elementor-heading-title elementor-size-default\">D\u00fdrkun og tilbei\u00f0sla<\/h2>\t\t\t\t<\/div>\n\t\t<div class=\"elementor-element elementor-element-iwgw-tanit-s4c e-con-full e-flex e-con e-child\" data-id=\"iwgw-tanit-s4c\" data-element_type=\"container\" data-e-type=\"container\">\n\t\t\t\t<div class=\"elementor-element elementor-element-iwgw-tanit-s4t elementor-widget elementor-widget-text-editor\" data-id=\"iwgw-tanit-s4t\" data-element_type=\"widget\" data-e-type=\"widget\" data-widget_type=\"text-editor.default\">\n\t\t\t\t\t\t\t\t\t<p>A\u00f0alhelgista\u00f0ur Tanit var Tofet-<span class=\"iwg-fachbegriff\" data-tooltip=\"Heilagur sta\u00f0ur tileinka\u00f0ur d\u00fdrkun gu\u00f0veru.\" tabindex=\"0\">helgid\u00f3murinn<\/span> \u00ed Kar\u00feag\u00f3, sv\u00e6\u00f0i sem \u00f3x \u00ed m\u00f6rgum l\u00f6gum og innih\u00e9lt \u00fe\u00fasundir \u00f6skukerab\u00e1lfara sm\u00e1barna og ungra d\u00fdra, hvert merkt me\u00f0 \u00e1letrunum til Tanit og Baal-Hammon.<\/p><p>N\u00e1kv\u00e6m merking Tofet-si\u00f0anna hefur veri\u00f0 deiluefni \u00ed kynsl\u00f3\u00f0ir: Er um a\u00f0 r\u00e6\u00f0a reglulegar barnaf\u00f3rnir (eins og klass\u00edskar heimildir \u00e1 bor\u00f0 vi\u00f0 Diod\u00f3ros, P\u00f3l\u00fdb\u00edos og Tertullianus benda til) e\u00f0a greftrun barna sem d\u00f3u fyrir aldur fram (eins og n\u00fat\u00edmalegri t\u00falkanir halda fram)?<\/p><p>Ranns\u00f3knir hallast \u00ed dag a\u00f0 millilei\u00f0: \u00cd Tofet voru b\u00e6\u00f0i bein barna sem d\u00f3u n\u00e1tt\u00farulegum dau\u00f0daga og f\u00f3rnu\u00f0 b\u00f6rn grafin, \u00ed mismunandi hlutfalli eftir kreppum e\u00f0a s\u00e9rst\u00f6kum tr\u00faarlegum skuldbindingum (<em>n\u0113der<\/em>, <span class=\"iwg-fachbegriff\" data-tooltip=\"H\u00e1t\u00ed\u00f0legt tr\u00faarlegt heit gagnvart gu\u00f0veru.\" tabindex=\"0\">heit<\/span>&#8211;<span class=\"iwg-fachbegriff\" data-tooltip=\"Gj\u00f6f til gu\u00f0veru til a\u00f0 tj\u00e1 \u00feakkl\u00e6ti, b\u00f3n e\u00f0a lotningu.\" tabindex=\"0\">f\u00f3rn<\/span>).<\/p><p>Lawrence Stager, Joseph Greene og Brian Schmidt hafa \u00ed m\u00f6rgum ranns\u00f3knum greint beinaleifar; umr\u00e6\u00f0unni er enn ekki loki\u00f0. V\u00edsindalega s\u00e9\u00f0 er Tofet \u00ed \u00f6llu falli einn \u00e1hrifamesti helgista\u00f0ur <span class=\"iwg-fachbegriff\" data-tooltip=\"Fors\u00f6guleg t\u00edmabil eftir brons\u00f6ld, einkennt af j\u00e1rnvinnslu.\" tabindex=\"0\">j\u00e1rnaldar<\/span>.<\/p><p>Auk Kar\u00feag\u00f3 eru Tofet-helgid\u00f3mar kunnir \u00ed Motya (Sikiley), Tharros (Sardin\u00edu), Sulcis (Sardin\u00edu), Hadrumetum (T\u00fanis) og fleiri p\u00fanverskum n\u00fdlendum. \u00c1 \u00f6llum \u00feessum st\u00f6\u00f0um var Tanit tignu\u00f0 sem meginvi\u00f0takandi heitgjafanna. Sabatino Moscati hefur skr\u00e1\u00f0 p\u00fanversku sta\u00f0ina \u00e1 kerfisbundinn h\u00e1tt.<\/p><p>\u00de\u00e1 sko\u00f0un a\u00f0 Tofet-greftranir hafi veri\u00f0 hef\u00f0bundnar jar\u00f0arfarir, ekki <span class=\"iwg-fachbegriff\" data-tooltip=\"Gj\u00f6f til gu\u00f0veru til a\u00f0 tj\u00e1 \u00feakkl\u00e6ti, b\u00f3n e\u00f0a lotningu.\" tabindex=\"0\">f\u00f3rnir<\/span>, sty\u00f0ja s\u00e9rstaklega Jeffrey Schwartz og Frank Houghton, en Lawrence Stager telur \u00e1 m\u00f3ti a\u00f0 <span class=\"iwg-fachbegriff\" data-tooltip=\"Gj\u00f6f til gu\u00f0veru til a\u00f0 tj\u00e1 \u00feakkl\u00e6ti, b\u00f3n e\u00f0a lotningu.\" tabindex=\"0\">f\u00f3rnart\u00falkunin<\/span> s\u00e9 s\u00f6gulega sta\u00f0fest. B\u00e1\u00f0ar afst\u00f6\u00f0ur hafa stangast \u00e1 \u00ed ranns\u00f3knum og eru enn til umr\u00e6\u00f0u.<\/p>\t\t\t\t\t\t\t\t<\/div>\n\t\t\t\t<\/div>\n\t\t\t\t\t<\/div>\n\t\t\t\t<\/div>\n\t\t<div class=\"elementor-element elementor-element-iwgw-tanit-s5 e-flex e-con-boxed e-con e-parent\" data-id=\"iwgw-tanit-s5\" data-element_type=\"container\" data-e-type=\"container\">\n\t\t\t\t\t<div class=\"e-con-inner\">\n\t\t\t\t<div class=\"elementor-element elementor-element-iwgw-tanit-s5h elementor-widget elementor-widget-heading\" data-id=\"iwgw-tanit-s5h\" data-element_type=\"widget\" data-e-type=\"widget\" data-widget_type=\"heading.default\">\n\t\t\t\t\t<h2 class=\"elementor-heading-title elementor-size-default\">Verndara\u00f0ger\u00f0ir og fr\u00e1hrindandi t\u00e1kn<\/h2>\t\t\t\t<\/div>\n\t\t<div class=\"elementor-element elementor-element-iwgw-tanit-s5c e-con-full e-flex e-con e-child\" data-id=\"iwgw-tanit-s5c\" data-element_type=\"container\" data-e-type=\"container\">\n\t\t\t\t<div class=\"elementor-element elementor-element-iwgw-tanit-s5t elementor-widget elementor-widget-text-editor\" data-id=\"iwgw-tanit-s5t\" data-element_type=\"widget\" data-e-type=\"widget\" data-widget_type=\"text-editor.default\">\n\t\t\t\t\t\t\t\t\t<p>Tanit var verndargy\u00f0ja fj\u00f6lskyldunnar, barnanna, \u00feunga\u00f0ra kvenna og p\u00fanverska r\u00edkisins \u00ed heild. &#8216;Hand-Tanit&#8217;-<span class=\"iwg-fachbegriff\" data-tooltip=\"T\u00e1kn sem stendur fyrir hugmynd e\u00f0a merkingu.\" tabindex=\"0\">t\u00e1kni\u00f0<\/span> kemur fram \u00e1 <span class=\"iwg-fachbegriff\" data-tooltip=\"\u00d3g\u00e6fuvarnandi: um t\u00e1kn og hluti sem \u00e6tla\u00f0 er a\u00f0 halda ska\u00f0legum \u00e1hrifum fjarri.\" tabindex=\"0\">ap\u00f3tr\u00f3p\u00edskan<\/span> h\u00e1tt \u00e1 h\u00fasdyrum, \u00e1 verndargripum og \u00e1 d\u00fdrah\u00fasum; \u00fea\u00f0 var eitt algengasta verndart\u00e1kni\u00f0 \u00ed hinum p\u00fanverska heimi. Opna h\u00f6ndin me\u00f0 \u00fatr\u00e9tta fingur t\u00e1knar v\u00f6rn og gu\u00f0lega verndun.<\/p><p><span class=\"iwg-fachbegriff\" data-tooltip=\"\u00d3g\u00e6fuvarnandi: um t\u00e1kn og hluti sem \u00e6tla\u00f0 er a\u00f0 halda ska\u00f0legum \u00e1hrifum fjarri.\" tabindex=\"0\">\u00c1 ap\u00f3tr\u00f3p\u00edskan h\u00e1tt<\/span> voru Tanit-styttur reistar \u00ed h\u00fasum; \u00fe\u00fasundir &#8216;Tanit-platta&#8217; \u00far terrakotta hafa fundist \u00e1 \u00edb\u00fa\u00f0arsv\u00e6\u00f0um Kar\u00feag\u00f3. \u00de\u00e6r \u00fej\u00f3nu\u00f0u h\u00fasv\u00f6rn, f\u00e6\u00f0ingarv\u00f6rn og almennri <span class=\"iwg-fachbegriff\" data-tooltip=\"Hin lifa\u00f0a tr\u00faarlega afsta\u00f0a og i\u00f0kun einstaklings.\" tabindex=\"0\">tr\u00far\u00e6kni<\/span>. \u00deessi einkatr\u00far\u00e6kni er vel skjalfest og stendur \u00ed m\u00f3ts\u00f6gn vi\u00f0 r\u00edkisrekna helgisi\u00f0aframkv\u00e6md T\u00f3fetsins.<\/p><p>\u00cd p\u00fanverskum \u00e1letrunum kemur Tanit fram sem vi\u00f0takandi <em>n\u0113der<\/em>-heita \u00e1 kr\u00edsut\u00edmum: fyrir f\u00e6\u00f0ingar, fyrir fer\u00f0al\u00f6g, fyrir orrustur, vi\u00f0 sj\u00fakd\u00f3ma. Hversu oft h\u00fan var <span class=\"iwg-fachbegriff\" data-tooltip=\"B\u00e6narleg e\u00f0a \u00e1kallandi \u00e1v\u00f6rpun til gu\u00f0s e\u00f0a m\u00e1ttar.\" tabindex=\"0\">\u00e1k\u00f6llu\u00f0<\/span> s\u00fdnir hina miklu einkatr\u00far\u00e6kni p\u00fanverskrar al\u00fe\u00fd\u00f0u.<\/p><p data-nosnippet=\"true\">iWell Guard skr\u00e1ir Tanit sem s\u00f6gulega tr\u00faarfr\u00e6\u00f0ilega pers\u00f3nu \u00e1n tilv\u00edsunar til n\u00fat\u00edma heilunarlofor\u00f0a; T\u00f3fet-framkv\u00e6mdin er \u00ed dag, jafnvel \u00ed fr\u00e6\u00f0ilegri umr\u00e6\u00f0u, a\u00f0eins h\u00e6gt a\u00f0 endurgera s\u00f6guleg s\u00e9\u00f0, ekki a\u00f0 endurtaka.<\/p><p><em>n\u0113der<\/em>-\u00e1letranirnar \u00far T\u00f3fetinu eru mikilv\u00e6g frumheimild fyrir tr\u00faari\u00f0kun Tanit.<\/p><p>\u00de\u00e6r fylgja sta\u00f0la\u00f0ri form\u00falu: &#8216;Til fr\u00faarinnar Tanit, \u00e1sj\u00f3nu Baals, og til herrans Baal-Hammon, \u00fea\u00f0 sem N.N. h\u00e9t, \u00fev\u00ed hann\/h\u00fan\/\u00fea\u00f0 heyr\u00f0i b\u00e6n hans&#8217;. \u00deessi form\u00fala er var\u00f0veitt \u00ed \u00fe\u00fasundum \u00fatg\u00e1fa og telst til best skjalfestu \u00e1letrunarsafna hins forna heims.<\/p>\t\t\t\t\t\t\t\t<\/div>\n\t\t\t\t<\/div>\n\t\t\t\t\t<\/div>\n\t\t\t\t<\/div>\n\t\t<div class=\"elementor-element elementor-element-iwgw-tanit-s6 e-flex e-con-boxed e-con e-parent\" data-id=\"iwgw-tanit-s6\" data-element_type=\"container\" data-e-type=\"container\">\n\t\t\t\t\t<div class=\"e-con-inner\">\n\t\t\t\t<div class=\"elementor-element elementor-element-iwgw-tanit-s6h elementor-widget elementor-widget-heading\" data-id=\"iwgw-tanit-s6h\" data-element_type=\"widget\" data-e-type=\"widget\" data-widget_type=\"heading.default\">\n\t\t\t\t\t<h2 class=\"elementor-heading-title elementor-size-default\">Hli\u00f0st\u00e6\u00f0ur \u00ed \u00f6\u00f0rum menningarheimum<\/h2>\t\t\t\t<\/div>\n\t\t<div class=\"elementor-element elementor-element-iwgw-tanit-s6c e-con-full e-flex e-con e-child\" data-id=\"iwgw-tanit-s6c\" data-element_type=\"container\" data-e-type=\"container\">\n\t\t\t\t<div class=\"elementor-element elementor-element-iwgw-tanit-s6t elementor-widget elementor-widget-text-editor\" data-id=\"iwgw-tanit-s6t\" data-element_type=\"widget\" data-e-type=\"widget\" data-widget_type=\"text-editor.default\">\n\t\t\t\t\t\t\t\t\t<p>Tanit er s\u00f6gulega tengd <a href=\"https:\/\/iwell-guard.com\/is\/?page_id=168971\">Astarte<\/a>, hinni f\u00f6nik\u00edsku Baalat (&#8216;Fr\u00fa&#8217;), hinni mes\u00f3p\u00f3tam\u00edsku I\u0161tar og Atargatis \u00ed hinni s\u00ed\u00f0ari s\u00fdrlensku hef\u00f0. \u00c1 hellen\u00edsk-r\u00f3mverskum t\u00edma var h\u00fan sams\u00f6mu\u00f0 Heru, J\u00fan\u00f3, Artemis Caelestis og Demeter. Mikilv\u00e6gasta samruninn er J\u00fan\u00f3 Caelestis, afr\u00edsk-r\u00f3mversk h\u00f6fu\u00f0gy\u00f0ja r\u00f3mverska keisarat\u00edmans, sem er beint sprottin af Tanit.<\/p><p>Me\u00f0 <a href=\"https:\/\/iwell-guard.com\/is\/?page_id=168964\">Hebat<\/a> \u00far <a href=\"https:\/\/iwell-guard.com\/is\/hettitar-anatolia-tarhunna-vernd\/\">het\u00edtskri hef\u00f0<\/a> deilir Tanit hlutverki \u00e6\u00f0stu kvenkyns r\u00edkisgy\u00f0junnar. Me\u00f0 gr\u00edsku Artemis Ephesia deilir h\u00fan hinu stjarnlega &#8216;himnadrottningar&#8217;-e\u00f0li. Fr\u00e6\u00f0ilega s\u00e9\u00f0 er h\u00fan eitt mikilv\u00e6gasta vi\u00f0fangsefni\u00f0 \u00ed tr\u00faars\u00f6gu vestur-Mi\u00f0jar\u00f0arhafssv\u00e6\u00f0isins \u00e1 <span class=\"iwg-fachbegriff\" data-tooltip=\"Fors\u00f6gulegt t\u00edmabil eftir brons\u00f6ld, einkennt af j\u00e1rnvinnslu.\" tabindex=\"0\">j\u00e1rn\u00f6ld<\/span>.<\/p><p>\u00c1 r\u00f3mverska keisarat\u00edmanum var Tanit-J\u00fan\u00f3 Caelestis \u00e1fram til sta\u00f0ar allt fram \u00e1 4. \u00f6ld e.Kr.; <span class=\"iwg-fachbegriff\" data-tooltip=\"Bygging sem er \u00e6tlu\u00f0 til tilbei\u00f0slu \u00e1 einum e\u00f0a fleiri gu\u00f0um.\" tabindex=\"0\">hof<\/span> hennar \u00ed Kar\u00feag\u00f3 var mikilv\u00e6g tr\u00faarleg mi\u00f0st\u00f6\u00f0 einnig eftir fall p\u00fanverska r\u00edkisins. \u00dea\u00f0 var ekki fyrr en \u00e1 kristinni <span class=\"iwg-fachbegriff\" data-tooltip=\"Umbreytingart\u00edmabil milli fornaldar og mi\u00f0aldar, um 3. til 7. \u00f6ld.\" tabindex=\"0\">s\u00ed\u00f0forn\u00f6ld<\/span> sem endalok hennar ur\u00f0u; \u00c1g\u00fast\u00ednus deilir \u00edtarlega \u00e1 Caelestis-d\u00fdrkunina \u00ed <em>De civitate Dei<\/em> 2.4 sem h\u00e1punkt &#8216;hei\u00f0innar si\u00f0leysingjar&#8217;.<\/p><p>\u00cd numid\u00edskri og m\u00e1retan\u00edskri hef\u00f0 ver\u00f0ur Tanit a\u00f0 millili\u00f0 milli p\u00fanverskrar og l\u00edb\u00fdskrar tr\u00faar; h\u00fan kemur fram \u00e1 berbamerkjum me\u00f0 eigin sta\u00f0bundnum vi\u00f0urnefnum. \u00deessi &#8216;berbav\u00e6\u00f0ing&#8217; Tanit \u00e1 hellen\u00edsk-r\u00f3mverska t\u00edmabilinu er tr\u00faars\u00f6gulega mikilv\u00e6g og fjalla\u00f0 er um hana \u00edtarlega \u00ed ranns\u00f3knum Marcels Le Glay <em>Saturne africain<\/em> (1966).<\/p>\t\t\t\t\t\t\t\t<\/div>\n\t\t\t\t<\/div>\n\t\t\t\t\t<\/div>\n\t\t\t\t<\/div>\n\t\t<div class=\"elementor-element elementor-element-iwgw-tanit-s7 e-flex e-con-boxed e-con e-parent\" data-id=\"iwgw-tanit-s7\" data-element_type=\"container\" data-e-type=\"container\">\n\t\t\t\t\t<div class=\"e-con-inner\">\n\t\t\t\t<div class=\"elementor-element elementor-element-iwgw-tanit-s7h elementor-widget elementor-widget-heading\" data-id=\"iwgw-tanit-s7h\" data-element_type=\"widget\" data-e-type=\"widget\" data-widget_type=\"heading.default\">\n\t\t\t\t\t<h2 class=\"elementor-heading-title elementor-size-default\">N\u00fat\u00edmavi\u00f0t\u00f6kur og ranns\u00f3knir<\/h2>\t\t\t\t<\/div>\n\t\t<div class=\"elementor-element elementor-element-iwgw-tanit-s7c e-con-full e-flex e-con e-child\" data-id=\"iwgw-tanit-s7c\" data-element_type=\"container\" data-e-type=\"container\">\n\t\t\t\t<div class=\"elementor-element elementor-element-iwgw-tanit-s7t elementor-widget elementor-widget-text-editor\" data-id=\"iwgw-tanit-s7t\" data-element_type=\"widget\" data-e-type=\"widget\" data-widget_type=\"text-editor.default\">\n\t\t\t\t\t\t\t\t\t<p>Tanit-ranns\u00f3knir eru \u00ed dag \u00e1 h\u00e1u stigi. Sabatino Moscati, Maria Eugenia Aubet, H\u00e9l\u00e8ne B\u00e9nichou-Safar, Lawrence Stager og Joseph Greene teljast me\u00f0al helstu s\u00e9rfr\u00e6\u00f0inga. \u00c1framhaldandi fornleifauppgr\u00f6ftur \u00ed Kar\u00feag\u00f3, \u00ed Motya og \u00e1 tunis\u00edskum st\u00f6\u00f0um skilar reglulega n\u00fdju efni; verk Roalds Docters um landfr\u00e6\u00f0i Kar\u00feag\u00f3 hafa veri\u00f0 mikilv\u00e6g undanfarin \u00e1r.<\/p><p>\u00cd vins\u00e6lum vi\u00f0t\u00f6kum er Tanit fyrst og fremst \u00feekkt fyrir T\u00f3fet-deiluna; spurningin um barnaf\u00f3rnirnar hefur m\u00f3ta\u00f0 hina almennu skynjun \u00e1 henni mj\u00f6g. \u00cd n\u00fat\u00edma T\u00fanis hefur Tanit sem menningarlegt <span class=\"iwg-fachbegriff\" data-tooltip=\"T\u00e1kn sem stendur fyrir hugmynd e\u00f0a merkingu.\" tabindex=\"0\">t\u00e1kn<\/span> upplifa\u00f0 h\u00f3gv\u00e6ra endurvakningu; &#8216;Tanit-t\u00e1kni\u00f0&#8217; kemur \u00f6\u00f0ru hvoru fram \u00ed t\u00fanis\u00edsku myndm\u00e1li og \u00ed nor\u00f0ur-afr\u00edskri list.<\/p><p>Fr\u00e6\u00f0ilega s\u00e9\u00f0 telst Tanit \u00ed dag mikilv\u00e6gt ranns\u00f3knarefni fyrir p\u00fanverska tr\u00fa, fyrir T\u00f3fet-framkv\u00e6mdina og fyrir tr\u00faars\u00f6gu vestur-Mi\u00f0jar\u00f0arhafssv\u00e6\u00f0isins. N\u00faverandi ranns\u00f3knar\u00e1herslur liggja \u00ed fornleifafr\u00e6\u00f0ilegri greiningu T\u00f3fet-beina, \u00ed myndfr\u00e6\u00f0ilegri s\u00f6gu Tanit-t\u00e1knsins og \u00ed spurningunni um berba\u00fe\u00e1ttinn.<\/p><p>iWell Guard skr\u00e1ir Tanit sem s\u00f6gulegan me\u00f0lim \u00ed <span class=\"iwg-fachbegriff\" data-tooltip=\"Heild gu\u00f0a \u00ed tr\u00faarbr\u00f6g\u00f0um e\u00f0a menningu.\" tabindex=\"0\">go\u00f0aveldi<\/span> en ekki sem n\u00fat\u00edma verndarvi\u00f0takanda. Andlega endurvakning \u00ed n\u00fdhei\u00f0num skilningi er ekki sj\u00e1anleg.<\/p><p>N\u00fdlegar DNA-ranns\u00f3knir \u00e1 T\u00f3fet-beinum, framkv\u00e6mdar undir stj\u00f3rn Patriciu Smith og Gal Avishai, benda til \u00feess a\u00f0 \u00feeir sem grafnir voru \u00ed T\u00f3fetinu hafi a\u00f0 mestu veri\u00f0 n\u00fdf\u00e6dd b\u00f6rn og sm\u00e1b\u00f6rn \u00e1 fyrsta \u00e6vi\u00e1ri, sem er samr\u00fdmanlegt b\u00e6\u00f0i ungbarnadau\u00f0a og helgisi\u00f0af\u00f3rnum.<\/p>\t\t\t\t\t\t\t\t<\/div>\n\t\t\t\t<\/div>\n\t\t\t\t\t<\/div>\n\t\t\t\t<\/div>\n\t\t<div class=\"elementor-element elementor-element-iwgw-tanit-s8 e-flex e-con-boxed e-con e-parent\" data-id=\"iwgw-tanit-s8\" data-element_type=\"container\" data-e-type=\"container\">\n\t\t\t\t\t<div class=\"e-con-inner\">\n\t\t\t\t<div class=\"elementor-element elementor-element-iwgw-tanit-s8h elementor-widget elementor-widget-heading\" data-id=\"iwgw-tanit-s8h\" data-element_type=\"widget\" data-e-type=\"widget\" data-widget_type=\"heading.default\">\n\t\t\t\t\t<h2 class=\"elementor-heading-title elementor-size-default\">Heimildir og b\u00f3kmenntir<\/h2>\t\t\t\t<\/div>\n\t\t<div class=\"elementor-element elementor-element-iwgw-tanit-s8c e-con-full e-flex e-con e-child\" data-id=\"iwgw-tanit-s8c\" data-element_type=\"container\" data-e-type=\"container\">\n\t\t\t\t<div class=\"elementor-element elementor-element-iwgw-tanit-s8t elementor-widget elementor-widget-text-editor\" data-id=\"iwgw-tanit-s8t\" data-element_type=\"widget\" data-e-type=\"widget\" data-widget_type=\"text-editor.default\">\n\t\t\t\t\t\t\t\t\t<p>Eftirfarandi \u00farval dregur saman helstu grunnverkin um Tanit-ranns\u00f3knir. \u00dea\u00f0 n\u00e6r yfir fornleifask\u00fdrslur um T\u00f3feti\u00f0, s\u00f6gulegar samantektir og \u00fatg\u00e1fur \u00e1letrana. Moscati, Aubet og B\u00e9nichou-Safar myndar hinn klass\u00edska <span class=\"iwg-fachbegriff\" data-tooltip=\"S\u00fa safnrit sem vi\u00f0urkennt er sem bindandi safn heilagra rita tr\u00faarbrag\u00f0a.\" tabindex=\"0\">kan\u00f3nu<\/span>; Stager og Greene hinar n\u00fdrri l\u00edffornleifafr\u00e6\u00f0ilegu ranns\u00f3knir. Verk Brians Doaks um f\u00f6nik\u00edska myndb\u00f6nnun (aniconism) veitir hina myndfr\u00e6\u00f0ilegu s\u00fdn.<\/p>\t\t\t\t\t\t\t\t<\/div>\n\t\t\t\t<\/div>\n\t\t\t\t\t<\/div>\n\t\t\t\t<\/div>\n\t\t<div class=\"elementor-element elementor-element-cp2c64876a e-flex e-con-boxed e-con e-parent\" data-id=\"cp2c64876a\" data-element_type=\"container\" data-e-type=\"container\">\n\t\t\t\t\t<div class=\"e-con-inner\">\n\t\t\t\t<div class=\"elementor-element elementor-element-cp2812fdfa elementor-widget elementor-widget-heading\" data-id=\"cp2812fdfa\" data-element_type=\"widget\" data-e-type=\"widget\" data-widget_type=\"heading.default\">\n\t\t\t\t\t<h2 class=\"elementor-heading-title elementor-size-default\">T\u00f3feti\u00f0 \u00ed Kar\u00feag\u00f3 og deilan um barnaf\u00f3rnirnar<\/h2>\t\t\t\t<\/div>\n\t\t<div class=\"elementor-element elementor-element-cp24230163 e-flex e-con-boxed e-con e-child\" data-id=\"cp24230163\" data-element_type=\"container\" data-e-type=\"container\">\n\t\t\t\t\t<div class=\"e-con-inner\">\n\t\t\t\t<div class=\"elementor-element elementor-element-cp237be4e2 elementor-widget elementor-widget-text-editor\" data-id=\"cp237be4e2\" data-element_type=\"widget\" data-e-type=\"widget\" data-widget_type=\"text-editor.default\">\n\t\t\t\t\t\t\t\t\t<p>F\u00e1tt \u00ed tr\u00faars\u00f6gu F\u00f6nik\u00edumanna og P\u00fanverja er svo umdeilt sem T\u00f3feti\u00f0 \u00ed Kar\u00feag\u00f3, sv\u00e6\u00f0i sunnan vi\u00f0 borgina \u00fear sem um aldir voru grafnar duftker me\u00f0 brenndum beinum sm\u00e1barna og ungra d\u00fdra.<\/p><p>Yfir kerunum st\u00f3\u00f0u oft steinsteinar (stelur) me\u00f0 v\u00edgslu\u00e1letrunum, margar \u00feeirra \u00e1varpa\u00f0ar til Tanit og Baal Hammon. Sta\u00f0urinn var grafinn upp fr\u00e1 \u00e1rinu 1921 og f\u00e9kk nafni\u00f0 T\u00f3fet eftir bibl\u00edulegu sta\u00f0arheiti.<\/p><p>H\u00f6fundar fr\u00e1 <span class=\"iwg-fachbegriff\" data-tooltip=\"T\u00edmabil gr\u00edskrar og r\u00f3mverskrar menningar, um 800 f.Kr. til 600 e.Kr.\" tabindex=\"0\">forn\u00f6ld<\/span> eins og Diodorus Siculus og Pl\u00fatarkos greina fr\u00e1 barnaf\u00f3rnum Kar\u00feag\u00f3b\u00faa til Kr\u00f3nosar, en me\u00f0 \u00fev\u00ed \u00e1tti \u00feeir vi\u00f0 Baal Hammon. \u00deetta var lengi tali\u00f0 s\u00f6nnun fyrir grimmilegri p\u00fanverskri i\u00f0kun.<\/p><p>Fr\u00e1 og me\u00f0 1980 hafa fr\u00e6\u00f0imenn eins og Sabatino Moscati og s\u00ed\u00f0ar h\u00f3pur undir forystu Jeffrey Schwartz dregi\u00f0 \u00feessa t\u00falkun \u00ed efa. \u00deeir v\u00edsu\u00f0u til hins h\u00e1a ungbarnadau\u00f0a \u00e1 <span class=\"iwg-fachbegriff\" data-tooltip=\"T\u00edmabil gr\u00edskrar og r\u00f3mverskrar menningar, um 800 f.Kr. til 600 e.Kr.\" tabindex=\"0\">forn\u00f6ld<\/span> og l\u00f6g\u00f0u til a\u00f0 T\u00f3feti\u00f0 yr\u00f0i sko\u00f0a\u00f0 sem grafreitur fyrir b\u00f6rn sem hef\u00f0u l\u00e1tist af \u00f6\u00f0rum ors\u00f6kum.<\/p><p>Andst\u00e6\u00f0 sko\u00f0un, sett fram me\u00f0al annars af Paolo Xella og \u00ed ranns\u00f3kn \u00ed t\u00edmaritinu <em>Antiquity<\/em> fr\u00e1 \u00e1rinu 2014, heldur fast vi\u00f0 f\u00f3rnart\u00falkunina. H\u00fan byggir \u00e1 v\u00edgslu\u00e1letrunum, sem tala berum or\u00f0um um <span class=\"iwg-fachbegriff\" data-tooltip=\"Formlegt tr\u00faarlegt heit gagnvart gu\u00f0i.\" tabindex=\"0\">heit<\/span>, \u00e1 fjarveru venjulegra greftrana fullor\u00f0inna og \u00e1 beinaaldri sem s\u00fdnir \u00e1kve\u00f0na h\u00f3pun.<\/p><p>M\u00e1lami\u00f0lunarsj\u00f3narmi\u00f0 gerir r\u00e1\u00f0 fyrir a\u00f0 T\u00f3feti\u00f0 hafi teki\u00f0 vi\u00f0 b\u00e6\u00f0i heitf\u00f3rnum og greftrunum barna sem l\u00e9tust \u00e1 unga aldri. Deilan er \u00f3\u00fatklj\u00e1\u00f0. Fyrir Tanit \u00fe\u00fd\u00f0ir \u00feetta a\u00f0 h\u00f6fu\u00f0d\u00fdrkunarsta\u00f0ur hennar er \u00ed senn dekksti og heitast umr\u00e6ddur fundarsta\u00f0ur \u00ed allri <span class=\"iwg-fachbegriff\" data-tooltip=\"Mi\u00f0lun \u00feekkingar og fr\u00e1sagna milli kynsl\u00f3\u00f0a.\" tabindex=\"0\">arfleif\u00f0<\/span> hennar.<\/p>\t\t\t\t\t\t\t\t<\/div>\n\t\t\t\t\t<\/div>\n\t\t\t\t<\/div>\n\t\t\t\t\t<\/div>\n\t\t\t\t<\/div>\n\t\t<div class=\"elementor-element elementor-element-cp22ea3590 e-flex e-con-boxed e-con e-parent\" data-id=\"cp22ea3590\" data-element_type=\"container\" data-e-type=\"container\">\n\t\t\t\t\t<div class=\"e-con-inner\">\n\t\t\t\t<div class=\"elementor-element elementor-element-cp27d5519a elementor-widget elementor-widget-heading\" data-id=\"cp27d5519a\" data-element_type=\"widget\" data-e-type=\"widget\" data-widget_type=\"heading.default\">\n\t\t\t\t\t<h2 class=\"elementor-heading-title elementor-size-default\">T\u00e1kn Tanit<\/h2>\t\t\t\t<\/div>\n\t\t<div class=\"elementor-element elementor-element-cp287e5baf e-flex e-con-boxed e-con e-child\" data-id=\"cp287e5baf\" data-element_type=\"container\" data-e-type=\"container\">\n\t\t\t\t\t<div class=\"e-con-inner\">\n\t\t\t\t<div class=\"elementor-element elementor-element-cp263e6cbc elementor-widget elementor-widget-text-editor\" data-id=\"cp263e6cbc\" data-element_type=\"widget\" data-e-type=\"widget\" data-widget_type=\"text-editor.default\">\n\t\t\t\t\t\t\t\t\t<p>\u00c1 fj\u00f6lm\u00f6rgum p\u00fanverskum steinsteinum, s\u00e9rstaklega fr\u00e1 T\u00f3fetinu \u00ed Kar\u00feag\u00f3, kemur fram einfalt <span class=\"iwg-fachbegriff\" data-tooltip=\"Merki sem t\u00e1knar hugmynd e\u00f0a merkingu.\" tabindex=\"0\">t\u00e1kn<\/span> sem fr\u00e6\u00f0imenn kalla t\u00e1kn Tanit.<\/p><p>\u00dea\u00f0 samanstendur af \u00fer\u00edhorni sem l\u00e1r\u00e9tt sl\u00e1 liggur ofan \u00e1, og fyrir ofan sl\u00e1in er hringur e\u00f0a sk\u00edfa. Oft eru endar sl\u00e1nnar bognir upp, \u00feannig a\u00f0 heildin minnir \u00e1 st\u00edlf\u00e6r\u00f0a manneskju me\u00f0 \u00fatr\u00e9tta arma.<\/p><p>Ekki er samsta\u00f0a um uppruna og n\u00e1kv\u00e6ma merkingu t\u00e1knsins. Sumir sj\u00e1 \u00ed \u00fev\u00ed sk\u00fdringarmynd af gy\u00f0junni sj\u00e1lfri, a\u00f0rir <span class=\"iwg-fachbegriff\" data-tooltip=\"Merki sem t\u00e1knar hugmynd e\u00f0a merkingu.\" tabindex=\"0\">t\u00e1kn<\/span> sem \u00fer\u00f3a\u00f0ist \u00fat fr\u00e1 egypska l\u00edfst\u00e1kninu ankh, og enn a\u00f0rir samsetningu af <span class=\"iwg-fachbegriff\" data-tooltip=\"Upph\u00e6kka\u00f0ur sta\u00f0ur e\u00f0a bor\u00f0 fyrir f\u00f3rnir og tr\u00faarathafnir.\" tabindex=\"0\">altari<\/span>, f\u00f3rnaranda og s\u00f3lsk\u00edfu.<\/p><p>Eldra heiti\u00f0 Tanit-t\u00e1kn er a\u00f0 \u00fev\u00ed leyti vandkv\u00e6\u00f0um bundi\u00f0 a\u00f0 <span class=\"iwg-fachbegriff\" data-tooltip=\"Merki sem t\u00e1knar hugmynd e\u00f0a merkingu.\" tabindex=\"0\">t\u00e1kni\u00f0<\/span> kemur einnig fram \u00e1 steinsteinum sem eru einungis \u00e1varpa\u00f0ir til Baal Hammon, og er \u00fev\u00ed ekki bundi\u00f0 eing\u00f6ngu vi\u00f0 gy\u00f0juna.<\/p><p>T\u00e1kni\u00f0 er \u00fatbreitt fyrst og fremst \u00e1 vestanver\u00f0u Mi\u00f0jar\u00f0arhafssv\u00e6\u00f0inu, \u00ed Kar\u00feag\u00f3, \u00e1 Sardin\u00edu, Sikiley og \u00ed Nor\u00f0ur-Afr\u00edku, og \u00fear a\u00f0allega fr\u00e1 og me\u00f0 5. \u00f6ld fyrir okkar t\u00edmatal. \u00c1 f\u00f6nik\u00edska heimalandinu er \u00fea\u00f0 mun sjaldg\u00e6fara. \u00dea\u00f0 bendir til a\u00f0 h\u00e9r s\u00e9 um s\u00e9rstaklega p\u00fanverska, \u00fe.e. vestur-f\u00f6nik\u00edska \u00fer\u00f3un a\u00f0 r\u00e6\u00f0a.<\/p><p>Oft stendur \u00fea\u00f0 \u00e1samt \u00f6\u00f0rum t\u00e1knum, eins og tunglsig\u00f0 sem opnast upp \u00e1 vi\u00f0, sk\u00edfu e\u00f0a upplyftri hendi. T\u00e1knasamsetningarnar eru \u00ed fr\u00e6\u00f0unum lesnar sem tr\u00faarlegt myndm\u00e1l, en n\u00e1kv\u00e6m m\u00e1lfr\u00e6\u00f0i \u00feess er enn ekki fullkomlega r\u00e1\u00f0in. T\u00e1kn Tanit er \u00feannig eitt af \u00feekktustu og jafnframt r\u00e1\u00f0g\u00e1tufyllstu t\u00e1knum p\u00fanverska heimsins.<\/p>\t\t\t\t\t\t\t\t<\/div>\n\t\t\t\t\t<\/div>\n\t\t\t\t<\/div>\n\t\t\t\t\t<\/div>\n\t\t\t\t<\/div>\n\t\t<div class=\"elementor-element elementor-element-cp26bfe79d e-flex e-con-boxed e-con e-parent\" data-id=\"cp26bfe79d\" data-element_type=\"container\" data-e-type=\"container\">\n\t\t\t\t\t<div class=\"e-con-inner\">\n\t\t\t\t<div class=\"elementor-element elementor-element-cp25c24eeb elementor-widget elementor-widget-heading\" data-id=\"cp25c24eeb\" data-element_type=\"widget\" data-e-type=\"widget\" data-widget_type=\"heading.default\">\n\t\t\t\t\t<h2 class=\"elementor-heading-title elementor-size-default\">Tanit pene Baal og samband hennar vi\u00f0 Baal Hammon<\/h2>\t\t\t\t<\/div>\n\t\t<div class=\"elementor-element elementor-element-cp2972f679 e-flex e-con-boxed e-con e-child\" data-id=\"cp2972f679\" data-element_type=\"container\" data-e-type=\"container\">\n\t\t\t\t\t<div class=\"e-con-inner\">\n\t\t\t\t<div class=\"elementor-element elementor-element-cp2bde9374 elementor-widget elementor-widget-text-editor\" data-id=\"cp2bde9374\" data-element_type=\"widget\" data-e-type=\"widget\" data-widget_type=\"text-editor.default\">\n\t\t\t\t\t\t\t\t\t<p>\u00cd p\u00fanverskum v\u00edgslu\u00e1letrunum kemur Tanit n\u00e6r alltaf fram \u00ed fastri tengingu vi\u00f0 Baal Hammon, og oftast \u00feannig a\u00f0 gy\u00f0jan er nefnd fyrst, s\u00ed\u00f0an gu\u00f0inn.<\/p><p>Algengt <span class=\"iwg-fachbegriff\" data-tooltip=\"Fastur vi\u00f0urnefni sem einkennir gu\u00f0 e\u00f0a go\u00f0m\u00f6gna\u00f0a veru.\" tabindex=\"0\">vi\u00f0urnefni<\/span> er <em>tnt pn b\u02bfl<\/em>, lesi\u00f0 Tanit pene Baal, sem \u00fe\u00fdtt er sem Tanit, \u00e1sj\u00f3na Baals. N\u00e1kv\u00e6m merking \u00feessa or\u00f0asambands er umdeild.<\/p><p>Ein t\u00falkun skilur <span class=\"iwg-fachbegriff\" data-tooltip=\"Fastur vi\u00f0urnefni sem einkennir gu\u00f0 e\u00f0a go\u00f0m\u00f6gna\u00f0a veru.\" tabindex=\"0\">vi\u00f0urnefni\u00f0<\/span> r\u00famfr\u00e6\u00f0ilega e\u00f0a \u00ed d\u00fdrkunarlegu samhengi: Tanit s\u00e9 s\u00fa sem stendur fyrir augliti Baals, \u00fe.e. sem millistig e\u00f0a hin hli\u00f0 gu\u00f0sins sem sn\u00fdr til f\u00f3lks.<\/p><p>\u00d6nnur lestur s\u00e9r \u00ed \u00feessu gu\u00f0fr\u00e6\u00f0ilega sta\u00f0h\u00e6fingu, \u00fear sem Tanit er hin s\u00fdnilega, a\u00f0gengilega birtingarmynd hins annars fjarl\u00e6ga Baal Hammon. Enn a\u00f0rir bera saman vi\u00f0 bibl\u00edulega hugmyndina um \u00e1sj\u00f3nu Gu\u00f0s.<\/p><p>Athyglisvert er a\u00f0 gy\u00f0jan stendur oft \u00e1 undan karlkyns gu\u00f0inum \u00ed \u00e1letrunum, sem er \u00f3venjulegt \u00ed Austurl\u00f6ndum n\u00e6r til forna og gefur Tanit \u00e1berandi st\u00f6\u00f0u \u00ed p\u00fanverskum <span class=\"iwg-fachbegriff\" data-tooltip=\"\u00d6ll tr\u00faarleg tilbei\u00f0sluath\u00f6fn fyrir gu\u00f0 e\u00f0a heilaga veru.\" tabindex=\"0\">helgisi\u00f0um<\/span>. \u00c1 f\u00f6nik\u00edska heimalandinu er Tanit \u00fear \u00e1 m\u00f3ti varla \u00feekkt; ein fyrsta heimild um hana kemur fr\u00e1 Sarepta, en a\u00f0 \u00f6\u00f0ru leyti er h\u00fan fyrst og fremst gy\u00f0ja vestursins.<\/p><p>Sumir fr\u00e6\u00f0imenn, \u00fear \u00e1 me\u00f0al Edward Lipi\u0144ski, tengja Tanit vi\u00f0 himingy\u00f0juna <a href=\"https:\/\/iwell-guard.com\/is\/?page_id=168971\">Astarte<\/a> e\u00f0a sj\u00e1 \u00ed henni vestr\u00e6na birtingarmynd s\u00f6mu veru. Heimildirnar leyfa ekki endanlega \u00e1lyktun \u00ed \u00feessu efni. \u00dea\u00f0 eina sem er \u00f6ruggt er a\u00f0 pari\u00f0 Tanit og Baal Hammon var \u00ed mi\u00f0ju kar\u00feag\u00f3skrar r\u00edkistr\u00faar og var \u00e1varpa\u00f0 saman \u00ed \u00fe\u00fasundum \u00e1letrana.<\/p>\t\t\t\t\t\t\t\t<\/div>\n\t\t\t\t\t<\/div>\n\t\t\t\t<\/div>\n\t\t\t\t\t<\/div>\n\t\t\t\t<\/div>\n\t\t<div class=\"elementor-element elementor-element-cp215f657c e-flex e-con-boxed e-con e-parent\" data-id=\"cp215f657c\" data-element_type=\"container\" data-e-type=\"container\">\n\t\t\t\t\t<div class=\"e-con-inner\">\n\t\t\t\t<div class=\"elementor-element elementor-element-cp2952118e elementor-widget elementor-widget-heading\" data-id=\"cp2952118e\" data-element_type=\"widget\" data-e-type=\"widget\" data-widget_type=\"heading.default\">\n\t\t\t\t\t<h2 class=\"elementor-heading-title elementor-size-default\">Tanit eftir fall Kar\u00feag\u00f3<\/h2>\t\t\t\t<\/div>\n\t\t<div class=\"elementor-element elementor-element-cp25c8d7c8 e-flex e-con-boxed e-con e-child\" data-id=\"cp25c8d7c8\" data-element_type=\"container\" data-e-type=\"container\">\n\t\t\t\t\t<div class=\"e-con-inner\">\n\t\t\t\t<div class=\"elementor-element elementor-element-cp2ac38a6b elementor-widget elementor-widget-text-editor\" data-id=\"cp2ac38a6b\" data-element_type=\"widget\" data-e-type=\"widget\" data-widget_type=\"text-editor.default\">\n\t\t\t\t\t\t\t\t\t<p>Ey\u00f0ing Kar\u00feag\u00f3 af hendi R\u00f3mverja \u00e1ri\u00f0 146 fyrir upphaf t\u00edmatals okkar batt enda \u00e1 r\u00edkisvald p\u00fanverja, en ekki \u00e1 <span class=\"iwg-fachbegriff\" data-tooltip=\"Heildarsvi\u00f0 tr\u00faarlegra tilbei\u00f0sluathafna sem t\u00ed\u00f0kast \u00ed kringum gu\u00f0 e\u00f0a heilaga v\u00e6ttu.\" tabindex=\"0\">d\u00fdrkun<\/span> Tanit. \u00cd r\u00f3mversku skattlandinu Africa lif\u00f0i gy\u00f0jan \u00e1fram undir n\u00fdju nafni.<\/p><p>H\u00fan var sams\u00f6mu\u00f0 r\u00f3mversku himingy\u00f0junni og tilbe\u00f0in sem <em>Juno Caelestis<\/em> e\u00f0a einfaldlega Caelestis. Septimius Severus, sem sj\u00e1lfur var fr\u00e1 Nor\u00f0ur-Afr\u00edku, og \u00e6tt hans efldu \u00feessa <span class=\"iwg-fachbegriff\" data-tooltip=\"Heildarsvi\u00f0 tr\u00faarlegra tilbei\u00f0sluathafna sem t\u00ed\u00f0kast \u00ed kringum gu\u00f0 e\u00f0a heilaga v\u00e6ttu.\" tabindex=\"0\">d\u00fdrkun<\/span>, sem \u00e1 2. og 3. \u00f6ld okkar t\u00edmatals fann \u00e1hangendur um allt skattlandi\u00f0 og v\u00ed\u00f0ar.<\/p><p>Samfellan er ekki einungis nafnasams\u00f6mun. \u00cd Kar\u00feag\u00f3 sj\u00e1lfri reis miki\u00f0 <span class=\"iwg-fachbegriff\" data-tooltip=\"Heilagur sta\u00f0ur sem er helga\u00f0ur tilbei\u00f0slu gu\u00f0s.\" tabindex=\"0\">helgista\u00f0ur<\/span> Caelestis \u00e1 sv\u00e6\u00f0i hinnar fornu p\u00fanversku d\u00fdrkunar. \u00c1letranir og heitgjafir s\u00fdna a\u00f0 tilbei\u00f0slan h\u00e9lst \u00f3slitin um aldir, jafnvel \u00fe\u00f3tt tr\u00faarm\u00e1li\u00f0 breyttist \u00far p\u00fanversku yfir \u00ed lat\u00ednu.<\/p><p>\u00dea\u00f0 var ekki fyrr en kristnin kom til a\u00f0 h\u00fan \u00fatr\u00fdmdi <span class=\"iwg-fachbegriff\" data-tooltip=\"Heildarsvi\u00f0 tr\u00faarlegra tilbei\u00f0sluathafna sem t\u00ed\u00f0kast \u00ed kringum gu\u00f0 e\u00f0a heilaga v\u00e6ttu.\" tabindex=\"0\">d\u00fdrkuninni<\/span> a\u00f0 fullu. Kirkjufe\u00f0ur fr\u00e1 Nor\u00f0ur-Afr\u00edku, fremstur me\u00f0al \u00feeirra \u00c1g\u00fast\u00ednus fr\u00e1 Hippo, deildu hart \u00e1 Caelestis sem hei\u00f0na himingy\u00f0ju. \u00c1 fyrri hluta 5. aldar var <span class=\"iwg-fachbegriff\" data-tooltip=\"Bygging sem er helgun tilbei\u00f0slu einnar e\u00f0a fleiri gu\u00f0a.\" tabindex=\"0\">hofi<\/span> hennar \u00ed Kar\u00feag\u00f3 loka\u00f0.<\/p><p>Tr\u00faars\u00f6gulegt mikilv\u00e6gi \u00feessarar l\u00f6ngu eftirs\u00f6gu felst \u00ed \u00fev\u00ed a\u00f0 h\u00fan s\u00fdnir hve l\u00edfseig a\u00f0algy\u00f0ja getur veri\u00f0, jafnvel \u00feegar hi\u00f0 stj\u00f3rnm\u00e1lalega r\u00edki sem bar uppi <span class=\"iwg-fachbegriff\" data-tooltip=\"Heildarsvi\u00f0 tr\u00faarlegra tilbei\u00f0sluathafna sem t\u00ed\u00f0kast \u00ed kringum gu\u00f0 e\u00f0a heilaga v\u00e6ttu.\" tabindex=\"0\">d\u00fdrkun<\/span> hennar var l\u00f6ngu horfi\u00f0.<\/p><p>Tanit hvarf ekki me\u00f0 Kar\u00feag\u00f3 heldur breytti mynd sinni og lif\u00f0i \u00e1fram undir r\u00f3mversku nafni \u00ed h\u00e1lfa \u00e1r\u00fe\u00fasund til vi\u00f0b\u00f3tar, \u00e1\u00f0ur en h\u00fan hvarf \u00far tr\u00faarl\u00edfi Nor\u00f0ur-Afr\u00edku.<\/p>\t\t\t\t\t\t\t\t<\/div>\n\t\t\t\t\t<\/div>\n\t\t\t\t<\/div>\n\t\t\t\t\t<\/div>\n\t\t\t\t<\/div>\n\t\t<div class=\"elementor-element elementor-element-iwgw-tanit-lit e-flex e-con-boxed e-con e-parent\" data-id=\"iwgw-tanit-lit\" data-element_type=\"container\" data-e-type=\"container\">\n\t\t\t\t\t<div class=\"e-con-inner\">\n\t\t\t\t<div class=\"elementor-element elementor-element-iwgw-tanit-lith elementor-widget elementor-widget-heading\" data-id=\"iwgw-tanit-lith\" data-element_type=\"widget\" data-e-type=\"widget\" data-widget_type=\"heading.default\">\n\t\t\t\t\t<h2 class=\"elementor-heading-title elementor-size-default\">Heimildir (\u00farval)<\/h2>\t\t\t\t<\/div>\n\t\t<div class=\"elementor-element elementor-element-iwgw-tanit-litc e-con-full e-flex e-con e-child\" data-id=\"iwgw-tanit-litc\" data-element_type=\"container\" data-e-type=\"container\">\n\t\t\t\t<div class=\"elementor-element elementor-element-iwgw-tanit-litt elementor-widget elementor-widget-text-editor\" data-id=\"iwgw-tanit-litt\" data-element_type=\"widget\" data-e-type=\"widget\" data-widget_type=\"text-editor.default\">\n\t\t\t\t\t\t\t\t\t<ul><li>Sabatino Moscati: <em>Il mondo dei Fenici<\/em> (Milano 1966)<\/li><li>Maria Eugenia Aubet: <em>The Phoenicians and the West<\/em> (Cambridge 2001)<\/li><li>H\u00e9l\u00e8ne B\u00e9nichou-Safar: <em>Le tophet de Salammb\u00f4 \u00e0 Carthage<\/em> (Rom 2004)<\/li><li>Lawrence Stager \/ Joseph Greene: \u00ed <em>Studies in the Archaeology of Israel and Neighboring Lands<\/em> (Atlanta 2000)<\/li><li>Charles Krahmalkov: <em>A Phoenician-Punic Grammar<\/em> (Leiden 2001)<\/li><li>Brian Doak: <em>Phoenician Aniconism in its Mediterranean and Ancient Near Eastern Contexts<\/em> (Atlanta 2015)<\/li><\/ul>\t\t\t\t\t\t\t\t<\/div>\n\t\t\t\t<\/div>\n\t\t\t\t\t<\/div>\n\t\t\t\t<\/div>\n\t\t<div class=\"elementor-element elementor-element-iwgkw2-add-tanit e-flex e-con-boxed e-con e-parent\" data-id=\"iwgkw2-add-tanit\" data-element_type=\"container\" data-e-type=\"container\">\n\t\t\t\t\t<div class=\"e-con-inner\">\n\t\t\t\t<div class=\"elementor-element elementor-element-iwgkw2-add-tanit-t elementor-widget elementor-widget-text-editor\" data-id=\"iwgkw2-add-tanit-t\" data-element_type=\"widget\" data-e-type=\"widget\" data-widget_type=\"text-editor.default\">\n\t\t\t\t\t\t\t\t\t<p>Tanit er p\u00fanversk-<em>kar\u00feag\u00edsk<\/em> \u00e6\u00f0sta gy\u00f0ja og f\u00e9lagi Baal Hammons, en t\u00e1kn hennar, \u00fer\u00edhyrningur me\u00f0 \u00feversl\u00e1 og s\u00f3lsk\u00edfu, er var\u00f0veitt \u00e1 fj\u00f6lda stela \u00ed T\u00f3fetinu \u00ed Kar\u00feag\u00f3.<\/p>\t\t\t\t\t\t\t\t<\/div>\n\t\t\t\t\t<\/div>\n\t\t\t\t<\/div>\n\t\t<div class=\"elementor-element elementor-element-iwgw-tanit-kwd e-flex e-con-boxed e-con e-parent\" data-id=\"iwgw-tanit-kwd\" data-element_type=\"container\" data-e-type=\"container\">\n\t\t\t\t\t<div class=\"e-con-inner\">\n\t\t<div class=\"elementor-element elementor-element-iwgw-tanit-kwdc e-con-full e-flex e-con e-child\" data-id=\"iwgw-tanit-kwdc\" data-element_type=\"container\" data-e-type=\"container\">\n\t\t\t\t<div class=\"elementor-element elementor-element-iwgw-tanit-kwdt elementor-widget elementor-widget-text-editor\" data-id=\"iwgw-tanit-kwdt\" data-element_type=\"widget\" data-e-type=\"widget\" data-widget_type=\"text-editor.default\">\n\t\t\t\t\t\t\t\t\t<p><em>Tengd leitaror\u00f0: Tanit Kar\u00feag\u00f3 F\u00f6nik\u00edumenn T\u00f3fet Baal-Hammon Juno Caelestis pene Baal.<\/em><\/p>\t\t\t\t\t\t\t\t<\/div>\n\t\t\t\t<\/div>\n\t\t\t\t\t<\/div>\n\t\t\t\t<\/div>\n\t\t<div class=\"elementor-element elementor-element-iwgw-tanit-cc e-flex e-con-boxed e-con e-parent\" data-id=\"iwgw-tanit-cc\" data-element_type=\"container\" data-e-type=\"container\" id=\"iwg-cc-tanit\">\n\t\t\t\t\t<div class=\"e-con-inner\">\n\t\t<div class=\"elementor-element elementor-element-iwgw-tanit-ccinner e-flex e-con-boxed e-con e-parent\" data-id=\"iwgw-tanit-ccinner\" data-element_type=\"container\" data-e-type=\"container\" data-settings=\"{&quot;background_background&quot;:&quot;classic&quot;}\">\n\t\t\t\t\t<div class=\"e-con-inner\">\n\t\t\t\t<div class=\"elementor-element elementor-element-iwgw-tanit-cch elementor-widget elementor-widget-heading\" data-id=\"iwgw-tanit-cch\" data-element_type=\"widget\" data-e-type=\"widget\" data-widget_type=\"heading.default\">\n\t\t\t\t\t<h2 class=\"elementor-heading-title elementor-size-default\">iWell Guard og verndarhef\u00f0ir<\/h2>\t\t\t\t<\/div>\n\t\t\t\t<div class=\"elementor-element elementor-element-iwgw-tanit-cct elementor-widget elementor-widget-text-editor\" data-id=\"iwgw-tanit-cct\" data-element_type=\"widget\" data-e-type=\"widget\" data-widget_type=\"text-editor.default\">\n\t\t\t\t\t\t\t\t\t<div data-nosnippet=\"true\"><p>iWell Guard tengist menningars\u00f6gulegri hef\u00f0 fyrir verndargripum sem borin eru \u00e1 s\u00e9r, \u00ed hef\u00f0 <a href=\"https:\/\/iwell-guard.com\/is\/fonikiumenn-og-kartago-baal-tanit\/\">F\u00f6nik\u00edumanna<\/a> og margra annarra menningarheima um allan heim. 41 lag, alv\u00f6ru gull, plat\u00edna, silfur, framleitt \u00ed \u00de\u00fdskalandi. 30 daga skilar\u00e9ttur.<\/p><\/div>\t\t\t\t\t\t\t\t<\/div>\n\t\t\t\t<div class=\"elementor-element elementor-element-iwgw-tanit-ccb iwg-cc-button iwg-cc-cta-2026-05-13 elementor-widget elementor-widget-jet-button\" data-id=\"iwgw-tanit-ccb\" data-element_type=\"widget\" data-e-type=\"widget\" data-widget_type=\"jet-button.default\">\n\t\t\t\t<div class=\"elementor-widget-container\">\n\t\t\t\t\t<div class=\"elementor-jet-button jet-elements\"><div class=\"jet-button__container\"><a class=\"jet-button__instance jet-button__instance--icon-left hover-effect-1\" href=\"\/ueber-iwell-guard\/?utm_source=iwell-guard.com&amp;utm_medium=info-box&amp;utm_campaign=wesen-tradition\"><div class=\"jet-button__plane jet-button__plane-normal\"><\/div><div class=\"jet-button__plane jet-button__plane-hover\"><\/div><div class=\"jet-button__state jet-button__state-normal\"><span class=\"jet-button__label\">Meira um iWell Guard<\/span><\/div><div class=\"jet-button__state jet-button__state-hover\"><span class=\"jet-button__label\">Meira um iWell Guard<\/span><\/div><\/a><\/div><\/div><style>.elementor-element.elementor-element-iwgw-tanit-ccb .jet-button__instance{width:320px;height:56px;}.elementor-element.elementor-element-iwgw-tanit-ccb .jet-button__state-normal .jet-button__label{text-align:center;margin:0px 0px 0px 0px;color:#1a1b20;font-family:Montserrat,sans-serif;font-size:13px;font-weight:400;letter-spacing:4px;line-height:1.714em;text-transform:uppercase;}.elementor-element.elementor-element-iwgw-tanit-ccb .jet-button__state-hover .jet-button__label{text-align:center;margin:0px 0px 0px 0px;color:#FECC76;font-family:Montserrat,sans-serif;font-size:13px;font-weight:400;letter-spacing:4px;line-height:1.714em;text-transform:uppercase;}.elementor-element.elementor-element-iwgw-tanit-ccb .jet-button__plane-normal{background-color:#FECC76;border-style:solid;border-color:#C99540;border-width:2px 2px 2px 2px;}.elementor-element.elementor-element-iwgw-tanit-ccb .jet-button__plane-hover{background-color:rgba(0,0,0,0.55);border-style:solid;border-color:#FECC76;border-width:2px 2px 2px 2px;}<\/style>\t\t\t\t<\/div>\n\t\t\t\t<\/div>\n\t\t\t\t<div class=\"elementor-element elementor-element-iwgw-tanit-ccd elementor-widget elementor-widget-text-editor\" data-id=\"iwgw-tanit-ccd\" data-element_type=\"widget\" data-e-type=\"widget\" data-widget_type=\"text-editor.default\">\n\t\t\t\t\t\t\t\t\t<div data-nosnippet=\"true\"><p style=\"text-align:center;font-size:13px;opacity:0.7;margin-top:14px\" data-nosnippet=\"true\">Pers\u00f3nuleg reynsla getur veri\u00f0 mismunandi. Ekki l\u00e6kningat\u00e6ki. Engin lofor\u00f0 um l\u00e6kningu.<\/p><\/div>\t\t\t\t\t\t\t\t<\/div>\n\t\t\t\t\t<\/div>\n\t\t\t\t<\/div>\n\t\t\t\t\t<\/div>\n\t\t\t\t<\/div>\n\t\t<div class=\"elementor-element elementor-element-iwgw-tanit-disc e-flex e-con-boxed e-con e-parent\" data-id=\"iwgw-tanit-disc\" data-element_type=\"container\" data-e-type=\"container\">\n\t\t\t\t\t<div class=\"e-con-inner\">\n\t\t\t\t<div class=\"elementor-element elementor-element-iwgw-tanit-discw elementor-widget elementor-widget-html\" data-id=\"iwgw-tanit-discw\" data-element_type=\"widget\" data-e-type=\"widget\" data-widget_type=\"html.default\">\n\t\t\t\t\t<footer data-nosnippet=\"true\" class=\"iwg-disclaimer-block\"><p data-nosnippet=\"true\">iWell Guard er <strong>ekki l\u00e6kningat\u00e6ki<\/strong> og kemur ekki \u00ed sta\u00f0inn fyrir l\u00e6knis- e\u00f0a s\u00e1lfr\u00e6\u00f0ime\u00f0fer\u00f0. Tr\u00faarfr\u00e6\u00f0ilegt efni er menningars\u00f6gulegt samhengi, ekki r\u00e1\u00f0legging um andlega i\u00f0kun.<\/p><\/footer>\t\t\t\t<\/div>\n\t\t\t\t\t<\/div>\n\t\t\t\t<\/div>\n\t\t\t\t<\/div>\n\t\t","protected":false},"excerpt":{"rendered":"","protected":false},"author":3,"featured_media":2853,"parent":0,"menu_order":0,"comment_status":"closed","ping_status":"closed","template":"elementor_header_footer","meta":{"_yoast_wpseo_focuskw":"Tanit Kar\u00feag\u00f3 F\u00f6nik\u00edumenn","_yoast_wpseo_title":"Tanit \u2013 \u00c6\u00f0sta gy\u00f0ja Kar\u00feag\u00f3, go\u00f0s\u00f6gn, d\u00fdrkun","_yoast_wpseo_metadesc":"Tanit er mikilv\u00e6gasta gy\u00f0ja p\u00fanverska Kar\u00feag\u00f3, \u00e6\u00f0sta r\u00edkisgy\u00f0ja vi\u00f0 hli\u00f0 Baal-Hammons. Tr\u00faarbrag\u00f0afr\u00e6\u00f0ileg \u00fattekt.","_yoast_wpseo_meta-robots-noindex":"","_yoast_wpseo_canonical":"","_angie_page":false,"gefaehrdungsstufe":"3","wesen_kultur":"phoenizisch","wesen_klasse":"goetter","footnotes":""},"categories":[],"class_list":["post-168972","page","type-page","status-publish","has-post-thumbnail","hentry"],"yoast_head":"<!-- This site is optimized with the Yoast SEO Premium plugin v27.7 (Yoast SEO v28.3) - https:\/\/yoast.com\/product\/yoast-seo-premium-wordpress\/ -->\n<title>Tanit \u2013 \u00c6\u00f0sta gy\u00f0ja Kar\u00feag\u00f3, go\u00f0s\u00f6gn, d\u00fdrkun<\/title>\n<meta name=\"description\" content=\"Tanit er mikilv\u00e6gasta gy\u00f0ja p\u00fanverska Kar\u00feag\u00f3, \u00e6\u00f0sta r\u00edkisgy\u00f0ja vi\u00f0 hli\u00f0 Baal-Hammons. Tr\u00faarbrag\u00f0afr\u00e6\u00f0ileg \u00fattekt.\" \/>\n<meta name=\"robots\" content=\"index, follow, max-snippet:-1, max-image-preview:large, max-video-preview:-1\" \/>\n<link rel=\"canonical\" href=\"https:\/\/iwell-guard.com\/is\/tanit-haedsta-gydja-karthago\/\" \/>\n<meta property=\"og:locale\" content=\"is_IS\" \/>\n<meta property=\"og:type\" content=\"article\" \/>\n<meta property=\"og:title\" content=\"Tanit \u2013 \u00c6\u00f0sta gy\u00f0ja Kar\u00feag\u00f3\" \/>\n<meta property=\"og:description\" content=\"Tanit er mikilv\u00e6gasta gy\u00f0ja p\u00fanverska Kar\u00feag\u00f3, \u00e6\u00f0sta r\u00edkisgy\u00f0ja vi\u00f0 hli\u00f0 Baal-Hammons. Tr\u00faarbrag\u00f0afr\u00e6\u00f0ileg \u00fattekt.\" \/>\n<meta property=\"og:url\" content=\"https:\/\/iwell-guard.com\/is\/tanit-haedsta-gydja-karthago\/\" \/>\n<meta property=\"og:site_name\" content=\"iWell Guard\" \/>\n<meta property=\"article:modified_time\" content=\"2026-09-05T14:27:34+00:00\" \/>\n<meta property=\"og:image\" content=\"https:\/\/iwell-guard.com\/wp-content\/uploads\/2026\/05\/goetter_phoenizisch_tanit.webp\" \/>\n\t<meta property=\"og:image:width\" content=\"1024\" \/>\n\t<meta property=\"og:image:height\" content=\"1536\" \/>\n\t<meta property=\"og:image:type\" content=\"image\/webp\" \/>\n<meta name=\"twitter:card\" content=\"summary_large_image\" \/>\n<script type=\"application\/ld+json\" class=\"yoast-schema-graph\">{\"@context\":\"https:\\\/\\\/schema.org\",\"@graph\":[{\"@type\":\"WebPage\",\"@id\":\"https:\\\/\\\/iwell-guard.com\\\/is\\\/tanit-haedsta-gydja-karthago\\\/\",\"url\":\"https:\\\/\\\/iwell-guard.com\\\/is\\\/tanit-haedsta-gydja-karthago\\\/\",\"name\":\"Tanit \u2013 \u00c6\u00f0sta gy\u00f0ja Kar\u00feag\u00f3, go\u00f0s\u00f6gn, d\u00fdrkun\",\"isPartOf\":{\"@id\":\"https:\\\/\\\/iwell-guard.com\\\/is\\\/#website\"},\"primaryImageOfPage\":{\"@id\":\"https:\\\/\\\/iwell-guard.com\\\/is\\\/tanit-haedsta-gydja-karthago\\\/#primaryimage\"},\"image\":{\"@id\":\"https:\\\/\\\/iwell-guard.com\\\/is\\\/tanit-haedsta-gydja-karthago\\\/#primaryimage\"},\"thumbnailUrl\":\"https:\\\/\\\/iwell-guard.com\\\/wp-content\\\/uploads\\\/2026\\\/05\\\/goetter_phoenizisch_tanit.webp\",\"datePublished\":\"2026-09-05T14:04:29+00:00\",\"dateModified\":\"2026-09-05T14:27:34+00:00\",\"description\":\"Tanit er mikilv\u00e6gasta gy\u00f0ja p\u00fanverska Kar\u00feag\u00f3, \u00e6\u00f0sta r\u00edkisgy\u00f0ja vi\u00f0 hli\u00f0 Baal-Hammons. Tr\u00faarbrag\u00f0afr\u00e6\u00f0ileg \u00fattekt.\",\"breadcrumb\":{\"@id\":\"https:\\\/\\\/iwell-guard.com\\\/is\\\/tanit-haedsta-gydja-karthago\\\/#breadcrumb\"},\"inLanguage\":\"is\",\"potentialAction\":[{\"@type\":\"ReadAction\",\"target\":[\"https:\\\/\\\/iwell-guard.com\\\/is\\\/tanit-haedsta-gydja-karthago\\\/\"]}]},{\"@type\":\"ImageObject\",\"inLanguage\":\"is\",\"@id\":\"https:\\\/\\\/iwell-guard.com\\\/is\\\/tanit-haedsta-gydja-karthago\\\/#primaryimage\",\"url\":\"https:\\\/\\\/iwell-guard.com\\\/wp-content\\\/uploads\\\/2026\\\/05\\\/goetter_phoenizisch_tanit.webp\",\"contentUrl\":\"https:\\\/\\\/iwell-guard.com\\\/wp-content\\\/uploads\\\/2026\\\/05\\\/goetter_phoenizisch_tanit.webp\",\"width\":1024,\"height\":1536,\"caption\":\"Gu\u00f0ir \u00far f\u00f6nik\u00edskri hef\u00f0.\"},{\"@type\":\"BreadcrumbList\",\"@id\":\"https:\\\/\\\/iwell-guard.com\\\/is\\\/tanit-haedsta-gydja-karthago\\\/#breadcrumb\",\"itemListElement\":[{\"@type\":\"ListItem\",\"position\":1,\"name\":\"Start\",\"item\":\"https:\\\/\\\/iwell-guard.com\\\/is\\\/?page_id=168580\"},{\"@type\":\"ListItem\",\"position\":2,\"name\":\"Tanit \u2013 \u00c6\u00f0sta gy\u00f0ja Kar\u00feag\u00f3\"}]},{\"@type\":\"WebSite\",\"@id\":\"https:\\\/\\\/iwell-guard.com\\\/is\\\/#website\",\"url\":\"https:\\\/\\\/iwell-guard.com\\\/is\\\/\",\"name\":\"iWell Guard\",\"description\":\"Schutz vor dunklen Einfl\u00fcssen\",\"publisher\":{\"@id\":\"https:\\\/\\\/iwell-guard.com\\\/is\\\/#organization\"},\"potentialAction\":[{\"@type\":\"SearchAction\",\"target\":{\"@type\":\"EntryPoint\",\"urlTemplate\":\"https:\\\/\\\/iwell-guard.com\\\/is\\\/?s={search_term_string}\"},\"query-input\":{\"@type\":\"PropertyValueSpecification\",\"valueRequired\":true,\"valueName\":\"search_term_string\"}}],\"inLanguage\":\"is\"},{\"@type\":\"Organization\",\"@id\":\"https:\\\/\\\/iwell-guard.com\\\/is\\\/#organization\",\"name\":\"Ittermann electronic GmbH\",\"url\":\"https:\\\/\\\/iwell-guard.com\\\/is\\\/\",\"logo\":{\"@type\":\"ImageObject\",\"inLanguage\":\"is\",\"@id\":\"https:\\\/\\\/iwell-guard.com\\\/is\\\/#\\\/schema\\\/logo\\\/image\\\/\",\"url\":\"https:\\\/\\\/iwell-guard.com\\\/wp-content\\\/uploads\\\/2026\\\/05\\\/Ittermann-Logo-1182x237-1.png\",\"contentUrl\":\"https:\\\/\\\/iwell-guard.com\\\/wp-content\\\/uploads\\\/2026\\\/05\\\/Ittermann-Logo-1182x237-1.png\",\"width\":1182,\"height\":237,\"caption\":\"Ittermann electronic GmbH\"},\"image\":{\"@id\":\"https:\\\/\\\/iwell-guard.com\\\/is\\\/#\\\/schema\\\/logo\\\/image\\\/\"},\"sameAs\":[\"https:\\\/\\\/pantip.com\\\/profile\\\/9367242\",\"https:\\\/\\\/micro.blog\\\/iwellguard\",\"https:\\\/\\\/www.diggerslist.com\\\/iwellguard\\\/about\",\"https:\\\/\\\/skitterphoto.com\\\/photographers\\\/2870314\\\/iwell-guard\",\"https:\\\/\\\/iwellguard.wordpress.com\\\/2026\\\/06\\\/06\\\/iwell-guard\\\/\",\"https:\\\/\\\/hub.docker.com\\\/u\\\/iwellguard\",\"https:\\\/\\\/www.pinterest.com\\\/iwellguard\\\/\",\"https:\\\/\\\/bit.ly\\\/m\\\/iwellguard\",\"https:\\\/\\\/entre-vos-mains.alsace.eu\\\/profiles\\\/iwellguard\\\/activity\",\"https:\\\/\\\/gravatar.com\\\/reallybeded8fd34\",\"https:\\\/\\\/naijamatta.com\\\/iwellguard\",\"https:\\\/\\\/www.goodreads.com\\\/iwellguard\",\"https:\\\/\\\/profile.hatena.ne.jp\\\/iwellguard\\\/\",\"https:\\\/\\\/experiment.com\\\/users\\\/iwellguard\",\"https:\\\/\\\/wakelet.com\\\/@iWellGuard82270\",\"https:\\\/\\\/www.chordie.com\\\/forum\\\/profile.php?id=2555664\",\"https:\\\/\\\/www.instapaper.com\\\/p\\\/17757966\",\"https:\\\/\\\/www.mapleprimes.com\\\/users\\\/iwellguard\",\"https:\\\/\\\/businesslistingplus.com\\\/profile\\\/iwell-guard\\\/\",\"https:\\\/\\\/telegra.ph\\\/iWell-Guard-06-06\",\"https:\\\/\\\/pbase.com\\\/iwellguard\\\/iwellguard\",\"https:\\\/\\\/b.hatena.ne.jp\\\/iwellguard\\\/20260607#bookmark-4788405196491818882\",\"https:\\\/\\\/fliphtml5.com\\\/home\\\/iwellguard\",\"https:\\\/\\\/anyflip.com\\\/homepage\\\/cmiwl#About\",\"https:\\\/\\\/transfur.com\\\/Users\\\/iwellguard\",\"http:\\\/\\\/delphi.larsbo.org\\\/user\\\/iwellguard\",\"https:\\\/\\\/jobs.lajobsportal.org\\\/profiles\\\/8380803-iwell-guard\",\"https:\\\/\\\/md.chaosdorf.de\\\/s\\\/jfbe5SBdJD\",\"https:\\\/\\\/www.lingvolive.com\\\/en-us\\\/profile\\\/9ecaeaca-ce11-4e51-9e71-01d55e2bff36\\\/translations\",\"https:\\\/\\\/www.fitday.com\\\/fitness\\\/forums\\\/members\\\/iwellguard.html\",\"https:\\\/\\\/www.mymeetbook.com\\\/iwellguard\",\"https:\\\/\\\/pxhere.com\\\/en\\\/photographer-me\\\/5040798\",\"https:\\\/\\\/disqus.com\\\/by\\\/iwellguard\\\/about\\\/\",\"https:\\\/\\\/pastelink.net\\\/hjwciqwq\",\"https:\\\/\\\/pubhtml5.com\\\/homepage\\\/scjhn\\\/\",\"https:\\\/\\\/www.bitchute.com\\\/channel\\\/2O2eOKzNqujT\",\"https:\\\/\\\/audiomack.com\\\/iwellguard\"]},{\"@type\":\"Article\",\"@id\":\"https:\\\/\\\/iwell-guard.com\\\/is\\\/tanit-haedsta-gydja-karthago\\\/#article\",\"isPartOf\":{\"@id\":\"https:\\\/\\\/iwell-guard.com\\\/is\\\/tanit-haedsta-gydja-karthago\\\/\"},\"author\":{\"name\":\"Ralf Ittermann\",\"@id\":\"https:\\\/\\\/iwell-guard.com\\\/is\\\/#\\\/schema\\\/person\\\/ee2a27f1cac3406c7c6fb5820cb7349f\"},\"headline\":\"Tanit \u2013 \u00c6\u00f0sta gy\u00f0ja Kar\u00feag\u00f3\",\"datePublished\":\"2026-09-05T14:04:29+00:00\",\"dateModified\":\"2026-09-05T14:27:34+00:00\",\"mainEntityOfPage\":{\"@id\":\"https:\\\/\\\/iwell-guard.com\\\/is\\\/tanit-haedsta-gydja-karthago\\\/\"},\"publisher\":{\"@id\":\"https:\\\/\\\/iwell-guard.com\\\/is\\\/#organization\"},\"image\":{\"@id\":\"https:\\\/\\\/iwell-guard.com\\\/is\\\/tanit-haedsta-gydja-karthago\\\/#primaryimage\"},\"thumbnailUrl\":\"https:\\\/\\\/iwell-guard.com\\\/wp-content\\\/uploads\\\/2026\\\/05\\\/goetter_phoenizisch_tanit.webp\",\"inLanguage\":\"is\",\"description\":\"Tanit er mikilv\u00e6gasta gy\u00f0ja p\u00fanverska Kar\u00feag\u00f3, \u00e6\u00f0sta r\u00edkisgy\u00f0ja vi\u00f0 hli\u00f0 Baal-Hammons. Tr\u00faarbrag\u00f0afr\u00e6\u00f0ileg \u00fattekt.\"}]}<\/script>\n<!-- \/ Yoast SEO Premium plugin. -->","yoast_head_json":{"title":"Tanit \u2013 \u00c6\u00f0sta gy\u00f0ja Kar\u00feag\u00f3, go\u00f0s\u00f6gn, d\u00fdrkun","description":"Tanit er mikilv\u00e6gasta gy\u00f0ja p\u00fanverska Kar\u00feag\u00f3, \u00e6\u00f0sta r\u00edkisgy\u00f0ja vi\u00f0 hli\u00f0 Baal-Hammons. Tr\u00faarbrag\u00f0afr\u00e6\u00f0ileg \u00fattekt.","robots":{"index":"index","follow":"follow","max-snippet":"max-snippet:-1","max-image-preview":"max-image-preview:large","max-video-preview":"max-video-preview:-1"},"canonical":"https:\/\/iwell-guard.com\/is\/tanit-haedsta-gydja-karthago\/","og_locale":"is_IS","og_type":"article","og_title":"Tanit \u2013 \u00c6\u00f0sta gy\u00f0ja Kar\u00feag\u00f3","og_description":"Tanit er mikilv\u00e6gasta gy\u00f0ja p\u00fanverska Kar\u00feag\u00f3, \u00e6\u00f0sta r\u00edkisgy\u00f0ja vi\u00f0 hli\u00f0 Baal-Hammons. Tr\u00faarbrag\u00f0afr\u00e6\u00f0ileg \u00fattekt.","og_url":"https:\/\/iwell-guard.com\/is\/tanit-haedsta-gydja-karthago\/","og_site_name":"iWell Guard","article_modified_time":"2026-09-05T14:27:34+00:00","og_image":[{"width":1024,"height":1536,"url":"https:\/\/iwell-guard.com\/wp-content\/uploads\/2026\/05\/goetter_phoenizisch_tanit.webp","type":"image\/webp"}],"twitter_card":"summary_large_image","schema":{"@context":"https:\/\/schema.org","@graph":[{"@type":"Article","@id":"https:\/\/iwell-guard.com\/is\/tanit-haedsta-gydja-karthago\/#article","isPartOf":{"@id":"https:\/\/iwell-guard.com\/is\/tanit-haedsta-gydja-karthago\/"},"author":{"name":"Ralf Ittermann","@id":"https:\/\/iwell-guard.com\/is\/#\/schema\/person\/ee2a27f1cac3406c7c6fb5820cb7349f"},"headline":"Tanit \u2013 \u00c6\u00f0sta gy\u00f0ja Kar\u00feag\u00f3","datePublished":"2026-09-05T14:04:29+00:00","dateModified":"2026-09-05T14:27:34+00:00","mainEntityOfPage":{"@id":"https:\/\/iwell-guard.com\/is\/tanit-haedsta-gydja-karthago\/"},"publisher":{"@id":"https:\/\/iwell-guard.com\/is\/#organization"},"image":{"@id":"https:\/\/iwell-guard.com\/is\/tanit-haedsta-gydja-karthago\/#primaryimage"},"thumbnailUrl":"https:\/\/iwell-guard.com\/wp-content\/uploads\/2026\/05\/goetter_phoenizisch_tanit.webp","inLanguage":"is","description":"Tanit er mikilv\u00e6gasta gy\u00f0ja p\u00fanverska Kar\u00feag\u00f3, \u00e6\u00f0sta r\u00edkisgy\u00f0ja vi\u00f0 hli\u00f0 Baal-Hammons. Tr\u00faarbrag\u00f0afr\u00e6\u00f0ileg \u00fattekt."},{"@type":"WebPage","@id":"https:\/\/iwell-guard.com\/is\/tanit-haedsta-gydja-karthago\/","url":"https:\/\/iwell-guard.com\/is\/tanit-haedsta-gydja-karthago\/","name":"Tanit \u2013 \u00c6\u00f0sta gy\u00f0ja Kar\u00feag\u00f3, go\u00f0s\u00f6gn, d\u00fdrkun","isPartOf":{"@id":"https:\/\/iwell-guard.com\/is\/#website"},"primaryImageOfPage":{"@id":"https:\/\/iwell-guard.com\/is\/tanit-haedsta-gydja-karthago\/#primaryimage"},"image":{"@id":"https:\/\/iwell-guard.com\/is\/tanit-haedsta-gydja-karthago\/#primaryimage"},"thumbnailUrl":"https:\/\/iwell-guard.com\/wp-content\/uploads\/2026\/05\/goetter_phoenizisch_tanit.webp","datePublished":"2026-09-05T14:04:29+00:00","dateModified":"2026-09-05T14:27:34+00:00","description":"Tanit er mikilv\u00e6gasta gy\u00f0ja p\u00fanverska Kar\u00feag\u00f3, \u00e6\u00f0sta r\u00edkisgy\u00f0ja vi\u00f0 hli\u00f0 Baal-Hammons. Tr\u00faarbrag\u00f0afr\u00e6\u00f0ileg \u00fattekt.","breadcrumb":{"@id":"https:\/\/iwell-guard.com\/is\/tanit-haedsta-gydja-karthago\/#breadcrumb"},"inLanguage":"is","potentialAction":[{"@type":"ReadAction","target":["https:\/\/iwell-guard.com\/is\/tanit-haedsta-gydja-karthago\/"]}]},{"@type":"ImageObject","inLanguage":"is","@id":"https:\/\/iwell-guard.com\/is\/tanit-haedsta-gydja-karthago\/#primaryimage","url":"https:\/\/iwell-guard.com\/wp-content\/uploads\/2026\/05\/goetter_phoenizisch_tanit.webp","contentUrl":"https:\/\/iwell-guard.com\/wp-content\/uploads\/2026\/05\/goetter_phoenizisch_tanit.webp","width":1024,"height":1536,"caption":"Gu\u00f0ir \u00far f\u00f6nik\u00edskri hef\u00f0."},{"@type":"BreadcrumbList","@id":"https:\/\/iwell-guard.com\/is\/tanit-haedsta-gydja-karthago\/#breadcrumb","itemListElement":[{"@type":"ListItem","position":1,"name":"Start","item":"https:\/\/iwell-guard.com\/is\/?page_id=168580"},{"@type":"ListItem","position":2,"name":"Tanit \u2013 \u00c6\u00f0sta gy\u00f0ja Kar\u00feag\u00f3"}]},{"@type":"WebSite","@id":"https:\/\/iwell-guard.com\/is\/#website","url":"https:\/\/iwell-guard.com\/is\/","name":"iWell Guard","description":"Schutz vor dunklen Einfl\u00fcssen","publisher":{"@id":"https:\/\/iwell-guard.com\/is\/#organization"},"potentialAction":[{"@type":"SearchAction","target":{"@type":"EntryPoint","urlTemplate":"https:\/\/iwell-guard.com\/is\/?s={search_term_string}"},"query-input":{"@type":"PropertyValueSpecification","valueRequired":true,"valueName":"search_term_string"}}],"inLanguage":"is"},{"@type":"Organization","@id":"https:\/\/iwell-guard.com\/is\/#organization","name":"Ittermann electronic GmbH","url":"https:\/\/iwell-guard.com\/is\/","logo":{"@type":"ImageObject","inLanguage":"is","@id":"https:\/\/iwell-guard.com\/is\/#\/schema\/logo\/image\/","url":"https:\/\/iwell-guard.com\/wp-content\/uploads\/2026\/05\/Ittermann-Logo-1182x237-1.png","contentUrl":"https:\/\/iwell-guard.com\/wp-content\/uploads\/2026\/05\/Ittermann-Logo-1182x237-1.png","width":1182,"height":237,"caption":"Ittermann electronic GmbH"},"image":{"@id":"https:\/\/iwell-guard.com\/is\/#\/schema\/logo\/image\/"},"sameAs":["https:\/\/pantip.com\/profile\/9367242","https:\/\/micro.blog\/iwellguard","https:\/\/www.diggerslist.com\/iwellguard\/about","https:\/\/skitterphoto.com\/photographers\/2870314\/iwell-guard","https:\/\/iwellguard.wordpress.com\/2026\/06\/06\/iwell-guard\/","https:\/\/hub.docker.com\/u\/iwellguard","https:\/\/www.pinterest.com\/iwellguard\/","https:\/\/bit.ly\/m\/iwellguard","https:\/\/entre-vos-mains.alsace.eu\/profiles\/iwellguard\/activity","https:\/\/gravatar.com\/reallybeded8fd34","https:\/\/naijamatta.com\/iwellguard","https:\/\/www.goodreads.com\/iwellguard","https:\/\/profile.hatena.ne.jp\/iwellguard\/","https:\/\/experiment.com\/users\/iwellguard","https:\/\/wakelet.com\/@iWellGuard82270","https:\/\/www.chordie.com\/forum\/profile.php?id=2555664","https:\/\/www.instapaper.com\/p\/17757966","https:\/\/www.mapleprimes.com\/users\/iwellguard","https:\/\/businesslistingplus.com\/profile\/iwell-guard\/","https:\/\/telegra.ph\/iWell-Guard-06-06","https:\/\/pbase.com\/iwellguard\/iwellguard","https:\/\/b.hatena.ne.jp\/iwellguard\/20260607#bookmark-4788405196491818882","https:\/\/fliphtml5.com\/home\/iwellguard","https:\/\/anyflip.com\/homepage\/cmiwl#About","https:\/\/transfur.com\/Users\/iwellguard","http:\/\/delphi.larsbo.org\/user\/iwellguard","https:\/\/jobs.lajobsportal.org\/profiles\/8380803-iwell-guard","https:\/\/md.chaosdorf.de\/s\/jfbe5SBdJD","https:\/\/www.lingvolive.com\/en-us\/profile\/9ecaeaca-ce11-4e51-9e71-01d55e2bff36\/translations","https:\/\/www.fitday.com\/fitness\/forums\/members\/iwellguard.html","https:\/\/www.mymeetbook.com\/iwellguard","https:\/\/pxhere.com\/en\/photographer-me\/5040798","https:\/\/disqus.com\/by\/iwellguard\/about\/","https:\/\/pastelink.net\/hjwciqwq","https:\/\/pubhtml5.com\/homepage\/scjhn\/","https:\/\/www.bitchute.com\/channel\/2O2eOKzNqujT","https:\/\/audiomack.com\/iwellguard"]},{"@type":"Person","@id":"https:\/\/iwell-guard.com\/is\/#\/schema\/person\/ee2a27f1cac3406c7c6fb5820cb7349f","name":"Ralf Ittermann","image":{"@type":"ImageObject","inLanguage":"is","@id":"https:\/\/secure.gravatar.com\/avatar\/073c0153e350a5005b68eb752b445fea71f6b24a26da9449ad7e155e6b446c9d?s=96&d=mm&r=g","url":"https:\/\/secure.gravatar.com\/avatar\/073c0153e350a5005b68eb752b445fea71f6b24a26da9449ad7e155e6b446c9d?s=96&d=mm&r=g","contentUrl":"https:\/\/secure.gravatar.com\/avatar\/073c0153e350a5005b68eb752b445fea71f6b24a26da9449ad7e155e6b446c9d?s=96&d=mm&r=g","caption":"Ralf Ittermann"},"givenName":"Ralf","familyName":"Ittermann","jobTitle":"Gesch\u00e4ftsf\u00fchrer und redaktioneller Verantwortlicher","url":"https:\/\/iwell-guard.com\/is\/author\/claude\/","description":"Ralf Ittermann ist Gesch\u00e4ftsf\u00fchrer der Ittermann electronic GmbH und redaktioneller Verantwortlicher des iWell-Guard-Lexikons. Er verbindet langj\u00e4hrige Erfahrung in der Pr\u00e4zisionsfertigung mit medialer Praxis und religionsgeschichtlicher Quellenarbeit.","worksFor":{"@type":"Organization","name":"Ittermann electronic GmbH","url":"https:\/\/ittermann.de\/","address":{"@type":"PostalAddress","streetAddress":"K\u00f6hlergasse 16-18","postalCode":"99842","addressLocality":"Ruhla","addressCountry":"DE"}},"knowsAbout":["Religionsgeschichte","Mythologie","Mediale Praxis","Energetische Diagnostik","Schutzpraxis","Volksglauben","Westliche Esoterik"]},{"@type":"Article","@id":"https:\/\/iwell-guard.com\/is\/tanit-haedsta-gydja-karthago\/#article","isPartOf":{"@id":"https:\/\/iwell-guard.com\/is\/tanit-haedsta-gydja-karthago\/"},"author":{"name":"Ralf Ittermann","@id":"https:\/\/iwell-guard.com\/is\/#\/schema\/person\/ee2a27f1cac3406c7c6fb5820cb7349f"},"headline":"Tanit \u2013 \u00c6\u00f0sta gy\u00f0ja Kar\u00feag\u00f3","datePublished":"2026-09-05T14:04:29+00:00","dateModified":"2026-09-05T14:27:34+00:00","mainEntityOfPage":{"@id":"https:\/\/iwell-guard.com\/is\/tanit-haedsta-gydja-karthago\/"},"publisher":{"@id":"https:\/\/iwell-guard.com\/is\/#organization"},"image":{"@id":"https:\/\/iwell-guard.com\/is\/tanit-haedsta-gydja-karthago\/#primaryimage"},"thumbnailUrl":"https:\/\/iwell-guard.com\/wp-content\/uploads\/2026\/05\/goetter_phoenizisch_tanit.webp","inLanguage":"is","description":"Tanit er mikilv\u00e6gasta gy\u00f0ja p\u00fanverska Kar\u00feag\u00f3, \u00e6\u00f0sta r\u00edkisgy\u00f0ja vi\u00f0 hli\u00f0 Baal-Hammons. Tr\u00faarbrag\u00f0afr\u00e6\u00f0ileg \u00fattekt."}]}},"_links":{"self":[{"href":"https:\/\/iwell-guard.com\/is\/wp-json\/wp\/v2\/pages\/168972","targetHints":{"allow":["GET"]}}],"collection":[{"href":"https:\/\/iwell-guard.com\/is\/wp-json\/wp\/v2\/pages"}],"about":[{"href":"https:\/\/iwell-guard.com\/is\/wp-json\/wp\/v2\/types\/page"}],"author":[{"embeddable":true,"href":"https:\/\/iwell-guard.com\/is\/wp-json\/wp\/v2\/users\/3"}],"replies":[{"embeddable":true,"href":"https:\/\/iwell-guard.com\/is\/wp-json\/wp\/v2\/comments?post=168972"}],"version-history":[{"count":0,"href":"https:\/\/iwell-guard.com\/is\/wp-json\/wp\/v2\/pages\/168972\/revisions"}],"wp:featuredmedia":[{"embeddable":true,"href":"https:\/\/iwell-guard.com\/is\/wp-json\/wp\/v2\/media\/2853"}],"wp:attachment":[{"href":"https:\/\/iwell-guard.com\/is\/wp-json\/wp\/v2\/media?parent=168972"}],"wp:term":[{"taxonomy":"category","embeddable":true,"href":"https:\/\/iwell-guard.com\/is\/wp-json\/wp\/v2\/categories?post=168972"}],"curies":[{"name":"wp","href":"https:\/\/api.w.org\/{rel}","templated":true}]}}