{"id":168970,"date":"2026-09-05T14:04:29","date_gmt":"2026-09-05T14:04:29","guid":{"rendered":"https:\/\/iwell-guard.com\/?page_id=168970"},"modified":"2026-09-05T14:27:34","modified_gmt":"2026-09-05T14:27:34","slug":"melqart-borgargud-tyrusar","status":"publish","type":"page","link":"https:\/\/iwell-guard.com\/is\/melqart-borgargud-tyrusar\/","title":{"rendered":"Melqart \u2013 borgargu\u00f0 T\u00fdrusar"},"content":{"rendered":"\t\t<div data-elementor-type=\"wp-page\" data-elementor-id=\"168970\" class=\"elementor elementor-168970 elementor-2626 elementor-bc-flex-widget\" data-elementor-post-type=\"page\">\n\t\t\t\t<div class=\"elementor-element elementor-element-iwgw-melqart-hero e-flex e-con-boxed e-con e-parent\" data-id=\"iwgw-melqart-hero\" data-element_type=\"container\" data-e-type=\"container\" data-settings=\"{&quot;background_background&quot;:&quot;classic&quot;}\">\n\t\t\t\t\t<div class=\"e-con-inner\">\n\t\t<div class=\"elementor-element elementor-element-iwgw-melqart-hl e-flex e-con-boxed e-con e-child\" data-id=\"iwgw-melqart-hl\" data-element_type=\"container\" data-e-type=\"container\">\n\t\t\t\t\t<div class=\"e-con-inner\">\n\t\t<div class=\"elementor-element elementor-element-iwgw-melqart-htxt e-con-full e-flex e-con e-child\" data-id=\"iwgw-melqart-htxt\" data-element_type=\"container\" data-e-type=\"container\">\n\t\t\t\t<div class=\"elementor-element elementor-element-iwgw-melqart-h1 elementor-widget elementor-widget-heading\" data-id=\"iwgw-melqart-h1\" data-element_type=\"widget\" data-e-type=\"widget\" data-widget_type=\"heading.default\">\n\t\t\t\t\t<h1 class=\"elementor-heading-title elementor-size-default\">Melqart, f\u00f6nik\u00edskur borgargu\u00f0 T\u00fdrusar og 'Herakles' F\u00f6nik\u00edumanna<\/h1>\t\t\t\t<\/div>\n\t\t\t\t<div class=\"elementor-element elementor-element-iwgw-melqart-lead elementor-widget elementor-widget-text-editor\" data-id=\"iwgw-melqart-lead\" data-element_type=\"widget\" data-e-type=\"widget\" data-widget_type=\"text-editor.default\">\n\t\t\t\t\t\t\t\t\t<p>Melqart (\u00e1 f\u00f6nik\u00edsku <em>mlqrt<\/em>, or\u00f0 fyrir or\u00f0 &#8216;konungur borgarinnar&#8217;) er \u00e6\u00f0sti borgargu\u00f0 T\u00fdrusar og einn mikilv\u00e6gasti gu\u00f0 F\u00f6nik\u00edumanna yfirleitt. Grikkir sams\u00f6mu\u00f0u hann Heraklesi (&#8216;Herakles-Melqart&#8217;) og hann var v\u00ed\u00f0a d\u00fdrka\u00f0ur \u00ed hellen\u00edsk-r\u00f3mverskum heimi.<\/p>\t\t\t\t\t\t\t\t<\/div>\n\t\t\t\t<\/div>\n\t\t<div class=\"elementor-element elementor-element-iwgw-melqart-pillc e-con-full e-flex e-con e-child\" data-id=\"iwgw-melqart-pillc\" data-element_type=\"container\" data-e-type=\"container\">\n\t\t\t\t<div class=\"elementor-element elementor-element-iwgw-melqart-pills elementor-widget elementor-widget-html\" data-id=\"iwgw-melqart-pills\" data-element_type=\"widget\" data-e-type=\"widget\" data-widget_type=\"html.default\">\n\t\t\t\t\t<div class=\"iwg-pill-row\"><span class=\"iwg-klasse-badge\" tabindex=\"0\" data-tooltip=\"Gu\u00f0 \u00far f\u00f6nik\u00edskri hef\u00f0.\">Gu\u00f0<\/span><a href=\"https:\/\/iwell-guard.com\/is\/fonikiumenn-og-kartago-baal-tanit\/\" class=\"iwg-kultur-badge\" tabindex=\"0\" data-tooltip=\"Go\u00f0afr\u00e6\u00f0i f\u00f6nik\u00edskrar hef\u00f0ar.\">F\u00f6nik\u00edsk<\/a><span class=\"iwg-tradition-badge\" tabindex=\"0\" data-tooltip=\"Borgargu\u00f0.\">Borgargu\u00f0<\/span><\/div>\t\t\t\t<\/div>\n\t\t\t\t<\/div>\n\t\t<div class=\"elementor-element elementor-element-iwgw-melqart-tocc e-con-full e-flex e-con e-child\" data-id=\"iwgw-melqart-tocc\" data-element_type=\"container\" data-e-type=\"container\">\n\t\t\t\t<div class=\"elementor-element elementor-element-iwgw-melqart-toc elementor-toc--minimized-on-tablet elementor-widget elementor-widget-table-of-contents\" data-id=\"iwgw-melqart-toc\" data-element_type=\"widget\" data-e-type=\"widget\" data-settings=\"{&quot;headings_by_tags&quot;:[&quot;h2&quot;,&quot;h3&quot;],&quot;minimize_box&quot;:&quot;yes&quot;,&quot;marker_view&quot;:&quot;bullets&quot;,&quot;no_headings_message&quot;:&quot;Engar undirfyrirsagnir fundust \\u00e1 \\u00feessari s\\u00ed\\u00f0u.&quot;,&quot;exclude_headings_by_selector&quot;:[],&quot;icon&quot;:{&quot;value&quot;:&quot;fas fa-circle&quot;,&quot;library&quot;:&quot;fa-solid&quot;,&quot;rendered_tag&quot;:&quot;&lt;svg class=\\&quot;e-font-icon-svg e-fas-circle\\&quot; viewBox=\\&quot;0 0 512 512\\&quot; xmlns=\\&quot;http:\\\/\\\/www.w3.org\\\/2000\\\/svg\\&quot;&gt;&lt;path d=\\&quot;M256 8C119 8 8 119 8 256s111 248 248 248 248-111 248-248S393 8 256 8z\\&quot;&gt;&lt;\\\/path&gt;&lt;\\\/svg&gt;&quot;},&quot;minimized_on&quot;:&quot;tablet&quot;,&quot;hierarchical_view&quot;:&quot;yes&quot;,&quot;min_height&quot;:{&quot;unit&quot;:&quot;px&quot;,&quot;size&quot;:&quot;&quot;,&quot;sizes&quot;:[]},&quot;min_height_tablet&quot;:{&quot;unit&quot;:&quot;px&quot;,&quot;size&quot;:&quot;&quot;,&quot;sizes&quot;:[]},&quot;min_height_mobile&quot;:{&quot;unit&quot;:&quot;px&quot;,&quot;size&quot;:&quot;&quot;,&quot;sizes&quot;:[]}}\" data-widget_type=\"table-of-contents.default\">\n\t\t\t\t\t\t\t\t\t<div class=\"elementor-toc__header\">\n\t\t\t\t\t\t<h2 class=\"elementor-toc__header-title\">\n\t\t\t\tEfnisyfirlit\t\t\t<\/h2>\n\t\t\t\t\t\t\t\t\t\t<div class=\"elementor-toc__toggle-button elementor-toc__toggle-button--expand\" role=\"button\" tabindex=\"0\" aria-controls=\"elementor-toc__iwgw-melqart-toc\" aria-expanded=\"true\" aria-label=\"Open table of contents\"><svg aria-hidden=\"true\" class=\"e-font-icon-svg e-fas-chevron-down\" viewBox=\"0 0 448 512\" xmlns=\"http:\/\/www.w3.org\/2000\/svg\"><path d=\"M207.029 381.476L12.686 187.132c-9.373-9.373-9.373-24.569 0-33.941l22.667-22.667c9.357-9.357 24.522-9.375 33.901-.04L224 284.505l154.745-154.021c9.379-9.335 24.544-9.317 33.901.04l22.667 22.667c9.373 9.373 9.373 24.569 0 33.941L240.971 381.476c-9.373 9.372-24.569 9.372-33.942 0z\"><\/path><\/svg><\/div>\n\t\t\t\t<div class=\"elementor-toc__toggle-button elementor-toc__toggle-button--collapse\" role=\"button\" tabindex=\"0\" aria-controls=\"elementor-toc__iwgw-melqart-toc\" aria-expanded=\"true\" aria-label=\"Close table of contents\"><svg aria-hidden=\"true\" class=\"e-font-icon-svg e-fas-chevron-up\" viewBox=\"0 0 448 512\" xmlns=\"http:\/\/www.w3.org\/2000\/svg\"><path d=\"M240.971 130.524l194.343 194.343c9.373 9.373 9.373 24.569 0 33.941l-22.667 22.667c-9.357 9.357-24.522 9.375-33.901.04L224 227.495 69.255 381.516c-9.379 9.335-24.544 9.317-33.901-.04l-22.667-22.667c-9.373-9.373-9.373-24.569 0-33.941L207.03 130.525c9.372-9.373 24.568-9.373 33.941-.001z\"><\/path><\/svg><\/div>\n\t\t\t\t\t<\/div>\n\t\t\t\t<div id=\"elementor-toc__iwgw-melqart-toc\" class=\"elementor-toc__body\">\n\t\t\t<div class=\"elementor-toc__spinner-container\">\n\t\t\t\t<svg class=\"elementor-toc__spinner eicon-animation-spin e-font-icon-svg e-eicon-loading\" aria-hidden=\"true\" viewBox=\"0 0 1000 1000\" xmlns=\"http:\/\/www.w3.org\/2000\/svg\"><path d=\"M500 975V858C696 858 858 696 858 500S696 142 500 142 142 304 142 500H25C25 237 238 25 500 25S975 237 975 500 763 975 500 975Z\"><\/path><\/svg>\t\t\t<\/div>\n\t\t<\/div>\n\t\t\t\t\t\t<\/div>\n\t\t\t\t<\/div>\n\t\t\t\t\t<\/div>\n\t\t\t\t<\/div>\n\t\t<div class=\"elementor-element elementor-element-iwgw-melqart-hr e-con-full e-flex e-con e-child\" data-id=\"iwgw-melqart-hr\" data-element_type=\"container\" data-e-type=\"container\">\n\t\t\t\t<div class=\"elementor-element elementor-element-iwgw-melqart-heroimg iwg-hero-image elementor-widget elementor-widget-image\" data-id=\"iwgw-melqart-heroimg\" data-element_type=\"widget\" data-e-type=\"widget\" data-widget_type=\"image.default\">\n\t\t\t\t\t\t\t\t\t\t\t\t\t\t\t<img fetchpriority=\"high\" decoding=\"async\" width=\"683\" height=\"1024\" src=\"https:\/\/iwell-guard.com\/wp-content\/uploads\/2026\/05\/goetter_phoenizisch_melqart-683x1024.webp\" class=\"attachment-large size-large wp-image-170807\" alt=\"Melqart - gu\u00f0 \u00far f\u00f6nik\u00edskri hef\u00f0, s\u00f6gulega myndskreytt\" srcset=\"https:\/\/iwell-guard.com\/wp-content\/uploads\/2026\/05\/goetter_phoenizisch_melqart-683x1024.webp 683w, https:\/\/iwell-guard.com\/wp-content\/uploads\/2026\/05\/goetter_phoenizisch_melqart-200x300.webp 200w, https:\/\/iwell-guard.com\/wp-content\/uploads\/2026\/05\/goetter_phoenizisch_melqart-768x1152.webp 768w, https:\/\/iwell-guard.com\/wp-content\/uploads\/2026\/05\/goetter_phoenizisch_melqart.webp 1024w\" sizes=\"(max-width: 683px) 100vw, 683px\" \/>\t\t\t\t\t\t\t\t\t\t\t\t\t\t\t<\/div>\n\t\t\t\t<\/div>\n\t\t\t\t\t<\/div>\n\t\t\t\t<\/div>\n\t\t<div class=\"elementor-element elementor-element-iwgw-melqart-s0 e-flex e-con-boxed e-con e-parent\" data-id=\"iwgw-melqart-s0\" data-element_type=\"container\" data-e-type=\"container\">\n\t\t\t\t\t<div class=\"e-con-inner\">\n\t\t\t\t<div class=\"elementor-element elementor-element-iwgw-melqart-s0h elementor-widget elementor-widget-heading\" data-id=\"iwgw-melqart-s0h\" data-element_type=\"widget\" data-e-type=\"widget\" data-widget_type=\"heading.default\">\n\t\t\t\t\t<h2 class=\"elementor-heading-title elementor-size-default\">Greining og skammrit<\/h2>\t\t\t\t<\/div>\n\t\t<div class=\"elementor-element elementor-element-iwgw-melqart-s0c e-con-full e-flex e-con e-child\" data-id=\"iwgw-melqart-s0c\" data-element_type=\"container\" data-e-type=\"container\">\n\t\t\t\t<div class=\"elementor-element elementor-element-iwgw-melqart-s0t elementor-widget elementor-widget-text-editor\" data-id=\"iwgw-melqart-s0t\" data-element_type=\"widget\" data-e-type=\"widget\" data-widget_type=\"text-editor.default\">\n\t\t\t\t\t\t\t\t\t<p>Melqart er h\u00f6fu\u00f0gu\u00f0 f\u00f6nik\u00edsku m\u00f3\u00f0urborgarinnar T\u00fdrusar og gegnir \u00feannig lykilhlutverki \u00ed tr\u00faars\u00f6gu Mi\u00f0jar\u00f0arhafssv\u00e6\u00f0isins.<\/p><p>Corinne Bonnet setti fram vi\u00f0amestu ranns\u00f3knina \u00e1 \u00feessum gu\u00f0i \u00ed einritinu <em>Melqart<\/em> (1988); \u00fear s\u00fdnir h\u00fan a\u00f0 Melqart var samt\u00edmis borgargu\u00f0, verndargu\u00f0 konunga, hetja og gu\u00f0 sem tengdist undirheimum og upprisu. Innan <a href=\"https:\/\/iwell-guard.com\/is\/fonikiumenn-og-kartago-baal-tanit\/\">f\u00f6nik\u00edsku hef\u00f0arinnar<\/a> er hann mi\u00f0l\u00e6gur karlkyns h\u00f6fu\u00f0gu\u00f0 t\u00fdrisku hef\u00f0arins.<\/p><p><span class=\"iwg-fachbegriff\" data-tooltip=\"\u00d6ll tr\u00faarleg d\u00fdrkunarath\u00f6fn \u00ed gar\u00f0 gu\u00f0s e\u00f0a heilagrar v\u00e6ttar.\" tabindex=\"0\">D\u00fdrkun<\/span> hans breiddist \u00fat me\u00f0 t\u00fdrisku hj\u00e1lendunum um allt Mi\u00f0jar\u00f0arhafi\u00f0. \u00cd Gades (n\u00fa C\u00e1diz \u00e1 Sp\u00e1ni) st\u00f3\u00f0 mikilv\u00e6gasta Melqart-<span class=\"iwg-fachbegriff\" data-tooltip=\"Bygging sem er notu\u00f0 til d\u00fdrkunar \u00e1 einum e\u00f0a fleiri gu\u00f0um.\" tabindex=\"0\">hofi\u00f0<\/span> vestan T\u00fdrusar sj\u00e1lfrar; \u00ed Kar\u00feag\u00f3 var hann einnig til sta\u00f0ar. Maria Eugenia Aubet skjalfestir \u00fatbrei\u00f0slu hans um Mi\u00f0jar\u00f0arhafi\u00f0 \u00ed sm\u00e1atri\u00f0um \u00ed <em>The Phoenicians and the West<\/em> (2001).<\/p><p>\u00cd tr\u00faars\u00f6gulegu lj\u00f3si t\u00e1knar Melqart \u00e1kve\u00f0na tegund borgar- og konungsgu\u00f0s, sem er \u00e1rlega &#8216;vakinn&#8217; (<em>egersis<\/em>) \u00e1 vorin. \u00deessi vakningarh\u00e1t\u00ed\u00f0 er eitt af einkennandi tr\u00faars\u00f6gulegum atri\u00f0um Melqarts og a\u00f0greinir hann fr\u00e1 \u00f6\u00f0rum borgargu\u00f0um. Tengingin vi\u00f0 gr\u00edska Herakles var\u00f0 til vegna hlutverkslegra l\u00edkinda og mikilla gr\u00edsk-f\u00f6nik\u00edskra samskipta fr\u00e1 8. \u00f6ld f.Kr.<\/p><p>Athyglisver\u00f0 s\u00e9rsta\u00f0a Melqarts er n\u00e1in tenging hans vi\u00f0 konungs\u00e6tt T\u00fdrusar: konungur T\u00fdrusar var samt\u00edmis \u00e6\u00f0sti prestur Melqarts; \u00e1rlega vakningarh\u00e1t\u00ed\u00f0in var framkv\u00e6md af konunginum sj\u00e1lfum. \u00deessi samruni stj\u00f3rnm\u00e1lalegs og tr\u00faarlegs \u00e6\u00f0stavalds er tr\u00faars\u00f6gulega samb\u00e6rilegur vi\u00f0 egypska fara\u00f3ann e\u00f0a r\u00f3mverska <em>pontifex maximus<\/em>.<\/p><p>Einnig <a href=\"https:\/\/iwell-guard.com\/is\/hettitar-anatolia-tarhunna-vernd\/\">hitt\u00edska hef\u00f0in<\/a> haf\u00f0i samb\u00e6rilega borgar- og konungsvarnargu\u00f0i; n\u00e1inn samanbur\u00f0ur vi\u00f0 <a href=\"https:\/\/iwell-guard.com\/is\/?page_id=168968\">Sarruma<\/a> veitir mikilv\u00e6ga inns\u00fdn \u00ed byggingu konungsgu\u00f0fr\u00e6\u00f0innar \u00e1 s\u00ed\u00f0brons\u00f6ld \u00ed austurhluta Mi\u00f0jar\u00f0arhafssv\u00e6\u00f0isins.<\/p>\t\t\t\t\t\t\t\t<\/div>\n\t\t\t\t<\/div>\n\t\t\t\t\t<\/div>\n\t\t\t\t<\/div>\n\t\t<div class=\"elementor-element elementor-element-iwgw-melqart-s1 e-flex e-con-boxed e-con e-parent\" data-id=\"iwgw-melqart-s1\" data-element_type=\"container\" data-e-type=\"container\">\n\t\t\t\t\t<div class=\"e-con-inner\">\n\t\t\t\t<div class=\"elementor-element elementor-element-iwgw-melqart-s1h elementor-widget elementor-widget-heading\" data-id=\"iwgw-melqart-s1h\" data-element_type=\"widget\" data-e-type=\"widget\" data-widget_type=\"heading.default\">\n\t\t\t\t\t<h2 class=\"elementor-heading-title elementor-size-default\">Nafn og or\u00f0sifjar<\/h2>\t\t\t\t<\/div>\n\t\t<div class=\"elementor-element elementor-element-iwgw-melqart-s1c e-con-full e-flex e-con e-child\" data-id=\"iwgw-melqart-s1c\" data-element_type=\"container\" data-e-type=\"container\">\n\t\t\t\t<div class=\"elementor-element elementor-element-iwgw-melqart-s1t elementor-widget elementor-widget-text-editor\" data-id=\"iwgw-melqart-s1t\" data-element_type=\"widget\" data-e-type=\"widget\" data-widget_type=\"text-editor.default\">\n\t\t\t\t\t\t\t\t\t<p>Nafni\u00f0 Melqart er samsett \u00far <em>mlk<\/em> &#8216;konungur&#8217; og <em>qrt<\/em> &#8216;borg&#8217;, or\u00f0 fyrir or\u00f0 &#8216;konungur borgarinnar&#8217;. Borgin er T\u00fdrus, og Melqart er &#8216;konungur T\u00fdrusar&#8217; \u00ed gu\u00f0legum skilningi.<\/p><p>\u00deessi or\u00f0sifjafr\u00e6\u00f0i er \u00f3umdeild og sk\u00fdrt skjalfest \u00ed \u00e1letrunum. \u00cd fleygr\u00fanatextum kemur hann fram sem <em>Milqartu<\/em>, \u00ed gr\u00edskum heimildum sem Melqart e\u00f0a Melkart, og \u00ed hellen\u00edskum samsemdum sem Herakles-Melqart.<\/p><p>\u00d6nnur t\u00falkun s\u00e9r \u00ed <em>mlk<\/em> ekki a\u00f0eins &#8216;konung&#8217; \u00ed veraldlegum skilningi, heldur einnig &#8216;<span class=\"iwg-fachbegriff\" data-tooltip=\"Gj\u00f6f til gu\u00f0s til a\u00f0 tj\u00e1 \u00feakkl\u00e6ti, b\u00f3n e\u00f0a d\u00fdrkun.\" tabindex=\"0\">f\u00f3rn<\/span>&#8216; (molk-<span class=\"iwg-fachbegriff\" data-tooltip=\"Gj\u00f6f til gu\u00f0s til a\u00f0 tj\u00e1 \u00feakkl\u00e6ti, b\u00f3n e\u00f0a d\u00fdrkun.\" tabindex=\"0\">f\u00f3rn<\/span>), tv\u00f6falda merkingu s\u00f6mu r\u00f3tar \u00e1 f\u00f6nik\u00edsku. \u00deessi t\u00falkun er \u00fe\u00f3 minna fylgt \u00ed fr\u00e6\u00f0unum.<\/p><p>\u00c1 gr\u00edskri hli\u00f0 kemur nafn hans fram sem &#8216;Herakles-Tyrios&#8217;, &#8216;Herakles&#8217; e\u00f0a undir gu\u00f0legum nafnhluta &#8216;Melikartos&#8217;. Sams\u00f6munin vi\u00f0 Herakles er skjalfest \u00ed b\u00f3kmenntum allt fr\u00e1 5. \u00f6ld f.Kr. (Her\u00f3d\u00f3tos 2.44). Gr\u00edska go\u00f0sagnapers\u00f3nan Herakles ber einkenni f\u00f6nik\u00edska Melqarts, s\u00e9rstaklega \u00ed go\u00f0s\u00f6gnunum um fer\u00f0ina til &#8216;vestursins&#8217; og dr\u00e1pi\u00f0 \u00e1 Geryon.<\/p><p>Gu\u00f0lega nafni\u00f0 Hamilkar var mj\u00f6g algengt \u00ed Kar\u00feag\u00f3; nokkrir mikilv\u00e6gir kar\u00feag\u00f3skir herforingjar b\u00e1ru \u00fea\u00f0, me\u00f0al annars Hamilkar Barkas, fa\u00f0ir Hannibals. \u00deessi nafnahef\u00f0 sannar \u00e1framhaldandi mikilv\u00e6gi Melqarts \u00ed stj\u00f3rnm\u00e1lal\u00edfi p\u00fanverska r\u00edkisins.<\/p>\t\t\t\t\t\t\t\t<\/div>\n\t\t\t\t<\/div>\n\t\t\t\t\t<\/div>\n\t\t\t\t<\/div>\n\t\t<div class=\"elementor-element elementor-element-iwgw-melqart-s2 e-flex e-con-boxed e-con e-parent\" data-id=\"iwgw-melqart-s2\" data-element_type=\"container\" data-e-type=\"container\">\n\t\t\t\t\t<div class=\"e-con-inner\">\n\t\t\t\t<div class=\"elementor-element elementor-element-iwgw-melqart-s2h elementor-widget elementor-widget-heading\" data-id=\"iwgw-melqart-s2h\" data-element_type=\"widget\" data-e-type=\"widget\" data-widget_type=\"heading.default\">\n\t\t\t\t\t<h2 class=\"elementor-heading-title elementor-size-default\">L\u00fdsing og myndm\u00e1l<\/h2>\t\t\t\t<\/div>\n\t\t<div class=\"elementor-element elementor-element-iwgw-melqart-s2c e-con-full e-flex e-con e-child\" data-id=\"iwgw-melqart-s2c\" data-element_type=\"container\" data-e-type=\"container\">\n\t\t\t\t<div class=\"elementor-element elementor-element-iwgw-melqart-s2t elementor-widget elementor-widget-text-editor\" data-id=\"iwgw-melqart-s2t\" data-element_type=\"widget\" data-e-type=\"widget\" data-widget_type=\"text-editor.default\">\n\t\t\t\t\t\t\t\t\t<p>Melqart kemur fram \u00ed f\u00f6nik\u00edskri myndlist yfirleitt sem skeggja\u00f0ur ma\u00f0ur \u00ed stuttri sk\u00fdlu, me\u00f0 lyftum str\u00ed\u00f0s\u00f6xi e\u00f0a kylfu, stundum me\u00f0 boga, oft kl\u00e6ddur lj\u00f3nsskinni. \u00deessi lj\u00f3nsskinns-myndhef\u00f0 er s\u00f6guleg mikilv\u00e6g, \u00fev\u00ed h\u00fan fluttist beint yfir \u00ed gr\u00edsku Herakles-hef\u00f0ina me\u00f0 lj\u00f3nsskinni og kylfu.<\/p><p>\u00c1 T\u00fdrus-myntum hellenist\u00edska t\u00edmans kemur Melqart-Herakles oft fram me\u00f0 kylfu og lj\u00f3nsskinn; \u00e1 kar\u00feag\u00f3skum st\u00e9luminnum \u00far t\u00f3fetinu stendur hann \u00f6\u00f0ru hvoru vi\u00f0 hli\u00f0 <a href=\"https:\/\/iwell-guard.com\/is\/?page_id=168973\">Baal-Hammons<\/a>. Mikilv\u00e6g myndhef\u00f0 er &#8216;Melqart \u00e1 s\u00e6hestinum&#8217;, sem skjalfestir tengingu hans vi\u00f0 siglingar og hafi\u00f0.<\/p><p>Heilagt d\u00fdr hans er lj\u00f3ni\u00f0; \u00ed nokkrum l\u00e1gmyndum er hann s\u00fdndur ganga \u00e1 lj\u00f3ni e\u00f0a kyrkja lj\u00f3n. \u00d6rninn kemur einnig fram sem fylgid\u00fdr hans \u00ed nokkrum yngri myndum. Aphakide Bonnet hefur skjalfest fj\u00f6lbreytileika myndhef\u00f0arins \u00ed sm\u00e1atri\u00f0um; h\u00fan s\u00fdnir a\u00f0 Melqart \u00fer\u00f3a\u00f0i \u00f6rl\u00edti\u00f0 mismunandi myndhef\u00f0ir \u00ed hverju samhengi vi\u00f0 Mi\u00f0jar\u00f0arhafi\u00f0.<\/p><p>\u00c1 hinni fr\u00e6gu &#8216;<span class=\"iwg-fachbegriff\" data-tooltip=\"Uppr\u00e9tt steinhella e\u00f0a tr\u00e9tafla me\u00f0 \u00e1letrun e\u00f0a mynd.\" tabindex=\"0\">st\u00e9lu<\/span> Ye\u1e25awmilks&#8217;, konungs af Byblos (5. \u00f6ld f.Kr.), kemur Melqart ekki fram sj\u00e1lfur, en myndform\u00falan af fundi konungs og gu\u00f0s, sem er einkennandi fyrir f\u00f6nik\u00edsku konungsgu\u00f0shef\u00f0ina. \u00deessi myndlistarhef\u00f0 n\u00e6r fr\u00e1 T\u00fdrus yfir Byblos til Kar\u00feag\u00f3.<\/p>\t\t\t\t\t\t\t\t<\/div>\n\t\t\t\t<\/div>\n\t\t\t\t\t<\/div>\n\t\t\t\t<\/div>\n\t\t<div class=\"elementor-element elementor-element-iwgw-melqart-s3 e-flex e-con-boxed e-con e-parent\" data-id=\"iwgw-melqart-s3\" data-element_type=\"container\" data-e-type=\"container\">\n\t\t\t\t\t<div class=\"e-con-inner\">\n\t\t\t\t<div class=\"elementor-element elementor-element-iwgw-melqart-s3h elementor-widget elementor-widget-heading\" data-id=\"iwgw-melqart-s3h\" data-element_type=\"widget\" data-e-type=\"widget\" data-widget_type=\"heading.default\">\n\t\t\t\t\t<h2 class=\"elementor-heading-title elementor-size-default\">Go\u00f0sagnakenndar fr\u00e1sagnir<\/h2>\t\t\t\t<\/div>\n\t\t<div class=\"elementor-element elementor-element-iwgw-melqart-s3c e-con-full e-flex e-con e-child\" data-id=\"iwgw-melqart-s3c\" data-element_type=\"container\" data-e-type=\"container\">\n\t\t\t\t<div class=\"elementor-element elementor-element-iwgw-melqart-s3t elementor-widget elementor-widget-text-editor\" data-id=\"iwgw-melqart-s3t\" data-element_type=\"widget\" data-e-type=\"widget\" data-widget_type=\"text-editor.default\">\n\t\t\t\t\t\t\t\t\t<p>F\u00f6nik\u00edskar Melqart-go\u00f0s\u00f6gur eru a\u00f0eins var\u00f0veittar \u00ed brotum. Evseb\u00edus fr\u00e1 Sesareu vitnar \u00ed fr\u00e1s\u00f6gn fr\u00e1 F\u00edl\u00f3ni fr\u00e1 B\u00fdblos (Praeparatio Evangelica 1.10), \u00fear sem Melqart er l\u00fdst sem hetju og l\u00edfgjafa. Samkv\u00e6mt fornum fr\u00e1s\u00f6gnum vaknar Melqart einnig \u00e1rlega \u00e1 vakningarh\u00e1t\u00ed\u00f0 (<em>egersis<\/em>) og fellur \u00feannig inn \u00ed hef\u00f0 \u00e1rlega dau\u00f0ra og upprisinna gr\u00f3\u00f0ur- og borgargu\u00f0a.<\/p><p>Mikilv\u00e6g fr\u00e1s\u00f6gn tengir Melqart vi\u00f0 sj\u00e1lfa stofnun T\u00fdrusar: sagt er a\u00f0 hann hafi bundi\u00f0 flj\u00f3tandi klettana, sem T\u00fdrus var bygg\u00f0 \u00e1, me\u00f0 fugla\u00adf\u00f3rn. \u00d6nnur fr\u00e1s\u00f6gn tengir hann vi\u00f0 uppfinningu purpurlitunar, mikilv\u00e6grar efnahagsstarfsemi F\u00f6nik\u00edumanna: hundur Melqarts \u00e1 a\u00f0 hafa biti\u00f0 \u00f3vart \u00ed purpuraskel og \u00feannig fundi\u00f0 purpuralitarefni\u00f0.<\/p><p>\u00cd gr\u00edskri uppt\u00f6ku hans sem Heraklesar-Melqart erfir hann fr\u00e1sagnir Heraklesar-<span class=\"iwg-fachbegriff\" data-tooltip=\"Heildarsafn var\u00f0veittra go\u00f0sagna \u00ed \u00e1kve\u00f0inni menningu.\" tabindex=\"0\">go\u00f0afr\u00e6\u00f0innar<\/span>, s\u00e9rstaklega Geryon-\u00fe\u00e1ttinn, \u00fear sem Herakles r\u00e6nir nautgripum fr\u00e1 \u00fer\u00edh\u00f6f\u00f0u\u00f0um risanum Geryon \u00e1 vesturhluta Mi\u00f0jar\u00f0arhafsins (\u00e1 \u00feeim sta\u00f0 sem s\u00ed\u00f0ar var\u00f0 Gades). \u00deessi tenging er mikilv\u00e6g tr\u00faars\u00f6gulega, \u00fev\u00ed Gades var \u00ed raun f\u00f6nik\u00edsk landnema-borg og mikilv\u00e6gasta vestr\u00e6na <span class=\"iwg-fachbegriff\" data-tooltip=\"Helgur sta\u00f0ur tileinka\u00f0ur tilbei\u00f0slu \u00e1 gu\u00f0i.\" tabindex=\"0\">helgista\u00f0ur<\/span> Melqarts.<\/p><p>Mikilv\u00e6g f\u00f6lsun undir nafni er &#8216;Sanchunjaton&#8217; (Sankuniathon), meintur f\u00f6nik\u00edskur prestur, en verk hans er sagt var\u00f0veitt \u00ed gegnum F\u00edl\u00f3n fr\u00e1 B\u00fdblos. Gagnr\u00fdnin \u00fatg\u00e1fa Alberts Baumgarten s\u00fdnir a\u00f0 efni\u00f0 er a\u00f0 miklu leyti sein hellen\u00edsk uppfinning, en inniheldur \u00fe\u00f3 ekta brot af f\u00f6nik\u00edskri go\u00f0sagnahef\u00f0, s\u00e9rstaklega var\u00f0andi Melqart og gu\u00f0a\u00e6ttart\u00f6luna.<\/p>\t\t\t\t\t\t\t\t<\/div>\n\t\t\t\t<\/div>\n\t\t\t\t\t<\/div>\n\t\t\t\t<\/div>\n\t\t<div class=\"elementor-element elementor-element-iwgw-melqart-s4 e-flex e-con-boxed e-con e-parent\" data-id=\"iwgw-melqart-s4\" data-element_type=\"container\" data-e-type=\"container\">\n\t\t\t\t\t<div class=\"e-con-inner\">\n\t\t\t\t<div class=\"elementor-element elementor-element-iwgw-melqart-s4h elementor-widget elementor-widget-heading\" data-id=\"iwgw-melqart-s4h\" data-element_type=\"widget\" data-e-type=\"widget\" data-widget_type=\"heading.default\">\n\t\t\t\t\t<h2 class=\"elementor-heading-title elementor-size-default\">D\u00fdrkun og tilbei\u00f0sla<\/h2>\t\t\t\t<\/div>\n\t\t<div class=\"elementor-element elementor-element-iwgw-melqart-s4c e-con-full e-flex e-con e-child\" data-id=\"iwgw-melqart-s4c\" data-element_type=\"container\" data-e-type=\"container\">\n\t\t\t\t<div class=\"elementor-element elementor-element-iwgw-melqart-s4t elementor-widget elementor-widget-text-editor\" data-id=\"iwgw-melqart-s4t\" data-element_type=\"widget\" data-e-type=\"widget\" data-widget_type=\"text-editor.default\">\n\t\t\t\t\t\t\t\t\t<p>A\u00f0ald\u00fdrkun Melqarts var \u00ed T\u00fdrus, elsta og gl\u00e6silegasta <span class=\"iwg-fachbegriff\" data-tooltip=\"Bygging sem er helgu\u00f0 d\u00fdrkun einnar e\u00f0a fleiri gu\u00f0d\u00f3ma.\" tabindex=\"0\">musteri<\/span> borgarinnar. Her\u00f3d\u00f3tos l\u00fdsir \u00feessu <span class=\"iwg-fachbegriff\" data-tooltip=\"Bygging sem er helgu\u00f0 d\u00fdrkun einnar e\u00f0a fleiri gu\u00f0d\u00f3ma.\" tabindex=\"0\">musteri<\/span> \u00edtarlega (2.44) og nefnir tv\u00e6r s\u00falur, eina \u00far gulli og eina \u00far smarag\u00f0i, sem l\u00fdstu \u00e1 n\u00e6turnar, l\u00edklega hi\u00f0 fr\u00e6ga &#8216;s\u00eew\u00e2n&#8217;-fyrirb\u00e6ri fosf\u00f3rl\u00fdsandi steinefna.<\/p><p>H\u00edram I af T\u00fdrus (10. \u00f6ld f.Kr.) er n\u00e1tengdur Melqart-<span class=\"iwg-fachbegriff\" data-tooltip=\"Bygging sem er helgu\u00f0 d\u00fdrkun einnar e\u00f0a fleiri gu\u00f0d\u00f3ma.\" tabindex=\"0\">musterinu<\/span>; samkv\u00e6mt J\u00f3sefusi l\u00e9t hann reisa \u00fea\u00f0 \u00far gulli og bronsi.<\/p><p>Hin \u00e1rlega vakningarh\u00e1t\u00ed\u00f0 var h\u00e1punktur d\u00fdrkunarinnar; &#8216;vekjari&#8217; (<em>mqm-\u02belm<\/em>, &#8216;s\u00e1 sem reisir gu\u00f0inn upp&#8217;) st\u00fdr\u00f0i <span class=\"iwg-fachbegriff\" data-tooltip=\"Skipul\u00f6g\u00f0 r\u00f6\u00f0 t\u00e1knr\u00e6nna athafna me\u00f0 tr\u00faarlega e\u00f0a menningarlega merkingu.\" tabindex=\"0\">helgiath\u00f6fninni<\/span>. Konungur T\u00fdrusar var lykilpers\u00f3na \u00ed ath\u00f6fninni. Samb\u00e6rilegar vakningarh\u00e1t\u00ed\u00f0ir eru \u00feekktar fr\u00e1 Kar\u00feag\u00f3 og Gades; \u00fe\u00e6r tengja Melqart s\u00f6gulega vi\u00f0 Tamm\u00faz\/D\u00fam\u00fas\u00ed og Ad\u00f3nis.<\/p><p>\u00cd Kar\u00feag\u00f3 var Melqart einnig fyrirfer\u00f0armikill; hinn \u00e1rlegi skattur til Melqart-<span class=\"iwg-fachbegriff\" data-tooltip=\"Bygging sem er helgu\u00f0 d\u00fdrkun einnar e\u00f0a fleiri gu\u00f0d\u00f3ma.\" tabindex=\"0\">musterisins<\/span> \u00ed T\u00fdrus var enn greiddur fr\u00e1 Kar\u00feag\u00f3 fram \u00e1 s\u00ed\u00f0g\u00fd\u00f0ingaveldist\u00edmann, sem bendir til n\u00e1inna tengsla vi\u00f0 m\u00f3\u00f0urborgina.<\/p><p>\u00cd Gades st\u00f3\u00f0 <span class=\"iwg-fachbegriff\" data-tooltip=\"Bygging sem er helgu\u00f0 d\u00fdrkun einnar e\u00f0a fleiri gu\u00f0d\u00f3ma.\" tabindex=\"0\">musteri<\/span> Melqarts \u00e1 l\u00edtilli eyju; P\u00f3l\u00fdb\u00edos, Strabon og S\u00edl\u00edus \u00cdtal\u00edkus hafa l\u00fdst \u00fev\u00ed. Jafnvel eftir landvinninga R\u00f3mverja h\u00e9lt Gades-Melqart \u00e1fram a\u00f0 vera virkt sem Herk\u00fales-<span class=\"iwg-fachbegriff\" data-tooltip=\"Heilagur sta\u00f0ur helga\u00f0ur d\u00fdrkun gu\u00f0d\u00f3ms.\" tabindex=\"0\">helgista\u00f0ur<\/span> og var heims\u00f3ttur af Hannibal, Sesari og Hadr\u00edanusi.<\/p><p>Fornleifaranns\u00f3knir \u00e1 Melqart-musterinu \u00ed T\u00fdrus eru torveldar vegna n\u00fat\u00edmabygg\u00f0ar; \u00ed Gades eru leifar helgista\u00f0arins hins vegar a\u00f0gengilegri, \u00e1 n\u00faverandi Sancti Petri-eyju. Yfirstandandi ne\u00f0ansj\u00e1varuppgr\u00f6ftur undir stj\u00f3rn Antonio S\u00e1ez Romero hefur \u00e1 undanf\u00f6rnum \u00e1rum skila\u00f0 mikilv\u00e6gum n\u00fdjum ni\u00f0urst\u00f6\u00f0um.<\/p>\t\t\t\t\t\t\t\t<\/div>\n\t\t\t\t<\/div>\n\t\t\t\t\t<\/div>\n\t\t\t\t<\/div>\n\t\t<div class=\"elementor-element elementor-element-iwgw-melqart-s5 e-flex e-con-boxed e-con e-parent\" data-id=\"iwgw-melqart-s5\" data-element_type=\"container\" data-e-type=\"container\">\n\t\t\t\t\t<div class=\"e-con-inner\">\n\t\t\t\t<div class=\"elementor-element elementor-element-iwgw-melqart-s5h elementor-widget elementor-widget-heading\" data-id=\"iwgw-melqart-s5h\" data-element_type=\"widget\" data-e-type=\"widget\" data-widget_type=\"heading.default\">\n\t\t\t\t\t<h2 class=\"elementor-heading-title elementor-size-default\">Verndara\u00f0ger\u00f0ir og fr\u00e1hrindandi t\u00e1kn<\/h2>\t\t\t\t<\/div>\n\t\t<div class=\"elementor-element elementor-element-iwgw-melqart-s5c e-con-full e-flex e-con e-child\" data-id=\"iwgw-melqart-s5c\" data-element_type=\"container\" data-e-type=\"container\">\n\t\t\t\t<div class=\"elementor-element elementor-element-iwgw-melqart-s5t elementor-widget elementor-widget-text-editor\" data-id=\"iwgw-melqart-s5t\" data-element_type=\"widget\" data-e-type=\"widget\" data-widget_type=\"text-editor.default\">\n\t\t\t\t\t\t\t\t\t<p>Melqart var verndargu\u00f0 konungsfj\u00f6lskyldunnar, borgarinnar og siglinga. \u00c1 konungsselum fr\u00e1 T\u00fdrus kemur hann fram sem verndarherra; \u00ed f\u00f6nik\u00edskum mannan\u00f6fnum er gu\u00f0sheiti hans algengt (Hamilkar = &#8216;\u00fej\u00f3nn Melqarts&#8217;, Bomilkar = &#8216;fyrir h\u00f6nd Melqarts&#8217;). T\u00ed\u00f0ni gu\u00f0fr\u00e6\u00f0ilegra nafna me\u00f0 Melqart-\u00fe\u00e6tti bendir til \u00f6flugrar einkatr\u00far\u00e6kni.<\/p><p><span class=\"iwg-fachbegriff\" data-tooltip=\"Illverjandi: um t\u00e1kn og hluti sem eiga a\u00f0 halda ska\u00f0legum \u00e1hrifum \u00ed fjarl\u00e6g\u00f0.\" tabindex=\"0\">Verndandi<\/span> voru Melqart-scarabeusl\u00edk\u00f6n og litlar bronsstyttur bornar e\u00f0a komi\u00f0 fyrir \u00e1 heimilinu. Hin fr\u00e6ga &#8216;Melqart-<span class=\"iwg-fachbegriff\" data-tooltip=\"Uppsta\u00f0andi steinn e\u00f0a vi\u00f0arplata me\u00f0 \u00e1letrun e\u00f0a myndum.\" tabindex=\"0\">stela<\/span>&#8216; fr\u00e1 Bredsch (Bredja) \u00ed Nor\u00f0ur-S\u00fdrlandi, \u00e1letru\u00f0 v\u00edgslugj\u00f6f fr\u00e1 aram\u00edska konunginum Bar-Hadad til Melqarts, er eitt mikilv\u00e6gasta \u00e1letrunarvitni Melqart-d\u00fdrkunarins utan T\u00fdrusar.<\/p><p data-nosnippet=\"true\">\u00cd tr\u00fa sj\u00f3manna var Melqart \u00e6\u00f0sta verndarveran; f\u00f6nik\u00edskir skipstj\u00f3rar og landnemar f\u00e6r\u00f0u honum v\u00edgslugjafir b\u00e6\u00f0i vi\u00f0 brottf\u00f6r og komu. \u00deessi fer\u00f0atr\u00fa er mikilv\u00e6gt tr\u00faars\u00f6gulegt einkenni f\u00f6nik\u00edskrar hreyfanleika. iWell Guard skr\u00e1ir Melqart sem s\u00f6guleg-menningarlega pers\u00f3nu \u00e1n tilv\u00edsana \u00ed n\u00fat\u00edma heilsulofor\u00f0.<\/p><p>\u00cd kar\u00feag\u00f3skum hofum 5. og 4. aldar f.Kr. kemur Melqart fram sem annar e\u00f0a \u00feri\u00f0ji gu\u00f0 eftir <a href=\"https:\/\/iwell-guard.com\/is\/?page_id=168973\">Baal-Hammon<\/a> og <a href=\"https:\/\/iwell-guard.com\/is\/?page_id=168972\">Tanit<\/a>. \u00derenning f\u00f6nik\u00edsku m\u00f3\u00f0urborgargu\u00f0anna (Baal-\u0160amem, Astarte, Melqart) var endurm\u00f3tu\u00f0 \u00ed Kar\u00feag\u00f3 \u00ed n\u00fdja mynd, \u00e1n \u00feess a\u00f0 Melqart v\u00e6ri alveg \u00feoka\u00f0 til hli\u00f0ar.<\/p>\t\t\t\t\t\t\t\t<\/div>\n\t\t\t\t<\/div>\n\t\t\t\t\t<\/div>\n\t\t\t\t<\/div>\n\t\t<div class=\"elementor-element elementor-element-iwgw-melqart-s6 e-flex e-con-boxed e-con e-parent\" data-id=\"iwgw-melqart-s6\" data-element_type=\"container\" data-e-type=\"container\">\n\t\t\t\t\t<div class=\"e-con-inner\">\n\t\t\t\t<div class=\"elementor-element elementor-element-iwgw-melqart-s6h elementor-widget elementor-widget-heading\" data-id=\"iwgw-melqart-s6h\" data-element_type=\"widget\" data-e-type=\"widget\" data-widget_type=\"heading.default\">\n\t\t\t\t\t<h2 class=\"elementor-heading-title elementor-size-default\">Hli\u00f0st\u00e6\u00f0ur \u00ed \u00f6\u00f0rum menningarheimum<\/h2>\t\t\t\t<\/div>\n\t\t<div class=\"elementor-element elementor-element-iwgw-melqart-s6c e-con-full e-flex e-con e-child\" data-id=\"iwgw-melqart-s6c\" data-element_type=\"container\" data-e-type=\"container\">\n\t\t\t\t<div class=\"elementor-element elementor-element-iwgw-melqart-s6t elementor-widget elementor-widget-text-editor\" data-id=\"iwgw-melqart-s6t\" data-element_type=\"widget\" data-e-type=\"widget\" data-widget_type=\"text-editor.default\">\n\t\t\t\t\t\t\t\t\t<p>Mikilv\u00e6gasta tr\u00faars\u00f6gulega hli\u00f0st\u00e6\u00f0an er sams\u00f6mun vi\u00f0 gr\u00edska Heraklesar. Walter Burkert s\u00fdndi fram \u00e1 \u00ed <em>Die orientalisierende Epoche<\/em> (1984) og \u00ed nokkrum s\u00ed\u00f0ari ranns\u00f3knum a\u00f0 gr\u00edska Heraklesar-go\u00f0sagan er sterklega undir \u00e1hrifum fr\u00e1 f\u00f6nik\u00edska Melqart, s\u00e9rstaklega \u00ed Geryon-\u00fe\u00e6ttinum og \u00ed &#8216;s\u00falum Heraklesar&#8217; (G\u00edbraltarsundi), sem upphaflega voru &#8216;s\u00falur Melqart&#8217;.<\/p><p>Melqart deilir me\u00f0 mes\u00f3p\u00f3tam\u00edska Gilgame\u0161 \u00fev\u00ed <span class=\"iwg-fachbegriff\" data-tooltip=\"Endurteki\u00f0 efnisatri\u00f0i \u00ed list e\u00f0a fr\u00e1s\u00f6gn.\" tabindex=\"0\">stefi<\/span> hins dau\u00f0lega-\u00f3dau\u00f0lega hetjukonungs. \u00cd Kar\u00feag\u00f3 var\u00f0 til hans hef\u00f0 aldrei sj\u00e1lfst\u00e6\u00f0 h\u00f6fu\u00f0gu\u00f0d\u00f3mur, \u00fev\u00ed f\u00f6nik\u00edsk tr\u00fa \u00ed Kar\u00feag\u00f3 \u00fer\u00f3a\u00f0i eigin efsta gu\u00f0atvennd me\u00f0 <a href=\"https:\/\/iwell-guard.com\/is\/?page_id=168973\">Baal-Hammon<\/a> og <a href=\"https:\/\/iwell-guard.com\/is\/?page_id=168972\">Tanit<\/a>; Melqart var \u00fe\u00f3 alltaf vi\u00f0staddur.<\/p><p>S\u00f6guleg s\u00e9\u00f0 er Melqart hinn d\u00e6miger\u00f0i f\u00f6nik\u00edski borgar- og konungsgu\u00f0. Me\u00f0 <a href=\"https:\/\/iwell-guard.com\/is\/?page_id=168968\">Sarruma<\/a> \u00ed <a href=\"https:\/\/iwell-guard.com\/is\/hettitar-anatolia-tarhunna-vernd\/\">het\u00edska hef\u00f0inni<\/a> deilir hann hlutverki pers\u00f3nulegs verndargu\u00f0s konungsins; me\u00f0 mes\u00f3p\u00f3tam\u00edska Marduk hlutverk borgargu\u00f0s sem endurvekst eftir \u00e1rst\u00ed\u00f0abundinn \u00f3sigur. \u00cd hellen\u00edskri <span class=\"iwg-fachbegriff\" data-tooltip=\"Samruni hugmynda e\u00f0a gu\u00f0a \u00far mismunandi tr\u00faarhef\u00f0um.\" tabindex=\"0\">samruna tr\u00faarbrag\u00f0a<\/span> (synkretisma) ver\u00f0ur hann a\u00f0 d\u00e6miger\u00f0um &#8216;\u00fe\u00fd\u00f0ingar-<span class=\"iwg-fachbegriff\" data-tooltip=\"Vera sem er tilbe\u00f0in sem gu\u00f0leg innan tr\u00faarbrag\u00f0a.\" tabindex=\"0\">gu\u00f0d\u00f3mi<\/span>&#8216; milli f\u00f6nik\u00edskrar og gr\u00edskrar tr\u00faar.<\/p><p>\u00c1 vestanver\u00f0u Mi\u00f0jar\u00f0arhafi er Melqart, undir gr\u00edska nafninu Herakles, til sta\u00f0ar \u00ed \u00f3tal \u00e1letrunum og \u00e1 myntum; skilin milli &#8216;Melqart&#8217; og &#8216;Herakles&#8217; eru oft \u00f3sk\u00fdr \u00ed hellen\u00edsku m\u00e1lfari. \u00cd Kar\u00feag\u00f3 var \u00feessi tv\u00f6falda nafngift notu\u00f0 \u00ed stj\u00f3rnm\u00e1lalegum tilgangi til a\u00f0 opna f\u00f6nik\u00edska tr\u00fa fyrir gr\u00edskum bandam\u00f6nnum.<\/p>\t\t\t\t\t\t\t\t<\/div>\n\t\t\t\t<\/div>\n\t\t\t\t\t<\/div>\n\t\t\t\t<\/div>\n\t\t<div class=\"elementor-element elementor-element-iwgw-melqart-s7 e-flex e-con-boxed e-con e-parent\" data-id=\"iwgw-melqart-s7\" data-element_type=\"container\" data-e-type=\"container\">\n\t\t\t\t\t<div class=\"e-con-inner\">\n\t\t\t\t<div class=\"elementor-element elementor-element-iwgw-melqart-s7h elementor-widget elementor-widget-heading\" data-id=\"iwgw-melqart-s7h\" data-element_type=\"widget\" data-e-type=\"widget\" data-widget_type=\"heading.default\">\n\t\t\t\t\t<h2 class=\"elementor-heading-title elementor-size-default\">N\u00fat\u00edmavi\u00f0t\u00f6kur og ranns\u00f3knir<\/h2>\t\t\t\t<\/div>\n\t\t<div class=\"elementor-element elementor-element-iwgw-melqart-s7c e-con-full e-flex e-con e-child\" data-id=\"iwgw-melqart-s7c\" data-element_type=\"container\" data-e-type=\"container\">\n\t\t\t\t<div class=\"elementor-element elementor-element-iwgw-melqart-s7t elementor-widget elementor-widget-text-editor\" data-id=\"iwgw-melqart-s7t\" data-element_type=\"widget\" data-e-type=\"widget\" data-widget_type=\"text-editor.default\">\n\t\t\t\t\t\t\t\t\t<p>Ranns\u00f3knir \u00e1 Melqart standa n\u00fa \u00e1 h\u00e1u stigi. Fr\u00e6\u00f0irit Corinne Bonnet, <em>Melqart<\/em> (1988), og s\u00ed\u00f0ari ranns\u00f3knir hennar eru sta\u00f0alvi\u00f0mi\u00f0un; Maria Eugenia Aubet, Sabatino Moscati og H\u00e9l\u00e8ne Sader hafa lagt fram mikilv\u00e6ga \u00fe\u00e6tti \u00e1 fornleifafr\u00e6\u00f0ilega svi\u00f0inu. \u00c1letranirnar eru a\u00f0gengilegar \u00ed \u00fatg\u00e1fum Charles Krahmalkov og Wolfgang R\u00f6llig.<\/p><p>\u00cd almennri m\u00f3tt\u00f6ku er Melqart \u00feekktastur fyrir sams\u00f6mun s\u00edna vi\u00f0 Herakles og fyrir Tartessos-s\u00f6gurnar (tengdar Karambolo-fj\u00e1rsj\u00f3\u00f0num, &#8216;gullnu eplum Hesper\u00eddanna&#8217;). \u00cd L\u00edbanon n\u00fat\u00edmans hefur T\u00fdros, fr\u00e1 1990 og \u00e1fram, endurbyggt fornleifasv\u00e6\u00f0i s\u00edn og \u00fear me\u00f0 endurvaki\u00f0 Melqart sem menningarlegt <span class=\"iwg-fachbegriff\" data-tooltip=\"Merki sem stendur fyrir hugmynd e\u00f0a merkingu.\" tabindex=\"0\">t\u00e1kn<\/span>.<\/p><p>V\u00edsindalega er Melqart n\u00fa talinn mikilv\u00e6gt ranns\u00f3knarefni fyrir f\u00f6nik\u00edska tr\u00fa, fyrir borgargu\u00f0s-<span class=\"iwg-fachbegriff\" data-tooltip=\"V\u00edsindaleg fr\u00e6\u00f0i um gu\u00f0 og tr\u00fa innan tr\u00faarbrag\u00f0a.\" tabindex=\"0\">gu\u00f0fr\u00e6\u00f0i<\/span> og fyrir tr\u00faarlega gangverki\u00f0 \u00e1 Mi\u00f0jar\u00f0arhafssv\u00e6\u00f0inu. N\u00faverandi ranns\u00f3knar\u00e1herslur sn\u00faa a\u00f0 a\u00f0greiningu sta\u00f0bundinna Melqart-birtingarmynda, myndr\u00e6nni flutningi yfir \u00ed gr\u00edska Heraklesar-hef\u00f0 og fornleifaranns\u00f3knum \u00e1 helgista\u00f0 Gades. iWell Guard skr\u00e1ir Melqart sem s\u00f6gulegan me\u00f0lim <span class=\"iwg-fachbegriff\" data-tooltip=\"Heild gu\u00f0a innan tr\u00faarbrag\u00f0a e\u00f0a menningar.\" tabindex=\"0\">go\u00f0aheims<\/span>.<\/p><p>Hellen\u00edskar myntir fr\u00e1 T\u00fdrosi og Kar\u00feag\u00f3 s\u00fdna einnig myndir af Melqart, oft me\u00f0 kylfu, boga e\u00f0a skipsstafn. \u00deessi myntlist er mikilv\u00e6g heimild um myndr\u00e6na s\u00f6gu Melqart.<\/p><p>N\u00fdlegar ranns\u00f3knir Josephine Quinn og Brian Doak hafa endursko\u00f0a\u00f0 hlutverk Melqart \u00ed m\u00f3tun p\u00fanverskrar sj\u00e1lfsmyndar og \u00ed snertisv\u00e6\u00f0i R\u00f3mverja og F\u00f6nik\u00edumanna.<\/p>\t\t\t\t\t\t\t\t<\/div>\n\t\t\t\t<\/div>\n\t\t\t\t\t<\/div>\n\t\t\t\t<\/div>\n\t\t<div class=\"elementor-element elementor-element-iwgw-melqart-s8 e-flex e-con-boxed e-con e-parent\" data-id=\"iwgw-melqart-s8\" data-element_type=\"container\" data-e-type=\"container\">\n\t\t\t\t\t<div class=\"e-con-inner\">\n\t\t\t\t<div class=\"elementor-element elementor-element-iwgw-melqart-s8h elementor-widget elementor-widget-heading\" data-id=\"iwgw-melqart-s8h\" data-element_type=\"widget\" data-e-type=\"widget\" data-widget_type=\"heading.default\">\n\t\t\t\t\t<h2 class=\"elementor-heading-title elementor-size-default\">Heimildir og b\u00f3kmenntir<\/h2>\t\t\t\t<\/div>\n\t\t<div class=\"elementor-element elementor-element-iwgw-melqart-s8c e-con-full e-flex e-con e-child\" data-id=\"iwgw-melqart-s8c\" data-element_type=\"container\" data-e-type=\"container\">\n\t\t\t\t<div class=\"elementor-element elementor-element-iwgw-melqart-s8t elementor-widget elementor-widget-text-editor\" data-id=\"iwgw-melqart-s8t\" data-element_type=\"widget\" data-e-type=\"widget\" data-widget_type=\"text-editor.default\">\n\t\t\t\t\t\t\t\t\t<p>Eftirfarandi \u00farval tekur saman mikilv\u00e6gustu sta\u00f0alrit um ranns\u00f3knir \u00e1 Melqart. \u00dea\u00f0 sameinar fr\u00e6\u00f0irit, \u00fatg\u00e1fur \u00e1letrana og tr\u00faars\u00f6gulegar samantektir. B\u00f3k Corinne Bonnet, <em>Melqart<\/em>, er fyrsta skrefi\u00f0; Burkert fjallar um gr\u00edsku hli\u00f0ina; Aubet um \u00fatbrei\u00f0slu \u00e1 Mi\u00f0jar\u00f0arhafssv\u00e6\u00f0inu; Krahmalkov um m\u00e1ls\u00f6gulegt efni. N\u00fdjasta fr\u00e6\u00f0irit H\u00e9l\u00e8ne Sader b\u00fd\u00f0ur upp \u00e1 fornleifafr\u00e6\u00f0ilega samantekt.<\/p>\t\t\t\t\t\t\t\t<\/div>\n\t\t\t\t<\/div>\n\t\t\t\t\t<\/div>\n\t\t\t\t<\/div>\n\t\t<div class=\"elementor-element elementor-element-cp2ff50c6c e-flex e-con-boxed e-con e-parent\" data-id=\"cp2ff50c6c\" data-element_type=\"container\" data-e-type=\"container\">\n\t\t\t\t\t<div class=\"e-con-inner\">\n\t\t\t\t<div class=\"elementor-element elementor-element-cp202ddb76 elementor-widget elementor-widget-heading\" data-id=\"cp202ddb76\" data-element_type=\"widget\" data-e-type=\"widget\" data-widget_type=\"heading.default\">\n\t\t\t\t\t<h2 class=\"elementor-heading-title elementor-size-default\">Egersis, endurvakningarh\u00e1t\u00ed\u00f0 Melqart<\/h2>\t\t\t\t<\/div>\n\t\t<div class=\"elementor-element elementor-element-cp2683cd7c e-flex e-con-boxed e-con e-child\" data-id=\"cp2683cd7c\" data-element_type=\"container\" data-e-type=\"container\">\n\t\t\t\t\t<div class=\"e-con-inner\">\n\t\t\t\t<div class=\"elementor-element elementor-element-cp27bc6d8a elementor-widget elementor-widget-text-editor\" data-id=\"cp27bc6d8a\" data-element_type=\"widget\" data-e-type=\"widget\" data-widget_type=\"text-editor.default\">\n\t\t\t\t\t\t\t\t\t<p>S\u00e9rkenni Melqart-d\u00fdrkunarins \u00ed T\u00fdros var \u00e1rleg h\u00e1t\u00ed\u00f0 sem gr\u00edskar heimildir kalla <em>egersis<\/em>, endurvakning e\u00f0a upprisu gu\u00f0sins. Or\u00f0i\u00f0 gefur til kynna a\u00f0 h\u00e1t\u00ed\u00f0in hafi byggst \u00e1 \u00feeirri hugmynd a\u00f0 Melqart deyi og sn\u00fai aftur til l\u00edfsins.<\/p><p>\u00deannig tilheyrir Melqart flokki forn-austurlenskra gu\u00f0a \u00fear sem <span class=\"iwg-fachbegriff\" data-tooltip=\"Heild tr\u00faarlegra tilbei\u00f0sluathafna fyrir gu\u00f0 e\u00f0a heilaga veru.\" tabindex=\"0\">d\u00fdrkun<\/span> var tengd hringr\u00e1s dau\u00f0a og endurkomu, samb\u00e6rilegt vi\u00f0 Adonis e\u00f0a mes\u00f3p\u00f3tam\u00edska Dumuzi.<\/p><p>N\u00e1kv\u00e6mir helgisi\u00f0ir egersis eru a\u00f0eins brotakennt kunnir. <span class=\"iwg-fachbegriff\" data-tooltip=\"T\u00edmabil gr\u00edskrar og r\u00f3mverskrar menningar, um 800 f.Kr. til 600 e.Kr.\" tabindex=\"0\">Forn\u00f6ld<\/span>ar-h\u00f6fundar nefna brennslu myndar e\u00f0a l\u00edkneskis af gu\u00f0inum og tala um einstakling sem bar titilinn endurvakjari gu\u00f0sins.<\/p><p>Tali\u00f0 er a\u00f0 h\u00e1t\u00ed\u00f0in hafi veri\u00f0 tengd vorinu og \u00fear me\u00f0 endurvakningu n\u00e1tt\u00farunnar, en heimildir leyfa ekki \u00f6ruggan endurbyggingu. Mikilv\u00e6g <span class=\"iwg-fachbegriff\" data-tooltip=\"Texti sem er ristur e\u00f0a h\u00f6ggvinn \u00ed varanlegt efni.\" tabindex=\"0\">\u00e1letrun<\/span> fr\u00e1 Kition \u00e1 K\u00fdpur nefnir <em>mqm \u02belm<\/em>, endurvakjara gu\u00f0sins, sem tr\u00faarlegt emb\u00e6tti og sta\u00f0festir \u00feannig \u00f3beint tilvist sl\u00edkrar h\u00e1t\u00ed\u00f0ar.<\/p><p>S\u00f6guleg s\u00e9\u00f0 er egersis mikilv\u00e6g \u00fev\u00ed h\u00fan gerir Melqart \u00f6\u00f0ruv\u00edsi en hreinan borgar- og konungsgu\u00f0 og veitir honum hj\u00e1lpr\u00e6\u00f0islegan, hringr\u00e1sarkenndan bl\u00e6. Corinne Bonnet hefur \u00ed fr\u00e6\u00f0iriti s\u00ednu um Melqart fari\u00f0 gagnr\u00fdni\u00f0 yfir tilt\u00e6kt efni um egersis og vara\u00f0 vi\u00f0 a\u00f0 flokka hana of flj\u00f3tt undir eldra munstur deyjandi og uppr\u00edsandi gu\u00f0a.<\/p><p>Fr\u00e6\u00f0imenn eru samm\u00e1la um a\u00f0 h\u00e1t\u00ed\u00f0in hafi veri\u00f0 til, en \u00f3samm\u00e1la um n\u00e1kv\u00e6ma mynd hennar. H\u00fan er eitt af \u00feeim atri\u00f0um f\u00f6nik\u00edska h\u00e1t\u00ed\u00f0ardagatalsins sem hefur veri\u00f0 hva\u00f0 umr\u00e6ddast.<\/p>\t\t\t\t\t\t\t\t<\/div>\n\t\t\t\t\t<\/div>\n\t\t\t\t<\/div>\n\t\t\t\t\t<\/div>\n\t\t\t\t<\/div>\n\t\t<div class=\"elementor-element elementor-element-cp25186adb e-flex e-con-boxed e-con e-parent\" data-id=\"cp25186adb\" data-element_type=\"container\" data-e-type=\"container\">\n\t\t\t\t\t<div class=\"e-con-inner\">\n\t\t\t\t<div class=\"elementor-element elementor-element-cp2e3a4f25 elementor-widget elementor-widget-heading\" data-id=\"cp2e3a4f25\" data-element_type=\"widget\" data-e-type=\"widget\" data-widget_type=\"heading.default\">\n\t\t\t\t\t<h2 class=\"elementor-heading-title elementor-size-default\">Melqart og Herakles, tv\u00f6f\u00f6ld sj\u00e1lfsmynd<\/h2>\t\t\t\t<\/div>\n\t\t<div class=\"elementor-element elementor-element-cp226fa5a4 e-flex e-con-boxed e-con e-child\" data-id=\"cp226fa5a4\" data-element_type=\"container\" data-e-type=\"container\">\n\t\t\t\t\t<div class=\"e-con-inner\">\n\t\t\t\t<div class=\"elementor-element elementor-element-cp243726bf elementor-widget elementor-widget-text-editor\" data-id=\"cp243726bf\" data-element_type=\"widget\" data-e-type=\"widget\" data-widget_type=\"text-editor.default\">\n\t\t\t\t\t\t\t\t\t<p>Grikkir jafna\u00f0u Melqart alltaf vi\u00f0 hetju s\u00edna Herakles. \u00deessi samsv\u00f6run var svo r\u00f3tgr\u00f3in a\u00f0 hi\u00f0 fr\u00e6ga <span class=\"iwg-fachbegriff\" data-tooltip=\"Heilagur sta\u00f0ur tileinka\u00f0ur tilbei\u00f0slu \u00e1 gu\u00f0d\u00f3mi.\" tabindex=\"0\">helgista\u00f0ur<\/span> Melqarts \u00ed Gadir, n\u00faverandi C\u00e1diz vi\u00f0 str\u00f6nd Sp\u00e1nar vi\u00f0 Atlantshafi\u00f0, kemur fram \u00ed fornum heimildum sem Heraklesarhof.<\/p><p>S\u00falur Heraklesar, G\u00edbraltarsundi\u00f0, eru nefndar eftir \u00feessari tengingu; upphaflega hafa \u00fe\u00e6r l\u00edklega veri\u00f0 s\u00falur Melqarts.<\/p><p>\u00c1st\u00e6\u00f0ur samsv\u00f6runarins liggja \u00ed sameiginlegum einkennum \u00feessara tveggja pers\u00f3na. B\u00e1\u00f0ar eru \u00fe\u00e6r taldar hetjur sem fara \u00ed langar fer\u00f0ir, komast a\u00f0 ytri m\u00f6rkum hins kunna heims og brei\u00f0a \u00fat menningu og reglu.<\/p><p>Melqart var talinn verndargu\u00f0 tyrverskrar landn\u00e1ms; hvar sem T\u00fdrus stofna\u00f0i d\u00f3tturborg, fr\u00e1 Kar\u00feag\u00f3 til Gadir, var honum reist <span class=\"iwg-fachbegriff\" data-tooltip=\"Heilagur sta\u00f0ur tileinka\u00f0ur tilbei\u00f0slu \u00e1 gu\u00f0d\u00f3mi.\" tabindex=\"0\">helgista\u00f0ur<\/span>. Herakles fer aftur \u00e1 m\u00f3ti \u00ed gr\u00edskri <span class=\"iwg-fachbegriff\" data-tooltip=\"Munnm\u00e6lasaga sem var\u00f0veist hefur, oft me\u00f0 s\u00f6gulegum kjarna og undursamlegum \u00fe\u00e1ttum.\" tabindex=\"0\">s\u00f6gn<\/span> um allt Mi\u00f0jar\u00f0arhafssv\u00e6\u00f0i\u00f0. B\u00e6\u00f0i tengjast dau\u00f0a og yfirvinningu dau\u00f0ans, Melqart \u00ed gegnum egersis, Herakles me\u00f0 uppt\u00f6ku sinni me\u00f0al gu\u00f0anna eftir b\u00e1lk\u00f6stinn.<\/p><p>Fr\u00e6\u00f0imenn tala um samsemd sem virka\u00f0i \u00ed b\u00e1\u00f0ar \u00e1ttir. Sum einkenni gr\u00edska Heraklesar, s\u00e9rstaklega b\u00e1lkastarsagan, g\u00e6tu hafa veri\u00f0 m\u00f3tu\u00f0 af hinum f\u00f6nik\u00edska Melqart. \u00c1 hinn b\u00f3ginn kemur Melqart fram \u00ed tv\u00edtyngdum \u00e1letrunum, me\u00f0al annars \u00e1 fr\u00e6gri f\u00f6nik\u00edsk-gr\u00edskri tv\u00edtyngdri \u00e1letrun fr\u00e1 M\u00f6ltu, beint jafna\u00f0ur vi\u00f0 Herakles.<\/p><p>\u00deessi maltverska <span class=\"iwg-fachbegriff\" data-tooltip=\"Texti sem hefur veri\u00f0 skorinn e\u00f0a greyptur \u00ed varanlegt efni.\" tabindex=\"0\">\u00e1letrun<\/span> var \u00e1 18. \u00f6ld einn af lyklunum a\u00f0 r\u00e1\u00f0ningu f\u00f6nik\u00edska ritm\u00e1lsins. Tv\u00f6falda kennileiti\u00f0 Melqart-Herakles er \u00feannig fyrirmyndard\u00e6mi um hvernig tv\u00e6r menningarheimar greindu einn <span class=\"iwg-fachbegriff\" data-tooltip=\"Vera sem d\u00fdrku\u00f0 er sem gu\u00f0d\u00f3mleg innan tr\u00faarbrag\u00f0a.\" tabindex=\"0\">gu\u00f0d\u00f3m<\/span> sem einn og sama og fl\u00e9ttu\u00f0u saman munnm\u00e6li s\u00edn.<\/p>\t\t\t\t\t\t\t\t<\/div>\n\t\t\t\t\t<\/div>\n\t\t\t\t<\/div>\n\t\t\t\t\t<\/div>\n\t\t\t\t<\/div>\n\t\t<div class=\"elementor-element elementor-element-cp22fd1a8d e-flex e-con-boxed e-con e-parent\" data-id=\"cp22fd1a8d\" data-element_type=\"container\" data-e-type=\"container\">\n\t\t\t\t\t<div class=\"e-con-inner\">\n\t\t\t\t<div class=\"elementor-element elementor-element-cp2fd95ae4 elementor-widget elementor-widget-heading\" data-id=\"cp2fd95ae4\" data-element_type=\"widget\" data-e-type=\"widget\" data-widget_type=\"heading.default\">\n\t\t\t\t\t<h2 class=\"elementor-heading-title elementor-size-default\">Melqart \u00ed s\u00f6gu Kar\u00feag\u00f3borgar og T\u00fdrusar<\/h2>\t\t\t\t<\/div>\n\t\t<div class=\"elementor-element elementor-element-cp274edf27 e-flex e-con-boxed e-con e-child\" data-id=\"cp274edf27\" data-element_type=\"container\" data-e-type=\"container\">\n\t\t\t\t\t<div class=\"e-con-inner\">\n\t\t\t\t<div class=\"elementor-element elementor-element-cp27b9f300 elementor-widget elementor-widget-text-editor\" data-id=\"cp27b9f300\" data-element_type=\"widget\" data-e-type=\"widget\" data-widget_type=\"text-editor.default\">\n\t\t\t\t\t\t\t\t\t<p>Melqart var borgargu\u00f0 T\u00fdrusar, og mikilv\u00e6gi hans n\u00e6r langt \u00fat fyrir tr\u00faarbr\u00f6g\u00f0in inn \u00ed stj\u00f3rnm\u00e1las\u00f6gu hins f\u00f6nik\u00edska vesturs. \u00deegar T\u00fdrus stofna\u00f0i Kar\u00feag\u00f3 \u00e1 n\u00edundu \u00f6ld fyrir okkar t\u00edmatal, h\u00e9lst n\u00fdja borgin tr\u00fa m\u00f3\u00f0urborgargu\u00f0inum.<\/p><p>Kar\u00feag\u00f3skar heimildir og <span class=\"iwg-fachbegriff\" data-tooltip=\"T\u00edmabil gr\u00edskrar og r\u00f3mverskrar menningar, um 800 f.Kr. til 600 e.Kr.\" tabindex=\"0\">fornaldar<\/span>fr\u00e1sagnir greina fr\u00e1 \u00fev\u00ed a\u00f0 Kar\u00feag\u00f3 sendi \u00e1rlega t\u00edund tekna sinna til Melqart-<span class=\"iwg-fachbegriff\" data-tooltip=\"Helgur sta\u00f0ur sem er tileinka\u00f0ur d\u00fdrkun gu\u00f0s.\" tabindex=\"0\">helgista\u00f0arins<\/span> \u00ed T\u00fdrus, <span class=\"iwg-fachbegriff\" data-tooltip=\"Hef\u00f0bundin ath\u00f6fn sem er endurtekin reglulega \u00ed samf\u00e9lagi.\" tabindex=\"0\">venja<\/span> sem ger\u00f0i tr\u00faarleg og p\u00f3lit\u00edsk tengsl milli n\u00fdlendu og m\u00f3\u00f0urborgar s\u00fdnileg um aldir.<\/p><p>Ums\u00e1tri\u00f0 um T\u00fdrus af h\u00e1lfu Alexanders mikla \u00e1ri\u00f0 332 fyrir okkar t\u00edmatal er n\u00e1tengt Melqart. Alexander vildi f\u00e6ra f\u00f3rnir \u00ed <span class=\"iwg-fachbegriff\" data-tooltip=\"Helgur sta\u00f0ur sem er tileinka\u00f0ur d\u00fdrkun gu\u00f0s.\" tabindex=\"0\">helgista\u00f0<\/span> gu\u00f0sins, sem hann taldi vera Heraklesar, sem hann taldi sig vera afkomanda af.<\/p><p>T\u00fdrverjar neitu\u00f0u honum um a\u00f0gang, sem var\u00f0 kveikjan a\u00f0 hinu margra m\u00e1na\u00f0a langa ums\u00e1tri sem a\u00f0 lokum t\u00f3kst. \u00deessi atbur\u00f0ur s\u00fdnir hversu mikinn p\u00f3lit\u00edskan sprengikraft a\u00f0gangur a\u00f0 borgarhelgista\u00f0 gat haft.<\/p><p>Einnig \u00e1 r\u00f3mverskum t\u00edma h\u00e9lst Melqart-<span class=\"iwg-fachbegriff\" data-tooltip=\"\u00d6ll tr\u00faarleg d\u00fdrkunarath\u00f6fn tileinku\u00f0 gu\u00f0i e\u00f0a heilagri veru.\" tabindex=\"0\">d\u00fdrkunin<\/span> lifandi. Septimius Severus var upprunninn fr\u00e1 Lepcis Magna \u00ed Nor\u00f0ur-Afr\u00edku, upphaflega f\u00f6nik\u00edskri stofnun me\u00f0 eigin Melqart-<span class=\"iwg-fachbegriff\" data-tooltip=\"\u00d6ll tr\u00faarleg d\u00fdrkunarath\u00f6fn tileinku\u00f0 gu\u00f0i e\u00f0a heilagri veru.\" tabindex=\"0\">d\u00fdrkun<\/span>, og \u00e6tt hans efldi f\u00f6nik\u00edskar hef\u00f0ir.<\/p><p>Corinne Bonnet hefur raki\u00f0 \u00feessa l\u00f6ngu s\u00f6gu fr\u00e1 fyrri hluta <span class=\"iwg-fachbegriff\" data-tooltip=\"Fors\u00f6guleg t\u00edmabil eftir brons\u00f6ld, einkennist af j\u00e1rnvinnslu.\" tabindex=\"0\">j\u00e1rnaldar<\/span> fram \u00e1 keisarat\u00edmann og s\u00fdnt a\u00f0 Melqart var st\u00f6\u00f0ugt gu\u00f0 borgarinnar, valdsins og landn\u00e1msins. Saga hans er \u00fear me\u00f0 einnig hluti af s\u00f6gu f\u00f6nik\u00edskrar \u00fat\u00feenslu um allt Mi\u00f0jar\u00f0arhafi\u00f0.<\/p>\t\t\t\t\t\t\t\t<\/div>\n\t\t\t\t\t<\/div>\n\t\t\t\t<\/div>\n\t\t\t\t\t<\/div>\n\t\t\t\t<\/div>\n\t\t<div class=\"elementor-element elementor-element-iwgw-melqart-lit e-flex e-con-boxed e-con e-parent\" data-id=\"iwgw-melqart-lit\" data-element_type=\"container\" data-e-type=\"container\">\n\t\t\t\t\t<div class=\"e-con-inner\">\n\t\t\t\t<div class=\"elementor-element elementor-element-iwgw-melqart-lith elementor-widget elementor-widget-heading\" data-id=\"iwgw-melqart-lith\" data-element_type=\"widget\" data-e-type=\"widget\" data-widget_type=\"heading.default\">\n\t\t\t\t\t<h2 class=\"elementor-heading-title elementor-size-default\">Heimildir (\u00farval)<\/h2>\t\t\t\t<\/div>\n\t\t<div class=\"elementor-element elementor-element-iwgw-melqart-litc e-con-full e-flex e-con e-child\" data-id=\"iwgw-melqart-litc\" data-element_type=\"container\" data-e-type=\"container\">\n\t\t\t\t<div class=\"elementor-element elementor-element-iwgw-melqart-litt elementor-widget elementor-widget-text-editor\" data-id=\"iwgw-melqart-litt\" data-element_type=\"widget\" data-e-type=\"widget\" data-widget_type=\"text-editor.default\">\n\t\t\t\t\t\t\t\t\t<div data-nosnippet=\"true\"><ul><li>Corinne Bonnet: <em>Melqart<\/em> (Leuven\/Namur 1988)<\/li><li>Sabatino Moscati: <em>Die Ph\u00f6niker<\/em> (Stuttgart 1966)<\/li><li>Maria Eugenia Aubet: <em>The Phoenicians and the West<\/em> (Cambridge 2001)<\/li><li>Walter Burkert: <em>Die orientalisierende Epoche<\/em> (Heidelberg 1984)<\/li><li>H\u00e9l\u00e8ne Sader: <em>The History and Archaeology of Phoenicia<\/em> (Atlanta 2019)<\/li><li>Charles Krahmalkov: <em>A Phoenician-Punic Grammar<\/em> (Leiden 2001)<\/li><\/ul><\/div>\t\t\t\t\t\t\t\t<\/div>\n\t\t\t\t<\/div>\n\t\t\t\t\t<\/div>\n\t\t\t\t<\/div>\n\t\t<div class=\"elementor-element elementor-element-iwgkw2-add-melqart e-flex e-con-boxed e-con e-parent\" data-id=\"iwgkw2-add-melqart\" data-element_type=\"container\" data-e-type=\"container\">\n\t\t\t\t\t<div class=\"e-con-inner\">\n\t\t\t\t<div class=\"elementor-element elementor-element-iwgkw2-add-melqart-t elementor-widget elementor-widget-text-editor\" data-id=\"iwgkw2-add-melqart-t\" data-element_type=\"widget\" data-e-type=\"widget\" data-widget_type=\"text-editor.default\">\n\t\t\t\t\t\t\t\t\t<p>S\u00e1 <em><span class=\"iwg-fachbegriff\" data-tooltip=\"Munnm\u00e6lasaga um gu\u00f0i, upphaf og skipan heimsins.\" tabindex=\"0\">go\u00f0s\u00f6gn<\/span><\/em> um Melqart tengir \u00e1rlegan dau\u00f0a hans \u00ed eldi og upprisu hans vi\u00f0 <span class=\"iwg-fachbegriff\" data-tooltip=\"Heild tr\u00faarlegra tilbei\u00f0sluathafna helga\u00f0ra gu\u00f0d\u00f3mi e\u00f0a heilagri pers\u00f3nu.\" tabindex=\"0\">d\u00fdrkunina<\/span> \u00ed T\u00fdrus og m\u00f3ta\u00f0i f\u00f6nik\u00edska helgista\u00f0i fr\u00e1 Gades til Kar\u00feag\u00f3borgar.<\/p>\t\t\t\t\t\t\t\t<\/div>\n\t\t\t\t\t<\/div>\n\t\t\t\t<\/div>\n\t\t<div class=\"elementor-element elementor-element-iwgw-melqart-kwd e-flex e-con-boxed e-con e-parent\" data-id=\"iwgw-melqart-kwd\" data-element_type=\"container\" data-e-type=\"container\">\n\t\t\t\t\t<div class=\"e-con-inner\">\n\t\t<div class=\"elementor-element elementor-element-iwgw-melqart-kwdc e-con-full e-flex e-con e-child\" data-id=\"iwgw-melqart-kwdc\" data-element_type=\"container\" data-e-type=\"container\">\n\t\t\t\t<div class=\"elementor-element elementor-element-iwgw-melqart-kwdt elementor-widget elementor-widget-text-editor\" data-id=\"iwgw-melqart-kwdt\" data-element_type=\"widget\" data-e-type=\"widget\" data-widget_type=\"text-editor.default\">\n\t\t\t\t\t\t\t\t\t<p><em>Tengd lykilor\u00f0: Melqart T\u00fdrus F\u00f6nik\u00edumenn Herakles Gades borgargu\u00f0 egersis upprisa.<\/em><\/p>\t\t\t\t\t\t\t\t<\/div>\n\t\t\t\t<\/div>\n\t\t\t\t\t<\/div>\n\t\t\t\t<\/div>\n\t\t<div class=\"elementor-element elementor-element-iwgw-melqart-cc e-flex e-con-boxed e-con e-parent\" data-id=\"iwgw-melqart-cc\" data-element_type=\"container\" data-e-type=\"container\" id=\"iwg-cc-melqart\">\n\t\t\t\t\t<div class=\"e-con-inner\">\n\t\t<div class=\"elementor-element elementor-element-iwgw-melqart-ccinner e-flex e-con-boxed e-con e-parent\" data-id=\"iwgw-melqart-ccinner\" data-element_type=\"container\" data-e-type=\"container\" data-settings=\"{&quot;background_background&quot;:&quot;classic&quot;}\">\n\t\t\t\t\t<div class=\"e-con-inner\">\n\t\t\t\t<div class=\"elementor-element elementor-element-iwgw-melqart-cch elementor-widget elementor-widget-heading\" data-id=\"iwgw-melqart-cch\" data-element_type=\"widget\" data-e-type=\"widget\" data-widget_type=\"heading.default\">\n\t\t\t\t\t<h2 class=\"elementor-heading-title elementor-size-default\">iWell Guard og verndarhef\u00f0ir<\/h2>\t\t\t\t<\/div>\n\t\t\t\t<div class=\"elementor-element elementor-element-iwgw-melqart-cct elementor-widget elementor-widget-text-editor\" data-id=\"iwgw-melqart-cct\" data-element_type=\"widget\" data-e-type=\"widget\" data-widget_type=\"text-editor.default\">\n\t\t\t\t\t\t\t\t\t<div data-nosnippet=\"true\"><p>iWell Guard tengist menningars\u00f6gulegri hef\u00f0 fyrir verndargripum sem borin eru \u00e1 s\u00e9r, \u00ed hef\u00f0 <a href=\"https:\/\/iwell-guard.com\/is\/fonikiumenn-og-kartago-baal-tanit\/\">F\u00f6nik\u00edumanna<\/a> og margra annarra menningarheima um allan heim. 41 lag, alv\u00f6ru gull, plat\u00edna, silfur, framleitt \u00ed \u00de\u00fdskalandi. 30 daga skilar\u00e9ttur.<\/p><\/div>\t\t\t\t\t\t\t\t<\/div>\n\t\t\t\t<div class=\"elementor-element elementor-element-iwgw-melqart-ccb iwg-cc-button iwg-cc-cta-2026-05-13 elementor-widget elementor-widget-jet-button\" data-id=\"iwgw-melqart-ccb\" data-element_type=\"widget\" data-e-type=\"widget\" data-widget_type=\"jet-button.default\">\n\t\t\t\t<div class=\"elementor-widget-container\">\n\t\t\t\t\t<div class=\"elementor-jet-button jet-elements\"><div class=\"jet-button__container\"><a class=\"jet-button__instance jet-button__instance--icon-left hover-effect-1\" href=\"\/ueber-iwell-guard\/?utm_source=iwell-guard.com&amp;utm_medium=info-box&amp;utm_campaign=wesen-tradition\"><div class=\"jet-button__plane jet-button__plane-normal\"><\/div><div class=\"jet-button__plane jet-button__plane-hover\"><\/div><div class=\"jet-button__state jet-button__state-normal\"><span class=\"jet-button__label\">Meira um iWell Guard<\/span><\/div><div class=\"jet-button__state jet-button__state-hover\"><span class=\"jet-button__label\">Meira um iWell Guard<\/span><\/div><\/a><\/div><\/div><style>.elementor-element.elementor-element-iwgw-melqart-ccb .jet-button__instance{width:320px;height:56px;}.elementor-element.elementor-element-iwgw-melqart-ccb .jet-button__state-normal .jet-button__label{text-align:center;margin:0px 0px 0px 0px;color:#1a1b20;font-family:Montserrat,sans-serif;font-size:13px;font-weight:400;letter-spacing:4px;line-height:1.714em;text-transform:uppercase;}.elementor-element.elementor-element-iwgw-melqart-ccb .jet-button__state-hover .jet-button__label{text-align:center;margin:0px 0px 0px 0px;color:#FECC76;font-family:Montserrat,sans-serif;font-size:13px;font-weight:400;letter-spacing:4px;line-height:1.714em;text-transform:uppercase;}.elementor-element.elementor-element-iwgw-melqart-ccb .jet-button__plane-normal{background-color:#FECC76;border-style:solid;border-color:#C99540;border-width:2px 2px 2px 2px;}.elementor-element.elementor-element-iwgw-melqart-ccb .jet-button__plane-hover{background-color:rgba(0,0,0,0.55);border-style:solid;border-color:#FECC76;border-width:2px 2px 2px 2px;}<\/style>\t\t\t\t<\/div>\n\t\t\t\t<\/div>\n\t\t\t\t<div class=\"elementor-element elementor-element-iwgw-melqart-ccd elementor-widget elementor-widget-text-editor\" data-id=\"iwgw-melqart-ccd\" data-element_type=\"widget\" data-e-type=\"widget\" data-widget_type=\"text-editor.default\">\n\t\t\t\t\t\t\t\t\t<div data-nosnippet=\"true\"><p style=\"text-align:center;font-size:13px;opacity:0.7;margin-top:14px\" data-nosnippet=\"true\">Pers\u00f3nuleg reynsla getur veri\u00f0 mismunandi. Ekki l\u00e6kningat\u00e6ki. Engin lofor\u00f0 um l\u00e6kningu.<\/p><\/div>\t\t\t\t\t\t\t\t<\/div>\n\t\t\t\t\t<\/div>\n\t\t\t\t<\/div>\n\t\t\t\t\t<\/div>\n\t\t\t\t<\/div>\n\t\t<div class=\"elementor-element elementor-element-iwgw-melqart-disc e-flex e-con-boxed e-con e-parent\" data-id=\"iwgw-melqart-disc\" data-element_type=\"container\" data-e-type=\"container\">\n\t\t\t\t\t<div class=\"e-con-inner\">\n\t\t\t\t<div class=\"elementor-element elementor-element-iwgw-melqart-discw elementor-widget elementor-widget-html\" data-id=\"iwgw-melqart-discw\" data-element_type=\"widget\" data-e-type=\"widget\" data-widget_type=\"html.default\">\n\t\t\t\t\t<footer data-nosnippet=\"true\" class=\"iwg-disclaimer-block\"><p data-nosnippet=\"true\">iWell Guard er <strong>ekki l\u00e6kningat\u00e6ki<\/strong> og kemur ekki \u00ed sta\u00f0inn fyrir l\u00e6knis- e\u00f0a s\u00e1lfr\u00e6\u00f0ime\u00f0fer\u00f0. Tr\u00faarfr\u00e6\u00f0ilegt efni er menningars\u00f6gulegt samhengi, ekki r\u00e1\u00f0legging um andlega i\u00f0kun.<\/p><\/footer>\t\t\t\t<\/div>\n\t\t\t\t\t<\/div>\n\t\t\t\t<\/div>\n\t\t\t\t<\/div>\n\t\t","protected":false},"excerpt":{"rendered":"","protected":false},"author":3,"featured_media":2850,"parent":0,"menu_order":0,"comment_status":"closed","ping_status":"closed","template":"elementor_header_footer","meta":{"_yoast_wpseo_focuskw":"Melqart T\u00fdrus F\u00f6nik\u00edumenn","_yoast_wpseo_title":"Melqart \u2013 borgargu\u00f0 T\u00fdrusar, go\u00f0s\u00f6gn, d\u00fdrkun, Herakles","_yoast_wpseo_metadesc":"Melqart, 'konungur borgarinnar', er f\u00f6nik\u00edskur borgargu\u00f0 T\u00fdrusar, sem Grikkir s\u00f6mdu vi\u00f0 Herakles. Go\u00f0s\u00f6gn, d\u00fdrkun og s\u00f6guleg sta\u00f0setning.","_yoast_wpseo_meta-robots-noindex":"","_yoast_wpseo_canonical":"","_angie_page":false,"gefaehrdungsstufe":"2","wesen_kultur":"phoenizisch","wesen_klasse":"goetter","footnotes":""},"categories":[],"class_list":["post-168970","page","type-page","status-publish","has-post-thumbnail","hentry"],"yoast_head":"<!-- This site is optimized with the Yoast SEO Premium plugin v27.7 (Yoast SEO v28.3) - https:\/\/yoast.com\/product\/yoast-seo-premium-wordpress\/ -->\n<title>Melqart \u2013 borgargu\u00f0 T\u00fdrusar, go\u00f0s\u00f6gn, d\u00fdrkun, Herakles<\/title>\n<meta name=\"description\" content=\"Melqart, &#039;konungur borgarinnar&#039;, er f\u00f6nik\u00edskur borgargu\u00f0 T\u00fdrusar, sem Grikkir s\u00f6mdu vi\u00f0 Herakles. Go\u00f0s\u00f6gn, d\u00fdrkun og s\u00f6guleg sta\u00f0setning.\" \/>\n<meta name=\"robots\" content=\"index, follow, max-snippet:-1, max-image-preview:large, max-video-preview:-1\" \/>\n<link rel=\"canonical\" href=\"https:\/\/iwell-guard.com\/is\/melqart-borgargud-tyrusar\/\" \/>\n<meta property=\"og:locale\" content=\"is_IS\" \/>\n<meta property=\"og:type\" content=\"article\" \/>\n<meta property=\"og:title\" content=\"Melqart \u2013 borgargu\u00f0 T\u00fdrusar\" \/>\n<meta property=\"og:description\" content=\"Melqart, &#039;konungur borgarinnar&#039;, er f\u00f6nik\u00edskur borgargu\u00f0 T\u00fdrusar, sem Grikkir s\u00f6mdu vi\u00f0 Herakles. Go\u00f0s\u00f6gn, d\u00fdrkun og s\u00f6guleg sta\u00f0setning.\" \/>\n<meta property=\"og:url\" content=\"https:\/\/iwell-guard.com\/is\/melqart-borgargud-tyrusar\/\" \/>\n<meta property=\"og:site_name\" content=\"iWell Guard\" \/>\n<meta property=\"article:modified_time\" content=\"2026-09-05T14:27:34+00:00\" \/>\n<meta property=\"og:image\" content=\"https:\/\/iwell-guard.com\/wp-content\/uploads\/2026\/05\/goetter_phoenizisch_melqart.webp\" \/>\n\t<meta property=\"og:image:width\" content=\"1024\" \/>\n\t<meta property=\"og:image:height\" content=\"1536\" \/>\n\t<meta property=\"og:image:type\" content=\"image\/webp\" \/>\n<meta name=\"twitter:card\" content=\"summary_large_image\" \/>\n<script type=\"application\/ld+json\" class=\"yoast-schema-graph\">{\"@context\":\"https:\\\/\\\/schema.org\",\"@graph\":[{\"@type\":\"WebPage\",\"@id\":\"https:\\\/\\\/iwell-guard.com\\\/is\\\/melqart-borgargud-tyrusar\\\/\",\"url\":\"https:\\\/\\\/iwell-guard.com\\\/is\\\/melqart-borgargud-tyrusar\\\/\",\"name\":\"Melqart \u2013 borgargu\u00f0 T\u00fdrusar, go\u00f0s\u00f6gn, d\u00fdrkun, Herakles\",\"isPartOf\":{\"@id\":\"https:\\\/\\\/iwell-guard.com\\\/is\\\/#website\"},\"primaryImageOfPage\":{\"@id\":\"https:\\\/\\\/iwell-guard.com\\\/is\\\/melqart-borgargud-tyrusar\\\/#primaryimage\"},\"image\":{\"@id\":\"https:\\\/\\\/iwell-guard.com\\\/is\\\/melqart-borgargud-tyrusar\\\/#primaryimage\"},\"thumbnailUrl\":\"https:\\\/\\\/iwell-guard.com\\\/wp-content\\\/uploads\\\/2026\\\/05\\\/goetter_phoenizisch_melqart.webp\",\"datePublished\":\"2026-09-05T14:04:29+00:00\",\"dateModified\":\"2026-09-05T14:27:34+00:00\",\"description\":\"Melqart, 'konungur borgarinnar', er f\u00f6nik\u00edskur borgargu\u00f0 T\u00fdrusar, sem Grikkir s\u00f6mdu vi\u00f0 Herakles. Go\u00f0s\u00f6gn, d\u00fdrkun og s\u00f6guleg sta\u00f0setning.\",\"breadcrumb\":{\"@id\":\"https:\\\/\\\/iwell-guard.com\\\/is\\\/melqart-borgargud-tyrusar\\\/#breadcrumb\"},\"inLanguage\":\"is\",\"potentialAction\":[{\"@type\":\"ReadAction\",\"target\":[\"https:\\\/\\\/iwell-guard.com\\\/is\\\/melqart-borgargud-tyrusar\\\/\"]}]},{\"@type\":\"ImageObject\",\"inLanguage\":\"is\",\"@id\":\"https:\\\/\\\/iwell-guard.com\\\/is\\\/melqart-borgargud-tyrusar\\\/#primaryimage\",\"url\":\"https:\\\/\\\/iwell-guard.com\\\/wp-content\\\/uploads\\\/2026\\\/05\\\/goetter_phoenizisch_melqart.webp\",\"contentUrl\":\"https:\\\/\\\/iwell-guard.com\\\/wp-content\\\/uploads\\\/2026\\\/05\\\/goetter_phoenizisch_melqart.webp\",\"width\":1024,\"height\":1536,\"caption\":\"Gu\u00f0ir \u00far f\u00f6nik\u00edskri hef\u00f0.\"},{\"@type\":\"BreadcrumbList\",\"@id\":\"https:\\\/\\\/iwell-guard.com\\\/is\\\/melqart-borgargud-tyrusar\\\/#breadcrumb\",\"itemListElement\":[{\"@type\":\"ListItem\",\"position\":1,\"name\":\"Start\",\"item\":\"https:\\\/\\\/iwell-guard.com\\\/is\\\/?page_id=168580\"},{\"@type\":\"ListItem\",\"position\":2,\"name\":\"Melqart \u2013 borgargu\u00f0 T\u00fdrusar\"}]},{\"@type\":\"WebSite\",\"@id\":\"https:\\\/\\\/iwell-guard.com\\\/is\\\/#website\",\"url\":\"https:\\\/\\\/iwell-guard.com\\\/is\\\/\",\"name\":\"iWell Guard\",\"description\":\"Schutz vor dunklen Einfl\u00fcssen\",\"publisher\":{\"@id\":\"https:\\\/\\\/iwell-guard.com\\\/is\\\/#organization\"},\"potentialAction\":[{\"@type\":\"SearchAction\",\"target\":{\"@type\":\"EntryPoint\",\"urlTemplate\":\"https:\\\/\\\/iwell-guard.com\\\/is\\\/?s={search_term_string}\"},\"query-input\":{\"@type\":\"PropertyValueSpecification\",\"valueRequired\":true,\"valueName\":\"search_term_string\"}}],\"inLanguage\":\"is\"},{\"@type\":\"Organization\",\"@id\":\"https:\\\/\\\/iwell-guard.com\\\/is\\\/#organization\",\"name\":\"Ittermann electronic GmbH\",\"url\":\"https:\\\/\\\/iwell-guard.com\\\/is\\\/\",\"logo\":{\"@type\":\"ImageObject\",\"inLanguage\":\"is\",\"@id\":\"https:\\\/\\\/iwell-guard.com\\\/is\\\/#\\\/schema\\\/logo\\\/image\\\/\",\"url\":\"https:\\\/\\\/iwell-guard.com\\\/wp-content\\\/uploads\\\/2026\\\/05\\\/Ittermann-Logo-1182x237-1.png\",\"contentUrl\":\"https:\\\/\\\/iwell-guard.com\\\/wp-content\\\/uploads\\\/2026\\\/05\\\/Ittermann-Logo-1182x237-1.png\",\"width\":1182,\"height\":237,\"caption\":\"Ittermann electronic GmbH\"},\"image\":{\"@id\":\"https:\\\/\\\/iwell-guard.com\\\/is\\\/#\\\/schema\\\/logo\\\/image\\\/\"},\"sameAs\":[\"https:\\\/\\\/pantip.com\\\/profile\\\/9367242\",\"https:\\\/\\\/micro.blog\\\/iwellguard\",\"https:\\\/\\\/www.diggerslist.com\\\/iwellguard\\\/about\",\"https:\\\/\\\/skitterphoto.com\\\/photographers\\\/2870314\\\/iwell-guard\",\"https:\\\/\\\/iwellguard.wordpress.com\\\/2026\\\/06\\\/06\\\/iwell-guard\\\/\",\"https:\\\/\\\/hub.docker.com\\\/u\\\/iwellguard\",\"https:\\\/\\\/www.pinterest.com\\\/iwellguard\\\/\",\"https:\\\/\\\/bit.ly\\\/m\\\/iwellguard\",\"https:\\\/\\\/entre-vos-mains.alsace.eu\\\/profiles\\\/iwellguard\\\/activity\",\"https:\\\/\\\/gravatar.com\\\/reallybeded8fd34\",\"https:\\\/\\\/naijamatta.com\\\/iwellguard\",\"https:\\\/\\\/www.goodreads.com\\\/iwellguard\",\"https:\\\/\\\/profile.hatena.ne.jp\\\/iwellguard\\\/\",\"https:\\\/\\\/experiment.com\\\/users\\\/iwellguard\",\"https:\\\/\\\/wakelet.com\\\/@iWellGuard82270\",\"https:\\\/\\\/www.chordie.com\\\/forum\\\/profile.php?id=2555664\",\"https:\\\/\\\/www.instapaper.com\\\/p\\\/17757966\",\"https:\\\/\\\/www.mapleprimes.com\\\/users\\\/iwellguard\",\"https:\\\/\\\/businesslistingplus.com\\\/profile\\\/iwell-guard\\\/\",\"https:\\\/\\\/telegra.ph\\\/iWell-Guard-06-06\",\"https:\\\/\\\/pbase.com\\\/iwellguard\\\/iwellguard\",\"https:\\\/\\\/b.hatena.ne.jp\\\/iwellguard\\\/20260607#bookmark-4788405196491818882\",\"https:\\\/\\\/fliphtml5.com\\\/home\\\/iwellguard\",\"https:\\\/\\\/anyflip.com\\\/homepage\\\/cmiwl#About\",\"https:\\\/\\\/transfur.com\\\/Users\\\/iwellguard\",\"http:\\\/\\\/delphi.larsbo.org\\\/user\\\/iwellguard\",\"https:\\\/\\\/jobs.lajobsportal.org\\\/profiles\\\/8380803-iwell-guard\",\"https:\\\/\\\/md.chaosdorf.de\\\/s\\\/jfbe5SBdJD\",\"https:\\\/\\\/www.lingvolive.com\\\/en-us\\\/profile\\\/9ecaeaca-ce11-4e51-9e71-01d55e2bff36\\\/translations\",\"https:\\\/\\\/www.fitday.com\\\/fitness\\\/forums\\\/members\\\/iwellguard.html\",\"https:\\\/\\\/www.mymeetbook.com\\\/iwellguard\",\"https:\\\/\\\/pxhere.com\\\/en\\\/photographer-me\\\/5040798\",\"https:\\\/\\\/disqus.com\\\/by\\\/iwellguard\\\/about\\\/\",\"https:\\\/\\\/pastelink.net\\\/hjwciqwq\",\"https:\\\/\\\/pubhtml5.com\\\/homepage\\\/scjhn\\\/\",\"https:\\\/\\\/www.bitchute.com\\\/channel\\\/2O2eOKzNqujT\",\"https:\\\/\\\/audiomack.com\\\/iwellguard\"]},{\"@type\":\"Article\",\"@id\":\"https:\\\/\\\/iwell-guard.com\\\/is\\\/melqart-borgargud-tyrusar\\\/#article\",\"isPartOf\":{\"@id\":\"https:\\\/\\\/iwell-guard.com\\\/is\\\/melqart-borgargud-tyrusar\\\/\"},\"author\":{\"name\":\"Ralf Ittermann\",\"@id\":\"https:\\\/\\\/iwell-guard.com\\\/is\\\/#\\\/schema\\\/person\\\/ee2a27f1cac3406c7c6fb5820cb7349f\"},\"headline\":\"Melqart \u2013 borgargu\u00f0 T\u00fdrusar\",\"datePublished\":\"2026-09-05T14:04:29+00:00\",\"dateModified\":\"2026-09-05T14:27:34+00:00\",\"mainEntityOfPage\":{\"@id\":\"https:\\\/\\\/iwell-guard.com\\\/is\\\/melqart-borgargud-tyrusar\\\/\"},\"publisher\":{\"@id\":\"https:\\\/\\\/iwell-guard.com\\\/is\\\/#organization\"},\"image\":{\"@id\":\"https:\\\/\\\/iwell-guard.com\\\/is\\\/melqart-borgargud-tyrusar\\\/#primaryimage\"},\"thumbnailUrl\":\"https:\\\/\\\/iwell-guard.com\\\/wp-content\\\/uploads\\\/2026\\\/05\\\/goetter_phoenizisch_melqart.webp\",\"inLanguage\":\"is\",\"description\":\"Melqart, 'konungur borgarinnar', er f\u00f6nik\u00edskur borgargu\u00f0 T\u00fdrusar, sem Grikkir s\u00f6mdu vi\u00f0 Herakles. Go\u00f0s\u00f6gn, d\u00fdrkun og s\u00f6guleg sta\u00f0setning.\"}]}<\/script>\n<!-- \/ Yoast SEO Premium plugin. -->","yoast_head_json":{"title":"Melqart \u2013 borgargu\u00f0 T\u00fdrusar, go\u00f0s\u00f6gn, d\u00fdrkun, Herakles","description":"Melqart, 'konungur borgarinnar', er f\u00f6nik\u00edskur borgargu\u00f0 T\u00fdrusar, sem Grikkir s\u00f6mdu vi\u00f0 Herakles. Go\u00f0s\u00f6gn, d\u00fdrkun og s\u00f6guleg sta\u00f0setning.","robots":{"index":"index","follow":"follow","max-snippet":"max-snippet:-1","max-image-preview":"max-image-preview:large","max-video-preview":"max-video-preview:-1"},"canonical":"https:\/\/iwell-guard.com\/is\/melqart-borgargud-tyrusar\/","og_locale":"is_IS","og_type":"article","og_title":"Melqart \u2013 borgargu\u00f0 T\u00fdrusar","og_description":"Melqart, 'konungur borgarinnar', er f\u00f6nik\u00edskur borgargu\u00f0 T\u00fdrusar, sem Grikkir s\u00f6mdu vi\u00f0 Herakles. Go\u00f0s\u00f6gn, d\u00fdrkun og s\u00f6guleg sta\u00f0setning.","og_url":"https:\/\/iwell-guard.com\/is\/melqart-borgargud-tyrusar\/","og_site_name":"iWell Guard","article_modified_time":"2026-09-05T14:27:34+00:00","og_image":[{"width":1024,"height":1536,"url":"https:\/\/iwell-guard.com\/wp-content\/uploads\/2026\/05\/goetter_phoenizisch_melqart.webp","type":"image\/webp"}],"twitter_card":"summary_large_image","schema":{"@context":"https:\/\/schema.org","@graph":[{"@type":"Article","@id":"https:\/\/iwell-guard.com\/is\/melqart-borgargud-tyrusar\/#article","isPartOf":{"@id":"https:\/\/iwell-guard.com\/is\/melqart-borgargud-tyrusar\/"},"author":{"name":"Ralf Ittermann","@id":"https:\/\/iwell-guard.com\/is\/#\/schema\/person\/ee2a27f1cac3406c7c6fb5820cb7349f"},"headline":"Melqart \u2013 borgargu\u00f0 T\u00fdrusar","datePublished":"2026-09-05T14:04:29+00:00","dateModified":"2026-09-05T14:27:34+00:00","mainEntityOfPage":{"@id":"https:\/\/iwell-guard.com\/is\/melqart-borgargud-tyrusar\/"},"publisher":{"@id":"https:\/\/iwell-guard.com\/is\/#organization"},"image":{"@id":"https:\/\/iwell-guard.com\/is\/melqart-borgargud-tyrusar\/#primaryimage"},"thumbnailUrl":"https:\/\/iwell-guard.com\/wp-content\/uploads\/2026\/05\/goetter_phoenizisch_melqart.webp","inLanguage":"is","description":"Melqart, 'konungur borgarinnar', er f\u00f6nik\u00edskur borgargu\u00f0 T\u00fdrusar, sem Grikkir s\u00f6mdu vi\u00f0 Herakles. Go\u00f0s\u00f6gn, d\u00fdrkun og s\u00f6guleg sta\u00f0setning."},{"@type":"WebPage","@id":"https:\/\/iwell-guard.com\/is\/melqart-borgargud-tyrusar\/","url":"https:\/\/iwell-guard.com\/is\/melqart-borgargud-tyrusar\/","name":"Melqart \u2013 borgargu\u00f0 T\u00fdrusar, go\u00f0s\u00f6gn, d\u00fdrkun, Herakles","isPartOf":{"@id":"https:\/\/iwell-guard.com\/is\/#website"},"primaryImageOfPage":{"@id":"https:\/\/iwell-guard.com\/is\/melqart-borgargud-tyrusar\/#primaryimage"},"image":{"@id":"https:\/\/iwell-guard.com\/is\/melqart-borgargud-tyrusar\/#primaryimage"},"thumbnailUrl":"https:\/\/iwell-guard.com\/wp-content\/uploads\/2026\/05\/goetter_phoenizisch_melqart.webp","datePublished":"2026-09-05T14:04:29+00:00","dateModified":"2026-09-05T14:27:34+00:00","description":"Melqart, 'konungur borgarinnar', er f\u00f6nik\u00edskur borgargu\u00f0 T\u00fdrusar, sem Grikkir s\u00f6mdu vi\u00f0 Herakles. Go\u00f0s\u00f6gn, d\u00fdrkun og s\u00f6guleg sta\u00f0setning.","breadcrumb":{"@id":"https:\/\/iwell-guard.com\/is\/melqart-borgargud-tyrusar\/#breadcrumb"},"inLanguage":"is","potentialAction":[{"@type":"ReadAction","target":["https:\/\/iwell-guard.com\/is\/melqart-borgargud-tyrusar\/"]}]},{"@type":"ImageObject","inLanguage":"is","@id":"https:\/\/iwell-guard.com\/is\/melqart-borgargud-tyrusar\/#primaryimage","url":"https:\/\/iwell-guard.com\/wp-content\/uploads\/2026\/05\/goetter_phoenizisch_melqart.webp","contentUrl":"https:\/\/iwell-guard.com\/wp-content\/uploads\/2026\/05\/goetter_phoenizisch_melqart.webp","width":1024,"height":1536,"caption":"Gu\u00f0ir \u00far f\u00f6nik\u00edskri hef\u00f0."},{"@type":"BreadcrumbList","@id":"https:\/\/iwell-guard.com\/is\/melqart-borgargud-tyrusar\/#breadcrumb","itemListElement":[{"@type":"ListItem","position":1,"name":"Start","item":"https:\/\/iwell-guard.com\/is\/?page_id=168580"},{"@type":"ListItem","position":2,"name":"Melqart \u2013 borgargu\u00f0 T\u00fdrusar"}]},{"@type":"WebSite","@id":"https:\/\/iwell-guard.com\/is\/#website","url":"https:\/\/iwell-guard.com\/is\/","name":"iWell Guard","description":"Schutz vor dunklen Einfl\u00fcssen","publisher":{"@id":"https:\/\/iwell-guard.com\/is\/#organization"},"potentialAction":[{"@type":"SearchAction","target":{"@type":"EntryPoint","urlTemplate":"https:\/\/iwell-guard.com\/is\/?s={search_term_string}"},"query-input":{"@type":"PropertyValueSpecification","valueRequired":true,"valueName":"search_term_string"}}],"inLanguage":"is"},{"@type":"Organization","@id":"https:\/\/iwell-guard.com\/is\/#organization","name":"Ittermann electronic GmbH","url":"https:\/\/iwell-guard.com\/is\/","logo":{"@type":"ImageObject","inLanguage":"is","@id":"https:\/\/iwell-guard.com\/is\/#\/schema\/logo\/image\/","url":"https:\/\/iwell-guard.com\/wp-content\/uploads\/2026\/05\/Ittermann-Logo-1182x237-1.png","contentUrl":"https:\/\/iwell-guard.com\/wp-content\/uploads\/2026\/05\/Ittermann-Logo-1182x237-1.png","width":1182,"height":237,"caption":"Ittermann electronic GmbH"},"image":{"@id":"https:\/\/iwell-guard.com\/is\/#\/schema\/logo\/image\/"},"sameAs":["https:\/\/pantip.com\/profile\/9367242","https:\/\/micro.blog\/iwellguard","https:\/\/www.diggerslist.com\/iwellguard\/about","https:\/\/skitterphoto.com\/photographers\/2870314\/iwell-guard","https:\/\/iwellguard.wordpress.com\/2026\/06\/06\/iwell-guard\/","https:\/\/hub.docker.com\/u\/iwellguard","https:\/\/www.pinterest.com\/iwellguard\/","https:\/\/bit.ly\/m\/iwellguard","https:\/\/entre-vos-mains.alsace.eu\/profiles\/iwellguard\/activity","https:\/\/gravatar.com\/reallybeded8fd34","https:\/\/naijamatta.com\/iwellguard","https:\/\/www.goodreads.com\/iwellguard","https:\/\/profile.hatena.ne.jp\/iwellguard\/","https:\/\/experiment.com\/users\/iwellguard","https:\/\/wakelet.com\/@iWellGuard82270","https:\/\/www.chordie.com\/forum\/profile.php?id=2555664","https:\/\/www.instapaper.com\/p\/17757966","https:\/\/www.mapleprimes.com\/users\/iwellguard","https:\/\/businesslistingplus.com\/profile\/iwell-guard\/","https:\/\/telegra.ph\/iWell-Guard-06-06","https:\/\/pbase.com\/iwellguard\/iwellguard","https:\/\/b.hatena.ne.jp\/iwellguard\/20260607#bookmark-4788405196491818882","https:\/\/fliphtml5.com\/home\/iwellguard","https:\/\/anyflip.com\/homepage\/cmiwl#About","https:\/\/transfur.com\/Users\/iwellguard","http:\/\/delphi.larsbo.org\/user\/iwellguard","https:\/\/jobs.lajobsportal.org\/profiles\/8380803-iwell-guard","https:\/\/md.chaosdorf.de\/s\/jfbe5SBdJD","https:\/\/www.lingvolive.com\/en-us\/profile\/9ecaeaca-ce11-4e51-9e71-01d55e2bff36\/translations","https:\/\/www.fitday.com\/fitness\/forums\/members\/iwellguard.html","https:\/\/www.mymeetbook.com\/iwellguard","https:\/\/pxhere.com\/en\/photographer-me\/5040798","https:\/\/disqus.com\/by\/iwellguard\/about\/","https:\/\/pastelink.net\/hjwciqwq","https:\/\/pubhtml5.com\/homepage\/scjhn\/","https:\/\/www.bitchute.com\/channel\/2O2eOKzNqujT","https:\/\/audiomack.com\/iwellguard"]},{"@type":"Person","@id":"https:\/\/iwell-guard.com\/is\/#\/schema\/person\/ee2a27f1cac3406c7c6fb5820cb7349f","name":"Ralf Ittermann","image":{"@type":"ImageObject","inLanguage":"is","@id":"https:\/\/secure.gravatar.com\/avatar\/073c0153e350a5005b68eb752b445fea71f6b24a26da9449ad7e155e6b446c9d?s=96&d=mm&r=g","url":"https:\/\/secure.gravatar.com\/avatar\/073c0153e350a5005b68eb752b445fea71f6b24a26da9449ad7e155e6b446c9d?s=96&d=mm&r=g","contentUrl":"https:\/\/secure.gravatar.com\/avatar\/073c0153e350a5005b68eb752b445fea71f6b24a26da9449ad7e155e6b446c9d?s=96&d=mm&r=g","caption":"Ralf Ittermann"},"givenName":"Ralf","familyName":"Ittermann","jobTitle":"Gesch\u00e4ftsf\u00fchrer und redaktioneller Verantwortlicher","url":"https:\/\/iwell-guard.com\/is\/author\/claude\/","description":"Ralf Ittermann ist Gesch\u00e4ftsf\u00fchrer der Ittermann electronic GmbH und redaktioneller Verantwortlicher des iWell-Guard-Lexikons. Er verbindet langj\u00e4hrige Erfahrung in der Pr\u00e4zisionsfertigung mit medialer Praxis und religionsgeschichtlicher Quellenarbeit.","worksFor":{"@type":"Organization","name":"Ittermann electronic GmbH","url":"https:\/\/ittermann.de\/","address":{"@type":"PostalAddress","streetAddress":"K\u00f6hlergasse 16-18","postalCode":"99842","addressLocality":"Ruhla","addressCountry":"DE"}},"knowsAbout":["Religionsgeschichte","Mythologie","Mediale Praxis","Energetische Diagnostik","Schutzpraxis","Volksglauben","Westliche Esoterik"]},{"@type":"Article","@id":"https:\/\/iwell-guard.com\/is\/melqart-borgargud-tyrusar\/#article","isPartOf":{"@id":"https:\/\/iwell-guard.com\/is\/melqart-borgargud-tyrusar\/"},"author":{"name":"Ralf Ittermann","@id":"https:\/\/iwell-guard.com\/is\/#\/schema\/person\/ee2a27f1cac3406c7c6fb5820cb7349f"},"headline":"Melqart \u2013 borgargu\u00f0 T\u00fdrusar","datePublished":"2026-09-05T14:04:29+00:00","dateModified":"2026-09-05T14:27:34+00:00","mainEntityOfPage":{"@id":"https:\/\/iwell-guard.com\/is\/melqart-borgargud-tyrusar\/"},"publisher":{"@id":"https:\/\/iwell-guard.com\/is\/#organization"},"image":{"@id":"https:\/\/iwell-guard.com\/is\/melqart-borgargud-tyrusar\/#primaryimage"},"thumbnailUrl":"https:\/\/iwell-guard.com\/wp-content\/uploads\/2026\/05\/goetter_phoenizisch_melqart.webp","inLanguage":"is","description":"Melqart, 'konungur borgarinnar', er f\u00f6nik\u00edskur borgargu\u00f0 T\u00fdrusar, sem Grikkir s\u00f6mdu vi\u00f0 Herakles. Go\u00f0s\u00f6gn, d\u00fdrkun og s\u00f6guleg sta\u00f0setning."}]}},"_links":{"self":[{"href":"https:\/\/iwell-guard.com\/is\/wp-json\/wp\/v2\/pages\/168970","targetHints":{"allow":["GET"]}}],"collection":[{"href":"https:\/\/iwell-guard.com\/is\/wp-json\/wp\/v2\/pages"}],"about":[{"href":"https:\/\/iwell-guard.com\/is\/wp-json\/wp\/v2\/types\/page"}],"author":[{"embeddable":true,"href":"https:\/\/iwell-guard.com\/is\/wp-json\/wp\/v2\/users\/3"}],"replies":[{"embeddable":true,"href":"https:\/\/iwell-guard.com\/is\/wp-json\/wp\/v2\/comments?post=168970"}],"version-history":[{"count":0,"href":"https:\/\/iwell-guard.com\/is\/wp-json\/wp\/v2\/pages\/168970\/revisions"}],"wp:featuredmedia":[{"embeddable":true,"href":"https:\/\/iwell-guard.com\/is\/wp-json\/wp\/v2\/media\/2850"}],"wp:attachment":[{"href":"https:\/\/iwell-guard.com\/is\/wp-json\/wp\/v2\/media?parent=168970"}],"wp:term":[{"taxonomy":"category","embeddable":true,"href":"https:\/\/iwell-guard.com\/is\/wp-json\/wp\/v2\/categories?post=168970"}],"curies":[{"name":"wp","href":"https:\/\/api.w.org\/{rel}","templated":true}]}}