{"id":168969,"date":"2026-09-05T14:04:28","date_gmt":"2026-09-05T14:04:28","guid":{"rendered":"https:\/\/iwell-guard.com\/?page_id=168969"},"modified":"2026-09-05T14:27:27","modified_gmt":"2026-09-05T14:27:27","slug":"baal-hadad-fonikiskur-vedurgud","status":"publish","type":"page","link":"https:\/\/iwell-guard.com\/is\/baal-hadad-fonikiskur-vedurgud\/","title":{"rendered":"Baal-Hadad \u2013 f\u00f6nik\u00edskur ve\u00f0urgu\u00f0"},"content":{"rendered":"\t\t<div data-elementor-type=\"wp-page\" data-elementor-id=\"168969\" class=\"elementor elementor-168969 elementor-2624 elementor-bc-flex-widget\" data-elementor-post-type=\"page\">\n\t\t\t\t<div class=\"elementor-element elementor-element-iwgw-baalhadad-hero e-flex e-con-boxed e-con e-parent\" data-id=\"iwgw-baalhadad-hero\" data-element_type=\"container\" data-e-type=\"container\" data-settings=\"{&quot;background_background&quot;:&quot;classic&quot;}\">\n\t\t\t\t\t<div class=\"e-con-inner\">\n\t\t<div class=\"elementor-element elementor-element-iwgw-baalhadad-hl e-flex e-con-boxed e-con e-child\" data-id=\"iwgw-baalhadad-hl\" data-element_type=\"container\" data-e-type=\"container\">\n\t\t\t\t\t<div class=\"e-con-inner\">\n\t\t<div class=\"elementor-element elementor-element-iwgw-baalhadad-htxt e-con-full e-flex e-con e-child\" data-id=\"iwgw-baalhadad-htxt\" data-element_type=\"container\" data-e-type=\"container\">\n\t\t\t\t<div class=\"elementor-element elementor-element-iwgw-baalhadad-h1 elementor-widget elementor-widget-heading\" data-id=\"iwgw-baalhadad-h1\" data-element_type=\"widget\" data-e-type=\"widget\" data-widget_type=\"heading.default\">\n\t\t\t\t\t<h1 class=\"elementor-heading-title elementor-size-default\">Baal-Hadad, f\u00f6nik\u00edskur ve\u00f0ur- og h\u00f6fu\u00f0gu\u00f0<\/h1>\t\t\t\t<\/div>\n\t\t\t\t<div class=\"elementor-element elementor-element-iwgw-baalhadad-lead elementor-widget elementor-widget-text-editor\" data-id=\"iwgw-baalhadad-lead\" data-element_type=\"widget\" data-e-type=\"widget\" data-widget_type=\"text-editor.default\">\n\t\t\t\t\t\t\t\t\t<p>Baal-Hadad er \u00e6\u00f0sti ve\u00f0urgu\u00f0 f\u00f6nik\u00edsk-kanaan\u00edskrar tr\u00faarbrag\u00f0a og hetja Baal-hringr\u00e1sarins \u00far \u00fagar\u00edt\u00edska textasafninu. Sem stormgu\u00f0 stj\u00f3rnar hann \u00ferumuve\u00f0rum, regni og frj\u00f3semi og berst gegn hinu \u00f3gnvekjandi hafi <a href=\"https:\/\/iwell-guard.com\/is\/?page_id=168975\">Yam<\/a> og dau\u00f0agu\u00f0inum <a href=\"https:\/\/iwell-guard.com\/is\/?page_id=168976\">Mot<\/a>. Sem ve\u00f0ur- og h\u00f6fu\u00f0gu\u00f0 stj\u00f3rnar Baal-Hadad \u00ferumuve\u00f0rum, regni og frj\u00f3semi f\u00f6nik\u00edsk-kanaan\u00edsks heims.<\/p>\t\t\t\t\t\t\t\t<\/div>\n\t\t\t\t<\/div>\n\t\t<div class=\"elementor-element elementor-element-iwgw-baalhadad-pillc e-con-full e-flex e-con e-child\" data-id=\"iwgw-baalhadad-pillc\" data-element_type=\"container\" data-e-type=\"container\">\n\t\t\t\t<div class=\"elementor-element elementor-element-iwgw-baalhadad-pills elementor-widget elementor-widget-html\" data-id=\"iwgw-baalhadad-pills\" data-element_type=\"widget\" data-e-type=\"widget\" data-widget_type=\"html.default\">\n\t\t\t\t\t<div class=\"iwg-pill-row\"><span class=\"iwg-klasse-badge\" tabindex=\"0\" data-tooltip=\"Ve\u00f0urgu\u00f0 hef\u00f0arins f\u00f6nik\u00edska.\">Ve\u00f0urgu\u00f0<\/span><a href=\"https:\/\/iwell-guard.com\/is\/fonikiumenn-og-kartago-baal-tanit\/\" class=\"iwg-kultur-badge\" tabindex=\"0\" data-tooltip=\"Go\u00f0afr\u00e6\u00f0i hef\u00f0arins f\u00f6nik\u00edska.\">F\u00f6nik\u00edsk<\/a><span class=\"iwg-tradition-badge\" tabindex=\"0\" data-tooltip=\"H\u00f6fu\u00f0go\u00f0veldi.\">H\u00f6fu\u00f0gu\u00f0<\/span><\/div>\t\t\t\t<\/div>\n\t\t\t\t<\/div>\n\t\t<div class=\"elementor-element elementor-element-iwgw-baalhadad-tocc e-con-full e-flex e-con e-child\" data-id=\"iwgw-baalhadad-tocc\" data-element_type=\"container\" data-e-type=\"container\">\n\t\t\t\t<div class=\"elementor-element elementor-element-iwgw-baalhadad-toc elementor-toc--minimized-on-tablet elementor-widget elementor-widget-table-of-contents\" data-id=\"iwgw-baalhadad-toc\" data-element_type=\"widget\" data-e-type=\"widget\" data-settings=\"{&quot;headings_by_tags&quot;:[&quot;h2&quot;,&quot;h3&quot;],&quot;minimize_box&quot;:&quot;yes&quot;,&quot;marker_view&quot;:&quot;bullets&quot;,&quot;no_headings_message&quot;:&quot;Engar undirfyrirsagnir fundust \\u00e1 \\u00feessari s\\u00ed\\u00f0u.&quot;,&quot;exclude_headings_by_selector&quot;:[],&quot;icon&quot;:{&quot;value&quot;:&quot;fas fa-circle&quot;,&quot;library&quot;:&quot;fa-solid&quot;,&quot;rendered_tag&quot;:&quot;&lt;svg class=\\&quot;e-font-icon-svg e-fas-circle\\&quot; viewBox=\\&quot;0 0 512 512\\&quot; xmlns=\\&quot;http:\\\/\\\/www.w3.org\\\/2000\\\/svg\\&quot;&gt;&lt;path d=\\&quot;M256 8C119 8 8 119 8 256s111 248 248 248 248-111 248-248S393 8 256 8z\\&quot;&gt;&lt;\\\/path&gt;&lt;\\\/svg&gt;&quot;},&quot;minimized_on&quot;:&quot;tablet&quot;,&quot;hierarchical_view&quot;:&quot;yes&quot;,&quot;min_height&quot;:{&quot;unit&quot;:&quot;px&quot;,&quot;size&quot;:&quot;&quot;,&quot;sizes&quot;:[]},&quot;min_height_tablet&quot;:{&quot;unit&quot;:&quot;px&quot;,&quot;size&quot;:&quot;&quot;,&quot;sizes&quot;:[]},&quot;min_height_mobile&quot;:{&quot;unit&quot;:&quot;px&quot;,&quot;size&quot;:&quot;&quot;,&quot;sizes&quot;:[]}}\" data-widget_type=\"table-of-contents.default\">\n\t\t\t\t\t\t\t\t\t<div class=\"elementor-toc__header\">\n\t\t\t\t\t\t<h2 class=\"elementor-toc__header-title\">\n\t\t\t\tEfnisyfirlit\t\t\t<\/h2>\n\t\t\t\t\t\t\t\t\t\t<div class=\"elementor-toc__toggle-button elementor-toc__toggle-button--expand\" role=\"button\" tabindex=\"0\" aria-controls=\"elementor-toc__iwgw-baalhadad-toc\" aria-expanded=\"true\" aria-label=\"Open table of contents\"><svg aria-hidden=\"true\" class=\"e-font-icon-svg e-fas-chevron-down\" viewBox=\"0 0 448 512\" xmlns=\"http:\/\/www.w3.org\/2000\/svg\"><path d=\"M207.029 381.476L12.686 187.132c-9.373-9.373-9.373-24.569 0-33.941l22.667-22.667c9.357-9.357 24.522-9.375 33.901-.04L224 284.505l154.745-154.021c9.379-9.335 24.544-9.317 33.901.04l22.667 22.667c9.373 9.373 9.373 24.569 0 33.941L240.971 381.476c-9.373 9.372-24.569 9.372-33.942 0z\"><\/path><\/svg><\/div>\n\t\t\t\t<div class=\"elementor-toc__toggle-button elementor-toc__toggle-button--collapse\" role=\"button\" tabindex=\"0\" aria-controls=\"elementor-toc__iwgw-baalhadad-toc\" aria-expanded=\"true\" aria-label=\"Close table of contents\"><svg aria-hidden=\"true\" class=\"e-font-icon-svg e-fas-chevron-up\" viewBox=\"0 0 448 512\" xmlns=\"http:\/\/www.w3.org\/2000\/svg\"><path d=\"M240.971 130.524l194.343 194.343c9.373 9.373 9.373 24.569 0 33.941l-22.667 22.667c-9.357 9.357-24.522 9.375-33.901.04L224 227.495 69.255 381.516c-9.379 9.335-24.544 9.317-33.901-.04l-22.667-22.667c-9.373-9.373-9.373-24.569 0-33.941L207.03 130.525c9.372-9.373 24.568-9.373 33.941-.001z\"><\/path><\/svg><\/div>\n\t\t\t\t\t<\/div>\n\t\t\t\t<div id=\"elementor-toc__iwgw-baalhadad-toc\" class=\"elementor-toc__body\">\n\t\t\t<div class=\"elementor-toc__spinner-container\">\n\t\t\t\t<svg class=\"elementor-toc__spinner eicon-animation-spin e-font-icon-svg e-eicon-loading\" aria-hidden=\"true\" viewBox=\"0 0 1000 1000\" xmlns=\"http:\/\/www.w3.org\/2000\/svg\"><path d=\"M500 975V858C696 858 858 696 858 500S696 142 500 142 142 304 142 500H25C25 237 238 25 500 25S975 237 975 500 763 975 500 975Z\"><\/path><\/svg>\t\t\t<\/div>\n\t\t<\/div>\n\t\t\t\t\t\t<\/div>\n\t\t\t\t<\/div>\n\t\t\t\t\t<\/div>\n\t\t\t\t<\/div>\n\t\t<div class=\"elementor-element elementor-element-iwgw-baalhadad-hr e-con-full e-flex e-con e-child\" data-id=\"iwgw-baalhadad-hr\" data-element_type=\"container\" data-e-type=\"container\">\n\t\t\t\t<div class=\"elementor-element elementor-element-iwgw-baalhadad-heroimg iwg-hero-image elementor-widget elementor-widget-image\" data-id=\"iwgw-baalhadad-heroimg\" data-element_type=\"widget\" data-e-type=\"widget\" data-widget_type=\"image.default\">\n\t\t\t\t\t\t\t\t\t\t\t\t\t\t\t<img fetchpriority=\"high\" decoding=\"async\" width=\"683\" height=\"1024\" src=\"https:\/\/iwell-guard.com\/wp-content\/uploads\/2026\/05\/goetter_phoenizisch_baal-hadad-683x1024.webp\" class=\"attachment-large size-large wp-image-170812\" alt=\"Baal Hadad - gu\u00f0 \u00far f\u00f6nik\u00edskri hef\u00f0, s\u00f6guleg-myndl\u00fdsandi framsetning\" srcset=\"https:\/\/iwell-guard.com\/wp-content\/uploads\/2026\/05\/goetter_phoenizisch_baal-hadad-683x1024.webp 683w, https:\/\/iwell-guard.com\/wp-content\/uploads\/2026\/05\/goetter_phoenizisch_baal-hadad-200x300.webp 200w, https:\/\/iwell-guard.com\/wp-content\/uploads\/2026\/05\/goetter_phoenizisch_baal-hadad-768x1152.webp 768w, https:\/\/iwell-guard.com\/wp-content\/uploads\/2026\/05\/goetter_phoenizisch_baal-hadad.webp 1024w\" sizes=\"(max-width: 683px) 100vw, 683px\" \/>\t\t\t\t\t\t\t\t\t\t\t\t\t\t\t<\/div>\n\t\t\t\t<\/div>\n\t\t\t\t\t<\/div>\n\t\t\t\t<\/div>\n\t\t\t\t<section class=\"elementor-section elementor-top-section elementor-element elementor-element-sec-iwgcomp2-baal-hadad elementor-section-boxed elementor-section-height-default elementor-section-height-default\" data-id=\"sec-iwgcomp2-baal-hadad\" data-element_type=\"section\" data-e-type=\"section\">\n\t\t\t\t\t\t<div class=\"elementor-container elementor-column-gap-default\">\n\t\t\t\t\t<div class=\"elementor-column elementor-col-100 elementor-top-column elementor-element elementor-element-col-iwgcomp2-baal-hadad\" data-id=\"col-iwgcomp2-baal-hadad\" data-element_type=\"column\" data-e-type=\"column\">\n\t\t\t<div class=\"elementor-widget-wrap elementor-element-populated\">\n\t\t\t\t\t\t<div class=\"elementor-element elementor-element-iwgcomp2-baal-hadad elementor-widget elementor-widget-text-editor\" data-id=\"iwgcomp2-baal-hadad\" data-element_type=\"widget\" data-e-type=\"widget\" data-widget_type=\"text-editor.default\">\n\t\t\t\t\t\t\t\t\t<p><strong><span class=\"iwg-fachbegriff\" data-tooltip=\"\u00d6ll tr\u00faarleg d\u00fdrkunarath\u00e6fi sem tilheyra gu\u00f0i e\u00f0a heilagri veru.\" tabindex=\"0\">D\u00fdrkun<\/span><\/strong> Baal-Hadads n\u00e1\u00f0i til <span class=\"iwg-fachbegriff\" data-tooltip=\"Bygging sem er notu\u00f0 til a\u00f0 tilbi\u00f0ja einn e\u00f0a fleiri gu\u00f0i.\" tabindex=\"0\">hofa<\/span> \u00ed Levant\u00ednu og Mes\u00f3p\u00f3tam\u00edu.<\/p>\t\t\t\t\t\t\t\t<\/div>\n\t\t\t\t\t<\/div>\n\t\t<\/div>\n\t\t\t\t\t<\/div>\n\t\t<\/section>\n\t\t<div class=\"elementor-element elementor-element-iwgw-baalhadad-s0 e-flex e-con-boxed e-con e-parent\" data-id=\"iwgw-baalhadad-s0\" data-element_type=\"container\" data-e-type=\"container\">\n\t\t\t\t\t<div class=\"e-con-inner\">\n\t\t\t\t<div class=\"elementor-element elementor-element-iwgw-baalhadad-s0h elementor-widget elementor-widget-heading\" data-id=\"iwgw-baalhadad-s0h\" data-element_type=\"widget\" data-e-type=\"widget\" data-widget_type=\"heading.default\">\n\t\t\t\t\t<h2 class=\"elementor-heading-title elementor-size-default\">Greining og skammrit<\/h2>\t\t\t\t<\/div>\n\t\t<div class=\"elementor-element elementor-element-iwgw-baalhadad-s0c e-con-full e-flex e-con e-child\" data-id=\"iwgw-baalhadad-s0c\" data-element_type=\"container\" data-e-type=\"container\">\n\t\t\t\t<div class=\"elementor-element elementor-element-iwgw-baalhadad-s0t elementor-widget elementor-widget-text-editor\" data-id=\"iwgw-baalhadad-s0t\" data-element_type=\"widget\" data-e-type=\"widget\" data-widget_type=\"text-editor.default\">\n\t\t\t\t\t\t\t\t\t<p>Baal-Hadad er \u00e6\u00f0sti ve\u00f0urgu\u00f0 f\u00f6nik\u00edska go\u00f0aheimsins og fylgir hef\u00f0 nor\u00f0vestursem\u00edt\u00edska stormgu\u00f0sins Hadads, sem er sta\u00f0festur allt fr\u00e1 elstu s\u00fdrlensku t\u00edmum (3. \u00e1r\u00fe\u00fasund f.Kr.) \u00ed Aleppo, Mari, Ebla og \u00dagar\u00edt.<\/p><p>Sabatino Moscati s\u00fdndi \u00ed <em>Die Ph\u00f6niker<\/em> (1965, \u00fe\u00fdsk \u00fatg. 1966) a\u00f0 Baal-Hadad myndar kjarna f\u00f6nik\u00edskrar h\u00e1\u00fer\u00f3a\u00f0ar tr\u00faar. Innan <a href=\"https:\/\/iwell-guard.com\/is\/fonikiumenn-og-kartago-baal-tanit\/\">f\u00f6nik\u00edska hef\u00f0arinnar<\/a> er hann langmikilv\u00e6gasta karlkyns <span class=\"iwg-fachbegriff\" data-tooltip=\"Vera sem er d\u00fdrku\u00f0 sem gu\u00f0leg innan tr\u00faarbrag\u00f0a.\" tabindex=\"0\">gu\u00f0veran<\/span>.<\/p><p>Nafni\u00f0 Baal er sem\u00edt\u00edskt samnafn og \u00fe\u00fd\u00f0ir &#8216;herra&#8217; e\u00f0a &#8216;eigandi&#8217;; \u00fea\u00f0 er sett fyrir framan m\u00f6rg sta\u00f0bundin birtingarform (Baal-\u0160amem, Baal-Hammon, Baal-Saphon, Baal-Sidon). Baal-Hadad t\u00e1knar meginformi\u00f0 me\u00f0 pers\u00f3nunafninu Hadad, sem v\u00edsar til \u00ferumu.<\/p><p>Corinne Bonnet l\u00fdsti \u00ed <em>Les enfants de Cadmos<\/em> (2015) f\u00f6nik\u00edsku <span class=\"iwg-fachbegriff\" data-tooltip=\"\u00d6ll gu\u00f0 tiltekinnar tr\u00faar e\u00f0a menningar.\" tabindex=\"0\">go\u00f0aheimsins<\/span> skipulagi me\u00f0 \u00edtarlegum h\u00e6tti; Mark Smith \u00ed <em>The Origins of Biblical Monotheism<\/em> (2001) tr\u00faars\u00f6gulegu samhengi \u00feess.<\/p><p>Fr\u00e1 tr\u00faarfr\u00e6\u00f0ilegu sj\u00f3narhorni er Baal-Hadad lykilgu\u00f0 nor\u00f0vestursem\u00edt\u00edska ve\u00f0urgu\u00f0ategundarins \u00e1 s\u00ed\u00f0brons\u00f6ld og <span class=\"iwg-fachbegriff\" data-tooltip=\"Fors\u00f6guleg t\u00edmabil eftir brons\u00f6ld, einkennist af j\u00e1rnvinnslu.\" tabindex=\"0\">j\u00e1rn\u00f6ld<\/span>. <span class=\"iwg-fachbegriff\" data-tooltip=\"Hef\u00f0bundin fr\u00e1s\u00f6gn um gu\u00f0i, uppruna og skipan heimsins.\" tabindex=\"0\">Go\u00f0s\u00f6gnin<\/span> um hann \u00ed Baal-hringr\u00e1s \u00dagar\u00edt (14. \u00f6ld f.Kr.) er mikilv\u00e6gasta go\u00f0sagnafr\u00e6\u00f0ilega samsetning vestursem\u00edt\u00edska heimsins. \u00c1 <span class=\"iwg-fachbegriff\" data-tooltip=\"Fors\u00f6guleg t\u00edmabil eftir brons\u00f6ld, einkennist af j\u00e1rnvinnslu.\" tabindex=\"0\">j\u00e1rn\u00f6ld<\/span> heldur d\u00fdrkun hans \u00e1fram \u00ed f\u00f6nik\u00edsku borgr\u00edkjunum T\u00fdrus, S\u00eddon, B\u00fdblos, Arvad og mi\u00f0jar\u00f0arhafsk\u00f3lum \u00feeirra.<\/p><p>Mikilv\u00e6gi Baal-Hadads s\u00e9st einnig af \u00fev\u00ed a\u00f0 birtingarform hans eru mikilv\u00e6gustu <span class=\"iwg-fachbegriff\" data-tooltip=\"Vera sem er d\u00fdrku\u00f0 sem gu\u00f0leg innan tr\u00faarbrag\u00f0a.\" tabindex=\"0\">gu\u00f0verurnar<\/span> \u00ed n\u00e6r hverju f\u00f6nik\u00edsku borgr\u00edki.<\/p><p>\u00cd T\u00fdrus ber <a href=\"https:\/\/iwell-guard.com\/is\/?page_id=168970\">Melqart<\/a> merki hans, \u00ed S\u00eddon Eshmun og Astarte, \u00ed B\u00fdblos Baal-\u0160amem; \u00f6ll \u00ferj\u00fa eru \u00ed v\u00ed\u00f0um skilningi birtingarform e\u00f0a synir Baals. \u00deessi &#8216;baalv\u00e6\u00f0ing&#8217; f\u00f6nik\u00edska go\u00f0aheimsins er eitt af einkennandi tr\u00faars\u00f6gulegum mynstrum <span class=\"iwg-fachbegriff\" data-tooltip=\"Fors\u00f6guleg t\u00edmabil eftir brons\u00f6ld, einkennist af j\u00e1rnvinnslu.\" tabindex=\"0\">j\u00e1rnaldarins<\/span>.<\/p>\t\t\t\t\t\t\t\t<\/div>\n\t\t\t\t<\/div>\n\t\t\t\t\t<\/div>\n\t\t\t\t<\/div>\n\t\t<div class=\"elementor-element elementor-element-iwgw-baalhadad-s1 e-flex e-con-boxed e-con e-parent\" data-id=\"iwgw-baalhadad-s1\" data-element_type=\"container\" data-e-type=\"container\">\n\t\t\t\t\t<div class=\"e-con-inner\">\n\t\t\t\t<div class=\"elementor-element elementor-element-iwgw-baalhadad-s1h elementor-widget elementor-widget-heading\" data-id=\"iwgw-baalhadad-s1h\" data-element_type=\"widget\" data-e-type=\"widget\" data-widget_type=\"heading.default\">\n\t\t\t\t\t<h2 class=\"elementor-heading-title elementor-size-default\">Nafn og or\u00f0sifjar<\/h2>\t\t\t\t<\/div>\n\t\t<div class=\"elementor-element elementor-element-iwgw-baalhadad-s1c e-con-full e-flex e-con e-child\" data-id=\"iwgw-baalhadad-s1c\" data-element_type=\"container\" data-e-type=\"container\">\n\t\t\t\t<div class=\"elementor-element elementor-element-iwgw-baalhadad-s1t elementor-widget elementor-widget-text-editor\" data-id=\"iwgw-baalhadad-s1t\" data-element_type=\"widget\" data-e-type=\"widget\" data-widget_type=\"text-editor.default\">\n\t\t\t\t\t\t\t\t\t<p>Tv\u00ednafni\u00f0 Baal-Hadad er samsett \u00far samnafninu <em>ba\u02bfal<\/em> &#8216;herra, eigandi&#8217; og pers\u00f3nunafninu <em>Haddu<\/em> e\u00f0a <em>Hadad<\/em>. R\u00f3tin <em>hdd<\/em> \u00fe\u00fd\u00f0ir &#8216;a\u00f0 \u00feruma&#8217; og heyrir til vestursem\u00edt\u00edsks or\u00f0afor\u00f0a um ve\u00f0urfyrirb\u00e6ri. Daniel Schwemer fjalla\u00f0i um \u00feessar or\u00f0sifjafr\u00e6\u00f0ilegu grunnsto\u00f0ir me\u00f0 \u00edtarlegum h\u00e6tti \u00ed <em>Die Wettergottgestalten Mesopotamiens und Nordsyriens<\/em> (2001).<\/p><p>\u00cd \u00fagar\u00edt\u00edskum textum kemur hann fram sem <em>b\u02bfl<\/em> (Baal) e\u00f0a <em>b\u02bfl hd<\/em> (Baal-Haddu); \u00ed f\u00f6nik\u00edskum \u00e1letrunum <span class=\"iwg-fachbegriff\" data-tooltip=\"Fors\u00f6guleg t\u00edmabil eftir brons\u00f6ld, einkennist af j\u00e1rnvinnslu.\" tabindex=\"0\">j\u00e1rnaldarins<\/span> er hreint Baal-nafn algengara, \u00e1vallt me\u00f0 sta\u00f0bundinni tilgreiningu. \u00cd akkad\u00edsku gu\u00f0alistaefninu er hann samsama\u00f0ur Adad; \u00ed hitt\u00edsku vi\u00f0 DU\/I\u0161kur, sem ger\u00f0i sams\u00f6munina vi\u00f0 <a href=\"https:\/\/iwell-guard.com\/is\/?page_id=168963\">Teshub<\/a> au\u00f0veldari.<\/p><p>\u00c1hugavert s\u00e9rform er Baal-Saphon, &#8216;herra fjallsins Saphon&#8217; (Mons Casius), fjallinu nor\u00f0an \u00dagar\u00edt sem var honum helga\u00f0. Saphon er b\u00fasta\u00f0ur hans og samsvarar virknilega hurr\u00edt\u00edska Hazzi e\u00f0a gr\u00edska \u00d3lympsfjalli. Sams\u00f6munin Baal-Hadad = Baal-Saphon er ger\u00f0 berum or\u00f0um \u00ed \u00fagar\u00edt\u00edsku textunum.<\/p><p>\u00cd hetta-l\u00fav\u00edsku hjer\u00f3gl\u00fdfa\u00e1letrunum nor\u00f0urs\u00fdrlensku borgr\u00edkjanna kemur Baal fram sem &#8216;Tarhunza v\u00ednekrunnar&#8217; e\u00f0a &#8216;Tarhunza fjallsins&#8217;; sams\u00f6munin vi\u00f0 anat\u00f3l\u00edska ve\u00f0urgu\u00f0inn ber vitni um n\u00e1in s\u00f6guleg tengsl s\u00ed\u00f0bronsaldar Levant\u00ednu.<\/p>\t\t\t\t\t\t\t\t<\/div>\n\t\t\t\t<\/div>\n\t\t\t\t\t<\/div>\n\t\t\t\t<\/div>\n\t\t<div class=\"elementor-element elementor-element-iwgw-baalhadad-s2 e-flex e-con-boxed e-con e-parent\" data-id=\"iwgw-baalhadad-s2\" data-element_type=\"container\" data-e-type=\"container\">\n\t\t\t\t\t<div class=\"e-con-inner\">\n\t\t\t\t<div class=\"elementor-element elementor-element-iwgw-baalhadad-s2h elementor-widget elementor-widget-heading\" data-id=\"iwgw-baalhadad-s2h\" data-element_type=\"widget\" data-e-type=\"widget\" data-widget_type=\"heading.default\">\n\t\t\t\t\t<h2 class=\"elementor-heading-title elementor-size-default\">L\u00fdsing og myndm\u00e1l<\/h2>\t\t\t\t<\/div>\n\t\t<div class=\"elementor-element elementor-element-iwgw-baalhadad-s2c e-con-full e-flex e-con e-child\" data-id=\"iwgw-baalhadad-s2c\" data-element_type=\"container\" data-e-type=\"container\">\n\t\t\t\t<div class=\"elementor-element elementor-element-iwgw-baalhadad-s2t elementor-widget elementor-widget-text-editor\" data-id=\"iwgw-baalhadad-s2t\" data-element_type=\"widget\" data-e-type=\"widget\" data-widget_type=\"text-editor.default\">\n\t\t\t\t\t\t\t\t\t<p>Baal-Hadad birtist \u00ed myndlist sem kraftalegur, skeggja\u00f0ur ma\u00f0ur \u00ed stuttri mittissk\u00fdlu, me\u00f0 reidda str\u00ed\u00f0s\u00f6xi e\u00f0a knippi af eldingum \u00ed annarri hendinni og lensu e\u00f0a axasprota \u00ed hinni.<\/p><p>\u00deekktasta framsetningin er <span class=\"iwg-fachbegriff\" data-tooltip=\"Uppr\u00e9tt steinhella e\u00f0a tr\u00e9tafla me\u00f0 \u00e1letrun e\u00f0a myndskreytingu.\" tabindex=\"0\">stelan<\/span> fr\u00e1 Ras Shamra (\u00dagar\u00edt, 13. \u00f6ld f.Kr.), sem s\u00fdnir Baal \u00ed hinu hef\u00f0bundna g\u00f6ngustellingarformi me\u00f0 reidda kylfu; <span class=\"iwg-fachbegriff\" data-tooltip=\"Uppr\u00e9tt steinhella e\u00f0a tr\u00e9tafla me\u00f0 \u00e1letrun e\u00f0a myndskreytingu.\" tabindex=\"0\">stelan<\/span> er n\u00fa var\u00f0veitt \u00ed Louvre-safninu.<\/p><p>Heilagt d\u00fdr hans er nauti\u00f0; \u00e1 m\u00f6rgum l\u00e1gmyndum stendur hann e\u00f0a gengur \u00e1 nauti e\u00f0a vi\u00f0 hli\u00f0 nauts. Nauta-t\u00e1knmyndin tengir hann vi\u00f0 Hadad og forn-s\u00fdrlenskar nauta-storm-gu\u00f0ahef\u00f0ir. \u00cd f\u00f6nik\u00edskum samhengjum kemur \u00f6rninn stundum einnig fram sem fylgid\u00fdr hans, hugsanlega undir mes\u00f3p\u00f3tam\u00edskum \u00e1hrifum.<\/p><p>\u00c1 f\u00f6nik\u00edskum myntum og stelum fr\u00e1 <span class=\"iwg-fachbegriff\" data-tooltip=\"Fors\u00f6guleg t\u00edmabil eftir brons\u00f6ld, einkennist af j\u00e1rnvinnslu.\" tabindex=\"0\">j\u00e1rn\u00f6ld<\/span> er myndhef\u00f0 hans nokku\u00f0 fj\u00f6lbreyttari; hann birtist sitjandi \u00ed h\u00e1s\u00e6ti, gangandi e\u00f0a sem alheimsdrottnari me\u00f0 stj\u00f6rnubakgrunn. \u00cd n\u00fdlendunum vi\u00f0 vestanvert Mi\u00f0jar\u00f0arhaf (Kar\u00feag\u00f3, Sikiley) rennur myndhef\u00f0 hans saman vi\u00f0 <a href=\"https:\/\/iwell-guard.com\/is\/?page_id=168973\">Baal-Hammon<\/a>, sem \u00fer\u00f3ar me\u00f0 s\u00e9r sj\u00e1lfst\u00e6\u00f0a gu\u00f0fr\u00e6\u00f0ilega mynd.<\/p><p>\u00c1 kar\u00feag\u00f3skum stelum \u00far Tofet-<span class=\"iwg-fachbegriff\" data-tooltip=\"Heilagur sta\u00f0ur helga\u00f0ur d\u00fdrkun einnar gu\u00f0d\u00f3msveru.\" tabindex=\"0\">helgista\u00f0num<\/span> birtist Baal-Hammon oft sem skeggja\u00f0ur gu\u00f0 sitjandi \u00ed h\u00e1s\u00e6ti me\u00f0 <span class=\"iwg-fachbegriff\" data-tooltip=\"T\u00e1kn sem stendur \u00ed sta\u00f0 hugmyndar e\u00f0a merkingar.\" tabindex=\"0\">t\u00e1kni\u00f0<\/span> &#8216;H\u00f6nd Tanit&#8217; fyrir ofan, myndform\u00fala \u00far s\u00ed\u00f0p\u00fanverskri <span class=\"iwg-fachbegriff\" data-tooltip=\"Hin lifa\u00f0a tr\u00faarlega afsta\u00f0a og i\u00f0kun einstaklings.\" tabindex=\"0\">gu\u00f0r\u00e6kni<\/span>.<\/p>\t\t\t\t\t\t\t\t<\/div>\n\t\t\t\t<\/div>\n\t\t\t\t\t<\/div>\n\t\t\t\t<\/div>\n\t\t<div class=\"elementor-element elementor-element-iwgw-baalhadad-s3 e-flex e-con-boxed e-con e-parent\" data-id=\"iwgw-baalhadad-s3\" data-element_type=\"container\" data-e-type=\"container\">\n\t\t\t\t\t<div class=\"e-con-inner\">\n\t\t\t\t<div class=\"elementor-element elementor-element-iwgw-baalhadad-s3h elementor-widget elementor-widget-heading\" data-id=\"iwgw-baalhadad-s3h\" data-element_type=\"widget\" data-e-type=\"widget\" data-widget_type=\"heading.default\">\n\t\t\t\t\t<h2 class=\"elementor-heading-title elementor-size-default\">Go\u00f0sagnakenndar fr\u00e1sagnir<\/h2>\t\t\t\t<\/div>\n\t\t<div class=\"elementor-element elementor-element-iwgw-baalhadad-s3c e-con-full e-flex e-con e-child\" data-id=\"iwgw-baalhadad-s3c\" data-element_type=\"container\" data-e-type=\"container\">\n\t\t\t\t<div class=\"elementor-element elementor-element-iwgw-baalhadad-s3t elementor-widget elementor-widget-text-editor\" data-id=\"iwgw-baalhadad-s3t\" data-element_type=\"widget\" data-e-type=\"widget\" data-widget_type=\"text-editor.default\">\n\t\t\t\t\t\t\t\t\t<p>Mikilv\u00e6gasta go\u00f0sagnaheimildin er \u00fagar\u00edt\u00edski Baal-hringurinn (KTU 1.1, 1.6), sex spjalda samsetning fr\u00e1 14. \u00f6ld f.Kr. sem Mark Smith gaf \u00fat \u00ed <em>The Ugaritic Baal Cycle<\/em> (I. bindi 1994, II. bindi me\u00f0 Wayne Pitard 2009).<\/p><p>Hringurinn inniheldur \u00ferj\u00e1r megin\u00e1t\u00f6k: Baal \u00e1 m\u00f3ti <a href=\"https:\/\/iwell-guard.com\/is\/?page_id=168975\">Yam<\/a> (hafinu), Baal sem musterisbyggjandi og Baal \u00e1 m\u00f3ti <a href=\"https:\/\/iwell-guard.com\/is\/?page_id=168976\">Mot<\/a> (dau\u00f0anum).<\/p><p>\u00cd fyrsta \u00e1takinu krefst Yam konungd\u00f3ms og f\u00e6r sam\u00feykki Els; Baal berst me\u00f0 tveimur t\u00f6fravopnum, sm\u00ed\u00f0u\u00f0um af sm\u00ed\u00f0agu\u00f0inum Kothar-wa-Khasis, og sigrar Yam. \u00cd \u00f6\u00f0ru \u00e1takinu byggir Baal, me\u00f0 leyfi f\u00f6\u00f0urgu\u00f0sins Els og millig\u00f6ngu Athirat, h\u00f6ll \u00e1 Saphon-fjalli.<\/p><p>\u00cd \u00feri\u00f0ja \u00e1takinu tekur Mot Baal me\u00f0 s\u00e9r til undirheima; <a href=\"https:\/\/iwell-guard.com\/is\/anat-stridsgydja-baal\/\">Anat<\/a>, systir og f\u00e9lagi Baals, drepur \u00fe\u00e1 Mot og frelsar Baal, sem endurr\u00eds fr\u00e1 dau\u00f0um.<\/p><p>\u00deessi runa \u201esigur yfir glundro\u00f0a, <span class=\"iwg-fachbegriff\" data-tooltip=\"Bygging sem tileinku\u00f0 er tilbei\u00f0slu einnar e\u00f0a fleiri gu\u00f0a.\" tabindex=\"0\">musteri<\/span>, dau\u00f0i og upprisa\u201c er eitt \u00e1hrifamesta go\u00f0sagnaskema fornaustr\u00e6nnar tr\u00faarbrag\u00f0a. Endurvakning Baals \u00e1 vorin var skilin sem \u00e1rst\u00ed\u00f0amerki: \u00feegar Baal lifir, rignir; \u00feegar hann deyr, r\u00edkir \u00feurrkur. Tr\u00faars\u00f6gulega tilheyrir <span class=\"iwg-fachbegriff\" data-tooltip=\"Munnm\u00e6lasaga um gu\u00f0i, uppruna og skipan heimsins.\" tabindex=\"0\">go\u00f0s\u00f6gnin<\/span> til flokks \u00e1samt Tarhunna-Illuyanka, Marduk-Tiamat, Teshub-Ullikummi og hinni gr\u00edsku Seifs-Typhon-bar\u00e1ttu.<\/p><p>Mikilv\u00e6g hli\u00f0arheimild er hurr\u00edska-hett\u00edska <span class=\"iwg-fachbegriff\" data-tooltip=\"Munnm\u00e6lasaga um gu\u00f0i, uppruna og skipan heimsins.\" tabindex=\"0\">go\u00f0s\u00f6gnin<\/span> um \u201eS\u00f6ng hafsins\u201c (CTH 346), \u00fear sem <a href=\"https:\/\/iwell-guard.com\/is\/?page_id=168963\">Teshub<\/a> berst \u00e1 m\u00f3ti hafinu. Hli\u00f0st\u00e6\u00f0urnar vi\u00f0 Baal-Yam-\u00e1t\u00f6kin eru svo n\u00e1in a\u00f0 bein b\u00f3kmenntaleg tengsl eru l\u00edkleg. Mary Bachvarova hefur \u00ed <em>From Hittite to Homer<\/em> (2016) raki\u00f0 n\u00e1kv\u00e6mlega \u00fer\u00f3unarlei\u00f0ir \u00feessara hafsbar\u00e1ttusagna.<\/p>\t\t\t\t\t\t\t\t<\/div>\n\t\t\t\t<\/div>\n\t\t\t\t\t<\/div>\n\t\t\t\t<\/div>\n\t\t<div class=\"elementor-element elementor-element-iwgw-baalhadad-s4 e-flex e-con-boxed e-con e-parent\" data-id=\"iwgw-baalhadad-s4\" data-element_type=\"container\" data-e-type=\"container\">\n\t\t\t\t\t<div class=\"e-con-inner\">\n\t\t\t\t<div class=\"elementor-element elementor-element-iwgw-baalhadad-s4h elementor-widget elementor-widget-heading\" data-id=\"iwgw-baalhadad-s4h\" data-element_type=\"widget\" data-e-type=\"widget\" data-widget_type=\"heading.default\">\n\t\t\t\t\t<h2 class=\"elementor-heading-title elementor-size-default\">D\u00fdrkun og tilbei\u00f0sla<\/h2>\t\t\t\t<\/div>\n\t\t<div class=\"elementor-element elementor-element-iwgw-baalhadad-s4c e-con-full e-flex e-con e-child\" data-id=\"iwgw-baalhadad-s4c\" data-element_type=\"container\" data-e-type=\"container\">\n\t\t\t\t<div class=\"elementor-element elementor-element-iwgw-baalhadad-s4t elementor-widget elementor-widget-text-editor\" data-id=\"iwgw-baalhadad-s4t\" data-element_type=\"widget\" data-e-type=\"widget\" data-widget_type=\"text-editor.default\">\n\t\t\t\t\t\t\t\t\t<p>Helstu tr\u00faarmi\u00f0st\u00f6\u00f0var Baal-Hadads voru \u00dagar\u00edt (<span class=\"iwg-fachbegriff\" data-tooltip=\"Bygging sem tileinku\u00f0 er tilbei\u00f0slu \u00e1 einum e\u00f0a fleiri gu\u00f0um.\" tabindex=\"0\">musteri<\/span> \u00e1 Tell-h\u00e6\u00f0inni), T\u00fdrus (<span class=\"iwg-fachbegriff\" data-tooltip=\"Bygging sem tileinku\u00f0 er tilbei\u00f0slu \u00e1 einum e\u00f0a fleiri gu\u00f0um.\" tabindex=\"0\">musteri<\/span> Baal-Saphons), S\u00eddon, B\u00fdblos (me\u00f0 Baal-\u0160amem) og innlandsborgin Alepp\u00f3. \u00cd T\u00fdrus var Baal-\u0160amem-<span class=\"iwg-fachbegriff\" data-tooltip=\"Bygging sem tileinku\u00f0 er tilbei\u00f0slu \u00e1 einum e\u00f0a fleiri gu\u00f0um.\" tabindex=\"0\">musteri\u00f0<\/span> tengt konungd\u00f3mnum; H\u00edram I. af T\u00fdrus l\u00e9t, samkv\u00e6mt J\u00f3sefusi, byggja gl\u00e6silegt Baal-<span class=\"iwg-fachbegriff\" data-tooltip=\"Bygging sem tileinku\u00f0 er tilbei\u00f0slu \u00e1 einum e\u00f0a fleiri gu\u00f0um.\" tabindex=\"0\">musteri<\/span> \u00e1 10. \u00f6ld f.Kr.<\/p><p>Sabatino Moscati l\u00fdsti f\u00f6nik\u00edskri musterisbyggingarlist og helgisi\u00f0um \u00ed <em>Die Ph\u00f6niker<\/em>. <span class=\"iwg-fachbegriff\" data-tooltip=\"Bygging sem tileinku\u00f0 er tilbei\u00f0slu \u00e1 einum e\u00f0a fleiri gu\u00f0um.\" tabindex=\"0\">Musterin<\/span> voru langh\u00fdsi me\u00f0 forgar\u00f0i, a\u00f0alsal og innsta helgireit (adyton), \u00fear sem <span class=\"iwg-fachbegriff\" data-tooltip=\"Myndr\u00e6n framsetning \u00e1 gu\u00f0i sem tilbe\u00f0in er \u00ed musteri e\u00f0a helgista\u00f0.\" tabindex=\"0\">helgimyndin<\/span> st\u00f3\u00f0. <span class=\"iwg-fachbegriff\" data-tooltip=\"Gj\u00f6f til gu\u00f0s til a\u00f0 tj\u00e1 \u00feakkl\u00e6ti, b\u00f3n e\u00f0a lotningu.\" tabindex=\"0\">F\u00f3rnir<\/span> voru brennif\u00f3rnir, reykelsisf\u00f3rnir og drykkjarf\u00f3rnir; mikilv\u00e6gur \u00e1rlegur helgisi\u00f0avi\u00f0bur\u00f0ur var &#8216;vakning&#8217; Baals \u00e1 vorin.<\/p><p>\u00c1 <span class=\"iwg-fachbegriff\" data-tooltip=\"Fors\u00f6guleg t\u00edmabil eftir brons\u00f6ld, einkennist af j\u00e1rnvinnslu.\" tabindex=\"0\">j\u00e1rn\u00f6ld<\/span> breiddist Baal-<span class=\"iwg-fachbegriff\" data-tooltip=\"Heild tr\u00faarlegra tilbei\u00f0sluathafna gagnvart gu\u00f0i e\u00f0a heilagri veru.\" tabindex=\"0\">d\u00fdrkunin<\/span> \u00fat me\u00f0 f\u00f6nik\u00edskum landnemabygg\u00f0um um allt Mi\u00f0jar\u00f0arhafi\u00f0: K\u00fdpur (Kition, Salamis), Sikiley (Motya, Lilybaeum), Sardin\u00eda (Tharros, Sulcis), T\u00fanis (Kar\u00feag\u00f3, Utica), Sp\u00e1nn (Gades, Tartessos). Corinne Bonnet skjalfesti \u00feessa \u00fatbrei\u00f0slu um Mi\u00f0jar\u00f0arhafi\u00f0 \u00ed sm\u00e1atri\u00f0um \u00ed <em>Melqart<\/em> (1988) og \u00ed nokkrum s\u00ed\u00f0ari verkum.<\/p><p>\u00cd Kar\u00feag\u00f3 \u00fer\u00f3a\u00f0ist Baal-<span class=\"iwg-fachbegriff\" data-tooltip=\"Heild tr\u00faarlegra tilbei\u00f0sluathafna gagnvart gu\u00f0i e\u00f0a heilagri veru.\" tabindex=\"0\">d\u00fdrkunin<\/span> \u00ed sj\u00e1lfst\u00e6\u00f0a s\u00f6guhef\u00f0 me\u00f0 <a href=\"https:\/\/iwell-guard.com\/is\/?page_id=168973\">Baal-Hammon<\/a> og <a href=\"https:\/\/iwell-guard.com\/is\/?page_id=168972\">Tanit<\/a> sem \u00e6\u00f0stu gu\u00f0afj\u00f6lskyldu. Maria Eugenia Aubet l\u00fdsti \u00ed <em>The Phoenicians and the West<\/em> (2001) \u00feeirri umbreytingu austr\u00e6na Baal-d\u00fdrkunarins yfir \u00ed p\u00fanverska <span class=\"iwg-fachbegriff\" data-tooltip=\"Heild gu\u00f0a \u00ed tr\u00fa e\u00f0a menningu.\" tabindex=\"0\">go\u00f0aheiminn<\/span>.<\/p>\t\t\t\t\t\t\t\t<\/div>\n\t\t\t\t<\/div>\n\t\t\t\t\t<\/div>\n\t\t\t\t<\/div>\n\t\t<div class=\"elementor-element elementor-element-iwgw-baalhadad-s5 e-flex e-con-boxed e-con e-parent\" data-id=\"iwgw-baalhadad-s5\" data-element_type=\"container\" data-e-type=\"container\">\n\t\t\t\t\t<div class=\"e-con-inner\">\n\t\t\t\t<div class=\"elementor-element elementor-element-iwgw-baalhadad-s5h elementor-widget elementor-widget-heading\" data-id=\"iwgw-baalhadad-s5h\" data-element_type=\"widget\" data-e-type=\"widget\" data-widget_type=\"heading.default\">\n\t\t\t\t\t<h2 class=\"elementor-heading-title elementor-size-default\">Verndara\u00f0ger\u00f0ir og fr\u00e1hrindandi t\u00e1kn<\/h2>\t\t\t\t<\/div>\n\t\t<div class=\"elementor-element elementor-element-iwgw-baalhadad-s5c e-con-full e-flex e-con e-child\" data-id=\"iwgw-baalhadad-s5c\" data-element_type=\"container\" data-e-type=\"container\">\n\t\t\t\t<div class=\"elementor-element elementor-element-iwgw-baalhadad-s5t elementor-widget elementor-widget-text-editor\" data-id=\"iwgw-baalhadad-s5t\" data-element_type=\"widget\" data-e-type=\"widget\" data-widget_type=\"text-editor.default\">\n\t\t\t\t\t\t\t\t\t<p>Baal-Hadad var verndugu\u00f0 konungsins, borgarinnar og gr\u00f3\u00f0urmagns. \u00cd f\u00f6nik\u00edskum \u00e1letrunum er hann \u00e1kalla\u00f0ur sem ei\u00f0avotti; s\u00e1ttm\u00e1latextar milli f\u00f6nik\u00edskra konunga og erlendra h\u00f6f\u00f0ingja hefjast me\u00f0 <span class=\"iwg-fachbegriff\" data-tooltip=\"B\u00e6nleg e\u00f0a \u00e1kallandi \u00e1varp til gu\u00f0s e\u00f0a m\u00e1ttar.\" tabindex=\"0\">\u00e1kalli<\/span> hans. \u00c1 konungssiglingum kemur mynd hans e\u00f0a nafn fram sem verndarform\u00fala.<\/p><p>\u00cd fr\u00e1hrindandi (ap\u00f3tr\u00f3pa\u00edskum) si\u00f0um var nauti\u00f0 oft nota\u00f0 sem <span class=\"iwg-fachbegriff\" data-tooltip=\"T\u00e1kn sem stendur fyrir hugmynd e\u00f0a merkingu.\" tabindex=\"0\">t\u00e1kn<\/span>; nautshornsform koma fram sem verndargripir og \u00e1 alt\u00f6rum. \u00cd f\u00f6nik\u00edskum h\u00fasum voru reistar bronsstyttur af Baal, oftast me\u00f0 lyfta str\u00ed\u00f0s\u00f6xi. \u00deessi &#8216;gangandi Baal&#8217;-styttui\u00f0ja er vel sta\u00f0fest fornleifafr\u00e6\u00f0ilega og hefur veri\u00f0 ranns\u00f6ku\u00f0 me\u00f0al annars af H\u00e9l\u00e8ne Sader.<\/p><p data-nosnippet=\"true\">Fr\u00e1 v\u00edsindalegu sj\u00f3narhorni er verndarhlutverk Baal-Hadads tengt r\u00edkisskipulagi og gr\u00f3\u00f0urmagni. Hann tryggir ekki fyrst og fremst einstaklingsbundinn bata, heldur endurkomu regnt\u00edmans, st\u00f6\u00f0ugleika konungd\u00f3msins og sigur \u00ed orrustu. iWell Guard l\u00edtur \u00e1 hann sem s\u00f6gulega og tr\u00faarfr\u00e6\u00f0ilega pers\u00f3nu \u00e1n nokkurra tengsla vi\u00f0 n\u00fat\u00edmaleg heilsulofor\u00f0.<\/p><p>\u00cd f\u00f6nik\u00edskum ei\u00f0aform\u00falum 1. \u00e1r\u00fe\u00fasundsins f.Kr. kemur Baal reglulega fram sem fyrsti ei\u00f0avottur; Esarhaddon-ad\u0113-s\u00e1ttm\u00e1larnir milli hins ass\u00fdr\u00edska st\u00f3rkonungs og f\u00f6nik\u00edskra vasalh\u00f6f\u00f0ingja (7. \u00f6ld f.Kr.) eru mikilv\u00e6g vitnisbur\u00f0ur um \u00feetta.<\/p>\t\t\t\t\t\t\t\t<\/div>\n\t\t\t\t<\/div>\n\t\t\t\t\t<\/div>\n\t\t\t\t<\/div>\n\t\t<div class=\"elementor-element elementor-element-iwgw-baalhadad-s6 e-flex e-con-boxed e-con e-parent\" data-id=\"iwgw-baalhadad-s6\" data-element_type=\"container\" data-e-type=\"container\">\n\t\t\t\t\t<div class=\"e-con-inner\">\n\t\t\t\t<div class=\"elementor-element elementor-element-iwgw-baalhadad-s6h elementor-widget elementor-widget-heading\" data-id=\"iwgw-baalhadad-s6h\" data-element_type=\"widget\" data-e-type=\"widget\" data-widget_type=\"heading.default\">\n\t\t\t\t\t<h2 class=\"elementor-heading-title elementor-size-default\">Hli\u00f0st\u00e6\u00f0ur \u00ed \u00f6\u00f0rum menningarheimum<\/h2>\t\t\t\t<\/div>\n\t\t<div class=\"elementor-element elementor-element-iwgw-baalhadad-s6c e-con-full e-flex e-con e-child\" data-id=\"iwgw-baalhadad-s6c\" data-element_type=\"container\" data-e-type=\"container\">\n\t\t\t\t<div class=\"elementor-element elementor-element-iwgw-baalhadad-s6t elementor-widget elementor-widget-text-editor\" data-id=\"iwgw-baalhadad-s6t\" data-element_type=\"widget\" data-e-type=\"widget\" data-widget_type=\"text-editor.default\">\n\t\t\t\t\t\t\t\t\t<p>Baal-Hadad er n\u00e1skyldur hins h\u00farr\u00edska <a href=\"https:\/\/iwell-guard.com\/is\/?page_id=168963\">Teshub<\/a>, hins hett\u00edska <a href=\"https:\/\/iwell-guard.com\/is\/?page_id=168959\">Tarhunna<\/a>, hins mes\u00f3p\u00f3tam\u00edska Adad\/I\u0161kur og hins \u00farart\u00edska Tei\u0161eba. <span class=\"iwg-fachbegriff\" data-tooltip=\"Endurteki\u00f0 innihaldsatri\u00f0i \u00ed list e\u00f0a fr\u00e1s\u00f6gn.\" tabindex=\"0\">\u00deema<\/span> hans um bardaga vi\u00f0 drekann hefur n\u00e1na samsv\u00f6run vi\u00f0 sigur Indra \u00e1 Vrtra, sigur Marduks \u00e1 Tiamat og bardaga Seifs vi\u00f0 Typhon. Daniel Schwemer fjalla\u00f0i \u00ed sm\u00e1atri\u00f0um um allar \u00feessar samsvaranir \u00ed einriti s\u00ednu.<\/p><p>\u00cd hebreska efninu kemur Baal fram sem hinn mikli andst\u00e6\u00f0ingur Jahve; hin gagnr\u00fdnu textar Gamla testamentisins (s\u00e9rstaklega 1. Konungab\u00f3k 18, H\u00f3sea, Jerem\u00eda) draga upp neikv\u00e6\u00f0a mynd af honum.<\/p><p>S\u00f6gulega var Baal-Hadad ekki framandi gu\u00f0 fyrir hina fornu Hebrea, heldur samkeppnisgu\u00f0 \u00far s\u00f6mu kanaan\u00edsku hef\u00f0; hin bibl\u00edulega andsta\u00f0a vi\u00f0 Baal er gu\u00f0fr\u00e6\u00f0ilegt vi\u00f0brag\u00f0 vi\u00f0 raunverulegri tr\u00faarlegri n\u00e1l\u00e6g\u00f0. Mark Smith fjalla\u00f0i \u00edtarlega um \u00feetta \u00ed <em>The Early History of God<\/em> (1990).<\/p><p>\u00c1 hellenist\u00edska t\u00edmabilinu var Baal-Hadad samsama\u00f0ur hinum gr\u00edska Seifi; Baal-\u0160amem svarar til Seifs Hypsistos, Baal-Saphon til Seifs Kasios. \u00cd Kar\u00feag\u00f3 \u00fer\u00f3ast \u00far Baal-hef\u00f0inni sj\u00e1lfst\u00e6\u00f0a veran <a href=\"https:\/\/iwell-guard.com\/is\/?page_id=168973\">Baal-Hammon<\/a> me\u00f0 a\u00f0ra hlutverksskilgreiningu.<\/p><p>\u00cd s\u00ed\u00f0ari p\u00fanverskri hef\u00f0 er Baal-Hammon samsama\u00f0ur hinum r\u00f3mverska Sat\u00farnusi; \u00feessi \u201esat\u00farnisering&#8220; f\u00f6nik\u00edsku Baal-d\u00fdrkunarins \u00ed nor\u00f0urafr\u00edsku sv\u00e6\u00f0inu var ranns\u00f6ku\u00f0 \u00ed sm\u00e1atri\u00f0um af Marcel Le Glay \u00ed <em>Saturne africain<\/em> (1966) og er klass\u00edskt d\u00e6mi um tr\u00faars\u00f6gulegan samruna (synkretisma).<\/p>\t\t\t\t\t\t\t\t<\/div>\n\t\t\t\t<\/div>\n\t\t\t\t\t<\/div>\n\t\t\t\t<\/div>\n\t\t<div class=\"elementor-element elementor-element-iwgw-baalhadad-s7 e-flex e-con-boxed e-con e-parent\" data-id=\"iwgw-baalhadad-s7\" data-element_type=\"container\" data-e-type=\"container\">\n\t\t\t\t\t<div class=\"e-con-inner\">\n\t\t\t\t<div class=\"elementor-element elementor-element-iwgw-baalhadad-s7h elementor-widget elementor-widget-heading\" data-id=\"iwgw-baalhadad-s7h\" data-element_type=\"widget\" data-e-type=\"widget\" data-widget_type=\"heading.default\">\n\t\t\t\t\t<h2 class=\"elementor-heading-title elementor-size-default\">N\u00fat\u00edmavi\u00f0t\u00f6kur og ranns\u00f3knir<\/h2>\t\t\t\t<\/div>\n\t\t<div class=\"elementor-element elementor-element-iwgw-baalhadad-s7c e-con-full e-flex e-con e-child\" data-id=\"iwgw-baalhadad-s7c\" data-element_type=\"container\" data-e-type=\"container\">\n\t\t\t\t<div class=\"elementor-element elementor-element-iwgw-baalhadad-s7t elementor-widget elementor-widget-text-editor\" data-id=\"iwgw-baalhadad-s7t\" data-element_type=\"widget\" data-e-type=\"widget\" data-widget_type=\"text-editor.default\">\n\t\t\t\t\t\t\t\t\t<p>Ranns\u00f3knir \u00e1 Baal eru \u00ed dag or\u00f0nar mj\u00f6g \u00fer\u00f3a\u00f0ar. Sta\u00f0al\u00fatg\u00e1fa Baal-hringr\u00e1sarins eftir Mark Smith og Wayne Pitard er vi\u00f0mi\u00f0unarrit; einrit Daniel Schwemers um ve\u00f0urgu\u00f0amyndir er \u00edtarlegasta samantektin. Corinne Bonnet hefur \u00ed m\u00f6rgum ritum l\u00fdst tr\u00faars\u00f6gu F\u00f6nik\u00edumanna \u00e1 heildst\u00e6\u00f0an h\u00e1tt. Sabatino Moscati og Maria Eugenia Aubet eru vi\u00f0urkenndar heimildir um \u00fatbrei\u00f0slu f\u00f6nik\u00edskra tr\u00faarbrag\u00f0a vi\u00f0 Mi\u00f0jar\u00f0arhaf.<\/p><p>\u00cd vins\u00e6lli umfj\u00f6llun er Baal fyrst og fremst \u00feekktur fyrir andst\u00f6\u00f0u Bibl\u00edunnar; or\u00f0i\u00f0 \u201eBaal\u201c hefur \u00ed n\u00fat\u00edmam\u00e1li oft neikv\u00e6\u00f0a merkingu. V\u00edsindalega \u00edtarlegri umfj\u00f6llun m\u00e1 finna \u00ed ofangreindum sta\u00f0alritum og \u00ed fj\u00f6lm\u00f6rgum greinas\u00f6fnum um f\u00f6nik\u00edska <span class=\"iwg-fachbegriff\" data-tooltip=\"Fr\u00e6\u00f0igrein sem rannsakar li\u00f0nar menningarheima me\u00f0 efnislegum fundum.\" tabindex=\"0\">fornleifafr\u00e6\u00f0i<\/span>.<\/p><p data-nosnippet=\"true\">N\u00faverandi ranns\u00f3knar\u00e1herslur sn\u00faast um a\u00f0greining Baal-birtingarmynda (Baal-\u0160amem, Baal-Saphon, Baal-Hammon, Baal-Sidon o.s.frv.), \u00fatbrei\u00f0slu d\u00fdrkunarins um Mi\u00f0jar\u00f0arhafi\u00f0 og spurningu um hvernig Baal-hringr\u00e1sin var endurn\u00fdju\u00f0 me\u00f0 <span class=\"iwg-fachbegriff\" data-tooltip=\"Sem tengist \u00e1kve\u00f0nu, fastm\u00f3tu\u00f0u tr\u00faarlegu ath\u00e6fi.\" tabindex=\"0\">helgisi\u00f0um<\/span>. iWell Guard skr\u00e1ir Baal-Hadad sem mi\u00f0l\u00e6gan s\u00f6gulegan f\u00e9laga \u00ed <span class=\"iwg-fachbegriff\" data-tooltip=\"Heild allra gu\u00f0a \u00ed tr\u00faarbr\u00f6g\u00f0um e\u00f0a menningarheimi.\" tabindex=\"0\">go\u00f0afj\u00f6lskyldu<\/span>, ekki sem virkan verndara\u00f0ila \u00ed n\u00fat\u00edmanum. Lofor\u00f0 um bata e\u00f0a n\u00fat\u00edma andlega verkun eru ekki hluti af \u00feessari umfj\u00f6llun.<\/p><p>N\u00fd og spennandi ranns\u00f3knar\u00e1tt var\u00f0ar \u00e1framhaldandi myndframsetningu Baals \u00ed hellen\u00edskum og r\u00f3mverskum Austurl\u00f6ndum n\u00e6r. Klaus St\u00e4hler og Andreas Kropp hafa \u00ed m\u00f6rgum ritum kanna\u00f0 umskiptin milli f\u00f6nik\u00edskra, hellen\u00edskra og r\u00f3mverskra myndhef\u00f0a.<\/p>\t\t\t\t\t\t\t\t<\/div>\n\t\t\t\t<\/div>\n\t\t\t\t\t<\/div>\n\t\t\t\t<\/div>\n\t\t<div class=\"elementor-element elementor-element-iwgw-baalhadad-s8 e-flex e-con-boxed e-con e-parent\" data-id=\"iwgw-baalhadad-s8\" data-element_type=\"container\" data-e-type=\"container\">\n\t\t\t\t\t<div class=\"e-con-inner\">\n\t\t\t\t<div class=\"elementor-element elementor-element-iwgw-baalhadad-s8h elementor-widget elementor-widget-heading\" data-id=\"iwgw-baalhadad-s8h\" data-element_type=\"widget\" data-e-type=\"widget\" data-widget_type=\"heading.default\">\n\t\t\t\t\t<h2 class=\"elementor-heading-title elementor-size-default\">Heimildir og b\u00f3kmenntir<\/h2>\t\t\t\t<\/div>\n\t\t<div class=\"elementor-element elementor-element-iwgw-baalhadad-s8c e-con-full e-flex e-con e-child\" data-id=\"iwgw-baalhadad-s8c\" data-element_type=\"container\" data-e-type=\"container\">\n\t\t\t\t<div class=\"elementor-element elementor-element-iwgw-baalhadad-s8t elementor-widget elementor-widget-text-editor\" data-id=\"iwgw-baalhadad-s8t\" data-element_type=\"widget\" data-e-type=\"widget\" data-widget_type=\"text-editor.default\">\n\t\t\t\t\t\t\t\t\t<p>Eftirfarandi \u00farval n\u00e6r yfir mikilv\u00e6gustu sta\u00f0alrit um ranns\u00f3knir \u00e1 Baal-Hadad. \u00dea\u00f0 sameinar texta\u00fatg\u00e1fur, s\u00f6guleg samantektarrit og fornleifafr\u00e6\u00f0ilegar \u00fatg\u00e1fur. Texta\u00fatg\u00e1fa Mark Smiths \u00e1 Baal-hringr\u00e1sinni er grunnur frumheimilda; Schwemer, Bonnet og Moscati veita tr\u00faars\u00f6gulegt samhengi. \u00deeir sem vilja kynna s\u00e9r efni\u00f0 n\u00e1nar finna hj\u00e1 Aubet og Bonnet fr\u00e1b\u00e6rar heimildaskr\u00e1r um \u00fatbrei\u00f0slu d\u00fdrkunarins um Mi\u00f0jar\u00f0arhafi\u00f0.<\/p>\t\t\t\t\t\t\t\t<\/div>\n\t\t\t\t<\/div>\n\t\t\t\t\t<\/div>\n\t\t\t\t<\/div>\n\t\t<div class=\"elementor-element elementor-element-cp23eb14dd e-flex e-con-boxed e-con e-parent\" data-id=\"cp23eb14dd\" data-element_type=\"container\" data-e-type=\"container\">\n\t\t\t\t\t<div class=\"e-con-inner\">\n\t\t\t\t<div class=\"elementor-element elementor-element-cp2cd30715 elementor-widget elementor-widget-heading\" data-id=\"cp2cd30715\" data-element_type=\"widget\" data-e-type=\"widget\" data-widget_type=\"heading.default\">\n\t\t\t\t\t<h2 class=\"elementor-heading-title elementor-size-default\">Bardaginn vi\u00f0 Jam \u00ed Baal-hringr\u00e1sinni<\/h2>\t\t\t\t<\/div>\n\t\t<div class=\"elementor-element elementor-element-cp2885aeb7 e-flex e-con-boxed e-con e-child\" data-id=\"cp2885aeb7\" data-element_type=\"container\" data-e-type=\"container\">\n\t\t\t\t\t<div class=\"e-con-inner\">\n\t\t\t\t<div class=\"elementor-element elementor-element-cp23bca9d3 elementor-widget elementor-widget-text-editor\" data-id=\"cp23bca9d3\" data-element_type=\"widget\" data-e-type=\"widget\" data-widget_type=\"text-editor.default\">\n\t\t\t\t\t\t\t\t\t<p>Meginatri\u00f0i \u00fagar\u00edt\u00edsku Baal-hringr\u00e1sarinnar er \u00e1t\u00f6kin milli Baals og Jams, hins gu\u00f0d\u00f3mlega hafs. \u00c1 spjaldinu sem \u00ed KTU-t\u00f6lusetningunni er nefnt <em>1.2<\/em> krefst Jam \u00feess fyrir samkomu gu\u00f0anna a\u00f0 Baal ver\u00f0i framseldur. Elli gu\u00f0akonungurinn, sem vill fri\u00f0, sam\u00feykkir \u00fea\u00f0 fyrst og kallar Baal fanga Jams. En Baal neitar.<\/p><p>\u00darslitin r\u00e1\u00f0ast af v\u00f6ldum gu\u00f0asmi\u00f0sins Kothar-wa-Hasis. Hann sm\u00ed\u00f0ar tv\u00f6 undravopn me\u00f0 n\u00f6fnunum <em>Jagrusch<\/em> og <em>Ajjamur<\/em>, sem oft eru t\u00falku\u00f0 sem \u201eRekur burt\u201c og \u201eF\u00e6lir \u00ed burtu\u201c.<\/p><p>Me\u00f0 fyrra vopninu hittir Baal Jam \u00ed \u00f6xlina, me\u00f0 seinna milli augnanna. Jam fellur til jar\u00f0ar og Baal er \u00fatnefndur konungur. Astarte kemur \u00ed veg fyrir a\u00f0 hann sundurskeri hinn sigra\u00f0a.<\/p><p>V\u00edsindalega heyrir \u00feessi fr\u00e1s\u00f6gn undir hina v\u00ed\u00f0\u00fatbreiddu tegund glundro\u00f0abardaga, \u00fear sem ungur ve\u00f0urgu\u00f0 sigrar vatnsm\u00e1tt sem birtir glundro\u00f0ann og tryggir \u00fear me\u00f0 reglu heimsins.<\/p><p>Samb\u00e6rilegt m\u00e1 finna \u00ed bab\u00fdlonska <em>Enuma elisch<\/em> me\u00f0 Marduk og Tiamat og \u00ed het\u00edska Illujanka-<span class=\"iwg-fachbegriff\" data-tooltip=\"Var\u00f0veitt fr\u00e1s\u00f6gn um gu\u00f0i, upphaf og skipulag heimsins.\" tabindex=\"0\">go\u00f0s\u00f6gninni<\/span>. Hermann Gunkel benti \u00feegar \u00e1ri\u00f0 1895 \u00e1 sl\u00edkar hli\u00f0st\u00e6\u00f0ur \u00ed Austurl\u00f6ndum n\u00e6r, l\u00f6ngu \u00e1\u00f0ur en \u00fagar\u00edt\u00edsku spj\u00f6ldin voru \u00feekkt.<\/p><p>\u00cd dag lesa fr\u00e6\u00f0imenn hinar bibl\u00edulegu tilv\u00edsanir \u00ed sigur Jahve yfir hafinu, yfir Rahab og Lev\u00edatan, \u00ed lj\u00f3si \u00feessarar s\u00f6mu nor\u00f0vestursem\u00edt\u00edsku hef\u00f0ar. Baal-Jam-<span class=\"iwg-fachbegriff\" data-tooltip=\"Var\u00f0veitt fr\u00e1s\u00f6gn um gu\u00f0i, upphaf og skipulag heimsins.\" tabindex=\"0\">go\u00f0s\u00f6gnin<\/span> er \u00fear me\u00f0 lykiltexti til a\u00f0 skilja fornaustr\u00e6nar hugmyndir um konungd\u00f3m.<\/p>\t\t\t\t\t\t\t\t<\/div>\n\t\t\t\t\t<\/div>\n\t\t\t\t<\/div>\n\t\t\t\t\t<\/div>\n\t\t\t\t<\/div>\n\t\t<div class=\"elementor-element elementor-element-cp274a5cdf e-flex e-con-boxed e-con e-parent\" data-id=\"cp274a5cdf\" data-element_type=\"container\" data-e-type=\"container\">\n\t\t\t\t\t<div class=\"e-con-inner\">\n\t\t\t\t<div class=\"elementor-element elementor-element-cp2566e22a elementor-widget elementor-widget-heading\" data-id=\"cp2566e22a\" data-element_type=\"widget\" data-e-type=\"widget\" data-widget_type=\"heading.default\">\n\t\t\t\t\t<h2 class=\"elementor-heading-title elementor-size-default\">Dau\u00f0i Baals, undirheimarnir og endurkoman<\/h2>\t\t\t\t<\/div>\n\t\t<div class=\"elementor-element elementor-element-cp21a7bae2 e-flex e-con-boxed e-con e-child\" data-id=\"cp21a7bae2\" data-element_type=\"container\" data-e-type=\"container\">\n\t\t\t\t\t<div class=\"e-con-inner\">\n\t\t\t\t<div class=\"elementor-element elementor-element-cp248db3f1 elementor-widget elementor-widget-text-editor\" data-id=\"cp248db3f1\" data-element_type=\"widget\" data-e-type=\"widget\" data-widget_type=\"text-editor.default\">\n\t\t\t\t\t\t\t\t\t<p>Annar megin\u00fer\u00e1\u00f0ur Baal-hringr\u00e1sarins lei\u00f0ir ve\u00f0urgu\u00f0inn til dau\u00f0a. Mot, gu\u00f0 \u00feurrka, dau\u00f0a og undirheima, b\u00fd\u00f0ur Baal til r\u00edkis s\u00edns.<\/p><p>Baal \u00feiggur bo\u00f0i\u00f0 og spj\u00f6ldin greina fr\u00e1 \u00fev\u00ed a\u00f0 hann st\u00edgi ni\u00f0ur \u00ed kok Mots eins og biti \u00ed kverk. Fr\u00e9ttin um dau\u00f0a hans berst til Els, sem st\u00edgur ni\u00f0ur af h\u00e1s\u00e6tinu, kl\u00e6\u00f0ist sorgarf\u00f6tum, skerst \u00ed h\u00fa\u00f0ina og syrgir Baal.<\/p><p>\u00cd kj\u00f6lfari\u00f0 leitar systirin <a href=\"https:\/\/iwell-guard.com\/is\/anat-stridsgydja-baal\/\">Anat<\/a>, finnur l\u00edk Baals og l\u00e6tur jar\u00f0a hann me\u00f0 hj\u00e1lp s\u00f3largy\u00f0junnar Schapasch. Um t\u00edma stj\u00f3rnar sta\u00f0gengill, en j\u00f6r\u00f0in visnar.<\/p><p>A\u00f0 lokum vitjar Baal Els \u00ed draumi, lifandi, og akrarnir fl\u00e6\u00f0a \u00e1 n\u00fd yfir af hunangi. \u00cd s\u00ed\u00f0ustu \u00e1t\u00f6kum berjast Baal og Mot eins og villid\u00fdr, \u00fear til Schapasch mi\u00f0lar m\u00e1lum og Mot l\u00e6tur undan.<\/p><p>Eldri ranns\u00f3knir hafa lesi\u00f0 \u00feessa atbur\u00f0ar\u00e1s sem hreina \u00e1rst\u00ed\u00f0ago\u00f0s\u00f6gn, spegilmynd sumar\u00feurrka og haustrigninga vi\u00f0 s\u00fdrlensku str\u00f6ndina. N\u00fdrri ranns\u00f3knir, me\u00f0al annars Mark Smith og Wayne Pitard \u00ed sk\u00fdringarriti s\u00ednu, telja \u00feessa t\u00falkun of \u00fer\u00f6nga.<\/p><p>\u00dagar\u00edt\u00edska t\u00edmatali\u00f0 kannist ekki vi\u00f0 \u00e1rlegan dau\u00f0a Baals sem fastan helgisi\u00f0adag, og textinn sj\u00e1lfur v\u00edsi frekar til sj\u00f6 \u00e1ra hrings. Atbur\u00f0urinn tengi saman l\u00f6gm\u00e6ti valds, fj\u00f6lgun og reynslu af \u00feurrkum, \u00e1n \u00feess a\u00f0 festast vi\u00f0 eina einhl\u00edta t\u00falkun. Hann er enn einn mest umr\u00e6ddur texti fornaustr\u00e6nnar tr\u00faars\u00f6gu.<\/p>\t\t\t\t\t\t\t\t<\/div>\n\t\t\t\t\t<\/div>\n\t\t\t\t<\/div>\n\t\t\t\t\t<\/div>\n\t\t\t\t<\/div>\n\t\t<div class=\"elementor-element elementor-element-cp269d2191 e-flex e-con-boxed e-con e-parent\" data-id=\"cp269d2191\" data-element_type=\"container\" data-e-type=\"container\">\n\t\t\t\t\t<div class=\"e-con-inner\">\n\t\t\t\t<div class=\"elementor-element elementor-element-cp2677d35b elementor-widget elementor-widget-heading\" data-id=\"cp2677d35b\" data-element_type=\"widget\" data-e-type=\"widget\" data-widget_type=\"heading.default\">\n\t\t\t\t\t<h2 class=\"elementor-heading-title elementor-size-default\">Hadad \u00ed Amarna-br\u00e9funum og hef\u00f0inni fr\u00e1 Mari-t\u00edmanum<\/h2>\t\t\t\t<\/div>\n\t\t<div class=\"elementor-element elementor-element-cp2998a58b e-flex e-con-boxed e-con e-child\" data-id=\"cp2998a58b\" data-element_type=\"container\" data-e-type=\"container\">\n\t\t\t\t\t<div class=\"e-con-inner\">\n\t\t\t\t<div class=\"elementor-element elementor-element-cp2af41bb3 elementor-widget elementor-widget-text-editor\" data-id=\"cp2af41bb3\" data-element_type=\"widget\" data-e-type=\"widget\" data-widget_type=\"text-editor.default\">\n\t\t\t\t\t\t\t\t\t<p>Gu\u00f0inn sem \u00dagaritar k\u00f6llu\u00f0u Baal bar upphaflega nafni\u00f0 Hadad e\u00f0a Haddu. \u00deetta nafn er miklu eldra og v\u00ed\u00f0ar \u00fatbreitt en \u00fagar\u00edt\u00edsku fleygr\u00fanat\u00f6flurnar. \u00cd skjalas\u00f6fnum Mari vi\u00f0 mi\u00f0ja Efrat, sem eru t\u00edmasett til 18. aldar fyrir okkar t\u00edmatal, kemur ve\u00f0urgu\u00f0inn \u00ed Alepp\u00f3 fram undir nafninu Adad sem mikilv\u00e6gt p\u00f3lit\u00edskt aflvald.<\/p><p>\u00cd fr\u00e6gu br\u00e9fi l\u00e6tur sp\u00e1ma\u00f0ur gu\u00f0inn \u00e1varpa konunginn Zimri-Lim og minnir hann \u00e1 a\u00f0 Adad hafi sett hann \u00ed h\u00e1s\u00e6ti f\u00f6\u00f0ur hans og v\u00e6nti \u00feess a\u00f0 f\u00e1 eitthva\u00f0 \u00ed sta\u00f0inn.<\/p><p>\u00cd Amarna-br\u00e9funum fr\u00e1 14. \u00f6ld, dipl\u00f3mat\u00edskum br\u00e9faskiptum egypskra fara\u00f3a vi\u00f0 h\u00f6f\u00f0ingja \u00ed S\u00fdrlandi og Palest\u00ednu, kemur gu\u00f0inn fram \u00ed mannan\u00f6fnum og \u00ed saml\u00edkingum.<\/p><p>Sta\u00f0bundnir h\u00f6f\u00f0ingjar l\u00fdsa \u00f3gn fara\u00f3s me\u00f0 myndm\u00e1li sem s\u00f3tt er \u00ed \u00ferumur Hadads. \u00deessar v\u00edsbendingar s\u00fdna a\u00f0 Hadad var \u00f6ldum \u00e1\u00f0ur en F\u00f6nik\u00edumenn komu til s\u00f6gu mi\u00f0l\u00e6gur r\u00edkisgu\u00f0, n\u00e1i\u00f0 tengdur konungd\u00f3mi og hervaldi.<\/p><p>Fyrir f\u00f6nik\u00edska tr\u00faarbrag\u00f0afr\u00e6\u00f0i \u00fe\u00fd\u00f0ir \u00feetta: Baal f\u00f6nik\u00edsku borgr\u00edkjanna er s\u00ed\u00f0b\u00fainn arftaki aldagamallar ve\u00f0urgu\u00f0shef\u00f0ar. \u00cd T\u00fdrus var\u00f0 <a href=\"https:\/\/iwell-guard.com\/is\/?page_id=168970\">Melqart<\/a> borgargu\u00f0inn, en annars sta\u00f0ar h\u00e9lst titillinn Baal bundinn Hadad.<\/p><p>Ass\u00fdr\u00edska heiti\u00f0 Adad og aram\u00edska formi\u00f0 Hadad s\u00fdna einnig a\u00f0 sama <span class=\"iwg-fachbegriff\" data-tooltip=\"Vera sem d\u00fdrku\u00f0 er sem gu\u00f0leg innan tr\u00faarbrag\u00f0a.\" tabindex=\"0\">gu\u00f0veran<\/span> var tilbe\u00f0in \u00fevert \u00e1 tungum\u00e1la- og r\u00edkjam\u00f6rk. Heimildirnar fr\u00e1 Mari og Amarna eru \u00f3missandi til a\u00f0 setja f\u00f6nik\u00edsku vitnisbur\u00f0ina \u00ed s\u00f6gulegt samhengi.<\/p>\t\t\t\t\t\t\t\t<\/div>\n\t\t\t\t\t<\/div>\n\t\t\t\t<\/div>\n\t\t\t\t\t<\/div>\n\t\t\t\t<\/div>\n\t\t<div class=\"elementor-element elementor-element-cp27a103e5 e-flex e-con-boxed e-con e-parent\" data-id=\"cp27a103e5\" data-element_type=\"container\" data-e-type=\"container\">\n\t\t\t\t\t<div class=\"e-con-inner\">\n\t\t\t\t<div class=\"elementor-element elementor-element-cp2c2c9948 elementor-widget elementor-widget-heading\" data-id=\"cp2c2c9948\" data-element_type=\"widget\" data-e-type=\"widget\" data-widget_type=\"heading.default\">\n\t\t\t\t\t<h2 class=\"elementor-heading-title elementor-size-default\">St\u00f3lpinn af Baal au foudre og myndm\u00e1l hans<\/h2>\t\t\t\t<\/div>\n\t\t<div class=\"elementor-element elementor-element-cp26b7dfef e-flex e-con-boxed e-con e-child\" data-id=\"cp26b7dfef\" data-element_type=\"container\" data-e-type=\"container\">\n\t\t\t\t\t<div class=\"e-con-inner\">\n\t\t\t\t<div class=\"elementor-element elementor-element-cp2cd9f9fb elementor-widget elementor-widget-text-editor\" data-id=\"cp2cd9f9fb\" data-element_type=\"widget\" data-e-type=\"widget\" data-widget_type=\"text-editor.default\">\n\t\t\t\t\t\t\t\t\t<p>Me\u00f0al fundargripa fr\u00e1 Ras Shamra sker sig \u00far kalksteinsst\u00f3lpi sem \u00ed fr\u00e6\u00f0unum er \u00feekktur sem <em>Baal au foudre<\/em>, Baal me\u00f0 eldingunni. Hann fannst n\u00e1l\u00e6gt hinu st\u00f3ra Baal-hofinu \u00e1 akr\u00f3p\u00f3lis \u00dagarits og er n\u00fa var\u00f0veittur \u00ed Louvre-safninu.<\/p><p><span class=\"iwg-fachbegriff\" data-tooltip=\"Uppr\u00e9tt, \u00e1letru\u00f0 e\u00f0a myndskreytt steinhella e\u00f0a tr\u00e9tafla.\" tabindex=\"0\">St\u00f3lpinn<\/span> s\u00fdnir gu\u00f0inn \u00ed g\u00f6ngustellingu, me\u00f0 h\u00e6gri handlegg \u00e1 lofti sveiflandi kylfu, me\u00f0an vinstri h\u00f6ndin heldur um spj\u00f3t \u00fear sem oddurinn v\u00edsar ni\u00f0ur \u00ed j\u00f6r\u00f0ina og efri endinn greinist \u00fat \u00ed pl\u00f6ntulaga form.<\/p><p>\u00deetta sm\u00e1atri\u00f0i er merkingar\u00ferungi\u00f0. Spj\u00f3ti\u00f0, sem er \u00ed senn elding og sp\u00edrandi planta, tengir saman tv\u00f6 \u00e1hrifasvi\u00f0 ve\u00f0urgu\u00f0sins: ey\u00f0ingarm\u00e1tt stormsins og l\u00edfgefandi kraft regnsins.<\/p><p>Undir f\u00f3tum gu\u00f0sins gefa bylgja\u00f0ar l\u00ednur til kynna fj\u00f6ll e\u00f0a haf. L\u00edtil manneskjumynd vi\u00f0 ja\u00f0arinn er venjulega talin vera konungur \u00dagarits, sem setur sig undir vernd Baals.<\/p><p>Hornahettan sem gu\u00f0inn ber er fornaustur-lenskt t\u00e1kn gu\u00f0legrar st\u00f6\u00f0u. \u00d6ll samsetningin fylgir myndger\u00f0 sem var \u00fatbreidd fr\u00e1 Anat\u00f3l\u00edu allt til Egyptalands, \u00fear til a\u00f0 mynda \u00ed myndum af ve\u00f0urgu\u00f0inum sem tengdist Set.<\/p><p>Marguerite Yon hefur \u00ed riti s\u00ednu um \u00dagarit l\u00fdst <span class=\"iwg-fachbegriff\" data-tooltip=\"Uppr\u00e9tt, \u00e1letru\u00f0 e\u00f0a myndskreytt steinhella e\u00f0a tr\u00e9tafla.\" tabindex=\"0\">st\u00f3lpanum<\/span> \u00edtarlega og bent \u00e1 mikilv\u00e6gi hans sem tengingar milli <span class=\"iwg-fachbegriff\" data-tooltip=\"Bygging sem er n\u00fdtt til a\u00f0 tilbi\u00f0ja einn e\u00f0a fleiri gu\u00f0i.\" tabindex=\"0\">hofs<\/span>, konungd\u00f3ms og gu\u00f0amyndar. Fyrir myndfr\u00e6\u00f0i f\u00f6nik\u00edska Baals er hann mikilv\u00e6gasta var\u00f0veitta vitnisbur\u00f0urinn, jafnvel \u00fe\u00f3tt hann s\u00e9 strangt til teki\u00f0 fr\u00e1 \u00dagarit og ekki fr\u00e1 f\u00f6nik\u00edskri borg.<\/p>\t\t\t\t\t\t\t\t<\/div>\n\t\t\t\t\t<\/div>\n\t\t\t\t<\/div>\n\t\t\t\t\t<\/div>\n\t\t\t\t<\/div>\n\t\t<div class=\"elementor-element elementor-element-iwgw-baalhadad-lit e-flex e-con-boxed e-con e-parent\" data-id=\"iwgw-baalhadad-lit\" data-element_type=\"container\" data-e-type=\"container\">\n\t\t\t\t\t<div class=\"e-con-inner\">\n\t\t\t\t<div class=\"elementor-element elementor-element-iwgw-baalhadad-lith elementor-widget elementor-widget-heading\" data-id=\"iwgw-baalhadad-lith\" data-element_type=\"widget\" data-e-type=\"widget\" data-widget_type=\"heading.default\">\n\t\t\t\t\t<h2 class=\"elementor-heading-title elementor-size-default\">Heimildir (\u00farval)<\/h2>\t\t\t\t<\/div>\n\t\t<div class=\"elementor-element elementor-element-iwgw-baalhadad-litc e-con-full e-flex e-con e-child\" data-id=\"iwgw-baalhadad-litc\" data-element_type=\"container\" data-e-type=\"container\">\n\t\t\t\t<div class=\"elementor-element elementor-element-iwgw-baalhadad-litt elementor-widget elementor-widget-text-editor\" data-id=\"iwgw-baalhadad-litt\" data-element_type=\"widget\" data-e-type=\"widget\" data-widget_type=\"text-editor.default\">\n\t\t\t\t\t\t\t\t\t<div data-nosnippet=\"true\"><ul><li>Mark Smith \/ Wayne Pitard: <em>The Ugaritic Baal Cycle<\/em> (Leiden 1994\/2009)<\/li><li>Daniel Schwemer: <em>Die Wettergottgestalten Mesopotamiens und Nordsyriens<\/em> (Wiesbaden 2001)<\/li><li>Sabatino Moscati: <em>Die Ph\u00f6niker<\/em> (Stuttgart 1966)<\/li><li>Corinne Bonnet: <em>Les enfants de Cadmos<\/em> (Paris 2015)<\/li><li>Mark Smith: <em>The Early History of God<\/em> (San Francisco 1990)<\/li><li>Maria Eugenia Aubet: <em>The Phoenicians and the West<\/em> (Cambridge 2001)<\/li><\/ul><\/div>\t\t\t\t\t\t\t\t<\/div>\n\t\t\t\t<\/div>\n\t\t\t\t\t<\/div>\n\t\t\t\t<\/div>\n\t\t<div class=\"elementor-element elementor-element-iwgkw2-add-baalhadad e-flex e-con-boxed e-con e-parent\" data-id=\"iwgkw2-add-baalhadad\" data-element_type=\"container\" data-e-type=\"container\">\n\t\t\t\t\t<div class=\"e-con-inner\">\n\t\t\t\t<div class=\"elementor-element elementor-element-iwgkw2-add-baalhadad-t elementor-widget elementor-widget-text-editor\" data-id=\"iwgkw2-add-baalhadad-t\" data-element_type=\"widget\" data-e-type=\"widget\" data-widget_type=\"text-editor.default\">\n\t\t\t\t\t\t\t\t\t<p>Sem \u00e6\u00f0sti gu\u00f0 F\u00f6nik\u00edumanna stj\u00f3rnar Baal-Hadad ve\u00f0rinu, \u00fe.e. stormi, regni og gr\u00f3\u00f0ri; \u00ed \u00fagar\u00edt\u00edsku textunum sigrar hann Yam og M\u00f3t og tryggir kosm\u00edska skipulagi\u00f0 \u00ed f\u00f6nik\u00edska go\u00f0aheiminum.<\/p>\t\t\t\t\t\t\t\t<\/div>\n\t\t\t\t\t<\/div>\n\t\t\t\t<\/div>\n\t\t<div class=\"elementor-element elementor-element-iwgw-baalhadad-kwd e-flex e-con-boxed e-con e-parent\" data-id=\"iwgw-baalhadad-kwd\" data-element_type=\"container\" data-e-type=\"container\">\n\t\t\t\t\t<div class=\"e-con-inner\">\n\t\t<div class=\"elementor-element elementor-element-iwgw-baalhadad-kwdc e-con-full e-flex e-con e-child\" data-id=\"iwgw-baalhadad-kwdc\" data-element_type=\"container\" data-e-type=\"container\">\n\t\t\t\t<div class=\"elementor-element elementor-element-iwgw-baalhadad-kwdt elementor-widget elementor-widget-text-editor\" data-id=\"iwgw-baalhadad-kwdt\" data-element_type=\"widget\" data-e-type=\"widget\" data-widget_type=\"text-editor.default\">\n\t\t\t\t\t\t\t\t\t<p><em>Tengd lykilor\u00f0: Baal-Hadad F\u00f6nik\u00edumenn ve\u00f0urgu\u00f0 Baal-hringr\u00e1sin Saphon \u00dagarit Alepp\u00f3 Yam M\u00f3t.<\/em><\/p>\t\t\t\t\t\t\t\t<\/div>\n\t\t\t\t<\/div>\n\t\t\t\t\t<\/div>\n\t\t\t\t<\/div>\n\t\t<div class=\"elementor-element elementor-element-iwgw-baalhadad-cc e-flex e-con-boxed e-con e-parent\" data-id=\"iwgw-baalhadad-cc\" data-element_type=\"container\" data-e-type=\"container\" id=\"iwg-cc-baal-hadad\">\n\t\t\t\t\t<div class=\"e-con-inner\">\n\t\t<div class=\"elementor-element elementor-element-iwgw-baalhadad-ccinner e-flex e-con-boxed e-con e-parent\" data-id=\"iwgw-baalhadad-ccinner\" data-element_type=\"container\" data-e-type=\"container\" data-settings=\"{&quot;background_background&quot;:&quot;classic&quot;}\">\n\t\t\t\t\t<div class=\"e-con-inner\">\n\t\t\t\t<div class=\"elementor-element elementor-element-iwgw-baalhadad-cch elementor-widget elementor-widget-heading\" data-id=\"iwgw-baalhadad-cch\" data-element_type=\"widget\" data-e-type=\"widget\" data-widget_type=\"heading.default\">\n\t\t\t\t\t<h2 class=\"elementor-heading-title elementor-size-default\">iWell Guard og verndarhef\u00f0ir<\/h2>\t\t\t\t<\/div>\n\t\t\t\t<div class=\"elementor-element elementor-element-iwgw-baalhadad-cct elementor-widget elementor-widget-text-editor\" data-id=\"iwgw-baalhadad-cct\" data-element_type=\"widget\" data-e-type=\"widget\" data-widget_type=\"text-editor.default\">\n\t\t\t\t\t\t\t\t\t<div data-nosnippet=\"true\"><p>iWell Guard tengist menningars\u00f6gulegri hef\u00f0 fyrir verndargripum sem borin eru \u00e1 s\u00e9r, \u00ed hef\u00f0 <a href=\"https:\/\/iwell-guard.com\/is\/fonikiumenn-og-kartago-baal-tanit\/\">F\u00f6nik\u00edumanna<\/a> og margra annarra menningarheima um allan heim. 41 lag, alv\u00f6ru gull, plat\u00edna, silfur, framleitt \u00ed \u00de\u00fdskalandi. 30 daga skilar\u00e9ttur.<\/p><\/div>\t\t\t\t\t\t\t\t<\/div>\n\t\t\t\t<div class=\"elementor-element elementor-element-iwgw-baalhadad-ccb iwg-cc-button iwg-cc-cta-2026-05-13 elementor-widget elementor-widget-jet-button\" data-id=\"iwgw-baalhadad-ccb\" data-element_type=\"widget\" data-e-type=\"widget\" data-widget_type=\"jet-button.default\">\n\t\t\t\t<div class=\"elementor-widget-container\">\n\t\t\t\t\t<div class=\"elementor-jet-button jet-elements\"><div class=\"jet-button__container\"><a class=\"jet-button__instance jet-button__instance--icon-left hover-effect-1\" href=\"\/ueber-iwell-guard\/?utm_source=iwell-guard.com&amp;utm_medium=info-box&amp;utm_campaign=wesen-tradition\"><div class=\"jet-button__plane jet-button__plane-normal\"><\/div><div class=\"jet-button__plane jet-button__plane-hover\"><\/div><div class=\"jet-button__state jet-button__state-normal\"><span class=\"jet-button__label\">Meira um iWell Guard<\/span><\/div><div class=\"jet-button__state jet-button__state-hover\"><span class=\"jet-button__label\">Meira um iWell Guard<\/span><\/div><\/a><\/div><\/div><style>.elementor-element.elementor-element-iwgw-baalhadad-ccb .jet-button__instance{width:320px;height:56px;}.elementor-element.elementor-element-iwgw-baalhadad-ccb .jet-button__state-normal .jet-button__label{text-align:center;margin:0px 0px 0px 0px;color:#1a1b20;font-family:Montserrat,sans-serif;font-size:13px;font-weight:400;letter-spacing:4px;line-height:1.714em;text-transform:uppercase;}.elementor-element.elementor-element-iwgw-baalhadad-ccb .jet-button__state-hover .jet-button__label{text-align:center;margin:0px 0px 0px 0px;color:#FECC76;font-family:Montserrat,sans-serif;font-size:13px;font-weight:400;letter-spacing:4px;line-height:1.714em;text-transform:uppercase;}.elementor-element.elementor-element-iwgw-baalhadad-ccb .jet-button__plane-normal{background-color:#FECC76;border-style:solid;border-color:#C99540;border-width:2px 2px 2px 2px;}.elementor-element.elementor-element-iwgw-baalhadad-ccb .jet-button__plane-hover{background-color:rgba(0,0,0,0.55);border-style:solid;border-color:#FECC76;border-width:2px 2px 2px 2px;}<\/style>\t\t\t\t<\/div>\n\t\t\t\t<\/div>\n\t\t\t\t<div class=\"elementor-element elementor-element-iwgw-baalhadad-ccd elementor-widget elementor-widget-text-editor\" data-id=\"iwgw-baalhadad-ccd\" data-element_type=\"widget\" data-e-type=\"widget\" data-widget_type=\"text-editor.default\">\n\t\t\t\t\t\t\t\t\t<div data-nosnippet=\"true\"><p style=\"text-align:center;font-size:13px;opacity:0.7;margin-top:14px\" data-nosnippet=\"true\">Pers\u00f3nuleg reynsla getur veri\u00f0 mismunandi. Ekki l\u00e6kningat\u00e6ki. Engin lofor\u00f0 um l\u00e6kningu.<\/p><\/div>\t\t\t\t\t\t\t\t<\/div>\n\t\t\t\t\t<\/div>\n\t\t\t\t<\/div>\n\t\t\t\t\t<\/div>\n\t\t\t\t<\/div>\n\t\t<div class=\"elementor-element elementor-element-iwgw-baalhadad-disc e-flex e-con-boxed e-con e-parent\" data-id=\"iwgw-baalhadad-disc\" data-element_type=\"container\" data-e-type=\"container\">\n\t\t\t\t\t<div class=\"e-con-inner\">\n\t\t\t\t<div class=\"elementor-element elementor-element-iwgw-baalhadad-discw elementor-widget elementor-widget-html\" data-id=\"iwgw-baalhadad-discw\" data-element_type=\"widget\" data-e-type=\"widget\" data-widget_type=\"html.default\">\n\t\t\t\t\t<footer data-nosnippet=\"true\" class=\"iwg-disclaimer-block\"><p data-nosnippet=\"true\">iWell Guard er <strong>ekki l\u00e6kningat\u00e6ki<\/strong> og kemur ekki \u00ed sta\u00f0inn fyrir l\u00e6knis- e\u00f0a s\u00e1lfr\u00e6\u00f0ime\u00f0fer\u00f0. Tr\u00faarfr\u00e6\u00f0ilegt efni er menningars\u00f6gulegt samhengi, ekki r\u00e1\u00f0legging um andlega i\u00f0kun.<\/p><\/footer>\t\t\t\t<\/div>\n\t\t\t\t\t<\/div>\n\t\t\t\t<\/div>\n\t\t\t\t<\/div>\n\t\t","protected":false},"excerpt":{"rendered":"","protected":false},"author":3,"featured_media":2845,"parent":0,"menu_order":0,"comment_status":"closed","ping_status":"closed","template":"elementor_header_footer","meta":{"_yoast_wpseo_focuskw":"Baal-Hadad F\u00f6nik\u00edumenn ve\u00f0urgu\u00f0","_yoast_wpseo_title":"Baal-Hadad \u2013 f\u00f6nik\u00edskur ve\u00f0urgu\u00f0, go\u00f0s\u00f6gn, d\u00fdrkun","_yoast_wpseo_metadesc":"Baal-Hadad er f\u00f6nik\u00edsk-kanaan\u00edskur ve\u00f0urgu\u00f0 og hetja Baal-hringr\u00e1sarins. Tr\u00faarfr\u00e6\u00f0ileg greining me\u00f0 go\u00f0s\u00f6gn og d\u00fdrkun.","_yoast_wpseo_meta-robots-noindex":"","_yoast_wpseo_canonical":"","_angie_page":false,"gefaehrdungsstufe":"2","wesen_kultur":"phoenizisch","wesen_klasse":"goetter","footnotes":""},"categories":[],"class_list":["post-168969","page","type-page","status-publish","has-post-thumbnail","hentry"],"yoast_head":"<!-- This site is optimized with the Yoast SEO Premium plugin v27.7 (Yoast SEO v28.3) - https:\/\/yoast.com\/product\/yoast-seo-premium-wordpress\/ -->\n<title>Baal-Hadad \u2013 f\u00f6nik\u00edskur ve\u00f0urgu\u00f0, go\u00f0s\u00f6gn, d\u00fdrkun<\/title>\n<meta name=\"description\" content=\"Baal-Hadad er f\u00f6nik\u00edsk-kanaan\u00edskur ve\u00f0urgu\u00f0 og hetja Baal-hringr\u00e1sarins. Tr\u00faarfr\u00e6\u00f0ileg greining me\u00f0 go\u00f0s\u00f6gn og d\u00fdrkun.\" \/>\n<meta name=\"robots\" content=\"index, follow, max-snippet:-1, max-image-preview:large, max-video-preview:-1\" \/>\n<link rel=\"canonical\" href=\"https:\/\/iwell-guard.com\/is\/baal-hadad-fonikiskur-vedurgud\/\" \/>\n<meta property=\"og:locale\" content=\"is_IS\" \/>\n<meta property=\"og:type\" content=\"article\" \/>\n<meta property=\"og:title\" content=\"Baal-Hadad \u2013 f\u00f6nik\u00edskur ve\u00f0urgu\u00f0\" \/>\n<meta property=\"og:description\" content=\"Baal-Hadad er f\u00f6nik\u00edsk-kanaan\u00edskur ve\u00f0urgu\u00f0 og hetja Baal-hringr\u00e1sarins. Tr\u00faarfr\u00e6\u00f0ileg greining me\u00f0 go\u00f0s\u00f6gn og d\u00fdrkun.\" \/>\n<meta property=\"og:url\" content=\"https:\/\/iwell-guard.com\/is\/baal-hadad-fonikiskur-vedurgud\/\" \/>\n<meta property=\"og:site_name\" content=\"iWell Guard\" \/>\n<meta property=\"article:modified_time\" content=\"2026-09-05T14:27:27+00:00\" \/>\n<meta property=\"og:image\" content=\"https:\/\/iwell-guard.com\/wp-content\/uploads\/2026\/05\/goetter_phoenizisch_baal-hadad.webp\" \/>\n\t<meta property=\"og:image:width\" content=\"1024\" \/>\n\t<meta property=\"og:image:height\" content=\"1536\" \/>\n\t<meta property=\"og:image:type\" content=\"image\/webp\" \/>\n<meta name=\"twitter:card\" content=\"summary_large_image\" \/>\n<script type=\"application\/ld+json\" class=\"yoast-schema-graph\">{\"@context\":\"https:\\\/\\\/schema.org\",\"@graph\":[{\"@type\":\"WebPage\",\"@id\":\"https:\\\/\\\/iwell-guard.com\\\/is\\\/baal-hadad-fonikiskur-vedurgud\\\/\",\"url\":\"https:\\\/\\\/iwell-guard.com\\\/is\\\/baal-hadad-fonikiskur-vedurgud\\\/\",\"name\":\"Baal-Hadad \u2013 f\u00f6nik\u00edskur ve\u00f0urgu\u00f0, go\u00f0s\u00f6gn, d\u00fdrkun\",\"isPartOf\":{\"@id\":\"https:\\\/\\\/iwell-guard.com\\\/is\\\/#website\"},\"primaryImageOfPage\":{\"@id\":\"https:\\\/\\\/iwell-guard.com\\\/is\\\/baal-hadad-fonikiskur-vedurgud\\\/#primaryimage\"},\"image\":{\"@id\":\"https:\\\/\\\/iwell-guard.com\\\/is\\\/baal-hadad-fonikiskur-vedurgud\\\/#primaryimage\"},\"thumbnailUrl\":\"https:\\\/\\\/iwell-guard.com\\\/wp-content\\\/uploads\\\/2026\\\/05\\\/goetter_phoenizisch_baal-hadad.webp\",\"datePublished\":\"2026-09-05T14:04:28+00:00\",\"dateModified\":\"2026-09-05T14:27:27+00:00\",\"description\":\"Baal-Hadad er f\u00f6nik\u00edsk-kanaan\u00edskur ve\u00f0urgu\u00f0 og hetja Baal-hringr\u00e1sarins. Tr\u00faarfr\u00e6\u00f0ileg greining me\u00f0 go\u00f0s\u00f6gn og d\u00fdrkun.\",\"breadcrumb\":{\"@id\":\"https:\\\/\\\/iwell-guard.com\\\/is\\\/baal-hadad-fonikiskur-vedurgud\\\/#breadcrumb\"},\"inLanguage\":\"is\",\"potentialAction\":[{\"@type\":\"ReadAction\",\"target\":[\"https:\\\/\\\/iwell-guard.com\\\/is\\\/baal-hadad-fonikiskur-vedurgud\\\/\"]}]},{\"@type\":\"ImageObject\",\"inLanguage\":\"is\",\"@id\":\"https:\\\/\\\/iwell-guard.com\\\/is\\\/baal-hadad-fonikiskur-vedurgud\\\/#primaryimage\",\"url\":\"https:\\\/\\\/iwell-guard.com\\\/wp-content\\\/uploads\\\/2026\\\/05\\\/goetter_phoenizisch_baal-hadad.webp\",\"contentUrl\":\"https:\\\/\\\/iwell-guard.com\\\/wp-content\\\/uploads\\\/2026\\\/05\\\/goetter_phoenizisch_baal-hadad.webp\",\"width\":1024,\"height\":1536,\"caption\":\"Gu\u00f0ir \u00far f\u00f6nik\u00edskri hef\u00f0.\"},{\"@type\":\"BreadcrumbList\",\"@id\":\"https:\\\/\\\/iwell-guard.com\\\/is\\\/baal-hadad-fonikiskur-vedurgud\\\/#breadcrumb\",\"itemListElement\":[{\"@type\":\"ListItem\",\"position\":1,\"name\":\"Start\",\"item\":\"https:\\\/\\\/iwell-guard.com\\\/is\\\/?page_id=168580\"},{\"@type\":\"ListItem\",\"position\":2,\"name\":\"Baal-Hadad \u2013 f\u00f6nik\u00edskur ve\u00f0urgu\u00f0\"}]},{\"@type\":\"WebSite\",\"@id\":\"https:\\\/\\\/iwell-guard.com\\\/is\\\/#website\",\"url\":\"https:\\\/\\\/iwell-guard.com\\\/is\\\/\",\"name\":\"iWell Guard\",\"description\":\"Schutz vor dunklen Einfl\u00fcssen\",\"publisher\":{\"@id\":\"https:\\\/\\\/iwell-guard.com\\\/is\\\/#organization\"},\"potentialAction\":[{\"@type\":\"SearchAction\",\"target\":{\"@type\":\"EntryPoint\",\"urlTemplate\":\"https:\\\/\\\/iwell-guard.com\\\/is\\\/?s={search_term_string}\"},\"query-input\":{\"@type\":\"PropertyValueSpecification\",\"valueRequired\":true,\"valueName\":\"search_term_string\"}}],\"inLanguage\":\"is\"},{\"@type\":\"Organization\",\"@id\":\"https:\\\/\\\/iwell-guard.com\\\/is\\\/#organization\",\"name\":\"Ittermann electronic GmbH\",\"url\":\"https:\\\/\\\/iwell-guard.com\\\/is\\\/\",\"logo\":{\"@type\":\"ImageObject\",\"inLanguage\":\"is\",\"@id\":\"https:\\\/\\\/iwell-guard.com\\\/is\\\/#\\\/schema\\\/logo\\\/image\\\/\",\"url\":\"https:\\\/\\\/iwell-guard.com\\\/wp-content\\\/uploads\\\/2026\\\/05\\\/Ittermann-Logo-1182x237-1.png\",\"contentUrl\":\"https:\\\/\\\/iwell-guard.com\\\/wp-content\\\/uploads\\\/2026\\\/05\\\/Ittermann-Logo-1182x237-1.png\",\"width\":1182,\"height\":237,\"caption\":\"Ittermann electronic GmbH\"},\"image\":{\"@id\":\"https:\\\/\\\/iwell-guard.com\\\/is\\\/#\\\/schema\\\/logo\\\/image\\\/\"},\"sameAs\":[\"https:\\\/\\\/pantip.com\\\/profile\\\/9367242\",\"https:\\\/\\\/micro.blog\\\/iwellguard\",\"https:\\\/\\\/www.diggerslist.com\\\/iwellguard\\\/about\",\"https:\\\/\\\/skitterphoto.com\\\/photographers\\\/2870314\\\/iwell-guard\",\"https:\\\/\\\/iwellguard.wordpress.com\\\/2026\\\/06\\\/06\\\/iwell-guard\\\/\",\"https:\\\/\\\/hub.docker.com\\\/u\\\/iwellguard\",\"https:\\\/\\\/www.pinterest.com\\\/iwellguard\\\/\",\"https:\\\/\\\/bit.ly\\\/m\\\/iwellguard\",\"https:\\\/\\\/entre-vos-mains.alsace.eu\\\/profiles\\\/iwellguard\\\/activity\",\"https:\\\/\\\/gravatar.com\\\/reallybeded8fd34\",\"https:\\\/\\\/naijamatta.com\\\/iwellguard\",\"https:\\\/\\\/www.goodreads.com\\\/iwellguard\",\"https:\\\/\\\/profile.hatena.ne.jp\\\/iwellguard\\\/\",\"https:\\\/\\\/experiment.com\\\/users\\\/iwellguard\",\"https:\\\/\\\/wakelet.com\\\/@iWellGuard82270\",\"https:\\\/\\\/www.chordie.com\\\/forum\\\/profile.php?id=2555664\",\"https:\\\/\\\/www.instapaper.com\\\/p\\\/17757966\",\"https:\\\/\\\/www.mapleprimes.com\\\/users\\\/iwellguard\",\"https:\\\/\\\/businesslistingplus.com\\\/profile\\\/iwell-guard\\\/\",\"https:\\\/\\\/telegra.ph\\\/iWell-Guard-06-06\",\"https:\\\/\\\/pbase.com\\\/iwellguard\\\/iwellguard\",\"https:\\\/\\\/b.hatena.ne.jp\\\/iwellguard\\\/20260607#bookmark-4788405196491818882\",\"https:\\\/\\\/fliphtml5.com\\\/home\\\/iwellguard\",\"https:\\\/\\\/anyflip.com\\\/homepage\\\/cmiwl#About\",\"https:\\\/\\\/transfur.com\\\/Users\\\/iwellguard\",\"http:\\\/\\\/delphi.larsbo.org\\\/user\\\/iwellguard\",\"https:\\\/\\\/jobs.lajobsportal.org\\\/profiles\\\/8380803-iwell-guard\",\"https:\\\/\\\/md.chaosdorf.de\\\/s\\\/jfbe5SBdJD\",\"https:\\\/\\\/www.lingvolive.com\\\/en-us\\\/profile\\\/9ecaeaca-ce11-4e51-9e71-01d55e2bff36\\\/translations\",\"https:\\\/\\\/www.fitday.com\\\/fitness\\\/forums\\\/members\\\/iwellguard.html\",\"https:\\\/\\\/www.mymeetbook.com\\\/iwellguard\",\"https:\\\/\\\/pxhere.com\\\/en\\\/photographer-me\\\/5040798\",\"https:\\\/\\\/disqus.com\\\/by\\\/iwellguard\\\/about\\\/\",\"https:\\\/\\\/pastelink.net\\\/hjwciqwq\",\"https:\\\/\\\/pubhtml5.com\\\/homepage\\\/scjhn\\\/\",\"https:\\\/\\\/www.bitchute.com\\\/channel\\\/2O2eOKzNqujT\",\"https:\\\/\\\/audiomack.com\\\/iwellguard\"]},{\"@type\":\"Article\",\"@id\":\"https:\\\/\\\/iwell-guard.com\\\/is\\\/baal-hadad-fonikiskur-vedurgud\\\/#article\",\"isPartOf\":{\"@id\":\"https:\\\/\\\/iwell-guard.com\\\/is\\\/baal-hadad-fonikiskur-vedurgud\\\/\"},\"author\":{\"name\":\"Ralf Ittermann\",\"@id\":\"https:\\\/\\\/iwell-guard.com\\\/is\\\/#\\\/schema\\\/person\\\/ee2a27f1cac3406c7c6fb5820cb7349f\"},\"headline\":\"Baal-Hadad \u2013 f\u00f6nik\u00edskur ve\u00f0urgu\u00f0\",\"datePublished\":\"2026-09-05T14:04:28+00:00\",\"dateModified\":\"2026-09-05T14:27:27+00:00\",\"mainEntityOfPage\":{\"@id\":\"https:\\\/\\\/iwell-guard.com\\\/is\\\/baal-hadad-fonikiskur-vedurgud\\\/\"},\"publisher\":{\"@id\":\"https:\\\/\\\/iwell-guard.com\\\/is\\\/#organization\"},\"image\":{\"@id\":\"https:\\\/\\\/iwell-guard.com\\\/is\\\/baal-hadad-fonikiskur-vedurgud\\\/#primaryimage\"},\"thumbnailUrl\":\"https:\\\/\\\/iwell-guard.com\\\/wp-content\\\/uploads\\\/2026\\\/05\\\/goetter_phoenizisch_baal-hadad.webp\",\"inLanguage\":\"is\",\"description\":\"Baal-Hadad er f\u00f6nik\u00edsk-kanaan\u00edskur ve\u00f0urgu\u00f0 og hetja Baal-hringr\u00e1sarins. Tr\u00faarfr\u00e6\u00f0ileg greining me\u00f0 go\u00f0s\u00f6gn og d\u00fdrkun.\"}]}<\/script>\n<!-- \/ Yoast SEO Premium plugin. -->","yoast_head_json":{"title":"Baal-Hadad \u2013 f\u00f6nik\u00edskur ve\u00f0urgu\u00f0, go\u00f0s\u00f6gn, d\u00fdrkun","description":"Baal-Hadad er f\u00f6nik\u00edsk-kanaan\u00edskur ve\u00f0urgu\u00f0 og hetja Baal-hringr\u00e1sarins. Tr\u00faarfr\u00e6\u00f0ileg greining me\u00f0 go\u00f0s\u00f6gn og d\u00fdrkun.","robots":{"index":"index","follow":"follow","max-snippet":"max-snippet:-1","max-image-preview":"max-image-preview:large","max-video-preview":"max-video-preview:-1"},"canonical":"https:\/\/iwell-guard.com\/is\/baal-hadad-fonikiskur-vedurgud\/","og_locale":"is_IS","og_type":"article","og_title":"Baal-Hadad \u2013 f\u00f6nik\u00edskur ve\u00f0urgu\u00f0","og_description":"Baal-Hadad er f\u00f6nik\u00edsk-kanaan\u00edskur ve\u00f0urgu\u00f0 og hetja Baal-hringr\u00e1sarins. Tr\u00faarfr\u00e6\u00f0ileg greining me\u00f0 go\u00f0s\u00f6gn og d\u00fdrkun.","og_url":"https:\/\/iwell-guard.com\/is\/baal-hadad-fonikiskur-vedurgud\/","og_site_name":"iWell Guard","article_modified_time":"2026-09-05T14:27:27+00:00","og_image":[{"width":1024,"height":1536,"url":"https:\/\/iwell-guard.com\/wp-content\/uploads\/2026\/05\/goetter_phoenizisch_baal-hadad.webp","type":"image\/webp"}],"twitter_card":"summary_large_image","schema":{"@context":"https:\/\/schema.org","@graph":[{"@type":"Article","@id":"https:\/\/iwell-guard.com\/is\/baal-hadad-fonikiskur-vedurgud\/#article","isPartOf":{"@id":"https:\/\/iwell-guard.com\/is\/baal-hadad-fonikiskur-vedurgud\/"},"author":{"name":"Ralf Ittermann","@id":"https:\/\/iwell-guard.com\/is\/#\/schema\/person\/ee2a27f1cac3406c7c6fb5820cb7349f"},"headline":"Baal-Hadad \u2013 f\u00f6nik\u00edskur ve\u00f0urgu\u00f0","datePublished":"2026-09-05T14:04:28+00:00","dateModified":"2026-09-05T14:27:27+00:00","mainEntityOfPage":{"@id":"https:\/\/iwell-guard.com\/is\/baal-hadad-fonikiskur-vedurgud\/"},"publisher":{"@id":"https:\/\/iwell-guard.com\/is\/#organization"},"image":{"@id":"https:\/\/iwell-guard.com\/is\/baal-hadad-fonikiskur-vedurgud\/#primaryimage"},"thumbnailUrl":"https:\/\/iwell-guard.com\/wp-content\/uploads\/2026\/05\/goetter_phoenizisch_baal-hadad.webp","inLanguage":"is","description":"Baal-Hadad er f\u00f6nik\u00edsk-kanaan\u00edskur ve\u00f0urgu\u00f0 og hetja Baal-hringr\u00e1sarins. Tr\u00faarfr\u00e6\u00f0ileg greining me\u00f0 go\u00f0s\u00f6gn og d\u00fdrkun."},{"@type":"WebPage","@id":"https:\/\/iwell-guard.com\/is\/baal-hadad-fonikiskur-vedurgud\/","url":"https:\/\/iwell-guard.com\/is\/baal-hadad-fonikiskur-vedurgud\/","name":"Baal-Hadad \u2013 f\u00f6nik\u00edskur ve\u00f0urgu\u00f0, go\u00f0s\u00f6gn, d\u00fdrkun","isPartOf":{"@id":"https:\/\/iwell-guard.com\/is\/#website"},"primaryImageOfPage":{"@id":"https:\/\/iwell-guard.com\/is\/baal-hadad-fonikiskur-vedurgud\/#primaryimage"},"image":{"@id":"https:\/\/iwell-guard.com\/is\/baal-hadad-fonikiskur-vedurgud\/#primaryimage"},"thumbnailUrl":"https:\/\/iwell-guard.com\/wp-content\/uploads\/2026\/05\/goetter_phoenizisch_baal-hadad.webp","datePublished":"2026-09-05T14:04:28+00:00","dateModified":"2026-09-05T14:27:27+00:00","description":"Baal-Hadad er f\u00f6nik\u00edsk-kanaan\u00edskur ve\u00f0urgu\u00f0 og hetja Baal-hringr\u00e1sarins. Tr\u00faarfr\u00e6\u00f0ileg greining me\u00f0 go\u00f0s\u00f6gn og d\u00fdrkun.","breadcrumb":{"@id":"https:\/\/iwell-guard.com\/is\/baal-hadad-fonikiskur-vedurgud\/#breadcrumb"},"inLanguage":"is","potentialAction":[{"@type":"ReadAction","target":["https:\/\/iwell-guard.com\/is\/baal-hadad-fonikiskur-vedurgud\/"]}]},{"@type":"ImageObject","inLanguage":"is","@id":"https:\/\/iwell-guard.com\/is\/baal-hadad-fonikiskur-vedurgud\/#primaryimage","url":"https:\/\/iwell-guard.com\/wp-content\/uploads\/2026\/05\/goetter_phoenizisch_baal-hadad.webp","contentUrl":"https:\/\/iwell-guard.com\/wp-content\/uploads\/2026\/05\/goetter_phoenizisch_baal-hadad.webp","width":1024,"height":1536,"caption":"Gu\u00f0ir \u00far f\u00f6nik\u00edskri hef\u00f0."},{"@type":"BreadcrumbList","@id":"https:\/\/iwell-guard.com\/is\/baal-hadad-fonikiskur-vedurgud\/#breadcrumb","itemListElement":[{"@type":"ListItem","position":1,"name":"Start","item":"https:\/\/iwell-guard.com\/is\/?page_id=168580"},{"@type":"ListItem","position":2,"name":"Baal-Hadad \u2013 f\u00f6nik\u00edskur ve\u00f0urgu\u00f0"}]},{"@type":"WebSite","@id":"https:\/\/iwell-guard.com\/is\/#website","url":"https:\/\/iwell-guard.com\/is\/","name":"iWell Guard","description":"Schutz vor dunklen Einfl\u00fcssen","publisher":{"@id":"https:\/\/iwell-guard.com\/is\/#organization"},"potentialAction":[{"@type":"SearchAction","target":{"@type":"EntryPoint","urlTemplate":"https:\/\/iwell-guard.com\/is\/?s={search_term_string}"},"query-input":{"@type":"PropertyValueSpecification","valueRequired":true,"valueName":"search_term_string"}}],"inLanguage":"is"},{"@type":"Organization","@id":"https:\/\/iwell-guard.com\/is\/#organization","name":"Ittermann electronic GmbH","url":"https:\/\/iwell-guard.com\/is\/","logo":{"@type":"ImageObject","inLanguage":"is","@id":"https:\/\/iwell-guard.com\/is\/#\/schema\/logo\/image\/","url":"https:\/\/iwell-guard.com\/wp-content\/uploads\/2026\/05\/Ittermann-Logo-1182x237-1.png","contentUrl":"https:\/\/iwell-guard.com\/wp-content\/uploads\/2026\/05\/Ittermann-Logo-1182x237-1.png","width":1182,"height":237,"caption":"Ittermann electronic GmbH"},"image":{"@id":"https:\/\/iwell-guard.com\/is\/#\/schema\/logo\/image\/"},"sameAs":["https:\/\/pantip.com\/profile\/9367242","https:\/\/micro.blog\/iwellguard","https:\/\/www.diggerslist.com\/iwellguard\/about","https:\/\/skitterphoto.com\/photographers\/2870314\/iwell-guard","https:\/\/iwellguard.wordpress.com\/2026\/06\/06\/iwell-guard\/","https:\/\/hub.docker.com\/u\/iwellguard","https:\/\/www.pinterest.com\/iwellguard\/","https:\/\/bit.ly\/m\/iwellguard","https:\/\/entre-vos-mains.alsace.eu\/profiles\/iwellguard\/activity","https:\/\/gravatar.com\/reallybeded8fd34","https:\/\/naijamatta.com\/iwellguard","https:\/\/www.goodreads.com\/iwellguard","https:\/\/profile.hatena.ne.jp\/iwellguard\/","https:\/\/experiment.com\/users\/iwellguard","https:\/\/wakelet.com\/@iWellGuard82270","https:\/\/www.chordie.com\/forum\/profile.php?id=2555664","https:\/\/www.instapaper.com\/p\/17757966","https:\/\/www.mapleprimes.com\/users\/iwellguard","https:\/\/businesslistingplus.com\/profile\/iwell-guard\/","https:\/\/telegra.ph\/iWell-Guard-06-06","https:\/\/pbase.com\/iwellguard\/iwellguard","https:\/\/b.hatena.ne.jp\/iwellguard\/20260607#bookmark-4788405196491818882","https:\/\/fliphtml5.com\/home\/iwellguard","https:\/\/anyflip.com\/homepage\/cmiwl#About","https:\/\/transfur.com\/Users\/iwellguard","http:\/\/delphi.larsbo.org\/user\/iwellguard","https:\/\/jobs.lajobsportal.org\/profiles\/8380803-iwell-guard","https:\/\/md.chaosdorf.de\/s\/jfbe5SBdJD","https:\/\/www.lingvolive.com\/en-us\/profile\/9ecaeaca-ce11-4e51-9e71-01d55e2bff36\/translations","https:\/\/www.fitday.com\/fitness\/forums\/members\/iwellguard.html","https:\/\/www.mymeetbook.com\/iwellguard","https:\/\/pxhere.com\/en\/photographer-me\/5040798","https:\/\/disqus.com\/by\/iwellguard\/about\/","https:\/\/pastelink.net\/hjwciqwq","https:\/\/pubhtml5.com\/homepage\/scjhn\/","https:\/\/www.bitchute.com\/channel\/2O2eOKzNqujT","https:\/\/audiomack.com\/iwellguard"]},{"@type":"Person","@id":"https:\/\/iwell-guard.com\/is\/#\/schema\/person\/ee2a27f1cac3406c7c6fb5820cb7349f","name":"Ralf Ittermann","image":{"@type":"ImageObject","inLanguage":"is","@id":"https:\/\/secure.gravatar.com\/avatar\/073c0153e350a5005b68eb752b445fea71f6b24a26da9449ad7e155e6b446c9d?s=96&d=mm&r=g","url":"https:\/\/secure.gravatar.com\/avatar\/073c0153e350a5005b68eb752b445fea71f6b24a26da9449ad7e155e6b446c9d?s=96&d=mm&r=g","contentUrl":"https:\/\/secure.gravatar.com\/avatar\/073c0153e350a5005b68eb752b445fea71f6b24a26da9449ad7e155e6b446c9d?s=96&d=mm&r=g","caption":"Ralf Ittermann"},"givenName":"Ralf","familyName":"Ittermann","jobTitle":"Gesch\u00e4ftsf\u00fchrer und redaktioneller Verantwortlicher","url":"https:\/\/iwell-guard.com\/is\/author\/claude\/","description":"Ralf Ittermann ist Gesch\u00e4ftsf\u00fchrer der Ittermann electronic GmbH und redaktioneller Verantwortlicher des iWell-Guard-Lexikons. Er verbindet langj\u00e4hrige Erfahrung in der Pr\u00e4zisionsfertigung mit medialer Praxis und religionsgeschichtlicher Quellenarbeit.","worksFor":{"@type":"Organization","name":"Ittermann electronic GmbH","url":"https:\/\/ittermann.de\/","address":{"@type":"PostalAddress","streetAddress":"K\u00f6hlergasse 16-18","postalCode":"99842","addressLocality":"Ruhla","addressCountry":"DE"}},"knowsAbout":["Religionsgeschichte","Mythologie","Mediale Praxis","Energetische Diagnostik","Schutzpraxis","Volksglauben","Westliche Esoterik"]},{"@type":"Article","@id":"https:\/\/iwell-guard.com\/is\/baal-hadad-fonikiskur-vedurgud\/#article","isPartOf":{"@id":"https:\/\/iwell-guard.com\/is\/baal-hadad-fonikiskur-vedurgud\/"},"author":{"name":"Ralf Ittermann","@id":"https:\/\/iwell-guard.com\/is\/#\/schema\/person\/ee2a27f1cac3406c7c6fb5820cb7349f"},"headline":"Baal-Hadad \u2013 f\u00f6nik\u00edskur ve\u00f0urgu\u00f0","datePublished":"2026-09-05T14:04:28+00:00","dateModified":"2026-09-05T14:27:27+00:00","mainEntityOfPage":{"@id":"https:\/\/iwell-guard.com\/is\/baal-hadad-fonikiskur-vedurgud\/"},"publisher":{"@id":"https:\/\/iwell-guard.com\/is\/#organization"},"image":{"@id":"https:\/\/iwell-guard.com\/is\/baal-hadad-fonikiskur-vedurgud\/#primaryimage"},"thumbnailUrl":"https:\/\/iwell-guard.com\/wp-content\/uploads\/2026\/05\/goetter_phoenizisch_baal-hadad.webp","inLanguage":"is","description":"Baal-Hadad er f\u00f6nik\u00edsk-kanaan\u00edskur ve\u00f0urgu\u00f0 og hetja Baal-hringr\u00e1sarins. Tr\u00faarfr\u00e6\u00f0ileg greining me\u00f0 go\u00f0s\u00f6gn og d\u00fdrkun."}]}},"_links":{"self":[{"href":"https:\/\/iwell-guard.com\/is\/wp-json\/wp\/v2\/pages\/168969","targetHints":{"allow":["GET"]}}],"collection":[{"href":"https:\/\/iwell-guard.com\/is\/wp-json\/wp\/v2\/pages"}],"about":[{"href":"https:\/\/iwell-guard.com\/is\/wp-json\/wp\/v2\/types\/page"}],"author":[{"embeddable":true,"href":"https:\/\/iwell-guard.com\/is\/wp-json\/wp\/v2\/users\/3"}],"replies":[{"embeddable":true,"href":"https:\/\/iwell-guard.com\/is\/wp-json\/wp\/v2\/comments?post=168969"}],"version-history":[{"count":0,"href":"https:\/\/iwell-guard.com\/is\/wp-json\/wp\/v2\/pages\/168969\/revisions"}],"wp:featuredmedia":[{"embeddable":true,"href":"https:\/\/iwell-guard.com\/is\/wp-json\/wp\/v2\/media\/2845"}],"wp:attachment":[{"href":"https:\/\/iwell-guard.com\/is\/wp-json\/wp\/v2\/media?parent=168969"}],"wp:term":[{"taxonomy":"category","embeddable":true,"href":"https:\/\/iwell-guard.com\/is\/wp-json\/wp\/v2\/categories?post=168969"}],"curies":[{"name":"wp","href":"https:\/\/api.w.org\/{rel}","templated":true}]}}