{"id":168968,"date":"2026-09-05T14:04:27","date_gmt":"2026-09-05T14:04:27","guid":{"rendered":"https:\/\/iwell-guard.com\/?page_id=168968"},"modified":"2026-09-05T14:27:23","modified_gmt":"2026-09-05T14:27:23","slug":"sarruma-hurrityskur-fjallgud-verndari-konunga","status":"publish","type":"page","link":"https:\/\/iwell-guard.com\/is\/sarruma-hurrityskur-fjallgud-verndari-konunga\/","title":{"rendered":"Sarruma \u2013 hurr\u00edskur fjallgu\u00f0 og verndari konunga"},"content":{"rendered":"\t\t<div data-elementor-type=\"wp-page\" data-elementor-id=\"168968\" class=\"elementor elementor-168968 elementor-2623 elementor-bc-flex-widget\" data-elementor-post-type=\"page\">\n\t\t\t\t<div class=\"elementor-element elementor-element-iwgw-sarruma-hero e-flex e-con-boxed e-con e-parent\" data-id=\"iwgw-sarruma-hero\" data-element_type=\"container\" data-e-type=\"container\" data-settings=\"{&quot;background_background&quot;:&quot;classic&quot;}\">\n\t\t\t\t\t<div class=\"e-con-inner\">\n\t\t<div class=\"elementor-element elementor-element-iwgw-sarruma-hl e-flex e-con-boxed e-con e-child\" data-id=\"iwgw-sarruma-hl\" data-element_type=\"container\" data-e-type=\"container\">\n\t\t\t\t\t<div class=\"e-con-inner\">\n\t\t<div class=\"elementor-element elementor-element-iwgw-sarruma-htxt e-con-full e-flex e-con e-child\" data-id=\"iwgw-sarruma-htxt\" data-element_type=\"container\" data-e-type=\"container\">\n\t\t\t\t<div class=\"elementor-element elementor-element-iwgw-sarruma-h1 elementor-widget elementor-widget-heading\" data-id=\"iwgw-sarruma-h1\" data-element_type=\"widget\" data-e-type=\"widget\" data-widget_type=\"heading.default\">\n\t\t\t\t\t<h1 class=\"elementor-heading-title elementor-size-default\">Sarruma, hurr\u00edsk-het\u00edskur fjallgu\u00f0 og verndari konunga<\/h1>\t\t\t\t<\/div>\n\t\t\t\t<div class=\"elementor-element elementor-element-iwgw-sarruma-lead elementor-widget elementor-widget-text-editor\" data-id=\"iwgw-sarruma-lead\" data-element_type=\"widget\" data-e-type=\"widget\" data-widget_type=\"text-editor.default\">\n\t\t\t\t\t\t\t\t\t<p>Sarruma er hurr\u00edskur fjallgu\u00f0, sonur <a href=\"https:\/\/iwell-guard.com\/is\/?page_id=168963\">Teshubs<\/a> og <a href=\"https:\/\/iwell-guard.com\/is\/?page_id=168964\">Hebats<\/a>. Hann var pers\u00f3nulegur verndargu\u00f0 het\u00edska st\u00f3rkonungsins Tud\u1e2baliya IV. (13. \u00f6ld f.Kr.), sem l\u00e9t s\u00fdna hann \u00ed Yaz\u0131l\u0131kaya \u00ed hinni fr\u00e6gu &#8216;gu\u00f0legu fa\u00f0mlagsmynd&#8217;.<\/p>\t\t\t\t\t\t\t\t<\/div>\n\t\t\t\t<\/div>\n\t\t<div class=\"elementor-element elementor-element-iwgw-sarruma-pillc e-con-full e-flex e-con e-child\" data-id=\"iwgw-sarruma-pillc\" data-element_type=\"container\" data-e-type=\"container\">\n\t\t\t\t<div class=\"elementor-element elementor-element-iwgw-sarruma-pills elementor-widget elementor-widget-html\" data-id=\"iwgw-sarruma-pills\" data-element_type=\"widget\" data-e-type=\"widget\" data-widget_type=\"html.default\">\n\t\t\t\t\t<div class=\"iwg-pill-row\"><span class=\"iwg-klasse-badge\" tabindex=\"0\" data-tooltip=\"Gu\u00f0 \u00far het\u00edskri hef\u00f0.\">Gu\u00f0<\/span><a href=\"https:\/\/iwell-guard.com\/is\/hettitar-anatolia-tarhunna-vernd\/\" class=\"iwg-kultur-badge\" tabindex=\"0\" data-tooltip=\"Go\u00f0afr\u00e6\u00f0i het\u00edsku hef\u00f0arinnar.\">Het\u00edska<\/a><span class=\"iwg-tradition-badge\" tabindex=\"0\" data-tooltip=\"Verndargu\u00f0.\">Verndargu\u00f0<\/span><\/div>\t\t\t\t<\/div>\n\t\t\t\t<\/div>\n\t\t<div class=\"elementor-element elementor-element-iwgw-sarruma-tocc e-con-full e-flex e-con e-child\" data-id=\"iwgw-sarruma-tocc\" data-element_type=\"container\" data-e-type=\"container\">\n\t\t\t\t<div class=\"elementor-element elementor-element-iwgw-sarruma-toc elementor-toc--minimized-on-tablet elementor-widget elementor-widget-table-of-contents\" data-id=\"iwgw-sarruma-toc\" data-element_type=\"widget\" data-e-type=\"widget\" data-settings=\"{&quot;headings_by_tags&quot;:[&quot;h2&quot;,&quot;h3&quot;],&quot;minimize_box&quot;:&quot;yes&quot;,&quot;marker_view&quot;:&quot;bullets&quot;,&quot;no_headings_message&quot;:&quot;Engar undirfyrirsagnir fundust \\u00e1 \\u00feessari s\\u00ed\\u00f0u.&quot;,&quot;exclude_headings_by_selector&quot;:[],&quot;icon&quot;:{&quot;value&quot;:&quot;fas fa-circle&quot;,&quot;library&quot;:&quot;fa-solid&quot;,&quot;rendered_tag&quot;:&quot;&lt;svg class=\\&quot;e-font-icon-svg e-fas-circle\\&quot; viewBox=\\&quot;0 0 512 512\\&quot; xmlns=\\&quot;http:\\\/\\\/www.w3.org\\\/2000\\\/svg\\&quot;&gt;&lt;path d=\\&quot;M256 8C119 8 8 119 8 256s111 248 248 248 248-111 248-248S393 8 256 8z\\&quot;&gt;&lt;\\\/path&gt;&lt;\\\/svg&gt;&quot;},&quot;minimized_on&quot;:&quot;tablet&quot;,&quot;hierarchical_view&quot;:&quot;yes&quot;,&quot;min_height&quot;:{&quot;unit&quot;:&quot;px&quot;,&quot;size&quot;:&quot;&quot;,&quot;sizes&quot;:[]},&quot;min_height_tablet&quot;:{&quot;unit&quot;:&quot;px&quot;,&quot;size&quot;:&quot;&quot;,&quot;sizes&quot;:[]},&quot;min_height_mobile&quot;:{&quot;unit&quot;:&quot;px&quot;,&quot;size&quot;:&quot;&quot;,&quot;sizes&quot;:[]}}\" data-widget_type=\"table-of-contents.default\">\n\t\t\t\t\t\t\t\t\t<div class=\"elementor-toc__header\">\n\t\t\t\t\t\t<h2 class=\"elementor-toc__header-title\">\n\t\t\t\tEfnisyfirlit\t\t\t<\/h2>\n\t\t\t\t\t\t\t\t\t\t<div class=\"elementor-toc__toggle-button elementor-toc__toggle-button--expand\" role=\"button\" tabindex=\"0\" aria-controls=\"elementor-toc__iwgw-sarruma-toc\" aria-expanded=\"true\" aria-label=\"Open table of contents\"><svg aria-hidden=\"true\" class=\"e-font-icon-svg e-fas-chevron-down\" viewBox=\"0 0 448 512\" xmlns=\"http:\/\/www.w3.org\/2000\/svg\"><path d=\"M207.029 381.476L12.686 187.132c-9.373-9.373-9.373-24.569 0-33.941l22.667-22.667c9.357-9.357 24.522-9.375 33.901-.04L224 284.505l154.745-154.021c9.379-9.335 24.544-9.317 33.901.04l22.667 22.667c9.373 9.373 9.373 24.569 0 33.941L240.971 381.476c-9.373 9.372-24.569 9.372-33.942 0z\"><\/path><\/svg><\/div>\n\t\t\t\t<div class=\"elementor-toc__toggle-button elementor-toc__toggle-button--collapse\" role=\"button\" tabindex=\"0\" aria-controls=\"elementor-toc__iwgw-sarruma-toc\" aria-expanded=\"true\" aria-label=\"Close table of contents\"><svg aria-hidden=\"true\" class=\"e-font-icon-svg e-fas-chevron-up\" viewBox=\"0 0 448 512\" xmlns=\"http:\/\/www.w3.org\/2000\/svg\"><path d=\"M240.971 130.524l194.343 194.343c9.373 9.373 9.373 24.569 0 33.941l-22.667 22.667c-9.357 9.357-24.522 9.375-33.901.04L224 227.495 69.255 381.516c-9.379 9.335-24.544 9.317-33.901-.04l-22.667-22.667c-9.373-9.373-9.373-24.569 0-33.941L207.03 130.525c9.372-9.373 24.568-9.373 33.941-.001z\"><\/path><\/svg><\/div>\n\t\t\t\t\t<\/div>\n\t\t\t\t<div id=\"elementor-toc__iwgw-sarruma-toc\" class=\"elementor-toc__body\">\n\t\t\t<div class=\"elementor-toc__spinner-container\">\n\t\t\t\t<svg class=\"elementor-toc__spinner eicon-animation-spin e-font-icon-svg e-eicon-loading\" aria-hidden=\"true\" viewBox=\"0 0 1000 1000\" xmlns=\"http:\/\/www.w3.org\/2000\/svg\"><path d=\"M500 975V858C696 858 858 696 858 500S696 142 500 142 142 304 142 500H25C25 237 238 25 500 25S975 237 975 500 763 975 500 975Z\"><\/path><\/svg>\t\t\t<\/div>\n\t\t<\/div>\n\t\t\t\t\t\t<\/div>\n\t\t\t\t<\/div>\n\t\t\t\t\t<\/div>\n\t\t\t\t<\/div>\n\t\t<div class=\"elementor-element elementor-element-iwgw-sarruma-hr e-con-full e-flex e-con e-child\" data-id=\"iwgw-sarruma-hr\" data-element_type=\"container\" data-e-type=\"container\">\n\t\t\t\t<div class=\"elementor-element elementor-element-iwgw-sarruma-heroimg iwg-hero-image elementor-widget elementor-widget-image\" data-id=\"iwgw-sarruma-heroimg\" data-element_type=\"widget\" data-e-type=\"widget\" data-widget_type=\"image.default\">\n\t\t\t\t\t\t\t\t\t\t\t\t\t\t\t<img fetchpriority=\"high\" decoding=\"async\" width=\"683\" height=\"1024\" src=\"https:\/\/iwell-guard.com\/wp-content\/uploads\/2026\/05\/goetter_hethitisch_sarruma-683x1024.webp\" class=\"attachment-large size-large wp-image-170817\" alt=\"Sarruma - Gu\u00f0 \u00far hef\u00f0um Het\u00edta, s\u00f6guleg-myndskreytandi\" srcset=\"https:\/\/iwell-guard.com\/wp-content\/uploads\/2026\/05\/goetter_hethitisch_sarruma-683x1024.webp 683w, https:\/\/iwell-guard.com\/wp-content\/uploads\/2026\/05\/goetter_hethitisch_sarruma-200x300.webp 200w, https:\/\/iwell-guard.com\/wp-content\/uploads\/2026\/05\/goetter_hethitisch_sarruma-768x1152.webp 768w, https:\/\/iwell-guard.com\/wp-content\/uploads\/2026\/05\/goetter_hethitisch_sarruma.webp 1024w\" sizes=\"(max-width: 683px) 100vw, 683px\" \/>\t\t\t\t\t\t\t\t\t\t\t\t\t\t\t<\/div>\n\t\t\t\t<\/div>\n\t\t\t\t\t<\/div>\n\t\t\t\t<\/div>\n\t\t\t\t<section class=\"elementor-section elementor-top-section elementor-element elementor-element-sec-iwgcomp2-sarruma elementor-section-boxed elementor-section-height-default elementor-section-height-default\" data-id=\"sec-iwgcomp2-sarruma\" data-element_type=\"section\" data-e-type=\"section\">\n\t\t\t\t\t\t<div class=\"elementor-container elementor-column-gap-default\">\n\t\t\t\t\t<div class=\"elementor-column elementor-col-100 elementor-top-column elementor-element elementor-element-col-iwgcomp2-sarruma\" data-id=\"col-iwgcomp2-sarruma\" data-element_type=\"column\" data-e-type=\"column\">\n\t\t\t<div class=\"elementor-widget-wrap elementor-element-populated\">\n\t\t\t\t\t\t<div class=\"elementor-element elementor-element-iwgcomp2-sarruma elementor-widget elementor-widget-text-editor\" data-id=\"iwgcomp2-sarruma\" data-element_type=\"widget\" data-e-type=\"widget\" data-widget_type=\"text-editor.default\">\n\t\t\t\t\t\t\t\t\t<p>\u0160arruma kemur fram \u00ed <strong>hurr\u00edsk-het\u00edskum<\/strong> <span class=\"iwg-fachbegriff\" data-tooltip=\"Heildarsafn tr\u00faarlegra tilbei\u00f0sluathafna fyrir gu\u00f0 e\u00f0a heilaga v\u00e6ttarveru.\" tabindex=\"0\">helgisi\u00f0um<\/span> sem sonur Te\u0161ubs og fjallgu\u00f0.<\/p>\t\t\t\t\t\t\t\t<\/div>\n\t\t\t\t\t<\/div>\n\t\t<\/div>\n\t\t\t\t\t<\/div>\n\t\t<\/section>\n\t\t<div class=\"elementor-element elementor-element-iwgw-sarruma-s0 e-flex e-con-boxed e-con e-parent\" data-id=\"iwgw-sarruma-s0\" data-element_type=\"container\" data-e-type=\"container\">\n\t\t\t\t\t<div class=\"e-con-inner\">\n\t\t\t\t<div class=\"elementor-element elementor-element-iwgw-sarruma-s0h elementor-widget elementor-widget-heading\" data-id=\"iwgw-sarruma-s0h\" data-element_type=\"widget\" data-e-type=\"widget\" data-widget_type=\"heading.default\">\n\t\t\t\t\t<h2 class=\"elementor-heading-title elementor-size-default\">Greining og skammrit<\/h2>\t\t\t\t<\/div>\n\t\t<div class=\"elementor-element elementor-element-iwgw-sarruma-s0c e-con-full e-flex e-con e-child\" data-id=\"iwgw-sarruma-s0c\" data-element_type=\"container\" data-e-type=\"container\">\n\t\t\t\t<div class=\"elementor-element elementor-element-iwgw-sarruma-s0t elementor-widget elementor-widget-text-editor\" data-id=\"iwgw-sarruma-s0t\" data-element_type=\"widget\" data-e-type=\"widget\" data-widget_type=\"text-editor.default\">\n\t\t\t\t\t\t\t\t\t<p>Sarruma (einnig \u0160arruma, \u0160arrumma) er sonur hurr\u00edsku h\u00f6fu\u00f0gu\u00f0anna <a href=\"https:\/\/iwell-guard.com\/is\/?page_id=168963\">Teshubs<\/a> og <a href=\"https:\/\/iwell-guard.com\/is\/?page_id=168964\">Hebats<\/a>. Volkert Haas hefur \u00ed <em>Geschichte der hethitischen Religion<\/em> (1994) s\u00fdnt a\u00f0 hann var upphaflega borgargu\u00f0 Kummanni \u00ed Kizzuwatna og reis, \u00ed gegnum 14. og 13. \u00f6ld f.Kr., upp til a\u00f0 ver\u00f0a mi\u00f0l\u00e6gur verndargu\u00f0 het\u00edsku st\u00f3rkonunganna.<\/p><p>Innan <a href=\"https:\/\/iwell-guard.com\/is\/hettitar-anatolia-tarhunna-vernd\/\">het\u00edsku hef\u00f0arinnar<\/a> er hann \u00feekktasti verndargu\u00f0 s\u00ed\u00f0r\u00edkisins.<\/p><p>Tr\u00faarfr\u00e6\u00f0ilegt e\u00f0li hans er &#8216;gu\u00f0legur sonur&#8217; og pers\u00f3nulegur verndargu\u00f0: hann stendur ekki efst \u00ed go\u00f0aveldinu, en er st\u00f3rkonunginum s\u00e9rstaklega n\u00e1kominn.<\/p><p>Tud\u1e2baliya IV. kalla\u00f0i sig &#8216;\u00e1stvin Sarruma&#8217; og l\u00e9t s\u00fdna sig \u00ed Yaz\u0131l\u0131kaya, h\u00f3lfi B, \u00ed verndandi fa\u00f0mlagi Sarruma. \u00deessi t\u00e1knr\u00e6na myndform\u00fala er ein af mikilv\u00e6gustu verndarmyndum forn-austurlenskrar listar.<\/p><p>Trevor Bryce hefur \u00ed <em>The Kingdom of the Hittites<\/em> (2005) vaki\u00f0 athygli \u00e1 hinni p\u00f3lit\u00edsk-tr\u00faarlegu \u00fe\u00fd\u00f0ingu \u00feessa pers\u00f3nulega gu\u00f0asambands: Sarruma er t\u00e1kn fyrir hurr\u00edseringu het\u00edsku konunggu\u00f0fr\u00e6\u00f0innar \u00e1 13. \u00f6ld f.Kr. Drottningin Pudu\u1e2bepa og sonur hennar Tud\u1e2baliya IV. ger\u00f0u hurritismann a\u00f0 r\u00edkistr\u00fa \u00ed m\u00e6li sem var einstakur \u00ed het\u00edska r\u00edkinu.<\/p><p>Athyglisver\u00f0ur eiginleiki Sarruma er tv\u00f6falt hlutverk hans sem fjall-<span class=\"iwg-fachbegriff\" data-tooltip=\"Vera sem er tilbe\u00f0in sem gu\u00f0leg innan tr\u00faarbrag\u00f0a.\" tabindex=\"0\">gu\u00f0d\u00f3mur<\/span> og pers\u00f3nulegur verndargu\u00f0 konungs. \u00deessi tenging n\u00e1tt\u00farulegrar helgi og hir\u00f0tr\u00faar er f\u00e1t\u00ed\u00f0 \u00ed tr\u00faars\u00f6gu forn-austurlanda og gerir hann a\u00f0 einni af the\u00f3l\u00f3g\u00edskt \u00e1hugaver\u00f0ustu v\u00e6ttum hurr\u00edsk-het\u00edska go\u00f0aveldisins. \u00c1 s\u00ed\u00f0ari hluta 13. aldar f.Kr. n\u00e1\u00f0i <span class=\"iwg-fachbegriff\" data-tooltip=\"Heildarsafn tr\u00faarlegra tilbei\u00f0sluathafna fyrir gu\u00f0 e\u00f0a heilaga v\u00e6ttarveru.\" tabindex=\"0\">helgisi\u00f0ad\u00fdrkun<\/span> hans h\u00e1marki undir Tud\u1e2baliya IV.<\/p><p>\u00cd het\u00edsk-l\u00fav\u00edsku h\u00eder\u00f3gl\u00fdfusafninu bera nokkrar konungsmyndir hi\u00f0 gu\u00f0lega nafnbrot &#8216;\u0160arruma&#8217; (t.d. Sarruma-DEUS, Sarruma-sonur-XY), sem sta\u00f0festir l\u00edfs\u00fer\u00f3tt d\u00fdrkunar hans \u00e1 1. \u00e1r\u00fe\u00fasundi f.Kr.<\/p>\t\t\t\t\t\t\t\t<\/div>\n\t\t\t\t<\/div>\n\t\t\t\t\t<\/div>\n\t\t\t\t<\/div>\n\t\t<div class=\"elementor-element elementor-element-iwgw-sarruma-s1 e-flex e-con-boxed e-con e-parent\" data-id=\"iwgw-sarruma-s1\" data-element_type=\"container\" data-e-type=\"container\">\n\t\t\t\t\t<div class=\"e-con-inner\">\n\t\t\t\t<div class=\"elementor-element elementor-element-iwgw-sarruma-s1h elementor-widget elementor-widget-heading\" data-id=\"iwgw-sarruma-s1h\" data-element_type=\"widget\" data-e-type=\"widget\" data-widget_type=\"heading.default\">\n\t\t\t\t\t<h2 class=\"elementor-heading-title elementor-size-default\">Nafn og or\u00f0sifjar<\/h2>\t\t\t\t<\/div>\n\t\t<div class=\"elementor-element elementor-element-iwgw-sarruma-s1c e-con-full e-flex e-con e-child\" data-id=\"iwgw-sarruma-s1c\" data-element_type=\"container\" data-e-type=\"container\">\n\t\t\t\t<div class=\"elementor-element elementor-element-iwgw-sarruma-s1t elementor-widget elementor-widget-text-editor\" data-id=\"iwgw-sarruma-s1t\" data-element_type=\"widget\" data-e-type=\"widget\" data-widget_type=\"text-editor.default\">\n\t\t\t\t\t\t\t\t\t<p>Nafni\u00f0 Sarruma er hurr\u00edskt; tr\u00faleg or\u00f0sifjafr\u00e6\u00f0i tengir \u00fea\u00f0 or\u00f0hlutanum <em>\u0161arri-<\/em>, sem \u00fe\u00fd\u00f0ir &#8216;konungur&#8217; \u00ed nokkrum forn-austurlenskum tungum\u00e1lum (sem\u00edt\u00edskt <em>\u0161arru<\/em>, akkad\u00edskt <em>\u0161arru<\/em>). Sarruma myndi \u00fe\u00e1 merkja &#8216;hinn konunglegi&#8217;, &#8216;s\u00e1 sem tilheyrir konungd\u00e6minu&#8217;. Volkert Haas og Daniel Schwemer hafa r\u00e6tt \u00feessa or\u00f0sifjafr\u00e6\u00f0i sem l\u00edklega.<\/p><p>\u00cd fleygr\u00fanatextum kemur nafni\u00f0 fram sem <em>\u0160ar-ru-ma<\/em>, <em>\u0160ar-ru-um-ma<\/em>; \u00ed het\u00edsk-l\u00fav\u00edskum h\u00eder\u00f3gl\u00fdfum sem &#8216;TUTELARY+ra\/i-ma&#8217; (ritt\u00e1kni\u00f0 TUTELARY v\u00edsar til hlutverks hans sem verndargu\u00f0s). \u00c1 akkad\u00edsku er hann ekki au\u00f0veldlega samsama\u00f0ur; hurr\u00edskt e\u00f0li hans er greinilegt.<\/p><p>\u00d6nnur or\u00f0sifjafr\u00e6\u00f0i tengir nafni\u00f0 vi\u00f0 fjallsheiti &#8216;\u0160arruma&#8217; \u00ed Kizzuwatna; Sarruma v\u00e6ri \u00fe\u00e1 upphaflega fjallgu\u00f0 og a\u00f0eins \u00ed s\u00ed\u00f0ari r\u00f6\u00f0 verndargu\u00f0 konunga.<\/p><p>B\u00e1\u00f0ar or\u00f0sifjafr\u00e6\u00f0ilegu sk\u00fdringarnar eru l\u00edklega samr\u00fdmanlegar: fjallgu\u00f0 \u00e1 \u0160arruma-fjalli, en nafn hans v\u00edsar \u00fe\u00e1 til &#8216;konungs&#8217;. \u00deessi tv\u00f6falda merking, &#8216;fjall&#8217; og &#8216;konungur&#8217;, er tr\u00faars\u00f6gulega uppl\u00fdsandi og endurspeglar fornanat\u00f3lska hef\u00f0 heilagra fjalla sem gu\u00f0legra v\u00e6tta.<\/p>\t\t\t\t\t\t\t\t<\/div>\n\t\t\t\t<\/div>\n\t\t\t\t\t<\/div>\n\t\t\t\t<\/div>\n\t\t<div class=\"elementor-element elementor-element-iwgw-sarruma-s2 e-flex e-con-boxed e-con e-parent\" data-id=\"iwgw-sarruma-s2\" data-element_type=\"container\" data-e-type=\"container\">\n\t\t\t\t\t<div class=\"e-con-inner\">\n\t\t\t\t<div class=\"elementor-element elementor-element-iwgw-sarruma-s2h elementor-widget elementor-widget-heading\" data-id=\"iwgw-sarruma-s2h\" data-element_type=\"widget\" data-e-type=\"widget\" data-widget_type=\"heading.default\">\n\t\t\t\t\t<h2 class=\"elementor-heading-title elementor-size-default\">L\u00fdsing og myndm\u00e1l<\/h2>\t\t\t\t<\/div>\n\t\t<div class=\"elementor-element elementor-element-iwgw-sarruma-s2c e-con-full e-flex e-con e-child\" data-id=\"iwgw-sarruma-s2c\" data-element_type=\"container\" data-e-type=\"container\">\n\t\t\t\t<div class=\"elementor-element elementor-element-iwgw-sarruma-s2t elementor-widget elementor-widget-text-editor\" data-id=\"iwgw-sarruma-s2t\" data-element_type=\"widget\" data-e-type=\"widget\" data-widget_type=\"text-editor.default\">\n\t\t\t\t\t\t\t\t\t<p>Sarruma kemur fram \u00ed Yaz\u0131l\u0131kaya-kammeri A \u00ed kvenlegu r\u00f6\u00f0inni vi\u00f0 hli\u00f0 m\u00f3\u00f0ur sinnar <a href=\"https:\/\/iwell-guard.com\/is\/?page_id=168964\">Hebat<\/a>, standandi \u00e1 hl\u00e9bar\u00f0a. Hann kl\u00e6\u00f0ist stuttu sk\u00fdlukl\u00e6\u00f0i, h\u00e1um toppmyndu\u00f0um h\u00f6fu\u00f0b\u00fana\u00f0i og ber str\u00ed\u00f0s\u00f6xi.<\/p><p>\u00cd kammeri B kemur hann fram \u00ed einst\u00e6\u00f0u atri\u00f0i: Hann fa\u00f0mar mikilkonunginn Tud\u1e2baliya IV. me\u00f0 h\u00e6gri hendi, andlit hans vi\u00f0 hli\u00f0 andlits konungsins. \u00deessi myndform\u00fala er \u00feekkt sem &#8216;gu\u00f0leg fa\u00f0mlag&#8217; og er talin sj\u00f3nr\u00e6n framsetning \u00e1 vernd konungsins.<\/p><p>Heilagt d\u00fdr hans er hl\u00e9bar\u00f0inn e\u00f0a pardusd\u00fdri\u00f0, sem hann deilir me\u00f0 m\u00f3\u00f0ur sinni Hebat. \u00c1 s\u00ed\u00f0hett\u00edt\u00edskum l\u00e1gmyndum fr\u00e1 Karkami\u0161 og \u00f6\u00f0rum st\u00f6\u00f0um kemur hann oft fram sem ganganda ungur gu\u00f0 me\u00f0 \u00f6xi og staf. \u00c1 konunglegum innsiglum Tud\u1e2baliya birtist merki hans (logogram) \u00e1samt konungsnafninu, myndform\u00fala sem l\u00fdsir bein tengslum verndargu\u00f0s og konungs.<\/p><p>S\u00e9rstakt einkenni hans er sams\u00f6mun vi\u00f0 heilagt fjall. Fj\u00f6ll voru \u00ed hurr\u00edska <span class=\"iwg-fachbegriff\" data-tooltip=\"Heild gu\u00f0a innan tr\u00faarbrag\u00f0a e\u00f0a menningar.\" tabindex=\"0\">go\u00f0aveldinu<\/span> ekki a\u00f0eins b\u00fasta\u00f0ir gu\u00f0a, heldur gu\u00f0ir sj\u00e1lfir; Sarruma var eitt af \u00feessum gu\u00f0lega-pers\u00f3nuger\u00f0u fj\u00f6llum \u00ed Kizzuwatna.<\/p><p>\u00deessi fjallgu\u00f0s-hef\u00f0 er l\u00fdst \u00ed sm\u00e1atri\u00f0um af Piotr Taracha \u00ed <em>Religions of Second Millennium Anatolia<\/em> (2009). Sams\u00f6mun fjalls og gu\u00f0s er fornaldarlegt anat\u00f3l\u00edskt hugtak sem var kerfisbundi\u00f0 \u00fatf\u00e6rt \u00ed hett\u00edt\u00edskri <span class=\"iwg-fachbegriff\" data-tooltip=\"Fr\u00e6\u00f0ileg kenning um Gu\u00f0 og tr\u00fa innan tr\u00faarbrag\u00f0a.\" tabindex=\"0\">gu\u00f0fr\u00e6\u00f0i<\/span>.<\/p><p>\u00deessi myndlistarhef\u00f0 h\u00e9lt \u00e1fram \u00ed s\u00ed\u00f0hett\u00edt\u00edsku borgr\u00edkjunum Karkami\u0161, Mara\u015f, Malatya og Tabal fram til seint \u00e1 8. \u00f6ld f.Kr.<\/p><p>\u00c1 l\u00e1gmyndunum \u00fear kemur Sarruma fram sem ganganda ungur gu\u00f0 me\u00f0 \u00f6xi og staf, oft \u00ed fylgd konungsins. \u00deessi myndlistarlega samfella langt fram yfir lok <span class=\"iwg-fachbegriff\" data-tooltip=\"Fors\u00f6gulegt t\u00edmabil \u00fear sem bronsi var mikilv\u00e6gasti m\u00e1lmurinn \u00ed verkf\u00e6ri.\" tabindex=\"0\">bronsaldar<\/span> er merki um seiglu hurr\u00edsk-hett\u00edt\u00edskrar tr\u00faar \u00ed n\u00fdhett\u00edt\u00edsku borgr\u00edkjunum.<\/p>\t\t\t\t\t\t\t\t<\/div>\n\t\t\t\t<\/div>\n\t\t\t\t\t<\/div>\n\t\t\t\t<\/div>\n\t\t<div class=\"elementor-element elementor-element-iwgw-sarruma-s3 e-flex e-con-boxed e-con e-parent\" data-id=\"iwgw-sarruma-s3\" data-element_type=\"container\" data-e-type=\"container\">\n\t\t\t\t\t<div class=\"e-con-inner\">\n\t\t\t\t<div class=\"elementor-element elementor-element-iwgw-sarruma-s3h elementor-widget elementor-widget-heading\" data-id=\"iwgw-sarruma-s3h\" data-element_type=\"widget\" data-e-type=\"widget\" data-widget_type=\"heading.default\">\n\t\t\t\t\t<h2 class=\"elementor-heading-title elementor-size-default\">Go\u00f0sagnakenndar fr\u00e1sagnir<\/h2>\t\t\t\t<\/div>\n\t\t<div class=\"elementor-element elementor-element-iwgw-sarruma-s3c e-con-full e-flex e-con e-child\" data-id=\"iwgw-sarruma-s3c\" data-element_type=\"container\" data-e-type=\"container\">\n\t\t\t\t<div class=\"elementor-element elementor-element-iwgw-sarruma-s3t elementor-widget elementor-widget-text-editor\" data-id=\"iwgw-sarruma-s3t\" data-element_type=\"widget\" data-e-type=\"widget\" data-widget_type=\"text-editor.default\">\n\t\t\t\t\t\t\t\t\t<p>Sarruma kemur varla fram sem virk pers\u00f3na \u00ed st\u00f3ru go\u00f0sagnaverkunum; hann er nefndur \u00ed &#8216;Kv\u00e6\u00f0inu um <a href=\"https:\/\/iwell-guard.com\/is\/?page_id=168966\">Ullikummi<\/a>&#8216;, \u00feegar m\u00f3\u00f0ir hans Hebat vill bjarga honum \u00far hinu umsetna <span class=\"iwg-fachbegriff\" data-tooltip=\"Byggingarmannvirki sem er \u00e6tla\u00f0 til d\u00fdrkunar \u00e1 einum e\u00f0a fleiri gu\u00f0um.\" tabindex=\"0\">hofinu<\/span> Kummiya, en hann hefur ekki eigin go\u00f0sagnafr\u00e1s\u00f6gn.<\/p><p>\u00deessi fr\u00e1sagnarlega fjarvera er d\u00e6miger\u00f0 fyrir verndargu\u00f0i: hlutverk \u00feeirra felst \u00ed <span class=\"iwg-fachbegriff\" data-tooltip=\"Heild tr\u00faarlegra d\u00fdrkunarathafna fyrir gu\u00f0 e\u00f0a heilaga vera.\" tabindex=\"0\">d\u00fdrkun<\/span> og tengslum vi\u00f0 \u00feann sem \u00feeim er fali\u00f0 a\u00f0 vernda, ekki \u00ed fr\u00e1s\u00f6gninni.<\/p><p>\u00cd helgisi\u00f0atextum kemur hann fram sem sonargu\u00f0 og vi\u00f0takandi tiltekinna <span class=\"iwg-fachbegriff\" data-tooltip=\"Gj\u00f6f til gu\u00f0s til a\u00f0 tj\u00e1 \u00feakkl\u00e6ti, b\u00f3n e\u00f0a d\u00fdrkun.\" tabindex=\"0\">f\u00f3rna<\/span>. &#8216;Ei\u00f0form\u00falur Sarruma&#8217; hafa var\u00f0veist \u00ed vasallasamningum; \u00fe\u00e6r tengja hann vi\u00f0 <a href=\"https:\/\/iwell-guard.com\/is\/?page_id=168963\">Teshub<\/a> og <a href=\"https:\/\/iwell-guard.com\/is\/?page_id=168964\">Hebat<\/a> \u00ed \u00ferenningu. \u00cd hurr\u00edska h\u00e1t\u00ed\u00f0adagatalinu f\u00e9kk hann eigin f\u00f3rnardaga, \u00fear sem honum var a\u00f0allega f\u00f3rna\u00f0 brau\u00f0i, bj\u00f3r, v\u00edni og sau\u00f0akj\u00f6ti.<\/p><p>Tr\u00faars\u00f6gulega athyglisvert er \u00e6ttlei\u00f0ing hans af Tud\u1e2baliya IV. Konungurinn t\u00f3k Sarruma sem pers\u00f3nulegan &#8216;upp\u00e1haldsgu\u00f0&#8217; og innleiddi s\u00e9rstakan hir\u00f0gu\u00f0sd\u00fdrkun sem er sta\u00f0fest \u00ed textum sem <em>(L\u00da)SANGA \u0160arruma<\/em> (&#8216;Sarruma-prestur&#8217;).<\/p><p>Itamar Singer hefur fjalla\u00f0 \u00edtarlega um \u00feessa pers\u00f3nugervingu gu\u00f0sd\u00fdrkunarins \u00ed <em>Hittite Prayers<\/em> (2002). Pers\u00f3nulegt samband gu\u00f0s og manns \u00e1 s\u00ed\u00f0um t\u00edmum r\u00edkisins er mikilv\u00e6gt s\u00f6gulegt fyrirb\u00e6ri sem b\u00e6tti abstrakta r\u00edkistr\u00fa me\u00f0 beinni <span class=\"iwg-fachbegriff\" data-tooltip=\"Lifu\u00f0 tr\u00faarleg afsta\u00f0a og i\u00f0kun einstaklings.\" tabindex=\"0\">gu\u00f0r\u00e6kni<\/span>.<\/p><p>S\u00e9rst\u00f6k ei\u00f0form\u00fala \u00ed vasallasamningunum vi\u00f0 Tud\u1e2baliya IV. nefnir Sarruma sem \u00feri\u00f0ja gu\u00f0lega me\u00f0liminn \u00ed hurr\u00edskri \u00ferenningu eftir Teshub og Hebat. Ei\u00f0rofinn skyldi &#8216;kasta\u00f0 af Sarruma til fjalla&#8217;, drast\u00edsk h\u00f3tunarform\u00fala sem tengir bein fjallgu\u00f0shlutverk hans vi\u00f0 refsingu.<\/p>\t\t\t\t\t\t\t\t<\/div>\n\t\t\t\t<\/div>\n\t\t\t\t\t<\/div>\n\t\t\t\t<\/div>\n\t\t<div class=\"elementor-element elementor-element-iwgw-sarruma-s4 e-flex e-con-boxed e-con e-parent\" data-id=\"iwgw-sarruma-s4\" data-element_type=\"container\" data-e-type=\"container\">\n\t\t\t\t\t<div class=\"e-con-inner\">\n\t\t\t\t<div class=\"elementor-element elementor-element-iwgw-sarruma-s4h elementor-widget elementor-widget-heading\" data-id=\"iwgw-sarruma-s4h\" data-element_type=\"widget\" data-e-type=\"widget\" data-widget_type=\"heading.default\">\n\t\t\t\t\t<h2 class=\"elementor-heading-title elementor-size-default\">D\u00fdrkun og tilbei\u00f0sla<\/h2>\t\t\t\t<\/div>\n\t\t<div class=\"elementor-element elementor-element-iwgw-sarruma-s4c e-con-full e-flex e-con e-child\" data-id=\"iwgw-sarruma-s4c\" data-element_type=\"container\" data-e-type=\"container\">\n\t\t\t\t<div class=\"elementor-element elementor-element-iwgw-sarruma-s4t elementor-widget elementor-widget-text-editor\" data-id=\"iwgw-sarruma-s4t\" data-element_type=\"widget\" data-e-type=\"widget\" data-widget_type=\"text-editor.default\">\n\t\t\t\t\t\t\t\t\t<p>A\u00f0alhelgista\u00f0ur Sarruma var Kummanni \u00ed Kizzuwatna, a\u00f0 \u00f6llum l\u00edkindum sami sta\u00f0ur og hi\u00f0 s\u00ed\u00f0ara Comana Cappadociae n\u00e1l\u00e6gt \u015ear. Auk \u00feess voru Sarruma-<span class=\"iwg-fachbegriff\" data-tooltip=\"Byggingarmannvirki sem er \u00e6tla\u00f0 til d\u00fdrkunar \u00e1 einum e\u00f0a fleiri gu\u00f0um.\" tabindex=\"0\">hof<\/span> \u00ed \u1e2aattu\u0161a, \u00ed \u0160amu\u1e2ba og \u00e1 fj\u00f6lda sm\u00e6rri sta\u00f0a. <span class=\"iwg-fachbegriff\" data-tooltip=\"Byggingarmannvirki sem er \u00e6tla\u00f0 til d\u00fdrkunar \u00e1 einum e\u00f0a fleiri gu\u00f0um.\" tabindex=\"0\">Hofi\u00f0<\/span> \u00ed \u1e2aattu\u0161a var st\u00e6kka\u00f0 \u00ed t\u00ed\u00f0 Tud\u1e2baliya IV.<\/p><p>\u00cd h\u00e1t\u00ed\u00f0adagatalinu haf\u00f0i hann sem sonargu\u00f0 mikilv\u00e6ga st\u00f6\u00f0u; \u00e1 st\u00f3ru vor- og hausth\u00e1t\u00ed\u00f0unum var honum f\u00e6rt <span class=\"iwg-fachbegriff\" data-tooltip=\"Gj\u00f6f til gu\u00f0s til a\u00f0 tj\u00e1 \u00feakkl\u00e6ti, b\u00f3n e\u00f0a d\u00fdrkun.\" tabindex=\"0\">f\u00f3rnir<\/span>, oft \u00e1samt foreldrum hans.<\/p><p>Joost Hazenbos hefur rannsaka\u00f0 prestaskipulag d\u00fdrkunar hans \u00ed <em>The Organization of the Anatolian Local Cults<\/em> (2003). Tud\u1e2baliya IV. innleiddi n\u00fdja &#8216;Sarruma-h\u00e1t\u00ed\u00f0&#8217; sem var s\u00e9rstaklega b\u00fain til fyrir pers\u00f3nulega d\u00fdrkun gu\u00f0sins og innih\u00e9lt n\u00e1kv\u00e6mar helgisi\u00f0areglur.<\/p><p>S\u00e9rstakt einkenni er sta\u00f0a hans sem verndargu\u00f0 konungsins \u00ed h\u00eder\u00f3gl\u00fdf\u00edsk-l\u00fav\u00edsku \u00e1letrununum fr\u00e1 s\u00ed\u00f0um og eftirhett\u00edt\u00edskum t\u00edma. \u00cd Karkami\u0161 og Mara\u015f kemur hann fram sem konunglegur verndargu\u00f0 allt fram til 8. aldar f.Kr., \u00e1hrifamikil samfella. David Hawkins hefur skjalfest l\u00fav\u00edska Sarruma-hef\u00f0ina kerfisbundi\u00f0 \u00ed <em>Corpus of Hieroglyphic Luwian Inscriptions<\/em> (2000).<\/p><p>Tud\u1e2baliya IV. l\u00e9t a\u00f0 auki reisa bergkammer B \u00ed Yaz\u0131l\u0131kaya s\u00e9rstaklega sem Sarruma-<span class=\"iwg-fachbegriff\" data-tooltip=\"Heilagur sta\u00f0ur sem er tileinka\u00f0ur d\u00fdrkun gu\u00f0s.\" tabindex=\"0\">helgista\u00f0<\/span>. Hi\u00f0 \u00f3venjulega \u00fer\u00f6nga r\u00fdmi me\u00f0 hinu fr\u00e6ga fa\u00f0mlagsatri\u00f0i var a\u00f0 \u00f6llum l\u00edkindum konunglegt greftrunar- og minningarr\u00fdmi. Heinrich Otten og Kurt Bittel hafa \u00ed nokkrum ritum greint \u00feetta byggingarlega og helgisi\u00f0alega hlutverk.<\/p>\t\t\t\t\t\t\t\t<\/div>\n\t\t\t\t<\/div>\n\t\t\t\t\t<\/div>\n\t\t\t\t<\/div>\n\t\t<div class=\"elementor-element elementor-element-iwgw-sarruma-s5 e-flex e-con-boxed e-con e-parent\" data-id=\"iwgw-sarruma-s5\" data-element_type=\"container\" data-e-type=\"container\">\n\t\t\t\t\t<div class=\"e-con-inner\">\n\t\t\t\t<div class=\"elementor-element elementor-element-iwgw-sarruma-s5h elementor-widget elementor-widget-heading\" data-id=\"iwgw-sarruma-s5h\" data-element_type=\"widget\" data-e-type=\"widget\" data-widget_type=\"heading.default\">\n\t\t\t\t\t<h2 class=\"elementor-heading-title elementor-size-default\">Verndara\u00f0ger\u00f0ir og fr\u00e1hrindandi t\u00e1kn<\/h2>\t\t\t\t<\/div>\n\t\t<div class=\"elementor-element elementor-element-iwgw-sarruma-s5c e-con-full e-flex e-con e-child\" data-id=\"iwgw-sarruma-s5c\" data-element_type=\"container\" data-e-type=\"container\">\n\t\t\t\t<div class=\"elementor-element elementor-element-iwgw-sarruma-s5t elementor-widget elementor-widget-text-editor\" data-id=\"iwgw-sarruma-s5t\" data-element_type=\"widget\" data-e-type=\"widget\" data-widget_type=\"text-editor.default\">\n\t\t\t\t\t\t\t\t\t<p>Sarruma var \u00ed s\u00e9rst\u00f6kum m\u00e6li verndargu\u00f0 konungsins. \u00c1 konungsinnsiglum koma t\u00e1kn hans fram; \u00ed hinum \u201egu\u00f0legu fa\u00f0ml\u00f6gum&#8220; \u00e1 reliefmyndum stendur hann l\u00edkamlega fyrir verndinni. \u00deessi myndform\u00fala er ein \u00e1hrifamesta framsetning verndarhreyfinga \u00ed forn\u00f6ld Austurlanda n\u00e6r.<\/p><p><span class=\"iwg-fachbegriff\" data-tooltip=\"\u00d3g\u00e6fuvarnandi: um t\u00e1kn og hluti sem \u00e6tla\u00f0 er a\u00f0 halda ska\u00f0legum \u00e1hrifum \u00ed fjarl\u00e6g\u00f0.\" tabindex=\"0\">Ap\u00f3tr\u00f3p\u00edsk<\/span> voru Sarruma-styttur grafnar \u00ed grunna hofa og hallarh\u00fasa; bronsmyndir me\u00f0 \u00f6xi og oddahatti eru \u00feekktar \u00ed talsver\u00f0um fj\u00f6lda. \u00cd het\u00edt\u00edsk-h\u00farr\u00edsku <em>itkahi<\/em>-ei\u00f0arit\u00faalunum var nafn hans reglulega \u00e1kalla\u00f0 \u00e1samt n\u00f6fnum foreldra hans. Volkert Haas hefur \u00ed <em>Materia Magica et Medica Hethitica<\/em> (2003) l\u00fdst h\u00fasverndarsi\u00f0um \u00ed sm\u00e1atri\u00f0um.<\/p><p data-nosnippet=\"true\">\u00cd einkal\u00edfi var Sarruma minna \u00e1berandi; hann var fyrst og fremst verndargu\u00f0 konungsins. Fr\u00e1 fr\u00e6\u00f0ilegu sj\u00f3narhorni er \u201ehir\u00f0gu\u00f0s&#8220;-hlutverk hans athyglisvert: hann t\u00e1knar pers\u00f3nugervingu tengsla gu\u00f0a og manna \u00e1 h\u00e6sta stj\u00f3rnm\u00e1lalega stigi. iWell Guard l\u00edtur \u00e1 hann sem s\u00f6guleg pers\u00f3na, ekki n\u00fat\u00edma verndarhafa. Lofor\u00f0 um l\u00e6kningu e\u00f0a n\u00fat\u00edma andlega verkun eru ekki hluti af \u00feessari lex\u00edkonframsetningu.<\/p><p>\u00c1 het\u00edt\u00edskum konungsinnsiglum fr\u00e1 13. \u00f6ld f.Kr. koma t\u00e1kn hans, fjalli\u00f0 og \u00f6xin, fram sem pers\u00f3nuleg verndarform\u00fala konungsins. Bullurnar \u00far Ni\u015fanta\u015f-safninu \u00ed Bo\u011fazk\u00f6y s\u00fdna \u00feessa myndform\u00falu \u00ed fj\u00f6lm\u00f6rgum \u00fatg\u00e1fum og sta\u00f0festa hina miklu n\u00e6rveru Sarruma \u00ed konunglegri sj\u00e1lfsframsetningu.<\/p>\t\t\t\t\t\t\t\t<\/div>\n\t\t\t\t<\/div>\n\t\t\t\t\t<\/div>\n\t\t\t\t<\/div>\n\t\t<div class=\"elementor-element elementor-element-iwgw-sarruma-s6 e-flex e-con-boxed e-con e-parent\" data-id=\"iwgw-sarruma-s6\" data-element_type=\"container\" data-e-type=\"container\">\n\t\t\t\t\t<div class=\"e-con-inner\">\n\t\t\t\t<div class=\"elementor-element elementor-element-iwgw-sarruma-s6h elementor-widget elementor-widget-heading\" data-id=\"iwgw-sarruma-s6h\" data-element_type=\"widget\" data-e-type=\"widget\" data-widget_type=\"heading.default\">\n\t\t\t\t\t<h2 class=\"elementor-heading-title elementor-size-default\">Hli\u00f0st\u00e6\u00f0ur \u00ed \u00f6\u00f0rum menningarheimum<\/h2>\t\t\t\t<\/div>\n\t\t<div class=\"elementor-element elementor-element-iwgw-sarruma-s6c e-con-full e-flex e-con e-child\" data-id=\"iwgw-sarruma-s6c\" data-element_type=\"container\" data-e-type=\"container\">\n\t\t\t\t<div class=\"elementor-element elementor-element-iwgw-sarruma-s6t elementor-widget elementor-widget-text-editor\" data-id=\"iwgw-sarruma-s6t\" data-element_type=\"widget\" data-e-type=\"widget\" data-widget_type=\"text-editor.default\">\n\t\t\t\t\t\t\t\t\t<p>Sta\u00f0a Sarruma sem \u201esonargu\u00f0s&#8220; \u00ed <span class=\"iwg-fachbegriff\" data-tooltip=\"Heild gu\u00f0a tr\u00faarbrag\u00f0a e\u00f0a menningar.\" tabindex=\"0\">go\u00f0aheimi<\/span> \u00e1 s\u00e9r hli\u00f0st\u00e6\u00f0ur \u00ed \u00fagar\u00edt\u00edsku Aliyan-Baal-hugmyndinni, \u00ed mes\u00f3p\u00f3tam\u00edskri Ninurta-hef\u00f0 og \u00ed egypsku H\u00f3rus-sonargu\u00f0s-kerfinu. \u00cd <a href=\"https:\/\/iwell-guard.com\/is\/fonikiumenn-og-kartago-baal-tanit\/\">f\u00f6n\u00edk\u00edska go\u00f0aheiminum<\/a> samsvarar honum <a href=\"https:\/\/iwell-guard.com\/is\/?page_id=168970\">Melqart<\/a> \u00ed hlutverki s\u00ednu sem sonargu\u00f0 og borgarverndargu\u00f0.<\/p><p>Myndform\u00falan um \u201egu\u00f0lega fa\u00f0mlagi\u00f0&#8220; finnst einnig \u00ed Mes\u00f3p\u00f3tam\u00edu og Egyptalandi; h\u00fan er sta\u00f0la\u00f0 form konungsverndar-myndm\u00e1ls \u00e1 s\u00ed\u00f0brons\u00f6ld. \u00datg\u00e1fa Sarruma \u00ed Yaz\u0131l\u0131kaya er \u00fe\u00f3 \u00f3venjuleg vegna n\u00e1kv\u00e6mni bergmyndarinnar.<\/p><p>Tr\u00faars\u00f6gulega tilheyrir Sarruma hinni \u00fatbreiddu fj\u00f6lskyldu ungra sonargu\u00f0a sem gegna vaxandi hlutverki \u00ed <span class=\"iwg-fachbegriff\" data-tooltip=\"Heild tr\u00faarlegra tilbei\u00f0sluathafna fyrir gu\u00f0 e\u00f0a heilaga pers\u00f3nu.\" tabindex=\"0\">d\u00fdrkun<\/span> <span class=\"iwg-fachbegriff\" data-tooltip=\"Fors\u00f6gulegt t\u00edmabil eftir brons\u00f6ld, einkennist af j\u00e1rnvinnslu.\" tabindex=\"0\">j\u00e1rnaldarins<\/span>. Mary Bachvarova hefur \u00ed <em>From Hittite to Homer<\/em> (2016) bent \u00e1 hli\u00f0st\u00e6\u00f0ur vi\u00f0 gr\u00edska Apollon; Apollon er einnig sonargu\u00f0 og pers\u00f3nulegur verndargu\u00f0 me\u00f0 sterka d\u00fdrshli\u00f0. \u00de\u00f3 ber a\u00f0 t\u00falka \u00feessa formger\u00f0arl\u00edkingu \u00ed lj\u00f3si hlutverks, ekki \u00e6ttartengsla.<\/p><p>\u00cd s\u00ed\u00f0ari kar\u00feag\u00f3skri tr\u00fa kemur fram me\u00f0 <a href=\"https:\/\/iwell-guard.com\/is\/?page_id=168970\">Melqart<\/a>, \u201ekonungi borgarinnar&#8220; T\u00fdrusar, hlutverkslega tengd pers\u00f3na: ungur verndargu\u00f0 konunglegrar \u00e6ttar, me\u00f0 sterkan pers\u00f3nulegan bl\u00e6. Sarruma stendur \u00feannig \u00ed langri hef\u00f0 verndargu\u00f0a konungd\u00f3ms sem n\u00e6r fr\u00e1 Anat\u00f3l\u00edu yfir F\u00f6n\u00edk\u00edu til Kar\u00feag\u00f3.<\/p>\t\t\t\t\t\t\t\t<\/div>\n\t\t\t\t<\/div>\n\t\t\t\t\t<\/div>\n\t\t\t\t<\/div>\n\t\t<div class=\"elementor-element elementor-element-iwgw-sarruma-s7 e-flex e-con-boxed e-con e-parent\" data-id=\"iwgw-sarruma-s7\" data-element_type=\"container\" data-e-type=\"container\">\n\t\t\t\t\t<div class=\"e-con-inner\">\n\t\t\t\t<div class=\"elementor-element elementor-element-iwgw-sarruma-s7h elementor-widget elementor-widget-heading\" data-id=\"iwgw-sarruma-s7h\" data-element_type=\"widget\" data-e-type=\"widget\" data-widget_type=\"heading.default\">\n\t\t\t\t\t<h2 class=\"elementor-heading-title elementor-size-default\">N\u00fat\u00edmavi\u00f0t\u00f6kur og ranns\u00f3knir<\/h2>\t\t\t\t<\/div>\n\t\t<div class=\"elementor-element elementor-element-iwgw-sarruma-s7c e-con-full e-flex e-con e-child\" data-id=\"iwgw-sarruma-s7c\" data-element_type=\"container\" data-e-type=\"container\">\n\t\t\t\t<div class=\"elementor-element elementor-element-iwgw-sarruma-s7t elementor-widget elementor-widget-text-editor\" data-id=\"iwgw-sarruma-s7t\" data-element_type=\"widget\" data-e-type=\"widget\" data-widget_type=\"text-editor.default\">\n\t\t\t\t\t\t\t\t\t<p>Sarruma-ranns\u00f3knir eru hluti af Yaz\u0131l\u0131kaya-ranns\u00f3knum og h\u00farr\u00edsk-het\u00edt\u00edskum tr\u00faarbrag\u00f0afr\u00e6\u00f0um. Mikilv\u00e6g framl\u00f6g liggja fyrir fr\u00e1 Kurt Bittel, Volkert Haas, Piotr Taracha og David Hawkins (fyrir s\u00ed\u00f0het\u00edt\u00edska hef\u00f0). B\u00f3k Hawkins, <em>Corpus of Hieroglyphic Luwian Inscriptions<\/em> (2000), er sta\u00f0alvi\u00f0mi\u00f0 fyrir l\u00fav\u00edsku Sarruma-hef\u00f0ina.<\/p><p>\u00cd n\u00fat\u00edma Tyrklandi er Sarruma sem Yaz\u0131l\u0131kaya-t\u00e1kn \u00ed h\u00e6verskri n\u00e6rveru; \u201egu\u00f0lega fa\u00f0mlagi\u00f0&#8220; er af og til nota\u00f0 sem merki hj\u00e1 sta\u00f0bundnum menningarstofnunum. Vins\u00e6l m\u00f3ttaka er a\u00f0 mestu leyti fjarverandi; ekki er a\u00f0 sj\u00e1 andlega endurl\u00edfgun \u00ed n\u00fdhei\u00f0num skilningi.<\/p><p>V\u00edsindalega telst Sarruma n\u00fa til meginvi\u00f0fangsefna \u00ed ranns\u00f3knum \u00e1 het\u00edt\u00edskri <span class=\"iwg-fachbegriff\" data-tooltip=\"V\u00edsindaleg fr\u00e6\u00f0i um gu\u00f0 og tr\u00fa tr\u00faarbrag\u00f0a.\" tabindex=\"0\">gu\u00f0fr\u00e6\u00f0i<\/span> konungsverndar og pers\u00f3nulegum tengslum gu\u00f0a og manna.<\/p><p>N\u00faverandi ranns\u00f3knar\u00e1herslur eru \u00e1 ranns\u00f3kn \u00e1 s\u00ed\u00f0het\u00edt\u00edskri Sarruma-hef\u00f0 \u00ed n\u00fd-het\u00edt\u00edsku borgr\u00edkjunum, \u00e1 myndform\u00falu gu\u00f0lega fa\u00f0mlagsins og \u00e1 spurningunni um hvernig h\u00farr\u00edsv\u00e6\u00f0ingin undir Tud\u1e2baliya IV. skal skiljast gu\u00f0fr\u00e6\u00f0ilega. iWell Guard skr\u00e1ir hann \u00fear af lei\u00f0andi sem s\u00f6gulegan me\u00f0lim <span class=\"iwg-fachbegriff\" data-tooltip=\"Heild gu\u00f0a tr\u00faarbrag\u00f0a e\u00f0a menningar.\" tabindex=\"0\">go\u00f0aheims<\/span>.<\/p><p>S\u00e9rst\u00f6k ranns\u00f3knarl\u00edna fjallar um tengsl Sarruma og s\u00ed\u00f0ari hugmyndarinnar um \u201epers\u00f3nulegan gu\u00f0&#8220; \u00ed n\u00fdass\u00fdr\u00edskum og n\u00fdbab\u00fdlonskum textum. Pers\u00f3nugerving tengsla gu\u00f0a og manna \u00e1 s\u00ed\u00f0ari <span class=\"iwg-fachbegriff\" data-tooltip=\"Fors\u00f6gulegt t\u00edmabil \u00fear sem brons var mikilv\u00e6gasti m\u00e1lmurinn fyrir \u00e1h\u00f6ld.\" tabindex=\"0\">brons\u00f6ld<\/span> er s\u00f6gulegt fyrirb\u00e6ri sem kemur fram samhli\u00f0a \u00ed m\u00f6rgum menningarheimum.<\/p>\t\t\t\t\t\t\t\t<\/div>\n\t\t\t\t<\/div>\n\t\t\t\t\t<\/div>\n\t\t\t\t<\/div>\n\t\t<div class=\"elementor-element elementor-element-iwgw-sarruma-s8 e-flex e-con-boxed e-con e-parent\" data-id=\"iwgw-sarruma-s8\" data-element_type=\"container\" data-e-type=\"container\">\n\t\t\t\t\t<div class=\"e-con-inner\">\n\t\t\t\t<div class=\"elementor-element elementor-element-iwgw-sarruma-s8h elementor-widget elementor-widget-heading\" data-id=\"iwgw-sarruma-s8h\" data-element_type=\"widget\" data-e-type=\"widget\" data-widget_type=\"heading.default\">\n\t\t\t\t\t<h2 class=\"elementor-heading-title elementor-size-default\">Heimildir og b\u00f3kmenntir<\/h2>\t\t\t\t<\/div>\n\t\t<div class=\"elementor-element elementor-element-iwgw-sarruma-s8c e-con-full e-flex e-con e-child\" data-id=\"iwgw-sarruma-s8c\" data-element_type=\"container\" data-e-type=\"container\">\n\t\t\t\t<div class=\"elementor-element elementor-element-iwgw-sarruma-s8t elementor-widget elementor-widget-text-editor\" data-id=\"iwgw-sarruma-s8t\" data-element_type=\"widget\" data-e-type=\"widget\" data-widget_type=\"text-editor.default\">\n\t\t\t\t\t\t\t\t\t<p>Mikilv\u00e6g sta\u00f0alrit um Sarruma-ranns\u00f3knir eru tekin saman \u00ed eftirfarandi \u00farvali. \u00deau n\u00e1 yfir tr\u00faars\u00f6gulegar samantektir, fornleifafr\u00e6\u00f0ilegar \u00fatg\u00e1fur um Yaz\u0131l\u0131kaya og skriftfr\u00e6\u00f0ileg rit um l\u00fav\u00edska hef\u00f0. Corpus David Hawkins yfir het\u00edt\u00edsk-l\u00fav\u00edska h\u00eder\u00f3gl\u00fdfa\u00e1letranir er sta\u00f0alvi\u00f0mi\u00f0 fyrir s\u00ed\u00f0het\u00edt\u00edska hef\u00f0.<\/p>\t\t\t\t\t\t\t\t<\/div>\n\t\t\t\t<\/div>\n\t\t\t\t\t<\/div>\n\t\t\t\t<\/div>\n\t\t<div class=\"elementor-element elementor-element-cp2ffb4b7c e-flex e-con-boxed e-con e-parent\" data-id=\"cp2ffb4b7c\" data-element_type=\"container\" data-e-type=\"container\">\n\t\t\t\t\t<div class=\"e-con-inner\">\n\t\t\t\t<div class=\"elementor-element elementor-element-cp280cc5f0 elementor-widget elementor-widget-heading\" data-id=\"cp280cc5f0\" data-element_type=\"widget\" data-e-type=\"widget\" data-widget_type=\"heading.default\">\n\t\t\t\t\t<h2 class=\"elementor-heading-title elementor-size-default\">\u0160arruma sem verndargu\u00f0 Tudhalija IV. og reliefi\u00f0 81 \u00ed Yaz\u0131l\u0131kaya<\/h2>\t\t\t\t<\/div>\n\t\t<div class=\"elementor-element elementor-element-cp2e2458ae e-flex e-con-boxed e-con e-child\" data-id=\"cp2e2458ae\" data-element_type=\"container\" data-e-type=\"container\">\n\t\t\t\t\t<div class=\"e-con-inner\">\n\t\t\t\t<div class=\"elementor-element elementor-element-cp21503a7d elementor-widget elementor-widget-text-editor\" data-id=\"cp21503a7d\" data-element_type=\"widget\" data-e-type=\"widget\" data-widget_type=\"text-editor.default\">\n\t\t\t\t\t\t\t\t\t<p>Eitt af \u00feekktustu einst\u00f6kum myndefnum het\u00edta-listar s\u00fdnir gu\u00f0inn <em>\u0160arruma<\/em> \u00ed \u00f3venju n\u00e1nu sambandi vi\u00f0 \u00e1kve\u00f0inn konung.<\/p><p>\u00cd hli\u00f0arh\u00f3lfi klettahelgid\u00f3msins \u00ed Yaz\u0131l\u0131kaya, hinu svokalla\u00f0a h\u00f3lfi B, er <span class=\"iwg-fachbegriff\" data-tooltip=\"Myndverk sem er unni\u00f0 upp \u00far fleti og standur \u00fat fyrir bakgrunninn.\" tabindex=\"0\">sk\u00falpt\u00farverk<\/span> \u00fear sem st\u00e6rri gu\u00f0 er s\u00fdndur fa\u00f0ma konunginn <em>Tudhalija IV.<\/em>, leggur handlegginn um her\u00f0ar hans og heldur um h\u00f6nd hans me\u00f0 sinni eigin. \u00c1letrunin au\u00f0kennir gu\u00f0inn sem \u0160arruma.<\/p><p>\u00deessi \u201efa\u00f0mlagssena&#8220; er s\u00f6gulega mikilv\u00e6g \u00fev\u00ed h\u00fan gerir samband skj\u00f3lgu\u00f0s og \u00fej\u00f3\u00f0h\u00f6f\u00f0ingja l\u00edkamlega \u00e1\u00fereifanlegt. \u0160arruma birtist h\u00e9r sem pers\u00f3nulegur skj\u00f3lgu\u00f0 Tudhalija IV., nokkurs konar gu\u00f0legur stu\u00f0ningsma\u00f0ur sem lei\u00f0ir hann og verndar. \u00deetta er eitt af f\u00e1um var\u00f0veittum forn-austurlenskum myndverkum sem s\u00fdna svo bein snertingu milli gu\u00f0s og konungs.<\/p><p>Nafn Tudhalija IV. kemur fyrir margsinnis \u00ed Yaz\u0131l\u0131kaya, og fr\u00e6\u00f0imenn tengja h\u00f3lf B vi\u00f0 valdat\u00ed\u00f0 hans \u00e1 seinni hluta 13. aldar f.Kr. R\u00e6tt er um hvort h\u00f3lfi\u00f0 hafi haft minningar- e\u00f0a l\u00edkkultarhlutverk fyrir \u00feennan konung. \u0160arruma er \u00feannig ekki bara hluti af h\u00farr\u00edsku gu\u00f0afj\u00f6lskyldunni heldur gu\u00f0 sem var beinl\u00ednis r\u00f3tfastur \u00ed d\u00fdnast\u00edsku sj\u00e1lfsskilningi \u00e1kve\u00f0ins \u00fej\u00f3\u00f0h\u00f6f\u00f0ingja. Ranns\u00f3knir \u00e1 Yaz\u0131l\u0131kaya eru a\u00f0 miklu leyti verk Kurt Bittel.\t\t\t\t\t\t\t\t<\/div>\n\t\t\t\t\t<\/div>\n\t\t\t\t<\/div>\n\t\t\t\t\t<\/div>\n\t\t\t\t<\/div>\n\t\t<div class=\"elementor-element elementor-element-cp2c514fed e-flex e-con-boxed e-con e-parent\" data-id=\"cp2c514fed\" data-element_type=\"container\" data-e-type=\"container\">\n\t\t\t\t\t<div class=\"e-con-inner\">\n\t\t\t\t<div class=\"elementor-element elementor-element-cp237c89c2 elementor-widget elementor-widget-heading\" data-id=\"cp237c89c2\" data-element_type=\"widget\" data-e-type=\"widget\" data-widget_type=\"heading.default\">\n\t\t\t\t\t<h2 class=\"elementor-heading-title elementor-size-default\">Sonur ve\u00f0urgu\u00f0sins: Sta\u00f0a \u0160arruma \u00ed h\u00farr\u00edsku gu\u00f0afj\u00f6lskyldunni<\/h2>\t\t\t\t<\/div>\n\t\t<div class=\"elementor-element elementor-element-cp2b910df8 e-flex e-con-boxed e-con e-child\" data-id=\"cp2b910df8\" data-element_type=\"container\" data-e-type=\"container\">\n\t\t\t\t\t<div class=\"e-con-inner\">\n\t\t\t\t<div class=\"elementor-element elementor-element-cp2ab5eac0 elementor-widget elementor-widget-text-editor\" data-id=\"cp2ab5eac0\" data-element_type=\"widget\" data-e-type=\"widget\" data-widget_type=\"text-editor.default\">\n\t\t\t\t\t\t\t\t\t<p><em>\u0160arruma<\/em> er \u00ed h\u00farr\u00edsk-het\u00edtum textum \u00e1vallt tilgreindur sonur ve\u00f0urgu\u00f0sins <em>Te\u0161\u0161ub<\/em> og gy\u00f0junnar <a href=\"https:\/\/iwell-guard.com\/is\/?page_id=168964\">Hebat<\/a>. \u00deessi \u00ferenning f\u00f6\u00f0ur, m\u00f3\u00f0ur og sonar myndar kjarna hins h\u00farr\u00edska m\u00f3ta\u00f0a heimsveldis-gu\u00f0aheims s\u00ed\u00f0het\u00edtat\u00edmans og kemur \u00edtreka\u00f0 fram saman \u00ed f\u00f3rnarlistum, h\u00e1t\u00ed\u00f0arath\u00f6fnum og \u00e1 sk\u00falpt\u00farverkum.<\/p><p>Uppruni hans er talinn liggja \u00e1 su\u00f0ur-anat\u00f3l\u00edsk-nor\u00f0urs\u00fdrlensku sv\u00e6\u00f0i; mikilv\u00e6gur helgista\u00f0ur var sv\u00e6\u00f0i\u00f0 kringum fjall sem nafn hans g\u00e6ti v\u00edsa\u00f0 til. \u00cd sumum textum birtist \u0160arruma sj\u00e1lfur sem fjallgu\u00f0, sem samr\u00e6mist \u00fev\u00ed hve n\u00e1in tengsl gu\u00f0a og \u00e1kve\u00f0inna fjalla voru d\u00e6miger\u00f0 fyrir anat\u00f3l\u00edska tr\u00faarbr\u00f6g\u00f0.<\/p><p>Nafn hans er oft skrifa\u00f0 me\u00f0 myndletri, og myndm\u00e1l hans s\u00fdnir hann \u00f6\u00f0ru hvoru st\u00edgandi \u00e1 hl\u00e9bar\u00f0a e\u00f0a fjall, me\u00f0 keilulaga gu\u00f0ahettu.<\/p><p>Uppgangur hans \u00ed r\u00edkiskultinn tengist, l\u00edkt og Hebat, \u00fev\u00ed a\u00f0 het\u00edta konungsh\u00fasi\u00f0 \u00e1 13. \u00f6ld studdi h\u00farr\u00edska kulti, s\u00e9rstaklega drottningin Puduhepa. Athyglisvert er a\u00f0 Tudhalija IV., sem haf\u00f0i \u0160arruma sem pers\u00f3nulegan skj\u00f3lgu\u00f0, bar sj\u00e1lfur nafn sem v\u00edsar til fjalls, og fr\u00e6\u00f0imenn r\u00e6\u00f0a hvort konungurinn hafi sem barn e\u00f0a kr\u00f3nprins jafnvel bori\u00f0 nafn tengt \u0160arruma. \u0160arruma er \u00feannig gott d\u00e6mi um hvernig h\u00e9ra\u00f0sbundin <span class=\"iwg-fachbegriff\" data-tooltip=\"Vera sem er d\u00fdrku\u00f0 sem gu\u00f0leg innan tr\u00faarbrag\u00f0a.\" tabindex=\"0\">go\u00f0m\u00f6gn<\/span> gat, \u00ed gegnum d\u00fdnast\u00edska <span class=\"iwg-fachbegriff\" data-tooltip=\"Lifu\u00f0 tr\u00faarleg afsta\u00f0a og i\u00f0kun einstaklings.\" tabindex=\"0\">tr\u00far\u00e6kni<\/span>, or\u00f0i\u00f0 mi\u00f0l\u00e6gt \u00ed kulti heimsveldis. Mikilv\u00e6g verk um h\u00farr\u00edska tr\u00fa eru eftir Volkert Haas og Gernot Wilhelm.\t\t\t\t\t\t\t\t<\/div>\n\t\t\t\t\t<\/div>\n\t\t\t\t<\/div>\n\t\t\t\t\t<\/div>\n\t\t\t\t<\/div>\n\t\t<div class=\"elementor-element elementor-element-iwgw-sarruma-lit e-flex e-con-boxed e-con e-parent\" data-id=\"iwgw-sarruma-lit\" data-element_type=\"container\" data-e-type=\"container\">\n\t\t\t\t\t<div class=\"e-con-inner\">\n\t\t\t\t<div class=\"elementor-element elementor-element-iwgw-sarruma-lith elementor-widget elementor-widget-heading\" data-id=\"iwgw-sarruma-lith\" data-element_type=\"widget\" data-e-type=\"widget\" data-widget_type=\"heading.default\">\n\t\t\t\t\t<h2 class=\"elementor-heading-title elementor-size-default\">Heimildir (\u00farval)<\/h2>\t\t\t\t<\/div>\n\t\t<div class=\"elementor-element elementor-element-iwgw-sarruma-litc e-con-full e-flex e-con e-child\" data-id=\"iwgw-sarruma-litc\" data-element_type=\"container\" data-e-type=\"container\">\n\t\t\t\t<div class=\"elementor-element elementor-element-iwgw-sarruma-litt elementor-widget elementor-widget-text-editor\" data-id=\"iwgw-sarruma-litt\" data-element_type=\"widget\" data-e-type=\"widget\" data-widget_type=\"text-editor.default\">\n\t\t\t\t\t\t\t\t\t<div data-nosnippet=\"true\"><ul><li>Volkert Haas: <em>Geschichte der hethitischen Religion<\/em> (Leiden 1994)<\/li><li>Piotr Taracha: <em>Religions of Second Millennium Anatolia<\/em> (Wiesbaden 2009)<\/li><li>Itamar Singer: <em>Hittite Prayers<\/em> (SBL 2002)<\/li><li>Kurt Bittel: <em>Die Hethiter<\/em> (M\u00fcnchen 1976)<\/li><li>David Hawkins: <em>Corpus of Hieroglyphic Luwian Inscriptions<\/em> (Berlin 2000)<\/li><li>Trevor Bryce: <em>The Kingdom of the Hittites<\/em> (Oxford 2005)<\/li><\/ul><\/div>\t\t\t\t\t\t\t\t<\/div>\n\t\t\t\t<\/div>\n\t\t\t\t\t<\/div>\n\t\t\t\t<\/div>\n\t\t<div class=\"elementor-element elementor-element-iwgkw2-add-sarruma e-flex e-con-boxed e-con e-parent\" data-id=\"iwgkw2-add-sarruma\" data-element_type=\"container\" data-e-type=\"container\">\n\t\t\t\t\t<div class=\"e-con-inner\">\n\t\t\t\t<div class=\"elementor-element elementor-element-iwgkw2-add-sarruma-t elementor-widget elementor-widget-text-editor\" data-id=\"iwgkw2-add-sarruma-t\" data-element_type=\"widget\" data-e-type=\"widget\" data-widget_type=\"text-editor.default\">\n\t\t\t\t\t\t\t\t\t<p>Sem <em>het\u00edt\u00edskur<\/em> fjallgu\u00f0 og sonur ve\u00f0urgu\u00f0sins Teshub stendur Sarruma \u00ed <em><span class=\"iwg-fachbegriff\" data-tooltip=\"Yfirlifu\u00f0 fr\u00e1s\u00f6gn um gu\u00f0i, uppruna og skipan heimsins.\" tabindex=\"0\">go\u00f0s\u00f6gu<\/span><\/em> fyrir tengsl konungsins vi\u00f0 gu\u00f0aheiminn, s\u00fdnileg \u00ed klettal\u00e1gmyndunum \u00ed Yaz\u0131l\u0131kaya.<\/p>\t\t\t\t\t\t\t\t<\/div>\n\t\t\t\t\t<\/div>\n\t\t\t\t<\/div>\n\t\t<div class=\"elementor-element elementor-element-iwgw-sarruma-kwd e-flex e-con-boxed e-con e-parent\" data-id=\"iwgw-sarruma-kwd\" data-element_type=\"container\" data-e-type=\"container\">\n\t\t\t\t\t<div class=\"e-con-inner\">\n\t\t<div class=\"elementor-element elementor-element-iwgw-sarruma-kwdc e-con-full e-flex e-con e-child\" data-id=\"iwgw-sarruma-kwdc\" data-element_type=\"container\" data-e-type=\"container\">\n\t\t\t\t<div class=\"elementor-element elementor-element-iwgw-sarruma-kwdt elementor-widget elementor-widget-text-editor\" data-id=\"iwgw-sarruma-kwdt\" data-element_type=\"widget\" data-e-type=\"widget\" data-widget_type=\"text-editor.default\">\n\t\t\t\t\t\t\t\t\t<p><em>Tengd lykilor\u00f0: Sarruma h\u00farr\u00edskur fjallgu\u00f0 Tud\u1e2baliya konungsverndari gu\u00f0leg fa\u00f0mlag.<\/em><\/p>\t\t\t\t\t\t\t\t<\/div>\n\t\t\t\t<\/div>\n\t\t\t\t\t<\/div>\n\t\t\t\t<\/div>\n\t\t<div class=\"elementor-element elementor-element-iwgw-sarruma-cc e-flex e-con-boxed e-con e-parent\" data-id=\"iwgw-sarruma-cc\" data-element_type=\"container\" data-e-type=\"container\" id=\"iwg-cc-sarruma\">\n\t\t\t\t\t<div class=\"e-con-inner\">\n\t\t<div class=\"elementor-element elementor-element-iwgw-sarruma-ccinner e-flex e-con-boxed e-con e-parent\" data-id=\"iwgw-sarruma-ccinner\" data-element_type=\"container\" data-e-type=\"container\" data-settings=\"{&quot;background_background&quot;:&quot;classic&quot;}\">\n\t\t\t\t\t<div class=\"e-con-inner\">\n\t\t\t\t<div class=\"elementor-element elementor-element-iwgw-sarruma-cch elementor-widget elementor-widget-heading\" data-id=\"iwgw-sarruma-cch\" data-element_type=\"widget\" data-e-type=\"widget\" data-widget_type=\"heading.default\">\n\t\t\t\t\t<h2 class=\"elementor-heading-title elementor-size-default\">iWell Guard og verndarhef\u00f0ir<\/h2>\t\t\t\t<\/div>\n\t\t\t\t<div class=\"elementor-element elementor-element-iwgw-sarruma-cct elementor-widget elementor-widget-text-editor\" data-id=\"iwgw-sarruma-cct\" data-element_type=\"widget\" data-e-type=\"widget\" data-widget_type=\"text-editor.default\">\n\t\t\t\t\t\t\t\t\t<div data-nosnippet=\"true\"><p>iWell Guard tengist menningars\u00f6gulegri hef\u00f0 b\u00e6rra verndargripa, \u00ed hef\u00f0 <a href=\"https:\/\/iwell-guard.com\/is\/hettitar-anatolia-tarhunna-vernd\/\">Hitt\u00edta<\/a> og margra annarra menningarheima um allan heim. 41 l\u00f6g, alv\u00f6ru gull, plat\u00edna, silfur, framleitt \u00ed \u00de\u00fdskalandi. 30 daga skilar\u00e9ttur.<\/p><\/div>\t\t\t\t\t\t\t\t<\/div>\n\t\t\t\t<div class=\"elementor-element elementor-element-iwgw-sarruma-ccb iwg-cc-button iwg-cc-cta-2026-05-13 elementor-widget elementor-widget-jet-button\" data-id=\"iwgw-sarruma-ccb\" data-element_type=\"widget\" data-e-type=\"widget\" data-widget_type=\"jet-button.default\">\n\t\t\t\t<div class=\"elementor-widget-container\">\n\t\t\t\t\t<div class=\"elementor-jet-button jet-elements\"><div class=\"jet-button__container\"><a class=\"jet-button__instance jet-button__instance--icon-left hover-effect-1\" href=\"\/ueber-iwell-guard\/?utm_source=iwell-guard.com&amp;utm_medium=info-box&amp;utm_campaign=wesen-tradition\"><div class=\"jet-button__plane jet-button__plane-normal\"><\/div><div class=\"jet-button__plane jet-button__plane-hover\"><\/div><div class=\"jet-button__state jet-button__state-normal\"><span class=\"jet-button__label\">Meira um iWell Guard<\/span><\/div><div class=\"jet-button__state jet-button__state-hover\"><span class=\"jet-button__label\">Meira um iWell Guard<\/span><\/div><\/a><\/div><\/div><style>.elementor-element.elementor-element-iwgw-sarruma-ccb .jet-button__instance{width:320px;height:56px;}.elementor-element.elementor-element-iwgw-sarruma-ccb .jet-button__state-normal .jet-button__label{text-align:center;margin:0px 0px 0px 0px;color:#1a1b20;font-family:Montserrat,sans-serif;font-size:13px;font-weight:400;letter-spacing:4px;line-height:1.714em;text-transform:uppercase;}.elementor-element.elementor-element-iwgw-sarruma-ccb .jet-button__state-hover .jet-button__label{text-align:center;margin:0px 0px 0px 0px;color:#FECC76;font-family:Montserrat,sans-serif;font-size:13px;font-weight:400;letter-spacing:4px;line-height:1.714em;text-transform:uppercase;}.elementor-element.elementor-element-iwgw-sarruma-ccb .jet-button__plane-normal{background-color:#FECC76;border-style:solid;border-color:#C99540;border-width:2px 2px 2px 2px;}.elementor-element.elementor-element-iwgw-sarruma-ccb .jet-button__plane-hover{background-color:rgba(0,0,0,0.55);border-style:solid;border-color:#FECC76;border-width:2px 2px 2px 2px;}<\/style>\t\t\t\t<\/div>\n\t\t\t\t<\/div>\n\t\t\t\t<div class=\"elementor-element elementor-element-iwgw-sarruma-ccd elementor-widget elementor-widget-text-editor\" data-id=\"iwgw-sarruma-ccd\" data-element_type=\"widget\" data-e-type=\"widget\" data-widget_type=\"text-editor.default\">\n\t\t\t\t\t\t\t\t\t<div data-nosnippet=\"true\"><p style=\"text-align:center;font-size:13px;opacity:0.7;margin-top:14px\" data-nosnippet=\"true\">Pers\u00f3nuleg reynsla getur veri\u00f0 mismunandi. Ekki l\u00e6kningat\u00e6ki. Engin lofor\u00f0 um l\u00e6kningu.<\/p><\/div>\t\t\t\t\t\t\t\t<\/div>\n\t\t\t\t\t<\/div>\n\t\t\t\t<\/div>\n\t\t\t\t\t<\/div>\n\t\t\t\t<\/div>\n\t\t<div class=\"elementor-element elementor-element-iwgw-sarruma-disc e-flex e-con-boxed e-con e-parent\" data-id=\"iwgw-sarruma-disc\" data-element_type=\"container\" data-e-type=\"container\">\n\t\t\t\t\t<div class=\"e-con-inner\">\n\t\t\t\t<div class=\"elementor-element elementor-element-iwgw-sarruma-discw elementor-widget elementor-widget-html\" data-id=\"iwgw-sarruma-discw\" data-element_type=\"widget\" data-e-type=\"widget\" data-widget_type=\"html.default\">\n\t\t\t\t\t<footer data-nosnippet=\"true\" class=\"iwg-disclaimer-block\"><p data-nosnippet=\"true\">iWell Guard er <strong>ekki l\u00e6kningat\u00e6ki<\/strong> og kemur ekki \u00ed sta\u00f0inn fyrir l\u00e6knis- e\u00f0a s\u00e1lfr\u00e6\u00f0ime\u00f0fer\u00f0. Tr\u00faarfr\u00e6\u00f0ilegt efni er menningars\u00f6gulegt samhengi, ekki r\u00e1\u00f0legging um andlega i\u00f0kun.<\/p><\/footer>\t\t\t\t<\/div>\n\t\t\t\t\t<\/div>\n\t\t\t\t<\/div>\n\t\t\t\t<\/div>\n\t\t","protected":false},"excerpt":{"rendered":"","protected":false},"author":3,"featured_media":2840,"parent":0,"menu_order":0,"comment_status":"closed","ping_status":"closed","template":"elementor_header_footer","meta":{"_yoast_wpseo_focuskw":"Sarruma, hurr\u00edskur fjallgu\u00f0","_yoast_wpseo_title":"Sarruma \u2013 Hurr\u00edskur fjallgu\u00f0, verndari konunga, go\u00f0saga","_yoast_wpseo_metadesc":"Sarruma, sonur Teshubs og Hebats, er hurr\u00edskur fjallgu\u00f0 og pers\u00f3nulegur verndargu\u00f0 het\u00edska st\u00f3rkonungsins Tud\u1e2baliya IV.","_yoast_wpseo_meta-robots-noindex":"","_yoast_wpseo_canonical":"","_angie_page":false,"gefaehrdungsstufe":"1","wesen_kultur":"hethitisch","wesen_klasse":"goetter","footnotes":""},"categories":[],"class_list":["post-168968","page","type-page","status-publish","has-post-thumbnail","hentry"],"yoast_head":"<!-- This site is optimized with the Yoast SEO Premium plugin v27.7 (Yoast SEO v28.3) - https:\/\/yoast.com\/product\/yoast-seo-premium-wordpress\/ -->\n<title>Sarruma \u2013 Hurr\u00edskur fjallgu\u00f0, verndari konunga, go\u00f0saga<\/title>\n<meta name=\"description\" content=\"Sarruma, sonur Teshubs og Hebats, er hurr\u00edskur fjallgu\u00f0 og pers\u00f3nulegur verndargu\u00f0 het\u00edska st\u00f3rkonungsins Tud\u1e2baliya IV.\" \/>\n<meta name=\"robots\" content=\"index, follow, max-snippet:-1, max-image-preview:large, max-video-preview:-1\" \/>\n<link rel=\"canonical\" href=\"https:\/\/iwell-guard.com\/is\/sarruma-hurrityskur-fjallgud-verndari-konunga\/\" \/>\n<meta property=\"og:locale\" content=\"is_IS\" \/>\n<meta property=\"og:type\" content=\"article\" \/>\n<meta property=\"og:title\" content=\"Sarruma \u2013 hurr\u00edskur fjallgu\u00f0 og verndari konunga\" \/>\n<meta property=\"og:description\" content=\"Sarruma, sonur Teshubs og Hebats, er hurr\u00edskur fjallgu\u00f0 og pers\u00f3nulegur verndargu\u00f0 het\u00edska st\u00f3rkonungsins Tud\u1e2baliya IV.\" \/>\n<meta property=\"og:url\" content=\"https:\/\/iwell-guard.com\/is\/sarruma-hurrityskur-fjallgud-verndari-konunga\/\" \/>\n<meta property=\"og:site_name\" content=\"iWell Guard\" \/>\n<meta property=\"article:modified_time\" content=\"2026-09-05T14:27:23+00:00\" \/>\n<meta property=\"og:image\" content=\"https:\/\/iwell-guard.com\/wp-content\/uploads\/2026\/05\/goetter_hethitisch_sarruma.webp\" \/>\n\t<meta property=\"og:image:width\" content=\"1024\" \/>\n\t<meta property=\"og:image:height\" content=\"1536\" \/>\n\t<meta property=\"og:image:type\" content=\"image\/webp\" \/>\n<meta name=\"twitter:card\" content=\"summary_large_image\" \/>\n<script type=\"application\/ld+json\" class=\"yoast-schema-graph\">{\"@context\":\"https:\\\/\\\/schema.org\",\"@graph\":[{\"@type\":\"WebPage\",\"@id\":\"https:\\\/\\\/iwell-guard.com\\\/is\\\/sarruma-hurrityskur-fjallgud-verndari-konunga\\\/\",\"url\":\"https:\\\/\\\/iwell-guard.com\\\/is\\\/sarruma-hurrityskur-fjallgud-verndari-konunga\\\/\",\"name\":\"Sarruma \u2013 Hurr\u00edskur fjallgu\u00f0, verndari konunga, go\u00f0saga\",\"isPartOf\":{\"@id\":\"https:\\\/\\\/iwell-guard.com\\\/is\\\/#website\"},\"primaryImageOfPage\":{\"@id\":\"https:\\\/\\\/iwell-guard.com\\\/is\\\/sarruma-hurrityskur-fjallgud-verndari-konunga\\\/#primaryimage\"},\"image\":{\"@id\":\"https:\\\/\\\/iwell-guard.com\\\/is\\\/sarruma-hurrityskur-fjallgud-verndari-konunga\\\/#primaryimage\"},\"thumbnailUrl\":\"https:\\\/\\\/iwell-guard.com\\\/wp-content\\\/uploads\\\/2026\\\/05\\\/goetter_hethitisch_sarruma.webp\",\"datePublished\":\"2026-09-05T14:04:27+00:00\",\"dateModified\":\"2026-09-05T14:27:23+00:00\",\"description\":\"Sarruma, sonur Teshubs og Hebats, er hurr\u00edskur fjallgu\u00f0 og pers\u00f3nulegur verndargu\u00f0 het\u00edska st\u00f3rkonungsins Tud\u1e2baliya IV.\",\"breadcrumb\":{\"@id\":\"https:\\\/\\\/iwell-guard.com\\\/is\\\/sarruma-hurrityskur-fjallgud-verndari-konunga\\\/#breadcrumb\"},\"inLanguage\":\"is\",\"potentialAction\":[{\"@type\":\"ReadAction\",\"target\":[\"https:\\\/\\\/iwell-guard.com\\\/is\\\/sarruma-hurrityskur-fjallgud-verndari-konunga\\\/\"]}]},{\"@type\":\"ImageObject\",\"inLanguage\":\"is\",\"@id\":\"https:\\\/\\\/iwell-guard.com\\\/is\\\/sarruma-hurrityskur-fjallgud-verndari-konunga\\\/#primaryimage\",\"url\":\"https:\\\/\\\/iwell-guard.com\\\/wp-content\\\/uploads\\\/2026\\\/05\\\/goetter_hethitisch_sarruma.webp\",\"contentUrl\":\"https:\\\/\\\/iwell-guard.com\\\/wp-content\\\/uploads\\\/2026\\\/05\\\/goetter_hethitisch_sarruma.webp\",\"width\":1024,\"height\":1536,\"caption\":\"Gu\u00f0ir \u00far het\u00edta-hef\u00f0inni.\"},{\"@type\":\"BreadcrumbList\",\"@id\":\"https:\\\/\\\/iwell-guard.com\\\/is\\\/sarruma-hurrityskur-fjallgud-verndari-konunga\\\/#breadcrumb\",\"itemListElement\":[{\"@type\":\"ListItem\",\"position\":1,\"name\":\"Start\",\"item\":\"https:\\\/\\\/iwell-guard.com\\\/is\\\/?page_id=168580\"},{\"@type\":\"ListItem\",\"position\":2,\"name\":\"Sarruma \u2013 hurr\u00edskur fjallgu\u00f0 og verndari konunga\"}]},{\"@type\":\"WebSite\",\"@id\":\"https:\\\/\\\/iwell-guard.com\\\/is\\\/#website\",\"url\":\"https:\\\/\\\/iwell-guard.com\\\/is\\\/\",\"name\":\"iWell Guard\",\"description\":\"Schutz vor dunklen Einfl\u00fcssen\",\"publisher\":{\"@id\":\"https:\\\/\\\/iwell-guard.com\\\/is\\\/#organization\"},\"potentialAction\":[{\"@type\":\"SearchAction\",\"target\":{\"@type\":\"EntryPoint\",\"urlTemplate\":\"https:\\\/\\\/iwell-guard.com\\\/is\\\/?s={search_term_string}\"},\"query-input\":{\"@type\":\"PropertyValueSpecification\",\"valueRequired\":true,\"valueName\":\"search_term_string\"}}],\"inLanguage\":\"is\"},{\"@type\":\"Organization\",\"@id\":\"https:\\\/\\\/iwell-guard.com\\\/is\\\/#organization\",\"name\":\"Ittermann electronic GmbH\",\"url\":\"https:\\\/\\\/iwell-guard.com\\\/is\\\/\",\"logo\":{\"@type\":\"ImageObject\",\"inLanguage\":\"is\",\"@id\":\"https:\\\/\\\/iwell-guard.com\\\/is\\\/#\\\/schema\\\/logo\\\/image\\\/\",\"url\":\"https:\\\/\\\/iwell-guard.com\\\/wp-content\\\/uploads\\\/2026\\\/05\\\/Ittermann-Logo-1182x237-1.png\",\"contentUrl\":\"https:\\\/\\\/iwell-guard.com\\\/wp-content\\\/uploads\\\/2026\\\/05\\\/Ittermann-Logo-1182x237-1.png\",\"width\":1182,\"height\":237,\"caption\":\"Ittermann electronic GmbH\"},\"image\":{\"@id\":\"https:\\\/\\\/iwell-guard.com\\\/is\\\/#\\\/schema\\\/logo\\\/image\\\/\"},\"sameAs\":[\"https:\\\/\\\/pantip.com\\\/profile\\\/9367242\",\"https:\\\/\\\/micro.blog\\\/iwellguard\",\"https:\\\/\\\/www.diggerslist.com\\\/iwellguard\\\/about\",\"https:\\\/\\\/skitterphoto.com\\\/photographers\\\/2870314\\\/iwell-guard\",\"https:\\\/\\\/iwellguard.wordpress.com\\\/2026\\\/06\\\/06\\\/iwell-guard\\\/\",\"https:\\\/\\\/hub.docker.com\\\/u\\\/iwellguard\",\"https:\\\/\\\/www.pinterest.com\\\/iwellguard\\\/\",\"https:\\\/\\\/bit.ly\\\/m\\\/iwellguard\",\"https:\\\/\\\/entre-vos-mains.alsace.eu\\\/profiles\\\/iwellguard\\\/activity\",\"https:\\\/\\\/gravatar.com\\\/reallybeded8fd34\",\"https:\\\/\\\/naijamatta.com\\\/iwellguard\",\"https:\\\/\\\/www.goodreads.com\\\/iwellguard\",\"https:\\\/\\\/profile.hatena.ne.jp\\\/iwellguard\\\/\",\"https:\\\/\\\/experiment.com\\\/users\\\/iwellguard\",\"https:\\\/\\\/wakelet.com\\\/@iWellGuard82270\",\"https:\\\/\\\/www.chordie.com\\\/forum\\\/profile.php?id=2555664\",\"https:\\\/\\\/www.instapaper.com\\\/p\\\/17757966\",\"https:\\\/\\\/www.mapleprimes.com\\\/users\\\/iwellguard\",\"https:\\\/\\\/businesslistingplus.com\\\/profile\\\/iwell-guard\\\/\",\"https:\\\/\\\/telegra.ph\\\/iWell-Guard-06-06\",\"https:\\\/\\\/pbase.com\\\/iwellguard\\\/iwellguard\",\"https:\\\/\\\/b.hatena.ne.jp\\\/iwellguard\\\/20260607#bookmark-4788405196491818882\",\"https:\\\/\\\/fliphtml5.com\\\/home\\\/iwellguard\",\"https:\\\/\\\/anyflip.com\\\/homepage\\\/cmiwl#About\",\"https:\\\/\\\/transfur.com\\\/Users\\\/iwellguard\",\"http:\\\/\\\/delphi.larsbo.org\\\/user\\\/iwellguard\",\"https:\\\/\\\/jobs.lajobsportal.org\\\/profiles\\\/8380803-iwell-guard\",\"https:\\\/\\\/md.chaosdorf.de\\\/s\\\/jfbe5SBdJD\",\"https:\\\/\\\/www.lingvolive.com\\\/en-us\\\/profile\\\/9ecaeaca-ce11-4e51-9e71-01d55e2bff36\\\/translations\",\"https:\\\/\\\/www.fitday.com\\\/fitness\\\/forums\\\/members\\\/iwellguard.html\",\"https:\\\/\\\/www.mymeetbook.com\\\/iwellguard\",\"https:\\\/\\\/pxhere.com\\\/en\\\/photographer-me\\\/5040798\",\"https:\\\/\\\/disqus.com\\\/by\\\/iwellguard\\\/about\\\/\",\"https:\\\/\\\/pastelink.net\\\/hjwciqwq\",\"https:\\\/\\\/pubhtml5.com\\\/homepage\\\/scjhn\\\/\",\"https:\\\/\\\/www.bitchute.com\\\/channel\\\/2O2eOKzNqujT\",\"https:\\\/\\\/audiomack.com\\\/iwellguard\"]},{\"@type\":\"Article\",\"@id\":\"https:\\\/\\\/iwell-guard.com\\\/is\\\/sarruma-hurrityskur-fjallgud-verndari-konunga\\\/#article\",\"isPartOf\":{\"@id\":\"https:\\\/\\\/iwell-guard.com\\\/is\\\/sarruma-hurrityskur-fjallgud-verndari-konunga\\\/\"},\"author\":{\"name\":\"Ralf Ittermann\",\"@id\":\"https:\\\/\\\/iwell-guard.com\\\/is\\\/#\\\/schema\\\/person\\\/ee2a27f1cac3406c7c6fb5820cb7349f\"},\"headline\":\"Sarruma \u2013 hurr\u00edskur fjallgu\u00f0 og verndari konunga\",\"datePublished\":\"2026-09-05T14:04:27+00:00\",\"dateModified\":\"2026-09-05T14:27:23+00:00\",\"mainEntityOfPage\":{\"@id\":\"https:\\\/\\\/iwell-guard.com\\\/is\\\/sarruma-hurrityskur-fjallgud-verndari-konunga\\\/\"},\"publisher\":{\"@id\":\"https:\\\/\\\/iwell-guard.com\\\/is\\\/#organization\"},\"image\":{\"@id\":\"https:\\\/\\\/iwell-guard.com\\\/is\\\/sarruma-hurrityskur-fjallgud-verndari-konunga\\\/#primaryimage\"},\"thumbnailUrl\":\"https:\\\/\\\/iwell-guard.com\\\/wp-content\\\/uploads\\\/2026\\\/05\\\/goetter_hethitisch_sarruma.webp\",\"inLanguage\":\"is\",\"description\":\"Sarruma, sonur Teshubs og Hebats, er hurr\u00edskur fjallgu\u00f0 og pers\u00f3nulegur verndargu\u00f0 het\u00edska st\u00f3rkonungsins Tud\u1e2baliya IV.\"}]}<\/script>\n<!-- \/ Yoast SEO Premium plugin. -->","yoast_head_json":{"title":"Sarruma \u2013 Hurr\u00edskur fjallgu\u00f0, verndari konunga, go\u00f0saga","description":"Sarruma, sonur Teshubs og Hebats, er hurr\u00edskur fjallgu\u00f0 og pers\u00f3nulegur verndargu\u00f0 het\u00edska st\u00f3rkonungsins Tud\u1e2baliya IV.","robots":{"index":"index","follow":"follow","max-snippet":"max-snippet:-1","max-image-preview":"max-image-preview:large","max-video-preview":"max-video-preview:-1"},"canonical":"https:\/\/iwell-guard.com\/is\/sarruma-hurrityskur-fjallgud-verndari-konunga\/","og_locale":"is_IS","og_type":"article","og_title":"Sarruma \u2013 hurr\u00edskur fjallgu\u00f0 og verndari konunga","og_description":"Sarruma, sonur Teshubs og Hebats, er hurr\u00edskur fjallgu\u00f0 og pers\u00f3nulegur verndargu\u00f0 het\u00edska st\u00f3rkonungsins Tud\u1e2baliya IV.","og_url":"https:\/\/iwell-guard.com\/is\/sarruma-hurrityskur-fjallgud-verndari-konunga\/","og_site_name":"iWell Guard","article_modified_time":"2026-09-05T14:27:23+00:00","og_image":[{"width":1024,"height":1536,"url":"https:\/\/iwell-guard.com\/wp-content\/uploads\/2026\/05\/goetter_hethitisch_sarruma.webp","type":"image\/webp"}],"twitter_card":"summary_large_image","schema":{"@context":"https:\/\/schema.org","@graph":[{"@type":"Article","@id":"https:\/\/iwell-guard.com\/is\/sarruma-hurrityskur-fjallgud-verndari-konunga\/#article","isPartOf":{"@id":"https:\/\/iwell-guard.com\/is\/sarruma-hurrityskur-fjallgud-verndari-konunga\/"},"author":{"name":"Ralf Ittermann","@id":"https:\/\/iwell-guard.com\/is\/#\/schema\/person\/ee2a27f1cac3406c7c6fb5820cb7349f"},"headline":"Sarruma \u2013 hurr\u00edskur fjallgu\u00f0 og verndari konunga","datePublished":"2026-09-05T14:04:27+00:00","dateModified":"2026-09-05T14:27:23+00:00","mainEntityOfPage":{"@id":"https:\/\/iwell-guard.com\/is\/sarruma-hurrityskur-fjallgud-verndari-konunga\/"},"publisher":{"@id":"https:\/\/iwell-guard.com\/is\/#organization"},"image":{"@id":"https:\/\/iwell-guard.com\/is\/sarruma-hurrityskur-fjallgud-verndari-konunga\/#primaryimage"},"thumbnailUrl":"https:\/\/iwell-guard.com\/wp-content\/uploads\/2026\/05\/goetter_hethitisch_sarruma.webp","inLanguage":"is","description":"Sarruma, sonur Teshubs og Hebats, er hurr\u00edskur fjallgu\u00f0 og pers\u00f3nulegur verndargu\u00f0 het\u00edska st\u00f3rkonungsins Tud\u1e2baliya IV."},{"@type":"WebPage","@id":"https:\/\/iwell-guard.com\/is\/sarruma-hurrityskur-fjallgud-verndari-konunga\/","url":"https:\/\/iwell-guard.com\/is\/sarruma-hurrityskur-fjallgud-verndari-konunga\/","name":"Sarruma \u2013 Hurr\u00edskur fjallgu\u00f0, verndari konunga, go\u00f0saga","isPartOf":{"@id":"https:\/\/iwell-guard.com\/is\/#website"},"primaryImageOfPage":{"@id":"https:\/\/iwell-guard.com\/is\/sarruma-hurrityskur-fjallgud-verndari-konunga\/#primaryimage"},"image":{"@id":"https:\/\/iwell-guard.com\/is\/sarruma-hurrityskur-fjallgud-verndari-konunga\/#primaryimage"},"thumbnailUrl":"https:\/\/iwell-guard.com\/wp-content\/uploads\/2026\/05\/goetter_hethitisch_sarruma.webp","datePublished":"2026-09-05T14:04:27+00:00","dateModified":"2026-09-05T14:27:23+00:00","description":"Sarruma, sonur Teshubs og Hebats, er hurr\u00edskur fjallgu\u00f0 og pers\u00f3nulegur verndargu\u00f0 het\u00edska st\u00f3rkonungsins Tud\u1e2baliya IV.","breadcrumb":{"@id":"https:\/\/iwell-guard.com\/is\/sarruma-hurrityskur-fjallgud-verndari-konunga\/#breadcrumb"},"inLanguage":"is","potentialAction":[{"@type":"ReadAction","target":["https:\/\/iwell-guard.com\/is\/sarruma-hurrityskur-fjallgud-verndari-konunga\/"]}]},{"@type":"ImageObject","inLanguage":"is","@id":"https:\/\/iwell-guard.com\/is\/sarruma-hurrityskur-fjallgud-verndari-konunga\/#primaryimage","url":"https:\/\/iwell-guard.com\/wp-content\/uploads\/2026\/05\/goetter_hethitisch_sarruma.webp","contentUrl":"https:\/\/iwell-guard.com\/wp-content\/uploads\/2026\/05\/goetter_hethitisch_sarruma.webp","width":1024,"height":1536,"caption":"Gu\u00f0ir \u00far het\u00edta-hef\u00f0inni."},{"@type":"BreadcrumbList","@id":"https:\/\/iwell-guard.com\/is\/sarruma-hurrityskur-fjallgud-verndari-konunga\/#breadcrumb","itemListElement":[{"@type":"ListItem","position":1,"name":"Start","item":"https:\/\/iwell-guard.com\/is\/?page_id=168580"},{"@type":"ListItem","position":2,"name":"Sarruma \u2013 hurr\u00edskur fjallgu\u00f0 og verndari konunga"}]},{"@type":"WebSite","@id":"https:\/\/iwell-guard.com\/is\/#website","url":"https:\/\/iwell-guard.com\/is\/","name":"iWell Guard","description":"Schutz vor dunklen Einfl\u00fcssen","publisher":{"@id":"https:\/\/iwell-guard.com\/is\/#organization"},"potentialAction":[{"@type":"SearchAction","target":{"@type":"EntryPoint","urlTemplate":"https:\/\/iwell-guard.com\/is\/?s={search_term_string}"},"query-input":{"@type":"PropertyValueSpecification","valueRequired":true,"valueName":"search_term_string"}}],"inLanguage":"is"},{"@type":"Organization","@id":"https:\/\/iwell-guard.com\/is\/#organization","name":"Ittermann electronic GmbH","url":"https:\/\/iwell-guard.com\/is\/","logo":{"@type":"ImageObject","inLanguage":"is","@id":"https:\/\/iwell-guard.com\/is\/#\/schema\/logo\/image\/","url":"https:\/\/iwell-guard.com\/wp-content\/uploads\/2026\/05\/Ittermann-Logo-1182x237-1.png","contentUrl":"https:\/\/iwell-guard.com\/wp-content\/uploads\/2026\/05\/Ittermann-Logo-1182x237-1.png","width":1182,"height":237,"caption":"Ittermann electronic GmbH"},"image":{"@id":"https:\/\/iwell-guard.com\/is\/#\/schema\/logo\/image\/"},"sameAs":["https:\/\/pantip.com\/profile\/9367242","https:\/\/micro.blog\/iwellguard","https:\/\/www.diggerslist.com\/iwellguard\/about","https:\/\/skitterphoto.com\/photographers\/2870314\/iwell-guard","https:\/\/iwellguard.wordpress.com\/2026\/06\/06\/iwell-guard\/","https:\/\/hub.docker.com\/u\/iwellguard","https:\/\/www.pinterest.com\/iwellguard\/","https:\/\/bit.ly\/m\/iwellguard","https:\/\/entre-vos-mains.alsace.eu\/profiles\/iwellguard\/activity","https:\/\/gravatar.com\/reallybeded8fd34","https:\/\/naijamatta.com\/iwellguard","https:\/\/www.goodreads.com\/iwellguard","https:\/\/profile.hatena.ne.jp\/iwellguard\/","https:\/\/experiment.com\/users\/iwellguard","https:\/\/wakelet.com\/@iWellGuard82270","https:\/\/www.chordie.com\/forum\/profile.php?id=2555664","https:\/\/www.instapaper.com\/p\/17757966","https:\/\/www.mapleprimes.com\/users\/iwellguard","https:\/\/businesslistingplus.com\/profile\/iwell-guard\/","https:\/\/telegra.ph\/iWell-Guard-06-06","https:\/\/pbase.com\/iwellguard\/iwellguard","https:\/\/b.hatena.ne.jp\/iwellguard\/20260607#bookmark-4788405196491818882","https:\/\/fliphtml5.com\/home\/iwellguard","https:\/\/anyflip.com\/homepage\/cmiwl#About","https:\/\/transfur.com\/Users\/iwellguard","http:\/\/delphi.larsbo.org\/user\/iwellguard","https:\/\/jobs.lajobsportal.org\/profiles\/8380803-iwell-guard","https:\/\/md.chaosdorf.de\/s\/jfbe5SBdJD","https:\/\/www.lingvolive.com\/en-us\/profile\/9ecaeaca-ce11-4e51-9e71-01d55e2bff36\/translations","https:\/\/www.fitday.com\/fitness\/forums\/members\/iwellguard.html","https:\/\/www.mymeetbook.com\/iwellguard","https:\/\/pxhere.com\/en\/photographer-me\/5040798","https:\/\/disqus.com\/by\/iwellguard\/about\/","https:\/\/pastelink.net\/hjwciqwq","https:\/\/pubhtml5.com\/homepage\/scjhn\/","https:\/\/www.bitchute.com\/channel\/2O2eOKzNqujT","https:\/\/audiomack.com\/iwellguard"]},{"@type":"Person","@id":"https:\/\/iwell-guard.com\/is\/#\/schema\/person\/ee2a27f1cac3406c7c6fb5820cb7349f","name":"Ralf Ittermann","image":{"@type":"ImageObject","inLanguage":"is","@id":"https:\/\/secure.gravatar.com\/avatar\/073c0153e350a5005b68eb752b445fea71f6b24a26da9449ad7e155e6b446c9d?s=96&d=mm&r=g","url":"https:\/\/secure.gravatar.com\/avatar\/073c0153e350a5005b68eb752b445fea71f6b24a26da9449ad7e155e6b446c9d?s=96&d=mm&r=g","contentUrl":"https:\/\/secure.gravatar.com\/avatar\/073c0153e350a5005b68eb752b445fea71f6b24a26da9449ad7e155e6b446c9d?s=96&d=mm&r=g","caption":"Ralf Ittermann"},"givenName":"Ralf","familyName":"Ittermann","jobTitle":"Gesch\u00e4ftsf\u00fchrer und redaktioneller Verantwortlicher","url":"https:\/\/iwell-guard.com\/is\/author\/claude\/","description":"Ralf Ittermann ist Gesch\u00e4ftsf\u00fchrer der Ittermann electronic GmbH und redaktioneller Verantwortlicher des iWell-Guard-Lexikons. Er verbindet langj\u00e4hrige Erfahrung in der Pr\u00e4zisionsfertigung mit medialer Praxis und religionsgeschichtlicher Quellenarbeit.","worksFor":{"@type":"Organization","name":"Ittermann electronic GmbH","url":"https:\/\/ittermann.de\/","address":{"@type":"PostalAddress","streetAddress":"K\u00f6hlergasse 16-18","postalCode":"99842","addressLocality":"Ruhla","addressCountry":"DE"}},"knowsAbout":["Religionsgeschichte","Mythologie","Mediale Praxis","Energetische Diagnostik","Schutzpraxis","Volksglauben","Westliche Esoterik"]},{"@type":"Article","@id":"https:\/\/iwell-guard.com\/is\/sarruma-hurrityskur-fjallgud-verndari-konunga\/#article","isPartOf":{"@id":"https:\/\/iwell-guard.com\/is\/sarruma-hurrityskur-fjallgud-verndari-konunga\/"},"author":{"name":"Ralf Ittermann","@id":"https:\/\/iwell-guard.com\/is\/#\/schema\/person\/ee2a27f1cac3406c7c6fb5820cb7349f"},"headline":"Sarruma \u2013 hurr\u00edskur fjallgu\u00f0 og verndari konunga","datePublished":"2026-09-05T14:04:27+00:00","dateModified":"2026-09-05T14:27:23+00:00","mainEntityOfPage":{"@id":"https:\/\/iwell-guard.com\/is\/sarruma-hurrityskur-fjallgud-verndari-konunga\/"},"publisher":{"@id":"https:\/\/iwell-guard.com\/is\/#organization"},"image":{"@id":"https:\/\/iwell-guard.com\/is\/sarruma-hurrityskur-fjallgud-verndari-konunga\/#primaryimage"},"thumbnailUrl":"https:\/\/iwell-guard.com\/wp-content\/uploads\/2026\/05\/goetter_hethitisch_sarruma.webp","inLanguage":"is","description":"Sarruma, sonur Teshubs og Hebats, er hurr\u00edskur fjallgu\u00f0 og pers\u00f3nulegur verndargu\u00f0 het\u00edska st\u00f3rkonungsins Tud\u1e2baliya IV."}]}},"_links":{"self":[{"href":"https:\/\/iwell-guard.com\/is\/wp-json\/wp\/v2\/pages\/168968","targetHints":{"allow":["GET"]}}],"collection":[{"href":"https:\/\/iwell-guard.com\/is\/wp-json\/wp\/v2\/pages"}],"about":[{"href":"https:\/\/iwell-guard.com\/is\/wp-json\/wp\/v2\/types\/page"}],"author":[{"embeddable":true,"href":"https:\/\/iwell-guard.com\/is\/wp-json\/wp\/v2\/users\/3"}],"replies":[{"embeddable":true,"href":"https:\/\/iwell-guard.com\/is\/wp-json\/wp\/v2\/comments?post=168968"}],"version-history":[{"count":0,"href":"https:\/\/iwell-guard.com\/is\/wp-json\/wp\/v2\/pages\/168968\/revisions"}],"wp:featuredmedia":[{"embeddable":true,"href":"https:\/\/iwell-guard.com\/is\/wp-json\/wp\/v2\/media\/2840"}],"wp:attachment":[{"href":"https:\/\/iwell-guard.com\/is\/wp-json\/wp\/v2\/media?parent=168968"}],"wp:term":[{"taxonomy":"category","embeddable":true,"href":"https:\/\/iwell-guard.com\/is\/wp-json\/wp\/v2\/categories?post=168968"}],"curies":[{"name":"wp","href":"https:\/\/api.w.org\/{rel}","templated":true}]}}