{"id":168966,"date":"2026-09-05T14:04:26","date_gmt":"2026-09-05T14:04:26","guid":{"rendered":"https:\/\/iwell-guard.com\/?page_id=168966"},"modified":"2026-09-05T14:27:19","modified_gmt":"2026-09-05T14:27:19","slug":"ullikummi-steinjotunn","status":"publish","type":"page","link":"https:\/\/iwell-guard.com\/is\/ullikummi-steinjotunn\/","title":{"rendered":"Ullikummi \u2013 Steinj\u00f6tunn gegn gu\u00f0unum"},"content":{"rendered":"\t\t<div data-elementor-type=\"wp-page\" data-elementor-id=\"168966\" class=\"elementor elementor-168966 elementor-2621 elementor-bc-flex-widget\" data-elementor-post-type=\"page\">\n\t\t\t\t<div class=\"elementor-element elementor-element-iwgw-ullikummi-hero e-flex e-con-boxed e-con e-parent\" data-id=\"iwgw-ullikummi-hero\" data-element_type=\"container\" data-e-type=\"container\" data-settings=\"{&quot;background_background&quot;:&quot;classic&quot;}\">\n\t\t\t\t\t<div class=\"e-con-inner\">\n\t\t<div class=\"elementor-element elementor-element-iwgw-ullikummi-hl e-flex e-con-boxed e-con e-child\" data-id=\"iwgw-ullikummi-hl\" data-element_type=\"container\" data-e-type=\"container\">\n\t\t\t\t\t<div class=\"e-con-inner\">\n\t\t<div class=\"elementor-element elementor-element-iwgw-ullikummi-htxt e-con-full e-flex e-con e-child\" data-id=\"iwgw-ullikummi-htxt\" data-element_type=\"container\" data-e-type=\"container\">\n\t\t\t\t<div class=\"elementor-element elementor-element-iwgw-ullikummi-h1 elementor-widget elementor-widget-heading\" data-id=\"iwgw-ullikummi-h1\" data-element_type=\"widget\" data-e-type=\"widget\" data-widget_type=\"heading.default\">\n\t\t\t\t\t<h1 class=\"elementor-heading-title elementor-size-default\">Ullikummi, h\u00farr\u00edsk-hett\u00edskur steinj\u00f6tunn og \u00e1skorandi gu\u00f0anna<\/h1>\t\t\t\t<\/div>\n\t\t\t\t<div class=\"elementor-element elementor-element-iwgw-ullikummi-lead elementor-widget elementor-widget-text-editor\" data-id=\"iwgw-ullikummi-lead\" data-element_type=\"widget\" data-e-type=\"widget\" data-widget_type=\"text-editor.default\">\n\t\t\t\t\t\t\t\t\t<p>Ullikummi er d\u00ed\u00f3r\u00edtsteinj\u00f6tunn \u00far h\u00farr\u00edsk-hett\u00edsku Kumarbi-hringr\u00e1sinni. Fa\u00f0ir hans <a href=\"https:\/\/iwell-guard.com\/is\/?page_id=168962\">Kumarbi<\/a> gat hann me\u00f0 klettakonu til a\u00f0 fella go\u00f0aveldi <a href=\"https:\/\/iwell-guard.com\/is\/?page_id=168963\">Teshubs<\/a>. \u00c1 \u00f6xl frumj\u00f6tunsins Upelluri vex Ullikummi upp \u00ed himininn og ver\u00f0ur gu\u00f0ar\u00edkinu a\u00f0 h\u00e6ttu, \u00fear til Ea skilur hann fr\u00e1 me\u00f0 sk\u00f6punars\u00f6ginni.<\/p>\t\t\t\t\t\t\t\t<\/div>\n\t\t\t\t<\/div>\n\t\t<div class=\"elementor-element elementor-element-iwgw-ullikummi-pillc e-con-full e-flex e-con e-child\" data-id=\"iwgw-ullikummi-pillc\" data-element_type=\"container\" data-e-type=\"container\">\n\t\t\t\t<div class=\"elementor-element elementor-element-iwgw-ullikummi-pills elementor-widget elementor-widget-html\" data-id=\"iwgw-ullikummi-pills\" data-element_type=\"widget\" data-e-type=\"widget\" data-widget_type=\"html.default\">\n\t\t\t\t\t<div class=\"iwg-pill-row\"><span class=\"iwg-klasse-badge\" tabindex=\"0\" data-tooltip=\"J\u00f6tunn af hef\u00f0 Hett\u00edta.\">J\u00f6tunn<\/span><a href=\"https:\/\/iwell-guard.com\/is\/hettitar-anatolia-tarhunna-vernd\/\" class=\"iwg-kultur-badge\" tabindex=\"0\" data-tooltip=\"Go\u00f0afr\u00e6\u00f0i hef\u00f0ar Hett\u00edta.\">Hett\u00edsk<\/a><span class=\"iwg-tradition-badge\" tabindex=\"0\" data-tooltip=\"\u00d3rei\u00f0uvera.\">\u00d3rei\u00f0uvera<\/span><\/div>\t\t\t\t<\/div>\n\t\t\t\t<\/div>\n\t\t<div class=\"elementor-element elementor-element-iwgw-ullikummi-tocc e-con-full e-flex e-con e-child\" data-id=\"iwgw-ullikummi-tocc\" data-element_type=\"container\" data-e-type=\"container\">\n\t\t\t\t<div class=\"elementor-element elementor-element-iwgw-ullikummi-toc elementor-toc--minimized-on-tablet elementor-widget elementor-widget-table-of-contents\" data-id=\"iwgw-ullikummi-toc\" data-element_type=\"widget\" data-e-type=\"widget\" data-settings=\"{&quot;headings_by_tags&quot;:[&quot;h2&quot;,&quot;h3&quot;],&quot;minimize_box&quot;:&quot;yes&quot;,&quot;marker_view&quot;:&quot;bullets&quot;,&quot;no_headings_message&quot;:&quot;Engar undirfyrirsagnir fundust \\u00e1 \\u00feessari s\\u00ed\\u00f0u.&quot;,&quot;exclude_headings_by_selector&quot;:[],&quot;icon&quot;:{&quot;value&quot;:&quot;fas fa-circle&quot;,&quot;library&quot;:&quot;fa-solid&quot;,&quot;rendered_tag&quot;:&quot;&lt;svg class=\\&quot;e-font-icon-svg e-fas-circle\\&quot; viewBox=\\&quot;0 0 512 512\\&quot; xmlns=\\&quot;http:\\\/\\\/www.w3.org\\\/2000\\\/svg\\&quot;&gt;&lt;path d=\\&quot;M256 8C119 8 8 119 8 256s111 248 248 248 248-111 248-248S393 8 256 8z\\&quot;&gt;&lt;\\\/path&gt;&lt;\\\/svg&gt;&quot;},&quot;minimized_on&quot;:&quot;tablet&quot;,&quot;hierarchical_view&quot;:&quot;yes&quot;,&quot;min_height&quot;:{&quot;unit&quot;:&quot;px&quot;,&quot;size&quot;:&quot;&quot;,&quot;sizes&quot;:[]},&quot;min_height_tablet&quot;:{&quot;unit&quot;:&quot;px&quot;,&quot;size&quot;:&quot;&quot;,&quot;sizes&quot;:[]},&quot;min_height_mobile&quot;:{&quot;unit&quot;:&quot;px&quot;,&quot;size&quot;:&quot;&quot;,&quot;sizes&quot;:[]}}\" data-widget_type=\"table-of-contents.default\">\n\t\t\t\t\t\t\t\t\t<div class=\"elementor-toc__header\">\n\t\t\t\t\t\t<h2 class=\"elementor-toc__header-title\">\n\t\t\t\tEfnisyfirlit\t\t\t<\/h2>\n\t\t\t\t\t\t\t\t\t\t<div class=\"elementor-toc__toggle-button elementor-toc__toggle-button--expand\" role=\"button\" tabindex=\"0\" aria-controls=\"elementor-toc__iwgw-ullikummi-toc\" aria-expanded=\"true\" aria-label=\"Open table of contents\"><svg aria-hidden=\"true\" class=\"e-font-icon-svg e-fas-chevron-down\" viewBox=\"0 0 448 512\" xmlns=\"http:\/\/www.w3.org\/2000\/svg\"><path d=\"M207.029 381.476L12.686 187.132c-9.373-9.373-9.373-24.569 0-33.941l22.667-22.667c9.357-9.357 24.522-9.375 33.901-.04L224 284.505l154.745-154.021c9.379-9.335 24.544-9.317 33.901.04l22.667 22.667c9.373 9.373 9.373 24.569 0 33.941L240.971 381.476c-9.373 9.372-24.569 9.372-33.942 0z\"><\/path><\/svg><\/div>\n\t\t\t\t<div class=\"elementor-toc__toggle-button elementor-toc__toggle-button--collapse\" role=\"button\" tabindex=\"0\" aria-controls=\"elementor-toc__iwgw-ullikummi-toc\" aria-expanded=\"true\" aria-label=\"Close table of contents\"><svg aria-hidden=\"true\" class=\"e-font-icon-svg e-fas-chevron-up\" viewBox=\"0 0 448 512\" xmlns=\"http:\/\/www.w3.org\/2000\/svg\"><path d=\"M240.971 130.524l194.343 194.343c9.373 9.373 9.373 24.569 0 33.941l-22.667 22.667c-9.357 9.357-24.522 9.375-33.901.04L224 227.495 69.255 381.516c-9.379 9.335-24.544 9.317-33.901-.04l-22.667-22.667c-9.373-9.373-9.373-24.569 0-33.941L207.03 130.525c9.372-9.373 24.568-9.373 33.941-.001z\"><\/path><\/svg><\/div>\n\t\t\t\t\t<\/div>\n\t\t\t\t<div id=\"elementor-toc__iwgw-ullikummi-toc\" class=\"elementor-toc__body\">\n\t\t\t<div class=\"elementor-toc__spinner-container\">\n\t\t\t\t<svg class=\"elementor-toc__spinner eicon-animation-spin e-font-icon-svg e-eicon-loading\" aria-hidden=\"true\" viewBox=\"0 0 1000 1000\" xmlns=\"http:\/\/www.w3.org\/2000\/svg\"><path d=\"M500 975V858C696 858 858 696 858 500S696 142 500 142 142 304 142 500H25C25 237 238 25 500 25S975 237 975 500 763 975 500 975Z\"><\/path><\/svg>\t\t\t<\/div>\n\t\t<\/div>\n\t\t\t\t\t\t<\/div>\n\t\t\t\t<\/div>\n\t\t\t\t\t<\/div>\n\t\t\t\t<\/div>\n\t\t<div class=\"elementor-element elementor-element-iwgw-ullikummi-hr e-con-full e-flex e-con e-child\" data-id=\"iwgw-ullikummi-hr\" data-element_type=\"container\" data-e-type=\"container\">\n\t\t\t\t<div class=\"elementor-element elementor-element-iwgw-ullikummi-heroimg iwg-hero-image elementor-widget elementor-widget-image\" data-id=\"iwgw-ullikummi-heroimg\" data-element_type=\"widget\" data-e-type=\"widget\" data-widget_type=\"image.default\">\n\t\t\t\t\t\t\t\t\t\t\t\t\t\t\t<img fetchpriority=\"high\" decoding=\"async\" width=\"683\" height=\"1024\" src=\"https:\/\/iwell-guard.com\/wp-content\/uploads\/2026\/05\/goetter_hethitisch_ullikummi-683x1024.webp\" class=\"attachment-large size-large wp-image-170813\" alt=\"Ullikummi - Gu\u00f0ir \u00far het\u00edta-hef\u00f0inni, s\u00f6guleg myndskreyting\" srcset=\"https:\/\/iwell-guard.com\/wp-content\/uploads\/2026\/05\/goetter_hethitisch_ullikummi-683x1024.webp 683w, https:\/\/iwell-guard.com\/wp-content\/uploads\/2026\/05\/goetter_hethitisch_ullikummi-200x300.webp 200w, https:\/\/iwell-guard.com\/wp-content\/uploads\/2026\/05\/goetter_hethitisch_ullikummi-768x1152.webp 768w, https:\/\/iwell-guard.com\/wp-content\/uploads\/2026\/05\/goetter_hethitisch_ullikummi.webp 1024w\" sizes=\"(max-width: 683px) 100vw, 683px\" \/>\t\t\t\t\t\t\t\t\t\t\t\t\t\t\t<\/div>\n\t\t\t\t<\/div>\n\t\t\t\t\t<\/div>\n\t\t\t\t<\/div>\n\t\t<div class=\"elementor-element elementor-element-iwgw-ullikummi-s0 e-flex e-con-boxed e-con e-parent\" data-id=\"iwgw-ullikummi-s0\" data-element_type=\"container\" data-e-type=\"container\">\n\t\t\t\t\t<div class=\"e-con-inner\">\n\t\t\t\t<div class=\"elementor-element elementor-element-iwgw-ullikummi-s0h elementor-widget elementor-widget-heading\" data-id=\"iwgw-ullikummi-s0h\" data-element_type=\"widget\" data-e-type=\"widget\" data-widget_type=\"heading.default\">\n\t\t\t\t\t<h2 class=\"elementor-heading-title elementor-size-default\">Greining og skammrit<\/h2>\t\t\t\t<\/div>\n\t\t<div class=\"elementor-element elementor-element-iwgw-ullikummi-s0c e-con-full e-flex e-con e-child\" data-id=\"iwgw-ullikummi-s0c\" data-element_type=\"container\" data-e-type=\"container\">\n\t\t\t\t<div class=\"elementor-element elementor-element-iwgw-ullikummi-s0t elementor-widget elementor-widget-text-editor\" data-id=\"iwgw-ullikummi-s0t\" data-element_type=\"widget\" data-e-type=\"widget\" data-widget_type=\"text-editor.default\">\n\t\t\t\t\t\t\t\t\t<p>Ullikummi telst til merkustu vera fornaustr\u00e6nnar <span class=\"iwg-fachbegriff\" data-tooltip=\"Heild var\u00f0veittra go\u00f0asagna \u00ed tiltekinni menningu.\" tabindex=\"0\">go\u00f0afr\u00e6\u00f0i<\/span>. Hann er ekki gu\u00f0 \u00ed hef\u00f0bundnum skilningi heldur \u00f3rei\u00f0uvera \u00far steini, sem <a href=\"https:\/\/iwell-guard.com\/is\/?page_id=168962\">Kumarbi<\/a> gat sem verkf\u00e6ri til a\u00f0 endurheimta gu\u00f0legt vald.<\/p><p><span class=\"iwg-fachbegriff\" data-tooltip=\"Var\u00f0veitt fr\u00e1s\u00f6gn um gu\u00f0i, uppruna og skipan heimsins.\" tabindex=\"0\">Go\u00f0saga<\/span> hans, &#8216;S\u00f6ngurinn um Ullikummi&#8217; (CTH 345), er eitt af b\u00f3kmenntalega \u00e1hrifamestu verkum h\u00farr\u00edskrar <span class=\"iwg-fachbegriff\" data-tooltip=\"Heild var\u00f0veittra go\u00f0asagna \u00ed tiltekinni menningu.\" tabindex=\"0\">go\u00f0afr\u00e6\u00f0i<\/span> og var gefi\u00f0 \u00fat \u00ed n\u00e1kv\u00e6mri \u00fatg\u00e1fu Hans G\u00fcterbock 1951\/1952.<\/p><p>Tr\u00faars\u00f6gulega er Ullikummi fulltr\u00fai \u00feeirrar ger\u00f0ar kosm\u00edsks and-hetju sem skorar \u00e1 gu\u00f0lega skipan og ver\u00f0ur a\u00f0 lokum yfirbuga\u00f0ur. V\u00f6xtur hans &#8216;eins og h\u00e1vaxi\u00f0 tr\u00e9&#8217; upp \u00ed himininn og m\u00e1l- og heyrnarleysi hans (hann getur hvorki s\u00e9\u00f0 n\u00e9 heyrt) gera hann a\u00f0 sannarlega \u00f3gnvekjandi veru.<\/p><p>\u00deessi mynd af blindum og heyrnarlausum steinj\u00f6tni er einst\u00e6\u00f0 \u00ed fornaustr\u00e6nni <span class=\"iwg-fachbegriff\" data-tooltip=\"Heild var\u00f0veittra go\u00f0asagna \u00ed tiltekinni menningu.\" tabindex=\"0\">go\u00f0afr\u00e6\u00f0i<\/span> og gerir Ullikummi a\u00f0 einni \u00e1hrifamestu \u00f3rei\u00f0uveru-pers\u00f3nu yfirleitt.<\/p><p>Trevor Bryce hefur \u00ed <em>The Kingdom of the Hittites<\/em> (2005) bent \u00e1 hli\u00f0st\u00e6\u00f0a byggingu vi\u00f0 gr\u00edska Typhon; Ullikummi telst til al\u00fej\u00f3\u00f0legrar fj\u00f6lskyldu \u00f3rei\u00f0uj\u00f6tna sem berjast gegn \u00f3lymp\u00edskri e\u00f0a anat\u00f3lskri himnaskipan. Innan <a href=\"https:\/\/iwell-guard.com\/is\/hettitar-anatolia-tarhunna-vernd\/\">hett\u00edsku hef\u00f0arins<\/a> er hann \u00e1berandasti and-gu\u00f0 Kumarbi-hringr\u00e1sarins.<\/p><p>S\u00e9rstakt gu\u00f0fr\u00e6\u00f0ilegt atri\u00f0i \u00ed <span class=\"iwg-fachbegriff\" data-tooltip=\"Var\u00f0veitt fr\u00e1s\u00f6gn um gu\u00f0i, uppruna og skipan heimsins.\" tabindex=\"0\">go\u00f0s\u00f6gunni<\/span> er a\u00f0 Ullikummi ver\u00f0ur ekki til af illmennsku e\u00f0a hatri heldur sem markvisst skapa\u00f0 verkf\u00e6ri. Kumarbi skapar hann fyrirfram, me\u00f0 sk\u00fdrt hlutverk og talandi nafn. \u00deessi &#8216;verkf\u00e6rislega&#8217; sk\u00f6pun \u00f3rei\u00f0uveru er tr\u00faars\u00f6gulega \u00f3venjuleg og myndar s\u00e9rstakan go\u00f0afr\u00e6\u00f0ilegan flokk.<\/p>\t\t\t\t\t\t\t\t<\/div>\n\t\t\t\t<\/div>\n\t\t\t\t\t<\/div>\n\t\t\t\t<\/div>\n\t\t<div class=\"elementor-element elementor-element-iwgw-ullikummi-s1 e-flex e-con-boxed e-con e-parent\" data-id=\"iwgw-ullikummi-s1\" data-element_type=\"container\" data-e-type=\"container\">\n\t\t\t\t\t<div class=\"e-con-inner\">\n\t\t\t\t<div class=\"elementor-element elementor-element-iwgw-ullikummi-s1h elementor-widget elementor-widget-heading\" data-id=\"iwgw-ullikummi-s1h\" data-element_type=\"widget\" data-e-type=\"widget\" data-widget_type=\"heading.default\">\n\t\t\t\t\t<h2 class=\"elementor-heading-title elementor-size-default\">Nafn og or\u00f0sifjar<\/h2>\t\t\t\t<\/div>\n\t\t<div class=\"elementor-element elementor-element-iwgw-ullikummi-s1c e-con-full e-flex e-con e-child\" data-id=\"iwgw-ullikummi-s1c\" data-element_type=\"container\" data-e-type=\"container\">\n\t\t\t\t<div class=\"elementor-element elementor-element-iwgw-ullikummi-s1t elementor-widget elementor-widget-text-editor\" data-id=\"iwgw-ullikummi-s1t\" data-element_type=\"widget\" data-e-type=\"widget\" data-widget_type=\"text-editor.default\">\n\t\t\t\t\t\t\t\t\t<p>Nafni\u00f0 Ullikummi er h\u00farr\u00edskt og \u00fe\u00fd\u00f0ir a\u00f0 \u00f6llum l\u00edkindum &#8216;ey\u00f0andi Kummiya&#8217;, en Kummiya er b\u00fasta\u00f0ur <a href=\"https:\/\/iwell-guard.com\/is\/?page_id=168963\">Teshubs<\/a>. Volkert Haas hefur \u00ed <em>Geschichte der hethitischen Religion<\/em> (1994) r\u00e6tt \u00feessa or\u00f0sifjafr\u00e6\u00f0i sem l\u00edklegasta; hlutinn <em>ulli-<\/em> er tengdur vi\u00f0 &#8216;ey\u00f0a&#8217;, <em>-kummi<\/em> talinn sta\u00f0arnafn.<\/p><p>\u00cd fleygr\u00fanatextum kemur nafni\u00f0 fram sem <em>Ul-li-kum-mi<\/em>; \u00e1 hett\u00edsku eru \u00fdmsar m\u00e1lfr\u00e6\u00f0ilegar endingar sta\u00f0festar. \u00d6nnur t\u00falkun s\u00e9r \u00ed nafninu almenna merkingu &#8216;s\u00e1 sem \u00e1 a\u00f0 ey\u00f0ast&#8217; e\u00f0a &#8216;s\u00e1 h\u00e1vaxni&#8217;; h\u00fan er \u00fe\u00f3 s\u00ed\u00f0ur sta\u00f0fest.<\/p><p>Nafni\u00f0 segir \u00feannig fyrirfram hva\u00f0 j\u00f6tuninn \u00e1tti a\u00f0 gera: ey\u00f0a b\u00fasta\u00f0 Teshubs og \u00fear me\u00f0 gu\u00f0legri skipan. \u00cd <span class=\"iwg-fachbegriff\" data-tooltip=\"Var\u00f0veitt fr\u00e1s\u00f6gn um gu\u00f0i, uppruna og skipan heimsins.\" tabindex=\"0\">go\u00f0s\u00f6gunni<\/span> uppfyllir hann \u00feetta hlutverk n\u00e6rri.<\/p><p>\u00deessi a\u00f0fer\u00f0, a\u00f0 gefa fr\u00e1sagnarpers\u00f3nu &#8216;talandi&#8217; nafn, er algeng \u00ed fornaustr\u00e6num sagnaarfi; h\u00fan telst til a\u00f0fer\u00f0a go\u00f0s\u00f6gulegrar pers\u00f3nusk\u00f6punar. Volkert Haas hefur r\u00e6tt svipu\u00f0 tilvik hj\u00e1 \u00f6\u00f0rum \u00f3rei\u00f0uverum eins og Hedammu og silfurverunni.<\/p><p>\u00c1 h\u00eder\u00f3gl\u00fdfu-l\u00fav\u00edsku er nafni\u00f0 ekki me\u00f0 vissu sta\u00f0fest, sem undirstrikar hina hreint h\u00farr\u00edsku st\u00f6\u00f0u pers\u00f3nunnar. Einnig \u00ed \u00farart\u00edsku, \u00fear sem m\u00f6rg h\u00farr\u00edsk gu\u00f0an\u00f6fn lifa \u00e1fram, er Ullikummi ekki a\u00f0 finna, hann er fr\u00e1sagnarpers\u00f3na Kumarbi-hringr\u00e1sarins, ekki lifandi d\u00fdrkunar.<\/p>\t\t\t\t\t\t\t\t<\/div>\n\t\t\t\t<\/div>\n\t\t\t\t\t<\/div>\n\t\t\t\t<\/div>\n\t\t<div class=\"elementor-element elementor-element-iwgw-ullikummi-s2 e-flex e-con-boxed e-con e-parent\" data-id=\"iwgw-ullikummi-s2\" data-element_type=\"container\" data-e-type=\"container\">\n\t\t\t\t\t<div class=\"e-con-inner\">\n\t\t\t\t<div class=\"elementor-element elementor-element-iwgw-ullikummi-s2h elementor-widget elementor-widget-heading\" data-id=\"iwgw-ullikummi-s2h\" data-element_type=\"widget\" data-e-type=\"widget\" data-widget_type=\"heading.default\">\n\t\t\t\t\t<h2 class=\"elementor-heading-title elementor-size-default\">L\u00fdsing og myndm\u00e1l<\/h2>\t\t\t\t<\/div>\n\t\t<div class=\"elementor-element elementor-element-iwgw-ullikummi-s2c e-con-full e-flex e-con e-child\" data-id=\"iwgw-ullikummi-s2c\" data-element_type=\"container\" data-e-type=\"container\">\n\t\t\t\t<div class=\"elementor-element elementor-element-iwgw-ullikummi-s2t elementor-widget elementor-widget-text-editor\" data-id=\"iwgw-ullikummi-s2t\" data-element_type=\"widget\" data-e-type=\"widget\" data-widget_type=\"text-editor.default\">\n\t\t\t\t\t\t\t\t\t<p>Ullikummi er ger\u00f0ur \u00far d\u00ed\u00f3r\u00edt, mj\u00f6g h\u00f6r\u00f0um d\u00f6kkum steini. Hann er blindur og heyrnarlaus fr\u00e1 f\u00e6\u00f0ingu; hvorki gu\u00f0ir n\u00e9 menn geta n\u00e1\u00f0 sambandi vi\u00f0 hann.<\/p><p>Hann vex st\u00f6\u00f0ugt: &#8216;Eins og h\u00e1vaxi\u00f0 tr\u00e9, eins og str\u00e1, \u00f3x hann s\u00edfellt hra\u00f0ar.&#8217; \u00cd upphafi stendur hann \u00ed hafinu, \u00fear til axlir hans gn\u00e6fa upp \u00far bylgjunum, svo vex hann \u00e1fram \u00fear til hann n\u00e6r himintoppnum.<\/p><p>Myndfr\u00e6\u00f0ilega er Ullikummi ekki au\u00f0greinanlegur; m\u00f6gulegar myndir \u00e1 s\u00ed\u00f0hett\u00edskum l\u00e1gmyndum eru umdeildar. \u00cd n\u00fat\u00edma hett\u00edtafr\u00e6\u00f0i er hann oft s\u00fdndur hugmyndalega sem &#8216;steins\u00fala&#8217;. S\u00e6ti hans er h\u00e6gri \u00f6xl frumj\u00f6tunsins Upelluri, atlasveru sem tekur ekki eftir \u00fev\u00ed a\u00f0 \u00e1 \u00f6xl hennar vex j\u00f6tunn.<\/p><p>\u00deessi hugmynd um sofandi Atlas-j\u00f6tunn, \u00e1 \u00f6xl hans gerast kosm\u00edskir atbur\u00f0ir, er ein af \u00f3venjulegustu <span class=\"iwg-fachbegriff\" data-tooltip=\"Hugmynd um uppbyggingu og skipan heimsins innan tiltekinnar menningar.\" tabindex=\"0\">heimsmyndar<\/span>-myndum fornaustr\u00e6nnar <span class=\"iwg-fachbegriff\" data-tooltip=\"Heild var\u00f0veittra go\u00f0asagna \u00ed tiltekinni menningu.\" tabindex=\"0\">go\u00f0afr\u00e6\u00f0i<\/span> og var r\u00e6dd af Mary Bachvarova sem m\u00f6gulegur fyrirrennari gr\u00edskrar Atlas-hugmyndar.<\/p><p>Einnig hugmyndin um Upelluri sem frumj\u00f6tun me\u00f0 heima \u00e1 \u00f6xlinni minnir \u00e1 s\u00ed\u00f0ari go\u00f0afr\u00e6\u00f0ilegar myndir af heimsbera \u00ed nokkrum menningarheimum vi\u00f0 Mi\u00f0jar\u00f0arhaf.<\/p>\t\t\t\t\t\t\t\t<\/div>\n\t\t\t\t<\/div>\n\t\t\t\t\t<\/div>\n\t\t\t\t<\/div>\n\t\t<div class=\"elementor-element elementor-element-iwgw-ullikummi-s3 e-flex e-con-boxed e-con e-parent\" data-id=\"iwgw-ullikummi-s3\" data-element_type=\"container\" data-e-type=\"container\">\n\t\t\t\t\t<div class=\"e-con-inner\">\n\t\t\t\t<div class=\"elementor-element elementor-element-iwgw-ullikummi-s3h elementor-widget elementor-widget-heading\" data-id=\"iwgw-ullikummi-s3h\" data-element_type=\"widget\" data-e-type=\"widget\" data-widget_type=\"heading.default\">\n\t\t\t\t\t<h2 class=\"elementor-heading-title elementor-size-default\">Go\u00f0sagnakenndar fr\u00e1sagnir<\/h2>\t\t\t\t<\/div>\n\t\t<div class=\"elementor-element elementor-element-iwgw-ullikummi-s3c e-con-full e-flex e-con e-child\" data-id=\"iwgw-ullikummi-s3c\" data-element_type=\"container\" data-e-type=\"container\">\n\t\t\t\t<div class=\"elementor-element elementor-element-iwgw-ullikummi-s3t elementor-widget elementor-widget-text-editor\" data-id=\"iwgw-ullikummi-s3t\" data-element_type=\"widget\" data-e-type=\"widget\" data-widget_type=\"text-editor.default\">\n\t\t\t\t\t\t\t\t\t<p>\u201eLj\u00f3\u00f0 Ullikummi\u201c (CTH 345) er var\u00f0veitt \u00e1 \u00feremur spj\u00f6ldum og m\u00e1 endurgera \u00fea\u00f0 vel. Framvindan er \u00feessi: <a href=\"https:\/\/iwell-guard.com\/is\/?page_id=168962\">Kumarbi<\/a> leitar s\u00e9r a\u00f0 hefnanda gegn syni s\u00ednum <a href=\"https:\/\/iwell-guard.com\/is\/?page_id=168963\">Teshub<\/a>. Hann fer til kletts \u00ed hafinu sem hefur \u00ed s\u00e9r kvenkyns <span class=\"iwg-fachbegriff\" data-tooltip=\"L\u00edkamslaus vera sem talin er hafa \u00e1hrif \u00e1 heiminn.\" tabindex=\"0\">anda<\/span>.<\/p><p>\u00dar sambandi \u00feeirra f\u00e6\u00f0ist Ullikummi. Kumarbi gefur honum nafn me\u00f0 \u00e1forma\u00f0ri merkingu og felur hann Ir\u0161irra-gy\u00f0junum, sem setja hann \u00e1 \u00f6xl Upelluris.<\/p><p><a href=\"https:\/\/iwell-guard.com\/is\/?page_id=168960\">S\u00f3largy\u00f0jan<\/a> Ullikummi vex st\u00f6\u00f0ugt. S\u00f3largy\u00f0jan finnur hann fyrst og tilkynnir \u00fea\u00f0 <a href=\"https:\/\/iwell-guard.com\/is\/?page_id=168963\">Teshub<\/a>, sem kl\u00edfur skelka\u00f0ur fjalli\u00f0 Hazzi (Mons Casius n\u00e1l\u00e6gt Ant\u00edokk\u00edu) og s\u00e9r \u00f3freskjuna.<\/p><p>Systir Teshubs, \u0160au\u0161ga, reynir a\u00f0 t\u00f6fra Ullikummi me\u00f0 t\u00f3nlist og dansi, en blind-heyrnarlaust e\u00f0li hans l\u00e6tur hann \u00f3snortinn. Fyrsta \u00e1r\u00e1s gu\u00f0anna mistekst einnig; Ullikummi h\u00f3tar a\u00f0 taka helgid\u00f3m Teshubs \u00ed Kummiya.<\/p><p>A\u00f0 lokum heims\u00e6kir Teshub hinn vitra gu\u00f0 Ea (\u00e1 hurr\u00edsku \u1e2aa\u0161ammilu) \u00ed undirheimum. Ea s\u00e6kir hina fornu s\u00f6g \u00far for\u00f0ab\u00farinu, sem eitt sinn skildi himin og j\u00f6r\u00f0 a\u00f0, og sker me\u00f0 henni Ullikummi fr\u00e1 stalli s\u00ednum \u00e1 \u00f6xl Upelluris.<\/p><p>M\u00e1ttlaus er Ullikummi \u00fe\u00e1 lag\u00f0ur a\u00f0 velli \u00ed bardaga vi\u00f0 Teshub, en lok textans eru brotakennd. Meginatri\u00f0i gu\u00f0fr\u00e6\u00f0ilegs e\u00f0lis er \u00feetta: \u00fea\u00f0 er ekki hr\u00e1r kraftur Teshubs eins og s\u00e9r, heldur \u00feekking Ea \u00e1 hinum kosm\u00edsku verkf\u00e6rum sem r\u00e6\u00f0ur \u00farslitum bardagans.<\/p><p>Sj\u00e1lfst\u00e6\u00f0ur kafli l\u00fdsir fundi gu\u00f0anna \u00e1 fjallinu Hazzi, \u00fear sem \u00feeir r\u00e1\u00f0gast um h\u00e6ttuna. \u00deessi gu\u00f0afundur er eitt \u00e1hrifamesta atri\u00f0i\u00f0 \u00ed hurr\u00edskri <span class=\"iwg-fachbegriff\" data-tooltip=\"Heild var\u00f0veittra gu\u00f0asagna einnar menningar.\" tabindex=\"0\">go\u00f0afr\u00e6\u00f0i<\/span> og myndar \u00e1 sama t\u00edma fr\u00e1sagnarlegan kjarna lj\u00f3\u00f0sins.<\/p><p>Hazzi er samsvarandi fjallinu Mons Casius (n\u00fa Cebel Akra \u00ed Tyrklandi og S\u00fdrlandi), heil\u00f6gu fjalli sem kemur einnig fram \u00ed \u00fagar\u00edt\u00edskum Baal-<span class=\"iwg-fachbegriff\" data-tooltip=\"Var\u00f0veitt fr\u00e1s\u00f6gn um gu\u00f0i, uppruna og skipan heimsins.\" tabindex=\"0\">go\u00f0s\u00f6gn<\/span> sem b\u00faseta Baals.<\/p>\t\t\t\t\t\t\t\t<\/div>\n\t\t\t\t<\/div>\n\t\t\t\t\t<\/div>\n\t\t\t\t<\/div>\n\t\t<div class=\"elementor-element elementor-element-iwgw-ullikummi-s4 e-flex e-con-boxed e-con e-parent\" data-id=\"iwgw-ullikummi-s4\" data-element_type=\"container\" data-e-type=\"container\">\n\t\t\t\t\t<div class=\"e-con-inner\">\n\t\t\t\t<div class=\"elementor-element elementor-element-iwgw-ullikummi-s4h elementor-widget elementor-widget-heading\" data-id=\"iwgw-ullikummi-s4h\" data-element_type=\"widget\" data-e-type=\"widget\" data-widget_type=\"heading.default\">\n\t\t\t\t\t<h2 class=\"elementor-heading-title elementor-size-default\">D\u00fdrkun og tilbei\u00f0sla<\/h2>\t\t\t\t<\/div>\n\t\t<div class=\"elementor-element elementor-element-iwgw-ullikummi-s4c e-con-full e-flex e-con e-child\" data-id=\"iwgw-ullikummi-s4c\" data-element_type=\"container\" data-e-type=\"container\">\n\t\t\t\t<div class=\"elementor-element elementor-element-iwgw-ullikummi-s4t elementor-widget elementor-widget-text-editor\" data-id=\"iwgw-ullikummi-s4t\" data-element_type=\"widget\" data-e-type=\"widget\" data-widget_type=\"text-editor.default\">\n\t\t\t\t\t\t\t\t\t<p>Ullikummi var ekki vi\u00f0takandi neinnar d\u00fdrkunar; sem \u00f3rei\u00f0uvera var hann ekki tigna\u00f0ur, heldur <span class=\"iwg-fachbegriff\" data-tooltip=\"Sem tilheyrir f\u00f6stu, tr\u00faarlegu athafnaferli.\" tabindex=\"0\">helgisi\u00f0abundi\u00f0<\/span> v\u00edgtur e\u00f0a kalla\u00f0ur fram sem neikv\u00e6\u00f0 andst\u00e6\u00f0a. \u00cd nokkrum verndarrit\u00fa\u00f6lum kemur hann fram sem d\u00e6migert tilvik um kosm\u00edska h\u00e6ttu sem ver\u00f0ur a\u00f0 afst\u00fdra me\u00f0 gu\u00f0legri \u00edhlutun.<\/p><p><span class=\"iwg-fachbegriff\" data-tooltip=\"Var\u00f0veitt fr\u00e1s\u00f6gn um gu\u00f0i, uppruna og skipan heimsins.\" tabindex=\"0\">Go\u00f0s\u00f6gn<\/span> hans var \u00fe\u00f3 lesin upp vi\u00f0 hir\u00f0ard\u00fdrkunina; \u201eLj\u00f3\u00f0 Ullikummi\u201c tilheyr\u00f0i a\u00f0 \u00f6llum l\u00edkindum efnisskr\u00e1 hurr\u00edsku s\u00f6ngvaranna (<em>kaluti<\/em>), sem f\u00f3ru me\u00f0 go\u00f0akv\u00e6\u00f0in \u00e1 st\u00f3rum h\u00e1t\u00ed\u00f0um. Joost Hazenbos hefur \u00ed <em>The Organization of the Anatolian Local Cults<\/em> (2003) rannsaka\u00f0 prestlega skipulagningu \u00feessara upplestra.<\/p><p>Tr\u00faars\u00f6gulegt hlutverk <span class=\"iwg-fachbegriff\" data-tooltip=\"Var\u00f0veitt fr\u00e1s\u00f6gn um gu\u00f0i, uppruna og skipan heimsins.\" tabindex=\"0\">go\u00f0s\u00f6gunnar<\/span> er a\u00f0 sta\u00f0festa gu\u00f0lega skipan gegn \u00f3rei\u00f0unni. Me\u00f0 \u00fev\u00ed a\u00f0 <span class=\"iwg-fachbegriff\" data-tooltip=\"Var\u00f0veitt fr\u00e1s\u00f6gn um gu\u00f0i, uppruna og skipan heimsins.\" tabindex=\"0\">go\u00f0s\u00f6gnin<\/span> var lesin upp, var \u00f3sigur \u00f3rei\u00f0uverunnar endurskapa\u00f0ur \u00ed helgisi\u00f0um og \u00fear me\u00f0 styrkt kosm\u00edskt jafnv\u00e6gi.<\/p><p>\u00deetta hlutverk \u201ehelgisi\u00f0abundinnar endurtekningar \u00e1 go\u00f0s\u00f6gulegum \u00f3sigrum \u00f3rei\u00f0unnar\u201c tilheyrir grunnbyggingu fornaustur-tr\u00faarbrag\u00f0a og finnst einnig \u00ed akkad\u00edska Enuma Elish-upplestrinum \u00e1 n\u00fd\u00e1rsh\u00e1t\u00ed\u00f0inni, sem og \u00ed \u00fagar\u00edt\u00edska Baal-hringnum.<\/p><p>Helgisi\u00f0ahlutverk go\u00f0sagnaupplestursins vi\u00f0 hir\u00f0ina er vel skjalfest: \u00ed h\u00e1t\u00ed\u00f0arskr\u00e1 kemur lj\u00f3\u00f0aefnisskr\u00e1 hurr\u00edsku s\u00f6ngvaranna fram sem fastur li\u00f0ur st\u00f3rra r\u00edkish\u00e1t\u00ed\u00f0a. \u00deessi s\u00f6ngvat\u00ed\u00f0 tilheyrir menningararfleif\u00f0 s\u00ed\u00f0bronsaldar og er eitt af mikilv\u00e6gustu vitnisbur\u00f0um um b\u00f3kmenntamenningu hurr\u00edska Anat\u00f3l\u00edu.<\/p>\t\t\t\t\t\t\t\t<\/div>\n\t\t\t\t<\/div>\n\t\t\t\t\t<\/div>\n\t\t\t\t<\/div>\n\t\t<div class=\"elementor-element elementor-element-iwgw-ullikummi-s5 e-flex e-con-boxed e-con e-parent\" data-id=\"iwgw-ullikummi-s5\" data-element_type=\"container\" data-e-type=\"container\">\n\t\t\t\t\t<div class=\"e-con-inner\">\n\t\t\t\t<div class=\"elementor-element elementor-element-iwgw-ullikummi-s5h elementor-widget elementor-widget-heading\" data-id=\"iwgw-ullikummi-s5h\" data-element_type=\"widget\" data-e-type=\"widget\" data-widget_type=\"heading.default\">\n\t\t\t\t\t<h2 class=\"elementor-heading-title elementor-size-default\">Verndara\u00f0ger\u00f0ir og fr\u00e1hrindandi t\u00e1kn<\/h2>\t\t\t\t<\/div>\n\t\t<div class=\"elementor-element elementor-element-iwgw-ullikummi-s5c e-con-full e-flex e-con e-child\" data-id=\"iwgw-ullikummi-s5c\" data-element_type=\"container\" data-e-type=\"container\">\n\t\t\t\t<div class=\"elementor-element elementor-element-iwgw-ullikummi-s5t elementor-widget elementor-widget-text-editor\" data-id=\"iwgw-ullikummi-s5t\" data-element_type=\"widget\" data-e-type=\"widget\" data-widget_type=\"text-editor.default\">\n\t\t\t\t\t\t\t\t\t<p>\u00cd h\u00farr\u00edsk-hett\u00edskum t\u00f6frarit\u00fa\u00f6lum birtist Ullikummi sem neikv\u00e6\u00f0 pers\u00f3na, en \u00f3sigur hans er endurtekinn <span class=\"iwg-fachbegriff\" data-tooltip=\"Sem tilheyrir f\u00f6stu, tr\u00faarlegu athafnaferli.\" tabindex=\"0\">helgisi\u00f0alega<\/span>. Volkert Haas gaf \u00fat samsvarandi texta \u00ed <em>Materia Magica et Medica Hethitica<\/em> (2003).<\/p><p>Vi\u00f0 veikindum, deilum e\u00f0a heimsslysum (svo sem jar\u00f0skj\u00e1lftum) var sk\u00f6punars\u00f6gin t\u00e1knr\u00e6nt notu\u00f0 gegn ringulrei\u00f0inni; prestur t\u00f3k litla s\u00f6g \u00ed h\u00f6nd s\u00edna og &#8216;saga\u00f0i&#8217; veikindin e\u00f0a deiluna fr\u00e1 sj\u00faklingnum.<\/p><p><span class=\"iwg-fachbegriff\" data-tooltip=\"Illvarnandi: um t\u00e1kn og hluti sem eiga a\u00f0 halda ska\u00f0legum \u00e1hrifum \u00ed fjarl\u00e6g\u00f0.\" tabindex=\"0\">Verndandi<\/span> voru d\u00ed\u00f3r\u00edtstykki stundum borin sem verndargripir, \u00fe\u00f3 me\u00f0 tilv\u00edsun til annarra gu\u00f0a, ekki beint til Ullikummi. \u00deessi i\u00f0kun er s\u00f6gulega uppl\u00fdsandi \u00fev\u00ed h\u00fan s\u00fdnir hvernig ringulrei\u00f0arverum m\u00e1 sn\u00faa vi\u00f0 <span class=\"iwg-fachbegriff\" data-tooltip=\"Sem tilheyrir f\u00f6stu, tr\u00faarlegu athafnaferli.\" tabindex=\"0\">helgisi\u00f0alega<\/span>: \u00dea\u00f0 sem var \u00f3gn \u00ed <span class=\"iwg-fachbegriff\" data-tooltip=\"Hef\u00f0bundin fr\u00e1s\u00f6gn um gu\u00f0i, uppruna og skipan heimsins.\" tabindex=\"0\">go\u00f0s\u00f6gninni<\/span> ver\u00f0ur a\u00f0 verndarau\u00f0lind \u00ed <span class=\"iwg-fachbegriff\" data-tooltip=\"Skipul\u00f6g\u00f0 r\u00f6\u00f0 t\u00e1knr\u00e6nna athafna me\u00f0 tr\u00faarlega e\u00f0a menningarlega merkingu.\" tabindex=\"0\">helgisi\u00f0num<\/span>. \u00deessi umsn\u00faningur er \u00feekkt fyrirb\u00e6ri \u00ed fornaustr\u00e6nni <span class=\"iwg-fachbegriff\" data-tooltip=\"I\u00f0kanir sem reyna a\u00f0 hafa \u00e1hrif \u00e1 framvindu m\u00e1la me\u00f0 s\u00e9rst\u00f6kum ath\u00f6fnum e\u00f0a form\u00falum.\" tabindex=\"0\">t\u00f6frafr\u00e6\u00f0i<\/span>.<\/p><p>Fr\u00e1 sj\u00f3narh\u00f3li iWell Guard er Ullikummi fyrst og fremst tr\u00faars\u00f6gulegt d\u00e6mi um \u00f3sigur ringulrei\u00f0ar fyrir tilstilli gu\u00f0legrar \u00feekkingar (sagar Eu).<\/p><p>Hann tilheyrir ekki r\u00f6\u00f0 einstakra verndarvi\u00f0fanga og er ekki vi\u00f0fang n\u00fat\u00edma <span class=\"iwg-fachbegriff\" data-tooltip=\"Hin lifa\u00f0a tr\u00faarlega afsta\u00f0a og i\u00f0kun einstaklings.\" tabindex=\"0\">gu\u00f0r\u00e6kni<\/span>. Merking hans takmarkast vi\u00f0 <span class=\"iwg-fachbegriff\" data-tooltip=\"Hef\u00f0bundin fr\u00e1s\u00f6gn um gu\u00f0i, uppruna og skipan heimsins.\" tabindex=\"0\">go\u00f0s\u00f6gnina<\/span> og samanbur\u00f0ar tr\u00faarbrag\u00f0afr\u00e6\u00f0i. \u00d3sigur Ullikummi s\u00fdnir fornaustr\u00e6nt traust \u00e1 \u00fev\u00ed a\u00f0 kosm\u00edsk \u00feekking, mi\u00f0lu\u00f0 af viskugu\u00f0um, geti sigrast \u00e1 hvers kyns efnislegri \u00f3gn.<\/p>\t\t\t\t\t\t\t\t<\/div>\n\t\t\t\t<\/div>\n\t\t\t\t\t<\/div>\n\t\t\t\t<\/div>\n\t\t<div class=\"elementor-element elementor-element-iwgw-ullikummi-s6 e-flex e-con-boxed e-con e-parent\" data-id=\"iwgw-ullikummi-s6\" data-element_type=\"container\" data-e-type=\"container\">\n\t\t\t\t\t<div class=\"e-con-inner\">\n\t\t\t\t<div class=\"elementor-element elementor-element-iwgw-ullikummi-s6h elementor-widget elementor-widget-heading\" data-id=\"iwgw-ullikummi-s6h\" data-element_type=\"widget\" data-e-type=\"widget\" data-widget_type=\"heading.default\">\n\t\t\t\t\t<h2 class=\"elementor-heading-title elementor-size-default\">Hli\u00f0st\u00e6\u00f0ur \u00ed \u00f6\u00f0rum menningarheimum<\/h2>\t\t\t\t<\/div>\n\t\t<div class=\"elementor-element elementor-element-iwgw-ullikummi-s6c e-con-full e-flex e-con e-child\" data-id=\"iwgw-ullikummi-s6c\" data-element_type=\"container\" data-e-type=\"container\">\n\t\t\t\t<div class=\"elementor-element elementor-element-iwgw-ullikummi-s6t elementor-widget elementor-widget-text-editor\" data-id=\"iwgw-ullikummi-s6t\" data-element_type=\"widget\" data-e-type=\"widget\" data-widget_type=\"text-editor.default\">\n\t\t\t\t\t\t\t\t\t<p>Mikilv\u00e6gasta hli\u00f0st\u00e6\u00f0an er gr\u00edski T\u00fdfon, risi sem n\u00e6r til himins og berst vi\u00f0 Seif. Hes\u00edodos (Gu\u00f0a\u00e6ttartal 820, 880) l\u00fdsir honum sem syni Gaiu og Tartarosar me\u00f0 hundra\u00f0 sl\u00f6nguh\u00f6fu\u00f0.<\/p><p>Eins og Ullikummi er T\u00fdfon sigra\u00f0ur af ve\u00f0urgu\u00f0inum. Hans G\u00fcterbock benti \u00feegar 1951 \u00e1 n\u00e1in tengsl \u00feessara tveggja go\u00f0sagna; Walter Burkert ger\u00f0i \u00feau a\u00f0 einu af sta\u00f0alatri\u00f0um um austurlensk \u00e1hrif \u00e1 gr\u00edska <span class=\"iwg-fachbegriff\" data-tooltip=\"Heild \u00feeirra go\u00f0sagna um gu\u00f0i sem var\u00f0veist hafa \u00ed tiltekinni menningu.\" tabindex=\"0\">go\u00f0afr\u00e6\u00f0i<\/span>.<\/p><p>\u00cd hinum vestursem\u00edt\u00edska heimi samsvarar <a href=\"https:\/\/iwell-guard.com\/is\/?page_id=168975\">Yam<\/a>, hafgu\u00f0inn \u00far Baal-hringnum, \u00e1 virknilegan h\u00e1tt Ullikummi-ger\u00f0inni: hann \u00f3gnar einnig hinni gu\u00f0legu skipan og er einnig sigra\u00f0ur af stormgu\u00f0inum. \u00de\u00f3 er Yam sj\u00e1lfur gu\u00f0, \u00e1 me\u00f0an Ullikummi er ekki gu\u00f0leg vera. \u00deessi munur undirstrikar hurr\u00edska hugmyndina um hreint \u00f3rei\u00f0uverkf\u00e6ri sem er ekki innlima\u00f0 \u00ed <span class=\"iwg-fachbegriff\" data-tooltip=\"Heild gu\u00f0a tiltekinnar tr\u00faarbrag\u00f0a e\u00f0a menningar.\" tabindex=\"0\">go\u00f0aheiminn<\/span>.<\/p><p>S\u00f6guleg heyrir Ullikummi til hinnar al\u00fej\u00f3\u00f0legu fj\u00f6lskyldu \u00f3rei\u00f0ubardaga gegn steinrisum, drekum e\u00f0a hafmonstrum. Mary Bachvarova rannsaka\u00f0i \u00ed <em>From Hittite to Homer<\/em> (2016) \u00edtarlega mi\u00f0lunarlei\u00f0irnar til gr\u00edskrar <span class=\"iwg-fachbegriff\" data-tooltip=\"Heild \u00feeirra go\u00f0sagna um gu\u00f0i sem var\u00f0veist hafa \u00ed tiltekinni menningu.\" tabindex=\"0\">go\u00f0afr\u00e6\u00f0i<\/span> og s\u00fdndi a\u00f0 hurr\u00edsku s\u00f6gumennirnir og nor\u00f0urs\u00fdrlensku borgr\u00edkin voru mikilv\u00e6gustu mi\u00f0lararnir. Einnig <a href=\"https:\/\/iwell-guard.com\/is\/?page_id=168967\">Hedammu<\/a> \u00far sama go\u00f0sagnahring telst til fj\u00f6lskyldu \u00f3rei\u00f0uvera.<\/p>\t\t\t\t\t\t\t\t<\/div>\n\t\t\t\t<\/div>\n\t\t\t\t\t<\/div>\n\t\t\t\t<\/div>\n\t\t<div class=\"elementor-element elementor-element-iwgw-ullikummi-s7 e-flex e-con-boxed e-con e-parent\" data-id=\"iwgw-ullikummi-s7\" data-element_type=\"container\" data-e-type=\"container\">\n\t\t\t\t\t<div class=\"e-con-inner\">\n\t\t\t\t<div class=\"elementor-element elementor-element-iwgw-ullikummi-s7h elementor-widget elementor-widget-heading\" data-id=\"iwgw-ullikummi-s7h\" data-element_type=\"widget\" data-e-type=\"widget\" data-widget_type=\"heading.default\">\n\t\t\t\t\t<h2 class=\"elementor-heading-title elementor-size-default\">N\u00fat\u00edmavi\u00f0t\u00f6kur og ranns\u00f3knir<\/h2>\t\t\t\t<\/div>\n\t\t<div class=\"elementor-element elementor-element-iwgw-ullikummi-s7c e-con-full e-flex e-con e-child\" data-id=\"iwgw-ullikummi-s7c\" data-element_type=\"container\" data-e-type=\"container\">\n\t\t\t\t<div class=\"elementor-element elementor-element-iwgw-ullikummi-s7t elementor-widget elementor-widget-text-editor\" data-id=\"iwgw-ullikummi-s7t\" data-element_type=\"widget\" data-e-type=\"widget\" data-widget_type=\"text-editor.default\">\n\t\t\t\t\t\t\t\t\t<p>&#8216;Lj\u00f3\u00f0i\u00f0 um Ullikummi&#8217; var gefi\u00f0 \u00fat af Hans G\u00fcterbock 1951\/1952 og hefur s\u00ed\u00f0an veri\u00f0 sta\u00f0alefni \u00ed hett\u00edtskri <span class=\"iwg-fachbegriff\" data-tooltip=\"Heild \u00feeirra go\u00f0sagna um gu\u00f0i sem var\u00f0veist hafa \u00ed tiltekinni menningu.\" tabindex=\"0\">go\u00f0afr\u00e6\u00f0i<\/span>. Mikilv\u00e6g n\u00fdrri framl\u00f6g liggja fyrir fr\u00e1 Beckman, Hoffner, Haas og Bachvarova. Ranns\u00f3kn Bachvarovu er s\u00e9rstaklega mikilv\u00e6g fyrir gr\u00edsku hli\u00f0st\u00e6\u00f0urnar.<\/p><p>\u00cd almennri umfj\u00f6llun er Ullikummi l\u00edtt kunnur, \u00f3l\u00edkt T\u00fdfon sem kemur fyrir st\u00f6ku sinnum \u00ed n\u00fat\u00edma fantas\u00edusk\u00e1lds\u00f6gum. \u00cd tyrkneskri menningu er hann \u00f6\u00f0ru hverju nefndur \u00ed sta\u00f0bundnu samhengi vi\u00f0 Yaz\u0131l\u0131kaya og Mons Casius (n\u00fa Cebel Akra \u00ed Tyrklandi og S\u00fdrlandi). Andlega endurvakning \u00ed n\u00fdhei\u00f0num skilningi er ekki fyrir hendi.<\/p><p>Fr\u00e6\u00f0ilega telst Ullikummi \u00ed dag mikilv\u00e6gt ranns\u00f3knarefni fyrir fornaustr\u00e6nan \u00f3rei\u00f0u-<span class=\"iwg-fachbegriff\" data-tooltip=\"Fr\u00e6\u00f0ileg umfj\u00f6llun um gu\u00f0 og tr\u00fa innan tr\u00faarbrag\u00f0a.\" tabindex=\"0\">gu\u00f0fr\u00e6\u00f0i<\/span> og fyrir yfirf\u00e6rslu gu\u00f0a\u00e6ttartalna. N\u00faverandi ranns\u00f3knar\u00e1herslur liggja \u00e1 textagagnr\u00fdnni vinnu me\u00f0 t\u00f6flurnar, \u00e1 samanbur\u00f0i vi\u00f0 T\u00fdfon og T\u00edamat og \u00e1 spurningunni um hvernig <span class=\"iwg-fachbegriff\" data-tooltip=\"Var\u00f0veitt fr\u00e1s\u00f6gn um gu\u00f0i, upphaf og skipan heimsins.\" tabindex=\"0\">go\u00f0s\u00f6gnin<\/span> var \u00ed raun kve\u00f0in \u00ed r\u00edkiskulti. iWell Guard skr\u00e1ir hann sem tr\u00faars\u00f6gulegt d\u00e6mi \u00e1n hagn\u00fdtrar verndartengingar.<\/p><p>N\u00fdlegar ranns\u00f3knir Stefano de Martino og Michel Mazoyer kanna auk \u00feess tengslin milli Ullikummi og hins s\u00ed\u00f0ari n\u00fdhett\u00edtska hugtaks um &#8216;hi\u00f0 kosm\u00edska fjall&#8217;, sem kemur fram \u00ed h\u00eder\u00f3gl\u00fdfu-l\u00fav\u00edsku \u00e1letrunum fr\u00e1 Mara\u015f og Karkami\u0161.<\/p><p>Spurningin um hvort Ullikummi-arfleif\u00f0in lif\u00f0i \u00e1fram \u00ed einhverri mynd eftir fall hett\u00edtska r\u00edkisins hefur \u00e1 s\u00ed\u00f0ustu \u00e1rum veri\u00f0 tekin upp \u00e1 n\u00fd.<\/p>\t\t\t\t\t\t\t\t<\/div>\n\t\t\t\t<\/div>\n\t\t\t\t\t<\/div>\n\t\t\t\t<\/div>\n\t\t<div class=\"elementor-element elementor-element-iwgw-ullikummi-s8 e-flex e-con-boxed e-con e-parent\" data-id=\"iwgw-ullikummi-s8\" data-element_type=\"container\" data-e-type=\"container\">\n\t\t\t\t\t<div class=\"e-con-inner\">\n\t\t\t\t<div class=\"elementor-element elementor-element-iwgw-ullikummi-s8h elementor-widget elementor-widget-heading\" data-id=\"iwgw-ullikummi-s8h\" data-element_type=\"widget\" data-e-type=\"widget\" data-widget_type=\"heading.default\">\n\t\t\t\t\t<h2 class=\"elementor-heading-title elementor-size-default\">Heimildir og b\u00f3kmenntir<\/h2>\t\t\t\t<\/div>\n\t\t<div class=\"elementor-element elementor-element-iwgw-ullikummi-s8c e-con-full e-flex e-con e-child\" data-id=\"iwgw-ullikummi-s8c\" data-element_type=\"container\" data-e-type=\"container\">\n\t\t\t\t<div class=\"elementor-element elementor-element-iwgw-ullikummi-s8t elementor-widget elementor-widget-text-editor\" data-id=\"iwgw-ullikummi-s8t\" data-element_type=\"widget\" data-e-type=\"widget\" data-widget_type=\"text-editor.default\">\n\t\t\t\t\t\t\t\t\t<p>Mikilv\u00e6g sta\u00f0alrit um Ullikummi-ranns\u00f3knir eru tekin saman \u00ed eftirfarandi \u00farvali; \u00feau n\u00e1 yfir \u00fatg\u00e1fur, \u00fe\u00fd\u00f0ingar og s\u00f6guleg yfirlit. \u00datg\u00e1fa G\u00fcterbocks er \u00e1fram hinn textafr\u00e6\u00f0ilegi vi\u00f0mi\u00f0unarpunktur, \u00fe\u00fd\u00f0ing Beckmans gerir textann a\u00f0gengilegan \u00e1 ensku, samantekt Bachvarovu veitir n\u00fdjustu samanbur\u00f0ars\u00fdnina. Volkert Haas hefur \u00ed m\u00f6rgum ranns\u00f3knum l\u00fdst hinni helgisi\u00f0as\u00f6gulegu innr\u00f6mmun, Walter Burkert \u00fer\u00f3a\u00f0i tr\u00faarsamanbur\u00f0arsj\u00f3narhorni\u00f0.<\/p>\t\t\t\t\t\t\t\t<\/div>\n\t\t\t\t<\/div>\n\t\t\t\t\t<\/div>\n\t\t\t\t<\/div>\n\t\t<div class=\"elementor-element elementor-element-cp2364f09b e-flex e-con-boxed e-con e-parent\" data-id=\"cp2364f09b\" data-element_type=\"container\" data-e-type=\"container\">\n\t\t\t\t\t<div class=\"e-con-inner\">\n\t\t\t\t<div class=\"elementor-element elementor-element-cp21bba06d elementor-widget elementor-widget-heading\" data-id=\"cp21bba06d\" data-element_type=\"widget\" data-e-type=\"widget\" data-widget_type=\"heading.default\">\n\t\t\t\t\t<h2 class=\"elementor-heading-title elementor-size-default\">Lj\u00f3\u00f0i\u00f0 um Ullikummi: Uppbygging og var\u00f0veisla \u00e1 leirt\u00f6flum<\/h2>\t\t\t\t<\/div>\n\t\t<div class=\"elementor-element elementor-element-cp29cc2699 e-flex e-con-boxed e-con e-child\" data-id=\"cp29cc2699\" data-element_type=\"container\" data-e-type=\"container\">\n\t\t\t\t\t<div class=\"e-con-inner\">\n\t\t\t\t<div class=\"elementor-element elementor-element-cp22c337aa elementor-widget elementor-widget-text-editor\" data-id=\"cp22c337aa\" data-element_type=\"widget\" data-e-type=\"widget\" data-widget_type=\"text-editor.default\">\n\t\t\t\t\t\t\t\t\t<p>Ullikummi er ekki kunnur \u00far samfelldri go\u00f0sagnaarfleif\u00f0, heldur er hann \u00feekktur n\u00e6r eing\u00f6ngu \u00far einu b\u00f3kmenntaverki, hinu svokalla\u00f0a <em>Lj\u00f3\u00f0i um Ullikummi<\/em>. Textinn var skrifa\u00f0ur \u00e1 hett\u00edtsku \u00e1 leirt\u00f6flur sem fundust \u00ed h\u00f6fu\u00f0borginni Hattu\u0161a, hinni n\u00faverandi Bo\u011fazkale \u00ed Mi\u00f0-Anat\u00f3l\u00edu.<\/p><p>T\u00f6flurnar eru hluti af \u00feeim fundum sem \u00fe\u00fdski uppgr\u00f6fturinn undir stj\u00f3rn Hugo Wincklers safna\u00f0i fr\u00e1 1906 og sem s\u00ed\u00f0ar voru gefnar \u00fat \u00ed Keilschrifturkunden aus Boghazk\u00f6i og Keilschrifttexte aus Boghazk\u00f6i. Hans Gustav G\u00fcterbock lag\u00f0i fram hina vi\u00f0urkenndu fyrstu \u00fatg\u00e1fu me\u00f0 \u00fe\u00fd\u00f0ingu 1951 og 1952.<\/p><p>Verki\u00f0 er hluti af hinum svokalla\u00f0a Kumarbi-hring, h\u00f3pi fr\u00e1sagna um gu\u00f0inn Kumarbi og bar\u00e1ttu hans um konungd\u00f3m \u00e1 himnum.<\/p><p>Hett\u00edtski textinn telst \u00fe\u00fd\u00f0ing e\u00f0a \u00farvinnsla \u00e1 hurr\u00edskri fyrirmynd; einstakar t\u00f6flur bera athugasemdir sem v\u00edsa til hins hurr\u00edska baksvi\u00f0s. \u00derj\u00e1r t\u00f6flur eru var\u00f0veittar, engin \u00feeirra heil, svo a\u00f0 endir fr\u00e1s\u00f6gunnar er a\u00f0eins a\u00f0 hluta til endurgerlegur.<\/p><p>Efnislega skiptist lj\u00f3\u00f0i\u00f0 \u00ed getna\u00f0 steinverunnar, hi\u00f0 dulda v\u00f6xt hennar, uppg\u00f6tvun gu\u00f0anna og lokabar\u00e1ttuna. Samsetningin notar or\u00f0r\u00e9ttar endurtekningar, me\u00f0al annars form\u00falukennda l\u00fdsingu \u00e1 vexti Ullikummis, sem eru algengar \u00ed munnlegri og skriflegri <span class=\"iwg-fachbegriff\" data-tooltip=\"Mi\u00f0lun \u00feekkingar og fr\u00e1sagna milli kynsl\u00f3\u00f0a.\" tabindex=\"0\">arfleif\u00f0<\/span> hins forna austurlands.<\/p><p>Fyrir ranns\u00f3knir er textinn tv\u00ed\u00fe\u00e6tt ver\u00f0m\u00e6tur: sem vitnisbur\u00f0ur um hurr\u00edsk-hett\u00edtsk b\u00f3kmenntatengsl og sem hugsanlegur mi\u00f0lari minna sem s\u00ed\u00f0ar koma fram \u00ed gr\u00edskum gu\u00f0a\u00e6ttart\u00f6lum. Ey\u00f0urnar \u00ed t\u00f6flunum eru \u00fe\u00f3 grundvallartakm\u00f6rkun \u00e1 hvers kyns t\u00falkun.<\/p>\t\t\t\t\t\t\t\t<\/div>\n\t\t\t\t\t<\/div>\n\t\t\t\t<\/div>\n\t\t\t\t\t<\/div>\n\t\t\t\t<\/div>\n\t\t<div class=\"elementor-element elementor-element-cp296d698b e-flex e-con-boxed e-con e-parent\" data-id=\"cp296d698b\" data-element_type=\"container\" data-e-type=\"container\">\n\t\t\t\t\t<div class=\"e-con-inner\">\n\t\t\t\t<div class=\"elementor-element elementor-element-cp21e9c4e5 elementor-widget elementor-widget-heading\" data-id=\"cp21e9c4e5\" data-element_type=\"widget\" data-e-type=\"widget\" data-widget_type=\"heading.default\">\n\t\t\t\t\t<h2 class=\"elementor-heading-title elementor-size-default\">D\u00edor\u00edtinn og a\u00f0skilna\u00f0urinn fr\u00e1 stallinum<\/h2>\t\t\t\t<\/div>\n\t\t<div class=\"elementor-element elementor-element-cp28006065 e-flex e-con-boxed e-con e-child\" data-id=\"cp28006065\" data-element_type=\"container\" data-e-type=\"container\">\n\t\t\t\t\t<div class=\"e-con-inner\">\n\t\t\t\t<div class=\"elementor-element elementor-element-cp2e72d9e8 elementor-widget elementor-widget-text-editor\" data-id=\"cp2e72d9e8\" data-element_type=\"widget\" data-e-type=\"widget\" data-widget_type=\"text-editor.default\">\n\t\t\t\t\t\t\t\t\t<p>Eitt sm\u00e1atri\u00f0i \u00ed kv\u00e6\u00f0inu um Ullikummi hefur fengi\u00f0 s\u00e9rstaka athygli: efni\u00f0 sem vera \u00feessi er ger\u00f0 \u00far og hvernig h\u00fan er sigru\u00f0. Kumarbi getur Ullikummi me\u00f0 kletti og barni\u00f0 sem af \u00fev\u00ed hl\u00fdst er blindur og heyrnarlaus risi \u00far steini.<\/p><p>Textinn tilgreinir efni\u00f0 me\u00f0 or\u00f0i sem fr\u00e6\u00f0imenn t\u00falka a\u00f0 mestu leyti sem d\u00ed\u00f3r\u00edt, har\u00f0a og d\u00f6kka bergtegund. \u00deessi efniskennd gerir Ullikummi \u00f3n\u00e6man fyrir venjulegum \u00e1r\u00e1sum gu\u00f0anna.<\/p><p>Til a\u00f0 veran f\u00e1i a\u00f0 vaxa \u00f3s\u00e9\u00f0 er h\u00fan sett \u00e1 h\u00e6gri \u00f6xl bur\u00f0argu\u00f0sins Upelluri, sem l\u00edkist Atlas og sty\u00f0ur heiminn, \u00e1n \u00feess a\u00f0 hann ver\u00f0i nokkurs var.<\/p><p>Ullikummi vex upp \u00far hafinu \u00fear til hann n\u00e6r til himins og ver\u00f0ur bygg\u00f0um gu\u00f0anna h\u00e6ttulegur. Ve\u00f0urgu\u00f0inn, sem \u00ed hitt\u00edsku ger\u00f0inni er samsama\u00f0ur Te\u0161ub, ver\u00f0ur fyrst um sinn undir \u00ed \u00e1t\u00f6kum vi\u00f0 steinrisann.<\/p><p>Lausnina veitir vitri gu\u00f0inn Ea, sem l\u00e6tur leita \u00ed fornum v\u00f6ruskemmum eldri gu\u00f0anna a\u00f0 verkf\u00e6ri. Um er a\u00f0 r\u00e6\u00f0a \u00fe\u00e1 s\u00f6g e\u00f0a skur\u00f0arverkf\u00e6ri sem \u00e1\u00f0ur var nota\u00f0 til a\u00f0 skilja himin og j\u00f6r\u00f0 a\u00f0.<\/p><p>Me\u00f0 \u00feessu verkf\u00e6ri skilur Ea f\u00e6tur Ullikummi fr\u00e1 \u00f6xl Upelluris. Vi\u00f0 \u00feessa a\u00f0skilnun fr\u00e1 stallinum missir veran kraft sinn.<\/p><p>G\u00fcterbock og fj\u00f6lmargir austurlandafr\u00e6\u00f0ingar \u00e1 eftir honum hafa tengt \u00feetta <span class=\"iwg-fachbegriff\" data-tooltip=\"Endurteki\u00f0 innihaldslegt atri\u00f0i \u00ed list e\u00f0a fr\u00e1s\u00f6gn.\" tabindex=\"0\">minni<\/span> vi\u00f0 hugmyndir um kosm\u00f3g\u00f3n\u00edskan a\u00f0skilna\u00f0: verkf\u00e6ri\u00f0 sem skapa\u00f0i heiminn er n\u00fa nota\u00f0 til a\u00f0 afturkalla \u00f3n\u00e1tt\u00farulega h\u00e6ttu. Var\u00f0veitti textinn rofnar sk\u00f6mmu eftir \u00feessi vatnaskil, \u00feannig a\u00f0 lokasigur Te\u0161ub er talinn l\u00edklegur en ekki sta\u00f0festur or\u00f0r\u00e9tt \u00ed heimildum.<\/p>\t\t\t\t\t\t\t\t<\/div>\n\t\t\t\t\t<\/div>\n\t\t\t\t<\/div>\n\t\t\t\t\t<\/div>\n\t\t\t\t<\/div>\n\t\t<div class=\"elementor-element elementor-element-iwgw-ullikummi-lit e-flex e-con-boxed e-con e-parent\" data-id=\"iwgw-ullikummi-lit\" data-element_type=\"container\" data-e-type=\"container\">\n\t\t\t\t\t<div class=\"e-con-inner\">\n\t\t\t\t<div class=\"elementor-element elementor-element-iwgw-ullikummi-lith elementor-widget elementor-widget-heading\" data-id=\"iwgw-ullikummi-lith\" data-element_type=\"widget\" data-e-type=\"widget\" data-widget_type=\"heading.default\">\n\t\t\t\t\t<h2 class=\"elementor-heading-title elementor-size-default\">Heimildir (\u00farval)<\/h2>\t\t\t\t<\/div>\n\t\t<div class=\"elementor-element elementor-element-iwgw-ullikummi-litc e-con-full e-flex e-con e-child\" data-id=\"iwgw-ullikummi-litc\" data-element_type=\"container\" data-e-type=\"container\">\n\t\t\t\t<div class=\"elementor-element elementor-element-iwgw-ullikummi-litt elementor-widget elementor-widget-text-editor\" data-id=\"iwgw-ullikummi-litt\" data-element_type=\"widget\" data-e-type=\"widget\" data-widget_type=\"text-editor.default\">\n\t\t\t\t\t\t\t\t\t<div data-nosnippet=\"true\"><ul><li>Hans G\u00fcterbock: <em>The Song of Ullikummi<\/em> (JCS 5, 6, 1951, 1952)<\/li><li>Gary Beckman: <em>Hittite Myths<\/em> (SBL 1998)<\/li><li>Volkert Haas: <em>Geschichte der hethitischen Religion<\/em> (Leiden 1994)<\/li><li>Mary Bachvarova: <em>From Hittite to Homer<\/em> (Cambridge 2016)<\/li><li>Walter Burkert: <em>Die orientalisierende Epoche<\/em> (Heidelberg 1984)<\/li><li>Volkert Haas: <em>Materia Magica et Medica Hethitica<\/em> (Berlin 2003)<\/li><\/ul><\/div>\t\t\t\t\t\t\t\t<\/div>\n\t\t\t\t<\/div>\n\t\t\t\t\t<\/div>\n\t\t\t\t<\/div>\n\t\t<div class=\"elementor-element elementor-element-iwgkw2-add-ullikummi e-flex e-con-boxed e-con e-parent\" data-id=\"iwgkw2-add-ullikummi\" data-element_type=\"container\" data-e-type=\"container\">\n\t\t\t\t\t<div class=\"e-con-inner\">\n\t\t\t\t<div class=\"elementor-element elementor-element-iwgkw2-add-ullikummi-t elementor-widget elementor-widget-text-editor\" data-id=\"iwgkw2-add-ullikummi-t\" data-element_type=\"widget\" data-e-type=\"widget\" data-widget_type=\"text-editor.default\">\n\t\t\t\t\t\t\t\t\t<p>\u00cd Kumarbi-hringnum, sem er af <em>hurr\u00edskum<\/em> uppruna, kemur Ullikummi fram sem steinrisi og <em>gu\u00f0a\u00e1skorandi<\/em>, sem Kumarbi getur til a\u00f0 ganga \u00e1 m\u00f3ti ve\u00f0urgu\u00f0inum Teschub; hitt\u00edsk t\u00f6fluhef\u00f0 fr\u00e1 Hattusa hefur var\u00f0veitt <span class=\"iwg-fachbegriff\" data-tooltip=\"Var\u00f0veitt fr\u00e1s\u00f6gn um gu\u00f0i, uppruna og skipan heimsins.\" tabindex=\"0\">go\u00f0s\u00f6gnina<\/span>.<\/p>\t\t\t\t\t\t\t\t<\/div>\n\t\t\t\t\t<\/div>\n\t\t\t\t<\/div>\n\t\t<div class=\"elementor-element elementor-element-iwgw-ullikummi-kwd e-flex e-con-boxed e-con e-parent\" data-id=\"iwgw-ullikummi-kwd\" data-element_type=\"container\" data-e-type=\"container\">\n\t\t\t\t\t<div class=\"e-con-inner\">\n\t\t<div class=\"elementor-element elementor-element-iwgw-ullikummi-kwdc e-con-full e-flex e-con e-child\" data-id=\"iwgw-ullikummi-kwdc\" data-element_type=\"container\" data-e-type=\"container\">\n\t\t\t\t<div class=\"elementor-element elementor-element-iwgw-ullikummi-kwdt elementor-widget elementor-widget-text-editor\" data-id=\"iwgw-ullikummi-kwdt\" data-element_type=\"widget\" data-e-type=\"widget\" data-widget_type=\"text-editor.default\">\n\t\t\t\t\t\t\t\t\t<p><em>Tengd leitaror\u00f0: Ullikummi hurr\u00edtar steinrisi d\u00ed\u00f3r\u00edt Upelluri Kummiya kv\u00e6\u00f0i Hazzi.<\/em><\/p>\t\t\t\t\t\t\t\t<\/div>\n\t\t\t\t<\/div>\n\t\t\t\t\t<\/div>\n\t\t\t\t<\/div>\n\t\t<div class=\"elementor-element elementor-element-iwgw-ullikummi-cc e-flex e-con-boxed e-con e-parent\" data-id=\"iwgw-ullikummi-cc\" data-element_type=\"container\" data-e-type=\"container\" id=\"iwg-cc-ullikummi\">\n\t\t\t\t\t<div class=\"e-con-inner\">\n\t\t<div class=\"elementor-element elementor-element-iwgw-ullikummi-ccinner e-flex e-con-boxed e-con e-parent\" data-id=\"iwgw-ullikummi-ccinner\" data-element_type=\"container\" data-e-type=\"container\" data-settings=\"{&quot;background_background&quot;:&quot;classic&quot;}\">\n\t\t\t\t\t<div class=\"e-con-inner\">\n\t\t\t\t<div class=\"elementor-element elementor-element-iwgw-ullikummi-cch elementor-widget elementor-widget-heading\" data-id=\"iwgw-ullikummi-cch\" data-element_type=\"widget\" data-e-type=\"widget\" data-widget_type=\"heading.default\">\n\t\t\t\t\t<h2 class=\"elementor-heading-title elementor-size-default\">iWell Guard og verndarhef\u00f0ir<\/h2>\t\t\t\t<\/div>\n\t\t\t\t<div class=\"elementor-element elementor-element-iwgw-ullikummi-cct elementor-widget elementor-widget-text-editor\" data-id=\"iwgw-ullikummi-cct\" data-element_type=\"widget\" data-e-type=\"widget\" data-widget_type=\"text-editor.default\">\n\t\t\t\t\t\t\t\t\t<div data-nosnippet=\"true\"><p>iWell Guard tengist menningars\u00f6gulegri hef\u00f0 b\u00e6rra verndargripa, \u00ed hef\u00f0 <a href=\"https:\/\/iwell-guard.com\/is\/hettitar-anatolia-tarhunna-vernd\/\">Hitt\u00edta<\/a> og margra annarra menningarheima um allan heim. 41 l\u00f6g, alv\u00f6ru gull, plat\u00edna, silfur, framleitt \u00ed \u00de\u00fdskalandi. 30 daga skilar\u00e9ttur.<\/p><\/div>\t\t\t\t\t\t\t\t<\/div>\n\t\t\t\t<div class=\"elementor-element elementor-element-iwgw-ullikummi-ccb iwg-cc-button iwg-cc-cta-2026-05-13 elementor-widget elementor-widget-jet-button\" data-id=\"iwgw-ullikummi-ccb\" data-element_type=\"widget\" data-e-type=\"widget\" data-widget_type=\"jet-button.default\">\n\t\t\t\t<div class=\"elementor-widget-container\">\n\t\t\t\t\t<div class=\"elementor-jet-button jet-elements\"><div class=\"jet-button__container\"><a class=\"jet-button__instance jet-button__instance--icon-left hover-effect-1\" href=\"\/ueber-iwell-guard\/?utm_source=iwell-guard.com&amp;utm_medium=info-box&amp;utm_campaign=wesen-tradition\"><div class=\"jet-button__plane jet-button__plane-normal\"><\/div><div class=\"jet-button__plane jet-button__plane-hover\"><\/div><div class=\"jet-button__state jet-button__state-normal\"><span class=\"jet-button__label\">Meira um iWell Guard<\/span><\/div><div class=\"jet-button__state jet-button__state-hover\"><span class=\"jet-button__label\">Meira um iWell Guard<\/span><\/div><\/a><\/div><\/div><style>.elementor-element.elementor-element-iwgw-ullikummi-ccb .jet-button__instance{width:320px;height:56px;}.elementor-element.elementor-element-iwgw-ullikummi-ccb .jet-button__state-normal .jet-button__label{text-align:center;margin:0px 0px 0px 0px;color:#1a1b20;font-family:Montserrat,sans-serif;font-size:13px;font-weight:400;letter-spacing:4px;line-height:1.714em;text-transform:uppercase;}.elementor-element.elementor-element-iwgw-ullikummi-ccb .jet-button__state-hover .jet-button__label{text-align:center;margin:0px 0px 0px 0px;color:#FECC76;font-family:Montserrat,sans-serif;font-size:13px;font-weight:400;letter-spacing:4px;line-height:1.714em;text-transform:uppercase;}.elementor-element.elementor-element-iwgw-ullikummi-ccb .jet-button__plane-normal{background-color:#FECC76;border-style:solid;border-color:#C99540;border-width:2px 2px 2px 2px;}.elementor-element.elementor-element-iwgw-ullikummi-ccb .jet-button__plane-hover{background-color:rgba(0,0,0,0.55);border-style:solid;border-color:#FECC76;border-width:2px 2px 2px 2px;}<\/style>\t\t\t\t<\/div>\n\t\t\t\t<\/div>\n\t\t\t\t<div class=\"elementor-element elementor-element-iwgw-ullikummi-ccd elementor-widget elementor-widget-text-editor\" data-id=\"iwgw-ullikummi-ccd\" data-element_type=\"widget\" data-e-type=\"widget\" data-widget_type=\"text-editor.default\">\n\t\t\t\t\t\t\t\t\t<div data-nosnippet=\"true\"><p style=\"text-align:center;font-size:13px;opacity:0.7;margin-top:14px\" data-nosnippet=\"true\">Pers\u00f3nuleg reynsla getur veri\u00f0 mismunandi. Ekki l\u00e6kningat\u00e6ki. Engin lofor\u00f0 um l\u00e6kningu.<\/p><\/div>\t\t\t\t\t\t\t\t<\/div>\n\t\t\t\t\t<\/div>\n\t\t\t\t<\/div>\n\t\t\t\t\t<\/div>\n\t\t\t\t<\/div>\n\t\t<div class=\"elementor-element elementor-element-iwgw-ullikummi-disc e-flex e-con-boxed e-con e-parent\" data-id=\"iwgw-ullikummi-disc\" data-element_type=\"container\" data-e-type=\"container\">\n\t\t\t\t\t<div class=\"e-con-inner\">\n\t\t\t\t<div class=\"elementor-element elementor-element-iwgw-ullikummi-discw elementor-widget elementor-widget-html\" data-id=\"iwgw-ullikummi-discw\" data-element_type=\"widget\" data-e-type=\"widget\" data-widget_type=\"html.default\">\n\t\t\t\t\t<footer data-nosnippet=\"true\" class=\"iwg-disclaimer-block\"><p data-nosnippet=\"true\">iWell Guard er <strong>ekki l\u00e6kningat\u00e6ki<\/strong> og kemur ekki \u00ed sta\u00f0inn fyrir l\u00e6knis- e\u00f0a s\u00e1lfr\u00e6\u00f0ime\u00f0fer\u00f0. Tr\u00faarfr\u00e6\u00f0ilegt efni er menningars\u00f6gulegt samhengi, ekki r\u00e1\u00f0legging um andlega i\u00f0kun.<\/p><\/footer>\t\t\t\t<\/div>\n\t\t\t\t\t<\/div>\n\t\t\t\t<\/div>\n\t\t\t\t<\/div>\n\t\t","protected":false},"excerpt":{"rendered":"","protected":false},"author":3,"featured_media":2844,"parent":0,"menu_order":0,"comment_status":"closed","ping_status":"closed","template":"elementor_header_footer","meta":{"_yoast_wpseo_focuskw":"Ullikummi, h\u00farr\u00edskur steinj\u00f6tunn","_yoast_wpseo_title":"Ullikummi \u2013 H\u00farr\u00edskur steinj\u00f6tunn, go\u00f0saga, Kumarbi","_yoast_wpseo_metadesc":"Ullikummi, d\u00ed\u00f3r\u00edtsteinj\u00f6tunninn, \u00f3x \u00e1 \u00f6xl Upelluri upp \u00ed himininn og var\u00f0 yfirr\u00e1\u00f0um Teshubs yfir go\u00f0aveldinu a\u00f0 fyrirst\u00f6\u00f0u.","_yoast_wpseo_meta-robots-noindex":"","_yoast_wpseo_canonical":"","_angie_page":false,"gefaehrdungsstufe":"4","wesen_kultur":"hethitisch","wesen_klasse":"geister","footnotes":""},"categories":[],"class_list":["post-168966","page","type-page","status-publish","has-post-thumbnail","hentry"],"yoast_head":"<!-- This site is optimized with the Yoast SEO Premium plugin v27.7 (Yoast SEO v28.3) - https:\/\/yoast.com\/product\/yoast-seo-premium-wordpress\/ -->\n<title>Ullikummi \u2013 H\u00farr\u00edskur steinj\u00f6tunn, go\u00f0saga, Kumarbi<\/title>\n<meta name=\"description\" content=\"Ullikummi, d\u00ed\u00f3r\u00edtsteinj\u00f6tunninn, \u00f3x \u00e1 \u00f6xl Upelluri upp \u00ed himininn og var\u00f0 yfirr\u00e1\u00f0um Teshubs yfir go\u00f0aveldinu a\u00f0 fyrirst\u00f6\u00f0u.\" \/>\n<meta name=\"robots\" content=\"index, follow, max-snippet:-1, max-image-preview:large, max-video-preview:-1\" \/>\n<link rel=\"canonical\" href=\"https:\/\/iwell-guard.com\/is\/ullikummi-steinjotunn\/\" \/>\n<meta property=\"og:locale\" content=\"is_IS\" \/>\n<meta property=\"og:type\" content=\"article\" \/>\n<meta property=\"og:title\" content=\"Ullikummi \u2013 Steinj\u00f6tunn gegn gu\u00f0unum\" \/>\n<meta property=\"og:description\" content=\"Ullikummi, d\u00ed\u00f3r\u00edtsteinj\u00f6tunninn, \u00f3x \u00e1 \u00f6xl Upelluri upp \u00ed himininn og var\u00f0 yfirr\u00e1\u00f0um Teshubs yfir go\u00f0aveldinu a\u00f0 fyrirst\u00f6\u00f0u.\" \/>\n<meta property=\"og:url\" content=\"https:\/\/iwell-guard.com\/is\/ullikummi-steinjotunn\/\" \/>\n<meta property=\"og:site_name\" content=\"iWell Guard\" \/>\n<meta property=\"article:modified_time\" content=\"2026-09-05T14:27:19+00:00\" \/>\n<meta property=\"og:image\" content=\"https:\/\/iwell-guard.com\/wp-content\/uploads\/2026\/05\/goetter_hethitisch_ullikummi.webp\" \/>\n\t<meta property=\"og:image:width\" content=\"1024\" \/>\n\t<meta property=\"og:image:height\" content=\"1536\" \/>\n\t<meta property=\"og:image:type\" content=\"image\/webp\" \/>\n<meta name=\"twitter:card\" content=\"summary_large_image\" \/>\n<script type=\"application\/ld+json\" class=\"yoast-schema-graph\">{\"@context\":\"https:\\\/\\\/schema.org\",\"@graph\":[{\"@type\":\"WebPage\",\"@id\":\"https:\\\/\\\/iwell-guard.com\\\/is\\\/ullikummi-steinjotunn\\\/\",\"url\":\"https:\\\/\\\/iwell-guard.com\\\/is\\\/ullikummi-steinjotunn\\\/\",\"name\":\"Ullikummi \u2013 H\u00farr\u00edskur steinj\u00f6tunn, go\u00f0saga, Kumarbi\",\"isPartOf\":{\"@id\":\"https:\\\/\\\/iwell-guard.com\\\/is\\\/#website\"},\"primaryImageOfPage\":{\"@id\":\"https:\\\/\\\/iwell-guard.com\\\/is\\\/ullikummi-steinjotunn\\\/#primaryimage\"},\"image\":{\"@id\":\"https:\\\/\\\/iwell-guard.com\\\/is\\\/ullikummi-steinjotunn\\\/#primaryimage\"},\"thumbnailUrl\":\"https:\\\/\\\/iwell-guard.com\\\/wp-content\\\/uploads\\\/2026\\\/05\\\/goetter_hethitisch_ullikummi.webp\",\"datePublished\":\"2026-09-05T14:04:26+00:00\",\"dateModified\":\"2026-09-05T14:27:19+00:00\",\"description\":\"Ullikummi, d\u00ed\u00f3r\u00edtsteinj\u00f6tunninn, \u00f3x \u00e1 \u00f6xl Upelluri upp \u00ed himininn og var\u00f0 yfirr\u00e1\u00f0um Teshubs yfir go\u00f0aveldinu a\u00f0 fyrirst\u00f6\u00f0u.\",\"breadcrumb\":{\"@id\":\"https:\\\/\\\/iwell-guard.com\\\/is\\\/ullikummi-steinjotunn\\\/#breadcrumb\"},\"inLanguage\":\"is\",\"potentialAction\":[{\"@type\":\"ReadAction\",\"target\":[\"https:\\\/\\\/iwell-guard.com\\\/is\\\/ullikummi-steinjotunn\\\/\"]}]},{\"@type\":\"ImageObject\",\"inLanguage\":\"is\",\"@id\":\"https:\\\/\\\/iwell-guard.com\\\/is\\\/ullikummi-steinjotunn\\\/#primaryimage\",\"url\":\"https:\\\/\\\/iwell-guard.com\\\/wp-content\\\/uploads\\\/2026\\\/05\\\/goetter_hethitisch_ullikummi.webp\",\"contentUrl\":\"https:\\\/\\\/iwell-guard.com\\\/wp-content\\\/uploads\\\/2026\\\/05\\\/goetter_hethitisch_ullikummi.webp\",\"width\":1024,\"height\":1536,\"caption\":\"Gu\u00f0ir \u00far het\u00edta-hef\u00f0inni.\"},{\"@type\":\"BreadcrumbList\",\"@id\":\"https:\\\/\\\/iwell-guard.com\\\/is\\\/ullikummi-steinjotunn\\\/#breadcrumb\",\"itemListElement\":[{\"@type\":\"ListItem\",\"position\":1,\"name\":\"Start\",\"item\":\"https:\\\/\\\/iwell-guard.com\\\/is\\\/?page_id=168580\"},{\"@type\":\"ListItem\",\"position\":2,\"name\":\"Ullikummi \u2013 Steinj\u00f6tunn gegn gu\u00f0unum\"}]},{\"@type\":\"WebSite\",\"@id\":\"https:\\\/\\\/iwell-guard.com\\\/is\\\/#website\",\"url\":\"https:\\\/\\\/iwell-guard.com\\\/is\\\/\",\"name\":\"iWell Guard\",\"description\":\"Schutz vor dunklen Einfl\u00fcssen\",\"publisher\":{\"@id\":\"https:\\\/\\\/iwell-guard.com\\\/is\\\/#organization\"},\"potentialAction\":[{\"@type\":\"SearchAction\",\"target\":{\"@type\":\"EntryPoint\",\"urlTemplate\":\"https:\\\/\\\/iwell-guard.com\\\/is\\\/?s={search_term_string}\"},\"query-input\":{\"@type\":\"PropertyValueSpecification\",\"valueRequired\":true,\"valueName\":\"search_term_string\"}}],\"inLanguage\":\"is\"},{\"@type\":\"Organization\",\"@id\":\"https:\\\/\\\/iwell-guard.com\\\/is\\\/#organization\",\"name\":\"Ittermann electronic GmbH\",\"url\":\"https:\\\/\\\/iwell-guard.com\\\/is\\\/\",\"logo\":{\"@type\":\"ImageObject\",\"inLanguage\":\"is\",\"@id\":\"https:\\\/\\\/iwell-guard.com\\\/is\\\/#\\\/schema\\\/logo\\\/image\\\/\",\"url\":\"https:\\\/\\\/iwell-guard.com\\\/wp-content\\\/uploads\\\/2026\\\/05\\\/Ittermann-Logo-1182x237-1.png\",\"contentUrl\":\"https:\\\/\\\/iwell-guard.com\\\/wp-content\\\/uploads\\\/2026\\\/05\\\/Ittermann-Logo-1182x237-1.png\",\"width\":1182,\"height\":237,\"caption\":\"Ittermann electronic GmbH\"},\"image\":{\"@id\":\"https:\\\/\\\/iwell-guard.com\\\/is\\\/#\\\/schema\\\/logo\\\/image\\\/\"},\"sameAs\":[\"https:\\\/\\\/pantip.com\\\/profile\\\/9367242\",\"https:\\\/\\\/micro.blog\\\/iwellguard\",\"https:\\\/\\\/www.diggerslist.com\\\/iwellguard\\\/about\",\"https:\\\/\\\/skitterphoto.com\\\/photographers\\\/2870314\\\/iwell-guard\",\"https:\\\/\\\/iwellguard.wordpress.com\\\/2026\\\/06\\\/06\\\/iwell-guard\\\/\",\"https:\\\/\\\/hub.docker.com\\\/u\\\/iwellguard\",\"https:\\\/\\\/www.pinterest.com\\\/iwellguard\\\/\",\"https:\\\/\\\/bit.ly\\\/m\\\/iwellguard\",\"https:\\\/\\\/entre-vos-mains.alsace.eu\\\/profiles\\\/iwellguard\\\/activity\",\"https:\\\/\\\/gravatar.com\\\/reallybeded8fd34\",\"https:\\\/\\\/naijamatta.com\\\/iwellguard\",\"https:\\\/\\\/www.goodreads.com\\\/iwellguard\",\"https:\\\/\\\/profile.hatena.ne.jp\\\/iwellguard\\\/\",\"https:\\\/\\\/experiment.com\\\/users\\\/iwellguard\",\"https:\\\/\\\/wakelet.com\\\/@iWellGuard82270\",\"https:\\\/\\\/www.chordie.com\\\/forum\\\/profile.php?id=2555664\",\"https:\\\/\\\/www.instapaper.com\\\/p\\\/17757966\",\"https:\\\/\\\/www.mapleprimes.com\\\/users\\\/iwellguard\",\"https:\\\/\\\/businesslistingplus.com\\\/profile\\\/iwell-guard\\\/\",\"https:\\\/\\\/telegra.ph\\\/iWell-Guard-06-06\",\"https:\\\/\\\/pbase.com\\\/iwellguard\\\/iwellguard\",\"https:\\\/\\\/b.hatena.ne.jp\\\/iwellguard\\\/20260607#bookmark-4788405196491818882\",\"https:\\\/\\\/fliphtml5.com\\\/home\\\/iwellguard\",\"https:\\\/\\\/anyflip.com\\\/homepage\\\/cmiwl#About\",\"https:\\\/\\\/transfur.com\\\/Users\\\/iwellguard\",\"http:\\\/\\\/delphi.larsbo.org\\\/user\\\/iwellguard\",\"https:\\\/\\\/jobs.lajobsportal.org\\\/profiles\\\/8380803-iwell-guard\",\"https:\\\/\\\/md.chaosdorf.de\\\/s\\\/jfbe5SBdJD\",\"https:\\\/\\\/www.lingvolive.com\\\/en-us\\\/profile\\\/9ecaeaca-ce11-4e51-9e71-01d55e2bff36\\\/translations\",\"https:\\\/\\\/www.fitday.com\\\/fitness\\\/forums\\\/members\\\/iwellguard.html\",\"https:\\\/\\\/www.mymeetbook.com\\\/iwellguard\",\"https:\\\/\\\/pxhere.com\\\/en\\\/photographer-me\\\/5040798\",\"https:\\\/\\\/disqus.com\\\/by\\\/iwellguard\\\/about\\\/\",\"https:\\\/\\\/pastelink.net\\\/hjwciqwq\",\"https:\\\/\\\/pubhtml5.com\\\/homepage\\\/scjhn\\\/\",\"https:\\\/\\\/www.bitchute.com\\\/channel\\\/2O2eOKzNqujT\",\"https:\\\/\\\/audiomack.com\\\/iwellguard\"]},{\"@type\":\"Article\",\"@id\":\"https:\\\/\\\/iwell-guard.com\\\/is\\\/ullikummi-steinjotunn\\\/#article\",\"isPartOf\":{\"@id\":\"https:\\\/\\\/iwell-guard.com\\\/is\\\/ullikummi-steinjotunn\\\/\"},\"author\":{\"name\":\"Ralf Ittermann\",\"@id\":\"https:\\\/\\\/iwell-guard.com\\\/is\\\/#\\\/schema\\\/person\\\/ee2a27f1cac3406c7c6fb5820cb7349f\"},\"headline\":\"Ullikummi \u2013 Steinj\u00f6tunn gegn gu\u00f0unum\",\"datePublished\":\"2026-09-05T14:04:26+00:00\",\"dateModified\":\"2026-09-05T14:27:19+00:00\",\"mainEntityOfPage\":{\"@id\":\"https:\\\/\\\/iwell-guard.com\\\/is\\\/ullikummi-steinjotunn\\\/\"},\"publisher\":{\"@id\":\"https:\\\/\\\/iwell-guard.com\\\/is\\\/#organization\"},\"image\":{\"@id\":\"https:\\\/\\\/iwell-guard.com\\\/is\\\/ullikummi-steinjotunn\\\/#primaryimage\"},\"thumbnailUrl\":\"https:\\\/\\\/iwell-guard.com\\\/wp-content\\\/uploads\\\/2026\\\/05\\\/goetter_hethitisch_ullikummi.webp\",\"inLanguage\":\"is\",\"description\":\"Ullikummi, d\u00ed\u00f3r\u00edtsteinj\u00f6tunninn, \u00f3x \u00e1 \u00f6xl Upelluri upp \u00ed himininn og var\u00f0 yfirr\u00e1\u00f0um Teshubs yfir go\u00f0aveldinu a\u00f0 fyrirst\u00f6\u00f0u.\"}]}<\/script>\n<!-- \/ Yoast SEO Premium plugin. -->","yoast_head_json":{"title":"Ullikummi \u2013 H\u00farr\u00edskur steinj\u00f6tunn, go\u00f0saga, Kumarbi","description":"Ullikummi, d\u00ed\u00f3r\u00edtsteinj\u00f6tunninn, \u00f3x \u00e1 \u00f6xl Upelluri upp \u00ed himininn og var\u00f0 yfirr\u00e1\u00f0um Teshubs yfir go\u00f0aveldinu a\u00f0 fyrirst\u00f6\u00f0u.","robots":{"index":"index","follow":"follow","max-snippet":"max-snippet:-1","max-image-preview":"max-image-preview:large","max-video-preview":"max-video-preview:-1"},"canonical":"https:\/\/iwell-guard.com\/is\/ullikummi-steinjotunn\/","og_locale":"is_IS","og_type":"article","og_title":"Ullikummi \u2013 Steinj\u00f6tunn gegn gu\u00f0unum","og_description":"Ullikummi, d\u00ed\u00f3r\u00edtsteinj\u00f6tunninn, \u00f3x \u00e1 \u00f6xl Upelluri upp \u00ed himininn og var\u00f0 yfirr\u00e1\u00f0um Teshubs yfir go\u00f0aveldinu a\u00f0 fyrirst\u00f6\u00f0u.","og_url":"https:\/\/iwell-guard.com\/is\/ullikummi-steinjotunn\/","og_site_name":"iWell Guard","article_modified_time":"2026-09-05T14:27:19+00:00","og_image":[{"width":1024,"height":1536,"url":"https:\/\/iwell-guard.com\/wp-content\/uploads\/2026\/05\/goetter_hethitisch_ullikummi.webp","type":"image\/webp"}],"twitter_card":"summary_large_image","schema":{"@context":"https:\/\/schema.org","@graph":[{"@type":"Article","@id":"https:\/\/iwell-guard.com\/is\/ullikummi-steinjotunn\/#article","isPartOf":{"@id":"https:\/\/iwell-guard.com\/is\/ullikummi-steinjotunn\/"},"author":{"name":"Ralf Ittermann","@id":"https:\/\/iwell-guard.com\/is\/#\/schema\/person\/ee2a27f1cac3406c7c6fb5820cb7349f"},"headline":"Ullikummi \u2013 Steinj\u00f6tunn gegn gu\u00f0unum","datePublished":"2026-09-05T14:04:26+00:00","dateModified":"2026-09-05T14:27:19+00:00","mainEntityOfPage":{"@id":"https:\/\/iwell-guard.com\/is\/ullikummi-steinjotunn\/"},"publisher":{"@id":"https:\/\/iwell-guard.com\/is\/#organization"},"image":{"@id":"https:\/\/iwell-guard.com\/is\/ullikummi-steinjotunn\/#primaryimage"},"thumbnailUrl":"https:\/\/iwell-guard.com\/wp-content\/uploads\/2026\/05\/goetter_hethitisch_ullikummi.webp","inLanguage":"is","description":"Ullikummi, d\u00ed\u00f3r\u00edtsteinj\u00f6tunninn, \u00f3x \u00e1 \u00f6xl Upelluri upp \u00ed himininn og var\u00f0 yfirr\u00e1\u00f0um Teshubs yfir go\u00f0aveldinu a\u00f0 fyrirst\u00f6\u00f0u."},{"@type":"WebPage","@id":"https:\/\/iwell-guard.com\/is\/ullikummi-steinjotunn\/","url":"https:\/\/iwell-guard.com\/is\/ullikummi-steinjotunn\/","name":"Ullikummi \u2013 H\u00farr\u00edskur steinj\u00f6tunn, go\u00f0saga, Kumarbi","isPartOf":{"@id":"https:\/\/iwell-guard.com\/is\/#website"},"primaryImageOfPage":{"@id":"https:\/\/iwell-guard.com\/is\/ullikummi-steinjotunn\/#primaryimage"},"image":{"@id":"https:\/\/iwell-guard.com\/is\/ullikummi-steinjotunn\/#primaryimage"},"thumbnailUrl":"https:\/\/iwell-guard.com\/wp-content\/uploads\/2026\/05\/goetter_hethitisch_ullikummi.webp","datePublished":"2026-09-05T14:04:26+00:00","dateModified":"2026-09-05T14:27:19+00:00","description":"Ullikummi, d\u00ed\u00f3r\u00edtsteinj\u00f6tunninn, \u00f3x \u00e1 \u00f6xl Upelluri upp \u00ed himininn og var\u00f0 yfirr\u00e1\u00f0um Teshubs yfir go\u00f0aveldinu a\u00f0 fyrirst\u00f6\u00f0u.","breadcrumb":{"@id":"https:\/\/iwell-guard.com\/is\/ullikummi-steinjotunn\/#breadcrumb"},"inLanguage":"is","potentialAction":[{"@type":"ReadAction","target":["https:\/\/iwell-guard.com\/is\/ullikummi-steinjotunn\/"]}]},{"@type":"ImageObject","inLanguage":"is","@id":"https:\/\/iwell-guard.com\/is\/ullikummi-steinjotunn\/#primaryimage","url":"https:\/\/iwell-guard.com\/wp-content\/uploads\/2026\/05\/goetter_hethitisch_ullikummi.webp","contentUrl":"https:\/\/iwell-guard.com\/wp-content\/uploads\/2026\/05\/goetter_hethitisch_ullikummi.webp","width":1024,"height":1536,"caption":"Gu\u00f0ir \u00far het\u00edta-hef\u00f0inni."},{"@type":"BreadcrumbList","@id":"https:\/\/iwell-guard.com\/is\/ullikummi-steinjotunn\/#breadcrumb","itemListElement":[{"@type":"ListItem","position":1,"name":"Start","item":"https:\/\/iwell-guard.com\/is\/?page_id=168580"},{"@type":"ListItem","position":2,"name":"Ullikummi \u2013 Steinj\u00f6tunn gegn gu\u00f0unum"}]},{"@type":"WebSite","@id":"https:\/\/iwell-guard.com\/is\/#website","url":"https:\/\/iwell-guard.com\/is\/","name":"iWell Guard","description":"Schutz vor dunklen Einfl\u00fcssen","publisher":{"@id":"https:\/\/iwell-guard.com\/is\/#organization"},"potentialAction":[{"@type":"SearchAction","target":{"@type":"EntryPoint","urlTemplate":"https:\/\/iwell-guard.com\/is\/?s={search_term_string}"},"query-input":{"@type":"PropertyValueSpecification","valueRequired":true,"valueName":"search_term_string"}}],"inLanguage":"is"},{"@type":"Organization","@id":"https:\/\/iwell-guard.com\/is\/#organization","name":"Ittermann electronic GmbH","url":"https:\/\/iwell-guard.com\/is\/","logo":{"@type":"ImageObject","inLanguage":"is","@id":"https:\/\/iwell-guard.com\/is\/#\/schema\/logo\/image\/","url":"https:\/\/iwell-guard.com\/wp-content\/uploads\/2026\/05\/Ittermann-Logo-1182x237-1.png","contentUrl":"https:\/\/iwell-guard.com\/wp-content\/uploads\/2026\/05\/Ittermann-Logo-1182x237-1.png","width":1182,"height":237,"caption":"Ittermann electronic GmbH"},"image":{"@id":"https:\/\/iwell-guard.com\/is\/#\/schema\/logo\/image\/"},"sameAs":["https:\/\/pantip.com\/profile\/9367242","https:\/\/micro.blog\/iwellguard","https:\/\/www.diggerslist.com\/iwellguard\/about","https:\/\/skitterphoto.com\/photographers\/2870314\/iwell-guard","https:\/\/iwellguard.wordpress.com\/2026\/06\/06\/iwell-guard\/","https:\/\/hub.docker.com\/u\/iwellguard","https:\/\/www.pinterest.com\/iwellguard\/","https:\/\/bit.ly\/m\/iwellguard","https:\/\/entre-vos-mains.alsace.eu\/profiles\/iwellguard\/activity","https:\/\/gravatar.com\/reallybeded8fd34","https:\/\/naijamatta.com\/iwellguard","https:\/\/www.goodreads.com\/iwellguard","https:\/\/profile.hatena.ne.jp\/iwellguard\/","https:\/\/experiment.com\/users\/iwellguard","https:\/\/wakelet.com\/@iWellGuard82270","https:\/\/www.chordie.com\/forum\/profile.php?id=2555664","https:\/\/www.instapaper.com\/p\/17757966","https:\/\/www.mapleprimes.com\/users\/iwellguard","https:\/\/businesslistingplus.com\/profile\/iwell-guard\/","https:\/\/telegra.ph\/iWell-Guard-06-06","https:\/\/pbase.com\/iwellguard\/iwellguard","https:\/\/b.hatena.ne.jp\/iwellguard\/20260607#bookmark-4788405196491818882","https:\/\/fliphtml5.com\/home\/iwellguard","https:\/\/anyflip.com\/homepage\/cmiwl#About","https:\/\/transfur.com\/Users\/iwellguard","http:\/\/delphi.larsbo.org\/user\/iwellguard","https:\/\/jobs.lajobsportal.org\/profiles\/8380803-iwell-guard","https:\/\/md.chaosdorf.de\/s\/jfbe5SBdJD","https:\/\/www.lingvolive.com\/en-us\/profile\/9ecaeaca-ce11-4e51-9e71-01d55e2bff36\/translations","https:\/\/www.fitday.com\/fitness\/forums\/members\/iwellguard.html","https:\/\/www.mymeetbook.com\/iwellguard","https:\/\/pxhere.com\/en\/photographer-me\/5040798","https:\/\/disqus.com\/by\/iwellguard\/about\/","https:\/\/pastelink.net\/hjwciqwq","https:\/\/pubhtml5.com\/homepage\/scjhn\/","https:\/\/www.bitchute.com\/channel\/2O2eOKzNqujT","https:\/\/audiomack.com\/iwellguard"]},{"@type":"Person","@id":"https:\/\/iwell-guard.com\/is\/#\/schema\/person\/ee2a27f1cac3406c7c6fb5820cb7349f","name":"Ralf Ittermann","image":{"@type":"ImageObject","inLanguage":"is","@id":"https:\/\/secure.gravatar.com\/avatar\/073c0153e350a5005b68eb752b445fea71f6b24a26da9449ad7e155e6b446c9d?s=96&d=mm&r=g","url":"https:\/\/secure.gravatar.com\/avatar\/073c0153e350a5005b68eb752b445fea71f6b24a26da9449ad7e155e6b446c9d?s=96&d=mm&r=g","contentUrl":"https:\/\/secure.gravatar.com\/avatar\/073c0153e350a5005b68eb752b445fea71f6b24a26da9449ad7e155e6b446c9d?s=96&d=mm&r=g","caption":"Ralf Ittermann"},"givenName":"Ralf","familyName":"Ittermann","jobTitle":"Gesch\u00e4ftsf\u00fchrer und redaktioneller Verantwortlicher","url":"https:\/\/iwell-guard.com\/is\/author\/claude\/","description":"Ralf Ittermann ist Gesch\u00e4ftsf\u00fchrer der Ittermann electronic GmbH und redaktioneller Verantwortlicher des iWell-Guard-Lexikons. Er verbindet langj\u00e4hrige Erfahrung in der Pr\u00e4zisionsfertigung mit medialer Praxis und religionsgeschichtlicher Quellenarbeit.","worksFor":{"@type":"Organization","name":"Ittermann electronic GmbH","url":"https:\/\/ittermann.de\/","address":{"@type":"PostalAddress","streetAddress":"K\u00f6hlergasse 16-18","postalCode":"99842","addressLocality":"Ruhla","addressCountry":"DE"}},"knowsAbout":["Religionsgeschichte","Mythologie","Mediale Praxis","Energetische Diagnostik","Schutzpraxis","Volksglauben","Westliche Esoterik"]},{"@type":"Article","@id":"https:\/\/iwell-guard.com\/is\/ullikummi-steinjotunn\/#article","isPartOf":{"@id":"https:\/\/iwell-guard.com\/is\/ullikummi-steinjotunn\/"},"author":{"name":"Ralf Ittermann","@id":"https:\/\/iwell-guard.com\/is\/#\/schema\/person\/ee2a27f1cac3406c7c6fb5820cb7349f"},"headline":"Ullikummi \u2013 Steinj\u00f6tunn gegn gu\u00f0unum","datePublished":"2026-09-05T14:04:26+00:00","dateModified":"2026-09-05T14:27:19+00:00","mainEntityOfPage":{"@id":"https:\/\/iwell-guard.com\/is\/ullikummi-steinjotunn\/"},"publisher":{"@id":"https:\/\/iwell-guard.com\/is\/#organization"},"image":{"@id":"https:\/\/iwell-guard.com\/is\/ullikummi-steinjotunn\/#primaryimage"},"thumbnailUrl":"https:\/\/iwell-guard.com\/wp-content\/uploads\/2026\/05\/goetter_hethitisch_ullikummi.webp","inLanguage":"is","description":"Ullikummi, d\u00ed\u00f3r\u00edtsteinj\u00f6tunninn, \u00f3x \u00e1 \u00f6xl Upelluri upp \u00ed himininn og var\u00f0 yfirr\u00e1\u00f0um Teshubs yfir go\u00f0aveldinu a\u00f0 fyrirst\u00f6\u00f0u."}]}},"_links":{"self":[{"href":"https:\/\/iwell-guard.com\/is\/wp-json\/wp\/v2\/pages\/168966","targetHints":{"allow":["GET"]}}],"collection":[{"href":"https:\/\/iwell-guard.com\/is\/wp-json\/wp\/v2\/pages"}],"about":[{"href":"https:\/\/iwell-guard.com\/is\/wp-json\/wp\/v2\/types\/page"}],"author":[{"embeddable":true,"href":"https:\/\/iwell-guard.com\/is\/wp-json\/wp\/v2\/users\/3"}],"replies":[{"embeddable":true,"href":"https:\/\/iwell-guard.com\/is\/wp-json\/wp\/v2\/comments?post=168966"}],"version-history":[{"count":0,"href":"https:\/\/iwell-guard.com\/is\/wp-json\/wp\/v2\/pages\/168966\/revisions"}],"wp:featuredmedia":[{"embeddable":true,"href":"https:\/\/iwell-guard.com\/is\/wp-json\/wp\/v2\/media\/2844"}],"wp:attachment":[{"href":"https:\/\/iwell-guard.com\/is\/wp-json\/wp\/v2\/media?parent=168966"}],"wp:term":[{"taxonomy":"category","embeddable":true,"href":"https:\/\/iwell-guard.com\/is\/wp-json\/wp\/v2\/categories?post=168966"}],"curies":[{"name":"wp","href":"https:\/\/api.w.org\/{rel}","templated":true}]}}