{"id":168965,"date":"2026-09-05T14:04:26","date_gmt":"2026-09-05T14:04:26","guid":{"rendered":"https:\/\/iwell-guard.com\/?page_id=168965"},"modified":"2026-09-05T14:27:18","modified_gmt":"2026-09-05T14:27:18","slug":"anu-himingud-hattar-hurrita","status":"publish","type":"page","link":"https:\/\/iwell-guard.com\/is\/anu-himingud-hattar-hurrita\/","title":{"rendered":"Anu \u2013 Hatt\u00edsk-h\u00farr\u00edskur himingo\u00f0"},"content":{"rendered":"\t\t<div data-elementor-type=\"wp-page\" data-elementor-id=\"168965\" class=\"elementor elementor-168965 elementor-2620 elementor-bc-flex-widget\" data-elementor-post-type=\"page\">\n\t\t\t\t<div class=\"elementor-element elementor-element-iwgw-anuhethiti-hero e-flex e-con-boxed e-con e-parent\" data-id=\"iwgw-anuhethiti-hero\" data-element_type=\"container\" data-e-type=\"container\" data-settings=\"{&quot;background_background&quot;:&quot;classic&quot;}\">\n\t\t\t\t\t<div class=\"e-con-inner\">\n\t\t<div class=\"elementor-element elementor-element-iwgw-anuhethiti-hl e-flex e-con-boxed e-con e-child\" data-id=\"iwgw-anuhethiti-hl\" data-element_type=\"container\" data-e-type=\"container\">\n\t\t\t\t\t<div class=\"e-con-inner\">\n\t\t<div class=\"elementor-element elementor-element-iwgw-anuhethiti-htxt e-con-full e-flex e-con e-child\" data-id=\"iwgw-anuhethiti-htxt\" data-element_type=\"container\" data-e-type=\"container\">\n\t\t\t\t<div class=\"elementor-element elementor-element-iwgw-anuhethiti-h1 elementor-widget elementor-widget-heading\" data-id=\"iwgw-anuhethiti-h1\" data-element_type=\"widget\" data-e-type=\"widget\" data-widget_type=\"heading.default\">\n\t\t\t\t\t<h1 class=\"elementor-heading-title elementor-size-default\">Anu, hatt\u00edsk-h\u00farr\u00edskur himingo\u00f0 \u00ed Kumarbi-hringr\u00e1sinni<\/h1>\t\t\t\t<\/div>\n\t\t\t\t<div class=\"elementor-element elementor-element-iwgw-anuhethiti-lead elementor-widget elementor-widget-text-editor\" data-id=\"iwgw-anuhethiti-lead\" data-element_type=\"widget\" data-e-type=\"widget\" data-widget_type=\"text-editor.default\">\n\t\t\t\t\t\t\t\t\t<p>Anu, \u00e1 s\u00famersku <em>An<\/em>, er \u00ed hinni h\u00farr\u00edsk-het\u00edt\u00edsku Kumarbi-hringr\u00e1s annar konungurinn \u00ed himninum eftir Alalu. \u00cd upphafsgo\u00f0s\u00f6gninni um r\u00f6\u00f0 gu\u00f0anna geldir <a href=\"https:\/\/iwell-guard.com\/is\/?page_id=168962\">Kumarbi<\/a> hann me\u00f0 t\u00f6nnunum og tekur vi\u00f0 v\u00f6ldum; \u00far s\u00e6\u00f0i Anus vaxa <a href=\"https:\/\/iwell-guard.com\/is\/?page_id=168963\">Teshub<\/a> og br\u00e6\u00f0ur hans upp inni \u00ed Kumarbi.<\/p>\t\t\t\t\t\t\t\t<\/div>\n\t\t\t\t<\/div>\n\t\t<div class=\"elementor-element elementor-element-iwgw-anuhethiti-pillc e-con-full e-flex e-con e-child\" data-id=\"iwgw-anuhethiti-pillc\" data-element_type=\"container\" data-e-type=\"container\">\n\t\t\t\t<div class=\"elementor-element elementor-element-iwgw-anuhethiti-pills elementor-widget elementor-widget-html\" data-id=\"iwgw-anuhethiti-pills\" data-element_type=\"widget\" data-e-type=\"widget\" data-widget_type=\"html.default\">\n\t\t\t\t\t<div class=\"iwg-pill-row\"><span class=\"iwg-klasse-badge\" tabindex=\"0\" data-tooltip=\"Gu\u00f0 \u00far het\u00edt\u00edskri hef\u00f0.\">Gu\u00f0<\/span><a href=\"https:\/\/iwell-guard.com\/is\/hettitar-anatolia-tarhunna-vernd\/\" class=\"iwg-kultur-badge\" tabindex=\"0\" data-tooltip=\"Go\u00f0afr\u00e6\u00f0i het\u00edt\u00edskrar hef\u00f0ar.\">Het\u00edt\u00edsk<\/a><span class=\"iwg-tradition-badge\" tabindex=\"0\" data-tooltip=\"Himingo\u00f0.\">Himingo\u00f0<\/span><\/div>\t\t\t\t<\/div>\n\t\t\t\t<\/div>\n\t\t<div class=\"elementor-element elementor-element-iwgw-anuhethiti-tocc e-con-full e-flex e-con e-child\" data-id=\"iwgw-anuhethiti-tocc\" data-element_type=\"container\" data-e-type=\"container\">\n\t\t\t\t<div class=\"elementor-element elementor-element-iwgw-anuhethiti-toc elementor-toc--minimized-on-tablet elementor-widget elementor-widget-table-of-contents\" data-id=\"iwgw-anuhethiti-toc\" data-element_type=\"widget\" data-e-type=\"widget\" data-settings=\"{&quot;headings_by_tags&quot;:[&quot;h2&quot;,&quot;h3&quot;],&quot;minimize_box&quot;:&quot;yes&quot;,&quot;marker_view&quot;:&quot;bullets&quot;,&quot;no_headings_message&quot;:&quot;Engar undirfyrirsagnir fundust \\u00e1 \\u00feessari s\\u00ed\\u00f0u.&quot;,&quot;exclude_headings_by_selector&quot;:[],&quot;icon&quot;:{&quot;value&quot;:&quot;fas fa-circle&quot;,&quot;library&quot;:&quot;fa-solid&quot;,&quot;rendered_tag&quot;:&quot;&lt;svg class=\\&quot;e-font-icon-svg e-fas-circle\\&quot; viewBox=\\&quot;0 0 512 512\\&quot; xmlns=\\&quot;http:\\\/\\\/www.w3.org\\\/2000\\\/svg\\&quot;&gt;&lt;path d=\\&quot;M256 8C119 8 8 119 8 256s111 248 248 248 248-111 248-248S393 8 256 8z\\&quot;&gt;&lt;\\\/path&gt;&lt;\\\/svg&gt;&quot;},&quot;minimized_on&quot;:&quot;tablet&quot;,&quot;hierarchical_view&quot;:&quot;yes&quot;,&quot;min_height&quot;:{&quot;unit&quot;:&quot;px&quot;,&quot;size&quot;:&quot;&quot;,&quot;sizes&quot;:[]},&quot;min_height_tablet&quot;:{&quot;unit&quot;:&quot;px&quot;,&quot;size&quot;:&quot;&quot;,&quot;sizes&quot;:[]},&quot;min_height_mobile&quot;:{&quot;unit&quot;:&quot;px&quot;,&quot;size&quot;:&quot;&quot;,&quot;sizes&quot;:[]}}\" data-widget_type=\"table-of-contents.default\">\n\t\t\t\t\t\t\t\t\t<div class=\"elementor-toc__header\">\n\t\t\t\t\t\t<h2 class=\"elementor-toc__header-title\">\n\t\t\t\tEfnisyfirlit\t\t\t<\/h2>\n\t\t\t\t\t\t\t\t\t\t<div class=\"elementor-toc__toggle-button elementor-toc__toggle-button--expand\" role=\"button\" tabindex=\"0\" aria-controls=\"elementor-toc__iwgw-anuhethiti-toc\" aria-expanded=\"true\" aria-label=\"Open table of contents\"><svg aria-hidden=\"true\" class=\"e-font-icon-svg e-fas-chevron-down\" viewBox=\"0 0 448 512\" xmlns=\"http:\/\/www.w3.org\/2000\/svg\"><path d=\"M207.029 381.476L12.686 187.132c-9.373-9.373-9.373-24.569 0-33.941l22.667-22.667c9.357-9.357 24.522-9.375 33.901-.04L224 284.505l154.745-154.021c9.379-9.335 24.544-9.317 33.901.04l22.667 22.667c9.373 9.373 9.373 24.569 0 33.941L240.971 381.476c-9.373 9.372-24.569 9.372-33.942 0z\"><\/path><\/svg><\/div>\n\t\t\t\t<div class=\"elementor-toc__toggle-button elementor-toc__toggle-button--collapse\" role=\"button\" tabindex=\"0\" aria-controls=\"elementor-toc__iwgw-anuhethiti-toc\" aria-expanded=\"true\" aria-label=\"Close table of contents\"><svg aria-hidden=\"true\" class=\"e-font-icon-svg e-fas-chevron-up\" viewBox=\"0 0 448 512\" xmlns=\"http:\/\/www.w3.org\/2000\/svg\"><path d=\"M240.971 130.524l194.343 194.343c9.373 9.373 9.373 24.569 0 33.941l-22.667 22.667c-9.357 9.357-24.522 9.375-33.901.04L224 227.495 69.255 381.516c-9.379 9.335-24.544 9.317-33.901-.04l-22.667-22.667c-9.373-9.373-9.373-24.569 0-33.941L207.03 130.525c9.372-9.373 24.568-9.373 33.941-.001z\"><\/path><\/svg><\/div>\n\t\t\t\t\t<\/div>\n\t\t\t\t<div id=\"elementor-toc__iwgw-anuhethiti-toc\" class=\"elementor-toc__body\">\n\t\t\t<div class=\"elementor-toc__spinner-container\">\n\t\t\t\t<svg class=\"elementor-toc__spinner eicon-animation-spin e-font-icon-svg e-eicon-loading\" aria-hidden=\"true\" viewBox=\"0 0 1000 1000\" xmlns=\"http:\/\/www.w3.org\/2000\/svg\"><path d=\"M500 975V858C696 858 858 696 858 500S696 142 500 142 142 304 142 500H25C25 237 238 25 500 25S975 237 975 500 763 975 500 975Z\"><\/path><\/svg>\t\t\t<\/div>\n\t\t<\/div>\n\t\t\t\t\t\t<\/div>\n\t\t\t\t<\/div>\n\t\t\t\t\t<\/div>\n\t\t\t\t<\/div>\n\t\t<div class=\"elementor-element elementor-element-iwgw-anuhethiti-hr e-con-full e-flex e-con e-child\" data-id=\"iwgw-anuhethiti-hr\" data-element_type=\"container\" data-e-type=\"container\">\n\t\t\t\t<div class=\"elementor-element elementor-element-iwgw-anuhethiti-heroimg iwg-hero-image elementor-widget elementor-widget-image\" data-id=\"iwgw-anuhethiti-heroimg\" data-element_type=\"widget\" data-e-type=\"widget\" data-widget_type=\"image.default\">\n\t\t\t\t\t\t\t\t\t\t\t\t\t\t\t<img fetchpriority=\"high\" decoding=\"async\" width=\"683\" height=\"1024\" src=\"https:\/\/iwell-guard.com\/wp-content\/uploads\/2026\/05\/goetter_hethitisch_anu-hethitisch-683x1024.webp\" class=\"attachment-large size-large wp-image-170822\" alt=\"Anu \u00far het\u00edska hef\u00f0inni - gu\u00f0ir \u00far het\u00edska sagnaarfinum, s\u00f6gulega myndr\u00e6nt\" srcset=\"https:\/\/iwell-guard.com\/wp-content\/uploads\/2026\/05\/goetter_hethitisch_anu-hethitisch-683x1024.webp 683w, https:\/\/iwell-guard.com\/wp-content\/uploads\/2026\/05\/goetter_hethitisch_anu-hethitisch-200x300.webp 200w, https:\/\/iwell-guard.com\/wp-content\/uploads\/2026\/05\/goetter_hethitisch_anu-hethitisch-768x1152.webp 768w, https:\/\/iwell-guard.com\/wp-content\/uploads\/2026\/05\/goetter_hethitisch_anu-hethitisch.webp 1024w\" sizes=\"(max-width: 683px) 100vw, 683px\" \/>\t\t\t\t\t\t\t\t\t\t\t\t\t\t\t<\/div>\n\t\t\t\t<\/div>\n\t\t\t\t\t<\/div>\n\t\t\t\t<\/div>\n\t\t\t\t<section class=\"elementor-section elementor-top-section elementor-element elementor-element-sec-iwgcomp2-anu-hethitisch elementor-section-boxed elementor-section-height-default elementor-section-height-default\" data-id=\"sec-iwgcomp2-anu-hethitisch\" data-element_type=\"section\" data-e-type=\"section\">\n\t\t\t\t\t\t<div class=\"elementor-container elementor-column-gap-default\">\n\t\t\t\t\t<div class=\"elementor-column elementor-col-100 elementor-top-column elementor-element elementor-element-col-iwgcomp2-anu-hethitisch\" data-id=\"col-iwgcomp2-anu-hethitisch\" data-element_type=\"column\" data-e-type=\"column\">\n\t\t\t<div class=\"elementor-widget-wrap elementor-element-populated\">\n\t\t\t\t\t\t<div class=\"elementor-element elementor-element-iwgcomp2-anu-hethitisch elementor-widget elementor-widget-text-editor\" data-id=\"iwgcomp2-anu-hethitisch\" data-element_type=\"widget\" data-e-type=\"widget\" data-widget_type=\"text-editor.default\">\n\t\t\t\t\t\t\t\t\t<p>Anu (\u00ed het\u00edt\u00edsku \u00fatg\u00e1funni) er talinn himingo\u00f0 og forveri Kumarbi \u00ed hinu <strong>hatt\u00edsk-h\u00farr\u00edska<\/strong> <span class=\"iwg-fachbegriff\" data-tooltip=\"Heild gu\u00f0anna \u00ed tr\u00faarbr\u00f6g\u00f0um e\u00f0a menningu.\" tabindex=\"0\">go\u00f0aveldi<\/span>.<\/p>\t\t\t\t\t\t\t\t<\/div>\n\t\t\t\t\t<\/div>\n\t\t<\/div>\n\t\t\t\t\t<\/div>\n\t\t<\/section>\n\t\t<div class=\"elementor-element elementor-element-iwgw-anuhethiti-s0 e-flex e-con-boxed e-con e-parent\" data-id=\"iwgw-anuhethiti-s0\" data-element_type=\"container\" data-e-type=\"container\">\n\t\t\t\t\t<div class=\"e-con-inner\">\n\t\t\t\t<div class=\"elementor-element elementor-element-iwgw-anuhethiti-s0h elementor-widget elementor-widget-heading\" data-id=\"iwgw-anuhethiti-s0h\" data-element_type=\"widget\" data-e-type=\"widget\" data-widget_type=\"heading.default\">\n\t\t\t\t\t<h2 class=\"elementor-heading-title elementor-size-default\">Greining og skammrit<\/h2>\t\t\t\t<\/div>\n\t\t<div class=\"elementor-element elementor-element-iwgw-anuhethiti-s0c e-con-full e-flex e-con e-child\" data-id=\"iwgw-anuhethiti-s0c\" data-element_type=\"container\" data-e-type=\"container\">\n\t\t\t\t<div class=\"elementor-element elementor-element-iwgw-anuhethiti-s0t elementor-widget elementor-widget-text-editor\" data-id=\"iwgw-anuhethiti-s0t\" data-element_type=\"widget\" data-e-type=\"widget\" data-widget_type=\"text-editor.default\">\n\t\t\t\t\t\t\t\t\t<p>Anu er upphaflega \u00e6\u00f0sti himingo\u00f0 s\u00famersk-akkad\u00edsku hef\u00f0arinnar; nafn hans \u00fe\u00fd\u00f0ir \u00e1 s\u00famersku einfaldlega &#8216;himinn&#8217;. \u00cd h\u00farr\u00edsk-het\u00edt\u00edsku m\u00f3tt\u00f6kunni kemur hann fram sem annar konungur himins \u00ed Kumarbi-hringr\u00e1sinni, sta\u00f0a sem gerir hann a\u00f0 mi\u00f0l\u00e6gri en jafnframt framhj\u00e1 gengnum pers\u00f3nu \u00ed gu\u00f0fr\u00e6\u00f0is\u00f6gunni.<\/p><p>Volkert Haas hefur \u00ed <em>Geschichte der hethitischen Religion<\/em> (1994) l\u00fdst \u00edtarlega uppt\u00f6ku mes\u00f3p\u00f3tam\u00edskra gu\u00f0a inn \u00ed hi\u00f0 h\u00farr\u00edska <span class=\"iwg-fachbegriff\" data-tooltip=\"Heild gu\u00f0anna \u00ed tr\u00faarbr\u00f6g\u00f0um e\u00f0a menningu.\" tabindex=\"0\">go\u00f0aveldi<\/span>.<\/p><p>Tr\u00faarbrag\u00f0as\u00f6gulega er Anu d\u00e6mi um fl\u00e6\u00f0i mes\u00f3p\u00f3tam\u00edskrar <span class=\"iwg-fachbegriff\" data-tooltip=\"Fr\u00e6\u00f0ileg kenning um gu\u00f0 og tr\u00fa innan tr\u00faarbrag\u00f0a.\" tabindex=\"0\">gu\u00f0fr\u00e6\u00f0i<\/span> inn \u00e1 anat\u00f3l\u00edsk-s\u00fdrlenskt sv\u00e6\u00f0i.<\/p><p>Me\u00f0an hann var \u00ed S\u00famer og Akkad \u00e6\u00f0sta himingu\u00f0 allt fram \u00e1 fyrsta \u00e1r\u00fe\u00fasund f.Kr., er hann \u00ed <a href=\"https:\/\/iwell-guard.com\/is\/hettitar-anatolia-tarhunna-vernd\/\">het\u00edt\u00edskri hef\u00f0<\/a> fyrst og fremst hluti af gu\u00f0fr\u00e6\u00f0ilegri sk\u00f6punar<span class=\"iwg-fachbegriff\" data-tooltip=\"Hef\u00f0bundin fr\u00e1s\u00f6gn um gu\u00f0i, uppruna og skipulag heimsins.\" tabindex=\"0\">go\u00f0s\u00f6gn<\/span> og kemur l\u00edti\u00f0 fram sj\u00e1lfst\u00e6tt \u00ed <span class=\"iwg-fachbegriff\" data-tooltip=\"Heild tr\u00faarlegra tilbei\u00f0sluathafna fyrir gu\u00f0 e\u00f0a heilaga vera.\" tabindex=\"0\">d\u00fdrkun<\/span>. \u00deessi munur \u00e1 gu\u00f0fr\u00e6\u00f0ilegri st\u00f6\u00f0u og d\u00fdrkunarlegri framkv\u00e6md er athyglisver\u00f0ur \u00ed tr\u00faarbrag\u00f0as\u00f6gulegu tilliti.<\/p><p><span data-nosnippet>Trevor Bryce hefur \u00ed <em>The Kingdom of the Hittites<\/em> (2005) bent \u00e1 gu\u00f0fr\u00e6\u00f0ilega hlutverk Anus sem &#8216;framhj\u00e1 gengins&#8217; himinkonungs: Geldingin hans er sk\u00f6punarverki\u00f0 sem hi\u00f0 yngra gu\u00f0aveldi sprettur af.<\/span><\/p><p>\u00deessi sta\u00f0a r\u00e6\u00f0ur meira um skynjun hans \u00ed het\u00edt\u00edskri tr\u00faarbr\u00f6g\u00f0um en sj\u00e1lfst\u00e6\u00f0 s\u00e9rkenni hans. Mary Bachvarova hefur \u00ed <em>From Hittite to Homer<\/em> (2016) raki\u00f0 n\u00e1kv\u00e6mlega mi\u00f0lun Anus fr\u00e1 mes\u00f3p\u00f3tam\u00edsku sv\u00e6\u00f0i gegnum h\u00farr\u00edska hef\u00f0 yfir \u00ed gr\u00edsku gu\u00f0fr\u00e6\u00f0is\u00f6guna sem \u00daranos.<\/p><p>\u00cd samanbur\u00f0i vi\u00f0 mes\u00f3p\u00f3tam\u00edsku fyrirmyndina er het\u00edt\u00edski Anu \u00fev\u00ed fremur b\u00f3kmenntapers\u00f3na en lifandi d\u00fdrkunargu\u00f0. \u00deessi tilf\u00e6rsla \u00e1herslusvi\u00f0a er d\u00e6miger\u00f0 fyrir het\u00edt\u00edska uppt\u00f6ku mes\u00f3p\u00f3tam\u00edskra gu\u00f0a, sem yfirleitt voru felldir inn \u00ed gu\u00f0fr\u00e6\u00f0ilega-go\u00f0s\u00f6gulega umgj\u00f6r\u00f0 \u00e1n \u00feess a\u00f0 flytja inn allan d\u00fdrkunarb\u00fana\u00f0inn.<\/p>\t\t\t\t\t\t\t\t<\/div>\n\t\t\t\t<\/div>\n\t\t\t\t\t<\/div>\n\t\t\t\t<\/div>\n\t\t<div class=\"elementor-element elementor-element-iwgw-anuhethiti-s1 e-flex e-con-boxed e-con e-parent\" data-id=\"iwgw-anuhethiti-s1\" data-element_type=\"container\" data-e-type=\"container\">\n\t\t\t\t\t<div class=\"e-con-inner\">\n\t\t\t\t<div class=\"elementor-element elementor-element-iwgw-anuhethiti-s1h elementor-widget elementor-widget-heading\" data-id=\"iwgw-anuhethiti-s1h\" data-element_type=\"widget\" data-e-type=\"widget\" data-widget_type=\"heading.default\">\n\t\t\t\t\t<h2 class=\"elementor-heading-title elementor-size-default\">Nafn og or\u00f0sifjar<\/h2>\t\t\t\t<\/div>\n\t\t<div class=\"elementor-element elementor-element-iwgw-anuhethiti-s1c e-con-full e-flex e-con e-child\" data-id=\"iwgw-anuhethiti-s1c\" data-element_type=\"container\" data-e-type=\"container\">\n\t\t\t\t<div class=\"elementor-element elementor-element-iwgw-anuhethiti-s1t elementor-widget elementor-widget-text-editor\" data-id=\"iwgw-anuhethiti-s1t\" data-element_type=\"widget\" data-e-type=\"widget\" data-widget_type=\"text-editor.default\">\n\t\t\t\t\t\t\t\t\t<p>Nafni\u00f0 Anu er s\u00famerskt og \u00fe\u00fd\u00f0ir b\u00f3kstaflega &#8216;himinn&#8217; e\u00f0a &#8216;himinninn&#8217;. \u00c1 akkad\u00edsku er hann skrifa\u00f0ur <em>Anu<\/em>, \u00e1 het\u00edt\u00edsku sem l\u00f3g\u00f3gramm DAN-NA e\u00f0a hlj\u00f3\u00f0r\u00e6nt <em>A-nu-u\u0161<\/em>. \u00cd h\u00farr\u00edska Kumarbi-hringr\u00e1sinni kemur hann fram sem <em>Anu\u0161<\/em>. \u00cd h\u00eder\u00f3gl\u00fdfa-l\u00fav\u00edsku er hann ekki sta\u00f0festur sj\u00e1lfst\u00e6tt; l\u00f3g\u00f3grammi\u00f0 DEUS.CAELUM (&#8216;gu\u00f0 himinsins&#8217;) v\u00edsar fremur til annarra birtingarmynda.<\/p><p>Gu\u00f0fr\u00e6\u00f0ileg merking &#8216;himinn&#8217; er mj\u00f6g fornt \u00e1 s\u00famersku og er \u00ed gu\u00f0fr\u00e6\u00f0is\u00f6gunni skilin sem kosm\u00edsk grunnkategor\u00eda. Anu er ekki gu\u00f0 himinsins heldur himinninn sj\u00e1lfur, skilningur sem var\u00f0veitist einnig \u00ed h\u00farr\u00edsku m\u00f3tt\u00f6kunni.<\/p><p>\u00deessi samsemi gu\u00f0s og kosm\u00edsks svi\u00f0s er fornleg einkenni sem v\u00edkur \u00ed s\u00ed\u00f0ari mes\u00f3p\u00f3tam\u00edskri <span class=\"iwg-fachbegriff\" data-tooltip=\"Heild gu\u00f0anna \u00ed tr\u00faarbr\u00f6g\u00f0um e\u00f0a menningu.\" tabindex=\"0\">go\u00f0aveldi<\/span> fyrir pers\u00f3nulegri gu\u00f0ahugmynd.<\/p><p>\u00c1 akkad\u00edsku kemur hann oft fram \u00ed gu\u00f0at\u00f6lum sem \u00e6\u00f0sti gu\u00f0; \u00ed h\u00farr\u00edsku gu\u00f0at\u00f6lu Ugarit (svok\u00f6llu\u00f0um &#8216;gu\u00f0at\u00f6lum fr\u00e1 Bo\u011fazk\u00f6y&#8217;) stendur hann \u00ed \u00feri\u00f0ja s\u00e6ti eftir Alalu og fyrir Kumarbi. \u00cd het\u00edt\u00edskum vasalasamningum er hann \u00f6\u00f0ru hvoru kalla\u00f0ur \u00e1 sem &#8216;himinninn&#8217;, kosm\u00edskt ei\u00f0arvottur, hlutverk sem endurspeglar kosm\u00edska framsetningu hans.<\/p>\t\t\t\t\t\t\t\t<\/div>\n\t\t\t\t<\/div>\n\t\t\t\t\t<\/div>\n\t\t\t\t<\/div>\n\t\t<div class=\"elementor-element elementor-element-iwgw-anuhethiti-s2 e-flex e-con-boxed e-con e-parent\" data-id=\"iwgw-anuhethiti-s2\" data-element_type=\"container\" data-e-type=\"container\">\n\t\t\t\t\t<div class=\"e-con-inner\">\n\t\t\t\t<div class=\"elementor-element elementor-element-iwgw-anuhethiti-s2h elementor-widget elementor-widget-heading\" data-id=\"iwgw-anuhethiti-s2h\" data-element_type=\"widget\" data-e-type=\"widget\" data-widget_type=\"heading.default\">\n\t\t\t\t\t<h2 class=\"elementor-heading-title elementor-size-default\">L\u00fdsing og myndm\u00e1l<\/h2>\t\t\t\t<\/div>\n\t\t<div class=\"elementor-element elementor-element-iwgw-anuhethiti-s2c e-con-full e-flex e-con e-child\" data-id=\"iwgw-anuhethiti-s2c\" data-element_type=\"container\" data-e-type=\"container\">\n\t\t\t\t<div class=\"elementor-element elementor-element-iwgw-anuhethiti-s2t elementor-widget elementor-widget-text-editor\" data-id=\"iwgw-anuhethiti-s2t\" data-element_type=\"widget\" data-e-type=\"widget\" data-widget_type=\"text-editor.default\">\n\t\t\t\t\t\t\t\t\t<p>Anu hefur \u00ed h\u00farr\u00edsk-het\u00edt\u00edskri myndlist enga eina fasta mynd. \u00cd Yaz\u0131l\u0131kaya er hann ekki me\u00f0 vissu au\u00f0kenndur. \u00c1 nokkrum innsiglum fr\u00e1 Nuzi og Alala\u1e2b kemur m\u00f6gulega fram &#8216;Anu me\u00f0 hornak\u00f3r\u00f3nu&#8217;, en au\u00f0kenningin er umdeild. Volkert Haas hefur bent \u00e1 a\u00f0 Anu s\u00e9 fremur &#8216;gu\u00f0fr\u00e6\u00f0ilegt hugtak&#8217; en myndlistarleg vera.<\/p><p>\u00cd mes\u00f3p\u00f3tam\u00edsku samhengi kemur hann fram sem h\u00e1s\u00e6tisgu\u00f0 me\u00f0 hornak\u00f3r\u00f3nu og veldissprota; \u00ed nokkrum s\u00ed\u00f0ari myndum me\u00f0 stj\u00f6rnuramma sem t\u00e1kna n\u00e6tur himininn. \u00cd het\u00edt\u00edskum textum er honum ekki \u00fathluta\u00f0 s\u00e9rstakri d\u00fdra- e\u00f0a jurtat\u00e1knmynd.<\/p><p>S\u00e9rkenni hans er kosm\u00edsk \u00fatbrei\u00f0sla: Anu er samt\u00edmis \u00e6\u00f0sta himinssvi\u00f0i\u00f0 og pers\u00f3nugerving \u00feess svi\u00f0s. \u00deetta tv\u00f6falda hlutverk gerir hann erfitt a\u00f0 fanga myndlistarlega. Fr\u00e6\u00f0ilega telst hann til ger\u00f0ar kosm\u00edsks skapara gu\u00f0s, sem einkennist af forgangsst\u00f6\u00f0u \u00ed gu\u00f0fr\u00e6\u00f0is\u00f6gulegu skipulagi en ekki af pers\u00f3nulegri virkni.<\/p>\t\t\t\t\t\t\t\t<\/div>\n\t\t\t\t<\/div>\n\t\t\t\t\t<\/div>\n\t\t\t\t<\/div>\n\t\t<div class=\"elementor-element elementor-element-iwgw-anuhethiti-s3 e-flex e-con-boxed e-con e-parent\" data-id=\"iwgw-anuhethiti-s3\" data-element_type=\"container\" data-e-type=\"container\">\n\t\t\t\t\t<div class=\"e-con-inner\">\n\t\t\t\t<div class=\"elementor-element elementor-element-iwgw-anuhethiti-s3h elementor-widget elementor-widget-heading\" data-id=\"iwgw-anuhethiti-s3h\" data-element_type=\"widget\" data-e-type=\"widget\" data-widget_type=\"heading.default\">\n\t\t\t\t\t<h2 class=\"elementor-heading-title elementor-size-default\">Go\u00f0sagnakenndar fr\u00e1sagnir<\/h2>\t\t\t\t<\/div>\n\t\t<div class=\"elementor-element elementor-element-iwgw-anuhethiti-s3c e-con-full e-flex e-con e-child\" data-id=\"iwgw-anuhethiti-s3c\" data-element_type=\"container\" data-e-type=\"container\">\n\t\t\t\t<div class=\"elementor-element elementor-element-iwgw-anuhethiti-s3t elementor-widget elementor-widget-text-editor\" data-id=\"iwgw-anuhethiti-s3t\" data-element_type=\"widget\" data-e-type=\"widget\" data-widget_type=\"text-editor.default\">\n\t\t\t\t\t\t\t\t\t<p>Meginheimildin um Anu \u00ed hurr\u00edska-hett\u00edt\u00edska samhenginu er &#8216;Kv\u00e6\u00f0i\u00f0 um konungd\u00f3minn \u00e1 himnum&#8217; (CTH 344), hluti af Kumarbi-hringnum. Textinn var gefinn \u00fat af Hans G\u00fcterbock (1946) og \u00fe\u00fdddur af Beckman \u00ed <em>Hittite Myths<\/em> (1998).<\/p><p>S\u00f6gu\u00fer\u00e1\u00f0urinn \u00ed gr\u00f3fum dr\u00e1ttum: Alalu var fyrsti konungur himinsins; eftir n\u00edu \u00e1r velti Anu honum \u00far sessi og sendi hann \u00ed undirheimana. Anu r\u00edkti \u00ed n\u00edu \u00e1r, \u00fe\u00e1 velti <a href=\"https:\/\/iwell-guard.com\/is\/?page_id=168962\">Kumarbi<\/a> honum \u00far sessi, greip hann og beit af honum eistun me\u00f0 t\u00f6nnunum.<\/p><p>&#8216;S\u00e6\u00f0i&#8217; Anu fl\u00e6ddi \u00fe\u00e1 inn \u00ed Kumarbi; \u00far s\u00e6\u00f0inu vaxu \u00fer\u00edr gu\u00f0ir inni \u00ed Kumarbi: <a href=\"https:\/\/iwell-guard.com\/is\/?page_id=168963\">Teshub<\/a>, T\u00edgris-gu\u00f0inn Aranza\u1e2b og einn gu\u00f0 til vi\u00f0b\u00f3tar. Anu hl\u00e6r af himnum yfir kv\u00f6lum Kumarbis, tilkynnir komandi f\u00e6\u00f0ingu hefndarafkomenda sinna og sleppur upp til himins.<\/p><p><span data-nosnippet>\u00deessi fr\u00e1s\u00f6gn er eitt fr\u00e6gasta gu\u00f0fr\u00e6\u00f0ilega upphafsstef (\u00feeog\u00f3n\u00ed) fornaustr\u00e6nna b\u00f3kmennta og er \u00ed samanbur\u00f0ar-<span class=\"iwg-fachbegriff\" data-tooltip=\"V\u00edsindin sem rannsaka tr\u00faarbr\u00f6g\u00f0 samanbur\u00f0arlega og \u00e1n tr\u00faarlegrar skuldbindingar.\" tabindex=\"0\">tr\u00faarbrag\u00f0afr\u00e6\u00f0i<\/span> talin mikilv\u00e6gasta fyrirmynd gr\u00edska \u00daranos-<span class=\"iwg-fachbegriff\" data-tooltip=\"Hef\u00f0bundin fr\u00e1s\u00f6gn um gu\u00f0i, uppruna og skipulag heimsins.\" tabindex=\"0\">go\u00f0s\u00f6gunnar<\/span>. Walter Burkert hefur \u00ed <em>Die orientalisierende Epoche<\/em> (1984) og \u00ed <em>Babylon, Memphis, Persepolis<\/em> (2003) fjalla\u00f0 \u00edtarlega um hli\u00f0st\u00e6\u00f0urnar.<\/span><\/p><p>B\u00e6\u00f0i skyldleiki byggingarins (kynsl\u00f3\u00f0ar\u00f6\u00f0, geldun f\u00f6\u00f0urins af syninum) og sameiginlegt <span class=\"iwg-fachbegriff\" data-tooltip=\"Endurteki\u00f0 innihaldslegt atri\u00f0i \u00ed list e\u00f0a fr\u00e1s\u00f6gn.\" tabindex=\"0\">minni<\/span> um getna\u00f0 me\u00f0 \u00fatrennandi s\u00e6\u00f0i gera tr\u00faars\u00f6gulega tengingu l\u00edklega, \u00fe\u00f3tt n\u00e1kv\u00e6mar lei\u00f0ir yfirf\u00e6rslunnar s\u00e9u enn deiluefni.<\/p><p>\u00cd annarri fr\u00e1s\u00f6gn, sem var\u00f0veitt er \u00ed brotum, er kosm\u00edskri skipan endur\u00fathluta\u00f0: Anu f\u00e6r himininn, Kumarbi j\u00f6r\u00f0ina, Teshub loftin.<\/p><p>\u00deessi kosm\u00edska skipting, sem minnir \u00e1 gr\u00edska skiptingu milli Seifs, P\u00f3seidons og Hadesar, er s\u00f6guleg athyglisver\u00f0. \u00cd hurr\u00edsku go\u00f0alistunum er h\u00fan nefnd &#8216;\u00der\u00edr heimar&#8217; og er grundv\u00f6llur gu\u00f0fr\u00e6\u00f0ilegrar uppbyggingar hurr\u00edska go\u00f0aheimsins.<\/p>\t\t\t\t\t\t\t\t<\/div>\n\t\t\t\t<\/div>\n\t\t\t\t\t<\/div>\n\t\t\t\t<\/div>\n\t\t<div class=\"elementor-element elementor-element-iwgw-anuhethiti-s4 e-flex e-con-boxed e-con e-parent\" data-id=\"iwgw-anuhethiti-s4\" data-element_type=\"container\" data-e-type=\"container\">\n\t\t\t\t\t<div class=\"e-con-inner\">\n\t\t\t\t<div class=\"elementor-element elementor-element-iwgw-anuhethiti-s4h elementor-widget elementor-widget-heading\" data-id=\"iwgw-anuhethiti-s4h\" data-element_type=\"widget\" data-e-type=\"widget\" data-widget_type=\"heading.default\">\n\t\t\t\t\t<h2 class=\"elementor-heading-title elementor-size-default\">D\u00fdrkun og tilbei\u00f0sla<\/h2>\t\t\t\t<\/div>\n\t\t<div class=\"elementor-element elementor-element-iwgw-anuhethiti-s4c e-con-full e-flex e-con e-child\" data-id=\"iwgw-anuhethiti-s4c\" data-element_type=\"container\" data-e-type=\"container\">\n\t\t\t\t<div class=\"elementor-element elementor-element-iwgw-anuhethiti-s4t elementor-widget elementor-widget-text-editor\" data-id=\"iwgw-anuhethiti-s4t\" data-element_type=\"widget\" data-e-type=\"widget\" data-widget_type=\"text-editor.default\">\n\t\t\t\t\t\t\t\t\t<p>\u00d3l\u00edkt Mes\u00f3p\u00f3tam\u00edu, \u00fear sem Anu haf\u00f0i eigi\u00f0 <span class=\"iwg-fachbegriff\" data-tooltip=\"Byggingu sem tileinku\u00f0 er tilbei\u00f0slu \u00e1 einum e\u00f0a fleiri gu\u00f0um.\" tabindex=\"0\">musteri<\/span> \u00ed \u00dar\u00fak (Eanna, sameiginlegt me\u00f0 In\u00f6nnu\/I\u0161tar), eru engin st\u00e6rri sj\u00e1lfst\u00e6\u00f0 Anu-helgista\u00f0i \u00ed Anat\u00f3l\u00edu. Volkert Haas s\u00fdnir a\u00f0 Anu kemur reglulega fyrir \u00ed hett\u00edt\u00edskum go\u00f0alistum, en varla \u00ed h\u00e1t\u00ed\u00f0ardagat\u00f6lum e\u00f0a \u00ed daglegri musteris\u00fej\u00f3nustu.<\/p><p>Undantekning eru hurr\u00edsk-hett\u00edt\u00edsk ei\u00f0arit\u00fa\u00f6l, \u00fear sem Anu er kalla\u00f0ur fram sem &#8216;himinn&#8217; og vottur ei\u00f0sins. Ei\u00f0aform\u00e1linn &#8216;himinn og j\u00f6r\u00f0 skulu heyra \u00feetta&#8217; er v\u00ed\u00f0a til \u00ed fornu austri og sta\u00f0festur \u00ed hett\u00edt\u00edskum s\u00e1ttm\u00e1lum; Anu pers\u00f3nugerir \u00ed sl\u00edku samhengi &#8216;himininn&#8217;.<\/p><p>\u00cd hurr\u00edskum <span class=\"iwg-fachbegriff\" data-tooltip=\"Heild gu\u00f0anna \u00ed tr\u00faarbr\u00f6g\u00f0um e\u00f0a menningu.\" tabindex=\"0\">go\u00f0aheims<\/span>-listum, me\u00f0al annars \u00ed go\u00f0alistunum fr\u00e1 Bo\u011fazk\u00f6y, stendur Anu jafnan \u00ed efri r\u00f6\u00f0um, sem bendir til gu\u00f0fr\u00e6\u00f0ilegrar vir\u00f0ingar \u00e1n hagn\u00fdtrar tilbei\u00f0slu.<\/p><p>Tr\u00faars\u00f6gulega er \u00feessi fjarl\u00e6g\u00f0 milli gu\u00f0fr\u00e6\u00f0ilegs sess og skorts \u00e1 tilbei\u00f0slu einkar athyglisver\u00f0. \u00cd h\u00e1t\u00ed\u00f0arf\u00f3rnarlistum kemur hann fram sem vi\u00f0takandi sm\u00e1rra f\u00f3rnarhluta, brau\u00f0s, bj\u00f3rs, v\u00edns, sem venjulega eru veittir \u00ed heild sem hluti af go\u00f0alistanni, \u00e1n s\u00e9rstakrar tilbei\u00f0sluathygli.<\/p><p>\u00cd hurr\u00edsku <em>itkahi<\/em>-ei\u00f0arit\u00fa\u00f6lunum er Anu \u00e1kalla\u00f0ur \u00e1samt &#8216;j\u00f6r\u00f0inni, fj\u00f6llum, \u00e1m, lindum, vindi og sk\u00fdjum&#8217; sem kosm\u00edskur vottur. \u00deessi rit\u00faal\u00edsera\u00f0a n\u00e1tt\u00faru\u00e1k\u00f6lun er hluti af hinu fornaustr\u00e6na sta\u00f0la\u00f0a formi fyrir s\u00e1ttm\u00e1lsei\u00f0a og s\u00fdnir hlutverk Anu sem pers\u00f3nugervings alheimsins, ekki sem einstaklingsbundins gu\u00f0s.<\/p>\t\t\t\t\t\t\t\t<\/div>\n\t\t\t\t<\/div>\n\t\t\t\t\t<\/div>\n\t\t\t\t<\/div>\n\t\t<div class=\"elementor-element elementor-element-iwgw-anuhethiti-s5 e-flex e-con-boxed e-con e-parent\" data-id=\"iwgw-anuhethiti-s5\" data-element_type=\"container\" data-e-type=\"container\">\n\t\t\t\t\t<div class=\"e-con-inner\">\n\t\t\t\t<div class=\"elementor-element elementor-element-iwgw-anuhethiti-s5h elementor-widget elementor-widget-heading\" data-id=\"iwgw-anuhethiti-s5h\" data-element_type=\"widget\" data-e-type=\"widget\" data-widget_type=\"heading.default\">\n\t\t\t\t\t<h2 class=\"elementor-heading-title elementor-size-default\">Verndara\u00f0ger\u00f0ir og fr\u00e1hrindandi t\u00e1kn<\/h2>\t\t\t\t<\/div>\n\t\t<div class=\"elementor-element elementor-element-iwgw-anuhethiti-s5c e-con-full e-flex e-con e-child\" data-id=\"iwgw-anuhethiti-s5c\" data-element_type=\"container\" data-e-type=\"container\">\n\t\t\t\t<div class=\"elementor-element elementor-element-iwgw-anuhethiti-s5t elementor-widget elementor-widget-text-editor\" data-id=\"iwgw-anuhethiti-s5t\" data-element_type=\"widget\" data-e-type=\"widget\" data-widget_type=\"text-editor.default\">\n\t\t\t\t\t\t\t\t\t<p>Anu var \u00ed hett\u00edt\u00edsku samhengi s\u00ednu varla \u00e1kalla\u00f0ur sem verndargu\u00f0; hlutverk hans er fremur \u00feeog\u00f3n\u00edskt og kosm\u00f3l\u00f3g\u00edskt en einstaklingsbundinn verndari. \u00cd ei\u00f0arit\u00fa\u00f6lum er &#8216;hlustun&#8217; hans sta\u00f0fest sem ei\u00f0svottur; bein verndara\u00f0ger\u00f0 fyrir ei\u00f0takann er ekki var\u00f0veitt.<\/p><p><span data-nosnippet>Verndarathafnir me\u00f0 beinni tilv\u00edsun til Anu eru ekki sta\u00f0festar \u00ed hett\u00edt\u00edskum heimildum. \u00cd mes\u00f3p\u00f3tam\u00edskum galdrarit\u00fa\u00f6lum er hann \u00f6\u00f0ru hverju \u00e1kalla\u00f0ur, en varla \u00ed hett\u00edt\u00edsku samhengi. Volkert Haas s\u00fdndi \u00ed <em>Materia Magica et Medica Hethitica<\/em> (2003) a\u00f0 hett\u00edt\u00edsk verndarrit\u00faalfr\u00e6\u00f0i n\u00fdtti fyrst og fremst sta\u00f0bundna anat\u00f3l\u00edska gu\u00f0i, s\u00ed\u00f0an hurr\u00edska, og a\u00f0eins a\u00f0 litlu leyti mes\u00f3p\u00f3tam\u00edskar innfluttar hef\u00f0ir.<\/span><\/p><p>\u00deetta hl\u00e9dr\u00e6gni \u00ed tilbei\u00f0slu s\u00fdnir gl\u00f6ggt hinn gu\u00f0fr\u00e6\u00f0ilega-hlutverkslega e\u00f0li Anu \u00ed hett\u00edt\u00edska <span class=\"iwg-fachbegriff\" data-tooltip=\"Heild gu\u00f0anna \u00ed tr\u00faarbr\u00f6g\u00f0um e\u00f0a menningu.\" tabindex=\"0\">go\u00f0aheiminum<\/span>: hann er fremur sta\u00f0a \u00ed \u00feeog\u00f3n\u00edskri r\u00f6\u00f0 en lifandi tilbei\u00f0sluvera.<\/p><p>iWell Guard skr\u00e1ir hann sem s\u00f6guleg-go\u00f0afr\u00e6\u00f0ilega pers\u00f3nu \u00e1n virkrar verndarvirkni \u00ed dag. \u00de\u00fd\u00f0ing hans felst einv\u00f6r\u00f0ungu \u00ed \u00feeog\u00f3n\u00edsku fr\u00e1s\u00f6gninni og \u00ed hlutverki hans sem mi\u00f0lara fyrir s\u00f6gulega yfirf\u00e6rslu \u00feeog\u00f3n\u00ednna milli Austurlanda og Hellas.<\/p><p>\u00der\u00e1tt fyrir ja\u00f0arst\u00f6\u00f0u s\u00edna \u00ed tilbei\u00f0slu er Anu \u00e1fram vi\u00f0staddur \u00ed ei\u00f0aform\u00falum sem tryggingara\u00f0ili. \u00cd undirs\u00e1ta-s\u00e1ttm\u00e1lunum er ei\u00f0aform\u00e1linn &#8216;himinn og j\u00f6r\u00f0 skulu heyra \u00feetta&#8217; oft \u00fatf\u00e6r\u00f0ur \u00feannig a\u00f0 Anu, j\u00f6r\u00f0, fj\u00f6ll og \u00e1r eru \u00e1k\u00f6llu\u00f0 hvert fyrir sig. \u00deessi rit\u00faal\u00edsera\u00f0a n\u00e1tt\u00faru\u00e1k\u00f6lun s\u00fdnir a\u00f0 Anu, \u00fe\u00f3tt hann v\u00e6ri ekki pers\u00f3nulegur verndari, h\u00e9lt \u00e1fram a\u00f0 lifa sem kosm\u00edsk ei\u00f0stofnun.<\/p>\t\t\t\t\t\t\t\t<\/div>\n\t\t\t\t<\/div>\n\t\t\t\t\t<\/div>\n\t\t\t\t<\/div>\n\t\t<div class=\"elementor-element elementor-element-iwgw-anuhethiti-s6 e-flex e-con-boxed e-con e-parent\" data-id=\"iwgw-anuhethiti-s6\" data-element_type=\"container\" data-e-type=\"container\">\n\t\t\t\t\t<div class=\"e-con-inner\">\n\t\t\t\t<div class=\"elementor-element elementor-element-iwgw-anuhethiti-s6h elementor-widget elementor-widget-heading\" data-id=\"iwgw-anuhethiti-s6h\" data-element_type=\"widget\" data-e-type=\"widget\" data-widget_type=\"heading.default\">\n\t\t\t\t\t<h2 class=\"elementor-heading-title elementor-size-default\">Hli\u00f0st\u00e6\u00f0ur \u00ed \u00f6\u00f0rum menningarheimum<\/h2>\t\t\t\t<\/div>\n\t\t<div class=\"elementor-element elementor-element-iwgw-anuhethiti-s6c e-con-full e-flex e-con e-child\" data-id=\"iwgw-anuhethiti-s6c\" data-element_type=\"container\" data-e-type=\"container\">\n\t\t\t\t<div class=\"elementor-element elementor-element-iwgw-anuhethiti-s6t elementor-widget elementor-widget-text-editor\" data-id=\"iwgw-anuhethiti-s6t\" data-element_type=\"widget\" data-e-type=\"widget\" data-widget_type=\"text-editor.default\">\n\t\t\t\t\t\t\t\t\t<p>Mikilv\u00e6gasta hli\u00f0st\u00e6\u00f0an er gr\u00edski \u00daranos: Eins og Anu er \u00daranos ger\u00f0ur geldur af syni s\u00ednum, h\u00e9r me\u00f0 sig\u00f0 Kr\u00f3nosar, og s\u00e6\u00f0i\u00f0 sem fl\u00e6\u00f0ir \u00fat skapar gu\u00f0legar og \u00f3gnvekjandi verur.<\/p><p>Afr\u00f3d\u00edta ver\u00f0ur til \u00far s\u00e6\u00f0inu sem fellur \u00ed hafi\u00f0. Hli\u00f0st\u00e6\u00f0urnar vi\u00f0 h\u00farr\u00edsk-hett\u00edt\u00edska Anu-Kumarbi-<span class=\"iwg-fachbegriff\" data-tooltip=\"Var\u00f0veitt fr\u00e1s\u00f6gn um gu\u00f0i, uppruna og skipan heimsins.\" tabindex=\"0\">go\u00f0s\u00f6guna<\/span> eru svo n\u00e1in a\u00f0 Hans G\u00fcterbock benti \u00e1 \u00fea\u00f0 \u00feegar 1946 og Walter Burkert hefur \u00ed fj\u00f6lda ranns\u00f3kna sett fram tilg\u00e1tu um bein \u00e1hrif.<\/p><p>\u00cd <a href=\"https:\/\/iwell-guard.com\/is\/fonikiumenn-og-kartago-baal-tanit\/\">f\u00f6nik\u00edska gu\u00f0aveldinu<\/a> er ekkert samb\u00e6rilegt geldingar-gu\u00f0a\u00e6ttartal beinl\u00ednis sta\u00f0fest, en F\u00edlon fr\u00e1 Byblos vitnar \u00fe\u00f3 \u00ed gu\u00f0a\u00e6ttartalsbrot sem s\u00fdna byggingarlega svipa\u00f0ar kynsl\u00f3\u00f0ara\u00f0ir. Albert Baumgarten hefur \u00ed <em>The Phoenician History of Philo of Byblos<\/em> (1981) fjalla\u00f0 \u00edtarlega um hli\u00f0st\u00e6\u00f0urnar.<\/p><p>Tr\u00faars\u00f6gulega er Anu lykilvitni um flutning gu\u00f0a\u00e6ttartalsins fr\u00e1 Mes\u00f3p\u00f3tam\u00edu \u00ed gegnum Anat\u00f3l\u00edu til Grikklands. Mary Bachvarova hefur \u00ed <em>From Hittite to Homer<\/em> (2016) rannsaka\u00f0 flutningslei\u00f0irnar \u00edtarlega og s\u00fdnt a\u00f0 h\u00farr\u00edsku s\u00f6ngvararnir (kaluti) og mi\u00f0lun um Nor\u00f0ur-S\u00fdrland og K\u00fdpur voru mikilv\u00e6gustu flutningslei\u00f0irnar.<\/p><p>S\u00e9rstakur vandi \u00ed ranns\u00f3knum \u00e1 Anu \u00ed hett\u00edt\u00edsku samhengi er a\u00f0 greina \u00e1 milli &#8216;Anu sem mes\u00f3p\u00f3tam\u00edsks h\u00f6fu\u00f0gu\u00f0s&#8217; og &#8216;Anu \u00ed Kumarbi-hringnum sem st\u00f6\u00f0u \u00ed gu\u00f0a\u00e6ttartali&#8217;. \u00de\u00f3tt \u00feetta tvennt tengist er verksvi\u00f0 \u00feeirra \u00f3l\u00edkt: \u00cd Mes\u00f3p\u00f3tam\u00edu er Anu virkur \u00ed d\u00fdrkun, en \u00ed hett\u00edt\u00edsku efninu er hann fyrst og fremst go\u00f0sagnalegur og b\u00f3kmenntalegur.<\/p><p>\u00cd samanbur\u00f0i vi\u00f0 vestursem\u00edska gu\u00f0inn El, sem hefur svipa\u00f0 hlutverk f\u00f6\u00f0urgu\u00f0s, er go\u00f0s\u00f6gulegt hlutverk Anu enn \u00ferengra bundi\u00f0 vi\u00f0 sk\u00f6punarr\u00f6\u00f0ina. El er \u00e1fram virkur sem \u00e6\u00f0sti f\u00f6\u00f0urgu\u00f0 \u00ed \u00fagar\u00edsku textunum, en Anu er \u00fdtt til hli\u00f0ar me\u00f0 kynsl\u00f3\u00f0ar\u00f6\u00f0inni. \u00deessi munur er s\u00f6gulega mikilv\u00e6gur.<\/p>\t\t\t\t\t\t\t\t<\/div>\n\t\t\t\t<\/div>\n\t\t\t\t\t<\/div>\n\t\t\t\t<\/div>\n\t\t<div class=\"elementor-element elementor-element-iwgw-anuhethiti-s7 e-flex e-con-boxed e-con e-parent\" data-id=\"iwgw-anuhethiti-s7\" data-element_type=\"container\" data-e-type=\"container\">\n\t\t\t\t\t<div class=\"e-con-inner\">\n\t\t\t\t<div class=\"elementor-element elementor-element-iwgw-anuhethiti-s7h elementor-widget elementor-widget-heading\" data-id=\"iwgw-anuhethiti-s7h\" data-element_type=\"widget\" data-e-type=\"widget\" data-widget_type=\"heading.default\">\n\t\t\t\t\t<h2 class=\"elementor-heading-title elementor-size-default\">N\u00fat\u00edmavi\u00f0t\u00f6kur og ranns\u00f3knir<\/h2>\t\t\t\t<\/div>\n\t\t<div class=\"elementor-element elementor-element-iwgw-anuhethiti-s7c e-con-full e-flex e-con e-child\" data-id=\"iwgw-anuhethiti-s7c\" data-element_type=\"container\" data-e-type=\"container\">\n\t\t\t\t<div class=\"elementor-element elementor-element-iwgw-anuhethiti-s7t elementor-widget elementor-widget-text-editor\" data-id=\"iwgw-anuhethiti-s7t\" data-element_type=\"widget\" data-e-type=\"widget\" data-widget_type=\"text-editor.default\">\n\t\t\t\t\t\t\t\t\t<p>Anu-ranns\u00f3knir \u00ed het\u00edt\u00edsku samhengi eru fyrst og fremst hluti af ranns\u00f3knum \u00e1 Kumarbi-hringr\u00e1sinni. Mikilv\u00e6g framl\u00f6g liggja fyrir fr\u00e1 G\u00fcterbock, Beckman, Hoffner, Bachvarova og Burkert. \u00cd v\u00ed\u00f0ara mes\u00f3p\u00f3tam\u00edsku samhengi eru Anu-ranns\u00f3knir Wolfgangs Heimpel og Andrew George sta\u00f0alheimildir. \u00datg\u00e1fa Bertins og Beaulieu \u00e1 Eanna-safninu fr\u00e1 Uruk veitir efni um helgid\u00fdrkun Anus \u00e1 mes\u00f3p\u00f3tam\u00edsku sv\u00e6\u00f0i.<\/p><p>Anu er varla \u00feekktur me\u00f0al almennings; hann kemur stundum fyrir \u00ed sk\u00e1ldu\u00f0um \u00fatg\u00e1fum af <span class=\"iwg-fachbegriff\" data-tooltip=\"Heildarsafn var\u00f0veittra go\u00f0sagna um gu\u00f0i \u00ed tiltekinni menningu.\" tabindex=\"0\">go\u00f0afr\u00e6\u00f0i<\/span> Austurlanda n\u00e6r til forna. \u00cd fr\u00e6\u00f0ilegum tr\u00faarbrag\u00f0aranns\u00f3knum er hann mi\u00f0l\u00e6gt vi\u00f0fangsefni fyrir gu\u00f0fr\u00e6\u00f0i (theog\u00f3n\u00edu) og \u00e6ttart\u00f6lu gu\u00f0anna. Andlega endurvakningu \u00ed n\u00fdhei\u00f0num skilningi er ekki a\u00f0 finna.<\/p><p>Fr\u00e6\u00f0ilega s\u00e9\u00f0 telst Anu \u00ed het\u00edt\u00edsku samhengi mikilv\u00e6gur hlekkur \u00ed gu\u00f0fr\u00e6\u00f0ilegu ke\u00f0junni og lykilvitni um tengsl milli go\u00f0sagna Austurlanda n\u00e6r og Grikklands. iWell Guard fjallar \u00fev\u00ed um hann sem s\u00f6gulega og go\u00f0sagnalega veru \u00e1n nokkurs n\u00faverandi verndargildis.<\/p><p>\u00c1hugavert ranns\u00f3knarefni um \u00feessar mundir er hvernig gu\u00f0fr\u00e6\u00f0i Anus barst \u00ed gegnum f\u00f6nik\u00edska hef\u00f0 til gr\u00edsks menningarheims. \u00datg\u00e1fa Alberts Baumgarten \u00e1 verkum Fil\u00f3s fr\u00e1 B\u00fdblos, \u00e1samt ranns\u00f3knum Bonnet \u00e1 f\u00f6nik\u00edsk-gr\u00edskum tengslum, s\u00fdnir a\u00f0 gu\u00f0fr\u00e6\u00f0ileg minni b\u00e1rust til hins gr\u00edska heims eftir fleiri en einni lei\u00f0.<\/p>\t\t\t\t\t\t\t\t<\/div>\n\t\t\t\t<\/div>\n\t\t\t\t\t<\/div>\n\t\t\t\t<\/div>\n\t\t<div class=\"elementor-element elementor-element-iwgw-anuhethiti-s8 e-flex e-con-boxed e-con e-parent\" data-id=\"iwgw-anuhethiti-s8\" data-element_type=\"container\" data-e-type=\"container\">\n\t\t\t\t\t<div class=\"e-con-inner\">\n\t\t\t\t<div class=\"elementor-element elementor-element-iwgw-anuhethiti-s8h elementor-widget elementor-widget-heading\" data-id=\"iwgw-anuhethiti-s8h\" data-element_type=\"widget\" data-e-type=\"widget\" data-widget_type=\"heading.default\">\n\t\t\t\t\t<h2 class=\"elementor-heading-title elementor-size-default\">Heimildir og b\u00f3kmenntir<\/h2>\t\t\t\t<\/div>\n\t\t<div class=\"elementor-element elementor-element-iwgw-anuhethiti-s8c e-con-full e-flex e-con e-child\" data-id=\"iwgw-anuhethiti-s8c\" data-element_type=\"container\" data-e-type=\"container\">\n\t\t\t\t<div class=\"elementor-element elementor-element-iwgw-anuhethiti-s8t elementor-widget elementor-widget-text-editor\" data-id=\"iwgw-anuhethiti-s8t\" data-element_type=\"widget\" data-e-type=\"widget\" data-widget_type=\"text-editor.default\">\n\t\t\t\t\t\t\t\t\t<p>Mikilv\u00e6g heimildarrit um ranns\u00f3knir \u00e1 Anu \u00ed hett\u00edt\u00edsku samhengi eru tekin saman h\u00e9r a\u00f0 ne\u00f0an; \u00feau n\u00e1 yfir \u00fatg\u00e1fur gu\u00f0a\u00e6ttartals, samanbur\u00f0arranns\u00f3knir \u00ed tr\u00faarbrag\u00f0afr\u00e6\u00f0um og yfirlitsverk. Fyrsta \u00fatg\u00e1fa Hans G\u00fcterbock \u00e1 Kumarbi-hringnum er textafr\u00e6\u00f0ilegur grundv\u00f6llur; \u00fe\u00fd\u00f0ing Beckmans gerir efni\u00f0 a\u00f0gengilegt \u00e1 ensku.<\/p><p>B\u00e6\u00f0i verk Walters Burkert um austurlenska t\u00edmabili\u00f0 og flutning gu\u00f0a\u00e6ttartals eru mikilv\u00e6gustu framl\u00f6gin til samanbur\u00f0arranns\u00f3kna \u00ed tr\u00faarbrag\u00f0afr\u00e6\u00f0um. Yfirlitsverk Bachvarova gefur n\u00faverandi s\u00fdn \u00e1 tengsl Hett\u00edta og H\u00f3mers me\u00f0 n\u00e1kv\u00e6mum flutningslei\u00f0um.<\/p>\t\t\t\t\t\t\t\t<\/div>\n\t\t\t\t<\/div>\n\t\t\t\t\t<\/div>\n\t\t\t\t<\/div>\n\t\t<div class=\"elementor-element elementor-element-cp20fdaf04 e-flex e-con-boxed e-con e-parent\" data-id=\"cp20fdaf04\" data-element_type=\"container\" data-e-type=\"container\">\n\t\t\t\t\t<div class=\"e-con-inner\">\n\t\t\t\t<div class=\"elementor-element elementor-element-cp2206d895 elementor-widget elementor-widget-heading\" data-id=\"cp2206d895\" data-element_type=\"widget\" data-e-type=\"widget\" data-widget_type=\"heading.default\">\n\t\t\t\t\t<h2 class=\"elementor-heading-title elementor-size-default\">Anu \u00ed Kumarbi-hringnum \u00e1 hett\u00edt\u00edsku leirt\u00f6flunum<\/h2>\t\t\t\t<\/div>\n\t\t<div class=\"elementor-element elementor-element-cp25a26074 e-flex e-con-boxed e-con e-child\" data-id=\"cp25a26074\" data-element_type=\"container\" data-e-type=\"container\">\n\t\t\t\t\t<div class=\"e-con-inner\">\n\t\t\t\t<div class=\"elementor-element elementor-element-cp27fb1287 elementor-widget elementor-widget-text-editor\" data-id=\"cp27fb1287\" data-element_type=\"widget\" data-e-type=\"widget\" data-widget_type=\"text-editor.default\">\n\t\t\t\t\t\t\t\t\t<p>Hett\u00edt\u00edski Anu er ekki s\u00e1 sami og mes\u00f3p\u00f3tam\u00edski himingu\u00f0inn Anu, jafnvel \u00fe\u00f3tt hann b\u00e6ri sama nafn. Hann kemur fyrst og fremst fram \u00ed leirt\u00f6flunum \u00ed svok\u00f6llu\u00f0um Kumarbi-hring fr\u00e1 Hatt\u00fasa, h\u00f3pi h\u00farr\u00edsk-hett\u00edt\u00edskra fr\u00e1sagna um r\u00f6\u00f0 gu\u00f0akonunga.<\/p><p>Meginteksti \u00feessa h\u00f3ps er \u00ed ranns\u00f3knum oftast nefndur <em>Konungd\u00f3mur \u00e1 himnum<\/em> e\u00f0a <em>Gu\u00f0a\u00e6ttartal<\/em> og var fyrst gefinn \u00fat \u00ed heild sinni af Hans Gustav G\u00fcterbock.<\/p><p>\u00cd \u00feessum texta er Anu \u00ed upphafi r\u00f6\u00f0 stj\u00f3rnanda. \u00c1 undan honum haf\u00f0i Alalu r\u00edkt \u00ed n\u00edu \u00e1r, \u00fear til Anu felldi hann og \u00fatl\u00e6g\u00f0i hann til undirheima. Anu r\u00edkir sj\u00e1lfur einnig \u00ed n\u00edu \u00e1r, \u00fear til Kumarbi ris upp gegn honum. \u00deessi kynsl\u00f3\u00f0ar\u00f6\u00f0 gefur hringnum grunnbyggingu s\u00edna: Hverjum stj\u00f3rnanda er komi\u00f0 fr\u00e1 me\u00f0 valdi af \u00feeim n\u00e6sta.<\/p><p>T\u00f6flurnar eru skrifa\u00f0ar \u00e1 hett\u00edt\u00edsku m\u00e1li en byggja \u00e1 h\u00farr\u00edskum fyrirmyndum, \u00feannig a\u00f0 Anu kemur h\u00e9r fram sem pers\u00f3na \u00ed mi\u00f0lu\u00f0u, marg\u00fe\u00fdddu fr\u00e1sagnarefni. Var\u00f0veislan er brotakennd og einstaka kaflar m\u00e1 a\u00f0eins fylla upp \u00ed me\u00f0 hli\u00f0st\u00e6\u00f0um textabrotum.<\/p><p>Tr\u00faars\u00f6gulega er hett\u00edt\u00edski Anu \u00fev\u00ed s\u00ed\u00f0ur mikilv\u00e6gur sem sj\u00e1lfst\u00e6\u00f0ur d\u00fdrkunargu\u00f0 heldur fyrst og fremst sem hlekkur \u00ed b\u00f3kmenntalegri arft\u00f6kufr\u00e1s\u00f6gn. Nafn hans gefur til kynna forna tengingu anat\u00f3l\u00edsku <span class=\"iwg-fachbegriff\" data-tooltip=\"Mi\u00f0lun \u00feekkingar og fr\u00e1sagna milli kynsl\u00f3\u00f0a.\" tabindex=\"0\">munnm\u00e6lahef\u00f0arins<\/span> vi\u00f0 mes\u00f3p\u00f3tam\u00edskar hugmyndir, \u00e1n \u00feess a\u00f0 \u00fev\u00ed s\u00e9 fyllilega sta\u00f0fest a\u00f0 mes\u00f3p\u00f3tam\u00edska Anu-hugmyndin hafi veri\u00f0 tekin upp \u00ed heild.<\/p>\t\t\t\t\t\t\t\t<\/div>\n\t\t\t\t\t<\/div>\n\t\t\t\t<\/div>\n\t\t\t\t\t<\/div>\n\t\t\t\t<\/div>\n\t\t<div class=\"elementor-element elementor-element-cp2435674a e-flex e-con-boxed e-con e-parent\" data-id=\"cp2435674a\" data-element_type=\"container\" data-e-type=\"container\">\n\t\t\t\t\t<div class=\"e-con-inner\">\n\t\t\t\t<div class=\"elementor-element elementor-element-cp2d4da2f0 elementor-widget elementor-widget-heading\" data-id=\"cp2d4da2f0\" data-element_type=\"widget\" data-e-type=\"widget\" data-widget_type=\"heading.default\">\n\t\t\t\t\t<h2 class=\"elementor-heading-title elementor-size-default\">Geldingin \u00e1 Anu og aflei\u00f0ingar hennar<\/h2>\t\t\t\t<\/div>\n\t\t<div class=\"elementor-element elementor-element-cp2795a26c e-flex e-con-boxed e-con e-child\" data-id=\"cp2795a26c\" data-element_type=\"container\" data-e-type=\"container\">\n\t\t\t\t\t<div class=\"e-con-inner\">\n\t\t\t\t<div class=\"elementor-element elementor-element-cp2710b098 elementor-widget elementor-widget-text-editor\" data-id=\"cp2710b098\" data-element_type=\"widget\" data-e-type=\"widget\" data-widget_type=\"text-editor.default\">\n\t\t\t\t\t\t\t\t\t<p>\u00de\u00fd\u00f0ingarmesta atviki\u00f0 um hitt\u00edska Anu er geldun hans af hendi Kumarbis. \u00deegar Kumarbi m\u00e6tir Anu til bardaga, l\u00e6tur Anu undan s\u00edga en fl\u00fdr s\u00ed\u00f0an upp til himins.<\/p><p>Kumarbi gr\u00edpur hann um f\u00e6turna, dregur hann ni\u00f0ur og b\u00edtur af honum kynf\u00e6rin. Vi\u00f0 \u00fea\u00f0 ver\u00f0ur Kumarbi \u00feunga\u00f0ur og gengur me\u00f0 nokkrar gu\u00f0averur innra me\u00f0 s\u00e9r, \u00fear \u00e1 me\u00f0al hinn komandi ve\u00f0urgu\u00f0 Te\u0161ub.<\/p><p>Textinn l\u00fdsir \u00fev\u00ed n\u00e6st hvernig Kumarbi reynir a\u00f0 losa sig vi\u00f0 \u00fea\u00f0 sem hefur or\u00f0i\u00f0 til \u00ed honum, og hvernig gu\u00f0irnir sem \u00ed honum b\u00faa koma \u00ed lj\u00f3s um \u00fdmsar l\u00edkamsopnanir e\u00f0a sta\u00f0i.<\/p><p>Sm\u00e1atri\u00f0in eru a\u00f0 hluta \u00f3lj\u00f3s vegna skemmda \u00e1 leirt\u00f6flunum, en grunnframvindan er sta\u00f0fest: \u00dar ofbeldisverkinu gegn Anu sprettur n\u00e6sta gu\u00f0akynsl\u00f3\u00f0, s\u00fa sama sem Kumarbi mun s\u00ed\u00f0ar sj\u00e1lfur ver\u00f0a hrakinn fr\u00e1 v\u00f6ldum af.<\/p><p>\u00deessi \u00fe\u00e1ttur hefur vaki\u00f0 mikla athygli \u00ed fornfr\u00e6\u00f0um, \u00fev\u00ed hann minnir \u00ed uppbyggingu \u00e1 griska \u00deeog\u00f3n\u00edu Hes\u00edodosar, \u00fear sem Kronos geldir f\u00f6\u00f0ur sinn \u00daranos. Fr\u00e6\u00f0imenn eins og G\u00fcterbock og fj\u00f6lmargir grikkjufr\u00e6\u00f0ingar og austurlandafr\u00e6\u00f0ingar \u00e1 eftir honum hafa \u00fev\u00ed tala\u00f0 um m\u00f3t\u00edfsamhengi milli anat\u00f3l\u00edsk-h\u00farr\u00edsks og gr\u00edska <span class=\"iwg-fachbegriff\" data-tooltip=\"Mi\u00f0lun \u00feekkingar og sagna milli kynsl\u00f3\u00f0a.\" tabindex=\"0\">munnm\u00e6la<\/span>.<\/p><p>N\u00e1kv\u00e6mar lei\u00f0ir mi\u00f0lunarins eru enn umdeildar og ekki er sta\u00f0fest a\u00f0 um beint b\u00f3kmenntalegt samband s\u00e9 a\u00f0 r\u00e6\u00f0a. \u00d6ruggt er \u00fe\u00f3 a\u00f0 geldunar\u00fe\u00e1tturinn hefur gert hitt\u00edska Anu a\u00f0 mi\u00f0l\u00e6gum vi\u00f0mi\u00f0unarpunkti \u00ed samanbur\u00f0argo\u00f0afr\u00e6\u00f0i. Innan hringr\u00e1sarins \u00fatsk\u00fdrir hann jafnframt uppruna Te\u0161ubs og \u00fear me\u00f0 forsendu fyrir s\u00ed\u00f0ari bardaga hans gegn <a href=\"https:\/\/iwell-guard.com\/is\/?page_id=168966\">Ullikummi<\/a>.<\/p>\t\t\t\t\t\t\t\t<\/div>\n\t\t\t\t\t<\/div>\n\t\t\t\t<\/div>\n\t\t\t\t\t<\/div>\n\t\t\t\t<\/div>\n\t\t<div class=\"elementor-element elementor-element-iwgw-anuhethiti-lit e-flex e-con-boxed e-con e-parent\" data-id=\"iwgw-anuhethiti-lit\" data-element_type=\"container\" data-e-type=\"container\">\n\t\t\t\t\t<div class=\"e-con-inner\">\n\t\t\t\t<div class=\"elementor-element elementor-element-iwgw-anuhethiti-lith elementor-widget elementor-widget-heading\" data-id=\"iwgw-anuhethiti-lith\" data-element_type=\"widget\" data-e-type=\"widget\" data-widget_type=\"heading.default\">\n\t\t\t\t\t<h2 class=\"elementor-heading-title elementor-size-default\">Heimildir (\u00farval)<\/h2>\t\t\t\t<\/div>\n\t\t<div class=\"elementor-element elementor-element-iwgw-anuhethiti-litc e-con-full e-flex e-con e-child\" data-id=\"iwgw-anuhethiti-litc\" data-element_type=\"container\" data-e-type=\"container\">\n\t\t\t\t<div class=\"elementor-element elementor-element-iwgw-anuhethiti-litt elementor-widget elementor-widget-text-editor\" data-id=\"iwgw-anuhethiti-litt\" data-element_type=\"widget\" data-e-type=\"widget\" data-widget_type=\"text-editor.default\">\n\t\t\t\t\t\t\t\t\t<ul><li>Hans G\u00fcterbock: <em>Kumarbi. Mythen vom churritischen Kronos<\/em> (Z\u00fcrich 1946)<\/li><li>Gary Beckman: <em>Hittite Myths<\/em> (SBL 1998)<\/li><li>Walter Burkert: <em>Die orientalisierende Epoche<\/em> (Heidelberg 1984)<\/li><li><span data-nosnippet>Walter Burkert: <em>Babylon, Memphis, Persepolis<\/em> (Cambridge MA 2003)<\/span><\/li><li>Mary Bachvarova: <em>From Hittite to Homer<\/em> (Cambridge 2016)<\/li><li>Volkert Haas: <em>Geschichte der hethitischen Religion<\/em> (Leiden 1994)<\/li><\/ul>\t\t\t\t\t\t\t\t<\/div>\n\t\t\t\t<\/div>\n\t\t\t\t\t<\/div>\n\t\t\t\t<\/div>\n\t\t<div class=\"elementor-element elementor-element-iwgkw-add-anuhethitisch e-flex e-con-boxed e-con e-parent\" data-id=\"iwgkw-add-anuhethitisch\" data-element_type=\"container\" data-e-type=\"container\">\n\t\t\t\t\t<div class=\"e-con-inner\">\n\t\t\t\t<div class=\"elementor-element elementor-element-iwgkw-add-anuhethitisch-t elementor-widget elementor-widget-text-editor\" data-id=\"iwgkw-add-anuhethitisch-t\" data-element_type=\"widget\" data-e-type=\"widget\" data-widget_type=\"text-editor.default\">\n\t\t\t\t\t\t\t\t\t<p>Anu hitt\u00edska <span class=\"iwg-fachbegriff\" data-tooltip=\"Mi\u00f0lun \u00feekkingar og sagna milli kynsl\u00f3\u00f0a.\" tabindex=\"0\">munnm\u00e6lahef\u00f0ar<\/span> byggir \u00e1 eldra hatt\u00edsku undirlagi: Anat\u00f3l\u00edsk tr\u00faarbr\u00f6g\u00f0, eins og \u00feau koma fram \u00ed leirt\u00f6flunum fr\u00e1 \u1e2aattu\u0161a, t\u00f3ku upp hatt\u00edsk gu\u00f0an\u00f6fn, helgista\u00f0i og h\u00e1t\u00ed\u00f0ahald og fl\u00e9ttu\u00f0u \u00feau saman vi\u00f0 h\u00farr\u00edska go\u00f0sagnir eins og Kumarbi-hringr\u00e1sina.<\/p><p>Anu sj\u00e1lfur er af h\u00farr\u00edsk-mes\u00f3p\u00f3tam\u00edskum uppruna, en hi\u00f0 hitt\u00edska svipm\u00f3t hans er \u00f3skiljanlegt \u00e1n hatt\u00edsks bakgrunns helgim\u00e1ls og prestaemb\u00e6tta.<\/p>\t\t\t\t\t\t\t\t<\/div>\n\t\t\t\t\t<\/div>\n\t\t\t\t<\/div>\n\t\t<div class=\"elementor-element elementor-element-iwgkw2-add-anuhethitisch e-flex e-con-boxed e-con e-parent\" data-id=\"iwgkw2-add-anuhethitisch\" data-element_type=\"container\" data-e-type=\"container\">\n\t\t\t\t\t<div class=\"e-con-inner\">\n\t\t\t\t<div class=\"elementor-element elementor-element-iwgkw2-add-anuhethitisch-t elementor-widget elementor-widget-text-editor\" data-id=\"iwgkw2-add-anuhethitisch-t\" data-element_type=\"widget\" data-e-type=\"widget\" data-widget_type=\"text-editor.default\">\n\t\t\t\t\t\t\t\t\t<p>Anu er \u00ed hatt\u00edsk-h\u00farr\u00edsku Kumarbi-hringr\u00e1sinni eldri himingu\u00f0inn, en valdatap hans fyrir hendi Kumarbis setur af sta\u00f0 \u00e6ttarr\u00f6\u00f0 gu\u00f0anna og myndar anat\u00f3l\u00edska hli\u00f0st\u00e6\u00f0u vi\u00f0 mes\u00f3p\u00f3tam\u00edskar himinmyndir.<\/p>\t\t\t\t\t\t\t\t<\/div>\n\t\t\t\t\t<\/div>\n\t\t\t\t<\/div>\n\t\t<div class=\"elementor-element elementor-element-iwgw-anuhethiti-kwd e-flex e-con-boxed e-con e-parent\" data-id=\"iwgw-anuhethiti-kwd\" data-element_type=\"container\" data-e-type=\"container\">\n\t\t\t\t\t<div class=\"e-con-inner\">\n\t\t<div class=\"elementor-element elementor-element-iwgw-anuhethiti-kwdc e-con-full e-flex e-con e-child\" data-id=\"iwgw-anuhethiti-kwdc\" data-element_type=\"container\" data-e-type=\"container\">\n\t\t\t\t<div class=\"elementor-element elementor-element-iwgw-anuhethiti-kwdt elementor-widget elementor-widget-text-editor\" data-id=\"iwgw-anuhethiti-kwdt\" data-element_type=\"widget\" data-e-type=\"widget\" data-widget_type=\"text-editor.default\">\n\t\t\t\t\t\t\t\t\t<p><em>Tengd kjarnahugt\u00f6k: Anu Hitt\u00edtar H\u00farr\u00edtar Kumarbi-hringr\u00e1s Alalu \u00deeog\u00f3n\u00eda Himingu\u00f0 Geldun.<\/em><\/p>\t\t\t\t\t\t\t\t<\/div>\n\t\t\t\t<\/div>\n\t\t\t\t\t<\/div>\n\t\t\t\t<\/div>\n\t\t<div class=\"elementor-element elementor-element-iwgw-anuhethiti-cc e-flex e-con-boxed e-con e-parent\" data-id=\"iwgw-anuhethiti-cc\" data-element_type=\"container\" data-e-type=\"container\" id=\"iwg-cc-anu-hethitisch\">\n\t\t\t\t\t<div class=\"e-con-inner\">\n\t\t<div class=\"elementor-element elementor-element-iwgw-anuhethiti-ccinner e-flex e-con-boxed e-con e-parent\" data-id=\"iwgw-anuhethiti-ccinner\" data-element_type=\"container\" data-e-type=\"container\" data-settings=\"{&quot;background_background&quot;:&quot;classic&quot;}\">\n\t\t\t\t\t<div class=\"e-con-inner\">\n\t\t\t\t<div class=\"elementor-element elementor-element-iwgw-anuhethiti-cch elementor-widget elementor-widget-heading\" data-id=\"iwgw-anuhethiti-cch\" data-element_type=\"widget\" data-e-type=\"widget\" data-widget_type=\"heading.default\">\n\t\t\t\t\t<h2 class=\"elementor-heading-title elementor-size-default\">iWell Guard og verndarhef\u00f0ir<\/h2>\t\t\t\t<\/div>\n\t\t\t\t<div class=\"elementor-element elementor-element-iwgw-anuhethiti-cct elementor-widget elementor-widget-text-editor\" data-id=\"iwgw-anuhethiti-cct\" data-element_type=\"widget\" data-e-type=\"widget\" data-widget_type=\"text-editor.default\">\n\t\t\t\t\t\t\t\t\t<div data-nosnippet=\"true\"><p>iWell Guard tengist menningars\u00f6gulegri hef\u00f0 b\u00e6rra verndargripa, \u00ed hef\u00f0 <a href=\"https:\/\/iwell-guard.com\/is\/hettitar-anatolia-tarhunna-vernd\/\">Hitt\u00edta<\/a> og margra annarra menningarheima um allan heim. 41 l\u00f6g, alv\u00f6ru gull, plat\u00edna, silfur, framleitt \u00ed \u00de\u00fdskalandi. 30 daga skilar\u00e9ttur.<\/p><\/div>\t\t\t\t\t\t\t\t<\/div>\n\t\t\t\t<div class=\"elementor-element elementor-element-iwgw-anuhethiti-ccb iwg-cc-button iwg-cc-cta-2026-05-13 elementor-widget elementor-widget-jet-button\" data-id=\"iwgw-anuhethiti-ccb\" data-element_type=\"widget\" data-e-type=\"widget\" data-widget_type=\"jet-button.default\">\n\t\t\t\t<div class=\"elementor-widget-container\">\n\t\t\t\t\t<div class=\"elementor-jet-button jet-elements\"><div class=\"jet-button__container\"><a class=\"jet-button__instance jet-button__instance--icon-left hover-effect-1\" href=\"\/ueber-iwell-guard\/?utm_source=iwell-guard.com&amp;utm_medium=info-box&amp;utm_campaign=wesen-tradition\"><div class=\"jet-button__plane jet-button__plane-normal\"><\/div><div class=\"jet-button__plane jet-button__plane-hover\"><\/div><div class=\"jet-button__state jet-button__state-normal\"><span class=\"jet-button__label\">Meira um iWell Guard<\/span><\/div><div class=\"jet-button__state jet-button__state-hover\"><span class=\"jet-button__label\">Meira um iWell Guard<\/span><\/div><\/a><\/div><\/div><style>.elementor-element.elementor-element-iwgw-anuhethiti-ccb .jet-button__instance{width:320px;height:56px;}.elementor-element.elementor-element-iwgw-anuhethiti-ccb .jet-button__state-normal .jet-button__label{text-align:center;margin:0px 0px 0px 0px;color:#1a1b20;font-family:Montserrat,sans-serif;font-size:13px;font-weight:400;letter-spacing:4px;line-height:1.714em;text-transform:uppercase;}.elementor-element.elementor-element-iwgw-anuhethiti-ccb .jet-button__state-hover .jet-button__label{text-align:center;margin:0px 0px 0px 0px;color:#FECC76;font-family:Montserrat,sans-serif;font-size:13px;font-weight:400;letter-spacing:4px;line-height:1.714em;text-transform:uppercase;}.elementor-element.elementor-element-iwgw-anuhethiti-ccb .jet-button__plane-normal{background-color:#FECC76;border-style:solid;border-color:#C99540;border-width:2px 2px 2px 2px;}.elementor-element.elementor-element-iwgw-anuhethiti-ccb .jet-button__plane-hover{background-color:rgba(0,0,0,0.55);border-style:solid;border-color:#FECC76;border-width:2px 2px 2px 2px;}<\/style>\t\t\t\t<\/div>\n\t\t\t\t<\/div>\n\t\t\t\t<div class=\"elementor-element elementor-element-iwgw-anuhethiti-ccd elementor-widget elementor-widget-text-editor\" data-id=\"iwgw-anuhethiti-ccd\" data-element_type=\"widget\" data-e-type=\"widget\" data-widget_type=\"text-editor.default\">\n\t\t\t\t\t\t\t\t\t<div data-nosnippet=\"true\"><p style=\"text-align:center;font-size:13px;opacity:0.7;margin-top:14px\" data-nosnippet=\"true\">Pers\u00f3nuleg reynsla getur veri\u00f0 mismunandi. Ekki l\u00e6kningat\u00e6ki. Engin lofor\u00f0 um l\u00e6kningu.<\/p><\/div>\t\t\t\t\t\t\t\t<\/div>\n\t\t\t\t\t<\/div>\n\t\t\t\t<\/div>\n\t\t\t\t\t<\/div>\n\t\t\t\t<\/div>\n\t\t<div class=\"elementor-element elementor-element-iwgw-anuhethiti-disc e-flex e-con-boxed e-con e-parent\" data-id=\"iwgw-anuhethiti-disc\" data-element_type=\"container\" data-e-type=\"container\">\n\t\t\t\t\t<div class=\"e-con-inner\">\n\t\t\t\t<div class=\"elementor-element elementor-element-iwgw-anuhethiti-discw elementor-widget elementor-widget-html\" data-id=\"iwgw-anuhethiti-discw\" data-element_type=\"widget\" data-e-type=\"widget\" data-widget_type=\"html.default\">\n\t\t\t\t\t<footer data-nosnippet=\"true\" class=\"iwg-disclaimer-block\"><p data-nosnippet=\"true\">iWell Guard er <strong>ekki l\u00e6kningat\u00e6ki<\/strong> og kemur ekki \u00ed sta\u00f0inn fyrir l\u00e6knis- e\u00f0a s\u00e1lfr\u00e6\u00f0ime\u00f0fer\u00f0. Tr\u00faarfr\u00e6\u00f0ilegt efni er menningars\u00f6gulegt samhengi, ekki r\u00e1\u00f0legging um andlega i\u00f0kun.<\/p><\/footer>\t\t\t\t<\/div>\n\t\t\t\t\t<\/div>\n\t\t\t\t<\/div>\n\t\t\t\t<\/div>\n\t\t","protected":false},"excerpt":{"rendered":"","protected":false},"author":3,"featured_media":2835,"parent":0,"menu_order":0,"comment_status":"closed","ping_status":"closed","template":"elementor_header_footer","meta":{"_yoast_wpseo_focuskw":"Anu Het\u00edtar H\u00farr\u00edtar himingo\u00f0","_yoast_wpseo_title":"Anu \u2013 Hatt\u00edsk-h\u00farr\u00edskur himingo\u00f0, Kumarbi-hringr\u00e1sin","_yoast_wpseo_metadesc":"Anu er \u00ed hinni h\u00farr\u00edsk-het\u00edt\u00edsku Kumarbi-hringr\u00e1s annar himinkonungurinn \u00e1 undan Kumarbi. Tr\u00faarbrag\u00f0afr\u00e6\u00f0ileg \u00fattekt me\u00f0 go\u00f0s\u00f6gn.","_yoast_wpseo_meta-robots-noindex":"","_yoast_wpseo_canonical":"","_angie_page":false,"gefaehrdungsstufe":"2","wesen_kultur":"hethitisch","wesen_klasse":"goetter","footnotes":""},"categories":[],"class_list":["post-168965","page","type-page","status-publish","has-post-thumbnail","hentry"],"yoast_head":"<!-- This site is optimized with the Yoast SEO Premium plugin v27.7 (Yoast SEO v28.3) - https:\/\/yoast.com\/product\/yoast-seo-premium-wordpress\/ -->\n<title>Anu \u2013 Hatt\u00edsk-h\u00farr\u00edskur himingo\u00f0, Kumarbi-hringr\u00e1sin<\/title>\n<meta name=\"description\" content=\"Anu er \u00ed hinni h\u00farr\u00edsk-het\u00edt\u00edsku Kumarbi-hringr\u00e1s annar himinkonungurinn \u00e1 undan Kumarbi. Tr\u00faarbrag\u00f0afr\u00e6\u00f0ileg \u00fattekt me\u00f0 go\u00f0s\u00f6gn.\" \/>\n<meta name=\"robots\" content=\"index, follow, max-snippet:-1, max-image-preview:large, max-video-preview:-1\" \/>\n<link rel=\"canonical\" href=\"https:\/\/iwell-guard.com\/is\/anu-himingud-hattar-hurrita\/\" \/>\n<meta property=\"og:locale\" content=\"is_IS\" \/>\n<meta property=\"og:type\" content=\"article\" \/>\n<meta property=\"og:title\" content=\"Anu \u2013 Hatt\u00edsk-h\u00farr\u00edskur himingo\u00f0\" \/>\n<meta property=\"og:description\" content=\"Anu er \u00ed hinni h\u00farr\u00edsk-het\u00edt\u00edsku Kumarbi-hringr\u00e1s annar himinkonungurinn \u00e1 undan Kumarbi. Tr\u00faarbrag\u00f0afr\u00e6\u00f0ileg \u00fattekt me\u00f0 go\u00f0s\u00f6gn.\" \/>\n<meta property=\"og:url\" content=\"https:\/\/iwell-guard.com\/is\/anu-himingud-hattar-hurrita\/\" \/>\n<meta property=\"og:site_name\" content=\"iWell Guard\" \/>\n<meta property=\"article:modified_time\" content=\"2026-09-05T14:27:18+00:00\" \/>\n<meta property=\"og:image\" content=\"https:\/\/iwell-guard.com\/wp-content\/uploads\/2026\/05\/goetter_hethitisch_anu-hethitisch.webp\" \/>\n\t<meta property=\"og:image:width\" content=\"1024\" \/>\n\t<meta property=\"og:image:height\" content=\"1536\" \/>\n\t<meta property=\"og:image:type\" content=\"image\/webp\" \/>\n<meta name=\"twitter:card\" content=\"summary_large_image\" \/>\n<script type=\"application\/ld+json\" class=\"yoast-schema-graph\">{\"@context\":\"https:\\\/\\\/schema.org\",\"@graph\":[{\"@type\":\"WebPage\",\"@id\":\"https:\\\/\\\/iwell-guard.com\\\/is\\\/anu-himingud-hattar-hurrita\\\/\",\"url\":\"https:\\\/\\\/iwell-guard.com\\\/is\\\/anu-himingud-hattar-hurrita\\\/\",\"name\":\"Anu \u2013 Hatt\u00edsk-h\u00farr\u00edskur himingo\u00f0, Kumarbi-hringr\u00e1sin\",\"isPartOf\":{\"@id\":\"https:\\\/\\\/iwell-guard.com\\\/is\\\/#website\"},\"primaryImageOfPage\":{\"@id\":\"https:\\\/\\\/iwell-guard.com\\\/is\\\/anu-himingud-hattar-hurrita\\\/#primaryimage\"},\"image\":{\"@id\":\"https:\\\/\\\/iwell-guard.com\\\/is\\\/anu-himingud-hattar-hurrita\\\/#primaryimage\"},\"thumbnailUrl\":\"https:\\\/\\\/iwell-guard.com\\\/wp-content\\\/uploads\\\/2026\\\/05\\\/goetter_hethitisch_anu-hethitisch.webp\",\"datePublished\":\"2026-09-05T14:04:26+00:00\",\"dateModified\":\"2026-09-05T14:27:18+00:00\",\"description\":\"Anu er \u00ed hinni h\u00farr\u00edsk-het\u00edt\u00edsku Kumarbi-hringr\u00e1s annar himinkonungurinn \u00e1 undan Kumarbi. Tr\u00faarbrag\u00f0afr\u00e6\u00f0ileg \u00fattekt me\u00f0 go\u00f0s\u00f6gn.\",\"breadcrumb\":{\"@id\":\"https:\\\/\\\/iwell-guard.com\\\/is\\\/anu-himingud-hattar-hurrita\\\/#breadcrumb\"},\"inLanguage\":\"is\",\"potentialAction\":[{\"@type\":\"ReadAction\",\"target\":[\"https:\\\/\\\/iwell-guard.com\\\/is\\\/anu-himingud-hattar-hurrita\\\/\"]}]},{\"@type\":\"ImageObject\",\"inLanguage\":\"is\",\"@id\":\"https:\\\/\\\/iwell-guard.com\\\/is\\\/anu-himingud-hattar-hurrita\\\/#primaryimage\",\"url\":\"https:\\\/\\\/iwell-guard.com\\\/wp-content\\\/uploads\\\/2026\\\/05\\\/goetter_hethitisch_anu-hethitisch.webp\",\"contentUrl\":\"https:\\\/\\\/iwell-guard.com\\\/wp-content\\\/uploads\\\/2026\\\/05\\\/goetter_hethitisch_anu-hethitisch.webp\",\"width\":1024,\"height\":1536,\"caption\":\"Gu\u00f0ir \u00far het\u00edta-hef\u00f0inni.\"},{\"@type\":\"BreadcrumbList\",\"@id\":\"https:\\\/\\\/iwell-guard.com\\\/is\\\/anu-himingud-hattar-hurrita\\\/#breadcrumb\",\"itemListElement\":[{\"@type\":\"ListItem\",\"position\":1,\"name\":\"Start\",\"item\":\"https:\\\/\\\/iwell-guard.com\\\/is\\\/?page_id=168580\"},{\"@type\":\"ListItem\",\"position\":2,\"name\":\"Anu \u2013 Hatt\u00edsk-h\u00farr\u00edskur himingo\u00f0\"}]},{\"@type\":\"WebSite\",\"@id\":\"https:\\\/\\\/iwell-guard.com\\\/is\\\/#website\",\"url\":\"https:\\\/\\\/iwell-guard.com\\\/is\\\/\",\"name\":\"iWell Guard\",\"description\":\"Schutz vor dunklen Einfl\u00fcssen\",\"publisher\":{\"@id\":\"https:\\\/\\\/iwell-guard.com\\\/is\\\/#organization\"},\"potentialAction\":[{\"@type\":\"SearchAction\",\"target\":{\"@type\":\"EntryPoint\",\"urlTemplate\":\"https:\\\/\\\/iwell-guard.com\\\/is\\\/?s={search_term_string}\"},\"query-input\":{\"@type\":\"PropertyValueSpecification\",\"valueRequired\":true,\"valueName\":\"search_term_string\"}}],\"inLanguage\":\"is\"},{\"@type\":\"Organization\",\"@id\":\"https:\\\/\\\/iwell-guard.com\\\/is\\\/#organization\",\"name\":\"Ittermann electronic GmbH\",\"url\":\"https:\\\/\\\/iwell-guard.com\\\/is\\\/\",\"logo\":{\"@type\":\"ImageObject\",\"inLanguage\":\"is\",\"@id\":\"https:\\\/\\\/iwell-guard.com\\\/is\\\/#\\\/schema\\\/logo\\\/image\\\/\",\"url\":\"https:\\\/\\\/iwell-guard.com\\\/wp-content\\\/uploads\\\/2026\\\/05\\\/Ittermann-Logo-1182x237-1.png\",\"contentUrl\":\"https:\\\/\\\/iwell-guard.com\\\/wp-content\\\/uploads\\\/2026\\\/05\\\/Ittermann-Logo-1182x237-1.png\",\"width\":1182,\"height\":237,\"caption\":\"Ittermann electronic GmbH\"},\"image\":{\"@id\":\"https:\\\/\\\/iwell-guard.com\\\/is\\\/#\\\/schema\\\/logo\\\/image\\\/\"},\"sameAs\":[\"https:\\\/\\\/pantip.com\\\/profile\\\/9367242\",\"https:\\\/\\\/micro.blog\\\/iwellguard\",\"https:\\\/\\\/www.diggerslist.com\\\/iwellguard\\\/about\",\"https:\\\/\\\/skitterphoto.com\\\/photographers\\\/2870314\\\/iwell-guard\",\"https:\\\/\\\/iwellguard.wordpress.com\\\/2026\\\/06\\\/06\\\/iwell-guard\\\/\",\"https:\\\/\\\/hub.docker.com\\\/u\\\/iwellguard\",\"https:\\\/\\\/www.pinterest.com\\\/iwellguard\\\/\",\"https:\\\/\\\/bit.ly\\\/m\\\/iwellguard\",\"https:\\\/\\\/entre-vos-mains.alsace.eu\\\/profiles\\\/iwellguard\\\/activity\",\"https:\\\/\\\/gravatar.com\\\/reallybeded8fd34\",\"https:\\\/\\\/naijamatta.com\\\/iwellguard\",\"https:\\\/\\\/www.goodreads.com\\\/iwellguard\",\"https:\\\/\\\/profile.hatena.ne.jp\\\/iwellguard\\\/\",\"https:\\\/\\\/experiment.com\\\/users\\\/iwellguard\",\"https:\\\/\\\/wakelet.com\\\/@iWellGuard82270\",\"https:\\\/\\\/www.chordie.com\\\/forum\\\/profile.php?id=2555664\",\"https:\\\/\\\/www.instapaper.com\\\/p\\\/17757966\",\"https:\\\/\\\/www.mapleprimes.com\\\/users\\\/iwellguard\",\"https:\\\/\\\/businesslistingplus.com\\\/profile\\\/iwell-guard\\\/\",\"https:\\\/\\\/telegra.ph\\\/iWell-Guard-06-06\",\"https:\\\/\\\/pbase.com\\\/iwellguard\\\/iwellguard\",\"https:\\\/\\\/b.hatena.ne.jp\\\/iwellguard\\\/20260607#bookmark-4788405196491818882\",\"https:\\\/\\\/fliphtml5.com\\\/home\\\/iwellguard\",\"https:\\\/\\\/anyflip.com\\\/homepage\\\/cmiwl#About\",\"https:\\\/\\\/transfur.com\\\/Users\\\/iwellguard\",\"http:\\\/\\\/delphi.larsbo.org\\\/user\\\/iwellguard\",\"https:\\\/\\\/jobs.lajobsportal.org\\\/profiles\\\/8380803-iwell-guard\",\"https:\\\/\\\/md.chaosdorf.de\\\/s\\\/jfbe5SBdJD\",\"https:\\\/\\\/www.lingvolive.com\\\/en-us\\\/profile\\\/9ecaeaca-ce11-4e51-9e71-01d55e2bff36\\\/translations\",\"https:\\\/\\\/www.fitday.com\\\/fitness\\\/forums\\\/members\\\/iwellguard.html\",\"https:\\\/\\\/www.mymeetbook.com\\\/iwellguard\",\"https:\\\/\\\/pxhere.com\\\/en\\\/photographer-me\\\/5040798\",\"https:\\\/\\\/disqus.com\\\/by\\\/iwellguard\\\/about\\\/\",\"https:\\\/\\\/pastelink.net\\\/hjwciqwq\",\"https:\\\/\\\/pubhtml5.com\\\/homepage\\\/scjhn\\\/\",\"https:\\\/\\\/www.bitchute.com\\\/channel\\\/2O2eOKzNqujT\",\"https:\\\/\\\/audiomack.com\\\/iwellguard\"]},{\"@type\":\"Article\",\"@id\":\"https:\\\/\\\/iwell-guard.com\\\/is\\\/anu-himingud-hattar-hurrita\\\/#article\",\"isPartOf\":{\"@id\":\"https:\\\/\\\/iwell-guard.com\\\/is\\\/anu-himingud-hattar-hurrita\\\/\"},\"author\":{\"name\":\"Ralf Ittermann\",\"@id\":\"https:\\\/\\\/iwell-guard.com\\\/is\\\/#\\\/schema\\\/person\\\/ee2a27f1cac3406c7c6fb5820cb7349f\"},\"headline\":\"Anu \u2013 Hatt\u00edsk-h\u00farr\u00edskur himingo\u00f0\",\"datePublished\":\"2026-09-05T14:04:26+00:00\",\"dateModified\":\"2026-09-05T14:27:18+00:00\",\"mainEntityOfPage\":{\"@id\":\"https:\\\/\\\/iwell-guard.com\\\/is\\\/anu-himingud-hattar-hurrita\\\/\"},\"publisher\":{\"@id\":\"https:\\\/\\\/iwell-guard.com\\\/is\\\/#organization\"},\"image\":{\"@id\":\"https:\\\/\\\/iwell-guard.com\\\/is\\\/anu-himingud-hattar-hurrita\\\/#primaryimage\"},\"thumbnailUrl\":\"https:\\\/\\\/iwell-guard.com\\\/wp-content\\\/uploads\\\/2026\\\/05\\\/goetter_hethitisch_anu-hethitisch.webp\",\"inLanguage\":\"is\",\"description\":\"Anu er \u00ed hinni h\u00farr\u00edsk-het\u00edt\u00edsku Kumarbi-hringr\u00e1s annar himinkonungurinn \u00e1 undan Kumarbi. Tr\u00faarbrag\u00f0afr\u00e6\u00f0ileg \u00fattekt me\u00f0 go\u00f0s\u00f6gn.\"}]}<\/script>\n<!-- \/ Yoast SEO Premium plugin. -->","yoast_head_json":{"title":"Anu \u2013 Hatt\u00edsk-h\u00farr\u00edskur himingo\u00f0, Kumarbi-hringr\u00e1sin","description":"Anu er \u00ed hinni h\u00farr\u00edsk-het\u00edt\u00edsku Kumarbi-hringr\u00e1s annar himinkonungurinn \u00e1 undan Kumarbi. Tr\u00faarbrag\u00f0afr\u00e6\u00f0ileg \u00fattekt me\u00f0 go\u00f0s\u00f6gn.","robots":{"index":"index","follow":"follow","max-snippet":"max-snippet:-1","max-image-preview":"max-image-preview:large","max-video-preview":"max-video-preview:-1"},"canonical":"https:\/\/iwell-guard.com\/is\/anu-himingud-hattar-hurrita\/","og_locale":"is_IS","og_type":"article","og_title":"Anu \u2013 Hatt\u00edsk-h\u00farr\u00edskur himingo\u00f0","og_description":"Anu er \u00ed hinni h\u00farr\u00edsk-het\u00edt\u00edsku Kumarbi-hringr\u00e1s annar himinkonungurinn \u00e1 undan Kumarbi. Tr\u00faarbrag\u00f0afr\u00e6\u00f0ileg \u00fattekt me\u00f0 go\u00f0s\u00f6gn.","og_url":"https:\/\/iwell-guard.com\/is\/anu-himingud-hattar-hurrita\/","og_site_name":"iWell Guard","article_modified_time":"2026-09-05T14:27:18+00:00","og_image":[{"width":1024,"height":1536,"url":"https:\/\/iwell-guard.com\/wp-content\/uploads\/2026\/05\/goetter_hethitisch_anu-hethitisch.webp","type":"image\/webp"}],"twitter_card":"summary_large_image","schema":{"@context":"https:\/\/schema.org","@graph":[{"@type":"Article","@id":"https:\/\/iwell-guard.com\/is\/anu-himingud-hattar-hurrita\/#article","isPartOf":{"@id":"https:\/\/iwell-guard.com\/is\/anu-himingud-hattar-hurrita\/"},"author":{"name":"Ralf Ittermann","@id":"https:\/\/iwell-guard.com\/is\/#\/schema\/person\/ee2a27f1cac3406c7c6fb5820cb7349f"},"headline":"Anu \u2013 Hatt\u00edsk-h\u00farr\u00edskur himingo\u00f0","datePublished":"2026-09-05T14:04:26+00:00","dateModified":"2026-09-05T14:27:18+00:00","mainEntityOfPage":{"@id":"https:\/\/iwell-guard.com\/is\/anu-himingud-hattar-hurrita\/"},"publisher":{"@id":"https:\/\/iwell-guard.com\/is\/#organization"},"image":{"@id":"https:\/\/iwell-guard.com\/is\/anu-himingud-hattar-hurrita\/#primaryimage"},"thumbnailUrl":"https:\/\/iwell-guard.com\/wp-content\/uploads\/2026\/05\/goetter_hethitisch_anu-hethitisch.webp","inLanguage":"is","description":"Anu er \u00ed hinni h\u00farr\u00edsk-het\u00edt\u00edsku Kumarbi-hringr\u00e1s annar himinkonungurinn \u00e1 undan Kumarbi. Tr\u00faarbrag\u00f0afr\u00e6\u00f0ileg \u00fattekt me\u00f0 go\u00f0s\u00f6gn."},{"@type":"WebPage","@id":"https:\/\/iwell-guard.com\/is\/anu-himingud-hattar-hurrita\/","url":"https:\/\/iwell-guard.com\/is\/anu-himingud-hattar-hurrita\/","name":"Anu \u2013 Hatt\u00edsk-h\u00farr\u00edskur himingo\u00f0, Kumarbi-hringr\u00e1sin","isPartOf":{"@id":"https:\/\/iwell-guard.com\/is\/#website"},"primaryImageOfPage":{"@id":"https:\/\/iwell-guard.com\/is\/anu-himingud-hattar-hurrita\/#primaryimage"},"image":{"@id":"https:\/\/iwell-guard.com\/is\/anu-himingud-hattar-hurrita\/#primaryimage"},"thumbnailUrl":"https:\/\/iwell-guard.com\/wp-content\/uploads\/2026\/05\/goetter_hethitisch_anu-hethitisch.webp","datePublished":"2026-09-05T14:04:26+00:00","dateModified":"2026-09-05T14:27:18+00:00","description":"Anu er \u00ed hinni h\u00farr\u00edsk-het\u00edt\u00edsku Kumarbi-hringr\u00e1s annar himinkonungurinn \u00e1 undan Kumarbi. Tr\u00faarbrag\u00f0afr\u00e6\u00f0ileg \u00fattekt me\u00f0 go\u00f0s\u00f6gn.","breadcrumb":{"@id":"https:\/\/iwell-guard.com\/is\/anu-himingud-hattar-hurrita\/#breadcrumb"},"inLanguage":"is","potentialAction":[{"@type":"ReadAction","target":["https:\/\/iwell-guard.com\/is\/anu-himingud-hattar-hurrita\/"]}]},{"@type":"ImageObject","inLanguage":"is","@id":"https:\/\/iwell-guard.com\/is\/anu-himingud-hattar-hurrita\/#primaryimage","url":"https:\/\/iwell-guard.com\/wp-content\/uploads\/2026\/05\/goetter_hethitisch_anu-hethitisch.webp","contentUrl":"https:\/\/iwell-guard.com\/wp-content\/uploads\/2026\/05\/goetter_hethitisch_anu-hethitisch.webp","width":1024,"height":1536,"caption":"Gu\u00f0ir \u00far het\u00edta-hef\u00f0inni."},{"@type":"BreadcrumbList","@id":"https:\/\/iwell-guard.com\/is\/anu-himingud-hattar-hurrita\/#breadcrumb","itemListElement":[{"@type":"ListItem","position":1,"name":"Start","item":"https:\/\/iwell-guard.com\/is\/?page_id=168580"},{"@type":"ListItem","position":2,"name":"Anu \u2013 Hatt\u00edsk-h\u00farr\u00edskur himingo\u00f0"}]},{"@type":"WebSite","@id":"https:\/\/iwell-guard.com\/is\/#website","url":"https:\/\/iwell-guard.com\/is\/","name":"iWell Guard","description":"Schutz vor dunklen Einfl\u00fcssen","publisher":{"@id":"https:\/\/iwell-guard.com\/is\/#organization"},"potentialAction":[{"@type":"SearchAction","target":{"@type":"EntryPoint","urlTemplate":"https:\/\/iwell-guard.com\/is\/?s={search_term_string}"},"query-input":{"@type":"PropertyValueSpecification","valueRequired":true,"valueName":"search_term_string"}}],"inLanguage":"is"},{"@type":"Organization","@id":"https:\/\/iwell-guard.com\/is\/#organization","name":"Ittermann electronic GmbH","url":"https:\/\/iwell-guard.com\/is\/","logo":{"@type":"ImageObject","inLanguage":"is","@id":"https:\/\/iwell-guard.com\/is\/#\/schema\/logo\/image\/","url":"https:\/\/iwell-guard.com\/wp-content\/uploads\/2026\/05\/Ittermann-Logo-1182x237-1.png","contentUrl":"https:\/\/iwell-guard.com\/wp-content\/uploads\/2026\/05\/Ittermann-Logo-1182x237-1.png","width":1182,"height":237,"caption":"Ittermann electronic GmbH"},"image":{"@id":"https:\/\/iwell-guard.com\/is\/#\/schema\/logo\/image\/"},"sameAs":["https:\/\/pantip.com\/profile\/9367242","https:\/\/micro.blog\/iwellguard","https:\/\/www.diggerslist.com\/iwellguard\/about","https:\/\/skitterphoto.com\/photographers\/2870314\/iwell-guard","https:\/\/iwellguard.wordpress.com\/2026\/06\/06\/iwell-guard\/","https:\/\/hub.docker.com\/u\/iwellguard","https:\/\/www.pinterest.com\/iwellguard\/","https:\/\/bit.ly\/m\/iwellguard","https:\/\/entre-vos-mains.alsace.eu\/profiles\/iwellguard\/activity","https:\/\/gravatar.com\/reallybeded8fd34","https:\/\/naijamatta.com\/iwellguard","https:\/\/www.goodreads.com\/iwellguard","https:\/\/profile.hatena.ne.jp\/iwellguard\/","https:\/\/experiment.com\/users\/iwellguard","https:\/\/wakelet.com\/@iWellGuard82270","https:\/\/www.chordie.com\/forum\/profile.php?id=2555664","https:\/\/www.instapaper.com\/p\/17757966","https:\/\/www.mapleprimes.com\/users\/iwellguard","https:\/\/businesslistingplus.com\/profile\/iwell-guard\/","https:\/\/telegra.ph\/iWell-Guard-06-06","https:\/\/pbase.com\/iwellguard\/iwellguard","https:\/\/b.hatena.ne.jp\/iwellguard\/20260607#bookmark-4788405196491818882","https:\/\/fliphtml5.com\/home\/iwellguard","https:\/\/anyflip.com\/homepage\/cmiwl#About","https:\/\/transfur.com\/Users\/iwellguard","http:\/\/delphi.larsbo.org\/user\/iwellguard","https:\/\/jobs.lajobsportal.org\/profiles\/8380803-iwell-guard","https:\/\/md.chaosdorf.de\/s\/jfbe5SBdJD","https:\/\/www.lingvolive.com\/en-us\/profile\/9ecaeaca-ce11-4e51-9e71-01d55e2bff36\/translations","https:\/\/www.fitday.com\/fitness\/forums\/members\/iwellguard.html","https:\/\/www.mymeetbook.com\/iwellguard","https:\/\/pxhere.com\/en\/photographer-me\/5040798","https:\/\/disqus.com\/by\/iwellguard\/about\/","https:\/\/pastelink.net\/hjwciqwq","https:\/\/pubhtml5.com\/homepage\/scjhn\/","https:\/\/www.bitchute.com\/channel\/2O2eOKzNqujT","https:\/\/audiomack.com\/iwellguard"]},{"@type":"Person","@id":"https:\/\/iwell-guard.com\/is\/#\/schema\/person\/ee2a27f1cac3406c7c6fb5820cb7349f","name":"Ralf Ittermann","image":{"@type":"ImageObject","inLanguage":"is","@id":"https:\/\/secure.gravatar.com\/avatar\/073c0153e350a5005b68eb752b445fea71f6b24a26da9449ad7e155e6b446c9d?s=96&d=mm&r=g","url":"https:\/\/secure.gravatar.com\/avatar\/073c0153e350a5005b68eb752b445fea71f6b24a26da9449ad7e155e6b446c9d?s=96&d=mm&r=g","contentUrl":"https:\/\/secure.gravatar.com\/avatar\/073c0153e350a5005b68eb752b445fea71f6b24a26da9449ad7e155e6b446c9d?s=96&d=mm&r=g","caption":"Ralf Ittermann"},"givenName":"Ralf","familyName":"Ittermann","jobTitle":"Gesch\u00e4ftsf\u00fchrer und redaktioneller Verantwortlicher","url":"https:\/\/iwell-guard.com\/is\/author\/claude\/","description":"Ralf Ittermann ist Gesch\u00e4ftsf\u00fchrer der Ittermann electronic GmbH und redaktioneller Verantwortlicher des iWell-Guard-Lexikons. Er verbindet langj\u00e4hrige Erfahrung in der Pr\u00e4zisionsfertigung mit medialer Praxis und religionsgeschichtlicher Quellenarbeit.","worksFor":{"@type":"Organization","name":"Ittermann electronic GmbH","url":"https:\/\/ittermann.de\/","address":{"@type":"PostalAddress","streetAddress":"K\u00f6hlergasse 16-18","postalCode":"99842","addressLocality":"Ruhla","addressCountry":"DE"}},"knowsAbout":["Religionsgeschichte","Mythologie","Mediale Praxis","Energetische Diagnostik","Schutzpraxis","Volksglauben","Westliche Esoterik"]},{"@type":"Article","@id":"https:\/\/iwell-guard.com\/is\/anu-himingud-hattar-hurrita\/#article","isPartOf":{"@id":"https:\/\/iwell-guard.com\/is\/anu-himingud-hattar-hurrita\/"},"author":{"name":"Ralf Ittermann","@id":"https:\/\/iwell-guard.com\/is\/#\/schema\/person\/ee2a27f1cac3406c7c6fb5820cb7349f"},"headline":"Anu \u2013 Hatt\u00edsk-h\u00farr\u00edskur himingo\u00f0","datePublished":"2026-09-05T14:04:26+00:00","dateModified":"2026-09-05T14:27:18+00:00","mainEntityOfPage":{"@id":"https:\/\/iwell-guard.com\/is\/anu-himingud-hattar-hurrita\/"},"publisher":{"@id":"https:\/\/iwell-guard.com\/is\/#organization"},"image":{"@id":"https:\/\/iwell-guard.com\/is\/anu-himingud-hattar-hurrita\/#primaryimage"},"thumbnailUrl":"https:\/\/iwell-guard.com\/wp-content\/uploads\/2026\/05\/goetter_hethitisch_anu-hethitisch.webp","inLanguage":"is","description":"Anu er \u00ed hinni h\u00farr\u00edsk-het\u00edt\u00edsku Kumarbi-hringr\u00e1s annar himinkonungurinn \u00e1 undan Kumarbi. Tr\u00faarbrag\u00f0afr\u00e6\u00f0ileg \u00fattekt me\u00f0 go\u00f0s\u00f6gn."}]}},"_links":{"self":[{"href":"https:\/\/iwell-guard.com\/is\/wp-json\/wp\/v2\/pages\/168965","targetHints":{"allow":["GET"]}}],"collection":[{"href":"https:\/\/iwell-guard.com\/is\/wp-json\/wp\/v2\/pages"}],"about":[{"href":"https:\/\/iwell-guard.com\/is\/wp-json\/wp\/v2\/types\/page"}],"author":[{"embeddable":true,"href":"https:\/\/iwell-guard.com\/is\/wp-json\/wp\/v2\/users\/3"}],"replies":[{"embeddable":true,"href":"https:\/\/iwell-guard.com\/is\/wp-json\/wp\/v2\/comments?post=168965"}],"version-history":[{"count":0,"href":"https:\/\/iwell-guard.com\/is\/wp-json\/wp\/v2\/pages\/168965\/revisions"}],"wp:featuredmedia":[{"embeddable":true,"href":"https:\/\/iwell-guard.com\/is\/wp-json\/wp\/v2\/media\/2835"}],"wp:attachment":[{"href":"https:\/\/iwell-guard.com\/is\/wp-json\/wp\/v2\/media?parent=168965"}],"wp:term":[{"taxonomy":"category","embeddable":true,"href":"https:\/\/iwell-guard.com\/is\/wp-json\/wp\/v2\/categories?post=168965"}],"curies":[{"name":"wp","href":"https:\/\/api.w.org\/{rel}","templated":true}]}}