{"id":168964,"date":"2026-09-05T14:04:26","date_gmt":"2026-09-05T14:04:26","guid":{"rendered":"https:\/\/iwell-guard.com\/?page_id=168964"},"modified":"2026-09-05T14:27:14","modified_gmt":"2026-09-05T14:27:14","slug":"hebat-haest-gydja-hurrita","status":"publish","type":"page","link":"https:\/\/iwell-guard.com\/is\/hebat-haest-gydja-hurrita\/","title":{"rendered":"Hebat \u2013 h\u00e6st gy\u00f0ja H\u00farr\u00edta"},"content":{"rendered":"\t\t<div data-elementor-type=\"wp-page\" data-elementor-id=\"168964\" class=\"elementor elementor-168964 elementor-2619 elementor-bc-flex-widget\" data-elementor-post-type=\"page\">\n\t\t\t\t<div class=\"elementor-element elementor-element-iwgw-hebat-hero e-flex e-con-boxed e-con e-parent\" data-id=\"iwgw-hebat-hero\" data-element_type=\"container\" data-e-type=\"container\" data-settings=\"{&quot;background_background&quot;:&quot;classic&quot;}\">\n\t\t\t\t\t<div class=\"e-con-inner\">\n\t\t<div class=\"elementor-element elementor-element-iwgw-hebat-hl e-flex e-con-boxed e-con e-child\" data-id=\"iwgw-hebat-hl\" data-element_type=\"container\" data-e-type=\"container\">\n\t\t\t\t\t<div class=\"e-con-inner\">\n\t\t<div class=\"elementor-element elementor-element-iwgw-hebat-htxt e-con-full e-flex e-con e-child\" data-id=\"iwgw-hebat-htxt\" data-element_type=\"container\" data-e-type=\"container\">\n\t\t\t\t<div class=\"elementor-element elementor-element-iwgw-hebat-h1 elementor-widget elementor-widget-heading\" data-id=\"iwgw-hebat-h1\" data-element_type=\"widget\" data-e-type=\"widget\" data-widget_type=\"heading.default\">\n\t\t\t\t\t<h1 class=\"elementor-heading-title elementor-size-default\">Hebat, h\u00e6st gy\u00f0ja H\u00farr\u00edta og eiginkona Teshubs<\/h1>\t\t\t\t<\/div>\n\t\t\t\t<div class=\"elementor-element elementor-element-iwgw-hebat-lead elementor-widget elementor-widget-text-editor\" data-id=\"iwgw-hebat-lead\" data-element_type=\"widget\" data-e-type=\"widget\" data-widget_type=\"text-editor.default\">\n\t\t\t\t\t\t\t\t\t<p>Hebat er \u00e6\u00f0sta kvenkyns <span class=\"iwg-fachbegriff\" data-tooltip=\"Vera sem er tignu\u00f0 sem gu\u00f0leg innan tr\u00faarbrag\u00f0a.\" tabindex=\"0\">go\u00f0vera<\/span> \u00ed go\u00f0heimi H\u00farr\u00edta og eiginkona ve\u00f0urgu\u00f0sins <a href=\"https:\/\/iwell-guard.com\/is\/?page_id=168963\">Teshub<\/a>. \u00cd r\u00edkisgu\u00f0heimi Het\u00edta var h\u00fan sams\u00f6mu\u00f0 <a href=\"https:\/\/iwell-guard.com\/is\/?page_id=168960\">s\u00f3largy\u00f0junni fr\u00e1 Arinna<\/a> og var talin verndargy\u00f0ja konungd\u00f3msins. Drottning Pudu\u1e2bepa, sem sj\u00e1lf var prestynja Hebats, ger\u00f0i hana a\u00f0 r\u00edkisgy\u00f0ju.<\/p>\t\t\t\t\t\t\t\t<\/div>\n\t\t\t\t<\/div>\n\t\t<div class=\"elementor-element elementor-element-iwgw-hebat-pillc e-con-full e-flex e-con e-child\" data-id=\"iwgw-hebat-pillc\" data-element_type=\"container\" data-e-type=\"container\">\n\t\t\t\t<div class=\"elementor-element elementor-element-iwgw-hebat-pills elementor-widget elementor-widget-html\" data-id=\"iwgw-hebat-pills\" data-element_type=\"widget\" data-e-type=\"widget\" data-widget_type=\"html.default\">\n\t\t\t\t\t<div class=\"iwg-pill-row\"><span class=\"iwg-klasse-badge\" tabindex=\"0\" data-tooltip=\"Gy\u00f0ja af hef\u00f0 Het\u00edta.\">Gy\u00f0ja<\/span><a href=\"https:\/\/iwell-guard.com\/is\/hettitar-anatolia-tarhunna-vernd\/\" class=\"iwg-kultur-badge\" tabindex=\"0\" data-tooltip=\"Go\u00f0afr\u00e6\u00f0i hef\u00f0ar Het\u00edta.\">Het\u00edtar<\/a><span class=\"iwg-tradition-badge\" tabindex=\"0\" data-tooltip=\"H\u00e1gy\u00f0ja.\">H\u00e1gy\u00f0ja<\/span><\/div>\t\t\t\t<\/div>\n\t\t\t\t<\/div>\n\t\t<div class=\"elementor-element elementor-element-iwgw-hebat-tocc e-con-full e-flex e-con e-child\" data-id=\"iwgw-hebat-tocc\" data-element_type=\"container\" data-e-type=\"container\">\n\t\t\t\t<div class=\"elementor-element elementor-element-iwgw-hebat-toc elementor-toc--minimized-on-tablet elementor-widget elementor-widget-table-of-contents\" data-id=\"iwgw-hebat-toc\" data-element_type=\"widget\" data-e-type=\"widget\" data-settings=\"{&quot;headings_by_tags&quot;:[&quot;h2&quot;,&quot;h3&quot;],&quot;minimize_box&quot;:&quot;yes&quot;,&quot;marker_view&quot;:&quot;bullets&quot;,&quot;no_headings_message&quot;:&quot;Engar undirfyrirsagnir fundust \\u00e1 \\u00feessari s\\u00ed\\u00f0u.&quot;,&quot;exclude_headings_by_selector&quot;:[],&quot;icon&quot;:{&quot;value&quot;:&quot;fas fa-circle&quot;,&quot;library&quot;:&quot;fa-solid&quot;,&quot;rendered_tag&quot;:&quot;&lt;svg class=\\&quot;e-font-icon-svg e-fas-circle\\&quot; viewBox=\\&quot;0 0 512 512\\&quot; xmlns=\\&quot;http:\\\/\\\/www.w3.org\\\/2000\\\/svg\\&quot;&gt;&lt;path d=\\&quot;M256 8C119 8 8 119 8 256s111 248 248 248 248-111 248-248S393 8 256 8z\\&quot;&gt;&lt;\\\/path&gt;&lt;\\\/svg&gt;&quot;},&quot;minimized_on&quot;:&quot;tablet&quot;,&quot;hierarchical_view&quot;:&quot;yes&quot;,&quot;min_height&quot;:{&quot;unit&quot;:&quot;px&quot;,&quot;size&quot;:&quot;&quot;,&quot;sizes&quot;:[]},&quot;min_height_tablet&quot;:{&quot;unit&quot;:&quot;px&quot;,&quot;size&quot;:&quot;&quot;,&quot;sizes&quot;:[]},&quot;min_height_mobile&quot;:{&quot;unit&quot;:&quot;px&quot;,&quot;size&quot;:&quot;&quot;,&quot;sizes&quot;:[]}}\" data-widget_type=\"table-of-contents.default\">\n\t\t\t\t\t\t\t\t\t<div class=\"elementor-toc__header\">\n\t\t\t\t\t\t<h2 class=\"elementor-toc__header-title\">\n\t\t\t\tEfnisyfirlit\t\t\t<\/h2>\n\t\t\t\t\t\t\t\t\t\t<div class=\"elementor-toc__toggle-button elementor-toc__toggle-button--expand\" role=\"button\" tabindex=\"0\" aria-controls=\"elementor-toc__iwgw-hebat-toc\" aria-expanded=\"true\" aria-label=\"Open table of contents\"><svg aria-hidden=\"true\" class=\"e-font-icon-svg e-fas-chevron-down\" viewBox=\"0 0 448 512\" xmlns=\"http:\/\/www.w3.org\/2000\/svg\"><path d=\"M207.029 381.476L12.686 187.132c-9.373-9.373-9.373-24.569 0-33.941l22.667-22.667c9.357-9.357 24.522-9.375 33.901-.04L224 284.505l154.745-154.021c9.379-9.335 24.544-9.317 33.901.04l22.667 22.667c9.373 9.373 9.373 24.569 0 33.941L240.971 381.476c-9.373 9.372-24.569 9.372-33.942 0z\"><\/path><\/svg><\/div>\n\t\t\t\t<div class=\"elementor-toc__toggle-button elementor-toc__toggle-button--collapse\" role=\"button\" tabindex=\"0\" aria-controls=\"elementor-toc__iwgw-hebat-toc\" aria-expanded=\"true\" aria-label=\"Close table of contents\"><svg aria-hidden=\"true\" class=\"e-font-icon-svg e-fas-chevron-up\" viewBox=\"0 0 448 512\" xmlns=\"http:\/\/www.w3.org\/2000\/svg\"><path d=\"M240.971 130.524l194.343 194.343c9.373 9.373 9.373 24.569 0 33.941l-22.667 22.667c-9.357 9.357-24.522 9.375-33.901.04L224 227.495 69.255 381.516c-9.379 9.335-24.544 9.317-33.901-.04l-22.667-22.667c-9.373-9.373-9.373-24.569 0-33.941L207.03 130.525c9.372-9.373 24.568-9.373 33.941-.001z\"><\/path><\/svg><\/div>\n\t\t\t\t\t<\/div>\n\t\t\t\t<div id=\"elementor-toc__iwgw-hebat-toc\" class=\"elementor-toc__body\">\n\t\t\t<div class=\"elementor-toc__spinner-container\">\n\t\t\t\t<svg class=\"elementor-toc__spinner eicon-animation-spin e-font-icon-svg e-eicon-loading\" aria-hidden=\"true\" viewBox=\"0 0 1000 1000\" xmlns=\"http:\/\/www.w3.org\/2000\/svg\"><path d=\"M500 975V858C696 858 858 696 858 500S696 142 500 142 142 304 142 500H25C25 237 238 25 500 25S975 237 975 500 763 975 500 975Z\"><\/path><\/svg>\t\t\t<\/div>\n\t\t<\/div>\n\t\t\t\t\t\t<\/div>\n\t\t\t\t<\/div>\n\t\t\t\t\t<\/div>\n\t\t\t\t<\/div>\n\t\t<div class=\"elementor-element elementor-element-iwgw-hebat-hr e-con-full e-flex e-con e-child\" data-id=\"iwgw-hebat-hr\" data-element_type=\"container\" data-e-type=\"container\">\n\t\t\t\t<div class=\"elementor-element elementor-element-iwgw-hebat-heroimg iwg-hero-image elementor-widget elementor-widget-image\" data-id=\"iwgw-hebat-heroimg\" data-element_type=\"widget\" data-e-type=\"widget\" data-widget_type=\"image.default\">\n\t\t\t\t\t\t\t\t\t\t\t\t\t\t\t<img fetchpriority=\"high\" decoding=\"async\" width=\"683\" height=\"1024\" src=\"https:\/\/iwell-guard.com\/wp-content\/uploads\/2026\/05\/goetter_hethitisch_hebat-683x1024.webp\" class=\"attachment-large size-large wp-image-170820\" alt=\"Hebat - gu\u00f0ir \u00far het\u00edta-hef\u00f0inni, s\u00f6guleg-myndr\u00e6nt\" srcset=\"https:\/\/iwell-guard.com\/wp-content\/uploads\/2026\/05\/goetter_hethitisch_hebat-683x1024.webp 683w, https:\/\/iwell-guard.com\/wp-content\/uploads\/2026\/05\/goetter_hethitisch_hebat-200x300.webp 200w, https:\/\/iwell-guard.com\/wp-content\/uploads\/2026\/05\/goetter_hethitisch_hebat-768x1152.webp 768w, https:\/\/iwell-guard.com\/wp-content\/uploads\/2026\/05\/goetter_hethitisch_hebat.webp 1024w\" sizes=\"(max-width: 683px) 100vw, 683px\" \/>\t\t\t\t\t\t\t\t\t\t\t\t\t\t\t<\/div>\n\t\t\t\t<\/div>\n\t\t\t\t\t<\/div>\n\t\t\t\t<\/div>\n\t\t<div class=\"elementor-element elementor-element-iwgw-hebat-s0 e-flex e-con-boxed e-con e-parent\" data-id=\"iwgw-hebat-s0\" data-element_type=\"container\" data-e-type=\"container\">\n\t\t\t\t\t<div class=\"e-con-inner\">\n\t\t\t\t<div class=\"elementor-element elementor-element-iwgw-hebat-s0h elementor-widget elementor-widget-heading\" data-id=\"iwgw-hebat-s0h\" data-element_type=\"widget\" data-e-type=\"widget\" data-widget_type=\"heading.default\">\n\t\t\t\t\t<h2 class=\"elementor-heading-title elementor-size-default\">Greining og skammrit<\/h2>\t\t\t\t<\/div>\n\t\t<div class=\"elementor-element elementor-element-iwgw-hebat-s0c e-con-full e-flex e-con e-child\" data-id=\"iwgw-hebat-s0c\" data-element_type=\"container\" data-e-type=\"container\">\n\t\t\t\t<div class=\"elementor-element elementor-element-iwgw-hebat-s0t elementor-widget elementor-widget-text-editor\" data-id=\"iwgw-hebat-s0t\" data-element_type=\"widget\" data-e-type=\"widget\" data-widget_type=\"text-editor.default\">\n\t\t\t\t\t\t\t\t\t<p>Hebat (einnig skrifu\u00f0 \u1e2aebat, Hepat e\u00f0a \u1e2aepatu) er \u00e6\u00f0sta kvenkyns <span class=\"iwg-fachbegriff\" data-tooltip=\"Vera sem er tignu\u00f0 sem gu\u00f0leg innan tr\u00faarbrag\u00f0a.\" tabindex=\"0\">go\u00f0vera<\/span> \u00ed go\u00f0heimi H\u00farr\u00edta. Volkert Haas s\u00fdndi \u00ed <em>Geschichte der hethitischen Religion<\/em> (1994) a\u00f0 h\u00fan var upphaflega borgargy\u00f0ja Aleppo og var\u00f0 \u00ed seinni hluta 2. \u00e1r\u00fe\u00fasunds f.Kr. r\u00edkisgy\u00f0ja H\u00farr\u00edta og S\u00fdrlendinga.<\/p><p>\u00cd r\u00edkistr\u00fa Het\u00edta fr\u00e1 og me\u00f0 14. \u00f6ld f.Kr. er h\u00fan kvenlegi p\u00f3linn \u00ed r\u00edkisgu\u00f0aveldinu.<\/p><p>Tr\u00faarbrag\u00f0as\u00f6gulega s\u00e9\u00f0 er h\u00fan verndargy\u00f0ja konungd\u00f3ms, tryggingargy\u00f0ja konungs\u00e6ttarins og s\u00e1ttm\u00e1laskipulagsins. Drottning Pudu\u1e2bepa, eiginkona \u1e2aattu\u0161ilis III., var upphaflega prestynja Hebats \u00ed Kizzuwatna; h\u00fan ger\u00f0i <span class=\"iwg-fachbegriff\" data-tooltip=\"Heild tr\u00faarlegra tignunarathafna fyrir go\u00f0veru e\u00f0a heilaga v\u00e6tti.\" tabindex=\"0\">d\u00fdrkun<\/span> Hebats a\u00f0 opinberri konunglegri verndard\u00fdrkun.<\/p><p>Trevor Bryce l\u00fdsti \u00feessari stj\u00f3rnm\u00e1lalega-tr\u00faarlegu skipan \u00edtarlega \u00ed <em>Life and Society in the Hittite World<\/em> (2002). \u00deessi \u201ehurr\u00edtuv\u00e6\u00f0ing&#8220; go\u00f0heims Het\u00edta \u00e1 13. \u00f6ld f.Kr. er einn best skjalfesti tr\u00faarbrag\u00f0as\u00f6gulegi ferillinn \u00ed s\u00ed\u00f0brons\u00f6ld hins forna Austurlands.<\/p><p>Hlutverk Hebats felur \u00ed s\u00e9r verndun konungd\u00f3ms, verndun \u00feungunar, heilun og fj\u00f6lskyldureglu. H\u00fan er tr\u00faarleg mi\u00f0ja hurr\u00edt\u00edskrar fj\u00f6lskyldu\u00ferenningar me\u00f0 <a href=\"https:\/\/iwell-guard.com\/is\/?page_id=168963\">Teshub<\/a> og <a href=\"https:\/\/iwell-guard.com\/is\/?page_id=168968\">Sarruma<\/a>. Innan <a href=\"https:\/\/iwell-guard.com\/is\/hettitar-anatolia-tarhunna-vernd\/\">hef\u00f0ar Het\u00edta<\/a> gegnir h\u00fan \u00feannig samb\u00e6rilegri st\u00f6\u00f0u og <a href=\"https:\/\/iwell-guard.com\/is\/?page_id=168960\">Arinna<\/a>, sem h\u00fan var opinberlega sams\u00f6mu\u00f0, \u00feessi gu\u00f0fr\u00e6\u00f0ilega samruni tveggja kvenkyns h\u00e1gy\u00f0ja er merkilegt fyrirb\u00e6ri.<\/p>\t\t\t\t\t\t\t\t<\/div>\n\t\t\t\t<\/div>\n\t\t\t\t\t<\/div>\n\t\t\t\t<\/div>\n\t\t<div class=\"elementor-element elementor-element-iwgw-hebat-s1 e-flex e-con-boxed e-con e-parent\" data-id=\"iwgw-hebat-s1\" data-element_type=\"container\" data-e-type=\"container\">\n\t\t\t\t\t<div class=\"e-con-inner\">\n\t\t\t\t<div class=\"elementor-element elementor-element-iwgw-hebat-s1h elementor-widget elementor-widget-heading\" data-id=\"iwgw-hebat-s1h\" data-element_type=\"widget\" data-e-type=\"widget\" data-widget_type=\"heading.default\">\n\t\t\t\t\t<h2 class=\"elementor-heading-title elementor-size-default\">Nafn og or\u00f0sifjar<\/h2>\t\t\t\t<\/div>\n\t\t<div class=\"elementor-element elementor-element-iwgw-hebat-s1c e-con-full e-flex e-con e-child\" data-id=\"iwgw-hebat-s1c\" data-element_type=\"container\" data-e-type=\"container\">\n\t\t\t\t<div class=\"elementor-element elementor-element-iwgw-hebat-s1t elementor-widget elementor-widget-text-editor\" data-id=\"iwgw-hebat-s1t\" data-element_type=\"widget\" data-e-type=\"widget\" data-widget_type=\"text-editor.default\">\n\t\t\t\t\t\t\t\t\t<p>Nafni\u00f0 Hebat er s\u00fdrlensk-amor\u00edskt og eldra en h\u00farr\u00edsk \u00e1hrif. Uppruni or\u00f0sins er ekki endanlega sta\u00f0festur, en tr\u00faleg sk\u00fdring tengir \u00fea\u00f0 vi\u00f0 sem\u00edska or\u00f0i\u00f0 <em>\u1e2bbb<\/em> &#8216;a\u00f0 elska&#8217; e\u00f0a hi\u00f0 h\u00farr\u00edska <em>\u1e2bib-<\/em> &#8216;ferskur, ungur&#8217;. \u00cd fleygr\u00fanatextum birtist h\u00fan sem <em>\u1e2ae-pa-at<\/em>, <em>\u1e2ae-bat<\/em>, og st\u00f6ku sinnum me\u00f0 merkit\u00e1kninu DGA\u0160AN (&#8216;h\u00fasfreyja&#8217;).<\/p><p>\u00c1 akkad\u00edsku er h\u00fan sams\u00f6mu\u00f0 I\u0161tar, en \u00e1 hett\u00edsku sams\u00f6mu\u00f0 <a href=\"https:\/\/iwell-guard.com\/is\/?page_id=168960\">s\u00f3largy\u00f0junni fr\u00e1 Arinna<\/a>.<\/p><p>\u00deessi marg\u00fe\u00e6tta sams\u00f6mun er sk\u00fdrt tekin fyrir \u00ed hinni fr\u00e6gu <span class=\"iwg-fachbegriff\" data-tooltip=\"M\u00e1leg \u00e1v\u00f6rpun manns til gu\u00f0d\u00f3ms.\" tabindex=\"0\">b\u00e6n<\/span> Pudu\u1e2bepu: &#8216;\u00cd \u1e2aatti hefur \u00fe\u00fa gefi\u00f0 \u00fe\u00e9r nafni\u00f0 s\u00f3largy\u00f0ja fr\u00e1 Arinna; \u00ed landinu sem \u00fe\u00fa skapa\u00f0ir sem sedrusland hefur \u00fe\u00fa gefi\u00f0 \u00fe\u00e9r nafni\u00f0 Hebat.&#8217; Itamar Singer hefur fjalla\u00f0 \u00edtarlega um \u00feennan kafla \u00ed <em>Hittite Prayers<\/em> (2002).<\/p><p>\u00c1 vestursem\u00edt\u00edsku m\u00e1li kemur nafni\u00f0 fyrir sem \u1e2aebat \u00ed Ugarit og sem \u1e2aipat \u00ed amor\u00edskum mannan\u00f6fnum. Gy\u00f0jan var \u00fev\u00ed v\u00ed\u00f0a \u00feekkt og d\u00fdrku\u00f0 yfir mikil landsv\u00e6\u00f0i.<\/p><p>Piotr Taracha hefur skr\u00e1\u00f0 \u00fatbrei\u00f0sluna \u00edtarlega \u00ed <em>Religions of Second Millennium Anatolia<\/em> (2009). \u00cd Mari birtist h\u00fan sem \u1e2aebat \u00ed gu\u00f0at\u00f6lum fr\u00e1 18. \u00f6ld f.Kr.; \u00ed Alala\u1e2b og Nuzi (15. \u00f6ld) er h\u00fan sta\u00f0fest sem mikilv\u00e6g gy\u00f0ja \u00ed go\u00f0aheiminum.<\/p>\t\t\t\t\t\t\t\t<\/div>\n\t\t\t\t<\/div>\n\t\t\t\t\t<\/div>\n\t\t\t\t<\/div>\n\t\t<div class=\"elementor-element elementor-element-iwgw-hebat-s2 e-flex e-con-boxed e-con e-parent\" data-id=\"iwgw-hebat-s2\" data-element_type=\"container\" data-e-type=\"container\">\n\t\t\t\t\t<div class=\"e-con-inner\">\n\t\t\t\t<div class=\"elementor-element elementor-element-iwgw-hebat-s2h elementor-widget elementor-widget-heading\" data-id=\"iwgw-hebat-s2h\" data-element_type=\"widget\" data-e-type=\"widget\" data-widget_type=\"heading.default\">\n\t\t\t\t\t<h2 class=\"elementor-heading-title elementor-size-default\">L\u00fdsing og myndm\u00e1l<\/h2>\t\t\t\t<\/div>\n\t\t<div class=\"elementor-element elementor-element-iwgw-hebat-s2c e-con-full e-flex e-con e-child\" data-id=\"iwgw-hebat-s2c\" data-element_type=\"container\" data-e-type=\"container\">\n\t\t\t\t<div class=\"elementor-element elementor-element-iwgw-hebat-s2t elementor-widget elementor-widget-text-editor\" data-id=\"iwgw-hebat-s2t\" data-element_type=\"widget\" data-e-type=\"widget\" data-widget_type=\"text-editor.default\">\n\t\t\t\t\t\t\t\t\t<p>Hebat kemur fram sem h\u00e1s\u00e6tis- e\u00f0a gangandi gy\u00f0ja \u00ed l\u00f6ngum fellingakl\u00e6\u00f0um, me\u00f0 h\u00e1a polos-k\u00f3r\u00f3nu og s\u00f3lsk\u00edfu sem einkennist\u00e1kn. \u00cd Yaz\u0131l\u0131kaya, klefa A, stendur h\u00fan \u00ed mi\u00f0ju kvenkyns go\u00f0askr\u00fa\u00f0g\u00f6ngunnar, andsp\u00e6nis <a href=\"https:\/\/iwell-guard.com\/is\/?page_id=168963\">Teshub<\/a>, standandi \u00e1 hl\u00e9bar\u00f0a e\u00f0a fjalli. Vi\u00f0 hli\u00f0 hennar stendur sonur hennar <a href=\"https:\/\/iwell-guard.com\/is\/?page_id=168968\">Sarruma<\/a>, einnig standandi \u00e1 hl\u00e9bar\u00f0a.<\/p><p>Heilagt d\u00fdr hennar er hl\u00e9bar\u00f0inn e\u00f0a pardusd\u00fdri\u00f0, \u00ed nokkrum myndum l\u00edka lj\u00f3ni\u00f0. \u00deessi d\u00fdrat\u00e1knfr\u00e6\u00f0i tengir hana vi\u00f0 forns\u00fdrlenskar m\u00f3\u00f0urgy\u00f0jur og a\u00f0greinir hana fr\u00e1 mes\u00f3p\u00f3tam\u00edsku I\u0161tar, sem hefur lj\u00f3ni\u00f0 a\u00f0 d\u00fdri s\u00ednu. Volkert Haas l\u00fdsti \u00feessari myndhef\u00f0 n\u00e1kv\u00e6mlega \u00ed <em>Materia Magica et Medica Hethitica<\/em> (2003).<\/p><p>\u00cd Karkami\u0161 og \u00f6\u00f0rum s\u00ed\u00f0het\u00edt\u00edskum st\u00f6\u00f0um kemur Hebat fram \u00e1 l\u00e1gmyndum sem h\u00e1s\u00e6tisdrottning; myndhef\u00f0 hennar var\u00f0 \u00e1 <span class=\"iwg-fachbegriff\" data-tooltip=\"Fors\u00f6gulegt t\u00edmabil eftir brons\u00f6ld, einkennt af j\u00e1rnvinnslu.\" tabindex=\"0\">j\u00e1rn\u00f6ld<\/span> a\u00f0 \u00fatbreiddri s\u00fdrlensk-anat\u00f3l\u00edskri myndhef\u00f0 yfir landsv\u00e6\u00f0i. \u00c1 konungssiglum fr\u00e1 \u1e2aattu\u0161a kemur h\u00fan oft fram me\u00f0 d\u00fdrum s\u00ednum sem verndarfr\u00fa drottningarins. Bronsstyttur af h\u00e1s\u00e6tisgy\u00f0ju me\u00f0 polos-k\u00f3r\u00f3nu fr\u00e1 \u1e2aattu\u0161a og \u0160amu\u1e2ba eru oftast taldar s\u00fdna Hebat.<\/p>\t\t\t\t\t\t\t\t<\/div>\n\t\t\t\t<\/div>\n\t\t\t\t\t<\/div>\n\t\t\t\t<\/div>\n\t\t<div class=\"elementor-element elementor-element-iwgw-hebat-s3 e-flex e-con-boxed e-con e-parent\" data-id=\"iwgw-hebat-s3\" data-element_type=\"container\" data-e-type=\"container\">\n\t\t\t\t\t<div class=\"e-con-inner\">\n\t\t\t\t<div class=\"elementor-element elementor-element-iwgw-hebat-s3h elementor-widget elementor-widget-heading\" data-id=\"iwgw-hebat-s3h\" data-element_type=\"widget\" data-e-type=\"widget\" data-widget_type=\"heading.default\">\n\t\t\t\t\t<h2 class=\"elementor-heading-title elementor-size-default\">Go\u00f0sagnakenndar fr\u00e1sagnir<\/h2>\t\t\t\t<\/div>\n\t\t<div class=\"elementor-element elementor-element-iwgw-hebat-s3c e-con-full e-flex e-con e-child\" data-id=\"iwgw-hebat-s3c\" data-element_type=\"container\" data-e-type=\"container\">\n\t\t\t\t<div class=\"elementor-element elementor-element-iwgw-hebat-s3t elementor-widget elementor-widget-text-editor\" data-id=\"iwgw-hebat-s3t\" data-element_type=\"widget\" data-e-type=\"widget\" data-widget_type=\"text-editor.default\">\n\t\t\t\t\t\t\t\t\t<p>Hebat kemur s\u00ed\u00f0ur fram \u00ed hinum st\u00f3ru go\u00f0s\u00f6gnum Kumarbi-go\u00f0sagnab\u00e1lksins; \u00ed &#8216;S\u00f6ng Ullikummis&#8217; (CTH 345) er h\u00fan hin \u00e1hyggjufulla m\u00f3\u00f0ir sem vill koma syni s\u00ednum <a href=\"https:\/\/iwell-guard.com\/is\/?page_id=168968\">Sarruma<\/a> \u00ed \u00f6ryggi \u00feegar steinrisinn h\u00f3tar a\u00f0 leggja himininn undir sig. Tilfinninga\u00ferungin afskipti hennar eru andst\u00e6\u00f0a hinnar hetjulegu virkni Teshubs.<\/p><p>\u00cd <span class=\"iwg-fachbegriff\" data-tooltip=\"Skipul\u00f6g\u00f0 r\u00f6\u00f0 helgisi\u00f0abundinna athafna me\u00f0 tr\u00faarlega e\u00f0a menningarlega merkingu.\" tabindex=\"0\">helgisi\u00f0a<\/span>&#8211;<span class=\"iwg-fachbegriff\" data-tooltip=\"Hef\u00f0bundin fr\u00e1s\u00f6gn um gu\u00f0i, uppruna og skipan heimsins.\" tabindex=\"0\">go\u00f0s\u00f6gninni<\/span> um &#8216;S\u00f3lgu\u00f0inn sem hvarf&#8217; (CTH 323) kemur h\u00fan fram sem l\u00e6kningar- og fri\u00f0andi gy\u00f0ja, samhli\u00f0a Kamru\u0161epa og <a href=\"https:\/\/iwell-guard.com\/is\/?page_id=168960\">s\u00f3lgy\u00f0junni<\/a>. Hlutverk hennar \u00ed go\u00f0s\u00f6gunum er yfirleitt s\u00ed\u00f0ur hetjulegt en r\u00e1\u00f0gefandi, verndandi og skipandi.<\/p><p>\u00cd brotakenndri h\u00farr\u00edskri <span class=\"iwg-fachbegriff\" data-tooltip=\"Hef\u00f0bundin fr\u00e1s\u00f6gn um gu\u00f0i, uppruna og skipan heimsins.\" tabindex=\"0\">go\u00f0s\u00f6gn<\/span>, &#8216;S\u00f6ngnum um lausnina&#8217; (CTH 789), kemur h\u00fan fram sem s\u00e1ttasemjari milli Teshubs og \u00edb\u00faa Ebla.<\/p><p>\u00cd Pudu\u1e2bepa-<span class=\"iwg-fachbegriff\" data-tooltip=\"M\u00e1lleg \u00e1v\u00f6rpun manns til gu\u00f0s.\" tabindex=\"0\">b\u00e6ninni<\/span> (CTH 384) kemur h\u00fan fram sem pers\u00f3nuleg verndargy\u00f0ja drottningarins, sem \u00e1varpar gy\u00f0juna beint og bi\u00f0ur me\u00f0 gu\u00f0fr\u00e6\u00f0ilegum r\u00f6kum um l\u00e6kningu konungsins.<\/p><p>Itamar Singer \u00fe\u00fdddi og sk\u00fdr\u00f0i <span class=\"iwg-fachbegriff\" data-tooltip=\"M\u00e1lleg \u00e1v\u00f6rpun manns til gu\u00f0s.\" tabindex=\"0\">b\u00e6nina<\/span> \u00ed <em>Hittite Prayers<\/em> (2002); h\u00fan er me\u00f0al b\u00f3kmenntalega og gu\u00f0fr\u00e6\u00f0ilega merkustu texta hetit\u00edskrar tr\u00faarbrag\u00f0a. Drottningin \u00e1varpar gy\u00f0juna eins og tr\u00fana\u00f0arvin og skj\u00f3lst\u00e6\u00f0ing og v\u00edsar til sameiginlegrar prestlegrar fort\u00ed\u00f0ar \u00ed Kizzuwatna.<\/p><p>\u00cd h\u00farr\u00edskum h\u00e1t\u00ed\u00f0artextum kemur Hebat auk \u00feess fram \u00ed fylgd d\u00e6tra sinna, Allanzu og Kunzi\u0161alli, sem taldar eru verndargy\u00f0jur drottningarins. \u00de\u00e6r flytja helgidansa og f\u00e6ra Hebat f\u00f3rnargjafir \u00far h\u00f6ndum drottningarins.<\/p><p>\u00deessir h\u00e1t\u00ed\u00f0ars\u00f6ngvar, samdir \u00e1 h\u00farr\u00edsku, eru me\u00f0al mikilv\u00e6gustu m\u00e1lfr\u00e6\u00f0ilegu vitnisbur\u00f0a h\u00farr\u00edsku tungunnar og voru gefnir \u00fat af Volkert Haas og Ilse Wegner. \u00cd &#8216;S\u00f6ngvum lausnarins&#8217; (CTH 789), tv\u00edtyngdu h\u00farr\u00edsk-hetit\u00edsku fr\u00e1sagnasafni, kemur Hebat einnig fram sem eiginkona Teshubs og m\u00f3\u00f0ir Sarruma \u00ed r\u00e1\u00f0gefandi hlutverki.<\/p>\t\t\t\t\t\t\t\t<\/div>\n\t\t\t\t<\/div>\n\t\t\t\t\t<\/div>\n\t\t\t\t<\/div>\n\t\t<div class=\"elementor-element elementor-element-iwgw-hebat-s4 e-flex e-con-boxed e-con e-parent\" data-id=\"iwgw-hebat-s4\" data-element_type=\"container\" data-e-type=\"container\">\n\t\t\t\t\t<div class=\"e-con-inner\">\n\t\t\t\t<div class=\"elementor-element elementor-element-iwgw-hebat-s4h elementor-widget elementor-widget-heading\" data-id=\"iwgw-hebat-s4h\" data-element_type=\"widget\" data-e-type=\"widget\" data-widget_type=\"heading.default\">\n\t\t\t\t\t<h2 class=\"elementor-heading-title elementor-size-default\">D\u00fdrkun og tilbei\u00f0sla<\/h2>\t\t\t\t<\/div>\n\t\t<div class=\"elementor-element elementor-element-iwgw-hebat-s4c e-con-full e-flex e-con e-child\" data-id=\"iwgw-hebat-s4c\" data-element_type=\"container\" data-e-type=\"container\">\n\t\t\t\t<div class=\"elementor-element elementor-element-iwgw-hebat-s4t elementor-widget elementor-widget-text-editor\" data-id=\"iwgw-hebat-s4t\" data-element_type=\"widget\" data-e-type=\"widget\" data-widget_type=\"text-editor.default\">\n\t\t\t\t\t\t\t\t\t<p>A\u00f0ald\u00fdrkun Hebat var \u00ed Kizzuwatna, h\u00farr\u00edsku sv\u00e6\u00f0i \u00ed su\u00f0austanver\u00f0ri Anat\u00f3l\u00edu (n\u00fa \u00c7ukurova-sl\u00e9ttan). Mikilv\u00e6gasta <span class=\"iwg-fachbegriff\" data-tooltip=\"Heilagur sta\u00f0ur tileinka\u00f0ur tilbei\u00f0slu gu\u00f0s.\" tabindex=\"0\">helgista\u00f0ur<\/span> hennar var \u00ed borginni Kummanni (tali\u00f0 vera n\u00fa Comana Cappadociae vi\u00f0 \u015ear). Auk \u00feess var h\u00fan tilbe\u00f0in \u00ed Aleppo, \u00ed \u0160amu\u1e2ba og \u00e1 m\u00f6rgum sm\u00e6rri st\u00f6\u00f0um.<\/p><p>\u00cd hetit\u00edskri r\u00edkisd\u00fdrkun f\u00e9kk h\u00fan mi\u00f0l\u00e6ga st\u00f6\u00f0u fyrir tilstilli Pudu\u1e2bepa. Drottning Pudu\u1e2bepa flutti inn h\u00farr\u00edska helgisi\u00f0i, h\u00farr\u00edska presta og h\u00farr\u00edska helgigripi til \u1e2aattu\u0161a og kom \u00e1 f\u00f3t opinberri Hebat-<span class=\"iwg-fachbegriff\" data-tooltip=\"Heild tr\u00faarlegra tilbei\u00f0sluathafna til gu\u00f0s e\u00f0a heilagrar verunar.\" tabindex=\"0\">d\u00fdrkun<\/span> \u00e1 h\u00e6sta r\u00edkisstigi. Itamar Singer og Volkert Haas hafa rannsaka\u00f0 \u00edtarlega \u00feetta h\u00farr\u00edska \u00e1hrifavald \u00e1 hetit\u00edska gu\u00f0aheiminn \u00e1 13. \u00f6ld f.Kr.<\/p><p>Mikilv\u00e6gasta Hebat-h\u00e1t\u00ed\u00f0in var <em>itkalzi<\/em>-hreinsunarhelgisi\u00f0urinn og hin st\u00f3ra vorh\u00e1t\u00ed\u00f0. Prestaskipulagi\u00f0 samanst\u00f3\u00f0 af h\u00farr\u00edskum prestum (<em>kaluti<\/em>), s\u00f6ngkonum og dansmeyjum.<\/p><p>Hebat var einnig verndargy\u00f0ja \u00feunga\u00f0ra kvenna; <span class=\"iwg-fachbegriff\" data-tooltip=\"B\u00e6narlegt e\u00f0a \u00e1kallandi \u00e1v\u00f6rpun til gu\u00f0s e\u00f0a m\u00e1ttar.\" tabindex=\"0\">\u00e1kall<\/span> til hennar \u00ed f\u00e6\u00f0ingarhelgisi\u00f0um er vel skjalfest. \u00cd h\u00farr\u00edsku <em>itkahi<\/em>-ei\u00f0shelgisi\u00f0unum var nafn hennar \u00e1kalla\u00f0 saman me\u00f0 nafni eiginmanns hennar Teshubs og sonar hennar Sarruma \u00ed hinni gu\u00f0legu \u00ferenningu.<\/p><p>S\u00e9rstakt hlutverk \u00ed d\u00fdrkun hlaut Hebat \u00ed s\u00ed\u00f0hetit\u00edskum borgr\u00edkjum Karkami\u0161, Mara\u015f og Aleppo \u00e1 <span class=\"iwg-fachbegriff\" data-tooltip=\"Fors\u00f6gulegt t\u00edmabil eftir brons\u00f6ld, einkennist af j\u00e1rnvinnslu.\" tabindex=\"0\">j\u00e1rn\u00f6ld<\/span>. H\u00eder\u00f3gl\u00fdfu-l\u00fav\u00edskar konungs\u00e1letranir fr\u00e1 10. og 9. \u00f6ld f.Kr. nefna Hebat sem konunglega verndargy\u00f0ju og ei\u00f0s\u00e1byrg\u00f0ara\u00f0ila. Samfella h\u00farr\u00edskrar tr\u00faar \u00ed \u00feessum &#8216;n\u00fdhetit\u00edsku&#8217; borgr\u00edkjum er lykilvitnisbur\u00f0ur um s\u00f6gulegt framhaldsl\u00edf fornanat\u00f3l\u00edskra hef\u00f0a langt fram yfir lok bronsaldar.<\/p>\t\t\t\t\t\t\t\t<\/div>\n\t\t\t\t<\/div>\n\t\t\t\t\t<\/div>\n\t\t\t\t<\/div>\n\t\t<div class=\"elementor-element elementor-element-iwgw-hebat-s5 e-flex e-con-boxed e-con e-parent\" data-id=\"iwgw-hebat-s5\" data-element_type=\"container\" data-e-type=\"container\">\n\t\t\t\t\t<div class=\"e-con-inner\">\n\t\t\t\t<div class=\"elementor-element elementor-element-iwgw-hebat-s5h elementor-widget elementor-widget-heading\" data-id=\"iwgw-hebat-s5h\" data-element_type=\"widget\" data-e-type=\"widget\" data-widget_type=\"heading.default\">\n\t\t\t\t\t<h2 class=\"elementor-heading-title elementor-size-default\">Verndara\u00f0ger\u00f0ir og fr\u00e1hrindandi t\u00e1kn<\/h2>\t\t\t\t<\/div>\n\t\t<div class=\"elementor-element elementor-element-iwgw-hebat-s5c e-con-full e-flex e-con e-child\" data-id=\"iwgw-hebat-s5c\" data-element_type=\"container\" data-e-type=\"container\">\n\t\t\t\t<div class=\"elementor-element elementor-element-iwgw-hebat-s5t elementor-widget elementor-widget-text-editor\" data-id=\"iwgw-hebat-s5t\" data-element_type=\"widget\" data-e-type=\"widget\" data-widget_type=\"text-editor.default\">\n\t\t\t\t\t\t\t\t\t<p>Hebat var verndargy\u00f0ja drottningarinnar, \u00feunga\u00f0ra kvenna, fj\u00f6lskyldunnar og konungs\u00e6ttarins. \u00cd \u00feungunarhelgisi\u00f0um var h\u00fan \u00e1k\u00f6llu\u00f0 \u00e1samt &#8216;\u00f6rlagagy\u00f0junum&#8217; (Gul\u0161e\u0161) og hatt\u00edsku m\u00f3\u00f0urgy\u00f0junni \u1e2aanna\u1e2banna.<\/p><p>Volkert Haas gaf \u00fat fj\u00f6lda f\u00e6\u00f0ingarhelgisi\u00f0a \u00ed <em>Materia Magica et Medica Hethitica<\/em> (2003) \u00fear sem Hebat kemur fram sem verndarherra. \u00cd erfi\u00f0um f\u00e6\u00f0ingum, ungbarnasj\u00fakd\u00f3mum og \u00f3frj\u00f3semi var leita\u00f0 til hennar um hj\u00e1lp.<\/p><p><span class=\"iwg-fachbegriff\" data-tooltip=\"\u00d3g\u00e6fuvarnandi: um t\u00e1kn og hluti sem \u00e6tla\u00f0 er a\u00f0 halda ska\u00f0legum \u00e1hrifum \u00ed burtu.\" tabindex=\"0\">Verndandi<\/span> voru Hebat-styttur settar upp \u00ed h\u00fasum; \u00ed h\u00farr\u00edsku ei\u00f0shelgisi\u00f0unum var nafn hennar \u00e1kalla\u00f0 saman vi\u00f0 nafn eiginmanns hennar Teshubs. <em>Itkahi<\/em>-ei\u00f0sath\u00f6fnin tengdi nafn hennar vi\u00f0 n\u00f6fn Teshubs og Sarruma \u00ed gu\u00f0legri \u00ferenningu. \u00c1 konungssiglum Tud\u1e2baliya IV. og Pudu\u1e2bepa kemur hin h\u00farr\u00edska \u00ferenning fram sem verndart\u00e1kn yfir nafni konungsins.<\/p><p data-nosnippet=\"true\">Fr\u00e1 fr\u00e6\u00f0ilegu sj\u00f3narhorni er verndarhlutverk Hebat mj\u00f6g fj\u00f6lskyldu- og konungs\u00e6ttarbundi\u00f0; h\u00fan er ekki fyrst og fremst pers\u00f3nuleg verndargy\u00f0ja, en \u00ed f\u00e6\u00f0ingar- og l\u00e6kningasamhengi var h\u00fan einnig \u00e1k\u00f6llu\u00f0 \u00ed einkalegum tilgangi. iWell Guard l\u00edtur \u00e1 Hebat sem s\u00f6guleg-fr\u00e6\u00f0ilega veru og hafnar tilv\u00edsunum \u00ed n\u00fat\u00edmalegan lofor\u00f0a\u00e1r\u00f3\u00f0ur um l\u00e6kningu.<\/p><p>\u00cd hetit\u00edskum galdratextum &#8216;G\u00f6mlu konunnar&#8217; er Hebat oft \u00e1k\u00f6llu\u00f0 sem &#8216;drottningin&#8217;, oft \u00ed tengslum vi\u00f0 \u0160au\u0161ga fr\u00e1 \u0160amu\u1e2ba og s\u00f3lgy\u00f0ju jar\u00f0arins. \u00deessi \u00ferenning kvenlegra gu\u00f0a myndar bur\u00f0ar\u00e1s h\u00farr\u00edsk-hetit\u00edskra kvennaverndarhelgisi\u00f0a.<\/p>\t\t\t\t\t\t\t\t<\/div>\n\t\t\t\t<\/div>\n\t\t\t\t\t<\/div>\n\t\t\t\t<\/div>\n\t\t<div class=\"elementor-element elementor-element-iwgw-hebat-s6 e-flex e-con-boxed e-con e-parent\" data-id=\"iwgw-hebat-s6\" data-element_type=\"container\" data-e-type=\"container\">\n\t\t\t\t\t<div class=\"e-con-inner\">\n\t\t\t\t<div class=\"elementor-element elementor-element-iwgw-hebat-s6h elementor-widget elementor-widget-heading\" data-id=\"iwgw-hebat-s6h\" data-element_type=\"widget\" data-e-type=\"widget\" data-widget_type=\"heading.default\">\n\t\t\t\t\t<h2 class=\"elementor-heading-title elementor-size-default\">Hli\u00f0st\u00e6\u00f0ur \u00ed \u00f6\u00f0rum menningarheimum<\/h2>\t\t\t\t<\/div>\n\t\t<div class=\"elementor-element elementor-element-iwgw-hebat-s6c e-con-full e-flex e-con e-child\" data-id=\"iwgw-hebat-s6c\" data-element_type=\"container\" data-e-type=\"container\">\n\t\t\t\t<div class=\"elementor-element elementor-element-iwgw-hebat-s6t elementor-widget elementor-widget-text-editor\" data-id=\"iwgw-hebat-s6t\" data-element_type=\"widget\" data-e-type=\"widget\" data-widget_type=\"text-editor.default\">\n\t\t\t\t\t\t\t\t\t<p>Hebat er n\u00e1skyld akkad\u00edsku gy\u00f0junni I\u0161tar og nor\u00f0vestursem\u00edsku A\u0161tarte; \u00ed hlutverki s\u00ednu sem verndargy\u00f0ja konungsvaldsins l\u00edkist h\u00fan <a href=\"https:\/\/iwell-guard.com\/is\/?page_id=168960\">s\u00f3lgy\u00f0junni fr\u00e1 Arinna<\/a>. \u00cd \u00fagar\u00edt\u00edska <span class=\"iwg-fachbegriff\" data-tooltip=\"Heild gu\u00f0anna \u00ed tr\u00faarbr\u00f6g\u00f0um e\u00f0a menningu.\" tabindex=\"0\">go\u00f0aveldinu<\/span> (pantheon) \u00e1 Athirat (A\u0161erah), eiginkona Els, s\u00e9r hli\u00f0st\u00e6\u00f0u \u00ed henni, en \u00fe\u00e6r tv\u00e6r deila hlutverki gu\u00f0am\u00f3\u00f0urinnar.<\/p><p>Tr\u00faars\u00f6gulega er Hebat d\u00e6mi um mi\u00f0jar\u00f0arhafshef\u00f0ina um hina \u00e6\u00f0stu gy\u00f0ju \u00e1 <span class=\"iwg-fachbegriff\" data-tooltip=\"Fors\u00f6guleg t\u00edmabil \u00fear sem brons var mikilv\u00e6gasti m\u00e1lmurinn til \u00e1haldager\u00f0ar.\" tabindex=\"0\">brons\u00f6ld<\/span>, sem \u00e1 <span class=\"iwg-fachbegriff\" data-tooltip=\"Fors\u00f6gulegt t\u00edmabil eftir brons\u00f6ld, einkennt af j\u00e1rnvinnslu.\" tabindex=\"0\">j\u00e1rn\u00f6ld<\/span> greindist \u00ed fj\u00f6lda sta\u00f0bundinna gy\u00f0ja. Einnig \u00ed <a href=\"https:\/\/iwell-guard.com\/is\/fonikiumenn-og-kartago-baal-tanit\/\">f\u00f6nik\u00edska go\u00f0aveldinu<\/a> eru til gy\u00f0jur me\u00f0 svipa\u00f0 hlutverk, <a href=\"https:\/\/iwell-guard.com\/is\/?page_id=168972\">Tanit<\/a> og <a href=\"https:\/\/iwell-guard.com\/is\/?page_id=168971\">Astarte<\/a>, en \u00ed talsvert annarri go\u00f0sagnalegri ger\u00f0.<\/p><p>Gr\u00edska gy\u00f0jan Hera, eiginkona Seifs, s\u00fdnir \u00ed hlutverki s\u00ednu sem konungsgy\u00f0ja hli\u00f0st\u00e6\u00f0ur vi\u00f0 Hebat, en beint s\u00f6guleg tengsl eru \u00fe\u00f3 ekki sannanleg.<\/p><p>Mary Bachvarova hefur \u00ed <em>From Hittite to Homer<\/em> (2016) vaki\u00f0 athygli \u00e1 formfr\u00e6\u00f0ilegum samsv\u00f6runum, \u00e1n \u00feess a\u00f0 setja fram tilg\u00e1tu um beina \u00e6ttartengingu. \u00cd s\u00ed\u00f0ari tr\u00faarbr\u00f6g\u00f0um Kar\u00feag\u00f3, me\u00f0 <a href=\"https:\/\/iwell-guard.com\/is\/?page_id=168972\">Tanit<\/a>, heldur ger\u00f0 kvenkyns r\u00edkisgy\u00f0ju \u00e1fram \u00e1 vestanver\u00f0u Mi\u00f0jar\u00f0arhafssv\u00e6\u00f0inu.<\/p><p>Samofnun Hebat vi\u00f0 sta\u00f0bundnar anat\u00f3l\u00edskar m\u00f3\u00f0urgy\u00f0jur \u00e1 bor\u00f0 vi\u00f0 \u1e2aanna\u1e2banna og vi\u00f0 hatt\u00edsku borgargy\u00f0jurnar er efni n\u00fdlegra ranns\u00f3kna Petru Goedegebuure og Magdalenu Kape\u0142u\u015b, sem hafa kanna\u00f0 \u00edtarlega prestastofnanir \u00ed Sapinuwa og Ku\u0161\u0161ara.<\/p>\t\t\t\t\t\t\t\t<\/div>\n\t\t\t\t<\/div>\n\t\t\t\t\t<\/div>\n\t\t\t\t<\/div>\n\t\t<div class=\"elementor-element elementor-element-iwgw-hebat-s7 e-flex e-con-boxed e-con e-parent\" data-id=\"iwgw-hebat-s7\" data-element_type=\"container\" data-e-type=\"container\">\n\t\t\t\t\t<div class=\"e-con-inner\">\n\t\t\t\t<div class=\"elementor-element elementor-element-iwgw-hebat-s7h elementor-widget elementor-widget-heading\" data-id=\"iwgw-hebat-s7h\" data-element_type=\"widget\" data-e-type=\"widget\" data-widget_type=\"heading.default\">\n\t\t\t\t\t<h2 class=\"elementor-heading-title elementor-size-default\">N\u00fat\u00edmavi\u00f0t\u00f6kur og ranns\u00f3knir<\/h2>\t\t\t\t<\/div>\n\t\t<div class=\"elementor-element elementor-element-iwgw-hebat-s7c e-con-full e-flex e-con e-child\" data-id=\"iwgw-hebat-s7c\" data-element_type=\"container\" data-e-type=\"container\">\n\t\t\t\t<div class=\"elementor-element elementor-element-iwgw-hebat-s7t elementor-widget elementor-widget-text-editor\" data-id=\"iwgw-hebat-s7t\" data-element_type=\"widget\" data-e-type=\"widget\" data-widget_type=\"text-editor.default\">\n\t\t\t\t\t\t\t\t\t<p>Ranns\u00f3knir \u00e1 Hebat eru \u00ed dag vel \u00fer\u00f3a\u00f0ar; mikilv\u00e6g framl\u00f6g liggja fyrir fr\u00e1 Volkert Haas, Itamar Singer, Piotr Taracha og Gary Beckman. \u00datg\u00e1fa Singers \u00e1 Pudu\u1e2bepa-b\u00e6ninni er sta\u00f0alvi\u00f0mi\u00f0un. Bachvarova hefur \u00ed <em>From Hittite to Homer<\/em> (2016) teki\u00f0 upp gr\u00edsku hli\u00f0st\u00e6\u00f0urnar. N\u00fdlegar fornleifaranns\u00f3knir \u00e1 s\u00ed\u00f0hett\u00edtskum st\u00f6\u00f0um \u00ed Karkami\u0161, Mara\u015f og Aleppo v\u00edkka myndina af tilbei\u00f0slu Hebat \u00e1 j\u00e1rn\u00f6ld.<\/p><p>\u00cd n\u00fat\u00edma Tyrklandi er Hebat l\u00edtt vins\u00e6l \u00ed almennri umfj\u00f6llun; \u00ed fr\u00e6\u00f0ilegri umr\u00e6\u00f0u er h\u00fan mikilv\u00e6gt d\u00e6mi um h\u00farr\u00edsku tr\u00faarbr\u00f6g\u00f0in og hef\u00f0 konunglegrar verndargy\u00f0ju fr\u00e1 s\u00ed\u00f0brons\u00f6ld. Andlega endurvakning \u00ed n\u00fdhei\u00f0num skilningi er ekki til sta\u00f0ar; h\u00farr\u00edsk tr\u00faarbr\u00f6g\u00f0 eru of framandi og go\u00f0s\u00f6gulega fl\u00f3kin fyrir n\u00fat\u00edma tr\u00faari\u00f0kun.<\/p><p>V\u00edsindalega er h\u00fan \u00ed dag talin lykilranns\u00f3knarefni fyrir h\u00farr\u00edsk-hett\u00edska tr\u00faarlega gangvirkni. iWell Guard skr\u00e1ir hana sem s\u00f6guleg pers\u00f3nu og ekki sem virkt verndarefni \u00ed dag. N\u00faverandi \u00e1herslur \u00ed ranns\u00f3knum liggja \u00e1 n\u00e1kv\u00e6mri sta\u00f0setningu borgar hennar Kummanni, \u00e1 tengslum vi\u00f0 hef\u00f0 &#8216;\u00f6rlagagy\u00f0janna&#8217; og \u00e1 samanbur\u00f0arranns\u00f3knum \u00e1 kvenkyns \u00e6\u00f0stu gy\u00f0jum \u00ed hinum forna Austurl\u00f6ndum n\u00e6r.<\/p><p>S\u00e9rst\u00f6k ranns\u00f3knarspurning er samsv\u00f6run Hebat vi\u00f0 hina s\u00ed\u00f0ari kar\u00feag\u00edsku <a href=\"https:\/\/iwell-guard.com\/is\/?page_id=168972\">Tanit<\/a> e\u00f0a vi\u00f0 gr\u00edsku Heru. Tr\u00faars\u00f6guleg umr\u00e6\u00f0a Corinne Bonnet og annarra s\u00fdnir a\u00f0 sl\u00edk sams\u00f6mun er a\u00f0eins hagn\u00fdt, ekki \u00e6ttfr\u00e6\u00f0ilega haldb\u00e6r.<\/p>\t\t\t\t\t\t\t\t<\/div>\n\t\t\t\t<\/div>\n\t\t\t\t\t<\/div>\n\t\t\t\t<\/div>\n\t\t<div class=\"elementor-element elementor-element-iwgw-hebat-s8 e-flex e-con-boxed e-con e-parent\" data-id=\"iwgw-hebat-s8\" data-element_type=\"container\" data-e-type=\"container\">\n\t\t\t\t\t<div class=\"e-con-inner\">\n\t\t\t\t<div class=\"elementor-element elementor-element-iwgw-hebat-s8h elementor-widget elementor-widget-heading\" data-id=\"iwgw-hebat-s8h\" data-element_type=\"widget\" data-e-type=\"widget\" data-widget_type=\"heading.default\">\n\t\t\t\t\t<h2 class=\"elementor-heading-title elementor-size-default\">Heimildir og b\u00f3kmenntir<\/h2>\t\t\t\t<\/div>\n\t\t<div class=\"elementor-element elementor-element-iwgw-hebat-s8c e-con-full e-flex e-con e-child\" data-id=\"iwgw-hebat-s8c\" data-element_type=\"container\" data-e-type=\"container\">\n\t\t\t\t<div class=\"elementor-element elementor-element-iwgw-hebat-s8t elementor-widget elementor-widget-text-editor\" data-id=\"iwgw-hebat-s8t\" data-element_type=\"widget\" data-e-type=\"widget\" data-widget_type=\"text-editor.default\">\n\t\t\t\t\t\t\t\t\t<p>Eftirfarandi \u00farval tekur saman mikilv\u00e6gustu grunnritin um ranns\u00f3knir \u00e1 Hebat. \u00dea\u00f0 n\u00e6r yfir \u00fatg\u00e1fur, \u00fe\u00fd\u00f0ingar og s\u00f6guleg yfirlit sem opna a\u00f0gang a\u00f0 efninu fyrir \u00edtarlegri kynni.<\/p><p>B\u00f3k Itamar Singers <em>Hittite Prayers<\/em> er fyrsta skrefi\u00f0 sem safn frumheimilda; <em>Geschichte<\/em> Volkerts Haas veitir samhengislega inns\u00fdn; verk Bachvarovu gefur samanbur\u00f0arsj\u00f3narhorn. \u00deeir sem vilja kynnast h\u00farr\u00edsku h\u00e1t\u00ed\u00f0artextunum finna hj\u00e1 Volkert Haas og Ilse Wegner mikilv\u00e6gustu \u00fatg\u00e1furnar.<\/p>\t\t\t\t\t\t\t\t<\/div>\n\t\t\t\t<\/div>\n\t\t\t\t\t<\/div>\n\t\t\t\t<\/div>\n\t\t<div class=\"elementor-element elementor-element-cp28f4ae1b e-flex e-con-boxed e-con e-parent\" data-id=\"cp28f4ae1b\" data-element_type=\"container\" data-e-type=\"container\">\n\t\t\t\t\t<div class=\"e-con-inner\">\n\t\t\t\t<div class=\"elementor-element elementor-element-cp2c562894 elementor-widget elementor-widget-heading\" data-id=\"cp2c562894\" data-element_type=\"widget\" data-e-type=\"widget\" data-widget_type=\"heading.default\">\n\t\t\t\t\t<h2 class=\"elementor-heading-title elementor-size-default\">Hebat \u00ed hett\u00edtskri r\u00edkistr\u00fa og l\u00e1gmyndag\u00f6ngunni \u00ed Yaz\u0131l\u0131kaya<\/h2>\t\t\t\t<\/div>\n\t\t<div class=\"elementor-element elementor-element-cp274b510d e-flex e-con-boxed e-con e-child\" data-id=\"cp274b510d\" data-element_type=\"container\" data-e-type=\"container\">\n\t\t\t\t\t<div class=\"e-con-inner\">\n\t\t\t\t<div class=\"elementor-element elementor-element-cp2f929e3f elementor-widget elementor-widget-text-editor\" data-id=\"cp2f929e3f\" data-element_type=\"widget\" data-e-type=\"widget\" data-widget_type=\"text-editor.default\">\n\t\t\t\t\t\t\t\t\t<p>\u00c1hrifamesta heimildin um st\u00f6\u00f0u gy\u00f0junnar <em>Hebat<\/em> \u00ed het\u00edt\u00edska r\u00edkinu er klettahelgista\u00f0urinn Yaz\u0131l\u0131kaya n\u00e1l\u00e6gt h\u00f6fu\u00f0borginni Hattu\u0161a \u00ed \u00fev\u00ed sem n\u00fa er Mi\u00f0-Anat\u00f3l\u00eda.<\/p><p>\u00cd opnu klettar\u00fdmi mynda tv\u00e6r gu\u00f0afylkingar langt <span class=\"iwg-fachbegriff\" data-tooltip=\"Myndverk sem er m\u00f3ta\u00f0 upphleypt \u00fat \u00far fleti.\" tabindex=\"0\">l\u00e1gmynd<\/span> og stefna hvor \u00e1 m\u00f3ti annarri. \u00c1 mi\u00f0punktinum m\u00e6tast ve\u00f0urgu\u00f0inn <em>Te\u0161\u0161ub<\/em> og \u00e1 m\u00f3ti honum Hebat, standandi \u00e1 pardusd\u00fdri e\u00f0a lj\u00f3ni, en fyrir aftan hana sonur \u00feeirra <a href=\"https:\/\/iwell-guard.com\/is\/?page_id=168968\">\u0160arruma<\/a>.<\/p><p>L\u00e1gmyndirnar eru a\u00f0 mestu t\u00edmasettar til seinni hluta 13. aldar f.Kr., \u00e1 t\u00edma konungs Tudhalija IV. og hir\u00f0ar hans. \u00de\u00e6r s\u00fdna a\u00f0 Hebat var engan veginn ja\u00f0arpers\u00f3na \u00ed r\u00edkispantheoni s\u00ed\u00f0het\u00edt\u00edska t\u00edmans, heldur st\u00f3\u00f0 h\u00fan, sem eiginkona \u00e6\u00f0sta ve\u00f0urgu\u00f0sins, \u00e1 mi\u00f0l\u00e6gum sta\u00f0.<\/p><p>\u00deetta er \u00feeim mun athyglisver\u00f0ara \u00fear sem Hebat var upphaflega ekki het\u00edt\u00edsk gy\u00f0ja heldur h\u00farr\u00edsk, en <span class=\"iwg-fachbegriff\" data-tooltip=\"\u00d6ll tr\u00faarleg d\u00fdrkunarath\u00f6fn \u00ed gar\u00f0 gu\u00f0s e\u00f0a heilagrar veru.\" tabindex=\"0\">d\u00fdrkun<\/span> hennar \u00e1 r\u00e6tur einkum \u00ed Nor\u00f0ur-S\u00fdrlandi, s\u00e9rstaklega \u00ed Alepp\u00f3.<\/p><p>Upphef\u00f0 s\u00edna \u00e1 h\u00fan me\u00f0al annars a\u00f0 \u00feakka drottningunni Puduhepu, eiginkonu Hattu\u0161ilis III. Puduhepa kom \u00far prestafj\u00f6lskyldu \u00ed su\u00f0uranat\u00f3l\u00edsku borginni Lawazantija og studdi h\u00farr\u00edska d\u00fdrkun. \u00cd b\u00e6num s\u00ednum samsamar h\u00fan het\u00edt\u00edsku s\u00f3largy\u00f0juna fr\u00e1 Arinna og Hebat, sem er klass\u00edskt d\u00e6mi um gu\u00f0fr\u00e6\u00f0ilega samruna er s\u00fdnir hvernig p\u00f3lit\u00edsk hj\u00f3nab\u00f6nd breyttu go\u00f0heiminum. Yaz\u0131l\u0131kaya hefur veri\u00f0 rannsaka\u00f0 fr\u00e1 19. \u00f6ld, me\u00f0al annars af Kurt Bittel og s\u00ed\u00f0ar Volkert Haas, sem l\u00f6g\u00f0u mikilv\u00e6gt af m\u00f6rkum til t\u00falkunar sta\u00f0arins.\t\t\t\t\t\t\t\t<\/div>\n\t\t\t\t\t<\/div>\n\t\t\t\t<\/div>\n\t\t\t\t\t<\/div>\n\t\t\t\t<\/div>\n\t\t<div class=\"elementor-element elementor-element-cp2736ce44 e-flex e-con-boxed e-con e-parent\" data-id=\"cp2736ce44\" data-element_type=\"container\" data-e-type=\"container\">\n\t\t\t\t\t<div class=\"e-con-inner\">\n\t\t\t\t<div class=\"elementor-element elementor-element-cp2e1e3122 elementor-widget elementor-widget-heading\" data-id=\"cp2e1e3122\" data-element_type=\"widget\" data-e-type=\"widget\" data-widget_type=\"heading.default\">\n\t\t\t\t\t<h2 class=\"elementor-heading-title elementor-size-default\">Hebat \u00ed helgisi\u00f0atextum og tungum\u00e1l h\u00farr\u00edsku b\u00e6nanna<\/h2>\t\t\t\t<\/div>\n\t\t<div class=\"elementor-element elementor-element-cp2f3750bc e-flex e-con-boxed e-con e-child\" data-id=\"cp2f3750bc\" data-element_type=\"container\" data-e-type=\"container\">\n\t\t\t\t\t<div class=\"e-con-inner\">\n\t\t\t\t<div class=\"elementor-element elementor-element-cp20f9a8e1 elementor-widget elementor-widget-text-editor\" data-id=\"cp20f9a8e1\" data-element_type=\"widget\" data-e-type=\"widget\" data-widget_type=\"text-editor.default\">\n\t\t\t\t\t\t\t\t\t<p>Auk myndverksins er Hebat vottu\u00f0 \u00ed fj\u00f6lm\u00f6rgum fleygr\u00fanatextum \u00far skjalas\u00f6fnum Hattu\u0161a. Leirt\u00f6flurnar fundust \u00ed \u00fe\u00fdskum uppgr\u00f6ftum sem h\u00f3fust 1906 undir stj\u00f3rn Hugo Winckler og eru gefnar \u00fat \u00ed ritr\u00f6\u00f0um eins og <em>Keilschrifturkunden aus Boghazk\u00f6i<\/em>.<\/p><p>Hebat kemur fram \u00ed h\u00e1t\u00ed\u00f0arrit\u00fa\u00f6lum, \u00ed f\u00f3rnalistum og \u00ed b\u00e6num, oft \u00ed fastri r\u00f6\u00f0 me\u00f0 Te\u0161\u0161ub og \u0160arruma sem eins konar gu\u00f0afj\u00f6lskylda.<\/p><p>Fr\u00e1 m\u00e1lfr\u00e6\u00f0ilegu sj\u00f3narhorni er athyglisvert a\u00f0 margir \u00feessara texta innihalda hurr\u00edsk brot, sum heilar hurr\u00edskar s\u00e1lmar, sem voru skrifa\u00f0ar me\u00f0 het\u00edt\u00edsku fleygletri. Hurr\u00edska er einangra\u00f0 tungum\u00e1l, en m\u00e1lfr\u00e6\u00f0i \u00feess var ekki r\u00e1\u00f0in fyrr en sm\u00e1m saman \u00e1 20. \u00f6ld, a\u00f0allega me\u00f0 verkum Emmanuel Laroche og s\u00ed\u00f0ar Ilse Wegner og Gernot Wilhelm.<\/p><p>Nafn Hebat sj\u00e1lft, \u00ed het\u00edt\u00edskri skrift oftast <em>\u1e2aepat<\/em>, tilheyrir \u00feessu hurr\u00edska lagi; tilraunir til a\u00f0 \u00fatsk\u00fdra \u00fea\u00f0, til d\u00e6mis me\u00f0 tengslum vi\u00f0 \u00f6rnefni, eru enn \u00f3vissar.<\/p><p>Rit\u00faaltextarnir s\u00fdna auk \u00feess a\u00f0 Hebat var ekki a\u00f0eins gu\u00f0fr\u00e6\u00f0ilega tignu\u00f0 heldur var h\u00fan \u00ed reynd hluti af h\u00e1t\u00ed\u00f0ardagatalinu. \u00c1 st\u00f3rum r\u00edkish\u00e1t\u00ed\u00f0um f\u00e9kk h\u00fan eigin <span class=\"iwg-fachbegriff\" data-tooltip=\"Gj\u00f6f til gu\u00f0s e\u00f0a gy\u00f0ju til a\u00f0 tj\u00e1 \u00feakkl\u00e6ti, \u00f3sk e\u00f0a tilbei\u00f0slu.\" tabindex=\"0\">f\u00f3rnir<\/span>, styttu hennar var flutt, mat og drykk var f\u00e6rt henni. \u00deessi hlutlausa rit\u00faalb\u00f3kf\u00e6rsla er ver\u00f0m\u00e6tari fyrir ranns\u00f3knir en nokkur fr\u00e1sagnarlegur <span class=\"iwg-fachbegriff\" data-tooltip=\"S\u00f6gn sem var\u00f0veitt hefur veri\u00f0 um gu\u00f0i, uppruna og skipan heimsins.\" tabindex=\"0\">go\u00f0saga<\/span>, \u00fev\u00ed h\u00fan s\u00fdnir hvernig upphaflega framandi gy\u00f0ja var fest \u00ed het\u00edt\u00edska r\u00edki\u00f0, b\u00e6\u00f0i skipulagslega og fj\u00e1rhagslega.\t\t\t\t\t\t\t\t<\/div>\n\t\t\t\t\t<\/div>\n\t\t\t\t<\/div>\n\t\t\t\t\t<\/div>\n\t\t\t\t<\/div>\n\t\t<div class=\"elementor-element elementor-element-iwgw-hebat-lit e-flex e-con-boxed e-con e-parent\" data-id=\"iwgw-hebat-lit\" data-element_type=\"container\" data-e-type=\"container\">\n\t\t\t\t\t<div class=\"e-con-inner\">\n\t\t\t\t<div class=\"elementor-element elementor-element-iwgw-hebat-lith elementor-widget elementor-widget-heading\" data-id=\"iwgw-hebat-lith\" data-element_type=\"widget\" data-e-type=\"widget\" data-widget_type=\"heading.default\">\n\t\t\t\t\t<h2 class=\"elementor-heading-title elementor-size-default\">Heimildir (\u00farval)<\/h2>\t\t\t\t<\/div>\n\t\t<div class=\"elementor-element elementor-element-iwgw-hebat-litc e-con-full e-flex e-con e-child\" data-id=\"iwgw-hebat-litc\" data-element_type=\"container\" data-e-type=\"container\">\n\t\t\t\t<div class=\"elementor-element elementor-element-iwgw-hebat-litt elementor-widget elementor-widget-text-editor\" data-id=\"iwgw-hebat-litt\" data-element_type=\"widget\" data-e-type=\"widget\" data-widget_type=\"text-editor.default\">\n\t\t\t\t\t\t\t\t\t<div data-nosnippet=\"true\"><ul><li>Volkert Haas: <em>Geschichte der hethitischen Religion<\/em> (Leiden 1994)<\/li><li>Itamar Singer: <em>Hittite Prayers<\/em> (SBL 2002)<\/li><li>Piotr Taracha: <em>Religions of Second Millennium Anatolia<\/em> (Wiesbaden 2009)<\/li><li>Gary Beckman: <em>Hittite Myths<\/em> (SBL 1998)<\/li><li>Volkert Haas: <em>Materia Magica et Medica Hethitica<\/em> (Berlin 2003)<\/li><li>Trevor Bryce: <em>Life and Society in the Hittite World<\/em> (Oxford 2002)<\/li><\/ul><\/div>\t\t\t\t\t\t\t\t<\/div>\n\t\t\t\t<\/div>\n\t\t\t\t\t<\/div>\n\t\t\t\t<\/div>\n\t\t<div class=\"elementor-element elementor-element-iwgkw2-add-hebat e-flex e-con-boxed e-con e-parent\" data-id=\"iwgkw2-add-hebat\" data-element_type=\"container\" data-e-type=\"container\">\n\t\t\t\t\t<div class=\"e-con-inner\">\n\t\t\t\t<div class=\"elementor-element elementor-element-iwgkw2-add-hebat-t elementor-widget elementor-widget-text-editor\" data-id=\"iwgkw2-add-hebat-t\" data-element_type=\"widget\" data-e-type=\"widget\" data-widget_type=\"text-editor.default\">\n\t\t\t\t\t\t\t\t\t<p>Rita\u00f0ar <em>heimildir<\/em> um Hebat spanna allt fr\u00e1 hurr\u00edskum rit\u00faalt\u00f6flum til het\u00edt\u00edskra r\u00edkjas\u00e1ttm\u00e1la, \u00fear sem h\u00fan er k\u00f6llu\u00f0 til sem \u00e6\u00f0sta gy\u00f0ja vi\u00f0 hli\u00f0 Teshub sem tryggingara\u00f0ili konungsei\u00f0a.<\/p>\t\t\t\t\t\t\t\t<\/div>\n\t\t\t\t\t<\/div>\n\t\t\t\t<\/div>\n\t\t<div class=\"elementor-element elementor-element-iwgw-hebat-kwd e-flex e-con-boxed e-con e-parent\" data-id=\"iwgw-hebat-kwd\" data-element_type=\"container\" data-e-type=\"container\">\n\t\t\t\t\t<div class=\"e-con-inner\">\n\t\t<div class=\"elementor-element elementor-element-iwgw-hebat-kwdc e-con-full e-flex e-con e-child\" data-id=\"iwgw-hebat-kwdc\" data-element_type=\"container\" data-e-type=\"container\">\n\t\t\t\t<div class=\"elementor-element elementor-element-iwgw-hebat-kwdt elementor-widget elementor-widget-text-editor\" data-id=\"iwgw-hebat-kwdt\" data-element_type=\"widget\" data-e-type=\"widget\" data-widget_type=\"text-editor.default\">\n\t\t\t\t\t\t\t\t\t<p><em>Tengd kjarnahugt\u00f6k: Hebat Hurr\u00edtar \u00e6\u00f0sta gy\u00f0ja Pudu\u1e2bepa Kizzuwatna Kummanni s\u00f3largy\u00f0ja.<\/em><\/p>\t\t\t\t\t\t\t\t<\/div>\n\t\t\t\t<\/div>\n\t\t\t\t\t<\/div>\n\t\t\t\t<\/div>\n\t\t<div class=\"elementor-element elementor-element-iwgw-hebat-cc e-flex e-con-boxed e-con e-parent\" data-id=\"iwgw-hebat-cc\" data-element_type=\"container\" data-e-type=\"container\" id=\"iwg-cc-hebat\">\n\t\t\t\t\t<div class=\"e-con-inner\">\n\t\t<div class=\"elementor-element elementor-element-iwgw-hebat-ccinner e-flex e-con-boxed e-con e-parent\" data-id=\"iwgw-hebat-ccinner\" data-element_type=\"container\" data-e-type=\"container\" data-settings=\"{&quot;background_background&quot;:&quot;classic&quot;}\">\n\t\t\t\t\t<div class=\"e-con-inner\">\n\t\t\t\t<div class=\"elementor-element elementor-element-iwgw-hebat-cch elementor-widget elementor-widget-heading\" data-id=\"iwgw-hebat-cch\" data-element_type=\"widget\" data-e-type=\"widget\" data-widget_type=\"heading.default\">\n\t\t\t\t\t<h2 class=\"elementor-heading-title elementor-size-default\">iWell Guard og verndarhef\u00f0ir<\/h2>\t\t\t\t<\/div>\n\t\t\t\t<div class=\"elementor-element elementor-element-iwgw-hebat-cct elementor-widget elementor-widget-text-editor\" data-id=\"iwgw-hebat-cct\" data-element_type=\"widget\" data-e-type=\"widget\" data-widget_type=\"text-editor.default\">\n\t\t\t\t\t\t\t\t\t<div data-nosnippet=\"true\"><p>iWell Guard tengist menningars\u00f6gulegri hef\u00f0 b\u00e6rra verndargripa, \u00ed hef\u00f0 <a href=\"https:\/\/iwell-guard.com\/is\/hettitar-anatolia-tarhunna-vernd\/\">Hitt\u00edta<\/a> og margra annarra menningarheima um allan heim. 41 l\u00f6g, alv\u00f6ru gull, plat\u00edna, silfur, framleitt \u00ed \u00de\u00fdskalandi. 30 daga skilar\u00e9ttur.<\/p><\/div>\t\t\t\t\t\t\t\t<\/div>\n\t\t\t\t<div class=\"elementor-element elementor-element-iwgw-hebat-ccb iwg-cc-button iwg-cc-cta-2026-05-13 elementor-widget elementor-widget-jet-button\" data-id=\"iwgw-hebat-ccb\" data-element_type=\"widget\" data-e-type=\"widget\" data-widget_type=\"jet-button.default\">\n\t\t\t\t<div class=\"elementor-widget-container\">\n\t\t\t\t\t<div class=\"elementor-jet-button jet-elements\"><div class=\"jet-button__container\"><a class=\"jet-button__instance jet-button__instance--icon-left hover-effect-1\" href=\"\/ueber-iwell-guard\/?utm_source=iwell-guard.com&amp;utm_medium=info-box&amp;utm_campaign=wesen-tradition\"><div class=\"jet-button__plane jet-button__plane-normal\"><\/div><div class=\"jet-button__plane jet-button__plane-hover\"><\/div><div class=\"jet-button__state jet-button__state-normal\"><span class=\"jet-button__label\">Meira um iWell Guard<\/span><\/div><div class=\"jet-button__state jet-button__state-hover\"><span class=\"jet-button__label\">Meira um iWell Guard<\/span><\/div><\/a><\/div><\/div><style>.elementor-element.elementor-element-iwgw-hebat-ccb .jet-button__instance{width:320px;height:56px;}.elementor-element.elementor-element-iwgw-hebat-ccb .jet-button__state-normal .jet-button__label{text-align:center;margin:0px 0px 0px 0px;color:#1a1b20;font-family:Montserrat,sans-serif;font-size:13px;font-weight:400;letter-spacing:4px;line-height:1.714em;text-transform:uppercase;}.elementor-element.elementor-element-iwgw-hebat-ccb .jet-button__state-hover .jet-button__label{text-align:center;margin:0px 0px 0px 0px;color:#FECC76;font-family:Montserrat,sans-serif;font-size:13px;font-weight:400;letter-spacing:4px;line-height:1.714em;text-transform:uppercase;}.elementor-element.elementor-element-iwgw-hebat-ccb .jet-button__plane-normal{background-color:#FECC76;border-style:solid;border-color:#C99540;border-width:2px 2px 2px 2px;}.elementor-element.elementor-element-iwgw-hebat-ccb .jet-button__plane-hover{background-color:rgba(0,0,0,0.55);border-style:solid;border-color:#FECC76;border-width:2px 2px 2px 2px;}<\/style>\t\t\t\t<\/div>\n\t\t\t\t<\/div>\n\t\t\t\t<div class=\"elementor-element elementor-element-iwgw-hebat-ccd elementor-widget elementor-widget-text-editor\" data-id=\"iwgw-hebat-ccd\" data-element_type=\"widget\" data-e-type=\"widget\" data-widget_type=\"text-editor.default\">\n\t\t\t\t\t\t\t\t\t<div data-nosnippet=\"true\"><p style=\"text-align:center;font-size:13px;opacity:0.7;margin-top:14px\" data-nosnippet=\"true\">Pers\u00f3nuleg reynsla getur veri\u00f0 mismunandi. Ekki l\u00e6kningat\u00e6ki. Engin lofor\u00f0 um l\u00e6kningu.<\/p><\/div>\t\t\t\t\t\t\t\t<\/div>\n\t\t\t\t\t<\/div>\n\t\t\t\t<\/div>\n\t\t\t\t\t<\/div>\n\t\t\t\t<\/div>\n\t\t<div class=\"elementor-element elementor-element-iwgw-hebat-disc e-flex e-con-boxed e-con e-parent\" data-id=\"iwgw-hebat-disc\" data-element_type=\"container\" data-e-type=\"container\">\n\t\t\t\t\t<div class=\"e-con-inner\">\n\t\t\t\t<div class=\"elementor-element elementor-element-iwgw-hebat-discw elementor-widget elementor-widget-html\" data-id=\"iwgw-hebat-discw\" data-element_type=\"widget\" data-e-type=\"widget\" data-widget_type=\"html.default\">\n\t\t\t\t\t<footer data-nosnippet=\"true\" class=\"iwg-disclaimer-block\"><p data-nosnippet=\"true\">iWell Guard er <strong>ekki l\u00e6kningat\u00e6ki<\/strong> og kemur ekki \u00ed sta\u00f0inn fyrir l\u00e6knis- e\u00f0a s\u00e1lfr\u00e6\u00f0ime\u00f0fer\u00f0. Tr\u00faarfr\u00e6\u00f0ilegt efni er menningars\u00f6gulegt samhengi, ekki r\u00e1\u00f0legging um andlega i\u00f0kun.<\/p><\/footer>\t\t\t\t<\/div>\n\t\t\t\t\t<\/div>\n\t\t\t\t<\/div>\n\t\t\t\t<\/div>\n\t\t","protected":false},"excerpt":{"rendered":"","protected":false},"author":3,"featured_media":2837,"parent":0,"menu_order":0,"comment_status":"closed","ping_status":"closed","template":"elementor_header_footer","meta":{"_yoast_wpseo_focuskw":"Hebat gy\u00f0ja H\u00farr\u00edta","_yoast_wpseo_title":"Hebat \u2013 h\u00e6st gy\u00f0ja H\u00farr\u00edta, go\u00f0s\u00f6gn, heimildir","_yoast_wpseo_metadesc":"Hebat, eiginkona Teshubs, var \u00e6\u00f0sta gy\u00f0ja H\u00farr\u00edta og var sams\u00f6mu\u00f0 s\u00f3largy\u00f0junni fr\u00e1 Arinna. Tr\u00faarbrag\u00f0afr\u00e6\u00f0ileg \u00fattekt.","_yoast_wpseo_meta-robots-noindex":"","_yoast_wpseo_canonical":"","_angie_page":false,"gefaehrdungsstufe":"1","wesen_kultur":"hethitisch","wesen_klasse":"goetter","footnotes":""},"categories":[],"class_list":["post-168964","page","type-page","status-publish","has-post-thumbnail","hentry"],"yoast_head":"<!-- This site is optimized with the Yoast SEO Premium plugin v27.7 (Yoast SEO v28.3) - https:\/\/yoast.com\/product\/yoast-seo-premium-wordpress\/ -->\n<title>Hebat \u2013 h\u00e6st gy\u00f0ja H\u00farr\u00edta, go\u00f0s\u00f6gn, heimildir<\/title>\n<meta name=\"description\" content=\"Hebat, eiginkona Teshubs, var \u00e6\u00f0sta gy\u00f0ja H\u00farr\u00edta og var sams\u00f6mu\u00f0 s\u00f3largy\u00f0junni fr\u00e1 Arinna. Tr\u00faarbrag\u00f0afr\u00e6\u00f0ileg \u00fattekt.\" \/>\n<meta name=\"robots\" content=\"index, follow, max-snippet:-1, max-image-preview:large, max-video-preview:-1\" \/>\n<link rel=\"canonical\" href=\"https:\/\/iwell-guard.com\/is\/hebat-haest-gydja-hurrita\/\" \/>\n<meta property=\"og:locale\" content=\"is_IS\" \/>\n<meta property=\"og:type\" content=\"article\" \/>\n<meta property=\"og:title\" content=\"Hebat \u2013 h\u00e6st gy\u00f0ja H\u00farr\u00edta\" \/>\n<meta property=\"og:description\" content=\"Hebat, eiginkona Teshubs, var \u00e6\u00f0sta gy\u00f0ja H\u00farr\u00edta og var sams\u00f6mu\u00f0 s\u00f3largy\u00f0junni fr\u00e1 Arinna. Tr\u00faarbrag\u00f0afr\u00e6\u00f0ileg \u00fattekt.\" \/>\n<meta property=\"og:url\" content=\"https:\/\/iwell-guard.com\/is\/hebat-haest-gydja-hurrita\/\" \/>\n<meta property=\"og:site_name\" content=\"iWell Guard\" \/>\n<meta property=\"article:modified_time\" content=\"2026-09-05T14:27:14+00:00\" \/>\n<meta property=\"og:image\" content=\"https:\/\/iwell-guard.com\/wp-content\/uploads\/2026\/05\/goetter_hethitisch_hebat.webp\" \/>\n\t<meta property=\"og:image:width\" content=\"1024\" \/>\n\t<meta property=\"og:image:height\" content=\"1536\" \/>\n\t<meta property=\"og:image:type\" content=\"image\/webp\" \/>\n<meta name=\"twitter:card\" content=\"summary_large_image\" \/>\n<script type=\"application\/ld+json\" class=\"yoast-schema-graph\">{\"@context\":\"https:\\\/\\\/schema.org\",\"@graph\":[{\"@type\":\"WebPage\",\"@id\":\"https:\\\/\\\/iwell-guard.com\\\/is\\\/hebat-haest-gydja-hurrita\\\/\",\"url\":\"https:\\\/\\\/iwell-guard.com\\\/is\\\/hebat-haest-gydja-hurrita\\\/\",\"name\":\"Hebat \u2013 h\u00e6st gy\u00f0ja H\u00farr\u00edta, go\u00f0s\u00f6gn, heimildir\",\"isPartOf\":{\"@id\":\"https:\\\/\\\/iwell-guard.com\\\/is\\\/#website\"},\"primaryImageOfPage\":{\"@id\":\"https:\\\/\\\/iwell-guard.com\\\/is\\\/hebat-haest-gydja-hurrita\\\/#primaryimage\"},\"image\":{\"@id\":\"https:\\\/\\\/iwell-guard.com\\\/is\\\/hebat-haest-gydja-hurrita\\\/#primaryimage\"},\"thumbnailUrl\":\"https:\\\/\\\/iwell-guard.com\\\/wp-content\\\/uploads\\\/2026\\\/05\\\/goetter_hethitisch_hebat.webp\",\"datePublished\":\"2026-09-05T14:04:26+00:00\",\"dateModified\":\"2026-09-05T14:27:14+00:00\",\"description\":\"Hebat, eiginkona Teshubs, var \u00e6\u00f0sta gy\u00f0ja H\u00farr\u00edta og var sams\u00f6mu\u00f0 s\u00f3largy\u00f0junni fr\u00e1 Arinna. Tr\u00faarbrag\u00f0afr\u00e6\u00f0ileg \u00fattekt.\",\"breadcrumb\":{\"@id\":\"https:\\\/\\\/iwell-guard.com\\\/is\\\/hebat-haest-gydja-hurrita\\\/#breadcrumb\"},\"inLanguage\":\"is\",\"potentialAction\":[{\"@type\":\"ReadAction\",\"target\":[\"https:\\\/\\\/iwell-guard.com\\\/is\\\/hebat-haest-gydja-hurrita\\\/\"]}]},{\"@type\":\"ImageObject\",\"inLanguage\":\"is\",\"@id\":\"https:\\\/\\\/iwell-guard.com\\\/is\\\/hebat-haest-gydja-hurrita\\\/#primaryimage\",\"url\":\"https:\\\/\\\/iwell-guard.com\\\/wp-content\\\/uploads\\\/2026\\\/05\\\/goetter_hethitisch_hebat.webp\",\"contentUrl\":\"https:\\\/\\\/iwell-guard.com\\\/wp-content\\\/uploads\\\/2026\\\/05\\\/goetter_hethitisch_hebat.webp\",\"width\":1024,\"height\":1536,\"caption\":\"Gu\u00f0ir \u00far het\u00edta-hef\u00f0inni.\"},{\"@type\":\"BreadcrumbList\",\"@id\":\"https:\\\/\\\/iwell-guard.com\\\/is\\\/hebat-haest-gydja-hurrita\\\/#breadcrumb\",\"itemListElement\":[{\"@type\":\"ListItem\",\"position\":1,\"name\":\"Start\",\"item\":\"https:\\\/\\\/iwell-guard.com\\\/is\\\/?page_id=168580\"},{\"@type\":\"ListItem\",\"position\":2,\"name\":\"Hebat \u2013 h\u00e6st gy\u00f0ja H\u00farr\u00edta\"}]},{\"@type\":\"WebSite\",\"@id\":\"https:\\\/\\\/iwell-guard.com\\\/is\\\/#website\",\"url\":\"https:\\\/\\\/iwell-guard.com\\\/is\\\/\",\"name\":\"iWell Guard\",\"description\":\"Schutz vor dunklen Einfl\u00fcssen\",\"publisher\":{\"@id\":\"https:\\\/\\\/iwell-guard.com\\\/is\\\/#organization\"},\"potentialAction\":[{\"@type\":\"SearchAction\",\"target\":{\"@type\":\"EntryPoint\",\"urlTemplate\":\"https:\\\/\\\/iwell-guard.com\\\/is\\\/?s={search_term_string}\"},\"query-input\":{\"@type\":\"PropertyValueSpecification\",\"valueRequired\":true,\"valueName\":\"search_term_string\"}}],\"inLanguage\":\"is\"},{\"@type\":\"Organization\",\"@id\":\"https:\\\/\\\/iwell-guard.com\\\/is\\\/#organization\",\"name\":\"Ittermann electronic GmbH\",\"url\":\"https:\\\/\\\/iwell-guard.com\\\/is\\\/\",\"logo\":{\"@type\":\"ImageObject\",\"inLanguage\":\"is\",\"@id\":\"https:\\\/\\\/iwell-guard.com\\\/is\\\/#\\\/schema\\\/logo\\\/image\\\/\",\"url\":\"https:\\\/\\\/iwell-guard.com\\\/wp-content\\\/uploads\\\/2026\\\/05\\\/Ittermann-Logo-1182x237-1.png\",\"contentUrl\":\"https:\\\/\\\/iwell-guard.com\\\/wp-content\\\/uploads\\\/2026\\\/05\\\/Ittermann-Logo-1182x237-1.png\",\"width\":1182,\"height\":237,\"caption\":\"Ittermann electronic GmbH\"},\"image\":{\"@id\":\"https:\\\/\\\/iwell-guard.com\\\/is\\\/#\\\/schema\\\/logo\\\/image\\\/\"},\"sameAs\":[\"https:\\\/\\\/pantip.com\\\/profile\\\/9367242\",\"https:\\\/\\\/micro.blog\\\/iwellguard\",\"https:\\\/\\\/www.diggerslist.com\\\/iwellguard\\\/about\",\"https:\\\/\\\/skitterphoto.com\\\/photographers\\\/2870314\\\/iwell-guard\",\"https:\\\/\\\/iwellguard.wordpress.com\\\/2026\\\/06\\\/06\\\/iwell-guard\\\/\",\"https:\\\/\\\/hub.docker.com\\\/u\\\/iwellguard\",\"https:\\\/\\\/www.pinterest.com\\\/iwellguard\\\/\",\"https:\\\/\\\/bit.ly\\\/m\\\/iwellguard\",\"https:\\\/\\\/entre-vos-mains.alsace.eu\\\/profiles\\\/iwellguard\\\/activity\",\"https:\\\/\\\/gravatar.com\\\/reallybeded8fd34\",\"https:\\\/\\\/naijamatta.com\\\/iwellguard\",\"https:\\\/\\\/www.goodreads.com\\\/iwellguard\",\"https:\\\/\\\/profile.hatena.ne.jp\\\/iwellguard\\\/\",\"https:\\\/\\\/experiment.com\\\/users\\\/iwellguard\",\"https:\\\/\\\/wakelet.com\\\/@iWellGuard82270\",\"https:\\\/\\\/www.chordie.com\\\/forum\\\/profile.php?id=2555664\",\"https:\\\/\\\/www.instapaper.com\\\/p\\\/17757966\",\"https:\\\/\\\/www.mapleprimes.com\\\/users\\\/iwellguard\",\"https:\\\/\\\/businesslistingplus.com\\\/profile\\\/iwell-guard\\\/\",\"https:\\\/\\\/telegra.ph\\\/iWell-Guard-06-06\",\"https:\\\/\\\/pbase.com\\\/iwellguard\\\/iwellguard\",\"https:\\\/\\\/b.hatena.ne.jp\\\/iwellguard\\\/20260607#bookmark-4788405196491818882\",\"https:\\\/\\\/fliphtml5.com\\\/home\\\/iwellguard\",\"https:\\\/\\\/anyflip.com\\\/homepage\\\/cmiwl#About\",\"https:\\\/\\\/transfur.com\\\/Users\\\/iwellguard\",\"http:\\\/\\\/delphi.larsbo.org\\\/user\\\/iwellguard\",\"https:\\\/\\\/jobs.lajobsportal.org\\\/profiles\\\/8380803-iwell-guard\",\"https:\\\/\\\/md.chaosdorf.de\\\/s\\\/jfbe5SBdJD\",\"https:\\\/\\\/www.lingvolive.com\\\/en-us\\\/profile\\\/9ecaeaca-ce11-4e51-9e71-01d55e2bff36\\\/translations\",\"https:\\\/\\\/www.fitday.com\\\/fitness\\\/forums\\\/members\\\/iwellguard.html\",\"https:\\\/\\\/www.mymeetbook.com\\\/iwellguard\",\"https:\\\/\\\/pxhere.com\\\/en\\\/photographer-me\\\/5040798\",\"https:\\\/\\\/disqus.com\\\/by\\\/iwellguard\\\/about\\\/\",\"https:\\\/\\\/pastelink.net\\\/hjwciqwq\",\"https:\\\/\\\/pubhtml5.com\\\/homepage\\\/scjhn\\\/\",\"https:\\\/\\\/www.bitchute.com\\\/channel\\\/2O2eOKzNqujT\",\"https:\\\/\\\/audiomack.com\\\/iwellguard\"]},{\"@type\":\"Article\",\"@id\":\"https:\\\/\\\/iwell-guard.com\\\/is\\\/hebat-haest-gydja-hurrita\\\/#article\",\"isPartOf\":{\"@id\":\"https:\\\/\\\/iwell-guard.com\\\/is\\\/hebat-haest-gydja-hurrita\\\/\"},\"author\":{\"name\":\"Ralf Ittermann\",\"@id\":\"https:\\\/\\\/iwell-guard.com\\\/is\\\/#\\\/schema\\\/person\\\/ee2a27f1cac3406c7c6fb5820cb7349f\"},\"headline\":\"Hebat \u2013 h\u00e6st gy\u00f0ja H\u00farr\u00edta\",\"datePublished\":\"2026-09-05T14:04:26+00:00\",\"dateModified\":\"2026-09-05T14:27:14+00:00\",\"mainEntityOfPage\":{\"@id\":\"https:\\\/\\\/iwell-guard.com\\\/is\\\/hebat-haest-gydja-hurrita\\\/\"},\"publisher\":{\"@id\":\"https:\\\/\\\/iwell-guard.com\\\/is\\\/#organization\"},\"image\":{\"@id\":\"https:\\\/\\\/iwell-guard.com\\\/is\\\/hebat-haest-gydja-hurrita\\\/#primaryimage\"},\"thumbnailUrl\":\"https:\\\/\\\/iwell-guard.com\\\/wp-content\\\/uploads\\\/2026\\\/05\\\/goetter_hethitisch_hebat.webp\",\"inLanguage\":\"is\",\"description\":\"Hebat, eiginkona Teshubs, var \u00e6\u00f0sta gy\u00f0ja H\u00farr\u00edta og var sams\u00f6mu\u00f0 s\u00f3largy\u00f0junni fr\u00e1 Arinna. Tr\u00faarbrag\u00f0afr\u00e6\u00f0ileg \u00fattekt.\"}]}<\/script>\n<!-- \/ Yoast SEO Premium plugin. -->","yoast_head_json":{"title":"Hebat \u2013 h\u00e6st gy\u00f0ja H\u00farr\u00edta, go\u00f0s\u00f6gn, heimildir","description":"Hebat, eiginkona Teshubs, var \u00e6\u00f0sta gy\u00f0ja H\u00farr\u00edta og var sams\u00f6mu\u00f0 s\u00f3largy\u00f0junni fr\u00e1 Arinna. Tr\u00faarbrag\u00f0afr\u00e6\u00f0ileg \u00fattekt.","robots":{"index":"index","follow":"follow","max-snippet":"max-snippet:-1","max-image-preview":"max-image-preview:large","max-video-preview":"max-video-preview:-1"},"canonical":"https:\/\/iwell-guard.com\/is\/hebat-haest-gydja-hurrita\/","og_locale":"is_IS","og_type":"article","og_title":"Hebat \u2013 h\u00e6st gy\u00f0ja H\u00farr\u00edta","og_description":"Hebat, eiginkona Teshubs, var \u00e6\u00f0sta gy\u00f0ja H\u00farr\u00edta og var sams\u00f6mu\u00f0 s\u00f3largy\u00f0junni fr\u00e1 Arinna. Tr\u00faarbrag\u00f0afr\u00e6\u00f0ileg \u00fattekt.","og_url":"https:\/\/iwell-guard.com\/is\/hebat-haest-gydja-hurrita\/","og_site_name":"iWell Guard","article_modified_time":"2026-09-05T14:27:14+00:00","og_image":[{"width":1024,"height":1536,"url":"https:\/\/iwell-guard.com\/wp-content\/uploads\/2026\/05\/goetter_hethitisch_hebat.webp","type":"image\/webp"}],"twitter_card":"summary_large_image","schema":{"@context":"https:\/\/schema.org","@graph":[{"@type":"Article","@id":"https:\/\/iwell-guard.com\/is\/hebat-haest-gydja-hurrita\/#article","isPartOf":{"@id":"https:\/\/iwell-guard.com\/is\/hebat-haest-gydja-hurrita\/"},"author":{"name":"Ralf Ittermann","@id":"https:\/\/iwell-guard.com\/is\/#\/schema\/person\/ee2a27f1cac3406c7c6fb5820cb7349f"},"headline":"Hebat \u2013 h\u00e6st gy\u00f0ja H\u00farr\u00edta","datePublished":"2026-09-05T14:04:26+00:00","dateModified":"2026-09-05T14:27:14+00:00","mainEntityOfPage":{"@id":"https:\/\/iwell-guard.com\/is\/hebat-haest-gydja-hurrita\/"},"publisher":{"@id":"https:\/\/iwell-guard.com\/is\/#organization"},"image":{"@id":"https:\/\/iwell-guard.com\/is\/hebat-haest-gydja-hurrita\/#primaryimage"},"thumbnailUrl":"https:\/\/iwell-guard.com\/wp-content\/uploads\/2026\/05\/goetter_hethitisch_hebat.webp","inLanguage":"is","description":"Hebat, eiginkona Teshubs, var \u00e6\u00f0sta gy\u00f0ja H\u00farr\u00edta og var sams\u00f6mu\u00f0 s\u00f3largy\u00f0junni fr\u00e1 Arinna. Tr\u00faarbrag\u00f0afr\u00e6\u00f0ileg \u00fattekt."},{"@type":"WebPage","@id":"https:\/\/iwell-guard.com\/is\/hebat-haest-gydja-hurrita\/","url":"https:\/\/iwell-guard.com\/is\/hebat-haest-gydja-hurrita\/","name":"Hebat \u2013 h\u00e6st gy\u00f0ja H\u00farr\u00edta, go\u00f0s\u00f6gn, heimildir","isPartOf":{"@id":"https:\/\/iwell-guard.com\/is\/#website"},"primaryImageOfPage":{"@id":"https:\/\/iwell-guard.com\/is\/hebat-haest-gydja-hurrita\/#primaryimage"},"image":{"@id":"https:\/\/iwell-guard.com\/is\/hebat-haest-gydja-hurrita\/#primaryimage"},"thumbnailUrl":"https:\/\/iwell-guard.com\/wp-content\/uploads\/2026\/05\/goetter_hethitisch_hebat.webp","datePublished":"2026-09-05T14:04:26+00:00","dateModified":"2026-09-05T14:27:14+00:00","description":"Hebat, eiginkona Teshubs, var \u00e6\u00f0sta gy\u00f0ja H\u00farr\u00edta og var sams\u00f6mu\u00f0 s\u00f3largy\u00f0junni fr\u00e1 Arinna. Tr\u00faarbrag\u00f0afr\u00e6\u00f0ileg \u00fattekt.","breadcrumb":{"@id":"https:\/\/iwell-guard.com\/is\/hebat-haest-gydja-hurrita\/#breadcrumb"},"inLanguage":"is","potentialAction":[{"@type":"ReadAction","target":["https:\/\/iwell-guard.com\/is\/hebat-haest-gydja-hurrita\/"]}]},{"@type":"ImageObject","inLanguage":"is","@id":"https:\/\/iwell-guard.com\/is\/hebat-haest-gydja-hurrita\/#primaryimage","url":"https:\/\/iwell-guard.com\/wp-content\/uploads\/2026\/05\/goetter_hethitisch_hebat.webp","contentUrl":"https:\/\/iwell-guard.com\/wp-content\/uploads\/2026\/05\/goetter_hethitisch_hebat.webp","width":1024,"height":1536,"caption":"Gu\u00f0ir \u00far het\u00edta-hef\u00f0inni."},{"@type":"BreadcrumbList","@id":"https:\/\/iwell-guard.com\/is\/hebat-haest-gydja-hurrita\/#breadcrumb","itemListElement":[{"@type":"ListItem","position":1,"name":"Start","item":"https:\/\/iwell-guard.com\/is\/?page_id=168580"},{"@type":"ListItem","position":2,"name":"Hebat \u2013 h\u00e6st gy\u00f0ja H\u00farr\u00edta"}]},{"@type":"WebSite","@id":"https:\/\/iwell-guard.com\/is\/#website","url":"https:\/\/iwell-guard.com\/is\/","name":"iWell Guard","description":"Schutz vor dunklen Einfl\u00fcssen","publisher":{"@id":"https:\/\/iwell-guard.com\/is\/#organization"},"potentialAction":[{"@type":"SearchAction","target":{"@type":"EntryPoint","urlTemplate":"https:\/\/iwell-guard.com\/is\/?s={search_term_string}"},"query-input":{"@type":"PropertyValueSpecification","valueRequired":true,"valueName":"search_term_string"}}],"inLanguage":"is"},{"@type":"Organization","@id":"https:\/\/iwell-guard.com\/is\/#organization","name":"Ittermann electronic GmbH","url":"https:\/\/iwell-guard.com\/is\/","logo":{"@type":"ImageObject","inLanguage":"is","@id":"https:\/\/iwell-guard.com\/is\/#\/schema\/logo\/image\/","url":"https:\/\/iwell-guard.com\/wp-content\/uploads\/2026\/05\/Ittermann-Logo-1182x237-1.png","contentUrl":"https:\/\/iwell-guard.com\/wp-content\/uploads\/2026\/05\/Ittermann-Logo-1182x237-1.png","width":1182,"height":237,"caption":"Ittermann electronic GmbH"},"image":{"@id":"https:\/\/iwell-guard.com\/is\/#\/schema\/logo\/image\/"},"sameAs":["https:\/\/pantip.com\/profile\/9367242","https:\/\/micro.blog\/iwellguard","https:\/\/www.diggerslist.com\/iwellguard\/about","https:\/\/skitterphoto.com\/photographers\/2870314\/iwell-guard","https:\/\/iwellguard.wordpress.com\/2026\/06\/06\/iwell-guard\/","https:\/\/hub.docker.com\/u\/iwellguard","https:\/\/www.pinterest.com\/iwellguard\/","https:\/\/bit.ly\/m\/iwellguard","https:\/\/entre-vos-mains.alsace.eu\/profiles\/iwellguard\/activity","https:\/\/gravatar.com\/reallybeded8fd34","https:\/\/naijamatta.com\/iwellguard","https:\/\/www.goodreads.com\/iwellguard","https:\/\/profile.hatena.ne.jp\/iwellguard\/","https:\/\/experiment.com\/users\/iwellguard","https:\/\/wakelet.com\/@iWellGuard82270","https:\/\/www.chordie.com\/forum\/profile.php?id=2555664","https:\/\/www.instapaper.com\/p\/17757966","https:\/\/www.mapleprimes.com\/users\/iwellguard","https:\/\/businesslistingplus.com\/profile\/iwell-guard\/","https:\/\/telegra.ph\/iWell-Guard-06-06","https:\/\/pbase.com\/iwellguard\/iwellguard","https:\/\/b.hatena.ne.jp\/iwellguard\/20260607#bookmark-4788405196491818882","https:\/\/fliphtml5.com\/home\/iwellguard","https:\/\/anyflip.com\/homepage\/cmiwl#About","https:\/\/transfur.com\/Users\/iwellguard","http:\/\/delphi.larsbo.org\/user\/iwellguard","https:\/\/jobs.lajobsportal.org\/profiles\/8380803-iwell-guard","https:\/\/md.chaosdorf.de\/s\/jfbe5SBdJD","https:\/\/www.lingvolive.com\/en-us\/profile\/9ecaeaca-ce11-4e51-9e71-01d55e2bff36\/translations","https:\/\/www.fitday.com\/fitness\/forums\/members\/iwellguard.html","https:\/\/www.mymeetbook.com\/iwellguard","https:\/\/pxhere.com\/en\/photographer-me\/5040798","https:\/\/disqus.com\/by\/iwellguard\/about\/","https:\/\/pastelink.net\/hjwciqwq","https:\/\/pubhtml5.com\/homepage\/scjhn\/","https:\/\/www.bitchute.com\/channel\/2O2eOKzNqujT","https:\/\/audiomack.com\/iwellguard"]},{"@type":"Person","@id":"https:\/\/iwell-guard.com\/is\/#\/schema\/person\/ee2a27f1cac3406c7c6fb5820cb7349f","name":"Ralf Ittermann","image":{"@type":"ImageObject","inLanguage":"is","@id":"https:\/\/secure.gravatar.com\/avatar\/073c0153e350a5005b68eb752b445fea71f6b24a26da9449ad7e155e6b446c9d?s=96&d=mm&r=g","url":"https:\/\/secure.gravatar.com\/avatar\/073c0153e350a5005b68eb752b445fea71f6b24a26da9449ad7e155e6b446c9d?s=96&d=mm&r=g","contentUrl":"https:\/\/secure.gravatar.com\/avatar\/073c0153e350a5005b68eb752b445fea71f6b24a26da9449ad7e155e6b446c9d?s=96&d=mm&r=g","caption":"Ralf Ittermann"},"givenName":"Ralf","familyName":"Ittermann","jobTitle":"Gesch\u00e4ftsf\u00fchrer und redaktioneller Verantwortlicher","url":"https:\/\/iwell-guard.com\/is\/author\/claude\/","description":"Ralf Ittermann ist Gesch\u00e4ftsf\u00fchrer der Ittermann electronic GmbH und redaktioneller Verantwortlicher des iWell-Guard-Lexikons. Er verbindet langj\u00e4hrige Erfahrung in der Pr\u00e4zisionsfertigung mit medialer Praxis und religionsgeschichtlicher Quellenarbeit.","worksFor":{"@type":"Organization","name":"Ittermann electronic GmbH","url":"https:\/\/ittermann.de\/","address":{"@type":"PostalAddress","streetAddress":"K\u00f6hlergasse 16-18","postalCode":"99842","addressLocality":"Ruhla","addressCountry":"DE"}},"knowsAbout":["Religionsgeschichte","Mythologie","Mediale Praxis","Energetische Diagnostik","Schutzpraxis","Volksglauben","Westliche Esoterik"]},{"@type":"Article","@id":"https:\/\/iwell-guard.com\/is\/hebat-haest-gydja-hurrita\/#article","isPartOf":{"@id":"https:\/\/iwell-guard.com\/is\/hebat-haest-gydja-hurrita\/"},"author":{"name":"Ralf Ittermann","@id":"https:\/\/iwell-guard.com\/is\/#\/schema\/person\/ee2a27f1cac3406c7c6fb5820cb7349f"},"headline":"Hebat \u2013 h\u00e6st gy\u00f0ja H\u00farr\u00edta","datePublished":"2026-09-05T14:04:26+00:00","dateModified":"2026-09-05T14:27:14+00:00","mainEntityOfPage":{"@id":"https:\/\/iwell-guard.com\/is\/hebat-haest-gydja-hurrita\/"},"publisher":{"@id":"https:\/\/iwell-guard.com\/is\/#organization"},"image":{"@id":"https:\/\/iwell-guard.com\/is\/hebat-haest-gydja-hurrita\/#primaryimage"},"thumbnailUrl":"https:\/\/iwell-guard.com\/wp-content\/uploads\/2026\/05\/goetter_hethitisch_hebat.webp","inLanguage":"is","description":"Hebat, eiginkona Teshubs, var \u00e6\u00f0sta gy\u00f0ja H\u00farr\u00edta og var sams\u00f6mu\u00f0 s\u00f3largy\u00f0junni fr\u00e1 Arinna. Tr\u00faarbrag\u00f0afr\u00e6\u00f0ileg \u00fattekt."}]}},"_links":{"self":[{"href":"https:\/\/iwell-guard.com\/is\/wp-json\/wp\/v2\/pages\/168964","targetHints":{"allow":["GET"]}}],"collection":[{"href":"https:\/\/iwell-guard.com\/is\/wp-json\/wp\/v2\/pages"}],"about":[{"href":"https:\/\/iwell-guard.com\/is\/wp-json\/wp\/v2\/types\/page"}],"author":[{"embeddable":true,"href":"https:\/\/iwell-guard.com\/is\/wp-json\/wp\/v2\/users\/3"}],"replies":[{"embeddable":true,"href":"https:\/\/iwell-guard.com\/is\/wp-json\/wp\/v2\/comments?post=168964"}],"version-history":[{"count":0,"href":"https:\/\/iwell-guard.com\/is\/wp-json\/wp\/v2\/pages\/168964\/revisions"}],"wp:featuredmedia":[{"embeddable":true,"href":"https:\/\/iwell-guard.com\/is\/wp-json\/wp\/v2\/media\/2837"}],"wp:attachment":[{"href":"https:\/\/iwell-guard.com\/is\/wp-json\/wp\/v2\/media?parent=168964"}],"wp:term":[{"taxonomy":"category","embeddable":true,"href":"https:\/\/iwell-guard.com\/is\/wp-json\/wp\/v2\/categories?post=168964"}],"curies":[{"name":"wp","href":"https:\/\/api.w.org\/{rel}","templated":true}]}}