{"id":168963,"date":"2026-09-05T14:04:25","date_gmt":"2026-09-05T14:04:25","guid":{"rendered":"https:\/\/iwell-guard.com\/?page_id=168963"},"modified":"2026-09-05T14:27:14","modified_gmt":"2026-09-05T14:27:14","slug":"teshub-hurritiskur-vedurgud","status":"publish","type":"page","link":"https:\/\/iwell-guard.com\/is\/teshub-hurritiskur-vedurgud\/","title":{"rendered":"Teshub \u2013 Hurr\u00edt\u00edskur ve\u00f0urgu\u00f0"},"content":{"rendered":"\t\t<div data-elementor-type=\"wp-page\" data-elementor-id=\"168963\" class=\"elementor elementor-168963 elementor-2618 elementor-bc-flex-widget\" data-elementor-post-type=\"page\">\n\t\t\t\t<div class=\"elementor-element elementor-element-iwgw-teshub-hero e-flex e-con-boxed e-con e-parent\" data-id=\"iwgw-teshub-hero\" data-element_type=\"container\" data-e-type=\"container\" data-settings=\"{&quot;background_background&quot;:&quot;classic&quot;}\">\n\t\t\t\t\t<div class=\"e-con-inner\">\n\t\t<div class=\"elementor-element elementor-element-iwgw-teshub-hl e-flex e-con-boxed e-con e-child\" data-id=\"iwgw-teshub-hl\" data-element_type=\"container\" data-e-type=\"container\">\n\t\t\t\t\t<div class=\"e-con-inner\">\n\t\t<div class=\"elementor-element elementor-element-iwgw-teshub-htxt e-con-full e-flex e-con e-child\" data-id=\"iwgw-teshub-htxt\" data-element_type=\"container\" data-e-type=\"container\">\n\t\t\t\t<div class=\"elementor-element elementor-element-iwgw-teshub-h1 elementor-widget elementor-widget-heading\" data-id=\"iwgw-teshub-h1\" data-element_type=\"widget\" data-e-type=\"widget\" data-widget_type=\"heading.default\">\n\t\t\t\t\t<h1 class=\"elementor-heading-title elementor-size-default\">Teshub, hurr\u00edt\u00edsk-hett\u00edt\u00edskur ve\u00f0urgu\u00f0 og r\u00edkisdrottinn<\/h1>\t\t\t\t<\/div>\n\t\t\t\t<div class=\"elementor-element elementor-element-iwgw-teshub-lead elementor-widget elementor-widget-text-editor\" data-id=\"iwgw-teshub-lead\" data-element_type=\"widget\" data-e-type=\"widget\" data-widget_type=\"text-editor.default\">\n\t\t\t\t\t\t\t\t\t<p>Teshub er \u00e6\u00f0sti ve\u00f0urgu\u00f0 hins hurr\u00edt\u00edska gu\u00f0aheims og kemur fram \u00ed hett\u00edt\u00edskri r\u00edkistr\u00faarbr\u00f6g\u00f0um fr\u00e1 14. \u00f6ld f.Kr. samhli\u00f0a <a href=\"https:\/\/iwell-guard.com\/is\/?page_id=168959\">Tarhunna<\/a> sem jafn r\u00e9tth\u00e6fur e\u00f0a r\u00e1\u00f0andi r\u00edkisgu\u00f0. \u00cd K\u00famarb\u00ed-hringnum kemur hann \u00e1 n\u00fdrri skipan gu\u00f0anna eftir a\u00f0 hafa fellt f\u00f6\u00f0ur sinn, <a href=\"https:\/\/iwell-guard.com\/is\/?page_id=168962\">Kumarbi<\/a>.<\/p>\t\t\t\t\t\t\t\t<\/div>\n\t\t\t\t<\/div>\n\t\t<div class=\"elementor-element elementor-element-iwgw-teshub-pillc e-con-full e-flex e-con e-child\" data-id=\"iwgw-teshub-pillc\" data-element_type=\"container\" data-e-type=\"container\">\n\t\t\t\t<div class=\"elementor-element elementor-element-iwgw-teshub-pills elementor-widget elementor-widget-html\" data-id=\"iwgw-teshub-pills\" data-element_type=\"widget\" data-e-type=\"widget\" data-widget_type=\"html.default\">\n\t\t\t\t\t<div class=\"iwg-pill-row\"><span class=\"iwg-klasse-badge\" tabindex=\"0\" data-tooltip=\"Ve\u00f0urgu\u00f0 \u00ed het\u00edskri hef\u00f0.\">Ve\u00f0urgu\u00f0<\/span><a href=\"https:\/\/iwell-guard.com\/is\/hettitar-anatolia-tarhunna-vernd\/\" class=\"iwg-kultur-badge\" tabindex=\"0\" data-tooltip=\"Go\u00f0afr\u00e6\u00f0i het\u00edskrar hef\u00f0ar.\">Het\u00edsk<\/a><span class=\"iwg-tradition-badge\" tabindex=\"0\" data-tooltip=\"\u00c6\u00f0ri go\u00f0m\u00f6gn.\">\u00c6\u00f0ri go\u00f0m\u00f6gn<\/span><\/div>\t\t\t\t<\/div>\n\t\t\t\t<\/div>\n\t\t<div class=\"elementor-element elementor-element-iwgw-teshub-tocc e-con-full e-flex e-con e-child\" data-id=\"iwgw-teshub-tocc\" data-element_type=\"container\" data-e-type=\"container\">\n\t\t\t\t<div class=\"elementor-element elementor-element-iwgw-teshub-toc elementor-toc--minimized-on-tablet elementor-widget elementor-widget-table-of-contents\" data-id=\"iwgw-teshub-toc\" data-element_type=\"widget\" data-e-type=\"widget\" data-settings=\"{&quot;headings_by_tags&quot;:[&quot;h2&quot;,&quot;h3&quot;],&quot;minimize_box&quot;:&quot;yes&quot;,&quot;marker_view&quot;:&quot;bullets&quot;,&quot;no_headings_message&quot;:&quot;Engar undirfyrirsagnir fundust \\u00e1 \\u00feessari s\\u00ed\\u00f0u.&quot;,&quot;exclude_headings_by_selector&quot;:[],&quot;icon&quot;:{&quot;value&quot;:&quot;fas fa-circle&quot;,&quot;library&quot;:&quot;fa-solid&quot;,&quot;rendered_tag&quot;:&quot;&lt;svg class=\\&quot;e-font-icon-svg e-fas-circle\\&quot; viewBox=\\&quot;0 0 512 512\\&quot; xmlns=\\&quot;http:\\\/\\\/www.w3.org\\\/2000\\\/svg\\&quot;&gt;&lt;path d=\\&quot;M256 8C119 8 8 119 8 256s111 248 248 248 248-111 248-248S393 8 256 8z\\&quot;&gt;&lt;\\\/path&gt;&lt;\\\/svg&gt;&quot;},&quot;minimized_on&quot;:&quot;tablet&quot;,&quot;hierarchical_view&quot;:&quot;yes&quot;,&quot;min_height&quot;:{&quot;unit&quot;:&quot;px&quot;,&quot;size&quot;:&quot;&quot;,&quot;sizes&quot;:[]},&quot;min_height_tablet&quot;:{&quot;unit&quot;:&quot;px&quot;,&quot;size&quot;:&quot;&quot;,&quot;sizes&quot;:[]},&quot;min_height_mobile&quot;:{&quot;unit&quot;:&quot;px&quot;,&quot;size&quot;:&quot;&quot;,&quot;sizes&quot;:[]}}\" data-widget_type=\"table-of-contents.default\">\n\t\t\t\t\t\t\t\t\t<div class=\"elementor-toc__header\">\n\t\t\t\t\t\t<h2 class=\"elementor-toc__header-title\">\n\t\t\t\tEfnisyfirlit\t\t\t<\/h2>\n\t\t\t\t\t\t\t\t\t\t<div class=\"elementor-toc__toggle-button elementor-toc__toggle-button--expand\" role=\"button\" tabindex=\"0\" aria-controls=\"elementor-toc__iwgw-teshub-toc\" aria-expanded=\"true\" aria-label=\"Open table of contents\"><svg aria-hidden=\"true\" class=\"e-font-icon-svg e-fas-chevron-down\" viewBox=\"0 0 448 512\" xmlns=\"http:\/\/www.w3.org\/2000\/svg\"><path d=\"M207.029 381.476L12.686 187.132c-9.373-9.373-9.373-24.569 0-33.941l22.667-22.667c9.357-9.357 24.522-9.375 33.901-.04L224 284.505l154.745-154.021c9.379-9.335 24.544-9.317 33.901.04l22.667 22.667c9.373 9.373 9.373 24.569 0 33.941L240.971 381.476c-9.373 9.372-24.569 9.372-33.942 0z\"><\/path><\/svg><\/div>\n\t\t\t\t<div class=\"elementor-toc__toggle-button elementor-toc__toggle-button--collapse\" role=\"button\" tabindex=\"0\" aria-controls=\"elementor-toc__iwgw-teshub-toc\" aria-expanded=\"true\" aria-label=\"Close table of contents\"><svg aria-hidden=\"true\" class=\"e-font-icon-svg e-fas-chevron-up\" viewBox=\"0 0 448 512\" xmlns=\"http:\/\/www.w3.org\/2000\/svg\"><path d=\"M240.971 130.524l194.343 194.343c9.373 9.373 9.373 24.569 0 33.941l-22.667 22.667c-9.357 9.357-24.522 9.375-33.901.04L224 227.495 69.255 381.516c-9.379 9.335-24.544 9.317-33.901-.04l-22.667-22.667c-9.373-9.373-9.373-24.569 0-33.941L207.03 130.525c9.372-9.373 24.568-9.373 33.941-.001z\"><\/path><\/svg><\/div>\n\t\t\t\t\t<\/div>\n\t\t\t\t<div id=\"elementor-toc__iwgw-teshub-toc\" class=\"elementor-toc__body\">\n\t\t\t<div class=\"elementor-toc__spinner-container\">\n\t\t\t\t<svg class=\"elementor-toc__spinner eicon-animation-spin e-font-icon-svg e-eicon-loading\" aria-hidden=\"true\" viewBox=\"0 0 1000 1000\" xmlns=\"http:\/\/www.w3.org\/2000\/svg\"><path d=\"M500 975V858C696 858 858 696 858 500S696 142 500 142 142 304 142 500H25C25 237 238 25 500 25S975 237 975 500 763 975 500 975Z\"><\/path><\/svg>\t\t\t<\/div>\n\t\t<\/div>\n\t\t\t\t\t\t<\/div>\n\t\t\t\t<\/div>\n\t\t\t\t\t<\/div>\n\t\t\t\t<\/div>\n\t\t<div class=\"elementor-element elementor-element-iwgw-teshub-hr e-con-full e-flex e-con e-child\" data-id=\"iwgw-teshub-hr\" data-element_type=\"container\" data-e-type=\"container\">\n\t\t\t\t<div class=\"elementor-element elementor-element-iwgw-teshub-heroimg iwg-hero-image elementor-widget elementor-widget-image\" data-id=\"iwgw-teshub-heroimg\" data-element_type=\"widget\" data-e-type=\"widget\" data-widget_type=\"image.default\">\n\t\t\t\t\t\t\t\t\t\t\t\t\t\t\t<img fetchpriority=\"high\" decoding=\"async\" width=\"683\" height=\"1024\" src=\"https:\/\/iwell-guard.com\/wp-content\/uploads\/2026\/05\/goetter_hethitisch_teshub-683x1024.webp\" class=\"attachment-large size-large wp-image-170814\" alt=\"Teshub - gu\u00f0ir \u00far het\u00edtskri hef\u00f0, s\u00f6guleg myndskreyting\" srcset=\"https:\/\/iwell-guard.com\/wp-content\/uploads\/2026\/05\/goetter_hethitisch_teshub-683x1024.webp 683w, https:\/\/iwell-guard.com\/wp-content\/uploads\/2026\/05\/goetter_hethitisch_teshub-200x300.webp 200w, https:\/\/iwell-guard.com\/wp-content\/uploads\/2026\/05\/goetter_hethitisch_teshub-768x1152.webp 768w, https:\/\/iwell-guard.com\/wp-content\/uploads\/2026\/05\/goetter_hethitisch_teshub.webp 1024w\" sizes=\"(max-width: 683px) 100vw, 683px\" \/>\t\t\t\t\t\t\t\t\t\t\t\t\t\t\t<\/div>\n\t\t\t\t<\/div>\n\t\t\t\t\t<\/div>\n\t\t\t\t<\/div>\n\t\t\t\t<section class=\"elementor-section elementor-top-section elementor-element elementor-element-sec-iwgcomp2-teshub elementor-section-boxed elementor-section-height-default elementor-section-height-default\" data-id=\"sec-iwgcomp2-teshub\" data-element_type=\"section\" data-e-type=\"section\">\n\t\t\t\t\t\t<div class=\"elementor-container elementor-column-gap-default\">\n\t\t\t\t\t<div class=\"elementor-column elementor-col-100 elementor-top-column elementor-element elementor-element-col-iwgcomp2-teshub\" data-id=\"col-iwgcomp2-teshub\" data-element_type=\"column\" data-e-type=\"column\">\n\t\t\t<div class=\"elementor-widget-wrap elementor-element-populated\">\n\t\t\t\t\t\t<div class=\"elementor-element elementor-element-iwgcomp2-teshub elementor-widget elementor-widget-text-editor\" data-id=\"iwgcomp2-teshub\" data-element_type=\"widget\" data-e-type=\"widget\" data-widget_type=\"text-editor.default\">\n\t\t\t\t\t\t\t\t\t<p>Te\u0161ub er <strong>hurr\u00edt\u00edsk-hett\u00edt\u00edskur<\/strong> ve\u00f0urgu\u00f0 og a\u00f0algu\u00f0 hins hett\u00edt\u00edska r\u00edkistr\u00faard\u00fdrkunar.<\/p>\t\t\t\t\t\t\t\t<\/div>\n\t\t\t\t\t<\/div>\n\t\t<\/div>\n\t\t\t\t\t<\/div>\n\t\t<\/section>\n\t\t<div class=\"elementor-element elementor-element-iwgw-teshub-s0 e-flex e-con-boxed e-con e-parent\" data-id=\"iwgw-teshub-s0\" data-element_type=\"container\" data-e-type=\"container\">\n\t\t\t\t\t<div class=\"e-con-inner\">\n\t\t\t\t<div class=\"elementor-element elementor-element-iwgw-teshub-s0h elementor-widget elementor-widget-heading\" data-id=\"iwgw-teshub-s0h\" data-element_type=\"widget\" data-e-type=\"widget\" data-widget_type=\"heading.default\">\n\t\t\t\t\t<h2 class=\"elementor-heading-title elementor-size-default\">Greining og skammrit<\/h2>\t\t\t\t<\/div>\n\t\t<div class=\"elementor-element elementor-element-iwgw-teshub-s0c e-con-full e-flex e-con e-child\" data-id=\"iwgw-teshub-s0c\" data-element_type=\"container\" data-e-type=\"container\">\n\t\t\t\t<div class=\"elementor-element elementor-element-iwgw-teshub-s0t elementor-widget elementor-widget-text-editor\" data-id=\"iwgw-teshub-s0t\" data-element_type=\"widget\" data-e-type=\"widget\" data-widget_type=\"text-editor.default\">\n\t\t\t\t\t\t\t\t\t<p>Teshub er me\u00f0al best skjalfestra gu\u00f0a s\u00ed\u00f0bronsaldar. Daniel Schwemer helga\u00f0i honum yfir 700 s\u00ed\u00f0na einritsverk \u00ed <em>Die Wettergottgestalten Mesopotamiens und Nordsyriens<\/em> (2001).<\/p><p>Tr\u00faars\u00f6gulega er Teshub hurr\u00edt\u00edskur ve\u00f0urgu\u00f0 sem talinn er eiga uppruna sinn \u00ed hurr\u00edtum \u00ed Nor\u00f0ur-Mes\u00f3p\u00f3tam\u00edu og breiddist \u00fat \u00e1 2. \u00e1r\u00fe\u00fasundi f.Kr. fr\u00e1 t\u00edma M\u00edtann\u00ed-r\u00edkisins yfir Levant og Anat\u00f3l\u00edu.<\/p><p>\u00cd <a href=\"https:\/\/iwell-guard.com\/is\/hettitar-anatolia-tarhunna-vernd\/\">hett\u00edt\u00edskri r\u00edkistr\u00fa<\/a> \u00e1 t\u00edmum Tud\u1e2baliya IV. og eftirmanna hans var\u00f0 Teshub, samhli\u00f0a <a href=\"https:\/\/iwell-guard.com\/is\/?page_id=168959\">Tarhunna<\/a>, \u00e6\u00f0sta karlkyns <span class=\"iwg-fachbegriff\" data-tooltip=\"Vera sem er d\u00fdrku\u00f0 sem gu\u00f0leg innan tr\u00faarbrag\u00f0a.\" tabindex=\"0\">gu\u00f0d\u00f3mur<\/span>. \u00cd textum eru \u00feeir oft nefndir sem samheiti; a\u00f0 greina \u00fe\u00e1 \u00ed sundur er verkefni fyrir textafr\u00e6\u00f0inga og oft erfitt \u00ed sm\u00e1atri\u00f0um. Hett\u00edt\u00edsk &#8216;\u00fe\u00fd\u00f0ingargu\u00f0fr\u00e6\u00f0i&#8217; bygg\u00f0i \u00e1 virknilegu samsvari \u00e1n \u00feess a\u00f0 gu\u00f0irnir sameinu\u00f0ust algj\u00f6rlega.<\/p><p>Hlutverk hans er v\u00ed\u00f0t\u00e6kt: \u00ferumuve\u00f0ur, regn, orrusta, verndun konungs, ei\u00f0ar s\u00e1ttm\u00e1la, sigur yfir \u00f6flum \u00f3gnar og glundro\u00f0a. Trevor Bryce kalla\u00f0i hann &#8216;alheimsstj\u00f3rnanda&#8217; \u00ed <em>The Kingdom of the Hittites<\/em> (2005), en sigur hans yfir steinrisunum tryggir alheimsskipan.<\/p><p>\u00cd vasalas\u00e1ttm\u00e1lum kemur Teshub fram sem \u00e6\u00f0sti ei\u00f0arvottur \u00e1samt Tarhunna; h\u00f3tunarform\u00falan l\u00fdsir yfir &#8216;m\u00f6lbrotnun eins og leirkrukku&#8217; fyrir ei\u00f0rof.<\/p>\t\t\t\t\t\t\t\t<\/div>\n\t\t\t\t<\/div>\n\t\t\t\t\t<\/div>\n\t\t\t\t<\/div>\n\t\t<div class=\"elementor-element elementor-element-iwgw-teshub-s1 e-flex e-con-boxed e-con e-parent\" data-id=\"iwgw-teshub-s1\" data-element_type=\"container\" data-e-type=\"container\">\n\t\t\t\t\t<div class=\"e-con-inner\">\n\t\t\t\t<div class=\"elementor-element elementor-element-iwgw-teshub-s1h elementor-widget elementor-widget-heading\" data-id=\"iwgw-teshub-s1h\" data-element_type=\"widget\" data-e-type=\"widget\" data-widget_type=\"heading.default\">\n\t\t\t\t\t<h2 class=\"elementor-heading-title elementor-size-default\">Nafn og or\u00f0sifjar<\/h2>\t\t\t\t<\/div>\n\t\t<div class=\"elementor-element elementor-element-iwgw-teshub-s1c e-con-full e-flex e-con e-child\" data-id=\"iwgw-teshub-s1c\" data-element_type=\"container\" data-e-type=\"container\">\n\t\t\t\t<div class=\"elementor-element elementor-element-iwgw-teshub-s1t elementor-widget elementor-widget-text-editor\" data-id=\"iwgw-teshub-s1t\" data-element_type=\"widget\" data-e-type=\"widget\" data-widget_type=\"text-editor.default\">\n\t\t\t\t\t\t\t\t\t<p>Nafni\u00f0 Teshub er hurr\u00edt\u00edskt og er skrifa\u00f0 \u00ed fleygr\u00fanatextum sem <em>Te-\u0161u-ub<\/em>, <em>Te-e\u0161-\u0161u-pa<\/em> e\u00f0a skr\u00e1letrunarlega sem DU. Uppruni or\u00f0sins er ekki fullkomlega \u00fatsk\u00fdr\u00f0ur; ein tr\u00faver\u00f0ug tilg\u00e1ta rekur or\u00f0hlutann <em>te\u0161\u0161-<\/em> til hurr\u00edt\u00edsks sagnor\u00f0s sem \u00fe\u00fd\u00f0ir &#8216;a\u00f0 \u00feruma&#8217;; Teshub myndi \u00fe\u00e1 \u00fe\u00fd\u00f0a &#8216;s\u00e1 sem \u00ferumar&#8217;. Volkert Haas og Schwemer hafa r\u00e6tt \u00feessa or\u00f0sifjafr\u00e6\u00f0i sem l\u00edklegasta.<\/p><p>\u00cd \u00farart\u00edsku birtist myndin Tei\u0161eba (\u00ed \u00farart\u00edsku <span class=\"iwg-fachbegriff\" data-tooltip=\"Heildarsafn gu\u00f0a innan tr\u00faarbrag\u00f0a e\u00f0a menningar.\" tabindex=\"0\">gu\u00f0aheimi<\/span>); \u00ed akkad\u00edsku er hann samsama\u00f0ur Adad; \u00ed hett\u00edt\u00edsku er hann skrifa\u00f0ur skr\u00e1letrunarlega sem DU, sem ger\u00f0i sams\u00f6mun vi\u00f0 <a href=\"https:\/\/iwell-guard.com\/is\/?page_id=168959\">Tarhunna<\/a> au\u00f0veldari. \u00cd h\u00eder\u00f3gl\u00fdfu-l\u00fav\u00edsku birtist hann sem DEUS.TONITRUS, sama skr\u00e1letur og Tarhunna.<\/p><p>\u00deessi sk\u00f6run nafna og skr\u00e1t\u00e1kna er d\u00e6migert fyrir hett\u00edt\u00edska &#8216;\u00fe\u00fd\u00f0ingargu\u00f0fr\u00e6\u00f0i&#8217;: sta\u00f0bundnir gu\u00f0ir eru \u00fe\u00fdddir hver \u00ed gegnum annan \u00e1 grundvelli virknilegrar samsv\u00f6runar, \u00e1n \u00feess a\u00f0 fullkomin sameining eigi s\u00e9r sta\u00f0. \u00cd vestursem\u00edt\u00edsku samsvarar honum forn-s\u00fdrlenski Hadad, sem aftur er tengdur <a href=\"https:\/\/iwell-guard.com\/is\/?page_id=168969\">Baal-Hadad<\/a> \u00ed <a href=\"https:\/\/iwell-guard.com\/is\/fonikiumenn-og-kartago-baal-tanit\/\">f\u00f6nik\u00edskri hef\u00f0<\/a>. Ve\u00f0urgu\u00f0akerfi s\u00ed\u00f0bronsaldar er \u00fe\u00e9ttofi\u00f0 um alla nor\u00f0vestur-as\u00edska og levant\u00ednska sv\u00e6\u00f0i\u00f0.<\/p>\t\t\t\t\t\t\t\t<\/div>\n\t\t\t\t<\/div>\n\t\t\t\t\t<\/div>\n\t\t\t\t<\/div>\n\t\t<div class=\"elementor-element elementor-element-iwgw-teshub-s2 e-flex e-con-boxed e-con e-parent\" data-id=\"iwgw-teshub-s2\" data-element_type=\"container\" data-e-type=\"container\">\n\t\t\t\t\t<div class=\"e-con-inner\">\n\t\t\t\t<div class=\"elementor-element elementor-element-iwgw-teshub-s2h elementor-widget elementor-widget-heading\" data-id=\"iwgw-teshub-s2h\" data-element_type=\"widget\" data-e-type=\"widget\" data-widget_type=\"heading.default\">\n\t\t\t\t\t<h2 class=\"elementor-heading-title elementor-size-default\">L\u00fdsing og myndm\u00e1l<\/h2>\t\t\t\t<\/div>\n\t\t<div class=\"elementor-element elementor-element-iwgw-teshub-s2c e-con-full e-flex e-con e-child\" data-id=\"iwgw-teshub-s2c\" data-element_type=\"container\" data-e-type=\"container\">\n\t\t\t\t<div class=\"elementor-element elementor-element-iwgw-teshub-s2t elementor-widget elementor-widget-text-editor\" data-id=\"iwgw-teshub-s2t\" data-element_type=\"widget\" data-e-type=\"widget\" data-widget_type=\"text-editor.default\">\n\t\t\t\t\t\t\t\t\t<p>Teshub birtist \u00ed hurr\u00edsk-hett\u00edskri myndhef\u00f0 sem skeggja\u00f0ur, kraftmikill ma\u00f0ur \u00ed stuttu mittissk\u00fdlu, me\u00f0 oddhvassa gu\u00f0ahettu, eldingarb\u00fant og str\u00ed\u00f0s\u00f6xi. Farart\u00e6ki hans e\u00f0a vagn er dreginn af nautaparinu \u0160eri (&#8222;dagur&#8220;) og \u1e2aurri (&#8222;n\u00f3tt&#8220;). \u00deessi myndhef\u00f0 er var\u00f0veitt \u00e1 <span class=\"iwg-fachbegriff\" data-tooltip=\"Tilheyrir vi\u00f0urkenndum og bindandi ritningarsafni tr\u00faarbrag\u00f0a.\" tabindex=\"0\">kan\u00f3n\u00edskan<\/span> h\u00e1tt \u00ed Yaz\u0131l\u0131kaya, \u00e1 l\u00e1gmyndum Hattu\u0161a og \u00e1 fj\u00f6lm\u00f6rgum innsiglum og bronsstyttum.<\/p><p>Fr\u00e6g er gu\u00f0afylkingin \u00ed kammeri A \u00ed Yaz\u0131l\u0131kaya, \u00fear sem Teshub lei\u00f0ir r\u00f6\u00f0 karlkyns gu\u00f0anna og stendur andsp\u00e6nis eiginkonu sinni <a href=\"https:\/\/iwell-guard.com\/is\/?page_id=168964\">Hebat<\/a> \u00ed mi\u00f0junni; <a href=\"https:\/\/iwell-guard.com\/is\/?page_id=168968\">Sarruma<\/a>, sonur \u00feeirra, stendur vi\u00f0 hli\u00f0 Hebat \u00e1 hl\u00e9bar\u00f0a. \u00deessi \u00ferenning er mikilv\u00e6gasta hurr\u00edska gu\u00f0afj\u00f6lskyldan og var\u00f0 a\u00f0 \u00e6\u00f0stu r\u00f6\u00f0 pantheonsins \u00ed hett\u00edska r\u00edkistr\u00fanni.<\/p><p>\u00c1 hett\u00edskum og nor\u00f0urs\u00fdrlenskum l\u00e1gmyndum (Karkami\u0161, Aleppo) birtist Teshub oft me\u00f0 reidda \u00f6xi, tr\u00f6\u00f0kandi naut fyrir framan sig e\u00f0a undir s\u00e9r; \u00feessi stelling er forns\u00fdrlensk form\u00fala fyrir stormgu\u00f0.<\/p><p>Kay Kohlmeyer birti \u00edtarlega \u00ed <em>Der Tempel des Wettergottes von Aleppo<\/em> (2000) hinar mikilfenglegu basaltl\u00e1gmyndir Aleppo-<span class=\"iwg-fachbegriff\" data-tooltip=\"Bygging sem er tileinku\u00f0 tilbei\u00f0slu einnar e\u00f0a fleiri gu\u00f0d\u00f3ma.\" tabindex=\"0\">hofsins<\/span>; \u00fe\u00e6r s\u00fdna Teshub \u00ed m\u00f6rgum myndum og eru \u00e1hrifamestu stormgu\u00f0smyndir forns\u00fdrlenska <span class=\"iwg-fachbegriff\" data-tooltip=\"Fors\u00f6gulegt t\u00edmabil eftir brons\u00f6ld, einkennt af j\u00e1rnvinnslu.\" tabindex=\"0\">j\u00e1rnaldarinnar<\/span>.<\/p>\t\t\t\t\t\t\t\t<\/div>\n\t\t\t\t<\/div>\n\t\t\t\t\t<\/div>\n\t\t\t\t<\/div>\n\t\t<div class=\"elementor-element elementor-element-iwgw-teshub-s3 e-flex e-con-boxed e-con e-parent\" data-id=\"iwgw-teshub-s3\" data-element_type=\"container\" data-e-type=\"container\">\n\t\t\t\t\t<div class=\"e-con-inner\">\n\t\t\t\t<div class=\"elementor-element elementor-element-iwgw-teshub-s3h elementor-widget elementor-widget-heading\" data-id=\"iwgw-teshub-s3h\" data-element_type=\"widget\" data-e-type=\"widget\" data-widget_type=\"heading.default\">\n\t\t\t\t\t<h2 class=\"elementor-heading-title elementor-size-default\">Go\u00f0sagnakenndar fr\u00e1sagnir<\/h2>\t\t\t\t<\/div>\n\t\t<div class=\"elementor-element elementor-element-iwgw-teshub-s3c e-con-full e-flex e-con e-child\" data-id=\"iwgw-teshub-s3c\" data-element_type=\"container\" data-e-type=\"container\">\n\t\t\t\t<div class=\"elementor-element elementor-element-iwgw-teshub-s3t elementor-widget elementor-widget-text-editor\" data-id=\"iwgw-teshub-s3t\" data-element_type=\"widget\" data-e-type=\"widget\" data-widget_type=\"text-editor.default\">\n\t\t\t\t\t\t\t\t\t<p>Teshub er a\u00f0alpers\u00f3na Kumarbi-hringr\u00e1sarins. \u00cd \u2018S\u00f6ngnum um Kumarbi\u2019 f\u00e6\u00f0ist hann \u00far innvi\u00f0um f\u00f6\u00f0ur s\u00edns, <a href=\"https:\/\/iwell-guard.com\/is\/?page_id=168962\">Kumarbi<\/a>, eftir a\u00f0 Kumarbi haf\u00f0i teki\u00f0 \u00e1 m\u00f3ti \u2018karlmannss\u00e6\u00f0i\u2019 Anus me\u00f0 t\u00f6nnunum. \u00der\u00edr gu\u00f0ir vaxa \u00ed innvi\u00f0um Kumarbis: Teshub sem s\u00e1 mikilfenglegasti, ein \u00e1 og annar gu\u00f0. \u00deeir klj\u00fafa Kumarbi og koma \u00fat.<\/p><p>Eftir a\u00f0 Kumarbi er felldur af v\u00f6ldum tekur Teshub a\u00f0 s\u00e9r konungd\u00f3minn \u00e1 himnum. \u00cd kj\u00f6lfari\u00f0 fylgja endurteknar tilraunir Kumarbis til a\u00f0 fella hann: me\u00f0 <a href=\"https:\/\/iwell-guard.com\/is\/?page_id=168966\">Ullikummi<\/a>, steinrisanum sem vex til himins \u00e1 \u00f6xl frumrisans Upelluri og h\u00f3tar <span class=\"iwg-fachbegriff\" data-tooltip=\"Bygging sem er tileinku\u00f0 tilbei\u00f0slu einnar e\u00f0a fleiri gu\u00f0legra vera.\" tabindex=\"0\">hofi<\/span> Teshubs \u00ed Kummiya; me\u00f0 sj\u00e1var\u00f3freskjunni <a href=\"https:\/\/iwell-guard.com\/is\/?page_id=168967\">Hedammu<\/a>, sem h\u00f3tar a\u00f0 ey\u00f0a j\u00f6r\u00f0inni; og me\u00f0 \u2018silfurskepnunni\u2019 og \u00f6\u00f0rum verum.<\/p><p>\u00cd \u00f6llum \u00feessum fr\u00e1s\u00f6gnum sigrar Teshub me\u00f0 hj\u00e1lp systur sinnar \u0160au\u0161ga og sm\u00ed\u00f0agu\u00f0sins Ea, sem notar s\u00f6gina sem eitt sinn skildi himin og j\u00f6r\u00f0 a\u00f0.<\/p><p>\u00d6nnur fr\u00e1s\u00f6gn er \u2018S\u00f6ngurinn um hafi\u00f0\u2019 (CTH 346), texti sem er var\u00f0veittur \u00ed brotum, \u00fear sem Teshub berst gegn hafinu. Hli\u00f0st\u00e6\u00f0urnar vi\u00f0 \u00fagarit\u00edska Baal-hringr\u00e1sina, \u00fear sem <a href=\"https:\/\/iwell-guard.com\/is\/?page_id=168969\">Baal<\/a> berst gegn <a href=\"https:\/\/iwell-guard.com\/is\/?page_id=168975\">Yam<\/a>, eru h\u00e9r s\u00e9rstaklega sk\u00fdrar.<\/p><p>Mary Bachvarova hefur \u00ed <em>From Hittite to Homer<\/em> (2016) fjalla\u00f0 \u00edtarlega um \u00feessar hli\u00f0st\u00e6\u00f0ur og s\u00fdnt fram \u00e1 a\u00f0 go\u00f0sagnir um bardaga vi\u00f0 hafi\u00f0 b\u00e1rust um Levant og K\u00fdpur inn \u00ed griska go\u00f0heiminn \u00ed kringum Typhon og Apollo.<\/p><p>\u00cd \u00f6\u00f0ru go\u00f0s\u00f6gulegu broti, \u2018Frelsiss\u00f6nginum\u2019 (CTH 789), kemur Teshub fram sem s\u00e1ttasemjari \u00ed \u00e1t\u00f6kum milli borgargu\u00f0anna \u00ed Ebla og Megi.<\/p><p>Textinn er tv\u00edtyngdur, \u00e1 h\u00farr\u00edsku og hett\u00edsku, og var ger\u00f0ur a\u00f0gengilegur af Erich Neu \u00ed st\u00f3rvirkri \u00fatg\u00e1fu (1996). Teshub krefst frelsunar \u00fer\u00e6la \u00ed borginni Ikinkalis og h\u00f3tar Ebla ey\u00f0ingu ef krafan ver\u00f0ur ekki uppfyllt.<\/p><p>\u00deessi fr\u00e1s\u00f6gn er s\u00e9rlega ver\u00f0m\u00e6t fyrir tr\u00faarbrag\u00f0afr\u00e6\u00f0i \u00fev\u00ed h\u00fan s\u00fdnir Teshub sem f\u00e9lagslega og si\u00f0fer\u00f0ilega me\u00f0vita\u00f0an gu\u00f0 sem stendur me\u00f0 frelsun \u00f3frj\u00e1lsra. H\u00fan er ein af f\u00e1um forn-austurlenskum gu\u00f0as\u00f6gum me\u00f0 sk\u00fdrt si\u00f0fer\u00f0ilegt innihald og er \u00e1 s\u00f6mu l\u00ednu og hi\u00f0 bibl\u00edulega Exodus-<span class=\"iwg-fachbegriff\" data-tooltip=\"Endurteki\u00f0 innihaldsatri\u00f0i \u00ed list e\u00f0a fr\u00e1s\u00f6gn.\" tabindex=\"0\">\u00feema<\/span>, \u00e1n \u00feess a\u00f0 bein tengsl s\u00e9u sannanleg.<\/p>\t\t\t\t\t\t\t\t<\/div>\n\t\t\t\t<\/div>\n\t\t\t\t\t<\/div>\n\t\t\t\t<\/div>\n\t\t<div class=\"elementor-element elementor-element-iwgw-teshub-s4 e-flex e-con-boxed e-con e-parent\" data-id=\"iwgw-teshub-s4\" data-element_type=\"container\" data-e-type=\"container\">\n\t\t\t\t\t<div class=\"e-con-inner\">\n\t\t\t\t<div class=\"elementor-element elementor-element-iwgw-teshub-s4h elementor-widget elementor-widget-heading\" data-id=\"iwgw-teshub-s4h\" data-element_type=\"widget\" data-e-type=\"widget\" data-widget_type=\"heading.default\">\n\t\t\t\t\t<h2 class=\"elementor-heading-title elementor-size-default\">D\u00fdrkun og tilbei\u00f0sla<\/h2>\t\t\t\t<\/div>\n\t\t<div class=\"elementor-element elementor-element-iwgw-teshub-s4c e-con-full e-flex e-con e-child\" data-id=\"iwgw-teshub-s4c\" data-element_type=\"container\" data-e-type=\"container\">\n\t\t\t\t<div class=\"elementor-element elementor-element-iwgw-teshub-s4t elementor-widget elementor-widget-text-editor\" data-id=\"iwgw-teshub-s4t\" data-element_type=\"widget\" data-e-type=\"widget\" data-widget_type=\"text-editor.default\">\n\t\t\t\t\t\t\t\t\t<p>Mikilv\u00e6gustu tilbei\u00f0slusta\u00f0ir Teshubs voru Aleppo (\u1e2aalab), Kummiya (sta\u00f0setning \u00f3\u00feekkt, a\u00f0 \u00f6llum l\u00edkindum \u00ed Nor\u00f0ur-S\u00fdrlandi e\u00f0a Su\u00f0ur-Anat\u00f3l\u00edu) og \u0160amu\u1e2ba. <span class=\"iwg-fachbegriff\" data-tooltip=\"Bygging sem er tileinku\u00f0 tilbei\u00f0slu einnar e\u00f0a fleiri gu\u00f0legra vera.\" tabindex=\"0\">Hof<\/span> hans \u00ed Aleppo var fr\u00e1 forns\u00fdrlenskum t\u00edma mikilv\u00e6gasta <span class=\"iwg-fachbegriff\" data-tooltip=\"Sta\u00f0ur sem er helga\u00f0ur tilbei\u00f0slu gu\u00f0legrar veru.\" tabindex=\"0\">helgista\u00f0ur<\/span> ve\u00f0urgu\u00f0sins \u00ed Nor\u00f0ur-S\u00fdrlandi; \u00fea\u00f0 var samlaga\u00f0 inn \u00ed r\u00edkistr\u00faarbr\u00f6g\u00f0in \u00e1 14. \u00f6ld f.Kr. undir hett\u00edskri yfirstj\u00f3rn.<\/p><p>Uppgr\u00f6ftur undir stj\u00f3rn Kay Kohlmeyer hefur \u00ed <span class=\"iwg-fachbegriff\" data-tooltip=\"Bygging sem er tileinku\u00f0 tilbei\u00f0slu einnar e\u00f0a fleiri gu\u00f0legra vera.\" tabindex=\"0\">hofinu<\/span> \u00ed Aleppo leitt \u00ed lj\u00f3s gl\u00e6sileg basaltl\u00e1gmyndaverk fr\u00e1 9. \u00f6ld f.Kr. sem s\u00fdna Teshub sem ve\u00f0urgu\u00f0.<\/p><p>\u00cd \u1e2aattu\u0161a var s\u00e9rstakt Teshub-<span class=\"iwg-fachbegriff\" data-tooltip=\"Bygging sem er tileinku\u00f0 tilbei\u00f0slu einnar e\u00f0a fleiri gu\u00f0legra vera.\" tabindex=\"0\">hof<\/span>, jafnt sem \u00ed \u00f6\u00f0rum st\u00f3rum hett\u00edskum borgum. \u00c1rlega a\u00f0alh\u00e1t\u00ed\u00f0in var n\u00e1i\u00f0 tengd hinu h\u00farr\u00edsk-hett\u00edska gu\u00f0asamkomu-rit\u00faali <em>itkalzi<\/em>, sem trygg\u00f0i hreinleika allra <span class=\"iwg-fachbegriff\" data-tooltip=\"Bygging sem er tileinku\u00f0 tilbei\u00f0slu einnar e\u00f0a fleiri gu\u00f0legra vera.\" tabindex=\"0\">hofa<\/span>. Joost Hazenbos hefur rannsaka\u00f0 skipulag \u00feessara <span class=\"iwg-fachbegriff\" data-tooltip=\"Bygging sem er tileinku\u00f0 tilbei\u00f0slu einnar e\u00f0a fleiri gu\u00f0legra vera.\" tabindex=\"0\">hofa<\/span> \u00ed <em>The Organization of the Anatolian Local Cults<\/em> (2003).<\/p><p>Hett\u00edskir vasalasamningar tilgreina Teshub sem annan ei\u00f0agu\u00f0 vi\u00f0 hli\u00f0 Tarhunna; ei\u00f0sform\u00fala hans hlj\u00f3\u00f0ar \u00e1 \u00fe\u00e1 lei\u00f0 a\u00f0 ei\u00f0rofa skuli \u2018brj\u00f3ta eins og leirkrukku\u2019. \u00cd h\u00farr\u00edskum heimildum kemur hann fram sem \u00e6\u00f0sti vottur samninga. Prestaskipulagi\u00f0 innih\u00e9lt h\u00farr\u00edska s\u00f6ngvara (<em>kaluti<\/em>), sem var\u00f0veittu h\u00farr\u00edsk h\u00e1t\u00ed\u00f0arl\u00f6g munnlega \u00e1 upprunalegu tungum\u00e1linu.<\/p>\t\t\t\t\t\t\t\t<\/div>\n\t\t\t\t<\/div>\n\t\t\t\t\t<\/div>\n\t\t\t\t<\/div>\n\t\t<div class=\"elementor-element elementor-element-iwgw-teshub-s5 e-flex e-con-boxed e-con e-parent\" data-id=\"iwgw-teshub-s5\" data-element_type=\"container\" data-e-type=\"container\">\n\t\t\t\t\t<div class=\"e-con-inner\">\n\t\t\t\t<div class=\"elementor-element elementor-element-iwgw-teshub-s5h elementor-widget elementor-widget-heading\" data-id=\"iwgw-teshub-s5h\" data-element_type=\"widget\" data-e-type=\"widget\" data-widget_type=\"heading.default\">\n\t\t\t\t\t<h2 class=\"elementor-heading-title elementor-size-default\">Verndara\u00f0ger\u00f0ir og fr\u00e1hrindandi t\u00e1kn<\/h2>\t\t\t\t<\/div>\n\t\t<div class=\"elementor-element elementor-element-iwgw-teshub-s5c e-con-full e-flex e-con e-child\" data-id=\"iwgw-teshub-s5c\" data-element_type=\"container\" data-e-type=\"container\">\n\t\t\t\t<div class=\"elementor-element elementor-element-iwgw-teshub-s5t elementor-widget elementor-widget-text-editor\" data-id=\"iwgw-teshub-s5t\" data-element_type=\"widget\" data-e-type=\"widget\" data-widget_type=\"text-editor.default\">\n\t\t\t\t\t\t\t\t\t<p>Teshub var \u00e6\u00f0sti verndargu\u00f0 konungsins og konungd\u00f3msins. \u00c1 konungssiglum kemur hann oft fram sem verndandi vera; myndform\u00falan um \u2018gu\u00f0lega fa\u00f0mlagi\u00f0\u2019 fr\u00e1 Yaz\u0131l\u0131kaya s\u00fdnir annan gu\u00f0 (oftast <a href=\"https:\/\/iwell-guard.com\/is\/?page_id=168968\">Sarruma<\/a>) fa\u00f0ma konunginn, en Teshub er hin yfirgripsmeiri verndaraflst\u00f6\u00f0.<\/p><p><span class=\"iwg-fachbegriff\" data-tooltip=\"\u00d3heillafr\u00e1hrindandi: um t\u00e1kn og hluti sem eiga a\u00f0 halda ska\u00f0legum \u00e1hrifum \u00ed fjarl\u00e6g\u00f0.\" tabindex=\"0\">Sem verndargripir<\/span> voru Teshub-styttur grafnar \u00ed grunnsto\u00f0ir hofa og hallarh\u00fasa; bronsmyndir me\u00f0 lofth\u00f6fnum \u00f6xi eru til \u00ed talsver\u00f0um fj\u00f6lda fr\u00e1 \u1e2aattu\u0161a, Karkami\u0161 og \u00f6\u00f0rum st\u00f6\u00f0um.<\/p><p>\u00cd hinu h\u00farr\u00edska verndarrit\u00faali <em>itkahi<\/em> voru leirstyttur nota\u00f0ar sem verndarmyndir sem fluttu m\u00e1tt Teshubs inn \u00e1 heimili\u00f0. Volkert Haas hefur l\u00fdst \u00feessum heimilislegu verndarath\u00f6fnum \u00edtarlega \u00ed <em>Materia Magica et Medica Hethitica<\/em> (2003).<\/p><p data-nosnippet=\"true\">Fr\u00e1 v\u00edsindalegu sj\u00f3narhorni er verndarhlutverk Teshubs n\u00e1i\u00f0 tengt hinni p\u00f3lit\u00edsku skipan: hann verndar ekki einstaklinginn heldur r\u00edkisskipulagi\u00f0. iWell Guard l\u00edtur \u00e1 hann sem s\u00f6guleg pers\u00f3nu, ekki sem n\u00faverandi verndara\u00f0ila. Lofor\u00f0 um heilun e\u00f0a andlega verkun eru fr\u00e1 v\u00edsindalegu sj\u00f3narmi\u00f0i ekki hluti af \u00feessari lex\u00edkonframsetningu.<\/p><p>\u00cd hett\u00edsku pl\u00e1gub\u00e6num Mur\u0161ilis II. er Teshub \u00e1varpa\u00f0ur \u00e1samt Tarhunna sem gu\u00f0 sem geti bundi\u00f0 enda \u00e1 pl\u00e1guna. \u00deessi tv\u00f6falda <span class=\"iwg-fachbegriff\" data-tooltip=\"\u00dea\u00f0 a\u00f0 \u00e1varpa e\u00f0a \u00e1kalla gu\u00f0lega veru e\u00f0a m\u00e1tt me\u00f0 b\u00f3n e\u00f0a galdri.\" tabindex=\"0\">\u00e1kall<\/span> s\u00fdnir n\u00e1in tr\u00faarp\u00f3lit\u00edsk tengsl \u00feessara tveggja hlutgervinga ve\u00f0urgu\u00f0sins innan r\u00edkisd\u00fdrkunarins.<\/p><p>Einnig \u00ed hett\u00edskum vasalasamningum vi\u00f0 Mittani, vi\u00f0 Aleppo og vi\u00f0 Karkami\u0161 stendur Teshub fremstur sem ei\u00f0avottur; nafn hans er \u00ed samningsform\u00falunni vottur mj\u00f6g \u00e1kve\u00f0innar p\u00f3lit\u00edskrar skipanar.<\/p>\t\t\t\t\t\t\t\t<\/div>\n\t\t\t\t<\/div>\n\t\t\t\t\t<\/div>\n\t\t\t\t<\/div>\n\t\t<div class=\"elementor-element elementor-element-iwgw-teshub-s6 e-flex e-con-boxed e-con e-parent\" data-id=\"iwgw-teshub-s6\" data-element_type=\"container\" data-e-type=\"container\">\n\t\t\t\t\t<div class=\"e-con-inner\">\n\t\t\t\t<div class=\"elementor-element elementor-element-iwgw-teshub-s6h elementor-widget elementor-widget-heading\" data-id=\"iwgw-teshub-s6h\" data-element_type=\"widget\" data-e-type=\"widget\" data-widget_type=\"heading.default\">\n\t\t\t\t\t<h2 class=\"elementor-heading-title elementor-size-default\">Hli\u00f0st\u00e6\u00f0ur \u00ed \u00f6\u00f0rum menningarheimum<\/h2>\t\t\t\t<\/div>\n\t\t<div class=\"elementor-element elementor-element-iwgw-teshub-s6c e-con-full e-flex e-con e-child\" data-id=\"iwgw-teshub-s6c\" data-element_type=\"container\" data-e-type=\"container\">\n\t\t\t\t<div class=\"elementor-element elementor-element-iwgw-teshub-s6t elementor-widget elementor-widget-text-editor\" data-id=\"iwgw-teshub-s6t\" data-element_type=\"widget\" data-e-type=\"widget\" data-widget_type=\"text-editor.default\">\n\t\t\t\t\t\t\t\t\t<p>Teshub er n\u00e1komlega tengdur <a href=\"https:\/\/iwell-guard.com\/is\/?page_id=168959\">Tarhunna<\/a>, hinum forn-s\u00fdrlenska Hadad og Adad, hinum vestur-sem\u00edt\u00edska <a href=\"https:\/\/iwell-guard.com\/is\/?page_id=168969\">Baal-Hadad<\/a> og hinum \u00farart\u00edska Tei\u0161eba. <span class=\"iwg-fachbegriff\" data-tooltip=\"Endurteki\u00f0 efnislegt stef \u00ed list e\u00f0a fr\u00e1s\u00f6gn.\" tabindex=\"0\">Stef<\/span> hans um dreka-bardaga hefur n\u00e1i\u00f0 samsv\u00f6run vi\u00f0 bardaga Indra og Vrtra og bardaga Seifs og Typhons. Daniel Schwemer hefur fjalla\u00f0 \u00edtarlega um \u00feessa samsv\u00f6run \u00ed riti s\u00ednu (2001).<\/p><p>Me\u00f0 <a href=\"https:\/\/iwell-guard.com\/is\/?page_id=168969\">Baal<\/a> deilir Teshub bardaganum vi\u00f0 hafi\u00f0 (<a href=\"https:\/\/iwell-guard.com\/is\/?page_id=168975\">Yam<\/a>); me\u00f0 Seifi bardaganum vi\u00f0 stein\u00f3kindina (Typhon samsvarar <a href=\"https:\/\/iwell-guard.com\/is\/?page_id=168966\">Ullikummi<\/a>).<\/p><p>Hans G\u00fcterbock og Walter Burkert hafa fjalla\u00f0 \u00edtarlega um \u00e1hrif hins h\u00farr\u00edsk-hett\u00edt\u00edska <span class=\"iwg-fachbegriff\" data-tooltip=\"Heild \u00feeirra gu\u00f0asagna sem var\u00f0veist hafa innan tiltekinnar menningar.\" tabindex=\"0\">go\u00f0afr\u00e6\u00f0i<\/span> \u00e1 gr\u00edska gu\u00f0a\u00e6ttart\u00f6luna (Theogony); Burkert hefur endurgert \u00ed <em>Die orientalisierende Epoche<\/em> (1984) og \u00ed <em>Babylon, Memphis, Persepolis<\/em> (2003) \u00fe\u00e6r menningars\u00f6gulegu lei\u00f0ir sem \u00e1hrifin b\u00e1rust um.<\/p><p>Tr\u00faars\u00f6gulega tilheyrir Teshub hinni nor\u00f0vestur-as\u00edsku ger\u00f0 stormgu\u00f0a \u00e1 s\u00ed\u00f0brons\u00f6ld og er lykilvitni um menningarleg tengsl milli Anat\u00f3l\u00edu, S\u00fdrlands, Mes\u00f3p\u00f3tam\u00edu og Eyjahafssv\u00e6\u00f0isins. \u00c1s\u00fdnd hans \u00e1 sterk samsv\u00f6run vi\u00f0 <a href=\"https:\/\/iwell-guard.com\/is\/?page_id=168969\">Baal-Hadad<\/a> \u00ed <a href=\"https:\/\/iwell-guard.com\/is\/fonikiumenn-og-kartago-baal-tanit\/\">f\u00f6nik\u00edskri hef\u00f0<\/a>.<\/p><p>S\u00e9rstaka st\u00f6\u00f0u hefur Teshub \u00ed hinu \u00farart\u00edska <span class=\"iwg-fachbegriff\" data-tooltip=\"Heild gu\u00f0a innan tr\u00faarbrag\u00f0a e\u00f0a menningar.\" tabindex=\"0\">go\u00f0aveldi<\/span> \u00e1 9. til 7. \u00f6ld f.Kr.; \u00fear birtist hann sem Tei\u0161eba \u00ed \u00f6\u00f0ru s\u00e6ti eftir r\u00edkisgu\u00f0inum \u1e2aaldi og fyrir s\u00f3lgu\u00f0inum \u0160iwini. Hin \u00farart\u00edska \u00ferenning s\u00fdnir \u00f3rofna samfellu h\u00farr\u00edskrar tr\u00faar jafnvel eftir fall hett\u00edt\u00edska r\u00edkisins.<\/p>\t\t\t\t\t\t\t\t<\/div>\n\t\t\t\t<\/div>\n\t\t\t\t\t<\/div>\n\t\t\t\t<\/div>\n\t\t<div class=\"elementor-element elementor-element-iwgw-teshub-s7 e-flex e-con-boxed e-con e-parent\" data-id=\"iwgw-teshub-s7\" data-element_type=\"container\" data-e-type=\"container\">\n\t\t\t\t\t<div class=\"e-con-inner\">\n\t\t\t\t<div class=\"elementor-element elementor-element-iwgw-teshub-s7h elementor-widget elementor-widget-heading\" data-id=\"iwgw-teshub-s7h\" data-element_type=\"widget\" data-e-type=\"widget\" data-widget_type=\"heading.default\">\n\t\t\t\t\t<h2 class=\"elementor-heading-title elementor-size-default\">N\u00fat\u00edmavi\u00f0t\u00f6kur og ranns\u00f3knir<\/h2>\t\t\t\t<\/div>\n\t\t<div class=\"elementor-element elementor-element-iwgw-teshub-s7c e-con-full e-flex e-con e-child\" data-id=\"iwgw-teshub-s7c\" data-element_type=\"container\" data-e-type=\"container\">\n\t\t\t\t<div class=\"elementor-element elementor-element-iwgw-teshub-s7t elementor-widget elementor-widget-text-editor\" data-id=\"iwgw-teshub-s7t\" data-element_type=\"widget\" data-e-type=\"widget\" data-widget_type=\"text-editor.default\">\n\t\t\t\t\t\t\t\t\t<p>N\u00fat\u00edma Teshub-ranns\u00f3knir hefjast me\u00f0 Hans G\u00fcterbock og Emmanuel Laroche (CTH-skr\u00e1). Mikilv\u00e6g n\u00fdrri framl\u00f6g hafa komi\u00f0 fr\u00e1 Daniel Schwemer, Volkert Haas, Itamar Singer og Mary Bachvarova. Rit Schwemers er enn \u00ed dag umfangsmesta framsetningin; \u00fea\u00f0 er sta\u00f0alvi\u00f0mi\u00f0un einnig fyrir Tarhunna og Baal-Hadad.<\/p><p>\u00cd almennri vi\u00f0t\u00f6ku er Teshub varla kunnur. \u00cd tyrkneskri fer\u00f0aaugl\u00fdsingu fyrir \u00c7orum og Bo\u011fazkale er hann \u00f6\u00f0ru hvoru nefndur sem &#8216;anat\u00f3l\u00edskur \u00ferumugu\u00f0&#8217;. \u00cd S\u00fdrlandi var <span class=\"iwg-fachbegriff\" data-tooltip=\"Bygging sem er tileinku\u00f0 d\u00fdrkun einnar e\u00f0a fleiri gu\u00f0a.\" tabindex=\"0\">hofi\u00f0<\/span> \u00ed Aleppo mikilv\u00e6gur menningararfssta\u00f0ur allt til borgarastyrjaldarins; \u00f6rl\u00f6g \u00feess eftir 2012 eru ekki fullkomlega lj\u00f3s, en endurger\u00f0arvinna h\u00f3fst a\u00f0 n\u00fdju \u00e1ri\u00f0 2018.<\/p><p>Fr\u00e6\u00f0ilega er Teshub \u00ed dag talinn lykild\u00e6mi um forn-austurlenska stormgu\u00f0ahef\u00f0. N\u00faverandi ranns\u00f3knar\u00e1herslur sn\u00faa a\u00f0 n\u00e1kv\u00e6mri greiningu \u00e1 tengslum hans vi\u00f0 Tarhunna, hlutverki Teshub \u00ed vasalasamningum og \u00fev\u00ed hvernig go\u00f0s\u00f6gur hans b\u00e1rust inn \u00ed gr\u00edska gu\u00f0a\u00e6ttart\u00f6lu. iWell Guard kynnir hann sem s\u00f6gulegan me\u00f0lim <span class=\"iwg-fachbegriff\" data-tooltip=\"Heild gu\u00f0a innan tr\u00faarbrag\u00f0a e\u00f0a menningar.\" tabindex=\"0\">go\u00f0aveldis<\/span> og ekki sem andlegan vi\u00f0takanda.<\/p><p>Endurger\u00f0arvinnan \u00e1 Aleppo-<span class=\"iwg-fachbegriff\" data-tooltip=\"Bygging sem er tileinku\u00f0 d\u00fdrkun einnar e\u00f0a fleiri gu\u00f0a.\" tabindex=\"0\">hofinu<\/span> eftir str\u00ed\u00f0sskemmdirnar er mikilv\u00e6gt fornleifaverkefni n\u00fa \u00e1 d\u00f6gum; hluta basaltl\u00e9ttmyndanna hefur tekist a\u00f0 var\u00f0veita og koma \u00ed \u00f6ruggt skj\u00f3l \u00ed safninu \u00ed Aleppo. Ranns\u00f3knarni\u00f0urst\u00f6\u00f0ur hinnar s\u00fdrlensk-\u00fe\u00fdsku sendinefndar undir stj\u00f3rn Kay Kohlmeyer eru enn gefnar \u00fat \u00ed ritr\u00f6\u00f0inni <em>Damaszener Forschungen<\/em>.<\/p>\t\t\t\t\t\t\t\t<\/div>\n\t\t\t\t<\/div>\n\t\t\t\t\t<\/div>\n\t\t\t\t<\/div>\n\t\t<div class=\"elementor-element elementor-element-iwgw-teshub-s8 e-flex e-con-boxed e-con e-parent\" data-id=\"iwgw-teshub-s8\" data-element_type=\"container\" data-e-type=\"container\">\n\t\t\t\t\t<div class=\"e-con-inner\">\n\t\t\t\t<div class=\"elementor-element elementor-element-iwgw-teshub-s8h elementor-widget elementor-widget-heading\" data-id=\"iwgw-teshub-s8h\" data-element_type=\"widget\" data-e-type=\"widget\" data-widget_type=\"heading.default\">\n\t\t\t\t\t<h2 class=\"elementor-heading-title elementor-size-default\">Heimildir og b\u00f3kmenntir<\/h2>\t\t\t\t<\/div>\n\t\t<div class=\"elementor-element elementor-element-iwgw-teshub-s8c e-con-full e-flex e-con e-child\" data-id=\"iwgw-teshub-s8c\" data-element_type=\"container\" data-e-type=\"container\">\n\t\t\t\t<div class=\"elementor-element elementor-element-iwgw-teshub-s8t elementor-widget elementor-widget-text-editor\" data-id=\"iwgw-teshub-s8t\" data-element_type=\"widget\" data-e-type=\"widget\" data-widget_type=\"text-editor.default\">\n\t\t\t\t\t\t\t\t\t<p>Mikilv\u00e6gustu sta\u00f0alritin um ranns\u00f3knir \u00e1 Teshub eru tekin saman \u00ed eftirfarandi \u00farvali. \u00deau taka til rita, \u00fatg\u00e1fna og s\u00f6gulegra samantekta. Rit Schwemers er enn hi\u00f0 \u00edtarlegasta, me\u00f0 umfangsmikilli heimildaskr\u00e1 og n\u00e1kv\u00e6mri umfj\u00f6llun um allar kunnar birtingarmyndir Teshub. \u00datg\u00e1fa Kay Kohlmeyer um Aleppo-<span class=\"iwg-fachbegriff\" data-tooltip=\"Bygging sem er tileinku\u00f0 d\u00fdrkun einnar e\u00f0a fleiri gu\u00f0a.\" tabindex=\"0\">hofi\u00f0<\/span> er mikilv\u00e6gasta fornleifafr\u00e6\u00f0ilega vi\u00f0b\u00f3tin; ranns\u00f3kn Bachvarova \u00e1 tengslum Hett\u00edta og H\u00f3mers er mikilv\u00e6gasta samanbur\u00f0arriti\u00f0 s\u00ed\u00f0ustu kynsl\u00f3\u00f0ar.<\/p>\t\t\t\t\t\t\t\t<\/div>\n\t\t\t\t<\/div>\n\t\t\t\t\t<\/div>\n\t\t\t\t<\/div>\n\t\t<div class=\"elementor-element elementor-element-cp224b8235 e-flex e-con-boxed e-con e-parent\" data-id=\"cp224b8235\" data-element_type=\"container\" data-e-type=\"container\">\n\t\t\t\t\t<div class=\"e-con-inner\">\n\t\t\t\t<div class=\"elementor-element elementor-element-cp263d9115 elementor-widget elementor-widget-heading\" data-id=\"cp263d9115\" data-element_type=\"widget\" data-e-type=\"widget\" data-widget_type=\"heading.default\">\n\t\t\t\t\t<h2 class=\"elementor-heading-title elementor-size-default\">Kv\u00e6\u00f0i\u00f0 um Ullikummi og fall Teshubs<\/h2>\t\t\t\t<\/div>\n\t\t<div class=\"elementor-element elementor-element-cp24990c0c e-flex e-con-boxed e-con e-child\" data-id=\"cp24990c0c\" data-element_type=\"container\" data-e-type=\"container\">\n\t\t\t\t\t<div class=\"e-con-inner\">\n\t\t\t\t<div class=\"elementor-element elementor-element-cp2662854b elementor-widget elementor-widget-text-editor\" data-id=\"cp2662854b\" data-element_type=\"widget\" data-e-type=\"widget\" data-widget_type=\"text-editor.default\">\n\t\t\t\t\t\t\t\t\t<p>Me\u00f0al \u00e1hrifamestu texta hinnar hett\u00edt\u00edsku <span class=\"iwg-fachbegriff\" data-tooltip=\"Mi\u00f0lun \u00feekkingar og fr\u00e1sagna fr\u00e1 kynsl\u00f3\u00f0 til kynsl\u00f3\u00f0ar.\" tabindex=\"0\">arfleif\u00f0ar<\/span> er hi\u00f0 svokalla\u00f0a Kv\u00e6\u00f0i um Ullikummi, sem er hluti af hinum st\u00e6rri Kumarbi-go\u00f0sagnahring. Hinn hrakti gu\u00f0 <a href=\"https:\/\/iwell-guard.com\/is\/?page_id=168962\">Kumarbi<\/a> getur me\u00f0 kletti afkv\u00e6mi \u00far d\u00ed\u00f3r\u00edt, sem heitir Ullikummi og er \u00e6tla\u00f0 a\u00f0 hrekja Teshub fr\u00e1 v\u00f6ldum.<\/p><p>Ullikummi vex \u00f3\u00e1reittur upp \u00e1 \u00f6xl risans Upelluri, sem heldur uppi heiminum, uns hann n\u00e6r til himins.<\/p><p>Teshub horfir ni\u00f0ur fr\u00e1 fjallinu Hazzi og skynjar h\u00e6ttuna. Fyrsta atlaga gu\u00f0anna mistekst, \u00fev\u00ed Ullikummi er blindur, heyrnarlaus og skynlaus og engu hindrar hann.<\/p><p>Vendipunkturinn kemur me\u00f0 hinum vitra gu\u00f0i Ea, sem fer \u00ed hi\u00f0 fornf\u00e1lega vopnab\u00far gu\u00f0anna og s\u00e6kir hi\u00f0 aldna skur\u00f0arverkf\u00e6ri sem eitt sinn skildi himin og j\u00f6r\u00f0 a\u00f0. Me\u00f0 \u00feessu verkf\u00e6ri er Ullikummi skorinn fr\u00e1 f\u00f3tum s\u00ednum af \u00f6xl Upelluris og sviptur \u00feannig krafti s\u00ednum.<\/p><p>Textinn er var\u00f0veittur \u00e1 leirt\u00f6flum \u00e1 hett\u00edt\u00edsku tungum\u00e1li \u00far skjalasafninu \u00ed Hattusa, en byggir \u00e1 h\u00farr\u00edskri fyrirmynd. Hans Gustav G\u00fcterbock gaf Kv\u00e6\u00f0i\u00f0 um Ullikummi \u00fat 1951 og 1952 og ger\u00f0i \u00feannig einn af lykiltextunum fyrir samanbur\u00f0 vi\u00f0 gr\u00edska gu\u00f0a\u00e6ttart\u00f6lu a\u00f0gengilegan.<\/p><p>Fr\u00e1s\u00f6gnin s\u00fdnir Teshub ekki sem \u00f3skora\u00f0an valdhafa, heldur sem konung en sta\u00f0a hans ver\u00f0ur s\u00edfellt a\u00f0 verjast \u00e1 n\u00fdjan leik. H\u00fan er \u00feannig mikilv\u00e6g vitnisbur\u00f0ur um hett\u00edt\u00edska hugmynd um gu\u00f0legt vald sem \u00f3st\u00f6\u00f0ugt \u00e1stand.<\/p>\t\t\t\t\t\t\t\t<\/div>\n\t\t\t\t\t<\/div>\n\t\t\t\t<\/div>\n\t\t\t\t\t<\/div>\n\t\t\t\t<\/div>\n\t\t<div class=\"elementor-element elementor-element-cp2cb5f7c0 e-flex e-con-boxed e-con e-parent\" data-id=\"cp2cb5f7c0\" data-element_type=\"container\" data-e-type=\"container\">\n\t\t\t\t\t<div class=\"e-con-inner\">\n\t\t\t\t<div class=\"elementor-element elementor-element-cp2e132455 elementor-widget elementor-widget-heading\" data-id=\"cp2e132455\" data-element_type=\"widget\" data-e-type=\"widget\" data-widget_type=\"heading.default\">\n\t\t\t\t\t<h2 class=\"elementor-heading-title elementor-size-default\">Teshub og drekinn Illujanka<\/h2>\t\t\t\t<\/div>\n\t\t<div class=\"elementor-element elementor-element-cp24b232d0 e-flex e-con-boxed e-con e-child\" data-id=\"cp24b232d0\" data-element_type=\"container\" data-e-type=\"container\">\n\t\t\t\t\t<div class=\"e-con-inner\">\n\t\t\t\t<div class=\"elementor-element elementor-element-cp259e779e elementor-widget elementor-widget-text-editor\" data-id=\"cp259e779e\" data-element_type=\"widget\" data-e-type=\"widget\" data-widget_type=\"text-editor.default\">\n\t\t\t\t\t\t\t\t\t<p>Vi\u00f0 hli\u00f0 Kumarbi-hringsins er annar mikilv\u00e6gur <span class=\"iwg-fachbegriff\" data-tooltip=\"Var\u00f0veitt fr\u00e1s\u00f6gn um gu\u00f0i, uppruna og heimsskipan.\" tabindex=\"0\">go\u00f0saga<\/span> \u00fear sem ve\u00f0urgu\u00f0inn leikur a\u00f0alhlutverk: bar\u00e1ttan vi\u00f0 drekann Illujanka. \u00deessi texti var tengdur hinni het\u00edt\u00edsku n\u00fd\u00e1rsath\u00f6fn <em>purulli<\/em> og er var\u00f0veittur \u00ed tveimur \u00fatg\u00e1fum sem skrifarinn Kella eignar presti fr\u00e1 borginni Nerik.<\/p><p>\u00cd eldri \u00fatg\u00e1funni sigrar drekinn ve\u00f0urgu\u00f0inn \u00ed fyrstu. Gy\u00f0jan Inara heldur \u00fe\u00e1 h\u00e1t\u00ed\u00f0 og f\u00e6r hinn dau\u00f0lega mann Hupasija til li\u00f0sinnis, sem setur s\u00e9r skilyr\u00f0i fyrir launum. \u00c1 h\u00e1t\u00ed\u00f0inni er drekinn og afkv\u00e6mi hans ger\u00f0 drukkin, bundin og felld af ve\u00f0urgu\u00f0inum.<\/p><p>\u00cd yngri \u00fatg\u00e1funni hefur drekinn r\u00e6nt hjarta og augum ve\u00f0urgu\u00f0sins. Gu\u00f0inn eignast son sem kv\u00e6nist d\u00f3ttur drekans og krefst \u00feess a\u00f0 hjarta og augu ver\u00f0i endurgreidd sem br\u00fa\u00f0argj\u00f6f. \u00deannig endurheimtur sigrar ve\u00f0urgu\u00f0inn drekann, en ver\u00f0ur \u00fe\u00f3 a\u00f0 f\u00f3rna eigin syni, sem stendur me\u00f0 fj\u00f6lskyldu tengdaf\u00f6\u00f0ur sins.<\/p><p>Tengsl <span class=\"iwg-fachbegriff\" data-tooltip=\"Var\u00f0veitt fr\u00e1s\u00f6gn um gu\u00f0i, uppruna og heimsskipan.\" tabindex=\"0\">go\u00f0s\u00f6gunnar<\/span> vi\u00f0 purulli-h\u00e1t\u00ed\u00f0ina eru fr\u00e6\u00f0ilega mikilv\u00e6g. H\u00e9r er um sjaldg\u00e6ft d\u00e6mi a\u00f0 r\u00e6\u00f0a \u00fear sem fr\u00e1sagnartexti er beinl\u00ednis bundinn \u00e1kve\u00f0nu tilefni athafnar.<\/p><p>Calvert Watkins hefur fjalla\u00f0 um Illujanka-<span class=\"iwg-fachbegriff\" data-tooltip=\"Var\u00f0veitt fr\u00e1s\u00f6gn um gu\u00f0i, uppruna og heimsskipan.\" tabindex=\"0\">go\u00f0s\u00f6guna<\/span> \u00ed samanbur\u00f0arm\u00e1lfr\u00e6\u00f0ilegri ranns\u00f3kn sinni sem d\u00e6mi um ind\u00f3evr\u00f3pskt fr\u00e1sagnarmynstur \u00fear sem hetja fellir dreka. \u00c1 sama t\u00edma er fr\u00e1s\u00f6gnin til vitnis um a\u00f0 het\u00edt\u00edski ve\u00f0urgu\u00f0inn var talinn sigranlegur og a\u00f0 sigur hans bygg\u00f0ist \u00e1 hj\u00e1lp b\u00e6\u00f0i manna og gu\u00f0a.<\/p>\t\t\t\t\t\t\t\t<\/div>\n\t\t\t\t\t<\/div>\n\t\t\t\t<\/div>\n\t\t\t\t\t<\/div>\n\t\t\t\t<\/div>\n\t\t<div class=\"elementor-element elementor-element-cp25d451a5 e-flex e-con-boxed e-con e-parent\" data-id=\"cp25d451a5\" data-element_type=\"container\" data-e-type=\"container\">\n\t\t\t\t\t<div class=\"e-con-inner\">\n\t\t\t\t<div class=\"elementor-element elementor-element-cp2c6279ab elementor-widget elementor-widget-heading\" data-id=\"cp2c6279ab\" data-element_type=\"widget\" data-e-type=\"widget\" data-widget_type=\"heading.default\">\n\t\t\t\t\t<h2 class=\"elementor-heading-title elementor-size-default\">Klettahelgid\u00f3murinn \u00ed Yaz\u0131l\u0131kaya<\/h2>\t\t\t\t<\/div>\n\t\t<div class=\"elementor-element elementor-element-cp24364644 e-flex e-con-boxed e-con e-child\" data-id=\"cp24364644\" data-element_type=\"container\" data-e-type=\"container\">\n\t\t\t\t\t<div class=\"e-con-inner\">\n\t\t\t\t<div class=\"elementor-element elementor-element-cp225cd153 elementor-widget elementor-widget-text-editor\" data-id=\"cp225cd153\" data-element_type=\"widget\" data-e-type=\"widget\" data-widget_type=\"text-editor.default\">\n\t\t\t\t\t\t\t\t\t<p>Um \u00fea\u00f0 bil tveimur k\u00edl\u00f3metrum nor\u00f0austur af het\u00edt\u00edsku h\u00f6fu\u00f0borginni Hattusa er klettahelgid\u00f3murinn \u00ed Yaz\u0131l\u0131kaya, n\u00e1tt\u00farulegt klettahvolf sem veggir \u00feess voru \u00feaktir \u00ed h\u00e1greftum af het\u00edt\u00edsku gu\u00f0aver\u00f6ldinni \u00e1 13. \u00f6ld fyrir okkar t\u00edmatal.<\/p><p>\u00cd st\u00e6rri hvolfinu A f\u00e6rast tv\u00e6r fylkingar hvor \u00e1 m\u00f3ti annarri, karlkyns fylking fr\u00e1 vinstri og kvenkyns fylking fr\u00e1 h\u00e6gri. \u00c1 sta\u00f0num \u00fear sem \u00fe\u00e6r m\u00e6tast stendur ve\u00f0urgu\u00f0inn, sem er au\u00f0kenndur \u00ed h\u00e1reflunum me\u00f0 myndleturs\u00e1letrunum sem hinn h\u00farr\u00edski Teshub, og andsp\u00e6nis honum stendur eiginkona hans Hebat.<\/p><p>Teshub stendur \u00e1 tveimur beyg\u00f0um fjallagu\u00f0um, myndger\u00f0 sem tj\u00e1ir tengsl hans vi\u00f0 fj\u00f6llin. Fyrir aftan hann og fyrir framan Hebat fylgja b\u00f6rn \u00feeirra, \u00fear \u00e1 me\u00f0al gu\u00f0inn Sharruma, sem stendur \u00e1 pardusd\u00fdri. Au\u00f0kenning f\u00edg\u00faranna byggist \u00e1 l\u00fav\u00edskum myndletursmerkjum og samanbur\u00f0i vi\u00f0 gu\u00f0alista \u00far leirt\u00f6fluskjalas\u00f6fnunum.<\/p><p>Ranns\u00f3knir t\u00falka Yaz\u0131l\u0131kaya a\u00f0 mestu leyti sem sta\u00f0 sem tengdist n\u00fd\u00e1rsath\u00f6fninni og hugsanlega d\u00e1nard\u00fdrkun konungsfj\u00f6lskyldunnar. Minni hvolfi\u00f0 B hefur <span class=\"iwg-fachbegriff\" data-tooltip=\"Mynd sem er unnin upphleypt \u00far yfirbor\u00f0i.\" tabindex=\"0\">h\u00e1grefti<\/span> af konunginum Tudhalija IV. og er af m\u00f6rgum tali\u00f0 minnissta\u00f0ur fyrir \u00feennan konung. Kurt Bittel, sem gr\u00f3f upp Hattusa um \u00e1ratugaskei\u00f0, skjalfesti <span class=\"iwg-fachbegriff\" data-tooltip=\"Heilagur sta\u00f0ur tileinka\u00f0ur tilbei\u00f0slu \u00e1 gu\u00f0i.\" tabindex=\"0\">helgid\u00f3minn<\/span> \u00edtarlega.<\/p><p>Yaz\u0131l\u0131kaya er eini sta\u00f0urinn \u00fear sem allt hi\u00f0 r\u00edkjandi gu\u00f0aveldi het\u00edt\u00edska r\u00edkisins \u00e1 s\u00ed\u00f0t\u00edmanum er var\u00f0veitt \u00ed steini, og Teshub stendur b\u00f3kstaflega \u00ed mi\u00f0ju \u00feess. \u00dea\u00f0 gerir <span class=\"iwg-fachbegriff\" data-tooltip=\"Heilagur sta\u00f0ur tileinka\u00f0ur tilbei\u00f0slu \u00e1 gu\u00f0i.\" tabindex=\"0\">helgid\u00f3minn<\/span> a\u00f0 mikilv\u00e6gustu fornleifafr\u00e6\u00f0ilegu heimildinni um st\u00f6\u00f0u hans \u00ed <span class=\"iwg-fachbegriff\" data-tooltip=\"Heildarsafn gu\u00f0a \u00ed tr\u00faarbr\u00f6g\u00f0um e\u00f0a menningu.\" tabindex=\"0\">go\u00f0aheiminum<\/span>.<\/p>\t\t\t\t\t\t\t\t<\/div>\n\t\t\t\t\t<\/div>\n\t\t\t\t<\/div>\n\t\t\t\t\t<\/div>\n\t\t\t\t<\/div>\n\t\t<div class=\"elementor-element elementor-element-cp26382bdc e-flex e-con-boxed e-con e-parent\" data-id=\"cp26382bdc\" data-element_type=\"container\" data-e-type=\"container\">\n\t\t\t\t\t<div class=\"e-con-inner\">\n\t\t\t\t<div class=\"elementor-element elementor-element-cp29a5dce3 elementor-widget elementor-widget-heading\" data-id=\"cp29a5dce3\" data-element_type=\"widget\" data-e-type=\"widget\" data-widget_type=\"heading.default\">\n\t\t\t\t\t<h2 class=\"elementor-heading-title elementor-size-default\">Fr\u00e1 h\u00farr\u00edska Teshub til het\u00edt\u00edska r\u00edkisgu\u00f0sins<\/h2>\t\t\t\t<\/div>\n\t\t<div class=\"elementor-element elementor-element-cp28354bbc e-flex e-con-boxed e-con e-child\" data-id=\"cp28354bbc\" data-element_type=\"container\" data-e-type=\"container\">\n\t\t\t\t\t<div class=\"e-con-inner\">\n\t\t\t\t<div class=\"elementor-element elementor-element-cp2ab489b1 elementor-widget elementor-widget-text-editor\" data-id=\"cp2ab489b1\" data-element_type=\"widget\" data-e-type=\"widget\" data-widget_type=\"text-editor.default\">\n\t\t\t\t\t\t\t\t\t<p>Teshub var upprunalega ekki het\u00edt\u00edskur gu\u00f0, heldur h\u00farr\u00edskur. H\u00farr\u00edtar, \u00fej\u00f3\u00f0 hvers tungum\u00e1l var hvorki sem\u00edt\u00edskt n\u00e9 ind\u00f3evr\u00f3pskt, bjuggu \u00ed nor\u00f0urhluta Mes\u00f3p\u00f3tam\u00edu og Nor\u00f0ur-S\u00fdrlandi og h\u00f6f\u00f0u mikil menningarleg \u00e1hrif \u00e1 het\u00edt\u00edska r\u00edki\u00f0 \u00e1 \u00f6\u00f0ru \u00e1r\u00fe\u00fasundi fyrir okkar t\u00edmatal.<\/p><p>Me\u00f0 \u00feessum \u00e1hrifum barst Teshub einnig inn \u00ed het\u00edt\u00edska <span class=\"iwg-fachbegriff\" data-tooltip=\"Heildarsafn gu\u00f0a \u00ed tr\u00faarbr\u00f6g\u00f0um e\u00f0a menningu.\" tabindex=\"0\">go\u00f0aheiminn<\/span>, \u00fear sem hann sameina\u00f0ist innlenda ve\u00f0urgu\u00f0inum, sem Het\u00edtar skrifu\u00f0u me\u00f0 s\u00famerska t\u00e1knmyndinni fyrir ve\u00f0urgu\u00f0.<\/p><p>Uppgangur Teshubs til r\u00edkisgu\u00f0s er n\u00e1i\u00f0 tengdur het\u00edt\u00edsku konungsfj\u00f6lskyldunni \u00e1 s\u00ed\u00f0t\u00edmanum.<\/p><p>S\u00e9rstaklega drottningin Puduhepa, sem var h\u00farr\u00edsk a\u00f0 uppruna og eiginkona Hattusilis III., stu\u00f0la\u00f0i a\u00f0 h\u00farr\u00edskum d\u00fdrkunum vi\u00f0 hir\u00f0ina. Undir \u00e1hrifum hennar og sonar hennar Tudhalija IV. var h\u00farr\u00edska gu\u00f0aver\u00f6ldin, me\u00f0 Teshub \u00ed broddi fylkingar, tekin inn \u00ed r\u00edkisd\u00fdrkunina, sem s\u00e9st s\u00e9rstaklega \u00ed Yaz\u0131l\u0131kaya.<\/p><p>M\u00e1lfarslega birtist \u00feessi lagskipting greinilega. Sami gu\u00f0 heitir \u00ed hatt\u00edsku Taru, \u00e1 het\u00edt\u00edsku er hann a\u00f0 mestu skrifa\u00f0ur a\u00f0eins me\u00f0 merkjaletri, \u00e1 h\u00farr\u00edsku Teshub, \u00e1 l\u00fav\u00edsku Tarhunt, og \u00e1 arame\u00edsk-s\u00fdrlensku sv\u00e6\u00f0inu samsvarar honum Hadad.<\/p><p>\u00deessi nafnafj\u00f6lbreytni s\u00fdnir a\u00f0 um er a\u00f0 r\u00e6\u00f0a gu\u00f0d\u00f3mlegt hlutverk, herra stormsins, sem t\u00f3k \u00e1 sig eigin mynd \u00ed m\u00f6rgum tungum\u00e1lum hins forna Austurlands.<\/p><p>Volkert Haas hefur \u00ed verki s\u00ednu <em>Geschichte der hethitischen Religion<\/em> l\u00fdst h\u00farr\u00edsku \u00e1hrifunum \u00e1 s\u00ed\u00f0het\u00edt\u00edska d\u00fdrkun \u00edtarlega. Fyrir Teshub \u00fe\u00fd\u00f0ir \u00fea\u00f0 a\u00f0 saga hans ver\u00f0ur a\u00f0eins skiljanleg sem saga menningarlegrar \u00fe\u00fd\u00f0ingar milli H\u00farr\u00edta og Het\u00edta.<\/p>\t\t\t\t\t\t\t\t<\/div>\n\t\t\t\t\t<\/div>\n\t\t\t\t<\/div>\n\t\t\t\t\t<\/div>\n\t\t\t\t<\/div>\n\t\t<div class=\"elementor-element elementor-element-iwgw-teshub-lit e-flex e-con-boxed e-con e-parent\" data-id=\"iwgw-teshub-lit\" data-element_type=\"container\" data-e-type=\"container\">\n\t\t\t\t\t<div class=\"e-con-inner\">\n\t\t\t\t<div class=\"elementor-element elementor-element-iwgw-teshub-lith elementor-widget elementor-widget-heading\" data-id=\"iwgw-teshub-lith\" data-element_type=\"widget\" data-e-type=\"widget\" data-widget_type=\"heading.default\">\n\t\t\t\t\t<h2 class=\"elementor-heading-title elementor-size-default\">Heimildir (\u00farval)<\/h2>\t\t\t\t<\/div>\n\t\t<div class=\"elementor-element elementor-element-iwgw-teshub-litc e-con-full e-flex e-con e-child\" data-id=\"iwgw-teshub-litc\" data-element_type=\"container\" data-e-type=\"container\">\n\t\t\t\t<div class=\"elementor-element elementor-element-iwgw-teshub-litt elementor-widget elementor-widget-text-editor\" data-id=\"iwgw-teshub-litt\" data-element_type=\"widget\" data-e-type=\"widget\" data-widget_type=\"text-editor.default\">\n\t\t\t\t\t\t\t\t\t<div data-nosnippet=\"true\"><ul><li>Daniel Schwemer: <em>Die Wettergottgestalten Mesopotamiens und Nordsyriens<\/em> (Wiesbaden 2001)<\/li><li>Volkert Haas: <em>Geschichte der hethitischen Religion<\/em> (Leiden 1994)<\/li><li>Gary Beckman: <em>Hittite Myths<\/em> (SBL 1998)<\/li><li>Mary Bachvarova: <em>From Hittite to Homer<\/em> (Cambridge 2016)<\/li><li>Trevor Bryce: <em>The Kingdom of the Hittites<\/em> (Oxford 2005)<\/li><li>Kay Kohlmeyer: <em>Der <span class=\"iwg-fachbegriff\" data-tooltip=\"Bygging sem er tileinku\u00f0 tilbei\u00f0slu \u00e1 einum e\u00f0a fleiri gu\u00f0um.\" tabindex=\"0\">tempel<\/span> des Wettergottes von Aleppo<\/em> (M\u00fcnster 2000)<\/li><\/ul><\/div>\t\t\t\t\t\t\t\t<\/div>\n\t\t\t\t<\/div>\n\t\t\t\t\t<\/div>\n\t\t\t\t<\/div>\n\t\t<div class=\"elementor-element elementor-element-iwgkw-add-teshub e-flex e-con-boxed e-con e-parent\" data-id=\"iwgkw-add-teshub\" data-element_type=\"container\" data-e-type=\"container\">\n\t\t\t\t\t<div class=\"e-con-inner\">\n\t\t\t\t<div class=\"elementor-element elementor-element-iwgkw-add-teshub-t elementor-widget elementor-widget-text-editor\" data-id=\"iwgkw-add-teshub-t\" data-element_type=\"widget\" data-e-type=\"widget\" data-widget_type=\"text-editor.default\">\n\t\t\t\t\t\t\t\t\t<p><span class=\"iwg-fachbegriff\" data-tooltip=\"Heild tr\u00faarlegra tilbei\u00f0sluathafna fyrir gu\u00f0 e\u00f0a heilaga v\u00e6ttu.\" tabindex=\"0\">D\u00fdrkun<\/span> Teshub var megin\u00fe\u00e1ttur r\u00edkistr\u00faarins \u00e1 hurr\u00edta-hett\u00edsku sv\u00e6\u00f0inu. \u00cd Hattusa, Kummanni og Alepp\u00f3 h\u00e9ldu konungar \u00fati <span class=\"iwg-fachbegriff\" data-tooltip=\"Bygging sem er notu\u00f0 til tilbei\u00f0slu einnar e\u00f0a fleiri gu\u00f0v\u00e6tta.\" tabindex=\"0\">hofum<\/span>, \u00fear sem nautabo\u00f0, ve\u00f0urb\u00e6nir og h\u00e1t\u00ed\u00f0adagat\u00f6l hei\u00f0ru\u00f0u ve\u00f0urgu\u00f0inn.<\/p><p><span class=\"iwg-fachbegriff\" data-tooltip=\"Heild tr\u00faarlegra tilbei\u00f0sluathafna fyrir gu\u00f0 e\u00f0a heilaga v\u00e6ttu.\" tabindex=\"0\">D\u00fdrkun<\/span> hans var n\u00e1tengd konungd\u00e6minu: Konungurinn var talinn jar\u00f0neskur sta\u00f0gengill hans, og bandalagssamningar voru sta\u00f0festir me\u00f0 <span class=\"iwg-fachbegriff\" data-tooltip=\"B\u00e6narleg e\u00f0a \u00e1kallandi \u00e1v\u00f6rpun til gu\u00f0s e\u00f0a m\u00e1ttarvalds.\" tabindex=\"0\">\u00e1k\u00f6llun<\/span> Teshub, sem festi <span class=\"iwg-fachbegriff\" data-tooltip=\"Heild tr\u00faarlegra tilbei\u00f0sluathafna fyrir gu\u00f0 e\u00f0a heilaga v\u00e6ttu.\" tabindex=\"0\">d\u00fdrkun<\/span> hans \u00ed sessi b\u00e6\u00f0i stj\u00f3rnm\u00e1lalega og heimsfr\u00e6\u00f0ilega.<\/p>\t\t\t\t\t\t\t\t<\/div>\n\t\t\t\t\t<\/div>\n\t\t\t\t<\/div>\n\t\t<div class=\"elementor-element elementor-element-iwgkw2-add-teshub e-flex e-con-boxed e-con e-parent\" data-id=\"iwgkw2-add-teshub\" data-element_type=\"container\" data-e-type=\"container\">\n\t\t\t\t\t<div class=\"e-con-inner\">\n\t\t\t\t<div class=\"elementor-element elementor-element-iwgkw2-add-teshub-t elementor-widget elementor-widget-text-editor\" data-id=\"iwgkw2-add-teshub-t\" data-element_type=\"widget\" data-e-type=\"widget\" data-widget_type=\"text-editor.default\">\n\t\t\t\t\t\t\t\t\t<p>Teshub kemur fram \u00ed hurr\u00edta-hett\u00edskum heimildum sem \u00e6\u00f0sti ve\u00f0urgu\u00f0 og <em>r\u00edkisdrottinn<\/em>, sem ekur \u00e1 str\u00ed\u00f0svagni yfir fj\u00f6llin og sigrar \u00ed gu\u00f0abar\u00e1ttunni um heimsyfirr\u00e1\u00f0 \u00ed Kumarbi-hringnum.<\/p>\t\t\t\t\t\t\t\t<\/div>\n\t\t\t\t\t<\/div>\n\t\t\t\t<\/div>\n\t\t<div class=\"elementor-element elementor-element-iwgw-teshub-kwd e-flex e-con-boxed e-con e-parent\" data-id=\"iwgw-teshub-kwd\" data-element_type=\"container\" data-e-type=\"container\">\n\t\t\t\t\t<div class=\"e-con-inner\">\n\t\t<div class=\"elementor-element elementor-element-iwgw-teshub-kwdc e-con-full e-flex e-con e-child\" data-id=\"iwgw-teshub-kwdc\" data-element_type=\"container\" data-e-type=\"container\">\n\t\t\t\t<div class=\"elementor-element elementor-element-iwgw-teshub-kwdt elementor-widget elementor-widget-text-editor\" data-id=\"iwgw-teshub-kwdt\" data-element_type=\"widget\" data-e-type=\"widget\" data-widget_type=\"text-editor.default\">\n\t\t\t\t\t\t\t\t\t<p><em>Tengd kjarnahugt\u00f6k: Teshub, hurr\u00edtar, ve\u00f0urgu\u00f0, Kumarbi-hringurinn, Ullikummi, Alepp\u00f3, Kummiya, \u0160eri, \u1e2aurri.<\/em><\/p>\t\t\t\t\t\t\t\t<\/div>\n\t\t\t\t<\/div>\n\t\t\t\t\t<\/div>\n\t\t\t\t<\/div>\n\t\t<div class=\"elementor-element elementor-element-iwgw-teshub-cc e-flex e-con-boxed e-con e-parent\" data-id=\"iwgw-teshub-cc\" data-element_type=\"container\" data-e-type=\"container\" id=\"iwg-cc-teshub\">\n\t\t\t\t\t<div class=\"e-con-inner\">\n\t\t<div class=\"elementor-element elementor-element-iwgw-teshub-ccinner e-flex e-con-boxed e-con e-parent\" data-id=\"iwgw-teshub-ccinner\" data-element_type=\"container\" data-e-type=\"container\" data-settings=\"{&quot;background_background&quot;:&quot;classic&quot;}\">\n\t\t\t\t\t<div class=\"e-con-inner\">\n\t\t\t\t<div class=\"elementor-element elementor-element-iwgw-teshub-cch elementor-widget elementor-widget-heading\" data-id=\"iwgw-teshub-cch\" data-element_type=\"widget\" data-e-type=\"widget\" data-widget_type=\"heading.default\">\n\t\t\t\t\t<h2 class=\"elementor-heading-title elementor-size-default\">iWell Guard og verndarhef\u00f0ir<\/h2>\t\t\t\t<\/div>\n\t\t\t\t<div class=\"elementor-element elementor-element-iwgw-teshub-cct elementor-widget elementor-widget-text-editor\" data-id=\"iwgw-teshub-cct\" data-element_type=\"widget\" data-e-type=\"widget\" data-widget_type=\"text-editor.default\">\n\t\t\t\t\t\t\t\t\t<div data-nosnippet=\"true\"><p>iWell Guard tengist menningars\u00f6gulegri hef\u00f0 b\u00e6rra verndargripa, \u00ed hef\u00f0 <a href=\"https:\/\/iwell-guard.com\/is\/hettitar-anatolia-tarhunna-vernd\/\">Hitt\u00edta<\/a> og margra annarra menningarheima um allan heim. 41 l\u00f6g, alv\u00f6ru gull, plat\u00edna, silfur, framleitt \u00ed \u00de\u00fdskalandi. 30 daga skilar\u00e9ttur.<\/p><\/div>\t\t\t\t\t\t\t\t<\/div>\n\t\t\t\t<div class=\"elementor-element elementor-element-iwgw-teshub-ccb iwg-cc-button iwg-cc-cta-2026-05-13 elementor-widget elementor-widget-jet-button\" data-id=\"iwgw-teshub-ccb\" data-element_type=\"widget\" data-e-type=\"widget\" data-widget_type=\"jet-button.default\">\n\t\t\t\t<div class=\"elementor-widget-container\">\n\t\t\t\t\t<div class=\"elementor-jet-button jet-elements\"><div class=\"jet-button__container\"><a class=\"jet-button__instance jet-button__instance--icon-left hover-effect-1\" href=\"\/ueber-iwell-guard\/?utm_source=iwell-guard.com&amp;utm_medium=info-box&amp;utm_campaign=wesen-tradition\"><div class=\"jet-button__plane jet-button__plane-normal\"><\/div><div class=\"jet-button__plane jet-button__plane-hover\"><\/div><div class=\"jet-button__state jet-button__state-normal\"><span class=\"jet-button__label\">Meira um iWell Guard<\/span><\/div><div class=\"jet-button__state jet-button__state-hover\"><span class=\"jet-button__label\">Meira um iWell Guard<\/span><\/div><\/a><\/div><\/div><style>.elementor-element.elementor-element-iwgw-teshub-ccb .jet-button__instance{width:320px;height:56px;}.elementor-element.elementor-element-iwgw-teshub-ccb .jet-button__state-normal .jet-button__label{text-align:center;margin:0px 0px 0px 0px;color:#1a1b20;font-family:Montserrat,sans-serif;font-size:13px;font-weight:400;letter-spacing:4px;line-height:1.714em;text-transform:uppercase;}.elementor-element.elementor-element-iwgw-teshub-ccb .jet-button__state-hover .jet-button__label{text-align:center;margin:0px 0px 0px 0px;color:#FECC76;font-family:Montserrat,sans-serif;font-size:13px;font-weight:400;letter-spacing:4px;line-height:1.714em;text-transform:uppercase;}.elementor-element.elementor-element-iwgw-teshub-ccb .jet-button__plane-normal{background-color:#FECC76;border-style:solid;border-color:#C99540;border-width:2px 2px 2px 2px;}.elementor-element.elementor-element-iwgw-teshub-ccb .jet-button__plane-hover{background-color:rgba(0,0,0,0.55);border-style:solid;border-color:#FECC76;border-width:2px 2px 2px 2px;}<\/style>\t\t\t\t<\/div>\n\t\t\t\t<\/div>\n\t\t\t\t<div class=\"elementor-element elementor-element-iwgw-teshub-ccd elementor-widget elementor-widget-text-editor\" data-id=\"iwgw-teshub-ccd\" data-element_type=\"widget\" data-e-type=\"widget\" data-widget_type=\"text-editor.default\">\n\t\t\t\t\t\t\t\t\t<div data-nosnippet=\"true\"><p style=\"text-align:center;font-size:13px;opacity:0.7;margin-top:14px\" data-nosnippet=\"true\">Pers\u00f3nuleg reynsla getur veri\u00f0 mismunandi. Ekki l\u00e6kningat\u00e6ki. Engin lofor\u00f0 um l\u00e6kningu.<\/p><\/div>\t\t\t\t\t\t\t\t<\/div>\n\t\t\t\t\t<\/div>\n\t\t\t\t<\/div>\n\t\t\t\t\t<\/div>\n\t\t\t\t<\/div>\n\t\t<div class=\"elementor-element elementor-element-iwgw-teshub-disc e-flex e-con-boxed e-con e-parent\" data-id=\"iwgw-teshub-disc\" data-element_type=\"container\" data-e-type=\"container\">\n\t\t\t\t\t<div class=\"e-con-inner\">\n\t\t\t\t<div class=\"elementor-element elementor-element-iwgw-teshub-discw elementor-widget elementor-widget-html\" data-id=\"iwgw-teshub-discw\" data-element_type=\"widget\" data-e-type=\"widget\" data-widget_type=\"html.default\">\n\t\t\t\t\t<footer data-nosnippet=\"true\" class=\"iwg-disclaimer-block\"><p data-nosnippet=\"true\">iWell Guard er <strong>ekki l\u00e6kningat\u00e6ki<\/strong> og kemur ekki \u00ed sta\u00f0inn fyrir l\u00e6knis- e\u00f0a s\u00e1lfr\u00e6\u00f0ime\u00f0fer\u00f0. Tr\u00faarfr\u00e6\u00f0ilegt efni er menningars\u00f6gulegt samhengi, ekki r\u00e1\u00f0legging um andlega i\u00f0kun.<\/p><\/footer>\t\t\t\t<\/div>\n\t\t\t\t\t<\/div>\n\t\t\t\t<\/div>\n\t\t\t\t<\/div>\n\t\t","protected":false},"excerpt":{"rendered":"","protected":false},"author":3,"featured_media":2843,"parent":0,"menu_order":0,"comment_status":"closed","ping_status":"closed","template":"elementor_header_footer","meta":{"_yoast_wpseo_focuskw":"Teshub hurr\u00edt\u00edskur ve\u00f0urgu\u00f0","_yoast_wpseo_title":"Teshub \u2013 Hurr\u00edt\u00edskur ve\u00f0urgu\u00f0, go\u00f0s\u00f6gn og d\u00fdrkun","_yoast_wpseo_metadesc":"Teshub er hurr\u00edt\u00edskur ve\u00f0urgu\u00f0 sem \u00ed K\u00famarb\u00ed-hringnum kemur \u00e1 stj\u00f3rn gu\u00f0anna. Tr\u00faarfr\u00e6\u00f0ileg greining me\u00f0 heimildum.","_yoast_wpseo_meta-robots-noindex":"","_yoast_wpseo_canonical":"","_angie_page":false,"gefaehrdungsstufe":"3","wesen_kultur":"hethitisch","wesen_klasse":"goetter","footnotes":""},"categories":[],"class_list":["post-168963","page","type-page","status-publish","has-post-thumbnail","hentry"],"yoast_head":"<!-- This site is optimized with the Yoast SEO Premium plugin v27.7 (Yoast SEO v28.3) - https:\/\/yoast.com\/product\/yoast-seo-premium-wordpress\/ -->\n<title>Teshub \u2013 Hurr\u00edt\u00edskur ve\u00f0urgu\u00f0, go\u00f0s\u00f6gn og d\u00fdrkun<\/title>\n<meta name=\"description\" content=\"Teshub er hurr\u00edt\u00edskur ve\u00f0urgu\u00f0 sem \u00ed K\u00famarb\u00ed-hringnum kemur \u00e1 stj\u00f3rn gu\u00f0anna. Tr\u00faarfr\u00e6\u00f0ileg greining me\u00f0 heimildum.\" \/>\n<meta name=\"robots\" content=\"index, follow, max-snippet:-1, max-image-preview:large, max-video-preview:-1\" \/>\n<link rel=\"canonical\" href=\"https:\/\/iwell-guard.com\/is\/teshub-hurritiskur-vedurgud\/\" \/>\n<meta property=\"og:locale\" content=\"is_IS\" \/>\n<meta property=\"og:type\" content=\"article\" \/>\n<meta property=\"og:title\" content=\"Teshub \u2013 Hurr\u00edt\u00edskur ve\u00f0urgu\u00f0\" \/>\n<meta property=\"og:description\" content=\"Teshub er hurr\u00edt\u00edskur ve\u00f0urgu\u00f0 sem \u00ed K\u00famarb\u00ed-hringnum kemur \u00e1 stj\u00f3rn gu\u00f0anna. Tr\u00faarfr\u00e6\u00f0ileg greining me\u00f0 heimildum.\" \/>\n<meta property=\"og:url\" content=\"https:\/\/iwell-guard.com\/is\/teshub-hurritiskur-vedurgud\/\" \/>\n<meta property=\"og:site_name\" content=\"iWell Guard\" \/>\n<meta property=\"article:modified_time\" content=\"2026-09-05T14:27:14+00:00\" \/>\n<meta property=\"og:image\" content=\"https:\/\/iwell-guard.com\/wp-content\/uploads\/2026\/05\/goetter_hethitisch_teshub.webp\" \/>\n\t<meta property=\"og:image:width\" content=\"1024\" \/>\n\t<meta property=\"og:image:height\" content=\"1536\" \/>\n\t<meta property=\"og:image:type\" content=\"image\/webp\" \/>\n<meta name=\"twitter:card\" content=\"summary_large_image\" \/>\n<script type=\"application\/ld+json\" class=\"yoast-schema-graph\">{\"@context\":\"https:\\\/\\\/schema.org\",\"@graph\":[{\"@type\":\"WebPage\",\"@id\":\"https:\\\/\\\/iwell-guard.com\\\/is\\\/teshub-hurritiskur-vedurgud\\\/\",\"url\":\"https:\\\/\\\/iwell-guard.com\\\/is\\\/teshub-hurritiskur-vedurgud\\\/\",\"name\":\"Teshub \u2013 Hurr\u00edt\u00edskur ve\u00f0urgu\u00f0, go\u00f0s\u00f6gn og d\u00fdrkun\",\"isPartOf\":{\"@id\":\"https:\\\/\\\/iwell-guard.com\\\/is\\\/#website\"},\"primaryImageOfPage\":{\"@id\":\"https:\\\/\\\/iwell-guard.com\\\/is\\\/teshub-hurritiskur-vedurgud\\\/#primaryimage\"},\"image\":{\"@id\":\"https:\\\/\\\/iwell-guard.com\\\/is\\\/teshub-hurritiskur-vedurgud\\\/#primaryimage\"},\"thumbnailUrl\":\"https:\\\/\\\/iwell-guard.com\\\/wp-content\\\/uploads\\\/2026\\\/05\\\/goetter_hethitisch_teshub.webp\",\"datePublished\":\"2026-09-05T14:04:25+00:00\",\"dateModified\":\"2026-09-05T14:27:14+00:00\",\"description\":\"Teshub er hurr\u00edt\u00edskur ve\u00f0urgu\u00f0 sem \u00ed K\u00famarb\u00ed-hringnum kemur \u00e1 stj\u00f3rn gu\u00f0anna. Tr\u00faarfr\u00e6\u00f0ileg greining me\u00f0 heimildum.\",\"breadcrumb\":{\"@id\":\"https:\\\/\\\/iwell-guard.com\\\/is\\\/teshub-hurritiskur-vedurgud\\\/#breadcrumb\"},\"inLanguage\":\"is\",\"potentialAction\":[{\"@type\":\"ReadAction\",\"target\":[\"https:\\\/\\\/iwell-guard.com\\\/is\\\/teshub-hurritiskur-vedurgud\\\/\"]}]},{\"@type\":\"ImageObject\",\"inLanguage\":\"is\",\"@id\":\"https:\\\/\\\/iwell-guard.com\\\/is\\\/teshub-hurritiskur-vedurgud\\\/#primaryimage\",\"url\":\"https:\\\/\\\/iwell-guard.com\\\/wp-content\\\/uploads\\\/2026\\\/05\\\/goetter_hethitisch_teshub.webp\",\"contentUrl\":\"https:\\\/\\\/iwell-guard.com\\\/wp-content\\\/uploads\\\/2026\\\/05\\\/goetter_hethitisch_teshub.webp\",\"width\":1024,\"height\":1536,\"caption\":\"Gu\u00f0ir \u00far het\u00edta-hef\u00f0inni.\"},{\"@type\":\"BreadcrumbList\",\"@id\":\"https:\\\/\\\/iwell-guard.com\\\/is\\\/teshub-hurritiskur-vedurgud\\\/#breadcrumb\",\"itemListElement\":[{\"@type\":\"ListItem\",\"position\":1,\"name\":\"Start\",\"item\":\"https:\\\/\\\/iwell-guard.com\\\/is\\\/?page_id=168580\"},{\"@type\":\"ListItem\",\"position\":2,\"name\":\"Teshub \u2013 Hurr\u00edt\u00edskur ve\u00f0urgu\u00f0\"}]},{\"@type\":\"WebSite\",\"@id\":\"https:\\\/\\\/iwell-guard.com\\\/is\\\/#website\",\"url\":\"https:\\\/\\\/iwell-guard.com\\\/is\\\/\",\"name\":\"iWell Guard\",\"description\":\"Schutz vor dunklen Einfl\u00fcssen\",\"publisher\":{\"@id\":\"https:\\\/\\\/iwell-guard.com\\\/is\\\/#organization\"},\"potentialAction\":[{\"@type\":\"SearchAction\",\"target\":{\"@type\":\"EntryPoint\",\"urlTemplate\":\"https:\\\/\\\/iwell-guard.com\\\/is\\\/?s={search_term_string}\"},\"query-input\":{\"@type\":\"PropertyValueSpecification\",\"valueRequired\":true,\"valueName\":\"search_term_string\"}}],\"inLanguage\":\"is\"},{\"@type\":\"Organization\",\"@id\":\"https:\\\/\\\/iwell-guard.com\\\/is\\\/#organization\",\"name\":\"Ittermann electronic GmbH\",\"url\":\"https:\\\/\\\/iwell-guard.com\\\/is\\\/\",\"logo\":{\"@type\":\"ImageObject\",\"inLanguage\":\"is\",\"@id\":\"https:\\\/\\\/iwell-guard.com\\\/is\\\/#\\\/schema\\\/logo\\\/image\\\/\",\"url\":\"https:\\\/\\\/iwell-guard.com\\\/wp-content\\\/uploads\\\/2026\\\/05\\\/Ittermann-Logo-1182x237-1.png\",\"contentUrl\":\"https:\\\/\\\/iwell-guard.com\\\/wp-content\\\/uploads\\\/2026\\\/05\\\/Ittermann-Logo-1182x237-1.png\",\"width\":1182,\"height\":237,\"caption\":\"Ittermann electronic GmbH\"},\"image\":{\"@id\":\"https:\\\/\\\/iwell-guard.com\\\/is\\\/#\\\/schema\\\/logo\\\/image\\\/\"},\"sameAs\":[\"https:\\\/\\\/pantip.com\\\/profile\\\/9367242\",\"https:\\\/\\\/micro.blog\\\/iwellguard\",\"https:\\\/\\\/www.diggerslist.com\\\/iwellguard\\\/about\",\"https:\\\/\\\/skitterphoto.com\\\/photographers\\\/2870314\\\/iwell-guard\",\"https:\\\/\\\/iwellguard.wordpress.com\\\/2026\\\/06\\\/06\\\/iwell-guard\\\/\",\"https:\\\/\\\/hub.docker.com\\\/u\\\/iwellguard\",\"https:\\\/\\\/www.pinterest.com\\\/iwellguard\\\/\",\"https:\\\/\\\/bit.ly\\\/m\\\/iwellguard\",\"https:\\\/\\\/entre-vos-mains.alsace.eu\\\/profiles\\\/iwellguard\\\/activity\",\"https:\\\/\\\/gravatar.com\\\/reallybeded8fd34\",\"https:\\\/\\\/naijamatta.com\\\/iwellguard\",\"https:\\\/\\\/www.goodreads.com\\\/iwellguard\",\"https:\\\/\\\/profile.hatena.ne.jp\\\/iwellguard\\\/\",\"https:\\\/\\\/experiment.com\\\/users\\\/iwellguard\",\"https:\\\/\\\/wakelet.com\\\/@iWellGuard82270\",\"https:\\\/\\\/www.chordie.com\\\/forum\\\/profile.php?id=2555664\",\"https:\\\/\\\/www.instapaper.com\\\/p\\\/17757966\",\"https:\\\/\\\/www.mapleprimes.com\\\/users\\\/iwellguard\",\"https:\\\/\\\/businesslistingplus.com\\\/profile\\\/iwell-guard\\\/\",\"https:\\\/\\\/telegra.ph\\\/iWell-Guard-06-06\",\"https:\\\/\\\/pbase.com\\\/iwellguard\\\/iwellguard\",\"https:\\\/\\\/b.hatena.ne.jp\\\/iwellguard\\\/20260607#bookmark-4788405196491818882\",\"https:\\\/\\\/fliphtml5.com\\\/home\\\/iwellguard\",\"https:\\\/\\\/anyflip.com\\\/homepage\\\/cmiwl#About\",\"https:\\\/\\\/transfur.com\\\/Users\\\/iwellguard\",\"http:\\\/\\\/delphi.larsbo.org\\\/user\\\/iwellguard\",\"https:\\\/\\\/jobs.lajobsportal.org\\\/profiles\\\/8380803-iwell-guard\",\"https:\\\/\\\/md.chaosdorf.de\\\/s\\\/jfbe5SBdJD\",\"https:\\\/\\\/www.lingvolive.com\\\/en-us\\\/profile\\\/9ecaeaca-ce11-4e51-9e71-01d55e2bff36\\\/translations\",\"https:\\\/\\\/www.fitday.com\\\/fitness\\\/forums\\\/members\\\/iwellguard.html\",\"https:\\\/\\\/www.mymeetbook.com\\\/iwellguard\",\"https:\\\/\\\/pxhere.com\\\/en\\\/photographer-me\\\/5040798\",\"https:\\\/\\\/disqus.com\\\/by\\\/iwellguard\\\/about\\\/\",\"https:\\\/\\\/pastelink.net\\\/hjwciqwq\",\"https:\\\/\\\/pubhtml5.com\\\/homepage\\\/scjhn\\\/\",\"https:\\\/\\\/www.bitchute.com\\\/channel\\\/2O2eOKzNqujT\",\"https:\\\/\\\/audiomack.com\\\/iwellguard\"]},{\"@type\":\"Article\",\"@id\":\"https:\\\/\\\/iwell-guard.com\\\/is\\\/teshub-hurritiskur-vedurgud\\\/#article\",\"isPartOf\":{\"@id\":\"https:\\\/\\\/iwell-guard.com\\\/is\\\/teshub-hurritiskur-vedurgud\\\/\"},\"author\":{\"name\":\"Ralf Ittermann\",\"@id\":\"https:\\\/\\\/iwell-guard.com\\\/is\\\/#\\\/schema\\\/person\\\/ee2a27f1cac3406c7c6fb5820cb7349f\"},\"headline\":\"Teshub \u2013 Hurr\u00edt\u00edskur ve\u00f0urgu\u00f0\",\"datePublished\":\"2026-09-05T14:04:25+00:00\",\"dateModified\":\"2026-09-05T14:27:14+00:00\",\"mainEntityOfPage\":{\"@id\":\"https:\\\/\\\/iwell-guard.com\\\/is\\\/teshub-hurritiskur-vedurgud\\\/\"},\"publisher\":{\"@id\":\"https:\\\/\\\/iwell-guard.com\\\/is\\\/#organization\"},\"image\":{\"@id\":\"https:\\\/\\\/iwell-guard.com\\\/is\\\/teshub-hurritiskur-vedurgud\\\/#primaryimage\"},\"thumbnailUrl\":\"https:\\\/\\\/iwell-guard.com\\\/wp-content\\\/uploads\\\/2026\\\/05\\\/goetter_hethitisch_teshub.webp\",\"inLanguage\":\"is\",\"description\":\"Teshub er hurr\u00edt\u00edskur ve\u00f0urgu\u00f0 sem \u00ed K\u00famarb\u00ed-hringnum kemur \u00e1 stj\u00f3rn gu\u00f0anna. Tr\u00faarfr\u00e6\u00f0ileg greining me\u00f0 heimildum.\"}]}<\/script>\n<!-- \/ Yoast SEO Premium plugin. -->","yoast_head_json":{"title":"Teshub \u2013 Hurr\u00edt\u00edskur ve\u00f0urgu\u00f0, go\u00f0s\u00f6gn og d\u00fdrkun","description":"Teshub er hurr\u00edt\u00edskur ve\u00f0urgu\u00f0 sem \u00ed K\u00famarb\u00ed-hringnum kemur \u00e1 stj\u00f3rn gu\u00f0anna. Tr\u00faarfr\u00e6\u00f0ileg greining me\u00f0 heimildum.","robots":{"index":"index","follow":"follow","max-snippet":"max-snippet:-1","max-image-preview":"max-image-preview:large","max-video-preview":"max-video-preview:-1"},"canonical":"https:\/\/iwell-guard.com\/is\/teshub-hurritiskur-vedurgud\/","og_locale":"is_IS","og_type":"article","og_title":"Teshub \u2013 Hurr\u00edt\u00edskur ve\u00f0urgu\u00f0","og_description":"Teshub er hurr\u00edt\u00edskur ve\u00f0urgu\u00f0 sem \u00ed K\u00famarb\u00ed-hringnum kemur \u00e1 stj\u00f3rn gu\u00f0anna. Tr\u00faarfr\u00e6\u00f0ileg greining me\u00f0 heimildum.","og_url":"https:\/\/iwell-guard.com\/is\/teshub-hurritiskur-vedurgud\/","og_site_name":"iWell Guard","article_modified_time":"2026-09-05T14:27:14+00:00","og_image":[{"width":1024,"height":1536,"url":"https:\/\/iwell-guard.com\/wp-content\/uploads\/2026\/05\/goetter_hethitisch_teshub.webp","type":"image\/webp"}],"twitter_card":"summary_large_image","schema":{"@context":"https:\/\/schema.org","@graph":[{"@type":"Article","@id":"https:\/\/iwell-guard.com\/is\/teshub-hurritiskur-vedurgud\/#article","isPartOf":{"@id":"https:\/\/iwell-guard.com\/is\/teshub-hurritiskur-vedurgud\/"},"author":{"name":"Ralf Ittermann","@id":"https:\/\/iwell-guard.com\/is\/#\/schema\/person\/ee2a27f1cac3406c7c6fb5820cb7349f"},"headline":"Teshub \u2013 Hurr\u00edt\u00edskur ve\u00f0urgu\u00f0","datePublished":"2026-09-05T14:04:25+00:00","dateModified":"2026-09-05T14:27:14+00:00","mainEntityOfPage":{"@id":"https:\/\/iwell-guard.com\/is\/teshub-hurritiskur-vedurgud\/"},"publisher":{"@id":"https:\/\/iwell-guard.com\/is\/#organization"},"image":{"@id":"https:\/\/iwell-guard.com\/is\/teshub-hurritiskur-vedurgud\/#primaryimage"},"thumbnailUrl":"https:\/\/iwell-guard.com\/wp-content\/uploads\/2026\/05\/goetter_hethitisch_teshub.webp","inLanguage":"is","description":"Teshub er hurr\u00edt\u00edskur ve\u00f0urgu\u00f0 sem \u00ed K\u00famarb\u00ed-hringnum kemur \u00e1 stj\u00f3rn gu\u00f0anna. Tr\u00faarfr\u00e6\u00f0ileg greining me\u00f0 heimildum."},{"@type":"WebPage","@id":"https:\/\/iwell-guard.com\/is\/teshub-hurritiskur-vedurgud\/","url":"https:\/\/iwell-guard.com\/is\/teshub-hurritiskur-vedurgud\/","name":"Teshub \u2013 Hurr\u00edt\u00edskur ve\u00f0urgu\u00f0, go\u00f0s\u00f6gn og d\u00fdrkun","isPartOf":{"@id":"https:\/\/iwell-guard.com\/is\/#website"},"primaryImageOfPage":{"@id":"https:\/\/iwell-guard.com\/is\/teshub-hurritiskur-vedurgud\/#primaryimage"},"image":{"@id":"https:\/\/iwell-guard.com\/is\/teshub-hurritiskur-vedurgud\/#primaryimage"},"thumbnailUrl":"https:\/\/iwell-guard.com\/wp-content\/uploads\/2026\/05\/goetter_hethitisch_teshub.webp","datePublished":"2026-09-05T14:04:25+00:00","dateModified":"2026-09-05T14:27:14+00:00","description":"Teshub er hurr\u00edt\u00edskur ve\u00f0urgu\u00f0 sem \u00ed K\u00famarb\u00ed-hringnum kemur \u00e1 stj\u00f3rn gu\u00f0anna. Tr\u00faarfr\u00e6\u00f0ileg greining me\u00f0 heimildum.","breadcrumb":{"@id":"https:\/\/iwell-guard.com\/is\/teshub-hurritiskur-vedurgud\/#breadcrumb"},"inLanguage":"is","potentialAction":[{"@type":"ReadAction","target":["https:\/\/iwell-guard.com\/is\/teshub-hurritiskur-vedurgud\/"]}]},{"@type":"ImageObject","inLanguage":"is","@id":"https:\/\/iwell-guard.com\/is\/teshub-hurritiskur-vedurgud\/#primaryimage","url":"https:\/\/iwell-guard.com\/wp-content\/uploads\/2026\/05\/goetter_hethitisch_teshub.webp","contentUrl":"https:\/\/iwell-guard.com\/wp-content\/uploads\/2026\/05\/goetter_hethitisch_teshub.webp","width":1024,"height":1536,"caption":"Gu\u00f0ir \u00far het\u00edta-hef\u00f0inni."},{"@type":"BreadcrumbList","@id":"https:\/\/iwell-guard.com\/is\/teshub-hurritiskur-vedurgud\/#breadcrumb","itemListElement":[{"@type":"ListItem","position":1,"name":"Start","item":"https:\/\/iwell-guard.com\/is\/?page_id=168580"},{"@type":"ListItem","position":2,"name":"Teshub \u2013 Hurr\u00edt\u00edskur ve\u00f0urgu\u00f0"}]},{"@type":"WebSite","@id":"https:\/\/iwell-guard.com\/is\/#website","url":"https:\/\/iwell-guard.com\/is\/","name":"iWell Guard","description":"Schutz vor dunklen Einfl\u00fcssen","publisher":{"@id":"https:\/\/iwell-guard.com\/is\/#organization"},"potentialAction":[{"@type":"SearchAction","target":{"@type":"EntryPoint","urlTemplate":"https:\/\/iwell-guard.com\/is\/?s={search_term_string}"},"query-input":{"@type":"PropertyValueSpecification","valueRequired":true,"valueName":"search_term_string"}}],"inLanguage":"is"},{"@type":"Organization","@id":"https:\/\/iwell-guard.com\/is\/#organization","name":"Ittermann electronic GmbH","url":"https:\/\/iwell-guard.com\/is\/","logo":{"@type":"ImageObject","inLanguage":"is","@id":"https:\/\/iwell-guard.com\/is\/#\/schema\/logo\/image\/","url":"https:\/\/iwell-guard.com\/wp-content\/uploads\/2026\/05\/Ittermann-Logo-1182x237-1.png","contentUrl":"https:\/\/iwell-guard.com\/wp-content\/uploads\/2026\/05\/Ittermann-Logo-1182x237-1.png","width":1182,"height":237,"caption":"Ittermann electronic GmbH"},"image":{"@id":"https:\/\/iwell-guard.com\/is\/#\/schema\/logo\/image\/"},"sameAs":["https:\/\/pantip.com\/profile\/9367242","https:\/\/micro.blog\/iwellguard","https:\/\/www.diggerslist.com\/iwellguard\/about","https:\/\/skitterphoto.com\/photographers\/2870314\/iwell-guard","https:\/\/iwellguard.wordpress.com\/2026\/06\/06\/iwell-guard\/","https:\/\/hub.docker.com\/u\/iwellguard","https:\/\/www.pinterest.com\/iwellguard\/","https:\/\/bit.ly\/m\/iwellguard","https:\/\/entre-vos-mains.alsace.eu\/profiles\/iwellguard\/activity","https:\/\/gravatar.com\/reallybeded8fd34","https:\/\/naijamatta.com\/iwellguard","https:\/\/www.goodreads.com\/iwellguard","https:\/\/profile.hatena.ne.jp\/iwellguard\/","https:\/\/experiment.com\/users\/iwellguard","https:\/\/wakelet.com\/@iWellGuard82270","https:\/\/www.chordie.com\/forum\/profile.php?id=2555664","https:\/\/www.instapaper.com\/p\/17757966","https:\/\/www.mapleprimes.com\/users\/iwellguard","https:\/\/businesslistingplus.com\/profile\/iwell-guard\/","https:\/\/telegra.ph\/iWell-Guard-06-06","https:\/\/pbase.com\/iwellguard\/iwellguard","https:\/\/b.hatena.ne.jp\/iwellguard\/20260607#bookmark-4788405196491818882","https:\/\/fliphtml5.com\/home\/iwellguard","https:\/\/anyflip.com\/homepage\/cmiwl#About","https:\/\/transfur.com\/Users\/iwellguard","http:\/\/delphi.larsbo.org\/user\/iwellguard","https:\/\/jobs.lajobsportal.org\/profiles\/8380803-iwell-guard","https:\/\/md.chaosdorf.de\/s\/jfbe5SBdJD","https:\/\/www.lingvolive.com\/en-us\/profile\/9ecaeaca-ce11-4e51-9e71-01d55e2bff36\/translations","https:\/\/www.fitday.com\/fitness\/forums\/members\/iwellguard.html","https:\/\/www.mymeetbook.com\/iwellguard","https:\/\/pxhere.com\/en\/photographer-me\/5040798","https:\/\/disqus.com\/by\/iwellguard\/about\/","https:\/\/pastelink.net\/hjwciqwq","https:\/\/pubhtml5.com\/homepage\/scjhn\/","https:\/\/www.bitchute.com\/channel\/2O2eOKzNqujT","https:\/\/audiomack.com\/iwellguard"]},{"@type":"Person","@id":"https:\/\/iwell-guard.com\/is\/#\/schema\/person\/ee2a27f1cac3406c7c6fb5820cb7349f","name":"Ralf Ittermann","image":{"@type":"ImageObject","inLanguage":"is","@id":"https:\/\/secure.gravatar.com\/avatar\/073c0153e350a5005b68eb752b445fea71f6b24a26da9449ad7e155e6b446c9d?s=96&d=mm&r=g","url":"https:\/\/secure.gravatar.com\/avatar\/073c0153e350a5005b68eb752b445fea71f6b24a26da9449ad7e155e6b446c9d?s=96&d=mm&r=g","contentUrl":"https:\/\/secure.gravatar.com\/avatar\/073c0153e350a5005b68eb752b445fea71f6b24a26da9449ad7e155e6b446c9d?s=96&d=mm&r=g","caption":"Ralf Ittermann"},"givenName":"Ralf","familyName":"Ittermann","jobTitle":"Gesch\u00e4ftsf\u00fchrer und redaktioneller Verantwortlicher","url":"https:\/\/iwell-guard.com\/is\/author\/claude\/","description":"Ralf Ittermann ist Gesch\u00e4ftsf\u00fchrer der Ittermann electronic GmbH und redaktioneller Verantwortlicher des iWell-Guard-Lexikons. Er verbindet langj\u00e4hrige Erfahrung in der Pr\u00e4zisionsfertigung mit medialer Praxis und religionsgeschichtlicher Quellenarbeit.","worksFor":{"@type":"Organization","name":"Ittermann electronic GmbH","url":"https:\/\/ittermann.de\/","address":{"@type":"PostalAddress","streetAddress":"K\u00f6hlergasse 16-18","postalCode":"99842","addressLocality":"Ruhla","addressCountry":"DE"}},"knowsAbout":["Religionsgeschichte","Mythologie","Mediale Praxis","Energetische Diagnostik","Schutzpraxis","Volksglauben","Westliche Esoterik"]},{"@type":"Article","@id":"https:\/\/iwell-guard.com\/is\/teshub-hurritiskur-vedurgud\/#article","isPartOf":{"@id":"https:\/\/iwell-guard.com\/is\/teshub-hurritiskur-vedurgud\/"},"author":{"name":"Ralf Ittermann","@id":"https:\/\/iwell-guard.com\/is\/#\/schema\/person\/ee2a27f1cac3406c7c6fb5820cb7349f"},"headline":"Teshub \u2013 Hurr\u00edt\u00edskur ve\u00f0urgu\u00f0","datePublished":"2026-09-05T14:04:25+00:00","dateModified":"2026-09-05T14:27:14+00:00","mainEntityOfPage":{"@id":"https:\/\/iwell-guard.com\/is\/teshub-hurritiskur-vedurgud\/"},"publisher":{"@id":"https:\/\/iwell-guard.com\/is\/#organization"},"image":{"@id":"https:\/\/iwell-guard.com\/is\/teshub-hurritiskur-vedurgud\/#primaryimage"},"thumbnailUrl":"https:\/\/iwell-guard.com\/wp-content\/uploads\/2026\/05\/goetter_hethitisch_teshub.webp","inLanguage":"is","description":"Teshub er hurr\u00edt\u00edskur ve\u00f0urgu\u00f0 sem \u00ed K\u00famarb\u00ed-hringnum kemur \u00e1 stj\u00f3rn gu\u00f0anna. Tr\u00faarfr\u00e6\u00f0ileg greining me\u00f0 heimildum."}]}},"_links":{"self":[{"href":"https:\/\/iwell-guard.com\/is\/wp-json\/wp\/v2\/pages\/168963","targetHints":{"allow":["GET"]}}],"collection":[{"href":"https:\/\/iwell-guard.com\/is\/wp-json\/wp\/v2\/pages"}],"about":[{"href":"https:\/\/iwell-guard.com\/is\/wp-json\/wp\/v2\/types\/page"}],"author":[{"embeddable":true,"href":"https:\/\/iwell-guard.com\/is\/wp-json\/wp\/v2\/users\/3"}],"replies":[{"embeddable":true,"href":"https:\/\/iwell-guard.com\/is\/wp-json\/wp\/v2\/comments?post=168963"}],"version-history":[{"count":0,"href":"https:\/\/iwell-guard.com\/is\/wp-json\/wp\/v2\/pages\/168963\/revisions"}],"wp:featuredmedia":[{"embeddable":true,"href":"https:\/\/iwell-guard.com\/is\/wp-json\/wp\/v2\/media\/2843"}],"wp:attachment":[{"href":"https:\/\/iwell-guard.com\/is\/wp-json\/wp\/v2\/media?parent=168963"}],"wp:term":[{"taxonomy":"category","embeddable":true,"href":"https:\/\/iwell-guard.com\/is\/wp-json\/wp\/v2\/categories?post=168963"}],"curies":[{"name":"wp","href":"https:\/\/api.w.org\/{rel}","templated":true}]}}