{"id":168961,"date":"2026-09-05T14:04:24","date_gmt":"2026-09-05T14:04:24","guid":{"rendered":"https:\/\/iwell-guard.com\/?page_id=168961"},"modified":"2026-09-05T14:27:09","modified_gmt":"2026-09-05T14:27:09","slug":"telipinu-grodurgud-hetita","status":"publish","type":"page","link":"https:\/\/iwell-guard.com\/is\/telipinu-grodurgud-hetita\/","title":{"rendered":"Telipinu \u2013 gr\u00f3\u00f0urgu\u00f0 Het\u00edta"},"content":{"rendered":"\t\t<div data-elementor-type=\"wp-page\" data-elementor-id=\"168961\" class=\"elementor elementor-168961 elementor-2616 elementor-bc-flex-widget\" data-elementor-post-type=\"page\">\n\t\t\t\t<div class=\"elementor-element elementor-element-iwgw-telipinu-hero e-flex e-con-boxed e-con e-parent\" data-id=\"iwgw-telipinu-hero\" data-element_type=\"container\" data-e-type=\"container\" data-settings=\"{&quot;background_background&quot;:&quot;classic&quot;}\">\n\t\t\t\t\t<div class=\"e-con-inner\">\n\t\t<div class=\"elementor-element elementor-element-iwgw-telipinu-hl e-flex e-con-boxed e-con e-child\" data-id=\"iwgw-telipinu-hl\" data-element_type=\"container\" data-e-type=\"container\">\n\t\t\t\t\t<div class=\"e-con-inner\">\n\t\t<div class=\"elementor-element elementor-element-iwgw-telipinu-htxt e-con-full e-flex e-con e-child\" data-id=\"iwgw-telipinu-htxt\" data-element_type=\"container\" data-e-type=\"container\">\n\t\t\t\t<div class=\"elementor-element elementor-element-iwgw-telipinu-h1 elementor-widget elementor-widget-heading\" data-id=\"iwgw-telipinu-h1\" data-element_type=\"widget\" data-e-type=\"widget\" data-widget_type=\"heading.default\">\n\t\t\t\t\t<h1 class=\"elementor-heading-title elementor-size-default\">Telipinu, het\u00edt\u00edskur gr\u00f3\u00f0urgu\u00f0 og sonurinn sem hvarf<\/h1>\t\t\t\t<\/div>\n\t\t\t\t<div class=\"elementor-element elementor-element-iwgw-telipinu-lead elementor-widget elementor-widget-text-editor\" data-id=\"iwgw-telipinu-lead\" data-element_type=\"widget\" data-e-type=\"widget\" data-widget_type=\"text-editor.default\">\n\t\t\t\t\t\t\t\t\t<p>Telipinu, \u00e1 het\u00edt\u00edsku <em>Telipinu\u0161<\/em>, er sonur ve\u00f0urgu\u00f0sins <a href=\"https:\/\/iwell-guard.com\/is\/?page_id=168959\">Tarhunna<\/a> og einn af a\u00f0algu\u00f0um gr\u00f3\u00f0urs og frj\u00f3semi \u00ed het\u00edt\u00edska gu\u00f0aheiminum. Hvarf hans \u00ed rei\u00f0i lei\u00f0ir heiminn \u00e1 fremstu barmi hungursney\u00f0ar, en heimkoma hans f\u00e6rir aftur reglu og gr\u00f3anda.<\/p>\t\t\t\t\t\t\t\t<\/div>\n\t\t\t\t<\/div>\n\t\t<div class=\"elementor-element elementor-element-iwgw-telipinu-pillc e-con-full e-flex e-con e-child\" data-id=\"iwgw-telipinu-pillc\" data-element_type=\"container\" data-e-type=\"container\">\n\t\t\t\t<div class=\"elementor-element elementor-element-iwgw-telipinu-pills elementor-widget elementor-widget-html\" data-id=\"iwgw-telipinu-pills\" data-element_type=\"widget\" data-e-type=\"widget\" data-widget_type=\"html.default\">\n\t\t\t\t\t<div class=\"iwg-pill-row\"><span class=\"iwg-klasse-badge\" tabindex=\"0\" data-tooltip=\"Gu\u00f0 \u00far het\u00edt\u00edskri hef\u00f0.\">Gu\u00f0<\/span><a href=\"https:\/\/iwell-guard.com\/is\/hettitar-anatolia-tarhunna-vernd\/\" class=\"iwg-kultur-badge\" tabindex=\"0\" data-tooltip=\"Go\u00f0afr\u00e6\u00f0i het\u00edt\u00edskrar hef\u00f0ar.\">Het\u00edt\u00edsk<\/a><span class=\"iwg-tradition-badge\" tabindex=\"0\" data-tooltip=\"Gr\u00f3\u00f0urgu\u00f0.\">Gr\u00f3\u00f0urgu\u00f0<\/span><\/div>\t\t\t\t<\/div>\n\t\t\t\t<\/div>\n\t\t<div class=\"elementor-element elementor-element-iwgw-telipinu-tocc e-con-full e-flex e-con e-child\" data-id=\"iwgw-telipinu-tocc\" data-element_type=\"container\" data-e-type=\"container\">\n\t\t\t\t<div class=\"elementor-element elementor-element-iwgw-telipinu-toc elementor-toc--minimized-on-tablet elementor-widget elementor-widget-table-of-contents\" data-id=\"iwgw-telipinu-toc\" data-element_type=\"widget\" data-e-type=\"widget\" data-settings=\"{&quot;headings_by_tags&quot;:[&quot;h2&quot;,&quot;h3&quot;],&quot;minimize_box&quot;:&quot;yes&quot;,&quot;marker_view&quot;:&quot;bullets&quot;,&quot;no_headings_message&quot;:&quot;Engar undirfyrirsagnir fundust \\u00e1 \\u00feessari s\\u00ed\\u00f0u.&quot;,&quot;exclude_headings_by_selector&quot;:[],&quot;icon&quot;:{&quot;value&quot;:&quot;fas fa-circle&quot;,&quot;library&quot;:&quot;fa-solid&quot;,&quot;rendered_tag&quot;:&quot;&lt;svg class=\\&quot;e-font-icon-svg e-fas-circle\\&quot; viewBox=\\&quot;0 0 512 512\\&quot; xmlns=\\&quot;http:\\\/\\\/www.w3.org\\\/2000\\\/svg\\&quot;&gt;&lt;path d=\\&quot;M256 8C119 8 8 119 8 256s111 248 248 248 248-111 248-248S393 8 256 8z\\&quot;&gt;&lt;\\\/path&gt;&lt;\\\/svg&gt;&quot;},&quot;minimized_on&quot;:&quot;tablet&quot;,&quot;hierarchical_view&quot;:&quot;yes&quot;,&quot;min_height&quot;:{&quot;unit&quot;:&quot;px&quot;,&quot;size&quot;:&quot;&quot;,&quot;sizes&quot;:[]},&quot;min_height_tablet&quot;:{&quot;unit&quot;:&quot;px&quot;,&quot;size&quot;:&quot;&quot;,&quot;sizes&quot;:[]},&quot;min_height_mobile&quot;:{&quot;unit&quot;:&quot;px&quot;,&quot;size&quot;:&quot;&quot;,&quot;sizes&quot;:[]}}\" data-widget_type=\"table-of-contents.default\">\n\t\t\t\t\t\t\t\t\t<div class=\"elementor-toc__header\">\n\t\t\t\t\t\t<h2 class=\"elementor-toc__header-title\">\n\t\t\t\tEfnisyfirlit\t\t\t<\/h2>\n\t\t\t\t\t\t\t\t\t\t<div class=\"elementor-toc__toggle-button elementor-toc__toggle-button--expand\" role=\"button\" tabindex=\"0\" aria-controls=\"elementor-toc__iwgw-telipinu-toc\" aria-expanded=\"true\" aria-label=\"Open table of contents\"><svg aria-hidden=\"true\" class=\"e-font-icon-svg e-fas-chevron-down\" viewBox=\"0 0 448 512\" xmlns=\"http:\/\/www.w3.org\/2000\/svg\"><path d=\"M207.029 381.476L12.686 187.132c-9.373-9.373-9.373-24.569 0-33.941l22.667-22.667c9.357-9.357 24.522-9.375 33.901-.04L224 284.505l154.745-154.021c9.379-9.335 24.544-9.317 33.901.04l22.667 22.667c9.373 9.373 9.373 24.569 0 33.941L240.971 381.476c-9.373 9.372-24.569 9.372-33.942 0z\"><\/path><\/svg><\/div>\n\t\t\t\t<div class=\"elementor-toc__toggle-button elementor-toc__toggle-button--collapse\" role=\"button\" tabindex=\"0\" aria-controls=\"elementor-toc__iwgw-telipinu-toc\" aria-expanded=\"true\" aria-label=\"Close table of contents\"><svg aria-hidden=\"true\" class=\"e-font-icon-svg e-fas-chevron-up\" viewBox=\"0 0 448 512\" xmlns=\"http:\/\/www.w3.org\/2000\/svg\"><path d=\"M240.971 130.524l194.343 194.343c9.373 9.373 9.373 24.569 0 33.941l-22.667 22.667c-9.357 9.357-24.522 9.375-33.901.04L224 227.495 69.255 381.516c-9.379 9.335-24.544 9.317-33.901-.04l-22.667-22.667c-9.373-9.373-9.373-24.569 0-33.941L207.03 130.525c9.372-9.373 24.568-9.373 33.941-.001z\"><\/path><\/svg><\/div>\n\t\t\t\t\t<\/div>\n\t\t\t\t<div id=\"elementor-toc__iwgw-telipinu-toc\" class=\"elementor-toc__body\">\n\t\t\t<div class=\"elementor-toc__spinner-container\">\n\t\t\t\t<svg class=\"elementor-toc__spinner eicon-animation-spin e-font-icon-svg e-eicon-loading\" aria-hidden=\"true\" viewBox=\"0 0 1000 1000\" xmlns=\"http:\/\/www.w3.org\/2000\/svg\"><path d=\"M500 975V858C696 858 858 696 858 500S696 142 500 142 142 304 142 500H25C25 237 238 25 500 25S975 237 975 500 763 975 500 975Z\"><\/path><\/svg>\t\t\t<\/div>\n\t\t<\/div>\n\t\t\t\t\t\t<\/div>\n\t\t\t\t<\/div>\n\t\t\t\t\t<\/div>\n\t\t\t\t<\/div>\n\t\t<div class=\"elementor-element elementor-element-iwgw-telipinu-hr e-con-full e-flex e-con e-child\" data-id=\"iwgw-telipinu-hr\" data-element_type=\"container\" data-e-type=\"container\">\n\t\t\t\t<div class=\"elementor-element elementor-element-iwgw-telipinu-heroimg iwg-hero-image elementor-widget elementor-widget-image\" data-id=\"iwgw-telipinu-heroimg\" data-element_type=\"widget\" data-e-type=\"widget\" data-widget_type=\"image.default\">\n\t\t\t\t\t\t\t\t\t\t\t\t\t\t\t<img fetchpriority=\"high\" decoding=\"async\" width=\"683\" height=\"1024\" src=\"https:\/\/iwell-guard.com\/wp-content\/uploads\/2026\/05\/goetter_hethitisch_telipinu-683x1024.webp\" class=\"attachment-large size-large wp-image-170815\" alt=\"Telipinu - gu\u00f0 \u00far het\u00edtskri hef\u00f0, s\u00f6gulega myndskreytt\" srcset=\"https:\/\/iwell-guard.com\/wp-content\/uploads\/2026\/05\/goetter_hethitisch_telipinu-683x1024.webp 683w, https:\/\/iwell-guard.com\/wp-content\/uploads\/2026\/05\/goetter_hethitisch_telipinu-200x300.webp 200w, https:\/\/iwell-guard.com\/wp-content\/uploads\/2026\/05\/goetter_hethitisch_telipinu-768x1152.webp 768w, https:\/\/iwell-guard.com\/wp-content\/uploads\/2026\/05\/goetter_hethitisch_telipinu.webp 1024w\" sizes=\"(max-width: 683px) 100vw, 683px\" \/>\t\t\t\t\t\t\t\t\t\t\t\t\t\t\t<\/div>\n\t\t\t\t<\/div>\n\t\t\t\t\t<\/div>\n\t\t\t\t<\/div>\n\t\t<div class=\"elementor-element elementor-element-iwgw-telipinu-s0 e-flex e-con-boxed e-con e-parent\" data-id=\"iwgw-telipinu-s0\" data-element_type=\"container\" data-e-type=\"container\">\n\t\t\t\t\t<div class=\"e-con-inner\">\n\t\t\t\t<div class=\"elementor-element elementor-element-iwgw-telipinu-s0h elementor-widget elementor-widget-heading\" data-id=\"iwgw-telipinu-s0h\" data-element_type=\"widget\" data-e-type=\"widget\" data-widget_type=\"heading.default\">\n\t\t\t\t\t<h2 class=\"elementor-heading-title elementor-size-default\">Greining og skammrit<\/h2>\t\t\t\t<\/div>\n\t\t<div class=\"elementor-element elementor-element-iwgw-telipinu-s0c e-con-full e-flex e-con e-child\" data-id=\"iwgw-telipinu-s0c\" data-element_type=\"container\" data-e-type=\"container\">\n\t\t\t\t<div class=\"elementor-element elementor-element-iwgw-telipinu-s0t elementor-widget elementor-widget-text-editor\" data-id=\"iwgw-telipinu-s0t\" data-element_type=\"widget\" data-e-type=\"widget\" data-widget_type=\"text-editor.default\">\n\t\t\t\t\t\t\t\t\t<p>Telipinu tilheyrir yngri, go\u00f0s\u00f6gulega virkri kynsl\u00f3\u00f0 het\u00edt\u00edska gu\u00f0aheimsins. \u00d3l\u00edkt foreldrum s\u00ednum, <a href=\"https:\/\/iwell-guard.com\/is\/?page_id=168959\">Tarhunna<\/a> og <a href=\"https:\/\/iwell-guard.com\/is\/?page_id=168960\">s\u00f3largy\u00f0junni af Arinna<\/a>, er hann fyrst og fremst s\u00f6gupers\u00f3na; <span class=\"iwg-fachbegriff\" data-tooltip=\"Yfirlifu\u00f0 fr\u00e1s\u00f6gn um gu\u00f0i, uppruna og reglu heimsins.\" tabindex=\"0\">go\u00f0s\u00f6gnin<\/span> sem er nefnd eftir honum er eitt af \u00feekktustu verkum fornaustr\u00e6nnar fr\u00e1sagnarb\u00f3kmennta og er \u00ed \u00e6tt vi\u00f0 mes\u00f3p\u00f3tam\u00edska Dumuzi-<span class=\"iwg-fachbegriff\" data-tooltip=\"Yfirlifu\u00f0 fr\u00e1s\u00f6gn um gu\u00f0i, uppruna og reglu heimsins.\" tabindex=\"0\">go\u00f0s\u00f6gnina<\/span> og \u00fagar\u00edt\u00edska Baal-hringfer\u00f0ina.<\/p><p>Tr\u00faarfr\u00e6\u00f0ilega s\u00e9\u00f0 er Telipinu d\u00e6mi um hinn &#8216;horfna gu\u00f0&#8217; (<em>deus otiosus<\/em>-ger\u00f0in, \u00fe\u00f3 \u00ed t\u00edmabundinni \u00fatg\u00e1fu, ekki varanlegri). \u00deegar hann rei\u00f0ist og hverfur, \u00feornar gr\u00f3\u00f0ur, b\u00faf\u00e9 eignast ekki afkv\u00e6mi og gu\u00f0irnir sj\u00e1lfir hungra.<\/p><p>A\u00f0eins vanda\u00f0 sefjunarrit\u00faal f\u00e6rir hann til baka. <span class=\"iwg-fachbegriff\" data-tooltip=\"Yfirlifu\u00f0 fr\u00e1s\u00f6gn um gu\u00f0i, uppruna og reglu heimsins.\" tabindex=\"0\">Go\u00f0s\u00f6gnin<\/span> er \u00feannig gu\u00f0fr\u00e6\u00f0ileg \u00edhugun um h\u00e1\u00f0 heimsins af velvild gu\u00f0anna og um endurheimt tilfinningalegs jafnv\u00e6gis me\u00f0 rit\u00faal.<\/p><p>Trevor Bryce s\u00fdndi fram \u00e1 \u00ed <em>The Kingdom of the Hittites<\/em> (2005) a\u00f0 Telipinu haf\u00f0i sinn mikilv\u00e6gasta d\u00fdrkunarsta\u00f0 \u00ed hatt\u00edsk-het\u00edt\u00edska b\u00e6num Tawiniya (n\u00fa tali\u00f0 vera nor\u00f0an vi\u00f0 Bo\u011fazkale).<\/p><p>\u00cd r\u00edkisgu\u00f0aheiminum var hann ekki \u00e6\u00f0stur, en var \u00fe\u00f3 \u00f3missandi sem verndari uppskeru og frj\u00f3semi. Innan <a href=\"https:\/\/iwell-guard.com\/is\/hettitar-anatolia-tarhunna-vernd\/\">het\u00edt\u00edsku hef\u00f0arins<\/a> er hann einn af f\u00e1um gu\u00f0um \u00fear sem go\u00f0sagan var virk endurvakin \u00ed tr\u00faarlegri framkv\u00e6md.<\/p>\t\t\t\t\t\t\t\t<\/div>\n\t\t\t\t<\/div>\n\t\t\t\t\t<\/div>\n\t\t\t\t<\/div>\n\t\t<div class=\"elementor-element elementor-element-iwgw-telipinu-s1 e-flex e-con-boxed e-con e-parent\" data-id=\"iwgw-telipinu-s1\" data-element_type=\"container\" data-e-type=\"container\">\n\t\t\t\t\t<div class=\"e-con-inner\">\n\t\t\t\t<div class=\"elementor-element elementor-element-iwgw-telipinu-s1h elementor-widget elementor-widget-heading\" data-id=\"iwgw-telipinu-s1h\" data-element_type=\"widget\" data-e-type=\"widget\" data-widget_type=\"heading.default\">\n\t\t\t\t\t<h2 class=\"elementor-heading-title elementor-size-default\">Nafn og or\u00f0sifjar<\/h2>\t\t\t\t<\/div>\n\t\t<div class=\"elementor-element elementor-element-iwgw-telipinu-s1c e-con-full e-flex e-con e-child\" data-id=\"iwgw-telipinu-s1c\" data-element_type=\"container\" data-e-type=\"container\">\n\t\t\t\t<div class=\"elementor-element elementor-element-iwgw-telipinu-s1t elementor-widget elementor-widget-text-editor\" data-id=\"iwgw-telipinu-s1t\" data-element_type=\"widget\" data-e-type=\"widget\" data-widget_type=\"text-editor.default\">\n\t\t\t\t\t\t\t\t\t<p>Nafni\u00f0 Telipinu er af hatt\u00edskum uppruna. Volkert Haas endurger\u00f0i l\u00edklega merkingu \u00feess sem &#8216;st\u00f3ri sonurinn&#8217; \u00ed Geschichte der hethitischen Religion (1994). Samb\u00e6rilegt er hatt\u00edski hlutinn -pinu me\u00f0 merkingunni &#8216;sonur&#8217; e\u00f0a &#8216;drengur&#8217;, tengt forli\u00f0num teli- me\u00f0 merkingunni &#8216;sterkur, mikill&#8217;. \u00c1 het\u00edt\u00edsku kemur myndin Telipinu\u0161 fram me\u00f0 d\u00e6miger\u00f0ri nefnifallsendingu, en endingarlausa myndin Telipinu er algeng \u00ed n\u00fat\u00edmam\u00e1li.<\/p><p>Athyglisvert er a\u00f0 nafni\u00f0 er einnig sta\u00f0fest sem konungsnafn: Telipinu mikli konungur (um 1525, 1500 f.Kr.) gaf het\u00edt\u00edskri s\u00f6gu hina fr\u00e6gu Telipinu-tilskipun um konungserf\u00f0ir. \u00deessi nafnasamsv\u00f6run er ekki tilviljun: konungurinn bar nafn gu\u00f0sins sem tj\u00e1ning \u00e1 d\u00fdnast\u00edskri <span class=\"iwg-fachbegriff\" data-tooltip=\"Lifu\u00f0 tr\u00faarleg afsta\u00f0a og i\u00f0kun einstaklings.\" tabindex=\"0\">gu\u00f0r\u00e6kni<\/span> og tr\u00faarlegri tengingu.<\/p><p>\u00c1 l\u00fav\u00edsku kemur Telipinu sjaldnar fram og me\u00f0 minni tr\u00faarlegri \u00fe\u00fd\u00f0ingu; hatt\u00edsk-het\u00edt\u00edska hef\u00f0in m\u00f3ta\u00f0i hann traustlega. \u00cd merkjaritun kemur hann oft fram sem DTelipinu, \u00e1n s\u00famerskrar hugmyndamerkis, sem undirstrikar hreinan anat\u00f3lskan uppruna hans. Akkad\u00edsk e\u00f0a h\u00farr\u00edsk \u00fe\u00fd\u00f0ing \u00e1 nafninu er ekki var\u00f0veitt.<\/p>\t\t\t\t\t\t\t\t<\/div>\n\t\t\t\t<\/div>\n\t\t\t\t\t<\/div>\n\t\t\t\t<\/div>\n\t\t<div class=\"elementor-element elementor-element-iwgw-telipinu-s2 e-flex e-con-boxed e-con e-parent\" data-id=\"iwgw-telipinu-s2\" data-element_type=\"container\" data-e-type=\"container\">\n\t\t\t\t\t<div class=\"e-con-inner\">\n\t\t\t\t<div class=\"elementor-element elementor-element-iwgw-telipinu-s2h elementor-widget elementor-widget-heading\" data-id=\"iwgw-telipinu-s2h\" data-element_type=\"widget\" data-e-type=\"widget\" data-widget_type=\"heading.default\">\n\t\t\t\t\t<h2 class=\"elementor-heading-title elementor-size-default\">L\u00fdsing og myndm\u00e1l<\/h2>\t\t\t\t<\/div>\n\t\t<div class=\"elementor-element elementor-element-iwgw-telipinu-s2c e-con-full e-flex e-con e-child\" data-id=\"iwgw-telipinu-s2c\" data-element_type=\"container\" data-e-type=\"container\">\n\t\t\t\t<div class=\"elementor-element elementor-element-iwgw-telipinu-s2t elementor-widget elementor-widget-text-editor\" data-id=\"iwgw-telipinu-s2t\" data-element_type=\"widget\" data-e-type=\"widget\" data-widget_type=\"text-editor.default\">\n\t\t\t\t\t\t\t\t\t<p>Telipinu er myndfr\u00e6\u00f0ilega erfitt a\u00f0 fanga, \u00fev\u00ed engar \u00f6rugglega au\u00f0kenndar fr\u00edstandandi d\u00fdrkunarmyndir hafa var\u00f0veist.<\/p><p>Af textunum m\u00e1 endurgera a\u00f0 hann birtist sem ungur gu\u00f0 \u00ed stuttri sk\u00fdlu og h\u00f6fu\u00f0fati me\u00f0 hornum, me\u00f0 pl\u00f6ntu e\u00f0a kornbindi \u00ed hendi. Kornmyndl\u00edkingin tengir hann vi\u00f0 svipa\u00f0ar gr\u00f3\u00f0urgo\u00f0averur Mes\u00f3p\u00f3tam\u00edu, einkum Dumuzi og Nisaba.<\/p><p>Heilagt d\u00fdr hans er hj\u00f6rturinn; \u00ed nokkrum textum kemur hann fram sem &#8216;verndargu\u00f0 akursins&#8217; me\u00f0 hj\u00f6rt sem rei\u00f0skj\u00f3ta e\u00f0a f\u00f6runaut. Hjartarmyndl\u00edkingin s\u00e9st einnig \u00e1 hatt\u00edsk-het\u00edt\u00edskum d\u00fdrkunarst\u00f6ngum fr\u00e1 Alaca H\u00f6y\u00fck, \u00feeim hringlaga st\u00f6ngum me\u00f0 d\u00fdral\u00edk\u00f6num sem stafa fr\u00e1 mi\u00f0ri <span class=\"iwg-fachbegriff\" data-tooltip=\"Fors\u00f6gulegt t\u00edmabil \u00fear sem bronsi var mikilv\u00e6gasti m\u00e1lmurinn \u00ed \u00e1h\u00f6ld.\" tabindex=\"0\">brons\u00f6ld<\/span> og eru taldar geta tengst Telipinu.<\/p><p>S\u00e9rstakt er d\u00fdrkunartr\u00e9 hans, <em>eya<\/em>-tr\u00e9\u00f0 (tali\u00f0 vera eik e\u00f0a st\u00edlk-eik). \u00cd lokasenu <span class=\"iwg-fachbegriff\" data-tooltip=\"Skipul\u00f6g\u00f0 r\u00f6\u00f0 t\u00e1knr\u00e6nna athafna me\u00f0 tr\u00faarlega e\u00f0a menningarlega merkingu.\" tabindex=\"0\">rit\u00faalsins<\/span> \u00ed Telipinu-<span class=\"iwg-fachbegriff\" data-tooltip=\"Yfirlifu\u00f0 fr\u00e1s\u00f6gn um gu\u00f0i, uppruna og reglu heimsins.\" tabindex=\"0\">go\u00f0s\u00f6gninni<\/span> er <em>eya<\/em>-tr\u00e9 reist, \u00fear sem reyfi hangir sem geymir &#8216;fitu, korn, v\u00edn, sau\u00f0f\u00e9 og naut, langan aldur og sonu&#8217;.<\/p><p>\u00deetta &#8216;Telipinu-reyfi&#8217; er eitt elsta sta\u00f0festa d\u00fdrkunarhlutur het\u00edt\u00edskrar tr\u00faarbrag\u00f0a og tali\u00f0 vera raunverulegur hlutur sem var var\u00f0veittur \u00ed hofum hans.<\/p>\t\t\t\t\t\t\t\t<\/div>\n\t\t\t\t<\/div>\n\t\t\t\t\t<\/div>\n\t\t\t\t<\/div>\n\t\t<div class=\"elementor-element elementor-element-iwgw-telipinu-s3 e-flex e-con-boxed e-con e-parent\" data-id=\"iwgw-telipinu-s3\" data-element_type=\"container\" data-e-type=\"container\">\n\t\t\t\t\t<div class=\"e-con-inner\">\n\t\t\t\t<div class=\"elementor-element elementor-element-iwgw-telipinu-s3h elementor-widget elementor-widget-heading\" data-id=\"iwgw-telipinu-s3h\" data-element_type=\"widget\" data-e-type=\"widget\" data-widget_type=\"heading.default\">\n\t\t\t\t\t<h2 class=\"elementor-heading-title elementor-size-default\">Go\u00f0sagnakenndar fr\u00e1sagnir<\/h2>\t\t\t\t<\/div>\n\t\t<div class=\"elementor-element elementor-element-iwgw-telipinu-s3c e-con-full e-flex e-con e-child\" data-id=\"iwgw-telipinu-s3c\" data-element_type=\"container\" data-e-type=\"container\">\n\t\t\t\t<div class=\"elementor-element elementor-element-iwgw-telipinu-s3t elementor-widget elementor-widget-text-editor\" data-id=\"iwgw-telipinu-s3t\" data-element_type=\"widget\" data-e-type=\"widget\" data-widget_type=\"text-editor.default\">\n\t\t\t\t\t\t\t\t\t<p>Telipinu-<span class=\"iwg-fachbegriff\" data-tooltip=\"S\u00f6guleg fr\u00e1s\u00f6gn um gu\u00f0i, uppruna og skipan heimsins.\" tabindex=\"0\">go\u00f0s\u00f6gnin<\/span> (CTH 324) er var\u00f0veitt \u00ed nokkrum \u00fatg\u00e1fum, \u00fe\u00fdddar af Gary Beckman \u00ed heimildarritinu <em>Hittite Myths<\/em> (1998).<\/p><p>S\u00f6gu\u00fer\u00e1\u00f0urinn \u00ed gr\u00f3fum dr\u00e1ttum: Telipinu gr\u00edpur rei\u00f0i (\u00e1st\u00e6\u00f0an er ekki gefin upp berum or\u00f0um), hann fer \u00ed h\u00e6gri sk\u00f3s\u00f3lana \u00e1 vinstri f\u00e6turna og \u00f6fugt, yfirgefur landi\u00f0 og gu\u00f0ina og sofnar \u00e1 fjarl\u00e6gu t\u00fani. \u00de\u00e1 visnar allt l\u00edf: &#8216;Korni\u00f0 \u00f3x ekki lengur, nautgripir, sau\u00f0f\u00e9 og menn fj\u00f6lgu\u00f0u s\u00e9r ekki lengur.&#8217;<\/p><p><a href=\"https:\/\/iwell-guard.com\/is\/?page_id=168959\">Tarhunna<\/a> leitar sonar s\u00edns til einskis, \u00fe\u00e1 <a href=\"https:\/\/iwell-guard.com\/is\/?page_id=168960\">s\u00f3largy\u00f0jan<\/a>, og s\u00ed\u00f0an \u00f6rn sem fl\u00fdgur yfir allan heiminn. A\u00f0 lokum tekst b\u00fdflugu, sendri af m\u00f3\u00f0urgy\u00f0junni \u1e2aanna\u1e2banna, a\u00f0 finna Telipinu.<\/p><p>B\u00fdflugan stingur hann \u00ed hendur og f\u00e6tur, sem eykur rei\u00f0i hans enn frekar. \u00dea\u00f0 er ekki fyrr en me\u00f0 fl\u00f3knu fri\u00f0\u00fe\u00e6gingarr\u00edt\u00faali, undir lei\u00f0s\u00f6gn gy\u00f0junnar Kamru\u0161epa, a\u00f0 rei\u00f0in er fjarl\u00e6g\u00f0 \u00far innra veru hans og hneppt \u00ed t\u00e1knr\u00e6n \u00edl\u00e1t.<\/p><p>Me\u00f0 heimkomu Telipinu bl\u00f3mstrar heimurinn a\u00f0 n\u00fdju og st\u00f3rkonungurinn er settur undir <em>eya<\/em>-tr\u00e9nu, \u00fear sem vels\u00e6ldarreifi\u00f0 tryggir komandi hags\u00e6ld. Tr\u00fafr\u00e6\u00f0ilega s\u00e9\u00f0 er \u00feessi <span class=\"iwg-fachbegriff\" data-tooltip=\"S\u00f6guleg fr\u00e1s\u00f6gn um gu\u00f0i, uppruna og skipan heimsins.\" tabindex=\"0\">go\u00f0s\u00f6gn<\/span> hi\u00f0 d\u00e6miger\u00f0a het\u00edska d\u00e6mi um \u00e1rst\u00ed\u00f0abundi\u00f0 r\u00edt\u00faal me\u00f0 \u00e1rst\u00ed\u00f0ago\u00f0s\u00f6gn; Volkert Haas hefur t\u00falka\u00f0 hana \u00edtarlega sem vorr\u00edt\u00faal.<\/p><p>Gu\u00f0fr\u00e6\u00f0ilega mynstri\u00f0 &#8216;rei\u00f0i, hvarf, leit, heimkomu, hags\u00e6ld&#8217; var greint af Beckman sem grunnform het\u00edsku go\u00f0sagnanna um &#8216;hinn horfna gu\u00f0&#8217;; sama mynstur birtist einnig \u00ed go\u00f0s\u00f6gnum um hvarf s\u00f3lgu\u00f0sins, stormgu\u00f0anna og jafnvel alls gu\u00f0asamf\u00e9lagsins.<\/p>\t\t\t\t\t\t\t\t<\/div>\n\t\t\t\t<\/div>\n\t\t\t\t\t<\/div>\n\t\t\t\t<\/div>\n\t\t<div class=\"elementor-element elementor-element-iwgw-telipinu-s4 e-flex e-con-boxed e-con e-parent\" data-id=\"iwgw-telipinu-s4\" data-element_type=\"container\" data-e-type=\"container\">\n\t\t\t\t\t<div class=\"e-con-inner\">\n\t\t\t\t<div class=\"elementor-element elementor-element-iwgw-telipinu-s4h elementor-widget elementor-widget-heading\" data-id=\"iwgw-telipinu-s4h\" data-element_type=\"widget\" data-e-type=\"widget\" data-widget_type=\"heading.default\">\n\t\t\t\t\t<h2 class=\"elementor-heading-title elementor-size-default\">D\u00fdrkun og tilbei\u00f0sla<\/h2>\t\t\t\t<\/div>\n\t\t<div class=\"elementor-element elementor-element-iwgw-telipinu-s4c e-con-full e-flex e-con e-child\" data-id=\"iwgw-telipinu-s4c\" data-element_type=\"container\" data-e-type=\"container\">\n\t\t\t\t<div class=\"elementor-element elementor-element-iwgw-telipinu-s4t elementor-widget elementor-widget-text-editor\" data-id=\"iwgw-telipinu-s4t\" data-element_type=\"widget\" data-e-type=\"widget\" data-widget_type=\"text-editor.default\">\n\t\t\t\t\t\t\t\t\t<p>A\u00f0alhelgista\u00f0ur Telipinu var Tawiniya, hatt\u00edska stofnland Het\u00edta \u00ed nor\u00f0anver\u00f0ri Anat\u00f3l\u00edu. Auk \u00feess voru Telipinu-<span class=\"iwg-fachbegriff\" data-tooltip=\"Byggingarmannvirki sem er helga\u00f0 d\u00fdrkun einnar e\u00f0a fleiri gu\u00f0vera.\" tabindex=\"0\">hof<\/span> \u00ed \u1e2aattu\u0161a, Han\u1e2bana og Durmitta. H\u00e1t\u00ed\u00f0ardagatal hans innih\u00e9lt vor- og hausth\u00e1t\u00ed\u00f0ir; mikilv\u00e6gust var vorh\u00e1t\u00ed\u00f0 \u00fear sem endurheimt gu\u00f0sins var leikin \u00ed r\u00edt\u00faalformi.<\/p><p>\u00cd h\u00e1t\u00ed\u00f0arr\u00edt\u00faalinu birtist prestskona sem sta\u00f0gengill gy\u00f0junnar Kamru\u0161epa og framkv\u00e6mdi fri\u00f0\u00fe\u00e6gingarathafnirnar. Athafnirnar voru n\u00e1kv\u00e6mlega fyrirskipa\u00f0ar: \u00e1kve\u00f0in brau\u00f0, hlj\u00f3\u00f0, reykelsi, en fyrst og fremst reifi og leirk\u00falur sem t\u00f3ku t\u00e1knr\u00e6nt \u00e1 m\u00f3ti rei\u00f0i Telipinu. Fuglasp\u00e1 og innyflasp\u00e1 fylgdu til a\u00f0 kanna gu\u00f0legt \u00e1stand.<\/p><p>Prestleg skipulagning d\u00fdrkunarins er vel skjalfest; Jared Miller hefur \u00ed <em>Royal Hittite Instructions<\/em> (2013) gefi\u00f0 \u00fat texta sem l\u00fdsa daglegu hofstarfsf\u00f3lki Telipinu og skyldum \u00feess.<\/p><p>\u00de\u00e6r n\u00e1\u00f0u yfir hreinleikafyrirm\u00e6li, <span class=\"iwg-fachbegriff\" data-tooltip=\"Gj\u00f6f til gu\u00f0veru til a\u00f0 tj\u00e1 \u00feakkl\u00e6ti, b\u00f3n e\u00f0a lotning.\" tabindex=\"0\">f\u00f3rnir<\/span> af brau\u00f0i, bj\u00f3r, v\u00edni og \u00f6\u00f0ru hvoru d\u00fdrum, auk umsj\u00f3nar helgimyndarinnar. <span class=\"iwg-fachbegriff\" data-tooltip=\"Byggingarmannvirki sem er helga\u00f0 d\u00fdrkun einnar e\u00f0a fleiri gu\u00f0vera.\" tabindex=\"0\">Hofi\u00f0<\/span> \u00e1tti eigin b\u00fareksturseiningar, akra og hjar\u00f0ir, en afrakstur \u00feeirra \u00fej\u00f3na\u00f0i til a\u00f0 fj\u00e1rmagna h\u00e1t\u00ed\u00f0arhaldi\u00f0.<\/p>\t\t\t\t\t\t\t\t<\/div>\n\t\t\t\t<\/div>\n\t\t\t\t\t<\/div>\n\t\t\t\t<\/div>\n\t\t<div class=\"elementor-element elementor-element-iwgw-telipinu-s5 e-flex e-con-boxed e-con e-parent\" data-id=\"iwgw-telipinu-s5\" data-element_type=\"container\" data-e-type=\"container\">\n\t\t\t\t\t<div class=\"e-con-inner\">\n\t\t\t\t<div class=\"elementor-element elementor-element-iwgw-telipinu-s5h elementor-widget elementor-widget-heading\" data-id=\"iwgw-telipinu-s5h\" data-element_type=\"widget\" data-e-type=\"widget\" data-widget_type=\"heading.default\">\n\t\t\t\t\t<h2 class=\"elementor-heading-title elementor-size-default\">Verndara\u00f0ger\u00f0ir og fr\u00e1hrindandi t\u00e1kn<\/h2>\t\t\t\t<\/div>\n\t\t<div class=\"elementor-element elementor-element-iwgw-telipinu-s5c e-con-full e-flex e-con e-child\" data-id=\"iwgw-telipinu-s5c\" data-element_type=\"container\" data-e-type=\"container\">\n\t\t\t\t<div class=\"elementor-element elementor-element-iwgw-telipinu-s5t elementor-widget elementor-widget-text-editor\" data-id=\"iwgw-telipinu-s5t\" data-element_type=\"widget\" data-e-type=\"widget\" data-widget_type=\"text-editor.default\">\n\t\t\t\t\t\t\t\t\t<p>Fri\u00f0\u00fe\u00e6gingarr\u00edt\u00faalin fyrir Telipinu voru einnig notu\u00f0 utan hinnar st\u00f3ru h\u00e1t\u00ed\u00f0ar, s\u00e9rstaklega vi\u00f0 fj\u00f6lskylduerjur, sj\u00fakd\u00f3ma og rei\u00f0i \u00e1 milli hj\u00f3na.<\/p><p>Volkert Haas hefur \u00ed <em>Materia Magica et Medica Hethitica<\/em> (2003) safna\u00f0 saman fj\u00f6lm\u00f6rgum textum \u00fear sem &#8216;b\u00f6nnunar \u00e1 rei\u00f0i&#8217;-mynstur Telipinu-<span class=\"iwg-fachbegriff\" data-tooltip=\"S\u00f6guleg fr\u00e1s\u00f6gn um gu\u00f0i, uppruna og skipan heimsins.\" tabindex=\"0\">go\u00f0s\u00f6gunnar<\/span> er flutt yfir \u00e1 raunveruleg \u00e1taka\u00e1stand: Rei\u00f0in er loku\u00f0 inni \u00ed \u00edl\u00e1tum, vafin \u00ed reifi e\u00f0a afhent &#8216;s\u00f3largy\u00f0ju jar\u00f0arinnar&#8217; undir j\u00f6r\u00f0u.<\/p><p>Het\u00edska &#8216;gamla konan&#8217; (<em>\u1e2aAR.\u1e2aAR<\/em>) var s\u00e9rfr\u00e6\u00f0ingur \u00ed sl\u00edkum r\u00edt\u00faalum; h\u00fan sameina\u00f0i l\u00e6knislist, <span class=\"iwg-fachbegriff\" data-tooltip=\"Athafnir sem eiga me\u00f0 s\u00e9rst\u00f6kum a\u00f0ger\u00f0um e\u00f0a form\u00falum a\u00f0 hafa \u00e1hrif \u00e1 gang hlutanna.\" tabindex=\"0\">galdur<\/span> og prestlega r\u00edt\u00faalframkv\u00e6md \u00ed einni pers\u00f3nu. Starfsemi hennar er vel skjalfest og telst me\u00f0al best ranns\u00f6ku\u00f0u \u00fe\u00e1tta het\u00edskrar tr\u00faar. Kunnar fulltr\u00faar eru Anniwiyani, Ma\u0161tigga og Tunnawiya, en r\u00edt\u00fa\u00f6l \u00feeirra hafa var\u00f0veist \u00ed hir\u00f0b\u00f3kasafni \u1e2aattu\u0161a.<\/p><p><span class=\"iwg-fachbegriff\" data-tooltip=\"Verndandi gegn \u00f3heillum: um t\u00e1kn og hluti sem \u00e6tla\u00f0 er a\u00f0 halda ska\u00f0legum \u00e1hrifum \u00ed fjarl\u00e6g\u00f0.\" tabindex=\"0\">Verndandi<\/span> var <em>eya<\/em>-tr\u00e9nu me\u00f0 reifi eftirl\u00edkt \u00ed sm\u00e6rra heimilislegu samhengi: greinargafall sem hengt var vi\u00f0 kindaskinn, me\u00f0 t\u00e1knr\u00e6num fylgihlutum eins og ull, \u00f3l\u00edfuol\u00edu og brau\u00f0i. \u00deessi &#8216;hags\u00e6ldarverndargripir&#8217; eru nefndir margsinnis \u00ed fleygr\u00fanaskr\u00e1m. iWell Guard skr\u00e1ir \u00feessa hef\u00f0 sem tr\u00faar- og menningars\u00f6gulega, ekki sem n\u00faverandi verndarr\u00e1\u00f0leggingu.<\/p>\t\t\t\t\t\t\t\t<\/div>\n\t\t\t\t<\/div>\n\t\t\t\t\t<\/div>\n\t\t\t\t<\/div>\n\t\t<div class=\"elementor-element elementor-element-iwgw-telipinu-s6 e-flex e-con-boxed e-con e-parent\" data-id=\"iwgw-telipinu-s6\" data-element_type=\"container\" data-e-type=\"container\">\n\t\t\t\t\t<div class=\"e-con-inner\">\n\t\t\t\t<div class=\"elementor-element elementor-element-iwgw-telipinu-s6h elementor-widget elementor-widget-heading\" data-id=\"iwgw-telipinu-s6h\" data-element_type=\"widget\" data-e-type=\"widget\" data-widget_type=\"heading.default\">\n\t\t\t\t\t<h2 class=\"elementor-heading-title elementor-size-default\">Hli\u00f0st\u00e6\u00f0ur \u00ed \u00f6\u00f0rum menningarheimum<\/h2>\t\t\t\t<\/div>\n\t\t<div class=\"elementor-element elementor-element-iwgw-telipinu-s6c e-con-full e-flex e-con e-child\" data-id=\"iwgw-telipinu-s6c\" data-element_type=\"container\" data-e-type=\"container\">\n\t\t\t\t<div class=\"elementor-element elementor-element-iwgw-telipinu-s6t elementor-widget elementor-widget-text-editor\" data-id=\"iwgw-telipinu-s6t\" data-element_type=\"widget\" data-e-type=\"widget\" data-widget_type=\"text-editor.default\">\n\t\t\t\t\t\t\t\t\t<p>S\u00f6gulega hli\u00f0st\u00e6\u00f0an vi\u00f0 Telipinu-<span class=\"iwg-fachbegriff\" data-tooltip=\"S\u00f6gn sem var\u00f0veitt hefur veri\u00f0 um gu\u00f0i, uppruna og skipan heimsins.\" tabindex=\"0\">go\u00f0s\u00f6guna<\/span> er \u00e1n vafa Dumuzi-<span class=\"iwg-fachbegriff\" data-tooltip=\"S\u00f6gn sem var\u00f0veitt hefur veri\u00f0 um gu\u00f0i, uppruna og skipan heimsins.\" tabindex=\"0\">go\u00f0sagan<\/span> \u00ed Mes\u00f3p\u00f3tam\u00edu, \u00fear sem hinn unga gr\u00f3\u00f0urgo\u00f0 st\u00edgur ni\u00f0ur \u00ed undirheima og sn\u00fdr aftur a\u00f0 vori. \u00dagarit\u00edski Baal-hringurinn (sj\u00e1 <a href=\"https:\/\/iwell-guard.com\/is\/fonikiumenn-og-kartago-baal-tanit\/\">f\u00f6nik\u00edska hef\u00f0<\/a>) hefur me\u00f0 dau\u00f0a Baals eftir bardagann vi\u00f0 <a href=\"https:\/\/iwell-guard.com\/is\/?page_id=168976\">Mot<\/a> og endurvakningu hans af hendi <a href=\"https:\/\/iwell-guard.com\/is\/anat-stridsgydja-baal\/\">Anat<\/a> mj\u00f6g svipa\u00f0a byggingu.<\/p><p>\u00d3l\u00edkt Dumuzi deyr Telipinu \u00fe\u00f3 ekki; hann er einungis rei\u00f0ur og horfinn. Rei\u00f0i hans er sj\u00e1lfst\u00e6tt gu\u00f0fr\u00e6\u00f0ilegt hugtak og hefur ekki n\u00e1kv\u00e6ma hli\u00f0st\u00e6\u00f0u \u00ed n\u00e6rliggjandi go\u00f0aver\u00f6ldum.<\/p><p>Volkert Haas hefur t\u00falka\u00f0 \u00feetta sem s\u00e9rstaklega anat\u00f3lska <span class=\"iwg-fachbegriff\" data-tooltip=\"Fr\u00e6\u00f0ileg kenning um gu\u00f0 og tr\u00fa innan tr\u00faarbrag\u00f0a.\" tabindex=\"0\">gu\u00f0fr\u00e6\u00f0i<\/span> um tilfinningastj\u00f3rn. Rei\u00f0in er ekki metin si\u00f0fer\u00f0ilega heldur skilin sem h\u00e6ttuleg en umbreytanleg orka sem unnt er a\u00f0 stilla me\u00f0 <span class=\"iwg-fachbegriff\" data-tooltip=\"Skipul\u00f6g\u00f0 r\u00f6\u00f0 t\u00e1kngj\u00f6r\u00f0ra athafna me\u00f0 tr\u00faarlega e\u00f0a menningarlega merkingu.\" tabindex=\"0\">helgisi\u00f0i<\/span>.<\/p><p>\u00c1 gr\u00edsku sv\u00e6\u00f0inu minna Demeter-go\u00f0sagnirnar, \u00fear sem gy\u00f0jan hverfur eftir a\u00f0 Persef\u00f3nu er r\u00e6nt, \u00e1 Telipinu-fr\u00e1s\u00f6gnina; fr\u00e6\u00f0imenn eins og Walter Burkert hafa fjalla\u00f0 um m\u00f6gulegar menningarlegar snertilei\u00f0ir \u00e1n \u00feess a\u00f0 fullyr\u00f0a um beina tengingu. Mary Bachvarova hefur \u00ed <em>From Hittite to Homer<\/em> (2016) rannsaka\u00f0 \u00feessi mi\u00f0lunarferli \u00ed sm\u00e1atri\u00f0um.<\/p>\t\t\t\t\t\t\t\t<\/div>\n\t\t\t\t<\/div>\n\t\t\t\t\t<\/div>\n\t\t\t\t<\/div>\n\t\t<div class=\"elementor-element elementor-element-iwgw-telipinu-s7 e-flex e-con-boxed e-con e-parent\" data-id=\"iwgw-telipinu-s7\" data-element_type=\"container\" data-e-type=\"container\">\n\t\t\t\t\t<div class=\"e-con-inner\">\n\t\t\t\t<div class=\"elementor-element elementor-element-iwgw-telipinu-s7h elementor-widget elementor-widget-heading\" data-id=\"iwgw-telipinu-s7h\" data-element_type=\"widget\" data-e-type=\"widget\" data-widget_type=\"heading.default\">\n\t\t\t\t\t<h2 class=\"elementor-heading-title elementor-size-default\">N\u00fat\u00edmavi\u00f0t\u00f6kur og ranns\u00f3knir<\/h2>\t\t\t\t<\/div>\n\t\t<div class=\"elementor-element elementor-element-iwgw-telipinu-s7c e-con-full e-flex e-con e-child\" data-id=\"iwgw-telipinu-s7c\" data-element_type=\"container\" data-e-type=\"container\">\n\t\t\t\t<div class=\"elementor-element elementor-element-iwgw-telipinu-s7t elementor-widget elementor-widget-text-editor\" data-id=\"iwgw-telipinu-s7t\" data-element_type=\"widget\" data-e-type=\"widget\" data-widget_type=\"text-editor.default\">\n\t\t\t\t\t\t\t\t\t<p>Telipinu-<span class=\"iwg-fachbegriff\" data-tooltip=\"S\u00f6gn sem var\u00f0veitt hefur veri\u00f0 um gu\u00f0i, uppruna og skipan heimsins.\" tabindex=\"0\">go\u00f0sagan<\/span> hefur, allt fr\u00e1 \u00fatg\u00e1fu Emil Forrer (1922), veri\u00f0 me\u00f0al grunnsto\u00f0a fornaustr\u00e6ns tr\u00faarbrag\u00f0afr\u00e6\u00f0iranns\u00f3kna. Mikilv\u00e6gar n\u00fdrri ranns\u00f3knir liggja fyrir fr\u00e1 Gary Beckman, Harry Hoffner, Volkert Haas og Piotr Taracha. Hoffner setti fram, \u00ed \u00f6ndvegisriti s\u00ednu <em>Hittite Myths<\/em> (me\u00f0 Beckman, 2. \u00fatg. 1998), \u00fe\u00fd\u00f0ingu sem enn er \u00f3vi\u00f0jafnanleg.<\/p><p>\u00cd almennri umr\u00e6\u00f0u er Telipinu l\u00edtt \u00feekktur; \u00ed tyrkneskum sk\u00f3lab\u00f3kum er hann \u00f6\u00f0ru hverju nefndur sem d\u00e6mi um anat\u00f3lska <span class=\"iwg-fachbegriff\" data-tooltip=\"Heild \u00feeirra gu\u00f0asagna sem var\u00f0veist hafa innan menningar.\" tabindex=\"0\">go\u00f0afr\u00e6\u00f0i<\/span>. \u00cd merki het\u00edtafr\u00e6\u00f0ar\u00e1\u00f0stefnunnar \u00ed \u00c7orum birtast t\u00e1kn sem einnig m\u00e1 rekja til Telipinu. N\u00fdhei\u00f0in, andleg endurvakning er ekki til sta\u00f0ar.<\/p><p>\u00cd fr\u00e6\u00f0aheiminum er Telipinu \u00ed dag fyrst og fremst til umfj\u00f6llunar \u00ed samanbur\u00f0arranns\u00f3knum \u00e1 \u00e1rst\u00ed\u00f0abundnum go\u00f0s\u00f6gum, tilfinningagu\u00f0fr\u00e6\u00f0i og fornaustr\u00e6nni helgisi\u00f0aframkv\u00e6md.<\/p><p data-nosnippet=\"true\">N\u00faverandi ranns\u00f3knar\u00e1herslur sn\u00faa a\u00f0 n\u00e1kv\u00e6mri sko\u00f0un \u00e1 fri\u00f0unarrit\u00faalinu, \u00fatbrei\u00f0slu minnisins um \u201ehinn horfna gu\u00f0\u201c og a\u00f0 spurningunni um hvernig het\u00edska afbrig\u00f0i\u00f0 tengist mes\u00f3p\u00f3tam\u00edsku Dumuzi-<span class=\"iwg-fachbegriff\" data-tooltip=\"S\u00f6gn sem var\u00f0veitt hefur veri\u00f0 um gu\u00f0i, uppruna og skipan heimsins.\" tabindex=\"0\">go\u00f0s\u00f6gninni<\/span> og vestursem\u00edt\u00edska Baal-hringnum. iWell Guard l\u00edtur \u00e1 <span class=\"iwg-fachbegriff\" data-tooltip=\"S\u00f6gn sem var\u00f0veitt hefur veri\u00f0 um gu\u00f0i, uppruna og skipan heimsins.\" tabindex=\"0\">go\u00f0s\u00f6guna<\/span> sem s\u00f6guleg og tr\u00faarbrag\u00f0afr\u00e6\u00f0ileg vitnisbur\u00f0, \u00e1n nokkurs tengsla vi\u00f0 n\u00fat\u00edma heilsulofor\u00f0.<\/p><p>\u00cd samanbur\u00f0ar-anat\u00f3list\u00edk hefur Telipinu einnig s\u00e9rst\u00f6\u00f0u, \u00fev\u00ed hann er sk\u00fdrasta d\u00e6mi\u00f0 um uppt\u00f6ku hatt\u00edskrar <span class=\"iwg-fachbegriff\" data-tooltip=\"Vera sem tilbe\u00f0in er sem gu\u00f0leg innan tr\u00faarbrag\u00f0a.\" tabindex=\"0\">gu\u00f0veru<\/span> inn \u00ed hi\u00f0 het\u00edska r\u00edkisgo\u00f0asafn.<\/p><p>M\u00e1lfr\u00e6\u00f0iranns\u00f3knir H. Craig Melchert og Petra Goedegebuure hafa s\u00fdnt a\u00f0 hatt\u00edsk or\u00f0myndir \u00ed <span class=\"iwg-fachbegriff\" data-tooltip=\"Heild \u00feeirra tilbei\u00f0sluathafna sem t\u00ed\u00f0kast um gu\u00f0veru e\u00f0a heilaga pers\u00f3nu.\" tabindex=\"0\">helgihaldi<\/span> hafi var\u00f0veist allt til s\u00ed\u00f0ustu r\u00edkist\u00edmatextanna, sem er merki um \u00fe\u00e1 helgisi\u00f0abundnu \u00edhaldssemi sem einkenndi Telipinu-<span class=\"iwg-fachbegriff\" data-tooltip=\"Heild \u00feeirra tilbei\u00f0sluathafna sem t\u00ed\u00f0kast um gu\u00f0veru e\u00f0a heilaga pers\u00f3nu.\" tabindex=\"0\">helgihaldi\u00f0<\/span>.<\/p><p>\u00cd h\u00e1t\u00ed\u00f0adagatalinu voru sungnir hatt\u00edskir s\u00e1lmar, m\u00e6lt fram hatt\u00edskar form\u00falur og notu\u00f0 hatt\u00edsk \u00e1h\u00f6ld, l\u00f6ngu eftir a\u00f0 hatt\u00edska haf\u00f0i lagst af sem talm\u00e1l. iWell Guard bendir \u00e1 \u00feessa m\u00e1ls\u00f6guleg lagskiptingu sem athyglisvert fr\u00e6\u00f0ilegt fyrirb\u00e6ri: Innan <span class=\"iwg-fachbegriff\" data-tooltip=\"Heild \u00feeirra tilbei\u00f0sluathafna sem t\u00ed\u00f0kast um gu\u00f0veru e\u00f0a heilaga pers\u00f3nu.\" tabindex=\"0\">helgihaldsins<\/span> lif\u00f0i \u00e1fram tungum\u00e1l og <span class=\"iwg-fachbegriff\" data-tooltip=\"Fr\u00e6\u00f0ileg kenning um gu\u00f0 og tr\u00fa innan tr\u00faarbrag\u00f0a.\" tabindex=\"0\">gu\u00f0fr\u00e6\u00f0i<\/span> sem \u00feegar var horfin \u00far daglegu l\u00edfi.<\/p><p>\u00d6nnur ranns\u00f3knarstefna kannar tengsl helgisi\u00f0ategunda milli Telipinu-fri\u00f0unarins og mes\u00f3p\u00f3tam\u00edskrar galdrai\u00f0kunar. Skilin milli \u201e<span class=\"iwg-fachbegriff\" data-tooltip=\"S\u00f6gn sem var\u00f0veitt hefur veri\u00f0 um gu\u00f0i, uppruna og skipan heimsins.\" tabindex=\"0\">go\u00f0s\u00f6gu<\/span>\u201c og \u201e<span class=\"iwg-fachbegriff\" data-tooltip=\"Skipul\u00f6g\u00f0 r\u00f6\u00f0 t\u00e1kngj\u00f6r\u00f0ra athafna me\u00f0 tr\u00faarlega e\u00f0a menningarlega merkingu.\" tabindex=\"0\">helgisi\u00f0ar<\/span>\u201c eru s\u00e9rstaklega \u00f3lj\u00f3s \u00ed het\u00edsku efninu; <span class=\"iwg-fachbegriff\" data-tooltip=\"S\u00f6gn sem var\u00f0veitt hefur veri\u00f0 um gu\u00f0i, uppruna og skipan heimsins.\" tabindex=\"0\">go\u00f0sagan<\/span> ver\u00f0ur virk \u00ed <span class=\"iwg-fachbegriff\" data-tooltip=\"Skipul\u00f6g\u00f0 r\u00f6\u00f0 t\u00e1kngj\u00f6r\u00f0ra athafna me\u00f0 tr\u00faarlega e\u00f0a menningarlega merkingu.\" tabindex=\"0\">helgisi\u00f0num<\/span>, og <span class=\"iwg-fachbegriff\" data-tooltip=\"Skipul\u00f6g\u00f0 r\u00f6\u00f0 t\u00e1kngj\u00f6r\u00f0ra athafna me\u00f0 tr\u00faarlega e\u00f0a menningarlega merkingu.\" tabindex=\"0\">helgisi\u00f0urinn<\/span> byggir \u00e1 hinu go\u00f0s\u00f6gulega fyrirmyndarmynstri.<\/p><p>\u00deessi tv\u00ed\u00fe\u00e6tta bygging hefur veri\u00f0 fr\u00e6\u00f0ilega til umfj\u00f6llunar, allt fr\u00e1 Gerardus van der Leeuw til yngri formger\u00f0arfr\u00e6\u00f0inga, og Telipinu-samst\u00e6\u00f0an er eitt hennar \u00e1hrifamestu d\u00e6ma.<\/p>\t\t\t\t\t\t\t\t<\/div>\n\t\t\t\t<\/div>\n\t\t\t\t\t<\/div>\n\t\t\t\t<\/div>\n\t\t<div class=\"elementor-element elementor-element-iwgw-telipinu-s8 e-flex e-con-boxed e-con e-parent\" data-id=\"iwgw-telipinu-s8\" data-element_type=\"container\" data-e-type=\"container\">\n\t\t\t\t\t<div class=\"e-con-inner\">\n\t\t\t\t<div class=\"elementor-element elementor-element-iwgw-telipinu-s8h elementor-widget elementor-widget-heading\" data-id=\"iwgw-telipinu-s8h\" data-element_type=\"widget\" data-e-type=\"widget\" data-widget_type=\"heading.default\">\n\t\t\t\t\t<h2 class=\"elementor-heading-title elementor-size-default\">Heimildir og b\u00f3kmenntir<\/h2>\t\t\t\t<\/div>\n\t\t<div class=\"elementor-element elementor-element-iwgw-telipinu-s8c e-con-full e-flex e-con e-child\" data-id=\"iwgw-telipinu-s8c\" data-element_type=\"container\" data-e-type=\"container\">\n\t\t\t\t<div class=\"elementor-element elementor-element-iwgw-telipinu-s8t elementor-widget elementor-widget-text-editor\" data-id=\"iwgw-telipinu-s8t\" data-element_type=\"widget\" data-e-type=\"widget\" data-widget_type=\"text-editor.default\">\n\t\t\t\t\t\t\t\t\t<p>Eftirfarandi \u00farval tekur saman mikilv\u00e6gustu \u00fatg\u00e1furnar og ranns\u00f3knirnar \u00e1 Telipinu-<span class=\"iwg-fachbegriff\" data-tooltip=\"Var\u00f0veitt fr\u00e1s\u00f6gn um gu\u00f0i, uppruna og skipulag heimsins.\" tabindex=\"0\">go\u00f0s\u00f6gninni<\/span> og <span class=\"iwg-fachbegriff\" data-tooltip=\"Heild tr\u00faarlegra d\u00fdrkunarathafna fyrir gu\u00f0 e\u00f0a heilaga v\u00e6ttu.\" tabindex=\"0\">d\u00fdrkuninni<\/span> \u00e1 honum. \u00dea\u00f0 er hugsa\u00f0 sem upphafspunktur fyrir d\u00fdpri kynni af efninu.<\/p><p>S\u00e9rstaklega gefur \u00fatg\u00e1fa Beckmans og Hoffners heilst\u00e6\u00f0a enska \u00fe\u00fd\u00f0ingu \u00e1 <span class=\"iwg-fachbegriff\" data-tooltip=\"Var\u00f0veitt fr\u00e1s\u00f6gn um gu\u00f0i, uppruna og skipulag heimsins.\" tabindex=\"0\">go\u00f0s\u00f6gninni<\/span> \u00ed best var\u00f0veittu ger\u00f0 hennar, me\u00f0an Volkert Haas greinir samhengisefni fri\u00f0unarathafnanna. \u00datg\u00e1fa Jareds Millers \u00e1 konunglegu lei\u00f0beiningunum veitir inns\u00fdn \u00ed skipulag musterisins.<\/p><p>\u00deeim sem vilja kynna s\u00e9r het\u00edska &#8216;G\u00f6mlu konuna&#8217; og rei\u00f0istillingarathafnir hennar er bent \u00e1 a\u00f0 hj\u00e1 Haas m\u00e1 finna mikilv\u00e6gustu texta\u00fatg\u00e1furnar me\u00f0 \u00fe\u00fdskri \u00fe\u00fd\u00f0ingu og \u00edtarlegri umfj\u00f6llun.<\/p><p>Samantekt Piotr Tarachas er n\u00fdjasta heildaryfirliti\u00f0 yfir anat\u00f3l\u00edskar tr\u00faarbr\u00f6g\u00f0 2. \u00e1r\u00fe\u00fasunds f.Kr. og felur einnig \u00ed s\u00e9r stutta sta\u00f0setningu Telipinu innan hatt\u00edsk-het\u00edska <span class=\"iwg-fachbegriff\" data-tooltip=\"Heild gu\u00f0a \u00ed tr\u00faarbr\u00f6g\u00f0um e\u00f0a menningu.\" tabindex=\"0\">go\u00f0heimsins<\/span>. Mikilv\u00e6ga vi\u00f0b\u00f3t veitir Itamar Singer \u00ed b\u00f3k sinni <em>Hittite Prayers<\/em>, sem inniheldur nokkrar Telipinu-\u00e1kallanir \u00far h\u00e1t\u00ed\u00f0arefninu.<\/p>\t\t\t\t\t\t\t\t<\/div>\n\t\t\t\t<\/div>\n\t\t\t\t\t<\/div>\n\t\t\t\t<\/div>\n\t\t<div class=\"elementor-element elementor-element-cp2d7dc006 e-flex e-con-boxed e-con e-parent\" data-id=\"cp2d7dc006\" data-element_type=\"container\" data-e-type=\"container\">\n\t\t\t\t\t<div class=\"e-con-inner\">\n\t\t\t\t<div class=\"elementor-element elementor-element-cp2aac6c59 elementor-widget elementor-widget-heading\" data-id=\"cp2aac6c59\" data-element_type=\"widget\" data-e-type=\"widget\" data-widget_type=\"heading.default\">\n\t\t\t\t\t<h2 class=\"elementor-heading-title elementor-size-default\">Go\u00f0s\u00f6gnin um horfna Telipinu<\/h2>\t\t\t\t<\/div>\n\t\t<div class=\"elementor-element elementor-element-cp2eeda6dd e-flex e-con-boxed e-con e-child\" data-id=\"cp2eeda6dd\" data-element_type=\"container\" data-e-type=\"container\">\n\t\t\t\t\t<div class=\"e-con-inner\">\n\t\t\t\t<div class=\"elementor-element elementor-element-cp243e0126 elementor-widget elementor-widget-text-editor\" data-id=\"cp243e0126\" data-element_type=\"widget\" data-e-type=\"widget\" data-widget_type=\"text-editor.default\">\n\t\t\t\t\t\t\t\t\t<p>\u00deekktasti het\u00edski textinn um Telipinu segir fr\u00e1 hvarfi hans. Rei\u00f0ur, \u00e1n \u00feess a\u00f0 textinn nefni n\u00e1kv\u00e6ma \u00e1st\u00e6\u00f0u, yfirgefur gu\u00f0inn sta\u00f0 sinn.<\/p><p>Hann fer af sta\u00f0 \u00ed rei\u00f0ikasti, dregur h\u00e6gri sk\u00f3inn \u00e1 vinstra f\u00f3tinn og \u00feann vinstri \u00e1 h\u00e6gri f\u00f3tinn og hverfur \u00fat \u00ed \u00f3bygg\u00f0irnar, \u00fear sem hann leggst ni\u00f0ur \u00f6rmagna og sofnar.<\/p><p>Aflei\u00f0ingarnar eru skelfilegar. Textinn l\u00fdsir me\u00f0 mikilli myndr\u00e6nni sk\u00fdrleika hvernig l\u00edfi\u00f0 st\u00f6\u00f0vast. Reykurinn kafnar \u00ed arninum, sau\u00f0f\u00e9 og nautgripir hafna ungvi\u00f0i s\u00ednu, korni\u00f0 vex ekki lengur, gu\u00f0ir og menn deyja \u00far hungri. Jafnvel s\u00f3lgu\u00f0inn heldur veislu, en engum ver\u00f0ur mettur.<\/p><p>Gu\u00f0irnir leita Telipinu. Ve\u00f0urgu\u00f0inn og \u00f6rninn leita \u00e1n \u00e1rangurs. A\u00f0 lokum sendir m\u00f3\u00f0urgy\u00f0jan Hannahanna \u00fat b\u00fdflugu, sem finnur sofandi gu\u00f0inn, stingur hann \u00e1 h\u00f6ndum og f\u00f3tum og hreinsar hann me\u00f0 vaxi til a\u00f0 vekja hann.<\/p><p>Vakna\u00f0i Telipinu er \u00ed fyrstu enn rei\u00f0ari en \u00e1\u00f0ur og valdur a\u00f0 frekari \u00f3g\u00e6fu. Ekki fyrr en hreinsunarath\u00f6fn, framkv\u00e6md af gy\u00f0ju <span class=\"iwg-fachbegriff\" data-tooltip=\"Athafnir sem \u00e6tla\u00f0 er a\u00f0 hafa \u00e1hrif \u00e1 gang atbur\u00f0a me\u00f0 s\u00e9rst\u00f6kum gj\u00f6r\u00f0um e\u00f0a form\u00falum.\" tabindex=\"0\">galdra<\/span>, Kamruschepa, sefar hann. Rei\u00f0i hans er t\u00e1knr\u00e6nt loku\u00f0 \u00ed ker undirheimanna, sem lok \u00feeirra opnast ekki aftur. Telipinu sn\u00fdr aftur, og l\u00edfi\u00f0 kemst \u00ed gang \u00e1 n\u00fd.<\/p><p>Textinn er af \u00feessum s\u00f6kum svo \u00fe\u00fd\u00f0ingarmikill a\u00f0 hann er <span class=\"iwg-fachbegriff\" data-tooltip=\"Var\u00f0veitt fr\u00e1s\u00f6gn um gu\u00f0i, uppruna og skipulag heimsins.\" tabindex=\"0\">go\u00f0s\u00f6gn<\/span> sem var felld beint inn \u00ed <span class=\"iwg-fachbegriff\" data-tooltip=\"Regluleg atbur\u00f0ar\u00e1s t\u00e1kngj\u00f6r\u00f0a me\u00f0 tr\u00faarlegri e\u00f0a menningarlegri \u00fe\u00fd\u00f0ingu.\" tabindex=\"0\">ath\u00f6fn<\/span>. Hann heyrir til flokks go\u00f0sagna um horfna <span class=\"iwg-fachbegriff\" data-tooltip=\"Vera sem er d\u00fdrku\u00f0 sem gu\u00f0leg innan tr\u00faarbrag\u00f0a.\" tabindex=\"0\">gu\u00f0d\u00f3ma<\/span>, sem eru til nokkrar \u00ed het\u00edskum ritum, og var greinilega flutt vi\u00f0 athafnir sem \u00e6tla\u00f0 var a\u00f0 endurheimta trufla\u00f0 jafnv\u00e6gi.<\/p>\t\t\t\t\t\t\t\t<\/div>\n\t\t\t\t\t<\/div>\n\t\t\t\t<\/div>\n\t\t\t\t\t<\/div>\n\t\t\t\t<\/div>\n\t\t<div class=\"elementor-element elementor-element-cp2fd45520 e-flex e-con-boxed e-con e-parent\" data-id=\"cp2fd45520\" data-element_type=\"container\" data-e-type=\"container\">\n\t\t\t\t\t<div class=\"e-con-inner\">\n\t\t\t\t<div class=\"elementor-element elementor-element-cp2cbec1a3 elementor-widget elementor-widget-heading\" data-id=\"cp2cbec1a3\" data-element_type=\"widget\" data-e-type=\"widget\" data-widget_type=\"heading.default\">\n\t\t\t\t\t<h2 class=\"elementor-heading-title elementor-size-default\">Telipinu-go\u00f0s\u00f6gnin og Mugawar-ath\u00f6fnin<\/h2>\t\t\t\t<\/div>\n\t\t<div class=\"elementor-element elementor-element-cp27653fca e-flex e-con-boxed e-con e-child\" data-id=\"cp27653fca\" data-element_type=\"container\" data-e-type=\"container\">\n\t\t\t\t\t<div class=\"e-con-inner\">\n\t\t\t\t<div class=\"elementor-element elementor-element-cp258e04c8 elementor-widget elementor-widget-text-editor\" data-id=\"cp258e04c8\" data-element_type=\"widget\" data-e-type=\"widget\" data-widget_type=\"text-editor.default\">\n\t\t\t\t\t\t\t\t\t<p><span class=\"iwg-fachbegriff\" data-tooltip=\"Eine \u00fcberlieferte Erz\u00e4hlung \u00fcber G\u00f6tter, Urspr\u00fcnge und die Ordnung der Welt.\" tabindex=\"0\">Go\u00f0sagan<\/span> um hinn horfna Telipinu er ekki sj\u00e1lfst\u00e6tt b\u00f3kmenntaverk, heldur hluti af helgisi\u00f0i. Leirt\u00f6flurnar sem h\u00fan er var\u00f0veitt \u00e1 innihalda auk fr\u00e1sagnarinnar einnig beinar lei\u00f0beiningar um framkv\u00e6md athafnarinnar. \u00deessi tenging <span class=\"iwg-fachbegriff\" data-tooltip=\"Eine \u00fcberlieferte Erz\u00e4hlung \u00fcber G\u00f6tter, Urspr\u00fcnge und die Ordnung der Welt.\" tabindex=\"0\">go\u00f0sagnar<\/span> og <span class=\"iwg-fachbegriff\" data-tooltip=\"Eine festgelegte, wiederkehrende religi\u00f6se Handlung.\" tabindex=\"0\">helgisi\u00f0ar<\/span> gerir textann a\u00f0 lykild\u00e6mi um het\u00edska tr\u00faari\u00f0kun.<\/p><p>Tilheyrandi <span class=\"iwg-fachbegriff\" data-tooltip=\"Eine geregelte Abfolge symbolischer Handlungen mit religi\u00f6ser oder kultureller Bedeutung.\" tabindex=\"0\">ath\u00f6fnin<\/span> tilheyrir flokknum <em>mugawar<\/em>, sem m\u00e1 \u00fe\u00fd\u00f0a sem <span class=\"iwg-fachbegriff\" data-tooltip=\"Ein sprachliches Ritual, das eine Macht herbeirufen oder binden soll.\" tabindex=\"0\">s\u00e6ringu<\/span> e\u00f0a \u00e1k\u00f6llun, <span class=\"iwg-fachbegriff\" data-tooltip=\"Eine geregelte Abfolge symbolischer Handlungen mit religi\u00f6ser oder kultureller Bedeutung.\" tabindex=\"0\">ath\u00f6fn<\/span> sem \u00e1 a\u00f0 kalla aftur burtfarna <span class=\"iwg-fachbegriff\" data-tooltip=\"Ein als g\u00f6ttlich verehrtes Wesen innerhalb einer Religion.\" tabindex=\"0\">gu\u00f0sveru<\/span>. \u00cd Telipinu-<span class=\"iwg-fachbegriff\" data-tooltip=\"Eine geregelte Abfolge symbolischer Handlungen mit religi\u00f6ser oder kultureller Bedeutung.\" tabindex=\"0\">ath\u00f6fninni<\/span> eru notu\u00f0 hunang og smj\u00f6r, f\u00edkjur, \u00f3l\u00edfuol\u00eda og \u00f6nnur efni sem s\u00e6t, r\u00f3andi e\u00f0a hreinsandi eiginleikar \u00e1ttu a\u00f0 leysa upp rei\u00f0i gu\u00f0sins.<\/p><p>Vegir eru str\u00e1\u00f0ir f\u00ednni ol\u00edu svo a\u00f0 gu\u00f0inn gangi lj\u00faflega til baka eftir \u00feeim. S\u00edgr\u00e6nt tr\u00e9, <em>eya<\/em>-tr\u00e9\u00f0, er reist, og \u00e1 \u00fev\u00ed hangir reyfi sem t\u00e1knar fitu, korn, v\u00edn og langl\u00edfi konungsins.<\/p><p>Fr\u00e6\u00f0imenn skilja sl\u00edkar athafnir yfirleitt sem hli\u00f0st\u00e6\u00f0ut\u00f6fraheg\u00f0un. \u00dea\u00f0 sem gu\u00f0unum t\u00f3kst \u00ed <span class=\"iwg-fachbegriff\" data-tooltip=\"Eine \u00fcberlieferte Erz\u00e4hlung \u00fcber G\u00f6tter, Urspr\u00fcnge und die Ordnung der Welt.\" tabindex=\"0\">go\u00f0s\u00f6gninni<\/span>, nefnilega a\u00f0 finna og fri\u00f0a hina rei\u00f0u <span class=\"iwg-fachbegriff\" data-tooltip=\"Ein als g\u00f6ttlich verehrtes Wesen innerhalb einer Religion.\" tabindex=\"0\">gu\u00f0sveru<\/span>, er endurteki\u00f0 \u00ed <span class=\"iwg-fachbegriff\" data-tooltip=\"Eine geregelte Abfolge symbolischer Handlungen mit religi\u00f6ser oder kultureller Bedeutung.\" tabindex=\"0\">ath\u00f6fninni<\/span> til a\u00f0 b\u00e6ta \u00far raunverulegri ney\u00f0, svo sem \u00feurrki, fars\u00f3tt e\u00f0a hnignun velfer\u00f0ar konungsins.<\/p><p>Samb\u00e6rilegar go\u00f0sagnir um hverfandi gu\u00f0i eru einnig var\u00f0veittar um ve\u00f0urgu\u00f0inn og a\u00f0rar gu\u00f0sverur, sem s\u00fdnir a\u00f0 um var a\u00f0 r\u00e6\u00f0a sveigjanlegt helgisi\u00f0aform sem \u00f3l\u00edkar gu\u00f0sverur m\u00e1tti setja inn \u00ed. Telipinu-<span class=\"iwg-fachbegriff\" data-tooltip=\"Eine \u00fcberlieferte Erz\u00e4hlung \u00fcber G\u00f6tter, Urspr\u00fcnge und die Ordnung der Welt.\" tabindex=\"0\">go\u00f0s\u00f6gnin<\/span> er best var\u00f0veitta ger\u00f0in og \u00fev\u00ed mikilv\u00e6gasta heimildin um \u00feessa het\u00edsku helgisi\u00f0ategund.<\/p>\t\t\t\t\t\t\t\t<\/div>\n\t\t\t\t\t<\/div>\n\t\t\t\t<\/div>\n\t\t\t\t\t<\/div>\n\t\t\t\t<\/div>\n\t\t<div class=\"elementor-element elementor-element-cp27a4353e e-flex e-con-boxed e-con e-parent\" data-id=\"cp27a4353e\" data-element_type=\"container\" data-e-type=\"container\">\n\t\t\t\t\t<div class=\"e-con-inner\">\n\t\t\t\t<div class=\"elementor-element elementor-element-cp2e0338b3 elementor-widget elementor-widget-heading\" data-id=\"cp2e0338b3\" data-element_type=\"widget\" data-e-type=\"widget\" data-widget_type=\"heading.default\">\n\t\t\t\t\t<h2 class=\"elementor-heading-title elementor-size-default\">Telipinu milli gr\u00f3\u00f0urgu\u00f0s og verndargu\u00f0s<\/h2>\t\t\t\t<\/div>\n\t\t<div class=\"elementor-element elementor-element-cp2e1e8529 e-flex e-con-boxed e-con e-child\" data-id=\"cp2e1e8529\" data-element_type=\"container\" data-e-type=\"container\">\n\t\t\t\t\t<div class=\"e-con-inner\">\n\t\t\t\t<div class=\"elementor-element elementor-element-cp28aadeba elementor-widget elementor-widget-text-editor\" data-id=\"cp28aadeba\" data-element_type=\"widget\" data-e-type=\"widget\" data-widget_type=\"text-editor.default\">\n\t\t\t\t\t\t\t\t\t<p>Spurningin um hvers konar <span class=\"iwg-fachbegriff\" data-tooltip=\"Vera sem er tilbe\u00f0in sem gu\u00f0leg innan tr\u00faarbrag\u00f0a.\" tabindex=\"0\">gu\u00f0vera<\/span> Telipinu s\u00e9 \u00ed raun er svara\u00f0 \u00e1 mismunandi h\u00e1tt \u00ed fr\u00e6\u00f0unum. Eldri, lengi \u00e1hrifamikil t\u00falkun s\u00e1 \u00ed honum gr\u00f3\u00f0urgu\u00f0.<\/p><p>James George Frazer setti fram \u00ed verki s\u00ednu <em>The Golden Bough<\/em> alheimsmynstur deyjandi og endurkomandi gr\u00f3\u00f0urgu\u00f0a, og hinn horfni Telipinu, sem fjarvist hans st\u00f6\u00f0var v\u00f6xt, virtist falla vel a\u00f0 \u00feessu mynstri.<\/p><p>N\u00fdrri het\u00edtafr\u00e6\u00f0i hefur or\u00f0i\u00f0 vark\u00e1rari. Telipinu hverfur ekki reglulega \u00ed \u00e1rlegri hringr\u00e1s heldur af rei\u00f0i, og brottf\u00f6r hans er ekki dau\u00f0i. Textinn tengir atbur\u00f0inn ekki vi\u00f0 fasta almanaksdaga heldur vi\u00f0 ney\u00f0ar\u00e1stand.<\/p><p>Auk \u00feess kemur Telipinu fram \u00ed gu\u00f0alistum og \u00ed <span class=\"iwg-fachbegriff\" data-tooltip=\"Heild tr\u00faarlegra tilbei\u00f0sluathafna fyrir gu\u00f0 e\u00f0a heilaga veru.\" tabindex=\"0\">d\u00fdrkun<\/span> fyrst og fremst sem sonur ve\u00f0urgu\u00f0sins og sem verndargu\u00f0, me\u00f0 eigin hofum \u00ed m\u00f6rgum het\u00edskum borgum. Hann hefur einkenni gu\u00f0s sem s\u00e9r um v\u00f6xt, \u00e1n \u00feess a\u00f0 vera hrein pers\u00f3nugerving gr\u00f3\u00f0ursins.<\/p><p>S\u00f6gurnar um horfna gu\u00f0i m\u00e1 skilja n\u00e1kv\u00e6mar sem fr\u00e1sagnir um aflei\u00f0ingar gu\u00f0legrar rei\u00f0i og um endurreisn trufla\u00f0rar reglu. Volkert Haas og a\u00f0rir hafa bent \u00e1 a\u00f0 mynstur hins horfna gu\u00f0s veitti fyrirmynd a\u00f0 \u00fev\u00ed hvernig tekist var \u00e1 vi\u00f0 kreppur.<\/p><p>Telipinu er \u00feannig s\u00ed\u00f0ur n\u00e1tt\u00farugo\u00f0s\u00f6gn \u00ed skilningi Frazers en gu\u00f0, \u00ed s\u00f6gu hans s\u00e9st d\u00e6migert hvernig het\u00edska tr\u00fain hugsa\u00f0i samband gu\u00f0legrar rei\u00f0i, kosm\u00edskrar truflunar og helgisi\u00f0abundinnar s\u00e1ttar. Umr\u00e6\u00f0an um flokkun hans er g\u00f3\u00f0 d\u00e6mi um hvernig fr\u00e6\u00f0ileg t\u00falkunarl\u00edk\u00f6n breyttust \u00e1 20. \u00f6ld.<\/p>\t\t\t\t\t\t\t\t<\/div>\n\t\t\t\t\t<\/div>\n\t\t\t\t<\/div>\n\t\t\t\t\t<\/div>\n\t\t\t\t<\/div>\n\t\t<div class=\"elementor-element elementor-element-iwgw-telipinu-lit e-flex e-con-boxed e-con e-parent\" data-id=\"iwgw-telipinu-lit\" data-element_type=\"container\" data-e-type=\"container\">\n\t\t\t\t\t<div class=\"e-con-inner\">\n\t\t\t\t<div class=\"elementor-element elementor-element-iwgw-telipinu-lith elementor-widget elementor-widget-heading\" data-id=\"iwgw-telipinu-lith\" data-element_type=\"widget\" data-e-type=\"widget\" data-widget_type=\"heading.default\">\n\t\t\t\t\t<h2 class=\"elementor-heading-title elementor-size-default\">Heimildir (\u00farval)<\/h2>\t\t\t\t<\/div>\n\t\t<div class=\"elementor-element elementor-element-iwgw-telipinu-litc e-con-full e-flex e-con e-child\" data-id=\"iwgw-telipinu-litc\" data-element_type=\"container\" data-e-type=\"container\">\n\t\t\t\t<div class=\"elementor-element elementor-element-iwgw-telipinu-litt elementor-widget elementor-widget-text-editor\" data-id=\"iwgw-telipinu-litt\" data-element_type=\"widget\" data-e-type=\"widget\" data-widget_type=\"text-editor.default\">\n\t\t\t\t\t\t\t\t\t<div data-nosnippet=\"true\"><ul><li>Volkert Haas: <em>Geschichte der hethitischen Religion<\/em> (Leiden 1994)<\/li><li>Gary Beckman: <em>Hittite Myths<\/em> (SBL 1998)<\/li><li>Harry A. Hoffner: <em>Hittite Myths<\/em> (mit Beckman, SBL 1998)<\/li><li>Volkert Haas: <em>Materia Magica et Medica Hethitica<\/em> (Berlin 2003)<\/li><li>Piotr Taracha: <em>Religions of Second Millennium Anatolia<\/em> (Wiesbaden 2009)<\/li><li>Jared Miller: <em>Royal Hittite Instructions<\/em> (SBL 2013)<\/li><\/ul><\/div>\t\t\t\t\t\t\t\t<\/div>\n\t\t\t\t<\/div>\n\t\t\t\t\t<\/div>\n\t\t\t\t<\/div>\n\t\t<div class=\"elementor-element elementor-element-iwgkw2-add-telipinu e-flex e-con-boxed e-con e-parent\" data-id=\"iwgkw2-add-telipinu\" data-element_type=\"container\" data-e-type=\"container\">\n\t\t\t\t\t<div class=\"e-con-inner\">\n\t\t\t\t<div class=\"elementor-element elementor-element-iwgkw2-add-telipinu-t elementor-widget elementor-widget-text-editor\" data-id=\"iwgkw2-add-telipinu-t\" data-element_type=\"widget\" data-e-type=\"widget\" data-widget_type=\"text-editor.default\">\n\t\t\t\t\t\t\t\t\t<p>Telipinu er <em>het\u00edskur<\/em> gr\u00f3\u00f0urgu\u00f0 og <em>horfinn<\/em> sonur ve\u00f0urgu\u00f0sins, \u00fear sem rei\u00f0i hans slekkur \u00e1 frj\u00f3semi og endurkomu hans er n\u00e1\u00f0 me\u00f0 b\u00fdflugu og f\u00f3rnarsi\u00f0i \u00ed fr\u00e6gri <span class=\"iwg-fachbegriff\" data-tooltip=\"Eine \u00fcberlieferte Erz\u00e4hlung \u00fcber G\u00f6tter, Urspr\u00fcnge und die Ordnung der Welt.\" tabindex=\"0\">go\u00f0s\u00f6gu<\/span>.<\/p>\t\t\t\t\t\t\t\t<\/div>\n\t\t\t\t\t<\/div>\n\t\t\t\t<\/div>\n\t\t<div class=\"elementor-element elementor-element-iwgw-telipinu-kwd e-flex e-con-boxed e-con e-parent\" data-id=\"iwgw-telipinu-kwd\" data-element_type=\"container\" data-e-type=\"container\">\n\t\t\t\t\t<div class=\"e-con-inner\">\n\t\t<div class=\"elementor-element elementor-element-iwgw-telipinu-kwdc e-con-full e-flex e-con e-child\" data-id=\"iwgw-telipinu-kwdc\" data-element_type=\"container\" data-e-type=\"container\">\n\t\t\t\t<div class=\"elementor-element elementor-element-iwgw-telipinu-kwdt elementor-widget elementor-widget-text-editor\" data-id=\"iwgw-telipinu-kwdt\" data-element_type=\"widget\" data-e-type=\"widget\" data-widget_type=\"text-editor.default\">\n\t\t\t\t\t\t\t\t\t<p><em>Tengd lykilor\u00f0: Telipinu Het\u00edtar gr\u00f3\u00f0urgu\u00f0 eya-tr\u00e9 Kamru\u0161epa rei\u00f0i Tawiniya.<\/em><\/p>\t\t\t\t\t\t\t\t<\/div>\n\t\t\t\t<\/div>\n\t\t\t\t\t<\/div>\n\t\t\t\t<\/div>\n\t\t<div class=\"elementor-element elementor-element-iwgw-telipinu-cc e-flex e-con-boxed e-con e-parent\" data-id=\"iwgw-telipinu-cc\" data-element_type=\"container\" data-e-type=\"container\" id=\"iwg-cc-telipinu\">\n\t\t\t\t\t<div class=\"e-con-inner\">\n\t\t<div class=\"elementor-element elementor-element-iwgw-telipinu-ccinner e-flex e-con-boxed e-con e-parent\" data-id=\"iwgw-telipinu-ccinner\" data-element_type=\"container\" data-e-type=\"container\" data-settings=\"{&quot;background_background&quot;:&quot;classic&quot;}\">\n\t\t\t\t\t<div class=\"e-con-inner\">\n\t\t\t\t<div class=\"elementor-element elementor-element-iwgw-telipinu-cch elementor-widget elementor-widget-heading\" data-id=\"iwgw-telipinu-cch\" data-element_type=\"widget\" data-e-type=\"widget\" data-widget_type=\"heading.default\">\n\t\t\t\t\t<h2 class=\"elementor-heading-title elementor-size-default\">iWell Guard og verndarhef\u00f0ir<\/h2>\t\t\t\t<\/div>\n\t\t\t\t<div class=\"elementor-element elementor-element-iwgw-telipinu-cct elementor-widget elementor-widget-text-editor\" data-id=\"iwgw-telipinu-cct\" data-element_type=\"widget\" data-e-type=\"widget\" data-widget_type=\"text-editor.default\">\n\t\t\t\t\t\t\t\t\t<div data-nosnippet=\"true\"><p>iWell Guard tengist menningars\u00f6gulegri hef\u00f0 b\u00e6rra verndargripa, \u00ed hef\u00f0 <a href=\"https:\/\/iwell-guard.com\/is\/hettitar-anatolia-tarhunna-vernd\/\">Hitt\u00edta<\/a> og margra annarra menningarheima um allan heim. 41 l\u00f6g, alv\u00f6ru gull, plat\u00edna, silfur, framleitt \u00ed \u00de\u00fdskalandi. 30 daga skilar\u00e9ttur.<\/p><\/div>\t\t\t\t\t\t\t\t<\/div>\n\t\t\t\t<div class=\"elementor-element elementor-element-iwgw-telipinu-ccb iwg-cc-button iwg-cc-cta-2026-05-13 elementor-widget elementor-widget-jet-button\" data-id=\"iwgw-telipinu-ccb\" data-element_type=\"widget\" data-e-type=\"widget\" data-widget_type=\"jet-button.default\">\n\t\t\t\t<div class=\"elementor-widget-container\">\n\t\t\t\t\t<div class=\"elementor-jet-button jet-elements\"><div class=\"jet-button__container\"><a class=\"jet-button__instance jet-button__instance--icon-left hover-effect-1\" href=\"\/ueber-iwell-guard\/?utm_source=iwell-guard.com&amp;utm_medium=info-box&amp;utm_campaign=wesen-tradition\"><div class=\"jet-button__plane jet-button__plane-normal\"><\/div><div class=\"jet-button__plane jet-button__plane-hover\"><\/div><div class=\"jet-button__state jet-button__state-normal\"><span class=\"jet-button__label\">Meira um iWell Guard<\/span><\/div><div class=\"jet-button__state jet-button__state-hover\"><span class=\"jet-button__label\">Meira um iWell Guard<\/span><\/div><\/a><\/div><\/div><style>.elementor-element.elementor-element-iwgw-telipinu-ccb .jet-button__instance{width:320px;height:56px;}.elementor-element.elementor-element-iwgw-telipinu-ccb .jet-button__state-normal .jet-button__label{text-align:center;margin:0px 0px 0px 0px;color:#1a1b20;font-family:Montserrat,sans-serif;font-size:13px;font-weight:400;letter-spacing:4px;line-height:1.714em;text-transform:uppercase;}.elementor-element.elementor-element-iwgw-telipinu-ccb .jet-button__state-hover .jet-button__label{text-align:center;margin:0px 0px 0px 0px;color:#FECC76;font-family:Montserrat,sans-serif;font-size:13px;font-weight:400;letter-spacing:4px;line-height:1.714em;text-transform:uppercase;}.elementor-element.elementor-element-iwgw-telipinu-ccb .jet-button__plane-normal{background-color:#FECC76;border-style:solid;border-color:#C99540;border-width:2px 2px 2px 2px;}.elementor-element.elementor-element-iwgw-telipinu-ccb .jet-button__plane-hover{background-color:rgba(0,0,0,0.55);border-style:solid;border-color:#FECC76;border-width:2px 2px 2px 2px;}<\/style>\t\t\t\t<\/div>\n\t\t\t\t<\/div>\n\t\t\t\t<div class=\"elementor-element elementor-element-iwgw-telipinu-ccd elementor-widget elementor-widget-text-editor\" data-id=\"iwgw-telipinu-ccd\" data-element_type=\"widget\" data-e-type=\"widget\" data-widget_type=\"text-editor.default\">\n\t\t\t\t\t\t\t\t\t<div data-nosnippet=\"true\"><p style=\"text-align:center;font-size:13px;opacity:0.7;margin-top:14px\" data-nosnippet=\"true\">Pers\u00f3nuleg reynsla getur veri\u00f0 mismunandi. Ekki l\u00e6kningat\u00e6ki. Engin lofor\u00f0 um l\u00e6kningu.<\/p><\/div>\t\t\t\t\t\t\t\t<\/div>\n\t\t\t\t\t<\/div>\n\t\t\t\t<\/div>\n\t\t\t\t\t<\/div>\n\t\t\t\t<\/div>\n\t\t<div class=\"elementor-element elementor-element-iwgw-telipinu-disc e-flex e-con-boxed e-con e-parent\" data-id=\"iwgw-telipinu-disc\" data-element_type=\"container\" data-e-type=\"container\">\n\t\t\t\t\t<div class=\"e-con-inner\">\n\t\t\t\t<div class=\"elementor-element elementor-element-iwgw-telipinu-discw elementor-widget elementor-widget-html\" data-id=\"iwgw-telipinu-discw\" data-element_type=\"widget\" data-e-type=\"widget\" data-widget_type=\"html.default\">\n\t\t\t\t\t<footer data-nosnippet=\"true\" class=\"iwg-disclaimer-block\"><p data-nosnippet=\"true\">iWell Guard er <strong>ekki l\u00e6kningat\u00e6ki<\/strong> og kemur ekki \u00ed sta\u00f0inn fyrir l\u00e6knis- e\u00f0a s\u00e1lfr\u00e6\u00f0ime\u00f0fer\u00f0. Tr\u00faarfr\u00e6\u00f0ilegt efni er menningars\u00f6gulegt samhengi, ekki r\u00e1\u00f0legging um andlega i\u00f0kun.<\/p><\/footer>\t\t\t\t<\/div>\n\t\t\t\t\t<\/div>\n\t\t\t\t<\/div>\n\t\t\t\t<\/div>\n\t\t","protected":false},"excerpt":{"rendered":"","protected":false},"author":3,"featured_media":2842,"parent":0,"menu_order":0,"comment_status":"closed","ping_status":"closed","template":"elementor_header_footer","meta":{"_yoast_wpseo_focuskw":"Telipinu Het\u00edtar gr\u00f3\u00f0urgu\u00f0","_yoast_wpseo_title":"Telipinu \u2013 Het\u00edt\u00edskur gr\u00f3\u00f0urgu\u00f0, go\u00f0s\u00f6gn, d\u00fdrkun","_yoast_wpseo_metadesc":"Telipinu er het\u00edt\u00edskur gr\u00f3\u00f0urgu\u00f0 sem hvarf hans lei\u00f0ir til hungursney\u00f0ar. Tr\u00faarfr\u00e6\u00f0ileg \u00fattekt me\u00f0 go\u00f0s\u00f6gn og d\u00fdrkun.","_yoast_wpseo_meta-robots-noindex":"","_yoast_wpseo_canonical":"","_angie_page":false,"gefaehrdungsstufe":"3","wesen_kultur":"hethitisch","wesen_klasse":"goetter","footnotes":""},"categories":[],"class_list":["post-168961","page","type-page","status-publish","has-post-thumbnail","hentry"],"yoast_head":"<!-- This site is optimized with the Yoast SEO Premium plugin v27.7 (Yoast SEO v28.3) - https:\/\/yoast.com\/product\/yoast-seo-premium-wordpress\/ -->\n<title>Telipinu \u2013 Het\u00edt\u00edskur gr\u00f3\u00f0urgu\u00f0, go\u00f0s\u00f6gn, d\u00fdrkun<\/title>\n<meta name=\"description\" content=\"Telipinu er het\u00edt\u00edskur gr\u00f3\u00f0urgu\u00f0 sem hvarf hans lei\u00f0ir til hungursney\u00f0ar. Tr\u00faarfr\u00e6\u00f0ileg \u00fattekt me\u00f0 go\u00f0s\u00f6gn og d\u00fdrkun.\" \/>\n<meta name=\"robots\" content=\"index, follow, max-snippet:-1, max-image-preview:large, max-video-preview:-1\" \/>\n<link rel=\"canonical\" href=\"https:\/\/iwell-guard.com\/is\/telipinu-grodurgud-hetita\/\" \/>\n<meta property=\"og:locale\" content=\"is_IS\" \/>\n<meta property=\"og:type\" content=\"article\" \/>\n<meta property=\"og:title\" content=\"Telipinu \u2013 gr\u00f3\u00f0urgu\u00f0 Het\u00edta\" \/>\n<meta property=\"og:description\" content=\"Telipinu er het\u00edt\u00edskur gr\u00f3\u00f0urgu\u00f0 sem hvarf hans lei\u00f0ir til hungursney\u00f0ar. Tr\u00faarfr\u00e6\u00f0ileg \u00fattekt me\u00f0 go\u00f0s\u00f6gn og d\u00fdrkun.\" \/>\n<meta property=\"og:url\" content=\"https:\/\/iwell-guard.com\/is\/telipinu-grodurgud-hetita\/\" \/>\n<meta property=\"og:site_name\" content=\"iWell Guard\" \/>\n<meta property=\"article:modified_time\" content=\"2026-09-05T14:27:09+00:00\" \/>\n<meta property=\"og:image\" content=\"https:\/\/iwell-guard.com\/wp-content\/uploads\/2026\/05\/goetter_hethitisch_telipinu.webp\" \/>\n\t<meta property=\"og:image:width\" content=\"1024\" \/>\n\t<meta property=\"og:image:height\" content=\"1536\" \/>\n\t<meta property=\"og:image:type\" content=\"image\/webp\" \/>\n<meta name=\"twitter:card\" content=\"summary_large_image\" \/>\n<script type=\"application\/ld+json\" class=\"yoast-schema-graph\">{\"@context\":\"https:\\\/\\\/schema.org\",\"@graph\":[{\"@type\":\"WebPage\",\"@id\":\"https:\\\/\\\/iwell-guard.com\\\/is\\\/telipinu-grodurgud-hetita\\\/\",\"url\":\"https:\\\/\\\/iwell-guard.com\\\/is\\\/telipinu-grodurgud-hetita\\\/\",\"name\":\"Telipinu \u2013 Het\u00edt\u00edskur gr\u00f3\u00f0urgu\u00f0, go\u00f0s\u00f6gn, d\u00fdrkun\",\"isPartOf\":{\"@id\":\"https:\\\/\\\/iwell-guard.com\\\/is\\\/#website\"},\"primaryImageOfPage\":{\"@id\":\"https:\\\/\\\/iwell-guard.com\\\/is\\\/telipinu-grodurgud-hetita\\\/#primaryimage\"},\"image\":{\"@id\":\"https:\\\/\\\/iwell-guard.com\\\/is\\\/telipinu-grodurgud-hetita\\\/#primaryimage\"},\"thumbnailUrl\":\"https:\\\/\\\/iwell-guard.com\\\/wp-content\\\/uploads\\\/2026\\\/05\\\/goetter_hethitisch_telipinu.webp\",\"datePublished\":\"2026-09-05T14:04:24+00:00\",\"dateModified\":\"2026-09-05T14:27:09+00:00\",\"description\":\"Telipinu er het\u00edt\u00edskur gr\u00f3\u00f0urgu\u00f0 sem hvarf hans lei\u00f0ir til hungursney\u00f0ar. Tr\u00faarfr\u00e6\u00f0ileg \u00fattekt me\u00f0 go\u00f0s\u00f6gn og d\u00fdrkun.\",\"breadcrumb\":{\"@id\":\"https:\\\/\\\/iwell-guard.com\\\/is\\\/telipinu-grodurgud-hetita\\\/#breadcrumb\"},\"inLanguage\":\"is\",\"potentialAction\":[{\"@type\":\"ReadAction\",\"target\":[\"https:\\\/\\\/iwell-guard.com\\\/is\\\/telipinu-grodurgud-hetita\\\/\"]}]},{\"@type\":\"ImageObject\",\"inLanguage\":\"is\",\"@id\":\"https:\\\/\\\/iwell-guard.com\\\/is\\\/telipinu-grodurgud-hetita\\\/#primaryimage\",\"url\":\"https:\\\/\\\/iwell-guard.com\\\/wp-content\\\/uploads\\\/2026\\\/05\\\/goetter_hethitisch_telipinu.webp\",\"contentUrl\":\"https:\\\/\\\/iwell-guard.com\\\/wp-content\\\/uploads\\\/2026\\\/05\\\/goetter_hethitisch_telipinu.webp\",\"width\":1024,\"height\":1536,\"caption\":\"Gu\u00f0ir \u00far het\u00edta-hef\u00f0inni.\"},{\"@type\":\"BreadcrumbList\",\"@id\":\"https:\\\/\\\/iwell-guard.com\\\/is\\\/telipinu-grodurgud-hetita\\\/#breadcrumb\",\"itemListElement\":[{\"@type\":\"ListItem\",\"position\":1,\"name\":\"Start\",\"item\":\"https:\\\/\\\/iwell-guard.com\\\/is\\\/?page_id=168580\"},{\"@type\":\"ListItem\",\"position\":2,\"name\":\"Telipinu \u2013 gr\u00f3\u00f0urgu\u00f0 Het\u00edta\"}]},{\"@type\":\"WebSite\",\"@id\":\"https:\\\/\\\/iwell-guard.com\\\/is\\\/#website\",\"url\":\"https:\\\/\\\/iwell-guard.com\\\/is\\\/\",\"name\":\"iWell Guard\",\"description\":\"Schutz vor dunklen Einfl\u00fcssen\",\"publisher\":{\"@id\":\"https:\\\/\\\/iwell-guard.com\\\/is\\\/#organization\"},\"potentialAction\":[{\"@type\":\"SearchAction\",\"target\":{\"@type\":\"EntryPoint\",\"urlTemplate\":\"https:\\\/\\\/iwell-guard.com\\\/is\\\/?s={search_term_string}\"},\"query-input\":{\"@type\":\"PropertyValueSpecification\",\"valueRequired\":true,\"valueName\":\"search_term_string\"}}],\"inLanguage\":\"is\"},{\"@type\":\"Organization\",\"@id\":\"https:\\\/\\\/iwell-guard.com\\\/is\\\/#organization\",\"name\":\"Ittermann electronic GmbH\",\"url\":\"https:\\\/\\\/iwell-guard.com\\\/is\\\/\",\"logo\":{\"@type\":\"ImageObject\",\"inLanguage\":\"is\",\"@id\":\"https:\\\/\\\/iwell-guard.com\\\/is\\\/#\\\/schema\\\/logo\\\/image\\\/\",\"url\":\"https:\\\/\\\/iwell-guard.com\\\/wp-content\\\/uploads\\\/2026\\\/05\\\/Ittermann-Logo-1182x237-1.png\",\"contentUrl\":\"https:\\\/\\\/iwell-guard.com\\\/wp-content\\\/uploads\\\/2026\\\/05\\\/Ittermann-Logo-1182x237-1.png\",\"width\":1182,\"height\":237,\"caption\":\"Ittermann electronic GmbH\"},\"image\":{\"@id\":\"https:\\\/\\\/iwell-guard.com\\\/is\\\/#\\\/schema\\\/logo\\\/image\\\/\"},\"sameAs\":[\"https:\\\/\\\/pantip.com\\\/profile\\\/9367242\",\"https:\\\/\\\/micro.blog\\\/iwellguard\",\"https:\\\/\\\/www.diggerslist.com\\\/iwellguard\\\/about\",\"https:\\\/\\\/skitterphoto.com\\\/photographers\\\/2870314\\\/iwell-guard\",\"https:\\\/\\\/iwellguard.wordpress.com\\\/2026\\\/06\\\/06\\\/iwell-guard\\\/\",\"https:\\\/\\\/hub.docker.com\\\/u\\\/iwellguard\",\"https:\\\/\\\/www.pinterest.com\\\/iwellguard\\\/\",\"https:\\\/\\\/bit.ly\\\/m\\\/iwellguard\",\"https:\\\/\\\/entre-vos-mains.alsace.eu\\\/profiles\\\/iwellguard\\\/activity\",\"https:\\\/\\\/gravatar.com\\\/reallybeded8fd34\",\"https:\\\/\\\/naijamatta.com\\\/iwellguard\",\"https:\\\/\\\/www.goodreads.com\\\/iwellguard\",\"https:\\\/\\\/profile.hatena.ne.jp\\\/iwellguard\\\/\",\"https:\\\/\\\/experiment.com\\\/users\\\/iwellguard\",\"https:\\\/\\\/wakelet.com\\\/@iWellGuard82270\",\"https:\\\/\\\/www.chordie.com\\\/forum\\\/profile.php?id=2555664\",\"https:\\\/\\\/www.instapaper.com\\\/p\\\/17757966\",\"https:\\\/\\\/www.mapleprimes.com\\\/users\\\/iwellguard\",\"https:\\\/\\\/businesslistingplus.com\\\/profile\\\/iwell-guard\\\/\",\"https:\\\/\\\/telegra.ph\\\/iWell-Guard-06-06\",\"https:\\\/\\\/pbase.com\\\/iwellguard\\\/iwellguard\",\"https:\\\/\\\/b.hatena.ne.jp\\\/iwellguard\\\/20260607#bookmark-4788405196491818882\",\"https:\\\/\\\/fliphtml5.com\\\/home\\\/iwellguard\",\"https:\\\/\\\/anyflip.com\\\/homepage\\\/cmiwl#About\",\"https:\\\/\\\/transfur.com\\\/Users\\\/iwellguard\",\"http:\\\/\\\/delphi.larsbo.org\\\/user\\\/iwellguard\",\"https:\\\/\\\/jobs.lajobsportal.org\\\/profiles\\\/8380803-iwell-guard\",\"https:\\\/\\\/md.chaosdorf.de\\\/s\\\/jfbe5SBdJD\",\"https:\\\/\\\/www.lingvolive.com\\\/en-us\\\/profile\\\/9ecaeaca-ce11-4e51-9e71-01d55e2bff36\\\/translations\",\"https:\\\/\\\/www.fitday.com\\\/fitness\\\/forums\\\/members\\\/iwellguard.html\",\"https:\\\/\\\/www.mymeetbook.com\\\/iwellguard\",\"https:\\\/\\\/pxhere.com\\\/en\\\/photographer-me\\\/5040798\",\"https:\\\/\\\/disqus.com\\\/by\\\/iwellguard\\\/about\\\/\",\"https:\\\/\\\/pastelink.net\\\/hjwciqwq\",\"https:\\\/\\\/pubhtml5.com\\\/homepage\\\/scjhn\\\/\",\"https:\\\/\\\/www.bitchute.com\\\/channel\\\/2O2eOKzNqujT\",\"https:\\\/\\\/audiomack.com\\\/iwellguard\"]},{\"@type\":\"Article\",\"@id\":\"https:\\\/\\\/iwell-guard.com\\\/is\\\/telipinu-grodurgud-hetita\\\/#article\",\"isPartOf\":{\"@id\":\"https:\\\/\\\/iwell-guard.com\\\/is\\\/telipinu-grodurgud-hetita\\\/\"},\"author\":{\"name\":\"Ralf Ittermann\",\"@id\":\"https:\\\/\\\/iwell-guard.com\\\/is\\\/#\\\/schema\\\/person\\\/ee2a27f1cac3406c7c6fb5820cb7349f\"},\"headline\":\"Telipinu \u2013 gr\u00f3\u00f0urgu\u00f0 Het\u00edta\",\"datePublished\":\"2026-09-05T14:04:24+00:00\",\"dateModified\":\"2026-09-05T14:27:09+00:00\",\"mainEntityOfPage\":{\"@id\":\"https:\\\/\\\/iwell-guard.com\\\/is\\\/telipinu-grodurgud-hetita\\\/\"},\"publisher\":{\"@id\":\"https:\\\/\\\/iwell-guard.com\\\/is\\\/#organization\"},\"image\":{\"@id\":\"https:\\\/\\\/iwell-guard.com\\\/is\\\/telipinu-grodurgud-hetita\\\/#primaryimage\"},\"thumbnailUrl\":\"https:\\\/\\\/iwell-guard.com\\\/wp-content\\\/uploads\\\/2026\\\/05\\\/goetter_hethitisch_telipinu.webp\",\"inLanguage\":\"is\",\"description\":\"Telipinu er het\u00edt\u00edskur gr\u00f3\u00f0urgu\u00f0 sem hvarf hans lei\u00f0ir til hungursney\u00f0ar. Tr\u00faarfr\u00e6\u00f0ileg \u00fattekt me\u00f0 go\u00f0s\u00f6gn og d\u00fdrkun.\"}]}<\/script>\n<!-- \/ Yoast SEO Premium plugin. -->","yoast_head_json":{"title":"Telipinu \u2013 Het\u00edt\u00edskur gr\u00f3\u00f0urgu\u00f0, go\u00f0s\u00f6gn, d\u00fdrkun","description":"Telipinu er het\u00edt\u00edskur gr\u00f3\u00f0urgu\u00f0 sem hvarf hans lei\u00f0ir til hungursney\u00f0ar. Tr\u00faarfr\u00e6\u00f0ileg \u00fattekt me\u00f0 go\u00f0s\u00f6gn og d\u00fdrkun.","robots":{"index":"index","follow":"follow","max-snippet":"max-snippet:-1","max-image-preview":"max-image-preview:large","max-video-preview":"max-video-preview:-1"},"canonical":"https:\/\/iwell-guard.com\/is\/telipinu-grodurgud-hetita\/","og_locale":"is_IS","og_type":"article","og_title":"Telipinu \u2013 gr\u00f3\u00f0urgu\u00f0 Het\u00edta","og_description":"Telipinu er het\u00edt\u00edskur gr\u00f3\u00f0urgu\u00f0 sem hvarf hans lei\u00f0ir til hungursney\u00f0ar. Tr\u00faarfr\u00e6\u00f0ileg \u00fattekt me\u00f0 go\u00f0s\u00f6gn og d\u00fdrkun.","og_url":"https:\/\/iwell-guard.com\/is\/telipinu-grodurgud-hetita\/","og_site_name":"iWell Guard","article_modified_time":"2026-09-05T14:27:09+00:00","og_image":[{"width":1024,"height":1536,"url":"https:\/\/iwell-guard.com\/wp-content\/uploads\/2026\/05\/goetter_hethitisch_telipinu.webp","type":"image\/webp"}],"twitter_card":"summary_large_image","schema":{"@context":"https:\/\/schema.org","@graph":[{"@type":"Article","@id":"https:\/\/iwell-guard.com\/is\/telipinu-grodurgud-hetita\/#article","isPartOf":{"@id":"https:\/\/iwell-guard.com\/is\/telipinu-grodurgud-hetita\/"},"author":{"name":"Ralf Ittermann","@id":"https:\/\/iwell-guard.com\/is\/#\/schema\/person\/ee2a27f1cac3406c7c6fb5820cb7349f"},"headline":"Telipinu \u2013 gr\u00f3\u00f0urgu\u00f0 Het\u00edta","datePublished":"2026-09-05T14:04:24+00:00","dateModified":"2026-09-05T14:27:09+00:00","mainEntityOfPage":{"@id":"https:\/\/iwell-guard.com\/is\/telipinu-grodurgud-hetita\/"},"publisher":{"@id":"https:\/\/iwell-guard.com\/is\/#organization"},"image":{"@id":"https:\/\/iwell-guard.com\/is\/telipinu-grodurgud-hetita\/#primaryimage"},"thumbnailUrl":"https:\/\/iwell-guard.com\/wp-content\/uploads\/2026\/05\/goetter_hethitisch_telipinu.webp","inLanguage":"is","description":"Telipinu er het\u00edt\u00edskur gr\u00f3\u00f0urgu\u00f0 sem hvarf hans lei\u00f0ir til hungursney\u00f0ar. Tr\u00faarfr\u00e6\u00f0ileg \u00fattekt me\u00f0 go\u00f0s\u00f6gn og d\u00fdrkun."},{"@type":"WebPage","@id":"https:\/\/iwell-guard.com\/is\/telipinu-grodurgud-hetita\/","url":"https:\/\/iwell-guard.com\/is\/telipinu-grodurgud-hetita\/","name":"Telipinu \u2013 Het\u00edt\u00edskur gr\u00f3\u00f0urgu\u00f0, go\u00f0s\u00f6gn, d\u00fdrkun","isPartOf":{"@id":"https:\/\/iwell-guard.com\/is\/#website"},"primaryImageOfPage":{"@id":"https:\/\/iwell-guard.com\/is\/telipinu-grodurgud-hetita\/#primaryimage"},"image":{"@id":"https:\/\/iwell-guard.com\/is\/telipinu-grodurgud-hetita\/#primaryimage"},"thumbnailUrl":"https:\/\/iwell-guard.com\/wp-content\/uploads\/2026\/05\/goetter_hethitisch_telipinu.webp","datePublished":"2026-09-05T14:04:24+00:00","dateModified":"2026-09-05T14:27:09+00:00","description":"Telipinu er het\u00edt\u00edskur gr\u00f3\u00f0urgu\u00f0 sem hvarf hans lei\u00f0ir til hungursney\u00f0ar. Tr\u00faarfr\u00e6\u00f0ileg \u00fattekt me\u00f0 go\u00f0s\u00f6gn og d\u00fdrkun.","breadcrumb":{"@id":"https:\/\/iwell-guard.com\/is\/telipinu-grodurgud-hetita\/#breadcrumb"},"inLanguage":"is","potentialAction":[{"@type":"ReadAction","target":["https:\/\/iwell-guard.com\/is\/telipinu-grodurgud-hetita\/"]}]},{"@type":"ImageObject","inLanguage":"is","@id":"https:\/\/iwell-guard.com\/is\/telipinu-grodurgud-hetita\/#primaryimage","url":"https:\/\/iwell-guard.com\/wp-content\/uploads\/2026\/05\/goetter_hethitisch_telipinu.webp","contentUrl":"https:\/\/iwell-guard.com\/wp-content\/uploads\/2026\/05\/goetter_hethitisch_telipinu.webp","width":1024,"height":1536,"caption":"Gu\u00f0ir \u00far het\u00edta-hef\u00f0inni."},{"@type":"BreadcrumbList","@id":"https:\/\/iwell-guard.com\/is\/telipinu-grodurgud-hetita\/#breadcrumb","itemListElement":[{"@type":"ListItem","position":1,"name":"Start","item":"https:\/\/iwell-guard.com\/is\/?page_id=168580"},{"@type":"ListItem","position":2,"name":"Telipinu \u2013 gr\u00f3\u00f0urgu\u00f0 Het\u00edta"}]},{"@type":"WebSite","@id":"https:\/\/iwell-guard.com\/is\/#website","url":"https:\/\/iwell-guard.com\/is\/","name":"iWell Guard","description":"Schutz vor dunklen Einfl\u00fcssen","publisher":{"@id":"https:\/\/iwell-guard.com\/is\/#organization"},"potentialAction":[{"@type":"SearchAction","target":{"@type":"EntryPoint","urlTemplate":"https:\/\/iwell-guard.com\/is\/?s={search_term_string}"},"query-input":{"@type":"PropertyValueSpecification","valueRequired":true,"valueName":"search_term_string"}}],"inLanguage":"is"},{"@type":"Organization","@id":"https:\/\/iwell-guard.com\/is\/#organization","name":"Ittermann electronic GmbH","url":"https:\/\/iwell-guard.com\/is\/","logo":{"@type":"ImageObject","inLanguage":"is","@id":"https:\/\/iwell-guard.com\/is\/#\/schema\/logo\/image\/","url":"https:\/\/iwell-guard.com\/wp-content\/uploads\/2026\/05\/Ittermann-Logo-1182x237-1.png","contentUrl":"https:\/\/iwell-guard.com\/wp-content\/uploads\/2026\/05\/Ittermann-Logo-1182x237-1.png","width":1182,"height":237,"caption":"Ittermann electronic GmbH"},"image":{"@id":"https:\/\/iwell-guard.com\/is\/#\/schema\/logo\/image\/"},"sameAs":["https:\/\/pantip.com\/profile\/9367242","https:\/\/micro.blog\/iwellguard","https:\/\/www.diggerslist.com\/iwellguard\/about","https:\/\/skitterphoto.com\/photographers\/2870314\/iwell-guard","https:\/\/iwellguard.wordpress.com\/2026\/06\/06\/iwell-guard\/","https:\/\/hub.docker.com\/u\/iwellguard","https:\/\/www.pinterest.com\/iwellguard\/","https:\/\/bit.ly\/m\/iwellguard","https:\/\/entre-vos-mains.alsace.eu\/profiles\/iwellguard\/activity","https:\/\/gravatar.com\/reallybeded8fd34","https:\/\/naijamatta.com\/iwellguard","https:\/\/www.goodreads.com\/iwellguard","https:\/\/profile.hatena.ne.jp\/iwellguard\/","https:\/\/experiment.com\/users\/iwellguard","https:\/\/wakelet.com\/@iWellGuard82270","https:\/\/www.chordie.com\/forum\/profile.php?id=2555664","https:\/\/www.instapaper.com\/p\/17757966","https:\/\/www.mapleprimes.com\/users\/iwellguard","https:\/\/businesslistingplus.com\/profile\/iwell-guard\/","https:\/\/telegra.ph\/iWell-Guard-06-06","https:\/\/pbase.com\/iwellguard\/iwellguard","https:\/\/b.hatena.ne.jp\/iwellguard\/20260607#bookmark-4788405196491818882","https:\/\/fliphtml5.com\/home\/iwellguard","https:\/\/anyflip.com\/homepage\/cmiwl#About","https:\/\/transfur.com\/Users\/iwellguard","http:\/\/delphi.larsbo.org\/user\/iwellguard","https:\/\/jobs.lajobsportal.org\/profiles\/8380803-iwell-guard","https:\/\/md.chaosdorf.de\/s\/jfbe5SBdJD","https:\/\/www.lingvolive.com\/en-us\/profile\/9ecaeaca-ce11-4e51-9e71-01d55e2bff36\/translations","https:\/\/www.fitday.com\/fitness\/forums\/members\/iwellguard.html","https:\/\/www.mymeetbook.com\/iwellguard","https:\/\/pxhere.com\/en\/photographer-me\/5040798","https:\/\/disqus.com\/by\/iwellguard\/about\/","https:\/\/pastelink.net\/hjwciqwq","https:\/\/pubhtml5.com\/homepage\/scjhn\/","https:\/\/www.bitchute.com\/channel\/2O2eOKzNqujT","https:\/\/audiomack.com\/iwellguard"]},{"@type":"Person","@id":"https:\/\/iwell-guard.com\/is\/#\/schema\/person\/ee2a27f1cac3406c7c6fb5820cb7349f","name":"Ralf Ittermann","image":{"@type":"ImageObject","inLanguage":"is","@id":"https:\/\/secure.gravatar.com\/avatar\/073c0153e350a5005b68eb752b445fea71f6b24a26da9449ad7e155e6b446c9d?s=96&d=mm&r=g","url":"https:\/\/secure.gravatar.com\/avatar\/073c0153e350a5005b68eb752b445fea71f6b24a26da9449ad7e155e6b446c9d?s=96&d=mm&r=g","contentUrl":"https:\/\/secure.gravatar.com\/avatar\/073c0153e350a5005b68eb752b445fea71f6b24a26da9449ad7e155e6b446c9d?s=96&d=mm&r=g","caption":"Ralf Ittermann"},"givenName":"Ralf","familyName":"Ittermann","jobTitle":"Gesch\u00e4ftsf\u00fchrer und redaktioneller Verantwortlicher","url":"https:\/\/iwell-guard.com\/is\/author\/claude\/","description":"Ralf Ittermann ist Gesch\u00e4ftsf\u00fchrer der Ittermann electronic GmbH und redaktioneller Verantwortlicher des iWell-Guard-Lexikons. Er verbindet langj\u00e4hrige Erfahrung in der Pr\u00e4zisionsfertigung mit medialer Praxis und religionsgeschichtlicher Quellenarbeit.","worksFor":{"@type":"Organization","name":"Ittermann electronic GmbH","url":"https:\/\/ittermann.de\/","address":{"@type":"PostalAddress","streetAddress":"K\u00f6hlergasse 16-18","postalCode":"99842","addressLocality":"Ruhla","addressCountry":"DE"}},"knowsAbout":["Religionsgeschichte","Mythologie","Mediale Praxis","Energetische Diagnostik","Schutzpraxis","Volksglauben","Westliche Esoterik"]},{"@type":"Article","@id":"https:\/\/iwell-guard.com\/is\/telipinu-grodurgud-hetita\/#article","isPartOf":{"@id":"https:\/\/iwell-guard.com\/is\/telipinu-grodurgud-hetita\/"},"author":{"name":"Ralf Ittermann","@id":"https:\/\/iwell-guard.com\/is\/#\/schema\/person\/ee2a27f1cac3406c7c6fb5820cb7349f"},"headline":"Telipinu \u2013 gr\u00f3\u00f0urgu\u00f0 Het\u00edta","datePublished":"2026-09-05T14:04:24+00:00","dateModified":"2026-09-05T14:27:09+00:00","mainEntityOfPage":{"@id":"https:\/\/iwell-guard.com\/is\/telipinu-grodurgud-hetita\/"},"publisher":{"@id":"https:\/\/iwell-guard.com\/is\/#organization"},"image":{"@id":"https:\/\/iwell-guard.com\/is\/telipinu-grodurgud-hetita\/#primaryimage"},"thumbnailUrl":"https:\/\/iwell-guard.com\/wp-content\/uploads\/2026\/05\/goetter_hethitisch_telipinu.webp","inLanguage":"is","description":"Telipinu er het\u00edt\u00edskur gr\u00f3\u00f0urgu\u00f0 sem hvarf hans lei\u00f0ir til hungursney\u00f0ar. Tr\u00faarfr\u00e6\u00f0ileg \u00fattekt me\u00f0 go\u00f0s\u00f6gn og d\u00fdrkun."}]}},"_links":{"self":[{"href":"https:\/\/iwell-guard.com\/is\/wp-json\/wp\/v2\/pages\/168961","targetHints":{"allow":["GET"]}}],"collection":[{"href":"https:\/\/iwell-guard.com\/is\/wp-json\/wp\/v2\/pages"}],"about":[{"href":"https:\/\/iwell-guard.com\/is\/wp-json\/wp\/v2\/types\/page"}],"author":[{"embeddable":true,"href":"https:\/\/iwell-guard.com\/is\/wp-json\/wp\/v2\/users\/3"}],"replies":[{"embeddable":true,"href":"https:\/\/iwell-guard.com\/is\/wp-json\/wp\/v2\/comments?post=168961"}],"version-history":[{"count":0,"href":"https:\/\/iwell-guard.com\/is\/wp-json\/wp\/v2\/pages\/168961\/revisions"}],"wp:featuredmedia":[{"embeddable":true,"href":"https:\/\/iwell-guard.com\/is\/wp-json\/wp\/v2\/media\/2842"}],"wp:attachment":[{"href":"https:\/\/iwell-guard.com\/is\/wp-json\/wp\/v2\/media?parent=168961"}],"wp:term":[{"taxonomy":"category","embeddable":true,"href":"https:\/\/iwell-guard.com\/is\/wp-json\/wp\/v2\/categories?post=168961"}],"curies":[{"name":"wp","href":"https:\/\/api.w.org\/{rel}","templated":true}]}}