{"id":168960,"date":"2026-09-05T14:04:23","date_gmt":"2026-09-05T14:04:23","guid":{"rendered":"https:\/\/iwell-guard.com\/?page_id=168960"},"modified":"2026-09-05T14:27:03","modified_gmt":"2026-09-05T14:27:03","slug":"arinna-solargydja-arinna","status":"publish","type":"page","link":"https:\/\/iwell-guard.com\/is\/arinna-solargydja-arinna\/","title":{"rendered":"Arinna \u2013 S\u00f3largy\u00f0ja Arinna"},"content":{"rendered":"\t\t<div data-elementor-type=\"wp-page\" data-elementor-id=\"168960\" class=\"elementor elementor-168960 elementor-2615 elementor-bc-flex-widget\" data-elementor-post-type=\"page\">\n\t\t\t\t<div class=\"elementor-element elementor-element-iwgw-arinna-hero e-flex e-con-boxed e-con e-parent\" data-id=\"iwgw-arinna-hero\" data-element_type=\"container\" data-e-type=\"container\" data-settings=\"{&quot;background_background&quot;:&quot;classic&quot;}\">\n\t\t\t\t\t<div class=\"e-con-inner\">\n\t\t<div class=\"elementor-element elementor-element-iwgw-arinna-hl e-flex e-con-boxed e-con e-child\" data-id=\"iwgw-arinna-hl\" data-element_type=\"container\" data-e-type=\"container\">\n\t\t\t\t\t<div class=\"e-con-inner\">\n\t\t<div class=\"elementor-element elementor-element-iwgw-arinna-htxt e-con-full e-flex e-con e-child\" data-id=\"iwgw-arinna-htxt\" data-element_type=\"container\" data-e-type=\"container\">\n\t\t\t\t<div class=\"elementor-element elementor-element-iwgw-arinna-h1 elementor-widget elementor-widget-heading\" data-id=\"iwgw-arinna-h1\" data-element_type=\"widget\" data-e-type=\"widget\" data-widget_type=\"heading.default\">\n\t\t\t\t\t<h1 class=\"elementor-heading-title elementor-size-default\">Arinna, s\u00f3largy\u00f0ja og \u00e6\u00f0sta r\u00edkisgy\u00f0ja Het\u00edta<\/h1>\t\t\t\t<\/div>\n\t\t\t\t<div class=\"elementor-element elementor-element-iwgw-arinna-lead elementor-widget elementor-widget-text-editor\" data-id=\"iwgw-arinna-lead\" data-element_type=\"widget\" data-e-type=\"widget\" data-widget_type=\"text-editor.default\">\n\t\t\t\t\t\t\t\t\t<p>S\u00f3largy\u00f0jan af Arinna, \u00e1 het\u00edsku <em>D UTU URU Arinna<\/em>, er \u00e6\u00f0sta kvenkyns <span class=\"iwg-fachbegriff\" data-tooltip=\"Vera sem er tilbe\u00f0in sem gu\u00f0leg innan tr\u00faarbrag\u00f0a.\" tabindex=\"0\">go\u00f0m\u00f6gn<\/span> hins het\u00edska r\u00edkisgu\u00f0aheims. H\u00fan er \u00e1k\u00f6llu\u00f0 \u00ed b\u00e6num drottningar Pudu\u1e2bepa sem &#8216;drottning \u1e2aatti, h\u00fasfreyja landanna&#8217; og telst verndargy\u00f0ja st\u00f3rkonunganna og trygging konungd\u00f3msins.<\/p>\t\t\t\t\t\t\t\t<\/div>\n\t\t\t\t<\/div>\n\t\t<div class=\"elementor-element elementor-element-iwgw-arinna-pillc e-con-full e-flex e-con e-child\" data-id=\"iwgw-arinna-pillc\" data-element_type=\"container\" data-e-type=\"container\">\n\t\t\t\t<div class=\"elementor-element elementor-element-iwgw-arinna-pills elementor-widget elementor-widget-html\" data-id=\"iwgw-arinna-pills\" data-element_type=\"widget\" data-e-type=\"widget\" data-widget_type=\"html.default\">\n\t\t\t\t\t<div class=\"iwg-pill-row\"><span class=\"iwg-klasse-badge\" tabindex=\"0\" data-tooltip=\"Gy\u00f0ja het\u00edsku hef\u00f0arinnar.\">Gy\u00f0ja<\/span><a href=\"https:\/\/iwell-guard.com\/is\/hettitar-anatolia-tarhunna-vernd\/\" class=\"iwg-kultur-badge\" tabindex=\"0\" data-tooltip=\"Go\u00f0afr\u00e6\u00f0i het\u00edsku hef\u00f0arinnar.\">Het\u00edska<\/a><span class=\"iwg-tradition-badge\" tabindex=\"0\" data-tooltip=\"\u00c6\u00f0sta r\u00edkisgo\u00f0m\u00f6gn.\">\u00c6\u00f0sta r\u00edkisgo\u00f0m\u00f6gn<\/span><\/div>\t\t\t\t<\/div>\n\t\t\t\t<\/div>\n\t\t<div class=\"elementor-element elementor-element-iwgw-arinna-tocc e-con-full e-flex e-con e-child\" data-id=\"iwgw-arinna-tocc\" data-element_type=\"container\" data-e-type=\"container\">\n\t\t\t\t<div class=\"elementor-element elementor-element-iwgw-arinna-toc elementor-toc--minimized-on-tablet elementor-widget elementor-widget-table-of-contents\" data-id=\"iwgw-arinna-toc\" data-element_type=\"widget\" data-e-type=\"widget\" data-settings=\"{&quot;headings_by_tags&quot;:[&quot;h2&quot;,&quot;h3&quot;],&quot;minimize_box&quot;:&quot;yes&quot;,&quot;marker_view&quot;:&quot;bullets&quot;,&quot;no_headings_message&quot;:&quot;Engar undirfyrirsagnir fundust \\u00e1 \\u00feessari s\\u00ed\\u00f0u.&quot;,&quot;exclude_headings_by_selector&quot;:[],&quot;icon&quot;:{&quot;value&quot;:&quot;fas fa-circle&quot;,&quot;library&quot;:&quot;fa-solid&quot;,&quot;rendered_tag&quot;:&quot;&lt;svg class=\\&quot;e-font-icon-svg e-fas-circle\\&quot; viewBox=\\&quot;0 0 512 512\\&quot; xmlns=\\&quot;http:\\\/\\\/www.w3.org\\\/2000\\\/svg\\&quot;&gt;&lt;path d=\\&quot;M256 8C119 8 8 119 8 256s111 248 248 248 248-111 248-248S393 8 256 8z\\&quot;&gt;&lt;\\\/path&gt;&lt;\\\/svg&gt;&quot;},&quot;minimized_on&quot;:&quot;tablet&quot;,&quot;hierarchical_view&quot;:&quot;yes&quot;,&quot;min_height&quot;:{&quot;unit&quot;:&quot;px&quot;,&quot;size&quot;:&quot;&quot;,&quot;sizes&quot;:[]},&quot;min_height_tablet&quot;:{&quot;unit&quot;:&quot;px&quot;,&quot;size&quot;:&quot;&quot;,&quot;sizes&quot;:[]},&quot;min_height_mobile&quot;:{&quot;unit&quot;:&quot;px&quot;,&quot;size&quot;:&quot;&quot;,&quot;sizes&quot;:[]}}\" data-widget_type=\"table-of-contents.default\">\n\t\t\t\t\t\t\t\t\t<div class=\"elementor-toc__header\">\n\t\t\t\t\t\t<h2 class=\"elementor-toc__header-title\">\n\t\t\t\tEfnisyfirlit\t\t\t<\/h2>\n\t\t\t\t\t\t\t\t\t\t<div class=\"elementor-toc__toggle-button elementor-toc__toggle-button--expand\" role=\"button\" tabindex=\"0\" aria-controls=\"elementor-toc__iwgw-arinna-toc\" aria-expanded=\"true\" aria-label=\"Open table of contents\"><svg aria-hidden=\"true\" class=\"e-font-icon-svg e-fas-chevron-down\" viewBox=\"0 0 448 512\" xmlns=\"http:\/\/www.w3.org\/2000\/svg\"><path d=\"M207.029 381.476L12.686 187.132c-9.373-9.373-9.373-24.569 0-33.941l22.667-22.667c9.357-9.357 24.522-9.375 33.901-.04L224 284.505l154.745-154.021c9.379-9.335 24.544-9.317 33.901.04l22.667 22.667c9.373 9.373 9.373 24.569 0 33.941L240.971 381.476c-9.373 9.372-24.569 9.372-33.942 0z\"><\/path><\/svg><\/div>\n\t\t\t\t<div class=\"elementor-toc__toggle-button elementor-toc__toggle-button--collapse\" role=\"button\" tabindex=\"0\" aria-controls=\"elementor-toc__iwgw-arinna-toc\" aria-expanded=\"true\" aria-label=\"Close table of contents\"><svg aria-hidden=\"true\" class=\"e-font-icon-svg e-fas-chevron-up\" viewBox=\"0 0 448 512\" xmlns=\"http:\/\/www.w3.org\/2000\/svg\"><path d=\"M240.971 130.524l194.343 194.343c9.373 9.373 9.373 24.569 0 33.941l-22.667 22.667c-9.357 9.357-24.522 9.375-33.901.04L224 227.495 69.255 381.516c-9.379 9.335-24.544 9.317-33.901-.04l-22.667-22.667c-9.373-9.373-9.373-24.569 0-33.941L207.03 130.525c9.372-9.373 24.568-9.373 33.941-.001z\"><\/path><\/svg><\/div>\n\t\t\t\t\t<\/div>\n\t\t\t\t<div id=\"elementor-toc__iwgw-arinna-toc\" class=\"elementor-toc__body\">\n\t\t\t<div class=\"elementor-toc__spinner-container\">\n\t\t\t\t<svg class=\"elementor-toc__spinner eicon-animation-spin e-font-icon-svg e-eicon-loading\" aria-hidden=\"true\" viewBox=\"0 0 1000 1000\" xmlns=\"http:\/\/www.w3.org\/2000\/svg\"><path d=\"M500 975V858C696 858 858 696 858 500S696 142 500 142 142 304 142 500H25C25 237 238 25 500 25S975 237 975 500 763 975 500 975Z\"><\/path><\/svg>\t\t\t<\/div>\n\t\t<\/div>\n\t\t\t\t\t\t<\/div>\n\t\t\t\t<\/div>\n\t\t\t\t\t<\/div>\n\t\t\t\t<\/div>\n\t\t<div class=\"elementor-element elementor-element-iwgw-arinna-hr e-con-full e-flex e-con e-child\" data-id=\"iwgw-arinna-hr\" data-element_type=\"container\" data-e-type=\"container\">\n\t\t\t\t<div class=\"elementor-element elementor-element-iwgw-arinna-heroimg iwg-hero-image elementor-widget elementor-widget-image\" data-id=\"iwgw-arinna-heroimg\" data-element_type=\"widget\" data-e-type=\"widget\" data-widget_type=\"image.default\">\n\t\t\t\t\t\t\t\t\t\t\t\t\t\t\t<img fetchpriority=\"high\" decoding=\"async\" width=\"683\" height=\"1024\" src=\"https:\/\/iwell-guard.com\/wp-content\/uploads\/2026\/05\/goetter_hethitisch_arinna-683x1024.webp\" class=\"attachment-large size-large wp-image-170821\" alt=\"Arinna - Gu\u00f0ir \u00far hett\u00edt\u00edskri hef\u00f0, s\u00f6guleg myndskreyting\" srcset=\"https:\/\/iwell-guard.com\/wp-content\/uploads\/2026\/05\/goetter_hethitisch_arinna-683x1024.webp 683w, https:\/\/iwell-guard.com\/wp-content\/uploads\/2026\/05\/goetter_hethitisch_arinna-200x300.webp 200w, https:\/\/iwell-guard.com\/wp-content\/uploads\/2026\/05\/goetter_hethitisch_arinna-768x1152.webp 768w, https:\/\/iwell-guard.com\/wp-content\/uploads\/2026\/05\/goetter_hethitisch_arinna.webp 1024w\" sizes=\"(max-width: 683px) 100vw, 683px\" \/>\t\t\t\t\t\t\t\t\t\t\t\t\t\t\t<\/div>\n\t\t\t\t<\/div>\n\t\t\t\t\t<\/div>\n\t\t\t\t<\/div>\n\t\t<div class=\"elementor-element elementor-element-iwgw-arinna-s0 e-flex e-con-boxed e-con e-parent\" data-id=\"iwgw-arinna-s0\" data-element_type=\"container\" data-e-type=\"container\">\n\t\t\t\t\t<div class=\"e-con-inner\">\n\t\t\t\t<div class=\"elementor-element elementor-element-iwgw-arinna-s0h elementor-widget elementor-widget-heading\" data-id=\"iwgw-arinna-s0h\" data-element_type=\"widget\" data-e-type=\"widget\" data-widget_type=\"heading.default\">\n\t\t\t\t\t<h2 class=\"elementor-heading-title elementor-size-default\">Greining og skammrit<\/h2>\t\t\t\t<\/div>\n\t\t<div class=\"elementor-element elementor-element-iwgw-arinna-s0c e-con-full e-flex e-con e-child\" data-id=\"iwgw-arinna-s0c\" data-element_type=\"container\" data-e-type=\"container\">\n\t\t\t\t<div class=\"elementor-element elementor-element-iwgw-arinna-s0t elementor-widget elementor-widget-text-editor\" data-id=\"iwgw-arinna-s0t\" data-element_type=\"widget\" data-e-type=\"widget\" data-widget_type=\"text-editor.default\">\n\t\t\t\t\t\t\t\t\t<p>S\u00f3largy\u00f0jan af Arinna, \u00ed styttri mynd Arinna e\u00f0a Wuru\u0161emu, tilheyrir elsta lagi anat\u00f3lska go\u00f0aheimsins og er af hatt\u00edsku bergi brotin, \u00fear me\u00f0 forind\u00f3evr\u00f3psk. Volkert Haas hefur \u00ed <em>Geschichte der hethitischen Religion<\/em> (1994) s\u00fdnt fram \u00e1 a\u00f0 het\u00edsku st\u00f3rkonungarnir hafi opinberlega hafi\u00f0 hina hatt\u00edsku borgargy\u00f0ju Arinna til st\u00f6\u00f0u \u00e6\u00f0stu kvenkyns r\u00edkisgo\u00f0magnar.<\/p><p>\u00c1samt <a href=\"https:\/\/iwell-guard.com\/is\/?page_id=168959\">Tarhunna<\/a> myndar h\u00fan \u00e6\u00f0sta go\u00f0apar r\u00edkisins og gegnir \u00e1berandi hlutverki \u00ed h\u00e1t\u00ed\u00f0ardagatalinu, \u00ed r\u00edkissamningum og \u00ed konungsgu\u00f0fr\u00e6\u00f0inni.<\/p><p>\u00cd hlutverki s\u00ednu er h\u00fan ekki s\u00f3lin sem himintungl, heldur drottnari dagsins og trygging konunglegrar vir\u00f0ingar. Het\u00edski st\u00f3rkonungurinn kallar sig \u00ed m\u00f6rgum \u00e1letrunum &#8216;s\u00f3l m\u00edn&#8217;, \u00fea\u00f0 er: sonur e\u00f0a sta\u00f0gengill s\u00f3largy\u00f0junnar.<\/p><p>Trevor Bryce hefur \u00ed <em>Life and Society in the Hittite World<\/em> (2002) l\u00fdst \u00feessari gu\u00f0fr\u00e6\u00f0ilegu sm\u00ed\u00f0 \u00edtarlega og s\u00fdnt hvernig h\u00fan r\u00e9ttl\u00e6tir konungd\u00f3mi\u00f0.<\/p><p>Arinna er fr\u00e1brug\u00f0in mes\u00f3p\u00f3tam\u00edska s\u00f3lgu\u00f0num \u0160ama\u0161 a\u00f0 \u00fev\u00ed leyti a\u00f0 h\u00fan er kvenkyns; \u00ed Anat\u00f3l\u00edu var s\u00f3lin kvenkyns, forn kyn\u00fathlutun sem fellur saman vi\u00f0 tungum\u00e1lam\u00f6rk hatt\u00edsku og ind\u00f3evr\u00f3psku og er tr\u00faars\u00f6guleg merkileg.<\/p><p>Hin <a href=\"https:\/\/iwell-guard.com\/is\/hettitar-anatolia-tarhunna-vernd\/\">het\u00edska hef\u00f0<\/a> var\u00f0veitir \u00feannig forind\u00f3evr\u00f3pska anat\u00f3lska arfleif\u00f0 innan ind\u00f3evr\u00f3pskrar r\u00edkistr\u00faar, <span class=\"iwg-fachbegriff\" data-tooltip=\"Samruni hugmynda e\u00f0a gu\u00f0d\u00f3ma \u00far mismunandi tr\u00faarhef\u00f0um.\" tabindex=\"0\">samruni tr\u00faarforma<\/span> sem Piotr Taracha hefur l\u00fdst kerfisbundi\u00f0 \u00ed <em>Religions of Second Millennium Anatolia<\/em> (2009).<\/p>\t\t\t\t\t\t\t\t<\/div>\n\t\t\t\t<\/div>\n\t\t\t\t\t<\/div>\n\t\t\t\t<\/div>\n\t\t<div class=\"elementor-element elementor-element-iwgw-arinna-s1 e-flex e-con-boxed e-con e-parent\" data-id=\"iwgw-arinna-s1\" data-element_type=\"container\" data-e-type=\"container\">\n\t\t\t\t\t<div class=\"e-con-inner\">\n\t\t\t\t<div class=\"elementor-element elementor-element-iwgw-arinna-s1h elementor-widget elementor-widget-heading\" data-id=\"iwgw-arinna-s1h\" data-element_type=\"widget\" data-e-type=\"widget\" data-widget_type=\"heading.default\">\n\t\t\t\t\t<h2 class=\"elementor-heading-title elementor-size-default\">Nafn og or\u00f0sifjar<\/h2>\t\t\t\t<\/div>\n\t\t<div class=\"elementor-element elementor-element-iwgw-arinna-s1c e-con-full e-flex e-con e-child\" data-id=\"iwgw-arinna-s1c\" data-element_type=\"container\" data-e-type=\"container\">\n\t\t\t\t<div class=\"elementor-element elementor-element-iwgw-arinna-s1t elementor-widget elementor-widget-text-editor\" data-id=\"iwgw-arinna-s1t\" data-element_type=\"widget\" data-e-type=\"widget\" data-widget_type=\"text-editor.default\">\n\t\t\t\t\t\t\t\t\t<p>Nafni\u00f0 Arinna er sta\u00f0arheiti; gy\u00f0jan er nefnd eftir borginni \u00fear sem a\u00f0alhelgista\u00f0ur hennar var.<\/p><p>N\u00e1kv\u00e6m sta\u00f0setning Arinna hefur enn ekki veri\u00f0 sta\u00f0fest me\u00f0 fornleifafr\u00e6\u00f0ilegri vissu; till\u00f6gur hafa beinst a\u00f0 st\u00f6\u00f0um \u00ed nor\u00f0anver\u00f0ri Anat\u00f3l\u00edu, s\u00e9rstaklega Alaca H\u00f6y\u00fck og Sapinuwa. Borgarnafni\u00f0 Arinna er sj\u00e1lft af hatt\u00edskum uppruna og \u00fe\u00fd\u00f0ir sennilega &#8216;lind&#8217; e\u00f0a &#8216;brunnur&#8217;.<\/p><p>Hatt\u00edska s\u00e9rnafn hennar er <em>Wuru\u0161emu<\/em>, hugsanlega or\u00f0r\u00e9tt &#8216;m\u00f3\u00f0ir jar\u00f0arinnar&#8217; e\u00f0a &#8216;m\u00f3\u00f0ir landsins&#8217;. Het\u00edska \u00fe\u00fd\u00f0ingin er <em>D UTU URU Arinna<\/em>, &#8216;s\u00f3largo\u00f0m\u00f6gn borgarinnar Arinna&#8217;. \u00c1 hurr\u00edsku er h\u00fan sams\u00f6mu\u00f0 <a href=\"https:\/\/iwell-guard.com\/is\/?page_id=168964\">Hebat<\/a>, sams\u00f6mun sem drottning Pudu\u1e2bepa l\u00fdsir berum or\u00f0um \u00ed hinni fr\u00e6gu <span class=\"iwg-fachbegriff\" data-tooltip=\"M\u00e1ttleg \u00e1v\u00f6rpun manns til gu\u00f0d\u00f3ms.\" tabindex=\"0\">b\u00e6n<\/span> sinni: &#8216;S\u00f3largy\u00f0ja Arinna, h\u00fasfreyja m\u00edn, \u00fe\u00fa ert drottning allra landa; \u00ed \u1e2aatti gafst \u00fe\u00fa \u00fe\u00e9r nafni\u00f0 S\u00f3largy\u00f0ja Arinna, \u00ed landinu sem \u00fe\u00fa skapa\u00f0ir sem sedrusland, gafst \u00fe\u00fa \u00fe\u00e9r nafni\u00f0 Hebat.&#8217;<\/p><p>Uppruni or\u00f0sins og nafngu\u00f0fr\u00e6\u00f0in hafa veri\u00f0 \u00edtarlega r\u00e6dd af Piotr Taracha \u00ed <em>Religions of Second Millennium Anatolia<\/em> (2009).<\/p><p>S\u00e9rstakur vandi felst \u00ed \u00fev\u00ed a\u00f0 <em>D UTU<\/em> getur ekki a\u00f0eins \u00e1tt vi\u00f0 s\u00f3largy\u00f0juna af Arinna, heldur einnig \u00f6nnur s\u00f3larvera \u00e1 bor\u00f0 vi\u00f0 &#8216;s\u00f3largy\u00f0ju jar\u00f0arins&#8217; (kth\u00f3n\u00edsk) e\u00f0a hina karlkyns l\u00fav\u00edsku s\u00f3largo\u00f0m\u00f6gn Tiwaz. N\u00e1kv\u00e6m greining ver\u00f0ur \u00ed hverju tilviki a\u00f0 r\u00e1\u00f0ast af samhenginu.<\/p>\t\t\t\t\t\t\t\t<\/div>\n\t\t\t\t<\/div>\n\t\t\t\t\t<\/div>\n\t\t\t\t<\/div>\n\t\t<div class=\"elementor-element elementor-element-iwgw-arinna-s2 e-flex e-con-boxed e-con e-parent\" data-id=\"iwgw-arinna-s2\" data-element_type=\"container\" data-e-type=\"container\">\n\t\t\t\t\t<div class=\"e-con-inner\">\n\t\t\t\t<div class=\"elementor-element elementor-element-iwgw-arinna-s2h elementor-widget elementor-widget-heading\" data-id=\"iwgw-arinna-s2h\" data-element_type=\"widget\" data-e-type=\"widget\" data-widget_type=\"heading.default\">\n\t\t\t\t\t<h2 class=\"elementor-heading-title elementor-size-default\">L\u00fdsing og myndm\u00e1l<\/h2>\t\t\t\t<\/div>\n\t\t<div class=\"elementor-element elementor-element-iwgw-arinna-s2c e-con-full e-flex e-con e-child\" data-id=\"iwgw-arinna-s2c\" data-element_type=\"container\" data-e-type=\"container\">\n\t\t\t\t<div class=\"elementor-element elementor-element-iwgw-arinna-s2t elementor-widget elementor-widget-text-editor\" data-id=\"iwgw-arinna-s2t\" data-element_type=\"widget\" data-e-type=\"widget\" data-widget_type=\"text-editor.default\">\n\t\t\t\t\t\t\t\t\t<p>\u00cd myndlist birtist Arinna sem h\u00e1s\u00e6tisgy\u00f0ja \u00ed l\u00f6ngum, fellingar\u00edkum kl\u00e6\u00f0na\u00f0i, me\u00f0 h\u00e1a polos-k\u00f3r\u00f3nu og s\u00f3lsk\u00edfu sem einkennist\u00e1kn. \u00cd Yaz\u0131l\u0131kaya, hinu mikla bergheilagi n\u00e1l\u00e6gt \u1e2aattu\u0161a, stendur h\u00fan fremst \u00ed fylkingu kvenlegu go\u00f0anna og stendur andsp\u00e6nis karlkyns hli\u00f0st\u00e6\u00f0u sinni Tarhunna \u00ed mi\u00f0ju a\u00f0alhvelfingu A.<\/p><p>V\u00e6ngja\u00f0a s\u00f3lsk\u00edfan yfir h\u00f6f\u00f0i hennar er fornt mes\u00f3p\u00f3tam\u00edskt og eyjahafslegt <span class=\"iwg-fachbegriff\" data-tooltip=\"T\u00e1kn sem stendur fyrir hugmynd e\u00f0a merkingu.\" tabindex=\"0\">t\u00e1kn<\/span> sem het\u00edska myndhef\u00f0in t\u00f3k upp.<\/p><p>\u00c1 m\u00f6rgum konunglegum innsiglum, svo sem bullunum \u00far Ni\u015fanta\u015f-safninu, birtist s\u00f3lsk\u00edfan sem konunglegt tignarmerki; \u00fear stendur h\u00fan fyrir verndun s\u00f3largy\u00f0junnar yfir \u00fej\u00f3\u00f0h\u00f6f\u00f0ingjanum.<\/p><p>D\u00fdramynd gy\u00f0junnar er sjaldnar sta\u00f0fest; einstakir textar tala um \u00f6rn sem sitji \u00e1 hendi hennar, auk lj\u00f3nynju sem rei\u00f0d\u00fdr hennar. \u00cd hatt\u00edsk-het\u00edska sta\u00f0ald\u00fdrkuninni, \u00feeim hringlaga bronsst\u00f6\u00f0lum me\u00f0 d\u00fdraturnum \u00far Alaca H\u00f6y\u00fck, er s\u00f3lsk\u00edfan notu\u00f0 sem mi\u00f0l\u00e6gt t\u00e1kn.<\/p><p>Athygli vekur hve f\u00e1 fr\u00edstandandi d\u00fdrkunarl\u00edkneski af Arinna eru var\u00f0veitt. Hin het\u00edska <span class=\"iwg-fachbegriff\" data-tooltip=\"V\u00edsindaleg fr\u00e6\u00f0i um gu\u00f0 og tr\u00fa innan tr\u00faarbrag\u00f0a.\" tabindex=\"0\">gu\u00f0fr\u00e6\u00f0i<\/span> einbeitti myndr\u00e6nni framsetningu sinni a\u00f0 r\u00edkisst\u00fdr\u00f0um bergmyndum og innsiglum; l\u00edkneski \u00ed mes\u00f3p\u00f3tam\u00edskum skilningi hafa varla var\u00f0veist.<\/p><p>Musteralistar nefna \u00fe\u00f3 &#8216;s\u00f3lsk\u00edfuna \u00far gulli&#8217; og &#8216;mynd s\u00f3largy\u00f0junnar \u00far silfri&#8217; sem mikilv\u00e6ga d\u00fdrkunargripi, en engir sl\u00edkir hafa var\u00f0veist \u00ed raun. Volkert Haas hefur \u00ed <em>Materia Magica et Medica Hethitica<\/em> (2003) l\u00fdst \u00feessari myndhef\u00f0 \u00ed sm\u00e1atri\u00f0um.<\/p>\t\t\t\t\t\t\t\t<\/div>\n\t\t\t\t<\/div>\n\t\t\t\t\t<\/div>\n\t\t\t\t<\/div>\n\t\t<div class=\"elementor-element elementor-element-iwgw-arinna-s3 e-flex e-con-boxed e-con e-parent\" data-id=\"iwgw-arinna-s3\" data-element_type=\"container\" data-e-type=\"container\">\n\t\t\t\t\t<div class=\"e-con-inner\">\n\t\t\t\t<div class=\"elementor-element elementor-element-iwgw-arinna-s3h elementor-widget elementor-widget-heading\" data-id=\"iwgw-arinna-s3h\" data-element_type=\"widget\" data-e-type=\"widget\" data-widget_type=\"heading.default\">\n\t\t\t\t\t<h2 class=\"elementor-heading-title elementor-size-default\">Go\u00f0sagnakenndar fr\u00e1sagnir<\/h2>\t\t\t\t<\/div>\n\t\t<div class=\"elementor-element elementor-element-iwgw-arinna-s3c e-con-full e-flex e-con e-child\" data-id=\"iwgw-arinna-s3c\" data-element_type=\"container\" data-e-type=\"container\">\n\t\t\t\t<div class=\"elementor-element elementor-element-iwgw-arinna-s3t elementor-widget elementor-widget-text-editor\" data-id=\"iwgw-arinna-s3t\" data-element_type=\"widget\" data-e-type=\"widget\" data-widget_type=\"text-editor.default\">\n\t\t\t\t\t\t\t\t\t<p>\u00d3l\u00edkt <a href=\"https:\/\/iwell-guard.com\/is\/?page_id=168959\">Tarhunna<\/a> e\u00f0a <a href=\"https:\/\/iwell-guard.com\/is\/?page_id=168961\">Telipinu<\/a> er Arinna varla sta\u00f0fest sem virk pers\u00f3na \u00ed go\u00f0s\u00f6gum. H\u00fan kemur a\u00f0allega fram \u00ed b\u00e6num, s\u00e1lmum og s\u00e1ttm\u00e1latextum.<\/p><p>Mikilv\u00e6gasta heimildin er <span class=\"iwg-fachbegriff\" data-tooltip=\"M\u00e1lleg \u00e1v\u00f6rpun manns til go\u00f0s.\" tabindex=\"0\">b\u00e6n<\/span> drottningarinnar Pudu\u1e2bepu (CTH 384), \u00fear sem st\u00f3rdrottningin b\u00e6nir gy\u00f0juna um l\u00e6kningu fyrir eiginmann sinn, hinn sj\u00faka \u1e2aattu\u0161ili III. <span class=\"iwg-fachbegriff\" data-tooltip=\"M\u00e1lleg \u00e1v\u00f6rpun manns til go\u00f0s.\" tabindex=\"0\">B\u00e6nin<\/span> hefur a\u00f0 geyma \u00edtarlega <span class=\"iwg-fachbegriff\" data-tooltip=\"Fr\u00e6\u00f0ileg kenning um gu\u00f0 og tr\u00fa innan tr\u00faarbrag\u00f0a.\" tabindex=\"0\">gu\u00f0fr\u00e6\u00f0i<\/span> gy\u00f0junnar sem \u00e1byrg\u00f0ara\u00f0ila konungd\u00f3msins og er einn af b\u00f3kmenntalega \u00fatf\u00e6r\u00f0ustu textum het\u00edtskrar tr\u00faarbrag\u00f0a.<\/p><p>\u00cd go\u00f0s\u00f6gunum kemur Arinna oftast fram sem &#8216;m\u00f3\u00f0ir&#8217; annarra gu\u00f0a, s\u00e9rstaklega sem m\u00f3\u00f0ir ve\u00f0urgu\u00f0s himinsins og tungl- og korngy\u00f0junnar Mezzullu, sem g\u00e6ti veri\u00f0 hj\u00e1vera hennar sj\u00e1lfrar.<\/p><p>\u00cd fornhet\u00edtskri h\u00e1t\u00ed\u00f0arath\u00f6fn er h\u00fan s\u00fdnd sem d\u00f3mari \u00ed go\u00f0ar\u00e1\u00f0inu. \u00cd texta sem var\u00f0veist hefur brotakenndur harmar h\u00fan horfningu <a href=\"https:\/\/iwell-guard.com\/is\/?page_id=168961\">Telipinu<\/a> og sendir \u00f6rn til a\u00f0 leita hans; \u00f6rninn fer\u00f0ast um heiminn en finnur hann ekki.<\/p><p>Tr\u00faarbrag\u00f0afr\u00e6\u00f0ilega er \u00feessi skortur \u00e1 go\u00f0s\u00f6gum d\u00e6miger\u00f0ur fyrir samsetningu het\u00edtska <span class=\"iwg-fachbegriff\" data-tooltip=\"Heild gu\u00f0a tr\u00faarbrag\u00f0a e\u00f0a menningar.\" tabindex=\"0\">go\u00f0aheimsins<\/span>: \u00e6\u00f0stu r\u00edkisgu\u00f0irnir eru fremur l\u00f6gfr\u00e6\u00f0ilegir og p\u00f3lit\u00edskir \u00e1byrg\u00f0ara\u00f0ilar en s\u00f6gupers\u00f3nur. Go\u00f0sagnaleg virkni f\u00e6rist yfir \u00e1 s\u00ed\u00f0ari kynsl\u00f3\u00f0ir eins og Telipinu, <a href=\"https:\/\/iwell-guard.com\/is\/?page_id=168968\">Sarruma<\/a> e\u00f0a <a href=\"https:\/\/iwell-guard.com\/is\/?page_id=168966\">Ullikummi<\/a>. Gary Beckman hefur bent \u00e1 \u00feetta \u00ed <em>Hittite Myths<\/em> (1998) sem d\u00e6migert einkenni het\u00edtskrar r\u00edkistr\u00faar.<\/p>\t\t\t\t\t\t\t\t<\/div>\n\t\t\t\t<\/div>\n\t\t\t\t\t<\/div>\n\t\t\t\t<\/div>\n\t\t<div class=\"elementor-element elementor-element-iwgw-arinna-s4 e-flex e-con-boxed e-con e-parent\" data-id=\"iwgw-arinna-s4\" data-element_type=\"container\" data-e-type=\"container\">\n\t\t\t\t\t<div class=\"e-con-inner\">\n\t\t\t\t<div class=\"elementor-element elementor-element-iwgw-arinna-s4h elementor-widget elementor-widget-heading\" data-id=\"iwgw-arinna-s4h\" data-element_type=\"widget\" data-e-type=\"widget\" data-widget_type=\"heading.default\">\n\t\t\t\t\t<h2 class=\"elementor-heading-title elementor-size-default\">D\u00fdrkun og tilbei\u00f0sla<\/h2>\t\t\t\t<\/div>\n\t\t<div class=\"elementor-element elementor-element-iwgw-arinna-s4c e-con-full e-flex e-con e-child\" data-id=\"iwgw-arinna-s4c\" data-element_type=\"container\" data-e-type=\"container\">\n\t\t\t\t<div class=\"elementor-element elementor-element-iwgw-arinna-s4t elementor-widget elementor-widget-text-editor\" data-id=\"iwgw-arinna-s4t\" data-element_type=\"widget\" data-e-type=\"widget\" data-widget_type=\"text-editor.default\">\n\t\t\t\t\t\t\t\t\t<p><span class=\"iwg-fachbegriff\" data-tooltip=\"Heild tr\u00faarlegra tilbei\u00f0sluathafna fyrir gu\u00f0 e\u00f0a heilaga v\u00e6tti.\" tabindex=\"0\">D\u00fdrkun<\/span> s\u00f3largy\u00f0junnar fr\u00e1 Arinna var n\u00e1i\u00f0 samofin konungd\u00f3mnum. \u00cd het\u00edtska h\u00e1t\u00ed\u00f0ardagatalinu var me\u00f0al annars hin mikla vorh\u00e1t\u00ed\u00f0 <em>AN.TA\u1e2a.\u0160UM<\/em> tileinku\u00f0 henni, 38 daga h\u00e1t\u00ed\u00f0arhringur sem textar hennar eru vel a\u00f0gengilegir \u00ed \u00fatg\u00e1fu Volkert Haas og Liane Jakob-Rost.<\/p><p>Me\u00f0an \u00e1 h\u00e1t\u00ed\u00f0inni st\u00f3\u00f0 heims\u00f3tti st\u00f3rkonungurinn mikilv\u00e6gustu tilbei\u00f0slusta\u00f0i gy\u00f0junnar \u00ed \u1e2aattu\u0161a, Arinna og Nerik \u00ed reglubundinni fer\u00f0ar\u00f6\u00f0.<\/p><p><span class=\"iwg-fachbegriff\" data-tooltip=\"Bygging sem er tileinku\u00f0 tilbei\u00f0slu einnar e\u00f0a fleiri gu\u00f0a.\" tabindex=\"0\">Hofi\u00f0<\/span> hennar \u00ed \u1e2aattu\u0161a er \u00ed textunum nefnt &#8216;<span class=\"iwg-fachbegriff\" data-tooltip=\"Bygging sem er tileinku\u00f0 tilbei\u00f0slu einnar e\u00f0a fleiri gu\u00f0a.\" tabindex=\"0\">hof<\/span> s\u00f3largy\u00f0junnar&#8217; og er au\u00f0kennt me\u00f0 St\u00f3ra <span class=\"iwg-fachbegriff\" data-tooltip=\"Bygging sem er tileinku\u00f0 tilbei\u00f0slu einnar e\u00f0a fleiri gu\u00f0a.\" tabindex=\"0\">hofinu<\/span> \u00ed ne\u00f0ri borgarhlutanum. \u00cd eignaskr\u00e1nni finnast silfur- og gulls\u00f3lsk\u00edfur, d\u00fdrkunarkl\u00e6\u00f0i, nautamyndir og leirk\u00falur, en tr\u00faarleg virkni \u00feeirra er enn ekki fullkomlega sk\u00fdr\u00f0.<\/p><p>Joost Hazenbos hefur \u00ed <em>The Organization of the Anatolian Local Cults<\/em> (2003) greint prestlega stigveldi\u00f0: Yfirma\u00f0ur var <em>SANGA-prestur<\/em>, sem haf\u00f0i nokkrar kvenprestar og anna\u00f0 d\u00fdrkunarstarfsf\u00f3lk undir sinni stj\u00f3rn.<\/p><p>S\u00e9rkenni er greftrun konunganna undir hennar verndarv\u00e6ng: <em>\u0161alli\u0161 wa\u0161tai\u0161<\/em>, &#8216;hinn mikli gl\u00e6pur&#8217;, het\u00edtska myndm\u00e1li\u00f0 yfir dau\u00f0a konungsins, var haldin me\u00f0 14 daga greftrunarath\u00f6fn sem l\u00fdsir umbreytingu konungsins \u00ed gu\u00f0lega v\u00e6tti undir vernd s\u00f3largy\u00f0junnar.<\/p><p>\u00datg\u00e1fa Heinrich Otten <em>Hethitische Totenrituale<\/em> (1958) er enn \u00ed dag r\u00e1\u00f0andi. \u00cd ath\u00f6fninni &#8216;ver\u00f0ur konungurinn gu\u00f0&#8217;, eins og het\u00edtska form\u00falan segir; hann yfirgefur heim hinna dau\u00f0legu og gengur til s\u00f3largy\u00f0junnar \u00e1 himnum.<\/p>\t\t\t\t\t\t\t\t<\/div>\n\t\t\t\t<\/div>\n\t\t\t\t\t<\/div>\n\t\t\t\t<\/div>\n\t\t<div class=\"elementor-element elementor-element-iwgw-arinna-s5 e-flex e-con-boxed e-con e-parent\" data-id=\"iwgw-arinna-s5\" data-element_type=\"container\" data-e-type=\"container\">\n\t\t\t\t\t<div class=\"e-con-inner\">\n\t\t\t\t<div class=\"elementor-element elementor-element-iwgw-arinna-s5h elementor-widget elementor-widget-heading\" data-id=\"iwgw-arinna-s5h\" data-element_type=\"widget\" data-e-type=\"widget\" data-widget_type=\"heading.default\">\n\t\t\t\t\t<h2 class=\"elementor-heading-title elementor-size-default\">Verndara\u00f0ger\u00f0ir og fr\u00e1hrindandi t\u00e1kn<\/h2>\t\t\t\t<\/div>\n\t\t<div class=\"elementor-element elementor-element-iwgw-arinna-s5c e-con-full e-flex e-con e-child\" data-id=\"iwgw-arinna-s5c\" data-element_type=\"container\" data-e-type=\"container\">\n\t\t\t\t<div class=\"elementor-element elementor-element-iwgw-arinna-s5t elementor-widget elementor-widget-text-editor\" data-id=\"iwgw-arinna-s5t\" data-element_type=\"widget\" data-e-type=\"widget\" data-widget_type=\"text-editor.default\">\n\t\t\t\t\t\t\t\t\t<p>Arinna var verndargy\u00f0ja konungsins og konungd\u00f3msins; verndarhlutverk hennar sneri s\u00ed\u00f0ur a\u00f0 einstaklingnum en a\u00f0 r\u00edkis\u00e6tt konungsfj\u00f6lskyldunnar. \u00c1 konungsinnsiglum stendur v\u00e6ngja\u00f0a s\u00f3lsk\u00edfan yfir nafni konungsins; h\u00fan var b\u00e6\u00f0i au\u00f0kennismerki og verndarform\u00fala. \u00cd vasalas\u00e1ttm\u00e1lum er h\u00fan k\u00f6llu\u00f0 fram sem \u00f6nnur <span class=\"iwg-fachbegriff\" data-tooltip=\"Vera sem er tilbe\u00f0in sem gu\u00f0leg innan tr\u00faarbrag\u00f0a.\" tabindex=\"0\">gu\u00f0<\/span> eftir Tarhunna, me\u00f0 s\u00f6mu refsiform\u00falu: svik lei\u00f0a til ey\u00f0ingarrei\u00f0i hennar.<\/p><p>\u00cd einkal\u00edfi er d\u00fdrkun s\u00f3largy\u00f0junnar s\u00ed\u00f0ur vel skjalfest. St\u00f6ku sinnum koma fram konur sem me\u00f0 hj\u00e1lp &#8216;G\u00f6mlu konunnar&#8217; (<em>\u1e2aAR.\u1e2aAR<\/em>) framkv\u00e6ma <span class=\"iwg-fachbegriff\" data-tooltip=\"Regluleg atbur\u00f0ar\u00e1s t\u00e1knr\u00e6nna athafna me\u00f0 tr\u00faarlegri e\u00f0a menningarlegri merkingu.\" tabindex=\"0\">ath\u00f6fn<\/span> til s\u00f3largy\u00f0junnar, til d\u00e6mis vegna \u00f3frj\u00f3semi e\u00f0a \u00feungra sj\u00fakd\u00f3ma.<\/p><p>S\u00f3largy\u00f0ja jar\u00f0arins, sj\u00e1lfst\u00e6\u00f0 hj\u00e1vera me\u00f0 undirheimalega virkni, er einnig oft \u00e1k\u00f6llu\u00f0 \u00ed \u00feessum ath\u00f6fnum; h\u00fan er ekki s\u00fa sama og s\u00f3largy\u00f0jan fr\u00e1 Arinna, en er gu\u00f0fr\u00e6\u00f0ilega n\u00e1i\u00f0 tengd henni. Umskiptin fr\u00e1 dagshimninum til undirheimanna gerast \u00ed gegnum tv\u00ed\u00fe\u00e6tta virkni s\u00f3larins: a\u00f0 morgni og kv\u00f6ldi fer h\u00fan yfir sj\u00f3ndeildarhringinn og st\u00edgur \u00feannig milli heimanna.<\/p><p>Fr\u00e1 fr\u00e6\u00f0ilegu sj\u00f3narhorni er tv\u00ed\u00fe\u00e6tt virkni s\u00f3largy\u00f0junnar sem himnesk drottning og undirheimaleg valdherra athyglisver\u00f0; h\u00fan s\u00fdnir n\u00e1in tengsl dags, n\u00e6tur og dau\u00f0a \u00ed het\u00edtskri heimsmynd.<\/p><p data-nosnippet=\"true\">iWell Guard l\u00edtur \u00e1 Arinnu sem s\u00f6gulega og tr\u00faarbrag\u00f0afr\u00e6\u00f0ilega pers\u00f3nu \u00e1n tengsla vi\u00f0 n\u00fat\u00edma heilsulofor\u00f0. <span class=\"iwg-fachbegriff\" data-tooltip=\"Illvarnandi: um t\u00e1kn og hluti sem \u00e6tla\u00f0 er a\u00f0 halda ska\u00f0legum \u00e1hrifum \u00ed fjarl\u00e6g\u00f0.\" tabindex=\"0\">Verndandi<\/span> voru s\u00f3lsk\u00edfur felldar inn \u00ed dyra- og gluggabita, venja sem er sta\u00f0fest fornleifafr\u00e6\u00f0ilega \u00e1 nokkrum het\u00edtskum st\u00f6\u00f0um.<\/p>\t\t\t\t\t\t\t\t<\/div>\n\t\t\t\t<\/div>\n\t\t\t\t\t<\/div>\n\t\t\t\t<\/div>\n\t\t<div class=\"elementor-element elementor-element-iwgw-arinna-s6 e-flex e-con-boxed e-con e-parent\" data-id=\"iwgw-arinna-s6\" data-element_type=\"container\" data-e-type=\"container\">\n\t\t\t\t\t<div class=\"e-con-inner\">\n\t\t\t\t<div class=\"elementor-element elementor-element-iwgw-arinna-s6h elementor-widget elementor-widget-heading\" data-id=\"iwgw-arinna-s6h\" data-element_type=\"widget\" data-e-type=\"widget\" data-widget_type=\"heading.default\">\n\t\t\t\t\t<h2 class=\"elementor-heading-title elementor-size-default\">Hli\u00f0st\u00e6\u00f0ur \u00ed \u00f6\u00f0rum menningarheimum<\/h2>\t\t\t\t<\/div>\n\t\t<div class=\"elementor-element elementor-element-iwgw-arinna-s6c e-con-full e-flex e-con e-child\" data-id=\"iwgw-arinna-s6c\" data-element_type=\"container\" data-e-type=\"container\">\n\t\t\t\t<div class=\"elementor-element elementor-element-iwgw-arinna-s6t elementor-widget elementor-widget-text-editor\" data-id=\"iwgw-arinna-s6t\" data-element_type=\"widget\" data-e-type=\"widget\" data-widget_type=\"text-editor.default\">\n\t\t\t\t\t\t\t\t\t<p>Kvenkyns kynfer\u00f0i s\u00f3larins er \u00f3venjulegt \u00ed hinum forna Austurl\u00f6ndum n\u00e6r; \u00e1 akkad\u00edsku er \u0160ama\u0161 karlkyns, s\u00f6mulei\u00f0is \u00e1 \u00fagar\u00edt\u00edsku \u0160apa\u0161 (\u00fe\u00f3tt s\u00fa s\u00ed\u00f0arnefnda s\u00e9 t\u00falku\u00f0 sem kvenkyns \u00fer\u00e1tt fyrir formlegt karlkyn), og \u00e1 <a href=\"https:\/\/iwell-guard.com\/is\/fonikiumenn-og-kartago-baal-tanit\/\">f\u00f6nik\u00edsku<\/a> \u0160ap\u0161u. Hatt\u00edsk hef\u00f0in stendur h\u00e9r n\u00e6r norr\u00e6nni S\u00f3l, lith\u00e1\u00edsku Saul\u0117 og jap\u00f6nsku Amaterasu.<\/p><p>S\u00f6gulega er kvenkyn s\u00f3larins t\u00falka\u00f0 sem fornt einkenni sem hafi veri\u00f0 b\u00e6lt ni\u00f0ur vegna \u00e1hrifa fe\u00f0raveldislegrar stormgu\u00f0afr\u00e6\u00f0i.<\/p><p>Einnig innan Anat\u00f3l\u00edu sj\u00e1lfrar er Arinna ekki eina kvenkyns s\u00f3larveran. L\u00fav\u00edtar \u00feekktu <em>Tiwaz<\/em> sem karlkyns s\u00f3lgu\u00f0, en einnig jar\u00f0neska s\u00f3largy\u00f0ju samhli\u00f0a honum. Volkert Haas setti fram kerfisbundna a\u00f0greiningu milli mismunandi s\u00f3larh\u00fdstasa \u00ed <em>Materia Magica et Medica Hethitica<\/em> (2003).<\/p><p>Hatt\u00edska kvenkyns s\u00f3lin, hitt\u00edska kvenkyns s\u00f3lin, l\u00fav\u00edska karlkyns s\u00f3lin og hin jar\u00f0neska s\u00f3largy\u00f0ja myndar fl\u00f3ki\u00f0 s\u00f3lar-<span class=\"iwg-fachbegriff\" data-tooltip=\"Heild gu\u00f0a innan tr\u00faarbrag\u00f0a e\u00f0a menningar.\" tabindex=\"0\">go\u00f0aveldi<\/span> sem a\u00f0eins er unnt a\u00f0 grei\u00f0a \u00far me\u00f0 vanda\u00f0ri frumgagnagreiningu.<\/p><p>\u00cd hlutverki s\u00ednu sem konungleg verndargy\u00f0ja er Arinna samb\u00e6rileg <a href=\"https:\/\/iwell-guard.com\/is\/?page_id=168964\">Hebat<\/a> \u00far h\u00farr\u00edt\u00edska <span class=\"iwg-fachbegriff\" data-tooltip=\"Heild gu\u00f0a innan tr\u00faarbrag\u00f0a e\u00f0a menningar.\" tabindex=\"0\">go\u00f0aveldinu<\/span> og hinni mes\u00f3p\u00f3tam\u00edsku I\u0161tar sem r\u00edkisverndargy\u00f0ju; h\u00e9r birtist einnig ger\u00f0 r\u00edkisgo\u00f0aveldis s\u00ed\u00f0bronsaldar, \u00fear sem \u00e6\u00f0sta kvenkyns <span class=\"iwg-fachbegriff\" data-tooltip=\"Vera sem tilbe\u00f0in er sem gu\u00f0leg innan tr\u00faarbrag\u00f0a.\" tabindex=\"0\">gu\u00f0veran<\/span> tekur a\u00f0 s\u00e9r \u00e6ttarveldislegar skyldur.<\/p>\t\t\t\t\t\t\t\t<\/div>\n\t\t\t\t<\/div>\n\t\t\t\t\t<\/div>\n\t\t\t\t<\/div>\n\t\t<div class=\"elementor-element elementor-element-iwgw-arinna-s7 e-flex e-con-boxed e-con e-parent\" data-id=\"iwgw-arinna-s7\" data-element_type=\"container\" data-e-type=\"container\">\n\t\t\t\t\t<div class=\"e-con-inner\">\n\t\t\t\t<div class=\"elementor-element elementor-element-iwgw-arinna-s7h elementor-widget elementor-widget-heading\" data-id=\"iwgw-arinna-s7h\" data-element_type=\"widget\" data-e-type=\"widget\" data-widget_type=\"heading.default\">\n\t\t\t\t\t<h2 class=\"elementor-heading-title elementor-size-default\">N\u00fat\u00edmavi\u00f0t\u00f6kur og ranns\u00f3knir<\/h2>\t\t\t\t<\/div>\n\t\t<div class=\"elementor-element elementor-element-iwgw-arinna-s7c e-con-full e-flex e-con e-child\" data-id=\"iwgw-arinna-s7c\" data-element_type=\"container\" data-e-type=\"container\">\n\t\t\t\t<div class=\"elementor-element elementor-element-iwgw-arinna-s7t elementor-widget elementor-widget-text-editor\" data-id=\"iwgw-arinna-s7t\" data-element_type=\"widget\" data-e-type=\"widget\" data-widget_type=\"text-editor.default\">\n\t\t\t\t\t\t\t\t\t<p>Arinna er vel skjalfest \u00ed ranns\u00f3knum n\u00fat\u00edmans. Me\u00f0al mikilv\u00e6gra ranns\u00f3kna eru verk Volkerts Haas, Daniels Schwemer, Piotrs Taracha, Garys Beckman og Itamars Singer.<\/p><p>Singer \u00fe\u00fdddi og sk\u00fdr\u00f0i mikilv\u00e6gustu b\u00e6nirnar til Arinnu \u00ed <em>Hittite Prayers<\/em> (SBL 2002). Pudu\u1e2bepu-<span class=\"iwg-fachbegriff\" data-tooltip=\"M\u00e1lleg \u00e1varpsath\u00f6fn manns til gu\u00f0veru.\" tabindex=\"0\">b\u00e6nin<\/span> telst til b\u00f3kmenntalega merkustu frumgagna \u00ed tr\u00faarbrag\u00f0as\u00f6gu forn-Austurlanda n\u00e6r og er oft vitna\u00f0 til hennar innan samanbur\u00f0ar-<span class=\"iwg-fachbegriff\" data-tooltip=\"V\u00edsindagrein sem rannsakar tr\u00faarbr\u00f6g\u00f0 \u00e1 samanbur\u00f0arlegan h\u00e1tt \u00e1n tr\u00faarlegrar afst\u00f6\u00f0u.\" tabindex=\"0\">tr\u00faarbrag\u00f0afr\u00e6\u00f0i<\/span>.<\/p><p>\u00cd n\u00fat\u00edma Tyrklandi er Arinna varla \u00feekkt me\u00f0al almennings, en sta\u00f0bundin fer\u00f0am\u00e1la\u00e1tak \u00ed \u00c7orum og Yozgat hafa hafi\u00f0 a\u00f0 nota s\u00f3lsk\u00edfuna fr\u00e1 Alaca H\u00f6y\u00fck sem menningarlegt <span class=\"iwg-fachbegriff\" data-tooltip=\"T\u00e1kn sem stendur fyrir hugmynd e\u00f0a merkingu.\" tabindex=\"0\">t\u00e1kn<\/span>. \u00cd merki tyrkneska hitt\u00edtafr\u00e6\u00f0a\u00feingsins birtist v\u00e6ngja\u00f0a s\u00f3lsk\u00edfan. Andlega m\u00f3tt\u00f6ku \u00ed n\u00fdhei\u00f0num skilningi, eins og algengt er hj\u00e1 norr\u00e6num gy\u00f0jum, er varla a\u00f0 finna fyrir Arinnu.<\/p><p>Fr\u00e6\u00f0ilega er Arinna \u00ed dag mest til umr\u00e6\u00f0u \u00ed samanbur\u00f0arranns\u00f3knum um s\u00ed\u00f0brons\u00f6ld, kvenkyns konungd\u00f3msgu\u00f0fr\u00e6\u00f0i og hatt\u00edsk-hitt\u00edska tr\u00faarbrag\u00f0a\u00fer\u00f3un. N\u00faverandi \u00e1herslusvi\u00f0 ranns\u00f3kna liggja \u00ed n\u00e1kv\u00e6mri sta\u00f0setningu borgar hennar, sambandi hennar vi\u00f0 \u201ejar\u00f0neska s\u00f3largy\u00f0juna&#8220; og samanbur\u00f0arranns\u00f3knum \u00e1 kvenkyns s\u00f3largu\u00f0fr\u00e6\u00f0um \u00ed forn-Austurl\u00f6ndum n\u00e6r.<\/p>\t\t\t\t\t\t\t\t<\/div>\n\t\t\t\t<\/div>\n\t\t\t\t\t<\/div>\n\t\t\t\t<\/div>\n\t\t<div class=\"elementor-element elementor-element-iwgw-arinna-s8 e-flex e-con-boxed e-con e-parent\" data-id=\"iwgw-arinna-s8\" data-element_type=\"container\" data-e-type=\"container\">\n\t\t\t\t\t<div class=\"e-con-inner\">\n\t\t\t\t<div class=\"elementor-element elementor-element-iwgw-arinna-s8h elementor-widget elementor-widget-heading\" data-id=\"iwgw-arinna-s8h\" data-element_type=\"widget\" data-e-type=\"widget\" data-widget_type=\"heading.default\">\n\t\t\t\t\t<h2 class=\"elementor-heading-title elementor-size-default\">Heimildir og b\u00f3kmenntir<\/h2>\t\t\t\t<\/div>\n\t\t<div class=\"elementor-element elementor-element-iwgw-arinna-s8c e-con-full e-flex e-con e-child\" data-id=\"iwgw-arinna-s8c\" data-element_type=\"container\" data-e-type=\"container\">\n\t\t\t\t<div class=\"elementor-element elementor-element-iwgw-arinna-s8t elementor-widget elementor-widget-text-editor\" data-id=\"iwgw-arinna-s8t\" data-element_type=\"widget\" data-e-type=\"widget\" data-widget_type=\"text-editor.default\">\n\t\t\t\t\t\t\t\t\t<p>Eftirfarandi grunnrit fjalla um mikilv\u00e6gustu \u00fe\u00e6tti ranns\u00f3kna \u00e1 Arinnu og eru gott upphafsefni til a\u00f0 n\u00e1lgast hitt\u00edska frumgagnaefni\u00f0. \u00deau sameina fleygr\u00fanatexta\u00fatg\u00e1fur, fornleifafr\u00e6\u00f0ilegar ni\u00f0urst\u00f6\u00f0ur og tr\u00faarbrag\u00f0as\u00f6gulegar heildar\u00fattektir. Listinn fylgir venju iWell Guard a\u00f0 nefna sta\u00f0fest grunnrit \u00e1 undan n\u00fdrri s\u00e9rranns\u00f3knum.<\/p><p>\u00deeir sem vilja kafa d\u00fdpra \u00ed efni\u00f0 finna \u00ed ofangreindum ritum frekari heimildaskr\u00e1r um hitt\u00edska h\u00e1t\u00ed\u00f0ardagat\u00f6l, AN.TA\u1e2a.\u0160UM-h\u00e1t\u00ed\u00f0arhringinn og gu\u00f0fr\u00e6\u00f0i kvenkyns konungd\u00f3ms \u00e1 s\u00ed\u00f0brons\u00f6ld. S\u00e9rstaklega er <em>Hittite Prayers<\/em> eftir Itamar Singer, me\u00f0 fullri \u00fe\u00fd\u00f0ingu Pudu\u1e2bepu-b\u00e6narinnar, \u00f3missandi fyrir a\u00f0gang a\u00f0 frumg\u00f6gnum.<\/p>\t\t\t\t\t\t\t\t<\/div>\n\t\t\t\t<\/div>\n\t\t\t\t\t<\/div>\n\t\t\t\t<\/div>\n\t\t<div class=\"elementor-element elementor-element-cp281743c1 e-flex e-con-boxed e-con e-parent\" data-id=\"cp281743c1\" data-element_type=\"container\" data-e-type=\"container\">\n\t\t\t\t\t<div class=\"e-con-inner\">\n\t\t\t\t<div class=\"elementor-element elementor-element-cp2d41a71f elementor-widget elementor-widget-heading\" data-id=\"cp2d41a71f\" data-element_type=\"widget\" data-e-type=\"widget\" data-widget_type=\"heading.default\">\n\t\t\t\t\t<h2 class=\"elementor-heading-title elementor-size-default\">B\u00e6n Puduhepu til s\u00f3largy\u00f0junnar<\/h2>\t\t\t\t<\/div>\n\t\t<div class=\"elementor-element elementor-element-cp2d2bfa86 e-flex e-con-boxed e-con e-child\" data-id=\"cp2d2bfa86\" data-element_type=\"container\" data-e-type=\"container\">\n\t\t\t\t\t<div class=\"e-con-inner\">\n\t\t\t\t<div class=\"elementor-element elementor-element-cp2af874c6 elementor-widget elementor-widget-text-editor\" data-id=\"cp2af874c6\" data-element_type=\"widget\" data-e-type=\"widget\" data-widget_type=\"text-editor.default\">\n\t\t\t\t\t\t\t\t\t<p>Eitt hi\u00f0 \u00e1hrifamesta frumgagn um Arinnu er l\u00f6ng <span class=\"iwg-fachbegriff\" data-tooltip=\"M\u00e1lleg \u00e1varpsath\u00f6fn manns til gu\u00f0veru.\" tabindex=\"0\">b\u00e6n<\/span> hitt\u00edtadrottningarins Puduhepu, konu Hattusilis III., fr\u00e1 13. \u00f6ld fyrir upphaf t\u00edmatals okkar.<\/p><p>\u00cd \u00feessum texta \u00e1varpar drottningin s\u00f3largy\u00f0juna fr\u00e1 Arinnu og b\u00e6nar l\u00edf og heilsu fyrir eiginmann sinn. <span class=\"iwg-fachbegriff\" data-tooltip=\"M\u00e1lleg \u00e1varpsath\u00f6fn manns til gu\u00f0veru.\" tabindex=\"0\">B\u00e6nin<\/span> er var\u00f0veitt \u00e1 leirt\u00f6flum \u00far skjalasafni Hatt\u00fasu og telst til pers\u00f3nulegustu tr\u00faarlegu texta hitt\u00edska heimsins.<\/p><p>Athyglisvert er a\u00f0 Puduhepa jafnar \u00ed \u00feessari <span class=\"iwg-fachbegriff\" data-tooltip=\"M\u00e1lleg \u00e1varpsath\u00f6fn manns til gu\u00f0veru.\" tabindex=\"0\">b\u00e6n<\/span> s\u00f3largy\u00f0juna fr\u00e1 Arinnu berum or\u00f0um vi\u00f0 h\u00farr\u00edt\u00edsku gy\u00f0juna Hebat. H\u00fan \u00e1varpar <span class=\"iwg-fachbegriff\" data-tooltip=\"Vera sem tilbe\u00f0in er sem gu\u00f0leg innan tr\u00faarbrag\u00f0a.\" tabindex=\"0\">gu\u00f0veruna<\/span> sem \u00fe\u00e1 sem \u00ed landinu Hatti ber nafni\u00f0 s\u00f3largy\u00f0ja fr\u00e1 Arinnu, en \u00ed Sedrusland heitir Hebat.<\/p><p>\u00deannig gefur textinn sj\u00e1lfur f\u00e1t\u00edtt og sk\u00fdrt or\u00f0a\u00f0 vitni um tr\u00faarlega \u00fe\u00fd\u00f0ingu: Drottningin, sj\u00e1lf af h\u00farr\u00edt\u00edskum uppruna, hugsar innf\u00e6ddu hitt\u00edsku a\u00f0algy\u00f0juna og h\u00farr\u00edt\u00edsku a\u00f0algy\u00f0juna sem eina og s\u00f6mu veru.<\/p><p><span class=\"iwg-fachbegriff\" data-tooltip=\"M\u00e1lleg \u00e1varpsath\u00f6fn manns til gu\u00f0veru.\" tabindex=\"0\">B\u00e6nin<\/span> s\u00fdnir Arinnu \u00ed h\u00e6stu st\u00f6\u00f0u sinni. H\u00fan er ekki ein gy\u00f0ja me\u00f0al margra, heldur h\u00fasfreyja landanna, drottning himins og jar\u00f0ar, sem vakir yfir hitt\u00edska konungd\u00e6minu.<\/p><p>Ranns\u00f3knir, me\u00f0al annars Itamar Singer \u00ed s\u00ednu safni hitt\u00edskra b\u00e6na, hafa dregi\u00f0 fram \u00feennan texta sem d\u00e6mi um hversu n\u00e1tengd r\u00edkistr\u00fa og pers\u00f3nulegt tr\u00faarl\u00edf konungsfj\u00f6lskyldunnar voru. <span class=\"iwg-fachbegriff\" data-tooltip=\"M\u00e1lleg \u00e1varpsath\u00f6fn manns til gu\u00f0veru.\" tabindex=\"0\">B\u00e6n<\/span> Puduhepu er \u00feannig \u00ed senn gu\u00f0fr\u00e6\u00f0ilegt heimildarrit og mannlegt vitni um umhyggju drottningar fyrir manni s\u00ednum.<\/p>\t\t\t\t\t\t\t\t<\/div>\n\t\t\t\t\t<\/div>\n\t\t\t\t<\/div>\n\t\t\t\t\t<\/div>\n\t\t\t\t<\/div>\n\t\t<div class=\"elementor-element elementor-element-cp28905ee6 e-flex e-con-boxed e-con e-parent\" data-id=\"cp28905ee6\" data-element_type=\"container\" data-e-type=\"container\">\n\t\t\t\t\t<div class=\"e-con-inner\">\n\t\t\t\t<div class=\"elementor-element elementor-element-cp2f744266 elementor-widget elementor-widget-heading\" data-id=\"cp2f744266\" data-element_type=\"widget\" data-e-type=\"widget\" data-widget_type=\"heading.default\">\n\t\t\t\t\t<h2 class=\"elementor-heading-title elementor-size-default\">Arinna sem r\u00edkisgy\u00f0ja og verndari konungd\u00f3msins<\/h2>\t\t\t\t<\/div>\n\t\t<div class=\"elementor-element elementor-element-cp29cf9c93 e-flex e-con-boxed e-con e-child\" data-id=\"cp29cf9c93\" data-element_type=\"container\" data-e-type=\"container\">\n\t\t\t\t\t<div class=\"e-con-inner\">\n\t\t\t\t<div class=\"elementor-element elementor-element-cp268463c9 elementor-widget elementor-widget-text-editor\" data-id=\"cp268463c9\" data-element_type=\"widget\" data-e-type=\"widget\" data-widget_type=\"text-editor.default\">\n\t\t\t\t\t\t\t\t\t<p>S\u00f3lgu\u00f0jan af Arinna var mikilv\u00e6gasta kvenkyns <span class=\"iwg-fachbegriff\" data-tooltip=\"Vera sem er tilbe\u00f0in sem gu\u00f0leg innan tr\u00faarbrag\u00f0a.\" tabindex=\"0\">gu\u00f0d\u00f3mur<\/span> r\u00edkisgu\u00f0aveldis Het\u00edta og \u00ed m\u00f6rgum tilliti hin sanna r\u00edkisgy\u00f0ja.<\/p><p>\u00cd r\u00edkjas\u00e1ttm\u00e1lum og ann\u00e1lum het\u00edtakonunga kemur h\u00fan reglulega fram fremst \u00ed gu\u00f0atalinu, oft \u00e1samt ve\u00f0urgu\u00f0inum. Konungarnir k\u00f6llu\u00f0u sig g\u00e6\u00f0inga hennar og eignu\u00f0u sigra s\u00edna a\u00f0sto\u00f0 hennar.<\/p><p>Hlutverk hennar kemur einkar vel fram \u00ed svok\u00f6llu\u00f0um ann\u00e1lum Mursilis II., \u00fear sem konungurinn \u00edtrekar s\u00edfellt a\u00f0 s\u00f3lgu\u00f0jan af Arinna, ve\u00f0urgu\u00f0inn og hinir gu\u00f0irnir hafi hlaupi\u00f0 \u00e1 undan honum og f\u00e6rt honum fjandmanninn \u00ed hendur.<\/p><p>\u00deessi or\u00f0aform\u00fala s\u00fdnir a\u00f0 herna\u00f0arsigrar voru tr\u00faarlega skildir sem gj\u00f6f gu\u00f0anna og a\u00f0 Arinna l\u00e9k \u00fear a\u00f0alhlutverk.<\/p><p>Arinna var einnig lykilatri\u00f0i \u00ed l\u00f6gm\u00e6ti konungd\u00f3msins. Konungurinn var talinn skipa\u00f0ur af henni, og eftir dau\u00f0a sinn var\u00f0 hann, eins og segir \u00ed het\u00edt\u00edskum textum, gu\u00f0.<\/p><p>Tengsl s\u00f3lar og konungd\u00f3ms voru v\u00ed\u00f0a \u00feekkt \u00ed hinum forna austurl\u00f6ndum, og \u00ed het\u00edtar\u00edkinu bar konungurinn sj\u00e1lfur titilinn S\u00f3l m\u00edn.<\/p><p>S\u00f3lgu\u00f0jan af Arinna og s\u00f3ltitill konungsins tengjast \u00feannig n\u00e1i\u00f0 saman. Volkert Haas hefur \u00ed umfj\u00f6llun sinni um tr\u00faarbr\u00f6g\u00f0 Het\u00edta bent \u00e1 a\u00f0 Arinna var s\u00ed\u00f0ur gy\u00f0ja n\u00e1tt\u00farus\u00f3larins en gy\u00f0ja skipulags, r\u00e9ttl\u00e6tis og valds.<\/p><p>Sta\u00f0a hennar \u00ed r\u00edkisd\u00fdrkuninni gerir hana a\u00f0 einum af hinum stj\u00f3rnm\u00e1lalega mikilv\u00e6gustu gu\u00f0d\u00f3mum het\u00edtar\u00edkisins.<\/p>\t\t\t\t\t\t\t\t<\/div>\n\t\t\t\t\t<\/div>\n\t\t\t\t<\/div>\n\t\t\t\t\t<\/div>\n\t\t\t\t<\/div>\n\t\t<div class=\"elementor-element elementor-element-cp27c166d1 e-flex e-con-boxed e-con e-parent\" data-id=\"cp27c166d1\" data-element_type=\"container\" data-e-type=\"container\">\n\t\t\t\t\t<div class=\"e-con-inner\">\n\t\t\t\t<div class=\"elementor-element elementor-element-cp2802afbe elementor-widget elementor-widget-heading\" data-id=\"cp2802afbe\" data-element_type=\"widget\" data-e-type=\"widget\" data-widget_type=\"heading.default\">\n\t\t\t\t\t<h2 class=\"elementor-heading-title elementor-size-default\">S\u00f3lgu\u00f0irnir \u00ed heimi Het\u00edta<\/h2>\t\t\t\t<\/div>\n\t\t<div class=\"elementor-element elementor-element-cp2dc120aa e-flex e-con-boxed e-con e-child\" data-id=\"cp2dc120aa\" data-element_type=\"container\" data-e-type=\"container\">\n\t\t\t\t\t<div class=\"e-con-inner\">\n\t\t\t\t<div class=\"elementor-element elementor-element-cp245f5c31 elementor-widget elementor-widget-text-editor\" data-id=\"cp245f5c31\" data-element_type=\"widget\" data-e-type=\"widget\" data-widget_type=\"text-editor.default\">\n\t\t\t\t\t\t\t\t\t<p>Erfi\u00f0leikinn vi\u00f0 a\u00f0 fjalla um Arinna felst \u00ed \u00fev\u00ed a\u00f0 tr\u00faarbr\u00f6g\u00f0 Het\u00edta \u00feekktu nokkra s\u00f3lgu\u00f0d\u00f3ma sem eru ekki alltaf sk\u00fdrt a\u00f0greindir \u00ed textunum. Auk s\u00f3lgu\u00f0junnar af Arinna var til s\u00f3lgu\u00f0d\u00f3mur himinsins og s\u00f3lgu\u00f0d\u00f3mur jar\u00f0arins, \u00fea\u00f0 er undirheimanna.<\/p><p>S\u00f3lgu\u00f0jan af Arinna er meginveran, kvenkyns <span class=\"iwg-fachbegriff\" data-tooltip=\"Vera sem er tilbe\u00f0in sem gu\u00f0leg innan tr\u00faarbrag\u00f0a.\" tabindex=\"0\">gu\u00f0d\u00f3mur<\/span> tengdur konungd\u00f3mi. S\u00f3lgu\u00f0d\u00f3mur himinsins kemur \u00e1 m\u00f3ti fram fremur karlkyns og er n\u00e1l\u00e6gt mes\u00f3p\u00f3tam\u00edskri hugmynd um s\u00f3lgu\u00f0inn sem d\u00f3mara.<\/p><p>\u00deessi fj\u00f6lbreytni sk\u00fdrist af lagskiptingu tr\u00faarbrag\u00f0a Het\u00edta. Arinna sj\u00e1lf \u00e1 r\u00e6tur \u00ed hatt\u00edsku \u00fej\u00f3\u00f0flokknum sem bj\u00f3 \u00ed Anat\u00f3l\u00edu \u00e1\u00f0ur en ind\u00f3evr\u00f3pskum\u00e6landi Het\u00edtar komu \u00feanga\u00f0.<\/p><p>\u00c1 hatt\u00edsku h\u00e9t gy\u00f0jan <em>Wurunsemu<\/em>. Het\u00edtar t\u00f3ku hana upp og settu hana efst \u00ed gu\u00f0aveldi sitt. \u00dear vi\u00f0 b\u00e6ttist mes\u00f3p\u00f3tam\u00edsk \u00e1hrif sem l\u00f6g\u00f0u til karlkyns s\u00f3lgu\u00f0inn sem verndara laganna, og hurr\u00edsk \u00e1hrif sem tengdu Arinna vi\u00f0 Hebat.<\/p><p>S\u00f3lgu\u00f0d\u00f3mur jar\u00f0arins haf\u00f0i aftur \u00e1 m\u00f3ti s\u00e9rstakt hlutverk \u00ed hreinsunarath\u00f6fnum og <span class=\"iwg-fachbegriff\" data-tooltip=\"Athafnir sem reyna a\u00f0 hafa \u00e1hrif \u00e1 r\u00e1s atbur\u00f0a me\u00f0 s\u00e9rst\u00f6kum gj\u00f6r\u00f0um e\u00f0a form\u00falum.\" tabindex=\"0\">g\u00f6ldrum<\/span>, \u00fear sem hann var talinn h\u00fasfreyja undirheimanna og var \u00e1kalla\u00f0ur \u00ed s\u00e6ringum til a\u00f0 taka vi\u00f0 \u00f3hreinindum.<\/p><p>Ranns\u00f3knir \u00feurfa a\u00f0 sko\u00f0a vandlega \u00ed hverju textad\u00e6mi hva\u00f0a s\u00f3lgu\u00f0d\u00f3m er \u00e1tt vi\u00f0, \u00fev\u00ed rith\u00e1ttur me\u00f0 s\u00f3lart\u00e1kninu getur veri\u00f0 margr\u00e6\u00f0ur. \u00deessi a\u00f0greining er me\u00f0al krefjandi verkefna het\u00edtafr\u00e6\u00f0anna og s\u00fdnir hversu marg\u00fe\u00e6tt s\u00f3lard\u00fdrkunin \u00ed het\u00edtar\u00edkinu var \u00ed sj\u00e1lfu s\u00e9r.<\/p>\t\t\t\t\t\t\t\t<\/div>\n\t\t\t\t\t<\/div>\n\t\t\t\t<\/div>\n\t\t\t\t\t<\/div>\n\t\t\t\t<\/div>\n\t\t<div class=\"elementor-element elementor-element-iwgw-arinna-lit e-flex e-con-boxed e-con e-parent\" data-id=\"iwgw-arinna-lit\" data-element_type=\"container\" data-e-type=\"container\">\n\t\t\t\t\t<div class=\"e-con-inner\">\n\t\t\t\t<div class=\"elementor-element elementor-element-iwgw-arinna-lith elementor-widget elementor-widget-heading\" data-id=\"iwgw-arinna-lith\" data-element_type=\"widget\" data-e-type=\"widget\" data-widget_type=\"heading.default\">\n\t\t\t\t\t<h2 class=\"elementor-heading-title elementor-size-default\">Heimildir (\u00farval)<\/h2>\t\t\t\t<\/div>\n\t\t<div class=\"elementor-element elementor-element-iwgw-arinna-litc e-con-full e-flex e-con e-child\" data-id=\"iwgw-arinna-litc\" data-element_type=\"container\" data-e-type=\"container\">\n\t\t\t\t<div class=\"elementor-element elementor-element-iwgw-arinna-litt elementor-widget elementor-widget-text-editor\" data-id=\"iwgw-arinna-litt\" data-element_type=\"widget\" data-e-type=\"widget\" data-widget_type=\"text-editor.default\">\n\t\t\t\t\t\t\t\t\t<div data-nosnippet=\"true\"><ul><li>Volkert Haas: <em>Geschichte der hethitischen Religion<\/em> (Leiden 1994)<\/li><li>Piotr Taracha: <em>Religions of Second Millennium Anatolia<\/em> (Wiesbaden 2009)<\/li><li>Itamar Singer: <em>Hittite Prayers<\/em> (SBL 2002)<\/li><li>Trevor Bryce: <em>Life and Society in the Hittite World<\/em> (Oxford 2002)<\/li><li>Heinrich Otten: <em>Hethitische Totenrituale<\/em> (Berlin 1958)<\/li><li>Volkert Haas: <em>Materia Magica et Medica Hethitica<\/em> (Berlin 2003)<\/li><\/ul><\/div>\t\t\t\t\t\t\t\t<\/div>\n\t\t\t\t<\/div>\n\t\t\t\t\t<\/div>\n\t\t\t\t<\/div>\n\t\t<div class=\"elementor-element elementor-element-iwgw-arinna-kwd e-flex e-con-boxed e-con e-parent\" data-id=\"iwgw-arinna-kwd\" data-element_type=\"container\" data-e-type=\"container\">\n\t\t\t\t\t<div class=\"e-con-inner\">\n\t\t<div class=\"elementor-element elementor-element-iwgw-arinna-kwdc e-con-full e-flex e-con e-child\" data-id=\"iwgw-arinna-kwdc\" data-element_type=\"container\" data-e-type=\"container\">\n\t\t\t\t<div class=\"elementor-element elementor-element-iwgw-arinna-kwdt elementor-widget elementor-widget-text-editor\" data-id=\"iwgw-arinna-kwdt\" data-element_type=\"widget\" data-e-type=\"widget\" data-widget_type=\"text-editor.default\">\n\t\t\t\t\t\t\t\t\t<p><em>Tengd lykilor\u00f0: Arinna S\u00f3lgu\u00f0ja Wuru\u0161emu Pudu\u1e2bepa AN.TA\u1e2a.\u0160UM Het\u00edtar drottning.<\/em><\/p>\t\t\t\t\t\t\t\t<\/div>\n\t\t\t\t<\/div>\n\t\t\t\t\t<\/div>\n\t\t\t\t<\/div>\n\t\t<div class=\"elementor-element elementor-element-iwgw-arinna-cc e-flex e-con-boxed e-con e-parent\" data-id=\"iwgw-arinna-cc\" data-element_type=\"container\" data-e-type=\"container\" id=\"iwg-cc-arinna\">\n\t\t\t\t\t<div class=\"e-con-inner\">\n\t\t<div class=\"elementor-element elementor-element-iwgw-arinna-ccinner e-flex e-con-boxed e-con e-parent\" data-id=\"iwgw-arinna-ccinner\" data-element_type=\"container\" data-e-type=\"container\" data-settings=\"{&quot;background_background&quot;:&quot;classic&quot;}\">\n\t\t\t\t\t<div class=\"e-con-inner\">\n\t\t\t\t<div class=\"elementor-element elementor-element-iwgw-arinna-cch elementor-widget elementor-widget-heading\" data-id=\"iwgw-arinna-cch\" data-element_type=\"widget\" data-e-type=\"widget\" data-widget_type=\"heading.default\">\n\t\t\t\t\t<h2 class=\"elementor-heading-title elementor-size-default\">iWell Guard og verndarhef\u00f0ir<\/h2>\t\t\t\t<\/div>\n\t\t\t\t<div class=\"elementor-element elementor-element-iwgw-arinna-cct elementor-widget elementor-widget-text-editor\" data-id=\"iwgw-arinna-cct\" data-element_type=\"widget\" data-e-type=\"widget\" data-widget_type=\"text-editor.default\">\n\t\t\t\t\t\t\t\t\t<div data-nosnippet=\"true\"><p>iWell Guard tengist menningars\u00f6gulegri hef\u00f0 b\u00e6rra verndargripa, \u00ed hef\u00f0 <a href=\"https:\/\/iwell-guard.com\/is\/hettitar-anatolia-tarhunna-vernd\/\">Hitt\u00edta<\/a> og margra annarra menningarheima um allan heim. 41 l\u00f6g, alv\u00f6ru gull, plat\u00edna, silfur, framleitt \u00ed \u00de\u00fdskalandi. 30 daga skilar\u00e9ttur.<\/p><\/div>\t\t\t\t\t\t\t\t<\/div>\n\t\t\t\t<div class=\"elementor-element elementor-element-iwgw-arinna-ccb iwg-cc-button iwg-cc-cta-2026-05-13 elementor-widget elementor-widget-jet-button\" data-id=\"iwgw-arinna-ccb\" data-element_type=\"widget\" data-e-type=\"widget\" data-widget_type=\"jet-button.default\">\n\t\t\t\t<div class=\"elementor-widget-container\">\n\t\t\t\t\t<div class=\"elementor-jet-button jet-elements\"><div class=\"jet-button__container\"><a class=\"jet-button__instance jet-button__instance--icon-left hover-effect-1\" href=\"\/ueber-iwell-guard\/?utm_source=iwell-guard.com&amp;utm_medium=info-box&amp;utm_campaign=wesen-tradition\"><div class=\"jet-button__plane jet-button__plane-normal\"><\/div><div class=\"jet-button__plane jet-button__plane-hover\"><\/div><div class=\"jet-button__state jet-button__state-normal\"><span class=\"jet-button__label\">Meira um iWell Guard<\/span><\/div><div class=\"jet-button__state jet-button__state-hover\"><span class=\"jet-button__label\">Meira um iWell Guard<\/span><\/div><\/a><\/div><\/div><style>.elementor-element.elementor-element-iwgw-arinna-ccb .jet-button__instance{width:320px;height:56px;}.elementor-element.elementor-element-iwgw-arinna-ccb .jet-button__state-normal .jet-button__label{text-align:center;margin:0px 0px 0px 0px;color:#1a1b20;font-family:Montserrat,sans-serif;font-size:13px;font-weight:400;letter-spacing:4px;line-height:1.714em;text-transform:uppercase;}.elementor-element.elementor-element-iwgw-arinna-ccb .jet-button__state-hover .jet-button__label{text-align:center;margin:0px 0px 0px 0px;color:#FECC76;font-family:Montserrat,sans-serif;font-size:13px;font-weight:400;letter-spacing:4px;line-height:1.714em;text-transform:uppercase;}.elementor-element.elementor-element-iwgw-arinna-ccb .jet-button__plane-normal{background-color:#FECC76;border-style:solid;border-color:#C99540;border-width:2px 2px 2px 2px;}.elementor-element.elementor-element-iwgw-arinna-ccb .jet-button__plane-hover{background-color:rgba(0,0,0,0.55);border-style:solid;border-color:#FECC76;border-width:2px 2px 2px 2px;}<\/style>\t\t\t\t<\/div>\n\t\t\t\t<\/div>\n\t\t\t\t<div class=\"elementor-element elementor-element-iwgw-arinna-ccd elementor-widget elementor-widget-text-editor\" data-id=\"iwgw-arinna-ccd\" data-element_type=\"widget\" data-e-type=\"widget\" data-widget_type=\"text-editor.default\">\n\t\t\t\t\t\t\t\t\t<div data-nosnippet=\"true\"><p style=\"text-align:center;font-size:13px;opacity:0.7;margin-top:14px\" data-nosnippet=\"true\">Pers\u00f3nuleg reynsla getur veri\u00f0 mismunandi. Ekki l\u00e6kningat\u00e6ki. Engin lofor\u00f0 um l\u00e6kningu.<\/p><\/div>\t\t\t\t\t\t\t\t<\/div>\n\t\t\t\t\t<\/div>\n\t\t\t\t<\/div>\n\t\t\t\t\t<\/div>\n\t\t\t\t<\/div>\n\t\t<div class=\"elementor-element elementor-element-iwgw-arinna-disc e-flex e-con-boxed e-con e-parent\" data-id=\"iwgw-arinna-disc\" data-element_type=\"container\" data-e-type=\"container\">\n\t\t\t\t\t<div class=\"e-con-inner\">\n\t\t\t\t<div class=\"elementor-element elementor-element-iwgw-arinna-discw elementor-widget elementor-widget-html\" data-id=\"iwgw-arinna-discw\" data-element_type=\"widget\" data-e-type=\"widget\" data-widget_type=\"html.default\">\n\t\t\t\t\t<footer data-nosnippet=\"true\" class=\"iwg-disclaimer-block\"><p data-nosnippet=\"true\">iWell Guard er <strong>ekki l\u00e6kningat\u00e6ki<\/strong> og kemur ekki \u00ed sta\u00f0inn fyrir l\u00e6knis- e\u00f0a s\u00e1lfr\u00e6\u00f0ime\u00f0fer\u00f0. Tr\u00faarfr\u00e6\u00f0ilegt efni er menningars\u00f6gulegt samhengi, ekki r\u00e1\u00f0legging um andlega i\u00f0kun.<\/p><\/footer>\t\t\t\t<\/div>\n\t\t\t\t\t<\/div>\n\t\t\t\t<\/div>\n\t\t\t\t<\/div>\n\t\t","protected":false},"excerpt":{"rendered":"","protected":false},"author":3,"featured_media":2836,"parent":0,"menu_order":0,"comment_status":"closed","ping_status":"closed","template":"elementor_header_footer","meta":{"_yoast_wpseo_focuskw":"Arinna s\u00f3largy\u00f0ja Het\u00edtar","_yoast_wpseo_title":"Arinna \u2013 Het\u00edska s\u00f3largy\u00f0jan, d\u00fdrkun, heimildir","_yoast_wpseo_metadesc":"S\u00f3largy\u00f0jan af Arinna var \u00e6\u00f0sta kvenkyns r\u00edkisgo\u00f0m\u00f6gn Het\u00edta. Tr\u00faarbrag\u00f0afr\u00e6\u00f0ileg \u00fattekt me\u00f0 go\u00f0afr\u00e6\u00f0i og d\u00fdrkun.","_yoast_wpseo_meta-robots-noindex":"","_yoast_wpseo_canonical":"","_angie_page":false,"gefaehrdungsstufe":"","wesen_kultur":"","wesen_klasse":"","footnotes":""},"categories":[],"class_list":["post-168960","page","type-page","status-publish","has-post-thumbnail","hentry"],"yoast_head":"<!-- This site is optimized with the Yoast SEO Premium plugin v27.7 (Yoast SEO v28.3) - https:\/\/yoast.com\/product\/yoast-seo-premium-wordpress\/ -->\n<title>Arinna \u2013 Het\u00edska s\u00f3largy\u00f0jan, d\u00fdrkun, heimildir<\/title>\n<meta name=\"description\" content=\"S\u00f3largy\u00f0jan af Arinna var \u00e6\u00f0sta kvenkyns r\u00edkisgo\u00f0m\u00f6gn Het\u00edta. Tr\u00faarbrag\u00f0afr\u00e6\u00f0ileg \u00fattekt me\u00f0 go\u00f0afr\u00e6\u00f0i og d\u00fdrkun.\" \/>\n<meta name=\"robots\" content=\"index, follow, max-snippet:-1, max-image-preview:large, max-video-preview:-1\" \/>\n<link rel=\"canonical\" href=\"https:\/\/iwell-guard.com\/is\/arinna-solargydja-arinna\/\" \/>\n<meta property=\"og:locale\" content=\"is_IS\" \/>\n<meta property=\"og:type\" content=\"article\" \/>\n<meta property=\"og:title\" content=\"Arinna \u2013 S\u00f3largy\u00f0ja Arinna\" \/>\n<meta property=\"og:description\" content=\"S\u00f3largy\u00f0jan af Arinna var \u00e6\u00f0sta kvenkyns r\u00edkisgo\u00f0m\u00f6gn Het\u00edta. Tr\u00faarbrag\u00f0afr\u00e6\u00f0ileg \u00fattekt me\u00f0 go\u00f0afr\u00e6\u00f0i og d\u00fdrkun.\" \/>\n<meta property=\"og:url\" content=\"https:\/\/iwell-guard.com\/is\/arinna-solargydja-arinna\/\" \/>\n<meta property=\"og:site_name\" content=\"iWell Guard\" \/>\n<meta property=\"article:modified_time\" content=\"2026-09-05T14:27:03+00:00\" \/>\n<meta property=\"og:image\" content=\"https:\/\/iwell-guard.com\/wp-content\/uploads\/2026\/05\/goetter_hethitisch_arinna.webp\" \/>\n\t<meta property=\"og:image:width\" content=\"1024\" \/>\n\t<meta property=\"og:image:height\" content=\"1536\" \/>\n\t<meta property=\"og:image:type\" content=\"image\/webp\" \/>\n<meta name=\"twitter:card\" content=\"summary_large_image\" \/>\n<script type=\"application\/ld+json\" class=\"yoast-schema-graph\">{\"@context\":\"https:\\\/\\\/schema.org\",\"@graph\":[{\"@type\":\"WebPage\",\"@id\":\"https:\\\/\\\/iwell-guard.com\\\/is\\\/arinna-solargydja-arinna\\\/\",\"url\":\"https:\\\/\\\/iwell-guard.com\\\/is\\\/arinna-solargydja-arinna\\\/\",\"name\":\"Arinna \u2013 Het\u00edska s\u00f3largy\u00f0jan, d\u00fdrkun, heimildir\",\"isPartOf\":{\"@id\":\"https:\\\/\\\/iwell-guard.com\\\/is\\\/#website\"},\"primaryImageOfPage\":{\"@id\":\"https:\\\/\\\/iwell-guard.com\\\/is\\\/arinna-solargydja-arinna\\\/#primaryimage\"},\"image\":{\"@id\":\"https:\\\/\\\/iwell-guard.com\\\/is\\\/arinna-solargydja-arinna\\\/#primaryimage\"},\"thumbnailUrl\":\"https:\\\/\\\/iwell-guard.com\\\/wp-content\\\/uploads\\\/2026\\\/05\\\/goetter_hethitisch_arinna.webp\",\"datePublished\":\"2026-09-05T14:04:23+00:00\",\"dateModified\":\"2026-09-05T14:27:03+00:00\",\"description\":\"S\u00f3largy\u00f0jan af Arinna var \u00e6\u00f0sta kvenkyns r\u00edkisgo\u00f0m\u00f6gn Het\u00edta. Tr\u00faarbrag\u00f0afr\u00e6\u00f0ileg \u00fattekt me\u00f0 go\u00f0afr\u00e6\u00f0i og d\u00fdrkun.\",\"breadcrumb\":{\"@id\":\"https:\\\/\\\/iwell-guard.com\\\/is\\\/arinna-solargydja-arinna\\\/#breadcrumb\"},\"inLanguage\":\"is\",\"potentialAction\":[{\"@type\":\"ReadAction\",\"target\":[\"https:\\\/\\\/iwell-guard.com\\\/is\\\/arinna-solargydja-arinna\\\/\"]}]},{\"@type\":\"ImageObject\",\"inLanguage\":\"is\",\"@id\":\"https:\\\/\\\/iwell-guard.com\\\/is\\\/arinna-solargydja-arinna\\\/#primaryimage\",\"url\":\"https:\\\/\\\/iwell-guard.com\\\/wp-content\\\/uploads\\\/2026\\\/05\\\/goetter_hethitisch_arinna.webp\",\"contentUrl\":\"https:\\\/\\\/iwell-guard.com\\\/wp-content\\\/uploads\\\/2026\\\/05\\\/goetter_hethitisch_arinna.webp\",\"width\":1024,\"height\":1536,\"caption\":\"Gu\u00f0ir \u00far het\u00edta-hef\u00f0inni.\"},{\"@type\":\"BreadcrumbList\",\"@id\":\"https:\\\/\\\/iwell-guard.com\\\/is\\\/arinna-solargydja-arinna\\\/#breadcrumb\",\"itemListElement\":[{\"@type\":\"ListItem\",\"position\":1,\"name\":\"Start\",\"item\":\"https:\\\/\\\/iwell-guard.com\\\/is\\\/?page_id=168580\"},{\"@type\":\"ListItem\",\"position\":2,\"name\":\"Arinna \u2013 S\u00f3largy\u00f0ja Arinna\"}]},{\"@type\":\"WebSite\",\"@id\":\"https:\\\/\\\/iwell-guard.com\\\/is\\\/#website\",\"url\":\"https:\\\/\\\/iwell-guard.com\\\/is\\\/\",\"name\":\"iWell Guard\",\"description\":\"Schutz vor dunklen Einfl\u00fcssen\",\"publisher\":{\"@id\":\"https:\\\/\\\/iwell-guard.com\\\/is\\\/#organization\"},\"potentialAction\":[{\"@type\":\"SearchAction\",\"target\":{\"@type\":\"EntryPoint\",\"urlTemplate\":\"https:\\\/\\\/iwell-guard.com\\\/is\\\/?s={search_term_string}\"},\"query-input\":{\"@type\":\"PropertyValueSpecification\",\"valueRequired\":true,\"valueName\":\"search_term_string\"}}],\"inLanguage\":\"is\"},{\"@type\":\"Organization\",\"@id\":\"https:\\\/\\\/iwell-guard.com\\\/is\\\/#organization\",\"name\":\"Ittermann electronic GmbH\",\"url\":\"https:\\\/\\\/iwell-guard.com\\\/is\\\/\",\"logo\":{\"@type\":\"ImageObject\",\"inLanguage\":\"is\",\"@id\":\"https:\\\/\\\/iwell-guard.com\\\/is\\\/#\\\/schema\\\/logo\\\/image\\\/\",\"url\":\"https:\\\/\\\/iwell-guard.com\\\/wp-content\\\/uploads\\\/2026\\\/05\\\/Ittermann-Logo-1182x237-1.png\",\"contentUrl\":\"https:\\\/\\\/iwell-guard.com\\\/wp-content\\\/uploads\\\/2026\\\/05\\\/Ittermann-Logo-1182x237-1.png\",\"width\":1182,\"height\":237,\"caption\":\"Ittermann electronic GmbH\"},\"image\":{\"@id\":\"https:\\\/\\\/iwell-guard.com\\\/is\\\/#\\\/schema\\\/logo\\\/image\\\/\"},\"sameAs\":[\"https:\\\/\\\/pantip.com\\\/profile\\\/9367242\",\"https:\\\/\\\/micro.blog\\\/iwellguard\",\"https:\\\/\\\/www.diggerslist.com\\\/iwellguard\\\/about\",\"https:\\\/\\\/skitterphoto.com\\\/photographers\\\/2870314\\\/iwell-guard\",\"https:\\\/\\\/iwellguard.wordpress.com\\\/2026\\\/06\\\/06\\\/iwell-guard\\\/\",\"https:\\\/\\\/hub.docker.com\\\/u\\\/iwellguard\",\"https:\\\/\\\/www.pinterest.com\\\/iwellguard\\\/\",\"https:\\\/\\\/bit.ly\\\/m\\\/iwellguard\",\"https:\\\/\\\/entre-vos-mains.alsace.eu\\\/profiles\\\/iwellguard\\\/activity\",\"https:\\\/\\\/gravatar.com\\\/reallybeded8fd34\",\"https:\\\/\\\/naijamatta.com\\\/iwellguard\",\"https:\\\/\\\/www.goodreads.com\\\/iwellguard\",\"https:\\\/\\\/profile.hatena.ne.jp\\\/iwellguard\\\/\",\"https:\\\/\\\/experiment.com\\\/users\\\/iwellguard\",\"https:\\\/\\\/wakelet.com\\\/@iWellGuard82270\",\"https:\\\/\\\/www.chordie.com\\\/forum\\\/profile.php?id=2555664\",\"https:\\\/\\\/www.instapaper.com\\\/p\\\/17757966\",\"https:\\\/\\\/www.mapleprimes.com\\\/users\\\/iwellguard\",\"https:\\\/\\\/businesslistingplus.com\\\/profile\\\/iwell-guard\\\/\",\"https:\\\/\\\/telegra.ph\\\/iWell-Guard-06-06\",\"https:\\\/\\\/pbase.com\\\/iwellguard\\\/iwellguard\",\"https:\\\/\\\/b.hatena.ne.jp\\\/iwellguard\\\/20260607#bookmark-4788405196491818882\",\"https:\\\/\\\/fliphtml5.com\\\/home\\\/iwellguard\",\"https:\\\/\\\/anyflip.com\\\/homepage\\\/cmiwl#About\",\"https:\\\/\\\/transfur.com\\\/Users\\\/iwellguard\",\"http:\\\/\\\/delphi.larsbo.org\\\/user\\\/iwellguard\",\"https:\\\/\\\/jobs.lajobsportal.org\\\/profiles\\\/8380803-iwell-guard\",\"https:\\\/\\\/md.chaosdorf.de\\\/s\\\/jfbe5SBdJD\",\"https:\\\/\\\/www.lingvolive.com\\\/en-us\\\/profile\\\/9ecaeaca-ce11-4e51-9e71-01d55e2bff36\\\/translations\",\"https:\\\/\\\/www.fitday.com\\\/fitness\\\/forums\\\/members\\\/iwellguard.html\",\"https:\\\/\\\/www.mymeetbook.com\\\/iwellguard\",\"https:\\\/\\\/pxhere.com\\\/en\\\/photographer-me\\\/5040798\",\"https:\\\/\\\/disqus.com\\\/by\\\/iwellguard\\\/about\\\/\",\"https:\\\/\\\/pastelink.net\\\/hjwciqwq\",\"https:\\\/\\\/pubhtml5.com\\\/homepage\\\/scjhn\\\/\",\"https:\\\/\\\/www.bitchute.com\\\/channel\\\/2O2eOKzNqujT\",\"https:\\\/\\\/audiomack.com\\\/iwellguard\"]}]}<\/script>\n<!-- \/ Yoast SEO Premium plugin. -->","yoast_head_json":{"title":"Arinna \u2013 Het\u00edska s\u00f3largy\u00f0jan, d\u00fdrkun, heimildir","description":"S\u00f3largy\u00f0jan af Arinna var \u00e6\u00f0sta kvenkyns r\u00edkisgo\u00f0m\u00f6gn Het\u00edta. Tr\u00faarbrag\u00f0afr\u00e6\u00f0ileg \u00fattekt me\u00f0 go\u00f0afr\u00e6\u00f0i og d\u00fdrkun.","robots":{"index":"index","follow":"follow","max-snippet":"max-snippet:-1","max-image-preview":"max-image-preview:large","max-video-preview":"max-video-preview:-1"},"canonical":"https:\/\/iwell-guard.com\/is\/arinna-solargydja-arinna\/","og_locale":"is_IS","og_type":"article","og_title":"Arinna \u2013 S\u00f3largy\u00f0ja Arinna","og_description":"S\u00f3largy\u00f0jan af Arinna var \u00e6\u00f0sta kvenkyns r\u00edkisgo\u00f0m\u00f6gn Het\u00edta. Tr\u00faarbrag\u00f0afr\u00e6\u00f0ileg \u00fattekt me\u00f0 go\u00f0afr\u00e6\u00f0i og d\u00fdrkun.","og_url":"https:\/\/iwell-guard.com\/is\/arinna-solargydja-arinna\/","og_site_name":"iWell Guard","article_modified_time":"2026-09-05T14:27:03+00:00","og_image":[{"width":1024,"height":1536,"url":"https:\/\/iwell-guard.com\/wp-content\/uploads\/2026\/05\/goetter_hethitisch_arinna.webp","type":"image\/webp"}],"twitter_card":"summary_large_image","schema":{"@context":"https:\/\/schema.org","@graph":[{"@type":"WebPage","@id":"https:\/\/iwell-guard.com\/is\/arinna-solargydja-arinna\/","url":"https:\/\/iwell-guard.com\/is\/arinna-solargydja-arinna\/","name":"Arinna \u2013 Het\u00edska s\u00f3largy\u00f0jan, d\u00fdrkun, heimildir","isPartOf":{"@id":"https:\/\/iwell-guard.com\/is\/#website"},"primaryImageOfPage":{"@id":"https:\/\/iwell-guard.com\/is\/arinna-solargydja-arinna\/#primaryimage"},"image":{"@id":"https:\/\/iwell-guard.com\/is\/arinna-solargydja-arinna\/#primaryimage"},"thumbnailUrl":"https:\/\/iwell-guard.com\/wp-content\/uploads\/2026\/05\/goetter_hethitisch_arinna.webp","datePublished":"2026-09-05T14:04:23+00:00","dateModified":"2026-09-05T14:27:03+00:00","description":"S\u00f3largy\u00f0jan af Arinna var \u00e6\u00f0sta kvenkyns r\u00edkisgo\u00f0m\u00f6gn Het\u00edta. Tr\u00faarbrag\u00f0afr\u00e6\u00f0ileg \u00fattekt me\u00f0 go\u00f0afr\u00e6\u00f0i og d\u00fdrkun.","breadcrumb":{"@id":"https:\/\/iwell-guard.com\/is\/arinna-solargydja-arinna\/#breadcrumb"},"inLanguage":"is","potentialAction":[{"@type":"ReadAction","target":["https:\/\/iwell-guard.com\/is\/arinna-solargydja-arinna\/"]}]},{"@type":"ImageObject","inLanguage":"is","@id":"https:\/\/iwell-guard.com\/is\/arinna-solargydja-arinna\/#primaryimage","url":"https:\/\/iwell-guard.com\/wp-content\/uploads\/2026\/05\/goetter_hethitisch_arinna.webp","contentUrl":"https:\/\/iwell-guard.com\/wp-content\/uploads\/2026\/05\/goetter_hethitisch_arinna.webp","width":1024,"height":1536,"caption":"Gu\u00f0ir \u00far het\u00edta-hef\u00f0inni."},{"@type":"BreadcrumbList","@id":"https:\/\/iwell-guard.com\/is\/arinna-solargydja-arinna\/#breadcrumb","itemListElement":[{"@type":"ListItem","position":1,"name":"Start","item":"https:\/\/iwell-guard.com\/is\/?page_id=168580"},{"@type":"ListItem","position":2,"name":"Arinna \u2013 S\u00f3largy\u00f0ja Arinna"}]},{"@type":"WebSite","@id":"https:\/\/iwell-guard.com\/is\/#website","url":"https:\/\/iwell-guard.com\/is\/","name":"iWell Guard","description":"Schutz vor dunklen Einfl\u00fcssen","publisher":{"@id":"https:\/\/iwell-guard.com\/is\/#organization"},"potentialAction":[{"@type":"SearchAction","target":{"@type":"EntryPoint","urlTemplate":"https:\/\/iwell-guard.com\/is\/?s={search_term_string}"},"query-input":{"@type":"PropertyValueSpecification","valueRequired":true,"valueName":"search_term_string"}}],"inLanguage":"is"},{"@type":"Organization","@id":"https:\/\/iwell-guard.com\/is\/#organization","name":"Ittermann electronic GmbH","url":"https:\/\/iwell-guard.com\/is\/","logo":{"@type":"ImageObject","inLanguage":"is","@id":"https:\/\/iwell-guard.com\/is\/#\/schema\/logo\/image\/","url":"https:\/\/iwell-guard.com\/wp-content\/uploads\/2026\/05\/Ittermann-Logo-1182x237-1.png","contentUrl":"https:\/\/iwell-guard.com\/wp-content\/uploads\/2026\/05\/Ittermann-Logo-1182x237-1.png","width":1182,"height":237,"caption":"Ittermann electronic GmbH"},"image":{"@id":"https:\/\/iwell-guard.com\/is\/#\/schema\/logo\/image\/"},"sameAs":["https:\/\/pantip.com\/profile\/9367242","https:\/\/micro.blog\/iwellguard","https:\/\/www.diggerslist.com\/iwellguard\/about","https:\/\/skitterphoto.com\/photographers\/2870314\/iwell-guard","https:\/\/iwellguard.wordpress.com\/2026\/06\/06\/iwell-guard\/","https:\/\/hub.docker.com\/u\/iwellguard","https:\/\/www.pinterest.com\/iwellguard\/","https:\/\/bit.ly\/m\/iwellguard","https:\/\/entre-vos-mains.alsace.eu\/profiles\/iwellguard\/activity","https:\/\/gravatar.com\/reallybeded8fd34","https:\/\/naijamatta.com\/iwellguard","https:\/\/www.goodreads.com\/iwellguard","https:\/\/profile.hatena.ne.jp\/iwellguard\/","https:\/\/experiment.com\/users\/iwellguard","https:\/\/wakelet.com\/@iWellGuard82270","https:\/\/www.chordie.com\/forum\/profile.php?id=2555664","https:\/\/www.instapaper.com\/p\/17757966","https:\/\/www.mapleprimes.com\/users\/iwellguard","https:\/\/businesslistingplus.com\/profile\/iwell-guard\/","https:\/\/telegra.ph\/iWell-Guard-06-06","https:\/\/pbase.com\/iwellguard\/iwellguard","https:\/\/b.hatena.ne.jp\/iwellguard\/20260607#bookmark-4788405196491818882","https:\/\/fliphtml5.com\/home\/iwellguard","https:\/\/anyflip.com\/homepage\/cmiwl#About","https:\/\/transfur.com\/Users\/iwellguard","http:\/\/delphi.larsbo.org\/user\/iwellguard","https:\/\/jobs.lajobsportal.org\/profiles\/8380803-iwell-guard","https:\/\/md.chaosdorf.de\/s\/jfbe5SBdJD","https:\/\/www.lingvolive.com\/en-us\/profile\/9ecaeaca-ce11-4e51-9e71-01d55e2bff36\/translations","https:\/\/www.fitday.com\/fitness\/forums\/members\/iwellguard.html","https:\/\/www.mymeetbook.com\/iwellguard","https:\/\/pxhere.com\/en\/photographer-me\/5040798","https:\/\/disqus.com\/by\/iwellguard\/about\/","https:\/\/pastelink.net\/hjwciqwq","https:\/\/pubhtml5.com\/homepage\/scjhn\/","https:\/\/www.bitchute.com\/channel\/2O2eOKzNqujT","https:\/\/audiomack.com\/iwellguard"]}]}},"_links":{"self":[{"href":"https:\/\/iwell-guard.com\/is\/wp-json\/wp\/v2\/pages\/168960","targetHints":{"allow":["GET"]}}],"collection":[{"href":"https:\/\/iwell-guard.com\/is\/wp-json\/wp\/v2\/pages"}],"about":[{"href":"https:\/\/iwell-guard.com\/is\/wp-json\/wp\/v2\/types\/page"}],"author":[{"embeddable":true,"href":"https:\/\/iwell-guard.com\/is\/wp-json\/wp\/v2\/users\/3"}],"replies":[{"embeddable":true,"href":"https:\/\/iwell-guard.com\/is\/wp-json\/wp\/v2\/comments?post=168960"}],"version-history":[{"count":0,"href":"https:\/\/iwell-guard.com\/is\/wp-json\/wp\/v2\/pages\/168960\/revisions"}],"wp:featuredmedia":[{"embeddable":true,"href":"https:\/\/iwell-guard.com\/is\/wp-json\/wp\/v2\/media\/2836"}],"wp:attachment":[{"href":"https:\/\/iwell-guard.com\/is\/wp-json\/wp\/v2\/media?parent=168960"}],"wp:term":[{"taxonomy":"category","embeddable":true,"href":"https:\/\/iwell-guard.com\/is\/wp-json\/wp\/v2\/categories?post=168960"}],"curies":[{"name":"wp","href":"https:\/\/api.w.org\/{rel}","templated":true}]}}