{"id":168959,"date":"2026-09-05T14:04:23","date_gmt":"2026-09-05T14:04:23","guid":{"rendered":"https:\/\/iwell-guard.com\/?page_id=168959"},"modified":"2026-09-05T14:27:03","modified_gmt":"2026-09-05T14:27:03","slug":"tarhunna-vedurgud-hetita","status":"publish","type":"page","link":"https:\/\/iwell-guard.com\/is\/tarhunna-vedurgud-hetita\/","title":{"rendered":"Tarhunna \u2013 ve\u00f0urgu\u00f0 Het\u00edta"},"content":{"rendered":"\t\t<div data-elementor-type=\"wp-page\" data-elementor-id=\"168959\" class=\"elementor elementor-168959 elementor-2614 elementor-bc-flex-widget\" data-elementor-post-type=\"page\">\n\t\t\t\t<div class=\"elementor-element elementor-element-iwgw-tarhunna-hero e-flex e-con-boxed e-con e-parent\" data-id=\"iwgw-tarhunna-hero\" data-element_type=\"container\" data-e-type=\"container\" data-settings=\"{&quot;background_background&quot;:&quot;classic&quot;}\">\n\t\t\t\t\t<div class=\"e-con-inner\">\n\t\t<div class=\"elementor-element elementor-element-iwgw-tarhunna-hl e-flex e-con-boxed e-con e-child\" data-id=\"iwgw-tarhunna-hl\" data-element_type=\"container\" data-e-type=\"container\">\n\t\t\t\t\t<div class=\"e-con-inner\">\n\t\t<div class=\"elementor-element elementor-element-iwgw-tarhunna-htxt e-con-full e-flex e-con e-child\" data-id=\"iwgw-tarhunna-htxt\" data-element_type=\"container\" data-e-type=\"container\">\n\t\t\t\t<div class=\"elementor-element elementor-element-iwgw-tarhunna-h1 elementor-widget elementor-widget-heading\" data-id=\"iwgw-tarhunna-h1\" data-element_type=\"widget\" data-e-type=\"widget\" data-widget_type=\"heading.default\">\n\t\t\t\t\t<h1 class=\"elementor-heading-title elementor-size-default\">Tarhunna, ve\u00f0urgu\u00f0 Het\u00edta og r\u00edkisherra<\/h1>\t\t\t\t<\/div>\n\t\t\t\t<div class=\"elementor-element elementor-element-iwgw-tarhunna-lead elementor-widget elementor-widget-text-editor\" data-id=\"iwgw-tarhunna-lead\" data-element_type=\"widget\" data-e-type=\"widget\" data-widget_type=\"text-editor.default\">\n\t\t\t\t\t\t\t\t\t<p>Tarhunna, sem \u00ed fleygr\u00fanatextum er oftast skrifa\u00f0 <em>D U<\/em> e\u00f0a <em>Tar\u1e2bunna<\/em>, er \u00e6\u00f0sti ve\u00f0urgu\u00f0 het\u00edska r\u00edkisins \u00e1 s\u00ed\u00f0ara helmingi annars \u00e1r\u00fe\u00fasunds fyrir Krist. Sem \u00ferumu- og stormgu\u00f0 r\u00e6\u00f0ur hann yfir himninum yfir Anat\u00f3l\u00edu, verndar st\u00f3rkonunginn \u00ed orrustu og er mi\u00f0l\u00e6gur \u00ed fj\u00f6lm\u00f6rgum r\u00edkiss\u00e1ttm\u00e1lum sem ei\u00f0ar hans sta\u00f0festa.<\/p>\t\t\t\t\t\t\t\t<\/div>\n\t\t\t\t<\/div>\n\t\t<div class=\"elementor-element elementor-element-iwgw-tarhunna-pillc e-con-full e-flex e-con e-child\" data-id=\"iwgw-tarhunna-pillc\" data-element_type=\"container\" data-e-type=\"container\">\n\t\t\t\t<div class=\"elementor-element elementor-element-iwgw-tarhunna-pills elementor-widget elementor-widget-html\" data-id=\"iwgw-tarhunna-pills\" data-element_type=\"widget\" data-e-type=\"widget\" data-widget_type=\"html.default\">\n\t\t\t\t\t<div class=\"iwg-pill-row\"><span class=\"iwg-klasse-badge\" tabindex=\"0\" data-tooltip=\"Ve\u00f0urgu\u00f0 \u00ed het\u00edskri hef\u00f0.\">Ve\u00f0urgu\u00f0<\/span><a href=\"https:\/\/iwell-guard.com\/is\/hettitar-anatolia-tarhunna-vernd\/\" class=\"iwg-kultur-badge\" tabindex=\"0\" data-tooltip=\"Go\u00f0afr\u00e6\u00f0i het\u00edskrar hef\u00f0ar.\">Het\u00edsk<\/a><span class=\"iwg-tradition-badge\" tabindex=\"0\" data-tooltip=\"\u00c6\u00f0ri go\u00f0m\u00f6gn.\">\u00c6\u00f0ri go\u00f0m\u00f6gn<\/span><\/div>\t\t\t\t<\/div>\n\t\t\t\t<\/div>\n\t\t<div class=\"elementor-element elementor-element-iwgw-tarhunna-tocc e-con-full e-flex e-con e-child\" data-id=\"iwgw-tarhunna-tocc\" data-element_type=\"container\" data-e-type=\"container\">\n\t\t\t\t<div class=\"elementor-element elementor-element-iwgw-tarhunna-toc elementor-toc--minimized-on-tablet elementor-widget elementor-widget-table-of-contents\" data-id=\"iwgw-tarhunna-toc\" data-element_type=\"widget\" data-e-type=\"widget\" data-settings=\"{&quot;headings_by_tags&quot;:[&quot;h2&quot;,&quot;h3&quot;],&quot;minimize_box&quot;:&quot;yes&quot;,&quot;marker_view&quot;:&quot;bullets&quot;,&quot;no_headings_message&quot;:&quot;Engar undirfyrirsagnir fundust \\u00e1 \\u00feessari s\\u00ed\\u00f0u.&quot;,&quot;exclude_headings_by_selector&quot;:[],&quot;icon&quot;:{&quot;value&quot;:&quot;fas fa-circle&quot;,&quot;library&quot;:&quot;fa-solid&quot;,&quot;rendered_tag&quot;:&quot;&lt;svg class=\\&quot;e-font-icon-svg e-fas-circle\\&quot; viewBox=\\&quot;0 0 512 512\\&quot; xmlns=\\&quot;http:\\\/\\\/www.w3.org\\\/2000\\\/svg\\&quot;&gt;&lt;path d=\\&quot;M256 8C119 8 8 119 8 256s111 248 248 248 248-111 248-248S393 8 256 8z\\&quot;&gt;&lt;\\\/path&gt;&lt;\\\/svg&gt;&quot;},&quot;minimized_on&quot;:&quot;tablet&quot;,&quot;hierarchical_view&quot;:&quot;yes&quot;,&quot;min_height&quot;:{&quot;unit&quot;:&quot;px&quot;,&quot;size&quot;:&quot;&quot;,&quot;sizes&quot;:[]},&quot;min_height_tablet&quot;:{&quot;unit&quot;:&quot;px&quot;,&quot;size&quot;:&quot;&quot;,&quot;sizes&quot;:[]},&quot;min_height_mobile&quot;:{&quot;unit&quot;:&quot;px&quot;,&quot;size&quot;:&quot;&quot;,&quot;sizes&quot;:[]}}\" data-widget_type=\"table-of-contents.default\">\n\t\t\t\t\t\t\t\t\t<div class=\"elementor-toc__header\">\n\t\t\t\t\t\t<h2 class=\"elementor-toc__header-title\">\n\t\t\t\tEfnisyfirlit\t\t\t<\/h2>\n\t\t\t\t\t\t\t\t\t\t<div class=\"elementor-toc__toggle-button elementor-toc__toggle-button--expand\" role=\"button\" tabindex=\"0\" aria-controls=\"elementor-toc__iwgw-tarhunna-toc\" aria-expanded=\"true\" aria-label=\"Open table of contents\"><svg aria-hidden=\"true\" class=\"e-font-icon-svg e-fas-chevron-down\" viewBox=\"0 0 448 512\" xmlns=\"http:\/\/www.w3.org\/2000\/svg\"><path d=\"M207.029 381.476L12.686 187.132c-9.373-9.373-9.373-24.569 0-33.941l22.667-22.667c9.357-9.357 24.522-9.375 33.901-.04L224 284.505l154.745-154.021c9.379-9.335 24.544-9.317 33.901.04l22.667 22.667c9.373 9.373 9.373 24.569 0 33.941L240.971 381.476c-9.373 9.372-24.569 9.372-33.942 0z\"><\/path><\/svg><\/div>\n\t\t\t\t<div class=\"elementor-toc__toggle-button elementor-toc__toggle-button--collapse\" role=\"button\" tabindex=\"0\" aria-controls=\"elementor-toc__iwgw-tarhunna-toc\" aria-expanded=\"true\" aria-label=\"Close table of contents\"><svg aria-hidden=\"true\" class=\"e-font-icon-svg e-fas-chevron-up\" viewBox=\"0 0 448 512\" xmlns=\"http:\/\/www.w3.org\/2000\/svg\"><path d=\"M240.971 130.524l194.343 194.343c9.373 9.373 9.373 24.569 0 33.941l-22.667 22.667c-9.357 9.357-24.522 9.375-33.901.04L224 227.495 69.255 381.516c-9.379 9.335-24.544 9.317-33.901-.04l-22.667-22.667c-9.373-9.373-9.373-24.569 0-33.941L207.03 130.525c9.372-9.373 24.568-9.373 33.941-.001z\"><\/path><\/svg><\/div>\n\t\t\t\t\t<\/div>\n\t\t\t\t<div id=\"elementor-toc__iwgw-tarhunna-toc\" class=\"elementor-toc__body\">\n\t\t\t<div class=\"elementor-toc__spinner-container\">\n\t\t\t\t<svg class=\"elementor-toc__spinner eicon-animation-spin e-font-icon-svg e-eicon-loading\" aria-hidden=\"true\" viewBox=\"0 0 1000 1000\" xmlns=\"http:\/\/www.w3.org\/2000\/svg\"><path d=\"M500 975V858C696 858 858 696 858 500S696 142 500 142 142 304 142 500H25C25 237 238 25 500 25S975 237 975 500 763 975 500 975Z\"><\/path><\/svg>\t\t\t<\/div>\n\t\t<\/div>\n\t\t\t\t\t\t<\/div>\n\t\t\t\t<\/div>\n\t\t\t\t\t<\/div>\n\t\t\t\t<\/div>\n\t\t<div class=\"elementor-element elementor-element-iwgw-tarhunna-hr e-con-full e-flex e-con e-child\" data-id=\"iwgw-tarhunna-hr\" data-element_type=\"container\" data-e-type=\"container\">\n\t\t\t\t<div class=\"elementor-element elementor-element-iwgw-tarhunna-heroimg iwg-hero-image elementor-widget elementor-widget-image\" data-id=\"iwgw-tarhunna-heroimg\" data-element_type=\"widget\" data-e-type=\"widget\" data-widget_type=\"image.default\">\n\t\t\t\t\t\t\t\t\t\t\t\t\t\t\t<img fetchpriority=\"high\" decoding=\"async\" width=\"683\" height=\"1024\" src=\"https:\/\/iwell-guard.com\/wp-content\/uploads\/2026\/05\/goetter_hethitisch_tarhunna-683x1024.webp\" class=\"attachment-large size-large wp-image-170816\" alt=\"Tarhunna - Gu\u00f0 \u00far het\u00edt\u00edskri hef\u00f0, s\u00f6gulega myndr\u00e6nt\" srcset=\"https:\/\/iwell-guard.com\/wp-content\/uploads\/2026\/05\/goetter_hethitisch_tarhunna-683x1024.webp 683w, https:\/\/iwell-guard.com\/wp-content\/uploads\/2026\/05\/goetter_hethitisch_tarhunna-200x300.webp 200w, https:\/\/iwell-guard.com\/wp-content\/uploads\/2026\/05\/goetter_hethitisch_tarhunna-768x1152.webp 768w, https:\/\/iwell-guard.com\/wp-content\/uploads\/2026\/05\/goetter_hethitisch_tarhunna.webp 1024w\" sizes=\"(max-width: 683px) 100vw, 683px\" \/>\t\t\t\t\t\t\t\t\t\t\t\t\t\t\t<\/div>\n\t\t\t\t<\/div>\n\t\t\t\t\t<\/div>\n\t\t\t\t<\/div>\n\t\t<div class=\"elementor-element elementor-element-iwgw-tarhunna-s0 e-flex e-con-boxed e-con e-parent\" data-id=\"iwgw-tarhunna-s0\" data-element_type=\"container\" data-e-type=\"container\">\n\t\t\t\t\t<div class=\"e-con-inner\">\n\t\t\t\t<div class=\"elementor-element elementor-element-iwgw-tarhunna-s0h elementor-widget elementor-widget-heading\" data-id=\"iwgw-tarhunna-s0h\" data-element_type=\"widget\" data-e-type=\"widget\" data-widget_type=\"heading.default\">\n\t\t\t\t\t<h2 class=\"elementor-heading-title elementor-size-default\">Greining og skammrit<\/h2>\t\t\t\t<\/div>\n\t\t<div class=\"elementor-element elementor-element-iwgw-tarhunna-s0c e-con-full e-flex e-con e-child\" data-id=\"iwgw-tarhunna-s0c\" data-element_type=\"container\" data-e-type=\"container\">\n\t\t\t\t<div class=\"elementor-element elementor-element-iwgw-tarhunna-s0t elementor-widget elementor-widget-text-editor\" data-id=\"iwgw-tarhunna-s0t\" data-element_type=\"widget\" data-e-type=\"widget\" data-widget_type=\"text-editor.default\">\n\t\t\t\t\t\t\t\t\t<p>Tarhunna tilheyrir innsta hring het\u00edska r\u00edkisgo\u00f0aheimsins og kemur fram \u00ed textum \u00far skjalas\u00f6fnum \u1e2aattu\u0161a (n\u00fa Bo\u011fazkale) sem \u00e6\u00f0sti karlkyns r\u00edkisgu\u00f0.<\/p><p>Volkert Haas hefur \u00ed riti s\u00ednu <em>Geschichte der hethitischen Religion<\/em> (1994) s\u00fdnt fram \u00e1 a\u00f0 Tarhunna er samfellt sannreynanlegur fr\u00e1 elstu het\u00edska t\u00edmabilinu \u00e1 17. og 16. \u00f6ld f.Kr. og var \u00e1fram mi\u00f0l\u00e6gur ve\u00f0urgu\u00f0 allt til falls r\u00edkisins um 1180 f.Kr. Verksvi\u00f0 hans er breitt: \u00ferumur, regn, orrustuvald, verndun konungs, ei\u00f0ar s\u00e1ttm\u00e1la og gr\u00f3ska akra.<\/p><p>Innan <a href=\"https:\/\/iwell-guard.com\/is\/hettitar-anatolia-tarhunna-vernd\/\">het\u00edsku hef\u00f0arinnar<\/a> gegnir hann svipu\u00f0u hlutverki og <a href=\"https:\/\/iwell-guard.com\/is\/?page_id=168963\">Teshub<\/a> \u00ed hurr\u00edska <span class=\"iwg-fachbegriff\" data-tooltip=\"Heild gu\u00f0anna \u00ed tr\u00faarbr\u00f6g\u00f0um e\u00f0a menningu.\" tabindex=\"0\">go\u00f0heiminum<\/span> (pantheon), sem hann var \u00ed r\u00edkisd\u00fdrkun st\u00f3rkonunganna \u00ed s\u00edfellt meiri m\u00e6li samsama\u00f0ur vi\u00f0.<\/p><p>Trevor Bryce kallar \u00feessa samruna \u00ed <em>The Kingdom of the Hittites<\/em> (2005) eina mikilv\u00e6gustu tr\u00faars\u00f6gu\u00fer\u00f3un s\u00ed\u00f0<span class=\"iwg-fachbegriff\" data-tooltip=\"Fors\u00f6gulegt t\u00edmabil \u00fear sem brons var mikilv\u00e6gasti m\u00e1lmurinn \u00ed verkf\u00e6ri.\" tabindex=\"0\">bronsaldar<\/span> \u00ed Anat\u00f3l\u00edu. Tarhunna kemur fram \u00ed \u00fdmsum sta\u00f0bundnum afbrig\u00f0um, me\u00f0al annars sem ve\u00f0urgu\u00f0 Nerik, Alepp\u00f3, Ziplanda e\u00f0a \u1e2aattu\u0161a, hver me\u00f0 eigin d\u00fdrkunarst\u00f6\u00f0um, h\u00e1t\u00ed\u00f0adagat\u00f6lum og prestlegum stigveldum.<\/p><p>Tr\u00faarfr\u00e6\u00f0ilega tilheyrir Tarhunna hinni \u00fatbreiddu ger\u00f0 ind\u00f3evr\u00f3pska ve\u00f0urgu\u00f0sins sem r\u00edkir fr\u00e1 tindi h\u00e1s fjalls e\u00f0a \u00far sk\u00fdjab\u00fasta\u00f0 s\u00ednum. Hli\u00f0st\u00e6\u00f0ur finnast hj\u00e1 Indra, Seifi og hinum germanska \u00de\u00f3r (Donar); Tarhunna sker sig \u00fe\u00f3 fr\u00e1 \u00feeim me\u00f0 sterku lagalegu og s\u00e1ttm\u00e1lalegu hlutverki s\u00ednu, sem gerir hann a\u00f0 \u00e1byrg\u00f0armanni ei\u00f0a.<\/p><p>Het\u00edska <span class=\"iwg-fachbegriff\" data-tooltip=\"V\u00edsindaleg fr\u00e6\u00f0i um gu\u00f0 og tr\u00fa \u00ed tr\u00faarbr\u00f6g\u00f0um.\" tabindex=\"0\">gu\u00f0fr\u00e6\u00f0in<\/span> tengdi ve\u00f0urgu\u00f0inn me\u00f0 einstakri n\u00e1kv\u00e6mni vi\u00f0 konungd\u00f3minn: St\u00f3rkonungurinn er &#8216;sonur&#8217; e\u00f0a &#8216;\u00e1sts\u00e6ll \u00fej\u00f3nn&#8217; Tarhunna, og l\u00f6gm\u00e6ti hans byggist \u00e1 velvild gu\u00f0sins.<\/p>\t\t\t\t\t\t\t\t<\/div>\n\t\t\t\t<\/div>\n\t\t\t\t\t<\/div>\n\t\t\t\t<\/div>\n\t\t<div class=\"elementor-element elementor-element-iwgw-tarhunna-s1 e-flex e-con-boxed e-con e-parent\" data-id=\"iwgw-tarhunna-s1\" data-element_type=\"container\" data-e-type=\"container\">\n\t\t\t\t\t<div class=\"e-con-inner\">\n\t\t\t\t<div class=\"elementor-element elementor-element-iwgw-tarhunna-s1h elementor-widget elementor-widget-heading\" data-id=\"iwgw-tarhunna-s1h\" data-element_type=\"widget\" data-e-type=\"widget\" data-widget_type=\"heading.default\">\n\t\t\t\t\t<h2 class=\"elementor-heading-title elementor-size-default\">Nafn og or\u00f0sifjar<\/h2>\t\t\t\t<\/div>\n\t\t<div class=\"elementor-element elementor-element-iwgw-tarhunna-s1c e-con-full e-flex e-con e-child\" data-id=\"iwgw-tarhunna-s1c\" data-element_type=\"container\" data-e-type=\"container\">\n\t\t\t\t<div class=\"elementor-element elementor-element-iwgw-tarhunna-s1t elementor-widget elementor-widget-text-editor\" data-id=\"iwgw-tarhunna-s1t\" data-element_type=\"widget\" data-e-type=\"widget\" data-widget_type=\"text-editor.default\">\n\t\t\t\t\t\t\t\t\t<p>Nafni\u00f0 Tarhunna er dregi\u00f0 af ind\u00f3evr\u00f3psku r\u00f3tinni <em>*terh\u2082-<\/em> &#8216;a\u00f0 fara yfir, a\u00f0 yfirbuga, a\u00f0 vera sterkur&#8217;. Calvert Watkins hefur \u00ed <em>How to Kill a Dragon<\/em> (1995) s\u00fdnt \u00edtarlega fram \u00e1 a\u00f0 r\u00f3tin gaf af s\u00e9r het\u00edska s\u00f6gnina <em>tar\u1e2b-<\/em> &#8216;a\u00f0 vinna sigur, a\u00f0 bugast&#8217;.<\/p><p>Tarhunna er \u00feannig b\u00f3kstaflega &#8216;sigurvegarinn&#8217; e\u00f0a &#8216;s\u00e1 sem bugar&#8217;, nafn sem v\u00edsar fram til a\u00f0albardaga hans vi\u00f0 h\u00f6ggorminn Illuyanka. Nafnmyndunin me\u00f0 vi\u00f0skeytinu <em>-na<\/em> er virk \u00ed anat\u00f3l\u00edskum m\u00e1lum og myndar gu\u00f0an\u00f6fn af sagnstofnum.<\/p><p>\u00cd fleygr\u00fanatextum er nafni\u00f0 n\u00e6r alltaf skrifa\u00f0 me\u00f0 s\u00famerska ritt\u00e1kninu DU (les: <em>I\u0161kur\/Adad<\/em>) e\u00f0a DIM, \u00e1samt het\u00edskum hlj\u00f3\u00f0fyllingum eins og <em>-a\u0161, -un, -ni<\/em>. F\u00e1g\u00e6t hlj\u00f3\u00f0r\u00e6n skrift <em>Tar-\u1e2bu-na-a\u0161<\/em> finnst \u00ed elstu het\u00edsku h\u00e1t\u00ed\u00f0arit\u00faalum.<\/p><p>\u00cd l\u00fav\u00edsku kemur fram myndin <em>Tar\u1e2bunt<\/em>, \u00ed pala\u00edsku <em>Tar\u1e2bunna<\/em>. \u00deessi formbreyting er mikilv\u00e6g m\u00e1ls\u00f6gulega v\u00edsbending og er r\u00e6dd \u00edtarlega \u00ed verkum H. Craig Melchert (<em>Anatolian Historical Phonology<\/em>, 1994).<\/p><p>H\u00eder\u00f3gl\u00fdfu-l\u00fav\u00edskar \u00e1letranir fr\u00e1 s\u00ed\u00f0het\u00edska og eftirhet\u00edska t\u00edmabilinu \u00ed Karkami\u0161, Mara\u015f og Tabal s\u00fdna standandi gu\u00f0 me\u00f0 \u00f6xi og eldingarb\u00fant. Ritt\u00e1kni\u00f0 DEUS.TONITRUS t\u00e1knar hann beinl\u00ednis sem &#8216;\u00ferumugu\u00f0inn&#8217;. \u00cd akkad\u00edskum gu\u00f0alistum er hann samsama\u00f0ur Adad, sem sj\u00e1lfur svarar til vestursem\u00edt\u00edska Hadad. \u00deessi sams\u00f6munarke\u00f0ja s\u00fdnir samfellda skynjun Tarhunna sem &#8216;ve\u00f0urgu\u00f0sins&#8217; sj\u00e1lfs \u00ed fornu Austurlandan\u00e1nd.<\/p>\t\t\t\t\t\t\t\t<\/div>\n\t\t\t\t<\/div>\n\t\t\t\t\t<\/div>\n\t\t\t\t<\/div>\n\t\t<div class=\"elementor-element elementor-element-iwgw-tarhunna-s2 e-flex e-con-boxed e-con e-parent\" data-id=\"iwgw-tarhunna-s2\" data-element_type=\"container\" data-e-type=\"container\">\n\t\t\t\t\t<div class=\"e-con-inner\">\n\t\t\t\t<div class=\"elementor-element elementor-element-iwgw-tarhunna-s2h elementor-widget elementor-widget-heading\" data-id=\"iwgw-tarhunna-s2h\" data-element_type=\"widget\" data-e-type=\"widget\" data-widget_type=\"heading.default\">\n\t\t\t\t\t<h2 class=\"elementor-heading-title elementor-size-default\">L\u00fdsing og myndm\u00e1l<\/h2>\t\t\t\t<\/div>\n\t\t<div class=\"elementor-element elementor-element-iwgw-tarhunna-s2c e-con-full e-flex e-con e-child\" data-id=\"iwgw-tarhunna-s2c\" data-element_type=\"container\" data-e-type=\"container\">\n\t\t\t\t<div class=\"elementor-element elementor-element-iwgw-tarhunna-s2t elementor-widget elementor-widget-text-editor\" data-id=\"iwgw-tarhunna-s2t\" data-element_type=\"widget\" data-e-type=\"widget\" data-widget_type=\"text-editor.default\">\n\t\t\t\t\t\t\t\t\t<p>\u00cd myndm\u00e1li birtist Tarhunna sem skeggja\u00f0ur ma\u00f0ur \u00ed stuttum, mittisbundnum kl\u00e6\u00f0na\u00f0i, me\u00f0 oddhvassa hyrnda hettu \u00e1 h\u00f6f\u00f0inu, me\u00f0 \u00fer\u00edforka eldingargaffal \u00ed annarri hendi og str\u00ed\u00f0s\u00f6xi \u00ed hinni.<\/p><p>\u00deessi myndhef\u00f0 er <span class=\"iwg-fachbegriff\" data-tooltip=\"\u00dea\u00f0 sem heyrir til hins vi\u00f0urkennda, sta\u00f0festa ritsafns tr\u00faarbrag\u00f0a.\" tabindex=\"0\">kan\u00f3n\u00edsk<\/span> \u00e1 klettamyndunum \u00ed Yaz\u0131l\u0131kaya, hinu mikla myndhelgista\u00f0 n\u00e1l\u00e6gt \u1e2aattu\u0161a. Kurt Bittel l\u00fdsti \u00ed <em>Die Hethiter<\/em> (1976) Tarhunna \u00ed a\u00f0alkammeri A helgista\u00f0arins sem lei\u00f0toga gu\u00f0askr\u00fa\u00f0g\u00f6ngu karlkynsgu\u00f0anna.<\/p><p>Einkennandi er rei\u00f0skj\u00f3ti hans, e\u00f0a n\u00e1nar tilteki\u00f0 eyki\u00f0 hans: Tarhunna ekur vagni sem tveir naut, \u0160eri (&#8216;dagur&#8217;) og \u1e2aurri (&#8216;n\u00f3tt&#8217;), draga.<\/p><p>\u00deessi mynd af nautaeykinu er bein v\u00edsbending um h\u00farr\u00edsk \u00e1hrif og tengir Tarhunna n\u00e1i\u00f0 vi\u00f0 <a href=\"https:\/\/iwell-guard.com\/is\/?page_id=168963\">Teshub<\/a>. Nauti\u00f0 sj\u00e1lft er heilagt d\u00fdr hans og er f\u00f3rna\u00f0 \u00ed <span class=\"iwg-fachbegriff\" data-tooltip=\"Heild tr\u00faarlegra d\u00fdrkunarathafna helga\u00f0ra gu\u00f0i e\u00f0a heilagri veru.\" tabindex=\"0\">d\u00fdrkuninni<\/span>; \u00e1 m\u00f6rgum l\u00e1gmyndum stendur naut vi\u00f0 hli\u00f0 ve\u00f0urgu\u00f0sins e\u00f0a ber hann \u00e1 baki s\u00e9r.<\/p><p>Bronsstytta af gangandi Tarhunna fr\u00e1 Tarsus s\u00fdnir gu\u00f0inn me\u00f0 lofta \u00f6xi og er eitt kunnasta einstaka listmunurinn fr\u00e1 hett\u00edt\u00edskri sm\u00e1listi\u00f0n.<\/p><p>Auk \u00feess eru \u00feekktar klettamyndir sem s\u00fdna Tarhunna veita konungslegri vernd: \u00cd Yaz\u0131l\u0131kaya fa\u00f0mar ve\u00f0urgu\u00f0 \u1e2aattu\u0161a st\u00f3rkonunginn Tud\u1e2baliya IV. og veitir honum \u00feannig gu\u00f0lega vernd.<\/p><p>\u00deessi myndform\u00fala gu\u00f0afa\u00f0mlagsins er \u00ed fr\u00e6\u00f0unum k\u00f6llu\u00f0 &#8216;tutelary gesture&#8217; og er kennimerki konunglegrar l\u00f6gm\u00e6tingar. \u00cd Karkami\u0161, Alepp\u00f3 og \u00f6\u00f0rum s\u00ed\u00f0hett\u00edt\u00edskum st\u00f6\u00f0um er Tarhunna-myndhef\u00f0in vi\u00f0varandi fram \u00e1 8. \u00f6ld f.Kr., oft \u00ed tengslum vi\u00f0 hi\u00f0 v\u00e6ngja\u00f0a s\u00f3lsk\u00edfu-<span class=\"iwg-fachbegriff\" data-tooltip=\"Merki sem stendur fyrir hugmynd e\u00f0a merkingu.\" tabindex=\"0\">t\u00e1kn<\/span> konungd\u00f3msins.<\/p>\t\t\t\t\t\t\t\t<\/div>\n\t\t\t\t<\/div>\n\t\t\t\t\t<\/div>\n\t\t\t\t<\/div>\n\t\t<div class=\"elementor-element elementor-element-iwgw-tarhunna-s3 e-flex e-con-boxed e-con e-parent\" data-id=\"iwgw-tarhunna-s3\" data-element_type=\"container\" data-e-type=\"container\">\n\t\t\t\t\t<div class=\"e-con-inner\">\n\t\t\t\t<div class=\"elementor-element elementor-element-iwgw-tarhunna-s3h elementor-widget elementor-widget-heading\" data-id=\"iwgw-tarhunna-s3h\" data-element_type=\"widget\" data-e-type=\"widget\" data-widget_type=\"heading.default\">\n\t\t\t\t\t<h2 class=\"elementor-heading-title elementor-size-default\">Go\u00f0sagnakenndar fr\u00e1sagnir<\/h2>\t\t\t\t<\/div>\n\t\t<div class=\"elementor-element elementor-element-iwgw-tarhunna-s3c e-con-full e-flex e-con e-child\" data-id=\"iwgw-tarhunna-s3c\" data-element_type=\"container\" data-e-type=\"container\">\n\t\t\t\t<div class=\"elementor-element elementor-element-iwgw-tarhunna-s3t elementor-widget elementor-widget-text-editor\" data-id=\"iwgw-tarhunna-s3t\" data-element_type=\"widget\" data-e-type=\"widget\" data-widget_type=\"text-editor.default\">\n\t\t\t\t\t\t\t\t\t<p>Mikilv\u00e6gasta Tarhunna-sagan er <span class=\"iwg-fachbegriff\" data-tooltip=\"Hef\u00f0bundin fr\u00e1s\u00f6gn um gu\u00f0i, uppruna og skipan heimsins.\" tabindex=\"0\">go\u00f0sagan<\/span> um drekabar\u00e1ttuna vi\u00f0 <em>Illuyanka<\/em>, \u00f3gurlegan h\u00f6ggorm. Textinn er var\u00f0veittur \u00ed tveimur ger\u00f0um fr\u00e1 hinu forn-hett\u00edt\u00edska <em>purulli<\/em>-vorh\u00e1t\u00ed\u00f0 (CTH 321) og hefur veri\u00f0 gefinn \u00fat af Gary Beckman \u00ed <em>Hittite Myths<\/em> (1998).<\/p><p>\u00cd fyrstu ger\u00f0inni sigrar Illuyanka Tarhunna og hann glatar hjarta s\u00ednu og augum s\u00ednum; \u00fea\u00f0 er ekki fyrr en me\u00f0 k\u00e6nsku gy\u00f0junnar Inara og mannsins \u1e2aupa\u0161iya sem drekinn er sigra\u00f0ur.<\/p><p>Inara heldur veislu, b\u00fd\u00f0ur Illuyanka og l\u00e6tur hann drekka sig fullan og eta sig saddan, \u00fe\u00e1 bindur \u1e2aupa\u0161iya orminn me\u00f0 reipi og Tarhunna getur vegi\u00f0 hann.<\/p><p>\u00cd seinni ger\u00f0inni eignast Tarhunna son me\u00f0 dau\u00f0legri konu, sem \u00f3v\u00e6nt ver\u00f0ur tengdasonur Illuyanka og skilar f\u00f6\u00f0ur s\u00ednum aftur l\u00edff\u00e6runum sem stoli\u00f0 var.<\/p><p>Sonurinn krefst \u00feess \u00ed kj\u00f6lfari\u00f0 a\u00f0 fa\u00f0ir hans dey\u00f0i hann, \u00fev\u00ed hann getur ekki haldi\u00f0 trygg\u00f0 vi\u00f0 b\u00e1\u00f0a a\u00f0ila. Tarhunna ver\u00f0ur vi\u00f0 \u00feessari harm\u00ferungnu b\u00e6n og endurheimtir m\u00e1tt sinn.<\/p><p><span class=\"iwg-fachbegriff\" data-tooltip=\"Endurteki\u00f0 innihaldsatri\u00f0i \u00ed list e\u00f0a fr\u00e1s\u00f6gn.\" tabindex=\"0\">Myndefni\u00f0<\/span> um drekabar\u00e1ttu ve\u00f0urgu\u00f0sins er tr\u00faars\u00f6gulega eitt af elstu ind\u00f3evr\u00f3psku fr\u00e1sagnarmynstrunum. Watkins s\u00fdndi fram \u00e1 a\u00f0 form\u00falan &#8216;hetjan felldi drekann&#8217; (ind\u00f3evr\u00f3pska <em>*gwhen- h\u2083egwhim<\/em>) er var\u00f0veitt \u00ed n\u00e6r \u00f6llum ind\u00f3evr\u00f3pskum tungum\u00e1lum. Hj\u00e1 Tarhunna ver\u00f0ur h\u00fan a\u00f0 \u00e1rst\u00ed\u00f0abundinni go\u00f0s\u00f6gu: sigurinn yfir drekanum markar umskiptin fr\u00e1 dau\u00f0um vetri til gr\u00f3skumikils vors.<\/p><p>A\u00f0rar fr\u00e1sagnir \u00fear sem Tarhunna kemur fram eru <a href=\"https:\/\/iwell-guard.com\/is\/?page_id=168961\">Telipinu<\/a>&#8211;<span class=\"iwg-fachbegriff\" data-tooltip=\"Hef\u00f0bundin fr\u00e1s\u00f6gn um gu\u00f0i, uppruna og skipan heimsins.\" tabindex=\"0\">go\u00f0sagan<\/span>, \u00fear sem Tarhunna leitar a\u00f0 syni s\u00ednum sem horfi\u00f0 hefur, og <a href=\"https:\/\/iwell-guard.com\/is\/?page_id=168966\">Ullikummi<\/a>-hringurinn, \u00fear sem hann berst sem <a href=\"https:\/\/iwell-guard.com\/is\/?page_id=168963\">Teshub<\/a> gegn steinrisanum. \u00cd \u00f6llum \u00feessum \u00feremur fr\u00e1s\u00f6gnum birtist Tarhunna ekki sem \u00f3skeikull; hann er berskjalda\u00f0ur, getur tapa\u00f0 og \u00fearf bandamenn og hyggindi.<\/p>\t\t\t\t\t\t\t\t<\/div>\n\t\t\t\t<\/div>\n\t\t\t\t\t<\/div>\n\t\t\t\t<\/div>\n\t\t<div class=\"elementor-element elementor-element-iwgw-tarhunna-s4 e-flex e-con-boxed e-con e-parent\" data-id=\"iwgw-tarhunna-s4\" data-element_type=\"container\" data-e-type=\"container\">\n\t\t\t\t\t<div class=\"e-con-inner\">\n\t\t\t\t<div class=\"elementor-element elementor-element-iwgw-tarhunna-s4h elementor-widget elementor-widget-heading\" data-id=\"iwgw-tarhunna-s4h\" data-element_type=\"widget\" data-e-type=\"widget\" data-widget_type=\"heading.default\">\n\t\t\t\t\t<h2 class=\"elementor-heading-title elementor-size-default\">D\u00fdrkun og tilbei\u00f0sla<\/h2>\t\t\t\t<\/div>\n\t\t<div class=\"elementor-element elementor-element-iwgw-tarhunna-s4c e-con-full e-flex e-con e-child\" data-id=\"iwgw-tarhunna-s4c\" data-element_type=\"container\" data-e-type=\"container\">\n\t\t\t\t<div class=\"elementor-element elementor-element-iwgw-tarhunna-s4t elementor-widget elementor-widget-text-editor\" data-id=\"iwgw-tarhunna-s4t\" data-element_type=\"widget\" data-e-type=\"widget\" data-widget_type=\"text-editor.default\">\n\t\t\t\t\t\t\t\t\t<p><span class=\"iwg-fachbegriff\" data-tooltip=\"\u00d6ll heild tr\u00faarlegra tilbei\u00f0sluathafna \u00ed gar\u00f0 gu\u00f0s e\u00f0a heilagrar v\u00e6ttar.\" tabindex=\"0\">D\u00fdrkun<\/span> Tarhunna n\u00e1\u00f0i yfir allt hi\u00f0 hitt\u00edska r\u00edki. Helsta <span class=\"iwg-fachbegriff\" data-tooltip=\"Heilagur sta\u00f0ur sem tileinka\u00f0ur er tilbei\u00f0slu \u00e1 gu\u00f0i.\" tabindex=\"0\">helgista\u00f0ur<\/span> hans var \u00ed Nerik, borg \u00ed Nor\u00f0ur-Anat\u00f3l\u00edu sem tapa\u00f0ist t\u00edmabundi\u00f0 \u00ed hendur fjandsamlegra Ka\u0161k\u00e6a og endurheimt hennar var\u00f0 tr\u00faarp\u00f3lit\u00edsk nau\u00f0syn.<\/p><p>Ve\u00f0urgu\u00f0 Neriks var sj\u00e1lfst\u00e6\u00f0 sta\u00f0bundin \u00edmynd og vi\u00f0takandi fj\u00f6lda b\u00e6nagj\u00f6r\u00f0a st\u00f3rkonungsins Mur\u0161ilis II. (t.d. CTH 376). Annar helsti tilbei\u00f0slusta\u00f0ur var Alepp\u00f3 (\u1e2aalab), \u00fear sem mikill ve\u00f0urgu\u00f0 haf\u00f0i veri\u00f0 tilbe\u00f0inn allt fr\u00e1 forns\u00fdrlenskum t\u00edma. Eftir a\u00f0 hann var felldur inn \u00ed hitt\u00edska <span class=\"iwg-fachbegriff\" data-tooltip=\"\u00d6ll heild gu\u00f0a \u00ed tr\u00faarbr\u00f6g\u00f0um e\u00f0a menningu.\" tabindex=\"0\">go\u00f0aheimana<\/span> var sta\u00f0bundi\u00f0 <span class=\"iwg-fachbegriff\" data-tooltip=\"Bygging sem er \u00e6tlu\u00f0 tilbei\u00f0slu \u00e1 einum e\u00f0a fleiri gu\u00f0um.\" tabindex=\"0\">hof<\/span> hans endurgert \u00ed \u1e2aattu\u0161a.<\/p><p><em>Purulli<\/em>-vorh\u00e1t\u00ed\u00f0in var a\u00f0al\u00e1rsh\u00e1t\u00ed\u00f0 Tarhunna. Volkert Haas hefur endurgert framvindu hennar: h\u00e1t\u00ed\u00f0arganga, endurtekning drekabardagans \u00ed rit\u00faalformi, <span class=\"iwg-fachbegriff\" data-tooltip=\"Gj\u00f6f til gu\u00f0s til a\u00f0 tj\u00e1 \u00feakkl\u00e6ti, b\u00f3n e\u00f0a tilbei\u00f0slu.\" tabindex=\"0\">f\u00f3rn<\/span> nauta og gestrisni gagnvart gu\u00f0unum me\u00f0 brau\u00f0i, bj\u00f3r og v\u00edni.<\/p><p>\u00cd r\u00edkishofinu \u00ed \u1e2aattu\u0161a voru <span class=\"iwg-fachbegriff\" data-tooltip=\"Gj\u00f6f til gu\u00f0s til a\u00f0 tj\u00e1 \u00feakkl\u00e6ti, b\u00f3n e\u00f0a tilbei\u00f0slu.\" tabindex=\"0\">f\u00f3rnir<\/span> f\u00e6r\u00f0ar daglega. Hitt\u00edtar h\u00e9ldu umfangleg hofsskr\u00e1r \u00fear sem tilbei\u00f0slut\u00e6ki, kl\u00e6\u00f0i og styttur voru skr\u00e1\u00f0. \u00cdtarleg ranns\u00f3kn \u00e1 \u00feessum skr\u00e1m er a\u00f0 finna \u00ed verki Jared Millers <em>Royal Hittite Instructions<\/em> (2013).<\/p><p>\u00cd r\u00edkiss\u00e1ttm\u00e1lar\u00e9tti er Tarhunna \u00e6\u00f0sti ei\u00f0sgu\u00f0. S\u00e1ttm\u00e1lar milli hitt\u00edskra konunga og undirs\u00e1ta hefjast oft \u00e1 l\u00f6ngum gu\u00f0alista sem &#8216;ve\u00f0urgu\u00f0 himinsins&#8217; tr\u00f3nir yfir. Bryti a\u00f0ili gegn ei\u00f0num skal Tarhunna &#8216;m\u00f6lva hann eins og leirkrukku&#8217;, eins og sta\u00f0fest er \u00ed s\u00e1ttm\u00e1lum vi\u00f0 Aziru af Amurru og \u0160attiwaza af Mittani.<\/p><p>Prestleg skipulagning d\u00fdrkunar hans skiptist \u00ed nokkrar st\u00e9ttir: <em>SANGA<\/em>-prestar fyrir daglega \u00fej\u00f3nustu, <em>L\u00daAZU<\/em>-galdramenn fyrir s\u00e9rst\u00f6k rit\u00fa\u00f6l og <em>SAL \u0160U.GI<\/em>-prestynjur (&#8216;gamlar konur&#8217;) fyrir verndar- og l\u00e6kningarit\u00fa\u00f6l.<\/p>\t\t\t\t\t\t\t\t<\/div>\n\t\t\t\t<\/div>\n\t\t\t\t\t<\/div>\n\t\t\t\t<\/div>\n\t\t<div class=\"elementor-element elementor-element-iwgw-tarhunna-s5 e-flex e-con-boxed e-con e-parent\" data-id=\"iwgw-tarhunna-s5\" data-element_type=\"container\" data-e-type=\"container\">\n\t\t\t\t\t<div class=\"e-con-inner\">\n\t\t\t\t<div class=\"elementor-element elementor-element-iwgw-tarhunna-s5h elementor-widget elementor-widget-heading\" data-id=\"iwgw-tarhunna-s5h\" data-element_type=\"widget\" data-e-type=\"widget\" data-widget_type=\"heading.default\">\n\t\t\t\t\t<h2 class=\"elementor-heading-title elementor-size-default\">Verndara\u00f0ger\u00f0ir og fr\u00e1hrindandi t\u00e1kn<\/h2>\t\t\t\t<\/div>\n\t\t<div class=\"elementor-element elementor-element-iwgw-tarhunna-s5c e-con-full e-flex e-con e-child\" data-id=\"iwgw-tarhunna-s5c\" data-element_type=\"container\" data-e-type=\"container\">\n\t\t\t\t<div class=\"elementor-element elementor-element-iwgw-tarhunna-s5t elementor-widget elementor-widget-text-editor\" data-id=\"iwgw-tarhunna-s5t\" data-element_type=\"widget\" data-e-type=\"widget\" data-widget_type=\"text-editor.default\">\n\t\t\t\t\t\t\t\t\t<p>\u00cd daglegu l\u00edfi Hitt\u00edta var Tarhunna oft \u00e1kalla\u00f0ur til varnar gegn ve\u00f0urska\u00f0a, \u00feurrkum og \u00e1r\u00e1sum fjandmanna. Fj\u00f6lmargar b\u00e6nir (hitt\u00edska <em>arkuwar<\/em>) til ve\u00f0urgu\u00f0s \u1e2aatti hafa var\u00f0veist, svo sem pl\u00e1gub\u00e6nir Mur\u0161ilis II. (CTH 378), \u00fear sem konungurinn ba\u00f0 um endalok mikillar fars\u00f3ttar.<\/p><p>V\u00edsindalega s\u00e9\u00f0 eru \u00feessir textar mikilv\u00e6gir vegna \u00feess a\u00f0 \u00feeir bera vott um marg\u00fe\u00e6tta gu\u00f0fr\u00e6\u00f0ilega r\u00f6ksemdaf\u00e6rslu: Konungurinn r\u00e6\u00f0ir vi\u00f0 gu\u00f0inn, v\u00edsar til eigin yfirb\u00f3tarverka og \u00e1minnir gu\u00f0ina um a\u00f0 yfirgefa ekki \u00fej\u00f3na s\u00edna alveg.<\/p><p>Verndarrit\u00fa\u00f6l notu\u00f0u oft t\u00e1kn Tarhunna: \u00f6xina og \u00fer\u00edforka\u00f0a eldinguna. \u00c1 innsiglum og verndargripum birtist gangandi ve\u00f0urgu\u00f0inn me\u00f0 upplyftu vopni sem verndarmynd. Vi\u00f0 byggingarf\u00f3rnir voru koparstyttur me\u00f0 Tarhunna-t\u00e1knmynd grafnar \u00ed grunnsto\u00f0ir hofa og hallarbygginga. Hattu\u0161a-sv\u00e6\u00f0i\u00f0 hefur gefi\u00f0 af s\u00e9r fj\u00f6lda sl\u00edkra stytta.<\/p><p>Volkert Haas hefur \u00ed <em>Materia Magica et Medica Hethitica<\/em> (2003) s\u00fdnt fram \u00e1 a\u00f0 \u00ferumuverkf\u00e6ri (steinaxir, a\u00f0 \u00f6llum l\u00edkindum fornsteinaldarfundir sem t\u00falka\u00f0ar voru sem \u00ferumufleygar) voru var\u00f0veitt \u00ed h\u00fasum til a\u00f0 verjast eldingum.<\/p><p>Fr\u00e1 v\u00edsindalegu sj\u00f3narhorni er n\u00e1in tenging milli r\u00edkisvalds og verndarheita \u00e1hugaver\u00f0: Tarhunna tryggir vernd gegn \u00f3rei\u00f0u og fjandm\u00f6nnum ekki fyrst og fremst einstaklingnum, heldur konunginum og \u00fear me\u00f0, \u00ed gegnum hann, \u00fej\u00f3\u00f0inni.<\/p><p>\u00c1kall um einstaklingsbundna verndun er sjaldnar skr\u00e1\u00f0 \u00ed hitt\u00edsku efni en \u00ed Mes\u00f3p\u00f3tam\u00edu e\u00f0a \u00dagar\u00edt, en kemur \u00fe\u00f3 fram \u00ed textum &#8216;g\u00f6mlu kvennanna&#8217; (<em>\u1e2aAR.\u1e2aAR<\/em>). iWell Guard l\u00edtur \u00e1 Tarhunna sem s\u00f6gulega-tr\u00faarlega pers\u00f3nu, ekki sem vi\u00f0takanda verndar\u00e1kalls \u00ed n\u00fat\u00ed\u00f0.<\/p>\t\t\t\t\t\t\t\t<\/div>\n\t\t\t\t<\/div>\n\t\t\t\t\t<\/div>\n\t\t\t\t<\/div>\n\t\t<div class=\"elementor-element elementor-element-iwgw-tarhunna-s6 e-flex e-con-boxed e-con e-parent\" data-id=\"iwgw-tarhunna-s6\" data-element_type=\"container\" data-e-type=\"container\">\n\t\t\t\t\t<div class=\"e-con-inner\">\n\t\t\t\t<div class=\"elementor-element elementor-element-iwgw-tarhunna-s6h elementor-widget elementor-widget-heading\" data-id=\"iwgw-tarhunna-s6h\" data-element_type=\"widget\" data-e-type=\"widget\" data-widget_type=\"heading.default\">\n\t\t\t\t\t<h2 class=\"elementor-heading-title elementor-size-default\">Hli\u00f0st\u00e6\u00f0ur \u00ed \u00f6\u00f0rum menningarheimum<\/h2>\t\t\t\t<\/div>\n\t\t<div class=\"elementor-element elementor-element-iwgw-tarhunna-s6c e-con-full e-flex e-con e-child\" data-id=\"iwgw-tarhunna-s6c\" data-element_type=\"container\" data-e-type=\"container\">\n\t\t\t\t<div class=\"elementor-element elementor-element-iwgw-tarhunna-s6t elementor-widget elementor-widget-text-editor\" data-id=\"iwgw-tarhunna-s6t\" data-element_type=\"widget\" data-e-type=\"widget\" data-widget_type=\"text-editor.default\">\n\t\t\t\t\t\t\t\t\t<p>Tarhunna tilheyrir hinni miklu ger\u00f0 ind\u00f3evr\u00f3pska ve\u00f0urgu\u00f0sins og er n\u00e1i\u00f0 tengdur hurr\u00edska gu\u00f0inum <a href=\"https:\/\/iwell-guard.com\/is\/?page_id=168963\">Teshub<\/a>, vestursem\u00edska gu\u00f0inum Hadad og Indra.<\/p><p>\u00cd drekabardaga-<span class=\"iwg-fachbegriff\" data-tooltip=\"Endurteki\u00f0 efnislegt stef \u00ed list e\u00f0a fr\u00e1s\u00f6gn.\" tabindex=\"0\">stefinu<\/span> m\u00e1 draga hli\u00f0st\u00e6\u00f0ur vi\u00f0 sigur Indra \u00e1 Vrtra \u00ed Rigveda, bardaga Seifs vi\u00f0 Typhon og bardaga \u00de\u00f3rs vi\u00f0 Mi\u00f0gar\u00f0sorminn. Daniel Schwemer hefur \u00ed <em>Die Wettergottgestalten Mesopotamiens und Nordsyriens<\/em> (2001) lagt fram \u00edtarlega samanbur\u00f0arranns\u00f3kn \u00e1 \u00feessari hef\u00f0. Verki\u00f0 er enn \u00ed dag sta\u00f0alvi\u00f0mi\u00f0.<\/p><p>\u00cd <a href=\"https:\/\/iwell-guard.com\/is\/fonikiumenn-og-kartago-baal-tanit\/\">f\u00f6nik\u00edska go\u00f0aheiminum<\/a> samsvarar gu\u00f0inn Baal-Hadad a\u00f0 hlutverki og drekabardaga-<span class=\"iwg-fachbegriff\" data-tooltip=\"Var\u00f0veitt fr\u00e1s\u00f6gn um gu\u00f0i, uppruna og skipan heimsins.\" tabindex=\"0\">go\u00f0s\u00f6gu<\/span> mj\u00f6g n\u00e1kv\u00e6mlega Tarhunna-sni\u00f0inu. H\u00e9r berst ve\u00f0urgu\u00f0inn einnig gegn \u00f3rei\u00f0ukennda vatninu, h\u00e9r Yam, sem samsvarar a\u00f0 byggingu Illuyanka, andst\u00e6\u00f0ingi Tarhunna. \u00deessar hli\u00f0st\u00e6\u00f0ur eru ekki tilviljun, heldur afrakstur mikilla menningarlegra samskipta s\u00ed\u00f0bronsaldar milli Anat\u00f3l\u00edu, Nor\u00f0ur-S\u00fdrlands og Levantsv\u00e6\u00f0isins.<\/p><p>Tr\u00faars\u00f6gulega byggist \u00fatbrei\u00f0sla drekabardagastefsins \u00e1 ind\u00f3evr\u00f3pskri arfleif\u00f0 auk nor\u00f0vestursem\u00edska storm\u00adgu\u00f0shef\u00f0a. Hitt\u00edska \u00fatg\u00e1fan er s\u00e9rlega vel skjalfest blendingsform. L\u00fav\u00edska og pala\u00edska efni\u00f0 s\u00fdnir einnig sj\u00e1lfst\u00e6\u00f0ar ve\u00f0urgu\u00f0shef\u00f0ir sem a\u00f0 hluta eru samsama\u00f0ar Tarhunna og a\u00f0 hluta a\u00f0greindar fr\u00e1 honum.<\/p><p>Mary Bachvarova hefur \u00ed <em>From Hittite to Homer<\/em> (2016) raki\u00f0 \u00edtarlega hvernig \u00feessar anat\u00f3l\u00edsku ve\u00f0urgu\u00f0sgo\u00f0s\u00f6gur b\u00e1rust inn \u00ed gr\u00edskt fr\u00e1sagnarefni og v\u00edsar s\u00e9rstaklega til Typhon-<span class=\"iwg-fachbegriff\" data-tooltip=\"Var\u00f0veitt fr\u00e1s\u00f6gn um gu\u00f0i, uppruna og skipan heimsins.\" tabindex=\"0\">go\u00f0s\u00f6gunnar<\/span>, sem s\u00fdnir byggingarlega yfirf\u00e6rslu fr\u00e1 anat\u00f3l\u00edsk-s\u00fdrlensku sv\u00e6\u00f0inu.<\/p>\t\t\t\t\t\t\t\t<\/div>\n\t\t\t\t<\/div>\n\t\t\t\t\t<\/div>\n\t\t\t\t<\/div>\n\t\t<div class=\"elementor-element elementor-element-iwgw-tarhunna-s7 e-flex e-con-boxed e-con e-parent\" data-id=\"iwgw-tarhunna-s7\" data-element_type=\"container\" data-e-type=\"container\">\n\t\t\t\t\t<div class=\"e-con-inner\">\n\t\t\t\t<div class=\"elementor-element elementor-element-iwgw-tarhunna-s7h elementor-widget elementor-widget-heading\" data-id=\"iwgw-tarhunna-s7h\" data-element_type=\"widget\" data-e-type=\"widget\" data-widget_type=\"heading.default\">\n\t\t\t\t\t<h2 class=\"elementor-heading-title elementor-size-default\">N\u00fat\u00edmavi\u00f0t\u00f6kur og ranns\u00f3knir<\/h2>\t\t\t\t<\/div>\n\t\t<div class=\"elementor-element elementor-element-iwgw-tarhunna-s7c e-con-full e-flex e-con e-child\" data-id=\"iwgw-tarhunna-s7c\" data-element_type=\"container\" data-e-type=\"container\">\n\t\t\t\t<div class=\"elementor-element elementor-element-iwgw-tarhunna-s7t elementor-widget elementor-widget-text-editor\" data-id=\"iwgw-tarhunna-s7t\" data-element_type=\"widget\" data-e-type=\"widget\" data-widget_type=\"text-editor.default\">\n\t\t\t\t\t\t\t\t\t<p>N\u00fat\u00edma hetitfr\u00e6\u00f0i hefst me\u00f0 r\u00e1\u00f0ningu Bed\u0159ich Hrozn\u00fd \u00e1 hetit\u00edsku fleygr\u00fanaletrinu \u00e1ri\u00f0 1915. Fr\u00e1 \u00feeim t\u00edma hafa textar um Tarhunna komi\u00f0 \u00fat \u00ed fj\u00f6lm\u00f6rgum \u00fatg\u00e1fum, fyrst og fremst \u00ed ritr\u00f6\u00f0unum <em>Keilschrifttexte aus Boghazk\u00f6y<\/em> (KBo) og <em>Keilschrifturkunden aus Boghazk\u00f6y<\/em> (KUB).<\/p><p>Volkert Haas, Trevor Bryce, Daniel Schwemer og Gary Beckman eru me\u00f0al fremstu fr\u00e6\u00f0imanna 20. og upphafs 21. aldar \u00e1 \u00feessu svi\u00f0i. Itamar Singer \u00fe\u00fdddi og sk\u00fdr\u00f0i mikilv\u00e6gustu b\u00e6nirnar til Tarhunna \u00ed <em>Hittite Prayers<\/em> (SBL 2002).<\/p><p>\u00cd almennri umfj\u00f6llun er Tarhunna minna kunnur en ind\u00f3evr\u00f3pskir fr\u00e6ndur hans, \u00de\u00f3r og Seifur. \u00cd tyrkneskri menningu hefur hann fr\u00e1 seint \u00e1 2020. \u00e1ratug 21. aldar or\u00f0i\u00f0 vitni a\u00f0 h\u00f3gv\u00e6rri endurkomu, me\u00f0al annars vegna marka\u00f0ssetningar Yaz\u0131l\u0131kaya og Bo\u011fazkale sem heimsminjasta\u00f0a UNESCO. Andleg endurvakning \u00ed n\u00fdhei\u00f0num skilningi s\u00e9st \u00fe\u00f3 varla, \u00f3l\u00edkt \u00fev\u00ed sem gerst hefur me\u00f0 germanska <span class=\"iwg-fachbegriff\" data-tooltip=\"Heildarsafn arfleiddra fr\u00e1sagna af gu\u00f0um \u00ed \u00e1kve\u00f0inni menningu.\" tabindex=\"0\">go\u00f0afr\u00e6\u00f0i<\/span>.<\/p><p>\u00cd fr\u00e6\u00f0ilegu samhengi er Tarhunna \u00ed dag fyrst og fremst ranns\u00f3knarefni samanbur\u00f0ar-<span class=\"iwg-fachbegriff\" data-tooltip=\"Heildarsafn arfleiddra fr\u00e1sagna af gu\u00f0um \u00ed \u00e1kve\u00f0inni menningu.\" tabindex=\"0\">go\u00f0afr\u00e6\u00f0i<\/span> og tr\u00faars\u00f6gu Forn-Austurlanda. N\u00faverandi \u00e1herslur \u00ed ranns\u00f3knum liggja \u00e1 sta\u00f0bundnum birtingarmyndum (ve\u00f0urgu\u00f0 Nerik, Alepp\u00f3, Ziplanda), \u00e1 tengslum Tarhunna og <a href=\"https:\/\/iwell-guard.com\/is\/?page_id=168963\">Teshub<\/a>, auk hins h\u00eder\u00f3gl\u00fdfu-l\u00fav\u00edska arfs s\u00ed\u00f0hetit\u00edsks <span class=\"iwg-fachbegriff\" data-tooltip=\"Fors\u00f6gulegt t\u00edmabil eftir brons\u00f6ld, einkennt af j\u00e1rnvinnslu.\" tabindex=\"0\">j\u00e1rnaldar<\/span>. iWell Guard skr\u00e1ir Tarhunna innan \u00feessa s\u00f6gulega og fr\u00e6\u00f0ilega ramma.<\/p>\t\t\t\t\t\t\t\t<\/div>\n\t\t\t\t<\/div>\n\t\t\t\t\t<\/div>\n\t\t\t\t<\/div>\n\t\t<div class=\"elementor-element elementor-element-iwgw-tarhunna-s8 e-flex e-con-boxed e-con e-parent\" data-id=\"iwgw-tarhunna-s8\" data-element_type=\"container\" data-e-type=\"container\">\n\t\t\t\t\t<div class=\"e-con-inner\">\n\t\t\t\t<div class=\"elementor-element elementor-element-iwgw-tarhunna-s8h elementor-widget elementor-widget-heading\" data-id=\"iwgw-tarhunna-s8h\" data-element_type=\"widget\" data-e-type=\"widget\" data-widget_type=\"heading.default\">\n\t\t\t\t\t<h2 class=\"elementor-heading-title elementor-size-default\">Heimildir og b\u00f3kmenntir<\/h2>\t\t\t\t<\/div>\n\t\t<div class=\"elementor-element elementor-element-iwgw-tarhunna-s8c e-con-full e-flex e-con e-child\" data-id=\"iwgw-tarhunna-s8c\" data-element_type=\"container\" data-e-type=\"container\">\n\t\t\t\t<div class=\"elementor-element elementor-element-iwgw-tarhunna-s8t elementor-widget elementor-widget-text-editor\" data-id=\"iwgw-tarhunna-s8t\" data-element_type=\"widget\" data-e-type=\"widget\" data-widget_type=\"text-editor.default\">\n\t\t\t\t\t\t\t\t\t<p>Eftirfarandi verk eru mikilv\u00e6gustu sta\u00f0alheimildirnar um Tarhunna og hetit\u00edska ve\u00f0urgu\u00f0s-<span class=\"iwg-fachbegriff\" data-tooltip=\"Heildarsafn gu\u00f0a \u00ed \u00e1kve\u00f0inni tr\u00fa e\u00f0a menningu.\" tabindex=\"0\">go\u00f0aheiminn<\/span> og er einnig vitna\u00f0 til \u00feeirra \u00ed frekari uppflettivinnu.<\/p>\t\t\t\t\t\t\t\t<\/div>\n\t\t\t\t<\/div>\n\t\t\t\t\t<\/div>\n\t\t\t\t<\/div>\n\t\t<div class=\"elementor-element elementor-element-cp2ba3ac4e e-flex e-con-boxed e-con e-parent\" data-id=\"cp2ba3ac4e\" data-element_type=\"container\" data-e-type=\"container\">\n\t\t\t\t\t<div class=\"e-con-inner\">\n\t\t\t\t<div class=\"elementor-element elementor-element-cp2fd93c83 elementor-widget elementor-widget-heading\" data-id=\"cp2fd93c83\" data-element_type=\"widget\" data-e-type=\"widget\" data-widget_type=\"heading.default\">\n\t\t\t\t\t<h2 class=\"elementor-heading-title elementor-size-default\">Tarhunna \u00ed hetit\u00edskum r\u00edkjas\u00e1ttm\u00e1lum<\/h2>\t\t\t\t<\/div>\n\t\t<div class=\"elementor-element elementor-element-cp2a9ea383 e-flex e-con-boxed e-con e-child\" data-id=\"cp2a9ea383\" data-element_type=\"container\" data-e-type=\"container\">\n\t\t\t\t\t<div class=\"e-con-inner\">\n\t\t\t\t<div class=\"elementor-element elementor-element-cp258c629f elementor-widget elementor-widget-text-editor\" data-id=\"cp258c629f\" data-element_type=\"widget\" data-e-type=\"widget\" data-widget_type=\"text-editor.default\">\n\t\t\t\t\t\t\t\t\t<p>S\u00e9rlega gagnlegur heimildaflokkur um Tarhunna eru hetit\u00edsku r\u00edkjas\u00e1ttm\u00e1larnir. \u00deegar hetit\u00edskur st\u00f3rkonungur ger\u00f0i s\u00e1ttm\u00e1la vi\u00f0 leppr\u00edki e\u00f0a erlendan h\u00f6f\u00f0ingja var hann sta\u00f0festur me\u00f0 l\u00f6ngum lista gu\u00f0a b\u00e1\u00f0um a\u00f0ilum, sem kalla\u00f0ir voru til vitnis og til a\u00f0 tryggja gildi s\u00e1ttm\u00e1lans.<\/p><p>\u00cd \u00feessum gu\u00f0alistum stendur ve\u00f0urgu\u00f0inn reglulega \u00ed fyrsta e\u00f0a fremsta s\u00e6ti.<\/p><p>S\u00e1ttm\u00e1larnir nefna oft heilan fj\u00f6lda ve\u00f0urgu\u00f0a fr\u00e1 \u00fdmsum st\u00f6\u00f0um: ve\u00f0urgu\u00f0 himinsins, ve\u00f0urgu\u00f0 Hatti, ve\u00f0urgu\u00f0 Nerik, ve\u00f0urgu\u00f0 Zippalanda og margar a\u00f0rar sta\u00f0bundnar birtingarmyndir.<\/p><p>\u00deessi upptalning s\u00fdnir a\u00f0 Tarhunna var ekki hugsa\u00f0ur sem ein, mi\u00f0st\u00fdr\u00f0 vera, heldur sem gu\u00f0 sem haf\u00f0i s\u00edna eigin, sta\u00f0bundna n\u00e6rveru \u00e1 hverjum mikilv\u00e6gum tilbei\u00f0slusta\u00f0.<\/p><p>B\u00f6lvunarform\u00falurnar \u00ed lok s\u00e1ttm\u00e1lanna eru s\u00e9rlega \u00e1hrifamiklar. S\u00e1 sem br\u00fdtur s\u00e1ttm\u00e1lann skal tort\u00edmast af ve\u00f0urgu\u00f0inum og \u00f6\u00f0rum gu\u00f0um, \u00e1samt landi s\u00ednu, afkomendum og eignum. Ve\u00f0urgu\u00f0inn kemur h\u00e9r fram sem verndari ei\u00f0sins og millirikja-reglu.<\/p><p>Hinn fr\u00e6ga s\u00e1ttm\u00e1li milli Hattusili III. og Ramses II. Egyptalandskonungs, sem var\u00f0veist hefur b\u00e6\u00f0i \u00e1 hetit\u00edsku og egypsku, kallar \u00e1 hetit\u00edsku hli\u00f0inni s\u00e9rstaklega \u00e1 ve\u00f0urgu\u00f0inn. \u00deessir s\u00e1ttm\u00e1lar eru \u00feannig fyrsta flokks heimild um hversu mikilv\u00e6gu hlutverki Tarhunna gegndi \u00ed stj\u00f3rnm\u00e1lalegri og lagalegri skipan hetit\u00edska r\u00edkisins.<\/p>\t\t\t\t\t\t\t\t<\/div>\n\t\t\t\t\t<\/div>\n\t\t\t\t<\/div>\n\t\t\t\t\t<\/div>\n\t\t\t\t<\/div>\n\t\t<div class=\"elementor-element elementor-element-cp2476cc38 e-flex e-con-boxed e-con e-parent\" data-id=\"cp2476cc38\" data-element_type=\"container\" data-e-type=\"container\">\n\t\t\t\t\t<div class=\"e-con-inner\">\n\t\t\t\t<div class=\"elementor-element elementor-element-cp218f24de elementor-widget elementor-widget-heading\" data-id=\"cp218f24de\" data-element_type=\"widget\" data-e-type=\"widget\" data-widget_type=\"heading.default\">\n\t\t\t\t\t<h2 class=\"elementor-heading-title elementor-size-default\">Ve\u00f0urgu\u00f0inn fr\u00e1 Nerik og vandinn me\u00f0 sta\u00f0bundnar birtingarmyndir<\/h2>\t\t\t\t<\/div>\n\t\t<div class=\"elementor-element elementor-element-cp28b609ad e-flex e-con-boxed e-con e-child\" data-id=\"cp28b609ad\" data-element_type=\"container\" data-e-type=\"container\">\n\t\t\t\t\t<div class=\"e-con-inner\">\n\t\t\t\t<div class=\"elementor-element elementor-element-cp23309475 elementor-widget elementor-widget-text-editor\" data-id=\"cp23309475\" data-element_type=\"widget\" data-e-type=\"widget\" data-widget_type=\"text-editor.default\">\n\t\t\t\t\t\t\t\t\t<p>Af hinum fj\u00f6lm\u00f6rgu sta\u00f0bundnu ve\u00f0urgu\u00f0um hetit\u00edska r\u00edkisins hefur ve\u00f0urgu\u00f0inn fr\u00e1 Nerik s\u00e9rstaka \u00fe\u00fd\u00f0ingu. Nerik var forn tilbei\u00f0sluborg \u00ed nor\u00f0urhluta hetit\u00edska kjarnasv\u00e6\u00f0isins, sem um t\u00edma var hersetin af Kask\u00e6um, fjandsamlegri fjalla\u00fej\u00f3\u00f0.<\/p><p>Missir og s\u00ed\u00f0ar endurheimt Nerik haf\u00f0i \u00e1hrif \u00e1 hetit\u00edska konunga um margar kynsl\u00f3\u00f0ir og <span class=\"iwg-fachbegriff\" data-tooltip=\"Heildarsafn tr\u00faarlegra tilbei\u00f0sluathafna fyrir gu\u00f0 e\u00f0a heilaga veru.\" tabindex=\"0\">d\u00fdrkunin<\/span> \u00e1 ve\u00f0urgu\u00f0inum \u00fear var n\u00e1tengd \u00feessari s\u00f6gu.<\/p><p>Hattusili III. greinir \u00ed sj\u00e1lfs\u00e6vis\u00f6gulegum texta s\u00ednum, hinni svok\u00f6llu\u00f0u Apolog\u00edu, \u00edtarlega fr\u00e1 tengslum s\u00ednum vi\u00f0 Nerik og ve\u00f0urgu\u00f0 hennar. Hann l\u00fdsir sj\u00e1lfum s\u00e9r sem \u00feeim er endurreisti borgina og <span class=\"iwg-fachbegriff\" data-tooltip=\"Heildarsafn tr\u00faarlegra tilbei\u00f0sluathafna fyrir gu\u00f0 e\u00f0a heilaga veru.\" tabindex=\"0\">d\u00fdrkunina<\/span> \u00e1 henni.<\/p><p>Ve\u00f0urgu\u00f0inn fr\u00e1 Nerik var \u00feannig ekki einungis tr\u00faarlegt fyrirb\u00e6ri heldur einnig mj\u00f6g stj\u00f3rnm\u00e1lalegt, og l\u00f6gm\u00e6ti valdhafa var m\u00e6lt me\u00f0 tilliti til tilbei\u00f0slu hans.<\/p><p>H\u00e9r birtist grundvallarvandi \u00ed umgengni vi\u00f0 Tarhunna. Hetit\u00edsku textarnir gera vandlega greinarmun \u00e1 hinum \u00fdmsu sta\u00f0bundnu ve\u00f0urgu\u00f0um, en fjalla um \u00fe\u00e1 samt\u00edmis sem birtingarmyndir sama gu\u00f0lega \u00e1hrifasvi\u00f0s.<\/p><p>Hvort forn Het\u00edti skildi ve\u00f0urgu\u00f0 Nerik og ve\u00f0urgu\u00f0 Zippalanda sem tvo gu\u00f0i e\u00f0a tv\u00e6r hli\u00f0ar \u00e1 sama gu\u00f0i er ekki unnt a\u00f0 svara me\u00f0 vissu \u00fat fr\u00e1 heimildunum.<\/p><p>Fr\u00e6\u00f0imenn tala um sta\u00f0bundnar birtingarmyndir og benda \u00e1 a\u00f0 n\u00fat\u00edma spurningin um sj\u00e1lfsmynd <span class=\"iwg-fachbegriff\" data-tooltip=\"Vera sem tilbe\u00f0in er sem gu\u00f0leg innan tr\u00faarbrag\u00f0a.\" tabindex=\"0\">gu\u00f0veru<\/span> er hinum fornu textum a\u00f0 hluta til framandi. Ranns\u00f3knir \u00e1 Nerik eru \u00feess vegna svo mikilv\u00e6gar a\u00f0 \u00fear er heimildasafni\u00f0 s\u00e9rlega vel skjalfest og s\u00fdnir hversu n\u00e1tengd sta\u00f0bundin <span class=\"iwg-fachbegriff\" data-tooltip=\"Heildarsafn tr\u00faarlegra tilbei\u00f0sluathafna fyrir gu\u00f0 e\u00f0a heilaga veru.\" tabindex=\"0\">d\u00fdrkun<\/span>, r\u00edkissaga og konungshugmyndafr\u00e6\u00f0i voru.<\/p>\t\t\t\t\t\t\t\t<\/div>\n\t\t\t\t\t<\/div>\n\t\t\t\t<\/div>\n\t\t\t\t\t<\/div>\n\t\t\t\t<\/div>\n\t\t<div class=\"elementor-element elementor-element-cp2574822b e-flex e-con-boxed e-con e-parent\" data-id=\"cp2574822b\" data-element_type=\"container\" data-e-type=\"container\">\n\t\t\t\t\t<div class=\"e-con-inner\">\n\t\t\t\t<div class=\"elementor-element elementor-element-cp24676e24 elementor-widget elementor-widget-heading\" data-id=\"cp24676e24\" data-element_type=\"widget\" data-e-type=\"widget\" data-widget_type=\"heading.default\">\n\t\t\t\t\t<h2 class=\"elementor-heading-title elementor-size-default\">Tarhunt \u00ed l\u00fav\u00edskri og s\u00ed\u00f0hetit\u00edskri Anat\u00f3l\u00edu<\/h2>\t\t\t\t<\/div>\n\t\t<div class=\"elementor-element elementor-element-cp26710a68 e-flex e-con-boxed e-con e-child\" data-id=\"cp26710a68\" data-element_type=\"container\" data-e-type=\"container\">\n\t\t\t\t\t<div class=\"e-con-inner\">\n\t\t\t\t<div class=\"elementor-element elementor-element-cp2952e01d elementor-widget elementor-widget-text-editor\" data-id=\"cp2952e01d\" data-element_type=\"widget\" data-e-type=\"widget\" data-widget_type=\"text-editor.default\">\n\t\t\t\t\t\t\t\t\t<p>Hinn het\u00edski Tarhunna \u00e1tti s\u00e9r n\u00e1skylda samsv\u00f6run hj\u00e1 L\u00fav\u00edtum, \u00fej\u00f3\u00f0 \u00ed Anat\u00f3l\u00edu sem einnig tala\u00f0i ind\u00f3evr\u00f3pskt m\u00e1l, en ve\u00f0urgu\u00f0 \u00feeirra h\u00e9t Tarhunt. \u00d3l\u00edkt het\u00edsku, sem hvarf eftir fall het\u00edska st\u00f3rveldisins um 1180 fyrir okkar t\u00edmatal, lif\u00f0i l\u00fav\u00edska \u00e1fram, og me\u00f0 henni <span class=\"iwg-fachbegriff\" data-tooltip=\"Heildarsafn tr\u00faarlegra tilbei\u00f0sluathafna fyrir gu\u00f0 e\u00f0a heilaga veru.\" tabindex=\"0\">d\u00fdrkun<\/span> Tarhunts.<\/p><p>\u00cd hinum svonefndu s\u00ed\u00f0-het\u00edsku e\u00f0a n\u00fdhet\u00edsku sm\u00e1r\u00edkjum, sem ur\u00f0u til eftir hrun st\u00f3rveldisins \u00ed su\u00f0austur Anat\u00f3l\u00edu og nor\u00f0ur S\u00fdrlandi, er Tarhunt mi\u00f0l\u00e6g <span class=\"iwg-fachbegriff\" data-tooltip=\"Vera sem er d\u00fdrku\u00f0 sem gu\u00f0leg innan tr\u00faarbrag\u00f0a.\" tabindex=\"0\">gu\u00f0leg vera<\/span>. Hann birtist \u00ed l\u00fav\u00edskum myndleturs\u00e1letrunum og \u00e1 fj\u00f6lm\u00f6rgum l\u00e1gmyndum, me\u00f0al annars fr\u00e1 Karkemis, Malatya og \u00f6\u00f0rum furstad\u00e6mum.<\/p><p>\u00deessar \u00e1letranir, rita\u00f0ar \u00ed l\u00fav\u00edsku myndletri, voru r\u00e1\u00f0nar \u00e1 20. \u00f6ld, en verk Emmanuel Laroche, John David Hawkins og fleiri l\u00f6g\u00f0u \u00fear grunninn.<\/p><p>\u00c1 l\u00e1gmyndum \u00feessa t\u00edmabils birtist Tarhunt oft r\u00ed\u00f0andi \u00e1 nauti e\u00f0a \u00e1 vagni sem naut draga, me\u00f0 \u00f6xi og eldingarb\u00fant. \u00deessi t\u00e1knmynd stendur \u00ed hef\u00f0 hins forna anat\u00f3l\u00edska ve\u00f0urgu\u00f0s, en s\u00fdnir einnig \u00e1hrif fr\u00e1 S\u00fdrlandssv\u00e6\u00f0inu.<\/p><p>M\u00e1lfr\u00e6\u00f0ilega er nafni\u00f0 Tarhunt tengt het\u00edska s\u00f6gninni fyrir a\u00f0 sigra e\u00f0a vera m\u00e1ttugur, \u00feannig a\u00f0 gu\u00f0snafni\u00f0 merkir eitthva\u00f0 \u00ed l\u00edkingu vi\u00f0 hinn sigrandi e\u00f0a hinn m\u00e1ttugi.<\/p><p>\u00cd gegnum l\u00fav\u00edsku og anat\u00f3l\u00edsk mannan\u00f6fn m\u00e1 rekja ve\u00f0urgu\u00f0s-heiti\u00f0 allt fram til gr\u00edsk-r\u00f3mverska t\u00edmans \u00ed Litlu-As\u00edu. Tarhunna og Tarhunt eru \u00feannig d\u00e6mi um hvernig <span class=\"iwg-fachbegriff\" data-tooltip=\"Vera sem er d\u00fdrku\u00f0 sem gu\u00f0leg innan tr\u00faarbrag\u00f0a.\" tabindex=\"0\">gu\u00f0leg vera<\/span> gat lifa\u00f0 af fall \u00feess r\u00edkis sem haf\u00f0i bori\u00f0 uppi a\u00f0ald\u00fdrkun hennar, um margar aldir.<\/p>\t\t\t\t\t\t\t\t<\/div>\n\t\t\t\t\t<\/div>\n\t\t\t\t<\/div>\n\t\t\t\t\t<\/div>\n\t\t\t\t<\/div>\n\t\t<div class=\"elementor-element elementor-element-iwgw-tarhunna-lit e-flex e-con-boxed e-con e-parent\" data-id=\"iwgw-tarhunna-lit\" data-element_type=\"container\" data-e-type=\"container\">\n\t\t\t\t\t<div class=\"e-con-inner\">\n\t\t\t\t<div class=\"elementor-element elementor-element-iwgw-tarhunna-lith elementor-widget elementor-widget-heading\" data-id=\"iwgw-tarhunna-lith\" data-element_type=\"widget\" data-e-type=\"widget\" data-widget_type=\"heading.default\">\n\t\t\t\t\t<h2 class=\"elementor-heading-title elementor-size-default\">Heimildir (\u00farval)<\/h2>\t\t\t\t<\/div>\n\t\t<div class=\"elementor-element elementor-element-iwgw-tarhunna-litc e-con-full e-flex e-con e-child\" data-id=\"iwgw-tarhunna-litc\" data-element_type=\"container\" data-e-type=\"container\">\n\t\t\t\t<div class=\"elementor-element elementor-element-iwgw-tarhunna-litt elementor-widget elementor-widget-text-editor\" data-id=\"iwgw-tarhunna-litt\" data-element_type=\"widget\" data-e-type=\"widget\" data-widget_type=\"text-editor.default\">\n\t\t\t\t\t\t\t\t\t<div data-nosnippet=\"true\"><ul><li>Volkert Haas: <em>Geschichte der hethitischen Religion<\/em> (Leiden 1994)<\/li><li>Trevor Bryce: <em>The Kingdom of the Hittites<\/em> (Oxford 2005)<\/li><li>Daniel Schwemer: <em>Die Wettergottgestalten Mesopotamiens und Nordsyriens<\/em> (Wiesbaden 2001)<\/li><li>Gary Beckman: <em>Hittite Myths<\/em> (SBL 1998)<\/li><li>Calvert Watkins: <em>How to Kill a Dragon<\/em> (Oxford 1995)<\/li><li>Jared Miller: <em>Royal Hittite Instructions<\/em> (SBL 2013)<\/li><\/ul><\/div>\t\t\t\t\t\t\t\t<\/div>\n\t\t\t\t<\/div>\n\t\t\t\t\t<\/div>\n\t\t\t\t<\/div>\n\t\t<div class=\"elementor-element elementor-element-iwgkw2-add-tarhunna e-flex e-con-boxed e-con e-parent\" data-id=\"iwgkw2-add-tarhunna\" data-element_type=\"container\" data-e-type=\"container\">\n\t\t\t\t\t<div class=\"e-con-inner\">\n\t\t\t\t<div class=\"elementor-element elementor-element-iwgkw2-add-tarhunna-t elementor-widget elementor-widget-text-editor\" data-id=\"iwgkw2-add-tarhunna-t\" data-element_type=\"widget\" data-e-type=\"widget\" data-widget_type=\"text-editor.default\">\n\t\t\t\t\t\t\t\t\t<p>Sem ve\u00f0urgu\u00f0 og <em>r\u00edkisherra<\/em> \u00e1byrg\u00f0ist Tarhunna \u00ed hitt\u00edskri konungshugmyndafr\u00e6\u00f0i regn, sigur og tr\u00fafestu vi\u00f0 s\u00e1ttm\u00e1la, eins og r\u00edkjasamningar og bergskur\u00f0ir \u00ed Hatt\u00fasa vitna um.<\/p>\t\t\t\t\t\t\t\t<\/div>\n\t\t\t\t\t<\/div>\n\t\t\t\t<\/div>\n\t\t<div class=\"elementor-element elementor-element-iwgw-tarhunna-kwd e-flex e-con-boxed e-con e-parent\" data-id=\"iwgw-tarhunna-kwd\" data-element_type=\"container\" data-e-type=\"container\">\n\t\t\t\t\t<div class=\"e-con-inner\">\n\t\t<div class=\"elementor-element elementor-element-iwgw-tarhunna-kwdc e-con-full e-flex e-con e-child\" data-id=\"iwgw-tarhunna-kwdc\" data-element_type=\"container\" data-e-type=\"container\">\n\t\t\t\t<div class=\"elementor-element elementor-element-iwgw-tarhunna-kwdt elementor-widget elementor-widget-text-editor\" data-id=\"iwgw-tarhunna-kwdt\" data-element_type=\"widget\" data-e-type=\"widget\" data-widget_type=\"text-editor.default\">\n\t\t\t\t\t\t\t\t\t<p><em>Tengd leitaror\u00f0: Tarhunna Hitt\u00edtar ve\u00f0urgu\u00f0 Illuyanka purulli Nerik \u1e2aattu\u0161a vagngu\u00f0.<\/em><\/p>\t\t\t\t\t\t\t\t<\/div>\n\t\t\t\t<\/div>\n\t\t\t\t\t<\/div>\n\t\t\t\t<\/div>\n\t\t<div class=\"elementor-element elementor-element-iwgw-tarhunna-cc e-flex e-con-boxed e-con e-parent\" data-id=\"iwgw-tarhunna-cc\" data-element_type=\"container\" data-e-type=\"container\" id=\"iwg-cc-tarhunna\">\n\t\t\t\t\t<div class=\"e-con-inner\">\n\t\t<div class=\"elementor-element elementor-element-iwgw-tarhunna-ccinner e-flex e-con-boxed e-con e-parent\" data-id=\"iwgw-tarhunna-ccinner\" data-element_type=\"container\" data-e-type=\"container\" data-settings=\"{&quot;background_background&quot;:&quot;classic&quot;}\">\n\t\t\t\t\t<div class=\"e-con-inner\">\n\t\t\t\t<div class=\"elementor-element elementor-element-iwgw-tarhunna-cch elementor-widget elementor-widget-heading\" data-id=\"iwgw-tarhunna-cch\" data-element_type=\"widget\" data-e-type=\"widget\" data-widget_type=\"heading.default\">\n\t\t\t\t\t<h2 class=\"elementor-heading-title elementor-size-default\">iWell Guard og verndarhef\u00f0ir<\/h2>\t\t\t\t<\/div>\n\t\t\t\t<div class=\"elementor-element elementor-element-iwgw-tarhunna-cct elementor-widget elementor-widget-text-editor\" data-id=\"iwgw-tarhunna-cct\" data-element_type=\"widget\" data-e-type=\"widget\" data-widget_type=\"text-editor.default\">\n\t\t\t\t\t\t\t\t\t<div data-nosnippet=\"true\"><p>iWell Guard tengist menningars\u00f6gulegri hef\u00f0 b\u00e6rra verndargripa, \u00ed hef\u00f0 <a href=\"https:\/\/iwell-guard.com\/is\/hettitar-anatolia-tarhunna-vernd\/\">Hitt\u00edta<\/a> og margra annarra menningarheima um allan heim. 41 l\u00f6g, alv\u00f6ru gull, plat\u00edna, silfur, framleitt \u00ed \u00de\u00fdskalandi. 30 daga skilar\u00e9ttur.<\/p><\/div>\t\t\t\t\t\t\t\t<\/div>\n\t\t\t\t<div class=\"elementor-element elementor-element-iwgw-tarhunna-ccb iwg-cc-button iwg-cc-cta-2026-05-13 elementor-widget elementor-widget-jet-button\" data-id=\"iwgw-tarhunna-ccb\" data-element_type=\"widget\" data-e-type=\"widget\" data-widget_type=\"jet-button.default\">\n\t\t\t\t<div class=\"elementor-widget-container\">\n\t\t\t\t\t<div class=\"elementor-jet-button jet-elements\"><div class=\"jet-button__container\"><a class=\"jet-button__instance jet-button__instance--icon-left hover-effect-1\" href=\"\/ueber-iwell-guard\/?utm_source=iwell-guard.com&amp;utm_medium=info-box&amp;utm_campaign=wesen-tradition\"><div class=\"jet-button__plane jet-button__plane-normal\"><\/div><div class=\"jet-button__plane jet-button__plane-hover\"><\/div><div class=\"jet-button__state jet-button__state-normal\"><span class=\"jet-button__label\">Meira um iWell Guard<\/span><\/div><div class=\"jet-button__state jet-button__state-hover\"><span class=\"jet-button__label\">Meira um iWell Guard<\/span><\/div><\/a><\/div><\/div><style>.elementor-element.elementor-element-iwgw-tarhunna-ccb .jet-button__instance{width:320px;height:56px;}.elementor-element.elementor-element-iwgw-tarhunna-ccb .jet-button__state-normal .jet-button__label{text-align:center;margin:0px 0px 0px 0px;color:#1a1b20;font-family:Montserrat,sans-serif;font-size:13px;font-weight:400;letter-spacing:4px;line-height:1.714em;text-transform:uppercase;}.elementor-element.elementor-element-iwgw-tarhunna-ccb .jet-button__state-hover .jet-button__label{text-align:center;margin:0px 0px 0px 0px;color:#FECC76;font-family:Montserrat,sans-serif;font-size:13px;font-weight:400;letter-spacing:4px;line-height:1.714em;text-transform:uppercase;}.elementor-element.elementor-element-iwgw-tarhunna-ccb .jet-button__plane-normal{background-color:#FECC76;border-style:solid;border-color:#C99540;border-width:2px 2px 2px 2px;}.elementor-element.elementor-element-iwgw-tarhunna-ccb .jet-button__plane-hover{background-color:rgba(0,0,0,0.55);border-style:solid;border-color:#FECC76;border-width:2px 2px 2px 2px;}<\/style>\t\t\t\t<\/div>\n\t\t\t\t<\/div>\n\t\t\t\t<div class=\"elementor-element elementor-element-iwgw-tarhunna-ccd elementor-widget elementor-widget-text-editor\" data-id=\"iwgw-tarhunna-ccd\" data-element_type=\"widget\" data-e-type=\"widget\" data-widget_type=\"text-editor.default\">\n\t\t\t\t\t\t\t\t\t<div data-nosnippet=\"true\"><p style=\"text-align:center;font-size:13px;opacity:0.7;margin-top:14px\" data-nosnippet=\"true\">Pers\u00f3nuleg reynsla getur veri\u00f0 mismunandi. Ekki l\u00e6kningat\u00e6ki. Engin lofor\u00f0 um l\u00e6kningu.<\/p><\/div>\t\t\t\t\t\t\t\t<\/div>\n\t\t\t\t\t<\/div>\n\t\t\t\t<\/div>\n\t\t\t\t\t<\/div>\n\t\t\t\t<\/div>\n\t\t<div class=\"elementor-element elementor-element-iwgw-tarhunna-disc e-flex e-con-boxed e-con e-parent\" data-id=\"iwgw-tarhunna-disc\" data-element_type=\"container\" data-e-type=\"container\">\n\t\t\t\t\t<div class=\"e-con-inner\">\n\t\t\t\t<div class=\"elementor-element elementor-element-iwgw-tarhunna-discw elementor-widget elementor-widget-html\" data-id=\"iwgw-tarhunna-discw\" data-element_type=\"widget\" data-e-type=\"widget\" data-widget_type=\"html.default\">\n\t\t\t\t\t<footer data-nosnippet=\"true\" class=\"iwg-disclaimer-block\"><p data-nosnippet=\"true\">iWell Guard er <strong>ekki l\u00e6kningat\u00e6ki<\/strong> og kemur ekki \u00ed sta\u00f0inn fyrir l\u00e6knis- e\u00f0a s\u00e1lfr\u00e6\u00f0ime\u00f0fer\u00f0. Tr\u00faarfr\u00e6\u00f0ilegt efni er menningars\u00f6gulegt samhengi, ekki r\u00e1\u00f0legging um andlega i\u00f0kun.<\/p><\/footer>\t\t\t\t<\/div>\n\t\t\t\t\t<\/div>\n\t\t\t\t<\/div>\n\t\t\t\t<\/div>\n\t\t","protected":false},"excerpt":{"rendered":"","protected":false},"author":3,"featured_media":2841,"parent":0,"menu_order":0,"comment_status":"closed","ping_status":"closed","template":"elementor_header_footer","meta":{"_yoast_wpseo_focuskw":"Tarhunna ve\u00f0urgu\u00f0 Het\u00edta","_yoast_wpseo_title":"Tarhunna \u2013 ve\u00f0urgu\u00f0 Het\u00edta, d\u00fdrkun og heimildir","_yoast_wpseo_metadesc":"Tarhunna, ve\u00f0urgu\u00f0 Het\u00edta, var talinn r\u00edkisherra og sigurvegari \u00ed orrustum. Tr\u00faarfr\u00e6\u00f0ileg greining \u00e1 go\u00f0afr\u00e6\u00f0i og d\u00fdrkun hans.","_yoast_wpseo_meta-robots-noindex":"","_yoast_wpseo_canonical":"","_angie_page":false,"gefaehrdungsstufe":"3","wesen_kultur":"hethitisch","wesen_klasse":"goetter","footnotes":""},"categories":[],"class_list":["post-168959","page","type-page","status-publish","has-post-thumbnail","hentry"],"yoast_head":"<!-- This site is optimized with the Yoast SEO Premium plugin v27.7 (Yoast SEO v28.3) - https:\/\/yoast.com\/product\/yoast-seo-premium-wordpress\/ -->\n<title>Tarhunna \u2013 ve\u00f0urgu\u00f0 Het\u00edta, d\u00fdrkun og heimildir<\/title>\n<meta name=\"description\" content=\"Tarhunna, ve\u00f0urgu\u00f0 Het\u00edta, var talinn r\u00edkisherra og sigurvegari \u00ed orrustum. Tr\u00faarfr\u00e6\u00f0ileg greining \u00e1 go\u00f0afr\u00e6\u00f0i og d\u00fdrkun hans.\" \/>\n<meta name=\"robots\" content=\"index, follow, max-snippet:-1, max-image-preview:large, max-video-preview:-1\" \/>\n<link rel=\"canonical\" href=\"https:\/\/iwell-guard.com\/is\/tarhunna-vedurgud-hetita\/\" \/>\n<meta property=\"og:locale\" content=\"is_IS\" \/>\n<meta property=\"og:type\" content=\"article\" \/>\n<meta property=\"og:title\" content=\"Tarhunna \u2013 ve\u00f0urgu\u00f0 Het\u00edta\" \/>\n<meta property=\"og:description\" content=\"Tarhunna, ve\u00f0urgu\u00f0 Het\u00edta, var talinn r\u00edkisherra og sigurvegari \u00ed orrustum. Tr\u00faarfr\u00e6\u00f0ileg greining \u00e1 go\u00f0afr\u00e6\u00f0i og d\u00fdrkun hans.\" \/>\n<meta property=\"og:url\" content=\"https:\/\/iwell-guard.com\/is\/tarhunna-vedurgud-hetita\/\" \/>\n<meta property=\"og:site_name\" content=\"iWell Guard\" \/>\n<meta property=\"article:modified_time\" content=\"2026-09-05T14:27:03+00:00\" \/>\n<meta property=\"og:image\" content=\"https:\/\/iwell-guard.com\/wp-content\/uploads\/2026\/05\/goetter_hethitisch_tarhunna.webp\" \/>\n\t<meta property=\"og:image:width\" content=\"1024\" \/>\n\t<meta property=\"og:image:height\" content=\"1536\" \/>\n\t<meta property=\"og:image:type\" content=\"image\/webp\" \/>\n<meta name=\"twitter:card\" content=\"summary_large_image\" \/>\n<script type=\"application\/ld+json\" class=\"yoast-schema-graph\">{\"@context\":\"https:\\\/\\\/schema.org\",\"@graph\":[{\"@type\":\"WebPage\",\"@id\":\"https:\\\/\\\/iwell-guard.com\\\/is\\\/tarhunna-vedurgud-hetita\\\/\",\"url\":\"https:\\\/\\\/iwell-guard.com\\\/is\\\/tarhunna-vedurgud-hetita\\\/\",\"name\":\"Tarhunna \u2013 ve\u00f0urgu\u00f0 Het\u00edta, d\u00fdrkun og heimildir\",\"isPartOf\":{\"@id\":\"https:\\\/\\\/iwell-guard.com\\\/is\\\/#website\"},\"primaryImageOfPage\":{\"@id\":\"https:\\\/\\\/iwell-guard.com\\\/is\\\/tarhunna-vedurgud-hetita\\\/#primaryimage\"},\"image\":{\"@id\":\"https:\\\/\\\/iwell-guard.com\\\/is\\\/tarhunna-vedurgud-hetita\\\/#primaryimage\"},\"thumbnailUrl\":\"https:\\\/\\\/iwell-guard.com\\\/wp-content\\\/uploads\\\/2026\\\/05\\\/goetter_hethitisch_tarhunna.webp\",\"datePublished\":\"2026-09-05T14:04:23+00:00\",\"dateModified\":\"2026-09-05T14:27:03+00:00\",\"description\":\"Tarhunna, ve\u00f0urgu\u00f0 Het\u00edta, var talinn r\u00edkisherra og sigurvegari \u00ed orrustum. Tr\u00faarfr\u00e6\u00f0ileg greining \u00e1 go\u00f0afr\u00e6\u00f0i og d\u00fdrkun hans.\",\"breadcrumb\":{\"@id\":\"https:\\\/\\\/iwell-guard.com\\\/is\\\/tarhunna-vedurgud-hetita\\\/#breadcrumb\"},\"inLanguage\":\"is\",\"potentialAction\":[{\"@type\":\"ReadAction\",\"target\":[\"https:\\\/\\\/iwell-guard.com\\\/is\\\/tarhunna-vedurgud-hetita\\\/\"]}]},{\"@type\":\"ImageObject\",\"inLanguage\":\"is\",\"@id\":\"https:\\\/\\\/iwell-guard.com\\\/is\\\/tarhunna-vedurgud-hetita\\\/#primaryimage\",\"url\":\"https:\\\/\\\/iwell-guard.com\\\/wp-content\\\/uploads\\\/2026\\\/05\\\/goetter_hethitisch_tarhunna.webp\",\"contentUrl\":\"https:\\\/\\\/iwell-guard.com\\\/wp-content\\\/uploads\\\/2026\\\/05\\\/goetter_hethitisch_tarhunna.webp\",\"width\":1024,\"height\":1536,\"caption\":\"Gu\u00f0ir \u00far het\u00edta-hef\u00f0inni.\"},{\"@type\":\"BreadcrumbList\",\"@id\":\"https:\\\/\\\/iwell-guard.com\\\/is\\\/tarhunna-vedurgud-hetita\\\/#breadcrumb\",\"itemListElement\":[{\"@type\":\"ListItem\",\"position\":1,\"name\":\"Start\",\"item\":\"https:\\\/\\\/iwell-guard.com\\\/is\\\/?page_id=168580\"},{\"@type\":\"ListItem\",\"position\":2,\"name\":\"Tarhunna \u2013 ve\u00f0urgu\u00f0 Het\u00edta\"}]},{\"@type\":\"WebSite\",\"@id\":\"https:\\\/\\\/iwell-guard.com\\\/is\\\/#website\",\"url\":\"https:\\\/\\\/iwell-guard.com\\\/is\\\/\",\"name\":\"iWell Guard\",\"description\":\"Schutz vor dunklen Einfl\u00fcssen\",\"publisher\":{\"@id\":\"https:\\\/\\\/iwell-guard.com\\\/is\\\/#organization\"},\"potentialAction\":[{\"@type\":\"SearchAction\",\"target\":{\"@type\":\"EntryPoint\",\"urlTemplate\":\"https:\\\/\\\/iwell-guard.com\\\/is\\\/?s={search_term_string}\"},\"query-input\":{\"@type\":\"PropertyValueSpecification\",\"valueRequired\":true,\"valueName\":\"search_term_string\"}}],\"inLanguage\":\"is\"},{\"@type\":\"Organization\",\"@id\":\"https:\\\/\\\/iwell-guard.com\\\/is\\\/#organization\",\"name\":\"Ittermann electronic GmbH\",\"url\":\"https:\\\/\\\/iwell-guard.com\\\/is\\\/\",\"logo\":{\"@type\":\"ImageObject\",\"inLanguage\":\"is\",\"@id\":\"https:\\\/\\\/iwell-guard.com\\\/is\\\/#\\\/schema\\\/logo\\\/image\\\/\",\"url\":\"https:\\\/\\\/iwell-guard.com\\\/wp-content\\\/uploads\\\/2026\\\/05\\\/Ittermann-Logo-1182x237-1.png\",\"contentUrl\":\"https:\\\/\\\/iwell-guard.com\\\/wp-content\\\/uploads\\\/2026\\\/05\\\/Ittermann-Logo-1182x237-1.png\",\"width\":1182,\"height\":237,\"caption\":\"Ittermann electronic GmbH\"},\"image\":{\"@id\":\"https:\\\/\\\/iwell-guard.com\\\/is\\\/#\\\/schema\\\/logo\\\/image\\\/\"},\"sameAs\":[\"https:\\\/\\\/pantip.com\\\/profile\\\/9367242\",\"https:\\\/\\\/micro.blog\\\/iwellguard\",\"https:\\\/\\\/www.diggerslist.com\\\/iwellguard\\\/about\",\"https:\\\/\\\/skitterphoto.com\\\/photographers\\\/2870314\\\/iwell-guard\",\"https:\\\/\\\/iwellguard.wordpress.com\\\/2026\\\/06\\\/06\\\/iwell-guard\\\/\",\"https:\\\/\\\/hub.docker.com\\\/u\\\/iwellguard\",\"https:\\\/\\\/www.pinterest.com\\\/iwellguard\\\/\",\"https:\\\/\\\/bit.ly\\\/m\\\/iwellguard\",\"https:\\\/\\\/entre-vos-mains.alsace.eu\\\/profiles\\\/iwellguard\\\/activity\",\"https:\\\/\\\/gravatar.com\\\/reallybeded8fd34\",\"https:\\\/\\\/naijamatta.com\\\/iwellguard\",\"https:\\\/\\\/www.goodreads.com\\\/iwellguard\",\"https:\\\/\\\/profile.hatena.ne.jp\\\/iwellguard\\\/\",\"https:\\\/\\\/experiment.com\\\/users\\\/iwellguard\",\"https:\\\/\\\/wakelet.com\\\/@iWellGuard82270\",\"https:\\\/\\\/www.chordie.com\\\/forum\\\/profile.php?id=2555664\",\"https:\\\/\\\/www.instapaper.com\\\/p\\\/17757966\",\"https:\\\/\\\/www.mapleprimes.com\\\/users\\\/iwellguard\",\"https:\\\/\\\/businesslistingplus.com\\\/profile\\\/iwell-guard\\\/\",\"https:\\\/\\\/telegra.ph\\\/iWell-Guard-06-06\",\"https:\\\/\\\/pbase.com\\\/iwellguard\\\/iwellguard\",\"https:\\\/\\\/b.hatena.ne.jp\\\/iwellguard\\\/20260607#bookmark-4788405196491818882\",\"https:\\\/\\\/fliphtml5.com\\\/home\\\/iwellguard\",\"https:\\\/\\\/anyflip.com\\\/homepage\\\/cmiwl#About\",\"https:\\\/\\\/transfur.com\\\/Users\\\/iwellguard\",\"http:\\\/\\\/delphi.larsbo.org\\\/user\\\/iwellguard\",\"https:\\\/\\\/jobs.lajobsportal.org\\\/profiles\\\/8380803-iwell-guard\",\"https:\\\/\\\/md.chaosdorf.de\\\/s\\\/jfbe5SBdJD\",\"https:\\\/\\\/www.lingvolive.com\\\/en-us\\\/profile\\\/9ecaeaca-ce11-4e51-9e71-01d55e2bff36\\\/translations\",\"https:\\\/\\\/www.fitday.com\\\/fitness\\\/forums\\\/members\\\/iwellguard.html\",\"https:\\\/\\\/www.mymeetbook.com\\\/iwellguard\",\"https:\\\/\\\/pxhere.com\\\/en\\\/photographer-me\\\/5040798\",\"https:\\\/\\\/disqus.com\\\/by\\\/iwellguard\\\/about\\\/\",\"https:\\\/\\\/pastelink.net\\\/hjwciqwq\",\"https:\\\/\\\/pubhtml5.com\\\/homepage\\\/scjhn\\\/\",\"https:\\\/\\\/www.bitchute.com\\\/channel\\\/2O2eOKzNqujT\",\"https:\\\/\\\/audiomack.com\\\/iwellguard\"]},{\"@type\":\"Article\",\"@id\":\"https:\\\/\\\/iwell-guard.com\\\/is\\\/tarhunna-vedurgud-hetita\\\/#article\",\"isPartOf\":{\"@id\":\"https:\\\/\\\/iwell-guard.com\\\/is\\\/tarhunna-vedurgud-hetita\\\/\"},\"author\":{\"name\":\"Ralf Ittermann\",\"@id\":\"https:\\\/\\\/iwell-guard.com\\\/is\\\/#\\\/schema\\\/person\\\/ee2a27f1cac3406c7c6fb5820cb7349f\"},\"headline\":\"Tarhunna \u2013 ve\u00f0urgu\u00f0 Het\u00edta\",\"datePublished\":\"2026-09-05T14:04:23+00:00\",\"dateModified\":\"2026-09-05T14:27:03+00:00\",\"mainEntityOfPage\":{\"@id\":\"https:\\\/\\\/iwell-guard.com\\\/is\\\/tarhunna-vedurgud-hetita\\\/\"},\"publisher\":{\"@id\":\"https:\\\/\\\/iwell-guard.com\\\/is\\\/#organization\"},\"image\":{\"@id\":\"https:\\\/\\\/iwell-guard.com\\\/is\\\/tarhunna-vedurgud-hetita\\\/#primaryimage\"},\"thumbnailUrl\":\"https:\\\/\\\/iwell-guard.com\\\/wp-content\\\/uploads\\\/2026\\\/05\\\/goetter_hethitisch_tarhunna.webp\",\"inLanguage\":\"is\",\"description\":\"Tarhunna, ve\u00f0urgu\u00f0 Het\u00edta, var talinn r\u00edkisherra og sigurvegari \u00ed orrustum. Tr\u00faarfr\u00e6\u00f0ileg greining \u00e1 go\u00f0afr\u00e6\u00f0i og d\u00fdrkun hans.\"}]}<\/script>\n<!-- \/ Yoast SEO Premium plugin. -->","yoast_head_json":{"title":"Tarhunna \u2013 ve\u00f0urgu\u00f0 Het\u00edta, d\u00fdrkun og heimildir","description":"Tarhunna, ve\u00f0urgu\u00f0 Het\u00edta, var talinn r\u00edkisherra og sigurvegari \u00ed orrustum. Tr\u00faarfr\u00e6\u00f0ileg greining \u00e1 go\u00f0afr\u00e6\u00f0i og d\u00fdrkun hans.","robots":{"index":"index","follow":"follow","max-snippet":"max-snippet:-1","max-image-preview":"max-image-preview:large","max-video-preview":"max-video-preview:-1"},"canonical":"https:\/\/iwell-guard.com\/is\/tarhunna-vedurgud-hetita\/","og_locale":"is_IS","og_type":"article","og_title":"Tarhunna \u2013 ve\u00f0urgu\u00f0 Het\u00edta","og_description":"Tarhunna, ve\u00f0urgu\u00f0 Het\u00edta, var talinn r\u00edkisherra og sigurvegari \u00ed orrustum. Tr\u00faarfr\u00e6\u00f0ileg greining \u00e1 go\u00f0afr\u00e6\u00f0i og d\u00fdrkun hans.","og_url":"https:\/\/iwell-guard.com\/is\/tarhunna-vedurgud-hetita\/","og_site_name":"iWell Guard","article_modified_time":"2026-09-05T14:27:03+00:00","og_image":[{"width":1024,"height":1536,"url":"https:\/\/iwell-guard.com\/wp-content\/uploads\/2026\/05\/goetter_hethitisch_tarhunna.webp","type":"image\/webp"}],"twitter_card":"summary_large_image","schema":{"@context":"https:\/\/schema.org","@graph":[{"@type":"Article","@id":"https:\/\/iwell-guard.com\/is\/tarhunna-vedurgud-hetita\/#article","isPartOf":{"@id":"https:\/\/iwell-guard.com\/is\/tarhunna-vedurgud-hetita\/"},"author":{"name":"Ralf Ittermann","@id":"https:\/\/iwell-guard.com\/is\/#\/schema\/person\/ee2a27f1cac3406c7c6fb5820cb7349f"},"headline":"Tarhunna \u2013 ve\u00f0urgu\u00f0 Het\u00edta","datePublished":"2026-09-05T14:04:23+00:00","dateModified":"2026-09-05T14:27:03+00:00","mainEntityOfPage":{"@id":"https:\/\/iwell-guard.com\/is\/tarhunna-vedurgud-hetita\/"},"publisher":{"@id":"https:\/\/iwell-guard.com\/is\/#organization"},"image":{"@id":"https:\/\/iwell-guard.com\/is\/tarhunna-vedurgud-hetita\/#primaryimage"},"thumbnailUrl":"https:\/\/iwell-guard.com\/wp-content\/uploads\/2026\/05\/goetter_hethitisch_tarhunna.webp","inLanguage":"is","description":"Tarhunna, ve\u00f0urgu\u00f0 Het\u00edta, var talinn r\u00edkisherra og sigurvegari \u00ed orrustum. Tr\u00faarfr\u00e6\u00f0ileg greining \u00e1 go\u00f0afr\u00e6\u00f0i og d\u00fdrkun hans."},{"@type":"WebPage","@id":"https:\/\/iwell-guard.com\/is\/tarhunna-vedurgud-hetita\/","url":"https:\/\/iwell-guard.com\/is\/tarhunna-vedurgud-hetita\/","name":"Tarhunna \u2013 ve\u00f0urgu\u00f0 Het\u00edta, d\u00fdrkun og heimildir","isPartOf":{"@id":"https:\/\/iwell-guard.com\/is\/#website"},"primaryImageOfPage":{"@id":"https:\/\/iwell-guard.com\/is\/tarhunna-vedurgud-hetita\/#primaryimage"},"image":{"@id":"https:\/\/iwell-guard.com\/is\/tarhunna-vedurgud-hetita\/#primaryimage"},"thumbnailUrl":"https:\/\/iwell-guard.com\/wp-content\/uploads\/2026\/05\/goetter_hethitisch_tarhunna.webp","datePublished":"2026-09-05T14:04:23+00:00","dateModified":"2026-09-05T14:27:03+00:00","description":"Tarhunna, ve\u00f0urgu\u00f0 Het\u00edta, var talinn r\u00edkisherra og sigurvegari \u00ed orrustum. Tr\u00faarfr\u00e6\u00f0ileg greining \u00e1 go\u00f0afr\u00e6\u00f0i og d\u00fdrkun hans.","breadcrumb":{"@id":"https:\/\/iwell-guard.com\/is\/tarhunna-vedurgud-hetita\/#breadcrumb"},"inLanguage":"is","potentialAction":[{"@type":"ReadAction","target":["https:\/\/iwell-guard.com\/is\/tarhunna-vedurgud-hetita\/"]}]},{"@type":"ImageObject","inLanguage":"is","@id":"https:\/\/iwell-guard.com\/is\/tarhunna-vedurgud-hetita\/#primaryimage","url":"https:\/\/iwell-guard.com\/wp-content\/uploads\/2026\/05\/goetter_hethitisch_tarhunna.webp","contentUrl":"https:\/\/iwell-guard.com\/wp-content\/uploads\/2026\/05\/goetter_hethitisch_tarhunna.webp","width":1024,"height":1536,"caption":"Gu\u00f0ir \u00far het\u00edta-hef\u00f0inni."},{"@type":"BreadcrumbList","@id":"https:\/\/iwell-guard.com\/is\/tarhunna-vedurgud-hetita\/#breadcrumb","itemListElement":[{"@type":"ListItem","position":1,"name":"Start","item":"https:\/\/iwell-guard.com\/is\/?page_id=168580"},{"@type":"ListItem","position":2,"name":"Tarhunna \u2013 ve\u00f0urgu\u00f0 Het\u00edta"}]},{"@type":"WebSite","@id":"https:\/\/iwell-guard.com\/is\/#website","url":"https:\/\/iwell-guard.com\/is\/","name":"iWell Guard","description":"Schutz vor dunklen Einfl\u00fcssen","publisher":{"@id":"https:\/\/iwell-guard.com\/is\/#organization"},"potentialAction":[{"@type":"SearchAction","target":{"@type":"EntryPoint","urlTemplate":"https:\/\/iwell-guard.com\/is\/?s={search_term_string}"},"query-input":{"@type":"PropertyValueSpecification","valueRequired":true,"valueName":"search_term_string"}}],"inLanguage":"is"},{"@type":"Organization","@id":"https:\/\/iwell-guard.com\/is\/#organization","name":"Ittermann electronic GmbH","url":"https:\/\/iwell-guard.com\/is\/","logo":{"@type":"ImageObject","inLanguage":"is","@id":"https:\/\/iwell-guard.com\/is\/#\/schema\/logo\/image\/","url":"https:\/\/iwell-guard.com\/wp-content\/uploads\/2026\/05\/Ittermann-Logo-1182x237-1.png","contentUrl":"https:\/\/iwell-guard.com\/wp-content\/uploads\/2026\/05\/Ittermann-Logo-1182x237-1.png","width":1182,"height":237,"caption":"Ittermann electronic GmbH"},"image":{"@id":"https:\/\/iwell-guard.com\/is\/#\/schema\/logo\/image\/"},"sameAs":["https:\/\/pantip.com\/profile\/9367242","https:\/\/micro.blog\/iwellguard","https:\/\/www.diggerslist.com\/iwellguard\/about","https:\/\/skitterphoto.com\/photographers\/2870314\/iwell-guard","https:\/\/iwellguard.wordpress.com\/2026\/06\/06\/iwell-guard\/","https:\/\/hub.docker.com\/u\/iwellguard","https:\/\/www.pinterest.com\/iwellguard\/","https:\/\/bit.ly\/m\/iwellguard","https:\/\/entre-vos-mains.alsace.eu\/profiles\/iwellguard\/activity","https:\/\/gravatar.com\/reallybeded8fd34","https:\/\/naijamatta.com\/iwellguard","https:\/\/www.goodreads.com\/iwellguard","https:\/\/profile.hatena.ne.jp\/iwellguard\/","https:\/\/experiment.com\/users\/iwellguard","https:\/\/wakelet.com\/@iWellGuard82270","https:\/\/www.chordie.com\/forum\/profile.php?id=2555664","https:\/\/www.instapaper.com\/p\/17757966","https:\/\/www.mapleprimes.com\/users\/iwellguard","https:\/\/businesslistingplus.com\/profile\/iwell-guard\/","https:\/\/telegra.ph\/iWell-Guard-06-06","https:\/\/pbase.com\/iwellguard\/iwellguard","https:\/\/b.hatena.ne.jp\/iwellguard\/20260607#bookmark-4788405196491818882","https:\/\/fliphtml5.com\/home\/iwellguard","https:\/\/anyflip.com\/homepage\/cmiwl#About","https:\/\/transfur.com\/Users\/iwellguard","http:\/\/delphi.larsbo.org\/user\/iwellguard","https:\/\/jobs.lajobsportal.org\/profiles\/8380803-iwell-guard","https:\/\/md.chaosdorf.de\/s\/jfbe5SBdJD","https:\/\/www.lingvolive.com\/en-us\/profile\/9ecaeaca-ce11-4e51-9e71-01d55e2bff36\/translations","https:\/\/www.fitday.com\/fitness\/forums\/members\/iwellguard.html","https:\/\/www.mymeetbook.com\/iwellguard","https:\/\/pxhere.com\/en\/photographer-me\/5040798","https:\/\/disqus.com\/by\/iwellguard\/about\/","https:\/\/pastelink.net\/hjwciqwq","https:\/\/pubhtml5.com\/homepage\/scjhn\/","https:\/\/www.bitchute.com\/channel\/2O2eOKzNqujT","https:\/\/audiomack.com\/iwellguard"]},{"@type":"Person","@id":"https:\/\/iwell-guard.com\/is\/#\/schema\/person\/ee2a27f1cac3406c7c6fb5820cb7349f","name":"Ralf Ittermann","image":{"@type":"ImageObject","inLanguage":"is","@id":"https:\/\/secure.gravatar.com\/avatar\/073c0153e350a5005b68eb752b445fea71f6b24a26da9449ad7e155e6b446c9d?s=96&d=mm&r=g","url":"https:\/\/secure.gravatar.com\/avatar\/073c0153e350a5005b68eb752b445fea71f6b24a26da9449ad7e155e6b446c9d?s=96&d=mm&r=g","contentUrl":"https:\/\/secure.gravatar.com\/avatar\/073c0153e350a5005b68eb752b445fea71f6b24a26da9449ad7e155e6b446c9d?s=96&d=mm&r=g","caption":"Ralf Ittermann"},"givenName":"Ralf","familyName":"Ittermann","jobTitle":"Gesch\u00e4ftsf\u00fchrer und redaktioneller Verantwortlicher","url":"https:\/\/iwell-guard.com\/is\/author\/claude\/","description":"Ralf Ittermann ist Gesch\u00e4ftsf\u00fchrer der Ittermann electronic GmbH und redaktioneller Verantwortlicher des iWell-Guard-Lexikons. Er verbindet langj\u00e4hrige Erfahrung in der Pr\u00e4zisionsfertigung mit medialer Praxis und religionsgeschichtlicher Quellenarbeit.","worksFor":{"@type":"Organization","name":"Ittermann electronic GmbH","url":"https:\/\/ittermann.de\/","address":{"@type":"PostalAddress","streetAddress":"K\u00f6hlergasse 16-18","postalCode":"99842","addressLocality":"Ruhla","addressCountry":"DE"}},"knowsAbout":["Religionsgeschichte","Mythologie","Mediale Praxis","Energetische Diagnostik","Schutzpraxis","Volksglauben","Westliche Esoterik"]},{"@type":"Article","@id":"https:\/\/iwell-guard.com\/is\/tarhunna-vedurgud-hetita\/#article","isPartOf":{"@id":"https:\/\/iwell-guard.com\/is\/tarhunna-vedurgud-hetita\/"},"author":{"name":"Ralf Ittermann","@id":"https:\/\/iwell-guard.com\/is\/#\/schema\/person\/ee2a27f1cac3406c7c6fb5820cb7349f"},"headline":"Tarhunna \u2013 ve\u00f0urgu\u00f0 Het\u00edta","datePublished":"2026-09-05T14:04:23+00:00","dateModified":"2026-09-05T14:27:03+00:00","mainEntityOfPage":{"@id":"https:\/\/iwell-guard.com\/is\/tarhunna-vedurgud-hetita\/"},"publisher":{"@id":"https:\/\/iwell-guard.com\/is\/#organization"},"image":{"@id":"https:\/\/iwell-guard.com\/is\/tarhunna-vedurgud-hetita\/#primaryimage"},"thumbnailUrl":"https:\/\/iwell-guard.com\/wp-content\/uploads\/2026\/05\/goetter_hethitisch_tarhunna.webp","inLanguage":"is","description":"Tarhunna, ve\u00f0urgu\u00f0 Het\u00edta, var talinn r\u00edkisherra og sigurvegari \u00ed orrustum. Tr\u00faarfr\u00e6\u00f0ileg greining \u00e1 go\u00f0afr\u00e6\u00f0i og d\u00fdrkun hans."}]}},"_links":{"self":[{"href":"https:\/\/iwell-guard.com\/is\/wp-json\/wp\/v2\/pages\/168959","targetHints":{"allow":["GET"]}}],"collection":[{"href":"https:\/\/iwell-guard.com\/is\/wp-json\/wp\/v2\/pages"}],"about":[{"href":"https:\/\/iwell-guard.com\/is\/wp-json\/wp\/v2\/types\/page"}],"author":[{"embeddable":true,"href":"https:\/\/iwell-guard.com\/is\/wp-json\/wp\/v2\/users\/3"}],"replies":[{"embeddable":true,"href":"https:\/\/iwell-guard.com\/is\/wp-json\/wp\/v2\/comments?post=168959"}],"version-history":[{"count":0,"href":"https:\/\/iwell-guard.com\/is\/wp-json\/wp\/v2\/pages\/168959\/revisions"}],"wp:featuredmedia":[{"embeddable":true,"href":"https:\/\/iwell-guard.com\/is\/wp-json\/wp\/v2\/media\/2841"}],"wp:attachment":[{"href":"https:\/\/iwell-guard.com\/is\/wp-json\/wp\/v2\/media?parent=168959"}],"wp:term":[{"taxonomy":"category","embeddable":true,"href":"https:\/\/iwell-guard.com\/is\/wp-json\/wp\/v2\/categories?post=168959"}],"curies":[{"name":"wp","href":"https:\/\/api.w.org\/{rel}","templated":true}]}}