{"id":168958,"date":"2026-09-05T14:04:22","date_gmt":"2026-09-05T14:04:22","guid":{"rendered":"https:\/\/iwell-guard.com\/?page_id=168958"},"modified":"2026-09-05T14:26:57","modified_gmt":"2026-09-05T14:26:57","slug":"tuchulcha-etruskur-undirheimadjofull","status":"publish","type":"page","link":"https:\/\/iwell-guard.com\/is\/tuchulcha-etruskur-undirheimadjofull\/","title":{"rendered":"Tuchulcha &#8211; Etr\u00faskur undirheimadj\u00f6full"},"content":{"rendered":"\t\t<div data-elementor-type=\"wp-page\" data-elementor-id=\"168958\" class=\"elementor elementor-168958 elementor-2613 elementor-bc-flex-widget\" data-elementor-post-type=\"page\">\n\t\t\t\t<div class=\"elementor-element elementor-element-iwgw-tuchulcha-hero e-flex e-con-boxed e-con e-parent\" data-id=\"iwgw-tuchulcha-hero\" data-element_type=\"container\" data-e-type=\"container\" data-settings=\"{&quot;background_background&quot;:&quot;classic&quot;}\">\n\t\t\t\t\t<div class=\"e-con-inner\">\n\t\t<div class=\"elementor-element elementor-element-iwgw-tuchulcha-hl e-flex e-con-boxed e-con e-child\" data-id=\"iwgw-tuchulcha-hl\" data-element_type=\"container\" data-e-type=\"container\">\n\t\t\t\t\t<div class=\"e-con-inner\">\n\t\t<div class=\"elementor-element elementor-element-iwgw-tuchulcha-htxt e-con-full e-flex e-con e-child\" data-id=\"iwgw-tuchulcha-htxt\" data-element_type=\"container\" data-e-type=\"container\">\n\t\t\t\t<div class=\"elementor-element elementor-element-iwgw-tuchulcha-h1 elementor-widget elementor-widget-heading\" data-id=\"iwgw-tuchulcha-h1\" data-element_type=\"widget\" data-e-type=\"widget\" data-widget_type=\"heading.default\">\n\t\t\t\t\t<h1 class=\"elementor-heading-title elementor-size-default\">Tuchulcha - \u00d3gnvekjandi etr\u00faskur undirheimadj\u00f6full me\u00f0 sl\u00f6nguh\u00e1r<\/h1>\t\t\t\t<\/div>\n\t\t\t\t<div class=\"elementor-element elementor-element-iwgw-tuchulcha-lead elementor-widget elementor-widget-text-editor\" data-id=\"iwgw-tuchulcha-lead\" data-element_type=\"widget\" data-e-type=\"widget\" data-widget_type=\"text-editor.default\">\n\t\t\t\t\t\t\t\t\t<p>Tuchulcha er \u00ed etr\u00faskri tr\u00fa \u00f3gnvekjandi <span class=\"iwg-fachbegriff\" data-tooltip=\"Andlegt vera sem er eignu\u00f0 ska\u00f0leg e\u00f0a tv\u00edr\u00e6\u00f0 \u00e1hrif.\" tabindex=\"0\">dj\u00f6full<\/span> undirheimanna, sem er s\u00fdndur me\u00f0 sl\u00f6nguh\u00e1r, asnaeyru, gammsnef og h\u00f3tandi framkomu. \u00d3l\u00edkt lei\u00f0sagnardj\u00f6flunum <a href=\"https:\/\/iwell-guard.com\/is\/charun-etruskur-daudademon\/\">Charun<\/a> og <a href=\"https:\/\/iwell-guard.com\/is\/?page_id=168955\">Vanth<\/a> er Tuchulcha virkur \u00ed hlutverki hegningar og minnir \u00e1 gr\u00edsku Erin\u00fdurnar (hefndargy\u00f0jurnar). \u00deessi framsetning l\u00fdsir tr\u00faarbrag\u00f0afr\u00e6\u00f0ilegri st\u00f6\u00f0u hans innan etr\u00faska eskat\u00f3l\u00f3g\u00edukerfisins.<\/p>\t\t\t\t\t\t\t\t<\/div>\n\t\t\t\t<\/div>\n\t\t<div class=\"elementor-element elementor-element-iwgw-tuchulcha-pillc e-con-full e-flex e-con e-child\" data-id=\"iwgw-tuchulcha-pillc\" data-element_type=\"container\" data-e-type=\"container\">\n\t\t\t\t<div class=\"elementor-element elementor-element-iwgw-tuchulcha-pills elementor-widget elementor-widget-html\" data-id=\"iwgw-tuchulcha-pills\" data-element_type=\"widget\" data-e-type=\"widget\" data-widget_type=\"html.default\">\n\t\t\t\t\t<div class=\"iwg-pill-row\"><span class=\"iwg-klasse-badge\" tabindex=\"0\" data-tooltip=\"Dau\u00f0avera \u00ed etr\u00faskri hef\u00f0.\">Dau\u00f0avera<\/span><a href=\"https:\/\/iwell-guard.com\/is\/etruskisk-trubrogd-haruspex-disciplina\/\" class=\"iwg-kultur-badge\" tabindex=\"0\" data-tooltip=\"Go\u00f0afr\u00e6\u00f0i etr\u00faskrar hef\u00f0ar.\">Etr\u00faskt<\/a><span class=\"iwg-tradition-badge\" tabindex=\"0\" data-tooltip=\"Undirheimadj\u00f6full.\">Undirheimadj\u00f6full<\/span><\/div>\t\t\t\t<\/div>\n\t\t\t\t<\/div>\n\t\t<div class=\"elementor-element elementor-element-iwgw-tuchulcha-tocc e-con-full e-flex e-con e-child\" data-id=\"iwgw-tuchulcha-tocc\" data-element_type=\"container\" data-e-type=\"container\">\n\t\t\t\t<div class=\"elementor-element elementor-element-iwgw-tuchulcha-toc elementor-toc--minimized-on-tablet elementor-widget elementor-widget-table-of-contents\" data-id=\"iwgw-tuchulcha-toc\" data-element_type=\"widget\" data-e-type=\"widget\" data-settings=\"{&quot;headings_by_tags&quot;:[&quot;h2&quot;,&quot;h3&quot;],&quot;minimize_box&quot;:&quot;yes&quot;,&quot;marker_view&quot;:&quot;bullets&quot;,&quot;no_headings_message&quot;:&quot;Engar undirfyrirsagnir fundust \\u00e1 \\u00feessari s\\u00ed\\u00f0u.&quot;,&quot;exclude_headings_by_selector&quot;:[],&quot;icon&quot;:{&quot;value&quot;:&quot;fas fa-circle&quot;,&quot;library&quot;:&quot;fa-solid&quot;,&quot;rendered_tag&quot;:&quot;&lt;svg class=\\&quot;e-font-icon-svg e-fas-circle\\&quot; viewBox=\\&quot;0 0 512 512\\&quot; xmlns=\\&quot;http:\\\/\\\/www.w3.org\\\/2000\\\/svg\\&quot;&gt;&lt;path d=\\&quot;M256 8C119 8 8 119 8 256s111 248 248 248 248-111 248-248S393 8 256 8z\\&quot;&gt;&lt;\\\/path&gt;&lt;\\\/svg&gt;&quot;},&quot;minimized_on&quot;:&quot;tablet&quot;,&quot;hierarchical_view&quot;:&quot;yes&quot;,&quot;min_height&quot;:{&quot;unit&quot;:&quot;px&quot;,&quot;size&quot;:&quot;&quot;,&quot;sizes&quot;:[]},&quot;min_height_tablet&quot;:{&quot;unit&quot;:&quot;px&quot;,&quot;size&quot;:&quot;&quot;,&quot;sizes&quot;:[]},&quot;min_height_mobile&quot;:{&quot;unit&quot;:&quot;px&quot;,&quot;size&quot;:&quot;&quot;,&quot;sizes&quot;:[]}}\" data-widget_type=\"table-of-contents.default\">\n\t\t\t\t\t\t\t\t\t<div class=\"elementor-toc__header\">\n\t\t\t\t\t\t<h2 class=\"elementor-toc__header-title\">\n\t\t\t\tEfnisyfirlit\t\t\t<\/h2>\n\t\t\t\t\t\t\t\t\t\t<div class=\"elementor-toc__toggle-button elementor-toc__toggle-button--expand\" role=\"button\" tabindex=\"0\" aria-controls=\"elementor-toc__iwgw-tuchulcha-toc\" aria-expanded=\"true\" aria-label=\"Open table of contents\"><svg aria-hidden=\"true\" class=\"e-font-icon-svg e-fas-chevron-down\" viewBox=\"0 0 448 512\" xmlns=\"http:\/\/www.w3.org\/2000\/svg\"><path d=\"M207.029 381.476L12.686 187.132c-9.373-9.373-9.373-24.569 0-33.941l22.667-22.667c9.357-9.357 24.522-9.375 33.901-.04L224 284.505l154.745-154.021c9.379-9.335 24.544-9.317 33.901.04l22.667 22.667c9.373 9.373 9.373 24.569 0 33.941L240.971 381.476c-9.373 9.372-24.569 9.372-33.942 0z\"><\/path><\/svg><\/div>\n\t\t\t\t<div class=\"elementor-toc__toggle-button elementor-toc__toggle-button--collapse\" role=\"button\" tabindex=\"0\" aria-controls=\"elementor-toc__iwgw-tuchulcha-toc\" aria-expanded=\"true\" aria-label=\"Close table of contents\"><svg aria-hidden=\"true\" class=\"e-font-icon-svg e-fas-chevron-up\" viewBox=\"0 0 448 512\" xmlns=\"http:\/\/www.w3.org\/2000\/svg\"><path d=\"M240.971 130.524l194.343 194.343c9.373 9.373 9.373 24.569 0 33.941l-22.667 22.667c-9.357 9.357-24.522 9.375-33.901.04L224 227.495 69.255 381.516c-9.379 9.335-24.544 9.317-33.901-.04l-22.667-22.667c-9.373-9.373-9.373-24.569 0-33.941L207.03 130.525c9.372-9.373 24.568-9.373 33.941-.001z\"><\/path><\/svg><\/div>\n\t\t\t\t\t<\/div>\n\t\t\t\t<div id=\"elementor-toc__iwgw-tuchulcha-toc\" class=\"elementor-toc__body\">\n\t\t\t<div class=\"elementor-toc__spinner-container\">\n\t\t\t\t<svg class=\"elementor-toc__spinner eicon-animation-spin e-font-icon-svg e-eicon-loading\" aria-hidden=\"true\" viewBox=\"0 0 1000 1000\" xmlns=\"http:\/\/www.w3.org\/2000\/svg\"><path d=\"M500 975V858C696 858 858 696 858 500S696 142 500 142 142 304 142 500H25C25 237 238 25 500 25S975 237 975 500 763 975 500 975Z\"><\/path><\/svg>\t\t\t<\/div>\n\t\t<\/div>\n\t\t\t\t\t\t<\/div>\n\t\t\t\t<\/div>\n\t\t\t\t\t<\/div>\n\t\t\t\t<\/div>\n\t\t<div class=\"elementor-element elementor-element-iwgw-tuchulcha-hr e-con-full e-flex e-con e-child\" data-id=\"iwgw-tuchulcha-hr\" data-element_type=\"container\" data-e-type=\"container\">\n\t\t\t\t<div class=\"elementor-element elementor-element-iwgw-tuchulcha-heroimg iwg-hero-image elementor-widget elementor-widget-image\" data-id=\"iwgw-tuchulcha-heroimg\" data-element_type=\"widget\" data-e-type=\"widget\" data-widget_type=\"image.default\">\n\t\t\t\t\t\t\t\t\t\t\t\t\t\t\t<img fetchpriority=\"high\" decoding=\"async\" width=\"683\" height=\"1024\" src=\"https:\/\/iwell-guard.com\/wp-content\/uploads\/2026\/05\/daemonen_etruskisch_tuchulcha-683x1024.webp\" class=\"attachment-large size-large wp-image-170833\" alt=\"Tuchulcha \u2013 d\u00e6mon \u00far etr\u00faskri hef\u00f0, s\u00f6gulega myndskreytt\" srcset=\"https:\/\/iwell-guard.com\/wp-content\/uploads\/2026\/05\/daemonen_etruskisch_tuchulcha-683x1024.webp 683w, https:\/\/iwell-guard.com\/wp-content\/uploads\/2026\/05\/daemonen_etruskisch_tuchulcha-200x300.webp 200w, https:\/\/iwell-guard.com\/wp-content\/uploads\/2026\/05\/daemonen_etruskisch_tuchulcha-768x1152.webp 768w, https:\/\/iwell-guard.com\/wp-content\/uploads\/2026\/05\/daemonen_etruskisch_tuchulcha.webp 1024w\" sizes=\"(max-width: 683px) 100vw, 683px\" \/>\t\t\t\t\t\t\t\t\t\t\t\t\t\t\t<\/div>\n\t\t\t\t<\/div>\n\t\t\t\t\t<\/div>\n\t\t\t\t<\/div>\n\t\t<div class=\"elementor-element elementor-element-iwgw-tuchulcha-s0 e-flex e-con-boxed e-con e-parent\" data-id=\"iwgw-tuchulcha-s0\" data-element_type=\"container\" data-e-type=\"container\">\n\t\t\t\t\t<div class=\"e-con-inner\">\n\t\t\t\t<div class=\"elementor-element elementor-element-iwgw-tuchulcha-s0h elementor-widget elementor-widget-heading\" data-id=\"iwgw-tuchulcha-s0h\" data-element_type=\"widget\" data-e-type=\"widget\" data-widget_type=\"heading.default\">\n\t\t\t\t\t<h2 class=\"elementor-heading-title elementor-size-default\">Sta\u00f0a \u00ed etr\u00faska go\u00f0heiminum<\/h2>\t\t\t\t<\/div>\n\t\t<div class=\"elementor-element elementor-element-iwgw-tuchulcha-s0c e-con-full e-flex e-con e-child\" data-id=\"iwgw-tuchulcha-s0c\" data-element_type=\"container\" data-e-type=\"container\">\n\t\t\t\t<div class=\"elementor-element elementor-element-iwgw-tuchulcha-s0t elementor-widget elementor-widget-text-editor\" data-id=\"iwgw-tuchulcha-s0t\" data-element_type=\"widget\" data-e-type=\"widget\" data-widget_type=\"text-editor.default\">\n\t\t\t\t\t\t\t\t\t<p>Tuchulcha telst til dj\u00f6fla etr\u00fasku undirheimanna. Hann er ekki \u201egu\u00f0\u201c \u00ed skilningi \u00d3lympsgu\u00f0anna, heldur m\u00e1ttug undirheimavera me\u00f0 \u00e1berandi hegningar- og \u00f3gnarhlutverk. \u00c1 Tomba dell&#8217;Orco II \u00ed Tarquinia er hann s\u00fdndur \u00ed fr\u00e6gri senu \u00e1samt \u00deeseifi og Peirithoosi, hetjum sem eru fangar \u00ed undirheimunum.<\/p><p>Larissa Bonfante, Stephan Steingr\u00e4ber og Cornelia Weber-Lehmann hafa fjalla\u00f0 um Tuchulcha \u00ed verkum s\u00ednum um etr\u00faska tr\u00fa. Hann er s\u00e9rstaklega \u00e1hrifamikil vera \u00ed etr\u00faskri grafarmyndlist.<\/p><p>\u00deessi \u00f3gnvekjandi undirheimadj\u00f6full er hluti af tr\u00faarbr\u00f6g\u00f0um sem eru tr\u00faarbrag\u00f0afr\u00e6\u00f0ilega \u00e1hugaver\u00f0 fyrst og fremst vegna \u00feess a\u00f0 \u00feau standa milli gr\u00edsk-mi\u00f0jar\u00f0arhafslegrar og \u00edtal\u00edsk-r\u00f3mverskrar hef\u00f0ar. Massimo Pallottino, Jacques Heurgon, Sybille Haynes, Mauro Cristofani og Giovanni Colonna hafa me\u00f0 ranns\u00f3knum s\u00ednum skerpt myndina af sj\u00e1lfst\u00e6\u00f0ri etr\u00faskri <span class=\"iwg-fachbegriff\" data-tooltip=\"Mi\u00f0lun \u00feekkingar og fr\u00e1sagna milli kynsl\u00f3\u00f0a.\" tabindex=\"0\">arfleif\u00f0<\/span>.<\/p><p>\u00der\u00f6ngt afmarka\u00f0 hegningarhlutverk Tuchulcha \u00ed undirheimunum passar inn \u00ed etr\u00faska <span class=\"iwg-fachbegriff\" data-tooltip=\"V\u00edsindaleg fr\u00e6\u00f0igrein um gu\u00f0 og tr\u00fa \u00ed tr\u00faarbr\u00f6g\u00f0um.\" tabindex=\"0\">gu\u00f0fr\u00e6\u00f0i<\/span> sem skipa\u00f0i <span class=\"iwg-fachbegriff\" data-tooltip=\"Heild gu\u00f0a tr\u00faarbrag\u00f0a e\u00f0a menningar.\" tabindex=\"0\">go\u00f0aheimi<\/span> s\u00ednum \u00ed stigveldi og \u00fathluta\u00f0i hlutverkum me\u00f0 sk\u00fdrum h\u00e6tti. Eldri l\u00fdsingar \u00e1 etr\u00faskri gu\u00f0atr\u00fa sem \u201edularfullri\u201c e\u00f0a \u201eframandlegri\u201c gera henni ekki r\u00e9ttl\u00e6ti: h\u00fan er sj\u00e1lfst\u00e6\u00f0 birtingarmynd mi\u00f0jar\u00f0arhafstr\u00faar.<\/p><p>Tuchulcha er talin a\u00f0 miklu leyti sj\u00e1lfst\u00e6\u00f0 etr\u00fask sk\u00f6pun og s\u00fdnir \u00fe\u00f3 hvernig Etr\u00farar mi\u00f0lu\u00f0u \u00ed \u00edtalskri tr\u00faarbrag\u00f0as\u00f6gu milli gr\u00edskra \u00e1hrifa og ver\u00f0andi r\u00f3mverskra tr\u00faarbrag\u00f0a. \u00deessi millili\u00f0asta\u00f0a er s\u00e9rlega \u00e1hugaver\u00f0 fr\u00e6\u00f0ilega.<\/p><p>Tuchulcha hefur enga s\u00fdnilega gr\u00edska fyrirmynd og sta\u00f0festir \u00feannig \u00fea\u00f0 sem tr\u00faarbrag\u00f0a\u00fej\u00f3\u00f0fr\u00e6\u00f0ilegar ranns\u00f3knir s\u00ed\u00f0ustu \u00e1ratuga hafa yfirleitt s\u00fdnt: etr\u00fask tr\u00fa er sj\u00e1lfst\u00e6tt, loka\u00f0 kerfi sem er tr\u00faarbrag\u00f0afyrirb\u00e6rafr\u00e6\u00f0ilega sj\u00e1lfst\u00e6tt. Fyrri skilningur \u00e1 henni sem einungis \u00fatgrein gr\u00edskrar tr\u00faar hefur viki\u00f0 fyrir f\u00e1ga\u00f0ri s\u00fdn.<\/p>\t\t\t\t\t\t\t\t<\/div>\n\t\t\t\t<\/div>\n\t\t\t\t\t<\/div>\n\t\t\t\t<\/div>\n\t\t<div class=\"elementor-element elementor-element-iwgw-tuchulcha-s1 e-flex e-con-boxed e-con e-parent\" data-id=\"iwgw-tuchulcha-s1\" data-element_type=\"container\" data-e-type=\"container\">\n\t\t\t\t\t<div class=\"e-con-inner\">\n\t\t\t\t<div class=\"elementor-element elementor-element-iwgw-tuchulcha-s1h elementor-widget elementor-widget-heading\" data-id=\"iwgw-tuchulcha-s1h\" data-element_type=\"widget\" data-e-type=\"widget\" data-widget_type=\"heading.default\">\n\t\t\t\t\t<h2 class=\"elementor-heading-title elementor-size-default\">Nafn og or\u00f0sifjar<\/h2>\t\t\t\t<\/div>\n\t\t<div class=\"elementor-element elementor-element-iwgw-tuchulcha-s1c e-con-full e-flex e-con e-child\" data-id=\"iwgw-tuchulcha-s1c\" data-element_type=\"container\" data-e-type=\"container\">\n\t\t\t\t<div class=\"elementor-element elementor-element-iwgw-tuchulcha-s1t elementor-widget elementor-widget-text-editor\" data-id=\"iwgw-tuchulcha-s1t\" data-element_type=\"widget\" data-e-type=\"widget\" data-widget_type=\"text-editor.default\">\n\t\t\t\t\t\t\t\t\t<p>Nafni\u00f0 Tuchulcha er a\u00f0eins sta\u00f0fest me\u00f0 vissu \u00e1 Tomba dell&#8217;Orco II me\u00f0 \u00e1letrun. \u00d6ruggt or\u00f0sifjafr\u00e6\u00f0ilegt merking hefur ekki veri\u00f0 endurger\u00f0. <em>Editio Minor<\/em> Helmuts Rix skr\u00e1ir s\u00f6nnunargagni\u00f0.<\/p><p>Nafnmyndin er tungum\u00e1lalega einangru\u00f0 og hefur engar auglj\u00f3sar hli\u00f0st\u00e6\u00f0ur \u00ed \u00f6\u00f0rum etr\u00faskum go\u00f0heitum. \u00deessi einangrun bendir til \u00feess a\u00f0 Tuchulcha s\u00e9 sj\u00e1lfst\u00e6\u00f0 etr\u00fask sk\u00f6pun, \u00e1n beinar gr\u00edskrar fyrirmyndar.<\/p><p>Nafn Tuchulcha er tungum\u00e1lalega einangra\u00f0 \u00ed var\u00f0veislu, sem samr\u00e6mist heildarmyndinni: etr\u00faska tungum\u00e1li\u00f0 sj\u00e1lft er tali\u00f0 einangra\u00f0 \u00ed tungum\u00e1lafj\u00f6lskyldum e\u00f0a hluti af tilg\u00e1tukenndri \u201et\u00fdrsenskri\u201c fj\u00f6lskyldu \u00e1samt lemn\u00edsku og r\u00e6t\u00edsku. R\u00e1\u00f0ning textanna hefur veri\u00f0 verkefni fr\u00e6\u00f0imanna fr\u00e1 19. \u00f6ld og er enn \u00f3leyst.<\/p><p>Eina \u00f6rugga s\u00f6nnunargagni\u00f0 fyrir Tuchulcha, \u00e1letrunin \u00e1 Tomba dell&#8217;Orco II, er skr\u00e1\u00f0 \u00ed Editio Minor Helmuts Rix, grunnsafni \u00e1letrana \u00ed etr\u00faska tungum\u00e1lakorpusnum. \u00cd dag er \u00fea\u00f0 stutt af Thesaurus Linguae Etruscae og netgagnagrunninum ETP (Etruscan Texts Project).<\/p><p>Tuchulcha telst vera \u00e6ttu\u00f0 etr\u00fask vera \u00e1n erlendrar fyrirmyndar, en uppruni Etr\u00fara sj\u00e1lfra er enn umdeildur: Her\u00f3d\u00f3tos rakti \u00fe\u00e1 til Lyd\u00edu, D\u00ed\u00f3n\u00fds\u00edos fr\u00e1 Halikarnassos til \u00cdtal\u00edu. Tr\u00faarbrag\u00f0afr\u00e6\u00f0ilega er \u00feessi spurning mikilv\u00e6g, \u00fev\u00ed h\u00fan var\u00f0ar m\u00f6gulegar tengingar vi\u00f0 sm\u00e1as\u00edska s\u00e9rtr\u00faars\u00f6fnu\u00f0i.<\/p><p>\u00dear sem nafn Tuchulcha er tungum\u00e1lalega einangra\u00f0 er n\u00e1i\u00f0 samstarf tungum\u00e1la- og \u00e1letranaranns\u00f3kna s\u00e9rstaklega mikilv\u00e6gt h\u00e9r. Stafr\u00e6n \u00fatg\u00e1fa etr\u00faskra texta \u00ed ETP (Etruscan Texts Project) einfaldar samanbur\u00f0arranns\u00f3knir til muna, og Marie-Laurence Haack og Vincent Jolivet hafa lagt fram frumkv\u00f6\u00f0laverk \u00ed \u00feeim efnum.<\/p>\t\t\t\t\t\t\t\t<\/div>\n\t\t\t\t<\/div>\n\t\t\t\t\t<\/div>\n\t\t\t\t<\/div>\n\t\t<div class=\"elementor-element elementor-element-iwgw-tuchulcha-s2 e-flex e-con-boxed e-con e-parent\" data-id=\"iwgw-tuchulcha-s2\" data-element_type=\"container\" data-e-type=\"container\">\n\t\t\t\t\t<div class=\"e-con-inner\">\n\t\t\t\t<div class=\"elementor-element elementor-element-iwgw-tuchulcha-s2h elementor-widget elementor-widget-heading\" data-id=\"iwgw-tuchulcha-s2h\" data-element_type=\"widget\" data-e-type=\"widget\" data-widget_type=\"heading.default\">\n\t\t\t\t\t<h2 class=\"elementor-heading-title elementor-size-default\">L\u00fdsing og myndlist<\/h2>\t\t\t\t<\/div>\n\t\t<div class=\"elementor-element elementor-element-iwgw-tuchulcha-s2c e-con-full e-flex e-con e-child\" data-id=\"iwgw-tuchulcha-s2c\" data-element_type=\"container\" data-e-type=\"container\">\n\t\t\t\t<div class=\"elementor-element elementor-element-iwgw-tuchulcha-s2t elementor-widget elementor-widget-text-editor\" data-id=\"iwgw-tuchulcha-s2t\" data-element_type=\"widget\" data-e-type=\"widget\" data-widget_type=\"text-editor.default\">\n\t\t\t\t\t\t\t\t\t<p>Tuchulcha er s\u00fdnd \u00e1 skelfilegan h\u00e1tt \u00ed Tomba dell&#8217;Orco II: karlkyns, me\u00f0 gammsgogg e\u00f0a kr\u00f3kbogi\u00f0 nef, asnaeyru, gulgr\u00e1a h\u00fa\u00f0 og sn\u00e1ka \u00ed sta\u00f0 h\u00e1rs. Hann heldur \u00e1 sn\u00e1ki \u00ed hendinni og h\u00f3tar hinum f\u00f6ngnu hetjum. \u00deessi <span class=\"iwg-fachbegriff\" data-tooltip=\"Fr\u00e6\u00f0i um myndefni og merkingu \u00feess.\" tabindex=\"0\">helgimyndafr\u00e6\u00f0i<\/span> er tr\u00faarfyrirb\u00e6rafr\u00e6\u00f0ilega mj\u00f6g \u00f3gnvekjandi og telst til \u00e1hrifamestu myndverka \u00ed etr\u00faskri grafarlist.<\/p><p>Stephan Steingr\u00e4ber hefur \u00ed <em>Etruscan Painting<\/em> greint helgimyndafr\u00e6\u00f0ilega merkingu \u00feessarar myndar. Bl\u00f6ndun d\u00fdra- og mannseinkenna gerir Tuchulcha a\u00f0 <span class=\"iwg-fachbegriff\" data-tooltip=\"Andlegt vera sem talin er hafa ska\u00f0leg e\u00f0a tv\u00edbent \u00e1hrif.\" tabindex=\"0\">p\u00faka<\/span> af &#8216;bl\u00f6ndu\u00f0u e\u00f0li&#8217; &#8211; \u00fatbreiddri tr\u00faarfyrirb\u00e6rafr\u00e6\u00f0ilegri ger\u00f0.<\/p><p>Tuchulcha er n\u00e1nast alfari\u00f0 \u00feekkt af einu myndverki, sem undirstrikar mikilv\u00e6gi etr\u00faskrar myndlistar: speglar, vasar, grafm\u00e1lverk og bronsgripir eru helstu uppsprettur vitneskju okkar. Larissa Bonfante hefur meti\u00f0 \u00feessa myndhef\u00f0 sem sj\u00e1lfst\u00e6\u00f0a, ekki einungis afleidda, hef\u00f0.<\/p><p>Tuchulcha er einmitt \u00feekkt gegnum etr\u00faska grafm\u00e1lverki\u00f0, sem \u00ed Tarquinia, Cerveteri og Vulci er fyrsta flokks uppspretta um etr\u00faska tr\u00fa og eftird\u00f3mafr\u00e6\u00f0i. Veislu-, dans- og t\u00f3nlistarsenur \u00feess, auk go\u00f0sagnalegra atri\u00f0a, s\u00fdna framhaldsl\u00edf sem \u00e1framhald af l\u00edfinu.<\/p><p>Tuchulcha er \u00e1 Tomba dell&#8217;Orco II hluti af fj\u00f6lmynda\u00f0ri samsetningu me\u00f0 \u00deeseifi og Peir\u00ed\u00fe\u00f3osi og s\u00fdnir \u00feannig \u00e1str\u00ed\u00f0u etr\u00faskrar <span class=\"iwg-fachbegriff\" data-tooltip=\"Fr\u00e6\u00f0i um myndefni og merkingu \u00feess.\" tabindex=\"0\">helgimyndafr\u00e6\u00f0i<\/span> fyrir fr\u00e1sagnartengsl og t\u00e1knr\u00e6na \u00fe\u00e9ttingu. \u00deetta myndm\u00e1l er efni etr\u00faskrar tr\u00faarlegrar helgimyndafr\u00e6\u00f0i.<\/p><p>Tomba dell&#8217;Orco II s\u00fdnir Tuchulcha innfellda \u00ed marg\u00fe\u00e6tta senu og t\u00e1knar \u00fear me\u00f0 fr\u00e1sagnarlega \u00fe\u00e9ttingu etr\u00faskrar myndlistar, \u00fear sem spegill e\u00f0a vasi getur birt fj\u00f6lda go\u00f0sagnalegra tengsla samt\u00edmis. \u00deessi \u00fe\u00e9ttleiki krefst vanda\u00f0rar samhengisgreiningar.<\/p>\t\t\t\t\t\t\t\t<\/div>\n\t\t\t\t<\/div>\n\t\t\t\t\t<\/div>\n\t\t\t\t<\/div>\n\t\t<div class=\"elementor-element elementor-element-iwgw-tuchulcha-s3 e-flex e-con-boxed e-con e-parent\" data-id=\"iwgw-tuchulcha-s3\" data-element_type=\"container\" data-e-type=\"container\">\n\t\t\t\t\t<div class=\"e-con-inner\">\n\t\t\t\t<div class=\"elementor-element elementor-element-iwgw-tuchulcha-s3h elementor-widget elementor-widget-heading\" data-id=\"iwgw-tuchulcha-s3h\" data-element_type=\"widget\" data-e-type=\"widget\" data-widget_type=\"heading.default\">\n\t\t\t\t\t<h2 class=\"elementor-heading-title elementor-size-default\">Tuchulcha \u00ed etr\u00faskri eftird\u00f3mafr\u00e6\u00f0i<\/h2>\t\t\t\t<\/div>\n\t\t<div class=\"elementor-element elementor-element-iwgw-tuchulcha-s3c e-con-full e-flex e-con e-child\" data-id=\"iwgw-tuchulcha-s3c\" data-element_type=\"container\" data-e-type=\"container\">\n\t\t\t\t<div class=\"elementor-element elementor-element-iwgw-tuchulcha-s3t elementor-widget elementor-widget-text-editor\" data-id=\"iwgw-tuchulcha-s3t\" data-element_type=\"widget\" data-e-type=\"widget\" data-widget_type=\"text-editor.default\">\n\t\t\t\t\t\t\t\t\t<p>Tuchulcha er hluti af etr\u00faskri s\u00fdn \u00e1 undirheiminn sem fl\u00f3ki\u00f0 byggt sv\u00e6\u00f0i me\u00f0 mismunandi hlutverkum p\u00faka. Me\u00f0an Charun og Vanth fylgja hinum d\u00e1nu, vir\u00f0ist Tuchulcha hafa h\u00f6r\u00f0u, aga-legu hlutverki: hann h\u00f3tar \u00feeim sem eru fangar \u00ed undirheiminum og s\u00e9r til \u00feess a\u00f0 \u00feeir kvelist.<\/p><p>\u00deessi hlutverkaskipting er v\u00edsindalega athyglisver\u00f0. H\u00fan s\u00fdnir a\u00f0 etr\u00faski undirheimurinn er sv\u00e6\u00f0i me\u00f0 sk\u00fdrri hlutverkaskiptingu, ekki \u00f3marka\u00f0a skuggasv\u00e6\u00f0i.<\/p><p>Um Tuchulcha er engin fr\u00e1sagnarleg <span class=\"iwg-fachbegriff\" data-tooltip=\"Mi\u00f0lun \u00feekkingar og sagna milli kynsl\u00f3\u00f0a.\" tabindex=\"0\">arfleif\u00f0<\/span> til, sem er engin s\u00e9rst\u00f6k undantekning: etr\u00fask <span class=\"iwg-fachbegriff\" data-tooltip=\"Heild go\u00f0sagna sem var\u00f0veist hafa \u00ed tiltekinni menningu.\" tabindex=\"0\">go\u00f0afr\u00e6\u00f0i<\/span> er yfirleitt ekki var\u00f0veitt \u00ed full\u00fer\u00f3u\u00f0um fr\u00e1sagnartextum eins og hin gr\u00edska e\u00f0a r\u00f3mverska. H\u00fan er endurger\u00f0 \u00far myndr\u00e6num uppsprettum, \u00e1letrunum og gr\u00edsk-r\u00f3mverskri aukaheimild, sem krefst fr\u00e6\u00f0ilegrar vark\u00e1rni.<\/p><p>Tuchulcha kemur fram \u00ed senu me\u00f0 gr\u00edsku hetjunum \u00deeseifi og Peir\u00ed\u00fe\u00f3osi og varpar \u00feannig lj\u00f3si \u00e1 fl\u00f3ki\u00f0 samband \u00feessara tveggja go\u00f0afr\u00e6\u00f0a. Etr\u00faskar t\u00f3ku upp m\u00f6rg gr\u00edsk efni um Akkillevs, \u00d3dysseif e\u00f0a \u00d6dipus, en g\u00e1fu \u00feeim s\u00edna eigin merkingu. \u00deessi a\u00f0l\u00f6gun er efni \u00edtarlegra ranns\u00f3kna.<\/p><p>Tuchulcha er hluti af \u00fe\u00e9ttu neti undirheimavera og fellur \u00feannig inn \u00ed grunnreglu etr\u00faskrar <span class=\"iwg-fachbegriff\" data-tooltip=\"V\u00edsindaleg fr\u00e6\u00f0i um gu\u00f0 og tr\u00fa tiltekinnar tr\u00faarbrag\u00f0a.\" tabindex=\"0\">gu\u00f0fr\u00e6\u00f0i<\/span>, gu\u00f0ar\u00e1\u00f0i\u00f0 (consensus deorum). Einnig Tinia r\u00e1\u00f0gast vi\u00f0 a\u00f0ra gu\u00f0i, \u00ed sta\u00f0 \u00feess a\u00f0 athafna sig einn. \u00deetta hugtak telst tr\u00faarfyrirb\u00e6rafr\u00e6\u00f0ilega s\u00e9rstakt.<\/p><p>\u00c1s\u00fdnd Tuchulcha er a\u00f0eins skilgreind me\u00f0 einu myndverki me\u00f0 \u00e1letrun, \u00fev\u00ed go\u00f0sagnahef\u00f0 etr\u00faska er ekki til \u00ed samfelldum fr\u00e1s\u00f6gnum. H\u00fan er \u00feess \u00ed sta\u00f0 endurger\u00f0 \u00far myndsenum, \u00e1letrunum og aukaheimildum. Reynst hefur vel a\u00f0 tengja etr\u00faska \u00e1letrun, gr\u00edska myndfyrirmynd og samhengisbundinn lestur.<\/p>\t\t\t\t\t\t\t\t<\/div>\n\t\t\t\t<\/div>\n\t\t\t\t\t<\/div>\n\t\t\t\t<\/div>\n\t\t<div class=\"elementor-element elementor-element-iwgw-tuchulcha-s4 e-flex e-con-boxed e-con e-parent\" data-id=\"iwgw-tuchulcha-s4\" data-element_type=\"container\" data-e-type=\"container\">\n\t\t\t\t\t<div class=\"e-con-inner\">\n\t\t\t\t<div class=\"elementor-element elementor-element-iwgw-tuchulcha-s4h elementor-widget elementor-widget-heading\" data-id=\"iwgw-tuchulcha-s4h\" data-element_type=\"widget\" data-e-type=\"widget\" data-widget_type=\"heading.default\">\n\t\t\t\t\t<h2 class=\"elementor-heading-title elementor-size-default\">Go\u00f0sagnakenndar fr\u00e1sagnir<\/h2>\t\t\t\t<\/div>\n\t\t<div class=\"elementor-element elementor-element-iwgw-tuchulcha-s4c e-con-full e-flex e-con e-child\" data-id=\"iwgw-tuchulcha-s4c\" data-element_type=\"container\" data-e-type=\"container\">\n\t\t\t\t<div class=\"elementor-element elementor-element-iwgw-tuchulcha-s4t elementor-widget elementor-widget-text-editor\" data-id=\"iwgw-tuchulcha-s4t\" data-element_type=\"widget\" data-e-type=\"widget\" data-widget_type=\"text-editor.default\">\n\t\t\t\t\t\t\t\t\t<p>Mikilv\u00e6gasta fr\u00e1s\u00f6gnin um Tuchulcha er fundur hans vi\u00f0 \u00deeseif og Peir\u00ed\u00fe\u00f3os \u00ed Tomba dell&#8217;Orco II. Gr\u00edska <span class=\"iwg-fachbegriff\" data-tooltip=\"Heild go\u00f0sagna sem var\u00f0veist hafa \u00ed tiltekinni menningu.\" tabindex=\"0\">go\u00f0afr\u00e6\u00f0i<\/span> kannast vi\u00f0 s\u00f6gnina um hvernig \u00deeseifur og Peir\u00ed\u00fe\u00f3os stigu ni\u00f0ur \u00ed undirheiminn til a\u00f0 r\u00e6na Persef\u00f3nu og voru \u00fear fanga\u00f0ir.<\/p><p>Etr\u00faska a\u00f0l\u00f6gunin b\u00e6tir Tuchulcha vi\u00f0 sem har\u00f0an <span class=\"iwg-fachbegriff\" data-tooltip=\"Andlegt vera sem talin er hafa ska\u00f0leg e\u00f0a tv\u00edbent \u00e1hrif.\" tabindex=\"0\">p\u00faka<\/span> &#8211; \u00fe\u00e1ttur sem er ekki sta\u00f0festur \u00e1 sama h\u00e1tt \u00ed gr\u00edskri hef\u00f0.<\/p><p>\u00deessi a\u00f0l\u00f6gun s\u00fdnir sk\u00f6punarg\u00e1fu Etr\u00faska \u00ed me\u00f0fer\u00f0 gr\u00edskra go\u00f0sagna. \u00deeir b\u00e6ta vi\u00f0 eigin pers\u00f3num sem styrkja mynd undirheimsins.<\/p><p>Kjarni etr\u00faskrar tr\u00faar var Disciplina Etrusca, sp\u00e1d\u00f3mskerfi\u00f0 byggt \u00e1 innyflasko\u00f0un (haruspicina), eldingar\u00e1\u00f0gun (fulguratio) og fuglasp\u00e1 (auspicia). \u00dea\u00f0 var flutt fr\u00e1 Etr\u00faskum til R\u00f3mverja og var \u00ed notkun fram \u00e1 4. \u00f6ld e.Kr.; Cicero og Seneca l\u00fdstu \u00fev\u00ed \u00edtarlega.<\/p><p>\u00cd s\u00e9rh\u00e6f\u00f0um prestask\u00f3lum var Disciplina Etrusca kennd \u00e1fram; h\u00f6fu\u00f0rit hennar voru Libri Rituales, Libri Haruspicini og Libri Fulgurales. \u00deau eru ekki var\u00f0veitt, en tilvitnanir hj\u00e1 Cicero, Festus og Macrobius gera hluta endurger\u00f0ar m\u00f6gulega.<\/p><p>Etr\u00faski <span class=\"iwg-fachbegriff\" data-tooltip=\"Heild tr\u00faarlegra tilbei\u00f0sluathafna fyrir gu\u00f0 e\u00f0a heilaga veru.\" tabindex=\"0\">d\u00fdrkun<\/span> var mj\u00f6g bundin borgum. Tarquinia, \u00fear sem Tuchulcha er var\u00f0veitt \u00ed Tomba dell&#8217;Orco II, haf\u00f0i eigin h\u00f6fu\u00f0d\u00fdrkun og tr\u00faarleg s\u00e9rkenni, sem og Caere, Vulci, Veji, Clusium, Volsinii, Cortona, Perugia, Arezzo, Volterra, Populonia og Roselle.<\/p><p>Sem samfellt tr\u00faarlega-sp\u00e1d\u00f3mslegt kerfi telst Disciplina Etrusca me\u00f0al h\u00e1\u00fer\u00f3a\u00f0ra sp\u00e1d\u00f3msathafna hins forna heims. R\u00f3mverjar t\u00f3ku hana upp \u00e1 kerfisbundinn h\u00e1tt og h\u00fan var \u00ed notkun fram \u00e1 s\u00ed\u00f0forn\u00f6ld <span class=\"iwg-fachbegriff\" data-tooltip=\"T\u00edmabil gr\u00edskrar og r\u00f3mverskrar menningar, um 800 f.Kr. til 600 e.Kr.\" tabindex=\"0\">forn\u00f6ld<\/span>, s\u00f6gulega athyglisver\u00f0 samfella.<\/p>\t\t\t\t\t\t\t\t<\/div>\n\t\t\t\t<\/div>\n\t\t\t\t\t<\/div>\n\t\t\t\t<\/div>\n\t\t<div class=\"elementor-element elementor-element-iwgw-tuchulcha-s5 e-flex e-con-boxed e-con e-parent\" data-id=\"iwgw-tuchulcha-s5\" data-element_type=\"container\" data-e-type=\"container\">\n\t\t\t\t\t<div class=\"e-con-inner\">\n\t\t\t\t<div class=\"elementor-element elementor-element-iwgw-tuchulcha-s5h elementor-widget elementor-widget-heading\" data-id=\"iwgw-tuchulcha-s5h\" data-element_type=\"widget\" data-e-type=\"widget\" data-widget_type=\"heading.default\">\n\t\t\t\t\t<h2 class=\"elementor-heading-title elementor-size-default\">Kult og athafnir<\/h2>\t\t\t\t<\/div>\n\t\t<div class=\"elementor-element elementor-element-iwgw-tuchulcha-s5c e-con-full e-flex e-con e-child\" data-id=\"iwgw-tuchulcha-s5c\" data-element_type=\"container\" data-e-type=\"container\">\n\t\t\t\t<div class=\"elementor-element elementor-element-iwgw-tuchulcha-s5t elementor-widget elementor-widget-text-editor\" data-id=\"iwgw-tuchulcha-s5t\" data-element_type=\"widget\" data-e-type=\"widget\" data-widget_type=\"text-editor.default\">\n\t\t\t\t\t\t\t\t\t<p>Tuchulcha var ekki &#8217;tilbe\u00f0inn&#8217; \u00ed sama skilningi og hinir olymp\u00edsku gu\u00f0ir. Mynd hans \u00fej\u00f3na\u00f0i fyrst og fremst \u00feeim tilgangi a\u00f0 gera skelfingu undirheimanna lj\u00f3slifandi, \u00ed samr\u00e6mi vi\u00f0 p\u00fd\u00feag\u00f3r\u00edska og etr\u00faska kenningu um framl\u00edfi\u00f0.<\/p><p>Tr\u00faarleg uppeldisfr\u00e6\u00f0ileg virkni sl\u00edkra skelfingarmynda er v\u00edsindalega \u00e1hugaver\u00f0. H\u00fan \u00fej\u00f3na\u00f0i m\u00f6gulega \u00fev\u00ed a\u00f0 efla si\u00f0fer\u00f0ilega heg\u00f0un \u00ed \u00feessu l\u00edfi: s\u00e1 sem gerir illt, \u00f3ttast refsingu Tuchulcha \u00ed framl\u00edfinu.<\/p><p>Etr\u00fasku <span class=\"iwg-fachbegriff\" data-tooltip=\"Bygging sem er helgu\u00f0 tilbei\u00f0slu einnar e\u00f0a fleiri gu\u00f0vera.\" tabindex=\"0\">hofin<\/span> s\u00fdna s\u00e9rst\u00f6k byggingareinkenni: Tuscanus-st\u00edllinn myndar eigin s\u00falnaskipan sem Vitr\u00fav\u00edus l\u00fdsir \u00ed De Architectura. Grunnform \u00feeirra leggja \u00e1herslu \u00e1 cella-h\u00f3lfi\u00f0 og brei\u00f0a framanver\u00f0a forsal og skera sig \u00fear me\u00f0 greinilega fr\u00e1 gr\u00edskum fyrirmyndum.<\/p><p>Etr\u00fasku <span class=\"iwg-fachbegriff\" data-tooltip=\"Bygging sem er helgu\u00f0 tilbei\u00f0slu einnar e\u00f0a fleiri gu\u00f0vera.\" tabindex=\"0\">hofin<\/span> voru oft mikil mannvirki. Iuppiter-<span class=\"iwg-fachbegriff\" data-tooltip=\"Bygging sem er helgu\u00f0 tilbei\u00f0slu einnar e\u00f0a fleiri gu\u00f0vera.\" tabindex=\"0\">hofi\u00f0<\/span> \u00e1 Capitolium-h\u00e6\u00f0 \u00ed R\u00f3m var byggt af etr\u00faskum arkitektum og listam\u00f6nnum, s\u00e9rstaklega Vulca fr\u00e1 Veji, og er tali\u00f0 mikilv\u00e6gt byggingarlegt vitni um etr\u00faska tr\u00far\u00e6kni \u00ed frumr\u00f3m.<\/p><p>Etr\u00faska bandalag hinna t\u00f3lf borga kom \u00e1rlega saman \u00ed tr\u00faarlegri og p\u00f3lit\u00edskri samkundu vi\u00f0 Fanum Voltumnae n\u00e1l\u00e6gt Volsinii. Voltumna var bandalagsgu\u00f0 etr\u00faska r\u00edkjasambandsins og haf\u00f0i yfirgripsmikla tr\u00faarlega \u00fe\u00fd\u00f0ingu.<\/p><p>Etr\u00fasku <span class=\"iwg-fachbegriff\" data-tooltip=\"Bygging sem er helgu\u00f0 tilbei\u00f0slu einnar e\u00f0a fleiri gu\u00f0vera.\" tabindex=\"0\">hofin<\/span> st\u00f3\u00f0u oft \u00e1 grunnum \u00far tufsteini, b\u00e1ru timburuppbyggingar og terrakotta-skreytingar. Hin fr\u00e6ga Apollon-stytta fr\u00e1 Veji, verk Vulca, er talin helsta byggingarlega og tr\u00faarlega vitni\u00f0 um \u00feessa hef\u00f0.<\/p>\t\t\t\t\t\t\t\t<\/div>\n\t\t\t\t<\/div>\n\t\t\t\t\t<\/div>\n\t\t\t\t<\/div>\n\t\t<div class=\"elementor-element elementor-element-iwgw-tuchulcha-s6 e-flex e-con-boxed e-con e-parent\" data-id=\"iwgw-tuchulcha-s6\" data-element_type=\"container\" data-e-type=\"container\">\n\t\t\t\t\t<div class=\"e-con-inner\">\n\t\t\t\t<div class=\"elementor-element elementor-element-iwgw-tuchulcha-s6h elementor-widget elementor-widget-heading\" data-id=\"iwgw-tuchulcha-s6h\" data-element_type=\"widget\" data-e-type=\"widget\" data-widget_type=\"heading.default\">\n\t\t\t\t\t<h2 class=\"elementor-heading-title elementor-size-default\">Verndarhef\u00f0ir<\/h2>\t\t\t\t<\/div>\n\t\t<div class=\"elementor-element elementor-element-iwgw-tuchulcha-s6c e-con-full e-flex e-con e-child\" data-id=\"iwgw-tuchulcha-s6c\" data-element_type=\"container\" data-e-type=\"container\">\n\t\t\t\t<div class=\"elementor-element elementor-element-iwgw-tuchulcha-s6t elementor-widget elementor-widget-text-editor\" data-id=\"iwgw-tuchulcha-s6t\" data-element_type=\"widget\" data-e-type=\"widget\" data-widget_type=\"text-editor.default\">\n\t\t\t\t\t\t\t\t\t<p>Tuchulcha var frekar \u00fea\u00f0 sem menn v\u00f6r\u00f0u sig fyrir en vera sem menn \u00e1k\u00f6llu\u00f0u. Verndandi (ap\u00f3tr\u00f3pa\u00edsk) athafnir stefndu a\u00f0 \u00fev\u00ed a\u00f0 for\u00f0ast birtingu hans, b\u00e6\u00f0i \u00ed \u00feessu l\u00edfi og \u00ed framl\u00edfinu. S\u00e1 sem lif\u00f0i vel \u00feurfti ekki a\u00f0 \u00f3ttast hann.<\/p><p>\u00deessi &#8216;neikv\u00e6\u00f0a&#8217; virkni er d\u00e6miger\u00f0 fyrir dj\u00f6fla-f\u00edg\u00farur \u00fat fr\u00e1 tr\u00faarbrag\u00f0afyrirb\u00e6rafr\u00e6\u00f0ilegu sj\u00f3narhorni. \u00de\u00e6r hafa \u00e1hrif me\u00f0 \u00f3tta s\u00ednum, ekki me\u00f0 beinni <span class=\"iwg-fachbegriff\" data-tooltip=\"\u00dea\u00f0 a\u00f0 \u00e1kalla e\u00f0a \u00e1heita gu\u00f0veru e\u00f0a m\u00e1tt me\u00f0 b\u00e6n e\u00f0a form\u00e1la.\" tabindex=\"0\">\u00e1kalli<\/span>.<\/p><p><span data-nosnippet>Etr\u00fask verndarhef\u00f0 \u00feekkti m\u00f6rg ap\u00f3tr\u00f3pa\u00edsk me\u00f0ul: fallosarm\u00faletta, gorg\u00f3neion-myndir, augnat\u00e1kn, bullae og \u00e1kve\u00f0in form\u00e6lin. Larissa Bonfante hefur greint myndm\u00e1l \u00feeirra \u00ed Etruscan Mirrors (1980 o.\u00e1fr.).<\/span><\/p><p>\u00cd etr\u00faskri menningu voru ap\u00f3tr\u00f3pa\u00edsk t\u00e1kn eins og auga Tinia, fallosarm\u00falettur og gorg\u00f3neion algeng. \u00deau skreyttu <span class=\"iwg-fachbegriff\" data-tooltip=\"Bygging sem er helgu\u00f0 tilbei\u00f0slu einnar e\u00f0a fleiri gu\u00f0vera.\" tabindex=\"0\">hof<\/span>, grafh\u00fdsi, heimilishelgid\u00f3ma og pers\u00f3nulega hluti, og \u00feessi hef\u00f0 h\u00e9lt \u00e1fram \u00ed r\u00f3mverskri og mi\u00f0jar\u00f0arhafslegri \u00fej\u00f3\u00f0tr\u00fa.<\/p><p>\u00cd etr\u00fasku samhengi var verndarhef\u00f0in n\u00e1tengd Disciplina Etrusca. Fyrir hverja mikilv\u00e6ga framkv\u00e6md, hvort sem \u00fea\u00f0 var borgarstofnun, herfer\u00f0 e\u00f0a h\u00fasbygging, var leita\u00f0 r\u00e1\u00f0a me\u00f0 gu\u00f0sp\u00e1d\u00f3mi.<\/p>\t\t\t\t\t\t\t\t<\/div>\n\t\t\t\t<\/div>\n\t\t\t\t\t<\/div>\n\t\t\t\t<\/div>\n\t\t<div class=\"elementor-element elementor-element-iwgw-tuchulcha-s7 e-flex e-con-boxed e-con e-parent\" data-id=\"iwgw-tuchulcha-s7\" data-element_type=\"container\" data-e-type=\"container\">\n\t\t\t\t\t<div class=\"e-con-inner\">\n\t\t\t\t<div class=\"elementor-element elementor-element-iwgw-tuchulcha-s7h elementor-widget elementor-widget-heading\" data-id=\"iwgw-tuchulcha-s7h\" data-element_type=\"widget\" data-e-type=\"widget\" data-widget_type=\"heading.default\">\n\t\t\t\t\t<h2 class=\"elementor-heading-title elementor-size-default\">Hli\u00f0st\u00e6\u00f0ur \u00ed \u00f6\u00f0rum menningarheimum<\/h2>\t\t\t\t<\/div>\n\t\t<div class=\"elementor-element elementor-element-iwgw-tuchulcha-s7c e-con-full e-flex e-con e-child\" data-id=\"iwgw-tuchulcha-s7c\" data-element_type=\"container\" data-e-type=\"container\">\n\t\t\t\t<div class=\"elementor-element elementor-element-iwgw-tuchulcha-s7t elementor-widget elementor-widget-text-editor\" data-id=\"iwgw-tuchulcha-s7t\" data-element_type=\"widget\" data-e-type=\"widget\" data-widget_type=\"text-editor.default\">\n\t\t\t\t\t\t\t\t\t<p>Tuchulcha m\u00e1 bera saman \u00ed tr\u00faarbrag\u00f0asamanbur\u00f0i vi\u00f0 gr\u00edsku Erin\u00fdurnar (hefndargo\u00f0ynjurnar), germanska j\u00f6tna, kristna helv\u00edtisdj\u00f6fla og b\u00fadd\u00edska Naraka-var\u00f0menn. Hugmyndin um skelfilega hefndarverur undirheima er tr\u00faarbrag\u00f0afyrirb\u00e6rafr\u00e6\u00f0ilega alt\u00e6k.<\/p><p>S\u00e9rkenni Tuchulcha innan etr\u00faskrar hef\u00f0ar er hin sterka \u00edkon\u00f3graf\u00edska sam\u00fe\u00e6tting \u00fdmissa d\u00fdraeinkenna (gribbi, asni, sn\u00e1kur) \u00ed eina f\u00edg\u00faru. \u00deessi &#8216;blendingse\u00f0li&#8217; er tr\u00faarbrag\u00f0afyrirb\u00e6rafr\u00e6\u00f0ilega \u00e1hugaver\u00f0ur og s\u00fdnir sj\u00e1lfst\u00e6\u00f0i etr\u00faskrar myndlistar.<\/p><p>Me\u00f0 interpretatio Romana voru etr\u00faskir gu\u00f0ir kynntir undir r\u00f3mverskum n\u00f6fnum: Tinia var\u00f0 Iupiter, Uni var\u00f0 Iuno, Menrva var\u00f0 Minerva. \u00deessi samsv\u00f6run var a\u00f0 mestu \u00farval, ekki fullkomin, og ranns\u00f3knir s\u00ed\u00f0ustu fimmt\u00edu \u00e1ra draga fram hva\u00f0 h\u00e9lst \u00f3breytt af etr\u00fasku s\u00e9rkenni.<\/p><p>Etr\u00fask tr\u00faarbr\u00f6g\u00f0 tengjast v\u00ed\u00f0a anat\u00f3lskum, f\u00f6nik\u00edskum og austurlenskum hef\u00f0um. F\u00f6nik\u00edsk millili\u00f0ahlutverk er sta\u00f0fest me\u00f0 Pyrgi-t\u00f6flunum, og \u00feessi tengslamyndun yfir Mi\u00f0jar\u00f0arhafi\u00f0 er me\u00f0al mikilv\u00e6gra ranns\u00f3knarsvi\u00f0a s\u00ed\u00f0ustu \u00e1ratuga.<\/p><p>\u00cd tr\u00faarbrag\u00f0asamanbur\u00f0i m\u00e1 skipa etr\u00faskri <span class=\"iwg-fachbegriff\" data-tooltip=\"Heild tr\u00faarlegra tilbei\u00f0sluathafna fyrir gu\u00f0veru e\u00f0a heilaga f\u00edg\u00faru.\" tabindex=\"0\">d\u00fdrkun<\/span> \u00ed mi\u00f0jar\u00f0arhafslega tr\u00faarfj\u00f6lskyldu, me\u00f0 tengslum vi\u00f0 Grikkland, F\u00f6nik\u00edu, Egyptaland, Anat\u00f3l\u00edu og Lat\u00edum. \u00deessi tengslamyndun er mikilv\u00e6gt ranns\u00f3knarsvi\u00f0.<\/p>\t\t\t\t\t\t\t\t<\/div>\n\t\t\t\t<\/div>\n\t\t\t\t\t<\/div>\n\t\t\t\t<\/div>\n\t\t<div class=\"elementor-element elementor-element-iwgw-tuchulcha-s8 e-flex e-con-boxed e-con e-parent\" data-id=\"iwgw-tuchulcha-s8\" data-element_type=\"container\" data-e-type=\"container\">\n\t\t\t\t\t<div class=\"e-con-inner\">\n\t\t\t\t<div class=\"elementor-element elementor-element-iwgw-tuchulcha-s8h elementor-widget elementor-widget-heading\" data-id=\"iwgw-tuchulcha-s8h\" data-element_type=\"widget\" data-e-type=\"widget\" data-widget_type=\"heading.default\">\n\t\t\t\t\t<h2 class=\"elementor-heading-title elementor-size-default\">Ranns\u00f3knir n\u00fat\u00edmans<\/h2>\t\t\t\t<\/div>\n\t\t<div class=\"elementor-element elementor-element-iwgw-tuchulcha-s8c e-con-full e-flex e-con e-child\" data-id=\"iwgw-tuchulcha-s8c\" data-element_type=\"container\" data-e-type=\"container\">\n\t\t\t\t<div class=\"elementor-element elementor-element-iwgw-tuchulcha-s8t elementor-widget elementor-widget-text-editor\" data-id=\"iwgw-tuchulcha-s8t\" data-element_type=\"widget\" data-e-type=\"widget\" data-widget_type=\"text-editor.default\">\n\t\t\t\t\t\t\t\t\t<p>Tuchulcha-ranns\u00f3knir eru n\u00e1i\u00f0 tengdar ranns\u00f3knum \u00e1 Tomba dell&#8217;Orco II \u00ed Tarquinia. Stephan Steingr\u00e4ber, Marina Cipollone og Cornelia Weber-Lehmann hafa lagt fram mikilv\u00e6g framl\u00f6g.<\/p><p>Ranns\u00f3knir kanna tr\u00faarlegt uppeldisfr\u00e6\u00f0ilegt hlutverk sl\u00edkra skelfingarmynda og m\u00f6guleg tengsl \u00feeirra vi\u00f0 p\u00fd\u00feag\u00f3r\u00edska kenningu, sem haf\u00f0i mikil \u00e1hrif \u00e1 Su\u00f0ur-\u00cdtal\u00edu og \u00ed Etr\u00far\u00edu.<\/p><p>Etr\u00fask tr\u00faarbr\u00f6g\u00f0 eru \u00ed dag efni al\u00fej\u00f3\u00f0legra ranns\u00f3kna. Mikilv\u00e6gar ranns\u00f3knarmi\u00f0st\u00f6\u00f0var eru h\u00e1sk\u00f3larnir \u00ed Fl\u00f3rens, R\u00f3m Sapienza, P\u00edsa, T\u00fcbingen og Princeton, og \u00e1rlega eru haldnar nokkrar al\u00fej\u00f3\u00f0legar r\u00e1\u00f0stefnur um einstaka \u00fe\u00e6tti m\u00e1lefnisins.<\/p><p>Al\u00fej\u00f3\u00f0leg ranns\u00f3knarverkefni um etr\u00fask tr\u00faarbr\u00f6g\u00f0 nota n\u00fa stafr\u00e6nar a\u00f0fer\u00f0ir: 3D-skannanir af hofum og grafh\u00fdsum, gagnagrunna um \u00e1letranir og myndheimildir, auk landfr\u00e6\u00f0ilegra greininga (GIS) \u00e1 etr\u00faskri bygg\u00f0askipan. \u00deessar a\u00f0fer\u00f0ir opna n\u00fdjar lei\u00f0ir a\u00f0 \u00feekkingu.<\/p><p>N\u00faverandi etr\u00faskar ranns\u00f3knir eru mi\u00f0la\u00f0ar til almennings me\u00f0 s\u00fdningum \u00ed Vat\u00edkansafninu, Museo Nazionale Etrusco di Villa Giulia og Boston Museum of Fine Arts, auk fj\u00f6lmargra rita.<\/p>\t\t\t\t\t\t\t\t<\/div>\n\t\t\t\t<\/div>\n\t\t\t\t\t<\/div>\n\t\t\t\t<\/div>\n\t\t<div class=\"elementor-element elementor-element-iwgw-tuchulcha-s9 e-flex e-con-boxed e-con e-parent\" data-id=\"iwgw-tuchulcha-s9\" data-element_type=\"container\" data-e-type=\"container\">\n\t\t\t\t\t<div class=\"e-con-inner\">\n\t\t\t\t<div class=\"elementor-element elementor-element-iwgw-tuchulcha-s9h elementor-widget elementor-widget-heading\" data-id=\"iwgw-tuchulcha-s9h\" data-element_type=\"widget\" data-e-type=\"widget\" data-widget_type=\"heading.default\">\n\t\t\t\t\t<h2 class=\"elementor-heading-title elementor-size-default\">Heimildir og sta\u00f0a ranns\u00f3kna<\/h2>\t\t\t\t<\/div>\n\t\t<div class=\"elementor-element elementor-element-iwgw-tuchulcha-s9c e-con-full e-flex e-con e-child\" data-id=\"iwgw-tuchulcha-s9c\" data-element_type=\"container\" data-e-type=\"container\">\n\t\t\t\t<div class=\"elementor-element elementor-element-iwgw-tuchulcha-s9t elementor-widget elementor-widget-text-editor\" data-id=\"iwgw-tuchulcha-s9t\" data-element_type=\"widget\" data-e-type=\"widget\" data-widget_type=\"text-editor.default\">\n\t\t\t\t\t\t\t\t\t<p>Mikilv\u00e6gasta heimildin um Tuchulcha er Tomba dell&#8217;Orco II \u00ed Tarquinia. Auk \u00feess m\u00e1 hugsanlega t\u00falka a\u00f0rar dj\u00f6flamyndir \u00ed etr\u00faskum gr\u00f6fum sem \u00e6ttingja Tuchulcha, \u00fe\u00f3 \u00e1n \u00f6ruggrar \u00e1letrunar.<\/p><p>\u00cdtarlegri greining \u00e1 <a href=\"https:\/\/iwell-guard.com\/is\/etruskisk-trubrogd-haruspex-disciplina\/\">tr\u00faars\u00f6gu Etr\u00fara<\/a> \u00ed heild s\u00fdnir hvernig skilja m\u00e1 Tuchulcha \u00ed tengslum vi\u00f0 Charun, Vanth, Aita og a\u00f0rar undirheimav\u00e6ttir. \u00deessi samtenging er v\u00edsindalega mikilv\u00e6g.<\/p><p>Heimildasta\u00f0an um tr\u00faarbr\u00f6g\u00f0 Etr\u00fara er margbrotin: r\u00fanafr\u00e6\u00f0ileg g\u00f6gn eins og Editio Minor Helmuts Rix, fornleifafundir, myndheimildir og fr\u00e6\u00f0irit. \u00deessi fj\u00f6lbreytni krefst \u00feverfaglegra a\u00f0fer\u00f0a, og \u00fev\u00ed tengir n\u00fdrri ranns\u00f3knarhef\u00f0 saman textafr\u00e6\u00f0i, <span class=\"iwg-fachbegriff\" data-tooltip=\"V\u00edsindi sem rannsaka fyrri menningarheima \u00fat fr\u00e1 efnislegum fundum.\" tabindex=\"0\">fornleifafr\u00e6\u00f0i<\/span>, <span class=\"iwg-fachbegriff\" data-tooltip=\"V\u00edsindin sem rannsaka tr\u00faarbr\u00f6g\u00f0 samanbur\u00f0arlega og \u00e1n tr\u00faartengsla.\" tabindex=\"0\">tr\u00faarbrag\u00f0afr\u00e6\u00f0i<\/span> og mannfr\u00e6\u00f0i me\u00f0 kerfisbundnum h\u00e6tti.<\/p><p>Heimildagagnr\u00fdni \u00e1 tr\u00faarbr\u00f6g\u00f0um Etr\u00fara krefst \u00feess a\u00f0 menn hafi jafn g\u00f3\u00f0 t\u00f6k \u00e1 eigin etr\u00faskum heimildum og \u00e1 gr\u00edsk-r\u00f3mverskri s\u00ed\u00f0ari heimild um \u00feau. \u00deetta tv\u00f6falda sj\u00f3narhorn er krefjandi en \u00f3missandi fyrir vi\u00f0unandi tr\u00faars\u00f6gulega endurger\u00f0.<\/p><p>Til a\u00f0 setja tr\u00faars\u00f6gu Etr\u00fara \u00ed \u00edtarlegra samhengi \u00fearf b\u00e6\u00f0i \u00feekkingu \u00e1 r\u00fanafr\u00e6\u00f0ilegum, fornleifafr\u00e6\u00f0ilegum og b\u00f3kmenntalegum heimildum og \u00e1 n\u00fat\u00edma <span class=\"iwg-fachbegriff\" data-tooltip=\"V\u00edsindin sem rannsaka tr\u00faarbr\u00f6g\u00f0 samanbur\u00f0arlega og \u00e1n tr\u00faartengsla.\" tabindex=\"0\">tr\u00faarbrag\u00f0afr\u00e6\u00f0i<\/span>. Sl\u00edk marg\u00fe\u00e6tt n\u00e1lgun telst til sta\u00f0als ranns\u00f3kna.<\/p>\t\t\t\t\t\t\t\t<\/div>\n\t\t\t\t<\/div>\n\t\t\t\t\t<\/div>\n\t\t\t\t<\/div>\n\t\t<div class=\"elementor-element elementor-element-cp2aa0c616 e-flex e-con-boxed e-con e-parent\" data-id=\"cp2aa0c616\" data-element_type=\"container\" data-e-type=\"container\">\n\t\t\t\t\t<div class=\"e-con-inner\">\n\t\t\t\t<div class=\"elementor-element elementor-element-cp222293c7 elementor-widget elementor-widget-heading\" data-id=\"cp222293c7\" data-element_type=\"widget\" data-e-type=\"widget\" data-widget_type=\"heading.default\">\n\t\t\t\t\t<h2 class=\"elementor-heading-title elementor-size-default\">Tomba dell'Orco og eina \u00f6rugga myndheimildin<\/h2>\t\t\t\t<\/div>\n\t\t<div class=\"elementor-element elementor-element-cp2c3e1775 e-flex e-con-boxed e-con e-child\" data-id=\"cp2c3e1775\" data-element_type=\"container\" data-e-type=\"container\">\n\t\t\t\t\t<div class=\"e-con-inner\">\n\t\t\t\t<div class=\"elementor-element elementor-element-cp217e0c2c elementor-widget elementor-widget-text-editor\" data-id=\"cp217e0c2c\" data-element_type=\"widget\" data-e-type=\"widget\" data-widget_type=\"text-editor.default\">\n\t\t\t\t\t\t\t\t\t<p>Tuchulcha er ein af dul\u00fa\u00f0ugustu v\u00e6ttum etr\u00faska undirheimsins, og \u00fea\u00f0 stafar fyrst og fremst af \u00f3venju veikum heimildagrunni. Eina myndheimildin sem sta\u00f0fest er me\u00f0 \u00e1letrun finnst \u00ed <em>Tomba dell&#8217;Orco II<\/em> \u00ed Tarquinia, grafhvelfingu fr\u00e1 4. \u00f6ld fyrir Krist.<\/p><p>\u00dear birtist Tuchulcha \u00ed atri\u00f0i sem s\u00fdnir gr\u00edska hetjuna \u00deeseif, \u00e1 etr\u00fasku <em>These<\/em>, \u00ed undirheimunum.<\/p><p>Veran hefur \u00f3venjulega blanda\u00f0a \u00e1s\u00fdnd: andlit me\u00f0 fuglsgogg e\u00f0a goggsl\u00edk einkenni, sp\u00edssu\u00f0 eyru e\u00f0a asnaeyrnal\u00edk \u00fatv\u00f6xt, villt h\u00e1r sem getur samansta\u00f0i\u00f0 af sn\u00e1kum, og heldur \u00e1 sn\u00e1kum \u00ed h\u00f6ndunum.<\/p><p>Kyn verunnar er umdeilt \u00ed fr\u00e6\u00f0unum, \u00fev\u00ed myndin getur sameina\u00f0 kvenleg og karlleg einkenni; margt bendir til a\u00f0 Tuchulcha hafi veri\u00f0 skilin sem kynfer\u00f0islega tv\u00edr\u00e6\u00f0 e\u00f0a millikynja vera.<\/p><p>\u00cd atri\u00f0inu vir\u00f0ist Tuchulcha \u00f3gna \u00deeseifi, sem er fangelsa\u00f0ur \u00ed undirheimunum \u00e1samt Peiri\u00feoosi, efni sem er \u00feekkt \u00far gr\u00edskri <span class=\"iwg-fachbegriff\" data-tooltip=\"Heildarsafn fr\u00e1sagna um gu\u00f0i sem var\u00f0veist hafa \u00ed tiltekinni menningu.\" tabindex=\"0\">go\u00f0afr\u00e6\u00f0i<\/span> og var teki\u00f0 upp af Etr\u00farum. V\u00edsindalega er sta\u00f0an afdr\u00e1ttarlaus: allt sem sagt ver\u00f0ur me\u00f0 vissu um \u00fatlit Tuchulcha byggist \u00e1 \u00feessari einu vegg\u00admynd. Engin b\u00f3kmenntaleg <span class=\"iwg-fachbegriff\" data-tooltip=\"Mi\u00f0lun \u00feekkingar og fr\u00e1sagna kynsl\u00f3\u00f0 fram af kynsl\u00f3\u00f0.\" tabindex=\"0\">arfleif\u00f0<\/span> er til, engin \u00f6nnur \u00f3tv\u00edr\u00e6tt \u00e1letru\u00f0 mynd og engin <span class=\"iwg-fachbegriff\" data-tooltip=\"Texti sem er ristur e\u00f0a h\u00f6ggvinn \u00ed varanlegan efnivi\u00f0.\" tabindex=\"0\">\u00e1letrun<\/span> sem g\u00e6fi frekari uppl\u00fdsingar en nafni\u00f0 sj\u00e1lft. Ranns\u00f3knir, me\u00f0al annars Stephan Steingr\u00e4ber \u00ed verkum s\u00ednum um etr\u00faska veggm\u00e1lun, fjalla um Tuchulcha \u00fev\u00ed sem d\u00e6migert tilfelli veru sem n\u00e6r a\u00f0eins er \u00feekkt \u00far einu fundarsamhengi.\t\t\t\t\t\t\t\t<\/div>\n\t\t\t\t\t<\/div>\n\t\t\t\t<\/div>\n\t\t\t\t\t<\/div>\n\t\t\t\t<\/div>\n\t\t<div class=\"elementor-element elementor-element-cp2115a5f3 e-flex e-con-boxed e-con e-parent\" data-id=\"cp2115a5f3\" data-element_type=\"container\" data-e-type=\"container\">\n\t\t\t\t\t<div class=\"e-con-inner\">\n\t\t\t\t<div class=\"elementor-element elementor-element-cp26fdf779 elementor-widget elementor-widget-heading\" data-id=\"cp26fdf779\" data-element_type=\"widget\" data-e-type=\"widget\" data-widget_type=\"heading.default\">\n\t\t\t\t\t<h2 class=\"elementor-heading-title elementor-size-default\">T\u00falkunartilraunir milli refsidj\u00f6fuls og var\u00f0ar<\/h2>\t\t\t\t<\/div>\n\t\t<div class=\"elementor-element elementor-element-cp27da4312 e-flex e-con-boxed e-con e-child\" data-id=\"cp27da4312\" data-element_type=\"container\" data-e-type=\"container\">\n\t\t\t\t\t<div class=\"e-con-inner\">\n\t\t\t\t<div class=\"elementor-element elementor-element-cp2caf9ce4 elementor-widget elementor-widget-text-editor\" data-id=\"cp2caf9ce4\" data-element_type=\"widget\" data-e-type=\"widget\" data-widget_type=\"text-editor.default\">\n\t\t\t\t\t\t\t\t\t<p>\u00dear sem <span class=\"iwg-fachbegriff\" data-tooltip=\"Mi\u00f0lun \u00feekkingar og fr\u00e1sagna kynsl\u00f3\u00f0 fram af kynsl\u00f3\u00f0.\" tabindex=\"0\">arfleif\u00f0in<\/span> er svo veik, byggist \u00f6ll einkennal\u00fdsing Tuchulcha \u00e1 t\u00falkun \u00feessarar einu var\u00f0veittu myndar og \u00e1 samanbur\u00f0i vi\u00f0 tengdar etr\u00faskar undirheimav\u00e6ttir.<\/p><p>N\u00e6rt\u00e6kasta t\u00falkunin s\u00e9r \u00ed Tuchulcha \u00f3gnvekjandi refsidj\u00f6ful e\u00f0a v\u00f6r\u00f0 undirheimanna, sem hr\u00e6\u00f0ir e\u00f0a kvelur hetjurnar \u00deeseif og Peiri\u00feoos \u00ed haldi. Sn\u00e1karnir \u00ed h\u00f6ndunum, goggl\u00edk einkennin og heildar\u00e1s\u00fdndin, sem er hr\u00e6\u00f0ileg, sty\u00f0ja \u00feessa lestur.<\/p><p>A\u00f0rir fr\u00e6\u00f0imenn hafa fremur skili\u00f0 Tuchulcha sem \u00fer\u00f6skuld- e\u00f0a var\u00f0veru sem st\u00fdrir a\u00f0gangi a\u00f0 tilteknum hlutum undirheimanna, \u00e1 svipa\u00f0an h\u00e1tt og <a href=\"https:\/\/iwell-guard.com\/is\/charun-etruskur-daudademon\/\">Charun<\/a> og <a href=\"https:\/\/iwell-guard.com\/is\/?page_id=168955\">Vanth<\/a>, en me\u00f0 mun \u00f3gnv\u00e6nlegri framkomu.<\/p><p>Bl\u00f6ndun d\u00fdraeinkenna, s\u00e9rstaklega fugla- og sn\u00e1ka\u00fe\u00e1tta, hefur leitt til samanbur\u00f0ar vi\u00f0 gr\u00edsku Erin\u00fdurnar og fur\u00eduhugmyndir, en sl\u00edkar samsvaranir ber a\u00f0 fara varlega me\u00f0, \u00fev\u00ed \u00fe\u00e6r \u00fer\u00f6ngva etr\u00fasku efni inn \u00ed gr\u00edskar kenningar.<\/p><p>Enn er umdeilt hvort Tuchulcha var einst\u00f6k vera me\u00f0 eiginnafn e\u00f0a heiti \u00e1 flokki dj\u00f6fla. \u00dear sem nafni\u00f0 er a\u00f0eins sta\u00f0fest \u00ed eitt skipti, ver\u00f0ur \u00feessu ekki svara\u00f0. V\u00edsindalega er Tuchulcha \u00feannig l\u00e6rd\u00f3msd\u00e6mi um takmarkanir endurger\u00f0ar: \u00e1hrifamikil, oft myndu\u00f0 vera \u00ed n\u00fat\u00edma etr\u00faskum b\u00f3kmenntum byggist \u00ed raun \u00e1 einni veggmynd sem er ekki fullkomlega sta\u00f0fest \u00ed sm\u00e1atri\u00f0um. Vanda\u00f0ar framsetningar, t.d. hj\u00e1 Nancy de Grummond, leggja \u00fev\u00ed s\u00e9rstaka \u00e1herslu \u00e1 hversu l\u00edti\u00f0 er \u00ed raun vita\u00f0 um \u00feessa veru, og standast \u00fe\u00e1 tilfinningu a\u00f0 fylla ey\u00f0urnar me\u00f0 hli\u00f0st\u00e6\u00f0um \u00far gr\u00edskri e\u00f0a r\u00f3mverskri undirheimago\u00f0afr\u00e6\u00f0i.\t\t\t\t\t\t\t\t<\/div>\n\t\t\t\t\t<\/div>\n\t\t\t\t<\/div>\n\t\t\t\t\t<\/div>\n\t\t\t\t<\/div>\n\t\t<div class=\"elementor-element elementor-element-iwgw-tuchulcha-lit e-flex e-con-boxed e-con e-parent\" data-id=\"iwgw-tuchulcha-lit\" data-element_type=\"container\" data-e-type=\"container\">\n\t\t\t\t\t<div class=\"e-con-inner\">\n\t\t\t\t<div class=\"elementor-element elementor-element-iwgw-tuchulcha-lith elementor-widget elementor-widget-heading\" data-id=\"iwgw-tuchulcha-lith\" data-element_type=\"widget\" data-e-type=\"widget\" data-widget_type=\"heading.default\">\n\t\t\t\t\t<h2 class=\"elementor-heading-title elementor-size-default\">Heimildir (\u00farval)<\/h2>\t\t\t\t<\/div>\n\t\t<div class=\"elementor-element elementor-element-iwgw-tuchulcha-litc e-con-full e-flex e-con e-child\" data-id=\"iwgw-tuchulcha-litc\" data-element_type=\"container\" data-e-type=\"container\">\n\t\t\t\t<div class=\"elementor-element elementor-element-iwgw-tuchulcha-litt elementor-widget elementor-widget-text-editor\" data-id=\"iwgw-tuchulcha-litt\" data-element_type=\"widget\" data-e-type=\"widget\" data-widget_type=\"text-editor.default\">\n\t\t\t\t\t\t\t\t\t<ul><li>Stephan Steingr\u00e4ber: <em>Etruscan Painting<\/em> (1986)<\/li><li>Larissa Bonfante: <em>Etruscan Mythology<\/em> (2006)<\/li><li>Jean-Rene Jannot: <em>Religion in Ancient Etruria<\/em> (2005)<\/li><li>Cornelia Weber-Lehmann: framl\u00f6g til etr\u00faskrar grafarlistar<\/li><li><span data-nosnippet>Nancy Thomson de Grummond: <em>Etruscan Myth, Sacred History, and Legend<\/em> (2006)<\/span><\/li><\/ul>\n<p class=\"iwg-bib-more\"><span data-nosnippet>Fleiri sta\u00f0alverk \u00ed <a href=\"https:\/\/iwell-guard.com\/is\/heimildaskra\/\">heimildaskr\u00e1nni<\/a>.<\/span><\/p>\t\t\t\t\t\t\t\t<\/div>\n\t\t\t\t<\/div>\n\t\t\t\t\t<\/div>\n\t\t\t\t<\/div>\n\t\t<div class=\"elementor-element elementor-element-iwgkw2-add-tuchulcha e-flex e-con-boxed e-con e-parent\" data-id=\"iwgkw2-add-tuchulcha\" data-element_type=\"container\" data-e-type=\"container\">\n\t\t\t\t\t<div class=\"e-con-inner\">\n\t\t\t\t<div class=\"elementor-element elementor-element-iwgkw2-add-tuchulcha-t elementor-widget elementor-widget-text-editor\" data-id=\"iwgkw2-add-tuchulcha-t\" data-element_type=\"widget\" data-e-type=\"widget\" data-widget_type=\"text-editor.default\">\n\t\t\t\t\t\t\t\t\t<p>\u00cd etr\u00faskri <em><span class=\"iwg-fachbegriff\" data-tooltip=\"Var\u00f0veitt fr\u00e1s\u00f6gn um gu\u00f0i, uppruna og skipulag heimsins.\" tabindex=\"0\">go\u00f0s\u00f6gn<\/span><\/em> birtist Tuchulcha sem \u00f3gnvekjandi undirheimavera me\u00f0 sn\u00e1kah\u00e1r og gammsgogg, var\u00f0veitt fyrst og fremst \u00ed veggm\u00e1lverkum Tomba dell&#8217;Orco \u00ed Tarquinia fr\u00e1 fj\u00f3r\u00f0u \u00f6ld fyrir Krist.<\/p>\t\t\t\t\t\t\t\t<\/div>\n\t\t\t\t\t<\/div>\n\t\t\t\t<\/div>\n\t\t<div class=\"elementor-element elementor-element-iwgw-tuchulcha-kwd e-flex e-con-boxed e-con e-parent\" data-id=\"iwgw-tuchulcha-kwd\" data-element_type=\"container\" data-e-type=\"container\">\n\t\t\t\t\t<div class=\"e-con-inner\">\n\t\t<div class=\"elementor-element elementor-element-iwgw-tuchulcha-kwdc e-con-full e-flex e-con e-child\" data-id=\"iwgw-tuchulcha-kwdc\" data-element_type=\"container\" data-e-type=\"container\">\n\t\t\t\t<div class=\"elementor-element elementor-element-iwgw-tuchulcha-kwdt elementor-widget elementor-widget-text-editor\" data-id=\"iwgw-tuchulcha-kwdt\" data-element_type=\"widget\" data-e-type=\"widget\" data-widget_type=\"text-editor.default\">\n\t\t\t\t\t\t\t\t\t<p><em>Tengd leitaror\u00f0: Tuchulcha Etr\u00farar undirheimadj\u00f6full sn\u00e1kah\u00e1r asnaeyru Tomba dell&#8217;Orco II \u00deeseifur.<\/em><\/p>\t\t\t\t\t\t\t\t<\/div>\n\t\t\t\t<\/div>\n\t\t\t\t\t<\/div>\n\t\t\t\t<\/div>\n\t\t<div class=\"elementor-element elementor-element-iwgw-tuchulcha-cc e-flex e-con-boxed e-con e-parent\" data-id=\"iwgw-tuchulcha-cc\" data-element_type=\"container\" data-e-type=\"container\" id=\"iwg-cc-tuchulcha\">\n\t\t\t\t\t<div class=\"e-con-inner\">\n\t\t<div class=\"elementor-element elementor-element-iwgw-tuchulcha-ccinner e-flex e-con-boxed e-con e-parent\" data-id=\"iwgw-tuchulcha-ccinner\" data-element_type=\"container\" data-e-type=\"container\" data-settings=\"{&quot;background_background&quot;:&quot;classic&quot;}\">\n\t\t\t\t\t<div class=\"e-con-inner\">\n\t\t\t\t<div class=\"elementor-element elementor-element-iwgw-tuchulcha-cch elementor-widget elementor-widget-heading\" data-id=\"iwgw-tuchulcha-cch\" data-element_type=\"widget\" data-e-type=\"widget\" data-widget_type=\"heading.default\">\n\t\t\t\t\t<h2 class=\"elementor-heading-title elementor-size-default\">iWell Guard og verndarhef\u00f0ir<\/h2>\t\t\t\t<\/div>\n\t\t\t\t<div class=\"elementor-element elementor-element-iwgw-tuchulcha-cct elementor-widget elementor-widget-text-editor\" data-id=\"iwgw-tuchulcha-cct\" data-element_type=\"widget\" data-e-type=\"widget\" data-widget_type=\"text-editor.default\">\n\t\t\t\t\t\t\t\t\t<div data-nosnippet=\"true\"><p>iWell Guard tengist menningars\u00f6gulegri hef\u00f0 farandhelgigripa, \u00ed hef\u00f0 <a href=\"https:\/\/iwell-guard.com\/is\/etruskisk-trubrogd-haruspex-disciplina\/\">Etr\u00faska<\/a> og margra annarra menningarheima um allan heim. 41 lag, alv\u00f6ru gull, plat\u00edna, silfur, framleitt \u00ed \u00de\u00fdskalandi. 30 daga skilar\u00e9ttur.<\/p><\/div>\t\t\t\t\t\t\t\t<\/div>\n\t\t\t\t<div class=\"elementor-element elementor-element-iwgw-tuchulcha-ccb iwg-cc-button iwg-cc-cta-2026-05-13 elementor-widget elementor-widget-jet-button\" data-id=\"iwgw-tuchulcha-ccb\" data-element_type=\"widget\" data-e-type=\"widget\" data-widget_type=\"jet-button.default\">\n\t\t\t\t<div class=\"elementor-widget-container\">\n\t\t\t\t\t<div class=\"elementor-jet-button jet-elements\"><div class=\"jet-button__container\"><a class=\"jet-button__instance jet-button__instance--icon-left hover-effect-1\" href=\"\/ueber-iwell-guard\/?utm_source=iwell-guard.com&amp;utm_medium=info-box&amp;utm_campaign=wesen-tradition\"><div class=\"jet-button__plane jet-button__plane-normal\"><\/div><div class=\"jet-button__plane jet-button__plane-hover\"><\/div><div class=\"jet-button__state jet-button__state-normal\"><span class=\"jet-button__label\">Meira um iWell Guard<\/span><\/div><div class=\"jet-button__state jet-button__state-hover\"><span class=\"jet-button__label\">Meira um iWell Guard<\/span><\/div><\/a><\/div><\/div><style>.elementor-element.elementor-element-iwgw-tuchulcha-ccb .jet-button__instance{width:320px;height:56px;}.elementor-element.elementor-element-iwgw-tuchulcha-ccb .jet-button__state-normal .jet-button__label{text-align:center;margin:0px 0px 0px 0px;color:#1a1b20;font-family:Montserrat,sans-serif;font-size:13px;font-weight:400;letter-spacing:4px;line-height:1.714em;text-transform:uppercase;}.elementor-element.elementor-element-iwgw-tuchulcha-ccb .jet-button__state-hover .jet-button__label{text-align:center;margin:0px 0px 0px 0px;color:#FECC76;font-family:Montserrat,sans-serif;font-size:13px;font-weight:400;letter-spacing:4px;line-height:1.714em;text-transform:uppercase;}.elementor-element.elementor-element-iwgw-tuchulcha-ccb .jet-button__plane-normal{background-color:#FECC76;border-style:solid;border-color:#C99540;border-width:2px 2px 2px 2px;}.elementor-element.elementor-element-iwgw-tuchulcha-ccb .jet-button__plane-hover{background-color:rgba(0,0,0,0.55);border-style:solid;border-color:#FECC76;border-width:2px 2px 2px 2px;}<\/style>\t\t\t\t<\/div>\n\t\t\t\t<\/div>\n\t\t\t\t<div class=\"elementor-element elementor-element-iwgw-tuchulcha-ccd elementor-widget elementor-widget-text-editor\" data-id=\"iwgw-tuchulcha-ccd\" data-element_type=\"widget\" data-e-type=\"widget\" data-widget_type=\"text-editor.default\">\n\t\t\t\t\t\t\t\t\t<div data-nosnippet=\"true\"><p style=\"text-align:center;font-size:13px;opacity:0.7;margin-top:14px\" data-nosnippet=\"true\">Pers\u00f3nuleg reynsla getur veri\u00f0 mismunandi. Ekki l\u00e6kningat\u00e6ki. Engin lofor\u00f0 um l\u00e6kningu.<\/p><\/div>\t\t\t\t\t\t\t\t<\/div>\n\t\t\t\t\t<\/div>\n\t\t\t\t<\/div>\n\t\t\t\t\t<\/div>\n\t\t\t\t<\/div>\n\t\t<div class=\"elementor-element elementor-element-iwgw-tuchulcha-disc e-flex e-con-boxed e-con e-parent\" data-id=\"iwgw-tuchulcha-disc\" data-element_type=\"container\" data-e-type=\"container\">\n\t\t\t\t\t<div class=\"e-con-inner\">\n\t\t\t\t<div class=\"elementor-element elementor-element-iwgw-tuchulcha-discw elementor-widget elementor-widget-html\" data-id=\"iwgw-tuchulcha-discw\" data-element_type=\"widget\" data-e-type=\"widget\" data-widget_type=\"html.default\">\n\t\t\t\t\t<footer data-nosnippet=\"true\" class=\"iwg-disclaimer-block\"><p data-nosnippet=\"true\">iWell Guard er <strong>ekki l\u00e6kningat\u00e6ki<\/strong> og kemur ekki \u00ed sta\u00f0inn fyrir l\u00e6knis- e\u00f0a s\u00e1lfr\u00e6\u00f0ime\u00f0fer\u00f0. Tr\u00faarfr\u00e6\u00f0ilegt efni er menningars\u00f6gulegt samhengi, ekki r\u00e1\u00f0legging um andlega i\u00f0kun.<\/p><\/footer>\t\t\t\t<\/div>\n\t\t\t\t\t<\/div>\n\t\t\t\t<\/div>\n\t\t\t\t<\/div>\n\t\t","protected":false},"excerpt":{"rendered":"","protected":false},"author":3,"featured_media":2813,"parent":0,"menu_order":0,"comment_status":"closed","ping_status":"closed","template":"elementor_header_footer","meta":{"_yoast_wpseo_focuskw":"Tuchulcha Etr\u00farar","_yoast_wpseo_title":"Tuchulcha - Etr\u00faskur dj\u00f6full, go\u00f0s\u00f6gn","_yoast_wpseo_metadesc":"Tuchulcha er \u00f3gnvekjandi etr\u00faskur undirheimadj\u00f6full me\u00f0 sl\u00f6nguh\u00e1r og asnaeyru. Tr\u00faarbrag\u00f0afr\u00e6\u00f0ileg \u00fattekt me\u00f0 tilv\u00edsunum.","_yoast_wpseo_meta-robots-noindex":"","_yoast_wpseo_canonical":"","_angie_page":false,"gefaehrdungsstufe":"3","wesen_kultur":"etruskisch","wesen_klasse":"geister","footnotes":""},"categories":[],"class_list":["post-168958","page","type-page","status-publish","has-post-thumbnail","hentry"],"yoast_head":"<!-- This site is optimized with the Yoast SEO Premium plugin v27.7 (Yoast SEO v28.3) - https:\/\/yoast.com\/product\/yoast-seo-premium-wordpress\/ -->\n<title>Tuchulcha - Etr\u00faskur dj\u00f6full, go\u00f0s\u00f6gn<\/title>\n<meta name=\"description\" content=\"Tuchulcha er \u00f3gnvekjandi etr\u00faskur undirheimadj\u00f6full me\u00f0 sl\u00f6nguh\u00e1r og asnaeyru. Tr\u00faarbrag\u00f0afr\u00e6\u00f0ileg \u00fattekt me\u00f0 tilv\u00edsunum.\" \/>\n<meta name=\"robots\" content=\"index, follow, max-snippet:-1, max-image-preview:large, max-video-preview:-1\" \/>\n<link rel=\"canonical\" href=\"https:\/\/iwell-guard.com\/is\/tuchulcha-etruskur-undirheimadjofull\/\" \/>\n<meta property=\"og:locale\" content=\"is_IS\" \/>\n<meta property=\"og:type\" content=\"article\" \/>\n<meta property=\"og:title\" content=\"Tuchulcha - Etr\u00faskur undirheimadj\u00f6full\" \/>\n<meta property=\"og:description\" content=\"Tuchulcha er \u00f3gnvekjandi etr\u00faskur undirheimadj\u00f6full me\u00f0 sl\u00f6nguh\u00e1r og asnaeyru. Tr\u00faarbrag\u00f0afr\u00e6\u00f0ileg \u00fattekt me\u00f0 tilv\u00edsunum.\" \/>\n<meta property=\"og:url\" content=\"https:\/\/iwell-guard.com\/is\/tuchulcha-etruskur-undirheimadjofull\/\" \/>\n<meta property=\"og:site_name\" content=\"iWell Guard\" \/>\n<meta property=\"article:modified_time\" content=\"2026-09-05T14:26:57+00:00\" \/>\n<meta property=\"og:image\" content=\"https:\/\/iwell-guard.com\/wp-content\/uploads\/2026\/05\/daemonen_etruskisch_tuchulcha.webp\" \/>\n\t<meta property=\"og:image:width\" content=\"1024\" \/>\n\t<meta property=\"og:image:height\" content=\"1536\" \/>\n\t<meta property=\"og:image:type\" content=\"image\/webp\" \/>\n<meta name=\"twitter:card\" content=\"summary_large_image\" \/>\n<script type=\"application\/ld+json\" class=\"yoast-schema-graph\">{\"@context\":\"https:\\\/\\\/schema.org\",\"@graph\":[{\"@type\":\"WebPage\",\"@id\":\"https:\\\/\\\/iwell-guard.com\\\/is\\\/tuchulcha-etruskur-undirheimadjofull\\\/\",\"url\":\"https:\\\/\\\/iwell-guard.com\\\/is\\\/tuchulcha-etruskur-undirheimadjofull\\\/\",\"name\":\"Tuchulcha - Etr\u00faskur dj\u00f6full, go\u00f0s\u00f6gn\",\"isPartOf\":{\"@id\":\"https:\\\/\\\/iwell-guard.com\\\/is\\\/#website\"},\"primaryImageOfPage\":{\"@id\":\"https:\\\/\\\/iwell-guard.com\\\/is\\\/tuchulcha-etruskur-undirheimadjofull\\\/#primaryimage\"},\"image\":{\"@id\":\"https:\\\/\\\/iwell-guard.com\\\/is\\\/tuchulcha-etruskur-undirheimadjofull\\\/#primaryimage\"},\"thumbnailUrl\":\"https:\\\/\\\/iwell-guard.com\\\/wp-content\\\/uploads\\\/2026\\\/05\\\/daemonen_etruskisch_tuchulcha.webp\",\"datePublished\":\"2026-09-05T14:04:22+00:00\",\"dateModified\":\"2026-09-05T14:26:57+00:00\",\"description\":\"Tuchulcha er \u00f3gnvekjandi etr\u00faskur undirheimadj\u00f6full me\u00f0 sl\u00f6nguh\u00e1r og asnaeyru. Tr\u00faarbrag\u00f0afr\u00e6\u00f0ileg \u00fattekt me\u00f0 tilv\u00edsunum.\",\"breadcrumb\":{\"@id\":\"https:\\\/\\\/iwell-guard.com\\\/is\\\/tuchulcha-etruskur-undirheimadjofull\\\/#breadcrumb\"},\"inLanguage\":\"is\",\"potentialAction\":[{\"@type\":\"ReadAction\",\"target\":[\"https:\\\/\\\/iwell-guard.com\\\/is\\\/tuchulcha-etruskur-undirheimadjofull\\\/\"]}]},{\"@type\":\"ImageObject\",\"inLanguage\":\"is\",\"@id\":\"https:\\\/\\\/iwell-guard.com\\\/is\\\/tuchulcha-etruskur-undirheimadjofull\\\/#primaryimage\",\"url\":\"https:\\\/\\\/iwell-guard.com\\\/wp-content\\\/uploads\\\/2026\\\/05\\\/daemonen_etruskisch_tuchulcha.webp\",\"contentUrl\":\"https:\\\/\\\/iwell-guard.com\\\/wp-content\\\/uploads\\\/2026\\\/05\\\/daemonen_etruskisch_tuchulcha.webp\",\"width\":1024,\"height\":1536,\"caption\":\"Dj\u00f6flar \u00far etr\u00faskri hef\u00f0.\"},{\"@type\":\"BreadcrumbList\",\"@id\":\"https:\\\/\\\/iwell-guard.com\\\/is\\\/tuchulcha-etruskur-undirheimadjofull\\\/#breadcrumb\",\"itemListElement\":[{\"@type\":\"ListItem\",\"position\":1,\"name\":\"Start\",\"item\":\"https:\\\/\\\/iwell-guard.com\\\/is\\\/?page_id=168580\"},{\"@type\":\"ListItem\",\"position\":2,\"name\":\"Tuchulcha &#8211; Etr\u00faskur undirheimadj\u00f6full\"}]},{\"@type\":\"WebSite\",\"@id\":\"https:\\\/\\\/iwell-guard.com\\\/is\\\/#website\",\"url\":\"https:\\\/\\\/iwell-guard.com\\\/is\\\/\",\"name\":\"iWell Guard\",\"description\":\"Schutz vor dunklen Einfl\u00fcssen\",\"publisher\":{\"@id\":\"https:\\\/\\\/iwell-guard.com\\\/is\\\/#organization\"},\"potentialAction\":[{\"@type\":\"SearchAction\",\"target\":{\"@type\":\"EntryPoint\",\"urlTemplate\":\"https:\\\/\\\/iwell-guard.com\\\/is\\\/?s={search_term_string}\"},\"query-input\":{\"@type\":\"PropertyValueSpecification\",\"valueRequired\":true,\"valueName\":\"search_term_string\"}}],\"inLanguage\":\"is\"},{\"@type\":\"Organization\",\"@id\":\"https:\\\/\\\/iwell-guard.com\\\/is\\\/#organization\",\"name\":\"Ittermann electronic GmbH\",\"url\":\"https:\\\/\\\/iwell-guard.com\\\/is\\\/\",\"logo\":{\"@type\":\"ImageObject\",\"inLanguage\":\"is\",\"@id\":\"https:\\\/\\\/iwell-guard.com\\\/is\\\/#\\\/schema\\\/logo\\\/image\\\/\",\"url\":\"https:\\\/\\\/iwell-guard.com\\\/wp-content\\\/uploads\\\/2026\\\/05\\\/Ittermann-Logo-1182x237-1.png\",\"contentUrl\":\"https:\\\/\\\/iwell-guard.com\\\/wp-content\\\/uploads\\\/2026\\\/05\\\/Ittermann-Logo-1182x237-1.png\",\"width\":1182,\"height\":237,\"caption\":\"Ittermann electronic GmbH\"},\"image\":{\"@id\":\"https:\\\/\\\/iwell-guard.com\\\/is\\\/#\\\/schema\\\/logo\\\/image\\\/\"},\"sameAs\":[\"https:\\\/\\\/pantip.com\\\/profile\\\/9367242\",\"https:\\\/\\\/micro.blog\\\/iwellguard\",\"https:\\\/\\\/www.diggerslist.com\\\/iwellguard\\\/about\",\"https:\\\/\\\/skitterphoto.com\\\/photographers\\\/2870314\\\/iwell-guard\",\"https:\\\/\\\/iwellguard.wordpress.com\\\/2026\\\/06\\\/06\\\/iwell-guard\\\/\",\"https:\\\/\\\/hub.docker.com\\\/u\\\/iwellguard\",\"https:\\\/\\\/www.pinterest.com\\\/iwellguard\\\/\",\"https:\\\/\\\/bit.ly\\\/m\\\/iwellguard\",\"https:\\\/\\\/entre-vos-mains.alsace.eu\\\/profiles\\\/iwellguard\\\/activity\",\"https:\\\/\\\/gravatar.com\\\/reallybeded8fd34\",\"https:\\\/\\\/naijamatta.com\\\/iwellguard\",\"https:\\\/\\\/www.goodreads.com\\\/iwellguard\",\"https:\\\/\\\/profile.hatena.ne.jp\\\/iwellguard\\\/\",\"https:\\\/\\\/experiment.com\\\/users\\\/iwellguard\",\"https:\\\/\\\/wakelet.com\\\/@iWellGuard82270\",\"https:\\\/\\\/www.chordie.com\\\/forum\\\/profile.php?id=2555664\",\"https:\\\/\\\/www.instapaper.com\\\/p\\\/17757966\",\"https:\\\/\\\/www.mapleprimes.com\\\/users\\\/iwellguard\",\"https:\\\/\\\/businesslistingplus.com\\\/profile\\\/iwell-guard\\\/\",\"https:\\\/\\\/telegra.ph\\\/iWell-Guard-06-06\",\"https:\\\/\\\/pbase.com\\\/iwellguard\\\/iwellguard\",\"https:\\\/\\\/b.hatena.ne.jp\\\/iwellguard\\\/20260607#bookmark-4788405196491818882\",\"https:\\\/\\\/fliphtml5.com\\\/home\\\/iwellguard\",\"https:\\\/\\\/anyflip.com\\\/homepage\\\/cmiwl#About\",\"https:\\\/\\\/transfur.com\\\/Users\\\/iwellguard\",\"http:\\\/\\\/delphi.larsbo.org\\\/user\\\/iwellguard\",\"https:\\\/\\\/jobs.lajobsportal.org\\\/profiles\\\/8380803-iwell-guard\",\"https:\\\/\\\/md.chaosdorf.de\\\/s\\\/jfbe5SBdJD\",\"https:\\\/\\\/www.lingvolive.com\\\/en-us\\\/profile\\\/9ecaeaca-ce11-4e51-9e71-01d55e2bff36\\\/translations\",\"https:\\\/\\\/www.fitday.com\\\/fitness\\\/forums\\\/members\\\/iwellguard.html\",\"https:\\\/\\\/www.mymeetbook.com\\\/iwellguard\",\"https:\\\/\\\/pxhere.com\\\/en\\\/photographer-me\\\/5040798\",\"https:\\\/\\\/disqus.com\\\/by\\\/iwellguard\\\/about\\\/\",\"https:\\\/\\\/pastelink.net\\\/hjwciqwq\",\"https:\\\/\\\/pubhtml5.com\\\/homepage\\\/scjhn\\\/\",\"https:\\\/\\\/www.bitchute.com\\\/channel\\\/2O2eOKzNqujT\",\"https:\\\/\\\/audiomack.com\\\/iwellguard\"]},{\"@type\":\"Article\",\"@id\":\"https:\\\/\\\/iwell-guard.com\\\/is\\\/tuchulcha-etruskur-undirheimadjofull\\\/#article\",\"isPartOf\":{\"@id\":\"https:\\\/\\\/iwell-guard.com\\\/is\\\/tuchulcha-etruskur-undirheimadjofull\\\/\"},\"author\":{\"name\":\"Ralf Ittermann\",\"@id\":\"https:\\\/\\\/iwell-guard.com\\\/is\\\/#\\\/schema\\\/person\\\/ee2a27f1cac3406c7c6fb5820cb7349f\"},\"headline\":\"Tuchulcha &#8211; Etr\u00faskur undirheimadj\u00f6full\",\"datePublished\":\"2026-09-05T14:04:22+00:00\",\"dateModified\":\"2026-09-05T14:26:57+00:00\",\"mainEntityOfPage\":{\"@id\":\"https:\\\/\\\/iwell-guard.com\\\/is\\\/tuchulcha-etruskur-undirheimadjofull\\\/\"},\"publisher\":{\"@id\":\"https:\\\/\\\/iwell-guard.com\\\/is\\\/#organization\"},\"image\":{\"@id\":\"https:\\\/\\\/iwell-guard.com\\\/is\\\/tuchulcha-etruskur-undirheimadjofull\\\/#primaryimage\"},\"thumbnailUrl\":\"https:\\\/\\\/iwell-guard.com\\\/wp-content\\\/uploads\\\/2026\\\/05\\\/daemonen_etruskisch_tuchulcha.webp\",\"inLanguage\":\"is\",\"description\":\"Tuchulcha er \u00f3gnvekjandi etr\u00faskur undirheimadj\u00f6full me\u00f0 sl\u00f6nguh\u00e1r og asnaeyru. Tr\u00faarbrag\u00f0afr\u00e6\u00f0ileg \u00fattekt me\u00f0 tilv\u00edsunum.\"}]}<\/script>\n<!-- \/ Yoast SEO Premium plugin. -->","yoast_head_json":{"title":"Tuchulcha - Etr\u00faskur dj\u00f6full, go\u00f0s\u00f6gn","description":"Tuchulcha er \u00f3gnvekjandi etr\u00faskur undirheimadj\u00f6full me\u00f0 sl\u00f6nguh\u00e1r og asnaeyru. Tr\u00faarbrag\u00f0afr\u00e6\u00f0ileg \u00fattekt me\u00f0 tilv\u00edsunum.","robots":{"index":"index","follow":"follow","max-snippet":"max-snippet:-1","max-image-preview":"max-image-preview:large","max-video-preview":"max-video-preview:-1"},"canonical":"https:\/\/iwell-guard.com\/is\/tuchulcha-etruskur-undirheimadjofull\/","og_locale":"is_IS","og_type":"article","og_title":"Tuchulcha - Etr\u00faskur undirheimadj\u00f6full","og_description":"Tuchulcha er \u00f3gnvekjandi etr\u00faskur undirheimadj\u00f6full me\u00f0 sl\u00f6nguh\u00e1r og asnaeyru. Tr\u00faarbrag\u00f0afr\u00e6\u00f0ileg \u00fattekt me\u00f0 tilv\u00edsunum.","og_url":"https:\/\/iwell-guard.com\/is\/tuchulcha-etruskur-undirheimadjofull\/","og_site_name":"iWell Guard","article_modified_time":"2026-09-05T14:26:57+00:00","og_image":[{"width":1024,"height":1536,"url":"https:\/\/iwell-guard.com\/wp-content\/uploads\/2026\/05\/daemonen_etruskisch_tuchulcha.webp","type":"image\/webp"}],"twitter_card":"summary_large_image","schema":{"@context":"https:\/\/schema.org","@graph":[{"@type":"Article","@id":"https:\/\/iwell-guard.com\/is\/tuchulcha-etruskur-undirheimadjofull\/#article","isPartOf":{"@id":"https:\/\/iwell-guard.com\/is\/tuchulcha-etruskur-undirheimadjofull\/"},"author":{"name":"Ralf Ittermann","@id":"https:\/\/iwell-guard.com\/is\/#\/schema\/person\/ee2a27f1cac3406c7c6fb5820cb7349f"},"headline":"Tuchulcha &#8211; Etr\u00faskur undirheimadj\u00f6full","datePublished":"2026-09-05T14:04:22+00:00","dateModified":"2026-09-05T14:26:57+00:00","mainEntityOfPage":{"@id":"https:\/\/iwell-guard.com\/is\/tuchulcha-etruskur-undirheimadjofull\/"},"publisher":{"@id":"https:\/\/iwell-guard.com\/is\/#organization"},"image":{"@id":"https:\/\/iwell-guard.com\/is\/tuchulcha-etruskur-undirheimadjofull\/#primaryimage"},"thumbnailUrl":"https:\/\/iwell-guard.com\/wp-content\/uploads\/2026\/05\/daemonen_etruskisch_tuchulcha.webp","inLanguage":"is","description":"Tuchulcha er \u00f3gnvekjandi etr\u00faskur undirheimadj\u00f6full me\u00f0 sl\u00f6nguh\u00e1r og asnaeyru. Tr\u00faarbrag\u00f0afr\u00e6\u00f0ileg \u00fattekt me\u00f0 tilv\u00edsunum."},{"@type":"WebPage","@id":"https:\/\/iwell-guard.com\/is\/tuchulcha-etruskur-undirheimadjofull\/","url":"https:\/\/iwell-guard.com\/is\/tuchulcha-etruskur-undirheimadjofull\/","name":"Tuchulcha - Etr\u00faskur dj\u00f6full, go\u00f0s\u00f6gn","isPartOf":{"@id":"https:\/\/iwell-guard.com\/is\/#website"},"primaryImageOfPage":{"@id":"https:\/\/iwell-guard.com\/is\/tuchulcha-etruskur-undirheimadjofull\/#primaryimage"},"image":{"@id":"https:\/\/iwell-guard.com\/is\/tuchulcha-etruskur-undirheimadjofull\/#primaryimage"},"thumbnailUrl":"https:\/\/iwell-guard.com\/wp-content\/uploads\/2026\/05\/daemonen_etruskisch_tuchulcha.webp","datePublished":"2026-09-05T14:04:22+00:00","dateModified":"2026-09-05T14:26:57+00:00","description":"Tuchulcha er \u00f3gnvekjandi etr\u00faskur undirheimadj\u00f6full me\u00f0 sl\u00f6nguh\u00e1r og asnaeyru. Tr\u00faarbrag\u00f0afr\u00e6\u00f0ileg \u00fattekt me\u00f0 tilv\u00edsunum.","breadcrumb":{"@id":"https:\/\/iwell-guard.com\/is\/tuchulcha-etruskur-undirheimadjofull\/#breadcrumb"},"inLanguage":"is","potentialAction":[{"@type":"ReadAction","target":["https:\/\/iwell-guard.com\/is\/tuchulcha-etruskur-undirheimadjofull\/"]}]},{"@type":"ImageObject","inLanguage":"is","@id":"https:\/\/iwell-guard.com\/is\/tuchulcha-etruskur-undirheimadjofull\/#primaryimage","url":"https:\/\/iwell-guard.com\/wp-content\/uploads\/2026\/05\/daemonen_etruskisch_tuchulcha.webp","contentUrl":"https:\/\/iwell-guard.com\/wp-content\/uploads\/2026\/05\/daemonen_etruskisch_tuchulcha.webp","width":1024,"height":1536,"caption":"Dj\u00f6flar \u00far etr\u00faskri hef\u00f0."},{"@type":"BreadcrumbList","@id":"https:\/\/iwell-guard.com\/is\/tuchulcha-etruskur-undirheimadjofull\/#breadcrumb","itemListElement":[{"@type":"ListItem","position":1,"name":"Start","item":"https:\/\/iwell-guard.com\/is\/?page_id=168580"},{"@type":"ListItem","position":2,"name":"Tuchulcha &#8211; Etr\u00faskur undirheimadj\u00f6full"}]},{"@type":"WebSite","@id":"https:\/\/iwell-guard.com\/is\/#website","url":"https:\/\/iwell-guard.com\/is\/","name":"iWell Guard","description":"Schutz vor dunklen Einfl\u00fcssen","publisher":{"@id":"https:\/\/iwell-guard.com\/is\/#organization"},"potentialAction":[{"@type":"SearchAction","target":{"@type":"EntryPoint","urlTemplate":"https:\/\/iwell-guard.com\/is\/?s={search_term_string}"},"query-input":{"@type":"PropertyValueSpecification","valueRequired":true,"valueName":"search_term_string"}}],"inLanguage":"is"},{"@type":"Organization","@id":"https:\/\/iwell-guard.com\/is\/#organization","name":"Ittermann electronic GmbH","url":"https:\/\/iwell-guard.com\/is\/","logo":{"@type":"ImageObject","inLanguage":"is","@id":"https:\/\/iwell-guard.com\/is\/#\/schema\/logo\/image\/","url":"https:\/\/iwell-guard.com\/wp-content\/uploads\/2026\/05\/Ittermann-Logo-1182x237-1.png","contentUrl":"https:\/\/iwell-guard.com\/wp-content\/uploads\/2026\/05\/Ittermann-Logo-1182x237-1.png","width":1182,"height":237,"caption":"Ittermann electronic GmbH"},"image":{"@id":"https:\/\/iwell-guard.com\/is\/#\/schema\/logo\/image\/"},"sameAs":["https:\/\/pantip.com\/profile\/9367242","https:\/\/micro.blog\/iwellguard","https:\/\/www.diggerslist.com\/iwellguard\/about","https:\/\/skitterphoto.com\/photographers\/2870314\/iwell-guard","https:\/\/iwellguard.wordpress.com\/2026\/06\/06\/iwell-guard\/","https:\/\/hub.docker.com\/u\/iwellguard","https:\/\/www.pinterest.com\/iwellguard\/","https:\/\/bit.ly\/m\/iwellguard","https:\/\/entre-vos-mains.alsace.eu\/profiles\/iwellguard\/activity","https:\/\/gravatar.com\/reallybeded8fd34","https:\/\/naijamatta.com\/iwellguard","https:\/\/www.goodreads.com\/iwellguard","https:\/\/profile.hatena.ne.jp\/iwellguard\/","https:\/\/experiment.com\/users\/iwellguard","https:\/\/wakelet.com\/@iWellGuard82270","https:\/\/www.chordie.com\/forum\/profile.php?id=2555664","https:\/\/www.instapaper.com\/p\/17757966","https:\/\/www.mapleprimes.com\/users\/iwellguard","https:\/\/businesslistingplus.com\/profile\/iwell-guard\/","https:\/\/telegra.ph\/iWell-Guard-06-06","https:\/\/pbase.com\/iwellguard\/iwellguard","https:\/\/b.hatena.ne.jp\/iwellguard\/20260607#bookmark-4788405196491818882","https:\/\/fliphtml5.com\/home\/iwellguard","https:\/\/anyflip.com\/homepage\/cmiwl#About","https:\/\/transfur.com\/Users\/iwellguard","http:\/\/delphi.larsbo.org\/user\/iwellguard","https:\/\/jobs.lajobsportal.org\/profiles\/8380803-iwell-guard","https:\/\/md.chaosdorf.de\/s\/jfbe5SBdJD","https:\/\/www.lingvolive.com\/en-us\/profile\/9ecaeaca-ce11-4e51-9e71-01d55e2bff36\/translations","https:\/\/www.fitday.com\/fitness\/forums\/members\/iwellguard.html","https:\/\/www.mymeetbook.com\/iwellguard","https:\/\/pxhere.com\/en\/photographer-me\/5040798","https:\/\/disqus.com\/by\/iwellguard\/about\/","https:\/\/pastelink.net\/hjwciqwq","https:\/\/pubhtml5.com\/homepage\/scjhn\/","https:\/\/www.bitchute.com\/channel\/2O2eOKzNqujT","https:\/\/audiomack.com\/iwellguard"]},{"@type":"Person","@id":"https:\/\/iwell-guard.com\/is\/#\/schema\/person\/ee2a27f1cac3406c7c6fb5820cb7349f","name":"Ralf Ittermann","image":{"@type":"ImageObject","inLanguage":"is","@id":"https:\/\/secure.gravatar.com\/avatar\/073c0153e350a5005b68eb752b445fea71f6b24a26da9449ad7e155e6b446c9d?s=96&d=mm&r=g","url":"https:\/\/secure.gravatar.com\/avatar\/073c0153e350a5005b68eb752b445fea71f6b24a26da9449ad7e155e6b446c9d?s=96&d=mm&r=g","contentUrl":"https:\/\/secure.gravatar.com\/avatar\/073c0153e350a5005b68eb752b445fea71f6b24a26da9449ad7e155e6b446c9d?s=96&d=mm&r=g","caption":"Ralf Ittermann"},"givenName":"Ralf","familyName":"Ittermann","jobTitle":"Gesch\u00e4ftsf\u00fchrer und redaktioneller Verantwortlicher","url":"https:\/\/iwell-guard.com\/is\/author\/claude\/","description":"Ralf Ittermann ist Gesch\u00e4ftsf\u00fchrer der Ittermann electronic GmbH und redaktioneller Verantwortlicher des iWell-Guard-Lexikons. Er verbindet langj\u00e4hrige Erfahrung in der Pr\u00e4zisionsfertigung mit medialer Praxis und religionsgeschichtlicher Quellenarbeit.","worksFor":{"@type":"Organization","name":"Ittermann electronic GmbH","url":"https:\/\/ittermann.de\/","address":{"@type":"PostalAddress","streetAddress":"K\u00f6hlergasse 16-18","postalCode":"99842","addressLocality":"Ruhla","addressCountry":"DE"}},"knowsAbout":["Religionsgeschichte","Mythologie","Mediale Praxis","Energetische Diagnostik","Schutzpraxis","Volksglauben","Westliche Esoterik"]},{"@type":"Article","@id":"https:\/\/iwell-guard.com\/is\/tuchulcha-etruskur-undirheimadjofull\/#article","isPartOf":{"@id":"https:\/\/iwell-guard.com\/is\/tuchulcha-etruskur-undirheimadjofull\/"},"author":{"name":"Ralf Ittermann","@id":"https:\/\/iwell-guard.com\/is\/#\/schema\/person\/ee2a27f1cac3406c7c6fb5820cb7349f"},"headline":"Tuchulcha &#8211; Etr\u00faskur undirheimadj\u00f6full","datePublished":"2026-09-05T14:04:22+00:00","dateModified":"2026-09-05T14:26:57+00:00","mainEntityOfPage":{"@id":"https:\/\/iwell-guard.com\/is\/tuchulcha-etruskur-undirheimadjofull\/"},"publisher":{"@id":"https:\/\/iwell-guard.com\/is\/#organization"},"image":{"@id":"https:\/\/iwell-guard.com\/is\/tuchulcha-etruskur-undirheimadjofull\/#primaryimage"},"thumbnailUrl":"https:\/\/iwell-guard.com\/wp-content\/uploads\/2026\/05\/daemonen_etruskisch_tuchulcha.webp","inLanguage":"is","description":"Tuchulcha er \u00f3gnvekjandi etr\u00faskur undirheimadj\u00f6full me\u00f0 sl\u00f6nguh\u00e1r og asnaeyru. Tr\u00faarbrag\u00f0afr\u00e6\u00f0ileg \u00fattekt me\u00f0 tilv\u00edsunum."}]}},"_links":{"self":[{"href":"https:\/\/iwell-guard.com\/is\/wp-json\/wp\/v2\/pages\/168958","targetHints":{"allow":["GET"]}}],"collection":[{"href":"https:\/\/iwell-guard.com\/is\/wp-json\/wp\/v2\/pages"}],"about":[{"href":"https:\/\/iwell-guard.com\/is\/wp-json\/wp\/v2\/types\/page"}],"author":[{"embeddable":true,"href":"https:\/\/iwell-guard.com\/is\/wp-json\/wp\/v2\/users\/3"}],"replies":[{"embeddable":true,"href":"https:\/\/iwell-guard.com\/is\/wp-json\/wp\/v2\/comments?post=168958"}],"version-history":[{"count":0,"href":"https:\/\/iwell-guard.com\/is\/wp-json\/wp\/v2\/pages\/168958\/revisions"}],"wp:featuredmedia":[{"embeddable":true,"href":"https:\/\/iwell-guard.com\/is\/wp-json\/wp\/v2\/media\/2813"}],"wp:attachment":[{"href":"https:\/\/iwell-guard.com\/is\/wp-json\/wp\/v2\/media?parent=168958"}],"wp:term":[{"taxonomy":"category","embeddable":true,"href":"https:\/\/iwell-guard.com\/is\/wp-json\/wp\/v2\/categories?post=168958"}],"curies":[{"name":"wp","href":"https:\/\/api.w.org\/{rel}","templated":true}]}}