{"id":168957,"date":"2026-09-05T14:04:22","date_gmt":"2026-09-05T14:04:22","guid":{"rendered":"https:\/\/iwell-guard.com\/?page_id=168957"},"modified":"2026-09-05T14:26:57","modified_gmt":"2026-09-05T14:26:57","slug":"sethlans-gu-smida-eldsins","status":"publish","type":"page","link":"https:\/\/iwell-guard.com\/is\/sethlans-gu-smida-eldsins\/","title":{"rendered":"Sethlans &#8211; Etr\u00faskur gu\u00f0 smi\u00f0a og eldsins"},"content":{"rendered":"\t\t<div data-elementor-type=\"wp-page\" data-elementor-id=\"168957\" class=\"elementor elementor-168957 elementor-2612 elementor-bc-flex-widget\" data-elementor-post-type=\"page\">\n\t\t\t\t<div class=\"elementor-element elementor-element-iwgw-sethlans-hero e-flex e-con-boxed e-con e-parent\" data-id=\"iwgw-sethlans-hero\" data-element_type=\"container\" data-e-type=\"container\" data-settings=\"{&quot;background_background&quot;:&quot;classic&quot;}\">\n\t\t\t\t\t<div class=\"e-con-inner\">\n\t\t<div class=\"elementor-element elementor-element-iwgw-sethlans-hl e-flex e-con-boxed e-con e-child\" data-id=\"iwgw-sethlans-hl\" data-element_type=\"container\" data-e-type=\"container\">\n\t\t\t\t\t<div class=\"e-con-inner\">\n\t\t<div class=\"elementor-element elementor-element-iwgw-sethlans-htxt e-con-full e-flex e-con e-child\" data-id=\"iwgw-sethlans-htxt\" data-element_type=\"container\" data-e-type=\"container\">\n\t\t\t\t<div class=\"elementor-element elementor-element-iwgw-sethlans-h1 elementor-widget elementor-widget-heading\" data-id=\"iwgw-sethlans-h1\" data-element_type=\"widget\" data-e-type=\"widget\" data-widget_type=\"heading.default\">\n\t\t\t\t\t<h1 class=\"elementor-heading-title elementor-size-default\">Sethlans - Etr\u00faskur gu\u00f0 eldsins, sm\u00ed\u00f0alistar og handverks<\/h1>\t\t\t\t<\/div>\n\t\t\t\t<div class=\"elementor-element elementor-element-iwgw-sethlans-lead elementor-widget elementor-widget-text-editor\" data-id=\"iwgw-sethlans-lead\" data-element_type=\"widget\" data-e-type=\"widget\" data-widget_type=\"text-editor.default\">\n\t\t\t\t\t\t\t\t\t<p>Sethlans er \u00ed etr\u00faskri tr\u00fa gu\u00f0 sm\u00ed\u00f0alistar, eldsins og handverks. Hann samsvarar a\u00f0 hlutverki gr\u00edska gu\u00f0num Hefaistos og r\u00f3mverska Vulcanusi, en hefur s\u00edn eigin einkenni. \u00deessi umfj\u00f6llun l\u00fdsir tr\u00faarfr\u00e6\u00f0ilegri st\u00f6\u00f0u hans \u00ed etr\u00faska <span class=\"iwg-fachbegriff\" data-tooltip=\"Heild gu\u00f0a tr\u00faarbrag\u00f0a e\u00f0a menningar.\" tabindex=\"0\">go\u00f0aveldinu (pantheon)<\/span> og mikilv\u00e6gi hans fyrir etr\u00faska handverksmenningu.<\/p>\t\t\t\t\t\t\t\t<\/div>\n\t\t\t\t<\/div>\n\t\t<div class=\"elementor-element elementor-element-iwgw-sethlans-pillc e-con-full e-flex e-con e-child\" data-id=\"iwgw-sethlans-pillc\" data-element_type=\"container\" data-e-type=\"container\">\n\t\t\t\t<div class=\"elementor-element elementor-element-iwgw-sethlans-pills elementor-widget elementor-widget-html\" data-id=\"iwgw-sethlans-pills\" data-element_type=\"widget\" data-e-type=\"widget\" data-widget_type=\"html.default\">\n\t\t\t\t\t<div class=\"iwg-pill-row\"><span class=\"iwg-klasse-badge\" tabindex=\"0\" data-tooltip=\"Smi\u00f0ur \u00ed etr\u00faskri hef\u00f0.\">Smi\u00f0ur<\/span><a href=\"https:\/\/iwell-guard.com\/is\/etruskisk-trubrogd-haruspex-disciplina\/\" class=\"iwg-kultur-badge\" tabindex=\"0\" data-tooltip=\"Go\u00f0afr\u00e6\u00f0i etr\u00faskrar hef\u00f0ar.\">Etr\u00faskt<\/a><span class=\"iwg-tradition-badge\" tabindex=\"0\" data-tooltip=\"Sm\u00ed\u00f0a- og eldsgu\u00f0.\">Sm\u00ed\u00f0a- og eldsgu\u00f0<\/span><\/div>\t\t\t\t<\/div>\n\t\t\t\t<\/div>\n\t\t<div class=\"elementor-element elementor-element-iwgw-sethlans-tocc e-con-full e-flex e-con e-child\" data-id=\"iwgw-sethlans-tocc\" data-element_type=\"container\" data-e-type=\"container\">\n\t\t\t\t<div class=\"elementor-element elementor-element-iwgw-sethlans-toc elementor-toc--minimized-on-tablet elementor-widget elementor-widget-table-of-contents\" data-id=\"iwgw-sethlans-toc\" data-element_type=\"widget\" data-e-type=\"widget\" data-settings=\"{&quot;headings_by_tags&quot;:[&quot;h2&quot;,&quot;h3&quot;],&quot;minimize_box&quot;:&quot;yes&quot;,&quot;marker_view&quot;:&quot;bullets&quot;,&quot;no_headings_message&quot;:&quot;Engar undirfyrirsagnir fundust \\u00e1 \\u00feessari s\\u00ed\\u00f0u.&quot;,&quot;exclude_headings_by_selector&quot;:[],&quot;icon&quot;:{&quot;value&quot;:&quot;fas fa-circle&quot;,&quot;library&quot;:&quot;fa-solid&quot;,&quot;rendered_tag&quot;:&quot;&lt;svg class=\\&quot;e-font-icon-svg e-fas-circle\\&quot; viewBox=\\&quot;0 0 512 512\\&quot; xmlns=\\&quot;http:\\\/\\\/www.w3.org\\\/2000\\\/svg\\&quot;&gt;&lt;path d=\\&quot;M256 8C119 8 8 119 8 256s111 248 248 248 248-111 248-248S393 8 256 8z\\&quot;&gt;&lt;\\\/path&gt;&lt;\\\/svg&gt;&quot;},&quot;minimized_on&quot;:&quot;tablet&quot;,&quot;hierarchical_view&quot;:&quot;yes&quot;,&quot;min_height&quot;:{&quot;unit&quot;:&quot;px&quot;,&quot;size&quot;:&quot;&quot;,&quot;sizes&quot;:[]},&quot;min_height_tablet&quot;:{&quot;unit&quot;:&quot;px&quot;,&quot;size&quot;:&quot;&quot;,&quot;sizes&quot;:[]},&quot;min_height_mobile&quot;:{&quot;unit&quot;:&quot;px&quot;,&quot;size&quot;:&quot;&quot;,&quot;sizes&quot;:[]}}\" data-widget_type=\"table-of-contents.default\">\n\t\t\t\t\t\t\t\t\t<div class=\"elementor-toc__header\">\n\t\t\t\t\t\t<h2 class=\"elementor-toc__header-title\">\n\t\t\t\tEfnisyfirlit\t\t\t<\/h2>\n\t\t\t\t\t\t\t\t\t\t<div class=\"elementor-toc__toggle-button elementor-toc__toggle-button--expand\" role=\"button\" tabindex=\"0\" aria-controls=\"elementor-toc__iwgw-sethlans-toc\" aria-expanded=\"true\" aria-label=\"Open table of contents\"><svg aria-hidden=\"true\" class=\"e-font-icon-svg e-fas-chevron-down\" viewBox=\"0 0 448 512\" xmlns=\"http:\/\/www.w3.org\/2000\/svg\"><path d=\"M207.029 381.476L12.686 187.132c-9.373-9.373-9.373-24.569 0-33.941l22.667-22.667c9.357-9.357 24.522-9.375 33.901-.04L224 284.505l154.745-154.021c9.379-9.335 24.544-9.317 33.901.04l22.667 22.667c9.373 9.373 9.373 24.569 0 33.941L240.971 381.476c-9.373 9.372-24.569 9.372-33.942 0z\"><\/path><\/svg><\/div>\n\t\t\t\t<div class=\"elementor-toc__toggle-button elementor-toc__toggle-button--collapse\" role=\"button\" tabindex=\"0\" aria-controls=\"elementor-toc__iwgw-sethlans-toc\" aria-expanded=\"true\" aria-label=\"Close table of contents\"><svg aria-hidden=\"true\" class=\"e-font-icon-svg e-fas-chevron-up\" viewBox=\"0 0 448 512\" xmlns=\"http:\/\/www.w3.org\/2000\/svg\"><path d=\"M240.971 130.524l194.343 194.343c9.373 9.373 9.373 24.569 0 33.941l-22.667 22.667c-9.357 9.357-24.522 9.375-33.901.04L224 227.495 69.255 381.516c-9.379 9.335-24.544 9.317-33.901-.04l-22.667-22.667c-9.373-9.373-9.373-24.569 0-33.941L207.03 130.525c9.372-9.373 24.568-9.373 33.941-.001z\"><\/path><\/svg><\/div>\n\t\t\t\t\t<\/div>\n\t\t\t\t<div id=\"elementor-toc__iwgw-sethlans-toc\" class=\"elementor-toc__body\">\n\t\t\t<div class=\"elementor-toc__spinner-container\">\n\t\t\t\t<svg class=\"elementor-toc__spinner eicon-animation-spin e-font-icon-svg e-eicon-loading\" aria-hidden=\"true\" viewBox=\"0 0 1000 1000\" xmlns=\"http:\/\/www.w3.org\/2000\/svg\"><path d=\"M500 975V858C696 858 858 696 858 500S696 142 500 142 142 304 142 500H25C25 237 238 25 500 25S975 237 975 500 763 975 500 975Z\"><\/path><\/svg>\t\t\t<\/div>\n\t\t<\/div>\n\t\t\t\t\t\t<\/div>\n\t\t\t\t<\/div>\n\t\t\t\t\t<\/div>\n\t\t\t\t<\/div>\n\t\t<div class=\"elementor-element elementor-element-iwgw-sethlans-hr e-con-full e-flex e-con e-child\" data-id=\"iwgw-sethlans-hr\" data-element_type=\"container\" data-e-type=\"container\">\n\t\t\t\t<div class=\"elementor-element elementor-element-iwgw-sethlans-heroimg iwg-hero-image elementor-widget elementor-widget-image\" data-id=\"iwgw-sethlans-heroimg\" data-element_type=\"widget\" data-e-type=\"widget\" data-widget_type=\"image.default\">\n\t\t\t\t\t\t\t\t\t\t\t\t\t\t\t<img fetchpriority=\"high\" decoding=\"async\" width=\"683\" height=\"1024\" src=\"https:\/\/iwell-guard.com\/wp-content\/uploads\/2026\/05\/goetter_etruskisch_sethlans-683x1024.webp\" class=\"attachment-large size-large wp-image-170829\" alt=\"Sethlans - gu\u00f0 \u00far etr\u00faskri hef\u00f0, s\u00f6guleg-myndr\u00e6n framsetning\" srcset=\"https:\/\/iwell-guard.com\/wp-content\/uploads\/2026\/05\/goetter_etruskisch_sethlans-683x1024.webp 683w, https:\/\/iwell-guard.com\/wp-content\/uploads\/2026\/05\/goetter_etruskisch_sethlans-200x300.webp 200w, https:\/\/iwell-guard.com\/wp-content\/uploads\/2026\/05\/goetter_etruskisch_sethlans-768x1152.webp 768w, https:\/\/iwell-guard.com\/wp-content\/uploads\/2026\/05\/goetter_etruskisch_sethlans.webp 1024w\" sizes=\"(max-width: 683px) 100vw, 683px\" \/>\t\t\t\t\t\t\t\t\t\t\t\t\t\t\t<\/div>\n\t\t\t\t<\/div>\n\t\t\t\t\t<\/div>\n\t\t\t\t<\/div>\n\t\t<div class=\"elementor-element elementor-element-iwgw-sethlans-s0 e-flex e-con-boxed e-con e-parent\" data-id=\"iwgw-sethlans-s0\" data-element_type=\"container\" data-e-type=\"container\">\n\t\t\t\t\t<div class=\"e-con-inner\">\n\t\t\t\t<div class=\"elementor-element elementor-element-iwgw-sethlans-s0h elementor-widget elementor-widget-heading\" data-id=\"iwgw-sethlans-s0h\" data-element_type=\"widget\" data-e-type=\"widget\" data-widget_type=\"heading.default\">\n\t\t\t\t\t<h2 class=\"elementor-heading-title elementor-size-default\">Sta\u00f0a \u00ed etr\u00faska go\u00f0heiminum<\/h2>\t\t\t\t<\/div>\n\t\t<div class=\"elementor-element elementor-element-iwgw-sethlans-s0c e-con-full e-flex e-con e-child\" data-id=\"iwgw-sethlans-s0c\" data-element_type=\"container\" data-e-type=\"container\">\n\t\t\t\t<div class=\"elementor-element elementor-element-iwgw-sethlans-s0t elementor-widget elementor-widget-text-editor\" data-id=\"iwgw-sethlans-s0t\" data-element_type=\"widget\" data-e-type=\"widget\" data-widget_type=\"text-editor.default\">\n\t\t\t\t\t\t\t\t\t<p>Sethlans er einn af \u00e1berandi gu\u00f0um etr\u00faska go\u00f0aveldisins. Hann er verndargu\u00f0 smi\u00f0a, bronssteypumanna, leirkerasm\u00ed\u00f0a og handverksmanna almennt sem vinna me\u00f0 eld. \u00cd etr\u00faskri bronslist &#8211; sem \u00e1 <span class=\"iwg-fachbegriff\" data-tooltip=\"T\u00edmabil gr\u00edskrar og r\u00f3mverskrar menningar, um 800 f.Kr. til 600 e.Kr.\" tabindex=\"0\">forn\u00f6ld<\/span> n\u00e1\u00f0i h\u00e6stu framlei\u00f0sluafk\u00f6stum &#8211; er verndarhlutverk hans einkar mikilv\u00e6gt.<\/p><p>Larissa Bonfante fjalla\u00f0i \u00ed <em>Etruscan Bronzes<\/em> um tengsl Sethlans og etr\u00faskrar bronslistar. Jean-Rene Jannot og Nancy Thomson de Grummond taka hann einnig til umfj\u00f6llunar \u00ed verkum s\u00ednum um etr\u00faska tr\u00fa.<\/p><p>Sethlans, sm\u00ed\u00f0a- og eldsgu\u00f0inn, tilheyrir tr\u00faarbr\u00f6g\u00f0um sem tr\u00faarfr\u00e6\u00f0ilegt a\u00f0dr\u00e1ttarafl felst \u00ed millili\u00f0sst\u00f6\u00f0u \u00feeirra milli gr\u00edsk-mi\u00f0jar\u00f0arhafslegs og \u00edtalsk-r\u00f3mversks heims. A\u00f0 \u00feessi etr\u00faska hef\u00f0 s\u00e9 talin sj\u00e1lfst\u00e6\u00f0 er afrakstur ranns\u00f3kna Massimo Pallottino, Jacques Heurgon, Sybille Haynes, Mauro Cristofani og Giovanni Colonna.<\/p><p>Sethlans, sem sk\u00fdrt afmarka\u00f0ur verndargu\u00f0 eldbundins handverks, s\u00fdnir a\u00f0 etr\u00fask <span class=\"iwg-fachbegriff\" data-tooltip=\"V\u00edsindaleg fr\u00e6\u00f0i um gu\u00f0 og tr\u00fa tr\u00faarbrag\u00f0a.\" tabindex=\"0\">gu\u00f0fr\u00e6\u00f0i<\/span> haf\u00f0i sk\u00fdrt skipulagt <span class=\"iwg-fachbegriff\" data-tooltip=\"Heild gu\u00f0a tr\u00faarbrag\u00f0a e\u00f0a menningar.\" tabindex=\"0\">go\u00f0aveldi (pantheon)<\/span> me\u00f0 fastri stigveldi og verkefnasvi\u00f0um. Fyrri hugmyndin um &#8216;dularfulla&#8217; e\u00f0a &#8216;framandlega&#8217; gu\u00f0atr\u00fa er ekki r\u00e9ttm\u00e6t; h\u00e9r er um sj\u00e1lfst\u00e6tt form mi\u00f0jar\u00f0arhafstr\u00faar a\u00f0 r\u00e6\u00f0a.<\/p><p>\u00c1 Sethlans m\u00e1 sj\u00e1 vel millili\u00f0ahlutverk Etr\u00faska: einkenni hans sameina gr\u00edskar \u00e1hrif og eigin einkenni og hafa \u00e1hrif \u00e1fram \u00ed r\u00f3mverska tr\u00fa. \u00cd \u00edtalskri tr\u00faars\u00f6gu st\u00f3\u00f0u Etr\u00faskar milli gr\u00edskra \u00e1hrifa og upprennandi r\u00f3mverskrar tr\u00faar, sem er einkar \u00e1hugavert fr\u00e6\u00f0ilega.<\/p><p>Sethlans var \u00e1\u00f0ur fyrr t\u00falka\u00f0ur n\u00e6r undantekningarlaust sem etr\u00faskur Hefaistos. Tr\u00faar\u00fej\u00f3\u00f0fr\u00e6\u00f0ilegar ranns\u00f3knir s\u00ed\u00f0ustu \u00e1ratuga hafa hins vegar meti\u00f0 etr\u00faska tr\u00fa sem heildst\u00e6tt, tr\u00faarfyrirb\u00e6rafr\u00e6\u00f0ilega sj\u00e1lfst\u00e6tt kerfi og komi\u00f0 \u00ed sta\u00f0inn fyrir eldri tilhneigingu til a\u00f0 skilja hana sem &#8216;aflei\u00f0u&#8217; gr\u00edskrar tr\u00faar me\u00f0 n\u00e1kv\u00e6mari greiningu.<\/p>\t\t\t\t\t\t\t\t<\/div>\n\t\t\t\t<\/div>\n\t\t\t\t\t<\/div>\n\t\t\t\t<\/div>\n\t\t<div class=\"elementor-element elementor-element-iwgw-sethlans-s1 e-flex e-con-boxed e-con e-parent\" data-id=\"iwgw-sethlans-s1\" data-element_type=\"container\" data-e-type=\"container\">\n\t\t\t\t\t<div class=\"e-con-inner\">\n\t\t\t\t<div class=\"elementor-element elementor-element-iwgw-sethlans-s1h elementor-widget elementor-widget-heading\" data-id=\"iwgw-sethlans-s1h\" data-element_type=\"widget\" data-e-type=\"widget\" data-widget_type=\"heading.default\">\n\t\t\t\t\t<h2 class=\"elementor-heading-title elementor-size-default\">Nafn og or\u00f0sifjar<\/h2>\t\t\t\t<\/div>\n\t\t<div class=\"elementor-element elementor-element-iwgw-sethlans-s1c e-con-full e-flex e-con e-child\" data-id=\"iwgw-sethlans-s1c\" data-element_type=\"container\" data-e-type=\"container\">\n\t\t\t\t<div class=\"elementor-element elementor-element-iwgw-sethlans-s1t elementor-widget elementor-widget-text-editor\" data-id=\"iwgw-sethlans-s1t\" data-element_type=\"widget\" data-e-type=\"widget\" data-widget_type=\"text-editor.default\">\n\t\t\t\t\t\t\t\t\t<p>Nafni\u00f0 Sethlans er sta\u00f0fest \u00e1 etr\u00faskum speglum og \u00e1letrunum. \u00d6rugg or\u00f0sifjafr\u00e6\u00f0ileg merking hefur ekki veri\u00f0 endurger\u00f0. <em>Editio Minor<\/em> Helmuts Rix skr\u00e1ir heimildirnar.<\/p><p>Sethlans kemur einnig fram undir vi\u00f0urnefnum sem tilgreina handverksleg hlutverk hans. Fr\u00e6\u00f0imenn r\u00e6\u00f0a m\u00f6gulega tengingu vi\u00f0 nor\u00f0ur-afr\u00edska ve\u00f0urgu\u00f0inn Set, en \u00fea\u00f0 er \u00f3v\u00edst. L\u00edklegra er sj\u00e1lfst\u00e6\u00f0 etr\u00fask or\u00f0sifjafr\u00e6\u00f0i.<\/p><p>Nafni\u00f0 Sethlans er skjalfest me\u00f0 \u00e1letrunum, en etr\u00faska tungum\u00e1li\u00f0 telst tungum\u00e1lafr\u00e6\u00f0ilega einangra\u00f0 e\u00f0a grein af tilg\u00e1tri &#8216;tyrsenskri&#8217; fj\u00f6lskyldu, sem lemn\u00edska og r\u00e6t\u00edska tungum\u00e1lin g\u00e6tu einnig heyrt til. Fr\u00e1 19. \u00f6ld hafa fr\u00e6\u00f0imenn reynt a\u00f0 r\u00e1\u00f0a textana \u00e1n \u00feess a\u00f0 lj\u00faka \u00fev\u00ed verki.<\/p><p>Heimildir um nafni\u00f0 Sethlans \u00e1 speglum og \u00e1letrunum eru skr\u00e1\u00f0ar \u00ed Editio Minor Helmuts Rix, grundvallar epigraf\u00edsku safni etr\u00faska m\u00e1lheildarins. Til vi\u00f0b\u00f3tar eru n\u00fa Thesaurus Linguae Etruscae og gagnagrunnurinn ETP (Etruscan Texts Project) a\u00f0gengileg.<\/p><p>Umr\u00e6\u00f0an um or\u00f0sifjafr\u00e6\u00f0i Sethlans tengist v\u00ed\u00f0t\u00e6kari spurningu um uppruna Etr\u00faska. Her\u00f3d\u00f3tos nefndi L\u00fdd\u00edu sem uppruna, D\u00ed\u00f3n\u00fds\u00edos fr\u00e1 Halikarnassos h\u00e9lt fram \u00edtalskan uppruna. Tr\u00faars\u00f6gulega er \u00feetta mikilv\u00e6gt vegna m\u00f6gulegra tengsla vi\u00f0 sm\u00e1as\u00edska s\u00e9rtr\u00faars\u00f6fnu\u00f0i.<\/p><p>Samspil tungum\u00e1la- og \u00e1letranaranns\u00f3kna m\u00f3tar \u00ed dag einnig vinnu vi\u00f0 gu\u00f0heiti \u00e1 bor\u00f0 vi\u00f0 Sethlans. Stafr\u00e6n \u00fatg\u00e1fa etr\u00faskra texta \u00ed ETP (Etruscan Texts Project) au\u00f0veldar til muna samanbur\u00f0arranns\u00f3knir; Marie-Laurence Haack og Vincent Jolivet hafa lagt fram brautry\u00f0jandi ranns\u00f3knir um \u00feetta efni.<\/p>\t\t\t\t\t\t\t\t<\/div>\n\t\t\t\t<\/div>\n\t\t\t\t\t<\/div>\n\t\t\t\t<\/div>\n\t\t<div class=\"elementor-element elementor-element-iwgw-sethlans-s2 e-flex e-con-boxed e-con e-parent\" data-id=\"iwgw-sethlans-s2\" data-element_type=\"container\" data-e-type=\"container\">\n\t\t\t\t\t<div class=\"e-con-inner\">\n\t\t\t\t<div class=\"elementor-element elementor-element-iwgw-sethlans-s2h elementor-widget elementor-widget-heading\" data-id=\"iwgw-sethlans-s2h\" data-element_type=\"widget\" data-e-type=\"widget\" data-widget_type=\"heading.default\">\n\t\t\t\t\t<h2 class=\"elementor-heading-title elementor-size-default\">L\u00fdsing og myndlist<\/h2>\t\t\t\t<\/div>\n\t\t<div class=\"elementor-element elementor-element-iwgw-sethlans-s2c e-con-full e-flex e-con e-child\" data-id=\"iwgw-sethlans-s2c\" data-element_type=\"container\" data-e-type=\"container\">\n\t\t\t\t<div class=\"elementor-element elementor-element-iwgw-sethlans-s2t elementor-widget elementor-widget-text-editor\" data-id=\"iwgw-sethlans-s2t\" data-element_type=\"widget\" data-e-type=\"widget\" data-widget_type=\"text-editor.default\">\n\t\t\t\t\t\t\t\t\t<p>Sethlans er s\u00fdndur \u00ed etr\u00far\u00edskri list sem skeggja\u00f0ur ma\u00f0ur me\u00f0 verkf\u00e6ri, hamar, tengur, belg. Sums sta\u00f0ar er hann s\u00fdndur haltur, sem er teki\u00f0 beint \u00far gr\u00edskri Hefaistos-hef\u00f0 (Seifur kasta\u00f0i Hefaistos af \u00d3lympsfjalli og hann haltra\u00f0i eftir \u00fea\u00f0).<\/p><p>\u00c1 etr\u00far\u00edskum speglum (4.\/3. \u00f6ld f.Kr.) birtist Sethlans \u00ed go\u00f0sagnalegum atri\u00f0um, oft me\u00f0 \u00e1letrun. Eitt mikilv\u00e6gt atri\u00f0i s\u00fdnir hann sem lj\u00f3sm\u00f3\u00f0ur vi\u00f0 f\u00e6\u00f0ingu Menrvu \u00far h\u00f6f\u00f0i Tinia, bein hli\u00f0st\u00e6\u00f0a vi\u00f0 gr\u00edska Hefaistos, sem gerir hi\u00f0 sama vi\u00f0 f\u00e6\u00f0ingu A\u00feenu.<\/p><p>Sethlans birtist fyrst og fremst \u00e1 speglum og heyrir \u00feannig til \u00feess r\u00edka myndaefnis Etr\u00fara sem tr\u00faarbrag\u00f0afr\u00e6\u00f0ilega var\u00f0veitir vitneskju okkar \u00ed gegnum spegla, vasa, grafm\u00e1lverk og bronsverk. Larissa Bonfante hefur \u00ed ranns\u00f3knum s\u00ednum vi\u00f0urkennt \u00feetta myndm\u00e1l sem sj\u00e1lfst\u00e6\u00f0a hef\u00f0, ekki einungis afleidda.<\/p><p>\u00de\u00f3tt Sethlans birtist a\u00f0allega \u00e1 speglum, er grafm\u00e1lverki\u00f0 \u00ed Tarquinia, Cerveteri og Vulci enn ein helsta heimildin um tr\u00fa Etr\u00fara og eftirl\u00edfshugmyndir \u00feeirra. Veislu-, dans- og t\u00f3nlistarmyndir sem og go\u00f0sagnaleg atri\u00f0i s\u00fdna framhaldsl\u00edf eftir dau\u00f0ann sem \u00e1framhald l\u00edfsins.<\/p><p>Sethlans birtist \u00e1 speglum yfirleitt \u00ed fr\u00e1sagnarlegu samhengi, til d\u00e6mis vi\u00f0 f\u00e6\u00f0ingu Menrvu, og fellur \u00feannig a\u00f0 etr\u00far\u00edskri <span class=\"iwg-fachbegriff\" data-tooltip=\"Fr\u00e6\u00f0in um myndefni og merkingu \u00feess.\" tabindex=\"0\">helgimyndafr\u00e6\u00f0i<\/span>, sem hyllist til margf\u00edg\u00fara atri\u00f0a, fr\u00e1sagnartengsla og t\u00e1knr\u00e6nnar \u00fe\u00e9ttingar. \u00deetta myndm\u00e1l er rannsaka\u00f0 \u00ed tr\u00faart\u00e1knfr\u00e6\u00f0i Etr\u00fara.<\/p><p>Speglar me\u00f0 Sethlans tengja oft margar go\u00f0sagnalegar tilv\u00edsanir \u00e1 litlu sv\u00e6\u00f0i, sem er einkennandi fyrir etr\u00far\u00edska myndlist: einn hlutur getur bori\u00f0 fj\u00f6lda v\u00edsana samt\u00edmis. \u00deessi fr\u00e1sagnarlega \u00fe\u00e9tting krefst vandlegrar samhengisgreiningar af h\u00e1lfu fr\u00e6\u00f0imanna.<\/p>\t\t\t\t\t\t\t\t<\/div>\n\t\t\t\t<\/div>\n\t\t\t\t\t<\/div>\n\t\t\t\t<\/div>\n\t\t<div class=\"elementor-element elementor-element-iwgw-sethlans-s3 e-flex e-con-boxed e-con e-parent\" data-id=\"iwgw-sethlans-s3\" data-element_type=\"container\" data-e-type=\"container\">\n\t\t\t\t\t<div class=\"e-con-inner\">\n\t\t\t\t<div class=\"elementor-element elementor-element-iwgw-sethlans-s3h elementor-widget elementor-widget-heading\" data-id=\"iwgw-sethlans-s3h\" data-element_type=\"widget\" data-e-type=\"widget\" data-widget_type=\"heading.default\">\n\t\t\t\t\t<h2 class=\"elementor-heading-title elementor-size-default\">Go\u00f0sagnakenndar fr\u00e1sagnir<\/h2>\t\t\t\t<\/div>\n\t\t<div class=\"elementor-element elementor-element-iwgw-sethlans-s3c e-con-full e-flex e-con e-child\" data-id=\"iwgw-sethlans-s3c\" data-element_type=\"container\" data-e-type=\"container\">\n\t\t\t\t<div class=\"elementor-element elementor-element-iwgw-sethlans-s3t elementor-widget elementor-widget-text-editor\" data-id=\"iwgw-sethlans-s3t\" data-element_type=\"widget\" data-e-type=\"widget\" data-widget_type=\"text-editor.default\">\n\t\t\t\t\t\t\t\t\t<p>Etr\u00far\u00edskar sagnir um Sethlans fylgja a\u00f0 mestu gr\u00edskum fyrirmyndum, me\u00f0 sj\u00e1lfst\u00e6\u00f0um etr\u00far\u00edskum \u00e1herslum. F\u00e6\u00f0ing Menrvu, samband Afr\u00f3d\u00edtu og Hefaistos og sm\u00ed\u00f0i gu\u00f0legra vopna eru sta\u00f0fest \u00ed etr\u00far\u00edskri myndlist.<\/p><p>S\u00e9rstakar etr\u00far\u00edskar sagnir eru s\u00ed\u00f0ur sta\u00f0festar. \u00c1 nokkrum speglum birtist Sethlans \u00ed atri\u00f0um sem hafa enga gr\u00edska fyrirmynd, eigin \u00fatf\u00e6rslur e\u00f0a frumsamin efni etr\u00far\u00edskrar hef\u00f0ar.<\/p><p>Eins og me\u00f0 Sethlans eru engir fullm\u00f3ta\u00f0ir go\u00f0sagnatextar til, \u00fev\u00ed etr\u00far\u00edsk <span class=\"iwg-fachbegriff\" data-tooltip=\"Heildarsafn arfleiddra gu\u00f0asagna \u00ed tiltekinni menningu.\" tabindex=\"0\">go\u00f0afr\u00e6\u00f0i<\/span> hefur ekki var\u00f0veist \u00ed fullb\u00fanum fr\u00e1sagnartextum eins og hin gr\u00edska e\u00f0a r\u00f3mverska. Hana ver\u00f0ur a\u00f0 r\u00e1\u00f0a af myndheimildum, \u00e1letrunum og gr\u00edsk-r\u00f3mverskri s\u00ed\u00f0heimild, sem krefst s\u00e9rstakrar a\u00f0g\u00e1tar \u00ed a\u00f0fer\u00f0afr\u00e6\u00f0i.<\/p><p>Sethlans er n\u00e1i\u00f0 tengdur gr\u00edska Hefaistosi og s\u00fdnir hi\u00f0 marg\u00fe\u00e6tta samband milli \u00feessara tveggja go\u00f0afr\u00e6\u00f0ikerfa. Etr\u00farar t\u00f3ku upp margar gr\u00edskar sagnir um Akkilles, \u00d3dysseif e\u00f0a \u00d6dipus og g\u00e1fu \u00feeim \u00e1 sama t\u00edma eigin \u00e1herslur. \u00deessi a\u00f0l\u00f6gun er ranns\u00f6ku\u00f0 \u00edtarlega.<\/p><p>Sethlans starfar \u00e1 etr\u00far\u00edskum speglum \u00ed h\u00f3pi annarra gu\u00f0a, til d\u00e6mis sem lj\u00f3sm\u00f3\u00f0ir vi\u00f0 f\u00e6\u00f0ingu Menrvu. \u00dear s\u00e9st gu\u00f0ar\u00e1\u00f0i\u00f0 (consensus deorum) sem einkennandi \u00fe\u00e1ttur \u00ed etr\u00far\u00edskri <span class=\"iwg-fachbegriff\" data-tooltip=\"Fr\u00e6\u00f0ileg kenning um gu\u00f0 og tr\u00fa \u00ed tiltekinni tr\u00faarbr\u00f6g\u00f0um.\" tabindex=\"0\">gu\u00f0fr\u00e6\u00f0i<\/span>: Tinia starfar ekki einn, heldur r\u00e1\u00f0gast vi\u00f0 a\u00f0ra. \u00deetta hugtak er s\u00e9rstakt fyrirb\u00e6ri \u00ed tr\u00faarbrag\u00f0afr\u00e6\u00f0ilegu samhengi.<\/p><p>Um Sethlans gildir l\u00edka: Go\u00f0sagnaarfleif\u00f0 Etr\u00fara er ekki var\u00f0veitt \u00ed samfelldum fr\u00e1s\u00f6gnum, heldur er h\u00fan endurger\u00f0 \u00far myndatri\u00f0um, \u00e1letrunum og s\u00ed\u00f0heimildum. Mikilv\u00e6g a\u00f0fer\u00f0 tengir saman etr\u00far\u00edska \u00e1letrun, gr\u00edska myndfyrirmynd og samhengislestur, sem krefst vanda\u00f0rar t\u00falkunar.<\/p>\t\t\t\t\t\t\t\t<\/div>\n\t\t\t\t<\/div>\n\t\t\t\t\t<\/div>\n\t\t\t\t<\/div>\n\t\t<div class=\"elementor-element elementor-element-iwgw-sethlans-s4 e-flex e-con-boxed e-con e-parent\" data-id=\"iwgw-sethlans-s4\" data-element_type=\"container\" data-e-type=\"container\">\n\t\t\t\t\t<div class=\"e-con-inner\">\n\t\t\t\t<div class=\"elementor-element elementor-element-iwgw-sethlans-s4h elementor-widget elementor-widget-heading\" data-id=\"iwgw-sethlans-s4h\" data-element_type=\"widget\" data-e-type=\"widget\" data-widget_type=\"heading.default\">\n\t\t\t\t\t<h2 class=\"elementor-heading-title elementor-size-default\">Sethlans og etr\u00far\u00edska handverkshef\u00f0in<\/h2>\t\t\t\t<\/div>\n\t\t<div class=\"elementor-element elementor-element-iwgw-sethlans-s4c e-con-full e-flex e-con e-child\" data-id=\"iwgw-sethlans-s4c\" data-element_type=\"container\" data-e-type=\"container\">\n\t\t\t\t<div class=\"elementor-element elementor-element-iwgw-sethlans-s4t elementor-widget elementor-widget-text-editor\" data-id=\"iwgw-sethlans-s4t\" data-element_type=\"widget\" data-e-type=\"widget\" data-widget_type=\"text-editor.default\">\n\t\t\t\t\t\t\t\t\t<p>Etr\u00fask handverkshef\u00f0 naut mikillar vir\u00f0ingar \u00e1 <span class=\"iwg-fachbegriff\" data-tooltip=\"T\u00edmabil gr\u00edskrar og r\u00f3mverskrar menningar, u.\u00fe.b. 800 f.Kr. til 600 e.Kr.\" tabindex=\"0\">forn\u00f6ld<\/span>. Etr\u00faskir bronsmunir, leirker og gull- og silfursm\u00ed\u00f0i voru seld um alla \u00cdtal\u00edu og \u00e1 Mi\u00f0jar\u00f0arhafssv\u00e6\u00f0inu. \u00deessi h\u00e1\u00fer\u00f3a\u00f0a handverkshef\u00f0 f\u00e9kk tr\u00faarlega birtingarmynd s\u00edna \u00ed Sethlans.<\/p><p>Handverksmenn \u00e1k\u00f6llu\u00f0u Sethlans sem verndard\u00fdrling, f\u00e6r\u00f0u honum <span class=\"iwg-fachbegriff\" data-tooltip=\"Gj\u00f6f til gu\u00f0d\u00f3ms til a\u00f0 tj\u00e1 \u00feakkl\u00e6ti, b\u00e6n e\u00f0a lotningu.\" tabindex=\"0\">f\u00f3rnir<\/span> og settu upp styttur af Sethlans \u00ed verkst\u00e6\u00f0um s\u00ednum. Tengsl tr\u00faarbrag\u00f0a og efnahagsl\u00edfs koma h\u00e9r sk\u00fdrt fram.<\/p><p>Sp\u00e1d\u00f3mskerfi Etr\u00faska, Disciplina Etrusca, sameina\u00f0i innyflasp\u00e1 (haruspicina), eldingat\u00falkun (fulguratio) og fuglasp\u00e1 (auspicia). Etr\u00faskar mi\u00f0lu\u00f0u \u00feessu kerfi til R\u00f3mverja, \u00fear sem \u00fea\u00f0 h\u00e9lst lifandi i\u00f0kun allt fram \u00e1 4. \u00f6ld e.Kr.; Cicero og Seneca hafa l\u00fdst \u00fev\u00ed \u00edtarlega.<\/p><p>Mi\u00f0lun Disciplina Etrusca f\u00f3r fram \u00ed s\u00e9rh\u00e6f\u00f0um prestask\u00f3lum, bygg\u00f0 \u00e1 Libri Rituales, Libri Haruspicini og Libri Fulgurales. \u00deessir textar eru glata\u00f0ir en m\u00e1 a\u00f0 hluta til endurgera \u00fat fr\u00e1 tilvitnunum hj\u00e1 Cicero, Festus og Macrobius.<\/p><p><span class=\"iwg-fachbegriff\" data-tooltip=\"Heild tr\u00faarlegra tilbei\u00f0sluathafna gagnvart gu\u00f0d\u00f3mi e\u00f0a heilagri veru.\" tabindex=\"0\">D\u00fdrkun<\/span> Etr\u00faska \u00e1 Sethlans var mj\u00f6g b\u00e6jarbundin. Veji, \u00fea\u00f0an sem listama\u00f0urinn Vulca var upprunninn og tengist bronslistinni undir verndarhendi Sethlans, haf\u00f0i s\u00edna eigin h\u00f6fu\u00f0d\u00fdrkun, sem einnig \u00e1tti s\u00e9r sta\u00f0 \u00ed Tarquinia, Caere, Vulci, Clusium, Volsinii, Cortona, Perugia, Arezzo, Volterra, Populonia og Roselle.<\/p><p>Disciplina Etrusca er samhangandi tr\u00faarlegt og sp\u00e1d\u00f3mslegt kerfi og telst til hinna h\u00e1\u00fer\u00f3u\u00f0ustu sp\u00e1d\u00f3msa\u00f0fer\u00f0a fornaldarheimsins. R\u00f3mverjar t\u00f3ku hana upp me\u00f0 kerfisbundnum h\u00e6tti og i\u00f0ku\u00f0u hana fram \u00e1 s\u00ed\u00f0ari hluta <span class=\"iwg-fachbegriff\" data-tooltip=\"T\u00edmabil gr\u00edskrar og r\u00f3mverskrar menningar, u.\u00fe.b. 800 f.Kr. til 600 e.Kr.\" tabindex=\"0\">fornaldar<\/span>, sem er s\u00f6gulega merkilegt samfellut\u00edmabil.<\/p>\t\t\t\t\t\t\t\t<\/div>\n\t\t\t\t<\/div>\n\t\t\t\t\t<\/div>\n\t\t\t\t<\/div>\n\t\t<div class=\"elementor-element elementor-element-iwgw-sethlans-s5 e-flex e-con-boxed e-con e-parent\" data-id=\"iwgw-sethlans-s5\" data-element_type=\"container\" data-e-type=\"container\">\n\t\t\t\t\t<div class=\"e-con-inner\">\n\t\t\t\t<div class=\"elementor-element elementor-element-iwgw-sethlans-s5h elementor-widget elementor-widget-heading\" data-id=\"iwgw-sethlans-s5h\" data-element_type=\"widget\" data-e-type=\"widget\" data-widget_type=\"heading.default\">\n\t\t\t\t\t<h2 class=\"elementor-heading-title elementor-size-default\">Kult og athafnir<\/h2>\t\t\t\t<\/div>\n\t\t<div class=\"elementor-element elementor-element-iwgw-sethlans-s5c e-con-full e-flex e-con e-child\" data-id=\"iwgw-sethlans-s5c\" data-element_type=\"container\" data-e-type=\"container\">\n\t\t\t\t<div class=\"elementor-element elementor-element-iwgw-sethlans-s5t elementor-widget elementor-widget-text-editor\" data-id=\"iwgw-sethlans-s5t\" data-element_type=\"widget\" data-e-type=\"widget\" data-widget_type=\"text-editor.default\">\n\t\t\t\t\t\t\t\t\t<p>Sethlans var d\u00fdrka\u00f0ur \u00ed eigin hofum og \u00e1tr\u00fana\u00f0arst\u00f6\u00f0um. S\u00e9rstaklega \u00ed borgum me\u00f0 umfangsmikla m\u00e1lmvinnslu &#8211; Populonia, Vetulonia, Volsinii &#8211; var <span class=\"iwg-fachbegriff\" data-tooltip=\"\u00d6ll \u00feau tr\u00faarlegu ath\u00f6fn sem fram fer til d\u00fdrkunar \u00e1 gu\u00f0i e\u00f0a heilagri v\u00e6tti.\" tabindex=\"0\">tilbei\u00f0sla<\/span> hans mikilv\u00e6g. Populonia var mikilv\u00e6gasta m\u00e1lmvinnsluborg etr\u00faska sv\u00e6\u00f0isins me\u00f0 j\u00e1rnvinnslu fr\u00e1 Elbu.<\/p><p>Athafnir f\u00f3lu \u00ed s\u00e9r <span class=\"iwg-fachbegriff\" data-tooltip=\"Gj\u00f6f til gu\u00f0s til a\u00f0 tj\u00e1 \u00feakkl\u00e6ti, b\u00f3n e\u00f0a tilbei\u00f0slu.\" tabindex=\"0\">f\u00f3rnir<\/span> (s\u00e9rstaklega v\u00edn, brau\u00f0 og litlar bronsstyttur), b\u00e6nir og athafnir \u00ed sm\u00ed\u00f0ah\u00fasum. \u00c1\u00f0ur en n\u00fd sm\u00ed\u00f0ja var opnu\u00f0 var Sethlans \u00e1kalla\u00f0ur.<\/p><p>Hofbyggingar Etr\u00faska, \u00fear sem bronsgrei\u00f0endur og handverksmenn undir handlei\u00f0slu Sethlans t\u00f3ku \u00fe\u00e1tt, fylgdu sj\u00e1lfst\u00e6\u00f0um Tuscanus-st\u00edl me\u00f0 eigin s\u00falnaskipan, sem Vitr\u00fav\u00edus l\u00fdsir \u00ed De Architectura. Grunnmyndirnar leggja \u00e1herslu \u00e1 cella og brei\u00f0an framgang og eru \u00feannig greinilega fr\u00e1brug\u00f0nar gr\u00edskum fyrirmyndum.<\/p><p>Etr\u00fask <span class=\"iwg-fachbegriff\" data-tooltip=\"Bygging sem er tileinku\u00f0 d\u00fdrkun einnar e\u00f0a fleiri gu\u00f0a.\" tabindex=\"0\">hof<\/span> voru oft mikilfengleg. J\u00fap\u00edters-<span class=\"iwg-fachbegriff\" data-tooltip=\"Bygging sem er tileinku\u00f0 d\u00fdrkun einnar e\u00f0a fleiri gu\u00f0a.\" tabindex=\"0\">hofi\u00f0<\/span> \u00e1 Capitolium \u00ed R\u00f3m var byggt af etr\u00faskum arkitektum og listam\u00f6nnum, fremstur me\u00f0al \u00feeirra Vulca fr\u00e1 Veji, en verk hans endurspegla eldbundi\u00f0 handverk undir handlei\u00f0slu Sethlans; byggingin er talin til vitnis um etr\u00faska tr\u00faarh\u00e6tti \u00ed fornri R\u00f3m.<\/p><p>T\u00f3lf borgir etr\u00faska bandalagsins komu saman \u00e1rlega vi\u00f0 Fanum Voltumnae n\u00e1l\u00e6gt Volsinii til tr\u00faarlegra og stj\u00f3rnm\u00e1lalegra funda. Voltumna, bandalagsgu\u00f0 etr\u00faska r\u00edkjasambandsins, haf\u00f0i yfirgripsmikla tr\u00faarlega \u00fe\u00fd\u00f0ingu.<\/p><p>Etr\u00fask <span class=\"iwg-fachbegriff\" data-tooltip=\"Bygging sem er tileinku\u00f0 d\u00fdrkun einnar e\u00f0a fleiri gu\u00f0a.\" tabindex=\"0\">hof<\/span> st\u00f3\u00f0u oft \u00e1 grunni \u00far tufsteini, h\u00f6f\u00f0u efri byggingar \u00far timbri og voru skreytt terracotta. Hi\u00f0 fr\u00e6ga Apollon-l\u00edkneski fr\u00e1 Veji, gert af Vulca, en verk hans tilheyra eldbundnu handverki undir handlei\u00f0slu Sethlans, er tali\u00f0 a\u00f0al arkitekt\u00f3n\u00edk- og tr\u00faarvitni \u00feessarar hef\u00f0ar.<\/p>\t\t\t\t\t\t\t\t<\/div>\n\t\t\t\t<\/div>\n\t\t\t\t\t<\/div>\n\t\t\t\t<\/div>\n\t\t<div class=\"elementor-element elementor-element-iwgw-sethlans-s6 e-flex e-con-boxed e-con e-parent\" data-id=\"iwgw-sethlans-s6\" data-element_type=\"container\" data-e-type=\"container\">\n\t\t\t\t\t<div class=\"e-con-inner\">\n\t\t\t\t<div class=\"elementor-element elementor-element-iwgw-sethlans-s6h elementor-widget elementor-widget-heading\" data-id=\"iwgw-sethlans-s6h\" data-element_type=\"widget\" data-e-type=\"widget\" data-widget_type=\"heading.default\">\n\t\t\t\t\t<h2 class=\"elementor-heading-title elementor-size-default\">Verndarhef\u00f0ir<\/h2>\t\t\t\t<\/div>\n\t\t<div class=\"elementor-element elementor-element-iwgw-sethlans-s6c e-con-full e-flex e-con e-child\" data-id=\"iwgw-sethlans-s6c\" data-element_type=\"container\" data-e-type=\"container\">\n\t\t\t\t<div class=\"elementor-element elementor-element-iwgw-sethlans-s6t elementor-widget elementor-widget-text-editor\" data-id=\"iwgw-sethlans-s6t\" data-element_type=\"widget\" data-e-type=\"widget\" data-widget_type=\"text-editor.default\">\n\t\t\t\t\t\t\t\t\t<p>Sethlans var \u00ed verndarsamhengi fyrst og fremst \u00e1kalla\u00f0ur af handverksm\u00f6nnum. \u00deeir sem unnu me\u00f0 eldi, sem notu\u00f0u verkf\u00e6ri, sem stundu\u00f0u t\u00e6knilega krefjandi vinnu, sneru s\u00e9r til Sethlans. \u00deessi framkv\u00e6md er tr\u00faarlega \u00e1hugaver\u00f0 fr\u00e1 fyrirb\u00e6rafr\u00e6\u00f0ilegu sj\u00f3narmi\u00f0i: h\u00fan s\u00fdnir hvernig gu\u00f0 fellir t\u00e6knilega og handverkslega i\u00f0ju inn \u00ed tr\u00faarlegan ramma.<\/p><p><span class=\"iwg-fachbegriff\" data-tooltip=\"Ill\u00e1leiti\u00f0: um t\u00e1kn og hluti sem \u00e6tla\u00f0 er a\u00f0 halda ska\u00f0legum \u00e1hrifum \u00ed fjarl\u00e6g\u00f0.\" tabindex=\"0\">Aversion-t\u00e1knr\u00e6nt<\/span> var Sethlans \u00e1kalla\u00f0ur gegn eldsvo\u00f0ah\u00e6ttu. H\u00fasgo\u00f0askr\u00edn \u00ed handverks- og i\u00f0na\u00f0arhverfum innih\u00e9ldu oft litlar styttur af Sethlans.<\/p><p><span data-nosnippet>Til etr\u00faskrar verndari\u00f0kunar heyr\u00f0u fj\u00f6lm\u00f6rg verndart\u00e1kn: fallosskraut, Gorgoneion-myndir, augasymbol, bullae og \u00e1kve\u00f0nar form\u00falur. Larissa Bonfante hefur rannsaka\u00f0 myndm\u00e1l \u00feeirra \u00ed Etruscan Mirrors (1980 o.\u00e1fr.).<\/span><\/p><p>Verndart\u00e1kn eins og auga Tinia, fallosskraut og Gorgoneia voru v\u00ed\u00f0a \u00fatbreidd \u00ed etr\u00faskri menningu. \u00deau skreyttu <span class=\"iwg-fachbegriff\" data-tooltip=\"Bygging sem er tileinku\u00f0 d\u00fdrkun einnar e\u00f0a fleiri gu\u00f0a.\" tabindex=\"0\">hof<\/span>, grafh\u00fdsi, h\u00fasgo\u00f0askr\u00edn og pers\u00f3nulega hluti; r\u00f3mverskur og mi\u00f0jar\u00f0arhafslegur <span class=\"iwg-fachbegriff\" data-tooltip=\"Tr\u00faarlegar hugmyndir og si\u00f0ir sem eru \u00fatbreiddir \u00ed daglegu l\u00edfi.\" tabindex=\"0\">\u00fej\u00f3\u00f0tr\u00fa<\/span> h\u00e9lt \u00feessari framkv\u00e6md \u00e1fram.<\/p><p>Verndari\u00f0kunin var \u00ed etr\u00fasku samhengi n\u00e1i\u00f0 tengd Disciplina Etrusca. \u00c1\u00f0ur en mikilv\u00e6gar a\u00f0ger\u00f0ir eins og borgarstofnun, herfer\u00f0 e\u00f0a h\u00fasbygging voru ger\u00f0ar var leita\u00f0 sp\u00e1d\u00f3msr\u00e1\u00f0gjafar.<\/p><p>\u00cd etr\u00faskri tr\u00fa tengjast verndarhef\u00f0 og Disciplina Etrusca n\u00e1i\u00f0 saman. S\u00e1 sem h\u00e9lt verndarath\u00f6fn spur\u00f0i oft samt\u00edmis Haruspex e\u00f0a Augur r\u00e1\u00f0a. \u00deessi stofnanalegu tengsl eru v\u00edsindalega einkennandi.<\/p>\t\t\t\t\t\t\t\t<\/div>\n\t\t\t\t<\/div>\n\t\t\t\t\t<\/div>\n\t\t\t\t<\/div>\n\t\t<div class=\"elementor-element elementor-element-iwgw-sethlans-s7 e-flex e-con-boxed e-con e-parent\" data-id=\"iwgw-sethlans-s7\" data-element_type=\"container\" data-e-type=\"container\">\n\t\t\t\t\t<div class=\"e-con-inner\">\n\t\t\t\t<div class=\"elementor-element elementor-element-iwgw-sethlans-s7h elementor-widget elementor-widget-heading\" data-id=\"iwgw-sethlans-s7h\" data-element_type=\"widget\" data-e-type=\"widget\" data-widget_type=\"heading.default\">\n\t\t\t\t\t<h2 class=\"elementor-heading-title elementor-size-default\">Hli\u00f0st\u00e6\u00f0ur \u00ed \u00f6\u00f0rum menningarheimum<\/h2>\t\t\t\t<\/div>\n\t\t<div class=\"elementor-element elementor-element-iwgw-sethlans-s7c e-con-full e-flex e-con e-child\" data-id=\"iwgw-sethlans-s7c\" data-element_type=\"container\" data-e-type=\"container\">\n\t\t\t\t<div class=\"elementor-element elementor-element-iwgw-sethlans-s7t elementor-widget elementor-widget-text-editor\" data-id=\"iwgw-sethlans-s7t\" data-element_type=\"widget\" data-e-type=\"widget\" data-widget_type=\"text-editor.default\">\n\t\t\t\t\t\t\t\t\t<p>Sethlans samsvarar a\u00f0 hlutverki gr\u00edska gu\u00f0inum Hefaistos og r\u00f3mverska gu\u00f0inum Vulcanus. \u00cd tr\u00faars\u00f6gulegum samanbur\u00f0i m\u00e1 tengja hann \u00f6\u00f0rum sm\u00ed\u00f0agu\u00f0um: Ptah (egypskum), Tvashtri (v\u00e9d\u00edskum), V\u00e4in\u00e4m\u00f6inen (finnskum \u00ed sm\u00ed\u00f0ahlutverki), Goibniu (keltneskum).<\/p><p>Hugmyndin um haltan sm\u00ed\u00f0agu\u00f0 er \u00e1hugaver\u00f0 fr\u00e1 fyrirb\u00e6rafr\u00e6\u00f0ilegu sj\u00f3narmi\u00f0i. Mircea Eliade rannsaka\u00f0i \u00feessa hef\u00f0 kerfisbundi\u00f0 \u00ed <em>The Forge and the Crucible<\/em> (1956) og s\u00fdndi a\u00f0 haltan m\u00e1 oft rekja til tr\u00faarlegra v\u00edgslut\u00e1ta sm\u00ed\u00f0anema.<\/p><p>Interpretatio Romana endursk\u00edr\u00f0i etr\u00faska gu\u00f0i me\u00f0 r\u00f3mverskum n\u00f6fnum: Tinia var\u00f0 J\u00fap\u00edter, Uni var\u00f0 J\u00fan\u00f3, Menrva var\u00f0 M\u00ednerva. Sl\u00edkar samsemdir voru a\u00f0 mestu s\u00e9rt\u00e6kar; ranns\u00f3knir s\u00ed\u00f0ustu fimmt\u00edu \u00e1ra kanna hva\u00f0 var\u00f0veittist af etr\u00faskri s\u00e9rst\u00f6\u00f0u.<\/p><p>Etr\u00fask tr\u00fa hefur fj\u00f6lm\u00f6rg snertipunkta vi\u00f0 anat\u00f3l\u00edskar, f\u00f6nik\u00edskar og austurlenskar hef\u00f0ir. Pyrgi-t\u00f6flurnar sanna f\u00f6nik\u00edska millimi\u00f0lun; \u00feessi Mi\u00f0jar\u00f0arhafstengsl eru mikilv\u00e6gt ranns\u00f3knarsvi\u00f0 s\u00ed\u00f0ustu \u00e1ratuga.<\/p><p>\u00cd tr\u00faars\u00f6gulegum samanbur\u00f0i fellur etr\u00fask <span class=\"iwg-fachbegriff\" data-tooltip=\"\u00d6ll \u00feau tr\u00faarlegu ath\u00f6fn sem fram fer til d\u00fdrkunar \u00e1 gu\u00f0i e\u00f0a heilagri v\u00e6tti.\" tabindex=\"0\">tilbei\u00f0sla<\/span> undir mi\u00f0jar\u00f0arhafslega tr\u00faarfj\u00f6lskyldu, me\u00f0 tengslum til Grikklands, F\u00f6nik\u00edu, Egyptalands, Anat\u00f3l\u00edu og Lat\u00edum. \u00deessi tengslanet er mikilv\u00e6gt ranns\u00f3knarsvi\u00f0.<\/p><p>\u00cd tr\u00faars\u00f6gulegum samanbur\u00f0i hefur etr\u00fask tr\u00fa snertipunkta vi\u00f0 fj\u00f6lmargar a\u00f0rar mi\u00f0jar\u00f0arhafshef\u00f0ir. En h\u00fan er sj\u00e1lfst\u00e6\u00f0 og ekki einfaldlega blendingsform. \u00deessi sj\u00e1lfst\u00e6\u00f0i er ni\u00f0ursta\u00f0a n\u00fat\u00edmaranns\u00f3kna s\u00ed\u00f0ustu 50 \u00e1ra.<\/p>\t\t\t\t\t\t\t\t<\/div>\n\t\t\t\t<\/div>\n\t\t\t\t\t<\/div>\n\t\t\t\t<\/div>\n\t\t<div class=\"elementor-element elementor-element-iwgw-sethlans-s8 e-flex e-con-boxed e-con e-parent\" data-id=\"iwgw-sethlans-s8\" data-element_type=\"container\" data-e-type=\"container\">\n\t\t\t\t\t<div class=\"e-con-inner\">\n\t\t\t\t<div class=\"elementor-element elementor-element-iwgw-sethlans-s8h elementor-widget elementor-widget-heading\" data-id=\"iwgw-sethlans-s8h\" data-element_type=\"widget\" data-e-type=\"widget\" data-widget_type=\"heading.default\">\n\t\t\t\t\t<h2 class=\"elementor-heading-title elementor-size-default\">Ranns\u00f3knir n\u00fat\u00edmans<\/h2>\t\t\t\t<\/div>\n\t\t<div class=\"elementor-element elementor-element-iwgw-sethlans-s8c e-con-full e-flex e-con e-child\" data-id=\"iwgw-sethlans-s8c\" data-element_type=\"container\" data-e-type=\"container\">\n\t\t\t\t<div class=\"elementor-element elementor-element-iwgw-sethlans-s8t elementor-widget elementor-widget-text-editor\" data-id=\"iwgw-sethlans-s8t\" data-element_type=\"widget\" data-e-type=\"widget\" data-widget_type=\"text-editor.default\">\n\t\t\t\t\t\t\t\t\t<p>Ranns\u00f3knir \u00e1 Sethlans nj\u00f3ta g\u00f3\u00f0s af v\u00ed\u00f0t\u00e6kum ranns\u00f3knum \u00e1 handverkshef\u00f0 Etr\u00fara. Mikilv\u00e6g framl\u00f6g hafa komi\u00f0 fr\u00e1 Larissu Bonfante, Friedhelm Prayon og Andrea Camilli.<\/p><p>Ranns\u00f3knin tengir saman tr\u00faarbr\u00f6g\u00f0, <span class=\"iwg-fachbegriff\" data-tooltip=\"Fr\u00e6\u00f0igrein sem rannsakar fyrri menningarsamf\u00e9l\u00f6g \u00fat fr\u00e1 efnislegum fundum.\" tabindex=\"0\">fornleifafr\u00e6\u00f0i<\/span> verkst\u00e6\u00f0anna og s\u00f6gu t\u00e6kni\u00fer\u00f3unar. \u00deetta \u00feverfaglega sj\u00f3narhorn opnar n\u00fdja inns\u00fdn.<\/p><p>\u00cd dag er tr\u00fa Etr\u00fara \u00ed brennidepli al\u00fej\u00f3\u00f0legra ranns\u00f3kna. Mikilv\u00e6gar ranns\u00f3knarmi\u00f0st\u00f6\u00f0var eru h\u00e1sk\u00f3larnir \u00ed Fl\u00f3rens, R\u00f3m (Sapienza), P\u00edsa, T\u00fcbingen og Princeton; nokkrar al\u00fej\u00f3\u00f0legar r\u00e1\u00f0stefnur \u00e1 \u00e1ri fjalla um einstaka \u00fe\u00e6tti \u00feessarar tr\u00faar.<\/p><p>Stafr\u00e6nar a\u00f0fer\u00f0ir m\u00f3ta \u00ed dag al\u00fej\u00f3\u00f0leg ranns\u00f3knarverkefni um tr\u00fa Etr\u00fara: \u00fer\u00edv\u00edddarsk\u00f6nnun \u00e1 hofum og gr\u00f6fum, gagnagrunnar um \u00e1letranir og myndheimildir, auk landfr\u00e6\u00f0ilegra greininga (GIS) \u00e1 bygg\u00f0amynstri Etr\u00fara. \u00de\u00e6r opna n\u00fdja inns\u00fdn.<\/p><p>N\u00faverandi ranns\u00f3knir \u00e1 Etr\u00farum eru mi\u00f0la\u00f0ar me\u00f0 s\u00fdningum, me\u00f0al annars \u00ed Vat\u00edkansafninu, Museo Nazionale Etrusco di Villa Giulia og Boston Museum of Fine Arts, og me\u00f0 fj\u00f6lda \u00fatgefinna verka.<\/p>\t\t\t\t\t\t\t\t<\/div>\n\t\t\t\t<\/div>\n\t\t\t\t\t<\/div>\n\t\t\t\t<\/div>\n\t\t<div class=\"elementor-element elementor-element-iwgw-sethlans-s9 e-flex e-con-boxed e-con e-parent\" data-id=\"iwgw-sethlans-s9\" data-element_type=\"container\" data-e-type=\"container\">\n\t\t\t\t\t<div class=\"e-con-inner\">\n\t\t\t\t<div class=\"elementor-element elementor-element-iwgw-sethlans-s9h elementor-widget elementor-widget-heading\" data-id=\"iwgw-sethlans-s9h\" data-element_type=\"widget\" data-e-type=\"widget\" data-widget_type=\"heading.default\">\n\t\t\t\t\t<h2 class=\"elementor-heading-title elementor-size-default\">Heimildir og sta\u00f0a ranns\u00f3kna<\/h2>\t\t\t\t<\/div>\n\t\t<div class=\"elementor-element elementor-element-iwgw-sethlans-s9c e-con-full e-flex e-con e-child\" data-id=\"iwgw-sethlans-s9c\" data-element_type=\"container\" data-e-type=\"container\">\n\t\t\t\t<div class=\"elementor-element elementor-element-iwgw-sethlans-s9t elementor-widget elementor-widget-text-editor\" data-id=\"iwgw-sethlans-s9t\" data-element_type=\"widget\" data-e-type=\"widget\" data-widget_type=\"text-editor.default\">\n\t\t\t\t\t\t\t\t\t<p>Mikilv\u00e6gustu heimildirnar fyrir ranns\u00f3knir \u00e1 Sethlans eru etr\u00farsku speglarnir me\u00f0 \u00e1letrunum, fornleifafundir \u00far handverkshverfum (Populonia, Vetulonia) og etr\u00farskar \u00e1letranir. <em>Editio Minor<\/em> Helmuts Rix safnar saman \u00feessu \u00e1letrunarefni.<\/p><p>\u00cdtarleg sta\u00f0setning innan <a href=\"https:\/\/iwell-guard.com\/is\/etruskisk-trubrogd-haruspex-disciplina\/\">tr\u00faars\u00f6gu Etr\u00fara<\/a> \u00ed heild s\u00fdnir hvernig skilja m\u00e1 Sethlans \u00ed tengslaneti vi\u00f0 Tinia, Menrva og a\u00f0ra Atua. \u00deessi samtenging er v\u00edsindalega mikilv\u00e6g.<\/p><p>Heimildir um tr\u00fa Etr\u00fara eru margv\u00edslegar: \u00e1letranir eins og Editio Minor Helmuts Rix, fornleifafundir, myndheimildir og fr\u00e6\u00f0irit. \u00deessi fj\u00f6lbreytta heimildasta\u00f0a krefst \u00feverfaglegrar n\u00e1lgunar, og n\u00fdrri ranns\u00f3knir tengja saman textafr\u00e6\u00f0i, <span class=\"iwg-fachbegriff\" data-tooltip=\"Fr\u00e6\u00f0igrein sem rannsakar fyrri menningarsamf\u00e9l\u00f6g \u00fat fr\u00e1 efnislegum fundum.\" tabindex=\"0\">fornleifafr\u00e6\u00f0i<\/span>, <span class=\"iwg-fachbegriff\" data-tooltip=\"Fr\u00e6\u00f0igreinin sem rannsakar tr\u00faarbr\u00f6g\u00f0 \u00e1 samanbur\u00f0arlegan h\u00e1tt og \u00e1n tr\u00faarlegrar bindingar.\" tabindex=\"0\">tr\u00faarbrag\u00f0afr\u00e6\u00f0i<\/span> og manneskjufr\u00e6\u00f0i \u00e1 kerfisbundinn h\u00e1tt.<\/p><p>Heimildar\u00fdni \u00e1 svi\u00f0i tr\u00faar Etr\u00fara krefst \u00feekkingar \u00e1 b\u00e6\u00f0i eigin heimildum Etr\u00fara og gr\u00edsk-r\u00f3mverskri s\u00ed\u00f0ari hef\u00f0. Svo krefjandi sem \u00feetta tv\u00f6falda sj\u00f3narhorn er, er \u00fea\u00f0 \u00f3missandi fyrir vi\u00f0eigandi tr\u00faars\u00f6gulega endurger\u00f0.<\/p><p>\u00cdtarleg sta\u00f0setning innan tr\u00faars\u00f6gu Etr\u00fara krefst \u00feekkingar \u00e1 \u00e1letrunarlegum, fornleifafr\u00e6\u00f0ilegum og b\u00f3kmenntalegum heimildum, jafnt sem n\u00fat\u00edma <span class=\"iwg-fachbegriff\" data-tooltip=\"Fr\u00e6\u00f0igreinin sem rannsakar tr\u00faarbr\u00f6g\u00f0 \u00e1 samanbur\u00f0arlegan h\u00e1tt og \u00e1n tr\u00faarlegrar bindingar.\" tabindex=\"0\">tr\u00faarbrag\u00f0afr\u00e6\u00f0i<\/span>. Sl\u00edk marg\u00fe\u00e6tt greining er sta\u00f0all \u00ed ranns\u00f3knum.<\/p>\t\t\t\t\t\t\t\t<\/div>\n\t\t\t\t<\/div>\n\t\t\t\t\t<\/div>\n\t\t\t\t<\/div>\n\t\t<div class=\"elementor-element elementor-element-cp2b0be0db e-flex e-con-boxed e-con e-parent\" data-id=\"cp2b0be0db\" data-element_type=\"container\" data-e-type=\"container\">\n\t\t\t\t\t<div class=\"e-con-inner\">\n\t\t\t\t<div class=\"elementor-element elementor-element-cp27aa6866 elementor-widget elementor-widget-heading\" data-id=\"cp27aa6866\" data-element_type=\"widget\" data-e-type=\"widget\" data-widget_type=\"heading.default\">\n\t\t\t\t\t<h2 class=\"elementor-heading-title elementor-size-default\">Sethlans \u00e1 bronslifrinni fr\u00e1 Piacenza<\/h2>\t\t\t\t<\/div>\n\t\t<div class=\"elementor-element elementor-element-cp272c8a3c e-flex e-con-boxed e-con e-child\" data-id=\"cp272c8a3c\" data-element_type=\"container\" data-e-type=\"container\">\n\t\t\t\t\t<div class=\"e-con-inner\">\n\t\t\t\t<div class=\"elementor-element elementor-element-cp2b979ccf elementor-widget elementor-widget-text-editor\" data-id=\"cp2b979ccf\" data-element_type=\"widget\" data-e-type=\"widget\" data-widget_type=\"text-editor.default\">\n\t\t\t\t\t\t\t\t\t<p>Ein mikilv\u00e6gasta heimildin um gu\u00f0aheim Etr\u00fara, og \u00fear me\u00f0 einnig um Sethlans, er svok\u00f6llu\u00f0 bronslifur fr\u00e1 Piacenza, bronsl\u00edkan af sau\u00f0alifur sem fannst 1877 \u00e1 P\u00f3-sl\u00e9ttunni.<\/p><p>Gripurinn, sem n\u00fa er var\u00f0veittur \u00ed Museo Civico \u00ed Piacenza, er skiptur \u00ed sv\u00e6\u00f0i sem eru merkt me\u00f0 \u00e1letru\u00f0um gu\u00f0an\u00f6fnum \u00e1 j\u00f6\u00f0runum. Tali\u00f0 er a\u00f0 hann hafi \u00fej\u00f3na\u00f0 sem kennslu- e\u00f0a hj\u00e1lpart\u00e6ki fyrir <em>haruspices<\/em>, etr\u00farska lifrarsp\u00e1menn sem leitu\u00f0u a\u00f0 vilja gu\u00f0anna \u00fat fr\u00e1 \u00fatliti f\u00f3rnarlifurs.<\/p><p>\u00c1 bronslifrinni birtist nafn sem margir fr\u00e6\u00f0imenn tengja vi\u00f0 <em>Cilens<\/em> e\u00f0a \u00ed umr\u00e6\u00f0unni vi\u00f0 Sethlans; n\u00e1kv\u00e6m tenging og lestur einstakra sv\u00e6\u00f0a er \u00fe\u00f3 enn til ranns\u00f3knar.<\/p><p>\u00dea\u00f0 sem er \u00f6ruggt er a\u00f0 gripurinn s\u00fdnir \u00e1kve\u00f0na r\u00famfr\u00e6\u00f0ilega skipan himinsins: \u00e1kve\u00f0nir gu\u00f0ir eru tengdir \u00e1kve\u00f0num himinsv\u00e6\u00f0um, og sta\u00f0setning fundar \u00e1 f\u00f3rnarlifrinni var tengd \u00feessari skipan. Sethlans, sem eldgu\u00f0 og sm\u00ed\u00f0agu\u00f0, hef\u00f0i haft \u00e1kve\u00f0inn sta\u00f0 \u00ed sl\u00edku kerfi.<\/p><p>Bronslifrin s\u00fdnir d\u00e6migert hvernig fr\u00e6\u00f0imenn \u00e1 svi\u00f0i Etr\u00farafr\u00e6\u00f0a \u00feurfa a\u00f0 vinna me\u00f0 heimildir. Engin samfelld go\u00f0sagnab\u00f3kmennt Etr\u00fara er til; \u00feekkingin byggist \u00e1 \u00e1letrunum, myndlist og sl\u00edkum tr\u00faarlegum gripum.<\/p><p>Hver einasta sta\u00f0h\u00e6fing um st\u00f6\u00f0u Sethlans \u00ed gu\u00f0aheiminum er \u00fev\u00ed endurger\u00f0 \u00far dreif\u00f0um, oft erfitt t\u00falkanlegum vitnisbur\u00f0um. Bronslifrin fr\u00e1 Piacenza er \u00fear einn af f\u00e1um heimildum sem yfirleitt gefur til kynna kerfisbundna skipan gu\u00f0anna, jafnvel \u00fe\u00f3tt einstakar t\u00falkanir hennar s\u00e9u \u00e1fram deiluefni.<\/p>\t\t\t\t\t\t\t\t<\/div>\n\t\t\t\t\t<\/div>\n\t\t\t\t<\/div>\n\t\t\t\t\t<\/div>\n\t\t\t\t<\/div>\n\t\t<div class=\"elementor-element elementor-element-cp2eb9f0e9 e-flex e-con-boxed e-con e-parent\" data-id=\"cp2eb9f0e9\" data-element_type=\"container\" data-e-type=\"container\">\n\t\t\t\t\t<div class=\"e-con-inner\">\n\t\t\t\t<div class=\"elementor-element elementor-element-cp2c00c45e elementor-widget elementor-widget-heading\" data-id=\"cp2c00c45e\" data-element_type=\"widget\" data-e-type=\"widget\" data-widget_type=\"heading.default\">\n\t\t\t\t\t<h2 class=\"elementor-heading-title elementor-size-default\">Sethlans og Velchans: etr\u00farskur sm\u00ed\u00f0agu\u00f0 og skilgreining hans<\/h2>\t\t\t\t<\/div>\n\t\t<div class=\"elementor-element elementor-element-cp2c8a96c1 e-flex e-con-boxed e-con e-child\" data-id=\"cp2c8a96c1\" data-element_type=\"container\" data-e-type=\"container\">\n\t\t\t\t\t<div class=\"e-con-inner\">\n\t\t\t\t<div class=\"elementor-element elementor-element-cp29d8a867 elementor-widget elementor-widget-text-editor\" data-id=\"cp29d8a867\" data-element_type=\"widget\" data-e-type=\"widget\" data-widget_type=\"text-editor.default\">\n\t\t\t\t\t\t\t\t\t<p>Samsv\u00f6run Sethlans vi\u00f0 gr\u00edska Hephaistos og r\u00f3mverska Vulcanus er algeng \u00ed fr\u00e6\u00f0unum, en h\u00fan vekur upp a\u00f0fer\u00f0afr\u00e6\u00f0ilegar spurningar.<\/p><p>Fornu heimildirnar sem nefna gu\u00f0i Etr\u00fara eru a\u00f0 mestu r\u00f3mverskar og hafa tilhneigingu til a\u00f0 \u00fe\u00fd\u00f0a erlenda gu\u00f0i yfir \u00ed kunnuglegt r\u00f3mverskt skema. Sl\u00edk <em>interpretatio<\/em> getur endurspegla\u00f0 raunverulega s\u00f6guleg tengsl, en h\u00fan getur einnig huli\u00f0 mun.<\/p><p>Fyrir Sethlans sem eld- og sm\u00ed\u00f0agu\u00f0 tala fyrst og fremst myndheimildir. \u00c1 etr\u00farskum bronsspeglum, r\u00edkri myndheimild fr\u00e1 4. og 3. \u00f6ld fyrir okkar t\u00edmatal, birtast myndir me\u00f0 gu\u00f0an\u00f6fnum \u00ed etr\u00farskum \u00e1letrunum.<\/p><p>\u00c1 nokkrum \u00feessara spegla er pers\u00f3na s\u00fdnd me\u00f0 nafninu Sethlans, oft \u00ed samhengi vi\u00f0 f\u00e6\u00f0ingu <em>Menrva<\/em> \u00far h\u00f6f\u00f0i <em>Tinia<\/em>, atri\u00f0i sem s\u00e6kir \u00ed griska fyrirmyndina um f\u00e6\u00f0ingu A\u00feenu, \u00fear sem Hephaistos opnar hausbeini\u00f0.<\/p><p>\u00dear vi\u00f0 b\u00e6tist spurningin um samband vi\u00f0 <em>Velchans<\/em> e\u00f0a <em>Velch<\/em>, anna\u00f0 nafn sem fr\u00e6\u00f0imenn tengja vi\u00f0 eld- e\u00f0a sm\u00ed\u00f0asvi\u00f0. Hvort um er a\u00f0 r\u00e6\u00f0a tv\u00f6 n\u00f6fn fyrir eina <span class=\"iwg-fachbegriff\" data-tooltip=\"Vera sem er d\u00fdrku\u00f0 sem gu\u00f0leg innan tr\u00faarbrag\u00f0a.\" tabindex=\"0\">gu\u00f0veru<\/span>, sv\u00e6\u00f0isbundin tilbrig\u00f0i e\u00f0a mismunandi verur, hefur ekki veri\u00f0 \u00fatklj\u00e1\u00f0 til fulls.<\/p><p>\u00deessi ni\u00f0ursta\u00f0a er d\u00e6miger\u00f0 fyrir tr\u00fa Etr\u00fara: gu\u00f0an\u00f6fn eru sta\u00f0fest, en n\u00e1kv\u00e6m afm\u00f6rkun og hlutverk \u00feeirra er oft a\u00f0eins \u00e1lyktanleg. \u00deeir sem l\u00fdsa Sethlans \u00e6ttu a\u00f0 merkja samsv\u00f6runina vi\u00f0 Hephaistos og Vulcanus sem tr\u00falega, en ekki fullvissa.<\/p>\t\t\t\t\t\t\t\t<\/div>\n\t\t\t\t\t<\/div>\n\t\t\t\t<\/div>\n\t\t\t\t\t<\/div>\n\t\t\t\t<\/div>\n\t\t<div class=\"elementor-element elementor-element-iwgw-sethlans-lit e-flex e-con-boxed e-con e-parent\" data-id=\"iwgw-sethlans-lit\" data-element_type=\"container\" data-e-type=\"container\">\n\t\t\t\t\t<div class=\"e-con-inner\">\n\t\t\t\t<div class=\"elementor-element elementor-element-iwgw-sethlans-lith elementor-widget elementor-widget-heading\" data-id=\"iwgw-sethlans-lith\" data-element_type=\"widget\" data-e-type=\"widget\" data-widget_type=\"heading.default\">\n\t\t\t\t\t<h2 class=\"elementor-heading-title elementor-size-default\">Heimildir (\u00farval)<\/h2>\t\t\t\t<\/div>\n\t\t<div class=\"elementor-element elementor-element-iwgw-sethlans-litc e-con-full e-flex e-con e-child\" data-id=\"iwgw-sethlans-litc\" data-element_type=\"container\" data-e-type=\"container\">\n\t\t\t\t<div class=\"elementor-element elementor-element-iwgw-sethlans-litt elementor-widget elementor-widget-text-editor\" data-id=\"iwgw-sethlans-litt\" data-element_type=\"widget\" data-e-type=\"widget\" data-widget_type=\"text-editor.default\">\n\t\t\t\t\t\t\t\t\t<ul><li>Larissa Bonfante: <em>Etruscan Bronzes<\/em><\/li><li>Larissa Bonfante: <em>Etruscan Mythology<\/em> (2006)<\/li><li>Jean-Rene Jannot: <em>Religion in Ancient Etruria<\/em> (2005)<\/li><li>Mircea Eliade: <em>The Forge and the Crucible<\/em> (1956)<\/li><li>Massimo Pallottino: <em>Die Etrusker<\/em> (1942)<\/li><li><span data-nosnippet>Helmut Rix: <em>Etruscan Texts: Editio Minor<\/em> (1991)<\/span><\/li><\/ul>\t\t\t\t\t\t\t\t<\/div>\n\t\t\t\t<\/div>\n\t\t\t\t\t<\/div>\n\t\t\t\t<\/div>\n\t\t<div class=\"elementor-element elementor-element-iwgkw2-add-sethlans e-flex e-con-boxed e-con e-parent\" data-id=\"iwgkw2-add-sethlans\" data-element_type=\"container\" data-e-type=\"container\">\n\t\t\t\t\t<div class=\"e-con-inner\">\n\t\t\t\t<div class=\"elementor-element elementor-element-iwgkw2-add-sethlans-t elementor-widget elementor-widget-text-editor\" data-id=\"iwgkw2-add-sethlans-t\" data-element_type=\"widget\" data-e-type=\"widget\" data-widget_type=\"text-editor.default\">\n\t\t\t\t\t\t\t\t\t<p>\u00cd etr\u00farskri <em><span class=\"iwg-fachbegriff\" data-tooltip=\"S\u00f6gn sem var\u00f0veist hefur um gu\u00f0i, uppruna og skipan heimsins.\" tabindex=\"0\">go\u00f0s\u00f6gn<\/span><\/em> kemur Sethlans fram sem herra eldsins og sm\u00ed\u00f0avinnunnar, n\u00e1skyldur gr\u00edska Hefaistos og r\u00f3mverska V\u00falkanusi, og er s\u00fdndur \u00e1 spegilristum me\u00f0 hamar og t\u00f6ng.<\/p>\t\t\t\t\t\t\t\t<\/div>\n\t\t\t\t\t<\/div>\n\t\t\t\t<\/div>\n\t\t<div class=\"elementor-element elementor-element-iwgw-sethlans-kwd e-flex e-con-boxed e-con e-parent\" data-id=\"iwgw-sethlans-kwd\" data-element_type=\"container\" data-e-type=\"container\">\n\t\t\t\t\t<div class=\"e-con-inner\">\n\t\t<div class=\"elementor-element elementor-element-iwgw-sethlans-kwdc e-con-full e-flex e-con e-child\" data-id=\"iwgw-sethlans-kwdc\" data-element_type=\"container\" data-e-type=\"container\">\n\t\t\t\t<div class=\"elementor-element elementor-element-iwgw-sethlans-kwdt elementor-widget elementor-widget-text-editor\" data-id=\"iwgw-sethlans-kwdt\" data-element_type=\"widget\" data-e-type=\"widget\" data-widget_type=\"text-editor.default\">\n\t\t\t\t\t\t\t\t\t<p><em>Tengd leitaror\u00f0: Sethlans, Etr\u00far\u00edumenn, smi\u00f0ur, eldur, Populonia, Vetulonia, Hefaistos, V\u00falkanus.<\/em><\/p>\t\t\t\t\t\t\t\t<\/div>\n\t\t\t\t<\/div>\n\t\t\t\t\t<\/div>\n\t\t\t\t<\/div>\n\t\t<div class=\"elementor-element elementor-element-iwgw-sethlans-cc e-flex e-con-boxed e-con e-parent\" data-id=\"iwgw-sethlans-cc\" data-element_type=\"container\" data-e-type=\"container\" id=\"iwg-cc-sethlans\">\n\t\t\t\t\t<div class=\"e-con-inner\">\n\t\t<div class=\"elementor-element elementor-element-iwgw-sethlans-ccinner e-flex e-con-boxed e-con e-parent\" data-id=\"iwgw-sethlans-ccinner\" data-element_type=\"container\" data-e-type=\"container\" data-settings=\"{&quot;background_background&quot;:&quot;classic&quot;}\">\n\t\t\t\t\t<div class=\"e-con-inner\">\n\t\t\t\t<div class=\"elementor-element elementor-element-iwgw-sethlans-cch elementor-widget elementor-widget-heading\" data-id=\"iwgw-sethlans-cch\" data-element_type=\"widget\" data-e-type=\"widget\" data-widget_type=\"heading.default\">\n\t\t\t\t\t<h2 class=\"elementor-heading-title elementor-size-default\">iWell Guard og verndarhef\u00f0ir<\/h2>\t\t\t\t<\/div>\n\t\t\t\t<div class=\"elementor-element elementor-element-iwgw-sethlans-cct elementor-widget elementor-widget-text-editor\" data-id=\"iwgw-sethlans-cct\" data-element_type=\"widget\" data-e-type=\"widget\" data-widget_type=\"text-editor.default\">\n\t\t\t\t\t\t\t\t\t<div data-nosnippet=\"true\"><p>iWell Guard tengist menningars\u00f6gulegri hef\u00f0 farandhelgigripa, \u00ed hef\u00f0 <a href=\"https:\/\/iwell-guard.com\/is\/etruskisk-trubrogd-haruspex-disciplina\/\">Etr\u00faska<\/a> og margra annarra menningarheima um allan heim. 41 lag, alv\u00f6ru gull, plat\u00edna, silfur, framleitt \u00ed \u00de\u00fdskalandi. 30 daga skilar\u00e9ttur.<\/p><\/div>\t\t\t\t\t\t\t\t<\/div>\n\t\t\t\t<div class=\"elementor-element elementor-element-iwgw-sethlans-ccb iwg-cc-button iwg-cc-cta-2026-05-13 elementor-widget elementor-widget-jet-button\" data-id=\"iwgw-sethlans-ccb\" data-element_type=\"widget\" data-e-type=\"widget\" data-widget_type=\"jet-button.default\">\n\t\t\t\t<div class=\"elementor-widget-container\">\n\t\t\t\t\t<div class=\"elementor-jet-button jet-elements\"><div class=\"jet-button__container\"><a class=\"jet-button__instance jet-button__instance--icon-left hover-effect-1\" href=\"\/ueber-iwell-guard\/?utm_source=iwell-guard.com&amp;utm_medium=info-box&amp;utm_campaign=wesen-tradition\"><div class=\"jet-button__plane jet-button__plane-normal\"><\/div><div class=\"jet-button__plane jet-button__plane-hover\"><\/div><div class=\"jet-button__state jet-button__state-normal\"><span class=\"jet-button__label\">Meira um iWell Guard<\/span><\/div><div class=\"jet-button__state jet-button__state-hover\"><span class=\"jet-button__label\">Meira um iWell Guard<\/span><\/div><\/a><\/div><\/div><style>.elementor-element.elementor-element-iwgw-sethlans-ccb .jet-button__instance{width:320px;height:56px;}.elementor-element.elementor-element-iwgw-sethlans-ccb .jet-button__state-normal .jet-button__label{text-align:center;margin:0px 0px 0px 0px;color:#1a1b20;font-family:Montserrat,sans-serif;font-size:13px;font-weight:400;letter-spacing:4px;line-height:1.714em;text-transform:uppercase;}.elementor-element.elementor-element-iwgw-sethlans-ccb .jet-button__state-hover .jet-button__label{text-align:center;margin:0px 0px 0px 0px;color:#FECC76;font-family:Montserrat,sans-serif;font-size:13px;font-weight:400;letter-spacing:4px;line-height:1.714em;text-transform:uppercase;}.elementor-element.elementor-element-iwgw-sethlans-ccb .jet-button__plane-normal{background-color:#FECC76;border-style:solid;border-color:#C99540;border-width:2px 2px 2px 2px;}.elementor-element.elementor-element-iwgw-sethlans-ccb .jet-button__plane-hover{background-color:rgba(0,0,0,0.55);border-style:solid;border-color:#FECC76;border-width:2px 2px 2px 2px;}<\/style>\t\t\t\t<\/div>\n\t\t\t\t<\/div>\n\t\t\t\t<div class=\"elementor-element elementor-element-iwgw-sethlans-ccd elementor-widget elementor-widget-text-editor\" data-id=\"iwgw-sethlans-ccd\" data-element_type=\"widget\" data-e-type=\"widget\" data-widget_type=\"text-editor.default\">\n\t\t\t\t\t\t\t\t\t<div data-nosnippet=\"true\"><p style=\"text-align:center;font-size:13px;opacity:0.7;margin-top:14px\" data-nosnippet=\"true\">Pers\u00f3nuleg reynsla getur veri\u00f0 mismunandi. Ekki l\u00e6kningat\u00e6ki. Engin lofor\u00f0 um l\u00e6kningu.<\/p><\/div>\t\t\t\t\t\t\t\t<\/div>\n\t\t\t\t\t<\/div>\n\t\t\t\t<\/div>\n\t\t\t\t\t<\/div>\n\t\t\t\t<\/div>\n\t\t<div class=\"elementor-element elementor-element-iwgw-sethlans-disc e-flex e-con-boxed e-con e-parent\" data-id=\"iwgw-sethlans-disc\" data-element_type=\"container\" data-e-type=\"container\">\n\t\t\t\t\t<div class=\"e-con-inner\">\n\t\t\t\t<div class=\"elementor-element elementor-element-iwgw-sethlans-discw elementor-widget elementor-widget-html\" data-id=\"iwgw-sethlans-discw\" data-element_type=\"widget\" data-e-type=\"widget\" data-widget_type=\"html.default\">\n\t\t\t\t\t<footer data-nosnippet=\"true\" class=\"iwg-disclaimer-block\"><p data-nosnippet=\"true\">iWell Guard er <strong>ekki l\u00e6kningat\u00e6ki<\/strong> og kemur ekki \u00ed sta\u00f0inn fyrir l\u00e6knis- e\u00f0a s\u00e1lfr\u00e6\u00f0ime\u00f0fer\u00f0. Tr\u00faarfr\u00e6\u00f0ilegt efni er menningars\u00f6gulegt samhengi, ekki r\u00e1\u00f0legging um andlega i\u00f0kun.<\/p><\/footer>\t\t\t\t<\/div>\n\t\t\t\t\t<\/div>\n\t\t\t\t<\/div>\n\t\t\t\t<\/div>\n\t\t","protected":false},"excerpt":{"rendered":"","protected":false},"author":3,"featured_media":2818,"parent":0,"menu_order":0,"comment_status":"closed","ping_status":"closed","template":"elementor_header_footer","meta":{"_yoast_wpseo_focuskw":"Sethlans Etr\u00faskar","_yoast_wpseo_title":"Sethlans - Etr\u00faskur sm\u00ed\u00f0agu\u00f0, go\u00f0saga","_yoast_wpseo_metadesc":"Sethlans er etr\u00faskur gu\u00f0 smi\u00f0a og eldsins, samsvarandi gr\u00edska Hefaistosi. Tr\u00faarfr\u00e6\u00f0ileg \u00fattekt me\u00f0 heimildum.","_yoast_wpseo_meta-robots-noindex":"","_yoast_wpseo_canonical":"","_angie_page":false,"gefaehrdungsstufe":"1","wesen_kultur":"etruskisch","wesen_klasse":"goetter","footnotes":""},"categories":[],"class_list":["post-168957","page","type-page","status-publish","has-post-thumbnail","hentry"],"yoast_head":"<!-- This site is optimized with the Yoast SEO Premium plugin v27.7 (Yoast SEO v28.3) - https:\/\/yoast.com\/product\/yoast-seo-premium-wordpress\/ -->\n<title>Sethlans - Etr\u00faskur sm\u00ed\u00f0agu\u00f0, go\u00f0saga<\/title>\n<meta name=\"description\" content=\"Sethlans er etr\u00faskur gu\u00f0 smi\u00f0a og eldsins, samsvarandi gr\u00edska Hefaistosi. Tr\u00faarfr\u00e6\u00f0ileg \u00fattekt me\u00f0 heimildum.\" \/>\n<meta name=\"robots\" content=\"index, follow, max-snippet:-1, max-image-preview:large, max-video-preview:-1\" \/>\n<link rel=\"canonical\" href=\"https:\/\/iwell-guard.com\/is\/sethlans-gu-smida-eldsins\/\" \/>\n<meta property=\"og:locale\" content=\"is_IS\" \/>\n<meta property=\"og:type\" content=\"article\" \/>\n<meta property=\"og:title\" content=\"Sethlans - Etr\u00faskur gu\u00f0 smi\u00f0a og eldsins\" \/>\n<meta property=\"og:description\" content=\"Sethlans er etr\u00faskur gu\u00f0 smi\u00f0a og eldsins, samsvarandi gr\u00edska Hefaistosi. Tr\u00faarfr\u00e6\u00f0ileg \u00fattekt me\u00f0 heimildum.\" \/>\n<meta property=\"og:url\" content=\"https:\/\/iwell-guard.com\/is\/sethlans-gu-smida-eldsins\/\" \/>\n<meta property=\"og:site_name\" content=\"iWell Guard\" \/>\n<meta property=\"article:modified_time\" content=\"2026-09-05T14:26:57+00:00\" \/>\n<meta property=\"og:image\" content=\"https:\/\/iwell-guard.com\/wp-content\/uploads\/2026\/05\/goetter_etruskisch_sethlans.webp\" \/>\n\t<meta property=\"og:image:width\" content=\"1024\" \/>\n\t<meta property=\"og:image:height\" content=\"1536\" \/>\n\t<meta property=\"og:image:type\" content=\"image\/webp\" \/>\n<meta name=\"twitter:card\" content=\"summary_large_image\" \/>\n<script type=\"application\/ld+json\" class=\"yoast-schema-graph\">{\"@context\":\"https:\\\/\\\/schema.org\",\"@graph\":[{\"@type\":\"WebPage\",\"@id\":\"https:\\\/\\\/iwell-guard.com\\\/is\\\/sethlans-gu-smida-eldsins\\\/\",\"url\":\"https:\\\/\\\/iwell-guard.com\\\/is\\\/sethlans-gu-smida-eldsins\\\/\",\"name\":\"Sethlans - Etr\u00faskur sm\u00ed\u00f0agu\u00f0, go\u00f0saga\",\"isPartOf\":{\"@id\":\"https:\\\/\\\/iwell-guard.com\\\/is\\\/#website\"},\"primaryImageOfPage\":{\"@id\":\"https:\\\/\\\/iwell-guard.com\\\/is\\\/sethlans-gu-smida-eldsins\\\/#primaryimage\"},\"image\":{\"@id\":\"https:\\\/\\\/iwell-guard.com\\\/is\\\/sethlans-gu-smida-eldsins\\\/#primaryimage\"},\"thumbnailUrl\":\"https:\\\/\\\/iwell-guard.com\\\/wp-content\\\/uploads\\\/2026\\\/05\\\/goetter_etruskisch_sethlans.webp\",\"datePublished\":\"2026-09-05T14:04:22+00:00\",\"dateModified\":\"2026-09-05T14:26:57+00:00\",\"description\":\"Sethlans er etr\u00faskur gu\u00f0 smi\u00f0a og eldsins, samsvarandi gr\u00edska Hefaistosi. Tr\u00faarfr\u00e6\u00f0ileg \u00fattekt me\u00f0 heimildum.\",\"breadcrumb\":{\"@id\":\"https:\\\/\\\/iwell-guard.com\\\/is\\\/sethlans-gu-smida-eldsins\\\/#breadcrumb\"},\"inLanguage\":\"is\",\"potentialAction\":[{\"@type\":\"ReadAction\",\"target\":[\"https:\\\/\\\/iwell-guard.com\\\/is\\\/sethlans-gu-smida-eldsins\\\/\"]}]},{\"@type\":\"ImageObject\",\"inLanguage\":\"is\",\"@id\":\"https:\\\/\\\/iwell-guard.com\\\/is\\\/sethlans-gu-smida-eldsins\\\/#primaryimage\",\"url\":\"https:\\\/\\\/iwell-guard.com\\\/wp-content\\\/uploads\\\/2026\\\/05\\\/goetter_etruskisch_sethlans.webp\",\"contentUrl\":\"https:\\\/\\\/iwell-guard.com\\\/wp-content\\\/uploads\\\/2026\\\/05\\\/goetter_etruskisch_sethlans.webp\",\"width\":1024,\"height\":1536,\"caption\":\"Gu\u00f0ir \u00far etr\u00faskri hef\u00f0.\"},{\"@type\":\"BreadcrumbList\",\"@id\":\"https:\\\/\\\/iwell-guard.com\\\/is\\\/sethlans-gu-smida-eldsins\\\/#breadcrumb\",\"itemListElement\":[{\"@type\":\"ListItem\",\"position\":1,\"name\":\"Start\",\"item\":\"https:\\\/\\\/iwell-guard.com\\\/is\\\/?page_id=168580\"},{\"@type\":\"ListItem\",\"position\":2,\"name\":\"Sethlans &#8211; Etr\u00faskur gu\u00f0 smi\u00f0a og eldsins\"}]},{\"@type\":\"WebSite\",\"@id\":\"https:\\\/\\\/iwell-guard.com\\\/is\\\/#website\",\"url\":\"https:\\\/\\\/iwell-guard.com\\\/is\\\/\",\"name\":\"iWell Guard\",\"description\":\"Schutz vor dunklen Einfl\u00fcssen\",\"publisher\":{\"@id\":\"https:\\\/\\\/iwell-guard.com\\\/is\\\/#organization\"},\"potentialAction\":[{\"@type\":\"SearchAction\",\"target\":{\"@type\":\"EntryPoint\",\"urlTemplate\":\"https:\\\/\\\/iwell-guard.com\\\/is\\\/?s={search_term_string}\"},\"query-input\":{\"@type\":\"PropertyValueSpecification\",\"valueRequired\":true,\"valueName\":\"search_term_string\"}}],\"inLanguage\":\"is\"},{\"@type\":\"Organization\",\"@id\":\"https:\\\/\\\/iwell-guard.com\\\/is\\\/#organization\",\"name\":\"Ittermann electronic GmbH\",\"url\":\"https:\\\/\\\/iwell-guard.com\\\/is\\\/\",\"logo\":{\"@type\":\"ImageObject\",\"inLanguage\":\"is\",\"@id\":\"https:\\\/\\\/iwell-guard.com\\\/is\\\/#\\\/schema\\\/logo\\\/image\\\/\",\"url\":\"https:\\\/\\\/iwell-guard.com\\\/wp-content\\\/uploads\\\/2026\\\/05\\\/Ittermann-Logo-1182x237-1.png\",\"contentUrl\":\"https:\\\/\\\/iwell-guard.com\\\/wp-content\\\/uploads\\\/2026\\\/05\\\/Ittermann-Logo-1182x237-1.png\",\"width\":1182,\"height\":237,\"caption\":\"Ittermann electronic GmbH\"},\"image\":{\"@id\":\"https:\\\/\\\/iwell-guard.com\\\/is\\\/#\\\/schema\\\/logo\\\/image\\\/\"},\"sameAs\":[\"https:\\\/\\\/pantip.com\\\/profile\\\/9367242\",\"https:\\\/\\\/micro.blog\\\/iwellguard\",\"https:\\\/\\\/www.diggerslist.com\\\/iwellguard\\\/about\",\"https:\\\/\\\/skitterphoto.com\\\/photographers\\\/2870314\\\/iwell-guard\",\"https:\\\/\\\/iwellguard.wordpress.com\\\/2026\\\/06\\\/06\\\/iwell-guard\\\/\",\"https:\\\/\\\/hub.docker.com\\\/u\\\/iwellguard\",\"https:\\\/\\\/www.pinterest.com\\\/iwellguard\\\/\",\"https:\\\/\\\/bit.ly\\\/m\\\/iwellguard\",\"https:\\\/\\\/entre-vos-mains.alsace.eu\\\/profiles\\\/iwellguard\\\/activity\",\"https:\\\/\\\/gravatar.com\\\/reallybeded8fd34\",\"https:\\\/\\\/naijamatta.com\\\/iwellguard\",\"https:\\\/\\\/www.goodreads.com\\\/iwellguard\",\"https:\\\/\\\/profile.hatena.ne.jp\\\/iwellguard\\\/\",\"https:\\\/\\\/experiment.com\\\/users\\\/iwellguard\",\"https:\\\/\\\/wakelet.com\\\/@iWellGuard82270\",\"https:\\\/\\\/www.chordie.com\\\/forum\\\/profile.php?id=2555664\",\"https:\\\/\\\/www.instapaper.com\\\/p\\\/17757966\",\"https:\\\/\\\/www.mapleprimes.com\\\/users\\\/iwellguard\",\"https:\\\/\\\/businesslistingplus.com\\\/profile\\\/iwell-guard\\\/\",\"https:\\\/\\\/telegra.ph\\\/iWell-Guard-06-06\",\"https:\\\/\\\/pbase.com\\\/iwellguard\\\/iwellguard\",\"https:\\\/\\\/b.hatena.ne.jp\\\/iwellguard\\\/20260607#bookmark-4788405196491818882\",\"https:\\\/\\\/fliphtml5.com\\\/home\\\/iwellguard\",\"https:\\\/\\\/anyflip.com\\\/homepage\\\/cmiwl#About\",\"https:\\\/\\\/transfur.com\\\/Users\\\/iwellguard\",\"http:\\\/\\\/delphi.larsbo.org\\\/user\\\/iwellguard\",\"https:\\\/\\\/jobs.lajobsportal.org\\\/profiles\\\/8380803-iwell-guard\",\"https:\\\/\\\/md.chaosdorf.de\\\/s\\\/jfbe5SBdJD\",\"https:\\\/\\\/www.lingvolive.com\\\/en-us\\\/profile\\\/9ecaeaca-ce11-4e51-9e71-01d55e2bff36\\\/translations\",\"https:\\\/\\\/www.fitday.com\\\/fitness\\\/forums\\\/members\\\/iwellguard.html\",\"https:\\\/\\\/www.mymeetbook.com\\\/iwellguard\",\"https:\\\/\\\/pxhere.com\\\/en\\\/photographer-me\\\/5040798\",\"https:\\\/\\\/disqus.com\\\/by\\\/iwellguard\\\/about\\\/\",\"https:\\\/\\\/pastelink.net\\\/hjwciqwq\",\"https:\\\/\\\/pubhtml5.com\\\/homepage\\\/scjhn\\\/\",\"https:\\\/\\\/www.bitchute.com\\\/channel\\\/2O2eOKzNqujT\",\"https:\\\/\\\/audiomack.com\\\/iwellguard\"]},{\"@type\":\"Article\",\"@id\":\"https:\\\/\\\/iwell-guard.com\\\/is\\\/sethlans-gu-smida-eldsins\\\/#article\",\"isPartOf\":{\"@id\":\"https:\\\/\\\/iwell-guard.com\\\/is\\\/sethlans-gu-smida-eldsins\\\/\"},\"author\":{\"name\":\"Ralf Ittermann\",\"@id\":\"https:\\\/\\\/iwell-guard.com\\\/is\\\/#\\\/schema\\\/person\\\/ee2a27f1cac3406c7c6fb5820cb7349f\"},\"headline\":\"Sethlans &#8211; Etr\u00faskur gu\u00f0 smi\u00f0a og eldsins\",\"datePublished\":\"2026-09-05T14:04:22+00:00\",\"dateModified\":\"2026-09-05T14:26:57+00:00\",\"mainEntityOfPage\":{\"@id\":\"https:\\\/\\\/iwell-guard.com\\\/is\\\/sethlans-gu-smida-eldsins\\\/\"},\"publisher\":{\"@id\":\"https:\\\/\\\/iwell-guard.com\\\/is\\\/#organization\"},\"image\":{\"@id\":\"https:\\\/\\\/iwell-guard.com\\\/is\\\/sethlans-gu-smida-eldsins\\\/#primaryimage\"},\"thumbnailUrl\":\"https:\\\/\\\/iwell-guard.com\\\/wp-content\\\/uploads\\\/2026\\\/05\\\/goetter_etruskisch_sethlans.webp\",\"inLanguage\":\"is\",\"description\":\"Sethlans er etr\u00faskur gu\u00f0 smi\u00f0a og eldsins, samsvarandi gr\u00edska Hefaistosi. Tr\u00faarfr\u00e6\u00f0ileg \u00fattekt me\u00f0 heimildum.\"}]}<\/script>\n<!-- \/ Yoast SEO Premium plugin. -->","yoast_head_json":{"title":"Sethlans - Etr\u00faskur sm\u00ed\u00f0agu\u00f0, go\u00f0saga","description":"Sethlans er etr\u00faskur gu\u00f0 smi\u00f0a og eldsins, samsvarandi gr\u00edska Hefaistosi. Tr\u00faarfr\u00e6\u00f0ileg \u00fattekt me\u00f0 heimildum.","robots":{"index":"index","follow":"follow","max-snippet":"max-snippet:-1","max-image-preview":"max-image-preview:large","max-video-preview":"max-video-preview:-1"},"canonical":"https:\/\/iwell-guard.com\/is\/sethlans-gu-smida-eldsins\/","og_locale":"is_IS","og_type":"article","og_title":"Sethlans - Etr\u00faskur gu\u00f0 smi\u00f0a og eldsins","og_description":"Sethlans er etr\u00faskur gu\u00f0 smi\u00f0a og eldsins, samsvarandi gr\u00edska Hefaistosi. Tr\u00faarfr\u00e6\u00f0ileg \u00fattekt me\u00f0 heimildum.","og_url":"https:\/\/iwell-guard.com\/is\/sethlans-gu-smida-eldsins\/","og_site_name":"iWell Guard","article_modified_time":"2026-09-05T14:26:57+00:00","og_image":[{"width":1024,"height":1536,"url":"https:\/\/iwell-guard.com\/wp-content\/uploads\/2026\/05\/goetter_etruskisch_sethlans.webp","type":"image\/webp"}],"twitter_card":"summary_large_image","schema":{"@context":"https:\/\/schema.org","@graph":[{"@type":"Article","@id":"https:\/\/iwell-guard.com\/is\/sethlans-gu-smida-eldsins\/#article","isPartOf":{"@id":"https:\/\/iwell-guard.com\/is\/sethlans-gu-smida-eldsins\/"},"author":{"name":"Ralf Ittermann","@id":"https:\/\/iwell-guard.com\/is\/#\/schema\/person\/ee2a27f1cac3406c7c6fb5820cb7349f"},"headline":"Sethlans &#8211; Etr\u00faskur gu\u00f0 smi\u00f0a og eldsins","datePublished":"2026-09-05T14:04:22+00:00","dateModified":"2026-09-05T14:26:57+00:00","mainEntityOfPage":{"@id":"https:\/\/iwell-guard.com\/is\/sethlans-gu-smida-eldsins\/"},"publisher":{"@id":"https:\/\/iwell-guard.com\/is\/#organization"},"image":{"@id":"https:\/\/iwell-guard.com\/is\/sethlans-gu-smida-eldsins\/#primaryimage"},"thumbnailUrl":"https:\/\/iwell-guard.com\/wp-content\/uploads\/2026\/05\/goetter_etruskisch_sethlans.webp","inLanguage":"is","description":"Sethlans er etr\u00faskur gu\u00f0 smi\u00f0a og eldsins, samsvarandi gr\u00edska Hefaistosi. Tr\u00faarfr\u00e6\u00f0ileg \u00fattekt me\u00f0 heimildum."},{"@type":"WebPage","@id":"https:\/\/iwell-guard.com\/is\/sethlans-gu-smida-eldsins\/","url":"https:\/\/iwell-guard.com\/is\/sethlans-gu-smida-eldsins\/","name":"Sethlans - Etr\u00faskur sm\u00ed\u00f0agu\u00f0, go\u00f0saga","isPartOf":{"@id":"https:\/\/iwell-guard.com\/is\/#website"},"primaryImageOfPage":{"@id":"https:\/\/iwell-guard.com\/is\/sethlans-gu-smida-eldsins\/#primaryimage"},"image":{"@id":"https:\/\/iwell-guard.com\/is\/sethlans-gu-smida-eldsins\/#primaryimage"},"thumbnailUrl":"https:\/\/iwell-guard.com\/wp-content\/uploads\/2026\/05\/goetter_etruskisch_sethlans.webp","datePublished":"2026-09-05T14:04:22+00:00","dateModified":"2026-09-05T14:26:57+00:00","description":"Sethlans er etr\u00faskur gu\u00f0 smi\u00f0a og eldsins, samsvarandi gr\u00edska Hefaistosi. Tr\u00faarfr\u00e6\u00f0ileg \u00fattekt me\u00f0 heimildum.","breadcrumb":{"@id":"https:\/\/iwell-guard.com\/is\/sethlans-gu-smida-eldsins\/#breadcrumb"},"inLanguage":"is","potentialAction":[{"@type":"ReadAction","target":["https:\/\/iwell-guard.com\/is\/sethlans-gu-smida-eldsins\/"]}]},{"@type":"ImageObject","inLanguage":"is","@id":"https:\/\/iwell-guard.com\/is\/sethlans-gu-smida-eldsins\/#primaryimage","url":"https:\/\/iwell-guard.com\/wp-content\/uploads\/2026\/05\/goetter_etruskisch_sethlans.webp","contentUrl":"https:\/\/iwell-guard.com\/wp-content\/uploads\/2026\/05\/goetter_etruskisch_sethlans.webp","width":1024,"height":1536,"caption":"Gu\u00f0ir \u00far etr\u00faskri hef\u00f0."},{"@type":"BreadcrumbList","@id":"https:\/\/iwell-guard.com\/is\/sethlans-gu-smida-eldsins\/#breadcrumb","itemListElement":[{"@type":"ListItem","position":1,"name":"Start","item":"https:\/\/iwell-guard.com\/is\/?page_id=168580"},{"@type":"ListItem","position":2,"name":"Sethlans &#8211; Etr\u00faskur gu\u00f0 smi\u00f0a og eldsins"}]},{"@type":"WebSite","@id":"https:\/\/iwell-guard.com\/is\/#website","url":"https:\/\/iwell-guard.com\/is\/","name":"iWell Guard","description":"Schutz vor dunklen Einfl\u00fcssen","publisher":{"@id":"https:\/\/iwell-guard.com\/is\/#organization"},"potentialAction":[{"@type":"SearchAction","target":{"@type":"EntryPoint","urlTemplate":"https:\/\/iwell-guard.com\/is\/?s={search_term_string}"},"query-input":{"@type":"PropertyValueSpecification","valueRequired":true,"valueName":"search_term_string"}}],"inLanguage":"is"},{"@type":"Organization","@id":"https:\/\/iwell-guard.com\/is\/#organization","name":"Ittermann electronic GmbH","url":"https:\/\/iwell-guard.com\/is\/","logo":{"@type":"ImageObject","inLanguage":"is","@id":"https:\/\/iwell-guard.com\/is\/#\/schema\/logo\/image\/","url":"https:\/\/iwell-guard.com\/wp-content\/uploads\/2026\/05\/Ittermann-Logo-1182x237-1.png","contentUrl":"https:\/\/iwell-guard.com\/wp-content\/uploads\/2026\/05\/Ittermann-Logo-1182x237-1.png","width":1182,"height":237,"caption":"Ittermann electronic GmbH"},"image":{"@id":"https:\/\/iwell-guard.com\/is\/#\/schema\/logo\/image\/"},"sameAs":["https:\/\/pantip.com\/profile\/9367242","https:\/\/micro.blog\/iwellguard","https:\/\/www.diggerslist.com\/iwellguard\/about","https:\/\/skitterphoto.com\/photographers\/2870314\/iwell-guard","https:\/\/iwellguard.wordpress.com\/2026\/06\/06\/iwell-guard\/","https:\/\/hub.docker.com\/u\/iwellguard","https:\/\/www.pinterest.com\/iwellguard\/","https:\/\/bit.ly\/m\/iwellguard","https:\/\/entre-vos-mains.alsace.eu\/profiles\/iwellguard\/activity","https:\/\/gravatar.com\/reallybeded8fd34","https:\/\/naijamatta.com\/iwellguard","https:\/\/www.goodreads.com\/iwellguard","https:\/\/profile.hatena.ne.jp\/iwellguard\/","https:\/\/experiment.com\/users\/iwellguard","https:\/\/wakelet.com\/@iWellGuard82270","https:\/\/www.chordie.com\/forum\/profile.php?id=2555664","https:\/\/www.instapaper.com\/p\/17757966","https:\/\/www.mapleprimes.com\/users\/iwellguard","https:\/\/businesslistingplus.com\/profile\/iwell-guard\/","https:\/\/telegra.ph\/iWell-Guard-06-06","https:\/\/pbase.com\/iwellguard\/iwellguard","https:\/\/b.hatena.ne.jp\/iwellguard\/20260607#bookmark-4788405196491818882","https:\/\/fliphtml5.com\/home\/iwellguard","https:\/\/anyflip.com\/homepage\/cmiwl#About","https:\/\/transfur.com\/Users\/iwellguard","http:\/\/delphi.larsbo.org\/user\/iwellguard","https:\/\/jobs.lajobsportal.org\/profiles\/8380803-iwell-guard","https:\/\/md.chaosdorf.de\/s\/jfbe5SBdJD","https:\/\/www.lingvolive.com\/en-us\/profile\/9ecaeaca-ce11-4e51-9e71-01d55e2bff36\/translations","https:\/\/www.fitday.com\/fitness\/forums\/members\/iwellguard.html","https:\/\/www.mymeetbook.com\/iwellguard","https:\/\/pxhere.com\/en\/photographer-me\/5040798","https:\/\/disqus.com\/by\/iwellguard\/about\/","https:\/\/pastelink.net\/hjwciqwq","https:\/\/pubhtml5.com\/homepage\/scjhn\/","https:\/\/www.bitchute.com\/channel\/2O2eOKzNqujT","https:\/\/audiomack.com\/iwellguard"]},{"@type":"Person","@id":"https:\/\/iwell-guard.com\/is\/#\/schema\/person\/ee2a27f1cac3406c7c6fb5820cb7349f","name":"Ralf Ittermann","image":{"@type":"ImageObject","inLanguage":"is","@id":"https:\/\/secure.gravatar.com\/avatar\/073c0153e350a5005b68eb752b445fea71f6b24a26da9449ad7e155e6b446c9d?s=96&d=mm&r=g","url":"https:\/\/secure.gravatar.com\/avatar\/073c0153e350a5005b68eb752b445fea71f6b24a26da9449ad7e155e6b446c9d?s=96&d=mm&r=g","contentUrl":"https:\/\/secure.gravatar.com\/avatar\/073c0153e350a5005b68eb752b445fea71f6b24a26da9449ad7e155e6b446c9d?s=96&d=mm&r=g","caption":"Ralf Ittermann"},"givenName":"Ralf","familyName":"Ittermann","jobTitle":"Gesch\u00e4ftsf\u00fchrer und redaktioneller Verantwortlicher","url":"https:\/\/iwell-guard.com\/is\/author\/claude\/","description":"Ralf Ittermann ist Gesch\u00e4ftsf\u00fchrer der Ittermann electronic GmbH und redaktioneller Verantwortlicher des iWell-Guard-Lexikons. Er verbindet langj\u00e4hrige Erfahrung in der Pr\u00e4zisionsfertigung mit medialer Praxis und religionsgeschichtlicher Quellenarbeit.","worksFor":{"@type":"Organization","name":"Ittermann electronic GmbH","url":"https:\/\/ittermann.de\/","address":{"@type":"PostalAddress","streetAddress":"K\u00f6hlergasse 16-18","postalCode":"99842","addressLocality":"Ruhla","addressCountry":"DE"}},"knowsAbout":["Religionsgeschichte","Mythologie","Mediale Praxis","Energetische Diagnostik","Schutzpraxis","Volksglauben","Westliche Esoterik"]},{"@type":"Article","@id":"https:\/\/iwell-guard.com\/is\/sethlans-gu-smida-eldsins\/#article","isPartOf":{"@id":"https:\/\/iwell-guard.com\/is\/sethlans-gu-smida-eldsins\/"},"author":{"name":"Ralf Ittermann","@id":"https:\/\/iwell-guard.com\/is\/#\/schema\/person\/ee2a27f1cac3406c7c6fb5820cb7349f"},"headline":"Sethlans &#8211; Etr\u00faskur gu\u00f0 smi\u00f0a og eldsins","datePublished":"2026-09-05T14:04:22+00:00","dateModified":"2026-09-05T14:26:57+00:00","mainEntityOfPage":{"@id":"https:\/\/iwell-guard.com\/is\/sethlans-gu-smida-eldsins\/"},"publisher":{"@id":"https:\/\/iwell-guard.com\/is\/#organization"},"image":{"@id":"https:\/\/iwell-guard.com\/is\/sethlans-gu-smida-eldsins\/#primaryimage"},"thumbnailUrl":"https:\/\/iwell-guard.com\/wp-content\/uploads\/2026\/05\/goetter_etruskisch_sethlans.webp","inLanguage":"is","description":"Sethlans er etr\u00faskur gu\u00f0 smi\u00f0a og eldsins, samsvarandi gr\u00edska Hefaistosi. Tr\u00faarfr\u00e6\u00f0ileg \u00fattekt me\u00f0 heimildum."}]}},"_links":{"self":[{"href":"https:\/\/iwell-guard.com\/is\/wp-json\/wp\/v2\/pages\/168957","targetHints":{"allow":["GET"]}}],"collection":[{"href":"https:\/\/iwell-guard.com\/is\/wp-json\/wp\/v2\/pages"}],"about":[{"href":"https:\/\/iwell-guard.com\/is\/wp-json\/wp\/v2\/types\/page"}],"author":[{"embeddable":true,"href":"https:\/\/iwell-guard.com\/is\/wp-json\/wp\/v2\/users\/3"}],"replies":[{"embeddable":true,"href":"https:\/\/iwell-guard.com\/is\/wp-json\/wp\/v2\/comments?post=168957"}],"version-history":[{"count":0,"href":"https:\/\/iwell-guard.com\/is\/wp-json\/wp\/v2\/pages\/168957\/revisions"}],"wp:featuredmedia":[{"embeddable":true,"href":"https:\/\/iwell-guard.com\/is\/wp-json\/wp\/v2\/media\/2818"}],"wp:attachment":[{"href":"https:\/\/iwell-guard.com\/is\/wp-json\/wp\/v2\/media?parent=168957"}],"wp:term":[{"taxonomy":"category","embeddable":true,"href":"https:\/\/iwell-guard.com\/is\/wp-json\/wp\/v2\/categories?post=168957"}],"curies":[{"name":"wp","href":"https:\/\/api.w.org\/{rel}","templated":true}]}}