{"id":168956,"date":"2026-09-05T14:04:21","date_gmt":"2026-09-05T14:04:21","guid":{"rendered":"https:\/\/iwell-guard.com\/?page_id=168956"},"modified":"2026-09-05T14:26:51","modified_gmt":"2026-09-05T14:26:51","slug":"aita-etruskur-gud-undirheimanna","status":"publish","type":"page","link":"https:\/\/iwell-guard.com\/is\/aita-etruskur-gud-undirheimanna\/","title":{"rendered":"Aita &#8211; Etr\u00faskur gu\u00f0 undirheimanna"},"content":{"rendered":"\t\t<div data-elementor-type=\"wp-page\" data-elementor-id=\"168956\" class=\"elementor elementor-168956 elementor-2611 elementor-bc-flex-widget\" data-elementor-post-type=\"page\">\n\t\t\t\t<div class=\"elementor-element elementor-element-iwgw-aita-hero e-flex e-con-boxed e-con e-parent\" data-id=\"iwgw-aita-hero\" data-element_type=\"container\" data-e-type=\"container\" data-settings=\"{&quot;background_background&quot;:&quot;classic&quot;}\">\n\t\t\t\t\t<div class=\"e-con-inner\">\n\t\t<div class=\"elementor-element elementor-element-iwgw-aita-hl e-flex e-con-boxed e-con e-child\" data-id=\"iwgw-aita-hl\" data-element_type=\"container\" data-e-type=\"container\">\n\t\t\t\t\t<div class=\"e-con-inner\">\n\t\t<div class=\"elementor-element elementor-element-iwgw-aita-htxt e-con-full e-flex e-con e-child\" data-id=\"iwgw-aita-htxt\" data-element_type=\"container\" data-e-type=\"container\">\n\t\t\t\t<div class=\"elementor-element elementor-element-iwgw-aita-h1 elementor-widget elementor-widget-heading\" data-id=\"iwgw-aita-h1\" data-element_type=\"widget\" data-e-type=\"widget\" data-widget_type=\"heading.default\">\n\t\t\t\t\t<h1 class=\"elementor-heading-title elementor-size-default\">Aita - Etr\u00faskur Hades og drottnari undirheimanna<\/h1>\t\t\t\t<\/div>\n\t\t\t\t<div class=\"elementor-element elementor-element-iwgw-aita-lead elementor-widget elementor-widget-text-editor\" data-id=\"iwgw-aita-lead\" data-element_type=\"widget\" data-e-type=\"widget\" data-widget_type=\"text-editor.default\">\n\t\t\t\t\t\t\t\t\t<p>Aita (einnig Eita) er \u00ed etr\u00faskri tr\u00fa gu\u00f0 undirheimanna, hli\u00f0st\u00e6\u00f0a gr\u00edska gu\u00f0sins Hades og r\u00f3mverska gu\u00f0sins Pl\u00fat\u00f3s. Hann r\u00edkir yfir r\u00edki hinna dau\u00f0u og er eiginma\u00f0ur gy\u00f0junnar Persipnei (etr\u00faska hli\u00f0st\u00e6\u00f0an gr\u00edsku Persef\u00f3nu). \u00deessi \u00fattekt l\u00fdsir tr\u00faarfr\u00e6\u00f0ilegri st\u00f6\u00f0u hans \u00ed eskat\u00f3l\u00f3g\u00edukerfi Etr\u00faska.<\/p>\t\t\t\t\t\t\t\t<\/div>\n\t\t\t\t<\/div>\n\t\t<div class=\"elementor-element elementor-element-iwgw-aita-pillc e-con-full e-flex e-con e-child\" data-id=\"iwgw-aita-pillc\" data-element_type=\"container\" data-e-type=\"container\">\n\t\t\t\t<div class=\"elementor-element elementor-element-iwgw-aita-pills elementor-widget elementor-widget-html\" data-id=\"iwgw-aita-pills\" data-element_type=\"widget\" data-e-type=\"widget\" data-widget_type=\"html.default\">\n\t\t\t\t\t<div class=\"iwg-pill-row\"><span class=\"iwg-klasse-badge\" tabindex=\"0\" data-tooltip=\"Gu\u00f0 \u00far etr\u00faskri hef\u00f0.\">Gu\u00f0<\/span><a href=\"https:\/\/iwell-guard.com\/is\/etruskisk-trubrogd-haruspex-disciplina\/\" class=\"iwg-kultur-badge\" tabindex=\"0\" data-tooltip=\"Go\u00f0afr\u00e6\u00f0i etr\u00faskrar hef\u00f0ar.\">Etr\u00faskt<\/a><span class=\"iwg-tradition-badge\" tabindex=\"0\" data-tooltip=\"Gu\u00f0 undirheimanna.\">Gu\u00f0 undirheimanna<\/span><\/div>\t\t\t\t<\/div>\n\t\t\t\t<\/div>\n\t\t<div class=\"elementor-element elementor-element-iwgw-aita-tocc e-con-full e-flex e-con e-child\" data-id=\"iwgw-aita-tocc\" data-element_type=\"container\" data-e-type=\"container\">\n\t\t\t\t<div class=\"elementor-element elementor-element-iwgw-aita-toc elementor-toc--minimized-on-tablet elementor-widget elementor-widget-table-of-contents\" data-id=\"iwgw-aita-toc\" data-element_type=\"widget\" data-e-type=\"widget\" data-settings=\"{&quot;headings_by_tags&quot;:[&quot;h2&quot;,&quot;h3&quot;],&quot;minimize_box&quot;:&quot;yes&quot;,&quot;marker_view&quot;:&quot;bullets&quot;,&quot;no_headings_message&quot;:&quot;Engar undirfyrirsagnir fundust \\u00e1 \\u00feessari s\\u00ed\\u00f0u.&quot;,&quot;exclude_headings_by_selector&quot;:[],&quot;icon&quot;:{&quot;value&quot;:&quot;fas fa-circle&quot;,&quot;library&quot;:&quot;fa-solid&quot;,&quot;rendered_tag&quot;:&quot;&lt;svg class=\\&quot;e-font-icon-svg e-fas-circle\\&quot; viewBox=\\&quot;0 0 512 512\\&quot; xmlns=\\&quot;http:\\\/\\\/www.w3.org\\\/2000\\\/svg\\&quot;&gt;&lt;path d=\\&quot;M256 8C119 8 8 119 8 256s111 248 248 248 248-111 248-248S393 8 256 8z\\&quot;&gt;&lt;\\\/path&gt;&lt;\\\/svg&gt;&quot;},&quot;minimized_on&quot;:&quot;tablet&quot;,&quot;hierarchical_view&quot;:&quot;yes&quot;,&quot;min_height&quot;:{&quot;unit&quot;:&quot;px&quot;,&quot;size&quot;:&quot;&quot;,&quot;sizes&quot;:[]},&quot;min_height_tablet&quot;:{&quot;unit&quot;:&quot;px&quot;,&quot;size&quot;:&quot;&quot;,&quot;sizes&quot;:[]},&quot;min_height_mobile&quot;:{&quot;unit&quot;:&quot;px&quot;,&quot;size&quot;:&quot;&quot;,&quot;sizes&quot;:[]}}\" data-widget_type=\"table-of-contents.default\">\n\t\t\t\t\t\t\t\t\t<div class=\"elementor-toc__header\">\n\t\t\t\t\t\t<h2 class=\"elementor-toc__header-title\">\n\t\t\t\tEfnisyfirlit\t\t\t<\/h2>\n\t\t\t\t\t\t\t\t\t\t<div class=\"elementor-toc__toggle-button elementor-toc__toggle-button--expand\" role=\"button\" tabindex=\"0\" aria-controls=\"elementor-toc__iwgw-aita-toc\" aria-expanded=\"true\" aria-label=\"Open table of contents\"><svg aria-hidden=\"true\" class=\"e-font-icon-svg e-fas-chevron-down\" viewBox=\"0 0 448 512\" xmlns=\"http:\/\/www.w3.org\/2000\/svg\"><path d=\"M207.029 381.476L12.686 187.132c-9.373-9.373-9.373-24.569 0-33.941l22.667-22.667c9.357-9.357 24.522-9.375 33.901-.04L224 284.505l154.745-154.021c9.379-9.335 24.544-9.317 33.901.04l22.667 22.667c9.373 9.373 9.373 24.569 0 33.941L240.971 381.476c-9.373 9.372-24.569 9.372-33.942 0z\"><\/path><\/svg><\/div>\n\t\t\t\t<div class=\"elementor-toc__toggle-button elementor-toc__toggle-button--collapse\" role=\"button\" tabindex=\"0\" aria-controls=\"elementor-toc__iwgw-aita-toc\" aria-expanded=\"true\" aria-label=\"Close table of contents\"><svg aria-hidden=\"true\" class=\"e-font-icon-svg e-fas-chevron-up\" viewBox=\"0 0 448 512\" xmlns=\"http:\/\/www.w3.org\/2000\/svg\"><path d=\"M240.971 130.524l194.343 194.343c9.373 9.373 9.373 24.569 0 33.941l-22.667 22.667c-9.357 9.357-24.522 9.375-33.901.04L224 227.495 69.255 381.516c-9.379 9.335-24.544 9.317-33.901-.04l-22.667-22.667c-9.373-9.373-9.373-24.569 0-33.941L207.03 130.525c9.372-9.373 24.568-9.373 33.941-.001z\"><\/path><\/svg><\/div>\n\t\t\t\t\t<\/div>\n\t\t\t\t<div id=\"elementor-toc__iwgw-aita-toc\" class=\"elementor-toc__body\">\n\t\t\t<div class=\"elementor-toc__spinner-container\">\n\t\t\t\t<svg class=\"elementor-toc__spinner eicon-animation-spin e-font-icon-svg e-eicon-loading\" aria-hidden=\"true\" viewBox=\"0 0 1000 1000\" xmlns=\"http:\/\/www.w3.org\/2000\/svg\"><path d=\"M500 975V858C696 858 858 696 858 500S696 142 500 142 142 304 142 500H25C25 237 238 25 500 25S975 237 975 500 763 975 500 975Z\"><\/path><\/svg>\t\t\t<\/div>\n\t\t<\/div>\n\t\t\t\t\t\t<\/div>\n\t\t\t\t<\/div>\n\t\t\t\t\t<\/div>\n\t\t\t\t<\/div>\n\t\t<div class=\"elementor-element elementor-element-iwgw-aita-hr e-con-full e-flex e-con e-child\" data-id=\"iwgw-aita-hr\" data-element_type=\"container\" data-e-type=\"container\">\n\t\t\t\t<div class=\"elementor-element elementor-element-iwgw-aita-heroimg iwg-hero-image elementor-widget elementor-widget-image\" data-id=\"iwgw-aita-heroimg\" data-element_type=\"widget\" data-e-type=\"widget\" data-widget_type=\"image.default\">\n\t\t\t\t\t\t\t\t\t\t\t\t\t\t\t<img fetchpriority=\"high\" decoding=\"async\" width=\"683\" height=\"1024\" src=\"https:\/\/iwell-guard.com\/wp-content\/uploads\/2026\/05\/goetter_etruskisch_aita-1-683x1024.webp\" class=\"attachment-large size-large wp-image-170831\" alt=\"Aita \u2013 gu\u00f0 \u00far etr\u00faskri hef\u00f0, s\u00f6guleg myndskreyting\" srcset=\"https:\/\/iwell-guard.com\/wp-content\/uploads\/2026\/05\/goetter_etruskisch_aita-1-683x1024.webp 683w, https:\/\/iwell-guard.com\/wp-content\/uploads\/2026\/05\/goetter_etruskisch_aita-1-200x300.webp 200w, https:\/\/iwell-guard.com\/wp-content\/uploads\/2026\/05\/goetter_etruskisch_aita-1-768x1152.webp 768w, https:\/\/iwell-guard.com\/wp-content\/uploads\/2026\/05\/goetter_etruskisch_aita-1.webp 1024w\" sizes=\"(max-width: 683px) 100vw, 683px\" \/>\t\t\t\t\t\t\t\t\t\t\t\t\t\t\t<\/div>\n\t\t\t\t<\/div>\n\t\t\t\t\t<\/div>\n\t\t\t\t<\/div>\n\t\t<div class=\"elementor-element elementor-element-iwgw-aita-s0 e-flex e-con-boxed e-con e-parent\" data-id=\"iwgw-aita-s0\" data-element_type=\"container\" data-e-type=\"container\">\n\t\t\t\t\t<div class=\"e-con-inner\">\n\t\t\t\t<div class=\"elementor-element elementor-element-iwgw-aita-s0h elementor-widget elementor-widget-heading\" data-id=\"iwgw-aita-s0h\" data-element_type=\"widget\" data-e-type=\"widget\" data-widget_type=\"heading.default\">\n\t\t\t\t\t<h2 class=\"elementor-heading-title elementor-size-default\">Sta\u00f0a \u00ed etr\u00faska go\u00f0heiminum<\/h2>\t\t\t\t<\/div>\n\t\t<div class=\"elementor-element elementor-element-iwgw-aita-s0c e-con-full e-flex e-con e-child\" data-id=\"iwgw-aita-s0c\" data-element_type=\"container\" data-e-type=\"container\">\n\t\t\t\t<div class=\"elementor-element elementor-element-iwgw-aita-s0t elementor-widget elementor-widget-text-editor\" data-id=\"iwgw-aita-s0t\" data-element_type=\"widget\" data-e-type=\"widget\" data-widget_type=\"text-editor.default\">\n\t\t\t\t\t\t\t\t\t<p>Aita telst til \u00e6\u00f0stu gu\u00f0a etr\u00faskrar tr\u00faar. Hann er ekki hluti af h\u00f6fu\u00f0borgar\u00ferenningunni (Tinia-Uni-Menrva), heldur drottnari undirheimar\u00edkisins, sem er sj\u00e1lfst\u00e6tt svi\u00f0 innan etr\u00faskrar tr\u00faar. \u00cd \u00feessu hlutverki er hann yfirsettur <a href=\"https:\/\/iwell-guard.com\/is\/charun-etruskur-daudademon\/\">Charun<\/a>, <a href=\"https:\/\/iwell-guard.com\/is\/?page_id=168955\">Vanth<\/a> og <a href=\"https:\/\/iwell-guard.com\/is\/?page_id=168958\">Tuchulcha<\/a>.<\/p><p>Larissa Bonfante, Jean-Rene Jannot og Nancy Thomson de Grummond hafa fjalla\u00f0 kerfisbundi\u00f0 um Aita \u00ed verkum s\u00ednum um etr\u00faska tr\u00fa. Hann er sjaldg\u00e6fari \u00ed etr\u00faskri myndlist en \u00d3lymp\u00edugu\u00f0irnir, en er \u00fe\u00f3 lykilatri\u00f0i til a\u00f0 skilja eskat\u00f3l\u00f3g\u00edu Etr\u00faska.<\/p><p>Aita sem drottnari etr\u00faska framl\u00edfsins ver\u00f0ur ekki skilinn nema liti\u00f0 s\u00e9 \u00e1 etr\u00faska tr\u00fa sem sj\u00e1lfst\u00e6tt kerfi milli gr\u00edsk-mi\u00f0jar\u00f0arhafslegrar og \u00edtal\u00edsk-r\u00f3mverskrar <span class=\"iwg-fachbegriff\" data-tooltip=\"Mi\u00f0lun \u00feekkingar og sagna milli kynsl\u00f3\u00f0a.\" tabindex=\"0\">munnm\u00e6lahef\u00f0ar<\/span>. \u00deessi s\u00fdn m\u00e1 rekja til ranns\u00f3kna Massimo Pallottino, Jacques Heurgon, Sybille Haynes, Mauro Cristofani og Giovanni Colonna, sem hafa haft afgerandi \u00e1hrif \u00e1 skilning okkar \u00e1 \u00feessari hef\u00f0.<\/p><p>Aita stendur efst \u00ed etr\u00faska undirheimasvi\u00f0inu og s\u00fdnir \u00feannig hversu sk\u00fdrt <span class=\"iwg-fachbegriff\" data-tooltip=\"Heild gu\u00f0a \u00ed tr\u00faarbr\u00f6g\u00f0um e\u00f0a menningu.\" tabindex=\"0\">go\u00f0aheimur<\/span> Etr\u00faska var stigskiptur og skipulag\u00f0ur eftir hlutverkum. \u00d3l\u00edkt \u00fev\u00ed sem eldri ranns\u00f3knir g\u00e1fu til kynna var \u00feessi <span class=\"iwg-fachbegriff\" data-tooltip=\"Heild gu\u00f0a \u00ed tr\u00faarbr\u00f6g\u00f0um e\u00f0a menningu.\" tabindex=\"0\">go\u00f0aheimur<\/span> sj\u00e1lfst\u00e6tt afbrig\u00f0i af tr\u00faarbr\u00f6g\u00f0um Mi\u00f0jar\u00f0arhafssv\u00e6\u00f0isins, hvorki &#8216;dularfullur&#8217; n\u00e9 &#8216;framandi&#8217;.<\/p><p>Aita, en nafn hans v\u00edsar til gr\u00edska Hades, endurspeglar millig\u00f6ngu Etr\u00faska milli gr\u00edskra \u00e1hrifa og hinnar m\u00f3tandi r\u00f3mversku tr\u00faar. \u00deessi millig\u00f6nguhlutverk \u00ed tr\u00faars\u00f6gu \u00cdtal\u00edu gerir etr\u00faskar heimildir s\u00e9rstaklega ver\u00f0m\u00e6tar fr\u00e1 tr\u00faarfr\u00e6\u00f0ilegu sj\u00f3narhorni.<\/p><p>S\u00fa sta\u00f0reynd a\u00f0 Aita er tengdur gr\u00edska Hades leiddi eldri ranns\u00f3knir til a\u00f0 l\u00edta \u00e1 etr\u00faska framl\u00edfi\u00f0 sem einbera eftirmynd. Tr\u00faar\u00fej\u00f3\u00f0fr\u00e6\u00f0ilegar ranns\u00f3knir s\u00ed\u00f0ustu \u00e1ratuga l\u00edta \u00e1 etr\u00faska tr\u00fa sem loka\u00f0 kerfi \u00ed sj\u00e1lfu s\u00e9r, tr\u00faarfyrirb\u00e6rafr\u00e6\u00f0ilega sj\u00e1lfst\u00e6tt, og hafa komi\u00f0 \u00ed sta\u00f0 \u00feeirrar t\u00falkunar sem s\u00e1 \u00ed henni einbera hli\u00f0argrein me\u00f0 fj\u00f6lbreyttari s\u00fdn.<\/p>\t\t\t\t\t\t\t\t<\/div>\n\t\t\t\t<\/div>\n\t\t\t\t\t<\/div>\n\t\t\t\t<\/div>\n\t\t<div class=\"elementor-element elementor-element-iwgw-aita-s1 e-flex e-con-boxed e-con e-parent\" data-id=\"iwgw-aita-s1\" data-element_type=\"container\" data-e-type=\"container\">\n\t\t\t\t\t<div class=\"e-con-inner\">\n\t\t\t\t<div class=\"elementor-element elementor-element-iwgw-aita-s1h elementor-widget elementor-widget-heading\" data-id=\"iwgw-aita-s1h\" data-element_type=\"widget\" data-e-type=\"widget\" data-widget_type=\"heading.default\">\n\t\t\t\t\t<h2 class=\"elementor-heading-title elementor-size-default\">Nafn og or\u00f0sifjar<\/h2>\t\t\t\t<\/div>\n\t\t<div class=\"elementor-element elementor-element-iwgw-aita-s1c e-con-full e-flex e-con e-child\" data-id=\"iwgw-aita-s1c\" data-element_type=\"container\" data-e-type=\"container\">\n\t\t\t\t<div class=\"elementor-element elementor-element-iwgw-aita-s1t elementor-widget elementor-widget-text-editor\" data-id=\"iwgw-aita-s1t\" data-element_type=\"widget\" data-e-type=\"widget\" data-widget_type=\"text-editor.default\">\n\t\t\t\t\t\t\t\t\t<p>Nafni\u00f0 Aita er tengt gr\u00edska Hades. M\u00e1lfr\u00e6\u00f0ilega er tali\u00f0 a\u00f0 etr\u00faska formi\u00f0 s\u00e9 t\u00f6kuor\u00f0 \u00far gr\u00edsku. Afbrig\u00f0i\u00f0 Eita er einnig sta\u00f0fest. <em>Editio Minor<\/em> eftir Helmut Rix skr\u00e1ir hinar fornleifafr\u00e6\u00f0ilegu \u00e1letranir.<\/p><p>Aita kemur einnig fyrir undir vi\u00f0urnefninu Aita Tuchulcha, sem gefur til kynna tengsl vi\u00f0 <span class=\"iwg-fachbegriff\" data-tooltip=\"Andlegt vera sem eignu\u00f0 er ska\u00f0leg e\u00f0a tv\u00edr\u00e6\u00f0 \u00e1hrif.\" tabindex=\"0\">d\u00e6moninn<\/span> Tuchulcha. \u00deessi tengsl eru v\u00edsindalega \u00e1hugaver\u00f0: \u00feau s\u00fdna a\u00f0 etr\u00fask undirheima-<span class=\"iwg-fachbegriff\" data-tooltip=\"Fr\u00e6\u00f0ileg kenning um gu\u00f0 og tr\u00fa \u00ed tr\u00faarbr\u00f6g\u00f0um.\" tabindex=\"0\">gu\u00f0fr\u00e6\u00f0i<\/span> byggir \u00e1 \u00fe\u00e9ttu neti tengsla.<\/p><p>Nafn Aita, \u00e1samt afbrig\u00f0inu Eita, er \u00e1 tungum\u00e1li sem er tali\u00f0 einangra\u00f0 \u00ed m\u00e1lafj\u00f6lskyldum e\u00f0a tali\u00f0 tilheyra hinni tilg\u00e1tukenndu &#8216;tyrsen\u00edsku&#8217; fj\u00f6lskyldu, sem lemn\u00edska og r\u00e6t\u00edska m\u00e1li\u00f0 g\u00e6tu einnig tilheyrt. R\u00e1\u00f0ning \u00feessara texta hefur veri\u00f0 opi\u00f0 ranns\u00f3knarefni fr\u00e1 19. \u00f6ld.<\/p><p>Fornleifafr\u00e6\u00f0ilegar \u00e1letranir fyrir Aita og afbrig\u00f0i\u00f0 Eita finnast \u00ed Editio Minor eftir Helmut Rix, grundvallarsafni etr\u00faska m\u00e1lheildarins. \u00deetta safn er n\u00fa auki\u00f0 me\u00f0 Thesaurus Linguae Etruscae og netgagnagrunninum ETP (Etruscan Texts Project).<\/p><p>Sta\u00f0a Aita \u00ed etr\u00faska framl\u00edfinu snertir einnig \u00f3leystu spurninguna um uppruna Etr\u00faska. Her\u00f3d\u00f3tos rakti \u00fe\u00e1 til L\u00fdd\u00edu, en D\u00edon\u00fds\u00edos fr\u00e1 Halikarnassos telur \u00fe\u00e1 innf\u00e6dda \u00cdtala. Tr\u00faars\u00f6gulega skiptir \u00feessi spurning m\u00e1li \u00fev\u00ed h\u00fan var\u00f0ar m\u00f6guleg tengsl etr\u00faskrar tr\u00faar vi\u00f0 sm\u00e1as\u00edska d\u00fdrkun.<\/p><p>M\u00e1lfr\u00e6\u00f0ilegar og fornleifafr\u00e6\u00f0ilegar ranns\u00f3knir eru n\u00fa h\u00e1\u00f0ar hvor annarri, og hin stafr\u00e6na \u00fatg\u00e1fa etr\u00faskra texta \u00ed ETP (Etruscan Texts Project) au\u00f0veldar samanbur\u00f0 heimilda, \u00fear \u00e1 me\u00f0al nafnmyndanna Aita og Eita. Marie-Laurence Haack og Vincent Jolivet eru me\u00f0al \u00e1hrifamestu rannsakenda \u00e1 \u00feessu svi\u00f0i.<\/p>\t\t\t\t\t\t\t\t<\/div>\n\t\t\t\t<\/div>\n\t\t\t\t\t<\/div>\n\t\t\t\t<\/div>\n\t\t<div class=\"elementor-element elementor-element-iwgw-aita-s2 e-flex e-con-boxed e-con e-parent\" data-id=\"iwgw-aita-s2\" data-element_type=\"container\" data-e-type=\"container\">\n\t\t\t\t\t<div class=\"e-con-inner\">\n\t\t\t\t<div class=\"elementor-element elementor-element-iwgw-aita-s2h elementor-widget elementor-widget-heading\" data-id=\"iwgw-aita-s2h\" data-element_type=\"widget\" data-e-type=\"widget\" data-widget_type=\"heading.default\">\n\t\t\t\t\t<h2 class=\"elementor-heading-title elementor-size-default\">L\u00fdsing og myndlist<\/h2>\t\t\t\t<\/div>\n\t\t<div class=\"elementor-element elementor-element-iwgw-aita-s2c e-con-full e-flex e-con e-child\" data-id=\"iwgw-aita-s2c\" data-element_type=\"container\" data-e-type=\"container\">\n\t\t\t\t<div class=\"elementor-element elementor-element-iwgw-aita-s2t elementor-widget elementor-widget-text-editor\" data-id=\"iwgw-aita-s2t\" data-element_type=\"widget\" data-e-type=\"widget\" data-widget_type=\"text-editor.default\">\n\t\t\t\t\t\t\t\t\t<p>Aita er s\u00fdndur \u00ed etr\u00fask\u00edskri list sem skeggja\u00f0ur, tignarlegur ma\u00f0ur, oft me\u00f0 \u00falfshettu (Hadeskap) e\u00f0a veldissprota. \u00dalfshettan er s\u00e9rstakt etr\u00fask\u00edskt einkenni sem ekki er sta\u00f0fest \u00e1 sama h\u00e1tt \u00ed gr\u00edsku Hades-hef\u00f0inni.<\/p><p>\u00c1 etr\u00fask\u00edskum grafm\u00e1lverkum (Tomba dell&#8217;Orco \u00ed Tarquinia) birtist Aita \u00ed \u00e1hrifamiklum senum me\u00f0 eiginkonu sinni Persipnei. \u00deessar myndir eru me\u00f0al \u00e1hrifamestu vitnisbur\u00f0a etr\u00fask\u00edskrar eftirheimsfr\u00e6\u00f0i.<\/p><p>Aita er sjaldnar sta\u00f0festur \u00ed etr\u00fask\u00edskri list en \u00d3lymp\u00edugu\u00f0irnir, en \u00fea\u00f0 er einmitt h\u00e9r sem au\u00f0leg\u00f0 etr\u00fask\u00edskrar myndlistar kemur \u00ed lj\u00f3s, en speglar, vasar, grafm\u00e1lverk og bronsmunir bera st\u00e6rstan hluta \u00feekkingar okkar. Larissa Bonfante hefur meti\u00f0 \u00feessa myndhef\u00f0 sem sj\u00e1lfst\u00e6\u00f0a hef\u00f0, ekki einungis afleidda.<\/p><p>Aita er me\u00f0al \u00e1hrifamestu pers\u00f3na etr\u00fask\u00edskrar grafm\u00e1lverkslistar, sem \u00ed Tarquinia, Cerveteri og Vulci er fyrsta flokks uppspretta etr\u00fask\u00edskrar tr\u00faar og eftirheimsfr\u00e6\u00f0i. Veislu-, dans- og t\u00f3nlistarsenur \u00feeirra, auk go\u00f0s\u00f6gulegra atbur\u00f0a, teikna upp handanheiminn sem framhald l\u00edfsins.<\/p><p>Aita er oft s\u00fdndur \u00ed samhengi vi\u00f0 Persipnei og a\u00f0rar handanheimspers\u00f3nur, sem endurspeglar hneig\u00f0 etr\u00fask\u00edskrar <span class=\"iwg-fachbegriff\" data-tooltip=\"Fr\u00e6\u00f0in um myndefni og merkingu \u00feeirra.\" tabindex=\"0\">myndfr\u00e6\u00f0i<\/span> til margpers\u00f3na sena, fr\u00e1sagnartengsla og t\u00e1knr\u00e6nnar sam\u00fej\u00f6ppunar. \u00deetta myndm\u00e1l er vi\u00f0fangsefni etr\u00fask\u00edskrar tr\u00faarmyndfr\u00e6\u00f0i.<\/p><p>Aita kemur fram \u00ed senum me\u00f0 Persipnei og dj\u00f6flum eins og Tuchulcha, og \u00feegar \u00feetta s\u00fdnir fr\u00e1sagnarlega sam\u00fej\u00f6ppun etr\u00fask\u00edskrar myndlistar, \u00fear sem einn spegill e\u00f0a vasi getur innihaldi\u00f0 margar go\u00f0s\u00f6gulegar tengingar samt\u00edmis. Ranns\u00f3knir ver\u00f0a \u00fev\u00ed a\u00f0 lesa \u00feessar myndir vandlega \u00ed samhengi.<\/p>\t\t\t\t\t\t\t\t<\/div>\n\t\t\t\t<\/div>\n\t\t\t\t\t<\/div>\n\t\t\t\t<\/div>\n\t\t<div class=\"elementor-element elementor-element-iwgw-aita-s3 e-flex e-con-boxed e-con e-parent\" data-id=\"iwgw-aita-s3\" data-element_type=\"container\" data-e-type=\"container\">\n\t\t\t\t\t<div class=\"e-con-inner\">\n\t\t\t\t<div class=\"elementor-element elementor-element-iwgw-aita-s3h elementor-widget elementor-widget-heading\" data-id=\"iwgw-aita-s3h\" data-element_type=\"widget\" data-e-type=\"widget\" data-widget_type=\"heading.default\">\n\t\t\t\t\t<h2 class=\"elementor-heading-title elementor-size-default\">Aita \u00ed etr\u00fask\u00edskri eftirheimsfr\u00e6\u00f0i<\/h2>\t\t\t\t<\/div>\n\t\t<div class=\"elementor-element elementor-element-iwgw-aita-s3c e-con-full e-flex e-con e-child\" data-id=\"iwgw-aita-s3c\" data-element_type=\"container\" data-e-type=\"container\">\n\t\t\t\t<div class=\"elementor-element elementor-element-iwgw-aita-s3t elementor-widget elementor-widget-text-editor\" data-id=\"iwgw-aita-s3t\" data-element_type=\"widget\" data-e-type=\"widget\" data-widget_type=\"text-editor.default\">\n\t\t\t\t\t\t\t\t\t<p>Aita r\u00e6\u00f0ur yfir handanheimsr\u00edkinu, sem \u00ed etr\u00fask\u00edskri hugmyndafr\u00e6\u00f0i er fl\u00f3ki\u00f0 skipulagt sv\u00e6\u00f0i. Hinir d\u00e1nu ganga eftir dau\u00f0a sinn inn \u00ed r\u00edki Aita, \u00fear sem \u00feeir lifa skuggatilveru sem hins vegar er ekki neikv\u00e6tt merkt eins og gr\u00edska Hades-r\u00edki\u00f0.<\/p><p>Etr\u00fask\u00edsk grafm\u00e1lverk s\u00fdna hina d\u00e1nu \u00ed veislu, \u00ed dansi, \u00ed samr\u00e6\u00f0um, myndir af sannarlega \u00e1n\u00e6gjulegum handanheimi.<\/p><p>\u00deessi j\u00e1kv\u00e6\u00f0a eftirheimsfr\u00e6\u00f0i er athyglisver\u00f0 fr\u00e1 tr\u00faarbrag\u00f0afyrirb\u00e6rafr\u00e6\u00f0ilegu sj\u00f3narhorni og a\u00f0greinir etr\u00fask\u00edska hef\u00f0 fr\u00e1 \u00feeirri gr\u00edsku. Jannot hefur \u00ed <em>Religion in Ancient Etruria<\/em> greint \u00feennan mun.<\/p><p>Samfelld fr\u00e1s\u00f6gn um Aita er ekki var\u00f0veitt, \u00fev\u00ed etr\u00fask\u00edsk <span class=\"iwg-fachbegriff\" data-tooltip=\"Heildarsafn var\u00f0veittra gu\u00f0sagna innan tiltekinnar menningar.\" tabindex=\"0\">go\u00f0afr\u00e6\u00f0i<\/span> hefur engar \u00fatf\u00e6r\u00f0ar fr\u00e1sagnartexta eins og hin gr\u00edska e\u00f0a r\u00f3mverska. H\u00fan er endurger\u00f0 \u00far myndaefnum, \u00e1letrunum og gr\u00edskum-r\u00f3mverskum aukaheimildum, sem krefst fr\u00e6\u00f0ilegrar var\u00fa\u00f0ar.<\/p><p>Aita er tengdur gr\u00edska Hadesi og t\u00e1knar \u00feannig hi\u00f0 fl\u00f3kna samband \u00feessara tveggja go\u00f0afr\u00e6\u00f0a. Etr\u00faskar t\u00f3ku upp m\u00f6rg gr\u00edsk efni um Akkilles, \u00d3dysseif e\u00f0a \u00d6dipus, en g\u00e1fu \u00feeim eigin t\u00falkanir. \u00deessi a\u00f0l\u00f6gun er vi\u00f0fangsefni \u00e1kafra ranns\u00f3kna.<\/p><p>Aita fer fyrir handanheimsdj\u00f6flunum Charun, Vanth og Tuchulcha, en starfar innan \u00feess tr\u00faarfr\u00e6\u00f0ilega ramma sem einnig gildir almennt: gu\u00f0ar\u00e1\u00f0sins (consensus deorum). Jafnvel Tinia r\u00e1\u00f0gast vi\u00f0 a\u00f0ra gu\u00f0i \u00ed sta\u00f0 \u00feess a\u00f0 athafna sig einn. \u00deetta hugtak er tr\u00faarbrag\u00f0afyrirb\u00e6rafr\u00e6\u00f0ilega s\u00e9rstakt.<\/p><p>Sta\u00f0a Aita \u00ed handanheiminum ver\u00f0ur a\u00f0eins r\u00e1\u00f0in af \u00fev\u00ed a\u00f0 go\u00f0s\u00f6gulega hef\u00f0 Etr\u00faska er ekki var\u00f0veitt \u00ed heilst\u00e6\u00f0um fr\u00e1s\u00f6gnum. H\u00fan ver\u00f0ur \u00feess \u00ed sta\u00f0 a\u00f0 vera endurger\u00f0 \u00far myndsenum, \u00e1letrunum og aukaheimildum. \u00dear sameinar mikilv\u00e6g a\u00f0fer\u00f0 etr\u00fask\u00edska \u00e1letrunartextann, gr\u00edska myndfyrirmyndina og samhengislestur.<\/p>\t\t\t\t\t\t\t\t<\/div>\n\t\t\t\t<\/div>\n\t\t\t\t\t<\/div>\n\t\t\t\t<\/div>\n\t\t<div class=\"elementor-element elementor-element-iwgw-aita-s4 e-flex e-con-boxed e-con e-parent\" data-id=\"iwgw-aita-s4\" data-element_type=\"container\" data-e-type=\"container\">\n\t\t\t\t\t<div class=\"e-con-inner\">\n\t\t\t\t<div class=\"elementor-element elementor-element-iwgw-aita-s4h elementor-widget elementor-widget-heading\" data-id=\"iwgw-aita-s4h\" data-element_type=\"widget\" data-e-type=\"widget\" data-widget_type=\"heading.default\">\n\t\t\t\t\t<h2 class=\"elementor-heading-title elementor-size-default\">Go\u00f0sagnakenndar fr\u00e1sagnir<\/h2>\t\t\t\t<\/div>\n\t\t<div class=\"elementor-element elementor-element-iwgw-aita-s4c e-con-full e-flex e-con e-child\" data-id=\"iwgw-aita-s4c\" data-element_type=\"container\" data-e-type=\"container\">\n\t\t\t\t<div class=\"elementor-element elementor-element-iwgw-aita-s4t elementor-widget elementor-widget-text-editor\" data-id=\"iwgw-aita-s4t\" data-element_type=\"widget\" data-e-type=\"widget\" data-widget_type=\"text-editor.default\">\n\t\t\t\t\t\t\t\t\t<p>Etr\u00fask\u00edskar Aita-fr\u00e1sagnir fylgja oft gr\u00edskum fyrirmyndum, en me\u00f0 eigin \u00e1herslum. Sagan um r\u00e1n Persef\u00f3nu er sta\u00f0fest \u00e1 etr\u00fask\u00edskum speglum, \u00fear sem Persipnei kemur fram sem etr\u00fask\u00edsk Persef\u00f3na og Aita sem Hades. \u00deessi a\u00f0l\u00f6gun s\u00fdnir b\u00e6\u00f0i gr\u00edsk \u00e1hrif og etr\u00fask\u00edska s\u00e9rst\u00f6\u00f0u.<\/p><p>Sj\u00e1lfst\u00e6\u00f0 etr\u00fask\u00edsk hef\u00f0 er m\u00e1lverki\u00f0 \u00ed Tomba dell&#8217;Orco, \u00fear sem Aita og Persipnei eru s\u00fdnd \u00ed r\u00edkulegu gu\u00f0asamf\u00e9lagi \u00ed handanheiminum. \u00deessi sena er \u00e1n gr\u00edskrar fyrirmyndar og telst etr\u00fask\u00edsk frumsk\u00f6pun.<\/p><p>Disciplina Etrusca var sp\u00e1d\u00f3mskerfi Etr\u00faska og samanst\u00f3\u00f0 af innyflasko\u00f0un (haruspicina), eldingart\u00falkun (fulguratio) og fuglasko\u00f0un (auspicia). Etr\u00faskar f\u00e6r\u00f0u \u00fea\u00f0 til R\u00f3mverja, \u00fear sem \u00fea\u00f0 var stunda\u00f0 fram \u00e1 4. \u00f6ld e.Kr.; C\u00edser\u00f3 og Seneca l\u00fdstu \u00fev\u00ed \u00edtarlega.<\/p><p>Disciplina Etrusca var var\u00f0veitt \u00ed eigin prestask\u00f3lum, \u00fear sem grundvallarritin voru Libri Rituales, Libri Haruspicini og Libri Fulgurales. \u00deessi rit eru gl\u00f6tu\u00f0, en m\u00e1 a\u00f0 hluta endurgera me\u00f0 hj\u00e1lp tilvitnana \u00ed r\u00f3mverskum heimildum eins og C\u00edser\u00f3, Festus og Macrobius.<\/p><p>Etr\u00fask\u00edski <span class=\"iwg-fachbegriff\" data-tooltip=\"Heildarsafn tr\u00faarlegra d\u00fdrkunarathafna fyrir gu\u00f0 e\u00f0a heilaga pers\u00f3nu.\" tabindex=\"0\">helgisi\u00f0ad\u00fdrkun<\/span> var mj\u00f6g borgarbundinn \u00ed skipulagi. S\u00e9rhver st\u00f3rborg haf\u00f0i eigin h\u00f6fu\u00f0d\u00fdrkun og tr\u00faarlegar s\u00e9rst\u00f6\u00f0ur, \u00fear \u00e1 me\u00f0al Tarquinia, Caere, Vulci, Veji, Clusium, Volsinii, Cortona, Perugia, Arezzo, Volterra, Populonia og Roselle, en \u00ed gr\u00f6fum \u00feeirra er r\u00edki Aita myndr\u00e6nt til sta\u00f0ar.<\/p><p>Sem heilst\u00e6tt tr\u00faarlegt-sp\u00e1d\u00f3mskerfi telst Disciplina Etrusca me\u00f0al h\u00e1\u00fer\u00f3a\u00f0ra sp\u00e1d\u00f3msathafna hins forna heims. R\u00f3mverjar t\u00f3ku \u00fea\u00f0 upp \u00e1 kerfisbundinn h\u00e1tt, og \u00fea\u00f0 var stunda\u00f0 fram til s\u00ed\u00f0fornaldar, <span class=\"iwg-fachbegriff\" data-tooltip=\"T\u00edmabil gr\u00edskrar og r\u00f3mverskrar menningar, um 800 f.Kr. til 600 e.Kr.\" tabindex=\"0\">forn\u00f6ld<\/span>, sem er s\u00f6guleg samfella sem vert er a\u00f0 taka eftir.<\/p>\t\t\t\t\t\t\t\t<\/div>\n\t\t\t\t<\/div>\n\t\t\t\t\t<\/div>\n\t\t\t\t<\/div>\n\t\t<div class=\"elementor-element elementor-element-iwgw-aita-s5 e-flex e-con-boxed e-con e-parent\" data-id=\"iwgw-aita-s5\" data-element_type=\"container\" data-e-type=\"container\">\n\t\t\t\t\t<div class=\"e-con-inner\">\n\t\t\t\t<div class=\"elementor-element elementor-element-iwgw-aita-s5h elementor-widget elementor-widget-heading\" data-id=\"iwgw-aita-s5h\" data-element_type=\"widget\" data-e-type=\"widget\" data-widget_type=\"heading.default\">\n\t\t\t\t\t<h2 class=\"elementor-heading-title elementor-size-default\">Kult og athafnir<\/h2>\t\t\t\t<\/div>\n\t\t<div class=\"elementor-element elementor-element-iwgw-aita-s5c e-con-full e-flex e-con e-child\" data-id=\"iwgw-aita-s5c\" data-element_type=\"container\" data-e-type=\"container\">\n\t\t\t\t<div class=\"elementor-element elementor-element-iwgw-aita-s5t elementor-widget elementor-widget-text-editor\" data-id=\"iwgw-aita-s5t\" data-element_type=\"widget\" data-e-type=\"widget\" data-widget_type=\"text-editor.default\">\n\t\t\t\t\t\t\t\t\t<p>Aita var, eins og allir undirheimagu\u00f0ir, ekki d\u00fdrka\u00f0ur \u00ed opinberum musterum. <span class=\"iwg-fachbegriff\" data-tooltip=\"Heild allra tr\u00faarlegra d\u00fdrkunarathafna gagnvart gu\u00f0i e\u00f0a heilagri v\u00e6tt.\" tabindex=\"0\">D\u00fdrkun<\/span> hans var fyrst og fremst virk \u00ed tengslum vi\u00f0 greftrun: Vi\u00f0 jar\u00f0arfarir voru m\u00e6ltar Aita-form\u00falur, og Aita-myndir pr\u00fdddu grafhvelfingar og sark\u00f3faga.<\/p><p>S\u00e9rstakar etr\u00faskar venjur f\u00f3lu \u00ed s\u00e9r f\u00f3rnargjafir vi\u00f0 brunna, sem taldir voru inngangar a\u00f0 undirheimunum, auk \u00feess a\u00f0 leggja tiltekna gripi \u00ed grafir sem gjafir til Aita.<\/p><p><span class=\"iwg-fachbegriff\" data-tooltip=\"Bygging sem er notu\u00f0 til d\u00fdrkunar \u00e1 einum e\u00f0a fleiri gu\u00f0um.\" tabindex=\"0\">Etr\u00fask musteri<\/span> eru s\u00e9rst\u00f6k \u00ed byggingarlist: Tuscanus-st\u00edllinn myndar s\u00edna eigin s\u00falnar\u00f6\u00f0un, sem Vitr\u00fav\u00edus l\u00fdsir \u00ed De Architectura. Grunnform \u00feeirra leggja \u00e1herslu \u00e1 cella og brei\u00f0a framh\u00f6ll, sem greinir \u00feau sk\u00fdrt fr\u00e1 gr\u00edskum fyrirmyndum.<\/p><p>Etr\u00fask <span class=\"iwg-fachbegriff\" data-tooltip=\"Bygging sem er notu\u00f0 til d\u00fdrkunar \u00e1 einum e\u00f0a fleiri gu\u00f0um.\" tabindex=\"0\">musteri<\/span> voru oft st\u00f3rfengleg byggingarverk. Iuppiter-<span class=\"iwg-fachbegriff\" data-tooltip=\"Bygging sem er notu\u00f0 til d\u00fdrkunar \u00e1 einum e\u00f0a fleiri gu\u00f0um.\" tabindex=\"0\">musteri\u00f0<\/span> \u00e1 Capitolium-h\u00e6\u00f0 \u00ed R\u00f3m, reist af etr\u00faskum arkitektum og listam\u00f6nnum, s\u00e9rstaklega Vulca fr\u00e1 Veji, vitnar um etr\u00faska tr\u00far\u00e6kni \u00ed fyrstu R\u00f3m.<\/p><p>Etr\u00faska bandalagi\u00f0 samanst\u00f3\u00f0 af t\u00f3lf borgum sem hittust \u00e1rlega vi\u00f0 Fanum Voltumnae n\u00e1l\u00e6gt Volsinii til tr\u00faarlegrar og p\u00f3lit\u00edskrar samkomu. Voltumna var bandalagsgu\u00f0 etr\u00faska r\u00edkjasambandsins og haf\u00f0i yfirgripsmikla tr\u00faarlega st\u00f6\u00f0u.<\/p><p>Etr\u00fask <span class=\"iwg-fachbegriff\" data-tooltip=\"Bygging sem er notu\u00f0 til d\u00fdrkunar \u00e1 einum e\u00f0a fleiri gu\u00f0um.\" tabindex=\"0\">musteri<\/span> voru oft reist \u00e1 t\u00faffsteins-grunni, me\u00f0 timburgrind ofan \u00e1 og terrakotta-skreytingum. Hin fr\u00e6ga Apollon-stytta fr\u00e1 Veji, verk Vulca, er meginheimild um \u00feessa byggingar- og tr\u00faarhef\u00f0.<\/p>\t\t\t\t\t\t\t\t<\/div>\n\t\t\t\t<\/div>\n\t\t\t\t\t<\/div>\n\t\t\t\t<\/div>\n\t\t<div class=\"elementor-element elementor-element-iwgw-aita-s6 e-flex e-con-boxed e-con e-parent\" data-id=\"iwgw-aita-s6\" data-element_type=\"container\" data-e-type=\"container\">\n\t\t\t\t\t<div class=\"e-con-inner\">\n\t\t\t\t<div class=\"elementor-element elementor-element-iwgw-aita-s6h elementor-widget elementor-widget-heading\" data-id=\"iwgw-aita-s6h\" data-element_type=\"widget\" data-e-type=\"widget\" data-widget_type=\"heading.default\">\n\t\t\t\t\t<h2 class=\"elementor-heading-title elementor-size-default\">Verndarhef\u00f0ir<\/h2>\t\t\t\t<\/div>\n\t\t<div class=\"elementor-element elementor-element-iwgw-aita-s6c e-con-full e-flex e-con e-child\" data-id=\"iwgw-aita-s6c\" data-element_type=\"container\" data-e-type=\"container\">\n\t\t\t\t<div class=\"elementor-element elementor-element-iwgw-aita-s6t elementor-widget elementor-widget-text-editor\" data-id=\"iwgw-aita-s6t\" data-element_type=\"widget\" data-e-type=\"widget\" data-widget_type=\"text-editor.default\">\n\t\t\t\t\t\t\t\t\t<p>Aita var \u00ed verndarsamhengi einkum \u00e1kalla\u00f0ur \u00ed tengslum vi\u00f0 sorg og greftrun. \u00d3l\u00edkt \u00d3lympsgu\u00f0unum var hann ekki verndari \u00ed j\u00e1kv\u00e6\u00f0um, virkum skilningi, heldur virt vald sem ekki \u00e1tti a\u00f0 leita til fyrir t\u00edmann.<\/p><p>V\u00f6rn gegn illum \u00f6flum mi\u00f0a\u00f0i a\u00f0 \u00fev\u00ed a\u00f0 koma \u00ed veg fyrir a\u00f0 fara til Hades of snemma: heilsuverndarathafnir, verndarform\u00falur og a\u00f0 bera tiltekna gripi.<\/p><p><span data-nosnippet>Etr\u00fask verndarhef\u00f0 \u00feekkti m\u00f6rg t\u00e1kn til varnar gegn illum \u00f6flum, \u00fear \u00e1 me\u00f0al fallosarmerki, Gorgoneion-myndir, augnamerki, bullae og tiltekin form\u00falur. Larissa Bonfante hefur rannsaka\u00f0 myndm\u00e1l \u00feeirra \u00ed Etruscan Mirrors (1980 o.\u00e1fr.).<\/span><\/p><p>\u00cd etr\u00faskri menningu voru t\u00e1kn til varnar gegn illum \u00f6flum, eins og auga Tinia, fallosarmerki og Gorgoneia, mj\u00f6g \u00fatbreidd. \u00deau pr\u00fdddu <span class=\"iwg-fachbegriff\" data-tooltip=\"Bygging sem er notu\u00f0 til d\u00fdrkunar \u00e1 einum e\u00f0a fleiri gu\u00f0um.\" tabindex=\"0\">musteri<\/span>, grafir, heimilishelgid\u00f3ma og pers\u00f3nulega gripi, og \u00ed r\u00f3mverskri og mi\u00f0jar\u00f0arhafslegri \u00fej\u00f3\u00f0tr\u00fa lif\u00f0i \u00feessi hef\u00f0 \u00e1fram.<\/p><p>Verndarhef\u00f0 og Disciplina Etrusca voru n\u00e1tengd \u00ed etr\u00fasku samhengi. \u00c1\u00f0ur en mikilv\u00e6g skref voru tekin, svo sem borgarstofnun, herfer\u00f0 e\u00f0a h\u00fasbygging, voru fyrirbo\u00f0ar rannsaka\u00f0ir.<\/p><p>Verndarhef\u00f0 og Disciplina Etrusca voru n\u00e1tengd \u00ed etr\u00faskri tr\u00fa. S\u00e1 sem framkv\u00e6mdi verndarath\u00f6fn r\u00e1\u00f0f\u00e6r\u00f0i sig oft samt\u00edmis vi\u00f0 haruspex e\u00f0a augur. \u00deessi stofnanalega tenging er talin einkennandi \u00ed fr\u00e6\u00f0unum.<\/p>\t\t\t\t\t\t\t\t<\/div>\n\t\t\t\t<\/div>\n\t\t\t\t\t<\/div>\n\t\t\t\t<\/div>\n\t\t<div class=\"elementor-element elementor-element-iwgw-aita-s7 e-flex e-con-boxed e-con e-parent\" data-id=\"iwgw-aita-s7\" data-element_type=\"container\" data-e-type=\"container\">\n\t\t\t\t\t<div class=\"e-con-inner\">\n\t\t\t\t<div class=\"elementor-element elementor-element-iwgw-aita-s7h elementor-widget elementor-widget-heading\" data-id=\"iwgw-aita-s7h\" data-element_type=\"widget\" data-e-type=\"widget\" data-widget_type=\"heading.default\">\n\t\t\t\t\t<h2 class=\"elementor-heading-title elementor-size-default\">Hli\u00f0st\u00e6\u00f0ur \u00ed \u00f6\u00f0rum menningarheimum<\/h2>\t\t\t\t<\/div>\n\t\t<div class=\"elementor-element elementor-element-iwgw-aita-s7c e-con-full e-flex e-con e-child\" data-id=\"iwgw-aita-s7c\" data-element_type=\"container\" data-e-type=\"container\">\n\t\t\t\t<div class=\"elementor-element elementor-element-iwgw-aita-s7t elementor-widget elementor-widget-text-editor\" data-id=\"iwgw-aita-s7t\" data-element_type=\"widget\" data-e-type=\"widget\" data-widget_type=\"text-editor.default\">\n\t\t\t\t\t\t\t\t\t<p>Aita samsvarar a\u00f0 hlutverki gr\u00edska Hades, r\u00f3mverska Pluto og Dis Pater, auk hins mes\u00f3p\u00f3tam\u00edska Nergal. Hugmyndin um karlkyns undirheimaherra me\u00f0 r\u00e6nda eiginkonu er v\u00ed\u00f0a \u00fatbreidd \u00ed forn\u00f6ld vi\u00f0 Mi\u00f0jar\u00f0arhafi\u00f0.<\/p><p>\u00cd tr\u00faarbrag\u00f0asamanbur\u00f0i er athyglisver\u00f0 &#8216;j\u00e1kv\u00e6\u00f0&#8217; \u00e1hersla etr\u00faska hugmyndaheims \u00e1 framhaldsl\u00edfi\u00f0, sem er f\u00e1t\u00ed\u00f0 \u00ed gr\u00edskri hef\u00f0. H\u00fan hefur m\u00f6gulega haft \u00e1hrif \u00e1 s\u00ed\u00f0ari kristna hugmynd um &#8216;Parad\u00eds&#8217;, \u00fe\u00f3 me\u00f0 \u00f3beinum h\u00e6tti.<\/p><p>Me\u00f0 interpretatio Romana fengu etr\u00faskir gu\u00f0ir r\u00f3mversk n\u00f6fn: Tinia var\u00f0 Iupiter, Uni var\u00f0 Iuno, Menrva var\u00f0 Minerva. Samsv\u00f6runin var oftast valkv\u00e6\u00f0 og \u00f3fullkomin, og ranns\u00f3knir s\u00ed\u00f0ustu fimmt\u00edu \u00e1ra hafa leitt \u00ed lj\u00f3s hva\u00f0 af etr\u00faskum s\u00e9rkennum var\u00f0veittist.<\/p><p>Etr\u00fask tr\u00fa s\u00fdnir fj\u00f6lm\u00f6rg tengsl vi\u00f0 anat\u00f3l\u00edskar, f\u00f6nik\u00edskar og austurlenskar hef\u00f0ir. Pyrgi-t\u00f6flurnar vitna um f\u00f6nik\u00edska mi\u00f0lun, og \u00feessi tengslanet yfir Mi\u00f0jar\u00f0arhafi\u00f0 er me\u00f0al mikilv\u00e6gra ranns\u00f3knarsvi\u00f0a s\u00ed\u00f0ustu \u00e1ratuga.<\/p><p>\u00cd tr\u00faarbrag\u00f0asamanbur\u00f0i fellur etr\u00fask <span class=\"iwg-fachbegriff\" data-tooltip=\"Heild allra tr\u00faarlegra d\u00fdrkunarathafna gagnvart gu\u00f0i e\u00f0a heilagri v\u00e6tt.\" tabindex=\"0\">d\u00fdrkun<\/span> inn \u00ed hina mi\u00f0jar\u00f0arhafslegu tr\u00faarfj\u00f6lskyldu, me\u00f0 tengslum vi\u00f0 Grikkland, F\u00f6nik\u00edu, Egyptaland, Anat\u00f3l\u00edu og Lat\u00edum. \u00deessi tengslanet eru me\u00f0al mikilv\u00e6gra ranns\u00f3knarsvi\u00f0a.<\/p>\t\t\t\t\t\t\t\t<\/div>\n\t\t\t\t<\/div>\n\t\t\t\t\t<\/div>\n\t\t\t\t<\/div>\n\t\t<div class=\"elementor-element elementor-element-iwgw-aita-s8 e-flex e-con-boxed e-con e-parent\" data-id=\"iwgw-aita-s8\" data-element_type=\"container\" data-e-type=\"container\">\n\t\t\t\t\t<div class=\"e-con-inner\">\n\t\t\t\t<div class=\"elementor-element elementor-element-iwgw-aita-s8h elementor-widget elementor-widget-heading\" data-id=\"iwgw-aita-s8h\" data-element_type=\"widget\" data-e-type=\"widget\" data-widget_type=\"heading.default\">\n\t\t\t\t\t<h2 class=\"elementor-heading-title elementor-size-default\">Ranns\u00f3knir n\u00fat\u00edmans<\/h2>\t\t\t\t<\/div>\n\t\t<div class=\"elementor-element elementor-element-iwgw-aita-s8c e-con-full e-flex e-con e-child\" data-id=\"iwgw-aita-s8c\" data-element_type=\"container\" data-e-type=\"container\">\n\t\t\t\t<div class=\"elementor-element elementor-element-iwgw-aita-s8t elementor-widget elementor-widget-text-editor\" data-id=\"iwgw-aita-s8t\" data-element_type=\"widget\" data-e-type=\"widget\" data-widget_type=\"text-editor.default\">\n\t\t\t\t\t\t\t\t\t<p>Aita-ranns\u00f3knir hafa \u00e1 s\u00ed\u00f0ustu \u00e1ratugum teki\u00f0 framf\u00f6rum me\u00f0 uppg\u00f6tvun n\u00fdrra grafm\u00e1lverka og sark\u00f3faga. Stephan Steingr\u00e4ber, Larissa Bonfante og Cornelia Weber-Lehmann hafa lagt fram mikilv\u00e6g framlag.<\/p><p>Ranns\u00f3knir kanna sambandi\u00f0 milli gr\u00edskrar Hades-hef\u00f0ar og etr\u00faskrar s\u00e9rst\u00f6\u00f0u Aita. Myndr\u00e6nar og fr\u00e1sagnarlegar mismunir eru \u00fear mikilv\u00e6gasta v\u00edsbendingin um etr\u00faska s\u00e9rm\u00f3tun.<\/p><p>Etr\u00fask tr\u00fa er \u00ed dag al\u00fej\u00f3\u00f0legt ranns\u00f3knarefni. Mikilv\u00e6gar mi\u00f0st\u00f6\u00f0var eru h\u00e1sk\u00f3larnir \u00ed Fl\u00f3rens, R\u00f3m Sapienza, P\u00edsa, T\u00fcbingen og Princeton, og nokkur al\u00fej\u00f3\u00f0leg r\u00e1\u00f0stefna \u00e1 \u00e1ri eru tileinku\u00f0 einst\u00f6kum \u00fe\u00e1ttum.<\/p><p>Al\u00fej\u00f3\u00f0leg ranns\u00f3knarverkefni um etr\u00faska tr\u00fa nota \u00ed dag stafr\u00e6nar a\u00f0fer\u00f0ir: 3D-skanna af musterum og gr\u00f6fum, gagnagrunna um \u00e1letranir og myndheimildir, auk GIS-greininga \u00e1 etr\u00faskri bygg\u00f0aruppbyggingu. \u00deessar a\u00f0fer\u00f0ir opna n\u00fdja inns\u00fdn.<\/p><p>N\u00faverandi etr\u00faskar ranns\u00f3knir n\u00e1 til almennings gegnum s\u00fdningar, me\u00f0al annars \u00ed Vat\u00edkansafninu, Museo Nazionale Etrusco di Villa Giulia og Boston Museum of Fine Arts, auk fj\u00f6lda \u00fatgefinna rita.<\/p>\t\t\t\t\t\t\t\t<\/div>\n\t\t\t\t<\/div>\n\t\t\t\t\t<\/div>\n\t\t\t\t<\/div>\n\t\t<div class=\"elementor-element elementor-element-iwgw-aita-s9 e-flex e-con-boxed e-con e-parent\" data-id=\"iwgw-aita-s9\" data-element_type=\"container\" data-e-type=\"container\">\n\t\t\t\t\t<div class=\"e-con-inner\">\n\t\t\t\t<div class=\"elementor-element elementor-element-iwgw-aita-s9h elementor-widget elementor-widget-heading\" data-id=\"iwgw-aita-s9h\" data-element_type=\"widget\" data-e-type=\"widget\" data-widget_type=\"heading.default\">\n\t\t\t\t\t<h2 class=\"elementor-heading-title elementor-size-default\">Heimildir og sta\u00f0a ranns\u00f3kna<\/h2>\t\t\t\t<\/div>\n\t\t<div class=\"elementor-element elementor-element-iwgw-aita-s9c e-con-full e-flex e-con e-child\" data-id=\"iwgw-aita-s9c\" data-element_type=\"container\" data-e-type=\"container\">\n\t\t\t\t<div class=\"elementor-element elementor-element-iwgw-aita-s9t elementor-widget elementor-widget-text-editor\" data-id=\"iwgw-aita-s9t\" data-element_type=\"widget\" data-e-type=\"widget\" data-widget_type=\"text-editor.default\">\n\t\t\t\t\t\t\t\t\t<p>Mikilv\u00e6gustu heimildirnir um ranns\u00f3knir \u00e1 Aita eru Tomba dell&#8217;Orco \u00ed Tarquinia, a\u00f0rar grafm\u00e1lverk, etr\u00faskir speglar me\u00f0 \u00e1letrunum og \u00f6nnur \u00e1letru\u00f0 g\u00f6gn. B\u00f3k Stephans Steingr\u00e4ber, <em>Etruscan Painting<\/em>, er sta\u00f0alverki\u00f0 um grafm\u00e1lverkslist.<\/p><p>D\u00fdpri inns\u00fdn \u00ed <a href=\"https:\/\/iwell-guard.com\/is\/etruskisk-trubrogd-haruspex-disciplina\/\">s\u00f6gu etr\u00faskrar tr\u00faarbrag\u00f0a<\/a> \u00ed heild s\u00fdnir hvernig skilja m\u00e1 Aita \u00ed samhengi vi\u00f0 \u00f6nnur undirheimavera. \u00deessi tengslamyndun er v\u00edsindalega mikilv\u00e6g.<\/p><p>Heimildasta\u00f0an um etr\u00faska tr\u00fa er margslungin og byggir \u00e1 \u00e1letrunarg\u00f6gnum eins og Editio Minor Helmuts Rix, fornleifafundum, myndheimildum og fr\u00e6\u00f0iritum. \u00deessi fj\u00f6lbreytni krefst \u00feverfaglegra a\u00f0fer\u00f0a; n\u00fdrri ranns\u00f3knir tengja saman textafr\u00e6\u00f0i, <span class=\"iwg-fachbegriff\" data-tooltip=\"Fr\u00e6\u00f0igrein sem rannsakar fyrri menningarheima \u00fat fr\u00e1 efnislegum fundum.\" tabindex=\"0\">fornleifafr\u00e6\u00f0i<\/span>, <span class=\"iwg-fachbegriff\" data-tooltip=\"Fr\u00e6\u00f0igreinin sem rannsakar tr\u00faarbr\u00f6g\u00f0 samanbur\u00f0arlega og \u00e1n tr\u00faarlegrar bindingar.\" tabindex=\"0\">tr\u00faarbrag\u00f0afr\u00e6\u00f0i<\/span> og manne\u00f0lisfr\u00e6\u00f0i \u00e1 kerfisbundinn h\u00e1tt.<\/p><p>Heimildagagnr\u00fdnin vinna um etr\u00faska tr\u00fa krefst \u00feess a\u00f0 ma\u00f0ur \u00feekki b\u00e6\u00f0i etr\u00faskar frumheimildir og gr\u00edsk-r\u00f3mverskar aukaheimildir til jafns. \u00deetta tv\u00f6falda sj\u00f3narhorn er krefjandi en \u00f3missandi fyrir vi\u00f0eigandi endurger\u00f0 tr\u00faars\u00f6gunnar.<\/p><p>D\u00fdpri inns\u00fdn \u00ed s\u00f6gu etr\u00faskrar tr\u00faarbrag\u00f0a krefst \u00feekkingar \u00e1 \u00e1letrunar-, fornleifa- og b\u00f3kmenntaheimildum auk n\u00fat\u00edma <span class=\"iwg-fachbegriff\" data-tooltip=\"Fr\u00e6\u00f0igreinin sem rannsakar tr\u00faarbr\u00f6g\u00f0 samanbur\u00f0arlega og \u00e1n tr\u00faarlegrar bindingar.\" tabindex=\"0\">tr\u00faarbrag\u00f0afr\u00e6\u00f0i<\/span>. \u00deessi marg\u00fe\u00e6tta umfj\u00f6llun telst sta\u00f0all \u00ed fr\u00e6\u00f0unum.<\/p>\t\t\t\t\t\t\t\t<\/div>\n\t\t\t\t<\/div>\n\t\t\t\t\t<\/div>\n\t\t\t\t<\/div>\n\t\t<div class=\"elementor-element elementor-element-cp21477b46 e-flex e-con-boxed e-con e-parent\" data-id=\"cp21477b46\" data-element_type=\"container\" data-e-type=\"container\">\n\t\t\t\t\t<div class=\"e-con-inner\">\n\t\t\t\t<div class=\"elementor-element elementor-element-cp27adee74 elementor-widget elementor-widget-heading\" data-id=\"cp27adee74\" data-element_type=\"widget\" data-e-type=\"widget\" data-widget_type=\"heading.default\">\n\t\t\t\t\t<h2 class=\"elementor-heading-title elementor-size-default\">Aita \u00ed grafm\u00e1lverkum Tarquinia<\/h2>\t\t\t\t<\/div>\n\t\t<div class=\"elementor-element elementor-element-cp2187afd2 e-flex e-con-boxed e-con e-child\" data-id=\"cp2187afd2\" data-element_type=\"container\" data-e-type=\"container\">\n\t\t\t\t\t<div class=\"e-con-inner\">\n\t\t\t\t<div class=\"elementor-element elementor-element-cp2203ee8d elementor-widget elementor-widget-text-editor\" data-id=\"cp2203ee8d\" data-element_type=\"widget\" data-e-type=\"widget\" data-widget_type=\"text-editor.default\">\n\t\t\t\t\t\t\t\t\t<p>S\u00fdnilegustu heimildirnar um Aita, etr\u00faska drottnara undirheimanna, koma fr\u00e1 m\u00e1la\u00f0um grafhvelfingum \u00ed Tarquinia, s\u00e9rstaklega \u00far Tomba dell&#8217;Orco. \u00deessi grafhvelfing, m\u00e1lu\u00f0 \u00ed nokkrum \u00e1f\u00f6ngum \u00e1 4. \u00f6ld fyrir okkar t\u00edmatal, s\u00fdnir \u00ed \u00f6\u00f0ru r\u00fdmi undirheimasenu \u00fear sem Aita situr \u00ed h\u00e1s\u00e6ti me\u00f0 konu sinni <em>Phersipnei<\/em>.<\/p><p>Aita ber \u00e1berandi h\u00f6fu\u00f0fat \u00far \u00falfsskinni, \u00fear sem h\u00f6fu\u00f0k\u00fapa d\u00fdrsins er dregin eins og hetta yfir h\u00f6fu\u00f0 hans; \u00feetta einkenni er hans sk\u00fdrasta myndfr\u00e6\u00f0ilega kennimark.<\/p><p>\u00c1letranir \u00e1 etr\u00faskri skrift sta\u00f0festa hva\u00f0a pers\u00f3nur um r\u00e6\u00f0ir.<\/p><p>Auk gu\u00f0ahj\u00f3nanna birtast fleiri undirheimaverur, me\u00f0al annars <span class=\"iwg-fachbegriff\" data-tooltip=\"Andleg vera sem s\u00f6g\u00f0 er hafa ska\u00f0lega e\u00f0a tv\u00edr\u00e6\u00f0a verkun.\" tabindex=\"0\">dj\u00f6fullega veru<\/span> <em>Charun<\/em> me\u00f0 hamar og hina v\u00e6ngju\u00f0u <em>Vanth<\/em>. Tomba dell&#8217;Orco sameinar \u00feannig gr\u00edskm\u00f3ta\u00f0ar myndhugmyndir, nafni\u00f0 <em>Phersipnei<\/em> samsvarar gr\u00edsku Persef\u00f3nu, vi\u00f0 sj\u00e1lfst\u00e6\u00f0an etr\u00faskan dj\u00f6flaheim sem \u00e1 s\u00e9r ekki bein hli\u00f0st\u00e6\u00f0u \u00ed gr\u00edskum hugmyndum um undirheimana.<\/p><p>Grafm\u00e1lverkin eru tv\u00f6falt ver\u00f0m\u00e6t sem heimild. \u00deau s\u00fdna hvernig Etr\u00faskar hugsu\u00f0u s\u00e9r drottnara r\u00edkis hinna dau\u00f0u. \u00c1 sama t\u00edma s\u00fdna \u00feau \u00ed hva\u00f0a samhengi \u00feessi mynd haf\u00f0i sinn sta\u00f0: \u00ed gr\u00f6finni sj\u00e1lfri, fyrir augum hinna l\u00e1tnu og a\u00f0standenda.<\/p><p>Ranns\u00f3knir \u00e1 etr\u00faskri grafarlist, me\u00f0al annars verk Stephans Steingr\u00e4ber um grafm\u00e1lverkslist, benda \u00e1 a\u00f0 \u00feessar myndir s\u00e9u s\u00ed\u00f0ur myndskreyttar go\u00f0s\u00f6gur heldur yfirl\u00fdsingar um \u00f6rl\u00f6g hinna l\u00e1tnu sem v\u00e6nst er. Aita birtist h\u00e9r sem trygging fyrir skipul\u00f6g\u00f0um undirheimum sem hinn l\u00e1tni er tekinn inn \u00ed.<\/p>\t\t\t\t\t\t\t\t<\/div>\n\t\t\t\t\t<\/div>\n\t\t\t\t<\/div>\n\t\t\t\t\t<\/div>\n\t\t\t\t<\/div>\n\t\t<div class=\"elementor-element elementor-element-cp29b549d0 e-flex e-con-boxed e-con e-parent\" data-id=\"cp29b549d0\" data-element_type=\"container\" data-e-type=\"container\">\n\t\t\t\t\t<div class=\"e-con-inner\">\n\t\t\t\t<div class=\"elementor-element elementor-element-cp27c9a64d elementor-widget elementor-widget-heading\" data-id=\"cp27c9a64d\" data-element_type=\"widget\" data-e-type=\"widget\" data-widget_type=\"heading.default\">\n\t\t\t\t\t<h2 class=\"elementor-heading-title elementor-size-default\">Fr\u00e1 etr\u00faska Calu til gr\u00edskm\u00f3ta\u00f0s Aita<\/h2>\t\t\t\t<\/div>\n\t\t<div class=\"elementor-element elementor-element-cp2b6db354 e-flex e-con-boxed e-con e-child\" data-id=\"cp2b6db354\" data-element_type=\"container\" data-e-type=\"container\">\n\t\t\t\t\t<div class=\"e-con-inner\">\n\t\t\t\t<div class=\"elementor-element elementor-element-cp221b3610 elementor-widget elementor-widget-text-editor\" data-id=\"cp221b3610\" data-element_type=\"widget\" data-e-type=\"widget\" data-widget_type=\"text-editor.default\">\n\t\t\t\t\t\t\t\t\t<p>Fr\u00e6\u00f0imenn telja a\u00f0 pers\u00f3na Aita s\u00e9 afrakstur \u00fer\u00f3unar \u00fear sem eldri innlend hugmynd um undirheimana var au\u00f0gu\u00f0 me\u00f0 gr\u00edskum myndm\u00f3t\u00edfum.<\/p><p>\u00c1\u00f0ur en nafni\u00f0 Aita, sem samsvarar gr\u00edska Hades, kom fram, er \u00ed etr\u00faskum heimildum vitnisbur\u00f0ur um veru sem kallast <em>Calu<\/em>, tengd r\u00edki hinna dau\u00f0u og oft tengd \u00falfinum. Sumir fr\u00e6\u00f0imenn sj\u00e1 \u00ed <em>Calu<\/em> forvera e\u00f0a anna\u00f0 birtingarform s\u00f6mu hugmyndar.<\/p><p>Sterk grikkjav\u00e6\u00f0ing myndm\u00e1ls Aita fellur \u00e1 4. \u00f6ld fyrir okkar t\u00edmatal, t\u00edmabil \u00feegar etr\u00faska yfirst\u00e9ttin t\u00f3k \u00ed r\u00edkum m\u00e6li upp gr\u00edska myndmenningu. Nafni\u00f0 <em>Phersipnei<\/em> fyrir konu hans, upptaka h\u00e1s\u00e6tisgu\u00f0apara og senur eins og fundurinn me\u00f0 gr\u00edskum hetjum \u00ed undirheimunum s\u00fdna \u00feessi \u00e1hrif greinilega.<\/p><p>Samt\u00edmis h\u00e9lst etr\u00faskt eigi\u00f0 framlag, s\u00e9rstaklega \u00ed fylgidj\u00f6flunum og \u00ed hinum einkennandi \u00falfsskinnshatti, sem \u00e1 s\u00e9r ekkert fyrirmyndarform \u00ed gr\u00edskri Hades-mynd.<\/p><p>\u00deessi lagskipting gerir Aita a\u00f0 l\u00e6rd\u00f3msr\u00edku d\u00e6mi um s\u00f6gu etr\u00faskrar tr\u00faarbrag\u00f0a. \u00cd sta\u00f0 \u00feess a\u00f0 taka gr\u00edska myndarfleif\u00f0 upp \u00f3breytta, felldu Etr\u00faskar hana inn \u00ed eigin hugmyndir og h\u00e9ldu tilteknum s\u00e9rkennum s\u00ednum.<\/p><p>Heimildasta\u00f0an gerir okkur \u00fe\u00f3 ekki kleift a\u00f0 endurgera eldri lagi\u00f0 \u00ed sm\u00e1atri\u00f0um; <em>Calu<\/em> er \u00e1fram vera sem erfitt er a\u00f0 n\u00e1 utan um. \u00dea\u00f0 sem segja m\u00e1 er a\u00f0 Aita er ekki einfaldlega etr\u00faskur Hades, heldur sj\u00e1lfst\u00e6\u00f0 sk\u00f6pun \u00fear sem eldri og a\u00f0keypt atri\u00f0i runnu saman.<\/p>\t\t\t\t\t\t\t\t<\/div>\n\t\t\t\t\t<\/div>\n\t\t\t\t<\/div>\n\t\t\t\t\t<\/div>\n\t\t\t\t<\/div>\n\t\t<div class=\"elementor-element elementor-element-iwgw-aita-lit e-flex e-con-boxed e-con e-parent\" data-id=\"iwgw-aita-lit\" data-element_type=\"container\" data-e-type=\"container\">\n\t\t\t\t\t<div class=\"e-con-inner\">\n\t\t\t\t<div class=\"elementor-element elementor-element-iwgw-aita-lith elementor-widget elementor-widget-heading\" data-id=\"iwgw-aita-lith\" data-element_type=\"widget\" data-e-type=\"widget\" data-widget_type=\"heading.default\">\n\t\t\t\t\t<h2 class=\"elementor-heading-title elementor-size-default\">Heimildir (\u00farval)<\/h2>\t\t\t\t<\/div>\n\t\t<div class=\"elementor-element elementor-element-iwgw-aita-litc e-con-full e-flex e-con e-child\" data-id=\"iwgw-aita-litc\" data-element_type=\"container\" data-e-type=\"container\">\n\t\t\t\t<div class=\"elementor-element elementor-element-iwgw-aita-litt elementor-widget elementor-widget-text-editor\" data-id=\"iwgw-aita-litt\" data-element_type=\"widget\" data-e-type=\"widget\" data-widget_type=\"text-editor.default\">\n\t\t\t\t\t\t\t\t\t<ul><li>Larissa Bonfante: <em>Etruscan Mythology<\/em> (2006)<\/li><li>Stephan Steingr\u00e4ber: <em>Etruscan Painting<\/em> (1986)<\/li><li>Jean-Rene Jannot: <em>Religion in Ancient Etruria<\/em> (2005)<\/li><li><span data-nosnippet>Nancy Thomson de Grummond: <em>Etruscan Myth, Sacred History, and Legend<\/em> (2006)<\/span><\/li><li>Cornelia Weber-Lehmann: Framl\u00f6g til etr\u00faskrar grafarlistar<\/li><\/ul>\n<p class=\"iwg-bib-more\"><span data-nosnippet>Frekari sta\u00f0alverk \u00ed <a href=\"https:\/\/iwell-guard.com\/is\/heimildaskra\/\">heimildaskr\u00e1nni<\/a>.<\/span><\/p>\t\t\t\t\t\t\t\t<\/div>\n\t\t\t\t<\/div>\n\t\t\t\t\t<\/div>\n\t\t\t\t<\/div>\n\t\t<div class=\"elementor-element elementor-element-iwgkw2-add-aita e-flex e-con-boxed e-con e-parent\" data-id=\"iwgkw2-add-aita\" data-element_type=\"container\" data-e-type=\"container\">\n\t\t\t\t\t<div class=\"e-con-inner\">\n\t\t\t\t<div class=\"elementor-element elementor-element-iwgkw2-add-aita-t elementor-widget elementor-widget-text-editor\" data-id=\"iwgkw2-add-aita-t\" data-element_type=\"widget\" data-e-type=\"widget\" data-widget_type=\"text-editor.default\">\n\t\t\t\t\t\t\t\t\t<p>\u00cd etr\u00faskri <span class=\"iwg-fachbegriff\" data-tooltip=\"S\u00f6gn sem var\u00f0veitt hefur veri\u00f0 um gu\u00f0i, uppruna og skipan heimsins.\" tabindex=\"0\">go\u00f0s\u00f6gn<\/span> birtist Aita sem har\u00f0stj\u00f3rnarlegur drottnari undirheimanna, en myndheimur hans s\u00fdnir \u00falfsskinnshulin h\u00f6fu\u00f0 og veldissprota, og s\u00ed\u00f0ar tengist hann r\u00f3mverska gu\u00f0num Dis Pater.<\/p>\t\t\t\t\t\t\t\t<\/div>\n\t\t\t\t\t<\/div>\n\t\t\t\t<\/div>\n\t\t<div class=\"elementor-element elementor-element-iwgw-aita-kwd e-flex e-con-boxed e-con e-parent\" data-id=\"iwgw-aita-kwd\" data-element_type=\"container\" data-e-type=\"container\">\n\t\t\t\t\t<div class=\"e-con-inner\">\n\t\t<div class=\"elementor-element elementor-element-iwgw-aita-kwdc e-con-full e-flex e-con e-child\" data-id=\"iwgw-aita-kwdc\" data-element_type=\"container\" data-e-type=\"container\">\n\t\t\t\t<div class=\"elementor-element elementor-element-iwgw-aita-kwdt elementor-widget elementor-widget-text-editor\" data-id=\"iwgw-aita-kwdt\" data-element_type=\"widget\" data-e-type=\"widget\" data-widget_type=\"text-editor.default\">\n\t\t\t\t\t\t\t\t\t<p><em>Tengd lykilhugt\u00f6k: Aita Etr\u00faskar undirheimagu\u00f0 Persipnei Tomba dell&#8217;Orco \u00falfshetta Hades Pl\u00fat\u00f3.<\/em><\/p>\t\t\t\t\t\t\t\t<\/div>\n\t\t\t\t<\/div>\n\t\t\t\t\t<\/div>\n\t\t\t\t<\/div>\n\t\t<div class=\"elementor-element elementor-element-iwgw-aita-cc e-flex e-con-boxed e-con e-parent\" data-id=\"iwgw-aita-cc\" data-element_type=\"container\" data-e-type=\"container\" id=\"iwg-cc-aita\">\n\t\t\t\t\t<div class=\"e-con-inner\">\n\t\t<div class=\"elementor-element elementor-element-iwgw-aita-ccinner e-flex e-con-boxed e-con e-parent\" data-id=\"iwgw-aita-ccinner\" data-element_type=\"container\" data-e-type=\"container\" data-settings=\"{&quot;background_background&quot;:&quot;classic&quot;}\">\n\t\t\t\t\t<div class=\"e-con-inner\">\n\t\t\t\t<div class=\"elementor-element elementor-element-iwgw-aita-cch elementor-widget elementor-widget-heading\" data-id=\"iwgw-aita-cch\" data-element_type=\"widget\" data-e-type=\"widget\" data-widget_type=\"heading.default\">\n\t\t\t\t\t<h2 class=\"elementor-heading-title elementor-size-default\">iWell Guard og verndarhef\u00f0ir<\/h2>\t\t\t\t<\/div>\n\t\t\t\t<div class=\"elementor-element elementor-element-iwgw-aita-cct elementor-widget elementor-widget-text-editor\" data-id=\"iwgw-aita-cct\" data-element_type=\"widget\" data-e-type=\"widget\" data-widget_type=\"text-editor.default\">\n\t\t\t\t\t\t\t\t\t<div data-nosnippet=\"true\"><p>iWell Guard tengist menningars\u00f6gulegri hef\u00f0 farandhelgigripa, \u00ed hef\u00f0 <a href=\"https:\/\/iwell-guard.com\/is\/etruskisk-trubrogd-haruspex-disciplina\/\">Etr\u00faska<\/a> og margra annarra menningarheima um allan heim. 41 lag, alv\u00f6ru gull, plat\u00edna, silfur, framleitt \u00ed \u00de\u00fdskalandi. 30 daga skilar\u00e9ttur.<\/p><\/div>\t\t\t\t\t\t\t\t<\/div>\n\t\t\t\t<div class=\"elementor-element elementor-element-iwgw-aita-ccb iwg-cc-button iwg-cc-cta-2026-05-13 elementor-widget elementor-widget-jet-button\" data-id=\"iwgw-aita-ccb\" data-element_type=\"widget\" data-e-type=\"widget\" data-widget_type=\"jet-button.default\">\n\t\t\t\t<div class=\"elementor-widget-container\">\n\t\t\t\t\t<div class=\"elementor-jet-button jet-elements\"><div class=\"jet-button__container\"><a class=\"jet-button__instance jet-button__instance--icon-left hover-effect-1\" href=\"\/ueber-iwell-guard\/?utm_source=iwell-guard.com&amp;utm_medium=info-box&amp;utm_campaign=wesen-tradition\"><div class=\"jet-button__plane jet-button__plane-normal\"><\/div><div class=\"jet-button__plane jet-button__plane-hover\"><\/div><div class=\"jet-button__state jet-button__state-normal\"><span class=\"jet-button__label\">Meira um iWell Guard<\/span><\/div><div class=\"jet-button__state jet-button__state-hover\"><span class=\"jet-button__label\">Meira um iWell Guard<\/span><\/div><\/a><\/div><\/div><style>.elementor-element.elementor-element-iwgw-aita-ccb .jet-button__instance{width:320px;height:56px;}.elementor-element.elementor-element-iwgw-aita-ccb .jet-button__state-normal .jet-button__label{text-align:center;margin:0px 0px 0px 0px;color:#1a1b20;font-family:Montserrat,sans-serif;font-size:13px;font-weight:400;letter-spacing:4px;line-height:1.714em;text-transform:uppercase;}.elementor-element.elementor-element-iwgw-aita-ccb .jet-button__state-hover .jet-button__label{text-align:center;margin:0px 0px 0px 0px;color:#FECC76;font-family:Montserrat,sans-serif;font-size:13px;font-weight:400;letter-spacing:4px;line-height:1.714em;text-transform:uppercase;}.elementor-element.elementor-element-iwgw-aita-ccb .jet-button__plane-normal{background-color:#FECC76;border-style:solid;border-color:#C99540;border-width:2px 2px 2px 2px;}.elementor-element.elementor-element-iwgw-aita-ccb .jet-button__plane-hover{background-color:rgba(0,0,0,0.55);border-style:solid;border-color:#FECC76;border-width:2px 2px 2px 2px;}<\/style>\t\t\t\t<\/div>\n\t\t\t\t<\/div>\n\t\t\t\t<div class=\"elementor-element elementor-element-iwgw-aita-ccd elementor-widget elementor-widget-text-editor\" data-id=\"iwgw-aita-ccd\" data-element_type=\"widget\" data-e-type=\"widget\" data-widget_type=\"text-editor.default\">\n\t\t\t\t\t\t\t\t\t<div data-nosnippet=\"true\"><p style=\"text-align:center;font-size:13px;opacity:0.7;margin-top:14px\" data-nosnippet=\"true\">Pers\u00f3nuleg reynsla getur veri\u00f0 mismunandi. Ekki l\u00e6kningat\u00e6ki. Engin lofor\u00f0 um l\u00e6kningu.<\/p><\/div>\t\t\t\t\t\t\t\t<\/div>\n\t\t\t\t\t<\/div>\n\t\t\t\t<\/div>\n\t\t\t\t\t<\/div>\n\t\t\t\t<\/div>\n\t\t<div class=\"elementor-element elementor-element-iwgw-aita-disc e-flex e-con-boxed e-con e-parent\" data-id=\"iwgw-aita-disc\" data-element_type=\"container\" data-e-type=\"container\">\n\t\t\t\t\t<div class=\"e-con-inner\">\n\t\t\t\t<div class=\"elementor-element elementor-element-iwgw-aita-discw elementor-widget elementor-widget-html\" data-id=\"iwgw-aita-discw\" data-element_type=\"widget\" data-e-type=\"widget\" data-widget_type=\"html.default\">\n\t\t\t\t\t<footer data-nosnippet=\"true\" class=\"iwg-disclaimer-block\"><p data-nosnippet=\"true\">iWell Guard er <strong>ekki l\u00e6kningat\u00e6ki<\/strong> og kemur ekki \u00ed sta\u00f0inn fyrir l\u00e6knis- e\u00f0a s\u00e1lfr\u00e6\u00f0ime\u00f0fer\u00f0. Tr\u00faarfr\u00e6\u00f0ilegt efni er menningars\u00f6gulegt samhengi, ekki r\u00e1\u00f0legging um andlega i\u00f0kun.<\/p><\/footer>\t\t\t\t<\/div>\n\t\t\t\t\t<\/div>\n\t\t\t\t<\/div>\n\t\t\t\t<\/div>\n\t\t","protected":false},"excerpt":{"rendered":"","protected":false},"author":3,"featured_media":2816,"parent":0,"menu_order":0,"comment_status":"closed","ping_status":"closed","template":"elementor_header_footer","meta":{"_yoast_wpseo_focuskw":"Aita Etr\u00faskar","_yoast_wpseo_title":"Aita - Etr\u00faskur gu\u00f0 undirheimanna, go\u00f0s\u00f6gn","_yoast_wpseo_metadesc":"Aita er etr\u00faskur gu\u00f0 undirheimanna, hli\u00f0st\u00e6\u00f0a gr\u00edska gu\u00f0sins Hades. Tr\u00faarfr\u00e6\u00f0ileg \u00fattekt me\u00f0 go\u00f0s\u00f6gn, d\u00fdrkun og heimildum.","_yoast_wpseo_meta-robots-noindex":"","_yoast_wpseo_canonical":"","_angie_page":false,"gefaehrdungsstufe":"2","wesen_kultur":"etruskisch","wesen_klasse":"goetter","footnotes":""},"categories":[],"class_list":["post-168956","page","type-page","status-publish","has-post-thumbnail","hentry"],"yoast_head":"<!-- This site is optimized with the Yoast SEO Premium plugin v27.7 (Yoast SEO v28.3) - https:\/\/yoast.com\/product\/yoast-seo-premium-wordpress\/ -->\n<title>Aita - Etr\u00faskur gu\u00f0 undirheimanna, go\u00f0s\u00f6gn<\/title>\n<meta name=\"description\" content=\"Aita er etr\u00faskur gu\u00f0 undirheimanna, hli\u00f0st\u00e6\u00f0a gr\u00edska gu\u00f0sins Hades. Tr\u00faarfr\u00e6\u00f0ileg \u00fattekt me\u00f0 go\u00f0s\u00f6gn, d\u00fdrkun og heimildum.\" \/>\n<meta name=\"robots\" content=\"index, follow, max-snippet:-1, max-image-preview:large, max-video-preview:-1\" \/>\n<link rel=\"canonical\" href=\"https:\/\/iwell-guard.com\/is\/aita-etruskur-gud-undirheimanna\/\" \/>\n<meta property=\"og:locale\" content=\"is_IS\" \/>\n<meta property=\"og:type\" content=\"article\" \/>\n<meta property=\"og:title\" content=\"Aita - Etr\u00faskur gu\u00f0 undirheimanna\" \/>\n<meta property=\"og:description\" content=\"Aita er etr\u00faskur gu\u00f0 undirheimanna, hli\u00f0st\u00e6\u00f0a gr\u00edska gu\u00f0sins Hades. Tr\u00faarfr\u00e6\u00f0ileg \u00fattekt me\u00f0 go\u00f0s\u00f6gn, d\u00fdrkun og heimildum.\" \/>\n<meta property=\"og:url\" content=\"https:\/\/iwell-guard.com\/is\/aita-etruskur-gud-undirheimanna\/\" \/>\n<meta property=\"og:site_name\" content=\"iWell Guard\" \/>\n<meta property=\"article:modified_time\" content=\"2026-09-05T14:26:51+00:00\" \/>\n<meta property=\"og:image\" content=\"https:\/\/iwell-guard.com\/wp-content\/uploads\/2026\/05\/goetter_etruskisch_aita-1.webp\" \/>\n\t<meta property=\"og:image:width\" content=\"1024\" \/>\n\t<meta property=\"og:image:height\" content=\"1536\" \/>\n\t<meta property=\"og:image:type\" content=\"image\/webp\" \/>\n<meta name=\"twitter:card\" content=\"summary_large_image\" \/>\n<script type=\"application\/ld+json\" class=\"yoast-schema-graph\">{\"@context\":\"https:\\\/\\\/schema.org\",\"@graph\":[{\"@type\":\"WebPage\",\"@id\":\"https:\\\/\\\/iwell-guard.com\\\/is\\\/aita-etruskur-gud-undirheimanna\\\/\",\"url\":\"https:\\\/\\\/iwell-guard.com\\\/is\\\/aita-etruskur-gud-undirheimanna\\\/\",\"name\":\"Aita - Etr\u00faskur gu\u00f0 undirheimanna, go\u00f0s\u00f6gn\",\"isPartOf\":{\"@id\":\"https:\\\/\\\/iwell-guard.com\\\/is\\\/#website\"},\"primaryImageOfPage\":{\"@id\":\"https:\\\/\\\/iwell-guard.com\\\/is\\\/aita-etruskur-gud-undirheimanna\\\/#primaryimage\"},\"image\":{\"@id\":\"https:\\\/\\\/iwell-guard.com\\\/is\\\/aita-etruskur-gud-undirheimanna\\\/#primaryimage\"},\"thumbnailUrl\":\"https:\\\/\\\/iwell-guard.com\\\/wp-content\\\/uploads\\\/2026\\\/05\\\/goetter_etruskisch_aita-1.webp\",\"datePublished\":\"2026-09-05T14:04:21+00:00\",\"dateModified\":\"2026-09-05T14:26:51+00:00\",\"description\":\"Aita er etr\u00faskur gu\u00f0 undirheimanna, hli\u00f0st\u00e6\u00f0a gr\u00edska gu\u00f0sins Hades. Tr\u00faarfr\u00e6\u00f0ileg \u00fattekt me\u00f0 go\u00f0s\u00f6gn, d\u00fdrkun og heimildum.\",\"breadcrumb\":{\"@id\":\"https:\\\/\\\/iwell-guard.com\\\/is\\\/aita-etruskur-gud-undirheimanna\\\/#breadcrumb\"},\"inLanguage\":\"is\",\"potentialAction\":[{\"@type\":\"ReadAction\",\"target\":[\"https:\\\/\\\/iwell-guard.com\\\/is\\\/aita-etruskur-gud-undirheimanna\\\/\"]}]},{\"@type\":\"ImageObject\",\"inLanguage\":\"is\",\"@id\":\"https:\\\/\\\/iwell-guard.com\\\/is\\\/aita-etruskur-gud-undirheimanna\\\/#primaryimage\",\"url\":\"https:\\\/\\\/iwell-guard.com\\\/wp-content\\\/uploads\\\/2026\\\/05\\\/goetter_etruskisch_aita-1.webp\",\"contentUrl\":\"https:\\\/\\\/iwell-guard.com\\\/wp-content\\\/uploads\\\/2026\\\/05\\\/goetter_etruskisch_aita-1.webp\",\"width\":1024,\"height\":1536,\"caption\":\"Gu\u00f0ir \u00far etr\u00faskri hef\u00f0.\"},{\"@type\":\"BreadcrumbList\",\"@id\":\"https:\\\/\\\/iwell-guard.com\\\/is\\\/aita-etruskur-gud-undirheimanna\\\/#breadcrumb\",\"itemListElement\":[{\"@type\":\"ListItem\",\"position\":1,\"name\":\"Start\",\"item\":\"https:\\\/\\\/iwell-guard.com\\\/is\\\/?page_id=168580\"},{\"@type\":\"ListItem\",\"position\":2,\"name\":\"Aita &#8211; Etr\u00faskur gu\u00f0 undirheimanna\"}]},{\"@type\":\"WebSite\",\"@id\":\"https:\\\/\\\/iwell-guard.com\\\/is\\\/#website\",\"url\":\"https:\\\/\\\/iwell-guard.com\\\/is\\\/\",\"name\":\"iWell Guard\",\"description\":\"Schutz vor dunklen Einfl\u00fcssen\",\"publisher\":{\"@id\":\"https:\\\/\\\/iwell-guard.com\\\/is\\\/#organization\"},\"potentialAction\":[{\"@type\":\"SearchAction\",\"target\":{\"@type\":\"EntryPoint\",\"urlTemplate\":\"https:\\\/\\\/iwell-guard.com\\\/is\\\/?s={search_term_string}\"},\"query-input\":{\"@type\":\"PropertyValueSpecification\",\"valueRequired\":true,\"valueName\":\"search_term_string\"}}],\"inLanguage\":\"is\"},{\"@type\":\"Organization\",\"@id\":\"https:\\\/\\\/iwell-guard.com\\\/is\\\/#organization\",\"name\":\"Ittermann electronic GmbH\",\"url\":\"https:\\\/\\\/iwell-guard.com\\\/is\\\/\",\"logo\":{\"@type\":\"ImageObject\",\"inLanguage\":\"is\",\"@id\":\"https:\\\/\\\/iwell-guard.com\\\/is\\\/#\\\/schema\\\/logo\\\/image\\\/\",\"url\":\"https:\\\/\\\/iwell-guard.com\\\/wp-content\\\/uploads\\\/2026\\\/05\\\/Ittermann-Logo-1182x237-1.png\",\"contentUrl\":\"https:\\\/\\\/iwell-guard.com\\\/wp-content\\\/uploads\\\/2026\\\/05\\\/Ittermann-Logo-1182x237-1.png\",\"width\":1182,\"height\":237,\"caption\":\"Ittermann electronic GmbH\"},\"image\":{\"@id\":\"https:\\\/\\\/iwell-guard.com\\\/is\\\/#\\\/schema\\\/logo\\\/image\\\/\"},\"sameAs\":[\"https:\\\/\\\/pantip.com\\\/profile\\\/9367242\",\"https:\\\/\\\/micro.blog\\\/iwellguard\",\"https:\\\/\\\/www.diggerslist.com\\\/iwellguard\\\/about\",\"https:\\\/\\\/skitterphoto.com\\\/photographers\\\/2870314\\\/iwell-guard\",\"https:\\\/\\\/iwellguard.wordpress.com\\\/2026\\\/06\\\/06\\\/iwell-guard\\\/\",\"https:\\\/\\\/hub.docker.com\\\/u\\\/iwellguard\",\"https:\\\/\\\/www.pinterest.com\\\/iwellguard\\\/\",\"https:\\\/\\\/bit.ly\\\/m\\\/iwellguard\",\"https:\\\/\\\/entre-vos-mains.alsace.eu\\\/profiles\\\/iwellguard\\\/activity\",\"https:\\\/\\\/gravatar.com\\\/reallybeded8fd34\",\"https:\\\/\\\/naijamatta.com\\\/iwellguard\",\"https:\\\/\\\/www.goodreads.com\\\/iwellguard\",\"https:\\\/\\\/profile.hatena.ne.jp\\\/iwellguard\\\/\",\"https:\\\/\\\/experiment.com\\\/users\\\/iwellguard\",\"https:\\\/\\\/wakelet.com\\\/@iWellGuard82270\",\"https:\\\/\\\/www.chordie.com\\\/forum\\\/profile.php?id=2555664\",\"https:\\\/\\\/www.instapaper.com\\\/p\\\/17757966\",\"https:\\\/\\\/www.mapleprimes.com\\\/users\\\/iwellguard\",\"https:\\\/\\\/businesslistingplus.com\\\/profile\\\/iwell-guard\\\/\",\"https:\\\/\\\/telegra.ph\\\/iWell-Guard-06-06\",\"https:\\\/\\\/pbase.com\\\/iwellguard\\\/iwellguard\",\"https:\\\/\\\/b.hatena.ne.jp\\\/iwellguard\\\/20260607#bookmark-4788405196491818882\",\"https:\\\/\\\/fliphtml5.com\\\/home\\\/iwellguard\",\"https:\\\/\\\/anyflip.com\\\/homepage\\\/cmiwl#About\",\"https:\\\/\\\/transfur.com\\\/Users\\\/iwellguard\",\"http:\\\/\\\/delphi.larsbo.org\\\/user\\\/iwellguard\",\"https:\\\/\\\/jobs.lajobsportal.org\\\/profiles\\\/8380803-iwell-guard\",\"https:\\\/\\\/md.chaosdorf.de\\\/s\\\/jfbe5SBdJD\",\"https:\\\/\\\/www.lingvolive.com\\\/en-us\\\/profile\\\/9ecaeaca-ce11-4e51-9e71-01d55e2bff36\\\/translations\",\"https:\\\/\\\/www.fitday.com\\\/fitness\\\/forums\\\/members\\\/iwellguard.html\",\"https:\\\/\\\/www.mymeetbook.com\\\/iwellguard\",\"https:\\\/\\\/pxhere.com\\\/en\\\/photographer-me\\\/5040798\",\"https:\\\/\\\/disqus.com\\\/by\\\/iwellguard\\\/about\\\/\",\"https:\\\/\\\/pastelink.net\\\/hjwciqwq\",\"https:\\\/\\\/pubhtml5.com\\\/homepage\\\/scjhn\\\/\",\"https:\\\/\\\/www.bitchute.com\\\/channel\\\/2O2eOKzNqujT\",\"https:\\\/\\\/audiomack.com\\\/iwellguard\"]},{\"@type\":\"Article\",\"@id\":\"https:\\\/\\\/iwell-guard.com\\\/is\\\/aita-etruskur-gud-undirheimanna\\\/#article\",\"isPartOf\":{\"@id\":\"https:\\\/\\\/iwell-guard.com\\\/is\\\/aita-etruskur-gud-undirheimanna\\\/\"},\"author\":{\"name\":\"Ralf Ittermann\",\"@id\":\"https:\\\/\\\/iwell-guard.com\\\/is\\\/#\\\/schema\\\/person\\\/ee2a27f1cac3406c7c6fb5820cb7349f\"},\"headline\":\"Aita &#8211; Etr\u00faskur gu\u00f0 undirheimanna\",\"datePublished\":\"2026-09-05T14:04:21+00:00\",\"dateModified\":\"2026-09-05T14:26:51+00:00\",\"mainEntityOfPage\":{\"@id\":\"https:\\\/\\\/iwell-guard.com\\\/is\\\/aita-etruskur-gud-undirheimanna\\\/\"},\"publisher\":{\"@id\":\"https:\\\/\\\/iwell-guard.com\\\/is\\\/#organization\"},\"image\":{\"@id\":\"https:\\\/\\\/iwell-guard.com\\\/is\\\/aita-etruskur-gud-undirheimanna\\\/#primaryimage\"},\"thumbnailUrl\":\"https:\\\/\\\/iwell-guard.com\\\/wp-content\\\/uploads\\\/2026\\\/05\\\/goetter_etruskisch_aita-1.webp\",\"inLanguage\":\"is\",\"description\":\"Aita er etr\u00faskur gu\u00f0 undirheimanna, hli\u00f0st\u00e6\u00f0a gr\u00edska gu\u00f0sins Hades. Tr\u00faarfr\u00e6\u00f0ileg \u00fattekt me\u00f0 go\u00f0s\u00f6gn, d\u00fdrkun og heimildum.\"}]}<\/script>\n<!-- \/ Yoast SEO Premium plugin. -->","yoast_head_json":{"title":"Aita - Etr\u00faskur gu\u00f0 undirheimanna, go\u00f0s\u00f6gn","description":"Aita er etr\u00faskur gu\u00f0 undirheimanna, hli\u00f0st\u00e6\u00f0a gr\u00edska gu\u00f0sins Hades. Tr\u00faarfr\u00e6\u00f0ileg \u00fattekt me\u00f0 go\u00f0s\u00f6gn, d\u00fdrkun og heimildum.","robots":{"index":"index","follow":"follow","max-snippet":"max-snippet:-1","max-image-preview":"max-image-preview:large","max-video-preview":"max-video-preview:-1"},"canonical":"https:\/\/iwell-guard.com\/is\/aita-etruskur-gud-undirheimanna\/","og_locale":"is_IS","og_type":"article","og_title":"Aita - Etr\u00faskur gu\u00f0 undirheimanna","og_description":"Aita er etr\u00faskur gu\u00f0 undirheimanna, hli\u00f0st\u00e6\u00f0a gr\u00edska gu\u00f0sins Hades. Tr\u00faarfr\u00e6\u00f0ileg \u00fattekt me\u00f0 go\u00f0s\u00f6gn, d\u00fdrkun og heimildum.","og_url":"https:\/\/iwell-guard.com\/is\/aita-etruskur-gud-undirheimanna\/","og_site_name":"iWell Guard","article_modified_time":"2026-09-05T14:26:51+00:00","og_image":[{"width":1024,"height":1536,"url":"https:\/\/iwell-guard.com\/wp-content\/uploads\/2026\/05\/goetter_etruskisch_aita-1.webp","type":"image\/webp"}],"twitter_card":"summary_large_image","schema":{"@context":"https:\/\/schema.org","@graph":[{"@type":"Article","@id":"https:\/\/iwell-guard.com\/is\/aita-etruskur-gud-undirheimanna\/#article","isPartOf":{"@id":"https:\/\/iwell-guard.com\/is\/aita-etruskur-gud-undirheimanna\/"},"author":{"name":"Ralf Ittermann","@id":"https:\/\/iwell-guard.com\/is\/#\/schema\/person\/ee2a27f1cac3406c7c6fb5820cb7349f"},"headline":"Aita &#8211; Etr\u00faskur gu\u00f0 undirheimanna","datePublished":"2026-09-05T14:04:21+00:00","dateModified":"2026-09-05T14:26:51+00:00","mainEntityOfPage":{"@id":"https:\/\/iwell-guard.com\/is\/aita-etruskur-gud-undirheimanna\/"},"publisher":{"@id":"https:\/\/iwell-guard.com\/is\/#organization"},"image":{"@id":"https:\/\/iwell-guard.com\/is\/aita-etruskur-gud-undirheimanna\/#primaryimage"},"thumbnailUrl":"https:\/\/iwell-guard.com\/wp-content\/uploads\/2026\/05\/goetter_etruskisch_aita-1.webp","inLanguage":"is","description":"Aita er etr\u00faskur gu\u00f0 undirheimanna, hli\u00f0st\u00e6\u00f0a gr\u00edska gu\u00f0sins Hades. Tr\u00faarfr\u00e6\u00f0ileg \u00fattekt me\u00f0 go\u00f0s\u00f6gn, d\u00fdrkun og heimildum."},{"@type":"WebPage","@id":"https:\/\/iwell-guard.com\/is\/aita-etruskur-gud-undirheimanna\/","url":"https:\/\/iwell-guard.com\/is\/aita-etruskur-gud-undirheimanna\/","name":"Aita - Etr\u00faskur gu\u00f0 undirheimanna, go\u00f0s\u00f6gn","isPartOf":{"@id":"https:\/\/iwell-guard.com\/is\/#website"},"primaryImageOfPage":{"@id":"https:\/\/iwell-guard.com\/is\/aita-etruskur-gud-undirheimanna\/#primaryimage"},"image":{"@id":"https:\/\/iwell-guard.com\/is\/aita-etruskur-gud-undirheimanna\/#primaryimage"},"thumbnailUrl":"https:\/\/iwell-guard.com\/wp-content\/uploads\/2026\/05\/goetter_etruskisch_aita-1.webp","datePublished":"2026-09-05T14:04:21+00:00","dateModified":"2026-09-05T14:26:51+00:00","description":"Aita er etr\u00faskur gu\u00f0 undirheimanna, hli\u00f0st\u00e6\u00f0a gr\u00edska gu\u00f0sins Hades. Tr\u00faarfr\u00e6\u00f0ileg \u00fattekt me\u00f0 go\u00f0s\u00f6gn, d\u00fdrkun og heimildum.","breadcrumb":{"@id":"https:\/\/iwell-guard.com\/is\/aita-etruskur-gud-undirheimanna\/#breadcrumb"},"inLanguage":"is","potentialAction":[{"@type":"ReadAction","target":["https:\/\/iwell-guard.com\/is\/aita-etruskur-gud-undirheimanna\/"]}]},{"@type":"ImageObject","inLanguage":"is","@id":"https:\/\/iwell-guard.com\/is\/aita-etruskur-gud-undirheimanna\/#primaryimage","url":"https:\/\/iwell-guard.com\/wp-content\/uploads\/2026\/05\/goetter_etruskisch_aita-1.webp","contentUrl":"https:\/\/iwell-guard.com\/wp-content\/uploads\/2026\/05\/goetter_etruskisch_aita-1.webp","width":1024,"height":1536,"caption":"Gu\u00f0ir \u00far etr\u00faskri hef\u00f0."},{"@type":"BreadcrumbList","@id":"https:\/\/iwell-guard.com\/is\/aita-etruskur-gud-undirheimanna\/#breadcrumb","itemListElement":[{"@type":"ListItem","position":1,"name":"Start","item":"https:\/\/iwell-guard.com\/is\/?page_id=168580"},{"@type":"ListItem","position":2,"name":"Aita &#8211; Etr\u00faskur gu\u00f0 undirheimanna"}]},{"@type":"WebSite","@id":"https:\/\/iwell-guard.com\/is\/#website","url":"https:\/\/iwell-guard.com\/is\/","name":"iWell Guard","description":"Schutz vor dunklen Einfl\u00fcssen","publisher":{"@id":"https:\/\/iwell-guard.com\/is\/#organization"},"potentialAction":[{"@type":"SearchAction","target":{"@type":"EntryPoint","urlTemplate":"https:\/\/iwell-guard.com\/is\/?s={search_term_string}"},"query-input":{"@type":"PropertyValueSpecification","valueRequired":true,"valueName":"search_term_string"}}],"inLanguage":"is"},{"@type":"Organization","@id":"https:\/\/iwell-guard.com\/is\/#organization","name":"Ittermann electronic GmbH","url":"https:\/\/iwell-guard.com\/is\/","logo":{"@type":"ImageObject","inLanguage":"is","@id":"https:\/\/iwell-guard.com\/is\/#\/schema\/logo\/image\/","url":"https:\/\/iwell-guard.com\/wp-content\/uploads\/2026\/05\/Ittermann-Logo-1182x237-1.png","contentUrl":"https:\/\/iwell-guard.com\/wp-content\/uploads\/2026\/05\/Ittermann-Logo-1182x237-1.png","width":1182,"height":237,"caption":"Ittermann electronic GmbH"},"image":{"@id":"https:\/\/iwell-guard.com\/is\/#\/schema\/logo\/image\/"},"sameAs":["https:\/\/pantip.com\/profile\/9367242","https:\/\/micro.blog\/iwellguard","https:\/\/www.diggerslist.com\/iwellguard\/about","https:\/\/skitterphoto.com\/photographers\/2870314\/iwell-guard","https:\/\/iwellguard.wordpress.com\/2026\/06\/06\/iwell-guard\/","https:\/\/hub.docker.com\/u\/iwellguard","https:\/\/www.pinterest.com\/iwellguard\/","https:\/\/bit.ly\/m\/iwellguard","https:\/\/entre-vos-mains.alsace.eu\/profiles\/iwellguard\/activity","https:\/\/gravatar.com\/reallybeded8fd34","https:\/\/naijamatta.com\/iwellguard","https:\/\/www.goodreads.com\/iwellguard","https:\/\/profile.hatena.ne.jp\/iwellguard\/","https:\/\/experiment.com\/users\/iwellguard","https:\/\/wakelet.com\/@iWellGuard82270","https:\/\/www.chordie.com\/forum\/profile.php?id=2555664","https:\/\/www.instapaper.com\/p\/17757966","https:\/\/www.mapleprimes.com\/users\/iwellguard","https:\/\/businesslistingplus.com\/profile\/iwell-guard\/","https:\/\/telegra.ph\/iWell-Guard-06-06","https:\/\/pbase.com\/iwellguard\/iwellguard","https:\/\/b.hatena.ne.jp\/iwellguard\/20260607#bookmark-4788405196491818882","https:\/\/fliphtml5.com\/home\/iwellguard","https:\/\/anyflip.com\/homepage\/cmiwl#About","https:\/\/transfur.com\/Users\/iwellguard","http:\/\/delphi.larsbo.org\/user\/iwellguard","https:\/\/jobs.lajobsportal.org\/profiles\/8380803-iwell-guard","https:\/\/md.chaosdorf.de\/s\/jfbe5SBdJD","https:\/\/www.lingvolive.com\/en-us\/profile\/9ecaeaca-ce11-4e51-9e71-01d55e2bff36\/translations","https:\/\/www.fitday.com\/fitness\/forums\/members\/iwellguard.html","https:\/\/www.mymeetbook.com\/iwellguard","https:\/\/pxhere.com\/en\/photographer-me\/5040798","https:\/\/disqus.com\/by\/iwellguard\/about\/","https:\/\/pastelink.net\/hjwciqwq","https:\/\/pubhtml5.com\/homepage\/scjhn\/","https:\/\/www.bitchute.com\/channel\/2O2eOKzNqujT","https:\/\/audiomack.com\/iwellguard"]},{"@type":"Person","@id":"https:\/\/iwell-guard.com\/is\/#\/schema\/person\/ee2a27f1cac3406c7c6fb5820cb7349f","name":"Ralf Ittermann","image":{"@type":"ImageObject","inLanguage":"is","@id":"https:\/\/secure.gravatar.com\/avatar\/073c0153e350a5005b68eb752b445fea71f6b24a26da9449ad7e155e6b446c9d?s=96&d=mm&r=g","url":"https:\/\/secure.gravatar.com\/avatar\/073c0153e350a5005b68eb752b445fea71f6b24a26da9449ad7e155e6b446c9d?s=96&d=mm&r=g","contentUrl":"https:\/\/secure.gravatar.com\/avatar\/073c0153e350a5005b68eb752b445fea71f6b24a26da9449ad7e155e6b446c9d?s=96&d=mm&r=g","caption":"Ralf Ittermann"},"givenName":"Ralf","familyName":"Ittermann","jobTitle":"Gesch\u00e4ftsf\u00fchrer und redaktioneller Verantwortlicher","url":"https:\/\/iwell-guard.com\/is\/author\/claude\/","description":"Ralf Ittermann ist Gesch\u00e4ftsf\u00fchrer der Ittermann electronic GmbH und redaktioneller Verantwortlicher des iWell-Guard-Lexikons. Er verbindet langj\u00e4hrige Erfahrung in der Pr\u00e4zisionsfertigung mit medialer Praxis und religionsgeschichtlicher Quellenarbeit.","worksFor":{"@type":"Organization","name":"Ittermann electronic GmbH","url":"https:\/\/ittermann.de\/","address":{"@type":"PostalAddress","streetAddress":"K\u00f6hlergasse 16-18","postalCode":"99842","addressLocality":"Ruhla","addressCountry":"DE"}},"knowsAbout":["Religionsgeschichte","Mythologie","Mediale Praxis","Energetische Diagnostik","Schutzpraxis","Volksglauben","Westliche Esoterik"]},{"@type":"Article","@id":"https:\/\/iwell-guard.com\/is\/aita-etruskur-gud-undirheimanna\/#article","isPartOf":{"@id":"https:\/\/iwell-guard.com\/is\/aita-etruskur-gud-undirheimanna\/"},"author":{"name":"Ralf Ittermann","@id":"https:\/\/iwell-guard.com\/is\/#\/schema\/person\/ee2a27f1cac3406c7c6fb5820cb7349f"},"headline":"Aita &#8211; Etr\u00faskur gu\u00f0 undirheimanna","datePublished":"2026-09-05T14:04:21+00:00","dateModified":"2026-09-05T14:26:51+00:00","mainEntityOfPage":{"@id":"https:\/\/iwell-guard.com\/is\/aita-etruskur-gud-undirheimanna\/"},"publisher":{"@id":"https:\/\/iwell-guard.com\/is\/#organization"},"image":{"@id":"https:\/\/iwell-guard.com\/is\/aita-etruskur-gud-undirheimanna\/#primaryimage"},"thumbnailUrl":"https:\/\/iwell-guard.com\/wp-content\/uploads\/2026\/05\/goetter_etruskisch_aita-1.webp","inLanguage":"is","description":"Aita er etr\u00faskur gu\u00f0 undirheimanna, hli\u00f0st\u00e6\u00f0a gr\u00edska gu\u00f0sins Hades. Tr\u00faarfr\u00e6\u00f0ileg \u00fattekt me\u00f0 go\u00f0s\u00f6gn, d\u00fdrkun og heimildum."}]}},"_links":{"self":[{"href":"https:\/\/iwell-guard.com\/is\/wp-json\/wp\/v2\/pages\/168956","targetHints":{"allow":["GET"]}}],"collection":[{"href":"https:\/\/iwell-guard.com\/is\/wp-json\/wp\/v2\/pages"}],"about":[{"href":"https:\/\/iwell-guard.com\/is\/wp-json\/wp\/v2\/types\/page"}],"author":[{"embeddable":true,"href":"https:\/\/iwell-guard.com\/is\/wp-json\/wp\/v2\/users\/3"}],"replies":[{"embeddable":true,"href":"https:\/\/iwell-guard.com\/is\/wp-json\/wp\/v2\/comments?post=168956"}],"version-history":[{"count":0,"href":"https:\/\/iwell-guard.com\/is\/wp-json\/wp\/v2\/pages\/168956\/revisions"}],"wp:featuredmedia":[{"embeddable":true,"href":"https:\/\/iwell-guard.com\/is\/wp-json\/wp\/v2\/media\/2816"}],"wp:attachment":[{"href":"https:\/\/iwell-guard.com\/is\/wp-json\/wp\/v2\/media?parent=168956"}],"wp:term":[{"taxonomy":"category","embeddable":true,"href":"https:\/\/iwell-guard.com\/is\/wp-json\/wp\/v2\/categories?post=168956"}],"curies":[{"name":"wp","href":"https:\/\/api.w.org\/{rel}","templated":true}]}}